{"id":9654,"date":"2024-10-09T12:55:33","date_gmt":"2024-10-09T12:55:33","guid":{"rendered":"https:\/\/moverdb.com\/?page_id=9654"},"modified":"2026-01-08T15:06:56","modified_gmt":"2026-01-08T15:06:56","slug":"living-in-luxembourg","status":"publish","type":"page","link":"https:\/\/moverdb.com\/tr\/moving-to-luxembourg\/living-in-luxembourg\/","title":{"rendered":"L\u00fcksemburg'da Ya\u015famaya Dair Ta\u015f\u0131nmadan \u00d6nce Bilinmesi Gereken 21 S\u0131r"},"content":{"rendered":"<p><img loading=\"lazy\" decoding=\"async\" src=\"https:\/\/moverdb.com\/wp-content\/uploads\/shutterstock_2473458737.jpg\" alt=\"\" width=\"1000\" height=\"666\" class=\"aligncenter size-full wp-image-18376\" srcset=\"https:\/\/moverdb.com\/wp-content\/uploads\/shutterstock_2473458737.jpg 1000w, https:\/\/moverdb.com\/wp-content\/uploads\/shutterstock_2473458737-300x200.jpg 300w, https:\/\/moverdb.com\/wp-content\/uploads\/shutterstock_2473458737-18x12.jpg 18w\" sizes=\"auto, (max-width: 1000px) 100vw, 1000px\" \/><\/p>\n<p>Bu <a href=\"https:\/\/moverdb.com\/tr\/moving-to-luxembourg\/\" data-internallinksmanager029f6b8e52c=\"349\" title=\"L\u00fcksemburg&#039;a m\u0131 Ta\u015f\u0131n\u0131yorsunuz? 2026 Ya\u015fam Maliyetleri &amp; Yer De\u011fi\u015ftirme \u0130pu\u00e7lar\u0131\">L\u00fcksemburg<\/a> Ya\u015fam tarz\u0131 \u00e7ok g\u00fczel ve giderek daha fazla insan oraya ta\u015f\u0131n\u0131yor. Bu \u00fclkenin ya\u015fam standard\u0131, k\u00fclt\u00fcr\u00fc, tarihi ve g\u00fczelli\u011fi ile kim orada ya\u015famak istemez ki? L\u00fcksemburg'da ya\u015famak bir zevktir, ancak ta\u015f\u0131nmadan \u00f6nce bilmeniz ve g\u00f6z \u00f6n\u00fcnde bulundurman\u0131z gereken birka\u00e7 \u015fey vard\u0131r:<\/p>\n<div id=\"ez-toc-container\" class=\"ez-toc-v2_0_82_2 ez-toc-wrap-left counter-hierarchy ez-toc-counter ez-toc-transparent ez-toc-container-direction\">\n<div class=\"ez-toc-title-container\">\n<p class=\"ez-toc-title\" style=\"cursor:inherit\">B\u00f6l\u00fcmler<\/p>\n<span class=\"ez-toc-title-toggle\"><a href=\"#\" class=\"ez-toc-pull-right ez-toc-btn ez-toc-btn-xs ez-toc-btn-default ez-toc-toggle\" aria-label=\"\u0130\u00e7indekiler Tablosunu A\u00e7\/Kapat\"><span class=\"ez-toc-js-icon-con\"><span class=\"\"><span class=\"eztoc-hide\" style=\"display:none;\">Ge\u00e7i\u015f<\/span><span class=\"ez-toc-icon-toggle-span\"><svg style=\"fill: #999;color:#999\" xmlns=\"http:\/\/www.w3.org\/2000\/svg\" class=\"list-377408\" width=\"20px\" height=\"20px\" viewbox=\"0 0 24 24\" fill=\"none\"><path d=\"M6 6H4v2h2V6zm14 0H8v2h12V6zM4 11h2v2H4v-2zm16 0H8v2h12v-2zM4 16h2v2H4v-2zm16 0H8v2h12v-2z\" fill=\"currentColor\"><\/path><\/svg><svg style=\"fill: #999;color:#999\" class=\"arrow-unsorted-368013\" xmlns=\"http:\/\/www.w3.org\/2000\/svg\" width=\"10px\" height=\"10px\" viewbox=\"0 0 24 24\" version=\"1.2\" baseprofile=\"tiny\"><path d=\"M18.2 9.3l-6.2-6.3-6.2 6.3c-.2.2-.3.4-.3.7s.1.5.3.7c.2.2.4.3.7.3h11c.3 0 .5-.1.7-.3.2-.2.3-.5.3-.7s-.1-.5-.3-.7zM5.8 14.7l6.2 6.3 6.2-6.3c.2-.2.3-.5.3-.7s-.1-.5-.3-.7c-.2-.2-.4-.3-.7-.3h-11c-.3 0-.5.1-.7.3-.2.2-.3.5-.3.7s.1.5.3.7z\"\/><\/svg><\/span><\/span><\/span><\/a><\/span><\/div>\n<nav><ul class='ez-toc-list ez-toc-list-level-1 eztoc-toggle-hide-by-default' ><li class='ez-toc-page-1 ez-toc-heading-level-2'><a class=\"ez-toc-link ez-toc-heading-1\" href=\"https:\/\/moverdb.com\/tr\/moving-to-luxembourg\/living-in-luxembourg\/#1_They_have_three_official_languages\" >1. \u00dc\u00e7 resmi dilleri vard\u0131r<\/a><\/li><li class='ez-toc-page-1 ez-toc-heading-level-2'><a class=\"ez-toc-link ez-toc-heading-2\" href=\"https:\/\/moverdb.com\/tr\/moving-to-luxembourg\/living-in-luxembourg\/#2_The_cost_of_living_is_relatively_high\" >2. Ya\u015fam maliyeti nispeten y\u00fcksektir<\/a><\/li><li class='ez-toc-page-1 ez-toc-heading-level-2'><a class=\"ez-toc-link ez-toc-heading-3\" href=\"https:\/\/moverdb.com\/tr\/moving-to-luxembourg\/living-in-luxembourg\/#3_Getting_around_Luxembourg\" >3. L\u00fcksemburg'da dola\u015fmak<\/a><\/li><li class='ez-toc-page-1 ez-toc-heading-level-2'><a class=\"ez-toc-link ez-toc-heading-4\" href=\"https:\/\/moverdb.com\/tr\/moving-to-luxembourg\/living-in-luxembourg\/#4_Theres_plenty_to_do_over_there\" >4. Orada yapacak \u00e7ok \u015fey var<\/a><\/li><li class='ez-toc-page-1 ez-toc-heading-level-2'><a class=\"ez-toc-link ez-toc-heading-5\" href=\"https:\/\/moverdb.com\/tr\/moving-to-luxembourg\/living-in-luxembourg\/#5_Crime_rates_are_low\" >5. Su\u00e7 oranlar\u0131 d\u00fc\u015f\u00fckt\u00fcr<\/a><\/li><li class='ez-toc-page-1 ez-toc-heading-level-2'><a class=\"ez-toc-link ez-toc-heading-6\" href=\"https:\/\/moverdb.com\/tr\/moving-to-luxembourg\/living-in-luxembourg\/#6_Their_healthcare_system_is_excellent\" >6. Sa\u011fl\u0131k sistemleri m\u00fckemmel<\/a><\/li><li class='ez-toc-page-1 ez-toc-heading-level-2'><a class=\"ez-toc-link ez-toc-heading-7\" href=\"https:\/\/moverdb.com\/tr\/moving-to-luxembourg\/living-in-luxembourg\/#7_This_is_the_second_richest_country_in_the_world\" >7. Buras\u0131 d\u00fcnyan\u0131n en zengin ikinci \u00fclkesi<\/a><\/li><li class='ez-toc-page-1 ez-toc-heading-level-2'><a class=\"ez-toc-link ez-toc-heading-8\" href=\"https:\/\/moverdb.com\/tr\/moving-to-luxembourg\/living-in-luxembourg\/#8_The_cuisine_is_a_blend_of_French_and_German\" >8. Mutfak Frans\u0131z ve Alman mutfa\u011f\u0131n\u0131n bir kar\u0131\u015f\u0131m\u0131d\u0131r.<\/a><\/li><li class='ez-toc-page-1 ez-toc-heading-level-2'><a class=\"ez-toc-link ez-toc-heading-9\" href=\"https:\/\/moverdb.com\/tr\/moving-to-luxembourg\/living-in-luxembourg\/#9_One_of_the_best_education_systems_in_the_world\" >9. D\u00fcnyan\u0131n en iyi e\u011fitim sistemlerinden biri<\/a><\/li><li class='ez-toc-page-1 ez-toc-heading-level-2'><a class=\"ez-toc-link ez-toc-heading-10\" href=\"https:\/\/moverdb.com\/tr\/moving-to-luxembourg\/living-in-luxembourg\/#10_Visas_and_permits\" >10. Vizeler ve izinler<\/a><\/li><li class='ez-toc-page-1 ez-toc-heading-level-2'><a class=\"ez-toc-link ez-toc-heading-11\" href=\"https:\/\/moverdb.com\/tr\/moving-to-luxembourg\/living-in-luxembourg\/#11_Almost_half_of_the_population_are_immigrants\" >11. N\u00fcfusun neredeyse yar\u0131s\u0131 g\u00f6\u00e7menlerden olu\u015fuyor<\/a><\/li><li class='ez-toc-page-1 ez-toc-heading-level-2'><a class=\"ez-toc-link ez-toc-heading-12\" href=\"https:\/\/moverdb.com\/tr\/moving-to-luxembourg\/living-in-luxembourg\/#12_Diverse_culture_and_beautiful_landscapes\" >12. \u00c7e\u015fitli k\u00fclt\u00fcr ve g\u00fczel manzaralar<\/a><\/li><li class='ez-toc-page-1 ez-toc-heading-level-2'><a class=\"ez-toc-link ez-toc-heading-13\" href=\"https:\/\/moverdb.com\/tr\/moving-to-luxembourg\/living-in-luxembourg\/#13_Taxes_in_Luxembourg\" >13. L\u00fcksemburg'da Vergiler<\/a><\/li><li class='ez-toc-page-1 ez-toc-heading-level-2'><a class=\"ez-toc-link ez-toc-heading-14\" href=\"https:\/\/moverdb.com\/tr\/moving-to-luxembourg\/living-in-luxembourg\/#14_Work-life_balance\" >14. \u0130\u015f-ya\u015fam dengesi<\/a><\/li><li class='ez-toc-page-1 ez-toc-heading-level-2'><a class=\"ez-toc-link ez-toc-heading-15\" href=\"https:\/\/moverdb.com\/tr\/moving-to-luxembourg\/living-in-luxembourg\/#15_They_produce_award-winning_wines\" >15. \u00d6d\u00fcll\u00fc \u015faraplar \u00fcretiyorlar<\/a><\/li><li class='ez-toc-page-1 ez-toc-heading-level-2'><a class=\"ez-toc-link ez-toc-heading-16\" href=\"https:\/\/moverdb.com\/tr\/moving-to-luxembourg\/living-in-luxembourg\/#16_They_won_Eurovision_five_times\" >16. Eurovision'u be\u015f kez kazand\u0131lar<\/a><\/li><li class='ez-toc-page-1 ez-toc-heading-level-2'><a class=\"ez-toc-link ez-toc-heading-17\" href=\"https:\/\/moverdb.com\/tr\/moving-to-luxembourg\/living-in-luxembourg\/#17_Castles_castles%E2%80%A6and_more_castles\" >17. Kaleler, kaleler... ve daha fazla kale<\/a><\/li><li class='ez-toc-page-1 ez-toc-heading-level-2'><a class=\"ez-toc-link ez-toc-heading-18\" href=\"https:\/\/moverdb.com\/tr\/moving-to-luxembourg\/living-in-luxembourg\/#18_The_quality_of_life_is_very_high\" >18. Ya\u015fam kalitesi \u00e7ok y\u00fcksek<\/a><\/li><li class='ez-toc-page-1 ez-toc-heading-level-2'><a class=\"ez-toc-link ez-toc-heading-19\" href=\"https:\/\/moverdb.com\/tr\/moving-to-luxembourg\/living-in-luxembourg\/#19_The_country_is_home_to_wild_boars\" >19. \u00dclke yaban domuzlar\u0131na ev sahipli\u011fi yapmaktad\u0131r<\/a><\/li><li class='ez-toc-page-1 ez-toc-heading-level-2'><a class=\"ez-toc-link ez-toc-heading-20\" href=\"https:\/\/moverdb.com\/tr\/moving-to-luxembourg\/living-in-luxembourg\/#20_Pretzel_Sunday\" >20. Pretzel Pazar<\/a><\/li><li class='ez-toc-page-1 ez-toc-heading-level-2'><a class=\"ez-toc-link ez-toc-heading-21\" href=\"https:\/\/moverdb.com\/tr\/moving-to-luxembourg\/living-in-luxembourg\/#21_The_minimum_legal_drinking_age_is_16_years\" >21. Minimum yasal i\u00e7ki i\u00e7me ya\u015f\u0131 16'd\u0131r<\/a><\/li><li class='ez-toc-page-1 ez-toc-heading-level-2'><a class=\"ez-toc-link ez-toc-heading-22\" href=\"https:\/\/moverdb.com\/tr\/moving-to-luxembourg\/living-in-luxembourg\/#FAQs\" >SSS<\/a><ul class='ez-toc-list-level-3' ><li class='ez-toc-heading-level-3'><a class=\"ez-toc-link ez-toc-heading-23\" href=\"https:\/\/moverdb.com\/tr\/moving-to-luxembourg\/living-in-luxembourg\/#Is_Luxembourg_landlocked\" >L\u00fcksemburg'un denize k\u0131y\u0131s\u0131 yok mu?<\/a><\/li><li class='ez-toc-page-1 ez-toc-heading-level-3'><a class=\"ez-toc-link ez-toc-heading-24\" href=\"https:\/\/moverdb.com\/tr\/moving-to-luxembourg\/living-in-luxembourg\/#What_is_the_average_salary_in_Luxembourg\" >L\u00fcksemburg'da ortalama maa\u015f ne kadard\u0131r?<\/a><\/li><li class='ez-toc-page-1 ez-toc-heading-level-3'><a class=\"ez-toc-link ez-toc-heading-25\" href=\"https:\/\/moverdb.com\/tr\/moving-to-luxembourg\/living-in-luxembourg\/#Are_Luxembourgers_friendly\" >L\u00fcksemburglular arkada\u015f canl\u0131s\u0131 m\u0131d\u0131r?<\/a><\/li><li class='ez-toc-page-1 ez-toc-heading-level-3'><a class=\"ez-toc-link ez-toc-heading-26\" href=\"https:\/\/moverdb.com\/tr\/moving-to-luxembourg\/living-in-luxembourg\/#What_type_of_government_is_used_in_Luxembourg\" >L\u00fcksemburg'da ne t\u00fcr bir y\u00f6netim uygulanmaktad\u0131r?<\/a><\/li><\/ul><\/li><li class='ez-toc-page-1 ez-toc-heading-level-2'><a class=\"ez-toc-link ez-toc-heading-27\" href=\"https:\/\/moverdb.com\/tr\/moving-to-luxembourg\/living-in-luxembourg\/#Final_Thoughts\" >Son D\u00fc\u015f\u00fcnceler<\/a><\/li><li class='ez-toc-page-1 ez-toc-heading-level-2'><a class=\"ez-toc-link ez-toc-heading-28\" href=\"https:\/\/moverdb.com\/tr\/moving-to-luxembourg\/living-in-luxembourg\/#Other_Useful_Guides_to_Luxembourg\" >L\u00fcksemburg i\u00e7in Di\u011fer Faydal\u0131 K\u0131lavuzlar<\/a><\/li><\/ul><\/nav><\/div>\n<h2><span class=\"ez-toc-section\" id=\"1_They_have_three_official_languages\"><\/span>1. <span data-color=\"rgb(255, 254, 255)\">\u00dc\u00e7 resmi dilleri vard\u0131r<\/span><span class=\"ez-toc-section-end\"><\/span><\/h2>\n<p>\u00dclke ba\u015flang\u0131\u00e7ta Alman ve Frans\u0131z egemenli\u011fi alt\u0131ndayd\u0131, bu y\u00fczden Almanca ve Frans\u0131zca konu\u015fuyorlard\u0131. 1984 y\u0131l\u0131nda ise L\u00fcksemburgca ulusal dilleri haline gelmi\u015ftir. Ara\u015ft\u0131rmalar, n\u00fcfusun yakla\u015f\u0131k 70%'sinin L\u00fcksemburgca konu\u015ftu\u011funu ve bir\u00e7o\u011funun di\u011fer iki resmi dili konu\u015ftu\u011funu g\u00f6stermektedir: Frans\u0131zca ve Almanca.<\/p>\n<h2><span class=\"ez-toc-section\" id=\"2_The_cost_of_living_is_relatively_high\"><\/span>2. Ya\u015fam maliyeti nispeten y\u00fcksektir<span class=\"ez-toc-section-end\"><\/span><\/h2>\n<p>B\u00fcy\u00fck D\u00fckal\u0131k L\u00fcksemburg'da ya\u015fam maliyeti nispeten y\u00fcksektir. Sonu\u00e7 olarak, bir\u00e7ok yerel halk y\u00fcksek fiyatlar nedeniyle l\u00fcks e\u015fyalar ve ekipmanlar i\u00e7in s\u0131n\u0131r \u00fclkelerine seyahat etmektedir.<\/p>\n<p>L\u00fcksemburg'da konutlar da olduk\u00e7a pahal\u0131d\u0131r. G\u00fcneyde ve do\u011fuda daha uygun fiyatl\u0131 olmas\u0131na ra\u011fmen, ortalama kira fiyat\u0131 y\u00fcksek oldu\u011fu i\u00e7in orada uzun s\u00fcre kalmay\u0131 d\u00fc\u015f\u00fcn\u00fcyorsan\u0131z m\u00fclk sat\u0131n almak \u00e7ok daha iyidir.<\/p>\n<p>Elektrik fiyat\u0131 Avrupa'n\u0131n di\u011fer b\u00f6lgelerine g\u00f6re daha y\u00fcksektir ve al\u0131\u015fveri\u015f yapt\u0131\u011f\u0131n\u0131z yere ba\u011fl\u0131 olarak bakkaliye \u00fcr\u00fcnleri daha pahal\u0131d\u0131r. Ancak, asgari \u00fccret nispeten y\u00fcksektir; bu da ya\u015fam maliyetini telafi eder.<\/p>\n<h2><span class=\"ez-toc-section\" id=\"3_Getting_around_Luxembourg\"><\/span>3. L\u00fcksemburg'da dola\u015fmak<span class=\"ez-toc-section-end\"><\/span><\/h2>\n<p>L\u00fcksemburg 2020 y\u0131l\u0131nda, trenle birinci s\u0131n\u0131f seyahat etmedik\u00e7e veya s\u0131n\u0131r\u0131 ge\u00e7medik\u00e7e t\u00fcm toplu ta\u015f\u0131ma ara\u00e7lar\u0131n\u0131 \u00fccretsiz yapan ilk \u00fclke olmu\u015ftur. Otob\u00fcsle seyahat etmek en yayg\u0131n olan\u0131d\u0131r ve \u00e7o\u011fu k\u00f6y ve kasabada servislerinin yan\u0131 s\u0131ra birden fazla g\u00fczergah\u0131 olan d\u00fczenli bir tren servisi ve bir tramvay vard\u0131r.<\/p>\n<p>Aralar\u0131ndan se\u00e7im yapabilece\u011finiz birka\u00e7 farkl\u0131 taksi hizmeti vard\u0131r. Vel'oh harika bir se\u00e7imdir; bunlar bir g\u00fcnl\u00fc\u011f\u00fcne kiralanabilen ve hepsi elektrikli yard\u0131mla tam donan\u0131ml\u0131 bisikletlerdir. Y\u0131ll\u0131k abonelikler de mevcuttur.<\/p>\n<p>Birka\u00e7 ki\u015fi \u015fehre arabayla geliyor ve araba payla\u015f\u0131m\u0131 b\u00fcy\u00fck \u00f6nem ta\u015f\u0131yor. Neyse ki, aralar\u0131ndan se\u00e7im yapabilece\u011finiz \u00e7ok say\u0131da ula\u015f\u0131m y\u00f6ntemi var!<\/p>\n<h2><span class=\"ez-toc-section\" id=\"4_Theres_plenty_to_do_over_there\"><\/span>4. Orada yapacak \u00e7ok \u015fey var<span class=\"ez-toc-section-end\"><\/span><\/h2>\n<p><img loading=\"lazy\" decoding=\"async\" src=\"https:\/\/moverdb.com\/wp-content\/uploads\/shutterstock_2160346821.jpg\" alt=\"\" width=\"1000\" height=\"666\" class=\"aligncenter size-full wp-image-18377\" srcset=\"https:\/\/moverdb.com\/wp-content\/uploads\/shutterstock_2160346821.jpg 1000w, https:\/\/moverdb.com\/wp-content\/uploads\/shutterstock_2160346821-300x200.jpg 300w, https:\/\/moverdb.com\/wp-content\/uploads\/shutterstock_2160346821-18x12.jpg 18w\" sizes=\"auto, (max-width: 1000px) 100vw, 1000px\" \/><\/p>\n<p>L\u00fcksemburg \u015eehri ve \u00f6tesinde sunabilece\u011finiz \u00e7ok \u015fey var. Hafta sonlar\u0131n\u0131z\u0131 galerileri, m\u00fczeleri, kafeleri ve barlar\u0131 ziyaret ederek ve harika bira, \u015farap ve yemeklerin tad\u0131na bakarak ge\u00e7irebilirsiniz.<\/p>\n<p>Yedi kale vadisi mutlaka g\u00f6r\u00fclmesi gereken bir yerdir. Ayr\u0131ca \u00e7e\u015fitli m\u00fczeler, Notre Dame Katedrali, \u015eehir Kasalar\u0131, Berdorf'u veya farkl\u0131 kasaba ve k\u00f6yleri ke\u015ffedebilirsiniz. K\u00fclt\u00fcr, e\u011flence ve tarihten a\u00e7\u0131k havada olmaya kadar herkes i\u00e7in bir \u015feyler var.<\/p>\n<h2><span class=\"ez-toc-section\" id=\"5_Crime_rates_are_low\"><\/span>5. Su\u00e7 oranlar\u0131 d\u00fc\u015f\u00fckt\u00fcr<span class=\"ez-toc-section-end\"><\/span><\/h2>\n<p>L\u00fcksemburg'da en yayg\u0131n su\u00e7 t\u00fcrleri h\u0131rs\u0131zl\u0131k ve gaspt\u0131r. Bunlar\u0131n hepsi genellikle \u015fiddet i\u00e7ermemektedir. Ancak, \u00f6zellikle tren istasyonlar\u0131nda yankesicilere kar\u015f\u0131 dikkatli olunmal\u0131d\u0131r. Daha \u00f6nemli su\u00e7 oranlar\u0131 y\u0131llar boyunca nispeten d\u00fc\u015f\u00fck kalm\u0131\u015ft\u0131r. D\u00fcnyan\u0131n her yerinde oldu\u011fu gibi burada da uyan\u0131k olmakta fayda vard\u0131r.<\/p>\n<p>Di\u011fer Avrupa \u00fclkeleriyle kar\u015f\u0131la\u015ft\u0131r\u0131ld\u0131\u011f\u0131nda L\u00fcksemburg en g\u00fcvenli \u00fclkelerden biridir.<\/p>\n<h2><span class=\"ez-toc-section\" id=\"6_Their_healthcare_system_is_excellent\"><\/span>6. Sa\u011fl\u0131k sistemleri m\u00fckemmel<span class=\"ez-toc-section-end\"><\/span><\/h2>\n<p>L\u00fcksemburg'un sa\u011fl\u0131k hizmetleri en iyilerden biridir; devlet taraf\u0131ndan finanse edilir ve her vatanda\u015fa temel t\u0131bbi g\u00fcvence sa\u011flayan \u00e7ok y\u00fcksek bir standarda sahiptir. Hastanelerini, doktorlar\u0131n\u0131 ve uzmanlar\u0131n\u0131 se\u00e7ebilirler.<\/p>\n<p>Vatanda\u015flar sosyal g\u00fcvenlik sistemine \u00f6deme yaparak sa\u011fl\u0131k sigortas\u0131na katk\u0131da bulunurlar; \u00e7o\u011fu test, re\u00e7ete, tedavi ve hastane yat\u0131\u015flar\u0131 kar\u015f\u0131lan\u0131r. Katk\u0131da bulunamayanlar devlet taraf\u0131ndan kar\u015f\u0131lanan temel t\u0131bbi tedaviyi al\u0131rlar. E\u011fer Avrupa Birli\u011fi \u00fcyesi de\u011filseniz, \u00f6zel sa\u011fl\u0131k sigortas\u0131 sat\u0131n alman\u0131z gerekecektir.<\/p>\n<p>Kamu sa\u011fl\u0131k sigortas\u0131 t\u0131bbi masraflar\u0131n yakla\u015f\u0131k 80-90%'sini kar\u015f\u0131lamaktad\u0131r. Bir g\u00f6\u00e7men olarak sa\u011fl\u0131k sigortas\u0131na kaydolmak basittir. Kay\u0131t olman\u0131z gereken yer <a href=\"https:\/\/www.expatica.com\/lu\/living\/gov-law-admin\/social-security-in-luxembourg-103751\/\" target=\"_blank\" rel=\"noopener noreferrer\">CCSS<\/a>ve genel dok\u00fcmantasyon sa\u011flay\u0131n.<\/p>\n<h2><span class=\"ez-toc-section\" id=\"7_This_is_the_second_richest_country_in_the_world\"><\/span>7. Buras\u0131 d\u00fcnyan\u0131n en zengin ikinci \u00fclkesi<span class=\"ez-toc-section-end\"><\/span><\/h2>\n<p>L\u00fcksemburg'da zenginlik \u00e7ok istikrarl\u0131, i\u015fsizlik oranlar\u0131 d\u00fc\u015f\u00fck ve gelir oranlar\u0131 y\u00fcksek. D\u00fcnya Ekonomik Forumu, denize k\u0131y\u0131s\u0131 olmayan bu kadar k\u00fc\u00e7\u00fck bir \u00fclkede \u00e7al\u0131\u015fan ve kom\u015fu \u00fclkelerde ya\u015fayan \u00e7ok say\u0131da insan nedeniyle GSY\u0130H'lerinin bu kadar y\u00fcksek oldu\u011funu \u00f6ne s\u00fcr\u00fcyor.<\/p>\n<p>L\u00fcksemburg'un altyap\u0131s\u0131 \u00e7ok geli\u015fmi\u015ftir ve i\u015fg\u00fcc\u00fc piyasas\u0131n\u0131n y\u00fcksek de\u011ferleri pek \u00e7ok yat\u0131r\u0131mc\u0131y\u0131 \u00e7ekmektedir. Ekonomi a\u011f\u0131rl\u0131kl\u0131 olarak ithalat-ihracata dayan\u0131yor, ancak finans sekt\u00f6r\u00fc ekonomilerine en b\u00fcy\u00fck katk\u0131y\u0131 sa\u011fl\u0131yor - b\u00fcy\u00fck \u00f6zel bankac\u0131l\u0131k i\u00e7in s\u0131cak bir nokta.<\/p>\n<h2><span class=\"ez-toc-section\" id=\"8_The_cuisine_is_a_blend_of_French_and_German\"><\/span>8. Mutfak Frans\u0131z ve Alman mutfa\u011f\u0131n\u0131n bir kar\u0131\u015f\u0131m\u0131d\u0131r.<span class=\"ez-toc-section-end\"><\/span><\/h2>\n<p>L\u00fcksemburg farkl\u0131 k\u00fclt\u00fcrlerin ve geleneklerin \u00fclkesidir. Bu kesinlikle mutfaklar\u0131nda da g\u00f6r\u00fcl\u00fcyor. Alman porsiyonlar\u0131nda Frans\u0131z mutfa\u011f\u0131na haz\u0131r olun. Bon app\u00e9tit? Guten appetite? Her neyse, mutfaklar\u0131n\u0131n m\u00fckemmelli\u011fi kar\u015f\u0131s\u0131nda kendinizi \u015f\u0131mart\u0131n!<\/p>\n<p>Burada baz\u0131 Michelin y\u0131ld\u0131zl\u0131 restoranlar bulacaks\u0131n\u0131z ve L\u00fcksemburg b\u00fcy\u00fck ve doyurucu porsiyonlarla et konusunda b\u00fcy\u00fckt\u00fcr. Baz\u0131 pop\u00fcler yemekler \u015funlard\u0131r <em>Rieslingspascht\u00e9it<\/em>etli bir turta ve biraz Riesling \u015farab\u0131 ve <em>Kniddelen mat Speck<\/em>Bunlar past\u0131rmal\u0131 k\u00f6fte.<\/p>\n<h2><span class=\"ez-toc-section\" id=\"9_One_of_the_best_education_systems_in_the_world\"><\/span>9. D\u00fcnyan\u0131n en iyi e\u011fitim sistemlerinden biri<span class=\"ez-toc-section-end\"><\/span><\/h2>\n<p><img loading=\"lazy\" decoding=\"async\" src=\"https:\/\/moverdb.com\/wp-content\/uploads\/shutterstock_296802323.jpg\" alt=\"\" width=\"1000\" height=\"667\" class=\"aligncenter size-full wp-image-18378\" srcset=\"https:\/\/moverdb.com\/wp-content\/uploads\/shutterstock_296802323.jpg 1000w, https:\/\/moverdb.com\/wp-content\/uploads\/shutterstock_296802323-300x200.jpg 300w, https:\/\/moverdb.com\/wp-content\/uploads\/shutterstock_296802323-18x12.jpg 18w\" sizes=\"auto, (max-width: 1000px) 100vw, 1000px\" \/><\/p>\n<p>Okullar\u0131n \u00e7o\u011fu \u00fccretsizdir ve devlet taraf\u0131ndan i\u015fletilmektedir. Neredeyse t\u00fcm okullar \u00e7ok dillidir ve baz\u0131lar\u0131 \u0130ngilizce de konu\u015fmaktad\u0131r, ancak birka\u00e7 ulusal ve uluslararas\u0131 okul gurbet\u00e7iler i\u00e7in uygundur.<\/p>\n<p>Anaokullar\u0131 ve ilkokullar\u0131n birle\u015ftirildi\u011fi temel e\u011fitimleri var. Sonra bir ortaokullar\u0131 var. Bu, esas olarak \u00fcniversiteye gitmek isteyen \u00f6\u011frenciler i\u00e7indir. Di\u011fer \u00f6\u011frenciler, \u00e7al\u0131\u015fmalar\u0131n\u0131n belirli beceri setlerine odakland\u0131\u011f\u0131 teknik sistem okullar\u0131na gitmeyi se\u00e7ebilirler.<\/p>\n<p>E\u011fitim bakanl\u0131\u011f\u0131 yeni \u00f6\u011frencilerin kendileri i\u00e7in uygun okullar\u0131 bulmalar\u0131na yard\u0131mc\u0131 olur ve gurbet\u00e7iler i\u00e7in harikad\u0131r. Bunu onlar\u0131n arac\u0131l\u0131\u011f\u0131yla yaparlar <a href=\"https:\/\/integratioun.lu\/project\/la-cellule-daccueil-scolaire-pour-eleves-nouveaux-arrivants-casna-et-le-service-de-scolarisation-des-enfants-etrangers-secam\/\" target=\"_blank\" rel=\"noopener noreferrer\">CASNA hizmeti<\/a>.<\/p>\n<h2><span class=\"ez-toc-section\" id=\"10_Visas_and_permits\"><\/span>10. Vizeler ve izinler<span class=\"ez-toc-section-end\"><\/span><\/h2>\n<p>L\u00fcksemburg'da yasal olarak \u00e7al\u0131\u015fmak i\u00e7in oturma ve \u00e7al\u0131\u015fma iznine ihtiyac\u0131n\u0131z olacakt\u0131r. \u00c7e\u015fitli \u00e7al\u0131\u015fma izni t\u00fcrleri vard\u0131r. L\u00fcksemburg'a ta\u015f\u0131nmak istiyorsan\u0131z k\u0131sa s\u00fcreli kal\u0131\u015f sizin i\u00e7in ge\u00e7erli de\u011fildir. Serbest meslek sahipleri, maa\u015fl\u0131 \u00e7al\u0131\u015fanlar, y\u00fcksek nitelikli \u00e7al\u0131\u015fanlar, au pairler ve \u00f6\u011frenciler i\u00e7in uzun s\u00fcreli vize bulunmaktad\u0131r.<\/p>\n<p>L\u00fcksemburg'da \u00fc\u00e7 aydan fazla \u00e7al\u0131\u015fmak isteyenler i\u00e7in AB Mavi Kart\u0131 da bulunmaktad\u0131r. Bu vizenin avantajlar\u0131 vard\u0131r, ancak izlenmesi gereken bir prosed\u00fcr vard\u0131r. Vize ba\u015fvuru s\u00fcreci ki\u015fisel ko\u015fullara, e\u011fitime ve istihdama g\u00f6re de\u011fi\u015fmektedir. Ba\u015fvurunun \u00e7al\u0131\u015fmak ve ya\u015famak istedi\u011finiz b\u00f6lgede yap\u0131lmas\u0131 gerekmektedir.<\/p>\n<p>Pasaport, kimlik ve mali durum gibi \u00e7e\u015fitli belgeleri temin etmeniz gerekecektir. Ve hepsinin terc\u00fcme edilmesi gerekiyor. L\u00fcksemburg, \u00fclkeye hizmet edece\u011finizi ve gerekli oldu\u011funuzu g\u00f6r\u00fcrse size ikamet izni verecektir. Ayr\u0131ca bir yabanc\u0131 kimlik kart\u0131na da ihtiyac\u0131n\u0131z olacak.<\/p>\n<h2><span class=\"ez-toc-section\" id=\"11_Almost_half_of_the_population_are_immigrants\"><\/span>11. N\u00fcfusun neredeyse yar\u0131s\u0131 g\u00f6\u00e7menlerden olu\u015fuyor<span class=\"ez-toc-section-end\"><\/span><\/h2>\n<p>L\u00fcksemburg'da Avrupa'daki di\u011fer \u00fclkelere k\u0131yasla daha fazla gurbet\u00e7i ya\u015famaktad\u0131r. Yakla\u015f\u0131k 170 farkl\u0131 milletten insan bulunmaktad\u0131r. Bunun nedeni L\u00fcksemburg'daki y\u00fcksek ya\u015fam standard\u0131 olabilir ve bir\u00e7ok insan iyi bir i\u015f, g\u00fcvenlik ve daha iyi bir ya\u015fam i\u00e7in oraya ta\u015f\u0131n\u0131r.<\/p>\n<h2><span class=\"ez-toc-section\" id=\"12_Diverse_culture_and_beautiful_landscapes\"><\/span>12. \u00c7e\u015fitli k\u00fclt\u00fcr ve g\u00fczel manzaralar<span class=\"ez-toc-section-end\"><\/span><\/h2>\n<p>L\u00fcksemburg, k\u00fclt\u00fcr\u00fcn\u00fcn bir k\u0131sm\u0131n\u0131 \u00e7evresindeki \u00fclkelerden al\u0131r ve n\u00fcfusun yakla\u015f\u0131k 87%'si Roma Katoli\u011fidir. Yanaktan \u00fc\u00e7 kez \u00f6pmek standart bir selamlamad\u0131r ve insanlar genellikle \u00e7ok misafirperver ve arkada\u015f canl\u0131s\u0131d\u0131r.<\/p>\n<p>L\u00fcksemburg ayn\u0131 zamanda do\u011fal k\u00f6ylere ve kasabalara da ev sahipli\u011fi yapmaktad\u0131r ve L\u00fcksemburg \u015eehri'nden ayr\u0131l\u0131rken kaleler, pastoral cennet k\u00f6\u015feleri ve enfes do\u011fal g\u00fczellikler g\u00f6receksiniz.<\/p>\n<h2><span class=\"ez-toc-section\" id=\"13_Taxes_in_Luxembourg\"><\/span>13. L\u00fcksemburg'da Vergiler<span class=\"ez-toc-section-end\"><\/span><\/h2>\n<p>Gurbet\u00e7ilerin gelir vergisi \u00f6demesi gerekecektir ve ikamet ve medeni durumunuza g\u00f6re bir vergi s\u0131n\u0131f\u0131na dahil edilirsiniz. \u00c7al\u0131\u015fanlara sa\u011flanan bir\u00e7ok fayda da vergilendirilir ve kira geliri \u00fczerinden vergi \u00f6dersiniz. Gelir vergisi 0-42% aras\u0131nda de\u011fi\u015fmektedir ve \u00e7al\u0131\u015fanlar\u0131n ayr\u0131ca istihdam fonuna 7% ve 9% \u00f6demeleri gerekmektedir. Ne kadar \u00f6deyece\u011finiz maa\u015f\u0131n\u0131za ba\u011fl\u0131d\u0131r. <a href=\"https:\/\/www.expatica.com\/lu\/finance\/taxes\/luxembourg-income-tax-103752\/#:~:text=Income%20tax%20in%20Luxembourg%20is,of%208%25%20kicking%20in%20thereafter.\" target=\"_blank\" rel=\"noopener noreferrer\">vergi\u0307 sinifi<\/a>.<\/p>\n<h2><span class=\"ez-toc-section\" id=\"14_Work-life_balance\"><\/span>14. \u0130\u015f-ya\u015fam dengesi<span class=\"ez-toc-section-end\"><\/span><\/h2>\n<p>L\u00fcksemburg en iyi i\u015f-ya\u015fam dengesine sahiptir. \u00c7al\u0131\u015fan vatanda\u015flar y\u0131lda 32 g\u00fcn \u00fccretli izin al\u0131rlar ve <a href=\"https:\/\/www.tradeandinvest.lu\/news\/luxembourg-offers-best-work-life-balance\/#:~:text=With%20an%20average%20net%20monthly,Earning%20More%E2%80%9D%20by%20Expert%20Market.\" target=\"_blank\" rel=\"noopener noreferrer\">1703<\/a>y\u0131lda bir saat. Bir\u00e7ok i\u015fveren do\u011fum izni, y\u0131ll\u0131k izin, esnek \u00e7al\u0131\u015fma, babal\u0131k izni, kariyer molas\u0131, e\u011fitim ve s\u0131nav izni vermektedir. \u00c7al\u0131\u015fma haftas\u0131 40 saattir ve \u00e7al\u0131\u015fanlar fazla mesai yaparlarsa tazmin edilmelidirler.<\/p>\n<p>\u0130\u015fverenler, \u00e7al\u0131\u015fma ortam\u0131n\u0131n olumlu olmas\u0131n\u0131 ve baz\u0131 \u00f6zg\u00fcrl\u00fcklere izin vermesini sa\u011flar. \u0130nsanlar m\u00fckemmel bir i\u015f-ya\u015fam dengesine sahiptir ve iyi bir maa\u015f kazan\u0131rken aile zaman\u0131n\u0131n tad\u0131n\u0131 \u00e7\u0131kar\u0131rlar.<\/p>\n<h2><span class=\"ez-toc-section\" id=\"15_They_produce_award-winning_wines\"><\/span>15. \u00d6d\u00fcll\u00fc \u015faraplar \u00fcretiyorlar<span class=\"ez-toc-section-end\"><\/span><\/h2>\n<p><img loading=\"lazy\" decoding=\"async\" src=\"https:\/\/moverdb.com\/wp-content\/uploads\/shutterstock_2052564959.jpg\" alt=\"\" width=\"1000\" height=\"667\" class=\"aligncenter size-full wp-image-18379\" srcset=\"https:\/\/moverdb.com\/wp-content\/uploads\/shutterstock_2052564959.jpg 1000w, https:\/\/moverdb.com\/wp-content\/uploads\/shutterstock_2052564959-300x200.jpg 300w, https:\/\/moverdb.com\/wp-content\/uploads\/shutterstock_2052564959-18x12.jpg 18w\" sizes=\"auto, (max-width: 1000px) 100vw, 1000px\" \/><\/p>\n<p>Muhtemelen sadece L\u00fcksemburg'da ya\u015farken \u015faraplar\u0131n\u0131 tadacaks\u0131n\u0131z. L\u00fcksemburg 450'den fazla \u00fcretici ve ba\u011fc\u0131ya ev sahipli\u011fi yapmaktad\u0131r. \u015earab\u0131n \u00e7o\u011fu yerel halk taraf\u0131ndan t\u00fcketilir ve geri kalan\u0131 <a href=\"https:\/\/moverdb.com\/tr\/moving-to-germany\/\" data-internallinksmanager029f6b8e52c=\"321\" title=\"Almanya&#039;ya m\u0131 ta\u015f\u0131n\u0131yorsunuz? 2026 Ya\u015fam Maliyetleri &amp; Yer De\u011fi\u015ftirme \u0130pu\u00e7lar\u0131\">Almanya<\/a> ve <a href=\"https:\/\/moverdb.com\/tr\/moving-to-belgium\/\" data-internallinksmanager029f6b8e52c=\"323\" title=\"Bel\u00e7ika&#039;ya m\u0131 Ta\u015f\u0131n\u0131yorsunuz? 2026 Ya\u015fam Maliyetleri &amp; Yer De\u011fi\u015ftirme \u0130pu\u00e7lar\u0131\">Bel\u00e7ika<\/a>. \u015earap \u00fcreticilerinin nicelikten ziyade nitelik \u00fcretmesi gerekir ve renk, buke, berrakl\u0131k ve tat i\u00e7in standartlar vard\u0131r.<\/p>\n<p>\u00c7ok say\u0131da \u015farap festivalleri var, bu y\u00fczden L\u00fcksemburg'da ya\u015farken bir kadeh \u015farab\u0131n ya da bir\u00e7o\u011funun tad\u0131n\u0131 \u00e7\u0131kard\u0131\u011f\u0131n\u0131zdan emin olun!<\/p>\n<h2><span class=\"ez-toc-section\" id=\"16_They_won_Eurovision_five_times\"><\/span>16. Eurovision'u be\u015f kez kazand\u0131lar<span class=\"ez-toc-section-end\"><\/span><\/h2>\n<p>L\u00fcksemburg 1956'daki ilk yar\u0131\u015fmac\u0131lardan biriydi. \u0130lk zaferlerini 1961'de, ikincisini ise 1965'te kazanarak Hall of Fame'e girmeyi ba\u015fard\u0131lar. Daha sonra 1972 ve 1973'te tekrar kazand\u0131lar ve be\u015finci zaferlerini 1983'te elde ettiler. K\u00fc\u00e7\u00fck bir \u00fclke olabilir ama insanlar\u0131 son derece yetenekli!<\/p>\n<h2><span class=\"ez-toc-section\" id=\"17_Castles_castles%E2%80%A6and_more_castles\"><\/span>17. Kaleler, kaleler... ve daha fazla kale<span class=\"ez-toc-section-end\"><\/span><\/h2>\n<p>T\u00fcm \u00fclkeye yay\u0131lm\u0131\u015f yakla\u015f\u0131k 130 kale bulunmaktad\u0131r. Bu kaleler as\u0131rl\u0131kt\u0131r ve inan\u0131lmaz bir tarihe sahiptir. L\u00fcksemburg'da ya\u015farken gidip say\u0131s\u0131z kaleyi ke\u015ffetmelisiniz! G\u00fcn\u00fcm\u00fczde baz\u0131lar\u0131 sergiler d\u00fczenlemek i\u00e7in kullan\u0131l\u0131rken, di\u011ferleri orta\u00e7a\u011f festivalleri, tiyatro geceleri, konserler ve performanslar i\u00e7in kullan\u0131lmaktad\u0131r.<\/p>\n<h2><span class=\"ez-toc-section\" id=\"18_The_quality_of_life_is_very_high\"><\/span>18. Ya\u015fam kalitesi \u00e7ok y\u00fcksek<span class=\"ez-toc-section-end\"><\/span><\/h2>\n<p>L\u00fcksemburg'da ya\u015farken ya\u015fam kalitesi m\u00fckemmeldir. \u0130yi bir sa\u011fl\u0131k sistemine, \u00e7evre kalitesine ve i\u015f \u00f6zg\u00fcrl\u00fc\u011f\u00fcne sahiptirler. L\u00fcksemburg'da ya\u015fayan insanlar kendilerini \u00e7ok g\u00fcvende hisseder ve \u00e7o\u011fu insan nispeten y\u00fcksek bir gelire sahiptir. Buradaki \u00e7o\u011fu insan iyi bir e\u011fitim alm\u0131\u015f ve istikrarl\u0131 i\u015flere sahiptir.<\/p>\n<p>Ayr\u0131ca b\u00fcy\u00fck bir topluluk ve sivil kat\u0131l\u0131m duygusu vard\u0131r. \u0130nsanlar genel olarak L\u00fcksemburg'daki standartlar\u0131ndan ve ya\u015fam tarzlar\u0131ndan memnun. L\u00fcksemburg'a bak\u0131ld\u0131\u011f\u0131nda <a href=\"https:\/\/www.oecdbetterlifeindex.org\/countries\/luxembourg\/#:~:text=How&#039;s%20Life%3F,It%20underperforms%20average%20in%20education.\" target=\"_blank\" rel=\"noopener noreferrer\">OECD Daha \u0130yi Ya\u015fam Endeksi<\/a>\u0130nsanlar\u0131n bu \u015fekilde hissetmelerine ve iyi bir ya\u015fam s\u00fcrmelerine \u00e7ok say\u0131da fakt\u00f6r\u00fcn katk\u0131da bulundu\u011fu a\u00e7\u0131kt\u0131r.<\/p>\n<h2><span class=\"ez-toc-section\" id=\"19_The_country_is_home_to_wild_boars\"><\/span>19. \u00dclke yaban domuzlar\u0131na ev sahipli\u011fi yapmaktad\u0131r<span class=\"ez-toc-section-end\"><\/span><\/h2>\n<p><img loading=\"lazy\" decoding=\"async\" src=\"https:\/\/moverdb.com\/wp-content\/uploads\/shutterstock_2470208683.jpg\" alt=\"\" width=\"1000\" height=\"667\" class=\"aligncenter size-full wp-image-18380\" srcset=\"https:\/\/moverdb.com\/wp-content\/uploads\/shutterstock_2470208683.jpg 1000w, https:\/\/moverdb.com\/wp-content\/uploads\/shutterstock_2470208683-300x200.jpg 300w, https:\/\/moverdb.com\/wp-content\/uploads\/shutterstock_2470208683-18x12.jpg 18w\" sizes=\"auto, (max-width: 1000px) 100vw, 1000px\" \/><\/p>\n<p>L\u00fcksemburg'dayken muhtemelen bir yaban domuzuyla kar\u015f\u0131la\u015facaks\u0131n\u0131z. Korkulacak bir \u015fey de\u011fildirler ve genellikle insanlar\u0131n yolundan uzak dururlar. A\u015f\u0131r\u0131 yaban domuzu n\u00fcfusu var ve h\u00fck\u00fcmet, ekinlere ve \u00e7ay\u0131rlara zarar verdikleri i\u00e7in insanlar\u0131 onlar\u0131 avlamaya te\u015fvik ediyor.<\/p>\n<h2><span class=\"ez-toc-section\" id=\"20_Pretzel_Sunday\"><\/span>20. Pretzel Pazar<span class=\"ez-toc-section-end\"><\/span><\/h2>\n<p><em>Bretzelsonndeg<\/em>! Bunlar a\u015fk i\u00e7in simit; kad\u0131nlara sevginin bir i\u015fareti olarak bademli ve \u015fekerli krema ile simit verilir. E\u011fer duygular\u0131 kar\u015f\u0131l\u0131kl\u0131ysa, Paskalya s\u0131ras\u0131nda a\u015fklar\u0131na bir yumurta verilir, de\u011filse... bo\u015f bir sepet verilir. Simit Pazar\u0131, perhiz s\u0131ras\u0131nda d\u00f6rd\u00fcnc\u00fc Pazar g\u00fcn\u00fcd\u00fcr. \u00c7ubuk krakerler erke\u011fin duygular\u0131n\u0131n ve takdirinin bir g\u00f6stergesidir.<\/p>\n<h2><span class=\"ez-toc-section\" id=\"21_The_minimum_legal_drinking_age_is_16_years\"><\/span>21. Minimum yasal i\u00e7ki i\u00e7me ya\u015f\u0131 16'd\u0131r<span class=\"ez-toc-section-end\"><\/span><\/h2>\n<p>\u0130nsanlar 16 ya\u015f\u0131nda yasal olarak i\u00e7ki i\u00e7ebilirler, ancak toplum i\u00e7inde sarho\u015f ve d\u00fczensiz olmak cezai bir su\u00e7tur ve ki\u015fi para cezas\u0131na \u00e7arpt\u0131r\u0131labilir veya tutuklanabilir. Bir ki\u015fi alkoll\u00fc i\u00e7ki i\u00e7emez veya bir kul\u00fcbe gidemez, ancak bir kadeh \u015farap veya bira i\u00e7ebilir. <a href=\"https:\/\/moverdb.com\/tr\/british-association-of-removers\/\" data-internallinksmanager029f6b8e52c=\"9\" title=\"\u0130ngiliz S\u00f6k\u00fcmc\u00fcler Birli\u011fi (BAR) A\u00e7\u0131klamas\u0131\">bar<\/a>. Alkoll\u00fc i\u00e7ki sat\u0131n almak i\u00e7in yasal ya\u015f 18'dir.<\/p>\n<h2><span class=\"ez-toc-section\" id=\"FAQs\"><\/span>SSS<span class=\"ez-toc-section-end\"><\/span><\/h2>\n<h3><span class=\"ez-toc-section\" id=\"Is_Luxembourg_landlocked\"><\/span>L\u00fcksemburg'un denize k\u0131y\u0131s\u0131 yok mu?<span class=\"ez-toc-section-end\"><\/span><\/h3>\n<p>Evet, \u00f6yle. <a href=\"https:\/\/moverdb.com\/tr\/moving-to-france\/\" data-internallinksmanager029f6b8e52c=\"315\" title=\"Fransa&#039;ya m\u0131 ta\u015f\u0131n\u0131yorsunuz? 2026 Ya\u015fam Maliyetleri &amp; Yer De\u011fi\u015ftirme \u0130pu\u00e7lar\u0131\">Fransa<\/a>Bel\u00e7ika ve Almanya L\u00fcksemburg'u \u00e7evreliyor. Yani L\u00fcksemburg deniz kenar\u0131nda de\u011fil.<\/p>\n<h3><span class=\"ez-toc-section\" id=\"What_is_the_average_salary_in_Luxembourg\"><\/span>L\u00fcksemburg'da ortalama maa\u015f ne kadard\u0131r?<span class=\"ez-toc-section-end\"><\/span><\/h3>\n<p>L\u00fcksemburg'da ortalama maa\u015f y\u0131lda yakla\u015f\u0131k $65,854 USD'dir. Bununla birlikte, OECD bir rapor haz\u0131rlam\u0131\u015f ve pop\u00fcler i\u015fler i\u00e7in ortalama maa\u015f\u0131n y\u0131lda yakla\u015f\u0131k 59.923 \u20ac oldu\u011funu tespit etmi\u015ftir.<\/p>\n<h3><span class=\"ez-toc-section\" id=\"Are_Luxembourgers_friendly\"><\/span>L\u00fcksemburglular arkada\u015f canl\u0131s\u0131 m\u0131d\u0131r?<span class=\"ez-toc-section-end\"><\/span><\/h3>\n<p>Evet, \u00f6yledirler. Ancak yabanc\u0131larla konu\u015furken ve onlarla ilgilenirken biraz \u00e7ekingen de olabilirler. Bununla birlikte, iyi davran\u0131\u015flar onlar i\u00e7in \u00e7ok \u00f6nemlidir ve \u015f\u00fcphesiz herkese kar\u015f\u0131 misafirperver ve dost canl\u0131s\u0131d\u0131rlar.<\/p>\n<h3><span class=\"ez-toc-section\" id=\"What_type_of_government_is_used_in_Luxembourg\"><\/span>L\u00fcksemburg'da ne t\u00fcr bir y\u00f6netim uygulanmaktad\u0131r?<span class=\"ez-toc-section-end\"><\/span><\/h3>\n<p>L\u00fcksemburg, ba\u015fbakan\u0131, h\u00fck\u00fcmet ba\u015fkan\u0131, B\u00fcy\u00fck D\u00fck\u00fc ve Devlet Ba\u015fkan\u0131 olan parlamenter bir anayasal monar\u015fidir. Esasen ba\u015fbakanlar\u0131 h\u00fck\u00fcmetin ve \u00e7ok partili sistemin ba\u015f\u0131d\u0131r.<\/p>\n<h2><span class=\"ez-toc-section\" id=\"Final_Thoughts\"><\/span>Son D\u00fc\u015f\u00fcnceler<span class=\"ez-toc-section-end\"><\/span><\/h2>\n<p>L\u00fcksemburg'da g\u00f6\u00e7men olarak ya\u015famak g\u00fczel bir deneyim ve daha fazla tavsiye edemezdim. \u0130\u015f-ya\u015fam dengesi, g\u00fcvenlik ve y\u00fcksek ya\u015fam standard\u0131ndan faydalanmak yenilmez. Orada bir i\u015finiz olaca\u011f\u0131n\u0131 ve kendinizi ve ailenizi ge\u00e7indirebilece\u011finizi biliyorsan\u0131z, sizi neyin durdurdu\u011funu bilmiyorum.<\/p>\n<p>\u00dclkeyi benzersiz k\u0131lan tarih ve farkl\u0131 k\u00fclt\u00fcrlerle doludur ve oraya ta\u015f\u0131nmak sizi yeni f\u0131rsatlara ve deneyimlere a\u00e7abilecek bir macera olacakt\u0131r.<\/p>\n<h2><span class=\"ez-toc-section\" id=\"Other_Useful_Guides_to_Luxembourg\"><\/span>L\u00fcksemburg i\u00e7in Di\u011fer Faydal\u0131 K\u0131lavuzlar<span class=\"ez-toc-section-end\"><\/span><\/h2>\n<ul>\n<li> <a href=\"https:\/\/moverdb.com\/tr\/konteyner-tasimaciligi\/luksemburg\/\">2024 L\u00fcksemburg'a ve L\u00fcksemburg'dan Deniz Ta\u015f\u0131mac\u0131l\u0131\u011f\u0131 Konteyner Nakliye Fiyatlar\u0131<\/a><\/li>\n<li> <a href=\"https:\/\/moverdb.com\/tr\/tasinma-si%cc%87rketleri%cc%87\/moving-companies-luxembourg\/\">L\u00fcksemburg'daki En \u0130yi 3 Uluslararas\u0131 Nakliye \u015eirketi<\/a><\/li>\n<li> <a href=\"https:\/\/moverdb.com\/tr\/moving-to-luxembourg\/\">L\u00fcksemburg'a m\u0131 Ta\u015f\u0131n\u0131yorsunuz? 2026 Ya\u015fam Maliyetleri &amp; Yer De\u011fi\u015ftirme \u0130pu\u00e7lar\u0131<\/a><\/li>\n<\/ul>","protected":false},"excerpt":{"rendered":"<p>The Luxembourg way of life is lovely, and more and more people are moving there. Who wouldn&#8217;t want to live there with the standard of living, culture, history, and beauty of this country? Living in Luxembourg is a treat, but there are a few things you should know and consider before moving: 1. They have [&hellip;]<\/p>\n","protected":false},"author":1,"featured_media":0,"parent":7293,"menu_order":0,"comment_status":"closed","ping_status":"closed","template":"","meta":{"_genesis_hide_title":false,"_genesis_hide_breadcrumbs":false,"_genesis_hide_singular_image":false,"_genesis_hide_footer_widgets":false,"_genesis_custom_body_class":"","_genesis_custom_post_class":"","_genesis_layout":"","footnotes":""},"class_list":{"0":"post-9654","1":"page","2":"type-page","3":"status-publish","5":"entry","6":"has-post-thumbnail"},"_links":{"self":[{"href":"https:\/\/moverdb.com\/tr\/wp-json\/wp\/v2\/pages\/9654","targetHints":{"allow":["GET"]}}],"collection":[{"href":"https:\/\/moverdb.com\/tr\/wp-json\/wp\/v2\/pages"}],"about":[{"href":"https:\/\/moverdb.com\/tr\/wp-json\/wp\/v2\/types\/page"}],"author":[{"embeddable":true,"href":"https:\/\/moverdb.com\/tr\/wp-json\/wp\/v2\/users\/1"}],"replies":[{"embeddable":true,"href":"https:\/\/moverdb.com\/tr\/wp-json\/wp\/v2\/comments?post=9654"}],"version-history":[{"count":6,"href":"https:\/\/moverdb.com\/tr\/wp-json\/wp\/v2\/pages\/9654\/revisions"}],"predecessor-version":[{"id":18383,"href":"https:\/\/moverdb.com\/tr\/wp-json\/wp\/v2\/pages\/9654\/revisions\/18383"}],"up":[{"embeddable":true,"href":"https:\/\/moverdb.com\/tr\/wp-json\/wp\/v2\/pages\/7293"}],"wp:attachment":[{"href":"https:\/\/moverdb.com\/tr\/wp-json\/wp\/v2\/media?parent=9654"}],"curies":[{"name":"wp","href":"https:\/\/api.w.org\/{rel}","templated":true}]}}