{"id":9648,"date":"2024-05-16T13:39:20","date_gmt":"2024-05-16T13:39:20","guid":{"rendered":"https:\/\/moverdb.com\/?page_id=9648"},"modified":"2026-01-08T13:26:54","modified_gmt":"2026-01-08T13:26:54","slug":"living-in-czech-republic","status":"publish","type":"page","link":"https:\/\/moverdb.com\/tr\/moving-to-the-czech-republic\/living-in-czech-republic\/","title":{"rendered":"21 \u00c7ek Cumhuriyeti'nde Ya\u015famaya Dair Ta\u015f\u0131nmadan \u00d6nce Bilinmesi Gereken S\u0131rlar"},"content":{"rendered":"<p>D\u00fc\u015f\u00fcn\u00fcyor musun <a href=\"https:\/\/moverdb.com\/tr\/moving-to-the-czech-republic\/\" data-internallinksmanager029f6b8e52c=\"391\" title=\"\u00c7ek Cumhuriyeti&#039;ne mi ta\u015f\u0131n\u0131yorsunuz? 2024 Ya\u015fam Maliyetleri &amp; Yer De\u011fi\u015ftirme \u0130pu\u00e7lar\u0131\">\u00c7ek Cumhuriyeti'ne ta\u015f\u0131nmak<\/a>? \u00c7arp\u0131c\u0131 mimarisi ve g\u00fczel ba\u015fkenti Prag ile \u00fcnl\u00fc \u00c7ekya, d\u00fcnyada ya\u015fanabilecek en g\u00fcvenli yerlerden biri olarak g\u00f6sterilmektedir.<\/p>\n<p>\u00dclkedeki yar\u0131m milyondan fazla gurbet\u00e7iyle \u00c7ek Cumhuriyeti ya\u015famak i\u00e7in cazip bir yer gibi g\u00f6r\u00fcn\u00fcyor. Ama bekleyin - gitmeden \u00f6nce bilmeniz gereken her \u015fey i\u00e7in kapsaml\u0131 rehberimize bir g\u00f6z at\u0131n!<\/p>\n<div id=\"ez-toc-container\" class=\"ez-toc-v2_0_82_2 ez-toc-wrap-left counter-hierarchy ez-toc-counter ez-toc-transparent ez-toc-container-direction\">\n<div class=\"ez-toc-title-container\">\n<p class=\"ez-toc-title\" style=\"cursor:inherit\">B\u00f6l\u00fcmler<\/p>\n<span class=\"ez-toc-title-toggle\"><a href=\"#\" class=\"ez-toc-pull-right ez-toc-btn ez-toc-btn-xs ez-toc-btn-default ez-toc-toggle\" aria-label=\"\u0130\u00e7indekiler Tablosunu A\u00e7\/Kapat\"><span class=\"ez-toc-js-icon-con\"><span class=\"\"><span class=\"eztoc-hide\" style=\"display:none;\">Ge\u00e7i\u015f<\/span><span class=\"ez-toc-icon-toggle-span\"><svg style=\"fill: #999;color:#999\" xmlns=\"http:\/\/www.w3.org\/2000\/svg\" class=\"list-377408\" width=\"20px\" height=\"20px\" viewbox=\"0 0 24 24\" fill=\"none\"><path d=\"M6 6H4v2h2V6zm14 0H8v2h12V6zM4 11h2v2H4v-2zm16 0H8v2h12v-2zM4 16h2v2H4v-2zm16 0H8v2h12v-2z\" fill=\"currentColor\"><\/path><\/svg><svg style=\"fill: #999;color:#999\" class=\"arrow-unsorted-368013\" xmlns=\"http:\/\/www.w3.org\/2000\/svg\" width=\"10px\" height=\"10px\" viewbox=\"0 0 24 24\" version=\"1.2\" baseprofile=\"tiny\"><path d=\"M18.2 9.3l-6.2-6.3-6.2 6.3c-.2.2-.3.4-.3.7s.1.5.3.7c.2.2.4.3.7.3h11c.3 0 .5-.1.7-.3.2-.2.3-.5.3-.7s-.1-.5-.3-.7zM5.8 14.7l6.2 6.3 6.2-6.3c.2-.2.3-.5.3-.7s-.1-.5-.3-.7c-.2-.2-.4-.3-.7-.3h-11c-.3 0-.5.1-.7.3-.2.2-.3.5-.3.7s.1.5.3.7z\"\/><\/svg><\/span><\/span><\/span><\/a><\/span><\/div>\n<nav><ul class='ez-toc-list ez-toc-list-level-1 eztoc-toggle-hide-by-default' ><li class='ez-toc-page-1 ez-toc-heading-level-2'><a class=\"ez-toc-link ez-toc-heading-1\" href=\"https:\/\/moverdb.com\/tr\/moving-to-the-czech-republic\/living-in-czech-republic\/#1_Dont_call_Czechs_%E2%80%9CCzechoslovakians%E2%80%9D\" >1. \u00c7eklere \"\u00c7ekoslovakyal\u0131lar\" demeyin<\/a><\/li><li class='ez-toc-page-1 ez-toc-heading-level-2'><a class=\"ez-toc-link ez-toc-heading-2\" href=\"https:\/\/moverdb.com\/tr\/moving-to-the-czech-republic\/living-in-czech-republic\/#2_No_problems_communicating_in_English_in_most_cities\" >2. \u00c7o\u011fu \u015fehirde \u0130ngilizce ileti\u015fim kurmakta sorun yok<\/a><\/li><li class='ez-toc-page-1 ez-toc-heading-level-2'><a class=\"ez-toc-link ez-toc-heading-3\" href=\"https:\/\/moverdb.com\/tr\/moving-to-the-czech-republic\/living-in-czech-republic\/#3_Czech_culture_and_traditions\" >3. \u00c7ek k\u00fclt\u00fcr\u00fc ve gelenekleri<\/a><\/li><li class='ez-toc-page-1 ez-toc-heading-level-2'><a class=\"ez-toc-link ez-toc-heading-4\" href=\"https:\/\/moverdb.com\/tr\/moving-to-the-czech-republic\/living-in-czech-republic\/#4_The_cost_of_living_in_the_Czech_Republic\" >4. \u00c7ek Cumhuriyeti'nde ya\u015fam maliyeti<\/a><\/li><li class='ez-toc-page-1 ez-toc-heading-level-2'><a class=\"ez-toc-link ez-toc-heading-5\" href=\"https:\/\/moverdb.com\/tr\/moving-to-the-czech-republic\/living-in-czech-republic\/#5_Getting_a_Visa\" >5. Vize Almak<\/a><\/li><li class='ez-toc-page-1 ez-toc-heading-level-2'><a class=\"ez-toc-link ez-toc-heading-6\" href=\"https:\/\/moverdb.com\/tr\/moving-to-the-czech-republic\/living-in-czech-republic\/#6_The_quality_of_life_in_the_Czech_Republic\" >6. \u00c7ek Cumhuriyeti'nde ya\u015fam kalitesi<\/a><\/li><li class='ez-toc-page-1 ez-toc-heading-level-2'><a class=\"ez-toc-link ez-toc-heading-7\" href=\"https:\/\/moverdb.com\/tr\/moving-to-the-czech-republic\/living-in-czech-republic\/#7_Whats_the_weather_like\" >7. Hava durumu nas\u0131l?<\/a><\/li><li class='ez-toc-page-1 ez-toc-heading-level-2'><a class=\"ez-toc-link ez-toc-heading-8\" href=\"https:\/\/moverdb.com\/tr\/moving-to-the-czech-republic\/living-in-czech-republic\/#8_Czech_Cuisine\" >8. \u00c7ek Mutfa\u011f\u0131<\/a><\/li><li class='ez-toc-page-1 ez-toc-heading-level-2'><a class=\"ez-toc-link ez-toc-heading-9\" href=\"https:\/\/moverdb.com\/tr\/moving-to-the-czech-republic\/living-in-czech-republic\/#9_They_offer_high-quality_education\" >9. Y\u00fcksek kaliteli e\u011fitim sunarlar<\/a><\/li><li class='ez-toc-page-1 ez-toc-heading-level-2'><a class=\"ez-toc-link ez-toc-heading-10\" href=\"https:\/\/moverdb.com\/tr\/moving-to-the-czech-republic\/living-in-czech-republic\/#10_The_country_has_a_huge_expat_community\" >10. \u00dclkede b\u00fcy\u00fck bir g\u00f6\u00e7men toplulu\u011fu var<\/a><\/li><li class='ez-toc-page-1 ez-toc-heading-level-2'><a class=\"ez-toc-link ez-toc-heading-11\" href=\"https:\/\/moverdb.com\/tr\/moving-to-the-czech-republic\/living-in-czech-republic\/#11_They_have_the_most_castles_in_Europe\" >11. Avrupa'da en \u00e7ok kaleye sahip \u00fclkeler<\/a><\/li><li class='ez-toc-page-1 ez-toc-heading-level-2'><a class=\"ez-toc-link ez-toc-heading-12\" href=\"https:\/\/moverdb.com\/tr\/moving-to-the-czech-republic\/living-in-czech-republic\/#12_The_Czechs_love_beer\" >12. \u00c7ekler biray\u0131 sever<\/a><\/li><li class='ez-toc-page-1 ez-toc-heading-level-2'><a class=\"ez-toc-link ez-toc-heading-13\" href=\"https:\/\/moverdb.com\/tr\/moving-to-the-czech-republic\/living-in-czech-republic\/#13_They_are_crazy_about_mushrooms\" >13. Mantarlara bay\u0131l\u0131rlar<\/a><\/li><li class='ez-toc-page-1 ez-toc-heading-level-2'><a class=\"ez-toc-link ez-toc-heading-14\" href=\"https:\/\/moverdb.com\/tr\/moving-to-the-czech-republic\/living-in-czech-republic\/#14_Youll_love_the_architecture\" >14. Mimariyi seveceksiniz<\/a><\/li><li class='ez-toc-page-1 ez-toc-heading-level-2'><a class=\"ez-toc-link ez-toc-heading-15\" href=\"https:\/\/moverdb.com\/tr\/moving-to-the-czech-republic\/living-in-czech-republic\/#15_Make_time_to_check_out_the_Astro_clock\" >15. Astro saati kontrol etmek i\u00e7in zaman ay\u0131r\u0131n<\/a><\/li><li class='ez-toc-page-1 ez-toc-heading-level-2'><a class=\"ez-toc-link ez-toc-heading-16\" href=\"https:\/\/moverdb.com\/tr\/moving-to-the-czech-republic\/living-in-czech-republic\/#16_They_have_the_%E2%80%98Crying_Wall\" >16. 'A\u011flama Duvar\u0131' var<\/a><\/li><li class='ez-toc-page-1 ez-toc-heading-level-2'><a class=\"ez-toc-link ez-toc-heading-17\" href=\"https:\/\/moverdb.com\/tr\/moving-to-the-czech-republic\/living-in-czech-republic\/#17_The_most_popular_sport_is_ice_hockey\" >17. En pop\u00fcler spor buz hokeyidir<\/a><\/li><li class='ez-toc-page-1 ez-toc-heading-level-2'><a class=\"ez-toc-link ez-toc-heading-18\" href=\"https:\/\/moverdb.com\/tr\/moving-to-the-czech-republic\/living-in-czech-republic\/#18_One_of_the_least_religious_countries_in_the_world\" >18. D\u00fcnyan\u0131n en az dindar \u00fclkelerinden biri<\/a><\/li><li class='ez-toc-page-1 ez-toc-heading-level-2'><a class=\"ez-toc-link ez-toc-heading-19\" href=\"https:\/\/moverdb.com\/tr\/moving-to-the-czech-republic\/living-in-czech-republic\/#18_High_standard_of_healthcare\" >18. Y\u00fcksek standartta sa\u011fl\u0131k hizmeti<\/a><\/li><li class='ez-toc-page-1 ez-toc-heading-level-2'><a class=\"ez-toc-link ez-toc-heading-20\" href=\"https:\/\/moverdb.com\/tr\/moving-to-the-czech-republic\/living-in-czech-republic\/#19_Work-life_balance_in_the_Czech_Republic\" >19. \u00c7ek Cumhuriyeti'nde i\u015f-ya\u015fam dengesi<\/a><\/li><li class='ez-toc-page-1 ez-toc-heading-level-2'><a class=\"ez-toc-link ez-toc-heading-21\" href=\"https:\/\/moverdb.com\/tr\/moving-to-the-czech-republic\/living-in-czech-republic\/#20_The_public_transport_system_is_excellent\" >20. Toplu ta\u015f\u0131ma sistemi m\u00fckemmeldir<\/a><\/li><li class='ez-toc-page-1 ez-toc-heading-level-2'><a class=\"ez-toc-link ez-toc-heading-22\" href=\"https:\/\/moverdb.com\/tr\/moving-to-the-czech-republic\/living-in-czech-republic\/#21_Hills_and_medium-high_mountains_dominate_the_landscape\" >21. Tepeler ve orta y\u00fckseklikteki da\u011flar manzaraya hakimdir<\/a><\/li><li class='ez-toc-page-1 ez-toc-heading-level-2'><a class=\"ez-toc-link ez-toc-heading-23\" href=\"https:\/\/moverdb.com\/tr\/moving-to-the-czech-republic\/living-in-czech-republic\/#FAQs\" >SSS<\/a><ul class='ez-toc-list-level-3' ><li class='ez-toc-heading-level-3'><a class=\"ez-toc-link ez-toc-heading-24\" href=\"https:\/\/moverdb.com\/tr\/moving-to-the-czech-republic\/living-in-czech-republic\/#Is_the_Czech_Republic_part_of_the_European_Free_Trade_Association\" >\u00c7ek Cumhuriyeti Avrupa Serbest Ticaret Birli\u011fi'nin bir par\u00e7as\u0131 m\u0131?<\/a><\/li><li class='ez-toc-page-1 ez-toc-heading-level-3'><a class=\"ez-toc-link ez-toc-heading-25\" href=\"https:\/\/moverdb.com\/tr\/moving-to-the-czech-republic\/living-in-czech-republic\/#Is_the_Czech_Republic_a_safe_country\" >\u00c7ek Cumhuriyeti g\u00fcvenli bir \u00fclke mi?<\/a><\/li><li class='ez-toc-page-1 ez-toc-heading-level-3'><a class=\"ez-toc-link ez-toc-heading-26\" href=\"https:\/\/moverdb.com\/tr\/moving-to-the-czech-republic\/living-in-czech-republic\/#How_many_national_holidays_does_the_Czech_Republic_have\" >\u00c7ek Cumhuriyeti'nde ka\u00e7 tane ulusal bayram vard\u0131r?<\/a><\/li><li class='ez-toc-page-1 ez-toc-heading-level-3'><a class=\"ez-toc-link ez-toc-heading-27\" href=\"https:\/\/moverdb.com\/tr\/moving-to-the-czech-republic\/living-in-czech-republic\/#Is_the_Czech_Republic_considered_Eastern_Europe\" >\u00c7ek Cumhuriyeti Do\u011fu Avrupa olarak kabul ediliyor mu?<\/a><\/li><\/ul><\/li><li class='ez-toc-page-1 ez-toc-heading-level-2'><a class=\"ez-toc-link ez-toc-heading-28\" href=\"https:\/\/moverdb.com\/tr\/moving-to-the-czech-republic\/living-in-czech-republic\/#Final_Thoughts\" >Son D\u00fc\u015f\u00fcnceler<\/a><\/li><li class='ez-toc-page-1 ez-toc-heading-level-2'><a class=\"ez-toc-link ez-toc-heading-29\" href=\"https:\/\/moverdb.com\/tr\/moving-to-the-czech-republic\/living-in-czech-republic\/#Other_Useful_Guides_to_the_Czech_Republic\" >\u00c7ek Cumhuriyeti i\u00e7in Di\u011fer Faydal\u0131 Rehberler<\/a><\/li><\/ul><\/nav><\/div>\n<h2><span class=\"ez-toc-section\" id=\"1_Dont_call_Czechs_%E2%80%9CCzechoslovakians%E2%80%9D\"><\/span>1. \u00c7eklere \"\u00c7ekoslovakyal\u0131lar\" demeyin<span class=\"ez-toc-section-end\"><\/span><\/h2>\n<p><img loading=\"lazy\" decoding=\"async\" src=\"https:\/\/moverdb.com\/wp-content\/uploads\/shutterstock_1914970564.jpg\" alt=\"\" width=\"1000\" height=\"582\" class=\"aligncenter size-full wp-image-16366\" srcset=\"https:\/\/moverdb.com\/wp-content\/uploads\/shutterstock_1914970564.jpg 1000w, https:\/\/moverdb.com\/wp-content\/uploads\/shutterstock_1914970564-300x175.jpg 300w, https:\/\/moverdb.com\/wp-content\/uploads\/shutterstock_1914970564-18x10.jpg 18w\" sizes=\"auto, (max-width: 1000px) 100vw, 1000px\" \/><\/p>\n<p>Kafa kar\u0131\u015f\u0131kl\u0131\u011f\u0131n\u0131 anl\u0131yoruz, ancak ger\u00e7ek \u015fu ki \u00c7ek Cumhuriyeti ve <a href=\"https:\/\/moverdb.com\/tr\/moving-to-slovakia\/\" data-internallinksmanager029f6b8e52c=\"338\" title=\"Slovakya&#039;ya m\u0131 Ta\u015f\u0131n\u0131yorsunuz? 2026 Ya\u015fam Maliyetleri &amp; Yer De\u011fi\u015ftirme \u0130pu\u00e7lar\u0131\">Slovakya<\/a> 1993'ten beri dostane bir \u015fekilde \"bo\u015fand\u0131lar\". Ve neredeyse 75 y\u0131ld\u0131r tek bir ulus olarak birle\u015fmi\u015f olmalar\u0131na ra\u011fmen, medeni bir \u015fekilde vedala\u015ft\u0131lar ve asla arkalar\u0131na bakmad\u0131lar.<\/p>\n<p>\u00c7ek halk\u0131 ve Slovaklar \u00e7e\u015fitli a\u00e7\u0131lardan \u00e7ok farkl\u0131d\u0131r. \u0130lk olarak, \u00c7eklerin hayat\u0131nda din daha az \u00f6nemliyken, bir\u00e7ok Slovak Katoliktir. Ayr\u0131ca farkl\u0131 dillerde konu\u015ftuklar\u0131ndan da bahsetmeye gerek yok...<\/p>\n<p>Bu nedenle, \u00c7ek Cumhuriyeti'ne ta\u015f\u0131nmay\u0131 d\u00fc\u015f\u00fcn\u00fcyorsan\u0131z bu ayr\u0131m\u0131 hat\u0131rlad\u0131\u011f\u0131n\u0131zdan emin olun.<\/p>\n<h2><span class=\"ez-toc-section\" id=\"2_No_problems_communicating_in_English_in_most_cities\"><\/span>2. \u00c7o\u011fu \u015fehirde \u0130ngilizce ileti\u015fim kurmakta sorun yok<span class=\"ez-toc-section-end\"><\/span><\/h2>\n<p>\u00c7eklerin yakla\u015f\u0131k \u00fc\u00e7te biri, farkl\u0131 derecelerde de olsa \u0130ngilizce konu\u015fabilmektedir. Bu oran di\u011fer Avrupa \u00fclkelerine g\u00f6re olduk\u00e7a d\u00fc\u015f\u00fckt\u00fcr ve \u0130ngilizce bilen bir\u00e7ok ki\u015fiyi ta\u015f\u0131nma ve hatta ziyaret etme fikrinden uzakla\u015ft\u0131rabilir!<\/p>\n<p>Yine de endi\u015felenmeyin... bu istatistik bir\u00e7ok b\u00fcy\u00fck \u015fehirde \u00e7ok daha y\u00fcksektir. Prag'\u0131n geli\u015fen turizm merkezi ve ba\u015fkenti, restoranlar ve barlar gibi \u00e7o\u011fu yerde \u0130ngilizce konu\u015fanlara hitap edecektir! Bu g\u00fczel ba\u015fkentin baz\u0131 b\u00f6lgelerinde \u00c7ek\u00e7e konu\u015fan insan say\u0131s\u0131n\u0131n az oldu\u011funu g\u00f6receksiniz...<\/p>\n<p>Buna ra\u011fmen, gitmeden \u00f6nce biraz temel \u00c7ek\u00e7e \u00f6\u011frenmeye \u00e7al\u0131\u015fmaktan zarar gelmez!<\/p>\n<h2><span class=\"ez-toc-section\" id=\"3_Czech_culture_and_traditions\"><\/span>3. \u00c7ek k\u00fclt\u00fcr\u00fc ve gelenekleri<span class=\"ez-toc-section-end\"><\/span><\/h2>\n<p><img loading=\"lazy\" decoding=\"async\" src=\"https:\/\/moverdb.com\/wp-content\/uploads\/shutterstock_1195360417.jpg\" alt=\"\" width=\"1000\" height=\"667\" class=\"aligncenter size-full wp-image-16365\" srcset=\"https:\/\/moverdb.com\/wp-content\/uploads\/shutterstock_1195360417.jpg 1000w, https:\/\/moverdb.com\/wp-content\/uploads\/shutterstock_1195360417-300x200.jpg 300w, https:\/\/moverdb.com\/wp-content\/uploads\/shutterstock_1195360417-18x12.jpg 18w\" sizes=\"auto, (max-width: 1000px) 100vw, 1000px\" \/><\/p>\n<p>\u00c7ekler tipik olarak geleneksel bir aile yap\u0131s\u0131na sahiptir ve aile \u00fcyeleriyle birlikte \u00e7ok kazan\u0131lan seyahatlere \u00e7\u0131kmaktan ve kaliteli zaman ge\u00e7irmekten ho\u015flan\u0131rlar. \u00c7ekya halk\u0131 ayr\u0131ca kano, bal\u0131k tutma ve t\u0131rmanma gibi a\u00e7\u0131k hava etkinliklerinden de ho\u015flan\u0131r - bo\u015f zamanlar\u0131n\u0131 en iyi \u015fekilde de\u011ferlendirirler!<\/p>\n<p>Yayg\u0131n bir kli\u015fe, \u00c7ek Cumhuriyeti halk\u0131n\u0131n alkol almay\u0131 sevdi\u011fi ve i\u00e7ki i\u00e7mek ve sosyalle\u015fmek i\u00e7in bir\u00e7ok yere sahip oldu\u011fudur.<\/p>\n<p>Ayr\u0131ca kendi uluslar\u0131na \u00f6zg\u00fc \u00e7e\u015fitli gelenekleri de vard\u0131r. \u0130\u015fte size daha \u00f6nce hi\u00e7 duymam\u0131\u015f olabilece\u011finiz birka\u00e7 \u00c7ek gelene\u011fi:<\/p>\n<ul>\n<li><strong>Cad\u0131lar\u0131n Yak\u0131lmas\u0131 (30 Nisan)<\/strong> - Bu y\u0131ll\u0131k etkinlik, \"havay\u0131 \u0131s\u0131tmak\" amac\u0131yla K\u0131\u015f\u0131 kontrol eden \"cad\u0131\" modelinde \u015fenlik ate\u015flerinin yak\u0131lmas\u0131n\u0131 i\u00e7erir. Ayn\u0131 zamanda bir\u00e7ok tan\u0131d\u0131k folklor \u015fark\u0131s\u0131 ve geleneksel yiyecek de i\u00e7erir.<\/li>\n<li><strong>Aziz Martin G\u00fcn\u00fc (11 Kas\u0131m) - <\/strong>Her y\u0131l 11.11'de saat 11'de neredeyse t\u00fcm lokantalar ve \u015farap imalathaneleri y\u0131l\u0131n ilk \u015faraplar\u0131n\u0131 ya da \"gen\u00e7 \u015faraplar\u0131\" a\u00e7arlar. Bu etkinlik hasad\u0131n biti\u015fini ve k\u0131\u015f\u0131n ba\u015flang\u0131c\u0131n\u0131 sembolize eder.<\/li>\n<\/ul>\n<h2><span class=\"ez-toc-section\" id=\"4_The_cost_of_living_in_the_Czech_Republic\"><\/span>4. \u00c7ek Cumhuriyeti'nde ya\u015fam maliyeti<span class=\"ez-toc-section-end\"><\/span><\/h2>\n<p>\u00c7ek Cumhuriyeti'nde ya\u015fam maliyeti di\u011fer Avrupa \u00fclkelerine g\u00f6re \u00e7ok daha uygun. T\u00fcrkiye'den 30% daha d\u00fc\u015f\u00fck <a href=\"https:\/\/moverdb.com\/tr\/moving-to-the-united-states\/living\/\" data-internallinksmanager029f6b8e52c=\"142\" title=\"ABD&#039;de Ya\u015famaya Dair Ta\u015f\u0131nmadan \u00d6nce Bilinmesi Gereken 21 S\u0131r\">Birle\u015fik Devletler ya\u015fam<\/a> fiyatlar... etkileyici, biliyoruz. Ancak, ayl\u0131k ya\u015fam maliyetleri bo\u015f zaman\u0131n\u0131z\u0131 nas\u0131l ge\u00e7irmek istedi\u011finize ba\u011fl\u0131 olarak de\u011fi\u015fecektir!<\/p>\n<p>Ortalama bir litre s\u00fct\u00fcn fiyat\u0131 82 sent civar\u0131ndayken, bir somun taze beyaz ekmek $1,12'dir.<\/p>\n<h2><span class=\"ez-toc-section\" id=\"5_Getting_a_Visa\"><\/span>5. Vize Almak<span class=\"ez-toc-section-end\"><\/span><\/h2>\n<p>\u00c7ek Cumhuriyeti'nde kal\u0131c\u0131 olarak veya uzun bir s\u00fcre ya\u015famay\u0131 planl\u0131yorsan\u0131z, vize alman\u0131z gerekir. AB vatanda\u015f\u0131ysan\u0131z, \u00c7ek Cumhuriyeti'nde AB mavi kart\u0131 ile \u00e7al\u0131\u015fabilir ve ya\u015fayabilirsiniz, \u00e7\u00fcnk\u00fc bu uzun s\u00fcreli oturma izni olarak say\u0131lacakt\u0131r.<\/p>\n<p>ABD vatanda\u015f\u0131ysan\u0131z, \u00c7ek Cumhuriyeti'nde vizesiz doksan g\u00fcn kalabilirsiniz, ancak uzun s\u00fcreli ikamet i\u00e7in bir \u00e7al\u0131\u015fan kart\u0131na ihtiyac\u0131n\u0131z vard\u0131r. Daimi ikamet, Schengen vizesi almak i\u00e7in vize ba\u015fvurusu yapman\u0131z\u0131 gerektirir.<\/p>\n<p>E\u011fer AB vatanda\u015f\u0131 olmayan bir ABD vatanda\u015f\u0131ysan\u0131z, s\u00fcre\u00e7 ve <a href=\"https:\/\/www.schengenvisainfo.com\/\" target=\"_blank\" rel=\"noopener noreferrer\">vi\u0307ze gereksi\u0307ni\u0307mleri\u0307<\/a> neredeyse ayn\u0131d\u0131r.<\/p>\n<p>Bu i\u015flem i\u00e7in ge\u00e7erli bir pasaportunuz, yeterli paran\u0131z ve sa\u011fl\u0131k sigortan\u0131z olmas\u0131 gerekmektedir.<\/p>\n<h2><span class=\"ez-toc-section\" id=\"6_The_quality_of_life_in_the_Czech_Republic\"><\/span>6. \u00c7ek Cumhuriyeti'nde ya\u015fam kalitesi<span class=\"ez-toc-section-end\"><\/span><\/h2>\n<p>Buna g\u00f6re <a href=\"https:\/\/www.oecdbetterlifeindex.org\/countries\/czech-republic\/\" target=\"_blank\" rel=\"noopener noreferrer\">OECD Daha \u0130yi Ya\u015fam Endeksi<\/a>\u00c7ek Cumhuriyeti ya\u015fam memnuniyeti ortalamas\u0131n\u0131 a\u015fmaktad\u0131r! Ayn\u0131 zamanda i\u015f, e\u011fitim (25-64 ya\u015f grubundakilerin 94%'si lise e\u011fitimine devam etmi\u015ftir) ve sosyal ba\u011flant\u0131lar konular\u0131nda da ortalaman\u0131n \u00fczerindedir.<\/p>\n<p>Ancak, \u00fclkenin ortalamay\u0131 olumsuz y\u00f6nde a\u015ft\u0131\u011f\u0131 ana alan konut oldu. \u00c7eklerin br\u00fct harcanabilir gelirlerinin 20%'sinden fazlas\u0131 ev, kira ve faturalara gidiyor!<\/p>\n<p>Genel olarak bulgular olumluydu ve \u00c7eklerin \u00e7o\u011fu \u00c7ekya'daki ya\u015famlar\u0131ndan memnun olduklar\u0131n\u0131 ifade etti.<\/p>\n<h2><span class=\"ez-toc-section\" id=\"7_Whats_the_weather_like\"><\/span>7. Hava durumu nas\u0131l?<span class=\"ez-toc-section-end\"><\/span><\/h2>\n<p>\u00c7ek Cumhuriyeti \u0131l\u0131man bir iklime sahiptir ve genellikle tipik Avrupa karasal havas\u0131 olarak tan\u0131mlan\u0131r.<\/p>\n<p>Yazlar rahat ge\u00e7se de k\u0131\u015flar so\u011fuk ve sert ge\u00e7ebilir, ancak 11\u00b0F'nin alt\u0131na pek d\u00fc\u015fmez.<\/p>\n<p>\u00c7ek Cumhuriyeti'nde hava y\u0131l boyunca par\u00e7al\u0131 bulutludur!<\/p>\n<p>E\u011fer ABD'nin s\u0131cak bir b\u00f6lgesinden geliyorsan\u0131z, hava durumu sizi \u015fok edebilir. Ama e\u011fer Amerika'n\u0131n <a href=\"https:\/\/moverdb.com\/tr\/moving-to-the-uk\/\" data-internallinksmanager029f6b8e52c=\"93\" title=\"Birle\u015fik Krall\u0131k&#039;a m\u0131 ta\u015f\u0131n\u0131yorsunuz? 2026 Ya\u015fam Maliyetleri &amp; Yer De\u011fi\u015ftirme \u0130pu\u00e7lar\u0131\">BIRLE\u015eIK KRALLIK<\/a> ya da benzeri bir \u015fey, muhtemelen so\u011fuk k\u0131\u015flara al\u0131\u015f\u0131ks\u0131n\u0131zd\u0131r, bu y\u00fczden \u00f6nemli de\u011fil!<\/p>\n<h2><span class=\"ez-toc-section\" id=\"8_Czech_Cuisine\"><\/span>8. \u00c7ek Mutfa\u011f\u0131<span class=\"ez-toc-section-end\"><\/span><\/h2>\n<p><img loading=\"lazy\" decoding=\"async\" src=\"https:\/\/moverdb.com\/wp-content\/uploads\/shutterstock_2179100231.jpg\" alt=\"\" width=\"1000\" height=\"667\" class=\"aligncenter size-full wp-image-16364\" srcset=\"https:\/\/moverdb.com\/wp-content\/uploads\/shutterstock_2179100231.jpg 1000w, https:\/\/moverdb.com\/wp-content\/uploads\/shutterstock_2179100231-300x200.jpg 300w, https:\/\/moverdb.com\/wp-content\/uploads\/shutterstock_2179100231-18x12.jpg 18w\" sizes=\"auto, (max-width: 1000px) 100vw, 1000px\" \/><\/p>\n<p>\u00c7ek mutfa\u011f\u0131 et ve ni\u015fasta bak\u0131m\u0131ndan zengindir ve ortak felsefeleri ya\u011f\u0131n dostunuz oldu\u011fudur! Doyurucu yemekler tipik olarak do\u011fal soslarda pi\u015fmi\u015f etler, ha\u015flanm\u0131\u015f sebzeler ve krema i\u00e7eren kal\u0131n \u00e7orbalar ve soslar ve k\u00f6ftelerdir.<\/p>\n<p>Ve \u00c7ekya'n\u0131n en sevilen i\u00e7ece\u011fi... tahmin etti\u011finiz gibi - bira! En pop\u00fclerleri Pilsner Urquell ve Budweiser Budvar'd\u0131r. E\u011fer bir bira hayran\u0131ysan\u0131z, buraya uyum sa\u011flayaca\u011f\u0131n\u0131zdan eminiz!<\/p>\n<h2><span class=\"ez-toc-section\" id=\"9_They_offer_high-quality_education\"><\/span>9. Y\u00fcksek kaliteli e\u011fitim sunarlar<span class=\"ez-toc-section-end\"><\/span><\/h2>\n<p>K\u00fc\u00e7\u00fck \u00e7ocuklar\u0131n\u0131z i\u00e7in e\u011fitim konusunda endi\u015feleriniz varsa, \u00c7ek Cumhuriyeti benzersiz kalitede e\u011fitim sunmaktad\u0131r. M\u00fckemmel e\u011fitim sistemiyle tan\u0131nan \u00fclke, gurbet\u00e7i \u00e7ocuklara \u00e7e\u015fitli akademik f\u0131rsatlar sunuyor!<\/p>\n<p><a href=\"https:\/\/www.international-schools-database.com\/country\/czech-republic\" target=\"_blank\" rel=\"noopener noreferrer\">Uluslararas\u0131 okullar<\/a> ABD'den gelen \u00e7ocuklar i\u00e7in genellikle ABD veya Birle\u015fik Krall\u0131k'tan bir m\u00fcfredat modelini takip eden ola\u011fan se\u00e7imdir. Birincil e\u011fitim genellikle \u0130ngilizce oldu\u011fu i\u00e7in dil engelleri de \u00e7ocuklar\u0131n\u0131z i\u00e7in bir sorun olmayacakt\u0131r!<\/p>\n<p>Bu okullar ayn\u0131 zamanda uluslararas\u0131 kabul g\u00f6rm\u00fc\u015f akreditasyon ve mesleki yeterlilikler sunarak y\u00fcksek \u00f6\u011frenim standartlar\u0131na sahiptir. K\u00fc\u00e7\u00fck s\u0131n\u0131flar, etkileyici tesisler ve sunulan bir\u00e7ok m\u00fcfredat d\u0131\u015f\u0131 etkinlikle, k\u00fc\u00e7\u00fcklerinizin en iyisini ald\u0131\u011f\u0131ndan emin olabilirsiniz.<\/p>\n<h2><span class=\"ez-toc-section\" id=\"10_The_country_has_a_huge_expat_community\"><\/span>10. \u00dclkede b\u00fcy\u00fck bir g\u00f6\u00e7men toplulu\u011fu var<span class=\"ez-toc-section-end\"><\/span><\/h2>\n<p>2017 y\u0131l\u0131nda \u00c7ek Cumhuriyeti'nin toplam n\u00fcfusunun 7%'sini gurbet\u00e7iler olu\u015ftururken, \u00e7o\u011fu ki\u015fi Prag'a ta\u015f\u0131nmay\u0131 tercih etmi\u015ftir. Prag halk\u0131n\u0131n 14% gibi etkileyici bir k\u0131sm\u0131 yabanc\u0131 do\u011fumlu ki\u015filerden olu\u015fmaktad\u0131r.<\/p>\n<p>Ancak Prag tek se\u00e7enek de\u011fildir ve Brno, Plze\u0148 ve Ostrava da dahil olmak \u00fczere di\u011fer bir\u00e7ok \u00c7ek \u015fehri g\u00f6\u00e7men dostudur.<\/p>\n<p>Ya\u015famak i\u00e7in son derece g\u00fcvenli bir yer ve y\u00fcksek gurbet\u00e7i ya\u015fam memnuniyeti olarak, \u00c7ek Cumhuriyeti'nin neden bu kadar \u00e7ekici oldu\u011fu ve yar\u0131m milyondan fazla gurbet\u00e7iye ev sahipli\u011fi yapt\u0131\u011f\u0131 a\u00e7\u0131kt\u0131r!<\/p>\n<h2><span class=\"ez-toc-section\" id=\"11_They_have_the_most_castles_in_Europe\"><\/span>11. Avrupa'da en \u00e7ok kaleye sahip \u00fclkeler<span class=\"ez-toc-section-end\"><\/span><\/h2>\n<p><img loading=\"lazy\" decoding=\"async\" src=\"https:\/\/moverdb.com\/wp-content\/uploads\/shutterstock_2337845517.jpg\" alt=\"\" width=\"1000\" height=\"562\" class=\"aligncenter size-full wp-image-16363\" srcset=\"https:\/\/moverdb.com\/wp-content\/uploads\/shutterstock_2337845517.jpg 1000w, https:\/\/moverdb.com\/wp-content\/uploads\/shutterstock_2337845517-300x169.jpg 300w, https:\/\/moverdb.com\/wp-content\/uploads\/shutterstock_2337845517-18x10.jpg 18w\" sizes=\"auto, (max-width: 1000px) 100vw, 1000px\" \/><\/p>\n<p>E\u011fer kalelere bakmay\u0131 seviyorsan\u0131z, \u00c7ek Cumhuriyeti bu mimari harikalar\u0131n 2000'den fazlas\u0131na ev sahipli\u011fi yap\u0131yor...<\/p>\n<p>\u0130yi bir ba\u015flang\u0131\u00e7 noktas\u0131 ba\u015fkent olan Prag Kalesi, dudak u\u00e7uklatan 570 metre y\u00fcksekli\u011fiyle d\u00fcnyan\u0131n en b\u00fcy\u00fck antik kalesidir!<\/p>\n<h2><span class=\"ez-toc-section\" id=\"12_The_Czechs_love_beer\"><\/span>12. \u00c7ekler biray\u0131 sever<span class=\"ez-toc-section-end\"><\/span><\/h2>\n<p>Sadece bu b\u00f6l\u00fcme yer vermemiz gerekti\u011fini d\u00fc\u015f\u00fcnd\u00fck. Ama anlad\u0131\u011f\u0131n\u0131zdan eminiz...<\/p>\n<h2><span class=\"ez-toc-section\" id=\"13_They_are_crazy_about_mushrooms\"><\/span>13. Mantarlara bay\u0131l\u0131rlar<span class=\"ez-toc-section-end\"><\/span><\/h2>\n<p>Evet, bizi do\u011fru duydunuz!<\/p>\n<p>\"Mantar toplama\" y\u0131lda bir kez (en az) ger\u00e7ekle\u015fen ve mantar toplay\u0131p yemeyi i\u00e7eren \u00fclke \u00e7ap\u0131nda bir gelenektir.<\/p>\n<p>\u00c7ekler mantarlar\u0131 \"fakirlerin eti\" olarak g\u00f6rd\u00fckleri i\u00e7in bu sebzeden vergi al\u0131nm\u0131yor. Sevilmeyecek ne var?<\/p>\n<h2><span class=\"ez-toc-section\" id=\"14_Youll_love_the_architecture\"><\/span>14. Mimariyi seveceksiniz<span class=\"ez-toc-section-end\"><\/span><\/h2>\n<p>\u00c7ek Cumhuriyeti'nin mimarisi Bohemya Gotik'inden R\u00f6nesans'a, kom\u015fu trendlere kadar uzan\u0131yordu ve \u015fu \u00fclkelerden gelen yabanc\u0131 mimarlardan etkilenmi\u015fti <a href=\"https:\/\/moverdb.com\/tr\/moving-to-germany\/\" data-internallinksmanager029f6b8e52c=\"321\" title=\"Almanya&#039;ya m\u0131 ta\u015f\u0131n\u0131yorsunuz? 2026 Ya\u015fam Maliyetleri &amp; Yer De\u011fi\u015ftirme \u0130pu\u00e7lar\u0131\">Almanya<\/a>, <a href=\"https:\/\/moverdb.com\/tr\/moving-to-italy\/\" data-internallinksmanager029f6b8e52c=\"346\" title=\"\u0130talya&#039;ya m\u0131 Ta\u015f\u0131n\u0131yorsunuz? 2026 Ya\u015fam Maliyetleri &amp; Yer De\u011fi\u015ftirme \u0130pu\u00e7lar\u0131\">\u0130talya<\/a>ve <a href=\"https:\/\/moverdb.com\/tr\/moving-to-france\/\" data-internallinksmanager029f6b8e52c=\"315\" title=\"Fransa&#039;ya m\u0131 ta\u015f\u0131n\u0131yorsunuz? 2026 Ya\u015fam Maliyetleri &amp; Yer De\u011fi\u015ftirme \u0130pu\u00e7lar\u0131\">Fransa<\/a>.<\/p>\n<p>Buradaki mimaride \u00e7o\u011fu tarihi stil temsil edilmektedir. Avrupa'n\u0131n merkezinde yer alan bir \u00fclke olarak bir\u00e7ok k\u00fclt\u00fcrle kar\u015f\u0131la\u015f\u0131lm\u0131\u015ft\u0131r. \u00c7ok say\u0131da kal\u0131nt\u0131 ve hatta \u00e7a\u011fda\u015f mimari g\u00f6rmeyi bile bekleyebilirsiniz.<\/p>\n<h2><span class=\"ez-toc-section\" id=\"15_Make_time_to_check_out_the_Astro_clock\"><\/span>15. Astro saati kontrol etmek i\u00e7in zaman ay\u0131r\u0131n<span class=\"ez-toc-section-end\"><\/span><\/h2>\n<p><img loading=\"lazy\" decoding=\"async\" src=\"https:\/\/moverdb.com\/wp-content\/uploads\/shutterstock_1936285012.jpg\" alt=\"\" width=\"1000\" height=\"706\" class=\"aligncenter size-full wp-image-16362\" srcset=\"https:\/\/moverdb.com\/wp-content\/uploads\/shutterstock_1936285012.jpg 1000w, https:\/\/moverdb.com\/wp-content\/uploads\/shutterstock_1936285012-300x212.jpg 300w, https:\/\/moverdb.com\/wp-content\/uploads\/shutterstock_1936285012-18x12.jpg 18w\" sizes=\"auto, (max-width: 1000px) 100vw, 1000px\" \/><\/p>\n<p>600 y\u0131ldan daha eski olan Prag'daki Astro Saat, ba\u015fkentin en \u00fcnl\u00fc cazibe merkezlerinden biridir. \u00c7arp\u0131c\u0131 bir sanat eseri ve tarihin \u00f6nemli bir par\u00e7as\u0131 olan bu saat ayn\u0131 zamanda i\u015flevseldir de!<\/p>\n<p>Saat, tarih, zodyak ve astronomi bilgileri gibi ayr\u0131nt\u0131lar\u0131 g\u00f6steren bu saat, bug\u00fcn h\u00e2l\u00e2 \u00e7al\u0131\u015fmakta olan en eski astronomik saattir.<\/p>\n<p>Hen\u00fcz etkilenmediniz mi? Sabah 9 ile ak\u015fam 9 aras\u0131nda her saat ba\u015f\u0131 harekete ge\u00e7en 12 havariyi duyana kadar bekleyin...<\/p>\n<p>Bu fantastik cazibe merkezi ka\u00e7\u0131r\u0131lmamal\u0131d\u0131r.<\/p>\n<h2><span class=\"ez-toc-section\" id=\"16_They_have_the_%E2%80%98Crying_Wall\"><\/span>16. 'A\u011flama Duvar\u0131' var<span class=\"ez-toc-section-end\"><\/span><\/h2>\n<p>Prag'\u0131n en merkezi b\u00f6lgesi olan Praha 1'de bulunan bu tarihi ve siyasi sembol, \"John Lennon Duvar\u0131\" olarak da bilinen \"A\u011flama Duvar\u0131 \"d\u0131r.<\/p>\n<p>Bug\u00fcn grafitilerle kapl\u0131 olan bu yap\u0131, s\u00fcrekli geli\u015fen do\u011fas\u0131n\u0131n hik\u00e2yesini anlatmaktad\u0131r ve siyasi a\u00e7\u0131dan son derece \u00f6nemlidir.<\/p>\n<p>Esasen Prag'da grafitinin yasal say\u0131ld\u0131\u011f\u0131 tek yer olan 'A\u011flama Duvar\u0131' 1980'lerde ortaya \u00e7\u0131km\u0131\u015f ve ba\u015flang\u0131\u00e7ta John Lennon'\u0131n b\u00fcy\u00fck bir duvar resmini bar\u0131nd\u0131rm\u0131\u015ft\u0131r (ad\u0131 da buradan gelmektedir).<\/p>\n<p>John Lennon'\u0131n \u015fark\u0131lar\u0131, \u00c7eklerin Bat\u0131l\u0131 pop \u015fark\u0131lar\u0131n\u0131 dinlemelerinin bile yasak oldu\u011fu bir d\u00f6nemde bar\u0131\u015f\u0131 savunuyordu - buras\u0131 hayal k\u0131r\u0131kl\u0131klar\u0131n\u0131 d\u00f6kmek i\u00e7in bir yerdi.<\/p>\n<p>Duvar bug\u00fcn hala \u00c7ek h\u00fck\u00fcmeti ve sert otorite taraf\u0131ndan olu\u015fturulmu\u015f \u00f6nemli bir sembol olarak kabul edilmektedir.<\/p>\n<h2><span class=\"ez-toc-section\" id=\"17_The_most_popular_sport_is_ice_hockey\"><\/span>17. En pop\u00fcler spor buz hokeyidir<span class=\"ez-toc-section-end\"><\/span><\/h2>\n<p><img loading=\"lazy\" decoding=\"async\" src=\"https:\/\/moverdb.com\/wp-content\/uploads\/shutterstock_269614604.jpg\" alt=\"\" width=\"1000\" height=\"664\" class=\"aligncenter size-full wp-image-16361\" srcset=\"https:\/\/moverdb.com\/wp-content\/uploads\/shutterstock_269614604.jpg 1000w, https:\/\/moverdb.com\/wp-content\/uploads\/shutterstock_269614604-300x200.jpg 300w, https:\/\/moverdb.com\/wp-content\/uploads\/shutterstock_269614604-18x12.jpg 18w\" sizes=\"auto, (max-width: 1000px) 100vw, 1000px\" \/><\/p>\n<p>Buz hokeyi (futbolun hemen ard\u0131ndan) \u00c7ek Cumhuriyeti'nin en pop\u00fcler sporudur. \u00c7ek Cumhuriyeti'nde ya\u015famak, d\u00fcnyan\u0131n pek \u00e7ok yerinde ihmal edilen bu sporu g\u00f6rmezden gelmenizi imkans\u0131z hale getirecektir.<\/p>\n<p>Bohemya Ulusal buz hokeyi tak\u0131m\u0131 ilk resmi tak\u0131m\u0131d\u0131r ve galibiyet ve ma\u011flubiyetlerden pay\u0131na d\u00fc\u015feni alm\u0131\u015ft\u0131r.<\/p>\n<h2><span class=\"ez-toc-section\" id=\"18_One_of_the_least_religious_countries_in_the_world\"><\/span>18. D\u00fcnyan\u0131n en az dindar \u00fclkelerinden biri<span class=\"ez-toc-section-end\"><\/span><\/h2>\n<p>Bu do\u011fru. \u00c7eklerin 39.8%'si kendilerini ateist olarak g\u00f6rmektedir.<\/p>\n<p>Bir\u00e7ok ki\u015fi bunun Kom\u00fcnizmin bir sonucu oldu\u011funa inanmaktad\u0131r. Ancak bunun kan\u0131tlanm\u0131\u015f bir nedeni vard\u0131r.<\/p>\n<h2><span class=\"ez-toc-section\" id=\"18_High_standard_of_healthcare\"><\/span>18. Y\u00fcksek standartta sa\u011fl\u0131k hizmeti<span class=\"ez-toc-section-end\"><\/span><\/h2>\n<p>\u00c7ek Cumhuriyeti, d\u00fcnyan\u0131n en iyilerinden biri olarak kabul edilen etkileyici bir evrensel sa\u011fl\u0131k sistemine sahiptir. Zorunlu sigorta modeline dayanan bu uygun fiyatl\u0131 sistem, b\u00f6lge sakinlerinin ayl\u0131k katk\u0131lar\u0131yla kar\u015f\u0131lanmaktad\u0131r.<\/p>\n<p>\u00c7ek Cumhuriyeti'nde ya\u015farken sa\u011fl\u0131k durumu hakk\u0131nda endi\u015feleriniz varsa, b\u00fcy\u00fck bir g\u00f6\u00e7men n\u00fcfusu oldu\u011fu i\u00e7in bir\u00e7ok doktorun \u0130ngilizce konu\u015ftu\u011fundan emin olabilirsiniz.<\/p>\n<h2><span class=\"ez-toc-section\" id=\"19_Work-life_balance_in_the_Czech_Republic\"><\/span>19. \u00c7ek Cumhuriyeti'nde i\u015f-ya\u015fam dengesi<span class=\"ez-toc-section-end\"><\/span><\/h2>\n<p>Daha \u00f6nce de belirtildi\u011fi gibi, \u00c7ek Cumhuriyeti halk\u0131 i\u00e7in bo\u015f zaman \u00e7ok \u00f6nemlidir. Peki, sa\u011fl\u0131kl\u0131 bir i\u015f-ya\u015fam dengesini korumak ne kadar kolay?<\/p>\n<p>\u00c7ek Cumhuriyeti'ndeki d\u00fc\u015f\u00fck ya\u015fam maliyeti, orada hayat\u0131n\u0131z\u0131n tad\u0131n\u0131 \u00e7\u0131karmak i\u00e7in m\u00fcstehcen saatlerde \u00e7al\u0131\u015fma konusunda endi\u015felenmenize gerek olmad\u0131\u011f\u0131 anlam\u0131na gelir.<\/p>\n<h2><span class=\"ez-toc-section\" id=\"20_The_public_transport_system_is_excellent\"><\/span>20. Toplu ta\u015f\u0131ma sistemi m\u00fckemmeldir<span class=\"ez-toc-section-end\"><\/span><\/h2>\n<p>Bir\u00e7ok \u00c7ek \u015fehri, vatanda\u015flar\u0131n h\u0131zl\u0131 bir \u015fekilde dola\u015fmalar\u0131n\u0131 sa\u011flayan tramvay a\u011flar\u0131na sahiptir. Prag'da tramvaylar haftan\u0131n yedi g\u00fcn\u00fc 24 saat \u00e7al\u0131\u015fmaktad\u0131r. Ancak bu saatler farkl\u0131 \u015fehirlerde de\u011fi\u015fiklik g\u00f6sterebilir.<\/p>\n<p>T\u00fcm \u015fehirlerin trenlere eri\u015fimi vard\u0131r ve otob\u00fcsler \u00e7o\u011fu \u015fehirde tercih edilen bir ula\u015f\u0131m \u015feklidir.<\/p>\n<p>Her \u015fehirde metro bulunmaz. Ancak Prag'\u0131n metro a\u011f\u0131 60'tan fazla istasyona sahiptir ve 40 mil boyunca uzanmaktad\u0131r.<\/p>\n<h2><span class=\"ez-toc-section\" id=\"21_Hills_and_medium-high_mountains_dominate_the_landscape\"><\/span>21. Tepeler ve orta y\u00fckseklikteki da\u011flar manzaraya hakimdir<span class=\"ez-toc-section-end\"><\/span><\/h2>\n<p><img loading=\"lazy\" decoding=\"async\" src=\"https:\/\/moverdb.com\/wp-content\/uploads\/shutterstock_1602345085.jpg\" alt=\"\" width=\"1000\" height=\"538\" class=\"aligncenter size-full wp-image-16368\" srcset=\"https:\/\/moverdb.com\/wp-content\/uploads\/shutterstock_1602345085.jpg 1000w, https:\/\/moverdb.com\/wp-content\/uploads\/shutterstock_1602345085-300x161.jpg 300w, https:\/\/moverdb.com\/wp-content\/uploads\/shutterstock_1602345085-18x10.jpg 18w\" sizes=\"auto, (max-width: 1000px) 100vw, 1000px\" \/><\/p>\n<p>Bohemya, \u00fclkenin \u00fc\u00e7te ikisini olu\u015fturan tepeler ve da\u011flardan olu\u015fur ve \u00fclkenin en y\u00fcksek zirvesine ev sahipli\u011fi yapar. \u00c7ekya'n\u0131n do\u011fusundaki \u00fc\u00e7te birlik k\u0131s\u0131m da bir nehir havzas\u0131nda yer al\u0131r ve tepelerden olu\u015fur.<\/p>\n<p>Da\u011flar neredeyse t\u00fcm \u00fclkeyi \u00e7evreliyor!<\/p>\n<h2><span class=\"ez-toc-section\" id=\"FAQs\"><\/span>SSS<span class=\"ez-toc-section-end\"><\/span><\/h2>\n<h3><span class=\"ez-toc-section\" id=\"Is_the_Czech_Republic_part_of_the_European_Free_Trade_Association\"><\/span>\u00c7ek Cumhuriyeti Avrupa Serbest Ticaret Birli\u011fi'nin bir par\u00e7as\u0131 m\u0131?<span class=\"ez-toc-section-end\"><\/span><\/h3>\n<p>Hay\u0131r. EFTA'n\u0131n sadece d\u00f6rt \u00fcye \u00fclkesi var ve \u00c7ek Cumhuriyeti bunlardan biri de\u011fil.<\/p>\n<h3><span class=\"ez-toc-section\" id=\"Is_the_Czech_Republic_a_safe_country\"><\/span>\u00c7ek Cumhuriyeti g\u00fcvenli bir \u00fclke mi?<span class=\"ez-toc-section-end\"><\/span><\/h3>\n<p>Evet, \u00c7ek Cumhuriyeti d\u00fcnyan\u0131n en g\u00fcvenli \u00fclkelerinden biri olarak kabul edilmektedir.<\/p>\n<h3><span class=\"ez-toc-section\" id=\"How_many_national_holidays_does_the_Czech_Republic_have\"><\/span>\u00c7ek Cumhuriyeti'nde ka\u00e7 tane ulusal bayram vard\u0131r?<span class=\"ez-toc-section-end\"><\/span><\/h3>\n<p>\u00c7ek Cumhuriyeti'nde 13 ulusal bayram vard\u0131r.<\/p>\n<h3><span class=\"ez-toc-section\" id=\"Is_the_Czech_Republic_considered_Eastern_Europe\"><\/span>\u00c7ek Cumhuriyeti Do\u011fu Avrupa olarak kabul ediliyor mu?<span class=\"ez-toc-section-end\"><\/span><\/h3>\n<p>Evet, \u00c7ek Cumhuriyeti BM taraf\u0131ndan bu \u015fekilde kabul ediliyor. Ancak, \u00e7o\u011fu insan onu Orta Avrupa olarak g\u00f6r\u00fcyor.<\/p>\n<h2><span class=\"ez-toc-section\" id=\"Final_Thoughts\"><\/span>Son D\u00fc\u015f\u00fcnceler<span class=\"ez-toc-section-end\"><\/span><\/h2>\n<p>Genel olarak, \u00c7ek Cumhuriyeti'nde ya\u015famak inan\u0131lmaz bir deneyim gibi g\u00f6r\u00fcn\u00fcyor. D\u00fc\u015f\u00fck ya\u015fam maliyetleri ve gurbet\u00e7iler i\u00e7in y\u00fcksek ya\u015fam memnuniyeti, \u00fclkeye ta\u015f\u0131nmay\u0131 hi\u00e7 de zor bir i\u015f gibi g\u00f6stermiyor! Y\u00fcksek e\u011fitim standard\u0131, sa\u011fl\u0131k sistemi ve... bira tutkusundan bahsetmiyorum bile.<\/p>\n<h2><span class=\"ez-toc-section\" id=\"Other_Useful_Guides_to_the_Czech_Republic\"><\/span>\u00c7ek Cumhuriyeti i\u00e7in Di\u011fer Faydal\u0131 Rehberler<span class=\"ez-toc-section-end\"><\/span><\/h2>\n<ul>\n<li> <a href=\"https:\/\/moverdb.com\/tr\/moving-to-the-czech-republic\/\">\u00c7ek Cumhuriyeti'ne mi ta\u015f\u0131n\u0131yorsunuz? 2024 Ya\u015fam Maliyetleri &amp; Yer De\u011fi\u015ftirme \u0130pu\u00e7lar\u0131<\/a><\/li>\n<li> <a href=\"https:\/\/moverdb.com\/tr\/moving-to-the-czech-republic\/best-places-to-live-in-czech-republic\/\">\u00c7ek Cumhuriyeti'nde Ya\u015fanabilecek En \u0130yi 12 Yer<\/a><\/li>\n<li> <a href=\"https:\/\/moverdb.com\/tr\/tasinma-si%cc%87rketleri%cc%87\/tasinan-sirketler-cek-cumhuriyeti\/\">\u00c7ek Cumhuriyeti'ndeki En \u0130yi 5 Uluslararas\u0131 Nakliye \u015eirketi<\/a><\/li>\n<li> <a href=\"https:\/\/moverdb.com\/tr\/konteyner-tasimaciligi\/cek-cumhuriyeti\/\">2024 \u00c7ek Cumhuriyeti'ne ve \u00c7ek Cumhuriyeti'nden Deniz Ta\u015f\u0131mac\u0131l\u0131\u011f\u0131 Konteyner Nakliye Fiyatlar\u0131<\/a><\/li>\n<\/ul>","protected":false},"excerpt":{"rendered":"<p>Are you thinking about moving to the Czech Republic? Famous for its stunning architecture and beautiful capital city of Prague, Czechia is ranked as one of the safest places to live on Earth. With over half a million expats in the country, the Czech Republic seems an attractive place to live. But wait &#8211; take [&hellip;]<\/p>\n","protected":false},"author":1,"featured_media":0,"parent":8237,"menu_order":0,"comment_status":"closed","ping_status":"closed","template":"","meta":{"_genesis_hide_title":false,"_genesis_hide_breadcrumbs":false,"_genesis_hide_singular_image":false,"_genesis_hide_footer_widgets":false,"_genesis_custom_body_class":"","_genesis_custom_post_class":"","_genesis_layout":"","footnotes":""},"class_list":{"0":"post-9648","1":"page","2":"type-page","3":"status-publish","5":"entry","6":"has-post-thumbnail"},"_links":{"self":[{"href":"https:\/\/moverdb.com\/tr\/wp-json\/wp\/v2\/pages\/9648","targetHints":{"allow":["GET"]}}],"collection":[{"href":"https:\/\/moverdb.com\/tr\/wp-json\/wp\/v2\/pages"}],"about":[{"href":"https:\/\/moverdb.com\/tr\/wp-json\/wp\/v2\/types\/page"}],"author":[{"embeddable":true,"href":"https:\/\/moverdb.com\/tr\/wp-json\/wp\/v2\/users\/1"}],"replies":[{"embeddable":true,"href":"https:\/\/moverdb.com\/tr\/wp-json\/wp\/v2\/comments?post=9648"}],"version-history":[{"count":5,"href":"https:\/\/moverdb.com\/tr\/wp-json\/wp\/v2\/pages\/9648\/revisions"}],"predecessor-version":[{"id":16369,"href":"https:\/\/moverdb.com\/tr\/wp-json\/wp\/v2\/pages\/9648\/revisions\/16369"}],"up":[{"embeddable":true,"href":"https:\/\/moverdb.com\/tr\/wp-json\/wp\/v2\/pages\/8237"}],"wp:attachment":[{"href":"https:\/\/moverdb.com\/tr\/wp-json\/wp\/v2\/media?parent=9648"}],"curies":[{"name":"wp","href":"https:\/\/api.w.org\/{rel}","templated":true}]}}