{"id":9597,"date":"2024-06-25T12:23:11","date_gmt":"2024-06-25T12:23:11","guid":{"rendered":"https:\/\/moverdb.com\/?page_id=9597"},"modified":"2026-01-08T15:03:01","modified_gmt":"2026-01-08T15:03:01","slug":"living-in-belgium","status":"publish","type":"page","link":"https:\/\/moverdb.com\/tr\/moving-to-belgium\/living-in-belgium\/","title":{"rendered":"Bel\u00e7ika'da Ya\u015famak Hakk\u0131nda Ta\u015f\u0131nmadan \u00d6nce Bilmeniz Gereken 21 S\u0131r"},"content":{"rendered":"<p><a href=\"https:\/\/moverdb.com\/tr\/moving-to-belgium\/\" data-internallinksmanager029f6b8e52c=\"323\" title=\"Bel\u00e7ika&#039;ya m\u0131 Ta\u015f\u0131n\u0131yorsunuz? 2026 Ya\u015fam Maliyetleri &amp; Yer De\u011fi\u015ftirme \u0130pu\u00e7lar\u0131\">Bel\u00e7ika<\/a>D\u00fcnyan\u0131n en iyi \u00e7ikolatac\u0131lar\u0131na sahip \u00fclke; patates k\u0131zartmas\u0131n\u0131n atalar\u0131n\u0131n evi ve d\u00fcnyan\u0131n en g\u00fc\u00e7l\u00fc biralar\u0131ndan baz\u0131lar\u0131n\u0131 i\u00e7mek i\u00e7in gitti\u011finiz yer. Bel\u00e7ika'da ya\u015fayan eski bir g\u00f6\u00e7men olarak <em>olacak<\/em> Bol miktarda \u00e7ikolata, patates k\u0131zartmas\u0131 ve bira ile kar\u015f\u0131la\u015fabilirsiniz, ancak bu Bat\u0131 Avrupa \u00fclkesinde ke\u015ffedilecek \u00e7ok daha fazla \u015fey var!<\/p>\n<p>Bu kadar k\u00fc\u00e7\u00fck bir \u00fclke olmas\u0131na ra\u011fmen (AB'nin en k\u00fc\u00e7\u00fck be\u015finci \u00fclkesi!) Bel\u00e7ika'n\u0131n sunabilece\u011fi \u00e7ok \u015fey vard\u0131r ve bunlar\u0131 tam olarak deneyimlemek i\u00e7in oraya ta\u015f\u0131nman\u0131z gerekir. D\u00fcnyada ya\u015famak i\u00e7in en iyi yerlerden biri olmas\u0131na ra\u011fmen Bel\u00e7ika, ABD'den farkl\u0131 bir d\u00fcnya gibi gelebilir ve i\u015flerin nas\u0131l y\u00fcr\u00fcd\u00fc\u011f\u00fcne al\u0131\u015fmak biraz zaman al\u0131r.<\/p>\n<p>Bel\u00e7ika'ya ta\u015f\u0131n\u0131yorsan\u0131z, hem ta\u015f\u0131nmaya haz\u0131rlanman\u0131za hem de ta\u015f\u0131nd\u0131ktan sonra yerle\u015fmenize yard\u0131mc\u0131 olmak i\u00e7in \u00fclke hakk\u0131nda 21 s\u0131rdan olu\u015fan bu makaleyi haz\u0131rlad\u0131k.<\/p>\n<div id=\"ez-toc-container\" class=\"ez-toc-v2_0_82_2 ez-toc-wrap-left counter-hierarchy ez-toc-counter ez-toc-transparent ez-toc-container-direction\">\n<div class=\"ez-toc-title-container\">\n<p class=\"ez-toc-title\" style=\"cursor:inherit\">B\u00f6l\u00fcmler<\/p>\n<span class=\"ez-toc-title-toggle\"><a href=\"#\" class=\"ez-toc-pull-right ez-toc-btn ez-toc-btn-xs ez-toc-btn-default ez-toc-toggle\" aria-label=\"\u0130\u00e7indekiler Tablosunu A\u00e7\/Kapat\"><span class=\"ez-toc-js-icon-con\"><span class=\"\"><span class=\"eztoc-hide\" style=\"display:none;\">Ge\u00e7i\u015f<\/span><span class=\"ez-toc-icon-toggle-span\"><svg style=\"fill: #999;color:#999\" xmlns=\"http:\/\/www.w3.org\/2000\/svg\" class=\"list-377408\" width=\"20px\" height=\"20px\" viewbox=\"0 0 24 24\" fill=\"none\"><path d=\"M6 6H4v2h2V6zm14 0H8v2h12V6zM4 11h2v2H4v-2zm16 0H8v2h12v-2zM4 16h2v2H4v-2zm16 0H8v2h12v-2z\" fill=\"currentColor\"><\/path><\/svg><svg style=\"fill: #999;color:#999\" class=\"arrow-unsorted-368013\" xmlns=\"http:\/\/www.w3.org\/2000\/svg\" width=\"10px\" height=\"10px\" viewbox=\"0 0 24 24\" version=\"1.2\" baseprofile=\"tiny\"><path d=\"M18.2 9.3l-6.2-6.3-6.2 6.3c-.2.2-.3.4-.3.7s.1.5.3.7c.2.2.4.3.7.3h11c.3 0 .5-.1.7-.3.2-.2.3-.5.3-.7s-.1-.5-.3-.7zM5.8 14.7l6.2 6.3 6.2-6.3c.2-.2.3-.5.3-.7s-.1-.5-.3-.7c-.2-.2-.4-.3-.7-.3h-11c-.3 0-.5.1-.7.3-.2.2-.3.5-.3.7s.1.5.3.7z\"\/><\/svg><\/span><\/span><\/span><\/a><\/span><\/div>\n<nav><ul class='ez-toc-list ez-toc-list-level-1 eztoc-toggle-hide-by-default' ><li class='ez-toc-page-1 ez-toc-heading-level-2'><a class=\"ez-toc-link ez-toc-heading-1\" href=\"https:\/\/moverdb.com\/tr\/moving-to-belgium\/living-in-belgium\/#1_Belgium_consists_of_three_separate_regions\" >1. Bel\u00e7ika \u00fc\u00e7 ayr\u0131 b\u00f6lgeden olu\u015fmaktad\u0131r<\/a><\/li><li class='ez-toc-page-1 ez-toc-heading-level-2'><a class=\"ez-toc-link ez-toc-heading-2\" href=\"https:\/\/moverdb.com\/tr\/moving-to-belgium\/living-in-belgium\/#2_They_have_three_official_languages\" >2. \u00dc\u00e7 resmi dilleri vard\u0131r<\/a><\/li><li class='ez-toc-page-1 ez-toc-heading-level-2'><a class=\"ez-toc-link ez-toc-heading-3\" href=\"https:\/\/moverdb.com\/tr\/moving-to-belgium\/living-in-belgium\/#3_The_cost_of_living_in_Belgium\" >3. Bel\u00e7ika'da ya\u015fam maliyeti<\/a><\/li><li class='ez-toc-page-1 ez-toc-heading-level-2'><a class=\"ez-toc-link ez-toc-heading-4\" href=\"https:\/\/moverdb.com\/tr\/moving-to-belgium\/living-in-belgium\/#4_Belgian_lifestyle_and_culture\" >4. Bel\u00e7ika ya\u015fam tarz\u0131 ve k\u00fclt\u00fcr\u00fc<\/a><\/li><li class='ez-toc-page-1 ez-toc-heading-level-2'><a class=\"ez-toc-link ez-toc-heading-5\" href=\"https:\/\/moverdb.com\/tr\/moving-to-belgium\/living-in-belgium\/#5_The_people_and_society\" >5. \u0130nsanlar ve toplum<\/a><\/li><li class='ez-toc-page-1 ez-toc-heading-level-2'><a class=\"ez-toc-link ez-toc-heading-6\" href=\"https:\/\/moverdb.com\/tr\/moving-to-belgium\/living-in-belgium\/#6_Food_and_drink_in_Belgium\" >6. Bel\u00e7ika'da yiyecek ve i\u00e7ecek<\/a><\/li><li class='ez-toc-page-1 ez-toc-heading-level-2'><a class=\"ez-toc-link ez-toc-heading-7\" href=\"https:\/\/moverdb.com\/tr\/moving-to-belgium\/living-in-belgium\/#7_The_quality_of_life_in_Belgium\" >7. Bel\u00e7ika'da ya\u015fam kalitesi<\/a><\/li><li class='ez-toc-page-1 ez-toc-heading-level-2'><a class=\"ez-toc-link ez-toc-heading-8\" href=\"https:\/\/moverdb.com\/tr\/moving-to-belgium\/living-in-belgium\/#8_Tax_rates_in_Belgium\" >8. Bel\u00e7ika'daki vergi oranlar\u0131<\/a><\/li><li class='ez-toc-page-1 ez-toc-heading-level-2'><a class=\"ez-toc-link ez-toc-heading-9\" href=\"https:\/\/moverdb.com\/tr\/moving-to-belgium\/living-in-belgium\/#9_They_offer_a_high_standard_of_education\" >9. Y\u00fcksek standartta e\u011fitim sunarlar<\/a><\/li><li class='ez-toc-page-1 ez-toc-heading-level-2'><a class=\"ez-toc-link ez-toc-heading-10\" href=\"https:\/\/moverdb.com\/tr\/moving-to-belgium\/living-in-belgium\/#10_Belgium_is_one_of_the_biggest_chocolate_exporters_in_the_world\" >10. Bel\u00e7ika d\u00fcnyan\u0131n en b\u00fcy\u00fck \u00e7ikolata ihracat\u00e7\u0131lar\u0131ndan biridir<\/a><\/li><li class='ez-toc-page-1 ez-toc-heading-level-2'><a class=\"ez-toc-link ez-toc-heading-11\" href=\"https:\/\/moverdb.com\/tr\/moving-to-belgium\/living-in-belgium\/#11_The_weather_in_Belgium\" >11. Bel\u00e7ika'da hava durumu<\/a><\/li><li class='ez-toc-page-1 ez-toc-heading-level-2'><a class=\"ez-toc-link ez-toc-heading-12\" href=\"https:\/\/moverdb.com\/tr\/moving-to-belgium\/living-in-belgium\/#12_Belgium_offers_both_universal_and_private_health_care\" >12. Bel\u00e7ika hem genel hem de \u00f6zel sa\u011fl\u0131k hizmetleri sunmaktad\u0131r<\/a><\/li><li class='ez-toc-page-1 ez-toc-heading-level-2'><a class=\"ez-toc-link ez-toc-heading-13\" href=\"https:\/\/moverdb.com\/tr\/moving-to-belgium\/living-in-belgium\/#13_Friendly_and_diverse_culture\" >13. Dost canl\u0131s\u0131 ve \u00e7e\u015fitlilik i\u00e7eren k\u00fclt\u00fcr<\/a><\/li><li class='ez-toc-page-1 ez-toc-heading-level-2'><a class=\"ez-toc-link ez-toc-heading-14\" href=\"https:\/\/moverdb.com\/tr\/moving-to-belgium\/living-in-belgium\/#14_Getting_around_in_Belgium\" >14. Bel\u00e7ika'da Ula\u015f\u0131m<\/a><\/li><li class='ez-toc-page-1 ez-toc-heading-level-2'><a class=\"ez-toc-link ez-toc-heading-15\" href=\"https:\/\/moverdb.com\/tr\/moving-to-belgium\/living-in-belgium\/#15_Work_culture_in_Belgium\" >15. Bel\u00e7ika'da \u00e7al\u0131\u015fma k\u00fclt\u00fcr\u00fc<\/a><\/li><li class='ez-toc-page-1 ez-toc-heading-level-2'><a class=\"ez-toc-link ez-toc-heading-16\" href=\"https:\/\/moverdb.com\/tr\/moving-to-belgium\/living-in-belgium\/#16_Crime_rates_are_low\" >16. Su\u00e7 oranlar\u0131 d\u00fc\u015f\u00fckt\u00fcr<\/a><\/li><li class='ez-toc-page-1 ez-toc-heading-level-2'><a class=\"ez-toc-link ez-toc-heading-17\" href=\"https:\/\/moverdb.com\/tr\/moving-to-belgium\/living-in-belgium\/#17_They_are_a_multicultural_country\" >17. \u00c7ok k\u00fclt\u00fcrl\u00fc bir \u00fclkedirler<\/a><\/li><li class='ez-toc-page-1 ez-toc-heading-level-2'><a class=\"ez-toc-link ez-toc-heading-18\" href=\"https:\/\/moverdb.com\/tr\/moving-to-belgium\/living-in-belgium\/#18_Politics_and_government\" >18. Siyaset ve h\u00fck\u00fcmet<\/a><\/li><li class='ez-toc-page-1 ez-toc-heading-level-2'><a class=\"ez-toc-link ez-toc-heading-19\" href=\"https:\/\/moverdb.com\/tr\/moving-to-belgium\/living-in-belgium\/#19_Career_opportunities_for_ex-pats_in_Belgium\" >19. Bel\u00e7ika'daki eski g\u00f6\u00e7menler i\u00e7in kariyer f\u0131rsatlar\u0131<\/a><\/li><li class='ez-toc-page-1 ez-toc-heading-level-2'><a class=\"ez-toc-link ez-toc-heading-20\" href=\"https:\/\/moverdb.com\/tr\/moving-to-belgium\/living-in-belgium\/#20_Public_holidays_in_Belgium\" >20. Bel\u00e7ika'da resmi tatiller<\/a><\/li><li class='ez-toc-page-1 ez-toc-heading-level-2'><a class=\"ez-toc-link ez-toc-heading-21\" href=\"https:\/\/moverdb.com\/tr\/moving-to-belgium\/living-in-belgium\/#21_Belgium_is_a_very_family-friendly_country_to_live_in\" >21. Bel\u00e7ika ya\u015famak i\u00e7in \u00e7ok aile dostu bir \u00fclkedir<\/a><\/li><li class='ez-toc-page-1 ez-toc-heading-level-2'><a class=\"ez-toc-link ez-toc-heading-22\" href=\"https:\/\/moverdb.com\/tr\/moving-to-belgium\/living-in-belgium\/#FAQs\" >SSS<\/a><ul class='ez-toc-list-level-3' ><li class='ez-toc-heading-level-3'><a class=\"ez-toc-link ez-toc-heading-23\" href=\"https:\/\/moverdb.com\/tr\/moving-to-belgium\/living-in-belgium\/#How_do_I_get_a_long-term_visa_for_Belgium\" >Bel\u00e7ika i\u00e7in nas\u0131l uzun s\u00fcreli vize alabilirim?<\/a><\/li><li class='ez-toc-page-1 ez-toc-heading-level-3'><a class=\"ez-toc-link ez-toc-heading-24\" href=\"https:\/\/moverdb.com\/tr\/moving-to-belgium\/living-in-belgium\/#Why_is_Brussels_considered_the_de_facto_capital_of_the_European_Union\" >Br\u00fcksel neden Avrupa Birli\u011fi'nin fiili ba\u015fkenti olarak kabul ediliyor?<\/a><\/li><li class='ez-toc-page-1 ez-toc-heading-level-3'><a class=\"ez-toc-link ez-toc-heading-25\" href=\"https:\/\/moverdb.com\/tr\/moving-to-belgium\/living-in-belgium\/#Do_EU_citizens_need_a_visa_for_Belgium\" >AB vatanda\u015flar\u0131n\u0131n Bel\u00e7ika i\u00e7in vizeye ihtiyac\u0131 var m\u0131?<\/a><\/li><li class='ez-toc-page-1 ez-toc-heading-level-3'><a class=\"ez-toc-link ez-toc-heading-26\" href=\"https:\/\/moverdb.com\/tr\/moving-to-belgium\/living-in-belgium\/#Why_was_the_Belgian_Constitution_amended_four_times\" >Bel\u00e7ika Anayasas\u0131 neden d\u00f6rt kez de\u011fi\u015ftirildi?<\/a><\/li><\/ul><\/li><li class='ez-toc-page-1 ez-toc-heading-level-2'><a class=\"ez-toc-link ez-toc-heading-27\" href=\"https:\/\/moverdb.com\/tr\/moving-to-belgium\/living-in-belgium\/#Final_Thoughts\" >Son D\u00fc\u015f\u00fcnceler<\/a><\/li><li class='ez-toc-page-1 ez-toc-heading-level-2'><a class=\"ez-toc-link ez-toc-heading-28\" href=\"https:\/\/moverdb.com\/tr\/moving-to-belgium\/living-in-belgium\/#Other_Useful_Guides_to_Belgium\" >Bel\u00e7ika \u0130\u00e7in Di\u011fer Faydal\u0131 K\u0131lavuzlar<\/a><\/li><\/ul><\/nav><\/div>\n<h2><span class=\"ez-toc-section\" id=\"1_Belgium_consists_of_three_separate_regions\"><\/span>1. Bel\u00e7ika \u00fc\u00e7 ayr\u0131 b\u00f6lgeden olu\u015fmaktad\u0131r<span class=\"ez-toc-section-end\"><\/span><\/h2>\n<p><img loading=\"lazy\" decoding=\"async\" src=\"https:\/\/moverdb.com\/wp-content\/uploads\/shutterstock_2208248397.jpg\" alt=\"\" width=\"1000\" height=\"666\" class=\"aligncenter size-full wp-image-17096\" srcset=\"https:\/\/moverdb.com\/wp-content\/uploads\/shutterstock_2208248397.jpg 1000w, https:\/\/moverdb.com\/wp-content\/uploads\/shutterstock_2208248397-300x200.jpg 300w, https:\/\/moverdb.com\/wp-content\/uploads\/shutterstock_2208248397-18x12.jpg 18w\" sizes=\"auto, (max-width: 1000px) 100vw, 1000px\" \/><\/p>\n<p>Bel\u00e7ika 3 farkl\u0131 b\u00f6lgeye ayr\u0131lm\u0131\u015ft\u0131r - Br\u00fcksel Ba\u015fkent B\u00f6lgesi, Flaman B\u00f6lgesi ve Valon B\u00f6lgesi - her biri kendi k\u00fclt\u00fcr\u00fcne, politikas\u0131na ve dil topluluklar\u0131na sahiptir. Br\u00fcksel Ba\u015fkent B\u00f6lgesi, sadece Br\u00fcksel \u015fehri ve banliy\u00f6lerinden olu\u015fan 3 b\u00f6lgenin en k\u00fc\u00e7\u00fc\u011f\u00fc ve ayn\u0131 zamanda en \u00e7ok k\u00fclt\u00fcrl\u00fc olan\u0131d\u0131r.<\/p>\n<p>Kuzeyde bulunan Flaman B\u00f6lgesi \u00e7o\u011funlukla Felemenk\u00e7e konu\u015fur ve k\u00fclt\u00fcrel olarak Felemenk ve Bat\u0131 Germen etkisindedir. G\u00fcneydeki Valon B\u00f6lgesi \u00e7o\u011funlukla Frans\u0131zca konu\u015fanlardan olu\u015fur ve romantik bir k\u00fclt\u00fcrel kimli\u011fe sahiptir.<\/p>\n<h2><span class=\"ez-toc-section\" id=\"2_They_have_three_official_languages\"><\/span>2. \u00dc\u00e7 resmi dilleri vard\u0131r<span class=\"ez-toc-section-end\"><\/span><\/h2>\n<p>Tek bir Bel\u00e7ika dili ya da hatta 'Bel\u00e7ika dili' diye bir \u015fey yoktur - bu \u00e7ok k\u00fclt\u00fcrl\u00fc yap\u0131n\u0131n \u00fc\u00e7 resmi dili vard\u0131r: Hollandaca, Frans\u0131zca ve Almanca. Bel\u00e7ika'n\u0131n \u00fc\u00e7 kom\u015fusu taraf\u0131ndan kontrol edilen topraklar\u0131 ile uzun ve karma\u015f\u0131k bir y\u00f6netim tarihi vard\u0131r - <a href=\"https:\/\/moverdb.com\/tr\/moving-to-france\/\" data-internallinksmanager029f6b8e52c=\"315\" title=\"Fransa&#039;ya m\u0131 ta\u015f\u0131n\u0131yorsunuz? 2026 Ya\u015fam Maliyetleri &amp; Yer De\u011fi\u015ftirme \u0130pu\u00e7lar\u0131\">Fransa<\/a>, <a href=\"https:\/\/moverdb.com\/tr\/moving-to-germany\/\" data-internallinksmanager029f6b8e52c=\"321\" title=\"Almanya&#039;ya m\u0131 ta\u015f\u0131n\u0131yorsunuz? 2026 Ya\u015fam Maliyetleri &amp; Yer De\u011fi\u015ftirme \u0130pu\u00e7lar\u0131\">Almanya<\/a>ve <a href=\"https:\/\/moverdb.com\/tr\/moving-to-the-netherlands\/\" data-internallinksmanager029f6b8e52c=\"328\" title=\"Hollanda&#039;ya m\u0131 ta\u015f\u0131n\u0131yorsunuz? 2026 Ya\u015fam Maliyetleri ve Yer De\u011fi\u015ftirme \u0130pu\u00e7lar\u0131\">Hollanda<\/a> - Tarih boyunca.<\/p>\n<p>Bu tarih, bug\u00fcn \u00fclkenin \u00fc\u00e7 resmi dilinde de kendini g\u00f6stermektedir.<\/p>\n<h2><span class=\"ez-toc-section\" id=\"3_The_cost_of_living_in_Belgium\"><\/span>3. Bel\u00e7ika'da ya\u015fam maliyeti<span class=\"ez-toc-section-end\"><\/span><\/h2>\n<p>Y\u00fcksek ya\u015fam standard\u0131, y\u00fcksek ya\u015fam maliyetini de beraberinde getirmektedir. \u015eehir merkezinin d\u0131\u015f\u0131ndaki bir daire i\u00e7in ayl\u0131k kiran\u0131z\u0131n yakla\u015f\u0131k 625,40 \u20ac olmas\u0131n\u0131 bekleyebilirsiniz, temel ayl\u0131k hizmetleriniz ise yakla\u015f\u0131k 151,07 \u20ac'ya mal olur. <a href=\"https:\/\/www.numbeo.com\/cost-of-living\/country_result.jsp?country=Belgium\" target=\"_blank\" rel=\"noopener noreferrer\">Numbeo<\/a>).<\/p>\n<p>Ancak bu, \u00fclkenin Hollandal\u0131 kom\u015fular\u0131 kadar pahal\u0131 de\u011fildir ve eski g\u00f6\u00e7menler ba\u015fkent Br\u00fcksel'de ya\u015famay\u0131 M\u00fcnih gibilerine g\u00f6re nispeten ucuz bulacaklard\u0131r, <a href=\"https:\/\/moverdb.com\/tr\/moving-to-france\/moving-to-paris\/\" data-internallinksmanager029f6b8e52c=\"407\" title=\"Paris&#039;e mi Ta\u015f\u0131n\u0131yorsunuz? 2026 Ya\u015fam Maliyetleri &amp; Yer De\u011fi\u015ftirme \u0130pu\u00e7lar\u0131\">Paris<\/a>ve Londra. Kamu tesisleri, \u00f6zellikle otob\u00fcsler \u00e7ok uygun fiyatl\u0131d\u0131r ve yiyecek ve i\u00e7ecek ucuza sat\u0131n al\u0131nabilir - nereye bakaca\u011f\u0131n\u0131z\u0131 biliyorsan\u0131z!<\/p>\n<h2><span class=\"ez-toc-section\" id=\"4_Belgian_lifestyle_and_culture\"><\/span>4. Bel\u00e7ika ya\u015fam tarz\u0131 ve k\u00fclt\u00fcr\u00fc<span class=\"ez-toc-section-end\"><\/span><\/h2>\n<p><img loading=\"lazy\" decoding=\"async\" src=\"https:\/\/moverdb.com\/wp-content\/uploads\/shutterstock_1450532153.jpg\" alt=\"\" width=\"1000\" height=\"667\" class=\"aligncenter size-full wp-image-17097\" srcset=\"https:\/\/moverdb.com\/wp-content\/uploads\/shutterstock_1450532153.jpg 1000w, https:\/\/moverdb.com\/wp-content\/uploads\/shutterstock_1450532153-300x200.jpg 300w, https:\/\/moverdb.com\/wp-content\/uploads\/shutterstock_1450532153-18x12.jpg 18w\" sizes=\"auto, (max-width: 1000px) 100vw, 1000px\" \/><\/p>\n<p>Bira i\u00e7menin yan\u0131 s\u0131ra, \u00f6zellikle Br\u00fcksel ve Antwerp'te \u00e7ok \u00e7e\u015fitli bir sanat ortam\u0131n\u0131n, geli\u015fen bir tiyatronun ve e\u011flence sekt\u00f6r\u00fcn\u00fcn tad\u0131n\u0131 \u00e7\u0131karabilirsiniz. Bel\u00e7ikal\u0131lar ister m\u00fczikal, ister tiyatro, isterse de bir sanat hareketi olsun, kendilerini bir toplulu\u011fa dahil etmeyi severler.<\/p>\n<p>Metrekare ba\u015f\u0131na d\u00fcnyadaki di\u011fer t\u00fcm \u00fclkelerden daha fazla kalenin d\u00fc\u015ft\u00fc\u011f\u00fc Bel\u00e7ika'da tarihi koruma konusuna da b\u00fcy\u00fck \u00f6nem verilmektedir.<\/p>\n<h2><span class=\"ez-toc-section\" id=\"5_The_people_and_society\"><\/span>5. \u0130nsanlar ve toplum<span class=\"ez-toc-section-end\"><\/span><\/h2>\n<p>Bel\u00e7ika'n\u0131n \u00fc\u00e7 b\u00f6lgesini birle\u015ftiren bir \u015fey de genel sosyallikleri, aile de\u011ferleri ve s\u0131k\u0131 \u00e7al\u0131\u015fma ahlaklar\u0131d\u0131r. \u00c7ok gururlu bir millettirler ve bunu kutlamalar\u0131nda, \u00f6zellikle de Binche Karnaval\u0131 gibi folklorik karnavallar\u0131nda g\u00f6stermeyi severler.<\/p>\n<p>Bel\u00e7ikal\u0131lar ayn\u0131 zamanda \u00f6z disiplinli ve \u00e7al\u0131\u015fkan olarak tan\u0131mlanabilir, ancak ayn\u0131 zamanda yeme ve i\u00e7me gibi hayattaki g\u00fczel \u015feylerin tad\u0131n\u0131 \u00e7\u0131karmak i\u00e7in kendilerine bolca f\u0131rsat tan\u0131rlar.<\/p>\n<h2><span class=\"ez-toc-section\" id=\"6_Food_and_drink_in_Belgium\"><\/span>6. Bel\u00e7ika'da yiyecek ve i\u00e7ecek<span class=\"ez-toc-section-end\"><\/span><\/h2>\n<p>Bel\u00e7ika, t\u00fcm Avrupa'daki en gururlu bira i\u00e7me k\u00fclt\u00fcrlerinden birine sahiptir ve b\u00fcy\u00fck olas\u0131l\u0131kla i\u00e7meye al\u0131\u015fk\u0131n oldu\u011funuz daha sert biralar i\u00e7in tarihi bir tutkuya sahiptir. Her ne kadar \u00e7o\u011fu bira 6% ABV ile ba\u015flasa da, \u00fclkenin sarho\u015f olmaktan ibaret oldu\u011funu d\u00fc\u015f\u00fcnmeyin - k\u00fclt\u00fcr daha \u00e7ok biralar\u0131n tad\u0131n\u0131 \u00e7\u0131karmaya ve her bir t\u00fcre giren benzersiz tatlara ve demleme tekniklerine odaklanm\u0131\u015ft\u0131r.<\/p>\n<p>Yemek a\u00e7\u0131s\u0131ndan, \u015fehirler \u00f6zellikle midye, s\u00fcsl\u00fc patates p\u00fcresi ve tav\u015fan yahnisi gibi kaliteli mutfaklara odaklanmaktad\u0131r. Sokak yemekleri a\u00e7\u0131s\u0131ndan ise bol miktarda patates k\u0131zartmas\u0131 ve waffle bekleyin.<\/p>\n<h2><span class=\"ez-toc-section\" id=\"7_The_quality_of_life_in_Belgium\"><\/span>7. Bel\u00e7ika'da ya\u015fam kalitesi<span class=\"ez-toc-section-end\"><\/span><\/h2>\n<p>Birle\u015fmi\u015f Milletler, istisnai e\u011fitim, sa\u011fl\u0131k hizmetleri ve k\u00fclt\u00fcrel olanaklar\u0131na dayanarak Bel\u00e7ika'y\u0131 ya\u015fam kalitesi a\u00e7\u0131s\u0131ndan olduk\u00e7a \u00fcst s\u0131ralara yerle\u015ftirmektedir. \u00dclke genelinde g\u00f6r\u00fclen y\u00fcksek kaliteli konutlar da Bel\u00e7ika'ya ta\u015f\u0131nmay\u0131 bir\u00e7ok ki\u015fi i\u00e7in kolay bir karar haline getirmektedir. \u00dclkenin her yerinde bulunan sa\u011flam mimari ile uygun fiyatl\u0131 konutlar herkes i\u00e7in mevcuttur.<\/p>\n<p>Ancak, hava kirlili\u011finin \u00f6zellikle Bel\u00e7ika \u015fehirlerinin \u00e7o\u011funda yayg\u0131n oldu\u011fu ve burada ya\u015fayan insanlar\u0131n sa\u011fl\u0131\u011f\u0131na zarar verdi\u011fi belirtilmektedir.<\/p>\n<h2><span class=\"ez-toc-section\" id=\"8_Tax_rates_in_Belgium\"><\/span>8. Bel\u00e7ika'daki vergi oranlar\u0131<span class=\"ez-toc-section-end\"><\/span><\/h2>\n<p>Ne yaz\u0131k ki, Bel\u00e7ika'da ya\u015fayan yabanc\u0131 uyruklular i\u00e7in bir dezavantaj, \u00fclkenin y\u00fcksek vergi oranlar\u0131d\u0131r. Bel\u00e7ika'da ya\u015fayan ve \u00e7al\u0131\u015fan bir yabanc\u0131ysan\u0131z, beyanname vermeniz ve Bel\u00e7ika vergilerinin taleplerini kar\u015f\u0131laman\u0131z gerekecektir.<\/p>\n<p>Bel\u00e7ika'n\u0131n en y\u00fcksek gelirlileri i\u00e7in ki\u015fisel gelir vergisi 50%'ye kadar \u00e7\u0131kabilmektedir - bu, t\u00fcm Avrupa'daki en y\u00fcksek vergi oranlar\u0131ndan biridir!<\/p>\n<h2><span class=\"ez-toc-section\" id=\"9_They_offer_a_high_standard_of_education\"><\/span>9. Y\u00fcksek standartta e\u011fitim sunarlar<span class=\"ez-toc-section-end\"><\/span><\/h2>\n<p><img loading=\"lazy\" decoding=\"async\" src=\"https:\/\/moverdb.com\/wp-content\/uploads\/shutterstock_1441260347.jpg\" alt=\"\" width=\"1000\" height=\"582\" class=\"aligncenter size-full wp-image-17098\" srcset=\"https:\/\/moverdb.com\/wp-content\/uploads\/shutterstock_1441260347.jpg 1000w, https:\/\/moverdb.com\/wp-content\/uploads\/shutterstock_1441260347-300x175.jpg 300w, https:\/\/moverdb.com\/wp-content\/uploads\/shutterstock_1441260347-18x10.jpg 18w\" sizes=\"auto, (max-width: 1000px) 100vw, 1000px\" \/><\/p>\n<p>Bel\u00e7ika'ya ister kendiniz okumak i\u00e7in gidin, ister \u00e7ocuklar\u0131n\u0131z\u0131 bir Bel\u00e7ika okuluna kaydettirin, y\u00fcksek standartlarda bir e\u011fitimle kar\u015f\u0131la\u015facaks\u0131n\u0131z. Bel\u00e7ika d\u00fczenli olarak en iyi <a href=\"https:\/\/www.oecd.org\/education\/education-at-a-glance\/EAG2019_CN_BEL.pdf\" target=\"_blank\" rel=\"noopener noreferrer\">e\u011fi\u0307ti\u0307mde i\u0307lk 10 \u00fclke<\/a>\u00d6\u011frenciler okuma, matematik ve fen gibi derslerde ola\u011fan\u00fcst\u00fc iyi performans g\u00f6stermektedir.<\/p>\n<p>\u0130leri e\u011fitim i\u00e7in Bel\u00e7ika, KU Leuven ve Ghent \u00dcniversitesi de dahil olmak \u00fczere bir\u00e7ok \u00fcst d\u00fczey \u00fcniversiteye sahiptir.<\/p>\n<h2><span class=\"ez-toc-section\" id=\"10_Belgium_is_one_of_the_biggest_chocolate_exporters_in_the_world\"><\/span>10. Bel\u00e7ika d\u00fcnyan\u0131n en b\u00fcy\u00fck \u00e7ikolata ihracat\u00e7\u0131lar\u0131ndan biridir<span class=\"ez-toc-section-end\"><\/span><\/h2>\n<p>S\u00f6ylentiler do\u011fru: Bel\u00e7ika'n\u0131n her yerinde \u00e7ikolata var. \u00dclke genelinde bulunan 500'den fazla bireysel \u00e7ikolata \u015firketi ile Br\u00fcksel ve Ghent sokaklar\u0131nda kolayca butik \u00e7ikolata bulabilirsiniz.<\/p>\n<p>Bu \u015firketler \u00fcr\u00fcnlerinin ticaretini sadece kendi i\u00e7lerinde yapmakla kalm\u0131yor, ayn\u0131 zamanda b\u00fcy\u00fck miktarlarda ihracat da ger\u00e7ekle\u015ftiriyor ve Bel\u00e7ika s\u0131k s\u0131k d\u00fcnyan\u0131n bir numaral\u0131 \u00e7ikolata ihracat\u00e7\u0131s\u0131 olarak s\u0131ralan\u0131yor. Bu unvan bazen Almanya taraf\u0131ndan al\u0131nsa da, Bel\u00e7ika 2021 y\u0131l\u0131nda ihracatta liderli\u011fi ele ge\u00e7irdi <a href=\"https:\/\/www.statista.com\/statistics\/1117721\/top-chocolate-exporters-by-country\/#:~:text=Belgium%20was%20the%20leading%20chocolate,billion%20dollars%20worth%20of%20chocolate.\" target=\"_blank\" rel=\"noopener noreferrer\">$2,5 milyar<\/a> \u00e7ikolata de\u011ferinde.<\/p>\n<h2><span class=\"ez-toc-section\" id=\"11_The_weather_in_Belgium\"><\/span>11. Bel\u00e7ika'da hava durumu<span class=\"ez-toc-section-end\"><\/span><\/h2>\n<p>Bir\u00e7ok Bat\u0131 Avrupa \u00fclkesinde oldu\u011fu gibi, hava durumunun nas\u0131l olaca\u011f\u0131n\u0131 asla bilemezsiniz-<a href=\"https:\/\/moverdb.com\/tr\/international-money-transfer-services\/wise-review\/\" data-internallinksmanager029f6b8e52c=\"243\" title=\"Wise Uluslararas\u0131 Para Transferi \u0130ncelemesi 2023\">ak\u0131ll\u0131ca<\/a> Bel\u00e7ika'da.<\/p>\n<p>Genel olarak Bel\u00e7ika, \u0131l\u0131man yazlar\u0131 ve \u0131l\u0131man k\u0131\u015flar\u0131 ile deniz iklimine sahiptir. Bununla birlikte, yan\u0131n\u0131za bol miktarda su ge\u00e7irmez k\u0131yafet alman\u0131z gerekecektir. <a href=\"https:\/\/theknowledgeburrow.com\/how-often-does-it-rain-in-brussels\/\" target=\"_blank\" rel=\"noopener noreferrer\">Y\u0131lda 200 g\u00fcn ya\u011fmur<\/a>.<\/p>\n<h2><span class=\"ez-toc-section\" id=\"12_Belgium_offers_both_universal_and_private_health_care\"><\/span>12. Bel\u00e7ika hem genel hem de \u00f6zel sa\u011fl\u0131k hizmetleri sunmaktad\u0131r<span class=\"ez-toc-section-end\"><\/span><\/h2>\n<p>Bel\u00e7ika'daki sosyal g\u00fcvenlik sistemi genel sa\u011fl\u0131k hizmetlerini i\u00e7ermekle birlikte, \u00fclkede \u00f6zel sa\u011fl\u0131k hizmetleri de sunulmaktad\u0131r. Her ikisi de son derece y\u00fcksek kalitede olan her iki sa\u011fl\u0131k sigortas\u0131 t\u00fcr\u00fcne de d\u00fczenli \u00fccret \u00f6denmesi gerekmektedir.<\/p>\n<p>\u00dclke genelindeki \u00e7o\u011fu \u015fehirde, ayn\u0131 derecede y\u00fcksek kalitede sa\u011fl\u0131k hizmeti sunan \u00fcniversite hastaneleri bulunmaktad\u0131r.<\/p>\n<h2><span class=\"ez-toc-section\" id=\"13_Friendly_and_diverse_culture\"><\/span>13. Dost canl\u0131s\u0131 ve \u00e7e\u015fitlilik i\u00e7eren k\u00fclt\u00fcr<span class=\"ez-toc-section-end\"><\/span><\/h2>\n<p>Pek \u00e7ok farkl\u0131 k\u00fclt\u00fcrden olu\u015fan Bel\u00e7ikal\u0131lar eski vatanda\u015flara kar\u015f\u0131 olduk\u00e7a ho\u015fg\u00f6r\u00fcl\u00fcd\u00fcr ve sizi kendi farkl\u0131 k\u00fclt\u00fcrlerine kabul edeceklerdir. Muhtemelen ge\u00e7mi\u015finize ilgi g\u00f6sterecek ve sizi m\u00fcmk\u00fcn oldu\u011funca evinizde hissettireceklerdir.<\/p>\n<p>Ayr\u0131ca, \u00fc\u00e7 ana dillerinden biri olmamas\u0131na ra\u011fmen, Bel\u00e7ikal\u0131lar\u0131n \u00e7o\u011fu \u0130ngilizce konu\u015fmaktad\u0131r - yine de bu, orada ya\u015farken \u00fc\u00e7 dillerinden birini \u00f6\u011frenmemek i\u00e7in bir bahane de\u011fildir!<\/p>\n<h2><span class=\"ez-toc-section\" id=\"14_Getting_around_in_Belgium\"><\/span>14. Bel\u00e7ika'da Ula\u015f\u0131m<span class=\"ez-toc-section-end\"><\/span><\/h2>\n<p><img loading=\"lazy\" decoding=\"async\" src=\"https:\/\/moverdb.com\/wp-content\/uploads\/shutterstock_211336621.jpg\" alt=\"\" width=\"1000\" height=\"667\" class=\"aligncenter size-full wp-image-17099\" srcset=\"https:\/\/moverdb.com\/wp-content\/uploads\/shutterstock_211336621.jpg 1000w, https:\/\/moverdb.com\/wp-content\/uploads\/shutterstock_211336621-300x200.jpg 300w, https:\/\/moverdb.com\/wp-content\/uploads\/shutterstock_211336621-18x12.jpg 18w\" sizes=\"auto, (max-width: 1000px) 100vw, 1000px\" \/><\/p>\n<p>Br\u00fcksel, Ghent, Antwerp ve Charleroi gibi ba\u015fl\u0131ca \u015fehirlerin her biri, kolayca binip inebilece\u011finiz ve temass\u0131z i\u015flemlerle \u00f6deme yapabilece\u011finiz tramvay veya metro sistemlerine sahiptir. \u015eehirler \u00e7e\u015fitli y\u00fcksek h\u0131zl\u0131 tren sa\u011flay\u0131c\u0131lar\u0131 arac\u0131l\u0131\u011f\u0131yla birbirine ba\u011flanmaktad\u0131r.<\/p>\n<p>Bel\u00e7ika'n\u0131n toplu ta\u015f\u0131ma ara\u00e7lar\u0131 aras\u0131nda \u00f6ne \u00e7\u0131kanlardan biri de, yolcular\u0131 Kuzey Denizi k\u0131y\u0131s\u0131ndan ge\u00e7irerek Fransa ve Hollanda s\u0131n\u0131rlar\u0131 aras\u0131nda dola\u015ft\u0131ran Sahil Tramvay\u0131'd\u0131r.<\/p>\n<h2><span class=\"ez-toc-section\" id=\"15_Work_culture_in_Belgium\"><\/span>15. Bel\u00e7ika'da \u00e7al\u0131\u015fma k\u00fclt\u00fcr\u00fc<span class=\"ez-toc-section-end\"><\/span><\/h2>\n<p>Bel\u00e7ika'da \u00e7al\u0131\u015fma k\u00fclt\u00fcr\u00fc ilgin\u00e7tir \u00e7\u00fcnk\u00fc \u00e7al\u0131\u015fmay\u0131 sevmelerine ra\u011fmen e\u011flenmeyi de \u00e7ok severler.<\/p>\n<p>T\u00fcm Avrupa Birli\u011fi \u00fclkeleri aras\u0131nda, spor ve bo\u015f zaman gibi rekreasyonel faaliyetlere bolca zaman ay\u0131rarak i\u015f-ya\u015fam dengesini sa\u011flam\u0131\u015f g\u00f6r\u00fcn\u00fcyorlar. Ancak, i\u015fteyken zamanlar\u0131n\u0131 optimize etmek i\u00e7in \u00e7ok \u00e7al\u0131\u015fmay\u0131 seviyorlar.<\/p>\n<p>\u015eu anda haftada be\u015f g\u00fcn 9-5 \u00e7al\u0131\u015f\u0131l\u0131yor olsa da Bel\u00e7ika'daki pek \u00e7ok \u015firket d\u00f6rt g\u00fcnl\u00fck \u00e7al\u0131\u015fma haftas\u0131n\u0131 benimsemek istiyor.<\/p>\n<h2><span class=\"ez-toc-section\" id=\"16_Crime_rates_are_low\"><\/span>16. Su\u00e7 oranlar\u0131 d\u00fc\u015f\u00fckt\u00fcr<span class=\"ez-toc-section-end\"><\/span><\/h2>\n<p>Yankesicilik ve gasp gibi ufak tefek su\u00e7lar d\u0131\u015f\u0131nda Bel\u00e7ika'da su\u00e7 oranlar\u0131 nispeten d\u00fc\u015f\u00fckt\u00fcr.<\/p>\n<p>Ancak, her yerde oldu\u011fu gibi, yurtd\u0131\u015f\u0131nda ya\u015farken de dikkatli olmak ve Bel\u00e7ika'da en \u00e7ok su\u00e7un i\u015flendi\u011fi yer olan turistik b\u00f6lgelerde e\u015fyalar\u0131n\u0131za dikkat etmek \u00f6nemlidir.<\/p>\n<h2><span class=\"ez-toc-section\" id=\"17_They_are_a_multicultural_country\"><\/span>17. \u00c7ok k\u00fclt\u00fcrl\u00fc bir \u00fclkedirler<span class=\"ez-toc-section-end\"><\/span><\/h2>\n<p>Bel\u00e7ika bazen birka\u00e7 farkl\u0131 \u00fclkeyi bir arada hissettirebilir ve b\u00f6lgeler aras\u0131nda seyahat ederken n\u00fcanslar\u0131 fark edeceksiniz. Bel\u00e7ika'da \u00fc\u00e7 ana k\u00fclt\u00fcrel grubun yan\u0131 s\u0131ra, her biri \u00fclkenin yo\u011fun k\u00fclt\u00fcr\u00fcne katk\u0131da bulunan b\u00fcy\u00fck \u0130talyan, Fasl\u0131 ve Romen topluluklar\u0131 vard\u0131r.<\/p>\n<h2><span class=\"ez-toc-section\" id=\"18_Politics_and_government\"><\/span>18. Siyaset ve h\u00fck\u00fcmet<span class=\"ez-toc-section-end\"><\/span><\/h2>\n<p><img loading=\"lazy\" decoding=\"async\" src=\"https:\/\/moverdb.com\/wp-content\/uploads\/shutterstock_598541177.jpg\" alt=\"\" width=\"1000\" height=\"608\" class=\"aligncenter size-full wp-image-17101\" srcset=\"https:\/\/moverdb.com\/wp-content\/uploads\/shutterstock_598541177.jpg 1000w, https:\/\/moverdb.com\/wp-content\/uploads\/shutterstock_598541177-300x182.jpg 300w, https:\/\/moverdb.com\/wp-content\/uploads\/shutterstock_598541177-18x12.jpg 18w\" sizes=\"auto, (max-width: 1000px) 100vw, 1000px\" \/><\/p>\n<p>Bel\u00e7ika'n\u0131n devlet ba\u015fkanl\u0131\u011f\u0131n\u0131 \u015fu anda Bel\u00e7ika Kral\u0131 Philippe taraf\u0131ndan y\u00f6netilen bir kraliyet ailesi y\u00fcr\u00fctmektedir. Y\u00fcr\u00fctme yetkisi, Temsilciler Meclisi ve Senato olmak \u00fczere iki yasama meclisi bulunan h\u00fck\u00fcmet taraf\u0131ndan kullan\u0131l\u0131r.<\/p>\n<p>Siyaset Bel\u00e7ika'n\u0131n \u00fc\u00e7 b\u00f6lgesi taraf\u0131ndan tan\u0131mlan\u0131r ve yasama yetkisi de ulusal, b\u00f6lgesel ve topluluk d\u00fczeyinde b\u00f6l\u00fcnm\u00fc\u015ft\u00fcr. Bu siyasi b\u00f6l\u00fcnme nedeniyle Bel\u00e7ika'da siyaset karma\u015f\u0131k, b\u00fcrokratik ve hatta kaotik olarak tan\u0131mlanmaktad\u0131r. Bel\u00e7ika, karma\u015f\u0131kl\u0131\u011f\u0131n\u0131n bir sonucu olarak yak\u0131n zamanda iki y\u0131l h\u00fck\u00fcmetsiz kalm\u0131\u015ft\u0131r.<\/p>\n<p>Bel\u00e7ika, Avrupa Birli\u011fi'nin gayri resmi ba\u015fkentidir ve Br\u00fcksel, Avrupa Komisyonu'nun merkezi olan Berlaymont binas\u0131na ve di\u011fer bir\u00e7ok AB binas\u0131na ev sahipli\u011fi yapmaktad\u0131r.<\/p>\n<h2><span class=\"ez-toc-section\" id=\"19_Career_opportunities_for_ex-pats_in_Belgium\"><\/span>19. Bel\u00e7ika'daki eski g\u00f6\u00e7menler i\u00e7in kariyer f\u0131rsatlar\u0131<span class=\"ez-toc-section-end\"><\/span><\/h2>\n<p>\u00c7al\u0131\u015fma izniniz varsa, Bel\u00e7ika'da hem AB vatanda\u015flar\u0131 hem de AB vatanda\u015f\u0131 olmayanlar i\u00e7in \u00e7e\u015fitli i\u015fler mevcuttur. Bel\u00e7ika'daki ba\u015fl\u0131ca istihdam sekt\u00f6rleri turizm, medya, finans ve hukuktur. Bel\u00e7ika'n\u0131n \u00e7ok \u00e7e\u015fitli restoran ve barlar\u0131 sayesinde, bir\u00e7ok eski vatanda\u015f a\u011f\u0131rlama sekt\u00f6r\u00fcnde \u00e7al\u0131\u015fmaktad\u0131r.<\/p>\n<p>E\u011fer vas\u0131fl\u0131 bir \u00e7al\u0131\u015fansan\u0131z, m\u00fchendislik, proje y\u00f6netimi, mimarl\u0131k, muhasebe ve sa\u011fl\u0131k alanlar\u0131nda pek \u00e7ok kariyer f\u0131rsat\u0131 bulunmaktad\u0131r.<\/p>\n<h2><span class=\"ez-toc-section\" id=\"20_Public_holidays_in_Belgium\"><\/span>20. Bel\u00e7ika'da resmi tatiller<span class=\"ez-toc-section-end\"><\/span><\/h2>\n<p>Bel\u00e7ika'da \u00fclke \u00e7ap\u0131nda on resmi tatil vard\u0131r ve bunlar \u015funlard\u0131r:<\/p>\n<ul>\n<li>Yeni Y\u0131l G\u00fcn\u00fc (1 Ocak)<\/li>\n<li>Paskalya Pazartesi<\/li>\n<li>\u0130\u015f\u00e7i Bayram\u0131 (1 May\u0131s)<\/li>\n<li>Y\u00fckseli\u015f G\u00fcn\u00fc<\/li>\n<li>Beyaz Pazartesi<\/li>\n<li>Bel\u00e7ika Ulusal G\u00fcn\u00fc (21 Temmuz)<\/li>\n<li>Varsay\u0131m G\u00fcn\u00fc (15 A\u011fustos)<\/li>\n<li>Azizler G\u00fcn\u00fc (1 Kas\u0131m)<\/li>\n<li>M\u00fctareke G\u00fcn\u00fc (11 Kas\u0131m)<\/li>\n<li>Noel G\u00fcn\u00fc (25 Aral\u0131k)<\/li>\n<\/ul>\n<p>Bel\u00e7ika genelinde Flaman Toplulu\u011fu G\u00fcn\u00fc (11 Temmuz), Frans\u0131zca Konu\u015fan Topluluk G\u00fcn\u00fc (27 Eyl\u00fcl) ve Almanca Konu\u015fan Topluluk G\u00fcn\u00fc (15 Kas\u0131m) gibi baz\u0131 b\u00f6lgesel resmi tatiller de vard\u0131r.<\/p>\n<h2><span class=\"ez-toc-section\" id=\"21_Belgium_is_a_very_family-friendly_country_to_live_in\"><\/span>21. Bel\u00e7ika ya\u015famak i\u00e7in \u00e7ok aile dostu bir \u00fclkedir<span class=\"ez-toc-section-end\"><\/span><\/h2>\n<p>G\u00fc\u00e7l\u00fc bir e\u011fitim sistemi, \u00e7ok say\u0131da k\u00fclt\u00fcrel tesis ve ola\u011fan\u00fcst\u00fc sa\u011fl\u0131k hizmetleri ile Bel\u00e7ika, aile yeti\u015ftirmek i\u00e7in harika bir yerdir. \u015eehir belediyelerinin \u00e7o\u011fu \u00e7ocuklar\u0131n oynamas\u0131 i\u00e7in g\u00fcvenlidir ve \u00e7ok say\u0131da uluslararas\u0131 okul mevcuttur. Br\u00fcksel gibi \u015fehirlerde, bir\u00e7o\u011funda tenis ve basketbol sahalar\u0131 bulunan \u00e7ok say\u0131da park vard\u0131r.<\/p>\n<p>K\u0131rsal kesimde \u00e7ok say\u0131da g\u00fczel g\u00f6l, s\u0131k ormanlar ve \u00e7ekici sahil \u015feritleri bulunmaktad\u0131r ve bunlar\u0131n hepsi ailece g\u00fcn\u00fcbirlik geziler i\u00e7in harikad\u0131r. Bunun da \u00f6tesinde, Bel\u00e7ika iki ulusal park\u0131yla da gurur duymaktad\u0131r: Hoge Kempen Ulusal Park\u0131 ve De Zoom-Kalmthoutse Heide. Aileniz maceray\u0131 seviyorsa, \u00fclke genelinde \u00e7ok say\u0131da gezi se\u00e7ene\u011fi bulunmaktad\u0131r.<\/p>\n<h2><span class=\"ez-toc-section\" id=\"FAQs\"><\/span>SSS<span class=\"ez-toc-section-end\"><\/span><\/h2>\n<h3><span class=\"ez-toc-section\" id=\"How_do_I_get_a_long-term_visa_for_Belgium\"><\/span>Bel\u00e7ika i\u00e7in nas\u0131l uzun s\u00fcreli vize alabilirim?<span class=\"ez-toc-section-end\"><\/span><\/h3>\n<p>Bel\u00e7ika uzun s\u00fcreli vizesi veya oturma izni i\u00e7in kendi \u00fclkenizin Bel\u00e7ika b\u00fcy\u00fckel\u00e7ili\u011fine ba\u015fvurabilirsiniz.<\/p>\n<h3><span class=\"ez-toc-section\" id=\"Why_is_Brussels_considered_the_de_facto_capital_of_the_European_Union\"><\/span>Br\u00fcksel neden Avrupa Birli\u011fi'nin fiili ba\u015fkenti olarak kabul ediliyor?<span class=\"ez-toc-section-end\"><\/span><\/h3>\n<p>Br\u00fcksel, Avrupa Komisyonu'nun merkezi ve Avrupa Parlamentosu koltuklar\u0131ndan birini bar\u0131nd\u0131rd\u0131\u011f\u0131 i\u00e7in Avrupa Birli\u011fi'nin ba\u015fkenti olarak kabul edilir.<\/p>\n<h3><span class=\"ez-toc-section\" id=\"Do_EU_citizens_need_a_visa_for_Belgium\"><\/span>AB vatanda\u015flar\u0131n\u0131n Bel\u00e7ika i\u00e7in vizeye ihtiyac\u0131 var m\u0131?<span class=\"ez-toc-section-end\"><\/span><\/h3>\n<p>AB vatanda\u015flar\u0131n\u0131n Bel\u00e7ika'da tatil veya \u00e7al\u0131\u015fma amac\u0131yla kalmak i\u00e7in vizeye ihtiya\u00e7lar\u0131 yoktur. Buna AEA \u00fclkeleri de dahildir (<a href=\"https:\/\/moverdb.com\/tr\/moving-to-norway\/\" data-internallinksmanager029f6b8e52c=\"325\" title=\"Norve\u00e7&#039;e mi Ta\u015f\u0131n\u0131yorsunuz? 2026 Ya\u015fam Maliyetleri &amp; Yer De\u011fi\u015ftirme \u0130pu\u00e7lar\u0131\">Norve\u00e7<\/a>, <a href=\"https:\/\/moverdb.com\/tr\/moving-to-iceland\/\" data-internallinksmanager029f6b8e52c=\"434\" title=\"\u0130zlanda&#039;ya m\u0131 Ta\u015f\u0131n\u0131yorsunuz? 2026 Ya\u015fam Maliyetleri &amp; Yer De\u011fi\u015ftirme \u0130pu\u00e7lar\u0131\">\u0130zlanda<\/a>ve <a href=\"https:\/\/moverdb.com\/tr\/moving-to-liechtenstein\/\" data-internallinksmanager029f6b8e52c=\"352\" title=\"Lihten\u015ftayn&#039;a m\u0131 Ta\u015f\u0131n\u0131yorsunuz? 2026 Ya\u015fam Maliyetleri &amp; Yer De\u011fi\u015ftirme \u0130pu\u00e7lar\u0131\">Lihten\u015ftayn<\/a>). AB \u00fcyesi olmayan \u00fclkelerin vatanda\u015flar\u0131, 90 g\u00fcnden daha uzun s\u00fcre kalmay\u0131 planl\u0131yorsan\u0131z vizeye ihtiya\u00e7 duyacakt\u0131r.<\/p>\n<p>ABD'den Bel\u00e7ika'ya ta\u015f\u0131n\u0131yorsan\u0131z, uzun s\u00fcreli bir vizeye ihtiyac\u0131n\u0131z olacakt\u0131r.<\/p>\n<h3><span class=\"ez-toc-section\" id=\"Why_was_the_Belgian_Constitution_amended_four_times\"><\/span>Bel\u00e7ika Anayasas\u0131 neden d\u00f6rt kez de\u011fi\u015ftirildi?<span class=\"ez-toc-section-end\"><\/span><\/h3>\n<p>Bel\u00e7ika anayasas\u0131, \u00fc\u00e7 ayr\u0131 b\u00f6lgeyi birbiriyle dost tutmak i\u00e7in 1970 ve 1993 y\u0131llar\u0131 aras\u0131nda d\u00f6rt kez de\u011fi\u015ftirilmi\u015ftir.<\/p>\n<h2><span class=\"ez-toc-section\" id=\"Final_Thoughts\"><\/span>Son D\u00fc\u015f\u00fcnceler<span class=\"ez-toc-section-end\"><\/span><\/h2>\n<p>Bel\u00e7ika sadece AB'nin kalbi de\u011fil, ayn\u0131 zamanda bir\u00e7ok farkl\u0131 Avrupa k\u00fclt\u00fcr\u00fcn\u00fcn de bulu\u015fma noktas\u0131d\u0131r. Bel\u00e7ika'da ya\u015famak Frans\u0131z, Alman ve Hollanda gelenekleri aras\u0131nda bir kav\u015fak gibi hissedilebilir, bu da gurbet\u00e7iler i\u00e7in b\u00fcy\u00fcleyici bir deneyimdir.<\/p>\n<p>Ancak haz\u0131rl\u0131ks\u0131z gitmeyin; gelmeden \u00f6nce k\u00fclt\u00fcrel farkl\u0131l\u0131klara a\u015fina olursan\u0131z Bel\u00e7ika'daki ex-pat ya\u015fam\u0131 \u00e7ok daha kolay olacakt\u0131r!<\/p>\n<h2><span class=\"ez-toc-section\" id=\"Other_Useful_Guides_to_Belgium\"><\/span>Bel\u00e7ika \u0130\u00e7in Di\u011fer Faydal\u0131 K\u0131lavuzlar<span class=\"ez-toc-section-end\"><\/span><\/h2>\n<ul>\n<li> <a href=\"https:\/\/moverdb.com\/tr\/konteyner-tasimaciligi\/belcika\/\">2024 Bel\u00e7ika'ya ve Bel\u00e7ika'dan Deniz Ta\u015f\u0131mac\u0131l\u0131\u011f\u0131 Konteyner Nakliye Fiyatlar\u0131<\/a><\/li>\n<li> <a href=\"https:\/\/moverdb.com\/tr\/tasinma-si%cc%87rketleri%cc%87\/belci%cc%87ka-tasimacilik-si%cc%87rketleri%cc%87\/\">Bel\u00e7ika'daki En \u0130yi 16 Uluslararas\u0131 Nakliye \u015eirketi<\/a><\/li>\n<li> <a href=\"https:\/\/moverdb.com\/tr\/moving-to-belgium\/\">Bel\u00e7ika'ya m\u0131 Ta\u015f\u0131n\u0131yorsunuz? 2026 Ya\u015fam Maliyetleri &amp; Yer De\u011fi\u015ftirme \u0130pu\u00e7lar\u0131<\/a><\/li>\n<li> <a href=\"https:\/\/moverdb.com\/tr\/moving-to-belgium\/best-places-to-live-belgium\/\">Bel\u00e7ika'da Ya\u015fanacak En \u0130yi 12 Yer<\/a><\/li>\n<\/ul>","protected":false},"excerpt":{"rendered":"<p>Belgium: the nation with the best chocolatiers in the world; the ancestral home of French fries, and where you go to drink some of the strongest beer in the world. As an ex-pat living in Belgium, you will encounter plenty of chocolate, fries, and beer, but there is so much more to this western European [&hellip;]<\/p>\n","protected":false},"author":1,"featured_media":0,"parent":4833,"menu_order":0,"comment_status":"closed","ping_status":"closed","template":"","meta":{"_genesis_hide_title":false,"_genesis_hide_breadcrumbs":false,"_genesis_hide_singular_image":false,"_genesis_hide_footer_widgets":false,"_genesis_custom_body_class":"","_genesis_custom_post_class":"","_genesis_layout":"","footnotes":""},"class_list":{"0":"post-9597","1":"page","2":"type-page","3":"status-publish","5":"entry","6":"has-post-thumbnail"},"_links":{"self":[{"href":"https:\/\/moverdb.com\/tr\/wp-json\/wp\/v2\/pages\/9597","targetHints":{"allow":["GET"]}}],"collection":[{"href":"https:\/\/moverdb.com\/tr\/wp-json\/wp\/v2\/pages"}],"about":[{"href":"https:\/\/moverdb.com\/tr\/wp-json\/wp\/v2\/types\/page"}],"author":[{"embeddable":true,"href":"https:\/\/moverdb.com\/tr\/wp-json\/wp\/v2\/users\/1"}],"replies":[{"embeddable":true,"href":"https:\/\/moverdb.com\/tr\/wp-json\/wp\/v2\/comments?post=9597"}],"version-history":[{"count":4,"href":"https:\/\/moverdb.com\/tr\/wp-json\/wp\/v2\/pages\/9597\/revisions"}],"predecessor-version":[{"id":17102,"href":"https:\/\/moverdb.com\/tr\/wp-json\/wp\/v2\/pages\/9597\/revisions\/17102"}],"up":[{"embeddable":true,"href":"https:\/\/moverdb.com\/tr\/wp-json\/wp\/v2\/pages\/4833"}],"wp:attachment":[{"href":"https:\/\/moverdb.com\/tr\/wp-json\/wp\/v2\/media?parent=9597"}],"curies":[{"name":"wp","href":"https:\/\/api.w.org\/{rel}","templated":true}]}}