{"id":9571,"date":"2024-05-16T11:34:47","date_gmt":"2024-05-16T11:34:47","guid":{"rendered":"https:\/\/moverdb.com\/?page_id=9571"},"modified":"2026-01-08T15:07:53","modified_gmt":"2026-01-08T15:07:53","slug":"living-in-portugal","status":"publish","type":"page","link":"https:\/\/moverdb.com\/tr\/moving-to-portugal\/living-in-portugal\/","title":{"rendered":"Portekiz'de Ya\u015famaya Dair Ta\u015f\u0131nmadan \u00d6nce Bilinmesi Gereken 21 S\u0131r"},"content":{"rendered":"<p>Portekiz'de ya\u015famak i\u00e7in s\u0131cakl\u0131k, dost canl\u0131s\u0131 insanlar, harika yemekler, b\u00fcy\u00fcleyici kasabalar ve nefes kesici manzara gibi bir\u00e7ok neden var. \u0130\u015fte daha \u00f6nce bilmeniz gerekenler <a href=\"https:\/\/moverdb.com\/tr\/moving-to-portugal\/\" data-internallinksmanager029f6b8e52c=\"316\" title=\"Portekiz&#039;e mi ta\u015f\u0131n\u0131yorsunuz? 2026 Ya\u015fam Maliyetleri &amp; Yer De\u011fi\u015ftirme \u0130pu\u00e7lar\u0131\">Portekiz'e ta\u015f\u0131nmak<\/a>.<\/p>\n<p>&nbsp;<\/p>\n<div id=\"ez-toc-container\" class=\"ez-toc-v2_0_82_2 ez-toc-wrap-left counter-hierarchy ez-toc-counter ez-toc-transparent ez-toc-container-direction\">\n<div class=\"ez-toc-title-container\">\n<p class=\"ez-toc-title\" style=\"cursor:inherit\">B\u00f6l\u00fcmler<\/p>\n<span class=\"ez-toc-title-toggle\"><a href=\"#\" class=\"ez-toc-pull-right ez-toc-btn ez-toc-btn-xs ez-toc-btn-default ez-toc-toggle\" aria-label=\"\u0130\u00e7indekiler Tablosunu A\u00e7\/Kapat\"><span class=\"ez-toc-js-icon-con\"><span class=\"\"><span class=\"eztoc-hide\" style=\"display:none;\">Ge\u00e7i\u015f<\/span><span class=\"ez-toc-icon-toggle-span\"><svg style=\"fill: #999;color:#999\" xmlns=\"http:\/\/www.w3.org\/2000\/svg\" class=\"list-377408\" width=\"20px\" height=\"20px\" viewbox=\"0 0 24 24\" fill=\"none\"><path d=\"M6 6H4v2h2V6zm14 0H8v2h12V6zM4 11h2v2H4v-2zm16 0H8v2h12v-2zM4 16h2v2H4v-2zm16 0H8v2h12v-2z\" fill=\"currentColor\"><\/path><\/svg><svg style=\"fill: #999;color:#999\" class=\"arrow-unsorted-368013\" xmlns=\"http:\/\/www.w3.org\/2000\/svg\" width=\"10px\" height=\"10px\" viewbox=\"0 0 24 24\" version=\"1.2\" baseprofile=\"tiny\"><path d=\"M18.2 9.3l-6.2-6.3-6.2 6.3c-.2.2-.3.4-.3.7s.1.5.3.7c.2.2.4.3.7.3h11c.3 0 .5-.1.7-.3.2-.2.3-.5.3-.7s-.1-.5-.3-.7zM5.8 14.7l6.2 6.3 6.2-6.3c.2-.2.3-.5.3-.7s-.1-.5-.3-.7c-.2-.2-.4-.3-.7-.3h-11c-.3 0-.5.1-.7.3-.2.2-.3.5-.3.7s.1.5.3.7z\"\/><\/svg><\/span><\/span><\/span><\/a><\/span><\/div>\n<nav><ul class='ez-toc-list ez-toc-list-level-1 eztoc-toggle-hide-by-default' ><li class='ez-toc-page-1 ez-toc-heading-level-2'><a class=\"ez-toc-link ez-toc-heading-1\" href=\"https:\/\/moverdb.com\/tr\/moving-to-portugal\/living-in-portugal\/#1_The_cost_of_living_is_low\" >1. Ya\u015fam maliyeti d\u00fc\u015f\u00fckt\u00fcr<\/a><\/li><li class='ez-toc-page-1 ez-toc-heading-level-2'><a class=\"ez-toc-link ez-toc-heading-2\" href=\"https:\/\/moverdb.com\/tr\/moving-to-portugal\/living-in-portugal\/#2_The_Portuguese_dont_speak_Spanish\" >2. Portekizliler \u0130spanyolca konu\u015fmaz<\/a><\/li><li class='ez-toc-page-1 ez-toc-heading-level-2'><a class=\"ez-toc-link ez-toc-heading-3\" href=\"https:\/\/moverdb.com\/tr\/moving-to-portugal\/living-in-portugal\/#3_They_have_excellent_healthcare_options\" >3. M\u00fckemmel sa\u011fl\u0131k hizmeti se\u00e7eneklerine sahipler<\/a><\/li><li class='ez-toc-page-1 ez-toc-heading-level-2'><a class=\"ez-toc-link ez-toc-heading-4\" href=\"https:\/\/moverdb.com\/tr\/moving-to-portugal\/living-in-portugal\/#4_An_abundance_of_natural_beauty\" >4. Bol miktarda do\u011fal g\u00fczellik<\/a><\/li><li class='ez-toc-page-1 ez-toc-heading-level-2'><a class=\"ez-toc-link ez-toc-heading-5\" href=\"https:\/\/moverdb.com\/tr\/moving-to-portugal\/living-in-portugal\/#5_The_Portuguese_are_crazy_about_fresh_fish\" >5. Portekizliler taze bal\u0131\u011fa bay\u0131l\u0131rlar<\/a><\/li><li class='ez-toc-page-1 ez-toc-heading-level-2'><a class=\"ez-toc-link ez-toc-heading-6\" href=\"https:\/\/moverdb.com\/tr\/moving-to-portugal\/living-in-portugal\/#6_The_weather_in_Portugal\" >6. Portekiz'de hava durumu<\/a><\/li><li class='ez-toc-page-1 ez-toc-heading-level-2'><a class=\"ez-toc-link ez-toc-heading-7\" href=\"https:\/\/moverdb.com\/tr\/moving-to-portugal\/living-in-portugal\/#7_Lisbon_is_thriving\" >7. Lizbon geli\u015fiyor<\/a><\/li><li class='ez-toc-page-1 ez-toc-heading-level-2'><a class=\"ez-toc-link ez-toc-heading-8\" href=\"https:\/\/moverdb.com\/tr\/moving-to-portugal\/living-in-portugal\/#8_Retirees_love_the_Algarve\" >8. Emekliler Algarve'yi seviyor<\/a><\/li><li class='ez-toc-page-1 ez-toc-heading-level-2'><a class=\"ez-toc-link ez-toc-heading-9\" href=\"https:\/\/moverdb.com\/tr\/moving-to-portugal\/living-in-portugal\/#9_Catholicism_is_still_thriving_in_Portugal\" >9. Portekiz'de Katoliklik hala geli\u015fiyor<\/a><\/li><li class='ez-toc-page-1 ez-toc-heading-level-2'><a class=\"ez-toc-link ez-toc-heading-10\" href=\"https:\/\/moverdb.com\/tr\/moving-to-portugal\/living-in-portugal\/#10_Festivals_and_carnivals_throughout_the_year\" >10. Y\u0131l boyunca festivaller ve karnavallar<\/a><\/li><li class='ez-toc-page-1 ez-toc-heading-level-2'><a class=\"ez-toc-link ez-toc-heading-11\" href=\"https:\/\/moverdb.com\/tr\/moving-to-portugal\/living-in-portugal\/#11_Portugals_unofficial_symbol_%E2%80%98The_Barcelos_Rooster\" >11. Portekiz'in gayri resmi sembol\u00fc 'Barcelos Horozu'<\/a><\/li><li class='ez-toc-page-1 ez-toc-heading-level-2'><a class=\"ez-toc-link ez-toc-heading-12\" href=\"https:\/\/moverdb.com\/tr\/moving-to-portugal\/living-in-portugal\/#12_Futebol_is_like_a_religion_in_Portugal\" >12. Futebol Portekiz'de bir din gibidir<\/a><\/li><li class='ez-toc-page-1 ez-toc-heading-level-2'><a class=\"ez-toc-link ez-toc-heading-13\" href=\"https:\/\/moverdb.com\/tr\/moving-to-portugal\/living-in-portugal\/#13_Purchasing_a_property_is_simple\" >13. Bir m\u00fclk sat\u0131n almak basittir<\/a><\/li><li class='ez-toc-page-1 ez-toc-heading-level-2'><a class=\"ez-toc-link ez-toc-heading-14\" href=\"https:\/\/moverdb.com\/tr\/moving-to-portugal\/living-in-portugal\/#14_They_are_one_of_the_worlds_leading_wine_producers\" >14. D\u00fcnyan\u0131n \u00f6nde gelen \u015farap \u00fcreticilerinden biridir<\/a><\/li><li class='ez-toc-page-1 ez-toc-heading-level-2'><a class=\"ez-toc-link ez-toc-heading-15\" href=\"https:\/\/moverdb.com\/tr\/moving-to-portugal\/living-in-portugal\/#15_Getting_around_in_Portugal\" >15. Portekiz'de Ula\u015f\u0131m<\/a><\/li><li class='ez-toc-page-1 ez-toc-heading-level-2'><a class=\"ez-toc-link ez-toc-heading-16\" href=\"https:\/\/moverdb.com\/tr\/moving-to-portugal\/living-in-portugal\/#16_Portugal_used_to_be_an_empire\" >16. Portekiz eskiden bir imparatorluktu<\/a><\/li><li class='ez-toc-page-1 ez-toc-heading-level-2'><a class=\"ez-toc-link ez-toc-heading-17\" href=\"https:\/\/moverdb.com\/tr\/moving-to-portugal\/living-in-portugal\/#17_Taxation\" >17. Vergilendirme<\/a><\/li><li class='ez-toc-page-1 ez-toc-heading-level-2'><a class=\"ez-toc-link ez-toc-heading-18\" href=\"https:\/\/moverdb.com\/tr\/moving-to-portugal\/living-in-portugal\/#18_They_have_beautiful_beaches_and_coasts\" >18. G\u00fczel plajlar\u0131 ve k\u0131y\u0131lar\u0131 var<\/a><\/li><li class='ez-toc-page-1 ez-toc-heading-level-2'><a class=\"ez-toc-link ez-toc-heading-19\" href=\"https:\/\/moverdb.com\/tr\/moving-to-portugal\/living-in-portugal\/#19_The_quality_of_life_is_outstanding\" >19. Ya\u015fam kalitesi ola\u011fan\u00fcst\u00fc<\/a><\/li><li class='ez-toc-page-1 ez-toc-heading-level-2'><a class=\"ez-toc-link ez-toc-heading-20\" href=\"https:\/\/moverdb.com\/tr\/moving-to-portugal\/living-in-portugal\/#20_Delicious_food_and_local_produce\" >20. Lezzetli yemekler ve yerel \u00fcr\u00fcnler<\/a><\/li><li class='ez-toc-page-1 ez-toc-heading-level-2'><a class=\"ez-toc-link ez-toc-heading-21\" href=\"https:\/\/moverdb.com\/tr\/moving-to-portugal\/living-in-portugal\/#21_They_are_a_family-friendly_country\" >21. Aile dostu bir \u00fclkedir<\/a><\/li><li class='ez-toc-page-1 ez-toc-heading-level-2'><a class=\"ez-toc-link ez-toc-heading-22\" href=\"https:\/\/moverdb.com\/tr\/moving-to-portugal\/living-in-portugal\/#FAQs\" >SSS<\/a><ul class='ez-toc-list-level-3' ><li class='ez-toc-heading-level-3'><a class=\"ez-toc-link ez-toc-heading-23\" href=\"https:\/\/moverdb.com\/tr\/moving-to-portugal\/living-in-portugal\/#How_long_does_it_take_to_get_a_Portuguese_residence_permit\" >Portekiz oturma izni almak ne kadar s\u00fcrer?<\/a><\/li><li class='ez-toc-page-1 ez-toc-heading-level-3'><a class=\"ez-toc-link ez-toc-heading-24\" href=\"https:\/\/moverdb.com\/tr\/moving-to-portugal\/living-in-portugal\/#What_is_Vila_Nova_de_Gaia_known_for\" >Vila Nova de Gaia ne ile tan\u0131n\u0131r?<\/a><\/li><li class='ez-toc-page-1 ez-toc-heading-level-3'><a class=\"ez-toc-link ez-toc-heading-25\" href=\"https:\/\/moverdb.com\/tr\/moving-to-portugal\/living-in-portugal\/#How_long_does_it_take_to_get_a_Portuguese_visa\" >Portekiz vizesi almak ne kadar s\u00fcrer?<\/a><\/li><li class='ez-toc-page-1 ez-toc-heading-level-3'><a class=\"ez-toc-link ez-toc-heading-26\" href=\"https:\/\/moverdb.com\/tr\/moving-to-portugal\/living-in-portugal\/#Can_a_Portuguese_citizen_get_free_healthcare\" >Bir Portekiz vatanda\u015f\u0131 \u00fccretsiz sa\u011fl\u0131k hizmeti alabilir mi?<\/a><\/li><li class='ez-toc-page-1 ez-toc-heading-level-3'><a class=\"ez-toc-link ez-toc-heading-27\" href=\"https:\/\/moverdb.com\/tr\/moving-to-portugal\/living-in-portugal\/#How_long_does_the_Portugal_golden_visa_last\" >Portekiz alt\u0131n vizesi ne kadar s\u00fcrer?<\/a><\/li><\/ul><\/li><li class='ez-toc-page-1 ez-toc-heading-level-2'><a class=\"ez-toc-link ez-toc-heading-28\" href=\"https:\/\/moverdb.com\/tr\/moving-to-portugal\/living-in-portugal\/#Final_Thoughts\" >Son D\u00fc\u015f\u00fcnceler<\/a><\/li><li class='ez-toc-page-1 ez-toc-heading-level-2'><a class=\"ez-toc-link ez-toc-heading-29\" href=\"https:\/\/moverdb.com\/tr\/moving-to-portugal\/living-in-portugal\/#Other_Useful_Guides_to_Portugal\" >Portekiz \u0130\u00e7in Di\u011fer Faydal\u0131 K\u0131lavuzlar<\/a><\/li><\/ul><\/nav><\/div>\n<h2><span class=\"ez-toc-section\" id=\"1_The_cost_of_living_is_low\"><\/span>1. Ya\u015fam maliyeti d\u00fc\u015f\u00fckt\u00fcr<span class=\"ez-toc-section-end\"><\/span><\/h2>\n<p><img loading=\"lazy\" decoding=\"async\" src=\"https:\/\/moverdb.com\/wp-content\/uploads\/shutterstock_2293324397.jpg\" alt=\"\" width=\"1000\" height=\"670\" class=\"aligncenter size-full wp-image-16324\" srcset=\"https:\/\/moverdb.com\/wp-content\/uploads\/shutterstock_2293324397.jpg 1000w, https:\/\/moverdb.com\/wp-content\/uploads\/shutterstock_2293324397-300x200.jpg 300w, https:\/\/moverdb.com\/wp-content\/uploads\/shutterstock_2293324397-18x12.jpg 18w\" sizes=\"auto, (max-width: 1000px) 100vw, 1000px\" \/><\/p>\n<p>Portekiz, ya\u015fam maliyetleri a\u00e7\u0131s\u0131ndan \u015f\u00fcphesiz Bat\u0131 Avrupa'daki en uygun fiyatl\u0131 \u00fclkelerden biridir. Konuttan g\u0131daya kadar hemen her \u015fey makul fiyatl\u0131d\u0131r. Portekiz'in ya\u015fam maliyeti, Avrupa Birli\u011fi'nin ya\u015fam maliyetinden yakla\u015f\u0131k 50% daha azd\u0131r. <a href=\"https:\/\/moverdb.com\/tr\/moving-to-the-united-states\/\" data-internallinksmanager029f6b8e52c=\"94\" title=\"Amerika Birle\u015fik Devletleri&#039;ne mi ta\u015f\u0131n\u0131yorsunuz? 2026 Ya\u015fam Maliyetleri ve Yer De\u011fi\u015ftirme \u0130pu\u00e7lar\u0131\">Birle\u015fik Devletler<\/a>Portekiz'de ya\u015famak gurbet\u00e7iler i\u00e7in son derece cazip bir teklif.<\/p>\n<p>Portekiz'de bakkaliye al\u0131\u015fveri\u015fi, \u00f6zellikle yerel pazarlardan meyve ve sebze, bal\u0131k ve et gibi taze g\u0131dalar sat\u0131n al\u0131rken nispeten makuld\u00fcr. Genel kural, Portekiz'de yeti\u015ftirilen veya avlanan her \u015feyin ucuz oldu\u011fudur.<\/p>\n<h2><span class=\"ez-toc-section\" id=\"2_The_Portuguese_dont_speak_Spanish\"><\/span>2. Portekizliler \u0130spanyolca konu\u015fmaz<span class=\"ez-toc-section-end\"><\/span><\/h2>\n<p>Portekizce Portekiz'in resmi ve en yayg\u0131n konu\u015fulan dilidir. Portekiz'de Portekizce d\u0131\u015f\u0131nda en yayg\u0131n olarak konu\u015fulan diller \u0130ngilizce, \u0130spanyolca, Frans\u0131zca ve Mirandaca'd\u0131r.<\/p>\n<p>Portekizce ve \u0130spanyolca aras\u0131ndaki fark telaffuz ve fonem say\u0131lar\u0131nda yatmaktad\u0131r. \u0130spanyolca ve Portekizce konu\u015fanlar\u0131n her biri di\u011ferinin s\u00f6ylediklerinin yakla\u015f\u0131k yar\u0131s\u0131n\u0131 anlar.<\/p>\n<h2><span class=\"ez-toc-section\" id=\"3_They_have_excellent_healthcare_options\"><\/span>3. M\u00fckemmel sa\u011fl\u0131k hizmeti se\u00e7eneklerine sahipler<span class=\"ez-toc-section-end\"><\/span><\/h2>\n<p>Portekiz, devlet taraf\u0131ndan i\u015fletilen ola\u011fan\u00fcst\u00fc bir sa\u011fl\u0131k sistemine sahiptir. Tamamen \u00fccretsiz olmasa da, t\u0131bbi masraflar\u0131 kar\u015f\u0131lamak i\u00e7in bor\u00e7lanmaktan ka\u00e7\u0131nacaks\u0131n\u0131z. Servi\u00e7o Nacional de Sade (SNS) t\u00fcm Portekiz vatanda\u015flar\u0131na a\u00e7\u0131kt\u0131r; 18 ya\u015f alt\u0131 ve 65 ya\u015f \u00fcst\u00fc i\u00e7in \u00fccretsizdir ve di\u011ferleri i\u00e7in \u00f6nemli \u00f6l\u00e7\u00fcde s\u00fcbvanse edilir.<\/p>\n<p>Neyse ki, vatanda\u015f olmayanlar da SNS'ye biraz daha d\u00fc\u015f\u00fck bir \u00fccretle eri\u015febilirler. Tek gereken bir Portekiz sosyal g\u00fcvenlik numaras\u0131 edinmek ve ikamet kayd\u0131 yapt\u0131rmakt\u0131r.<\/p>\n<p>Portekiz'de \u00f6zel sa\u011fl\u0131k sigortas\u0131 genellikle olduk\u00e7a ucuzdur. \u00c7e\u015fitli sayg\u0131n uluslararas\u0131 ve yerel \u00f6zel sigorta \u015firketleri taraf\u0131ndan kolayca sunulmaktad\u0131r.<\/p>\n<h2><span class=\"ez-toc-section\" id=\"4_An_abundance_of_natural_beauty\"><\/span>4. Bol miktarda do\u011fal g\u00fczellik<span class=\"ez-toc-section-end\"><\/span><\/h2>\n<p><img loading=\"lazy\" decoding=\"async\" src=\"https:\/\/moverdb.com\/wp-content\/uploads\/shutterstock_2233098745.jpg\" alt=\"\" width=\"1000\" height=\"667\" class=\"aligncenter size-full wp-image-16323\" srcset=\"https:\/\/moverdb.com\/wp-content\/uploads\/shutterstock_2233098745.jpg 1000w, https:\/\/moverdb.com\/wp-content\/uploads\/shutterstock_2233098745-300x200.jpg 300w, https:\/\/moverdb.com\/wp-content\/uploads\/shutterstock_2233098745-18x12.jpg 18w\" sizes=\"auto, (max-width: 1000px) 100vw, 1000px\" \/><\/p>\n<p>Portekiz, d\u00fcnyan\u0131n en g\u00fczel k\u0131rsal alanlar\u0131ndan baz\u0131lar\u0131 da dahil olmak \u00fczere muhte\u015fem manzaralara ev sahipli\u011fi yapmaktad\u0131r. Bu G\u00fcney Avrupa \u00fclkesi rahat ve misafirperverdir, denizle \u00e7evrilidir ve g\u00fcne\u015f taraf\u0131ndan \u0131s\u0131t\u0131l\u0131r.<\/p>\n<p>Portekizliler geleneksel olarak d\u00fcnyan\u0131n en b\u00fcy\u00fck kayna\u011f\u0131 olan do\u011fan\u0131n koruyucusu olmu\u015flard\u0131r. \u00dclkenin d\u00f6rt bir yan\u0131nda el de\u011fmemi\u015f, nefes kesici manzaralar bulacaks\u0131n\u0131z. Azor Tak\u0131madalar\u0131'n\u0131n en b\u00fcy\u00fck adas\u0131 olan Sao Miguel adas\u0131 ve Vila Franca do Campo adac\u0131\u011f\u0131 ile kar\u015f\u0131 kar\u015f\u0131ya olan bu k\u00fc\u00e7\u00fck ada, asl\u0131nda muhte\u015fem bir su alt\u0131 volkan\u0131n\u0131n g\u00f6r\u00fcnen k\u0131sm\u0131d\u0131r.<\/p>\n<p>Azor Adalar\u0131'ndan Kuzey Portekiz'e, Madeira'dan Algarve'ye, Portekiz en \u00e7arp\u0131c\u0131 do\u011fal hazinelere sahiptir.<\/p>\n<h2><span class=\"ez-toc-section\" id=\"5_The_Portuguese_are_crazy_about_fresh_fish\"><\/span>5. Portekizliler taze bal\u0131\u011fa bay\u0131l\u0131rlar<span class=\"ez-toc-section-end\"><\/span><\/h2>\n<p>Portekizliler bal\u0131klar\u0131na bay\u0131l\u0131r! \u0130ster nefis bir bal\u0131k \u00e7orbas\u0131 ya da bal\u0131k yahnisi haz\u0131rl\u0131yor olsunlar, ister \u0131zgara yap\u0131yor ya da Portekiz usul\u00fc patates ve zeytinya\u011f\u0131 ile pi\u015firiyor olsunlar. Portekizliler her y\u0131l \u00fclke \u00e7ap\u0131nda bacalhau ve sardinhas kutlamalar\u0131 d\u00fczenlerler.<\/p>\n<p>En b\u00fcy\u00fck ve en geni\u015f bacalhau festivali Aveiro'nun Jardim Oudinot b\u00f6lgesinde, Gafanha da Nazar\u00e9'de d\u00fczenlenmektedir. Bu, tamamen morina bal\u0131\u011f\u0131na adanm\u0131\u015f be\u015f g\u00fcnl\u00fck bir kutlamad\u0131r. \u00c7e\u015fitli etkinlikler, mutfak g\u00f6sterileri, bacalhau haz\u0131rlaman\u0131n milyonlarca farkl\u0131 yolunu deneyebilece\u011finiz restoranlar, sergiler ve en \u00f6nemlisi \u015farap tad\u0131m\u0131!<\/p>\n<h2><span class=\"ez-toc-section\" id=\"6_The_weather_in_Portugal\"><\/span>6. Portekiz'de hava durumu<span class=\"ez-toc-section-end\"><\/span><\/h2>\n<p>Portekiz g\u00fcne\u015f \u0131\u015f\u0131\u011f\u0131yla \u00fcnl\u00fcd\u00fcr, s\u0131cakl\u0131klar g\u00fcneyde y\u0131l boyunca ortalama 64\u00b0F'dir ve yaz aylar\u0131nda zaman zaman 104\u00b0F'ye kadar y\u00fckselir.<\/p>\n<p>Lizbon'da s\u0131cak hava, \u00f6zellikle de yazlar\u0131, ho\u015f, kuru ve \u00e7o\u011funlukla a\u00e7\u0131kt\u0131r.<\/p>\n<p>Bunu size s\u00f6yledi\u011fimiz i\u00e7in \u00fczg\u00fcn\u00fcz ama g\u00fcne\u015f b\u00fct\u00fcn y\u0131l parlam\u0131yor. K\u0131\u015flar dondurucu, nemli, r\u00fczgarl\u0131 ve k\u0131smen bulutlu ge\u00e7er. S\u0131cakl\u0131k y\u0131l boyunca genellikle 47\u00b0F ile 83\u00b0F aras\u0131nda de\u011fi\u015fir ve nadiren 40\u00b0F'nin alt\u0131nda veya 94\u00b0F'nin \u00fczerindedir.<\/p>\n<h2><span class=\"ez-toc-section\" id=\"7_Lisbon_is_thriving\"><\/span>7. Lizbon geli\u015fiyor<span class=\"ez-toc-section-end\"><\/span><\/h2>\n<p><img loading=\"lazy\" decoding=\"async\" src=\"https:\/\/moverdb.com\/wp-content\/uploads\/shutterstock_2333304677.jpg\" alt=\"\" width=\"1000\" height=\"667\" class=\"aligncenter size-full wp-image-16322\" srcset=\"https:\/\/moverdb.com\/wp-content\/uploads\/shutterstock_2333304677.jpg 1000w, https:\/\/moverdb.com\/wp-content\/uploads\/shutterstock_2333304677-300x200.jpg 300w, https:\/\/moverdb.com\/wp-content\/uploads\/shutterstock_2333304677-18x12.jpg 18w\" sizes=\"auto, (max-width: 1000px) 100vw, 1000px\" \/><\/p>\n<p>Portekiz'in ba\u015fkenti Lizbon, Avrupa'n\u0131n en \u00e7ok ziyaret edilen ve en pop\u00fcler \u015fehirlerinden biridir. Lizbon \u015fehri ve Lizbon metropolitan b\u00f6lgesi, tarihi ve k\u00fclt\u00fcrel miras\u0131n\u0131n yan\u0131 s\u0131ra m\u00fckemmel ula\u015f\u0131m ve turizm altyap\u0131s\u0131n\u0131n da etkisiyle her y\u0131l \u00e7ok say\u0131da ziyaret\u00e7i almaktad\u0131r.<\/p>\n<p>Lizbon'da yemek fiyatlar\u0131n\u0131n d\u00fc\u015f\u00fck olmas\u0131 gezginler i\u00e7in en b\u00fcy\u00fck \u015foklardan biridir. Denizci bir \u00fclkeye yak\u0131\u015f\u0131r \u015fekilde bir\u00e7ok yerde taze bal\u0131k ve deniz \u00fcr\u00fcnleri se\u00e7enekleri bolca bulunmaktad\u0131r.<\/p>\n<p>\u015eehrin arka sokaklar\u0131nda yer alan geleneksel tascas, \u00f6nemli y\u00f6resel yemekler sunmaktad\u0131r. Bu \u00e7arp\u0131c\u0131 \u015fehrin g\u00fczellikleri aras\u0131nda ke\u015ffedilecek gizli barlar, hayran olunacak mimari harikalar, se\u00e7kin restoranlar ve m\u00fczeler bulunmaktad\u0131r.<\/p>\n<h2><span class=\"ez-toc-section\" id=\"8_Retirees_love_the_Algarve\"><\/span>8. Emekliler Algarve'yi seviyor<span class=\"ez-toc-section-end\"><\/span><\/h2>\n<p>Algarve'yi harika bir tatil yeri olarak biliyor olabilirsiniz, ancak Portekiz'in g\u00fcney b\u00f6lgesi ayn\u0131 zamanda emekli olmak i\u00e7in de m\u00fckemmel bir yerdir. Algarve, b\u00fct\u00e7eleri ne olursa olsun emekliler i\u00e7in ola\u011fan\u00fcst\u00fc bir ya\u015fam kalitesi sunmaktad\u0131r. Tavira, Vilamoura, Lagos, Faro, Albufeira, Alvor ve Ferragudo, Algarve'deki gurbet\u00e7iler i\u00e7in en pop\u00fcler yerlerdir.<\/p>\n<p>B\u00f6lgenin s\u00fcrekli g\u00fcne\u015f \u0131\u015f\u0131\u011f\u0131, deniz, huzurlu bir ya\u015fam temposu ve nispeten ucuz harcamalar kar\u0131\u015f\u0131m\u0131, buray\u0131 cazip bir emeklilik yeri haline getirmektedir.<\/p>\n<h2><span class=\"ez-toc-section\" id=\"9_Catholicism_is_still_thriving_in_Portugal\"><\/span>9. Portekiz'de Katoliklik hala geli\u015fiyor<span class=\"ez-toc-section-end\"><\/span><\/h2>\n<p>Ba\u015fta Roma Katolikli\u011fi olmak \u00fczere Hristiyanl\u0131k Portekiz'de en yayg\u0131n dindir. Ge\u00e7mi\u015fte Katolik Kilisesi ulusal din iken Portekiz'in resmi bir dini yoktur. Portekiz'in uzun tarihi boyunca din, \u00f6zellikle de Katoliklik, sosyal ve siyasi hayatta \u00f6nemli bir rol oynam\u0131\u015ft\u0131r.<\/p>\n<p>Katolik Kilisesi ve devlet yasal olarak birbirinden ayr\u0131larak Portekiz'de yeni bir sek\u00fclerle\u015fme \u00e7a\u011f\u0131 ba\u015flat\u0131ld\u0131. G\u00fcn\u00fcm\u00fczde Portekiz'de ya\u015fayanlar\u0131n \u00e7o\u011fu <a href=\"https:\/\/www.worldatlas.com\/articles\/religious-beliefs-in-portugal.html\" target=\"_blank\" rel=\"noopener noreferrer\">kendini tan\u0131mlama<\/a> Roma Katolikleri olarak (y\u00fczde 81).<\/p>\n<h2><span class=\"ez-toc-section\" id=\"10_Festivals_and_carnivals_throughout_the_year\"><\/span>10. Y\u0131l boyunca festivaller ve karnavallar<span class=\"ez-toc-section-end\"><\/span><\/h2>\n<p>Portekiz'de her g\u00fcn bir yerde bir festival d\u00fczenleniyor. Geleneksel bir festivale (Festa) kat\u0131lmak, Portekiz k\u00fclt\u00fcr\u00fc hakk\u0131nda bilgi edinmek ve yerel halkla tan\u0131\u015fmak i\u00e7in harika bir f\u0131rsatt\u0131r. Portekiz'in festivalleri geleneksel olanlarla s\u0131n\u0131rl\u0131 de\u011fildir. Yerel y\u00f6netimler turizmi art\u0131rmak i\u00e7in d\u00fczenli olarak film, m\u00fczik ve mutfak festivallerine sponsor olmaktad\u0131r.<\/p>\n<p>Lizbon, Loule, Nazare ve Viana do Castelo, \u00e7arp\u0131c\u0131 \u015famand\u0131ralar, m\u00fczik ve renkli kost\u00fcmler i\u00e7eren Brezilya tarz\u0131 Rio Karnaval\u0131 ge\u00e7it t\u00f6renleriyle \u00fcnl\u00fcd\u00fcr. Aveiro, Mart sonundan Nisan sonuna kadar geleneksel bir folk ve rock festivali olan Feira de Mar\u00e7o'ya ev sahipli\u011fi yapmaktad\u0131r.<\/p>\n<h2><span class=\"ez-toc-section\" id=\"11_Portugals_unofficial_symbol_%E2%80%98The_Barcelos_Rooster\"><\/span>11. Portekiz'in gayri resmi sembol\u00fc 'Barcelos Horozu'<span class=\"ez-toc-section-end\"><\/span><\/h2>\n<p><img loading=\"lazy\" decoding=\"async\" src=\"https:\/\/moverdb.com\/wp-content\/uploads\/shutterstock_1898177482.jpg\" alt=\"\" width=\"1000\" height=\"667\" class=\"aligncenter size-full wp-image-16321\" srcset=\"https:\/\/moverdb.com\/wp-content\/uploads\/shutterstock_1898177482.jpg 1000w, https:\/\/moverdb.com\/wp-content\/uploads\/shutterstock_1898177482-300x200.jpg 300w, https:\/\/moverdb.com\/wp-content\/uploads\/shutterstock_1898177482-18x12.jpg 18w\" sizes=\"auto, (max-width: 1000px) 100vw, 1000px\" \/><\/p>\n<p>Bazen Portekiz Horozu olarak da an\u0131lan Barcelos Horozu'nun Portekizlilerin ya\u015fam sevincini temsil etti\u011fi d\u00fc\u015f\u00fcn\u00fclmektedir. \"Barcelos'un Ya\u015fl\u0131 Horozu\" gelene\u011fine dayanan Horoz, g\u00fcven, iyi talih ve adaletin bir i\u015faretidir. Folklora g\u00f6re, \u00f6l\u00fc bir horoz olan Barcelos Horozu, haks\u0131z yere idama mahkum edilen bir adam\u0131n masumiyetini mucizevi bir \u015fekilde kan\u0131tlar.<\/p>\n<h2><span class=\"ez-toc-section\" id=\"12_Futebol_is_like_a_religion_in_Portugal\"><\/span>12. <em>Futebol <\/em>Portekiz'de bir din gibidir<span class=\"ez-toc-section-end\"><\/span><\/h2>\n<p>Portekizliler futbol olarak da bilinen futbolu izlemeyi ya da oynamay\u0131 \u00e7ok severler. Asl\u0131nda bu spor o kadar pop\u00fclerdir ve Portekizliler bu spora o kadar ba\u011fl\u0131d\u0131r ki, gayri resmi bir din ile kar\u015f\u0131la\u015ft\u0131r\u0131labilir.<\/p>\n<p>S\u0131k s\u0131k, <em>futebol <\/em>g\u00fc\u00e7l\u00fc duygular\u0131 ve co\u015fkuyu ortaya \u00e7\u0131karacakt\u0131r. Ger\u00e7ekten de futbol s\u0131kl\u0131kla bir tart\u0131\u015fma konusu ve Portekizli rakiplerinizle etkile\u015fim kurmak i\u00e7in m\u00fckemmel bir y\u00f6ntemdir. Futbol ya da <em>futebol<\/em>Portekiz medyas\u0131nda, \u00f6zel gazetelerde ve haber sitelerinde, hatta sohbet programlar\u0131 ve \u00f6zetlerle prime-time televizyonda s\u00fcrekli olarak yer almaktad\u0131r.<\/p>\n<h2><span class=\"ez-toc-section\" id=\"13_Purchasing_a_property_is_simple\"><\/span>13. Bir m\u00fclk sat\u0131n almak basittir<span class=\"ez-toc-section-end\"><\/span><\/h2>\n<p>Portekiz'in en heyecan verici y\u00f6nlerinden biri, \u00fclkede m\u00fclk sat\u0131n alan yabanc\u0131lara y\u00f6nelik s\u0131n\u0131rlamalar\u0131n olmamas\u0131d\u0131r. Ayr\u0131ca Portekiz h\u00fck\u00fcmeti, Alt\u0131n Vize program\u0131 arac\u0131l\u0131\u011f\u0131yla yabanc\u0131 yat\u0131r\u0131mc\u0131lar\u0131n Portekiz'deki emlak piyasas\u0131na yat\u0131r\u0131m yapmalar\u0131 i\u00e7in te\u015fvikler sa\u011flamaktad\u0131r.<\/p>\n<p>Portekiz, di\u011fer Avrupa \u00fclkeleriyle kar\u015f\u0131la\u015ft\u0131r\u0131ld\u0131\u011f\u0131nda Avrupa'daki en d\u00fc\u015f\u00fck maliyetlerden baz\u0131lar\u0131na sahiptir. Portekiz'de gayrimenkul\u00fcn di\u011fer Avrupa \u00fclkelerinden \u00e7ok daha ucuz oldu\u011fu d\u00fc\u015f\u00fcn\u00fcld\u00fc\u011f\u00fcnde <a href=\"https:\/\/moverdb.com\/tr\/moving-to-spain\/\" data-internallinksmanager029f6b8e52c=\"266\" title=\"\u0130spanya&#039;ya m\u0131 ta\u015f\u0131n\u0131yorsunuz? 2026 Ya\u015fam Maliyetleri ve Yer De\u011fi\u015ftirme \u0130pu\u00e7lar\u0131\">\u0130spanya<\/a> Lizbon ve Algarve'nin y\u00fcksek kira getirisi sa\u011flad\u0131\u011f\u0131 d\u00fc\u015f\u00fcn\u00fcld\u00fc\u011f\u00fcnde, Portekiz'in neden bu kadar pop\u00fcler bir yat\u0131r\u0131m yeri oldu\u011fu kolayca anla\u015f\u0131labilir.<\/p>\n<h2><span class=\"ez-toc-section\" id=\"14_They_are_one_of_the_worlds_leading_wine_producers\"><\/span>14. D\u00fcnyan\u0131n \u00f6nde gelen \u015farap \u00fcreticilerinden biridir<span class=\"ez-toc-section-end\"><\/span><\/h2>\n<p><img loading=\"lazy\" decoding=\"async\" src=\"https:\/\/moverdb.com\/wp-content\/uploads\/shutterstock_1133162057.jpg\" alt=\"\" width=\"1000\" height=\"662\" class=\"aligncenter size-full wp-image-16327\" srcset=\"https:\/\/moverdb.com\/wp-content\/uploads\/shutterstock_1133162057.jpg 1000w, https:\/\/moverdb.com\/wp-content\/uploads\/shutterstock_1133162057-300x200.jpg 300w, https:\/\/moverdb.com\/wp-content\/uploads\/shutterstock_1133162057-18x12.jpg 18w\" sizes=\"auto, (max-width: 1000px) 100vw, 1000px\" \/><\/p>\n<p>Douro Vadisi (yukar\u0131da g\u00f6sterilmektedir) Portekiz'in en \u00fcnl\u00fc \u015farap vadisidir. Porto \u015fehrinin hemen d\u0131\u015f\u0131nda bulunan bu yemye\u015fil nehir kanyonu, \u015faraplar\u0131yla \u00fcnl\u00fcd\u00fcr. <a href=\"https:\/\/moverdb.com\/tr\/top-49-container-ports\/\" data-internallinksmanager029f6b8e52c=\"80\" title=\"2025 Y\u0131l\u0131nda En B\u00fcy\u00fck ve En Yo\u011fun 49 Konteyner Liman\u0131\">Liman<\/a> \u015earaplar. Bu b\u00f6lgede \u00fcretilen \u015faraplar efsanevi hale gelmi\u015ftir - \u00f6yle ki UNESCO vadiyi D\u00fcnya Miras\u0131 Listesi'ne alm\u0131\u015ft\u0131r. Portekiz'in en me\u015fhur ve en \u00e7ok taklit edilen \u015farab\u0131 olan Porto \u015farab\u0131 Douro Vadisi'nde yeti\u015ftirilmektedir.<\/p>\n<h2><span class=\"ez-toc-section\" id=\"15_Getting_around_in_Portugal\"><\/span>15. Portekiz'de Ula\u015f\u0131m<span class=\"ez-toc-section-end\"><\/span><\/h2>\n<p>Portekiz, iyi tren ve otob\u00fcs ba\u011flant\u0131lar\u0131na sahip k\u00fc\u00e7\u00fck bir \u00fclkedir. B\u00fcy\u00fckl\u00fc\u011f\u00fcne ra\u011fmen Portekiz, b\u00fcy\u00fck \u015fehirleri ve uluslararas\u0131 destinasyonlar\u0131 birbirine ba\u011flayan iyi ba\u011flant\u0131l\u0131 bir toplu ta\u015f\u0131ma sistemine sahiptir ve \u00fclke genelinde taksiler ve tramvaylar\u0131n kullan\u0131m\u0131 kolayd\u0131r.<\/p>\n<p>B\u00f6lgesel trenler genellikle daha ucuz ve muhte\u015fem manzaralar sunarken, \u00f6zellikle daha k\u0131sa veya daha az belirgin g\u00fczergahlarda otob\u00fcs kullanmak neredeyse her zaman daha h\u0131zl\u0131d\u0131r.<\/p>\n<h2><span class=\"ez-toc-section\" id=\"16_Portugal_used_to_be_an_empire\"><\/span>16. Portekiz eskiden bir imparatorluktu<span class=\"ez-toc-section-end\"><\/span><\/h2>\n<p>Portekiz, Avrupa'n\u0131n ilk s\u00f6m\u00fcrge imparatorlu\u011funu kurmu\u015ftur. On d\u00f6rd\u00fcnc\u00fc y\u00fczy\u0131lda Portekizli y\u00f6neticilerin Avrupa ile Do\u011fu Hint Adalar\u0131 aras\u0131nda ticari yollar aramalar\u0131 ile ba\u015flam\u0131\u015ft\u0131r.<\/p>\n<p>Portekiz S\u00f6m\u00fcrge \u0130mparatorlu\u011fu Avrupa'n\u0131n en uzun \u00f6m\u00fcrl\u00fc imparatorluklar\u0131ndan biriydi. Ceuta'n\u0131n 1415 y\u0131l\u0131nda ele ge\u00e7irilmesiyle ba\u015flam\u0131\u015f ve 1999 y\u0131l\u0131na kadar devam etmi\u015ftir. <a href=\"https:\/\/moverdb.com\/tr\/container-shipping\/macau\/\" data-internallinksmanager029f6b8e52c=\"147\" title=\"2023 Makao&#039;ya ve Makao&#039;dan Deniz Ta\u015f\u0131mac\u0131l\u0131\u011f\u0131 Konteyner Nakliye Fiyatlar\u0131\">Makao<\/a> transfer edildi <a href=\"https:\/\/moverdb.com\/tr\/moving-to-china\/\" data-internallinksmanager029f6b8e52c=\"357\" title=\"\u00c7in&#039;e mi Ta\u015f\u0131n\u0131yorsunuz? 2026 Ya\u015fam Maliyetleri ve Yer De\u011fi\u015ftirme \u0130pu\u00e7lar\u0131\">\u00c7in<\/a>.<\/p>\n<h2><span class=\"ez-toc-section\" id=\"17_Taxation\"><\/span>17. Vergilendirme<span class=\"ez-toc-section-end\"><\/span><\/h2>\n<p>Portekiz'de ikamet edenler, k\u00fcresel gelirleri \u00fczerinden y\u00fczde 14.5 ila y\u00fczde 48 aras\u0131nda de\u011fi\u015fen bir \u00f6l\u00e7ekte vergilendirilmektedir. Daha y\u00fcksek gelirler i\u00e7in y\u00fczde 2.5 ila 5% aras\u0131nda de\u011fi\u015fen ekstra bir Dayan\u0131\u015fma Vergisi vard\u0131r. AB \u00fcyesi olmayan \u00fclke sakinleri sadece Portekiz'den elde ettikleri gelir \u00fczerinden vergilendirilir.<\/p>\n<p>Portekiz ve Amerika Birle\u015fik Devletleri aras\u0131nda bir gelir vergisi anla\u015fmas\u0131 bulunmaktad\u0131r. Bir vergi anla\u015fmas\u0131n\u0131n temel amac\u0131, Amerikan vatanda\u015flar\u0131, Portekiz vatanda\u015flar\u0131, gurbet\u00e7iler ve di\u011fer \u00fclkenin sakinleri taraf\u0131ndan \u00fcretilen fonlar\u0131n uygun \u015fekilde vergilendirilmesini garanti etmektir.<\/p>\n<h2><span class=\"ez-toc-section\" id=\"18_They_have_beautiful_beaches_and_coasts\"><\/span>18. G\u00fczel plajlar\u0131 ve k\u0131y\u0131lar\u0131 var<span class=\"ez-toc-section-end\"><\/span><\/h2>\n<p><img loading=\"lazy\" decoding=\"async\" src=\"https:\/\/moverdb.com\/wp-content\/uploads\/shutterstock_2274702289.jpg\" alt=\"\" width=\"1000\" height=\"750\" class=\"aligncenter size-full wp-image-16320\" srcset=\"https:\/\/moverdb.com\/wp-content\/uploads\/shutterstock_2274702289.jpg 1000w, https:\/\/moverdb.com\/wp-content\/uploads\/shutterstock_2274702289-300x225.jpg 300w, https:\/\/moverdb.com\/wp-content\/uploads\/shutterstock_2274702289-16x12.jpg 16w\" sizes=\"auto, (max-width: 1000px) 100vw, 1000px\" \/><\/p>\n<p>Portekiz, 590 millik Atlantik k\u0131y\u0131 \u015feridine sahip oldu\u011fu i\u00e7in \u015fansl\u0131d\u0131r. \u00dclkenin b\u00fcy\u00fck bir k\u0131sm\u0131 \u0131l\u0131man Akdeniz ikliminden faydalanmaktad\u0131r ve Avrupa'n\u0131n en inan\u0131lmaz plajlar\u0131ndan baz\u0131lar\u0131na ev sahipli\u011fi yapmaktad\u0131r. En \u00fcnl\u00fc kum tepeleri g\u00fcney Portekiz'in Algarve b\u00f6lgesinde yer almaktad\u0131r. Anakara, Azor Adalar\u0131 ve Madeira aras\u0131nda se\u00e7ilebilecek \u00e7ok say\u0131da kumsal, engebeli kayal\u0131klar ve g\u00fczel manzaralar vard\u0131r.<\/p>\n<h2><span class=\"ez-toc-section\" id=\"19_The_quality_of_life_is_outstanding\"><\/span>19. Ya\u015fam kalitesi ola\u011fan\u00fcst\u00fc<span class=\"ez-toc-section-end\"><\/span><\/h2>\n<p>Portekiz'in&nbsp;<a href=\"https:\/\/www.heraldnews.com\/story\/news\/local\/ojornal\/2017\/09\/08\/survey-portugal-has-best-quality\/18856705007\/\" target=\"_blank\" rel=\"noopener noreferrer\">en y\u00fcksek ya\u015fam kalitesi<\/a>Ge\u00e7en y\u0131l ikinci s\u0131rada olan bu \u00fclkeyi \u0130spanya ve Tayvan takip ediyor. Ayr\u0131ca \u00fclke, ba\u015fta siyasi istikrar olmak \u00fczere emniyet ve g\u00fcvenlik a\u00e7\u0131s\u0131ndan da \u00fc\u00e7 s\u0131ra y\u00fckseldi.<\/p>\n<h2><span class=\"ez-toc-section\" id=\"20_Delicious_food_and_local_produce\"><\/span>20. Lezzetli yemekler ve yerel \u00fcr\u00fcnler<span class=\"ez-toc-section-end\"><\/span><\/h2>\n<p>Portekiz mutfa\u011f\u0131, Yeni D\u00fcnya'ya yelken a\u00e7an ka\u015fiflerden b\u00fcy\u00fck \u00f6l\u00e7\u00fcde ilham alm\u0131\u015ft\u0131r. Sonu\u00e7 olarak, Portekiz mutfa\u011f\u0131nda deniz \u00fcr\u00fcnleri en \u00fcst seviyededir. Deniz mahsull\u00fc \u00e7orbal\u0131 pilavdan tatl\u0131 ve lapa lapa yumurtal\u0131 tartlara kadar Portekiz'in \u00f6ne \u00e7\u0131kan yemeklerini Michelin y\u0131ld\u0131zl\u0131 restoranlarda, rustik barlarda ve kald\u0131r\u0131m kenar\u0131ndaki barbek\u00fclerde bulabilirsiniz.<\/p>\n<p>Bu\u011fday, arpa, m\u0131s\u0131r, pirin\u00e7 gibi tah\u0131llar\u0131n yan\u0131 s\u0131ra patates, \u015farapl\u0131k \u00fcz\u00fcm, zeytin ve domates Portekiz'de yeti\u015ftirilen ba\u015fl\u0131ca \u00fcr\u00fcnlerdir.<\/p>\n<h2><span class=\"ez-toc-section\" id=\"21_They_are_a_family-friendly_country\"><\/span>21. Aile dostu bir \u00fclkedir<span class=\"ez-toc-section-end\"><\/span><\/h2>\n<p><img loading=\"lazy\" decoding=\"async\" src=\"https:\/\/moverdb.com\/wp-content\/uploads\/shutterstock_2361182441.jpg\" alt=\"\" width=\"1000\" height=\"667\" class=\"aligncenter size-full wp-image-16319\" srcset=\"https:\/\/moverdb.com\/wp-content\/uploads\/shutterstock_2361182441.jpg 1000w, https:\/\/moverdb.com\/wp-content\/uploads\/shutterstock_2361182441-300x200.jpg 300w, https:\/\/moverdb.com\/wp-content\/uploads\/shutterstock_2361182441-18x12.jpg 18w\" sizes=\"auto, (max-width: 1000px) 100vw, 1000px\" \/><\/p>\n<p>Lizbon aileler i\u00e7in d\u00fcnyan\u0131n en iyi ikinci \u015fehridir ve bunun nedeni d\u00fc\u015f\u00fck su\u00e7 oran\u0131, iyi ya\u015fam kalitesi ve m\u00fckemmel devlet ve \u00f6zel okul e\u011fitimidir. \u00c7o\u011fu ebeveyn \u00e7ocuklar\u0131 i\u00e7in uluslararas\u0131 bir okul se\u00e7mektedir.<\/p>\n<p>Portekiz \u00e7ocuklu aileler, gen\u00e7ler ve yeti\u015fkinler i\u00e7in harika bir destinasyondur ve her ya\u015ftan misafire sunabilece\u011fi \u00e7ok \u015fey vard\u0131r.<\/p>\n<h2><span class=\"ez-toc-section\" id=\"FAQs\"><\/span>SSS<span class=\"ez-toc-section-end\"><\/span><\/h2>\n<h3><span class=\"ez-toc-section\" id=\"How_long_does_it_take_to_get_a_Portuguese_residence_permit\"><\/span>Portekiz oturma izni almak ne kadar s\u00fcrer?<span class=\"ez-toc-section-end\"><\/span><\/h3>\n<p>Oturma iznine ba\u015fvurmadan \u00f6nce, yaln\u0131zca Portekiz oturma iznine ba\u015fvurmak \u00fczere Portekiz'i ziyaret etmek i\u00e7in bir oturma vizesi alman\u0131z gerekir. \u0130kamet vizesi d\u00f6rt ay s\u00fcreyle ge\u00e7erlidir ve sahibine en fazla iki giri\u015f hakk\u0131 verir. \u0130kamet vizesi almak i\u00e7in <a href=\"https:\/\/www.crownportugal.eu\/permanent-residence-permit-in-portugal\" target=\"_blank\" rel=\"noopener noreferrer\">\u0130\u015flem i\u00e7in 90 g\u00fcn<\/a>ve ba\u015fvurunuzu bir Portekiz b\u00fcy\u00fckel\u00e7ili\u011fine\/konsoloslu\u011funa yapman\u0131z gerekmektedir.<\/p>\n<h3><span class=\"ez-toc-section\" id=\"What_is_Vila_Nova_de_Gaia_known_for\"><\/span>Vila Nova de Gaia ne ile tan\u0131n\u0131r?<span class=\"ez-toc-section-end\"><\/span><\/h3>\n<p>Vila Nova de Gaia'n\u0131n liman mahzenleri uzun ve zengin bir tarihe sahiptir. M\u00fcstahkem \u015farap do\u011fudan nehir yoluyla ta\u015f\u0131n\u0131r ve \u00e7o\u011fu art\u0131k halka a\u00e7\u0131k olan mahzenlerde saklan\u0131rd\u0131.<\/p>\n<h3><span class=\"ez-toc-section\" id=\"How_long_does_it_take_to_get_a_Portuguese_visa\"><\/span>Portekiz vizesi almak ne kadar s\u00fcrer?<span class=\"ez-toc-section-end\"><\/span><\/h3>\n<p>\u00c7o\u011fu durumda, Portekiz vizesi <a href=\"https:\/\/www.schengenvisainfo.com\/portugal-visa\/#how-long-does-it-take-to-get-a-portuguese-visa\" target=\"_blank\" rel=\"noopener noreferrer\">i\u015flenmi\u015f<\/a> 14 takvim g\u00fcn\u00fc i\u00e7inde. Ancak, y\u0131l\u0131n hangi zaman\u0131nda oldu\u011funuz, t\u00fcm evrak i\u015flerinizi tamamlay\u0131p tamamlamad\u0131\u011f\u0131n\u0131z gibi ko\u015fullara ba\u011fl\u0131 olarak bu s\u00fcre uzayabilir. Her durumda, Portekiz'e ta\u015f\u0131nmadan \u00f6nce vizenizi \u00e7ok \u00f6nceden d\u00fczenlemeye ba\u015flay\u0131n.<\/p>\n<h3><span class=\"ez-toc-section\" id=\"Can_a_Portuguese_citizen_get_free_healthcare\"><\/span>Bir Portekiz vatanda\u015f\u0131 \u00fccretsiz sa\u011fl\u0131k hizmeti alabilir mi?<span class=\"ez-toc-section-end\"><\/span><\/h3>\n<p>Portekiz 18 ya\u015f alt\u0131 \u00e7ocuklara ve 65 ya\u015f \u00fcst\u00fc bireylere \u00fccretsiz sa\u011fl\u0131k hizmeti vermektedir. E\u011fer b\u00f6lge sakinleri bu kriterlere uymuyorsa ve acil tedaviye ihtiya\u00e7 duymuyorlarsa ya da \u00f6zel bir durumlar\u0131 yoksa, SNS kamu sa\u011fl\u0131k hizmetlerini ucuza sa\u011flamaktad\u0131r.<\/p>\n<h3><span class=\"ez-toc-section\" id=\"How_long_does_the_Portugal_golden_visa_last\"><\/span>Portekiz alt\u0131n vizesi ne kadar s\u00fcrer?<span class=\"ez-toc-section-end\"><\/span><\/h3>\n<p>Portekiz Alt\u0131n Vizesi sadece bir y\u0131l i\u00e7in ge\u00e7erlidir. Yat\u0131r\u0131m\u0131n\u0131z\u0131 g\u00fcncel tutarsan\u0131z, iki y\u0131l daha devam ettirebilirsiniz. Be\u015f y\u0131l sonra, daimi Portekiz ikametgah\u0131 veya vatanda\u015fl\u0131\u011f\u0131 i\u00e7in ba\u015fvurabilirsiniz.<\/p>\n<h2><span class=\"ez-toc-section\" id=\"Final_Thoughts\"><\/span>Son D\u00fc\u015f\u00fcnceler<span class=\"ez-toc-section-end\"><\/span><\/h2>\n<p>Portekiz'e ta\u015f\u0131nmay\u0131 ve daimi ikamet almay\u0131 d\u00fc\u015f\u00fcn\u00fcyorsan\u0131z, bu \u00fclkede ya\u015famak i\u00e7in bir\u00e7ok te\u015fvik vard\u0131r. Vize s\u00fcreci h\u0131zl\u0131 ve ac\u0131s\u0131zd\u0131r. \u0130nsanlar, yemek ve \u015farap, m\u00fckemmel t\u0131bbi bak\u0131m ve Portekiz'in g\u00fczelli\u011fi, gurbet\u00e7i hayat\u0131n\u0131z\u0131n her an\u0131n\u0131n tad\u0131n\u0131 \u00e7\u0131karman\u0131z\u0131 sa\u011flayacak!<\/p>\n<h2><span class=\"ez-toc-section\" id=\"Other_Useful_Guides_to_Portugal\"><\/span>Portekiz \u0130\u00e7in Di\u011fer Faydal\u0131 K\u0131lavuzlar<span class=\"ez-toc-section-end\"><\/span><\/h2>\n<ul>\n<li> <a href=\"https:\/\/moverdb.com\/tr\/moving-to-portugal\/\">Portekiz'e mi ta\u015f\u0131n\u0131yorsunuz? 2026 Ya\u015fam Maliyetleri &amp; Yer De\u011fi\u015ftirme \u0130pu\u00e7lar\u0131<\/a><\/li>\n<li> <a href=\"https:\/\/moverdb.com\/tr\/moving-to-portugal\/moving-to-portugal-from-the-uk\/\">Birle\u015fik Krall\u0131k'tan Portekiz'e Ta\u015f\u0131nma<\/a><\/li>\n<li> <a href=\"https:\/\/moverdb.com\/tr\/moving-to-portugal\/best-places-to-live-portugal\/\">Portekiz'de Ya\u015fanacak En \u0130yi 13 Yer<\/a><\/li>\n<li> <a href=\"https:\/\/moverdb.com\/tr\/tasinma-si%cc%87rketleri%cc%87\/moving-companies-portugal\/\">Portekiz'deki En \u0130yi 10 Uluslararas\u0131 Nakliye \u015eirketi<\/a><\/li>\n<li> <a href=\"https:\/\/moverdb.com\/tr\/konteyner-tasimaciligi\/portekiz\/\">2024 Portekiz'e ve Portekiz'den Deniz Ta\u015f\u0131mac\u0131l\u0131\u011f\u0131 Konteyner Nakliye Fiyatlar\u0131<\/a><\/li>\n<\/ul>","protected":false},"excerpt":{"rendered":"<p>There are several reasons to live in Portugal, including the temperature, friendly people, fantastic food, charming towns, and breathtaking landscape. Here is what you need to know before moving to Portugal. &nbsp; 1. The cost of living is low Portugal is undoubtedly one of the most affordable countries in Western Europe regarding living costs. Almost [&hellip;]<\/p>\n","protected":false},"author":1,"featured_media":0,"parent":4795,"menu_order":0,"comment_status":"closed","ping_status":"closed","template":"","meta":{"_genesis_hide_title":false,"_genesis_hide_breadcrumbs":false,"_genesis_hide_singular_image":false,"_genesis_hide_footer_widgets":false,"_genesis_custom_body_class":"","_genesis_custom_post_class":"","_genesis_layout":"","footnotes":""},"class_list":{"0":"post-9571","1":"page","2":"type-page","3":"status-publish","5":"entry","6":"has-post-thumbnail"},"_links":{"self":[{"href":"https:\/\/moverdb.com\/tr\/wp-json\/wp\/v2\/pages\/9571","targetHints":{"allow":["GET"]}}],"collection":[{"href":"https:\/\/moverdb.com\/tr\/wp-json\/wp\/v2\/pages"}],"about":[{"href":"https:\/\/moverdb.com\/tr\/wp-json\/wp\/v2\/types\/page"}],"author":[{"embeddable":true,"href":"https:\/\/moverdb.com\/tr\/wp-json\/wp\/v2\/users\/1"}],"replies":[{"embeddable":true,"href":"https:\/\/moverdb.com\/tr\/wp-json\/wp\/v2\/comments?post=9571"}],"version-history":[{"count":6,"href":"https:\/\/moverdb.com\/tr\/wp-json\/wp\/v2\/pages\/9571\/revisions"}],"predecessor-version":[{"id":16329,"href":"https:\/\/moverdb.com\/tr\/wp-json\/wp\/v2\/pages\/9571\/revisions\/16329"}],"up":[{"embeddable":true,"href":"https:\/\/moverdb.com\/tr\/wp-json\/wp\/v2\/pages\/4795"}],"wp:attachment":[{"href":"https:\/\/moverdb.com\/tr\/wp-json\/wp\/v2\/media?parent=9571"}],"curies":[{"name":"wp","href":"https:\/\/api.w.org\/{rel}","templated":true}]}}