{"id":8522,"date":"2024-09-26T13:53:16","date_gmt":"2024-09-26T13:53:16","guid":{"rendered":"https:\/\/moverdb.com\/?page_id=8522"},"modified":"2026-01-08T15:09:28","modified_gmt":"2026-01-08T15:09:28","slug":"moving-to-minorca","status":"publish","type":"page","link":"https:\/\/moverdb.com\/tr\/moving-to-spain\/moving-to-minorca\/","title":{"rendered":"Minorka'ya Ta\u015f\u0131nmak m\u0131? 2024 Ya\u015fam Maliyetleri ve Yer De\u011fi\u015ftirme \u0130pu\u00e7lar\u0131"},"content":{"rendered":"<p><img loading=\"lazy\" decoding=\"async\" class=\"alignnone size-full wp-image-7940\" src=\"https:\/\/moverdb.com\/wp-content\/uploads\/moving-to-minorca-1.jpg\" alt=\"\" width=\"1000\" height=\"573\" data-wp-pid=\"7940\" srcset=\"https:\/\/moverdb.com\/wp-content\/uploads\/moving-to-minorca-1.jpg 1000w, https:\/\/moverdb.com\/wp-content\/uploads\/moving-to-minorca-1-300x172.jpg 300w, https:\/\/moverdb.com\/wp-content\/uploads\/moving-to-minorca-1-18x10.jpg 18w, https:\/\/moverdb.com\/wp-content\/uploads\/moving-to-minorca-1-600x344.jpg 600w\" sizes=\"auto, (max-width: 1000px) 100vw, 1000px\" \/><span style=\"font-weight: 400;\">Minorka, d\u00f6rt Balear Adas\u0131ndan ikinci en b\u00fcy\u00fck olan\u0131d\u0131r. <a href=\"https:\/\/moverdb.com\/tr\/moving-to-spain\/\" data-internallinksmanager029f6b8e52c=\"266\" title=\"\u0130spanya&#039;ya m\u0131 ta\u015f\u0131n\u0131yorsunuz? 2026 Ya\u015fam Maliyetleri ve Yer De\u011fi\u015ftirme \u0130pu\u00e7lar\u0131\">\u0130spanya<\/a>ve Mayorka b\u00f6lgesinden daha sessiz oldu\u011fu d\u00fc\u015f\u00fcn\u00fclmektedir.<\/span><span style=\"font-weight: 400;\"> Minorka'ya ta\u015f\u0131nmay\u0131 d\u00fc\u015f\u00fcn\u00fcyorsan\u0131z, a\u015fa\u011f\u0131da listelenen \u00e7e\u015fitli maliyetler, Akdeniz'deki bu m\u00fccevherde ta\u015f\u0131n\u0131rken ve ya\u015farken hangi maliyetlerin s\u00f6z konusu oldu\u011fu konusunda bilin\u00e7li bir karar vermenize yard\u0131mc\u0131 olacakt\u0131r.<\/span><\/p>\n<p><b>Minorka Hakk\u0131nda H\u0131zl\u0131 Bilgiler:<\/b><\/p>\n<ol>\n<li><b>N\u00fcfus: <\/b><span style=\"font-weight: 400;\">96,620 (2019)\u00a0<\/span><\/li>\n<li><b>Resmi Dil:<\/b><span style=\"font-weight: 400;\"> \u0130spanyolca<\/span> <span style=\"font-weight: 400;\">ve Cat\u00e0lan,<\/span> <span style=\"font-weight: 400;\">\u0130ngilizce, Frans\u0131zca, Almanca ve Portekizce de dahil olmak \u00fczere di\u011fer bir\u00e7ok dil gurbet\u00e7i sakinler taraf\u0131ndan konu\u015fulmaktad\u0131r.<\/span><\/li>\n<li><b>Ki\u015fi Ba\u015f\u0131na GSY\u0130H:<\/b><span style=\"font-weight: 400;\"> $25,730 USD (2020)<\/span><\/li>\n<li><b>Mah\u00f3n<\/b><span style=\"font-weight: 400;\">: Minorka'n\u0131n ba\u015fkenti Akdeniz'in en b\u00fcy\u00fck, d\u00fcnyan\u0131n ise ikinci en b\u00fcy\u00fck do\u011fal liman\u0131na ev sahipli\u011fi yapmaktad\u0131r.<\/span><\/li>\n<li><b>Para birimi: <\/b><span style=\"font-weight: 400;\">Avro (EUR). 2024 itibariyle, 1 \u00a3 = 1,20 \u20ac, $1 USD = 0,89 \u20ac, $1 CAD = 0,66 \u20ac, $1 AUD = 0,61 \u20ac <\/span><\/li>\n<\/ol>\n<div id=\"ez-toc-container\" class=\"ez-toc-v2_0_82_2 ez-toc-wrap-left counter-hierarchy ez-toc-counter ez-toc-transparent ez-toc-container-direction\">\n<div class=\"ez-toc-title-container\">\n<p class=\"ez-toc-title\" style=\"cursor:inherit\">B\u00f6l\u00fcmler<\/p>\n<span class=\"ez-toc-title-toggle\"><a href=\"#\" class=\"ez-toc-pull-right ez-toc-btn ez-toc-btn-xs ez-toc-btn-default ez-toc-toggle\" aria-label=\"\u0130\u00e7indekiler Tablosunu A\u00e7\/Kapat\"><span class=\"ez-toc-js-icon-con\"><span class=\"\"><span class=\"eztoc-hide\" style=\"display:none;\">Ge\u00e7i\u015f<\/span><span class=\"ez-toc-icon-toggle-span\"><svg style=\"fill: #999;color:#999\" xmlns=\"http:\/\/www.w3.org\/2000\/svg\" class=\"list-377408\" width=\"20px\" height=\"20px\" viewbox=\"0 0 24 24\" fill=\"none\"><path d=\"M6 6H4v2h2V6zm14 0H8v2h12V6zM4 11h2v2H4v-2zm16 0H8v2h12v-2zM4 16h2v2H4v-2zm16 0H8v2h12v-2z\" fill=\"currentColor\"><\/path><\/svg><svg style=\"fill: #999;color:#999\" class=\"arrow-unsorted-368013\" xmlns=\"http:\/\/www.w3.org\/2000\/svg\" width=\"10px\" height=\"10px\" viewbox=\"0 0 24 24\" version=\"1.2\" baseprofile=\"tiny\"><path d=\"M18.2 9.3l-6.2-6.3-6.2 6.3c-.2.2-.3.4-.3.7s.1.5.3.7c.2.2.4.3.7.3h11c.3 0 .5-.1.7-.3.2-.2.3-.5.3-.7s-.1-.5-.3-.7zM5.8 14.7l6.2 6.3 6.2-6.3c.2-.2.3-.5.3-.7s-.1-.5-.3-.7c-.2-.2-.4-.3-.7-.3h-11c-.3 0-.5.1-.7.3-.2.2-.3.5-.3.7s.1.5.3.7z\"\/><\/svg><\/span><\/span><\/span><\/a><\/span><\/div>\n<nav><ul class='ez-toc-list ez-toc-list-level-1 eztoc-toggle-hide-by-default' ><li class='ez-toc-page-1 ez-toc-heading-level-2'><a class=\"ez-toc-link ez-toc-heading-1\" href=\"https:\/\/moverdb.com\/tr\/moving-to-spain\/moving-to-minorca\/#1_Moving_and_Shipping_Costs_to_Minorca\" >1. Minorka'ya Ta\u015f\u0131nma ve Nakliye Maliyetleri<\/a><\/li><li class='ez-toc-page-1 ez-toc-heading-level-2'><a class=\"ez-toc-link ez-toc-heading-2\" href=\"https:\/\/moverdb.com\/tr\/moving-to-spain\/moving-to-minorca\/#2_Minorca_Housing_Costs\" >2. Minorka Konut Maliyetleri<\/a><\/li><li class='ez-toc-page-1 ez-toc-heading-level-2'><a class=\"ez-toc-link ez-toc-heading-3\" href=\"https:\/\/moverdb.com\/tr\/moving-to-spain\/moving-to-minorca\/#3_Minorca_Food_Grocery_and_Restaurant_Costs\" >3. Minorca G\u0131da, Bakkal ve Restoran Maliyetleri<\/a><\/li><li class='ez-toc-page-1 ez-toc-heading-level-2'><a class=\"ez-toc-link ez-toc-heading-4\" href=\"https:\/\/moverdb.com\/tr\/moving-to-spain\/moving-to-minorca\/#4_Minorca_Alcohol_Costs\" >4. Minorka Alkol Maliyetleri<\/a><\/li><li class='ez-toc-page-1 ez-toc-heading-level-2'><a class=\"ez-toc-link ez-toc-heading-5\" href=\"https:\/\/moverdb.com\/tr\/moving-to-spain\/moving-to-minorca\/#5_Minorca_Transportation_Fares\" >5. Minorca Ula\u015f\u0131m \u00dccretleri<\/a><\/li><li class='ez-toc-page-1 ez-toc-heading-level-2'><a class=\"ez-toc-link ez-toc-heading-6\" href=\"https:\/\/moverdb.com\/tr\/moving-to-spain\/moving-to-minorca\/#6_Cost_of_Internet_in_Minorca\" >6. Minorka'da \u0130nternet Maliyeti<\/a><\/li><li class='ez-toc-page-1 ez-toc-heading-level-2'><a class=\"ez-toc-link ez-toc-heading-7\" href=\"https:\/\/moverdb.com\/tr\/moving-to-spain\/moving-to-minorca\/#7_Cost_of_Clothing_Personal_Items_Gym_and_Leisure\" >7. Giyim, Ki\u015fisel E\u015fyalar, Spor Salonu ve Bo\u015f Zamanlar\u0131n Maliyeti<\/a><\/li><li class='ez-toc-page-1 ez-toc-heading-level-2'><a class=\"ez-toc-link ez-toc-heading-8\" href=\"https:\/\/moverdb.com\/tr\/moving-to-spain\/moving-to-minorca\/#8_Cost_of_Owning_a_Car_and_Driving_a_Car_in_Minorca\" >8. Minorka'da Ara\u00e7 Sahibi Olman\u0131n ve Ara\u00e7 Kullanman\u0131n Maliyeti<\/a><\/li><li class='ez-toc-page-1 ez-toc-heading-level-2'><a class=\"ez-toc-link ez-toc-heading-9\" href=\"https:\/\/moverdb.com\/tr\/moving-to-spain\/moving-to-minorca\/#9_Taxes_in_Minorca\" >9. Minorka'da Vergiler<\/a><\/li><li class='ez-toc-page-1 ez-toc-heading-level-2'><a class=\"ez-toc-link ez-toc-heading-10\" href=\"https:\/\/moverdb.com\/tr\/moving-to-spain\/moving-to-minorca\/#10_Flight_Costs_from_Minorca\" >10. Minorka'dan U\u00e7u\u015f Maliyetleri<\/a><ul class='ez-toc-list-level-3' ><li class='ez-toc-heading-level-3'><a class=\"ez-toc-link ez-toc-heading-11\" href=\"https:\/\/moverdb.com\/tr\/moving-to-spain\/moving-to-minorca\/#11_Moving_to_Minorca_Alone\" >11. Minorka'ya Yaln\u0131z Ta\u015f\u0131nmak<\/a><\/li><li class='ez-toc-page-1 ez-toc-heading-level-3'><a class=\"ez-toc-link ez-toc-heading-12\" href=\"https:\/\/moverdb.com\/tr\/moving-to-spain\/moving-to-minorca\/#12_Moving_to_Minorca_with_a_Family\" >12. Minorka'ya Aile ile Ta\u015f\u0131nmak<\/a><\/li><li class='ez-toc-page-1 ez-toc-heading-level-3'><a class=\"ez-toc-link ez-toc-heading-13\" href=\"https:\/\/moverdb.com\/tr\/moving-to-spain\/moving-to-minorca\/#13_Moving_to_Minorca_for_Work\" >13. \u0130\u015f i\u00e7in Minorka'ya Ta\u015f\u0131nma<\/a><\/li><li class='ez-toc-page-1 ez-toc-heading-level-3'><a class=\"ez-toc-link ez-toc-heading-14\" href=\"https:\/\/moverdb.com\/tr\/moving-to-spain\/moving-to-minorca\/#14_Moving_to_Minorca_from_Australia\" >14. Avustralya'dan Minorka'ya ta\u015f\u0131nmak<\/a><\/li><li class='ez-toc-page-1 ez-toc-heading-level-3'><a class=\"ez-toc-link ez-toc-heading-15\" href=\"https:\/\/moverdb.com\/tr\/moving-to-spain\/moving-to-minorca\/#15_Moving_to_Minorca_from_Canada\" >15. Kanada'dan Minorka'ya ta\u015f\u0131nmak<\/a><\/li><li class='ez-toc-page-1 ez-toc-heading-level-3'><a class=\"ez-toc-link ez-toc-heading-16\" href=\"https:\/\/moverdb.com\/tr\/moving-to-spain\/moving-to-minorca\/#16_Moving_to_Minorca_from_the_United_States\" >16. Amerika Birle\u015fik Devletleri'nden Minorka'ya ta\u015f\u0131nmak<\/a><\/li><li class='ez-toc-page-1 ez-toc-heading-level-3'><a class=\"ez-toc-link ez-toc-heading-17\" href=\"https:\/\/moverdb.com\/tr\/moving-to-spain\/moving-to-minorca\/#17_Moving_to_Minorca_from_the_United_Kingdom\" >17. Birle\u015fik Krall\u0131k'tan Minorka'ya ta\u015f\u0131nmak<\/a><\/li><\/ul><\/li><li class='ez-toc-page-1 ez-toc-heading-level-2'><a class=\"ez-toc-link ez-toc-heading-18\" href=\"https:\/\/moverdb.com\/tr\/moving-to-spain\/moving-to-minorca\/#Other_Useful_Guides_to_Spain\" >\u0130spanya i\u00e7in Di\u011fer Faydal\u0131 Rehberler<\/a><\/li><\/ul><\/nav><\/div>\n<h2><span class=\"ez-toc-section\" id=\"1_Moving_and_Shipping_Costs_to_Minorca\"><\/span><b>1. Minorka'ya Ta\u015f\u0131nma ve Nakliye Maliyetleri<\/b><span class=\"ez-toc-section-end\"><\/span><\/h2>\n<p>A\u015fa\u011f\u0131daki tablo, d\u00fcnyan\u0131n en b\u00fcy\u00fck metropollerinden birka\u00e7\u0131ndan 20 veya 40 fitlik bir konteyner kiralaman\u0131n ve Minorka'ya g\u00f6ndermenin tahmini maliyetini g\u00f6stermektedir:<\/p>\n\n<table id=\"tablepress-569\" class=\"tablepress tablepress-id-569\">\n<thead>\n<tr class=\"row-1\">\n\t<th class=\"column-1\">K\u00f6ken \u015eehir<\/th><th class=\"column-2\">20FT<\/th><th class=\"column-3\">40FT<\/th>\n<\/tr>\n<\/thead>\n<tbody class=\"row-striping row-hover\">\n<tr class=\"row-2\">\n\t<td class=\"column-1\">Pekin<\/td><td class=\"column-2\">$2,450 - $2,550<\/td><td class=\"column-3\">$4,400 - $4,600<\/td>\n<\/tr>\n<tr class=\"row-3\">\n\t<td class=\"column-1\">Berlin<\/td><td class=\"column-2\">$1,950 - $2,050<\/td><td class=\"column-3\">$3,600 - $3,800<\/td>\n<\/tr>\n<tr class=\"row-4\">\n\t<td class=\"column-1\"><a href=\"https:\/\/moverdb.com\/tr\/moving-to-chicago\/\" data-internallinksmanager029f6b8e52c=\"39\" title=\"Chicago&#039;ya m\u0131 ta\u015f\u0131n\u0131yorsunuz? 2026 Ya\u015fam Maliyetleri &amp; Yer De\u011fi\u015ftirme \u0130pu\u00e7lar\u0131\">Chicago<\/a><\/td><td class=\"column-2\">$2,250 - $2,350<\/td><td class=\"column-3\">$4,100 - $4,300<\/td>\n<\/tr>\n<tr class=\"row-5\">\n\t<td class=\"column-1\">Chongqing<\/td><td class=\"column-2\">$2,650 - $2,750<\/td><td class=\"column-3\">$4,800 - $5,000<\/td>\n<\/tr>\n<tr class=\"row-6\">\n\t<td class=\"column-1\">Delhi<\/td><td class=\"column-2\">$2,600 - $2,700<\/td><td class=\"column-3\">$4,700 - $4,900<\/td>\n<\/tr>\n<tr class=\"row-7\">\n\t<td class=\"column-1\"><a href=\"https:\/\/moverdb.com\/tr\/moving-to-dubai\/\" data-internallinksmanager029f6b8e52c=\"246\" title=\"Dubai&#039;ye Ta\u015f\u0131nmak m\u0131? 2026 Ya\u015fam Maliyetleri ve Yer De\u011fi\u015ftirme \u0130pu\u00e7lar\u0131\">Dubai<\/a><\/td><td class=\"column-2\">$2,750 - $2,850<\/td><td class=\"column-3\">$5,000 - $5,200<\/td>\n<\/tr>\n<tr class=\"row-8\">\n\t<td class=\"column-1\"><a href=\"https:\/\/moverdb.com\/tr\/moving-to-houston\/\" data-internallinksmanager029f6b8e52c=\"47\" title=\"Houston&#039;a m\u0131 ta\u015f\u0131n\u0131yorsunuz? 2026 Ya\u015fam Maliyetleri ve Yer De\u011fi\u015ftirme \u0130pu\u00e7lar\u0131\">Houston<\/a><\/td><td class=\"column-2\">$2,350 - $2,450<\/td><td class=\"column-3\">$4,200 - $4,400<\/td>\n<\/tr>\n<tr class=\"row-9\">\n\t<td class=\"column-1\"><a href=\"https:\/\/moverdb.com\/tr\/moving-to-los-angeles\/\" data-internallinksmanager029f6b8e52c=\"51\" title=\"Los Angeles&#039;a m\u0131 ta\u015f\u0131n\u0131yorsunuz? 2026 LA Ya\u015fam Maliyetleri ve Yer De\u011fi\u015ftirme \u0130pu\u00e7lar\u0131\">Los Angeles<\/a><\/td><td class=\"column-2\">$2,250 - $2,350<\/td><td class=\"column-3\">$4,100 - $4,300<\/td>\n<\/tr>\n<tr class=\"row-10\">\n\t<td class=\"column-1\"><a href=\"https:\/\/moverdb.com\/tr\/moving-to-spain\/moving-to-madrid\/\" data-internallinksmanager029f6b8e52c=\"413\" title=\"Madrid&#039;e mi ta\u015f\u0131n\u0131yorsunuz? 2026 Ya\u015fam Maliyetleri &amp; Yer De\u011fi\u015ftirme \u0130pu\u00e7lar\u0131\">Madrid<\/a><\/td><td class=\"column-2\">$1,800 - $1,900<\/td><td class=\"column-3\">$3,300 - $3,500<\/td>\n<\/tr>\n<tr class=\"row-11\">\n\t<td class=\"column-1\"><a href=\"https:\/\/moverdb.com\/tr\/moving-to-nyc\/\" data-internallinksmanager029f6b8e52c=\"57\" title=\"New York&#039;a m\u0131 ta\u015f\u0131n\u0131yorsunuz? 2026 NYC Ya\u015fam Maliyetleri ve Yer De\u011fi\u015ftirme \u0130pu\u00e7lar\u0131\">New York \u015eehri<\/a><\/td><td class=\"column-2\">$2,150 - $2,250<\/td><td class=\"column-3\">$4,000 - $4,200<\/td>\n<\/tr>\n<tr class=\"row-12\">\n\t<td class=\"column-1\"><a href=\"https:\/\/moverdb.com\/tr\/moving-to-france\/moving-to-paris\/\" data-internallinksmanager029f6b8e52c=\"407\" title=\"Paris&#039;e mi Ta\u015f\u0131n\u0131yorsunuz? 2026 Ya\u015fam Maliyetleri &amp; Yer De\u011fi\u015ftirme \u0130pu\u00e7lar\u0131\">Paris<\/a><\/td><td class=\"column-2\">$1,900 - $2,000<\/td><td class=\"column-3\">$3,500 - $3,700<\/td>\n<\/tr>\n<tr class=\"row-13\">\n\t<td class=\"column-1\"><a href=\"https:\/\/moverdb.com\/tr\/moving-to-phoenix\/\" data-internallinksmanager029f6b8e52c=\"62\" title=\"Phoenix&#039;e mi ta\u015f\u0131n\u0131yorsunuz? 2026 Ya\u015fam Maliyetleri ve Yer De\u011fi\u015ftirme \u0130pu\u00e7lar\u0131\">Phoenix<\/a><\/td><td class=\"column-2\">$2,300 - $2,400<\/td><td class=\"column-3\">$4,200 - $4,400<\/td>\n<\/tr>\n<tr class=\"row-14\">\n\t<td class=\"column-1\">Roma<\/td><td class=\"column-2\">$1,900 - $2,000<\/td><td class=\"column-3\">$3,500 - $3,700<\/td>\n<\/tr>\n<tr class=\"row-15\">\n\t<td class=\"column-1\">\u015eanghay<\/td><td class=\"column-2\">$2,550 - $2,650<\/td><td class=\"column-3\">$4,600 - $4,800<\/td>\n<\/tr>\n<tr class=\"row-16\">\n\t<td class=\"column-1\"><a href=\"https:\/\/moverdb.com\/tr\/moving-to-sydney\/\" data-internallinksmanager029f6b8e52c=\"70\" title=\"Sidney&#039;e mi Ta\u015f\u0131n\u0131yorsunuz? 2026 Ya\u015fam Maliyetleri &amp; Yer De\u011fi\u015ftirme \u0130pu\u00e7lar\u0131\">Sidney<\/a><\/td><td class=\"column-2\">$2,950 - $3,050<\/td><td class=\"column-3\">$5,200 - $5,400<\/td>\n<\/tr>\n<tr class=\"row-17\">\n\t<td class=\"column-1\"><a href=\"https:\/\/moverdb.com\/tr\/moving-to-toronto\/\" data-internallinksmanager029f6b8e52c=\"71\" title=\"Toronto&#039;ya m\u0131 ta\u015f\u0131n\u0131yorsunuz? 2026 Ya\u015fam Maliyetleri &amp; Yer De\u011fi\u015ftirme \u0130pu\u00e7lar\u0131\">Toronto<\/a><\/td><td class=\"column-2\">$2,300 - $2,400<\/td><td class=\"column-3\">$4,200 - $4,400<\/td>\n<\/tr>\n<tr class=\"row-18\">\n\t<td class=\"column-1\"><a href=\"https:\/\/moverdb.com\/tr\/moving-to-canada\/moving-to-vancouver\/\" data-internallinksmanager029f6b8e52c=\"438\" title=\"Vancouver&#039;a m\u0131 ta\u015f\u0131n\u0131yorsunuz? 2026 Ya\u015fam Maliyetleri ve Yer De\u011fi\u015ftirme \u0130pu\u00e7lar\u0131\">Vancouver<\/a><\/td><td class=\"column-2\">$2,350 - $2,450<\/td><td class=\"column-3\">$4,300 - $4,500<\/td>\n<\/tr>\n<tr class=\"row-19\">\n\t<td class=\"column-1\">Viyana<\/td><td class=\"column-2\">$2,000 - $2,100<\/td><td class=\"column-3\">$3,600 - $3,800<\/td>\n<\/tr>\n<\/tbody>\n<\/table>\n<!-- #tablepress-569 from cache -->\n<ul>\n<li>T\u00fcm rakamlar ABD dolar\u0131 cinsindendir;<\/li>\n<li> Yukar\u0131daki oranlar yaln\u0131zca tahminidir ve bu makalenin g\u00fcncellendi\u011fi tarihten (Eyl\u00fcl 2024) bu yana de\u011fi\u015fmi\u015f olabilir. Bunlar, a\u015fa\u011f\u0131dakilerden en d\u00fc\u015f\u00fck tahmini orana dayanmaktad\u0131r <a href=\"https:\/\/www.freightos.com\/\" target=\"_blank\" rel=\"noreferrer noopener\">Freightos<\/a>, <a href=\"https:\/\/www.flexport.com\/\" target=\"_blank\" rel=\"noreferrer noopener\">Flexport<\/a>veya <a href=\"https:\/\/www.maersk.com\/\" target=\"_blank\" rel=\"noreferrer noopener\">Maersk<\/a>;<\/li>\n<li>Sizin i\u00e7in maliyet hakk\u0131nda daha do\u011fru bir fikir edinmek i\u00e7in l\u00fctfen bu sayfan\u0131n \u00fcst k\u0131sm\u0131ndaki teklif formunu kullan\u0131n;<\/li>\n<li>L\u00fctfen \u015fu konulardaki k\u0131lavuzumuza da bak\u0131n <a href=\"https:\/\/moverdb.com\/tr\/konteyner-tasimaciligi\/\" target=\"_blank\" rel=\"noreferrer noopener\">uluslararas\u0131 konteyner ta\u015f\u0131mac\u0131l\u0131\u011f\u0131<\/a>.<\/li>\n<\/ul>\n<h2><span class=\"ez-toc-section\" id=\"2_Minorca_Housing_Costs\"><\/span><b>2. Minorka Konut Maliyetleri<\/b><span class=\"ez-toc-section-end\"><\/span><\/h2>\n<p><span style=\"font-weight: 400;\">Konut fiyatlar\u0131 d\u00fcnya genelindeki b\u00fcy\u00fck \u015fehirlere k\u0131yasla olduk\u00e7a uygun olup, k\u00fc\u00e7\u00fck st\u00fcdyolardan konforlu villalara kadar geni\u015f bir yelpazede farkl\u0131 konut tipleri bulunmaktad\u0131r. Fiyatlar tabii ki b\u00f6lgeden b\u00f6lgeye de\u011fi\u015fmektedir ancak a\u015fa\u011f\u0131daki rakamlar neyin hangi fiyata mevcut oldu\u011funu g\u00f6sterecektir.<\/span><\/p>\n<p><b>Minorca'da Ayl\u0131k Kira Fiyatlar\u0131:<\/b><\/p>\n<ul>\n<li><span style=\"font-weight: 400;\">\u015eehir Merkezinde 1 yatak odal\u0131 daire (apartman)<\/span><b>: \u20ac400+<\/b><\/li>\n<li><span style=\"font-weight: 400;\">\u015eehir Merkezinin d\u0131\u015f\u0131nda 1 yatak odal\u0131 daire: <\/span><b>\u20ac300+<\/b><\/li>\n<li><span style=\"font-weight: 400;\">\u015eehir Merkezinde 3 yatak odal\u0131 daire: <\/span><b>\u20ac700+<\/b><\/li>\n<li><span style=\"font-weight: 400;\">\u015eehir Merkezinin d\u0131\u015f\u0131nda 3 yatak odal\u0131 daire: <\/span><b>\u20ac600+<\/b><\/li>\n<\/ul>\n<p><b>Minorca Ev Sat\u0131n Alma Fiyatlar\u0131:<\/b><\/p>\n<ul>\n<li aria-level=\"1\"><span style=\"font-weight: 400;\">Minorca'da sat\u0131n almak i\u00e7in metrekare ba\u015f\u0131na ortalama fiyat (10,7 feet kare): <\/span><b>\u20ac1,857+<\/b><\/li>\n<\/ul>\n<p><b>Minorca Konut Maliyeti Kar\u015f\u0131la\u015ft\u0131rmas\u0131:<\/b><\/p>\n<p><span style=\"font-weight: 400;\">Kiralar\u0131n genellikle Mayorka'dan 10% daha ucuz oldu\u011fu g\u00f6z \u00f6n\u00fcne al\u0131nd\u0131\u011f\u0131nda, Minorka'daki kiralar\u0131n d\u00fcnyadaki di\u011fer \u015fehirlerle kar\u015f\u0131la\u015ft\u0131rmas\u0131 bu \u015fekildedir.<\/span><\/p>\n<ul>\n<li><b>Londra <\/b><span style=\"font-weight: 400;\">265.69% daha pahal\u0131<\/span><\/li>\n<li><b>New York <\/b><span style=\"font-weight: 400;\">399.02% daha pahal\u0131 m\u0131<\/span><\/li>\n<li><b>Los Angeles <\/b><span style=\"font-weight: 400;\">232.78% daha pahal\u0131 m\u0131<\/span><\/li>\n<li><b>Toronto <\/b><span style=\"font-weight: 400;\">106.02% daha pahal\u0131 m\u0131<\/span><\/li>\n<li><b>Vancouver <\/b><span style=\"font-weight: 400;\">138.05% daha pahal\u0131<\/span><\/li>\n<li><b>Sidney <\/b><span style=\"font-weight: 400;\">228.68% daha pahal\u0131<\/span><\/li>\n<li><b>Melbourne <\/b><span style=\"font-weight: 400;\">114.85% daha pahal\u0131\u00a0<\/span><\/li>\n<li><b>Dubai <\/b><span style=\"font-weight: 400;\">253.03% daha pahal\u0131 m\u0131<\/span><\/li>\n<li><b>Paris<\/b><span style=\"font-weight: 400;\"> 124.51% daha pahal\u0131 m\u0131<\/span><\/li>\n<\/ul>\n<p><em><b>Kaynak: <\/b><a href=\"http:\/\/www.housespain.co.uk\/property-sale-prices\/islas_baleares-ciutadella_de_menorca.aspx\" target=\"_blank\" rel=\"noopener\"><span style=\"font-weight: 400;\">Konut fiyat\u0131<\/span><\/a><b>, <\/b><a href=\"https:\/\/www.numbeo.com\/cost-of-living\/in\/Mahon-Spain\" target=\"_blank\" rel=\"noopener\"><span style=\"font-weight: 400;\">Numbeo<\/span><\/a><b>, <\/b><a href=\"https:\/\/www.numbeo.com\/cost-of-living\/in\/Palma-De-Mallorca\" target=\"_blank\" rel=\"noopener\"><span style=\"font-weight: 400;\">Numbeo<\/span><\/a><\/em><\/p>\n<p><b>Konut Maliyetlerinden Nas\u0131l Tasarruf Edilir?<\/b><\/p>\n<ul>\n<li><b>Bir Daireyi veya Evi Payla\u015f\u0131n: <\/b><span style=\"font-weight: 400;\">Ev ve daire payla\u015f\u0131mlar\u0131, kendi alanlar\u0131na ihtiya\u00e7 duymayanlar i\u00e7in bir olas\u0131l\u0131kt\u0131r. Ev\/daire payla\u015f\u0131m\u0131nda kendinize ait bir odan\u0131z olur veya daha ucuz bir se\u00e7enek olarak bir oday\u0131 payla\u015fabilirsiniz. Banyo\/lar evdeki di\u011fer ki\u015filerle payla\u015f\u0131lacakt\u0131r. Payla\u015f\u0131ml\u0131 kiralama i\u00e7in de bir\u00e7ok daire mevcuttur. Bir g\u00f6z at\u0131n <\/span><a href=\"http:\/\/spain.gabinohome.com\/en\/rent+room\/menorca\" target=\"_blank\" rel=\"noopener\"><span style=\"font-weight: 400;\">Gabino<\/span><\/a><span style=\"font-weight: 400;\"> ve <\/span><a href=\"https:\/\/en-za.roomlala.com\/rent\/ES-Spain\/menorca\" target=\"_blank\" rel=\"noopener\"><span style=\"font-weight: 400;\">Oda LaLa<\/span><\/a><span style=\"font-weight: 400;\"> masraflar\u0131 sizinle payla\u015facak birini bulmaya \u00e7al\u0131\u015f\u0131n.<\/span><\/li>\n<li><b>Farkl\u0131 Alanlar - Farkl\u0131 Fiyatlar: <\/b><span style=\"font-weight: 400;\">Minorka k\u00fc\u00e7\u00fck bir adad\u0131r ve sat\u0131n alma ve kiralama fiyatlar\u0131 kasabadan kasabaya \u00e7ok fazla de\u011fi\u015fiklik g\u00f6stermez.<\/span> <span style=\"font-weight: 400;\">Adan\u0131n en b\u00fcy\u00fck iki kenti bug\u00fcn\u00fcn ba\u015fkenti Mah\u00f3n ve adan\u0131n eski ba\u015fkenti Ciutadella'd\u0131r. Ciutadella, \u0130spanyol saraylar\u0131 ve Ma\u011fribi etkisi ta\u015f\u0131yan muhte\u015fem bir eski \u015fehirdir. Merkezde bir dizi apartman dairesi ve d\u0131\u015f mahallelerde daha geni\u015f evler bulunmaktad\u0131r. Mah\u00f3n, G\u00fcrc\u00fc ve modern binalar\u0131n kontrast\u0131 ile G\u00fcrc\u00fc ge\u00e7mi\u015fini yans\u0131tmaktad\u0131r. \u0130yi bir daire ve ev se\u00e7kisine sahiptir. Adadaki t\u00fcm k\u00fc\u00e7\u00fck kasabalar kendi karakterlerine sahiptir ve \u00e7o\u011fu zevke uygun daireler, evler ve villalar bulunmaktad\u0131r.<\/span><\/li>\n<\/ul>\n<h2><span class=\"ez-toc-section\" id=\"3_Minorca_Food_Grocery_and_Restaurant_Costs\"><\/span><b>3. Minorca G\u0131da, Bakkal ve Restoran Maliyetleri<\/b><span class=\"ez-toc-section-end\"><\/span><\/h2>\n<p><img loading=\"lazy\" decoding=\"async\" class=\"alignnone size-full wp-image-7941\" src=\"https:\/\/moverdb.com\/wp-content\/uploads\/moving-to-minorca-2.jpg\" alt=\"\" width=\"1000\" height=\"667\" data-wp-pid=\"7941\" srcset=\"https:\/\/moverdb.com\/wp-content\/uploads\/moving-to-minorca-2.jpg 1000w, https:\/\/moverdb.com\/wp-content\/uploads\/moving-to-minorca-2-300x200.jpg 300w, https:\/\/moverdb.com\/wp-content\/uploads\/moving-to-minorca-2-18x12.jpg 18w, https:\/\/moverdb.com\/wp-content\/uploads\/moving-to-minorca-2-600x400.jpg 600w\" sizes=\"auto, (max-width: 1000px) 100vw, 1000px\" \/><span style=\"font-weight: 400;\">Minorka'n\u0131n restoran se\u00e7enekleri Mallorca'n\u0131nki kadar geni\u015f de\u011fildir, ancak baz\u0131 birinci s\u0131n\u0131f kaliteli yemek restoranlar\u0131na sahiptir. Tek dezavantaj\u0131, \u00e7o\u011fu iyi restoran\u0131n pahal\u0131 olmas\u0131 ve turistlerin c\u00fczdanlar\u0131n\u0131 hedef almas\u0131d\u0131r. Unutulmamas\u0131 gereken bir di\u011fer nokta ise bir\u00e7ok restoran ve g\u0131da ma\u011fazas\u0131n\u0131n k\u0131\u015f aylar\u0131nda kap\u0131lar\u0131n\u0131 kapatmas\u0131d\u0131r.<\/span><\/p>\n<ul>\n<li><b>Ucuz Restoran: <\/b><span style=\"font-weight: 400;\">\u20ac10.00 - \u20ac12.00<\/span><\/li>\n<li><b>\u00a0Paket kahve: <\/b><span style=\"font-weight: 400;\">\u20ac1.30 - \u20ac1.50<\/span><\/li>\n<li><b>\u00a0Bir \u015ei\u015fe Kola<\/b><span style=\"font-weight: 400;\">: \u20ac1.25 - \u20ac1.75<\/span><\/li>\n<li><b>\u00a01 litre s\u00fct: <\/b><span style=\"font-weight: 400;\">\u20ac0.60 - \u20ac1.00<\/span><\/li>\n<li><b>\u00a0Bir somun ekmek: <\/b><span style=\"font-weight: 400;\">\u20ac0.94 - \u20ac1.50<\/span><\/li>\n<li><b>\u00a012 Yumurta: <\/b><span style=\"font-weight: 400;\">\u20ac1.35 - \u20ac1.80<\/span><\/li>\n<li><b>\u00a01kg Tavuk<\/b><span style=\"font-weight: 400;\">: \u20ac5.00 - \u20ac6.00<\/span><\/li>\n<li><b>\u00a01 kg s\u0131\u011f\u0131r eti: <\/b><span style=\"font-weight: 400;\">\u20ac12.00 - \u20ac16.00<\/span><\/li>\n<li><b>\u00a01kg Elma: <\/b><span style=\"font-weight: 400;\">\u20ac1.50 - \u20ac2.00<\/span><\/li>\n<li><b>\u00a01kg Beyaz Pirin\u00e7<\/b><span style=\"font-weight: 400;\">: \u20ac0.50 - \u20ac1.35<\/span><\/li>\n<\/ul>\n<p><span style=\"font-weight: 400;\">Restoran ve yiyecek fiyatlar\u0131 d\u00fcnyadaki di\u011fer b\u00fcy\u00fck \u015fehirlerle bu \u015fekilde kar\u015f\u0131la\u015ft\u0131r\u0131l\u0131r. Minorka i\u00e7indeki restoran ve yiyecek fiyatlar\u0131 Mayorka ile ayn\u0131 seviyededir.<\/span><\/p>\n<ul>\n<li><b>New York <\/b><span style=\"font-weight: 400;\">Minorka ile k\u0131yasland\u0131\u011f\u0131nda restoranlar 49,08%, bakkaliye \u00fcr\u00fcnleri ise 59,29% daha pahal\u0131d\u0131r.<\/span><\/li>\n<li><b>Los Angeles<\/b><span style=\"font-weight: 400;\"> Minorka ile k\u0131yasland\u0131\u011f\u0131nda restoranlar 25.41%, bakkaliye \u00fcr\u00fcnleri ise 30.76% daha pahal\u0131d\u0131r.<\/span><\/li>\n<li><b>Londra <\/b><span style=\"font-weight: 400;\">Minorka ile k\u0131yasland\u0131\u011f\u0131nda restoranlar 44.49% ve bakkaliye \u00fcr\u00fcnleri 8.44% daha pahal\u0131d\u0131r.<\/span><b>\u00a0<\/b><\/li>\n<li><b>Paris <\/b><span style=\"font-weight: 400;\">Minorka ile k\u0131yasland\u0131\u011f\u0131nda restoranlar 32,33%, bakkaliye \u00fcr\u00fcnleri ise 39,83% daha pahal\u0131d\u0131r.<\/span><\/li>\n<li><b>Toronto <\/b><span style=\"font-weight: 400;\">Minorka ile k\u0131yasland\u0131\u011f\u0131nda restoranlar 3,68%, bakkaliye \u00fcr\u00fcnleri ise 10,38% daha pahal\u0131d\u0131r.<\/span><\/li>\n<li><b>Vancouver<\/b><span style=\"font-weight: 400;\"> Minorka ile k\u0131yasland\u0131\u011f\u0131nda restoranlar 2.45% ve bakkaliye \u00fcr\u00fcnleri 28.54% daha pahal\u0131d\u0131r.<\/span><\/li>\n<li><b>Sidney <\/b><span style=\"font-weight: 400;\">Minorka ile k\u0131yasland\u0131\u011f\u0131nda restoranlar 13.79%, bakkaliye \u00fcr\u00fcnleri ise 42.32% daha pahal\u0131d\u0131r.<\/span><\/li>\n<li><b>Melbourne <\/b><span style=\"font-weight: 400;\">Minorka ile k\u0131yasland\u0131\u011f\u0131nda restoranlar 14,89%, bakkaliye \u00fcr\u00fcnleri ise 39,79% daha pahal\u0131d\u0131r.<\/span><\/li>\n<li><b>Dubai <\/b><span style=\"font-weight: 400;\">Minorka'ya k\u0131yasla restoranlar 1.69% daha ucuz, bakkaliye \u00fcr\u00fcnleri ise 3.78% daha pahal\u0131d\u0131r.<\/span><\/li>\n<\/ul>\n<p><em><b>Kaynak<\/b><span style=\"font-weight: 400;\">: <\/span><a href=\"https:\/\/www.costtotravel.com\/living-cost\/europe\/menorca\" target=\"_blank\" rel=\"noopener\"><span style=\"font-weight: 400;\">Seyahat Maliyeti<\/span><\/a><span style=\"font-weight: 400;\">, <\/span><a href=\"https:\/\/www.numbeo.com\/cost-of-living\/in\/Mahon-Spain\" target=\"_blank\" rel=\"noopener\"><span style=\"font-weight: 400;\">Numbeo<\/span><\/a><span style=\"font-weight: 400;\"> ve <\/span><a href=\"https:\/\/www.numbeo.com\/cost-of-living\/in\/Palma-De-Mallorca\" target=\"_blank\" rel=\"noopener\"><span style=\"font-weight: 400;\">Numbeo<\/span><\/a><\/em><\/p>\n<p><b>Daha Ucuz Yiyecek, Restoran ve Bakkaliye i\u00e7in Bonus \u0130pu\u00e7lar\u0131:<\/b><\/p>\n<ul>\n<li style=\"font-weight: 400;\" aria-level=\"1\"><b>S\u00fcpermarketlerinizi Tan\u0131y\u0131n<\/b><b>: <\/b><a href=\"http:\/\/www.eroski.es\" target=\"_blank\" rel=\"noopener\"><span style=\"font-weight: 400;\">Eroski<\/span><\/a> <span style=\"font-weight: 400;\">hem \u0130ngiliz hem de Alman ithal g\u0131dalar\u0131n\u0131n iyi bir se\u00e7kisine sahip iyi stoklanm\u0131\u015f bir s\u00fcpermarket zinciridir. Ucuz bir s\u00fcpermarket se\u00e7ene\u011fi i\u00e7in <\/span><a href=\"https:\/\/www.lidl.es\/es\/index.htm?utm_medium=Organic&amp;utm_source=Google%20My%20Business&amp;utm_campaign=Islas%20Baleares&amp;utm_content=Menorca&amp;utm_term=931\" target=\"_blank\" rel=\"noopener\"><span style=\"font-weight: 400;\">Lidl's<\/span><\/a><span style=\"font-weight: 400;\">. <\/span><a href=\"http:\/\/www.topmarkets.es\" target=\"_blank\" rel=\"noopener\"><span style=\"font-weight: 400;\">En \u0130yi Pazarlar<\/span><\/a><span style=\"font-weight: 400;\"> adadaki bir di\u011fer iyi g\u0131da ma\u011fazas\u0131d\u0131r. Minorka'da genellikle Nisan ve Kas\u0131m aylar\u0131 aras\u0131nda faaliyet g\u00f6steren baz\u0131 m\u00fckemmel \u00e7ift\u00e7i pazarlar\u0131 bulunmaktad\u0131r. T\u00fcm b\u00fcy\u00fck kasabalarda, taze yakalanm\u0131\u015f bal\u0131k, kaliteli meyve ve sebzeler ile yerel olarak \u00fcretilen m\u00fckemmel peynir ve sosisleri sat\u0131n alabilece\u011finiz d\u00fczenli pazarlar bulunmaktad\u0131r.<\/span><\/li>\n<li style=\"font-weight: 400;\" aria-level=\"1\"><b>Ucuz Yemekler Bulun:<\/b><span style=\"font-weight: 400;\">\u00a0Minorka'da, \u00f6zellikle de yo\u011fun tatil sezonunda, iyi ve ucuz yemek mekanlar\u0131 bulmak kolay de\u011fildir. Bununla birlikte, hangi restoranlar\u0131n damak tad\u0131n\u0131za hitap etti\u011fini g\u00f6rmek i\u00e7in a\u015fa\u011f\u0131daki sitelere bir g\u00f6z at\u0131n - <\/span><span style=\"font-weight: 400;\">\u00a0<\/span><a href=\"https:\/\/www.tripadvisor.co.uk\/Restaurants-g187464-c28-zfp16-Minorca_Balearic_Islands.html\" target=\"_blank\" rel=\"noopener\"><span style=\"font-weight: 400;\">Seyahat Dan\u0131\u015fman\u0131<\/span><\/a><span style=\"font-weight: 400;\"> ve <\/span><a href=\"https:\/\/theculturetrip.com\/europe\/spain\/articles\/menorca-s-10-local-restaurants-and-tapas-bars-to-try\/\" target=\"_blank\" rel=\"noopener\"><span style=\"font-weight: 400;\">K\u00fclt\u00fcr Gezisi<\/span><\/a><span style=\"font-weight: 400;\">.<\/span><\/li>\n<\/ul>\n<h2><span class=\"ez-toc-section\" id=\"4_Minorca_Alcohol_Costs\"><\/span><b>4. Minorka Alkol Maliyetleri<\/b><span class=\"ez-toc-section-end\"><\/span><\/h2>\n<p><span style=\"font-weight: 400;\">Minorka'da ilkbahar, yaz ve sonbahar boyunca a\u00e7\u0131k olan \u00e7ok say\u0131da bar, kul\u00fcp ve gece kul\u00fcb\u00fc bulunmaktad\u0131r. \u00c7o\u011fu k\u0131\u015f aylar\u0131nda kapan\u0131r. A\u015fa\u011f\u0131da s\u00fcpermarket ve restoranlarda sat\u0131lan temel bira ve \u015farap fiyatlar\u0131n\u0131n bir listesi verilmi\u015ftir.<\/span><\/p>\n<ul>\n<li><span style=\"font-weight: 400;\">Bir restoran\/barda bir bardak (0,6L) yerli bira: <\/span><b>\u20ac2.00 - \u20ac3.00<\/b><\/li>\n<li><span style=\"font-weight: 400;\">Bir restoran\/barda bir \u015fi\u015fe ithal bira: <\/span><b>\u20ac2.00 - \u20ac3.00<\/b><\/li>\n<li><span style=\"font-weight: 400;\">Bir s\u00fcpermarkette bir bardak (0,6L) yerli bira: <\/span><b>\u20ac0.50 - \u20ac0.90<\/b><\/li>\n<li><span style=\"font-weight: 400;\">S\u00fcpermarketten bir \u015fi\u015fe ithal bira: <\/span><b>\u20ac0.80 - \u20ac1.10<\/b><\/li>\n<li><span style=\"font-weight: 400;\">S\u00fcpermarketten orta s\u0131n\u0131f bir \u015fi\u015fe \u015farap: <\/span><b>\u20ac4.00 - \u20ac6.00<\/b><\/li>\n<\/ul>\n<p><b>Minorka'da Nas\u0131l Daha Az \u0130\u00e7ilir?<\/b><\/p>\n<ul>\n<li style=\"font-weight: 400;\" aria-level=\"1\"><span style=\"font-weight: 400;\">Hafta sonlar\u0131 ve resmi tatillerde \u00f6zel indirimler i\u00e7in yerel gazetelere ve web sitelerine g\u00f6z at\u0131n.<\/span><\/li>\n<li style=\"font-weight: 400;\" aria-level=\"1\"><span style=\"font-weight: 400;\">Minorka'da Happy Hour sunan barlar ve kul\u00fcpler vard\u0131r. Favori i\u00e7kinizin nerede \u00f6zel oldu\u011funu bulmak i\u00e7in a\u015fa\u011f\u0131daki sitelere bir g\u00f6z at\u0131n - <\/span><a href=\"https:\/\/www.mymenorca.info\/menorca-price-guide.php\" target=\"_blank\" rel=\"noopener\"><span style=\"font-weight: 400;\">Benim Minorkam<\/span><\/a><span style=\"font-weight: 400;\"> ve <\/span><a href=\"https:\/\/www.tripadvisor.co.uk\/Restaurants-g187465-zfg11776-Ciutadella_Minorca_Balearic_Islands.html\" target=\"_blank\" rel=\"noopener\"><span style=\"font-weight: 400;\">Seyahat Dan\u0131\u015fman\u0131<\/span><\/a><span style=\"font-weight: 400;\">.<\/span><\/li>\n<\/ul>\n<h2><span class=\"ez-toc-section\" id=\"5_Minorca_Transportation_Fares\"><\/span><b>5. Minorca Ula\u015f\u0131m \u00dccretleri<\/b><span class=\"ez-toc-section-end\"><\/span><\/h2>\n<p><span style=\"font-weight: 400;\">Minorka toplu ta\u015f\u0131ma sistemi \u00fc\u00e7 farkl\u0131 otob\u00fcs \u015firketi taraf\u0131ndan i\u015fletilen bir otob\u00fcs hizmetinden olu\u015fmaktad\u0131r - <\/span><a href=\"http:\/\/www.bus.e-torres.net\/en\/home\/\" target=\"_blank\" rel=\"noopener\"><span style=\"font-weight: 400;\">Torres<\/span><\/a><span style=\"font-weight: 400;\">, <\/span><a href=\"http:\/\/www.tmsa.es\" target=\"_blank\" rel=\"noopener\"><span style=\"font-weight: 400;\">TMSA<\/span><\/a><span style=\"font-weight: 400;\"> ve <\/span><a href=\"http:\/\/www.autosfornells.com\" target=\"_blank\" rel=\"noopener\"><span style=\"font-weight: 400;\">Autos Fornells<\/span><\/a><span style=\"font-weight: 400;\">. Bu \u015firketler taraf\u0131ndan sa\u011flanan hizmetler yaz aylar\u0131nda yeterlidir, ancak uzun beklemeler ola\u011fand\u0131r.  K\u0131\u015f aylar\u0131nda, g\u00fczergahlar\u0131n \u00e7o\u011fu \u00e7al\u0131\u015fmamaktad\u0131r.  \u00c7o\u011fu insan kendi arabas\u0131n\u0131 kullanmaktad\u0131r.<\/span><\/p>\n<p><span style=\"font-weight: 400;\">\u0130\u015fte baz\u0131 \u00f6rnek bilet maliyetleri.<\/span><\/p>\n<ul>\n<li style=\"font-weight: 400;\" aria-level=\"1\"><span style=\"font-weight: 400;\"><strong>Yeti\u015fkin bekar<\/strong> - \u20ac1.60<\/span><\/li>\n<li style=\"font-weight: 400;\" aria-level=\"1\"><span style=\"font-weight: 400;\"><strong>Otob\u00fcs i\u00e7in bir g\u00fcnl\u00fck bilet<\/strong> <\/span><b>- <\/b><span style=\"font-weight: 400;\">\u20ac5.00<\/span><\/li>\n<\/ul>\n<p><b>Toplu Ta\u015f\u0131mada Nas\u0131l Tasarruf Edilir?<\/b><\/p>\n<ul>\n<li style=\"font-weight: 400;\" aria-level=\"1\"><span style=\"font-weight: 400;\">Bir bisiklet sat\u0131n al\u0131n. Minorka'da bisiklet kesinlikle bir se\u00e7enektir<\/span><\/li>\n<li style=\"font-weight: 400;\" aria-level=\"1\"><span style=\"font-weight: 400;\">Y\u00fcr\u00fcmek. Nerede ya\u015fad\u0131\u011f\u0131n\u0131za ve \u00e7al\u0131\u015ft\u0131\u011f\u0131n\u0131za ba\u011fl\u0131 olarak, y\u00fcr\u00fcmek mutlak bir zevk olabilir.<\/span><\/li>\n<\/ul>\n<h2><span class=\"ez-toc-section\" id=\"6_Cost_of_Internet_in_Minorca\"><\/span><b>6. Minorka'da \u0130nternet Maliyeti<\/b><span class=\"ez-toc-section-end\"><\/span><\/h2>\n<p><span style=\"font-weight: 400;\">\u0130\u015fte 12 ayl\u0131k bir s\u00f6zle\u015fmeye dayal\u0131 olarak s\u0131n\u0131rs\u0131z indirme i\u00e7in 2023'\u00fcn ba\u015flar\u0131ndan itibaren baz\u0131 \u00f6rnek geni\u015f bant internet fiyatlar\u0131:<\/span><\/p>\n<ul>\n<li style=\"font-weight: 400;\" aria-level=\"1\"><a href=\"http:\/\/www.ono.es\" target=\"_blank\" rel=\"noopener\"><span style=\"font-weight: 400;\">Ono<\/span><\/a><span style=\"font-weight: 400;\">: Ayl\u0131k \u20ac33,40 (600mb'a kadar fiber geni\u015f bant)<\/span><\/li>\n<li style=\"font-weight: 400;\" aria-level=\"1\"><a href=\"http:\/\/m.orange.es\/en\/personal\/mobile-service-plans\/pay-monthly-plans\/\" target=\"_blank\" rel=\"noopener\"><span style=\"font-weight: 400;\">Turuncu<\/span><\/a><span style=\"font-weight: 400;\">: Ayl\u0131k 30,95 \u20ac (500mb'a kadar fiber geni\u015f bant)<\/span><\/li>\n<\/ul>\n<h2><span class=\"ez-toc-section\" id=\"7_Cost_of_Clothing_Personal_Items_Gym_and_Leisure\"><\/span><b>7. Giyim, Ki\u015fisel E\u015fyalar, Spor Salonu ve Bo\u015f Zamanlar\u0131n Maliyeti<\/b><span class=\"ez-toc-section-end\"><\/span><\/h2>\n<p><span style=\"font-weight: 400;\">Minorka, yazlar\u0131 s\u0131cak ve k\u0131\u015flar\u0131 \u0131l\u0131man ge\u00e7en bir Akdeniz iklimine sahiptir. En s\u0131cak ay ortalama 29,2\u00b0C ile A\u011fustos ay\u0131d\u0131r. \u015eubat ay\u0131 ortalama 7,4\u00b0C ile en so\u011fuk ayd\u0131r. Minorka'n\u0131n en ya\u011f\u0131\u015fl\u0131 ay\u0131 ortalama 88 mm ya\u011fmurun d\u00fc\u015ft\u00fc\u011f\u00fc Kas\u0131m ay\u0131d\u0131r.<\/span><\/p>\n<p><span style=\"font-weight: 400;\">\u0130\u015fte di\u011fer faydal\u0131 fiyatlarla birlikte baz\u0131 giyim fiyatlar\u0131. Minorka'daki fiyatlar Mayorka'dakilere benzer.<\/span><\/p>\n<ul>\n<li><strong>Bir \u00c7ift Kot Pantolon<\/strong><b>: <\/b><span style=\"font-weight: 400;\">\u20ac30 - \u20ac94<\/span><\/li>\n<li><span style=\"font-weight: 400;\"><strong>Yazl\u0131k elbise:<\/strong> \u20ac20 - \u20ac30<\/span><\/li>\n<li><span style=\"font-weight: 400;\"><strong>Ko\u015fu Ayakkab\u0131s\u0131 (Spor Ayakkab\u0131):<\/strong> \u20ac50 - \u20ac90<\/span><\/li>\n<li><span style=\"font-weight: 400;\"><strong>\u0130\u015f ayakkab\u0131lar\u0131:<\/strong> \u20ac65 - \u20ac100<\/span><\/li>\n<li><span style=\"font-weight: 400;\"><strong>K\u0131sa Doktor Ziyareti (15 dakika):<\/strong> \u20ac80<\/span><\/li>\n<li><span style=\"font-weight: 400;\"><strong>Deodorant:<\/strong> \u20ac4<\/span><\/li>\n<li><span style=\"font-weight: 400;\"><strong>\u015eampuan:<\/strong> \u20ac3<\/span><\/li>\n<li><span style=\"font-weight: 400;\"><strong>Tuvalet Ka\u011f\u0131d\u0131 (4 rulo):<\/strong> \u20ac2<\/span><\/li>\n<li><span style=\"font-weight: 400;\"><strong>Spor salonu \u00fcyeli\u011fi:<\/strong> Ayl\u0131k 40 - 50 \u20ac<\/span><\/li>\n<li><span style=\"font-weight: 400;\"><strong>Film (sinema) Bileti:<\/strong> \u20ac9<\/span><\/li>\n<\/ul>\n<p><em><b>Kaynak: <\/b><a href=\"https:\/\/www.numbeo.com\/cost-of-living\/in\/Palma-De-Mallorca\" target=\"_blank\" rel=\"noopener\"><span style=\"font-weight: 400;\">Numbeo<\/span><\/a><span style=\"font-weight: 400;\"> ve\u00a0<\/span><a href=\"https:\/\/www.expatistan.com\/cost-of-living\/palma-de-mallorca\" target=\"_blank\" rel=\"noopener\"><span style=\"font-weight: 400;\">Expatistan<\/span><\/a><\/em><\/p>\n<h2><span class=\"ez-toc-section\" id=\"8_Cost_of_Owning_a_Car_and_Driving_a_Car_in_Minorca\"><\/span><b>8. Minorka'da Ara\u00e7 Sahibi Olman\u0131n ve Ara\u00e7 Kullanman\u0131n Maliyeti<\/b><span class=\"ez-toc-section-end\"><\/span><\/h2>\n<p><img loading=\"lazy\" decoding=\"async\" class=\"alignnone size-full wp-image-7942\" src=\"https:\/\/moverdb.com\/wp-content\/uploads\/moving-to-minorca-3.jpg\" alt=\"\" width=\"1000\" height=\"667\" data-wp-pid=\"7942\" srcset=\"https:\/\/moverdb.com\/wp-content\/uploads\/moving-to-minorca-3.jpg 1000w, https:\/\/moverdb.com\/wp-content\/uploads\/moving-to-minorca-3-300x200.jpg 300w, https:\/\/moverdb.com\/wp-content\/uploads\/moving-to-minorca-3-18x12.jpg 18w, https:\/\/moverdb.com\/wp-content\/uploads\/moving-to-minorca-3-600x400.jpg 600w\" sizes=\"auto, (max-width: 1000px) 100vw, 1000px\" \/><span style=\"font-weight: 400;\">Minorka'da herkes sa\u011fdan gitmektedir. Minorka'da ara\u00e7 kullanmak sorun de\u011fildir, ancak yo\u011fun sezonda b\u00fcy\u00fck \u015fehirlerde biraz s\u0131k\u0131\u015f\u0131kl\u0131k ya\u015fanabilir.<\/span><\/p>\n<p><span style=\"font-weight: 400;\">\u0130spanya i\u00e7inden Minorka'ya ta\u015f\u0131n\u0131yorsan\u0131z, ehliyetinizi koruyabilirsiniz ancak adresinizi en yak\u0131n trafik b\u00fcrosunda yeni Minorka adresinizle g\u00fcncellemeniz gerekir.<\/span><\/p>\n<p><span style=\"font-weight: 400;\">AB d\u0131\u015f\u0131nda ya\u015f\u0131yorsan\u0131z, alt\u0131 ay boyunca bu ehliyetle ara\u00e7 kullanabilirsiniz.  Yabanc\u0131 ehliyetiniz \u0130spanyolca de\u011filse, \u0130spanyolca terc\u00fcmesini yapt\u0131rman\u0131z ya da Uluslararas\u0131 Ehliyet alman\u0131z gerekir. Bu alt\u0131 ayl\u0131k s\u00fcrenin sonunda bir \u0130spanyol ehliyeti alman\u0131z gerekmektedir.<\/span><\/p>\n<p><span style=\"font-weight: 400;\">E\u011fer bir AB \u00fclkesinden geliyorsan\u0131z, \u00fclkede iki y\u0131l kald\u0131ktan sonra bir \u0130spanyol ehliyeti alman\u0131z gerekecektir. Ancak, alt\u0131 ay sonra bilgilerinizi Merkezi S\u00fcr\u00fcc\u00fcler ve K\u00fc\u00e7\u00fck Su\u00e7lular Siciline kaydettirmeniz gerekmektedir. Minorka'da 18 ya\u015f\u0131n alt\u0131ndaki ki\u015filerin ara\u00e7 kullanmas\u0131na izin verilmedi\u011fini unutmay\u0131n.\u00a0\u00a0<\/span><\/p>\n<p><span style=\"font-weight: 400;\">Belirli \u00fclkelerde ikamet edenler ehliyetlerini de\u011fi\u015ftirebilirken, di\u011fer ki\u015filerin hem yaz\u0131l\u0131 hem de uygulamal\u0131 bir \u0130spanyolca s\u00fcr\u00fc\u015f s\u0131nav\u0131na girmeleri gerekecektir.  Bu Minorka'da yap\u0131l\u0131r.\u00a0 <\/span><a href=\"http:\/\/www.expatica.com\" target=\"_blank\" rel=\"noopener\"><span style=\"font-weight: 400;\">Expatica.com<\/span><\/a><span style=\"font-weight: 400;\"> \u0130spanya'da araba kullanmak isteyen gurbet\u00e7iler i\u00e7in \u0130ngilizce yararl\u0131 bilgiler i\u00e7ermektedir.<\/span><\/p>\n<p><span style=\"font-weight: 400;\">Minorka'ya bir araba g\u00f6t\u00fcr\u00fcyorsan\u0131z, arabay\u0131 6 ay boyunca kaydettirmeden kullanabilirsiniz.  6 ayl\u0131k s\u00fcrenin sonunda 30 g\u00fcn i\u00e7inde <\/span><a href=\"http:\/\/europa.eu\/youreurope\/citizens\/vehicles\/registration\/taxes\/spain\/index_en.htm\" target=\"_blank\" rel=\"noopener\"><span style=\"font-weight: 400;\">kay\u0131t olun<\/span><\/a><span style=\"font-weight: 400;\"> o.<\/span><\/p>\n<p><span style=\"font-weight: 400;\">Mayorka'daki maliyetlere dayal\u0131 olarak Minorka'da ara\u00e7 sahibi olman\u0131n ve kullanman\u0131n di\u011fer baz\u0131 \u00f6rnek maliyetleri a\u015fa\u011f\u0131da verilmi\u015ftir:<\/span><\/p>\n<ul>\n<li style=\"font-weight: 400;\" aria-level=\"1\"><b>Volkswagen Golf:<\/b><span style=\"font-weight: 400;\"> \u20ac24,000+<\/span><\/li>\n<li style=\"font-weight: 400;\" aria-level=\"1\"><b>1 litre (\u00bc galon) Gaz (benzin):<\/b><span style=\"font-weight: 400;\">\u00a0\u20ac1.50<\/span><\/li>\n<li style=\"font-weight: 400;\" aria-level=\"1\"><b>Kay\u0131t \u00dccreti (varsa):<\/b><span style=\"font-weight: 400;\"> maliyet arac\u0131n b\u00fcy\u00fckl\u00fc\u011f\u00fcne ve CO2 emisyonlar\u0131na ba\u011fl\u0131d\u0131r.<\/span><\/li>\n<\/ul>\n<p><em><b>Kaynak:<\/b><span style=\"font-weight: 400;\">\u00a0<\/span><a href=\"https:\/\/www.expatistan.com\/cost-of-living\/palma-de-mallorca\" target=\"_blank\" rel=\"noopener\"><span style=\"font-weight: 400;\">Expatistan<\/span><\/a><\/em><\/p>\n<p><b>Minorka'da Ara\u00e7 Kullan\u0131rken Tasarruf Etmenin Yollar\u0131:<\/b><\/p>\n<ul>\n<li><span style=\"font-weight: 400;\">Ara\u00e7 payla\u015f\u0131m\u0131 ya da havuzlama tasarruf etmenin bir yoludur. Minorka i\u00e7in resmi bir araba payla\u015f\u0131m sitesi yoktur ancak kulaktan kula\u011fa yay\u0131lan bilgiler kesinlikle baz\u0131 sonu\u00e7lar do\u011furacakt\u0131r.<\/span><\/li>\n<li><span style=\"font-weight: 400;\">Taksiler bazen daha ucuz bir se\u00e7enek olabilir, \u00f6zellikle de t\u00fcm g\u00fcn park etmeniz gerekecekse. \u015eu anda Minorka'da Uber bulunmamaktad\u0131r<\/span><span style=\"font-weight: 400;\">.<\/span><\/li>\n<\/ul>\n<h2><span class=\"ez-toc-section\" id=\"9_Taxes_in_Minorca\"><\/span><b>9. Minorka'da Vergiler<\/b><span class=\"ez-toc-section-end\"><\/span><\/h2>\n<p><span style=\"font-weight: 400;\">Nerede olursan\u0131z olun <a href=\"https:\/\/moverdb.com\/tr\/moving-to-spain\/living-in-spain\/\" data-internallinksmanager029f6b8e52c=\"268\" title=\"\u0130spanya&#039;da Ya\u015famak Hakk\u0131nda Ta\u015f\u0131nmadan \u00d6nce Bilmeniz Gereken 21 S\u0131r\">\u0130spanya'da ya\u015famak<\/a> veya Minorka'da ayn\u0131 oranda vergi \u00f6dersiniz. Sat\u0131\u015f Vergisi veya KDV (Katma De\u011fer Vergisi) \u0130spanya'da 21%'dir ve ilan edilen fiyata dahildir.<\/span><\/p>\n<p><span style=\"font-weight: 400;\">Minorka'da bir m\u00fclk\u00fcn\u00fcz varsa a\u015fa\u011f\u0131dakileri \u00f6demeniz gerekecektir <\/span><a href=\"http:\/\/www.healthplanspain.com\/blog\/expat-tips\/125-what-is-ibi-tax-in-spain.html#.WUVIN3xtnIU\" target=\"_blank\" rel=\"noopener\"><span style=\"font-weight: 400;\">IBI<\/span><\/a><span style=\"font-weight: 400;\"> Vergi. Miktar, m\u00fclk\u00fcn b\u00fcy\u00fckl\u00fc\u011f\u00fcne, ald\u0131\u011f\u0131n\u0131z hizmetlere ve bulundu\u011fu b\u00f6lgeye ba\u011fl\u0131 olarak de\u011fi\u015fir.  E\u011fer bir m\u00fclk kiral\u0131yorsan\u0131z, IBI'yi kirac\u0131n\u0131n de\u011fil m\u00fclk sahibinin \u00f6dedi\u011fini unutmay\u0131n.<\/span><\/p>\n<p><span style=\"font-weight: 400;\">Son olarak, Minorka'da bir daire veya ev sat\u0131n almaya karar verirseniz, \u015funlar\u0131 \u00f6demeniz gerekir<\/span><span style=\"font-weight: 400;\">\u00a0\u00e7e\u015fitli vergi ve har\u00e7lar<\/span><span style=\"font-weight: 400;\">. 5% ile 10% aras\u0131nda bir emlak devir vergisi vard\u0131r, yeni m\u00fclkler i\u00e7in 10% KDV \u00f6denir, noter masraflar\u0131, tapu vergisi ve tapu kay\u0131t \u00fccretleri sat\u0131n alma fiyat\u0131n\u0131n 1% ile 2.5%'si aras\u0131ndad\u0131r ve yasal \u00fccretler 1% ile 2% aras\u0131nda olacakt\u0131r.<\/span><\/p>\n<h2><span class=\"ez-toc-section\" id=\"10_Flight_Costs_from_Minorca\"><\/span><b>10. Minorka'dan U\u00e7u\u015f Maliyetleri<\/b><span class=\"ez-toc-section-end\"><\/span><\/h2>\n<p><span style=\"font-weight: 400;\">Minorka'ya ta\u015f\u0131n\u0131rsan\u0131z, d\u00fcnyan\u0131n di\u011fer b\u00fcy\u00fck \u015fehirlerine u\u00e7man\u0131n yakla\u015f\u0131k olarak ne kadara mal olaca\u011f\u0131n\u0131, en d\u00fc\u015f\u00fck tek y\u00f6n bilet fiyatlar\u0131na g\u00f6re a\u015fa\u011f\u0131da bulabilirsiniz\u00a0<\/span><a href=\"https:\/\/www.skyscanner.net\/\" target=\"_blank\" rel=\"noopener\"><span style=\"font-weight: 400;\">Skyscanner<\/span><\/a><span style=\"font-weight: 400;\">\u00a0<\/span><span style=\"font-weight: 400;\">2023'\u00fcn ba\u015flar\u0131nda.\u00a0\u00a0<\/span><\/p>\n<ul>\n<li style=\"font-weight: 400;\" aria-level=\"1\"><span style=\"font-weight: 400;\"><strong>New York:<\/strong> \u20ac320<\/span><\/li>\n<li style=\"font-weight: 400;\" aria-level=\"1\"><span style=\"font-weight: 400;\"><strong>Los Angeles:<\/strong> \u20ac667<\/span><\/li>\n<li style=\"font-weight: 400;\" aria-level=\"1\"><span style=\"font-weight: 400;\"><strong>Londra'da:<\/strong> \u20ac20<\/span><\/li>\n<li style=\"font-weight: 400;\" aria-level=\"1\"><span style=\"font-weight: 400;\"><strong>Paris'e:<\/strong> \u20ac20<\/span><\/li>\n<li style=\"font-weight: 400;\" aria-level=\"1\"><span style=\"font-weight: 400;\"><strong>Toronto:<\/strong> \u20ac380<\/span><\/li>\n<li style=\"font-weight: 400;\" aria-level=\"1\"><span style=\"font-weight: 400;\"><strong>Vancouver'da:<\/strong> \u20ac1,590<\/span><\/li>\n<li style=\"font-weight: 400;\" aria-level=\"1\"><span style=\"font-weight: 400;\"><strong>Dubai:<\/strong> \u20ac306<\/span><\/li>\n<li style=\"font-weight: 400;\" aria-level=\"1\"><span style=\"font-weight: 400;\"><strong>Sydney:<\/strong> \u20ac1,144<\/span><\/li>\n<li style=\"font-weight: 400;\" aria-level=\"1\"><span style=\"font-weight: 400;\"><strong>Melbourne:<\/strong> \u20ac1,472<\/span><\/li>\n<li style=\"font-weight: 400;\" aria-level=\"1\"><span style=\"font-weight: 400;\"><strong><a href=\"https:\/\/moverdb.com\/tr\/moving-to-cape-town\/\" data-internallinksmanager029f6b8e52c=\"259\" title=\"Cape Town&#039;a m\u0131 Ta\u015f\u0131n\u0131yorsunuz? 2026 Ya\u015fam Maliyetleri &amp; Yer De\u011fi\u015ftirme \u0130pu\u00e7lar\u0131\">Cape Town<\/a>:<\/strong> \u20ac660<\/span><\/li>\n<li style=\"font-weight: 400;\" aria-level=\"1\"><span style=\"font-weight: 400;\"><strong><a href=\"https:\/\/moverdb.com\/tr\/moving-to-hong-kong\/\" data-internallinksmanager029f6b8e52c=\"350\" title=\"Hong Kong&#039;a m\u0131 ta\u015f\u0131n\u0131yorsunuz? 2026 Ya\u015fam Maliyetleri &amp; Yer De\u011fi\u015ftirme \u0130pu\u00e7lar\u0131\">Hong Kong<\/a>:<\/strong> \u20ac624<\/span><\/li>\n<\/ul>\n<p><b>Minorka'ya Ta\u015f\u0131nmaya \u0130li\u015fkin Di\u011fer \u0130pu\u00e7lar\u0131:<\/b><\/p>\n<p><span style=\"font-weight: 400;\">Yukar\u0131daki maliyetler ve fiyatlar size Minorka'da ya\u015faman\u0131n maliyeti hakk\u0131nda iyi bir fikir vermelidir, ancak belki de a\u015fa\u011f\u0131daki ekstra ipu\u00e7lar\u0131 ta\u015f\u0131nman\u0131z\u0131 sorunsuz hale getirecektir.<\/span><\/p>\n<h3><span class=\"ez-toc-section\" id=\"11_Moving_to_Minorca_Alone\"><\/span>11. Minorka'ya Yaln\u0131z Ta\u015f\u0131nmak<span class=\"ez-toc-section-end\"><\/span><\/h3>\n<p><span style=\"font-weight: 400;\">Herhangi bir yere ta\u015f\u0131nmak yaln\u0131z bir deneyim olabilir, ancak yeni bir \u015fehre ta\u015f\u0131nmak olduk\u00e7a \u00fcrk\u00fct\u00fcc\u00fc olabilir. \u0130\u015fte Minorka'ya yerle\u015fmekle ilgili birka\u00e7 ipucu.<\/span><\/p>\n<ul>\n<li style=\"font-weight: 400;\" aria-level=\"1\"><b>Bulu\u015fmalar:<\/b><span style=\"font-weight: 400;\">\u00a0Minorka'da bulabilece\u011finiz \u00fccretsiz bulu\u015fma gruplar\u0131 var <\/span><a href=\"https:\/\/www.meetup.com\/cities\/es\/ciutadella_de_menorca\/\" target=\"_blank\" rel=\"noopener\"><span style=\"font-weight: 400;\">Meetup.com<\/span><\/a><span style=\"font-weight: 400;\">.  Bisiklet Bulu\u015fmas\u0131, Hafta Sonu Maceralar\u0131 Bulu\u015fmas\u0131, Google Geli\u015ftiriciler Grubu ve \u00e7ok daha fazlas\u0131na kat\u0131l\u0131n.<\/span><\/li>\n<li style=\"font-weight: 400;\" aria-level=\"1\"><b>Yerel Etkinliklere Kat\u0131l\u0131n:<\/b><span style=\"font-weight: 400;\">\u00a0Minorka'n\u0131n hem b\u00f6lge sakinlerine hem de turistlere sunaca\u011f\u0131 \u00e7ok \u015fey var. Neler olup bitti\u011fini \u015furadan \u00f6\u011frenin\u00a0<\/span><a href=\"https:\/\/www.tripadvisor.co.uk\/Attractions-g187464-Activities-Minorca_Balearic_Islands.html\" target=\"_blank\" rel=\"noopener\"><span style=\"font-weight: 400;\">Seyahat Dan\u0131\u015fman\u0131<\/span><\/a><span style=\"font-weight: 400;\"> ve <\/span><a href=\"http:\/\/menorca-live.com\/top-ten-things-to-do-in-menorca\/\" target=\"_blank\" rel=\"noopener\"><span style=\"font-weight: 400;\">Menorca Canl\u0131<\/span><\/a><span style=\"font-weight: 400;\">.<\/span><\/li>\n<\/ul>\n<h3><span class=\"ez-toc-section\" id=\"12_Moving_to_Minorca_with_a_Family\"><\/span><b>12<\/b><b>. Minorka'ya Aile ile Ta\u015f\u0131nma<\/b><span class=\"ez-toc-section-end\"><\/span><\/h3>\n<p><span style=\"font-weight: 400;\">Minorka gen\u00e7 bir aile i\u00e7in g\u00fczel bir yerdir, ancak adada uluslararas\u0131 okullar bulunmad\u0131\u011f\u0131ndan \u00e7ocuklar \u0130spanyolca ve Katalanca e\u011fitim g\u00f6recektir. Adada ergenlik \u00e7a\u011f\u0131nda \u00e7ocuklar\u0131 olan \u00e7ok az g\u00f6\u00e7men aile vard\u0131r, asl\u0131nda ada \u00e7ocuklar\u0131 yuvadan u\u00e7mu\u015f insanlar\u0131 \u00e7ekme e\u011filimindedir. \u0130\u015fte d\u00fc\u015f\u00fcnmek i\u00e7in baz\u0131 ekstra yiyecekler:<\/span><\/p>\n<ul>\n<li style=\"font-weight: 400;\" aria-level=\"1\"><b>Yeni Ebeveynler (veya ebeveyn olacaklar):<\/b><span style=\"font-weight: 400;\">\u00a0<\/span><a href=\"https:\/\/www.mumabroad.com\" target=\"_blank\" rel=\"noopener\"><span style=\"font-weight: 400;\">Yurtd\u0131\u015f\u0131nda Anne<\/span><\/a><span style=\"font-weight: 400;\"> size do\u011fum \u00f6ncesi s\u0131n\u0131flar, do\u011fum sonras\u0131 s\u0131n\u0131flar ve genel ebeveynlik hakk\u0131nda bilgi verecek m\u00fckemmel bir sitedir. \u0130nteraktif bir sitedir, b\u00f6ylece do\u011frudan bilgi isteyebilirsiniz.<\/span><\/li>\n<li style=\"font-weight: 400;\" aria-level=\"1\"><b>Aile Dostu Bir B\u00f6lgede Ya\u015fay\u0131n: <\/b><span style=\"font-weight: 400;\">Minorka aile dostu bir adad\u0131r. Her kasaba veya k\u00f6y ailelere kucak a\u00e7maktad\u0131r. Ana merkezler olan Mah\u00f3n ve Ciutadella'da \u00e7e\u015fitli konut se\u00e7enekleri ve \u00e7ok say\u0131da okul bulunmaktad\u0131r. \u015eirin kasaba meydan\u0131ndaki \u00e7ocuk oyun alan\u0131yla Alaior; geleneksel Es Castell, bal\u0131k\u00e7\u0131 k\u00f6y\u00fc Es Grau, i\u00e7 kesimlerdeki Es Mercadal kasabas\u0131, yama\u00e7 k\u00f6y\u00fc Ferreries gibi daha k\u00fc\u00e7\u00fck kasabalar\u0131n hepsi ailelere iyi bir ya\u015fam kalitesi sunmaktad\u0131r.<\/span><\/li>\n<li style=\"font-weight: 400;\" aria-level=\"1\"><b>\u00c7ocuklarla Yapacak Bir \u015eeyler Bulun:<\/b> <a href=\"http:\/\/www.telegraph.co.uk\/travel\/family-holidays\/menorca-best-activities-for-children-and-families\/\" target=\"_blank\" rel=\"noopener\"><span style=\"font-weight: 400;\">The Telegraph<\/span><\/a><span style=\"font-weight: 400;\"> ve <\/span><a href=\"https:\/\/www.tripadvisor.co.uk\/ShowTopic-g187464-i494-k3796657-Recommended_things_to_do_with_children-Minorca_Balearic_Islands.html\" target=\"_blank\" rel=\"noopener\"><span style=\"font-weight: 400;\">Seyahat Dan\u0131\u015fman\u0131<\/span><\/a> <span style=\"font-weight: 400;\">\u00e7ocuklar\u0131n\u0131z\u0131n sevece\u011fi aktiviteler ve etkinlikler i\u00e7in harika fikirlere sahip.<\/span><\/li>\n<\/ul>\n<h3><span class=\"ez-toc-section\" id=\"13_Moving_to_Minorca_for_Work\"><\/span><b>13<\/b><b>. \u0130\u015f i\u00e7in Minorka'ya Ta\u015f\u0131nma<\/b><span class=\"ez-toc-section-end\"><\/span><\/h3>\n<p><span style=\"font-weight: 400;\">\u00c7o\u011fu insan Minorka'ya yar\u0131 emekli olmak veya emekli olmak i\u00e7in ta\u015f\u0131n\u0131r. Ancak, \u00e7al\u0131\u015fmak i\u00e7in Minorka'ya ta\u015f\u0131nmay\u0131 d\u00fc\u015f\u00fcn\u00fcyor ve bir i\u015f bulmay\u0131 garanti etmek istiyorsan\u0131z, dil bilmeyenler i\u00e7in \u00e7ok az kal\u0131c\u0131 i\u015f bulundu\u011fundan ger\u00e7ekten \u0130spanyolca konu\u015fman\u0131z gerekir. \u0130\u015flerin \u00e7o\u011fu turizm ve konaklama sekt\u00f6r\u00fcndedir, ancak elbette bunlar mevsimliktir. \u0130\u015fsiz olarak ta\u015f\u0131nmak m\u00fcmk\u00fcn olsa da, ta\u015f\u0131nmadan \u00f6nce kendi alan\u0131n\u0131zda i\u015f oldu\u011fundan emin olmak mant\u0131kl\u0131d\u0131r.<\/span><\/p>\n<p><span style=\"font-weight: 400;\">\u0130\u015fte i\u015f i\u00e7in ta\u015f\u0131n\u0131rken dikkat edilmesi gereken birka\u00e7 husus:<\/span><\/p>\n<ul>\n<li style=\"font-weight: 400;\" aria-level=\"1\"><b>Maa\u015f:<\/b><span style=\"font-weight: 400;\"> Yukar\u0131da \u00f6zetledi\u011fimiz maliyetler, ta\u015f\u0131nmay\u0131 de\u011ferli k\u0131lmak i\u00e7in ne kadar daha fazlas\u0131n\u0131 isteyece\u011finiz konusunda size kabaca bir fikir vermelidir. Ne t\u00fcr bir maa\u015f bekleyebilece\u011finizi \u00f6\u011frenmek i\u00e7in do\u011frudan i\u015f bulma kurumlar\u0131 veya \u015firketlerle ileti\u015fime ge\u00e7in.<\/span><\/li>\n<li style=\"font-weight: 400;\" aria-level=\"1\"><b>Nas\u0131l \u0130\u015f Bulurum: <\/b><span style=\"font-weight: 400;\">Minorka'ya ta\u015f\u0131nmadan \u00f6nce bir i\u015f bulmak istiyorsan\u0131z, ancak nereden ba\u015flayaca\u011f\u0131n\u0131zdan emin de\u011filseniz, a\u015fa\u011f\u0131daki siteler ba\u015flamak i\u00e7in iyi yerlerdir:\u00a0<\/span><a href=\"http:\/\/www.thinkspain.com\/spain-jobs\/4\/53\/menorca-job-search-recruitment-employment\" target=\"_blank\" rel=\"noopener\"><span style=\"font-weight: 400;\">\u0130spanya'y\u0131 d\u00fc\u015f\u00fcn\u00fcn<\/span><\/a><span style=\"font-weight: 400;\">, <\/span><a href=\"http:\/\/www.indeed.com\/cmp\/Menorca\" target=\"_blank\" rel=\"noopener\"><span style=\"font-weight: 400;\">Ger\u00e7ekten de<\/span><\/a><span style=\"font-weight: 400;\"> ve <\/span><a href=\"https:\/\/jobs.justlanded.com\/en\/Spain_Balearics_Menorca\" target=\"_blank\" rel=\"noopener\"><span style=\"font-weight: 400;\">Yeni \u0130ndi<\/span><\/a><span style=\"font-weight: 400;\">. \u0130nternette ilan edilen \u00e7ok az i\u015f oldu\u011fu i\u00e7in, CV'nizle birlikte adaya bir ziyaret ger\u00e7ekle\u015ftirmeniz ve birka\u00e7 kap\u0131y\u0131 \u00e7alman\u0131z gerekebilir. Ayr\u0131ca, sekt\u00f6r\u00fcn\u00fczdeki i\u015fe al\u0131m uzmanlar\u0131n\u0131 Google'da aramak da isteyebilirsiniz, zira bu ki\u015filer size baz\u0131 ilk m\u00fclakatlarda yard\u0131mc\u0131 olabilirler.<\/span><\/li>\n<\/ul>\n<h3><span class=\"ez-toc-section\" id=\"14_Moving_to_Minorca_from_Australia\"><\/span><b>14. <\/b><b>Avustralya'dan Minorka'ya Ta\u015f\u0131nma<\/b><span class=\"ez-toc-section-end\"><\/span><\/h3>\n<p><span style=\"font-weight: 400;\">Minorka'da ya\u015fayan bir avu\u00e7 Avustralyal\u0131 bulacaks\u0131n\u0131z. Onlara kat\u0131lmak isterseniz, i\u015fte size d\u00fc\u015f\u00fcnmek i\u00e7in daha fazla yiyecek:<\/span><\/p>\n<ul>\n<li style=\"font-weight: 400;\" aria-level=\"1\"><b>Boyut Kar\u015f\u0131la\u015ft\u0131rmas\u0131:<\/b><span style=\"font-weight: 400;\">\u00a0Minorka'n\u0131n n\u00fcfus b\u00fcy\u00fckl\u00fc\u011f\u00fcn\u00fc T\u00fcrkiye'deki bir kasaban\u0131n n\u00fcfusu ile kar\u015f\u0131la\u015ft\u0131r\u0131rsan\u0131z <a href=\"https:\/\/moverdb.com\/tr\/moving-to-australia\/living-in-australia\/\" data-internallinksmanager029f6b8e52c=\"240\" title=\"Avustralya&#039;da Ya\u015famak Hakk\u0131nda Ta\u015f\u0131nmadan \u00d6nce Bilmeniz Gereken 21 S\u0131r\">Avustralya<\/a>Bendigo'ya bak\u0131yor olacaks\u0131n.<\/span><\/li>\n<li style=\"font-weight: 400;\" aria-level=\"1\"><b>Expat Gruplar\u0131na Kat\u0131l\u0131n:<\/b><span style=\"font-weight: 400;\">\u00a0Her ikisi de <\/span><a href=\"http:\/\/www.expatsblog.com\/portal\/australian\/in\/spain\" target=\"_blank\" rel=\"noopener\"><span style=\"font-weight: 400;\">Gurbet\u00e7iler Blogu<\/span><\/a><span style=\"font-weight: 400;\"> ve <\/span><a href=\"https:\/\/www.internations.org\/balearic-islands-expats\" target=\"_blank\" rel=\"noopener\"><span style=\"font-weight: 400;\">Milletleraras\u0131<\/span><\/a><span style=\"font-weight: 400;\">\u00a0Minorka'daki di\u011fer Avustralyal\u0131larla bulu\u015fma yollar\u0131 sunar.<\/span><\/li>\n<\/ul>\n<h3><span class=\"ez-toc-section\" id=\"15_Moving_to_Minorca_from_Canada\"><\/span><b>15.<\/b> <b>Kanada'dan Minorka'ya Ta\u015f\u0131nma<\/b><span class=\"ez-toc-section-end\"><\/span><\/h3>\n<p><span style=\"font-weight: 400;\">Minorka'da ya\u015fayan birka\u00e7 Kanadal\u0131 var. \u0130\u015fte dikkate alman\u0131z gereken birka\u00e7 ekstra nokta:<\/span><\/p>\n<ul>\n<li style=\"font-weight: 400;\" aria-level=\"1\"><b>Boyut Kar\u015f\u0131la\u015ft\u0131rmas\u0131:<\/b><span style=\"font-weight: 400;\">\u00a0Minorka'n\u0131n n\u00fcfus b\u00fcy\u00fckl\u00fc\u011f\u00fcn\u00fc T\u00fcrkiye'deki bir kasaban\u0131n n\u00fcfusu ile kar\u015f\u0131la\u015ft\u0131r\u0131rsan\u0131z <a href=\"https:\/\/moverdb.com\/tr\/moving-to-canada\/\" data-internallinksmanager029f6b8e52c=\"265\" title=\"Kanada&#039;ya Ta\u015f\u0131nmak m\u0131? 2026 Ya\u015fam Maliyetleri ve Yer De\u011fi\u015ftirme \u0130pu\u00e7lar\u0131\">Kanada<\/a>Red Deer, Alberta'ya bak\u0131yor olmal\u0131s\u0131n\u0131z.\u00a0<\/span><\/li>\n<li style=\"font-weight: 400;\" aria-level=\"1\"><b>Expat Gruplar\u0131na Kat\u0131l\u0131n:<\/b><span style=\"font-weight: 400;\">\u00a0<\/span><a href=\"https:\/\/www.internations.org\/balearic-islands-expats\" target=\"_blank\" rel=\"noopener\"><span style=\"font-weight: 400;\">Milletleraras\u0131<\/span><\/a><span style=\"font-weight: 400;\">\u00a0Minorka'daki di\u011fer Kanadal\u0131larla bulu\u015fma yollar\u0131 sunar.<\/span><\/li>\n<\/ul>\n<h3><span class=\"ez-toc-section\" id=\"16_Moving_to_Minorca_from_the_United_States\"><\/span><b>16. <\/b><b>Amerika Birle\u015fik Devletleri'nden Minorka'ya Ta\u015f\u0131nma<\/b><span class=\"ez-toc-section-end\"><\/span><\/h3>\n<p><span style=\"font-weight: 400;\">Minorka'da genellikle sezonluk olarak ya\u015fayan ve \u00e7al\u0131\u015fan \u00e7ok k\u00fc\u00e7\u00fck bir Amerikan birli\u011fi var. E\u011fer gitmeyi d\u00fc\u015f\u00fcn\u00fcyorsan\u0131z, i\u015fte size birka\u00e7 ipucu:<\/span><\/p>\n<ul>\n<li style=\"font-weight: 400;\" aria-level=\"1\"><b>Boyut Kar\u015f\u0131la\u015ft\u0131rmas\u0131:<\/b><span style=\"font-weight: 400;\">\u00a0Minorka'n\u0131n n\u00fcfusu yakla\u015f\u0131k olarak Santa Barbara, CA ile ayn\u0131d\u0131r.<\/span><\/li>\n<li style=\"font-weight: 400;\" aria-level=\"1\"><b>Expat Gruplar\u0131:<\/b><span style=\"font-weight: 400;\">\u00a0\u0130spanya ve\/veya Balear Adalar\u0131'nda ya\u015fayan Amerikal\u0131larla bir araya gelmek, yeni hayat\u0131n\u0131za h\u0131zla entegre olman\u0131z i\u00e7in iyi bir yoldur. <\/span><a href=\"https:\/\/www.internations.org\/balearic-islands-expats\" target=\"_blank\" rel=\"noopener\"><span style=\"font-weight: 400;\">Milletleraras\u0131<\/span><\/a><span style=\"font-weight: 400;\"> Amerika'dan ve di\u011fer \u00fclkelerden gelen di\u011fer gurbet\u00e7ilerle tan\u0131\u015fman\u0131z\u0131 sa\u011flayacakt\u0131r.<\/span><\/li>\n<\/ul>\n<h3><span class=\"ez-toc-section\" id=\"17_Moving_to_Minorca_from_the_United_Kingdom\"><\/span><b>17.<\/b><b> <\/b><b>Birle\u015fik Krall\u0131k'tan Minorka'ya Ta\u015f\u0131nma<\/b><span class=\"ez-toc-section-end\"><\/span><\/h3>\n<p><span style=\"font-weight: 400;\">Minorka'da ya\u015fayan \u00e7ok say\u0131da \u0130ngiliz var. E\u011fer gitmeyi d\u00fc\u015f\u00fcn\u00fcyorsan\u0131z, i\u015fte size birka\u00e7 bonus ipucu:<\/span><\/p>\n<ul>\n<li style=\"font-weight: 400;\" aria-level=\"1\"><b>Boyut Kar\u015f\u0131la\u015ft\u0131rmas\u0131:<\/b><span style=\"font-weight: 400;\"> Minorka'n\u0131n n\u00fcfus b\u00fcy\u00fckl\u00fc\u011f\u00fcn\u00fc Birle\u015fik Krall\u0131k'taki bir \u015fehirle kar\u015f\u0131la\u015ft\u0131r\u0131rsan\u0131z <a href=\"https:\/\/moverdb.com\/tr\/moving-to-the-uk\/\" data-internallinksmanager029f6b8e52c=\"93\" title=\"Birle\u015fik Krall\u0131k&#039;a m\u0131 ta\u015f\u0131n\u0131yorsunuz? 2026 Ya\u015fam Maliyetleri &amp; Yer De\u011fi\u015ftirme \u0130pu\u00e7lar\u0131\">BIRLE\u015eIK KRALLIK<\/a>Bath, Somerset'e bak\u0131yor olmal\u0131s\u0131n\u0131z.<\/span><\/li>\n<li style=\"font-weight: 400;\" aria-level=\"1\"><b>Expat Gruplar\u0131:<\/b><span style=\"font-weight: 400;\">\u00a0Halihaz\u0131rda Minorka'da ya\u015fayan ve \u00e7al\u0131\u015fan \u0130ngilizlerle tan\u0131\u015fmak, arkada\u015f edinmek ve adada ya\u015fam hakk\u0131nda her \u015feyi \u00f6\u011frenmek i\u00e7in m\u00fckemmel bir yoldur. Kendi \u00fclkenizden ve d\u00fcnyan\u0131n di\u011fer \u00fclkelerinden Minorka'da ya\u015fayan insanlar\u0131 bulmak i\u00e7in a\u015fa\u011f\u0131daki siteye bir g\u00f6z at\u0131n - <\/span><a href=\"https:\/\/www.internations.org\/balearic-islands-expats\" target=\"_blank\" rel=\"noopener\"><span style=\"font-weight: 400;\">Milletleraras\u0131<\/span><\/a><span style=\"font-weight: 400;\">.<\/span><\/li>\n<\/ul>\n<p><span style=\"font-weight: 400;\">Umar\u0131m yukar\u0131daki ipu\u00e7lar\u0131 ve maliyetler yard\u0131mc\u0131 olmu\u015ftur. Minorka'ya ta\u015f\u0131nman\u0131n size ne kadara mal olaca\u011f\u0131n\u0131 fiyatland\u0131rmaya ba\u015flamak istiyorsan\u0131z \u015fu \u015fekilde ba\u015flayabilirsiniz\u00a0<\/span><a href=\"http:\/\/moverdb.com\/tr\/alintilar\/\"><span style=\"font-weight: 400;\">ta\u015f\u0131nma tekliflerini burada kar\u015f\u0131la\u015ft\u0131r\u0131n<\/span><\/a><span style=\"font-weight: 400;\">.<\/span><\/p>\n<h2><span class=\"ez-toc-section\" id=\"Other_Useful_Guides_to_Spain\"><\/span>\u0130spanya i\u00e7in Di\u011fer Faydal\u0131 Rehberler<span class=\"ez-toc-section-end\"><\/span><\/h2>\n<ul>\n<li> <a href=\"https:\/\/moverdb.com\/tr\/tasinma-si%cc%87rketleri%cc%87\/moving-companies-spain\/\">28 \u0130spanya'daki En \u0130yi Uluslararas\u0131 Ta\u015f\u0131nma \u015eirketleri<\/a><\/li>\n<li> <a href=\"https:\/\/moverdb.com\/tr\/konteyner-tasimaciligi\/ispanya\/\">2024 \u0130spanya'ya ve \u0130spanya'dan Deniz Ta\u015f\u0131mac\u0131l\u0131\u011f\u0131 Konteyner Nakliye Fiyatlar\u0131<\/a><\/li>\n<li> <a href=\"https:\/\/moverdb.com\/tr\/uluslararasi-para-transfer-hizmetleri\/money-transfer-companies-spain\/\">\u0130spanya'daki En \u0130yi 10 Para Transferi \u015eirketi<\/a><\/li>\n<li> <a href=\"https:\/\/moverdb.com\/tr\/moving-to-spain\/\">\u0130spanya'ya m\u0131 ta\u015f\u0131n\u0131yorsunuz? 2024 Ya\u015fam Maliyetleri &amp; Yer De\u011fi\u015ftirme \u0130pu\u00e7lar\u0131<\/a><\/li>\n<li> <a href=\"https:\/\/moverdb.com\/tr\/moving-to-spain\/best-places-to-live-spain\/\">\u0130spanya'da Ya\u015fanacak En \u0130yi 13 Yer<\/a><\/li>\n<li> <a href=\"https:\/\/moverdb.com\/tr\/moving-to-spain\/living-in-spain\/\">\u0130spanya'da Ya\u015famak Hakk\u0131nda Ta\u015f\u0131nmadan \u00d6nce Bilmeniz Gereken 21 S\u0131r<\/a><\/li>\n<li> <a href=\"https:\/\/moverdb.com\/tr\/moving-to-spain\/moving-to-spain-from-the-us\/\">Amerika Birle\u015fik Devletleri'nden \u0130spanya'ya Ta\u015f\u0131nma<\/a><\/li>\n<li> <a href=\"https:\/\/moverdb.com\/tr\/moving-to-spain\/moving-to-madrid\/\">Madrid'e mi ta\u015f\u0131n\u0131yorsunuz? 2026 Ya\u015fam Maliyetleri &amp; Yer De\u011fi\u015ftirme \u0130pu\u00e7lar\u0131<\/a><\/li>\n<li> <a href=\"https:\/\/moverdb.com\/tr\/moving-to-spain\/moving-to-palma\/\">Palma'ya m\u0131 ta\u015f\u0131n\u0131yorsunuz? 2024 Ya\u015fam Maliyetleri &amp; Yer De\u011fi\u015ftirme \u0130pu\u00e7lar\u0131<\/a><\/li>\n<li> <a href=\"https:\/\/moverdb.com\/tr\/moving-to-spain\/moving-to-ibiza\/\">\u0130biza'ya m\u0131 ta\u015f\u0131n\u0131yorsunuz? 2024 Ya\u015fam Maliyetleri &amp; Yer De\u011fi\u015ftirme \u0130pu\u00e7lar\u0131<\/a><\/li>\n<li> <a href=\"https:\/\/moverdb.com\/tr\/moving-to-spain\/moving-to-mallorca\/\">Mayorka'ya Ta\u015f\u0131nmak m\u0131? 2024 Ya\u015fam Maliyetleri ve Yer De\u011fi\u015ftirme \u0130pu\u00e7lar\u0131<\/a><\/li>\n<li> <a href=\"https:\/\/moverdb.com\/tr\/moving-to-spain\/moving-to-las-palmas\/\">Las Palmas'a m\u0131 Ta\u015f\u0131n\u0131yorsunuz? 2024 Ya\u015fam Maliyetleri &amp; Yer De\u011fi\u015ftirme \u0130pu\u00e7lar\u0131<\/a><\/li>\n<li> <a href=\"https:\/\/moverdb.com\/tr\/moving-to-spain\/moving-to-malaga\/\">M\u00e1laga'ya m\u0131 ta\u015f\u0131n\u0131yorsunuz? 2024 Ya\u015fam Maliyetleri &amp; Yer De\u011fi\u015ftirme \u0130pu\u00e7lar\u0131<\/a><\/li>\n<li> <a href=\"https:\/\/moverdb.com\/tr\/moving-to-spain\/moving-to-valencia\/\">Valensiya'ya m\u0131 ta\u015f\u0131n\u0131yorsunuz? 2024 Ya\u015fam Maliyetleri &amp; Yer De\u011fi\u015ftirme \u0130pu\u00e7lar\u0131<\/a><\/li>\n<li> <a href=\"https:\/\/moverdb.com\/tr\/moving-to-spain\/moving-to-sevilla\/\">Sevilla'ya m\u0131 ta\u015f\u0131n\u0131yorsunuz? 2024 Ya\u015fam Maliyetleri &amp; Yer De\u011fi\u015ftirme \u0130pu\u00e7lar\u0131<\/a><\/li>\n<li> <a href=\"https:\/\/moverdb.com\/tr\/moving-to-spain\/moving-to-zaragoza\/\">Zaragoza'ya m\u0131 ta\u015f\u0131n\u0131yorsunuz? 2024 Ya\u015fam Maliyetleri &amp; Yer De\u011fi\u015ftirme \u0130pu\u00e7lar\u0131<\/a><\/li>\n<\/ul>","protected":false},"excerpt":{"rendered":"<p>Minorca is the second-largest of the four Balearic Islands of Spain, and is thought to be quieter than the area of Mallorca. If you are considering moving to Minorca, the various costs listed below will help you make an informed decision on what costs are involved when moving and living in this jewel in the [&hellip;]<\/p>\n","protected":false},"author":5,"featured_media":7940,"parent":5758,"menu_order":0,"comment_status":"closed","ping_status":"closed","template":"","meta":{"_genesis_hide_title":false,"_genesis_hide_breadcrumbs":false,"_genesis_hide_singular_image":false,"_genesis_hide_footer_widgets":false,"_genesis_custom_body_class":"","_genesis_custom_post_class":"","_genesis_layout":"","footnotes":""},"class_list":{"0":"post-8522","1":"page","2":"type-page","3":"status-publish","4":"has-post-thumbnail","6":"entry"},"_links":{"self":[{"href":"https:\/\/moverdb.com\/tr\/wp-json\/wp\/v2\/pages\/8522","targetHints":{"allow":["GET"]}}],"collection":[{"href":"https:\/\/moverdb.com\/tr\/wp-json\/wp\/v2\/pages"}],"about":[{"href":"https:\/\/moverdb.com\/tr\/wp-json\/wp\/v2\/types\/page"}],"author":[{"embeddable":true,"href":"https:\/\/moverdb.com\/tr\/wp-json\/wp\/v2\/users\/5"}],"replies":[{"embeddable":true,"href":"https:\/\/moverdb.com\/tr\/wp-json\/wp\/v2\/comments?post=8522"}],"version-history":[{"count":10,"href":"https:\/\/moverdb.com\/tr\/wp-json\/wp\/v2\/pages\/8522\/revisions"}],"predecessor-version":[{"id":18138,"href":"https:\/\/moverdb.com\/tr\/wp-json\/wp\/v2\/pages\/8522\/revisions\/18138"}],"up":[{"embeddable":true,"href":"https:\/\/moverdb.com\/tr\/wp-json\/wp\/v2\/pages\/5758"}],"wp:featuredmedia":[{"embeddable":true,"href":"https:\/\/moverdb.com\/tr\/wp-json\/wp\/v2\/media\/7940"}],"wp:attachment":[{"href":"https:\/\/moverdb.com\/tr\/wp-json\/wp\/v2\/media?parent=8522"}],"curies":[{"name":"wp","href":"https:\/\/api.w.org\/{rel}","templated":true}]}}