{"id":8472,"date":"2023-11-29T12:28:23","date_gmt":"2023-11-29T12:28:23","guid":{"rendered":"https:\/\/moverdb.com\/?page_id=8472"},"modified":"2026-01-08T15:09:51","modified_gmt":"2026-01-08T15:09:51","slug":"moving-to-geneva","status":"publish","type":"page","link":"https:\/\/moverdb.com\/tr\/moving-to-switzerland\/moving-to-geneva\/","title":{"rendered":"Cenevre'ye mi ta\u015f\u0131n\u0131yorsunuz? 2026 Ya\u015fam Maliyetleri &amp; Yer De\u011fi\u015ftirme \u0130pu\u00e7lar\u0131"},"content":{"rendered":"<p><img loading=\"lazy\" decoding=\"async\" class=\"alignnone size-full wp-image-7895\" src=\"https:\/\/moverdb.com\/wp-content\/uploads\/moving-to-geneva-1.jpg\" alt=\"\" width=\"1000\" height=\"667\" data-wp-pid=\"7895\" srcset=\"https:\/\/moverdb.com\/wp-content\/uploads\/moving-to-geneva-1.jpg 1000w, https:\/\/moverdb.com\/wp-content\/uploads\/moving-to-geneva-1-300x200.jpg 300w, https:\/\/moverdb.com\/wp-content\/uploads\/moving-to-geneva-1-18x12.jpg 18w, https:\/\/moverdb.com\/wp-content\/uploads\/moving-to-geneva-1-600x400.jpg 600w\" sizes=\"auto, (max-width: 1000px) 100vw, 1000px\" \/><span style=\"font-weight: 400;\">Cenevre, ayn\u0131 ad\u0131 ta\u015f\u0131yan g\u00f6l\u00fcn \u00fczerinde yer al\u0131r. <a href=\"https:\/\/moverdb.com\/tr\/moving-to-switzerland\/\" data-internallinksmanager029f6b8e52c=\"327\" title=\"\u0130svi\u00e7re&#039;ye mi ta\u015f\u0131n\u0131yorsunuz? 2026 Ya\u015fam Maliyetleri &amp; Yer De\u011fi\u015ftirme \u0130pu\u00e7lar\u0131\">\u0130svi\u00e7re<\/a>ve sakinleri Alpler ve Jura da\u011flar\u0131n\u0131n g\u00fczel manzaralar\u0131na hayran kalabilirler. Cenevre'nin tamam\u0131nda, mimaride ve k\u00fclt\u00fcrde Frans\u0131z etkisi g\u00f6r\u00fclmektedir.<\/span><\/p>\n<p><span style=\"font-weight: 400;\">Cenevre'ye ta\u015f\u0131nmay\u0131 d\u00fc\u015f\u00fcn\u00fcyorsan\u0131z, a\u015fa\u011f\u0131da listelenen \u00e7e\u015fitli maliyetler, Birle\u015fmi\u015f Milletler ve K\u0131z\u0131l Ha\u00e7'a ev sahipli\u011fi yapan \u015fehre ta\u015f\u0131n\u0131rken ve burada ya\u015farken ne gibi maliyetlerin s\u00f6z konusu oldu\u011fu konusunda bilin\u00e7li bir karar vermenize yard\u0131mc\u0131 olacakt\u0131r.<\/span><\/p>\n<p><b>H\u0131zl\u0131 Cenevre Ger\u00e7ekleri:<\/b><\/p>\n<ol>\n<li><span style=\"font-weight: 400;\"><strong>N\u00fcfus:<\/strong> 203,951 (2020)<\/span><\/li>\n<li><b>Resmi Dil:<\/b><span style=\"font-weight: 400;\"> Frans\u0131zca (<\/span><i><span style=\"font-weight: 400;\">de facto) <\/span><\/i><span style=\"font-weight: 400;\">Evlerde \u0130ngilizce, \u0130svi\u00e7re Almancas\u0131, Almanca, \u0130talyanca, Roman\u015f\u00e7a, Leh\u00e7e, Rus\u00e7a ve daha bir\u00e7ok dil konu\u015fulmaktad\u0131r.<\/span><\/li>\n<li><b>Ki\u015fi Ba\u015f\u0131na GSY\u0130H:<\/b><span style=\"font-weight: 400;\"> $74,580 USD (2015)<\/span><\/li>\n<li><b>Avrupa'n\u0131n En Uluslararas\u0131 \u015eehri: <\/b>38.1<span style=\"font-weight: 400;\">Cenevre n\u00fcfusunun %'si \u0130svi\u00e7reli de\u011fildir.<\/span><\/li>\n<li><b>Para birimi: <\/b><span style=\"font-weight: 400;\">\u0130svi\u00e7re Frang\u0131 veya CHF. 2023 ba\u015f\u0131 itibariyle, $1 USD = 0,94 SFR, 1 \u20ac EUR = 0,99 SFR, $1 CAD = 0,69 SFR, $1 AUD = 0,63 SFR<\/span><\/li>\n<\/ol>\n<div id=\"ez-toc-container\" class=\"ez-toc-v2_0_82_2 ez-toc-wrap-left counter-hierarchy ez-toc-counter ez-toc-transparent ez-toc-container-direction\">\n<div class=\"ez-toc-title-container\">\n<p class=\"ez-toc-title\" style=\"cursor:inherit\">B\u00f6l\u00fcmler<\/p>\n<span class=\"ez-toc-title-toggle\"><a href=\"#\" class=\"ez-toc-pull-right ez-toc-btn ez-toc-btn-xs ez-toc-btn-default ez-toc-toggle\" aria-label=\"\u0130\u00e7indekiler Tablosunu A\u00e7\/Kapat\"><span class=\"ez-toc-js-icon-con\"><span class=\"\"><span class=\"eztoc-hide\" style=\"display:none;\">Ge\u00e7i\u015f<\/span><span class=\"ez-toc-icon-toggle-span\"><svg style=\"fill: #999;color:#999\" xmlns=\"http:\/\/www.w3.org\/2000\/svg\" class=\"list-377408\" width=\"20px\" height=\"20px\" viewbox=\"0 0 24 24\" fill=\"none\"><path d=\"M6 6H4v2h2V6zm14 0H8v2h12V6zM4 11h2v2H4v-2zm16 0H8v2h12v-2zM4 16h2v2H4v-2zm16 0H8v2h12v-2z\" fill=\"currentColor\"><\/path><\/svg><svg style=\"fill: #999;color:#999\" class=\"arrow-unsorted-368013\" xmlns=\"http:\/\/www.w3.org\/2000\/svg\" width=\"10px\" height=\"10px\" viewbox=\"0 0 24 24\" version=\"1.2\" baseprofile=\"tiny\"><path d=\"M18.2 9.3l-6.2-6.3-6.2 6.3c-.2.2-.3.4-.3.7s.1.5.3.7c.2.2.4.3.7.3h11c.3 0 .5-.1.7-.3.2-.2.3-.5.3-.7s-.1-.5-.3-.7zM5.8 14.7l6.2 6.3 6.2-6.3c.2-.2.3-.5.3-.7s-.1-.5-.3-.7c-.2-.2-.4-.3-.7-.3h-11c-.3 0-.5.1-.7.3-.2.2-.3.5-.3.7s.1.5.3.7z\"\/><\/svg><\/span><\/span><\/span><\/a><\/span><\/div>\n<nav><ul class='ez-toc-list ez-toc-list-level-1 eztoc-toggle-hide-by-default' ><li class='ez-toc-page-1 ez-toc-heading-level-2'><a class=\"ez-toc-link ez-toc-heading-1\" href=\"https:\/\/moverdb.com\/tr\/moving-to-switzerland\/moving-to-geneva\/#1_Moving_and_Shipping_Costs_to_Geneva\" >1. Cenevre'ye Ta\u015f\u0131nma ve Nakliye Maliyetleri<\/a><\/li><li class='ez-toc-page-1 ez-toc-heading-level-2'><a class=\"ez-toc-link ez-toc-heading-2\" href=\"https:\/\/moverdb.com\/tr\/moving-to-switzerland\/moving-to-geneva\/#2_Geneva_Housing_Costs\" >2. Cenevre Konut Maliyetleri<\/a><\/li><li class='ez-toc-page-1 ez-toc-heading-level-2'><a class=\"ez-toc-link ez-toc-heading-3\" href=\"https:\/\/moverdb.com\/tr\/moving-to-switzerland\/moving-to-geneva\/#3_Geneva_Food_Grocery_and_Restaurant_Cost\" >3. Cenevre G\u0131da, Bakkal ve Restoran Maliyetleri<\/a><\/li><li class='ez-toc-page-1 ez-toc-heading-level-2'><a class=\"ez-toc-link ez-toc-heading-4\" href=\"https:\/\/moverdb.com\/tr\/moving-to-switzerland\/moving-to-geneva\/#4_Geneva_Alcohol_Costs\" >4. Cenevre Alkol Maliyetleri<\/a><\/li><li class='ez-toc-page-1 ez-toc-heading-level-2'><a class=\"ez-toc-link ez-toc-heading-5\" href=\"https:\/\/moverdb.com\/tr\/moving-to-switzerland\/moving-to-geneva\/#5_Geneva_Transportation_Fares\" >5. Cenevre Ula\u015f\u0131m \u00dccretleri<\/a><\/li><li class='ez-toc-page-1 ez-toc-heading-level-2'><a class=\"ez-toc-link ez-toc-heading-6\" href=\"https:\/\/moverdb.com\/tr\/moving-to-switzerland\/moving-to-geneva\/#6_Cost_of_Internet_in_Geneva\" >6. Cenevre'de \u0130nternet Maliyeti<\/a><\/li><li class='ez-toc-page-1 ez-toc-heading-level-2'><a class=\"ez-toc-link ez-toc-heading-7\" href=\"https:\/\/moverdb.com\/tr\/moving-to-switzerland\/moving-to-geneva\/#7_Cost_of_Clothing_Personal_Items_Gym_and_Leisure\" >7. Giyim, Ki\u015fisel E\u015fyalar, Spor Salonu ve Bo\u015f Zamanlar\u0131n Maliyeti<\/a><\/li><li class='ez-toc-page-1 ez-toc-heading-level-2'><a class=\"ez-toc-link ez-toc-heading-8\" href=\"https:\/\/moverdb.com\/tr\/moving-to-switzerland\/moving-to-geneva\/#8_Cost_of_Owning_a_Car_and_Driving_a_Car_in_Geneva\" >8. Cenevre'de Ara\u00e7 Sahibi Olman\u0131n ve Ara\u00e7 Kullanman\u0131n Maliyeti<\/a><\/li><li class='ez-toc-page-1 ez-toc-heading-level-2'><a class=\"ez-toc-link ez-toc-heading-9\" href=\"https:\/\/moverdb.com\/tr\/moving-to-switzerland\/moving-to-geneva\/#9_Taxes_in_Geneva\" >9. Cenevre'de Vergiler<\/a><\/li><li class='ez-toc-page-1 ez-toc-heading-level-2'><a class=\"ez-toc-link ez-toc-heading-10\" href=\"https:\/\/moverdb.com\/tr\/moving-to-switzerland\/moving-to-geneva\/#10_Flight_Costs_from_Geneva\" >10. Cenevre U\u00e7u\u015f Maliyetleri<\/a><ul class='ez-toc-list-level-3' ><li class='ez-toc-heading-level-3'><a class=\"ez-toc-link ez-toc-heading-11\" href=\"https:\/\/moverdb.com\/tr\/moving-to-switzerland\/moving-to-geneva\/#11_Moving_to_Geneva_Alone\" >11. Cenevre'ye Yaln\u0131z Ta\u015f\u0131nmak<\/a><\/li><li class='ez-toc-page-1 ez-toc-heading-level-3'><a class=\"ez-toc-link ez-toc-heading-12\" href=\"https:\/\/moverdb.com\/tr\/moving-to-switzerland\/moving-to-geneva\/#12_Moving_to_Geneva_with_a_Family\" >12. Cenevre'ye Aile ile Ta\u015f\u0131nma<\/a><\/li><li class='ez-toc-page-1 ez-toc-heading-level-3'><a class=\"ez-toc-link ez-toc-heading-13\" href=\"https:\/\/moverdb.com\/tr\/moving-to-switzerland\/moving-to-geneva\/#13_Moving_to_Geneva_for_Work\" >13. \u0130\u015f i\u00e7in Cenevre'ye Ta\u015f\u0131nma<\/a><\/li><li class='ez-toc-page-1 ez-toc-heading-level-3'><a class=\"ez-toc-link ez-toc-heading-14\" href=\"https:\/\/moverdb.com\/tr\/moving-to-switzerland\/moving-to-geneva\/#14_Moving_to_Geneva_from_Australia\" >14. Avustralya'dan Cenevre'ye ta\u015f\u0131nmak<\/a><\/li><li class='ez-toc-page-1 ez-toc-heading-level-3'><a class=\"ez-toc-link ez-toc-heading-15\" href=\"https:\/\/moverdb.com\/tr\/moving-to-switzerland\/moving-to-geneva\/#15_Moving_to_Geneva_from_Canada\" >15. Kanada'dan Cenevre'ye ta\u015f\u0131nma<\/a><\/li><li class='ez-toc-page-1 ez-toc-heading-level-3'><a class=\"ez-toc-link ez-toc-heading-16\" href=\"https:\/\/moverdb.com\/tr\/moving-to-switzerland\/moving-to-geneva\/#16_Moving_to_Geneva_from_the_United_States\" >16.  Amerika Birle\u015fik Devletleri'nden Cenevre'ye ta\u015f\u0131nmak<\/a><\/li><li class='ez-toc-page-1 ez-toc-heading-level-3'><a class=\"ez-toc-link ez-toc-heading-17\" href=\"https:\/\/moverdb.com\/tr\/moving-to-switzerland\/moving-to-geneva\/#17_Moving_to_Geneva_from_the_United_Kingdom\" >17.  Birle\u015fik Krall\u0131k'tan Cenevre'ye ta\u015f\u0131nmak<\/a><\/li><\/ul><\/li><li class='ez-toc-page-1 ez-toc-heading-level-2'><a class=\"ez-toc-link ez-toc-heading-18\" href=\"https:\/\/moverdb.com\/tr\/moving-to-switzerland\/moving-to-geneva\/#Other_Useful_Guides_to_Switzerland\" >\u0130svi\u00e7re i\u00e7in Di\u011fer Faydal\u0131 Rehberler<\/a><\/li><\/ul><\/nav><\/div>\n<h2><span class=\"ez-toc-section\" id=\"1_Moving_and_Shipping_Costs_to_Geneva\"><\/span>1. Cenevre'ye Ta\u015f\u0131nma ve Nakliye Maliyetleri<span class=\"ez-toc-section-end\"><\/span><\/h2>\n<p>\u0130\u015fte di\u011fer b\u00fcy\u00fck Avrupa \u015fehirlerinden Cenevre'ye ta\u015f\u0131nman\u0131n baz\u0131 tahmini maliyetleri. <\/p>\n<p>Ayr\u0131ca \u015fu k\u0131lavuzlar\u0131m\u0131za da bakabilirsiniz <a href=\"https:\/\/moverdb.com\/tr\/konteyner-tasimaciligi\/isvicre\/\">\u0130svi\u00e7re'ye Konteyner Nakliye Fiyatlar\u0131<\/a> ve <a href=\"https:\/\/moverdb.com\/tr\/tasinma-si%cc%87rketleri%cc%87\/moving-companies-switzerland\/\">\u0130svi\u00e7re'deki En \u0130yi Uluslararas\u0131 Nakliye \u015eirketleri<\/a> daha uzaktaki hamleler i\u00e7in.<\/p>\n<table style=\"border: 1px solid black; border-collapse: collapse;\">\n<tr>\n<th style=\"border: 1px solid black; padding: 10px;\">\u015eehirden<\/th>\n<th style=\"border: 1px solid black; padding: 10px;\">Tahmini Maliyet<\/th>\n<\/tr>\n<tr>\n<td style=\"border: 1px solid black; padding: 10px;\">Londra'da, <a href=\"https:\/\/moverdb.com\/tr\/moving-to-the-uk\/\" data-internallinksmanager029f6b8e52c=\"93\" title=\"Birle\u015fik Krall\u0131k&#039;a m\u0131 ta\u015f\u0131n\u0131yorsunuz? 2026 Ya\u015fam Maliyetleri &amp; Yer De\u011fi\u015ftirme \u0130pu\u00e7lar\u0131\">BIRLE\u015eIK KRALLIK<\/a><\/td>\n<td style=\"border: 1px solid black; padding: 10px;\">1,600 CHF<\/td>\n<\/tr>\n<tr>\n<td style=\"border: 1px solid black; padding: 10px;\"><a href=\"https:\/\/moverdb.com\/tr\/moving-to-france\/moving-to-paris\/\" data-internallinksmanager029f6b8e52c=\"407\" title=\"Paris&#039;e mi Ta\u015f\u0131n\u0131yorsunuz? 2026 Ya\u015fam Maliyetleri &amp; Yer De\u011fi\u015ftirme \u0130pu\u00e7lar\u0131\">Paris<\/a>, <a href=\"https:\/\/moverdb.com\/tr\/moving-to-france\/\" data-internallinksmanager029f6b8e52c=\"315\" title=\"Fransa&#039;ya m\u0131 ta\u015f\u0131n\u0131yorsunuz? 2026 Ya\u015fam Maliyetleri &amp; Yer De\u011fi\u015ftirme \u0130pu\u00e7lar\u0131\">Fransa<\/a><\/td>\n<td style=\"border: 1px solid black; padding: 10px;\">1,300 CHF<\/td>\n<\/tr>\n<tr>\n<td style=\"border: 1px solid black; padding: 10px;\">Berlin'de, <a href=\"https:\/\/moverdb.com\/tr\/moving-to-germany\/\" data-internallinksmanager029f6b8e52c=\"321\" title=\"Almanya&#039;ya m\u0131 ta\u015f\u0131n\u0131yorsunuz? 2026 Ya\u015fam Maliyetleri &amp; Yer De\u011fi\u015ftirme \u0130pu\u00e7lar\u0131\">Almanya<\/a><\/td>\n<td style=\"border: 1px solid black; padding: 10px;\">1,900 CHF<\/td>\n<\/tr>\n<tr>\n<td style=\"border: 1px solid black; padding: 10px;\">Roma'da, <a href=\"https:\/\/moverdb.com\/tr\/moving-to-italy\/\" data-internallinksmanager029f6b8e52c=\"346\" title=\"\u0130talya&#039;ya m\u0131 Ta\u015f\u0131n\u0131yorsunuz? 2026 Ya\u015fam Maliyetleri &amp; Yer De\u011fi\u015ftirme \u0130pu\u00e7lar\u0131\">\u0130talya<\/a><\/td>\n<td style=\"border: 1px solid black; padding: 10px;\">1,700 CHF<\/td>\n<\/tr>\n<tr>\n<td style=\"border: 1px solid black; padding: 10px;\">Amsterdam, <a href=\"https:\/\/moverdb.com\/tr\/moving-to-the-netherlands\/\" data-internallinksmanager029f6b8e52c=\"328\" title=\"Hollanda&#039;ya m\u0131 ta\u015f\u0131n\u0131yorsunuz? 2026 Ya\u015fam Maliyetleri ve Yer De\u011fi\u015ftirme \u0130pu\u00e7lar\u0131\">Hollanda<\/a><\/td>\n<td style=\"border: 1px solid black; padding: 10px;\">1,500 CHF<\/td>\n<\/tr>\n<tr>\n<td style=\"border: 1px solid black; padding: 10px;\">Stockholm, <a href=\"https:\/\/moverdb.com\/tr\/moving-to-sweden\/\" data-internallinksmanager029f6b8e52c=\"326\" title=\"\u0130sve\u00e7&#039;e mi ta\u015f\u0131n\u0131yorsunuz? 2026 Ya\u015fam Maliyetleri &amp; Yer De\u011fi\u015ftirme \u0130pu\u00e7lar\u0131\">\u0130sve\u00e7<\/a><\/td>\n<td style=\"border: 1px solid black; padding: 10px;\">2,100 CHF<\/td>\n<\/tr>\n<tr>\n<td style=\"border: 1px solid black; padding: 10px;\">Viyana'ya, <a href=\"https:\/\/moverdb.com\/tr\/moving-to-austria\/\" data-internallinksmanager029f6b8e52c=\"343\" title=\"Avusturya&#039;ya m\u0131 Ta\u015f\u0131n\u0131yorsunuz? 2026 Ya\u015fam Maliyetleri &amp; Yer De\u011fi\u015ftirme \u0130pu\u00e7lar\u0131\">Avusturya<\/a><\/td>\n<td style=\"border: 1px solid black; padding: 10px;\">1,800 CHF<\/td>\n<\/tr>\n<tr>\n<td style=\"border: 1px solid black; padding: 10px;\">Var\u015fova, <a href=\"https:\/\/moverdb.com\/tr\/moving-to-poland\/\" data-internallinksmanager029f6b8e52c=\"378\" title=\"Polonya&#039;ya m\u0131 Ta\u015f\u0131n\u0131yorsunuz? 2026 Ya\u015fam Maliyetleri &amp; Yer De\u011fi\u015ftirme \u0130pu\u00e7lar\u0131\">Polonya<\/a><\/td>\n<td style=\"border: 1px solid black; padding: 10px;\">1,400 CHF<\/td>\n<\/tr>\n<tr>\n<td style=\"border: 1px solid black; padding: 10px;\">Lizbon, <a href=\"https:\/\/moverdb.com\/tr\/moving-to-portugal\/\" data-internallinksmanager029f6b8e52c=\"316\" title=\"Portekiz&#039;e mi ta\u015f\u0131n\u0131yorsunuz? 2026 Ya\u015fam Maliyetleri &amp; Yer De\u011fi\u015ftirme \u0130pu\u00e7lar\u0131\">Portekiz<\/a><\/td>\n<td style=\"border: 1px solid black; padding: 10px;\">1,500 CHF<\/td>\n<\/tr>\n<tr>\n<td style=\"border: 1px solid black; padding: 10px;\"><a href=\"https:\/\/moverdb.com\/tr\/moving-to-switzerland\/moving-to-zurich\/\" data-internallinksmanager029f6b8e52c=\"418\" title=\"Z\u00fcrih&#039;e mi ta\u015f\u0131n\u0131yorsunuz? 2026 Ya\u015fam Maliyetleri &amp; Yer De\u011fi\u015ftirme \u0130pu\u00e7lar\u0131\">Z\u00fcrih<\/a>, \u0130svi\u00e7re<\/td>\n<td style=\"border: 1px solid black; padding: 10px;\">1,000 CHF<\/td>\n<\/tr>\n<\/table>\n<h2><span class=\"ez-toc-section\" id=\"2_Geneva_Housing_Costs\"><\/span>2. Cenevre Konut Maliyetleri<span class=\"ez-toc-section-end\"><\/span><\/h2>\n<p><span style=\"font-weight: 400;\">Cenevre'deki ev ve daire fiyatlar\u0131 d\u00fcnyan\u0131n en pahal\u0131lar\u0131 aras\u0131ndad\u0131r. Fiyatlar elbette b\u00f6lgeden b\u00f6lgeye de\u011fi\u015fmektedir, ancak a\u015fa\u011f\u0131daki rakamlar neyin hangi fiyata mevcut oldu\u011funu g\u00f6sterecektir.<\/span><\/p>\n<p><b>Cenevre'de Ayl\u0131k Kira Fiyatlar\u0131:<\/b><\/p>\n<ul>\n<li><span style=\"font-weight: 400;\">\u015eehir Merkezinde 1 yatak odal\u0131 daire (apartman):<\/span><b> 2,070 CHF+<\/b><\/li>\n<li><span style=\"font-weight: 400;\">\u015eehir Merkezinin d\u0131\u015f\u0131nda 1 yatak odal\u0131 daire: <\/span><b>1,720 CHF+<\/b><\/li>\n<li><span style=\"font-weight: 400;\">\u015eehir Merkezinde 3 yatak odal\u0131 daire: <\/span><b>4,150 CHF+<\/b><\/li>\n<li><span style=\"font-weight: 400;\">\u015eehir Merkezinin d\u0131\u015f\u0131nda 3 yatak odal\u0131 daire: <\/span><b>3,000 CHF+<\/b><\/li>\n<\/ul>\n<p><b>Cenevre Ev Sat\u0131n Alma Fiyatlar\u0131:<\/b><\/p>\n<ul>\n<li><span style=\"font-weight: 400;\">\u015eehir Merkezinde sat\u0131n almak i\u00e7in metrekare ba\u015f\u0131na fiyat (10,7 feet kare): <\/span><b>16,500 CHF+<\/b><\/li>\n<li><span style=\"font-weight: 400;\">\u015eehir d\u0131\u015f\u0131nda sat\u0131n almak i\u00e7in metrekare ba\u015f\u0131na fiyat (10,7 fit kare): <\/span><b>11,450 CHF+<\/b><\/li>\n<\/ul>\n<p><b>Cenevre Konut Maliyeti Kar\u015f\u0131la\u015ft\u0131rmas\u0131:<\/b><\/p>\n<p><span style=\"font-weight: 400;\">Cenevre'deki kiralar\u0131n d\u00fcnyadaki di\u011fer \u015fehirlerle kar\u015f\u0131la\u015ft\u0131rmas\u0131.<\/span><\/p>\n<ul>\n<li><b>Londra <\/b><span style=\"font-weight: 400;\">0,8% daha pahal\u0131d\u0131r<\/span><\/li>\n<li><b><a href=\"https:\/\/moverdb.com\/tr\/moving-to-the-united-states\/moving-to-new-york\/\" data-internallinksmanager029f6b8e52c=\"332\" title=\"New York&#039;a (Eyalet) m\u0131 Ta\u015f\u0131n\u0131yorsunuz? 2026 Ya\u015fam Maliyetleri &amp; Yer De\u011fi\u015ftirme \u0130pu\u00e7lar\u0131\">New York<\/a> <\/b><span style=\"font-weight: 400;\">32.6% daha pahal\u0131d\u0131r<\/span><\/li>\n<li><b><a href=\"https:\/\/moverdb.com\/tr\/moving-to-los-angeles\/\" data-internallinksmanager029f6b8e52c=\"51\" title=\"Los Angeles&#039;a m\u0131 ta\u015f\u0131n\u0131yorsunuz? 2026 LA Ya\u015fam Maliyetleri ve Yer De\u011fi\u015ftirme \u0130pu\u00e7lar\u0131\">Los Angeles<\/a> <\/b><span style=\"font-weight: 400;\">7.7% daha pahal\u0131<\/span><\/li>\n<li><b><a href=\"https:\/\/moverdb.com\/tr\/moving-to-toronto\/\" data-internallinksmanager029f6b8e52c=\"71\" title=\"Toronto&#039;ya m\u0131 ta\u015f\u0131n\u0131yorsunuz? 2026 Ya\u015fam Maliyetleri &amp; Yer De\u011fi\u015ftirme \u0130pu\u00e7lar\u0131\">Toronto<\/a> <\/b><span style=\"font-weight: 400;\">40.4% daha ucuzdur<\/span><\/li>\n<li><b><a href=\"https:\/\/moverdb.com\/tr\/moving-to-canada\/moving-to-vancouver\/\" data-internallinksmanager029f6b8e52c=\"438\" title=\"Vancouver&#039;a m\u0131 ta\u015f\u0131n\u0131yorsunuz? 2026 Ya\u015fam Maliyetleri ve Yer De\u011fi\u015ftirme \u0130pu\u00e7lar\u0131\">Vancouver<\/a><\/b><span style=\"font-weight: 400;\"> 30.4% daha ucuzdur<\/span><\/li>\n<li><b><a href=\"https:\/\/moverdb.com\/tr\/moving-to-sydney\/\" data-internallinksmanager029f6b8e52c=\"70\" title=\"Sidney&#039;e mi Ta\u015f\u0131n\u0131yorsunuz? 2026 Ya\u015fam Maliyetleri &amp; Yer De\u011fi\u015ftirme \u0130pu\u00e7lar\u0131\">Sidney<\/a> <\/b><span style=\"font-weight: 400;\">20.1% daha m\u0131 ucuz?<\/span><\/li>\n<li><b>Melbourne <\/b><span style=\"font-weight: 400;\">69% daha m\u0131 ucuz?<\/span><\/li>\n<li><b>Paris <\/b><span style=\"font-weight: 400;\">56.9% daha ucuzdur<\/span><\/li>\n<li><b><a href=\"https:\/\/moverdb.com\/tr\/moving-to-dubai\/\" data-internallinksmanager029f6b8e52c=\"246\" title=\"Dubai&#039;ye Ta\u015f\u0131nmak m\u0131? 2026 Ya\u015fam Maliyetleri ve Yer De\u011fi\u015ftirme \u0130pu\u00e7lar\u0131\">Dubai<\/a> <\/b><span style=\"font-weight: 400;\">40.1% daha ucuz.<\/span><\/li>\n<\/ul>\n<p><em><b>Kaynak: <\/b><a href=\"https:\/\/www.numbeo.com\/cost-of-living\/in\/Geneva\" target=\"_blank\" rel=\"noopener\"><span style=\"font-weight: 400;\">Numbeo<\/span><\/a><\/em><\/p>\n<p><b>Konut Maliyetlerinden Nas\u0131l Tasarruf Edilir?<\/b><\/p>\n<ul>\n<li style=\"font-weight: 400;\" aria-level=\"1\"><b>Bir Daireyi veya Evi Payla\u015f\u0131n: <\/b><span style=\"font-weight: 400;\">D\u00fcnyada kira maliyetlerinin bu kadar y\u00fcksek oldu\u011fu her \u015fehirde oldu\u011fu gibi Cenevre'de de ev ve daire payla\u015f\u0131m\u0131 \u00e7ok pop\u00fclerdir. Ev\/daire payla\u015f\u0131m\u0131nda kendinize ait bir odan\u0131z olur veya daha ucuz bir se\u00e7enek olarak bir oday\u0131 payla\u015fabilirsiniz. Banyo\/lar evdeki\/dairedeki di\u011fer insanlarla payla\u015f\u0131lacakt\u0131r.   Bir g\u00f6z at\u0131n <\/span><a href=\"https:\/\/en-za.roomlala.com\/rent\/CH-Switzerland\/geneva\" target=\"_blank\" rel=\"noopener\"><span style=\"font-weight: 400;\">RoomLaLa<\/span><\/a><span style=\"font-weight: 400;\">, <\/span><a href=\"https:\/\/housing.justlanded.com\/en\/Switzerland_Geneva\/Flatshare\" target=\"_blank\" rel=\"noopener\"><span style=\"font-weight: 400;\">Yeni \u0130ndi<\/span><\/a><span style=\"font-weight: 400;\"> ve <\/span><a href=\"http:\/\/flatsforexpats.com\/preview-offers\/geneva\" target=\"_blank\" rel=\"noopener\"><span style=\"font-weight: 400;\">Gurbet\u00e7iler i\u00e7in Daireler<\/span><\/a><span style=\"font-weight: 400;\"> ve masraflar\u0131 sizinle payla\u015facak anla\u015fabilece\u011finiz birini bulun.<\/span><\/li>\n<li style=\"font-weight: 400;\" aria-level=\"1\"><b>Farkl\u0131 Alanlar - Farkl\u0131 Fiyatlar: <\/b><span style=\"font-weight: 400;\">Cenevre'de konaklama imkanlar\u0131 k\u0131s\u0131tl\u0131d\u0131r ve mevcut olanlar da y\u00fcksek fiyatlara sat\u0131lmaktad\u0131r. Bir\u00e7ok gurbet\u00e7i, daha fazla konut se\u00e7ene\u011finin ve daha makul fiyatlar\u0131n bulundu\u011fu Fransa s\u0131n\u0131r\u0131n\u0131n hemen \u00f6tesinde ya\u015famay\u0131 tercih etmektedir. Cenevre'nin merkezi, ya\u015famak i\u00e7in en pahal\u0131 b\u00f6lgedir. M\u00fckemmel restoranlar\u0131n, barlar\u0131n ve gece kul\u00fcplerinin tad\u0131n\u0131 \u00e7\u0131karan, uygun derecede y\u00fcksek gelire sahip profesyoneller taraf\u0131ndan olduk\u00e7a ra\u011fbet g\u00f6rmektedir. Bir\u00e7ok \u015firketin merkez ofisi Acacias'ta bulunmaktad\u0131r, bu nedenle ya\u015fam alanlar\u0131 k\u00fc\u00e7\u00fck ve pahal\u0131 olsa da \u00e7al\u0131\u015fanlar bu b\u00f6lgede ya\u015famaktan keyif almaktad\u0131r. Paquis gurbet\u00e7iler aras\u0131nda \u00e7ok pop\u00fclerdir. \u0130lgin\u00e7 restoranlar ve e\u011flence se\u00e7enekleri ile yo\u011fun bir kozmopolit b\u00f6lgedir. Yelpazenin di\u011fer ucunda, daha b\u00fcy\u00fck ve daha uygun fiyatl\u0131 m\u00fclk se\u00e7enekleri sunan Champe, Malagnou ve Florissant'\u0131n daha sessiz b\u00f6lgeleri bulunmaktad\u0131r. Grottes, Saint Gervais, Cologny ve Chenes Bougeries aileler taraf\u0131ndan tercih edilen b\u00f6lgelerdir.\u00a0<\/span><\/li>\n<\/ul>\n<h2><span class=\"ez-toc-section\" id=\"3_Geneva_Food_Grocery_and_Restaurant_Cost\"><\/span>3. Cenevre G\u0131da, Bakkal ve Restoran Maliyetleri<span class=\"ez-toc-section-end\"><\/span><\/h2>\n<p><img loading=\"lazy\" decoding=\"async\" class=\"alignnone size-full wp-image-7896\" src=\"https:\/\/moverdb.com\/wp-content\/uploads\/moving-to-geneva-2.jpg\" alt=\"\" width=\"1000\" height=\"668\" data-wp-pid=\"7896\" srcset=\"https:\/\/moverdb.com\/wp-content\/uploads\/moving-to-geneva-2.jpg 1000w, https:\/\/moverdb.com\/wp-content\/uploads\/moving-to-geneva-2-300x200.jpg 300w, https:\/\/moverdb.com\/wp-content\/uploads\/moving-to-geneva-2-18x12.jpg 18w, https:\/\/moverdb.com\/wp-content\/uploads\/moving-to-geneva-2-600x401.jpg 600w\" sizes=\"auto, (max-width: 1000px) 100vw, 1000px\" \/><span style=\"font-weight: 400;\">Cenevre, hem geleneksel \u0130svi\u00e7re hem de uluslararas\u0131 restoranlardan olu\u015fan geni\u015f bir yelpazeye sahiptir. Standartlar y\u00fcksektir ve fiyatlar da buna uygundur.<\/span><\/p>\n<ul>\n<li><b>\u00a0Ucuz Restoran: <\/b><span style=\"font-weight: 400;\">CHF<\/span> <span style=\"font-weight: 400;\">25.00 - 30.00 CHF\u00a0<\/span><\/li>\n<li><b>\u00a0Paket kahve: <\/b><span style=\"font-weight: 400;\">CHF 4.50 - CHF 5.00\u00a0<\/span><\/li>\n<li><b>\u00a0Bir \u015fi\u015fe kola: <\/b><span style=\"font-weight: 400;\">CHF 3.90 - CHF 5.00\u00a0<\/span><\/li>\n<li><b>\u00a01 litre s\u00fct: <\/b><span style=\"font-weight: 400;\">CHF 1.60 - CHF 2.00\u00a0<\/span><\/li>\n<li><b>\u00a0Bir somun ekmek: <\/b><span style=\"font-weight: 400;\">CHF 2.80 - CHF 3.50\u00a0<\/span><\/li>\n<li><b>\u00a012 Yumurta: <\/b><span style=\"font-weight: 400;\">CHF<\/span> <span style=\"font-weight: 400;\">5.30 - 9.00 CHF\u00a0<\/span><\/li>\n<li><b>\u00a01kg Tavuk<\/b><span style=\"font-weight: 400;\">: CHF 22.00 - CHF 35.00\u00a0<\/span><\/li>\n<li><b>\u00a01 kg s\u0131\u011f\u0131r eti: <\/b><span style=\"font-weight: 400;\">CHF<\/span> <span style=\"font-weight: 400;\">45.00 - 70.00 CHF\u00a0<\/span><\/li>\n<li><b>\u00a01kg Elma: <\/b><span style=\"font-weight: 400;\">CHF 3.50 -CHF 6.50\u00a0<\/span><\/li>\n<li><b>\u00a01kg Beyaz Pirin\u00e7<\/b><span style=\"font-weight: 400;\">: CHF 2.70 - CHF 5.00\u00a0<\/span><\/li>\n<\/ul>\n<p><span style=\"font-weight: 400;\">Restoran ve g\u0131da fiyatlar\u0131n\u0131n d\u00fcnyadaki di\u011fer b\u00fcy\u00fck \u015fehirlerle kar\u015f\u0131la\u015ft\u0131rmas\u0131.<\/span><\/p>\n<ul>\n<li><b>New York <\/b><span style=\"font-weight: 400;\">Cenevre'ye k\u0131yasla restoranlar 16,2%, bakkaliye \u00fcr\u00fcnleri ise 1,9% daha ucuzdur.<\/span><\/li>\n<li><b>Los Angeles <\/b><span style=\"font-weight: 400;\">Cenevre'ye k\u0131yasla restoranlar 28,5%, bakkaliye \u00fcr\u00fcnleri ise 32,3% daha ucuzdur.<\/span><\/li>\n<li><b>Londra <\/b><span style=\"font-weight: 400;\">Cenevre'ye k\u0131yasla restoranlar 44,1%, bakkaliye \u00fcr\u00fcnleri ise 82,1% daha ucuzdur.<\/span><\/li>\n<li><b>Toronto <\/b><span style=\"font-weight: 400;\">Cenevre'ye k\u0131yasla restoranlar 56,6%, bakkaliye \u00fcr\u00fcnleri ise 51,6% daha ucuzdur.<\/span><\/li>\n<li><b>Vancouver <\/b><span style=\"font-weight: 400;\">Cenevre'ye k\u0131yasla restoranlar 60,7%, bakkaliye \u00fcr\u00fcnleri ise 44,6% daha ucuzdur.<\/span><\/li>\n<li><b>Sidney <\/b><span style=\"font-weight: 400;\">Cenevre'ye k\u0131yasla restoranlar 49,8%, bakkaliye \u00fcr\u00fcnleri ise 29,9% daha ucuzdur.<\/span><\/li>\n<li><b>Melbourne <\/b><span style=\"font-weight: 400;\">Cenevre'ye k\u0131yasla restoranlar 55,5%, bakkaliye \u00fcr\u00fcnleri ise 28,4% daha ucuzdur.<\/span><\/li>\n<li><b>Paris <\/b><span style=\"font-weight: 400;\">Cenevre'ye k\u0131yasla restoranlar 67,5%, bakkaliye \u00fcr\u00fcnleri ise 36,2% daha ucuzdur.<\/span><\/li>\n<li><b>Dubai <\/b><span style=\"font-weight: 400;\">Cenevre'ye k\u0131yasla restoranlar 62,4%, bakkaliye \u00fcr\u00fcnleri ise 108,3% daha ucuzdur.<\/span><\/li>\n<\/ul>\n<p><em><b>Kaynak<\/b><span style=\"font-weight: 400;\">: <\/span><a href=\"https:\/\/www.numbeo.com\/cost-of-living\/in\/Geneva\" target=\"_blank\" rel=\"noopener\"><span style=\"font-weight: 400;\">Numbeo<\/span><\/a><\/em><\/p>\n<p><b>Daha Ucuz Yiyecek, Restoran ve Bakkaliye i\u00e7in Bonus \u0130pu\u00e7lar\u0131:<\/b><\/p>\n<ul>\n<li style=\"font-weight: 400;\" aria-level=\"1\"><b>S\u00fcpermarketlerinizi Tan\u0131y\u0131n<\/b><b>: <\/b><a href=\"https:\/\/www.manor.ch\/de\" target=\"_blank\" rel=\"noopener\"><span style=\"font-weight: 400;\">Manor S\u00fcpermarketleri<\/span><\/a> <span style=\"font-weight: 400;\">genellikle en pahal\u0131 s\u00fcpermarketlerdir ve burada \u00f6zel, l\u00fcks \u00fcr\u00fcnler bulabilirsiniz. <\/span><a href=\"https:\/\/filialen.migros.ch\/de\/migros-supermarkt-zuerich-bahnhof-enge\" target=\"_blank\" rel=\"noopener\"><span style=\"font-weight: 400;\">Migros<\/span><\/a><span style=\"font-weight: 400;\"> \u0130svi\u00e7re'nin en b\u00fcy\u00fck s\u00fcpermarket zinciridir ve <\/span><a href=\"http:\/\/www.coop.ch\/en\/about-us\/company.html\" target=\"_blank\" rel=\"noopener\"><span style=\"font-weight: 400;\">Coop<\/span><\/a><span style=\"font-weight: 400;\"> ve <\/span><a href=\"https:\/\/www.volg.ch\/\" target=\"_blank\" rel=\"noopener\"><span style=\"font-weight: 400;\">Volg<\/span><\/a><span style=\"font-weight: 400;\"> fiyatlar s\u00f6z konusu oldu\u011funda yolun ortas\u0131n\u0131 olu\u015fturur. <\/span><a href=\"https:\/\/www.denner.ch\/de\/\" target=\"_blank\" rel=\"noopener\"><span style=\"font-weight: 400;\">Denner<\/span><\/a><span style=\"font-weight: 400;\"> \u0130svi\u00e7re'nin en b\u00fcy\u00fck \u00fc\u00e7\u00fcnc\u00fc s\u00fcpermarket zinciridir ve fiyatlar\u0131 da makuld\u00fcr. <\/span><a href=\"https:\/\/www.aldi.com\" target=\"_blank\" rel=\"noopener\"><span style=\"font-weight: 400;\">Aldi<\/span><\/a><span style=\"font-weight: 400;\">, <\/span><a href=\"https:\/\/www.lidl.ch\/de\/index.htm\" target=\"_blank\" rel=\"noopener\"><span style=\"font-weight: 400;\">Lidl<\/span><\/a><span style=\"font-weight: 400;\"> ve <\/span><a href=\"http:\/\/spar-international.com\/country\/switzerland\/\" target=\"_blank\" rel=\"noopener\"><span style=\"font-weight: 400;\">Spar<\/span><\/a><span style=\"font-weight: 400;\"> \u0130svi\u00e7re'deki en ucuz s\u00fcpermarketlerdir.  Cenevre ayr\u0131ca \u00e7ift\u00e7i pazarlar\u0131ndan da pay\u0131n\u0131 almaktad\u0131r. Bunlar\u0131n en b\u00fcy\u00fc\u011f\u00fc ve en \u00fcnl\u00fcs\u00fc Sal\u0131, Per\u015fembe ve Pazar g\u00fcnleri d\u00fczenlenen ve nefis yiyeceklerin sat\u0131ld\u0131\u011f\u0131 Plainpalais \u00e7ift\u00e7i pazar\u0131d\u0131r. Eaux-Vives \u00e7ift\u00e7i pazar\u0131 yerel \u00fcr\u00fcnleri sergiler ve a\u011f\u0131rl\u0131kl\u0131 olarak meyve ve sebze pazar\u0131d\u0131r.<\/span><\/li>\n<li style=\"font-weight: 400;\" aria-level=\"1\"><b>Ucuz Yemekler Bulun:<\/b><span style=\"font-weight: 400;\">\u00a0Cenevre'de yemek i\u00e7in ucuz bir yer bulmak kolay bir i\u015f de\u011fildir. <\/span><a href=\"https:\/\/www.tripadvisor.com\/Travel-g188057-c65881\/Geneva:Switzerland:Cheap.Eats.html\" target=\"_blank\" rel=\"noopener\"><span style=\"font-weight: 400;\">Seyahat Dan\u0131\u015fman\u0131<\/span><\/a><span style=\"font-weight: 400;\">, <\/span><a href=\"https:\/\/www.tripsavvy.com\/geneva-on-a-budget-1508340\" target=\"_blank\" rel=\"noopener\"><span style=\"font-weight: 400;\">Trip Savvy<\/span><\/a><span style=\"font-weight: 400;\"> ve <\/span><a href=\"http:\/\/www.geneva.info\/budget\/\" target=\"_blank\" rel=\"noopener\"><span style=\"font-weight: 400;\">Cenevre Bilgileri<\/span><\/a><span style=\"font-weight: 400;\"> hepsinin uygun fiyatl\u0131 yemekler sunan restoran \u00f6nerileri var.<\/span><\/li>\n<\/ul>\n<h2><span class=\"ez-toc-section\" id=\"4_Geneva_Alcohol_Costs\"><\/span>4. Cenevre Alkol Maliyetleri<span class=\"ez-toc-section-end\"><\/span><\/h2>\n<p><span style=\"font-weight: 400;\">Cenevre'de \u00e7ok say\u0131da bar ve gece kul\u00fcb\u00fc bulunmaktad\u0131r. A\u015fa\u011f\u0131da, s\u00fcpermarket ve restoranlarda sat\u0131lan bira ve \u015faraplar\u0131n temel fiyatlar\u0131n\u0131 g\u00f6steren bir liste yer almaktad\u0131r.<\/span><\/p>\n<ul>\n<li><span style=\"font-weight: 400;\">Bir restoran\/barda bir bardak (0,6L) yerli bira: <\/span><b>CHF<\/b> <b>7.50 - 8.00 CHF\u00a0<\/b><\/li>\n<li><span style=\"font-weight: 400;\">Bir restoran\/barda bir \u015fi\u015fe ithal bira: <\/span><b>CHF 8.00 - CHF 8.50\u00a0<\/b><\/li>\n<li><span style=\"font-weight: 400;\">Bir s\u00fcpermarkette bir bardak (0,6L) yerli bira: <\/span><b>CHF 2.20 - CHF 3.00\u00a0<\/b><\/li>\n<li><span style=\"font-weight: 400;\">S\u00fcpermarketten bir \u015fi\u015fe ithal bira: <\/span><b>CHF 2.00 - CHF 4.00\u00a0<\/b><\/li>\n<li><span style=\"font-weight: 400;\">S\u00fcpermarketten orta s\u0131n\u0131f bir \u015fi\u015fe \u015farap: <\/span><b>CHF 12.50 - CHF 20.00\u00a0<\/b><\/li>\n<\/ul>\n<p><b>Cenevre'de Nas\u0131l Daha Az \u0130\u00e7ilir?<\/b><\/p>\n<ul>\n<li style=\"font-weight: 400;\" aria-level=\"1\"><span style=\"font-weight: 400;\">Hafta sonlar\u0131 ve resmi tatillerde \u00f6zel indirimler i\u00e7in yerel gazetelere ve web sitelerine g\u00f6z at\u0131n.<\/span><\/li>\n<li style=\"font-weight: 400;\" aria-level=\"1\"><a href=\"http:\/\/www.cheepadvisor.com\/city\/best-cheap-bars-geneva\" target=\"_blank\" rel=\"noopener\"><span style=\"font-weight: 400;\">Cheep Dan\u0131\u015fman\u0131<\/span><\/a><span style=\"font-weight: 400;\">, <\/span><a href=\"http:\/\/www.geneva.info\/budget\/\" target=\"_blank\" rel=\"noopener\"><span style=\"font-weight: 400;\">Cenevre Bilgileri<\/span><\/a><span style=\"font-weight: 400;\"> ve <\/span><a href=\"https:\/\/www.tripadvisor.co.uk\/ShowTopic-g188057-i389-k9734954-Cheap_eats_and_drinks_in_Geneva-Geneva.html\" target=\"_blank\" rel=\"noopener\"><span style=\"font-weight: 400;\">Seyahat Dan\u0131\u015fman\u0131<\/span><\/a><span style=\"font-weight: 400;\"> Cenevre'de daha ucuz i\u00e7ki bulmak i\u00e7in birka\u00e7 \u00f6nerimiz var. Ne yaz\u0131k ki Happy Hour bir \u0130svi\u00e7re gelene\u011fi de\u011fildir.<\/span><\/li>\n<li style=\"font-weight: 400;\" aria-level=\"1\"><span style=\"font-weight: 400;\">En iyi alkol f\u0131rsatlar\u0131n\u0131 bulmak i\u00e7in \u00fcniversite ve di\u011fer y\u00fcksek\u00f6\u011fretim kurumlar\u0131n\u0131n \u00e7evresindeki alanlar\u0131 ara\u015ft\u0131r\u0131n.<\/span><\/li>\n<\/ul>\n<h2><span class=\"ez-toc-section\" id=\"5_Geneva_Transportation_Fares\"><\/span>5. Cenevre Ula\u015f\u0131m \u00dccretleri<span class=\"ez-toc-section-end\"><\/span><\/h2>\n<p><span style=\"font-weight: 400;\">Cenevre, b\u00f6lgesel ve ulusal trenlerin i\u015fletildi\u011fi etkin bir sisteme sahiptir. <\/span><a href=\"https:\/\/www.sbb.ch\" target=\"_blank\" rel=\"noopener\"><span style=\"font-weight: 400;\">SBB<\/span><\/a><span style=\"font-weight: 400;\">ve d\u00fczenli olarak \u00e7al\u0131\u015fan ve t\u00fcm g\u00fczergahlar\u0131 kapsayan otob\u00fcsler, troleyb\u00fcsler ve tramvaylar taraf\u0131ndan i\u015fletilmektedir. <\/span><a href=\"http:\/\/www.tpg.ch\" target=\"_blank\" rel=\"noopener\"><span style=\"font-weight: 400;\">TPG<\/span><\/a><span style=\"font-weight: 400;\">.\u00a0\u00a0<\/span><\/p>\n<p><span style=\"font-weight: 400;\">\u0130\u015fte baz\u0131 \u00f6rnek bilet maliyetleri.<\/span><\/p>\n<ul>\n<li style=\"font-weight: 400;\" aria-level=\"1\"><span style=\"font-weight: 400;\"><strong>Yeti\u015fkin bekar<\/strong> - 3,00 CHF<\/span><\/li>\n<li style=\"font-weight: 400;\" aria-level=\"1\"><span style=\"font-weight: 400;\"><strong>Otob\u00fcs ve tramvay i\u00e7in bir g\u00fcnl\u00fck bilet<\/strong> - 20,00 CHF<\/span><\/li>\n<li style=\"font-weight: 400;\" aria-level=\"1\"><span style=\"font-weight: 400;\"><strong>Otob\u00fcs, tramvay ve tren i\u00e7in ayl\u0131k sezonluk bilet<\/strong> - 70,00 CHF<\/span><\/li>\n<\/ul>\n<p><b>Toplu Ta\u015f\u0131mada Nas\u0131l Tasarruf Edilir?<\/b><\/p>\n<ul>\n<li style=\"font-weight: 400;\" aria-level=\"1\"><span style=\"font-weight: 400;\">Bir otelde, kamp alan\u0131nda veya gen\u00e7lik yurdunda kal\u0131yorsan\u0131z, kald\u0131\u011f\u0131n\u0131z s\u00fcre boyunca \u00fccretsiz seyahat kart\u0131 alma hakk\u0131n\u0131z vard\u0131r.<\/span><\/li>\n<li style=\"font-weight: 400;\" aria-level=\"1\"><span style=\"font-weight: 400;\">Bir bisiklet sat\u0131n al\u0131n. \u015eehrin her yerinde iyi bir bisiklet yolu sistemi var ve bir\u00e7ok insan i\u015fe ve okula bisikletle gidiyor.<\/span><\/li>\n<li style=\"font-weight: 400;\" aria-level=\"1\"><span style=\"font-weight: 400;\">Y\u00fcr\u00fcy\u00fc\u015f. \u015eehir o kadar b\u00fcy\u00fck de\u011fil ve etrafta dola\u015fmak bir zevk.<\/span><\/li>\n<\/ul>\n<h2><span class=\"ez-toc-section\" id=\"6_Cost_of_Internet_in_Geneva\"><\/span>6. Cenevre'de \u0130nternet Maliyeti<span class=\"ez-toc-section-end\"><\/span><\/h2>\n<p><span style=\"font-weight: 400;\">\u0130\u015fte 12 ayl\u0131k bir s\u00f6zle\u015fmeye dayal\u0131 olarak s\u0131n\u0131rs\u0131z indirme i\u00e7in 2023'\u00fcn ba\u015flar\u0131ndan itibaren baz\u0131 \u00f6rnek geni\u015f bant internet fiyatlar\u0131:<\/span><\/p>\n<ul>\n<li style=\"font-weight: 400;\" aria-level=\"1\"><a href=\"https:\/\/www.sunrise.ch\/en\/residential\/welcome-page.html\" target=\"_blank\" rel=\"noopener\"><span style=\"font-weight: 400;\">G\u00fcndo\u011fumu<\/span><\/a><span style=\"font-weight: 400;\">: Ayda 49,90 CHF (Fiber geni\u015f bant, 1GB'a kadar veri)<\/span><\/li>\n<\/ul>\n<h2><span class=\"ez-toc-section\" id=\"7_Cost_of_Clothing_Personal_Items_Gym_and_Leisure\"><\/span>7. Giyim, Ki\u015fisel E\u015fyalar, Spor Salonu ve Bo\u015f Zamanlar\u0131n Maliyeti<span class=\"ez-toc-section-end\"><\/span><\/h2>\n<p><span style=\"font-weight: 400;\">Cenevre'de herkes sab\u0131rs\u0131zl\u0131kla yaz\u0131 bekler. En s\u0131cak ay ortalama 25,8\u00b0C ile A\u011fustos ay\u0131d\u0131r. Ocak ay\u0131 ortalama -1,3\u00b0C ile en so\u011fuk ayd\u0131r. En ya\u011f\u0131\u015fl\u0131 ay, ay boyunca d\u00fc\u015fen ortalama 105 mm ile Ekim ay\u0131d\u0131r.<\/span><\/p>\n<p><span style=\"font-weight: 400;\">\u0130svi\u00e7re'nin \u00e7o\u011fu yerinde oldu\u011fu gibi, ya\u011fmur her zaman bir olas\u0131l\u0131kt\u0131r, bu y\u00fczden <a href=\"https:\/\/moverdb.com\/tr\/international-money-transfer-services\/wise-review\/\" data-internallinksmanager029f6b8e52c=\"243\" title=\"Wise Uluslararas\u0131 Para Transferi \u0130ncelemesi 2023\">ak\u0131ll\u0131ca<\/a> \u015femsiye veya katlanabilir su ge\u00e7irmez ceket ta\u015f\u0131mak i\u00e7in.<\/span><\/p>\n<p><span style=\"font-weight: 400;\">\u0130\u015fte di\u011fer faydal\u0131 fiyatlarla birlikte baz\u0131 giyim fiyatlar\u0131.<\/span><\/p>\n<ul>\n<li><strong>Bir \u00e7ift kot pantolon: <\/strong><span style=\"font-weight: 400;\">CHF 100.00 - CHF 150.00\u00a0<\/span><\/li>\n<li><span style=\"font-weight: 400;\"><strong>Yazl\u0131k elbise:<\/strong> CHF 60.00 - CHF 80.00\u00a0<\/span><\/li>\n<li><span style=\"font-weight: 400;\"><strong>Ko\u015fu Ayakkab\u0131s\u0131 (Spor Ayakkab\u0131):<\/strong> CHF 120.00 - CHF 150.00\u00a0<\/span><\/li>\n<li><span style=\"font-weight: 400;\"><strong>\u0130\u015f ayakkab\u0131lar\u0131:<\/strong> CHF 200.00 - CHF 250.00\u00a0<\/span><\/li>\n<li><span style=\"font-weight: 400;\"><strong>K\u0131sa Doktor Ziyareti (15 dakika):<\/strong> 120,00 CHF<\/span><\/li>\n<li><span style=\"font-weight: 400;\"><strong>Deodorant:<\/strong> 5,00 CHF<\/span><\/li>\n<li><span style=\"font-weight: 400;\"><strong>\u015eampuan:<\/strong> 6,00 CHF<\/span><\/li>\n<li><span style=\"font-weight: 400;\"><strong>Tuvalet Ka\u011f\u0131d\u0131 (4 rulo):<\/strong> 3,00 CHF<\/span><\/li>\n<li><span style=\"font-weight: 400;\"><strong>Spor salonu \u00fcyeli\u011fi:<\/strong> Ayl\u0131k 75,00 CHF - 160,00 CHF<\/span><\/li>\n<li><span style=\"font-weight: 400;\"><strong>Film (sinema) Bileti:<\/strong> CHF 18.50 - CHF 22.00<\/span><\/li>\n<\/ul>\n<p><em><b>Kaynak:<\/b><span style=\"font-weight: 400;\">\u00a0<\/span><a href=\"https:\/\/www.numbeo.com\/cost-of-living\/in\/Geneva\" target=\"_blank\" rel=\"noopener\"><span style=\"font-weight: 400;\">Numbeo<\/span><\/a><span style=\"font-weight: 400;\">\u00a0ve\u00a0<\/span><a href=\"https:\/\/www.expatistan.com\/cost-of-living\/geneva\" target=\"_blank\" rel=\"noopener\"><span style=\"font-weight: 400;\">Expatistan<\/span><\/a><\/em><\/p>\n<h2><span class=\"ez-toc-section\" id=\"8_Cost_of_Owning_a_Car_and_Driving_a_Car_in_Geneva\"><\/span>8. Cenevre'de Ara\u00e7 Sahibi Olman\u0131n ve Ara\u00e7 Kullanman\u0131n Maliyeti<span class=\"ez-toc-section-end\"><\/span><\/h2>\n<p><img loading=\"lazy\" decoding=\"async\" class=\"alignnone size-full wp-image-7897\" src=\"https:\/\/moverdb.com\/wp-content\/uploads\/moving-to-geneva-3.jpg\" alt=\"\" width=\"1000\" height=\"562\" data-wp-pid=\"7897\" srcset=\"https:\/\/moverdb.com\/wp-content\/uploads\/moving-to-geneva-3.jpg 1000w, https:\/\/moverdb.com\/wp-content\/uploads\/moving-to-geneva-3-300x169.jpg 300w, https:\/\/moverdb.com\/wp-content\/uploads\/moving-to-geneva-3-18x10.jpg 18w, https:\/\/moverdb.com\/wp-content\/uploads\/moving-to-geneva-3-600x337.jpg 600w\" sizes=\"auto, (max-width: 1000px) 100vw, 1000px\" \/><span style=\"font-weight: 400;\">\u0130svi\u00e7re'de herkes sa\u011fdan ara\u00e7 kullan\u0131r. Yol kurallar\u0131na uydu\u011funuz s\u00fcrece Cenevre'de ara\u00e7 kullanmak sorun de\u011fildir. Cezalar \u00e7ok y\u00fcksektir ve trafik polisi ile park g\u00f6revlileri \u00e7ok dikkatlidir. Trafik s\u0131k\u0131\u015f\u0131kl\u0131\u011f\u0131 nedeniyle yo\u011fun saatlerde ara\u00e7 kullanmaktan ka\u00e7\u0131n\u0131lmal\u0131d\u0131r. Park \u00fccretleri \u00e7ok y\u00fcksektir.<\/span><\/p>\n<p><span style=\"font-weight: 400;\">Cenevre'ye \u0130svi\u00e7re i\u00e7inden ta\u015f\u0131n\u0131yorsan\u0131z, ehliyetinizi koruyabilirsiniz ancak \u015funlar\u0131 yapman\u0131z gerekir\u00a0<\/span><a href=\"https:\/\/www.ch.ch\/en\/car-driving-licence-moving-house\/\" target=\"_blank\" rel=\"noopener\"><span style=\"font-weight: 400;\">adresinizi g\u00fcncelleyin<\/span><\/a><span style=\"font-weight: 400;\">\u00a0Cenevre'deki yeni ehliyetinize. Yabanc\u0131 bir ehliyetle 12 ay boyunca ara\u00e7 kullanabilirsiniz, sonras\u0131nda bir \u0130svi\u00e7re ehliyeti alman\u0131z gerekecektir. Yabanc\u0131 ehliyetiniz \u0130ngilizce, Frans\u0131zca, Almanca ya da \u0130talyanca olmal\u0131d\u0131r. E\u011fer de\u011filse, ya bir \u00e7eviriye ya da Uluslararas\u0131 S\u00fcr\u00fcc\u00fc Ehliyetine ihtiyac\u0131n\u0131z vard\u0131r. AB\/AEA'dan gelen ki\u015filerin \u0130svi\u00e7re Ehliyeti almak i\u00e7in bir s\u0131nava girmelerine gerek yoktur. Her Kantonun, \u0130svi\u00e7re ehliyetinizi d\u00fczenleyebilece\u011finiz kendi trafik ofisi vard\u0131r.<\/span><\/p>\n<p><span style=\"font-weight: 400;\">\u0130\u015fte Cenevre'de ara\u00e7 sahibi olman\u0131n ve kullanman\u0131n di\u011fer baz\u0131 \u00f6rnek maliyetleri:<\/span><\/p>\n<ul>\n<li style=\"font-weight: 400;\" aria-level=\"1\"><b>Volkswagen Golf:<\/b><span style=\"font-weight: 400;\">\u00a035.000 CHF+\u00a0<\/span><\/li>\n<li style=\"font-weight: 400;\" aria-level=\"1\"><b>1 litre (\u00bc galon) Gaz (benzin):<\/b><span style=\"font-weight: 400;\">\u00a01,98 CHF\u00a0<\/span><\/li>\n<li style=\"font-weight: 400;\" aria-level=\"1\"><b>Kay\u0131t \u00dccreti (varsa):<\/b><span style=\"font-weight: 400;\">\u00a0Canton'dan Canton'a de\u011fi\u015fir ve araca da ba\u011fl\u0131d\u0131r<\/span><\/li>\n<li style=\"font-weight: 400;\" aria-level=\"1\"><b>Otoyol \u00fccreti:<\/b><span style=\"font-weight: 400;\"> Y\u0131ll\u0131k 40 CHF<\/span><\/li>\n<li style=\"font-weight: 400;\" aria-level=\"1\"><b>Di\u011fer \u00dccretler (varsa):<\/b><span style=\"font-weight: 400;\">\u00a0Her d\u00f6rt y\u0131lda bir MOT.  Fiyat Canton'dan Canton'a ve ara\u00e7tan araca de\u011fi\u015fir.<\/span><\/li>\n<\/ul>\n<p><em><b>Kaynak:<\/b><span style=\"font-weight: 400;\">\u00a0<\/span><a href=\"https:\/\/www.expatistan.com\/cost-of-living\/geneva\" target=\"_blank\" rel=\"noopener\"><span style=\"font-weight: 400;\">Expatistan<\/span><\/a><span style=\"font-weight: 400;\">,\u00a0<\/span><a href=\"https:\/\/www.ch.ch\/en\/vehicle-tax\/\" target=\"_blank\" rel=\"noopener\"><span style=\"font-weight: 400;\">CH<\/span><\/a><\/em><\/p>\n<p><b>Cenevre'de Ara\u00e7 Kullan\u0131rken Tasarruf Etmenin Yollar\u0131:<\/b><\/p>\n<ul>\n<li><span style=\"font-weight: 400;\">Ara\u00e7 payla\u015f\u0131m\u0131 veya havuzlama tasarruf etmenin bir yoludur. Deneyin <\/span><a href=\"https:\/\/www.carpoolworld.com\/carpool.html?to=GENEVA&amp;wc=CHE,CH&amp;ws=GE&amp;lat=46.2185000&amp;lon=6.1486000&amp;form_language=EN\" target=\"_blank\" rel=\"noopener\"><span style=\"font-weight: 400;\">Carpoolworld<\/span><\/a><span style=\"font-weight: 400;\"> ve <\/span><a href=\"https:\/\/www.blablacar.co.uk\/ride-sharing\/geneva\/\" target=\"_blank\" rel=\"noopener\"><span style=\"font-weight: 400;\">BlaBlaCar<\/span><\/a><span style=\"font-weight: 400;\">.<\/span><\/li>\n<li><span style=\"font-weight: 400;\">Taksiler bazen daha ucuz bir se\u00e7enek olabilir, \u00f6zellikle de t\u00fcm g\u00fcn park etmeniz gerekecekse. Deneyin<\/span><span style=\"font-weight: 400;\">\u00a0<\/span><a href=\"https:\/\/www.uber.com\/\" target=\"_blank\" rel=\"noopener\"><span style=\"font-weight: 400;\">Uber<\/span><\/a><span style=\"font-weight: 400;\">.<\/span><\/li>\n<\/ul>\n<h2><span class=\"ez-toc-section\" id=\"9_Taxes_in_Geneva\"><\/span>9. Cenevre'de Vergiler<span class=\"ez-toc-section-end\"><\/span><\/h2>\n<p><span style=\"font-weight: 400;\">\u0130svi\u00e7re'nin neresinde ya\u015farsan\u0131z ya\u015fay\u0131n, ayn\u0131 oranda vergi \u00f6dersiniz. Sat\u0131\u015f Vergisi \u0130svi\u00e7re'de 8%'dir ve \u00fclke genelinde \u00e7o\u011fu mal ve hizmete eklenir. Baz\u0131 \u00fclkelerin aksine, her zaman i\u015faretli fiyata dahildir.<\/span><\/p>\n<p><span style=\"font-weight: 400;\">Eviniz ister kendinize ait olsun ister kiralay\u0131n, ya\u015fad\u0131\u011f\u0131n\u0131z b\u00f6lgeye ve oturdu\u011funuz m\u00fclk\u00fcn b\u00fcy\u00fckl\u00fc\u011f\u00fcne ba\u011fl\u0131 olarak belediye vergisine tabi olacaks\u0131n\u0131z. \u0130svi\u00e7re'de \u015fehrin varl\u0131kl\u0131 sakinlerinin ve ticari alanlar\u0131n\u0131n bulundu\u011fu b\u00f6lgelerin, sakinlerinin ortalama gelir elde etti\u011fi b\u00f6lgelere g\u00f6re daha d\u00fc\u015f\u00fck vergi \u00f6dedi\u011fi karma\u015f\u0131k bir sistem vard\u0131r.\u00a0\u00a0\u00a0\u00a0<\/span><\/p>\n<p><span style=\"font-weight: 400;\">Son olarak, Cenevre'de bir daire veya ev sat\u0131n almaya karar verirseniz, sat\u0131\u015f fiyat\u0131n\u0131n 5%'sini har\u00e7 \u00f6demek i\u00e7in beklemelisiniz - 0,2 - 1% noter \u00fccretleri, 0,3 - 3% emlak devir vergisi ve 1 - 1,5% tapu kayd\u0131 i\u00e7in.<\/span><\/p>\n<h2><span class=\"ez-toc-section\" id=\"10_Flight_Costs_from_Geneva\"><\/span>10. Cenevre U\u00e7u\u015f Maliyetleri<span class=\"ez-toc-section-end\"><\/span><\/h2>\n<p><span style=\"font-weight: 400;\">Cenevre'ye ta\u015f\u0131n\u0131rsan\u0131z, d\u00fcnyan\u0131n di\u011fer b\u00fcy\u00fck \u015fehirlerine u\u00e7man\u0131n en d\u00fc\u015f\u00fck tek y\u00f6n bilet fiyatlar\u0131na g\u00f6re yakla\u015f\u0131k olarak ne kadara mal olaca\u011f\u0131n\u0131 a\u015fa\u011f\u0131da bulabilirsiniz\u00a0<\/span><a href=\"https:\/\/www.skyscanner.net\/\" target=\"_blank\" rel=\"noopener\"><span style=\"font-weight: 400;\">Skyscanner<\/span><\/a><span style=\"font-weight: 400;\">\u00a0<\/span><span style=\"font-weight: 400;\">2023'\u00fcn ba\u015flar\u0131nda:<\/span><\/p>\n<ul>\n<li style=\"font-weight: 400;\" aria-level=\"1\"><span style=\"font-weight: 400;\"><strong>New York:<\/strong> 350 CHF\u00a0<\/span><\/li>\n<li style=\"font-weight: 400;\" aria-level=\"1\"><span style=\"font-weight: 400;\"><strong>Los Angeles:<\/strong> 350 CHF\u00a0<\/span><\/li>\n<li style=\"font-weight: 400;\" aria-level=\"1\"><span style=\"font-weight: 400;\"><strong>Londra'da:<\/strong> 50 CHF<\/span><\/li>\n<li style=\"font-weight: 400;\" aria-level=\"1\"><span style=\"font-weight: 400;\"><strong>Paris'e:<\/strong> 30 CHF<\/span><\/li>\n<li style=\"font-weight: 400;\" aria-level=\"1\"><span style=\"font-weight: 400;\"><strong>Toronto:<\/strong> 300 CHF<\/span><\/li>\n<li style=\"font-weight: 400;\" aria-level=\"1\"><span style=\"font-weight: 400;\"><strong>Vancouver'da:<\/strong> 540 CHF<\/span><\/li>\n<li style=\"font-weight: 400;\" aria-level=\"1\"><span style=\"font-weight: 400;\"><strong>Dubai:<\/strong> 300 CHF\u00a0<\/span><\/li>\n<li style=\"font-weight: 400;\" aria-level=\"1\"><span style=\"font-weight: 400;\"><strong>Sydney:<\/strong> 640 CHF<\/span><\/li>\n<li style=\"font-weight: 400;\" aria-level=\"1\"><span style=\"font-weight: 400;\"><strong>Melbourne:<\/strong> 760 CHF\u00a0<\/span><\/li>\n<li style=\"font-weight: 400;\" aria-level=\"1\"><span style=\"font-weight: 400;\"><strong><a href=\"https:\/\/moverdb.com\/tr\/moving-to-cape-town\/\" data-internallinksmanager029f6b8e52c=\"259\" title=\"Cape Town&#039;a m\u0131 Ta\u015f\u0131n\u0131yorsunuz? 2026 Ya\u015fam Maliyetleri &amp; Yer De\u011fi\u015ftirme \u0130pu\u00e7lar\u0131\">Cape Town<\/a>:<\/strong> 480 CHF<\/span><\/li>\n<li style=\"font-weight: 400;\" aria-level=\"1\"><span style=\"font-weight: 400;\"><strong><a href=\"https:\/\/moverdb.com\/tr\/moving-to-hong-kong\/\" data-internallinksmanager029f6b8e52c=\"350\" title=\"Hong Kong&#039;a m\u0131 ta\u015f\u0131n\u0131yorsunuz? 2026 Ya\u015fam Maliyetleri &amp; Yer De\u011fi\u015ftirme \u0130pu\u00e7lar\u0131\">Hong Kong<\/a>:<\/strong> 530 \u0130SVI\u00c7RE FRANGI<\/span><\/li>\n<\/ul>\n<p><b>Cenevre'ye Ta\u015f\u0131nmaya \u0130li\u015fkin Di\u011fer \u0130pu\u00e7lar\u0131:<\/b><\/p>\n<p><span style=\"font-weight: 400;\">Yukar\u0131daki maliyetler ve fiyatlar size Cenevre'de ya\u015faman\u0131n maliyeti hakk\u0131nda iyi bir fikir vermelidir, ancak belki de a\u015fa\u011f\u0131daki ekstra ipu\u00e7lar\u0131 ta\u015f\u0131nman\u0131z\u0131n sorunsuz ge\u00e7mesini sa\u011flayacakt\u0131r.<\/span><\/p>\n<h3><span class=\"ez-toc-section\" id=\"11_Moving_to_Geneva_Alone\"><\/span>11. Cenevre'ye Yaln\u0131z Ta\u015f\u0131nmak<span class=\"ez-toc-section-end\"><\/span><\/h3>\n<p><span style=\"font-weight: 400;\">Herhangi bir yere ta\u015f\u0131nmak yaln\u0131z bir deneyim olabilir, ancak yeni bir \u015fehre ta\u015f\u0131nmak olduk\u00e7a \u00fcrk\u00fct\u00fcc\u00fc olabilir. \u0130\u015fte Cenevre'ye yerle\u015fmekle ilgili birka\u00e7 ipucu.<\/span><\/p>\n<ul>\n<li style=\"font-weight: 400;\" aria-level=\"1\"><b>Bulu\u015fmalar:<\/b><span style=\"font-weight: 400;\">\u00a0Cenevre'de bulabilece\u011finiz \u00e7ok say\u0131da \u00fccretsiz bulu\u015fma grubu var\u00a0<\/span><a href=\"https:\/\/www.meetup.com\/cities\/ch\/gen%C3%A8ve\/\" target=\"_blank\" rel=\"noopener\"><span style=\"font-weight: 400;\">Meetup.com<\/span><\/a><span style=\"font-weight: 400;\">. Geneva Racket Club, Women in Digital Geneva, Yoga ve Meditasyon S\u0131n\u0131flar\u0131, The Mamas' Cafe ve \u00e7ok daha fazlas\u0131 gibi sevdi\u011finiz \u015feyleri yapan gruplar bulun.<\/span><\/li>\n<li style=\"font-weight: 400;\" aria-level=\"1\"><b>Yerel Etkinliklere Kat\u0131l\u0131n:<\/b><span style=\"font-weight: 400;\">\u00a0Cenevre'de her zaman devam eden etkinlikler vard\u0131r. Neler oldu\u011funu \u015furadan \u00f6\u011frenin\u00a0<\/span><a href=\"https:\/\/www.geneve.com\/en\/see-do\/whats-on\/\" target=\"_blank\" rel=\"noopener\"><span style=\"font-weight: 400;\">Genevalive<\/span><\/a><span style=\"font-weight: 400;\">, <\/span><a href=\"http:\/\/www.glocals.com\/things-to-do\/geneva\/\" target=\"_blank\" rel=\"noopener\"><span style=\"font-weight: 400;\">Glocals<\/span><\/a><span style=\"font-weight: 400;\"> ve <\/span><a href=\"https:\/\/www.tripadvisor.co.uk\/Attractions-g188057-Activities-Geneva.html\" target=\"_blank\" rel=\"noopener\"><span style=\"font-weight: 400;\">Seyahat Dan\u0131\u015fman\u0131<\/span><\/a><span style=\"font-weight: 400;\">.<\/span><\/li>\n<\/ul>\n<h3><span class=\"ez-toc-section\" id=\"12_Moving_to_Geneva_with_a_Family\"><\/span><b>12<\/b><b>. Cenevre'ye Aile ile Ta\u015f\u0131nma<\/b><span class=\"ez-toc-section-end\"><\/span><\/h3>\n<p><span style=\"font-weight: 400;\">Cenevre aile kurmak i\u00e7in \u00e7ok g\u00fczel bir \u015fehir. Tarih, sanat ve m\u00fczelerin yan\u0131 s\u0131ra \u00e7ok say\u0131da ye\u015fil alana sahiptir. Cenevre G\u00f6l\u00fc yaz aylar\u0131nda 'plaj' haline gelir ve elbette kap\u0131n\u0131z\u0131n \u00f6n\u00fcnde y\u0131l boyunca sunduklar\u0131 her \u015feyle Alpler ve Juralar vard\u0131r. \u0130\u015fte d\u00fc\u015f\u00fcnmek i\u00e7in biraz daha yiyecek.<\/span><\/p>\n<ul>\n<li style=\"font-weight: 400;\" aria-level=\"1\"><b>Yeni Ebeveynler (veya ebeveyn olacaklar):<\/b><span style=\"font-weight: 400;\">\u00a0Kontrol et <\/span><a href=\"https:\/\/www.angloinfo.com\/how-to\/switzerland\/healthcare\/pregnancy-birth\" target=\"_blank\" rel=\"noopener\"><span style=\"font-weight: 400;\">Anglo Info<\/span><\/a><span style=\"font-weight: 400;\">.<\/span><\/li>\n<li style=\"font-weight: 400;\" aria-level=\"1\"><b>Aile Dostu Bir B\u00f6lgede Ya\u015fay\u0131n:<\/b><span style=\"font-weight: 400;\">\u00a0Cenevre, konut d\u0131\u015f\u0131nda her a\u00e7\u0131dan aile dostu bir \u015fehirdir. Evler yetersiz oldu\u011fu i\u00e7in konaklama yerlerinin \u00e7o\u011fu apartman dairelerinde bulunur. Bir\u00e7ok gurbet\u00e7i Grottes ve Saint Gervais'de ya\u015famay\u0131 tercih etmektedir. Bu b\u00f6lgeler \u015fehir merkezine yak\u0131n olmakla birlikte daha \u00e7ok k\u00f6y hissi vermektedir.  Ayr\u0131ca yak\u0131nlarda iyi okullar da bulunmaktad\u0131r. Yine de, \u015fehirde bir\u00e7ok m\u00fckemmel okul bulundu\u011fundan, e\u011fitim s\u00f6z konusu oldu\u011funda Cenevre'de nerede ya\u015fad\u0131\u011f\u0131n\u0131z ger\u00e7ekten \u00f6nemli de\u011fildir. Bir\u00e7ok aile Champei, Malagnou ve Florissant'ta ya\u015famakta olup, buralarda daha b\u00fcy\u00fck m\u00fclkler ve yak\u0131n okullar bulunmaktad\u0131r. \u015eehrin harika manzaras\u0131na sahip olan Cologny, ailelerin bir di\u011fer favorisidir ancak fiyatlar y\u00fcksektir. Yaprakl\u0131 banliy\u00f6 Chene-Bougeries daha uygun fiyatl\u0131 bir ba\u015fka se\u00e7enektir.<\/span><\/li>\n<li style=\"font-weight: 400;\" aria-level=\"1\"><b>\u00c7ocuklarla Yapacak Bir \u015eeyler Bulun: <\/b><a href=\"https:\/\/www.helloswitzerland.ch\/en\/\" target=\"_blank\" rel=\"noopener\"><span style=\"font-weight: 400;\">Merhaba \u0130svi\u00e7re<\/span><\/a><span style=\"font-weight: 400;\"> ve <\/span><a href=\"http:\/\/www.family-travel-scoop.com\/things-to-do-in-geneva.html\" target=\"_blank\" rel=\"noopener\"><span style=\"font-weight: 400;\">Aile Seyahati Haberi<\/span><\/a><span style=\"font-weight: 400;\"> \u00e7ocuklar\u0131n\u0131z\u0131n sevece\u011fi aktiviteler ve etkinlikler i\u00e7in harika fikirlere sahip.<\/span><\/li>\n<\/ul>\n<h3><span class=\"ez-toc-section\" id=\"13_Moving_to_Geneva_for_Work\"><\/span><b>13<\/b><b>. \u0130\u015f i\u00e7in Cenevre'ye Ta\u015f\u0131nma<\/b><span class=\"ez-toc-section-end\"><\/span><\/h3>\n<p><span style=\"font-weight: 400;\">Cenevre'ye i\u015f i\u00e7in ta\u015f\u0131nmak, insanlar\u0131n ta\u015f\u0131nmay\u0131 tercih etmelerinin en yayg\u0131n nedenlerinden biridir. \u0130nsanlar\u0131n \u00e7o\u011fu \u0130svi\u00e7re'ye ta\u015f\u0131nd\u0131klar\u0131nda zaten bir i\u015fe sahiptir, \u00e7\u00fcnk\u00fc bir i\u015f olmadan oturma izni almak neredeyse imkans\u0131zd\u0131r. Cenevre, t\u00fcm i\u015f alanlar\u0131nda \u00e7ok y\u00fcksek profesyonel standartlara sahiptir. Finans, bankac\u0131l\u0131k ve uluslararas\u0131 ticaret bir\u00e7ok gurbet\u00e7iyi Cenevre'ye \u00e7ekmektedir. Bir\u00e7ok alanda bir\u00e7ok f\u0131rsat bulunmaktad\u0131r.<\/span><\/p>\n<p><span style=\"font-weight: 400;\">\u0130\u015fte i\u015f i\u00e7in ta\u015f\u0131n\u0131rken dikkat edilmesi gereken birka\u00e7 husus:<\/span><\/p>\n<ul>\n<li style=\"font-weight: 400;\" aria-level=\"1\"><b>Maa\u015f:<\/b><span style=\"font-weight: 400;\">\u00a0Cenevre'de maa\u015flar y\u00fcksektir. Yukar\u0131da \u00f6zetledi\u011fimiz maliyetler, ta\u015f\u0131nmay\u0131 de\u011ferli k\u0131lmak i\u00e7in ne kadar daha fazlas\u0131n\u0131 isteyece\u011finiz konusunda size kabaca bir fikir vermelidir. Maa\u015f aral\u0131klar\u0131n\u0131 a\u015fa\u011f\u0131daki gibi sitelerden de kontrol edebilirsiniz\u00a0<\/span><a href=\"https:\/\/www.glassdoor.co.uk\/Job\/geneva-jobs-SRCH_IL.0,6_IC3297162.htm?countryRedirect=true\" target=\"_blank\" rel=\"noopener\"><span style=\"font-weight: 400;\">Glassdoor<\/span><\/a><span style=\"font-weight: 400;\"> ve <\/span><a href=\"http:\/\/www.payscale.com\/research\/CH\/Location=Geneva\/Salary\" target=\"_blank\" rel=\"noopener\"><span style=\"font-weight: 400;\">Payscale<\/span><\/a><span style=\"font-weight: 400;\">.<\/span><\/li>\n<li style=\"font-weight: 400;\" aria-level=\"1\"><b>Nas\u0131l \u0130\u015f Bulurum: <\/b><span style=\"font-weight: 400;\">Cenevre'ye ta\u015f\u0131nmadan \u00f6nce i\u015f bulmak i\u00e7in a\u015fa\u011f\u0131daki sitelere bir g\u00f6z at\u0131n: <\/span><a href=\"http:\/\/www.jobsingeneva.com\" target=\"_blank\" rel=\"noopener\"><span style=\"font-weight: 400;\">Cenevre'deki \u0130\u015f \u0130lanlar\u0131<\/span><\/a><span style=\"font-weight: 400;\">, <\/span><a href=\"https:\/\/www.swissinfo.ch\/eng\/employment-and-placement-agencies\/29233180\" target=\"_blank\" rel=\"noopener\"><span style=\"font-weight: 400;\">\u0130svi\u00e7re Bilgileri<\/span><\/a><span style=\"font-weight: 400;\"> ve <\/span><a href=\"https:\/\/geneva.xpatjobs.com\" target=\"_blank\" rel=\"noopener\"><span style=\"font-weight: 400;\">Xpat \u0130\u015f \u0130lanlar\u0131<\/span><\/a><span style=\"font-weight: 400;\">. Ayr\u0131ca, sekt\u00f6r\u00fcn\u00fczdeki i\u015fe al\u0131m uzmanlar\u0131n\u0131 Google'da aramak da isteyebilirsiniz, zira bu ki\u015filer genellikle size ilk m\u00fclakatlarda yard\u0131mc\u0131 olabilirler.<\/span><\/li>\n<\/ul>\n<h3><span class=\"ez-toc-section\" id=\"14_Moving_to_Geneva_from_Australia\"><\/span><b>14. <\/b><b>Avustralya'dan Cenevre'ye Ta\u015f\u0131nma<\/b><span class=\"ez-toc-section-end\"><\/span><\/h3>\n<p><span style=\"font-weight: 400;\">Cenevre'de ya\u015fayan \u00e7ok say\u0131da Avustralyal\u0131 var. Onlara kat\u0131lmay\u0131 d\u00fc\u015f\u00fcn\u00fcyorsan\u0131z, i\u015fte size birka\u00e7 ek ipucu.<\/span><\/p>\n<ul>\n<li style=\"font-weight: 400;\" aria-level=\"1\"><b>Boyut Kar\u015f\u0131la\u015ft\u0131rmas\u0131:<\/b><span style=\"font-weight: 400;\">\u00a0Cenevre \u015fehrinin n\u00fcfus b\u00fcy\u00fckl\u00fc\u011f\u00fcn\u00fc Cenevre'deki bir kasaba ile kar\u015f\u0131la\u015ft\u0131r\u0131rsan\u0131z <a href=\"https:\/\/moverdb.com\/tr\/moving-to-australia\/living-in-australia\/\" data-internallinksmanager029f6b8e52c=\"240\" title=\"Avustralya&#039;da Ya\u015famak Hakk\u0131nda Ta\u015f\u0131nmadan \u00d6nce Bilmeniz Gereken 21 S\u0131r\">Avustralya<\/a>Newcastle'a bak\u0131yor olacaks\u0131n.<\/span><\/li>\n<li style=\"font-weight: 400;\" aria-level=\"1\"><b>Expat Gruplar\u0131na Kat\u0131l\u0131n:<\/b><span style=\"font-weight: 400;\">\u00a0Her ikisi de\u00a0<\/span><a href=\"https:\/\/www.internations.org\/geneva-expats\/australians\" target=\"_blank\" rel=\"noopener\"><span style=\"font-weight: 400;\">Milletleraras\u0131<\/span><\/a><span style=\"font-weight: 400;\"> ve <\/span><a href=\"http:\/\/www.expat.com\/en\/expat-mag\/69-sarah-in-geneva.html\" target=\"_blank\" rel=\"noopener\"><span style=\"font-weight: 400;\">Expat.com<\/span><\/a><span style=\"font-weight: 400;\">\u00a0Cenevre'deki di\u011fer Avustralyal\u0131larla bulu\u015fma yollar\u0131 \u00f6nermektedir.<\/span><\/li>\n<\/ul>\n<h3><span class=\"ez-toc-section\" id=\"15_Moving_to_Geneva_from_Canada\"><\/span><b>15. <\/b><b>Kanada'dan Cenevre'ye Ta\u015f\u0131nma<\/b><span class=\"ez-toc-section-end\"><\/span><\/h3>\n<p><span style=\"font-weight: 400;\">Cenevre'de ya\u015fayan \u00e7ok say\u0131da Kanadal\u0131 var. E\u011fer Cenevre'den ta\u015f\u0131nmay\u0131 d\u00fc\u015f\u00fcn\u00fcyorsan\u0131z <a href=\"https:\/\/moverdb.com\/tr\/moving-to-canada\/\" data-internallinksmanager029f6b8e52c=\"265\" title=\"Kanada&#039;ya Ta\u015f\u0131nmak m\u0131? 2026 Ya\u015fam Maliyetleri ve Yer De\u011fi\u015ftirme \u0130pu\u00e7lar\u0131\">Kanada<\/a> burada g\u00f6z \u00f6n\u00fcnde bulundurman\u0131z gereken birka\u00e7 \u015fey var.<\/span><\/p>\n<ul>\n<li style=\"font-weight: 400;\" aria-level=\"1\"><b>Boyut Kar\u015f\u0131la\u015ft\u0131rmas\u0131:<\/b><span style=\"font-weight: 400;\">\u00a0Cenevre'nin n\u00fcfus b\u00fcy\u00fckl\u00fc\u011f\u00fc Kanada'n\u0131n Ontario eyaletindeki London kenti ile yakla\u015f\u0131k olarak ayn\u0131d\u0131r.<\/span><\/li>\n<li style=\"font-weight: 400;\" aria-level=\"1\"><b>Expat Gruplar\u0131:<\/b> <a href=\"https:\/\/www.internations.org\/geneva-expats\/canadians\" target=\"_blank\" rel=\"noopener\"><span style=\"font-weight: 400;\">Milletleraras\u0131<\/span><\/a><span style=\"font-weight: 400;\"> ve <\/span><a href=\"http:\/\/canada-club-geneva.com\" target=\"_blank\" rel=\"noopener\"><span style=\"font-weight: 400;\">Kanada Kul\u00fcb\u00fc Cenevre<\/span><\/a><span style=\"font-weight: 400;\"> size Cenevre'de ya\u015fayan ve \u00e7al\u0131\u015fan di\u011fer Kanadal\u0131larla tan\u0131\u015fma f\u0131rsat\u0131 verecektir.<\/span><\/li>\n<\/ul>\n<h3><span class=\"ez-toc-section\" id=\"16_Moving_to_Geneva_from_the_United_States\"><\/span><b>16.\u00a0 <\/b><b>Amerika Birle\u015fik Devletleri'nden Cenevre'ye Ta\u015f\u0131nma<\/b><span class=\"ez-toc-section-end\"><\/span><\/h3>\n<p><span style=\"font-weight: 400;\">Cenevre'de olduk\u00e7a b\u00fcy\u00fck bir Amerikal\u0131 n\u00fcfus ya\u015famaktad\u0131r. E\u011fer Cenevre'ye ta\u015f\u0131nmay\u0131 d\u00fc\u015f\u00fcn\u00fcyorsan\u0131z, i\u015fte size birka\u00e7 ipucu:<\/span><\/p>\n<ul>\n<li style=\"font-weight: 400;\" aria-level=\"1\"><b>Boyut Kar\u015f\u0131la\u015ft\u0131rmas\u0131:<\/b><span style=\"font-weight: 400;\">\u00a0Cenevre'nin n\u00fcfusu yakla\u015f\u0131k olarak <a href=\"https:\/\/moverdb.com\/tr\/moving-to-the-united-states\/moving-to-colorado\/\" data-internallinksmanager029f6b8e52c=\"399\" title=\"Colorado&#039;ya m\u0131 ta\u015f\u0131n\u0131yorsunuz? 2026 Ya\u015fam Maliyetleri ve Yer De\u011fi\u015ftirme \u0130pu\u00e7lar\u0131\">Colorado<\/a> Springs.\u00a0<\/span><\/li>\n<li style=\"font-weight: 400;\" aria-level=\"1\"><b>Expat Gruplar\u0131:<\/b><span style=\"font-weight: 400;\">\u00a0<\/span><a href=\"https:\/\/www.internations.org\/geneva-expats\/americans?&amp;utm_source=google_adwords&amp;keyword=%2Bamericans%20%2Bgeneva&amp;utm_medium=cpc&amp;utm_content=_Americans&amp;utm_campaign=LC_CH_Geneva&amp;gclid=Cj0KEQjw7pHLBRDqs-X8hZ3Mgp0BEiQAXIo9rsNsIFJZtldHTJgg7IuYluM2HlBbxVggMenbR-Bch_4aAr0F8P8HAQ\" target=\"_blank\" rel=\"noopener\"><span style=\"font-weight: 400;\">Milletleraras\u0131<\/span><\/a><span style=\"font-weight: 400;\"> ve <\/span><a href=\"http:\/\/www.amclub.ch\" target=\"_blank\" rel=\"noopener\"><span style=\"font-weight: 400;\">Cenevre Uluslararas\u0131 Amerikan Kul\u00fcb\u00fc<\/span><\/a><span style=\"font-weight: 400;\"> Cenevre'de halihaz\u0131rda ya\u015fayan ve \u00e7al\u0131\u015fan di\u011fer Amerikal\u0131larla tan\u0131\u015ft\u0131rarak kolayl\u0131kla yerle\u015fmenize yard\u0131mc\u0131 olacakt\u0131r.<\/span><\/li>\n<\/ul>\n<h3><span class=\"ez-toc-section\" id=\"17_Moving_to_Geneva_from_the_United_Kingdom\"><\/span><b>17.\u00a0 <\/b><b>Birle\u015fik Krall\u0131k'tan Cenevre'ye ta\u015f\u0131nmak<\/b><span class=\"ez-toc-section-end\"><\/span><\/h3>\n<p><span style=\"font-weight: 400;\">\u0130ngilizler \u0130svi\u00e7reli olan her \u015feyi sever, bu nedenle Cenevre'de halihaz\u0131rda ya\u015fayan ve \u00e7al\u0131\u015fan b\u00fcy\u00fck bir grup bulacaks\u0131n\u0131z. E\u011fer \u015fehre ta\u015f\u0131nmay\u0131 d\u00fc\u015f\u00fcn\u00fcyorsan\u0131z, i\u015fte size birka\u00e7 ipucu<\/span><\/p>\n<ul>\n<li style=\"font-weight: 400;\" aria-level=\"1\"><b>Boyut Kar\u015f\u0131la\u015ft\u0131rmas\u0131:<\/b><span style=\"font-weight: 400;\">\u00a0Cenevre'nin n\u00fcfus b\u00fcy\u00fckl\u00fc\u011f\u00fcn\u00fc Birle\u015fik Krall\u0131k'taki bir \u015fehirle kar\u015f\u0131la\u015ft\u0131racak olursan\u0131z <a href=\"\" data-internallinksmanager029f6b8e52c=\"44\" title=\"Edinburgh\">Edinburgh<\/a>.\u00a0<\/span><\/li>\n<li style=\"font-weight: 400;\" aria-level=\"1\"><b>Expat Gruplar\u0131:<\/b><span style=\"font-weight: 400;\">\u00a0<\/span><a href=\"https:\/\/www.internations.org\/geneva-expats\/british\" target=\"_blank\" rel=\"noopener\"><span style=\"font-weight: 400;\">Milletleraras\u0131<\/span><\/a><span style=\"font-weight: 400;\"> ve <\/span><a href=\"http:\/\/www.expat.com\/en\/nationalities\/british\/in\/europe\/switzerland\/geneva\/\" target=\"_blank\" rel=\"noopener\"><span style=\"font-weight: 400;\">Expat.com<\/span><\/a><span style=\"font-weight: 400;\"> Her ikisi de Cenevre'de ya\u015fayan di\u011fer \u0130ngilizlerle tan\u0131\u015fman\u0131z i\u00e7in f\u0131rsatlar sunmaktad\u0131r.\u00a0<\/span><\/li>\n<\/ul>\n<p><span style=\"font-weight: 400;\">Umar\u0131m yukar\u0131daki ipu\u00e7lar\u0131 ve maliyetler yard\u0131mc\u0131 olmu\u015ftur. Cenevre'ye ta\u015f\u0131nman\u0131n size ne kadara mal olaca\u011f\u0131n\u0131 fiyatland\u0131rmaya ba\u015flamak istiyorsan\u0131z \u015fu \u015fekilde ba\u015flayabilirsiniz\u00a0<\/span><a href=\"http:\/\/moverdb.com\/tr\/alintilar\/\"><span style=\"font-weight: 400;\">ta\u015f\u0131nma tekliflerini burada kar\u015f\u0131la\u015ft\u0131r\u0131n<\/span><\/a><span style=\"font-weight: 400;\">.<\/span><\/p>\n<h2><span class=\"ez-toc-section\" id=\"Other_Useful_Guides_to_Switzerland\"><\/span>\u0130svi\u00e7re i\u00e7in Di\u011fer Faydal\u0131 Rehberler<span class=\"ez-toc-section-end\"><\/span><\/h2>\n<ul>\n<li> <a href=\"https:\/\/moverdb.com\/tr\/konteyner-tasimaciligi\/isvicre\/\">2024 \u0130svi\u00e7re'ye ve \u0130svi\u00e7re'den Deniz Ta\u015f\u0131mac\u0131l\u0131\u011f\u0131 Konteyner Nakliye Fiyatlar\u0131<\/a><\/li>\n<li> <a href=\"https:\/\/moverdb.com\/tr\/tasinma-si%cc%87rketleri%cc%87\/moving-companies-switzerland\/\">26 \u0130svi\u00e7re'deki En \u0130yi Uluslararas\u0131 Nakliye \u015eirketleri<\/a><\/li>\n<li> <a href=\"https:\/\/moverdb.com\/tr\/moving-to-switzerland\/\">\u0130svi\u00e7re'ye mi ta\u015f\u0131n\u0131yorsunuz? 2026 Ya\u015fam Maliyetleri &amp; Yer De\u011fi\u015ftirme \u0130pu\u00e7lar\u0131<\/a><\/li>\n<li> <a href=\"https:\/\/moverdb.com\/tr\/moving-to-switzerland\/living-in-switzerland\/\">\u0130svi\u00e7re'de Ya\u015famak Hakk\u0131nda Ta\u015f\u0131nmadan \u00d6nce Bilmeniz Gereken 21 S\u0131r<\/a><\/li>\n<li> <a href=\"https:\/\/moverdb.com\/tr\/moving-to-switzerland\/switzerland-from-us\/\">Amerika Birle\u015fik Devletleri'nden \u0130svi\u00e7re'ye Ta\u015f\u0131nma<\/a><\/li>\n<li> <a href=\"https:\/\/moverdb.com\/tr\/moving-to-switzerland\/best-places-to-live-switzerland\/\">\u0130svi\u00e7re'de Ya\u015fanabilecek En \u0130yi 12 Yer<\/a><\/li>\n<li> <a href=\"https:\/\/moverdb.com\/tr\/moving-to-switzerland\/moving-to-zurich\/\">Z\u00fcrih'e mi ta\u015f\u0131n\u0131yorsunuz? 2026 Ya\u015fam Maliyetleri &amp; Yer De\u011fi\u015ftirme \u0130pu\u00e7lar\u0131<\/a><\/li>\n<li> <a href=\"https:\/\/moverdb.com\/tr\/moving-to-switzerland\/moving-to-switzerland-from-bahrain\/\">Bahreyn'den \u0130svi\u00e7re'ye Ta\u015f\u0131nma<\/a><\/li>\n<li> <a href=\"https:\/\/moverdb.com\/tr\/moving-to-switzerland\/moving-to-switzerland-from-the-uae\/\">Dubai ve BAE'den \u0130svi\u00e7re'ye Ta\u015f\u0131nma<\/a><\/li>\n<li> <a href=\"https:\/\/moverdb.com\/tr\/moving-to-switzerland\/moving-to-switzerland-from-kuwait\/\">Kuveyt'ten \u0130svi\u00e7re'ye Ta\u015f\u0131nma<\/a><\/li>\n<li> <a href=\"https:\/\/moverdb.com\/tr\/moving-to-switzerland\/moving-to-switzerland-from-qatar\/\">Katar'dan \u0130svi\u00e7re'ye Ta\u015f\u0131nma<\/a><\/li>\n<li> <a href=\"https:\/\/moverdb.com\/tr\/moving-to-switzerland\/moving-to-lausanne\/\">Lozan'a m\u0131 ta\u015f\u0131n\u0131yorsunuz? 2024 Ya\u015fam Maliyetleri &amp; Yer De\u011fi\u015ftirme \u0130pu\u00e7lar\u0131<\/a><\/li>\n<\/ul>","protected":false},"excerpt":{"rendered":"<p>Geneva sits on the lake of the same name, situated in Switzerland, and its residents can admire the beautiful views of the Alps and Jura mountains. All across Geneva, a French influence is observed in the architecture and culture. If you are considering moving to Geneva, the various costs listed below will help you make [&hellip;]<\/p>\n","protected":false},"author":5,"featured_media":7895,"parent":4932,"menu_order":0,"comment_status":"closed","ping_status":"closed","template":"","meta":{"_genesis_hide_title":false,"_genesis_hide_breadcrumbs":false,"_genesis_hide_singular_image":false,"_genesis_hide_footer_widgets":false,"_genesis_custom_body_class":"","_genesis_custom_post_class":"","_genesis_layout":"","footnotes":""},"class_list":{"0":"post-8472","1":"page","2":"type-page","3":"status-publish","4":"has-post-thumbnail","6":"entry"},"_links":{"self":[{"href":"https:\/\/moverdb.com\/tr\/wp-json\/wp\/v2\/pages\/8472","targetHints":{"allow":["GET"]}}],"collection":[{"href":"https:\/\/moverdb.com\/tr\/wp-json\/wp\/v2\/pages"}],"about":[{"href":"https:\/\/moverdb.com\/tr\/wp-json\/wp\/v2\/types\/page"}],"author":[{"embeddable":true,"href":"https:\/\/moverdb.com\/tr\/wp-json\/wp\/v2\/users\/5"}],"replies":[{"embeddable":true,"href":"https:\/\/moverdb.com\/tr\/wp-json\/wp\/v2\/comments?post=8472"}],"version-history":[{"count":9,"href":"https:\/\/moverdb.com\/tr\/wp-json\/wp\/v2\/pages\/8472\/revisions"}],"predecessor-version":[{"id":18415,"href":"https:\/\/moverdb.com\/tr\/wp-json\/wp\/v2\/pages\/8472\/revisions\/18415"}],"up":[{"embeddable":true,"href":"https:\/\/moverdb.com\/tr\/wp-json\/wp\/v2\/pages\/4932"}],"wp:featuredmedia":[{"embeddable":true,"href":"https:\/\/moverdb.com\/tr\/wp-json\/wp\/v2\/media\/7895"}],"wp:attachment":[{"href":"https:\/\/moverdb.com\/tr\/wp-json\/wp\/v2\/media?parent=8472"}],"curies":[{"name":"wp","href":"https:\/\/api.w.org\/{rel}","templated":true}]}}