{"id":7774,"date":"2023-04-27T14:58:03","date_gmt":"2023-04-27T14:58:03","guid":{"rendered":"https:\/\/moverdb.com\/?page_id=7774"},"modified":"2026-01-08T15:23:35","modified_gmt":"2026-01-08T15:23:35","slug":"moving-companies-ireland","status":"publish","type":"page","link":"https:\/\/moverdb.com\/tr\/moving-companies\/moving-companies-ireland\/","title":{"rendered":"\u0130rlanda'daki En \u0130yi 19 Uluslararas\u0131 Nakliye \u015eirketi"},"content":{"rendered":"<p>Evinizi veya i\u015f yerinizi ta\u015f\u0131rken, bir profesyonelden destek almak size yard\u0131mc\u0131 olabilir <a href=\"https:\/\/moverdb.com\/tr\/moving-companies\/\" data-internallinksmanager029f6b8e52c=\"79\" title=\"\u00c7evrimi\u00e7i En \u0130yi 25 Uluslararas\u0131 Nakliye \u015eirketi\">ta\u015finma \u015fi\u0307rketi\u0307<\/a> \u00d6zellikle de yurt d\u0131\u015f\u0131na ta\u015f\u0131n\u0131yorsan\u0131z. A\u015fa\u011f\u0131da \u0130rlandal\u0131lar\u0131n bir listesini derledik <a href=\"https:\/\/moverdb.com\/tr\/international-removals\/\" data-internallinksmanager029f6b8e52c=\"27\" title=\"36 \u0130ngiltere&#039;deki En \u0130yi Uluslararas\u0131 Nakliye \u015eirketleri\">nakli\u0307ye \u015fi\u0307rketleri\u0307<\/a> \u00fcyesi olan <a href=\"https:\/\/moverdb.com\/tr\/iam\/\" data-internallinksmanager029f6b8e52c=\"23\" title=\"Uluslararas\u0131 Ta\u015f\u0131mac\u0131lar Birli\u011fi (IAM) A\u00e7\u0131klamas\u0131\">Uluslararas\u0131 Ta\u015f\u0131mac\u0131lar Birli\u011fi<\/a> (IAM) ve\/veya <a href=\"https:\/\/moverdb.com\/tr\/fidi-faim\/\" data-internallinksmanager029f6b8e52c=\"16\" title=\"FIDI &amp; FAIM (FIDI Akredite Uluslararas\u0131 Ta\u015f\u0131mac\u0131) A\u00e7\u0131klamas\u0131\">FIDI<\/a> Ta\u015f\u0131nman\u0131zda size yard\u0131mc\u0131 olabilecek Akredite Uluslararas\u0131 Ta\u015f\u0131mac\u0131 (FAIM).<\/p>\n<div id=\"ez-toc-container\" class=\"ez-toc-v2_0_82_2 ez-toc-wrap-left counter-hierarchy ez-toc-counter ez-toc-transparent ez-toc-container-direction\">\n<div class=\"ez-toc-title-container\">\n<p class=\"ez-toc-title\" style=\"cursor:inherit\">B\u00f6l\u00fcmler<\/p>\n<span class=\"ez-toc-title-toggle\"><a href=\"#\" class=\"ez-toc-pull-right ez-toc-btn ez-toc-btn-xs ez-toc-btn-default ez-toc-toggle\" aria-label=\"\u0130\u00e7indekiler Tablosunu A\u00e7\/Kapat\"><span class=\"ez-toc-js-icon-con\"><span class=\"\"><span class=\"eztoc-hide\" style=\"display:none;\">Ge\u00e7i\u015f<\/span><span class=\"ez-toc-icon-toggle-span\"><svg style=\"fill: #999;color:#999\" xmlns=\"http:\/\/www.w3.org\/2000\/svg\" class=\"list-377408\" width=\"20px\" height=\"20px\" viewbox=\"0 0 24 24\" fill=\"none\"><path d=\"M6 6H4v2h2V6zm14 0H8v2h12V6zM4 11h2v2H4v-2zm16 0H8v2h12v-2zM4 16h2v2H4v-2zm16 0H8v2h12v-2z\" fill=\"currentColor\"><\/path><\/svg><svg style=\"fill: #999;color:#999\" class=\"arrow-unsorted-368013\" xmlns=\"http:\/\/www.w3.org\/2000\/svg\" width=\"10px\" height=\"10px\" viewbox=\"0 0 24 24\" version=\"1.2\" baseprofile=\"tiny\"><path d=\"M18.2 9.3l-6.2-6.3-6.2 6.3c-.2.2-.3.4-.3.7s.1.5.3.7c.2.2.4.3.7.3h11c.3 0 .5-.1.7-.3.2-.2.3-.5.3-.7s-.1-.5-.3-.7zM5.8 14.7l6.2 6.3 6.2-6.3c.2-.2.3-.5.3-.7s-.1-.5-.3-.7c-.2-.2-.4-.3-.7-.3h-11c-.3 0-.5.1-.7.3-.2.2-.3.5-.3.7s.1.5.3.7z\"\/><\/svg><\/span><\/span><\/span><\/a><\/span><\/div>\n<nav><ul class='ez-toc-list ez-toc-list-level-1 eztoc-toggle-hide-by-default' ><li class='ez-toc-page-1 ez-toc-heading-level-2'><a class=\"ez-toc-link ez-toc-heading-1\" href=\"https:\/\/moverdb.com\/tr\/moving-companies\/moving-companies-ireland\/#1_Careline_International_Moving_Storage\" >1. Careline Uluslararas\u0131 Ta\u015f\u0131nma ve Depolama<\/a><\/li><li class='ez-toc-page-1 ez-toc-heading-level-2'><a class=\"ez-toc-link ez-toc-heading-2\" href=\"https:\/\/moverdb.com\/tr\/moving-companies\/moving-companies-ireland\/#2_Irish_Removals\" >2. \u0130rlanda Nakliye<\/a><\/li><li class='ez-toc-page-1 ez-toc-heading-level-2'><a class=\"ez-toc-link ez-toc-heading-3\" href=\"https:\/\/moverdb.com\/tr\/moving-companies\/moving-companies-ireland\/#3_Oman_Moving_Storage\" >3. Umman Ta\u015f\u0131nma ve Depolama<\/a><\/li><li class='ez-toc-page-1 ez-toc-heading-level-2'><a class=\"ez-toc-link ez-toc-heading-4\" href=\"https:\/\/moverdb.com\/tr\/moving-companies\/moving-companies-ireland\/#4_Prolink\" >4. Prolink<\/a><\/li><li class='ez-toc-page-1 ez-toc-heading-level-2'><a class=\"ez-toc-link ez-toc-heading-5\" href=\"https:\/\/moverdb.com\/tr\/moving-companies\/moving-companies-ireland\/#5_The_Household_Moving_Company\" >5. Ev Ta\u015f\u0131ma \u015eirketi<\/a><\/li><li class='ez-toc-page-1 ez-toc-heading-level-2'><a class=\"ez-toc-link ez-toc-heading-6\" href=\"https:\/\/moverdb.com\/tr\/moving-companies\/moving-companies-ireland\/#6_McGimpsey_Removals\" >6. McGimpsey Nakliyat<\/a><\/li><li class='ez-toc-page-1 ez-toc-heading-level-2'><a class=\"ez-toc-link ez-toc-heading-7\" href=\"https:\/\/moverdb.com\/tr\/moving-companies\/moving-companies-ireland\/#7_Move_Masters\" >7. Ustalar\u0131 Ta\u015f\u0131y\u0131n<\/a><\/li><li class='ez-toc-page-1 ez-toc-heading-level-2'><a class=\"ez-toc-link ez-toc-heading-8\" href=\"https:\/\/moverdb.com\/tr\/moving-companies\/moving-companies-ireland\/#8_Aaltonen_International_Moving_Storage\" >8. Aaltonen Uluslararas\u0131 Ta\u015f\u0131nma ve Depolama<\/a><\/li><li class='ez-toc-page-1 ez-toc-heading-level-2'><a class=\"ez-toc-link ez-toc-heading-9\" href=\"https:\/\/moverdb.com\/tr\/moving-companies\/moving-companies-ireland\/#9_Nat_Ross\" >9. Nat Ross<\/a><\/li><li class='ez-toc-page-1 ez-toc-heading-level-2'><a class=\"ez-toc-link ez-toc-heading-10\" href=\"https:\/\/moverdb.com\/tr\/moving-companies\/moving-companies-ireland\/#10_Aim_International_Moving\" >10. Aim Uluslararas\u0131 Ta\u015f\u0131mac\u0131l\u0131k<\/a><\/li><li class='ez-toc-page-1 ez-toc-heading-level-2'><a class=\"ez-toc-link ez-toc-heading-11\" href=\"https:\/\/moverdb.com\/tr\/moving-companies\/moving-companies-ireland\/#11_Allen_Removals\" >11. Allen Nakliyat<\/a><\/li><li class='ez-toc-page-1 ez-toc-heading-level-2'><a class=\"ez-toc-link ez-toc-heading-12\" href=\"https:\/\/moverdb.com\/tr\/moving-companies\/moving-companies-ireland\/#12_Cronin_Movers_Group\" >12. Cronin Ta\u015f\u0131y\u0131c\u0131lar Grubu<\/a><\/li><li class='ez-toc-page-1 ez-toc-heading-level-2'><a class=\"ez-toc-link ez-toc-heading-13\" href=\"https:\/\/moverdb.com\/tr\/moving-companies\/moving-companies-ireland\/#13_Expert_Removals\" >13. Uzman Kald\u0131rma<\/a><\/li><li class='ez-toc-page-1 ez-toc-heading-level-2'><a class=\"ez-toc-link ez-toc-heading-14\" href=\"https:\/\/moverdb.com\/tr\/moving-companies\/moving-companies-ireland\/#14_Get_Cracking\" >14. \u00c7atlatmak<\/a><\/li><li class='ez-toc-page-1 ez-toc-heading-level-2'><a class=\"ez-toc-link ez-toc-heading-15\" href=\"https:\/\/moverdb.com\/tr\/moving-companies\/moving-companies-ireland\/#15_RAS_Removals_Group\" >15. RAS Nakliye Grubu<\/a><\/li><li class='ez-toc-page-1 ez-toc-heading-level-2'><a class=\"ez-toc-link ez-toc-heading-16\" href=\"https:\/\/moverdb.com\/tr\/moving-companies\/moving-companies-ireland\/#16_Irishrelo\" >16. Irishrelo<\/a><\/li><li class='ez-toc-page-1 ez-toc-heading-level-2'><a class=\"ez-toc-link ez-toc-heading-17\" href=\"https:\/\/moverdb.com\/tr\/moving-companies\/moving-companies-ireland\/#17_AMC_Moving_Storage\" >17. AMC Ta\u015f\u0131nma ve Depolama<\/a><\/li><li class='ez-toc-page-1 ez-toc-heading-level-2'><a class=\"ez-toc-link ez-toc-heading-18\" href=\"https:\/\/moverdb.com\/tr\/moving-companies\/moving-companies-ireland\/#18_Arpin_International_Group\" >18. Arpin Uluslararas\u0131 Grup<\/a><\/li><li class='ez-toc-page-1 ez-toc-heading-level-2'><a class=\"ez-toc-link ez-toc-heading-19\" href=\"https:\/\/moverdb.com\/tr\/moving-companies\/moving-companies-ireland\/#19_Just_Move\" >19. Sadece Hareket Et<\/a><\/li><li class='ez-toc-page-1 ez-toc-heading-level-2'><a class=\"ez-toc-link ez-toc-heading-20\" href=\"https:\/\/moverdb.com\/tr\/moving-companies\/moving-companies-ireland\/#Other_Useful_Guides_to_Ireland\" >\u0130rlanda i\u00e7in Di\u011fer Faydal\u0131 Rehberler<\/a><\/li><\/ul><\/nav><\/div>\n<h2><span class=\"ez-toc-section\" id=\"1_Careline_International_Moving_Storage\"><\/span><strong>1. Careline Uluslararas\u0131 Ta\u015f\u0131nma ve Depolama<\/strong><span class=\"ez-toc-section-end\"><\/span><\/h2>\n<p><img loading=\"lazy\" decoding=\"async\" class=\"alignnone size-full wp-image-7680\" src=\"https:\/\/moverdb.com\/wp-content\/uploads\/Careline-international-moving-company.png\" alt=\"Careline uluslararas\u0131 ta\u015f\u0131ma \u015firketi\" width=\"1440\" height=\"648\" data-wp-pid=\"7680\" srcset=\"https:\/\/moverdb.com\/wp-content\/uploads\/Careline-international-moving-company.png 1440w, https:\/\/moverdb.com\/wp-content\/uploads\/Careline-international-moving-company-300x135.png 300w, https:\/\/moverdb.com\/wp-content\/uploads\/Careline-international-moving-company-1024x461.png 1024w, https:\/\/moverdb.com\/wp-content\/uploads\/Careline-international-moving-company-18x8.png 18w, https:\/\/moverdb.com\/wp-content\/uploads\/Careline-international-moving-company-600x270.png 600w\" sizes=\"auto, (max-width: 1440px) 100vw, 1440px\" \/><\/p>\n<ul>\n<li>Yerel ve ulusal hamleler<\/li>\n<li>Uluslararas\u0131 ta\u015f\u0131nmalar<\/li>\n<li>Konut ta\u015f\u0131malar\u0131<\/li>\n<li>Ofis ta\u015f\u0131ma<\/li>\n<li>Kap\u0131dan kap\u0131ya ta\u015f\u0131ma<\/li>\n<li>Paketleme hizmeti<\/li>\n<li>Karayolu, hava ve deniz ta\u015f\u0131mac\u0131l\u0131\u011f\u0131<\/li>\n<li>Konteyner se\u00e7enekleri<\/li>\n<li>Evcil hayvan ta\u015f\u0131mac\u0131l\u0131\u011f\u0131<\/li>\n<li>Depolama tesisleri<\/li>\n<\/ul>\n<p>Careline International Moving &amp; Storage, 1889 y\u0131l\u0131nda kurulan Carey's Removals and Storage'\u0131n bir b\u00f6l\u00fcm\u00fc olan bir mobilya ta\u015f\u0131ma \u015firketidir. D\u0131\u015far\u0131da \u00e7al\u0131\u015fan ekipleri var <a href=\"https:\/\/moverdb.com\/tr\/moving-to-cork\/\" data-internallinksmanager029f6b8e52c=\"261\" title=\"Cork&#039;a m\u0131 Ta\u015f\u0131n\u0131yorsunuz? 2026 Ya\u015fam Maliyetleri &amp; Yer De\u011fi\u015ftirme \u0130pu\u00e7lar\u0131\">Mantar<\/a>, <a href=\"https:\/\/moverdb.com\/tr\/moving-to-dublin\/\" data-internallinksmanager029f6b8e52c=\"260\" title=\"Dublin&#039;e mi ta\u015f\u0131n\u0131yorsunuz? 2026 Ya\u015fam Maliyetleri &amp; Yer De\u011fi\u015ftirme \u0130pu\u00e7lar\u0131\">Dublin<\/a>, Galway, <a href=\"\" data-internallinksmanager029f6b8e52c=\"33\" title=\"Belfast\">Belfast<\/a> ve Limerick. D\u00fcnyan\u0131n d\u00f6rt bir yan\u0131na ta\u015f\u0131nma hizmeti sunmak i\u00e7in uluslararas\u0131 acentelerle birlikte \u00e7al\u0131\u015fmaktad\u0131rlar. IAM \u00fcyesidirler ve 26 y\u0131ld\u0131r hizmet vermektedirler.<\/p>\n<p>Careline International Moving &amp; Storage, ta\u015f\u0131nman\u0131z\u0131 planlaman\u0131za yard\u0131mc\u0131 olmak i\u00e7in evde veya web tabanl\u0131 bir anket sunar. E\u015fyalar\u0131n\u0131z\u0131n transit ge\u00e7i\u015f i\u00e7in g\u00fcvenli bir \u015fekilde paketlenmesi de dahil olmak \u00fczere kap\u0131dan kap\u0131ya ta\u015f\u0131ma hizmetleri sunarlar. Do\u011frudan ta\u015f\u0131nma veya par\u00e7a y\u00fck teslimatlar\u0131 ile grupaj konteyner y\u00fcklemeleri dahil olmak \u00fczere kara, hava ve deniz yoluyla ta\u015f\u0131ma hizmeti sunarlar.<\/p>\n<p>Web sitesi: <a href=\"http:\/\/www.careline.ie\" target=\"_blank\" rel=\"noopener\">http:\/\/www.careline.ie<\/a><\/p>\n<h2><span class=\"ez-toc-section\" id=\"2_Irish_Removals\"><\/span><strong>2. \u0130rlanda Nakliye<\/strong><span class=\"ez-toc-section-end\"><\/span><\/h2>\n<p><img loading=\"lazy\" decoding=\"async\" class=\"alignnone size-full wp-image-7710\" src=\"https:\/\/moverdb.com\/wp-content\/uploads\/Irish-Removals-international-moving-company.png\" alt=\"Irish Removals uluslararas\u0131 ta\u015f\u0131ma \u015firketi\" width=\"1440\" height=\"681\" data-wp-pid=\"7710\" srcset=\"https:\/\/moverdb.com\/wp-content\/uploads\/Irish-Removals-international-moving-company.png 1440w, https:\/\/moverdb.com\/wp-content\/uploads\/Irish-Removals-international-moving-company-300x142.png 300w, https:\/\/moverdb.com\/wp-content\/uploads\/Irish-Removals-international-moving-company-1024x484.png 1024w, https:\/\/moverdb.com\/wp-content\/uploads\/Irish-Removals-international-moving-company-18x9.png 18w, https:\/\/moverdb.com\/wp-content\/uploads\/Irish-Removals-international-moving-company-600x284.png 600w\" sizes=\"auto, (max-width: 1440px) 100vw, 1440px\" \/><\/p>\n<ul>\n<li>Yerel ve ulusal hamleler<\/li>\n<li>Uluslararas\u0131 ta\u015f\u0131nmalar<\/li>\n<li>Ev ta\u015f\u0131ma<\/li>\n<li>\u0130\u015f hamleleri<\/li>\n<li>Ambalaj malzemeleri<\/li>\n<li>Paketleme hizmeti<\/li>\n<li>Y\u00fck se\u00e7eneklerinin se\u00e7imi<\/li>\n<li>Ta\u015f\u0131mac\u0131l\u0131\u011f\u0131n d\u00fczenlenmesi<\/li>\n<li>Kald\u0131rma sigortas\u0131<\/li>\n<li>Depolama tesisleri<\/li>\n<\/ul>\n<p>Irish Removals, Cork, Dublin ve Londra'da lokasyonlar\u0131 olan bir ta\u015f\u0131nma ve yer de\u011fi\u015ftirme \u015firketidir. Yerel, ulusal ve uluslararas\u0131 ta\u015f\u0131nma hizmetleri sunmaktad\u0131r. IAM \u00fcyesidirler ve yurtd\u0131\u015f\u0131na ta\u015f\u0131nma konusunda kendilerine destek olabilecek uluslararas\u0131 bir ta\u015f\u0131nma acenteleri a\u011f\u0131na eri\u015fimleri vard\u0131r.<\/p>\n<p>Irish Removals, paketleme malzemeleri sat\u0131n alma se\u00e7ene\u011fi ile kendi kendine paketlemeyi i\u00e7eren \u00e7e\u015fitli paketleme hizmetleri sunar veya paketleme ile birlikte eksiksiz bir ta\u015f\u0131ma hizmeti sunar. Kombine y\u00fcklerle maliyeti d\u00fc\u015f\u00fcrmeye yard\u0131mc\u0131 olabilecek do\u011frudan y\u00fckler, par\u00e7a ve tam y\u00fckleri i\u00e7eren nakliye se\u00e7enekleri sunarlar. \u0130\u015fletmeler i\u00e7in, \u00f6zel bir i\u015f ta\u015f\u0131ma koordinat\u00f6r\u00fc sa\u011flarlar.<\/p>\n<p>Web sitesi: <a href=\"http:\/\/www.irishremovals.ie\" target=\"_blank\" rel=\"noopener\">http:\/\/www.irishremovals.ie<\/a><\/p>\n<h2><span class=\"ez-toc-section\" id=\"3_Oman_Moving_Storage\"><\/span><strong>3. Umman Ta\u015f\u0131nma ve Depolama<\/strong><span class=\"ez-toc-section-end\"><\/span><\/h2>\n<p><img loading=\"lazy\" decoding=\"async\" class=\"alignnone size-full wp-image-7734\" src=\"https:\/\/moverdb.com\/wp-content\/uploads\/Oman-international-moving-company.png\" alt=\"Umman uluslararas\u0131 nakliye \u015firketi\" width=\"1440\" height=\"651\" data-wp-pid=\"7734\" srcset=\"https:\/\/moverdb.com\/wp-content\/uploads\/Oman-international-moving-company.png 1440w, https:\/\/moverdb.com\/wp-content\/uploads\/Oman-international-moving-company-300x136.png 300w, https:\/\/moverdb.com\/wp-content\/uploads\/Oman-international-moving-company-1024x463.png 1024w, https:\/\/moverdb.com\/wp-content\/uploads\/Oman-international-moving-company-18x8.png 18w, https:\/\/moverdb.com\/wp-content\/uploads\/Oman-international-moving-company-600x271.png 600w\" sizes=\"auto, (max-width: 1440px) 100vw, 1440px\" \/><\/p>\n<ul>\n<li>Ulusal hamleler<\/li>\n<li>Uluslararas\u0131 ta\u015f\u0131nmalar<\/li>\n<li>Konutlar\u0131n ta\u015f\u0131nmas\u0131<\/li>\n<li>Ofis ta\u015f\u0131nmalar\u0131<\/li>\n<li>Baz\u0131 hamlelerde proje y\u00f6neticisi<\/li>\n<li>Paketleme hizmeti<\/li>\n<li>Hava s\u00fcspansiyonlu ara\u00e7larla ula\u015f\u0131m<\/li>\n<li>Ismarlama kasalar\u0131n olu\u015fturulmas\u0131<\/li>\n<li>G\u00fczel sanatlar ta\u015f\u0131mac\u0131l\u0131\u011f\u0131<\/li>\n<li>G\u00fcvenli depolama<\/li>\n<\/ul>\n<p><a href=\"https:\/\/moverdb.com\/tr\/moving-to-oman\/\" data-internallinksmanager029f6b8e52c=\"355\" title=\"Umman&#039;a m\u0131 Ta\u015f\u0131n\u0131yorsunuz? 2026 Ya\u015fam Maliyetleri &amp; Yer De\u011fi\u015ftirme \u0130pu\u00e7lar\u0131\">Umman<\/a> Moving &amp; Storage 1969 y\u0131l\u0131nda kurulmu\u015f bir ta\u015f\u0131nma, nakliyat ve depolama \u015firketidir ve Dublin, Kildare ve Belfast'ta ofisleri bulunmaktad\u0131r. Kendilerine yard\u0131mc\u0131 olmalar\u0131 i\u00e7in d\u00fcnya \u00e7ap\u0131nda uluslararas\u0131 nakliye \u015firketleri ve nakliye \u015firketlerinden olu\u015fan geni\u015f bir a\u011fa sahiptirler. IAM \u00fcyesidirler ve FIDI taraf\u0131ndan akredite edilmi\u015flerdir.<\/p>\n<p>Oman Moving &amp; Storage, e\u015fyalar\u0131n\u0131z\u0131 korumak i\u00e7in paketleme hizmetiyle birlikte ulusal ve uluslararas\u0131 ta\u015f\u0131nmalar sunmaktad\u0131r. Ta\u015f\u0131nma hizmetleri aras\u0131nda ev ve okul arama, oryantasyon, adres de\u011fi\u015fikli\u011fi ve yeni hesap a\u00e7ma ve spor tesisleri bulma yer almaktad\u0131r. E\u015fyalar\u0131n\u0131z\u0131 korumak i\u00e7in s\u0131cakl\u0131k kontroll\u00fc depolama tesisleri sa\u011flarlar.<\/p>\n<p>Web sitesi: <a href=\"http:\/\/www.oman.ie\" target=\"_blank\" rel=\"noopener\">http:\/\/www.oman.ie<\/a><\/p>\n<h2><span class=\"ez-toc-section\" id=\"4_Prolink\"><\/span><strong>4. Prolink<\/strong><span class=\"ez-toc-section-end\"><\/span><\/h2>\n<p><img loading=\"lazy\" decoding=\"async\" class=\"alignnone size-full wp-image-7739\" src=\"https:\/\/moverdb.com\/wp-content\/uploads\/Prolink-international-moving-company.png\" alt=\"Prolink uluslararas\u0131 ta\u015f\u0131ma \u015firketi\" width=\"1440\" height=\"679\" data-wp-pid=\"7739\" srcset=\"https:\/\/moverdb.com\/wp-content\/uploads\/Prolink-international-moving-company.png 1440w, https:\/\/moverdb.com\/wp-content\/uploads\/Prolink-international-moving-company-300x141.png 300w, https:\/\/moverdb.com\/wp-content\/uploads\/Prolink-international-moving-company-1024x483.png 1024w, https:\/\/moverdb.com\/wp-content\/uploads\/Prolink-international-moving-company-18x8.png 18w, https:\/\/moverdb.com\/wp-content\/uploads\/Prolink-international-moving-company-600x283.png 600w\" sizes=\"auto, (max-width: 1440px) 100vw, 1440px\" \/><\/p>\n<ul>\n<li>Ulusal Ta\u015f\u0131malar<\/li>\n<li>Uluslararas\u0131 Ta\u015f\u0131malar<\/li>\n<li>Ev ta\u015f\u0131ma<\/li>\n<li>\u0130\u015f hamleleri<\/li>\n<li>Sizi desteklemek i\u00e7in \u00f6zel ta\u015f\u0131nma personeli<\/li>\n<li>Paketleme se\u00e7enekleri<\/li>\n<li>Ula\u015f\u0131m se\u00e7enekleri<\/li>\n<li>Araba ta\u015f\u0131mac\u0131l\u0131\u011f\u0131<\/li>\n<li>Evcil hayvan ta\u015f\u0131mac\u0131l\u0131\u011f\u0131<\/li>\n<li>G\u00fcvenli depolama<\/li>\n<\/ul>\n<p>Prolink, Galway ve Dublin'de bulunan ev ve i\u015fyerlerine hizmet veren bir nakliye \u015firketidir. Her yerde ortaklar\u0131 var <a href=\"https:\/\/moverdb.com\/tr\/moving-to-ireland\/\" data-internallinksmanager029f6b8e52c=\"320\" title=\"\u0130rlanda&#039;ya m\u0131 ta\u015f\u0131n\u0131yorsunuz? 2026 Ya\u015fam Maliyetleri &amp; Yer De\u011fi\u015ftirme \u0130pu\u00e7lar\u0131\">\u0130rlanda<\/a> ve uluslararas\u0131 ta\u015f\u0131mac\u0131l\u0131k hizmetleri sunmak i\u00e7in d\u00fcnyan\u0131n d\u00f6rt bir yan\u0131ndaki acenteler. Dokuz y\u0131ll\u0131k hizmetleriyle IAM \u00fcyesidirler.<\/p>\n<p>Prolink, sa\u011flanan paketleme malzemeleriyle kendin yap paketleme, par\u00e7a paketleme hizmeti ve profesyonel olarak y\u00f6netilen bir hizmet i\u00e7eren \u00e7e\u015fitli paketleme se\u00e7enekleri sunar. Tam konteyner y\u00fck\u00fc, konteyner y\u00fck\u00fcnden daha az veya deniz ta\u015f\u0131mac\u0131l\u0131\u011f\u0131 veya hava ta\u015f\u0131mac\u0131l\u0131\u011f\u0131 i\u00e7in grupaj se\u00e7eneklerini i\u00e7eren bir dizi nakliye se\u00e7ene\u011fi sunarlar. Ek hizmetler aras\u0131nda araba ve evcil hayvan ta\u015f\u0131mac\u0131l\u0131\u011f\u0131 ve depolama tesisleri de bulunmaktad\u0131r.<\/p>\n<p>Web sitesi: <a href=\"http:\/\/www.prolink.ie\" target=\"_blank\" rel=\"noopener\">http:\/\/www.prolink.ie<\/a><\/p>\n<h2><span class=\"ez-toc-section\" id=\"5_The_Household_Moving_Company\"><\/span><strong>5. Ev Ta\u015f\u0131ma \u015eirketi<\/strong><span class=\"ez-toc-section-end\"><\/span><\/h2>\n<p><img loading=\"lazy\" decoding=\"async\" class=\"alignnone size-full wp-image-7776\" src=\"https:\/\/moverdb.com\/wp-content\/uploads\/The-Household-Moving-Company-international-moving-company.png\" alt=\"The Household Moving Company uluslararas\u0131 ta\u015f\u0131ma \u015firketi\" width=\"1440\" height=\"682\" data-wp-pid=\"7776\" srcset=\"https:\/\/moverdb.com\/wp-content\/uploads\/The-Household-Moving-Company-international-moving-company.png 1440w, https:\/\/moverdb.com\/wp-content\/uploads\/The-Household-Moving-Company-international-moving-company-300x142.png 300w, https:\/\/moverdb.com\/wp-content\/uploads\/The-Household-Moving-Company-international-moving-company-1024x485.png 1024w, https:\/\/moverdb.com\/wp-content\/uploads\/The-Household-Moving-Company-international-moving-company-18x9.png 18w, https:\/\/moverdb.com\/wp-content\/uploads\/The-Household-Moving-Company-international-moving-company-600x284.png 600w\" sizes=\"auto, (max-width: 1440px) 100vw, 1440px\" \/><\/p>\n<ul>\n<li>Ulusal hamleler<\/li>\n<li>Uluslararas\u0131 ta\u015f\u0131nmalar<\/li>\n<li>Ev ta\u015f\u0131ma<\/li>\n<li>Ofis ta\u015f\u0131nmalar\u0131<\/li>\n<li>Paketleme se\u00e7enekleri<\/li>\n<li>Paketleme hizmetleri<\/li>\n<li>Ta\u015f\u0131mac\u0131l\u0131\u011f\u0131n d\u00fczenlenmesi<\/li>\n<li>G\u00fcmr\u00fck i\u015flemleri<\/li>\n<li>Sigorta<\/li>\n<li>Depolama tesisleri<\/li>\n<\/ul>\n<p>The Household Moving Company, Ashbourne merkezli bir ta\u015f\u0131nma ve yer de\u011fi\u015ftirme \u015firketidir. D\u00fcnya \u00e7ap\u0131nda hizmet sunmak i\u00e7in yurtd\u0131\u015f\u0131ndaki g\u00fcvenilir acenteleri ve d\u00fcnyan\u0131n \u00f6nde gelen nakliye hatlar\u0131n\u0131 kullan\u0131rlar. \u015eirket, 19 y\u0131ll\u0131k hizmetiyle IAM \u00fcyesidir ve FIDI taraf\u0131ndan akredite edilmi\u015ftir.<\/p>\n<p>The Household Moving Company hi\u00e7bir y\u00fck\u00fcml\u00fcl\u00fck alt\u0131na girmeden fiyat teklifi ve paketleme ve nakliye i\u00e7in \u00e7e\u015fitli se\u00e7enekler sunar. Size kendi paketlemeniz i\u00e7in paketleme malzemeleri sa\u011flayabilir veya paketleme hizmeti verebilirler. K\u0131smi veya tam konteyner y\u00fcklemeleri ve g\u00fcmr\u00fckleme ile stressiz nakliye hizmeti sunarlar. Ek hizmetler aras\u0131nda sand\u0131klama, sigorta ve ev temizli\u011fi bulunmaktad\u0131r.<\/p>\n<p>Web sitesi: <a href=\"http:\/\/www.hhm.ie\" target=\"_blank\" rel=\"noopener\">http:\/\/www.hhm.ie<\/a><\/p>\n<h2><span class=\"ez-toc-section\" id=\"6_McGimpsey_Removals\"><\/span><strong>6. McGimpsey Nakliyat<\/strong><span class=\"ez-toc-section-end\"><\/span><\/h2>\n<p><img loading=\"lazy\" decoding=\"async\" class=\"alignnone size-full wp-image-7723\" src=\"https:\/\/moverdb.com\/wp-content\/uploads\/McGimpsey-Removals-international-moving-company.png\" alt=\"McGimpsey Removals uluslararas\u0131 nakliye \u015firketi\" width=\"1440\" height=\"680\" data-wp-pid=\"7723\" srcset=\"https:\/\/moverdb.com\/wp-content\/uploads\/McGimpsey-Removals-international-moving-company.png 1440w, https:\/\/moverdb.com\/wp-content\/uploads\/McGimpsey-Removals-international-moving-company-300x142.png 300w, https:\/\/moverdb.com\/wp-content\/uploads\/McGimpsey-Removals-international-moving-company-1024x484.png 1024w, https:\/\/moverdb.com\/wp-content\/uploads\/McGimpsey-Removals-international-moving-company-18x9.png 18w, https:\/\/moverdb.com\/wp-content\/uploads\/McGimpsey-Removals-international-moving-company-600x283.png 600w\" sizes=\"auto, (max-width: 1440px) 100vw, 1440px\" \/><\/p>\n<ul>\n<li>Yerel ve ulusal hamleler<\/li>\n<li>Uluslararas\u0131 ta\u015f\u0131nmalar<\/li>\n<li>Ev ta\u015f\u0131ma<\/li>\n<li>Kap\u0131dan kap\u0131ya hizmet<\/li>\n<li>\u00d6zel Ki\u015fisel Ta\u015f\u0131nma Dan\u0131\u015fman\u0131<\/li>\n<li>Paketleme hizmeti<\/li>\n<li>Ula\u015f\u0131m se\u00e7enekleri<\/li>\n<li>G\u00fcmr\u00fck formaliteleri<\/li>\n<li>Sigorta<\/li>\n<li>G\u00fcvenli depolama<\/li>\n<\/ul>\n<p>McGimpsey Removals, 35 y\u0131l\u0131 a\u015fk\u0131n deneyime sahip Bangor merkezli bir nakliye ve depolama \u015firketidir. \u015eirket 36 y\u0131ll\u0131k hizmetiyle IAM \u00fcyesidir ve FIDI taraf\u0131ndan akredite edilmi\u015ftir, bu da uluslararas\u0131 bir ta\u015f\u0131ma acenteleri a\u011f\u0131na eri\u015fmelerini sa\u011flar.<\/p>\n<p>McGimpsey Removals, ta\u015f\u0131nman\u0131z\u0131n her ad\u0131m\u0131n\u0131 y\u00f6netecek \u00f6zel bir Ki\u015fisel Ta\u015f\u0131nma Dan\u0131\u015fman\u0131 ile kap\u0131dan kap\u0131ya \u00f6zel bir ta\u015f\u0131nma hizmeti sunar. Paketleme hizmetleri, sigorta ve g\u00fcmr\u00fck formaliteleri deste\u011fi sa\u011flarlar. Hava ta\u015f\u0131mac\u0131l\u0131\u011f\u0131, tam veya konteyner alt\u0131 y\u00fckler gibi deniz ta\u015f\u0131mac\u0131l\u0131\u011f\u0131 ve grupaj\u0131n yan\u0131 s\u0131ra karayolu ta\u015f\u0131mac\u0131l\u0131\u011f\u0131 da dahil olmak \u00fczere \u00e7e\u015fitli ta\u015f\u0131ma se\u00e7enekleri sunarlar.<\/p>\n<p>Web sitesi: <a href=\"http:\/\/www.mcgimpseys.com\" target=\"_blank\" rel=\"noopener\">http:\/\/www.mcgimpseys.com<\/a><\/p>\n<h2><span class=\"ez-toc-section\" id=\"7_Move_Masters\"><\/span><strong>7. Ustalar\u0131 Ta\u015f\u0131y\u0131n<\/strong><span class=\"ez-toc-section-end\"><\/span><\/h2>\n<p><img loading=\"lazy\" decoding=\"async\" class=\"alignnone size-full wp-image-7726\" src=\"https:\/\/moverdb.com\/wp-content\/uploads\/Move-Masters-international-moving-company.png\" alt=\"Move Masters uluslararas\u0131 ta\u015f\u0131ma \u015firketi\" width=\"1440\" height=\"685\" data-wp-pid=\"7726\" srcset=\"https:\/\/moverdb.com\/wp-content\/uploads\/Move-Masters-international-moving-company.png 1440w, https:\/\/moverdb.com\/wp-content\/uploads\/Move-Masters-international-moving-company-300x143.png 300w, https:\/\/moverdb.com\/wp-content\/uploads\/Move-Masters-international-moving-company-1024x487.png 1024w, https:\/\/moverdb.com\/wp-content\/uploads\/Move-Masters-international-moving-company-18x9.png 18w, https:\/\/moverdb.com\/wp-content\/uploads\/Move-Masters-international-moving-company-600x285.png 600w\" sizes=\"auto, (max-width: 1440px) 100vw, 1440px\" \/><\/p>\n<ul>\n<li>Ulusal hamleler<\/li>\n<li>Uluslararas\u0131 ta\u015f\u0131nmalar<\/li>\n<li>Ev ta\u015f\u0131ma<\/li>\n<li>Kurumsal hamleler<\/li>\n<li>Kap\u0131dan kap\u0131ya veya <a href=\"https:\/\/moverdb.com\/tr\/top-49-container-ports\/\" data-internallinksmanager029f6b8e52c=\"80\" title=\"2025 Y\u0131l\u0131nda En B\u00fcy\u00fck ve En Yo\u011fun 49 Konteyner Liman\u0131\">Liman<\/a>-kap\u0131dan kap\u0131ya servis<\/li>\n<li>Paketleme se\u00e7enekleri<\/li>\n<li>Karayolu, denizyolu ve havayolu ta\u015f\u0131mac\u0131l\u0131\u011f\u0131<\/li>\n<li>G\u00fcmr\u00fck i\u015flemleri<\/li>\n<li>Ara\u00e7 ithalat\u0131\/ihracat\u0131<\/li>\n<li>K\u0131sa ve uzun s\u00fcreli depolama<\/li>\n<\/ul>\n<p>Move Masters, evler ve kurumsal m\u00fc\u015fteriler i\u00e7in ki\u015fiselle\u015ftirilmi\u015f ta\u015f\u0131ma hizmetleri sunan Carlow merkezli bir ta\u015f\u0131ma ve depolama \u015firketidir. \u015eirket, 16 y\u0131ll\u0131k hizmetiyle IAM \u00fcyesidir.<\/p>\n<p>Move Masters, hi\u00e7bir y\u00fck\u00fcml\u00fcl\u00fc\u011f\u00fc olmayan bir anketle ba\u015flayan \u00f6zel ta\u015f\u0131nma \u00e7\u00f6z\u00fcmleri sunar. Kap\u0131dan kap\u0131ya ya da limandan kap\u0131ya\/kap\u0131dan limana hizmet sunan \u015firket, paketleme malzemelerinin tedariki ile kendi kendine paketleme ya da tam paketleme ve a\u00e7ma hizmeti gibi paketleme se\u00e7enekleri sunmaktad\u0131r. Konteyner se\u00e7enekleri ve grupaj dahil olmak \u00fczere karayolu, hava ve deniz yoluyla nakliye sa\u011flarlar. Ek hizmetler aras\u0131nda ara\u00e7 ithalat\u0131, sigorta, tamirci hizmetleri, temizlik hizmetleri ve depolama yer almaktad\u0131r.<\/p>\n<p>Web sitesi: <a href=\"http:\/\/www.movemasters.ie\" target=\"_blank\" rel=\"noopener\">http:\/\/www.movemasters.ie<\/a><\/p>\n<h2><span class=\"ez-toc-section\" id=\"8_Aaltonen_International_Moving_Storage\"><\/span><strong>8. Aaltonen Uluslararas\u0131 Ta\u015f\u0131nma ve Depolama<\/strong><span class=\"ez-toc-section-end\"><\/span><\/h2>\n<p><img loading=\"lazy\" decoding=\"async\" class=\"alignnone size-full wp-image-7655\" src=\"https:\/\/moverdb.com\/wp-content\/uploads\/Aaltonen-International-Moving-company.png\" alt=\"Aaltonen Uluslararas\u0131 Ta\u015f\u0131mac\u0131l\u0131k \u015firketi\" width=\"1440\" height=\"683\" data-wp-pid=\"7655\" srcset=\"https:\/\/moverdb.com\/wp-content\/uploads\/Aaltonen-International-Moving-company.png 1440w, https:\/\/moverdb.com\/wp-content\/uploads\/Aaltonen-International-Moving-company-300x142.png 300w, https:\/\/moverdb.com\/wp-content\/uploads\/Aaltonen-International-Moving-company-1024x486.png 1024w, https:\/\/moverdb.com\/wp-content\/uploads\/Aaltonen-International-Moving-company-18x9.png 18w, https:\/\/moverdb.com\/wp-content\/uploads\/Aaltonen-International-Moving-company-600x285.png 600w\" sizes=\"auto, (max-width: 1440px) 100vw, 1440px\" \/><\/p>\n<ul>\n<li>Ulusal hamleler<\/li>\n<li>Uluslararas\u0131 ta\u015f\u0131nmalar<\/li>\n<li>Ev ta\u015f\u0131ma<\/li>\n<li>Ticari hamleler<\/li>\n<li>Paketleme hizmeti<\/li>\n<li>G\u00fcmr\u00fck belgeleri<\/li>\n<li>G\u00fczel sanatlar ve b\u00fcy\u00fck mallar\u0131n ta\u015f\u0131nmas\u0131<\/li>\n<li>Evcil hayvan ta\u015f\u0131mac\u0131l\u0131\u011f\u0131<\/li>\n<li>Otomobil ta\u015f\u0131mac\u0131l\u0131\u011f\u0131 hizmeti<\/li>\n<li>K\u0131sa ve uzun s\u00fcreli depolama<\/li>\n<\/ul>\n<p>Aaltonen International Moving &amp; Storage, 1978 y\u0131l\u0131nda Cork'ta kurulan ve lojistik ve depolama \u00e7\u00f6z\u00fcmleri sunan bir ta\u015f\u0131ma \u015firketidir. Uluslararas\u0131 ta\u015f\u0131malar sa\u011flamak i\u00e7in d\u00fcnyan\u0131n d\u00f6rt bir yan\u0131ndaki uluslararas\u0131 ta\u015f\u0131ma acenteleriyle \u00e7al\u0131\u015fmaktad\u0131rlar. \u015eirket, 45 y\u0131ll\u0131k hizmetiyle IAM \u00fcyesidir.<\/p>\n<p>Aaltonen International Moving &amp; Storage, son teknoloji \u00fcr\u00fcn\u00fc bir filoya ve deneyimli s\u00fcr\u00fcc\u00fc ve paketleyicilere sahiptir. Nakliye s\u0131ras\u0131nda e\u015fyalar\u0131n\u0131z\u0131 korumak i\u00e7in y\u00fcksek kaliteli ambalaj malzemeleri ve karton kutular kullanarak e\u015fyalar\u0131n\u0131z\u0131 paketleyecek ve ayr\u0131\u015ft\u0131racaklard\u0131r. G\u00fczel sanatlar ta\u015f\u0131mac\u0131l\u0131\u011f\u0131, evcil hayvan ve otomobil ta\u015f\u0131mac\u0131l\u0131\u011f\u0131, depolama, ara\u00e7 ve ekipman kiralama gibi ek hizmetler de sunmaktad\u0131rlar.<\/p>\n<p>Web sitesi: <a href=\"http:\/\/www.aaltonen.ie\" target=\"_blank\" rel=\"noopener\">http:\/\/www.aaltonen.ie<\/a><\/p>\n<h2><span class=\"ez-toc-section\" id=\"9_Nat_Ross\"><\/span><strong>9. Nat Ross<\/strong><span class=\"ez-toc-section-end\"><\/span><\/h2>\n<p><img loading=\"lazy\" decoding=\"async\" class=\"alignnone size-full wp-image-7727\" src=\"https:\/\/moverdb.com\/wp-content\/uploads\/Natross-international-moving-company.png\" alt=\"Natross uluslararas\u0131 nakliye \u015firketi\" width=\"1440\" height=\"683\" data-wp-pid=\"7727\" srcset=\"https:\/\/moverdb.com\/wp-content\/uploads\/Natross-international-moving-company.png 1440w, https:\/\/moverdb.com\/wp-content\/uploads\/Natross-international-moving-company-300x142.png 300w, https:\/\/moverdb.com\/wp-content\/uploads\/Natross-international-moving-company-1024x486.png 1024w, https:\/\/moverdb.com\/wp-content\/uploads\/Natross-international-moving-company-18x9.png 18w, https:\/\/moverdb.com\/wp-content\/uploads\/Natross-international-moving-company-600x285.png 600w\" sizes=\"auto, (max-width: 1440px) 100vw, 1440px\" \/><\/p>\n<ul>\n<li>Yerel ve ulusal hamleler<\/li>\n<li>Uluslararas\u0131 ta\u015f\u0131nmalar<\/li>\n<li>Ev hareketleri<\/li>\n<li>Ofis ta\u015f\u0131ma<\/li>\n<li>Y\u00f6neticileri Ta\u015f\u0131<\/li>\n<li>Bir ta\u015f\u0131nma plan\u0131 olu\u015fturun<\/li>\n<li>Paketleme hizmeti<\/li>\n<li>Kara, deniz ve hava ta\u015f\u0131mac\u0131l\u0131\u011f\u0131<\/li>\n<li>Temizlik Hizmetleri<\/li>\n<li>G\u00fcvenli depolama tesisleri<\/li>\n<\/ul>\n<p>Nat Ross, 1821 y\u0131l\u0131nda kurulan ve merkezi Cork'ta bulunan bir mobilya kald\u0131rma ve uluslararas\u0131 ta\u015f\u0131ma \u015firketidir. Uluslararas\u0131 ta\u015f\u0131nmalarda kendilerine destek olmak i\u00e7in d\u00fcnya \u00e7ap\u0131nda nakliye ve ta\u015f\u0131ma \u015firketlerinden olu\u015fan bir a\u011fa sahiptirler. IAM \u00fcyesidirler ve FIDI taraf\u0131ndan akredite edilmi\u015flerdir.<\/p>\n<p>Nat Ross'un ta\u015f\u0131nma y\u00f6neticileri, ta\u015f\u0131nman\u0131z\u0131n her ad\u0131m\u0131nda size destek olacak, bir ta\u015f\u0131nma plan\u0131 geli\u015ftirecek ve ta\u015f\u0131nman\u0131z boyunca sizi bilgilendirecektir. Y\u00fcksek e\u011fitimli paketleme personeli, e\u015fyalar\u0131n\u0131z\u0131 nakliye i\u00e7in \u00f6zenle paketleyecektir. H\u0131za veya fiyata ba\u011fl\u0131 olarak mevcut en uygun ta\u015f\u0131ma y\u00f6ntemini se\u00e7eceklerdir. Var\u0131\u015fta, ambalajlar\u0131n a\u00e7\u0131lmas\u0131na ve ambalaj malzemelerinin kald\u0131r\u0131lmas\u0131na yard\u0131mc\u0131 olacaklard\u0131r.<\/p>\n<p>Web sitesi: <a href=\"http:\/\/www.natross.ie\" target=\"_blank\" rel=\"noopener\">http:\/\/www.natross.ie<\/a><\/p>\n<h2><span class=\"ez-toc-section\" id=\"10_Aim_International_Moving\"><\/span><strong>10. Aim Uluslararas\u0131 Ta\u015f\u0131mac\u0131l\u0131k<\/strong><span class=\"ez-toc-section-end\"><\/span><\/h2>\n<p><img loading=\"lazy\" decoding=\"async\" class=\"alignnone size-full wp-image-7658\" src=\"https:\/\/moverdb.com\/wp-content\/uploads\/Aim-International-Moving-company.png\" alt=\"Aim Uluslararas\u0131 Ta\u015f\u0131mac\u0131l\u0131k \u015eirketi\" width=\"1440\" height=\"682\" data-wp-pid=\"7658\" srcset=\"https:\/\/moverdb.com\/wp-content\/uploads\/Aim-International-Moving-company.png 1440w, https:\/\/moverdb.com\/wp-content\/uploads\/Aim-International-Moving-company-300x142.png 300w, https:\/\/moverdb.com\/wp-content\/uploads\/Aim-International-Moving-company-1024x485.png 1024w, https:\/\/moverdb.com\/wp-content\/uploads\/Aim-International-Moving-company-18x9.png 18w, https:\/\/moverdb.com\/wp-content\/uploads\/Aim-International-Moving-company-600x284.png 600w\" sizes=\"auto, (max-width: 1440px) 100vw, 1440px\" \/><\/p>\n<ul>\n<li>Yerel ve ulusal hamleler<\/li>\n<li>Uluslararas\u0131 ta\u015f\u0131nmalar<\/li>\n<li>Ev ta\u015f\u0131ma<\/li>\n<li>Ofis ta\u015f\u0131ma<\/li>\n<li>Kap\u0131dan kap\u0131ya hizmet<\/li>\n<li>Paketleme hizmeti<\/li>\n<li>Kasalar<\/li>\n<li>G\u00fcmr\u00fck i\u015flemleri<\/li>\n<li>Sigorta<\/li>\n<li>K\u0131sa ve uzun vadeli depolama tesisleri<\/li>\n<\/ul>\n<p>Aim International Moving, 2006 y\u0131l\u0131nda kurulan Dublin merkezli ba\u011f\u0131ms\u0131z bir ta\u015f\u0131ma \u015firketidir. Uluslararas\u0131 ta\u015f\u0131nmalara yard\u0131mc\u0131 olmak i\u00e7in k\u00fcresel acentelerden olu\u015fan bir a\u011fa sahiptirler. Onlar 17 y\u0131ll\u0131k hizmet ile IAM \u00fcyesidir.<\/p>\n<p>Aim International Moving, ulusal ve uluslararas\u0131 ta\u015f\u0131nmalar i\u00e7in ihtiya\u00e7lar\u0131n\u0131z\u0131 de\u011ferlendirmek \u00fczere ta\u015f\u0131nma \u00f6ncesi bir anketle ba\u015flayan kap\u0131dan kap\u0131ya bir hizmet sunmaktad\u0131r. E\u015fyalar\u0131n\u0131z\u0131n paketlenmesini ve gerekti\u011finde sand\u0131klanmas\u0131n\u0131 i\u00e7eren bir paketleme hizmeti sunarlar. Nakliyeyi ayarlar ve g\u00fcmr\u00fckleme deste\u011fi sa\u011flarlar. Tan\u0131\u015fma ve kar\u015f\u0131lama hizmetleri, tamirci ve hizmet\u00e7i hizmetleri, mobilya kiralama ve temizlik gibi ek hizmetler de sunarlar.<\/p>\n<p>Web sitesi: <a href=\"http:\/\/www.aim-moving.com\" target=\"_blank\" rel=\"noopener\">http:\/\/www.aim-moving.com<\/a><\/p>\n<h2><span class=\"ez-toc-section\" id=\"11_Allen_Removals\"><\/span><strong>11. <\/strong><strong>Allen Removals<\/strong><span class=\"ez-toc-section-end\"><\/span><\/h2>\n<p><img loading=\"lazy\" decoding=\"async\" class=\"alignnone size-full wp-image-7660\" src=\"https:\/\/moverdb.com\/wp-content\/uploads\/Allen-Removals-international-moving-company.png\" alt=\"Allen Removals uluslararas\u0131 ta\u015f\u0131ma \u015firketi\" width=\"1440\" height=\"681\" data-wp-pid=\"7660\" srcset=\"https:\/\/moverdb.com\/wp-content\/uploads\/Allen-Removals-international-moving-company.png 1440w, https:\/\/moverdb.com\/wp-content\/uploads\/Allen-Removals-international-moving-company-300x142.png 300w, https:\/\/moverdb.com\/wp-content\/uploads\/Allen-Removals-international-moving-company-1024x484.png 1024w, https:\/\/moverdb.com\/wp-content\/uploads\/Allen-Removals-international-moving-company-18x9.png 18w, https:\/\/moverdb.com\/wp-content\/uploads\/Allen-Removals-international-moving-company-600x284.png 600w\" sizes=\"auto, (max-width: 1440px) 100vw, 1440px\" \/><\/p>\n<ul>\n<li>Yerel ve ulusal hamleler<\/li>\n<li>Uluslararas\u0131 ta\u015f\u0131nmalar<\/li>\n<li>Ev ta\u015f\u0131ma<\/li>\n<li>Ofis ta\u015f\u0131ma<\/li>\n<li>Kap\u0131dan kap\u0131ya hizmet<\/li>\n<li>Profesyonel paketleyiciler<\/li>\n<li>Kara, deniz ve hava ta\u015f\u0131mac\u0131l\u0131\u011f\u0131<\/li>\n<li>Konteyner y\u00fckleme se\u00e7enekleri<\/li>\n<li>G\u00fczel sanatlar i\u015fleme<\/li>\n<li>K\u0131sa ve uzun s\u00fcreli depolama<\/li>\n<\/ul>\n<p>Allen Removals 1975 y\u0131l\u0131nda Dublin'de kurulmu\u015f ulusal ve uluslararas\u0131 bir ta\u015f\u0131ma \u015firketidir. Hava s\u00fcspansiyonlu geni\u015f ve modern bir ara\u00e7 filosuna ve g\u00fcvenli, s\u0131cakl\u0131k kontroll\u00fc depolara sahiptir. IAM'nin 37 y\u0131ll\u0131k bir \u00fcyesidir ve d\u00fcnya \u00e7ap\u0131ndaki ta\u015f\u0131nmalar\u0131 desteklemek i\u00e7in bir ta\u015f\u0131nma acenteleri a\u011f\u0131na sahiptir.<\/p>\n<p>Allen Removals, ihtiya\u00e7lar\u0131n\u0131z\u0131 de\u011ferlendirmek ve kap\u0131dan kap\u0131ya ta\u015f\u0131nman\u0131z\u0131 planlaman\u0131za yard\u0131mc\u0131 olmak i\u00e7in bir eksper sa\u011flar. Hassas e\u015fyalar i\u00e7in uzman paketleme ve e\u015fyalar\u0131 korumak i\u00e7in \u00e7e\u015fitli paketleme malzemeleri sa\u011flarlar. Par\u00e7a ve tam y\u00fck konteyner y\u00fckleri ile kara, hava ve deniz yoluyla nakliye hizmeti sunarlar.<\/p>\n<p>Web sitesi: <a href=\"http:\/\/www.allenremovals.ie\" target=\"_blank\" rel=\"noopener\">http:\/\/www.allenremovals.ie<\/a><\/p>\n<h2><span class=\"ez-toc-section\" id=\"12_Cronin_Movers_Group\"><\/span><strong>12. Cronin Ta\u015f\u0131y\u0131c\u0131lar Grubu<\/strong><span class=\"ez-toc-section-end\"><\/span><\/h2>\n<p><img loading=\"lazy\" decoding=\"async\" class=\"alignnone size-full wp-image-7775\" src=\"https:\/\/moverdb.com\/wp-content\/uploads\/Cronin-Movers-Group-international-moving-company.png\" alt=\"Cronin Movers Group uluslararas\u0131 ta\u015f\u0131ma \u015firketi\" width=\"1440\" height=\"682\" data-wp-pid=\"7775\" srcset=\"https:\/\/moverdb.com\/wp-content\/uploads\/Cronin-Movers-Group-international-moving-company.png 1440w, https:\/\/moverdb.com\/wp-content\/uploads\/Cronin-Movers-Group-international-moving-company-300x142.png 300w, https:\/\/moverdb.com\/wp-content\/uploads\/Cronin-Movers-Group-international-moving-company-1024x485.png 1024w, https:\/\/moverdb.com\/wp-content\/uploads\/Cronin-Movers-Group-international-moving-company-18x9.png 18w, https:\/\/moverdb.com\/wp-content\/uploads\/Cronin-Movers-Group-international-moving-company-600x284.png 600w\" sizes=\"auto, (max-width: 1440px) 100vw, 1440px\" \/><\/p>\n<ul>\n<li>Ulusal hamleler<\/li>\n<li>Uluslararas\u0131 ta\u015f\u0131nmalar<\/li>\n<li>\u0130\u015fyeri ta\u015f\u0131nmalar\u0131<\/li>\n<li>\u00c7al\u0131\u015fan yer de\u011fi\u015ftirmeleri<\/li>\n<li>Ki\u015fiye \u00f6zel u\u00e7tan uca hizmet<\/li>\n<li>\u00d6zel proje y\u00f6neticileri<\/li>\n<li>Paketleme hizmeti<\/li>\n<li>Uygun maliyetli ta\u015f\u0131nma \u00e7\u00f6z\u00fcmleri bulun<\/li>\n<li>\u00c7al\u0131\u015fanlar\u0131n i\u015fe al\u0131\u015fmas\u0131n\u0131 destekleyin<\/li>\n<li>Depo ve depolama tesisleri<\/li>\n<\/ul>\n<p>Cronin Movers Group, 1988 y\u0131l\u0131nda Dublin'de kurulmu\u015f bir yer de\u011fi\u015ftirme ve lojistik uzman\u0131d\u0131r. Kurumsal ve makine ta\u015f\u0131malar\u0131 ve depolama konusunda uzmanla\u015fm\u0131\u015flard\u0131r. Uluslararas\u0131 \u00e7al\u0131\u015fmak i\u00e7in k\u00fcresel kurulu\u015flar ve acentelerle \u00e7al\u0131\u015f\u0131rlar. IAM'nin 35 y\u0131ll\u0131k bir \u00fcyesidir ve FIDI taraf\u0131ndan akredite edilmi\u015ftir.<\/p>\n<p>Cronin Movers Group, ta\u015f\u0131nmay\u0131 u\u00e7tan uca denetleyecek \u00f6zel bir proje y\u00f6neticisi ile size \u00f6zel ta\u015f\u0131nma hizmetleri sunar. \u0130htiya\u00e7lar\u0131n\u0131z\u0131 de\u011ferlendirecek ve en uygun maliyetli ta\u015f\u0131nma \u00e7\u00f6z\u00fcm\u00fcn\u00fc bulacak, mallar\u0131 paketleyecek ve ta\u015f\u0131yacak, bo\u015faltacak ve kuracaklard\u0131r. \u00c7al\u0131\u015fanlar\u0131n ta\u015f\u0131nma hizmetleri aras\u0131nda var\u0131\u015f hizmetleri, vize \u00e7al\u0131\u015fma izinleri, ev ve okul aramalar\u0131 ve destek hatt\u0131 bulunmaktad\u0131r.<\/p>\n<p>Web sitesi: <a href=\"https:\/\/croninmovers.com\/\" target=\"_blank\" rel=\"noopener\">https:\/\/croninmovers.com\/<\/a><\/p>\n<h2><span class=\"ez-toc-section\" id=\"13_Expert_Removals\"><\/span><strong>13. Uzman Kald\u0131rma<\/strong><span class=\"ez-toc-section-end\"><\/span><\/h2>\n<p><img loading=\"lazy\" decoding=\"async\" class=\"alignnone size-full wp-image-7691\" src=\"https:\/\/moverdb.com\/wp-content\/uploads\/Expert-Removals-international-moving-company.png\" alt=\"Expert Removals uluslararas\u0131 ta\u015f\u0131ma \u015firketi\" width=\"1440\" height=\"686\" data-wp-pid=\"7691\" srcset=\"https:\/\/moverdb.com\/wp-content\/uploads\/Expert-Removals-international-moving-company.png 1440w, https:\/\/moverdb.com\/wp-content\/uploads\/Expert-Removals-international-moving-company-300x143.png 300w, https:\/\/moverdb.com\/wp-content\/uploads\/Expert-Removals-international-moving-company-1024x488.png 1024w, https:\/\/moverdb.com\/wp-content\/uploads\/Expert-Removals-international-moving-company-18x9.png 18w, https:\/\/moverdb.com\/wp-content\/uploads\/Expert-Removals-international-moving-company-600x286.png 600w\" sizes=\"auto, (max-width: 1440px) 100vw, 1440px\" \/><\/p>\n<ul>\n<li>Ulusal hamleler<\/li>\n<li>Uluslararas\u0131 ta\u015f\u0131nmalar<\/li>\n<li>Ev ta\u015f\u0131ma<\/li>\n<li>Ticari hamleler<\/li>\n<li>Yer de\u011fi\u015ftirme hizmetleri<\/li>\n<li>Paketleme hizmeti<\/li>\n<li>Karayolu, denizyolu ve havayolu ta\u015f\u0131mac\u0131l\u0131\u011f\u0131<\/li>\n<li>G\u00fcmr\u00fck i\u015flemleri<\/li>\n<li>Evcil hayvan ve ara\u00e7 ta\u015f\u0131mac\u0131l\u0131\u011f\u0131<\/li>\n<li>Bir dizi depolama se\u00e7ene\u011fi<\/li>\n<\/ul>\n<p>Expert Removals, evlere ve ticari \u015firketlere hizmet veren bir ta\u015f\u0131ma \u015firketidir ve bunu 20 y\u0131ld\u0131r Dublin'deki \u00fcss\u00fcnden yapmaktad\u0131r. D\u00fcnyan\u0131n d\u00f6rt bir yan\u0131ndaki ta\u015f\u0131nmalarda kendilerine yard\u0131mc\u0131 olmalar\u0131 i\u00e7in profesyonel acentelerle \u00e7al\u0131\u015fmaktad\u0131rlar. Dokuz y\u0131ll\u0131k hizmet s\u00fcresiyle IAM \u00fcyesidirler.<\/p>\n<p>Expert Removals, kolay takip ile ulusal ve uluslararas\u0131 ta\u015f\u0131nma hizmetleri sunar. E\u015fyalar\u0131n\u0131z\u0131 farkl\u0131 ta\u015f\u0131ma t\u00fcrlerinde korumak i\u00e7in geri d\u00f6n\u00fc\u015ft\u00fcr\u00fclm\u00fc\u015f ve hava ko\u015fullar\u0131na dayan\u0131kl\u0131 ambalajlar kullanarak \u00f6zenle paketlerler. Ta\u015f\u0131nma hizmetleri aras\u0131nda ev ve okul arama, oryantasyon, vize ve g\u00f6\u00e7menlik, k\u00fclt\u00fcrel entegrasyon, evcil hayvan ve ara\u00e7 ta\u015f\u0131ma yer almaktad\u0131r.<\/p>\n<p>Web sitesi: <a href=\"http:\/\/Expertremovals.ie\" target=\"_blank\" rel=\"noopener\">http:\/\/Expertremovals.ie<\/a><\/p>\n<h2><span class=\"ez-toc-section\" id=\"14_Get_Cracking\"><\/span><strong>14. \u00c7atlatmak<\/strong><span class=\"ez-toc-section-end\"><\/span><\/h2>\n<p><img loading=\"lazy\" decoding=\"async\" class=\"alignnone size-full wp-image-7695\" src=\"https:\/\/moverdb.com\/wp-content\/uploads\/Get-Cracking-international-moving-company.png\" alt=\"Cracking uluslararas\u0131 ta\u015f\u0131ma \u015firketi edinin\" width=\"1440\" height=\"677\" data-wp-pid=\"7695\" srcset=\"https:\/\/moverdb.com\/wp-content\/uploads\/Get-Cracking-international-moving-company.png 1440w, https:\/\/moverdb.com\/wp-content\/uploads\/Get-Cracking-international-moving-company-300x141.png 300w, https:\/\/moverdb.com\/wp-content\/uploads\/Get-Cracking-international-moving-company-1024x481.png 1024w, https:\/\/moverdb.com\/wp-content\/uploads\/Get-Cracking-international-moving-company-18x8.png 18w, https:\/\/moverdb.com\/wp-content\/uploads\/Get-Cracking-international-moving-company-600x282.png 600w\" sizes=\"auto, (max-width: 1440px) 100vw, 1440px\" \/><\/p>\n<ul>\n<li>Yerel ve ulusal hamleler<\/li>\n<li>Uluslararas\u0131 ta\u015f\u0131nmalar<\/li>\n<li>Konut Ta\u015f\u0131malar\u0131<\/li>\n<li>\u0130\u015f hamleleri<\/li>\n<li>Hareket Koordinat\u00f6r\u00fc<\/li>\n<li>Paketleme hizmeti<\/li>\n<li>Karayolu, demiryolu, hava ve deniz ta\u015f\u0131mac\u0131l\u0131\u011f\u0131<\/li>\n<li>Evcil hayvan ta\u015f\u0131mac\u0131l\u0131\u011f\u0131<\/li>\n<li>Sigorta<\/li>\n<li>Depolama tesisleri<\/li>\n<\/ul>\n<p>Get Cracking, Dublin, Avrupa ve d\u00fcnya \u00e7ap\u0131nda \u00f6zel hizmetler sunan Dublin merkezli profesyonel bir kald\u0131rma \u015firketidir. K\u00fcresel hizmetler sunmalar\u0131n\u0131 sa\u011flamak i\u00e7in ba\u011fl\u0131 ortaklardan olu\u015fan k\u00fcresel bir a\u011fa sahiptirler. \u015eirket, 12 y\u0131ll\u0131k hizmetiyle IAM \u00fcyesidir ve FIDI taraf\u0131ndan akredite edilmi\u015ftir.<\/p>\n<p>Get Cracking, ta\u015f\u0131nman\u0131z\u0131 her ad\u0131mda y\u00f6netmek i\u00e7in \u00f6zel bir Ta\u015f\u0131ma Koordinat\u00f6r\u00fc sa\u011flar. Palet hizmeti, karayolu, demiryolu, deniz veya hava yoluyla ta\u015f\u0131nacak farkl\u0131 boyutlarda par\u00e7a veya tam y\u00fckl\u00fc konteynerler ile k\u00fc\u00e7\u00fckten b\u00fcy\u00fc\u011fe ta\u015f\u0131nmalar i\u00e7in hizmet vermektedirler. Evcil hayvan ta\u015f\u0131mac\u0131l\u0131\u011f\u0131, mallar\u0131n s\u00f6k\u00fclmesi ve yeniden birle\u015ftirilmesi, temizlik ve depolama olanaklar\u0131 dahil olmak \u00fczere ek hizmetler sunarlar.<\/p>\n<p>Web sitesi: <a href=\"http:\/\/www.getcracking.ie\" target=\"_blank\" rel=\"noopener\">http:\/\/www.getcracking.ie<\/a><\/p>\n<h2><span class=\"ez-toc-section\" id=\"15_RAS_Removals_Group\"><\/span><strong>15. RAS Nakliye Grubu<\/strong><span class=\"ez-toc-section-end\"><\/span><\/h2>\n<p><img loading=\"lazy\" decoding=\"async\" class=\"alignnone size-full wp-image-7740\" src=\"https:\/\/moverdb.com\/wp-content\/uploads\/RAS-Removals-Group-international-moving-company.png\" alt=\"RAS Removals Group uluslararas\u0131 ta\u015f\u0131ma \u015firketi\" width=\"1440\" height=\"678\" data-wp-pid=\"7740\" srcset=\"https:\/\/moverdb.com\/wp-content\/uploads\/RAS-Removals-Group-international-moving-company.png 1440w, https:\/\/moverdb.com\/wp-content\/uploads\/RAS-Removals-Group-international-moving-company-300x141.png 300w, https:\/\/moverdb.com\/wp-content\/uploads\/RAS-Removals-Group-international-moving-company-1024x482.png 1024w, https:\/\/moverdb.com\/wp-content\/uploads\/RAS-Removals-Group-international-moving-company-18x8.png 18w, https:\/\/moverdb.com\/wp-content\/uploads\/RAS-Removals-Group-international-moving-company-600x283.png 600w\" sizes=\"auto, (max-width: 1440px) 100vw, 1440px\" \/><\/p>\n<ul>\n<li>Ulusal hamleler<\/li>\n<li>Uluslararas\u0131 ta\u015f\u0131nmalar<\/li>\n<li>Konut Ta\u015f\u0131malar\u0131<\/li>\n<li>Ofis ta\u015f\u0131ma<\/li>\n<li>Uyarlanm\u0131\u015f u\u00e7tan uca hamleler<\/li>\n<li>Paketleme hizmeti veya kendi kendine paketleme<\/li>\n<li>Kara, deniz ve hava ta\u015f\u0131mac\u0131l\u0131\u011f\u0131<\/li>\n<li>Vize ve g\u00f6\u00e7menlik deste\u011fi<\/li>\n<li>Sigorta<\/li>\n<li>Depolama tesisleri<\/li>\n<\/ul>\n<p>RAS Removals Group, 30 y\u0131ll\u0131k deneyime sahip Dublin merkezli bir nakliye, lojistik ve yer de\u011fi\u015ftirme \u015firketidir. Konut ta\u015f\u0131nmalar\u0131, \u00e7al\u0131\u015fan ta\u015f\u0131nmalar\u0131 ve ofis ta\u015f\u0131nmalar\u0131 i\u00e7in hizmet vermektedir. \u015eirket, 20 y\u0131ll\u0131k hizmetiyle IAM \u00fcyesidir ve d\u00fcnyan\u0131n d\u00f6rt bir yan\u0131ndaki ta\u015f\u0131nmalarda kendilerini desteklemek i\u00e7in uluslararas\u0131 bir ta\u015f\u0131ma acenteleri a\u011f\u0131na eri\u015fime sahiptir.<\/p>\n<p>RAS Removals Group, k\u00fc\u00e7\u00fck ve b\u00fcy\u00fck sevkiyatlar i\u00e7in \u00f6zel olarak tasarlanm\u0131\u015f u\u00e7tan uca ta\u015f\u0131malar sunar. Sizi desteklemek i\u00e7in \u00f6zel bir uluslararas\u0131 nakliye dan\u0131\u015fman\u0131 sa\u011flarlar. Kendi kendine paketleme veya tam paketleme hizmeti gibi \u00e7e\u015fitli paketleme se\u00e7enekleri sunarlar. Ayr\u0131ca bagaj hizmetleri, vize ve g\u00f6\u00e7menlik hizmetleri de sunarlar.<\/p>\n<p>Web sitesi: <a href=\"http:\/\/www.ras-group.ie\" target=\"_blank\" rel=\"noopener\">http:\/\/www.ras-group.ie<\/a><\/p>\n<h2><span class=\"ez-toc-section\" id=\"16_Irishrelo\"><\/span><strong>16. Irishrelo<\/strong><span class=\"ez-toc-section-end\"><\/span><\/h2>\n<p><img loading=\"lazy\" decoding=\"async\" class=\"alignnone size-full wp-image-7711\" src=\"https:\/\/moverdb.com\/wp-content\/uploads\/Irishrelo-international-moving-company.png\" alt=\"Irishrelo uluslararas\u0131 ta\u015f\u0131ma \u015firketi\" width=\"1440\" height=\"682\" data-wp-pid=\"7711\" srcset=\"https:\/\/moverdb.com\/wp-content\/uploads\/Irishrelo-international-moving-company.png 1440w, https:\/\/moverdb.com\/wp-content\/uploads\/Irishrelo-international-moving-company-300x142.png 300w, https:\/\/moverdb.com\/wp-content\/uploads\/Irishrelo-international-moving-company-1024x485.png 1024w, https:\/\/moverdb.com\/wp-content\/uploads\/Irishrelo-international-moving-company-18x9.png 18w, https:\/\/moverdb.com\/wp-content\/uploads\/Irishrelo-international-moving-company-600x284.png 600w\" sizes=\"auto, (max-width: 1440px) 100vw, 1440px\" \/><\/p>\n<ul>\n<li>Ulusal hamleler<\/li>\n<li>Uluslararas\u0131 ta\u015f\u0131nmalar<\/li>\n<li>Ev ve \u00e7al\u0131\u015fan ta\u015f\u0131nmalar\u0131<\/li>\n<li>Kurumsal ta\u015f\u0131nmalar<\/li>\n<li>Ta\u015f\u0131nma y\u00f6netimi hizmetleri<\/li>\n<li>Hedef destek hizmetleri<\/li>\n<li>Paketleme hizmeti<\/li>\n<li>G\u00fcmr\u00fckleme ile ta\u015f\u0131man\u0131n d\u00fczenlenmesi<\/li>\n<li>Vize ve g\u00f6\u00e7menlik deste\u011fi<\/li>\n<li>Depolama hizmetleri<\/li>\n<\/ul>\n<p>Irishrelo, Kildare merkezli, yerel ve k\u00fcresel hizmetler sunan bir yer de\u011fi\u015ftirme uzman\u0131d\u0131r. D\u00fcnyan\u0131n herhangi bir noktas\u0131na hizmet sunmalar\u0131n\u0131 sa\u011flayan k\u00fcresel ortaklar\u0131 vard\u0131r. \u015eirket 54 y\u0131ll\u0131k hizmetiyle IAM \u00fcyesidir ve FIDI taraf\u0131ndan akredite edilmi\u015ftir.<\/p>\n<p>Irishrelo, ta\u015f\u0131nman\u0131za yard\u0131mc\u0131 olmak i\u00e7in tek bir irtibat noktas\u0131 ile kap\u0131dan kap\u0131ya ta\u015f\u0131ma hizmeti sunar. \u0130htiya\u00e7lar\u0131n\u0131z\u0131 de\u011ferlendirmek i\u00e7in ta\u015f\u0131nma \u00f6ncesi bir anket sunarlar. Kaliteli ambalaj malzemesi, k\u0131r\u0131lgan e\u015fyalar i\u00e7in ekstra dikkat, mobilyalar\u0131n s\u00f6k\u00fclmesi ve bir envanter haz\u0131rlanmas\u0131 dahil olmak \u00fczere bir paketleme hizmeti sunarlar. G\u00fcmr\u00fck i\u015flemleri ile birlikte kara, deniz veya hava ta\u015f\u0131mac\u0131l\u0131\u011f\u0131 ile sevkiyat\u0131 ayarlarlar.<\/p>\n<p>Web sitesi: <a href=\"http:\/\/www.irishrelo.com\" target=\"_blank\" rel=\"noopener\">http:\/\/www.irishrelo.com<\/a><\/p>\n<h2><span class=\"ez-toc-section\" id=\"17_AMC_Moving_Storage\"><\/span><strong>17. AMC Ta\u015f\u0131nma ve Depolama<\/strong><span class=\"ez-toc-section-end\"><\/span><\/h2>\n<p><img loading=\"lazy\" decoding=\"async\" class=\"alignnone size-full wp-image-7663\" src=\"https:\/\/moverdb.com\/wp-content\/uploads\/AMC-international-moving-company.png\" alt=\"AMC uluslararas\u0131 ta\u015f\u0131ma \u015firketi\" width=\"1440\" height=\"686\" data-wp-pid=\"7663\" srcset=\"https:\/\/moverdb.com\/wp-content\/uploads\/AMC-international-moving-company.png 1440w, https:\/\/moverdb.com\/wp-content\/uploads\/AMC-international-moving-company-300x143.png 300w, https:\/\/moverdb.com\/wp-content\/uploads\/AMC-international-moving-company-1024x488.png 1024w, https:\/\/moverdb.com\/wp-content\/uploads\/AMC-international-moving-company-18x9.png 18w, https:\/\/moverdb.com\/wp-content\/uploads\/AMC-international-moving-company-600x286.png 600w\" sizes=\"auto, (max-width: 1440px) 100vw, 1440px\" \/><\/p>\n<ul>\n<li>Ulusal hamleler<\/li>\n<li>Uluslararas\u0131 ta\u015f\u0131nmalar<\/li>\n<li>Ev ta\u015f\u0131ma<\/li>\n<li>Ofis ta\u015f\u0131ma<\/li>\n<li>Paketleme hizmeti<\/li>\n<li>Nakliye se\u00e7eneklerinin se\u00e7imi<\/li>\n<li>G\u00fcmr\u00fck i\u015flemleri<\/li>\n<li>Evcil hayvanlar\u0131n ta\u015f\u0131nmas\u0131<\/li>\n<li>Nakliye sigortas\u0131<\/li>\n<li>G\u00fcvenli depolama<\/li>\n<\/ul>\n<p>AMC Moving &amp; Storage 1969 y\u0131l\u0131nda kurulmu\u015f ve merkezi Naas'ta bulunan bir nakliye \u015firketidir. Uluslararas\u0131 ta\u015f\u0131malar yapmalar\u0131na yard\u0131mc\u0131 olmak i\u00e7in profesyonel ta\u015f\u0131ma acentelerinden olu\u015fan bir a\u011f ile \u00e7al\u0131\u015fmaktad\u0131rlar. IAM \u00fcyesidirler ve FIDI taraf\u0131ndan akredite edilmi\u015flerdir.<\/p>\n<p>AMC Moving &amp; Storage, ta\u015f\u0131nman\u0131z i\u00e7in ta\u015f\u0131nma \u00f6ncesi bir anket ve fiyat teklifi sunar. Uzman sand\u0131klama hizmeti ve g\u00fcmr\u00fckleme i\u015flemlerini i\u00e7eren bir paketleme hizmeti sunarlar. Hava ta\u015f\u0131mac\u0131l\u0131\u011f\u0131, tam ve tamdan az konteyner y\u00fckleri ve y\u00fckleri birle\u015ftirmek i\u00e7in grupaj i\u00e7eren bir dizi nakliye se\u00e7ene\u011fi sunarlar. Var\u0131\u015fta, ambalaj\u0131 a\u00e7man\u0131za, mobilyalar\u0131n\u0131z\u0131 kurman\u0131za ve ambalaj kal\u0131nt\u0131lar\u0131n\u0131 gidermenize yard\u0131mc\u0131 olacaklard\u0131r.<\/p>\n<p>Web sitesi: <a href=\"http:\/\/www.amcremovals.ie\" target=\"_blank\" rel=\"noopener\">http:\/\/www.amcremovals.ie<\/a><\/p>\n<h2><span class=\"ez-toc-section\" id=\"18_Arpin_International_Group\"><\/span><strong>18. Arpin Uluslararas\u0131 Grup<\/strong><span class=\"ez-toc-section-end\"><\/span><\/h2>\n<p><img loading=\"lazy\" decoding=\"async\" class=\"alignnone size-full wp-image-7666\" src=\"https:\/\/moverdb.com\/wp-content\/uploads\/Arpin-International-moving-company.png\" alt=\"Arpin Uluslararas\u0131 Ta\u015f\u0131mac\u0131l\u0131k \u015eirketi\" width=\"1440\" height=\"679\" data-wp-pid=\"7666\" srcset=\"https:\/\/moverdb.com\/wp-content\/uploads\/Arpin-International-moving-company.png 1440w, https:\/\/moverdb.com\/wp-content\/uploads\/Arpin-International-moving-company-300x141.png 300w, https:\/\/moverdb.com\/wp-content\/uploads\/Arpin-International-moving-company-1024x483.png 1024w, https:\/\/moverdb.com\/wp-content\/uploads\/Arpin-International-moving-company-18x8.png 18w, https:\/\/moverdb.com\/wp-content\/uploads\/Arpin-International-moving-company-600x283.png 600w\" sizes=\"auto, (max-width: 1440px) 100vw, 1440px\" \/><\/p>\n<ul>\n<li>Ulusal hamleler<\/li>\n<li>Uluslararas\u0131 ta\u015f\u0131nmalar<\/li>\n<li>Ev ta\u015f\u0131ma<\/li>\n<li>Kurumsal hamleler<\/li>\n<li>Ki\u015fiye \u00f6zel hizmetler<\/li>\n<li>Ki\u015fisel ta\u015f\u0131nma koordinat\u00f6r\u00fc<\/li>\n<li>\u00d6zel paketleme ve sand\u0131klama<\/li>\n<li>Hava, deniz ve kara ta\u015f\u0131mac\u0131l\u0131\u011f\u0131<\/li>\n<li>Sevkiyat sigortas\u0131<\/li>\n<li>K\u0131sa ve uzun s\u00fcreli depolama<\/li>\n<\/ul>\n<p>Arpin International Group 1900'l\u00fc y\u0131llarda Amerika'da kurulmu\u015f uluslararas\u0131 bir ta\u015f\u0131ma ve depolama \u015firketidir. Kuzey Amerika, Avrupa, Asya ve Orta Do\u011fu'da ofisleri bulunmaktad\u0131r ve Naas'ta \u0130rlanda'y\u0131 da kapsamaktad\u0131r. \u0130rlanda'da 12 y\u0131ld\u0131r hizmet veren IAM \u00fcyesidirler.<\/p>\n<p>Arpin International Group, ki\u015fisel bir ta\u015f\u0131nma koordinat\u00f6r\u00fc ve sanal bir anket hizmeti ile ki\u015fiye \u00f6zel bir ta\u015f\u0131nma hizmeti sunmaktad\u0131r. E\u015fyalar\u0131n\u0131z\u0131 korumak i\u00e7in \u00f6zelle\u015ftirilmi\u015f paketleme ve sand\u0131klama ile profesyonel bir paketleme hizmeti sunarlar. Hava, deniz ve kara yoluyla nakliyeyi ayarlarlar ve gerekirse nakliye sigortas\u0131 ve depolama sunabilirler.<\/p>\n<p>Web sitesi: <a href=\"http:\/\/www.arpinintl.ie\" target=\"_blank\" rel=\"noopener\">http:\/\/www.arpinintl.ie<\/a><\/p>\n<h2><span class=\"ez-toc-section\" id=\"19_Just_Move\"><\/span><strong>19. Sadece Hareket Et<\/strong><span class=\"ez-toc-section-end\"><\/span><\/h2>\n<p><img loading=\"lazy\" decoding=\"async\" class=\"alignnone size-full wp-image-7715\" src=\"https:\/\/moverdb.com\/wp-content\/uploads\/Just-Move-international-moving-company.png\" alt=\"Just Move uluslararas\u0131 ta\u015f\u0131ma \u015firketi\" width=\"1440\" height=\"684\" data-wp-pid=\"7715\" srcset=\"https:\/\/moverdb.com\/wp-content\/uploads\/Just-Move-international-moving-company.png 1440w, https:\/\/moverdb.com\/wp-content\/uploads\/Just-Move-international-moving-company-300x143.png 300w, https:\/\/moverdb.com\/wp-content\/uploads\/Just-Move-international-moving-company-1024x486.png 1024w, https:\/\/moverdb.com\/wp-content\/uploads\/Just-Move-international-moving-company-18x9.png 18w, https:\/\/moverdb.com\/wp-content\/uploads\/Just-Move-international-moving-company-600x285.png 600w\" sizes=\"auto, (max-width: 1440px) 100vw, 1440px\" \/><\/p>\n<ul>\n<li>Ulusal hamleler<\/li>\n<li>Uluslararas\u0131 ta\u015f\u0131nmalar<\/li>\n<li>Ev ta\u015f\u0131ma<\/li>\n<li>Kurumsal ta\u015f\u0131nmalar<\/li>\n<li>\u00c7e\u015fitli paketleme se\u00e7enekleri<\/li>\n<li>En iyi y\u00f6nlendirmenin d\u00fczenlenmesi<\/li>\n<li>G\u00fcmr\u00fck i\u015flemleri<\/li>\n<li>Ara\u00e7 ta\u015f\u0131mac\u0131l\u0131\u011f\u0131<\/li>\n<li>Evcil hayvan ta\u015f\u0131mac\u0131l\u0131\u011f\u0131<\/li>\n<li>G\u00fcvenli k\u0131sa ve uzun s\u00fcreli depolama<\/li>\n<\/ul>\n<p>Just Move, merkezi Ratoath'ta bulunan bir nakliye ve lojistik \u00e7\u00f6z\u00fcmleri \u015firketidir. D\u00f6rt y\u0131ld\u0131r hizmet veren IAM \u00fcyesidir ve bu sayede d\u00fcnya \u00e7ap\u0131ndaki ta\u015f\u0131nmalarda kendilerine yard\u0131mc\u0131 olabilecek uluslararas\u0131 bir ta\u015f\u0131ma acenteleri a\u011f\u0131na eri\u015fim sa\u011flamaktad\u0131r.<\/p>\n<p>Just Move, \u00fccretsiz yerinde inceleme ve profesyonel paketleme, \u0131smarlama sand\u0131klama, nem korumas\u0131 ve bariyer folyolama gibi paketleme se\u00e7enekleri sunar. B\u00fct\u00e7eniz i\u00e7in en iyi ve en h\u0131zl\u0131 rotalar\u0131 bulacak ve g\u00fcmr\u00fck evraklar\u0131n\u0131n haz\u0131rlanmas\u0131na yard\u0131mc\u0131 olacaklard\u0131r. Ta\u015f\u0131nma hizmetlerine ev ve okul arama, oryantasyon, vize ve g\u00f6\u00e7menlik konular\u0131nda yard\u0131mc\u0131 olacak bir Ta\u015f\u0131nma Koordinat\u00f6r\u00fc de dahildir.<\/p>\n<p>Web sitesi: <a href=\"http:\/\/www.justmove.ie\" target=\"_blank\" rel=\"noopener\">http:\/\/www.justmove.ie<\/a><\/p>\n<h2><span class=\"ez-toc-section\" id=\"Other_Useful_Guides_to_Ireland\"><\/span>\u0130rlanda i\u00e7in Di\u011fer Faydal\u0131 Rehberler<span class=\"ez-toc-section-end\"><\/span><\/h2>\n<ul>\n<li> <a href=\"https:\/\/moverdb.com\/tr\/konteyner-tasimaciligi\/irlanda\/\">2024 \u0130rlanda'ya ve \u0130rlanda'dan Deniz Ta\u015f\u0131mac\u0131l\u0131\u011f\u0131 Konteyner Nakliye Fiyatlar\u0131<\/a><\/li>\n<li> <a href=\"https:\/\/moverdb.com\/tr\/moving-to-ireland\/\">\u0130rlanda'ya m\u0131 ta\u015f\u0131n\u0131yorsunuz? 2024 Ya\u015fam Maliyetleri &amp; Yer De\u011fi\u015ftirme \u0130pu\u00e7lar\u0131<\/a><\/li>\n<li> <a href=\"https:\/\/moverdb.com\/tr\/moving-to-ireland\/best-places-to-live-ireland\/\">\u0130rlanda'da Ya\u015fanabilecek En \u0130yi 12 Yer<\/a><\/li>\n<li> <a href=\"https:\/\/moverdb.com\/tr\/moving-to-ireland\/living-in-ireland\/\">Ta\u015f\u0131nmadan \u00d6nce \u0130rlanda'da Ya\u015famak Hakk\u0131nda Bilmeniz Gereken 21 S\u0131r<\/a><\/li>\n<li> <a href=\"https:\/\/moverdb.com\/tr\/moving-to-ireland\/moving-to-galway\/\">Galway'e mi ta\u015f\u0131n\u0131yorsunuz? 2024 Ya\u015fam Maliyetleri &amp; Yer De\u011fi\u015ftirme \u0130pu\u00e7lar\u0131<\/a><\/li>\n<\/ul>","protected":false},"excerpt":{"rendered":"<p>When you are moving your home or your business, it can help to get some support from a professional moving company especially if you are moving abroad. Below we have compiled a list of Irish removal companies that are members of the International Association of Movers (IAM) and\/or FIDI Accredited International Mover (FAIM) who could [&hellip;]<\/p>\n","protected":false},"author":4,"featured_media":0,"parent":190,"menu_order":0,"comment_status":"closed","ping_status":"closed","template":"","meta":{"_genesis_hide_title":false,"_genesis_hide_breadcrumbs":false,"_genesis_hide_singular_image":false,"_genesis_hide_footer_widgets":false,"_genesis_custom_body_class":"","_genesis_custom_post_class":"","_genesis_layout":"","footnotes":""},"class_list":{"0":"post-7774","1":"page","2":"type-page","3":"status-publish","5":"entry","6":"has-post-thumbnail"},"_links":{"self":[{"href":"https:\/\/moverdb.com\/tr\/wp-json\/wp\/v2\/pages\/7774","targetHints":{"allow":["GET"]}}],"collection":[{"href":"https:\/\/moverdb.com\/tr\/wp-json\/wp\/v2\/pages"}],"about":[{"href":"https:\/\/moverdb.com\/tr\/wp-json\/wp\/v2\/types\/page"}],"author":[{"embeddable":true,"href":"https:\/\/moverdb.com\/tr\/wp-json\/wp\/v2\/users\/4"}],"replies":[{"embeddable":true,"href":"https:\/\/moverdb.com\/tr\/wp-json\/wp\/v2\/comments?post=7774"}],"version-history":[{"count":7,"href":"https:\/\/moverdb.com\/tr\/wp-json\/wp\/v2\/pages\/7774\/revisions"}],"predecessor-version":[{"id":18162,"href":"https:\/\/moverdb.com\/tr\/wp-json\/wp\/v2\/pages\/7774\/revisions\/18162"}],"up":[{"embeddable":true,"href":"https:\/\/moverdb.com\/tr\/wp-json\/wp\/v2\/pages\/190"}],"wp:attachment":[{"href":"https:\/\/moverdb.com\/tr\/wp-json\/wp\/v2\/media?parent=7774"}],"curies":[{"name":"wp","href":"https:\/\/api.w.org\/{rel}","templated":true}]}}