{"id":7520,"date":"2023-02-01T14:02:23","date_gmt":"2023-02-01T14:02:23","guid":{"rendered":"https:\/\/moverdb.com\/?page_id=7520"},"modified":"2026-01-08T15:29:35","modified_gmt":"2026-01-08T15:29:35","slug":"tasima-sirketleri-macaristan","status":"publish","type":"page","link":"https:\/\/moverdb.com\/tr\/moving-companies\/moving-companies-hungary\/","title":{"rendered":"Macaristan'daki En \u0130yi 8 Uluslararas\u0131 Nakliye \u015eirketi"},"content":{"rendered":"<p>E\u011fer bir ta\u015f\u0131nma planl\u0131yorsan\u0131z, bir ta\u015f\u0131nma dan\u0131\u015fman\u0131ndan hizmet almak isteyebilirsiniz. <a href=\"https:\/\/moverdb.com\/tr\/moving-companies\/\" data-internallinksmanager029f6b8e52c=\"79\" title=\"\u00c7evrimi\u00e7i En \u0130yi 25 Uluslararas\u0131 Nakliye \u015eirketi\">ta\u015finma \u015fi\u0307rketi\u0307<\/a> \u00e7\u00fcnk\u00fc paketleme, nakliye ve g\u00fcmr\u00fck d\u00fczenlemeleri konusunda yard\u0131mc\u0131 olabilirler. E\u011fer bir yerden bir yere ta\u015f\u0131n\u0131yorsan\u0131z ya da <a href=\"https:\/\/moverdb.com\/tr\/moving-to-hungary\/\" data-internallinksmanager029f6b8e52c=\"341\" title=\"Macaristan&#039;a Ta\u015f\u0131nmak m\u0131? 2026 Ya\u015fam Maliyetleri ve Yer De\u011fi\u015ftirme \u0130pu\u00e7lar\u0131\">Macaristan<\/a>'nin bir listesini derledik. <a href=\"https:\/\/moverdb.com\/tr\/international-removals\/\" data-internallinksmanager029f6b8e52c=\"27\" title=\"36 \u0130ngiltere&#039;deki En \u0130yi Uluslararas\u0131 Nakliye \u015eirketleri\">nakli\u0307ye \u015fi\u0307rketleri\u0307<\/a> \u00fcyeleri olan a\u015fa\u011f\u0131daki <a href=\"https:\/\/moverdb.com\/tr\/iam\/\" data-internallinksmanager029f6b8e52c=\"23\" title=\"Uluslararas\u0131 Ta\u015f\u0131mac\u0131lar Birli\u011fi (IAM) A\u00e7\u0131klamas\u0131\">Uluslararas\u0131 Ta\u015f\u0131mac\u0131lar Birli\u011fi<\/a> (IAM) ve\/veya <a href=\"https:\/\/moverdb.com\/tr\/fidi-faim\/\" data-internallinksmanager029f6b8e52c=\"16\" title=\"FIDI &amp; FAIM (FIDI Akredite Uluslararas\u0131 Ta\u015f\u0131mac\u0131) A\u00e7\u0131klamas\u0131\">FIDI<\/a> Ta\u015f\u0131nman\u0131zda size yard\u0131mc\u0131 olabilecek Akredite Uluslararas\u0131 Ta\u015f\u0131y\u0131c\u0131 (FAIM).<\/p>\n<div id=\"ez-toc-container\" class=\"ez-toc-v2_0_82_2 ez-toc-wrap-left counter-hierarchy ez-toc-counter ez-toc-transparent ez-toc-container-direction\">\n<div class=\"ez-toc-title-container\">\n<p class=\"ez-toc-title\" style=\"cursor:inherit\">B\u00f6l\u00fcmler<\/p>\n<span class=\"ez-toc-title-toggle\"><a href=\"#\" class=\"ez-toc-pull-right ez-toc-btn ez-toc-btn-xs ez-toc-btn-default ez-toc-toggle\" aria-label=\"\u0130\u00e7indekiler Tablosunu A\u00e7\/Kapat\"><span class=\"ez-toc-js-icon-con\"><span class=\"\"><span class=\"eztoc-hide\" style=\"display:none;\">Ge\u00e7i\u015f<\/span><span class=\"ez-toc-icon-toggle-span\"><svg style=\"fill: #999;color:#999\" xmlns=\"http:\/\/www.w3.org\/2000\/svg\" class=\"list-377408\" width=\"20px\" height=\"20px\" viewbox=\"0 0 24 24\" fill=\"none\"><path d=\"M6 6H4v2h2V6zm14 0H8v2h12V6zM4 11h2v2H4v-2zm16 0H8v2h12v-2zM4 16h2v2H4v-2zm16 0H8v2h12v-2z\" fill=\"currentColor\"><\/path><\/svg><svg style=\"fill: #999;color:#999\" class=\"arrow-unsorted-368013\" xmlns=\"http:\/\/www.w3.org\/2000\/svg\" width=\"10px\" height=\"10px\" viewbox=\"0 0 24 24\" version=\"1.2\" baseprofile=\"tiny\"><path d=\"M18.2 9.3l-6.2-6.3-6.2 6.3c-.2.2-.3.4-.3.7s.1.5.3.7c.2.2.4.3.7.3h11c.3 0 .5-.1.7-.3.2-.2.3-.5.3-.7s-.1-.5-.3-.7zM5.8 14.7l6.2 6.3 6.2-6.3c.2-.2.3-.5.3-.7s-.1-.5-.3-.7c-.2-.2-.4-.3-.7-.3h-11c-.3 0-.5.1-.7.3-.2.2-.3.5-.3.7s.1.5.3.7z\"\/><\/svg><\/span><\/span><\/span><\/a><\/span><\/div>\n<nav><ul class='ez-toc-list ez-toc-list-level-1 eztoc-toggle-hide-by-default' ><li class='ez-toc-page-1 ez-toc-heading-level-2'><a class=\"ez-toc-link ez-toc-heading-1\" href=\"https:\/\/moverdb.com\/tr\/moving-companies\/moving-companies-hungary\/#1_ABC_Ricard\" >1. ABC Ricard<\/a><\/li><li class='ez-toc-page-1 ez-toc-heading-level-2'><a class=\"ez-toc-link ez-toc-heading-2\" href=\"https:\/\/moverdb.com\/tr\/moving-companies\/moving-companies-hungary\/#2_Beta_Moving\" >2. Beta Hareketli<\/a><\/li><li class='ez-toc-page-1 ez-toc-heading-level-2'><a class=\"ez-toc-link ez-toc-heading-3\" href=\"https:\/\/moverdb.com\/tr\/moving-companies\/moving-companies-hungary\/#3_DB_Schenker\" >3. DB Schenker<\/a><\/li><li class='ez-toc-page-1 ez-toc-heading-level-2'><a class=\"ez-toc-link ez-toc-heading-4\" href=\"https:\/\/moverdb.com\/tr\/moving-companies\/moving-companies-hungary\/#4_Euromove\" >4. Euromove<\/a><\/li><li class='ez-toc-page-1 ez-toc-heading-level-2'><a class=\"ez-toc-link ez-toc-heading-5\" href=\"https:\/\/moverdb.com\/tr\/moving-companies\/moving-companies-hungary\/#5_Gosselin\" >5. Gosselin<\/a><\/li><li class='ez-toc-page-1 ez-toc-heading-level-2'><a class=\"ez-toc-link ez-toc-heading-6\" href=\"https:\/\/moverdb.com\/tr\/moving-companies\/moving-companies-hungary\/#6_MoveArtis\" >6. MoveArtis<\/a><\/li><li class='ez-toc-page-1 ez-toc-heading-level-2'><a class=\"ez-toc-link ez-toc-heading-7\" href=\"https:\/\/moverdb.com\/tr\/moving-companies\/moving-companies-hungary\/#7_NSEW_Mobility\" >7. NSEW Hareketlilik<\/a><\/li><li class='ez-toc-page-1 ez-toc-heading-level-2'><a class=\"ez-toc-link ez-toc-heading-8\" href=\"https:\/\/moverdb.com\/tr\/moving-companies\/moving-companies-hungary\/#8_Santa_Fe_Relocation\" >8. Santa Fe'nin Ta\u015f\u0131nmas\u0131<\/a><\/li><\/ul><\/nav><\/div>\n<h2><span class=\"ez-toc-section\" id=\"1_ABC_Ricard\"><\/span><strong>1. ABC Ricard<\/strong><span class=\"ez-toc-section-end\"><\/span><\/h2>\n<p><img loading=\"lazy\" decoding=\"async\" class=\"alignnone size-full wp-image-7408\" src=\"https:\/\/moverdb.com\/wp-content\/uploads\/ABC-Ricard-international-moving-company.png\" alt=\"ABC Ricard uluslararas\u0131 nakliye \u015firketi\" width=\"1440\" height=\"677\" data-wp-pid=\"7408\" srcset=\"https:\/\/moverdb.com\/wp-content\/uploads\/ABC-Ricard-international-moving-company.png 1440w, https:\/\/moverdb.com\/wp-content\/uploads\/ABC-Ricard-international-moving-company-300x141.png 300w, https:\/\/moverdb.com\/wp-content\/uploads\/ABC-Ricard-international-moving-company-1024x481.png 1024w, https:\/\/moverdb.com\/wp-content\/uploads\/ABC-Ricard-international-moving-company-18x8.png 18w, https:\/\/moverdb.com\/wp-content\/uploads\/ABC-Ricard-international-moving-company-600x282.png 600w\" sizes=\"auto, (max-width: 1440px) 100vw, 1440px\" \/><\/p>\n<ul>\n<li>Ulusal hamleler<\/li>\n<li>Uluslararas\u0131 ta\u015f\u0131nmalar<\/li>\n<li>Ev ta\u015f\u0131ma<\/li>\n<li>\u0130lk anket<\/li>\n<li>Kap\u0131dan kap\u0131ya ta\u015f\u0131malar<\/li>\n<li>Y\u00fcksek kaliteli ambalaj<\/li>\n<li>\u00d6zel kutular<\/li>\n<li>Ula\u015f\u0131m\u0131 d\u00fczenleyin<\/li>\n<li>G\u00fcmr\u00fck formalitelerini y\u00f6netin<\/li>\n<li>T\u00fcm riskler i\u00e7in sigorta<\/li>\n<\/ul>\n<p>ABC Ricard, Orta Avrupa'daki ofisleri ile operasyonel bir \u015fube a\u011f\u0131na sahip d\u00fcnya \u00e7ap\u0131nda bir nakliye \u015firketidir. <a href=\"https:\/\/moverdb.com\/tr\/moving-to-france\/\" data-internallinksmanager029f6b8e52c=\"315\" title=\"Fransa&#039;ya m\u0131 ta\u015f\u0131n\u0131yorsunuz? 2026 Ya\u015fam Maliyetleri &amp; Yer De\u011fi\u015ftirme \u0130pu\u00e7lar\u0131\">Fransa<\/a>, <a href=\"https:\/\/moverdb.com\/tr\/moving-to-poland\/\" data-internallinksmanager029f6b8e52c=\"378\" title=\"Polonya&#039;ya m\u0131 Ta\u015f\u0131n\u0131yorsunuz? 2026 Ya\u015fam Maliyetleri &amp; Yer De\u011fi\u015ftirme \u0130pu\u00e7lar\u0131\">Polonya<\/a> ve Budape\u015fte'de Macaristan. 1958'de Fransa'da kuruldular ve ilk i\u015ftirakleri Budape\u015fte'deydi. Eri\u015fim alanlar\u0131n\u0131 geni\u015fletmek i\u00e7in IAM \u00fcyesi olmay\u0131 da i\u00e7eren daha b\u00fcy\u00fck k\u00fcresel a\u011flara ba\u011fl\u0131d\u0131rlar.<\/p>\n<p>ABC Ricard, ta\u015f\u0131nman\u0131z\u0131 planlayacak bir dan\u0131\u015fman taraf\u0131ndan yap\u0131lacak bir anketle ba\u015flayan ki\u015fiselle\u015ftirilmi\u015f bir hizmet sunmaktad\u0131r. Ta\u015f\u0131nma i\u015fleminiz i\u00e7in en iyi ula\u015f\u0131m y\u00f6ntemini se\u00e7menize yard\u0131mc\u0131 olacak ve \u00fclke de\u011fi\u015ftirmek i\u00e7in gereken formalite ve belgelerin gerekliliklerini kar\u015f\u0131layacaklard\u0131r.<\/p>\n<p>Web sitesi: <a href=\"http:\/\/www.abcricardfl.com\" target=\"_blank\" rel=\"noopener\">http:\/\/www.abcricardfl.com<\/a><\/p>\n<h2><span class=\"ez-toc-section\" id=\"2_Beta_Moving\"><\/span><strong>2. Beta Hareketli<\/strong><span class=\"ez-toc-section-end\"><\/span><\/h2>\n<p><img loading=\"lazy\" decoding=\"async\" class=\"alignnone size-full wp-image-7419\" src=\"https:\/\/moverdb.com\/wp-content\/uploads\/Beta-Moving-international-moving-company.png\" alt=\"Beta Moving uluslararas\u0131 ta\u015f\u0131ma \u015firketi\" width=\"1440\" height=\"679\" data-wp-pid=\"7419\" srcset=\"https:\/\/moverdb.com\/wp-content\/uploads\/Beta-Moving-international-moving-company.png 1440w, https:\/\/moverdb.com\/wp-content\/uploads\/Beta-Moving-international-moving-company-300x141.png 300w, https:\/\/moverdb.com\/wp-content\/uploads\/Beta-Moving-international-moving-company-1024x483.png 1024w, https:\/\/moverdb.com\/wp-content\/uploads\/Beta-Moving-international-moving-company-18x8.png 18w, https:\/\/moverdb.com\/wp-content\/uploads\/Beta-Moving-international-moving-company-600x283.png 600w\" sizes=\"auto, (max-width: 1440px) 100vw, 1440px\" \/><\/p>\n<ul>\n<li>Ulusal hamleler<\/li>\n<li>Uluslararas\u0131 ta\u015f\u0131nmalar<\/li>\n<li>Yer de\u011fi\u015ftirme hizmeti<\/li>\n<li>Ev ve ofis ta\u015f\u0131malar\u0131<\/li>\n<li>Kap\u0131dan kap\u0131ya ta\u015f\u0131ma hizmeti<\/li>\n<li>Paketleme hizmeti<\/li>\n<li>Kara, deniz ve hava ta\u015f\u0131mac\u0131l\u0131\u011f\u0131<\/li>\n<li>G\u00fcmr\u00fck i\u015flemleri<\/li>\n<li>Sigorta<\/li>\n<li>Depolama tesisleri<\/li>\n<\/ul>\n<p>Beta Moving, 2016 y\u0131l\u0131nda Budape\u015fte'de kurulmu\u015f, ulusal ve uluslararas\u0131 ta\u015f\u0131nma ve yer de\u011fi\u015ftirme hizmetleri sunan uluslararas\u0131 bir ta\u015f\u0131ma \u015firketidir. D\u00fcnya \u00e7ap\u0131nda ta\u015f\u0131nma ve yer de\u011fi\u015ftirme hizmetleri sunmak i\u00e7in uluslararas\u0131 ortaklarla birlikte \u00e7al\u0131\u015f\u0131rlar. Yedi y\u0131ll\u0131k hizmet ile IAM \u00fcyesidirler.<\/p>\n<p>Beta Moving, paketleme, kara, hava veya deniz yoluyla ta\u015f\u0131ma, g\u00fcmr\u00fckleme, ambalaj\u0131n a\u00e7\u0131lmas\u0131 ve enkaz\u0131n kald\u0131r\u0131lmas\u0131n\u0131 i\u00e7eren kap\u0131dan kap\u0131ya hizmet sunan \u00f6zel ta\u015f\u0131ma \u00e7\u00f6z\u00fcmleri sunar. Ta\u015f\u0131nma hizmetlerine \u00e7al\u0131\u015fma izinleri ve istihdam kayd\u0131 da dahildir. Ayr\u0131ca evcil hayvanlar\u0131n ta\u015f\u0131nmas\u0131, ara\u00e7 nakliyesi, tamirci hizmetleri, sigorta ve depolama olanaklar\u0131 gibi ek hizmetler de sunmaktad\u0131rlar.<\/p>\n<p>Web sitesi: <a href=\"https:\/\/www.betamoving.com\" target=\"_blank\" rel=\"noopener\">https:\/\/www.betamoving.com<\/a><\/p>\n<h2><span class=\"ez-toc-section\" id=\"3_DB_Schenker\"><\/span><strong>3. DB Schenker<\/strong><span class=\"ez-toc-section-end\"><\/span><\/h2>\n<p><img loading=\"lazy\" decoding=\"async\" class=\"alignnone size-full wp-image-7433\" src=\"https:\/\/moverdb.com\/wp-content\/uploads\/DB-Schenker-Hungary-international-moving-company.png\" alt=\"DB Schenker Macaristan uluslararas\u0131 nakliye \u015firketi\" width=\"1440\" height=\"664\" data-wp-pid=\"7433\" srcset=\"https:\/\/moverdb.com\/wp-content\/uploads\/DB-Schenker-Hungary-international-moving-company.png 1440w, https:\/\/moverdb.com\/wp-content\/uploads\/DB-Schenker-Hungary-international-moving-company-300x138.png 300w, https:\/\/moverdb.com\/wp-content\/uploads\/DB-Schenker-Hungary-international-moving-company-1024x472.png 1024w, https:\/\/moverdb.com\/wp-content\/uploads\/DB-Schenker-Hungary-international-moving-company-18x8.png 18w, https:\/\/moverdb.com\/wp-content\/uploads\/DB-Schenker-Hungary-international-moving-company-600x277.png 600w\" sizes=\"auto, (max-width: 1440px) 100vw, 1440px\" \/><\/p>\n<ul>\n<li>Ulusal hamleler<\/li>\n<li>Uluslararas\u0131 ta\u015f\u0131nmalar<\/li>\n<li>Konutlar\u0131n ta\u015f\u0131nmas\u0131<\/li>\n<li>Ofis ta\u015f\u0131nmas\u0131<\/li>\n<li>Y\u00fcksek kaliteli ambalaj malzemeleri<\/li>\n<li>Kara, deniz ve hava ta\u015f\u0131mac\u0131l\u0131\u011f\u0131<\/li>\n<li>G\u00fcmr\u00fck deste\u011fi<\/li>\n<li>Ara\u00e7 ta\u015f\u0131mac\u0131l\u0131\u011f\u0131<\/li>\n<li>Evcil hayvan ta\u015f\u0131mac\u0131l\u0131\u011f\u0131<\/li>\n<li>Depolama tesisleri<\/li>\n<\/ul>\n<p>DB Schenker, 140 y\u0131l\u0131 a\u015fk\u0131n bir s\u00fcredir faaliyet g\u00f6steren ve Viyana'da kurulmu\u015f olan k\u00fcresel bir lojistik hizmet sa\u011flay\u0131c\u0131s\u0131d\u0131r. D\u00fcnya genelinde \u015fubeleri bulunmaktad\u0131r ve bu \u015fubeler aras\u0131nda 1874 y\u0131l\u0131nda Budape\u015fte'de bir \u015fube kurduklar\u0131 Macaristan da yer almaktad\u0131r. Uluslararas\u0131 a\u011flar\u0131na eri\u015fim sa\u011flayan bir IAM \u00fcyesidir.<\/p>\n<p>DB Schenker, ta\u015f\u0131nman\u0131z\u0131 planlamak i\u00e7in bir \u00f6n dan\u0131\u015fmanl\u0131k ve yerinde inceleme sa\u011flar. E\u015fyalar\u0131n\u0131z\u0131 korumak i\u00e7in y\u00fcksek kaliteli ambalaj malzemeleri sa\u011flarlar ve \u00e7evrimi\u00e7i izleyicilerini kullanarak g\u00f6nderinizi takip etmenize olanak tan\u0131rlar. Ayr\u0131ca ara\u00e7 ta\u015f\u0131mac\u0131l\u0131\u011f\u0131, evcil hayvan ta\u015f\u0131mac\u0131l\u0131\u011f\u0131, sanat eseri teslimat\u0131, sigorta ve depolama gibi ek hizmetler de sunarlar.<\/p>\n<p>Web sitesi: <a href=\"http:\/\/www.dbschenker.hu\" target=\"_blank\" rel=\"noopener\">http:\/\/www.dbschenker.hu<\/a><\/p>\n<h2><span class=\"ez-toc-section\" id=\"4_Euromove\"><\/span><strong>4. Euromove<\/strong><span class=\"ez-toc-section-end\"><\/span><\/h2>\n<p><img loading=\"lazy\" decoding=\"async\" class=\"alignnone size-full wp-image-7439\" src=\"https:\/\/moverdb.com\/wp-content\/uploads\/Euromove-international-moving-company.png\" alt=\"Euromove uluslararas\u0131 ta\u015f\u0131ma \u015firketi\" width=\"1440\" height=\"683\" data-wp-pid=\"7439\" srcset=\"https:\/\/moverdb.com\/wp-content\/uploads\/Euromove-international-moving-company.png 1440w, https:\/\/moverdb.com\/wp-content\/uploads\/Euromove-international-moving-company-300x142.png 300w, https:\/\/moverdb.com\/wp-content\/uploads\/Euromove-international-moving-company-1024x486.png 1024w, https:\/\/moverdb.com\/wp-content\/uploads\/Euromove-international-moving-company-18x9.png 18w, https:\/\/moverdb.com\/wp-content\/uploads\/Euromove-international-moving-company-600x285.png 600w\" sizes=\"auto, (max-width: 1440px) 100vw, 1440px\" \/><\/p>\n<ul>\n<li>Ulusal Ta\u015f\u0131malar<\/li>\n<li>Uluslararas\u0131 Ta\u015f\u0131malar<\/li>\n<li>Yer de\u011fi\u015ftirme paketleri<\/li>\n<li>Evden eve nakliyat<\/li>\n<li>Ofis Ta\u015f\u0131malar\u0131<\/li>\n<li>Paketleme hizmeti<\/li>\n<li>Karayolu, denizyolu veya havayolu ta\u015f\u0131mac\u0131l\u0131\u011f\u0131<\/li>\n<li>G\u00fcmr\u00fck i\u015flemleri<\/li>\n<li>\u00d6zel \u00fcr\u00fcnlerin nakliyesi<\/li>\n<li>Depolama tesisleri<\/li>\n<\/ul>\n<p>Euromove, 1998 y\u0131l\u0131nda kurulan Budape\u015fte merkezli uluslararas\u0131 bir ta\u015f\u0131nma \u015firketidir. D\u00fcnyan\u0131n her yerinde ta\u015f\u0131nma hizmetleri sunmalar\u0131n\u0131 sa\u011flayan geni\u015f bir ortak a\u011f\u0131na sahiptirler. \u015eirket 25 y\u0131ll\u0131k hizmetiyle IAM \u00fcyesidir ve FIDI taraf\u0131ndan akredite edilmi\u015ftir.<\/p>\n<p>Euromove, g\u00fczel sanatlar, arabalar veya evcil hayvanlar gibi \u00f6zel e\u015fyalar\u0131 da i\u00e7erebilen ki\u015fiselle\u015ftirilmi\u015f ta\u015f\u0131nma hizmetleri ve yer de\u011fi\u015ftirme paketleri sunmaktad\u0131r. Paketleme hizmeti de dahil olmak \u00fczere hizmetlerini uluslararas\u0131 standartlarda sunmaktad\u0131rlar. Grupaj se\u00e7enekleri de dahil olmak \u00fczere kara, hava veya deniz yoluyla nakliye ayarlarlar ve g\u00fcmr\u00fckleme deste\u011fi sa\u011flarlar.<\/p>\n<p>Web sitesi: <a href=\"https:\/\/www.euromove.hu\/en\" target=\"_blank\" rel=\"noopener\">https:\/\/www.euromove.hu\/en<\/a><\/p>\n<h2><span class=\"ez-toc-section\" id=\"5_Gosselin\"><\/span><strong>5. Gosselin<\/strong><span class=\"ez-toc-section-end\"><\/span><\/h2>\n<p><img loading=\"lazy\" decoding=\"async\" class=\"alignnone size-full wp-image-7447\" src=\"https:\/\/moverdb.com\/wp-content\/uploads\/Gosselin-Hungary-international-moving-company.png\" alt=\"Gosselin Macaristan uluslararas\u0131 nakliye \u015firketi\" width=\"1440\" height=\"678\" data-wp-pid=\"7447\" srcset=\"https:\/\/moverdb.com\/wp-content\/uploads\/Gosselin-Hungary-international-moving-company.png 1440w, https:\/\/moverdb.com\/wp-content\/uploads\/Gosselin-Hungary-international-moving-company-300x141.png 300w, https:\/\/moverdb.com\/wp-content\/uploads\/Gosselin-Hungary-international-moving-company-1024x482.png 1024w, https:\/\/moverdb.com\/wp-content\/uploads\/Gosselin-Hungary-international-moving-company-18x8.png 18w, https:\/\/moverdb.com\/wp-content\/uploads\/Gosselin-Hungary-international-moving-company-600x283.png 600w\" sizes=\"auto, (max-width: 1440px) 100vw, 1440px\" \/><\/p>\n<ul>\n<li>Ulusal hamleler<\/li>\n<li>Uluslararas\u0131 ta\u015f\u0131nmalar<\/li>\n<li>Ev ta\u015f\u0131ma<\/li>\n<li>Ofis ta\u015f\u0131ma<\/li>\n<li>Paketleme hizmeti<\/li>\n<li>Ta\u015f\u0131mac\u0131l\u0131\u011f\u0131n d\u00fczenlenmesi<\/li>\n<li>G\u00fczel sanatlar ta\u015f\u0131mac\u0131l\u0131\u011f\u0131<\/li>\n<li>Evcil hayvanlar\u0131n ta\u015f\u0131nmas\u0131<\/li>\n<li>Ara\u00e7 ta\u015f\u0131mac\u0131l\u0131\u011f\u0131<\/li>\n<li>K\u0131sa ila uzun s\u00fcreli depolama<\/li>\n<\/ul>\n<p>Gosselin, 1930 y\u0131l\u0131nda \u0130stanbul'da kurulmu\u015f uluslararas\u0131 bir nakliye ve lojistik \u015firketidir. <a href=\"https:\/\/moverdb.com\/tr\/moving-to-belgium\/\" data-internallinksmanager029f6b8e52c=\"323\" title=\"Bel\u00e7ika&#039;ya m\u0131 Ta\u015f\u0131n\u0131yorsunuz? 2026 Ya\u015fam Maliyetleri &amp; Yer De\u011fi\u015ftirme \u0130pu\u00e7lar\u0131\">Bel\u00e7ika<\/a> ve biri Budape\u015fte, Macaristan'da olmak \u00fczere Avrupa genelinde ofisleri bulunmaktad\u0131r. IAM \u00fcyesidir ve 24 y\u0131ld\u0131r hizmet vermektedir. D\u00fcnyan\u0131n her yerine ta\u015f\u0131nma hizmeti sunmak i\u00e7in \u015fubelerini ve uluslararas\u0131 a\u011flar\u0131n\u0131 kullanmaktad\u0131rlar.<\/p>\n<p>Gosselin, y\u00fcksek kaliteli ambalaj malzemeleri, \u00e7e\u015fitli uzman kutular ve \u00f6zel yap\u0131m kasalar kullanarak e\u015fyalar\u0131n\u0131z\u0131 korumak i\u00e7in profesyonel bir ambalajlama hizmeti sunar. E\u015fyalar\u0131n\u0131z\u0131n ta\u015f\u0131nmas\u0131 i\u00e7in t\u00fcm d\u00fczenlemeleri yapacak ve belgelendirme konusunda yard\u0131mc\u0131 olacaklard\u0131r. Ayr\u0131ca g\u00fczel sanatlar\u0131n, evcil hayvanlar\u0131n ve ara\u00e7lar\u0131n ta\u015f\u0131nmas\u0131n\u0131 i\u00e7eren uzman nakliye hizmetleri de sunmaktad\u0131rlar.<\/p>\n<p>Web sitesi: <a href=\"https:\/\/gosselin-moving.com\/en\/hungary-slovakia\" target=\"_blank\" rel=\"noopener\">https:\/\/gosselin-moving.com\/en\/hungary-slovakia<\/a><\/p>\n<h2><span class=\"ez-toc-section\" id=\"6_MoveArtis\"><\/span><strong>6. MoveArtis<\/strong><span class=\"ez-toc-section-end\"><\/span><\/h2>\n<p><img loading=\"lazy\" decoding=\"async\" class=\"alignnone size-full wp-image-7468\" src=\"https:\/\/moverdb.com\/wp-content\/uploads\/MoveArtis-international-moving-company.png\" alt=\"MoveArtis uluslararas\u0131 ta\u015f\u0131ma \u015firketi\" width=\"1440\" height=\"682\" data-wp-pid=\"7468\" srcset=\"https:\/\/moverdb.com\/wp-content\/uploads\/MoveArtis-international-moving-company.png 1440w, https:\/\/moverdb.com\/wp-content\/uploads\/MoveArtis-international-moving-company-300x142.png 300w, https:\/\/moverdb.com\/wp-content\/uploads\/MoveArtis-international-moving-company-1024x485.png 1024w, https:\/\/moverdb.com\/wp-content\/uploads\/MoveArtis-international-moving-company-18x9.png 18w, https:\/\/moverdb.com\/wp-content\/uploads\/MoveArtis-international-moving-company-600x284.png 600w\" sizes=\"auto, (max-width: 1440px) 100vw, 1440px\" \/><\/p>\n<ul>\n<li>Ulusal hamleler<\/li>\n<li>Uluslararas\u0131 ta\u015f\u0131nmalar<\/li>\n<li>Konut Ta\u015f\u0131malar\u0131<\/li>\n<li>Ofis ta\u015f\u0131nmalar\u0131<\/li>\n<li>Kap\u0131dan kap\u0131ya hizmet<\/li>\n<li>Paketleme se\u00e7enekleri<\/li>\n<li>Kara, deniz ve hava ta\u015f\u0131mac\u0131l\u0131\u011f\u0131<\/li>\n<li>G\u00fcmr\u00fck i\u015flemleri<\/li>\n<li>Sigorta<\/li>\n<li>Depolama tesisleri<\/li>\n<\/ul>\n<p>MoveArtis, Budape\u015fte merkezli bir aile \u015firketi olan Macar uluslararas\u0131 ta\u015f\u0131ma \u015firketidir. Her yere ta\u015f\u0131nmalar\u0131na yard\u0131mc\u0131 olmak i\u00e7in d\u00fcnyan\u0131n her yerinde uluslararas\u0131 bir ortak a\u011f\u0131na sahiptirler. Onlar 12 y\u0131ll\u0131k hizmet ile IAM \u00fcyesidir.<\/p>\n<p>MoveArtis, uluslararas\u0131 ta\u015f\u0131nmalar i\u00e7in kap\u0131dan kap\u0131ya hizmet sa\u011flayan \u00f6zel bir ta\u015f\u0131nma \u00e7\u00f6z\u00fcm\u00fc sunar. \u00d6zel olarak tasarlanm\u0131\u015f kutular da dahil olmak \u00fczere \u00e7e\u015fitli \u00f6\u011felere hitap eden bir dizi ambalaj malzemesi sa\u011flarlar. Tam konteyner y\u00fckleri ve konteyner y\u00fcklerinden daha az y\u00fckler gibi hava ta\u015f\u0131mac\u0131l\u0131\u011f\u0131 ve deniz sevkiyat\u0131n\u0131 i\u00e7eren ta\u015f\u0131mac\u0131l\u0131\u011fa yard\u0131mc\u0131 olurlar ve g\u00fcmr\u00fck i\u015flemlerine yard\u0131mc\u0131 olurlar.<\/p>\n<p>Web sitesi: <a href=\"http:\/\/www.moveartis.com\" target=\"_blank\" rel=\"noopener\">http:\/\/www.moveartis.com<\/a><\/p>\n<h2><span class=\"ez-toc-section\" id=\"7_NSEW_Mobility\"><\/span><strong>7. NSEW Hareketlilik<\/strong><span class=\"ez-toc-section-end\"><\/span><\/h2>\n<p><img loading=\"lazy\" decoding=\"async\" class=\"alignnone size-full wp-image-7473\" src=\"https:\/\/moverdb.com\/wp-content\/uploads\/NSEW-Mobility-international-moving-company.png\" alt=\"NSEW Mobility uluslararas\u0131 ta\u015f\u0131ma \u015firketi\" width=\"1440\" height=\"681\" data-wp-pid=\"7473\" srcset=\"https:\/\/moverdb.com\/wp-content\/uploads\/NSEW-Mobility-international-moving-company.png 1440w, https:\/\/moverdb.com\/wp-content\/uploads\/NSEW-Mobility-international-moving-company-300x142.png 300w, https:\/\/moverdb.com\/wp-content\/uploads\/NSEW-Mobility-international-moving-company-1024x484.png 1024w, https:\/\/moverdb.com\/wp-content\/uploads\/NSEW-Mobility-international-moving-company-18x9.png 18w, https:\/\/moverdb.com\/wp-content\/uploads\/NSEW-Mobility-international-moving-company-600x284.png 600w\" sizes=\"auto, (max-width: 1440px) 100vw, 1440px\" \/><\/p>\n<ul>\n<li>Ulusal hamleler<\/li>\n<li>Uluslararas\u0131 ta\u015f\u0131nmalar<\/li>\n<li>Yer de\u011fi\u015ftirme hizmetleri<\/li>\n<li>Kap\u0131dan kap\u0131ya hizmet<\/li>\n<li>Paketleme hizmetleri<\/li>\n<li>Karayolu, hava ve deniz ta\u015f\u0131mac\u0131l\u0131\u011f\u0131<\/li>\n<li>G\u00fcmr\u00fck i\u015flemleri<\/li>\n<li><a href=\"https:\/\/moverdb.com\/tr\/car-transport-shipping\/\" data-internallinksmanager029f6b8e52c=\"2\" title=\"2026 Uluslararas\u0131 Ara\u00e7 Ta\u015f\u0131ma &amp; Ara\u00e7 Nakliye Fiyatlar\u0131\">Ara\u00e7 nakliyesi<\/a><\/li>\n<li>Sigorta<\/li>\n<li>K\u0131sa ve uzun vadeli g\u00fcvenli depolama tesisleri<\/li>\n<\/ul>\n<p>NSEW Mobility, Budape\u015fte merkezli ba\u011f\u0131ms\u0131z bir ta\u015f\u0131nma ve yer de\u011fi\u015ftirme hizmetleri \u015firketidir. Macaristan'da ta\u015f\u0131nma hizmetleri sunmaktad\u0131rlar, <a href=\"https:\/\/moverdb.com\/tr\/moving-to-austria\/\" data-internallinksmanager029f6b8e52c=\"343\" title=\"Avusturya&#039;ya m\u0131 Ta\u015f\u0131n\u0131yorsunuz? 2026 Ya\u015fam Maliyetleri &amp; Yer De\u011fi\u015ftirme \u0130pu\u00e7lar\u0131\">Avusturya<\/a>, <a href=\"https:\/\/moverdb.com\/tr\/moving-to-croatia\/\" data-internallinksmanager029f6b8e52c=\"428\" title=\"H\u0131rvatistan&#039;a m\u0131 Ta\u015f\u0131n\u0131yorsunuz? 2026 Ya\u015fam Maliyetleri &amp; Yer De\u011fi\u015ftirme \u0130pu\u00e7lar\u0131\">H\u0131rvatistan<\/a>, <a href=\"https:\/\/moverdb.com\/tr\/moving-to-germany\/\" data-internallinksmanager029f6b8e52c=\"321\" title=\"Almanya&#039;ya m\u0131 ta\u015f\u0131n\u0131yorsunuz? 2026 Ya\u015fam Maliyetleri &amp; Yer De\u011fi\u015ftirme \u0130pu\u00e7lar\u0131\">Almanya<\/a>, Romanya, <a href=\"https:\/\/moverdb.com\/tr\/moving-to-slovakia\/\" data-internallinksmanager029f6b8e52c=\"338\" title=\"Slovakya&#039;ya m\u0131 Ta\u015f\u0131n\u0131yorsunuz? 2026 Ya\u015fam Maliyetleri &amp; Yer De\u011fi\u015ftirme \u0130pu\u00e7lar\u0131\">Slovakya<\/a>, <a href=\"https:\/\/moverdb.com\/tr\/moving-to-slovenia\/\" data-internallinksmanager029f6b8e52c=\"392\" title=\"Slovenya&#039;ya m\u0131 Ta\u015f\u0131n\u0131yorsunuz? 2026 Ya\u015fam Maliyetleri &amp; Yer De\u011fi\u015ftirme \u0130pu\u00e7lar\u0131\">Slovenya<\/a> ve <a href=\"https:\/\/moverdb.com\/tr\/moving-to-switzerland\/\" data-internallinksmanager029f6b8e52c=\"327\" title=\"\u0130svi\u00e7re&#039;ye mi ta\u015f\u0131n\u0131yorsunuz? 2026 Ya\u015fam Maliyetleri &amp; Yer De\u011fi\u015ftirme \u0130pu\u00e7lar\u0131\">\u0130svi\u00e7re<\/a>Avrupa'da ve d\u00fcnya \u00e7ap\u0131nda ta\u015f\u0131nma hizmetleri sunmak i\u00e7in uluslararas\u0131 ortaklarla birlikte \u00e7al\u0131\u015fmaktad\u0131r. \u015eirket, 20 y\u0131l\u0131 a\u015fk\u0131n bir s\u00fcredir ta\u015f\u0131nma hizmetleri sunmaktad\u0131r ve IAM \u00fcyesidir.<\/p>\n<p>NSEW Mobility \u00fccretsiz yerinde inceleme, fiyat teklifi sunar ve bir ta\u015f\u0131nma koordinat\u00f6r\u00fc tahsis eder. Ta\u015f\u0131nmalar ve yer de\u011fi\u015ftirmeler i\u00e7in evinizin paketlenmesi ve sevkiyat\u0131n\u0131z\u0131n karayolu, hava ve deniz yoluyla g\u00fcmr\u00fckleme i\u015flemleriyle birlikte y\u00f6netilmesini i\u00e7eren kap\u0131dan kap\u0131ya bir hizmet sunarlar. Ta\u015f\u0131nma hizmetleri aras\u0131nda vize ve g\u00f6\u00e7menlik, ev ve okul bulma ve yerle\u015fme hizmetleri de yer almaktad\u0131r.<\/p>\n<p>Web sitesi: <a href=\"https:\/\/nsew-mobility.com\/\" target=\"_blank\" rel=\"noopener\">https:\/\/nsew-mobility.com\/<\/a><\/p>\n<h2><span class=\"ez-toc-section\" id=\"8_Santa_Fe_Relocation\"><\/span><strong>8. Santa Fe'nin Ta\u015f\u0131nmas\u0131<\/strong><span class=\"ez-toc-section-end\"><\/span><\/h2>\n<p><img loading=\"lazy\" decoding=\"async\" class=\"alignnone size-full wp-image-7483\" src=\"https:\/\/moverdb.com\/wp-content\/uploads\/Santa-Fe-Hungary-international-moving-company.png\" alt=\"Santa Fe Macaristan uluslararas\u0131 nakliye \u015firketi\" width=\"1440\" height=\"652\" data-wp-pid=\"7483\" srcset=\"https:\/\/moverdb.com\/wp-content\/uploads\/Santa-Fe-Hungary-international-moving-company.png 1440w, https:\/\/moverdb.com\/wp-content\/uploads\/Santa-Fe-Hungary-international-moving-company-300x136.png 300w, https:\/\/moverdb.com\/wp-content\/uploads\/Santa-Fe-Hungary-international-moving-company-1024x464.png 1024w, https:\/\/moverdb.com\/wp-content\/uploads\/Santa-Fe-Hungary-international-moving-company-18x8.png 18w, https:\/\/moverdb.com\/wp-content\/uploads\/Santa-Fe-Hungary-international-moving-company-600x272.png 600w\" sizes=\"auto, (max-width: 1440px) 100vw, 1440px\" \/><\/p>\n<ul>\n<li>Ulusal hamleler<\/li>\n<li>Uluslararas\u0131 ta\u015f\u0131nmalar<\/li>\n<li>Hane halk\u0131 ta\u015f\u0131nmalar\u0131<\/li>\n<li>Kurumsal ta\u015f\u0131nmalar<\/li>\n<li>Paketleme hizmeti<\/li>\n<li>Kara, deniz veya hava yoluyla ula\u015f\u0131m<\/li>\n<li>G\u00fcmr\u00fck i\u015flemleri<\/li>\n<li>Evcil hayvan ve ara\u00e7 ta\u015f\u0131mac\u0131l\u0131\u011f\u0131<\/li>\n<li>Sevkiyat korumas\u0131<\/li>\n<li>K\u0131sa ila uzun s\u00fcreli depolama<\/li>\n<\/ul>\n<p>Santa Fe Relocation, 38 \u00fclkede 64 ofisi bulunan uluslararas\u0131 bir ta\u015f\u0131nma ve yer de\u011fi\u015ftirme \u015firketidir. Macaristan \u015fubelerini 1993 y\u0131l\u0131nda Budape\u015fte'de a\u00e7m\u0131\u015flard\u0131r. \u015eirket 30 y\u0131ll\u0131k hizmetiyle IAM \u00fcyesidir ve FIDI taraf\u0131ndan akredite edilmi\u015ftir.<\/p>\n<p>Santa Fe Relocation, ihtiya\u00e7lar\u0131n\u0131z\u0131 de\u011ferlendirmek i\u00e7in ta\u015f\u0131nma \u00f6ncesi dan\u0131\u015fmanl\u0131k ve ev i\u00e7i anket hizmeti sunar. E\u015fyalar\u0131n\u0131z\u0131 korumak i\u00e7in paketleme hizmetleri sunar ve kara, deniz veya hava yoluyla nakliyeyi d\u00fczenler ve g\u00fcmr\u00fck i\u015flemlerine yard\u0131mc\u0131 olur. Nakliye korumas\u0131, evcil hayvanlar\u0131n ta\u015f\u0131nmas\u0131, ara\u00e7 nakliyesi, depolama, ev ve okul arama, yerle\u015fme hizmetleri, ayr\u0131l\u0131\u015f deste\u011fi ve vizeler dahil olmak \u00fczere \u00e7e\u015fitli eklentiler sunarlar.<\/p>\n<p>Web sitesi: <a href=\"https:\/\/www.santaferelo.com\/en\/contact\/our-offices\/hungary-budapest\/\" target=\"_blank\" rel=\"noopener\">https:\/\/www.santaferelo.com\/en\/contact\/our-offices\/hungary-budapest\/<\/a><\/p>","protected":false},"excerpt":{"rendered":"<p>If you are planning a move then you may want to enlist the services of a moving company as they can help with packing, transportation and customs regulations. If you are moving to, from or within Hungary, we have compiled a list of removal companies below that are members of the International Association of Movers [&hellip;]<\/p>\n","protected":false},"author":4,"featured_media":0,"parent":190,"menu_order":0,"comment_status":"closed","ping_status":"closed","template":"","meta":{"_genesis_hide_title":false,"_genesis_hide_breadcrumbs":false,"_genesis_hide_singular_image":false,"_genesis_hide_footer_widgets":false,"_genesis_custom_body_class":"","_genesis_custom_post_class":"","_genesis_layout":"","footnotes":""},"class_list":{"0":"post-7520","1":"page","2":"type-page","3":"status-publish","5":"entry","6":"has-post-thumbnail"},"_links":{"self":[{"href":"https:\/\/moverdb.com\/tr\/wp-json\/wp\/v2\/pages\/7520","targetHints":{"allow":["GET"]}}],"collection":[{"href":"https:\/\/moverdb.com\/tr\/wp-json\/wp\/v2\/pages"}],"about":[{"href":"https:\/\/moverdb.com\/tr\/wp-json\/wp\/v2\/types\/page"}],"author":[{"embeddable":true,"href":"https:\/\/moverdb.com\/tr\/wp-json\/wp\/v2\/users\/4"}],"replies":[{"embeddable":true,"href":"https:\/\/moverdb.com\/tr\/wp-json\/wp\/v2\/comments?post=7520"}],"version-history":[{"count":1,"href":"https:\/\/moverdb.com\/tr\/wp-json\/wp\/v2\/pages\/7520\/revisions"}],"predecessor-version":[{"id":7521,"href":"https:\/\/moverdb.com\/tr\/wp-json\/wp\/v2\/pages\/7520\/revisions\/7521"}],"up":[{"embeddable":true,"href":"https:\/\/moverdb.com\/tr\/wp-json\/wp\/v2\/pages\/190"}],"wp:attachment":[{"href":"https:\/\/moverdb.com\/tr\/wp-json\/wp\/v2\/media?parent=7520"}],"curies":[{"name":"wp","href":"https:\/\/api.w.org\/{rel}","templated":true}]}}