{"id":7512,"date":"2023-02-01T13:59:57","date_gmt":"2023-02-01T13:59:57","guid":{"rendered":"https:\/\/moverdb.com\/?page_id=7512"},"modified":"2026-01-08T15:24:16","modified_gmt":"2026-01-08T15:24:16","slug":"tasinma-sirketleri-guatemala","status":"publish","type":"page","link":"https:\/\/moverdb.com\/tr\/moving-companies\/moving-companies-guatemala\/","title":{"rendered":"Guatemala'daki En \u0130yi 3 Uluslararas\u0131 Nakliye \u015eirketi"},"content":{"rendered":"<p>Guatemala'ya veya Guatemala'dan ya da Guatemala i\u00e7inde mi ta\u015f\u0131n\u0131yorsunuz? O zaman Guatemala'da bir <a href=\"https:\/\/moverdb.com\/tr\/moving-companies\/\" data-internallinksmanager029f6b8e52c=\"79\" title=\"\u00c7evrimi\u00e7i En \u0130yi 25 Uluslararas\u0131 Nakliye \u015eirketi\">ta\u015finma \u015fi\u0307rketi\u0307<\/a> paketleme, nakliye ve g\u00fcmr\u00fck formaliteleri konusunda yard\u0131mc\u0131 olabilir. A\u015fa\u011f\u0131da Guatemala'da faaliyet g\u00f6steren <a href=\"https:\/\/moverdb.com\/tr\/international-removals\/\" data-internallinksmanager029f6b8e52c=\"27\" title=\"36 \u0130ngiltere&#039;deki En \u0130yi Uluslararas\u0131 Nakliye \u015eirketleri\">nakli\u0307ye \u015fi\u0307rketleri\u0307<\/a> \u00fcyesi olan <a href=\"https:\/\/moverdb.com\/tr\/iam\/\" data-internallinksmanager029f6b8e52c=\"23\" title=\"Uluslararas\u0131 Ta\u015f\u0131mac\u0131lar Birli\u011fi (IAM) A\u00e7\u0131klamas\u0131\">Uluslararas\u0131 Ta\u015f\u0131mac\u0131lar Birli\u011fi<\/a> (IAM) ve\/veya <a href=\"https:\/\/moverdb.com\/tr\/fidi-faim\/\" data-internallinksmanager029f6b8e52c=\"16\" title=\"FIDI &amp; FAIM (FIDI Akredite Uluslararas\u0131 Ta\u015f\u0131mac\u0131) A\u00e7\u0131klamas\u0131\">FIDI<\/a> Ta\u015f\u0131nman\u0131zda size yard\u0131mc\u0131 olabilecek Akredite Uluslararas\u0131 Ta\u015f\u0131y\u0131c\u0131 (FAIM).<\/p>\n<h2><strong>1. Brizmud<\/strong><\/h2>\n<p><img loading=\"lazy\" decoding=\"async\" class=\"alignnone size-full wp-image-7422\" src=\"https:\/\/moverdb.com\/wp-content\/uploads\/Brizmud-international-moving-company.png\" alt=\"Brizmud uluslararas\u0131 nakliye \u015firketi\" width=\"1440\" height=\"686\" data-wp-pid=\"7422\" srcset=\"https:\/\/moverdb.com\/wp-content\/uploads\/Brizmud-international-moving-company.png 1440w, https:\/\/moverdb.com\/wp-content\/uploads\/Brizmud-international-moving-company-300x143.png 300w, https:\/\/moverdb.com\/wp-content\/uploads\/Brizmud-international-moving-company-1024x488.png 1024w, https:\/\/moverdb.com\/wp-content\/uploads\/Brizmud-international-moving-company-18x9.png 18w, https:\/\/moverdb.com\/wp-content\/uploads\/Brizmud-international-moving-company-600x286.png 600w\" sizes=\"auto, (max-width: 1440px) 100vw, 1440px\" \/><\/p>\n<ul>\n<li>Ulusal Ta\u015f\u0131malar<\/li>\n<li>Uluslararas\u0131 Ta\u015f\u0131malar<\/li>\n<li>Yer de\u011fi\u015ftirme hizmetleri<\/li>\n<li>Ev ta\u015f\u0131ma<\/li>\n<li>Paketleme hizmetleri<\/li>\n<li>Kara, deniz ve hava ta\u015f\u0131mac\u0131l\u0131\u011f\u0131<\/li>\n<li>G\u00fcmr\u00fck belgeleri<\/li>\n<li>Sanat eserlerinin ta\u015f\u0131nmas\u0131<\/li>\n<li>Uluslararas\u0131 acenteler a\u011f\u0131<\/li>\n<li>Depolama tesisleri<\/li>\n<\/ul>\n<p>Brizmud, Guatemala merkezli yerel ve uluslararas\u0131 bir ta\u015f\u0131ma \u015firketidir. Evlere ta\u015f\u0131nma ve yer de\u011fi\u015ftirme hizmetleri sa\u011flarlar. Di\u011fer \u00fclkelerde faaliyet g\u00f6stermelerini sa\u011flayan nitelikli tedarik\u00e7iler ve acentelerden olu\u015fan bir a\u011fa sahiptirler. Be\u015f y\u0131ll\u0131k hizmet ile IAM \u00fcyesidirler.<\/p>\n<p>Brizmud, m\u00fc\u015fterilerinin ihtiya\u00e7lar\u0131n\u0131 kar\u015f\u0131lamak i\u00e7in ta\u015f\u0131nma tekliflerini uyarlamay\u0131 i\u00e7eren m\u00fc\u015fterilerine ki\u015fiselle\u015ftirilmi\u015f bak\u0131m sa\u011flar. E\u015fyalar\u0131n\u0131z\u0131n g\u00fcvenli bir \u015fekilde paketlenmesini, kara, deniz veya hava yoluyla nakliyenin ayarlanmas\u0131n\u0131 ve evrak i\u015flerinin tamamlanmas\u0131nda g\u00fcmr\u00fck deste\u011fi sa\u011flanmas\u0131n\u0131 i\u00e7eren bir dizi ta\u015f\u0131nma hizmeti sunarlar. \u0130htiya\u00e7 duyman\u0131z halinde depolama olanaklar\u0131 da sunmaktad\u0131rlar.<\/p>\n<p>Web sitesi: <a href=\"https:\/\/brizmud.com\/\" target=\"_blank\" rel=\"noopener\">https:\/\/brizmud.com\/<\/a><\/p>\n<h2><strong>2. Intermud<\/strong><\/h2>\n<p><img loading=\"lazy\" decoding=\"async\" class=\"alignnone size-full wp-image-7457\" src=\"https:\/\/moverdb.com\/wp-content\/uploads\/Intermud-international-moving-company.png\" alt=\"Intermud uluslararas\u0131 nakliye \u015firketi\" width=\"1440\" height=\"683\" data-wp-pid=\"7457\" srcset=\"https:\/\/moverdb.com\/wp-content\/uploads\/Intermud-international-moving-company.png 1440w, https:\/\/moverdb.com\/wp-content\/uploads\/Intermud-international-moving-company-300x142.png 300w, https:\/\/moverdb.com\/wp-content\/uploads\/Intermud-international-moving-company-1024x486.png 1024w, https:\/\/moverdb.com\/wp-content\/uploads\/Intermud-international-moving-company-18x9.png 18w, https:\/\/moverdb.com\/wp-content\/uploads\/Intermud-international-moving-company-600x285.png 600w\" sizes=\"auto, (max-width: 1440px) 100vw, 1440px\" \/><\/p>\n<ul>\n<li>Ulusal hamleler<\/li>\n<li>Uluslararas\u0131 ta\u015f\u0131nmalar<\/li>\n<li>Konut Ta\u015f\u0131malar\u0131<\/li>\n<li>Ofis ta\u015f\u0131ma<\/li>\n<li>Ta\u015f\u0131nma tavsiyesi<\/li>\n<li>Paketleme hizmetleri<\/li>\n<li>Mobilya demontaj\u0131 ve montaj\u0131<\/li>\n<li>Kara, deniz ve hava yoluyla ula\u015f\u0131m<\/li>\n<li>G\u00fcmr\u00fck deste\u011fi<\/li>\n<li>Depolama tesisleri<\/li>\n<\/ul>\n<p>Intermud, Guatemala merkezli, 35 y\u0131l\u0131 a\u015fk\u0131n insan ta\u015f\u0131ma deneyimine sahip bir ta\u015f\u0131ma ve lojistik \u015firketidir. \u015eirket 40 y\u0131ll\u0131k hizmetiyle IAM \u00fcyesidir ve FIDI taraf\u0131ndan akredite edilmi\u015ftir. \u00dcyelikleri sayesinde, yurtd\u0131\u015f\u0131 ta\u015f\u0131nmalar\u0131nda kendilerine destek olacak uluslararas\u0131 bir ta\u015f\u0131ma acenteleri a\u011f\u0131na eri\u015febilirler.<\/p>\n<p>Intermud, yerel ve uluslararas\u0131 d\u00fczeyde hem konut hem de ofis ta\u015f\u0131mac\u0131l\u0131\u011f\u0131 hizmeti sunmaktad\u0131r. Konut m\u00fc\u015fterileri i\u00e7in paketleme ve ambalaj a\u00e7ma hizmetleri, ge\u00e7ici mobilya kiralama ve depolama olanaklar\u0131 sa\u011flamaktad\u0131r. Ofis ta\u015f\u0131malar\u0131nda ise k\u00fc\u00e7\u00fck ofislerden b\u00fcy\u00fck binalara kadar paketleme ve a\u00e7ma hizmetleri, mobilyalar\u0131n s\u00f6k\u00fcl\u00fcp tak\u0131lmas\u0131 ve elektronik ekipmanlar\u0131n g\u00fcvenli bir \u015fekilde paketlenmesi gibi hizmetler sunmaktad\u0131r.<\/p>\n<p>Web sitesi: <a href=\"http:\/\/www.intermud.com\" target=\"_blank\" rel=\"noopener\">http:\/\/www.intermud.com<\/a><\/p>\n<h2><strong>3. \u0130svi\u00e7reli K\u00fcresel Ta\u015f\u0131y\u0131c\u0131lar<\/strong><\/h2>\n<p><img loading=\"lazy\" decoding=\"async\" class=\"alignnone size-full wp-image-7493\" src=\"https:\/\/moverdb.com\/wp-content\/uploads\/Swiss-Global-Movers-international-moving-company.png\" alt=\"Swiss Global Movers uluslararas\u0131 ta\u015f\u0131ma \u015firketi\" width=\"1440\" height=\"683\" data-wp-pid=\"7493\" srcset=\"https:\/\/moverdb.com\/wp-content\/uploads\/Swiss-Global-Movers-international-moving-company.png 1440w, https:\/\/moverdb.com\/wp-content\/uploads\/Swiss-Global-Movers-international-moving-company-300x142.png 300w, https:\/\/moverdb.com\/wp-content\/uploads\/Swiss-Global-Movers-international-moving-company-1024x486.png 1024w, https:\/\/moverdb.com\/wp-content\/uploads\/Swiss-Global-Movers-international-moving-company-18x9.png 18w, https:\/\/moverdb.com\/wp-content\/uploads\/Swiss-Global-Movers-international-moving-company-600x285.png 600w\" sizes=\"auto, (max-width: 1440px) 100vw, 1440px\" \/><\/p>\n<ul>\n<li>Yerel hamleler<\/li>\n<li>Uluslararas\u0131 ta\u015f\u0131nmalar<\/li>\n<li>Ev ta\u015f\u0131ma<\/li>\n<li>Kurumsal hamleler<\/li>\n<li>Kap\u0131dan kap\u0131ya \u00e7\u00f6z\u00fcmler<\/li>\n<li>Kalifiye personel<\/li>\n<li>Paketleme hizmeti<\/li>\n<li>Ta\u015f\u0131mac\u0131l\u0131\u011f\u0131n d\u00fczenlenmesi<\/li>\n<li>G\u00fcmr\u00fck hizmetleri<\/li>\n<li>Depolama tesisleri<\/li>\n<\/ul>\n<p>Swiss Global Movers, Guatemala City merkezli bir ta\u015f\u0131ma ve lojistik sa\u011flay\u0131c\u0131s\u0131d\u0131r ve 20 y\u0131l\u0131 a\u015fk\u0131n deneyime sahiptir. D\u00fcnya \u00e7ap\u0131nda kapsaml\u0131 bir hizmet sunmak i\u00e7in ba\u015fkalar\u0131yla ortakla\u015fa \u00e7al\u0131\u015f\u0131rlar. \u015eirket, 42 y\u0131ll\u0131k hizmetiyle IAM \u00fcyesidir.<\/p>\n<p>Swiss Global Movers, size tavsiyelerde bulunacak ve ta\u015f\u0131nman\u0131z\u0131 planlaman\u0131za yard\u0131mc\u0131 olacak nitelikli personel sa\u011flar. Paketleme ve ambalaj a\u00e7ma hizmetini i\u00e7eren kap\u0131dan kap\u0131ya bir hizmet sunarlar ve gerekirse ge\u00e7ici depolama sunabilirler. G\u00fcmr\u00fck hizmetleri ile ithalat ve ihracat s\u00fcre\u00e7lerini y\u00f6netmek de dahil olmak \u00fczere e\u015fyalar\u0131n\u0131z\u0131n nakliyesini ayarlayacaklard\u0131r.<\/p>\n<p>Web sitesi: <a href=\"https:\/\/swissglobalmovers.com.gt\/\" target=\"_blank\" rel=\"noopener\">https:\/\/swissglobalmovers.com.gt\/<\/a><\/p>","protected":false},"excerpt":{"rendered":"<p>Are you moving to or from, or within Guatemala? Then you might be interested in the services of a moving company that can assist with packing, transportation and customs formalities. Below we have compiled a list of Guatemala based removal companies that are members of the International Association of Movers (IAM) and\/or FIDI Accredited International [&hellip;]<\/p>\n","protected":false},"author":4,"featured_media":0,"parent":190,"menu_order":0,"comment_status":"closed","ping_status":"closed","template":"","meta":{"_genesis_hide_title":false,"_genesis_hide_breadcrumbs":false,"_genesis_hide_singular_image":false,"_genesis_hide_footer_widgets":false,"_genesis_custom_body_class":"","_genesis_custom_post_class":"","_genesis_layout":"","footnotes":""},"class_list":{"0":"post-7512","1":"page","2":"type-page","3":"status-publish","5":"entry","6":"has-post-thumbnail"},"_links":{"self":[{"href":"https:\/\/moverdb.com\/tr\/wp-json\/wp\/v2\/pages\/7512","targetHints":{"allow":["GET"]}}],"collection":[{"href":"https:\/\/moverdb.com\/tr\/wp-json\/wp\/v2\/pages"}],"about":[{"href":"https:\/\/moverdb.com\/tr\/wp-json\/wp\/v2\/types\/page"}],"author":[{"embeddable":true,"href":"https:\/\/moverdb.com\/tr\/wp-json\/wp\/v2\/users\/4"}],"replies":[{"embeddable":true,"href":"https:\/\/moverdb.com\/tr\/wp-json\/wp\/v2\/comments?post=7512"}],"version-history":[{"count":1,"href":"https:\/\/moverdb.com\/tr\/wp-json\/wp\/v2\/pages\/7512\/revisions"}],"predecessor-version":[{"id":7513,"href":"https:\/\/moverdb.com\/tr\/wp-json\/wp\/v2\/pages\/7512\/revisions\/7513"}],"up":[{"embeddable":true,"href":"https:\/\/moverdb.com\/tr\/wp-json\/wp\/v2\/pages\/190"}],"wp:attachment":[{"href":"https:\/\/moverdb.com\/tr\/wp-json\/wp\/v2\/media?parent=7512"}],"curies":[{"name":"wp","href":"https:\/\/api.w.org\/{rel}","templated":true}]}}