{"id":6057,"date":"2023-02-01T12:38:31","date_gmt":"2023-02-01T12:38:31","guid":{"rendered":"https:\/\/moverdb.com\/?page_id=6057"},"modified":"2026-01-08T15:24:32","modified_gmt":"2026-01-08T15:24:32","slug":"tasima-sirketleri-fransa","status":"publish","type":"page","link":"https:\/\/moverdb.com\/tr\/moving-companies\/moving-companies-france\/","title":{"rendered":"Fransa'daki En \u0130yi 30 Uluslararas\u0131 Nakliye \u015eirketi"},"content":{"rendered":"<p>\u015eu \u015fehre veya \u015fu \u015fehirden ta\u015f\u0131nmay\u0131 m\u0131 planl\u0131yorsunuz? <a href=\"https:\/\/moverdb.com\/tr\/moving-to-france\/\" data-internallinksmanager029f6b8e52c=\"315\" title=\"Fransa&#039;ya m\u0131 ta\u015f\u0131n\u0131yorsunuz? 2026 Ya\u015fam Maliyetleri &amp; Yer De\u011fi\u015ftirme \u0130pu\u00e7lar\u0131\">Fransa<\/a>veya Fransa i\u00e7inde mi? O zaman bir ev almay\u0131 d\u00fc\u015f\u00fcn\u00fcyor olabilirsiniz <a href=\"https:\/\/moverdb.com\/tr\/moving-companies\/\" data-internallinksmanager029f6b8e52c=\"79\" title=\"\u00c7evrimi\u00e7i En \u0130yi 25 Uluslararas\u0131 Nakliye \u015eirketi\">ta\u015finma \u015fi\u0307rketi\u0307<\/a> size yard\u0131mc\u0131 olmak ve ta\u015f\u0131nmayla ilgili stresi azaltmak i\u00e7in. A\u015fa\u011f\u0131da bir Frans\u0131z listesi derledik <a href=\"https:\/\/moverdb.com\/tr\/international-removals\/\" data-internallinksmanager029f6b8e52c=\"27\" title=\"36 \u0130ngiltere&#039;deki En \u0130yi Uluslararas\u0131 Nakliye \u015eirketleri\">nakli\u0307ye \u015fi\u0307rketleri\u0307<\/a> \u00fcyesi olan <a href=\"https:\/\/moverdb.com\/tr\/iam\/\" data-internallinksmanager029f6b8e52c=\"23\" title=\"Uluslararas\u0131 Ta\u015f\u0131mac\u0131lar Birli\u011fi (IAM) A\u00e7\u0131klamas\u0131\">Uluslararas\u0131 Ta\u015f\u0131mac\u0131lar Birli\u011fi<\/a> (IAM) ve\/veya <a href=\"https:\/\/moverdb.com\/tr\/fidi-faim\/\" data-internallinksmanager029f6b8e52c=\"16\" title=\"FIDI &amp; FAIM (FIDI Akredite Uluslararas\u0131 Ta\u015f\u0131mac\u0131) A\u00e7\u0131klamas\u0131\">FIDI<\/a> Ta\u015f\u0131nman\u0131zda size yard\u0131mc\u0131 olabilecek Akredite Uluslararas\u0131 Ta\u015f\u0131y\u0131c\u0131 (FAIM).<\/p>\n<div id=\"ez-toc-container\" class=\"ez-toc-v2_0_82_2 ez-toc-wrap-left counter-hierarchy ez-toc-counter ez-toc-transparent ez-toc-container-direction\">\n<div class=\"ez-toc-title-container\">\n<p class=\"ez-toc-title\" style=\"cursor:inherit\">B\u00f6l\u00fcmler<\/p>\n<span class=\"ez-toc-title-toggle\"><a href=\"#\" class=\"ez-toc-pull-right ez-toc-btn ez-toc-btn-xs ez-toc-btn-default ez-toc-toggle\" aria-label=\"\u0130\u00e7indekiler Tablosunu A\u00e7\/Kapat\"><span class=\"ez-toc-js-icon-con\"><span class=\"\"><span class=\"eztoc-hide\" style=\"display:none;\">Ge\u00e7i\u015f<\/span><span class=\"ez-toc-icon-toggle-span\"><svg style=\"fill: #999;color:#999\" xmlns=\"http:\/\/www.w3.org\/2000\/svg\" class=\"list-377408\" width=\"20px\" height=\"20px\" viewbox=\"0 0 24 24\" fill=\"none\"><path d=\"M6 6H4v2h2V6zm14 0H8v2h12V6zM4 11h2v2H4v-2zm16 0H8v2h12v-2zM4 16h2v2H4v-2zm16 0H8v2h12v-2z\" fill=\"currentColor\"><\/path><\/svg><svg style=\"fill: #999;color:#999\" class=\"arrow-unsorted-368013\" xmlns=\"http:\/\/www.w3.org\/2000\/svg\" width=\"10px\" height=\"10px\" viewbox=\"0 0 24 24\" version=\"1.2\" baseprofile=\"tiny\"><path d=\"M18.2 9.3l-6.2-6.3-6.2 6.3c-.2.2-.3.4-.3.7s.1.5.3.7c.2.2.4.3.7.3h11c.3 0 .5-.1.7-.3.2-.2.3-.5.3-.7s-.1-.5-.3-.7zM5.8 14.7l6.2 6.3 6.2-6.3c.2-.2.3-.5.3-.7s-.1-.5-.3-.7c-.2-.2-.4-.3-.7-.3h-11c-.3 0-.5.1-.7.3-.2.2-.3.5-.3.7s.1.5.3.7z\"\/><\/svg><\/span><\/span><\/span><\/a><\/span><\/div>\n<nav><ul class='ez-toc-list ez-toc-list-level-1 eztoc-toggle-hide-by-default' ><li class='ez-toc-page-1 ez-toc-heading-level-2'><a class=\"ez-toc-link ez-toc-heading-1\" href=\"https:\/\/moverdb.com\/tr\/moving-companies\/moving-companies-france\/#1_ACR_International_Mobility\" >1. ACR Uluslararas\u0131 Hareketlilik<\/a><\/li><li class='ez-toc-page-1 ez-toc-heading-level-2'><a class=\"ez-toc-link ez-toc-heading-2\" href=\"https:\/\/moverdb.com\/tr\/moving-companies\/moving-companies-france\/#2_AGS_Worldwide_Movers\" >2. AGS D\u00fcnya \u00c7ap\u0131nda Ta\u015f\u0131mac\u0131l\u0131k<\/a><\/li><li class='ez-toc-page-1 ez-toc-heading-level-2'><a class=\"ez-toc-link ez-toc-heading-3\" href=\"https:\/\/moverdb.com\/tr\/moving-companies\/moving-companies-france\/#3_Alizes_Demenagements\" >3. Alizes Demenagements<\/a><\/li><li class='ez-toc-page-1 ez-toc-heading-level-2'><a class=\"ez-toc-link ez-toc-heading-4\" href=\"https:\/\/moverdb.com\/tr\/moving-companies\/moving-companies-france\/#4_Always_International\" >4. Daima Uluslararas\u0131<\/a><\/li><li class='ez-toc-page-1 ez-toc-heading-level-2'><a class=\"ez-toc-link ez-toc-heading-5\" href=\"https:\/\/moverdb.com\/tr\/moving-companies\/moving-companies-france\/#5_Berton_Groupe\" >5. Berton Groupe<\/a><\/li><li class='ez-toc-page-1 ez-toc-heading-level-2'><a class=\"ez-toc-link ez-toc-heading-6\" href=\"https:\/\/moverdb.com\/tr\/moving-companies\/moving-companies-france\/#6_Chiche_Demenagements\" >6. Chiche Demenagements<\/a><\/li><li class='ez-toc-page-1 ez-toc-heading-level-2'><a class=\"ez-toc-link ez-toc-heading-7\" href=\"https:\/\/moverdb.com\/tr\/moving-companies\/moving-companies-france\/#7_Demarine_International\" >7. Demarine Uluslararas\u0131<\/a><\/li><li class='ez-toc-page-1 ez-toc-heading-level-2'><a class=\"ez-toc-link ez-toc-heading-8\" href=\"https:\/\/moverdb.com\/tr\/moving-companies\/moving-companies-france\/#8_Demeco\" >8. Demeco<\/a><\/li><li class='ez-toc-page-1 ez-toc-heading-level-2'><a class=\"ez-toc-link ez-toc-heading-9\" href=\"https:\/\/moverdb.com\/tr\/moving-companies\/moving-companies-france\/#9_Grospiron_International\" >9. Grospiron Uluslararas\u0131<\/a><\/li><li class='ez-toc-page-1 ez-toc-heading-level-2'><a class=\"ez-toc-link ez-toc-heading-10\" href=\"https:\/\/moverdb.com\/tr\/moving-companies\/moving-companies-france\/#10_Lagache_Mobility\" >10. Lagache Hareketlilik<\/a><\/li><li class='ez-toc-page-1 ez-toc-heading-level-2'><a class=\"ez-toc-link ez-toc-heading-11\" href=\"https:\/\/moverdb.com\/tr\/moving-companies\/moving-companies-france\/#11_Santa_Fe_Relocation\" >11. Santa Fe'nin Ta\u015f\u0131nmas\u0131<\/a><\/li><li class='ez-toc-page-1 ez-toc-heading-level-2'><a class=\"ez-toc-link ez-toc-heading-12\" href=\"https:\/\/moverdb.com\/tr\/moving-companies\/moving-companies-france\/#12_Seegmuller\" >12. Seegmuller<\/a><\/li><li class='ez-toc-page-1 ez-toc-heading-level-2'><a class=\"ez-toc-link ez-toc-heading-13\" href=\"https:\/\/moverdb.com\/tr\/moving-companies\/moving-companies-france\/#13_Sogedem_Europacking\" >13. Sogedem Europacking<\/a><\/li><li class='ez-toc-page-1 ez-toc-heading-level-2'><a class=\"ez-toc-link ez-toc-heading-14\" href=\"https:\/\/moverdb.com\/tr\/moving-companies\/moving-companies-france\/#14_Pelichet\" >14. Pelichet<\/a><\/li><li class='ez-toc-page-1 ez-toc-heading-level-2'><a class=\"ez-toc-link ez-toc-heading-15\" href=\"https:\/\/moverdb.com\/tr\/moving-companies\/moving-companies-france\/#15_Premium_Removals_Solutions\" >15. Premium Removals \u00c7\u00f6z\u00fcmleri<\/a><\/li><li class='ez-toc-page-1 ez-toc-heading-level-2'><a class=\"ez-toc-link ez-toc-heading-16\" href=\"https:\/\/moverdb.com\/tr\/moving-companies\/moving-companies-france\/#16_Magellan_Transit\" >16. Magellan Transit<\/a><\/li><li class='ez-toc-page-1 ez-toc-heading-level-2'><a class=\"ez-toc-link ez-toc-heading-17\" href=\"https:\/\/moverdb.com\/tr\/moving-companies\/moving-companies-france\/#17_Activmoving\" >17. Activmoving<\/a><\/li><li class='ez-toc-page-1 ez-toc-heading-level-2'><a class=\"ez-toc-link ez-toc-heading-18\" href=\"https:\/\/moverdb.com\/tr\/moving-companies\/moving-companies-france\/#18_European_Relocation_Services\" >18. Avrupa Ta\u015f\u0131nma Hizmetleri<\/a><\/li><li class='ez-toc-page-1 ez-toc-heading-level-2'><a class=\"ez-toc-link ez-toc-heading-19\" href=\"https:\/\/moverdb.com\/tr\/moving-companies\/moving-companies-france\/#19_Transcausse_Demenagements\" >19. Transcausse Demenagements<\/a><\/li><li class='ez-toc-page-1 ez-toc-heading-level-2'><a class=\"ez-toc-link ez-toc-heading-20\" href=\"https:\/\/moverdb.com\/tr\/moving-companies\/moving-companies-france\/#20_Les_Gentlemen_Du_Demenagement\" >20. Les Gentlemen Du Demenagement<\/a><\/li><li class='ez-toc-page-1 ez-toc-heading-level-2'><a class=\"ez-toc-link ez-toc-heading-21\" href=\"https:\/\/moverdb.com\/tr\/moving-companies\/moving-companies-france\/#21_All_World_Transport\" >21. T\u00fcm D\u00fcnya Ta\u015f\u0131mac\u0131l\u0131\u011f\u0131<\/a><\/li><li class='ez-toc-page-1 ez-toc-heading-level-2'><a class=\"ez-toc-link ez-toc-heading-22\" href=\"https:\/\/moverdb.com\/tr\/moving-companies\/moving-companies-france\/#22_ESI\" >22. ESI<\/a><\/li><li class='ez-toc-page-1 ez-toc-heading-level-2'><a class=\"ez-toc-link ez-toc-heading-23\" href=\"https:\/\/moverdb.com\/tr\/moving-companies\/moving-companies-france\/#23_Global_Relocation\" >23. K\u00fcresel Yer De\u011fi\u015ftirme<\/a><\/li><li class='ez-toc-page-1 ez-toc-heading-level-2'><a class=\"ez-toc-link ez-toc-heading-24\" href=\"https:\/\/moverdb.com\/tr\/moving-companies\/moving-companies-france\/#24_Golden_Way\" >24. Alt\u0131n Yol<\/a><\/li><li class='ez-toc-page-1 ez-toc-heading-level-2'><a class=\"ez-toc-link ez-toc-heading-25\" href=\"https:\/\/moverdb.com\/tr\/moving-companies\/moving-companies-france\/#25_Gosselin\" >25. Gosselin<\/a><\/li><li class='ez-toc-page-1 ez-toc-heading-level-2'><a class=\"ez-toc-link ez-toc-heading-26\" href=\"https:\/\/moverdb.com\/tr\/moving-companies\/moving-companies-france\/#26_NEER_Service\" >26. NEER Hizmeti<\/a><\/li><li class='ez-toc-page-1 ez-toc-heading-level-2'><a class=\"ez-toc-link ez-toc-heading-27\" href=\"https:\/\/moverdb.com\/tr\/moving-companies\/moving-companies-france\/#27_Sterling_Lexicon\" >27. Sterling S\u00f6zl\u00fc\u011f\u00fc<\/a><\/li><li class='ez-toc-page-1 ez-toc-heading-level-2'><a class=\"ez-toc-link ez-toc-heading-28\" href=\"https:\/\/moverdb.com\/tr\/moving-companies\/moving-companies-france\/#28_ENM_Moving\" >28. ENM Ta\u015f\u0131nma<\/a><\/li><li class='ez-toc-page-1 ez-toc-heading-level-2'><a class=\"ez-toc-link ez-toc-heading-29\" href=\"https:\/\/moverdb.com\/tr\/moving-companies\/moving-companies-france\/#29_ADC_Moving_and_Storage\" >29. ADC Ta\u015f\u0131nma ve Depolama<\/a><\/li><li class='ez-toc-page-1 ez-toc-heading-level-2'><a class=\"ez-toc-link ez-toc-heading-30\" href=\"https:\/\/moverdb.com\/tr\/moving-companies\/moving-companies-france\/#30_Bailly\" >30. Bailly<\/a><\/li><li class='ez-toc-page-1 ez-toc-heading-level-2'><a class=\"ez-toc-link ez-toc-heading-31\" href=\"https:\/\/moverdb.com\/tr\/moving-companies\/moving-companies-france\/#Other_Useful_Guides_to_France\" >Fransa i\u00e7in Di\u011fer Faydal\u0131 Rehberler<\/a><\/li><\/ul><\/nav><\/div>\n<h2><span class=\"ez-toc-section\" id=\"1_ACR_International_Mobility\"><\/span><strong>1. ACR Uluslararas\u0131 Hareketlilik<\/strong><span class=\"ez-toc-section-end\"><\/span><\/h2>\n<p><img loading=\"lazy\" decoding=\"async\" class=\"alignnone size-full wp-image-5915\" src=\"https:\/\/moverdb.com\/wp-content\/uploads\/ACR-International-Mobility-international-moving-company.png\" alt=\"ACR International Mobility uluslararas\u0131 ta\u015f\u0131ma \u015firketi\" width=\"1440\" height=\"682\" data-wp-pid=\"5915\" srcset=\"https:\/\/moverdb.com\/wp-content\/uploads\/ACR-International-Mobility-international-moving-company.png 1440w, https:\/\/moverdb.com\/wp-content\/uploads\/ACR-International-Mobility-international-moving-company-300x142.png 300w, https:\/\/moverdb.com\/wp-content\/uploads\/ACR-International-Mobility-international-moving-company-1024x485.png 1024w, https:\/\/moverdb.com\/wp-content\/uploads\/ACR-International-Mobility-international-moving-company-18x9.png 18w, https:\/\/moverdb.com\/wp-content\/uploads\/ACR-International-Mobility-international-moving-company-600x284.png 600w\" sizes=\"auto, (max-width: 1440px) 100vw, 1440px\" \/><\/p>\n<ul>\n<li>Uluslararas\u0131 ta\u015f\u0131nmalar<\/li>\n<li>Hane halk\u0131 ta\u015f\u0131nmalar\u0131<\/li>\n<li>Kurumsal ta\u015f\u0131nmalar<\/li>\n<li>\u00d6zel ta\u015f\u0131nma uzman\u0131<\/li>\n<li>Paketleme hizmetleri<\/li>\n<li>Kara, deniz ve hava ta\u015f\u0131mac\u0131l\u0131\u011f\u0131<\/li>\n<li>G\u00fcmr\u00fck deste\u011fi<\/li>\n<li>Sigorta<\/li>\n<li>Bak\u0131m hizmetleri<\/li>\n<li>Depolama tesisleri<\/li>\n<\/ul>\n<p>ACR International Mobility, 1984 y\u0131l\u0131nda kurulan ve ba\u015flang\u0131\u00e7ta kurumsal ta\u015f\u0131nmalara odaklanan, daha sonra ev ta\u015f\u0131nmalar\u0131na do\u011fru geni\u015fleyen uluslararas\u0131 bir ta\u015f\u0131ma hizmetidir. Onlar\u0131n ofisleri var <a href=\"https:\/\/moverdb.com\/tr\/moving-to-france\/moving-to-paris\/\" data-internallinksmanager029f6b8e52c=\"407\" title=\"Paris&#039;e mi Ta\u015f\u0131n\u0131yorsunuz? 2026 Ya\u015fam Maliyetleri &amp; Yer De\u011fi\u015ftirme \u0130pu\u00e7lar\u0131\">Paris<\/a> ve Lyon'un yan\u0131 s\u0131ra <a href=\"https:\/\/moverdb.com\/tr\/moving-to-switzerland\/\" data-internallinksmanager029f6b8e52c=\"327\" title=\"\u0130svi\u00e7re&#039;ye mi ta\u015f\u0131n\u0131yorsunuz? 2026 Ya\u015fam Maliyetleri &amp; Yer De\u011fi\u015ftirme \u0130pu\u00e7lar\u0131\">\u0130svi\u00e7re<\/a> ve <a href=\"https:\/\/moverdb.com\/tr\/moving-to-the-uk\/\" data-internallinksmanager029f6b8e52c=\"93\" title=\"Birle\u015fik Krall\u0131k&#039;a m\u0131 ta\u015f\u0131n\u0131yorsunuz? 2026 Ya\u015fam Maliyetleri &amp; Yer De\u011fi\u015ftirme \u0130pu\u00e7lar\u0131\">BIRLE\u015eIK KRALLIK<\/a>. IAM \u00fcyesidirler ve 18 y\u0131ld\u0131r hizmet vermektedirler.<\/p>\n<p>ACR International Mobility, ta\u015f\u0131nma ve paketleme hizmetleri veya tam bir yer de\u011fi\u015ftirme paketi sunmaktad\u0131r. Ta\u015f\u0131nma ve g\u00fcmr\u00fck gereksinimlerinizi d\u00fczenlemeden \u00f6nce ta\u015f\u0131nma \u00f6ncesi bir anket ve fiyat teklifi sa\u011flarlar. E\u015fyalar\u0131n\u0131z\u0131 y\u00fcksek standartlarda g\u00fcvenli bir \u015fekilde paketler ve kara, deniz veya hava yoluyla ta\u015f\u0131rlar. Ta\u015f\u0131nma hizmetleri, yerle\u015fme ve ayr\u0131lma hizmetlerinin yan\u0131 s\u0131ra temizlik, tamirci ve bak\u0131m hizmetlerini de i\u00e7erir.<\/p>\n<p>Web sitesi: <a href=\"https:\/\/www.acrmobility.com\" target=\"_blank\" rel=\"noopener\">https:\/\/www.acrmobility.com<\/a><\/p>\n<h2><span class=\"ez-toc-section\" id=\"2_AGS_Worldwide_Movers\"><\/span><strong>2. AGS D\u00fcnya \u00c7ap\u0131nda Ta\u015f\u0131mac\u0131l\u0131k<\/strong><span class=\"ez-toc-section-end\"><\/span><\/h2>\n<p><img loading=\"lazy\" decoding=\"async\" class=\"alignnone size-full wp-image-5137\" src=\"https:\/\/moverdb.com\/wp-content\/uploads\/AGS-Wroldwide-Movers-international-moving-company.png\" alt=\"AGS Worldwide Movers uluslararas\u0131 ta\u015f\u0131ma \u015firketi\" width=\"1440\" height=\"680\" data-wp-pid=\"5137\" srcset=\"https:\/\/moverdb.com\/wp-content\/uploads\/AGS-Wroldwide-Movers-international-moving-company.png 1440w, https:\/\/moverdb.com\/wp-content\/uploads\/AGS-Wroldwide-Movers-international-moving-company-300x142.png 300w, https:\/\/moverdb.com\/wp-content\/uploads\/AGS-Wroldwide-Movers-international-moving-company-1024x484.png 1024w, https:\/\/moverdb.com\/wp-content\/uploads\/AGS-Wroldwide-Movers-international-moving-company-18x9.png 18w, https:\/\/moverdb.com\/wp-content\/uploads\/AGS-Wroldwide-Movers-international-moving-company-600x283.png 600w\" sizes=\"auto, (max-width: 1440px) 100vw, 1440px\" \/><\/p>\n<ul>\n<li>Ulusal hamleler<\/li>\n<li>Uluslararas\u0131 ta\u015f\u0131nmalar<\/li>\n<li>Konut Ta\u015f\u0131malar\u0131<\/li>\n<li>Ofis ta\u015f\u0131ma<\/li>\n<li>Konsolide hamleler<\/li>\n<li>Y\u00fcksek kaliteli paketleme hizmeti<\/li>\n<li>Karayolu, denizyolu veya havayolu ta\u015f\u0131mac\u0131l\u0131\u011f\u0131<\/li>\n<li>G\u00fczel sanatlar ta\u015f\u0131mac\u0131l\u0131\u011f\u0131<\/li>\n<li>Ara\u00e7 ta\u015f\u0131mac\u0131l\u0131\u011f\u0131<\/li>\n<li>G\u00fcvenli depolama<\/li>\n<\/ul>\n<p>AGS Worldwide Movers, d\u00fcnya \u00e7ap\u0131nda 97 \u00fclkede 146 \u015fubesi bulunan 48 y\u0131ll\u0131k deneyime sahip uluslararas\u0131 bir ta\u015f\u0131nma ve yer de\u011fi\u015ftirme \u015firketidir. Fransa'da Paris, Lyon, Brest, Lille, Marsilya ve Nantes olmak \u00fczere 16 \u015fubesi bulunmaktad\u0131r.<\/p>\n<p>AGS Worldwide Movers, ihtiya\u00e7lar\u0131n\u0131z\u0131 de\u011ferlendirmek ve bir fiyat teklifi sunmak i\u00e7in bir ev incelemesi sunar. Y\u00fcksek uluslararas\u0131 standartlara uygun bir paketleme hizmeti sunarlar ve kendi \u00f6zel kutular\u0131n\u0131 ve yenilik\u00e7i ambalajlar\u0131n\u0131 olu\u015ftururlar. Ayr\u0131ca var\u0131\u015f noktan\u0131zda ambalaj\u0131 a\u00e7acak ve mobilyalar\u0131 d\u00fczenleyeceklerdir. Karayolu, denizyolu veya havayolu ile nakliyeyi ayarlarlar ve \u00e7evrimi\u00e7i ara\u00e7lar\u0131n\u0131 kullanarak g\u00f6nderinizi takip edebilirsiniz.<\/p>\n<p>Web sitesi: <a href=\"http:\/\/www.agsmovers.com\/branches\/europe\/france\/paris\" target=\"_blank\" rel=\"noopener\">http:\/\/www.agsmovers.com\/branches\/europe\/france\/paris<\/a><\/p>\n<h2><span class=\"ez-toc-section\" id=\"3_Alizes_Demenagements\"><\/span><strong>3. Alizes Demenagements<\/strong><span class=\"ez-toc-section-end\"><\/span><\/h2>\n<p><img loading=\"lazy\" decoding=\"async\" class=\"alignnone size-full wp-image-5922\" src=\"https:\/\/moverdb.com\/wp-content\/uploads\/Alizes-Demenagements-international-moving-company.png\" alt=\"Alizes Demenagements uluslararas\u0131 nakliye \u015firketi\" width=\"1440\" height=\"683\" data-wp-pid=\"5922\" srcset=\"https:\/\/moverdb.com\/wp-content\/uploads\/Alizes-Demenagements-international-moving-company.png 1440w, https:\/\/moverdb.com\/wp-content\/uploads\/Alizes-Demenagements-international-moving-company-300x142.png 300w, https:\/\/moverdb.com\/wp-content\/uploads\/Alizes-Demenagements-international-moving-company-1024x486.png 1024w, https:\/\/moverdb.com\/wp-content\/uploads\/Alizes-Demenagements-international-moving-company-18x9.png 18w, https:\/\/moverdb.com\/wp-content\/uploads\/Alizes-Demenagements-international-moving-company-600x285.png 600w\" sizes=\"auto, (max-width: 1440px) 100vw, 1440px\" \/><\/p>\n<ul>\n<li>Ulusal hamleler<\/li>\n<li>Uluslararas\u0131 ta\u015f\u0131nmalar<\/li>\n<li>Ev ta\u015f\u0131ma<\/li>\n<li>Ki\u015fiye \u00f6zel \u00e7\u00f6z\u00fcmler<\/li>\n<li>Paketleme hizmeti<\/li>\n<li>Uzman paketleme teknikleri<\/li>\n<li>Deneyimli paketleyiciler<\/li>\n<li>\u00d6zel karton kutular<\/li>\n<li>G\u00fcmr\u00fck deste\u011fi<\/li>\n<li>G\u00fcvenli depolama tesisleri<\/li>\n<\/ul>\n<p>Alizes Demenagements bir <a href=\"https:\/\/moverdb.com\/tr\/freight-forwarder\/\" data-internallinksmanager029f6b8e52c=\"17\" title=\"Freight Forwarder &amp; NVOCC Uluslararas\u0131 Maliyet ve \u015eirketler Rehberi\">navlun nakli\u0307yeci\u0307si\u0307<\/a> Fransa'da 2005 y\u0131l\u0131nda kurulan ve Paris ve Nantes'ta ofisleri bulunan bir ta\u015f\u0131ma \u015firketidir. Kuzey ve G\u00fcney Amerika ve Afrika'ya uluslararas\u0131 ta\u015f\u0131ma hizmetleri sunmaktad\u0131rlar. IAM \u00fcyesidirler ve 20 y\u0131ld\u0131r hizmet vermektedirler.<\/p>\n<p>Alizes Demenagements, ta\u015f\u0131ma hizmetleri i\u00e7in \u00e7evrimi\u00e7i fiyat teklifi sunar ve ihtiya\u00e7lar\u0131n\u0131z\u0131 kar\u015f\u0131lamak i\u00e7in \u00f6zel \u00e7\u00f6z\u00fcmler sunar. \u00dclkeler aras\u0131nda ta\u015f\u0131nman\u0131za yard\u0131mc\u0131 olmak i\u00e7in uluslararas\u0131 deniz ta\u015f\u0131mac\u0131l\u0131\u011f\u0131 ve g\u00fcmr\u00fck deste\u011fi sunarlar. Uzman paketleme teknikleri ve malzemeleri kullanarak deneyimli paketleyicilerle paketleme hizmeti sa\u011flarlar. Ayr\u0131ca Fransa'da g\u00fcvenli depolama olanaklar\u0131 da sunmaktad\u0131rlar.<\/p>\n<p>Web sitesi: <a href=\"https:\/\/www.alizes-demenagement.fr\/\" target=\"_blank\" rel=\"noopener\">https:\/\/www.alizes-demenagement.fr\/<\/a><\/p>\n<h2><span class=\"ez-toc-section\" id=\"4_Always_International\"><\/span><strong>4. Daima Uluslararas\u0131<\/strong><span class=\"ez-toc-section-end\"><\/span><\/h2>\n<p><img loading=\"lazy\" decoding=\"async\" class=\"alignnone size-full wp-image-5926\" src=\"https:\/\/moverdb.com\/wp-content\/uploads\/Always-International-moving-company.png\" alt=\"Always Uluslararas\u0131 Ta\u015f\u0131mac\u0131l\u0131k \u015eirketi\" width=\"1440\" height=\"673\" data-wp-pid=\"5926\" srcset=\"https:\/\/moverdb.com\/wp-content\/uploads\/Always-International-moving-company.png 1440w, https:\/\/moverdb.com\/wp-content\/uploads\/Always-International-moving-company-300x140.png 300w, https:\/\/moverdb.com\/wp-content\/uploads\/Always-International-moving-company-1024x479.png 1024w, https:\/\/moverdb.com\/wp-content\/uploads\/Always-International-moving-company-18x8.png 18w, https:\/\/moverdb.com\/wp-content\/uploads\/Always-International-moving-company-600x280.png 600w\" sizes=\"auto, (max-width: 1440px) 100vw, 1440px\" \/><\/p>\n<ul>\n<li>Uluslararas\u0131 ta\u015f\u0131nmalar<\/li>\n<li>Yer de\u011fi\u015ftirme hizmetleri<\/li>\n<li>Kap\u0131dan kap\u0131ya hizmet<\/li>\n<li>Paketleme hizmetleri<\/li>\n<li>Kara, deniz ve hava ta\u015f\u0131mac\u0131l\u0131\u011f\u0131<\/li>\n<li>G\u00fcmr\u00fck beyannameleri<\/li>\n<li>G\u00fczel sanatlar ta\u015f\u0131mac\u0131l\u0131\u011f\u0131<\/li>\n<li>Sigorta<\/li>\n<li>Konut ve okullarla ilgili destek<\/li>\n<li>Depolama tesisleri<\/li>\n<\/ul>\n<p>Always International, Nice, Marsilya ve Toulouse'da ofisleri bulunan bir aile \u015firketi olan uluslararas\u0131 bir ta\u015f\u0131ma \u015firketidir. Uluslararas\u0131 ta\u015f\u0131nmalarda yard\u0131mc\u0131 olmak i\u00e7in 40 y\u0131ll\u0131k deneyime ve d\u00fcnya \u00e7ap\u0131nda 1.400 acenteden olu\u015fan bir a\u011fa sahiptirler. \u015eirket 21 y\u0131ll\u0131k hizmetiyle IAM \u00fcyesidir.<\/p>\n<p>Always International, uygun sigorta teminat\u0131 ve g\u00fcmr\u00fck beyannameleri de dahil olmak \u00fczere ta\u015f\u0131nman\u0131z\u0131n t\u00fcm y\u00f6nlerini kapsayan kap\u0131dan kap\u0131ya ta\u015f\u0131nma hizmetleri sunar. \u0130htiya\u00e7lar\u0131n\u0131za uygun \u00f6zel hizmetler ve size destek olacak deneyimli personel sunarlar. Ta\u015f\u0131nma hizmetleri ayr\u0131ca konut ve okul formaliteleri, vize ve izinler ve dil e\u011fitimini de destekleyecektir.<\/p>\n<p>Web sitesi: <a href=\"http:\/\/www.alwaysdemenagement.com\" target=\"_blank\" rel=\"noopener\">http:\/\/www.alwaysdemenagement.com<\/a><\/p>\n<h2><span class=\"ez-toc-section\" id=\"5_Berton_Groupe\"><\/span><strong>5. Berton Groupe<\/strong><span class=\"ez-toc-section-end\"><\/span><\/h2>\n<p><img loading=\"lazy\" decoding=\"async\" class=\"alignnone size-full wp-image-5931\" src=\"https:\/\/moverdb.com\/wp-content\/uploads\/Berton-Groupe-international-moving-company.png\" alt=\"Berton Groupe uluslararas\u0131 ta\u015f\u0131ma \u015firketi\" width=\"1440\" height=\"686\" data-wp-pid=\"5931\" srcset=\"https:\/\/moverdb.com\/wp-content\/uploads\/Berton-Groupe-international-moving-company.png 1440w, https:\/\/moverdb.com\/wp-content\/uploads\/Berton-Groupe-international-moving-company-300x143.png 300w, https:\/\/moverdb.com\/wp-content\/uploads\/Berton-Groupe-international-moving-company-1024x488.png 1024w, https:\/\/moverdb.com\/wp-content\/uploads\/Berton-Groupe-international-moving-company-18x9.png 18w, https:\/\/moverdb.com\/wp-content\/uploads\/Berton-Groupe-international-moving-company-600x286.png 600w\" sizes=\"auto, (max-width: 1440px) 100vw, 1440px\" \/><\/p>\n<ul>\n<li>Ulusal hamleler<\/li>\n<li>Uluslararas\u0131 ta\u015f\u0131nmalar<\/li>\n<li>Ev ta\u015f\u0131ma<\/li>\n<li>\u0130\u015f transferleri<\/li>\n<li>Yer de\u011fi\u015ftirme hizmetleri<\/li>\n<li>Paketleme hizmetleri<\/li>\n<li>Kara, deniz ve hava ta\u015f\u0131mac\u0131l\u0131\u011f\u0131<\/li>\n<li>Co\u011frafi konum sistemi<\/li>\n<li>Ev ve okul arama<\/li>\n<li>Depolama tesisleri<\/li>\n<\/ul>\n<p>Berton Groupe, 1963 y\u0131l\u0131nda kurulan ve Paris, Nantes, Marseilles, Versailles, Melun ve Towers'da ofisleri bulunan uluslararas\u0131 bir ta\u015f\u0131ma \u015firketidir. Evlere ve i\u015fletmelere ulusal ve uluslararas\u0131 ta\u015f\u0131ma hizmetleri sunmaktad\u0131rlar. \u015eirket 59 y\u0131ll\u0131k hizmetiyle IAM \u00fcyesidir.<\/p>\n<p>Berton Groupe, bir konteyneri payla\u015ft\u0131\u011f\u0131n\u0131z grupaja kadar ki\u015fiselle\u015ftirilmi\u015f konteynerler gibi kara, hava ve deniz ta\u015f\u0131mac\u0131l\u0131\u011f\u0131 se\u00e7enekleriyle ki\u015fiye \u00f6zel bir hizmet sunmaktad\u0131r. Konteynerinizi istedi\u011finiz zaman takip edebilmeniz i\u00e7in bir co\u011frafi konum sistemi kullan\u0131yorlar. Ayr\u0131ca ev arama, okul arama ve idari prosed\u00fcrleri i\u00e7eren ta\u015f\u0131nma hizmetleri de sunmaktad\u0131rlar.<\/p>\n<p>Web sitesi: <a href=\"http:\/\/www.berton-groupe.com\" target=\"_blank\" rel=\"noopener\">http:\/\/www.berton-groupe.com<\/a><\/p>\n<h2><span class=\"ez-toc-section\" id=\"6_Chiche_Demenagements\"><\/span><strong>6. Chiche Demenagements<\/strong><span class=\"ez-toc-section-end\"><\/span><\/h2>\n<p><img loading=\"lazy\" decoding=\"async\" class=\"alignnone size-full wp-image-5934\" src=\"https:\/\/moverdb.com\/wp-content\/uploads\/Chiche-Demenagements-international-moving-company.png\" alt=\"Chiche Demenagements uluslararas\u0131 nakliye \u015firketi\" width=\"1440\" height=\"677\" data-wp-pid=\"5934\" srcset=\"https:\/\/moverdb.com\/wp-content\/uploads\/Chiche-Demenagements-international-moving-company.png 1440w, https:\/\/moverdb.com\/wp-content\/uploads\/Chiche-Demenagements-international-moving-company-300x141.png 300w, https:\/\/moverdb.com\/wp-content\/uploads\/Chiche-Demenagements-international-moving-company-1024x481.png 1024w, https:\/\/moverdb.com\/wp-content\/uploads\/Chiche-Demenagements-international-moving-company-18x8.png 18w, https:\/\/moverdb.com\/wp-content\/uploads\/Chiche-Demenagements-international-moving-company-600x282.png 600w\" sizes=\"auto, (max-width: 1440px) 100vw, 1440px\" \/><\/p>\n<ul>\n<li>Ulusal hamleler<\/li>\n<li>Uluslararas\u0131 ta\u015f\u0131nmalar<\/li>\n<li>Ev ta\u015f\u0131ma<\/li>\n<li>\u0130\u015f hamleleri<\/li>\n<li>Ki\u015fiye \u00f6zel hizmetler<\/li>\n<li>Paketleme hizmetleri<\/li>\n<li>Kara, deniz ve hava ta\u015f\u0131mac\u0131l\u0131\u011f\u0131<\/li>\n<li>G\u00fcmr\u00fck formaliteleri deste\u011fi<\/li>\n<li>Sigorta<\/li>\n<li>Depolama tesisleri<\/li>\n<\/ul>\n<p>Chiche Demenagements, 1962 y\u0131l\u0131nda kurulan ve Portet-Sur-Garonne, Gaulle ve Toulouse'da lokasyonlar\u0131 bulunan bir ta\u015f\u0131ma ve depolama \u015firketidir. D\u00fcnya \u00e7ap\u0131nda profesyonel ta\u015f\u0131ma acenteleri ile uluslararas\u0131 ta\u015f\u0131malar ger\u00e7ekle\u015ftirmektedirler. \u015eirket 21 y\u0131ll\u0131k hizmetiyle IAM \u00fcyesidir.<\/p>\n<p>Chiche Demenagements, ta\u015f\u0131nman\u0131z\u0131n profesyonel proje y\u00f6netimini de i\u00e7eren ki\u015fiye \u00f6zel bir hizmet sunar. E\u015fyalar\u0131n\u0131z\u0131 ta\u015f\u0131ma s\u0131ras\u0131nda korumak i\u00e7in benzersiz paketleme y\u00f6ntemleri ve yenilik\u00e7i malzemeler sa\u011flarlar. Kara, deniz veya hava yoluyla nakliyenin ayarlanmas\u0131, g\u00fcmr\u00fck formaliteleri ve sigorta konusunda size destek olunmas\u0131 ve gerekti\u011finde depolama olanaklar\u0131 sa\u011flanmas\u0131 da dahil olmak \u00fczere ta\u015f\u0131nman\u0131z\u0131n t\u00fcm y\u00f6nlerini \u00fcstlenirler.<\/p>\n<p>Web sitesi: <a href=\"http:\/\/www.chiche-demenagement.com\" target=\"_blank\" rel=\"noopener\">http:\/\/www.chiche-demenagement.com<\/a><\/p>\n<h2><span class=\"ez-toc-section\" id=\"7_Demarine_International\"><\/span><strong>7. Demarine Uluslararas\u0131<\/strong><span class=\"ez-toc-section-end\"><\/span><\/h2>\n<p><img loading=\"lazy\" decoding=\"async\" class=\"alignnone size-full wp-image-6059\" src=\"https:\/\/moverdb.com\/wp-content\/uploads\/Demarine-International-moving-company.png\" alt=\"Demarine Uluslararas\u0131 Ta\u015f\u0131mac\u0131l\u0131k \u015eirketi\" width=\"1440\" height=\"679\" data-wp-pid=\"6059\" srcset=\"https:\/\/moverdb.com\/wp-content\/uploads\/Demarine-International-moving-company.png 1440w, https:\/\/moverdb.com\/wp-content\/uploads\/Demarine-International-moving-company-300x141.png 300w, https:\/\/moverdb.com\/wp-content\/uploads\/Demarine-International-moving-company-1024x483.png 1024w, https:\/\/moverdb.com\/wp-content\/uploads\/Demarine-International-moving-company-18x8.png 18w, https:\/\/moverdb.com\/wp-content\/uploads\/Demarine-International-moving-company-600x283.png 600w\" sizes=\"auto, (max-width: 1440px) 100vw, 1440px\" \/><\/p>\n<ul>\n<li>Ulusal hamleler<\/li>\n<li>Uluslararas\u0131 ta\u015f\u0131nmalar<\/li>\n<li>Ki\u015fisel hareketler<\/li>\n<li>H\u00fck\u00fcmet hamleleri<\/li>\n<li>\u00d6zel ileti\u015fim<\/li>\n<li>Kap\u0131dan kap\u0131ya hizmet<\/li>\n<li>Paketleme hizmeti<\/li>\n<li>Karayolu, denizyolu ve havayolu ta\u015f\u0131mac\u0131l\u0131\u011f\u0131<\/li>\n<li>G\u00fcmr\u00fck deste\u011fi<\/li>\n<li>K\u0131sa ve uzun s\u00fcreli g\u00fcvenli depolama<\/li>\n<\/ul>\n<p>Demarine International, 44 y\u0131l\u0131 a\u015fk\u0131n deneyime sahip uluslararas\u0131 bir nakliye \u015firketidir. Marsilya ve Paris'te ofisleri bulunmaktad\u0131r. Ki\u015fisel ta\u015f\u0131nmalar, gurbet\u00e7iler, askerler ve devlet memurlar\u0131 i\u00e7in uluslararas\u0131 ta\u015f\u0131nmalar sa\u011flarlar. IAM \u00fcyesidirler ve d\u00fcnya \u00e7ap\u0131nda ta\u015f\u0131nmalar sa\u011flamak i\u00e7in uluslararas\u0131 bir a\u011f ile \u00e7al\u0131\u015f\u0131rlar.<\/p>\n<p>Demarine International, \u00f6zel bir irtibat ki\u015fisi ile kap\u0131dan kap\u0131ya hizmet sunmaktad\u0131r. Hizmetleri aras\u0131nda, e\u015fyalar\u0131n\u0131z\u0131 ta\u015f\u0131ma s\u0131ras\u0131nda korumak i\u00e7in kaliteli ambalaj malzemesi kullanan profesyonel nakliyeciler taraf\u0131ndan sa\u011flanan bir paketleme hizmeti de bulunmaktad\u0131r. Bir konteyneri payla\u015ft\u0131\u011f\u0131n\u0131z grupaj dahil olmak \u00fczere kara, hava veya deniz yoluyla nakliye d\u00fczenlerler. Dok\u00fcmantasyon ve g\u00fcmr\u00fck gereklilikleri konusunda tavsiyelerde bulunurlar.<\/p>\n<p>Web sitesi: <a href=\"http:\/\/www.demarine.com\" target=\"_blank\" rel=\"noopener\">http:\/\/www.demarine.com<\/a><\/p>\n<h2><span class=\"ez-toc-section\" id=\"8_Demeco\"><\/span><strong>8. Demeco<\/strong><span class=\"ez-toc-section-end\"><\/span><\/h2>\n<p><img loading=\"lazy\" decoding=\"async\" class=\"alignnone size-full wp-image-5937\" src=\"https:\/\/moverdb.com\/wp-content\/uploads\/Demeco-international-moving-company.png\" alt=\"Demeco uluslararas\u0131 ta\u015f\u0131ma \u015firketi\" width=\"1440\" height=\"678\" data-wp-pid=\"5937\" srcset=\"https:\/\/moverdb.com\/wp-content\/uploads\/Demeco-international-moving-company.png 1440w, https:\/\/moverdb.com\/wp-content\/uploads\/Demeco-international-moving-company-300x141.png 300w, https:\/\/moverdb.com\/wp-content\/uploads\/Demeco-international-moving-company-1024x482.png 1024w, https:\/\/moverdb.com\/wp-content\/uploads\/Demeco-international-moving-company-18x8.png 18w, https:\/\/moverdb.com\/wp-content\/uploads\/Demeco-international-moving-company-600x283.png 600w\" sizes=\"auto, (max-width: 1440px) 100vw, 1440px\" \/><\/p>\n<ul>\n<li>Ulusal hamleler<\/li>\n<li>Uluslararas\u0131 ta\u015f\u0131nmalar<\/li>\n<li>Konut Ta\u015f\u0131malar\u0131<\/li>\n<li>Kurumsal hamleler<\/li>\n<li>Ki\u015fiye \u00f6zel ta\u015f\u0131ma hizmeti<\/li>\n<li>Farkl\u0131 kat\u0131l\u0131m seviyelerine sahip paket se\u00e7imi<\/li>\n<li>G\u00fcmr\u00fck beyannameleri<\/li>\n<li>Kurulum ve bak\u0131m \u00e7al\u0131\u015fmalar\u0131 i\u00e7in ev hizmetleri<\/li>\n<li>Sigorta<\/li>\n<li>Depolama tesisleri<\/li>\n<\/ul>\n<p>Demeco, 1965 y\u0131l\u0131nda kurulan ve Fransa'daki lokasyonlar\u0131 da dahil olmak \u00fczere d\u00fcnya \u00e7ap\u0131nda 275 lokasyona sahip bir nakliye \u015firketidir. Evler ve \u015firketler i\u00e7in ulusal ve uluslararas\u0131 ta\u015f\u0131nmalar\u0131n yan\u0131 s\u0131ra yer de\u011fi\u015ftirme hizmetleri de sunmaktad\u0131r. D\u00fcnyan\u0131n d\u00f6rt bir yan\u0131na ta\u015f\u0131nma hizmeti sunmak i\u00e7in be\u015f k\u0131tada geni\u015f bir uluslararas\u0131 ortak a\u011f\u0131na sahiptirler. \u015eirket 57 y\u0131ll\u0131k hizmetiyle IAM \u00fcyesidir.<\/p>\n<p>Demeco, kendi kendine paketleme, mobilyalar\u0131n s\u00f6k\u00fcl\u00fcp tak\u0131lmas\u0131na yard\u0131mc\u0131 olma, tam paketleme hizmeti ve eksiksiz ta\u015f\u0131ma hizmeti dahil olmak \u00fczere bir dizi ta\u015f\u0131ma paketi sunmaktad\u0131r.  Sigorta ve g\u00fcmr\u00fck beyannameleri dahil olmak \u00fczere t\u00fcm yasal konularda destek sa\u011flarlar.<\/p>\n<p>Web sitesi: <a href=\"http:\/\/www.demeco.fr\" target=\"_blank\" rel=\"noopener\">http:\/\/www.demeco.fr<\/a><\/p>\n<h2><span class=\"ez-toc-section\" id=\"9_Grospiron_International\"><\/span><strong>9. Grospiron Uluslararas\u0131<\/strong><span class=\"ez-toc-section-end\"><\/span><\/h2>\n<p><img loading=\"lazy\" decoding=\"async\" class=\"alignnone size-full wp-image-5956\" src=\"https:\/\/moverdb.com\/wp-content\/uploads\/Grospiron-International-moving-company.png\" alt=\"Grospiron Uluslararas\u0131 Ta\u015f\u0131mac\u0131l\u0131k \u015eirketi\" width=\"1440\" height=\"677\" data-wp-pid=\"5956\" srcset=\"https:\/\/moverdb.com\/wp-content\/uploads\/Grospiron-International-moving-company.png 1440w, https:\/\/moverdb.com\/wp-content\/uploads\/Grospiron-International-moving-company-300x141.png 300w, https:\/\/moverdb.com\/wp-content\/uploads\/Grospiron-International-moving-company-1024x481.png 1024w, https:\/\/moverdb.com\/wp-content\/uploads\/Grospiron-International-moving-company-18x8.png 18w, https:\/\/moverdb.com\/wp-content\/uploads\/Grospiron-International-moving-company-600x282.png 600w\" sizes=\"auto, (max-width: 1440px) 100vw, 1440px\" \/><\/p>\n<ul>\n<li>Uluslararas\u0131 ta\u015f\u0131nmalar<\/li>\n<li>Konut Ta\u015f\u0131malar\u0131<\/li>\n<li>Kurumsal hamleler<\/li>\n<li>Ki\u015fiye \u00f6zel hizmet<\/li>\n<li>Paketleme hizmeti<\/li>\n<li>Kara, deniz ve hava ta\u015f\u0131mac\u0131l\u0131\u011f\u0131<\/li>\n<li>G\u00fcmr\u00fck formaliteleri<\/li>\n<li>G\u00fczel sanatlar ta\u015f\u0131mac\u0131l\u0131\u011f\u0131<\/li>\n<li>Evcil hayvan ve ara\u00e7 ta\u015f\u0131mac\u0131l\u0131\u011f\u0131<\/li>\n<li>Depolama tesisleri<\/li>\n<\/ul>\n<p>Grospiron International 1840 y\u0131l\u0131nda kurulmu\u015f bir ta\u015f\u0131nma ve nakliyat \u015firketidir ve FG Mobility Group'un bir par\u00e7as\u0131d\u0131r. Paris, Lille, Lyon, Marsilya, Nice ve Toulouse'da ofisleri vard\u0131r ve ayr\u0131ca <a href=\"https:\/\/moverdb.com\/tr\/moving-to-dubai\/\" data-internallinksmanager029f6b8e52c=\"246\" title=\"Dubai&#039;ye Ta\u015f\u0131nmak m\u0131? 2026 Ya\u015fam Maliyetleri ve Yer De\u011fi\u015ftirme \u0130pu\u00e7lar\u0131\">Dubai<\/a> ve <a href=\"https:\/\/moverdb.com\/tr\/moving-to-hong-kong\/\" data-internallinksmanager029f6b8e52c=\"350\" title=\"Hong Kong&#039;a m\u0131 ta\u015f\u0131n\u0131yorsunuz? 2026 Ya\u015fam Maliyetleri &amp; Yer De\u011fi\u015ftirme \u0130pu\u00e7lar\u0131\">Hong Kong<\/a>. D\u00fcnyan\u0131n d\u00f6rt bir yan\u0131na ta\u015f\u0131nma hizmeti sunmak i\u00e7in uluslararas\u0131 bir a\u011f ile \u00e7al\u0131\u015fmaktad\u0131rlar. IAM \u00fcyesi olup 182 y\u0131ld\u0131r hizmet vermektedirler ve FIDI taraf\u0131ndan akredite edilmi\u015flerdir.<\/p>\n<p>Grospiron International, ta\u015f\u0131nma ihtiya\u00e7lar\u0131n\u0131z\u0131 de\u011ferlendirmek i\u00e7in ev i\u00e7i veya sanal teknik ziyaretle ba\u015flayan ki\u015fiye \u00f6zel bir hizmet sunar. Planlama, paketleme, kara, hava ve deniz yoluyla ta\u015f\u0131man\u0131n ayarlanmas\u0131 ve g\u00fcmr\u00fck formaliteleri ve gerekirse depolama konusunda destek dahil olmak \u00fczere ta\u015f\u0131nman\u0131z\u0131n t\u00fcm y\u00f6nlerine yard\u0131mc\u0131 olurlar.<\/p>\n<p>Web sitesi: <a href=\"http:\/\/www.grospiron.com\" target=\"_blank\" rel=\"noopener\">http:\/\/www.grospiron.com<\/a><\/p>\n<h2><span class=\"ez-toc-section\" id=\"10_Lagache_Mobility\"><\/span><strong>10. Lagache Hareketlilik<\/strong><span class=\"ez-toc-section-end\"><\/span><\/h2>\n<p><img loading=\"lazy\" decoding=\"async\" class=\"alignnone size-full wp-image-5966\" src=\"https:\/\/moverdb.com\/wp-content\/uploads\/Lagache-Mobility-international-moving-company.png\" alt=\"Lagache Mobility uluslararas\u0131 ta\u015f\u0131ma \u015firketi\" width=\"1440\" height=\"680\" data-wp-pid=\"5966\" srcset=\"https:\/\/moverdb.com\/wp-content\/uploads\/Lagache-Mobility-international-moving-company.png 1440w, https:\/\/moverdb.com\/wp-content\/uploads\/Lagache-Mobility-international-moving-company-300x142.png 300w, https:\/\/moverdb.com\/wp-content\/uploads\/Lagache-Mobility-international-moving-company-1024x484.png 1024w, https:\/\/moverdb.com\/wp-content\/uploads\/Lagache-Mobility-international-moving-company-18x9.png 18w, https:\/\/moverdb.com\/wp-content\/uploads\/Lagache-Mobility-international-moving-company-600x283.png 600w\" sizes=\"auto, (max-width: 1440px) 100vw, 1440px\" \/><\/p>\n<ul>\n<li>Ulusal hamleler<\/li>\n<li>Uluslararas\u0131 ta\u015f\u0131nmalar<\/li>\n<li>Ev ta\u015f\u0131ma<\/li>\n<li>\u015eirket transferleri<\/li>\n<li>Ki\u015fiselle\u015ftirilmi\u015f dan\u0131\u015fman<\/li>\n<li>Paketleme hizmeti<\/li>\n<li>Karayolu, hava veya deniz ta\u015f\u0131mac\u0131l\u0131\u011f\u0131<\/li>\n<li>G\u00fcmr\u00fckleme deste\u011fi<\/li>\n<li>Sigorta<\/li>\n<li>G\u00fcvenli depolama tesisleri<\/li>\n<\/ul>\n<p>Lagache Mobility, 70 y\u0131l\u0131 a\u015fk\u0131n deneyime sahip uluslararas\u0131 bir ta\u015f\u0131ma \u015firketidir. Paris'te Fleury-Merogis, Seine-et-Marne, Hauts-de-Seine ve Yvelines b\u00f6lgelerinin yan\u0131 s\u0131ra Essonne'da da faaliyet g\u00f6stermektedir. Uluslararas\u0131 ta\u015f\u0131malar sa\u011flamak i\u00e7in bir ortaklar a\u011f\u0131yla birlikte \u00e7al\u0131\u015fmaktad\u0131rlar. IAM'nin 52 y\u0131ll\u0131k bir \u00fcyesidirler.<\/p>\n<p>Lagache Mobility, size \u00f6zel ta\u015f\u0131nma \u00e7\u00f6z\u00fcmleri ve ta\u015f\u0131nman\u0131zda size yard\u0131mc\u0131 olacak ki\u015fiselle\u015ftirilmi\u015f bir dan\u0131\u015fman sunar. E\u015fyalar\u0131n\u0131z\u0131 ta\u015f\u0131ma \u015fekline g\u00f6re g\u00fcvenli bir \u015fekilde paketleyecek profesyonel nakliyeciler sa\u011flarlar. Karayolu, hava veya deniz yoluyla nakliyeyi ayarlayacak ve g\u00fcmr\u00fckleme ve sigorta konular\u0131nda size destek olacaklard\u0131r.<\/p>\n<p>Web sitesi: <a href=\"http:\/\/www.lagachemobility.com\" target=\"_blank\" rel=\"noopener\">http:\/\/www.lagachemobility.com<\/a><\/p>\n<h2><span class=\"ez-toc-section\" id=\"11_Santa_Fe_Relocation\"><\/span><strong>11. Santa Fe'nin Ta\u015f\u0131nmas\u0131<\/strong><span class=\"ez-toc-section-end\"><\/span><\/h2>\n<p><img loading=\"lazy\" decoding=\"async\" class=\"alignnone size-full wp-image-5999\" src=\"https:\/\/moverdb.com\/wp-content\/uploads\/Santa-Fe-Relocation-France-international-moving-company.png\" alt=\"Santa Fe Relocation Fransa uluslararas\u0131 nakliye \u015firketi\" width=\"1440\" height=\"680\" data-wp-pid=\"5999\" srcset=\"https:\/\/moverdb.com\/wp-content\/uploads\/Santa-Fe-Relocation-France-international-moving-company.png 1440w, https:\/\/moverdb.com\/wp-content\/uploads\/Santa-Fe-Relocation-France-international-moving-company-300x142.png 300w, https:\/\/moverdb.com\/wp-content\/uploads\/Santa-Fe-Relocation-France-international-moving-company-1024x484.png 1024w, https:\/\/moverdb.com\/wp-content\/uploads\/Santa-Fe-Relocation-France-international-moving-company-18x9.png 18w, https:\/\/moverdb.com\/wp-content\/uploads\/Santa-Fe-Relocation-France-international-moving-company-600x283.png 600w\" sizes=\"auto, (max-width: 1440px) 100vw, 1440px\" \/><\/p>\n<ul>\n<li>Yerel ve ulusal hamleler<\/li>\n<li>Uluslararas\u0131 ta\u015f\u0131nmalar<\/li>\n<li>Konut Ta\u015f\u0131malar\u0131<\/li>\n<li>\u0130\u015f hamleleri<\/li>\n<li>Yer de\u011fi\u015ftirme hizmetleri<\/li>\n<li>Kap\u0131dan kap\u0131ya hizmet<\/li>\n<li>Paketleme hizmeti<\/li>\n<li>Kara, deniz ve hava ta\u015f\u0131mac\u0131l\u0131\u011f\u0131<\/li>\n<li>G\u00fcmr\u00fck i\u015flemleri<\/li>\n<li>K\u0131sa ila uzun s\u00fcreli depolama<\/li>\n<\/ul>\n<p>Santa Fe Relocation, 1961 y\u0131l\u0131nda a\u00e7\u0131lan Paris ve Marsilya ofislerinin bulundu\u011fu Fransa'n\u0131n da dahil oldu\u011fu 38 \u00fclkede 64 ofisi bulunan uluslararas\u0131 bir ta\u015f\u0131ma \u015firketidir. Ev ve i\u015fyerleri i\u00e7in uluslararas\u0131 ve ulusal ta\u015f\u0131nma hizmetleri sunmaktad\u0131r. FIDI taraf\u0131ndan akredite edilmi\u015flerdir.<\/p>\n<p>Santa Fe Relocation, ta\u015f\u0131nma s\u0131ras\u0131nda e\u015fyalar\u0131n\u0131z\u0131n g\u00fcvenli bir \u015fekilde paketlenmesi, kara, hava ve deniz yoluyla nakliyenin ayarlanmas\u0131, g\u00fcmr\u00fck i\u015flemlerinde destek, teslimat ve ambalaj\u0131n a\u00e7\u0131lmas\u0131 dahil olmak \u00fczere ta\u015f\u0131nman\u0131zda size yard\u0131mc\u0131 olacak bir ta\u015f\u0131nma dan\u0131\u015fman\u0131 sa\u011flar. Ta\u015f\u0131nma hizmetleri aras\u0131nda ayr\u0131lma hizmetleri, okul arama, oryantasyon hizmeti, ge\u00e7ici bar\u0131nma, evcil hayvanlar\u0131n ta\u015f\u0131nmas\u0131 ve dil ve k\u00fclt\u00fcrel e\u011fitim yer almaktad\u0131r.<\/p>\n<p>Web sitesi: <a href=\"https:\/\/www.santaferelo.com\/en\/contact\/our-offices\/france-paris\/\" target=\"_blank\" rel=\"noopener\">https:\/\/www.santaferelo.com\/en\/contact\/our-offices\/france-paris\/<\/a><\/p>\n<h2><span class=\"ez-toc-section\" id=\"12_Seegmuller\"><\/span><strong>12. Seegmuller<\/strong><span class=\"ez-toc-section-end\"><\/span><\/h2>\n<p><img loading=\"lazy\" decoding=\"async\" class=\"alignnone size-full wp-image-6001\" src=\"https:\/\/moverdb.com\/wp-content\/uploads\/Seegmuller-international-moving-company.png\" alt=\"Seegmuller uluslararas\u0131 nakliye \u015firketi\" width=\"1440\" height=\"655\" data-wp-pid=\"6001\" srcset=\"https:\/\/moverdb.com\/wp-content\/uploads\/Seegmuller-international-moving-company.png 1440w, https:\/\/moverdb.com\/wp-content\/uploads\/Seegmuller-international-moving-company-300x136.png 300w, https:\/\/moverdb.com\/wp-content\/uploads\/Seegmuller-international-moving-company-1024x466.png 1024w, https:\/\/moverdb.com\/wp-content\/uploads\/Seegmuller-international-moving-company-18x8.png 18w, https:\/\/moverdb.com\/wp-content\/uploads\/Seegmuller-international-moving-company-600x273.png 600w\" sizes=\"auto, (max-width: 1440px) 100vw, 1440px\" \/><\/p>\n<ul>\n<li>Ulusal hamleler<\/li>\n<li>Uluslararas\u0131 ta\u015f\u0131nmalar<\/li>\n<li>Ev ta\u015f\u0131ma<\/li>\n<li>\u0130\u015f hamleleri<\/li>\n<li>Yer de\u011fi\u015ftirme hizmetleri<\/li>\n<li>Paketleme hizmetleri<\/li>\n<li>Karayolu, demiryolu, denizyolu ve havayolu<\/li>\n<li>G\u00fcmr\u00fck formaliteleri<\/li>\n<li>Konaklama yeri aray\u0131n<\/li>\n<li>Depolama tesisleri<\/li>\n<\/ul>\n<p>Seegmuller, 1881 y\u0131l\u0131nda kurulan ve 70 \u00fclkeye ulusal ve uluslararas\u0131 nakliyat hizmeti sunan profesyonel bir nakliyat \u015firketidir. Strasbourg, Paris, Lyons, Mulhouse, Belfort ve Colmar'da lokasyonlar\u0131 ve onlar\u0131 destekleyen uluslararas\u0131 nakliye \u015firketleri a\u011f\u0131 vard\u0131r. Onlar bir \u00fcyedir <a href=\"https:\/\/moverdb.com\/tr\/harmony-relocation-network\/\" data-internallinksmanager029f6b8e52c=\"20\" title=\"Harmony Relocation Network (HRN) A\u00e7\u0131klamas\u0131\">Harmony Yer De\u011fi\u015ftirme A\u011f\u0131<\/a> ve IAM'de 141 y\u0131ld\u0131r hizmet vermektedir ve FIDI taraf\u0131ndan akredite edilmi\u015ftir.<\/p>\n<p>Seegmuller, e\u015fyalar\u0131n\u0131z\u0131 ayr\u0131nt\u0131l\u0131 bir envanterle korumak ve yeni evinize yerle\u015fmenizi sa\u011flamak i\u00e7in kapsaml\u0131 bir paketleme ve ambalaj a\u00e7ma hizmeti sunar. Bu, mobilyalar\u0131n s\u00f6k\u00fclmesini, mobilyalar\u0131n monte edilmesini, cihazlar\u0131n s\u00f6k\u00fclmesini veya yeniden ba\u011flanmas\u0131n\u0131 ve duvara veya tavana sabitlenmi\u015f e\u015fyalar\u0131n s\u00f6k\u00fclmesini ve tak\u0131lmas\u0131n\u0131 i\u00e7erir.<\/p>\n<p>Web sitesi: <a href=\"http:\/\/www.seegmuller.com\" target=\"_blank\" rel=\"noopener\">http:\/\/www.seegmuller.com<\/a><\/p>\n<h2><span class=\"ez-toc-section\" id=\"13_Sogedem_Europacking\"><\/span><strong>13. Sogedem Europacking<\/strong><span class=\"ez-toc-section-end\"><\/span><\/h2>\n<p><img loading=\"lazy\" decoding=\"async\" class=\"alignnone size-full wp-image-6004\" src=\"https:\/\/moverdb.com\/wp-content\/uploads\/Sogedem-Europacking-international-moving-company.png\" alt=\"Sogedem Europacking uluslararas\u0131 ta\u015f\u0131ma \u015firketi\" width=\"1440\" height=\"679\" data-wp-pid=\"6004\" srcset=\"https:\/\/moverdb.com\/wp-content\/uploads\/Sogedem-Europacking-international-moving-company.png 1440w, https:\/\/moverdb.com\/wp-content\/uploads\/Sogedem-Europacking-international-moving-company-300x141.png 300w, https:\/\/moverdb.com\/wp-content\/uploads\/Sogedem-Europacking-international-moving-company-1024x483.png 1024w, https:\/\/moverdb.com\/wp-content\/uploads\/Sogedem-Europacking-international-moving-company-18x8.png 18w, https:\/\/moverdb.com\/wp-content\/uploads\/Sogedem-Europacking-international-moving-company-600x283.png 600w\" sizes=\"auto, (max-width: 1440px) 100vw, 1440px\" \/><\/p>\n<ul>\n<li>Ulusal hamleler<\/li>\n<li>Uluslararas\u0131 ta\u015f\u0131nmalar<\/li>\n<li>Ev ta\u015f\u0131ma<\/li>\n<li>Evden eve ta\u015f\u0131nma<\/li>\n<li>Ev i\u00e7i anket<\/li>\n<li>Paketleme hizmetleri<\/li>\n<li>Profesyonel ambalajc\u0131lar ve kaliteli ambalaj malzemeleri<\/li>\n<li>Karayolu, hava ve deniz ta\u015f\u0131mac\u0131l\u0131\u011f\u0131<\/li>\n<li>Transit ve g\u00fcmr\u00fck idaresi<\/li>\n<li>Depolama tesisleri<\/li>\n<\/ul>\n<p>Sogedem Europacking, 45 y\u0131l\u0131 a\u015fk\u0131n deneyime sahip uluslararas\u0131 bir ta\u015f\u0131ma \u015firketidir. Martigues ve Paris'te ofisleri bulunmaktad\u0131r. D\u00fcnyan\u0131n d\u00f6rt bir yan\u0131ndaki ta\u015f\u0131nmalar\u0131 desteklemek i\u00e7in uluslararas\u0131 ta\u015f\u0131ma acentelerinden olu\u015fan bir a\u011fa sahiptir ve IAM \u00fcyesidir.<\/p>\n<p>Sogedem Europacking, ihtiya\u00e7lar\u0131n\u0131z\u0131 de\u011ferlendirmek ve bir fiyat teklifi olu\u015fturmak i\u00e7in \u00fccretsiz bir ev ziyareti sunar. Profesyonel paketleyiciler, kaliteli paketleme malzemeleri, her boyutta kutular ve ultra modern paketleme ekipmanlar\u0131 kullanarak e\u015fyalar\u0131n\u0131z\u0131 korumak i\u00e7in bir paketleme hizmeti sunarlar. Karayolu, havayolu ve denizyolu dahil olmak \u00fczere \u00e7e\u015fitli ta\u015f\u0131ma y\u00f6ntemleri sunarlar. <a href=\"https:\/\/moverdb.com\/tr\/shipping-container-sizes-and-dimensions\/\" data-internallinksmanager029f6b8e52c=\"247\" title=\"Nakliye Konteyneri Boyutlar\u0131 ve \u00d6l\u00e7\u00fcleri i\u00e7in Nihai K\u0131lavuz\">konteyner boyutlar\u0131<\/a>. Transit ve g\u00fcmr\u00fck belgeleri konusunda idari destek sa\u011flarlar.<\/p>\n<p>Web sitesi: <a href=\"https:\/\/www.sogedemeuropacking.com\/\" target=\"_blank\" rel=\"noopener\">https:\/\/www.sogedemeuropacking.com\/<\/a><\/p>\n<h2><span class=\"ez-toc-section\" id=\"14_Pelichet\"><\/span><strong>14. Pelichet<\/strong><span class=\"ez-toc-section-end\"><\/span><\/h2>\n<p><img loading=\"lazy\" decoding=\"async\" class=\"alignnone size-full wp-image-5992\" src=\"https:\/\/moverdb.com\/wp-content\/uploads\/Pelichet-international-moving-company.png\" alt=\"Pelichet uluslararas\u0131 nakliye \u015firketi\" width=\"1440\" height=\"678\" data-wp-pid=\"5992\" srcset=\"https:\/\/moverdb.com\/wp-content\/uploads\/Pelichet-international-moving-company.png 1440w, https:\/\/moverdb.com\/wp-content\/uploads\/Pelichet-international-moving-company-300x141.png 300w, https:\/\/moverdb.com\/wp-content\/uploads\/Pelichet-international-moving-company-1024x482.png 1024w, https:\/\/moverdb.com\/wp-content\/uploads\/Pelichet-international-moving-company-18x8.png 18w, https:\/\/moverdb.com\/wp-content\/uploads\/Pelichet-international-moving-company-600x283.png 600w\" sizes=\"auto, (max-width: 1440px) 100vw, 1440px\" \/><\/p>\n<ul>\n<li>Ulusal hamleler<\/li>\n<li>Uluslararas\u0131 ta\u015f\u0131nmalar<\/li>\n<li>Ev ta\u015f\u0131ma<\/li>\n<li>\u00d6zel ileti\u015fim<\/li>\n<li>Kara, deniz ve hava ta\u015f\u0131mac\u0131l\u0131\u011f\u0131<\/li>\n<li>Konteyner boyutlar\u0131 se\u00e7imi<\/li>\n<li>G\u00fcmr\u00fck formaliteleri deste\u011fi<\/li>\n<li>Ara\u00e7 ta\u015f\u0131mac\u0131l\u0131\u011f\u0131<\/li>\n<li>Evcil hayvan ta\u015f\u0131mac\u0131l\u0131\u011f\u0131<\/li>\n<li>Depolama tesisleri<\/li>\n<\/ul>\n<p>Pelichet, 120 y\u0131l\u0131 a\u015fk\u0131n bir s\u00fcredir ta\u015f\u0131nma hizmetleri sunan ve merkezi Argenteuil'de bulunan uluslararas\u0131 ve ulusal bir ta\u015f\u0131nma uzman\u0131d\u0131r. D\u00fcnyan\u0131n d\u00f6rt bir yan\u0131na ta\u015f\u0131nmalar\u0131na yard\u0131mc\u0131 olmak i\u00e7in k\u00fcresel bir acente a\u011f\u0131na sahiptirler. FIDI taraf\u0131ndan akredite edilmi\u015flerdir.<\/p>\n<p>Pelichet, ihtiya\u00e7lar\u0131n\u0131z\u0131 de\u011ferlendirmek i\u00e7in \u00f6zel bir irtibat ki\u015fisi ve bir ev ziyareti sa\u011flar. E\u015fyalar\u0131n\u0131z\u0131n kara, hava ve deniz yoluyla ta\u015f\u0131nmas\u0131n\u0131 organize eder ve t\u00fcm evrak i\u015fleri ve g\u00fcmr\u00fck formaliteleri konusunda yard\u0131mc\u0131 olurlar. Temizlik, tamircilik, ara\u00e7 ve evcil hayvanlar\u0131n ta\u015f\u0131nmas\u0131 gibi bir dizi ek hizmet sunarlar.<\/p>\n<p>Web sitesi: <a href=\"http:\/\/www.pelichet.fr\/\" target=\"_blank\" rel=\"noopener\">http:\/\/www.pelichet.fr\/<\/a><\/p>\n<h2><span class=\"ez-toc-section\" id=\"15_Premium_Removals_Solutions\"><\/span><strong>15. Premium Removals \u00c7\u00f6z\u00fcmleri<\/strong><span class=\"ez-toc-section-end\"><\/span><\/h2>\n<p><img loading=\"lazy\" decoding=\"async\" class=\"alignnone size-full wp-image-5995\" src=\"https:\/\/moverdb.com\/wp-content\/uploads\/Premium-Removals-Solutions-international-moving-company.png\" alt=\"Premium Removals Solutions uluslararas\u0131 ta\u015f\u0131ma \u015firketi\" width=\"1440\" height=\"680\" data-wp-pid=\"5995\" srcset=\"https:\/\/moverdb.com\/wp-content\/uploads\/Premium-Removals-Solutions-international-moving-company.png 1440w, https:\/\/moverdb.com\/wp-content\/uploads\/Premium-Removals-Solutions-international-moving-company-300x142.png 300w, https:\/\/moverdb.com\/wp-content\/uploads\/Premium-Removals-Solutions-international-moving-company-1024x484.png 1024w, https:\/\/moverdb.com\/wp-content\/uploads\/Premium-Removals-Solutions-international-moving-company-18x9.png 18w, https:\/\/moverdb.com\/wp-content\/uploads\/Premium-Removals-Solutions-international-moving-company-600x283.png 600w\" sizes=\"auto, (max-width: 1440px) 100vw, 1440px\" \/><\/p>\n<ul>\n<li>Ulusal hamleler<\/li>\n<li>Uluslararas\u0131 ta\u015f\u0131nmalar<\/li>\n<li>Konut Ta\u015f\u0131malar\u0131<\/li>\n<li>Ki\u015fiselle\u015ftirilmi\u015f bir ta\u015f\u0131nma plan\u0131 ile ki\u015fiye \u00f6zel hizmetler<\/li>\n<li>\u00d6zel ileti\u015fim<\/li>\n<li>Kara, deniz ve hava ta\u015f\u0131mac\u0131l\u0131\u011f\u0131<\/li>\n<li>Evcil hayvan ta\u015f\u0131mac\u0131l\u0131\u011f\u0131<\/li>\n<li>Ara\u00e7 ta\u015f\u0131mac\u0131l\u0131\u011f\u0131<\/li>\n<li>Premium ek hizmetler<\/li>\n<li>G\u00fcvenli depolama tesisleri<\/li>\n<\/ul>\n<p>Premium Removals Solutions, 20 y\u0131l\u0131 a\u015fk\u0131n deneyime sahip ve Ecquevilly, Fransa ve Kazablanka'da ofisleri bulunan uluslararas\u0131 bir ta\u015f\u0131ma \u015firketidir, <a href=\"https:\/\/moverdb.com\/tr\/moving-companies\/moving-companies-morocco\/\" data-internallinksmanager029f6b8e52c=\"287\" title=\"Fas&#039;taki En \u0130yi 4 Uluslararas\u0131 Nakliye \u015eirketi\">Fas<\/a>.  D\u00fcnyan\u0131n d\u00f6rt bir yan\u0131na ta\u015f\u0131nmalar\u0131na yard\u0131mc\u0131 olmak i\u00e7in uluslararas\u0131 bir ortak a\u011f\u0131na sahiptirler. IAM'nin 3 y\u0131ll\u0131k hizmet veren bir \u00fcyesidirler.<\/p>\n<p>Premium Removals Solutions, \u00f6zel bir irtibat ki\u015fisi ve ki\u015fiselle\u015ftirilmi\u015f bir ta\u015f\u0131nma plan\u0131 i\u00e7eren \u00f6zel ta\u015f\u0131nma hizmeti sunar. Kara, deniz ve hava ta\u015f\u0131mac\u0131l\u0131\u011f\u0131n\u0131 i\u00e7eren \u00e7e\u015fitli ta\u015f\u0131ma se\u00e7enekleri sunarlar Ayr\u0131ca temizlik, tamirci hizmetleri, hayvan ve ara\u00e7 ta\u015f\u0131mac\u0131l\u0131\u011f\u0131 ve g\u00fcvenli depolama tesisleri gibi ek hizmetler de sunarlar.<\/p>\n<p>Web sitesi: <a href=\"http:\/\/www.premium-removals-solutions.com\" target=\"_blank\" rel=\"noopener\">http:\/\/www.premium-removals-solutions.com<\/a><\/p>\n<h2><span class=\"ez-toc-section\" id=\"16_Magellan_Transit\"><\/span><strong>16. Magellan Transit<\/strong><span class=\"ez-toc-section-end\"><\/span><\/h2>\n<p><img loading=\"lazy\" decoding=\"async\" class=\"alignnone size-full wp-image-5969\" src=\"https:\/\/moverdb.com\/wp-content\/uploads\/Magellan-Transit-international-moving-company.png\" alt=\"Magellan Transit uluslararas\u0131 ta\u015f\u0131ma \u015firketi\" width=\"1440\" height=\"683\" data-wp-pid=\"5969\" srcset=\"https:\/\/moverdb.com\/wp-content\/uploads\/Magellan-Transit-international-moving-company.png 1440w, https:\/\/moverdb.com\/wp-content\/uploads\/Magellan-Transit-international-moving-company-300x142.png 300w, https:\/\/moverdb.com\/wp-content\/uploads\/Magellan-Transit-international-moving-company-1024x486.png 1024w, https:\/\/moverdb.com\/wp-content\/uploads\/Magellan-Transit-international-moving-company-18x9.png 18w, https:\/\/moverdb.com\/wp-content\/uploads\/Magellan-Transit-international-moving-company-600x285.png 600w\" sizes=\"auto, (max-width: 1440px) 100vw, 1440px\" \/><\/p>\n<ul>\n<li>Yaln\u0131zca nakliye hizmetleri<\/li>\n<li>Uluslararas\u0131 ta\u015f\u0131nmalar<\/li>\n<li>Ev ta\u015f\u0131ma<\/li>\n<li>Esnek se\u00e7enekler<\/li>\n<li>Depo veya eve teslimat<\/li>\n<li>T\u00fcm konteyner veya grupaj<\/li>\n<li>Konteyner se\u00e7enekleri<\/li>\n<li>Deniz ve hava ta\u015f\u0131mac\u0131l\u0131\u011f\u0131<\/li>\n<li>G\u00fczel sanatlar ta\u015f\u0131mac\u0131l\u0131\u011f\u0131<\/li>\n<li>Ara\u00e7 ta\u015f\u0131mac\u0131l\u0131\u011f\u0131<\/li>\n<\/ul>\n<p>Magellan Transit, Gennevilliers'de bulunan ve evlerin uluslararas\u0131 ta\u015f\u0131nmas\u0131n\u0131 da i\u00e7eren nakliye hizmetleri sunan bir nakliye ve lojistik \u015firketidir. Yaln\u0131zca konteyner hizmetleri sunarlar ve paketleme hizmetleri yoktur. \u015eirket 14 y\u0131ll\u0131k hizmetiyle IAM \u00fcyesidir.<\/p>\n<p>Magellan Transit, fazla bagaj ve bir konteyneri payla\u015ft\u0131\u011f\u0131n\u0131z grupaj yoluyla k\u00fc\u00e7\u00fck ta\u015f\u0131malar\u0131 i\u00e7eren esnek nakliye se\u00e7enekleri sunar. Ayr\u0131ca, e\u015fyalar\u0131n\u0131z\u0131 evinizde y\u00fcklemenize olanak tan\u0131yan ve daha sonra bunlar\u0131 yeni evinize karayolu veya deniz yoluyla ta\u015f\u0131man\u0131za olanak tan\u0131yan birka\u00e7 farkl\u0131 boyutta konteyner ile bir dizi tam konteyner se\u00e7ene\u011fi de sunarlar. Ayr\u0131ca g\u00fczel sanatlar ve ara\u00e7 nakliyesi i\u00e7in de se\u00e7enekler sunabilirler.<\/p>\n<p>Web sitesi: <a href=\"http:\/\/magellan-transit.fr\" target=\"_blank\" rel=\"noopener\">http:\/\/magellan-transit.fr<\/a><\/p>\n<h2><span class=\"ez-toc-section\" id=\"17_Activmoving\"><\/span><strong>17. Activmoving<\/strong><span class=\"ez-toc-section-end\"><\/span><\/h2>\n<p><img loading=\"lazy\" decoding=\"async\" class=\"alignnone size-full wp-image-5916\" src=\"https:\/\/moverdb.com\/wp-content\/uploads\/Activ-Moving-international-moving-company.png\" alt=\"Activ Moving uluslararas\u0131 ta\u015f\u0131ma \u015firketi\" width=\"1440\" height=\"683\" data-wp-pid=\"5916\" srcset=\"https:\/\/moverdb.com\/wp-content\/uploads\/Activ-Moving-international-moving-company.png 1440w, https:\/\/moverdb.com\/wp-content\/uploads\/Activ-Moving-international-moving-company-300x142.png 300w, https:\/\/moverdb.com\/wp-content\/uploads\/Activ-Moving-international-moving-company-1024x486.png 1024w, https:\/\/moverdb.com\/wp-content\/uploads\/Activ-Moving-international-moving-company-18x9.png 18w, https:\/\/moverdb.com\/wp-content\/uploads\/Activ-Moving-international-moving-company-600x285.png 600w\" sizes=\"auto, (max-width: 1440px) 100vw, 1440px\" \/><\/p>\n<ul>\n<li>Uluslararas\u0131 ta\u015f\u0131nmalar<\/li>\n<li>Ev ta\u015f\u0131ma<\/li>\n<li>\u00c7al\u0131\u015fan yer de\u011fi\u015ftirme<\/li>\n<li>Kap\u0131dan kap\u0131ya hizmet<\/li>\n<li>Paketleme hizmeti<\/li>\n<li>Kara, deniz ve hava ta\u015f\u0131mac\u0131l\u0131\u011f\u0131<\/li>\n<li>G\u00fczel sanatlar ta\u015f\u0131mac\u0131l\u0131\u011f\u0131<\/li>\n<li>Ara\u00e7 ta\u015f\u0131mac\u0131l\u0131\u011f\u0131<\/li>\n<li>Evcil hayvanlar\u0131n ta\u015f\u0131nmas\u0131<\/li>\n<li>Depolama tesisleri<\/li>\n<\/ul>\n<p>Activmoving, Lyon merkezli, ev ve \u00e7al\u0131\u015fan ta\u015f\u0131nma hizmetlerinde uzmanla\u015fm\u0131\u015f bir ta\u015f\u0131nma ve yer de\u011fi\u015ftirme \u015firketidir. D\u00fcnya \u00e7ap\u0131nda uluslararas\u0131 ta\u015f\u0131nmalarda kendilerini destekleyen referans acentelerle \u00e7al\u0131\u015fmaktad\u0131rlar. \u015eirket 7 y\u0131ll\u0131k hizmetiyle IAM \u00fcyesidir.<\/p>\n<p>Activmoving, ta\u015f\u0131nman\u0131z\u0131n t\u00fcm y\u00f6nlerini organize etmeyi i\u00e7eren kap\u0131dan kap\u0131ya bir hizmet sunar. E\u015fyalar\u0131n\u0131z i\u00e7in y\u00fcksek kaliteli bak\u0131m ve \u00f6l\u00e7\u00fcye uygun ah\u015fap kasalar sunan bir paketleme hizmeti sa\u011flarlar. E\u015fyalar\u0131n\u0131z\u0131n kara, deniz veya hava yoluyla ta\u015f\u0131nmas\u0131n\u0131 ayarlarlar. Ayr\u0131ca g\u00fczel sanatlar\u0131n g\u00fcvenli bir \u015fekilde ta\u015f\u0131nmas\u0131, ara\u00e7lar\u0131n ta\u015f\u0131nmas\u0131 ve evcil hayvanlar\u0131n ta\u015f\u0131nmas\u0131 i\u00e7in uzman hizmetler sunarlar.<\/p>\n<p>Web sitesi: <a href=\"https:\/\/www.activmoving.com\/demenagement-international\/en\/\" target=\"_blank\" rel=\"noopener\">https:\/\/www.activmoving.com\/demenagement-international\/en\/<\/a><\/p>\n<h2><span class=\"ez-toc-section\" id=\"18_European_Relocation_Services\"><\/span><strong>18. Avrupa Ta\u015f\u0131nma Hizmetleri<\/strong><span class=\"ez-toc-section-end\"><\/span><\/h2>\n<p><img loading=\"lazy\" decoding=\"async\" class=\"alignnone size-full wp-image-5943\" src=\"https:\/\/moverdb.com\/wp-content\/uploads\/European-Relocation-Services-international-moving-company.png\" alt=\"European Relocation Services uluslararas\u0131 ta\u015f\u0131ma \u015firketi\" width=\"1440\" height=\"681\" data-wp-pid=\"5943\" srcset=\"https:\/\/moverdb.com\/wp-content\/uploads\/European-Relocation-Services-international-moving-company.png 1440w, https:\/\/moverdb.com\/wp-content\/uploads\/European-Relocation-Services-international-moving-company-300x142.png 300w, https:\/\/moverdb.com\/wp-content\/uploads\/European-Relocation-Services-international-moving-company-1024x484.png 1024w, https:\/\/moverdb.com\/wp-content\/uploads\/European-Relocation-Services-international-moving-company-18x9.png 18w, https:\/\/moverdb.com\/wp-content\/uploads\/European-Relocation-Services-international-moving-company-600x284.png 600w\" sizes=\"auto, (max-width: 1440px) 100vw, 1440px\" \/><\/p>\n<ul>\n<li>Ulusal hamleler<\/li>\n<li>Uluslararas\u0131 ta\u015f\u0131nmalar<\/li>\n<li>Yer de\u011fi\u015ftirme hizmetleri<\/li>\n<li>Ev ta\u015f\u0131ma<\/li>\n<li>Kurumsal ta\u015f\u0131nmalar<\/li>\n<li>Paketleme hizmeti<\/li>\n<li>G\u00fcmr\u00fck deste\u011fi<\/li>\n<li>Kara, deniz ve hava ta\u015f\u0131mac\u0131l\u0131\u011f\u0131<\/li>\n<li>Ev ve okul aramalar\u0131nda yard\u0131m<\/li>\n<li>Depolama tesisleri<\/li>\n<\/ul>\n<p>European Relocation Services, 2001 y\u0131l\u0131nda Marsilya'da kurulmu\u015f olan Frans\u0131z sermayeli bir uluslararas\u0131 ta\u015f\u0131nma ve yer de\u011fi\u015ftirme \u015firketidir. D\u00fcnyan\u0131n d\u00f6rt bir yan\u0131ndaki ta\u015f\u0131nma acenteleri a\u011f\u0131n\u0131n deste\u011fiyle haneler ve \u015firketler i\u00e7in uluslararas\u0131 ta\u015f\u0131nma ve yer de\u011fi\u015ftirme hizmetleri sunmaktad\u0131r. \u015eirket 32 y\u0131ll\u0131k hizmetiyle IAM \u00fcyesidir.<\/p>\n<p>European Relocation Services, ki\u015fiselle\u015ftirilmi\u015f hizmet ile \u00f6zel ta\u015f\u0131nmalar sunar. Profesyonel ambalajlama ve paketleme teknikleri kullan\u0131rlar ve e\u015fyalar\u0131n\u0131z\u0131n kara, deniz veya hava yoluyla ta\u015f\u0131nmas\u0131n\u0131 ayarlarlar ve g\u00fcmr\u00fck gereksinimleri konusunda destek sa\u011flarlar. Ek ta\u015f\u0131nma hizmetleri aras\u0131nda oryantasyon, ev ve okul arama, kamu hizmetleri ve ayr\u0131l\u0131\u015flar konusunda yard\u0131m yer almaktad\u0131r.<\/p>\n<p>Web sitesi: <a href=\"http:\/\/www.eur-relocation.com\" target=\"_blank\" rel=\"noopener\">http:\/\/www.eur-relocation.com<\/a><\/p>\n<h2><span class=\"ez-toc-section\" id=\"19_Transcausse_Demenagements\"><\/span><strong>19. Transcausse Demenagements<\/strong><span class=\"ez-toc-section-end\"><\/span><\/h2>\n<p><img loading=\"lazy\" decoding=\"async\" class=\"alignnone size-full wp-image-6006\" src=\"https:\/\/moverdb.com\/wp-content\/uploads\/Transcausse-Demenagements-international-moving-company.png\" alt=\"Transcausse Demenagements uluslararas\u0131 nakliye \u015firketi\" width=\"1440\" height=\"679\" data-wp-pid=\"6006\" srcset=\"https:\/\/moverdb.com\/wp-content\/uploads\/Transcausse-Demenagements-international-moving-company.png 1440w, https:\/\/moverdb.com\/wp-content\/uploads\/Transcausse-Demenagements-international-moving-company-300x141.png 300w, https:\/\/moverdb.com\/wp-content\/uploads\/Transcausse-Demenagements-international-moving-company-1024x483.png 1024w, https:\/\/moverdb.com\/wp-content\/uploads\/Transcausse-Demenagements-international-moving-company-18x8.png 18w, https:\/\/moverdb.com\/wp-content\/uploads\/Transcausse-Demenagements-international-moving-company-600x283.png 600w\" sizes=\"auto, (max-width: 1440px) 100vw, 1440px\" \/><\/p>\n<ul>\n<li>Uluslararas\u0131 ta\u015f\u0131nmalar<\/li>\n<li>Ev ta\u015f\u0131ma<\/li>\n<li>Devlet memuru ve asker hareketleri<\/li>\n<li>\u015eirket ta\u015f\u0131nmalar\u0131<\/li>\n<li>Ki\u015fiselle\u015ftirilmi\u015f hizmet<\/li>\n<li>Ev i\u00e7i anket<\/li>\n<li>Paketleme hizmetleri<\/li>\n<li>Karayolu, hava ve deniz ta\u015f\u0131mac\u0131l\u0131\u011f\u0131<\/li>\n<li>Ta\u015f\u0131nman\u0131z\u0131 takip etme<\/li>\n<li>Araba ta\u015f\u0131mac\u0131l\u0131\u011f\u0131<\/li>\n<\/ul>\n<p>Transcausse Demenagements, Balguerie Group'un bir par\u00e7as\u0131 olan uzman bir uluslararas\u0131 nakliye \u015firketidir ve 1983'ten beri nakliye hizmeti vermektedir. Merkezi Marsilya'dad\u0131r ve ta\u015f\u0131nmalara yard\u0131mc\u0131 olmak i\u00e7in uluslararas\u0131 ta\u015f\u0131ma ortaklar\u0131 vard\u0131r. \u015eirket 17 y\u0131ll\u0131k hizmetiyle IAM \u00fcyesidir.<\/p>\n<p>Transcausse Demenagements, ihtiya\u00e7lar\u0131n\u0131z\u0131 ve se\u00e7eneklerinizi g\u00f6r\u00fc\u015fmek \u00fczere teknik bir de\u011ferlendirme yapmak i\u00e7in bir dan\u0131\u015fman taraf\u0131ndan ev ziyareti sa\u011flar. B\u00fcy\u00fck e\u015fyalar i\u00e7in \u00f6zel ah\u015fap kasalar\u0131n olu\u015fturulmas\u0131 da dahil olmak \u00fczere bir dizi ambalaj kullanarak t\u00fcm e\u015fyalar\u0131n\u0131z\u0131 korumak i\u00e7in bir paketleme hizmeti sunarlar. Konteyner boyutlar\u0131 da dahil olmak \u00fczere kara, hava ve deniz yoluyla nakliye se\u00e7enekleri sunarlar.<\/p>\n<p>Web sitesi: <a href=\"http:\/\/www.tddem.fr\" target=\"_blank\" rel=\"noopener\">http:\/\/www.tddem.fr<\/a><\/p>\n<h2><span class=\"ez-toc-section\" id=\"20_Les_Gentlemen_Du_Demenagement\"><\/span><strong>20. Les Gentlemen Du Demenagement<\/strong><span class=\"ez-toc-section-end\"><\/span><\/h2>\n<p><img loading=\"lazy\" decoding=\"async\" class=\"alignnone size-full wp-image-5968\" src=\"https:\/\/moverdb.com\/wp-content\/uploads\/Les-Gentlemen-Du-Demenagement-international-moving-company.png\" alt=\"Les Gentlemen Du Demenagement uluslararas\u0131 ta\u015f\u0131ma \u015firketi\" width=\"1440\" height=\"681\" data-wp-pid=\"5968\" srcset=\"https:\/\/moverdb.com\/wp-content\/uploads\/Les-Gentlemen-Du-Demenagement-international-moving-company.png 1440w, https:\/\/moverdb.com\/wp-content\/uploads\/Les-Gentlemen-Du-Demenagement-international-moving-company-300x142.png 300w, https:\/\/moverdb.com\/wp-content\/uploads\/Les-Gentlemen-Du-Demenagement-international-moving-company-1024x484.png 1024w, https:\/\/moverdb.com\/wp-content\/uploads\/Les-Gentlemen-Du-Demenagement-international-moving-company-18x9.png 18w, https:\/\/moverdb.com\/wp-content\/uploads\/Les-Gentlemen-Du-Demenagement-international-moving-company-600x284.png 600w\" sizes=\"auto, (max-width: 1440px) 100vw, 1440px\" \/><\/p>\n<ul>\n<li>Ulusal hamleler<\/li>\n<li>Uluslararas\u0131 ta\u015f\u0131nmalar<\/li>\n<li>Ev ta\u015f\u0131ma<\/li>\n<li>\u0130\u015f transferleri<\/li>\n<li>Yer de\u011fi\u015ftirme hizmetleri<\/li>\n<li>\u00d6zel paketleme hizmeti<\/li>\n<li>Kara, deniz ve hava ta\u015f\u0131mac\u0131l\u0131\u011f\u0131<\/li>\n<li>Sigorta<\/li>\n<li>Yerle\u015fim i\u00e7in ek hizmetler<\/li>\n<li>G\u00fcvenli depolama tesisleri<\/li>\n<\/ul>\n<p>Les Gentlemen Du Demenagement, Montelimar merkezli ve 70 ba\u011f\u0131ms\u0131z ta\u015f\u0131ma \u015firketinden olu\u015fan bir a\u011fa sahip bir ta\u015f\u0131ma \u015firketidir. Ayr\u0131ca, d\u00fcnyan\u0131n d\u00f6rt bir yan\u0131na ta\u015f\u0131ma hizmeti sunmak i\u00e7in daha geni\u015f bir uluslararas\u0131 ta\u015f\u0131ma acenteleri a\u011f\u0131yla birlikte \u00e7al\u0131\u015fmaktad\u0131rlar. \u015eirket 28 y\u0131ll\u0131k hizmetiyle IAM \u00fcyesidir.<\/p>\n<p>Les Gentlemen Du Demenagement, ister kara, ister hava veya deniz yolu olsun, ta\u015f\u0131ma \u015feklinizle uyumlu olacak \u015fekilde tasarlanm\u0131\u015f paketleme hizmetleri sunar. E\u015fyalar\u0131n\u0131z\u0131 var\u0131\u015f yerlerine ula\u015ft\u0131rmak i\u00e7in ana nakliye acenteleri ve nakliye firmalar\u0131 ile birlikte \u00e7al\u0131\u015f\u0131rlar. Temizlik, tamirci, \u00e7ocuk bak\u0131m\u0131 ve multimedya hizmeti gibi ek hizmetler de sunmaktad\u0131rlar.<\/p>\n<p>Web sitesi: <a href=\"http:\/\/www.gentlemen-demenagement.com\" target=\"_blank\" rel=\"noopener\">http:\/\/www.gentlemen-demenagement.com<\/a><\/p>\n<h2><span class=\"ez-toc-section\" id=\"21_All_World_Transport\"><\/span><strong>21. T\u00fcm D\u00fcnya Ta\u015f\u0131mac\u0131l\u0131\u011f\u0131<\/strong><span class=\"ez-toc-section-end\"><\/span><\/h2>\n<p><img loading=\"lazy\" decoding=\"async\" class=\"alignnone size-full wp-image-5924\" src=\"https:\/\/moverdb.com\/wp-content\/uploads\/All-World-Transport-international-moving-company.png\" alt=\"All World Transport uluslararas\u0131 nakliye \u015firketi\" width=\"1440\" height=\"683\" data-wp-pid=\"5924\" srcset=\"https:\/\/moverdb.com\/wp-content\/uploads\/All-World-Transport-international-moving-company.png 1440w, https:\/\/moverdb.com\/wp-content\/uploads\/All-World-Transport-international-moving-company-300x142.png 300w, https:\/\/moverdb.com\/wp-content\/uploads\/All-World-Transport-international-moving-company-1024x486.png 1024w, https:\/\/moverdb.com\/wp-content\/uploads\/All-World-Transport-international-moving-company-18x9.png 18w, https:\/\/moverdb.com\/wp-content\/uploads\/All-World-Transport-international-moving-company-600x285.png 600w\" sizes=\"auto, (max-width: 1440px) 100vw, 1440px\" \/><\/p>\n<ul>\n<li>Uluslararas\u0131 ta\u015f\u0131nmalar<\/li>\n<li>Ki\u015fisel hareketler<\/li>\n<li>Profesyonel hamleler<\/li>\n<li>Kap\u0131dan kap\u0131ya hizmet<\/li>\n<li>Paketleme hizmetleri<\/li>\n<li>Y\u00fcksek kaliteli ambalaj<\/li>\n<li>Kara, deniz ve hava ta\u015f\u0131mac\u0131l\u0131\u011f\u0131<\/li>\n<li>G\u00fcmr\u00fck formaliteleri<\/li>\n<li>Sigorta<\/li>\n<li>G\u00fcvenli depolama tesisleri<\/li>\n<\/ul>\n<p>All World Transport, 30 y\u0131l\u0131 a\u015fk\u0131n deneyime sahip Paris merkezli uluslararas\u0131 bir ta\u015f\u0131ma hizmetidir. D\u00fcnyan\u0131n d\u00f6rt bir yan\u0131na ta\u015f\u0131ma hizmeti sunmalar\u0131na yard\u0131mc\u0131 olan uluslararas\u0131 bir ta\u015f\u0131ma acenteleri a\u011f\u0131n\u0131n par\u00e7as\u0131d\u0131rlar. IAM \u00fcyesidirler ve FIDI taraf\u0131ndan akredite edilmi\u015flerdir.<\/p>\n<p>All World Transport, ihtiya\u00e7lar\u0131n\u0131z\u0131 de\u011ferlendirmek i\u00e7in kalifiye bir m\u00fcfetti\u015f taraf\u0131ndan bir ev incelemesi sa\u011flar ve bir fiyat teklifi verilecektir. E\u015fyalar\u0131n\u0131z\u0131 ta\u015f\u0131ma s\u0131ras\u0131nda korumak i\u00e7in y\u00fcksek kaliteli ambalaj kullanan paketleme hizmetleri sunarlar, ayr\u0131ca numaraland\u0131r\u0131l\u0131r ve etiketlenirler. T\u00fcm e\u015fyalar\u0131n\u0131z\u0131 yan\u0131n\u0131zda g\u00f6t\u00fcrm\u00fcyorsan\u0131z depolama olanaklar\u0131 da sa\u011flarlar.<\/p>\n<p>Web sitesi: <a href=\"http:\/\/www.awt.fr\/\" target=\"_blank\" rel=\"noopener\">http:\/\/www.awt.fr\/<\/a><\/p>\n<h2><span class=\"ez-toc-section\" id=\"22_ESI\"><\/span><strong>22. ESI<\/strong><span class=\"ez-toc-section-end\"><\/span><\/h2>\n<p><img loading=\"lazy\" decoding=\"async\" class=\"alignnone size-full wp-image-5942\" src=\"https:\/\/moverdb.com\/wp-content\/uploads\/ESI-international-moving-company.png\" alt=\"ESI uluslararas\u0131 ta\u015f\u0131ma \u015firketi\" width=\"1440\" height=\"681\" data-wp-pid=\"5942\" srcset=\"https:\/\/moverdb.com\/wp-content\/uploads\/ESI-international-moving-company.png 1440w, https:\/\/moverdb.com\/wp-content\/uploads\/ESI-international-moving-company-300x142.png 300w, https:\/\/moverdb.com\/wp-content\/uploads\/ESI-international-moving-company-1024x484.png 1024w, https:\/\/moverdb.com\/wp-content\/uploads\/ESI-international-moving-company-18x9.png 18w, https:\/\/moverdb.com\/wp-content\/uploads\/ESI-international-moving-company-600x284.png 600w\" sizes=\"auto, (max-width: 1440px) 100vw, 1440px\" \/><\/p>\n<ul>\n<li>Yerel ve ulusal hamleler<\/li>\n<li>Uluslararas\u0131 ta\u015f\u0131nmalar<\/li>\n<li>Konutlar\u0131n ta\u015f\u0131nmas\u0131<\/li>\n<li>\u0130\u015fletme ta\u015f\u0131nmalar\u0131<\/li>\n<li>Anahtar teslimi \u00e7\u00f6z\u00fcmler i\u00e7in elle\u00e7leme sunar<\/li>\n<li>Envanter ile paketleme hizmetleri<\/li>\n<li>G\u00fcmr\u00fck formaliteleri<\/li>\n<li>Uzman sanat ambalaj\u0131<\/li>\n<li>Ara\u00e7 ta\u015f\u0131mac\u0131l\u0131\u011f\u0131<\/li>\n<li>K\u0131sa ve uzun vadeli depolama tesisleri<\/li>\n<\/ul>\n<p>ESI, merkezi Paris'te bulunan ve ayn\u0131 zamanda Paris'in \u00e7e\u015fitli b\u00f6lgelerinde ofisleri bulunan bir yer de\u011fi\u015ftirme ve nakliye \u015firketidir. <a href=\"https:\/\/moverdb.com\/tr\/moving-to-the-united-states\/\" data-internallinksmanager029f6b8e52c=\"94\" title=\"Amerika Birle\u015fik Devletleri&#039;ne mi ta\u015f\u0131n\u0131yorsunuz? 2026 Ya\u015fam Maliyetleri ve Yer De\u011fi\u015ftirme \u0130pu\u00e7lar\u0131\">ABD<\/a>, Rusya, <a href=\"https:\/\/moverdb.com\/tr\/moving-to-spain\/\" data-internallinksmanager029f6b8e52c=\"266\" title=\"\u0130spanya&#039;ya m\u0131 ta\u015f\u0131n\u0131yorsunuz? 2026 Ya\u015fam Maliyetleri ve Yer De\u011fi\u015ftirme \u0130pu\u00e7lar\u0131\">\u0130spanya<\/a> ve <a href=\"https:\/\/moverdb.com\/tr\/moving-to-portugal\/\" data-internallinksmanager029f6b8e52c=\"316\" title=\"Portekiz&#039;e mi ta\u015f\u0131n\u0131yorsunuz? 2026 Ya\u015fam Maliyetleri &amp; Yer De\u011fi\u015ftirme \u0130pu\u00e7lar\u0131\">Portekiz<\/a>. Konut ve i\u015fyeri m\u00fc\u015fterilerine yerel ve uluslararas\u0131 ta\u015f\u0131malar sa\u011flarlar. Onlar 38 y\u0131ll\u0131k hizmet ile IAM \u00fcyesidir.<\/p>\n<p>ESI, basit ta\u015f\u0131madan tam anahtar teslimi \u00e7\u00f6z\u00fcmlere kadar bir dizi ta\u015f\u0131nma se\u00e7ene\u011fi sunmaktad\u0131r. Ta\u015f\u0131nma gereksinimlerinizi de\u011ferlendirmek i\u00e7in teknik bir ziyaret ger\u00e7ekle\u015ftirir ve bir proje y\u00f6neticisinden ki\u015fiselle\u015ftirilmi\u015f bir hizmet sunarlar. K\u0131r\u0131lgan nesnelere \u00f6zel dikkat g\u00f6stererek e\u015fyalar\u0131n\u0131z\u0131 \u00f6zenle paketleyecek, \u00f6zel kamyonlarla ta\u015f\u0131yacak, e\u015fyalar\u0131n\u0131z\u0131 a\u00e7acak ve kuracaklard\u0131r.<\/p>\n<p>Web sitesi: <a href=\"http:\/\/group-esi.com\/en\" target=\"_blank\" rel=\"noopener\">http:\/\/group-esi.com\/en<\/a><\/p>\n<h2><span class=\"ez-toc-section\" id=\"23_Global_Relocation\"><\/span><strong>23. K\u00fcresel Yer De\u011fi\u015ftirme<\/strong><span class=\"ez-toc-section-end\"><\/span><\/h2>\n<p><img loading=\"lazy\" decoding=\"async\" class=\"alignnone size-full wp-image-5950\" src=\"https:\/\/moverdb.com\/wp-content\/uploads\/Global-Relocation-international-moving-company.png\" alt=\"Global Relocation uluslararas\u0131 ta\u015f\u0131ma \u015firketi\" width=\"1440\" height=\"679\" data-wp-pid=\"5950\" srcset=\"https:\/\/moverdb.com\/wp-content\/uploads\/Global-Relocation-international-moving-company.png 1440w, https:\/\/moverdb.com\/wp-content\/uploads\/Global-Relocation-international-moving-company-300x141.png 300w, https:\/\/moverdb.com\/wp-content\/uploads\/Global-Relocation-international-moving-company-1024x483.png 1024w, https:\/\/moverdb.com\/wp-content\/uploads\/Global-Relocation-international-moving-company-18x8.png 18w, https:\/\/moverdb.com\/wp-content\/uploads\/Global-Relocation-international-moving-company-600x283.png 600w\" sizes=\"auto, (max-width: 1440px) 100vw, 1440px\" \/><\/p>\n<ul>\n<li>Ulusal hamleler<\/li>\n<li>Uluslararas\u0131 ta\u015f\u0131nmalar<\/li>\n<li>Konut Ta\u015f\u0131malar\u0131<\/li>\n<li>Ofis ta\u015f\u0131ma<\/li>\n<li>Ki\u015fiye \u00f6zel hizmet<\/li>\n<li>Y\u00fcksek kaliteli paketleme hizmeti<\/li>\n<li>G\u00fcmr\u00fck belgeleri<\/li>\n<li>Karayolu, denizyolu veya havayolu ta\u015f\u0131mac\u0131l\u0131\u011f\u0131<\/li>\n<li>Sigorta<\/li>\n<li>G\u00fcvenli depolama tesisleri<\/li>\n<\/ul>\n<p>Global Relocation, 2015 y\u0131l\u0131nda ulusal bir karayolu ta\u015f\u0131mac\u0131l\u0131\u011f\u0131 \u015firketi olan ana \u015firketi TDF Group taraf\u0131ndan kurulan Paris merkezli uluslararas\u0131 bir ta\u015f\u0131ma \u015firketidir. Onlar\u0131 takip etmek i\u00e7in co\u011frafi konum sistemlerine sahip geni\u015f bir ara\u00e7 filosuna sahiptirler. IAM \u00fcyesidir ve 14 y\u0131ld\u0131r hizmet vermektedir.<\/p>\n<p>Global Relocation, teknik ziyaretten itibaren ta\u015f\u0131nman\u0131z\u0131 planlay\u0131p organize edecek ve her \u015feyi y\u00f6netmesi i\u00e7in size bir koordinat\u00f6r tahsis edecektir. Mobilyalar\u0131n s\u00f6k\u00fclmesi de dahil olmak \u00fczere e\u015fyalar\u0131n\u0131z\u0131 korumak i\u00e7in deneyimli paketleyiciler ve y\u00fcksek kaliteli malzemeler ve teknikler sa\u011flarlar. G\u00fcmr\u00fck belgeleri ve sigorta konusunda yard\u0131mla birlikte kara, deniz veya hava yoluyla nakliyeyi ayarlayacaklard\u0131r.<\/p>\n<p>Web sitesi: <a href=\"http:\/\/global-relocation.fr\" target=\"_blank\" rel=\"noopener\">http:\/\/global-relocation.fr<\/a><\/p>\n<h2><span class=\"ez-toc-section\" id=\"24_Golden_Way\"><\/span><strong>24. Alt\u0131n Yol<\/strong><span class=\"ez-toc-section-end\"><\/span><\/h2>\n<p><img loading=\"lazy\" decoding=\"async\" class=\"alignnone size-full wp-image-5952\" src=\"https:\/\/moverdb.com\/wp-content\/uploads\/Golden-Way-international-moving-company.png\" alt=\"Golden Way uluslararas\u0131 ta\u015f\u0131ma \u015firketi\" width=\"1440\" height=\"682\" data-wp-pid=\"5952\" srcset=\"https:\/\/moverdb.com\/wp-content\/uploads\/Golden-Way-international-moving-company.png 1440w, https:\/\/moverdb.com\/wp-content\/uploads\/Golden-Way-international-moving-company-300x142.png 300w, https:\/\/moverdb.com\/wp-content\/uploads\/Golden-Way-international-moving-company-1024x485.png 1024w, https:\/\/moverdb.com\/wp-content\/uploads\/Golden-Way-international-moving-company-18x9.png 18w, https:\/\/moverdb.com\/wp-content\/uploads\/Golden-Way-international-moving-company-600x284.png 600w\" sizes=\"auto, (max-width: 1440px) 100vw, 1440px\" \/><\/p>\n<ul>\n<li>Uzman canl\u0131 hayvan ta\u015f\u0131mac\u0131l\u0131\u011f\u0131<\/li>\n<li>Ulusal hamleler<\/li>\n<li>Uluslararas\u0131 ta\u015f\u0131nmalar<\/li>\n<li>Y\u00fcksek kalite standartlar\u0131<\/li>\n<li>Ki\u015fiye \u00f6zel hizmetler<\/li>\n<li>Bini\u015f ve karantina<\/li>\n<li>Y\u00f6netim hizmetleri<\/li>\n<li>Sosyal yard\u0131m hizmetleri<\/li>\n<li>IPATA \u00dcyesi<\/li>\n<li>Fransa'da Veteriner Hizmetleri Departman\u0131 taraf\u0131ndan onaylanm\u0131\u015ft\u0131r<\/li>\n<\/ul>\n<p>Golden Way, merkezi Paris'te bulunan uzman bir ulusal ve uluslararas\u0131 canl\u0131 hayvan nakliyecisi ve evcil hayvan ta\u015f\u0131ma \u015firketidir. Evcil hayvanlar, ticari hayvanlar ve hayvanat bah\u00e7esi hayvanlar\u0131 i\u00e7in nakliye hizmetleri sunmaktad\u0131r. Uluslararas\u0131 Evcil Hayvan ve Hayvan Ta\u015f\u0131mac\u0131l\u0131\u011f\u0131 Birli\u011fi (IPATA), Hayvan Ta\u015f\u0131mac\u0131l\u0131\u011f\u0131 Birli\u011fi (ATA) ve 13 y\u0131ll\u0131k hizmetiyle IAM \u00fcyesidir.<\/p>\n<p>Golden Way, evcil hayvanlar\u0131n d\u00fcnya \u00e7ap\u0131nda ta\u015f\u0131nmas\u0131 i\u00e7in bireyler, \u015firketler ve devlet kurulu\u015flar\u0131 ile birlikte \u00e7al\u0131\u015fmaktad\u0131r. \u015eirketlerin, \u00e7al\u0131\u015fanlar\u0131n\u0131n ta\u015f\u0131nmas\u0131 s\u0131ras\u0131nda evcil hayvanlar\u0131n\u0131 ta\u015f\u0131malar\u0131na yard\u0131mc\u0131 olurlar. Y\u00fcksek standartlarda sunulan ki\u015fiye \u00f6zel hizmetler sa\u011flarlar. Pansiyon, ula\u015f\u0131m, karantina ve y\u00f6netim hizmetleri sunarlar.<\/p>\n<p>Web sitesi: <a href=\"http:\/\/www.goldenwaypets.com\" target=\"_blank\" rel=\"noopener\">http:\/\/www.goldenwaypets.com<\/a><\/p>\n<h2><span class=\"ez-toc-section\" id=\"25_Gosselin\"><\/span><strong>25. Gosselin<\/strong><span class=\"ez-toc-section-end\"><\/span><\/h2>\n<p><img loading=\"lazy\" decoding=\"async\" class=\"alignnone size-full wp-image-5955\" src=\"https:\/\/moverdb.com\/wp-content\/uploads\/Gosselin-France-international-moving-company.png\" alt=\"Gosselin Fransa uluslararas\u0131 nakliye \u015firketi\" width=\"1440\" height=\"681\" data-wp-pid=\"5955\" srcset=\"https:\/\/moverdb.com\/wp-content\/uploads\/Gosselin-France-international-moving-company.png 1440w, https:\/\/moverdb.com\/wp-content\/uploads\/Gosselin-France-international-moving-company-300x142.png 300w, https:\/\/moverdb.com\/wp-content\/uploads\/Gosselin-France-international-moving-company-1024x484.png 1024w, https:\/\/moverdb.com\/wp-content\/uploads\/Gosselin-France-international-moving-company-18x9.png 18w, https:\/\/moverdb.com\/wp-content\/uploads\/Gosselin-France-international-moving-company-600x284.png 600w\" sizes=\"auto, (max-width: 1440px) 100vw, 1440px\" \/><\/p>\n<ul>\n<li>Ulusal hamleler<\/li>\n<li>Uluslararas\u0131 ta\u015f\u0131nmalar<\/li>\n<li>Ev ta\u015f\u0131ma<\/li>\n<li>Kurumsal hamleler<\/li>\n<li>Yer de\u011fi\u015ftirme hizmetleri<\/li>\n<li>Paketleme hizmeti<\/li>\n<li>Ula\u015f\u0131m d\u00fczenlemeleri<\/li>\n<li>G\u00fcmr\u00fck deste\u011fi<\/li>\n<li>Yerle\u015ftirme hizmetleri<\/li>\n<li>Depolama \u00e7\u00f6z\u00fcmleri<\/li>\n<\/ul>\n<p>Gosselin, 1930 y\u0131l\u0131nda \u0130stanbul'da kurulmu\u015f uluslararas\u0131 bir ta\u015f\u0131nma ve yer de\u011fi\u015ftirme \u015firketidir. <a href=\"https:\/\/moverdb.com\/tr\/moving-to-belgium\/\" data-internallinksmanager029f6b8e52c=\"323\" title=\"Bel\u00e7ika&#039;ya m\u0131 Ta\u015f\u0131n\u0131yorsunuz? 2026 Ya\u015fam Maliyetleri &amp; Yer De\u011fi\u015ftirme \u0130pu\u00e7lar\u0131\">Bel\u00e7ika<\/a> Paris'te bir ofis de dahil olmak \u00fczere Avrupa \u00e7ap\u0131nda ofisleri vard\u0131r. D\u00fcnyan\u0131n d\u00f6rt bir yan\u0131ndaki ta\u015f\u0131nmalara yard\u0131mc\u0131 olmak i\u00e7in bir ta\u015f\u0131nma acenteleri a\u011f\u0131na sahiptirler. IAM'nin 20 y\u0131ll\u0131k bir \u00fcyesidir ve FIDI taraf\u0131ndan akredite edilmi\u015ftir.<\/p>\n<p>Gosselin, e\u015fyalar\u0131n\u0131z\u0131 nakliye s\u0131ras\u0131nda korumak i\u00e7in paketleme hizmetleri sa\u011flar, nakliye d\u00fczenlemeleri yapar ve g\u00fcmr\u00fck deste\u011fi sunar. Kamu hizmetleri, okullar ve yerle\u015fme hizmetlerine yard\u0131mc\u0131 olan ta\u015f\u0131nma hizmetleri sunarlar. Ayr\u0131ca g\u00fczel sanatlar, evcil hayvanlar ve araba nakliyesi i\u00e7in ek hizmetlerin yan\u0131 s\u0131ra depolama \u00e7\u00f6z\u00fcmleri de sunarlar.<\/p>\n<p>Web sitesi: <a href=\"https:\/\/gosselin-moving.com\/en\/france\" target=\"_blank\" rel=\"noopener\">https:\/\/gosselin-moving.com\/en\/france<\/a><\/p>\n<h2><span class=\"ez-toc-section\" id=\"26_NEER_Service\"><\/span><strong>26. NEER Hizmeti<\/strong><span class=\"ez-toc-section-end\"><\/span><\/h2>\n<p><img loading=\"lazy\" decoding=\"async\" class=\"alignnone size-full wp-image-5985\" src=\"https:\/\/moverdb.com\/wp-content\/uploads\/Neer-Service-international-moving-company.png\" alt=\"Neer Service uluslararas\u0131 nakliye \u015firketi\" width=\"1440\" height=\"683\" data-wp-pid=\"5985\" srcset=\"https:\/\/moverdb.com\/wp-content\/uploads\/Neer-Service-international-moving-company.png 1440w, https:\/\/moverdb.com\/wp-content\/uploads\/Neer-Service-international-moving-company-300x142.png 300w, https:\/\/moverdb.com\/wp-content\/uploads\/Neer-Service-international-moving-company-1024x486.png 1024w, https:\/\/moverdb.com\/wp-content\/uploads\/Neer-Service-international-moving-company-18x9.png 18w, https:\/\/moverdb.com\/wp-content\/uploads\/Neer-Service-international-moving-company-600x285.png 600w\" sizes=\"auto, (max-width: 1440px) 100vw, 1440px\" \/><\/p>\n<ul>\n<li>Uluslararas\u0131 ta\u015f\u0131nmalar<\/li>\n<li>Ev ta\u015f\u0131ma<\/li>\n<li>\u015eirketler, h\u00fck\u00fcmetler ve ordu i\u00e7in personel hareketleri<\/li>\n<li>Uzman planlama hizmeti<\/li>\n<li>Paketleme hizmeti<\/li>\n<li>Kara, deniz ve hava ta\u015f\u0131mac\u0131l\u0131\u011f\u0131<\/li>\n<li>G\u00fcmr\u00fck gereksinimleri<\/li>\n<li>G\u00fczel sanatlar ta\u015f\u0131mac\u0131l\u0131\u011f\u0131<\/li>\n<li>FIDI taraf\u0131ndan akredite edilmi\u015ftir<\/li>\n<li>Depolama tesisleri<\/li>\n<\/ul>\n<p>NEER Service 1984 y\u0131l\u0131nda kurulmu\u015f ve merkezi Paris'te bulunan uzman bir uluslararas\u0131 ta\u015f\u0131ma \u015firketidir. Uluslararas\u0131 ta\u015f\u0131nmalarda kendilerine yard\u0131mc\u0131 olan 170 \u00fclkede 450 ta\u015f\u0131ma acentesinden olu\u015fan uluslararas\u0131 bir a\u011f\u0131n par\u00e7as\u0131d\u0131rlar. \u015eirket 38 y\u0131ll\u0131k hizmetiyle IAM \u00fcyesidir ve FIDI taraf\u0131ndan akredite edilmi\u015ftir.<\/p>\n<p>NEER Service, kara, deniz veya hava yoluyla ta\u015f\u0131n\u0131rken e\u015fyalar\u0131n\u0131z\u0131 korumak i\u00e7in kaliteli bir ev paketleme hizmeti sunar. Ta\u015f\u0131nman\u0131z\u0131n her ad\u0131m\u0131nda ve g\u00fcmr\u00fck gereksinimlerinde yard\u0131mc\u0131 olan ta\u015f\u0131nma koordinat\u00f6rlerinden uzman tavsiyesi sa\u011flarlar.<\/p>\n<p>Web sitesi: <a href=\"http:\/\/www.neerservice.com\" target=\"_blank\" rel=\"noopener\">http:\/\/www.neerservice.com<\/a><\/p>\n<h2><span class=\"ez-toc-section\" id=\"27_Sterling_Lexicon\"><\/span><strong>27. Sterling S\u00f6zl\u00fc\u011f\u00fc<\/strong><span class=\"ez-toc-section-end\"><\/span><\/h2>\n<p><img loading=\"lazy\" decoding=\"async\" class=\"alignnone size-full wp-image-6005\" src=\"https:\/\/moverdb.com\/wp-content\/uploads\/Sterling-Lexicon-international-moving-company.png\" alt=\"Sterling Lexicon uluslararas\u0131 ta\u015f\u0131ma \u015firketi\" width=\"1440\" height=\"686\" data-wp-pid=\"6005\" srcset=\"https:\/\/moverdb.com\/wp-content\/uploads\/Sterling-Lexicon-international-moving-company.png 1440w, https:\/\/moverdb.com\/wp-content\/uploads\/Sterling-Lexicon-international-moving-company-300x143.png 300w, https:\/\/moverdb.com\/wp-content\/uploads\/Sterling-Lexicon-international-moving-company-1024x488.png 1024w, https:\/\/moverdb.com\/wp-content\/uploads\/Sterling-Lexicon-international-moving-company-18x9.png 18w, https:\/\/moverdb.com\/wp-content\/uploads\/Sterling-Lexicon-international-moving-company-600x286.png 600w\" sizes=\"auto, (max-width: 1440px) 100vw, 1440px\" \/><\/p>\n<ul>\n<li>Yerel ve ulusal hamleler<\/li>\n<li>Uluslararas\u0131 ta\u015f\u0131nmalar<\/li>\n<li>Konut Ta\u015f\u0131malar\u0131<\/li>\n<li>Kurumsal hamleler<\/li>\n<li>\u00d6zel bir hesap y\u00f6neticisi ile u\u00e7tan uca hizmet<\/li>\n<li>Paketleme hizmeti<\/li>\n<li>Kara, deniz ve hava yolu ile ula\u015f\u0131m<\/li>\n<li>G\u00fcmr\u00fck i\u015flemleri<\/li>\n<li>Evcil hayvan ve ara\u00e7 ta\u015f\u0131mac\u0131l\u0131\u011f\u0131<\/li>\n<li>Depolama tesisleri<\/li>\n<\/ul>\n<p>Sterling Lexicon, 1991 y\u0131l\u0131nda kurulan ve Paris'in de dahil oldu\u011fu 180 \u00fclkeye hizmet veren 14 k\u00fcresel ofise sahip uluslararas\u0131 bir ta\u015f\u0131ma \u015firketidir. D\u00fcnyan\u0131n d\u00f6rt bir yan\u0131na ta\u015f\u0131ma hizmeti sunmak i\u00e7in uluslararas\u0131 ta\u015f\u0131ma acenteleriyle birlikte \u00e7al\u0131\u015f\u0131rlar. FIDI taraf\u0131ndan akredite edilmi\u015flerdir.<\/p>\n<p>Sterling Lexicon, u\u00e7tan uca ta\u015f\u0131nman\u0131za yard\u0131mc\u0131 olan \u00f6zel bir hesap y\u00f6neticisi sa\u011flar. \u0130htiya\u00e7lar\u0131n\u0131z\u0131 de\u011ferlendirmek ve bir fiyat teklifi sunmak i\u00e7in sanal bir video anketi sunarlar. Uluslararas\u0131 standartlarda paketleme hizmeti, kara, hava veya deniz yoluyla nakliye ve g\u00fcmr\u00fckleme deste\u011fi sa\u011flarlar. Oryantasyon, ge\u00e7ici konaklama, ev arama, okul arama ve yerel hizmetlere kaydolmaya yard\u0131mc\u0131 olmay\u0131 i\u00e7eren ta\u015f\u0131nma hizmetleri sunarlar.<\/p>\n<p>Web sitesi: <a href=\"http:\/\/www.sterlinglexicon.com\/\" target=\"_blank\" rel=\"noopener\">http:\/\/www.sterlinglexicon.com\/<\/a><\/p>\n<h2><span class=\"ez-toc-section\" id=\"28_ENM_Moving\"><\/span><strong>28. ENM Ta\u015f\u0131nma<\/strong><span class=\"ez-toc-section-end\"><\/span><\/h2>\n<p><img loading=\"lazy\" decoding=\"async\" class=\"alignnone size-full wp-image-5941\" src=\"https:\/\/moverdb.com\/wp-content\/uploads\/ENM-Moving-international-moving-company.png\" alt=\"ENM Moving uluslararas\u0131 ta\u015f\u0131ma \u015firketi\" width=\"1440\" height=\"680\" data-wp-pid=\"5941\" srcset=\"https:\/\/moverdb.com\/wp-content\/uploads\/ENM-Moving-international-moving-company.png 1440w, https:\/\/moverdb.com\/wp-content\/uploads\/ENM-Moving-international-moving-company-300x142.png 300w, https:\/\/moverdb.com\/wp-content\/uploads\/ENM-Moving-international-moving-company-1024x484.png 1024w, https:\/\/moverdb.com\/wp-content\/uploads\/ENM-Moving-international-moving-company-18x9.png 18w, https:\/\/moverdb.com\/wp-content\/uploads\/ENM-Moving-international-moving-company-600x283.png 600w\" sizes=\"auto, (max-width: 1440px) 100vw, 1440px\" \/><\/p>\n<ul>\n<li>Ulusal hamleler<\/li>\n<li>Uluslararas\u0131 ta\u015f\u0131nmalar<\/li>\n<li>Konut Ta\u015f\u0131malar\u0131<\/li>\n<li>Paketleme hizmetleri se\u00e7imi<\/li>\n<li>E\u015fyalar\u0131n envanteri<\/li>\n<li>Kara, deniz ve hava ta\u015f\u0131mac\u0131l\u0131\u011f\u0131<\/li>\n<li>G\u00fcmr\u00fck dok\u00fcmantasyon deste\u011fi<\/li>\n<li>Sanat eserleri ta\u015f\u0131mac\u0131l\u0131\u011f\u0131<\/li>\n<li>T\u00fcm riskler i\u00e7in sigorta<\/li>\n<li>G\u00fcvenli depolama<\/li>\n<\/ul>\n<p>ENM Moving 1999 y\u0131l\u0131nda kurulmu\u015f profesyonel bir ta\u015f\u0131ma \u015firketidir ve Pringy, Fransa'da iki ve \u0130svi\u00e7re'de bir lokasyona sahiptir. K\u00fcresel ta\u015f\u0131ma a\u011flar\u0131ndaki ta\u015f\u0131ma \u015firketlerini kullanarak ulusal ve uluslararas\u0131 ta\u015f\u0131malar ger\u00e7ekle\u015ftirmektedirler. \u015eirket 23 y\u0131ll\u0131k hizmetiyle IAM \u00fcyesidir.<\/p>\n<p>ENM Moving, kendi kendine paketleme, demontaj ve montaj hizmeti ile paketleme ve komple paketleme hizmetinin bir kombinasyonu olan \u00fc\u00e7 paketleme hizmeti se\u00e7ene\u011fi sunar. G\u00fcmr\u00fck belgeleri deste\u011fi ile kara, deniz ve hava dahil olmak \u00fczere mallar\u0131n ve nakliye se\u00e7eneklerinin bir envanterini olu\u015fturacak profesyonel bir paketleme ekibi sa\u011flarlar.<\/p>\n<p>Web sitesi: <a href=\"http:\/\/www.enm-moving.fr\" target=\"_blank\" rel=\"noopener\">http:\/\/www.enm-moving.fr<\/a><\/p>\n<h2><span class=\"ez-toc-section\" id=\"29_ADC_Moving_and_Storage\"><\/span><strong>29. ADC Ta\u015f\u0131nma ve Depolama<\/strong><span class=\"ez-toc-section-end\"><\/span><\/h2>\n<p><img loading=\"lazy\" decoding=\"async\" class=\"alignnone size-full wp-image-5917\" src=\"https:\/\/moverdb.com\/wp-content\/uploads\/ADC-Moving-and-Storage-international-moving-company.png\" alt=\"ADC Ta\u015f\u0131nma ve Depolama uluslararas\u0131 ta\u015f\u0131ma \u015firketi\" width=\"1440\" height=\"683\" data-wp-pid=\"5917\" srcset=\"https:\/\/moverdb.com\/wp-content\/uploads\/ADC-Moving-and-Storage-international-moving-company.png 1440w, https:\/\/moverdb.com\/wp-content\/uploads\/ADC-Moving-and-Storage-international-moving-company-300x142.png 300w, https:\/\/moverdb.com\/wp-content\/uploads\/ADC-Moving-and-Storage-international-moving-company-1024x486.png 1024w, https:\/\/moverdb.com\/wp-content\/uploads\/ADC-Moving-and-Storage-international-moving-company-18x9.png 18w, https:\/\/moverdb.com\/wp-content\/uploads\/ADC-Moving-and-Storage-international-moving-company-600x285.png 600w\" sizes=\"auto, (max-width: 1440px) 100vw, 1440px\" \/><\/p>\n<ul>\n<li>Ulusal hamleler<\/li>\n<li>Uluslararas\u0131 ta\u015f\u0131nmalar<\/li>\n<li>Konut Ta\u015f\u0131malar\u0131<\/li>\n<li>\u015eirket hareketleri<\/li>\n<li>Paketleme hizmeti<\/li>\n<li>Ula\u015f\u0131m\u0131 d\u00fczenleyin<\/li>\n<li>Kendi kamyon filosu<\/li>\n<li>Yerle\u015ftirme hizmetleri<\/li>\n<li>Okul bulmaya yard\u0131mc\u0131 olun<\/li>\n<li>Depolama tesisleri<\/li>\n<\/ul>\n<p>ADC Ta\u015f\u0131nma ve Depolama, Strazburg merkezli bir ta\u015f\u0131ma \u015firketidir ve Avrupa ve d\u00fcnya \u00e7ap\u0131nda hizmetler sunmaktad\u0131r. Konut ve kurumsal ta\u015f\u0131nma ve yer de\u011fi\u015ftirme hizmetleri sunarlar. \u015eirket 5 y\u0131ll\u0131k hizmetiyle IAM \u00fcyesidir.<\/p>\n<p>ADC Ta\u015f\u0131nma ve Depolama, ta\u015f\u0131nman\u0131z\u0131n her y\u00f6n\u00fcyle sizin i\u00e7in ilgilenecektir. Mobilyalar\u0131n s\u00f6k\u00fclmesini ve yeni var\u0131\u015f yerinde yeniden monte edilmesini i\u00e7eren bir paketleme hizmeti sunarlar. E\u015fyalar\u0131n\u0131z\u0131n yeni yerinize g\u00fcvenli bir \u015fekilde ta\u015f\u0131nmas\u0131n\u0131 sa\u011flarlar. Ayr\u0131ca, kamu hizmetleri ve okul bulma da dahil olmak \u00fczere yeni hayat\u0131n\u0131z\u0131 kurma konusunda destek sa\u011flarlar.<\/p>\n<p>Web sitesi: <a href=\"http:\/\/www.ademc.eu\" target=\"_blank\" rel=\"noopener\">http:\/\/www.ademc.eu<\/a><\/p>\n<h2><span class=\"ez-toc-section\" id=\"30_Bailly\"><\/span><strong>30. Bailly<\/strong><span class=\"ez-toc-section-end\"><\/span><\/h2>\n<p><img loading=\"lazy\" decoding=\"async\" class=\"alignnone size-full wp-image-6058\" src=\"https:\/\/moverdb.com\/wp-content\/uploads\/Bailly-international-moving-company.png\" alt=\"Bailly uluslararas\u0131 nakliye \u015firketi\" width=\"1440\" height=\"682\" data-wp-pid=\"6058\" srcset=\"https:\/\/moverdb.com\/wp-content\/uploads\/Bailly-international-moving-company.png 1440w, https:\/\/moverdb.com\/wp-content\/uploads\/Bailly-international-moving-company-300x142.png 300w, https:\/\/moverdb.com\/wp-content\/uploads\/Bailly-international-moving-company-1024x485.png 1024w, https:\/\/moverdb.com\/wp-content\/uploads\/Bailly-international-moving-company-18x9.png 18w, https:\/\/moverdb.com\/wp-content\/uploads\/Bailly-international-moving-company-600x284.png 600w\" sizes=\"auto, (max-width: 1440px) 100vw, 1440px\" \/><\/p>\n<ul>\n<li>Ulusal hamleler<\/li>\n<li>Uluslararas\u0131 ta\u015f\u0131nmalar<\/li>\n<li>Ev ta\u015f\u0131ma<\/li>\n<li>Kurumsal hamleler<\/li>\n<li>Yer de\u011fi\u015ftirme hizmetleri<\/li>\n<li>Paketleme hizmetleri<\/li>\n<li>Kara, deniz ve hava ta\u015f\u0131mac\u0131l\u0131\u011f\u0131<\/li>\n<li>Evcil hayvanlar\u0131n ta\u015f\u0131nmas\u0131<\/li>\n<li>Ara\u00e7 ta\u015f\u0131mac\u0131l\u0131\u011f\u0131<\/li>\n<li>Depolama tesisleri<\/li>\n<\/ul>\n<p>Bailly, 1830 y\u0131l\u0131nda kurulan Villebon Sur Yvette merkezli uluslararas\u0131 bir ta\u015f\u0131ma \u015firketidir ve evlere ve \u015firketlere ulusal ve uluslararas\u0131 ta\u015f\u0131ma hizmetleri sunmaktad\u0131r. Uluslararas\u0131 ta\u015f\u0131malar i\u00e7in bir ta\u015f\u0131ma ortaklar\u0131 a\u011f\u0131yla birlikte \u00e7al\u0131\u015f\u0131rlar. Onlar bir \u00fcyesidir <a href=\"https:\/\/moverdb.com\/tr\/euromovers\/\" data-internallinksmanager029f6b8e52c=\"12\" title=\"Avrupa Ta\u015f\u0131y\u0131c\u0131 Ortakl\u0131\u011f\u0131 (EUROMOVERS International) A\u00e7\u0131klamas\u0131\">Euromovers<\/a> ve IAM'de 192 y\u0131ld\u0131r hizmet vermektedir ve FIDI taraf\u0131ndan akredite edilmi\u015ftir.<\/p>\n<p>Bailly, ihtiya\u00e7lar\u0131n\u0131z\u0131 de\u011ferlendirmek i\u00e7in teknik bir inceleme sunar ve ta\u015f\u0131ma se\u00e7enekleri sunar. Dayan\u0131kl\u0131l\u0131k sa\u011flayan, hafif ve \u00e7evre dostu verimli paketleme malzemeleriyle y\u00fcksek kaliteli bir paketleme hizmeti sunarlar. Ge\u00e7ici konut, ev temizli\u011fi, elektrik ba\u011flant\u0131lar\u0131, abonelik transferi ve bebek bak\u0131c\u0131l\u0131\u011f\u0131 gibi ta\u015f\u0131nma hizmetleri sunarlar.<\/p>\n<p>Web sitesi: <a href=\"http:\/\/www.baillydem.com\" target=\"_blank\" rel=\"noopener\">http:\/\/www.baillydem.com<\/a><\/p>\n<h2><span class=\"ez-toc-section\" id=\"Other_Useful_Guides_to_France\"><\/span>Fransa i\u00e7in Di\u011fer Faydal\u0131 Rehberler<span class=\"ez-toc-section-end\"><\/span><\/h2>\n<ul>\n<li> <a href=\"https:\/\/moverdb.com\/tr\/konteyner-tasimaciligi\/fransa\/\">Fransa'ya ve Fransa'dan Konteyner Nakliye Fiyatlar\u0131<\/a><\/li>\n<li> <a href=\"https:\/\/moverdb.com\/tr\/uluslararasi-para-transfer-hizmetleri\/money-transfer-companies-france\/\">Fransa'daki En \u0130yi 10 Para Transferi \u015eirketi<\/a><\/li>\n<li> <a href=\"https:\/\/moverdb.com\/tr\/moving-to-france\/\">Fransa'ya m\u0131 ta\u015f\u0131n\u0131yorsunuz? 2026 Ya\u015fam Maliyetleri &amp; Yer De\u011fi\u015ftirme \u0130pu\u00e7lar\u0131<\/a><\/li>\n<li> <a href=\"https:\/\/moverdb.com\/tr\/moving-to-france\/best-places-to-live-france\/\">Fransa'da Ya\u015fanabilecek En \u0130yi 13 Yer<\/a><\/li>\n<li> <a href=\"https:\/\/moverdb.com\/tr\/moving-to-france\/moving-to-paris\/\">Paris'e mi ta\u015f\u0131n\u0131yorsunuz? 2026 Ya\u015fam Maliyetleri &amp; Yer De\u011fi\u015ftirme \u0130pu\u00e7lar\u0131<\/a><\/li>\n<li> <a href=\"https:\/\/moverdb.com\/tr\/moving-to-france\/living-in-france\/\">Fransa'da Ya\u015famak Hakk\u0131nda Ta\u015f\u0131nmadan \u00d6nce Bilmeniz Gereken 21 S\u0131r<\/a><\/li>\n<li> <a href=\"https:\/\/moverdb.com\/tr\/moving-to-france\/moving-to-marseille\/\">Marsilya'ya m\u0131 ta\u015f\u0131n\u0131yorsunuz? 2024 Ya\u015fam Maliyetleri &amp; Yer De\u011fi\u015ftirme \u0130pu\u00e7lar\u0131<\/a><\/li>\n<li> <a href=\"https:\/\/moverdb.com\/tr\/moving-to-france\/moving-to-lyon\/\">Lyon'a m\u0131 ta\u015f\u0131n\u0131yorsunuz? 2024 Ya\u015fam Maliyetleri &amp; Yer De\u011fi\u015ftirme \u0130pu\u00e7lar\u0131<\/a><\/li>\n<\/ul>","protected":false},"excerpt":{"rendered":"<p>Are you planning a move to or from France, or within France? Then you might be considering getting a moving company to help you and reduce the stress involved with moving. Below we have compiled a list of French removal companies that are members of the International Association of Movers (IAM) and\/or FIDI Accredited International [&hellip;]<\/p>\n","protected":false},"author":4,"featured_media":0,"parent":190,"menu_order":0,"comment_status":"closed","ping_status":"closed","template":"","meta":{"_genesis_hide_title":false,"_genesis_hide_breadcrumbs":false,"_genesis_hide_singular_image":false,"_genesis_hide_footer_widgets":false,"_genesis_custom_body_class":"","_genesis_custom_post_class":"","_genesis_layout":"","footnotes":""},"class_list":{"0":"post-6057","1":"page","2":"type-page","3":"status-publish","5":"entry","6":"has-post-thumbnail"},"_links":{"self":[{"href":"https:\/\/moverdb.com\/tr\/wp-json\/wp\/v2\/pages\/6057","targetHints":{"allow":["GET"]}}],"collection":[{"href":"https:\/\/moverdb.com\/tr\/wp-json\/wp\/v2\/pages"}],"about":[{"href":"https:\/\/moverdb.com\/tr\/wp-json\/wp\/v2\/types\/page"}],"author":[{"embeddable":true,"href":"https:\/\/moverdb.com\/tr\/wp-json\/wp\/v2\/users\/4"}],"replies":[{"embeddable":true,"href":"https:\/\/moverdb.com\/tr\/wp-json\/wp\/v2\/comments?post=6057"}],"version-history":[{"count":5,"href":"https:\/\/moverdb.com\/tr\/wp-json\/wp\/v2\/pages\/6057\/revisions"}],"predecessor-version":[{"id":18398,"href":"https:\/\/moverdb.com\/tr\/wp-json\/wp\/v2\/pages\/6057\/revisions\/18398"}],"up":[{"embeddable":true,"href":"https:\/\/moverdb.com\/tr\/wp-json\/wp\/v2\/pages\/190"}],"wp:attachment":[{"href":"https:\/\/moverdb.com\/tr\/wp-json\/wp\/v2\/media?parent=6057"}],"curies":[{"name":"wp","href":"https:\/\/api.w.org\/{rel}","templated":true}]}}