{"id":6015,"date":"2023-02-01T13:48:20","date_gmt":"2023-02-01T13:48:20","guid":{"rendered":"https:\/\/moverdb.com\/?page_id=6015"},"modified":"2026-01-08T15:29:16","modified_gmt":"2026-01-08T15:29:16","slug":"tasima-sirketleri-kosta-rica","status":"publish","type":"page","link":"https:\/\/moverdb.com\/tr\/moving-companies\/moving-companies-costa-rica\/","title":{"rendered":"Kosta Rika'daki En \u0130yi 6 Uluslararas\u0131 Nakliye \u015eirketi"},"content":{"rendered":"<p>\u015eu \u015fehre mi ta\u015f\u0131n\u0131yorsunuz yoksa \u015fu \u015fehirden mi? <a href=\"https:\/\/moverdb.com\/tr\/moving-to-costa-rica\/\" data-internallinksmanager029f6b8e52c=\"427\" title=\"Kosta Rika&#039;ya m\u0131 Ta\u015f\u0131n\u0131yorsunuz? 2026 Ya\u015fam Maliyetleri &amp; Yer De\u011fi\u015ftirme \u0130pu\u00e7lar\u0131\">Kosta Rika<\/a>veya Kosta Rika i\u00e7inde mi ta\u015f\u0131n\u0131yorsunuz? O zaman t\u00fcm e\u015fyalar\u0131n\u0131z\u0131 ta\u015f\u0131mak i\u00e7in yard\u0131m almak isteyebilirsiniz, \u00e7\u00fcnk\u00fc \u00f6zellikle \u00fclke de\u011fi\u015ftiriyorsan\u0131z bu karma\u015f\u0131k olabilir. A\u015fa\u011f\u0131da Kosta Rika'da ta\u015f\u0131nma konusunda <a href=\"https:\/\/moverdb.com\/tr\/international-removals\/\" data-internallinksmanager029f6b8e52c=\"27\" title=\"36 \u0130ngiltere&#039;deki En \u0130yi Uluslararas\u0131 Nakliye \u015eirketleri\">nakli\u0307ye \u015fi\u0307rketleri\u0307<\/a> \u00fcyesi olan <a href=\"https:\/\/moverdb.com\/tr\/iam\/\" data-internallinksmanager029f6b8e52c=\"23\" title=\"Uluslararas\u0131 Ta\u015f\u0131mac\u0131lar Birli\u011fi (IAM) A\u00e7\u0131klamas\u0131\">Uluslararas\u0131 Ta\u015f\u0131mac\u0131lar Birli\u011fi<\/a> (IAM) ve\/veya <a href=\"https:\/\/moverdb.com\/tr\/fidi-faim\/\" data-internallinksmanager029f6b8e52c=\"16\" title=\"FIDI &amp; FAIM (FIDI Akredite Uluslararas\u0131 Ta\u015f\u0131mac\u0131) A\u00e7\u0131klamas\u0131\">FIDI<\/a> Size yard\u0131mc\u0131 olabilecek Akredite Uluslararas\u0131 Ta\u015f\u0131mac\u0131 (FAIM).<\/p>\n<div id=\"ez-toc-container\" class=\"ez-toc-v2_0_82_2 ez-toc-wrap-left counter-hierarchy ez-toc-counter ez-toc-transparent ez-toc-container-direction\">\n<div class=\"ez-toc-title-container\">\n<p class=\"ez-toc-title\" style=\"cursor:inherit\">B\u00f6l\u00fcmler<\/p>\n<span class=\"ez-toc-title-toggle\"><a href=\"#\" class=\"ez-toc-pull-right ez-toc-btn ez-toc-btn-xs ez-toc-btn-default ez-toc-toggle\" aria-label=\"\u0130\u00e7indekiler Tablosunu A\u00e7\/Kapat\"><span class=\"ez-toc-js-icon-con\"><span class=\"\"><span class=\"eztoc-hide\" style=\"display:none;\">Ge\u00e7i\u015f<\/span><span class=\"ez-toc-icon-toggle-span\"><svg style=\"fill: #999;color:#999\" xmlns=\"http:\/\/www.w3.org\/2000\/svg\" class=\"list-377408\" width=\"20px\" height=\"20px\" viewbox=\"0 0 24 24\" fill=\"none\"><path d=\"M6 6H4v2h2V6zm14 0H8v2h12V6zM4 11h2v2H4v-2zm16 0H8v2h12v-2zM4 16h2v2H4v-2zm16 0H8v2h12v-2z\" fill=\"currentColor\"><\/path><\/svg><svg style=\"fill: #999;color:#999\" class=\"arrow-unsorted-368013\" xmlns=\"http:\/\/www.w3.org\/2000\/svg\" width=\"10px\" height=\"10px\" viewbox=\"0 0 24 24\" version=\"1.2\" baseprofile=\"tiny\"><path d=\"M18.2 9.3l-6.2-6.3-6.2 6.3c-.2.2-.3.4-.3.7s.1.5.3.7c.2.2.4.3.7.3h11c.3 0 .5-.1.7-.3.2-.2.3-.5.3-.7s-.1-.5-.3-.7zM5.8 14.7l6.2 6.3 6.2-6.3c.2-.2.3-.5.3-.7s-.1-.5-.3-.7c-.2-.2-.4-.3-.7-.3h-11c-.3 0-.5.1-.7.3-.2.2-.3.5-.3.7s.1.5.3.7z\"\/><\/svg><\/span><\/span><\/span><\/a><\/span><\/div>\n<nav><ul class='ez-toc-list ez-toc-list-level-1 eztoc-toggle-hide-by-default' ><li class='ez-toc-page-1 ez-toc-heading-level-2'><a class=\"ez-toc-link ez-toc-heading-1\" href=\"https:\/\/moverdb.com\/tr\/moving-companies\/moving-companies-costa-rica\/#1_Allianz_Moving\" >1. Allianz Ta\u015f\u0131nma<\/a><\/li><li class='ez-toc-page-1 ez-toc-heading-level-2'><a class=\"ez-toc-link ez-toc-heading-2\" href=\"https:\/\/moverdb.com\/tr\/moving-companies\/moving-companies-costa-rica\/#2_Gateway_Moving_and_Relocation\" >2. Gateway Ta\u015f\u0131nma ve Yer De\u011fi\u015ftirme<\/a><\/li><li class='ez-toc-page-1 ez-toc-heading-level-2'><a class=\"ez-toc-link ez-toc-heading-3\" href=\"https:\/\/moverdb.com\/tr\/moving-companies\/moving-companies-costa-rica\/#3_Inter_Moves_SG_Global\" >3. Inter Moves SG Global<\/a><\/li><li class='ez-toc-page-1 ez-toc-heading-level-2'><a class=\"ez-toc-link ez-toc-heading-4\" href=\"https:\/\/moverdb.com\/tr\/moving-companies\/moving-companies-costa-rica\/#4_Mudanzas_Mundiales\" >4. Mudanzas Mundiales<\/a><\/li><li class='ez-toc-page-1 ez-toc-heading-level-2'><a class=\"ez-toc-link ez-toc-heading-5\" href=\"https:\/\/moverdb.com\/tr\/moving-companies\/moving-companies-costa-rica\/#5_Multimodal\" >5. Multimodal<\/a><\/li><li class='ez-toc-page-1 ez-toc-heading-level-2'><a class=\"ez-toc-link ez-toc-heading-6\" href=\"https:\/\/moverdb.com\/tr\/moving-companies\/moving-companies-costa-rica\/#6_Winmovers\" >6. Winmovers<\/a><\/li><li class='ez-toc-page-1 ez-toc-heading-level-2'><a class=\"ez-toc-link ez-toc-heading-7\" href=\"https:\/\/moverdb.com\/tr\/moving-companies\/moving-companies-costa-rica\/#Other_Useful_Guides_to_Costa_Rica\" >Kosta Rika i\u00e7in Faydal\u0131 Di\u011fer Rehberler<\/a><\/li><\/ul><\/nav><\/div>\n<h2><span class=\"ez-toc-section\" id=\"1_Allianz_Moving\"><\/span><strong>1. Allianz Ta\u015f\u0131nma<\/strong><span class=\"ez-toc-section-end\"><\/span><\/h2>\n<p><img loading=\"lazy\" decoding=\"async\" class=\"alignnone size-full wp-image-5925\" src=\"https:\/\/moverdb.com\/wp-content\/uploads\/Allianz-Moving-international-moving-company.png\" alt=\"Allianz Moving uluslararas\u0131 ta\u015f\u0131ma \u015firketi\" width=\"1440\" height=\"684\" data-wp-pid=\"5925\" srcset=\"https:\/\/moverdb.com\/wp-content\/uploads\/Allianz-Moving-international-moving-company.png 1440w, https:\/\/moverdb.com\/wp-content\/uploads\/Allianz-Moving-international-moving-company-300x143.png 300w, https:\/\/moverdb.com\/wp-content\/uploads\/Allianz-Moving-international-moving-company-1024x486.png 1024w, https:\/\/moverdb.com\/wp-content\/uploads\/Allianz-Moving-international-moving-company-18x9.png 18w, https:\/\/moverdb.com\/wp-content\/uploads\/Allianz-Moving-international-moving-company-600x285.png 600w\" sizes=\"auto, (max-width: 1440px) 100vw, 1440px\" \/><\/p>\n<ul>\n<li>Yerel ve ulusal hamleler<\/li>\n<li>Uluslararas\u0131 ta\u015f\u0131nmalar<\/li>\n<li>Yer de\u011fi\u015ftirme hizmetleri<\/li>\n<li>Konut Ta\u015f\u0131malar\u0131<\/li>\n<li>Ofis ta\u015f\u0131ma<\/li>\n<li>Paketleme hizmeti<\/li>\n<li>Sigorta<\/li>\n<li>Evcil hayvan ta\u015f\u0131ma<\/li>\n<li><a href=\"https:\/\/moverdb.com\/tr\/car-transport-shipping\/\" data-internallinksmanager029f6b8e52c=\"2\" title=\"2026 Uluslararas\u0131 Ara\u00e7 Ta\u015f\u0131ma &amp; Ara\u00e7 Nakliye Fiyatlar\u0131\">Araba nakliyesi<\/a><\/li>\n<li>Depolama tesisleri<\/li>\n<\/ul>\n<p>Allianz Moving, yerel ve k\u00fcresel ta\u015f\u0131nmalarda 20 y\u0131l\u0131 a\u015fk\u0131n deneyime sahip bir uluslararas\u0131 ta\u015f\u0131nma \u00e7\u00f6z\u00fcmleri sa\u011flay\u0131c\u0131s\u0131d\u0131r. K\u00fcresel ta\u015f\u0131ma ortaklar\u0131 a\u011f\u0131 arac\u0131l\u0131\u011f\u0131yla uluslararas\u0131 ta\u015f\u0131nmalar sa\u011flarlar. Onlar 7 y\u0131ll\u0131k hizmet ile IAM \u00fcyesidir.<\/p>\n<p>Allianz Moving, ihtiya\u00e7lar\u0131n\u0131z\u0131 de\u011ferlendirmek ve bir fiyat teklifi vermek i\u00e7in ta\u015f\u0131nma \u00f6ncesi bir anket sunar. Size e\u015fyalar\u0131n\u0131z\u0131 koruyacak bir paketleme hizmeti sunacak ve g\u00fcmr\u00fck i\u015flemleri de dahil olmak \u00fczere e\u015fyalar\u0131n\u0131z\u0131n nakliyesini ayarlayacaklard\u0131r. Ayr\u0131ca evcil hayvanlar ve arabalar i\u00e7in ek uluslararas\u0131 ta\u015f\u0131ma hizmetlerinin yan\u0131 s\u0131ra k\u0131sa ve uzun s\u00fcreli depolama olanaklar\u0131 da sa\u011flarlar.<\/p>\n<p>Web sitesi: <a href=\"http:\/\/www.allianzmoving.com\" target=\"_blank\" rel=\"noopener\">http:\/\/www.allianzmoving.com<\/a><\/p>\n<h2><span class=\"ez-toc-section\" id=\"2_Gateway_Moving_and_Relocation\"><\/span><strong>2. Gateway Ta\u015f\u0131nma ve Yer De\u011fi\u015ftirme<\/strong><span class=\"ez-toc-section-end\"><\/span><\/h2>\n<p><img loading=\"lazy\" decoding=\"async\" class=\"alignnone size-full wp-image-5949\" src=\"https:\/\/moverdb.com\/wp-content\/uploads\/Gateway-Moving-and-Relocation-international-moving-company.png\" alt=\"Gateway Moving and Relocation uluslararas\u0131 nakliye \u015firketi\" width=\"1440\" height=\"683\" data-wp-pid=\"5949\" srcset=\"https:\/\/moverdb.com\/wp-content\/uploads\/Gateway-Moving-and-Relocation-international-moving-company.png 1440w, https:\/\/moverdb.com\/wp-content\/uploads\/Gateway-Moving-and-Relocation-international-moving-company-300x142.png 300w, https:\/\/moverdb.com\/wp-content\/uploads\/Gateway-Moving-and-Relocation-international-moving-company-1024x486.png 1024w, https:\/\/moverdb.com\/wp-content\/uploads\/Gateway-Moving-and-Relocation-international-moving-company-18x9.png 18w, https:\/\/moverdb.com\/wp-content\/uploads\/Gateway-Moving-and-Relocation-international-moving-company-600x285.png 600w\" sizes=\"auto, (max-width: 1440px) 100vw, 1440px\" \/><\/p>\n<ul>\n<li>Yerel ve ulusal hamleler<\/li>\n<li>Uluslararas\u0131 ta\u015f\u0131nmalar<\/li>\n<li>Konut Ta\u015f\u0131malar\u0131<\/li>\n<li>End\u00fcstriyel ve ofis ta\u015f\u0131nmalar\u0131<\/li>\n<li>\u00d6zel ta\u015f\u0131ma paketleri<\/li>\n<li>Paketleme hizmetleri ve sand\u0131klama<\/li>\n<li>Y\u00fcksek kaliteli ekipman<\/li>\n<li>G\u00fcmr\u00fck komisyonculu\u011fu<\/li>\n<li>Ara\u00e7 nakliyesi<\/li>\n<li>Depolama tesisleri<\/li>\n<\/ul>\n<p>Gateway Moving and Relocation, merkezi \u0130stanbul'da bulunan bir aile \u015firketidir. <a href=\"https:\/\/moverdb.com\/tr\/moving-to-san-jose\/\" data-internallinksmanager029f6b8e52c=\"64\" title=\"San Jose&#039;ye mi ta\u015f\u0131n\u0131yorsunuz? 2026 Ya\u015fam Maliyetleri &amp; Yer De\u011fi\u015ftirme \u0130pu\u00e7lar\u0131\">San Jose<\/a> bir ofis ile <a href=\"https:\/\/moverdb.com\/tr\/moving-companies\/moving-companies-nicaragua\/\" data-internallinksmanager029f6b8e52c=\"278\" title=\"Nikaragua&#039;daki En \u0130yi Uluslararas\u0131 Nakliye \u015eirketleri\">Nikaragua<\/a>. Uluslararas\u0131 bir hizmet sunmak i\u00e7in d\u00fcnyan\u0131n d\u00f6rt bir yan\u0131ndaki di\u011fer ta\u015f\u0131ma acenteleriyle ortakl\u0131k kurarlar. Onlar 6 y\u0131ll\u0131k hizmet ile IAM \u00fcyesidir.<\/p>\n<p>Gateway Moving and Relocation, ihtiya\u00e7lar\u0131n\u0131za g\u00f6re uyarlanm\u0131\u015f ki\u015fiselle\u015ftirilmi\u015f ta\u015f\u0131ma paketleri sunar. E\u015fyalar\u0131n\u0131z\u0131 ta\u015f\u0131ma s\u0131ras\u0131nda koruyan bir paketleme hizmeti sunacaklard\u0131r, buna ince e\u015fyalar\u0131n\u0131zdan <a href=\"https:\/\/moverdb.com\/tr\/moving-to-china\/\" data-internallinksmanager029f6b8e52c=\"357\" title=\"\u00c7in&#039;e mi Ta\u015f\u0131n\u0131yorsunuz? 2026 Ya\u015fam Maliyetleri ve Yer De\u011fi\u015ftirme \u0130pu\u00e7lar\u0131\">\u00c7\u0130N<\/a> m\u00fczik aletlerine ve b\u00fcy\u00fck mobilyalara kadar. G\u00fcmr\u00fck arac\u0131l\u0131k hizmetleri, ara\u00e7 nakliye hizmetleri ve ta\u015f\u0131nman\u0131zdan \u00f6nce veya sonra depolama hizmetleri sa\u011flarlar.<\/p>\n<p>Web sitesi: <a href=\"https:\/\/www.gatewaymovingcr.com\" target=\"_blank\" rel=\"noopener\">https:\/\/www.gatewaymovingcr.com<\/a><\/p>\n<h2><span class=\"ez-toc-section\" id=\"3_Inter_Moves_SG_Global\"><\/span><strong>3. Inter Moves SG Global<\/strong><span class=\"ez-toc-section-end\"><\/span><\/h2>\n<p><img loading=\"lazy\" decoding=\"async\" class=\"alignnone size-full wp-image-5959\" src=\"https:\/\/moverdb.com\/wp-content\/uploads\/Inter-Moves-SG-Global-international-moving-company.png\" alt=\"Inter Moves SG Global uluslararas\u0131 ta\u015f\u0131ma \u015firketi\" width=\"1440\" height=\"684\" data-wp-pid=\"5959\" srcset=\"https:\/\/moverdb.com\/wp-content\/uploads\/Inter-Moves-SG-Global-international-moving-company.png 1440w, https:\/\/moverdb.com\/wp-content\/uploads\/Inter-Moves-SG-Global-international-moving-company-300x143.png 300w, https:\/\/moverdb.com\/wp-content\/uploads\/Inter-Moves-SG-Global-international-moving-company-1024x486.png 1024w, https:\/\/moverdb.com\/wp-content\/uploads\/Inter-Moves-SG-Global-international-moving-company-18x9.png 18w, https:\/\/moverdb.com\/wp-content\/uploads\/Inter-Moves-SG-Global-international-moving-company-600x285.png 600w\" sizes=\"auto, (max-width: 1440px) 100vw, 1440px\" \/><\/p>\n<ul>\n<li>Yerel ve ulusal hamleler<\/li>\n<li>Uluslararas\u0131 ta\u015f\u0131nmalar<\/li>\n<li>Ev ta\u015f\u0131ma<\/li>\n<li>Ofisler ta\u015f\u0131n\u0131yor<\/li>\n<li>Paketleme hizmetleri<\/li>\n<li>G\u00fcmr\u00fck komisyoncusu<\/li>\n<li>Antika ve sanat eseri ta\u015f\u0131malar\u0131<\/li>\n<li>Ara\u00e7 ta\u015f\u0131mac\u0131l\u0131\u011f\u0131<\/li>\n<li>Sigorta se\u00e7enekleri<\/li>\n<li>Depolama tesisleri<\/li>\n<\/ul>\n<p>Inter Moves SG Global, 2001 y\u0131l\u0131nda kurulmu\u015f bir nakliye ve uluslararas\u0131 ta\u015f\u0131ma sa\u011flay\u0131c\u0131s\u0131d\u0131r. Hem evler hem de ofisler i\u00e7in yerel, ulusal ve uluslararas\u0131 ta\u015f\u0131ma hizmetleri sunmaktad\u0131r. Onlar 21 y\u0131ll\u0131k hizmet ile IAM \u00fcyesidir.<\/p>\n<p>Inter Moves SG Global, e\u015fyalar\u0131n\u0131z\u0131 paketleyecek ve g\u00fcmr\u00fck komisyonculu\u011fu da dahil olmak \u00fczere var\u0131\u015f noktan\u0131za nakliyenin yan\u0131 s\u0131ra konteynerlere ve kasalara y\u00fcklemek i\u00e7in d\u00fczenlemeler yapacak profesyonel bir ta\u015f\u0131ma hizmeti sunmaktad\u0131r. Ta\u015f\u0131nman\u0131z i\u00e7in en iyi sigorta kapsam\u0131n\u0131 bulmak i\u00e7in sigorta arac\u0131l\u0131\u011f\u0131 sunarlar. Hatta ge\u00e7ici konaklama gerektiren ta\u015f\u0131nma i\u015flemleri i\u00e7in bir Oda &amp; Kahvalt\u0131 Oteli bile sa\u011flamaktad\u0131rlar.<\/p>\n<p>Web sitesi: <a href=\"http:\/\/www.InterMoves-SGCR.com\" target=\"_blank\" rel=\"noopener\">http:\/\/www.InterMoves-SGCR.com<\/a><\/p>\n<h2><span class=\"ez-toc-section\" id=\"4_Mudanzas_Mundiales\"><\/span><strong>4. Mudanzas Mundiales<\/strong><span class=\"ez-toc-section-end\"><\/span><\/h2>\n<p><img loading=\"lazy\" decoding=\"async\" class=\"alignnone size-full wp-image-5981\" src=\"https:\/\/moverdb.com\/wp-content\/uploads\/Mudanzas-Mundiales-international-moving-company.png\" alt=\"Mudanzas Mundiales uluslararas\u0131 ta\u015f\u0131ma \u015firketi\" width=\"1440\" height=\"680\" data-wp-pid=\"5981\" srcset=\"https:\/\/moverdb.com\/wp-content\/uploads\/Mudanzas-Mundiales-international-moving-company.png 1440w, https:\/\/moverdb.com\/wp-content\/uploads\/Mudanzas-Mundiales-international-moving-company-300x142.png 300w, https:\/\/moverdb.com\/wp-content\/uploads\/Mudanzas-Mundiales-international-moving-company-1024x484.png 1024w, https:\/\/moverdb.com\/wp-content\/uploads\/Mudanzas-Mundiales-international-moving-company-18x9.png 18w, https:\/\/moverdb.com\/wp-content\/uploads\/Mudanzas-Mundiales-international-moving-company-600x283.png 600w\" sizes=\"auto, (max-width: 1440px) 100vw, 1440px\" \/><\/p>\n<ul>\n<li>Uluslararas\u0131 ta\u015f\u0131nmalar<\/li>\n<li>Konut Ta\u015f\u0131malar\u0131<\/li>\n<li>Ticari hamleler<\/li>\n<li>Yer de\u011fi\u015ftirme hizmetleri<\/li>\n<li>Profesyonel paketleme hizmeti<\/li>\n<li>Kara, deniz veya hava yoluyla ula\u015f\u0131m<\/li>\n<li>G\u00fcmr\u00fck komisyoncusu<\/li>\n<li>Sanat eserleri ta\u015f\u0131mac\u0131l\u0131\u011f\u0131<\/li>\n<li>Evcil hayvan ta\u015f\u0131mac\u0131l\u0131\u011f\u0131<\/li>\n<li>Depolama tesisleri<\/li>\n<\/ul>\n<p>Mudanzas Mundiales, entegre lojistik ve uluslararas\u0131 ticaret alan\u0131nda 60 y\u0131l\u0131 a\u015fk\u0131n deneyime sahip bir nakliye \u015firketidir. San Jose ve Nikaragua'da ofisleri bulunmaktad\u0131r. \u015eirket 53 y\u0131ll\u0131k hizmetiyle IAM \u00fcyesidir ve FIDI taraf\u0131ndan akredite edilmi\u015ftir.<\/p>\n<p>Mudanzas Mundiales, en kaliteli malzemelerin kullan\u0131ld\u0131\u011f\u0131 paketleme hizmetinden mobilyalar\u0131n paketlerinin a\u00e7\u0131lmas\u0131 ve d\u00fczenlenmesine kadar kap\u0131dan kap\u0131ya bir hizmetle ta\u015f\u0131nmaya ki\u015fiselle\u015ftirilmi\u015f bir yakla\u015f\u0131m sunmaktad\u0131r. G\u00fcmr\u00fck komisyonculu\u011fu ve sigorta ile kara, deniz veya hava yoluyla nakliyeyi ayarlayacaklard\u0131r. Ta\u015f\u0131nma hizmetleri oryantasyon, ev ve okul bulma, var\u0131\u015f hizmetleri ve dil ve k\u00fclt\u00fcrel e\u011fitim konular\u0131nda size yard\u0131mc\u0131 olacakt\u0131r.<\/p>\n<p>Web sitesi: <a href=\"http:\/\/mudanzasmundiales.com\" target=\"_blank\" rel=\"noopener\">http:\/\/mudanzasmundiales.com<\/a><\/p>\n<h2><span class=\"ez-toc-section\" id=\"5_Multimodal\"><\/span><strong>5. Multimodal<\/strong><span class=\"ez-toc-section-end\"><\/span><\/h2>\n<p><img loading=\"lazy\" decoding=\"async\" class=\"alignnone size-full wp-image-5984\" src=\"https:\/\/moverdb.com\/wp-content\/uploads\/Multimodal-international-moving-company.png\" alt=\"Multimodal uluslararas\u0131 ta\u015f\u0131ma \u015firketi\" width=\"1440\" height=\"680\" data-wp-pid=\"5984\" srcset=\"https:\/\/moverdb.com\/wp-content\/uploads\/Multimodal-international-moving-company.png 1440w, https:\/\/moverdb.com\/wp-content\/uploads\/Multimodal-international-moving-company-300x142.png 300w, https:\/\/moverdb.com\/wp-content\/uploads\/Multimodal-international-moving-company-1024x484.png 1024w, https:\/\/moverdb.com\/wp-content\/uploads\/Multimodal-international-moving-company-18x9.png 18w, https:\/\/moverdb.com\/wp-content\/uploads\/Multimodal-international-moving-company-600x283.png 600w\" sizes=\"auto, (max-width: 1440px) 100vw, 1440px\" \/><\/p>\n<ul>\n<li>Uluslararas\u0131 ta\u015f\u0131nmalar<\/li>\n<li>Konut Ta\u015f\u0131malar\u0131<\/li>\n<li>Ofis ta\u015f\u0131ma<\/li>\n<li>Sevkiyatlar\u0131n ta\u015f\u0131nmas\u0131 ve izlenmesi<\/li>\n<li>Kara, deniz ve hava ta\u015f\u0131mac\u0131l\u0131\u011f\u0131<\/li>\n<li>G\u00fcmr\u00fck komisyonculu\u011fu<\/li>\n<li>Kargo sigortas\u0131<\/li>\n<li>Evcil hayvanlar\u0131n ta\u015f\u0131nmas\u0131<\/li>\n<li>Ara\u00e7 ta\u015f\u0131mac\u0131l\u0131\u011f\u0131<\/li>\n<li>Depolama tesisleri<\/li>\n<\/ul>\n<p>Multimodal, Kosta Rika ve Nikaragua'da ta\u015f\u0131ma hizmetleri sunan uzman bir uluslararas\u0131 ticaret ve g\u00fcmr\u00fck sa\u011flay\u0131c\u0131s\u0131d\u0131r. 1999 y\u0131l\u0131nda kurulmu\u015f ve esas olarak hava kargo hizmeti sunmu\u015f ancak t\u00fcm ta\u015f\u0131ma ara\u00e7lar\u0131n\u0131 sunacak \u015fekilde geni\u015fletilmi\u015ftir. IAM'nin 37 y\u0131ll\u0131k bir \u00fcyesidir ve hizmetlerini uluslararas\u0131 alanda sunmak i\u00e7in di\u011fer acentelerle ortakla\u015fa \u00e7al\u0131\u015fmaktad\u0131r.<\/p>\n<p>Multimodal, komplikasyonlardan ve gereksiz maliyetlerden ar\u0131nm\u0131\u015f, g\u00fcvenli ve g\u00fcvenilir bir ta\u015f\u0131nma hizmeti sunar. E\u015fyalar\u0131n\u0131z\u0131 g\u00fcvenli bir \u015fekilde ta\u015f\u0131mak i\u00e7in profesyonel paketleme hizmetleri sunarlar ve g\u00fcmr\u00fck komisyonculu\u011funun yan\u0131 s\u0131ra kara, deniz veya hava yoluyla nakliye ayarlarlar.<\/p>\n<p>Web sitesi: <a href=\"http:\/\/www.multimodalcr.com\" target=\"_blank\" rel=\"noopener\">http:\/\/www.multimodalcr.com<\/a><\/p>\n<h2><span class=\"ez-toc-section\" id=\"6_Winmovers\"><\/span><strong>6. Winmovers<\/strong><span class=\"ez-toc-section-end\"><\/span><\/h2>\n<p><img loading=\"lazy\" decoding=\"async\" class=\"alignnone size-full wp-image-6016\" src=\"https:\/\/moverdb.com\/wp-content\/uploads\/Winmovers-international-moving-company.png\" alt=\"Winmovers uluslararas\u0131 ta\u015f\u0131ma \u015firketi\" width=\"1440\" height=\"678\" data-wp-pid=\"6016\" srcset=\"https:\/\/moverdb.com\/wp-content\/uploads\/Winmovers-international-moving-company.png 1440w, https:\/\/moverdb.com\/wp-content\/uploads\/Winmovers-international-moving-company-300x141.png 300w, https:\/\/moverdb.com\/wp-content\/uploads\/Winmovers-international-moving-company-1024x482.png 1024w, https:\/\/moverdb.com\/wp-content\/uploads\/Winmovers-international-moving-company-18x8.png 18w, https:\/\/moverdb.com\/wp-content\/uploads\/Winmovers-international-moving-company-600x283.png 600w\" sizes=\"auto, (max-width: 1440px) 100vw, 1440px\" \/><\/p>\n<ul>\n<li>Yerel ve ulusal hamleler<\/li>\n<li>Uluslararas\u0131 ta\u015f\u0131nmalar<\/li>\n<li>Ev ta\u015f\u0131ma<\/li>\n<li>\u0130\u015f hamleleri<\/li>\n<li>Kap\u0131dan kap\u0131ya hizmet<\/li>\n<li>Profesyonel paketleme hizmeti<\/li>\n<li>End\u00fcstriyel ambalajlar<\/li>\n<li>Kara, hava ve deniz ta\u015f\u0131mac\u0131l\u0131\u011f\u0131<\/li>\n<li>Piyano ve bilgisayar ekipman\u0131 gibi \u00f6zel \u00fcr\u00fcnler<\/li>\n<li>\u00c7e\u015fitli kamyonlardan olu\u015fan bir filo<\/li>\n<\/ul>\n<p>Winmovers, 2003 y\u0131l\u0131nda kurulmu\u015f uluslararas\u0131 ve yerel bir ta\u015f\u0131ma hizmetleri sa\u011flay\u0131c\u0131s\u0131d\u0131r. Winmovers, 19 y\u0131ll\u0131k hizmetiyle IAM \u00fcyesidir ve FIDI taraf\u0131ndan akredite edilmi\u015ftir. \u00c7e\u015fitli nakliye ihtiya\u00e7lar\u0131n\u0131 kar\u015f\u0131layan geni\u015f ve \u00e7e\u015fitli bir kamyon filosuna sahiptirler.<\/p>\n<p>Winmovers, e\u015fyalar\u0131n\u0131z\u0131 kutular, \u00f6rt\u00fcler ve battaniyeler gibi bir dizi ambalaj malzemesiyle koruyacak e\u011fitimli personel taraf\u0131ndan teslim edilen profesyonel bir paketleme hizmetini i\u00e7eren kap\u0131dan kap\u0131ya bir hizmet sunmaktad\u0131r. Ayr\u0131ca kendi sertifikal\u0131 ah\u015fap kutular\u0131n\u0131 da \u00fcretmektedirler. E\u015fyalar\u0131n\u0131z\u0131n kara, hava veya deniz yoluyla nakliyesini organize ederler.<\/p>\n<p>Web sitesi: <a href=\"http:\/\/www.winmovers.com\" target=\"_blank\" rel=\"noopener\">http:\/\/www.winmovers.com<\/a><\/p>\n<h2><span class=\"ez-toc-section\" id=\"Other_Useful_Guides_to_Costa_Rica\"><\/span>Kosta Rika i\u00e7in Faydal\u0131 Di\u011fer Rehberler<span class=\"ez-toc-section-end\"><\/span><\/h2>\n<ul>\n<li> <a href=\"https:\/\/moverdb.com\/tr\/konteyner-tasimaciligi\/kosta-ri%cc%87ka\/\">2024 Kosta Rika'ya ve Kosta Rika'dan Deniz Ta\u015f\u0131mac\u0131l\u0131\u011f\u0131 Konteyner Nakliye Fiyatlar\u0131<\/a><\/li>\n<li> <a href=\"https:\/\/moverdb.com\/tr\/moving-to-costa-rica\/\">Kosta Rika'ya m\u0131 Ta\u015f\u0131n\u0131yorsunuz? 2026 Ya\u015fam Maliyetleri &amp; Yer De\u011fi\u015ftirme \u0130pu\u00e7lar\u0131<\/a><\/li>\n<li> <a href=\"https:\/\/moverdb.com\/tr\/moving-to-costa-rica\/living-in-costa-rica\/\">21 Kosta Rika'da Ya\u015fam Hakk\u0131nda Ta\u015f\u0131nmadan \u00d6nce Bilmeniz Gereken S\u0131rlar<\/a><\/li>\n<\/ul>","protected":false},"excerpt":{"rendered":"<p>Are you moving to or from Costa Rica, or moving within Costa Rica? Then you might be interested in some help moving all of your belongings as it can be complex especially if you are moving countries. Below we have compiled a list of Costa Rican removal companies that are members of the International Association [&hellip;]<\/p>\n","protected":false},"author":4,"featured_media":0,"parent":190,"menu_order":0,"comment_status":"closed","ping_status":"closed","template":"","meta":{"_genesis_hide_title":false,"_genesis_hide_breadcrumbs":false,"_genesis_hide_singular_image":false,"_genesis_hide_footer_widgets":false,"_genesis_custom_body_class":"","_genesis_custom_post_class":"","_genesis_layout":"","footnotes":""},"class_list":{"0":"post-6015","1":"page","2":"type-page","3":"status-publish","5":"entry","6":"has-post-thumbnail"},"_links":{"self":[{"href":"https:\/\/moverdb.com\/tr\/wp-json\/wp\/v2\/pages\/6015","targetHints":{"allow":["GET"]}}],"collection":[{"href":"https:\/\/moverdb.com\/tr\/wp-json\/wp\/v2\/pages"}],"about":[{"href":"https:\/\/moverdb.com\/tr\/wp-json\/wp\/v2\/types\/page"}],"author":[{"embeddable":true,"href":"https:\/\/moverdb.com\/tr\/wp-json\/wp\/v2\/users\/4"}],"replies":[{"embeddable":true,"href":"https:\/\/moverdb.com\/tr\/wp-json\/wp\/v2\/comments?post=6015"}],"version-history":[{"count":2,"href":"https:\/\/moverdb.com\/tr\/wp-json\/wp\/v2\/pages\/6015\/revisions"}],"predecessor-version":[{"id":18296,"href":"https:\/\/moverdb.com\/tr\/wp-json\/wp\/v2\/pages\/6015\/revisions\/18296"}],"up":[{"embeddable":true,"href":"https:\/\/moverdb.com\/tr\/wp-json\/wp\/v2\/pages\/190"}],"wp:attachment":[{"href":"https:\/\/moverdb.com\/tr\/wp-json\/wp\/v2\/media?parent=6015"}],"curies":[{"name":"wp","href":"https:\/\/api.w.org\/{rel}","templated":true}]}}