{"id":5527,"date":"2023-02-01T13:45:10","date_gmt":"2023-02-01T13:45:10","guid":{"rendered":"https:\/\/moverdb.com\/?page_id=5527"},"modified":"2026-01-08T15:29:15","modified_gmt":"2026-01-08T15:29:15","slug":"sili-tasima-sirketleri","status":"publish","type":"page","link":"https:\/\/moverdb.com\/tr\/moving-companies\/chile-moving-companies\/","title":{"rendered":"\u015eili'deki En \u0130yi 6 Uluslararas\u0131 Nakliye \u015eirketi"},"content":{"rendered":"<p>Ta\u015f\u0131nmak, \u00f6zellikle uzun mesafeli veya ba\u015fka bir \u00fclkeye ta\u015f\u0131n\u0131yorsan\u0131z yo\u011fun ve stresli bir zaman olabilir. \u0130\u015fte bu noktada <a href=\"https:\/\/moverdb.com\/tr\/moving-companies\/\" data-internallinksmanager029f6b8e52c=\"79\" title=\"\u00c7evrimi\u00e7i En \u0130yi 25 Uluslararas\u0131 Nakliye \u015eirketi\">ta\u015finma \u015fi\u0307rketi\u0307<\/a> i\u015f y\u00fck\u00fcn\u00fcz\u00fcn bir k\u0131sm\u0131n\u0131 alarak stresinizi azaltmaya yard\u0131mc\u0131 olabilir. A\u015fa\u011f\u0131da \u015eili'den bir liste derledik <a href=\"https:\/\/moverdb.com\/tr\/international-removals\/\" data-internallinksmanager029f6b8e52c=\"27\" title=\"36 \u0130ngiltere&#039;deki En \u0130yi Uluslararas\u0131 Nakliye \u015eirketleri\">nakli\u0307ye \u015fi\u0307rketleri\u0307<\/a> \u00fcyesi olan <a href=\"https:\/\/moverdb.com\/tr\/iam\/\" data-internallinksmanager029f6b8e52c=\"23\" title=\"Uluslararas\u0131 Ta\u015f\u0131mac\u0131lar Birli\u011fi (IAM) A\u00e7\u0131klamas\u0131\">Uluslararas\u0131 Ta\u015f\u0131mac\u0131lar Birli\u011fi<\/a> (IAM) ve\/veya <a href=\"https:\/\/moverdb.com\/tr\/fidi-faim\/\" data-internallinksmanager029f6b8e52c=\"16\" title=\"FIDI &amp; FAIM (FIDI Akredite Uluslararas\u0131 Ta\u015f\u0131mac\u0131) A\u00e7\u0131klamas\u0131\">FIDI<\/a> Ta\u015f\u0131nman\u0131zda size yard\u0131mc\u0131 olabilecek Akredite Uluslararas\u0131 Ta\u015f\u0131y\u0131c\u0131 (FAIM).<\/p>\n<div id=\"ez-toc-container\" class=\"ez-toc-v2_0_82_2 ez-toc-wrap-left counter-hierarchy ez-toc-counter ez-toc-transparent ez-toc-container-direction\">\n<div class=\"ez-toc-title-container\">\n<p class=\"ez-toc-title\" style=\"cursor:inherit\">B\u00f6l\u00fcmler<\/p>\n<span class=\"ez-toc-title-toggle\"><a href=\"#\" class=\"ez-toc-pull-right ez-toc-btn ez-toc-btn-xs ez-toc-btn-default ez-toc-toggle\" aria-label=\"\u0130\u00e7indekiler Tablosunu A\u00e7\/Kapat\"><span class=\"ez-toc-js-icon-con\"><span class=\"\"><span class=\"eztoc-hide\" style=\"display:none;\">Ge\u00e7i\u015f<\/span><span class=\"ez-toc-icon-toggle-span\"><svg style=\"fill: #999;color:#999\" xmlns=\"http:\/\/www.w3.org\/2000\/svg\" class=\"list-377408\" width=\"20px\" height=\"20px\" viewbox=\"0 0 24 24\" fill=\"none\"><path d=\"M6 6H4v2h2V6zm14 0H8v2h12V6zM4 11h2v2H4v-2zm16 0H8v2h12v-2zM4 16h2v2H4v-2zm16 0H8v2h12v-2z\" fill=\"currentColor\"><\/path><\/svg><svg style=\"fill: #999;color:#999\" class=\"arrow-unsorted-368013\" xmlns=\"http:\/\/www.w3.org\/2000\/svg\" width=\"10px\" height=\"10px\" viewbox=\"0 0 24 24\" version=\"1.2\" baseprofile=\"tiny\"><path d=\"M18.2 9.3l-6.2-6.3-6.2 6.3c-.2.2-.3.4-.3.7s.1.5.3.7c.2.2.4.3.7.3h11c.3 0 .5-.1.7-.3.2-.2.3-.5.3-.7s-.1-.5-.3-.7zM5.8 14.7l6.2 6.3 6.2-6.3c.2-.2.3-.5.3-.7s-.1-.5-.3-.7c-.2-.2-.4-.3-.7-.3h-11c-.3 0-.5.1-.7.3-.2.2-.3.5-.3.7s.1.5.3.7z\"\/><\/svg><\/span><\/span><\/span><\/a><\/span><\/div>\n<nav><ul class='ez-toc-list ez-toc-list-level-1 eztoc-toggle-hide-by-default' ><li class='ez-toc-page-1 ez-toc-heading-level-2'><a class=\"ez-toc-link ez-toc-heading-1\" href=\"https:\/\/moverdb.com\/tr\/moving-companies\/chile-moving-companies\/#1_Unipack\" >1. Unipack<\/a><\/li><li class='ez-toc-page-1 ez-toc-heading-level-2'><a class=\"ez-toc-link ez-toc-heading-2\" href=\"https:\/\/moverdb.com\/tr\/moving-companies\/chile-moving-companies\/#2_Atlas_International_Movers\" >2. Atlas Uluslararas\u0131 Ta\u015f\u0131mac\u0131l\u0131k<\/a><\/li><li class='ez-toc-page-1 ez-toc-heading-level-2'><a class=\"ez-toc-link ez-toc-heading-3\" href=\"https:\/\/moverdb.com\/tr\/moving-companies\/chile-moving-companies\/#3_Decapack\" >3. Dekapaj<\/a><\/li><li class='ez-toc-page-1 ez-toc-heading-level-2'><a class=\"ez-toc-link ez-toc-heading-4\" href=\"https:\/\/moverdb.com\/tr\/moving-companies\/chile-moving-companies\/#4_Global_Alliance_International\" >4. Global Alliance Uluslararas\u0131<\/a><\/li><li class='ez-toc-page-1 ez-toc-heading-level-2'><a class=\"ez-toc-link ez-toc-heading-5\" href=\"https:\/\/moverdb.com\/tr\/moving-companies\/chile-moving-companies\/#5_REMSSA\" >5. REMSSA<\/a><\/li><li class='ez-toc-page-1 ez-toc-heading-level-2'><a class=\"ez-toc-link ez-toc-heading-6\" href=\"https:\/\/moverdb.com\/tr\/moving-companies\/chile-moving-companies\/#6_Ward_Van_Lines\" >6. Ward Van Lines<\/a><\/li><li class='ez-toc-page-1 ez-toc-heading-level-2'><a class=\"ez-toc-link ez-toc-heading-7\" href=\"https:\/\/moverdb.com\/tr\/moving-companies\/chile-moving-companies\/#Other_Useful_Guides_to_Chile\" >\u015eili i\u00e7in Faydal\u0131 Di\u011fer Rehberler<\/a><\/li><\/ul><\/nav><\/div>\n<h2><span class=\"ez-toc-section\" id=\"1_Unipack\"><\/span><strong>1. Unipack<\/strong><span class=\"ez-toc-section-end\"><\/span><\/h2>\n<p><img loading=\"lazy\" decoding=\"async\" class=\"alignnone size-full wp-image-5496\" src=\"https:\/\/moverdb.com\/wp-content\/uploads\/Unipack-international-moving-company.png\" alt=\"Unipack uluslararas\u0131 ta\u015f\u0131ma \u015firketi\" width=\"1440\" height=\"683\" data-wp-pid=\"5496\" srcset=\"https:\/\/moverdb.com\/wp-content\/uploads\/Unipack-international-moving-company.png 1440w, https:\/\/moverdb.com\/wp-content\/uploads\/Unipack-international-moving-company-300x142.png 300w, https:\/\/moverdb.com\/wp-content\/uploads\/Unipack-international-moving-company-1024x486.png 1024w, https:\/\/moverdb.com\/wp-content\/uploads\/Unipack-international-moving-company-18x9.png 18w, https:\/\/moverdb.com\/wp-content\/uploads\/Unipack-international-moving-company-600x285.png 600w\" sizes=\"auto, (max-width: 1440px) 100vw, 1440px\" \/><\/p>\n<ul>\n<li>Ulusal hamleler<\/li>\n<li>Uluslararas\u0131 ta\u015f\u0131nmalar<\/li>\n<li>Ev ta\u015f\u0131ma<\/li>\n<li>Ev i\u00e7i denetim<\/li>\n<li>Paketleme ve ambalaj a\u00e7ma hizmeti<\/li>\n<li>Mobilyalar\u0131 s\u00f6k\u00fcn ve monte edin<\/li>\n<li>Kara, deniz ve hava ta\u015f\u0131mac\u0131l\u0131\u011f\u0131<\/li>\n<li>Dok\u00fcmantasyon deste\u011fi<\/li>\n<li>Evcil hayvan ta\u015f\u0131mac\u0131l\u0131\u011f\u0131<\/li>\n<li>K\u0131sa ila uzun s\u00fcreli depolama<\/li>\n<\/ul>\n<p>Unipack 1993 y\u0131l\u0131nda Santiago'da kurulmu\u015f ulusal ve uluslararas\u0131 bir ta\u015f\u0131ma hizmetidir. D\u00fcnya \u00e7ap\u0131nda 5 k\u0131tada uluslararas\u0131 ta\u015f\u0131nmalarda kendilerine yard\u0131mc\u0131 olan bir acente a\u011f\u0131na sahiptirler. Unipack, 29 y\u0131ll\u0131k hizmetiyle IAM \u00fcyesidir ve FIDI taraf\u0131ndan akredite edilmi\u015ftir.<\/p>\n<p>Unipack, m\u00fc\u015fterilerine g\u00fcvenli ta\u015f\u0131nma hizmeti sunmak i\u00e7in en yeni paketleme ve ta\u015f\u0131ma tekniklerinin yan\u0131 s\u0131ra malzemeleri de kullanmaktad\u0131r. S\u00fcre\u00e7leri ev i\u00e7i bir inceleme ile ba\u015flar ve belgeler g\u00f6r\u00fc\u015f\u00fcl\u00fcr. Mobilyalar\u0131n\u0131z\u0131 paketleyecek, s\u00f6kecek ve kara, hava ve deniz yoluyla nakliyeyi ayarlayacak, ard\u0131ndan var\u0131\u015f noktas\u0131nda mobilyalar\u0131n\u0131z\u0131 a\u00e7acak ve monte edeceklerdir. G\u00fcmr\u00fck i\u015flemleri de dahil olmak \u00fczere dok\u00fcmantasyon konusunda size destek olacaklard\u0131r.<\/p>\n<p>Web sitesi: <a href=\"http:\/\/www.unipack.cl\" target=\"_blank\" rel=\"noopener\">http:\/\/www.unipack.cl<\/a><\/p>\n<h2><span class=\"ez-toc-section\" id=\"2_Atlas_International_Movers\"><\/span><strong>2. Atlas Uluslararas\u0131 Ta\u015f\u0131mac\u0131l\u0131k<\/strong><span class=\"ez-toc-section-end\"><\/span><\/h2>\n<p><img loading=\"lazy\" decoding=\"async\" class=\"alignnone size-full wp-image-5415\" src=\"https:\/\/moverdb.com\/wp-content\/uploads\/Atlas-International-Movers-moving-company.png\" alt=\"Atlas International Movers ta\u015f\u0131ma \u015firketi\" width=\"1440\" height=\"682\" data-wp-pid=\"5415\" srcset=\"https:\/\/moverdb.com\/wp-content\/uploads\/Atlas-International-Movers-moving-company.png 1440w, https:\/\/moverdb.com\/wp-content\/uploads\/Atlas-International-Movers-moving-company-300x142.png 300w, https:\/\/moverdb.com\/wp-content\/uploads\/Atlas-International-Movers-moving-company-1024x485.png 1024w, https:\/\/moverdb.com\/wp-content\/uploads\/Atlas-International-Movers-moving-company-18x9.png 18w, https:\/\/moverdb.com\/wp-content\/uploads\/Atlas-International-Movers-moving-company-600x284.png 600w\" sizes=\"auto, (max-width: 1440px) 100vw, 1440px\" \/><\/p>\n<ul>\n<li>Ulusal hamleler<\/li>\n<li>Uluslararas\u0131 ta\u015f\u0131nmalar<\/li>\n<li>Ev ta\u015f\u0131ma<\/li>\n<li>Ofis ta\u015f\u0131ma<\/li>\n<li>Kap\u0131dan kap\u0131ya hizmet<\/li>\n<li>Y\u00fcksek kaliteli paketleme hizmeti<\/li>\n<li>Kara, deniz ve hava ta\u015f\u0131mac\u0131l\u0131\u011f\u0131<\/li>\n<li>Sanat eserlerinin ta\u015f\u0131nmas\u0131<\/li>\n<li>Araba ta\u015f\u0131mac\u0131l\u0131\u011f\u0131<\/li>\n<li>K\u0131sa ve uzun vadeli depolama tesisleri<\/li>\n<\/ul>\n<p>Atlas International Movers, uluslararas\u0131 ev ve ofis ta\u015f\u0131mac\u0131l\u0131\u011f\u0131nda 25 y\u0131l\u0131 a\u015fk\u0131n deneyime sahiptir. <a href=\"https:\/\/moverdb.com\/tr\/moving-to-chile\/\" data-internallinksmanager029f6b8e52c=\"426\" title=\"\u015eili&#039;ye mi Ta\u015f\u0131n\u0131yorsunuz? 2026 Ya\u015fam Maliyetleri &amp; Yer De\u011fi\u015ftirme \u0130pu\u00e7lar\u0131\">\u015eili<\/a> ve \u015eili'ye veya \u015eili'den. Uluslararas\u0131 ta\u015f\u0131nmalar\u0131 tamamlamak i\u00e7in d\u00fcnyan\u0131n d\u00f6rt bir yan\u0131ndaki g\u00fcvenilir ta\u015f\u0131ma acenteleri a\u011f\u0131yla \u00e7al\u0131\u015f\u0131rlar. Onlar 16 y\u0131ll\u0131k hizmet ile IAM \u00fcyesidir.<\/p>\n<p>Atlas International Movers, ihtiya\u00e7lar\u0131n\u0131z\u0131 de\u011ferlendirmek i\u00e7in ev ziyareti ger\u00e7ekle\u015ftirir ve s\u00fcre\u00e7 ve dok\u00fcmantasyon boyunca size rehberlik eder. E\u015fyalar\u0131n\u0131z\u0131 kara, deniz veya hava yoluyla ta\u015f\u0131ma s\u0131ras\u0131nda korumak i\u00e7in y\u00fcksek standartlarda paketlemek \u00fczere e\u011fitimli personel sa\u011flayacakt\u0131r. \u0130thalat ve ihracatta g\u00fcmr\u00fck belgeleri konusunda size yard\u0131mc\u0131 olacaklard\u0131r.<\/p>\n<p>Web sitesi: <a href=\"http:\/\/www.atlasinternationalchile.cl\" target=\"_blank\" rel=\"noopener\">http:\/\/www.atlasinternationalchile.cl<\/a><\/p>\n<h2><span class=\"ez-toc-section\" id=\"3_Decapack\"><\/span><strong>3. Dekapaj<\/strong><span class=\"ez-toc-section-end\"><\/span><\/h2>\n<p><img loading=\"lazy\" decoding=\"async\" class=\"alignnone size-full wp-image-5430\" src=\"https:\/\/moverdb.com\/wp-content\/uploads\/Decapack-international-moving-company.png\" alt=\"Decapack uluslararas\u0131 nakliye \u015firketi\" width=\"1440\" height=\"680\" data-wp-pid=\"5430\" srcset=\"https:\/\/moverdb.com\/wp-content\/uploads\/Decapack-international-moving-company.png 1440w, https:\/\/moverdb.com\/wp-content\/uploads\/Decapack-international-moving-company-300x142.png 300w, https:\/\/moverdb.com\/wp-content\/uploads\/Decapack-international-moving-company-1024x484.png 1024w, https:\/\/moverdb.com\/wp-content\/uploads\/Decapack-international-moving-company-18x9.png 18w, https:\/\/moverdb.com\/wp-content\/uploads\/Decapack-international-moving-company-600x283.png 600w\" sizes=\"auto, (max-width: 1440px) 100vw, 1440px\" \/><\/p>\n<ul>\n<li>Ulusal hamleler<\/li>\n<li>Uluslararas\u0131 ta\u015f\u0131nmalar<\/li>\n<li>Konut Ta\u015f\u0131malar\u0131<\/li>\n<li>Ofis ta\u015f\u0131ma<\/li>\n<li>Yer de\u011fi\u015ftirme hizmeti<\/li>\n<li>Kap\u0131dan kap\u0131ya hizmet<\/li>\n<li>Paketleme hizmeti<\/li>\n<li>Sigorta<\/li>\n<li>Sanat eserleri i\u00e7in uzmanl\u0131k hizmeti<\/li>\n<li>K\u0131sa ila uzun s\u00fcreli depolama<\/li>\n<\/ul>\n<p>Decapack, 1942 y\u0131l\u0131nda kurulan Santiago merkezli bir g\u00f6\u00e7men ve uluslararas\u0131 ta\u015f\u0131ma \u015firketidir. San Antonio ve Valparaiso'da faaliyet g\u00f6stermektedirler. <a href=\"https:\/\/moverdb.com\/tr\/top-49-container-ports\/\" data-internallinksmanager029f6b8e52c=\"80\" title=\"2025 Y\u0131l\u0131nda En B\u00fcy\u00fck ve En Yo\u011fun 49 Konteyner Liman\u0131\">Limanlar<\/a> ve Santiago Uluslararas\u0131 Havaliman\u0131. \u015eirket, 52 y\u0131ll\u0131k hizmetiyle IAM \u00fcyesidir ve FIDI taraf\u0131ndan akredite edilmi\u015ftir.<\/p>\n<p>Decapack, ihtiya\u00e7lar\u0131n\u0131z\u0131 de\u011ferlendirmek i\u00e7in \u015fahsen veya sanal olarak bir tahmin ziyareti d\u00fczenlemekle ba\u015flayan kap\u0131dan kap\u0131ya bir hizmet sunar. Evrak i\u015fleri ve dok\u00fcmantasyon konusunda size yard\u0131mc\u0131 olacak atanm\u0131\u015f bir koordinat\u00f6rden ki\u015fiselle\u015ftirilmi\u015f tavsiyeler sa\u011flayacakt\u0131r. E\u015fyalar\u0131n\u0131z\u0131 korumak i\u00e7in paketleme hizmeti ve beklenmedik durumlara kar\u015f\u0131 sigorta sa\u011flarlar.<\/p>\n<p>Web sitesi: <a href=\"http:\/\/www.decapack.com\" target=\"_blank\" rel=\"noopener\">http:\/\/www.decapack.com<\/a><\/p>\n<h2><span class=\"ez-toc-section\" id=\"4_Global_Alliance_International\"><\/span><strong>4. Global Alliance Uluslararas\u0131<\/strong><span class=\"ez-toc-section-end\"><\/span><\/h2>\n<p><img loading=\"lazy\" decoding=\"async\" class=\"alignnone size-full wp-image-5441\" src=\"https:\/\/moverdb.com\/wp-content\/uploads\/Global-Alliance-International-moving-company.png\" alt=\"Global Alliance Uluslararas\u0131 ta\u015f\u0131ma \u015firketi\" width=\"1440\" height=\"677\" data-wp-pid=\"5441\" srcset=\"https:\/\/moverdb.com\/wp-content\/uploads\/Global-Alliance-International-moving-company.png 1440w, https:\/\/moverdb.com\/wp-content\/uploads\/Global-Alliance-International-moving-company-300x141.png 300w, https:\/\/moverdb.com\/wp-content\/uploads\/Global-Alliance-International-moving-company-1024x481.png 1024w, https:\/\/moverdb.com\/wp-content\/uploads\/Global-Alliance-International-moving-company-18x8.png 18w, https:\/\/moverdb.com\/wp-content\/uploads\/Global-Alliance-International-moving-company-600x282.png 600w\" sizes=\"auto, (max-width: 1440px) 100vw, 1440px\" \/><\/p>\n<ul>\n<li>Ulusal hamleler<\/li>\n<li>Uluslararas\u0131 ta\u015f\u0131nmalar<\/li>\n<li>Konut Ta\u015f\u0131malar\u0131<\/li>\n<li>Kurumsal hamleler<\/li>\n<li>Y\u00fcksek e\u011fitimli personel<\/li>\n<li>Eksiksiz paketleme hizmeti<\/li>\n<li>Kara, deniz ve hava ta\u015f\u0131mac\u0131l\u0131\u011f\u0131<\/li>\n<li>G\u00fcmr\u00fck deste\u011fi<\/li>\n<li>Evcil hayvan ta\u015f\u0131mac\u0131l\u0131\u011f\u0131<\/li>\n<li>Ge\u00e7ici ve kal\u0131c\u0131 depolama \u00e7\u00f6z\u00fcmleri<\/li>\n<\/ul>\n<p>Global Alliance International, 1995 y\u0131l\u0131nda kurulan ve Express Movers Transportes'in bir yan kurulu\u015fu olan \u015eilili bir ta\u015f\u0131ma \u015firketidir. Uluslararas\u0131 ta\u015f\u0131malar\u0131 tamamlamak i\u00e7in var\u0131\u015f noktas\u0131ndaki ta\u015f\u0131ma acenteleriyle birlikte \u00e7al\u0131\u015f\u0131rlar. \u015eirket, 16 y\u0131ll\u0131k hizmetiyle IAM \u00fcyesidir.<\/p>\n<p>Global Alliance International, e\u015fyalar\u0131n\u0131z\u0131 korumak i\u00e7in en uygun ambalaj malzemelerini ve \u00f6zel kutular\u0131 kullanarak t\u00fcm e\u015fyalar\u0131n\u0131z\u0131 s\u00f6kmek ve paketlemek i\u00e7in bir paketleyici ekibi sa\u011flayacakt\u0131r. Ayr\u0131ca kara, hava veya deniz yoluyla nakliye i\u00e7in bir envanter, etiketli kutular ve konteynerler sa\u011flayacak ve g\u00fcmr\u00fck belgeleri konusunda destek vereceklerdir. Ayr\u0131ca ge\u00e7ici ve kal\u0131c\u0131 depolama \u00e7\u00f6z\u00fcmleri de sunarlar.<\/p>\n<p>Web sitesi: <a href=\"http:\/\/www.globalalliancechile.com\" target=\"_blank\" rel=\"noopener\">http:\/\/www.globalalliancechile.com<\/a><\/p>\n<h2><span class=\"ez-toc-section\" id=\"5_REMSSA\"><\/span><strong>5. REMSSA<\/strong><span class=\"ez-toc-section-end\"><\/span><\/h2>\n<p><img loading=\"lazy\" decoding=\"async\" class=\"alignnone size-full wp-image-5482\" src=\"https:\/\/moverdb.com\/wp-content\/uploads\/REMSSA-international-moving-company.png\" alt=\"REMSSA uluslararas\u0131 nakliye \u015firketi\" width=\"1440\" height=\"683\" data-wp-pid=\"5482\" srcset=\"https:\/\/moverdb.com\/wp-content\/uploads\/REMSSA-international-moving-company.png 1440w, https:\/\/moverdb.com\/wp-content\/uploads\/REMSSA-international-moving-company-300x142.png 300w, https:\/\/moverdb.com\/wp-content\/uploads\/REMSSA-international-moving-company-1024x486.png 1024w, https:\/\/moverdb.com\/wp-content\/uploads\/REMSSA-international-moving-company-18x9.png 18w, https:\/\/moverdb.com\/wp-content\/uploads\/REMSSA-international-moving-company-600x285.png 600w\" sizes=\"auto, (max-width: 1440px) 100vw, 1440px\" \/><\/p>\n<ul>\n<li>Ulusal hamleler<\/li>\n<li>Uluslararas\u0131 ta\u015f\u0131nmalar<\/li>\n<li>Konut Ta\u015f\u0131malar\u0131<\/li>\n<li>Ofis ta\u015f\u0131ma<\/li>\n<li>Yer De\u011fi\u015ftirme<\/li>\n<li>Kap\u0131dan kap\u0131ya hizmet<\/li>\n<li>Paketleme hizmeti<\/li>\n<li>Sanat eserleri ta\u015f\u0131mac\u0131l\u0131\u011f\u0131<\/li>\n<li>Evcil hayvan ta\u015f\u0131mac\u0131l\u0131\u011f\u0131<\/li>\n<li>G\u00fcvenli depolama tesisleri<\/li>\n<\/ul>\n<p>REMSSA, 2000 y\u0131l\u0131nda kurulan ve \u015eili genelinde havaalanlar\u0131 ve limanlarda \u015fubeleri bulunan Santiago merkezli bir nakliye \u015firketidir. Evlere ve kurumsal m\u00fc\u015fterilere ulusal ve uluslararas\u0131 ta\u015f\u0131ma hizmetleri sunarlar. \u015eirket 22 y\u0131ll\u0131k hizmetiyle IAM \u00fcyesidir.<\/p>\n<p>REMSSA, ta\u015f\u0131nman\u0131z\u0131n veya yer de\u011fi\u015ftirmenizin kap\u0131dan kap\u0131ya teslimini sa\u011flayacak ki\u015fiselle\u015ftirilmi\u015f bir ta\u015f\u0131ma hizmeti sunar. Ta\u015f\u0131ma s\u0131ras\u0131nda korumak i\u00e7in end\u00fcstriyel kargo ambalaj\u0131 ile paketleme, y\u00fckleme ve a\u00e7ma hizmeti sunarlar. Ayr\u0131ca g\u00f6\u00e7menlik deste\u011fi, sanat eserlerinin ta\u015f\u0131nmas\u0131, evcil hayvan ta\u015f\u0131mac\u0131l\u0131\u011f\u0131 ve gerekti\u011finde g\u00fcvenli depolama tesisleri gibi uzmanl\u0131k hizmetleri de sunmaktad\u0131rlar.<\/p>\n<p>Web sitesi: <a href=\"http:\/\/www.remssa.cl\" target=\"_blank\" rel=\"noopener\">http:\/\/www.remssa.cl<\/a><\/p>\n<h2><span class=\"ez-toc-section\" id=\"6_Ward_Van_Lines\"><\/span><strong>6. Ward Van Lines<\/strong><span class=\"ez-toc-section-end\"><\/span><\/h2>\n<p><img loading=\"lazy\" decoding=\"async\" class=\"alignnone size-full wp-image-5499\" src=\"https:\/\/moverdb.com\/wp-content\/uploads\/Ward-Van-Lines-international-moving-company.png\" alt=\"Ward Van Lines uluslararas\u0131 nakliye \u015firketi\" width=\"1440\" height=\"680\" data-wp-pid=\"5499\" srcset=\"https:\/\/moverdb.com\/wp-content\/uploads\/Ward-Van-Lines-international-moving-company.png 1440w, https:\/\/moverdb.com\/wp-content\/uploads\/Ward-Van-Lines-international-moving-company-300x142.png 300w, https:\/\/moverdb.com\/wp-content\/uploads\/Ward-Van-Lines-international-moving-company-1024x484.png 1024w, https:\/\/moverdb.com\/wp-content\/uploads\/Ward-Van-Lines-international-moving-company-18x9.png 18w, https:\/\/moverdb.com\/wp-content\/uploads\/Ward-Van-Lines-international-moving-company-600x283.png 600w\" sizes=\"auto, (max-width: 1440px) 100vw, 1440px\" \/><\/p>\n<ul>\n<li>Ulusal hamleler<\/li>\n<li>Uluslararas\u0131 ta\u015f\u0131nmalar<\/li>\n<li>Ki\u015fiselle\u015ftirilmi\u015f hizmet<\/li>\n<li>Birinci s\u0131n\u0131f malzemeler kullanarak paketleme hizmeti<\/li>\n<li>Mobilyalar\u0131 s\u00f6k\u00fcn ve monte edin<\/li>\n<li>S\u00fcrekli takip i\u00e7in \u00fcr\u00fcnlerin etiketlenmesi<\/li>\n<li>GPS izleme ile hareketinizi takip edin<\/li>\n<li>G\u00fcmr\u00fck i\u015flemleri dahil ihracat belgeleri<\/li>\n<li>Sigorta<\/li>\n<li>G\u00fcvenli depolama tesisleri<\/li>\n<\/ul>\n<p>Ward Van Lines 1969 y\u0131l\u0131nda kurulmu\u015f uluslararas\u0131 ve ulusal bir nakliye \u015firketidir. Merkezleri Santiago'dad\u0131r ve Valparaiso ve San Antonio dahil olmak \u00fczere en \u00f6nemli limanlarda ofisleri bulunmaktad\u0131r. \u015eirket 53 y\u0131ll\u0131k hizmetiyle IAM \u00fcyesidir ve FIDI taraf\u0131ndan akredite edilmi\u015ftir.<\/p>\n<p>Ward Van Lines, e\u015fyalar\u0131n\u0131z\u0131 g\u00fcvenli bir \u015fekilde paketlemek i\u00e7in birinci s\u0131n\u0131f malzemeler kullanan ve k\u0131r\u0131lgan e\u015fyalar i\u00e7in ah\u015fap kutular kullanan ki\u015fiselle\u015ftirilmi\u015f bir kap\u0131dan kap\u0131ya hizmet sunar. E\u015fyalar\u0131n\u0131z\u0131 tan\u0131mlamak i\u00e7in bir envanter olu\u015fturacak ve t\u00fcm e\u015fyalar\u0131n\u0131z\u0131 benzersiz barkodlarla etiketleyeceklerdir. Kamyonlar\u0131nda e\u015fyalar\u0131n\u0131z\u0131 7\/24 takip edebilmenizi sa\u011flayan GPS izleme sistemi bulunmaktad\u0131r.<\/p>\n<p>Web sitesi: <a href=\"http:\/\/www.wardvanlines.com\" target=\"_blank\" rel=\"noopener\">http:\/\/www.wardvanlines.com<\/a><\/p>\n<h2><span class=\"ez-toc-section\" id=\"Other_Useful_Guides_to_Chile\"><\/span>\u015eili i\u00e7in Faydal\u0131 Di\u011fer Rehberler<span class=\"ez-toc-section-end\"><\/span><\/h2>\n<ul>\n<li> <a href=\"https:\/\/moverdb.com\/tr\/konteyner-tasimaciligi\/sili\/\">2024 \u015eili'ye ve \u015eili'den Deniz Ta\u015f\u0131mac\u0131l\u0131\u011f\u0131 Konteyner Nakliye Fiyatlar\u0131<\/a><\/li>\n<li> <a href=\"https:\/\/moverdb.com\/tr\/moving-to-chile\/\">\u015eili'ye mi Ta\u015f\u0131n\u0131yorsunuz? 2026 Ya\u015fam Maliyetleri &amp; Yer De\u011fi\u015ftirme \u0130pu\u00e7lar\u0131<\/a><\/li>\n<li> <a href=\"https:\/\/moverdb.com\/tr\/moving-to-chile\/best-places-to-live-chile\/\">\u015eili'de Ya\u015fanabilecek En \u0130yi 12 Yer<\/a><\/li>\n<\/ul>","protected":false},"excerpt":{"rendered":"<p>Moving can be a busy and stressful time especially in you are moving long distance or to another country. This is where a moving company can help reduce your stress by taking away some of the workload. Below we have compiled a list of Chilean removal companies that are members of the International Association of [&hellip;]<\/p>\n","protected":false},"author":4,"featured_media":0,"parent":190,"menu_order":0,"comment_status":"closed","ping_status":"closed","template":"","meta":{"_genesis_hide_title":false,"_genesis_hide_breadcrumbs":false,"_genesis_hide_singular_image":false,"_genesis_hide_footer_widgets":false,"_genesis_custom_body_class":"","_genesis_custom_post_class":"","_genesis_layout":"","footnotes":""},"class_list":{"0":"post-5527","1":"page","2":"type-page","3":"status-publish","5":"entry","6":"has-post-thumbnail"},"_links":{"self":[{"href":"https:\/\/moverdb.com\/tr\/wp-json\/wp\/v2\/pages\/5527","targetHints":{"allow":["GET"]}}],"collection":[{"href":"https:\/\/moverdb.com\/tr\/wp-json\/wp\/v2\/pages"}],"about":[{"href":"https:\/\/moverdb.com\/tr\/wp-json\/wp\/v2\/types\/page"}],"author":[{"embeddable":true,"href":"https:\/\/moverdb.com\/tr\/wp-json\/wp\/v2\/users\/4"}],"replies":[{"embeddable":true,"href":"https:\/\/moverdb.com\/tr\/wp-json\/wp\/v2\/comments?post=5527"}],"version-history":[{"count":4,"href":"https:\/\/moverdb.com\/tr\/wp-json\/wp\/v2\/pages\/5527\/revisions"}],"predecessor-version":[{"id":16390,"href":"https:\/\/moverdb.com\/tr\/wp-json\/wp\/v2\/pages\/5527\/revisions\/16390"}],"up":[{"embeddable":true,"href":"https:\/\/moverdb.com\/tr\/wp-json\/wp\/v2\/pages\/190"}],"wp:attachment":[{"href":"https:\/\/moverdb.com\/tr\/wp-json\/wp\/v2\/media?parent=5527"}],"curies":[{"name":"wp","href":"https:\/\/api.w.org\/{rel}","templated":true}]}}