{"id":5233,"date":"2022-10-24T11:50:38","date_gmt":"2022-10-24T11:50:38","guid":{"rendered":"https:\/\/moverdb.com\/?page_id=5233"},"modified":"2026-01-08T15:23:28","modified_gmt":"2026-01-08T15:23:28","slug":"belci%cc%87ka-tasimacilik-si%cc%87rketleri%cc%87","status":"publish","type":"page","link":"https:\/\/moverdb.com\/tr\/moving-companies\/belgium-moving-companies\/","title":{"rendered":"Bel\u00e7ika'daki En \u0130yi 16 Uluslararas\u0131 Nakliye \u015eirketi"},"content":{"rendered":"<p>Evinizi veya i\u015finizi ta\u015f\u0131mak yo\u011fun bir zaman olabilir ve uluslararas\u0131 ta\u015f\u0131nma karma\u015f\u0131k olabilir, bu nedenle size yard\u0131mc\u0131 olmas\u0131 i\u00e7in bir nakliye \u015firketi istihdam etmek y\u00fck\u00fc hafifletebilir. Yard\u0131mc\u0131 olmak i\u00e7in bir liste olu\u015fturduk <a href=\"https:\/\/moverdb.com\/tr\/moving-to-belgium\/\" data-internallinksmanager029f6b8e52c=\"323\" title=\"Bel\u00e7ika&#039;ya m\u0131 Ta\u015f\u0131n\u0131yorsunuz? 2026 Ya\u015fam Maliyetleri &amp; Yer De\u011fi\u015ftirme \u0130pu\u00e7lar\u0131\">Bel\u00e7ika<\/a> temelli <a href=\"https:\/\/moverdb.com\/tr\/international-removals\/\" data-internallinksmanager029f6b8e52c=\"27\" title=\"36 \u0130ngiltere&#039;deki En \u0130yi Uluslararas\u0131 Nakliye \u015eirketleri\">nakli\u0307ye \u015fi\u0307rketleri\u0307<\/a> \u00fcyesi olan <a href=\"https:\/\/moverdb.com\/tr\/iam\/\" data-internallinksmanager029f6b8e52c=\"23\" title=\"Uluslararas\u0131 Ta\u015f\u0131mac\u0131lar Birli\u011fi (IAM) A\u00e7\u0131klamas\u0131\">Uluslararas\u0131 Ta\u015f\u0131mac\u0131lar Birli\u011fi<\/a> (IAM) ve\/veya <a href=\"https:\/\/moverdb.com\/tr\/fidi-faim\/\" data-internallinksmanager029f6b8e52c=\"16\" title=\"FIDI &amp; FAIM (FIDI Akredite Uluslararas\u0131 Ta\u015f\u0131mac\u0131) A\u00e7\u0131klamas\u0131\">FIDI<\/a> Akredite Uluslararas\u0131 Ta\u015f\u0131y\u0131c\u0131 (FAIM).<\/p>\n<div id=\"ez-toc-container\" class=\"ez-toc-v2_0_82_2 ez-toc-wrap-left counter-hierarchy ez-toc-counter ez-toc-transparent ez-toc-container-direction\">\n<div class=\"ez-toc-title-container\">\n<p class=\"ez-toc-title\" style=\"cursor:inherit\">B\u00f6l\u00fcmler<\/p>\n<span class=\"ez-toc-title-toggle\"><a href=\"#\" class=\"ez-toc-pull-right ez-toc-btn ez-toc-btn-xs ez-toc-btn-default ez-toc-toggle\" aria-label=\"\u0130\u00e7indekiler Tablosunu A\u00e7\/Kapat\"><span class=\"ez-toc-js-icon-con\"><span class=\"\"><span class=\"eztoc-hide\" style=\"display:none;\">Ge\u00e7i\u015f<\/span><span class=\"ez-toc-icon-toggle-span\"><svg style=\"fill: #999;color:#999\" xmlns=\"http:\/\/www.w3.org\/2000\/svg\" class=\"list-377408\" width=\"20px\" height=\"20px\" viewbox=\"0 0 24 24\" fill=\"none\"><path d=\"M6 6H4v2h2V6zm14 0H8v2h12V6zM4 11h2v2H4v-2zm16 0H8v2h12v-2zM4 16h2v2H4v-2zm16 0H8v2h12v-2z\" fill=\"currentColor\"><\/path><\/svg><svg style=\"fill: #999;color:#999\" class=\"arrow-unsorted-368013\" xmlns=\"http:\/\/www.w3.org\/2000\/svg\" width=\"10px\" height=\"10px\" viewbox=\"0 0 24 24\" version=\"1.2\" baseprofile=\"tiny\"><path d=\"M18.2 9.3l-6.2-6.3-6.2 6.3c-.2.2-.3.4-.3.7s.1.5.3.7c.2.2.4.3.7.3h11c.3 0 .5-.1.7-.3.2-.2.3-.5.3-.7s-.1-.5-.3-.7zM5.8 14.7l6.2 6.3 6.2-6.3c.2-.2.3-.5.3-.7s-.1-.5-.3-.7c-.2-.2-.4-.3-.7-.3h-11c-.3 0-.5.1-.7.3-.2.2-.3.5-.3.7s.1.5.3.7z\"\/><\/svg><\/span><\/span><\/span><\/a><\/span><\/div>\n<nav><ul class='ez-toc-list ez-toc-list-level-1 eztoc-toggle-hide-by-default' ><li class='ez-toc-page-1 ez-toc-heading-level-2'><a class=\"ez-toc-link ez-toc-heading-1\" href=\"https:\/\/moverdb.com\/tr\/moving-companies\/belgium-moving-companies\/#1_Erdo_Relocation\" >1. Erdo Yer De\u011fi\u015ftirme<\/a><\/li><li class='ez-toc-page-1 ez-toc-heading-level-2'><a class=\"ez-toc-link ez-toc-heading-2\" href=\"https:\/\/moverdb.com\/tr\/moving-companies\/belgium-moving-companies\/#2_Gosselin\" >2. Gosselin<\/a><\/li><li class='ez-toc-page-1 ez-toc-heading-level-2'><a class=\"ez-toc-link ez-toc-heading-3\" href=\"https:\/\/moverdb.com\/tr\/moving-companies\/belgium-moving-companies\/#3_International_Freight_Forwarding_Services\" >3. Uluslararas\u0131 Ta\u015f\u0131mac\u0131l\u0131k Hizmetleri<\/a><\/li><li class='ez-toc-page-1 ez-toc-heading-level-2'><a class=\"ez-toc-link ez-toc-heading-4\" href=\"https:\/\/moverdb.com\/tr\/moving-companies\/belgium-moving-companies\/#4_Compas_International_Movers\" >4. Compas Uluslararas\u0131 Ta\u015f\u0131mac\u0131l\u0131k<\/a><\/li><li class='ez-toc-page-1 ez-toc-heading-level-2'><a class=\"ez-toc-link ez-toc-heading-5\" href=\"https:\/\/moverdb.com\/tr\/moving-companies\/belgium-moving-companies\/#5_Potiez-Deman\" >5. Potiez-Deman<\/a><\/li><li class='ez-toc-page-1 ez-toc-heading-level-2'><a class=\"ez-toc-link ez-toc-heading-6\" href=\"https:\/\/moverdb.com\/tr\/moving-companies\/belgium-moving-companies\/#6_Transworld_International\" >6. Transworld Uluslararas\u0131<\/a><\/li><li class='ez-toc-page-1 ez-toc-heading-level-2'><a class=\"ez-toc-link ez-toc-heading-7\" href=\"https:\/\/moverdb.com\/tr\/moving-companies\/belgium-moving-companies\/#7_Putters_International\" >7. Uluslararas\u0131 At\u0131c\u0131lar<\/a><\/li><li class='ez-toc-page-1 ez-toc-heading-level-2'><a class=\"ez-toc-link ez-toc-heading-8\" href=\"https:\/\/moverdb.com\/tr\/moving-companies\/belgium-moving-companies\/#8_Tele_Trans\" >8. Tele Trans<\/a><\/li><li class='ez-toc-page-1 ez-toc-heading-level-2'><a class=\"ez-toc-link ez-toc-heading-9\" href=\"https:\/\/moverdb.com\/tr\/moving-companies\/belgium-moving-companies\/#9_Santa_Fe_Relocation\" >9. Santa Fe Ta\u015f\u0131nmas\u0131<\/a><\/li><li class='ez-toc-page-1 ez-toc-heading-level-2'><a class=\"ez-toc-link ez-toc-heading-10\" href=\"https:\/\/moverdb.com\/tr\/moving-companies\/belgium-moving-companies\/#10_Lion_Movers\" >10. Aslan Ta\u015f\u0131y\u0131c\u0131lar<\/a><\/li><li class='ez-toc-page-1 ez-toc-heading-level-2'><a class=\"ez-toc-link ez-toc-heading-11\" href=\"https:\/\/moverdb.com\/tr\/moving-companies\/belgium-moving-companies\/#11_Gorgan_Mobility\" >11. Gorgan Hareketlilik<\/a><\/li><li class='ez-toc-page-1 ez-toc-heading-level-2'><a class=\"ez-toc-link ez-toc-heading-12\" href=\"https:\/\/moverdb.com\/tr\/moving-companies\/belgium-moving-companies\/#12_AGS_Worldwide_Movers\" >12. AGS D\u00fcnya \u00c7ap\u0131nda Ta\u015f\u0131mac\u0131l\u0131k<\/a><\/li><li class='ez-toc-page-1 ez-toc-heading-level-2'><a class=\"ez-toc-link ez-toc-heading-13\" href=\"https:\/\/moverdb.com\/tr\/moving-companies\/belgium-moving-companies\/#13_Ets_Guy_Magermans\" >13. Ets Guy Magermans<\/a><\/li><li class='ez-toc-page-1 ez-toc-heading-level-2'><a class=\"ez-toc-link ez-toc-heading-14\" href=\"https:\/\/moverdb.com\/tr\/moving-companies\/belgium-moving-companies\/#14_Mory_Co\" >14. Mory &amp; Co<\/a><\/li><li class='ez-toc-page-1 ez-toc-heading-level-2'><a class=\"ez-toc-link ez-toc-heading-15\" href=\"https:\/\/moverdb.com\/tr\/moving-companies\/belgium-moving-companies\/#15_Maison_Genne\" >15. Maison Genne<\/a><\/li><li class='ez-toc-page-1 ez-toc-heading-level-2'><a class=\"ez-toc-link ez-toc-heading-16\" href=\"https:\/\/moverdb.com\/tr\/moving-companies\/belgium-moving-companies\/#16_Servaes_Services\" >16. Servaes Hizmetleri<\/a><\/li><li class='ez-toc-page-1 ez-toc-heading-level-2'><a class=\"ez-toc-link ez-toc-heading-17\" href=\"https:\/\/moverdb.com\/tr\/moving-companies\/belgium-moving-companies\/#Other_Useful_Guides_to_Belgium\" >Bel\u00e7ika \u0130\u00e7in Di\u011fer Faydal\u0131 K\u0131lavuzlar<\/a><\/li><\/ul><\/nav><\/div>\n<h2><span class=\"ez-toc-section\" id=\"1_Erdo_Relocation\"><\/span><strong>1. Erdo Yer De\u011fi\u015ftirme<\/strong><span class=\"ez-toc-section-end\"><\/span><\/h2>\n<p><em><img loading=\"lazy\" decoding=\"async\" class=\"alignnone size-full wp-image-5163\" src=\"https:\/\/moverdb.com\/wp-content\/uploads\/ERDO-Relocation-international-moving-company.png\" alt=\"ERDO Relocation uluslararas\u0131 ta\u015f\u0131ma \u015firketi\" width=\"1440\" height=\"677\" data-wp-pid=\"5163\" srcset=\"https:\/\/moverdb.com\/wp-content\/uploads\/ERDO-Relocation-international-moving-company.png 1440w, https:\/\/moverdb.com\/wp-content\/uploads\/ERDO-Relocation-international-moving-company-300x141.png 300w, https:\/\/moverdb.com\/wp-content\/uploads\/ERDO-Relocation-international-moving-company-1024x481.png 1024w, https:\/\/moverdb.com\/wp-content\/uploads\/ERDO-Relocation-international-moving-company-18x8.png 18w, https:\/\/moverdb.com\/wp-content\/uploads\/ERDO-Relocation-international-moving-company-600x282.png 600w\" sizes=\"auto, (max-width: 1440px) 100vw, 1440px\" \/><\/em><\/p>\n<ul>\n<li>Uluslararas\u0131 Ta\u015f\u0131malar<\/li>\n<li>Konut ta\u015f\u0131ma hizmetleri<\/li>\n<li>Gurbet\u00e7ilere, diplomatlara ve \u00f6zel \u015fah\u0131slara hitap eder<\/li>\n<li>Ki\u015fisel dan\u0131\u015fman<\/li>\n<li>E\u015fyalar\u0131n paketlenmesi ve envanteri<\/li>\n<li>Ambalajdan \u00e7\u0131karma ve montaj<\/li>\n<li>Karayolu, denizyolu ve havayolu ta\u015f\u0131mac\u0131l\u0131\u011f\u0131<\/li>\n<li>G\u00fcmr\u00fck yard\u0131m\u0131<\/li>\n<li>G\u00fczel Sanatlar<\/li>\n<li><a href=\"https:\/\/moverdb.com\/tr\/car-transport-shipping\/\" data-internallinksmanager029f6b8e52c=\"2\" title=\"2026 Uluslararas\u0131 Ara\u00e7 Ta\u015f\u0131ma &amp; Ara\u00e7 Nakliye Fiyatlar\u0131\">Araba nakliyesi<\/a><\/li>\n<\/ul>\n<p>Erdo Relocation, 2009 y\u0131l\u0131nda kurulan ve 13 y\u0131ld\u0131r hizmet veren IAM \u00fcyesi Antwerp merkezli bir yer de\u011fi\u015ftirme \u015firketidir. Uluslararas\u0131 ta\u015f\u0131nma hizmetleri sunmak i\u00e7in d\u00fcnya \u00e7ap\u0131nda 2.000'den fazla acenteden olu\u015fan bir a\u011fa sahiptir. Ta\u015f\u0131nma hizmetleri \u00f6zel \u015fah\u0131slara, gurbet\u00e7ilere ve uluslararas\u0131 ta\u015f\u0131nan diplomatlara hitap etmektedir.<\/p>\n<p>Erdo Relocation, ta\u015f\u0131nman\u0131za yard\u0131mc\u0131 olmak ve ula\u015f\u0131m (kara, deniz veya hava) se\u00e7imi ve g\u00fcmr\u00fck yard\u0131m\u0131 da dahil olmak \u00fczere planlamaya yard\u0131mc\u0131 olmak i\u00e7in ki\u015fisel bir dan\u0131\u015fman sa\u011flar. E\u015fyalar\u0131n\u0131z\u0131 takip etmek i\u00e7in bir envanter, nakliye y\u00f6netimi, ambalajdan \u00e7\u0131karma ve montaj\u0131 i\u00e7eren bir paketleme hizmeti sunarlar. Ayr\u0131ca g\u00fczel sanatlar\u0131n ta\u015f\u0131nmas\u0131 ve araba nakliyesi i\u00e7in uzmanl\u0131k hizmetleri de sunmaktad\u0131rlar.<\/p>\n<p>Web sitesi: <a href=\"http:\/\/www.erdo-relocation.com\" target=\"_blank\" rel=\"noopener\">http:\/\/www.erdo-relocation.com<\/a><\/p>\n<h2><span class=\"ez-toc-section\" id=\"2_Gosselin\"><\/span><strong>2. Gosselin<\/strong><span class=\"ez-toc-section-end\"><\/span><\/h2>\n<p><em><img loading=\"lazy\" decoding=\"async\" class=\"alignnone size-full wp-image-5171\" src=\"https:\/\/moverdb.com\/wp-content\/uploads\/Gosselin-Belgium-international-moving-company.png\" alt=\"Gosselin Bel\u00e7ika uluslararas\u0131 nakliye \u015firketi\" width=\"1440\" height=\"683\" data-wp-pid=\"5171\" srcset=\"https:\/\/moverdb.com\/wp-content\/uploads\/Gosselin-Belgium-international-moving-company.png 1440w, https:\/\/moverdb.com\/wp-content\/uploads\/Gosselin-Belgium-international-moving-company-300x142.png 300w, https:\/\/moverdb.com\/wp-content\/uploads\/Gosselin-Belgium-international-moving-company-1024x486.png 1024w, https:\/\/moverdb.com\/wp-content\/uploads\/Gosselin-Belgium-international-moving-company-18x9.png 18w, https:\/\/moverdb.com\/wp-content\/uploads\/Gosselin-Belgium-international-moving-company-600x285.png 600w\" sizes=\"auto, (max-width: 1440px) 100vw, 1440px\" \/><\/em><\/p>\n<ul>\n<li>Ulusal hamleler<\/li>\n<li>Uluslararas\u0131 ta\u015f\u0131nmalar<\/li>\n<li>Konut ta\u015f\u0131malar\u0131<\/li>\n<li>Ofis ve el\u00e7ilik ta\u015f\u0131nmalar\u0131<\/li>\n<li>E\u015fyalar\u0131n\u0131z\u0131 paketlemek ve a\u00e7mak i\u00e7in e\u011fitimli nakliyeciler<\/li>\n<li>Y\u00fcksek kalite standartlar\u0131<\/li>\n<li>G\u00fczel sanatlar ve antikalar<\/li>\n<li>Evcil hayvanlar\u0131n ta\u015f\u0131nmas\u0131<\/li>\n<li>Ara\u00e7 ta\u015f\u0131mac\u0131l\u0131\u011f\u0131<\/li>\n<li>Depolama tesisleri<\/li>\n<\/ul>\n<p>Gosselin, 1930 y\u0131l\u0131nda Antwerp'te kurulan ve Gosselin Group alt\u0131nda uluslararas\u0131 bir grup haline gelen bir nakliye ve lojistik \u015firketidir. Avrupa'ya, Avrupa i\u00e7inden ve 34 \u00fclkeden uluslararas\u0131 ta\u015f\u0131ma hizmetleri sunmaktad\u0131r. \u015eirket 27 y\u0131ll\u0131k hizmetiyle IAM \u00fcyesidir ve hizmetleri i\u00e7in FIDI taraf\u0131ndan da akredite edilmi\u015ftir.<\/p>\n<p>Gosselin, konut, ofis ve el\u00e7ilik ta\u015f\u0131nmalar\u0131 i\u00e7in her boyutta ta\u015f\u0131nma hizmeti sunmaktad\u0131r. E\u015fyalar\u0131n\u0131z\u0131n g\u00fcvenli bir \u015fekilde paketlenmesini ve ambalajlar\u0131n\u0131n a\u00e7\u0131lmas\u0131n\u0131 sa\u011flayarak ta\u015f\u0131nman\u0131zda size yard\u0131mc\u0131 olacak e\u011fitimli nakliyeciler sa\u011flarlar. Ayr\u0131ca g\u00fczel sanatlar ve antikalar, evcil hayvanlar\u0131n ta\u015f\u0131nmas\u0131, ara\u00e7 nakliyesi ve depolama tesisleri i\u00e7in uzman hizmetler de sunmaktad\u0131rlar.<\/p>\n<p>Web sitesi: <a href=\"https:\/\/gosselin-moving.com\/en\" target=\"_blank\" rel=\"noopener\">https:\/\/gosselin-moving.com\/en<\/a><\/p>\n<h2><span class=\"ez-toc-section\" id=\"3_International_Freight_Forwarding_Services\"><\/span><strong>3. Uluslararas\u0131 Ta\u015f\u0131mac\u0131l\u0131k Hizmetleri<\/strong><span class=\"ez-toc-section-end\"><\/span><\/h2>\n<p>&nbsp;<img loading=\"lazy\" decoding=\"async\" class=\"alignnone size-full wp-image-5234\" src=\"https:\/\/moverdb.com\/wp-content\/uploads\/International-Freight-Forwarding-Services-international-moving-company.png\" alt=\"Uluslararas\u0131 Ta\u015f\u0131mac\u0131l\u0131k Hizmetleri uluslararas\u0131 nakliye \u015firketi\" width=\"1440\" height=\"654\" data-wp-pid=\"5234\" srcset=\"https:\/\/moverdb.com\/wp-content\/uploads\/International-Freight-Forwarding-Services-international-moving-company.png 1440w, https:\/\/moverdb.com\/wp-content\/uploads\/International-Freight-Forwarding-Services-international-moving-company-300x136.png 300w, https:\/\/moverdb.com\/wp-content\/uploads\/International-Freight-Forwarding-Services-international-moving-company-1024x465.png 1024w, https:\/\/moverdb.com\/wp-content\/uploads\/International-Freight-Forwarding-Services-international-moving-company-18x8.png 18w, https:\/\/moverdb.com\/wp-content\/uploads\/International-Freight-Forwarding-Services-international-moving-company-600x273.png 600w\" sizes=\"auto, (max-width: 1440px) 100vw, 1440px\" \/><\/p>\n<ul>\n<li>Y\u00fck ta\u015f\u0131mac\u0131l\u0131\u011f\u0131 uzman\u0131<\/li>\n<li>Tam bir kald\u0131rma hizmeti de\u011fil<\/li>\n<li>Ev ta\u015f\u0131ma nakliyesi<\/li>\n<li>\u015eirket nakliyesi<\/li>\n<li>G\u00fcmr\u00fck i\u015flemleri<\/li>\n<li>Kontroll\u00fc nakliye hizmeti<\/li>\n<li><a href=\"https:\/\/moverdb.com\/tr\/container-shipping\/\" data-internallinksmanager029f6b8e52c=\"3\" title=\"Uluslararas\u0131 Konteyner Nakliye Fiyatlar\u0131 Tablosu: Nisan 2026\">Konteyner ta\u015f\u0131mac\u0131l\u0131\u011f\u0131<\/a> - tam ve tamdan az<\/li>\n<li>Proje nakliyesi<\/li>\n<li>K\u0131sa ila uzun s\u00fcreli depolama<\/li>\n<li>IAM \u00dcyesi<\/li>\n<\/ul>\n<p>International Freight Forwarding Services (IFFS) nakliye i\u015flerini y\u00f6neten bir lojistik \u015firketidir. Merkezi Antwerp'te olup 1995 y\u0131l\u0131nda kurulmu\u015flard\u0131r ve IAM \u00fcyesidirler. Tam bir nakliye hizmeti sunmazlar, ancak ev e\u015fyalar\u0131n\u0131z\u0131n, nakliye konteynerlerinizin veya proje y\u00fcklerinizin ta\u015f\u0131nmas\u0131n\u0131n lojisti\u011fini y\u00f6netirler.<\/p>\n<p>Uluslararas\u0131 Nakliye Hizmetleri, dolu konteyner y\u00fckleri, dolu konteyner y\u00fcklerinden daha az y\u00fckler, kargolar, koli sevkiyat\u0131 ve proje nakliyesi i\u00e7in d\u00fcnya \u00e7ap\u0131nda tek noktadan kontroll\u00fc nakliye hizmetleri sunmaktad\u0131r. G\u00fcmr\u00fckleme ve k\u0131sa ila uzun vadeli depolama olanaklar\u0131 sa\u011flarlar. Ayr\u0131ca kamyon ta\u015f\u0131mac\u0131l\u0131\u011f\u0131 olanaklar\u0131 da sunarlar.<\/p>\n<p>Web sitesi: <a href=\"http:\/\/www.iffs.be\" target=\"_blank\" rel=\"noopener\">http:\/\/www.iffs.be<\/a><\/p>\n<h2><span class=\"ez-toc-section\" id=\"4_Compas_International_Movers\"><\/span><strong>4. Compas Uluslararas\u0131 Ta\u015f\u0131mac\u0131l\u0131k<\/strong><span class=\"ez-toc-section-end\"><\/span><\/h2>\n<p>&nbsp;<img loading=\"lazy\" decoding=\"async\" class=\"alignnone size-full wp-image-5235\" src=\"https:\/\/moverdb.com\/wp-content\/uploads\/Compas-International-Movers-international-moving-company.png\" alt=\"\" width=\"1440\" height=\"681\" data-wp-pid=\"5235\" srcset=\"https:\/\/moverdb.com\/wp-content\/uploads\/Compas-International-Movers-international-moving-company.png 1440w, https:\/\/moverdb.com\/wp-content\/uploads\/Compas-International-Movers-international-moving-company-300x142.png 300w, https:\/\/moverdb.com\/wp-content\/uploads\/Compas-International-Movers-international-moving-company-1024x484.png 1024w, https:\/\/moverdb.com\/wp-content\/uploads\/Compas-International-Movers-international-moving-company-18x9.png 18w, https:\/\/moverdb.com\/wp-content\/uploads\/Compas-International-Movers-international-moving-company-600x284.png 600w\" sizes=\"auto, (max-width: 1440px) 100vw, 1440px\" \/><\/p>\n<ul>\n<li>Uluslararas\u0131 ta\u015f\u0131ma hizmetleri<\/li>\n<li>Diplomatlar ve gurbet\u00e7iler i\u00e7in ev ta\u015f\u0131ma ve hizmetleri<\/li>\n<li>\u015eirket ta\u015f\u0131ma hizmetleri<\/li>\n<li>Ki\u015fiselle\u015ftirilmi\u015f hizmet<\/li>\n<li>Karayolu, denizyolu ve havayolu ta\u015f\u0131mac\u0131l\u0131\u011f\u0131<\/li>\n<li>Paketleme hizmeti<\/li>\n<li>Sanat eserlerinin kald\u0131r\u0131lmas\u0131<\/li>\n<li>Evcil hayvan ta\u015f\u0131ma hizmeti<\/li>\n<li>En yeni dijital ara\u00e7lar\u0131 ve \u00e7\u00f6z\u00fcmleri kullan\u0131r<\/li>\n<li>K\u0131sa ve uzun vadeli depolama \u00e7\u00f6z\u00fcmleri<\/li>\n<\/ul>\n<p>Compas Uluslararas\u0131 Ta\u015f\u0131mac\u0131l\u0131k bir <a href=\"https:\/\/moverdb.com\/tr\/moving-companies\/\" data-internallinksmanager029f6b8e52c=\"79\" title=\"\u00c7evrimi\u00e7i En \u0130yi 25 Uluslararas\u0131 Nakliye \u015eirketi\">uluslararas\u0131 ta\u015f\u0131ma \u015firketi<\/a> Br\u00fcksel merkezli. IAM'nin 28 y\u0131ll\u0131k bir \u00fcyesidir ve FIDI taraf\u0131ndan akredite edilmi\u015ftir. Sadece hane halk\u0131 ve diplomatik bireyler i\u00e7in uluslararas\u0131 ta\u015f\u0131nma hizmeti sunma konusunda uzmanla\u015fm\u0131\u015flard\u0131r. Ev sahipleri, diplomatlar, gurbet\u00e7iler ve \u015firketler i\u00e7in Avrupa'da ve uluslararas\u0131 alanda ta\u015f\u0131nma hizmetleri sunmaktad\u0131rlar.<\/p>\n<p>Compas International Movers, ta\u015f\u0131nacaklar i\u00e7in ula\u015f\u0131m, okullar, sigorta ve daha fazlas\u0131 hakk\u0131nda tavsiyeler i\u00e7eren ki\u015fiselle\u015ftirilmi\u015f hizmetler sunar. Planlama, paketleme, ta\u015f\u0131ma se\u00e7enekleri (kara, deniz ve hava), evcil hayvan ta\u015f\u0131ma, ara\u00e7 ta\u015f\u0131ma, sigorta ve depolama olanaklar\u0131n\u0131 i\u00e7eren eksiksiz bir hizmet sunarlar.<\/p>\n<p>Web sitesi: <a href=\"https:\/\/www.compasim.be\" target=\"_blank\" rel=\"noopener\">https:\/\/www.compasim.be<\/a><\/p>\n<h2><span class=\"ez-toc-section\" id=\"5_Potiez-Deman\"><\/span><strong>5. Potiez-Deman<\/strong><span class=\"ez-toc-section-end\"><\/span><\/h2>\n<p><em><img loading=\"lazy\" decoding=\"async\" class=\"alignnone size-full wp-image-5194\" src=\"https:\/\/moverdb.com\/wp-content\/uploads\/Potiez-Deman-international-moving-company-1.png\" alt=\"Potiez-Deman uluslararas\u0131 nakliye \u015firketi\" width=\"1440\" height=\"683\" data-wp-pid=\"5194\" srcset=\"https:\/\/moverdb.com\/wp-content\/uploads\/Potiez-Deman-international-moving-company-1.png 1440w, https:\/\/moverdb.com\/wp-content\/uploads\/Potiez-Deman-international-moving-company-1-300x142.png 300w, https:\/\/moverdb.com\/wp-content\/uploads\/Potiez-Deman-international-moving-company-1-1024x486.png 1024w, https:\/\/moverdb.com\/wp-content\/uploads\/Potiez-Deman-international-moving-company-1-18x9.png 18w, https:\/\/moverdb.com\/wp-content\/uploads\/Potiez-Deman-international-moving-company-1-600x285.png 600w\" sizes=\"auto, (max-width: 1440px) 100vw, 1440px\" \/><\/em><\/p>\n<ul>\n<li>Ulusal hamleler<\/li>\n<li>Uluslararas\u0131 Ta\u015f\u0131malar<\/li>\n<li>Konut Ta\u015f\u0131malar\u0131<\/li>\n<li>\u0130\u015f hamleleri<\/li>\n<li>Kara, deniz ve hava ta\u015f\u0131mac\u0131l\u0131\u011f\u0131<\/li>\n<li>Paketleme hizmetleri<\/li>\n<li>G\u00fcmr\u00fck i\u015flemleri<\/li>\n<li>Teslimatlar\u0131n grupland\u0131r\u0131lmas\u0131<\/li>\n<li>Sigorta<\/li>\n<li>K\u0131sa ve uzun vadeli depolama tesisleri<\/li>\n<\/ul>\n<p>Potiez-Deman, 35 y\u0131l\u0131 a\u015fk\u0131n s\u00fcredir faaliyet g\u00f6steren, bireylerin ve i\u015fletmelerin Bel\u00e7ika'da ve uluslararas\u0131 alanda ta\u015f\u0131nmas\u0131na yard\u0131mc\u0131 olan bir Br\u00fcksel evden eve nakliyat hizmetidir. IAM \u00fcyesidir ve 36 y\u0131ld\u0131r hizmet vermektedir. Hizmetlerini yurt d\u0131\u015f\u0131nda sunmak i\u00e7in uluslararas\u0131 acentelerle ortakla\u015fa \u00e7al\u0131\u015f\u0131rlar ve sevkiyat\u0131n\u0131z\u0131 y\u00f6netmek i\u00e7in ileti\u015fim halinde kal\u0131rlar.<\/p>\n<p>Potiez-Deman, ta\u015f\u0131nma haz\u0131rl\u0131klar\u0131na yard\u0131mc\u0131 olan ve stresi azaltan ki\u015fiye \u00f6zel bir hizmet sunmaktad\u0131r. E\u015fyalar\u0131n\u0131z\u0131n kara, deniz veya hava yoluyla ya da bunlar\u0131n kombinasyonuyla ta\u015f\u0131n\u0131rken korunmas\u0131n\u0131 sa\u011flayan bir paketleme hizmeti sunarlar. Nakliye, g\u00fcmr\u00fckleme ve sigorta i\u015flemlerini ayarlarlar.<\/p>\n<p>Web sitesi: <a href=\"http:\/\/www.potiez-deman.be\" target=\"_blank\" rel=\"noopener\">http:\/\/www.potiez-deman.be<\/a><\/p>\n<h2><span class=\"ez-toc-section\" id=\"6_Transworld_International\"><\/span><strong>6. Transworld Uluslararas\u0131<\/strong><span class=\"ez-toc-section-end\"><\/span><\/h2>\n<p><em><img loading=\"lazy\" decoding=\"async\" class=\"alignnone size-full wp-image-5212\" src=\"https:\/\/moverdb.com\/wp-content\/uploads\/Transworld-Internatioanl-moving-company.png\" alt=\"Transworld Uluslararas\u0131 Ta\u015f\u0131mac\u0131l\u0131k \u015eirketi\" width=\"1440\" height=\"879\" data-wp-pid=\"5212\" srcset=\"https:\/\/moverdb.com\/wp-content\/uploads\/Transworld-Internatioanl-moving-company.png 1440w, https:\/\/moverdb.com\/wp-content\/uploads\/Transworld-Internatioanl-moving-company-300x183.png 300w, https:\/\/moverdb.com\/wp-content\/uploads\/Transworld-Internatioanl-moving-company-1024x625.png 1024w, https:\/\/moverdb.com\/wp-content\/uploads\/Transworld-Internatioanl-moving-company-18x12.png 18w, https:\/\/moverdb.com\/wp-content\/uploads\/Transworld-Internatioanl-moving-company-600x366.png 600w\" sizes=\"auto, (max-width: 1440px) 100vw, 1440px\" \/><\/em><\/p>\n<ul>\n<li>Ulusal hamleler<\/li>\n<li>Uluslararas\u0131 ta\u015f\u0131nmalar<\/li>\n<li>Yer de\u011fi\u015ftirme hizmetleri<\/li>\n<li>Konut Ta\u015f\u0131malar\u0131<\/li>\n<li>\u0130\u015f ve organizasyon hamleleri<\/li>\n<li>Ki\u015fiye \u00f6zel yakla\u015f\u0131m<\/li>\n<li>Karayolu, denizyolu ve havayolu<\/li>\n<li>Ara\u00e7 nakliyesi<\/li>\n<li>Evcil hayvanlar\u0131n ta\u015f\u0131nmas\u0131<\/li>\n<li>K\u0131sa ve uzun vadeli depolama tesisleri<\/li>\n<\/ul>\n<p>Transworld International, 45 y\u0131ld\u0131r hizmet veren Br\u00fcksel merkezli bir uluslararas\u0131 ta\u015f\u0131ma hizmetidir. IAM \u00fcyesidir ve FIDI taraf\u0131ndan akredite edilmi\u015ftir. Bireylere, ailelere, i\u015fletmelere ve kurulu\u015flara ta\u015f\u0131nma, yer de\u011fi\u015ftirme ve depolama hizmetleri sa\u011flarlar.<\/p>\n<p>Transworld International, tek bir irtibat noktas\u0131 ile ta\u015f\u0131nman\u0131za ki\u015fisel ve esnek bir yakla\u015f\u0131m sa\u011flar. Paketleme, mobilyalar\u0131n s\u00f6k\u00fclmesi, nakliye, g\u00fcmr\u00fckleme, mobilyalar\u0131n yeniden birle\u015ftirilmesi, ambalaj malzemelerinin a\u00e7\u0131lmas\u0131 ve \u00e7\u0131kar\u0131lmas\u0131n\u0131 i\u00e7eren tam ta\u015f\u0131nma hizmetleri ve yer de\u011fi\u015ftirme hizmetleri sunarlar. Ayr\u0131ca g\u00fczel sanatlar, b\u00fcy\u00fck e\u015fyalar, ara\u00e7lar ve evcil hayvanlar i\u00e7in uzmanl\u0131k hizmetleri ve depolama olanaklar\u0131 da sunmaktad\u0131rlar.<\/p>\n<p>Web sitesi: <a href=\"http:\/\/www.transworld.be\" target=\"_blank\" rel=\"noopener\">http:\/\/www.transworld.be<\/a><\/p>\n<h2><span class=\"ez-toc-section\" id=\"7_Putters_International\"><\/span><strong>7. Uluslararas\u0131 At\u0131c\u0131lar<\/strong><span class=\"ez-toc-section-end\"><\/span><\/h2>\n<p><em><img loading=\"lazy\" decoding=\"async\" class=\"alignnone size-full wp-image-5196\" src=\"https:\/\/moverdb.com\/wp-content\/uploads\/Putters-international-moving-company-1.png\" alt=\"Putters uluslararas\u0131 nakliye \u015firketi\" width=\"1440\" height=\"682\" data-wp-pid=\"5196\" srcset=\"https:\/\/moverdb.com\/wp-content\/uploads\/Putters-international-moving-company-1.png 1440w, https:\/\/moverdb.com\/wp-content\/uploads\/Putters-international-moving-company-1-300x142.png 300w, https:\/\/moverdb.com\/wp-content\/uploads\/Putters-international-moving-company-1-1024x485.png 1024w, https:\/\/moverdb.com\/wp-content\/uploads\/Putters-international-moving-company-1-18x9.png 18w, https:\/\/moverdb.com\/wp-content\/uploads\/Putters-international-moving-company-1-600x284.png 600w\" sizes=\"auto, (max-width: 1440px) 100vw, 1440px\" \/><\/em><\/p>\n<ul>\n<li>Ulusal hamleler<\/li>\n<li>Uluslararas\u0131 ta\u015f\u0131nmalar<\/li>\n<li>\u00d6zel ve diplomatik hamleler<\/li>\n<li>Kurumsal hamleler<\/li>\n<li>Paketleme hizmetleri<\/li>\n<li>G\u00fcmr\u00fck i\u015flemleri<\/li>\n<li>Tek temas noktas\u0131<\/li>\n<li>Sigorta<\/li>\n<li>Evcil hayvanlar\u0131n ta\u015f\u0131nmas\u0131<\/li>\n<li>Depolama tesisleri<\/li>\n<\/ul>\n<p>Putters International 1923 y\u0131l\u0131nda Br\u00fcksel'de ulusal ve uluslararas\u0131 ta\u015f\u0131ma hizmetleri vermek \u00fczere kurulmu\u015ftur. IAM \u00fcyesidir ve 99 y\u0131ld\u0131r hizmet vermektedir ve FIDI taraf\u0131ndan akredite edilmi\u015ftir. Onlar bir par\u00e7as\u0131d\u0131r <a href=\"https:\/\/moverdb.com\/tr\/harmony-relocation-network\/\" data-internallinksmanager029f6b8e52c=\"20\" title=\"Harmony Relocation Network (HRN) A\u00e7\u0131klamas\u0131\">Harmony Yer De\u011fi\u015ftirme A\u011f\u0131<\/a> Ta\u015f\u0131nman\u0131z\u0131 y\u00f6netmek i\u00e7in en son teknolojiyi ve kaliteli sistemleri kullanan uluslararas\u0131 ta\u015f\u0131nma hizmetleri sunmaktad\u0131r.<\/p>\n<p>Putters International, \u00f6zel, diplomat ve kurumsal m\u00fc\u015fterilerine tek bir irtibat noktas\u0131 sa\u011flayarak ki\u015fiselle\u015ftirilmi\u015f bir hizmet sunmaktad\u0131r. Ekspertiz, nakliyenin d\u00fczenlenmesi, paketleme, g\u00fcmr\u00fckleme ve ambalaj\u0131n a\u00e7\u0131lmas\u0131 dahil olmak \u00fczere ta\u015f\u0131nman\u0131n t\u00fcm y\u00f6nlerine yard\u0131mc\u0131 olurlar. Ta\u015f\u0131nma sigortas\u0131, tamirci hizmetleri, evcil hayvanlar\u0131n ta\u015f\u0131nmas\u0131 ve depolama olanaklar\u0131n\u0131 i\u00e7eren bir dizi ek hizmet sunarlar.<\/p>\n<p>Web sitesi: <a href=\"http:\/\/www.putters.be\" target=\"_blank\" rel=\"noopener\">http:\/\/www.putters.be<\/a><\/p>\n<h2><span class=\"ez-toc-section\" id=\"8_Tele_Trans\"><\/span><strong>8. Tele Trans<\/strong><span class=\"ez-toc-section-end\"><\/span><\/h2>\n<p><em><img loading=\"lazy\" decoding=\"async\" class=\"alignnone size-full wp-image-5209\" src=\"https:\/\/moverdb.com\/wp-content\/uploads\/Tele-Trans-international-moving-company.png\" alt=\"Tele Trans uluslararas\u0131 ta\u015f\u0131ma \u015firketi\" width=\"1440\" height=\"623\" data-wp-pid=\"5209\" srcset=\"https:\/\/moverdb.com\/wp-content\/uploads\/Tele-Trans-international-moving-company.png 1440w, https:\/\/moverdb.com\/wp-content\/uploads\/Tele-Trans-international-moving-company-300x130.png 300w, https:\/\/moverdb.com\/wp-content\/uploads\/Tele-Trans-international-moving-company-1024x443.png 1024w, https:\/\/moverdb.com\/wp-content\/uploads\/Tele-Trans-international-moving-company-18x8.png 18w, https:\/\/moverdb.com\/wp-content\/uploads\/Tele-Trans-international-moving-company-600x260.png 600w\" sizes=\"auto, (max-width: 1440px) 100vw, 1440px\" \/><\/em><\/p>\n<ul>\n<li>Ulusal ta\u015f\u0131ma hizmetleri<\/li>\n<li>Uluslararas\u0131 ta\u015f\u0131nmalar<\/li>\n<li>Ev ta\u015f\u0131ma<\/li>\n<li>\u015eirket ve i\u015f yerleri<\/li>\n<li>Kalk\u0131\u015f ve var\u0131\u015f deste\u011fi<\/li>\n<li>Ev ve okul deste\u011fi<\/li>\n<li>Sanat eserlerinin ta\u015f\u0131nmas\u0131<\/li>\n<li>Evcil hayvanlar\u0131n ta\u015f\u0131nmas\u0131<\/li>\n<li>Ara\u00e7 nakliyesi<\/li>\n<li>Depolama \u00e7\u00f6z\u00fcmleri<\/li>\n<\/ul>\n<p>Tele Trans, 1979 y\u0131l\u0131nda kurulmu\u015f, ev ve i\u015fyerleri i\u00e7in ulusal ve uluslararas\u0131 ta\u015f\u0131ma hizmetleri sunan, Br\u00fcksel merkezli bir ta\u015f\u0131ma \u015firketidir. <a href=\"https:\/\/moverdb.com\/tr\/moving-to-greece\/\" data-internallinksmanager029f6b8e52c=\"353\" title=\"Yunanistan&#039;a m\u0131 Ta\u015f\u0131n\u0131yorsunuz? 2026 Ya\u015fam Maliyetleri &amp; Yer De\u011fi\u015ftirme \u0130pu\u00e7lar\u0131\">Yunanistan<\/a>. IAM \u00fcyesidirler ve 9 y\u0131ld\u0131r hizmet vermektedirler.<\/p>\n<p>Tele Trans, yola \u00e7\u0131kmadan \u00f6nce ve vard\u0131\u011f\u0131n\u0131zda ev ve okul bulman\u0131za yard\u0131mc\u0131 olmay\u0131 da i\u00e7eren bir dizi ta\u015f\u0131nma hizmeti sunmaktad\u0131r. Sanat eserleri, evcil hayvanlar ve ara\u00e7lar gibi daha \u00f6zel e\u015fyalar da dahil olmak \u00fczere \u00e7e\u015fitli mallar\u0131 ta\u015f\u0131yabilirler. Ayr\u0131ca tamirci ve bak\u0131m hizmetlerinin yan\u0131 s\u0131ra depolama olanaklar\u0131 da sa\u011flayabilirler.<\/p>\n<p>Web sitesi: <a href=\"http:\/\/www.teletranseu.com\" target=\"_blank\" rel=\"noopener\">http:\/\/www.teletranseu.com<\/a><\/p>\n<h2><span class=\"ez-toc-section\" id=\"9_Santa_Fe_Relocation\"><\/span><strong>9. Santa Fe Ta\u015f\u0131nmas\u0131<\/strong><span class=\"ez-toc-section-end\"><\/span><\/h2>\n<p><em><img loading=\"lazy\" decoding=\"async\" class=\"alignnone size-full wp-image-5201\" src=\"https:\/\/moverdb.com\/wp-content\/uploads\/Sante-Fe-Relocation-Belgium-international-moving-company-1.png\" alt=\"Sante Fe Relocation Bel\u00e7ika uluslararas\u0131 nakliye \u015firketi\" width=\"1440\" height=\"685\" data-wp-pid=\"5201\" srcset=\"https:\/\/moverdb.com\/wp-content\/uploads\/Sante-Fe-Relocation-Belgium-international-moving-company-1.png 1440w, https:\/\/moverdb.com\/wp-content\/uploads\/Sante-Fe-Relocation-Belgium-international-moving-company-1-300x143.png 300w, https:\/\/moverdb.com\/wp-content\/uploads\/Sante-Fe-Relocation-Belgium-international-moving-company-1-1024x487.png 1024w, https:\/\/moverdb.com\/wp-content\/uploads\/Sante-Fe-Relocation-Belgium-international-moving-company-1-18x9.png 18w, https:\/\/moverdb.com\/wp-content\/uploads\/Sante-Fe-Relocation-Belgium-international-moving-company-1-600x285.png 600w\" sizes=\"auto, (max-width: 1440px) 100vw, 1440px\" \/><\/em><\/p>\n<ul>\n<li>Yerel ve ulusal ta\u015f\u0131nma hizmetleri<\/li>\n<li>Uluslararas\u0131 Ta\u015f\u0131malar<\/li>\n<li>Ev ta\u015f\u0131ma<\/li>\n<li>Kurumsal ta\u015f\u0131nmalar<\/li>\n<li>Ta\u015f\u0131nma dan\u0131\u015fman\u0131n\u0131zdan destek<\/li>\n<li>Yer de\u011fi\u015ftirme hizmetleri<\/li>\n<li>Uzman paketleme ve ambalaj a\u00e7ma hizmeti<\/li>\n<li>Antika ve cam e\u015fyalar\u0131n k\u0131r\u0131lgan kullan\u0131m\u0131<\/li>\n<li>Vize ve g\u00f6\u00e7menlik hizmetleri<\/li>\n<li>K\u0131sa ve uzun vadeli depolama tesisleri<\/li>\n<\/ul>\n<p>Sante Fe Relocation, 1969 y\u0131l\u0131nda Bel\u00e7ika'da ve d\u00fcnyan\u0131n d\u00f6rt bir yan\u0131nda yer de\u011fi\u015ftiren ve ta\u015f\u0131nan insanlara destek olmak i\u00e7in a\u00e7\u0131lan Br\u00fcksel merkezli bir yer de\u011fi\u015ftirme \u015firketidir. D\u00fcnya genelinde 38 \u00fclkede ofisleri bulunmaktad\u0131r. \u015eirket 53 y\u0131ll\u0131k hizmetiyle IAM \u00fcyesidir ve FIDI taraf\u0131ndan akredite edilmi\u015ftir.<\/p>\n<p>Santa Fe Relocation, uzman paketleme hizmetleri ve ambalaj a\u00e7ma ile ta\u015f\u0131nman\u0131z\u0131 desteklemek i\u00e7in size bir ta\u015f\u0131nma dan\u0131\u015fman\u0131 sa\u011flayan eksiksiz bir hizmet sunar. G\u00f6\u00e7menlik ve g\u00fcmr\u00fck i\u015flemleri i\u00e7in karma\u015f\u0131k formlar\u0131 ve evrak i\u015flerini halletmenize yard\u0131mc\u0131 olmay\u0131 da i\u00e7eren ta\u015f\u0131nma hizmetleri sunarlar. G\u00fcvenli yerlerde k\u0131sa ve uzun s\u00fcreli depolama olanaklar\u0131 sunarlar.<\/p>\n<p>Web sitesi: <a href=\"https:\/\/www.santaferelo.com\/en\/contact\/our-offices\/belgium-brussels\/\" target=\"_blank\" rel=\"noopener\">https:\/\/www.santaferelo.com\/en\/contact\/our-offices\/belgium-brussels\/<\/a><\/p>\n<h2><span class=\"ez-toc-section\" id=\"10_Lion_Movers\"><\/span><strong>10. Aslan Ta\u015f\u0131y\u0131c\u0131lar<\/strong><span class=\"ez-toc-section-end\"><\/span><\/h2>\n<p><em><img loading=\"lazy\" decoding=\"async\" class=\"alignnone size-full wp-image-5183\" src=\"https:\/\/moverdb.com\/wp-content\/uploads\/Lion-Movers-international-moving-company.png\" alt=\"Lion Movers uluslararas\u0131 ta\u015f\u0131ma \u015firketi\" width=\"1440\" height=\"684\" data-wp-pid=\"5183\" srcset=\"https:\/\/moverdb.com\/wp-content\/uploads\/Lion-Movers-international-moving-company.png 1440w, https:\/\/moverdb.com\/wp-content\/uploads\/Lion-Movers-international-moving-company-300x143.png 300w, https:\/\/moverdb.com\/wp-content\/uploads\/Lion-Movers-international-moving-company-1024x486.png 1024w, https:\/\/moverdb.com\/wp-content\/uploads\/Lion-Movers-international-moving-company-18x9.png 18w, https:\/\/moverdb.com\/wp-content\/uploads\/Lion-Movers-international-moving-company-600x285.png 600w\" sizes=\"auto, (max-width: 1440px) 100vw, 1440px\" \/><\/em><\/p>\n<ul>\n<li>Ulusal hamleler<\/li>\n<li>Uluslararas\u0131 ta\u015f\u0131nmalar<\/li>\n<li>Tam hizmet ta\u015f\u0131nmalar\u0131na kadar kendin yap<\/li>\n<li>Konut Ta\u015f\u0131malar\u0131<\/li>\n<li>Ofis ta\u015f\u0131ma<\/li>\n<li>Kara, deniz ve hava ta\u015f\u0131mac\u0131l\u0131\u011f\u0131<\/li>\n<li>Kutular ve ambalajlar<\/li>\n<li>Sanat ta\u015f\u0131mac\u0131l\u0131\u011f\u0131<\/li>\n<li>Evcil hayvanlar\u0131n ta\u015f\u0131nmas\u0131<\/li>\n<li>Depolama tesisleri<\/li>\n<\/ul>\n<p>Lion Movers, Elewit merkezli, yakla\u015f\u0131k 25 y\u0131ll\u0131k deneyime sahip bir ta\u015f\u0131nma, yer de\u011fi\u015ftirme ve depolama \u015firketidir ve IAM \u00fcyesidir. Konut ve ofis ta\u015f\u0131nmalar\u0131 i\u00e7in ulusal ve uluslararas\u0131 ta\u015f\u0131nma ve yer de\u011fi\u015ftirme hizmetleri sunan \u015firket, kendin yaptan tam hizmet ta\u015f\u0131nma se\u00e7eneklerine kadar istedi\u011finiz kadar\u0131n\u0131 ya da az\u0131n\u0131 yapabilece\u011finiz bir hizmet sunmaktad\u0131r.<\/p>\n<p>Lion Movers, k\u00fc\u00e7\u00fck sevkiyatlar, miras konusunda yard\u0131m, sanat eserlerinin ta\u015f\u0131nmas\u0131, evcil hayvanlar\u0131n ta\u015f\u0131nmas\u0131 ve e\u015fyalar\u0131n\u0131z\u0131n depolanmas\u0131 gibi bir dizi ta\u015f\u0131nma hizmeti sunmaktad\u0131r. \u00c7e\u015fitli e\u015fyalara uyacak ve onlar\u0131 karayolu, deniz veya hava yoluyla g\u00f6nderilirken koruyacak bir dizi kutu ve ambalaj malzemesi sunarlar.<\/p>\n<p>Web sitesi: <a href=\"http:\/\/www.lionmovers.be\" target=\"_blank\" rel=\"noopener\">http:\/\/www.lionmovers.be<\/a><\/p>\n<h2><span class=\"ez-toc-section\" id=\"11_Gorgan_Mobility\"><\/span><strong>11. Gorgan Hareketlilik<\/strong><span class=\"ez-toc-section-end\"><\/span><\/h2>\n<p><em><img loading=\"lazy\" decoding=\"async\" class=\"alignnone size-full wp-image-5169\" src=\"https:\/\/moverdb.com\/wp-content\/uploads\/Gorgan-Mobility-international-moving-company.png\" alt=\"Gorgan Mobility uluslararas\u0131 ta\u015f\u0131ma \u015firketi\" width=\"1440\" height=\"677\" data-wp-pid=\"5169\" srcset=\"https:\/\/moverdb.com\/wp-content\/uploads\/Gorgan-Mobility-international-moving-company.png 1440w, https:\/\/moverdb.com\/wp-content\/uploads\/Gorgan-Mobility-international-moving-company-300x141.png 300w, https:\/\/moverdb.com\/wp-content\/uploads\/Gorgan-Mobility-international-moving-company-1024x481.png 1024w, https:\/\/moverdb.com\/wp-content\/uploads\/Gorgan-Mobility-international-moving-company-18x8.png 18w, https:\/\/moverdb.com\/wp-content\/uploads\/Gorgan-Mobility-international-moving-company-600x282.png 600w\" sizes=\"auto, (max-width: 1440px) 100vw, 1440px\" \/><\/em><\/p>\n<ul>\n<li>Uluslararas\u0131 nakliyeciler<\/li>\n<li>Konut Ta\u015f\u0131malar\u0131<\/li>\n<li>\u00c7e\u015fitli ta\u015f\u0131ma paketleri sunar<\/li>\n<li>Ta\u015f\u0131nma uzman\u0131<\/li>\n<li>Paketleme ve ambalaj a\u00e7ma<\/li>\n<li>Dijital envanter<\/li>\n<li>S\u00f6kme ve montaj<\/li>\n<li>Mobilya merdiven asans\u00f6r\u00fc<\/li>\n<li>Sigorta<\/li>\n<li>G\u00fcvenli depolama tesisleri<\/li>\n<\/ul>\n<p>Gorgan Mobility, Flaman Brabant merkezli bir aile ta\u015f\u0131ma \u015firketidir ve 2016 y\u0131l\u0131nda kurulmu\u015ftur. IAM \u00fcyesidir ve 6 y\u0131ld\u0131r hizmet vermektedir. Artan \u00f6zellik seviyelerine sahip \u00e7e\u015fitli planlar sunarlar.<\/p>\n<p>Gorgan Mobility, ihtiya\u00e7lar\u0131n\u0131z\u0131 de\u011ferlendirecek ve ki\u015fiselle\u015ftirilmi\u015f bir ta\u015f\u0131nma teklifi olu\u015fturacak bir ta\u015f\u0131nma uzman\u0131 sa\u011flar. Dijital envanter, mobilyalar\u0131n s\u00f6k\u00fclmesi ve montaj\u0131 ve ambalajlar\u0131n a\u00e7\u0131lmas\u0131 ile tamamlanan y\u00fcksek kaliteli ambalaj malzemeleri ile paketleme hizmetleri sunarlar. Ayr\u0131ca sigorta sa\u011flarlar ve zor ta\u015f\u0131nmalar i\u00e7in bir mobilya merdiveni asans\u00f6r\u00fcne sahiptirler. Ayr\u0131ca depolar\u0131ndaki kasalar\u0131nda g\u00fcvenli depolama da sa\u011flayabilirler.<\/p>\n<p>Web sitesi: <a href=\"https:\/\/www.gorganmobility.co\" target=\"_blank\" rel=\"noopener\">https:\/\/www.gorganmobility.co<\/a><\/p>\n<h2><span class=\"ez-toc-section\" id=\"12_AGS_Worldwide_Movers\"><\/span><strong>12. AGS D\u00fcnya \u00c7ap\u0131nda Ta\u015f\u0131mac\u0131l\u0131k<\/strong><span class=\"ez-toc-section-end\"><\/span><\/h2>\n<p><em><img loading=\"lazy\" decoding=\"async\" class=\"alignnone size-full wp-image-5137\" src=\"https:\/\/moverdb.com\/wp-content\/uploads\/AGS-Wroldwide-Movers-international-moving-company.png\" alt=\"AGS Wroldwide Movers uluslararas\u0131 ta\u015f\u0131ma \u015firketi\" width=\"1440\" height=\"680\" data-wp-pid=\"5137\" srcset=\"https:\/\/moverdb.com\/wp-content\/uploads\/AGS-Wroldwide-Movers-international-moving-company.png 1440w, https:\/\/moverdb.com\/wp-content\/uploads\/AGS-Wroldwide-Movers-international-moving-company-300x142.png 300w, https:\/\/moverdb.com\/wp-content\/uploads\/AGS-Wroldwide-Movers-international-moving-company-1024x484.png 1024w, https:\/\/moverdb.com\/wp-content\/uploads\/AGS-Wroldwide-Movers-international-moving-company-18x9.png 18w, https:\/\/moverdb.com\/wp-content\/uploads\/AGS-Wroldwide-Movers-international-moving-company-600x283.png 600w\" sizes=\"auto, (max-width: 1440px) 100vw, 1440px\" \/><\/em><\/p>\n<ul>\n<li>Ulusal hamleler<\/li>\n<li>Uluslararas\u0131 ta\u015f\u0131nmalar<\/li>\n<li>Ofis ta\u015f\u0131ma<\/li>\n<li>Hane halk\u0131 ta\u015f\u0131nmalar\u0131<\/li>\n<li>Ki\u015fiye \u00f6zel hizmetler<\/li>\n<li>Tek temas noktas\u0131<\/li>\n<li>Paketleme hizmetleri<\/li>\n<li>Mobilya ve demirba\u015flar\u0131n s\u00f6k\u00fclmesi ve montaj\u0131<\/li>\n<li>Ara\u00e7 ta\u015f\u0131mac\u0131l\u0131\u011f\u0131<\/li>\n<li>G\u00fcvenli depolama tesisleri<\/li>\n<\/ul>\n<p>AGS Worldwide Movers 1974 y\u0131l\u0131nda Kampenhout'ta kurulmu\u015ftur ve d\u00fcnya \u00e7ap\u0131nda uluslararas\u0131 nakliyat, yer de\u011fi\u015ftirme ve kay\u0131t y\u00f6netimi hizmetleri sunmaktad\u0131r. Uluslararas\u0131 kapsama alan\u0131 sa\u011flamak i\u00e7in k\u00fcresel bir ta\u015f\u0131ma \u015firketleri a\u011f\u0131n\u0131n par\u00e7as\u0131d\u0131rlar. IAM \u00fcyesidirler ve FIDI taraf\u0131ndan akredite edilmi\u015flerdir.<\/p>\n<p>AGS Worldwide Movers, ev veya i\u015f yeri ta\u015f\u0131nman\u0131z\u0131n sorunsuz ge\u00e7mesini sa\u011flamak i\u00e7in ta\u015f\u0131ma hizmetlerine \u00f6zel bir yakla\u015f\u0131m sunar. E\u015fyalar\u0131n\u0131z\u0131 korumak i\u00e7in yenilik\u00e7i paketleme malzemeleri ve dikkatli y\u00fckleme teknikleri kullan\u0131rlar. Mobilyalar\u0131 s\u00f6k\u00fcp takacak, demirba\u015flar\u0131 kuracak, b\u00fcy\u00fck e\u015fyalar\u0131 ta\u015f\u0131yacak, t\u00fcm riskleri sigortalayacak ve ayr\u0131ca k\u0131sa ve uzun vadeli g\u00fcvenli depolama olanaklar\u0131 sunacaklard\u0131r.<\/p>\n<p>Web sitesi: <a href=\"https:\/\/www.agsmovers.com\/\" target=\"_blank\" rel=\"noopener\">https:\/\/www.agsmovers.com\/<\/a><\/p>\n<h2><span class=\"ez-toc-section\" id=\"13_Ets_Guy_Magermans\"><\/span><strong>13. Ets Guy Magermans<\/strong><span class=\"ez-toc-section-end\"><\/span><\/h2>\n<p><em><img loading=\"lazy\" decoding=\"async\" class=\"alignnone size-full wp-image-5164\" src=\"https:\/\/moverdb.com\/wp-content\/uploads\/Ets-Guy-magermans-international-moving-company.png\" alt=\"Ets Guy magermans uluslararas\u0131 nakliye \u015firketi\" width=\"1440\" height=\"673\" data-wp-pid=\"5164\" srcset=\"https:\/\/moverdb.com\/wp-content\/uploads\/Ets-Guy-magermans-international-moving-company.png 1440w, https:\/\/moverdb.com\/wp-content\/uploads\/Ets-Guy-magermans-international-moving-company-300x140.png 300w, https:\/\/moverdb.com\/wp-content\/uploads\/Ets-Guy-magermans-international-moving-company-1024x479.png 1024w, https:\/\/moverdb.com\/wp-content\/uploads\/Ets-Guy-magermans-international-moving-company-18x8.png 18w, https:\/\/moverdb.com\/wp-content\/uploads\/Ets-Guy-magermans-international-moving-company-600x280.png 600w\" sizes=\"auto, (max-width: 1440px) 100vw, 1440px\" \/><\/em><\/p>\n<ul>\n<li>Ulusal hamle<\/li>\n<li>Uluslararas\u0131 Ta\u015f\u0131malar<\/li>\n<li>Konut Ta\u015f\u0131malar\u0131<\/li>\n<li>\u015eirket hareketleri<\/li>\n<li>Ki\u015fiselle\u015ftirilmi\u015f hizmet<\/li>\n<li>Mobilyalar\u0131n s\u00f6k\u00fclmesi ve yeniden montaj\u0131<\/li>\n<li>Paketleme ve ambalaj a\u00e7ma<\/li>\n<li>Sanat eserleri, kasalar ve piyanolar i\u00e7in uzman servis<\/li>\n<li>\u00c7ok \u00e7e\u015fitli nakliye ara\u00e7lar\u0131<\/li>\n<li>G\u00fcvenli depolama tesisleri<\/li>\n<\/ul>\n<p>Ets Guy Magermans, 75 y\u0131ld\u0131r faaliyet g\u00f6steren ta\u015f\u0131y\u0131c\u0131 hizmetleri ve mobilya depolama hizmetleri de sunan bir Marche En Famenne nakliye \u015firketidir. \u015eirket, 54 y\u0131ll\u0131k hizmet s\u00fcresiyle IAM \u00fcyesidir. Konut ve ticari m\u00fc\u015fterilere ulusal ve uluslararas\u0131 ta\u015f\u0131nma ve yer de\u011fi\u015ftirme hizmetleri sunarlar.<\/p>\n<p>Ets Guy Magermans, mobilyalar\u0131n\u0131z\u0131n s\u00f6k\u00fclmesi, e\u015fyalar\u0131n\u0131z\u0131n g\u00fcvenli bir \u015fekilde paketlenmesi, mobilyalar\u0131n\u0131z\u0131n yeniden birle\u015ftirilmesi ve ambalajlar\u0131n\u0131n a\u00e7\u0131lmas\u0131n\u0131 i\u00e7eren ki\u015fiselle\u015ftirilmi\u015f ta\u015f\u0131ma hizmetleri sunmaktad\u0131r. Sanat eserleri, kasalar ve piyanolar gibi y\u00fcksek de\u011ferli e\u015fyalar i\u00e7in uzman bir hizmet sunmaktad\u0131rlar. \u00c7o\u011fu ihtiyac\u0131 kar\u015f\u0131layabilecek \u00e7e\u015fitli mal ara\u00e7lar\u0131ndan olu\u015fan bir filoya ve g\u00fcvenli depolama tesislerine sahiptirler.<\/p>\n<p>Web sitesi: <a href=\"http:\/\/www.magermans-demenagement.be\" target=\"_blank\" rel=\"noopener\">http:\/\/www.magermans-demenagement.be<\/a><strong>&nbsp;<\/strong><\/p>\n<h2><span class=\"ez-toc-section\" id=\"14_Mory_Co\"><\/span><strong>14. Mory &amp; Co<\/strong><span class=\"ez-toc-section-end\"><\/span><\/h2>\n<p><em><img loading=\"lazy\" decoding=\"async\" class=\"alignnone size-full wp-image-5187\" src=\"https:\/\/moverdb.com\/wp-content\/uploads\/Mory-Co-international-moving-company.png\" alt=\"Mory &amp; Co uluslararas\u0131 nakliye \u015firketi\" width=\"1440\" height=\"682\" data-wp-pid=\"5187\" srcset=\"https:\/\/moverdb.com\/wp-content\/uploads\/Mory-Co-international-moving-company.png 1440w, https:\/\/moverdb.com\/wp-content\/uploads\/Mory-Co-international-moving-company-300x142.png 300w, https:\/\/moverdb.com\/wp-content\/uploads\/Mory-Co-international-moving-company-1024x485.png 1024w, https:\/\/moverdb.com\/wp-content\/uploads\/Mory-Co-international-moving-company-18x9.png 18w, https:\/\/moverdb.com\/wp-content\/uploads\/Mory-Co-international-moving-company-600x284.png 600w\" sizes=\"auto, (max-width: 1440px) 100vw, 1440px\" \/><\/em><\/p>\n<ul>\n<li>Ulusal hamleler<\/li>\n<li>Uluslararas\u0131 ta\u015f\u0131nmalar<\/li>\n<li>Bireysel ev ta\u015f\u0131malar\u0131<\/li>\n<li>Profesyonel\/i\u015f hareketleri<\/li>\n<li>Ki\u015fiye \u00f6zel hizmetler<\/li>\n<li>Kara, deniz ve hava ta\u015f\u0131mac\u0131l\u0131\u011f\u0131<\/li>\n<li>G\u00fcvenli ta\u015f\u0131ma<\/li>\n<li>Evcil hayvan nakliyesi<\/li>\n<li>Ara\u00e7 ta\u015f\u0131mac\u0131l\u0131\u011f\u0131<\/li>\n<li>G\u00fcvenli depolama tesisleri<\/li>\n<\/ul>\n<p>Mory &amp; Co, 1968 y\u0131l\u0131nda Neufvilles'de kurulmu\u015f ulusal ve uluslararas\u0131 bir ta\u015f\u0131ma hizmetidir. IAM \u00fcyesidir ve 54 y\u0131ld\u0131r hizmet vermektedir. \u00d6zel evler, diplomatlar ve devlet memurlar\u0131 da dahil olmak \u00fczere bireysel ev ta\u015f\u0131malar\u0131 ve i\u015flerini veya ekipmanlar\u0131n\u0131 ta\u015f\u0131mak isteyen profesyonel m\u00fc\u015fterilere hizmet vermektedirler. Ta\u015f\u0131nma gereksinimlerini kar\u015f\u0131lamak i\u00e7in m\u00fc\u015fterilerine \u00f6zel bir hizmet sunarlar.<\/p>\n<p>Mory &amp; Co, kara, deniz ve hava ta\u015f\u0131mac\u0131l\u0131\u011f\u0131 se\u00e7enekleri sunan g\u00fcvenli ta\u015f\u0131ma hizmetleri ve k\u0131sa ve uzun s\u00fcreli depolama olanaklar\u0131 da sunmaktad\u0131r. Ayr\u0131ca evcil hayvanlar\u0131n\u0131z\u0131n ve ara\u00e7lar\u0131n\u0131z\u0131n ta\u015f\u0131nmas\u0131 i\u00e7in ek uzman ta\u015f\u0131ma hizmetleri de sunmaktad\u0131rlar.<\/p>\n<p>Web sitesi: <a href=\"http:\/\/www.morymoving.com\" target=\"_blank\" rel=\"noopener\">http:\/\/www.morymoving.com<\/a><\/p>\n<h2><span class=\"ez-toc-section\" id=\"15_Maison_Genne\"><\/span><strong>15. Maison Genne<\/strong><span class=\"ez-toc-section-end\"><\/span><\/h2>\n<p><em><img loading=\"lazy\" decoding=\"async\" class=\"alignnone size-full wp-image-5184\" src=\"https:\/\/moverdb.com\/wp-content\/uploads\/Maison-Genne-international-moving-company.png\" alt=\"Maison Genne uluslararas\u0131 nakliye \u015firketi\" width=\"1440\" height=\"665\" data-wp-pid=\"5184\" srcset=\"https:\/\/moverdb.com\/wp-content\/uploads\/Maison-Genne-international-moving-company.png 1440w, https:\/\/moverdb.com\/wp-content\/uploads\/Maison-Genne-international-moving-company-300x139.png 300w, https:\/\/moverdb.com\/wp-content\/uploads\/Maison-Genne-international-moving-company-1024x473.png 1024w, https:\/\/moverdb.com\/wp-content\/uploads\/Maison-Genne-international-moving-company-18x8.png 18w, https:\/\/moverdb.com\/wp-content\/uploads\/Maison-Genne-international-moving-company-600x277.png 600w\" sizes=\"auto, (max-width: 1440px) 100vw, 1440px\" \/><\/em><\/p>\n<ul>\n<li>Ulusal hamleler<\/li>\n<li>Avrupa ve d\u00fcnya \u00e7ap\u0131nda ta\u015f\u0131nmalar<\/li>\n<li>Fabrikalar ve ofisler i\u00e7in end\u00fcstriyel ta\u015f\u0131malar<\/li>\n<li>Konut Ta\u015f\u0131malar\u0131<\/li>\n<li>Ki\u015fiselle\u015ftirilmi\u015f hizmet<\/li>\n<li>Paketleme hizmetleri<\/li>\n<li>Mobilyalar\u0131n demontaj\u0131 ve yeniden montaj\u0131<\/li>\n<li>Temizlik Hizmetleri<\/li>\n<li>Ara\u00e7 ta\u015f\u0131ma<\/li>\n<li>Depolama \u00e7\u00f6z\u00fcmleri<\/li>\n<\/ul>\n<p>Maison Genne, ulusal ve uluslararas\u0131 ta\u015f\u0131nmalara yard\u0131mc\u0131 olma konusunda onlarca y\u0131ll\u0131k deneyime sahip Rixensart merkezli uluslararas\u0131 bir ta\u015f\u0131ma sa\u011flay\u0131c\u0131s\u0131d\u0131r. IAM \u00fcyesi olan \u015firket 53 y\u0131ld\u0131r hizmet vermekte ve y\u0131lda 1.800'\u00fcn \u00fczerinde ta\u015f\u0131ma ger\u00e7ekle\u015ftirmektedir. Uluslararas\u0131 hizmetlerini sunmak i\u00e7in d\u00fcnya \u00e7ap\u0131nda kaliteli ta\u015f\u0131ma ortaklar\u0131yla \u00e7al\u0131\u015fmaktad\u0131rlar.<\/p>\n<p>Maison Genne, fabrikalar ve ofisler de dahil olmak \u00fczere ev ve i\u015fyerlerini ta\u015f\u0131mak i\u00e7in son teknoloji lojistik kullanan profesyonel bir ta\u015f\u0131ma hizmeti sunmaktad\u0131r. Ta\u015f\u0131nmay\u0131 basitle\u015ftirir ve sizin i\u00e7in zorluklar\u0131 ortadan kald\u0131r\u0131r. Arabalar\u0131n ta\u015f\u0131nmas\u0131, ta\u015f\u0131nd\u0131ktan sonra temizlik, ambalaj kutular\u0131n\u0131n \u00e7\u0131kar\u0131lmas\u0131 ve mobilyalar i\u00e7in depolama gibi ek hizmetler sunarlar.<\/p>\n<p>Web sitesi: <a href=\"https:\/\/www.genne.com\" target=\"_blank\" rel=\"noopener\">https:\/\/www.genne.com<\/a><\/p>\n<h2><span class=\"ez-toc-section\" id=\"16_Servaes_Services\"><\/span><strong>16. Servaes Hizmetleri<\/strong><span class=\"ez-toc-section-end\"><\/span><\/h2>\n<p><em><img loading=\"lazy\" decoding=\"async\" class=\"alignnone size-full wp-image-5203\" src=\"https:\/\/moverdb.com\/wp-content\/uploads\/Servaes-Services-international-moving-company.png\" alt=\"Servaes Services uluslararas\u0131 ta\u015f\u0131ma \u015firketi\" width=\"1440\" height=\"683\" data-wp-pid=\"5203\" srcset=\"https:\/\/moverdb.com\/wp-content\/uploads\/Servaes-Services-international-moving-company.png 1440w, https:\/\/moverdb.com\/wp-content\/uploads\/Servaes-Services-international-moving-company-300x142.png 300w, https:\/\/moverdb.com\/wp-content\/uploads\/Servaes-Services-international-moving-company-1024x486.png 1024w, https:\/\/moverdb.com\/wp-content\/uploads\/Servaes-Services-international-moving-company-18x9.png 18w, https:\/\/moverdb.com\/wp-content\/uploads\/Servaes-Services-international-moving-company-600x285.png 600w\" sizes=\"auto, (max-width: 1440px) 100vw, 1440px\" \/><\/em><\/p>\n<ul>\n<li>Ulusal hamleler<\/li>\n<li>Uluslararas\u0131 ta\u015f\u0131nmalar<\/li>\n<li>Ev ta\u015f\u0131ma<\/li>\n<li>Ofis ta\u015f\u0131nmalar\u0131<\/li>\n<li>Ki\u015fiye \u00f6zel hizmet<\/li>\n<li>Ki\u015fisel proje dan\u0131\u015fman\u0131<\/li>\n<li>Paketleme hizmetleri<\/li>\n<li>Ofis mobilyalar\u0131n\u0131n montaj\u0131 ve demontaj\u0131<\/li>\n<li>G\u00fcmr\u00fck i\u015flemleri<\/li>\n<li>K\u0131sa ve uzun vadeli depolama \u00e7\u00f6z\u00fcmleri<\/li>\n<\/ul>\n<p>Servaes Services, Vilvoorde merkezli, 60 y\u0131l\u0131 a\u015fk\u0131n s\u00fcredir faaliyet g\u00f6steren, Bel\u00e7ika'da ve d\u00fcnyan\u0131n d\u00f6rt bir yan\u0131nda ta\u015f\u0131nma hizmetleri sunan bir nakliye \u015firketidir. Bir a\u011f ile \u00e7al\u0131\u015fmaktad\u0131rlar <a href=\"https:\/\/moverdb.com\/tr\/euromovers\/\" data-internallinksmanager029f6b8e52c=\"12\" title=\"Avrupa Ta\u015f\u0131y\u0131c\u0131 Ortakl\u0131\u011f\u0131 (EUROMOVERS International) A\u00e7\u0131klamas\u0131\">Euromovers<\/a> \u0130nsanlar\u0131n evlerini veya i\u015f yerlerini d\u00fcnyan\u0131n herhangi bir yerine ta\u015f\u0131malar\u0131na yard\u0131mc\u0131 olmak. IAM'nin 75 y\u0131ll\u0131k hizmet veren \u00fcyeleridir.<\/p>\n<p>Servaes Services, anketten ta\u015f\u0131nma sonras\u0131 hizmetlere kadar size yard\u0131mc\u0131 olacak ki\u015fisel bir proje s\u00fcperviz\u00f6r\u00fc ile \u00f6zel bir hizmet sunar. Paketleme hizmetleri, mobilya montaj\u0131 ve demontaj\u0131, g\u00fcmr\u00fckleme ve hatta temizlik hizmetleri sunarlar. Ayr\u0131ca konteynerlerde veya \u0131s\u0131tmal\u0131 ve g\u00fcvenlikli depolarda k\u0131sa ve uzun vadeli depolama \u00e7\u00f6z\u00fcmleri de sunmaktad\u0131rlar.<\/p>\n<p>Web sitesi: <a href=\"http:\/\/www.servaesservices.be\" target=\"_blank\" rel=\"noopener\">http:\/\/www.servaesservices.be<\/a><\/p>\n<h2><span class=\"ez-toc-section\" id=\"Other_Useful_Guides_to_Belgium\"><\/span>Bel\u00e7ika \u0130\u00e7in Di\u011fer Faydal\u0131 K\u0131lavuzlar<span class=\"ez-toc-section-end\"><\/span><\/h2>\n<ul>\n<li> <a href=\"https:\/\/moverdb.com\/tr\/konteyner-tasimaciligi\/belcika\/\">2024 Bel\u00e7ika'ya ve Bel\u00e7ika'dan Deniz Ta\u015f\u0131mac\u0131l\u0131\u011f\u0131 Konteyner Nakliye Fiyatlar\u0131<\/a><\/li>\n<li> <a href=\"https:\/\/moverdb.com\/tr\/moving-to-belgium\/\">Bel\u00e7ika'ya m\u0131 Ta\u015f\u0131n\u0131yorsunuz? 2026 Ya\u015fam Maliyetleri &amp; Yer De\u011fi\u015ftirme \u0130pu\u00e7lar\u0131<\/a><\/li>\n<li> <a href=\"https:\/\/moverdb.com\/tr\/moving-to-belgium\/best-places-to-live-belgium\/\">Bel\u00e7ika'da Ya\u015fanacak En \u0130yi 12 Yer<\/a><\/li>\n<li> <a href=\"https:\/\/moverdb.com\/tr\/moving-to-belgium\/living-in-belgium\/\">Bel\u00e7ika'da Ya\u015famak Hakk\u0131nda Ta\u015f\u0131nmadan \u00d6nce Bilmeniz Gereken 21 S\u0131r<\/a><\/li>\n<\/ul>","protected":false},"excerpt":{"rendered":"<p>Moving home or relocating your business can be a busy time and moving internationally can be complex so employing a removal company to assist you can lighten the load. To help we have created a list of Belgium based removal companies that are members of the International Association of Movers (IAM) and\/or FIDI Accredited International [&hellip;]<\/p>\n","protected":false},"author":4,"featured_media":0,"parent":190,"menu_order":0,"comment_status":"closed","ping_status":"closed","template":"","meta":{"_genesis_hide_title":false,"_genesis_hide_breadcrumbs":false,"_genesis_hide_singular_image":false,"_genesis_hide_footer_widgets":false,"_genesis_custom_body_class":"","_genesis_custom_post_class":"","_genesis_layout":"","footnotes":""},"class_list":{"0":"post-5233","1":"page","2":"type-page","3":"status-publish","5":"entry","6":"has-post-thumbnail"},"_links":{"self":[{"href":"https:\/\/moverdb.com\/tr\/wp-json\/wp\/v2\/pages\/5233","targetHints":{"allow":["GET"]}}],"collection":[{"href":"https:\/\/moverdb.com\/tr\/wp-json\/wp\/v2\/pages"}],"about":[{"href":"https:\/\/moverdb.com\/tr\/wp-json\/wp\/v2\/types\/page"}],"author":[{"embeddable":true,"href":"https:\/\/moverdb.com\/tr\/wp-json\/wp\/v2\/users\/4"}],"replies":[{"embeddable":true,"href":"https:\/\/moverdb.com\/tr\/wp-json\/wp\/v2\/comments?post=5233"}],"version-history":[{"count":3,"href":"https:\/\/moverdb.com\/tr\/wp-json\/wp\/v2\/pages\/5233\/revisions"}],"predecessor-version":[{"id":17093,"href":"https:\/\/moverdb.com\/tr\/wp-json\/wp\/v2\/pages\/5233\/revisions\/17093"}],"up":[{"embeddable":true,"href":"https:\/\/moverdb.com\/tr\/wp-json\/wp\/v2\/pages\/190"}],"wp:attachment":[{"href":"https:\/\/moverdb.com\/tr\/wp-json\/wp\/v2\/media?parent=5233"}],"curies":[{"name":"wp","href":"https:\/\/api.w.org\/{rel}","templated":true}]}}