{"id":5222,"date":"2022-10-24T11:54:48","date_gmt":"2022-10-24T11:54:48","guid":{"rendered":"https:\/\/moverdb.com\/?page_id=5222"},"modified":"2026-01-08T15:23:17","modified_gmt":"2026-01-08T15:23:17","slug":"avusturya-tasinma-sirketleri","status":"publish","type":"page","link":"https:\/\/moverdb.com\/tr\/moving-companies\/austria-moving-companies\/","title":{"rendered":"Avusturya'daki En \u0130yi 13 Uluslararas\u0131 Nakliye \u015eirketi"},"content":{"rendered":"<p>T\u00fcrkiye'de ev veya ticari m\u00fclk m\u00fc ta\u015f\u0131yorsunuz? <a href=\"https:\/\/moverdb.com\/tr\/moving-to-austria\/\" data-internallinksmanager029f6b8e52c=\"343\" title=\"Avusturya&#039;ya m\u0131 Ta\u015f\u0131n\u0131yorsunuz? 2026 Ya\u015fam Maliyetleri &amp; Yer De\u011fi\u015ftirme \u0130pu\u00e7lar\u0131\">Avusturya<\/a>veya Avusturya'ya m\u0131 ta\u015f\u0131n\u0131yorsunuz? O zaman size yard\u0131mc\u0131 olacak bir nakliye \u015firketine ihtiyac\u0131n\u0131z olabilir. A\u015fa\u011f\u0131da bir liste derledik <a href=\"https:\/\/moverdb.com\/tr\/international-removals\/\" data-internallinksmanager029f6b8e52c=\"27\" title=\"36 \u0130ngiltere&#039;deki En \u0130yi Uluslararas\u0131 Nakliye \u015eirketleri\">nakli\u0307ye \u015fi\u0307rketleri\u0307<\/a> \u00fcyesi olan <a href=\"https:\/\/moverdb.com\/tr\/iam\/\" data-internallinksmanager029f6b8e52c=\"23\" title=\"Uluslararas\u0131 Ta\u015f\u0131mac\u0131lar Birli\u011fi (IAM) A\u00e7\u0131klamas\u0131\">Uluslararas\u0131 Ta\u015f\u0131mac\u0131lar Birli\u011fi<\/a> (IAM) ve\/veya <a href=\"https:\/\/moverdb.com\/tr\/fidi-faim\/\" data-internallinksmanager029f6b8e52c=\"16\" title=\"FIDI &amp; FAIM (FIDI Akredite Uluslararas\u0131 Ta\u015f\u0131mac\u0131) A\u00e7\u0131klamas\u0131\">FIDI<\/a> Size yard\u0131mc\u0131 olmak i\u00e7in Akredite Uluslararas\u0131 Ta\u015f\u0131mac\u0131 (FAIM).<\/p>\n<div id=\"ez-toc-container\" class=\"ez-toc-v2_0_82_2 ez-toc-wrap-left counter-hierarchy ez-toc-counter ez-toc-transparent ez-toc-container-direction\">\n<div class=\"ez-toc-title-container\">\n<p class=\"ez-toc-title\" style=\"cursor:inherit\">B\u00f6l\u00fcmler<\/p>\n<span class=\"ez-toc-title-toggle\"><a href=\"#\" class=\"ez-toc-pull-right ez-toc-btn ez-toc-btn-xs ez-toc-btn-default ez-toc-toggle\" aria-label=\"\u0130\u00e7indekiler Tablosunu A\u00e7\/Kapat\"><span class=\"ez-toc-js-icon-con\"><span class=\"\"><span class=\"eztoc-hide\" style=\"display:none;\">Ge\u00e7i\u015f<\/span><span class=\"ez-toc-icon-toggle-span\"><svg style=\"fill: #999;color:#999\" xmlns=\"http:\/\/www.w3.org\/2000\/svg\" class=\"list-377408\" width=\"20px\" height=\"20px\" viewbox=\"0 0 24 24\" fill=\"none\"><path d=\"M6 6H4v2h2V6zm14 0H8v2h12V6zM4 11h2v2H4v-2zm16 0H8v2h12v-2zM4 16h2v2H4v-2zm16 0H8v2h12v-2z\" fill=\"currentColor\"><\/path><\/svg><svg style=\"fill: #999;color:#999\" class=\"arrow-unsorted-368013\" xmlns=\"http:\/\/www.w3.org\/2000\/svg\" width=\"10px\" height=\"10px\" viewbox=\"0 0 24 24\" version=\"1.2\" baseprofile=\"tiny\"><path d=\"M18.2 9.3l-6.2-6.3-6.2 6.3c-.2.2-.3.4-.3.7s.1.5.3.7c.2.2.4.3.7.3h11c.3 0 .5-.1.7-.3.2-.2.3-.5.3-.7s-.1-.5-.3-.7zM5.8 14.7l6.2 6.3 6.2-6.3c.2-.2.3-.5.3-.7s-.1-.5-.3-.7c-.2-.2-.4-.3-.7-.3h-11c-.3 0-.5.1-.7.3-.2.2-.3.5-.3.7s.1.5.3.7z\"\/><\/svg><\/span><\/span><\/span><\/a><\/span><\/div>\n<nav><ul class='ez-toc-list ez-toc-list-level-1 eztoc-toggle-hide-by-default' ><li class='ez-toc-page-1 ez-toc-heading-level-2'><a class=\"ez-toc-link ez-toc-heading-1\" href=\"https:\/\/moverdb.com\/tr\/moving-companies\/austria-moving-companies\/#1_E_Fall_International\" >1. E Fall Uluslararas\u0131<\/a><\/li><li class='ez-toc-page-1 ez-toc-heading-level-2'><a class=\"ez-toc-link ez-toc-heading-2\" href=\"https:\/\/moverdb.com\/tr\/moving-companies\/austria-moving-companies\/#2_Frachtmeister_International\" >2. Frachtmeister Uluslararas\u0131<\/a><\/li><li class='ez-toc-page-1 ez-toc-heading-level-2'><a class=\"ez-toc-link ez-toc-heading-3\" href=\"https:\/\/moverdb.com\/tr\/moving-companies\/austria-moving-companies\/#3_Geschwandtner_GMBH\" >3. Geschwandtner GMBH<\/a><\/li><li class='ez-toc-page-1 ez-toc-heading-level-2'><a class=\"ez-toc-link ez-toc-heading-4\" href=\"https:\/\/moverdb.com\/tr\/moving-companies\/austria-moving-companies\/#4_Spedition_Fuchs\" >4. Spedition Fuchs<\/a><\/li><li class='ez-toc-page-1 ez-toc-heading-level-2'><a class=\"ez-toc-link ez-toc-heading-5\" href=\"https:\/\/moverdb.com\/tr\/moving-companies\/austria-moving-companies\/#5_Spedition_Lang\" >5. Spedition Lang<\/a><\/li><li class='ez-toc-page-1 ez-toc-heading-level-2'><a class=\"ez-toc-link ez-toc-heading-6\" href=\"https:\/\/moverdb.com\/tr\/moving-companies\/austria-moving-companies\/#6_SacherUmzug\" >6. SacherUmzug<\/a><\/li><li class='ez-toc-page-1 ez-toc-heading-level-2'><a class=\"ez-toc-link ez-toc-heading-7\" href=\"https:\/\/moverdb.com\/tr\/moving-companies\/austria-moving-companies\/#7_Sobolak_International\" >7. Sobolak Uluslararas\u0131<\/a><\/li><li class='ez-toc-page-1 ez-toc-heading-level-2'><a class=\"ez-toc-link ez-toc-heading-8\" href=\"https:\/\/moverdb.com\/tr\/moving-companies\/austria-moving-companies\/#8_Vienna_Cargo\" >8. Viyana Kargo<\/a><\/li><li class='ez-toc-page-1 ez-toc-heading-level-2'><a class=\"ez-toc-link ez-toc-heading-9\" href=\"https:\/\/moverdb.com\/tr\/moving-companies\/austria-moving-companies\/#9_Herber_Hausner\" >9. Herber Hausner<\/a><\/li><li class='ez-toc-page-1 ez-toc-heading-level-2'><a class=\"ez-toc-link ez-toc-heading-10\" href=\"https:\/\/moverdb.com\/tr\/moving-companies\/austria-moving-companies\/#10_Prime_Moving\" >10. Prime Moving<\/a><\/li><li class='ez-toc-page-1 ez-toc-heading-level-2'><a class=\"ez-toc-link ez-toc-heading-11\" href=\"https:\/\/moverdb.com\/tr\/moving-companies\/austria-moving-companies\/#11_Zdenko_Dworak\" >11. Zdenko Dworak<\/a><\/li><li class='ez-toc-page-1 ez-toc-heading-level-2'><a class=\"ez-toc-link ez-toc-heading-12\" href=\"https:\/\/moverdb.com\/tr\/moving-companies\/austria-moving-companies\/#12_Sante_Fe_Relocation\" >12. Sante Fe'nin Ta\u015f\u0131nmas\u0131<\/a><\/li><li class='ez-toc-page-1 ez-toc-heading-level-2'><a class=\"ez-toc-link ez-toc-heading-13\" href=\"https:\/\/moverdb.com\/tr\/moving-companies\/austria-moving-companies\/#13_Starelocation\" >13. Y\u0131ld\u0131z Yerle\u015fimi<\/a><\/li><li class='ez-toc-page-1 ez-toc-heading-level-2'><a class=\"ez-toc-link ez-toc-heading-14\" href=\"https:\/\/moverdb.com\/tr\/moving-companies\/austria-moving-companies\/#Other_Useful_Guides_to_Austria\" >Avusturya \u0130\u00e7in Di\u011fer Faydal\u0131 K\u0131lavuzlar<\/a><\/li><\/ul><\/nav><\/div>\n<h2><span class=\"ez-toc-section\" id=\"1_E_Fall_International\"><\/span><strong>1. E Fall Uluslararas\u0131<\/strong><span class=\"ez-toc-section-end\"><\/span><\/h2>\n<p><img loading=\"lazy\" decoding=\"async\" class=\"alignnone size-full wp-image-5160\" src=\"https:\/\/moverdb.com\/wp-content\/uploads\/E-Fall-International-moving-company.png\" alt=\"E Fall Uluslararas\u0131 nakliye \u015firketi\" width=\"1440\" height=\"681\" data-wp-pid=\"5160\" srcset=\"https:\/\/moverdb.com\/wp-content\/uploads\/E-Fall-International-moving-company.png 1440w, https:\/\/moverdb.com\/wp-content\/uploads\/E-Fall-International-moving-company-300x142.png 300w, https:\/\/moverdb.com\/wp-content\/uploads\/E-Fall-International-moving-company-1024x484.png 1024w, https:\/\/moverdb.com\/wp-content\/uploads\/E-Fall-International-moving-company-18x9.png 18w, https:\/\/moverdb.com\/wp-content\/uploads\/E-Fall-International-moving-company-600x284.png 600w\" sizes=\"auto, (max-width: 1440px) 100vw, 1440px\" \/><\/p>\n<ul>\n<li>Avusturya i\u00e7inde ta\u015f\u0131nmalar<\/li>\n<li>Avrupa hamleleri<\/li>\n<li>Konut ta\u015f\u0131malar\u0131<\/li>\n<li>Ticari ta\u015f\u0131ma hizmetleri<\/li>\n<li>Hava, deniz ve karayolu ta\u015f\u0131mac\u0131l\u0131\u011f\u0131<\/li>\n<li>G\u00fcvenli ve emniyetli paketleme malzemeleri<\/li>\n<li>Profesyonel e\u011fitimli personel<\/li>\n<li>Sanat eserlerinin ta\u015f\u0131nmas\u0131<\/li>\n<li>7\/24 m\u00fc\u015fteri deste\u011fi<\/li>\n<li>K\u0131sa ve uzun vadeli depolama \u00e7\u00f6z\u00fcmleri<\/li>\n<\/ul>\n<p>E Fall International Avusturyal\u0131 bir \u015firkettir <a href=\"https:\/\/moverdb.com\/tr\/moving-companies\/\" data-internallinksmanager029f6b8e52c=\"79\" title=\"\u00c7evrimi\u00e7i En \u0130yi 25 Uluslararas\u0131 Nakliye \u015eirketi\">ta\u015finma \u015fi\u0307rketi\u0307<\/a> 1936'da Viyana'da kurulmu\u015f olup 86 y\u0131ld\u0131r IAM \u00fcyesidir ve FIDI akreditasyonuna sahiptir. Avusturya ve Avrupa'da konut ve ticari ta\u015f\u0131ma hizmetleri sunmaktad\u0131rlar. D\u00fcnya \u00e7ap\u0131nda g\u00fcvenilir ta\u015f\u0131ma ortaklar\u0131ndan olu\u015fan bir a\u011fa sahiptirler.<\/p>\n<p>E Fall International, kullan\u0131ld\u0131klar\u0131 mallara uygun yeni kutular ve ambalaj malzemeleri kullanarak y\u00fcksek kaliteli ambalajlama sa\u011flayan nakliye hizmetleri sunmaktad\u0131r. Hava, deniz ya da karayolu ta\u015f\u0131mac\u0131l\u0131\u011f\u0131 i\u00e7in se\u00e7ti\u011finiz ta\u015f\u0131ma t\u00fcr\u00fcne g\u00f6re ambalajlama yapmaktad\u0131rlar. Ayr\u0131ca konteynerler, ah\u015fap s\u0131\u011f\u0131naklar veya zemin alan\u0131 dahil olmak \u00fczere bir dizi k\u0131sa ve uzun vadeli depolama \u00e7\u00f6z\u00fcmleri sunarlar.<\/p>\n<p>Web sitesi: <a href=\"http:\/\/www.e-fall.com\" target=\"_blank\" rel=\"noopener\">http:\/\/www.e-fall.com<\/a><\/p>\n<h2><span class=\"ez-toc-section\" id=\"2_Frachtmeister_International\"><\/span><strong>2. Frachtmeister Uluslararas\u0131<\/strong><span class=\"ez-toc-section-end\"><\/span><\/h2>\n<p><em><img loading=\"lazy\" decoding=\"async\" class=\"alignnone size-full wp-image-5167\" src=\"https:\/\/moverdb.com\/wp-content\/uploads\/Frachtmeister-International-moving-company.png\" alt=\"Frachtmeister Uluslararas\u0131 Ta\u015f\u0131mac\u0131l\u0131k \u015eirketi\" width=\"1440\" height=\"677\" data-wp-pid=\"5167\" srcset=\"https:\/\/moverdb.com\/wp-content\/uploads\/Frachtmeister-International-moving-company.png 1440w, https:\/\/moverdb.com\/wp-content\/uploads\/Frachtmeister-International-moving-company-300x141.png 300w, https:\/\/moverdb.com\/wp-content\/uploads\/Frachtmeister-International-moving-company-1024x481.png 1024w, https:\/\/moverdb.com\/wp-content\/uploads\/Frachtmeister-International-moving-company-18x8.png 18w, https:\/\/moverdb.com\/wp-content\/uploads\/Frachtmeister-International-moving-company-600x282.png 600w\" sizes=\"auto, (max-width: 1440px) 100vw, 1440px\" \/><\/em><\/p>\n<ul>\n<li>Yurti\u00e7i ta\u015f\u0131ma hizmetleri<\/li>\n<li>Uluslararas\u0131 Ta\u015f\u0131malar<\/li>\n<li>Yer de\u011fi\u015ftirme hizmetleri<\/li>\n<li>Konut Ta\u015f\u0131malar\u0131<\/li>\n<li>Ofis ta\u015f\u0131ma<\/li>\n<li>Kalite ve g\u00fcvenilirlik i\u00e7in se\u00e7ilmi\u015f ambalajlar<\/li>\n<li>Envanter hizmeti<\/li>\n<li>Uzman g\u00fczel sanatlar ta\u015f\u0131malar\u0131<\/li>\n<li>So\u011futmal\u0131 ta\u015f\u0131ma<\/li>\n<li>Depolama \u00e7\u00f6z\u00fcmleri<\/li>\n<\/ul>\n<p>Frachtmeister International, Avusturya'n\u0131n Viyana \u015fehrinde bulunan bir Avrupa nakliye \u015firketidir, <a href=\"https:\/\/moverdb.com\/tr\/moving-to-slovakia\/\" data-internallinksmanager029f6b8e52c=\"338\" title=\"Slovakya&#039;ya m\u0131 Ta\u015f\u0131n\u0131yorsunuz? 2026 Ya\u015fam Maliyetleri &amp; Yer De\u011fi\u015ftirme \u0130pu\u00e7lar\u0131\">Slovakya<\/a>, <a href=\"https:\/\/moverdb.com\/tr\/moving-to-hungary\/\" data-internallinksmanager029f6b8e52c=\"341\" title=\"Macaristan&#039;a Ta\u015f\u0131nmak m\u0131? 2026 Ya\u015fam Maliyetleri ve Yer De\u011fi\u015ftirme \u0130pu\u00e7lar\u0131\">Macaristan<\/a> ve <a href=\"https:\/\/moverdb.com\/tr\/moving-to-the-czech-republic\/\" data-internallinksmanager029f6b8e52c=\"391\" title=\"\u00c7ek Cumhuriyeti&#039;ne mi ta\u015f\u0131n\u0131yorsunuz? 2024 Ya\u015fam Maliyetleri &amp; Yer De\u011fi\u015ftirme \u0130pu\u00e7lar\u0131\">\u00c7ek Cumhuriyeti<\/a> yerel ve uluslararas\u0131 ta\u015f\u0131ma hizmetleri sunmaktad\u0131r. \u015eirket 28 y\u0131ld\u0131r IAM \u00fcyesidir ve FIDI taraf\u0131ndan akredite edilmi\u015ftir.<\/p>\n<p>Frachtmeister International, y\u00fcksek kaliteleri, sa\u011flaml\u0131klar\u0131 ve g\u00fcvenilirlikleri nedeniyle se\u00e7ilen bir dizi ambalaj malzemesi ve kutu sunmaktad\u0131r. Ayr\u0131ca k\u0131r\u0131lgan e\u015fyalar i\u00e7in \u00f6zel yap\u0131m kasalar ve g\u00fczel sanatlar i\u00e7in uzmanl\u0131k hizmetleri de sunmaktad\u0131rlar. Takip ve kontrol edilen numaraland\u0131r\u0131lm\u0131\u015f paketleme listelerini tamamlarlar ve kutular\u0131n konteynerlere g\u00fcvenli bir \u015fekilde yerle\u015ftirilmesini sa\u011flarlar. Ayr\u0131ca kendi kendine depolama, mobil depo, mobilya ve dosya depolama gibi \u00e7e\u015fitli depolama \u00e7\u00f6z\u00fcmleri de sunmaktad\u0131rlar.<\/p>\n<p>Web sitesi: <a href=\"http:\/\/www.frachtmeister.com\" target=\"_blank\" rel=\"noopener\">http:\/\/www.frachtmeister.com<\/a><\/p>\n<h2><span class=\"ez-toc-section\" id=\"3_Geschwandtner_GMBH\"><\/span><strong>3. Geschwandtner GMBH<\/strong><span class=\"ez-toc-section-end\"><\/span><\/h2>\n<p><em><img loading=\"lazy\" decoding=\"async\" class=\"alignnone size-full wp-image-5168\" src=\"https:\/\/moverdb.com\/wp-content\/uploads\/Geschwandtner-GMBH-international-moving-company.png\" alt=\"Geschwandtner GMBH uluslararas\u0131 ta\u015f\u0131ma \u015firketi\" width=\"1440\" height=\"680\" data-wp-pid=\"5168\" srcset=\"https:\/\/moverdb.com\/wp-content\/uploads\/Geschwandtner-GMBH-international-moving-company.png 1440w, https:\/\/moverdb.com\/wp-content\/uploads\/Geschwandtner-GMBH-international-moving-company-300x142.png 300w, https:\/\/moverdb.com\/wp-content\/uploads\/Geschwandtner-GMBH-international-moving-company-1024x484.png 1024w, https:\/\/moverdb.com\/wp-content\/uploads\/Geschwandtner-GMBH-international-moving-company-18x9.png 18w, https:\/\/moverdb.com\/wp-content\/uploads\/Geschwandtner-GMBH-international-moving-company-600x283.png 600w\" sizes=\"auto, (max-width: 1440px) 100vw, 1440px\" \/><\/em><\/p>\n<ul>\n<li>Yerel ve ulusal ta\u015f\u0131nma hizmetleri<\/li>\n<li>Uluslararas\u0131 ta\u015f\u0131nmalar<\/li>\n<li>Yer de\u011fi\u015ftirme hizmetleri<\/li>\n<li>Konut Ta\u015f\u0131malar\u0131<\/li>\n<li>Ofis ve \u015firket ta\u015f\u0131nmalar\u0131<\/li>\n<li>\u00dccretsiz dan\u0131\u015fmanl\u0131k ve anket<\/li>\n<li>E\u011fitimli ta\u015f\u0131ma personeli<\/li>\n<li>\u00d6zel gereksinimler hakk\u0131nda tavsiyelerde bulunun<\/li>\n<li>D\u0131\u015f asans\u00f6r arac\u0131<\/li>\n<li>Depolama \u00e7\u00f6z\u00fcmleri<\/li>\n<\/ul>\n<p>Geschwandtner GMBH, 20 y\u0131l\u0131 a\u015fk\u0131n deneyime sahip Viyana merkezli bir nakliye \u015firketidir ve 8 y\u0131ld\u0131r IAM \u00fcyesidir. Viyana'da, ulusal ve uluslararas\u0131 alanda d\u00fcnya \u00e7ap\u0131nda ta\u015f\u0131nma hizmetleri sunmaktad\u0131rlar. <a href=\"https:\/\/moverdb.com\/tr\/euromovers\/\" data-internallinksmanager029f6b8e52c=\"12\" title=\"Avrupa Ta\u015f\u0131y\u0131c\u0131 Ortakl\u0131\u011f\u0131 (EUROMOVERS International) A\u00e7\u0131klamas\u0131\">Euromovers<\/a> A\u011f.<\/p>\n<p>Geschwandtner GMBH, deniza\u015f\u0131r\u0131 ta\u015f\u0131nma durumunda \u00f6zel gereksinimlerle ilgili tavsiyelerle birlikte ev i\u00e7i anket ve ayr\u0131nt\u0131l\u0131 fiyat teklifi ile size \u00fccretsiz dan\u0131\u015fmanl\u0131k hizmeti verir. \u0130ster karayolu ister deniz konteyneri ile seyahat ediyor olsunlar, e\u015fyalar\u0131n\u0131z\u0131 korumak i\u00e7in y\u00fcksek standartlarda paketleyecek e\u011fitimli nakliyeciler sa\u011flarlar. K\u0131\u015f boyunca \u0131s\u0131t\u0131lan depolama i\u00e7in g\u00fcvenli depo olanaklar\u0131 sa\u011flarlar.<\/p>\n<p>Web sitesi: <a href=\"http:\/\/www.geschwandtner.at\" target=\"_blank\" rel=\"noopener\">http:\/\/www.geschwandtner.at<\/a><\/p>\n<h2><span class=\"ez-toc-section\" id=\"4_Spedition_Fuchs\"><\/span><strong>4. Spedition Fuchs<\/strong><span class=\"ez-toc-section-end\"><\/span><\/h2>\n<p><em><img loading=\"lazy\" decoding=\"async\" class=\"alignnone size-full wp-image-5206\" src=\"https:\/\/moverdb.com\/wp-content\/uploads\/Spedition-Lang-international-moving-company.png\" alt=\"Spedition Lang uluslararas\u0131 ta\u015f\u0131ma \u015firketi\" width=\"1440\" height=\"658\" data-wp-pid=\"5206\" srcset=\"https:\/\/moverdb.com\/wp-content\/uploads\/Spedition-Lang-international-moving-company.png 1440w, https:\/\/moverdb.com\/wp-content\/uploads\/Spedition-Lang-international-moving-company-300x137.png 300w, https:\/\/moverdb.com\/wp-content\/uploads\/Spedition-Lang-international-moving-company-1024x468.png 1024w, https:\/\/moverdb.com\/wp-content\/uploads\/Spedition-Lang-international-moving-company-18x8.png 18w, https:\/\/moverdb.com\/wp-content\/uploads\/Spedition-Lang-international-moving-company-600x274.png 600w\" sizes=\"auto, (max-width: 1440px) 100vw, 1440px\" \/><\/em><\/p>\n<ul>\n<li>Ulusal hamleler<\/li>\n<li>Uluslararas\u0131 Ta\u015f\u0131malar<\/li>\n<li>\u00d6zel ev ta\u015f\u0131malar\u0131<\/li>\n<li>\u015eirket ta\u015f\u0131nmas\u0131<\/li>\n<li>Ki\u015fisel proje y\u00f6neticisi<\/li>\n<li>Nitelikli uzman personel<\/li>\n<li>Modern ekipman ve y\u00fcksek kaliteli paketleme<\/li>\n<li>Sanat eserleri i\u00e7in uzman bak\u0131m\u0131<\/li>\n<li>K\u0131sa ve uzun vadeli depolama \u00e7\u00f6z\u00fcmleri<\/li>\n<li>Dosya ar\u015fivleme<\/li>\n<\/ul>\n<p>Spedition Fuchs, Avusturya Mobilya Ta\u015f\u0131mac\u0131l\u0131\u011f\u0131 Birli\u011fi (OMTV) \u00fcyesi olan ve FIDI taraf\u0131ndan akredite edilmesinin yan\u0131 s\u0131ra IAM \u00fcyesi olan 1997 y\u0131l\u0131nda kurulmu\u015f Viyana merkezli bir nakliye acentesidir. Her yere ta\u015f\u0131nan i\u015fletmeler ve \u00f6zel evler i\u00e7in hizmet vermektedir.<\/p>\n<p>Spedition Fuchs, ta\u015f\u0131nma i\u015flemini en etkili hale getirmek i\u00e7in her m\u00fc\u015fteriye ki\u015fisel bir proje y\u00f6neticisi sa\u011flar ve e\u015fyalar\u0131n\u0131z\u0131 paketleyecek ve g\u00fcvenli bir \u015fekilde ta\u015f\u0131nmalar\u0131n\u0131 sa\u011flayacak nitelikli uzman personel taraf\u0131ndan desteklenir. Do\u011fru paketleme malzemeleri ve modern ekipmanlar kullanarak her boyuttaki e\u015fyaya hizmet vermektedirler. Ayr\u0131ca g\u00fcvenli, \u0131s\u0131tmal\u0131 k\u0131sa ve uzun s\u00fcreli depolama olanaklar\u0131 da sunmaktad\u0131rlar.<\/p>\n<p>Web sitesi: <a href=\"http:\/\/www.spedition-fuchs.at\" target=\"_blank\" rel=\"noopener\">http:\/\/www.spedition-fuchs.at<\/a><\/p>\n<h2><span class=\"ez-toc-section\" id=\"5_Spedition_Lang\"><\/span><strong>5. Spedition Lang<\/strong><span class=\"ez-toc-section-end\"><\/span><\/h2>\n<p><em><img loading=\"lazy\" decoding=\"async\" class=\"alignnone size-full wp-image-5206\" src=\"https:\/\/moverdb.com\/wp-content\/uploads\/Spedition-Lang-international-moving-company.png\" alt=\"Spedition Lang uluslararas\u0131 ta\u015f\u0131ma \u015firketi\" width=\"1440\" height=\"658\" data-wp-pid=\"5206\" srcset=\"https:\/\/moverdb.com\/wp-content\/uploads\/Spedition-Lang-international-moving-company.png 1440w, https:\/\/moverdb.com\/wp-content\/uploads\/Spedition-Lang-international-moving-company-300x137.png 300w, https:\/\/moverdb.com\/wp-content\/uploads\/Spedition-Lang-international-moving-company-1024x468.png 1024w, https:\/\/moverdb.com\/wp-content\/uploads\/Spedition-Lang-international-moving-company-18x8.png 18w, https:\/\/moverdb.com\/wp-content\/uploads\/Spedition-Lang-international-moving-company-600x274.png 600w\" sizes=\"auto, (max-width: 1440px) 100vw, 1440px\" \/><\/em><\/p>\n<ul>\n<li>Yerel ve ulusal ta\u015f\u0131malar<\/li>\n<li>Uluslararas\u0131 ta\u015f\u0131nmalar<\/li>\n<li>Ev hareketleri<\/li>\n<li>\u0130\u015fletme ta\u015f\u0131nmalar\u0131<\/li>\n<li>Laboratuvarlar ve BT i\u00e7in uzmanl\u0131k hizmetleri<\/li>\n<li>Ta\u015f\u0131nma planlama hizmeti<\/li>\n<li>Nakliye sigortas\u0131<\/li>\n<li>Y\u00fcksek kaliteli ambalaj malzemeleri<\/li>\n<li>Kapsaml\u0131 envanter<\/li>\n<li>G\u00fcvenli depolama \u00e7\u00f6z\u00fcmleri<\/li>\n<\/ul>\n<p>Spedition Lang, 1926 y\u0131l\u0131nda kurulmu\u015f Viyana merkezli bir nakliye \u015firketidir ve bir aile \u015firketidir. \u015eirket 96 y\u0131ld\u0131r IAM \u00fcyesidir ve FIDI taraf\u0131ndan akredite edilmi\u015ftir. Ev ve i\u015fyerleri i\u00e7in yerel, ulusal ve uluslararas\u0131 ta\u015f\u0131nmalar i\u00e7in \u00f6zel hizmetler sunarlar.<\/p>\n<p>Spedition Lang, planlama hizmeti, y\u00fcksek kaliteli paketleme malzemeleri ve paketlemeyi kamyon, hava veya deniz yoluyla ta\u015f\u0131maya uygun hale getiren profesyonel paketleme personeli i\u00e7eren eksiksiz bir ta\u015f\u0131ma hizmeti sunmaktad\u0131r. Her ta\u015f\u0131nma, b\u00fct\u00fcnsel bir envanter ve nakliye sigortas\u0131n\u0131n yan\u0131 s\u0131ra iste\u011fe ba\u011fl\u0131 temizlik hizmeti ve depolama ile birlikte gelir. Ayr\u0131ca laboratuvarlar ve BT ekipmanlar\u0131 gibi ekipmanlar\u0131n s\u00f6k\u00fclmesi de dahil olmak \u00fczere uzmanl\u0131k hizmetleri de sunmaktad\u0131rlar.<\/p>\n<p>Web sitesi: <a href=\"http:\/\/www.lang-moving.at\" target=\"_blank\" rel=\"noopener\">http:\/\/www.lang-moving.at<\/a><\/p>\n<h2><span class=\"ez-toc-section\" id=\"6_SacherUmzug\"><\/span><strong>6. SacherUmzug<\/strong><span class=\"ez-toc-section-end\"><\/span><\/h2>\n<p><em><img loading=\"lazy\" decoding=\"async\" class=\"alignnone size-full wp-image-5199\" src=\"https:\/\/moverdb.com\/wp-content\/uploads\/Sacher-Umzug-international-moving-company-1.png\" alt=\"Sacher Umzug uluslararas\u0131 nakliye \u015firketi\" width=\"1440\" height=\"677\" data-wp-pid=\"5199\" srcset=\"https:\/\/moverdb.com\/wp-content\/uploads\/Sacher-Umzug-international-moving-company-1.png 1440w, https:\/\/moverdb.com\/wp-content\/uploads\/Sacher-Umzug-international-moving-company-1-300x141.png 300w, https:\/\/moverdb.com\/wp-content\/uploads\/Sacher-Umzug-international-moving-company-1-1024x481.png 1024w, https:\/\/moverdb.com\/wp-content\/uploads\/Sacher-Umzug-international-moving-company-1-18x8.png 18w, https:\/\/moverdb.com\/wp-content\/uploads\/Sacher-Umzug-international-moving-company-1-600x282.png 600w\" sizes=\"auto, (max-width: 1440px) 100vw, 1440px\" \/><\/em><\/p>\n<ul>\n<li>Ulusal Ta\u015f\u0131malar<\/li>\n<li>Uluslararas\u0131 Ta\u015f\u0131malar<\/li>\n<li>\u00d6zel ev ta\u015f\u0131malar\u0131<\/li>\n<li>\u015eirket hareketleri<\/li>\n<li>Paketleme hizmeti<\/li>\n<li>Demontaj ve montaj hizmeti<\/li>\n<li>A\u011f\u0131r nesnelerin ta\u015f\u0131nmas\u0131<\/li>\n<li>Yer de\u011fi\u015ftirme deste\u011fi<\/li>\n<li>\u0130htiya\u00e7lar\u0131n\u0131z\u0131 incelemek i\u00e7in \u00fccretsiz ziyaret<\/li>\n<li>Viyana'da depolama \u00e7\u00f6z\u00fcmleri<\/li>\n<\/ul>\n<p>SacherUmzug, Viyana, Avusturya ve uluslararas\u0131 alanda e\u015fyalar\u0131n profesyonel bir \u015fekilde ta\u015f\u0131nmas\u0131n\u0131 sa\u011flayan Viyana merkezli bir evden eve nakliyat hizmetidir. SacherUmzug 8 y\u0131ld\u0131r IAM \u00fcyesidir. Hizmetlerini d\u00fcnya \u00e7ap\u0131nda sunmak i\u00e7in uluslararas\u0131 nakliye \u015firketleriyle ortakl\u0131k yapmaktad\u0131rlar.<\/p>\n<p>SacherUmzug, ta\u015f\u0131nman\u0131z\u0131 desteklemek i\u00e7in uzman tavsiyesi ile \u00fccretsiz bir ziyaret sunar. E\u015fyalar\u0131n\u0131z\u0131 ta\u015f\u0131ma i\u00e7in g\u00fcvenli bir \u015fekilde paketleyecek, mobilyalar\u0131 s\u00f6k\u00fcp yeniden monte edecek ve a\u011f\u0131r nesneleri ta\u015f\u0131yacak profesyonel bir paketleme hizmeti sunarlar. Ta\u015f\u0131nma hizmetleri ayr\u0131ca depolama \u00e7\u00f6z\u00fcmleri ve g\u00fcmr\u00fck tavsiyeleri de sa\u011flayabilir. K\u0131sa veya uzun vadeli olarak \u00e7e\u015fitli boyutlarda temiz ve g\u00fcvenli depolama \u00e7\u00f6z\u00fcmleri sunarlar.<\/p>\n<p>Web sitesi: <a href=\"http:\/\/www.umzug-sacher.at\" target=\"_blank\" rel=\"noopener\">http:\/\/www.umzug-sacher.at<\/a><\/p>\n<h2><span class=\"ez-toc-section\" id=\"7_Sobolak_International\"><\/span><strong>7. Sobolak Uluslararas\u0131<\/strong><span class=\"ez-toc-section-end\"><\/span><\/h2>\n<p><em><img loading=\"lazy\" decoding=\"async\" class=\"alignnone size-full wp-image-5204\" src=\"https:\/\/moverdb.com\/wp-content\/uploads\/Sobolak-International-moving-company.png\" alt=\"Sobolak Uluslararas\u0131 Ta\u015f\u0131mac\u0131l\u0131k \u015eirketi\" width=\"1440\" height=\"670\" data-wp-pid=\"5204\" srcset=\"https:\/\/moverdb.com\/wp-content\/uploads\/Sobolak-International-moving-company.png 1440w, https:\/\/moverdb.com\/wp-content\/uploads\/Sobolak-International-moving-company-300x140.png 300w, https:\/\/moverdb.com\/wp-content\/uploads\/Sobolak-International-moving-company-1024x476.png 1024w, https:\/\/moverdb.com\/wp-content\/uploads\/Sobolak-International-moving-company-18x8.png 18w, https:\/\/moverdb.com\/wp-content\/uploads\/Sobolak-International-moving-company-600x279.png 600w\" sizes=\"auto, (max-width: 1440px) 100vw, 1440px\" \/><\/em><\/p>\n<ul>\n<li>Ulusal hamleler<\/li>\n<li>Uluslararas\u0131 Ta\u015f\u0131malar<\/li>\n<li>\u015eirket ta\u015f\u0131nmas\u0131<\/li>\n<li>Evin ta\u015f\u0131nmas\u0131<\/li>\n<li>\u00c7e\u015fitli ta\u015f\u0131nma hizmetleri<\/li>\n<li>Paketleme hizmetleri ve uzman paketleme kutular\u0131<\/li>\n<li>Y\u00fcksek standartta profesyonel paketleme<\/li>\n<li>Vize ve g\u00f6\u00e7menlik<\/li>\n<li>Evcil hayvan ta\u015f\u0131mac\u0131l\u0131\u011f\u0131<\/li>\n<li>K\u0131sa ve uzun vadeli depolama tesisleri<\/li>\n<\/ul>\n<p>Sobolak International, Avusturya'da k\u00fcresel ta\u015f\u0131nma ve yer de\u011fi\u015ftirme hizmetlerinde pazar lideri oldu\u011funu iddia etmektedir. Sobolak International, 1973 y\u0131l\u0131nda kurulan, 49 y\u0131ld\u0131r IAM \u00fcyesi olan ve akredite bir FIDI nakliye \u015firketi olan Viyana merkezli bir nakliye \u015firketidir. Hizmetlerini d\u00fcnya \u00e7ap\u0131nda sunmalar\u0131n\u0131 sa\u011flayan uluslararas\u0131 ortaklardan olu\u015fan bir a\u011fa sahiptirler.<\/p>\n<p>Sobolak International, e\u015fyalar\u0131 korumak i\u00e7in e\u015fyalara g\u00f6re uyarlanm\u0131\u015f y\u00fcksek kaliteli ve uzman paketleme ve profesyonel bir paketleme hizmeti sunmaktad\u0131r. Ta\u015f\u0131nma hizmetleri, tek bir irtibat noktas\u0131, planlama deste\u011fi, var\u0131\u015f yard\u0131m\u0131, oryantasyon deste\u011fi, vize ve g\u00f6\u00e7menlik ve ev ve okul bulma yard\u0131m\u0131 ile ki\u015fiye \u00f6zel bir paket sa\u011flar.<\/p>\n<p>Web sitesi: <a href=\"http:\/\/www.sobolak.com\" target=\"_blank\" rel=\"noopener\">http:\/\/www.sobolak.com<\/a><\/p>\n<h2><span class=\"ez-toc-section\" id=\"8_Vienna_Cargo\"><\/span><strong>8. Viyana Kargo<\/strong><span class=\"ez-toc-section-end\"><\/span><\/h2>\n<p><em><img loading=\"lazy\" decoding=\"async\" class=\"alignnone size-full wp-image-5215\" src=\"https:\/\/moverdb.com\/wp-content\/uploads\/Vienna-Cargo-international-moving-company.png\" alt=\"Vienna Cargo uluslararas\u0131 ta\u015f\u0131ma \u015firketi\" width=\"1440\" height=\"680\" data-wp-pid=\"5215\" srcset=\"https:\/\/moverdb.com\/wp-content\/uploads\/Vienna-Cargo-international-moving-company.png 1440w, https:\/\/moverdb.com\/wp-content\/uploads\/Vienna-Cargo-international-moving-company-300x142.png 300w, https:\/\/moverdb.com\/wp-content\/uploads\/Vienna-Cargo-international-moving-company-1024x484.png 1024w, https:\/\/moverdb.com\/wp-content\/uploads\/Vienna-Cargo-international-moving-company-18x9.png 18w, https:\/\/moverdb.com\/wp-content\/uploads\/Vienna-Cargo-international-moving-company-600x283.png 600w\" sizes=\"auto, (max-width: 1440px) 100vw, 1440px\" \/><\/em><\/p>\n<ul>\n<li>Ulusal Ta\u015f\u0131malar<\/li>\n<li>Avrupa Ta\u015f\u0131malar\u0131<\/li>\n<li>D\u00fcnya \u00e7ap\u0131nda ta\u015f\u0131malar<\/li>\n<li>Yer de\u011fi\u015ftirme hizmeti<\/li>\n<li>Kara, deniz ve hava ta\u015f\u0131mac\u0131l\u0131\u011f\u0131<\/li>\n<li>G\u00fcmr\u00fck i\u015flemleri<\/li>\n<li>Ambalaj malzemesi sunar<\/li>\n<li>\u0130htiya\u00e7lar\u0131n\u0131z\u0131 de\u011ferlendirmek i\u00e7in yerinde inceleme<\/li>\n<li>Paketleme, demontaj ve montaj<\/li>\n<li>Depo depolama \u00e7\u00f6z\u00fcmleri<\/li>\n<\/ul>\n<p>Vienna Cargo, Avusturya'da, Avrupa'da ve d\u00fcnya \u00e7ap\u0131nda, mallar\u0131 kendi adlar\u0131na y\u00fckleyecek veya bo\u015faltacak olan ortak olduklar\u0131 nakliye hizmetleri arac\u0131l\u0131\u011f\u0131yla faaliyet g\u00f6steren bir nakliye ve kargo ta\u015f\u0131mac\u0131l\u0131\u011f\u0131 hizmetidir. \u015eirket 11 y\u0131ld\u0131r IAM \u00fcyesidir.<\/p>\n<p>Vienna Cargo, ihtiya\u00e7lar\u0131n\u0131z\u0131 ve paketleme ve nakliye gereksinimlerinizi de\u011ferlendirmek i\u00e7in yerinde inceleme sunacaklar\u0131 bir ta\u015f\u0131nma hizmeti sa\u011flar. Paketleme, demontaj ve montaj hizmetleri sunabilir ve g\u00fcmr\u00fckleme konusunda destek verebilirler. Kendilerinden alabilece\u011finiz ya da size teslim edebilecekleri bir dizi ambalaj malzemesi sunmaktad\u0131rlar.<\/p>\n<p>Web sitesi: <a href=\"http:\/\/www.viennacargo.at\" target=\"_blank\" rel=\"noopener\">http:\/\/www.viennacargo.at<\/a><\/p>\n<h2><span class=\"ez-toc-section\" id=\"9_Herber_Hausner\"><\/span><strong>9. Herber Hausner<\/strong><span class=\"ez-toc-section-end\"><\/span><\/h2>\n<p><em><img loading=\"lazy\" decoding=\"async\" class=\"alignnone size-full wp-image-5173\" src=\"https:\/\/moverdb.com\/wp-content\/uploads\/Herber-Hausner-international-moving-company.png\" alt=\"Herber Hausner uluslararas\u0131 nakliye \u015firketi\" width=\"1440\" height=\"673\" data-wp-pid=\"5173\" srcset=\"https:\/\/moverdb.com\/wp-content\/uploads\/Herber-Hausner-international-moving-company.png 1440w, https:\/\/moverdb.com\/wp-content\/uploads\/Herber-Hausner-international-moving-company-300x140.png 300w, https:\/\/moverdb.com\/wp-content\/uploads\/Herber-Hausner-international-moving-company-1024x479.png 1024w, https:\/\/moverdb.com\/wp-content\/uploads\/Herber-Hausner-international-moving-company-18x8.png 18w, https:\/\/moverdb.com\/wp-content\/uploads\/Herber-Hausner-international-moving-company-600x280.png 600w\" sizes=\"auto, (max-width: 1440px) 100vw, 1440px\" \/><\/em><\/p>\n<ul>\n<li>Yerel ve ulusal ta\u015f\u0131ma hizmetleri<\/li>\n<li>Uluslararas\u0131 ta\u015f\u0131nmalar<\/li>\n<li>Evden eve nakliyat<\/li>\n<li>Ofis Ta\u015f\u0131malar\u0131<\/li>\n<li>Tam veya k\u0131smi ta\u015f\u0131nma hizmeti<\/li>\n<li>Paketleme hizmetleri<\/li>\n<li>Mobilya demontaj\u0131 ve montaj\u0131<\/li>\n<li>Baz\u0131 tamirci hizmetleri sunar<\/li>\n<li>Deneyimli ve kalifiye personel<\/li>\n<li>Vize konusunda yard\u0131m<\/li>\n<\/ul>\n<p>Herber Hausner 1894 y\u0131l\u0131nda Viyana'da kurulmu\u015f bir nakliye \u015firketidir. \u015eirket, 128 y\u0131ld\u0131r hizmet veren IAM \u00fcyesidir ve FIDI taraf\u0131ndan akredite edilmi\u015ftir. \u00dcyelikleri arac\u0131l\u0131\u011f\u0131yla yerel, ulusal ve uluslararas\u0131 nakliye hizmeti sunmaktad\u0131rlar. <a href=\"https:\/\/moverdb.com\/tr\/harmony-relocation-network\/\" data-internallinksmanager029f6b8e52c=\"20\" title=\"Harmony Relocation Network (HRN) A\u00e7\u0131klamas\u0131\">Harmony Yer De\u011fi\u015ftirme A\u011f\u0131<\/a> 6 k\u0131tada 180 \u00fclkeyi kapsayan 140 \u00fcye ve 60 \u00fclkeyi bir araya getirmektedir.<\/p>\n<p>Herber Hausner, e\u015fyalar\u0131n\u0131z\u0131n paketlenmesi, mobilyalar\u0131n s\u00f6k\u00fcl\u00fcp tak\u0131lmas\u0131 gibi tam veya k\u0131smi ta\u015f\u0131nma hizmetleri sunarken, resim ve lamba asma gibi baz\u0131 hafif tamir i\u015fleri de yapabilmektedir. Ayr\u0131ca ta\u015f\u0131nma plan\u0131n\u0131z\u0131 yapman\u0131za ve vize ve belge gereklilikleri konusunda yard\u0131mc\u0131 olabilirler.<\/p>\n<p>Web sitesi: <a href=\"http:\/\/www.hhso.at\/en\/\" target=\"_blank\" rel=\"noopener\">http:\/\/www.hhso.at\/en\/<\/a><\/p>\n<h2><span class=\"ez-toc-section\" id=\"10_Prime_Moving\"><\/span><strong>10. Prime Moving<\/strong><span class=\"ez-toc-section-end\"><\/span><\/h2>\n<p><em><img loading=\"lazy\" decoding=\"async\" class=\"alignnone size-full wp-image-5195\" src=\"https:\/\/moverdb.com\/wp-content\/uploads\/Prime-Moving-international-moving-company-1.png\" alt=\"Prime Moving uluslararas\u0131 ta\u015f\u0131ma \u015firketi\" width=\"1440\" height=\"678\" data-wp-pid=\"5195\" srcset=\"https:\/\/moverdb.com\/wp-content\/uploads\/Prime-Moving-international-moving-company-1.png 1440w, https:\/\/moverdb.com\/wp-content\/uploads\/Prime-Moving-international-moving-company-1-300x141.png 300w, https:\/\/moverdb.com\/wp-content\/uploads\/Prime-Moving-international-moving-company-1-1024x482.png 1024w, https:\/\/moverdb.com\/wp-content\/uploads\/Prime-Moving-international-moving-company-1-18x8.png 18w, https:\/\/moverdb.com\/wp-content\/uploads\/Prime-Moving-international-moving-company-1-600x283.png 600w\" sizes=\"auto, (max-width: 1440px) 100vw, 1440px\" \/><\/em><\/p>\n<ul>\n<li>Avusturya'da Nakliye<\/li>\n<li>Uluslararas\u0131 ta\u015f\u0131nmalar<\/li>\n<li>Hane halk\u0131na, y\u00f6neticilere, diplomatlara ve eski vatanda\u015flara hitap eder<\/li>\n<li>Ta\u015f\u0131nma dan\u0131\u015fmanl\u0131\u011f\u0131 sunar<\/li>\n<li>Planlama hizmetleri<\/li>\n<li>Kamyon, deniz ve hava ta\u015f\u0131mac\u0131l\u0131\u011f\u0131<\/li>\n<li>\u00d6zel nakliye sigortas\u0131<\/li>\n<li>Paketleme hizmeti<\/li>\n<li>Mobilya demontaj\u0131 ve montaj\u0131<\/li>\n<li>Depolama \u00e7\u00f6z\u00fcmleri<\/li>\n<\/ul>\n<p>Prime Moving, IAM \u00fcyesi olan Viyana merkezli bir nakliye \u015firketidir. Sertifikal\u0131 ta\u015f\u0131ma uzmanlar\u0131ndan olu\u015fan \u00f6zel bir k\u00fcresel a\u011f arac\u0131l\u0131\u011f\u0131yla Avusturya i\u00e7inde ve uluslararas\u0131 alanda ta\u015f\u0131ma hizmetleri sunmaktad\u0131r.<\/p>\n<p>Prime Moving, m\u00fc\u015fterilerine ihtiya\u00e7lar\u0131n\u0131 de\u011ferlendirecek ve hizmetleri gereksinimlerine g\u00f6re uyarlayacak bir ta\u015f\u0131nma dan\u0131\u015fman\u0131 sa\u011flar. Ta\u015f\u0131nman\u0131n planlanmas\u0131na ve kamyon, deniz ya da hava ta\u015f\u0131mac\u0131l\u0131\u011f\u0131 se\u00e7eneklerinden do\u011fru olan\u0131n se\u00e7ilmesine yard\u0131mc\u0131 olurlar. Paketleme, mobilyalar\u0131n s\u00f6k\u00fcl\u00fcp tak\u0131lmas\u0131 ve k\u00fc\u00e7\u00fck tamirat i\u015fleri de sunarlar. Gerekirse e\u015fyalar\u0131n\u0131z\u0131 ve depolama se\u00e7eneklerinizi korumak i\u00e7in \u00f6zel ta\u015f\u0131ma sigortas\u0131 sunarlar.<\/p>\n<p>Web sitesi: <a href=\"http:\/\/prime-moving.com\" target=\"_blank\" rel=\"noopener\">http:\/\/prime-moving.com<\/a><\/p>\n<h2><span class=\"ez-toc-section\" id=\"11_Zdenko_Dworak\"><\/span><strong>11. Zdenko Dworak<\/strong><span class=\"ez-toc-section-end\"><\/span><\/h2>\n<p><em><img loading=\"lazy\" decoding=\"async\" class=\"alignnone size-full wp-image-5217\" src=\"https:\/\/moverdb.com\/wp-content\/uploads\/Zdenko-Dworak-international-moving-company.png\" alt=\"Zdenko Dworak uluslararas\u0131 nakliye \u015firketi\" width=\"1440\" height=\"683\" data-wp-pid=\"5217\" srcset=\"https:\/\/moverdb.com\/wp-content\/uploads\/Zdenko-Dworak-international-moving-company.png 1440w, https:\/\/moverdb.com\/wp-content\/uploads\/Zdenko-Dworak-international-moving-company-300x142.png 300w, https:\/\/moverdb.com\/wp-content\/uploads\/Zdenko-Dworak-international-moving-company-1024x486.png 1024w, https:\/\/moverdb.com\/wp-content\/uploads\/Zdenko-Dworak-international-moving-company-18x9.png 18w, https:\/\/moverdb.com\/wp-content\/uploads\/Zdenko-Dworak-international-moving-company-600x285.png 600w\" sizes=\"auto, (max-width: 1440px) 100vw, 1440px\" \/><\/em><\/p>\n<ul>\n<li>Ulusal hamleler<\/li>\n<li>Uluslararas\u0131 Ta\u015f\u0131malar<\/li>\n<li>Ev ta\u015f\u0131ma<\/li>\n<li>\u0130\u015fletme ta\u015f\u0131nmalar\u0131<\/li>\n<li>Karayolu, hava ve deniz ta\u015f\u0131mac\u0131l\u0131\u011f\u0131<\/li>\n<li>Ta\u015f\u0131nman\u0131z\u0131 y\u00f6netin<\/li>\n<li>Nakliye sigortas\u0131<\/li>\n<li>Son teknoloji \u00fcr\u00fcn\u00fc ara\u00e7lar<\/li>\n<li>D\u00fcnya \u00e7ap\u0131nda ta\u015f\u0131ma acenteleri a\u011f\u0131<\/li>\n<li>K\u0131sa ve uzun vadeli depolama \u00e7\u00f6z\u00fcmleri<\/li>\n<\/ul>\n<p>Zdenko Dworak, 1894 y\u0131l\u0131nda at arabas\u0131yla kurulan ve uluslararas\u0131 bir nakliye \u015firketi haline gelen Viyana merkezli bir nakliye \u015firketidir. IAM \u00fcyesidir ve FIDI taraf\u0131ndan akredite edilmi\u015ftir. Uluslararas\u0131 bir nakliyat acenteleri a\u011f\u0131 kullanarak Avusturya i\u00e7inde ve uluslararas\u0131 alanda ta\u015f\u0131nan hanelere ve i\u015fletmelere nakliyat ve yer de\u011fi\u015ftirme hizmetleri sunarlar.<\/p>\n<p>Zdenko Dworak, e\u015fyalar\u0131n\u0131z\u0131 yurtd\u0131\u015f\u0131na ta\u015f\u0131mak i\u00e7in deniz ve hava ta\u015f\u0131mac\u0131l\u0131\u011f\u0131n\u0131n yan\u0131 s\u0131ra ta\u015f\u0131nma i\u015flemlerinizi ger\u00e7ekle\u015ftirmek i\u00e7in son teknoloji ara\u00e7lara sahiptir. Ta\u015f\u0131nma s\u00fcrecinizi y\u00f6netmenize yard\u0131mc\u0131 olurlar ve e\u015fyalar\u0131n\u0131z i\u00e7in nakliye sigortas\u0131 sa\u011flarlar. Bireysel konteynerler ile k\u0131sa ve uzun s\u00fcreli \u0131s\u0131tmal\u0131 depo depolama hizmeti sunarlar.<\/p>\n<p>Web sitesi: <a href=\"http:\/\/www.zdenkodworak.at\" target=\"_blank\" rel=\"noopener\">http:\/\/www.zdenkodworak.at<\/a><\/p>\n<h2><span class=\"ez-toc-section\" id=\"12_Sante_Fe_Relocation\"><\/span><strong>12. Sante Fe'nin Ta\u015f\u0131nmas\u0131<\/strong><span class=\"ez-toc-section-end\"><\/span><\/h2>\n<p><em><img loading=\"lazy\" decoding=\"async\" class=\"alignnone size-full wp-image-5200\" src=\"https:\/\/moverdb.com\/wp-content\/uploads\/Sante-Fe-Relocation-Austria-international-moving-company-1.png\" alt=\"Sante Fe Relocation Avusturya uluslararas\u0131 nakliye \u015firketi\" width=\"1440\" height=\"677\" data-wp-pid=\"5200\" srcset=\"https:\/\/moverdb.com\/wp-content\/uploads\/Sante-Fe-Relocation-Austria-international-moving-company-1.png 1440w, https:\/\/moverdb.com\/wp-content\/uploads\/Sante-Fe-Relocation-Austria-international-moving-company-1-300x141.png 300w, https:\/\/moverdb.com\/wp-content\/uploads\/Sante-Fe-Relocation-Austria-international-moving-company-1-1024x481.png 1024w, https:\/\/moverdb.com\/wp-content\/uploads\/Sante-Fe-Relocation-Austria-international-moving-company-1-18x8.png 18w, https:\/\/moverdb.com\/wp-content\/uploads\/Sante-Fe-Relocation-Austria-international-moving-company-1-600x282.png 600w\" sizes=\"auto, (max-width: 1440px) 100vw, 1440px\" \/><\/em><\/p>\n<ul>\n<li>Yerel ve ulusal hamleler<\/li>\n<li>Uluslararas\u0131 Ta\u015f\u0131malar<\/li>\n<li>Yer de\u011fi\u015ftirme hizmetleri<\/li>\n<li>Ki\u015fiye \u00f6zel ve profesyonel hizmet<\/li>\n<li>Ev ve i\u015fyeri ta\u015f\u0131nmalar\u0131<\/li>\n<li>Sanal ta\u015f\u0131nma \u00f6ncesi dan\u0131\u015fmanl\u0131k<\/li>\n<li>E\u015fyalar\u0131n paketlenmesini ve ta\u015f\u0131nmas\u0131n\u0131 y\u00f6netmek<\/li>\n<li>Vize ve g\u00f6\u00e7menlik hizmetleri<\/li>\n<li>Evcil hayvanlar\u0131n ta\u015f\u0131nmas\u0131<\/li>\n<li>Ev ve okul bulma konusunda destek<\/li>\n<\/ul>\n<p>Sante Fe Relocation, 1969'dan beri biri Avusturya'da olmak \u00fczere 47 \u00fclkede 96 ofisi bulunan uluslararas\u0131 bir nakliye \u015firketidir. \u015eirket, 53 y\u0131ld\u0131r hizmet veren IAM \u00fcyesidir ve FIDI taraf\u0131ndan akredite edilmi\u015ftir. Ev ve i\u015fyerleri i\u00e7in yerel, ulusal ve uluslararas\u0131 ta\u015f\u0131nma hizmetleri sunmaktad\u0131rlar.<\/p>\n<p>Sante Fe Relocation, ihtiya\u00e7lar\u0131n\u0131z\u0131 ve gereksinimlerinizi de\u011ferlendirmek i\u00e7in sanal bir ta\u015f\u0131nma \u00f6ncesi dan\u0131\u015fmanl\u0131k i\u00e7eren \u00f6zel bir ta\u015f\u0131nma hizmeti sunar. E\u015fyalar\u0131n\u0131z\u0131n paketlenmesi ve nakliyesinin yan\u0131 s\u0131ra vize ve g\u00f6\u00e7menlik hizmetlerini de y\u00f6neteceklerdir. Konut bulma, okul arama, oryantasyon hizmeti ve dil e\u011fitimi konular\u0131nda yard\u0131m sa\u011flayabilecek bir ta\u015f\u0131nma hizmeti sunarlar.<\/p>\n<p>Web sitesi: <a href=\"https:\/\/www.santaferelo.com\/en\/contact\/our-offices\/austria-vienna\/\" target=\"_blank\" rel=\"noopener\">https:\/\/www.santaferelo.com\/en\/contact\/our-offices\/austria-vienna\/<\/a><\/p>\n<h2><span class=\"ez-toc-section\" id=\"13_Starelocation\"><\/span><strong>13. Y\u0131ld\u0131z Yerle\u015fimi<\/strong><span class=\"ez-toc-section-end\"><\/span><\/h2>\n<p><em><img loading=\"lazy\" decoding=\"async\" class=\"alignnone size-full wp-image-5208\" src=\"https:\/\/moverdb.com\/wp-content\/uploads\/Starelocation-international-moving-company.png\" alt=\"Starelocation uluslararas\u0131 ta\u015f\u0131ma \u015firketi\" width=\"1440\" height=\"682\" data-wp-pid=\"5208\" srcset=\"https:\/\/moverdb.com\/wp-content\/uploads\/Starelocation-international-moving-company.png 1440w, https:\/\/moverdb.com\/wp-content\/uploads\/Starelocation-international-moving-company-300x142.png 300w, https:\/\/moverdb.com\/wp-content\/uploads\/Starelocation-international-moving-company-1024x485.png 1024w, https:\/\/moverdb.com\/wp-content\/uploads\/Starelocation-international-moving-company-18x9.png 18w, https:\/\/moverdb.com\/wp-content\/uploads\/Starelocation-international-moving-company-600x284.png 600w\" sizes=\"auto, (max-width: 1440px) 100vw, 1440px\" \/><\/em><\/p>\n<ul>\n<li>Uluslararas\u0131 Ta\u015f\u0131malar<\/li>\n<li>Yer de\u011fi\u015ftirme hizmetleri<\/li>\n<li>Karayolu, denizyolu ve havayolu ta\u015f\u0131mac\u0131l\u0131\u011f\u0131<\/li>\n<li>Y\u00fcz y\u00fcze veya sanal dan\u0131\u015fmanl\u0131k<\/li>\n<li>\u00d6zel paketleme gereksinimleri ile ta\u015f\u0131nman\u0131z\u0131 planlama<\/li>\n<li>Nakliye sigortas\u0131<\/li>\n<li>G\u00fcmr\u00fck deste\u011fi<\/li>\n<li>Ara\u00e7lar\u0131n ta\u015f\u0131nmas\u0131<\/li>\n<li>Ev ve okul bulma konusunda destek<\/li>\n<li>Depolama \u00e7\u00f6z\u00fcmleri se\u00e7imi<\/li>\n<\/ul>\n<p>Starelocation, FIDI akreditasyonuna sahip Viyana merkezli bir ta\u015f\u0131nma ve yer de\u011fi\u015ftirme uzman\u0131d\u0131r. \u0130htiya\u00e7lar\u0131n\u0131z\u0131 ve paketleme gereksinimlerinizi de\u011ferlendirmek i\u00e7in y\u00fcz y\u00fcze veya sanal dan\u0131\u015fmanl\u0131k ile uluslararas\u0131 nakliye hizmetleri sunarlar. Sigorta ve g\u00fcmr\u00fck deste\u011finin yan\u0131 s\u0131ra e\u015fyalar\u0131n\u0131z\u0131n kara, deniz ve hava yoluyla ta\u015f\u0131nmas\u0131na yard\u0131mc\u0131 olurlar. Ayr\u0131ca ara\u00e7lar\u0131n\u0131z\u0131 da ta\u015f\u0131yabilirler.<\/p>\n<p>Starelocation, ev ve okul bulman\u0131za yard\u0131mc\u0131 olman\u0131n yan\u0131 s\u0131ra dil e\u011fitimi konusunda da size destek olacaklar\u0131, ki\u015fiye \u00f6zel bir deneyim sunan bir ta\u015f\u0131nma hizmeti sunmaktad\u0131r. Ayr\u0131ca, kapal\u0131 salonlar\u0131nda m\u00fcstakil depolama veya konteynerler i\u00e7eren depolama konteynerleri se\u00e7ene\u011fi de sunabilirler.<\/p>\n<p>Web sitesi: <a href=\"https:\/\/stangl-international.webnode.com\/en\/\" target=\"_blank\" rel=\"noopener\">https:\/\/stangl-international.webnode.com\/en\/<\/a><\/p>\n<h2><span class=\"ez-toc-section\" id=\"Other_Useful_Guides_to_Austria\"><\/span>Avusturya \u0130\u00e7in Di\u011fer Faydal\u0131 K\u0131lavuzlar<span class=\"ez-toc-section-end\"><\/span><\/h2>\n<ul>\n<li> <a href=\"https:\/\/moverdb.com\/tr\/konteyner-tasimaciligi\/avusturya\/\">2024 Avusturya'ya ve Avusturya'dan Deniz Ta\u015f\u0131mac\u0131l\u0131\u011f\u0131 Konteyner Nakliye Fiyatlar\u0131<\/a><\/li>\n<li> <a href=\"https:\/\/moverdb.com\/tr\/moving-to-austria\/\">Avusturya'ya m\u0131 Ta\u015f\u0131n\u0131yorsunuz? 2026 Ya\u015fam Maliyetleri &amp; Yer De\u011fi\u015ftirme \u0130pu\u00e7lar\u0131<\/a><\/li>\n<li> <a href=\"https:\/\/moverdb.com\/tr\/moving-to-austria\/best-places-to-live-austria\/\">Avusturya'da Ya\u015fanacak En \u0130yi 12 Yer<\/a><\/li>\n<li> <a href=\"https:\/\/moverdb.com\/tr\/moving-to-austria\/living-in-austria\/\">21 G\u00fcney Afrika'da Ya\u015famaya Dair Ta\u015f\u0131nmadan \u00d6nce Bilinmesi Gereken S\u0131rlar<\/a><\/li>\n<\/ul>","protected":false},"excerpt":{"rendered":"<p>Are you moving home or commercial property in Austria, or moving to or from Austria? Then you may be needing a removal company to assist you. Below we have compiled a list of removal companies that are members of the International Association of Movers (IAM) and\/or FIDI Accredited International Mover (FAIM) to help you. 1. [&hellip;]<\/p>\n","protected":false},"author":4,"featured_media":0,"parent":190,"menu_order":0,"comment_status":"closed","ping_status":"closed","template":"","meta":{"_genesis_hide_title":false,"_genesis_hide_breadcrumbs":false,"_genesis_hide_singular_image":false,"_genesis_hide_footer_widgets":false,"_genesis_custom_body_class":"","_genesis_custom_post_class":"","_genesis_layout":"","footnotes":""},"class_list":{"0":"post-5222","1":"page","2":"type-page","3":"status-publish","5":"entry","6":"has-post-thumbnail"},"_links":{"self":[{"href":"https:\/\/moverdb.com\/tr\/wp-json\/wp\/v2\/pages\/5222","targetHints":{"allow":["GET"]}}],"collection":[{"href":"https:\/\/moverdb.com\/tr\/wp-json\/wp\/v2\/pages"}],"about":[{"href":"https:\/\/moverdb.com\/tr\/wp-json\/wp\/v2\/types\/page"}],"author":[{"embeddable":true,"href":"https:\/\/moverdb.com\/tr\/wp-json\/wp\/v2\/users\/4"}],"replies":[{"embeddable":true,"href":"https:\/\/moverdb.com\/tr\/wp-json\/wp\/v2\/comments?post=5222"}],"version-history":[{"count":4,"href":"https:\/\/moverdb.com\/tr\/wp-json\/wp\/v2\/pages\/5222\/revisions"}],"predecessor-version":[{"id":17040,"href":"https:\/\/moverdb.com\/tr\/wp-json\/wp\/v2\/pages\/5222\/revisions\/17040"}],"up":[{"embeddable":true,"href":"https:\/\/moverdb.com\/tr\/wp-json\/wp\/v2\/pages\/190"}],"wp:attachment":[{"href":"https:\/\/moverdb.com\/tr\/wp-json\/wp\/v2\/media?parent=5222"}],"curies":[{"name":"wp","href":"https:\/\/api.w.org\/{rel}","templated":true}]}}