{"id":17141,"date":"2024-06-26T10:57:01","date_gmt":"2024-06-26T10:57:01","guid":{"rendered":"https:\/\/moverdb.com\/?page_id=17141"},"modified":"2026-01-08T15:09:48","modified_gmt":"2026-01-08T15:09:48","slug":"best-places-to-live-switzerland","status":"publish","type":"page","link":"https:\/\/moverdb.com\/tr\/moving-to-switzerland\/best-places-to-live-switzerland\/","title":{"rendered":"\u0130svi\u00e7re'de Ya\u015fanabilecek En \u0130yi 12 Yer"},"content":{"rendered":"<p>E\u011fer yeni bir yere ta\u015f\u0131nmay\u0131 umuyorsan\u0131z, o zaman <a href=\"https:\/\/moverdb.com\/tr\/moving-to-switzerland\/\" data-internallinksmanager029f6b8e52c=\"327\" title=\"\u0130svi\u00e7re&#039;ye mi ta\u015f\u0131n\u0131yorsunuz? 2026 Ya\u015fam Maliyetleri &amp; Yer De\u011fi\u015ftirme \u0130pu\u00e7lar\u0131\">\u0130svi\u00e7re<\/a> sizin i\u00e7in ideal \u00fclke olabilir!<\/p>\n<p>\u0130svi\u00e7re'nin d\u00fc\u015f\u00fck i\u015fsizlik oranlar\u0131, istikrarl\u0131 bir ekonomi ve iyi bir i\u015f-ya\u015fam dengesi ile \u00e7ok y\u00fcksek bir ya\u015fam kalitesine sahip oldu\u011fu bildirilmektedir.<\/p>\n<p>\u0130\u015f, aile, g\u00f6\u00e7menlik, emeklilik ve daha fazlas\u0131 i\u00e7in \u0130svi\u00e7re'de ya\u015fanacak en iyi yerlere bir g\u00f6z atal\u0131m.<\/p>\n<div id=\"ez-toc-container\" class=\"ez-toc-v2_0_82_2 ez-toc-wrap-left counter-hierarchy ez-toc-counter ez-toc-transparent ez-toc-container-direction\">\n<div class=\"ez-toc-title-container\">\n<p class=\"ez-toc-title\" style=\"cursor:inherit\">B\u00f6l\u00fcmler<\/p>\n<span class=\"ez-toc-title-toggle\"><a href=\"#\" class=\"ez-toc-pull-right ez-toc-btn ez-toc-btn-xs ez-toc-btn-default ez-toc-toggle\" aria-label=\"\u0130\u00e7indekiler Tablosunu A\u00e7\/Kapat\"><span class=\"ez-toc-js-icon-con\"><span class=\"\"><span class=\"eztoc-hide\" style=\"display:none;\">Ge\u00e7i\u015f<\/span><span class=\"ez-toc-icon-toggle-span\"><svg style=\"fill: #999;color:#999\" xmlns=\"http:\/\/www.w3.org\/2000\/svg\" class=\"list-377408\" width=\"20px\" height=\"20px\" viewbox=\"0 0 24 24\" fill=\"none\"><path d=\"M6 6H4v2h2V6zm14 0H8v2h12V6zM4 11h2v2H4v-2zm16 0H8v2h12v-2zM4 16h2v2H4v-2zm16 0H8v2h12v-2z\" fill=\"currentColor\"><\/path><\/svg><svg style=\"fill: #999;color:#999\" class=\"arrow-unsorted-368013\" xmlns=\"http:\/\/www.w3.org\/2000\/svg\" width=\"10px\" height=\"10px\" viewbox=\"0 0 24 24\" version=\"1.2\" baseprofile=\"tiny\"><path d=\"M18.2 9.3l-6.2-6.3-6.2 6.3c-.2.2-.3.4-.3.7s.1.5.3.7c.2.2.4.3.7.3h11c.3 0 .5-.1.7-.3.2-.2.3-.5.3-.7s-.1-.5-.3-.7zM5.8 14.7l6.2 6.3 6.2-6.3c.2-.2.3-.5.3-.7s-.1-.5-.3-.7c-.2-.2-.4-.3-.7-.3h-11c-.3 0-.5.1-.7.3-.2.2-.3.5-.3.7s.1.5.3.7z\"\/><\/svg><\/span><\/span><\/span><\/a><\/span><\/div>\n<nav><ul class='ez-toc-list ez-toc-list-level-1 eztoc-toggle-hide-by-default' ><li class='ez-toc-page-1 ez-toc-heading-level-2'><a class=\"ez-toc-link ez-toc-heading-1\" href=\"https:\/\/moverdb.com\/tr\/moving-to-switzerland\/best-places-to-live-switzerland\/#Best_Places_To_Live_In_Switzerland\" >\u0130svi\u00e7re'de Ya\u015fanacak En \u0130yi Yerler<\/a><\/li><li class='ez-toc-page-1 ez-toc-heading-level-2'><a class=\"ez-toc-link ez-toc-heading-2\" href=\"https:\/\/moverdb.com\/tr\/moving-to-switzerland\/best-places-to-live-switzerland\/#Best_Places_To_Live_In_Switzerland_for_Work\" >\u0130svi\u00e7re'de \u00c7al\u0131\u015fmak \u0130\u00e7in Ya\u015fanabilecek En \u0130yi Yerler<\/a><\/li><li class='ez-toc-page-1 ez-toc-heading-level-2'><a class=\"ez-toc-link ez-toc-heading-3\" href=\"https:\/\/moverdb.com\/tr\/moving-to-switzerland\/best-places-to-live-switzerland\/#Cheapest_Places_To_Live_In_Switzerland\" >\u0130svi\u00e7re'de Ya\u015famak \u0130\u00e7in En Ucuz Yerler<\/a><\/li><li class='ez-toc-page-1 ez-toc-heading-level-2'><a class=\"ez-toc-link ez-toc-heading-4\" href=\"https:\/\/moverdb.com\/tr\/moving-to-switzerland\/best-places-to-live-switzerland\/#Best_Places_To_Live_In_Switzerland_for_Families\" >\u0130svi\u00e7re'de Aileler \u0130\u00e7in Ya\u015fanabilecek En \u0130yi Yerler<\/a><\/li><li class='ez-toc-page-1 ez-toc-heading-level-2'><a class=\"ez-toc-link ez-toc-heading-5\" href=\"https:\/\/moverdb.com\/tr\/moving-to-switzerland\/best-places-to-live-switzerland\/#Best_Places_To_Live_In_Switzerland_for_Immigrants\" >G\u00f6\u00e7menler i\u00e7in \u0130svi\u00e7re'de Ya\u015fanacak En \u0130yi Yerler<\/a><\/li><li class='ez-toc-page-1 ez-toc-heading-level-2'><a class=\"ez-toc-link ez-toc-heading-6\" href=\"https:\/\/moverdb.com\/tr\/moving-to-switzerland\/best-places-to-live-switzerland\/#Best_Places_To_Live_In_Switzerland_for_Retirement\" >Emeklilik i\u00e7in \u0130svi\u00e7re'de Ya\u015fanacak En \u0130yi Yerler<\/a><\/li><li class='ez-toc-page-1 ez-toc-heading-level-2'><a class=\"ez-toc-link ez-toc-heading-7\" href=\"https:\/\/moverdb.com\/tr\/moving-to-switzerland\/best-places-to-live-switzerland\/#Best_Places_To_Live_In_Switzerland_for_Young_Adults\" >Gen\u00e7 Yeti\u015fkinler \u0130\u00e7in \u0130svi\u00e7re'de Ya\u015fanacak En \u0130yi Yerler<\/a><\/li><li class='ez-toc-page-1 ez-toc-heading-level-2'><a class=\"ez-toc-link ez-toc-heading-8\" href=\"https:\/\/moverdb.com\/tr\/moving-to-switzerland\/best-places-to-live-switzerland\/#Best_Places_To_Live_In_Switzerland_for_Students\" >\u00d6\u011frenciler i\u00e7in \u0130svi\u00e7re'de Ya\u015fanacak En \u0130yi Yerler<\/a><\/li><li class='ez-toc-page-1 ez-toc-heading-level-2'><a class=\"ez-toc-link ez-toc-heading-9\" href=\"https:\/\/moverdb.com\/tr\/moving-to-switzerland\/best-places-to-live-switzerland\/#Best_Places_To_Live_In_Switzerland_for_Food_and_Nightlife\" >Yemek ve Gece Hayat\u0131 i\u00e7in \u0130svi\u00e7re'de Ya\u015fanacak En \u0130yi Yerler<\/a><\/li><li class='ez-toc-page-1 ez-toc-heading-level-2'><a class=\"ez-toc-link ez-toc-heading-10\" href=\"https:\/\/moverdb.com\/tr\/moving-to-switzerland\/best-places-to-live-switzerland\/#Best_Places_To_Live_In_Switzerland_for_Singles\" >Bekarlar \u0130\u00e7in \u0130svi\u00e7re'de Ya\u015fanacak En \u0130yi Yerler<\/a><\/li><li class='ez-toc-page-1 ez-toc-heading-level-2'><a class=\"ez-toc-link ez-toc-heading-11\" href=\"https:\/\/moverdb.com\/tr\/moving-to-switzerland\/best-places-to-live-switzerland\/#Best_Places_To_Live_In_Switzerland_for_the_LGBT_Community\" >LGBT+ Toplulu\u011fu i\u00e7in \u0130svi\u00e7re'de Ya\u015fanacak En \u0130yi Yerler<\/a><\/li><li class='ez-toc-page-1 ez-toc-heading-level-2'><a class=\"ez-toc-link ez-toc-heading-12\" href=\"https:\/\/moverdb.com\/tr\/moving-to-switzerland\/best-places-to-live-switzerland\/#Best_Places_To_Live_In_Switzerland_for_the_Weather\" >\u0130svi\u00e7re'de Hava Durumu A\u00e7\u0131s\u0131ndan Ya\u015fanabilecek En \u0130yi Yerler<\/a><\/li><li class='ez-toc-page-1 ez-toc-heading-level-2'><a class=\"ez-toc-link ez-toc-heading-13\" href=\"https:\/\/moverdb.com\/tr\/moving-to-switzerland\/best-places-to-live-switzerland\/#Best_Places_To_Live_In_Switzerland_Near_Mountains\" >\u0130svi\u00e7re'de Da\u011flara Yak\u0131n Ya\u015fanacak En \u0130yi Yerler<\/a><\/li><li class='ez-toc-page-1 ez-toc-heading-level-2'><a class=\"ez-toc-link ez-toc-heading-14\" href=\"https:\/\/moverdb.com\/tr\/moving-to-switzerland\/best-places-to-live-switzerland\/#Other_Useful_Guides_to_Switzerland\" >\u0130svi\u00e7re i\u00e7in Di\u011fer Faydal\u0131 Rehberler<\/a><\/li><\/ul><\/nav><\/div>\n<h2><span class=\"ez-toc-section\" id=\"Best_Places_To_Live_In_Switzerland\"><\/span>\u0130svi\u00e7re'de Ya\u015fanacak En \u0130yi Yerler<span class=\"ez-toc-section-end\"><\/span><\/h2>\n\n<table id=\"tablepress-306\" class=\"tablepress tablepress-id-306\">\n<thead>\n<tr class=\"row-1\">\n\t<th class=\"column-1\">\u015eehir<\/th><th class=\"column-2\">Sebep<\/th>\n<\/tr>\n<\/thead>\n<tbody class=\"row-striping row-hover\">\n<tr class=\"row-2\">\n\t<td class=\"column-1\"><a href=\"https:\/\/moverdb.com\/tr\/moving-to-switzerland\/moving-to-geneva\/\" data-internallinksmanager029f6b8e52c=\"416\" title=\"Cenevre&#039;ye mi ta\u015f\u0131n\u0131yorsunuz? 2026 Ya\u015fam Maliyetleri &amp; Yer De\u011fi\u015ftirme \u0130pu\u00e7lar\u0131\">Cenevre<\/a><\/td><td class=\"column-2\">\u0130\u015f i\u00e7in en iyisi<\/td>\n<\/tr>\n<tr class=\"row-3\">\n\t<td class=\"column-1\">Glarus<\/td><td class=\"column-2\">Uygun fiyat i\u00e7in en iyisi<\/td>\n<\/tr>\n<tr class=\"row-4\">\n\t<td class=\"column-1\">Z\u00fcrih<\/td><td class=\"column-2\">Aileler i\u00e7in en iyisi<\/td>\n<\/tr>\n<tr class=\"row-5\">\n\t<td class=\"column-1\"><a href=\"https:\/\/moverdb.com\/tr\/moving-to-bern\/\" data-internallinksmanager029f6b8e52c=\"262\" title=\"Bern&#039;e mi ta\u015f\u0131n\u0131yorsunuz? 2026 Ya\u015fam Maliyetleri &amp; Yer De\u011fi\u015ftirme \u0130pu\u00e7lar\u0131\">Bern<\/a><\/td><td class=\"column-2\">G\u00f6\u00e7menler i\u00e7in en iyisi<\/td>\n<\/tr>\n<tr class=\"row-6\">\n\t<td class=\"column-1\">Lozan<\/td><td class=\"column-2\">Emeklilik i\u00e7in en iyisi<\/td>\n<\/tr>\n<tr class=\"row-7\">\n\t<td class=\"column-1\">Cenevre, Eaux-Vives Cit\u00e9<\/td><td class=\"column-2\">Gen\u00e7 yeti\u015fkinler i\u00e7in en iyisi<\/td>\n<\/tr>\n<tr class=\"row-8\">\n\t<td class=\"column-1\">Z\u00fcrih, \u00dcniversite Mahallesi<\/td><td class=\"column-2\">\u00d6\u011frenciler i\u00e7in en iyisi<\/td>\n<\/tr>\n<tr class=\"row-9\">\n\t<td class=\"column-1\">Z\u00fcrih, Langstrasse<\/td><td class=\"column-2\">Yemek ve gece hayat\u0131 i\u00e7in en iyisi<\/td>\n<\/tr>\n<tr class=\"row-10\">\n\t<td class=\"column-1\">Lugano<\/td><td class=\"column-2\">Bekarlar i\u00e7in en iyisi<\/td>\n<\/tr>\n<tr class=\"row-11\">\n\t<td class=\"column-1\">Z\u00fcrih, Altstadt<\/td><td class=\"column-2\">LGBT+ toplulu\u011fu i\u00e7in en iyisi<\/td>\n<\/tr>\n<tr class=\"row-12\">\n\t<td class=\"column-1\">Locarno<\/td><td class=\"column-2\">Hava durumu i\u00e7in en iyisi<\/td>\n<\/tr>\n<tr class=\"row-13\">\n\t<td class=\"column-1\">Interlaken<\/td><td class=\"column-2\">Da\u011flar i\u00e7in en iyisi<\/td>\n<\/tr>\n<\/tbody>\n<\/table>\n<!-- #tablepress-306 from cache -->\n<h2><span class=\"ez-toc-section\" id=\"Best_Places_To_Live_In_Switzerland_for_Work\"><\/span>\u0130svi\u00e7re'de \u00c7al\u0131\u015fmak \u0130\u00e7in Ya\u015fanabilecek En \u0130yi Yerler<span class=\"ez-toc-section-end\"><\/span><\/h2>\n<p><img loading=\"lazy\" decoding=\"async\" class=\"alignnone size-full wp-image-10344\" src=\"https:\/\/moverdb.com\/wp-content\/uploads\/switzerland-geneva-best-for-work.jpg\" alt=\"\" width=\"1000\" height=\"667\" data-wp-pid=\"10344\" srcset=\"https:\/\/moverdb.com\/wp-content\/uploads\/switzerland-geneva-best-for-work.jpg 1000w, https:\/\/moverdb.com\/wp-content\/uploads\/switzerland-geneva-best-for-work-300x200.jpg 300w, https:\/\/moverdb.com\/wp-content\/uploads\/switzerland-geneva-best-for-work-18x12.jpg 18w, https:\/\/moverdb.com\/wp-content\/uploads\/switzerland-geneva-best-for-work-600x400.jpg 600w\" sizes=\"auto, (max-width: 1000px) 100vw, 1000px\" \/><\/p>\n<p>\u0130svi\u00e7re, yabanc\u0131lar\u0131 \u00e7al\u0131\u015fma pozisyonlar\u0131na kolayca kabul etmektedir ve i\u015f piyasas\u0131n\u0131n aktif oldu\u011fu birka\u00e7 b\u00fcy\u00fck \u015fehir vard\u0131r. \u00c7o\u011fu gurbet\u00e7i i\u00e7in Cenevre, i\u015f bulman\u0131n \u00f6ncelikli oldu\u011fu durumlarda yerle\u015fmek i\u00e7in ideal bir yerdir.<\/p>\n<p>Cenevre G\u00f6l\u00fc'n\u00fcn (Lac L\u00e9man) ucunda yer alan Cenevre \u015fehri, Avrupa'n\u0131n Birle\u015fmi\u015f Milletler ve K\u0131z\u0131l Ha\u00e7 merkezlerine ev sahipli\u011fi yapt\u0131\u011f\u0131 i\u00e7in diplomasi merkezi olarak bilinmektedir.<\/p>\n<p>Cenevre'de \u00e7al\u0131\u015fmak i\u00e7in en b\u00fcy\u00fck sekt\u00f6rler bankac\u0131l\u0131k, uluslararas\u0131 finansman ve ticarettir.<\/p>\n<p>\u0130svi\u00e7re'de i\u015f bulmak i\u00e7in rekabet y\u00fcksektir. \u00dclke aktif olarak pozisyonlar\u0131 yerli vatanda\u015flarla doldurmaya \u00e7al\u0131\u015f\u0131r, bu nedenle fark edilmeyi uman adaylar genellikle bir \u00fcniversite diplomas\u0131na veya bu alanda bol miktarda deneyime ihtiya\u00e7 duyacakt\u0131r.<\/p>\n<p>Bununla birlikte, y\u00fcksek vas\u0131fl\u0131 pozisyonlar\u0131 tercih edenlerin, \u00f6zellikle de ihtiya\u00e7 duyulan belirli niteliklere ve deneyime sahiplerse, biraz daha kolay zaman ge\u00e7irmeleri muhtemeldir.<\/p>\n<h2><span class=\"ez-toc-section\" id=\"Cheapest_Places_To_Live_In_Switzerland\"><\/span>\u0130svi\u00e7re'de Ya\u015famak \u0130\u00e7in En Ucuz Yerler<span class=\"ez-toc-section-end\"><\/span><\/h2>\n<p><img loading=\"lazy\" decoding=\"async\" class=\"alignnone size-full wp-image-10345\" src=\"https:\/\/moverdb.com\/wp-content\/uploads\/switzerland-glarus-best-for-affordability.jpg\" alt=\"\" width=\"1000\" height=\"667\" data-wp-pid=\"10345\" srcset=\"https:\/\/moverdb.com\/wp-content\/uploads\/switzerland-glarus-best-for-affordability.jpg 1000w, https:\/\/moverdb.com\/wp-content\/uploads\/switzerland-glarus-best-for-affordability-300x200.jpg 300w, https:\/\/moverdb.com\/wp-content\/uploads\/switzerland-glarus-best-for-affordability-18x12.jpg 18w, https:\/\/moverdb.com\/wp-content\/uploads\/switzerland-glarus-best-for-affordability-600x400.jpg 600w\" sizes=\"auto, (max-width: 1000px) 100vw, 1000px\" \/><\/p>\n<p>\u0130svi\u00e7re pahal\u0131 bir \u00fclke olarak \u00fcn yapm\u0131\u015ft\u0131r ve bu d\u00fcnyan\u0131n geri kalan\u0131na g\u00f6re nispeten do\u011frudur, ancak \u0130svi\u00e7re'deki \u00fccretler de di\u011fer \u00fclkelere g\u00f6re daha y\u00fcksek olma e\u011filiminde oldu\u011fundan bu durum bir \u015fekilde dengelenmektedir.<\/p>\n<p>\u0130svi\u00e7re'de ya\u015fam maliyetinin daha d\u00fc\u015f\u00fck olaca\u011f\u0131 pek \u00e7ok k\u00fc\u00e7\u00fck kasaba vard\u0131r, ancak bir \u015fehirde ya\u015famak isteyenler g\u00fczel Glarus \u015fehrini d\u00fc\u015f\u00fcnmelidir.<\/p>\n<p>Glarus, \u0130svi\u00e7re'nin ortas\u0131nda, Gl\u00e4rnisch s\u0131rt\u0131n\u0131n eteklerinde yer alan k\u00fc\u00e7\u00fck bir \u015fehirdir. \u015eehir y\u00fcr\u00fcy\u00fc\u015f\u00e7\u00fcler, da\u011fc\u0131lar ve bisiklet\u00e7iler i\u00e7in idealdir, \u00e7\u00fcnk\u00fc \u00e7e\u015fitli manzara harika bir ke\u015fif sa\u011flar.<\/p>\n<p>Ayr\u0131ca uygun kira ve ya\u015fam maliyeti ile \u0130svi\u00e7re'nin en ucuz \u015fehirlerinden biridir. Glarus'ta yemek yemek i\u00e7in d\u0131\u015far\u0131 \u00e7\u0131kmay\u0131 se\u00e7mek bankay\u0131 bozmaz, bu da \u015fehri daha k\u00fc\u00e7\u00fck bir b\u00fct\u00e7eyle \u00e7al\u0131\u015fanlar i\u00e7in m\u00fckemmel k\u0131lar.<\/p>\n<p>Yine \u0130svi\u00e7re'nin merkezinde yer alan bir kanton olan Uri, Cenevre gibi b\u00fcy\u00fck \u015fehirlere g\u00f6re daha d\u00fc\u015f\u00fck kiralama maliyetleriyle bir ba\u015fka iyi se\u00e7enektir. <a href=\"https:\/\/moverdb.com\/tr\/moving-to-switzerland\/moving-to-zurich\/\" data-internallinksmanager029f6b8e52c=\"418\" title=\"Z\u00fcrih&#039;e mi ta\u015f\u0131n\u0131yorsunuz? 2026 Ya\u015fam Maliyetleri &amp; Yer De\u011fi\u015ftirme \u0130pu\u00e7lar\u0131\">Z\u00fcrih<\/a>Ayr\u0131ca \u015fehir, \u00e7evresindeki g\u00fczel da\u011flar\u0131n, \u00e7e\u015fitli m\u00fczelerin ve al\u0131\u015fveri\u015f b\u00f6lgelerinin avantaj\u0131na sahiptir.<\/p>\n<h2><span class=\"ez-toc-section\" id=\"Best_Places_To_Live_In_Switzerland_for_Families\"><\/span>\u0130svi\u00e7re'de Aileler \u0130\u00e7in Ya\u015fanabilecek En \u0130yi Yerler<span class=\"ez-toc-section-end\"><\/span><\/h2>\n<p><img loading=\"lazy\" decoding=\"async\" class=\"alignnone size-full wp-image-10346\" src=\"https:\/\/moverdb.com\/wp-content\/uploads\/switzerland-zurich-best-for-families.jpg\" alt=\"\" width=\"1000\" height=\"563\" data-wp-pid=\"10346\" srcset=\"https:\/\/moverdb.com\/wp-content\/uploads\/switzerland-zurich-best-for-families.jpg 1000w, https:\/\/moverdb.com\/wp-content\/uploads\/switzerland-zurich-best-for-families-300x169.jpg 300w, https:\/\/moverdb.com\/wp-content\/uploads\/switzerland-zurich-best-for-families-18x10.jpg 18w, https:\/\/moverdb.com\/wp-content\/uploads\/switzerland-zurich-best-for-families-600x338.jpg 600w\" sizes=\"auto, (max-width: 1000px) 100vw, 1000px\" \/><\/p>\n<p>\u0130svi\u00e7re'de aile kurmak i\u00e7in harika olan pek \u00e7ok \u015fehir vard\u0131r - \u00fclkenin \u00e7ok g\u00fcvenli oldu\u011fu bilinmektedir. Bir\u00e7ok g\u00f6\u00e7men aile Z\u00fcrih'e yerle\u015fmeyi tercih etmi\u015ftir.<\/p>\n<p>Z\u00fcrih, \u0130svi\u00e7re'nin en b\u00fcy\u00fck \u015fehridir ve Z\u00fcrih G\u00f6l\u00fc'n\u00fcn kuzey ucunda yer almaktad\u0131r. Z\u00fcrih b\u00fcy\u00fck bir metropold\u00fcr ve \u00fclkenin geri kalan\u0131na araba, u\u00e7ak veya tren yoluyla kolay ba\u011flant\u0131lara sahiptir,<\/p>\n<p>Z\u00fcrih geli\u015fen bir i\u015f d\u00fcnyas\u0131na sahiptir ve i\u015f bulmay\u0131 umanlar i\u00e7in iyi bir se\u00e7enektir; \u015fehir finans ve bankac\u0131l\u0131k merkezi olarak bilinir. Di\u011fer taraftan, m\u00fczeler, tiyatrolar ve galeriler gibi \u00e7ok say\u0131da e\u011flence f\u0131rsat\u0131 da bulunmaktad\u0131r.<\/p>\n<p>Z\u00fcrih'teki e\u011fitim sistemi, aralar\u0131ndan se\u00e7im yapabilece\u011finiz \u00e7ok say\u0131da uluslararas\u0131 okul ile y\u00fcksek kalitededir. \u00dclke genelinde \u0130ngilizce de konu\u015fulmaktad\u0131r.<\/p>\n<p>Biraz daha az kalabal\u0131k bir yere yerle\u015fmeyi umanlar Winterthur \u015fehrini d\u00fc\u015f\u00fcnebilirler. Burada b\u00fcy\u00fck bir g\u00f6\u00e7men toplulu\u011fu vard\u0131r ve \u015fehir do\u011fal alan\u0131 ve \u00e7ok say\u0131da galeri ve m\u00fcze i\u00e7eren k\u00fclt\u00fcr\u00fcyle tan\u0131n\u0131r.<\/p>\n<h2><span class=\"ez-toc-section\" id=\"Best_Places_To_Live_In_Switzerland_for_Immigrants\"><\/span>G\u00f6\u00e7menler i\u00e7in \u0130svi\u00e7re'de Ya\u015fanacak En \u0130yi Yerler<span class=\"ez-toc-section-end\"><\/span><\/h2>\n<p><img loading=\"lazy\" decoding=\"async\" class=\"alignnone size-full wp-image-10347\" src=\"https:\/\/moverdb.com\/wp-content\/uploads\/switzerland-bern-best-for-immigrants.jpg\" alt=\"\" width=\"1000\" height=\"605\" data-wp-pid=\"10347\" srcset=\"https:\/\/moverdb.com\/wp-content\/uploads\/switzerland-bern-best-for-immigrants.jpg 1000w, https:\/\/moverdb.com\/wp-content\/uploads\/switzerland-bern-best-for-immigrants-300x182.jpg 300w, https:\/\/moverdb.com\/wp-content\/uploads\/switzerland-bern-best-for-immigrants-18x12.jpg 18w, https:\/\/moverdb.com\/wp-content\/uploads\/switzerland-bern-best-for-immigrants-600x363.jpg 600w\" sizes=\"auto, (max-width: 1000px) 100vw, 1000px\" \/><\/p>\n<p>\u0130svi\u00e7re, \u00fclkede bulunan y\u00fcksek ya\u015fam kalitesi nedeniyle g\u00f6\u00e7 etmek i\u00e7in pop\u00fcler bir yerdir. \u0130svi\u00e7re'nin bir\u00e7ok b\u00fcy\u00fck \u015fehri g\u00f6\u00e7menler i\u00e7in idealdir ve bu durum \u0130svi\u00e7re'nin ba\u015fkenti Bern i\u00e7in de ge\u00e7erlidir.<\/p>\n<p>Bern, Aare Nehri'ndeki bir k\u0131vr\u0131m\u0131n etraf\u0131nda yer al\u0131r ve korunmu\u015f Orta\u00e7a\u011f \u015fehir merkezi nedeniyle UNESCO D\u00fcnya Miras\u0131 Listesi'nde yer alan Eski Kenti ile tan\u0131n\u0131r.<\/p>\n<p>Bern, sa\u011fl\u0131k hizmetleri, toplu ta\u015f\u0131ma ve konaklama gibi t\u00fcm \u00f6nemli fakt\u00f6rleri kapsayan y\u00fcksek bir ya\u015fam kalitesine sahiptir. Bern'in Z\u00fcrih'e \u00e7ok yak\u0131n olmas\u0131, daha yo\u011fun bir \u015fehre yak\u0131n olmak isteyen ancak i\u00e7inde ya\u015famak zorunda olmayanlar i\u00e7in iyi bir se\u00e7enektir.<\/p>\n<p>\u015eehir ayn\u0131 zamanda \u00e7evresindeki do\u011fal g\u00fczellikler nedeniyle hem aileler hem de gurbet\u00e7iler aras\u0131nda pop\u00fclerdir - \u015fehir 130 parka ev sahipli\u011fi yapmaktad\u0131r. Modern bir \u015fehirden bekleyebilece\u011finiz t\u00fcm olanaklar\u0131n yan\u0131 s\u0131ra, i\u00e7ine \u00e7ekebilece\u011finiz \u00e7ok say\u0131da k\u00fclt\u00fcr ve tarihe sahiptir.<\/p>\n<p>Z\u00fcrih g\u00f6\u00e7menler i\u00e7in bir ba\u015fka se\u00e7enektir. \u015eehir, \u00fclkedeki en fazla g\u00f6\u00e7men say\u0131s\u0131na sahiptir ve g\u00f6\u00e7menlere kar\u015f\u0131 \u00e7ok misafirperver ve kabul edicidir.<\/p>\n<h2><span class=\"ez-toc-section\" id=\"Best_Places_To_Live_In_Switzerland_for_Retirement\"><\/span>Emeklilik i\u00e7in \u0130svi\u00e7re'de Ya\u015fanacak En \u0130yi Yerler<span class=\"ez-toc-section-end\"><\/span><\/h2>\n<p><img loading=\"lazy\" decoding=\"async\" class=\"alignnone size-full wp-image-10348\" src=\"https:\/\/moverdb.com\/wp-content\/uploads\/switzerland-lausanne-best-for-retirement.jpg\" alt=\"\" width=\"1000\" height=\"667\" data-wp-pid=\"10348\" srcset=\"https:\/\/moverdb.com\/wp-content\/uploads\/switzerland-lausanne-best-for-retirement.jpg 1000w, https:\/\/moverdb.com\/wp-content\/uploads\/switzerland-lausanne-best-for-retirement-300x200.jpg 300w, https:\/\/moverdb.com\/wp-content\/uploads\/switzerland-lausanne-best-for-retirement-18x12.jpg 18w, https:\/\/moverdb.com\/wp-content\/uploads\/switzerland-lausanne-best-for-retirement-600x400.jpg 600w\" sizes=\"auto, (max-width: 1000px) 100vw, 1000px\" \/><\/p>\n<p>\u0130svi\u00e7re her emeklinin hayalidir - \u00fclke \u00e7ok g\u00fcvenlidir, su\u00e7 oran\u0131 d\u00fc\u015f\u00fckt\u00fcr ve ya\u015fam kalitesi y\u00fcksektir. \u0130svi\u00e7re, \u00fclkelerinde kimlerin emekli olabilece\u011fi konusunda olduk\u00e7a a\u00e7\u0131k bir politikaya sahiptir, ancak bir\u00e7ok \u00fclkede oldu\u011fu gibi, hala yerine getirilmesi gereken baz\u0131 \u015fartlar vard\u0131r ve \u0130svi\u00e7re hala di\u011fer \u00fclkelerden daha pahal\u0131d\u0131r; \u00f6nce ara\u015ft\u0131rman\u0131z\u0131 yapt\u0131\u011f\u0131n\u0131zdan emin olun!<\/p>\n<p>\u0130svi\u00e7re'de nereye yerle\u015fece\u011finize karar vermek s\u00f6z konusu oldu\u011funda aralar\u0131ndan se\u00e7im yapabilece\u011finiz pek \u00e7ok se\u00e7enek vard\u0131r. Lozan \u015fehri, pastoral do\u011fal g\u00fczellikler ile modern \u015fehirlerin rahatl\u0131\u011f\u0131 aras\u0131nda m\u00fckemmel bir denge kurmaktad\u0131r.<\/p>\n<p>Lozan, Cenevre G\u00f6l\u00fc'n\u00fcn Frans\u0131zca konu\u015fulan Vaud kantonunda yer al\u0131r ve Uluslararas\u0131 Olimpiyat Komitesi'nin merkezine ev sahipli\u011fi yapar. Lozan, Cenevre'ye \u00e7ok yak\u0131nd\u0131r; arabayla sadece 45 dakikal\u0131k bir yolculukla huzur ve sessizlik isteyen ancak yine de \u015fehir hayat\u0131na h\u0131zl\u0131 ve kolay bir \u015fekilde eri\u015fmek isteyenler i\u00e7in ideal bir yerdir.<\/p>\n<p>Lozan'da \u00e7ok say\u0131da patika ve y\u00fcr\u00fcy\u00fc\u015f yolu vard\u0131r ve Eski \u015eehir ma\u011fazalar ve \u015firin orta\u00e7a\u011f sokaklar\u0131 ile kapl\u0131d\u0131r.<\/p>\n<p>Winterthur, k\u00fclt\u00fcr ve tarihin yan\u0131 s\u0131ra \u00e7ok say\u0131da ma\u011faza, restoran, pazar ve festivalle dolu olmas\u0131 nedeniyle emekliler i\u00e7in bir ba\u015fka harika se\u00e7enektir.<\/p>\n<h2><span class=\"ez-toc-section\" id=\"Best_Places_To_Live_In_Switzerland_for_Young_Adults\"><\/span>Gen\u00e7 Yeti\u015fkinler \u0130\u00e7in \u0130svi\u00e7re'de Ya\u015fanacak En \u0130yi Yerler<span class=\"ez-toc-section-end\"><\/span><\/h2>\n<p><img loading=\"lazy\" decoding=\"async\" class=\"alignnone size-full wp-image-10349\" src=\"https:\/\/moverdb.com\/wp-content\/uploads\/switzerland-geneva-best-for-young-adults.jpg\" alt=\"\" width=\"1000\" height=\"667\" data-wp-pid=\"10349\" srcset=\"https:\/\/moverdb.com\/wp-content\/uploads\/switzerland-geneva-best-for-young-adults.jpg 1000w, https:\/\/moverdb.com\/wp-content\/uploads\/switzerland-geneva-best-for-young-adults-300x200.jpg 300w, https:\/\/moverdb.com\/wp-content\/uploads\/switzerland-geneva-best-for-young-adults-18x12.jpg 18w, https:\/\/moverdb.com\/wp-content\/uploads\/switzerland-geneva-best-for-young-adults-600x400.jpg 600w\" sizes=\"auto, (max-width: 1000px) 100vw, 1000px\" \/><\/p>\n<p>Cenevre, profesyonel kariyerlerine ba\u015flamak veya ki\u015fisel geli\u015fimlerini ilerletmek isteyen gen\u00e7 yeti\u015fkinler i\u00e7in en iyi \u015fehirlerden biridir. \u015eehir sadece g\u00fcvenli de\u011fil, ayn\u0131 zamanda k\u00fclt\u00fcr, barlar ve restoranlarla doludur - \u015fehir sosyalle\u015fmenin tad\u0131n\u0131 \u00e7\u0131karma ve kolayla\u015ft\u0131rma konusunda bir \u00fcne sahiptir.<\/p>\n<p>Cenevre ayr\u0131ca Z\u00fcrih'ten daha uygun fiyatl\u0131d\u0131r ve Z\u00fcrih'te bulabilece\u011finiz tipik '\u0130svi\u00e7re' deneyiminden biraz uzakla\u015farak k\u00fclt\u00fcrlerin ve topluluklar\u0131n bir kar\u0131\u015f\u0131m\u0131na sahiptir.<\/p>\n<p>Rekabet y\u00fcksek olsa da Cenevre geli\u015fen bir i\u015f piyasas\u0131na sahiptir. Konutlar nispeten uygun fiyatl\u0131d\u0131r ve ak\u015famlar\u0131n\u0131 parti yaparak ge\u00e7irmek isteyenler i\u00e7in \u00e7ok say\u0131da m\u00fczik mekan\u0131, bar ve kul\u00fcp bulunmaktad\u0131r.<\/p>\n<p>Eaux-Vives Cit\u00e9, Cenevre \u015fehir merkezindedir ve barlar\u0131n ve daha modern binalar\u0131n \u00e7o\u011funun bulundu\u011fu yer olma e\u011filimindedir.<\/p>\n<p>Z\u00fcrih gen\u00e7 yeti\u015fkinler i\u00e7in bir ba\u015fka iyi se\u00e7enektir, ancak \u015fehrin daha pahal\u0131 oldu\u011funu unutmay\u0131n. Affoltern, \u015fehrin di\u011fer b\u00f6lgelerine olan iyi ba\u011flant\u0131lar\u0131 nedeniyle gen\u00e7 yeti\u015fkinler aras\u0131nda pop\u00fcler bir b\u00f6lgedir.<\/p>\n<h2><span class=\"ez-toc-section\" id=\"Best_Places_To_Live_In_Switzerland_for_Students\"><\/span>\u00d6\u011frenciler i\u00e7in \u0130svi\u00e7re'de Ya\u015fanacak En \u0130yi Yerler<span class=\"ez-toc-section-end\"><\/span><\/h2>\n<p><img loading=\"lazy\" decoding=\"async\" class=\"alignnone size-full wp-image-10356\" src=\"https:\/\/moverdb.com\/wp-content\/uploads\/switzerland-zurich-best-for-students.jpg\" alt=\"\" width=\"1000\" height=\"664\" data-wp-pid=\"10356\" srcset=\"https:\/\/moverdb.com\/wp-content\/uploads\/switzerland-zurich-best-for-students.jpg 1000w, https:\/\/moverdb.com\/wp-content\/uploads\/switzerland-zurich-best-for-students-300x200.jpg 300w, https:\/\/moverdb.com\/wp-content\/uploads\/switzerland-zurich-best-for-students-18x12.jpg 18w, https:\/\/moverdb.com\/wp-content\/uploads\/switzerland-zurich-best-for-students-600x398.jpg 600w\" sizes=\"auto, (max-width: 1000px) 100vw, 1000px\" \/><\/p>\n<p>\u0130svi\u00e7re, uluslararas\u0131 \u00f6\u011frenciler i\u00e7in \u00e7ok iyi bir \u00fclkedir; g\u00fc\u00e7l\u00fc ekonomisi ve y\u00fcksek ya\u015fam kalitesi ile bu kadar \u00e7ok \u00f6\u011frencinin \u00fclkenin bir\u00e7ok \u00fcniversitesinden birinde bir pozisyon i\u00e7in neden istekli oldu\u011fu \u015fa\u015f\u0131rt\u0131c\u0131 de\u011fildir.<\/p>\n<p>Z\u00fcrih, aday \u00f6\u011frenciler i\u00e7in en iyi \u015fehirdir ve ETH Z\u00fcrih (\u0130svi\u00e7re Federal Teknoloji Enstit\u00fcs\u00fc), Z\u00fcrih \u00dcniversitesi ve Z\u00fcrih Sanat \u00dcniversitesi gibi \u00e7ok y\u00fcksek puanl\u0131 baz\u0131 \u00fcniversitelere ev sahipli\u011fi yapmaktad\u0131r.<\/p>\n<p>Z\u00fcrih, ola\u011fan\u00fcst\u00fc manzaras\u0131 ve g\u00fczel mimarisiyle do\u011fal g\u00fczelliklere sahip bir \u015fehirdir - geli\u015fmekte olan akademisyenler i\u00e7in m\u00fckemmel bir ortam.<\/p>\n<p>Z\u00fcrih'te \u00f6\u011frenci konaklamas\u0131 i\u00e7in \u00e7ok say\u0131da se\u00e7enek vard\u0131r ve bir\u00e7ok \u00fcniversite web sitelerinde konaklama bilgileri sa\u011flar. Daha genel olarak, \u00dcniversite Mahallesi (B\u00f6lge 6'n\u0131n bir par\u00e7as\u0131) Z\u00fcrih \u00dcniversitesi'nde okuyanlar i\u00e7in iyi bir se\u00e7imdir.<\/p>\n<p>Lozan, Ecole Polytechnique F\u00e9d\u00e9rale de Lausanne ve Lozan \u00dcniversitesi gibi bir\u00e7ok y\u00fcksek kaliteli kuruma sahip bir ba\u015fka iyi \u00f6\u011frenci \u015fehridir.<\/p>\n<h2><span class=\"ez-toc-section\" id=\"Best_Places_To_Live_In_Switzerland_for_Food_and_Nightlife\"><\/span>Yemek ve Gece Hayat\u0131 i\u00e7in \u0130svi\u00e7re'de Ya\u015fanacak En \u0130yi Yerler<span class=\"ez-toc-section-end\"><\/span><\/h2>\n<p><img loading=\"lazy\" decoding=\"async\" class=\"alignnone size-full wp-image-10357\" src=\"https:\/\/moverdb.com\/wp-content\/uploads\/switzerland-zurich-best-for-food-nightlife.jpg\" alt=\"\" width=\"1000\" height=\"667\" data-wp-pid=\"10357\" srcset=\"https:\/\/moverdb.com\/wp-content\/uploads\/switzerland-zurich-best-for-food-nightlife.jpg 1000w, https:\/\/moverdb.com\/wp-content\/uploads\/switzerland-zurich-best-for-food-nightlife-300x200.jpg 300w, https:\/\/moverdb.com\/wp-content\/uploads\/switzerland-zurich-best-for-food-nightlife-18x12.jpg 18w, https:\/\/moverdb.com\/wp-content\/uploads\/switzerland-zurich-best-for-food-nightlife-600x400.jpg 600w\" sizes=\"auto, (max-width: 1000px) 100vw, 1000px\" \/><\/p>\n<p>\u0130svi\u00e7re gece hayat\u0131yla \u00fcnl\u00fc olmasa da, parti yapmaktan ho\u015flananlar i\u00e7in \u00fclkede hala \u00e7ok iyi \u015fehirler var. \u00d6zellikle Z\u00fcrih, gece hayat\u0131 konusunda \u00fclkenin en iyi \u015fehirlerinden biri olarak biliniyor.<\/p>\n<p>Z\u00fcrih'te kokteyl barlardan underground m\u00fczik mekanlar\u0131na kadar her t\u00fcrl\u00fc gece hayat\u0131na uygun \u00e7ok \u00e7e\u015fitli bar ve gece kul\u00fcb\u00fc bulunmaktad\u0131r. Z\u00fcrih'te gece hayat\u0131 i\u00e7in en iyi b\u00f6lge Langstrasse'dir.<\/p>\n<p>G\u00fcnd\u00fczleri \u00e7ok say\u0131da al\u0131\u015fveri\u015f alan\u0131n\u0131n, geceleri ise bar ve kul\u00fcplerin bulundu\u011fu pop\u00fcler bir b\u00f6lgedir. Ayr\u0131ca ke\u015ffedilecek \u00e7ok say\u0131da uluslararas\u0131 restoran bulunmaktad\u0131r.<\/p>\n<p>Gece hayat\u0131 i\u00e7in bir di\u011fer harika \u015fehir olan Bern, her t\u00fcrden gece hayat\u0131 merakl\u0131s\u0131na uygun barlar, m\u00fczik mekanlar\u0131 ve kul\u00fcplerle dolu canl\u0131 ve s\u00fcrekli de\u011fi\u015fen bir sahneye sahiptir.<\/p>\n<p>Z\u00fcrih ayn\u0131 zamanda \u0130svi\u00e7re'nin yemek ba\u015fkenti olarak da \u00f6ne \u00e7\u0131kmaktad\u0131r. \u0130svi\u00e7re'de fond\u00fc (eritilmi\u015f peynir, sar\u0131msak ve \u015faraptan olu\u015fan bir tencere), rosti (\u0130svi\u00e7re usul\u00fc m\u00fccver) ve kavrulmu\u015f un \u00e7orbas\u0131 (tereya\u011f\u0131, un, dana sap\u0131 ve rendelenmi\u015f Gruyere) gibi klasik yemekler sunan pek \u00e7ok sokak yeme\u011fi bulunmaktad\u0131r.<\/p>\n<p>Z\u00fcrih'te d\u0131\u015far\u0131da yemek yemekten ho\u015flananlar i\u00e7in her t\u00fcrl\u00fc mutfa\u011f\u0131 sunan \u00e7ok say\u0131da l\u00fcks restoran da bulunmaktad\u0131r.<\/p>\n<p>Cenevre, \u00f6zellikle \u00e7ikolata sevenler olmak \u00fczere yemekten ho\u015flananlar i\u00e7in bir ba\u015fka harika se\u00e7enektir! Z\u00fcrih gibi Cenevre de sokak yemeklerinden y\u00fcksek puanl\u0131 restoranlara kadar farkl\u0131 t\u00fcrde lokantalarla doludur.<\/p>\n<h2><span class=\"ez-toc-section\" id=\"Best_Places_To_Live_In_Switzerland_for_Singles\"><\/span>Bekarlar \u0130\u00e7in \u0130svi\u00e7re'de Ya\u015fanacak En \u0130yi Yerler<span class=\"ez-toc-section-end\"><\/span><\/h2>\n<p><img loading=\"lazy\" decoding=\"async\" class=\"alignnone size-full wp-image-10358\" src=\"https:\/\/moverdb.com\/wp-content\/uploads\/switzerland-lugano-best-for-singles.jpg\" alt=\"\" width=\"1000\" height=\"668\" data-wp-pid=\"10358\" srcset=\"https:\/\/moverdb.com\/wp-content\/uploads\/switzerland-lugano-best-for-singles.jpg 1000w, https:\/\/moverdb.com\/wp-content\/uploads\/switzerland-lugano-best-for-singles-300x200.jpg 300w, https:\/\/moverdb.com\/wp-content\/uploads\/switzerland-lugano-best-for-singles-18x12.jpg 18w, https:\/\/moverdb.com\/wp-content\/uploads\/switzerland-lugano-best-for-singles-600x401.jpg 600w\" sizes=\"auto, (max-width: 1000px) 100vw, 1000px\" \/><\/p>\n<p><span data-preserver-spaces=\"true\">\u0130svi\u00e7re, \u015fehirlerinin g\u00fcvenli\u011fi ve elde edilen y\u00fcksek ya\u015fam kalitesi nedeniyle bekar gurbet\u00e7iler i\u00e7in harika bir \u00fclkedir. Ancak \u0130svi\u00e7re pahal\u0131d\u0131r ve bekar gurbet\u00e7iler ta\u015f\u0131nmadan \u00f6nce rahat\u00e7a ya\u015fayabilecekleri bir b\u00fct\u00e7eye sahip olduklar\u0131ndan emin olmal\u0131d\u0131r.\u00a0<\/span><\/p>\n<p><span data-preserver-spaces=\"true\">Lugano, \u0130svi\u00e7re'nin \u0130talyanca konu\u015fulan g\u00fcney Ticino b\u00f6lgesinde yer almaktad\u0131r. \u015eehir, rahat atmosferi ve ola\u011fan\u00fcst\u00fc do\u011fal manzaras\u0131yla \u00fcnl\u00fcd\u00fcr ve Z\u00fcrih veya Cenevre'den daha ekonomiktir.<\/span><\/p>\n<p><span data-preserver-spaces=\"true\">\u015eehir a\u015fa\u011f\u0131dakilerden biri olarak \u00f6v\u00fcnmektedir\u00a0<\/span><em><span data-preserver-spaces=\"true\">ve<\/span><\/em><span data-preserver-spaces=\"true\">) \u0130svi\u00e7re'nin en g\u00fczel \u015fehridir ve b\u00fcy\u00fck \u00f6l\u00e7\u00fcde <a href=\"https:\/\/moverdb.com\/tr\/moving-to-italy\/\" data-internallinksmanager029f6b8e52c=\"346\" title=\"\u0130talya&#039;ya m\u0131 Ta\u015f\u0131n\u0131yorsunuz? 2026 Ya\u015fam Maliyetleri &amp; Yer De\u011fi\u015ftirme \u0130pu\u00e7lar\u0131\">\u0130talya<\/a>'nin kuzey Lombardiya b\u00f6lgesinde yer almaktad\u0131r. \u00c7ok say\u0131da y\u00fcr\u00fcy\u00fc\u015f, patika ve spor alan\u0131yla a\u00e7\u0131k havay\u0131 sevenler i\u00e7in de harika bir \u015fehirdir.\u00a0<\/span><\/p>\n<p><span data-preserver-spaces=\"true\">Winterthur, bekarlar i\u00e7in iyi bir potansiyel se\u00e7im olan bir ba\u015fka \u015fehirdir. Almanya s\u0131n\u0131r\u0131na yak\u0131n, Z\u00fcrih'in kuzeydo\u011fusunda yer alan \u015fehir sanat, k\u00fclt\u00fcr ve tarihe ilgi duyanlar i\u00e7in harika bir se\u00e7imdir.\u00a0<\/span><\/p>\n<h2><span class=\"ez-toc-section\" id=\"Best_Places_To_Live_In_Switzerland_for_the_LGBT_Community\"><\/span>LGBT+ Toplulu\u011fu i\u00e7in \u0130svi\u00e7re'de Ya\u015fanacak En \u0130yi Yerler<span class=\"ez-toc-section-end\"><\/span><\/h2>\n<p><img loading=\"lazy\" decoding=\"async\" class=\"alignnone size-full wp-image-10359\" src=\"https:\/\/moverdb.com\/wp-content\/uploads\/switzerland-zurich-best-for-lgbt-community.jpg\" alt=\"\" width=\"1000\" height=\"667\" data-wp-pid=\"10359\" srcset=\"https:\/\/moverdb.com\/wp-content\/uploads\/switzerland-zurich-best-for-lgbt-community.jpg 1000w, https:\/\/moverdb.com\/wp-content\/uploads\/switzerland-zurich-best-for-lgbt-community-300x200.jpg 300w, https:\/\/moverdb.com\/wp-content\/uploads\/switzerland-zurich-best-for-lgbt-community-18x12.jpg 18w, https:\/\/moverdb.com\/wp-content\/uploads\/switzerland-zurich-best-for-lgbt-community-600x400.jpg 600w\" sizes=\"auto, (max-width: 1000px) 100vw, 1000px\" \/><\/p>\n<p>Genel olarak \u0130svi\u00e7re, \u00f6zellikle Z\u00fcrih ve Cenevre gibi b\u00fcy\u00fck \u015fehirlerde \u00e7ok ho\u015fg\u00f6r\u00fcl\u00fc ve kabullenici bir \u00fclkedir. \u0130svi\u00e7re'de e\u015fcinsellik yasald\u0131r ancak e\u015fcinsel evlilik hala yasa d\u0131\u015f\u0131 kabul edilmektedir.<\/p>\n<p>Z\u00fcrih, canl\u0131 ve heyecan verici bir gey b\u00f6lgesiyle \u0130svi\u00e7re'nin Gey Ba\u015fkenti olarak an\u0131lmaktad\u0131r. Z\u00fcrih'teki sahne \u00e7ok iddial\u0131 ve kal\u0131c\u0131d\u0131r, baz\u0131 partiler ve kul\u00fcpler sabah\u0131n erken saatlerine kadar s\u00fcrer.<\/p>\n<p>Z\u00fcrih'teki e\u015fcinsel ortam\u0131n\u0131n \u00e7o\u011fu Altstadt ve \u00e7evresinde yo\u011funla\u015fm\u0131\u015ft\u0131r ve \u00e7o\u011fu bar ve kul\u00fcp 1. B\u00f6lge ve 4. B\u00f6lge'de (Langstrasse) yer almaktad\u0131r. Niederdorf b\u00f6lgesi Avrupa'n\u0131n en eski gey barlar\u0131ndan biri olan Barf\u00fcsser'e ev sahipli\u011fi yapmaktad\u0131r.<\/p>\n<p>Cenevre, LGBT+ toplulu\u011fu \u00fcyeleri i\u00e7in d\u00fc\u015f\u00fcn\u00fclmesi gereken bir ba\u015fka \u015fehirdir. Burada \u00e7ok say\u0131da LGBT+ bar\u0131 bulunmaktad\u0131r ve \u015fehir ayr\u0131ca y\u0131l boyunca toplulu\u011fu kutlamak ve onurland\u0131rmak i\u00e7in yo\u011fun partiler d\u00fczenlemektedir.<\/p>\n<h2><span class=\"ez-toc-section\" id=\"Best_Places_To_Live_In_Switzerland_for_the_Weather\"><\/span>\u0130svi\u00e7re'de Hava Durumu A\u00e7\u0131s\u0131ndan Ya\u015fanabilecek En \u0130yi Yerler<span class=\"ez-toc-section-end\"><\/span><\/h2>\n<p><img loading=\"lazy\" decoding=\"async\" class=\"alignnone size-full wp-image-10360\" src=\"https:\/\/moverdb.com\/wp-content\/uploads\/switzerland-locano-best-for-weather.jpg\" alt=\"\" width=\"1000\" height=\"664\" data-wp-pid=\"10360\" srcset=\"https:\/\/moverdb.com\/wp-content\/uploads\/switzerland-locano-best-for-weather.jpg 1000w, https:\/\/moverdb.com\/wp-content\/uploads\/switzerland-locano-best-for-weather-300x200.jpg 300w, https:\/\/moverdb.com\/wp-content\/uploads\/switzerland-locano-best-for-weather-18x12.jpg 18w, https:\/\/moverdb.com\/wp-content\/uploads\/switzerland-locano-best-for-weather-600x398.jpg 600w\" sizes=\"auto, (max-width: 1000px) 100vw, 1000px\" \/><\/p>\n<p>\u0130svi\u00e7re, \u0131l\u0131man ve yumu\u015fak hava ile karakterize edilen \u0131l\u0131man bir iklim b\u00f6lgesinde yer almaktad\u0131r. \u00dclke ayr\u0131ca d\u00f6rt farkl\u0131 mevsime sahiptir.<\/p>\n<p>Locarno, \u0130svi\u00e7re'nin g\u00fcneyindeki Maggiore G\u00f6l\u00fc \u00fczerinde yer al\u0131r ve \u00fclkenin en s\u0131cak \u015fehirlerinden biridir. Ayr\u0131ca \u0130svi\u00e7re genelinde en fazla g\u00fcne\u015fli g\u00fcne sahip olan \u015fehirdir, bu nedenle s\u00fcrekli g\u00fczel bir hava uman gurbet\u00e7iler i\u00e7in m\u00fckemmel bir se\u00e7enektir.<\/p>\n<p>K\u0131\u015flar bir \u0130svi\u00e7re kenti i\u00e7in bekledi\u011finizden \u00e7ok daha \u0131l\u0131mand\u0131r ve Locarno'da yazlar s\u0131cak, kuru ve g\u00fcne\u015flidir.<\/p>\n<p>Bellinzona, \u0130svi\u00e7re'ye ta\u015f\u0131n\u0131rken iyi bir hava umanlar i\u00e7in bir ba\u015fka harika se\u00e7imdir. Bellinzona, Lugano G\u00f6l\u00fc'nden biraz daha uzakta oldu\u011fu i\u00e7in \u00f6zellikle s\u0131cak yazlara ve en so\u011fuk k\u0131\u015f gecelerinden baz\u0131lar\u0131na sahiptir.<\/p>\n<h2><span class=\"ez-toc-section\" id=\"Best_Places_To_Live_In_Switzerland_Near_Mountains\"><\/span>\u0130svi\u00e7re'de Da\u011flara Yak\u0131n Ya\u015fanacak En \u0130yi Yerler<span class=\"ez-toc-section-end\"><\/span><\/h2>\n<p><img loading=\"lazy\" decoding=\"async\" class=\"alignnone size-full wp-image-10361\" src=\"https:\/\/moverdb.com\/wp-content\/uploads\/switzerland-interlaken-best-for-mountains.jpg\" alt=\"\" width=\"1000\" height=\"563\" data-wp-pid=\"10361\" srcset=\"https:\/\/moverdb.com\/wp-content\/uploads\/switzerland-interlaken-best-for-mountains.jpg 1000w, https:\/\/moverdb.com\/wp-content\/uploads\/switzerland-interlaken-best-for-mountains-300x169.jpg 300w, https:\/\/moverdb.com\/wp-content\/uploads\/switzerland-interlaken-best-for-mountains-18x10.jpg 18w, https:\/\/moverdb.com\/wp-content\/uploads\/switzerland-interlaken-best-for-mountains-600x338.jpg 600w\" sizes=\"auto, (max-width: 1000px) 100vw, 1000px\" \/><\/p>\n<p>\u0130svi\u00e7re'de da\u011f s\u0131k\u0131nt\u0131s\u0131 yoktur ve \u00fclke genelinde da\u011f severler i\u00e7in ideal olan pek \u00e7ok yer vard\u0131r. \u0130svi\u00e7re'nin merkezinde yer alan tatil kenti Interlaken, deniz seviyesinden 566 m (1.857 ft) y\u00fckseklikte olup her iki taraf\u0131nda da muhte\u015fem g\u00f6ller bulunmaktad\u0131r.<\/p>\n<p>Interlaken, kanyon ge\u00e7i\u015fi, nehir raftingi ve skydiving gibi daha tehlikeli sporlardan ve a\u00e7\u0131k hava etkinliklerinden ho\u015flanan bir\u00e7ok insan\u0131n buraya ak\u0131n etmesi nedeniyle \u0130svi\u00e7re'nin macera ba\u015fkenti olarak bilinir.<\/p>\n<p>A\u00e7\u0131k havada bolca vakit ge\u00e7irmek isteyen ve kap\u0131lar\u0131n\u0131n hemen \u00f6n\u00fcnde g\u00fczel da\u011flar bulmay\u0131 uman do\u011fa severler i\u00e7in de m\u00fckemmeldir. Interlaken \u00e7evresinde \u00e7ok say\u0131da gezi se\u00e7ene\u011fi vard\u0131r ve heyecan arayanlar i\u00e7in idealdir.<\/p>\n<p>Luzern, da\u011flar\u0131 sevenler i\u00e7in bir ba\u015fka se\u00e7enektir, \u00e7\u00fcnk\u00fc \u015fehir \u00fcnl\u00fc Pilatus Da\u011f\u0131'na bakmaktad\u0131r, ancak Luzern ve \u00e7evresinde \u00e7ok say\u0131da ba\u015fka zirve de vard\u0131r.<\/p>\n<h2><span class=\"ez-toc-section\" id=\"Other_Useful_Guides_to_Switzerland\"><\/span>\u0130svi\u00e7re i\u00e7in Di\u011fer Faydal\u0131 Rehberler<span class=\"ez-toc-section-end\"><\/span><\/h2>\n<ul>\n<li> <a href=\"https:\/\/moverdb.com\/tr\/konteyner-tasimaciligi\/isvicre\/\">2024 \u0130svi\u00e7re'ye ve \u0130svi\u00e7re'den Deniz Ta\u015f\u0131mac\u0131l\u0131\u011f\u0131 Konteyner Nakliye Fiyatlar\u0131<\/a><\/li>\n<li> <a href=\"https:\/\/moverdb.com\/tr\/tasinma-si%cc%87rketleri%cc%87\/moving-companies-switzerland\/\">26 \u0130svi\u00e7re'deki En \u0130yi Uluslararas\u0131 Nakliye \u015eirketleri<\/a><\/li>\n<li> <a href=\"https:\/\/moverdb.com\/tr\/moving-to-switzerland\/\">\u0130svi\u00e7re'ye mi ta\u015f\u0131n\u0131yorsunuz? 2026 Ya\u015fam Maliyetleri &amp; Yer De\u011fi\u015ftirme \u0130pu\u00e7lar\u0131<\/a><\/li>\n<li> <a href=\"https:\/\/moverdb.com\/tr\/moving-to-switzerland\/living-in-switzerland\/\">\u0130svi\u00e7re'de Ya\u015famak Hakk\u0131nda Ta\u015f\u0131nmadan \u00d6nce Bilmeniz Gereken 21 S\u0131r<\/a><\/li>\n<li> <a href=\"https:\/\/moverdb.com\/tr\/moving-to-switzerland\/switzerland-from-us\/\">Amerika Birle\u015fik Devletleri'nden \u0130svi\u00e7re'ye Ta\u015f\u0131nma<\/a><\/li>\n<li> <a href=\"https:\/\/moverdb.com\/tr\/moving-to-switzerland\/moving-to-geneva\/\">Cenevre'ye mi ta\u015f\u0131n\u0131yorsunuz? 2026 Ya\u015fam Maliyetleri &amp; Yer De\u011fi\u015ftirme \u0130pu\u00e7lar\u0131<\/a><\/li>\n<li> <a href=\"https:\/\/moverdb.com\/tr\/moving-to-switzerland\/moving-to-zurich\/\">Z\u00fcrih'e mi ta\u015f\u0131n\u0131yorsunuz? 2026 Ya\u015fam Maliyetleri &amp; Yer De\u011fi\u015ftirme \u0130pu\u00e7lar\u0131<\/a><\/li>\n<li> <a href=\"https:\/\/moverdb.com\/tr\/moving-to-switzerland\/moving-to-switzerland-from-bahrain\/\">Bahreyn'den \u0130svi\u00e7re'ye Ta\u015f\u0131nma<\/a><\/li>\n<li> <a href=\"https:\/\/moverdb.com\/tr\/moving-to-switzerland\/moving-to-switzerland-from-the-uae\/\">Dubai ve BAE'den \u0130svi\u00e7re'ye Ta\u015f\u0131nma<\/a><\/li>\n<li> <a href=\"https:\/\/moverdb.com\/tr\/moving-to-switzerland\/moving-to-switzerland-from-kuwait\/\">Kuveyt'ten \u0130svi\u00e7re'ye Ta\u015f\u0131nma<\/a><\/li>\n<li> <a href=\"https:\/\/moverdb.com\/tr\/moving-to-switzerland\/moving-to-switzerland-from-qatar\/\">Katar'dan \u0130svi\u00e7re'ye Ta\u015f\u0131nma<\/a><\/li>\n<li> <a href=\"https:\/\/moverdb.com\/tr\/moving-to-switzerland\/moving-to-lausanne\/\">Lozan'a m\u0131 ta\u015f\u0131n\u0131yorsunuz? 2024 Ya\u015fam Maliyetleri &amp; Yer De\u011fi\u015ftirme \u0130pu\u00e7lar\u0131<\/a><\/li>\n<\/ul>","protected":false},"excerpt":{"rendered":"<p>If you\u2019re hoping to relocate somewhere new, then Switzerland could be the ideal country for you! Switzerland reportedly has a very high quality of life, with low unemployment rates, a stable economy and a good work-to-life balance. Let\u2019s take a look at the best places to live in Switzerland for work, families, immigration, retirement, and [&hellip;]<\/p>\n","protected":false},"author":1,"featured_media":0,"parent":4932,"menu_order":0,"comment_status":"closed","ping_status":"closed","template":"","meta":{"_genesis_hide_title":false,"_genesis_hide_breadcrumbs":false,"_genesis_hide_singular_image":false,"_genesis_hide_footer_widgets":false,"_genesis_custom_body_class":"","_genesis_custom_post_class":"","_genesis_layout":"","footnotes":""},"class_list":{"0":"post-17141","1":"page","2":"type-page","3":"status-publish","5":"entry"},"_links":{"self":[{"href":"https:\/\/moverdb.com\/tr\/wp-json\/wp\/v2\/pages\/17141","targetHints":{"allow":["GET"]}}],"collection":[{"href":"https:\/\/moverdb.com\/tr\/wp-json\/wp\/v2\/pages"}],"about":[{"href":"https:\/\/moverdb.com\/tr\/wp-json\/wp\/v2\/types\/page"}],"author":[{"embeddable":true,"href":"https:\/\/moverdb.com\/tr\/wp-json\/wp\/v2\/users\/1"}],"replies":[{"embeddable":true,"href":"https:\/\/moverdb.com\/tr\/wp-json\/wp\/v2\/comments?post=17141"}],"version-history":[{"count":6,"href":"https:\/\/moverdb.com\/tr\/wp-json\/wp\/v2\/pages\/17141\/revisions"}],"predecessor-version":[{"id":18411,"href":"https:\/\/moverdb.com\/tr\/wp-json\/wp\/v2\/pages\/17141\/revisions\/18411"}],"up":[{"embeddable":true,"href":"https:\/\/moverdb.com\/tr\/wp-json\/wp\/v2\/pages\/4932"}],"wp:attachment":[{"href":"https:\/\/moverdb.com\/tr\/wp-json\/wp\/v2\/media?parent=17141"}],"curies":[{"name":"wp","href":"https:\/\/api.w.org\/{rel}","templated":true}]}}