{"id":17086,"date":"2024-06-25T12:09:29","date_gmt":"2024-06-25T12:09:29","guid":{"rendered":"https:\/\/moverdb.com\/?page_id=17086"},"modified":"2026-01-08T15:03:00","modified_gmt":"2026-01-08T15:03:00","slug":"best-places-to-live-belgium","status":"publish","type":"page","link":"https:\/\/moverdb.com\/tr\/moving-to-belgium\/best-places-to-live-belgium\/","title":{"rendered":"Bel\u00e7ika'da Ya\u015fanacak En \u0130yi 12 Yer"},"content":{"rendered":"<p><a href=\"https:\/\/moverdb.com\/tr\/moving-to-belgium\/\" data-internallinksmanager029f6b8e52c=\"323\" title=\"Bel\u00e7ika&#039;ya m\u0131 Ta\u015f\u0131n\u0131yorsunuz? 2026 Ya\u015fam Maliyetleri &amp; Yer De\u011fi\u015ftirme \u0130pu\u00e7lar\u0131\">Bel\u00e7ika<\/a> (resmi ad\u0131yla Bel\u00e7ika Krall\u0131\u011f\u0131) Bat\u0131 Avrupa'da yer al\u0131r ve en \u00e7ok Avrupa Birli\u011fi ve NATO'nun merkezi olmas\u0131yla bilinir.<\/p>\n<p>Y\u00fcksek ya\u015fam standartlar\u0131, g\u00fczel mimarisi ve d\u00fc\u015f\u00fck su\u00e7 oranlar\u0131 Bel\u00e7ika'y\u0131 d\u00fcnyan\u0131n d\u00f6rt bir yan\u0131ndan gelen gurbet\u00e7iler i\u00e7in pop\u00fcler bir yer haline getirmektedir.<\/p>\n<p>Bel\u00e7ika'da ya\u015famak i\u00e7in en iyi yerlerden baz\u0131lar\u0131na bir g\u00f6z atal\u0131m.<\/p>\n<div id=\"ez-toc-container\" class=\"ez-toc-v2_0_82_2 ez-toc-wrap-left counter-hierarchy ez-toc-counter ez-toc-transparent ez-toc-container-direction\">\n<div class=\"ez-toc-title-container\">\n<p class=\"ez-toc-title\" style=\"cursor:inherit\">B\u00f6l\u00fcmler<\/p>\n<span class=\"ez-toc-title-toggle\"><a href=\"#\" class=\"ez-toc-pull-right ez-toc-btn ez-toc-btn-xs ez-toc-btn-default ez-toc-toggle\" aria-label=\"\u0130\u00e7indekiler Tablosunu A\u00e7\/Kapat\"><span class=\"ez-toc-js-icon-con\"><span class=\"\"><span class=\"eztoc-hide\" style=\"display:none;\">Ge\u00e7i\u015f<\/span><span class=\"ez-toc-icon-toggle-span\"><svg style=\"fill: #999;color:#999\" xmlns=\"http:\/\/www.w3.org\/2000\/svg\" class=\"list-377408\" width=\"20px\" height=\"20px\" viewbox=\"0 0 24 24\" fill=\"none\"><path d=\"M6 6H4v2h2V6zm14 0H8v2h12V6zM4 11h2v2H4v-2zm16 0H8v2h12v-2zM4 16h2v2H4v-2zm16 0H8v2h12v-2z\" fill=\"currentColor\"><\/path><\/svg><svg style=\"fill: #999;color:#999\" class=\"arrow-unsorted-368013\" xmlns=\"http:\/\/www.w3.org\/2000\/svg\" width=\"10px\" height=\"10px\" viewbox=\"0 0 24 24\" version=\"1.2\" baseprofile=\"tiny\"><path d=\"M18.2 9.3l-6.2-6.3-6.2 6.3c-.2.2-.3.4-.3.7s.1.5.3.7c.2.2.4.3.7.3h11c.3 0 .5-.1.7-.3.2-.2.3-.5.3-.7s-.1-.5-.3-.7zM5.8 14.7l6.2 6.3 6.2-6.3c.2-.2.3-.5.3-.7s-.1-.5-.3-.7c-.2-.2-.4-.3-.7-.3h-11c-.3 0-.5.1-.7.3-.2.2-.3.5-.3.7s.1.5.3.7z\"\/><\/svg><\/span><\/span><\/span><\/a><\/span><\/div>\n<nav><ul class='ez-toc-list ez-toc-list-level-1 eztoc-toggle-hide-by-default' ><li class='ez-toc-page-1 ez-toc-heading-level-2'><a class=\"ez-toc-link ez-toc-heading-1\" href=\"https:\/\/moverdb.com\/tr\/moving-to-belgium\/best-places-to-live-belgium\/#Best_Places_To_Live_In_Belgium\" >Bel\u00e7ika'da Ya\u015fanacak En \u0130yi Yerler<\/a><\/li><li class='ez-toc-page-1 ez-toc-heading-level-2'><a class=\"ez-toc-link ez-toc-heading-2\" href=\"https:\/\/moverdb.com\/tr\/moving-to-belgium\/best-places-to-live-belgium\/#Best_Places_To_Live_In_Belgium_for_Work\" >Bel\u00e7ika'da \u00c7al\u0131\u015fmak \u0130\u00e7in Ya\u015fanabilecek En \u0130yi Yerler<\/a><\/li><li class='ez-toc-page-1 ez-toc-heading-level-2'><a class=\"ez-toc-link ez-toc-heading-3\" href=\"https:\/\/moverdb.com\/tr\/moving-to-belgium\/best-places-to-live-belgium\/#Cheapest_Places_to_Live_In_Belgium\" >Bel\u00e7ika'da Ya\u015famak \u0130\u00e7in En Ucuz Yerler<\/a><\/li><li class='ez-toc-page-1 ez-toc-heading-level-2'><a class=\"ez-toc-link ez-toc-heading-4\" href=\"https:\/\/moverdb.com\/tr\/moving-to-belgium\/best-places-to-live-belgium\/#Best_Places_To_Live_In_Belgium_for_Families\" >Bel\u00e7ika'da Aileler \u0130\u00e7in Ya\u015fanacak En \u0130yi Yerler<\/a><\/li><li class='ez-toc-page-1 ez-toc-heading-level-2'><a class=\"ez-toc-link ez-toc-heading-5\" href=\"https:\/\/moverdb.com\/tr\/moving-to-belgium\/best-places-to-live-belgium\/#Best_Places_To_Live_In_Belgium_for_Immigrants\" >G\u00f6\u00e7menler i\u00e7in Bel\u00e7ika'da Ya\u015fanacak En \u0130yi Yerler<\/a><\/li><li class='ez-toc-page-1 ez-toc-heading-level-2'><a class=\"ez-toc-link ez-toc-heading-6\" href=\"https:\/\/moverdb.com\/tr\/moving-to-belgium\/best-places-to-live-belgium\/#Best_Places_To_Live_In_Belgium_for_Retirement\" >Emeklilik i\u00e7in Bel\u00e7ika'da Ya\u015fanacak En \u0130yi Yerler<\/a><\/li><li class='ez-toc-page-1 ez-toc-heading-level-2'><a class=\"ez-toc-link ez-toc-heading-7\" href=\"https:\/\/moverdb.com\/tr\/moving-to-belgium\/best-places-to-live-belgium\/#Best_Places_To_Live_In_Belgium_for_Young_Adults\" >Gen\u00e7 Yeti\u015fkinler \u0130\u00e7in Bel\u00e7ika'da Ya\u015fanacak En \u0130yi Yerler<\/a><\/li><li class='ez-toc-page-1 ez-toc-heading-level-2'><a class=\"ez-toc-link ez-toc-heading-8\" href=\"https:\/\/moverdb.com\/tr\/moving-to-belgium\/best-places-to-live-belgium\/#Best_Places_To_Live_In_Belgium_for_Students\" >\u00d6\u011frenciler i\u00e7in Bel\u00e7ika'da Ya\u015fanacak En \u0130yi Yerler<\/a><\/li><li class='ez-toc-page-1 ez-toc-heading-level-2'><a class=\"ez-toc-link ez-toc-heading-9\" href=\"https:\/\/moverdb.com\/tr\/moving-to-belgium\/best-places-to-live-belgium\/#Best_Places_To_Live_In_Belgium_for_Food_and_Nightlife\" >Bel\u00e7ika'da Yemek ve Gece Hayat\u0131 \u0130\u00e7in Ya\u015fanabilecek En \u0130yi Yerler<\/a><\/li><li class='ez-toc-page-1 ez-toc-heading-level-2'><a class=\"ez-toc-link ez-toc-heading-10\" href=\"https:\/\/moverdb.com\/tr\/moving-to-belgium\/best-places-to-live-belgium\/#Best_Places_To_Live_In_Belgium_for_Singles\" >Bekarlar \u0130\u00e7in Bel\u00e7ika'da Ya\u015fanacak En \u0130yi Yerler<\/a><\/li><li class='ez-toc-page-1 ez-toc-heading-level-2'><a class=\"ez-toc-link ez-toc-heading-11\" href=\"https:\/\/moverdb.com\/tr\/moving-to-belgium\/best-places-to-live-belgium\/#Best_Places_To_Live_In_Belgium_for_the_LGBT_Community\" >LGBT+ Toplulu\u011fu i\u00e7in Bel\u00e7ika'da Ya\u015fanacak En \u0130yi Yerler<\/a><\/li><li class='ez-toc-page-1 ez-toc-heading-level-2'><a class=\"ez-toc-link ez-toc-heading-12\" href=\"https:\/\/moverdb.com\/tr\/moving-to-belgium\/best-places-to-live-belgium\/#Best_Places_To_Live_In_Belgium_for_the_Weather\" >Bel\u00e7ika'da Hava Durumu A\u00e7\u0131s\u0131ndan Ya\u015fanabilecek En \u0130yi Yerler<\/a><\/li><li class='ez-toc-page-1 ez-toc-heading-level-2'><a class=\"ez-toc-link ez-toc-heading-13\" href=\"https:\/\/moverdb.com\/tr\/moving-to-belgium\/best-places-to-live-belgium\/#Best_Places_To_Live_In_Belgium_Near_Beaches\" >Bel\u00e7ika'da Sahillere Yak\u0131n Ya\u015famak \u0130\u00e7in En \u0130yi Yerler<\/a><\/li><li class='ez-toc-page-1 ez-toc-heading-level-2'><a class=\"ez-toc-link ez-toc-heading-14\" href=\"https:\/\/moverdb.com\/tr\/moving-to-belgium\/best-places-to-live-belgium\/#Other_Useful_Guides_to_Belgium\" >Bel\u00e7ika \u0130\u00e7in Di\u011fer Faydal\u0131 K\u0131lavuzlar<\/a><\/li><\/ul><\/nav><\/div>\n<h2><span class=\"ez-toc-section\" id=\"Best_Places_To_Live_In_Belgium\"><\/span>Bel\u00e7ika'da Ya\u015fanacak En \u0130yi Yerler<span class=\"ez-toc-section-end\"><\/span><\/h2>\n\n<table id=\"tablepress-329\" class=\"tablepress tablepress-id-329\">\n<thead>\n<tr class=\"row-1\">\n\t<th class=\"column-1\">\u015eehir <\/th><th class=\"column-2\">Sebep <\/th>\n<\/tr>\n<\/thead>\n<tbody class=\"row-striping row-hover\">\n<tr class=\"row-2\">\n\t<td class=\"column-1\">Br\u00fcksel<\/td><td class=\"column-2\">\u0130\u015f i\u00e7in en iyisi<\/td>\n<\/tr>\n<tr class=\"row-3\">\n\t<td class=\"column-1\">Ghent<\/td><td class=\"column-2\">Uygun fiyat i\u00e7in en iyisi<\/td>\n<\/tr>\n<tr class=\"row-4\">\n\t<td class=\"column-1\">Br\u00fcksel, Ixelles<\/td><td class=\"column-2\">Aileler i\u00e7in en iyisi<\/td>\n<\/tr>\n<tr class=\"row-5\">\n\t<td class=\"column-1\">Antwerp<\/td><td class=\"column-2\">G\u00f6\u00e7menler i\u00e7in en iyisi<\/td>\n<\/tr>\n<tr class=\"row-6\">\n\t<td class=\"column-1\">Bruges<\/td><td class=\"column-2\">Emeklilik i\u00e7in en iyisi<\/td>\n<\/tr>\n<tr class=\"row-7\">\n\t<td class=\"column-1\">Ghent, Dok Noord<\/td><td class=\"column-2\">Gen\u00e7 yeti\u015fkinler i\u00e7in en iyisi<\/td>\n<\/tr>\n<tr class=\"row-8\">\n\t<td class=\"column-1\">Leuven<\/td><td class=\"column-2\">\u00d6\u011frenciler i\u00e7in en iyisi<\/td>\n<\/tr>\n<tr class=\"row-9\">\n\t<td class=\"column-1\">Antwerp<\/td><td class=\"column-2\">Yemek ve gece hayat\u0131 i\u00e7in en iyisi<\/td>\n<\/tr>\n<tr class=\"row-10\">\n\t<td class=\"column-1\">Br\u00fcksel<\/td><td class=\"column-2\">Bekarlar i\u00e7in en iyisi<\/td>\n<\/tr>\n<tr class=\"row-11\">\n\t<td class=\"column-1\">Ghent<\/td><td class=\"column-2\">LGBT+ toplulu\u011fu i\u00e7in en iyisi<\/td>\n<\/tr>\n<tr class=\"row-12\">\n\t<td class=\"column-1\">Bruges<\/td><td class=\"column-2\">Hava durumu i\u00e7in en iyisi<\/td>\n<\/tr>\n<tr class=\"row-13\">\n\t<td class=\"column-1\">Bredene<\/td><td class=\"column-2\">Plajlar i\u00e7in en iyisi<\/td>\n<\/tr>\n<\/tbody>\n<\/table>\n<!-- #tablepress-329 from cache -->\n<h2><span class=\"ez-toc-section\" id=\"Best_Places_To_Live_In_Belgium_for_Work\"><\/span>Bel\u00e7ika'da \u00c7al\u0131\u015fmak \u0130\u00e7in Ya\u015fanabilecek En \u0130yi Yerler<span class=\"ez-toc-section-end\"><\/span><\/h2>\n<p><img loading=\"lazy\" decoding=\"async\" class=\"alignnone size-full wp-image-10455\" src=\"https:\/\/moverdb.com\/wp-content\/uploads\/belgium-brussels-best-for-work.jpg\" alt=\"\" width=\"1000\" height=\"667\" data-wp-pid=\"10455\" srcset=\"https:\/\/moverdb.com\/wp-content\/uploads\/belgium-brussels-best-for-work.jpg 1000w, https:\/\/moverdb.com\/wp-content\/uploads\/belgium-brussels-best-for-work-300x200.jpg 300w, https:\/\/moverdb.com\/wp-content\/uploads\/belgium-brussels-best-for-work-18x12.jpg 18w, https:\/\/moverdb.com\/wp-content\/uploads\/belgium-brussels-best-for-work-600x400.jpg 600w\" sizes=\"auto, (max-width: 1000px) 100vw, 1000px\" \/><\/p>\n<p>Br\u00fcksel, Bel\u00e7ika'n\u0131n ba\u015fkentidir ve i\u015f arayan gurbet\u00e7iler i\u00e7in en pop\u00fcler Bel\u00e7ika \u015fehridir. Br\u00fcksel, Avrupa'n\u0131n idari merkezi olarak hareket eden bir\u00e7ok Avrupa kurumuna ev sahipli\u011fi yapmaktad\u0131r.<\/p>\n<p>Br\u00fcksel'de elektronik, kimya, bas\u0131m, yay\u0131nc\u0131l\u0131k, giyim, telekom\u00fcnikasyon ve g\u0131da end\u00fcstrisi gibi bir\u00e7ok geli\u015fen end\u00fcstri bulunmaktad\u0131r.<\/p>\n<p>Br\u00fcksel \u00e7ok aktif bir i\u015f piyasas\u0131na sahip olsa da, AB vatanda\u015f\u0131 olmayanlar, \u015fehrin Avrupa d\u0131\u015f\u0131ndan i\u015fe al\u0131m yapmadan \u00f6nce yerine getirmesi gereken b\u00fcrokratik gereklilikler nedeniyle bir pozisyon bulmakta zorlanabilirler.<\/p>\n<p>Buna ra\u011fmen, gurbet\u00e7ilerin Br\u00fcksel'de bir \u00e7al\u0131\u015fma pozisyonu bulmalar\u0131na yard\u0131mc\u0131 olacak pek \u00e7ok \u00e7evrimi\u00e7i kaynak mevcuttur. A\u011f kurman\u0131n \u015fehirde bir rol bulmak i\u00e7in pop\u00fcler bir y\u00f6ntem oldu\u011funu unutmay\u0131n, bu nedenle meslekta\u015f ve tan\u0131d\u0131k \u00e7evrenizi geni\u015fletmeniz \u00f6nerilir.<\/p>\n<p>Antwerp, \u00f6zellikle yarat\u0131c\u0131 veya perakende alan\u0131ndaki profesyoneller i\u00e7in bir ba\u015fka iyi \u015fehirdir. Antwerp, sanat, moda ve k\u00fclt\u00fcr\u00fcn \u00f6ncelikli oldu\u011fu \u00e7ok yarat\u0131c\u0131 bir atmosfere sahiptir.<\/p>\n<h2><span class=\"ez-toc-section\" id=\"Cheapest_Places_to_Live_In_Belgium\"><\/span>Bel\u00e7ika'da Ya\u015famak \u0130\u00e7in En Ucuz Yerler<span class=\"ez-toc-section-end\"><\/span><\/h2>\n<p><img loading=\"lazy\" decoding=\"async\" class=\"alignnone size-full wp-image-10457\" src=\"https:\/\/moverdb.com\/wp-content\/uploads\/belgium-gent-best-for-affordability.jpg\" alt=\"\" width=\"1000\" height=\"667\" data-wp-pid=\"10457\" srcset=\"https:\/\/moverdb.com\/wp-content\/uploads\/belgium-gent-best-for-affordability.jpg 1000w, https:\/\/moverdb.com\/wp-content\/uploads\/belgium-gent-best-for-affordability-300x200.jpg 300w, https:\/\/moverdb.com\/wp-content\/uploads\/belgium-gent-best-for-affordability-18x12.jpg 18w, https:\/\/moverdb.com\/wp-content\/uploads\/belgium-gent-best-for-affordability-600x400.jpg 600w\" sizes=\"auto, (max-width: 1000px) 100vw, 1000px\" \/><\/p>\n<p>Ghent bir <a href=\"https:\/\/moverdb.com\/tr\/top-49-container-ports\/\" data-internallinksmanager029f6b8e52c=\"80\" title=\"2025 Y\u0131l\u0131nda En B\u00fcy\u00fck ve En Yo\u011fun 49 Konteyner Liman\u0131\">Liman<\/a> Bel\u00e7ika'n\u0131n kuzeybat\u0131s\u0131nda, Leie ve Scheldt nehirleri aras\u0131nda yer alan \u015fehir. Bir \u00fcniversite kenti olan \u015fehirde ya\u015fam ve konaklama maliyetleri baz\u0131 b\u00fcy\u00fck \u015fehirlere g\u00f6re daha uygundur.<\/p>\n<p>Gent, rahat bir atmosfere sahip \u00e7ok b\u00fcy\u00fcleyici bir \u015fehirdir. \u015eehir kendini \u00e7evreye adam\u0131\u015ft\u0131r ve ekoturizm \u015fehir hayat\u0131n\u0131n b\u00fcy\u00fck bir par\u00e7as\u0131d\u0131r.<\/p>\n<p>Bel\u00e7ika'daki fiyatlar bir b\u00fct\u00fcn olarak Avrupa'n\u0131n geri kalan\u0131na k\u0131yasla \u00e7ok pahal\u0131 de\u011fildir. G\u0131da fiyatlar\u0131 Avrupa ortalamas\u0131n\u0131n y\u00fczde sekiz \u00fczerindeyken, alkol ve t\u00fct\u00fcn yakla\u015f\u0131k y\u00fczde \u00fc\u00e7 daha ucuzdur.<\/p>\n<p>Namur, Bel\u00e7ika'n\u0131n g\u00fcneyinde Frans\u0131zca konu\u015fulan bir b\u00f6lge olan Valonya'da yer alan bir \u015fehirdir ve daha k\u00fc\u00e7\u00fck bir b\u00fct\u00e7eye sahip olmak isteyenler i\u00e7in bir ba\u015fka potansiyel se\u00e7enektir. Valonya'daki konut piyasas\u0131 Br\u00fcksel'den daha ucuzdur, bu nedenle potansiyel ev sahipleri Bel\u00e7ika'n\u0131n bu b\u00f6lgesini ak\u0131llar\u0131nda tutmal\u0131d\u0131r.<\/p>\n<h2><span class=\"ez-toc-section\" id=\"Best_Places_To_Live_In_Belgium_for_Families\"><\/span>Bel\u00e7ika'da Aileler \u0130\u00e7in Ya\u015fanacak En \u0130yi Yerler<span class=\"ez-toc-section-end\"><\/span><\/h2>\n<p><img loading=\"lazy\" decoding=\"async\" class=\"alignnone size-full wp-image-10459\" src=\"https:\/\/moverdb.com\/wp-content\/uploads\/belgium-brussels-best-for-families.jpg\" alt=\"\" width=\"1000\" height=\"667\" data-wp-pid=\"10459\" srcset=\"https:\/\/moverdb.com\/wp-content\/uploads\/belgium-brussels-best-for-families.jpg 1000w, https:\/\/moverdb.com\/wp-content\/uploads\/belgium-brussels-best-for-families-300x200.jpg 300w, https:\/\/moverdb.com\/wp-content\/uploads\/belgium-brussels-best-for-families-18x12.jpg 18w, https:\/\/moverdb.com\/wp-content\/uploads\/belgium-brussels-best-for-families-600x400.jpg 600w\" sizes=\"auto, (max-width: 1000px) 100vw, 1000px\" \/><\/p>\n<p>Bel\u00e7ika, di\u011fer baz\u0131 se\u00e7eneklere g\u00f6re daha pahal\u0131 olsa da, aile kurmak i\u00e7in iyi bir Avrupa \u00fclkesi olarak kabul edilmektedir. Buna ra\u011fmen, e\u011fitim sistemi y\u00fcksek puanl\u0131d\u0131r, ayr\u0131ca Bel\u00e7ika genelinde d\u00fc\u015f\u00fck su\u00e7 oranlar\u0131 vard\u0131r ve \u00fclke \u00e7evresel etkilerini azaltmaya \u00e7ok odaklanm\u0131\u015ft\u0131r, bu nedenle minimum kirlilik vard\u0131r.<\/p>\n<p>Br\u00fcksel, bir aile yeti\u015ftirmek i\u00e7in Bel\u00e7ika'daki en iyi \u015fehirdir ve \u015fehir, gurbet\u00e7ileri a\u011f\u0131rlamak i\u00e7in iyi bir altyap\u0131ya ve mevcut b\u00fcy\u00fck bir gurbet\u00e7i toplulu\u011funa sahiptir.<\/p>\n<p>Ixelles, b\u00fcy\u00fcleyici karakteri ve tarz\u0131 nedeniyle \u00f6zellikle gurbet\u00e7iler aras\u0131nda pop\u00fcler olan bir mahalledir. Etterbeek, geni\u015f bir uluslararas\u0131 toplulu\u011fa sahip olan ve uluslararas\u0131 okullar\u0131n yak\u0131n\u0131nda bulunan bir ba\u015fka iyi se\u00e7enektir.<\/p>\n<p>Bruges, \u015fehir olarak aileler i\u00e7in cazip bir se\u00e7enek olan bir ba\u015fka \u015fehirdir. Bel\u00e7ika'n\u0131n kuzeybat\u0131s\u0131nda yer al\u0131r ve g\u00fczel Arnavut kald\u0131r\u0131ml\u0131 sokaklar\u0131 ve huzurlu kanallar\u0131 ile bilinir.<\/p>\n<h2><span class=\"ez-toc-section\" id=\"Best_Places_To_Live_In_Belgium_for_Immigrants\"><\/span>G\u00f6\u00e7menler i\u00e7in Bel\u00e7ika'da Ya\u015fanacak En \u0130yi Yerler<span class=\"ez-toc-section-end\"><\/span><\/h2>\n<p><img loading=\"lazy\" decoding=\"async\" class=\"alignnone size-full wp-image-10460\" src=\"https:\/\/moverdb.com\/wp-content\/uploads\/belgium-antwerp-best-for-immigrants.jpg\" alt=\"\" width=\"1000\" height=\"667\" data-wp-pid=\"10460\" srcset=\"https:\/\/moverdb.com\/wp-content\/uploads\/belgium-antwerp-best-for-immigrants.jpg 1000w, https:\/\/moverdb.com\/wp-content\/uploads\/belgium-antwerp-best-for-immigrants-300x200.jpg 300w, https:\/\/moverdb.com\/wp-content\/uploads\/belgium-antwerp-best-for-immigrants-18x12.jpg 18w, https:\/\/moverdb.com\/wp-content\/uploads\/belgium-antwerp-best-for-immigrants-600x400.jpg 600w\" sizes=\"auto, (max-width: 1000px) 100vw, 1000px\" \/><\/p>\n<p>Bel\u00e7ika'da g\u00f6\u00e7menler i\u00e7in pek \u00e7ok harika \u015fehir vard\u0131r ve en iyilerinden biri Antwerp'tir. Scheldt Nehri \u00fczerinde yer alan Antwerp, binlerce elmas t\u00fcccar\u0131, kesicisi ve parlat\u0131c\u0131s\u0131n\u0131n bulundu\u011fu Elmas B\u00f6lgesi'ne ev sahipli\u011fi yapan bir liman kentidir.<\/p>\n<p>Antwerp, Bel\u00e7ika'da ziyaret edilecek en trend \u015fehirlerden biridir ve \u015fehre ad\u0131m atar atmaz sanat, k\u00fclt\u00fcr ve \u00fcst d\u00fczey modaya odaklan\u0131ld\u0131\u011f\u0131 a\u00e7\u0131k\u00e7a g\u00f6r\u00fclmektedir. Bel\u00e7ika'n\u0131n t\u00fcm tarihini i\u00e7ine \u00e7ekmek ve potansiyel olarak yarat\u0131c\u0131 bir alanda \u00e7al\u0131\u015fmak isteyen g\u00f6\u00e7menler i\u00e7in ideal bir evdir.<\/p>\n<p>Antwerp toplu ta\u015f\u0131ma a\u00e7\u0131s\u0131ndan da \u00e7ok iyi ba\u011flant\u0131lara sahiptir. Antwerp'ten \u00fclkenin farkl\u0131 b\u00f6lgelerine gitmek \u00e7ok kolayd\u0131r ve sadece bu da de\u011fil, ayn\u0131 zamanda \u015fehir a\u015fa\u011f\u0131dakilere de do\u011frudan eri\u015fime sahiptir <a href=\"https:\/\/moverdb.com\/tr\/moving-to-france\/\" data-internallinksmanager029f6b8e52c=\"315\" title=\"Fransa&#039;ya m\u0131 ta\u015f\u0131n\u0131yorsunuz? 2026 Ya\u015fam Maliyetleri &amp; Yer De\u011fi\u015ftirme \u0130pu\u00e7lar\u0131\">Fransa<\/a>, the <a href=\"https:\/\/moverdb.com\/tr\/moving-to-the-netherlands\/\" data-internallinksmanager029f6b8e52c=\"328\" title=\"Hollanda&#039;ya m\u0131 ta\u015f\u0131n\u0131yorsunuz? 2026 Ya\u015fam Maliyetleri ve Yer De\u011fi\u015ftirme \u0130pu\u00e7lar\u0131\">Hollanda<\/a> ve <a href=\"https:\/\/moverdb.com\/tr\/moving-to-the-uk\/\" data-internallinksmanager029f6b8e52c=\"93\" title=\"Birle\u015fik Krall\u0131k&#039;a m\u0131 ta\u015f\u0131n\u0131yorsunuz? 2026 Ya\u015fam Maliyetleri &amp; Yer De\u011fi\u015ftirme \u0130pu\u00e7lar\u0131\">BIRLE\u015eIK KRALLIK<\/a>.<\/p>\n<p>Ba\u015fkentte halihaz\u0131rda b\u00fcy\u00fck bir uluslararas\u0131 topluluk bulundu\u011fundan ve \u015fehrin modern geli\u015fimi buray\u0131 modern bir \u015fehir ya\u015fam\u0131 deneyimi isteyen herkes i\u00e7in ideal bir yer haline getirdi\u011finden, Br\u00fcksel g\u00f6\u00e7menler i\u00e7in bir ba\u015fka harika se\u00e7imdir.<\/p>\n<h2><span class=\"ez-toc-section\" id=\"Best_Places_To_Live_In_Belgium_for_Retirement\"><\/span>Emeklilik i\u00e7in Bel\u00e7ika'da Ya\u015fanacak En \u0130yi Yerler<span class=\"ez-toc-section-end\"><\/span><\/h2>\n<p><img loading=\"lazy\" decoding=\"async\" class=\"alignnone size-full wp-image-10463\" src=\"https:\/\/moverdb.com\/wp-content\/uploads\/belgium-bruges-best-for-retirement.jpg\" alt=\"\" width=\"1000\" height=\"667\" data-wp-pid=\"10463\" srcset=\"https:\/\/moverdb.com\/wp-content\/uploads\/belgium-bruges-best-for-retirement.jpg 1000w, https:\/\/moverdb.com\/wp-content\/uploads\/belgium-bruges-best-for-retirement-300x200.jpg 300w, https:\/\/moverdb.com\/wp-content\/uploads\/belgium-bruges-best-for-retirement-18x12.jpg 18w, https:\/\/moverdb.com\/wp-content\/uploads\/belgium-bruges-best-for-retirement-600x400.jpg 600w\" sizes=\"auto, (max-width: 1000px) 100vw, 1000px\" \/><\/p>\n<p>Bel\u00e7ika, K\u00fcresel Emeklilik Endeksi'nde nispeten \u00fcst s\u0131ralarda yer almakta ve ya\u015fam kalitesi ve sa\u011fl\u0131k hizmetleri a\u00e7\u0131s\u0131ndan y\u00fcksek puanlar almaktad\u0131r - emekli olmak i\u00e7in ideal bir yer ararken ak\u0131lda tutulmas\u0131 gereken iki fakt\u00f6r.<\/p>\n<p>Bel\u00e7ika'n\u0131n Frans\u0131zca ve Hollandaca konu\u015fulan b\u00f6lgelere ayr\u0131ld\u0131\u011f\u0131n\u0131 ve k\u00fc\u00e7\u00fck bir Almanca konu\u015fulan b\u00f6lgenin de bulundu\u011funu unutmay\u0131n.<\/p>\n<p>Brugge emekliler i\u00e7in harika bir \u015fehirdir. Genellikle Kuzey'in Venedik'i olarak bilinir ve Avrupa'n\u0131n en g\u00fczel \u015fehirlerinden biridir, bu da \u015fehri gezmek veya ke\u015ffetmek i\u00e7in zaman harcamak isteyenler i\u00e7in m\u00fckemmeldir.<\/p>\n<p>Dolamba\u00e7l\u0131 Arnavut kald\u0131r\u0131ml\u0131 sokaklar ve k\u0131vr\u0131ml\u0131 kanallar ho\u015f bir orta\u00e7a\u011f atmosferi yaratmaya hizmet etmektedir ve \u015fehrin tarihi merkezinin tamam\u0131 UNESCO D\u00fcnya Miras\u0131 Listesi'nde yer almaktad\u0131r.<\/p>\n<p>Hasselt, emekliler i\u00e7in bir ba\u015fka iyi se\u00e7enektir. Bel\u00e7ika'n\u0131n Flaman B\u00f6lgesi'ndeki Limburg ilinde yer alan \u015fehir, misafirperver sakinleri ve al\u0131\u015fveri\u015f, yemek ve ke\u015fif i\u00e7in bir\u00e7ok f\u0131rsatla b\u00fcy\u00fcleyici bir k\u00fc\u00e7\u00fck kasaba hissine sahiptir.<\/p>\n<h2><span class=\"ez-toc-section\" id=\"Best_Places_To_Live_In_Belgium_for_Young_Adults\"><\/span>Gen\u00e7 Yeti\u015fkinler \u0130\u00e7in Bel\u00e7ika'da Ya\u015fanacak En \u0130yi Yerler<span class=\"ez-toc-section-end\"><\/span><\/h2>\n<p><img loading=\"lazy\" decoding=\"async\" class=\"alignnone size-full wp-image-10483\" src=\"https:\/\/moverdb.com\/wp-content\/uploads\/belgium-ghent-best-for-young-adults.jpg\" alt=\"\" width=\"1000\" height=\"667\" data-wp-pid=\"10483\" srcset=\"https:\/\/moverdb.com\/wp-content\/uploads\/belgium-ghent-best-for-young-adults.jpg 1000w, https:\/\/moverdb.com\/wp-content\/uploads\/belgium-ghent-best-for-young-adults-300x200.jpg 300w, https:\/\/moverdb.com\/wp-content\/uploads\/belgium-ghent-best-for-young-adults-18x12.jpg 18w, https:\/\/moverdb.com\/wp-content\/uploads\/belgium-ghent-best-for-young-adults-600x400.jpg 600w\" sizes=\"auto, (max-width: 1000px) 100vw, 1000px\" \/><\/p>\n<p>Gent, Br\u00fcksel'e arabayla bir saatten daha k\u0131sa bir mesafededir ve pop\u00fcler bir \u00fcniversite \u015fehridir. Canl\u0131 atmosferi ve kozmopolit olanaklar\u0131yla Gent, gen\u00e7 yeti\u015fkinler i\u00e7in harika bir yerdir.<\/p>\n<p>Gent ayn\u0131 zamanda hem kira hem de ya\u015fam maliyeti a\u00e7\u0131s\u0131ndan Br\u00fcksel'den daha uygun fiyatl\u0131d\u0131r, bu da buray\u0131 daha d\u00fc\u015f\u00fck bir b\u00fct\u00e7eyle \u00e7al\u0131\u015fan veya olabildi\u011fince tasarruf etmeyi uman gen\u00e7 yeti\u015fkinler i\u00e7in ger\u00e7ekten iyi bir se\u00e7enek haline getirmektedir.<\/p>\n<p>Gent'te sizi me\u015fgul edecek pek \u00e7ok aktivite de bulunmaktad\u0131r. Sadece \u015firin kafeler, al\u0131\u015fveri\u015f b\u00f6lgeleri ve restoranlar de\u011fil, ayn\u0131 zamanda \u015fehrin do\u011fal g\u00fczelli\u011fi de yak\u0131ndan ve uzaktan hayranl\u0131k uyand\u0131rmak i\u00e7in m\u00fckemmeldir.<\/p>\n<p>Dok Noord, \u015fehir hayat\u0131n\u0131n ko\u015fu\u015fturmacas\u0131na yak\u0131n olmay\u0131 uman gurbet\u00e7iler i\u00e7in harika dairelerin de bulundu\u011fu bir al\u0131\u015fveri\u015f merkezidir.<\/p>\n<p>Gen\u00e7 yeti\u015fkinler i\u00e7in bir ba\u015fka iyi se\u00e7enek de Bruges \u015fehridir. Brugge de canl\u0131 bir atmosfere ve inan\u0131lmaz do\u011fal g\u00fczelliklere sahiptir, ayr\u0131ca \u015fehirde ya\u015fayan b\u00fcy\u00fck bir dijital g\u00f6\u00e7ebe ve gurbet\u00e7i toplulu\u011fu vard\u0131r.<\/p>\n<h2><span class=\"ez-toc-section\" id=\"Best_Places_To_Live_In_Belgium_for_Students\"><\/span>\u00d6\u011frenciler i\u00e7in Bel\u00e7ika'da Ya\u015fanacak En \u0130yi Yerler<span class=\"ez-toc-section-end\"><\/span><\/h2>\n<p><img loading=\"lazy\" decoding=\"async\" class=\"alignnone size-full wp-image-10486\" src=\"https:\/\/moverdb.com\/wp-content\/uploads\/belgium-leuven-best-for-students.jpg\" alt=\"\" width=\"1000\" height=\"620\" data-wp-pid=\"10486\" srcset=\"https:\/\/moverdb.com\/wp-content\/uploads\/belgium-leuven-best-for-students.jpg 1000w, https:\/\/moverdb.com\/wp-content\/uploads\/belgium-leuven-best-for-students-300x186.jpg 300w, https:\/\/moverdb.com\/wp-content\/uploads\/belgium-leuven-best-for-students-18x12.jpg 18w, https:\/\/moverdb.com\/wp-content\/uploads\/belgium-leuven-best-for-students-600x372.jpg 600w\" sizes=\"auto, (max-width: 1000px) 100vw, 1000px\" \/><\/p>\n<p>Bel\u00e7ika, e\u011fitim sistemlerine her zaman \u00e7ok yat\u0131r\u0131m yapm\u0131\u015ft\u0131r ve sonu\u00e7 olarak Bel\u00e7ika'da sa\u011flanan \u00f6\u011fretim ve e\u011fitim olanaklar\u0131 y\u00fcksek kalitededir. Sakinle\u015ftirici kanallar ve g\u00fczel mimariyle \u00e7evrili olmas\u0131n\u0131n yan\u0131 s\u0131ra \u00f6\u011frencilerin \u00f6\u011frenmesi ve \u00e7al\u0131\u015fmas\u0131 i\u00e7in harika bir \u00fclkedir.<\/p>\n<p>Bel\u00e7ika'da e\u011fitim i\u00e7in birka\u00e7 iyi \u015fehir se\u00e7ene\u011fi vard\u0131r, ancak en b\u00fcy\u00fck \u00f6\u011frenci \u015fehri Flaman Brabant eyaletinin ba\u015fkenti Leuven'dir. Bel\u00e7ika'n\u0131n en b\u00fcy\u00fck \u00fcniversitesi olan ve biyoteknoloji, robotik, eklemeli \u00fcretim ve bili\u015fim alanlar\u0131nda yerel istihdam sa\u011flayan KU Leuven'e ev sahipli\u011fi yapmaktad\u0131r.<\/p>\n<p>\u015eehirde \u0130ngilizce yayg\u0131n olarak konu\u015fulmaktad\u0131r ve UNESCO D\u00fcnya Miras\u0131 Listesi'nde yer alan Grand Beguinage mimari kompleksi ve Stella Artois bira fabrikas\u0131 gibi e\u011fitim d\u0131\u015f\u0131ndaki g\u00fcnlerde tad\u0131n\u0131 \u00e7\u0131karabilece\u011finiz pek \u00e7ok cazibe merkezi bulunmaktad\u0131r.<\/p>\n<p>\u015eehri bisikletle ya da verimli ve bak\u0131ml\u0131 olan otob\u00fcs veya trenle kolayca gezebilirsiniz.<\/p>\n<p>Li\u00e8ge, uluslararas\u0131 \u00f6\u011frenciler i\u00e7in bir ba\u015fka iyi se\u00e7enektir. \u015eehir Bel\u00e7ika'n\u0131n do\u011fusunda yer al\u0131r ve Li\u00e8ge \u00dcniversitesi Frans\u0131z toplumu i\u00e7in \u00f6nemli bir \u00fcniversitedir - burada konu\u015fulan dil Frans\u0131zcad\u0131r.<\/p>\n<h2><span class=\"ez-toc-section\" id=\"Best_Places_To_Live_In_Belgium_for_Food_and_Nightlife\"><\/span>Bel\u00e7ika'da Yemek ve Gece Hayat\u0131 \u0130\u00e7in Ya\u015fanabilecek En \u0130yi Yerler<span class=\"ez-toc-section-end\"><\/span><\/h2>\n<p><img loading=\"lazy\" decoding=\"async\" class=\"alignnone size-full wp-image-10498\" src=\"https:\/\/moverdb.com\/wp-content\/uploads\/belgium-antwerp-best-for-food-and-nightlife.jpg\" alt=\"\" width=\"1000\" height=\"667\" data-wp-pid=\"10498\" srcset=\"https:\/\/moverdb.com\/wp-content\/uploads\/belgium-antwerp-best-for-food-and-nightlife.jpg 1000w, https:\/\/moverdb.com\/wp-content\/uploads\/belgium-antwerp-best-for-food-and-nightlife-300x200.jpg 300w, https:\/\/moverdb.com\/wp-content\/uploads\/belgium-antwerp-best-for-food-and-nightlife-18x12.jpg 18w, https:\/\/moverdb.com\/wp-content\/uploads\/belgium-antwerp-best-for-food-and-nightlife-600x400.jpg 600w\" sizes=\"auto, (max-width: 1000px) 100vw, 1000px\" \/><\/p>\n<p>Bel\u00e7ika mutfa\u011f\u0131, \u00fclkenin uzun s\u00fcredir farkl\u0131 topluluklar\u0131n ve geleneklerin bir araya geldi\u011fi bir eritme potas\u0131 olarak kurulmu\u015f olmas\u0131 nedeniyle bir dizi farkl\u0131 etkiye sahiptir.<\/p>\n<p>Antwerp, son y\u0131llarda Bel\u00e7ika'n\u0131n mutfak ba\u015fkenti olarak kendini kan\u0131tlam\u0131\u015ft\u0131r. Anvers'te \u00e7ok y\u00fcksek puan alan baz\u0131 restoranlar bulunmaktad\u0131r ve bunlardan biri son birka\u00e7 y\u0131l i\u00e7inde bir Michelin y\u0131ld\u0131z\u0131na daha lay\u0131k g\u00f6r\u00fclm\u00fc\u015ft\u00fcr.<\/p>\n<p>Antwerp'te deneyebilece\u011finiz ikonik yemeklerden baz\u0131lar\u0131 frites ve friteries (ince, k\u0131zarm\u0131\u015f cips\/Patates k\u0131zartmas\u0131), croquettes (derin ya\u011fda k\u0131zart\u0131lm\u0131\u015f patates p\u00fcresi k\u00f6fte) ve tabii ki \u00e7ikolata veya biralar\u0131ndan herhangi biridir.<\/p>\n<p>Antwerp ayn\u0131 zamanda inan\u0131lmaz gece hayat\u0131 se\u00e7eneklerine de sahiptir. \u015eehir, atmosfer ve tarz a\u00e7\u0131s\u0131ndan son derece yarat\u0131c\u0131 ve yenilik\u00e7idir, bu nedenle her parti evinin farkl\u0131 t\u00fcrden kitlelere hitap eden farkl\u0131 bir havas\u0131 olmas\u0131n\u0131 bekleyebilirsiniz.<\/p>\n<p>\u015eehirde \u00e7ok say\u0131da bar, kul\u00fcp ve m\u00fczik mek\u00e2n\u0131 bulunmaktad\u0131r. En \u00fcnl\u00fclerinden biri, farkl\u0131 t\u00fcrden m\u00fczisyen ve sanat\u00e7\u0131lara ev sahipli\u011fi yapan bir salon olan deFilharmonie'dir.<\/p>\n<p>Grote Markt, parti gecenizden \u00f6nce meydanda yemek yiyebilece\u011finiz veya bir \u015feyler i\u00e7ebilece\u011finiz bir dizi mekanla ak\u015fam\u0131n\u0131za ba\u015flamak i\u00e7in harika bir yerdir.<\/p>\n<p>Br\u00fcksel, gece hayat\u0131 sevenler i\u00e7in ideal olan bir ba\u015fka \u015fehirdir. \u015eehir, k\u00fclt\u00fcr ve mirastan duydu\u011fu gururu, g\u00fcmb\u00fcr g\u00fcmb\u00fcr tekno m\u00fczik ve <a href=\"https:\/\/moverdb.com\/tr\/british-association-of-removers\/\" data-internallinksmanager029f6b8e52c=\"9\" title=\"\u0130ngiliz S\u00f6k\u00fcmc\u00fcler Birli\u011fi (BAR) A\u00e7\u0131klamas\u0131\">bar<\/a> veya farkl\u0131 t\u00fcrde gece hayat\u0131ndan ho\u015flananlar i\u00e7in pub.<\/p>\n<h2><span class=\"ez-toc-section\" id=\"Best_Places_To_Live_In_Belgium_for_Singles\"><\/span>Bekarlar \u0130\u00e7in Bel\u00e7ika'da Ya\u015fanacak En \u0130yi Yerler<span class=\"ez-toc-section-end\"><\/span><\/h2>\n<p><img loading=\"lazy\" decoding=\"async\" class=\"alignnone size-full wp-image-10499\" src=\"https:\/\/moverdb.com\/wp-content\/uploads\/belgium-brussels-best-for-singles.jpg\" alt=\"\" width=\"1000\" height=\"663\" data-wp-pid=\"10499\" srcset=\"https:\/\/moverdb.com\/wp-content\/uploads\/belgium-brussels-best-for-singles.jpg 1000w, https:\/\/moverdb.com\/wp-content\/uploads\/belgium-brussels-best-for-singles-300x200.jpg 300w, https:\/\/moverdb.com\/wp-content\/uploads\/belgium-brussels-best-for-singles-18x12.jpg 18w, https:\/\/moverdb.com\/wp-content\/uploads\/belgium-brussels-best-for-singles-600x398.jpg 600w\" sizes=\"auto, (max-width: 1000px) 100vw, 1000px\" \/><\/p>\n<p>Ba\u015fkent y\u0131l boyunca \u00e7e\u015fitli insanlar\u0131 kendine \u00e7ekti\u011fi ve bir dizi farkl\u0131 topluluk ve k\u00fclt\u00fcre sahip oldu\u011fu i\u00e7in Br\u00fcksel bekarlar i\u00e7in \u00fclkedeki en iyi \u015fehir olabilir. Ancak Br\u00fcksel'in Bel\u00e7ika'n\u0131n en pahal\u0131 \u015fehirlerinden biri oldu\u011funu ve buraya ta\u015f\u0131nmak i\u00e7in sa\u011flam bir b\u00fct\u00e7eye ihtiyac\u0131n\u0131z olaca\u011f\u0131n\u0131 unutmay\u0131n.<\/p>\n<p>Br\u00fcksel, ak\u015famlar\u0131n\u0131 bir pub veya barda i\u00e7ki i\u00e7erek, bir gece kul\u00fcb\u00fcnde dans ederek veya sadece \u015fehrin mekanlar\u0131ndan birinde canl\u0131 m\u00fczi\u011fin keyfini \u00e7\u0131kararak ge\u00e7irmek isteyenler i\u00e7in harika olan canl\u0131 bir gece hayat\u0131 sahnesine sahiptir.<\/p>\n<p>Daha d\u00fc\u015f\u00fck bir b\u00fct\u00e7eye sahip olanlar, konaklama maliyetlerinin daha d\u00fc\u015f\u00fck oldu\u011fu \u00f6\u011frenci \u015fehirlerinden birinde ya\u015famay\u0131 tercih edebilirler. Leuven en b\u00fcy\u00fck \u00f6\u011frenci \u015fehridir, bu nedenle yararlanabilece\u011finiz ve potansiyel olarak yeni ba\u011flant\u0131lar bulabilece\u011finiz bir dizi cazibe merkezi oldu\u011fundan emin olabilirsiniz.<\/p>\n<h2><span class=\"ez-toc-section\" id=\"Best_Places_To_Live_In_Belgium_for_the_LGBT_Community\"><\/span>LGBT+ Toplulu\u011fu i\u00e7in Bel\u00e7ika'da Ya\u015fanacak En \u0130yi Yerler<span class=\"ez-toc-section-end\"><\/span><\/h2>\n<p><img loading=\"lazy\" decoding=\"async\" class=\"alignnone size-full wp-image-10633\" src=\"https:\/\/moverdb.com\/wp-content\/uploads\/belgium-ghent-best-for-the-lgbt-community.jpg\" alt=\"\" width=\"1000\" height=\"701\" data-wp-pid=\"10633\" srcset=\"https:\/\/moverdb.com\/wp-content\/uploads\/belgium-ghent-best-for-the-lgbt-community.jpg 1000w, https:\/\/moverdb.com\/wp-content\/uploads\/belgium-ghent-best-for-the-lgbt-community-300x210.jpg 300w, https:\/\/moverdb.com\/wp-content\/uploads\/belgium-ghent-best-for-the-lgbt-community-18x12.jpg 18w, https:\/\/moverdb.com\/wp-content\/uploads\/belgium-ghent-best-for-the-lgbt-community-600x421.jpg 600w\" sizes=\"auto, (max-width: 1000px) 100vw, 1000px\" \/><\/p>\n<p>Bel\u00e7ika \u00e7e\u015fitlilikle doludur ve \u00fclkenin s\u0131cak atmosferi LGBT+ toplulu\u011funu da kapsar - Bel\u00e7ika evlilik e\u015fitli\u011fini kabul eden ilk \u00fclkelerden biridir.<\/p>\n<p>Bir\u00e7ok \u015fehir LGBT+ toplulu\u011funa y\u00f6nelik \u00e7e\u015fitli etkinliklere ev sahipli\u011fi yapmaktad\u0131r ve Gent de bu \u015fehirlerden biridir. Gent'teki e\u015fcinsel ortam\u0131 nispeten kompakt olsa da, barlar, kul\u00fcpler ve saunalar ile olduk\u00e7a g\u00f6r\u00fcn\u00fcrd\u00fcr.<\/p>\n<p>Y\u0131l boyunca LGBT+ toplulu\u011fu \u00fcyeleri i\u00e7in, ziyaret\u00e7ileri Gent'teki LGBT+ n\u00fcfusunun tarihi boyunca \u00e7e\u015fitli tarihi mekanlara g\u00f6t\u00fcren Pembe Y\u00fcr\u00fcy\u00fc\u015f de dahil olmak \u00fczere \u00e7e\u015fitli etkinlikler d\u00fczenlenmektedir.<\/p>\n<p>Br\u00fcksel, LGBT+ toplulu\u011fu \u00fcyeleri i\u00e7in m\u00fckemmel bir ba\u015fka \u015fehirdir. \u00c7ok \u00e7e\u015fitli topluluklara ve hayat\u0131n her kesiminden insanlar\u0131 a\u011f\u0131rlamaktan mutluluk duyan sakinlere sahiptir.<\/p>\n<h2><span class=\"ez-toc-section\" id=\"Best_Places_To_Live_In_Belgium_for_the_Weather\"><\/span>Bel\u00e7ika'da Hava Durumu A\u00e7\u0131s\u0131ndan Ya\u015fanabilecek En \u0130yi Yerler<span class=\"ez-toc-section-end\"><\/span><\/h2>\n<p><img loading=\"lazy\" decoding=\"async\" class=\"alignnone size-full wp-image-10634\" src=\"https:\/\/moverdb.com\/wp-content\/uploads\/belgium-bruges-best-for-weather.jpg\" alt=\"\" width=\"1000\" height=\"667\" data-wp-pid=\"10634\" srcset=\"https:\/\/moverdb.com\/wp-content\/uploads\/belgium-bruges-best-for-weather.jpg 1000w, https:\/\/moverdb.com\/wp-content\/uploads\/belgium-bruges-best-for-weather-300x200.jpg 300w, https:\/\/moverdb.com\/wp-content\/uploads\/belgium-bruges-best-for-weather-18x12.jpg 18w, https:\/\/moverdb.com\/wp-content\/uploads\/belgium-bruges-best-for-weather-600x400.jpg 600w\" sizes=\"auto, (max-width: 1000px) 100vw, 1000px\" \/><\/p>\n<p>Bel\u00e7ika s\u0131cak deniz iklimine sahiptir, bu da havan\u0131n \u00e7o\u011funlukla \u0131l\u0131ml\u0131 oldu\u011fu, baz\u0131 r\u00fczgarlar\u0131n ve olduk\u00e7a s\u0131k ya\u011fmurun oldu\u011fu anlam\u0131na gelir. Bel\u00e7ika'da hava durumu i\u00e7in en iyi aylar May\u0131s, Haziran, Temmuz, A\u011fustos ve Eyl\u00fcl olup Ocak ve \u015eubat en so\u011fuk aylard\u0131r.<\/p>\n<p>Flamanca Brugge olarak da bilinen Brugge, Flandre'\u0131n M\u00fccevher \u015eehri olarak bilinir. Bu k\u00fc\u00e7\u00fck \u015fehir, \u00f6zellikle May\u0131s ve Eyl\u00fcl aylar\u0131 aras\u0131nda harika bir havaya sahiptir. Y\u00fczme Brugge'de pop\u00fcler bir aktivitedir ve \u00e7o\u011fu insan A\u011fustos ve Eyl\u00fcl aylar\u0131 aras\u0131nda denize girme e\u011filimindedir.<\/p>\n<p>Antwerp de havas\u0131 g\u00fczel olan bir ba\u015fka \u015fehirdir - bir liman kenti olarak daha nemli aylarda kanaldan gelen g\u00fczel serinletici esintilerden de faydalan\u0131r.<\/p>\n<h2><span class=\"ez-toc-section\" id=\"Best_Places_To_Live_In_Belgium_Near_Beaches\"><\/span>Bel\u00e7ika'da Sahillere Yak\u0131n Ya\u015famak \u0130\u00e7in En \u0130yi Yerler<span class=\"ez-toc-section-end\"><\/span><\/h2>\n<p><img loading=\"lazy\" decoding=\"async\" class=\"alignnone size-full wp-image-10635\" src=\"https:\/\/moverdb.com\/wp-content\/uploads\/belgium-bredene-best-for-beaches.jpg\" alt=\"\" width=\"1000\" height=\"666\" data-wp-pid=\"10635\" srcset=\"https:\/\/moverdb.com\/wp-content\/uploads\/belgium-bredene-best-for-beaches.jpg 1000w, https:\/\/moverdb.com\/wp-content\/uploads\/belgium-bredene-best-for-beaches-300x200.jpg 300w, https:\/\/moverdb.com\/wp-content\/uploads\/belgium-bredene-best-for-beaches-18x12.jpg 18w, https:\/\/moverdb.com\/wp-content\/uploads\/belgium-bredene-best-for-beaches-600x400.jpg 600w\" sizes=\"auto, (max-width: 1000px) 100vw, 1000px\" \/><\/p>\n<p>Bel\u00e7ika'daki sahil kasabalar\u0131n\u0131n \u00e7o\u011fu k\u00fc\u00e7\u00fck ve \u015firin olmakla birlikte, g\u00fczel plajlara sahip baz\u0131 b\u00fcy\u00fck \u015fehirler de vard\u0131r. Bunlar\u0131n en \u00f6nemlilerinden biri Bat\u0131 Flandre'de yer alan Bredene'dir.<\/p>\n<p>Bredene \u00e7ok rahat ve sakin bir atmosfere sahiptir ve \u015fehri y\u00fcr\u00fcyerek ya da bisikletle gezmek \u00e7ok kolayd\u0131r. Bredene Plaj\u0131 \u00e7ok iyi bilinmektedir ve yaz aylar\u0131nda \u015fehre ak\u0131n eden turistler taraf\u0131ndan nispeten dokunulmam\u0131\u015ft\u0131r.<\/p>\n<p>Bredene ayn\u0131 zamanda \u00e7e\u015fitli su sporlar\u0131 a\u00e7\u0131s\u0131ndan da olduk\u00e7a zengindir ve y\u00fczme, s\u00f6rf veya jetski gibi a\u00e7\u0131k hava etkinliklerinden ho\u015flananlar Bredene Plaj\u0131'n\u0131 konaklamak i\u00e7in m\u00fckemmel bir yer olarak bulacakt\u0131r.<\/p>\n<p>Bir di\u011fer b\u00fcy\u00fck \u015fehir olan Blankenberghe de \u00e7ok rahat ve ho\u015f bir atmosfere sahiptir. Sahili \u00e7evreleyen kum tepeleri, sahil \u015feridi boyunca y\u00fcr\u00fcy\u00fc\u015f yapmaktan ho\u015flananlar i\u00e7in m\u00fckemmeldir.<\/p>\n<h2><span class=\"ez-toc-section\" id=\"Other_Useful_Guides_to_Belgium\"><\/span>Bel\u00e7ika \u0130\u00e7in Di\u011fer Faydal\u0131 K\u0131lavuzlar<span class=\"ez-toc-section-end\"><\/span><\/h2>\n<ul>\n<li> <a href=\"https:\/\/moverdb.com\/tr\/konteyner-tasimaciligi\/belcika\/\">2024 Bel\u00e7ika'ya ve Bel\u00e7ika'dan Deniz Ta\u015f\u0131mac\u0131l\u0131\u011f\u0131 Konteyner Nakliye Fiyatlar\u0131<\/a><\/li>\n<li> <a href=\"https:\/\/moverdb.com\/tr\/tasinma-si%cc%87rketleri%cc%87\/belci%cc%87ka-tasimacilik-si%cc%87rketleri%cc%87\/\">Bel\u00e7ika'daki En \u0130yi 16 Uluslararas\u0131 Nakliye \u015eirketi<\/a><\/li>\n<li> <a href=\"https:\/\/moverdb.com\/tr\/moving-to-belgium\/\">Bel\u00e7ika'ya m\u0131 Ta\u015f\u0131n\u0131yorsunuz? 2026 Ya\u015fam Maliyetleri &amp; Yer De\u011fi\u015ftirme \u0130pu\u00e7lar\u0131<\/a><\/li>\n<li> <a href=\"https:\/\/moverdb.com\/tr\/moving-to-belgium\/living-in-belgium\/\">Bel\u00e7ika'da Ya\u015famak Hakk\u0131nda Ta\u015f\u0131nmadan \u00d6nce Bilmeniz Gereken 21 S\u0131r<\/a><\/li>\n<\/ul>","protected":false},"excerpt":{"rendered":"<p>Belgium (officially the Kingdom of Belgium) is located in Western Europe and is most well known for being the headquarters of the European Union and NATO. The high living standards, beautiful architecture and low crime rates make Belgium a popular destination for expats from all over the globe. Let&#8217;s take a look at some of [&hellip;]<\/p>\n","protected":false},"author":1,"featured_media":0,"parent":4833,"menu_order":0,"comment_status":"closed","ping_status":"closed","template":"","meta":{"_genesis_hide_title":false,"_genesis_hide_breadcrumbs":false,"_genesis_hide_singular_image":false,"_genesis_hide_footer_widgets":false,"_genesis_custom_body_class":"","_genesis_custom_post_class":"","_genesis_layout":"","footnotes":""},"class_list":{"0":"post-17086","1":"page","2":"type-page","3":"status-publish","5":"entry"},"_links":{"self":[{"href":"https:\/\/moverdb.com\/tr\/wp-json\/wp\/v2\/pages\/17086","targetHints":{"allow":["GET"]}}],"collection":[{"href":"https:\/\/moverdb.com\/tr\/wp-json\/wp\/v2\/pages"}],"about":[{"href":"https:\/\/moverdb.com\/tr\/wp-json\/wp\/v2\/types\/page"}],"author":[{"embeddable":true,"href":"https:\/\/moverdb.com\/tr\/wp-json\/wp\/v2\/users\/1"}],"replies":[{"embeddable":true,"href":"https:\/\/moverdb.com\/tr\/wp-json\/wp\/v2\/comments?post=17086"}],"version-history":[{"count":3,"href":"https:\/\/moverdb.com\/tr\/wp-json\/wp\/v2\/pages\/17086\/revisions"}],"predecessor-version":[{"id":17089,"href":"https:\/\/moverdb.com\/tr\/wp-json\/wp\/v2\/pages\/17086\/revisions\/17089"}],"up":[{"embeddable":true,"href":"https:\/\/moverdb.com\/tr\/wp-json\/wp\/v2\/pages\/4833"}],"wp:attachment":[{"href":"https:\/\/moverdb.com\/tr\/wp-json\/wp\/v2\/media?parent=17086"}],"curies":[{"name":"wp","href":"https:\/\/api.w.org\/{rel}","templated":true}]}}