{"id":17033,"date":"2024-06-25T10:08:03","date_gmt":"2024-06-25T10:08:03","guid":{"rendered":"https:\/\/moverdb.com\/?page_id=17033"},"modified":"2026-01-08T15:02:38","modified_gmt":"2026-01-08T15:02:38","slug":"best-places-to-live-austria","status":"publish","type":"page","link":"https:\/\/moverdb.com\/tr\/moving-to-austria\/best-places-to-live-austria\/","title":{"rendered":"Avusturya'da Ya\u015fanacak En \u0130yi 12 Yer"},"content":{"rendered":"<p>Ya\u015fam kalitesi, ta\u015f\u0131nmaya karar verirken g\u00f6z \u00f6n\u00fcnde bulundurulmas\u0131 gereken en \u00f6nemli fakt\u00f6rlerden biridir. Burada ya\u015fayanlar <a href=\"https:\/\/moverdb.com\/tr\/moving-to-austria\/\" data-internallinksmanager029f6b8e52c=\"343\" title=\"Avusturya&#039;ya m\u0131 Ta\u015f\u0131n\u0131yorsunuz? 2026 Ya\u015fam Maliyetleri &amp; Yer De\u011fi\u015ftirme \u0130pu\u00e7lar\u0131\">Avusturya<\/a> m\u00fckemmel sa\u011fl\u0131k hizmetleri, e\u011fitim sistemleri ve hava kalitesi ile d\u00fcnya genelinde en y\u00fcksek ikinci ya\u015fam kalitesine sahip \u00fclkeler aras\u0131nda yer almaktad\u0131r.<\/p>\n<p>\u0130\u015f f\u0131rsatlar\u0131, aileler, g\u00f6\u00e7menler ve daha fazlas\u0131 i\u00e7in Avusturya'da ya\u015famak i\u00e7in en iyi yerlerden baz\u0131lar\u0131na g\u00f6z ataca\u011f\u0131z.<\/p>\n<p>Avusturya'da ya\u015famak i\u00e7in en iyi yerlere bir g\u00f6z atarak ba\u015flayal\u0131m.<\/p>\n<div id=\"ez-toc-container\" class=\"ez-toc-v2_0_82_2 ez-toc-wrap-left counter-hierarchy ez-toc-counter ez-toc-transparent ez-toc-container-direction\">\n<div class=\"ez-toc-title-container\">\n<p class=\"ez-toc-title\" style=\"cursor:inherit\">B\u00f6l\u00fcmler<\/p>\n<span class=\"ez-toc-title-toggle\"><a href=\"#\" class=\"ez-toc-pull-right ez-toc-btn ez-toc-btn-xs ez-toc-btn-default ez-toc-toggle\" aria-label=\"\u0130\u00e7indekiler Tablosunu A\u00e7\/Kapat\"><span class=\"ez-toc-js-icon-con\"><span class=\"\"><span class=\"eztoc-hide\" style=\"display:none;\">Ge\u00e7i\u015f<\/span><span class=\"ez-toc-icon-toggle-span\"><svg style=\"fill: #999;color:#999\" xmlns=\"http:\/\/www.w3.org\/2000\/svg\" class=\"list-377408\" width=\"20px\" height=\"20px\" viewbox=\"0 0 24 24\" fill=\"none\"><path d=\"M6 6H4v2h2V6zm14 0H8v2h12V6zM4 11h2v2H4v-2zm16 0H8v2h12v-2zM4 16h2v2H4v-2zm16 0H8v2h12v-2z\" fill=\"currentColor\"><\/path><\/svg><svg style=\"fill: #999;color:#999\" class=\"arrow-unsorted-368013\" xmlns=\"http:\/\/www.w3.org\/2000\/svg\" width=\"10px\" height=\"10px\" viewbox=\"0 0 24 24\" version=\"1.2\" baseprofile=\"tiny\"><path d=\"M18.2 9.3l-6.2-6.3-6.2 6.3c-.2.2-.3.4-.3.7s.1.5.3.7c.2.2.4.3.7.3h11c.3 0 .5-.1.7-.3.2-.2.3-.5.3-.7s-.1-.5-.3-.7zM5.8 14.7l6.2 6.3 6.2-6.3c.2-.2.3-.5.3-.7s-.1-.5-.3-.7c-.2-.2-.4-.3-.7-.3h-11c-.3 0-.5.1-.7.3-.2.2-.3.5-.3.7s.1.5.3.7z\"\/><\/svg><\/span><\/span><\/span><\/a><\/span><\/div>\n<nav><ul class='ez-toc-list ez-toc-list-level-1 eztoc-toggle-hide-by-default' ><li class='ez-toc-page-1 ez-toc-heading-level-2'><a class=\"ez-toc-link ez-toc-heading-1\" href=\"https:\/\/moverdb.com\/tr\/moving-to-austria\/best-places-to-live-austria\/#Best_Places_To_Live_In_Austria\" >Avusturya'da Ya\u015fanacak En \u0130yi Yerler<\/a><\/li><li class='ez-toc-page-1 ez-toc-heading-level-2'><a class=\"ez-toc-link ez-toc-heading-2\" href=\"https:\/\/moverdb.com\/tr\/moving-to-austria\/best-places-to-live-austria\/#Best_Places_To_Live_In_Austria_for_Work\" >Avusturya'da \u00c7al\u0131\u015fmak \u0130\u00e7in Ya\u015fanabilecek En \u0130yi Yerler<\/a><\/li><li class='ez-toc-page-1 ez-toc-heading-level-2'><a class=\"ez-toc-link ez-toc-heading-3\" href=\"https:\/\/moverdb.com\/tr\/moving-to-austria\/best-places-to-live-austria\/#Cheapest_Places_To_Live_In_Austria\" >Avusturya'da Ya\u015famak \u0130\u00e7in En Ucuz Yerler<\/a><\/li><li class='ez-toc-page-1 ez-toc-heading-level-2'><a class=\"ez-toc-link ez-toc-heading-4\" href=\"https:\/\/moverdb.com\/tr\/moving-to-austria\/best-places-to-live-austria\/#Best_Places_To_Live_In_Austria_for_Families\" >Avusturya'da Aileler \u0130\u00e7in Ya\u015fanacak En \u0130yi Yerler<\/a><\/li><li class='ez-toc-page-1 ez-toc-heading-level-2'><a class=\"ez-toc-link ez-toc-heading-5\" href=\"https:\/\/moverdb.com\/tr\/moving-to-austria\/best-places-to-live-austria\/#Best_Places_To_Live_In_Austria_for_Immigrants\" >G\u00f6\u00e7menler \u0130\u00e7in Avusturya'da Ya\u015fanacak En \u0130yi Yerler<\/a><\/li><li class='ez-toc-page-1 ez-toc-heading-level-2'><a class=\"ez-toc-link ez-toc-heading-6\" href=\"https:\/\/moverdb.com\/tr\/moving-to-austria\/best-places-to-live-austria\/#Best_Places_To_Live_In_Austria_for_Retirement\" >Emeklilik i\u00e7in Avusturya'da Ya\u015fanacak En \u0130yi Yerler<\/a><\/li><li class='ez-toc-page-1 ez-toc-heading-level-2'><a class=\"ez-toc-link ez-toc-heading-7\" href=\"https:\/\/moverdb.com\/tr\/moving-to-austria\/best-places-to-live-austria\/#Best_Places_To_Live_In_Austria_for_Young_Adults\" >Gen\u00e7 Yeti\u015fkinler \u0130\u00e7in Avusturya'da Ya\u015fanacak En \u0130yi Yerler<\/a><\/li><li class='ez-toc-page-1 ez-toc-heading-level-2'><a class=\"ez-toc-link ez-toc-heading-8\" href=\"https:\/\/moverdb.com\/tr\/moving-to-austria\/best-places-to-live-austria\/#Best_Places_To_Live_In_Austria_for_Students\" >Avusturya'da \u00d6\u011frenciler \u0130\u00e7in Ya\u015fanacak En \u0130yi Yerler<\/a><\/li><li class='ez-toc-page-1 ez-toc-heading-level-2'><a class=\"ez-toc-link ez-toc-heading-9\" href=\"https:\/\/moverdb.com\/tr\/moving-to-austria\/best-places-to-live-austria\/#Best_Places_To_Live_In_Austria_for_Food\" >Avusturya'da Yemek \u0130\u00e7in Ya\u015fanacak En \u0130yi Yerler<\/a><\/li><li class='ez-toc-page-1 ez-toc-heading-level-2'><a class=\"ez-toc-link ez-toc-heading-10\" href=\"https:\/\/moverdb.com\/tr\/moving-to-austria\/best-places-to-live-austria\/#Best_Places_To_Live_In_Austria_for_Singles\" >Bekarlar \u0130\u00e7in Avusturya'da Ya\u015fanacak En \u0130yi Yerler<\/a><\/li><li class='ez-toc-page-1 ez-toc-heading-level-2'><a class=\"ez-toc-link ez-toc-heading-11\" href=\"https:\/\/moverdb.com\/tr\/moving-to-austria\/best-places-to-live-austria\/#Best_Places_To_Live_In_Austria_for_the_LGBT_Community\" >LGBT+ Toplulu\u011fu i\u00e7in Avusturya'da Ya\u015fanacak En \u0130yi Yerler<\/a><\/li><li class='ez-toc-page-1 ez-toc-heading-level-2'><a class=\"ez-toc-link ez-toc-heading-12\" href=\"https:\/\/moverdb.com\/tr\/moving-to-austria\/best-places-to-live-austria\/#Best_Places_To_Live_In_Austria_for_the_Weather\" >Avusturya'da Hava Durumu A\u00e7\u0131s\u0131ndan Ya\u015fanabilecek En \u0130yi Yerler<\/a><\/li><li class='ez-toc-page-1 ez-toc-heading-level-2'><a class=\"ez-toc-link ez-toc-heading-13\" href=\"https:\/\/moverdb.com\/tr\/moving-to-austria\/best-places-to-live-austria\/#Best_Places_To_Live_In_Austria_Near_Mountains\" >Avusturya'da Da\u011flara Yak\u0131n Ya\u015famak \u0130\u00e7in En \u0130yi Yerler<\/a><\/li><li class='ez-toc-page-1 ez-toc-heading-level-2'><a class=\"ez-toc-link ez-toc-heading-14\" href=\"https:\/\/moverdb.com\/tr\/moving-to-austria\/best-places-to-live-austria\/#Other_Useful_Guides_to_Austria\" >Avusturya \u0130\u00e7in Di\u011fer Faydal\u0131 K\u0131lavuzlar<\/a><\/li><\/ul><\/nav><\/div>\n<h2><span class=\"ez-toc-section\" id=\"Best_Places_To_Live_In_Austria\"><\/span>Avusturya'da Ya\u015fanacak En \u0130yi Yerler<span class=\"ez-toc-section-end\"><\/span><\/h2>\n\n<table id=\"tablepress-367\" class=\"tablepress tablepress-id-367\">\n<thead>\n<tr class=\"row-1\">\n\t<th class=\"column-1\">\u015eehir<\/th><th class=\"column-2\">Sebep<\/th>\n<\/tr>\n<\/thead>\n<tbody class=\"row-striping row-hover\">\n<tr class=\"row-2\">\n\t<td class=\"column-1\">Viyana<\/td><td class=\"column-2\">\u0130\u015f i\u00e7in en iyisi<\/td>\n<\/tr>\n<tr class=\"row-3\">\n\t<td class=\"column-1\">Graz<\/td><td class=\"column-2\">Uygun fiyat i\u00e7in en iyisi<\/td>\n<\/tr>\n<tr class=\"row-4\">\n\t<td class=\"column-1\">Salzburg<\/td><td class=\"column-2\">Aileler i\u00e7in en iyisi<\/td>\n<\/tr>\n<tr class=\"row-5\">\n\t<td class=\"column-1\">Viyana<\/td><td class=\"column-2\">G\u00f6\u00e7menler i\u00e7in en iyisi<\/td>\n<\/tr>\n<tr class=\"row-6\">\n\t<td class=\"column-1\">Viyana<\/td><td class=\"column-2\">Emeklilik i\u00e7in en iyisi<\/td>\n<\/tr>\n<tr class=\"row-7\">\n\t<td class=\"column-1\">Villach<\/td><td class=\"column-2\">Gen\u00e7 yeti\u015fkinler i\u00e7in en iyisi<\/td>\n<\/tr>\n<tr class=\"row-8\">\n\t<td class=\"column-1\">Salzburg<\/td><td class=\"column-2\">\u00d6\u011frenciler i\u00e7in en iyisi<\/td>\n<\/tr>\n<tr class=\"row-9\">\n\t<td class=\"column-1\">Graz<\/td><td class=\"column-2\">Yemek i\u00e7in en iyisi<\/td>\n<\/tr>\n<tr class=\"row-10\">\n\t<td class=\"column-1\">Linz<\/td><td class=\"column-2\">Bekarlar i\u00e7in en iyisi<\/td>\n<\/tr>\n<tr class=\"row-11\">\n\t<td class=\"column-1\">Viyana<\/td><td class=\"column-2\">LGBT+ toplulu\u011fu i\u00e7in en iyisi<\/td>\n<\/tr>\n<tr class=\"row-12\">\n\t<td class=\"column-1\">Salzburg<\/td><td class=\"column-2\">Hava durumu i\u00e7in en iyisi<\/td>\n<\/tr>\n<tr class=\"row-13\">\n\t<td class=\"column-1\">Innsbruck<\/td><td class=\"column-2\">Da\u011flar i\u00e7in en iyisi<\/td>\n<\/tr>\n<\/tbody>\n<\/table>\n<!-- #tablepress-367 from cache -->\n<h2><span class=\"ez-toc-section\" id=\"Best_Places_To_Live_In_Austria_for_Work\"><\/span>Avusturya'da \u00c7al\u0131\u015fmak \u0130\u00e7in Ya\u015fanabilecek En \u0130yi Yerler<span class=\"ez-toc-section-end\"><\/span><\/h2>\n<p><img loading=\"lazy\" decoding=\"async\" class=\"alignnone size-full wp-image-11494\" src=\"https:\/\/moverdb.com\/wp-content\/uploads\/austria-vienna-best-for-work.jpg\" alt=\"\" width=\"1000\" height=\"604\" data-wp-pid=\"11494\" srcset=\"https:\/\/moverdb.com\/wp-content\/uploads\/austria-vienna-best-for-work.jpg 1000w, https:\/\/moverdb.com\/wp-content\/uploads\/austria-vienna-best-for-work-300x181.jpg 300w, https:\/\/moverdb.com\/wp-content\/uploads\/austria-vienna-best-for-work-18x12.jpg 18w, https:\/\/moverdb.com\/wp-content\/uploads\/austria-vienna-best-for-work-600x362.jpg 600w\" sizes=\"auto, (max-width: 1000px) 100vw, 1000px\" \/><\/p>\n<p>Avusturya'da i\u015f f\u0131rsatlar\u0131 arayanlar i\u00e7in d\u00fc\u015f\u00fcn\u00fclmesi gereken en iyi \u015fehir Viyana'd\u0131r. Viyana \u015fehri Avusturya'n\u0131n ba\u015fkentidir ve i\u015f i\u00e7in ta\u015f\u0131nmay\u0131 d\u00fc\u015f\u00fcnmek i\u00e7in \u00fclkedeki en iyi yerlerden biridir.<\/p>\n<p>Viyana'daki ana end\u00fcstriler tar\u0131m, ye\u015fil, hizmet ve turizm sekt\u00f6rlerinin yan\u0131 s\u0131ra b\u00fcy\u00fcyen d\u0131\u015f ticaretidir. Viyana'daki ba\u015fl\u0131ca \u015firketler enerji, finansal hizmetler, telekom\u00fcnikasyon ve gayrimenkul alanlar\u0131nda faaliyet g\u00f6stermektedir.<\/p>\n<p>Y\u00fcksek vas\u0131fl\u0131 \u00e7al\u0131\u015fanlar, \u00f6zellikle pandeminin yaratt\u0131\u011f\u0131 k\u0131tl\u0131k nedeniyle Viyana'da pek \u00e7ok i\u015f f\u0131rsat\u0131 bulacak.<\/p>\n<p>Graz, gurbet\u00e7iler, \u00f6zellikle de dijital g\u00f6\u00e7ebeler veya serbest \u00e7al\u0131\u015fma kariyerine sahip olanlar i\u00e7in bir ba\u015fka iyi se\u00e7enektir, \u00e7\u00fcnk\u00fc \u015fehrin her yerine da\u011f\u0131lm\u0131\u015f \u00e7ok say\u0131da ortak \u00e7al\u0131\u015fma alan\u0131 vard\u0131r.<\/p>\n<h2><span class=\"ez-toc-section\" id=\"Cheapest_Places_To_Live_In_Austria\"><\/span>Avusturya'da Ya\u015famak \u0130\u00e7in En Ucuz Yerler<span class=\"ez-toc-section-end\"><\/span><\/h2>\n<p><img loading=\"lazy\" decoding=\"async\" class=\"alignnone size-full wp-image-11495\" src=\"https:\/\/moverdb.com\/wp-content\/uploads\/austria-vienna-best-for-work-1.jpg\" alt=\"\" width=\"1000\" height=\"604\" data-wp-pid=\"11495\" srcset=\"https:\/\/moverdb.com\/wp-content\/uploads\/austria-vienna-best-for-work-1.jpg 1000w, https:\/\/moverdb.com\/wp-content\/uploads\/austria-vienna-best-for-work-1-300x181.jpg 300w, https:\/\/moverdb.com\/wp-content\/uploads\/austria-vienna-best-for-work-1-18x12.jpg 18w, https:\/\/moverdb.com\/wp-content\/uploads\/austria-vienna-best-for-work-1-600x362.jpg 600w\" sizes=\"auto, (max-width: 1000px) 100vw, 1000px\" \/><\/p>\n<p>Avusturya, baz\u0131 y\u00fcksek maliyetlere sahip olmas\u0131yla bilinir, ancak \u00fclke genelinde uygun fiyatl\u0131 ya\u015fam sunan \u015fehirler vard\u0131r. Daha k\u00fc\u00e7\u00fck bir b\u00fct\u00e7eye sahip olanlar i\u00e7in d\u00fc\u015f\u00fcn\u00fclebilecek en iyi \u015fehirlerden biri Graz'd\u0131r.<\/p>\n<p>Avusturya'n\u0131n g\u00fcneyindeki Steiermark eyaletinde yer alan Graz, b\u00fcy\u00fcleyici barok mimarisi ve as\u0131rl\u0131k bir saat kulesi olan Uhrturm gibi simgesel yap\u0131lar\u0131yla tan\u0131nmaktad\u0131r.<\/p>\n<p>Graz, hem konut fiyatlar\u0131 hem de ya\u015fam maliyeti a\u00e7\u0131s\u0131ndan Viyana'dan daha uygun fiyatl\u0131d\u0131r. \u015eehir ayr\u0131ca makul b\u00fcy\u00fckl\u00fckte oldu\u011fundan toplu ta\u015f\u0131ma veya bisikletle seyahat etmek kolayd\u0131r.<\/p>\n<p>Salzburg, Avusturya'ya daha k\u00fc\u00e7\u00fck bir b\u00fct\u00e7eyle ta\u015f\u0131nmay\u0131 umanlar i\u00e7in bir ba\u015fka iyi se\u00e7imdir.<\/p>\n<h2><span class=\"ez-toc-section\" id=\"Best_Places_To_Live_In_Austria_for_Families\"><\/span>Avusturya'da Aileler \u0130\u00e7in Ya\u015fanacak En \u0130yi Yerler<span class=\"ez-toc-section-end\"><\/span><\/h2>\n<p><img loading=\"lazy\" decoding=\"async\" class=\"alignnone size-full wp-image-11498\" src=\"https:\/\/moverdb.com\/wp-content\/uploads\/austria-salzburg-best-for-families.jpg\" alt=\"\" width=\"1000\" height=\"656\" data-wp-pid=\"11498\" srcset=\"https:\/\/moverdb.com\/wp-content\/uploads\/austria-salzburg-best-for-families.jpg 1000w, https:\/\/moverdb.com\/wp-content\/uploads\/austria-salzburg-best-for-families-300x197.jpg 300w, https:\/\/moverdb.com\/wp-content\/uploads\/austria-salzburg-best-for-families-18x12.jpg 18w, https:\/\/moverdb.com\/wp-content\/uploads\/austria-salzburg-best-for-families-600x394.jpg 600w\" sizes=\"auto, (max-width: 1000px) 100vw, 1000px\" \/><\/p>\n<p>Ta\u015f\u0131nmadan \u00f6nce dikkate almak isteyece\u011finiz \u00e7e\u015fitli fakt\u00f6rler vard\u0131r. Su\u00e7 oran\u0131n\u0131, e\u011fitim sistemlerini ve \u00e7evredeki mahallelerde sunulan olanaklar\u0131 g\u00f6z \u00f6n\u00fcnde bulundurmak iyi olacakt\u0131r.<\/p>\n<p>Bu nedenle Salzburg, Avusturya'ya aile olarak ta\u015f\u0131n\u0131rken g\u00f6z \u00f6n\u00fcnde bulundurulacak en iyi \u015fehirlerden biridir. Salzburg, Avusturya s\u0131n\u0131r\u0131nda yer almaktad\u0131r. <a href=\"https:\/\/moverdb.com\/tr\/moving-to-germany\/\" data-internallinksmanager029f6b8e52c=\"321\" title=\"Almanya&#039;ya m\u0131 ta\u015f\u0131n\u0131yorsunuz? 2026 Ya\u015fam Maliyetleri &amp; Yer De\u011fi\u015ftirme \u0130pu\u00e7lar\u0131\">Almanya<\/a> ve harika \u00e7evre manzaras\u0131n\u0131n yan\u0131 s\u0131ra muhte\u015fem olanaklara ve cazibe merkezlerine sahiptir.<\/p>\n<p>\u015eehir ayr\u0131ca iyi sa\u011fl\u0131k hizmetlerine, y\u00fcksek kaliteli uluslararas\u0131 okullara sahiptir ve \u00e7ok g\u00fcvenli oldu\u011fu bilinmektedir.<\/p>\n<p>Viyana, aileler i\u00e7in harika bir se\u00e7im olan bir ba\u015fka \u015fehirdir ve bir\u00e7ok gurbet\u00e7i b\u00fcy\u00fck \u015fehrin sa\u011flad\u0131\u011f\u0131 rahatl\u0131k i\u00e7in orada ya\u015famay\u0131 tercih etmektedir. Tek dezavantaj\u0131 Viyana'da ya\u015faman\u0131n maliyetinin daha y\u00fcksek olmas\u0131d\u0131r.<\/p>\n<h2><span class=\"ez-toc-section\" id=\"Best_Places_To_Live_In_Austria_for_Immigrants\"><\/span>G\u00f6\u00e7menler \u0130\u00e7in Avusturya'da Ya\u015fanacak En \u0130yi Yerler<span class=\"ez-toc-section-end\"><\/span><\/h2>\n<p><img loading=\"lazy\" decoding=\"async\" class=\"alignnone size-full wp-image-11500\" src=\"https:\/\/moverdb.com\/wp-content\/uploads\/austria-vienna-best-for-immigrants.jpg\" alt=\"\" width=\"1000\" height=\"667\" data-wp-pid=\"11500\" srcset=\"https:\/\/moverdb.com\/wp-content\/uploads\/austria-vienna-best-for-immigrants.jpg 1000w, https:\/\/moverdb.com\/wp-content\/uploads\/austria-vienna-best-for-immigrants-300x200.jpg 300w, https:\/\/moverdb.com\/wp-content\/uploads\/austria-vienna-best-for-immigrants-18x12.jpg 18w, https:\/\/moverdb.com\/wp-content\/uploads\/austria-vienna-best-for-immigrants-600x400.jpg 600w\" sizes=\"auto, (max-width: 1000px) 100vw, 1000px\" \/><\/p>\n<p>Avusturya'ya ta\u015f\u0131nmak isteyen g\u00f6\u00e7menler i\u00e7in en iyi \u015fehir Viyana'd\u0131r. Ba\u015fkent, rahat bir ya\u015fam i\u00e7in bir\u00e7ok kolayl\u0131\u011f\u0131n yan\u0131 s\u0131ra \u00e7ok say\u0131da cazibe merkezi ve e\u011flence se\u00e7ene\u011fine sahiptir.<\/p>\n<p>Viyana'da b\u00fcy\u00fck ve mevcut bir g\u00f6\u00e7men n\u00fcfusu vard\u0131r, bu nedenle \u015fehir genelinde farkl\u0131 k\u00fclt\u00fcrel etkiler bulacaks\u0131n\u0131z, bu da topluluk veya yeni ba\u011flant\u0131lar bulmay\u0131 umanlar i\u00e7in idealdir.<\/p>\n<p>Viyana'da iyi i\u015f olanaklar\u0131n\u0131n yan\u0131 s\u0131ra verimli toplu ta\u015f\u0131ma ve m\u00fckemmel sa\u011fl\u0131k hizmetleri de bulunmaktad\u0131r. Bir\u00e7ok gurbet\u00e7i, iyi konut se\u00e7eneklerine sahip oldu\u011fu ve uluslararas\u0131 okullara yak\u0131n oldu\u011fu i\u00e7in W\u00e4hring'de (18. b\u00f6lge) ya\u015famay\u0131 tercih etmektedir.<\/p>\n<p>Avusturya'ya ta\u015f\u0131nan g\u00f6\u00e7menler i\u00e7in bir ba\u015fka harika \u015fehir se\u00e7ene\u011fi de Graz'd\u0131r. Graz, Viyana'n\u0131n ikinci b\u00fcy\u00fck \u015fehridir ve b\u00fcy\u00fck bir \u00f6\u011frenci n\u00fcfusuna sahiptir. Graz'da ya\u015fam maliyeti daha uygundur ve daha rahat bir atmosferden yararlanabilirsiniz.<\/p>\n<h2><span class=\"ez-toc-section\" id=\"Best_Places_To_Live_In_Austria_for_Retirement\"><\/span>Emeklilik i\u00e7in Avusturya'da Ya\u015fanacak En \u0130yi Yerler<span class=\"ez-toc-section-end\"><\/span><\/h2>\n<p><img loading=\"lazy\" decoding=\"async\" class=\"alignnone size-full wp-image-11504\" src=\"https:\/\/moverdb.com\/wp-content\/uploads\/austria-vienna-best-for-retirement.jpg\" alt=\"\" width=\"1000\" height=\"667\" data-wp-pid=\"11504\" srcset=\"https:\/\/moverdb.com\/wp-content\/uploads\/austria-vienna-best-for-retirement.jpg 1000w, https:\/\/moverdb.com\/wp-content\/uploads\/austria-vienna-best-for-retirement-300x200.jpg 300w, https:\/\/moverdb.com\/wp-content\/uploads\/austria-vienna-best-for-retirement-18x12.jpg 18w, https:\/\/moverdb.com\/wp-content\/uploads\/austria-vienna-best-for-retirement-600x400.jpg 600w\" sizes=\"auto, (max-width: 1000px) 100vw, 1000px\" \/><\/p>\n<p>Avusturya'da emeklilik i\u00e7in en iyi \u015fehir Viyana'd\u0131r - \u00fclkenin k\u00fclt\u00fcr merkezi olan Viyana, sakinlerine mimari, sanat ve m\u00fczik a\u00e7\u0131s\u0131ndan ke\u015ffedilecek \u00e7ok \u015fey sunman\u0131n yan\u0131 s\u0131ra geli\u015fmi\u015f bir \u015fehrin modern olanaklar\u0131na da sahiptir.<\/p>\n<p>Viyana \u00e7ok g\u00fcvenli bir \u015fehir olarak bilinir - \u00fclke genelinin de \u00e7ok g\u00fcvenli oldu\u011fu d\u00fc\u015f\u00fcn\u00fcl\u00fcr - ve Avusturya'da sa\u011fl\u0131k hizmetleri m\u00fckemmeldir. Bak\u0131ml\u0131 bir toplu ta\u015f\u0131ma sistemi vard\u0131r ve tramvaylar, otob\u00fcsler ve trenler Viyana'n\u0131n ba\u015fl\u0131ca cazibe merkezlerinden baz\u0131lar\u0131nda s\u0131k s\u0131k durmaktad\u0131r.<\/p>\n<p>Ba\u015fkentte o kadar \u00e7ok k\u00fclt\u00fcr ve sanat var ki emekliler hi\u00e7 s\u0131k\u0131lmayacaklar.<\/p>\n<p>Salzburg emekliler i\u00e7in bir ba\u015fka iyi \u015fehir se\u00e7ene\u011fidir. Viyana'dan \u00e7ok daha uygun fiyatl\u0131d\u0131r ve mimarisi ola\u011fan\u00fcst\u00fcd\u00fcr.<\/p>\n<h2><span class=\"ez-toc-section\" id=\"Best_Places_To_Live_In_Austria_for_Young_Adults\"><\/span>Gen\u00e7 Yeti\u015fkinler \u0130\u00e7in Avusturya'da Ya\u015fanacak En \u0130yi Yerler<span class=\"ez-toc-section-end\"><\/span><\/h2>\n<p><img loading=\"lazy\" decoding=\"async\" class=\"alignnone size-full wp-image-11505\" src=\"https:\/\/moverdb.com\/wp-content\/uploads\/austria-villach-best-for-young-adults.jpg\" alt=\"\" width=\"1000\" height=\"667\" data-wp-pid=\"11505\" srcset=\"https:\/\/moverdb.com\/wp-content\/uploads\/austria-villach-best-for-young-adults.jpg 1000w, https:\/\/moverdb.com\/wp-content\/uploads\/austria-villach-best-for-young-adults-300x200.jpg 300w, https:\/\/moverdb.com\/wp-content\/uploads\/austria-villach-best-for-young-adults-18x12.jpg 18w, https:\/\/moverdb.com\/wp-content\/uploads\/austria-villach-best-for-young-adults-600x400.jpg 600w\" sizes=\"auto, (max-width: 1000px) 100vw, 1000px\" \/><\/p>\n<p>Villach, Viyana'ya ta\u015f\u0131nan gen\u00e7 yeti\u015fkinler i\u00e7in, \u00f6zellikle de su sporlar\u0131na ve a\u00e7\u0131k hava etkinliklerine ilgi duyuyorlarsa, harika bir se\u00e7enektir. Villach, Drava Nehri \u00fczerinde yer almakta olup \u0130talya ve Slovenya s\u0131n\u0131rlar\u0131na yak\u0131nd\u0131r.<\/p>\n<p>\u015eehir, Faak G\u00f6l\u00fc ve Ossiach G\u00f6l\u00fc gibi baz\u0131 ola\u011fan\u00fcst\u00fc g\u00f6llere yak\u0131nl\u0131\u011f\u0131yla bilinmektedir. \u015eehir genelinde g\u00fczel restoran ve kafelerin yan\u0131 s\u0131ra olduk\u00e7a b\u00fcy\u00fck bir \u00f6\u011frenci n\u00fcfusu bulunmaktad\u0131r.<\/p>\n<p>Gece hayat\u0131ndan ho\u015flanan gen\u00e7 yeti\u015fkinler i\u00e7in Salzburg \u015fehri daha iyi bir se\u00e7enek olabilir. Almanya s\u0131n\u0131r\u0131ndad\u0131r ve Avusturya'daki en iyi gece hayatlar\u0131ndan baz\u0131lar\u0131na sahiptir.<\/p>\n<h2><span class=\"ez-toc-section\" id=\"Best_Places_To_Live_In_Austria_for_Students\"><\/span>Avusturya'da \u00d6\u011frenciler \u0130\u00e7in Ya\u015fanacak En \u0130yi Yerler<span class=\"ez-toc-section-end\"><\/span><\/h2>\n<p><img loading=\"lazy\" decoding=\"async\" class=\"alignnone size-full wp-image-11506\" src=\"https:\/\/moverdb.com\/wp-content\/uploads\/austria-salzburg-best-for-students.jpg\" alt=\"\" width=\"1000\" height=\"666\" data-wp-pid=\"11506\" srcset=\"https:\/\/moverdb.com\/wp-content\/uploads\/austria-salzburg-best-for-students.jpg 1000w, https:\/\/moverdb.com\/wp-content\/uploads\/austria-salzburg-best-for-students-300x200.jpg 300w, https:\/\/moverdb.com\/wp-content\/uploads\/austria-salzburg-best-for-students-18x12.jpg 18w, https:\/\/moverdb.com\/wp-content\/uploads\/austria-salzburg-best-for-students-600x400.jpg 600w\" sizes=\"auto, (max-width: 1000px) 100vw, 1000px\" \/><\/p>\n<p>Salzburg, \u00f6\u011frenciler i\u00e7in en \u00e7ok tavsiye edilen \u015fehirlerden biridir. Salzburg'un tarihi merkezi UNESCO D\u00fcnya Miras\u0131 Listesi'nde yer almaktad\u0131r ve ayn\u0131 zamanda The Sound of Music filmine de ev sahipli\u011fi yapm\u0131\u015ft\u0131r.<\/p>\n<p>Salzburg, hepsi de Avusturya'n\u0131n sundu\u011fu k\u00fclt\u00fcrel \u00e7e\u015fitlilikten yararlanan, aralar\u0131ndan se\u00e7im yapabilece\u011finiz bir dizi uluslararas\u0131 okula sahiptir.<\/p>\n<p>Salzburg'un en tan\u0131nm\u0131\u015f uluslararas\u0131 okullar\u0131ndan baz\u0131lar\u0131 Aziz Gilgen Uluslararas\u0131 Okulu, Salzburg Uluslararas\u0131 Okulu (SALIS) ve Amerikan Uluslararas\u0131 Okulu'dur.<\/p>\n<p>Viyana ve Graz gibi di\u011fer \u015fehirler de \u00fclkedeki \u00f6\u011frenci merkezleri olarak kabul edilmektedir - daha h\u0131zl\u0131 tempolu bir ortam isteyenler i\u00e7in Viyana iyi bir se\u00e7im olabilirken, Graz k\u00fclt\u00fcr ve sanatla ilgilenen \u00f6\u011frenciler i\u00e7in m\u00fckemmeldir.<\/p>\n<h2><span class=\"ez-toc-section\" id=\"Best_Places_To_Live_In_Austria_for_Food\"><\/span>Avusturya'da Yemek \u0130\u00e7in Ya\u015fanacak En \u0130yi Yerler<span class=\"ez-toc-section-end\"><\/span><\/h2>\n<p><img loading=\"lazy\" decoding=\"async\" class=\"alignnone size-full wp-image-11507\" src=\"https:\/\/moverdb.com\/wp-content\/uploads\/austria-graz-best-for-food.jpg\" alt=\"\" width=\"1000\" height=\"662\" data-wp-pid=\"11507\" srcset=\"https:\/\/moverdb.com\/wp-content\/uploads\/austria-graz-best-for-food.jpg 1000w, https:\/\/moverdb.com\/wp-content\/uploads\/austria-graz-best-for-food-300x200.jpg 300w, https:\/\/moverdb.com\/wp-content\/uploads\/austria-graz-best-for-food-18x12.jpg 18w, https:\/\/moverdb.com\/wp-content\/uploads\/austria-graz-best-for-food-600x397.jpg 600w\" sizes=\"auto, (max-width: 1000px) 100vw, 1000px\" \/><\/p>\n<p>Avusturya mutfa\u011f\u0131, Almanya ve Orta Avrupa gibi \u00e7e\u015fitli k\u00fclt\u00fcrlerden etkilenmi\u015ftir ve Viyana Apfelstrudel, Wiener Schnitzel ve Viyana Sosisi gibi ana yemekleri i\u00e7erir.<\/p>\n<p>Viyana'n\u0131n Apfelstrudel'i Avusturya'n\u0131n ulusal yeme\u011fidir ve elma dolgusu ile kaplanm\u0131\u015f lapa lapa bir hamur i\u015fidir ve Avusturya'da \u00e7ok sevilir. Pop\u00fcler yemeklerin aksine, Viyana'da yemek severler i\u00e7in en iyi \u015fehir Graz'd\u0131r.<\/p>\n<p>Graz, daha sonra Avusturya'n\u0131n en iyi yemeklerinden baz\u0131lar\u0131nda \u015fehir genelinde kullan\u0131lan en taze \u00fcr\u00fcnleri sa\u011flayan tar\u0131m arazileriyle \u00e7evrilidir.<\/p>\n<p>Viyana, zengin bir mutfak sahnesine sahip bir ba\u015fka \u015fehirdir, ancak Viyana'da yiyecek, i\u00e7ecek ve d\u0131\u015far\u0131da yemek fiyatlar\u0131 Graz'dan daha pahal\u0131 olacakt\u0131r.<\/p>\n<h2><span class=\"ez-toc-section\" id=\"Best_Places_To_Live_In_Austria_for_Singles\"><\/span>Bekarlar \u0130\u00e7in Avusturya'da Ya\u015fanacak En \u0130yi Yerler<span class=\"ez-toc-section-end\"><\/span><\/h2>\n<p><img loading=\"lazy\" decoding=\"async\" class=\"alignnone size-full wp-image-11508\" src=\"https:\/\/moverdb.com\/wp-content\/uploads\/austria-linz-best-for-singles.jpg\" alt=\"\" width=\"1000\" height=\"667\" data-wp-pid=\"11508\" srcset=\"https:\/\/moverdb.com\/wp-content\/uploads\/austria-linz-best-for-singles.jpg 1000w, https:\/\/moverdb.com\/wp-content\/uploads\/austria-linz-best-for-singles-300x200.jpg 300w, https:\/\/moverdb.com\/wp-content\/uploads\/austria-linz-best-for-singles-18x12.jpg 18w, https:\/\/moverdb.com\/wp-content\/uploads\/austria-linz-best-for-singles-600x400.jpg 600w\" sizes=\"auto, (max-width: 1000px) 100vw, 1000px\" \/><\/p>\n<p>Avusturya'ya ta\u015f\u0131nmay\u0131 uman bekar insanlar i\u00e7in Linz ideal bir yerdir. Linz, etkileyici Barok mimarisi ve hem sanat hem de bilime olan ilgisiyle yukar\u0131 Avusturya'da yer almaktad\u0131r.<\/p>\n<p>Linz, Salzburg ve Viyana aras\u0131nda Tuna Nehri'nin ortas\u0131nda yer al\u0131r ve bu da b\u00fcy\u00fck \u015fehirlerde ya\u015famadan bu \u015fehirlere gidip gelmek isteyenler i\u00e7in idealdir.<\/p>\n<p>\u00c7evredeki en iyi sanat koleksiyonlar\u0131ndan baz\u0131lar\u0131na sahip olan (\u00f6zellikle nehir kenar\u0131ndaki Lentos Kunstmuseum Linz'de) Linz, m\u00fcmk\u00fcn oldu\u011funca \u00e7ok Avusturya k\u00fclt\u00fcr\u00fcn\u00fc \u00f6z\u00fcmsemek isteyen bekarlar i\u00e7in harika bir se\u00e7imdir.<\/p>\n<p>Bilim ve teknoloji severler de toplum, teknoloji ve gelecekteki ya\u015fama odaklanan Ars Electronica Merkezi'ne ev sahipli\u011fi yapan bu \u015fehirden keyif alacaklard\u0131r.<\/p>\n<p>Viyana, Salzburg ve Graz gibi di\u011fer \u015fehirler de bekarlar i\u00e7in tavsiye edilir, \u00e7\u00fcnk\u00fc hareketli \u00e7evre ve geni\u015fleyen mahalleler i\u015f bulmak, topluluk olu\u015fturmak ve bir hayat kurmak i\u00e7in \u00e7ok say\u0131da yer sunar.<\/p>\n<h2><span class=\"ez-toc-section\" id=\"Best_Places_To_Live_In_Austria_for_the_LGBT_Community\"><\/span>LGBT+ Toplulu\u011fu i\u00e7in Avusturya'da Ya\u015fanacak En \u0130yi Yerler<span class=\"ez-toc-section-end\"><\/span><\/h2>\n<p><img loading=\"lazy\" decoding=\"async\" class=\"alignnone size-full wp-image-11509\" src=\"https:\/\/moverdb.com\/wp-content\/uploads\/austria-vienna-best-for-lgbts.jpg\" alt=\"\" width=\"1000\" height=\"667\" data-wp-pid=\"11509\" srcset=\"https:\/\/moverdb.com\/wp-content\/uploads\/austria-vienna-best-for-lgbts.jpg 1000w, https:\/\/moverdb.com\/wp-content\/uploads\/austria-vienna-best-for-lgbts-300x200.jpg 300w, https:\/\/moverdb.com\/wp-content\/uploads\/austria-vienna-best-for-lgbts-18x12.jpg 18w, https:\/\/moverdb.com\/wp-content\/uploads\/austria-vienna-best-for-lgbts-600x400.jpg 600w\" sizes=\"auto, (max-width: 1000px) 100vw, 1000px\" \/><\/p>\n<p>Viyana, LGBT+ toplulu\u011funa adanm\u0131\u015f \u00e7ok say\u0131da mek\u00e2n ve kurulu\u015fla Avusturya'n\u0131n queer ba\u015fkenti olarak kabul edilmektedir. \u015eehirde her y\u0131l queer tarihi ve k\u00fclt\u00fcr\u00fcn\u00fc kutlayan etkinliklerin yer ald\u0131\u011f\u0131 bir Onur Y\u00fcr\u00fcy\u00fc\u015f\u00fc d\u00fczenlenmektedir.<\/p>\n<p>Ba\u015fkent olarak, topluluk bulmay\u0131 umanlar i\u00e7in harika olan mevcut b\u00fcy\u00fck bir LGBT + \u00fcye n\u00fcfusu vard\u0131r.<\/p>\n<p>Naschmarkt b\u00f6lgesi (Viyana'n\u0131n 4. ve 6. b\u00f6lgelerini birbirine ba\u011flayan b\u00f6lge), \u00f6zellikle bu toplulu\u011fa hitap eden bar, kul\u00fcp ve saunalar\u0131n bulundu\u011fu bir gey k\u00f6y\u00fcd\u00fcr.<\/p>\n<p>Salzburg, Avusturya'da geni\u015f bir LGBT+ toplulu\u011funa ve her y\u0131l y\u00fczlerce ki\u015fiyi \u00e7eken LGBT+ etkinliklerine sahip bir ba\u015fka \u015fehirdir. Y\u0131l boyunca LGBT+ toplulu\u011funa hitap eden bir dizi etkinli\u011fin yan\u0131 s\u0131ra Salzburg'da tad\u0131n\u0131 \u00e7\u0131karabilece\u011finiz \u00e7ok say\u0131da ba\u015fka cazibe merkezi ve olanak da bulunmaktad\u0131r.<\/p>\n<h2><span class=\"ez-toc-section\" id=\"Best_Places_To_Live_In_Austria_for_the_Weather\"><\/span>Avusturya'da Hava Durumu A\u00e7\u0131s\u0131ndan Ya\u015fanabilecek En \u0130yi Yerler<span class=\"ez-toc-section-end\"><\/span><\/h2>\n<p><img loading=\"lazy\" decoding=\"async\" class=\"alignnone size-full wp-image-11510\" src=\"https:\/\/moverdb.com\/wp-content\/uploads\/austria-salzburg-best-for-weather.jpg\" alt=\"\" width=\"1000\" height=\"641\" data-wp-pid=\"11510\" srcset=\"https:\/\/moverdb.com\/wp-content\/uploads\/austria-salzburg-best-for-weather.jpg 1000w, https:\/\/moverdb.com\/wp-content\/uploads\/austria-salzburg-best-for-weather-300x192.jpg 300w, https:\/\/moverdb.com\/wp-content\/uploads\/austria-salzburg-best-for-weather-18x12.jpg 18w, https:\/\/moverdb.com\/wp-content\/uploads\/austria-salzburg-best-for-weather-600x385.jpg 600w\" sizes=\"auto, (max-width: 1000px) 100vw, 1000px\" \/><\/p>\n<p>Avusturya \u00fc\u00e7 farkl\u0131 iklim b\u00f6lgesine sahiptir: \u00dclkenin do\u011fu kesimi genellikle daha az ya\u011f\u0131\u015f alan \u0131l\u0131k yazlara sahiptir, orta b\u00f6lge k\u0131sa yazlar ve bol ya\u011fmur gibi Alp iklimi \u00f6zelliklerine sahip olma e\u011filimindedir ve \u00fclkenin geri kalan\u0131 ya\u011f\u0131\u015fl\u0131 ve \u0131l\u0131man olma e\u011filiminde olan bir Avrupa iklimi ya\u015far.<\/p>\n<p>Salzburg, hava durumu a\u00e7\u0131s\u0131ndan Avusturya'n\u0131n en iyi \u015fehirlerinden biridir. Avusturya'da yazlar \u0131l\u0131k ge\u00e7er ve g\u00fcne\u015f i\u00e7in en iyi aylar Haziran, Temmuz ve A\u011fustos aylar\u0131d\u0131r.<\/p>\n<p>Viyana, Do\u011fu'da yer alman\u0131n avantajlar\u0131ndan yararlanan bir ba\u015fka \u015fehirdir ve bu nedenle s\u0131cak yaz havas\u0131na sahip bir yere ta\u015f\u0131nmay\u0131 umuyorsan\u0131z g\u00f6z \u00f6n\u00fcnde bulundurman\u0131z gereken iyi bir \u015fehirdir.<\/p>\n<h2><span class=\"ez-toc-section\" id=\"Best_Places_To_Live_In_Austria_Near_Mountains\"><\/span>Avusturya'da Da\u011flara Yak\u0131n Ya\u015famak \u0130\u00e7in En \u0130yi Yerler<span class=\"ez-toc-section-end\"><\/span><\/h2>\n<p><img loading=\"lazy\" decoding=\"async\" class=\"alignnone size-full wp-image-11511\" src=\"https:\/\/moverdb.com\/wp-content\/uploads\/austria-innsbruck-best-for-mountains.jpg\" alt=\"\" width=\"1000\" height=\"691\" data-wp-pid=\"11511\" srcset=\"https:\/\/moverdb.com\/wp-content\/uploads\/austria-innsbruck-best-for-mountains.jpg 1000w, https:\/\/moverdb.com\/wp-content\/uploads\/austria-innsbruck-best-for-mountains-300x207.jpg 300w, https:\/\/moverdb.com\/wp-content\/uploads\/austria-innsbruck-best-for-mountains-18x12.jpg 18w, https:\/\/moverdb.com\/wp-content\/uploads\/austria-innsbruck-best-for-mountains-600x415.jpg 600w\" sizes=\"auto, (max-width: 1000px) 100vw, 1000px\" \/><\/p>\n<p>Innsbruck, Avusturya'n\u0131n bat\u0131s\u0131ndaki Tirol eyaletinin ba\u015fkentidir ve Alpler'de yer al\u0131r - ola\u011fan\u00fcst\u00fc da\u011flar\u0131 kap\u0131lar\u0131n\u0131n \u00f6n\u00fcnde g\u00f6rmek isteyenler i\u00e7in ideal bir noktad\u0131r.<\/p>\n<p>Innsbruck yak\u0131nlar\u0131ndaki \u00fcnl\u00fc da\u011f silsilesi Nordkette olarak adland\u0131r\u0131l\u0131r, \u00e7e\u015fitli \u015fekillerde Kuzey Zinciri veya Kuzey S\u0131rada\u011flar\u0131 olarak da adland\u0131r\u0131l\u0131r ve Innsbruck'un hemen kuzeyinde yer al\u0131r.<\/p>\n<p>Kayak ve snowboard gibi kar sporlar\u0131 Innsbruck'ta yayg\u0131nd\u0131r ve her y\u0131l y\u00fczlerce turistin ilgisini \u00e7ekmektedir. Innsbruck ayr\u0131ca y\u00fcr\u00fcy\u00fc\u015f veya do\u011fa y\u00fcr\u00fcy\u00fc\u015f\u00fc gibi daha hafif a\u00e7\u0131k hava etkinliklerinden ho\u015flananlar i\u00e7in de ideal bir \u015fehirdir.<\/p>\n<h2><span class=\"ez-toc-section\" id=\"Other_Useful_Guides_to_Austria\"><\/span>Avusturya \u0130\u00e7in Di\u011fer Faydal\u0131 K\u0131lavuzlar<span class=\"ez-toc-section-end\"><\/span><\/h2>\n<ul>\n<li> <a href=\"https:\/\/moverdb.com\/tr\/konteyner-tasimaciligi\/avusturya\/\">2024 Avusturya'ya ve Avusturya'dan Deniz Ta\u015f\u0131mac\u0131l\u0131\u011f\u0131 Konteyner Nakliye Fiyatlar\u0131<\/a><\/li>\n<li> <a href=\"https:\/\/moverdb.com\/tr\/tasinma-si%cc%87rketleri%cc%87\/avusturya-tasinma-sirketleri\/\">Avusturya'daki En \u0130yi 13 Uluslararas\u0131 Nakliye \u015eirketi<\/a><\/li>\n<li> <a href=\"https:\/\/moverdb.com\/tr\/moving-to-austria\/\">Avusturya'ya m\u0131 Ta\u015f\u0131n\u0131yorsunuz? 2026 Ya\u015fam Maliyetleri &amp; Yer De\u011fi\u015ftirme \u0130pu\u00e7lar\u0131<\/a><\/li>\n<li> <a href=\"https:\/\/moverdb.com\/tr\/moving-to-austria\/living-in-austria\/\">21 G\u00fcney Afrika'da Ya\u015famaya Dair Ta\u015f\u0131nmadan \u00d6nce Bilinmesi Gereken S\u0131rlar<\/a><\/li>\n<\/ul>","protected":false},"excerpt":{"rendered":"<p>Quality of life is one of the most important factors to consider when deciding to relocate. Residents in Austria are ranked as having the second highest quality of life across the globe with excellent healthcare, educational systems and air quality. We&#8217;ll take a look at some of the best places to live in Austria for [&hellip;]<\/p>\n","protected":false},"author":1,"featured_media":0,"parent":5654,"menu_order":0,"comment_status":"closed","ping_status":"closed","template":"","meta":{"_genesis_hide_title":false,"_genesis_hide_breadcrumbs":false,"_genesis_hide_singular_image":false,"_genesis_hide_footer_widgets":false,"_genesis_custom_body_class":"","_genesis_custom_post_class":"","_genesis_layout":"","footnotes":""},"class_list":{"0":"post-17033","1":"page","2":"type-page","3":"status-publish","5":"entry"},"_links":{"self":[{"href":"https:\/\/moverdb.com\/tr\/wp-json\/wp\/v2\/pages\/17033","targetHints":{"allow":["GET"]}}],"collection":[{"href":"https:\/\/moverdb.com\/tr\/wp-json\/wp\/v2\/pages"}],"about":[{"href":"https:\/\/moverdb.com\/tr\/wp-json\/wp\/v2\/types\/page"}],"author":[{"embeddable":true,"href":"https:\/\/moverdb.com\/tr\/wp-json\/wp\/v2\/users\/1"}],"replies":[{"embeddable":true,"href":"https:\/\/moverdb.com\/tr\/wp-json\/wp\/v2\/comments?post=17033"}],"version-history":[{"count":3,"href":"https:\/\/moverdb.com\/tr\/wp-json\/wp\/v2\/pages\/17033\/revisions"}],"predecessor-version":[{"id":17036,"href":"https:\/\/moverdb.com\/tr\/wp-json\/wp\/v2\/pages\/17033\/revisions\/17036"}],"up":[{"embeddable":true,"href":"https:\/\/moverdb.com\/tr\/wp-json\/wp\/v2\/pages\/5654"}],"wp:attachment":[{"href":"https:\/\/moverdb.com\/tr\/wp-json\/wp\/v2\/media?parent=17033"}],"curies":[{"name":"wp","href":"https:\/\/api.w.org\/{rel}","templated":true}]}}