{"id":14990,"date":"2024-09-25T09:19:27","date_gmt":"2024-09-25T09:19:27","guid":{"rendered":"https:\/\/moverdb.com\/?page_id=14990"},"modified":"2026-01-08T15:06:11","modified_gmt":"2026-01-08T15:06:11","slug":"moving-to-iceland-from-the-uk","status":"publish","type":"page","link":"https:\/\/moverdb.com\/tr\/moving-to-iceland\/moving-to-iceland-from-the-uk\/","title":{"rendered":"Birle\u015fik Krall\u0131k'tan \u0130zlanda'ya Ta\u015f\u0131nma\u00a0"},"content":{"rendered":"<p><img loading=\"lazy\" decoding=\"async\" class=\"alignnone size-full wp-image-14583\" src=\"https:\/\/moverdb.com\/wp-content\/uploads\/moving-to-iceland-1.jpg\" alt=\"\" width=\"1000\" height=\"667\" srcset=\"https:\/\/moverdb.com\/wp-content\/uploads\/moving-to-iceland-1.jpg 1000w, https:\/\/moverdb.com\/wp-content\/uploads\/moving-to-iceland-1-300x200.jpg 300w, https:\/\/moverdb.com\/wp-content\/uploads\/moving-to-iceland-1-18x12.jpg 18w\" sizes=\"auto, (max-width: 1000px) 100vw, 1000px\" \/><span style=\"font-weight: 400;\">T\u00fcrkiye'den sadece 846 mil uzakta olmas\u0131na ra\u011fmen <a href=\"https:\/\/moverdb.com\/tr\/moving-to-the-uk\/\" data-internallinksmanager029f6b8e52c=\"93\" title=\"Birle\u015fik Krall\u0131k&#039;a m\u0131 ta\u015f\u0131n\u0131yorsunuz? 2026 Ya\u015fam Maliyetleri &amp; Yer De\u011fi\u015ftirme \u0130pu\u00e7lar\u0131\">Birle\u015fik Krall\u0131k<\/a>, <a href=\"https:\/\/moverdb.com\/tr\/moving-to-iceland\/\" data-internallinksmanager029f6b8e52c=\"434\" title=\"\u0130zlanda&#039;ya m\u0131 Ta\u015f\u0131n\u0131yorsunuz? 2026 Ya\u015fam Maliyetleri &amp; Yer De\u011fi\u015ftirme \u0130pu\u00e7lar\u0131\">\u0130zlanda<\/a> yakla\u015f\u0131k 130 aktif ve inaktif volkan\u0131n yan\u0131 s\u0131ra hayranl\u0131k uyand\u0131racak ve ke\u015ffedilecek \u00e7ok say\u0131da da\u011fl\u0131k zirve ve buzul alan\u0131yla tamamen farkl\u0131 bir topografya getiriyor.<\/span><\/p>\n<p><span style=\"font-weight: 400;\">Birle\u015fik Krall\u0131k'tan \u0130zlanda'ya ta\u015f\u0131nmay\u0131 d\u00fc\u015f\u00fcn\u00fcyorsan\u0131z, bu rehber size vize gerekliliklerinden ya\u015fam maliyeti farkl\u0131l\u0131klar\u0131na; sa\u011fl\u0131kla ilgili en iyi ipu\u00e7lar\u0131ndan evcil hayvanlar\u0131n\u0131zla \u00fclke de\u011fi\u015ftirmeyle ilgili kurallara kadar bilmeniz gereken her \u015feyi anlatacak ve b\u00fcy\u00fck ta\u015f\u0131nma zaman\u0131 geldi\u011finde kendinizi daha g\u00fc\u00e7l\u00fc hissetmenize yard\u0131mc\u0131 olacakt\u0131r.<\/span><\/p>\n<p><b>H\u0131zl\u0131 \u0130zlanda Ger\u00e7ekleri:<\/b><\/p>\n<ol>\n<li style=\"font-weight: 400;\" aria-level=\"1\"><b>N\u00fcfus: <\/b><span style=\"font-weight: 400;\">372.520 (2021 tahmini)<\/span><\/li>\n<li style=\"font-weight: 400;\" aria-level=\"1\"><b>Resmi Dil:<\/b><span style=\"font-weight: 400;\"> \u0130zlandaca (<\/span><i><span style=\"font-weight: 400;\">de facto<\/span><\/i><span style=\"font-weight: 400;\">) \u0130ngilizce \u00e7o\u011fu yerli \u0130zlandal\u0131 taraf\u0131ndan ikinci dil olarak konu\u015fulurken, Danca, Almanca, \u0130spanyolca ve Frans\u0131zca<\/span><\/li>\n<li style=\"font-weight: 400;\" aria-level=\"1\"><b>Ki\u015fi Ba\u015f\u0131na GSY\u0130H:<\/b><span style=\"font-weight: 400;\"> $68,727 USD (2021 tahmini)<\/span><\/li>\n<li style=\"font-weight: 400;\" aria-level=\"1\"><b>Rastgele Ger\u00e7ek: <\/b><span style=\"font-weight: 400;\">\u0130zlanda'n\u0131n insanlar taraf\u0131ndan yerle\u015filen son yer oldu\u011fu d\u00fc\u015f\u00fcn\u00fcl\u00fcyor - Vikinglerin \u0130zlanda'y\u0131 kazara ke\u015ffetti\u011fi bildiriliyor!<\/span><\/li>\n<li style=\"font-weight: 400;\" aria-level=\"1\"><b>Para birimi: <\/b><b>\u0130zlandaca Kr\u00f3na<\/b><span style=\"font-weight: 400;\"> (kr). 2024 itibariyle, 1 \u00a3 = 180,78 kr, 1 \u20ac = 151,10 kr, $1 USD = 135,08 kr, $1 CAD = 100,56 kr, $1 AUD = 92,93 kr<\/span><span style=\"font-weight: 400;\"><br \/>\n<\/span><\/li>\n<\/ol>\n<div id=\"ez-toc-container\" class=\"ez-toc-v2_0_82_2 ez-toc-wrap-left counter-hierarchy ez-toc-counter ez-toc-transparent ez-toc-container-direction\">\n<div class=\"ez-toc-title-container\">\n<p class=\"ez-toc-title\" style=\"cursor:inherit\">B\u00f6l\u00fcmler<\/p>\n<span class=\"ez-toc-title-toggle\"><a href=\"#\" class=\"ez-toc-pull-right ez-toc-btn ez-toc-btn-xs ez-toc-btn-default ez-toc-toggle\" aria-label=\"\u0130\u00e7indekiler Tablosunu A\u00e7\/Kapat\"><span class=\"ez-toc-js-icon-con\"><span class=\"\"><span class=\"eztoc-hide\" style=\"display:none;\">Ge\u00e7i\u015f<\/span><span class=\"ez-toc-icon-toggle-span\"><svg style=\"fill: #999;color:#999\" xmlns=\"http:\/\/www.w3.org\/2000\/svg\" class=\"list-377408\" width=\"20px\" height=\"20px\" viewbox=\"0 0 24 24\" fill=\"none\"><path d=\"M6 6H4v2h2V6zm14 0H8v2h12V6zM4 11h2v2H4v-2zm16 0H8v2h12v-2zM4 16h2v2H4v-2zm16 0H8v2h12v-2z\" fill=\"currentColor\"><\/path><\/svg><svg style=\"fill: #999;color:#999\" class=\"arrow-unsorted-368013\" xmlns=\"http:\/\/www.w3.org\/2000\/svg\" width=\"10px\" height=\"10px\" viewbox=\"0 0 24 24\" version=\"1.2\" baseprofile=\"tiny\"><path d=\"M18.2 9.3l-6.2-6.3-6.2 6.3c-.2.2-.3.4-.3.7s.1.5.3.7c.2.2.4.3.7.3h11c.3 0 .5-.1.7-.3.2-.2.3-.5.3-.7s-.1-.5-.3-.7zM5.8 14.7l6.2 6.3 6.2-6.3c.2-.2.3-.5.3-.7s-.1-.5-.3-.7c-.2-.2-.4-.3-.7-.3h-11c-.3 0-.5.1-.7.3-.2.2-.3.5-.3.7s.1.5.3.7z\"\/><\/svg><\/span><\/span><\/span><\/a><\/span><\/div>\n<nav><ul class='ez-toc-list ez-toc-list-level-1 eztoc-toggle-hide-by-default' ><li class='ez-toc-page-1 ez-toc-heading-level-2'><a class=\"ez-toc-link ez-toc-heading-1\" href=\"https:\/\/moverdb.com\/tr\/moving-to-iceland\/moving-to-iceland-from-the-uk\/#1_Moving_Costs_to_Iceland_from_the_UK\" >1. Birle\u015fik Krall\u0131k'tan \u0130zlanda'ya Ta\u015f\u0131nma Maliyetleri<\/a><\/li><li class='ez-toc-page-1 ez-toc-heading-level-2'><a class=\"ez-toc-link ez-toc-heading-2\" href=\"https:\/\/moverdb.com\/tr\/moving-to-iceland\/moving-to-iceland-from-the-uk\/#2_How_Long_Does_It_Take_To_Move_to_Iceland_from_the_United_Kingdom\" >2. Birle\u015fik Krall\u0131k'tan \u0130zlanda'ya Ta\u015f\u0131nmak Ne Kadar S\u00fcrer?<\/a><\/li><li class='ez-toc-page-1 ez-toc-heading-level-2'><a class=\"ez-toc-link ez-toc-heading-3\" href=\"https:\/\/moverdb.com\/tr\/moving-to-iceland\/moving-to-iceland-from-the-uk\/#3_Moving_Restrictions_to_Iceland_from_the_UK\" >3. \u0130ngiltere'den \u0130zlanda'ya Ta\u015f\u0131nma K\u0131s\u0131tlamalar\u0131<\/a><\/li><li class='ez-toc-page-1 ez-toc-heading-level-2'><a class=\"ez-toc-link ez-toc-heading-4\" href=\"https:\/\/moverdb.com\/tr\/moving-to-iceland\/moving-to-iceland-from-the-uk\/#4_Visa_Requirements_to_Iceland_from_the_UK\" >4. Birle\u015fik Krall\u0131k'tan \u0130zlanda'ya Vize Gereklilikleri<\/a><\/li><li class='ez-toc-page-1 ez-toc-heading-level-2'><a class=\"ez-toc-link ez-toc-heading-5\" href=\"https:\/\/moverdb.com\/tr\/moving-to-iceland\/moving-to-iceland-from-the-uk\/#5_Cost_of_Living_Differences_in_Iceland\" >5. \u0130zlanda'da Ya\u015fam Maliyeti Farkl\u0131l\u0131klar\u0131<\/a><\/li><li class='ez-toc-page-1 ez-toc-heading-level-2'><a class=\"ez-toc-link ez-toc-heading-6\" href=\"https:\/\/moverdb.com\/tr\/moving-to-iceland\/moving-to-iceland-from-the-uk\/#6_Tax_Treaties_in_Iceland\" >6. \u0130zlanda'daki Vergi Anla\u015fmalar\u0131<\/a><\/li><li class='ez-toc-page-1 ez-toc-heading-level-2'><a class=\"ez-toc-link ez-toc-heading-7\" href=\"https:\/\/moverdb.com\/tr\/moving-to-iceland\/moving-to-iceland-from-the-uk\/#7_Working_Rules_in_Iceland\" >7. \u0130zlanda'da \u00c7al\u0131\u015fma Kurallar\u0131<\/a><\/li><li class='ez-toc-page-1 ez-toc-heading-level-2'><a class=\"ez-toc-link ez-toc-heading-8\" href=\"https:\/\/moverdb.com\/tr\/moving-to-iceland\/moving-to-iceland-from-the-uk\/#8_Healthcare_in_Iceland\" >8. \u0130zlanda'da Sa\u011fl\u0131k Hizmetleri<\/a><\/li><li class='ez-toc-page-1 ez-toc-heading-level-2'><a class=\"ez-toc-link ez-toc-heading-9\" href=\"https:\/\/moverdb.com\/tr\/moving-to-iceland\/moving-to-iceland-from-the-uk\/#9_Rules_Around_Moving_With_Pets_in_Iceland\" >9. \u0130zlanda'da Evcil Hayvanlarla Ta\u015f\u0131nmaya \u0130li\u015fkin Kurallar<\/a><\/li><li class='ez-toc-page-1 ez-toc-heading-level-2'><a class=\"ez-toc-link ez-toc-heading-10\" href=\"https:\/\/moverdb.com\/tr\/moving-to-iceland\/moving-to-iceland-from-the-uk\/#10_Similar_Places\" >10. Benzer Yerler<\/a><\/li><li class='ez-toc-page-1 ez-toc-heading-level-2'><a class=\"ez-toc-link ez-toc-heading-11\" href=\"https:\/\/moverdb.com\/tr\/moving-to-iceland\/moving-to-iceland-from-the-uk\/#11_Pros_and_Cons_of_Moving_to_Iceland_from_the_UK\" >11. \u0130ngiltere'den \u0130zlanda'ya Ta\u015f\u0131nman\u0131n Art\u0131lar\u0131 ve Eksileri<\/a><\/li><li class='ez-toc-page-1 ez-toc-heading-level-2'><a class=\"ez-toc-link ez-toc-heading-12\" href=\"https:\/\/moverdb.com\/tr\/moving-to-iceland\/moving-to-iceland-from-the-uk\/#Other_Useful_Guides_to_Iceland\" >\u0130zlanda \u0130\u00e7in Di\u011fer Faydal\u0131 Rehberler<\/a><\/li><\/ul><\/nav><\/div>\n<h2><span class=\"ez-toc-section\" id=\"1_Moving_Costs_to_Iceland_from_the_UK\"><\/span><b>1. Birle\u015fik Krall\u0131k'tan \u0130zlanda'ya Ta\u015f\u0131nma Maliyetleri<\/b><span class=\"ez-toc-section-end\"><\/span><\/h2>\n<p>A\u015fa\u011f\u0131daki tablo, Birle\u015fik Krall\u0131k'taki en b\u00fcy\u00fck 10 \u015fehirden 20 veya 40 fitlik bir konteyner kiralaman\u0131n ve Reykjavik'e g\u00f6ndermenin tahmini maliyetini g\u00f6stermektedir:<\/p>\n\n<table id=\"tablepress-558\" class=\"tablepress tablepress-id-558\">\n<thead>\n<tr class=\"row-1\">\n\t<th class=\"column-1\">K\u00f6ken \u015eehir<\/th><th class=\"column-2\">20FT<\/th><th class=\"column-3\">40FT<\/th>\n<\/tr>\n<\/thead>\n<tbody class=\"row-striping row-hover\">\n<tr class=\"row-2\">\n\t<td class=\"column-1\"><a href=\"\" data-internallinksmanager029f6b8e52c=\"34\" title=\"Birmingham\">Birmingham<\/a><\/td><td class=\"column-2\">\u00a3950 - \u00a31,050<\/td><td class=\"column-3\">\u00a31,700 - \u00a31,800<\/td>\n<\/tr>\n<tr class=\"row-3\">\n\t<td class=\"column-1\"><a href=\"\" data-internallinksmanager029f6b8e52c=\"36\" title=\"Bristol\">Bristol<\/a><\/td><td class=\"column-2\">\u00a31,000 - \u00a31,100<\/td><td class=\"column-3\">\u00a31,800 - \u00a31,900<\/td>\n<\/tr>\n<tr class=\"row-4\">\n\t<td class=\"column-1\"><a href=\"\" data-internallinksmanager029f6b8e52c=\"46\" title=\"Glasgow\">Glasgow<\/a><\/td><td class=\"column-2\">\u00a31,050 - \u00a31,150<\/td><td class=\"column-3\">\u00a31,900 - \u00a32,000<\/td>\n<\/tr>\n<tr class=\"row-5\">\n\t<td class=\"column-1\"><a href=\"\" data-internallinksmanager029f6b8e52c=\"48\" title=\"Leeds\">Leeds<\/a><\/td><td class=\"column-2\">\u00a31,030 - \u00a31,130<\/td><td class=\"column-3\">\u00a31,850 - \u00a31,950<\/td>\n<\/tr>\n<tr class=\"row-6\">\n\t<td class=\"column-1\"><a href=\"\" data-internallinksmanager029f6b8e52c=\"49\" title=\"Liverpool\">Liverpool<\/a><\/td><td class=\"column-2\">\u00a31,020 - \u00a31,120<\/td><td class=\"column-3\">\u00a31,830 - \u00a31,930<\/td>\n<\/tr>\n<tr class=\"row-7\">\n\t<td class=\"column-1\">Londra<\/td><td class=\"column-2\">\u00a31,150 - \u00a31,250<\/td><td class=\"column-3\">\u00a32,000 - \u00a32,100<\/td>\n<\/tr>\n<tr class=\"row-8\">\n\t<td class=\"column-1\"><a href=\"\" data-internallinksmanager029f6b8e52c=\"52\" title=\"Manchester\">Manchester<\/a><\/td><td class=\"column-2\">\u00a31,040 - \u00a31,140<\/td><td class=\"column-3\">\u00a31,820 - \u00a31,920<\/td>\n<\/tr>\n<tr class=\"row-9\">\n\t<td class=\"column-1\">Newcastle<\/td><td class=\"column-2\">\u00a31,020 - \u00a31,120<\/td><td class=\"column-3\">\u00a31,800 - \u00a31,900<\/td>\n<\/tr>\n<tr class=\"row-10\">\n\t<td class=\"column-1\"><a href=\"\" data-internallinksmanager029f6b8e52c=\"66\" title=\"Sheffield\">Sheffield<\/a><\/td><td class=\"column-2\">\u00a31,010 - \u00a31,110<\/td><td class=\"column-3\">\u00a31,780 - \u00a31,880<\/td>\n<\/tr>\n<tr class=\"row-11\">\n\t<td class=\"column-1\">Southampton<\/td><td class=\"column-2\">\u00a31,000 - \u00a31,100<\/td><td class=\"column-3\">\u00a31,760 - \u00a31,860<\/td>\n<\/tr>\n<\/tbody>\n<\/table>\n<!-- #tablepress-558 from cache -->\n<ul>\n<li>T\u00fcm rakamlar \u0130ngiliz Sterlini cinsindendir;<\/li>\n<li> Yukar\u0131daki oranlar yaln\u0131zca tahminidir ve bu makalenin g\u00fcncellendi\u011fi tarihten (Eyl\u00fcl 2024) bu yana de\u011fi\u015fmi\u015f olabilir. Bunlar, a\u015fa\u011f\u0131dakilerden en d\u00fc\u015f\u00fck tahmini orana dayanmaktad\u0131r <a href=\"https:\/\/www.freightos.com\/\" target=\"_blank\" rel=\"noreferrer noopener\">Freightos<\/a>, <a href=\"https:\/\/www.flexport.com\/\" target=\"_blank\" rel=\"noreferrer noopener\">Flexport<\/a>veya <a href=\"https:\/\/www.maersk.com\/\" target=\"_blank\" rel=\"noreferrer noopener\">Maersk<\/a>;<\/li>\n<li>Sizin i\u00e7in maliyet hakk\u0131nda daha do\u011fru bir fikir edinmek i\u00e7in l\u00fctfen bu sayfan\u0131n \u00fcst k\u0131sm\u0131ndaki teklif formunu kullan\u0131n;<\/li>\n<li>L\u00fctfen \u015fu konulardaki k\u0131lavuzumuza da bak\u0131n <a href=\"https:\/\/moverdb.com\/tr\/konteyner-tasimaciligi\/\" target=\"_blank\" rel=\"noreferrer noopener\">uluslararas\u0131 konteyner ta\u015f\u0131mac\u0131l\u0131\u011f\u0131<\/a>.<\/li>\n<\/ul>\n<h2><span class=\"ez-toc-section\" id=\"2_How_Long_Does_It_Take_To_Move_to_Iceland_from_the_United_Kingdom\"><\/span><b>2. Birle\u015fik Krall\u0131k'tan \u0130zlanda'ya Ta\u015f\u0131nmak Ne Kadar S\u00fcrer?<\/b><b><\/b><span class=\"ez-toc-section-end\"><\/span><\/h2>\n<p><span style=\"font-weight: 400;\">B\u00fcy\u00fck ta\u015f\u0131nman\u0131z s\u0131ras\u0131nda havada ge\u00e7irebilece\u011finiz s\u00fcre hakk\u0131nda size bir fikir vermek i\u00e7in Birle\u015fik Krall\u0131k'tan \u0130zlanda'ya giden baz\u0131 yayg\u0131n u\u00e7u\u015f rotalar\u0131na daha yak\u0131ndan bakal\u0131m.<\/span><\/p>\n<ul>\n<li style=\"font-weight: 400;\" aria-level=\"1\"><span style=\"font-weight: 400;\">Londra Heathrow - <\/span><span style=\"font-weight: 400;\">\u0130zlanda<\/span><span style=\"font-weight: 400;\"> - 3 saat, 15 dakika - \u00a3125<\/span><\/li>\n<li style=\"font-weight: 400;\" aria-level=\"1\"><span style=\"font-weight: 400;\">Londra Gatwick - <\/span><span style=\"font-weight: 400;\">\u0130zlanda<\/span><span style=\"font-weight: 400;\"> - 3 saat, 20 dakika - \u00a3120\u00a0<\/span><\/li>\n<li style=\"font-weight: 400;\" aria-level=\"1\"><span style=\"font-weight: 400;\">Luton'dan <\/span><span style=\"font-weight: 400;\">\u0130zlanda - 3 saat, 10 dakika - \u00a340<\/span><\/li>\n<li style=\"font-weight: 400;\" aria-level=\"1\"><span style=\"font-weight: 400;\"><a href=\"\" data-internallinksmanager029f6b8e52c=\"44\" title=\"Edinburgh\">Edinburgh<\/a> i\u00e7in <\/span><span style=\"font-weight: 400;\">\u0130zlanda<\/span><span style=\"font-weight: 400;\"> - 2 saat, 30 dakika - \u00a370<\/span><span style=\"font-weight: 400;\"><br \/>\n<\/span><\/li>\n<\/ul>\n<p><span style=\"font-weight: 400;\">Bu s\u00fcre yaln\u0131zca u\u00e7u\u015f s\u00fcresini kapsar, bu nedenle sizi terminalden son konumunuza g\u00f6t\u00fcrmek i\u00e7in ek s\u00fcre eklenmesi gerekecektir.<\/span><b><\/b><\/p>\n<h2><span class=\"ez-toc-section\" id=\"3_Moving_Restrictions_to_Iceland_from_the_UK\"><\/span><b>3. \u0130ngiltere'den \u0130zlanda'ya Ta\u015f\u0131nma K\u0131s\u0131tlamalar\u0131<\/b><b><\/b><span class=\"ez-toc-section-end\"><\/span><\/h2>\n<p><span style=\"font-weight: 400;\">Bir \u00fclkeden ba\u015fka bir \u00fclkeye ikamet etmek i\u00e7in ta\u015f\u0131nmak \u00e7e\u015fitli k\u0131s\u0131tlamalara yol a\u00e7acakt\u0131r - en \u00f6nemlisi, bir sonraki b\u00f6l\u00fcmde ele alaca\u011f\u0131m\u0131z vize gereklilikleridir.\u00a0<\/span><\/p>\n<p><span style=\"font-weight: 400;\">Pasaportunuz seyahat s\u0131ras\u0131nda ge\u00e7erli olmal\u0131 ve \u0130zlanda'ya giri\u015f tarihinizden en az 10 y\u0131l \u00f6nce d\u00fczenlenmi\u015f olmal\u0131d\u0131r. Son kullanma tarihine en az 3 ay kalm\u0131\u015f olmal\u0131d\u0131r.<\/span><\/p>\n<p><span style=\"font-weight: 400;\">Avrupa'daki \u00fclkelere seyahat edebilirsiniz<\/span><a href=\"https:\/\/www.gov.uk\/travel-to-eu-schengen-area#:~:text=The%20countries%20in%20the%20Schengen,Spain%2C%20Sweden%2C%20and%20Switzerland.\" target=\"_blank\" rel=\"noopener\"> <span style=\"font-weight: 400;\">Schengen b\u00f6lgesi<\/span><\/a><span style=\"font-weight: 400;\"> - \u0130nsanlar\u0131n s\u0131n\u0131r kontrollerinden ge\u00e7meden \u00fcye \u00fclkeler aras\u0131nda serbest\u00e7e seyahat etmelerine izin veren ve \u00e7o\u011fu AB \u00fclkesini kapsayan bir alan - herhangi bir 180 g\u00fcnl\u00fck d\u00f6nemde 90 g\u00fcne kadar vizesiz.\u00a0<\/span><\/p>\n<p><span style=\"font-weight: 400;\">\u0130zlanda'dan Birle\u015fik Krall\u0131k'a veya AB'ye balina \u00fcr\u00fcnleri sokmak yasa d\u0131\u015f\u0131 oldu\u011fundan g\u00fcmr\u00fcklerde kat\u0131 kurallar vard\u0131r ve bunu yapanlara 5.000 Sterlin para veya hapis cezas\u0131 verilir. Benzer \u015fekilde, \u0130zlanda'dan 10.000 Euro'dan fazla para \u00e7\u0131kar\u0131yorsan\u0131z, bunu g\u00fcmr\u00fckte beyan etmeniz gerekir - <\/span><a href=\"https:\/\/www.skatturinn.is\/english\/individuals\/customs-matters\/travelling-to-iceland\/duty-free-imports\/\" target=\"_blank\" rel=\"noopener\"><span style=\"font-weight: 400;\">Skatturinn<\/span><\/a><span style=\"font-weight: 400;\"> g\u00fcmr\u00fckler ve y\u00f6netmelikler hakk\u0131nda en g\u00fcncel bilgilere sahiptir.<\/span><\/p>\n<p><span style=\"font-weight: 400;\">\u015eu anda herhangi bir COVID-19 seyahat k\u0131s\u0131tlamas\u0131 bulunmamaktad\u0131r, ancak seyahat s\u0131ras\u0131nda en son bilgilere uydu\u011funuzdan emin olmak i\u00e7in geli\u015fmeleri takip etmeniz tavsiye edilir.<\/span><b><\/b><\/p>\n<h2><span class=\"ez-toc-section\" id=\"4_Visa_Requirements_to_Iceland_from_the_UK\"><\/span><b>4. Birle\u015fik Krall\u0131k'tan \u0130zlanda'ya Vize Gereklilikleri<\/b><b><\/b><span class=\"ez-toc-section-end\"><\/span><\/h2>\n<p><span style=\"font-weight: 400;\">Ge\u00e7erli Birle\u015fik Krall\u0131k pasaportunuzun yan\u0131 s\u0131ra, \u0130zlanda'da uzun s\u00fcre kalmay\u0131 veya \u00e7al\u0131\u015fmay\u0131 planl\u0131yorsan\u0131z, vizeye ihtiyac\u0131n\u0131z olacakt\u0131r. \u0130zlanda, Birle\u015fik Krall\u0131k'\u0131n bir par\u00e7as\u0131 oldu\u011fu i\u00e7in <\/span><a href=\"https:\/\/www.gov.uk\/travel-to-eu-schengen-area#:~:text=The%20countries%20in%20the%20Schengen,Spain%2C%20Sweden%2C%20and%20Switzerland.\" target=\"_blank\" rel=\"noopener\"><span style=\"font-weight: 400;\">Schengen b\u00f6lgesi<\/span><\/a><span style=\"font-weight: 400;\"> vize olmadan serbest\u00e7e seyahat etmenize izin verilir <\/span><span style=\"font-weight: 400;\">Daha \u00f6nce belirtildi\u011fi gibi herhangi bir 180 g\u00fcnl\u00fck d\u00f6nemde 90 g\u00fcne kadar.\u00a0<\/span><\/p>\n<p><a href=\"https:\/\/island.is\/tharft-thu-vegabrefsaritun\" target=\"_blank\" rel=\"noopener\"><span style=\"font-weight: 400;\">Ada.is<\/span><\/a><span style=\"font-weight: 400;\"> Birle\u015fik Krall\u0131k'tan \u0130zlanda'ya seyahat edecekler i\u00e7in vize gereklilikleri hakk\u0131nda en iyi bilgiye sahiptir. E\u011fer bir i\u015fte \u00e7al\u0131\u015fmak istiyorsan\u0131z, hem \u00e7al\u0131\u015fma iznine hem de uzun s\u00fcreli 'D' vizesine ihtiyac\u0131n\u0131z olacakt\u0131r.\u00a0<\/span><\/p>\n<p><span style=\"font-weight: 400;\">\u00c7al\u0131\u015fma izni i\u015fvereninizden veya size i\u015f teklifi yapan ki\u015fiden gelecektir ve vize ba\u015fvurunuzla birlikte g\u00f6nderilmelidir. Ba\u015fvuru s\u00fcresi 180 g\u00fcne kadar uzayabilir, bu nedenle evrak i\u015flerinde gecikmelerden ka\u00e7\u0131nmak i\u00e7in m\u00fcmk\u00fcn oldu\u011funca uzun s\u00fcre \u00f6nceden plan yapmak \u00f6nemlidir.<\/span><\/p>\n<p><span style=\"font-weight: 400;\">\u00c7al\u0131\u015fma vizesi almaya hak kazanmak i\u00e7in <\/span><a href=\"https:\/\/visadb.io\/visa\/temporary-stay\/Anywhere\/Iceland\/61c206561feb2eb87adf0ad1\" target=\"_blank\" rel=\"noopener\"><span style=\"font-weight: 400;\">visadb.io<\/span><\/a><span style=\"font-weight: 400;\"> sahip olmal\u0131s\u0131n:<\/span><\/p>\n<ul>\n<li style=\"font-weight: 400;\" aria-level=\"1\"><span style=\"font-weight: 400;\">En az 6 ay ge\u00e7erli bir pasaport<\/span><\/li>\n<li style=\"font-weight: 400;\" aria-level=\"1\"><span style=\"font-weight: 400;\">\u0130\u015finiz i\u00e7in gerekli becerilerin yan\u0131 s\u0131ra \u0130zlanda'daki bir i\u015fverenden i\u015f teklifi<\/span><\/li>\n<li style=\"font-weight: 400;\" aria-level=\"1\"><span style=\"font-weight: 400;\">Yeterli fonun yan\u0131 s\u0131ra ya\u015fam maliyetinizi kar\u015f\u0131layacak bir gelirin kan\u0131t\u0131<\/span><\/li>\n<li style=\"font-weight: 400;\" aria-level=\"1\"><span style=\"font-weight: 400;\">Ge\u00e7erli seyahat sigortas\u0131<\/span><\/li>\n<\/ul>\n<p><a href=\"https:\/\/www.gov.uk\/guidance\/living-in-iceland#healthcare\" target=\"_blank\" rel=\"noopener\"><span style=\"font-weight: 400;\">Gov.uk<\/span><\/a><span style=\"font-weight: 400;\"> \u0130zlanda'da bir i\u015fe ba\u015fvurmak i\u00e7in Birle\u015fik Krall\u0131k polis sertifikas\u0131 sa\u011flaman\u0131n gerekli olabilece\u011fini s\u00f6yl\u00fcyor. <\/span><span style=\"font-weight: 400;\">Her durumda, bireysel ko\u015fullar\u0131n\u0131z hakk\u0131nda size tavsiyelerde bulunmas\u0131 i\u00e7in bir vize uzman\u0131yla konu\u015fman\u0131z ve kurallardaki son de\u011fi\u015fiklikleri her zaman takip etmeniz gerekir.<\/span><b><\/b><\/p>\n<h2><span class=\"ez-toc-section\" id=\"5_Cost_of_Living_Differences_in_Iceland\"><\/span><b>5. \u0130zlanda'da Ya\u015fam Maliyeti Farkl\u0131l\u0131klar\u0131<\/b><span class=\"ez-toc-section-end\"><\/span><\/h2>\n<p><b><img loading=\"lazy\" decoding=\"async\" class=\"alignnone size-full wp-image-14584\" src=\"https:\/\/moverdb.com\/wp-content\/uploads\/moving-to-iceland-2.jpg\" alt=\"\" width=\"1000\" height=\"667\" srcset=\"https:\/\/moverdb.com\/wp-content\/uploads\/moving-to-iceland-2.jpg 1000w, https:\/\/moverdb.com\/wp-content\/uploads\/moving-to-iceland-2-300x200.jpg 300w, https:\/\/moverdb.com\/wp-content\/uploads\/moving-to-iceland-2-18x12.jpg 18w\" sizes=\"auto, (max-width: 1000px) 100vw, 1000px\" \/><\/b><span style=\"font-weight: 400;\">Bu makale \u0130zlanda'y\u0131 bir b\u00fct\u00fcn olarak ele alsa da, ev fiyatlar\u0131 b\u00f6lgeden b\u00f6lgeye de\u011fi\u015fiklik g\u00f6sterecektir, ancak a\u015fa\u011f\u0131daki rakamlar size neyin hangi fiyata mevcut oldu\u011funa dair bir fikir verecektir.<\/span><\/p>\n<p><span style=\"font-weight: 400;\">Genel bir not olarak, \u0130zlanda'da ya\u015fam maliyetinin Birle\u015fik Krall\u0131k'tan 6,3% daha y\u00fcksek, kiran\u0131n ise yakla\u015f\u0131k 39,8% daha d\u00fc\u015f\u00fck oldu\u011fu tahmin edilmektedir.<\/span><\/p>\n<p><b>\u0130zlanda'da Ayl\u0131k Kira Fiyatlar\u0131:<\/b><\/p>\n<ul>\n<li style=\"font-weight: 400;\" aria-level=\"1\"><span style=\"font-weight: 400;\">\u015eehir Merkezinde 1 yatak odal\u0131 daire (apartman):<\/span><b> 245,000+ kr<\/b><\/li>\n<li style=\"font-weight: 400;\" aria-level=\"1\"><span style=\"font-weight: 400;\">\u015eehir Merkezinin d\u0131\u015f\u0131nda 1 yatak odal\u0131 daire: <\/span><b>206,000+ kr<\/b><\/li>\n<li style=\"font-weight: 400;\" aria-level=\"1\"><span style=\"font-weight: 400;\">\u015eehir Merkezinde 3 yatak odal\u0131 daire: <\/span><b>350,000+ kr<\/b><\/li>\n<li style=\"font-weight: 400;\" aria-level=\"1\"><span style=\"font-weight: 400;\">\u015eehir Merkezinin d\u0131\u015f\u0131nda 3 yatak odal\u0131 daire: <\/span><b>300,000+ kr<\/b><\/li>\n<\/ul>\n<p><b>\u0130zlanda Konut Sat\u0131n Alma Fiyatlar\u0131:<\/b><\/p>\n<ul>\n<li style=\"font-weight: 400;\" aria-level=\"1\"><span style=\"font-weight: 400;\">\u015eehir Merkezinde sat\u0131n almak i\u00e7in metrekare ba\u015f\u0131na fiyat (10,7 feet kare): <\/span><b>860,000+ kr<\/b><\/li>\n<li style=\"font-weight: 400;\" aria-level=\"1\"><span style=\"font-weight: 400;\">\u015eehir d\u0131\u015f\u0131nda sat\u0131n almak i\u00e7in metrekare ba\u015f\u0131na fiyat (10,7 fit kare): <\/span><b>675,000+ kr<\/b><\/li>\n<\/ul>\n<p><b><i>Kaynak: <\/i><\/b><a href=\"https:\/\/www.numbeo.com\/cost-of-living\/country_result.jsp?country=United+States\" target=\"_blank\" rel=\"noopener\"><i><span style=\"font-weight: 400;\">Numbeo<\/span><\/i><\/a><\/p>\n<h2><span class=\"ez-toc-section\" id=\"6_Tax_Treaties_in_Iceland\"><\/span><b>6. \u0130zlanda'daki Vergi Anla\u015fmalar\u0131<\/b><span class=\"ez-toc-section-end\"><\/span><\/h2>\n<p><span style=\"font-weight: 400;\">\u0130zlanda'da kazan\u0131lan gelir, br\u00fct gelir de\u011ferine ba\u011fl\u0131 olarak 22.5% ile 31.8% aras\u0131nda de\u011fi\u015febilen ki\u015fisel gelir vergisine tabi olacakt\u0131r. Belirli gelir t\u00fcrleri i\u00e7in indirimler olmas\u0131na ra\u011fmen, \u015fu anda 20% olan kurumlar vergisi de y\u00fcr\u00fcrl\u00fcktedir.<\/span><\/p>\n<p><span style=\"font-weight: 400;\">\u0130zlanda'da \u00e7o\u011fu mal ve hizmete uygulanan Katma De\u011fer Vergisi (KDV) 24%'dir, ancak baz\u0131 kalemlerde 11% ve hatta baz\u0131 belirli \u00fcr\u00fcn ve hizmetlerde 0%'lik indirimli bir oran olabilir.<\/span><\/p>\n<p><span style=\"font-weight: 400;\">\u0130zlanda, gelirin \u00e7ifte vergilendirilmesini \u00f6nlemek i\u00e7in bir \u00e7ifte vergilendirme anla\u015fmas\u0131 imzalam\u0131\u015ft\u0131r ve yerle\u015fik olmayanlar genellikle yaln\u0131zca \u0130zlanda'daki i\u015flerinden elde ettikleri gelir \u00fczerinden vergilendirilmektedir.<\/span><\/p>\n<p><span style=\"font-weight: 400;\">Bu rakamlar\u0131n ve d\u00fczenlemelerin zaman i\u00e7inde de\u011fi\u015febilece\u011fini unutmamakta fayda var, bu nedenle geli\u015fmeleri takip etmekte fayda var.<\/span><b><\/b><\/p>\n<h2><span class=\"ez-toc-section\" id=\"7_Working_Rules_in_Iceland\"><\/span><b>7. \u0130zlanda'da \u00c7al\u0131\u015fma Kurallar\u0131<\/b><b><\/b><span class=\"ez-toc-section-end\"><\/span><\/h2>\n<p><span style=\"font-weight: 400;\">\u0130zlanda'ya giri\u015finize izin verilirken <\/span><a href=\"https:\/\/www.gov.uk\/travel-to-eu-schengen-area#:~:text=The%20countries%20in%20the%20Schengen,Spain%2C%20Sweden%2C%20and%20Switzerland.\" target=\"_blank\" rel=\"noopener\"><span style=\"font-weight: 400;\">Schengen b\u00f6lgesi<\/span><\/a><span style=\"font-weight: 400;\"> Vizesiz d\u00fczenlemeler, \u0130zlanda'da \u00fc\u00e7 aydan fazla kalmay\u0131 planl\u0131yorsan\u0131z, \u0130zlanda'dan ikamet hakk\u0131 alman\u0131z gerekecektir. <\/span><a href=\"https:\/\/island.is\/en\/o\/directorate-of-immigration\" target=\"_blank\" rel=\"noopener\"><span style=\"font-weight: 400;\">\u0130zlanda G\u00f6\u00e7menlik M\u00fcd\u00fcrl\u00fc\u011f\u00fc<\/span><\/a><span style=\"font-weight: 400;\">.\u00a0<\/span><\/p>\n<p><span style=\"font-weight: 400;\">Vize s\u00fcresi boyunca \u0130zlanda'da i\u015f bulmak amac\u0131yla i\u015f arayan vizesi alabilirsiniz. \u0130\u015f bulduktan sonra, kal\u0131\u015f s\u00fcrenizi uzatmak ve adada ikamet etmek i\u00e7in \u0130zlanda'da ikamet almak i\u00e7in gerekli ad\u0131mlar\u0131 atabilirsiniz.<\/span><\/p>\n<p><span style=\"font-weight: 400;\">\u0130zlandal\u0131lar\u0131n \u00e7o\u011fu \u0130ngilizce konu\u015facakt\u0131r, ancak kariyer f\u0131rsatlar\u0131n\u0131z\u0131 ilerletmek i\u00e7in \u0130zlandaca \u00f6\u011frenmek avantajl\u0131 olabilir - \u00f6zellikle daha uzak topluluklarda.\u00a0<\/span><\/p>\n<p><span style=\"font-weight: 400;\">\u00c7al\u0131\u015fma ko\u015fullar\u0131n\u0131z ne olursa olsun, sorunsuz bir ge\u00e7i\u015f sa\u011flamak i\u00e7in \u00fclkeye girmeden \u00f6nce vizenizi halletmeniz \u00f6nemlidir. Ayr\u0131ca vergiler ve sa\u011fl\u0131k programlar\u0131 gibi faydal\u0131 programlar hakk\u0131nda bilgi sahibi olman\u0131z da \u00f6nemlidir, b\u00f6ylece haklar\u0131n\u0131z konusunda tamamen bilgi sahibi olursunuz.<\/span><b><\/b><\/p>\n<h2><span class=\"ez-toc-section\" id=\"8_Healthcare_in_Iceland\"><\/span><b>8. \u0130zlanda'da Sa\u011fl\u0131k Hizmetleri<\/b><b><\/b><span class=\"ez-toc-section-end\"><\/span><\/h2>\n<p><span style=\"font-weight: 400;\">Birle\u015fik Krall\u0131k, ihtiyac\u0131 olanlara \u00fccretsiz sa\u011fl\u0131k hizmeti sunan NHS'nin yan\u0131 s\u0131ra \u00fccret kar\u015f\u0131l\u0131\u011f\u0131nda elektif \u00f6zel sa\u011fl\u0131k hizmetlerinden yararlan\u0131rken, \u0130zlanda'n\u0131n devlet sa\u011fl\u0131k hizmetleri tamamen \u00fccretsiz de\u011fildir. Masraflar, devlet taraf\u0131ndan sa\u011flanan bir dizi fonun yan\u0131 s\u0131ra hastalar\u0131n katk\u0131lar\u0131yla kar\u015f\u0131lanmaktad\u0131r.<\/span><\/p>\n<p><a href=\"https:\/\/www.gov.uk\/guidance\/healthcare-in-iceland\" target=\"_blank\" rel=\"noopener\"><span style=\"font-weight: 400;\">Gov.uk<\/span><\/a><span style=\"font-weight: 400;\"> hasta katk\u0131 paylar\u0131n\u0131n her ay 's\u0131n\u0131rland\u0131r\u0131ld\u0131\u011f\u0131n\u0131' s\u00f6yl\u00fcyor - yani belirli bir \u00f6deme e\u015fi\u011fini kar\u015f\u0131lad\u0131\u011f\u0131n\u0131zda, tedavinizin geri kalan\u0131 ay\u0131n geri kalan\u0131 i\u00e7in \u00fccretsizdir. Bu, engelliyseniz ya\u015f\u0131n\u0131z ve bak\u0131m s\u0131kl\u0131\u011f\u0131n\u0131z da dahil olmak \u00fczere bir dizi fakt\u00f6re g\u00f6re belirlenir.<\/span><\/p>\n<p><span style=\"font-weight: 400;\">\u0130zlanda'da sa\u011fl\u0131k yard\u0131m\u0131na ihtiyac\u0131n\u0131z varsa, <\/span><a href=\"https:\/\/www.gov.uk\/guidance\/healthcare-in-iceland\" target=\"_blank\" rel=\"noopener\"><span style=\"font-weight: 400;\">Gov.uk<\/span><\/a><span style=\"font-weight: 400;\"> Birle\u015fik Krall\u0131k vatanda\u015f\u0131 olarak a\u015fa\u011f\u0131dakilerden birini yapman\u0131z gerekti\u011fini s\u00f6yl\u00fcyor:<\/span><\/p>\n<ul>\n<li style=\"font-weight: 400;\" aria-level=\"1\"><span style=\"font-weight: 400;\">Birle\u015fik Krall\u0131k i\u00e7in S1 formuna kaydolun\u00a0<\/span><\/li>\n<li style=\"font-weight: 400;\" aria-level=\"1\"><span style=\"font-weight: 400;\">\u00d6zel sa\u011fl\u0131k sigortas\u0131na sahip olmak<\/span><\/li>\n<li style=\"font-weight: 400;\" aria-level=\"1\"><span style=\"font-weight: 400;\">Devlet sosyal sigorta sistemine kat\u0131larak \u0130zlanda'da yasal olarak ikamet eden bir ki\u015fi olarak kaydolun<\/span><\/li>\n<\/ul>\n<p><span style=\"font-weight: 400;\">\u0130zlanda'da 3 aydan uzun s\u00fcre ya\u015famay\u0131 planl\u0131yorsan\u0131z ikamet kayd\u0131 yapt\u0131rman\u0131z gerekecek ve ikametinizin ilk 6 ay\u0131 i\u00e7in \u00f6zel sa\u011fl\u0131k sigortas\u0131na ihtiyac\u0131n\u0131z olacakt\u0131r.\u00a0<\/span><b><\/b><\/p>\n<h2><span class=\"ez-toc-section\" id=\"9_Rules_Around_Moving_With_Pets_in_Iceland\"><\/span><b>9. \u0130zlanda'da Evcil Hayvanlarla Ta\u015f\u0131nmaya \u0130li\u015fkin Kurallar<\/b><b><\/b><span class=\"ez-toc-section-end\"><\/span><\/h2>\n<p><span style=\"font-weight: 400;\">Ev ta\u015f\u0131mak bir\u00e7ok kutu e\u015fyay\u0131 i\u00e7erir - ama ayn\u0131 zamanda baz\u0131 \u00f6nemli t\u00fcyl\u00fc arkada\u015flar\u0131 da i\u00e7erebilir! Yan\u0131n\u0131zda bir evcil hayvanla \u0130zlanda'ya ta\u015f\u0131nman\u0131z gerekiyorsa, i\u015fte bilmeniz gerekenler.<\/span><\/p>\n<p><span style=\"font-weight: 400;\">\u0130zlanda'ya evcil hayvan ithal edenler a\u015fa\u011f\u0131daki kurallara uymal\u0131d\u0131r <\/span><a href=\"https:\/\/www.mast.is\/en\/import-export\/import-of-live-animals#guidance-notes-for-importing-dogs-and-cats-to-iceland\" target=\"_blank\" rel=\"noopener\"><span style=\"font-weight: 400;\">MAST<\/span><\/a><span style=\"font-weight: 400;\"> ithalat ko\u015fullar\u0131 - bunlar a\u015fa\u011f\u0131dakileri i\u00e7erir, ancak bunlarla s\u0131n\u0131rl\u0131 de\u011fildir:<\/span><\/p>\n<ul>\n<li style=\"font-weight: 400;\" aria-level=\"1\"><span style=\"font-weight: 400;\">\u0130zlanda G\u0131da ve Veterinerlik Kurumu'na (MAST) ithalat izni i\u00e7in ba\u015fvurmak ve bu izni almak<\/span><\/li>\n<li style=\"font-weight: 400;\" aria-level=\"1\"><span style=\"font-weight: 400;\">A\u015f\u0131lar ve testler de dahil olmak \u00fczere sa\u011fl\u0131k gerekliliklerini yerine getirmek<\/span><\/li>\n<li style=\"font-weight: 400;\" aria-level=\"1\"><span style=\"font-weight: 400;\">Var\u0131\u015fta iki hafta boyunca karantinada kal\u0131n<\/span><\/li>\n<li style=\"font-weight: 400;\" aria-level=\"1\"><span style=\"font-weight: 400;\">Evcil hayvan mikro\u00e7ipli olmal\u0131d\u0131r<\/span><\/li>\n<\/ul>\n<p><span style=\"font-weight: 400;\">Men\u015fe \u00fclkenin Kategori 1 veya 2 olarak s\u0131n\u0131fland\u0131r\u0131lmas\u0131 durumunda kurallar farkl\u0131l\u0131k g\u00f6sterecektir - Birle\u015fik Krall\u0131k Kategori 1'e girmektedir, yani kuduz g\u00f6r\u00fclme s\u0131kl\u0131\u011f\u0131 s\u0131f\u0131rd\u0131r.\u00a0<\/span><\/p>\n<p><span style=\"font-weight: 400;\">\u0130zlanda'da yasaklanm\u0131\u015f baz\u0131 \u0131rklar var <\/span><a href=\"https:\/\/petraveller.com.au\/blog\/international-pet-transport-to-iceland\" target=\"_blank\" rel=\"noopener\"><span style=\"font-weight: 400;\">Petraveller<\/span><\/a><span style=\"font-weight: 400;\">dahil olmak \u00fczere:<\/span><span style=\"font-weight: 400;\"><br \/>\n<\/span><\/p>\n<ul>\n<li style=\"font-weight: 400;\" aria-level=\"1\"><span style=\"font-weight: 400;\">Dogo Argentino<\/span><\/li>\n<li style=\"font-weight: 400;\" aria-level=\"1\"><span style=\"font-weight: 400;\">Pit Bull Terrier<\/span><\/li>\n<li style=\"font-weight: 400;\" aria-level=\"1\"><span style=\"font-weight: 400;\">Staffordshire Bull Terrier<\/span><\/li>\n<li style=\"font-weight: 400;\" aria-level=\"1\"><span style=\"font-weight: 400;\">Tosa Inu<\/span><\/li>\n<li style=\"font-weight: 400;\" aria-level=\"1\"><span style=\"font-weight: 400;\">Bu \u0131rklarla yak\u0131n akraba olan k\u00f6pek \u0131rklar\u0131<\/span><\/li>\n<\/ul>\n<p><span style=\"font-weight: 400;\">Ziyaret zaman\u0131n\u0131z geldi\u011finde bu kural ve y\u00f6netmeliklerde yap\u0131lan de\u011fi\u015fiklikleri g\u00fcncel olarak takip etmeniz en iyisidir.\u00a0<\/span><\/p>\n<h2><span class=\"ez-toc-section\" id=\"10_Similar_Places\"><\/span><b>10. Benzer Yerler<\/b><b><\/b><span class=\"ez-toc-section-end\"><\/span><\/h2>\n<p><img loading=\"lazy\" decoding=\"async\" class=\"alignnone size-full wp-image-14585\" src=\"https:\/\/moverdb.com\/wp-content\/uploads\/moving-to-iceland-3.jpg\" alt=\"\" width=\"1000\" height=\"667\" srcset=\"https:\/\/moverdb.com\/wp-content\/uploads\/moving-to-iceland-3.jpg 1000w, https:\/\/moverdb.com\/wp-content\/uploads\/moving-to-iceland-3-300x200.jpg 300w, https:\/\/moverdb.com\/wp-content\/uploads\/moving-to-iceland-3-18x12.jpg 18w\" sizes=\"auto, (max-width: 1000px) 100vw, 1000px\" \/><span style=\"font-weight: 400;\"><a href=\"https:\/\/moverdb.com\/tr\/moving-to-norway\/\" data-internallinksmanager029f6b8e52c=\"325\" title=\"Norve\u00e7&#039;e mi Ta\u015f\u0131n\u0131yorsunuz? 2026 Ya\u015fam Maliyetleri &amp; Yer De\u011fi\u015ftirme \u0130pu\u00e7lar\u0131\">Norve\u00e7<\/a> benzer demografik yap\u0131lar\u0131 ve da\u011fl\u0131k manzaralar\u0131 nedeniyle \u0130zlanda'ya en \u00e7ok benzeyen \u00fclke oldu\u011fu s\u00f6ylenmektedir. \u0130zlanda daha so\u011fuk bir iklime sahip olsa da Norve\u00e7'te k\u0131\u015flar so\u011fuk ge\u00e7er ve her ikisi de pitoresk manzaralar\u0131 ve manzaralar\u0131 ile \u00fcnl\u00fcd\u00fcr.<\/span><\/p>\n<p><span style=\"font-weight: 400;\">Her iki \u00fclke de r\u00fczgar, jeotermal ve hidroelektrik enerji dahil olmak \u00fczere yenilenebilir elektrik ve enerjiyi desteklemektedir. Her iki yerde de d\u00fc\u015f\u00fck su\u00e7 oranlar\u0131, geli\u015fmi\u015f sa\u011fl\u0131k hizmetleri ve g\u00fc\u00e7l\u00fc bir toplum duygusu ile y\u00fcksek bir ya\u015fam kalitesi vard\u0131r.<\/span><\/p>\n<p><span style=\"font-weight: 400;\">Turizm, her iki \u00fclkede de Kuzey I\u015f\u0131klar\u0131'n\u0131n g\u00f6r\u00fcld\u00fc\u011f\u00fc her iki yer i\u00e7in de b\u00fcy\u00fck bir cazibe merkezidir! - yan\u0131 s\u0131ra do\u011fal manzaralara da sahiptir. Norve\u00e7 ve \u0130zlanda istikrarl\u0131 ekonomilere ve zengin k\u00fclt\u00fcrel mirasa sahip olup, a\u00e7\u0131k hava etkinliklerine g\u00fc\u00e7l\u00fc bir \u015fekilde odaklanmaktad\u0131r.<\/span><b><\/b><\/p>\n<h2><span class=\"ez-toc-section\" id=\"11_Pros_and_Cons_of_Moving_to_Iceland_from_the_UK\"><\/span><b>11. \u0130ngiltere'den \u0130zlanda'ya Ta\u015f\u0131nman\u0131n Art\u0131lar\u0131 ve Eksileri<\/b><b><\/b><span class=\"ez-toc-section-end\"><\/span><\/h2>\n<p><span style=\"font-weight: 400;\">Belki yeni bir i\u015f f\u0131rsat\u0131 i\u00e7in ta\u015f\u0131n\u0131yorsunuz ya da sadece tamamen farkl\u0131 bir \u00fclke ve iklimi denemek istiyorsunuz - \u0130ngiltere'den \u0130zlanda'ya ta\u015f\u0131nmak istemenizin nedeni ne olursa olsun, ta\u015f\u0131nmayla ilgili baz\u0131 temel art\u0131 ve eksilere bir g\u00f6z atal\u0131m.<\/span><\/p>\n\n<table id=\"tablepress-434\" class=\"tablepress tablepress-id-434\">\n<thead>\n<tr class=\"row-1\">\n\t<th class=\"column-1\">\u0130ngiltere'den \u0130zlanda'ya Ta\u015f\u0131nman\u0131n Avantajlar\u0131<\/th><th class=\"column-2\">Birle\u015fik Krall\u0131k'tan \u0130zlanda'ya Ta\u015f\u0131nman\u0131n Dezavantajlar\u0131<\/th>\n<\/tr>\n<\/thead>\n<tbody class=\"row-striping row-hover\">\n<tr class=\"row-2\">\n\t<td class=\"column-1\">Nefes Kesici Do\u011fa: \u0130zlanda, e\u015fsiz ve pitoresk bir ortam sunan \u015felaleler, volkanlar ve buzullar da dahil olmak \u00fczere \u00e7arp\u0131c\u0131 manzaralara sahiptir<\/td><td class=\"column-2\">Y\u00fcksek Ya\u015fam Maliyeti: \u0130zlanda'da ya\u015fam maliyeti Birle\u015fik Krall\u0131k'a k\u0131yasla daha y\u00fcksektir; bar\u0131nma, yiyecek ve yemek gibi harcamalar nispeten pahal\u0131d\u0131r<\/td>\n<\/tr>\n<tr class=\"row-3\">\n\t<td class=\"column-1\">Temiz ve G\u00fcvenli \u00c7evre: \u0130zlanda temiz havas\u0131, d\u00fc\u015f\u00fck su\u00e7 oranlar\u0131 ve g\u00fcvenli bir ya\u015fam ortam\u0131 sa\u011flayan g\u00fc\u00e7l\u00fc g\u00fcvenlik duygusu ile tan\u0131n\u0131r<\/td><td class=\"column-2\">S\u0131n\u0131rl\u0131 \u0130\u015f Piyasas\u0131: \u0130zlanda'da i\u015f piyasas\u0131 s\u0131n\u0131rl\u0131 olabilir ve uygun i\u015f bulmak zor olabilir<\/td>\n<\/tr>\n<tr class=\"row-4\">\n\t<td class=\"column-1\">Yenilenebilir Enerji: \u0130zlanda, jeotermal ve hidroelektrik enerji gibi yenilenebilir enerji kaynaklar\u0131na b\u00fcy\u00fck \u00f6l\u00e7\u00fcde g\u00fcvenerek s\u00fcrd\u00fcr\u00fclebilir ve \u00e7evre dostu bir ya\u015fam tarz\u0131na katk\u0131da bulunuyor<\/td><td class=\"column-2\">So\u011fuk \u0130klim: \u0130zlanda, uzun k\u0131\u015flar\u0131 ve k\u0131sa g\u00fcnleriyle so\u011fuk bir iklime sahiptir; bu da Birle\u015fik Krall\u0131k'\u0131n daha \u0131l\u0131man havas\u0131na al\u0131\u015fk\u0131n olanlar i\u00e7in \u00f6nemli bir ayarlama olabilir<\/td>\n<\/tr>\n<tr class=\"row-5\">\n\t<td class=\"column-1\">Kaliteli E\u011fitim: \u0130zlanda, \u00fcniversite d\u00fczeyinde \u0130ngilizce programlara ve genel olarak olumlu bir \u00f6\u011frenme ortam\u0131na odaklanan y\u00fcksek standartta bir e\u011fitim sunmaktad\u0131r<\/td><td class=\"column-2\">\u0130zolasyon: \u0130zlanda'n\u0131n co\u011frafi konumu, daha merkezi konumdaki \u00fclkelere k\u0131yasla baz\u0131 mal ve hizmetlere s\u0131n\u0131rl\u0131 eri\u015filebilirlik ile bir dereceye kadar izolasyona neden olmaktad\u0131r<\/td>\n<\/tr>\n<\/tbody>\n<\/table>\n<!-- #tablepress-434 from cache -->\n<p><span style=\"font-weight: 400;\">Karar\u0131n\u0131z ne olursa olsun, ta\u015f\u0131nman\u0131z\u0131 etkileyen yasal fakt\u00f6rleri anlamal\u0131s\u0131n\u0131z - kontrol etti\u011finizden emin olun <\/span><a href=\"https:\/\/www.gov.uk\/foreign-travel-advice\/iceland\/entry-requirements\" target=\"_blank\" rel=\"noopener\"><span style=\"font-weight: 400;\">Gov.uk<\/span><\/a><span style=\"font-weight: 400;\"> \u0130htiyac\u0131n\u0131z olan t\u00fcm bilgiler i\u00e7in.<\/span><\/p>\n<h2><span class=\"ez-toc-section\" id=\"Other_Useful_Guides_to_Iceland\"><\/span>\u0130zlanda \u0130\u00e7in Di\u011fer Faydal\u0131 Rehberler<span class=\"ez-toc-section-end\"><\/span><\/h2>\n<ul>\n<li> <a href=\"https:\/\/moverdb.com\/tr\/konteyner-tasimaciligi\/izlanda\/\">2024 \u0130zlanda'ya ve \u0130zlanda'dan Deniz Ta\u015f\u0131mac\u0131l\u0131\u011f\u0131 Konteyner Nakliye Fiyatlar\u0131<\/a><\/li>\n<li> <a href=\"https:\/\/moverdb.com\/tr\/moving-to-iceland\/\">\u0130zlanda'ya m\u0131 ta\u015f\u0131n\u0131yorsunuz? 2024 Ya\u015fam Maliyetleri &amp; Yer De\u011fi\u015ftirme \u0130pu\u00e7lar\u0131<\/a><\/li>\n<\/ul>","protected":false},"excerpt":{"rendered":"<p>Although it\u2019s just 846 miles away from the United Kingdom, Iceland brings an entirely different topography with approximately 130 active and inactive volcanoes, as well as plenty of mountainous peaks and icefields to admire and explore. If you are considering making the move from the United Kingdom to Iceland, this guide will tell you everything [&hellip;]<\/p>\n","protected":false},"author":5,"featured_media":14583,"parent":5719,"menu_order":0,"comment_status":"closed","ping_status":"closed","template":"","meta":{"_genesis_hide_title":false,"_genesis_hide_breadcrumbs":false,"_genesis_hide_singular_image":false,"_genesis_hide_footer_widgets":false,"_genesis_custom_body_class":"","_genesis_custom_post_class":"","_genesis_layout":"","footnotes":""},"class_list":{"0":"post-14990","1":"page","2":"type-page","3":"status-publish","4":"has-post-thumbnail","6":"entry"},"_links":{"self":[{"href":"https:\/\/moverdb.com\/tr\/wp-json\/wp\/v2\/pages\/14990","targetHints":{"allow":["GET"]}}],"collection":[{"href":"https:\/\/moverdb.com\/tr\/wp-json\/wp\/v2\/pages"}],"about":[{"href":"https:\/\/moverdb.com\/tr\/wp-json\/wp\/v2\/types\/page"}],"author":[{"embeddable":true,"href":"https:\/\/moverdb.com\/tr\/wp-json\/wp\/v2\/users\/5"}],"replies":[{"embeddable":true,"href":"https:\/\/moverdb.com\/tr\/wp-json\/wp\/v2\/comments?post=14990"}],"version-history":[{"count":7,"href":"https:\/\/moverdb.com\/tr\/wp-json\/wp\/v2\/pages\/14990\/revisions"}],"predecessor-version":[{"id":17858,"href":"https:\/\/moverdb.com\/tr\/wp-json\/wp\/v2\/pages\/14990\/revisions\/17858"}],"up":[{"embeddable":true,"href":"https:\/\/moverdb.com\/tr\/wp-json\/wp\/v2\/pages\/5719"}],"wp:featuredmedia":[{"embeddable":true,"href":"https:\/\/moverdb.com\/tr\/wp-json\/wp\/v2\/media\/14583"}],"wp:attachment":[{"href":"https:\/\/moverdb.com\/tr\/wp-json\/wp\/v2\/media?parent=14990"}],"curies":[{"name":"wp","href":"https:\/\/api.w.org\/{rel}","templated":true}]}}