{"id":14971,"date":"2023-11-30T15:09:17","date_gmt":"2023-11-30T15:09:17","guid":{"rendered":"https:\/\/moverdb.com\/?page_id=14971"},"modified":"2026-01-08T15:07:54","modified_gmt":"2026-01-08T15:07:54","slug":"moving-to-portugal-from-the-uk","status":"publish","type":"page","link":"https:\/\/moverdb.com\/tr\/moving-to-portugal\/moving-to-portugal-from-the-uk\/","title":{"rendered":"Birle\u015fik Krall\u0131k'tan Portekiz'e Ta\u015f\u0131nma"},"content":{"rendered":"<p><img loading=\"lazy\" decoding=\"async\" class=\"alignnone size-full wp-image-14559\" src=\"https:\/\/moverdb.com\/wp-content\/uploads\/moving-to-portugal-1.jpg\" alt=\"\" width=\"1000\" height=\"665\" srcset=\"https:\/\/moverdb.com\/wp-content\/uploads\/moving-to-portugal-1.jpg 1000w, https:\/\/moverdb.com\/wp-content\/uploads\/moving-to-portugal-1-300x200.jpg 300w, https:\/\/moverdb.com\/wp-content\/uploads\/moving-to-portugal-1-18x12.jpg 18w\" sizes=\"auto, (max-width: 1000px) 100vw, 1000px\" \/><\/p>\n<p><span style=\"font-weight: 400;\">E\u011fer T\u00fcrkiye'den yurtd\u0131\u015f\u0131na ta\u015f\u0131nmay\u0131 d\u00fc\u015f\u00fcn\u00fcyorsan\u0131z <a href=\"https:\/\/moverdb.com\/tr\/moving-to-the-uk\/\" data-internallinksmanager029f6b8e52c=\"93\" title=\"Birle\u015fik Krall\u0131k&#039;a m\u0131 ta\u015f\u0131n\u0131yorsunuz? 2026 Ya\u015fam Maliyetleri &amp; Yer De\u011fi\u015ftirme \u0130pu\u00e7lar\u0131\">Birle\u015fik Krall\u0131k<\/a> i\u00e7in <a href=\"https:\/\/moverdb.com\/tr\/moving-to-portugal\/\" data-internallinksmanager029f6b8e52c=\"316\" title=\"Portekiz&#039;e mi ta\u015f\u0131n\u0131yorsunuz? 2026 Ya\u015fam Maliyetleri &amp; Yer De\u011fi\u015ftirme \u0130pu\u00e7lar\u0131\">Portekiz<\/a>Bu rehber, vize gerekliliklerinden ya\u015fam maliyeti farkl\u0131l\u0131klar\u0131na; sa\u011fl\u0131kla ilgili en iyi ipu\u00e7lar\u0131ndan evcil hayvanlar\u0131n\u0131zla \u00fclke de\u011fi\u015ftirmeyle ilgili kurallara kadar bilmeniz gereken her \u015feyi size anlatacak ve b\u00fcy\u00fck ta\u015f\u0131nma zaman\u0131 geldi\u011finde kendinizi daha g\u00fc\u00e7l\u00fc hissetmenize yard\u0131mc\u0131 olacakt\u0131r.<\/span><\/p>\n<p><b>H\u0131zl\u0131 Portekiz Ger\u00e7ekleri:<\/b><\/p>\n<ol>\n<li style=\"font-weight: 400;\" aria-level=\"1\"><b>N\u00fcfus: <\/b><span style=\"font-weight: 400;\">10,33 milyon (2021 tahmini)<\/span><\/li>\n<li style=\"font-weight: 400;\" aria-level=\"1\"><b>Resmi Dil:<\/b> <span style=\"font-weight: 400;\">Portekizce<\/span><span style=\"font-weight: 400;\"> (<\/span><i><span style=\"font-weight: 400;\">de facto<\/span><\/i><span style=\"font-weight: 400;\">) n\u00fcfusun 95.6%'si taraf\u0131ndan konu\u015fulmaktad\u0131r ve \u0130ngilizce 14.87%<\/span><\/li>\n<li style=\"font-weight: 400;\" aria-level=\"1\"><b>Ki\u015fi Ba\u015f\u0131na GSY\u0130H:<\/b><span style=\"font-weight: 400;\"> $24,567 USD (2021 tahmini)<\/span><\/li>\n<li style=\"font-weight: 400;\" aria-level=\"1\"><b>Rastgele Ger\u00e7ek: <\/b><span style=\"font-weight: 400;\">Portekiz, Avrupa'n\u0131n en eski \u00fclkesi olarak bilinir ve Lizbon'da d\u00fcnyan\u0131n en eski kitap\u00e7\u0131s\u0131na ev sahipli\u011fi yapar<\/span><\/li>\n<li style=\"font-weight: 400;\" aria-level=\"1\"><b>Para Birimi<\/b><span style=\"font-weight: 400;\">: <\/span><span style=\"font-weight: 400;\">Avro (\u20ac). 2023 sonu itibariyle, 1 \u00a3 = 1,15 \u20ac, $1 = 0,92 \u20ac, $1 CAD = 0,67 \u20ac, $1 AUD = 0,60 \u20ac <\/span><\/li>\n<\/ol>\n<div id=\"ez-toc-container\" class=\"ez-toc-v2_0_82_2 ez-toc-wrap-left counter-hierarchy ez-toc-counter ez-toc-transparent ez-toc-container-direction\">\n<div class=\"ez-toc-title-container\">\n<p class=\"ez-toc-title\" style=\"cursor:inherit\">B\u00f6l\u00fcmler<\/p>\n<span class=\"ez-toc-title-toggle\"><a href=\"#\" class=\"ez-toc-pull-right ez-toc-btn ez-toc-btn-xs ez-toc-btn-default ez-toc-toggle\" aria-label=\"\u0130\u00e7indekiler Tablosunu A\u00e7\/Kapat\"><span class=\"ez-toc-js-icon-con\"><span class=\"\"><span class=\"eztoc-hide\" style=\"display:none;\">Ge\u00e7i\u015f<\/span><span class=\"ez-toc-icon-toggle-span\"><svg style=\"fill: #999;color:#999\" xmlns=\"http:\/\/www.w3.org\/2000\/svg\" class=\"list-377408\" width=\"20px\" height=\"20px\" viewbox=\"0 0 24 24\" fill=\"none\"><path d=\"M6 6H4v2h2V6zm14 0H8v2h12V6zM4 11h2v2H4v-2zm16 0H8v2h12v-2zM4 16h2v2H4v-2zm16 0H8v2h12v-2z\" fill=\"currentColor\"><\/path><\/svg><svg style=\"fill: #999;color:#999\" class=\"arrow-unsorted-368013\" xmlns=\"http:\/\/www.w3.org\/2000\/svg\" width=\"10px\" height=\"10px\" viewbox=\"0 0 24 24\" version=\"1.2\" baseprofile=\"tiny\"><path d=\"M18.2 9.3l-6.2-6.3-6.2 6.3c-.2.2-.3.4-.3.7s.1.5.3.7c.2.2.4.3.7.3h11c.3 0 .5-.1.7-.3.2-.2.3-.5.3-.7s-.1-.5-.3-.7zM5.8 14.7l6.2 6.3 6.2-6.3c.2-.2.3-.5.3-.7s-.1-.5-.3-.7c-.2-.2-.4-.3-.7-.3h-11c-.3 0-.5.1-.7.3-.2.2-.3.5-.3.7s.1.5.3.7z\"\/><\/svg><\/span><\/span><\/span><\/a><\/span><\/div>\n<nav><ul class='ez-toc-list ez-toc-list-level-1 eztoc-toggle-hide-by-default' ><li class='ez-toc-page-1 ez-toc-heading-level-2'><a class=\"ez-toc-link ez-toc-heading-1\" href=\"https:\/\/moverdb.com\/tr\/moving-to-portugal\/moving-to-portugal-from-the-uk\/#1_Moving_Costs_to_Portugal_from_The_UK\" >1. \u0130ngiltere'den Portekiz'e Ta\u015f\u0131nma Maliyetleri<\/a><\/li><li class='ez-toc-page-1 ez-toc-heading-level-2'><a class=\"ez-toc-link ez-toc-heading-2\" href=\"https:\/\/moverdb.com\/tr\/moving-to-portugal\/moving-to-portugal-from-the-uk\/#2_How_Long_Does_It_Take_To_Move_to_Portugal_from_the_United_Kingdom\" >2. Birle\u015fik Krall\u0131k'tan Portekiz'e Ta\u015f\u0131nmak Ne Kadar S\u00fcrer?<\/a><\/li><li class='ez-toc-page-1 ez-toc-heading-level-2'><a class=\"ez-toc-link ez-toc-heading-3\" href=\"https:\/\/moverdb.com\/tr\/moving-to-portugal\/moving-to-portugal-from-the-uk\/#3_Moving_Restrictions_to_Portugal_from_the_UK\" >3. \u0130ngiltere'den Portekiz'e Ta\u015f\u0131nma K\u0131s\u0131tlamalar\u0131<\/a><\/li><li class='ez-toc-page-1 ez-toc-heading-level-2'><a class=\"ez-toc-link ez-toc-heading-4\" href=\"https:\/\/moverdb.com\/tr\/moving-to-portugal\/moving-to-portugal-from-the-uk\/#4_Visa_Requirements_to_Portugal_from_the_UK\" >4. Birle\u015fik Krall\u0131k'tan Portekiz'e Vize Gereklilikleri<\/a><\/li><li class='ez-toc-page-1 ez-toc-heading-level-2'><a class=\"ez-toc-link ez-toc-heading-5\" href=\"https:\/\/moverdb.com\/tr\/moving-to-portugal\/moving-to-portugal-from-the-uk\/#5_Cost_of_Living_Differences_in_Portugal\" >5. Portekiz'de Ya\u015fam Maliyeti Farkl\u0131l\u0131klar\u0131<\/a><\/li><li class='ez-toc-page-1 ez-toc-heading-level-2'><a class=\"ez-toc-link ez-toc-heading-6\" href=\"https:\/\/moverdb.com\/tr\/moving-to-portugal\/moving-to-portugal-from-the-uk\/#6_Tax_Treaties_in_Portugal\" >6. Portekiz'de Vergi Anla\u015fmalar\u0131<\/a><\/li><li class='ez-toc-page-1 ez-toc-heading-level-2'><a class=\"ez-toc-link ez-toc-heading-7\" href=\"https:\/\/moverdb.com\/tr\/moving-to-portugal\/moving-to-portugal-from-the-uk\/#7_Working_Rules_in_Portugal\" >7. Portekiz'de \u00c7al\u0131\u015fma Kurallar\u0131<\/a><\/li><li class='ez-toc-page-1 ez-toc-heading-level-2'><a class=\"ez-toc-link ez-toc-heading-8\" href=\"https:\/\/moverdb.com\/tr\/moving-to-portugal\/moving-to-portugal-from-the-uk\/#8_Healthcare_in_Portugal\" >8. Portekiz'de Sa\u011fl\u0131k Hizmetleri<\/a><\/li><li class='ez-toc-page-1 ez-toc-heading-level-2'><a class=\"ez-toc-link ez-toc-heading-9\" href=\"https:\/\/moverdb.com\/tr\/moving-to-portugal\/moving-to-portugal-from-the-uk\/#9_Rules_Around_Moving_With_Pets_in_Portugal\" >9. Portekiz'de Evcil Hayvanlarla Ta\u015f\u0131nmaya \u0130li\u015fkin Kurallar<\/a><\/li><li class='ez-toc-page-1 ez-toc-heading-level-2'><a class=\"ez-toc-link ez-toc-heading-10\" href=\"https:\/\/moverdb.com\/tr\/moving-to-portugal\/moving-to-portugal-from-the-uk\/#10_Similar_Cities\" >10. Benzer \u015eehirler<\/a><\/li><li class='ez-toc-page-1 ez-toc-heading-level-2'><a class=\"ez-toc-link ez-toc-heading-11\" href=\"https:\/\/moverdb.com\/tr\/moving-to-portugal\/moving-to-portugal-from-the-uk\/#11_Pros_and_Cons_of_Moving_to_Portugal_from_the_UK\" >11. \u0130ngiltere'den Portekiz'e Ta\u015f\u0131nman\u0131n Art\u0131lar\u0131 ve Eksileri<\/a><\/li><li class='ez-toc-page-1 ez-toc-heading-level-2'><a class=\"ez-toc-link ez-toc-heading-12\" href=\"https:\/\/moverdb.com\/tr\/moving-to-portugal\/moving-to-portugal-from-the-uk\/#Other_Useful_Guides_to_Portugal\" >Portekiz \u0130\u00e7in Di\u011fer Faydal\u0131 K\u0131lavuzlar<\/a><\/li><\/ul><\/nav><\/div>\n<h2><span class=\"ez-toc-section\" id=\"1_Moving_Costs_to_Portugal_from_The_UK\"><\/span><b>1. \u0130ngiltere'den Portekiz'e Ta\u015f\u0131nma Maliyetleri<\/b><span class=\"ez-toc-section-end\"><\/span><\/h2>\n<p>\u0130\u015fte baz\u0131 \u00f6rnekler <a href=\"https:\/\/moverdb.com\/tr\/moving-costs\/\" data-internallinksmanager029f6b8e52c=\"25\" title=\"Uluslararas\u0131 Ta\u015f\u0131nma Maliyetleri: G\u00f6rmezden Gelemeyece\u011finiz 9 \u015eey\">ta\u015f\u0131nma masraflar\u0131<\/a> Birle\u015fik Krall\u0131k'\u0131n \u00e7e\u015fitli \u015fehirlerinden Portekiz'in \u00e7e\u015fitli \u015fehirlerine. Daha do\u011fru bir fiyat teklifi almak i\u00e7in l\u00fctfen yukar\u0131daki fiyat teklifi formunu kullan\u0131n.<\/p>\n<table id=\"moving_costs_gbp_portugal\" class=\"dataframe table table-striped\" style=\"border-spacing: 10px; border-collapse: separate;\" border=\"0\">\n<thead>\n<tr style=\"text-align: left;\">\n<th><\/th>\n<th>Londra<\/th>\n<th><a href=\"\" data-internallinksmanager029f6b8e52c=\"52\" title=\"Manchester\">Manchester<\/a><\/th>\n<th><a href=\"\" data-internallinksmanager029f6b8e52c=\"34\" title=\"Birmingham\">Birmingham<\/a><\/th>\n<th><a href=\"\" data-internallinksmanager029f6b8e52c=\"49\" title=\"Liverpool\">Liverpool<\/a><\/th>\n<\/tr>\n<tr>\n<th>Kimden \/ Kime<\/th>\n<th><\/th>\n<th><\/th>\n<th><\/th>\n<th><\/th>\n<\/tr>\n<\/thead>\n<tbody>\n<tr>\n<th>Lizbon<\/th>\n<td>\u00a31280.00<\/td>\n<td>\u00a31400.00<\/td>\n<td>\u00a31336.00<\/td>\n<td>\u00a31360.00<\/td>\n<\/tr>\n<tr>\n<th>Porto<\/th>\n<td>\u00a31320.00<\/td>\n<td>\u00a31440.00<\/td>\n<td>\u00a31376.00<\/td>\n<td>\u00a31400.00<\/td>\n<\/tr>\n<tr>\n<th>Faro<\/th>\n<td>\u00a31264.00<\/td>\n<td>\u00a31384.00<\/td>\n<td>\u00a31320.00<\/td>\n<td>\u00a31344.00<\/td>\n<\/tr>\n<tr>\n<th>Coimbra<\/th>\n<td>\u00a31240.00<\/td>\n<td>\u00a31360.00<\/td>\n<td>\u00a31296.00<\/td>\n<td>\u00a31320.00<\/td>\n<\/tr>\n<\/tbody>\n<\/table>\n<h2><span class=\"ez-toc-section\" id=\"2_How_Long_Does_It_Take_To_Move_to_Portugal_from_the_United_Kingdom\"><\/span><b>2. Birle\u015fik Krall\u0131k'tan Portekiz'e Ta\u015f\u0131nmak Ne Kadar S\u00fcrer?<\/b><span class=\"ez-toc-section-end\"><\/span><\/h2>\n<p><span style=\"font-weight: 400;\">Portekiz Birle\u015fik Krall\u0131k'tan \u00e7ok uzakta olmad\u0131\u011f\u0131ndan, havadaki seyahat s\u00fcresi \u0130ngiltere'deki kara yolculu\u011funa benzer olacakt\u0131r. \u015eimdi baz\u0131 yayg\u0131n u\u00e7u\u015f yollar\u0131na ve bunlarla ili\u015fkili zaman dilimlerine bir g\u00f6z atal\u0131m:<\/span><\/p>\n<ul>\n<li style=\"font-weight: 400;\" aria-level=\"1\"><span style=\"font-weight: 400;\">Londra Heathrow - Lizbon - 2 saat, 24 dakika - 160 \u00a3<\/span><\/li>\n<li style=\"font-weight: 400;\" aria-level=\"1\"><span style=\"font-weight: 400;\">Londra Gatwick - Lizbon - 2 saat, 22 dakika - \u00a3105<\/span><\/li>\n<li style=\"font-weight: 400;\" aria-level=\"1\"><span style=\"font-weight: 400;\"><a href=\"\" data-internallinksmanager029f6b8e52c=\"44\" title=\"Edinburgh\">Edinburgh<\/a> Lizbon'a - 2 saat, 53 dakika - 140 \u00a3<\/span><span style=\"font-weight: 400;\"><br \/>\n<\/span><\/li>\n<\/ul>\n<p><span style=\"font-weight: 400;\">Bu s\u00fcre yaln\u0131zca u\u00e7u\u015f s\u00fcresini kapsar, bu nedenle sizi terminalden son konumunuza g\u00f6t\u00fcrmek i\u00e7in ek s\u00fcre eklenmesi gerekecektir.<\/span><b><\/b><\/p>\n<h2><span class=\"ez-toc-section\" id=\"3_Moving_Restrictions_to_Portugal_from_the_UK\"><\/span><b>3. \u0130ngiltere'den Portekiz'e Ta\u015f\u0131nma K\u0131s\u0131tlamalar\u0131<\/b><b><\/b><span class=\"ez-toc-section-end\"><\/span><\/h2>\n<p><span style=\"font-weight: 400;\">Bir \u00fclkeden ba\u015fka bir \u00fclkeye ikamet etmek i\u00e7in ta\u015f\u0131nmak \u00e7e\u015fitli k\u0131s\u0131tlamalara yol a\u00e7acakt\u0131r - en \u00f6nemlisi, bir sonraki b\u00f6l\u00fcmde ele alaca\u011f\u0131m\u0131z vize gereklilikleridir.\u00a0<\/span><\/p>\n<p><span style=\"font-weight: 400;\">Pasaportunuz seyahat s\u0131ras\u0131nda ge\u00e7erli olmal\u0131 ve Portekiz'e giri\u015f tarihinizden en az 10 y\u0131l \u00f6nce d\u00fczenlenmi\u015f olmal\u0131d\u0131r. Son kullanma tarihine en az 3 ay kalm\u0131\u015f olmal\u0131d\u0131r ve s\u0131n\u0131r kontrol\u00fcnde damgalanabilir.<\/span><\/p>\n<p><span style=\"font-weight: 400;\">Avrupa'daki \u00fclkelere seyahat edebilirsiniz <\/span><a href=\"https:\/\/www.gov.uk\/travel-to-eu-schengen-area#:~:text=The%20countries%20in%20the%20Schengen,Spain%2C%20Sweden%2C%20and%20Switzerland.\" target=\"_blank\" rel=\"noopener\"><span style=\"font-weight: 400;\">Schengen b\u00f6lgesi<\/span><\/a><span style=\"font-weight: 400;\"> - \u0130nsanlar\u0131n s\u0131n\u0131r kontrollerinden ge\u00e7meden \u00fcye \u00fclkeler aras\u0131nda serbest\u00e7e seyahat etmelerine izin veren ve \u00e7o\u011fu AB \u00fclkesini kapsayan bir alan - herhangi bir 180 g\u00fcnl\u00fck d\u00f6nemde 90 g\u00fcne kadar vizesiz. Daha uzun s\u00fcre kalmay\u0131 planl\u0131yorsan\u0131z - \u00f6rne\u011fin \u00e7al\u0131\u015fmak i\u00e7in - bunu yapmak i\u00e7in vizeye ihtiyac\u0131n\u0131z olacakt\u0131r.<\/span><\/p>\n<p><span style=\"font-weight: 400;\">G\u00fcmr\u00fck kurallar\u0131 y\u00fcr\u00fcrl\u00fcktedir ve izin verilmeyen hi\u00e7bir \u015feyi \u00fclkeye sokmad\u0131\u011f\u0131n\u0131zdan emin olmal\u0131s\u0131n\u0131z. \u015euraya bir g\u00f6z at\u0131n <\/span><a href=\"https:\/\/www.ana.pt\/en\/lis\/passenger-guide\/plan-your-trip\/customs\" target=\"_blank\" rel=\"noopener\"><span style=\"font-weight: 400;\">Portekiz Havaalanlar\u0131<\/span><\/a><span style=\"font-weight: 400;\"> en g\u00fcncel bilgiler i\u00e7in.<\/span><\/p>\n<p><span style=\"font-weight: 400;\">\u015eu anda herhangi bir COVID-19 seyahat k\u0131s\u0131tlamas\u0131 bulunmamaktad\u0131r, ancak seyahat s\u0131ras\u0131nda en son bilgilere uydu\u011funuzdan emin olmak i\u00e7in geli\u015fmeleri takip etmeniz tavsiye edilir. \u015eu anda Madeira ve Porto Santo'da sa\u011fl\u0131k yetkilileri, solunum yolu hastal\u0131\u011f\u0131 te\u015fhisi konulmu\u015fsa, bak\u0131m evleri de dahil olmak \u00fczere t\u0131bbi tesislerde y\u00fcz maskesi kullan\u0131lmas\u0131n\u0131 tavsiye etmektedir.<\/span><b><\/b><\/p>\n<h2><span class=\"ez-toc-section\" id=\"4_Visa_Requirements_to_Portugal_from_the_UK\"><\/span><b>4. Birle\u015fik Krall\u0131k'tan Portekiz'e Vize Gereklilikleri<\/b><b><\/b><span class=\"ez-toc-section-end\"><\/span><\/h2>\n<p><span style=\"font-weight: 400;\">Ge\u00e7erli bir Birle\u015fik Krall\u0131k pasaportunun yan\u0131 s\u0131ra, \u00fclkede \u00e7al\u0131\u015fmay\u0131 planl\u0131yorsan\u0131z Portekiz'e giri\u015finizi sa\u011flayacak bir vizeye ihtiyac\u0131n\u0131z olacakt\u0131r. E\u011fer sadece seyahat ediyorsan\u0131z, vize ile ilgili \u00f6nceki b\u00f6l\u00fcm\u00fcm\u00fczde ayr\u0131nt\u0131l\u0131 olarak a\u00e7\u0131kland\u0131\u011f\u0131 gibi vizesiz giri\u015f yapabilirsiniz. <\/span><a href=\"https:\/\/www.gov.uk\/travel-to-eu-schengen-area#:~:text=The%20countries%20in%20the%20Schengen,Spain%2C%20Sweden%2C%20and%20Switzerland.\" target=\"_blank\" rel=\"noopener\"><span style=\"font-weight: 400;\">Schengen b\u00f6lgesi<\/span><\/a><span style=\"font-weight: 400;\">.<\/span><\/p>\n<p><span style=\"font-weight: 400;\">\u00c7al\u0131\u015fma vizesi almak i\u00e7in ba\u015fvuruda bulunman\u0131z gerekmektedir. Buna g\u00f6re <\/span><a href=\"https:\/\/iasservices.org.uk\/pt\/work\/\" target=\"_blank\" rel=\"noopener\"><span style=\"font-weight: 400;\">G\u00f6\u00e7menlik Dan\u0131\u015fma Servisi<\/span><\/a><span style=\"font-weight: 400;\">\u00c7al\u0131\u015fma vizesine ba\u015fvururken a\u015fa\u011f\u0131daki ko\u015fullar ge\u00e7erlidir:<\/span><\/p>\n<ul>\n<li style=\"font-weight: 400;\" aria-level=\"1\"><span style=\"font-weight: 400;\">\u00c7al\u0131\u015fma izninizin olmas\u0131 gerekir<\/span><\/li>\n<li style=\"font-weight: 400;\" aria-level=\"1\"><span style=\"font-weight: 400;\">Herhangi bir cezai mahkumiyetiniz olmamal\u0131d\u0131r<\/span><\/li>\n<li style=\"font-weight: 400;\" aria-level=\"1\"><span style=\"font-weight: 400;\">Mevcut \u00fclkenizdeki kurulu\u015f i\u00e7in en az 12 ay \u00e7al\u0131\u015fm\u0131\u015f olmal\u0131s\u0131n\u0131z (e\u011fer transfer oluyorsan\u0131z)<\/span><\/li>\n<li style=\"font-weight: 400;\" aria-level=\"1\"><span style=\"font-weight: 400;\">Portekiz'de sizi ge\u00e7indirecek bir maa\u015f kazan\u0131n (asgari \u00fccretin \u00fczerinde)<\/span><\/li>\n<\/ul>\n<p><span style=\"font-weight: 400;\">\u0130ki ana t\u00fcr k\u0131sa s\u00fcreli ve uzun s\u00fcreli \u00e7al\u0131\u015fma vizeleridir. Adlar\u0131ndan da anla\u015f\u0131laca\u011f\u0131 \u00fczere, ilki Portekiz'de bir y\u0131ldan k\u0131sa s\u00fcreli istihdam i\u00e7in ge\u00e7erliyken, ikincisi bu s\u00fcre i\u00e7inde oturma izni ba\u015fvurusunda bulunman\u0131z amac\u0131yla d\u00f6rt ay i\u00e7indir.<\/span><\/p>\n<p><span style=\"font-weight: 400;\">K\u0131sa s\u00fcreli vizeler mevsimlik i\u015fler, sahne sanatlar\u0131 veya g\u00f6steri sekt\u00f6r\u00fc i\u00e7in gerekliyken, bir Portekiz \u015firketinde uzun s\u00fcreli istihdam, ara\u015ft\u0131rma gezileri veya serbest meslek ama\u00e7lar\u0131 i\u00e7in muhtemelen uzun s\u00fcreli bir \u00e7al\u0131\u015fma vizesine ihtiyac\u0131n\u0131z olacakt\u0131r.<\/span><\/p>\n<p><span style=\"font-weight: 400;\">Her durumda, bireysel ko\u015fullar\u0131n\u0131z hakk\u0131nda size tavsiyelerde bulunmas\u0131 i\u00e7in bir vize uzman\u0131yla konu\u015fman\u0131z ve kurallardaki son de\u011fi\u015fiklikleri her zaman takip etmeniz gerekir.<\/span><b><\/b><\/p>\n<h2><span class=\"ez-toc-section\" id=\"5_Cost_of_Living_Differences_in_Portugal\"><\/span><b>5. Portekiz'de Ya\u015fam Maliyeti Farkl\u0131l\u0131klar\u0131<\/b><b><\/b><span class=\"ez-toc-section-end\"><\/span><\/h2>\n<p><img loading=\"lazy\" decoding=\"async\" class=\"alignnone size-full wp-image-14560\" src=\"https:\/\/moverdb.com\/wp-content\/uploads\/moving-to-portugal-2.jpg\" alt=\"\" width=\"1000\" height=\"562\" srcset=\"https:\/\/moverdb.com\/wp-content\/uploads\/moving-to-portugal-2.jpg 1000w, https:\/\/moverdb.com\/wp-content\/uploads\/moving-to-portugal-2-300x169.jpg 300w, https:\/\/moverdb.com\/wp-content\/uploads\/moving-to-portugal-2-18x10.jpg 18w\" sizes=\"auto, (max-width: 1000px) 100vw, 1000px\" \/><span style=\"font-weight: 400;\">Bu makale Portekiz'i bir b\u00fct\u00fcn olarak ele alsa da, ev fiyatlar\u0131 b\u00f6lgeden b\u00f6lgeye de\u011fi\u015fiklik g\u00f6sterecektir, ancak a\u015fa\u011f\u0131daki rakamlar size neyin hangi fiyata mevcut oldu\u011funa dair bir fikir verecektir.<\/span><\/p>\n<p><span style=\"font-weight: 400;\">Genel bir not olarak, Portekiz'de ya\u015fam maliyetinin Birle\u015fik Krall\u0131k'tan 40,9% daha d\u00fc\u015f\u00fck oldu\u011fu ve kiralar\u0131n yakla\u015f\u0131k 57,1% daha d\u00fc\u015f\u00fck oldu\u011fu tahmin edilmektedir.<\/span><\/p>\n<p><b>Portekiz'de Ayl\u0131k Kira Fiyatlar\u0131:<\/b><\/p>\n<ul>\n<li style=\"font-weight: 400;\" aria-level=\"1\"><span style=\"font-weight: 400;\">\u015eehir Merkezinde 1 yatak odal\u0131 daire (apartman):<\/span><b> \u20ac1,110+<\/b><\/li>\n<li style=\"font-weight: 400;\" aria-level=\"1\"><span style=\"font-weight: 400;\">\u015eehir Merkezinin d\u0131\u015f\u0131nda 1 yatak odal\u0131 daire: <\/span><b>\u20ac790+<\/b><\/li>\n<li style=\"font-weight: 400;\" aria-level=\"1\"><span style=\"font-weight: 400;\">\u015eehir Merkezinde 3 yatak odal\u0131 daire: <\/span><b>\u20ac2,000+<\/b><\/li>\n<li style=\"font-weight: 400;\" aria-level=\"1\"><span style=\"font-weight: 400;\">\u015eehir Merkezinin d\u0131\u015f\u0131nda 3 yatak odal\u0131 daire: <\/span><b>\u20ac1,370+<\/b><\/li>\n<\/ul>\n<p><b>Portekiz Ev Sat\u0131n Alma Fiyatlar\u0131:<\/b><\/p>\n<ul>\n<li style=\"font-weight: 400;\" aria-level=\"1\"><span style=\"font-weight: 400;\">\u015eehir Merkezinde sat\u0131n almak i\u00e7in metrekare ba\u015f\u0131na fiyat (10,7 feet kare): <\/span><b>\u20ac4,400+<\/b><\/li>\n<li style=\"font-weight: 400;\" aria-level=\"1\"><span style=\"font-weight: 400;\">\u015eehir d\u0131\u015f\u0131nda sat\u0131n almak i\u00e7in metrekare ba\u015f\u0131na fiyat (10,7 fit kare): <\/span><b>\u20ac2,400+<\/b><\/li>\n<\/ul>\n<p><b><i>Kaynak: <\/i><\/b><a href=\"https:\/\/www.numbeo.com\/cost-of-living\/in\/Lisbon\" target=\"_blank\" rel=\"noopener\"><i><span style=\"font-weight: 400;\">Numbeo<\/span><\/i><\/a><\/p>\n<h2><span class=\"ez-toc-section\" id=\"6_Tax_Treaties_in_Portugal\"><\/span><b>6. Portekiz'de Vergi Anla\u015fmalar\u0131<\/b><span class=\"ez-toc-section-end\"><\/span><\/h2>\n<p><span style=\"font-weight: 400;\">Portekiz'de 14,5% ile 48% aras\u0131nda de\u011fi\u015fen gelir vergisi \u00f6demeniz gerekecektir - bunlar de\u011fi\u015febilir, bu nedenle en son de\u011fi\u015fiklikleri takip etmek en iyisidir. Portekiz'de ikamet edenler d\u00fcnya \u00e7ap\u0131ndaki gelirleri \u00fczerinden \u00fccretlendirilirken, Portekiz'de ikamet etmeyenler yaln\u0131zca Portekiz gelirleri \u00fczerinden vergilendirilecektir.<\/span><\/p>\n<p><span style=\"font-weight: 400;\">\u00c7o\u011fu hizmet i\u00e7in 23% standart KDV uygulan\u0131rken, baz\u0131 mal ve hizmetler i\u00e7in 6% ve 13% indirimli oranlar uygulanmaktad\u0131r. Portekiz'de emlak vergisi vard\u0131r ve bunlar s\u00f6z konusu m\u00fclke ve sahibinin stat\u00fcs\u00fcne g\u00f6re de\u011fi\u015fir.<\/span><\/p>\n<p><span style=\"font-weight: 400;\">Kurumlar vergisi (IRC), kesin kara ba\u011fl\u0131 olarak 21% ve 25% oran\u0131nda uygulanmaktad\u0131r.<\/span><\/p>\n<p><span style=\"font-weight: 400;\">Oranlar zaman i\u00e7inde de\u011fi\u015febilece\u011finden en son geli\u015fmeleri takip etmek iyi bir fikirdir.<\/span><b><\/b><\/p>\n<h2><span class=\"ez-toc-section\" id=\"7_Working_Rules_in_Portugal\"><\/span><b>7. Portekiz'de \u00c7al\u0131\u015fma Kurallar\u0131<\/b><b><\/b><span class=\"ez-toc-section-end\"><\/span><\/h2>\n<p><span style=\"font-weight: 400;\">Bu <\/span><a href=\"https:\/\/vistos.mne.gov.pt\/en\/national-visas\/general-information\/type-of-visa#work\" target=\"_blank\" rel=\"noopener\"><span style=\"font-weight: 400;\">D\u0131\u015fi\u015fleri Bakanl\u0131\u011f\u0131<\/span><\/a><span style=\"font-weight: 400;\"> Portekiz'de \u00e7al\u0131\u015f\u0131rken sahip olabilece\u011finiz, k\u0131sa vadeden uzun vadeye kadar de\u011fi\u015fen farkl\u0131 vize t\u00fcrlerinin yan\u0131 s\u0131ra i\u015f ararken sizi destekleyebilecek ge\u00e7ici t\u00fcrleri \u00f6zetleyen yararl\u0131 bir sayfaya sahiptir.<\/span><\/p>\n<p><span style=\"font-weight: 400;\">Uzaktan \u00e7al\u0131\u015f\u0131yorsan\u0131z, bu i\u015fi Portekiz'de bir 'dijital g\u00f6\u00e7ebe' olarak y\u00fcr\u00fctmenize izin vermek i\u00e7in ge\u00e7ici kal\u0131\u015f vizesine ba\u015fvurabilirsiniz. Benzer \u015fekilde, ba\u011f\u0131ms\u0131z bir i\u015finiz varsa veya bilimsel ara\u015ft\u0131rma veya y\u00fcksek \u00f6\u011fretim profes\u00f6rl\u00fck faaliyetleri gibi y\u00fcksek nitelikli bir faaliyet i\u00e7in ziyaret ediyorsan\u0131z, bunu yapmak i\u00e7in bu vizeyi kullanabilirsiniz.<\/span><\/p>\n<p><span style=\"font-weight: 400;\">\u00c7al\u0131\u015fma ko\u015fullar\u0131n\u0131z ne olursa olsun, sorunsuz bir ge\u00e7i\u015f sa\u011flamak i\u00e7in \u00fclkeye girmeden \u00f6nce vizenizi halletmeniz \u00f6nemlidir. Ayr\u0131ca, haklar\u0131n\u0131z konusunda tamamen bilgi sahibi olabilmeniz i\u00e7in vergiler ve sa\u011fl\u0131k programlar\u0131 gibi faydal\u0131 programlar hakk\u0131nda bilgi sahibi olman\u0131z da \u00f6nemlidir.<\/span><b><\/b><\/p>\n<h2><span class=\"ez-toc-section\" id=\"8_Healthcare_in_Portugal\"><\/span><b>8. Portekiz'de Sa\u011fl\u0131k Hizmetleri<\/b><b><\/b><span class=\"ez-toc-section-end\"><\/span><\/h2>\n<p><span style=\"font-weight: 400;\">Portekiz'de devlet sa\u011fl\u0131k hizmetleri, Birle\u015fik Krall\u0131k'ta NHS arac\u0131l\u0131\u011f\u0131yla oldu\u011fu gibi \u00fccretsiz de\u011fildir. Bunun yerine, devlet sa\u011fl\u0131k hizmetlerine eri\u015fmek i\u00e7in standart kullan\u0131c\u0131 \u00fccretlerini veya 'taxas moderadoras' \u00f6demeniz ve kendinizi Portekiz'de ikamet eden biri olarak kaydettirmeniz gerekecektir.<\/span><\/p>\n<p><span style=\"font-weight: 400;\">Ge\u00e7ici olarak ziyaret edenler i\u00e7in Avrupa Sa\u011fl\u0131k Sigortas\u0131 Kartlar\u0131 (EHIC) ve Birle\u015fik Krall\u0131k K\u00fcresel Sa\u011fl\u0131k Sigortas\u0131 Kartlar\u0131 (GHIC) kullan\u0131labilir.<\/span><\/p>\n<p><a href=\"https:\/\/www.gov.uk\/guidance\/living-in-portugal#healthcare\" target=\"_blank\" rel=\"noopener\"><span style=\"font-weight: 400;\">Gov.uk<\/span><\/a><span style=\"font-weight: 400;\"> Portekiz'de ikamet eden biri olarak kay\u0131t yapt\u0131rman\u0131z halinde, Portekiz Ulusal Sa\u011fl\u0131k Hizmeti'ne kay\u0131t yapt\u0131rman\u0131z gerekti\u011fini tavsiye eder. <\/span><a href=\"https:\/\/www.sns.gov.pt\/\" target=\"_blank\" rel=\"noopener\"><span style=\"font-weight: 400;\">SNS<\/span><\/a><span style=\"font-weight: 400;\"> - Portekiz vatanda\u015flar\u0131 ile ayn\u0131 sa\u011fl\u0131k hizmetlerinden yararlanabilmeniz i\u00e7in.<\/span><\/p>\n<p><span style=\"font-weight: 400;\">Sa\u011fl\u0131k hizmetlerine kaydolmak i\u00e7in \u015funlara ihtiyac\u0131n\u0131z olacakt\u0131r:<\/span><\/p>\n<ul>\n<li style=\"font-weight: 400;\" aria-level=\"1\"><span style=\"font-weight: 400;\">Portekiz ikamet belgeniz<\/span><\/li>\n<li style=\"font-weight: 400;\" aria-level=\"1\"><span style=\"font-weight: 400;\">Ge\u00e7erli Birle\u015fik Krall\u0131k pasaportu<\/span><\/li>\n<li style=\"font-weight: 400;\" aria-level=\"1\"><span style=\"font-weight: 400;\">Vergi kimlik numaras\u0131 (NIF)<\/span><\/li>\n<li style=\"font-weight: 400;\" aria-level=\"1\"><span style=\"font-weight: 400;\">Sosyal G\u00fcvenlik Numaras\u0131 (NISS)<\/span><\/li>\n<\/ul>\n<p><span style=\"font-weight: 400;\">\u00d6zel sa\u011fl\u0131k sigortan\u0131z olabilir, ancak bu, devletin sa\u011fl\u0131k hizmetine kaydolman\u0131n yerine ge\u00e7mez.\u00a0<\/span><b><\/b><\/p>\n<h2><span class=\"ez-toc-section\" id=\"9_Rules_Around_Moving_With_Pets_in_Portugal\"><\/span><b>9. Portekiz'de Evcil Hayvanlarla Ta\u015f\u0131nmaya \u0130li\u015fkin Kurallar<\/b><b><\/b><span class=\"ez-toc-section-end\"><\/span><\/h2>\n<p><span style=\"font-weight: 400;\">Ev ta\u015f\u0131mak bir\u00e7ok kutu e\u015fyay\u0131 i\u00e7erir - ama ayn\u0131 zamanda baz\u0131 \u00f6nemli t\u00fcyl\u00fc arkada\u015flar\u0131 da i\u00e7erebilir! Portekiz'e yan\u0131n\u0131zda bir evcil hayvanla ta\u015f\u0131nman\u0131z gerekiyorsa, i\u015fte bilmeniz gerekenler.<\/span><\/p>\n<p><a href=\"https:\/\/www.gov.uk\/taking-your-pet-abroad\/travelling-to-an-eu-country-or-northern-ireland\" target=\"_blank\" rel=\"noopener\"><span style=\"font-weight: 400;\">Gov.uk<\/span><\/a><span style=\"font-weight: 400;\"> kedi, k\u00f6pek ve gelincik dahil olmak \u00fczere evcil hayvan\u0131n\u0131z\u0131n sahip oldu\u011fundan emin olman\u0131z gerekti\u011fini s\u00f6yl\u00fcyor:<\/span><\/p>\n<ul>\n<li style=\"font-weight: 400;\" aria-level=\"1\"><span style=\"font-weight: 400;\">Bir mikro\u00e7ip<\/span><\/li>\n<li style=\"font-weight: 400;\" aria-level=\"1\"><span style=\"font-weight: 400;\">Ge\u00e7erli kuduz a\u015f\u0131s\u0131<\/span><\/li>\n<li style=\"font-weight: 400;\" aria-level=\"1\"><span style=\"font-weight: 400;\">Hayvan sa\u011fl\u0131k sertifikas\u0131 veya evcil hayvan pasaportu<\/span><\/li>\n<\/ul>\n<p><span style=\"font-weight: 400;\">Evcil hayvan\u0131n\u0131z\u0131n yolculuk s\u0131ras\u0131nda g\u00fcvenli\u011fini sa\u011flamak i\u00e7in seyahatinizden en az 10 g\u00fcn \u00f6nce seyahat i\u00e7in uygun ve sa\u011fl\u0131kl\u0131 oldu\u011fu kabul edilmelidir.<\/span><b><\/b><\/p>\n<h2><span class=\"ez-toc-section\" id=\"10_Similar_Cities\"><\/span><b>10. Benzer \u015eehirler<\/b><b><\/b><span class=\"ez-toc-section-end\"><\/span><\/h2>\n<p><img loading=\"lazy\" decoding=\"async\" class=\"alignnone size-full wp-image-14561\" src=\"https:\/\/moverdb.com\/wp-content\/uploads\/moving-to-portugal-3.jpg\" alt=\"\" width=\"1000\" height=\"667\" srcset=\"https:\/\/moverdb.com\/wp-content\/uploads\/moving-to-portugal-3.jpg 1000w, https:\/\/moverdb.com\/wp-content\/uploads\/moving-to-portugal-3-300x200.jpg 300w, https:\/\/moverdb.com\/wp-content\/uploads\/moving-to-portugal-3-18x12.jpg 18w\" sizes=\"auto, (max-width: 1000px) 100vw, 1000px\" \/><span style=\"font-weight: 400;\">Portekiz'i ba\u015fka bir yerle kar\u015f\u0131la\u015ft\u0131rmak daha kolay olamazd\u0131 - <a href=\"https:\/\/moverdb.com\/tr\/moving-to-spain\/\" data-internallinksmanager029f6b8e52c=\"266\" title=\"\u0130spanya&#039;ya m\u0131 ta\u015f\u0131n\u0131yorsunuz? 2026 Ya\u015fam Maliyetleri ve Yer De\u011fi\u015ftirme \u0130pu\u00e7lar\u0131\">\u0130spanya<\/a> \u0130ber Yar\u0131madas\u0131'nda yer almas\u0131, her iki \u00fclkeye de benzer bir iklim ve k\u00fclt\u00fcr kazand\u0131rmaktad\u0131r.\u00a0<\/span><\/p>\n<p><span style=\"font-weight: 400;\">Her ikisi de yazlar\u0131 s\u0131cak ve kurak ge\u00e7en Akdeniz iklimine sahiptir - \u0130spanya'da ne kadar kuzeye giderseniz iklim o kadar \u0131l\u0131manla\u015facakt\u0131r. Her ikisi de zengin bir k\u00fclt\u00fcrel mirasa sahip olup, ziyaret edilebilecek ve keyif al\u0131nabilecek pek \u00e7ok tarihi mekana ve \u00e7e\u015fitli b\u00f6lgesel geleneklere sahiptir.<\/span><\/p>\n<p><span style=\"font-weight: 400;\">\u0130spanya ve Portekiz, AB vatanda\u015f\u0131 olmayanlara avantajl\u0131 yat\u0131r\u0131mlar kar\u015f\u0131l\u0131\u011f\u0131nda ikamet imk\u00e2n\u0131 sunan Alt\u0131n Vize program\u0131n\u0131 uygulamaktad\u0131r. Her iki b\u00f6lgede de ekonomi, \u00f6zellikle turizm ve tar\u0131m a\u00e7\u0131s\u0131ndan g\u00fc\u00e7l\u00fcd\u00fcr.<\/span><\/p>\n<p><span style=\"font-weight: 400;\">Canl\u0131 bir sosyal atmosfer istiyorsan\u0131z, her iki lokasyon da harika se\u00e7imlerdir.<\/span><b><\/b><\/p>\n<h2><span class=\"ez-toc-section\" id=\"11_Pros_and_Cons_of_Moving_to_Portugal_from_the_UK\"><\/span><b>11. \u0130ngiltere'den Portekiz'e Ta\u015f\u0131nman\u0131n Art\u0131lar\u0131 ve Eksileri<\/b><b><\/b><span class=\"ez-toc-section-end\"><\/span><\/h2>\n<p><span style=\"font-weight: 400;\">Belki yeni bir i\u015f f\u0131rsat\u0131 i\u00e7in ta\u015f\u0131n\u0131yorsunuz ya da sadece tamamen farkl\u0131 bir \u00fclke ve iklimi denemek istiyorsunuz - \u0130ngiltere'den Portekiz'e ta\u015f\u0131nmak istemenizin nedeni ne olursa olsun, ta\u015f\u0131nmayla ilgili baz\u0131 temel art\u0131 ve eksilere bir g\u00f6z atal\u0131m.<\/span><\/p>\n\n<table id=\"tablepress-430\" class=\"tablepress tablepress-id-430\">\n<thead>\n<tr class=\"row-1\">\n\t<th class=\"column-1\">\u0130ngiltere'den Portekiz'e Ta\u015f\u0131nman\u0131n Avantajlar\u0131<\/th><th class=\"column-2\">Birle\u015fik Krall\u0131k'tan Portekiz'e Ta\u015f\u0131nman\u0131n Dezavantajlar\u0131<\/th>\n<\/tr>\n<\/thead>\n<tbody class=\"row-striping row-hover\">\n<tr class=\"row-2\">\n\t<td class=\"column-1\">Il\u0131man \u0130klim: Portekiz, \u0131l\u0131man k\u0131\u015flar\u0131 ve s\u0131cak yazlar\u0131 ile y\u0131l boyunca ho\u015f bir hava sunan Akdeniz iklimine sahiptir<\/td><td class=\"column-2\">Dil Engeli: Bir\u00e7ok Portekizli \u0130ngilizce konu\u015fuyor olsa da, baz\u0131 b\u00f6lgelerde, \u00f6zellikle de k\u0131rsal topluluklarda dil engeli olabilir<\/td>\n<\/tr>\n<tr class=\"row-3\">\n\t<td class=\"column-1\">Ya\u015fam Maliyeti: Portekiz'de bar\u0131nma, yiyecek ve e\u011flence dahil olmak \u00fczere ya\u015fam maliyetleri genellikle Birle\u015fik Krall\u0131k'a k\u0131yasla daha d\u00fc\u015f\u00fckt\u00fcr<\/td><td class=\"column-2\">\u0130\u015f Piyasas\u0131 Rekabeti: \u0130\u015f piyasas\u0131, \u00f6zellikle belirli sekt\u00f6rlerde rekabet\u00e7i olabilir ve f\u0131rsatlar bulmak i\u00e7in a\u011f kurmak \u00e7ok \u00f6nemli olabilir<\/td>\n<\/tr>\n<tr class=\"row-4\">\n\t<td class=\"column-1\">Manzara G\u00fczelli\u011fi: Portekiz g\u00fczel manzaralara, tarihi \u015fehirlere ve pitoresk k\u0131y\u0131 b\u00f6lgelerine sahiptir ve y\u00fcksek bir ya\u015fam kalitesi sunar<\/td><td class=\"column-2\">B\u00fcrokratik S\u00fcre\u00e7ler: Portekiz'de idari s\u00fcre\u00e7ler ve b\u00fcrokrasi ile u\u011fra\u015fmak yeni gelenler i\u00e7in zorlay\u0131c\u0131 ve zaman al\u0131c\u0131 olabilir<\/td>\n<\/tr>\n<tr class=\"row-5\">\n\t<td class=\"column-1\">Alt\u0131n Vize Program\u0131: Portekiz, AB vatanda\u015f\u0131 olmayanlar\u0131n \u00fclkede uygun yat\u0131r\u0131mlar yaparak oturma izni almalar\u0131na olanak tan\u0131yan bir Alt\u0131n Vize program\u0131 sunmaktad\u0131r<\/td><td class=\"column-2\">Sa\u011fl\u0131k Sistemi: Portekiz'de kamu sa\u011fl\u0131k sistemi bulunmakla birlikte, hizmetlere eri\u015fim farkl\u0131l\u0131k g\u00f6sterebilir ve belirli ihtiya\u00e7lar i\u00e7in \u00f6zel sa\u011fl\u0131k hizmeti gerekli olabilir<\/td>\n<\/tr>\n<\/tbody>\n<\/table>\n<!-- #tablepress-430 from cache -->\n<p><span style=\"font-weight: 400;\">Karar\u0131n\u0131z ne olursa olsun, ta\u015f\u0131nman\u0131z\u0131 etkileyen yasal fakt\u00f6rleri anlaman\u0131z gerekir - \u015fu adresi ziyaret etti\u011finizden emin olun <\/span><a href=\"https:\/\/www.gov.uk\/foreign-travel-advice\/portugal\/entry-requirements\" target=\"_blank\" rel=\"noopener\"><span style=\"font-weight: 400;\">Gov.uk<\/span><\/a><span style=\"font-weight: 400;\"> \u0130htiyac\u0131n\u0131z olan t\u00fcm bilgiler i\u00e7in.<\/span><\/p>\n<h2><span class=\"ez-toc-section\" id=\"Other_Useful_Guides_to_Portugal\"><\/span>Portekiz \u0130\u00e7in Di\u011fer Faydal\u0131 K\u0131lavuzlar<span class=\"ez-toc-section-end\"><\/span><\/h2>\n<ul>\n<li> <a href=\"https:\/\/moverdb.com\/tr\/moving-to-portugal\/\">Portekiz'e mi ta\u015f\u0131n\u0131yorsunuz? 2026 Ya\u015fam Maliyetleri &amp; Yer De\u011fi\u015ftirme \u0130pu\u00e7lar\u0131<\/a><\/li>\n<li> <a href=\"https:\/\/moverdb.com\/tr\/moving-to-portugal\/best-places-to-live-portugal\/\">Portekiz'de Ya\u015fanacak En \u0130yi 13 Yer<\/a><\/li>\n<li> <a href=\"https:\/\/moverdb.com\/tr\/moving-to-portugal\/living-in-portugal\/\">Portekiz'de Ya\u015famaya Dair Ta\u015f\u0131nmadan \u00d6nce Bilinmesi Gereken 21 S\u0131r<\/a><\/li>\n<li> <a href=\"https:\/\/moverdb.com\/tr\/tasinma-si%cc%87rketleri%cc%87\/moving-companies-portugal\/\">Portekiz'deki En \u0130yi 10 Uluslararas\u0131 Nakliye \u015eirketi<\/a><\/li>\n<li> <a href=\"https:\/\/moverdb.com\/tr\/konteyner-tasimaciligi\/portekiz\/\">2024 Portekiz'e ve Portekiz'den Deniz Ta\u015f\u0131mac\u0131l\u0131\u011f\u0131 Konteyner Nakliye Fiyatlar\u0131<\/a><\/li>\n<\/ul>","protected":false},"excerpt":{"rendered":"<p>If you are considering making the move from the United Kingdom to Portugal, this guide will tell you everything you need to know &#8211; from visa requirements to cost of living differences; healthcare top tips to rules about moving country with your pets &#8211; helping you to feel empowered when the time comes to make [&hellip;]<\/p>\n","protected":false},"author":5,"featured_media":14559,"parent":4795,"menu_order":0,"comment_status":"closed","ping_status":"closed","template":"","meta":{"_genesis_hide_title":false,"_genesis_hide_breadcrumbs":false,"_genesis_hide_singular_image":false,"_genesis_hide_footer_widgets":false,"_genesis_custom_body_class":"","_genesis_custom_post_class":"","_genesis_layout":"","footnotes":""},"class_list":{"0":"post-14971","1":"page","2":"type-page","3":"status-publish","4":"has-post-thumbnail","6":"entry"},"_links":{"self":[{"href":"https:\/\/moverdb.com\/tr\/wp-json\/wp\/v2\/pages\/14971","targetHints":{"allow":["GET"]}}],"collection":[{"href":"https:\/\/moverdb.com\/tr\/wp-json\/wp\/v2\/pages"}],"about":[{"href":"https:\/\/moverdb.com\/tr\/wp-json\/wp\/v2\/types\/page"}],"author":[{"embeddable":true,"href":"https:\/\/moverdb.com\/tr\/wp-json\/wp\/v2\/users\/5"}],"replies":[{"embeddable":true,"href":"https:\/\/moverdb.com\/tr\/wp-json\/wp\/v2\/comments?post=14971"}],"version-history":[{"count":8,"href":"https:\/\/moverdb.com\/tr\/wp-json\/wp\/v2\/pages\/14971\/revisions"}],"predecessor-version":[{"id":16330,"href":"https:\/\/moverdb.com\/tr\/wp-json\/wp\/v2\/pages\/14971\/revisions\/16330"}],"up":[{"embeddable":true,"href":"https:\/\/moverdb.com\/tr\/wp-json\/wp\/v2\/pages\/4795"}],"wp:featuredmedia":[{"embeddable":true,"href":"https:\/\/moverdb.com\/tr\/wp-json\/wp\/v2\/media\/14559"}],"wp:attachment":[{"href":"https:\/\/moverdb.com\/tr\/wp-json\/wp\/v2\/media?parent=14971"}],"curies":[{"name":"wp","href":"https:\/\/api.w.org\/{rel}","templated":true}]}}