{"id":11617,"date":"2023-11-29T10:32:37","date_gmt":"2023-11-29T10:32:37","guid":{"rendered":"https:\/\/moverdb.com\/?page_id=11617"},"modified":"2026-01-08T15:24:23","modified_gmt":"2026-01-08T15:24:23","slug":"moving-companies-us-minnesota","status":"publish","type":"page","link":"https:\/\/moverdb.com\/tr\/moving-companies\/moving-companies-us-minnesota\/","title":{"rendered":"Minnesota'daki En \u0130yi 3 Uluslararas\u0131 Nakliye \u015eirketi"},"content":{"rendered":"<p>Ta\u015f\u0131nmak b\u00fcy\u00fck bir kar\u0131\u015f\u0131kl\u0131k olabilir ve ayarlanmas\u0131 gereken \u00e7ok \u015fey vard\u0131r, \u00f6yleyse neden bir ev sahibine izin vererek \u00fczerinizdeki bask\u0131y\u0131 biraz olsun azaltm\u0131yorsunuz? <a href=\"https:\/\/moverdb.com\/tr\/moving-companies\/\" data-internallinksmanager029f6b8e52c=\"79\" title=\"\u00c7evrimi\u00e7i En \u0130yi 25 Uluslararas\u0131 Nakliye \u015eirketi\">ta\u015finma \u015fi\u0307rketi\u0307<\/a> E\u015fyalar\u0131n\u0131zla ilgilenmek mi? Ta\u015f\u0131nman\u0131z\u0131n lojisti\u011fini organize edebilir, paketleme yapabilir ve gerekirse g\u00fcmr\u00fck i\u015fleriyle ilgilenebilirler. A\u015fa\u011f\u0131da a\u015fa\u011f\u0131dakilerin bir listesini derledik <a href=\"https:\/\/moverdb.com\/tr\/moving-to-the-united-states\/moving-to-minnesota\/\" data-internallinksmanager029f6b8e52c=\"443\" title=\"Minnesota&#039;ya Ta\u015f\u0131nmak m\u0131? 2026 Ya\u015fam Maliyetleri ve Yer De\u011fi\u015ftirme \u0130pu\u00e7lar\u0131\">Minnesota<\/a> temelli <a href=\"https:\/\/moverdb.com\/tr\/international-removals\/\" data-internallinksmanager029f6b8e52c=\"27\" title=\"36 \u0130ngiltere&#039;deki En \u0130yi Uluslararas\u0131 Nakliye \u015eirketleri\">nakli\u0307ye \u015fi\u0307rketleri\u0307<\/a> \u00fcyesi olan <a href=\"https:\/\/moverdb.com\/tr\/iam\/\" data-internallinksmanager029f6b8e52c=\"23\" title=\"Uluslararas\u0131 Ta\u015f\u0131mac\u0131lar Birli\u011fi (IAM) A\u00e7\u0131klamas\u0131\">Uluslararas\u0131 Ta\u015f\u0131mac\u0131lar Birli\u011fi<\/a> (IAM) ve\/veya <a href=\"https:\/\/moverdb.com\/tr\/fidi-faim\/\" data-internallinksmanager029f6b8e52c=\"16\" title=\"FIDI &amp; FAIM (FIDI Akredite Uluslararas\u0131 Ta\u015f\u0131mac\u0131) A\u00e7\u0131klamas\u0131\">FIDI<\/a> Ta\u015f\u0131nman\u0131zda size yard\u0131mc\u0131 olabilecek Akredite Uluslararas\u0131 Ta\u015f\u0131y\u0131c\u0131 (FAIM).<\/p>\n<h2><strong>1. Action Ta\u015f\u0131nma Hizmetleri<\/strong><\/h2>\n<p><img loading=\"lazy\" decoding=\"async\" class=\"alignnone size-full wp-image-11242\" src=\"https:\/\/moverdb.com\/wp-content\/uploads\/Action-Moving-Services-international-moving-company.png\" alt=\"Action Moving Services uluslararas\u0131 nakliye \u015firketi\" width=\"1440\" height=\"678\" data-wp-pid=\"11242\" srcset=\"https:\/\/moverdb.com\/wp-content\/uploads\/Action-Moving-Services-international-moving-company.png 1440w, https:\/\/moverdb.com\/wp-content\/uploads\/Action-Moving-Services-international-moving-company-300x141.png 300w, https:\/\/moverdb.com\/wp-content\/uploads\/Action-Moving-Services-international-moving-company-1024x482.png 1024w, https:\/\/moverdb.com\/wp-content\/uploads\/Action-Moving-Services-international-moving-company-18x8.png 18w, https:\/\/moverdb.com\/wp-content\/uploads\/Action-Moving-Services-international-moving-company-600x283.png 600w\" sizes=\"auto, (max-width: 1440px) 100vw, 1440px\" \/><\/p>\n<ul>\n<li>Yerel ve uzun mesafeli ta\u015f\u0131nmalar<\/li>\n<li>Uluslararas\u0131 ta\u015f\u0131nmalar<\/li>\n<li>Ev ta\u015f\u0131ma<\/li>\n<li>Ofis ve end\u00fcstriyel ta\u015f\u0131nmalar<\/li>\n<li>Kurumsal ta\u015f\u0131nmalar<\/li>\n<li>U\u00e7tan uca \u00e7\u00f6z\u00fcmler<\/li>\n<li>Paketleme hizmeti<\/li>\n<li>G\u00fcmr\u00fck deste\u011fi<\/li>\n<li>Sanat eseri i\u015fleme<\/li>\n<li>Depolama hizmetleri<\/li>\n<\/ul>\n<p>Action Moving Services, G\u00fcney Burnsville merkezli yerel ve uluslararas\u0131 bir ta\u015f\u0131ma \u015firketidir. Atlas Van Lines'\u0131n eyaletler aras\u0131 acentesidir ve bu da onlara birlikte \u00e7al\u0131\u015fabilecekleri ulusal ve uluslararas\u0131 bir ta\u015f\u0131ma acenteleri a\u011f\u0131 sa\u011flar. \u015eirket, 42 y\u0131ll\u0131k deneyime sahip bir IAM \u00fcyesidir.<\/p>\n<p>Action Moving Services, ta\u015f\u0131nman\u0131z\u0131n t\u00fcm y\u00f6nleriyle ilgilenecek u\u00e7tan uca ta\u015f\u0131nma ve yer de\u011fi\u015ftirme hizmetleri sunar. Sunduklar\u0131 hizmetler aras\u0131nda e\u015fyalar\u0131n\u0131z\u0131n g\u00fcvenli bir \u015fekilde ta\u015f\u0131nmak \u00fczere paketlenmesi ve var\u0131\u015f noktan\u0131za ula\u015ft\u0131\u011f\u0131n\u0131zda paketlerinin a\u00e7\u0131lmas\u0131 yer almaktad\u0131r. E\u015fyalar\u0131n\u0131z i\u00e7in nakliye ayarlayacak ve g\u00fcmr\u00fck konusunda destek sa\u011flayacaklard\u0131r.<\/p>\n<p>Web sitesi: <a href=\"http:\/\/actionmoving.com\/\" target=\"_blank\" rel=\"noopener\">http:\/\/actionmoving.com\/<\/a><\/p>\n<h2><strong>2. Beltmann Ta\u015f\u0131nma &amp; Depolama<\/strong><\/h2>\n<p><img loading=\"lazy\" decoding=\"async\" class=\"alignnone size-full wp-image-11269\" src=\"https:\/\/moverdb.com\/wp-content\/uploads\/Beltmann-Relocation-Group-international-moving-company.png\" alt=\"Beltmann Relocation Group uluslararas\u0131 ta\u015f\u0131ma \u015firketi\" width=\"1440\" height=\"682\" data-wp-pid=\"11269\" srcset=\"https:\/\/moverdb.com\/wp-content\/uploads\/Beltmann-Relocation-Group-international-moving-company.png 1440w, https:\/\/moverdb.com\/wp-content\/uploads\/Beltmann-Relocation-Group-international-moving-company-300x142.png 300w, https:\/\/moverdb.com\/wp-content\/uploads\/Beltmann-Relocation-Group-international-moving-company-1024x485.png 1024w, https:\/\/moverdb.com\/wp-content\/uploads\/Beltmann-Relocation-Group-international-moving-company-18x9.png 18w, https:\/\/moverdb.com\/wp-content\/uploads\/Beltmann-Relocation-Group-international-moving-company-600x284.png 600w\" sizes=\"auto, (max-width: 1440px) 100vw, 1440px\" \/><\/p>\n<ul>\n<li>Yerel ve ulusal hamleler<\/li>\n<li>Uluslararas\u0131 ta\u015f\u0131nmalar<\/li>\n<li>Konut Ta\u015f\u0131malar\u0131<\/li>\n<li>Ofis ta\u015f\u0131ma<\/li>\n<li>Kurumsal ta\u015f\u0131nmalar<\/li>\n<li>Hareket koordinat\u00f6r\u00fc<\/li>\n<li>Paketleme hizmeti<\/li>\n<li>Ta\u015f\u0131man\u0131n d\u00fczenlenmesi<\/li>\n<li>G\u00fcmr\u00fck i\u015flemleri<\/li>\n<li>G\u00fcvenli k\u0131sa ve uzun s\u00fcreli depolama<\/li>\n<\/ul>\n<p>Beltmann Moving &amp; Storage, 1923'ten beri faaliyet g\u00f6steren ve T\u00fcrkiye genelinde 11 lokasyonu bulunan bir ta\u015f\u0131ma \u015firketidir. <a href=\"https:\/\/moverdb.com\/tr\/moving-to-the-united-states\/\" data-internallinksmanager029f6b8e52c=\"94\" title=\"Amerika Birle\u015fik Devletleri&#039;ne mi ta\u015f\u0131n\u0131yorsunuz? 2026 Ya\u015fam Maliyetleri ve Yer De\u011fi\u015ftirme \u0130pu\u00e7lar\u0131\">ABD<\/a> Roseville dahil. North American Van Lines'\u0131n bir acentesidirler ve bu da onlara k\u00fcresel bir ta\u015f\u0131ma ve depolama \u015firketleri a\u011f\u0131na eri\u015fim sa\u011flar. Onlar 25 y\u0131ll\u0131k deneyime sahip bir IAM \u00fcyesidir.<\/p>\n<p>Beltmann Moving &amp; Storage, \u00fccretsiz bir ta\u015f\u0131nma tahmini planlayarak ba\u015flayarak ta\u015f\u0131nman\u0131z\u0131 kolayla\u015ft\u0131rmaya yard\u0131mc\u0131 olacakt\u0131r. Size destek olmak i\u00e7in bir ta\u015f\u0131nma koordinat\u00f6r\u00fc sa\u011flarlar ve hizmetlerini ihtiya\u00e7lar\u0131n\u0131z\u0131 kar\u015f\u0131layacak \u015fekilde \u00f6zelle\u015ftirirler. Mobilyalar\u0131n s\u00f6k\u00fcl\u00fcp tak\u0131lmas\u0131n\u0131 ve var\u0131\u015fta ambalajlar\u0131n\u0131n a\u00e7\u0131lmas\u0131n\u0131 i\u00e7eren bir paketleme hizmeti sunarlar.<\/p>\n<p>Web sitesi: <a href=\"http:\/\/www.beltmann.com\" target=\"_blank\" rel=\"noopener\">http:\/\/www.beltmann.com<\/a><\/p>\n<h2><strong>3. Berger Ta\u015f\u0131nma &amp; Depolama<\/strong><\/h2>\n<p><img loading=\"lazy\" decoding=\"async\" class=\"alignnone size-full wp-image-11270\" src=\"https:\/\/moverdb.com\/wp-content\/uploads\/Berger-Moving-Storage-international-moving-company.png\" alt=\"Berger Moving &amp; Storage uluslararas\u0131 ta\u015f\u0131ma \u015firketi\" width=\"1440\" height=\"677\" data-wp-pid=\"11270\" srcset=\"https:\/\/moverdb.com\/wp-content\/uploads\/Berger-Moving-Storage-international-moving-company.png 1440w, https:\/\/moverdb.com\/wp-content\/uploads\/Berger-Moving-Storage-international-moving-company-300x141.png 300w, https:\/\/moverdb.com\/wp-content\/uploads\/Berger-Moving-Storage-international-moving-company-1024x481.png 1024w, https:\/\/moverdb.com\/wp-content\/uploads\/Berger-Moving-Storage-international-moving-company-18x8.png 18w, https:\/\/moverdb.com\/wp-content\/uploads\/Berger-Moving-Storage-international-moving-company-600x282.png 600w\" sizes=\"auto, (max-width: 1440px) 100vw, 1440px\" \/><\/p>\n<ul>\n<li>Yerel ve uzun mesafeli ta\u015f\u0131nmalar<\/li>\n<li>Uluslararas\u0131 ta\u015f\u0131nmalar<\/li>\n<li>Ev ta\u015f\u0131ma<\/li>\n<li>Ticari hamleler<\/li>\n<li>Yer de\u011fi\u015ftirme koordinat\u00f6r\u00fc<\/li>\n<li>Paketleme hizmeti<\/li>\n<li>E\u015fya envanteri<\/li>\n<li>Ta\u015f\u0131man\u0131n d\u00fczenlenmesi<\/li>\n<li>G\u00fcmr\u00fck i\u015flemleri<\/li>\n<li>K\u0131sa s\u00fcreli depolama<\/li>\n<\/ul>\n<p>Berger Moving &amp; Storage, 1910 y\u0131l\u0131nda kurulmu\u015f ve Saint Paul merkezli, \u00fclke \u00e7ap\u0131nda 16 lokasyondan olu\u015fan bir a\u011fa sahip bir nakliye hizmeti \u015firketidir. Uluslararas\u0131 bir ta\u015f\u0131ma acenteleri a\u011f\u0131 olan Allied Van Lines i\u00e7in bir acentedir. IAM'nin 113 y\u0131ll\u0131k tecr\u00fcbeye sahip bir \u00fcyesidir.<\/p>\n<p>Berger Moving &amp; Storage, uluslararas\u0131 bir ta\u015f\u0131nma dan\u0131\u015fman\u0131 ile \u00fccretsiz bir ev i\u00e7i veya sanal ta\u015f\u0131nma tahmini sunar. Bir ta\u015f\u0131nma koordinat\u00f6r\u00fc s\u00fcre\u00e7 boyunca size rehberlik edecek ve hangi evraklar\u0131n gerekli oldu\u011funu belirleyecektir. Paketleme hizmetleri, e\u015fyalar\u0131n\u0131z\u0131 korumak i\u00e7in uluslararas\u0131 paketleme y\u00f6ntemleri ve malzemeleri kullan\u0131r ve bir envanter olu\u015fturur.<\/p>\n<p>Web sitesi: <a href=\"https:\/\/www.bergerallied.com\" target=\"_blank\" rel=\"noopener\">https:\/\/www.bergerallied.com<\/a><\/p>","protected":false},"excerpt":{"rendered":"<p>Moving can be a big upheaval and there is a lot to arrange, so why not take some of the pressure off by letting a moving company handle your belongings? They can organise the logistics of your move as well as packing and deal with customs if needed. Below we have compiled a list of [&hellip;]<\/p>\n","protected":false},"author":4,"featured_media":11242,"parent":190,"menu_order":0,"comment_status":"closed","ping_status":"closed","template":"","meta":{"_genesis_hide_title":false,"_genesis_hide_breadcrumbs":false,"_genesis_hide_singular_image":false,"_genesis_hide_footer_widgets":false,"_genesis_custom_body_class":"","_genesis_custom_post_class":"","_genesis_layout":"","footnotes":""},"class_list":{"0":"post-11617","1":"page","2":"type-page","3":"status-publish","4":"has-post-thumbnail","6":"entry"},"_links":{"self":[{"href":"https:\/\/moverdb.com\/tr\/wp-json\/wp\/v2\/pages\/11617","targetHints":{"allow":["GET"]}}],"collection":[{"href":"https:\/\/moverdb.com\/tr\/wp-json\/wp\/v2\/pages"}],"about":[{"href":"https:\/\/moverdb.com\/tr\/wp-json\/wp\/v2\/types\/page"}],"author":[{"embeddable":true,"href":"https:\/\/moverdb.com\/tr\/wp-json\/wp\/v2\/users\/4"}],"replies":[{"embeddable":true,"href":"https:\/\/moverdb.com\/tr\/wp-json\/wp\/v2\/comments?post=11617"}],"version-history":[{"count":1,"href":"https:\/\/moverdb.com\/tr\/wp-json\/wp\/v2\/pages\/11617\/revisions"}],"predecessor-version":[{"id":11618,"href":"https:\/\/moverdb.com\/tr\/wp-json\/wp\/v2\/pages\/11617\/revisions\/11618"}],"up":[{"embeddable":true,"href":"https:\/\/moverdb.com\/tr\/wp-json\/wp\/v2\/pages\/190"}],"wp:featuredmedia":[{"embeddable":true,"href":"https:\/\/moverdb.com\/tr\/wp-json\/wp\/v2\/media\/11242"}],"wp:attachment":[{"href":"https:\/\/moverdb.com\/tr\/wp-json\/wp\/v2\/media?parent=11617"}],"curies":[{"name":"wp","href":"https:\/\/api.w.org\/{rel}","templated":true}]}}