{"id":11560,"date":"2023-11-29T10:28:15","date_gmt":"2023-11-29T10:28:15","guid":{"rendered":"https:\/\/moverdb.com\/?page_id=11560"},"modified":"2026-01-08T15:24:13","modified_gmt":"2026-01-08T15:24:13","slug":"moving-companies-in-el-paso-usa","status":"publish","type":"page","link":"https:\/\/moverdb.com\/tr\/moving-companies\/moving-companies-in-el-paso-usa\/","title":{"rendered":"El Paso'daki En \u0130yi 3 Uluslararas\u0131 Nakliye \u015eirketi"},"content":{"rendered":"<p>El Paso'ya veya El Paso'dan ta\u015f\u0131nmay\u0131 m\u0131 planl\u0131yorsunuz? O zaman bir nakliyecinin yard\u0131m\u0131n\u0131 <a href=\"https:\/\/moverdb.com\/tr\/moving-companies\/\" data-internallinksmanager029f6b8e52c=\"79\" title=\"\u00c7evrimi\u00e7i En \u0130yi 25 Uluslararas\u0131 Nakliye \u015eirketi\">ta\u015finma \u015fi\u0307rketi\u0307<\/a> Uluslararas\u0131 ta\u015f\u0131nmalar i\u00e7in paketleme, nakliye ve g\u00fcmr\u00fck i\u015flemlerini ayarlamak stresi azaltabilir. A\u015fa\u011f\u0131da El Paso merkezli uluslararas\u0131 <a href=\"https:\/\/moverdb.com\/tr\/international-removals\/\" data-internallinksmanager029f6b8e52c=\"27\" title=\"36 \u0130ngiltere&#039;deki En \u0130yi Uluslararas\u0131 Nakliye \u015eirketleri\">nakli\u0307ye \u015fi\u0307rketleri\u0307<\/a> \u00fcyesi olan <a href=\"https:\/\/moverdb.com\/tr\/iam\/\" data-internallinksmanager029f6b8e52c=\"23\" title=\"Uluslararas\u0131 Ta\u015f\u0131mac\u0131lar Birli\u011fi (IAM) A\u00e7\u0131klamas\u0131\">Uluslararas\u0131 Ta\u015f\u0131mac\u0131lar Birli\u011fi<\/a> (IAM) ve\/veya <a href=\"https:\/\/moverdb.com\/tr\/fidi-faim\/\" data-internallinksmanager029f6b8e52c=\"16\" title=\"FIDI &amp; FAIM (FIDI Akredite Uluslararas\u0131 Ta\u015f\u0131mac\u0131) A\u00e7\u0131klamas\u0131\">FIDI<\/a> Ta\u015f\u0131nman\u0131zda size yard\u0131mc\u0131 olabilecek Akredite Uluslararas\u0131 Ta\u015f\u0131y\u0131c\u0131 (FAIM).<\/p>\n<h2><strong>1. Deseret Uluslararas\u0131 Ta\u015f\u0131mac\u0131l\u0131k<\/strong><\/h2>\n<p><img loading=\"lazy\" decoding=\"async\" class=\"alignnone size-full wp-image-11305\" src=\"https:\/\/moverdb.com\/wp-content\/uploads\/Deseret-International-Forwarding-moving-company.png\" alt=\"Deseret International Forwarding ta\u015f\u0131ma \u015firketi\" width=\"1440\" height=\"676\" data-wp-pid=\"11305\" srcset=\"https:\/\/moverdb.com\/wp-content\/uploads\/Deseret-International-Forwarding-moving-company.png 1440w, https:\/\/moverdb.com\/wp-content\/uploads\/Deseret-International-Forwarding-moving-company-300x141.png 300w, https:\/\/moverdb.com\/wp-content\/uploads\/Deseret-International-Forwarding-moving-company-1024x481.png 1024w, https:\/\/moverdb.com\/wp-content\/uploads\/Deseret-International-Forwarding-moving-company-18x8.png 18w, https:\/\/moverdb.com\/wp-content\/uploads\/Deseret-International-Forwarding-moving-company-600x282.png 600w\" sizes=\"auto, (max-width: 1440px) 100vw, 1440px\" \/><\/p>\n<ul>\n<li>Uluslararas\u0131 ta\u015f\u0131nmalar<\/li>\n<li>Ev ta\u015f\u0131ma<\/li>\n<li>Kurumsal hamleler<\/li>\n<li>Kap\u0131dan kap\u0131ya veya <a href=\"https:\/\/moverdb.com\/tr\/top-49-container-ports\/\" data-internallinksmanager029f6b8e52c=\"80\" title=\"2025 Y\u0131l\u0131nda En B\u00fcy\u00fck ve En Yo\u011fun 49 Konteyner Liman\u0131\">Liman<\/a>-kap\u0131dan kap\u0131ya servis<\/li>\n<li>Ki\u015fisel Ta\u015f\u0131nma Koordinat\u00f6r\u00fc<\/li>\n<li>Paketleme hizmeti<\/li>\n<li>Hava, deniz ve kara ta\u015f\u0131mac\u0131l\u0131\u011f\u0131<\/li>\n<li>Online g\u00f6nderi takibi<\/li>\n<li>T\u00fcm riskler i\u00e7in sigorta<\/li>\n<li>G\u00fcvenli depolama<\/li>\n<\/ul>\n<p>Deseret International Forwarding, ev e\u015fyalar\u0131n\u0131n uluslararas\u0131 nakliyesine odaklanm\u0131\u015ft\u0131r ve merkezi El Paso'dad\u0131r. Uluslararas\u0131 ta\u015f\u0131ma hizmetleri sunmak i\u00e7in di\u011fer ta\u015f\u0131ma acenteleriyle g\u00fcvenilir bir k\u00fcresel ili\u015fkiler a\u011f\u0131na sahiptirler. IAM'nin 31 y\u0131ll\u0131k deneyime sahip bir \u00fcyesidirler.<\/p>\n<p>Deseret International Forwarding'in Ki\u015fisel Ta\u015f\u0131nma Koordinat\u00f6rleri ta\u015f\u0131nma boyunca size destek olacak ve yeni evinize ta\u015f\u0131nman\u0131n en iyi yolunu se\u00e7menize yard\u0131mc\u0131 olacakt\u0131r. E\u015fyalar\u0131n\u0131z\u0131n paketlenmesini de i\u00e7eren kap\u0131dan kap\u0131ya hizmet veya limandan kap\u0131ya hizmet sunarlar. E\u015fyalar\u0131n\u0131z\u0131n hava, deniz veya kara yoluyla g\u00fcvenli bir \u015fekilde ta\u015f\u0131nmas\u0131n\u0131 sa\u011flarlar.<\/p>\n<p>Web sitesi: <a href=\"http:\/\/www.deseret-intl.com\/\" target=\"_blank\" rel=\"noopener\">http:\/\/www.deseret-intl.com\/<\/a><\/p>\n<h2><strong>2. ITO<\/strong><\/h2>\n<p><img loading=\"lazy\" decoding=\"async\" class=\"alignnone size-full wp-image-11355\" src=\"https:\/\/moverdb.com\/wp-content\/uploads\/ITO-El-Paso-international-moving-company.png\" alt=\"ITO El Paso uluslararas\u0131 nakliye \u015firketi\" width=\"1440\" height=\"683\" data-wp-pid=\"11355\" srcset=\"https:\/\/moverdb.com\/wp-content\/uploads\/ITO-El-Paso-international-moving-company.png 1440w, https:\/\/moverdb.com\/wp-content\/uploads\/ITO-El-Paso-international-moving-company-300x142.png 300w, https:\/\/moverdb.com\/wp-content\/uploads\/ITO-El-Paso-international-moving-company-1024x486.png 1024w, https:\/\/moverdb.com\/wp-content\/uploads\/ITO-El-Paso-international-moving-company-18x9.png 18w, https:\/\/moverdb.com\/wp-content\/uploads\/ITO-El-Paso-international-moving-company-600x285.png 600w\" sizes=\"auto, (max-width: 1440px) 100vw, 1440px\" \/><\/p>\n<ul>\n<li>Ulusal hamleler<\/li>\n<li>Uluslararas\u0131 ta\u015f\u0131nmalar<\/li>\n<li>Hane halk\u0131 ta\u015f\u0131nmalar\u0131<\/li>\n<li>Ofis ta\u015f\u0131nmalar\u0131<\/li>\n<li>\u0130lk dan\u0131\u015fma g\u00f6r\u00fc\u015fmesi<\/li>\n<li>Paketleme hizmeti<\/li>\n<li>Ula\u015f\u0131m d\u00fczenlemeleri<\/li>\n<li>G\u00fcmr\u00fck i\u015flemleri<\/li>\n<li>Zanaatkar hizmetleri<\/li>\n<li>G\u00fcvenli depolama<\/li>\n<\/ul>\n<p>ITO, T\u00fcrkiye'de \u015fubeleri bulunan uluslararas\u0131 bir ta\u015f\u0131ma \u015firketidir. <a href=\"https:\/\/moverdb.com\/tr\/moving-to-the-united-states\/\" data-internallinksmanager029f6b8e52c=\"94\" title=\"Amerika Birle\u015fik Devletleri&#039;ne mi ta\u015f\u0131n\u0131yorsunuz? 2026 Ya\u015fam Maliyetleri ve Yer De\u011fi\u015ftirme \u0130pu\u00e7lar\u0131\">ABD<\/a>, <a href=\"https:\/\/moverdb.com\/tr\/moving-to-germany\/\" data-internallinksmanager029f6b8e52c=\"321\" title=\"Almanya&#039;ya m\u0131 ta\u015f\u0131n\u0131yorsunuz? 2026 Ya\u015fam Maliyetleri &amp; Yer De\u011fi\u015ftirme \u0130pu\u00e7lar\u0131\">Almanya<\/a> ve Afrika'da faaliyet g\u00f6stermektedir. ABD ofisleri El Paso, Wichita Falls ve Norfolk'tad\u0131r. Kendi \u015fubelerini ve uluslararas\u0131 ortak a\u011f\u0131n\u0131 kullanarak uluslararas\u0131 alanda \u00e7al\u0131\u015fmaktad\u0131rlar. IAM \u00fcyesidirler ve 47 y\u0131ll\u0131k deneyime sahiptirler.<\/p>\n<p>ITO, haz\u0131rl\u0131kl\u0131 olman\u0131z i\u00e7in ilk dan\u0131\u015fmanl\u0131k ve tavsiye hizmeti sunmaktad\u0131r. E\u015fyalar\u0131n\u0131z\u0131 korumak i\u00e7in standart ve \u00f6zel ambalajlar\u0131n yan\u0131 s\u0131ra mobilyalar\u0131n s\u00f6k\u00fcl\u00fcp tak\u0131lmas\u0131n\u0131 da sa\u011flarlar. Gerekirse usta hizmetleri de sunabilirler. Baz\u0131 b\u00f6lgeler i\u00e7in toplu konteynerler de dahil olmak \u00fczere bir dizi nakliye se\u00e7ene\u011fi sunarlar.<\/p>\n<p>Web sitesi: <a href=\"https:\/\/www.ito-movers.de\/?lang=en\" target=\"_blank\" rel=\"noopener\">https:\/\/www.ito-movers.de\/?lang=en<\/a><\/p>\n<h2><strong>3. TIS D\u00fcnya \u00c7ap\u0131nda<\/strong><\/h2>\n<p><img loading=\"lazy\" decoding=\"async\" class=\"alignnone size-full wp-image-11456\" src=\"https:\/\/moverdb.com\/wp-content\/uploads\/TIS-Worldwide-international-moving-company.png\" alt=\"TIS Worldwide uluslararas\u0131 ta\u015f\u0131ma \u015firketi\" width=\"1440\" height=\"682\" data-wp-pid=\"11456\" srcset=\"https:\/\/moverdb.com\/wp-content\/uploads\/TIS-Worldwide-international-moving-company.png 1440w, https:\/\/moverdb.com\/wp-content\/uploads\/TIS-Worldwide-international-moving-company-300x142.png 300w, https:\/\/moverdb.com\/wp-content\/uploads\/TIS-Worldwide-international-moving-company-1024x485.png 1024w, https:\/\/moverdb.com\/wp-content\/uploads\/TIS-Worldwide-international-moving-company-18x9.png 18w, https:\/\/moverdb.com\/wp-content\/uploads\/TIS-Worldwide-international-moving-company-600x284.png 600w\" sizes=\"auto, (max-width: 1440px) 100vw, 1440px\" \/><\/p>\n<ul>\n<li>Nakliye hizmetleri<\/li>\n<li>Uluslararas\u0131 ta\u015f\u0131mac\u0131l\u0131k<\/li>\n<li>Y\u00f6netilen lojistik<\/li>\n<li>Ki\u015fiye \u00f6zel hizmet<\/li>\n<li>Kap\u0131dan kap\u0131ya hizmet<\/li>\n<li>Limandan limana hizmet<\/li>\n<li>Kamyon, demiryolu, karayolu ve okyanus ta\u015f\u0131mac\u0131l\u0131\u011f\u0131<\/li>\n<li>Tam ve tamdan az y\u00fckler<\/li>\n<li>Kargo takibi<\/li>\n<li>Depolama tesisleri<\/li>\n<\/ul>\n<p>TIS Worldwide, 1976 y\u0131l\u0131nda kurulmu\u015f ve merkezi El Paso'da bulunan birinci s\u0131n\u0131f bir lojistik hizmet sa\u011flay\u0131c\u0131s\u0131d\u0131r. Uluslararas\u0131 hizmetler sunmalar\u0131na yard\u0131mc\u0131 olmak i\u00e7in d\u00fcnyan\u0131n \u00e7o\u011fu \u00fclkesinde d\u00fcnya \u00e7ap\u0131nda bir acente a\u011f\u0131na sahiptirler. TIS Worldwide 47 y\u0131ll\u0131k tecr\u00fcbesiyle IAM \u00fcyesidir.<\/p>\n<p>TIS Worldwide ki\u015fiselle\u015ftirilmi\u015f bir hizmet sunar ve en rekabet\u00e7i maliyetleri ve kaliteli hizmeti almak i\u00e7in g\u00f6nderiniz i\u00e7in en iyi nakliye se\u00e7eneklerini ara\u015ft\u0131r\u0131r. Dolu ve az dolu konteyner y\u00fcklerinin yan\u0131 s\u0131ra proje kargolar\u0131 i\u00e7in kap\u0131dan kap\u0131ya ve limandan limana hizmetler de dahil olmak \u00fczere bir dizi ta\u015f\u0131ma se\u00e7ene\u011fi sunarlar.<\/p>\n<p>Web sitesi: <a href=\"https:\/\/www.tis-shipping.com\/\" target=\"_blank\" rel=\"noopener\">https:\/\/www.tis-shipping.com\/<\/a><\/p>","protected":false},"excerpt":{"rendered":"<p>Are you planning on moving within, to or from El Paso? Then enlisting the help of a moving company to pack, arrange transport and handle customs for international moves can reduce the stress. Below we have compiled a list of El Paso based removal companies that are members of the International Association of Movers (IAM) [&hellip;]<\/p>\n","protected":false},"author":4,"featured_media":11305,"parent":190,"menu_order":0,"comment_status":"closed","ping_status":"closed","template":"","meta":{"_genesis_hide_title":false,"_genesis_hide_breadcrumbs":false,"_genesis_hide_singular_image":false,"_genesis_hide_footer_widgets":false,"_genesis_custom_body_class":"","_genesis_custom_post_class":"","_genesis_layout":"","footnotes":""},"class_list":{"0":"post-11560","1":"page","2":"type-page","3":"status-publish","4":"has-post-thumbnail","6":"entry"},"_links":{"self":[{"href":"https:\/\/moverdb.com\/tr\/wp-json\/wp\/v2\/pages\/11560","targetHints":{"allow":["GET"]}}],"collection":[{"href":"https:\/\/moverdb.com\/tr\/wp-json\/wp\/v2\/pages"}],"about":[{"href":"https:\/\/moverdb.com\/tr\/wp-json\/wp\/v2\/types\/page"}],"author":[{"embeddable":true,"href":"https:\/\/moverdb.com\/tr\/wp-json\/wp\/v2\/users\/4"}],"replies":[{"embeddable":true,"href":"https:\/\/moverdb.com\/tr\/wp-json\/wp\/v2\/comments?post=11560"}],"version-history":[{"count":1,"href":"https:\/\/moverdb.com\/tr\/wp-json\/wp\/v2\/pages\/11560\/revisions"}],"predecessor-version":[{"id":11561,"href":"https:\/\/moverdb.com\/tr\/wp-json\/wp\/v2\/pages\/11560\/revisions\/11561"}],"up":[{"embeddable":true,"href":"https:\/\/moverdb.com\/tr\/wp-json\/wp\/v2\/pages\/190"}],"wp:featuredmedia":[{"embeddable":true,"href":"https:\/\/moverdb.com\/tr\/wp-json\/wp\/v2\/media\/11305"}],"wp:attachment":[{"href":"https:\/\/moverdb.com\/tr\/wp-json\/wp\/v2\/media?parent=11560"}],"curies":[{"name":"wp","href":"https:\/\/api.w.org\/{rel}","templated":true}]}}