{"id":9660,"date":"2024-10-08T14:31:57","date_gmt":"2024-10-08T14:31:57","guid":{"rendered":"https:\/\/moverdb.com\/?page_id=9660"},"modified":"2026-01-08T15:04:13","modified_gmt":"2026-01-08T15:04:13","slug":"living-in-costa-rica","status":"publish","type":"page","link":"https:\/\/moverdb.com\/hu\/moving-to-costa-rica\/living-in-costa-rica\/","title":{"rendered":"21 titkok a Costa Rica-i \u00e9letr\u0151l, hogy tudd, miel\u0151tt elk\u00f6lt\u00f6z\u00f6l"},"content":{"rendered":"<p><img loading=\"lazy\" decoding=\"async\" src=\"https:\/\/moverdb.com\/wp-content\/uploads\/shutterstock_2493913331.jpg\" alt=\"\" width=\"1000\" height=\"563\" class=\"aligncenter size-full wp-image-18298\" srcset=\"https:\/\/moverdb.com\/wp-content\/uploads\/shutterstock_2493913331.jpg 1000w, https:\/\/moverdb.com\/wp-content\/uploads\/shutterstock_2493913331-300x169.jpg 300w, https:\/\/moverdb.com\/wp-content\/uploads\/shutterstock_2493913331-18x10.jpg 18w\" sizes=\"auto, (max-width: 1000px) 100vw, 1000px\" \/><\/p>\n<p>A latin-amerikai v\u00e1ltozatak\u00e9nt ismert <a href=\"https:\/\/moverdb.com\/hu\/moving-to-switzerland\/\" data-internallinksmanager029f6b8e52c=\"327\" title=\"Sv\u00e1jcba k\u00f6lt\u00f6zik? 2023 Meg\u00e9lhet\u00e9si k\u00f6lts\u00e9gek \u00e9s k\u00f6lt\u00f6z\u00e9si tippek\">Sv\u00e1jc<\/a>, <a href=\"https:\/\/moverdb.com\/hu\/moving-to-costa-rica\/\" data-internallinksmanager029f6b8e52c=\"427\" title=\"Costa Ric\u00e1ba k\u00f6lt\u00f6zik? 2023 \u00c9letk\u00f6lts\u00e9gek \u00e9s k\u00f6lt\u00f6z\u00e9si tippek\">Costa Rica<\/a> demokratikus, stabil, t\u00e1mogatja a t\u00e1rsadalmi fejl\u0151d\u00e9st \u00e9s a term\u00e9szet v\u00e9delm\u00e9t, \u00e9s olyan ad\u00f3rendszerrel b\u00fcszk\u00e9lkedhet, amely rendk\u00edv\u00fcl kedvez\u0151 a k\u00fclf\u00f6ldiek sz\u00e1m\u00e1ra.<\/p>\n<p>Costa Ric\u00e1ba k\u00f6lt\u00f6zik, \u00e9s szeretn\u00e9 kihaszn\u00e1lni, amit ez a hihetetlen orsz\u00e1g k\u00edn\u00e1l? Olvasson tov\u00e1bb, hogy t\u00f6bbet tudjon meg a k\u00f6z\u00e9p-amerikai orsz\u00e1gr\u00f3l, a nyelvr\u0151l, a kult\u00far\u00e1r\u00f3l, az \u00e9telekr\u0151l, a Costa Rica-i meg\u00e9lhet\u00e9si k\u00f6lts\u00e9gekr\u0151l, a lakosokr\u00f3l, az elhelyezked\u00e9sr\u0151l \u00e9s m\u00e9g sok m\u00e1sr\u00f3l...<\/p>\n<div id=\"ez-toc-container\" class=\"ez-toc-v2_0_82_2 ez-toc-wrap-left counter-hierarchy ez-toc-counter ez-toc-transparent ez-toc-container-direction\">\n<div class=\"ez-toc-title-container\">\n<p class=\"ez-toc-title\" style=\"cursor:inherit\">Szakaszok<\/p>\n<span class=\"ez-toc-title-toggle\"><a href=\"#\" class=\"ez-toc-pull-right ez-toc-btn ez-toc-btn-xs ez-toc-btn-default ez-toc-toggle\" aria-label=\"Toggle Tartalomjegyz\u00e9k\"><span class=\"ez-toc-js-icon-con\"><span class=\"\"><span class=\"eztoc-hide\" style=\"display:none;\">Toggle<\/span><span class=\"ez-toc-icon-toggle-span\"><svg style=\"fill: #999;color:#999\" xmlns=\"http:\/\/www.w3.org\/2000\/svg\" class=\"list-377408\" width=\"20px\" height=\"20px\" viewbox=\"0 0 24 24\" fill=\"none\"><path d=\"M6 6H4v2h2V6zm14 0H8v2h12V6zM4 11h2v2H4v-2zm16 0H8v2h12v-2zM4 16h2v2H4v-2zm16 0H8v2h12v-2z\" fill=\"currentColor\"><\/path><\/svg><svg style=\"fill: #999;color:#999\" class=\"arrow-unsorted-368013\" xmlns=\"http:\/\/www.w3.org\/2000\/svg\" width=\"10px\" height=\"10px\" viewbox=\"0 0 24 24\" version=\"1.2\" baseprofile=\"tiny\"><path d=\"M18.2 9.3l-6.2-6.3-6.2 6.3c-.2.2-.3.4-.3.7s.1.5.3.7c.2.2.4.3.7.3h11c.3 0 .5-.1.7-.3.2-.2.3-.5.3-.7s-.1-.5-.3-.7zM5.8 14.7l6.2 6.3 6.2-6.3c.2-.2.3-.5.3-.7s-.1-.5-.3-.7c-.2-.2-.4-.3-.7-.3h-11c-.3 0-.5.1-.7.3-.2.2-.3.5-.3.7s.1.5.3.7z\"\/><\/svg><\/span><\/span><\/span><\/a><\/span><\/div>\n<nav><ul class='ez-toc-list ez-toc-list-level-1 eztoc-toggle-hide-by-default' ><li class='ez-toc-page-1 ez-toc-heading-level-2'><a class=\"ez-toc-link ez-toc-heading-1\" href=\"https:\/\/moverdb.com\/hu\/moving-to-costa-rica\/living-in-costa-rica\/#1_Learn_the_language\" >1. Tanulja meg a nyelvet<\/a><\/li><li class='ez-toc-page-1 ez-toc-heading-level-2'><a class=\"ez-toc-link ez-toc-heading-2\" href=\"https:\/\/moverdb.com\/hu\/moving-to-costa-rica\/living-in-costa-rica\/#2_Its_a_tropical_paradise%E2%80%A6\" >2. Ez egy tr\u00f3pusi paradicsom...<\/a><\/li><li class='ez-toc-page-1 ez-toc-heading-level-2'><a class=\"ez-toc-link ez-toc-heading-3\" href=\"https:\/\/moverdb.com\/hu\/moving-to-costa-rica\/living-in-costa-rica\/#3_%E2%80%A6with_over_500000_species_of_wildlife\" >3. ...t\u00f6bb mint 500.000 vadon \u00e9l\u0151 fajjal...<\/a><\/li><li class='ez-toc-page-1 ez-toc-heading-level-2'><a class=\"ez-toc-link ez-toc-heading-4\" href=\"https:\/\/moverdb.com\/hu\/moving-to-costa-rica\/living-in-costa-rica\/#4_Most_of_their_energy_is_generated_using_renewable_sources\" >4. Energi\u00e1juk nagy r\u00e9sz\u00e9t meg\u00fajul\u00f3 forr\u00e1sokb\u00f3l \u00e1ll\u00edtj\u00e1k el\u0151<\/a><\/li><li class='ez-toc-page-1 ez-toc-heading-level-2'><a class=\"ez-toc-link ez-toc-heading-5\" href=\"https:\/\/moverdb.com\/hu\/moving-to-costa-rica\/living-in-costa-rica\/#5_They_have_five_active_volcanoes\" >5. \u00d6t akt\u00edv vulk\u00e1njuk van<\/a><\/li><li class='ez-toc-page-1 ez-toc-heading-level-2'><a class=\"ez-toc-link ez-toc-heading-6\" href=\"https:\/\/moverdb.com\/hu\/moving-to-costa-rica\/living-in-costa-rica\/#6_They_dont_have_an_army\" >6. Nincs hadsereg\u00fck<\/a><\/li><li class='ez-toc-page-1 ez-toc-heading-level-2'><a class=\"ez-toc-link ez-toc-heading-7\" href=\"https:\/\/moverdb.com\/hu\/moving-to-costa-rica\/living-in-costa-rica\/#7_This_is_one_of_the_happiest_countries_in_the_world%E2%80%A6\" >7. Ez a vil\u00e1g egyik legboldogabb orsz\u00e1ga...<\/a><\/li><li class='ez-toc-page-1 ez-toc-heading-level-2'><a class=\"ez-toc-link ez-toc-heading-8\" href=\"https:\/\/moverdb.com\/hu\/moving-to-costa-rica\/living-in-costa-rica\/#8_%E2%80%A6with_a_laid_back_culture_and_Blue_Zone\" >8. ...a laza kult\u00far\u00e1val \u00e9s a K\u00e9k Z\u00f3n\u00e1val...<\/a><\/li><li class='ez-toc-page-1 ez-toc-heading-level-2'><a class=\"ez-toc-link ez-toc-heading-9\" href=\"https:\/\/moverdb.com\/hu\/moving-to-costa-rica\/living-in-costa-rica\/#9_So_what_are_the_costs_of_living_there\" >9. Milyen k\u00f6lts\u00e9gekkel j\u00e1r az ottani \u00e9let?<\/a><\/li><li class='ez-toc-page-1 ez-toc-heading-level-2'><a class=\"ez-toc-link ez-toc-heading-10\" href=\"https:\/\/moverdb.com\/hu\/moving-to-costa-rica\/living-in-costa-rica\/#10_Immigration_requirements\" >10. Bev\u00e1ndorl\u00e1si k\u00f6vetelm\u00e9nyek<\/a><\/li><li class='ez-toc-page-1 ez-toc-heading-level-2'><a class=\"ez-toc-link ez-toc-heading-11\" href=\"https:\/\/moverdb.com\/hu\/moving-to-costa-rica\/living-in-costa-rica\/#11_A_high_quality_of_life_and_top-notch_healthcare\" >11. Magas \u00e9letmin\u0151s\u00e9g \u00e9s els\u0151rang\u00fa eg\u00e9szs\u00e9g\u00fcgyi ell\u00e1t\u00e1s<\/a><\/li><li class='ez-toc-page-1 ez-toc-heading-level-2'><a class=\"ez-toc-link ez-toc-heading-12\" href=\"https:\/\/moverdb.com\/hu\/moving-to-costa-rica\/living-in-costa-rica\/#12_The_education_system\" >12. Az oktat\u00e1si rendszer<\/a><\/li><li class='ez-toc-page-1 ez-toc-heading-level-2'><a class=\"ez-toc-link ez-toc-heading-13\" href=\"https:\/\/moverdb.com\/hu\/moving-to-costa-rica\/living-in-costa-rica\/#13_Traveling_in_Costa_Rica\" >13. Utaz\u00e1s Costa Ric\u00e1ban<\/a><\/li><li class='ez-toc-page-1 ez-toc-heading-level-2'><a class=\"ez-toc-link ez-toc-heading-14\" href=\"https:\/\/moverdb.com\/hu\/moving-to-costa-rica\/living-in-costa-rica\/#14_Employment_opportunities_for_expats_in_Costa_Rica\" >14. Munkalehet\u0151s\u00e9gek a Costa Rica-i k\u00fclf\u00f6ldiek sz\u00e1m\u00e1ra<\/a><\/li><li class='ez-toc-page-1 ez-toc-heading-level-2'><a class=\"ez-toc-link ez-toc-heading-15\" href=\"https:\/\/moverdb.com\/hu\/moving-to-costa-rica\/living-in-costa-rica\/#15_Expat_communities_in_Costa_Rica\" >15. Expat k\u00f6z\u00f6ss\u00e9gek Costa Ric\u00e1ban<\/a><\/li><li class='ez-toc-page-1 ez-toc-heading-level-2'><a class=\"ez-toc-link ez-toc-heading-16\" href=\"https:\/\/moverdb.com\/hu\/moving-to-costa-rica\/living-in-costa-rica\/#16_Costa_Ricans_love_soccer\" >16. A Costa Rica-iak szeretik a focit<\/a><\/li><li class='ez-toc-page-1 ez-toc-heading-level-2'><a class=\"ez-toc-link ez-toc-heading-17\" href=\"https:\/\/moverdb.com\/hu\/moving-to-costa-rica\/living-in-costa-rica\/#17_Work-life_balance\" >17. Munka \u00e9s mag\u00e1n\u00e9let egyens\u00falya<\/a><\/li><li class='ez-toc-page-1 ez-toc-heading-level-2'><a class=\"ez-toc-link ez-toc-heading-18\" href=\"https:\/\/moverdb.com\/hu\/moving-to-costa-rica\/living-in-costa-rica\/#18_Taxes_in_Costa_Rica\" >18. Ad\u00f3k Costa Ric\u00e1ban<\/a><\/li><li class='ez-toc-page-1 ez-toc-heading-level-2'><a class=\"ez-toc-link ez-toc-heading-19\" href=\"https:\/\/moverdb.com\/hu\/moving-to-costa-rica\/living-in-costa-rica\/#19_Costa_Rican_cuisine\" >19. Costa Rica-i konyha<\/a><\/li><li class='ez-toc-page-1 ez-toc-heading-level-2'><a class=\"ez-toc-link ez-toc-heading-20\" href=\"https:\/\/moverdb.com\/hu\/moving-to-costa-rica\/living-in-costa-rica\/#20_Religion_in_Costa_Rica\" >20. Vall\u00e1s Costa Ric\u00e1ban<\/a><\/li><li class='ez-toc-page-1 ez-toc-heading-level-2'><a class=\"ez-toc-link ez-toc-heading-21\" href=\"https:\/\/moverdb.com\/hu\/moving-to-costa-rica\/living-in-costa-rica\/#21_Its_considered_the_safest_country_to_live_in_Central_America\" >21. K\u00f6z\u00e9p-Amerika legbiztons\u00e1gosabb orsz\u00e1g\u00e1nak tartj\u00e1k.<\/a><\/li><li class='ez-toc-page-1 ez-toc-heading-level-2'><a class=\"ez-toc-link ez-toc-heading-22\" href=\"https:\/\/moverdb.com\/hu\/moving-to-costa-rica\/living-in-costa-rica\/#FAQs\" >GYIK<\/a><ul class='ez-toc-list-level-3' ><li class='ez-toc-heading-level-3'><a class=\"ez-toc-link ez-toc-heading-23\" href=\"https:\/\/moverdb.com\/hu\/moving-to-costa-rica\/living-in-costa-rica\/#What_is_San_Jose_known_for\" >Mir\u0151l ismert San Jose?<\/a><\/li><li class='ez-toc-page-1 ez-toc-heading-level-3'><a class=\"ez-toc-link ez-toc-heading-24\" href=\"https:\/\/moverdb.com\/hu\/moving-to-costa-rica\/living-in-costa-rica\/#Can_I_use_my_own_health_insurance_in_Costa_Rica\" >Haszn\u00e1lhatom a saj\u00e1t eg\u00e9szs\u00e9gbiztos\u00edt\u00e1somat Costa Ric\u00e1ban?<\/a><\/li><li class='ez-toc-page-1 ez-toc-heading-level-3'><a class=\"ez-toc-link ez-toc-heading-25\" href=\"https:\/\/moverdb.com\/hu\/moving-to-costa-rica\/living-in-costa-rica\/#How_long_can_you_stay_in_Costa_Rica_as_a_temporary_resident\" >Mennyi ideig maradhat ideiglenes tart\u00f3zkod\u00e1si enged\u00e9llyel Costa Ric\u00e1ban?<\/a><\/li><li class='ez-toc-page-1 ez-toc-heading-level-3'><a class=\"ez-toc-link ez-toc-heading-26\" href=\"https:\/\/moverdb.com\/hu\/moving-to-costa-rica\/living-in-costa-rica\/#What_does_Pura_Vida_mean_in_Costa_Rica\" >Mit jelent a Pura Vida Costa Ric\u00e1ban?<\/a><\/li><li class='ez-toc-page-1 ez-toc-heading-level-3'><a class=\"ez-toc-link ez-toc-heading-27\" href=\"https:\/\/moverdb.com\/hu\/moving-to-costa-rica\/living-in-costa-rica\/#How_many_national_parks_are_in_Costa_Rica\" >H\u00e1ny nemzeti park van Costa Ric\u00e1ban?<\/a><\/li><\/ul><\/li><li class='ez-toc-page-1 ez-toc-heading-level-2'><a class=\"ez-toc-link ez-toc-heading-28\" href=\"https:\/\/moverdb.com\/hu\/moving-to-costa-rica\/living-in-costa-rica\/#Final_Thoughts\" >V\u00e9gs\u0151 gondolatok<\/a><\/li><li class='ez-toc-page-1 ez-toc-heading-level-2'><a class=\"ez-toc-link ez-toc-heading-29\" href=\"https:\/\/moverdb.com\/hu\/moving-to-costa-rica\/living-in-costa-rica\/#Other_Useful_Guides_to_Costa_Rica\" >Egy\u00e9b hasznos \u00fatmutat\u00f3k Costa Ric\u00e1hoz<\/a><\/li><\/ul><\/nav><\/div>\n<h2><span class=\"ez-toc-section\" id=\"1_Learn_the_language\"><\/span>1. Tanulja meg a nyelvet<span class=\"ez-toc-section-end\"><\/span><\/h2>\n<p>A spanyol Costa Rica alapvet\u0151 nyelve, \u00e9s a latin-amerikai orsz\u00e1gban a spanyol a legelterjedtebb nyelv.<\/p>\n<p>A Latin-Amerik\u00e1ban besz\u00e9lt tov\u00e1bbi nyelvek k\u00f6z\u00e9 tartozik a kreol, az angol \u00e9s bizonyos indi\u00e1n nyelvek. Minden kritikus \u00fajs\u00e1g \u00e9s hivatalos \u00fczleti aj\u00e1nlat spanyol nyelven jelenik meg. A helyi lakosok azonban a turist\u00e1k \u00e1ltal kedvelt ter\u00fcleteken, k\u00fcl\u00f6n\u00f6sen Costa Rica k\u00f6z\u00e9ps\u0151 v\u00f6lgy\u00e9ben, \u00e1ltal\u00e1ban angolul besz\u00e9lnek.<\/p>\n<p>Egy kis spanyol sz\u00f3kincs elsaj\u00e1t\u00edt\u00e1sa, ak\u00e1r egy alkalmaz\u00e1s seg\u00edts\u00e9g\u00e9vel, ak\u00e1r leck\u00e9ket veszel, nagyszer\u0171 eszk\u00f6z, ha itt \u00e9lsz, \u00e9s megk\u00f6nny\u00edti a Costa Ric\u00e1ba k\u00f6lt\u00f6z\u00e9st.<\/p>\n<h2><span class=\"ez-toc-section\" id=\"2_Its_a_tropical_paradise%E2%80%A6\"><\/span>2. Ez egy tr\u00f3pusi paradicsom...<span class=\"ez-toc-section-end\"><\/span><\/h2>\n<p>Napf\u00e9nyt, gy\u00f6ny\u00f6r\u0171 strandokat \u00e9s az\u00fark\u00e9k vizeket keres? Akkor a megfelel\u0151 helyet v\u00e1lasztotta a k\u00f6lt\u00f6z\u00e9sre. A Costa Ric\u00e1ban \u00e9l\u00e9st gyakran \u00fagy \u00edrj\u00e1k le, mintha egy tr\u00f3pusi paradicsomban \u00e9lne, b\u00e1r ez att\u00f3l f\u00fcgg, hogy az orsz\u00e1g melyik r\u00e9sz\u00e9t v\u00e1lasztja.<\/p>\n<p>Costa Rica leny\u0171g\u00f6z\u0151 strandjai a Csendes-\u00f3ce\u00e1n \u00e9s a Karib-tenger partj\u00e1n ter\u00fclnek el, m\u00edg a k\u00f6rnyez\u0151 ter\u00fcletek leny\u0171g\u00f6z\u0151 biol\u00f3giai sokf\u00e9les\u00e9gnek \u00e9s g\u0151z\u00f6lg\u0151 vulk\u00e1noknak adnak otthont. M\u00e1sr\u00e9szt a f\u0151v\u00e1ros kozmopolita \u00e9s h\u00edres expat v\u00e1ros.<\/p>\n<h2><span class=\"ez-toc-section\" id=\"3_%E2%80%A6with_over_500000_species_of_wildlife\"><\/span>3. ...t\u00f6bb mint 500.000 vadon \u00e9l\u0151 fajjal...<span class=\"ez-toc-section-end\"><\/span><\/h2>\n<p>Ha \u00d6n rajong a vadvil\u00e1g\u00e9rt, Costa Rica az egyik legkedveltebb \u00fati c\u00e9l, \u00e9s n\u00e9pszer\u0171 v\u00e1laszt\u00e1s a tud\u00f3sok \u00e9s biol\u00f3gusok sz\u00e1m\u00e1ra, k\u00fcl\u00f6n\u00f6sen azok sz\u00e1m\u00e1ra, akiket a dzsungelben \u00e9l\u0151 fajok \u00e9rdekelnek.<\/p>\n<p>Costa Rica egy sor szigor\u00fa term\u00e9szetv\u00e9delmi t\u00f6rv\u00e9nnyel b\u00fcszk\u00e9lkedhet, ami azt jelenti, hogy ez a tr\u00f3pusi orsz\u00e1g a legjobban meg\u0151rz\u00f6tt es\u0151erd\u0151k k\u00f6z\u00e9 tartozik.<\/p>\n<h2><span class=\"ez-toc-section\" id=\"4_Most_of_their_energy_is_generated_using_renewable_sources\"><\/span>4. <strong>Energi\u00e1juk nagy r\u00e9sz\u00e9t meg\u00fajul\u00f3 forr\u00e1sokb\u00f3l \u00e1ll\u00edtj\u00e1k el\u0151<\/strong><span class=\"ez-toc-section-end\"><\/span><\/h2>\n<p>D\u00e9l-Amerika ezen r\u00e9sz\u00e9n az energia nagy r\u00e9sz\u00e9t a tr\u00f3pusi id\u0151j\u00e1r\u00e1s \u00e1ltal termelt meg\u00fajul\u00f3 energiaforr\u00e1sokb\u00f3l nyerik, \u00e9s ennek leny\u0171g\u00f6z\u0151 67,5 sz\u00e1zal\u00e9ka v\u00edzenergi\u00e1b\u00f3l sz\u00e1rmazik.<\/p>\n<p>Ezen fel\u00fcl a sz\u00e9lenergia a kapacit\u00e1s 17 sz\u00e1zal\u00e9k\u00e1t adja, m\u00edg a geotermikus forr\u00e1sok az energia 13,5 sz\u00e1zal\u00e9k\u00e1val b\u00fcszk\u00e9lkedhetnek, majd a napelemek \u00e9s a biomassza k\u00f6vetkezik, amelyek a teljes\u00edtm\u00e9ny 0,84 sz\u00e1zal\u00e9k\u00e1t teszik ki. A fennmarad\u00f3 1,16 sz\u00e1zal\u00e9k tartal\u00e9k er\u0151m\u0171vekb\u0151l sz\u00e1rmazik.<\/p>\n<h2><span class=\"ez-toc-section\" id=\"5_They_have_five_active_volcanoes\"><\/span>5. Van <strong>\u00f6t akt\u00edv vulk\u00e1n<\/strong><span class=\"ez-toc-section-end\"><\/span><\/h2>\n<p><img loading=\"lazy\" decoding=\"async\" src=\"https:\/\/moverdb.com\/wp-content\/uploads\/shutterstock_2341831019.jpg\" alt=\"\" width=\"1000\" height=\"667\" class=\"aligncenter size-full wp-image-18299\" srcset=\"https:\/\/moverdb.com\/wp-content\/uploads\/shutterstock_2341831019.jpg 1000w, https:\/\/moverdb.com\/wp-content\/uploads\/shutterstock_2341831019-300x200.jpg 300w, https:\/\/moverdb.com\/wp-content\/uploads\/shutterstock_2341831019-18x12.jpg 18w\" sizes=\"auto, (max-width: 1000px) 100vw, 1000px\" \/><\/p>\n<p>Costa Ric\u00e1ban \u00f6sszesen \u00f6t vulk\u00e1n tekinthet\u0151 akt\u00edvnak. Ezek a Poas vulk\u00e1n, a Turrialba vulk\u00e1n, az Arenal vulk\u00e1n, az Irazu vulk\u00e1n \u00e9s a Rincon de la Vieja vulk\u00e1n. Ezeknek a nevezetess\u00e9geknek az elm\u00falt 10 000 \u00e9vben legal\u00e1bb egyszer ki kellett t\u00f6rni\u00fck ahhoz, hogy akt\u00edv vulk\u00e1noknak min\u0151s\u00fcljenek.<\/p>\n<h2><span class=\"ez-toc-section\" id=\"6_They_dont_have_an_army\"><\/span>6. Nincs hadsereg\u00fck<span class=\"ez-toc-section-end\"><\/span><\/h2>\n<p>1949 \u00f3ta Costa Ric\u00e1ban nem \u00e1llom\u00e1soznak fegyveres er\u0151k. V\u00e9delmi c\u00e9lokra azonban vannak rend\u0151ri er\u0151k. Ezen fel\u00fcl Costa Rica v\u00e9delm\u00e9t a <a href=\"https:\/\/moverdb.com\/hu\/moving-to-the-united-states\/\" data-internallinksmanager029f6b8e52c=\"94\" title=\"Az Egyes\u00fclt \u00c1llamokba k\u00f6lt\u00f6zik? 2022 Meg\u00e9lhet\u00e9si k\u00f6lts\u00e9gek \u00e9s k\u00f6lt\u00f6z\u00e9si tippek\">US<\/a>.<\/p>\n<h2><span class=\"ez-toc-section\" id=\"7_This_is_one_of_the_happiest_countries_in_the_world%E2%80%A6\"><\/span>7. Ez a vil\u00e1g egyik legboldogabb orsz\u00e1ga...<span class=\"ez-toc-section-end\"><\/span><\/h2>\n<p>Costa Ric\u00e1r\u00f3l azt mondj\u00e1k, hogy a vil\u00e1g egyik legboldogabb helye, \u00e9s jelenleg ez a vil\u00e1g legfenntarthat\u00f3bb helye is.<\/p>\n<p>Ezek az eredm\u00e9nyek a Happy Planet Index (HPI) adataib\u00f3l sz\u00e1rmaznak - ez a Karib-tenger partj\u00e1n fekv\u0151, leny\u0171g\u00f6z\u0151 orsz\u00e1g garant\u00e1ltan mosolyt csal az emberek arc\u00e1ra. <a href=\"https:\/\/travel.state.gov\/content\/travel\/en\/international-travel\/International-Travel-Country-Information-Pages\/CostaRica.html\" target=\"_blank\" rel=\"noopener noreferrer\">Costa Ric\u00e1ba k\u00f6lt\u00f6z\u00e9s<\/a> \u00e9s a Costa Ric\u00e1ba l\u00e1togat\u00f3knak.<\/p>\n<h2><span class=\"ez-toc-section\" id=\"8_%E2%80%A6with_a_laid_back_culture_and_Blue_Zone\"><\/span>8. ...a laza kult\u00far\u00e1val \u00e9s a K\u00e9k Z\u00f3n\u00e1val...<span class=\"ez-toc-section-end\"><\/span><\/h2>\n<p><img loading=\"lazy\" decoding=\"async\" src=\"https:\/\/moverdb.com\/wp-content\/uploads\/shutterstock_2342616673.jpg\" alt=\"\" width=\"1000\" height=\"749\" class=\"aligncenter size-full wp-image-18300\" srcset=\"https:\/\/moverdb.com\/wp-content\/uploads\/shutterstock_2342616673.jpg 1000w, https:\/\/moverdb.com\/wp-content\/uploads\/shutterstock_2342616673-300x225.jpg 300w, https:\/\/moverdb.com\/wp-content\/uploads\/shutterstock_2342616673-16x12.jpg 16w\" sizes=\"auto, (max-width: 1000px) 100vw, 1000px\" \/><\/p>\n<p>\u00d6t olyan vil\u00e1gr\u00e9gi\u00f3 van, ahol az egy\u00e9nek k\u00f6nnyed\u00e9n \u00e9lhetnek 90 \u00e9v felett. Ugyanezeket a r\u00e9gi\u00f3kat k\u00e9k z\u00f3n\u00e1knak nevezt\u00e9k el.<\/p>\n<p>Aki Costa Ric\u00e1ba k\u00f6lt\u00f6zik, j\u00f3l teszi, ha ell\u00e1togat Nicoy\u00e1ba (a fenti k\u00e9pen). Ebben a r\u00e9gi\u00f3ban a lakosok h\u00edresek eg\u00e9szs\u00e9g\u00fckr\u0151l, j\u00f3l\u00e9t\u00fckr\u0151l \u00e9s m\u00e9ly c\u00e9ltudatoss\u00e1gukr\u00f3l.<\/p>\n<h2><span class=\"ez-toc-section\" id=\"9_So_what_are_the_costs_of_living_there\"><\/span>9. Milyen k\u00f6lts\u00e9gekkel j\u00e1r az ottani \u00e9let?<span class=\"ez-toc-section-end\"><\/span><\/h2>\n<p>Ez nagyban f\u00fcgg att\u00f3l, hogy hogyan szeretne \u00e9lni, \u00e9s hogy Costa Ric\u00e1ban milyen helyet v\u00e1laszt. P\u00e9ld\u00e1ul a Central Valley vagy <a href=\"https:\/\/moverdb.com\/hu\/top-49-container-ports\/\" data-internallinksmanager029f6b8e52c=\"80\" title=\"Top 49 legnagyobb \u00e9s legforgalmasabb kont\u00e9nerkik\u00f6t\u0151 2025-ben\">port<\/a> v\u00e1ros valamivel dr\u00e1g\u00e1bb lesz, mint a vid\u00e9ki v\u00e1rosok.<\/p>\n<p>Egy egyed\u00fcl\u00e1ll\u00f3 szem\u00e9ly havonta $1,400 \u00e9s $1,700 k\u00f6z\u00f6tti \u00f6sszegb\u0151l k\u00e9nyelmesen meg tud \u00e9lni. Azok, akik Costa Ric\u00e1ban szeretn\u00e9nek nyugd\u00edjba vonulni, \u00e1ltal\u00e1ban havi $2,000-et k\u00f6ltenek. Ezek a k\u00f6lts\u00e9gek azonban f\u00fcggnek az \u00e9letm\u00f3dv\u00e1laszt\u00e1st\u00f3l, a helyt\u0151l \u00e9s a b\u00e9rbead\u00e1sra v\u00e1lasztott ingatlant\u00f3l.<\/p>\n<p>Sokan \u00fagy tal\u00e1lj\u00e1k, hogy Costa Rica rendk\u00edv\u00fcl k\u00f6lts\u00e9gk\u00edm\u00e9l\u0151, ami az egyik oka annak, hogy olyan n\u00e9pszer\u0171 a k\u00fclf\u00f6ldiek k\u00f6r\u00e9ben.<\/p>\n<h2><span class=\"ez-toc-section\" id=\"10_Immigration_requirements\"><\/span>10. Bev\u00e1ndorl\u00e1si k\u00f6vetelm\u00e9nyek<span class=\"ez-toc-section-end\"><\/span><\/h2>\n<p>Azoknak, akik amerikai \u00e1llampolg\u00e1rok, nincs sz\u00fcks\u00e9g\u00fck v\u00edzumra a Costa Rica-i beutaz\u00e1shoz. Rendelkezni\u00fck kell azonban egy aktu\u00e1lis \u00e9s \u00e9rv\u00e9nyes \u00fatlev\u00e9llel, valamint egy olyan ret\u00farjeggyel, amely igazolja, hogy 90 napon bel\u00fcl elhagyj\u00e1k Costa Ric\u00e1t.<\/p>\n<p>Ha azonban azt tervezi, hogy jelentkezik a <a href=\"https:\/\/costarica.org\/travel\/visas\/\" target=\"_blank\" rel=\"noopener noreferrer\">turista v\u00edzum helyett \u00e1lland\u00f3 tart\u00f3zkod\u00e1s<\/a>, k\u00fclf\u00f6ldi v\u00edzum vagy rezidensv\u00edzum adhat\u00f3. Sok k\u00fclf\u00f6ldi munkav\u00e1llal\u00f3 munk\u00e1val szerzi meg ezeket.<\/p>\n<h2><span class=\"ez-toc-section\" id=\"11_A_high_quality_of_life_and_top-notch_healthcare\"><\/span>11. Magas \u00e9letmin\u0151s\u00e9g \u00e9s els\u0151rang\u00fa eg\u00e9szs\u00e9g\u00fcgyi ell\u00e1t\u00e1s<span class=\"ez-toc-section-end\"><\/span><\/h2>\n<p>B\u00e1r Costa Rica messze van a v\u00e1rosi \u00e9letst\u00edlust\u00f3l, magas \u00e9letmin\u0151s\u00e9ggel \u00e9s elk\u00e9peszt\u0151 eg\u00e9szs\u00e9g\u00fcgyi ell\u00e1t\u00f3rendszerrel b\u00fcszk\u00e9lkedhet. A legt\u00f6bb Costa Ric\u00e1ban \u00e9l\u0151 k\u00fclf\u00f6ldi \u00e1llampolg\u00e1r v\u00e1laszthat mag\u00e1n- vagy \u00e1llami eg\u00e9szs\u00e9g\u00fcgyi ell\u00e1t\u00e1st, vagy a kett\u0151 kombin\u00e1ci\u00f3j\u00e1t.<\/p>\n<h2><span class=\"ez-toc-section\" id=\"12_The_education_system\"><\/span>12. Az oktat\u00e1si rendszer<span class=\"ez-toc-section-end\"><\/span><\/h2>\n<p>Van egy sor <a href=\"https:\/\/www.gov.uk\/guidance\/living-in-costa-rica#education\" target=\"_blank\" rel=\"noopener noreferrer\">\u00e1llami iskol\u00e1k<\/a>, nemzetk\u00f6zi iskol\u00e1k \u00e9s kifejezetten a Costa Rica-i k\u00fclf\u00f6ldi gyerekek sz\u00e1m\u00e1ra l\u00e9trehozott iskol\u00e1k, ami azt jelenti, hogy minden gyerek ig\u00e9nyeinek megfelel - ak\u00e1r besz\u00e9l spanyolul, ak\u00e1r nem! Ha itt j\u00e1rnak iskol\u00e1ba, gyorsan megtanulnak spanyolul!<\/p>\n<h2><span class=\"ez-toc-section\" id=\"13_Traveling_in_Costa_Rica\"><\/span>13. Utaz\u00e1s Costa Ric\u00e1ban<span class=\"ez-toc-section-end\"><\/span><\/h2>\n<p><img loading=\"lazy\" decoding=\"async\" src=\"https:\/\/moverdb.com\/wp-content\/uploads\/shutterstock_777852208.jpg\" alt=\"\" width=\"1000\" height=\"666\" class=\"aligncenter size-full wp-image-18301\" srcset=\"https:\/\/moverdb.com\/wp-content\/uploads\/shutterstock_777852208.jpg 1000w, https:\/\/moverdb.com\/wp-content\/uploads\/shutterstock_777852208-300x200.jpg 300w, https:\/\/moverdb.com\/wp-content\/uploads\/shutterstock_777852208-18x12.jpg 18w\" sizes=\"auto, (max-width: 1000px) 100vw, 1000px\" \/><\/p>\n<p>Costa Ric\u00e1ban sokf\u00e9lek\u00e9ppen lehet k\u00f6zlekedni. Ezek k\u00f6z\u00e9 tartoznak a k\u00f6z\u00f6s buszj\u00e1ratok, a b\u00e9raut\u00f3k, a bels\u0151 j\u00e1ratok, a taxik, a sof\u0151r\u00f6k \u00e9s a haj\u00f3k. Ha Costa Ric\u00e1ba sz\u00e1nd\u00e9kozik k\u00f6lt\u00f6zni, az aut\u00f3ba val\u00f3 befektet\u00e9s egy <a href=\"https:\/\/moverdb.com\/hu\/international-money-transfer-services\/wise-review\/\" data-internallinksmanager029f6b8e52c=\"243\" title=\"Wise International Money Transfer fel\u00fclvizsg\u00e1lata 2023\">b\u00f6lcs<\/a> \u00f6tlet.<\/p>\n<h2><span class=\"ez-toc-section\" id=\"14_Employment_opportunities_for_expats_in_Costa_Rica\"><\/span>14. Munkalehet\u0151s\u00e9gek a Costa Rica-i k\u00fclf\u00f6ldiek sz\u00e1m\u00e1ra<span class=\"ez-toc-section-end\"><\/span><\/h2>\n<p>Costa Rica munkaer\u0151piaca er\u0151s, a munkan\u00e9lk\u00fclis\u00e9gi r\u00e1ta mind\u00f6ssze 8%.<\/p>\n<p>B\u00e1r Costa Rica ink\u00e1bb a helyieknek kedvez, mint a k\u00fclf\u00f6ldieknek, munk\u00e1t tal\u00e1lni nem olyan neh\u00e9z, mint gondoln\u00e1d! Sok expat dolgozik itt \u00f6n\u00e1ll\u00f3 v\u00e1llalkoz\u00f3k\u00e9nt, m\u00edg m\u00e1s expatok m\u00e1s v\u00e1llalatokt\u00f3l \u00e9rkeznek kirendel\u00e9sre.<\/p>\n<p>A m\u00e1sik lehet\u0151s\u00e9g, hogy v\u00e1llalkoz\u00f3v\u00e1 v\u00e1ljon, \u00e9s v\u00e1llalkoz\u00e1st nyisson ezen a ter\u00fcleten.<\/p>\n<p>Ami a munkanapokat illeti, ha Costa Ric\u00e1ba k\u00f6lt\u00f6zik, a munka \u00e9s a mag\u00e1n\u00e9let k\u00f6z\u00f6tti egyens\u00falyt tekintve nyugodt k\u00f6r\u00fclm\u00e9nyek v\u00e1rj\u00e1k. Az \u00fczleti kult\u00fara arr\u00f3l h\u00edres, hogy hihetetlen\u00fcl bar\u00e1ts\u00e1gos.<\/p>\n<p>A fizet\u00e9sek \u00e9s az ingatlanad\u00f3k megfelelnek a meg\u00e9lhet\u00e9si k\u00f6lts\u00e9geknek, amelyek rendk\u00edv\u00fcl zsebbar\u00e1tnak sz\u00e1m\u00edtanak, ami azt jelenti, hogy a k\u00fclf\u00f6ldiek k\u00e9nyelmes \u00e9letm\u00f3dot \u00e9lvezhetnek.<\/p>\n<p>A vil\u00e1gnak ezen a r\u00e9sz\u00e9n munk\u00e1t keres\u0151 k\u00fclf\u00f6ldieknek olyan ipar\u00e1gakat kell felkarolniuk, mint a vend\u00e9gl\u00e1t\u00e1s, a term\u00e9szetv\u00e9delem, a turizmus \u00e9s a technol\u00f3gia. M\u00e9g az is lehet, hogy digit\u00e1lis nom\u00e1d v\u00edzummal k\u00f6lt\u00f6zhet ide!<\/p>\n<p>T\u00f6bbet megtudhat az orsz\u00e1gban val\u00f3 munkav\u00e1llal\u00e1sr\u00f3l \u00e9s az elismert k\u00e9pes\u00edt\u00e9sekr\u0151l. <a href=\"https:\/\/www.gov.uk\/guidance\/living-in-costa-rica#employment-and-recognised-qualifications\" target=\"_blank\" rel=\"noopener noreferrer\">itt<\/a>.<\/p>\n<h2><span class=\"ez-toc-section\" id=\"15_Expat_communities_in_Costa_Rica\"><\/span>15. Expat k\u00f6z\u00f6ss\u00e9gek Costa Ric\u00e1ban<span class=\"ez-toc-section-end\"><\/span><\/h2>\n<p>A Costa Rica-i expat lakhelyek k\u00f6z\u00fcl a legelterjedtebbek k\u00f6z\u00e9 tartozik Playa Herradura. Itt felfedezhet egy kiterjedt fejleszt\u00e9st, amely nagyon el\u0151kel\u0151, \u00e9s Los Sue\u00f1os, Esterillos vagy Playa Jaco n\u00e9ven fut.<\/p>\n<p>Ez a ter\u00fclet csak egy r\u00f6vid utaz\u00e1sra van Quepost\u00f3l \u00e9s Manuel Antoni\u00f3t\u00f3l. A legmeghat\u00e1roz\u00f3bb k\u00f6rny\u00e9k azonban a Csendes-\u00f3ce\u00e1n k\u00f6z\u00e9ps\u0151 partvid\u00e9ke. Az Arenal-t\u00f3 k\u00f6rny\u00e9ke szint\u00e9n n\u00e9pszer\u0171 a k\u00fclf\u00f6ldiek k\u00f6r\u00e9ben.<\/p>\n<h2><span class=\"ez-toc-section\" id=\"16_Costa_Ricans_love_soccer\"><\/span>16. A Costa Rica-iak szeretik a focit<span class=\"ez-toc-section-end\"><\/span><\/h2>\n<p><img loading=\"lazy\" decoding=\"async\" src=\"https:\/\/moverdb.com\/wp-content\/uploads\/shutterstock_2165382689.jpg\" alt=\"\" width=\"1000\" height=\"666\" class=\"aligncenter size-full wp-image-18302\" srcset=\"https:\/\/moverdb.com\/wp-content\/uploads\/shutterstock_2165382689.jpg 1000w, https:\/\/moverdb.com\/wp-content\/uploads\/shutterstock_2165382689-300x200.jpg 300w, https:\/\/moverdb.com\/wp-content\/uploads\/shutterstock_2165382689-18x12.jpg 18w\" sizes=\"auto, (max-width: 1000px) 100vw, 1000px\" \/><\/p>\n<p>Costa Ric\u00e1ban a focit, vagy ahogy a costa ricaiak nevezik, a \"f\u00fatbolt\" \u00e9letst\u00edlusnak tekintik, nem pedig puszt\u00e1n hobbinak vagy sportnak. \u00c9lnek, szeretik \u00e9s l\u00e9legzik!<\/p>\n<h2><span class=\"ez-toc-section\" id=\"17_Work-life_balance\"><\/span>17. Munka \u00e9s mag\u00e1n\u00e9let egyens\u00falya<span class=\"ez-toc-section-end\"><\/span><\/h2>\n<p>\u00d6sszess\u00e9g\u00e9ben a Costa Ric\u00e1ban dolgoz\u00f3 k\u00fclf\u00f6ldi munkav\u00e1llal\u00f3k hetente 44,3 \u00f3r\u00e1t t\u00f6lthetnek munk\u00e1val, ami hasonl\u00f3an hossz\u00fa id\u0151, mint a legt\u00f6bb helyen a vil\u00e1gon.<\/p>\n<h2><span class=\"ez-toc-section\" id=\"18_Taxes_in_Costa_Rica\"><\/span>18. Ad\u00f3k Costa Ric\u00e1ban<span class=\"ez-toc-section-end\"><\/span><\/h2>\n<p>\u00d6sszess\u00e9g\u00e9ben Costa Rica nem arr\u00f3l h\u00edres, hogy dr\u00e1ga hely lenne az \u00e9let. A lakb\u00e9r n\u00e9lk\u00fcl a meg\u00e9lhet\u00e9si k\u00f6lts\u00e9gek az 53,98-as kateg\u00f3ri\u00e1ba esnek, sokkal alacsonyabbak, mint <a href=\"https:\/\/moverdb.com\/hu\/moving-to-nyc\/\" data-internallinksmanager029f6b8e52c=\"57\" title=\"New Yorkba k\u00f6lt\u00f6zik? 2026 NYC meg\u00e9lhet\u00e9si k\u00f6lts\u00e9gek \u00e9s k\u00f6lt\u00f6z\u00e9si tippek\">New York City<\/a>100 \u00e9s Nagy-Britannia 71.05-\u00f6s eredm\u00e9nye.<\/p>\n<p>Az ad\u00f3k is sokkal alacsonyabbak, mint m\u00e1shol, ami vonz\u00f3v\u00e1 teszi a k\u00fclf\u00f6ldiek sz\u00e1m\u00e1ra.<\/p>\n<p>Ami azt illeti, hogy mennyi p\u00e9nzre van sz\u00fcks\u00e9g a k\u00e9nyelmes Costa Rica-i tart\u00f3zkod\u00e1shoz, egy p\u00e1r havonta k\u00f6r\u00fclbel\u00fcl $2000 doll\u00e1rb\u00f3l k\u00e9nyelmesen \u00e9lhet itt, \u00e9s ebben a sz\u00e1mban benne van a b\u00e9rleti d\u00edj is.<\/p>\n<h2><span class=\"ez-toc-section\" id=\"19_Costa_Rican_cuisine\"><\/span>19. Costa Rica-i konyha<span class=\"ez-toc-section-end\"><\/span><\/h2>\n<p><img loading=\"lazy\" decoding=\"async\" src=\"https:\/\/moverdb.com\/wp-content\/uploads\/shutterstock_638209654.jpg\" alt=\"\" width=\"1000\" height=\"668\" class=\"aligncenter size-full wp-image-18303\" srcset=\"https:\/\/moverdb.com\/wp-content\/uploads\/shutterstock_638209654.jpg 1000w, https:\/\/moverdb.com\/wp-content\/uploads\/shutterstock_638209654-300x200.jpg 300w, https:\/\/moverdb.com\/wp-content\/uploads\/shutterstock_638209654-18x12.jpg 18w\" sizes=\"auto, (max-width: 1000px) 100vw, 1000px\" \/><\/p>\n<p>A Costa Ric\u00e1ban n\u00e9pszer\u0171 alapanyag a bab. Val\u00f3j\u00e1ban az orsz\u00e1g nemzeti \u00e9tele a <em>gallo pinto<\/em>. A Gallo pinto jelent\u00e9se \"foltos kakas\", mivel a bab \u00e9s a rizs kombin\u00e1ci\u00f3ja hasonl\u00edt a bizonyos csirkefajokon tal\u00e1lhat\u00f3 fekete p\u00f6tty\u00f6kre.<\/p>\n<p>M\u00e1s n\u00e9pszer\u0171 \u00e9telek, amelyekben babot tartalmaznak <em>arroz con pollo<\/em>, \u00e9s <em>casado<\/em> (a fenti k\u00e9pen).<\/p>\n<h2><span class=\"ez-toc-section\" id=\"20_Religion_in_Costa_Rica\"><\/span>20. Vall\u00e1s Costa Ric\u00e1ban<span class=\"ez-toc-section-end\"><\/span><\/h2>\n<p>A f\u0151 vall\u00e1s ezen a ter\u00fcleten a r\u00f3mai katolicizmus, amelyet \u00e1llamvall\u00e1snak tekintenek. A Costa Rica-i t\u00f6rv\u00e9nyek \u00e9rtelm\u00e9ben az \u00e1llamnak hozz\u00e1 kell j\u00e1rulnia a katolikus egyh\u00e1z fenntart\u00e1s\u00e1hoz.<\/p>\n<h2><span class=\"ez-toc-section\" id=\"21_Its_considered_the_safest_country_to_live_in_Central_America\"><\/span>21. K\u00f6z\u00e9p-Amerika legbiztons\u00e1gosabb orsz\u00e1g\u00e1nak tartj\u00e1k.<span class=\"ez-toc-section-end\"><\/span><\/h2>\n<p>Costa Ric\u00e1t rendk\u00edv\u00fcl biztons\u00e1gosnak \u00e9s K\u00f6z\u00e9p-Amerika egyik legbiztons\u00e1gosabb hely\u00e9nek tartj\u00e1k. Az els\u0151 helyen \u00e1ll a r\u00e9gi\u00f3 legb\u00e9k\u00e9sebb orsz\u00e1g\u00e1nak rangsor\u00e1ban.<\/p>\n<h2><span class=\"ez-toc-section\" id=\"FAQs\"><\/span>GYIK<span class=\"ez-toc-section-end\"><\/span><\/h2>\n<h3><span class=\"ez-toc-section\" id=\"What_is_San_Jose_known_for\"><\/span>Mir\u0151l ismert San Jose?<span class=\"ez-toc-section-end\"><\/span><\/h3>\n<p>Amellett, hogy Costa Rica f\u0151v\u00e1rosa, San Jos\u00e9 h\u00edres a s\u0171r\u0171 t\u00f6rt\u00e9nelm\u00e9r\u0151l \u00e9s kult\u00far\u00e1j\u00e1r\u00f3l, leny\u0171g\u00f6z\u0151 \u00e9p\u00edt\u00e9szet\u00e9r\u0151l, bar\u00e1ts\u00e1gos helyiekr\u0151l \u00e9s pezsg\u0151 \u00e9jszakai \u00e9let\u00e9r\u0151l. Ez a hely ugyan\u00fagy b\u00fcszk\u00e9lkedhet kifinomults\u00e1ggal, mint hagyom\u00e1nyokkal. San Jos\u00e9 \u00f6sszess\u00e9g\u00e9ben sz\u00e1mos kihagyhatatlan tev\u00e9kenys\u00e9gnek \u00e9s l\u00e1tnival\u00f3nak ad otthont.<\/p>\n<h3><span class=\"ez-toc-section\" id=\"Can_I_use_my_own_health_insurance_in_Costa_Rica\"><\/span>Haszn\u00e1lhatom a saj\u00e1t eg\u00e9szs\u00e9gbiztos\u00edt\u00e1somat Costa Ric\u00e1ban?<span class=\"ez-toc-section-end\"><\/span><\/h3>\n<p>Igen, megteheti, b\u00e1r a korm\u00e1ny sz\u00e1mos Costa Rica-i t\u00e1rsas\u00e1got akkredit\u00e1lt az utasbiztos\u00edt\u00e1s ny\u00fajt\u00e1s\u00e1ra. Annak meg\u00e1llap\u00edt\u00e1s\u00e1hoz, hogy rendelkezik-e ilyennel, egyszer\u0171en adja meg a szolg\u00e1ltat\u00f3 adatait az online Eg\u00e9szs\u00e9gpassz\u00e1ban.<\/p>\n<p>Ezt a rep\u00fcl\u0151g\u00e9pre val\u00f3 felsz\u00e1ll\u00e1s el\u0151tt kell kit\u00f6lteni, \u00e9s tartalmaznia kell a Sagicor, az INS vagy a BCBS biztos\u00edt\u00e1si sz\u00e1m\u00e1t.<\/p>\n<p>Mindezek az eg\u00e9szs\u00e9g\u00fcgyi k\u00f6tv\u00e9nyek elfogadottak Costa Ric\u00e1ban, \u00e9s mint ilyenek, seg\u00edtenek a beutaz\u00e1sban, valamint a mag\u00e1nk\u00f3rh\u00e1zakba val\u00f3 bejut\u00e1sban.<\/p>\n<h3><span class=\"ez-toc-section\" id=\"How_long_can_you_stay_in_Costa_Rica_as_a_temporary_resident\"><\/span>Mennyi ideig maradhat ideiglenes tart\u00f3zkod\u00e1si enged\u00e9llyel Costa Ric\u00e1ban?<span class=\"ez-toc-section-end\"><\/span><\/h3>\n<p>A rezidensv\u00edzummal rendelkez\u0151k szabad\u00fasz\u00f3 vagy \u00fczleti v\u00edzumot kaphatnak. Nem dolgozhatnak azonban m\u00e1snak egyik enged\u00e9llyel sem. Ha az\u00e9rt j\u00f6n \u00e1t, hogy egy v\u00e1llalatnak dolgozzon, akkor nekik kell int\u00e9zni\u00fck a v\u00edzumot az \u00d6n nev\u00e9ben.<\/p>\n<p>Ha m\u00e1r t\u00f6bb mint h\u00e1rom \u00e9ve vagy ann\u00e1l hosszabb ideje leg\u00e1lisan tart\u00f3zkodik Costa Ric\u00e1ban az itt elfogadott ideiglenes tart\u00f3zkod\u00e1si enged\u00e9lyek b\u00e1rmelyik\u00e9vel, akkor k\u00e9relmezheti az \u00e1lland\u00f3 tart\u00f3zkod\u00e1si enged\u00e9lyt.<\/p>\n<h3><span class=\"ez-toc-section\" id=\"What_does_Pura_Vida_mean_in_Costa_Rica\"><\/span>Mit jelent a Pura Vida Costa Ric\u00e1ban?<span class=\"ez-toc-section-end\"><\/span><\/h3>\n<p>A \"Pura Vida\" optimizmust, boldogs\u00e1got \u00e9s teljes \u00e9letet jelent. Ezt a mond\u00e1st gyakran hallani Costa Ric\u00e1ban, \u00e9s a helyi emberek ezt a mond\u00e1st k\u00f6vetik. Neh\u00e9z nem elfogadni a n\u00e9zeteiket, amikor leny\u0171g\u00f6z\u0151 t\u00e1jak vesznek k\u00f6r\u00fcl, \u00e9s meleg id\u0151j\u00e1r\u00e1sban lehet r\u00e9szed.<\/p>\n<h3><span class=\"ez-toc-section\" id=\"How_many_national_parks_are_in_Costa_Rica\"><\/span>H\u00e1ny nemzeti park van Costa Ric\u00e1ban?<span class=\"ez-toc-section-end\"><\/span><\/h3>\n<p>\u00d6sszesen 28 h\u00edres park tal\u00e1lhat\u00f3 az orsz\u00e1gban. Ez azt jelenti, hogy Costa Rica teljes ter\u00fclet\u00e9nek 28%-je parkokb\u00f3l \u00e9s rezerv\u00e1tumokb\u00f3l \u00e1ll. Ez kiv\u00e1l\u00f3 v\u00e1laszt\u00e1ss\u00e1 teszi az orsz\u00e1got a term\u00e9szetet kedvel\u0151 expatok sz\u00e1m\u00e1ra.<\/p>\n<p>Az \u00f3ce\u00e1ni kalandokt\u00f3l a t\u00far\u00e1z\u00e1sokig rengeteg tev\u00e9kenys\u00e9g illik a szabadt\u00e9ri \u00e9lm\u00e9nyek szerelmeseinek. Ha mindezt a tr\u00f3pusi \u00e9ghajlattal p\u00e1ros\u00edtja, akkor ez az orsz\u00e1g remek hely egy \u00faj \u00e9let megkezd\u00e9s\u00e9hez!<\/p>\n<h2><span class=\"ez-toc-section\" id=\"Final_Thoughts\"><\/span>V\u00e9gs\u0151 gondolatok<span class=\"ez-toc-section-end\"><\/span><\/h2>\n<p>Costa Rica egy buja z\u00f6ld es\u0151erd\u0151vel \u00e9kes\u00edtett, zord vid\u00e9k K\u00f6z\u00e9p-Amerik\u00e1ban. Itt gy\u00f6ny\u00f6r\u0171 tengerpartokat fedezhet fel a Csendes-\u00f3ce\u00e1non \u00e9s a Karib-tengeren egyar\u00e1nt.<\/p>\n<p><a href=\"https:\/\/moverdb.com\/hu\/moving-to-san-jose\/\" data-internallinksmanager029f6b8e52c=\"64\" title=\"San Jos\u00e9ba k\u00f6lt\u00f6zik? 2022 Lakhat\u00e1si k\u00f6lts\u00e9gek \u00e9s k\u00f6lt\u00f6z\u00e9si tippek\">San Jose<\/a>, a f\u0151v\u00e1ros, sz\u00e1mos kultur\u00e1lis int\u00e9zm\u00e9nynek ad otthont, mint p\u00e9ld\u00e1ul a prekolumbi\u00e1n arany m\u00fazeum. Ez a ter\u00fclet azonban legink\u00e1bb a vulk\u00e1nok, a strandok, a term\u00e9szeti sz\u00e9ps\u00e9g \u00e9s a rendk\u00edv\u00fcli biol\u00f3giai sokf\u00e9les\u00e9g miatt h\u00edres.<\/p>\n<p>Az \u00fati c\u00e9l leny\u0171g\u00f6z\u0151 negyede v\u00e9dett dzsungel, amely tele van vadon \u00e9l\u0151 \u00e1llatokkal, k\u00f6zt\u00fck a quetzal madarakt\u00f3l a p\u00f3kmajmokig.<\/p>\n<p>Costa Ric\u00e1ba k\u00f6lt\u00f6zik?<\/p>\n<h2><span class=\"ez-toc-section\" id=\"Other_Useful_Guides_to_Costa_Rica\"><\/span>Egy\u00e9b hasznos \u00fatmutat\u00f3k Costa Ric\u00e1hoz<span class=\"ez-toc-section-end\"><\/span><\/h2>\n<ul>\n<li> <a href=\"https:\/\/moverdb.com\/hu\/kontenerszallitas\/costa-rica\/\">2024 Tengeri tehersz\u00e1ll\u00edt\u00e1si kont\u00e9ner \u00e1rak Costa Ric\u00e1ba \u00e9s Costa Ric\u00e1b\u00f3l<\/a><\/li>\n<li> <a href=\"https:\/\/moverdb.com\/hu\/koltozteto-cegek\/moving-companies-costa-rica\/\">6 legjobb nemzetk\u00f6zi k\u00f6lt\u00f6ztet\u0151 c\u00e9gek Costa Rica-ban<\/a><\/li>\n<li> <a href=\"https:\/\/moverdb.com\/hu\/moving-to-costa-rica\/\">Costa Ric\u00e1ba k\u00f6lt\u00f6zik? 2023 \u00c9letk\u00f6lts\u00e9gek \u00e9s k\u00f6lt\u00f6z\u00e9si tippek<\/a><\/li>\n<\/ul>","protected":false},"excerpt":{"rendered":"<p>Renowned as Latin America\u2019s version of Switzerland, Costa Rica is democratic, stable, embraces social development and the preservation of nature, and boasts a tax system that is highly favorable to expats. Are you moving to Costa Rica and wish to take advantage of what this incredible country offers? Read on to learn more about Central [&hellip;]<\/p>\n","protected":false},"author":1,"featured_media":0,"parent":7553,"menu_order":0,"comment_status":"closed","ping_status":"closed","template":"","meta":{"_genesis_hide_title":false,"_genesis_hide_breadcrumbs":false,"_genesis_hide_singular_image":false,"_genesis_hide_footer_widgets":false,"_genesis_custom_body_class":"","_genesis_custom_post_class":"","_genesis_layout":"","footnotes":""},"class_list":{"0":"post-9660","1":"page","2":"type-page","3":"status-publish","5":"entry","6":"has-post-thumbnail"},"_links":{"self":[{"href":"https:\/\/moverdb.com\/hu\/wp-json\/wp\/v2\/pages\/9660","targetHints":{"allow":["GET"]}}],"collection":[{"href":"https:\/\/moverdb.com\/hu\/wp-json\/wp\/v2\/pages"}],"about":[{"href":"https:\/\/moverdb.com\/hu\/wp-json\/wp\/v2\/types\/page"}],"author":[{"embeddable":true,"href":"https:\/\/moverdb.com\/hu\/wp-json\/wp\/v2\/users\/1"}],"replies":[{"embeddable":true,"href":"https:\/\/moverdb.com\/hu\/wp-json\/wp\/v2\/comments?post=9660"}],"version-history":[{"count":7,"href":"https:\/\/moverdb.com\/hu\/wp-json\/wp\/v2\/pages\/9660\/revisions"}],"predecessor-version":[{"id":18307,"href":"https:\/\/moverdb.com\/hu\/wp-json\/wp\/v2\/pages\/9660\/revisions\/18307"}],"up":[{"embeddable":true,"href":"https:\/\/moverdb.com\/hu\/wp-json\/wp\/v2\/pages\/7553"}],"wp:attachment":[{"href":"https:\/\/moverdb.com\/hu\/wp-json\/wp\/v2\/media?parent=9660"}],"curies":[{"name":"wp","href":"https:\/\/api.w.org\/{rel}","templated":true}]}}