{"id":9654,"date":"2024-10-09T12:55:33","date_gmt":"2024-10-09T12:55:33","guid":{"rendered":"https:\/\/moverdb.com\/?page_id=9654"},"modified":"2026-01-08T15:06:56","modified_gmt":"2026-01-08T15:06:56","slug":"living-in-luxembourg","status":"publish","type":"page","link":"https:\/\/moverdb.com\/hu\/moving-to-luxembourg\/living-in-luxembourg\/","title":{"rendered":"21 titok a luxemburgi \u00e9letr\u0151l, amit tudnia kell k\u00f6lt\u00f6z\u00e9s el\u0151tt"},"content":{"rendered":"<p><img loading=\"lazy\" decoding=\"async\" src=\"https:\/\/moverdb.com\/wp-content\/uploads\/shutterstock_2473458737.jpg\" alt=\"\" width=\"1000\" height=\"666\" class=\"aligncenter size-full wp-image-18376\" srcset=\"https:\/\/moverdb.com\/wp-content\/uploads\/shutterstock_2473458737.jpg 1000w, https:\/\/moverdb.com\/wp-content\/uploads\/shutterstock_2473458737-300x200.jpg 300w, https:\/\/moverdb.com\/wp-content\/uploads\/shutterstock_2473458737-18x12.jpg 18w\" sizes=\"auto, (max-width: 1000px) 100vw, 1000px\" \/><\/p>\n<p>A <a href=\"https:\/\/moverdb.com\/hu\/moving-to-luxembourg\/\" data-internallinksmanager029f6b8e52c=\"349\" title=\"Luxemburgba k\u00f6lt\u00f6zik? 2023 Lakhat\u00e1si k\u00f6lts\u00e9gek \u00e9s k\u00f6lt\u00f6z\u00e9si tippek\">Luxemburg<\/a> az \u00e9letm\u00f3d sz\u00e9p, \u00e9s egyre t\u00f6bben k\u00f6lt\u00f6znek oda. Ki ne akarna ott \u00e9lni az \u00e9letsz\u00ednvonal, a kult\u00fara, a t\u00f6rt\u00e9nelem \u00e9s az orsz\u00e1g sz\u00e9ps\u00e9ge mellett? Luxemburgban \u00e9lni \u00e9lvezet, de van n\u00e9h\u00e1ny dolog, amit \u00e9rdemes tudni \u00e9s figyelembe venni, miel\u0151tt elk\u00f6lt\u00f6zik:<\/p>\n<div id=\"ez-toc-container\" class=\"ez-toc-v2_0_82_2 ez-toc-wrap-left counter-hierarchy ez-toc-counter ez-toc-transparent ez-toc-container-direction\">\n<div class=\"ez-toc-title-container\">\n<p class=\"ez-toc-title\" style=\"cursor:inherit\">Szakaszok<\/p>\n<span class=\"ez-toc-title-toggle\"><a href=\"#\" class=\"ez-toc-pull-right ez-toc-btn ez-toc-btn-xs ez-toc-btn-default ez-toc-toggle\" aria-label=\"Toggle Tartalomjegyz\u00e9k\"><span class=\"ez-toc-js-icon-con\"><span class=\"\"><span class=\"eztoc-hide\" style=\"display:none;\">Toggle<\/span><span class=\"ez-toc-icon-toggle-span\"><svg style=\"fill: #999;color:#999\" xmlns=\"http:\/\/www.w3.org\/2000\/svg\" class=\"list-377408\" width=\"20px\" height=\"20px\" viewbox=\"0 0 24 24\" fill=\"none\"><path d=\"M6 6H4v2h2V6zm14 0H8v2h12V6zM4 11h2v2H4v-2zm16 0H8v2h12v-2zM4 16h2v2H4v-2zm16 0H8v2h12v-2z\" fill=\"currentColor\"><\/path><\/svg><svg style=\"fill: #999;color:#999\" class=\"arrow-unsorted-368013\" xmlns=\"http:\/\/www.w3.org\/2000\/svg\" width=\"10px\" height=\"10px\" viewbox=\"0 0 24 24\" version=\"1.2\" baseprofile=\"tiny\"><path d=\"M18.2 9.3l-6.2-6.3-6.2 6.3c-.2.2-.3.4-.3.7s.1.5.3.7c.2.2.4.3.7.3h11c.3 0 .5-.1.7-.3.2-.2.3-.5.3-.7s-.1-.5-.3-.7zM5.8 14.7l6.2 6.3 6.2-6.3c.2-.2.3-.5.3-.7s-.1-.5-.3-.7c-.2-.2-.4-.3-.7-.3h-11c-.3 0-.5.1-.7.3-.2.2-.3.5-.3.7s.1.5.3.7z\"\/><\/svg><\/span><\/span><\/span><\/a><\/span><\/div>\n<nav><ul class='ez-toc-list ez-toc-list-level-1 eztoc-toggle-hide-by-default' ><li class='ez-toc-page-1 ez-toc-heading-level-2'><a class=\"ez-toc-link ez-toc-heading-1\" href=\"https:\/\/moverdb.com\/hu\/moving-to-luxembourg\/living-in-luxembourg\/#1_They_have_three_official_languages\" >1. H\u00e1rom hivatalos nyelv\u00fck van<\/a><\/li><li class='ez-toc-page-1 ez-toc-heading-level-2'><a class=\"ez-toc-link ez-toc-heading-2\" href=\"https:\/\/moverdb.com\/hu\/moving-to-luxembourg\/living-in-luxembourg\/#2_The_cost_of_living_is_relatively_high\" >2. A meg\u00e9lhet\u00e9si k\u00f6lts\u00e9gek viszonylag magasak<\/a><\/li><li class='ez-toc-page-1 ez-toc-heading-level-2'><a class=\"ez-toc-link ez-toc-heading-3\" href=\"https:\/\/moverdb.com\/hu\/moving-to-luxembourg\/living-in-luxembourg\/#3_Getting_around_Luxembourg\" >3. Utaz\u00e1s Luxemburgban<\/a><\/li><li class='ez-toc-page-1 ez-toc-heading-level-2'><a class=\"ez-toc-link ez-toc-heading-4\" href=\"https:\/\/moverdb.com\/hu\/moving-to-luxembourg\/living-in-luxembourg\/#4_Theres_plenty_to_do_over_there\" >4. Rengeteg a tennival\u00f3 ott<\/a><\/li><li class='ez-toc-page-1 ez-toc-heading-level-2'><a class=\"ez-toc-link ez-toc-heading-5\" href=\"https:\/\/moverdb.com\/hu\/moving-to-luxembourg\/living-in-luxembourg\/#5_Crime_rates_are_low\" >5. A b\u0171n\u00f6z\u00e9si r\u00e1ta alacsony<\/a><\/li><li class='ez-toc-page-1 ez-toc-heading-level-2'><a class=\"ez-toc-link ez-toc-heading-6\" href=\"https:\/\/moverdb.com\/hu\/moving-to-luxembourg\/living-in-luxembourg\/#6_Their_healthcare_system_is_excellent\" >6. Az eg\u00e9szs\u00e9g\u00fcgyi rendszer\u00fck kiv\u00e1l\u00f3<\/a><\/li><li class='ez-toc-page-1 ez-toc-heading-level-2'><a class=\"ez-toc-link ez-toc-heading-7\" href=\"https:\/\/moverdb.com\/hu\/moving-to-luxembourg\/living-in-luxembourg\/#7_This_is_the_second_richest_country_in_the_world\" >7. Ez a vil\u00e1g m\u00e1sodik leggazdagabb orsz\u00e1ga.<\/a><\/li><li class='ez-toc-page-1 ez-toc-heading-level-2'><a class=\"ez-toc-link ez-toc-heading-8\" href=\"https:\/\/moverdb.com\/hu\/moving-to-luxembourg\/living-in-luxembourg\/#8_The_cuisine_is_a_blend_of_French_and_German\" >8. A konyha a francia \u00e9s a n\u00e9met konyha kever\u00e9ke.<\/a><\/li><li class='ez-toc-page-1 ez-toc-heading-level-2'><a class=\"ez-toc-link ez-toc-heading-9\" href=\"https:\/\/moverdb.com\/hu\/moving-to-luxembourg\/living-in-luxembourg\/#9_One_of_the_best_education_systems_in_the_world\" >9. A vil\u00e1g egyik legjobb oktat\u00e1si rendszere<\/a><\/li><li class='ez-toc-page-1 ez-toc-heading-level-2'><a class=\"ez-toc-link ez-toc-heading-10\" href=\"https:\/\/moverdb.com\/hu\/moving-to-luxembourg\/living-in-luxembourg\/#10_Visas_and_permits\" >10. V\u00edzumok \u00e9s enged\u00e9lyek<\/a><\/li><li class='ez-toc-page-1 ez-toc-heading-level-2'><a class=\"ez-toc-link ez-toc-heading-11\" href=\"https:\/\/moverdb.com\/hu\/moving-to-luxembourg\/living-in-luxembourg\/#11_Almost_half_of_the_population_are_immigrants\" >11. A lakoss\u00e1g k\u00f6zel fele bev\u00e1ndorl\u00f3<\/a><\/li><li class='ez-toc-page-1 ez-toc-heading-level-2'><a class=\"ez-toc-link ez-toc-heading-12\" href=\"https:\/\/moverdb.com\/hu\/moving-to-luxembourg\/living-in-luxembourg\/#12_Diverse_culture_and_beautiful_landscapes\" >12. Soksz\u00edn\u0171 kult\u00fara \u00e9s gy\u00f6ny\u00f6r\u0171 t\u00e1jak<\/a><\/li><li class='ez-toc-page-1 ez-toc-heading-level-2'><a class=\"ez-toc-link ez-toc-heading-13\" href=\"https:\/\/moverdb.com\/hu\/moving-to-luxembourg\/living-in-luxembourg\/#13_Taxes_in_Luxembourg\" >13. Luxemburgi ad\u00f3k<\/a><\/li><li class='ez-toc-page-1 ez-toc-heading-level-2'><a class=\"ez-toc-link ez-toc-heading-14\" href=\"https:\/\/moverdb.com\/hu\/moving-to-luxembourg\/living-in-luxembourg\/#14_Work-life_balance\" >14. Munka \u00e9s mag\u00e1n\u00e9let egyens\u00falya<\/a><\/li><li class='ez-toc-page-1 ez-toc-heading-level-2'><a class=\"ez-toc-link ez-toc-heading-15\" href=\"https:\/\/moverdb.com\/hu\/moving-to-luxembourg\/living-in-luxembourg\/#15_They_produce_award-winning_wines\" >15. D\u00edjnyertes borokat k\u00e9sz\u00edtenek<\/a><\/li><li class='ez-toc-page-1 ez-toc-heading-level-2'><a class=\"ez-toc-link ez-toc-heading-16\" href=\"https:\/\/moverdb.com\/hu\/moving-to-luxembourg\/living-in-luxembourg\/#16_They_won_Eurovision_five_times\" >16. \u00d6tsz\u00f6r nyert\u00e9k meg az Eurov\u00edzi\u00f3t<\/a><\/li><li class='ez-toc-page-1 ez-toc-heading-level-2'><a class=\"ez-toc-link ez-toc-heading-17\" href=\"https:\/\/moverdb.com\/hu\/moving-to-luxembourg\/living-in-luxembourg\/#17_Castles_castles%E2%80%A6and_more_castles\" >17. V\u00e1rak, v\u00e1rak, v\u00e1rak... \u00e9s m\u00e9g t\u00f6bb v\u00e1r<\/a><\/li><li class='ez-toc-page-1 ez-toc-heading-level-2'><a class=\"ez-toc-link ez-toc-heading-18\" href=\"https:\/\/moverdb.com\/hu\/moving-to-luxembourg\/living-in-luxembourg\/#18_The_quality_of_life_is_very_high\" >18. Az \u00e9letmin\u0151s\u00e9g nagyon magas<\/a><\/li><li class='ez-toc-page-1 ez-toc-heading-level-2'><a class=\"ez-toc-link ez-toc-heading-19\" href=\"https:\/\/moverdb.com\/hu\/moving-to-luxembourg\/living-in-luxembourg\/#19_The_country_is_home_to_wild_boars\" >19. Az orsz\u00e1g a vaddiszn\u00f3k otthona<\/a><\/li><li class='ez-toc-page-1 ez-toc-heading-level-2'><a class=\"ez-toc-link ez-toc-heading-20\" href=\"https:\/\/moverdb.com\/hu\/moving-to-luxembourg\/living-in-luxembourg\/#20_Pretzel_Sunday\" >20. Perec vas\u00e1rnap<\/a><\/li><li class='ez-toc-page-1 ez-toc-heading-level-2'><a class=\"ez-toc-link ez-toc-heading-21\" href=\"https:\/\/moverdb.com\/hu\/moving-to-luxembourg\/living-in-luxembourg\/#21_The_minimum_legal_drinking_age_is_16_years\" >21. Az alkoholfogyaszt\u00e1s leg\u00e1lis als\u00f3 korhat\u00e1ra 16 \u00e9v<\/a><\/li><li class='ez-toc-page-1 ez-toc-heading-level-2'><a class=\"ez-toc-link ez-toc-heading-22\" href=\"https:\/\/moverdb.com\/hu\/moving-to-luxembourg\/living-in-luxembourg\/#FAQs\" >GYIK<\/a><ul class='ez-toc-list-level-3' ><li class='ez-toc-heading-level-3'><a class=\"ez-toc-link ez-toc-heading-23\" href=\"https:\/\/moverdb.com\/hu\/moving-to-luxembourg\/living-in-luxembourg\/#Is_Luxembourg_landlocked\" >Luxemburg tengerparttal nem rendelkezik?<\/a><\/li><li class='ez-toc-page-1 ez-toc-heading-level-3'><a class=\"ez-toc-link ez-toc-heading-24\" href=\"https:\/\/moverdb.com\/hu\/moving-to-luxembourg\/living-in-luxembourg\/#What_is_the_average_salary_in_Luxembourg\" >Mennyi az \u00e1tlagkereset Luxemburgban?<\/a><\/li><li class='ez-toc-page-1 ez-toc-heading-level-3'><a class=\"ez-toc-link ez-toc-heading-25\" href=\"https:\/\/moverdb.com\/hu\/moving-to-luxembourg\/living-in-luxembourg\/#Are_Luxembourgers_friendly\" >A luxemburgiak bar\u00e1ts\u00e1gosak?<\/a><\/li><li class='ez-toc-page-1 ez-toc-heading-level-3'><a class=\"ez-toc-link ez-toc-heading-26\" href=\"https:\/\/moverdb.com\/hu\/moving-to-luxembourg\/living-in-luxembourg\/#What_type_of_government_is_used_in_Luxembourg\" >Milyen t\u00edpus\u00fa korm\u00e1nyt alkalmaznak Luxemburgban?<\/a><\/li><\/ul><\/li><li class='ez-toc-page-1 ez-toc-heading-level-2'><a class=\"ez-toc-link ez-toc-heading-27\" href=\"https:\/\/moverdb.com\/hu\/moving-to-luxembourg\/living-in-luxembourg\/#Final_Thoughts\" >V\u00e9gs\u0151 gondolatok<\/a><\/li><li class='ez-toc-page-1 ez-toc-heading-level-2'><a class=\"ez-toc-link ez-toc-heading-28\" href=\"https:\/\/moverdb.com\/hu\/moving-to-luxembourg\/living-in-luxembourg\/#Other_Useful_Guides_to_Luxembourg\" >Egy\u00e9b hasznos \u00fatmutat\u00f3k Luxemburghoz<\/a><\/li><\/ul><\/nav><\/div>\n<h2><span class=\"ez-toc-section\" id=\"1_They_have_three_official_languages\"><\/span>1. <span data-color=\"rgb(255, 254, 255)\">H\u00e1rom hivatalos nyelv\u00fck van<\/span><span class=\"ez-toc-section-end\"><\/span><\/h2>\n<p>Az orsz\u00e1g kezdetben n\u00e9met \u00e9s francia uralom alatt \u00e1llt, ez\u00e9rt n\u00e9met\u00fcl \u00e9s franci\u00e1ul besz\u00e9ltek. 1984-ben pedig a luxemburgi lett a nemzeti nyelv\u00fck. Tanulm\u00e1nyok szerint a lakoss\u00e1g nagyj\u00e1b\u00f3l 70% besz\u00e9l luxemburgiul, \u00e9s sokan besz\u00e9lik a m\u00e1sik k\u00e9t hivatalos nyelvet is: a franci\u00e1t \u00e9s a n\u00e9metet.<\/p>\n<h2><span class=\"ez-toc-section\" id=\"2_The_cost_of_living_is_relatively_high\"><\/span>2. A meg\u00e9lhet\u00e9si k\u00f6lts\u00e9gek viszonylag magasak<span class=\"ez-toc-section-end\"><\/span><\/h2>\n<p>Luxemburgban, a nagyhercegs\u00e9gben viszonylag magasak a meg\u00e9lhet\u00e9si k\u00f6lts\u00e9gek. Ennek k\u00f6vetkezt\u00e9ben a magas \u00e1rak miatt sok helyi lakos a szomsz\u00e9dos orsz\u00e1gokba utazik luxuscikkek\u00e9rt \u00e9s felszerel\u00e9sek\u00e9rt.<\/p>\n<p>Luxemburgban a lakhat\u00e1s is meglehet\u0151sen dr\u00e1ga. Sokkal jobb ingatlant v\u00e1s\u00e1rolni, ha hossz\u00fa t\u00e1von sz\u00e1nd\u00e9kozik ott maradni, mivel az \u00e1tlagos b\u00e9rleti d\u00edj magas, b\u00e1r d\u00e9len \u00e9s keleten megfizethet\u0151bb.<\/p>\n<p>Az \u00e1ram \u00e1ra magasabb, mint Eur\u00f3pa m\u00e1s r\u00e9szein, \u00e9s az \u00e9lelmiszerek is dr\u00e1g\u00e1bbak, att\u00f3l f\u00fcgg\u0151en, hogy hol v\u00e1s\u00e1rol. A minim\u00e1lb\u00e9r\u00fck azonban viszonylag magas; ez ellens\u00falyozza a meg\u00e9lhet\u00e9si k\u00f6lts\u00e9geket.<\/p>\n<h2><span class=\"ez-toc-section\" id=\"3_Getting_around_Luxembourg\"><\/span>3. Utaz\u00e1s Luxemburgban<span class=\"ez-toc-section-end\"><\/span><\/h2>\n<p>2020-ban Luxemburg lett az els\u0151 olyan orsz\u00e1g, amely minden t\u00f6megk\u00f6zleked\u00e9st ingyeness\u00e9 tesz, kiv\u00e9ve, ha els\u0151 oszt\u00e1lyon utazik a vonaton, vagy ha \u00e1tl\u00e9pi a hat\u00e1rt. A leggyakoribb az aut\u00f3busszal val\u00f3 utaz\u00e1s, \u00e9s a legt\u00f6bb faluban \u00e9s v\u00e1rosban van j\u00e1ratuk, valamint rendszeres vonatj\u00e1rat t\u00f6bb \u00fatvonalon \u00e9s villamos.<\/p>\n<p>T\u00f6bbf\u00e9le taxi szolg\u00e1ltat\u00e1s k\u00f6z\u00fcl v\u00e1laszthat. Nagyszer\u0171 v\u00e1laszt\u00e1s a Vel'oh; ezek olyan ker\u00e9kp\u00e1rok, amelyeket egy napra lehet b\u00e9relni, \u00e9s mind teljesen felszereltek elektromos seg\u00edts\u00e9ggel. \u00c9ves el\u0151fizet\u00e9s is el\u00e9rhet\u0151.<\/p>\n<p>Kevesen j\u00e1rnak aut\u00f3val a v\u00e1rosba, \u00e9s a telekocsi-k\u00f6zleked\u00e9s is nagy divat. Szerencs\u00e9re sz\u00e1mos k\u00f6zleked\u00e9si m\u00f3d k\u00f6z\u00fcl v\u00e1laszthatunk!<\/p>\n<h2><span class=\"ez-toc-section\" id=\"4_Theres_plenty_to_do_over_there\"><\/span>4. Rengeteg a tennival\u00f3 ott<span class=\"ez-toc-section-end\"><\/span><\/h2>\n<p><img loading=\"lazy\" decoding=\"async\" src=\"https:\/\/moverdb.com\/wp-content\/uploads\/shutterstock_2160346821.jpg\" alt=\"\" width=\"1000\" height=\"666\" class=\"aligncenter size-full wp-image-18377\" srcset=\"https:\/\/moverdb.com\/wp-content\/uploads\/shutterstock_2160346821.jpg 1000w, https:\/\/moverdb.com\/wp-content\/uploads\/shutterstock_2160346821-300x200.jpg 300w, https:\/\/moverdb.com\/wp-content\/uploads\/shutterstock_2160346821-18x12.jpg 18w\" sizes=\"auto, (max-width: 1000px) 100vw, 1000px\" \/><\/p>\n<p>Luxemburg v\u00e1ros \u00e9s azon t\u00fal is sok mindent k\u00edn\u00e1l. H\u00e9tv\u00e9g\u00e9it a gal\u00e9ri\u00e1k, m\u00fazeumok, k\u00e1v\u00e9z\u00f3k \u00e9s b\u00e1rok l\u00e1togat\u00e1s\u00e1val, valamint a remek s\u00f6r\u00f6k, borok \u00e9s \u00e9telek k\u00f3stol\u00e1s\u00e1val t\u00f6ltheti.<\/p>\n<p>A h\u00e9t v\u00e1r v\u00f6lgy\u00e9t mindenk\u00e9ppen meg kell n\u00e9zni. K\u00fcl\u00f6nb\u00f6z\u0151 m\u00fazeumok, a Notre-Dame katedr\u00e1lis, a City Casements, fedezze fel Berdorfot vagy a k\u00fcl\u00f6nb\u00f6z\u0151 v\u00e1rosokat \u00e9s falvakat. Mindenki sz\u00e1m\u00e1ra van valami, a kult\u00far\u00e1t\u00f3l, a sz\u00f3rakoz\u00e1st\u00f3l \u00e9s a t\u00f6rt\u00e9nelemt\u0151l kezdve a szabadban val\u00f3 tart\u00f3zkod\u00e1sig.<\/p>\n<h2><span class=\"ez-toc-section\" id=\"5_Crime_rates_are_low\"><\/span>5. A b\u0171n\u00f6z\u00e9si r\u00e1ta alacsony<span class=\"ez-toc-section-end\"><\/span><\/h2>\n<p>Luxemburgban a leggyakoribb b\u0171ncselekm\u00e9nyek a bet\u00f6r\u00e9ses lop\u00e1s \u00e9s a lop\u00e1s. Ezek \u00e1ltal\u00e1ban nem er\u0151szakosak. A zsebtolvajokkal azonban sz\u00e1molni kell, k\u00fcl\u00f6n\u00f6sen a vas\u00fat\u00e1llom\u00e1sokon. A jelent\u0151sebb b\u0171ncselekm\u00e9nyek ar\u00e1nya az \u00e9vek sor\u00e1n viszonylag alacsony maradt. Csak j\u00f3, ha \u00e9berek vagyunk, mint b\u00e1rhol m\u00e1shol a vil\u00e1gon.<\/p>\n<p>M\u00e1s eur\u00f3pai orsz\u00e1gokkal \u00f6sszehasonl\u00edtva Luxemburg az egyik legbiztons\u00e1gosabb.<\/p>\n<h2><span class=\"ez-toc-section\" id=\"6_Their_healthcare_system_is_excellent\"><\/span>6. Az eg\u00e9szs\u00e9g\u00fcgyi rendszer\u00fck kiv\u00e1l\u00f3<span class=\"ez-toc-section-end\"><\/span><\/h2>\n<p>A luxemburgi eg\u00e9szs\u00e9g\u00fcgyi ell\u00e1t\u00e1s az egyik legjobb; az \u00e1llamilag finansz\u00edrozott \u00e9s nagyon magas sz\u00ednvonal\u00fa, minden \u00e1llampolg\u00e1r sz\u00e1m\u00e1ra alapvet\u0151 orvosi ell\u00e1t\u00e1st biztos\u00edt. Megv\u00e1laszthatj\u00e1k a k\u00f3rh\u00e1zat, az orvost \u00e9s a szakorvost.<\/p>\n<p>A polg\u00e1rok a t\u00e1rsadalombiztos\u00edt\u00e1si rendszerbe t\u00f6rt\u00e9n\u0151 befizet\u00e9ssel j\u00e1rulnak hozz\u00e1 az eg\u00e9szs\u00e9gbiztos\u00edt\u00e1shoz; a legt\u00f6bb vizsg\u00e1lat, recept, kezel\u00e9s \u00e9s k\u00f3rh\u00e1zi kezel\u00e9s fedezett. Azok, akik nem tudnak j\u00e1rul\u00e9kot fizetni, \u00e1llamilag fedezett alapell\u00e1t\u00e1sban r\u00e9szes\u00fclnek. Ha \u00d6n nem az Eur\u00f3pai Uni\u00f3b\u00f3l sz\u00e1rmazik, mag\u00e1n-eg\u00e9szs\u00e9gbiztos\u00edt\u00e1st kell k\u00f6tnie.<\/p>\n<p>Az \u00e1llami eg\u00e9szs\u00e9gbiztos\u00edt\u00e1s az eg\u00e9szs\u00e9g\u00fcgyi k\u00f6lts\u00e9gek mintegy 80-90% r\u00e9sz\u00e9t fedezi. K\u00fclf\u00f6ldik\u00e9nt egyszer\u0171 az eg\u00e9szs\u00e9gbiztos\u00edt\u00e1sra val\u00f3 bejelentkez\u00e9s. Regisztr\u00e1lnia kell a <a href=\"https:\/\/www.expatica.com\/lu\/living\/gov-law-admin\/social-security-in-luxembourg-103751\/\" target=\"_blank\" rel=\"noopener noreferrer\">CCSS<\/a>\u00e9s \u00e1ltal\u00e1nos dokument\u00e1ci\u00f3t biztos\u00edt.<\/p>\n<h2><span class=\"ez-toc-section\" id=\"7_This_is_the_second_richest_country_in_the_world\"><\/span>7. Ez a vil\u00e1g m\u00e1sodik leggazdagabb orsz\u00e1ga.<span class=\"ez-toc-section-end\"><\/span><\/h2>\n<p>Luxemburgban a vagyon nagyon stabil, a munkan\u00e9lk\u00fclis\u00e9gi r\u00e1t\u00e1k tov\u00e1bbra is alacsonyak, a j\u00f6vedelmi r\u00e1t\u00e1k pedig magasak. A Vil\u00e1ggazdas\u00e1gi F\u00f3rum szerint a GDP-j\u00fck az\u00e9rt ilyen magas, mert egy ilyen apr\u00f3, tengerparttal nem rendelkez\u0151 orsz\u00e1gban sokan dolgoznak, akik a szomsz\u00e9dos orsz\u00e1gokban \u00e9lnek.<\/p>\n<p>Luxemburg infrastrukt\u00far\u00e1ja nagyon fejlett, \u00e9s a munkaer\u0151piac magas \u00e9rt\u00e9kei sok befektet\u0151t vonzanak. A gazdas\u00e1g t\u00falnyom\u00f3r\u00e9szt az import-exportra \u00e9p\u00fcl, b\u00e1r a p\u00e9nz\u00fcgyi szektoruk a legnagyobb m\u00e9rt\u00e9kben hozz\u00e1j\u00e1rul a gazdas\u00e1gukhoz - ez a nagy priv\u00e1t banki tev\u00e9kenys\u00e9g egyik forr\u00f3 pontja.<\/p>\n<h2><span class=\"ez-toc-section\" id=\"8_The_cuisine_is_a_blend_of_French_and_German\"><\/span>8. A konyha a francia \u00e9s a n\u00e9met konyha kever\u00e9ke.<span class=\"ez-toc-section-end\"><\/span><\/h2>\n<p>Luxemburg a k\u00fcl\u00f6nb\u00f6z\u0151 kult\u00far\u00e1k \u00e9s szok\u00e1sok f\u00f6ldje. Ez minden bizonnyal a konyh\u00e1jukban is megmutatkozik. K\u00e9sz\u00fclj\u00f6n fel a francia konyh\u00e1ra n\u00e9met adagokban. J\u00f3 \u00e9tv\u00e1gyat? J\u00f3 \u00e9tv\u00e1gyat! Mindenesetre, k\u00e9nyeztesse mag\u00e1t a kulin\u00e1ris kiv\u00e1l\u00f3s\u00e1ggal!<\/p>\n<p>Tal\u00e1lhat itt n\u00e9h\u00e1ny Michelin-csillagos \u00e9ttermet, \u00e9s Luxemburgban nagy a h\u00fas, nagy \u00e9s kiad\u00f3s adagokkal. N\u00e9h\u00e1ny n\u00e9pszer\u0171 \u00e9tel <em>Rieslingspascht\u00e9it<\/em>, egy pite h\u00fassal \u00e9s egy kis rizling borral, \u00e9s <em>Kniddelen mat Speck<\/em>; ezek gomb\u00f3cok n\u00e9mi szalonn\u00e1val.<\/p>\n<h2><span class=\"ez-toc-section\" id=\"9_One_of_the_best_education_systems_in_the_world\"><\/span>9. A vil\u00e1g egyik legjobb oktat\u00e1si rendszere<span class=\"ez-toc-section-end\"><\/span><\/h2>\n<p><img loading=\"lazy\" decoding=\"async\" src=\"https:\/\/moverdb.com\/wp-content\/uploads\/shutterstock_296802323.jpg\" alt=\"\" width=\"1000\" height=\"667\" class=\"aligncenter size-full wp-image-18378\" srcset=\"https:\/\/moverdb.com\/wp-content\/uploads\/shutterstock_296802323.jpg 1000w, https:\/\/moverdb.com\/wp-content\/uploads\/shutterstock_296802323-300x200.jpg 300w, https:\/\/moverdb.com\/wp-content\/uploads\/shutterstock_296802323-18x12.jpg 18w\" sizes=\"auto, (max-width: 1000px) 100vw, 1000px\" \/><\/p>\n<p>A legt\u00f6bb iskola ingyenes \u00e9s \u00e1llami fenntart\u00e1s\u00fa. Majdnem minden iskola t\u00f6bbnyelv\u0171, \u00e9s n\u00e9h\u00e1nyban angolul is besz\u00e9lnek, de sz\u00e1mos nemzeti \u00e9s nemzetk\u00f6zi iskola is alkalmas a k\u00fclf\u00f6ldiek sz\u00e1m\u00e1ra.<\/p>\n<p>Alapfok\u00fa oktat\u00e1ssal rendelkeznek, ahol az \u00f3vod\u00e1kat \u00e9s az \u00e1ltal\u00e1nos iskol\u00e1kat kombin\u00e1lj\u00e1k. Azt\u00e1n van k\u00f6z\u00e9piskol\u00e1juk. Ez els\u0151sorban azoknak a di\u00e1koknak sz\u00f3l, akik egyetemre akarnak menni. M\u00e1s di\u00e1kok v\u00e1laszthatj\u00e1k a m\u0171szaki rendszer\u0171 iskol\u00e1kat, ahol a tanulm\u00e1nyok bizonyos k\u00e9szs\u00e9gekre \u00f6sszpontos\u00edtanak.<\/p>\n<p>Az oktat\u00e1si miniszt\u00e9rium seg\u00edt az \u00faj di\u00e1koknak, hogy megfelel\u0151 iskol\u00e1t tal\u00e1ljanak maguknak, \u00e9s nagyszer\u0171 a k\u00fclf\u00f6ldiek sz\u00e1m\u00e1ra. Ezt a <a href=\"https:\/\/integratioun.lu\/project\/la-cellule-daccueil-scolaire-pour-eleves-nouveaux-arrivants-casna-et-le-service-de-scolarisation-des-enfants-etrangers-secam\/\" target=\"_blank\" rel=\"noopener noreferrer\">CASNA szolg\u00e1ltat\u00e1s<\/a>.<\/p>\n<h2><span class=\"ez-toc-section\" id=\"10_Visas_and_permits\"><\/span>10. V\u00edzumok \u00e9s enged\u00e9lyek<span class=\"ez-toc-section-end\"><\/span><\/h2>\n<p>Ahhoz, hogy leg\u00e1lisan dolgozhasson Luxemburgban, tart\u00f3zkod\u00e1si \u00e9s munkav\u00e1llal\u00e1si enged\u00e9lyre van sz\u00fcks\u00e9ge. T\u00f6bbf\u00e9le munkav\u00e1llal\u00e1si enged\u00e9ly l\u00e9tezik. A r\u00f6vid t\u00e1v\u00fa tart\u00f3zkod\u00e1s nem alkalmazhat\u00f3 \u00d6nre, ha Luxemburgba szeretne k\u00f6lt\u00f6zni. L\u00e9tezik hossz\u00fa t\u00e1v\u00fa tart\u00f3zkod\u00e1sra jogos\u00edt\u00f3 v\u00edzum az \u00f6n\u00e1ll\u00f3 v\u00e1llalkoz\u00f3k, a b\u00e9rmunk\u00e1sok, a magasan k\u00e9pzett munkav\u00e1llal\u00f3k, az au pairek \u00e9s a di\u00e1kok sz\u00e1m\u00e1ra.<\/p>\n<p>Azok sz\u00e1m\u00e1ra, akik h\u00e1rom h\u00f3napn\u00e1l hosszabb ideig szeretn\u00e9nek Luxemburgban dolgozni, l\u00e9tezik uni\u00f3s k\u00e9k k\u00e1rtya is. Ez a v\u00edzum el\u0151ny\u00f6kkel j\u00e1r, de bizonyos elj\u00e1r\u00e1st kell k\u00f6vetni. A v\u00edzumk\u00e9relmez\u00e9si elj\u00e1r\u00e1s a szem\u00e9lyes k\u00f6r\u00fclm\u00e9nyekt\u0151l, az iskolai v\u00e9gzetts\u00e9gt\u0151l \u00e9s a foglalkoztat\u00e1st\u00f3l f\u00fcgg\u0151en v\u00e1ltozik. A k\u00e9relmet azon a ter\u00fcleten kell beny\u00fajtani, ahol dolgozni \u00e9s \u00e9lni szeretne.<\/p>\n<p>K\u00fcl\u00f6nb\u00f6z\u0151 dokumentumokat kell beny\u00fajtania, p\u00e9ld\u00e1ul \u00fatlevelet, szem\u00e9lyi igazolv\u00e1nyt \u00e9s p\u00e9nz\u00fcgyeket. \u00c9s mindegyiket le kell ford\u00edtani. Luxemburg akkor ad tart\u00f3zkod\u00e1si enged\u00e9lyt, ha \u00fagy l\u00e1tj\u00e1k, hogy az orsz\u00e1got fogja szolg\u00e1lni, \u00e9s sz\u00fcks\u00e9g van r\u00e1. Sz\u00fcks\u00e9ged lesz tov\u00e1bb\u00e1 egy k\u00fclf\u00f6ldi szem\u00e9lyi igazolv\u00e1nyra is.<\/p>\n<h2><span class=\"ez-toc-section\" id=\"11_Almost_half_of_the_population_are_immigrants\"><\/span>11. A lakoss\u00e1g k\u00f6zel fele bev\u00e1ndorl\u00f3<span class=\"ez-toc-section-end\"><\/span><\/h2>\n<p>Luxemburgban t\u00f6bb k\u00fclf\u00f6ldi \u00e9l, mint b\u00e1rmely m\u00e1s eur\u00f3pai orsz\u00e1gban. Mintegy 170 k\u00fcl\u00f6nb\u00f6z\u0151 nemzetis\u00e9g\u0171 lakos \u00e9l itt. Ennek oka lehet a magas luxemburgi \u00e9letsz\u00ednvonal, sokan a j\u00f3 munka, a biztons\u00e1g \u00e9s a jobb \u00e9let miatt k\u00f6lt\u00f6znek oda.<\/p>\n<h2><span class=\"ez-toc-section\" id=\"12_Diverse_culture_and_beautiful_landscapes\"><\/span>12. Soksz\u00edn\u0171 kult\u00fara \u00e9s gy\u00f6ny\u00f6r\u0171 t\u00e1jak<span class=\"ez-toc-section-end\"><\/span><\/h2>\n<p>Luxemburg kult\u00far\u00e1j\u00e1nak egy r\u00e9sz\u00e9t a k\u00f6rnyez\u0151 orsz\u00e1gokb\u00f3l kapja, \u00e9s a lakoss\u00e1g mintegy 87% r\u00e9sze r\u00f3mai katolikus. A h\u00e1romszori arcon cs\u00f3kol\u00e1s a szok\u00e1sos \u00fcdv\u00f6zl\u00e9s, \u00e9s az emberek \u00e1ltal\u00e1ban nagyon bar\u00e1ts\u00e1gosak \u00e9s bar\u00e1ts\u00e1gosak.<\/p>\n<p>Luxemburg fest\u0151i falvaknak \u00e9s v\u00e1rosoknak is otthont ad, \u00e9s ha elhagyja Luxemburg v\u00e1ros\u00e1t, kast\u00e9lyokat, p\u00e1sztori idillt \u00e9s gy\u00f6ny\u00f6r\u0171 term\u00e9szeti sz\u00e9ps\u00e9geket l\u00e1that.<\/p>\n<h2><span class=\"ez-toc-section\" id=\"13_Taxes_in_Luxembourg\"><\/span>13. Luxemburgi ad\u00f3k<span class=\"ez-toc-section-end\"><\/span><\/h2>\n<p>A k\u00fclf\u00f6ldieknek j\u00f6vedelemad\u00f3t kell fizetni\u00fck, \u00e9s a lak\u00f3helye \u00e9s csal\u00e1di \u00e1llapota alapj\u00e1n ad\u00f3z\u00e1si oszt\u00e1lyba sorolj\u00e1k. Sz\u00e1mos munkav\u00e1llal\u00f3i juttat\u00e1s is ad\u00f3k\u00f6teles, \u00e9s a b\u00e9rbead\u00e1sb\u00f3l sz\u00e1rmaz\u00f3 j\u00f6vedelem ut\u00e1n is ad\u00f3t kell fizetnie. A j\u00f6vedelemad\u00f3 0-42% k\u00f6z\u00f6tt mozog, \u00e9s a munkav\u00e1llal\u00f3knak 7% \u00e9s 9%-t is be kell fizetni\u00fck a foglalkoztat\u00e1si alapba. Hogy mennyit fizet, az att\u00f3l f\u00fcgg, hogy <a href=\"https:\/\/www.expatica.com\/lu\/finance\/taxes\/luxembourg-income-tax-103752\/#:~:text=Income%20tax%20in%20Luxembourg%20is,of%208%25%20kicking%20in%20thereafter.\" target=\"_blank\" rel=\"noopener noreferrer\">ad\u00f3oszt\u00e1ly<\/a>.<\/p>\n<h2><span class=\"ez-toc-section\" id=\"14_Work-life_balance\"><\/span>14. Munka \u00e9s mag\u00e1n\u00e9let egyens\u00falya<span class=\"ez-toc-section-end\"><\/span><\/h2>\n<p>Luxemburgban a legjobb a munka \u00e9s a mag\u00e1n\u00e9let egyens\u00falya. A dolgoz\u00f3 \u00e1llampolg\u00e1rok \u00e9vente 32 nap fizetett szabads\u00e1got kapnak, \u00e9s a munka <a href=\"https:\/\/www.tradeandinvest.lu\/news\/luxembourg-offers-best-work-life-balance\/#:~:text=With%20an%20average%20net%20monthly,Earning%20More%E2%80%9D%20by%20Expert%20Market.\" target=\"_blank\" rel=\"noopener noreferrer\">1703<\/a>\u00f3r\u00e1k \u00e9vente. Sok munk\u00e1ltat\u00f3 enged\u00e9lyezi a sz\u00fcl\u00e9si \u00e9s \u00e9ves szabads\u00e1got, a rugalmas munkaid\u0151t, az apas\u00e1gi szabads\u00e1got, a karrier sz\u00fcneteket, valamint a tanulm\u00e1nyi \u00e9s vizsgaszabads\u00e1got. A heti munkaid\u0151 40 \u00f3ra, \u00e9s a munkav\u00e1llal\u00f3knak kompenz\u00e1ci\u00f3t kell kapniuk, ha t\u00fal\u00f3r\u00e1ban dolgoznak.<\/p>\n<p>A munk\u00e1ltat\u00f3k biztos\u00edtj\u00e1k, hogy a munkak\u00f6rnyezet pozit\u00edv legyen, \u00e9s bizonyos szabads\u00e1got biztos\u00edtson. Az emberek kiv\u00e1l\u00f3 egyens\u00falyt tal\u00e1lnak a munka \u00e9s a mag\u00e1n\u00e9let k\u00f6z\u00f6tt, \u00e9s \u00e9lvezik a csal\u00e1di id\u0151t, mik\u00f6zben tisztess\u00e9ges fizet\u00e9st kapnak.<\/p>\n<h2><span class=\"ez-toc-section\" id=\"15_They_produce_award-winning_wines\"><\/span>15. D\u00edjnyertes borokat k\u00e9sz\u00edtenek<span class=\"ez-toc-section-end\"><\/span><\/h2>\n<p><img loading=\"lazy\" decoding=\"async\" src=\"https:\/\/moverdb.com\/wp-content\/uploads\/shutterstock_2052564959.jpg\" alt=\"\" width=\"1000\" height=\"667\" class=\"aligncenter size-full wp-image-18379\" srcset=\"https:\/\/moverdb.com\/wp-content\/uploads\/shutterstock_2052564959.jpg 1000w, https:\/\/moverdb.com\/wp-content\/uploads\/shutterstock_2052564959-300x200.jpg 300w, https:\/\/moverdb.com\/wp-content\/uploads\/shutterstock_2052564959-18x12.jpg 18w\" sizes=\"auto, (max-width: 1000px) 100vw, 1000px\" \/><\/p>\n<p>Val\u00f3sz\u00edn\u0171leg csak akkor k\u00f3stolhatod a borukat, ha Luxemburgban \u00e9lsz. T\u00f6bb mint 450 termel\u0151nek \u00e9s bor\u00e1sznak adnak otthont. A bor nagy r\u00e9sz\u00e9t a helyiek fogyasztj\u00e1k el, a t\u00f6bbit pedig elsz\u00e1ll\u00edtj\u00e1k a <a href=\"https:\/\/moverdb.com\/hu\/moving-to-germany\/\" data-internallinksmanager029f6b8e52c=\"321\" title=\"N\u00e9metorsz\u00e1gba k\u00f6lt\u00f6zik? 2023 Meg\u00e9lhet\u00e9si k\u00f6lts\u00e9gek \u00e9s k\u00f6lt\u00f6z\u00e9si tippek\">N\u00e9metorsz\u00e1g<\/a> \u00e9s <a href=\"https:\/\/moverdb.com\/hu\/moving-to-belgium\/\" data-internallinksmanager029f6b8e52c=\"323\" title=\"Belgiumba k\u00f6lt\u00f6zik? 2023 Meg\u00e9lhet\u00e9si k\u00f6lts\u00e9gek \u00e9s k\u00f6lt\u00f6z\u00e9si tippek\">Belgium<\/a>. A bor\u00e1szoknak a mennyis\u00e9g helyett min\u0151s\u00e9get kell termelni\u00fck, \u00e9s a sz\u00ednre, a buk\u00e9ra, a tisztas\u00e1gra \u00e9s az \u00edzre vonatkoz\u00f3 szabv\u00e1nyok vannak \u00e9rv\u00e9nyben.<\/p>\n<p>Sz\u00e1mos borfesztiv\u00e1lt tartanak, \u00edgy mindenk\u00e9ppen \u00e9lvezze a borokat... vagy ak\u00e1r t\u00f6bb poh\u00e1rral is, am\u00edg Luxemburgban \u00e9l!<\/p>\n<h2><span class=\"ez-toc-section\" id=\"16_They_won_Eurovision_five_times\"><\/span>16. \u00d6tsz\u00f6r nyert\u00e9k meg az Eurov\u00edzi\u00f3t<span class=\"ez-toc-section-end\"><\/span><\/h2>\n<p>Luxemburg 1956-ban az egyik eredeti p\u00e1ly\u00e1z\u00f3 volt. Az els\u0151 gy\u0151zelm\u00fcket 1961-ben, a m\u00e1sodikat pedig 1965-ben szerezt\u00e9k meg, \u00e9s ezzel beker\u00fcltek a H\u00edress\u00e9gek Csarnok\u00e1ba. Ezt k\u00f6vet\u0151en 1972-ben \u00e9s 1973-ban is nyertek, az \u00f6t\u00f6dik gy\u0151zelm\u00fcket pedig 1983-ban aratt\u00e1k. Lehet, hogy kis orsz\u00e1g, de az emberek kiv\u00e9telesen tehets\u00e9gesek!<\/p>\n<h2><span class=\"ez-toc-section\" id=\"17_Castles_castles%E2%80%A6and_more_castles\"><\/span>17. V\u00e1rak, v\u00e1rak, v\u00e1rak... \u00e9s m\u00e9g t\u00f6bb v\u00e1r<span class=\"ez-toc-section-end\"><\/span><\/h2>\n<p>Az eg\u00e9sz orsz\u00e1gban mintegy 130 kast\u00e9ly tal\u00e1lhat\u00f3. Ezek a kast\u00e9lyok \u00e9vsz\u00e1zadosak \u00e9s hihetetlen t\u00f6rt\u00e9nelemmel rendelkeznek. Ha Luxemburgban \u00e9l, felt\u00e9tlen\u00fcl el kell mennie \u00e9s fel kell fedeznie a sz\u00e1mos kast\u00e9lyt! Ma egyeseket ki\u00e1ll\u00edt\u00e1sok, m\u00e1sokat pedig k\u00f6z\u00e9pkori fesztiv\u00e1lok, sz\u00ednh\u00e1zi estek, koncertek \u00e9s el\u0151ad\u00e1sok megrendez\u00e9s\u00e9re haszn\u00e1lnak.<\/p>\n<h2><span class=\"ez-toc-section\" id=\"18_The_quality_of_life_is_very_high\"><\/span>18. Az \u00e9letmin\u0151s\u00e9g nagyon magas<span class=\"ez-toc-section-end\"><\/span><\/h2>\n<p>Az \u00e9letmin\u0151s\u00e9g kiv\u00e1l\u00f3, ha Luxemburgban \u00e9l. J\u00f3 eg\u00e9szs\u00e9g\u00fcgyi rendszerrel, k\u00f6rnyezetmin\u0151s\u00e9ggel \u00e9s \u00fczleti szabads\u00e1ggal rendelkeznek. A Luxemburgban \u00e9l\u0151k nagyon biztons\u00e1gban \u00e9rzik magukat, \u00e9s a legt\u00f6bb embernek viszonylag magas a j\u00f6vedelme. A legt\u00f6bb ember ott j\u00f3 oktat\u00e1sban r\u00e9szes\u00fclt, \u00e9s stabil munkahelye van.<\/p>\n<p>A k\u00f6z\u00f6ss\u00e9g \u00e9s az \u00e1llampolg\u00e1ri r\u00e9szv\u00e9tel \u00e9rz\u00e9se is nagyszer\u0171. Az emberek \u00e1ltal\u00e1ban el\u00e9gedettek a luxemburgi \u00e9letsz\u00ednvonalukkal \u00e9s \u00e9letm\u00f3djukkal. Ha megn\u00e9zz\u00fck a <a href=\"https:\/\/www.oecdbetterlifeindex.org\/countries\/luxembourg\/#:~:text=How&#039;s%20Life%3F,It%20underperforms%20average%20in%20education.\" target=\"_blank\" rel=\"noopener noreferrer\">OECD Jobb \u00e9let index<\/a>, egy\u00e9rtelm\u0171, hogy sz\u00e1mos t\u00e9nyez\u0151 hozz\u00e1j\u00e1rul ahhoz, hogy az emberek \u00edgy \u00e9rezz\u00e9k magukat \u00e9s j\u00f3l \u00e9ljenek.<\/p>\n<h2><span class=\"ez-toc-section\" id=\"19_The_country_is_home_to_wild_boars\"><\/span>19. Az orsz\u00e1g a vaddiszn\u00f3k otthona<span class=\"ez-toc-section-end\"><\/span><\/h2>\n<p><img loading=\"lazy\" decoding=\"async\" src=\"https:\/\/moverdb.com\/wp-content\/uploads\/shutterstock_2470208683.jpg\" alt=\"\" width=\"1000\" height=\"667\" class=\"aligncenter size-full wp-image-18380\" srcset=\"https:\/\/moverdb.com\/wp-content\/uploads\/shutterstock_2470208683.jpg 1000w, https:\/\/moverdb.com\/wp-content\/uploads\/shutterstock_2470208683-300x200.jpg 300w, https:\/\/moverdb.com\/wp-content\/uploads\/shutterstock_2470208683-18x12.jpg 18w\" sizes=\"auto, (max-width: 1000px) 100vw, 1000px\" \/><\/p>\n<p>Luxemburgban val\u00f3sz\u00edn\u0171leg \u00f6sszefut egy vaddiszn\u00f3val. Nem kell f\u00e9lni t\u0151l\u00fck, \u00e9s \u00e1ltal\u00e1ban t\u00e1vol maradnak az emberekt\u0151l. A vaddiszn\u00f3k t\u00falszaporodtak, \u00e9s a korm\u00e1ny arra \u00f6szt\u00f6nzi az embereket, hogy vad\u00e1ssz\u00e1k \u0151ket, mivel k\u00e1ros\u00edtj\u00e1k a term\u00e9st \u00e9s a r\u00e9teket.<\/p>\n<h2><span class=\"ez-toc-section\" id=\"20_Pretzel_Sunday\"><\/span>20. Perec vas\u00e1rnap<span class=\"ez-toc-section-end\"><\/span><\/h2>\n<p><em>Bretzelsonndeg<\/em>! Ezek a szerelmi perecek; a n\u0151k a szeretet jel\u00e9\u00fcl mandul\u00e1val \u00e9s cukorm\u00e1zzal d\u00edsz\u00edtett perecet kapnak. Ha az \u00e9rz\u00e9seik k\u00f6lcs\u00f6n\u00f6sek, akkor szerelm\u00fck egy toj\u00e1st kap h\u00fasv\u00e9tkor, ha nem... akkor egy \u00fcres kosarat. A perecvas\u00e1rnap a nagyb\u00f6jt negyedik vas\u00e1rnapj\u00e1n van. A perec a f\u00e9rfi \u00e9rzelmeinek \u00e9s megbecs\u00fcl\u00e9s\u00e9nek a jele.<\/p>\n<h2><span class=\"ez-toc-section\" id=\"21_The_minimum_legal_drinking_age_is_16_years\"><\/span>21. Az alkoholfogyaszt\u00e1s leg\u00e1lis als\u00f3 korhat\u00e1ra 16 \u00e9v<span class=\"ez-toc-section-end\"><\/span><\/h2>\n<p>Az emberek 16 \u00e9ves korukban m\u00e1r leg\u00e1lisan ihatnak, de az ittas \u00e9s rendbont\u00f3 magatart\u00e1s nyilv\u00e1nos helyen b\u0171ncselekm\u00e9nynek min\u0151s\u00fcl, \u00e9s p\u00e9nzb\u00edrs\u00e1ggal vagy letart\u00f3ztat\u00e1ssal s\u00fajthat\u00f3. Nem lehet szeszes italt inni vagy sz\u00f3rakoz\u00f3helyre menni, de egy poh\u00e1r bort vagy s\u00f6rt meg lehet inni egy <a href=\"https:\/\/moverdb.com\/hu\/british-association-of-removers\/\" data-internallinksmanager029f6b8e52c=\"9\" title=\"A Brit K\u00f6lt\u00f6ztet\u0151k Sz\u00f6vets\u00e9ge (BAR) magyar\u00e1zata\">b\u00e1r<\/a>. A szeszes italok v\u00e1s\u00e1rl\u00e1s\u00e1nak t\u00f6rv\u00e9nyes korhat\u00e1ra 18 \u00e9v.<\/p>\n<h2><span class=\"ez-toc-section\" id=\"FAQs\"><\/span>GYIK<span class=\"ez-toc-section-end\"><\/span><\/h2>\n<h3><span class=\"ez-toc-section\" id=\"Is_Luxembourg_landlocked\"><\/span>Luxemburg tengerparttal nem rendelkezik?<span class=\"ez-toc-section-end\"><\/span><\/h3>\n<p>Igen, az. <a href=\"https:\/\/moverdb.com\/hu\/moving-to-france\/\" data-internallinksmanager029f6b8e52c=\"315\" title=\"Franciaorsz\u00e1gba k\u00f6lt\u00f6zik? 2023 Meg\u00e9lhet\u00e9si k\u00f6lts\u00e9gek \u00e9s k\u00f6lt\u00f6z\u00e9si tippek\">Franciaorsz\u00e1g<\/a>, Belgium \u00e9s N\u00e9metorsz\u00e1g Luxemburgot veszi k\u00f6r\u00fcl. Luxemburg teh\u00e1t nem a tenger mellett fekszik.<\/p>\n<h3><span class=\"ez-toc-section\" id=\"What_is_the_average_salary_in_Luxembourg\"><\/span>Mennyi az \u00e1tlagkereset Luxemburgban?<span class=\"ez-toc-section-end\"><\/span><\/h3>\n<p>Az \u00e1tlagkereset Luxemburgban k\u00f6r\u00fclbel\u00fcl $65,854 USD \u00e9vente. Az OECD azonban k\u00e9sz\u00edtett egy jelent\u00e9st, \u00e9s meg\u00e1llap\u00edtotta, hogy a n\u00e9pszer\u0171 \u00e1ll\u00e1sok \u00e1tlagfizet\u00e9se k\u00f6r\u00fclbel\u00fcl 59 923 eur\u00f3 \u00e9vente.<\/p>\n<h3><span class=\"ez-toc-section\" id=\"Are_Luxembourgers_friendly\"><\/span>A luxemburgiak bar\u00e1ts\u00e1gosak?<span class=\"ez-toc-section-end\"><\/span><\/h3>\n<p>Igen, azok. De egy kicsit visszafogottak is lehetnek, amikor idegenekkel besz\u00e9lgetnek \u00e9s foglalkoznak. A j\u00f3 modor azonban alapvet\u0151 fontoss\u00e1g\u00fa sz\u00e1mukra, \u00e9s k\u00e9ts\u00e9gk\u00edv\u00fcl mindenkit sz\u00edv\u00e9lyesen \u00e9s bar\u00e1ts\u00e1gosan fogadnak.<\/p>\n<h3><span class=\"ez-toc-section\" id=\"What_type_of_government_is_used_in_Luxembourg\"><\/span>Milyen t\u00edpus\u00fa korm\u00e1nyt alkalmaznak Luxemburgban?<span class=\"ez-toc-section-end\"><\/span><\/h3>\n<p>Luxemburg parlament\u00e1ris alkotm\u00e1nyos monarchia, minisztereln\u00f6kkel, korm\u00e1nyf\u0151vel, nagyherceggel \u00e9s \u00e1llamf\u0151vel. L\u00e9nyeg\u00e9ben a minisztereln\u00f6k\u00fck a korm\u00e1nyf\u0151 \u00e9s a t\u00f6bbp\u00e1rtrendszer.<\/p>\n<h2><span class=\"ez-toc-section\" id=\"Final_Thoughts\"><\/span>V\u00e9gs\u0151 gondolatok<span class=\"ez-toc-section-end\"><\/span><\/h2>\n<p>K\u00fclf\u00f6ldik\u00e9nt Luxemburgban \u00e9lni csod\u00e1latos \u00e9lm\u00e9ny, \u00e9s nem is tudn\u00e1m jobban aj\u00e1nlani. A munka \u00e9s a mag\u00e1n\u00e9let egyens\u00faly\u00e1nak el\u0151nyeit, a biztons\u00e1got \u00e9s a magas \u00e9letsz\u00ednvonalat egyszer\u0171en nem lehet fel\u00fclm\u00falni. Ha tudod, hogy ott lesz munk\u00e1d, \u00e9s el tudod tartani magad \u00e9s a csal\u00e1dod, nem tudom, mi akad\u00e1lyozhat meg.<\/p>\n<p>Az orsz\u00e1g tele van t\u00f6rt\u00e9nelemmel \u00e9s soksz\u00edn\u0171 kult\u00far\u00e1val, amelyek annyira egyediv\u00e9 teszik, \u00e9s az odak\u00f6lt\u00f6z\u00e9s olyan kaland lesz, amely \u00faj lehet\u0151s\u00e9gek \u00e9s tapasztalatok el\u0151tt nyitja meg az utat.<\/p>\n<h2><span class=\"ez-toc-section\" id=\"Other_Useful_Guides_to_Luxembourg\"><\/span>Egy\u00e9b hasznos \u00fatmutat\u00f3k Luxemburghoz<span class=\"ez-toc-section-end\"><\/span><\/h2>\n<ul>\n<li> <a href=\"https:\/\/moverdb.com\/hu\/kontenerszallitas\/luxemburg\/\">2024 Tengeri tehersz\u00e1ll\u00edt\u00e1si kont\u00e9ner \u00e1rak Luxemburgba \u00e9s Luxemburgb\u00f3l<\/a><\/li>\n<li> <a href=\"https:\/\/moverdb.com\/hu\/koltozteto-cegek\/moving-companies-luxembourg\/\">3 legjobb nemzetk\u00f6zi k\u00f6lt\u00f6ztet\u0151 c\u00e9g Luxemburgban<\/a><\/li>\n<li> <a href=\"https:\/\/moverdb.com\/hu\/moving-to-luxembourg\/\">Luxemburgba k\u00f6lt\u00f6zik? 2023 Lakhat\u00e1si k\u00f6lts\u00e9gek \u00e9s k\u00f6lt\u00f6z\u00e9si tippek<\/a><\/li>\n<\/ul>","protected":false},"excerpt":{"rendered":"<p>The Luxembourg way of life is lovely, and more and more people are moving there. Who wouldn&#8217;t want to live there with the standard of living, culture, history, and beauty of this country? Living in Luxembourg is a treat, but there are a few things you should know and consider before moving: 1. They have [&hellip;]<\/p>\n","protected":false},"author":1,"featured_media":0,"parent":7293,"menu_order":0,"comment_status":"closed","ping_status":"closed","template":"","meta":{"_genesis_hide_title":false,"_genesis_hide_breadcrumbs":false,"_genesis_hide_singular_image":false,"_genesis_hide_footer_widgets":false,"_genesis_custom_body_class":"","_genesis_custom_post_class":"","_genesis_layout":"","footnotes":""},"class_list":{"0":"post-9654","1":"page","2":"type-page","3":"status-publish","5":"entry","6":"has-post-thumbnail"},"_links":{"self":[{"href":"https:\/\/moverdb.com\/hu\/wp-json\/wp\/v2\/pages\/9654","targetHints":{"allow":["GET"]}}],"collection":[{"href":"https:\/\/moverdb.com\/hu\/wp-json\/wp\/v2\/pages"}],"about":[{"href":"https:\/\/moverdb.com\/hu\/wp-json\/wp\/v2\/types\/page"}],"author":[{"embeddable":true,"href":"https:\/\/moverdb.com\/hu\/wp-json\/wp\/v2\/users\/1"}],"replies":[{"embeddable":true,"href":"https:\/\/moverdb.com\/hu\/wp-json\/wp\/v2\/comments?post=9654"}],"version-history":[{"count":6,"href":"https:\/\/moverdb.com\/hu\/wp-json\/wp\/v2\/pages\/9654\/revisions"}],"predecessor-version":[{"id":18383,"href":"https:\/\/moverdb.com\/hu\/wp-json\/wp\/v2\/pages\/9654\/revisions\/18383"}],"up":[{"embeddable":true,"href":"https:\/\/moverdb.com\/hu\/wp-json\/wp\/v2\/pages\/7293"}],"wp:attachment":[{"href":"https:\/\/moverdb.com\/hu\/wp-json\/wp\/v2\/media?parent=9654"}],"curies":[{"name":"wp","href":"https:\/\/api.w.org\/{rel}","templated":true}]}}