{"id":9512,"date":"2023-06-08T12:42:23","date_gmt":"2023-06-08T12:42:23","guid":{"rendered":"https:\/\/moverdb.com\/?page_id=9512"},"modified":"2026-01-08T15:29:37","modified_gmt":"2026-01-08T15:29:37","slug":"moving-companies-romania","status":"publish","type":"page","link":"https:\/\/moverdb.com\/hu\/moving-companies\/moving-companies-romania\/","title":{"rendered":"8 legjobb nemzetk\u00f6zi k\u00f6lt\u00f6ztet\u0151 c\u00e9gek Rom\u00e1ni\u00e1ban"},"content":{"rendered":"<p>Rom\u00e1ni\u00e1n bel\u00fcl, Rom\u00e1ni\u00e1ba vagy Rom\u00e1ni\u00e1b\u00f3l tervezi a k\u00f6lt\u00f6z\u00e9st? Akkor \u00e9rdemes megfontolnia, hogy ig\u00e9nybe vegyen egy <a href=\"https:\/\/moverdb.com\/hu\/moving-companies\/\" data-internallinksmanager029f6b8e52c=\"79\" title=\"Top 25 nemzetk\u00f6zi k\u00f6lt\u00f6ztet\u0151 c\u00e9gek online\">k\u00f6lt\u00f6ztet\u0151 c\u00e9g<\/a> hogy seg\u00edtsen \u00d6nnek a k\u00f6lt\u00f6z\u00e9sben. Az al\u00e1bbiakban \u00f6ssze\u00e1ll\u00edtottunk egy list\u00e1t a rom\u00e1niai sz\u00e9khely\u0171 <a href=\"https:\/\/moverdb.com\/hu\/international-removals\/\" data-internallinksmanager029f6b8e52c=\"27\" title=\"36 legjobb nemzetk\u00f6zi k\u00f6lt\u00f6ztet\u0151 c\u00e9gek az Egyes\u00fclt Kir\u00e1lys\u00e1gban\">k\u00f6lt\u00f6ztet\u0151 c\u00e9gek<\/a> amelyek tagjai a <a href=\"https:\/\/moverdb.com\/hu\/iam\/\" data-internallinksmanager029f6b8e52c=\"23\" title=\"A K\u00f6lt\u00f6ztet\u0151k Nemzetk\u00f6zi Sz\u00f6vets\u00e9ge (IAM) magyar\u00e1zata\">K\u00f6lt\u00f6ztet\u0151k Nemzetk\u00f6zi Sz\u00f6vets\u00e9ge<\/a> (IAM) \u00e9s\/vagy <a href=\"https:\/\/moverdb.com\/hu\/fidi-faim\/\" data-internallinksmanager029f6b8e52c=\"16\" title=\"FIDI &amp; FAIM (FIDI akkredit\u00e1lt nemzetk\u00f6zi fuvaroz\u00f3) magyar\u00e1zata\">FIDI<\/a> Akkredit\u00e1lt nemzetk\u00f6zi k\u00f6lt\u00f6ztet\u0151 (FAIM), aki seg\u00edthet \u00d6nnek a k\u00f6lt\u00f6z\u00e9sben.<\/p>\n<div id=\"ez-toc-container\" class=\"ez-toc-v2_0_82_2 ez-toc-wrap-left counter-hierarchy ez-toc-counter ez-toc-transparent ez-toc-container-direction\">\n<div class=\"ez-toc-title-container\">\n<p class=\"ez-toc-title\" style=\"cursor:inherit\">Szakaszok<\/p>\n<span class=\"ez-toc-title-toggle\"><a href=\"#\" class=\"ez-toc-pull-right ez-toc-btn ez-toc-btn-xs ez-toc-btn-default ez-toc-toggle\" aria-label=\"Toggle Tartalomjegyz\u00e9k\"><span class=\"ez-toc-js-icon-con\"><span class=\"\"><span class=\"eztoc-hide\" style=\"display:none;\">Toggle<\/span><span class=\"ez-toc-icon-toggle-span\"><svg style=\"fill: #999;color:#999\" xmlns=\"http:\/\/www.w3.org\/2000\/svg\" class=\"list-377408\" width=\"20px\" height=\"20px\" viewbox=\"0 0 24 24\" fill=\"none\"><path d=\"M6 6H4v2h2V6zm14 0H8v2h12V6zM4 11h2v2H4v-2zm16 0H8v2h12v-2zM4 16h2v2H4v-2zm16 0H8v2h12v-2z\" fill=\"currentColor\"><\/path><\/svg><svg style=\"fill: #999;color:#999\" class=\"arrow-unsorted-368013\" xmlns=\"http:\/\/www.w3.org\/2000\/svg\" width=\"10px\" height=\"10px\" viewbox=\"0 0 24 24\" version=\"1.2\" baseprofile=\"tiny\"><path d=\"M18.2 9.3l-6.2-6.3-6.2 6.3c-.2.2-.3.4-.3.7s.1.5.3.7c.2.2.4.3.7.3h11c.3 0 .5-.1.7-.3.2-.2.3-.5.3-.7s-.1-.5-.3-.7zM5.8 14.7l6.2 6.3 6.2-6.3c.2-.2.3-.5.3-.7s-.1-.5-.3-.7c-.2-.2-.4-.3-.7-.3h-11c-.3 0-.5.1-.7.3-.2.2-.3.5-.3.7s.1.5.3.7z\"\/><\/svg><\/span><\/span><\/span><\/a><\/span><\/div>\n<nav><ul class='ez-toc-list ez-toc-list-level-1 eztoc-toggle-hide-by-default' ><li class='ez-toc-page-1 ez-toc-heading-level-2'><a class=\"ez-toc-link ez-toc-heading-1\" href=\"https:\/\/moverdb.com\/hu\/moving-companies\/moving-companies-romania\/#1_EE_Relo\" >1. EE Relo<\/a><\/li><li class='ez-toc-page-1 ez-toc-heading-level-2'><a class=\"ez-toc-link ez-toc-heading-2\" href=\"https:\/\/moverdb.com\/hu\/moving-companies\/moving-companies-romania\/#2_Gosselin\" >2. Gosselin<\/a><\/li><li class='ez-toc-page-1 ez-toc-heading-level-2'><a class=\"ez-toc-link ez-toc-heading-3\" href=\"https:\/\/moverdb.com\/hu\/moving-companies\/moving-companies-romania\/#3_Orbit\" >3. Orbit<\/a><\/li><li class='ez-toc-page-1 ez-toc-heading-level-2'><a class=\"ez-toc-link ez-toc-heading-4\" href=\"https:\/\/moverdb.com\/hu\/moving-companies\/moving-companies-romania\/#4_Premier_Moving_Storage\" >4. Premier Moving &amp; Storage<\/a><\/li><li class='ez-toc-page-1 ez-toc-heading-level-2'><a class=\"ez-toc-link ez-toc-heading-5\" href=\"https:\/\/moverdb.com\/hu\/moving-companies\/moving-companies-romania\/#5_Rilvan_Group\" >5. Rilvan csoport<\/a><\/li><li class='ez-toc-page-1 ez-toc-heading-level-2'><a class=\"ez-toc-link ez-toc-heading-6\" href=\"https:\/\/moverdb.com\/hu\/moving-companies\/moving-companies-romania\/#6_Santa_Fe_Relocation\" >6. Santa Fe \u00e1thelyez\u00e9se<\/a><\/li><li class='ez-toc-page-1 ez-toc-heading-level-2'><a class=\"ez-toc-link ez-toc-heading-7\" href=\"https:\/\/moverdb.com\/hu\/moving-companies\/moving-companies-romania\/#7_Smartmoving_Logistics\" >7. Smartmoving Logisztika<\/a><\/li><li class='ez-toc-page-1 ez-toc-heading-level-2'><a class=\"ez-toc-link ez-toc-heading-8\" href=\"https:\/\/moverdb.com\/hu\/moving-companies\/moving-companies-romania\/#8_CDD_Relocation\" >8. CDD \u00e1thelyez\u00e9s<\/a><\/li><li class='ez-toc-page-1 ez-toc-heading-level-2'><a class=\"ez-toc-link ez-toc-heading-9\" href=\"https:\/\/moverdb.com\/hu\/moving-companies\/moving-companies-romania\/#Other_Useful_Guides_to_Romania\" >Egy\u00e9b hasznos \u00fatik\u00f6nyvek Rom\u00e1ni\u00e1r\u00f3l<\/a><\/li><\/ul><\/nav><\/div>\n<h2><span class=\"ez-toc-section\" id=\"1_EE_Relo\"><\/span><strong>1. EE Relo<\/strong><span class=\"ez-toc-section-end\"><\/span><\/h2>\n<p><img loading=\"lazy\" decoding=\"async\" class=\"alignnone size-full wp-image-9356\" src=\"https:\/\/moverdb.com\/wp-content\/uploads\/EE-Relo-international-moving-company.png\" alt=\"EE Relo nemzetk\u00f6zi k\u00f6lt\u00f6ztet\u0151 c\u00e9g\" width=\"1440\" height=\"672\" data-wp-pid=\"9356\" srcset=\"https:\/\/moverdb.com\/wp-content\/uploads\/EE-Relo-international-moving-company.png 1440w, https:\/\/moverdb.com\/wp-content\/uploads\/EE-Relo-international-moving-company-300x140.png 300w, https:\/\/moverdb.com\/wp-content\/uploads\/EE-Relo-international-moving-company-1024x478.png 1024w, https:\/\/moverdb.com\/wp-content\/uploads\/EE-Relo-international-moving-company-18x8.png 18w, https:\/\/moverdb.com\/wp-content\/uploads\/EE-Relo-international-moving-company-600x280.png 600w\" sizes=\"auto, (max-width: 1440px) 100vw, 1440px\" \/><\/p>\n<ul>\n<li>Helyi k\u00f6lt\u00f6z\u00e9sek<\/li>\n<li>Nemzetk\u00f6zi k\u00f6lt\u00f6z\u00e9sek<\/li>\n<li>H\u00e1ztart\u00e1si k\u00f6lt\u00f6z\u00e9sek<\/li>\n<li>\u00dczleti l\u00e9p\u00e9sek<\/li>\n<li>H\u00e1zhoz men\u0151 szolg\u00e1ltat\u00e1sok<\/li>\n<li>K\u00f6lt\u00f6z\u00e9s el\u0151tti felm\u00e9r\u00e9s<\/li>\n<li>Teljes k\u00f6r\u0171 csomagol\u00e1si szolg\u00e1ltat\u00e1s<\/li>\n<li>V\u00e1malakis\u00e1gok<\/li>\n<li>H\u00e1zi\u00e1llat- \u00e9s aut\u00f3sz\u00e1ll\u00edt\u00e1s<\/li>\n<li>T\u00e1rol\u00e1si megold\u00e1sok<\/li>\n<\/ul>\n<p>Az EE Relo egy k\u00f6lt\u00f6ztet\u00e9sszervez\u0151 c\u00e9g, amely Kelet-Eur\u00f3p\u00e1ban, t\u00f6bbek k\u00f6z\u00f6tt a rom\u00e1niai Bukarestben is rendelkezik irod\u00e1kkal. Kiterjedt partnerh\u00e1l\u00f3zattal rendelkeznek, amely seg\u00edti \u0151ket a glob\u00e1lis szolg\u00e1ltat\u00e1sok ny\u00fajt\u00e1s\u00e1ban. Kilenc \u00e9ves szolg\u00e1lati id\u0151vel az IAM tagja.<\/p>\n<p>Az EE Relo h\u00e1zt\u00f3l h\u00e1zig tart\u00f3 k\u00f6lt\u00f6ztet\u00e9si \u00e9s k\u00f6lt\u00f6ztet\u00e9si szolg\u00e1ltat\u00e1sokat k\u00edn\u00e1l, amelyek kiterjedhetnek otthon\u00e1ra, v\u00e1llalkoz\u00e1s\u00e1ra, h\u00e1zi\u00e1llataira, aut\u00f3j\u00e1ra \u00e9s m\u0171t\u00e1rgyaira is. Egyetlen kapcsolattart\u00e1si pontot biztos\u00edtanak a k\u00f6lt\u00f6z\u00e9s lebonyol\u00edt\u00e1s\u00e1hoz, bele\u00e9rtve az \u00d6n ig\u00e9nyeinek felm\u00e9r\u00e9s\u00e9t, a teljes k\u00f6r\u0171 csomagol\u00e1si szolg\u00e1ltat\u00e1st, a b\u00fatorok sz\u00e9tszerel\u00e9s\u00e9t, a sz\u00e1ll\u00edt\u00e1s megszervez\u00e9s\u00e9t \u00e9s a kicsomagol\u00e1st. K\u00f6lt\u00f6ztet\u00e9si szolg\u00e1ltat\u00e1saik k\u00f6z\u00e9 tartozik az otthon- \u00e9s iskolakeres\u00e9s, a bev\u00e1ndorl\u00e1si t\u00e1mogat\u00e1s \u00e9s a leteleped\u00e9si szolg\u00e1ltat\u00e1sok, valamint egy concierge-szolg\u00e1ltat\u00e1s, amely seg\u00edt \u00d6nnek mindent elrendezni.<\/p>\n<p>Weboldal: <a href=\"https:\/\/www.eerelo.com\" target=\"_blank\" rel=\"noopener\">https:\/\/www.eerelo.com<\/a><\/p>\n<h2><span class=\"ez-toc-section\" id=\"2_Gosselin\"><\/span><strong>2. Gosselin<\/strong><span class=\"ez-toc-section-end\"><\/span><\/h2>\n<p><img loading=\"lazy\" decoding=\"async\" class=\"alignnone size-full wp-image-9375\" src=\"https:\/\/moverdb.com\/wp-content\/uploads\/Gosselin-Romania-international-moving-company.png\" alt=\"Gosselin Rom\u00e1nia nemzetk\u00f6zi k\u00f6lt\u00f6ztet\u0151 c\u00e9g\" width=\"1440\" height=\"681\" data-wp-pid=\"9375\" srcset=\"https:\/\/moverdb.com\/wp-content\/uploads\/Gosselin-Romania-international-moving-company.png 1440w, https:\/\/moverdb.com\/wp-content\/uploads\/Gosselin-Romania-international-moving-company-300x142.png 300w, https:\/\/moverdb.com\/wp-content\/uploads\/Gosselin-Romania-international-moving-company-1024x484.png 1024w, https:\/\/moverdb.com\/wp-content\/uploads\/Gosselin-Romania-international-moving-company-18x9.png 18w, https:\/\/moverdb.com\/wp-content\/uploads\/Gosselin-Romania-international-moving-company-600x284.png 600w\" sizes=\"auto, (max-width: 1440px) 100vw, 1440px\" \/><\/p>\n<ul>\n<li>Nemzeti l\u00e9p\u00e9sek<\/li>\n<li>Nemzetk\u00f6zi k\u00f6lt\u00f6z\u00e9sek<\/li>\n<li>H\u00e1ztart\u00e1si k\u00f6lt\u00f6z\u00e9sek<\/li>\n<li>Irodai k\u00f6lt\u00f6z\u00e9sek<\/li>\n<li>H\u00e1zt\u00f3l-h\u00e1zig szolg\u00e1ltat\u00e1s<\/li>\n<li>Csomagol\u00e1si szolg\u00e1ltat\u00e1s<\/li>\n<li>V\u00e1mkezel\u00e9s<\/li>\n<li>K\u00e9pz\u0151m\u0171v\u00e9szeti kezel\u00e9s<\/li>\n<li>J\u00e1rm\u0171- \u00e9s kis\u00e1llatsz\u00e1ll\u00edt\u00e1s<\/li>\n<li>Rakt\u00e1roz\u00e1si lehet\u0151s\u00e9gek<\/li>\n<\/ul>\n<p>A Gosselin egy nemzetk\u00f6zi k\u00f6lt\u00f6ztet\u0151 \u00e9s k\u00f6lt\u00f6ztet\u0151 c\u00e9g, amely 34 orsz\u00e1gban rendelkezik irod\u00e1kkal. A rom\u00e1niai bukaresti irod\u00e1t az 1980-as \u00e9vek v\u00e9g\u00e9n alap\u00edtott\u00e1k. A nemzetk\u00f6zi szolg\u00e1ltat\u00e1sok ny\u00fajt\u00e1s\u00e1hoz saj\u00e1t \u00e9s t\u00e1gabb h\u00e1l\u00f3zataikat haszn\u00e1lj\u00e1k, \u00e9s az IAM tagja.<\/p>\n<p>A Gosselin h\u00e1zt\u00f3l h\u00e1zig tart\u00f3 k\u00f6lt\u00f6ztet\u00e9si szolg\u00e1ltat\u00e1st ny\u00fajt profi k\u00f6lt\u00f6ztet\u0151kkel, akik k\u00f6rnyezetbar\u00e1t csomagol\u00f3anyagok felhaszn\u00e1l\u00e1s\u00e1val biztons\u00e1gosan becsomagolj\u00e1k a k\u00f6lt\u00f6z\u00e9shez sz\u00fcks\u00e9ges t\u00e1rgyakat, valamint sz\u00e9tszerelik a b\u00fatorokat. Megszervezik a t\u00e1rgyak sz\u00e1ll\u00edt\u00e1s\u00e1t v\u00e1mkezel\u00e9ssel, \u00e9s meg\u00e9rkez\u00e9skor kicsomagolj\u00e1k \u00e9s \u00f6sszeszerelik a b\u00fatorokat. Tov\u00e1bbi szolg\u00e1ltat\u00e1sokat k\u00edn\u00e1lnak, bele\u00e9rtve a k\u00e9pz\u0151m\u0171v\u00e9szeti \u00e9s r\u00e9gis\u00e9gek kezel\u00e9s\u00e9t, aut\u00f3- \u00e9s motorker\u00e9kp\u00e1r-sz\u00e1ll\u00edt\u00e1st, valamint a h\u00e1zi\u00e1llatok sz\u00e1ll\u00edt\u00e1s\u00e1t.<\/p>\n<p>Weboldal: <a href=\"http:\/\/www.gosselinmobility.eu\/romania\" target=\"_blank\" rel=\"noopener\">http:\/\/www.gosselinmobility.eu\/romania<\/a><\/p>\n<h2><span class=\"ez-toc-section\" id=\"3_Orbit\"><\/span><strong>3. Orbit<\/strong><span class=\"ez-toc-section-end\"><\/span><\/h2>\n<p><img loading=\"lazy\" decoding=\"async\" class=\"alignnone size-full wp-image-9406\" src=\"https:\/\/moverdb.com\/wp-content\/uploads\/Orbit-Romania-international-moving-company.png\" alt=\"Orbit Rom\u00e1nia nemzetk\u00f6zi k\u00f6lt\u00f6ztet\u0151 c\u00e9g\" width=\"1440\" height=\"678\" data-wp-pid=\"9406\" srcset=\"https:\/\/moverdb.com\/wp-content\/uploads\/Orbit-Romania-international-moving-company.png 1440w, https:\/\/moverdb.com\/wp-content\/uploads\/Orbit-Romania-international-moving-company-300x141.png 300w, https:\/\/moverdb.com\/wp-content\/uploads\/Orbit-Romania-international-moving-company-1024x482.png 1024w, https:\/\/moverdb.com\/wp-content\/uploads\/Orbit-Romania-international-moving-company-18x8.png 18w, https:\/\/moverdb.com\/wp-content\/uploads\/Orbit-Romania-international-moving-company-600x283.png 600w\" sizes=\"auto, (max-width: 1440px) 100vw, 1440px\" \/><\/p>\n<ul>\n<li>Nemzeti l\u00e9p\u00e9sek<\/li>\n<li>Nemzetk\u00f6zi k\u00f6lt\u00f6z\u00e9sek<\/li>\n<li>H\u00e1ztart\u00e1si \u00e9s munkav\u00e1llal\u00f3i k\u00f6lt\u00f6z\u00e9sek<\/li>\n<li>Irodai \u00e9s ipari k\u00f6lt\u00f6ztet\u00e9s<\/li>\n<li>K\u00f6lt\u00f6ztet\u00e9si szolg\u00e1ltat\u00e1sok<\/li>\n<li>Csomagol\u00e1si szolg\u00e1ltat\u00e1s<\/li>\n<li>K\u00f6z\u00fati, l\u00e9gi \u00e9s tengeri fuvaroz\u00e1s<\/li>\n<li>K\u00e9pz\u0151m\u0171v\u00e9szeti kezel\u00e9s<\/li>\n<li>H\u00e1zi\u00e1llat- \u00e9s aut\u00f3sz\u00e1ll\u00edt\u00e1s<\/li>\n<li>Biztos\u00edt\u00e1s<\/li>\n<\/ul>\n<p>Az Orbit Rom\u00e1nia az 1923-ban alap\u00edtott Orphee Beinglou csoport r\u00e9sze, sz\u00e9khelye Ath\u00e9nban tal\u00e1lhat\u00f3, professzion\u00e1lis k\u00f6lt\u00f6z\u00e9si \u00e9s sz\u00e1ll\u00edt\u00e1si szolg\u00e1ltat\u00e1sokat k\u00edn\u00e1l, sz\u00e9khelye Bukarestben tal\u00e1lhat\u00f3. Az IAM tagja 21 \u00e9ves szolg\u00e1lati id\u0151vel, \u00e9s a FIDI \u00e1ltal akkredit\u00e1ltak.<\/p>\n<p>Az Orbit h\u00e1zon bel\u00fcli felm\u00e9r\u00e9st k\u00edn\u00e1l az \u00d6n ig\u00e9nyeinek felm\u00e9r\u00e9s\u00e9re \u00e9s egy becsl\u00e9s elk\u00e9sz\u00edt\u00e9s\u00e9re. Olyan szolg\u00e1ltat\u00e1sokat k\u00edn\u00e1lnak, amelyek magukban foglalj\u00e1k az orsz\u00e1gos \u00e9s nemzetk\u00f6zi k\u00f6lt\u00f6z\u00e9seket, a h\u00e1zi\u00e1llat- \u00e9s aut\u00f3sz\u00e1ll\u00edt\u00e1st, a k\u00e9pz\u0151m\u0171v\u00e9szeti t\u00e1rgyak kezel\u00e9s\u00e9t \u00e9s a biztos\u00edt\u00e1st. Csomagol\u00e1si szolg\u00e1ltat\u00e1st ny\u00fajtanak, hogy megv\u00e9dj\u00e9k holmij\u00e1t a k\u00f6z\u00fati, l\u00e9gi vagy tengeri sz\u00e1ll\u00edt\u00e1s sor\u00e1n, \u00e9s v\u00e1m\u00fcgyi t\u00e1mogat\u00e1st ny\u00fajtanak. Tov\u00e1bbi szolg\u00e1ltat\u00e1sok, t\u00f6bbek k\u00f6z\u00f6tt villanyszerel\u0151, asztalos \u00e9s v\u00edzvezet\u00e9k-szerel\u0151 is rendelkez\u00e9sre \u00e1ll.<\/p>\n<p>Weboldal: <a href=\"http:\/\/www.orbitromania.ro\" target=\"_blank\" rel=\"noopener\">http:\/\/www.orbitromania.ro<\/a><\/p>\n<h2><span class=\"ez-toc-section\" id=\"4_Premier_Moving_Storage\"><\/span><strong>4. Premier Moving &amp; Storage<\/strong><span class=\"ez-toc-section-end\"><\/span><\/h2>\n<p><img loading=\"lazy\" decoding=\"async\" class=\"alignnone size-full wp-image-9414\" src=\"https:\/\/moverdb.com\/wp-content\/uploads\/Premier-Moving-Storage-international-moving-company.png\" alt=\"Premier Moving &amp; Storage nemzetk\u00f6zi k\u00f6lt\u00f6ztet\u0151 c\u00e9g\" width=\"1440\" height=\"670\" data-wp-pid=\"9414\" srcset=\"https:\/\/moverdb.com\/wp-content\/uploads\/Premier-Moving-Storage-international-moving-company.png 1440w, https:\/\/moverdb.com\/wp-content\/uploads\/Premier-Moving-Storage-international-moving-company-300x140.png 300w, https:\/\/moverdb.com\/wp-content\/uploads\/Premier-Moving-Storage-international-moving-company-1024x476.png 1024w, https:\/\/moverdb.com\/wp-content\/uploads\/Premier-Moving-Storage-international-moving-company-18x8.png 18w, https:\/\/moverdb.com\/wp-content\/uploads\/Premier-Moving-Storage-international-moving-company-600x279.png 600w\" sizes=\"auto, (max-width: 1440px) 100vw, 1440px\" \/><\/p>\n<ul>\n<li>Helyi k\u00f6lt\u00f6z\u00e9sek<\/li>\n<li>Nemzetk\u00f6zi k\u00f6lt\u00f6z\u00e9sek<\/li>\n<li>H\u00e1ztart\u00e1si k\u00f6lt\u00f6z\u00e9sek<\/li>\n<li>Irodai k\u00f6lt\u00f6z\u00e9sek<\/li>\n<li>H\u00e1zt\u00f3l-h\u00e1zig szolg\u00e1ltat\u00e1s<\/li>\n<li>Csomagol\u00e1si szolg\u00e1ltat\u00e1s<\/li>\n<li>K\u00f6z\u00fati, tengeri \u00e9s l\u00e9gi sz\u00e1ll\u00edt\u00e1s<\/li>\n<li>Behozatali v\u00e1malakis\u00e1gok<\/li>\n<li>J\u00e1rm\u0171- \u00e9s kis\u00e1llatsz\u00e1ll\u00edt\u00e1s<\/li>\n<li>Biztons\u00e1gos rakt\u00e1rhelyis\u00e9gek<\/li>\n<\/ul>\n<p>A Premier Moving &amp; Storage egy t\u00f6bb mint 15 \u00e9vvel ezel\u0151tt alap\u00edtott k\u00f6lt\u00f6ztet\u0151 c\u00e9g, amelynek sz\u00e9khelye Bukarestben tal\u00e1lhat\u00f3. Gondosan v\u00e1lasztj\u00e1k ki azokat a partnereket, akik megfelelnek az elv\u00e1r\u00e1saiknak, hogy seg\u00edts\u00e9k \u0151ket a k\u00fcl\u00f6nb\u00f6z\u0151 nemzetk\u00f6zi szolg\u00e1ltat\u00e1sok ny\u00fajt\u00e1s\u00e1ban. Az IAM tagjak\u00e9nt 17 \u00e9ves szolg\u00e1lati id\u0151vel rendelkeznek.<\/p>\n<p>A Premier Moving &amp; Storage csomagol\u00f3csapata kiv\u00e1l\u00f3 min\u0151s\u00e9g\u0171 anyagokat haszn\u00e1l, amelyeket \u00fagy terveztek, hogy megv\u00e9dj\u00e9k az \u00e1ltaluk sz\u00e1ll\u00edtott t\u00e1rgyakat. Sz\u00e9t- \u00e9s \u00f6sszeszerelik a b\u00fatorokat, \u00e9s kicsomagolj\u00e1k a holmij\u00e1t. Megszervezik a sz\u00e1ll\u00edt\u00e1st, bele\u00e9rtve a v\u00e1malakis\u00e1gok int\u00e9z\u00e9s\u00e9t is. Tov\u00e1bbi szolg\u00e1ltat\u00e1sokat k\u00edn\u00e1lnak, amelyek magukban foglalj\u00e1k az aut\u00f3k, motorcs\u00f3nakok \u00e9s h\u00e1zi\u00e1llatok sz\u00e1ll\u00edt\u00e1s\u00e1t.<\/p>\n<p>Weboldal: <a href=\"http:\/\/www.premiermoving.ro\" target=\"_blank\" rel=\"noopener\">http:\/\/www.premiermoving.ro<\/a><\/p>\n<h2><span class=\"ez-toc-section\" id=\"5_Rilvan_Group\"><\/span><strong>5. Rilvan csoport<\/strong><span class=\"ez-toc-section-end\"><\/span><\/h2>\n<p><img loading=\"lazy\" decoding=\"async\" class=\"alignnone size-full wp-image-9418\" src=\"https:\/\/moverdb.com\/wp-content\/uploads\/Rilvan-Group-international-moving-company.png\" alt=\"Rilvan Group nemzetk\u00f6zi k\u00f6lt\u00f6ztet\u0151 c\u00e9g\" width=\"1440\" height=\"680\" data-wp-pid=\"9418\" srcset=\"https:\/\/moverdb.com\/wp-content\/uploads\/Rilvan-Group-international-moving-company.png 1440w, https:\/\/moverdb.com\/wp-content\/uploads\/Rilvan-Group-international-moving-company-300x142.png 300w, https:\/\/moverdb.com\/wp-content\/uploads\/Rilvan-Group-international-moving-company-1024x484.png 1024w, https:\/\/moverdb.com\/wp-content\/uploads\/Rilvan-Group-international-moving-company-18x9.png 18w, https:\/\/moverdb.com\/wp-content\/uploads\/Rilvan-Group-international-moving-company-600x283.png 600w\" sizes=\"auto, (max-width: 1440px) 100vw, 1440px\" \/><\/p>\n<ul>\n<li>Nemzeti l\u00e9p\u00e9sek<\/li>\n<li>Nemzetk\u00f6zi k\u00f6lt\u00f6z\u00e9sek<\/li>\n<li>Lakoss\u00e1gi k\u00f6lt\u00f6z\u00e9sek<\/li>\n<li>\u00dczleti l\u00e9p\u00e9sek<\/li>\n<li>H\u00e1zhoz men\u0151 szolg\u00e1ltat\u00e1sok<\/li>\n<li>Csomagol\u00e1si szolg\u00e1ltat\u00e1s<\/li>\n<li>K\u00f6z\u00fati, l\u00e9gi \u00e9s tengeri sz\u00e1ll\u00edt\u00e1s<\/li>\n<li>K\u00e9pz\u0151m\u0171v\u00e9szeti sz\u00e1ll\u00edt\u00e1s<\/li>\n<li>H\u00e1zi\u00e1llat- \u00e9s j\u00e1rm\u0171sz\u00e1ll\u00edt\u00e1s<\/li>\n<li>R\u00f6vid \u00e9s hossz\u00fa t\u00e1v\u00fa t\u00e1rol\u00e1s<\/li>\n<\/ul>\n<p>A Rilvan Group egy 1992-ben alap\u00edtott nemzeti \u00e9s nemzetk\u00f6zi k\u00f6lt\u00f6ztet\u0151 \u00e9s k\u00f6lt\u00f6ztet\u0151 c\u00e9g, amelynek irod\u00e1i Bukarestben, Rom\u00e1ni\u00e1ban tal\u00e1lhat\u00f3k, <a href=\"https:\/\/moverdb.com\/hu\/moving-to-slovenia\/\" data-internallinksmanager029f6b8e52c=\"392\" title=\"Szlov\u00e9ni\u00e1ba k\u00f6lt\u00f6zik? 2023 Meg\u00e9lhet\u00e9si k\u00f6lts\u00e9gek \u00e9s k\u00f6lt\u00f6z\u00e9si tippek\">Szlov\u00e9nia<\/a> \u00e9s <a href=\"https:\/\/moverdb.com\/hu\/moving-companies\/moving-companies-moldova\/\" data-internallinksmanager029f6b8e52c=\"290\" title=\"A legjobb nemzetk\u00f6zi k\u00f6lt\u00f6ztet\u0151 c\u00e9gek Moldov\u00e1ban\">Moldova<\/a>. Nemzetk\u00f6zi partnereken kereszt\u00fcl szolg\u00e1lj\u00e1k ki K\u00f6z\u00e9p- \u00e9s Kelet-Eur\u00f3p\u00e1t \u00e9s a vil\u00e1g t\u00f6bbi r\u00e9sz\u00e9t. Az IAM tagja, 31 \u00e9ves szolg\u00e1lati id\u0151vel, \u00e9s a FIDI \u00e1ltal akkredit\u00e1ltak.<\/p>\n<p>A Rilvan Group h\u00e1zt\u00f3l-h\u00e1zig tart\u00f3 k\u00f6lt\u00f6z\u00e9si \u00e9s \u00e1thelyez\u00e9si szolg\u00e1ltat\u00e1sokat k\u00edn\u00e1l, amelyek a k\u00f6lt\u00f6z\u00e9s el\u0151tti felm\u00e9r\u00e9ssel \u00e9s becsl\u00e9ssel kezd\u0151dnek. Csomagol\u00e1si szolg\u00e1ltat\u00e1st, sz\u00e1ll\u00edt\u00e1st \u00e9s kicsomagol\u00e1st biztos\u00edtanak. Olyan k\u00f6lt\u00f6z\u00e9si szolg\u00e1ltat\u00e1sokat k\u00edn\u00e1lnak, amelyek magukban foglalj\u00e1k a v\u00edzum- \u00e9s bev\u00e1ndorl\u00e1si, leteleped\u00e9si szolg\u00e1ltat\u00e1sokat, valamint az otthon- \u00e9s iskolakeres\u00e9st. Tov\u00e1bbi szolg\u00e1ltat\u00e1sokat is k\u00edn\u00e1lnak, bele\u00e9rtve a h\u00e1zi\u00e1llat- \u00e9s j\u00e1rm\u0171sz\u00e1ll\u00edt\u00e1st, valamint a k\u00e9pz\u0151m\u0171v\u00e9szeti t\u00e1rgyak kezel\u00e9s\u00e9t.<\/p>\n<p>Weboldal: <a href=\"http:\/\/www.rilvan.eu\" target=\"_blank\" rel=\"noopener\">http:\/\/www.rilvan.eu<\/a><\/p>\n<h2><span class=\"ez-toc-section\" id=\"6_Santa_Fe_Relocation\"><\/span><strong>6. Santa Fe \u00e1thelyez\u00e9se<\/strong><span class=\"ez-toc-section-end\"><\/span><\/h2>\n<p><img loading=\"lazy\" decoding=\"async\" class=\"alignnone size-full wp-image-9420\" src=\"https:\/\/moverdb.com\/wp-content\/uploads\/Santa-Fe-Relocation-Romania-international-moving-company.png\" alt=\"Santa Fe Relocation Rom\u00e1nia nemzetk\u00f6zi k\u00f6lt\u00f6ztet\u0151 c\u00e9g\" width=\"1440\" height=\"677\" data-wp-pid=\"9420\" srcset=\"https:\/\/moverdb.com\/wp-content\/uploads\/Santa-Fe-Relocation-Romania-international-moving-company.png 1440w, https:\/\/moverdb.com\/wp-content\/uploads\/Santa-Fe-Relocation-Romania-international-moving-company-300x141.png 300w, https:\/\/moverdb.com\/wp-content\/uploads\/Santa-Fe-Relocation-Romania-international-moving-company-1024x481.png 1024w, https:\/\/moverdb.com\/wp-content\/uploads\/Santa-Fe-Relocation-Romania-international-moving-company-18x8.png 18w, https:\/\/moverdb.com\/wp-content\/uploads\/Santa-Fe-Relocation-Romania-international-moving-company-600x282.png 600w\" sizes=\"auto, (max-width: 1440px) 100vw, 1440px\" \/><\/p>\n<ul>\n<li>Nemzeti l\u00e9p\u00e9sek<\/li>\n<li>Nemzetk\u00f6zi k\u00f6lt\u00f6z\u00e9sek<\/li>\n<li>H\u00e1ztart\u00e1si k\u00f6lt\u00f6z\u00e9sek<\/li>\n<li>V\u00e1llalati \u00e1thelyez\u00e9sek<\/li>\n<li>H\u00e1zt\u00f3l-h\u00e1zig szolg\u00e1ltat\u00e1s<\/li>\n<li>Csomagol\u00e1si szolg\u00e1ltat\u00e1s<\/li>\n<li>K\u00f6z\u00fati, tengeri vagy l\u00e9gi sz\u00e1ll\u00edt\u00e1s<\/li>\n<li>V\u00e1mkezel\u00e9s<\/li>\n<li>H\u00e1zi\u00e1llat- \u00e9s j\u00e1rm\u0171sz\u00e1ll\u00edt\u00e1s<\/li>\n<li>R\u00f6vid \u00e9s hossz\u00fa t\u00e1v\u00fa t\u00e1rol\u00e1s<\/li>\n<\/ul>\n<p>A Santa Fe Relocation egy nemzetk\u00f6zi k\u00f6lt\u00f6ztet\u0151 c\u00e9g, amely 38 orsz\u00e1gban 64 irod\u00e1val rendelkezik, k\u00f6zt\u00fck a rom\u00e1niai Bukarestben, amely 1991-ben nyitotta meg kapuit. Az IAM tagja, 31 \u00e9ves szolg\u00e1lati id\u0151vel, \u00e9s a FIDI \u00e1ltal akkredit\u00e1lt.<\/p>\n<p>A Santa Fe Relocation a k\u00f6lt\u00f6z\u00e9s el\u0151tti konzult\u00e1ci\u00f3t k\u00edn\u00e1l h\u00e1zon bel\u00fcli vagy vide\u00f3s felm\u00e9r\u00e9ssel. Teljes k\u00f6r\u0171 szolg\u00e1ltat\u00e1st ny\u00fajtanak, amely mag\u00e1ban foglalhatja a h\u00e1zi\u00e1llatok \u00e9s az aut\u00f3k sz\u00e1ll\u00edt\u00e1s\u00e1t is. Csomagol\u00e1si szolg\u00e1ltat\u00e1st ny\u00fajtanak a holmij\u00e1nak v\u00e9delme \u00e9rdek\u00e9ben, \u00e9s megszervezik a k\u00f6z\u00fati, l\u00e9gi vagy tengeri sz\u00e1ll\u00edt\u00e1st v\u00e1mkezel\u00e9ssel egy\u00fctt. K\u00f6lt\u00f6ztet\u00e9si szolg\u00e1ltat\u00e1saik magukban foglalj\u00e1k az indul\u00e1si szolg\u00e1ltat\u00e1sokat, az otthon- \u00e9s iskolakeres\u00e9st, a t\u00e1j\u00e9koz\u00f3d\u00e1st, a nyelvi \u00e9s kultur\u00e1lis k\u00e9pz\u00e9st, a v\u00edzumokat \u00e9s a leteleped\u00e9si szolg\u00e1ltat\u00e1st.<\/p>\n<p>Weboldal: <a href=\"https:\/\/www.santaferelo.com\/en\/contact\/our-offices\/romania-bucharest\/\" target=\"_blank\" rel=\"noopener\">https:\/\/www.santaferelo.com\/en\/contact\/our-offices\/romania-bucharest\/<\/a><\/p>\n<h2><span class=\"ez-toc-section\" id=\"7_Smartmoving_Logistics\"><\/span><strong>7. Smartmoving Logisztika<\/strong><span class=\"ez-toc-section-end\"><\/span><\/h2>\n<p><img loading=\"lazy\" decoding=\"async\" class=\"alignnone size-full wp-image-9427\" src=\"https:\/\/moverdb.com\/wp-content\/uploads\/Smartmoving-Logistics-international-moving-company.png\" alt=\"Smartmoving Logistics nemzetk\u00f6zi k\u00f6lt\u00f6ztet\u0151 c\u00e9g\" width=\"1440\" height=\"679\" data-wp-pid=\"9427\" srcset=\"https:\/\/moverdb.com\/wp-content\/uploads\/Smartmoving-Logistics-international-moving-company.png 1440w, https:\/\/moverdb.com\/wp-content\/uploads\/Smartmoving-Logistics-international-moving-company-300x141.png 300w, https:\/\/moverdb.com\/wp-content\/uploads\/Smartmoving-Logistics-international-moving-company-1024x483.png 1024w, https:\/\/moverdb.com\/wp-content\/uploads\/Smartmoving-Logistics-international-moving-company-18x8.png 18w, https:\/\/moverdb.com\/wp-content\/uploads\/Smartmoving-Logistics-international-moving-company-600x283.png 600w\" sizes=\"auto, (max-width: 1440px) 100vw, 1440px\" \/><\/p>\n<ul>\n<li>Nemzeti l\u00e9p\u00e9sek<\/li>\n<li>Nemzetk\u00f6zi k\u00f6lt\u00f6z\u00e9sek<\/li>\n<li>Lakoss\u00e1gi k\u00f6lt\u00f6z\u00e9sek<\/li>\n<li>A v\u00e1llalat k\u00f6lt\u00f6zik<\/li>\n<li>Opcion\u00e1lis csomagol\u00e1si szolg\u00e1ltat\u00e1s<\/li>\n<li>Csomagol\u00f3anyag<\/li>\n<li>A sz\u00e1ll\u00edt\u00e1s megszervez\u00e9se<\/li>\n<li>V\u00e1mkezel\u00e9s<\/li>\n<li>Biztos\u00edt\u00e1s<\/li>\n<li>Rakt\u00e1roz\u00e1si lehet\u0151s\u00e9gek<\/li>\n<\/ul>\n<p>A Smartmoving Logistics egy 2011-ben alap\u00edtott, teljes k\u00f6r\u0171 szolg\u00e1ltat\u00e1st ny\u00fajt\u00f3 k\u00f6lt\u00f6ztet\u0151 c\u00e9g, amelynek sz\u00e9khelye Kolozsv\u00e1ron tal\u00e1lhat\u00f3. K\u00f6lt\u00f6ztet\u0151 \u00e9s logisztikai partnerek \u00e9s \u00fcgyn\u00f6k\u00f6k h\u00e1l\u00f3zat\u00e1val rendelkeznek, amelyek lehet\u0151v\u00e9 teszik sz\u00e1mukra, hogy nemzetk\u00f6zi k\u00f6lt\u00f6z\u00e9seket \u00e9s k\u00f6lt\u00f6ztet\u00e9si szolg\u00e1ltat\u00e1sokat k\u00edn\u00e1ljanak. Az IAM tagjak\u00e9nt egy\u00e9ves szolg\u00e1ltat\u00e1si id\u0151vel rendelkeznek.<\/p>\n<p>A Smartmoving Logistics az \u00d6n ig\u00e9nyeinek \u00e9s k\u00f6lts\u00e9gvet\u00e9s\u00e9nek megfelel\u0151, szem\u00e9lyre szabott k\u00f6lt\u00f6z\u00e9si tervet k\u00e9sz\u00edt. Orsz\u00e1gos \u00e9s nemzetk\u00f6zi szinten is biztos\u00edtj\u00e1k a holmij\u00e1nak sz\u00e1ll\u00edt\u00e1s\u00e1t. Tov\u00e1bbi szolg\u00e1ltat\u00e1sokat k\u00edn\u00e1lnak, amelyek magukban foglalj\u00e1k a holmij\u00e1nak professzion\u00e1lis csomagol\u00f3anyagokkal t\u00f6rt\u00e9n\u0151 becsomagol\u00e1s\u00e1t, kicsomagol\u00e1s\u00e1t, b\u00fatorok sz\u00e9t- \u00e9s \u00f6sszeszerel\u00e9s\u00e9t, v\u00e1mkezel\u00e9st, biztos\u00edt\u00e1st \u00e9s takar\u00edt\u00e1si szolg\u00e1ltat\u00e1sokat.<\/p>\n<p>Weboldal: <a href=\"https:\/\/www.smartmoving.ro\" target=\"_blank\" rel=\"noopener\">https:\/\/www.smartmoving.ro<\/a><\/p>\n<h2><span class=\"ez-toc-section\" id=\"8_CDD_Relocation\"><\/span><strong>8. CDD \u00e1thelyez\u00e9s<\/strong><span class=\"ez-toc-section-end\"><\/span><\/h2>\n<p><img loading=\"lazy\" decoding=\"async\" class=\"alignnone size-full wp-image-9344\" src=\"https:\/\/moverdb.com\/wp-content\/uploads\/CDD-Relocations-international-moving-company.png\" alt=\"CDD Relocations nemzetk\u00f6zi k\u00f6lt\u00f6ztet\u0151 c\u00e9g\" width=\"1440\" height=\"665\" data-wp-pid=\"9344\" srcset=\"https:\/\/moverdb.com\/wp-content\/uploads\/CDD-Relocations-international-moving-company.png 1440w, https:\/\/moverdb.com\/wp-content\/uploads\/CDD-Relocations-international-moving-company-300x139.png 300w, https:\/\/moverdb.com\/wp-content\/uploads\/CDD-Relocations-international-moving-company-1024x473.png 1024w, https:\/\/moverdb.com\/wp-content\/uploads\/CDD-Relocations-international-moving-company-18x8.png 18w, https:\/\/moverdb.com\/wp-content\/uploads\/CDD-Relocations-international-moving-company-600x277.png 600w\" sizes=\"auto, (max-width: 1440px) 100vw, 1440px\" \/><\/p>\n<ul>\n<li>Helyi k\u00f6lt\u00f6z\u00e9sek<\/li>\n<li>Nemzetk\u00f6zi \u00e1thelyez\u00e9sek<\/li>\n<li>H\u00e1ztart\u00e1s \u00e1thelyez\u00e9se<\/li>\n<li>V\u00e1llalati k\u00f6lt\u00f6z\u00e9sek<\/li>\n<li>H\u00e1zt\u00f3l-h\u00e1zig szolg\u00e1ltat\u00e1s<\/li>\n<li>Csomagol\u00e1si szolg\u00e1ltat\u00e1s<\/li>\n<li>V\u00e1m\u00fcgyi seg\u00edts\u00e9gny\u00fajt\u00e1s<\/li>\n<li>Aut\u00f3 \u00e9s kis\u00e1llat \u00e1thelyez\u00e9s<\/li>\n<li>Minden kock\u00e1zatra kiterjed\u0151 biztos\u00edt\u00e1s<\/li>\n<li>R\u00f6vid \u00e9s hossz\u00fa t\u00e1v\u00fa t\u00e1rol\u00e1s<\/li>\n<\/ul>\n<p>A CDD Relocation egy 2003-ban alap\u00edtott k\u00f6lt\u00f6ztet\u0151 \u00e9s k\u00f6lt\u00f6ztet\u0151 c\u00e9g, amelynek sz\u00e9khelye Mogosoaia. Az IAM tagja 20 \u00e9ves szolg\u00e1lati id\u0151vel, \u00e9s a FIDI \u00e1ltal akkredit\u00e1lt, ami hozz\u00e1f\u00e9r\u00e9st biztos\u00edt sz\u00e1mukra a k\u00f6lt\u00f6ztet\u0151\u00fcgyn\u00f6k\u00f6k nemzetk\u00f6zi h\u00e1l\u00f3zat\u00e1hoz.<\/p>\n<p>A CDD Relocation szem\u00e9lyre szabott, h\u00e1zt\u00f3l-h\u00e1zig megold\u00e1sokat k\u00edn\u00e1l nemzetk\u00f6zi k\u00f6lt\u00f6z\u00e9sekhez, ingyenes k\u00f6lt\u00f6z\u00e9s el\u0151tti konzult\u00e1ci\u00f3val \u00e9s felm\u00e9r\u00e9ssel. Teljes k\u00f6r\u0171 csomagol\u00e1si szolg\u00e1ltat\u00e1st ny\u00fajtanak a legmegfelel\u0151bb csomagol\u00f3anyagok felhaszn\u00e1l\u00e1s\u00e1val, valamint sz\u00e9tszerelik \u00e9s \u00f6sszeszerelik a b\u00fatorokat, \u00e9s \u00e9rkez\u00e9skor kicsomagolj\u00e1k azokat. Tov\u00e1bbi szolg\u00e1ltat\u00e1sokat k\u00edn\u00e1lnak, amelyek magukban foglalj\u00e1k a h\u00e1zi\u00e1llatok \u00e1thelyez\u00e9s\u00e9t, a j\u00e1rm\u0171sz\u00e1ll\u00edt\u00e1st, a biztos\u00edt\u00e1st \u00e9s a biztons\u00e1gos t\u00e1rol\u00e1st.<\/p>\n<p>Weboldal: <a href=\"http:\/\/www.cddrelocation.ro\" target=\"_blank\" rel=\"noopener\">http:\/\/www.cddrelocation.ro<\/a><\/p>\n<h2><span class=\"ez-toc-section\" id=\"Other_Useful_Guides_to_Romania\"><\/span>Egy\u00e9b hasznos \u00fatik\u00f6nyvek Rom\u00e1ni\u00e1r\u00f3l<span class=\"ez-toc-section-end\"><\/span><\/h2>\n<ul>\n<li> <a href=\"https:\/\/moverdb.com\/hu\/moving-to-romania\/\">Rom\u00e1ni\u00e1ba k\u00f6lt\u00f6zik? 2024 Lakhat\u00e1si k\u00f6lts\u00e9gek \u00e9s k\u00f6lt\u00f6z\u00e9si tippek<\/a><\/li>\n<li> <a href=\"https:\/\/moverdb.com\/hu\/moving-to-romania\/moving-to-romania-from-the-uk\/\">Rom\u00e1ni\u00e1ba k\u00f6lt\u00f6z\u00e9s az Egyes\u00fclt Kir\u00e1lys\u00e1gb\u00f3l<\/a><\/li>\n<li> <a href=\"https:\/\/moverdb.com\/hu\/moving-to-romania\/best-places-to-live-romania\/\">12 Legjobb helyek Rom\u00e1ni\u00e1ban \u00e9lni<\/a><\/li>\n<\/ul>","protected":false},"excerpt":{"rendered":"<p>Are you planning on moving within, to or from Romania? Then you may want to consider engaging the services of a moving company to assist you with your move. Below we have compiled a list of Romania based removal companies that are members of the International Association of Movers (IAM) and\/or FIDI Accredited International Mover [&hellip;]<\/p>\n","protected":false},"author":4,"featured_media":9356,"parent":190,"menu_order":0,"comment_status":"closed","ping_status":"closed","template":"","meta":{"_genesis_hide_title":false,"_genesis_hide_breadcrumbs":false,"_genesis_hide_singular_image":false,"_genesis_hide_footer_widgets":false,"_genesis_custom_body_class":"","_genesis_custom_post_class":"","_genesis_layout":"","footnotes":""},"class_list":{"0":"post-9512","1":"page","2":"type-page","3":"status-publish","4":"has-post-thumbnail","6":"entry"},"_links":{"self":[{"href":"https:\/\/moverdb.com\/hu\/wp-json\/wp\/v2\/pages\/9512","targetHints":{"allow":["GET"]}}],"collection":[{"href":"https:\/\/moverdb.com\/hu\/wp-json\/wp\/v2\/pages"}],"about":[{"href":"https:\/\/moverdb.com\/hu\/wp-json\/wp\/v2\/types\/page"}],"author":[{"embeddable":true,"href":"https:\/\/moverdb.com\/hu\/wp-json\/wp\/v2\/users\/4"}],"replies":[{"embeddable":true,"href":"https:\/\/moverdb.com\/hu\/wp-json\/wp\/v2\/comments?post=9512"}],"version-history":[{"count":3,"href":"https:\/\/moverdb.com\/hu\/wp-json\/wp\/v2\/pages\/9512\/revisions"}],"predecessor-version":[{"id":16341,"href":"https:\/\/moverdb.com\/hu\/wp-json\/wp\/v2\/pages\/9512\/revisions\/16341"}],"up":[{"embeddable":true,"href":"https:\/\/moverdb.com\/hu\/wp-json\/wp\/v2\/pages\/190"}],"wp:featuredmedia":[{"embeddable":true,"href":"https:\/\/moverdb.com\/hu\/wp-json\/wp\/v2\/media\/9356"}],"wp:attachment":[{"href":"https:\/\/moverdb.com\/hu\/wp-json\/wp\/v2\/media?parent=9512"}],"curies":[{"name":"wp","href":"https:\/\/api.w.org\/{rel}","templated":true}]}}