{"id":8912,"date":"2023-04-27T14:28:23","date_gmt":"2023-04-27T14:28:23","guid":{"rendered":"https:\/\/moverdb.com\/?page_id=8912"},"modified":"2026-01-08T15:29:31","modified_gmt":"2026-01-08T15:29:31","slug":"moving-companies-philippines","status":"publish","type":"page","link":"https:\/\/moverdb.com\/hu\/moving-companies\/moving-companies-philippines\/","title":{"rendered":"7 legjobb nemzetk\u00f6zi k\u00f6lt\u00f6ztet\u0151 c\u00e9gek a F\u00fcl\u00f6p-szigeteken"},"content":{"rendered":"<p>Ha \u00d6n otthon\u00e1ba vagy v\u00e1llalkoz\u00e1s\u00e1ba k\u00f6lt\u00f6zik a k\u00f6vetkez\u0151 orsz\u00e1gon bel\u00fcl, oda vagy onnan <a href=\"https:\/\/moverdb.com\/hu\/moving-to-the-philippines\/\" data-internallinksmanager029f6b8e52c=\"376\" title=\"A F\u00fcl\u00f6p-szigetekre k\u00f6lt\u00f6zik? 2023 Meg\u00e9lhet\u00e9si k\u00f6lts\u00e9gek \u00e9s k\u00f6lt\u00f6z\u00e9si tippek\">F\u00fcl\u00f6p-szigetek<\/a>, akkor lehet, hogy keres egy kis t\u00e1mogat\u00e1st, hogy k\u00f6nny\u00edtsen a terheken. <a href=\"https:\/\/moverdb.com\/hu\/moving-companies\/\" data-internallinksmanager029f6b8e52c=\"79\" title=\"Top 25 nemzetk\u00f6zi k\u00f6lt\u00f6ztet\u0151 c\u00e9gek online\">K\u00f6lt\u00f6ztet\u0151 c\u00e9gek<\/a> seg\u00edthet a csomagol\u00e1sban, a sz\u00e1ll\u00edt\u00e1s megszervez\u00e9s\u00e9ben \u00e9s a dokument\u00e1ci\u00f3s t\u00e1mogat\u00e1sban. Az al\u00e1bbiakban \u00f6ssze\u00e1ll\u00edtottunk egy list\u00e1t a F\u00fcl\u00f6p-szigeteken tal\u00e1lhat\u00f3 <a href=\"https:\/\/moverdb.com\/hu\/international-removals\/\" data-internallinksmanager029f6b8e52c=\"27\" title=\"36 legjobb nemzetk\u00f6zi k\u00f6lt\u00f6ztet\u0151 c\u00e9gek az Egyes\u00fclt Kir\u00e1lys\u00e1gban\">k\u00f6lt\u00f6ztet\u0151 c\u00e9gek<\/a> amelyek tagjai a <a href=\"https:\/\/moverdb.com\/hu\/iam\/\" data-internallinksmanager029f6b8e52c=\"23\" title=\"A K\u00f6lt\u00f6ztet\u0151k Nemzetk\u00f6zi Sz\u00f6vets\u00e9ge (IAM) magyar\u00e1zata\">K\u00f6lt\u00f6ztet\u0151k Nemzetk\u00f6zi Sz\u00f6vets\u00e9ge<\/a> (IAM) \u00e9s\/vagy <a href=\"https:\/\/moverdb.com\/hu\/fidi-faim\/\" data-internallinksmanager029f6b8e52c=\"16\" title=\"FIDI &amp; FAIM (FIDI akkredit\u00e1lt nemzetk\u00f6zi fuvaroz\u00f3) magyar\u00e1zata\">FIDI<\/a> Akkredit\u00e1lt nemzetk\u00f6zi k\u00f6lt\u00f6ztet\u0151 (FAIM), aki seg\u00edthet \u00d6nnek a k\u00f6lt\u00f6z\u00e9sben.<\/p>\n<div id=\"ez-toc-container\" class=\"ez-toc-v2_0_82_2 ez-toc-wrap-left counter-hierarchy ez-toc-counter ez-toc-transparent ez-toc-container-direction\">\n<div class=\"ez-toc-title-container\">\n<p class=\"ez-toc-title\" style=\"cursor:inherit\">Szakaszok<\/p>\n<span class=\"ez-toc-title-toggle\"><a href=\"#\" class=\"ez-toc-pull-right ez-toc-btn ez-toc-btn-xs ez-toc-btn-default ez-toc-toggle\" aria-label=\"Toggle Tartalomjegyz\u00e9k\"><span class=\"ez-toc-js-icon-con\"><span class=\"\"><span class=\"eztoc-hide\" style=\"display:none;\">Toggle<\/span><span class=\"ez-toc-icon-toggle-span\"><svg style=\"fill: #999;color:#999\" xmlns=\"http:\/\/www.w3.org\/2000\/svg\" class=\"list-377408\" width=\"20px\" height=\"20px\" viewbox=\"0 0 24 24\" fill=\"none\"><path d=\"M6 6H4v2h2V6zm14 0H8v2h12V6zM4 11h2v2H4v-2zm16 0H8v2h12v-2zM4 16h2v2H4v-2zm16 0H8v2h12v-2z\" fill=\"currentColor\"><\/path><\/svg><svg style=\"fill: #999;color:#999\" class=\"arrow-unsorted-368013\" xmlns=\"http:\/\/www.w3.org\/2000\/svg\" width=\"10px\" height=\"10px\" viewbox=\"0 0 24 24\" version=\"1.2\" baseprofile=\"tiny\"><path d=\"M18.2 9.3l-6.2-6.3-6.2 6.3c-.2.2-.3.4-.3.7s.1.5.3.7c.2.2.4.3.7.3h11c.3 0 .5-.1.7-.3.2-.2.3-.5.3-.7s-.1-.5-.3-.7zM5.8 14.7l6.2 6.3 6.2-6.3c.2-.2.3-.5.3-.7s-.1-.5-.3-.7c-.2-.2-.4-.3-.7-.3h-11c-.3 0-.5.1-.7.3-.2.2-.3.5-.3.7s.1.5.3.7z\"\/><\/svg><\/span><\/span><\/span><\/a><\/span><\/div>\n<nav><ul class='ez-toc-list ez-toc-list-level-1 eztoc-toggle-hide-by-default' ><li class='ez-toc-page-1 ez-toc-heading-level-2'><a class=\"ez-toc-link ez-toc-heading-1\" href=\"https:\/\/moverdb.com\/hu\/moving-companies\/moving-companies-philippines\/#1_Asia_Relocation\" >1. \u00c1zsia \u00e1thelyez\u00e9s<\/a><\/li><li class='ez-toc-page-1 ez-toc-heading-level-2'><a class=\"ez-toc-link ez-toc-heading-2\" href=\"https:\/\/moverdb.com\/hu\/moving-companies\/moving-companies-philippines\/#2_Consolidated_Strategies_Solutions\" >2. Konszolid\u00e1lt strat\u00e9gi\u00e1k \u00e9s megold\u00e1sok<\/a><\/li><li class='ez-toc-page-1 ez-toc-heading-level-2'><a class=\"ez-toc-link ez-toc-heading-3\" href=\"https:\/\/moverdb.com\/hu\/moving-companies\/moving-companies-philippines\/#3_Dads_Moving_Storage\" >3. Apa k\u00f6lt\u00f6ztet\u00e9se \u00e9s t\u00e1rol\u00e1sa<\/a><\/li><li class='ez-toc-page-1 ez-toc-heading-level-2'><a class=\"ez-toc-link ez-toc-heading-4\" href=\"https:\/\/moverdb.com\/hu\/moving-companies\/moving-companies-philippines\/#4_Global_Logistics_Services\" >4. Glob\u00e1lis logisztikai szolg\u00e1ltat\u00e1sok<\/a><\/li><li class='ez-toc-page-1 ez-toc-heading-level-2'><a class=\"ez-toc-link ez-toc-heading-5\" href=\"https:\/\/moverdb.com\/hu\/moving-companies\/moving-companies-philippines\/#5_Goetz_Moving_Storage\" >5. Goetz K\u00f6lt\u00f6ztet\u00e9s \u00e9s rakt\u00e1roz\u00e1s<\/a><\/li><li class='ez-toc-page-1 ez-toc-heading-level-2'><a class=\"ez-toc-link ez-toc-heading-6\" href=\"https:\/\/moverdb.com\/hu\/moving-companies\/moving-companies-philippines\/#6_Melcon_Worldwide_Logistics\" >6. Melcon Worldwide Logistics<\/a><\/li><li class='ez-toc-page-1 ez-toc-heading-level-2'><a class=\"ez-toc-link ez-toc-heading-7\" href=\"https:\/\/moverdb.com\/hu\/moving-companies\/moving-companies-philippines\/#7_Santa_Fe_Relocation\" >7. Santa Fe \u00e1thelyez\u00e9se<\/a><\/li><li class='ez-toc-page-1 ez-toc-heading-level-2'><a class=\"ez-toc-link ez-toc-heading-8\" href=\"https:\/\/moverdb.com\/hu\/moving-companies\/moving-companies-philippines\/#Other_Useful_Guides_to_the_Philippines\" >Egy\u00e9b hasznos \u00fatmutat\u00f3k a F\u00fcl\u00f6p-szigetekr\u0151l<\/a><\/li><\/ul><\/nav><\/div>\n<h2><span class=\"ez-toc-section\" id=\"1_Asia_Relocation\"><\/span><strong>1. \u00c1zsia \u00e1thelyez\u00e9s<\/strong><span class=\"ez-toc-section-end\"><\/span><\/h2>\n<p><img loading=\"lazy\" decoding=\"async\" class=\"alignnone size-full wp-image-8759\" src=\"https:\/\/moverdb.com\/wp-content\/uploads\/Asia-Relocation-international-moving-company.png\" alt=\"Asia Relocation nemzetk\u00f6zi k\u00f6lt\u00f6ztet\u0151 c\u00e9g\" width=\"1440\" height=\"677\" data-wp-pid=\"8759\" srcset=\"https:\/\/moverdb.com\/wp-content\/uploads\/Asia-Relocation-international-moving-company.png 1440w, https:\/\/moverdb.com\/wp-content\/uploads\/Asia-Relocation-international-moving-company-300x141.png 300w, https:\/\/moverdb.com\/wp-content\/uploads\/Asia-Relocation-international-moving-company-1024x481.png 1024w, https:\/\/moverdb.com\/wp-content\/uploads\/Asia-Relocation-international-moving-company-18x8.png 18w, https:\/\/moverdb.com\/wp-content\/uploads\/Asia-Relocation-international-moving-company-600x282.png 600w\" sizes=\"auto, (max-width: 1440px) 100vw, 1440px\" \/><\/p>\n<ul>\n<li>Helyi k\u00f6lt\u00f6z\u00e9sek<\/li>\n<li>Nemzetk\u00f6zi k\u00f6lt\u00f6z\u00e9sek<\/li>\n<li>H\u00e1ztart\u00e1si k\u00f6lt\u00f6z\u00e9sek<\/li>\n<li>Irod\u00e1k \u00e1thelyez\u00e9se<\/li>\n<li>Csomagol\u00e1si szolg\u00e1ltat\u00e1s<\/li>\n<li>Sz\u00e1ll\u00edt\u00e1si meg\u00e1llapod\u00e1sok<\/li>\n<li>V\u00edzumok \u00e9s bev\u00e1ndorl\u00e1s<\/li>\n<li>J\u00e1rm\u0171- \u00e9s kis\u00e1llatsz\u00e1ll\u00edt\u00e1s<\/li>\n<li>Biztos\u00edt\u00e1s<\/li>\n<li>R\u00f6vid \u00e9s hossz\u00fa t\u00e1v\u00fa t\u00e1rol\u00e1s<\/li>\n<\/ul>\n<p>Az Asia Relocation ir\u00e1ny\u00edtott nemzetk\u00f6zi k\u00f6lt\u00f6z\u00e9si megold\u00e1sokat k\u00edn\u00e1l, \u00e9s sz\u00e9khelye Makati Cityben tal\u00e1lhat\u00f3. Olyan besz\u00e1ll\u00edt\u00f3kkal \u00e9s \u00fcgyn\u00f6k\u00f6kkel dolgoznak egy\u00fctt, akik megfelelnek a min\u0151s\u00e9gi szabv\u00e1nyaiknak, hogy seg\u00edts\u00e9k \u0151ket a nemzetk\u00f6zi szolg\u00e1ltat\u00e1sok ny\u00fajt\u00e1s\u00e1ban. Az IAM tagjak\u00e9nt 12 \u00e9ves szolg\u00e1lati id\u0151vel rendelkeznek.<\/p>\n<p>Az Asia Relocation sz\u00e1mos k\u00f6lt\u00f6z\u00e9si \u00e9s \u00e1thelyez\u00e9si szolg\u00e1ltat\u00e1st k\u00edn\u00e1l, bele\u00e9rtve a nemzeti \u00e9s nemzetk\u00f6zi k\u00f6lt\u00f6z\u00e9seket, v\u00edzum- \u00e9s bev\u00e1ndorl\u00e1si szolg\u00e1ltat\u00e1sokat, <a href=\"https:\/\/moverdb.com\/hu\/car-transport-shipping\/\" data-internallinksmanager029f6b8e52c=\"2\" title=\"2026 Nemzetk\u00f6zi aut\u00f3sz\u00e1ll\u00edt\u00e1s \u00e9s j\u00e1rm\u0171sz\u00e1ll\u00edt\u00e1s \u00e1raj\u00e1nlatok\">j\u00e1rm\u0171sz\u00e1ll\u00edt\u00e1s<\/a>, h\u00e1zi\u00e1llat \u00e1thelyez\u00e9si \u00e9s t\u00e1rol\u00e1si lehet\u0151s\u00e9gek. Szem\u00e9lyre szabott k\u00f6lt\u00f6z\u00e9si tervet, teljes csomagol\u00e1si szolg\u00e1ltat\u00e1st \u00e9s a sz\u00e1ll\u00edt\u00e1s megszervez\u00e9s\u00e9t biztos\u00edtj\u00e1k. K\u00f6lt\u00f6ztet\u00e9si szolg\u00e1ltat\u00e1sokat k\u00edn\u00e1lnak, bele\u00e9rtve a lak\u00e1s- \u00e9s iskolakeres\u00e9st, ideiglenes sz\u00e1ll\u00e1st, t\u00e1j\u00e9koz\u00f3d\u00e1st \u00e9s g\u00e9pj\u00e1rm\u0171l\u00edzinget.<\/p>\n<p>Weboldal: <a href=\"https:\/\/asia-relocation.com\/\" target=\"_blank\" rel=\"noopener\">https:\/\/asia-relocation.com\/<\/a><\/p>\n<h2><span class=\"ez-toc-section\" id=\"2_Consolidated_Strategies_Solutions\"><\/span><strong>2. Konszolid\u00e1lt strat\u00e9gi\u00e1k \u00e9s megold\u00e1sok<\/strong><span class=\"ez-toc-section-end\"><\/span><\/h2>\n<p><img loading=\"lazy\" decoding=\"async\" class=\"alignnone size-full wp-image-8778\" src=\"https:\/\/moverdb.com\/wp-content\/uploads\/Consolidated-Strategies-Solutions-international-moving-company.png\" alt=\"Consolidated Strategies &amp; Solutions nemzetk\u00f6zi k\u00f6lt\u00f6ztet\u0151 c\u00e9g\" width=\"1440\" height=\"679\" data-wp-pid=\"8778\" srcset=\"https:\/\/moverdb.com\/wp-content\/uploads\/Consolidated-Strategies-Solutions-international-moving-company.png 1440w, https:\/\/moverdb.com\/wp-content\/uploads\/Consolidated-Strategies-Solutions-international-moving-company-300x141.png 300w, https:\/\/moverdb.com\/wp-content\/uploads\/Consolidated-Strategies-Solutions-international-moving-company-1024x483.png 1024w, https:\/\/moverdb.com\/wp-content\/uploads\/Consolidated-Strategies-Solutions-international-moving-company-18x8.png 18w, https:\/\/moverdb.com\/wp-content\/uploads\/Consolidated-Strategies-Solutions-international-moving-company-600x283.png 600w\" sizes=\"auto, (max-width: 1440px) 100vw, 1440px\" \/><\/p>\n<ul>\n<li>Helyi k\u00f6lt\u00f6z\u00e9sek<\/li>\n<li>Nemzetk\u00f6zi k\u00f6lt\u00f6z\u00e9sek<\/li>\n<li>H\u00e1ztart\u00e1si k\u00f6lt\u00f6z\u00e9sek<\/li>\n<li>K\u00f6lt\u00f6ztet\u00e9si szolg\u00e1ltat\u00e1sok<\/li>\n<li>Konzult\u00e1ci\u00f3k el\u00e9rhet\u0151ek<\/li>\n<li>Szem\u00e9lyre szabott szolg\u00e1ltat\u00e1s<\/li>\n<li>Csomagol\u00e1si szolg\u00e1ltat\u00e1s<\/li>\n<li>Biztons\u00e1gosan lez\u00e1rt dobozok<\/li>\n<li>A sz\u00e1ll\u00edt\u00e1s megszervez\u00e9se<\/li>\n<li>Biztons\u00e1gos rakt\u00e1rhelyis\u00e9gek<\/li>\n<\/ul>\n<p>A Consolidated Strategies &amp; Solutions egy t\u00f6bb mint 15 \u00e9ves tapasztalattal rendelkez\u0151 nemzetk\u00f6zi k\u00f6lt\u00f6ztet\u0151 c\u00e9g, amelynek sz\u00e9khelye Quezon Cityben tal\u00e1lhat\u00f3. Tagjai az IAM-nek, ami hozz\u00e1f\u00e9r\u00e9st biztos\u00edt sz\u00e1mukra a k\u00f6lt\u00f6ztet\u0151 \u00fcgyn\u00f6k\u00f6k nemzetk\u00f6zi h\u00e1l\u00f3zat\u00e1hoz, amely vil\u00e1gszerte t\u00e1mogatja \u0151ket a szolg\u00e1ltat\u00e1sokkal.<\/p>\n<p>A Consolidated Strategies &amp; Solutions helyi \u00e9s orsz\u00e1gos k\u00f6lt\u00f6z\u00e9seket k\u00edn\u00e1l a F\u00fcl\u00f6p-szigeteken bel\u00fcl, valamint nemzetk\u00f6zi k\u00f6lt\u00f6z\u00e9seket a F\u00fcl\u00f6p-szigetekre \u00e9s a F\u00fcl\u00f6p-szigetekr\u0151l. Csomagol\u00e1si szolg\u00e1ltat\u00e1sokat ny\u00fajtanak, hogy seg\u00edtsenek megv\u00e9deni a holmij\u00e1t a sz\u00e1ll\u00edt\u00e1s \u00e9s a t\u00e1rol\u00e1s sor\u00e1n. Biztons\u00e1gos t\u00e1rol\u00f3helyeket k\u00edn\u00e1lnak, ahol a dobozokat az \u00d6n otthon\u00e1ban lez\u00e1rhatj\u00e1k, majd a t\u00e1rol\u00f3helyeikre sz\u00e1ll\u00edthatj\u00e1k.<\/p>\n<p>Weboldal: <a href=\"http:\/\/www.csandsolutions.com\" target=\"_blank\" rel=\"noopener\">http:\/\/www.csandsolutions.com<\/a><\/p>\n<h2><span class=\"ez-toc-section\" id=\"3_Dads_Moving_Storage\"><\/span><strong>3. Apa k\u00f6lt\u00f6ztet\u00e9se \u00e9s t\u00e1rol\u00e1sa<\/strong><span class=\"ez-toc-section-end\"><\/span><\/h2>\n<p><img loading=\"lazy\" decoding=\"async\" class=\"alignnone size-full wp-image-8782\" src=\"https:\/\/moverdb.com\/wp-content\/uploads\/Dads-Moving-Storage-international-moving-company.png\" alt=\"\" width=\"1440\" height=\"683\" data-wp-pid=\"8782\" srcset=\"https:\/\/moverdb.com\/wp-content\/uploads\/Dads-Moving-Storage-international-moving-company.png 1440w, https:\/\/moverdb.com\/wp-content\/uploads\/Dads-Moving-Storage-international-moving-company-300x142.png 300w, https:\/\/moverdb.com\/wp-content\/uploads\/Dads-Moving-Storage-international-moving-company-1024x486.png 1024w, https:\/\/moverdb.com\/wp-content\/uploads\/Dads-Moving-Storage-international-moving-company-18x9.png 18w, https:\/\/moverdb.com\/wp-content\/uploads\/Dads-Moving-Storage-international-moving-company-600x285.png 600w\" sizes=\"auto, (max-width: 1440px) 100vw, 1440px\" \/><\/p>\n<ul>\n<li>Nemzeti l\u00e9p\u00e9sek<\/li>\n<li>Nemzetk\u00f6zi k\u00f6lt\u00f6z\u00e9sek<\/li>\n<li>H\u00e1ztart\u00e1si k\u00f6lt\u00f6z\u00e9sek<\/li>\n<li>Szervezeti mozg\u00e1sok<\/li>\n<li>All-inclusive \u00e1rk\u00e9pz\u00e9s<\/li>\n<li>Csomagol\u00e1si szolg\u00e1ltat\u00e1s<\/li>\n<li>K\u00f6rnyezetbar\u00e1t anyagok<\/li>\n<li>A sz\u00e1ll\u00edt\u00e1s megszervez\u00e9se<\/li>\n<li>Tan\u00e1csad\u00e1s \u00e9s ir\u00e1nymutat\u00e1s<\/li>\n<li>Rakt\u00e1roz\u00e1si lehet\u0151s\u00e9gek<\/li>\n<\/ul>\n<p>A Dad's Moving &amp; Storage egy k\u00f6lt\u00f6ztet\u0151 \u00e9s t\u00e1rol\u00f3 c\u00e9g, amelyet n\u00e9h\u00e1ny tapasztalt mozg\u00f3 veter\u00e1n hozott l\u00e9tre, \u00e9s Muntinlupa Cityben tal\u00e1lhat\u00f3. A vil\u00e1g 196 orsz\u00e1g\u00e1ban dolgoznak k\u00f6lt\u00f6ztet\u0151 \u00fcgyn\u00f6k\u00f6kkel, hogy t\u00e1mogass\u00e1k \u0151ket a F\u00fcl\u00f6p-szigeteken k\u00edv\u00fcli szolg\u00e1ltat\u00e1saik ny\u00fajt\u00e1s\u00e1ban. Az IAM tagjak\u00e9nt hat\u00e9ves szolg\u00e1lati id\u0151vel rendelkeznek.<\/p>\n<p>A Dad's Moving &amp; Storage a F\u00fcl\u00f6p-szigeteken bel\u00fcli, oda- \u00e9s onnan indul\u00f3 k\u00f6lt\u00f6ztet\u00e9si szolg\u00e1ltat\u00e1sokat k\u00edn\u00e1l a h\u00e1ztart\u00e1sok \u00e9s a szervezetek alkalmazottai sz\u00e1m\u00e1ra. T\u00e1mogatj\u00e1k \u00e9s v\u00e9gigk\u00eds\u00e9rik \u00d6nt a k\u00f6lt\u00f6z\u00e9s sor\u00e1n, \u00e9s seg\u00edtenek a holmik biztons\u00e1gos csomagol\u00e1s\u00e1ban, a legmegfelel\u0151bb anyagok \u00e9s kartondobozok haszn\u00e1lat\u00e1val, hogy megv\u00e9dj\u00e9k azokat.<\/p>\n<p>Weboldal: <a href=\"http:\/\/dadsmoving.com\" target=\"_blank\" rel=\"noopener\">http:\/\/dadsmoving.com<\/a><\/p>\n<h2><span class=\"ez-toc-section\" id=\"4_Global_Logistics_Services\"><\/span><strong>4. Glob\u00e1lis logisztikai szolg\u00e1ltat\u00e1sok<\/strong><span class=\"ez-toc-section-end\"><\/span><\/h2>\n<p><img loading=\"lazy\" decoding=\"async\" class=\"alignnone size-full wp-image-8805\" src=\"https:\/\/moverdb.com\/wp-content\/uploads\/Global-Logistics-Services-international-moving-company.png\" alt=\"Global Logistics Services nemzetk\u00f6zi k\u00f6lt\u00f6ztet\u0151 c\u00e9g\" width=\"1440\" height=\"680\" data-wp-pid=\"8805\" srcset=\"https:\/\/moverdb.com\/wp-content\/uploads\/Global-Logistics-Services-international-moving-company.png 1440w, https:\/\/moverdb.com\/wp-content\/uploads\/Global-Logistics-Services-international-moving-company-300x142.png 300w, https:\/\/moverdb.com\/wp-content\/uploads\/Global-Logistics-Services-international-moving-company-1024x484.png 1024w, https:\/\/moverdb.com\/wp-content\/uploads\/Global-Logistics-Services-international-moving-company-18x9.png 18w, https:\/\/moverdb.com\/wp-content\/uploads\/Global-Logistics-Services-international-moving-company-600x283.png 600w\" sizes=\"auto, (max-width: 1440px) 100vw, 1440px\" \/><\/p>\n<ul>\n<li>Nemzeti l\u00e9p\u00e9sek<\/li>\n<li>Nemzetk\u00f6zi \u00e1thelyez\u00e9sek<\/li>\n<li>Lakoss\u00e1gi \u00e1thelyez\u00e9sek<\/li>\n<li>Irodai k\u00f6lt\u00f6z\u00e9sek<\/li>\n<li>Csomagol\u00e1si szolg\u00e1ltat\u00e1s<\/li>\n<li>A sz\u00e1ll\u00edt\u00e1s megszervez\u00e9se<\/li>\n<li>Sz\u00e1ll\u00edt\u00e1s nyomon k\u00f6vet\u00e9se<\/li>\n<li>J\u00e1rm\u0171sz\u00e1ll\u00edt\u00e1s<\/li>\n<li>H\u00e1zi\u00e1llat \u00e1thelyez\u00e9s<\/li>\n<li>T\u00e1rol\u00e1si szolg\u00e1ltat\u00e1sok<\/li>\n<\/ul>\n<p>A Global Logistics Services egy 2013-ban alap\u00edtott nemzetk\u00f6zi k\u00f6lt\u00f6ztet\u0151 \u00e9s k\u00f6lt\u00f6ztet\u0151 c\u00e9g, amelynek sz\u00e9khelye Paranaque-ban van, irod\u00e1i pedig a k\u00f6vetkez\u0151 helyeken is vannak <a href=\"https:\/\/moverdb.com\/hu\/moving-to-the-united-states\/moving-to-new-york\/\" data-internallinksmanager029f6b8e52c=\"332\" title=\"New Yorkba k\u00f6lt\u00f6zik? 2023 Meg\u00e9lhet\u00e9si k\u00f6lts\u00e9gek \u00e9s k\u00f6lt\u00f6z\u00e9si tippek\">New York<\/a> \u00e9s a Marshall-szigetek. Kiterjedt glob\u00e1lis partnerh\u00e1l\u00f3zattal rendelkeznek, amely seg\u00edti \u0151ket nemzetk\u00f6zi szolg\u00e1ltat\u00e1saik ny\u00fajt\u00e1s\u00e1ban. Az IAM 16 \u00e9ves tags\u00e1ggal rendelkez\u0151 tagja.<\/p>\n<p>A Global Logistics Services egyablakos megold\u00e1st k\u00edn\u00e1l a k\u00f6lt\u00f6z\u00e9sekhez, legyen sz\u00f3 ak\u00e1r otthonr\u00f3l, ak\u00e1r irod\u00e1r\u00f3l. Csomagol\u00e1si szolg\u00e1ltat\u00e1st ny\u00fajtanak tart\u00f3s dobozok haszn\u00e1lat\u00e1val, hogy megv\u00e9dj\u00e9k a holmij\u00e1t, \u00e9s gondoskodnak a biztons\u00e1gos sz\u00e1ll\u00edt\u00e1sr\u00f3l a c\u00e9l\u00e1llom\u00e1sra. Speci\u00e1lis szolg\u00e1ltat\u00e1sokat k\u00edn\u00e1lnak zongor\u00e1k, aut\u00f3k \u00e9s h\u00e1zi\u00e1llatok k\u00f6lt\u00f6ztet\u00e9s\u00e9re.<\/p>\n<p>Weboldal: <a href=\"http:\/\/www.a1global-logistics.com\" target=\"_blank\" rel=\"noopener\">http:\/\/www.a1global-logistics.com<\/a><\/p>\n<h2><span class=\"ez-toc-section\" id=\"5_Goetz_Moving_Storage\"><\/span><strong>5. Goetz K\u00f6lt\u00f6ztet\u00e9s \u00e9s rakt\u00e1roz\u00e1s<\/strong><span class=\"ez-toc-section-end\"><\/span><\/h2>\n<p><img loading=\"lazy\" decoding=\"async\" class=\"alignnone size-full wp-image-8809\" src=\"https:\/\/moverdb.com\/wp-content\/uploads\/Goetz-Moving-Storage-international-moving-company.png\" alt=\"Goetz Moving &amp; Storage nemzetk\u00f6zi k\u00f6lt\u00f6ztet\u0151 c\u00e9g\" width=\"1440\" height=\"680\" data-wp-pid=\"8809\" srcset=\"https:\/\/moverdb.com\/wp-content\/uploads\/Goetz-Moving-Storage-international-moving-company.png 1440w, https:\/\/moverdb.com\/wp-content\/uploads\/Goetz-Moving-Storage-international-moving-company-300x142.png 300w, https:\/\/moverdb.com\/wp-content\/uploads\/Goetz-Moving-Storage-international-moving-company-1024x484.png 1024w, https:\/\/moverdb.com\/wp-content\/uploads\/Goetz-Moving-Storage-international-moving-company-18x9.png 18w, https:\/\/moverdb.com\/wp-content\/uploads\/Goetz-Moving-Storage-international-moving-company-600x283.png 600w\" sizes=\"auto, (max-width: 1440px) 100vw, 1440px\" \/><\/p>\n<ul>\n<li>Helyi k\u00f6lt\u00f6z\u00e9sek<\/li>\n<li>Nemzetk\u00f6zi k\u00f6lt\u00f6z\u00e9sek<\/li>\n<li>Lakoss\u00e1gi k\u00f6lt\u00f6z\u00e9sek<\/li>\n<li>Irodai k\u00f6lt\u00f6z\u00e9sek<\/li>\n<li>H\u00e1zt\u00f3l-h\u00e1zig szolg\u00e1ltat\u00e1s<\/li>\n<li>L\u00e9gi \u00e9s tengeri sz\u00e1ll\u00edt\u00e1s<\/li>\n<li>V\u00e1mkezel\u00e9s<\/li>\n<li>V\u00edzum- \u00e9s bev\u00e1ndorl\u00e1si szolg\u00e1ltat\u00e1sok<\/li>\n<li>Biztos\u00edt\u00e1s<\/li>\n<li>Rakt\u00e1roz\u00e1si lehet\u0151s\u00e9gek<\/li>\n<\/ul>\n<p>A Goetz Moving &amp; Storage nemzetk\u00f6zi k\u00f6lt\u00f6ztet\u00e9si szolg\u00e1ltat\u00e1sokat k\u00edn\u00e1l h\u00e1zt\u00f3l-h\u00e1zig, 1984-ben alap\u00edtott\u00e1k, sz\u00e9khelye Paranaque-ban tal\u00e1lhat\u00f3. A vil\u00e1g strat\u00e9giai pontjain helyi \u00e9s nemzetk\u00f6zi k\u00f6lt\u00f6ztet\u00e9si \u00fcgyn\u00f6k\u00f6k h\u00e1l\u00f3zata t\u00e1mogatja \u0151ket. Az IAM tagjak\u00e9nt 39 \u00e9ves szolg\u00e1lati id\u0151vel rendelkeznek.<\/p>\n<p>A Goetz Moving &amp; Storage h\u00e1zt\u00f3l h\u00e1zig tart\u00f3 k\u00f6lt\u00f6ztet\u00e9si \u00e9s k\u00f6lt\u00f6ztet\u00e9si szolg\u00e1ltat\u00e1sokat k\u00edn\u00e1l, amelyek magukban foglalj\u00e1k a sz\u00e1ll\u00edt\u00e1s \u00e9s a v\u00e1mkezel\u00e9s megszervez\u00e9s\u00e9t, valamint a biztos\u00edt\u00e1si fedezetet. Olyan k\u00f6lt\u00f6z\u00e9si szolg\u00e1ltat\u00e1sokat k\u00edn\u00e1lnak, amelyek magukban foglalj\u00e1k a ter\u00fcleti t\u00e1j\u00e9koz\u00f3d\u00e1st, az otthon- \u00e9s iskolakeres\u00e9st, a leteleped\u00e9si szolg\u00e1ltat\u00e1sokat, a t\u00e1voz\u00e1si szolg\u00e1ltat\u00e1sokat, a kultur\u00e1lis k\u00e9pz\u00e9st, valamint a v\u00edzum- \u00e9s bev\u00e1ndorl\u00e1si t\u00e1mogat\u00e1st.<\/p>\n<p>Weboldal: <a href=\"http:\/\/www.goetzmoving.com\" target=\"_blank\" rel=\"noopener\">http:\/\/www.goetzmoving.com<\/a><\/p>\n<h2><span class=\"ez-toc-section\" id=\"6_Melcon_Worldwide_Logistics\"><\/span><strong>6. Melcon Worldwide Logistics<\/strong><span class=\"ez-toc-section-end\"><\/span><\/h2>\n<p><img loading=\"lazy\" decoding=\"async\" class=\"alignnone size-full wp-image-8824\" src=\"https:\/\/moverdb.com\/wp-content\/uploads\/Melcon-Worldwide-Logistics-international-moving-company.png\" alt=\"Melcon Worldwide Logistics nemzetk\u00f6zi k\u00f6lt\u00f6ztet\u0151 c\u00e9g\" width=\"1440\" height=\"678\" data-wp-pid=\"8824\" srcset=\"https:\/\/moverdb.com\/wp-content\/uploads\/Melcon-Worldwide-Logistics-international-moving-company.png 1440w, https:\/\/moverdb.com\/wp-content\/uploads\/Melcon-Worldwide-Logistics-international-moving-company-300x141.png 300w, https:\/\/moverdb.com\/wp-content\/uploads\/Melcon-Worldwide-Logistics-international-moving-company-1024x482.png 1024w, https:\/\/moverdb.com\/wp-content\/uploads\/Melcon-Worldwide-Logistics-international-moving-company-18x8.png 18w, https:\/\/moverdb.com\/wp-content\/uploads\/Melcon-Worldwide-Logistics-international-moving-company-600x283.png 600w\" sizes=\"auto, (max-width: 1440px) 100vw, 1440px\" \/><\/p>\n<ul>\n<li>Helyi k\u00f6lt\u00f6z\u00e9sek<\/li>\n<li>Nemzetk\u00f6zi k\u00f6lt\u00f6z\u00e9sek<\/li>\n<li>Lakoss\u00e1gi k\u00f6lt\u00f6z\u00e9sek<\/li>\n<li>Irodai \u00e9s gy\u00e1ri k\u00f6lt\u00f6ztet\u00e9sek<\/li>\n<li>H\u00e1zt\u00f3l-h\u00e1zig szolg\u00e1ltat\u00e1s<\/li>\n<li>L\u00e9gi \u00e9s tengeri sz\u00e1ll\u00edt\u00e1s<\/li>\n<li>Br\u00f3kerszolg\u00e1ltat\u00e1sok<\/li>\n<li>H\u00e1zi\u00e1llat sz\u00e1ll\u00edt\u00e1s<\/li>\n<li>Tranzitbiztos\u00edt\u00e1s<\/li>\n<li>Rakt\u00e1roz\u00e1si lehet\u0151s\u00e9gek<\/li>\n<\/ul>\n<p>A Melcon Worldwide Logistics egy egyablakos logisztikai v\u00e1llalat, amely sz\u00e1ll\u00edtm\u00e1nyoz\u00e1st, eloszt\u00e1st \u00e9s rakt\u00e1roz\u00e1st k\u00edn\u00e1l. Taguig Cityben \u00e9s Davao Cityben van irod\u00e1juk. Az IAM tagjak\u00e9nt 20 \u00e9ves szolg\u00e1lati id\u0151vel rendelkeznek, ami hozz\u00e1f\u00e9r\u00e9st biztos\u00edt sz\u00e1mukra a k\u00f6lt\u00f6ztet\u0151 \u00fcgyn\u00f6k\u00f6k nemzetk\u00f6zi h\u00e1l\u00f3zat\u00e1hoz, hogy t\u00e1mogass\u00e1k \u0151ket.<\/p>\n<p>A Melcon Worldwide Logistics szem\u00e9lyre szabott logisztikai szolg\u00e1ltat\u00e1sokat k\u00edn\u00e1l, amelyek magukban foglalj\u00e1k a h\u00e1zt\u00f3l h\u00e1zig tart\u00f3 k\u00f6lt\u00f6ztet\u00e9st \u00e9s a helyi sz\u00e1ll\u00edt\u00e1st. Megv\u00e9dik szem\u00e9lyes t\u00e1rgyait, \u00e9s megszervezik a l\u00e9gi vagy tengeri sz\u00e1ll\u00edtm\u00e1nyoz\u00e1st tranzitbiztos\u00edt\u00e1ssal. Kis\u00e1llat k\u00f6lt\u00f6ztet\u00e9si szolg\u00e1ltat\u00e1st is k\u00edn\u00e1lnak, hogy h\u00e1zi\u00e1llatait is mag\u00e1val vihesse. Emellett p\u00e1ratartalom-szab\u00e1lyoz\u00f3 t\u00e1rol\u00e1si \u00e9s h\u0171t\u0151t\u00e1rol\u00e1si lehet\u0151s\u00e9geket is k\u00edn\u00e1lnak.<\/p>\n<p>Weboldal: <a href=\"http:\/\/www.melconlogistics.com\" target=\"_blank\" rel=\"noopener\">http:\/\/www.melconlogistics.com<\/a><\/p>\n<h2><span class=\"ez-toc-section\" id=\"7_Santa_Fe_Relocation\"><\/span><strong>7. Santa Fe \u00e1thelyez\u00e9se<\/strong><span class=\"ez-toc-section-end\"><\/span><\/h2>\n<p><img loading=\"lazy\" decoding=\"async\" class=\"alignnone size-full wp-image-8850\" src=\"https:\/\/moverdb.com\/wp-content\/uploads\/Santa-Fe-Relocation-Philippines-international-moving-company.png\" alt=\"Santa Fe Relocation F\u00fcl\u00f6p-szigetek nemzetk\u00f6zi k\u00f6lt\u00f6ztet\u0151 c\u00e9g\" width=\"1440\" height=\"676\" data-wp-pid=\"8850\" srcset=\"https:\/\/moverdb.com\/wp-content\/uploads\/Santa-Fe-Relocation-Philippines-international-moving-company.png 1440w, https:\/\/moverdb.com\/wp-content\/uploads\/Santa-Fe-Relocation-Philippines-international-moving-company-300x141.png 300w, https:\/\/moverdb.com\/wp-content\/uploads\/Santa-Fe-Relocation-Philippines-international-moving-company-1024x481.png 1024w, https:\/\/moverdb.com\/wp-content\/uploads\/Santa-Fe-Relocation-Philippines-international-moving-company-18x8.png 18w, https:\/\/moverdb.com\/wp-content\/uploads\/Santa-Fe-Relocation-Philippines-international-moving-company-600x282.png 600w\" sizes=\"auto, (max-width: 1440px) 100vw, 1440px\" \/><\/p>\n<ul>\n<li>Nemzeti l\u00e9p\u00e9sek<\/li>\n<li>Nemzetk\u00f6zi k\u00f6lt\u00f6z\u00e9sek<\/li>\n<li>Lakoss\u00e1gi k\u00f6lt\u00f6z\u00e9sek<\/li>\n<li>K\u00f6lt\u00f6z\u00e9s el\u0151tti konzult\u00e1ci\u00f3<\/li>\n<li>Csomagol\u00e1si szolg\u00e1ltat\u00e1s<\/li>\n<li>Sz\u00e1ll\u00edt\u00e1s sz\u00e1razf\u00f6ld\u00f6n, leveg\u0151ben \u00e9s tengeren<\/li>\n<li>V\u00e1mkezel\u00e9s<\/li>\n<li>J\u00e1rm\u0171sz\u00e1ll\u00edt\u00e1s<\/li>\n<li>H\u00e1zi\u00e1llat \u00e1thelyez\u00e9s<\/li>\n<li>R\u00f6vid \u00e9s hossz\u00fa t\u00e1v\u00fa t\u00e1rol\u00e1si lehet\u0151s\u00e9gek<\/li>\n<\/ul>\n<p>A Santa Fe Relocation egy nemzetk\u00f6zi k\u00f6lt\u00f6ztet\u0151 c\u00e9g, amely 47 orsz\u00e1gban 96 irod\u00e1val rendelkezik, F\u00fcl\u00f6p-szigeteki kirendelts\u00e9g\u00fck pedig Calamba Cityben tal\u00e1lhat\u00f3. T\u00f6bb mint 120 \u00e9ve seg\u00edtenek az embereknek a k\u00f6lt\u00f6z\u00e9sben. Tagjai az IAM-nek \u00e9s a FIDI \u00e1ltal akkredit\u00e1ltak.<\/p>\n<p>A Santa Fe Relocation k\u00f6lt\u00f6z\u00e9si tan\u00e1csad\u00f3t biztos\u00edt, aki t\u00e1mogatja \u00d6nt a k\u00f6lt\u00f6z\u00e9sben. \u0150k gondoskodnak a holmij\u00e1nak csomagol\u00e1s\u00e1r\u00f3l \u00e9s a sz\u00e1razf\u00f6ldi, l\u00e9gi vagy tengeri sz\u00e1ll\u00edt\u00e1sr\u00f3l, v\u00e1mkezel\u00e9ssel egy\u00fctt. Sz\u00e1mos kieg\u00e9sz\u00edt\u0151 \u00e9s k\u00f6lt\u00f6z\u00e9si szolg\u00e1ltat\u00e1st k\u00edn\u00e1lnak, bele\u00e9rtve a takar\u00edt\u00e1st, a r\u00f6vid t\u00e1v\u00fa b\u00e9rl\u00e9st, a j\u00e1rm\u0171sz\u00e1ll\u00edt\u00e1st, a h\u00e1zi\u00e1llatok k\u00f6lt\u00f6ztet\u00e9s\u00e9t, a v\u00edzum- \u00e9s bev\u00e1ndorl\u00e1si \u00fcgyint\u00e9z\u00e9st, az indul\u00e1si szolg\u00e1ltat\u00e1sokat, a kultur\u00e1lis k\u00e9pz\u00e9st, a t\u00e1j\u00e9koz\u00f3d\u00e1st, valamint az otthon- \u00e9s iskolakeres\u00e9st.<\/p>\n<p>Weboldal: <a href=\"https:\/\/www.santaferelo.com\/en\/contact\/our-offices\/philippines-manila\/\" target=\"_blank\" rel=\"noopener\">https:\/\/www.santaferelo.com\/en\/contact\/our-offices\/philippines-manila\/<\/a><\/p>\n<h2><span class=\"ez-toc-section\" id=\"Other_Useful_Guides_to_the_Philippines\"><\/span>Egy\u00e9b hasznos \u00fatmutat\u00f3k a F\u00fcl\u00f6p-szigetekr\u0151l<span class=\"ez-toc-section-end\"><\/span><\/h2>\n<ul>\n<li> <a href=\"https:\/\/moverdb.com\/hu\/kontenerszallitas\/fulop-szigetek\/\">2024 Tengeri tehersz\u00e1ll\u00edt\u00e1si kont\u00e9ner \u00e1rak a F\u00fcl\u00f6p-szigetekre \u00e9s a F\u00fcl\u00f6p-szigetekr\u0151l<\/a><\/li>\n<li> <a href=\"https:\/\/moverdb.com\/hu\/moving-to-the-philippines\/\">A F\u00fcl\u00f6p-szigetekre k\u00f6lt\u00f6zik? 2023 Meg\u00e9lhet\u00e9si k\u00f6lts\u00e9gek \u00e9s k\u00f6lt\u00f6z\u00e9si tippek<\/a><\/li>\n<li> <a href=\"https:\/\/moverdb.com\/hu\/moving-to-the-philippines\/best-places-to-live-philippines\/\">12 legjobb helyeken \u00e9lni a F\u00fcl\u00f6p-szigeteken<\/a><\/li>\n<li> <a href=\"https:\/\/moverdb.com\/hu\/moving-to-the-philippines\/living-in-the-philippines\/\">21 Titkok a F\u00fcl\u00f6p-szigeteki \u00e9letr\u0151l, hogy tudd, miel\u0151tt elk\u00f6lt\u00f6z\u00f6l<\/a><\/li>\n<li> <a href=\"https:\/\/moverdb.com\/hu\/moving-to-the-philippines\/philippines-from-us\/\">K\u00f6lt\u00f6z\u00e9s a F\u00fcl\u00f6p-szigetekre az Egyes\u00fclt \u00c1llamokb\u00f3l<\/a><\/li>\n<\/ul>","protected":false},"excerpt":{"rendered":"<p>If you are moving home or business within, to or from the Philippines, you may be looking for some support to help lighten the load. Moving companies can assist with packing, organising transportation and documentation support. Below we have compiled a list of Philippines based removal companies that are members of the International Association of [&hellip;]<\/p>\n","protected":false},"author":4,"featured_media":0,"parent":190,"menu_order":0,"comment_status":"closed","ping_status":"closed","template":"","meta":{"_genesis_hide_title":false,"_genesis_hide_breadcrumbs":false,"_genesis_hide_singular_image":false,"_genesis_hide_footer_widgets":false,"_genesis_custom_body_class":"","_genesis_custom_post_class":"","_genesis_layout":"","footnotes":""},"class_list":{"0":"post-8912","1":"page","2":"type-page","3":"status-publish","5":"entry","6":"has-post-thumbnail"},"_links":{"self":[{"href":"https:\/\/moverdb.com\/hu\/wp-json\/wp\/v2\/pages\/8912","targetHints":{"allow":["GET"]}}],"collection":[{"href":"https:\/\/moverdb.com\/hu\/wp-json\/wp\/v2\/pages"}],"about":[{"href":"https:\/\/moverdb.com\/hu\/wp-json\/wp\/v2\/types\/page"}],"author":[{"embeddable":true,"href":"https:\/\/moverdb.com\/hu\/wp-json\/wp\/v2\/users\/4"}],"replies":[{"embeddable":true,"href":"https:\/\/moverdb.com\/hu\/wp-json\/wp\/v2\/comments?post=8912"}],"version-history":[{"count":4,"href":"https:\/\/moverdb.com\/hu\/wp-json\/wp\/v2\/pages\/8912\/revisions"}],"predecessor-version":[{"id":16985,"href":"https:\/\/moverdb.com\/hu\/wp-json\/wp\/v2\/pages\/8912\/revisions\/16985"}],"up":[{"embeddable":true,"href":"https:\/\/moverdb.com\/hu\/wp-json\/wp\/v2\/pages\/190"}],"wp:attachment":[{"href":"https:\/\/moverdb.com\/hu\/wp-json\/wp\/v2\/media?parent=8912"}],"curies":[{"name":"wp","href":"https:\/\/api.w.org\/{rel}","templated":true}]}}