{"id":8513,"date":"2024-09-26T13:18:21","date_gmt":"2024-09-26T13:18:21","guid":{"rendered":"https:\/\/moverdb.com\/?page_id=8513"},"modified":"2026-01-08T15:16:20","modified_gmt":"2026-01-08T15:16:20","slug":"moving-to-mallorca","status":"publish","type":"page","link":"https:\/\/moverdb.com\/hu\/moving-to-spain\/moving-to-mallorca\/","title":{"rendered":"K\u00f6lt\u00f6z\u00e9s Mallorc\u00e1ra? 2024 \u00c9letk\u00f6lts\u00e9gek \u00e9s k\u00f6lt\u00f6z\u00e9si tippek"},"content":{"rendered":"<p><img loading=\"lazy\" decoding=\"async\" class=\"alignnone size-full wp-image-7931\" src=\"https:\/\/moverdb.com\/wp-content\/uploads\/moving-to-mallorca-1.jpg\" alt=\"\" width=\"1000\" height=\"576\" data-wp-pid=\"7931\" srcset=\"https:\/\/moverdb.com\/wp-content\/uploads\/moving-to-mallorca-1.jpg 1000w, https:\/\/moverdb.com\/wp-content\/uploads\/moving-to-mallorca-1-300x173.jpg 300w, https:\/\/moverdb.com\/wp-content\/uploads\/moving-to-mallorca-1-18x10.jpg 18w, https:\/\/moverdb.com\/wp-content\/uploads\/moving-to-mallorca-1-600x346.jpg 600w\" sizes=\"auto, (max-width: 1000px) 100vw, 1000px\" \/><\/p>\n<p>Mallorca a spanyol Bale\u00e1r-szigetek legnagyobb szigete, \u00e9s bev\u00e9tel\u00e9nek mintegy 80% r\u00e9sze sz\u00e1rmazik az idegenforgalomb\u00f3l. A homokos strandjair\u00f3l \u00e9s nyugodt l\u00e9gk\u00f6r\u00e9r\u0151l ismert sziget h\u00e9t \u00e9vtizede \u00e9vr\u0151l \u00e9vre l\u00e1togat\u00f3k ezreit vonzza.<\/p>\n<p><span style=\"font-weight: 400;\">Ha Mallorc\u00e1ra k\u00f6lt\u00f6z\u00e9st fontolgat, az al\u00e1bbiakban felsorolt k\u00fcl\u00f6nb\u00f6z\u0151 k\u00f6lts\u00e9gek seg\u00edtenek \u00d6nnek t\u00e1j\u00e9kozott d\u00f6nt\u00e9st hozni arr\u00f3l, hogy milyen k\u00f6lts\u00e9gekkel j\u00e1r a k\u00f6lt\u00f6z\u00e9s \u00e9s az \u00e9let egy olyan szigeten, amely bizony\u00edtottan m\u00e1r a neolitikum (Kr. e. 6000-4000) \u00f3ta lakott.<\/span><\/p>\n<p><b>Gyors Mallorcai t\u00e9nyek:<\/b><\/p>\n<ol>\n<li><b>N\u00e9pess\u00e9g: <\/b><span style=\"font-weight: 400;\">932,608 (2019).\u00a0<\/span><\/li>\n<li><b>Hivatalos nyelv:<\/b><span style=\"font-weight: 400;\"> Spanyol (<\/span><i><span style=\"font-weight: 400;\">de facto)<\/span><\/i><span style=\"font-weight: 400;\"> \u00e9s Cat\u00e0lan,<\/span> <span style=\"font-weight: 400;\">a k\u00fclf\u00f6ldi lakosok sz\u00e1mos m\u00e1s nyelvet is besz\u00e9lnek, t\u00f6bbek k\u00f6z\u00f6tt angolul, franci\u00e1ul, n\u00e9met\u00fcl, olaszul, arabul \u00e9s portug\u00e1lul.<\/span><\/li>\n<li><b>Egy f\u0151re jut\u00f3 GDP:<\/b><span style=\"font-weight: 400;\"> $30,321 USD (2015)<\/span><\/li>\n<li><b>Soha nem messze a partt\u00f3l: <\/b>A  oldalon. <span style=\"font-weight: 400;\">Mallorc\u00e1n soha nem vagy 50 km-n\u00e9l messzebb a tengerpartt\u00f3l.\u00a0<\/span><\/li>\n<li><b>P\u00e9nznem: <\/b><span style=\"font-weight: 400;\">Eur\u00f3 (EUR). 2024-t\u0151l 1 font = 1,20 eur\u00f3, $1 USD = 0,89 eur\u00f3, $1 CAD = 0,66 eur\u00f3, $1 AUD = 0,61 eur\u00f3. <\/span><\/li>\n<\/ol>\n<div id=\"ez-toc-container\" class=\"ez-toc-v2_0_82_2 ez-toc-wrap-left counter-hierarchy ez-toc-counter ez-toc-transparent ez-toc-container-direction\">\n<div class=\"ez-toc-title-container\">\n<p class=\"ez-toc-title\" style=\"cursor:inherit\">Szakaszok<\/p>\n<span class=\"ez-toc-title-toggle\"><a href=\"#\" class=\"ez-toc-pull-right ez-toc-btn ez-toc-btn-xs ez-toc-btn-default ez-toc-toggle\" aria-label=\"Toggle Tartalomjegyz\u00e9k\"><span class=\"ez-toc-js-icon-con\"><span class=\"\"><span class=\"eztoc-hide\" style=\"display:none;\">Toggle<\/span><span class=\"ez-toc-icon-toggle-span\"><svg style=\"fill: #999;color:#999\" xmlns=\"http:\/\/www.w3.org\/2000\/svg\" class=\"list-377408\" width=\"20px\" height=\"20px\" viewbox=\"0 0 24 24\" fill=\"none\"><path d=\"M6 6H4v2h2V6zm14 0H8v2h12V6zM4 11h2v2H4v-2zm16 0H8v2h12v-2zM4 16h2v2H4v-2zm16 0H8v2h12v-2z\" fill=\"currentColor\"><\/path><\/svg><svg style=\"fill: #999;color:#999\" class=\"arrow-unsorted-368013\" xmlns=\"http:\/\/www.w3.org\/2000\/svg\" width=\"10px\" height=\"10px\" viewbox=\"0 0 24 24\" version=\"1.2\" baseprofile=\"tiny\"><path d=\"M18.2 9.3l-6.2-6.3-6.2 6.3c-.2.2-.3.4-.3.7s.1.5.3.7c.2.2.4.3.7.3h11c.3 0 .5-.1.7-.3.2-.2.3-.5.3-.7s-.1-.5-.3-.7zM5.8 14.7l6.2 6.3 6.2-6.3c.2-.2.3-.5.3-.7s-.1-.5-.3-.7c-.2-.2-.4-.3-.7-.3h-11c-.3 0-.5.1-.7.3-.2.2-.3.5-.3.7s.1.5.3.7z\"\/><\/svg><\/span><\/span><\/span><\/a><\/span><\/div>\n<nav><ul class='ez-toc-list ez-toc-list-level-1 eztoc-toggle-hide-by-default' ><li class='ez-toc-page-1 ez-toc-heading-level-2'><a class=\"ez-toc-link ez-toc-heading-1\" href=\"https:\/\/moverdb.com\/hu\/moving-to-spain\/moving-to-mallorca\/#1_Moving_and_Shipping_Costs_to_Mallorca\" >1. K\u00f6lt\u00f6z\u00e9si \u00e9s sz\u00e1ll\u00edt\u00e1si k\u00f6lts\u00e9gek Mallorc\u00e1ra<\/a><\/li><li class='ez-toc-page-1 ez-toc-heading-level-2'><a class=\"ez-toc-link ez-toc-heading-2\" href=\"https:\/\/moverdb.com\/hu\/moving-to-spain\/moving-to-mallorca\/#2_Mallorca_Housing_Costs\" >2. Mallorca lakhat\u00e1si k\u00f6lts\u00e9gek<\/a><\/li><li class='ez-toc-page-1 ez-toc-heading-level-2'><a class=\"ez-toc-link ez-toc-heading-3\" href=\"https:\/\/moverdb.com\/hu\/moving-to-spain\/moving-to-mallorca\/#3_Mallorca_Food_Grocery_and_Restaurant_Costs\" >3. Mallorca \u00e9lelmiszer, \u00e9lelmiszer\u00fczlet \u00e9s \u00e9tterem k\u00f6lts\u00e9gei<\/a><\/li><li class='ez-toc-page-1 ez-toc-heading-level-2'><a class=\"ez-toc-link ez-toc-heading-4\" href=\"https:\/\/moverdb.com\/hu\/moving-to-spain\/moving-to-mallorca\/#4_Mallorca_Alcohol_Costs\" >4. Mallorca alkoholfogyaszt\u00e1s k\u00f6lts\u00e9gei<\/a><\/li><li class='ez-toc-page-1 ez-toc-heading-level-2'><a class=\"ez-toc-link ez-toc-heading-5\" href=\"https:\/\/moverdb.com\/hu\/moving-to-spain\/moving-to-mallorca\/#5_Mallorca_Transportation_Fares\" >5. Mallorcai sz\u00e1ll\u00edt\u00e1si d\u00edjak<\/a><\/li><li class='ez-toc-page-1 ez-toc-heading-level-2'><a class=\"ez-toc-link ez-toc-heading-6\" href=\"https:\/\/moverdb.com\/hu\/moving-to-spain\/moving-to-mallorca\/#6_Cost_of_Internet_in_Mallorca\" >6. Az internet \u00e1ra Mallorc\u00e1n<\/a><\/li><li class='ez-toc-page-1 ez-toc-heading-level-2'><a class=\"ez-toc-link ez-toc-heading-7\" href=\"https:\/\/moverdb.com\/hu\/moving-to-spain\/moving-to-mallorca\/#7_Cost_of_Clothing_Personal_Items_Gym_and_Leisure\" >7. Ruh\u00e1zat, szem\u00e9lyes cikkek, tornaterem \u00e9s szabadid\u0151 k\u00f6lts\u00e9gei<\/a><\/li><li class='ez-toc-page-1 ez-toc-heading-level-2'><a class=\"ez-toc-link ez-toc-heading-8\" href=\"https:\/\/moverdb.com\/hu\/moving-to-spain\/moving-to-mallorca\/#8_Cost_of_Owning_a_Car_and_Driving_a_Car_in_Mallorca\" >8. Az aut\u00f3 tulajdonl\u00e1s\u00e1nak \u00e9s vezet\u00e9s\u00e9nek k\u00f6lts\u00e9gei Mallorc\u00e1n<\/a><\/li><li class='ez-toc-page-1 ez-toc-heading-level-2'><a class=\"ez-toc-link ez-toc-heading-9\" href=\"https:\/\/moverdb.com\/hu\/moving-to-spain\/moving-to-mallorca\/#9_Taxes_in_Mallorca\" >9. Ad\u00f3k Mallorc\u00e1n<\/a><\/li><li class='ez-toc-page-1 ez-toc-heading-level-2'><a class=\"ez-toc-link ez-toc-heading-10\" href=\"https:\/\/moverdb.com\/hu\/moving-to-spain\/moving-to-mallorca\/#10_Flight_Costs_from_Mallorca\" >10. Rep\u00fcl\u00e9si k\u00f6lts\u00e9gek Mallorc\u00e1r\u00f3l<\/a><ul class='ez-toc-list-level-3' ><li class='ez-toc-heading-level-3'><a class=\"ez-toc-link ez-toc-heading-11\" href=\"https:\/\/moverdb.com\/hu\/moving-to-spain\/moving-to-mallorca\/#11_Moving_to_Mallorca_Alone\" >11. Egyed\u00fcl Mallorc\u00e1ra k\u00f6lt\u00f6zni<\/a><\/li><li class='ez-toc-page-1 ez-toc-heading-level-3'><a class=\"ez-toc-link ez-toc-heading-12\" href=\"https:\/\/moverdb.com\/hu\/moving-to-spain\/moving-to-mallorca\/#12_Moving_to_Mallorca_with_a_Family\" >12. Csal\u00e1ddal Mallorc\u00e1ra k\u00f6lt\u00f6zni<\/a><\/li><li class='ez-toc-page-1 ez-toc-heading-level-3'><a class=\"ez-toc-link ez-toc-heading-13\" href=\"https:\/\/moverdb.com\/hu\/moving-to-spain\/moving-to-mallorca\/#13_Moving_to_Mallorca_for_Work\" >13. Munkahelyi k\u00f6lt\u00f6z\u00e9s Mallorc\u00e1ra<\/a><\/li><li class='ez-toc-page-1 ez-toc-heading-level-3'><a class=\"ez-toc-link ez-toc-heading-14\" href=\"https:\/\/moverdb.com\/hu\/moving-to-spain\/moving-to-mallorca\/#14_Moving_to_Mallorca_from_Australia\" >14. Ausztr\u00e1li\u00e1b\u00f3l Mallorc\u00e1ra k\u00f6lt\u00f6z\u00e9s<\/a><\/li><li class='ez-toc-page-1 ez-toc-heading-level-3'><a class=\"ez-toc-link ez-toc-heading-15\" href=\"https:\/\/moverdb.com\/hu\/moving-to-spain\/moving-to-mallorca\/#15_Moving_to_Mallorca_from_Canada\" >15. Kanad\u00e1b\u00f3l Mallorc\u00e1ra k\u00f6lt\u00f6z\u00e9s<\/a><\/li><li class='ez-toc-page-1 ez-toc-heading-level-3'><a class=\"ez-toc-link ez-toc-heading-16\" href=\"https:\/\/moverdb.com\/hu\/moving-to-spain\/moving-to-mallorca\/#16_Moving_to_Mallorca_from_the_United_States\" >16. Mallorc\u00e1ra k\u00f6lt\u00f6z\u00e9s az Egyes\u00fclt \u00c1llamokb\u00f3l<\/a><\/li><li class='ez-toc-page-1 ez-toc-heading-level-3'><a class=\"ez-toc-link ez-toc-heading-17\" href=\"https:\/\/moverdb.com\/hu\/moving-to-spain\/moving-to-mallorca\/#17_Moving_to_Mallorca_from_the_United_Kingdom\" >17. K\u00f6lt\u00f6z\u00e9s Mallorc\u00e1ra az Egyes\u00fclt Kir\u00e1lys\u00e1gb\u00f3l<\/a><\/li><\/ul><\/li><li class='ez-toc-page-1 ez-toc-heading-level-2'><a class=\"ez-toc-link ez-toc-heading-18\" href=\"https:\/\/moverdb.com\/hu\/moving-to-spain\/moving-to-mallorca\/#Other_Useful_Guides_to_Spain\" >Egy\u00e9b hasznos \u00fatmutat\u00f3k Spanyolorsz\u00e1ghoz<\/a><\/li><\/ul><\/nav><\/div>\n<h2><span class=\"ez-toc-section\" id=\"1_Moving_and_Shipping_Costs_to_Mallorca\"><\/span><b>1. K\u00f6lt\u00f6z\u00e9si \u00e9s sz\u00e1ll\u00edt\u00e1si k\u00f6lts\u00e9gek Mallorc\u00e1ra<\/b><span class=\"ez-toc-section-end\"><\/span><\/h2>\n<p>Az al\u00e1bbi t\u00e1bl\u00e1zatban a legnagyobb vil\u00e1gv\u00e1rosokban tal\u00e1lhat\u00f3 20 vagy 40 l\u00e1bas kont\u00e9nerek b\u00e9rl\u00e9s\u00e9nek \u00e9s a gy\u00f6ny\u00f6r\u0171 Mallorc\u00e1ra t\u00f6rt\u00e9n\u0151 sz\u00e1ll\u00edt\u00e1s\u00e1nak becs\u00fclt k\u00f6lts\u00e9gei szerepelnek:<\/p>\n\n<table id=\"tablepress-566\" class=\"tablepress tablepress-id-566\">\n<thead>\n<tr class=\"row-1\">\n\t<th class=\"column-1\">Sz\u00e1rmaz\u00e1si hely<\/th><th class=\"column-2\">20FT<\/th><th class=\"column-3\">40FT<\/th>\n<\/tr>\n<\/thead>\n<tbody class=\"row-striping row-hover\">\n<tr class=\"row-2\">\n\t<td class=\"column-1\">Peking<\/td><td class=\"column-2\">$2,400 - $2,500<\/td><td class=\"column-3\">$4,300 - $4,500<\/td>\n<\/tr>\n<tr class=\"row-3\">\n\t<td class=\"column-1\">Berlin<\/td><td class=\"column-2\">$1,900 - $2,000<\/td><td class=\"column-3\">$3,500 - $3,700<\/td>\n<\/tr>\n<tr class=\"row-4\">\n\t<td class=\"column-1\"><a href=\"https:\/\/moverdb.com\/hu\/moving-to-chicago\/\" data-internallinksmanager029f6b8e52c=\"39\" title=\"Chicag\u00f3ba k\u00f6lt\u00f6zik? 2022 Meg\u00e9lhet\u00e9si k\u00f6lts\u00e9gek \u00e9s k\u00f6lt\u00f6z\u00e9si tippek\">Chicago<\/a><\/td><td class=\"column-2\">$2,200 - $2,300<\/td><td class=\"column-3\">$4,000 - $4,200<\/td>\n<\/tr>\n<tr class=\"row-5\">\n\t<td class=\"column-1\">Chongqing<\/td><td class=\"column-2\">$2,600 - $2,700<\/td><td class=\"column-3\">$4,700 - $4,900<\/td>\n<\/tr>\n<tr class=\"row-6\">\n\t<td class=\"column-1\">Delhi<\/td><td class=\"column-2\">$2,550 - $2,650<\/td><td class=\"column-3\">$4,600 - $4,800<\/td>\n<\/tr>\n<tr class=\"row-7\">\n\t<td class=\"column-1\"><a href=\"https:\/\/moverdb.com\/hu\/moving-to-dubai\/\" data-internallinksmanager029f6b8e52c=\"246\" title=\"K\u00f6lt\u00f6z\u00e9s Dubaiba? 2023 Lakhat\u00e1si k\u00f6lts\u00e9gek \u00e9s k\u00f6lt\u00f6z\u00e9si tippek\">Dubai<\/a><\/td><td class=\"column-2\">$2,700 - $2,800<\/td><td class=\"column-3\">$4,900 - $5,100<\/td>\n<\/tr>\n<tr class=\"row-8\">\n\t<td class=\"column-1\"><a href=\"https:\/\/moverdb.com\/hu\/moving-to-houston\/\" data-internallinksmanager029f6b8e52c=\"47\" title=\"Houstonba k\u00f6lt\u00f6zik? 2022 \u00c9letk\u00f6lts\u00e9gek \u00e9s k\u00f6lt\u00f6z\u00e9si tippek\">Houston<\/a><\/td><td class=\"column-2\">$2,300 - $2,400<\/td><td class=\"column-3\">$4,100 - $4,300<\/td>\n<\/tr>\n<tr class=\"row-9\">\n\t<td class=\"column-1\"><a href=\"https:\/\/moverdb.com\/hu\/moving-to-los-angeles\/\" data-internallinksmanager029f6b8e52c=\"51\" title=\"Los Angelesbe k\u00f6lt\u00f6zik? 2026 LA meg\u00e9lhet\u00e9si k\u00f6lts\u00e9gek \u00e9s k\u00f6lt\u00f6z\u00e9si tippek\">Los Angeles<\/a><\/td><td class=\"column-2\">$2,200 - $2,300<\/td><td class=\"column-3\">$4,000 - $4,200<\/td>\n<\/tr>\n<tr class=\"row-10\">\n\t<td class=\"column-1\"><a href=\"https:\/\/moverdb.com\/hu\/moving-to-spain\/moving-to-madrid\/\" data-internallinksmanager029f6b8e52c=\"413\" title=\"Madridba k\u00f6lt\u00f6zik? 2023 Lakhat\u00e1si k\u00f6lts\u00e9gek \u00e9s k\u00f6lt\u00f6z\u00e9si tippek\">Madrid<\/a><\/td><td class=\"column-2\">$1,800 - $1,900<\/td><td class=\"column-3\">$3,300 - $3,500<\/td>\n<\/tr>\n<tr class=\"row-11\">\n\t<td class=\"column-1\"><a href=\"https:\/\/moverdb.com\/hu\/moving-to-nyc\/\" data-internallinksmanager029f6b8e52c=\"57\" title=\"New Yorkba k\u00f6lt\u00f6zik? 2026 NYC meg\u00e9lhet\u00e9si k\u00f6lts\u00e9gek \u00e9s k\u00f6lt\u00f6z\u00e9si tippek\">New York City<\/a><\/td><td class=\"column-2\">$2,100 - $2,200<\/td><td class=\"column-3\">$3,900 - $4,100<\/td>\n<\/tr>\n<tr class=\"row-12\">\n\t<td class=\"column-1\"><a href=\"https:\/\/moverdb.com\/hu\/moving-to-france\/moving-to-paris\/\" data-internallinksmanager029f6b8e52c=\"407\" title=\"P\u00e1rizsba k\u00f6lt\u00f6zik? 2023 Lakhat\u00e1si k\u00f6lts\u00e9gek \u00e9s k\u00f6lt\u00f6z\u00e9si tippek\">P\u00e1rizs<\/a><\/td><td class=\"column-2\">$1,850 - $1,950<\/td><td class=\"column-3\">$3,400 - $3,600<\/td>\n<\/tr>\n<tr class=\"row-13\">\n\t<td class=\"column-1\"><a href=\"https:\/\/moverdb.com\/hu\/moving-to-phoenix\/\" data-internallinksmanager029f6b8e52c=\"62\" title=\"Phoenixbe k\u00f6lt\u00f6zik? 2022 Lakhat\u00e1si k\u00f6lts\u00e9gek \u00e9s k\u00f6lt\u00f6z\u00e9si tippek\">Phoenix<\/a><\/td><td class=\"column-2\">$2,250 - $2,350<\/td><td class=\"column-3\">$4,100 - $4,300<\/td>\n<\/tr>\n<tr class=\"row-14\">\n\t<td class=\"column-1\">R\u00f3ma<\/td><td class=\"column-2\">$1,850 - $1,950<\/td><td class=\"column-3\">$3,400 - $3,600<\/td>\n<\/tr>\n<tr class=\"row-15\">\n\t<td class=\"column-1\">Shanghai<\/td><td class=\"column-2\">$2,500 - $2,600<\/td><td class=\"column-3\">$4,500 - $4,700<\/td>\n<\/tr>\n<tr class=\"row-16\">\n\t<td class=\"column-1\"><a href=\"https:\/\/moverdb.com\/hu\/moving-to-sydney\/\" data-internallinksmanager029f6b8e52c=\"70\" title=\"Sydneybe k\u00f6lt\u00f6zik? 2022 \u00c9letk\u00f6lts\u00e9gek \u00e9s k\u00f6lt\u00f6z\u00e9si tippek\">Sydney<\/a><\/td><td class=\"column-2\">$2,900 - $3,000<\/td><td class=\"column-3\">$5,100 - $5,300<\/td>\n<\/tr>\n<tr class=\"row-17\">\n\t<td class=\"column-1\"><a href=\"https:\/\/moverdb.com\/hu\/moving-to-toronto\/\" data-internallinksmanager029f6b8e52c=\"71\" title=\"Toront\u00f3ba k\u00f6lt\u00f6zik? 2022 Lakhat\u00e1si k\u00f6lts\u00e9gek \u00e9s k\u00f6lt\u00f6z\u00e9si tippek\">Toronto<\/a><\/td><td class=\"column-2\">$2,250 - $2,350<\/td><td class=\"column-3\">$4,100 - $4,300<\/td>\n<\/tr>\n<tr class=\"row-18\">\n\t<td class=\"column-1\"><a href=\"https:\/\/moverdb.com\/hu\/moving-to-canada\/moving-to-vancouver\/\" data-internallinksmanager029f6b8e52c=\"438\" title=\"Vancouverbe k\u00f6lt\u00f6zik? 2023 Lakhat\u00e1si k\u00f6lts\u00e9gek \u00e9s k\u00f6lt\u00f6z\u00e9si tippek\">Vancouver<\/a><\/td><td class=\"column-2\">$2,300 - $2,400<\/td><td class=\"column-3\">$4,200 - $4,400<\/td>\n<\/tr>\n<tr class=\"row-19\">\n\t<td class=\"column-1\">B\u00e9cs<\/td><td class=\"column-2\">$1,950 - $2,050<\/td><td class=\"column-3\">$3,600 - $3,800<\/td>\n<\/tr>\n<\/tbody>\n<\/table>\n<!-- #tablepress-566 from cache -->\n<ul>\n<li>Minden adat USD-ben \u00e9rtend\u0151;<\/li>\n<li> A fenti \u00e1rak csak becsl\u00e9sek, \u00e9s a cikk friss\u00edt\u00e9se \u00f3ta (2024 szeptembere) v\u00e1ltozhatnak. Ezek a legalacsonyabb becs\u00fclt r\u00e1t\u00e1n alapulnak, amely a k\u00f6vetkez\u0151kb\u0151l sz\u00e1rmazik <a href=\"https:\/\/www.freightos.com\/\" target=\"_blank\" rel=\"noreferrer noopener\">Freightos<\/a>, <a href=\"https:\/\/www.flexport.com\/\" target=\"_blank\" rel=\"noreferrer noopener\">Flexport<\/a>, vagy <a href=\"https:\/\/www.maersk.com\/\" target=\"_blank\" rel=\"noreferrer noopener\">Maersk<\/a>;<\/li>\n<li>Ha pontosabb k\u00e9pet szeretne kapni a k\u00f6lts\u00e9gekr\u0151l, k\u00e9rj\u00fck, haszn\u00e1lja az oldal tetej\u00e9n tal\u00e1lhat\u00f3 \u00e1raj\u00e1nlatk\u00e9r\u0151 \u0171rlapot;<\/li>\n<li>K\u00e9rj\u00fck, tekintse meg az al\u00e1bbi \u00fatmutat\u00f3t is <a href=\"https:\/\/moverdb.com\/hu\/kontenerszallitas\/\" target=\"_blank\" rel=\"noreferrer noopener\">nemzetk\u00f6zi kont\u00e9neres sz\u00e1ll\u00edt\u00e1s<\/a>.<\/li>\n<\/ul>\n<h2><span class=\"ez-toc-section\" id=\"2_Mallorca_Housing_Costs\"><\/span><b>2. Mallorca lakhat\u00e1si k\u00f6lts\u00e9gek<\/b><span class=\"ez-toc-section-end\"><\/span><\/h2>\n<p><span style=\"font-weight: 400;\">A lak\u00e1s\u00e1rak a vil\u00e1g nagyv\u00e1rosaihoz k\u00e9pest nagyon kedvez\u0151ek, \u00e9s a k\u00fcl\u00f6nb\u00f6z\u0151 lak\u00e1st\u00edpusok sz\u00e9les v\u00e1laszt\u00e9ka \u00e1ll rendelkez\u00e9sre, a kis st\u00fadi\u00f3kt\u00f3l a palot\u00e1s kast\u00e9lyokig. Az \u00e1rak nyilv\u00e1nval\u00f3an ter\u00fcletenk\u00e9nt v\u00e1ltoznak, de az al\u00e1bbi sz\u00e1madatokb\u00f3l kider\u00fcl, hogy mi milyen \u00e1ron kaphat\u00f3.<\/span><\/p>\n<p><b>Havi b\u00e9rleti d\u00edjak Mallorca:<\/b><\/p>\n<ul>\n<li><span style=\"font-weight: 400;\">1 h\u00e1l\u00f3szob\u00e1s lak\u00e1s (apartman) a v\u00e1rosk\u00f6zpontban<\/span><b>: \u20ac840+<\/b><\/li>\n<li><span style=\"font-weight: 400;\">1 h\u00e1l\u00f3szob\u00e1s lak\u00e1s a v\u00e1rosk\u00f6zponton k\u00edv\u00fcl: <\/span><b>\u20ac680+<\/b><\/li>\n<li><span style=\"font-weight: 400;\">3 h\u00e1l\u00f3szob\u00e1s lak\u00e1s a v\u00e1rosk\u00f6zpontban: <\/span><b>\u20ac1,300+<\/b><\/li>\n<li><span style=\"font-weight: 400;\">3 h\u00e1l\u00f3szob\u00e1s lak\u00e1s a v\u00e1rosk\u00f6zponton k\u00edv\u00fcl: <\/span><b>\u20ac1,000+<\/b><\/li>\n<\/ul>\n<p><b>Mallorca lak\u00e1sv\u00e1s\u00e1rl\u00e1si \u00e1rak:<\/b><\/p>\n<ul>\n<li><span style=\"font-weight: 400;\">N\u00e9gyzetm\u00e9terenk\u00e9nti \u00e1r (10,7 n\u00e9gyzetl\u00e1b) megv\u00e1s\u00e1rl\u00e1s\u00e1hoz a v\u00e1rosk\u00f6zpontban: <\/span><b>\u20ac4,300+<\/b><\/li>\n<li><span style=\"font-weight: 400;\">N\u00e9gyzetm\u00e9terenk\u00e9nti \u00e1r (10,7 n\u00e9gyzetl\u00e1b) a v\u00e1roson k\u00edv\u00fcl: <\/span><b>\u20ac2,500+<\/b><\/li>\n<\/ul>\n<p><b>Mallorca lakhat\u00e1si k\u00f6lts\u00e9gek \u00f6sszehasonl\u00edt\u00e1sa:<\/b><\/p>\n<p><span style=\"font-weight: 400;\">A mallorcai b\u00e9rleti d\u00edjakat \u00edgy hasonl\u00edtj\u00e1k \u00f6ssze a vil\u00e1g m\u00e1s v\u00e1rosaival.<\/span><\/p>\n<ul>\n<li><b>London <\/b><span style=\"font-weight: 400;\">64,4% dr\u00e1g\u00e1bb<\/span><\/li>\n<li><b>New York <\/b><span style=\"font-weight: 400;\">75,6% dr\u00e1g\u00e1bb<\/span><\/li>\n<li><b>Los Angeles <\/b><span style=\"font-weight: 400;\">66,7% dr\u00e1g\u00e1bb<\/span><\/li>\n<li><b>Toronto <\/b><span style=\"font-weight: 400;\">49,6% dr\u00e1g\u00e1bb<\/span><\/li>\n<li><b>Vancouver <\/b><span style=\"font-weight: 400;\">az 53% dr\u00e1g\u00e1bb<\/span><\/li>\n<li><b>Sydney <\/b><span style=\"font-weight: 400;\">56.3% dr\u00e1g\u00e1bb<\/span><\/li>\n<li><b>Melbourne <\/b><span style=\"font-weight: 400;\">38,8% dr\u00e1g\u00e1bb\u00a0<\/span><\/li>\n<li><b>Dubai <\/b><span style=\"font-weight: 400;\">a 49% dr\u00e1g\u00e1bb<\/span><\/li>\n<li><b>P\u00e1rizs<\/b><span style=\"font-weight: 400;\"> 44.5% dr\u00e1g\u00e1bb<\/span><\/li>\n<\/ul>\n<p><em><b>Forr\u00e1s: <\/b><a href=\"https:\/\/www.numbeo.com\/cost-of-living\/in\/Palma-De-Mallorca\" target=\"_blank\" rel=\"noopener\"><span style=\"font-weight: 400;\">Numbeo<\/span><\/a><\/em><\/p>\n<p><b>Hogyan lehet megtakar\u00edtani a lakhat\u00e1si k\u00f6lts\u00e9geken:<\/b><\/p>\n<ul>\n<li><b>Lak\u00e1s vagy h\u00e1z megoszt\u00e1sa: <\/b><span style=\"font-weight: 400;\">A h\u00e1z- \u00e9s lak\u00e1smegoszt\u00e1s azok sz\u00e1m\u00e1ra lehets\u00e9ges, akiknek nincs sz\u00fcks\u00e9g\u00fck saj\u00e1t lakhat\u00e1sra. A h\u00e1z- vagy lak\u00e1smegoszt\u00e1s eset\u00e9n saj\u00e1t szob\u00e1val rendelkezel, vagy - olcs\u00f3bb megold\u00e1sk\u00e9nt - megoszthatsz egy szob\u00e1t. A f\u00fcrd\u0151szob\u00e1t\/f\u00fcrd\u0151szob\u00e1kat a h\u00e1zban lak\u00f3 t\u00f6bbi lak\u00f3val k\u00f6z\u00f6sen haszn\u00e1lhatja. Sok lak\u00e1s is rendelkez\u00e9sre \u00e1ll k\u00f6z\u00f6s b\u00e9rl\u00e9sre. N\u00e9zze meg a k\u00f6vetkez\u0151 oldalakat <\/span><a href=\"http:\/\/spain.gabinohome.com\/en\/rent+room\/mallorca\" target=\"_blank\" rel=\"noopener\"><span style=\"font-weight: 400;\">Gabinohome<\/span><\/a><span style=\"font-weight: 400;\"> \u00e9s <\/span><a href=\"http:\/\/www.fotocasa.es\/en\/share\/flats\/palma-de-mallorca\/all-zones\/l\" target=\"_blank\" rel=\"noopener\"><span style=\"font-weight: 400;\">Fotocasa<\/span><\/a><span style=\"font-weight: 400;\"> tal\u00e1lni valakit, akivel meg tudsz bar\u00e1tkozni, hogy megossza veled a k\u00f6lts\u00e9geket.<\/span><\/li>\n<li><b>K\u00fcl\u00f6nb\u00f6z\u0151 ter\u00fcletek - k\u00fcl\u00f6nb\u00f6z\u0151 \u00e1rak: <\/b><span style=\"font-weight: 400;\">Mallorca f\u0151v\u00e1ros\u00e1ban, Palm\u00e1ban a st\u00fadi\u00f3kt\u00f3l a palotaszer\u0171 vill\u00e1kig sokf\u00e9le sz\u00e1ll\u00e1shelyet k\u00edn\u00e1lnak. Az \u00e9vtizedek sor\u00e1n sz\u00e1mos szervezet a vil\u00e1g legjobb v\u00e1ros\u00e1nak v\u00e1lasztotta, \u00e9s gyakran nevezik a F\u00f6ldk\u00f6zi-tenger \u00e9kk\u00f6v\u00e9nek. S\u00f3ller \u00e9s <a href=\"https:\/\/moverdb.com\/hu\/top-49-container-ports\/\" data-internallinksmanager029f6b8e52c=\"80\" title=\"Top 49 legnagyobb \u00e9s legforgalmasabb kont\u00e9nerkik\u00f6t\u0151 2025-ben\">Port<\/a> de S\u00f3ller francia hangulat\u00faak. Az ingatlan\u00e1rak itt olcs\u00f3bbak, mint Palm\u00e1ban, \u00e9s a hegyek a h\u00e1ts\u00f3 kertben vannak. A sziget \u00e9szaki r\u00e9sz\u00e9n tal\u00e1lhat\u00f3 Pollensa \u00e9s Port de Pollensa leny\u0171g\u00f6z\u0151 ingatlanokkal rendelkezik. Ez a ter\u00fclet t\u00e9len nem annyira n\u00e9pszer\u0171 a turist\u00e1k k\u00f6r\u00e9ben, mivel az id\u0151j\u00e1r\u00e1s nagyon v\u00e1ltoz\u00e9kony lehet. Ez azonban egy olyan hely, ahol a brit expatri\u00e1nsok sz\u00edvesen \u00e9lnek. A sziget \u00e9szakkeleti r\u00e9sz\u00e9n tal\u00e1lhat\u00f3 Art\u00e1 \u00e9s Capdepera a n\u00e9met piacot vonzza.  A v\u00e1rosok k\u00f6zel vannak a strandokhoz \u00e9s az \u00e9rintetlen vid\u00e9khez. Santany\u00ed egy m\u00e1sik belf\u00f6ldi v\u00e1ros, amely szint\u00e9n vonzza a n\u00e9met expatokat. Mallorca d\u00e9lnyugati r\u00e9sz\u00e9n tal\u00e1lhat\u00f3 Andratx \u00e9s Port de Andratx el\u0151kel\u0151 v\u00e1rosok. A t\u00e1j \u00e9s a tengerpart l\u00e9legzetel\u00e1ll\u00edt\u00f3, \u00e9s a ter\u00fclet szezonon k\u00edv\u00fcl nagyon csendes. Ha a tengerparti \u00e9let nem els\u0151dleges szempont, sz\u00e1mos belf\u00f6ldi falu is tal\u00e1lhat\u00f3, amelyekben kellemes \u00e9lni, \u00e9s a b\u00e9rleti d\u00edjak a tengerparti v\u00e1rosokhoz k\u00e9pest nagyon kedvez\u0151ek.<\/span><\/li>\n<\/ul>\n<h2><span class=\"ez-toc-section\" id=\"3_Mallorca_Food_Grocery_and_Restaurant_Costs\"><\/span><b>3. Mallorca \u00e9lelmiszer, \u00e9lelmiszer\u00fczlet \u00e9s \u00e9tterem k\u00f6lts\u00e9gei<\/b><span class=\"ez-toc-section-end\"><\/span><\/h2>\n<p><img loading=\"lazy\" decoding=\"async\" class=\"alignnone size-full wp-image-7932\" src=\"https:\/\/moverdb.com\/wp-content\/uploads\/moving-to-mallorca-2.jpg\" alt=\"\" width=\"1000\" height=\"667\" data-wp-pid=\"7932\" srcset=\"https:\/\/moverdb.com\/wp-content\/uploads\/moving-to-mallorca-2.jpg 1000w, https:\/\/moverdb.com\/wp-content\/uploads\/moving-to-mallorca-2-300x200.jpg 300w, https:\/\/moverdb.com\/wp-content\/uploads\/moving-to-mallorca-2-18x12.jpg 18w, https:\/\/moverdb.com\/wp-content\/uploads\/moving-to-mallorca-2-600x400.jpg 600w\" sizes=\"auto, (max-width: 1000px) 100vw, 1000px\" \/><span style=\"font-weight: 400;\">Mallorca egy gasztron\u00f3miai paradicsom. A ny\u00e1ri \u00e9s t\u00e9li h\u00f3napokban be\u00e1raml\u00f3 turist\u00e1k nagy sz\u00e1ma lehet\u0151v\u00e9 teszi, hogy a vil\u00e1g legjobb szak\u00e1csai k\u00f6z\u00fcl n\u00e9h\u00e1nyan a szigeten gyakorolj\u00e1k m\u0171v\u00e9szet\u00fcket. Itt minden kontinens \u00e9teleit megtal\u00e1lod.  Az egyetlen h\u00e1tr\u00e1nya, hogy a legt\u00f6bb \u00e9tterem dr\u00e1ga, \u00e9s a turist\u00e1k p\u00e9nzt\u00e1rc\u00e1j\u00e1t c\u00e9lozza meg.<\/span><\/p>\n<ul>\n<li style=\"font-weight: 400;\" aria-level=\"1\"><b>Olcs\u00f3 \u00e9tterem: <\/b><span style=\"font-weight: 400;\">\u20ac12.50 - \u20ac13.00<\/span><\/li>\n<li style=\"font-weight: 400;\" aria-level=\"1\"><b>\u00a0K\u00e1v\u00e9 elvitelre: <\/b><span style=\"font-weight: 400;\">\u20ac2.15 - \u20ac2.50<\/span><\/li>\n<li style=\"font-weight: 400;\" aria-level=\"1\"><b>\u00a0Egy \u00fcveg k\u00f3la: <\/b><span style=\"font-weight: 400;\">\u20ac2.20 - \u20ac3.00<\/span><\/li>\n<li style=\"font-weight: 400;\" aria-level=\"1\"><b>\u00a01 liter tej: <\/b><span style=\"font-weight: 400;\">\u20ac0.90 - \u20ac1.00<\/span><\/li>\n<li style=\"font-weight: 400;\" aria-level=\"1\"><b>\u00a0Keny\u00e9r: <\/b><span style=\"font-weight: 400;\">\u20ac0.95 - \u20ac1.50<\/span><\/li>\n<li style=\"font-weight: 400;\" aria-level=\"1\"><b>\u00a012 toj\u00e1s: <\/b><span style=\"font-weight: 400;\">\u20ac2.50 - \u20ac3.00<\/span><\/li>\n<li style=\"font-weight: 400;\" aria-level=\"1\"><b>\u00a01kg csirke<\/b><span style=\"font-weight: 400;\">: \u20ac6.40 - \u20ac6.w50<\/span><\/li>\n<li style=\"font-weight: 400;\" aria-level=\"1\"><b>\u00a01 kg marhah\u00fas: <\/b><span style=\"font-weight: 400;\">\u20ac11.40 - \u20ac16.00<\/span><\/li>\n<li style=\"font-weight: 400;\" aria-level=\"1\"><b>\u00a01 kg alma: <\/b><span style=\"font-weight: 400;\">\u20ac1.90 - \u20ac2.00<\/span><\/li>\n<li style=\"font-weight: 400;\" aria-level=\"1\"><b>\u00a01kg feh\u00e9r rizs<\/b><span style=\"font-weight: 400;\">: \u20ac1.70 - \u20ac2.00<\/span><\/li>\n<\/ul>\n<p><span style=\"font-weight: 400;\">\u00cdgy viszonyulnak az \u00e9ttermek \u00e9s az \u00e9lelmiszer\u00e1rak a vil\u00e1g m\u00e1s nagyv\u00e1rosaihoz.<\/span><\/p>\n<ul>\n<li><b>New York <\/b><span style=\"font-weight: 400;\">az \u00e9ttermek 46,1% dr\u00e1g\u00e1bbak, az \u00e9lelmiszerek pedig 55,9% dr\u00e1g\u00e1bbak, mint Mallorc\u00e1n.<\/span><\/li>\n<li><b>Los Angeles<\/b><span style=\"font-weight: 400;\"> az \u00e9ttermek 40,4%-tel, az \u00e9lelmiszerek pedig 42,6%-tel dr\u00e1g\u00e1bbak, mint Mallorc\u00e1n.<\/span><\/li>\n<li><b>London <\/b><span style=\"font-weight: 400;\">az \u00e9ttermek 33,5%-tel, az \u00e9lelmiszerek pedig 22,3%-tel dr\u00e1g\u00e1bbak, mint Mallorc\u00e1n.<\/span><b>\u00a0<\/b><\/li>\n<li><b>P\u00e1rizs <\/b><span style=\"font-weight: 400;\">az \u00e9ttermek 25,6%-tel, az \u00e9lelmiszerek pedig 42,3%-tel dr\u00e1g\u00e1bbak, mint Mallorc\u00e1n.<\/span><\/li>\n<li><b>Toronto <\/b><span style=\"font-weight: 400;\">az \u00e9ttermek 27,9%-tel, az \u00e9lelmiszerek pedig 35%-tel dr\u00e1g\u00e1bbak, mint Mallorc\u00e1n.<\/span><\/li>\n<li><b>Vancouver<\/b><span style=\"font-weight: 400;\"> az \u00e9ttermek 25,7%-tel, az \u00e9lelmiszerek pedig 37,6%-tel dr\u00e1g\u00e1bbak, mint Mallorc\u00e1n.<\/span><\/li>\n<li><b>Sydney <\/b><span style=\"font-weight: 400;\">az \u00e9ttermek 29%-tel dr\u00e1g\u00e1bbak, az \u00e9lelmiszerek pedig 43,4%-tel dr\u00e1g\u00e1bbak, mint Mallorc\u00e1n.<\/span><\/li>\n<li><b>Melbourne <\/b><span style=\"font-weight: 400;\">az \u00e9ttermek 27,9%-tel, az \u00e9lelmiszerek pedig 44,2%-tel dr\u00e1g\u00e1bbak, mint Mallorc\u00e1n.<\/span><\/li>\n<li><b>Dubai <\/b><span style=\"font-weight: 400;\">az \u00e9ttermek 24,4%-tel olcs\u00f3bbak, az \u00e9lelmiszerek pedig 9,9%-tel dr\u00e1g\u00e1bbak, mint Mallorc\u00e1n.<\/span><\/li>\n<\/ul>\n<p><b>Forr\u00e1s<\/b><span style=\"font-weight: 400;\">: <\/span><a href=\"https:\/\/www.numbeo.com\/cost-of-living\/in\/Palma-De-Mallorca\" target=\"_blank\" rel=\"noopener\"><span style=\"font-weight: 400;\">Numbeo<\/span><\/a><\/p>\n<p><b>B\u00f3nusz tippek az olcs\u00f3bb \u00e9lelmiszerekhez, \u00e9ttermekhez \u00e9s \u00e9lelmiszerhez:<\/b><\/p>\n<ul>\n<li style=\"font-weight: 400;\" aria-level=\"1\"><b>Ismerje a szupermarketeket<\/b><b>: <\/b><a href=\"https:\/\/www.elcorteingles.es\/centroscomerciales\/es\/eci\/centros\/centro-comercial-preciados-callao\" target=\"_blank\" rel=\"noopener\"><span style=\"font-weight: 400;\">El Corte Ingles<\/span><\/a> <span style=\"font-weight: 400;\">egy l\u00e1nc, amely hasonl\u00f3 a <a href=\"https:\/\/moverdb.com\/hu\/moving-to-the-uk\/\" data-internallinksmanager029f6b8e52c=\"93\" title=\"Az Egyes\u00fclt Kir\u00e1lys\u00e1gba k\u00f6lt\u00f6zik? 2022 Meg\u00e9lhet\u00e9si k\u00f6lts\u00e9gek \u00e9s k\u00f6lt\u00f6z\u00e9si tippek\">UK<\/a>Marks &amp; Spencers. <\/span><a href=\"https:\/\/www.carrefour.es\/tiendas-carrefour\/supermercados\/carrefour-market\/cuatro_caminos_-_s.aspx\" target=\"_blank\" rel=\"noopener\"><span style=\"font-weight: 400;\">Carrefour<\/span><\/a><span style=\"font-weight: 400;\">, a Lidl \u00e9s az Aldi mind Mallorc\u00e1n tal\u00e1lhat\u00f3, \u00e9s megfizethet\u0151 \u00e1r\u00fa \u00e9lelmiszereket k\u00edn\u00e1lnak.  Az Eroski szupermarketekben j\u00f3l lehet halat \u00e9s h\u00fast v\u00e1s\u00e1rolni. A Nice Price \u00e9s a BFS Pollensa brit szupermarketekk\u00e9nt hirdetik magukat, b\u00e1r helyi \u00e9s m\u00e1s orsz\u00e1gokb\u00f3l sz\u00e1rmaz\u00f3 \u00e9lelmiszereket is tartanak. Mallorc\u00e1n mindenhol vannak heti \u00e9lelmiszerpiacok, amelyeken friss \u00e9s \u00e9tv\u00e1gygerjeszt\u0151 \u00e9lelmiszerek sz\u00e9les v\u00e1laszt\u00e9k\u00e1t k\u00edn\u00e1lj\u00e1k. A legjobbak k\u00f6z\u00e9 tartozik a Mercado de Santa Catalina (Palma), a Wochenmarkt (Sineu), a Marche de Sineu, a Mercat Per Garau (Palma) \u00e9s a Santa Maris del Cami piac.<\/span><\/li>\n<li style=\"font-weight: 400;\" aria-level=\"1\"><b>Olcs\u00f3 \u00e9telek keres\u00e9se:<\/b><span style=\"font-weight: 400;\">\u00a0Mallorc\u00e1n nem k\u00f6nny\u0171 j\u00f3 \u00e9s olcs\u00f3 \u00e9ttermeket tal\u00e1lni, k\u00fcl\u00f6n\u00f6sen az \u00fcnnepi f\u0151szezonban. Emellett sok \u00e9tterem bez\u00e1r a t\u00e9li id\u0151szakban. Ennek ellen\u00e9re n\u00e9zze meg a k\u00f6vetkez\u0151 oldalakon, hogy melyik \u00e9tterem cs\u00e1b\u00edtja az \u00edzlel\u0151bimb\u00f3it - <\/span><a href=\"http:\/\/www.travelsupermarket.com\/blog\/how-to-do-majorca-on-a-budget\/\" target=\"_blank\" rel=\"noopener\"><span style=\"font-weight: 400;\">Utaz\u00e1si szupermarket<\/span><\/a><span style=\"font-weight: 400;\">, <\/span><a href=\"https:\/\/www.abc-mallorca.com\/holidaying-on-a-budget\/\" target=\"_blank\" rel=\"noopener\"><span style=\"font-weight: 400;\">ABC Mallorca<\/span><\/a><span style=\"font-weight: 400;\"> \u00e9s <\/span><a href=\"https:\/\/www.likealocalguide.com\/palma-de-mallorca\/budget-meals\" target=\"_blank\" rel=\"noopener\"><span style=\"font-weight: 400;\">Mint egy helyi idegenvezet\u0151<\/span><\/a><span style=\"font-weight: 400;\">.<\/span><\/li>\n<\/ul>\n<h2><span class=\"ez-toc-section\" id=\"4_Mallorca_Alcohol_Costs\"><\/span><b>4. Mallorca alkoholfogyaszt\u00e1s k\u00f6lts\u00e9gei<\/b><span class=\"ez-toc-section-end\"><\/span><\/h2>\n<p><span style=\"font-weight: 400;\">Mallorca hatalmas v\u00e1laszt\u00e9kkal rendelkezik b\u00e1rok, klubok \u00e9s \u00e9jszakai sz\u00f3rakoz\u00f3helyek tekintet\u00e9ben, amelyek t\u00f6bbs\u00e9ge Palma v\u00e1ros\u00e1ban tal\u00e1lhat\u00f3. Az al\u00e1bbiakban a szupermarketekben \u00e9s \u00e9ttermekben kaphat\u00f3 s\u00f6r\u00f6k \u00e9s borok alap\u00e1rait mutatjuk be.<\/span><\/p>\n<ul>\n<li><span style=\"font-weight: 400;\">Pint (0,6 l) hazai s\u00f6r egy \u00e9tteremben\/kocsm\u00e1ban: <\/span><b>\u20ac2.75 - \u20ac3.00<\/b><\/li>\n<li><span style=\"font-weight: 400;\">Egy \u00fcveg import s\u00f6r egy \u00e9tteremben\/kocsm\u00e1ban: <\/span><b>\u20ac3.50 - \u20ac4.50<\/b><\/li>\n<li><span style=\"font-weight: 400;\">Pint (0,6 liter) hazai s\u00f6r egy szupermarketben: <\/span><b>\u20ac0.90 - \u20ac1.00<\/b><\/li>\n<li><span style=\"font-weight: 400;\">Egy \u00fcveg import s\u00f6r egy szupermarketben: <\/span><b>\u20ac1.40 - \u20ac2.00<\/b><\/li>\n<li><span style=\"font-weight: 400;\">K\u00f6z\u00e9pkateg\u00f3ri\u00e1s \u00fcveg bor egy szupermarketben: <\/span><b>\u20ac5.00 - \u20ac8.00<\/b><\/li>\n<\/ul>\n<p><b>Hogyan lehet olcs\u00f3bban inni Mallorc\u00e1n:<\/b><\/p>\n<ul>\n<li style=\"font-weight: 400;\" aria-level=\"1\"><span style=\"font-weight: 400;\">Figyelje a helyi \u00fajs\u00e1gokat \u00e9s weboldalakat a h\u00e9tv\u00e9gi \u00e9s \u00fcnnepnapi akci\u00f3kkal kapcsolatban.<\/span><\/li>\n<li style=\"font-weight: 400;\" aria-level=\"1\"><span style=\"font-weight: 400;\">Mallorc\u00e1n vannak olyan b\u00e1rok \u00e9s klubok, amelyek Happy Hour-t k\u00edn\u00e1lnak.  N\u00e9zze meg a k\u00f6vetkez\u0151 oldalon, hogy megtudja, hol van kedvenc ital\u00e1nak akci\u00f3s - <\/span><a href=\"https:\/\/www.tripadvisor.co.uk\/ShowUserReviews-g187463-d3351156-r485361599-Lennox_the_Pub-Palma_de_Mallorca_Majorca_Balearic_Islands.html\" target=\"_blank\" rel=\"noopener\"><span style=\"font-weight: 400;\">Trip Advisor<\/span><\/a><span style=\"font-weight: 400;\">.<\/span><\/li>\n<\/ul>\n<h2><span class=\"ez-toc-section\" id=\"5_Mallorca_Transportation_Fares\"><\/span><b>5. Mallorcai sz\u00e1ll\u00edt\u00e1si d\u00edjak<\/b><span class=\"ez-toc-section-end\"><\/span><\/h2>\n<p><span style=\"font-weight: 400;\">Mallorca <\/span><a href=\"https:\/\/www.tib.org\/en\/web\/ctm\" target=\"_blank\" rel=\"noopener\"><span style=\"font-weight: 400;\">t\u00f6megk\u00f6zleked\u00e9si rendszer<\/span><\/a><span style=\"font-weight: 400;\"> buszokb\u00f3l \u00e9s k\u00e9t turista vonatj\u00e1ratb\u00f3l \u00e1ll. A buszk\u00f6zleked\u00e9s Palma v\u00e1ros\u00e1ban meglehet\u0151sen rendszeres \u00e9s megb\u00edzhat\u00f3, m\u00e1s ter\u00fcleteken azonban kev\u00e9sb\u00e9. A legt\u00f6bben ink\u00e1bb aut\u00f3t b\u00e9relnek, vagy turistabuszt vagy taxit vesznek ig\u00e9nybe.<\/span><\/p>\n<p><span style=\"font-weight: 400;\">\u00cdme n\u00e9h\u00e1ny p\u00e9lda a jegy\u00e1rakra.<\/span><\/p>\n<ul>\n<li style=\"font-weight: 400;\" aria-level=\"1\"><span style=\"font-weight: 400;\"><strong>Feln\u0151tt egyed\u00fcl\u00e1ll\u00f3<\/strong> - \u20ac2.00<\/span><\/li>\n<li style=\"font-weight: 400;\" aria-level=\"1\"><strong>Egy napijegy a buszra <\/strong><b>- <\/b><span style=\"font-weight: 400;\">\u20ac4.00<\/span><\/li>\n<li style=\"font-weight: 400;\" aria-level=\"1\"><span style=\"font-weight: 400;\"><strong>Havi b\u00e9rlet a buszra<\/strong> - \u20ac37.00<\/span><\/li>\n<\/ul>\n<p><b>Hogyan lehet p\u00e9nzt megtakar\u00edtani a t\u00f6megk\u00f6zleked\u00e9sen:<\/b><\/p>\n<ul>\n<li style=\"font-weight: 400;\" aria-level=\"1\"><span style=\"font-weight: 400;\">10 utaz\u00e1sra sz\u00f3l\u00f3 jegy v\u00e1s\u00e1rl\u00e1sa - 11,50 \u20ac<\/span><\/li>\n<li style=\"font-weight: 400;\" aria-level=\"1\"><span style=\"font-weight: 400;\">Vegyen egy ker\u00e9kp\u00e1rt. A ker\u00e9kp\u00e1roz\u00e1s mindenk\u00e9ppen egy lehet\u0151s\u00e9g Mallorc\u00e1n, k\u00fcl\u00f6n\u00f6sen az el\u0151szezonban.<\/span><\/li>\n<li style=\"font-weight: 400;\" aria-level=\"1\"><span style=\"font-weight: 400;\">S\u00e9ta. Att\u00f3l f\u00fcgg\u0151en, hogy hol \u00e9l \u00e9s dolgozik, a gyalogl\u00e1s mindenk\u00e9ppen megfontoland\u00f3 k\u00f6zleked\u00e9si m\u00f3d.<\/span><\/li>\n<\/ul>\n<h2><span class=\"ez-toc-section\" id=\"6_Cost_of_Internet_in_Mallorca\"><\/span><b>6. Az internet \u00e1ra Mallorc\u00e1n<\/b><span class=\"ez-toc-section-end\"><\/span><\/h2>\n<p><span style=\"font-weight: 400;\">\u00cdme n\u00e9h\u00e1ny minta sz\u00e9less\u00e1v\u00fa internet \u00e1ra 2023 elej\u00e9t\u0151l korl\u00e1tlan let\u00f6lt\u00e9s eset\u00e9n, 12 h\u00f3napos szerz\u0151d\u00e9s alapj\u00e1n:<\/span><\/p>\n<ul>\n<li style=\"font-weight: 400;\" aria-level=\"1\"><a href=\"http:\/\/www.ono.es\" target=\"_blank\" rel=\"noopener\"><span style=\"font-weight: 400;\">Ono<\/span><\/a><span style=\"font-weight: 400;\">: 33,40 \u20ac havonta (sz\u00e9less\u00e1v\u00fa optikai sz\u00e1l 600mb-ig)<\/span><\/li>\n<li style=\"font-weight: 400;\" aria-level=\"1\"><a href=\"http:\/\/m.orange.es\/en\/personal\/mobile-service-plans\/pay-monthly-plans\/\" target=\"_blank\" rel=\"noopener\"><span style=\"font-weight: 400;\">Narancs<\/span><\/a><span style=\"font-weight: 400;\">: 30,95 \u20ac havonta (sz\u00e9less\u00e1v\u00fa optikai sz\u00e1l 500mb-ig)<\/span><\/li>\n<\/ul>\n<h2><span class=\"ez-toc-section\" id=\"7_Cost_of_Clothing_Personal_Items_Gym_and_Leisure\"><\/span><b>7. Ruh\u00e1zat, szem\u00e9lyes cikkek, tornaterem \u00e9s szabadid\u0151 k\u00f6lts\u00e9gei<\/b><span class=\"ez-toc-section-end\"><\/span><\/h2>\n<p><span style=\"font-weight: 400;\">Mallorc\u00e1n mediterr\u00e1n \u00e9ghajlat uralkodik, forr\u00f3 nyarakkal \u00e9s enyhe telekkel.  A legmelegebb h\u00f3nap az augusztus, 25\u00b0C-os \u00e1tlagh\u0151m\u00e9rs\u00e9klettel. A leghidegebb h\u00f3nap a janu\u00e1r, \u00e1tlagosan 10\u00b0C-kal. Mallorca legcsapad\u00e9kosabb h\u00f3napja okt\u00f3ber, amikor \u00e1tlagosan 69 mm es\u0151 esik.<\/span><\/p>\n<p><span style=\"font-weight: 400;\">\u00cdme n\u00e9h\u00e1ny ruh\u00e1zati \u00e1r, egy\u00e9b hasznos \u00e1rakkal egy\u00fctt.<\/span><\/p>\n<ul>\n<li><strong>Egy p\u00e1r farmer: <\/strong><span style=\"font-weight: 400;\">\u20ac75 - \u20ac94<\/span><\/li>\n<li><span style=\"font-weight: 400;\"><strong>Ny\u00e1ri ruha:<\/strong> \u20ac30 - \u20ac40<\/span><\/li>\n<li><span style=\"font-weight: 400;\"><strong>Fut\u00f3cip\u0151 (edz\u0151cip\u0151):<\/strong> \u20ac65 - \u20ac90<\/span><\/li>\n<li><span style=\"font-weight: 400;\"><strong>\u00dczleti cip\u0151k:<\/strong> \u20ac95 - \u20ac100<\/span><\/li>\n<li><span style=\"font-weight: 400;\"><strong>R\u00f6vid orvosi vizit (15 perc):<\/strong> \u20ac80<\/span><\/li>\n<li><span style=\"font-weight: 400;\"><strong>Dezodor:<\/strong> \u20ac3.50<\/span><\/li>\n<li><span style=\"font-weight: 400;\"><strong>Sampon:<\/strong> \u20ac4.00<\/span><\/li>\n<li><span style=\"font-weight: 400;\"><strong>WC-pap\u00edr (4 tekercs):<\/strong> \u20ac1.95<\/span><\/li>\n<li><span style=\"font-weight: 400;\"><strong>Edz\u0151termi tags\u00e1g:<\/strong> 50 \u20ac havonta<\/span><\/li>\n<li><span style=\"font-weight: 400;\"><strong>Mozijegy:<\/strong> \u20ac7.75<\/span><\/li>\n<\/ul>\n<p><em><b>Forr\u00e1s: <\/b><a href=\"https:\/\/www.numbeo.com\/cost-of-living\/in\/Palma-De-Mallorca\" target=\"_blank\" rel=\"noopener\"><span style=\"font-weight: 400;\">Numbeo<\/span><\/a><span style=\"font-weight: 400;\"> \u00e9s\u00a0<\/span><a href=\"https:\/\/www.expatistan.com\/cost-of-living\/palma-de-mallorca\" target=\"_blank\" rel=\"noopener\"><span style=\"font-weight: 400;\">Expatiszt\u00e1n<\/span><\/a><\/em><\/p>\n<h2><span class=\"ez-toc-section\" id=\"8_Cost_of_Owning_a_Car_and_Driving_a_Car_in_Mallorca\"><\/span><b>8. Az aut\u00f3 tulajdonl\u00e1s\u00e1nak \u00e9s vezet\u00e9s\u00e9nek k\u00f6lts\u00e9gei Mallorc\u00e1n<\/b><span class=\"ez-toc-section-end\"><\/span><\/h2>\n<p><img loading=\"lazy\" decoding=\"async\" src=\"https:\/\/moverdb.com\/wp-content\/uploads\/shutterstock_2505095173.jpg\" alt=\"\" width=\"1000\" height=\"667\" class=\"aligncenter size-full wp-image-18019\" srcset=\"https:\/\/moverdb.com\/wp-content\/uploads\/shutterstock_2505095173.jpg 1000w, https:\/\/moverdb.com\/wp-content\/uploads\/shutterstock_2505095173-300x200.jpg 300w, https:\/\/moverdb.com\/wp-content\/uploads\/shutterstock_2505095173-18x12.jpg 18w\" sizes=\"auto, (max-width: 1000px) 100vw, 1000px\" \/><\/p>\n<p>Mallorc\u00e1n mindenki jobbra hajt. Mallorc\u00e1n \u00e1ltal\u00e1ban j\u00f3l lehet vezetni, kiv\u00e9ve Palma v\u00e1ros\u00e1ban a nyaral\u00e1si szezon cs\u00facsid\u0151szak\u00e1ban.<\/span><\/p>\n<p><span style=\"font-weight: 400;\">Ha Mallorc\u00e1ra k\u00f6lt\u00f6zik <a href=\"https:\/\/moverdb.com\/hu\/moving-to-spain\/\" data-internallinksmanager029f6b8e52c=\"266\" title=\"Spanyolorsz\u00e1gba k\u00f6lt\u00f6zik? 2023 \u00c9letk\u00f6lts\u00e9gek \u00e9s k\u00f6lt\u00f6z\u00e9si tippek\">Spanyolorsz\u00e1g<\/a>, megtarthatja a jogos\u00edtv\u00e1ny\u00e1t, de a legk\u00f6zelebbi k\u00f6zleked\u00e9si hivatalban friss\u00edtenie kell a c\u00edm\u00e9t az \u00faj mallorcai c\u00edm\u00e9vel.<\/span><\/p>\n<p><span style=\"font-weight: 400;\">Ha \u00d6n az EU-n k\u00edv\u00fcl \u00e9l, akkor hat h\u00f3napig vezethet ezzel a jogos\u00edtv\u00e1nnyal.  Ha a k\u00fclf\u00f6ldi jogos\u00edtv\u00e1nya nem spanyol nyelv\u0171, akkor spanyol ford\u00edt\u00e1st kell k\u00e9sz\u00edttetnie, vagy nemzetk\u00f6zi vezet\u0151i enged\u00e9lyt kell szereznie. E hat h\u00f3napos id\u0151szak ut\u00e1n spanyol vezet\u0151i enged\u00e9lyt kell szereznie.<\/span><\/p>\n<p><span style=\"font-weight: 400;\">Ha \u00d6n egy uni\u00f3s orsz\u00e1gb\u00f3l sz\u00e1rmazik, akkor k\u00e9t\u00e9ves tart\u00f3zkod\u00e1s ut\u00e1n spanyol jogos\u00edtv\u00e1nyt kell szereznie. Hat h\u00f3nap eltelt\u00e9vel azonban regisztr\u00e1ltatnia kell mag\u00e1t a j\u00e1rm\u0171vezet\u0151k \u00e9s kiskor\u00fa b\u0171nelk\u00f6vet\u0151k k\u00f6zponti nyilv\u00e1ntart\u00e1s\u00e1ban. Ne feledje, hogy 18 \u00e9v alatti szem\u00e9lyek nem vezethetnek Mallorc\u00e1n.\u00a0\u00a0<\/span><\/p>\n<p><span style=\"font-weight: 400;\">Bizonyos orsz\u00e1gok lakosai elcser\u00e9lhetik a jogos\u00edtv\u00e1nyukat, m\u00e1soknak viszont spanyol vezet\u00e9si vizsg\u00e1t kell tenni\u00fck - mind \u00edr\u00e1sban, mind gyakorlatban. Ez Mallorc\u00e1n t\u00f6rt\u00e9nik.\u00a0 <\/span><a href=\"http:\/\/www.expatica.com\" target=\"_blank\" rel=\"noopener\"><span style=\"font-weight: 400;\">Expatica.com<\/span><\/a><span style=\"font-weight: 400;\"> hasznos inform\u00e1ci\u00f3kat tartalmaz angol nyelven a Spanyolorsz\u00e1gban vezetni k\u00edv\u00e1n\u00f3 k\u00fclf\u00f6ldi \u00e1llampolg\u00e1rok sz\u00e1m\u00e1ra.<\/span><\/p>\n<p><span style=\"font-weight: 400;\">Ha aut\u00f3j\u00e1t Mallorc\u00e1ra viszi mag\u00e1val, 6 h\u00f3napig vezetheti azt regisztr\u00e1ci\u00f3 n\u00e9lk\u00fcl. A 6 h\u00f3napos id\u0151szak ut\u00e1n 30 nap \u00e1ll rendelkez\u00e9s\u00e9re, hogy <\/span><a href=\"http:\/\/europa.eu\/youreurope\/citizens\/vehicles\/registration\/taxes\/spain\/index_en.htm\" target=\"_blank\" rel=\"noopener\"><span style=\"font-weight: 400;\">regisztr\u00e1ljon a  c\u00edmen.<\/span><\/a><span style=\"font-weight: 400;\"> azt.<\/span><\/p>\n<p><span style=\"font-weight: 400;\">\u00cdme n\u00e9h\u00e1ny egy\u00e9b, a mallorcai aut\u00f3 tulajdonl\u00e1s\u00e1val \u00e9s \u00fczemeltet\u00e9s\u00e9vel kapcsolatos k\u00f6lts\u00e9gminta:<\/span><\/p>\n<ul>\n<li style=\"font-weight: 400;\" aria-level=\"1\"><b>Volkswagen Golf:<\/b><span style=\"font-weight: 400;\"> \u20ac19,000+<\/span><\/li>\n<li style=\"font-weight: 400;\" aria-level=\"1\"><b>1 liter (\u00bc gallon) benzin:<\/b><span style=\"font-weight: 400;\">\u00a0\u20ac1.69<\/span><\/li>\n<li style=\"font-weight: 400;\" aria-level=\"1\"><b>Regisztr\u00e1ci\u00f3s d\u00edj (ha van):<\/b><span style=\"font-weight: 400;\">\u00a0a k\u00f6lts\u00e9gek a j\u00e1rm\u0171 m\u00e9ret\u00e9t\u0151l \u00e9s CO2-kibocs\u00e1t\u00e1s\u00e1t\u00f3l f\u00fcggnek.<\/span><\/li>\n<\/ul>\n<p><em><b>Forr\u00e1s:<\/b><span style=\"font-weight: 400;\">\u00a0<\/span><a href=\"https:\/\/www.expatistan.com\/cost-of-living\/palma-de-mallorca\" target=\"_blank\" rel=\"noopener\"><span style=\"font-weight: 400;\">Expatiszt\u00e1n<\/span><\/a><\/em><\/p>\n<p><b>Hogyan lehet p\u00e9nzt megtakar\u00edtani a vezet\u00e9sen Mallorc\u00e1n:<\/b><\/p>\n<ul>\n<li><span style=\"font-weight: 400;\">Az aut\u00f3megoszt\u00e1s vagy a k\u00f6z\u00f6s aut\u00f3haszn\u00e1lat az egyik m\u00f3dja a p\u00e9nzmegtakar\u00edt\u00e1snak. Pr\u00f3b\u00e1lja ki a <\/span><a href=\"https:\/\/www.carpoolworld.com\/carpool.html?to=PALMA_DE_MALLORCA&amp;wc=ESP,ES&amp;lat=39.5715786&amp;lon=2.6469426&amp;form_language=EN\" target=\"_blank\" rel=\"noopener\"><span style=\"font-weight: 400;\">Carpoolworld<\/span><\/a><span style=\"font-weight: 400;\">.<\/span><\/li>\n<li><span style=\"font-weight: 400;\">A taxi n\u00e9ha olcs\u00f3bb megold\u00e1s lehet, k\u00fcl\u00f6n\u00f6sen, ha eg\u00e9sz nap parkolni kell. Mallorc\u00e1n jelenleg nincs Uber<\/span><span style=\"font-weight: 400;\">.<\/span><\/li>\n<\/ul>\n<h2><span class=\"ez-toc-section\" id=\"9_Taxes_in_Mallorca\"><\/span><b>9. Ad\u00f3k Mallorc\u00e1n<\/b><span class=\"ez-toc-section-end\"><\/span><\/h2>\n<p><span style=\"font-weight: 400;\">Nem sz\u00e1m\u00edt, hogy hol <a href=\"https:\/\/moverdb.com\/hu\/moving-to-spain\/living-in-spain\/\" data-internallinksmanager029f6b8e52c=\"268\" title=\"21 Titkok a Spanyolorsz\u00e1gban \u00e9l\u0151kr\u0151l, hogy tudd, miel\u0151tt elk\u00f6lt\u00f6z\u00f6l\">Spanyolorsz\u00e1gban \u00e9lnek<\/a> vagy Mallorc\u00e1n, ugyanazt az ad\u00f3kulcsot kell fizetnie. A forgalmi ad\u00f3 vagy \u00c1FA (hozz\u00e1adott\u00e9rt\u00e9k-ad\u00f3) Spanyolorsz\u00e1gban 21%, \u00e9s a meghirdetett \u00e1r tartalmazza.<\/span><\/p>\n<p><span style=\"font-weight: 400;\">Ha \u00d6nnek Mallorc\u00e1n van ingatlana, akkor a k\u00f6vetkez\u0151ket kell fizetnie <\/span><a href=\"http:\/\/www.healthplanspain.com\/blog\/expat-tips\/125-what-is-ibi-tax-in-spain.html#.WUVIN3xtnIU\" target=\"_blank\" rel=\"noopener\"><span style=\"font-weight: 400;\">IBI<\/span><\/a><span style=\"font-weight: 400;\"> ad\u00f3. Az \u00f6sszeg az ingatlan m\u00e9ret\u00e9t\u0151l, az ig\u00e9nybe vett szolg\u00e1ltat\u00e1sokt\u00f3l \u00e9s a ter\u00fclett\u0151l f\u00fcgg\u0151en v\u00e1ltozik.  Ha \u00d6n b\u00e9rel egy ingatlant, az IBI-t a tulajdonos fizeti, nem a b\u00e9rl\u0151.<\/span><\/p>\n<p><span style=\"font-weight: 400;\">V\u00e9g\u00fcl, ha \u00fagy d\u00f6nt, hogy lak\u00e1st vagy h\u00e1zat v\u00e1s\u00e1rol Mallorc\u00e1n, akkor a k\u00f6vetkez\u0151ket kell fizetnie<\/span><span style=\"font-weight: 400;\">\u00a0k\u00fcl\u00f6nb\u00f6z\u0151 ad\u00f3k \u00e9s d\u00edjak<\/span><span style=\"font-weight: 400;\">. Az ingatlan\u00e1truh\u00e1z\u00e1si illet\u00e9k 5% \u00e9s 10% k\u00f6z\u00f6tt van, az \u00faj ingatlanok ut\u00e1n 10% \u00c1FA-t kell fizetni, a k\u00f6zjegyz\u0151i k\u00f6lts\u00e9gek, a tulajdoni lap illet\u00e9k \u00e9s a f\u00f6ldhivatali bejegyz\u00e9si d\u00edj a v\u00e9tel\u00e1r 1% \u00e9s 2,5% k\u00f6z\u00f6tt van, az \u00fcgyv\u00e9di k\u00f6lts\u00e9gek pedig 1% \u00e9s 2% k\u00f6z\u00f6tt vannak.<\/span><\/p>\n<h2><span class=\"ez-toc-section\" id=\"10_Flight_Costs_from_Mallorca\"><\/span><b>10. Rep\u00fcl\u00e9si k\u00f6lts\u00e9gek Mallorc\u00e1r\u00f3l<\/b><span class=\"ez-toc-section-end\"><\/span><\/h2>\n<p><span style=\"font-weight: 400;\">Ha m\u00e9gis Mallorc\u00e1ra k\u00f6lt\u00f6zik, itt van k\u00f6r\u00fclbel\u00fcl, hogy mennyibe fog ker\u00fclni a vil\u00e1g m\u00e1s nagyv\u00e1rosaiba rep\u00fclni a legalacsonyabb, egy \u00fatra sz\u00f3l\u00f3 jegy\u00e1rak alapj\u00e1n.\u00a0<\/span><a href=\"https:\/\/www.skyscanner.net\/\" target=\"_blank\" rel=\"noopener\"><span style=\"font-weight: 400;\">Skyscanner<\/span><\/a><span style=\"font-weight: 400;\">\u00a0<\/span><span style=\"font-weight: 400;\">2023 elej\u00e9t\u0151l:<\/span><\/p>\n<ul>\n<li style=\"font-weight: 400;\" aria-level=\"1\"><span style=\"font-weight: 400;\"><strong>New York:<\/strong> \u20ac200<\/span><\/li>\n<li style=\"font-weight: 400;\" aria-level=\"1\"><span style=\"font-weight: 400;\"><strong>Los Angeles:<\/strong> \u20ac400<\/span><\/li>\n<li style=\"font-weight: 400;\" aria-level=\"1\"><span style=\"font-weight: 400;\"><strong>London:<\/strong> \u20ac15<\/span><\/li>\n<li style=\"font-weight: 400;\" aria-level=\"1\"><span style=\"font-weight: 400;\"><strong>P\u00e1rizs:<\/strong> \u20ac15<\/span><\/li>\n<li style=\"font-weight: 400;\" aria-level=\"1\"><span style=\"font-weight: 400;\"><strong>Toronto:<\/strong> \u20ac380<\/span><\/li>\n<li style=\"font-weight: 400;\" aria-level=\"1\"><span style=\"font-weight: 400;\"><strong>Vancouver:<\/strong> \u20ac470<\/span><\/li>\n<li style=\"font-weight: 400;\" aria-level=\"1\"><span style=\"font-weight: 400;\"><strong>Dubai:<\/strong> \u20ac150<\/span><\/li>\n<li style=\"font-weight: 400;\" aria-level=\"1\"><span style=\"font-weight: 400;\"><strong>Sydney:<\/strong> \u20ac590<\/span><\/li>\n<li style=\"font-weight: 400;\" aria-level=\"1\"><span style=\"font-weight: 400;\"><strong>Melbourne:<\/strong> \u20ac1,000<\/span><\/li>\n<li style=\"font-weight: 400;\" aria-level=\"1\"><span style=\"font-weight: 400;\"><strong><a href=\"https:\/\/moverdb.com\/hu\/moving-to-cape-town\/\" data-internallinksmanager029f6b8e52c=\"259\" title=\"Fokv\u00e1rosba k\u00f6lt\u00f6zik? 2023 Lakhat\u00e1si k\u00f6lts\u00e9gek \u00e9s k\u00f6lt\u00f6z\u00e9si tippek\">Fokv\u00e1ros<\/a>:<\/strong> \u20ac470<\/span><\/li>\n<li style=\"font-weight: 400;\" aria-level=\"1\"><span style=\"font-weight: 400;\"><strong><a href=\"https:\/\/moverdb.com\/hu\/moving-to-hong-kong\/\" data-internallinksmanager029f6b8e52c=\"350\" title=\"Hongkongba k\u00f6lt\u00f6zik? 2023 Meg\u00e9lhet\u00e9si k\u00f6lts\u00e9gek \u00e9s k\u00f6lt\u00f6z\u00e9si tippek\">Hong Kong<\/a>:<\/strong> \u20ac450<\/span><\/li>\n<\/ul>\n<p><b>Egy\u00e9b tippek a Mallorc\u00e1ra k\u00f6lt\u00f6z\u00e9shez:<\/b><\/p>\n<p><span style=\"font-weight: 400;\">A fenti k\u00f6lts\u00e9gek \u00e9s \u00e1rk\u00e9pz\u00e9s j\u00f3 k\u00e9pet adhat a mallorcai \u00e9letk\u00f6lts\u00e9gekr\u0151l, de tal\u00e1n a k\u00f6vetkez\u0151 extra tippek seg\u00edts\u00e9g\u00e9vel z\u00f6kken\u0151mentesen tud majd k\u00f6lt\u00f6zni.<\/span><\/p>\n<h3><span class=\"ez-toc-section\" id=\"11_Moving_to_Mallorca_Alone\"><\/span><b>11. Egyed\u00fcl Mallorc\u00e1ra k\u00f6lt\u00f6zni<\/b><span class=\"ez-toc-section-end\"><\/span><\/h3>\n<p><span style=\"font-weight: 400;\">B\u00e1rhov\u00e1 k\u00f6lt\u00f6zni mag\u00e1nyos \u00e9lm\u00e9ny lehet, de egy \u00faj v\u00e1rosba k\u00f6lt\u00f6zni meglehet\u0151sen ijeszt\u0151 lehet. \u00cdme n\u00e9h\u00e1ny tipp a mallorcai leteleped\u00e9ssel kapcsolatban.<\/span><\/p>\n<ul>\n<li style=\"font-weight: 400;\" aria-level=\"1\"><b>Tal\u00e1lkoz\u00f3k:<\/b><span style=\"font-weight: 400;\">\u00a0Mallorc\u00e1n rengeteg ingyenes meetup csoport van, amelyeket a k\u00f6vetkez\u0151 oldalakon tal\u00e1lhatsz meg <\/span><a href=\"https:\/\/www.meetup.com\/cities\/es\/palma\/\" target=\"_blank\" rel=\"noopener\"><span style=\"font-weight: 400;\">Meetup.com<\/span><\/a><span style=\"font-weight: 400;\">. Csatlakozzon a Mallorca Explorers, Mallorca Language Exchange, Mallorca Startups, In and Outdoor Yoga \u00e9s m\u00e9g sok m\u00e1s programhoz.<\/span><\/li>\n<li style=\"font-weight: 400;\" aria-level=\"1\"><b>Vegyen r\u00e9szt helyi rendezv\u00e9nyeken:<\/b><span style=\"font-weight: 400;\">\u00a0Mallorca sokat k\u00edn\u00e1l a lakosoknak \u00e9s a turist\u00e1knak egyar\u00e1nt. Tudja meg, mi t\u00f6rt\u00e9nik a\u00a0<\/span><a href=\"https:\/\/www.seemallorca.com\/events\/\" target=\"_blank\" rel=\"noopener\"><span style=\"font-weight: 400;\">L\u00e1sd Mallorca<\/span><\/a><span style=\"font-weight: 400;\">, <\/span><a href=\"http:\/\/www.digamemallorca.com\" target=\"_blank\" rel=\"noopener\"><span style=\"font-weight: 400;\">Digame<\/span><\/a><span style=\"font-weight: 400;\"> \u00e9s <\/span><a href=\"https:\/\/www.abc-mallorca.com\/mallorcas-summer-top-20-things-to-do\/\" target=\"_blank\" rel=\"noopener\"><span style=\"font-weight: 400;\">ABC Mallorca<\/span><\/a><span style=\"font-weight: 400;\">.\u00a0<\/span><\/li>\n<\/ul>\n<h3><span class=\"ez-toc-section\" id=\"12_Moving_to_Mallorca_with_a_Family\"><\/span><b>12<\/b><b>. Csal\u00e1ddal Mallorc\u00e1ra k\u00f6lt\u00f6zni<\/b><span class=\"ez-toc-section-end\"><\/span><\/h3>\n<p><span style=\"font-weight: 400;\">Mallorca nagyon sok mindent k\u00edn\u00e1l a csal\u00e1doknak - k\u00fcl\u00f6n\u00f6sen a fiatal csal\u00e1doknak. \u00cdme n\u00e9h\u00e1ny extra gondolat\u00e9breszt\u0151:<\/span><\/p>\n<ul>\n<li style=\"font-weight: 400;\" aria-level=\"1\"><b>\u00daj sz\u00fcl\u0151k (vagy leend\u0151 sz\u00fcl\u0151k):<\/b><span style=\"font-weight: 400;\">\u00a0<\/span><a href=\"http:\/\/mumabroad.com\" target=\"_blank\" rel=\"noopener\"><span style=\"font-weight: 400;\">Any\u00e1k k\u00fclf\u00f6ld\u00f6n<\/span><\/a><span style=\"font-weight: 400;\"> egy kiv\u00e1l\u00f3 honlap, amely a sz\u00fcl\u00e9s el\u0151tti \u00e9s ut\u00e1ni tanfolyamokr\u00f3l, valamint az \u00e1ltal\u00e1nos sz\u00fcl\u0151i magatart\u00e1sr\u00f3l ny\u00fajt t\u00e1j\u00e9koztat\u00e1st. Ez egy interakt\u00edv oldal, \u00edgy k\u00f6zvetlen\u00fcl is k\u00e9rhet inform\u00e1ci\u00f3t.<\/span><\/li>\n<li style=\"font-weight: 400;\" aria-level=\"1\"><b>Csal\u00e1dbar\u00e1t ter\u00fcleten \u00e9lni: <\/b><span style=\"font-weight: 400;\">Mallorca mindenhol csal\u00e1dbar\u00e1t. A v\u00e1ros, telep\u00fcl\u00e9s vagy falu kiv\u00e1laszt\u00e1sa a gyermekek \u00e9letkor\u00e1t\u00f3l \u00e9s az \u00d6n \u00e9let\u00e9nek priorit\u00e1sait\u00f3l f\u00fcgg. Ha nem kell a tengerparton \u00e9lnie, van n\u00e9h\u00e1ny elragad\u00f3 kis belf\u00f6ldi v\u00e1ros \u00e9s falu, ahol megtapasztalhatja az igazi mallorcai \u00e9letet. A f\u0151v\u00e1rosban, Palm\u00e1ban a nemzetk\u00f6zi iskol\u00e1kt\u00f3l kezdve a sz\u00e1ll\u00e1shelyek sz\u00e9les v\u00e1laszt\u00e9k\u00e1n \u00e1t a gyerekek sz\u00f3rakoztat\u00e1s\u00e1ra szolg\u00e1l\u00f3 tev\u00e9kenys\u00e9gek sokas\u00e1g\u00e1ig minden megtal\u00e1lhat\u00f3. Tov\u00e1bbi csal\u00e1dbar\u00e1t v\u00e1rosok: Andratx, Port de Andratx, Santany\u00ed, Art\u00e1, Capdepera, Pollensa, Port de Pollensa, S\u00f3ller \u00e9s Port de S\u00f3ller.\u00a0<\/span><\/li>\n<li style=\"font-weight: 400;\" aria-level=\"1\"><b>Tal\u00e1lj elfoglalts\u00e1got a gyerekekkel:<\/b> <a href=\"http:\/\/www.telegraph.co.uk\/travel\/destinations\/europe\/spain\/majorca\/articles\/best-family-activities-in-Majorca\/\" target=\"_blank\" rel=\"noopener\"><span style=\"font-weight: 400;\">The Telegraph<\/span><\/a><span style=\"font-weight: 400;\"> \u00e9s <\/span><a href=\"https:\/\/www.tots100.co.uk\/2015\/07\/02\/10-things-to-do-with-kids-in-mallorca\/\" target=\"_blank\" rel=\"noopener\"><span style=\"font-weight: 400;\">Tots 100<\/span><\/a> <span style=\"font-weight: 400;\">mind nagyszer\u0171 \u00f6tletekkel rendelkeznek a gyerekek \u00e1ltal kedvelt tev\u00e9kenys\u00e9gekhez \u00e9s esem\u00e9nyekhez.<\/span><\/li>\n<\/ul>\n<h3><span class=\"ez-toc-section\" id=\"13_Moving_to_Mallorca_for_Work\"><\/span><b>13<\/b><b>. Munkahelyi k\u00f6lt\u00f6z\u00e9s Mallorc\u00e1ra<\/b><span class=\"ez-toc-section-end\"><\/span><\/h3>\n<p><span style=\"font-weight: 400;\">A legt\u00f6bb ember az\u00e9rt k\u00f6lt\u00f6zik Mallorc\u00e1ra, hogy f\u00e9lnyugd\u00edjas vagy nyugd\u00edjas legyen. Ha azonban azon gondolkodik, hogy Mallorc\u00e1ra k\u00f6lt\u00f6zik dolgozni, \u00e9s garant\u00e1ltan munk\u00e1t akar kapni, akkor nagyon j\u00f3l kell besz\u00e9lnie spanyolul, mivel nagyon kev\u00e9s \u00e1lland\u00f3 munkahely \u00e1ll rendelkez\u00e9sre azok sz\u00e1m\u00e1ra, akik nem besz\u00e9lik a nyelvet. A legt\u00f6bb \u00e1ll\u00e1s az idegenforgalomban \u00e9s a vend\u00e9gl\u00e1t\u00e1sban van, de term\u00e9szetesen ezek szezon\u00e1lisak. B\u00e1r lehet munka n\u00e9lk\u00fcl is elk\u00f6lt\u00f6zni, \u00e9rdemes a k\u00f6lt\u00f6z\u00e9s el\u0151tt megbizonyosodni arr\u00f3l, hogy a k\u00edv\u00e1nt szakter\u00fcleten van \u00e1ll\u00e1s.<\/span><\/p>\n<p><span style=\"font-weight: 400;\">\u00cdme n\u00e9h\u00e1ny dolog, amit figyelembe kell vennie, ha a munka miatt k\u00f6lt\u00f6zik:<\/span><\/p>\n<ul>\n<li style=\"font-weight: 400;\" aria-level=\"1\"><b>Fizet\u00e9s:<\/b><span style=\"font-weight: 400;\">\u00a0A fentebb v\u00e1zolt k\u00f6lts\u00e9gek nagyj\u00e1b\u00f3l k\u00e9pet adnak arr\u00f3l, hogy mennyivel t\u00f6bbre lesz sz\u00fcks\u00e9ged ahhoz, hogy a k\u00f6lt\u00f6z\u00e9s meg\u00e9rje. Az olyan oldalakon, mint p\u00e9ld\u00e1ul a\u00a0<\/span><a href=\"https:\/\/www.glassdoor.co.uk\/Salary\/Majorca-Salaries-E1520150.htm?countryRedirect=true\" target=\"_blank\" rel=\"noopener\"><span style=\"font-weight: 400;\">Glassdoor<\/span><\/a><span style=\"font-weight: 400;\"> \u00e9s\u00a0<\/span><a href=\"http:\/\/www.averagesalarysurvey.com\/palma-de-mallorca-spain\" target=\"_blank\" rel=\"noopener\"><span style=\"font-weight: 400;\">\u00c1tlagos fizet\u00e9s<\/span><\/a><span style=\"font-weight: 400;\">.<\/span><\/li>\n<li style=\"font-weight: 400;\" aria-level=\"1\"><b>Hogyan tal\u00e1ljunk munk\u00e1t: <\/b><span style=\"font-weight: 400;\">Ha szeretne munk\u00e1t tal\u00e1lni, miel\u0151tt Mallorc\u00e1ra k\u00f6lt\u00f6zik, de nem tudja, hol kezdje, a k\u00f6vetkez\u0151 oldalakon \u00e9rdemes elkezdeni:\u00a0<\/span><a href=\"http:\/\/www.caib.es\/govern\/organigrama\/area.do?lang=ca&amp;coduo=1464\" target=\"_blank\" rel=\"noopener\"><span style=\"font-weight: 400;\">Balaeric honlapja<\/span><\/a><span style=\"font-weight: 400;\">, <\/span><a href=\"https:\/\/jobs.abc-mallorca.com\" target=\"_blank\" rel=\"noopener\"><span style=\"font-weight: 400;\">ABC Mallorca<\/span><\/a><span style=\"font-weight: 400;\">, <\/span><a href=\"http:\/\/www.thinkspain.com\/spain-jobs\/4\/54\" target=\"_blank\" rel=\"noopener\"><span style=\"font-weight: 400;\">Gondolj Spanyolorsz\u00e1gra<\/span><\/a><span style=\"font-weight: 400;\">. Mivel \u00fagy t\u0171nik, hogy az interneten nagyon kev\u00e9s \u00e1ll\u00e1shirdet\u00e9st tal\u00e1lunk, lehet, hogy \u00f6n\u00e9letrajzzal felfegyverkezve kell ell\u00e1togatnunk a szigetre, \u00e9s bekopogtatnunk n\u00e9h\u00e1ny ajt\u00f3n. Az is lehet, hogy \u00e9rdemes r\u00e1keresni a Google-ban az \u00d6n ipar\u00e1g\u00e1ban tev\u00e9kenyked\u0151 toborz\u00f3kra, mivel gyakran \u0151k is seg\u00edthetnek n\u00e9h\u00e1ny els\u0151 interj\u00fan val\u00f3 r\u00e9szv\u00e9telben.<\/span><\/li>\n<\/ul>\n<h3><span class=\"ez-toc-section\" id=\"14_Moving_to_Mallorca_from_Australia\"><\/span><b>14. <\/b><b>Ausztr\u00e1li\u00e1b\u00f3l Mallorc\u00e1ra k\u00f6lt\u00f6zik<\/b><span class=\"ez-toc-section-end\"><\/span><\/h3>\n<p><span style=\"font-weight: 400;\">Mallorc\u00e1n sz\u00e9p sz\u00e1mmal \u00e9lnek ausztr\u00e1lok. Ha szeretne csatlakozni hozz\u00e1juk, itt van m\u00e9g egy kis gondolat\u00e9breszt\u0151:<\/span><\/p>\n<ul>\n<li style=\"font-weight: 400;\" aria-level=\"1\"><b>M\u00e9ret \u00f6sszehasonl\u00edt\u00e1s:<\/b><span style=\"font-weight: 400;\">\u00a0Ha \u00f6sszehasonl\u00edtjuk Mallorca lakoss\u00e1g\u00e1nak sz\u00e1m\u00e1t egy v\u00e1ros lakoss\u00e1g\u00e1val a <a href=\"https:\/\/moverdb.com\/hu\/moving-to-australia\/living-in-australia\/\" data-internallinksmanager029f6b8e52c=\"240\" title=\"21 Titkok az Ausztr\u00e1li\u00e1ban \u00e9l\u0151kr\u0151l, hogy tudd, miel\u0151tt elk\u00f6lt\u00f6z\u00f6l\">Ausztr\u00e1lia<\/a>, akkor egy 20%-tel nagyobb v\u00e1rosra sz\u00e1m\u00edthatsz, mint az Aranypart.<\/span><\/li>\n<li style=\"font-weight: 400;\" aria-level=\"1\"><b>Csatlakozzon expat csoportokhoz:<\/b><span style=\"font-weight: 400;\">\u00a0Mindkett\u0151 <\/span><a href=\"https:\/\/www.internations.org\/balearic-islands-expats\/australians\" target=\"_blank\" rel=\"noopener\"><span style=\"font-weight: 400;\">InterNations<\/span><\/a><span style=\"font-weight: 400;\"> \u00e9s <\/span><a href=\"https:\/\/www.meetup.com\/Mallorca-International-Friends-Group\/\" target=\"_blank\" rel=\"noopener\"><span style=\"font-weight: 400;\">Meetup<\/span><\/a><span style=\"font-weight: 400;\">\u00a0m\u00f3dot k\u00edn\u00e1lnak arra, hogy tal\u00e1lkozzanak m\u00e1s ausztr\u00e1lokkal Mallorc\u00e1n.<\/span><\/li>\n<\/ul>\n<h3><span class=\"ez-toc-section\" id=\"15_Moving_to_Mallorca_from_Canada\"><\/span><b>15.<\/b> <b>K\u00f6lt\u00f6z\u00e9s Mallorc\u00e1ra Kanad\u00e1b\u00f3l<\/b><span class=\"ez-toc-section-end\"><\/span><\/h3>\n<p><span style=\"font-weight: 400;\">El\u00e9g sok kanadai \u00e9l Mallorc\u00e1n. \u00cdme n\u00e9h\u00e1ny extra szempont, amit \u00e9rdemes figyelembe venni:<\/span><\/p>\n<ul>\n<li style=\"font-weight: 400;\" aria-level=\"1\"><b>M\u00e9ret \u00f6sszehasonl\u00edt\u00e1s:<\/b><span style=\"font-weight: 400;\">\u00a0Ha \u00f6sszehasonl\u00edtjuk Mallorca lakoss\u00e1g\u00e1nak sz\u00e1m\u00e1t egy v\u00e1ros lakoss\u00e1g\u00e1val a <a href=\"https:\/\/moverdb.com\/hu\/moving-to-canada\/\" data-internallinksmanager029f6b8e52c=\"265\" title=\"K\u00f6lt\u00f6z\u00e9s Kanad\u00e1ba? 2023 \u00c9letk\u00f6lts\u00e9gek \u00e9s k\u00f6lt\u00f6z\u00e9si tippek\">Kanada<\/a>, akkor egy Qu\u00e9becn\u00e9l 15%-tel nagyobb v\u00e1rost l\u00e1tna.\u00a0<\/span><\/li>\n<li style=\"font-weight: 400;\" aria-level=\"1\"><b>Csatlakozzon expat csoportokhoz:<\/b><span style=\"font-weight: 400;\">\u00a0Mindkett\u0151\u00a0<\/span><a href=\"https:\/\/www.internations.org\/balearic-islands-expats\/canadians\" target=\"_blank\" rel=\"noopener\"><span style=\"font-weight: 400;\">InterNations<\/span><\/a><span style=\"font-weight: 400;\"> \u00e9s <\/span><a href=\"http:\/\/www.expat.com\/en\/nationalities\/canadian\/in\/europe\/spain\/\" target=\"_blank\" rel=\"noopener\"><span style=\"font-weight: 400;\">Expat.com<\/span><\/a><span style=\"font-weight: 400;\">\u00a0m\u00f3dot k\u00edn\u00e1lnak arra, hogy tal\u00e1lkozzanak m\u00e1s kanadaiakkal Mallorc\u00e1n.<\/span><\/li>\n<\/ul>\n<h3><span class=\"ez-toc-section\" id=\"16_Moving_to_Mallorca_from_the_United_States\"><\/span><b>16. <\/b><b>Mallorc\u00e1ra k\u00f6lt\u00f6z\u00e9s az Egyes\u00fclt \u00c1llamokb\u00f3l<\/b><span class=\"ez-toc-section-end\"><\/span><\/h3>\n<p><span style=\"font-weight: 400;\">Egy kisebb amerikai kontingens \u00e9l \u00e9s dolgozik Mallorc\u00e1n. Ha fontolgatod, itt van n\u00e9h\u00e1ny b\u00f3nusz tipp:<\/span><\/p>\n<ul>\n<li style=\"font-weight: 400;\" aria-level=\"1\"><b>M\u00e9ret:<\/b><span style=\"font-weight: 400;\">\u00a0Mallorca lakoss\u00e1ga nagyj\u00e1b\u00f3l akkora, mint Jacksonville-\u00e9, <a href=\"https:\/\/moverdb.com\/hu\/moving-to-the-united-states\/moving-to-florida\/\" data-internallinksmanager029f6b8e52c=\"331\" title=\"K\u00f6lt\u00f6z\u00e9s Florid\u00e1ba? 2023 \u00c9letk\u00f6lts\u00e9gek \u00e9s k\u00f6lt\u00f6z\u00e9si tippek\">Florida<\/a>.<\/span><\/li>\n<li style=\"font-weight: 400;\" aria-level=\"1\"><b>Expat csoportok:<\/b><span style=\"font-weight: 400;\">\u00a0A Mallorc\u00e1n m\u00e1r \u00e9l\u0151 \u00e9s dolgoz\u00f3 amerikaiakkal val\u00f3 tal\u00e1lkoz\u00e1s kiv\u00e1l\u00f3 lehet\u0151s\u00e9g arra, hogy bar\u00e1tokat szerezzen, \u00e9s megtanulja, hogyan tud gyorsan beilleszkedni az \u00faj \u00e9let\u00e9be. <\/span><a href=\"https:\/\/www.internations.org\/balearic-islands-expats\/americans\" target=\"_blank\" rel=\"noopener\"><span style=\"font-weight: 400;\">InterNations<\/span><\/a><span style=\"font-weight: 400;\"> \u00e9s <\/span><a href=\"http:\/\/www.internationalexpatsclub.com\/cities\/europe-m-z\/mallorca-29091142\" target=\"_blank\" rel=\"noopener\"><span style=\"font-weight: 400;\">Nemzetk\u00f6zi Expat klub<\/span><\/a><span style=\"font-weight: 400;\"> lehet\u0151v\u00e9 teszi, hogy tal\u00e1lkozhasson m\u00e1s k\u00fclf\u00f6ldiekkel az \u00c1llamokb\u00f3l \u00e9s m\u00e1s orsz\u00e1gokb\u00f3l.<\/span><\/li>\n<\/ul>\n<h3><span class=\"ez-toc-section\" id=\"17_Moving_to_Mallorca_from_the_United_Kingdom\"><\/span><b>17. <\/b><b>K\u00f6lt\u00f6z\u00e9s Mallorc\u00e1ra az Egyes\u00fclt Kir\u00e1lys\u00e1gb\u00f3l<\/b><span class=\"ez-toc-section-end\"><\/span><\/h3>\n<p><span style=\"font-weight: 400;\">Sok brit \u00e9l Mallorc\u00e1n. Ha fontolgatod, \u00edme n\u00e9h\u00e1ny b\u00f3nusz tipp:<\/span><\/p>\n<ul>\n<li style=\"font-weight: 400;\" aria-level=\"1\"><b>M\u00e9ret:<\/b><span style=\"font-weight: 400;\">\u00a0Ha Mallorca lakoss\u00e1g\u00e1t egy brit v\u00e1rossal hasonl\u00edtjuk \u00f6ssze, akkor egy 15%-tel nagyobb v\u00e1rossal \u00e1llunk szemben, mint az Egyes\u00fclt Kir\u00e1lys\u00e1gban. <a href=\"\" data-internallinksmanager029f6b8e52c=\"48\" title=\"Leeds\">Leeds<\/a>.<\/span><\/li>\n<li style=\"font-weight: 400;\" aria-level=\"1\"><b>Expat csoportok:<\/b><span style=\"font-weight: 400;\">\u00a0A m\u00e1r Mallorc\u00e1n \u00e9l\u0151 \u00e9s dolgoz\u00f3 britekkel val\u00f3 tal\u00e1lkoz\u00e1s kiv\u00e1l\u00f3 m\u00f3dja annak, hogy bar\u00e1tokat szerezzen, \u00e9s mindent megtudjon a v\u00e1rosban \u00e9l\u00e9sr\u0151l. N\u00e9zze meg a k\u00f6vetkez\u0151 oldalt, hogy otthonr\u00f3l \u00e9rkez\u0151 embereket tal\u00e1ljon - <\/span><a href=\"https:\/\/www.internations.org\/balearic-islands-expats\/british\" target=\"_blank\" rel=\"noopener\"><span style=\"font-weight: 400;\">InterNations<\/span><\/a><span style=\"font-weight: 400;\">.<\/span><\/li>\n<\/ul>\n<p><span style=\"font-weight: 400;\">Rem\u00e9lhet\u0151leg a fenti tippek \u00e9s k\u00f6lts\u00e9gek hasznosak. Ha el szeretn\u00e9 kezdeni az \u00e1raz\u00e1st, hogy mennyibe fog ker\u00fclni a Mallorc\u00e1ra k\u00f6lt\u00f6z\u00e9s, akkor kezdheti a k\u00f6vetkez\u0151kkel\u00a0<\/span><a href=\"http:\/\/moverdb.com\/hu\/idezi\/\"><span style=\"font-weight: 400;\">\u00f6sszehasonl\u00edt\u00f3 mozg\u00f3 \u00e1raj\u00e1nlatok itt<\/span><\/a><span style=\"font-weight: 400;\">.<\/span><\/p>\n<h2><span class=\"ez-toc-section\" id=\"Other_Useful_Guides_to_Spain\"><\/span>Egy\u00e9b hasznos \u00fatmutat\u00f3k Spanyolorsz\u00e1ghoz<span class=\"ez-toc-section-end\"><\/span><\/h2>\n<ul>\n<li> <a href=\"https:\/\/moverdb.com\/hu\/koltozteto-cegek\/moving-companies-spain\/\">28 A legjobb nemzetk\u00f6zi k\u00f6lt\u00f6ztet\u0151 c\u00e9gek Spanyolorsz\u00e1gban<\/a><\/li>\n<li> <a href=\"https:\/\/moverdb.com\/hu\/kontenerszallitas\/spanyolorszag\/\">2024 Tengeri tehersz\u00e1ll\u00edt\u00e1si kont\u00e9ner \u00e1rak Spanyolorsz\u00e1gba \u00e9s Spanyolorsz\u00e1gb\u00f3l<\/a><\/li>\n<li> <a href=\"https:\/\/moverdb.com\/hu\/legjobb-nemzetkozi-penzatutalasi-szolgaltatasok\/money-transfer-companies-spain\/\">10 legjobb p\u00e9nz\u00e1tutal\u00e1si c\u00e9gek Spanyolorsz\u00e1gban<\/a><\/li>\n<li> <a href=\"https:\/\/moverdb.com\/hu\/moving-to-spain\/\">Spanyolorsz\u00e1gba k\u00f6lt\u00f6zik? 2024 \u00c9letk\u00f6lts\u00e9gek \u00e9s k\u00f6lt\u00f6z\u00e9si tippek<\/a><\/li>\n<li> <a href=\"https:\/\/moverdb.com\/hu\/moving-to-spain\/best-places-to-live-spain\/\">13 Legjobb helyek Spanyolorsz\u00e1gban \u00e9lni<\/a><\/li>\n<li> <a href=\"https:\/\/moverdb.com\/hu\/moving-to-spain\/living-in-spain\/\">21 Titkok a Spanyolorsz\u00e1gban \u00e9l\u0151kr\u0151l, hogy tudd, miel\u0151tt elk\u00f6lt\u00f6z\u00f6l<\/a><\/li>\n<li> <a href=\"https:\/\/moverdb.com\/hu\/moving-to-spain\/moving-to-spain-from-the-us\/\">Spanyolorsz\u00e1gba k\u00f6lt\u00f6z\u00e9s az Egyes\u00fclt \u00c1llamokb\u00f3l<\/a><\/li>\n<li> <a href=\"https:\/\/moverdb.com\/hu\/moving-to-spain\/moving-to-madrid\/\">Madridba k\u00f6lt\u00f6zik? 2023 Lakhat\u00e1si k\u00f6lts\u00e9gek \u00e9s k\u00f6lt\u00f6z\u00e9si tippek<\/a><\/li>\n<li> <a href=\"https:\/\/moverdb.com\/hu\/moving-to-spain\/moving-to-palma\/\">Palm\u00e1ba k\u00f6lt\u00f6zik? 2024 Lakhat\u00e1si k\u00f6lts\u00e9gek \u00e9s k\u00f6lt\u00f6z\u00e9si tippek<\/a><\/li>\n<li> <a href=\"https:\/\/moverdb.com\/hu\/moving-to-spain\/moving-to-ibiza\/\">Ibiz\u00e1ra k\u00f6lt\u00f6zik? 2024 Lakhat\u00e1si k\u00f6lts\u00e9gek \u00e9s k\u00f6lt\u00f6z\u00e9si tippek<\/a><\/li>\n<li> <a href=\"https:\/\/moverdb.com\/hu\/moving-to-spain\/moving-to-las-palmas\/\">Las Palmasba k\u00f6lt\u00f6zik? 2024 Lakhat\u00e1si k\u00f6lts\u00e9gek \u00e9s k\u00f6lt\u00f6z\u00e9si tippek<\/a><\/li>\n<li> <a href=\"https:\/\/moverdb.com\/hu\/moving-to-spain\/moving-to-minorca\/\">K\u00f6lt\u00f6z\u00e9s Menorca? 2024 Lakhat\u00e1si k\u00f6lts\u00e9gek \u00e9s k\u00f6lt\u00f6z\u00e9si tippek<\/a><\/li>\n<li> <a href=\"https:\/\/moverdb.com\/hu\/moving-to-spain\/moving-to-valencia\/\">Valenci\u00e1ba k\u00f6lt\u00f6zik? 2024 Lakhat\u00e1si k\u00f6lts\u00e9gek \u00e9s k\u00f6lt\u00f6z\u00e9si tippek<\/a><\/li>\n<li> <a href=\"https:\/\/moverdb.com\/hu\/moving-to-spain\/moving-to-malaga\/\">M\u00e1lag\u00e1ba k\u00f6lt\u00f6zik? 2024 Lakhat\u00e1si k\u00f6lts\u00e9gek \u00e9s k\u00f6lt\u00f6z\u00e9si tippek<\/a><\/li>\n<li> <a href=\"https:\/\/moverdb.com\/hu\/moving-to-spain\/moving-to-sevilla\/\">Sevill\u00e1ba k\u00f6lt\u00f6zik? 2024 Lakhat\u00e1si k\u00f6lts\u00e9gek \u00e9s k\u00f6lt\u00f6z\u00e9si tippek<\/a><\/li>\n<li> <a href=\"https:\/\/moverdb.com\/hu\/moving-to-spain\/moving-to-zaragoza\/\">Zaragoz\u00e1ba k\u00f6lt\u00f6zik? 2024 Lakhat\u00e1si k\u00f6lts\u00e9gek \u00e9s k\u00f6lt\u00f6z\u00e9si tippek<\/a><\/li>\n<\/ul>","protected":false},"excerpt":{"rendered":"<p>Mallorca is the largest island comprising the Spanish Balearic Islands, and around 80% of its income comes in from tourism. Known for sandy beaches and a peaceful atmosphere, it is an island that has attracted thousands of visitors year on year, for the last seven decades. If you are considering moving to Mallorca, the various [&hellip;]<\/p>\n","protected":false},"author":5,"featured_media":7931,"parent":5758,"menu_order":0,"comment_status":"closed","ping_status":"closed","template":"","meta":{"_genesis_hide_title":false,"_genesis_hide_breadcrumbs":false,"_genesis_hide_singular_image":false,"_genesis_hide_footer_widgets":false,"_genesis_custom_body_class":"","_genesis_custom_post_class":"","_genesis_layout":"","footnotes":""},"class_list":{"0":"post-8513","1":"page","2":"type-page","3":"status-publish","4":"has-post-thumbnail","6":"entry"},"_links":{"self":[{"href":"https:\/\/moverdb.com\/hu\/wp-json\/wp\/v2\/pages\/8513","targetHints":{"allow":["GET"]}}],"collection":[{"href":"https:\/\/moverdb.com\/hu\/wp-json\/wp\/v2\/pages"}],"about":[{"href":"https:\/\/moverdb.com\/hu\/wp-json\/wp\/v2\/types\/page"}],"author":[{"embeddable":true,"href":"https:\/\/moverdb.com\/hu\/wp-json\/wp\/v2\/users\/5"}],"replies":[{"embeddable":true,"href":"https:\/\/moverdb.com\/hu\/wp-json\/wp\/v2\/comments?post=8513"}],"version-history":[{"count":12,"href":"https:\/\/moverdb.com\/hu\/wp-json\/wp\/v2\/pages\/8513\/revisions"}],"predecessor-version":[{"id":18141,"href":"https:\/\/moverdb.com\/hu\/wp-json\/wp\/v2\/pages\/8513\/revisions\/18141"}],"up":[{"embeddable":true,"href":"https:\/\/moverdb.com\/hu\/wp-json\/wp\/v2\/pages\/5758"}],"wp:featuredmedia":[{"embeddable":true,"href":"https:\/\/moverdb.com\/hu\/wp-json\/wp\/v2\/media\/7931"}],"wp:attachment":[{"href":"https:\/\/moverdb.com\/hu\/wp-json\/wp\/v2\/media?parent=8513"}],"curies":[{"name":"wp","href":"https:\/\/api.w.org\/{rel}","templated":true}]}}