{"id":7783,"date":"2023-04-27T14:56:10","date_gmt":"2023-04-27T14:56:10","guid":{"rendered":"https:\/\/moverdb.com\/?page_id=7783"},"modified":"2026-01-08T15:24:35","modified_gmt":"2026-01-08T15:24:35","slug":"moving-companies-italy","status":"publish","type":"page","link":"https:\/\/moverdb.com\/hu\/moving-companies\/moving-companies-italy\/","title":{"rendered":"35 legjobb nemzetk\u00f6zi k\u00f6lt\u00f6ztet\u0151 c\u00e9gek Olaszorsz\u00e1gban"},"content":{"rendered":"<p>K\u00f6lt\u00f6z\u00e9st tervez? Ak\u00e1r h\u00e1ztart\u00e1si, ak\u00e1r \u00fczleti k\u00f6lt\u00f6z\u00e9sr\u0151l van sz\u00f3, ez \u00f6sszetett \u00e9s stresszes lehet, k\u00fcl\u00f6n\u00f6sen, ha k\u00fclf\u00f6ldre k\u00f6lt\u00f6zik. Egy k\u00f6lt\u00f6ztet\u0151 seg\u00edts\u00e9g\u00e9t ig\u00e9nybe v\u00e9ve <a href=\"https:\/\/moverdb.com\/hu\/moving-companies\/\" data-internallinksmanager029f6b8e52c=\"79\" title=\"Top 25 nemzetk\u00f6zi k\u00f6lt\u00f6ztet\u0151 c\u00e9gek online\">k\u00f6lt\u00f6ztet\u0151 c\u00e9g<\/a> k\u00f6nny\u00edthet a terheken. Az al\u00e1bbiakban \u00f6ssze\u00e1ll\u00edtottunk egy list\u00e1t az olasz <a href=\"https:\/\/moverdb.com\/hu\/international-removals\/\" data-internallinksmanager029f6b8e52c=\"27\" title=\"36 legjobb nemzetk\u00f6zi k\u00f6lt\u00f6ztet\u0151 c\u00e9gek az Egyes\u00fclt Kir\u00e1lys\u00e1gban\">k\u00f6lt\u00f6ztet\u0151 c\u00e9gek<\/a> amelyek tagjai a <a href=\"https:\/\/moverdb.com\/hu\/iam\/\" data-internallinksmanager029f6b8e52c=\"23\" title=\"A K\u00f6lt\u00f6ztet\u0151k Nemzetk\u00f6zi Sz\u00f6vets\u00e9ge (IAM) magyar\u00e1zata\">K\u00f6lt\u00f6ztet\u0151k Nemzetk\u00f6zi Sz\u00f6vets\u00e9ge<\/a> (IAM) \u00e9s\/vagy <a href=\"https:\/\/moverdb.com\/hu\/fidi-faim\/\" data-internallinksmanager029f6b8e52c=\"16\" title=\"FIDI &amp; FAIM (FIDI akkredit\u00e1lt nemzetk\u00f6zi fuvaroz\u00f3) magyar\u00e1zata\">FIDI<\/a> Akkredit\u00e1lt nemzetk\u00f6zi k\u00f6lt\u00f6ztet\u0151 (FAIM), aki seg\u00edthet \u00d6nnek a k\u00f6lt\u00f6z\u00e9sben.<\/p>\n<div id=\"ez-toc-container\" class=\"ez-toc-v2_0_82_2 ez-toc-wrap-left counter-hierarchy ez-toc-counter ez-toc-transparent ez-toc-container-direction\">\n<div class=\"ez-toc-title-container\">\n<p class=\"ez-toc-title\" style=\"cursor:inherit\">Szakaszok<\/p>\n<span class=\"ez-toc-title-toggle\"><a href=\"#\" class=\"ez-toc-pull-right ez-toc-btn ez-toc-btn-xs ez-toc-btn-default ez-toc-toggle\" aria-label=\"Toggle Tartalomjegyz\u00e9k\"><span class=\"ez-toc-js-icon-con\"><span class=\"\"><span class=\"eztoc-hide\" style=\"display:none;\">Toggle<\/span><span class=\"ez-toc-icon-toggle-span\"><svg style=\"fill: #999;color:#999\" xmlns=\"http:\/\/www.w3.org\/2000\/svg\" class=\"list-377408\" width=\"20px\" height=\"20px\" viewbox=\"0 0 24 24\" fill=\"none\"><path d=\"M6 6H4v2h2V6zm14 0H8v2h12V6zM4 11h2v2H4v-2zm16 0H8v2h12v-2zM4 16h2v2H4v-2zm16 0H8v2h12v-2z\" fill=\"currentColor\"><\/path><\/svg><svg style=\"fill: #999;color:#999\" class=\"arrow-unsorted-368013\" xmlns=\"http:\/\/www.w3.org\/2000\/svg\" width=\"10px\" height=\"10px\" viewbox=\"0 0 24 24\" version=\"1.2\" baseprofile=\"tiny\"><path d=\"M18.2 9.3l-6.2-6.3-6.2 6.3c-.2.2-.3.4-.3.7s.1.5.3.7c.2.2.4.3.7.3h11c.3 0 .5-.1.7-.3.2-.2.3-.5.3-.7s-.1-.5-.3-.7zM5.8 14.7l6.2 6.3 6.2-6.3c.2-.2.3-.5.3-.7s-.1-.5-.3-.7c-.2-.2-.4-.3-.7-.3h-11c-.3 0-.5.1-.7.3-.2.2-.3.5-.3.7s.1.5.3.7z\"\/><\/svg><\/span><\/span><\/span><\/a><\/span><\/div>\n<nav><ul class='ez-toc-list ez-toc-list-level-1 eztoc-toggle-hide-by-default' ><li class='ez-toc-page-1 ez-toc-heading-level-2'><a class=\"ez-toc-link ez-toc-heading-1\" href=\"https:\/\/moverdb.com\/hu\/moving-companies\/moving-companies-italy\/#1_Arteria\" >1. Arteria<\/a><\/li><li class='ez-toc-page-1 ez-toc-heading-level-2'><a class=\"ez-toc-link ez-toc-heading-2\" href=\"https:\/\/moverdb.com\/hu\/moving-companies\/moving-companies-italy\/#2_AYS\" >2. AYS<\/a><\/li><li class='ez-toc-page-1 ez-toc-heading-level-2'><a class=\"ez-toc-link ez-toc-heading-3\" href=\"https:\/\/moverdb.com\/hu\/moving-companies\/moving-companies-italy\/#3_CD_Traslochi\" >3. CD Traslochi<\/a><\/li><li class='ez-toc-page-1 ez-toc-heading-level-2'><a class=\"ez-toc-link ez-toc-heading-4\" href=\"https:\/\/moverdb.com\/hu\/moving-companies\/moving-companies-italy\/#4_Ciesse\" >4. Ciesse<\/a><\/li><li class='ez-toc-page-1 ez-toc-heading-level-2'><a class=\"ez-toc-link ez-toc-heading-5\" href=\"https:\/\/moverdb.com\/hu\/moving-companies\/moving-companies-italy\/#5_Cucchiarale_Moving_Logistics\" >5. Cucchiarale Moving &amp; Logistics<\/a><\/li><li class='ez-toc-page-1 ez-toc-heading-level-2'><a class=\"ez-toc-link ez-toc-heading-6\" href=\"https:\/\/moverdb.com\/hu\/moving-companies\/moving-companies-italy\/#6_De_Vellis\" >6. De Vellis<\/a><\/li><li class='ez-toc-page-1 ez-toc-heading-level-2'><a class=\"ez-toc-link ez-toc-heading-7\" href=\"https:\/\/moverdb.com\/hu\/moving-companies\/moving-companies-italy\/#7_Franzosini_Moving_Compnay\" >7. Franzosini Moving Compnay<\/a><\/li><li class='ez-toc-page-1 ez-toc-heading-level-2'><a class=\"ez-toc-link ez-toc-heading-8\" href=\"https:\/\/moverdb.com\/hu\/moving-companies\/moving-companies-italy\/#8_Gondrand\" >8. Gondrand<\/a><\/li><li class='ez-toc-page-1 ez-toc-heading-level-2'><a class=\"ez-toc-link ez-toc-heading-9\" href=\"https:\/\/moverdb.com\/hu\/moving-companies\/moving-companies-italy\/#9_Gosselin\" >9. Gosselin<\/a><\/li><li class='ez-toc-page-1 ez-toc-heading-level-2'><a class=\"ez-toc-link ez-toc-heading-10\" href=\"https:\/\/moverdb.com\/hu\/moving-companies\/moving-companies-italy\/#10_International_North_Group\" >10. Nemzetk\u00f6zi \u00e9szaki csoport<\/a><\/li><li class='ez-toc-page-1 ez-toc-heading-level-2'><a class=\"ez-toc-link ez-toc-heading-11\" href=\"https:\/\/moverdb.com\/hu\/moving-companies\/moving-companies-italy\/#11_Magnolia_Moving\" >11. Magnolia Moving<\/a><\/li><li class='ez-toc-page-1 ez-toc-heading-level-2'><a class=\"ez-toc-link ez-toc-heading-12\" href=\"https:\/\/moverdb.com\/hu\/moving-companies\/moving-companies-italy\/#12_Nessi_Traslochi\" >12. Nessi Traslochi<\/a><\/li><li class='ez-toc-page-1 ez-toc-heading-level-2'><a class=\"ez-toc-link ez-toc-heading-13\" href=\"https:\/\/moverdb.com\/hu\/moving-companies\/moving-companies-italy\/#13_Phoenix_Relocation_Group\" >13. Phoenix Relocation Group<\/a><\/li><li class='ez-toc-page-1 ez-toc-heading-level-2'><a class=\"ez-toc-link ez-toc-heading-14\" href=\"https:\/\/moverdb.com\/hu\/moving-companies\/moving-companies-italy\/#14_Salaris_Global_Mobility\" >14. Salaris Global Mobility<\/a><\/li><li class='ez-toc-page-1 ez-toc-heading-level-2'><a class=\"ez-toc-link ez-toc-heading-15\" href=\"https:\/\/moverdb.com\/hu\/moving-companies\/moving-companies-italy\/#15_Salatino\" >15. Salatino<\/a><\/li><li class='ez-toc-page-1 ez-toc-heading-level-2'><a class=\"ez-toc-link ez-toc-heading-16\" href=\"https:\/\/moverdb.com\/hu\/moving-companies\/moving-companies-italy\/#16_Vinelli_Scotto\" >16. Vinelli &amp; Scotto<\/a><\/li><li class='ez-toc-page-1 ez-toc-heading-level-2'><a class=\"ez-toc-link ez-toc-heading-17\" href=\"https:\/\/moverdb.com\/hu\/moving-companies\/moving-companies-italy\/#17_Lorenzo_Quartarone\" >17. Lorenzo Quartarone<\/a><\/li><li class='ez-toc-page-1 ez-toc-heading-level-2'><a class=\"ez-toc-link ez-toc-heading-18\" href=\"https:\/\/moverdb.com\/hu\/moving-companies\/moving-companies-italy\/#18_Coopservice\" >18. Coopservice<\/a><\/li><li class='ez-toc-page-1 ez-toc-heading-level-2'><a class=\"ez-toc-link ez-toc-heading-19\" href=\"https:\/\/moverdb.com\/hu\/moving-companies\/moving-companies-italy\/#19_Bolliger_International_Movers\" >19. Bolliger International Movers<\/a><\/li><li class='ez-toc-page-1 ez-toc-heading-level-2'><a class=\"ez-toc-link ez-toc-heading-20\" href=\"https:\/\/moverdb.com\/hu\/moving-companies\/moving-companies-italy\/#20_Italy_Relocation_Services\" >20. Olaszorsz\u00e1g K\u00f6lt\u00f6ztet\u00e9s \u00e9s szolg\u00e1ltat\u00e1sok<\/a><\/li><li class='ez-toc-page-1 ez-toc-heading-level-2'><a class=\"ez-toc-link ez-toc-heading-21\" href=\"https:\/\/moverdb.com\/hu\/moving-companies\/moving-companies-italy\/#21_King_Logistics\" >21. King Logistics<\/a><\/li><li class='ez-toc-page-1 ez-toc-heading-level-2'><a class=\"ez-toc-link ez-toc-heading-22\" href=\"https:\/\/moverdb.com\/hu\/moving-companies\/moving-companies-italy\/#22_Relo_Services\" >22. Relo szolg\u00e1ltat\u00e1sok<\/a><\/li><li class='ez-toc-page-1 ez-toc-heading-level-2'><a class=\"ez-toc-link ez-toc-heading-23\" href=\"https:\/\/moverdb.com\/hu\/moving-companies\/moving-companies-italy\/#23_DMA_Cargo\" >23. DMA Cargo<\/a><\/li><li class='ez-toc-page-1 ez-toc-heading-level-2'><a class=\"ez-toc-link ez-toc-heading-24\" href=\"https:\/\/moverdb.com\/hu\/moving-companies\/moving-companies-italy\/#24_Alpha_International\" >24. Alpha International<\/a><\/li><li class='ez-toc-page-1 ez-toc-heading-level-2'><a class=\"ez-toc-link ez-toc-heading-25\" href=\"https:\/\/moverdb.com\/hu\/moving-companies\/moving-companies-italy\/#25_Ruocco_Removals\" >25. Ruocco k\u00f6lt\u00f6ztet\u00e9s<\/a><\/li><li class='ez-toc-page-1 ez-toc-heading-level-2'><a class=\"ez-toc-link ez-toc-heading-26\" href=\"https:\/\/moverdb.com\/hu\/moving-companies\/moving-companies-italy\/#26_Bliss_Moving_Logistics\" >26. Bliss Moving &amp; Logistics<\/a><\/li><li class='ez-toc-page-1 ez-toc-heading-level-2'><a class=\"ez-toc-link ez-toc-heading-27\" href=\"https:\/\/moverdb.com\/hu\/moving-companies\/moving-companies-italy\/#27_Roiatti\" >27. Roiatti<\/a><\/li><li class='ez-toc-page-1 ez-toc-heading-level-2'><a class=\"ez-toc-link ez-toc-heading-28\" href=\"https:\/\/moverdb.com\/hu\/moving-companies\/moving-companies-italy\/#28_1877_Stein\" >28. 1877 Stein<\/a><\/li><li class='ez-toc-page-1 ez-toc-heading-level-2'><a class=\"ez-toc-link ez-toc-heading-29\" href=\"https:\/\/moverdb.com\/hu\/moving-companies\/moving-companies-italy\/#29_Antonini_Faraoni\" >29. Antonini &amp; Faraoni<\/a><\/li><li class='ez-toc-page-1 ez-toc-heading-level-2'><a class=\"ez-toc-link ez-toc-heading-30\" href=\"https:\/\/moverdb.com\/hu\/moving-companies\/moving-companies-italy\/#30_Cittadini\" >30. Cittadini<\/a><\/li><li class='ez-toc-page-1 ez-toc-heading-level-2'><a class=\"ez-toc-link ez-toc-heading-31\" href=\"https:\/\/moverdb.com\/hu\/moving-companies\/moving-companies-italy\/#31_Global_Moving\" >31. Glob\u00e1lis mozgat\u00e1s<\/a><\/li><li class='ez-toc-page-1 ez-toc-heading-level-2'><a class=\"ez-toc-link ez-toc-heading-32\" href=\"https:\/\/moverdb.com\/hu\/moving-companies\/moving-companies-italy\/#32_Goeldlin\" >32. Goeldlin<\/a><\/li><li class='ez-toc-page-1 ez-toc-heading-level-2'><a class=\"ez-toc-link ez-toc-heading-33\" href=\"https:\/\/moverdb.com\/hu\/moving-companies\/moving-companies-italy\/#33_Il_Trasloco\" >33. Il Trasloco<\/a><\/li><li class='ez-toc-page-1 ez-toc-heading-level-2'><a class=\"ez-toc-link ez-toc-heading-34\" href=\"https:\/\/moverdb.com\/hu\/moving-companies\/moving-companies-italy\/#34_Nicole_Traslochi\" >34. Nicole Traslochi<\/a><\/li><li class='ez-toc-page-1 ez-toc-heading-level-2'><a class=\"ez-toc-link ez-toc-heading-35\" href=\"https:\/\/moverdb.com\/hu\/moving-companies\/moving-companies-italy\/#35_Olimpico_Traslochi\" >35. Olimpico Traslochi<\/a><\/li><li class='ez-toc-page-1 ez-toc-heading-level-2'><a class=\"ez-toc-link ez-toc-heading-36\" href=\"https:\/\/moverdb.com\/hu\/moving-companies\/moving-companies-italy\/#Other_Useful_Guides_to_Italy\" >Egy\u00e9b hasznos olaszorsz\u00e1gi \u00fatik\u00f6nyvek<\/a><\/li><\/ul><\/nav><\/div>\n<h2><span class=\"ez-toc-section\" id=\"1_Arteria\"><\/span><strong>1. Arteria<\/strong><span class=\"ez-toc-section-end\"><\/span><\/h2>\n<p><img loading=\"lazy\" decoding=\"async\" class=\"alignnone size-full wp-image-7667\" src=\"https:\/\/moverdb.com\/wp-content\/uploads\/Arteria-international-moving-company.png\" alt=\"Arteria nemzetk\u00f6zi k\u00f6lt\u00f6ztet\u0151 c\u00e9g\" width=\"1440\" height=\"680\" data-wp-pid=\"7667\" srcset=\"https:\/\/moverdb.com\/wp-content\/uploads\/Arteria-international-moving-company.png 1440w, https:\/\/moverdb.com\/wp-content\/uploads\/Arteria-international-moving-company-300x142.png 300w, https:\/\/moverdb.com\/wp-content\/uploads\/Arteria-international-moving-company-1024x484.png 1024w, https:\/\/moverdb.com\/wp-content\/uploads\/Arteria-international-moving-company-18x9.png 18w, https:\/\/moverdb.com\/wp-content\/uploads\/Arteria-international-moving-company-600x283.png 600w\" sizes=\"auto, (max-width: 1440px) 100vw, 1440px\" \/><\/p>\n<ul>\n<li>Nemzeti l\u00e9p\u00e9sek<\/li>\n<li>Nemzetk\u00f6zi k\u00f6lt\u00f6z\u00e9sek<\/li>\n<li>H\u00e1ztart\u00e1si k\u00f6lt\u00f6z\u00e9sek<\/li>\n<li>A v\u00e1llalat k\u00f6lt\u00f6zik<\/li>\n<li>Szem\u00e9lyre szabott megold\u00e1s<\/li>\n<li>Projektmenedzser<\/li>\n<li>Csomagol\u00e1si szolg\u00e1ltat\u00e1s<\/li>\n<li>Sz\u00e1razf\u00f6ldi, tengeri \u00e9s l\u00e9gi sz\u00e1ll\u00edt\u00e1s<\/li>\n<li>Biztos\u00edt\u00e1s<\/li>\n<li>Rakt\u00e1roz\u00e1si lehet\u0151s\u00e9gek<\/li>\n<\/ul>\n<p>Az Arteria egy 2000-ben alap\u00edtott, t\u00f6bb r\u00e9szleggel - k\u00f6zt\u00fck egy k\u00f6lt\u00f6ztet\u0151 r\u00e9szleggel - rendelkez\u0151 sz\u00e1ll\u00edt\u00e1si, csomagol\u00e1si, kezel\u00e9si \u00e9s telep\u00edt\u00e9si v\u00e1llalat. Irod\u00e1ik \u00e9s rakt\u00e1raik Mil\u00e1n\u00f3ban, R\u00f3m\u00e1ban, Firenz\u00e9ben, Velenc\u00e9ben, Malpens\u00e1ban \u00e9s Torin\u00f3ban vannak. \u00dcgyn\u00f6kh\u00e1l\u00f3zaton kereszt\u00fcl vil\u00e1gszerte tev\u00e9kenykednek. Az IAM tagjak\u00e9nt 23 \u00e9ves m\u00faltra tekintenek vissza.<\/p>\n<p>Az Arteria szem\u00e9lyre szabott szolg\u00e1ltat\u00e1st k\u00edn\u00e1l, amely az \u00d6n k\u00f6lt\u00f6z\u00e9s\u00e9re van szabva, \u00e9s a v\u00e1llalati k\u00f6lt\u00f6z\u00e9sekhez projektmenedzsert biztos\u00edt. A k\u00f6lt\u00f6z\u00e9si folyamat minden szakasz\u00e1t biztos\u00edtj\u00e1k, bele\u00e9rtve a holmik be- \u00e9s kicsomagol\u00e1s\u00e1t, a csomagol\u00f3anyagokat, a sz\u00e1ll\u00edt\u00e1st, a sz\u00e1ll\u00edt\u00e1st \u00e9s sz\u00fcks\u00e9g eset\u00e9n a t\u00e1rol\u00e1st.<\/p>\n<p>Weboldal: <a href=\"http:\/\/www.arteria.it\" target=\"_blank\" rel=\"noopener\">http:\/\/www.arteria.it<\/a><\/p>\n<h2><span class=\"ez-toc-section\" id=\"2_AYS\"><\/span><strong>2. AYS<\/strong><span class=\"ez-toc-section-end\"><\/span><\/h2>\n<p><img loading=\"lazy\" decoding=\"async\" class=\"alignnone size-full wp-image-7671\" src=\"https:\/\/moverdb.com\/wp-content\/uploads\/AYS-international-moving-company.png\" alt=\"AYS nemzetk\u00f6zi k\u00f6lt\u00f6ztet\u0151 c\u00e9g\" width=\"1440\" height=\"716\" data-wp-pid=\"7671\" srcset=\"https:\/\/moverdb.com\/wp-content\/uploads\/AYS-international-moving-company.png 1440w, https:\/\/moverdb.com\/wp-content\/uploads\/AYS-international-moving-company-300x149.png 300w, https:\/\/moverdb.com\/wp-content\/uploads\/AYS-international-moving-company-1024x509.png 1024w, https:\/\/moverdb.com\/wp-content\/uploads\/AYS-international-moving-company-18x9.png 18w, https:\/\/moverdb.com\/wp-content\/uploads\/AYS-international-moving-company-600x298.png 600w\" sizes=\"auto, (max-width: 1440px) 100vw, 1440px\" \/><\/p>\n<ul>\n<li>Nemzeti haj\u00f3z\u00e1s<\/li>\n<li><a href=\"https:\/\/moverdb.com\/hu\/container-shipping\/\" data-internallinksmanager029f6b8e52c=\"3\" title=\"Nemzetk\u00f6zi kont\u00e9nersz\u00e1ll\u00edt\u00e1si d\u00edjt\u00e1bl\u00e1zat: \u00e1prilis 2026\">Nemzetk\u00f6zi sz\u00e1ll\u00edt\u00e1s<\/a><\/li>\n<li>H\u00e1ztart\u00e1si k\u00f6lt\u00f6z\u00e9sek<\/li>\n<li>H\u00e1zt\u00f3l-h\u00e1zig szolg\u00e1ltat\u00e1s<\/li>\n<li>Csomagol\u00e1si szolg\u00e1ltat\u00e1s<\/li>\n<li>Sz\u00e1razf\u00f6ldi, tengeri \u00e9s l\u00e9gi sz\u00e1ll\u00edt\u00e1s<\/li>\n<li>V\u00e1mszolg\u00e1ltat\u00e1sok<\/li>\n<li>Speci\u00e1lis berendez\u00e9sek<\/li>\n<li>M\u0171v\u00e9szeti alkot\u00e1sok kezel\u00e9se<\/li>\n<li>Rakt\u00e1roz\u00e1si lehet\u0151s\u00e9gek<\/li>\n<\/ul>\n<p>Az AYS egy logisztikai \u00e9s sz\u00e1ll\u00edt\u00e1si v\u00e1llalat, amely k\u00f6lt\u00f6ztet\u00e9si szolg\u00e1ltat\u00e1sokat k\u00edn\u00e1l. Sz\u00e9khely\u00fck Pomezia v\u00e1ros\u00e1ban tal\u00e1lhat\u00f3, egy fi\u00f3ktelep\u00fck pedig Mil\u00e1n\u00f3ban. Ugyanezt a szolg\u00e1ltat\u00e1st ny\u00fajtj\u00e1k az eg\u00e9sz vil\u00e1gon a kapcsolt irod\u00e1ikon kereszt\u00fcl. Az IAM tagja.<\/p>\n<p>Az AYS szem\u00e9lyre szabott megold\u00e1st k\u00edn\u00e1l a k\u00f6lt\u00f6z\u00e9sekhez, amely a vil\u00e1g b\u00e1rmely pontj\u00e1n h\u00e1zt\u00f3l-h\u00e1zig szolg\u00e1ltat\u00e1st ny\u00fajt. Csomagol\u00e1si szolg\u00e1ltat\u00e1sokat ny\u00fajtanak, hogy megv\u00e9dj\u00e9k a holmij\u00e1t a sz\u00e1ll\u00edt\u00e1s sor\u00e1n, \u00e9s megszervezik a sz\u00e1ll\u00edt\u00e1st \u00e9s a sz\u00e1ll\u00edt\u00e1st a c\u00e9l\u00e1llom\u00e1sra. Sz\u00e1mos speci\u00e1lis felszerel\u00e9ssel rendelkeznek, k\u00f6zt\u00fck egy k\u00fcls\u0151 l\u00e9tr\u00e1val, amelyet \u00fagy terveztek, hogy megk\u00f6nny\u00edtse a k\u00f6lt\u00f6z\u00e9si folyamatot.<\/p>\n<p>Weboldal: <a href=\"https:\/\/www.ayssrl.eu\/\" target=\"_blank\" rel=\"noopener\">https:\/\/www.ayssrl.eu\/<\/a><\/p>\n<h2><span class=\"ez-toc-section\" id=\"3_CD_Traslochi\"><\/span><strong>3. CD Traslochi<\/strong><span class=\"ez-toc-section-end\"><\/span><\/h2>\n<p><img loading=\"lazy\" decoding=\"async\" class=\"alignnone size-full wp-image-7681\" src=\"https:\/\/moverdb.com\/wp-content\/uploads\/CD-Traslochi-international-moving-company.png\" alt=\"CD Traslochi nemzetk\u00f6zi k\u00f6lt\u00f6ztet\u0151 c\u00e9g\" width=\"1440\" height=\"678\" data-wp-pid=\"7681\" srcset=\"https:\/\/moverdb.com\/wp-content\/uploads\/CD-Traslochi-international-moving-company.png 1440w, https:\/\/moverdb.com\/wp-content\/uploads\/CD-Traslochi-international-moving-company-300x141.png 300w, https:\/\/moverdb.com\/wp-content\/uploads\/CD-Traslochi-international-moving-company-1024x482.png 1024w, https:\/\/moverdb.com\/wp-content\/uploads\/CD-Traslochi-international-moving-company-18x8.png 18w, https:\/\/moverdb.com\/wp-content\/uploads\/CD-Traslochi-international-moving-company-600x283.png 600w\" sizes=\"auto, (max-width: 1440px) 100vw, 1440px\" \/><\/p>\n<ul>\n<li>Nemzeti k\u00f6lt\u00f6ztet\u00e9sek<\/li>\n<li>Nemzetk\u00f6zi k\u00f6lt\u00f6ztet\u00e9sek<\/li>\n<li>Lakoss\u00e1gi k\u00f6lt\u00f6ztet\u00e9s<\/li>\n<li>Irodai k\u00f6lt\u00f6ztet\u00e9s<\/li>\n<li>Csomagol\u00e1si szolg\u00e1ltat\u00e1s<\/li>\n<li>Sz\u00e1ll\u00edt\u00e1si meg\u00e1llapod\u00e1sok<\/li>\n<li>J\u00e1rm\u0171sz\u00e1ll\u00edt\u00e1s<\/li>\n<li>M\u0171v\u00e9szi munka kezel\u00e9se<\/li>\n<li>Biztos\u00edt\u00e1s<\/li>\n<li>R\u00f6vid \u00e9s hossz\u00fa t\u00e1v\u00fa t\u00e1rol\u00e1s<\/li>\n<\/ul>\n<p>A CD Traslochi egy k\u00f6lt\u00f6ztet\u0151 \u00e9s sz\u00e1ll\u00edt\u00f3 c\u00e9g, amely R\u00f3m\u00e1ban \u00e9s Mil\u00e1n\u00f3ban rendelkezik telephellyel. Kiterjedt k\u00f6lt\u00f6ztet\u0151i h\u00e1l\u00f3zattal rendelkeznek, hogy a m\u0171k\u00f6d\u00e9si ter\u00fclet\u00fck\u00f6n k\u00edv\u00fcli k\u00f6lt\u00f6ztet\u00e9sekben is seg\u00edts\u00e9get ny\u00fajthassanak. Az IAM tagjak\u00e9nt 14 \u00e9ves szolg\u00e1lati id\u0151vel rendelkeznek.<\/p>\n<p>A CD Traslochi kulcsrak\u00e9sz k\u00f6lt\u00f6ztet\u00e9si szolg\u00e1ltat\u00e1sokat k\u00edn\u00e1l kis \u00e9s nagy volumen\u0171 k\u00f6lt\u00f6ztet\u00e9sekhez, amely az \u00d6n k\u00f6lt\u00f6ztet\u00e9si ig\u00e9nyeinek m\u0171szaki vizsg\u00e1lat\u00e1val kezd\u0151dik. Szakk\u00e9pzett szem\u00e9lyzetet \u00e9s felszerel\u00e9st biztos\u00edtanak a k\u00f6lt\u00f6z\u00e9s lebonyol\u00edt\u00e1s\u00e1hoz, \u00e9s v\u00e9d\u0151csomagol\u00e1st biztos\u00edtanak a t\u00e1rgyak biztons\u00e1gos sz\u00e1ll\u00edt\u00e1sa \u00e9rdek\u00e9ben. Csomagol\u00e1si \u00e9s kicsomagol\u00e1si szolg\u00e1ltat\u00e1st ny\u00fajtanak, amely mag\u00e1ban foglalja a b\u00fatorok sz\u00e9t- \u00e9s \u00f6sszeszerel\u00e9s\u00e9t is.<\/p>\n<p>Weboldal: <a href=\"http:\/\/www.traslochicdremovals.com\" target=\"_blank\" rel=\"noopener\">http:\/\/www.traslochicdremovals.com<\/a><\/p>\n<h2><span class=\"ez-toc-section\" id=\"4_Ciesse\"><\/span><strong>4. Ciesse<\/strong><span class=\"ez-toc-section-end\"><\/span><\/h2>\n<p><img loading=\"lazy\" decoding=\"async\" class=\"alignnone size-full wp-image-7682\" src=\"https:\/\/moverdb.com\/wp-content\/uploads\/Ciesse-international-moving-company.png\" alt=\"Ciesse nemzetk\u00f6zi k\u00f6lt\u00f6ztet\u0151 c\u00e9g\" width=\"1440\" height=\"678\" data-wp-pid=\"7682\" srcset=\"https:\/\/moverdb.com\/wp-content\/uploads\/Ciesse-international-moving-company.png 1440w, https:\/\/moverdb.com\/wp-content\/uploads\/Ciesse-international-moving-company-300x141.png 300w, https:\/\/moverdb.com\/wp-content\/uploads\/Ciesse-international-moving-company-1024x482.png 1024w, https:\/\/moverdb.com\/wp-content\/uploads\/Ciesse-international-moving-company-18x8.png 18w, https:\/\/moverdb.com\/wp-content\/uploads\/Ciesse-international-moving-company-600x283.png 600w\" sizes=\"auto, (max-width: 1440px) 100vw, 1440px\" \/><\/p>\n<ul>\n<li>Nemzeti l\u00e9p\u00e9sek<\/li>\n<li>Nemzetk\u00f6zi k\u00f6lt\u00f6z\u00e9sek<\/li>\n<li>Lakoss\u00e1gi k\u00f6lt\u00f6z\u00e9sek<\/li>\n<li>A v\u00e1llalat k\u00f6lt\u00f6zik<\/li>\n<li>Egyetlen kapcsolattart\u00f3 pont<\/li>\n<li>Csomagol\u00e1s<\/li>\n<li>Sz\u00e1ll\u00edt\u00e1si meg\u00e1llapod\u00e1sok<\/li>\n<li>V\u00e1mkezel\u00e9s<\/li>\n<li>Biztos\u00edt\u00e1s<\/li>\n<li>Rakt\u00e1roz\u00e1si lehet\u0151s\u00e9gek<\/li>\n<\/ul>\n<p>A Ciesse egy 50 \u00e9ve m\u0171k\u00f6d\u0151 k\u00f6lt\u00f6ztet\u0151 c\u00e9g, amely Mil\u00e1n\u00f3ban \u00e9s R\u00f3m\u00e1ban rendelkezik telephellyel. Lakoss\u00e1gi \u00e9s v\u00e1llalati k\u00f6lt\u00f6z\u00e9seket k\u00edn\u00e1lnak <a href=\"https:\/\/moverdb.com\/hu\/moving-to-italy\/\" data-internallinksmanager029f6b8e52c=\"346\" title=\"Olaszorsz\u00e1gba k\u00f6lt\u00f6zik? 2023 Lakhat\u00e1si k\u00f6lts\u00e9gek \u00e9s k\u00f6lt\u00f6z\u00e9si tippek\">Olaszorsz\u00e1g<\/a> \u00e9s az eg\u00e9sz vil\u00e1gon. Nyolc \u00e9ve tagjai az IAM-nek.<\/p>\n<p>A Ciesse teljes k\u00f6r\u0171 k\u00f6lt\u00f6ztet\u00e9si szolg\u00e1ltat\u00e1st k\u00edn\u00e1l, amely egyetlen kapcsolattart\u00e1si pontot biztos\u00edt \u00d6nnek a k\u00f6lt\u00f6z\u00e9s sor\u00e1n. Ez egy ingyenes \u00e1raj\u00e1nlattal \u00e9s egy szeml\u00e9vel kezd\u0151dik, hogy megbecs\u00fclj\u00fck a k\u00f6lt\u00f6z\u00e9s volumen\u00e9t. Szolg\u00e1ltat\u00e1suk a k\u00f6lt\u00f6z\u00e9s minden aspektus\u00e1t mag\u00e1ban foglalja, bele\u00e9rtve a csomagol\u00e1st, a kezel\u00e9st, a sz\u00e1ll\u00edt\u00e1st \u00e9s a megfelel\u0151 dokument\u00e1ci\u00f3t. A k\u00f6lt\u00f6ztet\u00e9si szolg\u00e1ltat\u00e1suk r\u00e9szek\u00e9nt egy h\u00f3nap ingyenes t\u00e1rol\u00e1st is k\u00edn\u00e1lnak a rakt\u00e1rukban.<\/p>\n<p>Weboldal: <a href=\"http:\/\/www.ciesseservices.it\" target=\"_blank\" rel=\"noopener\">http:\/\/www.ciesseservices.it<\/a><\/p>\n<h2><span class=\"ez-toc-section\" id=\"5_Cucchiarale_Moving_Logistics\"><\/span><strong>5. Cucchiarale Moving &amp; Logistics<\/strong><span class=\"ez-toc-section-end\"><\/span><\/h2>\n<p><img loading=\"lazy\" decoding=\"async\" class=\"alignnone size-full wp-image-7687\" src=\"https:\/\/moverdb.com\/wp-content\/uploads\/Cucchiarale-international-moving-company.png\" alt=\"Cucchiarale nemzetk\u00f6zi k\u00f6lt\u00f6ztet\u0151 c\u00e9g\" width=\"1440\" height=\"710\" data-wp-pid=\"7687\" srcset=\"https:\/\/moverdb.com\/wp-content\/uploads\/Cucchiarale-international-moving-company.png 1440w, https:\/\/moverdb.com\/wp-content\/uploads\/Cucchiarale-international-moving-company-300x148.png 300w, https:\/\/moverdb.com\/wp-content\/uploads\/Cucchiarale-international-moving-company-1024x505.png 1024w, https:\/\/moverdb.com\/wp-content\/uploads\/Cucchiarale-international-moving-company-18x9.png 18w, https:\/\/moverdb.com\/wp-content\/uploads\/Cucchiarale-international-moving-company-600x296.png 600w\" sizes=\"auto, (max-width: 1440px) 100vw, 1440px\" \/><\/p>\n<ul>\n<li>Nemzeti k\u00f6lt\u00f6ztet\u00e9sek<\/li>\n<li>Nemzetk\u00f6zi k\u00f6lt\u00f6ztet\u00e9sek<\/li>\n<li>Lakoss\u00e1gi k\u00f6lt\u00f6ztet\u00e9s<\/li>\n<li>Irod\u00e1k \u00e9s gy\u00e1rak \u00e1thelyez\u00e9se<\/li>\n<li>H\u00e1zt\u00f3l-h\u00e1zig szolg\u00e1ltat\u00e1s<\/li>\n<li>Csomagol\u00e1si szolg\u00e1ltat\u00e1s<\/li>\n<li>Sz\u00e1razf\u00f6ldi, l\u00e9gi \u00e9s tengeri \u00e1rusz\u00e1ll\u00edt\u00e1s<\/li>\n<li>V\u00e1mkezel\u00e9s<\/li>\n<li>Bev\u00e1ndorl\u00e1si t\u00e1mogat\u00e1s<\/li>\n<li>Rakt\u00e1roz\u00e1si lehet\u0151s\u00e9gek<\/li>\n<\/ul>\n<p>A Cucchiarale Moving &amp; Logistics egy t\u00f6bb mint 50 \u00e9vvel ezel\u0151tt alakult nemzeti \u00e9s nemzetk\u00f6zi k\u00f6lt\u00f6ztet\u0151 c\u00e9g, amelynek irod\u00e1i Torin\u00f3ban, Mil\u00e1n\u00f3ban, Genov\u00e1ban \u00e9s R\u00f3m\u00e1ban tal\u00e1lhat\u00f3k. A vil\u00e1g n\u00e9h\u00e1ny legnagyobb k\u00f6lt\u00f6ztet\u0151h\u00e1l\u00f3zat\u00e1val \u00e1llnak partners\u00e9gben, hogy b\u00e1rhov\u00e1 t\u00f6rt\u00e9n\u0151 k\u00f6lt\u00f6z\u00e9sekn\u00e9l seg\u00edts\u00e9get ny\u00fajthassanak. Az IAM tagjak\u00e9nt 10 \u00e9ves szolg\u00e1lati id\u0151vel rendelkeznek.<\/p>\n<p>A Cucchiarale Moving &amp; Logistics kulcsrak\u00e9sz h\u00e1zt\u00f3l-h\u00e1zig k\u00f6lt\u00f6ztet\u00e9si szolg\u00e1ltat\u00e1st k\u00edn\u00e1l, amely a k\u00f6lt\u00f6z\u00e9s minden l\u00e9p\u00e9s\u00e9ben seg\u00edts\u00e9get ny\u00fajt \u00d6nnek. Csomagol\u00e1si szolg\u00e1ltat\u00e1st ny\u00fajtanak, hogy megv\u00e9dj\u00e9k a holmij\u00e1t a sz\u00e1razf\u00f6ldi, l\u00e9gi vagy tengeri k\u00f6lt\u00f6z\u00e9s sor\u00e1n, \u00e9s a meg\u00e9rkez\u00e9skor kicsomagolj\u00e1k \u00e9s \u00f6sszeszerelik a b\u00fatorokat. Gondoskodnak az adminisztrat\u00edv elj\u00e1r\u00e1sokr\u00f3l, bele\u00e9rtve a v\u00e1mkezel\u00e9st is.<\/p>\n<p>Weboldal: <a href=\"http:\/\/www.cucchiaralegroup.com\" target=\"_blank\" rel=\"noopener\">http:\/\/www.cucchiaralegroup.com<\/a><\/p>\n<h2><span class=\"ez-toc-section\" id=\"6_De_Vellis\"><\/span><strong>6. De Vellis<\/strong><span class=\"ez-toc-section-end\"><\/span><\/h2>\n<p><img loading=\"lazy\" decoding=\"async\" class=\"alignnone size-full wp-image-7688\" src=\"https:\/\/moverdb.com\/wp-content\/uploads\/De-Vellis-international-moving-company.png\" alt=\"De Vellis nemzetk\u00f6zi k\u00f6lt\u00f6ztet\u0151 c\u00e9g\" width=\"1440\" height=\"687\" data-wp-pid=\"7688\" srcset=\"https:\/\/moverdb.com\/wp-content\/uploads\/De-Vellis-international-moving-company.png 1440w, https:\/\/moverdb.com\/wp-content\/uploads\/De-Vellis-international-moving-company-300x143.png 300w, https:\/\/moverdb.com\/wp-content\/uploads\/De-Vellis-international-moving-company-1024x489.png 1024w, https:\/\/moverdb.com\/wp-content\/uploads\/De-Vellis-international-moving-company-18x9.png 18w, https:\/\/moverdb.com\/wp-content\/uploads\/De-Vellis-international-moving-company-600x286.png 600w\" sizes=\"auto, (max-width: 1440px) 100vw, 1440px\" \/><\/p>\n<ul>\n<li>Nemzeti l\u00e9p\u00e9sek<\/li>\n<li>Nemzetk\u00f6zi k\u00f6lt\u00f6z\u00e9sek<\/li>\n<li>H\u00e1ztart\u00e1si k\u00f6lt\u00f6z\u00e9sek<\/li>\n<li>V\u00e1llalati k\u00f6lt\u00f6z\u00e9sek<\/li>\n<li>Alkalmazottak \u00e1thelyez\u00e9se<\/li>\n<li>Do-it-yourself k\u00f6lt\u00f6z\u00e9si lehet\u0151s\u00e9g<\/li>\n<li>Speci\u00e1lis berendez\u00e9sek<\/li>\n<li>A sz\u00e1ll\u00edt\u00e1s megszervez\u00e9se<\/li>\n<li>J\u00e1rm\u0171b\u00e9rl\u00e9s<\/li>\n<li>Biztons\u00e1gos rakt\u00e1rhelyis\u00e9gek<\/li>\n<\/ul>\n<p>A De Vellis egy t\u00f6bb mint 40 \u00e9ve m\u0171k\u00f6d\u0151 belf\u00f6ldi \u00e9s nemzetk\u00f6zi k\u00f6lt\u00f6ztet\u0151 \u00e9s fuvaroz\u00f3 v\u00e1llalat. T\u00f6bb telephellyel rendelkeznek Frosinone tartom\u00e1nyban \u00e9s egy telephellyel R\u00f3m\u00e1ban. Sz\u00e1mos r\u00e9szleg\u00fck van, amelyek sz\u00e1ll\u00edt\u00e1ssal, k\u00f6lt\u00f6ztet\u00e9ssel, \u00e1rurakt\u00e1roz\u00e1ssal, pap\u00edrarch\u00edvummal, k\u00f6rnyezetv\u00e9delemmel \u00e9s b\u00e9rl\u00e9ssel foglalkoznak. Tagjai az IAM-nek, \u00e9s 41 \u00e9ves szolg\u00e1lati id\u0151vel rendelkeznek.<\/p>\n<p>A De Vellis nemzeti \u00e9s nemzetk\u00f6zi k\u00f6lt\u00f6ztet\u00e9seket k\u00edn\u00e1l r\u00f3mai b\u00e1zis\u00e1r\u00f3l, \u00e9s mag\u00e1n- \u00e9s v\u00e1llalati k\u00f6lt\u00f6ztet\u00e9sekkel foglalkozik, bele\u00e9rtve a bankok, k\u00f6zint\u00e9zm\u00e9nyek \u00e9s nagyk\u00f6vets\u00e9gek alkalmazottainak k\u00f6lt\u00f6ztet\u00e9s\u00e9t is. K\u00fcl\u00f6nb\u00f6z\u0151 \u00e9p\u00fcletek eset\u00e9ben speci\u00e1lis felszerel\u00e9ssel rendelkeznek, t\u00f6bbek k\u00f6z\u00f6tt k\u00fcls\u0151 l\u00e9pcs\u0151kkel, darukkal \u00e9s kisteheraut\u00f3kkal.<\/p>\n<p>Weboldal: <a href=\"http:\/\/www.devellis.it\/en\" target=\"_blank\" rel=\"noopener\">http:\/\/www.devellis.it\/en<\/a><\/p>\n<h2><span class=\"ez-toc-section\" id=\"7_Franzosini_Moving_Compnay\"><\/span><strong>7. Franzosini Moving Compnay<\/strong><span class=\"ez-toc-section-end\"><\/span><\/h2>\n<p><img loading=\"lazy\" decoding=\"async\" class=\"alignnone size-full wp-image-7693\" src=\"https:\/\/moverdb.com\/wp-content\/uploads\/Franzosini-international-moving-company.png\" alt=\"Franzosini nemzetk\u00f6zi k\u00f6lt\u00f6ztet\u0151 c\u00e9g\" width=\"1440\" height=\"681\" data-wp-pid=\"7693\" srcset=\"https:\/\/moverdb.com\/wp-content\/uploads\/Franzosini-international-moving-company.png 1440w, https:\/\/moverdb.com\/wp-content\/uploads\/Franzosini-international-moving-company-300x142.png 300w, https:\/\/moverdb.com\/wp-content\/uploads\/Franzosini-international-moving-company-1024x484.png 1024w, https:\/\/moverdb.com\/wp-content\/uploads\/Franzosini-international-moving-company-18x9.png 18w, https:\/\/moverdb.com\/wp-content\/uploads\/Franzosini-international-moving-company-600x284.png 600w\" sizes=\"auto, (max-width: 1440px) 100vw, 1440px\" \/><\/p>\n<ul>\n<li>Nemzeti k\u00f6lt\u00f6ztet\u00e9sek<\/li>\n<li>Nemzetk\u00f6zi k\u00f6lt\u00f6ztet\u00e9sek<\/li>\n<li>H\u00e1ztart\u00e1si k\u00f6lt\u00f6ztet\u00e9sek<\/li>\n<li>Irodai \u00e9s v\u00e1llalati k\u00f6lt\u00f6ztet\u00e9s<\/li>\n<li>Az \u00e1ruk biztons\u00e1gos kezel\u00e9se<\/li>\n<li>K\u00f6z\u00fati, tengeri \u00e9s l\u00e9gi sz\u00e1ll\u00edt\u00e1s<\/li>\n<li>Sz\u00e1ll\u00edt\u00e1si m\u00e9retv\u00e1laszt\u00e9k<\/li>\n<li>H\u00e1zi\u00e1llat sz\u00e1ll\u00edt\u00e1s<\/li>\n<li>Aut\u00f3- \u00e9s motorker\u00e9kp\u00e1r-sz\u00e1ll\u00edt\u00e1s<\/li>\n<li>R\u00f6vid \u00e9s hossz\u00fa t\u00e1v\u00fa t\u00e1rol\u00e1si lehet\u0151s\u00e9gek<\/li>\n<\/ul>\n<p>A Franzosini K\u00f6lt\u00f6ztet\u0151 c\u00e9g egy 1845-ben alap\u00edtott k\u00f6lt\u00f6ztet\u0151 \u00e9s sz\u00e1ll\u00edt\u00f3 c\u00e9g, amely Mil\u00e1n\u00f3ban, R\u00f3m\u00e1ban \u00e9s N\u00e1polyban rendelkezik telephellyel. Tagjai az IAM-nek \u00e9s a Harmony egyes\u00fcletnek, ami nemzetk\u00f6zi lefedetts\u00e9get biztos\u00edt sz\u00e1mukra. A FIDI is akkredit\u00e1lta \u0151ket.<\/p>\n<p>A Franzosini K\u00f6lt\u00f6ztet\u0151 c\u00e9g a k\u00f6lt\u00f6z\u00e9s el\u0151tti felm\u00e9r\u00e9st k\u00edn\u00e1l az \u00d6n ig\u00e9nyeinek meg\u00e1llap\u00edt\u00e1s\u00e1ra ak\u00e1r szem\u00e9lyesen, ak\u00e1r az alkalmaz\u00e1son kereszt\u00fcl. A be- \u00e9s kirakod\u00e1s sor\u00e1n nagy gondoss\u00e1ggal kezelik a holmij\u00e1t. Sz\u00e1mos sz\u00e1ll\u00edt\u00e1si lehet\u0151s\u00e9get k\u00edn\u00e1lnak, bele\u00e9rtve a k\u00f6z\u00fati, l\u00e9gi \u00e9s tengeri sz\u00e1ll\u00edt\u00e1st, amely mag\u00e1ban foglalja a k\u00fcl\u00f6nb\u00f6z\u0151 m\u00e9ret\u0171, kevesebb mint teljes \u00e9s teljes kont\u00e9nerrakom\u00e1nyt.<\/p>\n<p>Weboldal: <a href=\"http:\/\/www.franzosini.it\" target=\"_blank\" rel=\"noopener\">http:\/\/www.franzosini.it<\/a><\/p>\n<h2><span class=\"ez-toc-section\" id=\"8_Gondrand\"><\/span><strong>8. Gondrand<\/strong><span class=\"ez-toc-section-end\"><\/span><\/h2>\n<p><img loading=\"lazy\" decoding=\"async\" class=\"alignnone size-full wp-image-7701\" src=\"https:\/\/moverdb.com\/wp-content\/uploads\/Gondrand-international-moving-company.png\" alt=\"Gondrand nemzetk\u00f6zi k\u00f6lt\u00f6ztet\u0151 c\u00e9g\" width=\"1440\" height=\"680\" data-wp-pid=\"7701\" srcset=\"https:\/\/moverdb.com\/wp-content\/uploads\/Gondrand-international-moving-company.png 1440w, https:\/\/moverdb.com\/wp-content\/uploads\/Gondrand-international-moving-company-300x142.png 300w, https:\/\/moverdb.com\/wp-content\/uploads\/Gondrand-international-moving-company-1024x484.png 1024w, https:\/\/moverdb.com\/wp-content\/uploads\/Gondrand-international-moving-company-18x9.png 18w, https:\/\/moverdb.com\/wp-content\/uploads\/Gondrand-international-moving-company-600x283.png 600w\" sizes=\"auto, (max-width: 1440px) 100vw, 1440px\" \/><\/p>\n<ul>\n<li>Nemzeti k\u00f6lt\u00f6ztet\u00e9sek<\/li>\n<li>Nemzetk\u00f6zi k\u00f6lt\u00f6ztet\u00e9sek<\/li>\n<li>H\u00e1ztart\u00e1si k\u00f6lt\u00f6ztet\u00e9sek<\/li>\n<li>Ipari k\u00f6lt\u00f6ztet\u00e9s<\/li>\n<li>Munkav\u00e1llal\u00f3i \u00e1thelyez\u00e9sek<\/li>\n<li>\u00c1thelyez\u00e9s \u00e9s bev\u00e1ndorl\u00e1s<\/li>\n<li>Csomagol\u00e1si lehet\u0151s\u00e9gek<\/li>\n<li>L\u00e9gi \u00e9s tengeri sz\u00e1ll\u00edt\u00e1s<\/li>\n<li>T\u00e1mogat\u00e1s dokument\u00e1ci\u00f3val<\/li>\n<li>Rakt\u00e1roz\u00e1si lehet\u0151s\u00e9gek<\/li>\n<\/ul>\n<p>A Gondrand egy 1866-ban alap\u00edtott k\u00f6lt\u00f6ztet\u0151 c\u00e9g. K\u00f6zpontjuk Mil\u00e1n\u00f3ban van, \u00e9s tov\u00e1bbi nyolc telephely\u00fck van Olaszorsz\u00e1g-szerte. Magasan k\u00e9pzett \u00fcgyn\u00f6k\u00f6kb\u0151l \u00e1ll\u00f3 h\u00e1l\u00f3zattal rendelkeznek, hogy t\u00e1mogass\u00e1k a k\u00f6lt\u00f6z\u00e9seket az eg\u00e9sz vil\u00e1gon. Az IAM 56 \u00e9ves tagjak\u00e9nt a FIDI \u00e1ltal akkredit\u00e1lt, \u00e9s az IAM tagja.<\/p>\n<p>A Gondrand ingyenes szeml\u00e9t k\u00edn\u00e1l az \u00d6n ig\u00e9nyeinek felm\u00e9r\u00e9s\u00e9re \u00e9s a k\u00f6lt\u00f6z\u00e9s megtervez\u00e9s\u00e9re. Csomagol\u00e1si szolg\u00e1ltat\u00e1st k\u00edn\u00e1lnak sz\u00e9tszerel\u00e9si\/\u00f6sszeszerel\u00e9si szolg\u00e1ltat\u00e1ssal, nemzetk\u00f6zi l\u00e9gi vagy tengeri sz\u00e1ll\u00edt\u00e1ssal, dokument\u00e1ci\u00f3s t\u00e1mogat\u00e1ssal. K\u00f6lt\u00f6ztet\u00e9si szolg\u00e1ltat\u00e1saik k\u00f6z\u00e9 tartoznak a bev\u00e1ndorl\u00e1si szolg\u00e1ltat\u00e1sok, az ideiglenes sz\u00e1ll\u00e1s, a h\u00e1z- \u00e9s iskolakeres\u00e9s, a t\u00e1j\u00e9koz\u00f3d\u00e1s, a k\u00f6zm\u0171vek aktiv\u00e1l\u00e1sa, az indul\u00e1si szolg\u00e1ltat\u00e1sok \u00e9s az \u00e9rkez\u00e9si szolg\u00e1ltat\u00e1sok.<\/p>\n<p>Weboldal: <a href=\"http:\/\/www.gondrand.it\" target=\"_blank\" rel=\"noopener\">http:\/\/www.gondrand.it<\/a><\/p>\n<h2><span class=\"ez-toc-section\" id=\"9_Gosselin\"><\/span><strong>9. Gosselin<\/strong><span class=\"ez-toc-section-end\"><\/span><\/h2>\n<p><img loading=\"lazy\" decoding=\"async\" class=\"alignnone size-full wp-image-7702\" src=\"https:\/\/moverdb.com\/wp-content\/uploads\/Gosselin-Italy-international-moving-company.png\" alt=\"Gosselin Olaszorsz\u00e1g nemzetk\u00f6zi k\u00f6lt\u00f6ztet\u0151 c\u00e9g\" width=\"1440\" height=\"681\" data-wp-pid=\"7702\" srcset=\"https:\/\/moverdb.com\/wp-content\/uploads\/Gosselin-Italy-international-moving-company.png 1440w, https:\/\/moverdb.com\/wp-content\/uploads\/Gosselin-Italy-international-moving-company-300x142.png 300w, https:\/\/moverdb.com\/wp-content\/uploads\/Gosselin-Italy-international-moving-company-1024x484.png 1024w, https:\/\/moverdb.com\/wp-content\/uploads\/Gosselin-Italy-international-moving-company-18x9.png 18w, https:\/\/moverdb.com\/wp-content\/uploads\/Gosselin-Italy-international-moving-company-600x284.png 600w\" sizes=\"auto, (max-width: 1440px) 100vw, 1440px\" \/><\/p>\n<ul>\n<li>Nemzeti l\u00e9p\u00e9sek<\/li>\n<li>Nemzetk\u00f6zi k\u00f6lt\u00f6z\u00e9sek<\/li>\n<li>H\u00e1ztart\u00e1si k\u00f6lt\u00f6z\u00e9sek<\/li>\n<li>Rugalmas k\u00f6lt\u00f6z\u00e9si megold\u00e1sok<\/li>\n<li>H\u00e1zt\u00f3l-h\u00e1zig szolg\u00e1ltat\u00e1s<\/li>\n<li>Digit\u00e1lis felm\u00e9r\u00e9s<\/li>\n<li>Csomagol\u00e1si szolg\u00e1ltat\u00e1s<\/li>\n<li>H\u00e1zi\u00e1llat \u00e9s <a href=\"https:\/\/moverdb.com\/hu\/car-transport-shipping\/\" data-internallinksmanager029f6b8e52c=\"2\" title=\"2026 Nemzetk\u00f6zi aut\u00f3sz\u00e1ll\u00edt\u00e1s \u00e9s j\u00e1rm\u0171sz\u00e1ll\u00edt\u00e1s \u00e1raj\u00e1nlatok\">aut\u00f3sz\u00e1ll\u00edt\u00e1s<\/a><\/li>\n<li>K\u00f6zleked\u00e9si biztos\u00edt\u00e1s<\/li>\n<li>Rakt\u00e1roz\u00e1si lehet\u0151s\u00e9gek<\/li>\n<\/ul>\n<p>A Gosselin egy nemzetk\u00f6zi k\u00f6lt\u00f6ztet\u0151 \u00e9s k\u00f6lt\u00f6ztet\u0151 c\u00e9g, amely 34 orsz\u00e1gban rendelkezik irod\u00e1kkal, k\u00f6zt\u00fck Olaszorsz\u00e1gban R\u00f3m\u00e1ban, Torin\u00f3ban, Genov\u00e1ban, Firenz\u00e9ben \u00e9s Bologn\u00e1ban. Orsz\u00e1gos \u00e9s nemzetk\u00f6zi k\u00f6lt\u00f6ztet\u00e9st biztos\u00edtanak. Kilenc \u00e9ve tagjai az IAM-nek, \u00e9s a FIDI \u00e1ltal akkredit\u00e1ltak.<\/p>\n<p>A Gosselin digit\u00e1lis felm\u00e9r\u00e9st k\u00edn\u00e1l, hogy megb\u00edzhat\u00f3 becsl\u00e9st adjon \u00e9s meg\u00e9rtse az \u00d6n ig\u00e9nyeit. H\u00e1zt\u00f3l-h\u00e1zig szolg\u00e1ltat\u00e1st ny\u00fajtanak professzion\u00e1lis k\u00f6lt\u00f6ztet\u0151kkel, akik k\u00f6rnyezetbar\u00e1t anyagok felhaszn\u00e1l\u00e1s\u00e1val csomagolj\u00e1k be a holmij\u00e1t, sz\u00e9tszerelik \u00e9s \u00f6sszeszerelik a b\u00fatorokat, \u00e9s \u00e9rkez\u00e9skor kicsomagolj\u00e1k. Tov\u00e1bbi szolg\u00e1ltat\u00e1sokat ny\u00fajtanak, amelyek magukban foglalj\u00e1k a kis\u00e1llat-sz\u00e1ll\u00edt\u00e1st, az aut\u00f3sz\u00e1ll\u00edt\u00e1st, a k\u00e9pz\u0151m\u0171v\u00e9szeti t\u00e1rgyak kezel\u00e9s\u00e9t, a biztos\u00edt\u00e1st \u00e9s a t\u00e1rol\u00e1st.<\/p>\n<p>Weboldal: <a href=\"http:\/\/gosselin-moving.com\/italy\" target=\"_blank\" rel=\"noopener\">http:\/\/gosselin-moving.com\/italy<\/a><\/p>\n<h2><span class=\"ez-toc-section\" id=\"10_International_North_Group\"><\/span><strong>10. Nemzetk\u00f6zi \u00e9szaki csoport<\/strong><span class=\"ez-toc-section-end\"><\/span><\/h2>\n<p><img loading=\"lazy\" decoding=\"async\" class=\"alignnone size-full wp-image-7709\" src=\"https:\/\/moverdb.com\/wp-content\/uploads\/International-North-Group-moving-company.png\" alt=\"Nemzetk\u00f6zi North Group k\u00f6lt\u00f6ztet\u0151 c\u00e9g\" width=\"1440\" height=\"711\" data-wp-pid=\"7709\" srcset=\"https:\/\/moverdb.com\/wp-content\/uploads\/International-North-Group-moving-company.png 1440w, https:\/\/moverdb.com\/wp-content\/uploads\/International-North-Group-moving-company-300x148.png 300w, https:\/\/moverdb.com\/wp-content\/uploads\/International-North-Group-moving-company-1024x506.png 1024w, https:\/\/moverdb.com\/wp-content\/uploads\/International-North-Group-moving-company-18x9.png 18w, https:\/\/moverdb.com\/wp-content\/uploads\/International-North-Group-moving-company-600x296.png 600w\" sizes=\"auto, (max-width: 1440px) 100vw, 1440px\" \/><\/p>\n<ul>\n<li>Nemzeti k\u00f6lt\u00f6ztet\u00e9sek<\/li>\n<li>Nemzetk\u00f6zi k\u00f6lt\u00f6ztet\u00e9sek<\/li>\n<li>H\u00e1ztart\u00e1si k\u00f6lt\u00f6ztet\u00e9sek<\/li>\n<li>C\u00e9ges k\u00f6lt\u00f6ztet\u00e9sek<\/li>\n<li>Move Manager<\/li>\n<li>Csomagol\u00e1si szolg\u00e1ltat\u00e1s<\/li>\n<li>A sz\u00e1ll\u00edt\u00e1s megszervez\u00e9se<\/li>\n<li>M\u0171v\u00e9szeti alkot\u00e1sok sz\u00e1ll\u00edt\u00e1sa<\/li>\n<li>H\u00e1zi\u00e1llat- \u00e9s j\u00e1rm\u0171sz\u00e1ll\u00edt\u00e1s<\/li>\n<li>Rakt\u00e1roz\u00e1si lehet\u0151s\u00e9gek<\/li>\n<\/ul>\n<p>Az International North Group nemzeti \u00e9s nemzetk\u00f6zi k\u00f6lt\u00f6ztet\u0151 c\u00e9g, amely R\u00f3m\u00e1ban, Mil\u00e1n\u00f3ban \u00e9s Torin\u00f3ban rendelkezik irod\u00e1kkal. Minden t\u00edpus\u00fa k\u00f6lt\u00f6z\u00e9ssel foglalkoznak, bele\u00e9rtve a lak\u00e1sokat, irod\u00e1kat, rakt\u00e1rakat, \u00fczemeket, laborat\u00f3riumokat, egyetemeket \u00e9s sok m\u00e1st. Levelez\u0151 \u00e9s partnerh\u00e1l\u00f3zattal rendelkeznek, hogy vil\u00e1gszerte seg\u00edthessenek a k\u00f6lt\u00f6z\u00e9sekben, \u00e9s az IAM tagjai.<\/p>\n<p>Az International North Group teljes k\u00f6r\u0171 szolg\u00e1ltat\u00e1st k\u00edn\u00e1l, amely mag\u00e1ban foglalhatja a holmik becsomagol\u00e1s\u00e1t, a b\u00fatorok sz\u00e9t- \u00e9s \u00f6sszeszerel\u00e9s\u00e9t, a sz\u00e1ll\u00edt\u00e1s megszervez\u00e9s\u00e9t \u00e9s a kicsomagol\u00e1st. Sz\u00e1mos tov\u00e1bbi szolg\u00e1ltat\u00e1st is k\u00edn\u00e1lnak, t\u00f6bbek k\u00f6z\u00f6tt h\u00e1zi\u00e1llat-sz\u00e1ll\u00edt\u00e1st, j\u00e1rm\u0171sz\u00e1ll\u00edt\u00e1st, m\u0171t\u00e1rgyak sz\u00e1ll\u00edt\u00e1s\u00e1t, v\u00e1s\u00e1rokon \u00e9s rendezv\u00e9nyeken t\u00f6rt\u00e9n\u0151 sz\u00e1ll\u00edt\u00e1st, valamint katonai szolg\u00e1ltat\u00e1sokat.<\/p>\n<p>Weboldal: <a href=\"http:\/\/www.internationalnorthgroup.com\" target=\"_blank\" rel=\"noopener\">http:\/\/www.internationalnorthgroup.com<\/a><\/p>\n<h2><span class=\"ez-toc-section\" id=\"11_Magnolia_Moving\"><\/span><strong>11. Magnolia Moving<\/strong><span class=\"ez-toc-section-end\"><\/span><\/h2>\n<p><img loading=\"lazy\" decoding=\"async\" class=\"alignnone size-full wp-image-7721\" src=\"https:\/\/moverdb.com\/wp-content\/uploads\/Magnolia-Moving-international-moving-company.png\" alt=\"Magnolia Moving nemzetk\u00f6zi k\u00f6lt\u00f6ztet\u0151 c\u00e9g\" width=\"1440\" height=\"677\" data-wp-pid=\"7721\" srcset=\"https:\/\/moverdb.com\/wp-content\/uploads\/Magnolia-Moving-international-moving-company.png 1440w, https:\/\/moverdb.com\/wp-content\/uploads\/Magnolia-Moving-international-moving-company-300x141.png 300w, https:\/\/moverdb.com\/wp-content\/uploads\/Magnolia-Moving-international-moving-company-1024x481.png 1024w, https:\/\/moverdb.com\/wp-content\/uploads\/Magnolia-Moving-international-moving-company-18x8.png 18w, https:\/\/moverdb.com\/wp-content\/uploads\/Magnolia-Moving-international-moving-company-600x282.png 600w\" sizes=\"auto, (max-width: 1440px) 100vw, 1440px\" \/><\/p>\n<ul>\n<li>Nemzeti l\u00e9p\u00e9sek<\/li>\n<li>Nemzetk\u00f6zi k\u00f6lt\u00f6z\u00e9sek<\/li>\n<li>H\u00e1ztart\u00e1s \u00e1thelyez\u00e9se<\/li>\n<li>Irodai k\u00f6lt\u00f6z\u00e9sek<\/li>\n<li>Teherg\u00e9pkocsi, l\u00e9gi vagy tengeri sz\u00e1ll\u00edt\u00e1s<\/li>\n<li>K\u00e9pz\u0151m\u0171v\u00e9szeti kezel\u00e9s<\/li>\n<li>Aut\u00f3- \u00e9s motorker\u00e9kp\u00e1r-sz\u00e1ll\u00edt\u00e1s<\/li>\n<li>Otthoni \u00e9s iskolai keres\u00e9sek<\/li>\n<li>H\u00e1zi\u00e1llat \u00e1thelyez\u00e9s<\/li>\n<li>Rakt\u00e1roz\u00e1si lehet\u0151s\u00e9gek<\/li>\n<\/ul>\n<p>A Magnolia Moving egy k\u00f6lt\u00f6ztet\u0151 c\u00e9g, amely R\u00f3m\u00e1ban \u00e9s Mil\u00e1n\u00f3ban rendelkezik telephellyel. Orsz\u00e1gos \u00e9s nemzetk\u00f6zi k\u00f6lt\u00f6ztet\u00e9st biztos\u00edtanak, amely mag\u00e1ban foglalja az \u00f6sszes b\u00fcrokratikus elj\u00e1r\u00e1s lebonyol\u00edt\u00e1s\u00e1t. Az IAM tagjak\u00e9nt 11 \u00e9ves szolg\u00e1lati id\u0151vel rendelkeznek, \u00e9s a FIDI \u00e1ltal akkredit\u00e1ltak.<\/p>\n<p>A Magnolia Moving szem\u00e9lyre szabott szolg\u00e1ltat\u00e1st k\u00edn\u00e1l, ingyenes szeml\u00e9vel, hogy felm\u00e9rje az \u00d6n k\u00f6lt\u00f6z\u00e9si ig\u00e9nyeit. Megfelel\u0151 csomagol\u00f3anyagokat \u00e9s egyedi k\u00e9sz\u00edt\u00e9s\u0171 l\u00e1d\u00e1kat biztos\u00edtanak a holmik v\u00e9delm\u00e9re, \u00e9s szakembereik gondosan kezelik azokat. Teheraut\u00f3s, l\u00e9gi \u00e9s tengeri sz\u00e1ll\u00edt\u00e1st k\u00edn\u00e1lnak, bele\u00e9rtve a kont\u00e9nern\u00e9l kisebb \u00e9s a teljes kont\u00e9nerrakom\u00e1nyt is, \u00e9s minden v\u00e1mdokument\u00e1ci\u00f3t beny\u00fajtanak.<\/p>\n<p>Weboldal: <a href=\"http:\/\/www.magnoliamoving.com\" target=\"_blank\" rel=\"noopener\">http:\/\/www.magnoliamoving.com<\/a><\/p>\n<h2><span class=\"ez-toc-section\" id=\"12_Nessi_Traslochi\"><\/span><strong>12. Nessi Traslochi<\/strong><span class=\"ez-toc-section-end\"><\/span><\/h2>\n<p><img loading=\"lazy\" decoding=\"async\" class=\"alignnone size-full wp-image-7728\" src=\"https:\/\/moverdb.com\/wp-content\/uploads\/Nessi-Traslochi-international-moving-company.png\" alt=\"Nessi Traslochi nemzetk\u00f6zi k\u00f6lt\u00f6ztet\u0151 c\u00e9g\" width=\"1440\" height=\"686\" data-wp-pid=\"7728\" srcset=\"https:\/\/moverdb.com\/wp-content\/uploads\/Nessi-Traslochi-international-moving-company.png 1440w, https:\/\/moverdb.com\/wp-content\/uploads\/Nessi-Traslochi-international-moving-company-300x143.png 300w, https:\/\/moverdb.com\/wp-content\/uploads\/Nessi-Traslochi-international-moving-company-1024x488.png 1024w, https:\/\/moverdb.com\/wp-content\/uploads\/Nessi-Traslochi-international-moving-company-18x9.png 18w, https:\/\/moverdb.com\/wp-content\/uploads\/Nessi-Traslochi-international-moving-company-600x286.png 600w\" sizes=\"auto, (max-width: 1440px) 100vw, 1440px\" \/><\/p>\n<ul>\n<li>Nemzeti l\u00e9p\u00e9sek<\/li>\n<li>Nemzetk\u00f6zi k\u00f6lt\u00f6z\u00e9sek<\/li>\n<li>H\u00e1ztart\u00e1si k\u00f6lt\u00f6ztet\u00e9sek<\/li>\n<li>Irodai k\u00f6lt\u00f6ztet\u00e9s<\/li>\n<li>H\u00e1zhoz men\u0151 szolg\u00e1ltat\u00e1sok<\/li>\n<li>Teherg\u00e9pkocsi-, l\u00e9gi \u00e9s tengeri sz\u00e1ll\u00edt\u00e1s<\/li>\n<li>V\u00e1malakis\u00e1gok<\/li>\n<li>M\u0171alkot\u00e1sok k\u00f6lt\u00f6ztet\u00e9se<\/li>\n<li>H\u00e1zi\u00e1llat sz\u00e1ll\u00edt\u00e1s<\/li>\n<li>Rakt\u00e1roz\u00e1si lehet\u0151s\u00e9gek<\/li>\n<\/ul>\n<p>A Nessi Traslochi egy 1947-ben alap\u00edtott k\u00f6lt\u00f6ztet\u0151 c\u00e9g, amelynek irod\u00e1i R\u00f3m\u00e1ban, N\u00e1polyban \u00e9s Mil\u00e1n\u00f3ban vannak. A nemzetk\u00f6zi k\u00f6lt\u00f6ztet\u00e9sben val\u00f3 seg\u00edts\u00e9gny\u00fajt\u00e1s \u00e9rdek\u00e9ben a vil\u00e1g minden t\u00e1j\u00e1n m\u0171k\u00f6d\u0151, k\u00e9pzett c\u00e9gekb\u0151l \u00e1ll\u00f3 nemzetk\u00f6zi h\u00e1l\u00f3zattal rendelkeznek. Az IAM tagjak\u00e9nt 63 \u00e9ves szolg\u00e1lati id\u0151vel rendelkeznek.<\/p>\n<p>A Nessi Traslochi h\u00e1zt\u00f3l-h\u00e1zig szolg\u00e1ltat\u00e1st k\u00edn\u00e1l, amely mag\u00e1ban foglal egy virtu\u00e1lis ellen\u0151rz\u00e9st az \u00d6n k\u00f6lt\u00f6z\u00e9si ig\u00e9nyeinek felm\u00e9r\u00e9s\u00e9re. Csomagol\u00f3anyagokat biztos\u00edtanak a holmij\u00e1nak v\u00e9delm\u00e9re, \u00e9s csomagokat sz\u00e1moznak meg csomagol\u00e1si list\u00e1val. Teheraut\u00f3val sz\u00e1ll\u00edtj\u00e1k a sz\u00e1razf\u00f6ld\u00f6n vagy komppal el\u00e9rhet\u0151 szomsz\u00e9dos orsz\u00e1gokba, alternat\u00edvak\u00e9nt l\u00e9gi \u00e9s tengeri sz\u00e1ll\u00edt\u00e1st is k\u00edn\u00e1lnak, \u00e9s elv\u00e9gzik a v\u00e1malakis\u00e1gokat.<\/p>\n<p>Weboldal: <a href=\"http:\/\/www.nessi.it\" target=\"_blank\" rel=\"noopener\">http:\/\/www.nessi.it<\/a><\/p>\n<h2><span class=\"ez-toc-section\" id=\"13_Phoenix_Relocation_Group\"><\/span><strong>13. Phoenix Relocation Group<\/strong><span class=\"ez-toc-section-end\"><\/span><\/h2>\n<p><img loading=\"lazy\" decoding=\"async\" class=\"alignnone size-full wp-image-7737\" src=\"https:\/\/moverdb.com\/wp-content\/uploads\/Phoenix-Relocation-international-moving-company.png\" alt=\"Phoenix Relocation nemzetk\u00f6zi k\u00f6lt\u00f6ztet\u0151 c\u00e9g\" width=\"1440\" height=\"685\" data-wp-pid=\"7737\" srcset=\"https:\/\/moverdb.com\/wp-content\/uploads\/Phoenix-Relocation-international-moving-company.png 1440w, https:\/\/moverdb.com\/wp-content\/uploads\/Phoenix-Relocation-international-moving-company-300x143.png 300w, https:\/\/moverdb.com\/wp-content\/uploads\/Phoenix-Relocation-international-moving-company-1024x487.png 1024w, https:\/\/moverdb.com\/wp-content\/uploads\/Phoenix-Relocation-international-moving-company-18x9.png 18w, https:\/\/moverdb.com\/wp-content\/uploads\/Phoenix-Relocation-international-moving-company-600x285.png 600w\" sizes=\"auto, (max-width: 1440px) 100vw, 1440px\" \/><\/p>\n<ul>\n<li>Nemzeti k\u00f6lt\u00f6ztet\u00e9sek<\/li>\n<li>Nemzetk\u00f6zi k\u00f6lt\u00f6ztet\u00e9sek<\/li>\n<li>H\u00e1ztart\u00e1si k\u00f6lt\u00f6z\u00e9sek<\/li>\n<li>A v\u00e1llalat k\u00f6lt\u00f6zik<\/li>\n<li>Mozg\u00e1skoordin\u00e1tor<\/li>\n<li>Csomagol\u00e1si szolg\u00e1ltat\u00e1s<\/li>\n<li>Sz\u00e1ll\u00edt\u00e1s v\u00e1malakis\u00e1gokkal<\/li>\n<li>H\u00e1zi\u00e1llat \u00e1thelyez\u00e9s<\/li>\n<li>Biztos\u00edt\u00e1s<\/li>\n<li>Rakt\u00e1roz\u00e1si lehet\u0151s\u00e9gek<\/li>\n<\/ul>\n<p><a href=\"https:\/\/moverdb.com\/hu\/moving-to-phoenix\/\" data-internallinksmanager029f6b8e52c=\"62\" title=\"Phoenixbe k\u00f6lt\u00f6zik? 2022 Lakhat\u00e1si k\u00f6lts\u00e9gek \u00e9s k\u00f6lt\u00f6z\u00e9si tippek\">Phoenix<\/a> A Relocation Group egy nemzeti \u00e9s nemzetk\u00f6zi k\u00f6lt\u00f6ztet\u0151 c\u00e9g, amelynek sz\u00e9khelye Mil\u00e1n\u00f3ban, R\u00f3m\u00e1ban \u00e9s N\u00e1polyban tal\u00e1lhat\u00f3. Nemzetk\u00f6zi \u00fcgyn\u00f6k\u00f6k h\u00e1l\u00f3zat\u00e1val dolgoznak egy\u00fctt, hogy a vil\u00e1g minden t\u00e1j\u00e1ra sz\u00e1ll\u00edthassanak k\u00f6lt\u00f6z\u00e9seket. Az IAM tagjak\u00e9nt h\u00e9t\u00e9ves szolg\u00e1lati id\u0151vel rendelkeznek.<\/p>\n<p>A Phoenix Relocation Group egy k\u00f6lt\u00f6z\u00e9si koordin\u00e1tort biztos\u00edt, aki seg\u00edt \u00d6nnek a k\u00f6lt\u00f6z\u00e9sben, \u00e9s biztos\u00edtja, hogy a k\u00f6lt\u00f6z\u00e9ssel kapcsolatos \u00f6sszes formalit\u00e1st teljes\u00edtse, p\u00e9ld\u00e1ul a dokument\u00e1ci\u00f3 megszervez\u00e9s\u00e9t, bele\u00e9rtve a v\u00e1malakis\u00e1gokat \u00e9s a sz\u00e1ll\u00edt\u00e1s megszervez\u00e9s\u00e9t. \u0150k csomagolj\u00e1k be a holmij\u00e1t \u00e9s szedik sz\u00e9t a b\u00fatorokat, valamint \u00f6ssze\u00e1ll\u00edtanak egy csomagol\u00e1si list\u00e1t. \u00c9rkez\u00e9skor kicsomagolj\u00e1k \u00e9s \u00f6sszeszerelik a b\u00fatorokat.<\/p>\n<p>Weboldal: <a href=\"https:\/\/www.phoenixrelocationgroup.com\" target=\"_blank\" rel=\"noopener\">https:\/\/www.phoenixrelocationgroup.com<\/a><\/p>\n<h2><span class=\"ez-toc-section\" id=\"14_Salaris_Global_Mobility\"><\/span><strong>14. Salaris Global Mobility<\/strong><span class=\"ez-toc-section-end\"><\/span><\/h2>\n<p><img loading=\"lazy\" decoding=\"async\" class=\"alignnone size-full wp-image-7746\" src=\"https:\/\/moverdb.com\/wp-content\/uploads\/Salaris-Global-Mobility-international-moving-company.png\" alt=\"Salaris Global Mobility nemzetk\u00f6zi k\u00f6lt\u00f6ztet\u0151 c\u00e9g\" width=\"1440\" height=\"712\" data-wp-pid=\"7746\" srcset=\"https:\/\/moverdb.com\/wp-content\/uploads\/Salaris-Global-Mobility-international-moving-company.png 1440w, https:\/\/moverdb.com\/wp-content\/uploads\/Salaris-Global-Mobility-international-moving-company-300x148.png 300w, https:\/\/moverdb.com\/wp-content\/uploads\/Salaris-Global-Mobility-international-moving-company-1024x506.png 1024w, https:\/\/moverdb.com\/wp-content\/uploads\/Salaris-Global-Mobility-international-moving-company-18x9.png 18w, https:\/\/moverdb.com\/wp-content\/uploads\/Salaris-Global-Mobility-international-moving-company-600x297.png 600w\" sizes=\"auto, (max-width: 1440px) 100vw, 1440px\" \/><\/p>\n<ul>\n<li>Nemzeti k\u00f6lt\u00f6ztet\u00e9sek<\/li>\n<li>Nemzetk\u00f6zi k\u00f6lt\u00f6ztet\u00e9sek<\/li>\n<li>H\u00e1ztart\u00e1si k\u00f6lt\u00f6z\u00e9sek<\/li>\n<li>\u00dczleti l\u00e9p\u00e9sek<\/li>\n<li>Csomagol\u00e1si szolg\u00e1ltat\u00e1s<\/li>\n<li>A sz\u00e1ll\u00edt\u00e1s megszervez\u00e9se<\/li>\n<li>V\u00e1mkezel\u00e9s t\u00e1mogat\u00e1sa<\/li>\n<li>H\u00e1zi\u00e1llat \u00e1thelyez\u00e9s<\/li>\n<li>Biztos\u00edt\u00e1s<\/li>\n<li>Biztons\u00e1gos t\u00e1rol\u00e1s<\/li>\n<\/ul>\n<p>A Salaris Global Mobility egy k\u00f6lt\u00f6ztet\u00e9ssel, logisztik\u00e1val \u00e9s sz\u00e1ll\u00edt\u00e1ssal foglalkoz\u00f3 v\u00e1llalat, amelynek telephelyei R\u00f3m\u00e1ban, Mil\u00e1n\u00f3ban, Avezzan\u00f3ban \u00e9s Londonban vannak. Az IAM tagja, ami hozz\u00e1f\u00e9r\u00e9st biztos\u00edt sz\u00e1mukra a nemzetk\u00f6zi k\u00f6lt\u00f6ztet\u0151k nemzetk\u00f6zi h\u00e1l\u00f3zat\u00e1hoz, hogy t\u00e1mogass\u00e1k \u0151ket a nemzetk\u00f6zi k\u00f6lt\u00f6z\u00e9sekben.<\/p>\n<p>A Salaris Global Mobility csin\u00e1ld magad megold\u00e1sokat vagy teljes k\u00f6r\u0171 k\u00f6lt\u00f6ztet\u00e9si szolg\u00e1ltat\u00e1sokat k\u00edn\u00e1l. Csomagol\u00e1si szolg\u00e1ltat\u00e1st ny\u00fajtanak, bele\u00e9rtve a holmik v\u00e9delm\u00e9t a sz\u00e1ll\u00edt\u00e1s sor\u00e1n \u00e9s a b\u00fatorok sz\u00e9tszerel\u00e9s\u00e9t. Szak\u00e9rt\u0151 k\u00f6lt\u00f6ztet\u0151csapatokkal \u00e9s speci\u00e1lis j\u00e1rm\u0171vekkel rendelkeznek, hogy biztons\u00e1gosan sz\u00e1ll\u00edts\u00e1k a holmij\u00e1t, bele\u00e9rtve a k\u00fcls\u0151 emel\u0151ket \u00e9s a pneumatikus felf\u00fcggeszt\u00e9s\u0171 j\u00e1rm\u0171veket. Megszervezik a nemzetk\u00f6zi sz\u00e1ll\u00edt\u00e1st \u00e9s a v\u00e1mkezel\u00e9st. K\u00f6lt\u00f6ztet\u00e9si szolg\u00e1ltat\u00e1saik k\u00f6z\u00e9 tartozik az iskol\u00e1k felkutat\u00e1sa, a h\u00e1zi\u00e1llatok \u00e1thelyez\u00e9se \u00e9s a k\u00f6z\u00fczemi seg\u00edts\u00e9gny\u00fajt\u00e1s.<\/p>\n<p>Weboldal: <a href=\"http:\/\/www.salaristraslochi.it\" target=\"_blank\" rel=\"noopener\">http:\/\/www.salaristraslochi.it<\/a><\/p>\n<h2><span class=\"ez-toc-section\" id=\"15_Salatino\"><\/span><strong>15. Salatino<\/strong><span class=\"ez-toc-section-end\"><\/span><\/h2>\n<p><img loading=\"lazy\" decoding=\"async\" class=\"alignnone size-full wp-image-7747\" src=\"https:\/\/moverdb.com\/wp-content\/uploads\/Salatino-international-moving-company.png\" alt=\"Salatino nemzetk\u00f6zi k\u00f6lt\u00f6ztet\u0151 c\u00e9g\" width=\"1440\" height=\"710\" data-wp-pid=\"7747\" srcset=\"https:\/\/moverdb.com\/wp-content\/uploads\/Salatino-international-moving-company.png 1440w, https:\/\/moverdb.com\/wp-content\/uploads\/Salatino-international-moving-company-300x148.png 300w, https:\/\/moverdb.com\/wp-content\/uploads\/Salatino-international-moving-company-1024x505.png 1024w, https:\/\/moverdb.com\/wp-content\/uploads\/Salatino-international-moving-company-18x9.png 18w, https:\/\/moverdb.com\/wp-content\/uploads\/Salatino-international-moving-company-600x296.png 600w\" sizes=\"auto, (max-width: 1440px) 100vw, 1440px\" \/><\/p>\n<ul>\n<li>Nemzeti k\u00f6lt\u00f6ztet\u00e9sek<\/li>\n<li>Nemzetk\u00f6zi k\u00f6lt\u00f6ztet\u00e9sek<\/li>\n<li>Lakoss\u00e1gi k\u00f6lt\u00f6ztet\u00e9s<\/li>\n<li>Irodai k\u00f6lt\u00f6ztet\u00e9s<\/li>\n<li>H\u00e1zt\u00f3l-h\u00e1zig szolg\u00e1ltat\u00e1s<\/li>\n<li>Csomagol\u00e1si szolg\u00e1ltat\u00e1s<\/li>\n<li>Sz\u00e1razf\u00f6ldi, tengeri \u00e9s l\u00e9gi \u00e1rusz\u00e1ll\u00edt\u00e1s<\/li>\n<li>V\u00e1malakis\u00e1gok<\/li>\n<li>H\u00e1zi\u00e1llat \u00e1thelyez\u00e9s<\/li>\n<li>T\u00e1rol\u00e1si megold\u00e1sok v\u00e1laszt\u00e9ka<\/li>\n<\/ul>\n<p>A Salatino egy 1983-ban alap\u00edtott k\u00f6lt\u00f6ztet\u0151 \u00e9s sz\u00e1ll\u00edt\u00f3 c\u00e9g, amely r\u00f3mai \u00e9s mil\u00e1n\u00f3i irod\u00e1kkal, valamint <a href=\"https:\/\/moverdb.com\/hu\/moving-to-belgium\/\" data-internallinksmanager029f6b8e52c=\"323\" title=\"Belgiumba k\u00f6lt\u00f6zik? 2023 Meg\u00e9lhet\u00e9si k\u00f6lts\u00e9gek \u00e9s k\u00f6lt\u00f6z\u00e9si tippek\">Belgium<\/a>, <a href=\"https:\/\/moverdb.com\/hu\/moving-to-france\/\" data-internallinksmanager029f6b8e52c=\"315\" title=\"Franciaorsz\u00e1gba k\u00f6lt\u00f6zik? 2023 Meg\u00e9lhet\u00e9si k\u00f6lts\u00e9gek \u00e9s k\u00f6lt\u00f6z\u00e9si tippek\">Franciaorsz\u00e1g<\/a> \u00e9s a <a href=\"https:\/\/moverdb.com\/hu\/moving-to-the-uk\/\" data-internallinksmanager029f6b8e52c=\"93\" title=\"Az Egyes\u00fclt Kir\u00e1lys\u00e1gba k\u00f6lt\u00f6zik? 2022 Meg\u00e9lhet\u00e9si k\u00f6lts\u00e9gek \u00e9s k\u00f6lt\u00f6z\u00e9si tippek\">UK<\/a>. Nemzetk\u00f6zi k\u00f6lt\u00f6ztet\u0151i h\u00e1l\u00f3zattal dolgoznak egy\u00fctt, hogy szolg\u00e1ltat\u00e1saikat k\u00fclf\u00f6ld\u00f6n is ny\u00fajthass\u00e1k. Tagjai az IAM-nek 25 \u00e9ves szolg\u00e1lati id\u0151vel.<\/p>\n<p>A Salatino h\u00e1zt\u00f3l-h\u00e1zig szolg\u00e1ltat\u00e1st ny\u00fajt nemzeti \u00e9s nemzetk\u00f6zi k\u00f6lt\u00f6ztet\u00e9sekhez. Cs\u00facsmin\u0151s\u00e9g\u0171 csomagol\u00f3anyagok felhaszn\u00e1l\u00e1s\u00e1val csomagol\u00e1si szolg\u00e1ltat\u00e1st ny\u00fajtanak, lelt\u00e1rt k\u00e9sz\u00edtenek, valamint sz\u00e9tszerelik \u00e9s \u00f6sszeszerelik a b\u00fatorokat. Sz\u00e1ll\u00edt\u00e1si lehet\u0151s\u00e9geket k\u00edn\u00e1lnak, amelyek magukban foglalj\u00e1k a sz\u00e1razf\u00f6ldi, tengeri \u00e9s l\u00e9gi sz\u00e1ll\u00edt\u00e1st a v\u00e1malakis\u00e1gokkal egy\u00fctt. K\u00f6lt\u00f6ztet\u00e9si szolg\u00e1ltat\u00e1saik k\u00f6z\u00e9 tartozik az otthon- \u00e9s iskolakeres\u00e9s, t\u00e1j\u00e9koz\u00f3d\u00e1si szolg\u00e1ltat\u00e1sok, t\u00e1voz\u00e1si szolg\u00e1ltat\u00e1sok \u00e9s a h\u00e1zi\u00e1llatok \u00e1thelyez\u00e9se.<\/p>\n<p>Weboldal: <a href=\"http:\/\/www.tissrl.com\" target=\"_blank\" rel=\"noopener\">http:\/\/www.tissrl.com<\/a><\/p>\n<h2><span class=\"ez-toc-section\" id=\"16_Vinelli_Scotto\"><\/span><strong>16. Vinelli &amp; Scotto<\/strong><span class=\"ez-toc-section-end\"><\/span><\/h2>\n<p><img loading=\"lazy\" decoding=\"async\" class=\"alignnone size-full wp-image-7760\" src=\"https:\/\/moverdb.com\/wp-content\/uploads\/Vinelli-Scotto-international-moving-company.png\" alt=\"Vinelli &amp; Scotto nemzetk\u00f6zi k\u00f6lt\u00f6ztet\u0151 c\u00e9g\" width=\"1440\" height=\"681\" data-wp-pid=\"7760\" srcset=\"https:\/\/moverdb.com\/wp-content\/uploads\/Vinelli-Scotto-international-moving-company.png 1440w, https:\/\/moverdb.com\/wp-content\/uploads\/Vinelli-Scotto-international-moving-company-300x142.png 300w, https:\/\/moverdb.com\/wp-content\/uploads\/Vinelli-Scotto-international-moving-company-1024x484.png 1024w, https:\/\/moverdb.com\/wp-content\/uploads\/Vinelli-Scotto-international-moving-company-18x9.png 18w, https:\/\/moverdb.com\/wp-content\/uploads\/Vinelli-Scotto-international-moving-company-600x284.png 600w\" sizes=\"auto, (max-width: 1440px) 100vw, 1440px\" \/><\/p>\n<ul>\n<li>Nemzeti k\u00f6lt\u00f6ztet\u00e9sek<\/li>\n<li>Nemzetk\u00f6zi k\u00f6lt\u00f6ztet\u00e9sek<\/li>\n<li>H\u00e1ztart\u00e1si k\u00f6lt\u00f6z\u00e9sek<\/li>\n<li>Ipari k\u00f6lt\u00f6ztet\u00e9sek<\/li>\n<li>Szem\u00e9lyre szabott szolg\u00e1ltat\u00e1s<\/li>\n<li>Csomagol\u00e1si szolg\u00e1ltat\u00e1s<\/li>\n<li>Min\u0151s\u00e9gi csomagol\u00f3anyagok<\/li>\n<li>A sz\u00e1ll\u00edt\u00e1s megszervez\u00e9se<\/li>\n<li>FIDI \u00e1ltal akkredit\u00e1lt<\/li>\n<li>R\u00f6vid \u00e9s hossz\u00fa t\u00e1v\u00fa t\u00e1rol\u00f3 l\u00e9tes\u00edtm\u00e9nyek<\/li>\n<\/ul>\n<p>A Vinelli &amp; Scotto egy 1890-ben alap\u00edtott fuvaroz\u00e1si \u00e9s sz\u00e1ll\u00edtm\u00e1nyoz\u00e1si v\u00e1llalat, torin\u00f3i \u00e9s mil\u00e1n\u00f3i irod\u00e1kkal. Az IAM tagja 56 \u00e9ves szolg\u00e1lati id\u0151vel, \u00e9s a FIDI \u00e1ltal akkredit\u00e1lt. Ezek a sz\u00f6vets\u00e9gek lehet\u0151v\u00e9 teszik sz\u00e1mukra, hogy hozz\u00e1f\u00e9rjenek a k\u00f6lt\u00f6ztet\u0151 \u00fcgyn\u00f6k\u00f6k nemzetk\u00f6zi h\u00e1l\u00f3zat\u00e1hoz, amely vil\u00e1gszerte t\u00e1mogatja er\u0151fesz\u00edt\u00e9seiket.<\/p>\n<p>A Vinelli &amp; Scotto szem\u00e9lyre szabott k\u00f6lt\u00f6ztet\u00e9si szolg\u00e1ltat\u00e1st ny\u00fajt orsz\u00e1gos \u00e9s nemzetk\u00f6zi k\u00f6lt\u00f6ztet\u00e9sekhez. T\u00f6k\u00e9letes\u00edtik a csomagol\u00e1si technik\u00e1kat, \u00e9s kiv\u00e1l\u00f3 min\u0151s\u00e9g\u0171 csomagol\u00f3anyagokat haszn\u00e1lnak, hogy megv\u00e9dj\u00e9k a holmij\u00e1t a sz\u00e1ll\u00edt\u00e1s sor\u00e1n. Megkeresik az \u00d6n sz\u00e1m\u00e1ra a k\u00f6lt\u00f6z\u00e9s legmegfelel\u0151bb megold\u00e1s\u00e1t, \u00e9s megszervezik a sz\u00e1ll\u00edt\u00e1st a c\u00e9l\u00e1llom\u00e1sra.<\/p>\n<p>Weboldal: <a href=\"http:\/\/www.vinelliescotto.com\" target=\"_blank\" rel=\"noopener\">http:\/\/www.vinelliescotto.com<\/a><\/p>\n<h2><span class=\"ez-toc-section\" id=\"17_Lorenzo_Quartarone\"><\/span><strong>17. Lorenzo Quartarone<\/strong><span class=\"ez-toc-section-end\"><\/span><\/h2>\n<p><img loading=\"lazy\" decoding=\"async\" class=\"alignnone size-full wp-image-7720\" src=\"https:\/\/moverdb.com\/wp-content\/uploads\/Lorenzo-Quartarone-international-moving-company.png\" alt=\"Lorenzo Quartarone nemzetk\u00f6zi k\u00f6lt\u00f6ztet\u0151 c\u00e9g\" width=\"1440\" height=\"684\" data-wp-pid=\"7720\" srcset=\"https:\/\/moverdb.com\/wp-content\/uploads\/Lorenzo-Quartarone-international-moving-company.png 1440w, https:\/\/moverdb.com\/wp-content\/uploads\/Lorenzo-Quartarone-international-moving-company-300x143.png 300w, https:\/\/moverdb.com\/wp-content\/uploads\/Lorenzo-Quartarone-international-moving-company-1024x486.png 1024w, https:\/\/moverdb.com\/wp-content\/uploads\/Lorenzo-Quartarone-international-moving-company-18x9.png 18w, https:\/\/moverdb.com\/wp-content\/uploads\/Lorenzo-Quartarone-international-moving-company-600x285.png 600w\" sizes=\"auto, (max-width: 1440px) 100vw, 1440px\" \/><\/p>\n<ul>\n<li>Nemzeti k\u00f6lt\u00f6ztet\u00e9sek<\/li>\n<li>Nemzetk\u00f6zi k\u00f6lt\u00f6ztet\u00e9sek<\/li>\n<li>H\u00e1ztart\u00e1si k\u00f6lt\u00f6z\u00e9sek \u00e9s \u00e1ttelep\u00fcl\u00e9sek<\/li>\n<li>Irodai \u00e9s ipari k\u00f6lt\u00f6ztet\u00e9s<\/li>\n<li>Csomagol\u00e1si szolg\u00e1ltat\u00e1sok<\/li>\n<li>Sz\u00e1razf\u00f6ldi, l\u00e9gi \u00e9s tengeri sz\u00e1ll\u00edt\u00e1s<\/li>\n<li>V\u00e1melj\u00e1r\u00e1sok<\/li>\n<li>M\u0171v\u00e9szeti alkot\u00e1sok kezel\u00e9se<\/li>\n<li>Dedik\u00e1lt biztos\u00edt\u00e1s<\/li>\n<li>Rakt\u00e1roz\u00e1si lehet\u0151s\u00e9gek<\/li>\n<\/ul>\n<p>A Lorenzo Quartarone egy orsz\u00e1gos \u00e9s nemzetk\u00f6zi k\u00f6lt\u00f6ztet\u0151 c\u00e9g, amely 1965 \u00f3ta m\u0171k\u00f6dik Catani\u00e1ban. H\u00e1ztart\u00e1si k\u00f6lt\u00f6z\u00e9sekkel \u00e9s \u00e1ttelep\u00fcl\u00e9sekkel, valamint v\u00e1llalati \u00e9s ipari k\u00f6lt\u00f6ztet\u00e9sekkel foglalkoznak. Az IAM tagjak\u00e9nt 26 \u00e9ves szolg\u00e1lati id\u0151vel rendelkeznek.<\/p>\n<p>A Lorenzo Quartarone k\u00f6lt\u00f6z\u00e9si szolg\u00e1ltat\u00e1sai k\u00f6z\u00e9 tartozik a k\u00f6z\u00fczemi szolg\u00e1ltat\u00e1sok kezel\u00e9se, iskolakeres\u00e9s, dokument\u00e1ci\u00f3 kit\u00f6lt\u00e9se, t\u00e1j\u00e9koz\u00f3d\u00e1s \u00e9s nyelv\u00f3r\u00e1k. Sz\u00e1razf\u00f6ldi, l\u00e9gi \u00e9s tengeri k\u00f6lt\u00f6ztet\u00e9st biztos\u00edtanak, \u00e9s orsz\u00e1gv\u00e1lt\u00e1s eset\u00e9n seg\u00edtenek a v\u00e1melj\u00e1r\u00e1sokban. Csomagol\u00e1si szolg\u00e1ltat\u00e1st ny\u00fajtanak, amely mag\u00e1ban foglalja a b\u00fatorok v\u00e9d\u0151csomagol\u00e1s\u00e1t, a b\u00fatorok sz\u00e9tszerel\u00e9s\u00e9t \u00e9s \u00f6sszeszerel\u00e9s\u00e9t, valamint a k\u00fcl\u00f6nb\u00f6z\u0151 t\u00e1rgyakhoz alkalmas speci\u00e1lis dobozok v\u00e1laszt\u00e9k\u00e1t.<\/p>\n<p>Weboldal: <a href=\"http:\/\/www.traslochiquartarone.it\" target=\"_blank\" rel=\"noopener\">http:\/\/www.traslochiquartarone.it<\/a><\/p>\n<h2><span class=\"ez-toc-section\" id=\"18_Coopservice\"><\/span><strong>18. Coopservice<\/strong><span class=\"ez-toc-section-end\"><\/span><\/h2>\n<p><img loading=\"lazy\" decoding=\"async\" class=\"alignnone size-full wp-image-7685\" src=\"https:\/\/moverdb.com\/wp-content\/uploads\/Coopservice-international-moving-company.png\" alt=\"Coopservice nemzetk\u00f6zi k\u00f6lt\u00f6ztet\u0151 c\u00e9g\" width=\"1440\" height=\"673\" data-wp-pid=\"7685\" srcset=\"https:\/\/moverdb.com\/wp-content\/uploads\/Coopservice-international-moving-company.png 1440w, https:\/\/moverdb.com\/wp-content\/uploads\/Coopservice-international-moving-company-300x140.png 300w, https:\/\/moverdb.com\/wp-content\/uploads\/Coopservice-international-moving-company-1024x479.png 1024w, https:\/\/moverdb.com\/wp-content\/uploads\/Coopservice-international-moving-company-18x8.png 18w, https:\/\/moverdb.com\/wp-content\/uploads\/Coopservice-international-moving-company-600x280.png 600w\" sizes=\"auto, (max-width: 1440px) 100vw, 1440px\" \/><\/p>\n<ul>\n<li>Nemzeti l\u00e9p\u00e9sek<\/li>\n<li>Nemzetk\u00f6zi k\u00f6lt\u00f6z\u00e9sek<\/li>\n<li>Lakoss\u00e1gi k\u00f6lt\u00f6z\u00e9sek<\/li>\n<li>A v\u00e1llalat k\u00f6lt\u00f6zik<\/li>\n<li>A k\u00f6lt\u00f6z\u00e9si lehet\u0151s\u00e9gek v\u00e1laszt\u00e9ka<\/li>\n<li>Dedik\u00e1lt k\u00f6lt\u00f6z\u00e9si menedzser<\/li>\n<li>Csomagol\u00e1si szolg\u00e1ltat\u00e1s<\/li>\n<li>A sz\u00e1ll\u00edt\u00e1s megszervez\u00e9se<\/li>\n<li>K\u00e9pz\u0151m\u0171v\u00e9szeti kezel\u00e9s<\/li>\n<li>Rakt\u00e1roz\u00e1si lehet\u0151s\u00e9gek<\/li>\n<\/ul>\n<p>A Coopservice egy integr\u00e1lt szolg\u00e1ltat\u00f3, amely speci\u00e1lis logisztikai szolg\u00e1ltat\u00e1sokat is ny\u00fajt, bele\u00e9rtve a Cavriag\u00f3ban tal\u00e1lhat\u00f3 k\u00f6lt\u00f6ztet\u00e9si szolg\u00e1ltat\u00e1sokat is. Nemzetk\u00f6zi k\u00f6lt\u00f6ztet\u0151i h\u00e1l\u00f3zattal rendelkeznek, hogy seg\u00edtsenek a vil\u00e1gm\u00e9ret\u0171 k\u00f6lt\u00f6z\u00e9sekben. Az IAM tagjak\u00e9nt 48 \u00e9ves szolg\u00e1lati id\u0151vel rendelkeznek.<\/p>\n<p>A Coopservice szem\u00e9lyre szabott, az \u00d6n ig\u00e9nyeire szabott szolg\u00e1ltat\u00e1st k\u00edn\u00e1l, amely egy ingyenes helysz\u00edni l\u00e1togat\u00e1ssal kezd\u0151dik, hogy felm\u00e9rj\u00fck az \u00d6n ig\u00e9nyeit \u00e9s pontos \u00e1raj\u00e1nlatot k\u00e9sz\u00edts\u00fcnk. T\u00f6bbf\u00e9le k\u00f6lt\u00f6z\u00e9si lehet\u0151s\u00e9get k\u00edn\u00e1lnak - Light, ahol \u00d6n maga v\u00e9gzi a csomagol\u00e1st, Pro, amely egy teljes k\u00f6r\u0171 szolg\u00e1ltat\u00e1st jelent, \u00e9s Deluxe, amely az \u00e9p\u00edt\u00e9szeket, tervez\u0151ket \u00e9s k\u00e9zm\u0171veseket is mag\u00e1ban foglal\u00f3 all-inclusive szolg\u00e1ltat\u00e1st.<\/p>\n<p>Weboldal: <a href=\"http:\/\/www.traslochicoopservice.it\" target=\"_blank\" rel=\"noopener\">http:\/\/www.traslochicoopservice.it<\/a><\/p>\n<h2><span class=\"ez-toc-section\" id=\"19_Bolliger_International_Movers\"><\/span><strong>19. Bolliger International Movers<\/strong><span class=\"ez-toc-section-end\"><\/span><\/h2>\n<p><img loading=\"lazy\" decoding=\"async\" class=\"alignnone size-full wp-image-7676\" src=\"https:\/\/moverdb.com\/wp-content\/uploads\/Bollinger-International-moving-company.png\" alt=\"Bolliger International k\u00f6lt\u00f6ztet\u0151 c\u00e9g\" width=\"1440\" height=\"645\" data-wp-pid=\"7676\" srcset=\"https:\/\/moverdb.com\/wp-content\/uploads\/Bollinger-International-moving-company.png 1440w, https:\/\/moverdb.com\/wp-content\/uploads\/Bollinger-International-moving-company-300x134.png 300w, https:\/\/moverdb.com\/wp-content\/uploads\/Bollinger-International-moving-company-1024x459.png 1024w, https:\/\/moverdb.com\/wp-content\/uploads\/Bollinger-International-moving-company-18x8.png 18w, https:\/\/moverdb.com\/wp-content\/uploads\/Bollinger-International-moving-company-600x269.png 600w\" sizes=\"auto, (max-width: 1440px) 100vw, 1440px\" \/><\/p>\n<ul>\n<li>Nemzeti l\u00e9p\u00e9sek<\/li>\n<li>Nemzetk\u00f6zi k\u00f6lt\u00f6z\u00e9sek<\/li>\n<li>H\u00e1ztart\u00e1si \u00e9s munkav\u00e1llal\u00f3i k\u00f6lt\u00f6z\u00e9sek<\/li>\n<li>Irodai k\u00f6lt\u00f6z\u00e9sek<\/li>\n<li>K\u00f6lt\u00f6ztet\u00e9si szolg\u00e1ltat\u00e1sok<\/li>\n<li>Speci\u00e1lis csomagol\u00e1s<\/li>\n<li>K\u00f6z\u00fati, l\u00e9gi \u00e9s tengeri sz\u00e1ll\u00edt\u00e1s<\/li>\n<li>K\u00e9pz\u0151m\u0171v\u00e9szeti kezel\u00e9s<\/li>\n<li>H\u00e1zi\u00e1llat \u00e1thelyez\u00e9s<\/li>\n<li>Rakt\u00e1roz\u00e1si lehet\u0151s\u00e9gek<\/li>\n<\/ul>\n<p>A Bolliger International Movers egy 1909-ben alap\u00edtott nemzetk\u00f6zi k\u00f6lt\u00f6ztet\u0151 c\u00e9g, amelynek sz\u00e9khelye a mil\u00e1n\u00f3i Per\u00f3ban tal\u00e1lhat\u00f3. T\u00f6bb mint 150 orsz\u00e1got fednek le a vil\u00e1g minden t\u00e1j\u00e1n m\u0171k\u00f6d\u0151 \u00fcgyn\u00f6kh\u00e1l\u00f3zatukkal. Az IAM tagja, 34 \u00e9ves szolg\u00e1lati id\u0151vel, \u00e9s a FIDI \u00e1ltal akkredit\u00e1ltak.<\/p>\n<p>A Bolliger International Movers szem\u00e9lyre szabott h\u00e1zt\u00f3l-h\u00e1zig szolg\u00e1ltat\u00e1st ny\u00fajt, a r\u00e9szletekre \u00e9s a v\u00e1mszolg\u00e1ltat\u00e1sokra is odafigyelve. A legjobb csomagol\u00f3anyagokat biztos\u00edtj\u00e1k, amelyek minden t\u00edpus\u00fa t\u00e1rgyhoz \u00e9s sz\u00e1ll\u00edt\u00e1si m\u00f3dhoz alkalmazkodnak. K\u00f6z\u00fati, l\u00e9gi \u00e9s tengeri sz\u00e1ll\u00edt\u00e1st k\u00edn\u00e1lnak, m\u00e9retv\u00e1laszt\u00e9kkal. Olyan k\u00f6lt\u00f6z\u00e9si szolg\u00e1ltat\u00e1sokat ny\u00fajtanak, amelyek magukban foglalj\u00e1k az otthon- \u00e9s iskolakeres\u00e9st, a leteleped\u00e9si szolg\u00e1ltat\u00e1sokat, a leteleped\u00e9si t\u00e1mogat\u00e1st, a t\u00e1voz\u00e1si seg\u00edts\u00e9get \u00e9s a k\u00f6z\u00fczemi t\u00e1mogat\u00e1st.<\/p>\n<p>Weboldal: <a href=\"https:\/\/www.bolligermoving.com\/\" target=\"_blank\" rel=\"noopener\">https:\/\/www.bolligermoving.com\/<\/a><\/p>\n<h2><span class=\"ez-toc-section\" id=\"20_Italy_Relocation_Services\"><\/span><strong>20. Olaszorsz\u00e1g K\u00f6lt\u00f6ztet\u00e9s \u00e9s szolg\u00e1ltat\u00e1sok<\/strong><span class=\"ez-toc-section-end\"><\/span><\/h2>\n<p><img loading=\"lazy\" decoding=\"async\" class=\"alignnone size-full wp-image-7713\" src=\"https:\/\/moverdb.com\/wp-content\/uploads\/Italy-Relocation-Services-international-moving-company.png\" alt=\"Olaszorsz\u00e1g Relocation &amp; Services nemzetk\u00f6zi k\u00f6lt\u00f6ztet\u0151 c\u00e9g\" width=\"1440\" height=\"680\" data-wp-pid=\"7713\" srcset=\"https:\/\/moverdb.com\/wp-content\/uploads\/Italy-Relocation-Services-international-moving-company.png 1440w, https:\/\/moverdb.com\/wp-content\/uploads\/Italy-Relocation-Services-international-moving-company-300x142.png 300w, https:\/\/moverdb.com\/wp-content\/uploads\/Italy-Relocation-Services-international-moving-company-1024x484.png 1024w, https:\/\/moverdb.com\/wp-content\/uploads\/Italy-Relocation-Services-international-moving-company-18x9.png 18w, https:\/\/moverdb.com\/wp-content\/uploads\/Italy-Relocation-Services-international-moving-company-600x283.png 600w\" sizes=\"auto, (max-width: 1440px) 100vw, 1440px\" \/><\/p>\n<ul>\n<li>Nemzeti l\u00e9p\u00e9sek<\/li>\n<li>Nemzetk\u00f6zi k\u00f6lt\u00f6z\u00e9sek<\/li>\n<li>H\u00e1ztart\u00e1s \u00e1thelyez\u00e9se<\/li>\n<li>\u00dczleti \u00e1thelyez\u00e9sek<\/li>\n<li>Testre szabott megold\u00e1sok<\/li>\n<li>A sz\u00e1ll\u00edt\u00e1s megszervez\u00e9se<\/li>\n<li>Import \u00e9s export t\u00e1mogat\u00e1s<\/li>\n<li>Seg\u00edts\u00e9g az otthonkeres\u00e9shez<\/li>\n<li>Bev\u00e1ndorl\u00e1s<\/li>\n<li>Rakt\u00e1roz\u00e1si lehet\u0151s\u00e9gek<\/li>\n<\/ul>\n<p>Az Italy Relocation &amp; Services egy k\u00f6lt\u00f6ztet\u0151 \u00e9s k\u00f6lt\u00f6ztet\u0151 c\u00e9g, amely a mil\u00e1n\u00f3i sz\u00e9khely\u0171 American Services r\u00e9sze. A vil\u00e1g 85 orsz\u00e1g\u00e1ban ny\u00fajtanak szolg\u00e1ltat\u00e1st, \u00e9s t\u00f6bb \u00fcgyn\u00f6ks\u00e9ggel is egy\u00fcttm\u0171k\u00f6dnek, hogy a saj\u00e1t telephely\u00fck\u00f6n k\u00edv\u00fcl is ny\u00fajthassanak szolg\u00e1ltat\u00e1sokat. Emellett az IAM tagja is.<\/p>\n<p>Az Italy Relocation &amp; Services szem\u00e9lyre szabott megold\u00e1st k\u00edn\u00e1l mag\u00e1nszem\u00e9lyek \u00e9s v\u00e1llalkoz\u00e1sok sz\u00e1m\u00e1ra nemzeti \u00e9s nemzetk\u00f6zi k\u00f6lt\u00f6z\u00e9sek \u00e9s \u00e1ttelep\u00fcl\u00e9sek eset\u00e9n. Logisztikai seg\u00edts\u00e9get, import \u00e9s export t\u00e1mogat\u00e1st \u00e9s t\u00e1rol\u00e1si megold\u00e1sokat ny\u00fajtanak. K\u00f6lt\u00f6ztet\u00e9si szolg\u00e1ltat\u00e1saik seg\u00edtik az egy\u00e9nek \u00e9s a HR-oszt\u00e1lyok munk\u00e1j\u00e1t, \u00e9s sz\u00e1mos dologban seg\u00edts\u00e9get ny\u00fajtanak, bele\u00e9rtve az otthonkeres\u00e9st, a bev\u00e1ndorl\u00e1si folyamatokat \u00e9s a k\u00f6z\u00fczemi szolg\u00e1ltat\u00e1sok kezel\u00e9s\u00e9t.<\/p>\n<p>Weboldal: <a href=\"http:\/\/www.italyrelocation.com\" target=\"_blank\" rel=\"noopener\">http:\/\/www.italyrelocation.com<\/a><\/p>\n<h2><span class=\"ez-toc-section\" id=\"21_King_Logistics\"><\/span><strong>21. King Logistics<\/strong><span class=\"ez-toc-section-end\"><\/span><\/h2>\n<p><img loading=\"lazy\" decoding=\"async\" class=\"alignnone size-full wp-image-7716\" src=\"https:\/\/moverdb.com\/wp-content\/uploads\/King-Logistics-international-moving-company.png\" alt=\"King Logistics nemzetk\u00f6zi k\u00f6lt\u00f6ztet\u0151 c\u00e9g\" width=\"1440\" height=\"685\" data-wp-pid=\"7716\" srcset=\"https:\/\/moverdb.com\/wp-content\/uploads\/King-Logistics-international-moving-company.png 1440w, https:\/\/moverdb.com\/wp-content\/uploads\/King-Logistics-international-moving-company-300x143.png 300w, https:\/\/moverdb.com\/wp-content\/uploads\/King-Logistics-international-moving-company-1024x487.png 1024w, https:\/\/moverdb.com\/wp-content\/uploads\/King-Logistics-international-moving-company-18x9.png 18w, https:\/\/moverdb.com\/wp-content\/uploads\/King-Logistics-international-moving-company-600x285.png 600w\" sizes=\"auto, (max-width: 1440px) 100vw, 1440px\" \/><\/p>\n<ul>\n<li>Nemzeti l\u00e9p\u00e9sek<\/li>\n<li>Nemzetk\u00f6zi k\u00f6lt\u00f6z\u00e9sek<\/li>\n<li>H\u00e1ztart\u00e1si k\u00f6lt\u00f6z\u00e9sek<\/li>\n<li>A v\u00e1llalat k\u00f6lt\u00f6zik<\/li>\n<li>Move Manager<\/li>\n<li>Csomagol\u00e1si szolg\u00e1ltat\u00e1s<\/li>\n<li>L\u00e9gi vagy tengeri sz\u00e1ll\u00edt\u00e1s<\/li>\n<li>Kis\u00e1llat-transzfer<\/li>\n<li>Biztos\u00edt\u00e1s<\/li>\n<li>Rakt\u00e1roz\u00e1si lehet\u0151s\u00e9gek<\/li>\n<\/ul>\n<p>A King Logistics egy k\u00f6lt\u00f6ztet\u0151 \u00e9s sz\u00e1ll\u00edt\u00f3 c\u00e9g, amely orsz\u00e1gos \u00e9s nemzetk\u00f6zi k\u00f6lt\u00f6ztet\u00e9seket k\u00edn\u00e1l 10 \u00e9ves k\u00f6lt\u00f6ztet\u00e9si tapasztalattal, \u00e9s sz\u00e9khelye Mil\u00e1n\u00f3ban tal\u00e1lhat\u00f3. Az IAM tagja, \u00f6t\u00e9ves szolg\u00e1lati id\u0151vel, ami hozz\u00e1f\u00e9r\u00e9st biztos\u00edt sz\u00e1mukra egy nemzetk\u00f6zi k\u00f6lt\u00f6ztet\u0151 h\u00e1l\u00f3zathoz.<\/p>\n<p>A King Logistics h\u00e1zt\u00f3l-h\u00e1zig szolg\u00e1ltat\u00e1st k\u00edn\u00e1l, amelyet egy k\u00f6lt\u00f6z\u00e9si menedzser ir\u00e1ny\u00edt, aki megszervezi a szem\u00e9lyes vagy virtu\u00e1lis ellen\u0151rz\u00e9st. Csomagol\u00e1si szolg\u00e1ltat\u00e1saik a legjobb, k\u00f6rnyezetk\u00edm\u00e9l\u0151 csomagol\u00f3anyagokat haszn\u00e1lj\u00e1k, hogy megv\u00e9dj\u00e9k \u00e1ruit a sz\u00e1ll\u00edt\u00e1s sor\u00e1n. K\u00f6lt\u00f6ztet\u00e9si szolg\u00e1ltat\u00e1sokat k\u00edn\u00e1lnak, bele\u00e9rtve az indul\u00e1si \u00e9s \u00e9rkez\u00e9si szolg\u00e1ltat\u00e1sokat, h\u00e1z- \u00e9s iskolakeres\u00e9st, valamint a dokumentumok el\u0151k\u00e9sz\u00edt\u00e9s\u00e9t \u00e9s kezel\u00e9s\u00e9t.<\/p>\n<p>Weboldal: <a href=\"http:\/\/www.kinglogistics.it\" target=\"_blank\" rel=\"noopener\">http:\/\/www.kinglogistics.it<\/a><\/p>\n<h2><span class=\"ez-toc-section\" id=\"22_Relo_Services\"><\/span><strong>22. Relo szolg\u00e1ltat\u00e1sok<\/strong><span class=\"ez-toc-section-end\"><\/span><\/h2>\n<p><img loading=\"lazy\" decoding=\"async\" class=\"alignnone size-full wp-image-7741\" src=\"https:\/\/moverdb.com\/wp-content\/uploads\/Relo-Services-international-moving-company.png\" alt=\"Relo Services nemzetk\u00f6zi k\u00f6lt\u00f6ztet\u0151 c\u00e9g\" width=\"1440\" height=\"710\" data-wp-pid=\"7741\" srcset=\"https:\/\/moverdb.com\/wp-content\/uploads\/Relo-Services-international-moving-company.png 1440w, https:\/\/moverdb.com\/wp-content\/uploads\/Relo-Services-international-moving-company-300x148.png 300w, https:\/\/moverdb.com\/wp-content\/uploads\/Relo-Services-international-moving-company-1024x505.png 1024w, https:\/\/moverdb.com\/wp-content\/uploads\/Relo-Services-international-moving-company-18x9.png 18w, https:\/\/moverdb.com\/wp-content\/uploads\/Relo-Services-international-moving-company-600x296.png 600w\" sizes=\"auto, (max-width: 1440px) 100vw, 1440px\" \/><\/p>\n<ul>\n<li>Nemzeti k\u00f6lt\u00f6ztet\u00e9sek<\/li>\n<li>Nemzetk\u00f6zi k\u00f6lt\u00f6ztet\u00e9sek<\/li>\n<li>Lakoss\u00e1gi \u00e9s alkalmazotti k\u00f6lt\u00f6z\u00e9sek<\/li>\n<li>Irodai k\u00f6lt\u00f6z\u00e9sek<\/li>\n<li>Szem\u00e9lyre szabott k\u00f6lt\u00f6z\u00e9si megold\u00e1sok<\/li>\n<li>Egyetlen kapcsolattart\u00f3 pont<\/li>\n<li>K\u00e9pz\u0151m\u0171v\u00e9szeti kezel\u00e9s<\/li>\n<li>\u00c1llatsz\u00e1ll\u00edt\u00e1s<\/li>\n<li>V\u00edzum- \u00e9s bev\u00e1ndorl\u00e1si szolg\u00e1ltat\u00e1sok<\/li>\n<li>Rakt\u00e1roz\u00e1si lehet\u0151s\u00e9gek<\/li>\n<\/ul>\n<p>A Relo Services egy mil\u00e1n\u00f3i sz\u00e9khely\u0171 k\u00f6lt\u00f6ztet\u0151 \u00e9s k\u00f6lt\u00f6ztet\u0151 c\u00e9g. Kiterjedt glob\u00e1lis k\u00f6lt\u00f6ztet\u0151 c\u00e9gh\u00e1l\u00f3zatuk van, amely a vil\u00e1g minden t\u00e1j\u00e1n seg\u00edti \u0151ket a k\u00f6lt\u00f6ztet\u00e9si szolg\u00e1ltat\u00e1sokban. Az IAM tagjak\u00e9nt 13 \u00e9ves szolg\u00e1lati id\u0151vel rendelkeznek.<\/p>\n<p>A Relo Services szem\u00e9lyre szabott, h\u00e1zt\u00f3l h\u00e1zig tart\u00f3 k\u00f6lt\u00f6ztet\u00e9si szolg\u00e1ltat\u00e1sokat k\u00edn\u00e1l, amelyek a k\u00f6lt\u00f6z\u00e9s minden szempontj\u00e1t \u00e9s egy kapcsolattart\u00e1si pontot foglalnak magukban. Megszervezik az \u00d6n holmij\u00e1nak k\u00f6z\u00fati, tengeri vagy l\u00e9gi sz\u00e1ll\u00edt\u00e1s\u00e1t, \u00e9s sz\u00fcks\u00e9g eset\u00e9n seg\u00edtenek a v\u00e1malakis\u00e1gokban. Tov\u00e1bbi szolg\u00e1ltat\u00e1sokat k\u00edn\u00e1lnak, amelyek magukban foglalj\u00e1k a v\u00edzum- \u00e9s bev\u00e1ndorl\u00e1si \u00fcgyint\u00e9z\u00e9st, a k\u00e9pz\u0151m\u0171v\u00e9szeti t\u00e1rgyak kezel\u00e9s\u00e9t, a h\u00e1zi\u00e1llatok sz\u00e1ll\u00edt\u00e1s\u00e1t \u00e9s a t\u00e1rol\u00e1si lehet\u0151s\u00e9geket.<\/p>\n<p>Weboldal: <a href=\"http:\/\/www.relo.it\" target=\"_blank\" rel=\"noopener\">http:\/\/www.relo.it<\/a><\/p>\n<h2><span class=\"ez-toc-section\" id=\"23_DMA_Cargo\"><\/span><strong>23. DMA Cargo<\/strong><span class=\"ez-toc-section-end\"><\/span><\/h2>\n<p><img loading=\"lazy\" decoding=\"async\" class=\"alignnone size-full wp-image-7689\" src=\"https:\/\/moverdb.com\/wp-content\/uploads\/DMA-Cargo-international-moving-company.png\" alt=\"DMA Cargo nemzetk\u00f6zi k\u00f6lt\u00f6ztet\u0151 c\u00e9g\" width=\"1440\" height=\"680\" data-wp-pid=\"7689\" srcset=\"https:\/\/moverdb.com\/wp-content\/uploads\/DMA-Cargo-international-moving-company.png 1440w, https:\/\/moverdb.com\/wp-content\/uploads\/DMA-Cargo-international-moving-company-300x142.png 300w, https:\/\/moverdb.com\/wp-content\/uploads\/DMA-Cargo-international-moving-company-1024x484.png 1024w, https:\/\/moverdb.com\/wp-content\/uploads\/DMA-Cargo-international-moving-company-18x9.png 18w, https:\/\/moverdb.com\/wp-content\/uploads\/DMA-Cargo-international-moving-company-600x283.png 600w\" sizes=\"auto, (max-width: 1440px) 100vw, 1440px\" \/><\/p>\n<ul>\n<li>Nemzeti l\u00e9p\u00e9sek<\/li>\n<li>Nemzetk\u00f6zi k\u00f6lt\u00f6z\u00e9sek<\/li>\n<li>Lakoss\u00e1gi k\u00f6lt\u00f6z\u00e9sek<\/li>\n<li>Irodai k\u00f6lt\u00f6z\u00e9sek<\/li>\n<li>Csomagol\u00e1si szolg\u00e1ltat\u00e1sok<\/li>\n<li>Sz\u00e1razf\u00f6ldi, tengeri \u00e9s l\u00e9gi sz\u00e1ll\u00edt\u00e1s<\/li>\n<li>V\u00e1mszolg\u00e1ltat\u00e1sok<\/li>\n<li>\u00c1llatok sz\u00e1ll\u00edt\u00e1sa<\/li>\n<li>Biztos\u00edt\u00e1s<\/li>\n<li>Rakt\u00e1roz\u00e1si lehet\u0151s\u00e9gek<\/li>\n<\/ul>\n<p>A DMA Cargo egy nemzeti \u00e9s nemzetk\u00f6zi sz\u00e1ll\u00edtm\u00e1nyoz\u00e1si \u00e9s k\u00f6lt\u00f6ztet\u00e9si v\u00e1llalat, amelynek sz\u00e9khelye a Montecompatri-t\u00f3. Az IAM tagjak\u00e9nt nyolc\u00e9ves szolg\u00e1lati id\u0151vel rendelkeznek. K\u00f6lt\u00f6ztet\u0151 \u00fcgyn\u00f6k\u00f6k h\u00e1l\u00f3zata t\u00e1mogatja \u0151ket nemzetk\u00f6zi szinten.<\/p>\n<p>A DMA Cargo teljes k\u00f6r\u0171 k\u00f6lt\u00f6ztet\u00e9si szolg\u00e1ltat\u00e1st (kulcsrak\u00e9sz h\u00e1zr\u00f3l h\u00e1zra t\u00f6rt\u00e9n\u0151 k\u00f6lt\u00f6ztet\u00e9s) vagy r\u00e9szszolg\u00e1ltat\u00e1st k\u00edn\u00e1l, amely lehet\u0151v\u00e9 teszi, hogy a munka egy r\u00e9sz\u00e9t \u00d6n v\u00e9gezze el. Kiv\u00e1l\u00f3 min\u0151s\u00e9g\u0171 v\u00e9d\u0151csomagol\u00f3 term\u00e9keket biztos\u00edtanak, amelyek seg\u00edtik a t\u00e1rgyak v\u00e9delm\u00e9t a sz\u00e1ll\u00edt\u00e1s sor\u00e1n. Sz\u00e9tszerelik \u00e9s \u00f6sszeszerelik a b\u00fatorokat \u00e9s berendez\u00e9seket, \u00e9s ehhez szakk\u00e9pzett technikusokkal rendelkeznek. Sz\u00e1razf\u00f6ldi, l\u00e9gi \u00e9s tengeri sz\u00e1ll\u00edt\u00e1st k\u00edn\u00e1lnak, bele\u00e9rtve a k\u00fcl\u00f6nb\u00f6z\u0151 m\u00e9ret\u0171 laza rakom\u00e1nyok \u00e9s teljes kont\u00e9nerrakom\u00e1nyok rakod\u00e1s\u00e1t is.<\/p>\n<p>Weboldal: <a href=\"https:\/\/www.dmacargo.com\/\" target=\"_blank\" rel=\"noopener\">https:\/\/www.dmacargo.com\/<\/a><\/p>\n<h2><span class=\"ez-toc-section\" id=\"24_Alpha_International\"><\/span><strong>24. <\/strong><strong>Alpha International<\/strong><span class=\"ez-toc-section-end\"><\/span><\/h2>\n<p><img loading=\"lazy\" decoding=\"async\" class=\"alignnone size-full wp-image-7662\" src=\"https:\/\/moverdb.com\/wp-content\/uploads\/Alpha-International-moving-company.png\" alt=\"Alpha Nemzetk\u00f6zi k\u00f6lt\u00f6ztet\u0151 c\u00e9g\" width=\"1440\" height=\"682\" data-wp-pid=\"7662\" srcset=\"https:\/\/moverdb.com\/wp-content\/uploads\/Alpha-International-moving-company.png 1440w, https:\/\/moverdb.com\/wp-content\/uploads\/Alpha-International-moving-company-300x142.png 300w, https:\/\/moverdb.com\/wp-content\/uploads\/Alpha-International-moving-company-1024x485.png 1024w, https:\/\/moverdb.com\/wp-content\/uploads\/Alpha-International-moving-company-18x9.png 18w, https:\/\/moverdb.com\/wp-content\/uploads\/Alpha-International-moving-company-600x284.png 600w\" sizes=\"auto, (max-width: 1440px) 100vw, 1440px\" \/><\/p>\n<ul>\n<li>Nemzeti k\u00f6lt\u00f6ztet\u00e9sek<\/li>\n<li>Nemzetk\u00f6zi k\u00f6lt\u00f6ztet\u00e9sek<\/li>\n<li>H\u00e1ztart\u00e1s \u00e1thelyez\u00e9se<\/li>\n<li>Irodai \u00e9s kereskedelmi k\u00f6lt\u00f6ztet\u00e9s<\/li>\n<li>Szem\u00e9lyre szabott h\u00e1zt\u00f3l-h\u00e1zig szolg\u00e1ltat\u00e1s<\/li>\n<li>Csomagol\u00e1si szolg\u00e1ltat\u00e1s<\/li>\n<li>Sz\u00e1razf\u00f6ldi, tengeri \u00e9s l\u00e9gi sz\u00e1ll\u00edt\u00e1s<\/li>\n<li>V\u00e1mkezel\u00e9s<\/li>\n<li>V\u00edzumok \u00e9s enged\u00e9lyek<\/li>\n<li>Rakt\u00e1roz\u00e1si lehet\u0151s\u00e9gek<\/li>\n<\/ul>\n<p>Az Alpha International egy nemzeti \u00e9s nemzetk\u00f6zi k\u00f6lt\u00f6ztet\u0151 c\u00e9g, amely az 1970-es \u00e9vek \u00f3ta m\u0171k\u00f6dik, \u00e9s sz\u00e9khelye N\u00e1polyban tal\u00e1lhat\u00f3. Nemzetk\u00f6zi szolg\u00e1ltat\u00e1saikat az al\u00e1bbiakban felsorolt tags\u00e1guk r\u00e9v\u00e9n ny\u00fajtj\u00e1k <a href=\"https:\/\/moverdb.com\/hu\/harmony-relocation-network\/\" data-internallinksmanager029f6b8e52c=\"20\" title=\"A Harmony Relocation Network (HRN) magyar\u00e1zata\">Harmony Relocation Network<\/a> amely glob\u00e1lis infrastrukt\u00far\u00e1val rendelkezik. Az IAM tagja, 43 \u00e9ves szolg\u00e1lati id\u0151vel.<\/p>\n<p>Az Alpha International szem\u00e9lyre szabott, h\u00e1zt\u00f3l-h\u00e1zig tart\u00f3 k\u00f6lt\u00f6ztet\u00e9si \u00e9s k\u00f6lt\u00f6ztet\u00e9si szolg\u00e1ltat\u00e1st k\u00edn\u00e1l. Csomagol\u00e1si szolg\u00e1ltat\u00e1st ny\u00fajtanak, amely mag\u00e1ban foglalja az \u00f6sszes sz\u00fcks\u00e9ges csomagol\u00f3anyagot a t\u00e1rgyak v\u00e9delm\u00e9hez, \u00e9s sz\u00e9tszerelik a b\u00fatorokat. Megszervezik a sz\u00e1razf\u00f6ldi, l\u00e9gi vagy tengeri sz\u00e1ll\u00edt\u00e1st a megfelel\u0151 dokument\u00e1ci\u00f3val, bele\u00e9rtve a v\u00e1mkezel\u00e9st is. K\u00f6lt\u00f6ztet\u00e9si szolg\u00e1ltat\u00e1saik magukban foglalj\u00e1k a v\u00edzumokat, munkav\u00e1llal\u00e1si enged\u00e9lyeket, tart\u00f3zkod\u00e1si \u00e9s egy\u00e9b igazol\u00e1sokat vagy nyilv\u00e1ntart\u00e1sokat is.<\/p>\n<p>Weboldal: <a href=\"http:\/\/www.alpha-international.com\" target=\"_blank\" rel=\"noopener\">http:\/\/www.alpha-international.com<\/a><\/p>\n<h2><span class=\"ez-toc-section\" id=\"25_Ruocco_Removals\"><\/span><strong>25. Ruocco k\u00f6lt\u00f6ztet\u00e9s<\/strong><span class=\"ez-toc-section-end\"><\/span><\/h2>\n<p><img loading=\"lazy\" decoding=\"async\" class=\"alignnone size-full wp-image-7745\" src=\"https:\/\/moverdb.com\/wp-content\/uploads\/Ruocco-Removals-international-moving-company.png\" alt=\"Ruocco Removals nemzetk\u00f6zi k\u00f6lt\u00f6ztet\u0151 c\u00e9g\" width=\"1440\" height=\"712\" data-wp-pid=\"7745\" srcset=\"https:\/\/moverdb.com\/wp-content\/uploads\/Ruocco-Removals-international-moving-company.png 1440w, https:\/\/moverdb.com\/wp-content\/uploads\/Ruocco-Removals-international-moving-company-300x148.png 300w, https:\/\/moverdb.com\/wp-content\/uploads\/Ruocco-Removals-international-moving-company-1024x506.png 1024w, https:\/\/moverdb.com\/wp-content\/uploads\/Ruocco-Removals-international-moving-company-18x9.png 18w, https:\/\/moverdb.com\/wp-content\/uploads\/Ruocco-Removals-international-moving-company-600x297.png 600w\" sizes=\"auto, (max-width: 1440px) 100vw, 1440px\" \/><\/p>\n<ul>\n<li>Nemzeti k\u00f6lt\u00f6ztet\u00e9sek<\/li>\n<li>Nemzetk\u00f6zi k\u00f6lt\u00f6ztet\u00e9sek<\/li>\n<li>H\u00e1ztart\u00e1si k\u00f6lt\u00f6ztet\u00e9sek<\/li>\n<li>V\u00e1llalati k\u00f6lt\u00f6ztet\u00e9sek<\/li>\n<li>Csomagol\u00e1si szolg\u00e1ltat\u00e1sok<\/li>\n<li>K\u00f6zvetlen vagy gy\u0171jt\u0151csomagol\u00e1si lehet\u0151s\u00e9gek<\/li>\n<li>K\u00f6z\u00fati, tengeri \u00e9s l\u00e9gi sz\u00e1ll\u00edt\u00e1s<\/li>\n<li>V\u00e1mdokument\u00e1ci\u00f3<\/li>\n<li>Biztos\u00edt\u00e1s<\/li>\n<li>Rakt\u00e1roz\u00e1si lehet\u0151s\u00e9gek<\/li>\n<\/ul>\n<p>A Ruocco Removals egy n\u00e1polyi sz\u00e9khely\u0171 nemzetk\u00f6zi k\u00f6lt\u00f6ztet\u0151 c\u00e9g. K\u00f6lt\u00f6ztet\u0151 \u00e9s sz\u00e1ll\u00edt\u00f3 c\u00e9gek h\u00e1l\u00f3zat\u00e1val egy\u00fcttm\u0171k\u00f6dve biztos\u00edtj\u00e1k a k\u00f6lt\u00f6ztet\u00e9st az eg\u00e9sz vil\u00e1gon. Az IAM tagjak\u00e9nt 73 \u00e9ves szolg\u00e1lati id\u0151vel rendelkeznek.<\/p>\n<p>A Ruocco Removals olyan csomagol\u00e1si szolg\u00e1ltat\u00e1st k\u00edn\u00e1l, amely kiv\u00e1l\u00f3 min\u0151s\u00e9g\u0171 anyagok felhaszn\u00e1l\u00e1s\u00e1val \u00e9s a t\u00f6r\u00e9keny t\u00e1rgyakra val\u00f3 k\u00fcl\u00f6nleges odafigyel\u00e9ssel v\u00e9di a t\u00e1rgyait a sz\u00e1ll\u00edt\u00e1s sor\u00e1n. Minden egyes doboz fel van c\u00edmk\u00e9zve \u00e9s sz\u00e1mozva a lelt\u00e1rban. K\u00f6z\u00fati sz\u00e1ll\u00edt\u00e1st k\u00edn\u00e1lnak k\u00f6zvetlen sz\u00e1ll\u00edt\u00e1s vagy gy\u0171jt\u0151fuvaroz\u00e1s v\u00e1laszt\u00e1s\u00e1val, ahol a k\u00f6lts\u00e9gek cs\u00f6kkent\u00e9se \u00e9rdek\u00e9ben \u00f6sszevonj\u00e1k a sz\u00e1ll\u00edtm\u00e1nyokat. Tengeri sz\u00e1ll\u00edt\u00e1suk a k\u00f6vetkez\u0151k k\u00f6z\u00fcl v\u00e1laszthat <a href=\"https:\/\/moverdb.com\/hu\/shipping-container-sizes-and-dimensions\/\" data-internallinksmanager029f6b8e52c=\"247\" title=\"A haj\u00f3z\u00e1si kont\u00e9nerek m\u00e9ret\u00e9nek \u00e9s m\u00e9reteinek v\u00e9gs\u0151 \u00fatmutat\u00f3ja\">tart\u00e1lym\u00e9retek<\/a> vagy l\u00e1d\u00e1k.<\/p>\n<p>Weboldal: <a href=\"http:\/\/www.ruoccotraslochi.com\" target=\"_blank\" rel=\"noopener\">http:\/\/www.ruoccotraslochi.com<\/a><\/p>\n<h2><span class=\"ez-toc-section\" id=\"26_Bliss_Moving_Logistics\"><\/span><strong>26. Bliss Moving &amp; Logistics<\/strong><span class=\"ez-toc-section-end\"><\/span><\/h2>\n<p><img loading=\"lazy\" decoding=\"async\" class=\"alignnone size-full wp-image-7675\" src=\"https:\/\/moverdb.com\/wp-content\/uploads\/Bliss-Moving-international-moving-company.png\" alt=\"Bliss Moving nemzetk\u00f6zi k\u00f6lt\u00f6ztet\u0151 c\u00e9g\" width=\"1440\" height=\"684\" data-wp-pid=\"7675\" srcset=\"https:\/\/moverdb.com\/wp-content\/uploads\/Bliss-Moving-international-moving-company.png 1440w, https:\/\/moverdb.com\/wp-content\/uploads\/Bliss-Moving-international-moving-company-300x143.png 300w, https:\/\/moverdb.com\/wp-content\/uploads\/Bliss-Moving-international-moving-company-1024x486.png 1024w, https:\/\/moverdb.com\/wp-content\/uploads\/Bliss-Moving-international-moving-company-18x9.png 18w, https:\/\/moverdb.com\/wp-content\/uploads\/Bliss-Moving-international-moving-company-600x285.png 600w\" sizes=\"auto, (max-width: 1440px) 100vw, 1440px\" \/><\/p>\n<ul>\n<li>Nemzetk\u00f6zi k\u00f6lt\u00f6ztet\u00e9sek<\/li>\n<li>H\u00e1ztart\u00e1si k\u00f6lt\u00f6ztet\u00e9sek<\/li>\n<li>Irodai k\u00f6lt\u00f6ztet\u00e9s<\/li>\n<li>Szemrev\u00e9telez\u00e9ses ellen\u0151rz\u00e9s<\/li>\n<li>Csomagol\u00e1si szolg\u00e1ltat\u00e1s<\/li>\n<li>A sz\u00e1ll\u00edt\u00e1s megszervez\u00e9se<\/li>\n<li>V\u00e1mkezel\u00e9s<\/li>\n<li>M\u0171v\u00e9szeti alkot\u00e1sok kezel\u00e9se<\/li>\n<li>Aut\u00f3- \u00e9s motorker\u00e9kp\u00e1r-sz\u00e1ll\u00edt\u00e1s<\/li>\n<li>Rakt\u00e1roz\u00e1si lehet\u0151s\u00e9gek<\/li>\n<\/ul>\n<p>A Bliss Moving &amp; Logistics egy nemzetk\u00f6zi k\u00f6lt\u00f6ztet\u0151 c\u00e9g Palestrin\u00e1ban. Az IAM tagja 15 \u00e9ves szolg\u00e1lati id\u0151vel, a FIDI \u00e1ltal akkredit\u00e1ltak, \u00e9s nemzetk\u00f6zi \u00fcgyn\u00f6kh\u00e1l\u00f3zat \u00e1ll rendelkez\u00e9s\u00fckre, amely t\u00e1mogatja \u0151ket.<\/p>\n<p>A Bliss Moving &amp; Logistics szemrev\u00e9telez\u00e9ssel ellen\u0151rzi, hogy milyen k\u00f6lt\u00f6z\u00e9si ig\u00e9nyei vannak. Csomagol\u00e1si szolg\u00e1ltat\u00e1st ny\u00fajtanak, amely biztons\u00e1gosan becsomagolja az \u00f6sszes holmij\u00e1t, \u00e9s r\u00e9szletes csomagol\u00e1si list\u00e1t k\u00e9sz\u00edtenek. Megszervezik a k\u00f6z\u00fati, l\u00e9gi \u00e9s tengeri sz\u00e1ll\u00edt\u00e1st, amely k\u00fcl\u00f6nb\u00f6z\u0151 m\u00e9ret\u0171 kont\u00e9nereket is mag\u00e1ban foglal. Tov\u00e1bbi szolg\u00e1ltat\u00e1sokat k\u00edn\u00e1lnak, amelyek magukban foglalj\u00e1k a zongorasz\u00e1ll\u00edt\u00e1st, a m\u0171t\u00e1rgyak kezel\u00e9s\u00e9t, az aut\u00f3- \u00e9s motorker\u00e9kp\u00e1r-sz\u00e1ll\u00edt\u00e1st, a b\u00fatorrakt\u00e1roz\u00e1st \u00e9s az iratt\u00e1rat.<\/p>\n<p>Weboldal: <a href=\"http:\/\/www.blissmoving.it\" target=\"_blank\" rel=\"noopener\">http:\/\/www.blissmoving.it<\/a><\/p>\n<h2><span class=\"ez-toc-section\" id=\"27_Roiatti\"><\/span><strong>27. Roiatti<\/strong><span class=\"ez-toc-section-end\"><\/span><\/h2>\n<p><img loading=\"lazy\" decoding=\"async\" class=\"alignnone size-full wp-image-7743\" src=\"https:\/\/moverdb.com\/wp-content\/uploads\/Roiatti-international-moving-company.png\" alt=\"Roiatti nemzetk\u00f6zi k\u00f6lt\u00f6ztet\u0151 c\u00e9g\" width=\"1440\" height=\"715\" data-wp-pid=\"7743\" srcset=\"https:\/\/moverdb.com\/wp-content\/uploads\/Roiatti-international-moving-company.png 1440w, https:\/\/moverdb.com\/wp-content\/uploads\/Roiatti-international-moving-company-300x149.png 300w, https:\/\/moverdb.com\/wp-content\/uploads\/Roiatti-international-moving-company-1024x508.png 1024w, https:\/\/moverdb.com\/wp-content\/uploads\/Roiatti-international-moving-company-18x9.png 18w, https:\/\/moverdb.com\/wp-content\/uploads\/Roiatti-international-moving-company-600x298.png 600w\" sizes=\"auto, (max-width: 1440px) 100vw, 1440px\" \/><\/p>\n<ul>\n<li>Nemzeti \u00e1thelyez\u00e9sek<\/li>\n<li>Nemzetk\u00f6zi \u00e1thelyez\u00e9sek<\/li>\n<li>H\u00e1ztart\u00e1si k\u00f6lt\u00f6z\u00e9sek<\/li>\n<li>\u00dczleti l\u00e9p\u00e9sek<\/li>\n<li>H\u00e1zt\u00f3l-h\u00e1zig szolg\u00e1ltat\u00e1s<\/li>\n<li>Csomagol\u00e1si szolg\u00e1ltat\u00e1sok<\/li>\n<li>Sz\u00e1razf\u00f6ldi, l\u00e9gi \u00e9s tengeri sz\u00e1ll\u00edt\u00e1s<\/li>\n<li>Hat\u00e1ron \u00e1tny\u00fal\u00f3 szolg\u00e1ltat\u00e1sok<\/li>\n<li>Biztos\u00edt\u00e1s<\/li>\n<li>Rakt\u00e1roz\u00e1si lehet\u0151s\u00e9gek<\/li>\n<\/ul>\n<p>A Roiatti egy 1918-ban alap\u00edtott k\u00f6lt\u00f6ztet\u0151 \u00e9s k\u00f6lt\u00f6ztet\u0151 c\u00e9g, amelynek sz\u00e9khelye Pordenone. Nagy flott\u00e1juk \u00e9s speci\u00e1lis felszerel\u00e9seik seg\u00edts\u00e9g\u00e9vel orsz\u00e1gos \u00e9s nemzetk\u00f6zi szolg\u00e1ltat\u00e1sokat ny\u00fajtanak. M\u0171k\u00f6d\u00e9si ter\u00fclet\u00fck\u00f6n k\u00edv\u00fcl szakk\u00e9pzett partnerek h\u00e1l\u00f3zata seg\u00edti \u0151ket. Az IAM tagja, 105 \u00e9ves szolg\u00e1lati id\u0151vel, \u00e9s a FIDI \u00e1ltal akkredit\u00e1ltak.<\/p>\n<p>A Roiatti ingyenes ellen\u0151rz\u00e9st k\u00edn\u00e1l a k\u00f6lt\u00f6z\u00e9s felm\u00e9r\u00e9s\u00e9re \u00e9s \u00e1raj\u00e1nlatot ad. H\u00e1zr\u00f3l h\u00e1zra sz\u00e1ll\u00edtj\u00e1k az \u00d6n holmij\u00e1t, bele\u00e9rtve a biztons\u00e1gos csomagol\u00e1st is, k\u00f6rnyezetbar\u00e1t csomagol\u00e1sban, hogy megv\u00e9dj\u00e9k azokat a sz\u00e1ll\u00edt\u00e1s sor\u00e1n. B\u00fatorokat is sz\u00e9t- \u00e9s \u00f6sszeszerelnek. Minden hat\u00e1ron \u00e1tny\u00fal\u00f3 szolg\u00e1ltat\u00e1ssal foglalkoznak, bele\u00e9rtve a v\u00e1mkezel\u00e9st is.<\/p>\n<p>Weboldal: <a href=\"https:\/\/www.roiatti.com\/en\/\" target=\"_blank\" rel=\"noopener\">https:\/\/www.roiatti.com\/en\/<\/a><\/p>\n<h2><span class=\"ez-toc-section\" id=\"28_1877_Stein\"><\/span><strong>28. 1877 Stein<\/strong><span class=\"ez-toc-section-end\"><\/span><\/h2>\n<p><img loading=\"lazy\" decoding=\"async\" class=\"alignnone size-full wp-image-7653\" src=\"https:\/\/moverdb.com\/wp-content\/uploads\/1877-Stein-international-moving-company.png\" alt=\"1877 Stein nemzetk\u00f6zi k\u00f6lt\u00f6ztet\u0151 c\u00e9g\" width=\"1440\" height=\"686\" data-wp-pid=\"7653\" srcset=\"https:\/\/moverdb.com\/wp-content\/uploads\/1877-Stein-international-moving-company.png 1440w, https:\/\/moverdb.com\/wp-content\/uploads\/1877-Stein-international-moving-company-300x143.png 300w, https:\/\/moverdb.com\/wp-content\/uploads\/1877-Stein-international-moving-company-1024x488.png 1024w, https:\/\/moverdb.com\/wp-content\/uploads\/1877-Stein-international-moving-company-18x9.png 18w, https:\/\/moverdb.com\/wp-content\/uploads\/1877-Stein-international-moving-company-600x286.png 600w\" sizes=\"auto, (max-width: 1440px) 100vw, 1440px\" \/><\/p>\n<ul>\n<li>Nemzeti l\u00e9p\u00e9sek<\/li>\n<li>Nemzetk\u00f6zi k\u00f6lt\u00f6z\u00e9sek<\/li>\n<li>H\u00e1ztart\u00e1si k\u00f6lt\u00f6z\u00e9sek<\/li>\n<li>Mozg\u00e1skoordin\u00e1tor<\/li>\n<li>Otthoni felm\u00e9r\u00e9s<\/li>\n<li>Csomagol\u00e1si szolg\u00e1ltat\u00e1s<\/li>\n<li>Feh\u00e9r keszty\u0171s szolg\u00e1ltat\u00e1s<\/li>\n<li>K\u00f6z\u00fati, tengeri \u00e9s l\u00e9gi sz\u00e1ll\u00edt\u00e1s<\/li>\n<li>V\u00e1melj\u00e1r\u00e1sok<\/li>\n<li>Biztons\u00e1gos t\u00e1rol\u00e1s<\/li>\n<\/ul>\n<p>Az 1877 Stein egy R\u00f3ma k\u00f6zel\u00e9ben m\u0171k\u00f6d\u0151, \u00f6t gener\u00e1ci\u00f3 \u00f3ta m\u0171k\u00f6d\u0151 nemzeti \u00e9s nemzetk\u00f6zi k\u00f6lt\u00f6ztet\u0151 c\u00e9g. Gondosan v\u00e1logatott, k\u00e9pzett partnerekkel seg\u00edtik a nemzetk\u00f6zi k\u00f6lt\u00f6ztet\u00e9sek lebonyol\u00edt\u00e1s\u00e1t. Az IAM tagjak\u00e9nt 146 \u00e9ves szolg\u00e1lati id\u0151vel rendelkeznek.<\/p>\n<p>Az 1877 Stein virtu\u00e1lis vagy szem\u00e9lyes megtekint\u00e9st k\u00edn\u00e1l, hogy szem\u00e9lyre szabott javaslatot k\u00e9sz\u00edtsen az \u00d6n k\u00f6lt\u00f6z\u00e9s\u00e9re. K\u00f6lt\u00f6z\u00e9si koordin\u00e1tort biztos\u00edtanak, aki a k\u00f6lt\u00f6z\u00e9s sor\u00e1n v\u00e9gig seg\u00edti \u00d6nt, \u00e9s minden r\u00e9szletet megtervez. Csomagol\u00e1si szolg\u00e1ltat\u00e1st ny\u00fajtanak egy k\u00f6lt\u00f6ztet\u0151 szakemberekb\u0151l \u00e1ll\u00f3 csapattal, hogy megv\u00e9dj\u00e9k a holmij\u00e1t a sz\u00e1ll\u00edt\u00e1s sor\u00e1n. Megszervezik a holmij\u00e1nak tranzitj\u00e1t nemzetk\u00f6zi k\u00f6lt\u00f6z\u00e9sek eset\u00e9n tengeri vagy l\u00e9gi \u00faton, a v\u00e1melj\u00e1r\u00e1sok elv\u00e9gz\u00e9s\u00e9vel.<\/p>\n<p>Weboldal: <a href=\"http:\/\/www.1877.eu\" target=\"_blank\" rel=\"noopener\">http:\/\/www.1877.eu<\/a><\/p>\n<h2><span class=\"ez-toc-section\" id=\"29_Antonini_Faraoni\"><\/span><strong>29. Antonini &amp; Faraoni<\/strong><span class=\"ez-toc-section-end\"><\/span><\/h2>\n<p><img loading=\"lazy\" decoding=\"async\" class=\"alignnone size-full wp-image-7664\" src=\"https:\/\/moverdb.com\/wp-content\/uploads\/Antonini-Faraoni-international-Moving-company.png\" alt=\"Antonini &amp; Faraoni nemzetk\u00f6zi k\u00f6lt\u00f6ztet\u0151 c\u00e9g\" width=\"1440\" height=\"679\" data-wp-pid=\"7664\" srcset=\"https:\/\/moverdb.com\/wp-content\/uploads\/Antonini-Faraoni-international-Moving-company.png 1440w, https:\/\/moverdb.com\/wp-content\/uploads\/Antonini-Faraoni-international-Moving-company-300x141.png 300w, https:\/\/moverdb.com\/wp-content\/uploads\/Antonini-Faraoni-international-Moving-company-1024x483.png 1024w, https:\/\/moverdb.com\/wp-content\/uploads\/Antonini-Faraoni-international-Moving-company-18x8.png 18w, https:\/\/moverdb.com\/wp-content\/uploads\/Antonini-Faraoni-international-Moving-company-600x283.png 600w\" sizes=\"auto, (max-width: 1440px) 100vw, 1440px\" \/><\/p>\n<ul>\n<li>Nemzeti k\u00f6lt\u00f6ztet\u00e9sek<\/li>\n<li>Nemzetk\u00f6zi k\u00f6lt\u00f6ztet\u00e9sek<\/li>\n<li>H\u00e1ztart\u00e1si k\u00f6lt\u00f6z\u00e9sek<\/li>\n<li>Kereskedelmi sz\u00e1ll\u00edtm\u00e1nyok<\/li>\n<li>H\u00e1zt\u00f3l-h\u00e1zig szolg\u00e1ltat\u00e1s<\/li>\n<li>Csomagol\u00e1si szolg\u00e1ltat\u00e1s<\/li>\n<li>Csoportos\u00edt\u00e1si lehet\u0151s\u00e9gek<\/li>\n<li>A sz\u00e1ll\u00edt\u00e1s megszervez\u00e9se<\/li>\n<li>V\u00e1mkezel\u00e9s<\/li>\n<li>M\u0171v\u00e9szeti alkot\u00e1sok sz\u00e1ll\u00edt\u00e1sa<\/li>\n<\/ul>\n<p>Az Antonini &amp; Faraoni egy 50 \u00e9vvel ezel\u0151tt R\u00f3m\u00e1ban alap\u00edtott nemzeti \u00e9s nemzetk\u00f6zi sz\u00e1ll\u00edtm\u00e1nyoz\u00e1si \u00e9s k\u00f6lt\u00f6ztet\u00e9si v\u00e1llalat. Oroszorsz\u00e1gban, Belgiumban is vannak fi\u00f3ktelepeik, <a href=\"https:\/\/moverdb.com\/hu\/moving-to-germany\/\" data-internallinksmanager029f6b8e52c=\"321\" title=\"N\u00e9metorsz\u00e1gba k\u00f6lt\u00f6zik? 2023 Meg\u00e9lhet\u00e9si k\u00f6lts\u00e9gek \u00e9s k\u00f6lt\u00f6z\u00e9si tippek\">N\u00e9metorsz\u00e1g<\/a>, <a href=\"https:\/\/moverdb.com\/hu\/moving-to-the-netherlands\/\" data-internallinksmanager029f6b8e52c=\"328\" title=\"Hollandi\u00e1ba k\u00f6lt\u00f6zik? 2023 Meg\u00e9lhet\u00e9si k\u00f6lts\u00e9gek \u00e9s k\u00f6lt\u00f6z\u00e9si tippek\">Hollandia<\/a> \u00e9s Sz\u00edri\u00e1ban. K\u00fclf\u00f6ldi tud\u00f3s\u00edt\u00f3kkal k\u00f6tnek szerz\u0151d\u00e9st, hogy a logisztik\u00e1t a vil\u00e1g minden t\u00e1j\u00e1n lebonyol\u00edts\u00e1k. Az IAM tagjak\u00e9nt n\u00e9gy\u00e9ves szolg\u00e1lati id\u0151vel rendelkeznek.<\/p>\n<p>Az Antonini &amp; Faraoni egyes orsz\u00e1gokban k\u00f6zvet\u00edt\u0151k n\u00e9lk\u00fcli, h\u00e1zt\u00f3l h\u00e1zig tart\u00f3 k\u00f6lt\u00f6ztet\u00e9si szolg\u00e1ltat\u00e1st k\u00edn\u00e1l. Csomagol\u00e1si szolg\u00e1ltat\u00e1st k\u00edn\u00e1lnak, amely magas sz\u00ednvonal\u00fa csomagol\u00e1st, b\u00fatorsz\u00e9tv\u00e1laszt\u00e1st \u00e9s a csomagok c\u00edmk\u00e9z\u00e9s\u00e9t biztos\u00edtja. Eur\u00f3p\u00e1ban \u00e9s Oroszorsz\u00e1gban gy\u0171jt\u0151j\u00e1ratokat tudnak biztos\u00edtani, amelyek jelent\u0151s megtakar\u00edt\u00e1st jelenthetnek a sz\u00e1ll\u00edt\u00e1si k\u00f6lts\u00e9gekben.<\/p>\n<p>Weboldal: <a href=\"http:\/\/www.antoniniefaraoni.com\" target=\"_blank\" rel=\"noopener\">http:\/\/www.antoniniefaraoni.com<\/a><\/p>\n<h2><span class=\"ez-toc-section\" id=\"30_Cittadini\"><\/span><strong>30. Cittadini<\/strong><span class=\"ez-toc-section-end\"><\/span><\/h2>\n<p><img loading=\"lazy\" decoding=\"async\" class=\"alignnone size-full wp-image-7683\" src=\"https:\/\/moverdb.com\/wp-content\/uploads\/Cittadini-international-moving-company.png\" alt=\"Cittadini nemzetk\u00f6zi k\u00f6lt\u00f6ztet\u0151 c\u00e9g\" width=\"1440\" height=\"718\" data-wp-pid=\"7683\" srcset=\"https:\/\/moverdb.com\/wp-content\/uploads\/Cittadini-international-moving-company.png 1440w, https:\/\/moverdb.com\/wp-content\/uploads\/Cittadini-international-moving-company-300x150.png 300w, https:\/\/moverdb.com\/wp-content\/uploads\/Cittadini-international-moving-company-1024x511.png 1024w, https:\/\/moverdb.com\/wp-content\/uploads\/Cittadini-international-moving-company-18x9.png 18w, https:\/\/moverdb.com\/wp-content\/uploads\/Cittadini-international-moving-company-600x299.png 600w\" sizes=\"auto, (max-width: 1440px) 100vw, 1440px\" \/><\/p>\n<ul>\n<li>Nemzeti k\u00f6lt\u00f6ztet\u00e9sek<\/li>\n<li>Nemzetk\u00f6zi k\u00f6lt\u00f6ztet\u00e9sek<\/li>\n<li>H\u00e1ztart\u00e1si k\u00f6lt\u00f6ztet\u00e9sek<\/li>\n<li>C\u00e9ges k\u00f6lt\u00f6ztet\u00e9sek<\/li>\n<li>Szem\u00e9lyre szabott megold\u00e1sok<\/li>\n<li>Csomagol\u00e1si szolg\u00e1ltat\u00e1s<\/li>\n<li>Sz\u00e1razf\u00f6ldi, l\u00e9gi \u00e9s tengeri sz\u00e1ll\u00edt\u00e1s<\/li>\n<li>H\u00e1zi\u00e1llat- \u00e9s j\u00e1rm\u0171sz\u00e1ll\u00edt\u00e1s<\/li>\n<li>Minden kock\u00e1zatra sz\u00f3l\u00f3 biztos\u00edt\u00e1s<\/li>\n<li>Rakt\u00e1roz\u00e1si lehet\u0151s\u00e9gek<\/li>\n<\/ul>\n<p>A Cittadini egy h\u00e1rom gener\u00e1ci\u00f3n kereszt\u00fcl fel\u00e9p\u00edtett logisztikai, sz\u00e1ll\u00edtm\u00e1nyoz\u00e1si \u00e9s k\u00f6lt\u00f6ztet\u0151 c\u00e9g, amelynek sz\u00e9khelye R\u00f3m\u00e1ban tal\u00e1lhat\u00f3. Az IAM tagja, 77 \u00e9ves szolg\u00e1lati id\u0151vel, ami hozz\u00e1f\u00e9r\u00e9st biztos\u00edt sz\u00e1mukra a k\u00f6lt\u00f6ztet\u0151\u00fcgyn\u00f6k\u00f6k nemzetk\u00f6zi h\u00e1l\u00f3zat\u00e1hoz, hogy t\u00e1mogass\u00e1k \u0151ket a vil\u00e1gm\u00e9ret\u0171 k\u00f6lt\u00f6z\u00e9sekben.<\/p>\n<p>A Cittadini kiv\u00e1l\u00f3 min\u0151s\u00e9g\u0171, a t\u00e1rgyakra szabott anyagokat haszn\u00e1l\u00f3 csomagol\u00e1si szolg\u00e1ltat\u00e1st ny\u00fajt, \u00e9s tapasztalt csomagol\u00f3csapataik gondosan csomagolj\u00e1k a t\u00e1rgyakat. Megszervezik a sz\u00e1razf\u00f6ldi, l\u00e9gi vagy tengeri sz\u00e1ll\u00edt\u00e1st, amely mag\u00e1ban foglalja a gy\u0171jt\u0151fuvaroz\u00e1st is. K\u00fcl\u00f6nleges szolg\u00e1ltat\u00e1sok, h\u00e1zi\u00e1llatok, aut\u00f3k \u00e9s motorker\u00e9kp\u00e1rok, haj\u00f3k \u00e9s m\u0171t\u00e1rgyak sz\u00e1ll\u00edt\u00e1sa eset\u00e9n sz\u00e1mos tov\u00e1bbi szolg\u00e1ltat\u00e1st k\u00edn\u00e1lnak.<\/p>\n<p>Weboldal: <a href=\"http:\/\/www.cittadini.com\/\" target=\"_blank\" rel=\"noopener\">http:\/\/www.cittadini.com\/<\/a><\/p>\n<h2><span class=\"ez-toc-section\" id=\"31_Global_Moving\"><\/span><strong>31. Glob\u00e1lis mozgat\u00e1s<\/strong><span class=\"ez-toc-section-end\"><\/span><\/h2>\n<p><img loading=\"lazy\" decoding=\"async\" class=\"alignnone size-full wp-image-7697\" src=\"https:\/\/moverdb.com\/wp-content\/uploads\/Global-Moving-international-moving-company.png\" alt=\"Global Moving nemzetk\u00f6zi k\u00f6lt\u00f6ztet\u0151 c\u00e9g\" width=\"1440\" height=\"683\" data-wp-pid=\"7697\" srcset=\"https:\/\/moverdb.com\/wp-content\/uploads\/Global-Moving-international-moving-company.png 1440w, https:\/\/moverdb.com\/wp-content\/uploads\/Global-Moving-international-moving-company-300x142.png 300w, https:\/\/moverdb.com\/wp-content\/uploads\/Global-Moving-international-moving-company-1024x486.png 1024w, https:\/\/moverdb.com\/wp-content\/uploads\/Global-Moving-international-moving-company-18x9.png 18w, https:\/\/moverdb.com\/wp-content\/uploads\/Global-Moving-international-moving-company-600x285.png 600w\" sizes=\"auto, (max-width: 1440px) 100vw, 1440px\" \/><\/p>\n<ul>\n<li>Helyi \u00e9s orsz\u00e1gos k\u00f6lt\u00f6z\u00e9sek<\/li>\n<li>Nemzetk\u00f6zi k\u00f6lt\u00f6z\u00e9sek<\/li>\n<li>Lakoss\u00e1gi k\u00f6lt\u00f6z\u00e9sek<\/li>\n<li>Irodai k\u00f6lt\u00f6z\u00e9sek<\/li>\n<li>Move manager<\/li>\n<li>Csomagol\u00e1si szolg\u00e1ltat\u00e1sok<\/li>\n<li>V\u00e1malakis\u00e1gok<\/li>\n<li>Szem\u00e9lyg\u00e9pkocsik \u00e9s motorker\u00e9kp\u00e1rok sz\u00e1ll\u00edt\u00e1sa<\/li>\n<li>H\u00e1zi\u00e1llat \u00e1thelyez\u00e9s<\/li>\n<li>Rakt\u00e1roz\u00e1si lehet\u0151s\u00e9gek<\/li>\n<\/ul>\n<p>A Global Moving egy 1982-ben alap\u00edtott sz\u00e1ll\u00edtm\u00e1nyoz\u00e1si \u00e9s k\u00f6lt\u00f6ztet\u00e9si v\u00e1llalat, amely \u00f6t orsz\u00e1gban rendelkezik irod\u00e1kkal, az olaszorsz\u00e1gi irod\u00e1val R\u00f3m\u00e1ban. Vil\u00e1gszerte \u00fcgyn\u00f6kh\u00e1l\u00f3zattal rendelkeznek, hogy m\u00e1s orsz\u00e1gokban is ny\u00fajthassanak szolg\u00e1ltat\u00e1sokat. Az IAM tagja 18 \u00e9ves szolg\u00e1lati id\u0151vel, \u00e9s a FIDI \u00e1ltal akkredit\u00e1ltak.<\/p>\n<p>A Global Moving r\u00e9szletes tervvel rendelkez\u0151 k\u00f6lt\u00f6ztet\u00e9si szolg\u00e1ltat\u00e1st k\u00edn\u00e1l orsz\u00e1gos \u00e9s nemzetk\u00f6zi k\u00f6lt\u00f6z\u00e9sekhez. Pontos csomagol\u00e1si rendszert biztos\u00edtanak, amely kiv\u00e1l\u00f3 min\u0151s\u00e9g\u0171 anyagokat haszn\u00e1l a t\u00e1rgyak sz\u00e1ll\u00edt\u00e1s k\u00f6zbeni v\u00e9delm\u00e9re. K\u00f6lt\u00f6ztet\u00e9si szolg\u00e1ltat\u00e1suk mag\u00e1ban foglalja a bev\u00e1ndorl\u00e1si seg\u00edts\u00e9get, az adminisztr\u00e1ci\u00f3s t\u00e1mogat\u00e1st, az otthon- \u00e9s iskolakeres\u00e9st, a k\u00f6zm\u0171vek aktiv\u00e1l\u00e1s\u00e1t \u00e9s az eligazod\u00e1st.<\/p>\n<p>Weboldal: <a href=\"http:\/\/www.globalmoving.it\" target=\"_blank\" rel=\"noopener\">http:\/\/www.globalmoving.it<\/a><\/p>\n<h2><span class=\"ez-toc-section\" id=\"32_Goeldlin\"><\/span><strong>32. Goeldlin<\/strong><span class=\"ez-toc-section-end\"><\/span><\/h2>\n<p><img loading=\"lazy\" decoding=\"async\" class=\"alignnone size-full wp-image-7700\" src=\"https:\/\/moverdb.com\/wp-content\/uploads\/Goeldlin-international-moving-company.png\" alt=\"Goeldlin nemzetk\u00f6zi k\u00f6lt\u00f6ztet\u0151 c\u00e9g\" width=\"1440\" height=\"680\" data-wp-pid=\"7700\" srcset=\"https:\/\/moverdb.com\/wp-content\/uploads\/Goeldlin-international-moving-company.png 1440w, https:\/\/moverdb.com\/wp-content\/uploads\/Goeldlin-international-moving-company-300x142.png 300w, https:\/\/moverdb.com\/wp-content\/uploads\/Goeldlin-international-moving-company-1024x484.png 1024w, https:\/\/moverdb.com\/wp-content\/uploads\/Goeldlin-international-moving-company-18x9.png 18w, https:\/\/moverdb.com\/wp-content\/uploads\/Goeldlin-international-moving-company-600x283.png 600w\" sizes=\"auto, (max-width: 1440px) 100vw, 1440px\" \/><\/p>\n<ul>\n<li>Nemzeti l\u00e9p\u00e9sek<\/li>\n<li>Nemzetk\u00f6zi k\u00f6lt\u00f6z\u00e9sek<\/li>\n<li>H\u00e1ztart\u00e1si k\u00f6lt\u00f6z\u00e9sek<\/li>\n<li>Irodai \u00e9s ipari k\u00f6lt\u00f6ztet\u00e9s<\/li>\n<li>R\u00e9szletes tervez\u00e9s<\/li>\n<li>Csomagol\u00e1si szolg\u00e1ltat\u00e1s<\/li>\n<li>Teherg\u00e9pkocsi, l\u00e9gi \u00e9s tengeri sz\u00e1ll\u00edt\u00e1s<\/li>\n<li>V\u00e1malakis\u00e1gok<\/li>\n<li>Biztos\u00edt\u00e1s<\/li>\n<li>Rakt\u00e1roz\u00e1si lehet\u0151s\u00e9gek<\/li>\n<\/ul>\n<p>A Goeldlin egy 1933-ban alakult nemzetk\u00f6zi k\u00f6lt\u00f6ztet\u0151 c\u00e9g, amelynek sz\u00e9khelye R\u00f3m\u00e1ban van. Nemzetk\u00f6zi szolg\u00e1ltat\u00e1saikhoz vil\u00e1gszerte m\u0171k\u00f6d\u0151 k\u00f6lt\u00f6ztet\u0151i h\u00e1l\u00f3zattal rendelkeznek. Az IAM tagjak\u00e9nt 90 \u00e9ves szolg\u00e1lati id\u0151vel rendelkeznek.<\/p>\n<p>A Goeldlin olyan k\u00f6lt\u00f6ztet\u00e9si szolg\u00e1ltat\u00e1st ny\u00fajt, amely az eg\u00e9sz k\u00f6lt\u00f6z\u00e9st kezeli \u00e9s megtervezi az \u00d6n sz\u00e1m\u00e1ra. Csomagol\u00e1si szolg\u00e1ltat\u00e1st ny\u00fajtanak, hogy megv\u00e9dj\u00e9k a holmij\u00e1t, \u00e9s megszervezik a teheraut\u00f3, l\u00e9gi vagy tengeri sz\u00e1ll\u00edtm\u00e1nyoz\u00e1st, valamint elint\u00e9zik a v\u00e1malakis\u00e1gokat. Megtal\u00e1lj\u00e1k a legmegfizethet\u0151bb megold\u00e1st az \u00d6n k\u00f6lt\u00f6z\u00e9s\u00e9re, \u00e9s gondoskodnak a holmij\u00e1nak biztons\u00e1gos sz\u00e1ll\u00edt\u00e1s\u00e1r\u00f3l.<\/p>\n<p>Weboldal: <a href=\"http:\/\/www.goeldlin.com\" target=\"_blank\" rel=\"noopener\">http:\/\/www.goeldlin.com<\/a><\/p>\n<h2><span class=\"ez-toc-section\" id=\"33_Il_Trasloco\"><\/span><strong>33. Il Trasloco<\/strong><span class=\"ez-toc-section-end\"><\/span><\/h2>\n<p><img loading=\"lazy\" decoding=\"async\" class=\"alignnone size-full wp-image-7705\" src=\"https:\/\/moverdb.com\/wp-content\/uploads\/Il-Transloco-international-moving-company.png\" alt=\"Il Transloco nemzetk\u00f6zi k\u00f6lt\u00f6ztet\u0151 c\u00e9g\" width=\"1440\" height=\"715\" data-wp-pid=\"7705\" srcset=\"https:\/\/moverdb.com\/wp-content\/uploads\/Il-Transloco-international-moving-company.png 1440w, https:\/\/moverdb.com\/wp-content\/uploads\/Il-Transloco-international-moving-company-300x149.png 300w, https:\/\/moverdb.com\/wp-content\/uploads\/Il-Transloco-international-moving-company-1024x508.png 1024w, https:\/\/moverdb.com\/wp-content\/uploads\/Il-Transloco-international-moving-company-18x9.png 18w, https:\/\/moverdb.com\/wp-content\/uploads\/Il-Transloco-international-moving-company-600x298.png 600w\" sizes=\"auto, (max-width: 1440px) 100vw, 1440px\" \/><\/p>\n<ul>\n<li>Helyi \u00e9s orsz\u00e1gos k\u00f6lt\u00f6ztet\u00e9sek<\/li>\n<li>Nemzetk\u00f6zi k\u00f6lt\u00f6ztet\u00e9sek<\/li>\n<li>K\u00f6lt\u00f6ztet\u00e9s<\/li>\n<li>Irodai k\u00f6lt\u00f6ztet\u00e9s<\/li>\n<li>H\u00e1zt\u00f3l-h\u00e1zig szolg\u00e1ltat\u00e1s<\/li>\n<li>Csomagol\u00e1si szolg\u00e1ltat\u00e1s<\/li>\n<li>Sz\u00e1razf\u00f6ldi, l\u00e9gi \u00e9s tengeri sz\u00e1ll\u00edt\u00e1s<\/li>\n<li>V\u00e1mt\u00e1mogat\u00e1s<\/li>\n<li>Minden kock\u00e1zatra sz\u00f3l\u00f3 biztos\u00edt\u00e1s<\/li>\n<li>Rakt\u00e1roz\u00e1si lehet\u0151s\u00e9gek<\/li>\n<\/ul>\n<p>Az Il Transloco egy 1980-ban R\u00f3m\u00e1ban alap\u00edtott fuvaroz\u00e1si \u00e9s k\u00f6lt\u00f6ztet\u00e9si v\u00e1llalat. Az IAM tagja, 23 \u00e9ves szolg\u00e1lati id\u0151vel, ami hozz\u00e1f\u00e9r\u00e9st biztos\u00edt sz\u00e1mukra a k\u00f6lt\u00f6ztet\u0151\u00fcgyn\u00f6k\u00f6k nemzetk\u00f6zi h\u00e1l\u00f3zat\u00e1hoz, amely seg\u00edts\u00e9get ny\u00fajt a k\u00fclf\u00f6ldi k\u00f6lt\u00f6z\u00e9sekhez.<\/p>\n<p>Az Il Transloco h\u00e1zr\u00f3l h\u00e1zra vagy h\u00e1zr\u00f3l h\u00e1zra j\u00e1r\u00e1st k\u00edn\u00e1l.<a href=\"https:\/\/moverdb.com\/hu\/top-49-container-ports\/\" data-internallinksmanager029f6b8e52c=\"80\" title=\"Top 49 legnagyobb \u00e9s legforgalmasabb kont\u00e9nerkik\u00f6t\u0151 2025-ben\">port<\/a> vagy rep\u00fcl\u0151t\u00e9ri szolg\u00e1ltat\u00e1s, amely ingyenes \u00e1raj\u00e1nlattal \u00e9s szemrev\u00e9telez\u00e9ssel kezd\u0151dik, hogy felm\u00e9rj\u00fck az \u00d6n k\u00f6lt\u00f6z\u00e9si ig\u00e9nyeit. Olyan csomagol\u00e1si szolg\u00e1ltat\u00e1st ny\u00fajtanak, amely mag\u00e1ban foglalja a gondos csomagol\u00e1st a legmegfelel\u0151bb csomagol\u00f3anyagokkal, r\u00e9szletes csomagol\u00e1si list\u00e1t, a b\u00fatorok sz\u00e9t- \u00e9s \u00f6sszeszerel\u00e9s\u00e9t, modern berendez\u00e9sek haszn\u00e1lat\u00e1t \u00e9s k\u00e9pzett csapatokat, hogy biztons\u00e1gosan kezelj\u00e9k a holmij\u00e1t.<\/p>\n<p>Weboldal: <a href=\"https:\/\/www.iltraslocosrl.it\/it\/\" target=\"_blank\" rel=\"noopener\">https:\/\/www.iltraslocosrl.it\/it\/<\/a><\/p>\n<h2><span class=\"ez-toc-section\" id=\"34_Nicole_Traslochi\"><\/span><strong>34. Nicole Traslochi<\/strong><span class=\"ez-toc-section-end\"><\/span><\/h2>\n<p><img loading=\"lazy\" decoding=\"async\" class=\"alignnone size-full wp-image-7729\" src=\"https:\/\/moverdb.com\/wp-content\/uploads\/Nicole-Traslochi-international-moving-company.png\" alt=\"Nicole Traslochi nemzetk\u00f6zi k\u00f6lt\u00f6ztet\u0151 c\u00e9g\" width=\"1440\" height=\"710\" data-wp-pid=\"7729\" srcset=\"https:\/\/moverdb.com\/wp-content\/uploads\/Nicole-Traslochi-international-moving-company.png 1440w, https:\/\/moverdb.com\/wp-content\/uploads\/Nicole-Traslochi-international-moving-company-300x148.png 300w, https:\/\/moverdb.com\/wp-content\/uploads\/Nicole-Traslochi-international-moving-company-1024x505.png 1024w, https:\/\/moverdb.com\/wp-content\/uploads\/Nicole-Traslochi-international-moving-company-18x9.png 18w, https:\/\/moverdb.com\/wp-content\/uploads\/Nicole-Traslochi-international-moving-company-600x296.png 600w\" sizes=\"auto, (max-width: 1440px) 100vw, 1440px\" \/><\/p>\n<ul>\n<li>Nemzeti k\u00f6lt\u00f6ztet\u00e9sek<\/li>\n<li>Nemzetk\u00f6zi k\u00f6lt\u00f6ztet\u00e9sek<\/li>\n<li>Lakoss\u00e1gi k\u00f6lt\u00f6z\u00e9sek<\/li>\n<li>Ipari k\u00f6lt\u00f6z\u00e9sek<\/li>\n<li>K\u00fcl\u00f6nleges szolg\u00e1ltat\u00e1sok<\/li>\n<li>H\u00e1zt\u00f3l-h\u00e1zig szolg\u00e1ltat\u00e1s<\/li>\n<li>Csomagol\u00e1si szolg\u00e1ltat\u00e1s<\/li>\n<li>Sz\u00e1razf\u00f6ldi \u00e9s tengeri sz\u00e1ll\u00edt\u00e1s<\/li>\n<li>Dokument\u00e1ci\u00f3s t\u00e1mogat\u00e1s<\/li>\n<li>Rakt\u00e1roz\u00e1si lehet\u0151s\u00e9gek<\/li>\n<\/ul>\n<p>A Nicole Traslochi egy 1963-ban alap\u00edtott, velencei sz\u00e9khely\u0171, nemzeti \u00e9s nemzetk\u00f6zi k\u00f6lt\u00f6ztet\u00e9si \u00e9s sz\u00e1ll\u00edt\u00e1si v\u00e1llalat. K\u00e9pzett partnerekkel dolgoznak egy\u00fctt, hogy seg\u00edts\u00e9k m\u0171k\u00f6d\u00e9s\u00fcket a vil\u00e1g minden t\u00e1j\u00e1n a k\u00f6lt\u00f6ztet\u00e9sek sz\u00e1ll\u00edt\u00e1s\u00e1ban. Az IAM tagjak\u00e9nt 60 \u00e9ves szolg\u00e1lati id\u0151vel rendelkeznek.<\/p>\n<p>Nicole Traslochi h\u00e1zt\u00f3l-h\u00e1zig tart\u00f3 k\u00f6lt\u00f6ztet\u00e9si szolg\u00e1ltat\u00e1st k\u00edn\u00e1l orsz\u00e1gos \u00e9s nemzetk\u00f6zi k\u00f6lt\u00f6z\u00e9sekhez. Csomagol\u00e1si szolg\u00e1ltat\u00e1st ny\u00fajtanak, amely mag\u00e1ban foglalja a k\u00fcl\u00f6nb\u00f6z\u0151 t\u00edpus\u00fa t\u00e1rgyakra \u00e9s az alkalmazott sz\u00e1ll\u00edt\u00e1sra jellemz\u0151 kont\u00e9nereket \u00e9s csomagol\u00e1st. B\u00fatorok \u00e9s berendez\u00e9si t\u00e1rgyak, p\u00e9ld\u00e1ul szekr\u00e9nyek, t\u00fckr\u00f6k, l\u00e1mp\u00e1k \u00e9s f\u00fcgg\u00f6nykarnisok sz\u00e9tszerel\u00e9s\u00e9t \u00e9s \u00f6sszeszerel\u00e9s\u00e9t is v\u00e1llalj\u00e1k.<\/p>\n<p>Weboldal: <a href=\"http:\/\/www.nicoletraslochi.com\" target=\"_blank\" rel=\"noopener\">http:\/\/www.nicoletraslochi.com<\/a><\/p>\n<h2><span class=\"ez-toc-section\" id=\"35_Olimpico_Traslochi\"><\/span><strong>35. Olimpico Traslochi<\/strong><span class=\"ez-toc-section-end\"><\/span><\/h2>\n<p><img loading=\"lazy\" decoding=\"async\" class=\"alignnone size-full wp-image-7732\" src=\"https:\/\/moverdb.com\/wp-content\/uploads\/Olimpico-Traslochi-international-moving-company.png\" alt=\"Olimpico Traslochi nemzetk\u00f6zi k\u00f6lt\u00f6ztet\u0151 c\u00e9g\" width=\"1440\" height=\"710\" data-wp-pid=\"7732\" srcset=\"https:\/\/moverdb.com\/wp-content\/uploads\/Olimpico-Traslochi-international-moving-company.png 1440w, https:\/\/moverdb.com\/wp-content\/uploads\/Olimpico-Traslochi-international-moving-company-300x148.png 300w, https:\/\/moverdb.com\/wp-content\/uploads\/Olimpico-Traslochi-international-moving-company-1024x505.png 1024w, https:\/\/moverdb.com\/wp-content\/uploads\/Olimpico-Traslochi-international-moving-company-18x9.png 18w, https:\/\/moverdb.com\/wp-content\/uploads\/Olimpico-Traslochi-international-moving-company-600x296.png 600w\" sizes=\"auto, (max-width: 1440px) 100vw, 1440px\" \/><\/p>\n<ul>\n<li>Nemzeti k\u00f6lt\u00f6ztet\u00e9sek<\/li>\n<li>Nemzetk\u00f6zi k\u00f6lt\u00f6ztet\u00e9sek<\/li>\n<li>H\u00e1ztart\u00e1si k\u00f6lt\u00f6z\u00e9sek<\/li>\n<li>A v\u00e1llalat k\u00f6lt\u00f6zik<\/li>\n<li>Szem\u00e9lyre szabott szolg\u00e1ltat\u00e1s<\/li>\n<li>Csomagol\u00e1si szolg\u00e1ltat\u00e1sok v\u00e1laszt\u00e9ka<\/li>\n<li>Sz\u00e1razf\u00f6ldi, l\u00e9gi \u00e9s tengeri sz\u00e1ll\u00edt\u00e1s<\/li>\n<li>Csoportos\u00edt\u00e1si lehet\u0151s\u00e9gek<\/li>\n<li>M\u0171v\u00e9szeti alkot\u00e1sok kezel\u00e9se<\/li>\n<li>Rakt\u00e1roz\u00e1si lehet\u0151s\u00e9gek<\/li>\n<\/ul>\n<p>Az Olimpico Traslochi egy nemzeti \u00e9s nemzetk\u00f6zi k\u00f6lt\u00f6ztet\u0151 c\u00e9g, amely t\u00f6bb mint 30 \u00e9ve foglalkozik h\u00e1ztart\u00e1sok \u00e9s c\u00e9gek k\u00f6lt\u00f6ztet\u00e9s\u00e9vel a vicenzai b\u00e1zis\u00e1r\u00f3l. N\u00e9gy \u00e9ve tagjai az IAM-nek, \u00e9s ez a tags\u00e1g hozz\u00e1f\u00e9r\u00e9st biztos\u00edt sz\u00e1mukra a k\u00f6lt\u00f6ztet\u0151k nemzetk\u00f6zi h\u00e1l\u00f3zat\u00e1hoz, amely k\u00fclf\u00f6ld\u00f6n is t\u00e1mogatja \u0151ket.<\/p>\n<p>Az Olimpico Traslochi szem\u00e9lyre szabott \u00e9s hat\u00e9kony k\u00f6lt\u00f6ztet\u00e9si szolg\u00e1ltat\u00e1sokat k\u00edn\u00e1l. Teljes csomagol\u00e1si szolg\u00e1ltat\u00e1st vagy r\u00e9szleges szolg\u00e1ltat\u00e1st k\u00edn\u00e1lnak, a t\u00f6r\u00e9keny t\u00e1rgyak speci\u00e1lis csomagol\u00e1s\u00e1val. Sz\u00e1ll\u00edt\u00e1si lehet\u0151s\u00e9geket k\u00edn\u00e1lnak sz\u00e1razf\u00f6ld\u00f6n k\u00f6zvetlen\u00fcl vagy gy\u0171jt\u0151fuvarral, tengeren kont\u00e9nerekben vagy fal\u00e1d\u00e1kban, illetve l\u00e9gi \u00faton.<\/p>\n<p>Weboldal: <a href=\"http:\/\/www.olimpicotraslochi.com\" target=\"_blank\" rel=\"noopener\">http:\/\/www.olimpicotraslochi.com<\/a><\/p>\n<h2><span class=\"ez-toc-section\" id=\"Other_Useful_Guides_to_Italy\"><\/span>Egy\u00e9b hasznos olaszorsz\u00e1gi \u00fatik\u00f6nyvek<span class=\"ez-toc-section-end\"><\/span><\/h2>\n<ul>\n<li> <a href=\"https:\/\/moverdb.com\/hu\/kontenerszallitas\/olaszorszag\/\">2024 Tengeri tehersz\u00e1ll\u00edt\u00e1si kont\u00e9ner \u00e1rak Olaszorsz\u00e1gba \u00e9s Olaszorsz\u00e1gb\u00f3l<\/a><\/li>\n<li> <a href=\"https:\/\/moverdb.com\/hu\/legjobb-nemzetkozi-penzatutalasi-szolgaltatasok\/money-transfer-companies-italy\/\">A 10 legjobb p\u00e9nz\u00e1tutal\u00e1si v\u00e1llalat Olaszorsz\u00e1gban<\/a><\/li>\n<li> <a href=\"https:\/\/moverdb.com\/hu\/moving-to-italy\/\">Olaszorsz\u00e1gba k\u00f6lt\u00f6zik? 2024 Lakhat\u00e1si k\u00f6lts\u00e9gek \u00e9s k\u00f6lt\u00f6z\u00e9si tippek<\/a><\/li>\n<li> <a href=\"https:\/\/moverdb.com\/hu\/moving-to-italy\/best-places-to-live-italy\/\">13 legjobb hely Olaszorsz\u00e1gban \u00e9lni<\/a><\/li>\n<li> <a href=\"https:\/\/moverdb.com\/hu\/moving-to-italy\/living-in-italy\/\">21 titok az olaszorsz\u00e1gi \u00e9letr\u0151l, amit a k\u00f6lt\u00f6z\u00e9s el\u0151tt tudni kell<\/a><\/li>\n<\/ul>","protected":false},"excerpt":{"rendered":"<p>Are you planning a move? Whether that is a household or business move, it can be complex and stressful especially if you are moving abroad. Enlisting the help of a moving company can lighten the load. Below we have compiled a list of Italian removal companies that are members of the International Association of Movers [&hellip;]<\/p>\n","protected":false},"author":4,"featured_media":0,"parent":190,"menu_order":0,"comment_status":"closed","ping_status":"closed","template":"","meta":{"_genesis_hide_title":false,"_genesis_hide_breadcrumbs":false,"_genesis_hide_singular_image":false,"_genesis_hide_footer_widgets":false,"_genesis_custom_body_class":"","_genesis_custom_post_class":"","_genesis_layout":"","footnotes":""},"class_list":{"0":"post-7783","1":"page","2":"type-page","3":"status-publish","5":"entry","6":"has-post-thumbnail"},"_links":{"self":[{"href":"https:\/\/moverdb.com\/hu\/wp-json\/wp\/v2\/pages\/7783","targetHints":{"allow":["GET"]}}],"collection":[{"href":"https:\/\/moverdb.com\/hu\/wp-json\/wp\/v2\/pages"}],"about":[{"href":"https:\/\/moverdb.com\/hu\/wp-json\/wp\/v2\/types\/page"}],"author":[{"embeddable":true,"href":"https:\/\/moverdb.com\/hu\/wp-json\/wp\/v2\/users\/4"}],"replies":[{"embeddable":true,"href":"https:\/\/moverdb.com\/hu\/wp-json\/wp\/v2\/comments?post=7783"}],"version-history":[{"count":4,"href":"https:\/\/moverdb.com\/hu\/wp-json\/wp\/v2\/pages\/7783\/revisions"}],"predecessor-version":[{"id":16603,"href":"https:\/\/moverdb.com\/hu\/wp-json\/wp\/v2\/pages\/7783\/revisions\/16603"}],"up":[{"embeddable":true,"href":"https:\/\/moverdb.com\/hu\/wp-json\/wp\/v2\/pages\/190"}],"wp:attachment":[{"href":"https:\/\/moverdb.com\/hu\/wp-json\/wp\/v2\/media?parent=7783"}],"curies":[{"name":"wp","href":"https:\/\/api.w.org\/{rel}","templated":true}]}}