{"id":7766,"date":"2023-04-27T14:58:41","date_gmt":"2023-04-27T14:58:41","guid":{"rendered":"https:\/\/moverdb.com\/?page_id=7766"},"modified":"2026-01-08T15:29:13","modified_gmt":"2026-01-08T15:29:13","slug":"moving-companies-india","status":"publish","type":"page","link":"https:\/\/moverdb.com\/hu\/moving-companies\/moving-companies-india\/","title":{"rendered":"54 Legjobb nemzetk\u00f6zi k\u00f6lt\u00f6ztet\u0151 c\u00e9gek Indi\u00e1ban"},"content":{"rendered":"<p>Hazak\u00f6lt\u00f6zik <a href=\"https:\/\/moverdb.com\/hu\/moving-to-india\/\" data-internallinksmanager029f6b8e52c=\"356\" title=\"Indi\u00e1ba k\u00f6lt\u00f6zik? 2023 \u00c9letk\u00f6lts\u00e9gek \u00e9s k\u00f6lt\u00f6z\u00e9si tippek\">India<\/a> vagy Indi\u00e1ba vagy Indi\u00e1b\u00f3l tervezi a k\u00f6lt\u00f6z\u00e9st? Vagy v\u00e1llalkoz\u00e1s\u00e1t Indi\u00e1n bel\u00fcl, Indi\u00e1ba vagy Indi\u00e1b\u00f3l k\u00f6lt\u00f6zteti? Akkor vegye ig\u00e9nybe a seg\u00edts\u00e9g\u00e9t egy <a href=\"https:\/\/moverdb.com\/hu\/moving-companies\/\" data-internallinksmanager029f6b8e52c=\"79\" title=\"Top 25 nemzetk\u00f6zi k\u00f6lt\u00f6ztet\u0151 c\u00e9gek online\">k\u00f6lt\u00f6ztet\u0151 c\u00e9g<\/a> seg\u00edthet cs\u00f6kkenteni a k\u00f6lt\u00f6z\u00e9s megszervez\u00e9s\u00e9vel j\u00e1r\u00f3 nyom\u00e1st. Az al\u00e1bbiakban \u00f6ssze\u00e1ll\u00edtottunk egy list\u00e1t az indiai <a href=\"https:\/\/moverdb.com\/hu\/international-removals\/\" data-internallinksmanager029f6b8e52c=\"27\" title=\"36 legjobb nemzetk\u00f6zi k\u00f6lt\u00f6ztet\u0151 c\u00e9gek az Egyes\u00fclt Kir\u00e1lys\u00e1gban\">k\u00f6lt\u00f6ztet\u0151 c\u00e9gek<\/a> amelyek tagjai a <a href=\"https:\/\/moverdb.com\/hu\/iam\/\" data-internallinksmanager029f6b8e52c=\"23\" title=\"A K\u00f6lt\u00f6ztet\u0151k Nemzetk\u00f6zi Sz\u00f6vets\u00e9ge (IAM) magyar\u00e1zata\">K\u00f6lt\u00f6ztet\u0151k Nemzetk\u00f6zi Sz\u00f6vets\u00e9ge<\/a> (IAM) \u00e9s\/vagy <a href=\"https:\/\/moverdb.com\/hu\/fidi-faim\/\" data-internallinksmanager029f6b8e52c=\"16\" title=\"FIDI &amp; FAIM (FIDI akkredit\u00e1lt nemzetk\u00f6zi fuvaroz\u00f3) magyar\u00e1zata\">FIDI<\/a> Akkredit\u00e1lt nemzetk\u00f6zi k\u00f6lt\u00f6ztet\u0151 (FAIM), aki seg\u00edthet \u00d6nnek a k\u00f6lt\u00f6z\u00e9sben.<\/p>\n<div id=\"ez-toc-container\" class=\"ez-toc-v2_0_82_2 ez-toc-wrap-left counter-hierarchy ez-toc-counter ez-toc-transparent ez-toc-container-direction\">\n<div class=\"ez-toc-title-container\">\n<p class=\"ez-toc-title\" style=\"cursor:inherit\">Szakaszok<\/p>\n<span class=\"ez-toc-title-toggle\"><a href=\"#\" class=\"ez-toc-pull-right ez-toc-btn ez-toc-btn-xs ez-toc-btn-default ez-toc-toggle\" aria-label=\"Toggle Tartalomjegyz\u00e9k\"><span class=\"ez-toc-js-icon-con\"><span class=\"\"><span class=\"eztoc-hide\" style=\"display:none;\">Toggle<\/span><span class=\"ez-toc-icon-toggle-span\"><svg style=\"fill: #999;color:#999\" xmlns=\"http:\/\/www.w3.org\/2000\/svg\" class=\"list-377408\" width=\"20px\" height=\"20px\" viewbox=\"0 0 24 24\" fill=\"none\"><path d=\"M6 6H4v2h2V6zm14 0H8v2h12V6zM4 11h2v2H4v-2zm16 0H8v2h12v-2zM4 16h2v2H4v-2zm16 0H8v2h12v-2z\" fill=\"currentColor\"><\/path><\/svg><svg style=\"fill: #999;color:#999\" class=\"arrow-unsorted-368013\" xmlns=\"http:\/\/www.w3.org\/2000\/svg\" width=\"10px\" height=\"10px\" viewbox=\"0 0 24 24\" version=\"1.2\" baseprofile=\"tiny\"><path d=\"M18.2 9.3l-6.2-6.3-6.2 6.3c-.2.2-.3.4-.3.7s.1.5.3.7c.2.2.4.3.7.3h11c.3 0 .5-.1.7-.3.2-.2.3-.5.3-.7s-.1-.5-.3-.7zM5.8 14.7l6.2 6.3 6.2-6.3c.2-.2.3-.5.3-.7s-.1-.5-.3-.7c-.2-.2-.4-.3-.7-.3h-11c-.3 0-.5.1-.7.3-.2.2-.3.5-.3.7s.1.5.3.7z\"\/><\/svg><\/span><\/span><\/span><\/a><\/span><\/div>\n<nav><ul class='ez-toc-list ez-toc-list-level-1 eztoc-toggle-hide-by-default' ><li class='ez-toc-page-1 ez-toc-heading-level-2'><a class=\"ez-toc-link ez-toc-heading-1\" href=\"https:\/\/moverdb.com\/hu\/moving-companies\/moving-companies-india\/#1_21st_Century_Relocations\" >1. 21. Sz\u00e1zadi \u00e1thelyez\u00e9sek<\/a><\/li><li class='ez-toc-page-1 ez-toc-heading-level-2'><a class=\"ez-toc-link ez-toc-heading-2\" href=\"https:\/\/moverdb.com\/hu\/moving-companies\/moving-companies-india\/#2_Agarwal_Packers_and_Movers\" >2. Agarwal Packers and Movers<\/a><\/li><li class='ez-toc-page-1 ez-toc-heading-level-2'><a class=\"ez-toc-link ez-toc-heading-3\" href=\"https:\/\/moverdb.com\/hu\/moving-companies\/moving-companies-india\/#3_Alianza_World_Logistics\" >3. Alianza World Logistics<\/a><\/li><li class='ez-toc-page-1 ez-toc-heading-level-2'><a class=\"ez-toc-link ez-toc-heading-4\" href=\"https:\/\/moverdb.com\/hu\/moving-companies\/moving-companies-india\/#4_Allied\" >4. Sz\u00f6vets\u00e9gesek<\/a><\/li><li class='ez-toc-page-1 ez-toc-heading-level-2'><a class=\"ez-toc-link ez-toc-heading-5\" href=\"https:\/\/moverdb.com\/hu\/moving-companies\/moving-companies-india\/#5_AVZA\" >5. AVZA<\/a><\/li><li class='ez-toc-page-1 ez-toc-heading-level-2'><a class=\"ez-toc-link ez-toc-heading-6\" href=\"https:\/\/moverdb.com\/hu\/moving-companies\/moving-companies-india\/#6_BR_Shastry\" >6. BR Shastry<\/a><\/li><li class='ez-toc-page-1 ez-toc-heading-level-2'><a class=\"ez-toc-link ez-toc-heading-7\" href=\"https:\/\/moverdb.com\/hu\/moving-companies\/moving-companies-india\/#7_Clintus\" >7. Clintus<\/a><\/li><li class='ez-toc-page-1 ez-toc-heading-level-2'><a class=\"ez-toc-link ez-toc-heading-8\" href=\"https:\/\/moverdb.com\/hu\/moving-companies\/moving-companies-india\/#8_Emerald_Relocations\" >8. Emerald \u00e1thelyez\u00e9sek<\/a><\/li><li class='ez-toc-page-1 ez-toc-heading-level-2'><a class=\"ez-toc-link ez-toc-heading-9\" href=\"https:\/\/moverdb.com\/hu\/moving-companies\/moving-companies-india\/#9_Formula_Group\" >9. K\u00e9plet csoport<\/a><\/li><li class='ez-toc-page-1 ez-toc-heading-level-2'><a class=\"ez-toc-link ez-toc-heading-10\" href=\"https:\/\/moverdb.com\/hu\/moving-companies\/moving-companies-india\/#10_Interem\" >10. Interem<\/a><\/li><li class='ez-toc-page-1 ez-toc-heading-level-2'><a class=\"ez-toc-link ez-toc-heading-11\" href=\"https:\/\/moverdb.com\/hu\/moving-companies\/moving-companies-india\/#11_Freight_Systems\" >11. Tehersz\u00e1ll\u00edt\u00e1si rendszerek<\/a><\/li><li class='ez-toc-page-1 ez-toc-heading-level-2'><a class=\"ez-toc-link ez-toc-heading-12\" href=\"https:\/\/moverdb.com\/hu\/moving-companies\/moving-companies-india\/#12_ISS_Relocations\" >12. ISS \u00e1thelyez\u00e9sek<\/a><\/li><li class='ez-toc-page-1 ez-toc-heading-level-2'><a class=\"ez-toc-link ez-toc-heading-13\" href=\"https:\/\/moverdb.com\/hu\/moving-companies\/moving-companies-india\/#13_Link_India\" >13. Link India<\/a><\/li><li class='ez-toc-page-1 ez-toc-heading-level-2'><a class=\"ez-toc-link ez-toc-heading-14\" href=\"https:\/\/moverdb.com\/hu\/moving-companies\/moving-companies-india\/#14_Maxwell_Relocations\" >14. Maxwell \u00e1thelyez\u00e9sek<\/a><\/li><li class='ez-toc-page-1 ez-toc-heading-level-2'><a class=\"ez-toc-link ez-toc-heading-15\" href=\"https:\/\/moverdb.com\/hu\/moving-companies\/moving-companies-india\/#15_IGL_Relocation\" >15. IGL \u00e1thelyez\u00e9s<\/a><\/li><li class='ez-toc-page-1 ez-toc-heading-level-2'><a class=\"ez-toc-link ez-toc-heading-16\" href=\"https:\/\/moverdb.com\/hu\/moving-companies\/moving-companies-india\/#16_Nippon_Express\" >16. Nippon Express<\/a><\/li><li class='ez-toc-page-1 ez-toc-heading-level-2'><a class=\"ez-toc-link ez-toc-heading-17\" href=\"https:\/\/moverdb.com\/hu\/moving-companies\/moving-companies-india\/#17_OM_TRAX\" >17. OM TRAX<\/a><\/li><li class='ez-toc-page-1 ez-toc-heading-level-2'><a class=\"ez-toc-link ez-toc-heading-18\" href=\"https:\/\/moverdb.com\/hu\/moving-companies\/moving-companies-india\/#18_Pacific_International_Moving_Services\" >18. Pacific International Moving Services<\/a><\/li><li class='ez-toc-page-1 ez-toc-heading-level-2'><a class=\"ez-toc-link ez-toc-heading-19\" href=\"https:\/\/moverdb.com\/hu\/moving-companies\/moving-companies-india\/#19_PMR\" >19. PMR<\/a><\/li><li class='ez-toc-page-1 ez-toc-heading-level-2'><a class=\"ez-toc-link ez-toc-heading-20\" href=\"https:\/\/moverdb.com\/hu\/moving-companies\/moving-companies-india\/#20_Pradhan_Relocation\" >20. Pradhan \u00e1thelyez\u00e9s<\/a><\/li><li class='ez-toc-page-1 ez-toc-heading-level-2'><a class=\"ez-toc-link ez-toc-heading-21\" href=\"https:\/\/moverdb.com\/hu\/moving-companies\/moving-companies-india\/#21_Royal_International_Worldwide_Relocations\" >21. Royal International Worldwide Relocations<\/a><\/li><li class='ez-toc-page-1 ez-toc-heading-level-2'><a class=\"ez-toc-link ez-toc-heading-22\" href=\"https:\/\/moverdb.com\/hu\/moving-companies\/moving-companies-india\/#22_Servile_Relocations\" >22. Szolg\u00e1lati \u00e1thelyez\u00e9sek<\/a><\/li><li class='ez-toc-page-1 ez-toc-heading-level-2'><a class=\"ez-toc-link ez-toc-heading-23\" href=\"https:\/\/moverdb.com\/hu\/moving-companies\/moving-companies-india\/#23_Santa_Fe_Relocation\" >23. Santa Fe \u00e1thelyez\u00e9se<\/a><\/li><li class='ez-toc-page-1 ez-toc-heading-level-2'><a class=\"ez-toc-link ez-toc-heading-24\" href=\"https:\/\/moverdb.com\/hu\/moving-companies\/moving-companies-india\/#24_Star_Worldwide_Group\" >24. Star Worldwide Group<\/a><\/li><li class='ez-toc-page-1 ez-toc-heading-level-2'><a class=\"ez-toc-link ez-toc-heading-25\" href=\"https:\/\/moverdb.com\/hu\/moving-companies\/moving-companies-india\/#25_Teamwork_Global_Logistics\" >25. Csapatmunka Glob\u00e1lis logisztika<\/a><\/li><li class='ez-toc-page-1 ez-toc-heading-level-2'><a class=\"ez-toc-link ez-toc-heading-26\" href=\"https:\/\/moverdb.com\/hu\/moving-companies\/moving-companies-india\/#26_Transcend_Mobility\" >26. Transzcendens mobilit\u00e1s<\/a><\/li><li class='ez-toc-page-1 ez-toc-heading-level-2'><a class=\"ez-toc-link ez-toc-heading-27\" href=\"https:\/\/moverdb.com\/hu\/moving-companies\/moving-companies-india\/#27_Transferet\" >27. Transzferet<\/a><\/li><li class='ez-toc-page-1 ez-toc-heading-level-2'><a class=\"ez-toc-link ez-toc-heading-28\" href=\"https:\/\/moverdb.com\/hu\/moving-companies\/moving-companies-india\/#28_TransOn_Movers\" >28. TransOn Movers<\/a><\/li><li class='ez-toc-page-1 ez-toc-heading-level-2'><a class=\"ez-toc-link ez-toc-heading-29\" href=\"https:\/\/moverdb.com\/hu\/moving-companies\/moving-companies-india\/#29_TransWorld_International\" >29. TransWorld International<\/a><\/li><li class='ez-toc-page-1 ez-toc-heading-level-2'><a class=\"ez-toc-link ez-toc-heading-30\" href=\"https:\/\/moverdb.com\/hu\/moving-companies\/moving-companies-india\/#30_Universal_Relocations\" >30. Univerz\u00e1lis \u00e1thelyez\u00e9sek<\/a><\/li><li class='ez-toc-page-1 ez-toc-heading-level-2'><a class=\"ez-toc-link ez-toc-heading-31\" href=\"https:\/\/moverdb.com\/hu\/moving-companies\/moving-companies-india\/#31_Verto_Mobility\" >31. Verto Mobilit\u00e1s<\/a><\/li><li class='ez-toc-page-1 ez-toc-heading-level-2'><a class=\"ez-toc-link ez-toc-heading-32\" href=\"https:\/\/moverdb.com\/hu\/moving-companies\/moving-companies-india\/#32_Welgrow_Line\" >32. Welgrow vonal<\/a><\/li><li class='ez-toc-page-1 ez-toc-heading-level-2'><a class=\"ez-toc-link ez-toc-heading-33\" href=\"https:\/\/moverdb.com\/hu\/moving-companies\/moving-companies-india\/#33_Worldstar_Shipping_Service\" >33. Worldstar Shipping Service<\/a><\/li><li class='ez-toc-page-1 ez-toc-heading-level-2'><a class=\"ez-toc-link ez-toc-heading-34\" href=\"https:\/\/moverdb.com\/hu\/moving-companies\/moving-companies-india\/#34_Writer_Relocations\" >34. \u00cdr\u00f3 \u00e1thelyez\u00e9sek<\/a><\/li><li class='ez-toc-page-1 ez-toc-heading-level-2'><a class=\"ez-toc-link ez-toc-heading-35\" href=\"https:\/\/moverdb.com\/hu\/moving-companies\/moving-companies-india\/#35_Globe_Moving\" >35. Globe Moving<\/a><\/li><li class='ez-toc-page-1 ez-toc-heading-level-2'><a class=\"ez-toc-link ez-toc-heading-36\" href=\"https:\/\/moverdb.com\/hu\/moving-companies\/moving-companies-india\/#36_I_Move_Global\" >36. I Move Global<\/a><\/li><li class='ez-toc-page-1 ez-toc-heading-level-2'><a class=\"ez-toc-link ez-toc-heading-37\" href=\"https:\/\/moverdb.com\/hu\/moving-companies\/moving-companies-india\/#37_AR_Across\" >37. AR keresztben<\/a><\/li><li class='ez-toc-page-1 ez-toc-heading-level-2'><a class=\"ez-toc-link ez-toc-heading-38\" href=\"https:\/\/moverdb.com\/hu\/moving-companies\/moving-companies-india\/#38_Global_Cargo_Shipping_Services\" >38. Glob\u00e1lis tehersz\u00e1ll\u00edt\u00e1si szolg\u00e1ltat\u00e1sok<\/a><\/li><li class='ez-toc-page-1 ez-toc-heading-level-2'><a class=\"ez-toc-link ez-toc-heading-39\" href=\"https:\/\/moverdb.com\/hu\/moving-companies\/moving-companies-india\/#39_KLH_Movers\" >39. KLH Movers<\/a><\/li><li class='ez-toc-page-1 ez-toc-heading-level-2'><a class=\"ez-toc-link ez-toc-heading-40\" href=\"https:\/\/moverdb.com\/hu\/moving-companies\/moving-companies-india\/#40_BM_International\" >40. B.M. International<\/a><\/li><li class='ez-toc-page-1 ez-toc-heading-level-2'><a class=\"ez-toc-link ez-toc-heading-41\" href=\"https:\/\/moverdb.com\/hu\/moving-companies\/moving-companies-india\/#41_Grace_Relocations\" >41. Grace \u00e1thelyez\u00e9sek<\/a><\/li><li class='ez-toc-page-1 ez-toc-heading-level-2'><a class=\"ez-toc-link ez-toc-heading-42\" href=\"https:\/\/moverdb.com\/hu\/moving-companies\/moving-companies-india\/#42_Aura_Mobility\" >42. Aura mobilit\u00e1s<\/a><\/li><li class='ez-toc-page-1 ez-toc-heading-level-2'><a class=\"ez-toc-link ez-toc-heading-43\" href=\"https:\/\/moverdb.com\/hu\/moving-companies\/moving-companies-india\/#43_Buhariwalas\" >43. Buhariwalas<\/a><\/li><li class='ez-toc-page-1 ez-toc-heading-level-2'><a class=\"ez-toc-link ez-toc-heading-44\" href=\"https:\/\/moverdb.com\/hu\/moving-companies\/moving-companies-india\/#44_LAC_Relocations\" >44. LAC \u00e1thelyez\u00e9sek<\/a><\/li><li class='ez-toc-page-1 ez-toc-heading-level-2'><a class=\"ez-toc-link ez-toc-heading-45\" href=\"https:\/\/moverdb.com\/hu\/moving-companies\/moving-companies-india\/#45_MaxPace_Relocations\" >45. MaxPace \u00e1thelyez\u00e9sek<\/a><\/li><li class='ez-toc-page-1 ez-toc-heading-level-2'><a class=\"ez-toc-link ez-toc-heading-46\" href=\"https:\/\/moverdb.com\/hu\/moving-companies\/moving-companies-india\/#46_Midwest_Relocations\" >46. Midwest Relocations<\/a><\/li><li class='ez-toc-page-1 ez-toc-heading-level-2'><a class=\"ez-toc-link ez-toc-heading-47\" href=\"https:\/\/moverdb.com\/hu\/moving-companies\/moving-companies-india\/#47_Packways_India\" >47. Packways India<\/a><\/li><li class='ez-toc-page-1 ez-toc-heading-level-2'><a class=\"ez-toc-link ez-toc-heading-48\" href=\"https:\/\/moverdb.com\/hu\/moving-companies\/moving-companies-india\/#48_Ashoka_International\" >48. Ashoka International<\/a><\/li><li class='ez-toc-page-1 ez-toc-heading-level-2'><a class=\"ez-toc-link ez-toc-heading-49\" href=\"https:\/\/moverdb.com\/hu\/moving-companies\/moving-companies-india\/#49_DRS_Logistics\" >49. DRS Logisztika<\/a><\/li><li class='ez-toc-page-1 ez-toc-heading-level-2'><a class=\"ez-toc-link ez-toc-heading-50\" href=\"https:\/\/moverdb.com\/hu\/moving-companies\/moving-companies-india\/#50_E-Movers\" >50. E-Movers<\/a><\/li><li class='ez-toc-page-1 ez-toc-heading-level-2'><a class=\"ez-toc-link ez-toc-heading-51\" href=\"https:\/\/moverdb.com\/hu\/moving-companies\/moving-companies-india\/#51_Indilog_Moving\" >51. Indilog mozgat\u00e1s<\/a><\/li><li class='ez-toc-page-1 ez-toc-heading-level-2'><a class=\"ez-toc-link ez-toc-heading-52\" href=\"https:\/\/moverdb.com\/hu\/moving-companies\/moving-companies-india\/#52_Joy_Logistics\" >52. Joy Logistics<\/a><\/li><li class='ez-toc-page-1 ez-toc-heading-level-2'><a class=\"ez-toc-link ez-toc-heading-53\" href=\"https:\/\/moverdb.com\/hu\/moving-companies\/moving-companies-india\/#53_Mithals\" >53. Mithals<\/a><\/li><li class='ez-toc-page-1 ez-toc-heading-level-2'><a class=\"ez-toc-link ez-toc-heading-54\" href=\"https:\/\/moverdb.com\/hu\/moving-companies\/moving-companies-india\/#54_RightStar_Relocations\" >54. RightStar Relocations<\/a><\/li><\/ul><\/nav><\/div>\n<h2><span class=\"ez-toc-section\" id=\"1_21st_Century_Relocations\"><\/span><strong>1. 21<sup>st<\/sup> Century Relocations<\/strong><span class=\"ez-toc-section-end\"><\/span><\/h2>\n<p><img loading=\"lazy\" decoding=\"async\" class=\"alignnone size-full wp-image-7652\" src=\"https:\/\/moverdb.com\/wp-content\/uploads\/21st-Century-Relocations-international-moving-company.png\" alt=\"21st Century Relocations nemzetk\u00f6zi k\u00f6lt\u00f6ztet\u0151 c\u00e9g\" width=\"1440\" height=\"682\" data-wp-pid=\"7652\" srcset=\"https:\/\/moverdb.com\/wp-content\/uploads\/21st-Century-Relocations-international-moving-company.png 1440w, https:\/\/moverdb.com\/wp-content\/uploads\/21st-Century-Relocations-international-moving-company-300x142.png 300w, https:\/\/moverdb.com\/wp-content\/uploads\/21st-Century-Relocations-international-moving-company-1024x485.png 1024w, https:\/\/moverdb.com\/wp-content\/uploads\/21st-Century-Relocations-international-moving-company-18x9.png 18w, https:\/\/moverdb.com\/wp-content\/uploads\/21st-Century-Relocations-international-moving-company-600x284.png 600w\" sizes=\"auto, (max-width: 1440px) 100vw, 1440px\" \/><\/p>\n<ul>\n<li>Helyi \u00e9s orsz\u00e1gos k\u00f6lt\u00f6z\u00e9sek<\/li>\n<li>Nemzetk\u00f6zi k\u00f6lt\u00f6z\u00e9sek<\/li>\n<li>H\u00e1ztart\u00e1si k\u00f6lt\u00f6z\u00e9sek<\/li>\n<li>V\u00e1llalati k\u00f6lt\u00f6z\u00e9sek<\/li>\n<li>H\u00e1zt\u00f3l-h\u00e1zig szolg\u00e1ltat\u00e1s<\/li>\n<li>Csomagol\u00e1si szolg\u00e1ltat\u00e1s<\/li>\n<li>Sz\u00e1ll\u00edt\u00e1s, bele\u00e9rtve a pap\u00edrmunk\u00e1t<\/li>\n<li>H\u00e1zi\u00e1llat \u00e9s j\u00e1rm\u0171 mozgat\u00e1sa<\/li>\n<li>Biztos\u00edt\u00e1s<\/li>\n<li>Rakt\u00e1roz\u00e1si lehet\u0151s\u00e9gek<\/li>\n<\/ul>\n<p>21<sup>st<\/sup> A Century Relocations egy csomagol\u00e1si \u00e9s k\u00f6lt\u00f6ztet\u00e9si szolg\u00e1ltat\u00e1sokat ny\u00fajt\u00f3 v\u00e1llalat, amely h\u00e1ztart\u00e1sok, v\u00e1llalatok \u00e9s diplomat\u00e1k sz\u00e1m\u00e1ra ny\u00fajt szolg\u00e1ltat\u00e1sokat. Irod\u00e1ik Mumbaiban, Bangalore-ban, Pune-ban, Hyderabadban, Delhiben \u00e9s Kalkutt\u00e1ban vannak. Tagjai az IAM-nek, 25 \u00e9ves szolg\u00e1lati id\u0151vel \u00e9s hozz\u00e1f\u00e9r\u00e9ssel a nemzetk\u00f6zi k\u00f6lt\u00f6ztet\u0151i h\u00e1l\u00f3zatukhoz.<\/p>\n<p>21<sup>st<\/sup> A Century Relocations h\u00e1zt\u00f3l-h\u00e1zig tart\u00f3 k\u00f6lt\u00f6ztet\u00e9si szolg\u00e1ltat\u00e1st k\u00edn\u00e1l, amely mag\u00e1ban foglalja a k\u00f6lt\u00f6z\u00e9s el\u0151tti felm\u00e9r\u00e9st \u00e9s becsl\u00e9st. Csomagol\u00e1si szolg\u00e1ltat\u00e1st ny\u00fajtanak kiv\u00e1l\u00f3 min\u0151s\u00e9g\u0171 anyagok felhaszn\u00e1l\u00e1s\u00e1val, hogy megv\u00e9dj\u00e9k az \u00e1rukat a sz\u00e1razf\u00f6ldi, l\u00e9gi vagy tengeri sz\u00e1ll\u00edt\u00e1s sor\u00e1n, v\u00e1m\u00fcgyn\u00f6ki tev\u00e9kenys\u00e9ggel. Tov\u00e1bbi szolg\u00e1ltat\u00e1sokat is k\u00edn\u00e1lnak, bele\u00e9rtve a speci\u00e1lis rakom\u00e1nyt, az aut\u00f3- \u00e9s kis\u00e1llatsz\u00e1ll\u00edt\u00e1st, a biztos\u00edt\u00e1st \u00e9s az orient\u00e1ci\u00f3s szolg\u00e1ltat\u00e1sokat.<\/p>\n<p>Weboldal: <a href=\"http:\/\/www.21stcenturyrelocations.com\/\" target=\"_blank\" rel=\"noopener\">http:\/\/www.21stcenturyrelocations.com\/<\/a><\/p>\n<h2><span class=\"ez-toc-section\" id=\"2_Agarwal_Packers_and_Movers\"><\/span><strong>2. <\/strong><strong>Agarwal csomagol\u00f3k \u00e9s k\u00f6lt\u00f6ztet\u0151k<\/strong><span class=\"ez-toc-section-end\"><\/span><\/h2>\n<p><img loading=\"lazy\" decoding=\"async\" class=\"alignnone size-full wp-image-7657\" src=\"https:\/\/moverdb.com\/wp-content\/uploads\/Agarwal-Packers-and-Movers-international-moving-company.png\" alt=\"Agarwal Packers and Movers nemzetk\u00f6zi k\u00f6lt\u00f6ztet\u0151 c\u00e9g\" width=\"1440\" height=\"683\" data-wp-pid=\"7657\" srcset=\"https:\/\/moverdb.com\/wp-content\/uploads\/Agarwal-Packers-and-Movers-international-moving-company.png 1440w, https:\/\/moverdb.com\/wp-content\/uploads\/Agarwal-Packers-and-Movers-international-moving-company-300x142.png 300w, https:\/\/moverdb.com\/wp-content\/uploads\/Agarwal-Packers-and-Movers-international-moving-company-1024x486.png 1024w, https:\/\/moverdb.com\/wp-content\/uploads\/Agarwal-Packers-and-Movers-international-moving-company-18x9.png 18w, https:\/\/moverdb.com\/wp-content\/uploads\/Agarwal-Packers-and-Movers-international-moving-company-600x285.png 600w\" sizes=\"auto, (max-width: 1440px) 100vw, 1440px\" \/><\/p>\n<ul>\n<li>Nemzeti l\u00e9p\u00e9sek<\/li>\n<li>Nemzetk\u00f6zi k\u00f6lt\u00f6z\u00e9sek<\/li>\n<li>Lakoss\u00e1gi k\u00f6lt\u00f6z\u00e9sek<\/li>\n<li>Irodai \u00e9s kereskedelmi k\u00f6lt\u00f6z\u00e9sek<\/li>\n<li>Csomagol\u00e1si szolg\u00e1ltat\u00e1sok<\/li>\n<li>K\u00f6z\u00fati, l\u00e9gi \u00e9s tengeri sz\u00e1ll\u00edt\u00e1s<\/li>\n<li>V\u00e1mkezel\u00e9s<\/li>\n<li>K\u00e9pz\u0151m\u0171v\u00e9szeti sz\u00e1ll\u00edt\u00e1s<\/li>\n<li>Aut\u00f3sz\u00e1ll\u00edt\u00e1s<\/li>\n<li>Biztons\u00e1gos t\u00e1rol\u00e1s<\/li>\n<\/ul>\n<p>Az Agarwal Packers and Movers egy logisztikai v\u00e1llalat, amely csomagol\u00e1si \u00e9s k\u00f6lt\u00f6ztet\u00e9si szolg\u00e1ltat\u00e1sokat ny\u00fajt. Szolg\u00e1ltat\u00e1saikat 1987 \u00f3ta ny\u00fajtj\u00e1k, irod\u00e1ik \u00daj-Delhiben, Hyderabadban, Mumbaiban, Chennaiban, Kolkat\u00e1ban \u00e9s Bangalore-ban vannak, de a vil\u00e1gm\u00e9ret\u0171 k\u00f6lt\u00f6z\u00e9sekhez partnerh\u00e1l\u00f3zatot haszn\u00e1lnak. Az IAM tagjak\u00e9nt 36 \u00e9ves szolg\u00e1lati id\u0151vel rendelkeznek.<\/p>\n<p>Az Agarwal Packers and Movers els\u0151 felm\u00e9r\u00e9st ny\u00fajt az \u00d6n ig\u00e9nyeinek \u00e9s \u00e1raj\u00e1nlat\u00e1nak meg\u00e1llap\u00edt\u00e1s\u00e1hoz. A csomagol\u00e1si szolg\u00e1ltat\u00e1st a c\u00e9lnak \u00e9s a sz\u00e1ll\u00edt\u00e1si m\u00f3dnak megfelel\u0151 min\u0151s\u00e9gi anyagok sz\u00e9les v\u00e1laszt\u00e9k\u00e1val ny\u00fajtj\u00e1k. Sz\u00fcks\u00e9g eset\u00e9n megszervezik a sz\u00e1ll\u00edt\u00e1st v\u00e1mkezel\u00e9ssel \u00e9s t\u00e1rol\u00e1ssal egy\u00fctt.<\/p>\n<p>Weboldal: <a href=\"https:\/\/www.agarwalpackers.com\/\" target=\"_blank\" rel=\"noopener\">https:\/\/www.agarwalpackers.com\/<\/a><\/p>\n<h2><span class=\"ez-toc-section\" id=\"3_Alianza_World_Logistics\"><\/span><strong>3. Alianza World Logistics<\/strong><span class=\"ez-toc-section-end\"><\/span><\/h2>\n<p><img loading=\"lazy\" decoding=\"async\" class=\"alignnone size-full wp-image-7659\" src=\"https:\/\/moverdb.com\/wp-content\/uploads\/Alianza-World-Logistics-international-moving-company.png\" alt=\"Alianza World Logistics nemzetk\u00f6zi k\u00f6lt\u00f6ztet\u0151 c\u00e9g\" width=\"1440\" height=\"679\" data-wp-pid=\"7659\" srcset=\"https:\/\/moverdb.com\/wp-content\/uploads\/Alianza-World-Logistics-international-moving-company.png 1440w, https:\/\/moverdb.com\/wp-content\/uploads\/Alianza-World-Logistics-international-moving-company-300x141.png 300w, https:\/\/moverdb.com\/wp-content\/uploads\/Alianza-World-Logistics-international-moving-company-1024x483.png 1024w, https:\/\/moverdb.com\/wp-content\/uploads\/Alianza-World-Logistics-international-moving-company-18x8.png 18w, https:\/\/moverdb.com\/wp-content\/uploads\/Alianza-World-Logistics-international-moving-company-600x283.png 600w\" sizes=\"auto, (max-width: 1440px) 100vw, 1440px\" \/><\/p>\n<ul>\n<li>Nemzeti l\u00e9p\u00e9sek<\/li>\n<li>Nemzetk\u00f6zi k\u00f6lt\u00f6z\u00e9sek<\/li>\n<li>Lakoss\u00e1gi k\u00f6lt\u00f6z\u00e9sek<\/li>\n<li>V\u00e1llalati k\u00f6lt\u00f6z\u00e9sek<\/li>\n<li>\u00c1thelyez\u00e9si szolg\u00e1ltat\u00e1s<\/li>\n<li>Csomagol\u00e1si szolg\u00e1ltat\u00e1s<\/li>\n<li>V\u00e1mkezel\u00e9s<\/li>\n<li>K\u00e9pz\u0151m\u0171v\u00e9szeti mozgat\u00e1s<\/li>\n<li>H\u00e1zi\u00e1llat \u00e9s aut\u00f3 mozgat\u00e1s<\/li>\n<li>Rakt\u00e1roz\u00e1si lehet\u0151s\u00e9gek<\/li>\n<\/ul>\n<p>Az Alianza World Logistics egy 2015-ben alap\u00edtott k\u00f6lt\u00f6ztet\u0151, k\u00f6lt\u00f6ztet\u0151 \u00e9s logisztikai v\u00e1llalat. Irod\u00e1ik Mumbaiban, \u00dajdelhiben, Bangalore-ban, Hyderabadban, Chennaiban \u00e9s Kalkutt\u00e1ban vannak. Partnereik h\u00e1l\u00f3zata India- \u00e9s vil\u00e1gszerte seg\u00edti \u0151ket. Az IAM tagjak\u00e9nt m\u00e1r nyolc \u00e9ve tagok.<\/p>\n<p>Az Alianza World Logistics szem\u00e9lyre szabott k\u00f6lt\u00f6ztet\u00e9si szolg\u00e1ltat\u00e1st ny\u00fajt, amely professzion\u00e1lis csomagol\u00e1si szolg\u00e1ltat\u00e1st ny\u00fajt, hogy megv\u00e9dje a holmij\u00e1t a sz\u00e1ll\u00edt\u00e1s sor\u00e1n, \u00e9s seg\u00edts\u00e9get ny\u00fajt a v\u00e1mkezel\u00e9sben. Speci\u00e1lis szolg\u00e1ltat\u00e1sokat k\u00edn\u00e1lnak, bele\u00e9rtve a k\u00e9pz\u0151m\u0171v\u00e9szeti t\u00e1rgyak, h\u00e1zi\u00e1llatok \u00e9s aut\u00f3k k\u00f6lt\u00f6ztet\u00e9s\u00e9t. K\u00f6lt\u00f6ztet\u00e9si szolg\u00e1ltat\u00e1st is k\u00edn\u00e1lnak, amely mag\u00e1ban foglalja az indul\u00e1si szolg\u00e1ltat\u00e1sokat, az otthonkeres\u00e9st, a bev\u00e1ndorl\u00e1st, a leteleped\u00e9si szolg\u00e1ltat\u00e1sokat, a t\u00e1j\u00e9koz\u00f3d\u00e1st \u00e9s az \u00e9letm\u00f3d-ellen\u0151rz\u00e9st.<\/p>\n<p>Weboldal: <a href=\"https:\/\/alianzaworld.com\/\" target=\"_blank\" rel=\"noopener\">https:\/\/alianzaworld.com\/<\/a><\/p>\n<h2><span class=\"ez-toc-section\" id=\"4_Allied\"><\/span><strong>4. Sz\u00f6vets\u00e9gesek<\/strong><span class=\"ez-toc-section-end\"><\/span><\/h2>\n<p><img loading=\"lazy\" decoding=\"async\" class=\"alignnone size-full wp-image-7661\" src=\"https:\/\/moverdb.com\/wp-content\/uploads\/Allied-international-moving-company-1.png\" alt=\"Sz\u00f6vets\u00e9ges nemzetk\u00f6zi k\u00f6lt\u00f6ztet\u0151 c\u00e9g\" width=\"1440\" height=\"680\" data-wp-pid=\"7661\" srcset=\"https:\/\/moverdb.com\/wp-content\/uploads\/Allied-international-moving-company-1.png 1440w, https:\/\/moverdb.com\/wp-content\/uploads\/Allied-international-moving-company-1-300x142.png 300w, https:\/\/moverdb.com\/wp-content\/uploads\/Allied-international-moving-company-1-1024x484.png 1024w, https:\/\/moverdb.com\/wp-content\/uploads\/Allied-international-moving-company-1-18x9.png 18w, https:\/\/moverdb.com\/wp-content\/uploads\/Allied-international-moving-company-1-600x283.png 600w\" sizes=\"auto, (max-width: 1440px) 100vw, 1440px\" \/><\/p>\n<ul>\n<li>Nemzeti k\u00f6lt\u00f6z\u00e9s<\/li>\n<li>Nemzetk\u00f6zi k\u00f6lt\u00f6z\u00e9s<\/li>\n<li>H\u00e1ztart\u00e1si k\u00f6lt\u00f6z\u00e9s<\/li>\n<li>V\u00e1llalati k\u00f6lt\u00f6z\u00e9s<\/li>\n<li>Csomagol\u00e1si szolg\u00e1ltat\u00e1sok<\/li>\n<li>K\u00f6z\u00fati, tengeri \u00e9s l\u00e9gi sz\u00e1ll\u00edt\u00e1s<\/li>\n<li>V\u00e1mkezel\u00e9s<\/li>\n<li>H\u00e1zi\u00e1llatok \u00e9s j\u00e1rm\u0171vek \u00e1thelyez\u00e9se<\/li>\n<li>Biztos\u00edt\u00e1s<\/li>\n<li>Rakt\u00e1roz\u00e1si lehet\u0151s\u00e9gek<\/li>\n<\/ul>\n<p>Az Allied, kor\u00e1bban Allied Pickfords, k\u00f6lt\u00f6ztet\u00e9si \u00e9s csomagol\u00e1si szolg\u00e1ltat\u00e1sokat ny\u00fajt. \u00daj Delhiben, Bengaluruban, Chennaiban, Mumbaiban, Pune-ban \u00e9s Hyderabadban van irod\u00e1juk. Integr\u00e1lt k\u00f6lt\u00f6ztet\u0151 h\u00e1l\u00f3zattal rendelkeznek az eg\u00e9sz vil\u00e1gon, \u00f6t kontinensen t\u00f6bb mint 600 irod\u00e1val. A FIDI \u00e1ltal akkredit\u00e1ltak.<\/p>\n<p>Az Allied professzion\u00e1lis k\u00f6lt\u00f6ztet\u00e9si szolg\u00e1ltat\u00e1st ny\u00fajt, hogy szem\u00e9lyes k\u00f6lt\u00f6z\u00e9si koordin\u00e1torral seg\u00edtsen cs\u00f6kkenteni a k\u00f6lt\u00f6z\u00e9sek stressz\u00e9t. Csomagol\u00e1si szolg\u00e1ltat\u00e1st ny\u00fajtanak, amely biztons\u00e1gosan v\u00e9di a holmij\u00e1t az \u00fat sor\u00e1n, \u00e9s a c\u00e9l\u00e1llom\u00e1son kicsomagolj\u00e1k \u00d6nnek. Alapos lelt\u00e1rt k\u00e9sz\u00edtenek, \u00e9s lehet\u0151v\u00e9 teszik, hogy nyomon k\u00f6vethesse annak mozg\u00e1s\u00e1t az utaz\u00e1s sor\u00e1n.<\/p>\n<p>Weboldal: <a href=\"https:\/\/www.allied.com\/in\/\" target=\"_blank\" rel=\"noopener\">https:\/\/www.allied.com\/in\/<\/a><\/p>\n<h2><span class=\"ez-toc-section\" id=\"5_AVZA\"><\/span><strong>5. AVZA<\/strong><span class=\"ez-toc-section-end\"><\/span><\/h2>\n<p><img loading=\"lazy\" decoding=\"async\" class=\"alignnone size-full wp-image-7670\" src=\"https:\/\/moverdb.com\/wp-content\/uploads\/AVZA-international-moving-company.png\" alt=\"AVZA nemzetk\u00f6zi k\u00f6lt\u00f6ztet\u0151 c\u00e9g\" width=\"1440\" height=\"681\" data-wp-pid=\"7670\" srcset=\"https:\/\/moverdb.com\/wp-content\/uploads\/AVZA-international-moving-company.png 1440w, https:\/\/moverdb.com\/wp-content\/uploads\/AVZA-international-moving-company-300x142.png 300w, https:\/\/moverdb.com\/wp-content\/uploads\/AVZA-international-moving-company-1024x484.png 1024w, https:\/\/moverdb.com\/wp-content\/uploads\/AVZA-international-moving-company-18x9.png 18w, https:\/\/moverdb.com\/wp-content\/uploads\/AVZA-international-moving-company-600x284.png 600w\" sizes=\"auto, (max-width: 1440px) 100vw, 1440px\" \/><\/p>\n<ul>\n<li>Nemzeti l\u00e9p\u00e9sek<\/li>\n<li>Nemzetk\u00f6zi k\u00f6lt\u00f6z\u00e9sek<\/li>\n<li>H\u00e1ztart\u00e1s \u00e1thelyez\u00e9se<\/li>\n<li>Irodai k\u00f6lt\u00f6z\u00e9sek<\/li>\n<li>Csomagol\u00e1si lehet\u0151s\u00e9gek v\u00e1laszt\u00e9ka<\/li>\n<li>Sz\u00e1ll\u00edt\u00e1si meg\u00e1llapod\u00e1sok<\/li>\n<li>K\u00e9pz\u0151m\u0171v\u00e9szeti mozg\u00e1sok<\/li>\n<li>H\u00e1zi\u00e1llat \u00e1thelyez\u00e9sek<\/li>\n<li>J\u00e1rm\u0171transzferek<\/li>\n<li>Rakt\u00e1roz\u00e1si lehet\u0151s\u00e9gek<\/li>\n<\/ul>\n<p>Az AVZA egy k\u00f6lt\u00f6ztet\u0151 \u00e9s k\u00f6lt\u00f6ztet\u0151 c\u00e9g, amely \u00dajdelhiben, Ahmedabadban, Mumbaiban, Bangalore-ban, Chennaiban \u00e9s Coimbatore-ban rendelkezik telephellyel. Nemzetk\u00f6zi \u00fcgyn\u00f6k\u00f6kkel \u00e9s sz\u00e1ll\u00edtm\u00e1nyoz\u00f3kkal dolgoznak egy\u00fctt a nemzetk\u00f6zi szolg\u00e1ltat\u00e1sok ny\u00fajt\u00e1sa \u00e9rdek\u00e9ben. Az IAM tagjak\u00e9nt hat\u00e9ves szolg\u00e1lati id\u0151vel rendelkeznek.<\/p>\n<p>Az AVZA a dobozon k\u00edv\u00fcli megold\u00e1sokat k\u00edn\u00e1l a k\u00f6lt\u00f6z\u00e9sekhez a csomagol\u00e1si lehet\u0151s\u00e9gek sz\u00e9les sk\u00e1l\u00e1j\u00e1val, amelyek magukban foglalj\u00e1k az \u00f6ncsomagol\u00e1st, a csomagol\u00e1si seg\u00edts\u00e9get \u00e9s a teljes csomagol\u00e1si szolg\u00e1ltat\u00e1st. Megszervezik a holmij\u00e1nak sz\u00e1ll\u00edt\u00e1s\u00e1t \u00e9s nyomon k\u00f6vetik azt, valamint folyamatosan t\u00e1j\u00e9koztatj\u00e1k \u00d6nt a folyamatr\u00f3l. Tov\u00e1bbi szolg\u00e1ltat\u00e1sokat k\u00edn\u00e1lnak, bele\u00e9rtve a k\u00e9pz\u0151m\u0171v\u00e9szeti t\u00e1rgyak, h\u00e1zi\u00e1llatok \u00e9s j\u00e1rm\u0171vek sz\u00e1ll\u00edt\u00e1s\u00e1t.<\/p>\n<p>Weboldal: <a href=\"https:\/\/www.avzamove.com\/\" target=\"_blank\" rel=\"noopener\">https:\/\/www.avzamove.com\/<\/a><\/p>\n<h2><span class=\"ez-toc-section\" id=\"6_BR_Shastry\"><\/span><strong>6. BR Shastry<\/strong><span class=\"ez-toc-section-end\"><\/span><\/h2>\n<p><img loading=\"lazy\" decoding=\"async\" class=\"alignnone size-full wp-image-7677\" src=\"https:\/\/moverdb.com\/wp-content\/uploads\/BR-Shastry-international-moving-company.png\" alt=\"BR Shastry nemzetk\u00f6zi k\u00f6lt\u00f6ztet\u0151 c\u00e9g\" width=\"1440\" height=\"536\" data-wp-pid=\"7677\" srcset=\"https:\/\/moverdb.com\/wp-content\/uploads\/BR-Shastry-international-moving-company.png 1440w, https:\/\/moverdb.com\/wp-content\/uploads\/BR-Shastry-international-moving-company-300x112.png 300w, https:\/\/moverdb.com\/wp-content\/uploads\/BR-Shastry-international-moving-company-1024x381.png 1024w, https:\/\/moverdb.com\/wp-content\/uploads\/BR-Shastry-international-moving-company-18x7.png 18w, https:\/\/moverdb.com\/wp-content\/uploads\/BR-Shastry-international-moving-company-600x223.png 600w\" sizes=\"auto, (max-width: 1440px) 100vw, 1440px\" \/><\/p>\n<ul>\n<li>Nemzeti l\u00e9p\u00e9sek<\/li>\n<li>Nemzetk\u00f6zi k\u00f6lt\u00f6z\u00e9sek<\/li>\n<li>H\u00e1ztart\u00e1si k\u00f6lt\u00f6z\u00e9sek<\/li>\n<li>Alkalmazottak \u00e1thelyez\u00e9se<\/li>\n<li>Csomagol\u00e1si szolg\u00e1ltat\u00e1s<\/li>\n<li>Kiv\u00e1l\u00f3 min\u0151s\u00e9g\u0171 csomagol\u00f3anyagok<\/li>\n<li>A sz\u00e1ll\u00edtm\u00e1nyok elrendez\u00e9se<\/li>\n<li>K\u00fcldem\u00e9nyk\u00f6vet\u00e9si lehet\u0151s\u00e9g<\/li>\n<li>10 iroda Indi\u00e1ban<\/li>\n<li>Nemzetk\u00f6zi \u00fcgyn\u00f6ki t\u00e1mogat\u00e1s<\/li>\n<\/ul>\n<p>A BR Shastry egy teljes k\u00f6r\u0171 szolg\u00e1ltat\u00e1st ny\u00fajt\u00f3 nemzetk\u00f6zi csomagol\u00f3 \u00e9s k\u00f6lt\u00f6ztet\u0151 c\u00e9g, amely a szem\u00e9lyes t\u00e1rgyakra specializ\u00e1l\u00f3dott. Irod\u00e1ik Mumbaiban, Pune-ban, \u00dajdelhiben, Kolkat\u00e1ban, Hyderabadban, Chennaiban, Go\u00e1ban, Nagpurban, Indore-ban \u00e9s Bangalore-ban vannak, \u00e9s nemzetk\u00f6zi szolg\u00e1ltat\u00e1saik ny\u00fajt\u00e1sa \u00e9rdek\u00e9ben vil\u00e1gszerte \u00fcgyn\u00f6k\u00f6kkel dolgoznak egy\u00fctt. Az IAM tagjak\u00e9nt 27 \u00e9ves szolg\u00e1lati id\u0151vel rendelkeznek.<\/p>\n<p>A BR Shastry b\u00fcszke arra, hogy nemzetk\u00f6zi szabv\u00e1nyoknak megfelel\u0151 szolg\u00e1ltat\u00e1sokat ny\u00fajt, bele\u00e9rtve a csomagol\u00e1st is. K\u00fcl\u00f6nf\u00e9le min\u0151s\u00e9gi csomagol\u00f3anyagokat haszn\u00e1lnak, amelyek mind a v\u00e9dend\u0151 t\u00e1rgynak, mind a sz\u00e1ll\u00edt\u00e1si m\u00f3dnak megfelelnek. Online sz\u00e1ll\u00edt\u00e1si nyomon k\u00f6vet\u00e9si lehet\u0151s\u00e9get biztos\u00edtanak.<\/p>\n<p>Weboldal: <a href=\"https:\/\/www.brshastry.com\/\" target=\"_blank\" rel=\"noopener\">https:\/\/www.brshastry.com\/<\/a><\/p>\n<h2><span class=\"ez-toc-section\" id=\"7_Clintus\"><\/span><strong>7. Clintus<\/strong><span class=\"ez-toc-section-end\"><\/span><\/h2>\n<p><img loading=\"lazy\" decoding=\"async\" class=\"alignnone size-full wp-image-7684\" src=\"https:\/\/moverdb.com\/wp-content\/uploads\/Clintus-international-moving-company.png\" alt=\"Clintus nemzetk\u00f6zi k\u00f6lt\u00f6ztet\u0151 c\u00e9g\" width=\"1440\" height=\"662\" data-wp-pid=\"7684\" srcset=\"https:\/\/moverdb.com\/wp-content\/uploads\/Clintus-international-moving-company.png 1440w, https:\/\/moverdb.com\/wp-content\/uploads\/Clintus-international-moving-company-300x138.png 300w, https:\/\/moverdb.com\/wp-content\/uploads\/Clintus-international-moving-company-1024x471.png 1024w, https:\/\/moverdb.com\/wp-content\/uploads\/Clintus-international-moving-company-18x8.png 18w, https:\/\/moverdb.com\/wp-content\/uploads\/Clintus-international-moving-company-600x276.png 600w\" sizes=\"auto, (max-width: 1440px) 100vw, 1440px\" \/><\/p>\n<ul>\n<li>Nemzeti l\u00e9p\u00e9sek<\/li>\n<li>Nemzetk\u00f6zi k\u00f6lt\u00f6z\u00e9sek<\/li>\n<li>H\u00e1ztart\u00e1si k\u00f6lt\u00f6z\u00e9sek<\/li>\n<li>Alkalmazottak \u00e1thelyez\u00e9se<\/li>\n<li>Teljes k\u00f6lt\u00f6ztet\u0151 csomag<\/li>\n<li>Sz\u00e1ll\u00edt\u00e1s megszervez\u00e9se<\/li>\n<li>V\u00e1mkezel\u00e9s<\/li>\n<li>K\u00e9pz\u0151m\u0171v\u00e9szeti \u00e9s ki\u00e1ll\u00edt\u00e1si mozg\u00e1sok<\/li>\n<li>J\u00e1rm\u0171sz\u00e1ll\u00edt\u00e1s<\/li>\n<li>H\u00e1zi\u00e1llat sz\u00e1ll\u00edt\u00e1s<\/li>\n<\/ul>\n<p>A Clintus egy 1989-ben alap\u00edtott k\u00f6lt\u00f6ztet\u0151 \u00e9s k\u00f6lt\u00f6ztet\u0151 szolg\u00e1ltat\u00e1s, amelynek sz\u00e9khelye \u00dajdelhiben tal\u00e1lhat\u00f3. Emellett Bangalore-ban, Mumbaiban, Chennaiban \u00e9s Hyderabadban is van irod\u00e1juk. A nemzetk\u00f6zi szolg\u00e1ltat\u00e1sok ny\u00fajt\u00e1sa \u00e9rdek\u00e9ben bev\u00e1lt besz\u00e1ll\u00edt\u00f3k glob\u00e1lis h\u00e1l\u00f3zat\u00e1val dolgoznak egy\u00fctt. Az IAM 26 \u00e9ves tagjak\u00e9nt a FIDI \u00e1ltal akkredit\u00e1ltak.<\/p>\n<p>A Clintus helyi, orsz\u00e1gos \u00e9s nemzetk\u00f6zi k\u00f6lt\u00f6ztet\u00e9si szolg\u00e1ltat\u00e1sokat k\u00edn\u00e1l a h\u00e1ztart\u00e1sok \u00e9s a munkav\u00e1llal\u00f3k sz\u00e1m\u00e1ra. A k\u00f6lt\u00f6z\u00e9s minden l\u00e9p\u00e9s\u00e9t \u0151k int\u00e9zik, hogy az z\u00f6kken\u0151mentesen menjen. Olyan k\u00f6lt\u00f6z\u00e9si szolg\u00e1ltat\u00e1sokat k\u00edn\u00e1lnak, amelyek magukban foglalj\u00e1k a t\u00e1j\u00e9koz\u00f3d\u00e1st, a lak\u00e1s- \u00e9s iskolakeres\u00e9st, a beilleszked\u00e9si szolg\u00e1ltat\u00e1sokat \u00e9s a t\u00e1voz\u00e1si szolg\u00e1ltat\u00e1sokat.<\/p>\n<p>Weboldal: <a href=\"http:\/\/clintus.com\/\" target=\"_blank\" rel=\"noopener\">http:\/\/clintus.com\/<\/a><\/p>\n<h2><span class=\"ez-toc-section\" id=\"8_Emerald_Relocations\"><\/span><strong>8. Emerald \u00e1thelyez\u00e9sek<\/strong><span class=\"ez-toc-section-end\"><\/span><\/h2>\n<p><img loading=\"lazy\" decoding=\"async\" class=\"alignnone size-full wp-image-7768\" src=\"https:\/\/moverdb.com\/wp-content\/uploads\/Emerald-Relocations-international-moving-company.png\" alt=\"Emerald Relocations nemzetk\u00f6zi k\u00f6lt\u00f6ztet\u0151 c\u00e9g\" width=\"1440\" height=\"686\" data-wp-pid=\"7768\" srcset=\"https:\/\/moverdb.com\/wp-content\/uploads\/Emerald-Relocations-international-moving-company.png 1440w, https:\/\/moverdb.com\/wp-content\/uploads\/Emerald-Relocations-international-moving-company-300x143.png 300w, https:\/\/moverdb.com\/wp-content\/uploads\/Emerald-Relocations-international-moving-company-1024x488.png 1024w, https:\/\/moverdb.com\/wp-content\/uploads\/Emerald-Relocations-international-moving-company-18x9.png 18w, https:\/\/moverdb.com\/wp-content\/uploads\/Emerald-Relocations-international-moving-company-600x286.png 600w\" sizes=\"auto, (max-width: 1440px) 100vw, 1440px\" \/><\/p>\n<ul>\n<li>Nemzeti l\u00e9p\u00e9sek<\/li>\n<li>Nemzetk\u00f6zi k\u00f6lt\u00f6z\u00e9sek<\/li>\n<li>H\u00e1ztart\u00e1si k\u00f6lt\u00f6z\u00e9sek<\/li>\n<li>H\u00e1zt\u00f3l-h\u00e1zig szolg\u00e1ltat\u00e1s<\/li>\n<li>Csomagol\u00e1si szolg\u00e1ltat\u00e1s<\/li>\n<li>Min\u0151s\u00e9gi csomagol\u00f3anyagok<\/li>\n<li>A sz\u00e1ll\u00edt\u00e1s ir\u00e1ny\u00edt\u00e1sa<\/li>\n<li>Seg\u00edts\u00e9gny\u00fajt\u00e1s a v\u00e1mdokument\u00e1ci\u00f3val kapcsolatban<\/li>\n<li>H\u00e1zi\u00e1llat \u00e1thelyez\u00e9sek<\/li>\n<li>Rakt\u00e1roz\u00e1si lehet\u0151s\u00e9gek<\/li>\n<\/ul>\n<p>Az Emerald Relocations egy teljes k\u00f6r\u0171 szolg\u00e1ltat\u00e1st ny\u00fajt\u00f3 k\u00f6lt\u00f6z\u00e9sszervez\u0151 \u00e9s k\u00f6lt\u00f6ztet\u0151 c\u00e9g, amelynek irod\u00e1i Indi\u00e1ban \u00e9s az Egyes\u00fclt Kir\u00e1lys\u00e1gban vannak. <a href=\"https:\/\/moverdb.com\/hu\/moving-to-the-united-states\/\" data-internallinksmanager029f6b8e52c=\"94\" title=\"Az Egyes\u00fclt \u00c1llamokba k\u00f6lt\u00f6zik? 2022 Meg\u00e9lhet\u00e9si k\u00f6lts\u00e9gek \u00e9s k\u00f6lt\u00f6z\u00e9si tippek\">US<\/a>. Indiai irod\u00e1ik Chennaiban, Bangalore-ban, Mumbaiban, Andhra Pradeshben \u00e9s Pondicherryben vannak. Nemzetk\u00f6zi \u00fcgyn\u00f6k\u00f6k \u00e9s \u00fczleti partnerek h\u00e1l\u00f3zata seg\u00edti \u0151ket vil\u00e1gszerte t\u00f6bb mint 170 orsz\u00e1gban. Az IAM tagjak\u00e9nt 14 \u00e9ves szolg\u00e1lati id\u0151vel rendelkeznek.<\/p>\n<p>Az Emerald Relocations h\u00e1zt\u00f3l-h\u00e1zig tart\u00f3 k\u00f6lt\u00f6ztet\u00e9si szolg\u00e1ltat\u00e1st ny\u00fajt, amely mag\u00e1ban foglal egy kezdeti felm\u00e9r\u00e9st az \u00d6n ig\u00e9nyeinek felm\u00e9r\u00e9s\u00e9re \u00e9s egy becsl\u00e9st. Professzion\u00e1lis csomagol\u00e1si szolg\u00e1ltat\u00e1st ny\u00fajtanak, amely min\u0151s\u00e9gi csomagol\u00f3anyagokat haszn\u00e1l \u00e9s magas sz\u00ednvonalon dolgozik. Megszervezik a sz\u00e1ll\u00edt\u00e1st \u00e9s a v\u00e1malakis\u00e1gokat.<\/p>\n<p>Weboldal: <a href=\"https:\/\/www.emeraldrelocations.com\/\" target=\"_blank\" rel=\"noopener\">https:\/\/www.emeraldrelocations.com\/<\/a><\/p>\n<h2><span class=\"ez-toc-section\" id=\"9_Formula_Group\"><\/span><strong>9. K\u00e9plet csoport<\/strong><span class=\"ez-toc-section-end\"><\/span><\/h2>\n<p><img loading=\"lazy\" decoding=\"async\" class=\"alignnone size-full wp-image-7692\" src=\"https:\/\/moverdb.com\/wp-content\/uploads\/Formula-Group-international-moving-company.png\" alt=\"Formula Group nemzetk\u00f6zi k\u00f6lt\u00f6ztet\u0151 c\u00e9g\" width=\"1440\" height=\"676\" data-wp-pid=\"7692\" srcset=\"https:\/\/moverdb.com\/wp-content\/uploads\/Formula-Group-international-moving-company.png 1440w, https:\/\/moverdb.com\/wp-content\/uploads\/Formula-Group-international-moving-company-300x141.png 300w, https:\/\/moverdb.com\/wp-content\/uploads\/Formula-Group-international-moving-company-1024x481.png 1024w, https:\/\/moverdb.com\/wp-content\/uploads\/Formula-Group-international-moving-company-18x8.png 18w, https:\/\/moverdb.com\/wp-content\/uploads\/Formula-Group-international-moving-company-600x282.png 600w\" sizes=\"auto, (max-width: 1440px) 100vw, 1440px\" \/><\/p>\n<ul>\n<li>Helyi \u00e9s orsz\u00e1gos k\u00f6lt\u00f6z\u00e9sek<\/li>\n<li>Nemzetk\u00f6zi k\u00f6lt\u00f6z\u00e9sek<\/li>\n<li>H\u00e1ztart\u00e1si k\u00f6lt\u00f6z\u00e9sek<\/li>\n<li>Alkalmazottak \u00e1thelyez\u00e9se<\/li>\n<li>\u00dczleti mobilit\u00e1s<\/li>\n<li>Dedik\u00e1lt k\u00f6lt\u00f6z\u00e9si koordin\u00e1tor<\/li>\n<li>Csomagol\u00e1si szolg\u00e1ltat\u00e1s<\/li>\n<li>H\u00e1zi\u00e1llat \u00e1thelyez\u00e9s<\/li>\n<li>J\u00e1rm\u0171 \u00e1thelyez\u00e9s<\/li>\n<li>R\u00f6vid \u00e9s hossz\u00fa t\u00e1v\u00fa t\u00e1rol\u00e1s<\/li>\n<\/ul>\n<p>A Formula Group integr\u00e1lt mobilit\u00e1si szolg\u00e1ltat\u00e1sokat ny\u00fajt, bele\u00e9rtve a v\u00e1llalatok \u00e9s alkalmazottaik sz\u00e1m\u00e1ra ny\u00fajtott k\u00f6lt\u00f6z\u00e9si menedzsment szolg\u00e1ltat\u00e1sokat is. 2004 \u00f3ta seg\u00edtik az emberek k\u00f6lt\u00f6z\u00e9s\u00e9t, \u00e9s fi\u00f3kjaik vannak \u00dajdelhiben, Gurugramban, Ahmedabadban, Suratban, Mumbaiban, Pune-ban, Hyderabadban, Bengaluruban \u00e9s Chennaiban. Tagjai az IAM-nek, \u00e9s 19 \u00e9ves szolg\u00e1lati id\u0151vel rendelkeznek.<\/p>\n<p>A Formula Group szem\u00e9lyre szabott k\u00f6lt\u00f6ztet\u00e9si szolg\u00e1ltat\u00e1sokat k\u00edn\u00e1l a k\u00f6lt\u00f6ztet\u0151 emberek sz\u00e1m\u00e1ra, ami egy k\u00f6lt\u00f6z\u00e9s el\u0151tti felm\u00e9r\u00e9ssel kezd\u0151dik, hogy meg\u00e9rts\u00fck az \u00d6n ig\u00e9nyeit. A k\u00f6lt\u00f6z\u00e9s teljes folyamat\u00e1ban \u00e9s a teljes k\u00f6lt\u00f6z\u00e9s megtervez\u00e9s\u00e9ben - bele\u00e9rtve a holmik biztons\u00e1gos becsomagol\u00e1s\u00e1t, a sz\u00e1ll\u00edt\u00e1s megszervez\u00e9s\u00e9t \u00e9s az \u00faj orsz\u00e1gban val\u00f3 leteleped\u00e9sben val\u00f3 seg\u00edts\u00e9gny\u00fajt\u00e1st - elk\u00f6telezett k\u00f6lt\u00f6z\u00e9si koordin\u00e1tort biztos\u00edtanak.<\/p>\n<p>Weboldal: <a href=\"https:\/\/www.formulaindia.com\/\" target=\"_blank\" rel=\"noopener\">https:\/\/www.formulaindia.com\/<\/a><\/p>\n<h2><span class=\"ez-toc-section\" id=\"10_Interem\"><\/span><strong>10. Interem<\/strong><span class=\"ez-toc-section-end\"><\/span><\/h2>\n<p><img loading=\"lazy\" decoding=\"async\" class=\"alignnone size-full wp-image-7708\" src=\"https:\/\/moverdb.com\/wp-content\/uploads\/Interem-international-moving-company.png\" alt=\"Interem nemzetk\u00f6zi k\u00f6lt\u00f6ztet\u0151 c\u00e9g\" width=\"1440\" height=\"680\" data-wp-pid=\"7708\" srcset=\"https:\/\/moverdb.com\/wp-content\/uploads\/Interem-international-moving-company.png 1440w, https:\/\/moverdb.com\/wp-content\/uploads\/Interem-international-moving-company-300x142.png 300w, https:\/\/moverdb.com\/wp-content\/uploads\/Interem-international-moving-company-1024x484.png 1024w, https:\/\/moverdb.com\/wp-content\/uploads\/Interem-international-moving-company-18x9.png 18w, https:\/\/moverdb.com\/wp-content\/uploads\/Interem-international-moving-company-600x283.png 600w\" sizes=\"auto, (max-width: 1440px) 100vw, 1440px\" \/><\/p>\n<ul>\n<li>Nemzeti \u00e1thelyez\u00e9sek<\/li>\n<li>Nemzetk\u00f6zi \u00e1thelyez\u00e9sek<\/li>\n<li>Lakoss\u00e1gi \u00e1thelyez\u00e9sek<\/li>\n<li>Irod\u00e1k \u00e1thelyez\u00e9se<\/li>\n<li>Speci\u00e1lis csomagol\u00e1s<\/li>\n<li>Sz\u00e1ll\u00edt\u00e1s \u00e9s v\u00e1mkezel\u00e9s<\/li>\n<li>K\u00e9pz\u0151m\u0171v\u00e9szet \u00e9s ki\u00e1ll\u00edt\u00e1sok kezel\u00e9se<\/li>\n<li>Aut\u00f3 \u00e1thelyez\u00e9s<\/li>\n<li>H\u00e1zi\u00e1llat \u00e1thelyez\u00e9s<\/li>\n<li>Rakt\u00e1roz\u00e1si lehet\u0151s\u00e9gek<\/li>\n<\/ul>\n<p>Az Interem egy 1995-ben alap\u00edtott k\u00f6lt\u00f6ztet\u0151 c\u00e9g, amely a K\u00f6zel-Keleten \u00e9s Indi\u00e1ban, t\u00f6bbek k\u00f6z\u00f6tt Bangalore-ban, Mumbaiban, Gurgaonban \u00e9s Chennaiban van jelen. Nemzetk\u00f6zi partnerek seg\u00edts\u00e9g\u00e9vel a vil\u00e1g t\u00f6bb mint 170 orsz\u00e1g\u00e1ba ny\u00fajtanak szolg\u00e1ltat\u00e1sokat. Az IAM tagja 30 \u00e9ves szolg\u00e1lati id\u0151vel, \u00e9s a FIDI \u00e1ltal akkredit\u00e1ltak.<\/p>\n<p>Az Interem v\u00e9gpontt\u00f3l v\u00e9gpontig tart\u00f3 k\u00f6lt\u00f6z\u00e9si megold\u00e1sokat k\u00edn\u00e1l, bele\u00e9rtve a speci\u00e1lis csomagol\u00e1st is, hogy megv\u00e9dje a holmij\u00e1t. Megszervezik az \u00d6n holmij\u00e1nak k\u00f6z\u00fati, tengeri \u00e9s l\u00e9gi sz\u00e1ll\u00edt\u00e1s\u00e1t, a lehet\u0151 legjobb megold\u00e1st megtal\u00e1lva, bele\u00e9rtve a v\u00e1mkezel\u00e9st is. Speci\u00e1lis k\u00f6lt\u00f6ztet\u00e9si szolg\u00e1ltat\u00e1sokat is k\u00edn\u00e1lnak, bele\u00e9rtve a k\u00e9pz\u0151m\u0171v\u00e9szeti t\u00e1rgyak, g\u00e9pj\u00e1rm\u0171vek \u00e9s h\u00e1zi\u00e1llatok k\u00f6lt\u00f6ztet\u00e9s\u00e9t, valamint a leteleped\u00e9si szolg\u00e1ltat\u00e1sokat.<\/p>\n<p>Weboldal: <a href=\"http:\/\/www.interem.in\/\" target=\"_blank\" rel=\"noopener\">http:\/\/www.interem.in\/<\/a><\/p>\n<h2><span class=\"ez-toc-section\" id=\"11_Freight_Systems\"><\/span><strong>11. Tehersz\u00e1ll\u00edt\u00e1si rendszerek<\/strong><span class=\"ez-toc-section-end\"><\/span><\/h2>\n<p><img loading=\"lazy\" decoding=\"async\" class=\"alignnone size-full wp-image-7694\" src=\"https:\/\/moverdb.com\/wp-content\/uploads\/Freight-Systems-international-moving-company-1.png\" alt=\"Freight Systems nemzetk\u00f6zi k\u00f6lt\u00f6ztet\u0151 c\u00e9g\" width=\"1440\" height=\"676\" data-wp-pid=\"7694\" srcset=\"https:\/\/moverdb.com\/wp-content\/uploads\/Freight-Systems-international-moving-company-1.png 1440w, https:\/\/moverdb.com\/wp-content\/uploads\/Freight-Systems-international-moving-company-1-300x141.png 300w, https:\/\/moverdb.com\/wp-content\/uploads\/Freight-Systems-international-moving-company-1-1024x481.png 1024w, https:\/\/moverdb.com\/wp-content\/uploads\/Freight-Systems-international-moving-company-1-18x8.png 18w, https:\/\/moverdb.com\/wp-content\/uploads\/Freight-Systems-international-moving-company-1-600x282.png 600w\" sizes=\"auto, (max-width: 1440px) 100vw, 1440px\" \/><\/p>\n<ul>\n<li>Nemzeti l\u00e9p\u00e9sek<\/li>\n<li>Nemzetk\u00f6zi k\u00f6lt\u00f6z\u00e9sek<\/li>\n<li>Testreszabott megold\u00e1sok<\/li>\n<li>H\u00e1zhozsz\u00e1ll\u00edt\u00e1s<\/li>\n<li>Keresse a legk\u00f6lts\u00e9ghat\u00e9konyabb megold\u00e1sokat<\/li>\n<li>K\u00f6z\u00fati, tengeri \u00e9s l\u00e9gi sz\u00e1ll\u00edtm\u00e1nyoz\u00e1s<\/li>\n<li>V\u00e1mkezel\u00e9s<\/li>\n<li>K\u00e9pz\u0151m\u0171v\u00e9szeti logisztika<\/li>\n<li>Rakom\u00e1nybiztos\u00edt\u00e1s<\/li>\n<li>Rakt\u00e1roz\u00e1si lehet\u0151s\u00e9gek<\/li>\n<\/ul>\n<p>A Freight Systems egy glob\u00e1lis sz\u00e1ll\u00edtm\u00e1nyoz\u00e1si v\u00e1llalat, amely 15 telephellyel rendelkezik Indi\u00e1ban \u00e9s 17 m\u00e1sik orsz\u00e1gban a vil\u00e1gon. 1988-ban alap\u00edtott\u00e1k \u0151ket, \u00e9s glob\u00e1lis jelenl\u00e9ttel rendelkeznek, a logisztikai c\u00e9gek nemzetk\u00f6zi h\u00e1l\u00f3zat\u00e1nak seg\u00edts\u00e9g\u00e9vel. Az IAM tagja, 30 \u00e9ves szolg\u00e1lati id\u0151vel, \u00e9s a FIDI \u00e1ltal akkredit\u00e1ltak.<\/p>\n<p>A Freight Systems v\u00e9gpontt\u00f3l v\u00e9gpontig tart\u00f3 logisztikai megold\u00e1sokat k\u00edn\u00e1l a k\u00fcldem\u00e9nyek val\u00f3s idej\u0171 online nyomon k\u00f6vet\u00e9s\u00e9vel. Testreszabhat\u00f3 sz\u00e1ll\u00edtm\u00e1nyoz\u00e1si lehet\u0151s\u00e9geket k\u00edn\u00e1lnak, amelyek magukban foglalj\u00e1k a tengeri sz\u00e1ll\u00edtm\u00e1nyoz\u00e1st kevesebb mint teljes \u00e9s teljes kont\u00e9nerrakom\u00e1nyban, a l\u00e9gi sz\u00e1ll\u00edtm\u00e1nyoz\u00e1st, a k\u00f6z\u00fati sz\u00e1ll\u00edtm\u00e1nyoz\u00e1st kevesebb mint teljes \u00e9s teljes opci\u00f3val, valamint a multimod\u00e1lis lehet\u0151s\u00e9geket.<\/p>\n<p>Weboldal: <a href=\"https:\/\/www.freightsystems.com\/\" target=\"_blank\" rel=\"noopener\">https:\/\/www.freightsystems.com\/<\/a><\/p>\n<h2><span class=\"ez-toc-section\" id=\"12_ISS_Relocations\"><\/span><strong>12. ISS \u00e1thelyez\u00e9sek<\/strong><span class=\"ez-toc-section-end\"><\/span><\/h2>\n<p><img loading=\"lazy\" decoding=\"async\" class=\"alignnone size-full wp-image-7712\" src=\"https:\/\/moverdb.com\/wp-content\/uploads\/ISS-Relocations-international-moving-company-1.png\" alt=\"ISS Relocations nemzetk\u00f6zi k\u00f6lt\u00f6ztet\u0151 c\u00e9g\" width=\"1440\" height=\"681\" data-wp-pid=\"7712\" srcset=\"https:\/\/moverdb.com\/wp-content\/uploads\/ISS-Relocations-international-moving-company-1.png 1440w, https:\/\/moverdb.com\/wp-content\/uploads\/ISS-Relocations-international-moving-company-1-300x142.png 300w, https:\/\/moverdb.com\/wp-content\/uploads\/ISS-Relocations-international-moving-company-1-1024x484.png 1024w, https:\/\/moverdb.com\/wp-content\/uploads\/ISS-Relocations-international-moving-company-1-18x9.png 18w, https:\/\/moverdb.com\/wp-content\/uploads\/ISS-Relocations-international-moving-company-1-600x284.png 600w\" sizes=\"auto, (max-width: 1440px) 100vw, 1440px\" \/><\/p>\n<ul>\n<li>Nemzetk\u00f6zi \u00e1thelyez\u00e9sek<\/li>\n<li>Lakoss\u00e1gi k\u00f6lt\u00f6z\u00e9sek<\/li>\n<li>Irodai k\u00f6lt\u00f6z\u00e9sek<\/li>\n<li>K\u00f6lt\u00f6z\u00e9s el\u0151tti szolg\u00e1ltat\u00e1s<\/li>\n<li>Csomagol\u00e1si szolg\u00e1ltat\u00e1s<\/li>\n<li>Kiv\u00e1l\u00f3 min\u0151s\u00e9g\u0171 csomagol\u00f3anyagok<\/li>\n<li>H\u00e1zi\u00e1llat \u00e1thelyez\u00e9s<\/li>\n<li>J\u00e1rm\u0171sz\u00e1ll\u00edt\u00e1s<\/li>\n<li>Tranzitbiztos\u00edt\u00e1s<\/li>\n<li>R\u00f6vid \u00e9s hossz\u00fa t\u00e1v\u00fa t\u00e1rol\u00e1s<\/li>\n<\/ul>\n<p>Az ISS Relocations egy 1996-ban alap\u00edtott logisztikai \u00e9s sz\u00e1ll\u00edtm\u00e1nyoz\u00e1si v\u00e1llalat, amely Indi\u00e1ban rendelkezik irod\u00e1kkal, <a href=\"https:\/\/moverdb.com\/hu\/moving-to-the-uae\/\" data-internallinksmanager029f6b8e52c=\"329\" title=\"Az Egyes\u00fclt Arab Em\u00edrs\u00e9gekbe (UAE) k\u00f6lt\u00f6zik? 2024 Meg\u00e9lhet\u00e9si k\u00f6lts\u00e9gek \u00e9s k\u00f6lt\u00f6z\u00e9si tippek\">UAE<\/a>, <a href=\"https:\/\/moverdb.com\/hu\/moving-to-oman\/\" data-internallinksmanager029f6b8e52c=\"355\" title=\"Om\u00e1nba k\u00f6lt\u00f6zik? 2023 Lakhat\u00e1si k\u00f6lts\u00e9gek \u00e9s k\u00f6lt\u00f6z\u00e9si tippek\">Om\u00e1n<\/a>, <a href=\"https:\/\/moverdb.com\/hu\/moving-to-qatar\/\" data-internallinksmanager029f6b8e52c=\"334\" title=\"Katarba k\u00f6lt\u00f6zik? 2023 Meg\u00e9lhet\u00e9si k\u00f6lts\u00e9gek \u00e9s k\u00f6lt\u00f6z\u00e9si tippek\">Katar<\/a>, <a href=\"https:\/\/moverdb.com\/hu\/moving-to-bahrain\/\" data-internallinksmanager029f6b8e52c=\"358\" title=\"Bahreinbe k\u00f6lt\u00f6zik? 2023 Lakhat\u00e1si k\u00f6lts\u00e9gek \u00e9s k\u00f6lt\u00f6z\u00e9si tippek\">Bahrein<\/a> \u00e9s <a href=\"https:\/\/moverdb.com\/hu\/moving-to-kuwait\/\" data-internallinksmanager029f6b8e52c=\"354\" title=\"Kuvaitba k\u00f6lt\u00f6zik? 2023 \u00c9letk\u00f6lts\u00e9gek \u00e9s k\u00f6lt\u00f6z\u00e9si tippek\">Kuvait<\/a>. Indiai telephelyeik Mumbaiban, Chennaiban, Bangalore-ban \u00e9s \u00dajdelhiben vannak. H\u00e1rom \u00e9ve tagjai az IAM-nek.<\/p>\n<p>Az ISS Relocations csomagol\u00e1si szolg\u00e1ltat\u00e1st k\u00edn\u00e1l, amely mag\u00e1ban foglalja a be-, ki- \u00e9s kirakod\u00e1st, valamint a kicsomagol\u00e1st, f\u00fcggetlen\u00fcl att\u00f3l, hogy a vil\u00e1g mely pontj\u00e1ra k\u00f6lt\u00f6zik. A legmegfelel\u0151bb csomagol\u00e1si m\u00f3dszereket alkalmazz\u00e1k, hogy megv\u00e9dj\u00e9k a holmij\u00e1t. K\u00f6lt\u00f6ztet\u00e9si szolg\u00e1ltat\u00e1sokat is k\u00edn\u00e1lnak, bele\u00e9rtve a leteleped\u00e9si szolg\u00e1ltat\u00e1sokat, a t\u00e1voz\u00e1si szolg\u00e1ltat\u00e1sokat, az otthon- \u00e9s iskolakeres\u00e9st.<\/p>\n<p>Weboldal: <a href=\"https:\/\/iss-relocations.com\/\" target=\"_blank\" rel=\"noopener\">https:\/\/iss-relocations.com\/<\/a><\/p>\n<h2><span class=\"ez-toc-section\" id=\"13_Link_India\"><\/span><strong>13. Link India<\/strong><span class=\"ez-toc-section-end\"><\/span><\/h2>\n<p><img loading=\"lazy\" decoding=\"async\" class=\"alignnone size-full wp-image-7719\" src=\"https:\/\/moverdb.com\/wp-content\/uploads\/Link-India-international-moving-company.png\" alt=\"Link India nemzetk\u00f6zi k\u00f6lt\u00f6ztet\u0151 c\u00e9g\" width=\"1440\" height=\"678\" data-wp-pid=\"7719\" srcset=\"https:\/\/moverdb.com\/wp-content\/uploads\/Link-India-international-moving-company.png 1440w, https:\/\/moverdb.com\/wp-content\/uploads\/Link-India-international-moving-company-300x141.png 300w, https:\/\/moverdb.com\/wp-content\/uploads\/Link-India-international-moving-company-1024x482.png 1024w, https:\/\/moverdb.com\/wp-content\/uploads\/Link-India-international-moving-company-18x8.png 18w, https:\/\/moverdb.com\/wp-content\/uploads\/Link-India-international-moving-company-600x283.png 600w\" sizes=\"auto, (max-width: 1440px) 100vw, 1440px\" \/><\/p>\n<ul>\n<li>Nemzeti \u00e1thelyez\u00e9sek<\/li>\n<li>Nemzetk\u00f6zi k\u00f6lt\u00f6z\u00e9sek<\/li>\n<li>Lakoss\u00e1gi \u00e1thelyez\u00e9sek<\/li>\n<li>Irodai k\u00f6lt\u00f6z\u00e9sek<\/li>\n<li>H\u00e1zt\u00f3l-h\u00e1zig szolg\u00e1ltat\u00e1s<\/li>\n<li>Csomagol\u00e1si szolg\u00e1ltat\u00e1s<\/li>\n<li>V\u00e1mkezel\u00e9s<\/li>\n<li>IT eszk\u00f6z\u00f6k \u00e1thelyez\u00e9se<\/li>\n<li>J\u00e1rm\u0171 mozg\u00e1sok<\/li>\n<li>Biztons\u00e1gos r\u00f6vid \u00e9s hossz\u00fa t\u00e1v\u00fa t\u00e1rol\u00e1s<\/li>\n<\/ul>\n<p>A Link India egy 1952-ig visszany\u00fal\u00f3 gy\u00f6kerekkel rendelkez\u0151 sz\u00e1ll\u00edtm\u00e1nyoz\u00e1si \u00e9s logisztikai v\u00e1llalat, amely k\u00f6lt\u00f6ztet\u00e9sekre \u00e9s \u00e1thelyez\u00e9sekre \u00f6sszpontos\u00edt. Irod\u00e1ik Chennaiban, Mumbaiban \u00e9s \u00dajdelhiben vannak. Hozz\u00e1f\u00e9r\u00e9ssel rendelkeznek megb\u00edzhat\u00f3 k\u00f6lt\u00f6ztet\u0151k glob\u00e1lis h\u00e1l\u00f3zat\u00e1hoz, hogy seg\u00edtsenek a nemzetk\u00f6zi k\u00f6lt\u00f6z\u00e9sekben. Az IAM tagjak\u00e9nt 10 \u00e9ves szolg\u00e1lati id\u0151vel rendelkeznek.<\/p>\n<p>A Link India teljes k\u00f6r\u0171, h\u00e1zt\u00f3l-h\u00e1zig tart\u00f3 menedzsmentet k\u00edn\u00e1l az \u00d6n k\u00f6lt\u00f6z\u00e9s\u00e9nek lebonyol\u00edt\u00e1s\u00e1ra. Olyan csomagol\u00e1si szolg\u00e1ltat\u00e1st k\u00edn\u00e1lnak, amely szem\u00e9lyre szabott csomagol\u00e1st tartalmaz, amelyet a t\u00e1rgyak \u00e9s a sz\u00e1ll\u00edt\u00e1s figyelembev\u00e9tel\u00e9vel terveztek. Megszervezik az \u00e1ruk sz\u00e1ll\u00edt\u00e1s\u00e1t \u00e9s a v\u00e1mkezel\u00e9st. Speci\u00e1lis szolg\u00e1ltat\u00e1sokat is k\u00edn\u00e1lnak az IT-eszk\u00f6z\u00f6k \u00e1thelyez\u00e9s\u00e9hez \u00e9s a j\u00e1rm\u0171sz\u00e1ll\u00edt\u00e1shoz.<\/p>\n<p>Weboldal: <a href=\"https:\/\/www.linkindia.in\/\" target=\"_blank\" rel=\"noopener\">https:\/\/www.linkindia.in\/<\/a><\/p>\n<h2><span class=\"ez-toc-section\" id=\"14_Maxwell_Relocations\"><\/span><strong>14. Maxwell \u00e1thelyez\u00e9sek<\/strong><span class=\"ez-toc-section-end\"><\/span><\/h2>\n<p><img loading=\"lazy\" decoding=\"async\" class=\"alignnone size-full wp-image-7770\" src=\"https:\/\/moverdb.com\/wp-content\/uploads\/Maxwell-Relocations-international-moving-company.png\" alt=\"Maxwell Relocations nemzetk\u00f6zi k\u00f6lt\u00f6ztet\u0151 c\u00e9g\" width=\"1440\" height=\"680\" data-wp-pid=\"7770\" srcset=\"https:\/\/moverdb.com\/wp-content\/uploads\/Maxwell-Relocations-international-moving-company.png 1440w, https:\/\/moverdb.com\/wp-content\/uploads\/Maxwell-Relocations-international-moving-company-300x142.png 300w, https:\/\/moverdb.com\/wp-content\/uploads\/Maxwell-Relocations-international-moving-company-1024x484.png 1024w, https:\/\/moverdb.com\/wp-content\/uploads\/Maxwell-Relocations-international-moving-company-18x9.png 18w, https:\/\/moverdb.com\/wp-content\/uploads\/Maxwell-Relocations-international-moving-company-600x283.png 600w\" sizes=\"auto, (max-width: 1440px) 100vw, 1440px\" \/><\/p>\n<ul>\n<li>Nemzeti l\u00e9p\u00e9sek<\/li>\n<li>Nemzetk\u00f6zi k\u00f6lt\u00f6z\u00e9sek<\/li>\n<li>H\u00e1ztart\u00e1s \u00e1thelyez\u00e9se<\/li>\n<li>Irod\u00e1k \u00e9s ipari l\u00e9tes\u00edtm\u00e9nyek \u00e1thelyez\u00e9se<\/li>\n<li>Csomagol\u00e1si szolg\u00e1ltat\u00e1s<\/li>\n<li>Az \u00d6n holmij\u00e1nak sz\u00e1ll\u00edt\u00e1sa<\/li>\n<li>H\u00e1zi\u00e1llat \u00e1thelyez\u00e9sek<\/li>\n<li>K\u00e9pz\u0151m\u0171v\u00e9szeti \u00e1thelyez\u00e9s<\/li>\n<li>Aut\u00f3 \u00e1thelyez\u00e9s<\/li>\n<li>Rakt\u00e1roz\u00e1si lehet\u0151s\u00e9gek<\/li>\n<\/ul>\n<p>A Maxwell Relocations egy k\u00f6lt\u00f6ztet\u00e9si \u00e9s logisztikai v\u00e1llalkoz\u00e1s, amely India-szerte irod\u00e1kkal \u00e9s rakt\u00e1rakkal rendelkezik. Nemzetk\u00f6zi h\u00e1l\u00f3zatuk seg\u00edts\u00e9g\u00e9vel t\u00f6bb mint 150 orsz\u00e1gban ny\u00fajtanak helyi \u00e9s nemzetk\u00f6zi k\u00f6lt\u00f6ztet\u00e9si szolg\u00e1ltat\u00e1st. Az IAM tagjak\u00e9nt 16 \u00e9ves szolg\u00e1lati id\u0151vel rendelkeznek.<\/p>\n<p>A Maxwell Relocations teljes k\u00f6r\u0171 csomagol\u00e1si \u00e9s kicsomagol\u00e1si szolg\u00e1ltat\u00e1st ny\u00fajt, \u00e9s a t\u00f6r\u00e9keny \u00e9s k\u00e9nyes t\u00e1rgyak sz\u00e1ll\u00edt\u00e1s k\u00f6zbeni v\u00e9delme \u00e9rdek\u00e9ben speci\u00e1lis csomagol\u00e1st haszn\u00e1l. H\u00e1ztart\u00e1sok, irod\u00e1k \u00e9s ipari \u00fcgyfelek sz\u00e1m\u00e1ra ny\u00fajtanak k\u00f6lt\u00f6ztet\u00e9si \u00e9s k\u00f6lt\u00f6ztet\u00e9si szolg\u00e1ltat\u00e1sokat. H\u00e1zi\u00e1llatok, g\u00e9pj\u00e1rm\u0171vek \u00e9s k\u00e9pz\u0151m\u0171v\u00e9szeti t\u00e1rgyak sz\u00e1ll\u00edt\u00e1s\u00e1ra is \u00fcgyelnek, valamint sz\u00fcks\u00e9g eset\u00e9n rakt\u00e1roz\u00e1si lehet\u0151s\u00e9geket is biztos\u00edtanak.<\/p>\n<p>Weboldal: <a href=\"https:\/\/www.maxwellrelocations.com\/\" target=\"_blank\" rel=\"noopener\">https:\/\/www.maxwellrelocations.com\/<\/a><\/p>\n<h2><span class=\"ez-toc-section\" id=\"15_IGL_Relocation\"><\/span><strong>15. IGL \u00e1thelyez\u00e9s<\/strong><span class=\"ez-toc-section-end\"><\/span><\/h2>\n<p><img loading=\"lazy\" decoding=\"async\" class=\"alignnone size-full wp-image-7704\" src=\"https:\/\/moverdb.com\/wp-content\/uploads\/IGL-Relocation-international-moving-company.png\" alt=\"IGL Relocation nemzetk\u00f6zi k\u00f6lt\u00f6ztet\u0151 c\u00e9g\" width=\"1440\" height=\"684\" data-wp-pid=\"7704\" srcset=\"https:\/\/moverdb.com\/wp-content\/uploads\/IGL-Relocation-international-moving-company.png 1440w, https:\/\/moverdb.com\/wp-content\/uploads\/IGL-Relocation-international-moving-company-300x143.png 300w, https:\/\/moverdb.com\/wp-content\/uploads\/IGL-Relocation-international-moving-company-1024x486.png 1024w, https:\/\/moverdb.com\/wp-content\/uploads\/IGL-Relocation-international-moving-company-18x9.png 18w, https:\/\/moverdb.com\/wp-content\/uploads\/IGL-Relocation-international-moving-company-600x285.png 600w\" sizes=\"auto, (max-width: 1440px) 100vw, 1440px\" \/><\/p>\n<ul>\n<li>Helyi \u00e9s orsz\u00e1gos k\u00f6lt\u00f6z\u00e9sek<\/li>\n<li>Nemzetk\u00f6zi k\u00f6lt\u00f6z\u00e9sek<\/li>\n<li>Irodai \u00e9s \u00fczleti k\u00f6lt\u00f6z\u00e9sek<\/li>\n<li>H\u00e1ztart\u00e1si k\u00f6lt\u00f6z\u00e9sek<\/li>\n<li>H\u00e1zt\u00f3l-h\u00e1zig szolg\u00e1ltat\u00e1s<\/li>\n<li>Professzion\u00e1lis csomagol\u00e1s<\/li>\n<li>\u00c1ruk sz\u00e1ll\u00edt\u00e1sa<\/li>\n<li>V\u00e1mkezel\u00e9s \u00e9s dokument\u00e1ci\u00f3<\/li>\n<li>Minden kock\u00e1zatra kiterjed\u0151 tranzitv\u00e9delem<\/li>\n<li>Biztons\u00e1gos t\u00e1rol\u00e1s<\/li>\n<\/ul>\n<p>Az IGL Relocation az 1991-ben alap\u00edtott Interport Global Logistics egyik r\u00e9szlege, amely egy glob\u00e1lis k\u00f6lt\u00f6ztet\u00e9si h\u00e1l\u00f3zat. K\u00f6zpontjuk Mumbaiban van, de \u00f6t fi\u00f3kjuk van szerte Indi\u00e1ban. Az IAM tagja 25 \u00e9ves szolg\u00e1lati id\u0151vel, \u00e9s a FIDI \u00e1ltal akkredit\u00e1ltak.<\/p>\n<p>Az IGL Relocation felm\u00e9r\u00e9st \u00e9s konzult\u00e1ci\u00f3t k\u00edn\u00e1l a k\u00f6lt\u00f6z\u00e9s el\u0151tt, hogy felm\u00e9rje az \u00d6n ig\u00e9nyeit. H\u00e1zt\u00f3l-h\u00e1zig tart\u00f3 k\u00f6lt\u00f6ztet\u00e9si szolg\u00e1ltat\u00e1st ny\u00fajtanak, amely mag\u00e1ban foglalja a professzion\u00e1lis csomagol\u00e1si szolg\u00e1ltat\u00e1st is, hogy megv\u00e9dje \u00e1ruit. Megszervezik az \u00e1ru sz\u00e1ll\u00edt\u00e1s\u00e1t, \u00e9s gondoskodnak az export- \u00e9s importdokument\u00e1ci\u00f3r\u00f3l, valamint a v\u00e1mkezel\u00e9sr\u0151l.<\/p>\n<p>Weboldal: <a href=\"http:\/\/www.iglrelocation.com\/\" target=\"_blank\" rel=\"noopener\">http:\/\/www.iglrelocation.com\/<\/a><\/p>\n<h2><span class=\"ez-toc-section\" id=\"16_Nippon_Express\"><\/span><strong>16. Nippon Express<\/strong><span class=\"ez-toc-section-end\"><\/span><\/h2>\n<p><img loading=\"lazy\" decoding=\"async\" class=\"alignnone size-full wp-image-7730\" src=\"https:\/\/moverdb.com\/wp-content\/uploads\/Nippon-Express-international-moving-company.png\" alt=\"Nippon Express nemzetk\u00f6zi k\u00f6lt\u00f6ztet\u0151 c\u00e9g\" width=\"1440\" height=\"683\" data-wp-pid=\"7730\" srcset=\"https:\/\/moverdb.com\/wp-content\/uploads\/Nippon-Express-international-moving-company.png 1440w, https:\/\/moverdb.com\/wp-content\/uploads\/Nippon-Express-international-moving-company-300x142.png 300w, https:\/\/moverdb.com\/wp-content\/uploads\/Nippon-Express-international-moving-company-1024x486.png 1024w, https:\/\/moverdb.com\/wp-content\/uploads\/Nippon-Express-international-moving-company-18x9.png 18w, https:\/\/moverdb.com\/wp-content\/uploads\/Nippon-Express-international-moving-company-600x285.png 600w\" sizes=\"auto, (max-width: 1440px) 100vw, 1440px\" \/><\/p>\n<ul>\n<li>Nemzeti k\u00f6zleked\u00e9s<\/li>\n<li>Nemzetk\u00f6zi sz\u00e1ll\u00edt\u00e1s<\/li>\n<li>Kiz\u00e1r\u00f3lag sz\u00e1ll\u00edt\u00e1si szolg\u00e1ltat\u00e1s<\/li>\n<li>Szem\u00e9lyre szabott logisztikai szolg\u00e1ltat\u00e1s<\/li>\n<li>H\u00e1zt\u00f3l-h\u00e1zig szolg\u00e1ltat\u00e1s<\/li>\n<li>K\u00f6z\u00fati, vas\u00fati, tengeri \u00e9s l\u00e9gi k\u00f6zleked\u00e9s<\/li>\n<li>Kont\u00e9nerv\u00e1laszt\u00e9k<\/li>\n<li>Online nyomon k\u00f6vet\u00e9s<\/li>\n<li>V\u00e1m\u00fcgyn\u00f6ki tev\u00e9kenys\u00e9g<\/li>\n<li>Biztons\u00e1gos rakt\u00e1roz\u00e1s<\/li>\n<\/ul>\n<p>A Nippon Express egy 1937-ben alap\u00edtott, k\u00f6lt\u00f6ztet\u00e9si szolg\u00e1ltat\u00e1sokat ny\u00fajt\u00f3 logisztikai \u00e9s sz\u00e1ll\u00edtm\u00e1nyoz\u00e1si v\u00e1llalat. Jap\u00e1n v\u00e1llalat, amely a vil\u00e1g minden t\u00e1j\u00e1n rendelkezik telephelyekkel, k\u00f6zt\u00fck 32 indiai telephellyel. Glob\u00e1lis h\u00e1l\u00f3zatuk t\u00f6bb mint 733 telephellyel rendelkezik szerte a vil\u00e1gon, hogy t\u00e1mogassa nemzetk\u00f6zi tev\u00e9kenys\u00e9g\u00fcket, \u00e9s 16 \u00e9ves IAM-tags\u00e1ggal rendelkeznek.<\/p>\n<p>A Nippon Express szem\u00e9lyre szabott logisztikai szolg\u00e1ltat\u00e1st k\u00edn\u00e1l, amely h\u00e1zt\u00f3l-h\u00e1zig szolg\u00e1ltat\u00e1st ny\u00fajt az \u00e1ruk sz\u00e1ll\u00edt\u00e1s\u00e1ra belf\u00f6ld\u00f6n \u00e9s nemzetk\u00f6zi szinten. K\u00f6z\u00fati, vas\u00fati, l\u00e9gi \u00e9s tengeri sz\u00e1ll\u00edt\u00e1st k\u00edn\u00e1lnak, bele\u00e9rtve a kevesebb, mint egy vagy teljes kont\u00e9nerrakom\u00e1nyt, nyomon k\u00f6vet\u00e9si lehet\u0151s\u00e9gekkel \u00e9s v\u00e1m\u00fcgyn\u00f6ki tev\u00e9kenys\u00e9ggel.<\/p>\n<p>Weboldal: <a href=\"https:\/\/www.nipponexpress.com\/\" target=\"_blank\" rel=\"noopener\">https:\/\/www.nipponexpress.com\/<\/a><\/p>\n<h2><span class=\"ez-toc-section\" id=\"17_OM_TRAX\"><\/span><strong>17. OM TRAX<\/strong><span class=\"ez-toc-section-end\"><\/span><\/h2>\n<p><img loading=\"lazy\" decoding=\"async\" class=\"alignnone size-full wp-image-7733\" src=\"https:\/\/moverdb.com\/wp-content\/uploads\/OM-TRAX-international-moving-company.png\" alt=\"OM TRAX nemzetk\u00f6zi k\u00f6lt\u00f6ztet\u0151 c\u00e9g\" width=\"1440\" height=\"684\" data-wp-pid=\"7733\" srcset=\"https:\/\/moverdb.com\/wp-content\/uploads\/OM-TRAX-international-moving-company.png 1440w, https:\/\/moverdb.com\/wp-content\/uploads\/OM-TRAX-international-moving-company-300x143.png 300w, https:\/\/moverdb.com\/wp-content\/uploads\/OM-TRAX-international-moving-company-1024x486.png 1024w, https:\/\/moverdb.com\/wp-content\/uploads\/OM-TRAX-international-moving-company-18x9.png 18w, https:\/\/moverdb.com\/wp-content\/uploads\/OM-TRAX-international-moving-company-600x285.png 600w\" sizes=\"auto, (max-width: 1440px) 100vw, 1440px\" \/><\/p>\n<ul>\n<li>Helyi \u00e9s orsz\u00e1gos k\u00f6lt\u00f6z\u00e9sek<\/li>\n<li>Nemzetk\u00f6zi \u00e1thelyez\u00e9sek<\/li>\n<li>H\u00e1ztart\u00e1s \u00e1thelyez\u00e9se<\/li>\n<li>Irod\u00e1k \u00e1thelyez\u00e9se<\/li>\n<li>V\u00e9gpontt\u00f3l v\u00e9gpontig terjed\u0151 megold\u00e1sok<\/li>\n<li>Csomagol\u00e1si szolg\u00e1ltat\u00e1sok<\/li>\n<li>K\u00f6z\u00fati, l\u00e9gi \u00e9s tengeri sz\u00e1ll\u00edt\u00e1s<\/li>\n<li>Bev\u00e1ndorl\u00e1si szolg\u00e1ltat\u00e1sok<\/li>\n<li>Aut\u00f3sz\u00e1ll\u00edt\u00e1s<\/li>\n<li>T\u00e1rol\u00e1si megold\u00e1sok<\/li>\n<\/ul>\n<p>Az OM TRAX egy nemzetk\u00f6zi csomagol\u00f3 \u00e9s k\u00f6lt\u00f6ztet\u0151 c\u00e9g, amely Indi\u00e1ban \u00e9s a vil\u00e1gon mindenhol jelen van. <a href=\"https:\/\/moverdb.com\/hu\/moving-to-japan\/\" data-internallinksmanager029f6b8e52c=\"342\" title=\"Jap\u00e1nba k\u00f6lt\u00f6zik? 2023 Lakhat\u00e1si k\u00f6lts\u00e9gek \u00e9s k\u00f6lt\u00f6z\u00e9si tippek\">Jap\u00e1n<\/a>. K\u00f6zpontjuk \u00daj Delhiben tal\u00e1lhat\u00f3, 11 region\u00e1lis irod\u00e1val \u00e9s t\u00f6bb mint 600 fi\u00f3kirod\u00e1val Indi\u00e1ban. T\u00e1rsult k\u00f6lt\u00f6ztet\u0151k h\u00e1l\u00f3zata seg\u00edti \u0151ket a nemzetk\u00f6zi k\u00f6lt\u00f6z\u00e9sekben. Tagjai az IAM-nek 16 \u00e9ves szolg\u00e1lati id\u0151vel.<\/p>\n<p>Az OM TRAX szem\u00e9lyre szabott, v\u00e9gpontt\u00f3l v\u00e9gpontig tart\u00f3 megold\u00e1sokat k\u00edn\u00e1l v\u00e1llalkoz\u00e1sok \u00e9s h\u00e1ztart\u00e1sok sz\u00e1m\u00e1ra, amelyek magukban foglalj\u00e1k az aut\u00f3sz\u00e1ll\u00edt\u00e1st, a k\u00e9pz\u0151m\u0171v\u00e9szeti \u00e9s antik t\u00e1rgyak sz\u00e1ll\u00edt\u00e1s\u00e1t, valamint a ki\u00e1ll\u00edt\u00e1si anyagmozgat\u00e1st. Csomagol\u00e1si szolg\u00e1ltat\u00e1sokat \u00e9s k\u00f6z\u00fati, l\u00e9gi \u00e9s tengeri sz\u00e1ll\u00edt\u00e1st is ny\u00fajtanak. Emellett speci\u00e1lis k\u00f6lt\u00f6ztet\u00e9st k\u00edn\u00e1lnak laborat\u00f3riumok sz\u00e1m\u00e1ra, kereskedelmi csomagol\u00e1st, neh\u00e9z anyagmozgat\u00e1st \u00e9s rakt\u00e1ri megold\u00e1sokat.<\/p>\n<p>Weboldal: <a href=\"http:\/\/www.omtrax.com\/\" target=\"_blank\" rel=\"noopener\">http:\/\/www.omtrax.com\/<\/a><\/p>\n<h2><span class=\"ez-toc-section\" id=\"18_Pacific_International_Moving_Services\"><\/span><strong>18. Pacific International Moving Services<\/strong><span class=\"ez-toc-section-end\"><\/span><\/h2>\n<p><img loading=\"lazy\" decoding=\"async\" class=\"alignnone size-full wp-image-7771\" src=\"https:\/\/moverdb.com\/wp-content\/uploads\/Pacific-International-Moving-company.png\" alt=\"Pacific Nemzetk\u00f6zi K\u00f6lt\u00f6ztet\u0151 c\u00e9g\" width=\"1440\" height=\"673\" data-wp-pid=\"7771\" srcset=\"https:\/\/moverdb.com\/wp-content\/uploads\/Pacific-International-Moving-company.png 1440w, https:\/\/moverdb.com\/wp-content\/uploads\/Pacific-International-Moving-company-300x140.png 300w, https:\/\/moverdb.com\/wp-content\/uploads\/Pacific-International-Moving-company-1024x479.png 1024w, https:\/\/moverdb.com\/wp-content\/uploads\/Pacific-International-Moving-company-18x8.png 18w, https:\/\/moverdb.com\/wp-content\/uploads\/Pacific-International-Moving-company-600x280.png 600w\" sizes=\"auto, (max-width: 1440px) 100vw, 1440px\" \/><\/p>\n<ul>\n<li>Helyi \u00e9s orsz\u00e1gos k\u00f6lt\u00f6z\u00e9sek<\/li>\n<li>Nemzetk\u00f6zi \u00e1thelyez\u00e9sek<\/li>\n<li>H\u00e1ztart\u00e1s \u00e1thelyez\u00e9se<\/li>\n<li>Irod\u00e1k \u00e1thelyez\u00e9se<\/li>\n<li>H\u00e1zt\u00f3l-h\u00e1zig szolg\u00e1ltat\u00e1s<\/li>\n<li>Csomagol\u00e1si szolg\u00e1ltat\u00e1sok<\/li>\n<li>K\u00e9pz\u0151m\u0171v\u00e9szeti kezel\u00e9s<\/li>\n<li>H\u00e1zi\u00e1llat \u00e1thelyez\u00e9s<\/li>\n<li>Biztos\u00edt\u00e1s<\/li>\n<li>Rakt\u00e1roz\u00e1si lehet\u0151s\u00e9gek<\/li>\n<\/ul>\n<p>A Pacific International Moving Services egy k\u00f6lt\u00f6ztet\u00e9si szolg\u00e1ltat\u00f3 Indi\u00e1ban, amelynek sz\u00e9khelye \u00dajdelhiben van, \u00e9s egy fi\u00f3kh\u00e1l\u00f3zatot m\u0171k\u00f6dtet szerte Indi\u00e1ban. Indi\u00e1ban \u00e9s a vil\u00e1g minden t\u00e1j\u00e1n egy\u00fcttm\u0171k\u00f6dnek partnereikkel, hogy ott is ny\u00fajtsanak szolg\u00e1ltat\u00e1sokat, ahol nem m\u0171k\u00f6dnek. Az IAM tagjak\u00e9nt 11 \u00e9ves szolg\u00e1lati id\u0151vel rendelkeznek.<\/p>\n<p>A Pacific International Moving Services sz\u00e1mos k\u00f6lt\u00f6ztet\u00e9si \u00e9s k\u00f6lt\u00f6ztet\u00e9si szolg\u00e1ltat\u00e1st k\u00edn\u00e1l, bele\u00e9rtve a k\u00e9pz\u0151m\u0171v\u00e9szeti \u00e9s ki\u00e1ll\u00edt\u00e1sok kezel\u00e9s\u00e9t, a kis\u00e1llatok k\u00f6lt\u00f6ztet\u00e9s\u00e9t, az aut\u00f3sz\u00e1ll\u00edt\u00e1st \u00e9s a t\u00e1rol\u00e1si lehet\u0151s\u00e9geket. Kiv\u00e1l\u00f3 min\u0151s\u00e9g\u0171 csomagol\u00f3anyagokat biztos\u00edtanak, bele\u00e9rtve a t\u00f6r\u00e9keny t\u00e1rgyak sz\u00e1m\u00e1ra k\u00e9sz\u00fclt fal\u00e1d\u00e1kat is, hogy megv\u00e9dj\u00e9k holmij\u00e1t a k\u00f6lt\u00f6z\u00e9s sor\u00e1n.<\/p>\n<p>Weboldal: <a href=\"http:\/\/www.pacificinternational.org\/\" target=\"_blank\" rel=\"noopener\">http:\/\/www.pacificinternational.org\/<\/a><\/p>\n<h2><span class=\"ez-toc-section\" id=\"19_PMR\"><\/span><strong>19. PMR<\/strong><span class=\"ez-toc-section-end\"><\/span><\/h2>\n<p><img loading=\"lazy\" decoding=\"async\" class=\"alignnone size-full wp-image-7738\" src=\"https:\/\/moverdb.com\/wp-content\/uploads\/PMR-international-moving-company.png\" alt=\"PMR nemzetk\u00f6zi k\u00f6lt\u00f6ztet\u0151 c\u00e9g\" width=\"1440\" height=\"683\" data-wp-pid=\"7738\" srcset=\"https:\/\/moverdb.com\/wp-content\/uploads\/PMR-international-moving-company.png 1440w, https:\/\/moverdb.com\/wp-content\/uploads\/PMR-international-moving-company-300x142.png 300w, https:\/\/moverdb.com\/wp-content\/uploads\/PMR-international-moving-company-1024x486.png 1024w, https:\/\/moverdb.com\/wp-content\/uploads\/PMR-international-moving-company-18x9.png 18w, https:\/\/moverdb.com\/wp-content\/uploads\/PMR-international-moving-company-600x285.png 600w\" sizes=\"auto, (max-width: 1440px) 100vw, 1440px\" \/><\/p>\n<ul>\n<li>Nemzeti l\u00e9p\u00e9sek<\/li>\n<li>Nemzetk\u00f6zi k\u00f6lt\u00f6z\u00e9sek<\/li>\n<li>Lakoss\u00e1gi k\u00f6lt\u00f6z\u00e9sek<\/li>\n<li>V\u00e1llalati k\u00f6lt\u00f6z\u00e9sek<\/li>\n<li>Csomagol\u00e1si szolg\u00e1ltat\u00e1s<\/li>\n<li>K\u00f6z\u00fati, tengeri \u00e9s l\u00e9gi sz\u00e1ll\u00edt\u00e1s<\/li>\n<li>H\u00e1zi\u00e1llat mozgat\u00e1sa<\/li>\n<li>J\u00e1rm\u0171sz\u00e1ll\u00edt\u00e1s<\/li>\n<li>Biztos\u00edt\u00e1s<\/li>\n<li>Rakt\u00e1roz\u00e1si lehet\u0151s\u00e9gek<\/li>\n<\/ul>\n<p>A PMR egy 1986-ban alap\u00edtott csomagol\u00f3 \u00e9s k\u00f6lt\u00f6ztet\u0151 v\u00e1llalkoz\u00e1s, amelynek irod\u00e1i Ahmedabadban, Bengaluruban, Chennaiban, Gurgaonban, Hyderabadban, Kolkat\u00e1ban, Mumbaiban, Nagpurban, \u00dajdelhiben \u00e9s Pune-ban vannak. Az IAM tagja 17 \u00e9ves szolg\u00e1lati id\u0151vel, \u00e9s a FIDI \u00e1ltal akkredit\u00e1ltak.<\/p>\n<p>A PMR k\u00f6lt\u00f6z\u00e9s el\u0151tti felm\u00e9r\u00e9st k\u00edn\u00e1l egy k\u00f6lt\u00f6z\u00e9si tan\u00e1csad\u00f3val, aki a k\u00f6lt\u00f6z\u00e9st az \u00d6n helyett kezeli. Csomagol\u00e1si szolg\u00e1ltat\u00e1st ny\u00fajtanak, szakk\u00e9pzett szem\u00e9lyzet \u00e9s min\u0151s\u00e9gi \u00f6sszehasonl\u00edt\u00e1s alapj\u00e1n v\u00e9gzett csomagol\u00e1ssal. Sz\u00e1mos tov\u00e1bbi szolg\u00e1ltat\u00e1st k\u00edn\u00e1lnak, t\u00f6bbek k\u00f6z\u00f6tt k\u00e9pz\u0151m\u0171v\u00e9szeti k\u00f6lt\u00f6ztet\u00e9st, h\u00e1zi\u00e1llat k\u00f6lt\u00f6ztet\u00e9st, j\u00e1rm\u0171sz\u00e1ll\u00edt\u00e1st, k\u00f6lt\u00f6z\u00e9si seg\u00edts\u00e9gny\u00fajt\u00e1st, v\u00edzum- \u00e9s bev\u00e1ndorl\u00e1si t\u00e1mogat\u00e1st, lak\u00e1skeres\u00e9st, aut\u00f3k\u00f6lcs\u00f6nz\u00e9st \u00e9s t\u00e1rol\u00e1st.<\/p>\n<p>Weboldal: <a href=\"http:\/\/www.pmrelocations.com\/\" target=\"_blank\" rel=\"noopener\">http:\/\/www.pmrelocations.com\/<\/a><\/p>\n<h2><span class=\"ez-toc-section\" id=\"20_Pradhan_Relocation\"><\/span><strong>20. Pradhan \u00e1thelyez\u00e9s<\/strong><span class=\"ez-toc-section-end\"><\/span><\/h2>\n<p><img loading=\"lazy\" decoding=\"async\" class=\"alignnone size-full wp-image-7772\" src=\"https:\/\/moverdb.com\/wp-content\/uploads\/Pradhan-Relocations-international-moving-company.png\" alt=\"Pradhan Relocations nemzetk\u00f6zi k\u00f6lt\u00f6ztet\u0151 c\u00e9g\" width=\"1440\" height=\"677\" data-wp-pid=\"7772\" srcset=\"https:\/\/moverdb.com\/wp-content\/uploads\/Pradhan-Relocations-international-moving-company.png 1440w, https:\/\/moverdb.com\/wp-content\/uploads\/Pradhan-Relocations-international-moving-company-300x141.png 300w, https:\/\/moverdb.com\/wp-content\/uploads\/Pradhan-Relocations-international-moving-company-1024x481.png 1024w, https:\/\/moverdb.com\/wp-content\/uploads\/Pradhan-Relocations-international-moving-company-18x8.png 18w, https:\/\/moverdb.com\/wp-content\/uploads\/Pradhan-Relocations-international-moving-company-600x282.png 600w\" sizes=\"auto, (max-width: 1440px) 100vw, 1440px\" \/><\/p>\n<ul>\n<li>Nemzeti l\u00e9p\u00e9sek<\/li>\n<li>Nemzetk\u00f6zi k\u00f6lt\u00f6z\u00e9sek<\/li>\n<li>Lakoss\u00e1gi k\u00f6lt\u00f6z\u00e9sek<\/li>\n<li>Irod\u00e1k \u00e9s kereskedelmi l\u00e9tes\u00edtm\u00e9nyek \u00e1thelyez\u00e9se<\/li>\n<li>Csomagol\u00e1si szolg\u00e1ltat\u00e1s<\/li>\n<li>K\u00f6z\u00fati, tengeri \u00e9s l\u00e9gi sz\u00e1ll\u00edt\u00e1s<\/li>\n<li>V\u00e1mkezel\u00e9s<\/li>\n<li>H\u00e1zi\u00e1llat-transzferek<\/li>\n<li>J\u00e1rm\u0171 \u00e1thelyez\u00e9sek<\/li>\n<li>Rakt\u00e1roz\u00e1si lehet\u0151s\u00e9gek<\/li>\n<\/ul>\n<p>A Pradhan Relocation egy 1993-ban alap\u00edtott k\u00f6lt\u00f6ztet\u0151 \u00e9s k\u00f6lt\u00f6ztet\u0151 c\u00e9g, amelynek irod\u00e1i Nyugat-Beng\u00e1lban, Mumbaiban, \u00daj-Delhiben, Bangalore-ban \u00e9s Bhubaneswarban tal\u00e1lhat\u00f3k. Partner k\u00f6lt\u00f6ztet\u0151 \u00fcgyn\u00f6ks\u00e9gekkel dolgoznak egy\u00fctt a nemzetk\u00f6zi k\u00f6lt\u00f6ztet\u00e9sek lebonyol\u00edt\u00e1sa \u00e9rdek\u00e9ben. Az IAM tagja, \u00e9s kilenc \u00e9ves szolg\u00e1lati id\u0151vel rendelkeznek.<\/p>\n<p>A Pradhan Relocation k\u00f6lt\u00f6z\u00e9s el\u0151tti felm\u00e9r\u00e9st \u00e9s tervez\u00e9si szolg\u00e1ltat\u00e1st k\u00edn\u00e1l az \u00d6n k\u00f6lt\u00f6z\u00e9s\u00e9hez. Csomagol\u00e1si szolg\u00e1ltat\u00e1st ny\u00fajtanak, bele\u00e9rtve a k\u00fcl\u00f6nb\u00f6z\u0151 csomagol\u00f3anyagokat, amelyeket \u00fagy terveztek, hogy megv\u00e9dj\u00e9k a nedvess\u00e9gt\u0151l \u00e9s a s\u00e9r\u00fcl\u00e9sekt\u0151l. Megszervezik a k\u00f6z\u00fati, tengeri \u00e9s l\u00e9gi sz\u00e1ll\u00edt\u00e1st, \u00e9s seg\u00edtenek a v\u00e1mkezel\u00e9sben. Tov\u00e1bbi szolg\u00e1ltat\u00e1saik k\u00f6z\u00e9 tartozik a k\u00e9pz\u0151m\u0171v\u00e9szeti k\u00f6lt\u00f6ztet\u00e9s, a h\u00e1zi\u00e1llatok \u00e1thelyez\u00e9se, a j\u00e1rm\u0171vek \u00e1thelyez\u00e9se, az ezermester-szolg\u00e1ltat\u00e1sok \u00e9s a sz\u00e1ll\u00edtm\u00e1nyv\u00e9delem.<\/p>\n<p>Weboldal: <a href=\"http:\/\/www.pradhanpackers.com\/\" target=\"_blank\" rel=\"noopener\">http:\/\/www.pradhanpackers.com\/<\/a><\/p>\n<h2><span class=\"ez-toc-section\" id=\"21_Royal_International_Worldwide_Relocations\"><\/span><strong>21. Royal International Worldwide Relocations<\/strong><span class=\"ez-toc-section-end\"><\/span><\/h2>\n<p><img loading=\"lazy\" decoding=\"async\" class=\"alignnone size-full wp-image-7744\" src=\"https:\/\/moverdb.com\/wp-content\/uploads\/Royal-International-moving-company.png\" alt=\"Royal Nemzetk\u00f6zi k\u00f6lt\u00f6ztet\u0151 c\u00e9g\" width=\"1440\" height=\"670\" data-wp-pid=\"7744\" srcset=\"https:\/\/moverdb.com\/wp-content\/uploads\/Royal-International-moving-company.png 1440w, https:\/\/moverdb.com\/wp-content\/uploads\/Royal-International-moving-company-300x140.png 300w, https:\/\/moverdb.com\/wp-content\/uploads\/Royal-International-moving-company-1024x476.png 1024w, https:\/\/moverdb.com\/wp-content\/uploads\/Royal-International-moving-company-18x8.png 18w, https:\/\/moverdb.com\/wp-content\/uploads\/Royal-International-moving-company-600x279.png 600w\" sizes=\"auto, (max-width: 1440px) 100vw, 1440px\" \/><\/p>\n<ul>\n<li>Nemzeti \u00e1thelyez\u00e9sek<\/li>\n<li>Nemzetk\u00f6zi \u00e1thelyez\u00e9sek<\/li>\n<li>Lakoss\u00e1gi \u00e1thelyez\u00e9sek<\/li>\n<li>Szervezet\u00e1thelyez\u00e9sek<\/li>\n<li>Csomagol\u00e1si szolg\u00e1ltat\u00e1sok<\/li>\n<li>Sz\u00e1ll\u00edt\u00e1si meg\u00e1llapod\u00e1sok<\/li>\n<li>V\u00e1mt\u00e1mogat\u00e1s<\/li>\n<li>K\u00e9pz\u0151m\u0171v\u00e9szeti mozgat\u00e1s<\/li>\n<li>Aut\u00f3- \u00e9s kis\u00e1llat-sz\u00e1ll\u00edt\u00e1s<\/li>\n<li>Rakt\u00e1roz\u00e1si lehet\u0151s\u00e9gek<\/li>\n<\/ul>\n<p>A Royal International Worldwide Relocations egy 2007-ben alap\u00edtott k\u00f6lt\u00f6ztet\u00e9si szolg\u00e1ltat\u00f3. Sz\u00e9khely\u00fck Bangalore-ban tal\u00e1lhat\u00f3, \u00e9s az \u00f6sszes nagyobb indiai metropoliszban van kirendelts\u00e9g\u00fck. Tapasztalt logisztikai c\u00e9gekkel dolgoznak egy\u00fctt a nemzetk\u00f6zi szolg\u00e1ltat\u00e1sok ny\u00fajt\u00e1sa \u00e9rdek\u00e9ben. Az IAM tagjak\u00e9nt 27 \u00e9ves szolg\u00e1lati id\u0151vel rendelkeznek.<\/p>\n<p>A Royal International Worldwide Relocations teljes k\u00f6r\u0171 t\u00e1mogat\u00e1st ny\u00fajt a nemzeti \u00e9s nemzetk\u00f6zi k\u00f6lt\u00f6z\u00e9sekhez, amely egy tan\u00e1csad\u00f3val v\u00e9gzett k\u00f6lt\u00f6z\u00e9s el\u0151tti felm\u00e9r\u00e9ssel kezd\u0151dik. K\u00e9pzett csapatuk csomagol\u00e1si szolg\u00e1ltat\u00e1sokat ny\u00fajt, akik biztons\u00e1gosan becsomagolj\u00e1k az \u00f6sszes holmit, \u00e9s a c\u00e9l\u00e1llom\u00e1son kicsomagolj\u00e1k azokat. Megszervezik a sz\u00e1ll\u00edt\u00e1st online k\u00fcldem\u00e9nyk\u00f6vet\u00e9ssel \u00e9s v\u00e1m\u00fcgyi t\u00e1mogat\u00e1ssal.<\/p>\n<p>Weboldal: <a href=\"http:\/\/www.royalintl.in\/\" target=\"_blank\" rel=\"noopener\">http:\/\/www.royalintl.in\/<\/a><\/p>\n<h2><span class=\"ez-toc-section\" id=\"22_Servile_Relocations\"><\/span><strong>22. Szolg\u00e1lati \u00e1thelyez\u00e9sek<\/strong><span class=\"ez-toc-section-end\"><\/span><\/h2>\n<p><img loading=\"lazy\" decoding=\"async\" class=\"alignnone size-full wp-image-7749\" src=\"https:\/\/moverdb.com\/wp-content\/uploads\/Servile-Relocation-international-moving-company.png\" alt=\"Servile Relocation nemzetk\u00f6zi k\u00f6lt\u00f6ztet\u0151 c\u00e9g\" width=\"1440\" height=\"681\" data-wp-pid=\"7749\" srcset=\"https:\/\/moverdb.com\/wp-content\/uploads\/Servile-Relocation-international-moving-company.png 1440w, https:\/\/moverdb.com\/wp-content\/uploads\/Servile-Relocation-international-moving-company-300x142.png 300w, https:\/\/moverdb.com\/wp-content\/uploads\/Servile-Relocation-international-moving-company-1024x484.png 1024w, https:\/\/moverdb.com\/wp-content\/uploads\/Servile-Relocation-international-moving-company-18x9.png 18w, https:\/\/moverdb.com\/wp-content\/uploads\/Servile-Relocation-international-moving-company-600x284.png 600w\" sizes=\"auto, (max-width: 1440px) 100vw, 1440px\" \/><\/p>\n<ul>\n<li>Nemzeti l\u00e9p\u00e9sek<\/li>\n<li>Nemzetk\u00f6zi k\u00f6lt\u00f6z\u00e9sek<\/li>\n<li>Lakoss\u00e1gi k\u00f6lt\u00f6z\u00e9sek<\/li>\n<li>V\u00e1llalati k\u00f6lt\u00f6z\u00e9sek<\/li>\n<li>Szem\u00e9lyre szabott szolg\u00e1ltat\u00e1s<\/li>\n<li>Csomagol\u00e1si szolg\u00e1ltat\u00e1s<\/li>\n<li>V\u00e1mkezel\u00e9s<\/li>\n<li>J\u00e1rm\u0171 \u00e1thelyez\u00e9s<\/li>\n<li>H\u00e1zi\u00e1llat \u00e1thelyez\u00e9s<\/li>\n<li>T\u00e1rol\u00e1si megold\u00e1sok<\/li>\n<\/ul>\n<p>A Servile Relocation egy 2009-ben alap\u00edtott k\u00f6lt\u00f6ztet\u00e9si \u00e9s mobilit\u00e1si szolg\u00e1ltat\u00f3, amelynek sz\u00e9khelye Mumbaiban van, \u00e9s fi\u00f3kjai a nagyobb indiai v\u00e1rosokban. Szolg\u00e1ltat\u00e1saikat vil\u00e1gszerte megb\u00edzhat\u00f3 partnerekkel ny\u00fajtj\u00e1k. Az IAM tagjak\u00e9nt 14 \u00e9ves szolg\u00e1lati id\u0151vel rendelkeznek.<\/p>\n<p>A Servile Relocation szem\u00e9lyre szabott, teljes k\u00f6r\u0171 szolg\u00e1ltat\u00e1st ny\u00fajt a k\u00f6lt\u00f6z\u00e9shez, biztons\u00e1gos csomagol\u00e1ssal, hogy megv\u00e9dje a holmij\u00e1t, \u00e9s lelt\u00e1rt k\u00e9sz\u00edt. Megszervezik a holmij\u00e1nak l\u00e9gi vagy tengeri sz\u00e1ll\u00edt\u00e1s\u00e1t v\u00e1mkezel\u00e9ssel egy\u00fctt. Sz\u00e1mos tov\u00e1bbi szolg\u00e1ltat\u00e1st ny\u00fajtanak, amelyek k\u00f6z\u00e9 tartozik a k\u00e9pz\u0151m\u0171v\u00e9szeti t\u00e1rgyak kezel\u00e9se, a kis\u00e1llatok k\u00f6lt\u00f6ztet\u00e9se, a j\u00e1rm\u0171vek k\u00f6lt\u00f6ztet\u00e9se, a ki\u00e1ll\u00edt\u00e1sok kezel\u00e9se, a c\u00e9l\u00e1llom\u00e1s-szolg\u00e1ltat\u00e1s, a mobilit\u00e1si szolg\u00e1ltat\u00e1sok \u00e9s a t\u00e1rol\u00e1si megold\u00e1sok.<\/p>\n<p>Weboldal: <a href=\"http:\/\/servilerelocations.com\/\" target=\"_blank\" rel=\"noopener\">http:\/\/servilerelocations.com\/<\/a><\/p>\n<h2><span class=\"ez-toc-section\" id=\"23_Santa_Fe_Relocation\"><\/span><strong>23. Santa Fe \u00e1thelyez\u00e9se<\/strong><span class=\"ez-toc-section-end\"><\/span><\/h2>\n<p><img loading=\"lazy\" decoding=\"async\" class=\"alignnone size-full wp-image-7748\" src=\"https:\/\/moverdb.com\/wp-content\/uploads\/Santa-Fe-Relocations-India-international-moving-company.png\" alt=\"Santa Fe Relocations India nemzetk\u00f6zi k\u00f6lt\u00f6ztet\u0151 c\u00e9g\" width=\"1440\" height=\"676\" data-wp-pid=\"7748\" srcset=\"https:\/\/moverdb.com\/wp-content\/uploads\/Santa-Fe-Relocations-India-international-moving-company.png 1440w, https:\/\/moverdb.com\/wp-content\/uploads\/Santa-Fe-Relocations-India-international-moving-company-300x141.png 300w, https:\/\/moverdb.com\/wp-content\/uploads\/Santa-Fe-Relocations-India-international-moving-company-1024x481.png 1024w, https:\/\/moverdb.com\/wp-content\/uploads\/Santa-Fe-Relocations-India-international-moving-company-18x8.png 18w, https:\/\/moverdb.com\/wp-content\/uploads\/Santa-Fe-Relocations-India-international-moving-company-600x282.png 600w\" sizes=\"auto, (max-width: 1440px) 100vw, 1440px\" \/><\/p>\n<ul>\n<li>Nemzeti l\u00e9p\u00e9sek<\/li>\n<li>Nemzetk\u00f6zi k\u00f6lt\u00f6z\u00e9sek<\/li>\n<li>Lakoss\u00e1gi k\u00f6lt\u00f6z\u00e9sek<\/li>\n<li>Iroda \u00e1thelyez\u00e9se<\/li>\n<li>Szem\u00e9lyre szabott k\u00f6lt\u00f6ztet\u00e9si szolg\u00e1ltat\u00e1sok<\/li>\n<li>Csomagol\u00e1si szolg\u00e1ltat\u00e1sok<\/li>\n<li>L\u00e9gi, tengeri \u00e9s k\u00f6z\u00fati sz\u00e1ll\u00edt\u00e1s<\/li>\n<li>V\u00e1mkezel\u00e9s<\/li>\n<li>V\u00edzum \u00e9s bev\u00e1ndorl\u00e1s<\/li>\n<li>Biztons\u00e1gos rakt\u00e1rhelyis\u00e9gek<\/li>\n<\/ul>\n<p>A Santa Fe Relocations egy glob\u00e1lis csomagol\u00f3 \u00e9s k\u00f6lt\u00f6ztet\u0151 c\u00e9g, amely 38 orsz\u00e1gban 64 irod\u00e1val rendelkezik, k\u00f6zt\u00fck h\u00e9t indiai irod\u00e1val Bangalore-ban, Chennaiban, Delhiben, Hyderabadban, Kolkat\u00e1ban, Mumbaiban \u00e9s Pune-ban. Az IAM tagja \u00e9s a FIDI \u00e1ltal akkredit\u00e1lt.<\/p>\n<p>A Santa Fe Relocations szem\u00e9lyre szabott, egyablakos k\u00f6lt\u00f6z\u00e9si megold\u00e1sokat k\u00edn\u00e1l egy dedik\u00e1lt k\u00f6lt\u00f6z\u00e9si koordin\u00e1torral. A k\u00f6lt\u00f6z\u00e9s el\u0151tti konzult\u00e1ci\u00f3t, csomagol\u00e1si szolg\u00e1ltat\u00e1sokat \u00e9s a tengeri, l\u00e9gi vagy k\u00f6z\u00fati sz\u00e1ll\u00edt\u00e1s megszervez\u00e9s\u00e9t biztos\u00edtj\u00e1k v\u00e1mkezel\u00e9ssel egy\u00fctt. Olyan k\u00f6lt\u00f6z\u00e9si szolg\u00e1ltat\u00e1sokat ny\u00fajtanak, amelyek magukban foglalj\u00e1k az otthon- \u00e9s iskolakeres\u00e9st, a ter\u00fcleti t\u00e1j\u00e9koz\u00f3d\u00e1st \u00e9s a biztons\u00e1gos t\u00e1rol\u00e1si szolg\u00e1ltat\u00e1st. Egy\u00e9b kieg\u00e9sz\u00edt\u0151 szolg\u00e1ltat\u00e1sok k\u00f6z\u00e9 tartozik a h\u00e1zi\u00e1llat-\u00e1tk\u00f6lt\u00f6ztet\u00e9s, aut\u00f3\u00e1tk\u00f6lt\u00f6ztet\u00e9s, k\u00e9pz\u0151m\u0171v\u00e9szeti alkot\u00e1sok \u00e9s ki\u00e1ll\u00edt\u00e1sok kezel\u00e9se.<\/p>\n<p>Weboldal: <a href=\"https:\/\/www.santaferelo.com\/en\/contact\/our-offices\/india-bangalore\/\" target=\"_blank\" rel=\"noopener\">https:\/\/www.santaferelo.com\/en\/contact\/our-offices\/india-bangalore\/<\/a><\/p>\n<h2><span class=\"ez-toc-section\" id=\"24_Star_Worldwide_Group\"><\/span><strong>24. Star Worldwide Group<\/strong><span class=\"ez-toc-section-end\"><\/span><\/h2>\n<p><img loading=\"lazy\" decoding=\"async\" class=\"alignnone size-full wp-image-7751\" src=\"https:\/\/moverdb.com\/wp-content\/uploads\/Star-Worldwide-Group-international-moving-company.png\" alt=\"Star Worldwide Group nemzetk\u00f6zi k\u00f6lt\u00f6ztet\u0151 c\u00e9g\" width=\"1440\" height=\"562\" data-wp-pid=\"7751\" srcset=\"https:\/\/moverdb.com\/wp-content\/uploads\/Star-Worldwide-Group-international-moving-company.png 1440w, https:\/\/moverdb.com\/wp-content\/uploads\/Star-Worldwide-Group-international-moving-company-300x117.png 300w, https:\/\/moverdb.com\/wp-content\/uploads\/Star-Worldwide-Group-international-moving-company-1024x400.png 1024w, https:\/\/moverdb.com\/wp-content\/uploads\/Star-Worldwide-Group-international-moving-company-18x7.png 18w, https:\/\/moverdb.com\/wp-content\/uploads\/Star-Worldwide-Group-international-moving-company-1140x445.png 1140w, https:\/\/moverdb.com\/wp-content\/uploads\/Star-Worldwide-Group-international-moving-company-600x234.png 600w\" sizes=\"auto, (max-width: 1440px) 100vw, 1440px\" \/><\/p>\n<ul>\n<li>Nemzeti l\u00e9p\u00e9sek<\/li>\n<li>Nemzetk\u00f6zi \u00e1thelyez\u00e9sek<\/li>\n<li>H\u00e1ztart\u00e1si k\u00f6lt\u00f6z\u00e9sek<\/li>\n<li>Irodai k\u00f6lt\u00f6z\u00e9sek<\/li>\n<li>H\u00e1zt\u00f3l-h\u00e1zig szolg\u00e1ltat\u00e1s<\/li>\n<li>Mozg\u00e1sir\u00e1ny\u00edt\u00e1s nyomon k\u00f6vet\u00e9ssel<\/li>\n<li>Csomagol\u00e1si szolg\u00e1ltat\u00e1s<\/li>\n<li>V\u00e1malakis\u00e1gok<\/li>\n<li>H\u00e1zi\u00e1llat \u00e1thelyez\u00e9s<\/li>\n<li>Rakt\u00e1roz\u00e1si lehet\u0151s\u00e9gek<\/li>\n<\/ul>\n<p>A Star Worldwide Group egy k\u00f6lt\u00f6ztet\u00e9ssel \u00e9s logisztik\u00e1val foglalkoz\u00f3 v\u00e1llalat, amelynek sz\u00e9khelye \u00dajdelhiben tal\u00e1lhat\u00f3, irod\u00e1i pedig Mumbaiban, Bangalore-ban, Chennaiban, Hyderabadban, Kolkat\u00e1ban \u00e9s Pune-ban. Glob\u00e1lis partnerh\u00e1l\u00f3zatukon kereszt\u00fcl t\u00f6bb mint 100 orsz\u00e1got szolg\u00e1lnak ki. Az IAM 26 \u00e9ves tagjak\u00e9nt a FIDI \u00e1ltal akkredit\u00e1ltak.<\/p>\n<p>A Star Worldwide Group k\u00e9pzett csomagol\u00f3kat \u00e9s kiv\u00e1l\u00f3 min\u0151s\u00e9g\u0171 csomagol\u00f3anyagokat, valamint egyedi m\u00e9ret\u0171 dobozokat biztos\u00edt a holmik biztons\u00e1gos becsomagol\u00e1s\u00e1hoz, c\u00edmk\u00e9z\u00e9s\u00e9hez \u00e9s lelt\u00e1rk\u00e9sz\u00edt\u00e9shez. Move Management szoftvert haszn\u00e1lnak, hogy \u00d6n nyomon k\u00f6vethesse a holmij\u00e1t. K\u00f6lt\u00f6ztet\u00e9si szolg\u00e1ltat\u00e1sokat ny\u00fajtanak, bele\u00e9rtve az otthon- \u00e9s iskolakeres\u00e9st, a t\u00e1j\u00e9koz\u00f3d\u00e1st \u00e9s a h\u00e1zi\u00e1llatok \u00e1thelyez\u00e9s\u00e9t.<\/p>\n<p>Weboldal: <a href=\"http:\/\/www.starww.com\/\" target=\"_blank\" rel=\"noopener\">http:\/\/www.starww.com\/<\/a><\/p>\n<h2><span class=\"ez-toc-section\" id=\"25_Teamwork_Global_Logistics\"><\/span><strong>25. Csapatmunka Glob\u00e1lis logisztika<\/strong><span class=\"ez-toc-section-end\"><\/span><\/h2>\n<p><img loading=\"lazy\" decoding=\"async\" class=\"alignnone size-full wp-image-7753\" src=\"https:\/\/moverdb.com\/wp-content\/uploads\/Teamwork-Global-Logistics-international-moving-company.png\" alt=\"Teamwork Global Logistics nemzetk\u00f6zi k\u00f6lt\u00f6ztet\u0151 c\u00e9g\" width=\"1440\" height=\"678\" data-wp-pid=\"7753\" srcset=\"https:\/\/moverdb.com\/wp-content\/uploads\/Teamwork-Global-Logistics-international-moving-company.png 1440w, https:\/\/moverdb.com\/wp-content\/uploads\/Teamwork-Global-Logistics-international-moving-company-300x141.png 300w, https:\/\/moverdb.com\/wp-content\/uploads\/Teamwork-Global-Logistics-international-moving-company-1024x482.png 1024w, https:\/\/moverdb.com\/wp-content\/uploads\/Teamwork-Global-Logistics-international-moving-company-18x8.png 18w, https:\/\/moverdb.com\/wp-content\/uploads\/Teamwork-Global-Logistics-international-moving-company-600x283.png 600w\" sizes=\"auto, (max-width: 1440px) 100vw, 1440px\" \/><\/p>\n<ul>\n<li>Nemzeti k\u00f6zleked\u00e9s<\/li>\n<li>Nemzetk\u00f6zi fuvaroz\u00e1s<\/li>\n<li>Poggy\u00e1szkezel\u00e9s<\/li>\n<li>V\u00e9gpontt\u00f3l v\u00e9gpontig tart\u00f3 logisztika<\/li>\n<li>H\u00e1ztart\u00e1si cikkek sz\u00e1ll\u00edt\u00e1sa<\/li>\n<li>Kereskedelmi sz\u00e1ll\u00edt\u00e1s<\/li>\n<li>K\u00f6z\u00fati, tengeri \u00e9s l\u00e9gi sz\u00e1ll\u00edtm\u00e1nyoz\u00e1s<\/li>\n<li>V\u00e1mkezel\u00e9s<\/li>\n<li>Projektmegold\u00e1sok<\/li>\n<li>Rakt\u00e1ri szolg\u00e1ltat\u00e1sok<\/li>\n<\/ul>\n<p>A Teamwork Global Logistics egy logisztikai megold\u00e1sokat \u00e9s tan\u00e1csad\u00e1st ny\u00fajt\u00f3 c\u00e9g, amely k\u00f6lt\u00f6ztet\u00e9si szolg\u00e1ltat\u00e1sokat k\u00edn\u00e1l. 2007-ben alap\u00edtott\u00e1k \u0151ket, \u00e9s irod\u00e1ik Mumbaiban, Pandzs\u00e1bban, \u00dajdelhiben, Gudzsar\u00e1tban \u00e9s Chennaiban vannak. Nemzetk\u00f6zi \u00fczleti partnerekkel dolgoznak egy\u00fctt, hogy szolg\u00e1ltat\u00e1saikat az eg\u00e9sz vil\u00e1gon ny\u00fajthass\u00e1k. Az IAM tagjak\u00e9nt nyolc\u00e9ves szolg\u00e1lati id\u0151vel rendelkeznek.<\/p>\n<p>A Teamwork Global Logistics v\u00e9gpontt\u00f3l v\u00e9gpontig tart\u00f3 logisztik\u00e1t k\u00edn\u00e1l k\u00fcl\u00f6nf\u00e9le sz\u00e1ll\u00edtm\u00e1nyok sz\u00e1m\u00e1ra, bele\u00e9rtve a felesleges poggy\u00e1szokat, a harmadik orsz\u00e1gokba ir\u00e1nyul\u00f3 sz\u00e1ll\u00edtm\u00e1nyokat, a projekteket \u00e9s az \u00f6mlesztett \u00e1ru t\u00f6r\u00e9s\u00e9t. Kiz\u00e1r\u00f3lag k\u00f6lt\u00f6z\u00e9sekhez ny\u00fajtanak sz\u00e1ll\u00edt\u00e1si szolg\u00e1ltat\u00e1sokat. Olyan taktikai sz\u00e1ll\u00edt\u00e1si megold\u00e1sokat k\u00edn\u00e1lnak, amelyek megfelelnek az \u00d6n ig\u00e9nyeinek \u00e9s a rakt\u00e1ri szolg\u00e1ltat\u00e1soknak.<\/p>\n<p>Weboldal: <a href=\"http:\/\/www.teamworklogistics.com\/\" target=\"_blank\" rel=\"noopener\">http:\/\/www.teamworklogistics.com\/<\/a><\/p>\n<h2><span class=\"ez-toc-section\" id=\"26_Transcend_Mobility\"><\/span><strong>26. Transzcendens mobilit\u00e1s<\/strong><span class=\"ez-toc-section-end\"><\/span><\/h2>\n<p><img loading=\"lazy\" decoding=\"async\" class=\"alignnone size-full wp-image-7754\" src=\"https:\/\/moverdb.com\/wp-content\/uploads\/Transcend-Mobility-international-moving-company.png\" alt=\"Transcend Mobility nemzetk\u00f6zi k\u00f6lt\u00f6ztet\u0151 c\u00e9g\" width=\"1440\" height=\"673\" data-wp-pid=\"7754\" srcset=\"https:\/\/moverdb.com\/wp-content\/uploads\/Transcend-Mobility-international-moving-company.png 1440w, https:\/\/moverdb.com\/wp-content\/uploads\/Transcend-Mobility-international-moving-company-300x140.png 300w, https:\/\/moverdb.com\/wp-content\/uploads\/Transcend-Mobility-international-moving-company-1024x479.png 1024w, https:\/\/moverdb.com\/wp-content\/uploads\/Transcend-Mobility-international-moving-company-18x8.png 18w, https:\/\/moverdb.com\/wp-content\/uploads\/Transcend-Mobility-international-moving-company-600x280.png 600w\" sizes=\"auto, (max-width: 1440px) 100vw, 1440px\" \/><\/p>\n<ul>\n<li>Nemzeti l\u00e9p\u00e9sek<\/li>\n<li>Nemzetk\u00f6zi k\u00f6lt\u00f6z\u00e9sek<\/li>\n<li>H\u00e1ztart\u00e1si k\u00f6lt\u00f6z\u00e9sek<\/li>\n<li>Irodai \u00e9s ipari k\u00f6lt\u00f6ztet\u00e9s<\/li>\n<li>V\u00e9gpontt\u00f3l v\u00e9gpontig terjed\u0151 megold\u00e1sok<\/li>\n<li>Csomagol\u00e1si szolg\u00e1ltat\u00e1s<\/li>\n<li>A sz\u00e1ll\u00edt\u00e1s megszervez\u00e9se<\/li>\n<li>K\u00e9pz\u0151m\u0171v\u00e9szet mozg\u00f3<\/li>\n<li>H\u00e1zi\u00e1llat \u00e1thelyez\u00e9s<\/li>\n<li>Biztons\u00e1gos t\u00e1rol\u00e1s<\/li>\n<\/ul>\n<p>A Transcend Mobility egy indiai sz\u00e9khely\u0171 k\u00f6lt\u00f6z\u00e9si megold\u00e1sokat k\u00edn\u00e1l\u00f3 v\u00e1llalat, amelynek irod\u00e1i Mumbaiban, \u00dajdelhiben, Pune-ban, Chennaiban \u00e9s Bangalore-ban tal\u00e1lhat\u00f3k. Az IAM tagja, \u00f6t\u00e9ves szolg\u00e1lati id\u0151vel, ami lehet\u0151v\u00e9 teszi sz\u00e1mukra, hogy \u00e9rt\u00e9kelj\u00e9k a vil\u00e1gm\u00e9ret\u0171 k\u00f6lt\u00f6ztet\u0151\u00fcgyn\u00f6k\u00f6k nemzetk\u00f6zi h\u00e1l\u00f3zat\u00e1t, hogy t\u00e1mogass\u00e1k a k\u00f6lt\u00f6z\u00e9seket a vil\u00e1g b\u00e1rmely pontj\u00e1ra.<\/p>\n<p>A Transcend Mobility teljes k\u00f6r\u0171, teljes k\u00f6r\u0171 k\u00f6lt\u00f6ztet\u00e9si szolg\u00e1ltat\u00e1st k\u00edn\u00e1l h\u00e1ztart\u00e1sok \u00e9s v\u00e1llalkoz\u00e1sok sz\u00e1m\u00e1ra. Olyan csomagol\u00e1si szolg\u00e1ltat\u00e1st ny\u00fajtanak, amely k\u00f6rnyezetbar\u00e1t csomagol\u00f3anyagokat haszn\u00e1l, amelyek strapab\u00edr\u00f3ak \u00e9s v\u00e9dik a holmij\u00e1t a sz\u00e1ll\u00edt\u00e1s sor\u00e1n. Tov\u00e1bbi szolg\u00e1ltat\u00e1sokat is k\u00edn\u00e1lnak, bele\u00e9rtve az otthonkeres\u00e9st, a h\u00e1zi\u00e1llatok k\u00f6lt\u00f6ztet\u00e9s\u00e9t, a k\u00e9pz\u0151m\u0171v\u00e9szeti t\u00e1rgyak kezel\u00e9s\u00e9t \u00e9s a biztons\u00e1gos t\u00e1rol\u00e1st.<\/p>\n<p>Weboldal: <a href=\"http:\/\/www.transcendmobility.org\/\" target=\"_blank\" rel=\"noopener\">http:\/\/www.transcendmobility.org\/<\/a><\/p>\n<h2><span class=\"ez-toc-section\" id=\"27_Transferet\"><\/span><strong>27. Transzferet<\/strong><span class=\"ez-toc-section-end\"><\/span><\/h2>\n<p><img loading=\"lazy\" decoding=\"async\" class=\"alignnone size-full wp-image-7755\" src=\"https:\/\/moverdb.com\/wp-content\/uploads\/Transferet-international-moving-company.png\" alt=\"Transferet nemzetk\u00f6zi k\u00f6lt\u00f6ztet\u0151 c\u00e9g\" width=\"1440\" height=\"682\" data-wp-pid=\"7755\" srcset=\"https:\/\/moverdb.com\/wp-content\/uploads\/Transferet-international-moving-company.png 1440w, https:\/\/moverdb.com\/wp-content\/uploads\/Transferet-international-moving-company-300x142.png 300w, https:\/\/moverdb.com\/wp-content\/uploads\/Transferet-international-moving-company-1024x485.png 1024w, https:\/\/moverdb.com\/wp-content\/uploads\/Transferet-international-moving-company-18x9.png 18w, https:\/\/moverdb.com\/wp-content\/uploads\/Transferet-international-moving-company-600x284.png 600w\" sizes=\"auto, (max-width: 1440px) 100vw, 1440px\" \/><\/p>\n<ul>\n<li>Nemzeti \u00e1thelyez\u00e9sek<\/li>\n<li>Nemzetk\u00f6zi \u00e1thelyez\u00e9sek<\/li>\n<li>Otthoni k\u00f6lt\u00f6z\u00e9sek<\/li>\n<li>Irodai k\u00f6lt\u00f6z\u00e9sek<\/li>\n<li>Csomagol\u00e1si szolg\u00e1ltat\u00e1s<\/li>\n<li>Sz\u00e1ll\u00edt\u00e1si meg\u00e1llapod\u00e1sok<\/li>\n<li>K\u00e9pz\u0151m\u0171v\u00e9szeti mozg\u00e1sok<\/li>\n<li>H\u00e1zi\u00e1llat \u00e1thelyez\u00e9s<\/li>\n<li>Adatk\u00f6zpont-migr\u00e1ci\u00f3<\/li>\n<li>Rakt\u00e1roz\u00e1si lehet\u0151s\u00e9gek<\/li>\n<\/ul>\n<p>A Transferet egy logisztikai \u00e9s k\u00f6lt\u00f6ztet\u00e9si v\u00e1llalat, amelynek sz\u00e9khelye Bangalore-ban tal\u00e1lhat\u00f3, \u00e9s telephelyei vannak \u00dajdelhiben, Chennaiban, Hyderabadban, Pune-ban, Kolkat\u00e1ban \u00e9s Mumbaiban. Szolg\u00e1ltat\u00e1saikat saj\u00e1t jelenl\u00e9t\u00fck\u00f6n, valamint k\u00f6lt\u00f6ztet\u0151 \u00e9s logisztikai c\u00e9gek h\u00e1l\u00f3zat\u00e1n kereszt\u00fcl ny\u00fajtj\u00e1k. Az IAM tagjak\u00e9nt 16 \u00e9ves szolg\u00e1lati id\u0151vel rendelkeznek.<\/p>\n<p>A Transferet helyi, orsz\u00e1gos \u00e9s nemzetk\u00f6zi k\u00f6lt\u00f6ztet\u00e9si \u00e9s k\u00f6lt\u00f6ztet\u00e9si szolg\u00e1ltat\u00e1sokat k\u00edn\u00e1l lak\u00e1sok \u00e9s irod\u00e1k sz\u00e1m\u00e1ra. A k\u00f6lt\u00f6z\u00e9s minden aspektus\u00e1t kezelik, bele\u00e9rtve a holmik biztons\u00e1gos csomagol\u00e1s\u00e1t, a sz\u00e1ll\u00edt\u00e1s megszervez\u00e9s\u00e9t \u00e9s a c\u00e9l\u00e1llom\u00e1sra t\u00f6rt\u00e9n\u0151 sz\u00e1ll\u00edt\u00e1st. Olyan k\u00f6lt\u00f6z\u00e9si szolg\u00e1ltat\u00e1sokat k\u00edn\u00e1lnak, amelyek magukban foglalj\u00e1k az otthon- \u00e9s iskolakeres\u00e9st, a beilleszked\u00e9st \u00e9s az indul\u00e1si szolg\u00e1ltat\u00e1sokat.<\/p>\n<p>Weboldal: <a href=\"http:\/\/www.transferet.co.in\/\" target=\"_blank\" rel=\"noopener\">http:\/\/www.transferet.co.in\/<\/a><\/p>\n<h2><span class=\"ez-toc-section\" id=\"28_TransOn_Movers\"><\/span><strong>28. TransOn Movers<\/strong><span class=\"ez-toc-section-end\"><\/span><\/h2>\n<p><img loading=\"lazy\" decoding=\"async\" class=\"alignnone size-full wp-image-7756\" src=\"https:\/\/moverdb.com\/wp-content\/uploads\/TransOn-Movers-international-moving-company.png\" alt=\"TransOn Movers nemzetk\u00f6zi k\u00f6lt\u00f6ztet\u0151 c\u00e9g\" width=\"1440\" height=\"681\" data-wp-pid=\"7756\" srcset=\"https:\/\/moverdb.com\/wp-content\/uploads\/TransOn-Movers-international-moving-company.png 1440w, https:\/\/moverdb.com\/wp-content\/uploads\/TransOn-Movers-international-moving-company-300x142.png 300w, https:\/\/moverdb.com\/wp-content\/uploads\/TransOn-Movers-international-moving-company-1024x484.png 1024w, https:\/\/moverdb.com\/wp-content\/uploads\/TransOn-Movers-international-moving-company-18x9.png 18w, https:\/\/moverdb.com\/wp-content\/uploads\/TransOn-Movers-international-moving-company-600x284.png 600w\" sizes=\"auto, (max-width: 1440px) 100vw, 1440px\" \/><\/p>\n<ul>\n<li>Nemzeti l\u00e9p\u00e9sek<\/li>\n<li>Nemzetk\u00f6zi k\u00f6lt\u00f6z\u00e9sek<\/li>\n<li>H\u00e1ztart\u00e1s \u00e1thelyez\u00e9se<\/li>\n<li>Irod\u00e1k \u00e1thelyez\u00e9se<\/li>\n<li>H\u00e1zt\u00f3l-h\u00e1zig szolg\u00e1ltat\u00e1s<\/li>\n<li>Csomagol\u00e1si szolg\u00e1ltat\u00e1sok<\/li>\n<li>K\u00f6z\u00fati, l\u00e9gi vagy tengeri sz\u00e1ll\u00edt\u00e1s<\/li>\n<li>H\u00e1zi\u00e1llat \u00e1thelyez\u00e9s<\/li>\n<li>Aut\u00f3 \u00e1thelyez\u00e9s<\/li>\n<li>Rakt\u00e1roz\u00e1si lehet\u0151s\u00e9gek<\/li>\n<\/ul>\n<p>A TransOn Movers egy 2010-ben alap\u00edtott, teljes k\u00f6r\u0171 logisztikai megold\u00e1sokat k\u00edn\u00e1l\u00f3 v\u00e1llalat, melynek irod\u00e1i a k\u00f6vetkez\u0151 helyeken tal\u00e1lhat\u00f3k <a href=\"https:\/\/moverdb.com\/hu\/moving-to-dubai\/\" data-internallinksmanager029f6b8e52c=\"246\" title=\"K\u00f6lt\u00f6z\u00e9s Dubaiba? 2023 Lakhat\u00e1si k\u00f6lts\u00e9gek \u00e9s k\u00f6lt\u00f6z\u00e9si tippek\">Dubai<\/a>, Mumbai, Chennai \u00e9s Bangalore. Orsz\u00e1gos \u00e9s nemzetk\u00f6zi k\u00f6lt\u00f6z\u00e9si \u00e9s k\u00f6lt\u00f6ztet\u00e9si szolg\u00e1ltat\u00e1sokat ny\u00fajtanak a h\u00e1ztart\u00e1sok \u00e9s az irod\u00e1k sz\u00e1m\u00e1ra. Az IAM h\u00e1rom\u00e9ves tags\u00e1ggal rendelkez\u0151 tagja.<\/p>\n<p>A TransOn Movers szem\u00e9lyre szabott, h\u00e1zt\u00f3l h\u00e1zig tart\u00f3 k\u00f6lt\u00f6ztet\u00e9si szolg\u00e1ltat\u00e1sokat k\u00edn\u00e1l, amelyek a j\u00e1rm\u0171vekre \u00e9s a h\u00e1zi\u00e1llatokra is kiterjedhetnek. Csomagol\u00f3ik k\u00e9pzettek a csomagol\u00e1si technik\u00e1kban, hogy megv\u00e9dj\u00e9k a holmij\u00e1t, \u00e9s sz\u00e1mos kiv\u00e1l\u00f3 min\u0151s\u00e9g\u0171 anyagot haszn\u00e1lnak, bele\u00e9rtve a t\u00f6r\u00e9keny \u00e9s nagy \u00e9rt\u00e9k\u0171 t\u00e1rgyak sz\u00e1m\u00e1ra egyedi fa l\u00e1d\u00e1k gy\u00e1rt\u00e1s\u00e1t. Megszervezik a k\u00f6z\u00fati, tengeri \u00e9s l\u00e9gi sz\u00e1ll\u00edt\u00e1st a c\u00e9l\u00e1llom\u00e1sra.<\/p>\n<p>Weboldal: <a href=\"http:\/\/www.transonmovers.com\/\" target=\"_blank\" rel=\"noopener\">http:\/\/www.transonmovers.com\/<\/a><\/p>\n<h2><span class=\"ez-toc-section\" id=\"29_TransWorld_International\"><\/span><strong>29. TransWorld International<\/strong><span class=\"ez-toc-section-end\"><\/span><\/h2>\n<p><img loading=\"lazy\" decoding=\"async\" class=\"alignnone size-full wp-image-7757\" src=\"https:\/\/moverdb.com\/wp-content\/uploads\/TransWorld-International-moving-company-1.png\" alt=\"TransWorld Nemzetk\u00f6zi k\u00f6lt\u00f6ztet\u0151 c\u00e9g\" width=\"1440\" height=\"683\" data-wp-pid=\"7757\" srcset=\"https:\/\/moverdb.com\/wp-content\/uploads\/TransWorld-International-moving-company-1.png 1440w, https:\/\/moverdb.com\/wp-content\/uploads\/TransWorld-International-moving-company-1-300x142.png 300w, https:\/\/moverdb.com\/wp-content\/uploads\/TransWorld-International-moving-company-1-1024x486.png 1024w, https:\/\/moverdb.com\/wp-content\/uploads\/TransWorld-International-moving-company-1-18x9.png 18w, https:\/\/moverdb.com\/wp-content\/uploads\/TransWorld-International-moving-company-1-600x285.png 600w\" sizes=\"auto, (max-width: 1440px) 100vw, 1440px\" \/><\/p>\n<ul>\n<li>Nemzeti l\u00e9p\u00e9sek<\/li>\n<li>Nemzetk\u00f6zi k\u00f6lt\u00f6z\u00e9sek<\/li>\n<li>H\u00e1ztart\u00e1si k\u00f6lt\u00f6z\u00e9sek<\/li>\n<li>V\u00e1llalati \u00e1thelyez\u00e9sek<\/li>\n<li>V\u00e9gpontt\u00f3l v\u00e9gpontig tart\u00f3 szolg\u00e1ltat\u00e1s<\/li>\n<li>Csomagol\u00e1si szolg\u00e1ltat\u00e1s<\/li>\n<li>K\u00f6z\u00fati, vas\u00fati, l\u00e9gi \u00e9s tengeri sz\u00e1ll\u00edt\u00e1s<\/li>\n<li>H\u00e1zi\u00e1llat \u00e9s j\u00e1rm\u0171 mozgat\u00e1sa<\/li>\n<li>Mozg\u00e1sbiztos\u00edt\u00e1s<\/li>\n<li>Rakt\u00e1roz\u00e1si lehet\u0151s\u00e9gek<\/li>\n<\/ul>\n<p>A TransWorld International egy 1999-ben alap\u00edtott k\u00f6lt\u00f6ztet\u0151, k\u00f6lt\u00f6ztet\u0151 \u00e9s t\u00e1rol\u00f3 c\u00e9g. Indi\u00e1ban 15 fi\u00f3kkal rendelkeznek a nagyobb v\u00e1rosokban, \u00e9s 500 partnerb\u0151l \u00e1ll\u00f3 glob\u00e1lis h\u00e1l\u00f3zatuk seg\u00edti a nemzetk\u00f6zi k\u00f6lt\u00f6z\u00e9seket. Tagjai az IAM-nek 24 \u00e9ves szolg\u00e1lati id\u0151vel, \u00e9s a FIDI \u00e1ltal akkredit\u00e1ltak.<\/p>\n<p>A TransWorld International v\u00e9gpontt\u00f3l v\u00e9gpontig tart\u00f3 k\u00f6lt\u00f6ztet\u00e9si szolg\u00e1ltat\u00e1st k\u00edn\u00e1l, amely a k\u00f6lt\u00f6z\u00e9s el\u0151tti felm\u00e9r\u00e9ssel \u00e9s becsl\u00e9ssel kezd\u0151dik. Csomagol\u00e1si szolg\u00e1ltat\u00e1suk k\u00f6rnyezetbar\u00e1t, \u00fajrafelhaszn\u00e1lhat\u00f3 anyagokat \u00e9s lelt\u00e1rk\u00e9sz\u00edt\u00e9st is tartalmaz. A legjobb megold\u00e1s megtal\u00e1l\u00e1s\u00e1hoz sz\u00e1ll\u00edt\u00e1si lehet\u0151s\u00e9geket k\u00edn\u00e1lnak, bele\u00e9rtve a k\u00f6z\u00fati, vas\u00fati, l\u00e9gi \u00e9s tengeri sz\u00e1ll\u00edt\u00e1st, \u00e9s minden v\u00e1mszab\u00e1lyoz\u00e1st \u00e1tn\u00e9znek \u00d6nnel.<\/p>\n<p>Weboldal: <a href=\"http:\/\/www.transworldintl.com\/\" target=\"_blank\" rel=\"noopener\">http:\/\/www.transworldintl.com\/<\/a><\/p>\n<h2><span class=\"ez-toc-section\" id=\"30_Universal_Relocations\"><\/span><strong>30. Univerz\u00e1lis \u00e1thelyez\u00e9sek<\/strong><span class=\"ez-toc-section-end\"><\/span><\/h2>\n<p><img loading=\"lazy\" decoding=\"async\" class=\"alignnone size-full wp-image-7758\" src=\"https:\/\/moverdb.com\/wp-content\/uploads\/Universal-Relocations-international-moving-company.png\" alt=\"Universal Relocations nemzetk\u00f6zi k\u00f6lt\u00f6ztet\u0151 c\u00e9g\" width=\"1440\" height=\"681\" data-wp-pid=\"7758\" srcset=\"https:\/\/moverdb.com\/wp-content\/uploads\/Universal-Relocations-international-moving-company.png 1440w, https:\/\/moverdb.com\/wp-content\/uploads\/Universal-Relocations-international-moving-company-300x142.png 300w, https:\/\/moverdb.com\/wp-content\/uploads\/Universal-Relocations-international-moving-company-1024x484.png 1024w, https:\/\/moverdb.com\/wp-content\/uploads\/Universal-Relocations-international-moving-company-18x9.png 18w, https:\/\/moverdb.com\/wp-content\/uploads\/Universal-Relocations-international-moving-company-600x284.png 600w\" sizes=\"auto, (max-width: 1440px) 100vw, 1440px\" \/><\/p>\n<ul>\n<li>Helyi \u00e9s orsz\u00e1gos \u00e1thelyez\u00e9sek<\/li>\n<li>Nemzetk\u00f6zi \u00e1thelyez\u00e9sek<\/li>\n<li>H\u00e1ztart\u00e1s \u00e1thelyez\u00e9se<\/li>\n<li>V\u00e1llalati \u00e1thelyez\u00e9sek<\/li>\n<li>H\u00e1zt\u00f3l-h\u00e1zig szolg\u00e1ltat\u00e1s<\/li>\n<li>Csomagol\u00e1si szolg\u00e1ltat\u00e1s<\/li>\n<li>Egyedi csomagol\u00e1si szolg\u00e1ltat\u00e1sok<\/li>\n<li>H\u00e1zi\u00e1llat \u00e1thelyez\u00e9s<\/li>\n<li>Biztos\u00edt\u00e1s<\/li>\n<li>Rakt\u00e1roz\u00e1si lehet\u0151s\u00e9gek<\/li>\n<\/ul>\n<p>Az Universal Relocations egy 1998-ban alap\u00edtott k\u00f6lt\u00f6ztet\u0151 c\u00e9g, amely egyablakos k\u00f6lt\u00f6ztet\u00e9si szolg\u00e1ltat\u00e1st ny\u00fajt. Irod\u00e1ik vannak Bangalore-ban, Chennaiban, Mumbaiban, Hyderabadban \u00e9s Delhiben, valamint az Egyes\u00fclt \u00c1llamokban. Glob\u00e1lis partner\u00fcgyn\u00f6keik vannak, akik t\u00f6bb mint 150 orsz\u00e1gba t\u00f6rt\u00e9n\u0151 k\u00f6lt\u00f6ztet\u00e9sben seg\u00edtik \u0151ket. Az IAM 14 \u00e9ves tagjak\u00e9nt a FIDI \u00e1ltal akkredit\u00e1ltak.<\/p>\n<p>Az Universal Relocations h\u00e1zt\u00f3l-h\u00e1zig szolg\u00e1ltat\u00e1st k\u00edn\u00e1l szem\u00e9lyes k\u00f6lt\u00f6z\u00e9si koordin\u00e1torral. K\u00e9pzett \u00e9s tapasztalt csomagol\u00f3kat biztos\u00edtanak, akik biztons\u00e1gosan becsomagolj\u00e1k a holmij\u00e1t a sz\u00e1ll\u00edt\u00e1shoz, bele\u00e9rtve a t\u00f6r\u00e9keny t\u00e1rgyak egyedi dobozol\u00e1s\u00e1t is. H\u00e1zi\u00e1llatok \u00e9s g\u00e9pj\u00e1rm\u0171vek k\u00f6lt\u00f6ztet\u00e9s\u00e9t is k\u00edn\u00e1lj\u00e1k.<\/p>\n<p>Weboldal: <a href=\"http:\/\/www.universalrelocations.com\/\" target=\"_blank\" rel=\"noopener\">http:\/\/www.universalrelocations.com\/<\/a><\/p>\n<h2><span class=\"ez-toc-section\" id=\"31_Verto_Mobility\"><\/span><strong>31. Verto Mobilit\u00e1s<\/strong><span class=\"ez-toc-section-end\"><\/span><\/h2>\n<p><img loading=\"lazy\" decoding=\"async\" class=\"alignnone size-full wp-image-7759\" src=\"https:\/\/moverdb.com\/wp-content\/uploads\/Verto-Mobility-international-moving-company.png\" alt=\"Verto Mobility nemzetk\u00f6zi k\u00f6lt\u00f6ztet\u0151 c\u00e9g\" width=\"1440\" height=\"684\" data-wp-pid=\"7759\" srcset=\"https:\/\/moverdb.com\/wp-content\/uploads\/Verto-Mobility-international-moving-company.png 1440w, https:\/\/moverdb.com\/wp-content\/uploads\/Verto-Mobility-international-moving-company-300x143.png 300w, https:\/\/moverdb.com\/wp-content\/uploads\/Verto-Mobility-international-moving-company-1024x486.png 1024w, https:\/\/moverdb.com\/wp-content\/uploads\/Verto-Mobility-international-moving-company-18x9.png 18w, https:\/\/moverdb.com\/wp-content\/uploads\/Verto-Mobility-international-moving-company-600x285.png 600w\" sizes=\"auto, (max-width: 1440px) 100vw, 1440px\" \/><\/p>\n<ul>\n<li>Nemzeti l\u00e9p\u00e9sek<\/li>\n<li>Nemzetk\u00f6zi k\u00f6lt\u00f6z\u00e9sek<\/li>\n<li>H\u00e1ztart\u00e1s \u00e1thelyez\u00e9se<\/li>\n<li>Irod\u00e1k \u00e1thelyez\u00e9se<\/li>\n<li>Csomagol\u00e1si szolg\u00e1ltat\u00e1s<\/li>\n<li>Sz\u00e1ll\u00edt\u00e1si meg\u00e1llapod\u00e1sok<\/li>\n<li>V\u00e1mnyomtatv\u00e1nyok \u00e9s dokument\u00e1ci\u00f3<\/li>\n<li>J\u00e1rm\u0171sz\u00e1ll\u00edt\u00e1s<\/li>\n<li>H\u00e1zi\u00e1llat \u00e1thelyez\u00e9s<\/li>\n<li>Biztons\u00e1gos t\u00e1rol\u00e1s<\/li>\n<\/ul>\n<p>A Verto Mobility egy 2011-ben alap\u00edtott f\u00fcggetlen k\u00f6lt\u00f6ztet\u00e9si szolg\u00e1ltat\u00f3 c\u00e9g, amelynek sz\u00e9khelye Bangalore, irod\u00e1i pedig \u00dajdelhiben \u00e9s Mumbaiban tal\u00e1lhat\u00f3k. Szolg\u00e1ltat\u00f3 partnereik glob\u00e1lis h\u00e1l\u00f3zata seg\u00edti \u0151ket a nemzetk\u00f6zi k\u00f6lt\u00f6z\u00e9sekben. Az IAM tagjak\u00e9nt 13 \u00e9ves szolg\u00e1lati id\u0151vel rendelkeznek.<\/p>\n<p>A Verto Mobility a k\u00f6lt\u00f6z\u00e9s el\u0151tti konzult\u00e1ci\u00f3t \u00e9s r\u00e9szletes k\u00f6lt\u00f6z\u00e9si tervez\u00e9st k\u00edn\u00e1l orsz\u00e1gos \u00e9s nemzetk\u00f6zi k\u00f6lt\u00f6z\u00e9sekhez. Profi csomagol\u00f3kat \u00e9s a biztons\u00e1gos sz\u00e1ll\u00edt\u00e1shoz sz\u00fcks\u00e9ges csomagol\u00f3anyagokat biztos\u00edtanak. Lelt\u00e1rt, kit\u00f6lt\u00e9si dokument\u00e1ci\u00f3t \u00e9s v\u00e1mnyomtatv\u00e1nyokat k\u00e9sz\u00edtenek. Emellett j\u00e1rm\u0171sz\u00e1ll\u00edt\u00e1st, h\u00e1zi\u00e1llat-\u00e1tk\u00f6lt\u00f6ztet\u00e9st, k\u00e9pz\u0151m\u0171v\u00e9szeti k\u00f6lt\u00f6ztet\u00e9st, tranzitv\u00e9delmet \u00e9s t\u00e1rol\u00e1st is k\u00edn\u00e1lnak.<\/p>\n<p>Weboldal: <a href=\"http:\/\/www.vertoservices.com\/\" target=\"_blank\" rel=\"noopener\">http:\/\/www.vertoservices.com\/<\/a><\/p>\n<h2><span class=\"ez-toc-section\" id=\"32_Welgrow_Line\"><\/span><strong>32. Welgrow vonal<\/strong><span class=\"ez-toc-section-end\"><\/span><\/h2>\n<p><img loading=\"lazy\" decoding=\"async\" class=\"alignnone size-full wp-image-7761\" src=\"https:\/\/moverdb.com\/wp-content\/uploads\/Welgrow-Line-international-moving-company.png\" alt=\"Welgrow Line nemzetk\u00f6zi k\u00f6lt\u00f6ztet\u0151 c\u00e9g\" width=\"1440\" height=\"680\" data-wp-pid=\"7761\" srcset=\"https:\/\/moverdb.com\/wp-content\/uploads\/Welgrow-Line-international-moving-company.png 1440w, https:\/\/moverdb.com\/wp-content\/uploads\/Welgrow-Line-international-moving-company-300x142.png 300w, https:\/\/moverdb.com\/wp-content\/uploads\/Welgrow-Line-international-moving-company-1024x484.png 1024w, https:\/\/moverdb.com\/wp-content\/uploads\/Welgrow-Line-international-moving-company-18x9.png 18w, https:\/\/moverdb.com\/wp-content\/uploads\/Welgrow-Line-international-moving-company-600x283.png 600w\" sizes=\"auto, (max-width: 1440px) 100vw, 1440px\" \/><\/p>\n<ul>\n<li>Kiz\u00e1r\u00f3lag sz\u00e1ll\u00edt\u00e1si szolg\u00e1ltat\u00e1sok<\/li>\n<li>Nemzetk\u00f6zi sz\u00e1ll\u00edt\u00e1s<\/li>\n<li>H\u00e1ztart\u00e1si \u00f6mlesztett rakom\u00e1nyok<\/li>\n<li>Kereskedelmi terhek<\/li>\n<li>H\u00e1zt\u00f3l-h\u00e1zig szolg\u00e1ltat\u00e1s<\/li>\n<li>K\u00f6z\u00fati, tengeri \u00e9s l\u00e9gi sz\u00e1ll\u00edt\u00e1s<\/li>\n<li>V\u00e1laszthat\u00f3 fuvaroz\u00e1si lehet\u0151s\u00e9gek<\/li>\n<li>V\u00e1mkezel\u00e9s<\/li>\n<li>Rakom\u00e1nybiztos\u00edt\u00e1s<\/li>\n<li>Rakt\u00e1roz\u00e1si lehet\u0151s\u00e9gek<\/li>\n<\/ul>\n<p>A Welgrow Line egy nemzetk\u00f6zi <a href=\"https:\/\/moverdb.com\/hu\/freight-forwarder\/\" data-internallinksmanager029f6b8e52c=\"17\" title=\"Sz\u00e1ll\u00edtm\u00e1nyoz\u00f3 \u00e9s NVOCC nemzetk\u00f6zi k\u00f6lts\u00e9g \u00e9s c\u00e9gek \u00fatmutat\u00f3ja\">sz\u00e1ll\u00edtm\u00e1nyoz\u00f3<\/a> amely 1997-ben alakult, \u00e9s integr\u00e1lt logisztikai megold\u00e1sokat k\u00edn\u00e1l. Sz\u00e9khely\u00fck Mumbaiban tal\u00e1lhat\u00f3, fi\u00f3kokkal \u00e9s k\u00e9pviseletekkel szerte Indi\u00e1ban. Emellett t\u00f6bb mint 200 orsz\u00e1gban vannak \u00fcgyn\u00f6keik. Az IAM tagjak\u00e9nt 26 \u00e9ves szolg\u00e1lati id\u0151vel rendelkeznek.<\/p>\n<p>A Welgrow Line olyan sz\u00e1ll\u00edt\u00e1si lehet\u0151s\u00e9geket k\u00edn\u00e1l, amelyek h\u00e1zt\u00f3l-h\u00e1zig megold\u00e1sokat biztos\u00edtanak. Olyan sz\u00e1ll\u00edt\u00e1si lehet\u0151s\u00e9gek k\u00f6z\u00fcl v\u00e1laszthat, mint a k\u00f6zvetlen l\u00e9gi sz\u00e1ll\u00edtm\u00e1nyoz\u00e1s, az \u00f6sszevont l\u00e9gi sz\u00e1ll\u00edtm\u00e1nyoz\u00e1s, a teljes kont\u00e9nerrakom\u00e1nyok (tengeri), a kont\u00e9nerrakom\u00e1nyokn\u00e1l kisebb rakom\u00e1nyok (tengeri) \u00e9s a sz\u00e1razf\u00f6ldi sz\u00e1ll\u00edt\u00e1si lehet\u0151s\u00e9gek. Az \u00e1ruk sz\u00e9les sk\u00e1l\u00e1j\u00e1t tudj\u00e1k kezelni, bele\u00e9rtve az \u00f6mlesztett \u00e1rukat, a vesz\u00e9lyes term\u00e9keket, a m\u0171szaki term\u00e9keket \u00e9s a speci\u00e1lis projekteket.<\/p>\n<p>Weboldal: <a href=\"http:\/\/www.welgrowindia.com\/\" target=\"_blank\" rel=\"noopener\">http:\/\/www.welgrowindia.com\/<\/a><\/p>\n<h2><span class=\"ez-toc-section\" id=\"33_Worldstar_Shipping_Service\"><\/span><strong>33. Worldstar Shipping Service<\/strong><span class=\"ez-toc-section-end\"><\/span><\/h2>\n<p><img loading=\"lazy\" decoding=\"async\" class=\"alignnone size-full wp-image-7762\" src=\"https:\/\/moverdb.com\/wp-content\/uploads\/Worldstar-Shipping-Service-international-moving-company.png\" alt=\"Worldstar Shipping Service nemzetk\u00f6zi k\u00f6lt\u00f6ztet\u0151 c\u00e9g\" width=\"1440\" height=\"680\" data-wp-pid=\"7762\" srcset=\"https:\/\/moverdb.com\/wp-content\/uploads\/Worldstar-Shipping-Service-international-moving-company.png 1440w, https:\/\/moverdb.com\/wp-content\/uploads\/Worldstar-Shipping-Service-international-moving-company-300x142.png 300w, https:\/\/moverdb.com\/wp-content\/uploads\/Worldstar-Shipping-Service-international-moving-company-1024x484.png 1024w, https:\/\/moverdb.com\/wp-content\/uploads\/Worldstar-Shipping-Service-international-moving-company-18x9.png 18w, https:\/\/moverdb.com\/wp-content\/uploads\/Worldstar-Shipping-Service-international-moving-company-600x283.png 600w\" sizes=\"auto, (max-width: 1440px) 100vw, 1440px\" \/><\/p>\n<ul>\n<li>Nemzeti l\u00e9p\u00e9sek<\/li>\n<li>Nemzetk\u00f6zi k\u00f6lt\u00f6z\u00e9sek<\/li>\n<li>A v\u00e1llalat k\u00f6lt\u00f6zik<\/li>\n<li>H\u00e1ztart\u00e1si k\u00f6lt\u00f6z\u00e9sek<\/li>\n<li>H\u00e1zt\u00f3l h\u00e1zig szolg\u00e1ltat\u00e1s<\/li>\n<li>Csomagol\u00e1si szolg\u00e1ltat\u00e1s<\/li>\n<li>K\u00f6z\u00fati, tengeri \u00e9s l\u00e9gi sz\u00e1ll\u00edtm\u00e1nyoz\u00e1s<\/li>\n<li>V\u00e1mkezel\u00e9s<\/li>\n<li>H\u00e1zi\u00e1llat- \u00e9s j\u00e1rm\u0171sz\u00e1ll\u00edt\u00e1s<\/li>\n<li>R\u00f6vid \u00e9s hossz\u00fa t\u00e1v\u00fa t\u00e1rol\u00e1s<\/li>\n<\/ul>\n<p>A Worldstar Shipping Service szem\u00e9lyre szabott logisztikai \u00e9s sz\u00e1ll\u00edtm\u00e1nyoz\u00e1si megold\u00e1sokat k\u00edn\u00e1l. Indi\u00e1ban 15 fi\u00f3kkal \u00e9s t\u00f6bb mint 20 \u00e9ves tapasztalattal rendelkeznek. Az IAM tagjak\u00e9nt h\u00e9t\u00e9ves szolg\u00e1lati id\u0151vel rendelkeznek.<\/p>\n<p>A Worldstar Shipping Service ingyenes k\u00f6lt\u00f6z\u00e9s el\u0151tti felm\u00e9r\u00e9st \u00e9s \u00e1raj\u00e1nlatot k\u00edn\u00e1l orsz\u00e1gos \u00e9s nemzetk\u00f6zi k\u00f6lt\u00f6z\u00e9sekhez \u00e9s \u00e1thelyez\u00e9sekhez. Csomagol\u00e1si szolg\u00e1ltat\u00e1st k\u00edn\u00e1lnak, amely mag\u00e1ban foglalja a holmik v\u00e9delm\u00e9t, a kicsomagol\u00e1st \u00e9s a b\u00fatorok \u00f6sszeszerel\u00e9s\u00e9t. Megszervezik a k\u00f6z\u00fati, tengeri \u00e9s l\u00e9gi sz\u00e1ll\u00edt\u00e1st a v\u00e1malakis\u00e1gokkal egy\u00fctt. Egy\u00e9b k\u00f6lt\u00f6ztet\u00e9si szolg\u00e1ltat\u00e1sokat is ny\u00fajtanak, bele\u00e9rtve a h\u00e1zi\u00e1llatok \u00e1thelyez\u00e9s\u00e9t, neh\u00e9zg\u00e9pek kezel\u00e9s\u00e9t, j\u00e1rm\u0171sz\u00e1ll\u00edt\u00e1st, k\u00e9pz\u0151m\u0171v\u00e9szeti k\u00f6lt\u00f6ztet\u00e9st \u00e9s dokumentumkezel\u00e9st.<\/p>\n<p>Weboldal: <a href=\"http:\/\/www.worldstarshipping.in\/\" target=\"_blank\" rel=\"noopener\">http:\/\/www.worldstarshipping.in\/<\/a><\/p>\n<h2><span class=\"ez-toc-section\" id=\"34_Writer_Relocations\"><\/span><strong>34. \u00cdr\u00f3 \u00e1thelyez\u00e9sek<\/strong><span class=\"ez-toc-section-end\"><\/span><\/h2>\n<p><img loading=\"lazy\" decoding=\"async\" class=\"alignnone size-full wp-image-7763\" src=\"https:\/\/moverdb.com\/wp-content\/uploads\/Writer-Relocations-international-moving-company.png\" alt=\"Writer Relocations nemzetk\u00f6zi k\u00f6lt\u00f6ztet\u0151 c\u00e9g\" width=\"1440\" height=\"673\" data-wp-pid=\"7763\" srcset=\"https:\/\/moverdb.com\/wp-content\/uploads\/Writer-Relocations-international-moving-company.png 1440w, https:\/\/moverdb.com\/wp-content\/uploads\/Writer-Relocations-international-moving-company-300x140.png 300w, https:\/\/moverdb.com\/wp-content\/uploads\/Writer-Relocations-international-moving-company-1024x479.png 1024w, https:\/\/moverdb.com\/wp-content\/uploads\/Writer-Relocations-international-moving-company-18x8.png 18w, https:\/\/moverdb.com\/wp-content\/uploads\/Writer-Relocations-international-moving-company-600x280.png 600w\" sizes=\"auto, (max-width: 1440px) 100vw, 1440px\" \/><\/p>\n<ul>\n<li>Helyi \u00e9s orsz\u00e1gos k\u00f6lt\u00f6z\u00e9sek<\/li>\n<li>Nemzetk\u00f6zi k\u00f6lt\u00f6z\u00e9sek<\/li>\n<li>H\u00e1ztart\u00e1si k\u00f6lt\u00f6z\u00e9s<\/li>\n<li>Kereskedelmi mozgat\u00e1s<\/li>\n<li>V\u00e9gpontt\u00f3l v\u00e9gpontig tart\u00f3 szolg\u00e1ltat\u00e1s<\/li>\n<li>Csomagol\u00e1si szolg\u00e1ltat\u00e1s<\/li>\n<li>Tengeri, l\u00e9gi \u00e9s k\u00f6z\u00fati sz\u00e1ll\u00edt\u00e1s<\/li>\n<li>V\u00e1mkezel\u00e9s<\/li>\n<li>Sz\u00e1ll\u00edt\u00e1s v\u00e9delme<\/li>\n<li>Biztons\u00e1gos t\u00e1rol\u00e1s<\/li>\n<\/ul>\n<p>A Writer Relocations egy 1953-ban Mumbaiban alap\u00edtott els\u0151sz\u00e1m\u00fa mobilit\u00e1si szolg\u00e1ltat\u00e1s, amely ma m\u00e1r a k\u00f6vetkez\u0151 helyeken rendelkezik irod\u00e1kkal <a href=\"https:\/\/moverdb.com\/hu\/moving-to-singapore\/\" data-internallinksmanager029f6b8e52c=\"68\" title=\"Szingap\u00farba k\u00f6lt\u00f6zik? 2022 \u00c9letk\u00f6lts\u00e9gek \u00e9s k\u00f6lt\u00f6z\u00e9si tippek\">Szingap\u00far<\/a>, Egyes\u00fclt Arab Em\u00edrs\u00e9gek, \u00c9szak-Amerika \u00e9s Eur\u00f3pa. Kilenc telephely\u00fck van a nagyobb indiai v\u00e1rosokban. 360 partner\u00fck 190 orsz\u00e1gban dolgozik, hogy seg\u00edtsenek a nemzetk\u00f6zi \u00e1ttelep\u00fcl\u00e9sekben. Az IAM tagja 70 \u00e9ves szolg\u00e1lati id\u0151vel, \u00e9s a FIDI \u00e1ltal akkredit\u00e1ltak.<\/p>\n<p>A Writer Relocations egy v\u00e9gpontt\u00f3l v\u00e9gpontig tart\u00f3 szolg\u00e1ltat\u00e1st k\u00edn\u00e1l, amely mag\u00e1ban foglalja a k\u00f6lt\u00f6z\u00e9stervez\u0151t, aki seg\u00edt \u00d6nnek a k\u00f6lt\u00f6z\u00e9sben. K\u00e9pzett csomagol\u00f3 szem\u00e9lyzetet biztos\u00edtanak, kiv\u00e1l\u00f3 min\u0151s\u00e9g\u0171, szem\u00e9lyre szabott csomagol\u00f3anyaggal \u00e9s egyedi k\u00e9sz\u00edt\u00e9s\u0171 speci\u00e1lis l\u00e1d\u00e1kkal. Megszervezik a tengeri, l\u00e9gi \u00e9s k\u00f6z\u00fati sz\u00e1ll\u00edt\u00e1st v\u00e1mkezel\u00e9ssel egy\u00fctt.<\/p>\n<p>Weboldal: <a href=\"http:\/\/www.writerrelocations.com\/\" target=\"_blank\" rel=\"noopener\">http:\/\/www.writerrelocations.com\/<\/a><\/p>\n<h2><span class=\"ez-toc-section\" id=\"35_Globe_Moving\"><\/span><strong>35. Globe Moving<\/strong><span class=\"ez-toc-section-end\"><\/span><\/h2>\n<p><img loading=\"lazy\" decoding=\"async\" class=\"alignnone size-full wp-image-7698\" src=\"https:\/\/moverdb.com\/wp-content\/uploads\/Globe-Moving-international-moving-company.png\" alt=\"Globe Moving nemzetk\u00f6zi k\u00f6lt\u00f6ztet\u0151 c\u00e9g\" width=\"1440\" height=\"682\" data-wp-pid=\"7698\" srcset=\"https:\/\/moverdb.com\/wp-content\/uploads\/Globe-Moving-international-moving-company.png 1440w, https:\/\/moverdb.com\/wp-content\/uploads\/Globe-Moving-international-moving-company-300x142.png 300w, https:\/\/moverdb.com\/wp-content\/uploads\/Globe-Moving-international-moving-company-1024x485.png 1024w, https:\/\/moverdb.com\/wp-content\/uploads\/Globe-Moving-international-moving-company-18x9.png 18w, https:\/\/moverdb.com\/wp-content\/uploads\/Globe-Moving-international-moving-company-600x284.png 600w\" sizes=\"auto, (max-width: 1440px) 100vw, 1440px\" \/><\/p>\n<ul>\n<li>Nemzeti \u00e9s nemzetk\u00f6zi k\u00f6lt\u00f6z\u00e9sek<\/li>\n<li>H\u00e1ztart\u00e1si k\u00f6lt\u00f6z\u00e9sek<\/li>\n<li>Irodai k\u00f6lt\u00f6z\u00e9sek<\/li>\n<li>K\u00f6lt\u00f6ztet\u00e9si szolg\u00e1ltat\u00e1sok<\/li>\n<li>Csomagol\u00e1si szolg\u00e1ltat\u00e1sok<\/li>\n<li>V\u00e1mkezel\u00e9s<\/li>\n<li>K\u00f6z\u00fati, tengeri vagy l\u00e9gi sz\u00e1ll\u00edt\u00e1s<\/li>\n<li>Sz\u00e9pm\u0171v\u00e9szeti sz\u00e1ll\u00edt\u00e1s<\/li>\n<li>H\u00e1zi\u00e1llat \u00e1thelyez\u00e9sek<\/li>\n<li>R\u00f6vid \u00e9s hossz\u00fa t\u00e1v\u00fa t\u00e1rol\u00e1s<\/li>\n<\/ul>\n<p>A Globe Moving egy bangalore-i glob\u00e1lis k\u00f6lt\u00f6ztet\u0151 c\u00e9g, amely h\u00e1ztart\u00e1sok \u00e9s v\u00e1llalkoz\u00e1sok sz\u00e1m\u00e1ra egyar\u00e1nt k\u00edn\u00e1l szolg\u00e1ltat\u00e1sokat. Vil\u00e1gm\u00e9ret\u0171 k\u00f6lt\u00f6ztet\u0151 partnerh\u00e1l\u00f3zattal rendelkeznek, hogy seg\u00edts\u00e9k \u0151ket a nemzetk\u00f6zi szolg\u00e1ltat\u00e1sokban. Az IAM tagja 21 \u00e9ves szolg\u00e1lati id\u0151vel, \u00e9s a FIDI \u00e1ltal akkredit\u00e1ltak.<\/p>\n<p>A Globe Moving szem\u00e9lyre szabott szolg\u00e1ltat\u00e1st k\u00edn\u00e1l egy k\u00f6lt\u00f6z\u00e9si menedzserrel. A k\u00f6lt\u00f6z\u00e9s el\u0151tti felm\u00e9r\u00e9s sor\u00e1n felm\u00e9rik az \u00d6n ig\u00e9nyeit, \u00e9s megtervezik a k\u00f6z\u00fati, tengeri vagy l\u00e9gi k\u00f6lt\u00f6z\u00e9st. Nemzetk\u00f6zi csomagol\u00e1si szabv\u00e1nyokat alkalmaznak, hogy megv\u00e9dj\u00e9k a holmij\u00e1t, nyomon k\u00f6vetik a sz\u00e1ll\u00edt\u00e1s sor\u00e1n, \u00e9s seg\u00edtenek a v\u00e1mkezel\u00e9sben. K\u00f6lt\u00f6ztet\u00e9si szolg\u00e1ltat\u00e1suk mag\u00e1ban foglalja az otthon- \u00e9s iskolakeres\u00e9st, a t\u00e1j\u00e9koz\u00f3d\u00e1st, a bev\u00e1ndorl\u00e1si szolg\u00e1ltat\u00e1sokat, az ideiglenes lakhat\u00e1st, a kultur\u00e1lis k\u00e9pz\u00e9st \u00e9s az indul\u00e1si szolg\u00e1ltat\u00e1sokat.<\/p>\n<p>Weboldal: <a href=\"https:\/\/www.globemoving.net\/\" target=\"_blank\" rel=\"noopener\">https:\/\/www.globemoving.net\/<\/a><\/p>\n<h2><span class=\"ez-toc-section\" id=\"36_I_Move_Global\"><\/span><strong>36. I Move Global<\/strong><span class=\"ez-toc-section-end\"><\/span><\/h2>\n<p><img loading=\"lazy\" decoding=\"async\" class=\"alignnone size-full wp-image-7769\" src=\"https:\/\/moverdb.com\/wp-content\/uploads\/I-Move-Global-international-moving-company.png\" alt=\"I Move Global nemzetk\u00f6zi k\u00f6lt\u00f6ztet\u0151 c\u00e9g\" width=\"1440\" height=\"681\" data-wp-pid=\"7769\" srcset=\"https:\/\/moverdb.com\/wp-content\/uploads\/I-Move-Global-international-moving-company.png 1440w, https:\/\/moverdb.com\/wp-content\/uploads\/I-Move-Global-international-moving-company-300x142.png 300w, https:\/\/moverdb.com\/wp-content\/uploads\/I-Move-Global-international-moving-company-1024x484.png 1024w, https:\/\/moverdb.com\/wp-content\/uploads\/I-Move-Global-international-moving-company-18x9.png 18w, https:\/\/moverdb.com\/wp-content\/uploads\/I-Move-Global-international-moving-company-600x284.png 600w\" sizes=\"auto, (max-width: 1440px) 100vw, 1440px\" \/><\/p>\n<ul>\n<li>Nemzeti l\u00e9p\u00e9sek<\/li>\n<li>Nemzetk\u00f6zi k\u00f6lt\u00f6z\u00e9sek<\/li>\n<li>H\u00e1ztart\u00e1si k\u00f6lt\u00f6z\u00e9sek<\/li>\n<li>Irodai k\u00f6lt\u00f6z\u00e9sek<\/li>\n<li>Professzion\u00e1lis csomagol\u00e1s<\/li>\n<li>V\u00e1mdobozok<\/li>\n<li>K\u00f6z\u00fati, tengeri \u00e9s l\u00e9gi sz\u00e1ll\u00edt\u00e1s<\/li>\n<li>V\u00e1mkezel\u00e9s<\/li>\n<li>Nyomon k\u00f6vet\u00e9si lehet\u0151s\u00e9gek<\/li>\n<li>Biztons\u00e1gos t\u00e1rol\u00e1s<\/li>\n<\/ul>\n<p>I Move Global egy nemzetk\u00f6zi k\u00f6lt\u00f6ztet\u0151 \u00e9s csomagol\u00f3 c\u00e9g sz\u00e9khelye Bangalore. H\u00e1ztart\u00e1sok \u00e9s irod\u00e1k sz\u00e1m\u00e1ra ny\u00fajtanak szolg\u00e1ltat\u00e1st Indi\u00e1ban \u00e9s nemzetk\u00f6zi szinten. Az IAM tagjak\u00e9nt nyolc\u00e9ves szolg\u00e1ltat\u00e1ssal rendelkeznek.<\/p>\n<p>Az I Move Global felm\u00e9r\u00e9st k\u00e9sz\u00edt a k\u00f6lt\u00f6z\u00e9s el\u0151tt, hogy felm\u00e9rje a k\u00f6lt\u00f6z\u00e9si ig\u00e9nyeit \u00e9s megtervezze a k\u00f6lt\u00f6z\u00e9st. Professzion\u00e1lis csomagol\u00e1si szolg\u00e1ltat\u00e1st ny\u00fajtanak, min\u0151s\u00e9gi csomagol\u00f3anyagokat haszn\u00e1lnak a t\u00e1rgyak v\u00e9delme \u00e9rdek\u00e9ben, valamint egyedi dobozokat a nagym\u00e9ret\u0171 vagy t\u00f6r\u00e9keny t\u00e1rgyakhoz. \u00d6n\u00e1ll\u00f3 csomagol\u00e1si lehet\u0151s\u00e9get is k\u00edn\u00e1lnak a csomagol\u00f3anyagok v\u00e1laszt\u00e9k\u00e1val. Az \u00d6n holmij\u00e1t k\u00f6z\u00faton, tengeren vagy l\u00e9gi \u00faton sz\u00e1ll\u00edtj\u00e1k, \u00e9s nyomon k\u00f6vet\u00e9si lehet\u0151s\u00e9get biztos\u00edtanak a folyamat nyomon k\u00f6vet\u00e9s\u00e9hez.<\/p>\n<p>Weboldal: <a href=\"http:\/\/www.imove.global\/\" target=\"_blank\" rel=\"noopener\">http:\/\/www.imove.global\/<\/a><\/p>\n<h2><span class=\"ez-toc-section\" id=\"37_AR_Across\"><\/span><strong>37. AR keresztben<\/strong><span class=\"ez-toc-section-end\"><\/span><\/h2>\n<p><img loading=\"lazy\" decoding=\"async\" class=\"alignnone size-full wp-image-7665\" src=\"https:\/\/moverdb.com\/wp-content\/uploads\/AR-Cross-international-moving-company.png\" alt=\"AR Cross nemzetk\u00f6zi k\u00f6lt\u00f6ztet\u0151 c\u00e9g\" width=\"1440\" height=\"681\" data-wp-pid=\"7665\" srcset=\"https:\/\/moverdb.com\/wp-content\/uploads\/AR-Cross-international-moving-company.png 1440w, https:\/\/moverdb.com\/wp-content\/uploads\/AR-Cross-international-moving-company-300x142.png 300w, https:\/\/moverdb.com\/wp-content\/uploads\/AR-Cross-international-moving-company-1024x484.png 1024w, https:\/\/moverdb.com\/wp-content\/uploads\/AR-Cross-international-moving-company-18x9.png 18w, https:\/\/moverdb.com\/wp-content\/uploads\/AR-Cross-international-moving-company-600x284.png 600w\" sizes=\"auto, (max-width: 1440px) 100vw, 1440px\" \/><\/p>\n<ul>\n<li>Nemzeti l\u00e9p\u00e9sek<\/li>\n<li>Nemzetk\u00f6zi k\u00f6lt\u00f6z\u00e9sek<\/li>\n<li>H\u00e1ztart\u00e1si k\u00f6lt\u00f6z\u00e9sek<\/li>\n<li>Kereskedelmi \u00e9s irodai k\u00f6lt\u00f6ztet\u00e9sek<\/li>\n<li>H\u00e1zt\u00f3l-h\u00e1zig szolg\u00e1ltat\u00e1s<\/li>\n<li>Csomagol\u00e1si szolg\u00e1ltat\u00e1s<\/li>\n<li>V\u00e1mkezel\u00e9s \u00e9s dokument\u00e1ci\u00f3<\/li>\n<li>J\u00e1rm\u0171sz\u00e1ll\u00edt\u00e1s<\/li>\n<li>K\u00f6lt\u00f6z\u00e9si biztos\u00edt\u00e1s<\/li>\n<li>T\u00e1rol\u00e1s<\/li>\n<\/ul>\n<p>Az AR Across egy nemzetk\u00f6zi k\u00f6lt\u00f6ztet\u0151 \u00e9s k\u00f6lt\u00f6ztet\u0151 c\u00e9g, amely a vil\u00e1g minden t\u00e1j\u00e1n szolg\u00e1ltat\u00e1sokat ny\u00fajt, sz\u00e9khelye Szingap\u00farban, telephelyei pedig Chennaiban, Indi\u00e1ban \u00e9s Dubaiban tal\u00e1lhat\u00f3k. Nemzetk\u00f6zi k\u00f6lt\u00f6ztet\u0151 \u00fcgyn\u00f6k\u00f6kkel dolgoznak egy\u00fctt, hogy vil\u00e1gszerte szolg\u00e1ltat\u00e1sokat ny\u00fajtsanak. Az IAM tagjak\u00e9nt n\u00e9gy\u00e9ves szolg\u00e1lati id\u0151vel rendelkeznek.<\/p>\n<p>Az AR Across a k\u00f6lt\u00f6z\u00e9s el\u0151tt felm\u00e9r\u00e9st k\u00e9sz\u00edt, hogy seg\u00edtsen meg\u00e9rteni az \u00d6n ig\u00e9nyeit, \u00e9s a lehet\u0151 legjobb megold\u00e1st k\u00edn\u00e1lja. Profi csapatokkal csomagol\u00e1si szolg\u00e1ltat\u00e1st ny\u00fajtanak, valamint a holmij\u00e1nak biztons\u00e1gos sz\u00e1ll\u00edt\u00e1s\u00e1t v\u00e1mkezel\u00e9ssel \u00e9s dokument\u00e1ci\u00f3val egy\u00fctt. Tov\u00e1bbi szolg\u00e1ltat\u00e1sokat k\u00edn\u00e1lnak, bele\u00e9rtve a k\u00f6lt\u00f6ztet\u00e9si biztos\u00edt\u00e1st, a felesleges poggy\u00e1sz sz\u00e1ll\u00edt\u00e1s\u00e1t, a j\u00e1rm\u0171sz\u00e1ll\u00edt\u00e1st, a c\u00e9l\u00e1llom\u00e1s-szolg\u00e1ltat\u00e1sokat \u00e9s a t\u00e1rol\u00e1st.<\/p>\n<p>Weboldal: <a href=\"http:\/\/acrossrelo.com\/\" target=\"_blank\" rel=\"noopener\">http:\/\/acrossrelo.com\/<\/a><\/p>\n<h2><span class=\"ez-toc-section\" id=\"38_Global_Cargo_Shipping_Services\"><\/span><strong>38. Glob\u00e1lis tehersz\u00e1ll\u00edt\u00e1si szolg\u00e1ltat\u00e1sok<\/strong><span class=\"ez-toc-section-end\"><\/span><\/h2>\n<p><img loading=\"lazy\" decoding=\"async\" class=\"alignnone size-full wp-image-7696\" src=\"https:\/\/moverdb.com\/wp-content\/uploads\/Global-Cargo-Shipping-Services-international-moving-company.png\" alt=\"Global Cargo Shipping Services nemzetk\u00f6zi k\u00f6lt\u00f6ztet\u0151 c\u00e9g\" width=\"1440\" height=\"685\" data-wp-pid=\"7696\" srcset=\"https:\/\/moverdb.com\/wp-content\/uploads\/Global-Cargo-Shipping-Services-international-moving-company.png 1440w, https:\/\/moverdb.com\/wp-content\/uploads\/Global-Cargo-Shipping-Services-international-moving-company-300x143.png 300w, https:\/\/moverdb.com\/wp-content\/uploads\/Global-Cargo-Shipping-Services-international-moving-company-1024x487.png 1024w, https:\/\/moverdb.com\/wp-content\/uploads\/Global-Cargo-Shipping-Services-international-moving-company-18x9.png 18w, https:\/\/moverdb.com\/wp-content\/uploads\/Global-Cargo-Shipping-Services-international-moving-company-600x285.png 600w\" sizes=\"auto, (max-width: 1440px) 100vw, 1440px\" \/><\/p>\n<ul>\n<li>Helyi \u00e9s orsz\u00e1gos k\u00f6lt\u00f6z\u00e9sek<\/li>\n<li>Nemzetk\u00f6zi k\u00f6lt\u00f6z\u00e9sek<\/li>\n<li>H\u00e1ztart\u00e1si k\u00f6lt\u00f6z\u00e9sek<\/li>\n<li>K\u00f6lt\u00f6ztet\u00e9si szolg\u00e1ltat\u00e1sok<\/li>\n<li>H\u00e1zt\u00f3l-h\u00e1zig szolg\u00e1ltat\u00e1s<\/li>\n<li>Csomagol\u00e1si szolg\u00e1ltat\u00e1s<\/li>\n<li>K\u00f6z\u00fati, vas\u00fati, tengeri \u00e9s l\u00e9gi sz\u00e1ll\u00edt\u00e1s<\/li>\n<li>V\u00e1mkezel\u00e9s<\/li>\n<li>Biztos\u00edt\u00e1s<\/li>\n<li>Biztons\u00e1gos r\u00f6vid \u00e9s hossz\u00fa t\u00e1v\u00fa t\u00e1rol\u00e1si lehet\u0151s\u00e9gek<\/li>\n<\/ul>\n<p>A Global Cargo Shipping Service egy k\u00f6lt\u00f6ztet\u0151 \u00e9s k\u00f6lt\u00f6ztet\u0151 c\u00e9g, amely 2007-ben alakult Chennai-ban. Nemzetk\u00f6zi k\u00f6lt\u00f6ztet\u00e9sekben seg\u00edts\u00e9get ny\u00fajt\u00f3 glob\u00e1lis k\u00f6lt\u00f6ztet\u0151i h\u00e1l\u00f3zattal rendelkeznek. Az IAM tagjak\u00e9nt h\u00e1rom\u00e9ves szolg\u00e1lati id\u0151vel rendelkeznek.<\/p>\n<p>A Global Cargo Shipping Service h\u00e1zt\u00f3l-h\u00e1zig tart\u00f3 k\u00f6lt\u00f6z\u00e9si szolg\u00e1ltat\u00e1st k\u00edn\u00e1l helyi, orsz\u00e1gos \u00e9s nemzetk\u00f6zi k\u00f6lt\u00f6z\u00e9sekhez. Csomagol\u00e1si megold\u00e1sokat k\u00edn\u00e1lnak a legmodernebb csomagol\u00f3anyagok \u00e9s -technik\u00e1k haszn\u00e1lat\u00e1val a tartalom v\u00e9delme \u00e9rdek\u00e9ben. K\u00fcl\u00f6nf\u00e9le sz\u00e1ll\u00edt\u00e1si megold\u00e1sokat k\u00edn\u00e1lnak, amelyek magukban foglalj\u00e1k a k\u00f6z\u00fati, vas\u00fati, l\u00e9gi \u00e9s tengeri sz\u00e1ll\u00edt\u00e1sokat, kevesebb, mint egy kont\u00e9nernyi \u00e9s teljes kont\u00e9nerrakom\u00e1nyok v\u00e1laszt\u00e9k\u00e1val. V\u00e1mkezel\u00e9s, dokument\u00e1ci\u00f3k\u00e9sz\u00edt\u00e9s \u00e9s biztos\u00edt\u00e1s.<\/p>\n<p>Weboldal: <a href=\"http:\/\/www.globalcargoshipping.in\/\" target=\"_blank\" rel=\"noopener\">http:\/\/www.globalcargoshipping.in\/<\/a><\/p>\n<h2><span class=\"ez-toc-section\" id=\"39_KLH_Movers\"><\/span><strong>39. KLH Movers<\/strong><span class=\"ez-toc-section-end\"><\/span><\/h2>\n<p><img loading=\"lazy\" decoding=\"async\" class=\"alignnone size-full wp-image-7717\" src=\"https:\/\/moverdb.com\/wp-content\/uploads\/KLH-Movers-international-moving-company.png\" alt=\"KLH Movers nemzetk\u00f6zi k\u00f6lt\u00f6ztet\u0151 c\u00e9g\" width=\"1440\" height=\"683\" data-wp-pid=\"7717\" srcset=\"https:\/\/moverdb.com\/wp-content\/uploads\/KLH-Movers-international-moving-company.png 1440w, https:\/\/moverdb.com\/wp-content\/uploads\/KLH-Movers-international-moving-company-300x142.png 300w, https:\/\/moverdb.com\/wp-content\/uploads\/KLH-Movers-international-moving-company-1024x486.png 1024w, https:\/\/moverdb.com\/wp-content\/uploads\/KLH-Movers-international-moving-company-18x9.png 18w, https:\/\/moverdb.com\/wp-content\/uploads\/KLH-Movers-international-moving-company-600x285.png 600w\" sizes=\"auto, (max-width: 1440px) 100vw, 1440px\" \/><\/p>\n<ul>\n<li>Nemzeti \u00e1thelyez\u00e9sek<\/li>\n<li>Nemzetk\u00f6zi \u00e1thelyez\u00e9sek<\/li>\n<li>H\u00e1ztart\u00e1si k\u00f6lt\u00f6z\u00e9sek<\/li>\n<li>Kereskedelmi sz\u00e1ll\u00edt\u00e1s<\/li>\n<li>H\u00e1zt\u00f3l-h\u00e1zig szolg\u00e1ltat\u00e1s<\/li>\n<li>Csomagol\u00e1si szolg\u00e1ltat\u00e1s<\/li>\n<li>Csoportos\u00edt\u00e1s \u00e9s a sz\u00e1ll\u00edtm\u00e1ny konszolid\u00e1l\u00e1sa<\/li>\n<li>V\u00e1m\u00fcgyn\u00f6k<\/li>\n<li>Aut\u00f3sz\u00e1ll\u00edt\u00e1s<\/li>\n<li>Rakt\u00e1roz\u00e1si lehet\u0151s\u00e9gek<\/li>\n<\/ul>\n<p>A KLH Movers egy 1978-ban alap\u00edtott, chennai sz\u00e9khely\u0171 v\u00e1m\u00fcgyn\u00f6k. Jelenleg teljes k\u00f6r\u0171 k\u00f6lt\u00f6ztet\u00e9si szolg\u00e1ltat\u00e1st ny\u00fajtanak orsz\u00e1gos \u00e9s nemzetk\u00f6zi szinten. H\u00e9t\u00e9ves IAM-tags\u00e1ggal rendelkeznek, ami hozz\u00e1f\u00e9r\u00e9st biztos\u00edt sz\u00e1mukra a k\u00f6lt\u00f6ztet\u0151 c\u00e9gek nemzetk\u00f6zi h\u00e1l\u00f3zat\u00e1hoz szerte a vil\u00e1gon.<\/p>\n<p>A KLH Movers h\u00e1zt\u00f3l-h\u00e1zig tart\u00f3 k\u00f6lt\u00f6ztet\u00e9si szolg\u00e1ltat\u00e1st k\u00edn\u00e1l, amely mag\u00e1ban foglalja a csomagol\u00e1si szolg\u00e1ltat\u00e1st, amely magas sz\u00ednvonal\u00fa csomagol\u00e1st biztos\u00edt az \u00e1ru v\u00e9delme \u00e9rdek\u00e9ben. K\u00edn\u00e1lnak a sz\u00e1ll\u00edt\u00e1si lehet\u0151s\u00e9gek v\u00e1laszt\u00e9k\u00e1t, amelyek magukban foglalj\u00e1k a gy\u0171jt\u0151fuvaroz\u00e1st \u00e9s a kont\u00e9nerrakom\u00e1nyn\u00e1l kisebb rakom\u00e1nyok konszolid\u00e1l\u00e1s\u00e1t. Egyedi br\u00f3ker szolg\u00e1ltat\u00e1st ny\u00fajtanak, hogy gondtalan v\u00e1m\u00fcgyi tapasztalatot ny\u00fajtsanak.<\/p>\n<p>Weboldal: <a href=\"https:\/\/klhmovers.com\/\" target=\"_blank\" rel=\"noopener\">https:\/\/klhmovers.com\/<\/a><\/p>\n<h2><span class=\"ez-toc-section\" id=\"40_BM_International\"><\/span><strong>40. B.M. International<\/strong><span class=\"ez-toc-section-end\"><\/span><\/h2>\n<p><img loading=\"lazy\" decoding=\"async\" class=\"alignnone size-full wp-image-7672\" src=\"https:\/\/moverdb.com\/wp-content\/uploads\/B.M.-International-moving-company.png\" alt=\"B.M. Nemzetk\u00f6zi k\u00f6lt\u00f6ztet\u0151 c\u00e9g\" width=\"1440\" height=\"644\" data-wp-pid=\"7672\" srcset=\"https:\/\/moverdb.com\/wp-content\/uploads\/B.M.-International-moving-company.png 1440w, https:\/\/moverdb.com\/wp-content\/uploads\/B.M.-International-moving-company-300x134.png 300w, https:\/\/moverdb.com\/wp-content\/uploads\/B.M.-International-moving-company-1024x458.png 1024w, https:\/\/moverdb.com\/wp-content\/uploads\/B.M.-International-moving-company-18x8.png 18w, https:\/\/moverdb.com\/wp-content\/uploads\/B.M.-International-moving-company-600x268.png 600w\" sizes=\"auto, (max-width: 1440px) 100vw, 1440px\" \/><\/p>\n<ul>\n<li>Nemzeti l\u00e9p\u00e9sek<\/li>\n<li>Nemzetk\u00f6zi k\u00f6lt\u00f6z\u00e9sek<\/li>\n<li>H\u00e1ztart\u00e1s \u00e1thelyez\u00e9se<\/li>\n<li>V\u00e1llalati megold\u00e1sok<\/li>\n<li>H\u00e1zt\u00f3l-h\u00e1zig szolg\u00e1ltat\u00e1s<\/li>\n<li>Csomagol\u00e1si szolg\u00e1ltat\u00e1sok<\/li>\n<li>Sz\u00e1ll\u00edt\u00e1si meg\u00e1llapod\u00e1sok<\/li>\n<li>V\u00e1mkezel\u00e9s<\/li>\n<li>Beilleszked\u00e9si szolg\u00e1ltat\u00e1sok<\/li>\n<li>Rakt\u00e1roz\u00e1si lehet\u0151s\u00e9gek<\/li>\n<\/ul>\n<p>A B.M. International egy gurgai sz\u00e9khely\u0171, 1982-ben alap\u00edtott nemzetk\u00f6zi logisztikai szolg\u00e1ltat\u00f3, amelynek szolg\u00e1ltat\u00e1sai k\u00f6z\u00e9 tartoznak a k\u00f6lt\u00f6z\u00e9si \u00e9s \u00e1thelyez\u00e9si megold\u00e1sok. A k\u00f6lt\u00f6ztet\u0151 \u00fcgyn\u00f6k\u00f6k glob\u00e1lis h\u00e1l\u00f3zat\u00e1val dolgoznak egy\u00fctt, hogy szolg\u00e1ltat\u00e1saikat nemzetk\u00f6zi szinten ny\u00fajts\u00e1k. Tagjai az IAM-nek \u00e9s a FIDI \u00e1ltal akkredit\u00e1ltak.<\/p>\n<p>A B.M. International h\u00e1zt\u00f3l-h\u00e1zig szolg\u00e1ltat\u00e1st ny\u00fajt orsz\u00e1gos \u00e9s nemzetk\u00f6zi k\u00f6lt\u00f6z\u00e9sek \u00e9s \u00e1ttelep\u00fcl\u00e9sek eset\u00e9n. Csomagol\u00e1si szolg\u00e1ltat\u00e1st ny\u00fajtanak, amely mag\u00e1ban foglalja a t\u00e1rgyak v\u00e9delm\u00e9t a sz\u00e1ll\u00edt\u00e1s sor\u00e1n, a kicsomagol\u00e1st \u00e9s a b\u00fatorok \u00f6sszeszerel\u00e9s\u00e9t. Megszervezik a sz\u00e1ll\u00edt\u00e1st \u00e9s seg\u00edtenek a v\u00e1mkezel\u00e9sben. K\u00f6lt\u00f6ztet\u00e9si szolg\u00e1ltat\u00e1saik k\u00f6z\u00e9 tartozik a meg\u00e9rkez\u00e9si szolg\u00e1ltat\u00e1s, az otthon- \u00e9s iskolakeres\u00e9s, a pap\u00edrmunka int\u00e9z\u00e9se, a t\u00e1j\u00e9koz\u00f3d\u00e1s \u00e9s az eg\u00e9szs\u00e9g\u00fcgyi l\u00e9tes\u00edtm\u00e9nyek felkutat\u00e1sa.<\/p>\n<p>Weboldal: <a href=\"http:\/\/www.bminternational.com\" target=\"_blank\" rel=\"noopener\">http:\/\/www.bminternational.com<\/a><\/p>\n<h2><span class=\"ez-toc-section\" id=\"41_Grace_Relocations\"><\/span><strong>41. Grace \u00e1thelyez\u00e9sek<\/strong><span class=\"ez-toc-section-end\"><\/span><\/h2>\n<p><img loading=\"lazy\" decoding=\"async\" class=\"alignnone size-full wp-image-7703\" src=\"https:\/\/moverdb.com\/wp-content\/uploads\/Grace-Relocations-international-moving-company.png\" alt=\"Grace Relocations nemzetk\u00f6zi k\u00f6lt\u00f6ztet\u0151 c\u00e9g\" width=\"1440\" height=\"681\" data-wp-pid=\"7703\" srcset=\"https:\/\/moverdb.com\/wp-content\/uploads\/Grace-Relocations-international-moving-company.png 1440w, https:\/\/moverdb.com\/wp-content\/uploads\/Grace-Relocations-international-moving-company-300x142.png 300w, https:\/\/moverdb.com\/wp-content\/uploads\/Grace-Relocations-international-moving-company-1024x484.png 1024w, https:\/\/moverdb.com\/wp-content\/uploads\/Grace-Relocations-international-moving-company-18x9.png 18w, https:\/\/moverdb.com\/wp-content\/uploads\/Grace-Relocations-international-moving-company-600x284.png 600w\" sizes=\"auto, (max-width: 1440px) 100vw, 1440px\" \/><\/p>\n<ul>\n<li>Helyi \u00e9s orsz\u00e1gos k\u00f6lt\u00f6z\u00e9sek<\/li>\n<li>Nemzetk\u00f6zi k\u00f6lt\u00f6z\u00e9sek<\/li>\n<li>Lakoss\u00e1gi vagy munkav\u00e1llal\u00f3i k\u00f6lt\u00f6z\u00e9sek<\/li>\n<li>Iroda vagy v\u00e1llalkoz\u00e1s \u00e1thelyez\u00e9se<\/li>\n<li>Szem\u00e9lyre szabott csomagol\u00e1si szolg\u00e1ltat\u00e1s<\/li>\n<li>V\u00e1mkezel\u00e9s<\/li>\n<li>H\u00e1zi\u00e1llat \u00e1thelyez\u00e9sek<\/li>\n<li>Aut\u00f3k\u00f6zleked\u00e9s<\/li>\n<li>Biztos\u00edt\u00e1s<\/li>\n<li>Rakt\u00e1roz\u00e1si lehet\u0151s\u00e9gek<\/li>\n<\/ul>\n<p>A Grace Relocations egy k\u00f6lt\u00f6ztet\u0151 \u00e9s k\u00f6lt\u00f6ztet\u0151 c\u00e9g, amelynek sz\u00e9khelye Haryana. H\u00e1ztart\u00e1si \u00e9s \u00fczleti k\u00f6lt\u00f6z\u00e9si \u00e9s \u00e1thelyez\u00e9si szolg\u00e1ltat\u00e1sokat k\u00edn\u00e1lnak glob\u00e1lis k\u00f6lt\u00f6ztet\u0151 \u00fcgyn\u00f6k\u00f6kkel egy\u00fcttm\u0171k\u00f6dve. Tagjai az IAM-nek 14 \u00e9ves szolg\u00e1lati id\u0151vel, \u00e9s a FIDI \u00e1ltal akkredit\u00e1ltak.<\/p>\n<p>A Grace Relocations olyan k\u00f6lt\u00f6ztet\u00e9si szolg\u00e1ltat\u00e1st k\u00edn\u00e1l, amely mag\u00e1ban foglalja a szem\u00e9lyre szabott csomagol\u00e1si szolg\u00e1ltat\u00e1st a holmij\u00e1nak v\u00e9delme \u00e9rdek\u00e9ben, a kicsomagol\u00e1si szolg\u00e1ltat\u00e1st, a v\u00e1mkezel\u00e9st, valamint a bev\u00e1ndorl\u00e1si \u00e9s v\u00edzumt\u00e1mogat\u00e1st. Kiv\u00e1l\u00f3 min\u0151s\u00e9g\u0171 \u00e9s k\u00f6rnyezetbar\u00e1t csomagol\u00f3anyagokat haszn\u00e1lnak, amelyek a legjobban megfelelnek a t\u00e1rgynak \u00e9s a sz\u00e1ll\u00edt\u00e1si m\u00f3dnak. Lak\u00e1s- \u00e9s iskolakeres\u00e9st, ter\u00fcleti t\u00e1j\u00e9koz\u00f3d\u00e1st \u00e9s helyismeretet is k\u00edn\u00e1lnak.<\/p>\n<p>Weboldal: <a href=\"http:\/\/www.gracerelocations.com\/\" target=\"_blank\" rel=\"noopener\">http:\/\/www.gracerelocations.com\/<\/a><\/p>\n<h2><span class=\"ez-toc-section\" id=\"42_Aura_Mobility\"><\/span><strong>42. Aura mobilit\u00e1s<\/strong><span class=\"ez-toc-section-end\"><\/span><\/h2>\n<p><img loading=\"lazy\" decoding=\"async\" class=\"alignnone size-full wp-image-7669\" src=\"https:\/\/moverdb.com\/wp-content\/uploads\/Aura-Mobility-international-moving-company.png\" alt=\"Aura Mobility nemzetk\u00f6zi k\u00f6lt\u00f6ztet\u0151 c\u00e9g\" width=\"1440\" height=\"679\" data-wp-pid=\"7669\" srcset=\"https:\/\/moverdb.com\/wp-content\/uploads\/Aura-Mobility-international-moving-company.png 1440w, https:\/\/moverdb.com\/wp-content\/uploads\/Aura-Mobility-international-moving-company-300x141.png 300w, https:\/\/moverdb.com\/wp-content\/uploads\/Aura-Mobility-international-moving-company-1024x483.png 1024w, https:\/\/moverdb.com\/wp-content\/uploads\/Aura-Mobility-international-moving-company-18x8.png 18w, https:\/\/moverdb.com\/wp-content\/uploads\/Aura-Mobility-international-moving-company-600x283.png 600w\" sizes=\"auto, (max-width: 1440px) 100vw, 1440px\" \/><\/p>\n<ul>\n<li>Helyi \u00e9s orsz\u00e1gos k\u00f6lt\u00f6z\u00e9sek<\/li>\n<li>Nemzetk\u00f6zi k\u00f6lt\u00f6z\u00e9sek<\/li>\n<li>Hazak\u00f6lt\u00f6z\u00e9sek<\/li>\n<li>\u00dczleti l\u00e9p\u00e9sek<\/li>\n<li>H\u00e1zt\u00f3l-h\u00e1zig szolg\u00e1ltat\u00e1s<\/li>\n<li>Csomagol\u00e1si szolg\u00e1ltat\u00e1s<\/li>\n<li>A teljes logisztika megszervez\u00e9se<\/li>\n<li>M\u0171v\u00e9szeti sz\u00e1ll\u00edt\u00e1s<\/li>\n<li>Aut\u00f3- \u00e9s motorker\u00e9kp\u00e1r-sz\u00e1ll\u00edt\u00e1s<\/li>\n<li>R\u00f6vid \u00e9s hossz\u00fa t\u00e1v\u00fa t\u00e1rol\u00e1s<\/li>\n<\/ul>\n<p>Az Aura Mobility helyi, orsz\u00e1gos \u00e9s nemzetk\u00f6zi k\u00f6lt\u00f6z\u00e9si szolg\u00e1ltat\u00e1sokat ny\u00fajt\u00f3 k\u00f6lt\u00f6ztet\u0151 szolg\u00e1ltat\u00f3, amelynek sz\u00e9khelye Mumbaiban tal\u00e1lhat\u00f3. A k\u00f6lt\u00f6ztet\u0151 partnerek vil\u00e1gm\u00e9ret\u0171 h\u00e1l\u00f3zata seg\u00edti \u0151ket a szolg\u00e1ltat\u00e1sok ny\u00fajt\u00e1s\u00e1ban az eg\u00e9sz vil\u00e1gon. Az IAM tagjak\u00e9nt \u00f6t\u00e9ves szolg\u00e1lati id\u0151vel rendelkeznek.<\/p>\n<p>Az Aura Mobility az \u00d6n egy\u00e9ni ig\u00e9nyeihez igaz\u00edtott, szem\u00e9lyre szabott mobilit\u00e1si terveket k\u00edn\u00e1l h\u00e1zt\u00f3l-h\u00e1zig szolg\u00e1ltat\u00e1ssal. N\u00e9h\u00e1ny t\u00e1rgyt\u00f3l eg\u00e9szen a teljes kont\u00e9nert ig\u00e9nyl\u0151 nagyszab\u00e1s\u00fa k\u00f6lt\u00f6z\u00e9sekig k\u00edn\u00e1lnak szolg\u00e1ltat\u00e1sokat, \u00e9s szolg\u00e1ltat\u00e1saik k\u00f6z\u00e9 tartozik a k\u00e9pz\u0151m\u0171v\u00e9szeti t\u00e1rgyak \u00e9s g\u00e9pj\u00e1rm\u0171vek sz\u00e1ll\u00edt\u00e1sa is. Ideiglenes elhelyez\u00e9ssel \u00e9s rakt\u00e1roz\u00e1si lehet\u0151s\u00e9gekkel is tudnak seg\u00edteni.<\/p>\n<p>Weboldal: <a href=\"https:\/\/www.auramobility.co\/\" target=\"_blank\" rel=\"noopener\">https:\/\/www.auramobility.co\/<\/a><\/p>\n<h2><span class=\"ez-toc-section\" id=\"43_Buhariwalas\"><\/span><strong>43. Buhariwalas<\/strong><span class=\"ez-toc-section-end\"><\/span><\/h2>\n<p><img loading=\"lazy\" decoding=\"async\" class=\"alignnone size-full wp-image-7678\" src=\"https:\/\/moverdb.com\/wp-content\/uploads\/Buhariwalas-international-moving-company.png\" alt=\"Buhariwalas nemzetk\u00f6zi k\u00f6lt\u00f6ztet\u0151 c\u00e9g\" width=\"1440\" height=\"679\" data-wp-pid=\"7678\" srcset=\"https:\/\/moverdb.com\/wp-content\/uploads\/Buhariwalas-international-moving-company.png 1440w, https:\/\/moverdb.com\/wp-content\/uploads\/Buhariwalas-international-moving-company-300x141.png 300w, https:\/\/moverdb.com\/wp-content\/uploads\/Buhariwalas-international-moving-company-1024x483.png 1024w, https:\/\/moverdb.com\/wp-content\/uploads\/Buhariwalas-international-moving-company-18x8.png 18w, https:\/\/moverdb.com\/wp-content\/uploads\/Buhariwalas-international-moving-company-600x283.png 600w\" sizes=\"auto, (max-width: 1440px) 100vw, 1440px\" \/><\/p>\n<ul>\n<li>Nemzeti l\u00e9p\u00e9sek<\/li>\n<li>Nemzetk\u00f6zi k\u00f6lt\u00f6z\u00e9sek<\/li>\n<li>H\u00e1ztart\u00e1s \u00e1thelyez\u00e9se<\/li>\n<li>Irodai k\u00f6lt\u00f6z\u00e9sek<\/li>\n<li>Csomagol\u00e1si szolg\u00e1ltat\u00e1s<\/li>\n<li>K\u00f6z\u00fati, tengeri \u00e9s l\u00e9gi sz\u00e1ll\u00edt\u00e1s<\/li>\n<li>K\u00e9pz\u0151m\u0171v\u00e9szeti mozgalom<\/li>\n<li>Aut\u00f3sz\u00e1ll\u00edt\u00e1s<\/li>\n<li>Biztos\u00edt\u00e1s<\/li>\n<li>R\u00f6vid \u00e9s hossz\u00fa t\u00e1v\u00fa t\u00e1rol\u00f3 l\u00e9tes\u00edtm\u00e9nyek<\/li>\n<\/ul>\n<p>A Buhariwalas egy nemzetk\u00f6zi k\u00f6lt\u00f6ztet\u0151 \u00e9s k\u00f6lt\u00f6ztet\u0151 c\u00e9g Mumbaiban. Nemzetk\u00f6zi \u00fcgyn\u00f6k\u00f6kkel dolgoznak egy\u00fctt, hogy t\u00e1mogass\u00e1k \u0151ket a vil\u00e1g minden t\u00e1j\u00e1n t\u00f6rt\u00e9n\u0151 k\u00f6lt\u00f6z\u00e9sek lebonyol\u00edt\u00e1s\u00e1ban. Az IAM tagja 20 \u00e9ves szolg\u00e1lati id\u0151vel, \u00e9s a FIDI \u00e1ltal akkredit\u00e1ltak.<\/p>\n<p>A Buhariwalas a k\u00f6lt\u00f6z\u00e9s el\u0151tti felm\u00e9r\u00e9st \u00e9s \u00e1raj\u00e1nlatot k\u00edn\u00e1l az \u00d6n ig\u00e9nyei alapj\u00e1n. H\u00e1zr\u00f3l h\u00e1zra t\u00f6rt\u00e9n\u0151 k\u00f6lt\u00f6ztet\u00e9si szolg\u00e1ltat\u00e1st ny\u00fajtanak, amely mag\u00e1ban foglalja a holmij\u00e1nak biztons\u00e1gos csomagol\u00e1s\u00e1t, a k\u00f6z\u00fati, tengeri vagy l\u00e9gi sz\u00e1ll\u00edt\u00e1s megszervez\u00e9s\u00e9t \u00e9s a v\u00e1mkezel\u00e9sben val\u00f3 seg\u00edts\u00e9gny\u00fajt\u00e1st. Speci\u00e1lis szolg\u00e1ltat\u00e1sokat is k\u00edn\u00e1lnak, bele\u00e9rtve a k\u00e9pz\u0151m\u0171v\u00e9szeti k\u00f6lt\u00f6ztet\u00e9st, az aut\u00f3sz\u00e1ll\u00edt\u00e1st, a ki\u00e1ll\u00edt\u00e1si \u00e9s v\u00e1s\u00e1ri szolg\u00e1ltat\u00e1sokat, valamint az ingatlanszolg\u00e1ltat\u00e1sokat.<\/p>\n<p>Weboldal: <a href=\"https:\/\/www.buhariwalas.com\/\" target=\"_blank\" rel=\"noopener\">https:\/\/www.buhariwalas.com\/<\/a><\/p>\n<h2><span class=\"ez-toc-section\" id=\"44_LAC_Relocations\"><\/span><strong>44. LAC \u00e1thelyez\u00e9sek<\/strong><span class=\"ez-toc-section-end\"><\/span><\/h2>\n<p><img loading=\"lazy\" decoding=\"async\" class=\"alignnone size-full wp-image-7718\" src=\"https:\/\/moverdb.com\/wp-content\/uploads\/LAC-Relocations-international-moving-company.png\" alt=\"LAC Relocations nemzetk\u00f6zi k\u00f6lt\u00f6ztet\u0151 c\u00e9g\" width=\"1440\" height=\"680\" data-wp-pid=\"7718\" srcset=\"https:\/\/moverdb.com\/wp-content\/uploads\/LAC-Relocations-international-moving-company.png 1440w, https:\/\/moverdb.com\/wp-content\/uploads\/LAC-Relocations-international-moving-company-300x142.png 300w, https:\/\/moverdb.com\/wp-content\/uploads\/LAC-Relocations-international-moving-company-1024x484.png 1024w, https:\/\/moverdb.com\/wp-content\/uploads\/LAC-Relocations-international-moving-company-18x9.png 18w, https:\/\/moverdb.com\/wp-content\/uploads\/LAC-Relocations-international-moving-company-600x283.png 600w\" sizes=\"auto, (max-width: 1440px) 100vw, 1440px\" \/><\/p>\n<ul>\n<li>Nemzetk\u00f6zi k\u00f6lt\u00f6z\u00e9sek<\/li>\n<li>Otthoni k\u00f6lt\u00f6z\u00e9sek<\/li>\n<li>Irod\u00e1k \u00e1thelyez\u00e9se<\/li>\n<li>H\u00e1zt\u00f3l-h\u00e1zig szolg\u00e1ltat\u00e1s<\/li>\n<li>Csomagol\u00e1si szolg\u00e1ltat\u00e1s<\/li>\n<li>K\u00f6z\u00fati, tengeri \u00e9s l\u00e9gi sz\u00e1ll\u00edt\u00e1s<\/li>\n<li>V\u00e1mkezel\u00e9s<\/li>\n<li>G\u00e9pj\u00e1rm\u0171vek \u00e9s motorker\u00e9kp\u00e1rok sz\u00e1ll\u00edt\u00e1sa<\/li>\n<li>H\u00e1zi\u00e1llat \u00e1thelyez\u00e9sek<\/li>\n<li>R\u00f6vid \u00e9s hossz\u00fa t\u00e1v\u00fa t\u00e1rol\u00e1s<\/li>\n<\/ul>\n<p>A LAC Relocations egy 1944-ben alap\u00edtott, Mumbaiban sz\u00e9khellyel rendelkez\u0151 k\u00f6lt\u00f6ztet\u0151 \u00e9s k\u00f6lt\u00f6ztet\u00e9si szak\u00e9rt\u0151. T\u00f6bb mint 150 orsz\u00e1gban van \u00fcgyn\u00f6kh\u00e1l\u00f3zatuk, amely nemzetk\u00f6zi szolg\u00e1ltat\u00e1saikban ny\u00fajt seg\u00edts\u00e9get. Az IAM tagjak\u00e9nt 25 \u00e9ves szolg\u00e1lati id\u0151vel rendelkeznek.<\/p>\n<p>A LAC Relocations k\u00f6lt\u00f6z\u00e9si koordin\u00e1torok seg\u00edtik \u00d6nt a k\u00f6lt\u00f6z\u00e9s sor\u00e1n, amely mag\u00e1ban foglalja a k\u00f6lt\u00f6z\u00e9s el\u0151tti felm\u00e9r\u00e9st is. Professzion\u00e1lis csomagol\u00e1si szolg\u00e1ltat\u00e1st ny\u00fajtanak, speci\u00e1lis csomagol\u00f3anyagot haszn\u00e1lva a t\u00f6r\u00e9keny t\u00e1rgyak sz\u00e1m\u00e1ra. Megszervezik a k\u00f6z\u00fati, tengeri vagy l\u00e9gi sz\u00e1ll\u00edt\u00e1st, \u00e9s seg\u00edtenek a v\u00e1malakis\u00e1gokban. K\u00f6lt\u00f6ztet\u00e9si szolg\u00e1ltat\u00e1saik k\u00f6z\u00e9 tartoznak az indul\u00e1si szolg\u00e1ltat\u00e1sok, t\u00e1j\u00e9koz\u00f3d\u00e1si k\u00f6rutak, bev\u00e1ndorl\u00e1si szolg\u00e1ltat\u00e1sok, ideiglenes lakhat\u00e1s, otthon- \u00e9s iskolakeres\u00e9s.<\/p>\n<p>Weboldal: <a href=\"http:\/\/www.lacrelocations.in\/\" target=\"_blank\" rel=\"noopener\">http:\/\/www.lacrelocations.in\/<\/a><\/p>\n<h2><span class=\"ez-toc-section\" id=\"45_MaxPace_Relocations\"><\/span><strong>45. MaxPace \u00e1thelyez\u00e9sek<\/strong><span class=\"ez-toc-section-end\"><\/span><\/h2>\n<p><img loading=\"lazy\" decoding=\"async\" class=\"alignnone size-full wp-image-7722\" src=\"https:\/\/moverdb.com\/wp-content\/uploads\/Maxpace-Relocations-international-moving-company.png\" alt=\"Maxpace Relocations nemzetk\u00f6zi k\u00f6lt\u00f6ztet\u0151 c\u00e9g\" width=\"1440\" height=\"673\" data-wp-pid=\"7722\" srcset=\"https:\/\/moverdb.com\/wp-content\/uploads\/Maxpace-Relocations-international-moving-company.png 1440w, https:\/\/moverdb.com\/wp-content\/uploads\/Maxpace-Relocations-international-moving-company-300x140.png 300w, https:\/\/moverdb.com\/wp-content\/uploads\/Maxpace-Relocations-international-moving-company-1024x479.png 1024w, https:\/\/moverdb.com\/wp-content\/uploads\/Maxpace-Relocations-international-moving-company-18x8.png 18w, https:\/\/moverdb.com\/wp-content\/uploads\/Maxpace-Relocations-international-moving-company-600x280.png 600w\" sizes=\"auto, (max-width: 1440px) 100vw, 1440px\" \/><\/p>\n<ul>\n<li>Helyi \u00e9s orsz\u00e1gos k\u00f6lt\u00f6z\u00e9sek<\/li>\n<li>Nemzetk\u00f6zi k\u00f6lt\u00f6z\u00e9sek<\/li>\n<li>H\u00e1ztart\u00e1sok\/munkav\u00e1llal\u00f3k \u00e1thelyez\u00e9se<\/li>\n<li>Irodai k\u00f6lt\u00f6z\u00e9sek<\/li>\n<li>\u00c1thelyez\u00e9si terv k\u00e9sz\u00edt\u00e9se<\/li>\n<li>Csomagol\u00e1si szolg\u00e1ltat\u00e1s<\/li>\n<li>Sz\u00e1ll\u00edt\u00e1si meg\u00e1llapod\u00e1sok<\/li>\n<li>H\u00e1zi\u00e1llat \u00e1thelyez\u00e9sek<\/li>\n<li>J\u00e1rm\u0171 \u00e1thelyez\u00e9sek<\/li>\n<li>Rakt\u00e1roz\u00e1si lehet\u0151s\u00e9gek<\/li>\n<\/ul>\n<p>A MaxPace Relocations egy Mumbaiban m\u0171k\u00f6d\u0151 k\u00f6lt\u00f6ztet\u0151 \u00e9s k\u00f6lt\u00f6ztet\u0151 c\u00e9g. A nemzetk\u00f6zi szolg\u00e1ltat\u00e1sok ny\u00fajt\u00e1sa \u00e9rdek\u00e9ben 170 orsz\u00e1gban 2000 logisztikai partnerb\u0151l \u00e1ll\u00f3 h\u00e1l\u00f3zattal dolgoznak egy\u00fctt. Az IAM tagjak\u00e9nt 14 \u00e9ves szolg\u00e1lati id\u0151vel rendelkeznek.<\/p>\n<p>A MaxPace Relocations tapasztalt szem\u00e9lyzetb\u0151l \u00e1ll\u00f3 csapatot biztos\u00edt a h\u00e1ztart\u00e1si \u00e9s irodai k\u00f6lt\u00f6z\u00e9sek helyi, orsz\u00e1gos \u00e9s nemzetk\u00f6zi t\u00e1mogat\u00e1s\u00e1ra. Csomagol\u00e1si szolg\u00e1ltat\u00e1st k\u00edn\u00e1lnak, amely minden egyes t\u00e1rgyat s\u00faly, m\u00e9ret \u00e9s \u00f6sszet\u00e9tel szerint csomagol, valamint megfelel a v\u00e1mcsomagol\u00e1si k\u00f6vetelm\u00e9nyeknek \u00e9s lelt\u00e1rt k\u00e9sz\u00edt. Az \u00d6n \u00e1ruj\u00e1t z\u00e1rt kont\u00e9neres j\u00e1rm\u0171vekkel sz\u00e1ll\u00edtj\u00e1k, amelyeket t\u00e1volr\u00f3l nyomon k\u00f6vetnek.<\/p>\n<p>Weboldal: <a href=\"http:\/\/www.maxpacerelo.com\/\" target=\"_blank\" rel=\"noopener\">http:\/\/www.maxpacerelo.com\/<\/a><\/p>\n<h2><span class=\"ez-toc-section\" id=\"46_Midwest_Relocations\"><\/span><strong>46. Midwest Relocations<\/strong><span class=\"ez-toc-section-end\"><\/span><\/h2>\n<p><img loading=\"lazy\" decoding=\"async\" class=\"alignnone size-full wp-image-7724\" src=\"https:\/\/moverdb.com\/wp-content\/uploads\/Midwest-Relocations-international-moving-company.png\" alt=\"Midwest Relocations nemzetk\u00f6zi k\u00f6lt\u00f6ztet\u0151 c\u00e9g\" width=\"1440\" height=\"680\" data-wp-pid=\"7724\" srcset=\"https:\/\/moverdb.com\/wp-content\/uploads\/Midwest-Relocations-international-moving-company.png 1440w, https:\/\/moverdb.com\/wp-content\/uploads\/Midwest-Relocations-international-moving-company-300x142.png 300w, https:\/\/moverdb.com\/wp-content\/uploads\/Midwest-Relocations-international-moving-company-1024x484.png 1024w, https:\/\/moverdb.com\/wp-content\/uploads\/Midwest-Relocations-international-moving-company-18x9.png 18w, https:\/\/moverdb.com\/wp-content\/uploads\/Midwest-Relocations-international-moving-company-600x283.png 600w\" sizes=\"auto, (max-width: 1440px) 100vw, 1440px\" \/><\/p>\n<ul>\n<li>Helyi k\u00f6lt\u00f6z\u00e9sek<\/li>\n<li>Nemzetk\u00f6zi k\u00f6lt\u00f6z\u00e9sek<\/li>\n<li>H\u00e1ztart\u00e1s \u00e1thelyez\u00e9se<\/li>\n<li>Kereskedelmi \u00e9s irodai k\u00f6lt\u00f6ztet\u00e9s<\/li>\n<li>H\u00e1zt\u00f3l-h\u00e1zig szolg\u00e1ltat\u00e1s<\/li>\n<li>Kapcsolatmenedzser<\/li>\n<li>A sz\u00e1ll\u00edt\u00e1s megszervez\u00e9se<\/li>\n<li>V\u00e1mkezel\u00e9s<\/li>\n<li>Biztos\u00edt\u00e1s<\/li>\n<li>Biztons\u00e1gos t\u00e1rol\u00e1s<\/li>\n<\/ul>\n<p>A Midwest Relocations glob\u00e1lis mobilit\u00e1si szolg\u00e1ltat\u00e1sokat \u00e9s \u00e1thelyez\u00e9seket k\u00edn\u00e1l vil\u00e1gszerte, amelyeket 1991 \u00f3ta v\u00e9gez. A sz\u00e9khely\u00fck Mumbaiban tal\u00e1lhat\u00f3, de k\u00fcl\u00f6nb\u00f6z\u0151 orsz\u00e1gokban irodah\u00e1l\u00f3zattal \u00e9s nemzetk\u00f6zi k\u00f6lt\u00f6ztet\u0151 \u00fcgyn\u00f6k\u00f6kkel rendelkeznek. Az IAM tagjak\u00e9nt 18 \u00e9ves szolg\u00e1lati id\u0151vel rendelkeznek.<\/p>\n<p>A Midwest Relocations szem\u00e9lyre szabott k\u00f6lt\u00f6ztet\u00e9si szolg\u00e1ltat\u00e1sokat k\u00edn\u00e1l, \u00e9s szem\u00e9lyre szabott tervet k\u00e9sz\u00edt az \u00d6n k\u00f6lt\u00f6z\u00e9s\u00e9re. Egyetlen kapcsolattart\u00f3 pontot biztos\u00edtanak, aki egy kapcsolattart\u00f3, aki a k\u00f6lt\u00f6z\u00e9s minden f\u00e1zis\u00e1t koordin\u00e1lja. Olyan k\u00f6lt\u00f6z\u00e9si szolg\u00e1ltat\u00e1sokat ny\u00fajtanak, amelyek magukban foglalj\u00e1k a bev\u00e1ndorl\u00e1st, az otthonkeres\u00e9st, a ter\u00fcletorient\u00e1ci\u00f3t, a c\u00e9l\u00e1llom\u00e1s-szolg\u00e1ltat\u00e1sokat \u00e9s a leteleped\u00e9si seg\u00edts\u00e9gny\u00fajt\u00e1st.<\/p>\n<p>Weboldal: <a href=\"http:\/\/www.midwestrelocations.com\/\" target=\"_blank\" rel=\"noopener\">http:\/\/www.midwestrelocations.com\/<\/a><\/p>\n<h2><span class=\"ez-toc-section\" id=\"47_Packways_India\"><\/span><strong>47. Packways India<\/strong><span class=\"ez-toc-section-end\"><\/span><\/h2>\n<p><img loading=\"lazy\" decoding=\"async\" class=\"alignnone size-full wp-image-7735\" src=\"https:\/\/moverdb.com\/wp-content\/uploads\/PAckaways-India-international-moving-company.png\" alt=\"Packaways India nemzetk\u00f6zi k\u00f6lt\u00f6ztet\u0151 c\u00e9g\" width=\"1440\" height=\"683\" data-wp-pid=\"7735\" srcset=\"https:\/\/moverdb.com\/wp-content\/uploads\/PAckaways-India-international-moving-company.png 1440w, https:\/\/moverdb.com\/wp-content\/uploads\/PAckaways-India-international-moving-company-300x142.png 300w, https:\/\/moverdb.com\/wp-content\/uploads\/PAckaways-India-international-moving-company-1024x486.png 1024w, https:\/\/moverdb.com\/wp-content\/uploads\/PAckaways-India-international-moving-company-18x9.png 18w, https:\/\/moverdb.com\/wp-content\/uploads\/PAckaways-India-international-moving-company-600x285.png 600w\" sizes=\"auto, (max-width: 1440px) 100vw, 1440px\" \/><\/p>\n<ul>\n<li>Nemzeti l\u00e9p\u00e9sek<\/li>\n<li>Nemzetk\u00f6zi k\u00f6lt\u00f6z\u00e9sek<\/li>\n<li>Lakoss\u00e1gi k\u00f6lt\u00f6z\u00e9sek<\/li>\n<li>Irodai k\u00f6lt\u00f6ztet\u00e9s<\/li>\n<li>H\u00e1zt\u00f3l-h\u00e1zig szolg\u00e1ltat\u00e1s<\/li>\n<li>Csomagol\u00e1si szolg\u00e1ltat\u00e1sok<\/li>\n<li>Sz\u00e1razf\u00f6ldi, tengeri \u00e9s l\u00e9gi sz\u00e1ll\u00edt\u00e1s<\/li>\n<li>V\u00e1mkezel\u00e9s<\/li>\n<li>Biztos\u00edt\u00e1s<\/li>\n<li>Rakt\u00e1roz\u00e1si lehet\u0151s\u00e9gek<\/li>\n<\/ul>\n<p>A Packaways India egy 1974-ben alap\u00edtott csomagol\u00f3, k\u00f6lt\u00f6ztet\u0151 \u00e9s t\u00e1rol\u00f3 c\u00e9g, amelynek sz\u00e9khelye Mumbaiban tal\u00e1lhat\u00f3, \u00e9s t\u00e1rsult irod\u00e1i vannak India \u00f6sszes nagyv\u00e1ros\u00e1ban. Gondosan kiv\u00e1lasztott \u00fcgyn\u00f6k\u00f6k h\u00e1l\u00f3zat\u00e1val rendelkeznek vil\u00e1gszerte a nemzetk\u00f6zi szolg\u00e1ltat\u00e1sok t\u00e1mogat\u00e1sa \u00e9rdek\u00e9ben. Az IAM tagjak\u00e9nt 49 \u00e9ves szolg\u00e1lati id\u0151vel rendelkeznek.<\/p>\n<p>A Packaways India szem\u00e9lyre szabott h\u00e1zt\u00f3l-h\u00e1zig szolg\u00e1ltat\u00e1sokat k\u00edn\u00e1l, amelyek magukban foglalhatj\u00e1k a r\u00e9gis\u00e9gek, a j\u00e1rm\u0171sz\u00e1ll\u00edt\u00e1s, a h\u00e1zi\u00e1llatok \u00e1thelyez\u00e9s\u00e9t \u00e9s a t\u00e1rol\u00e1si lehet\u0151s\u00e9geket. Csomagol\u00e1si szolg\u00e1ltat\u00e1st ny\u00fajtanak a t\u00e1rgynak legink\u00e1bb megfelel\u0151, kiv\u00e1l\u00f3 min\u0151s\u00e9g\u0171 csomagol\u00e1ssal, p\u00e9ld\u00e1ul por- \u00e9s nedvess\u00e9g\u00e1ll\u00f3 anyagokkal, valamint a t\u00f6r\u00e9keny t\u00e1rgyak eset\u00e9ben kartondobozokkal vagy l\u00e1d\u00e1kkal.<\/p>\n<p>Weboldal: <a href=\"http:\/\/www.packways-india.com\/\" target=\"_blank\" rel=\"noopener\">http:\/\/www.packways-india.com\/<\/a><\/p>\n<h2><span class=\"ez-toc-section\" id=\"48_Ashoka_International\"><\/span><strong>48. Ashoka International<\/strong><span class=\"ez-toc-section-end\"><\/span><\/h2>\n<p><img loading=\"lazy\" decoding=\"async\" class=\"alignnone size-full wp-image-7668\" src=\"https:\/\/moverdb.com\/wp-content\/uploads\/Ashoka-International-moving-company.png\" alt=\"Ashoka Nemzetk\u00f6zi k\u00f6lt\u00f6ztet\u0151 c\u00e9g\" width=\"1440\" height=\"672\" data-wp-pid=\"7668\" srcset=\"https:\/\/moverdb.com\/wp-content\/uploads\/Ashoka-International-moving-company.png 1440w, https:\/\/moverdb.com\/wp-content\/uploads\/Ashoka-International-moving-company-300x140.png 300w, https:\/\/moverdb.com\/wp-content\/uploads\/Ashoka-International-moving-company-1024x478.png 1024w, https:\/\/moverdb.com\/wp-content\/uploads\/Ashoka-International-moving-company-18x8.png 18w, https:\/\/moverdb.com\/wp-content\/uploads\/Ashoka-International-moving-company-600x280.png 600w\" sizes=\"auto, (max-width: 1440px) 100vw, 1440px\" \/><\/p>\n<ul>\n<li>Nemzeti l\u00e9p\u00e9sek<\/li>\n<li>Nemzetk\u00f6zi k\u00f6lt\u00f6z\u00e9sek<\/li>\n<li>Lakoss\u00e1gi k\u00f6lt\u00f6z\u00e9sek<\/li>\n<li>Alkalmazotti mozg\u00e1sok<\/li>\n<li>Csomagol\u00e1si szolg\u00e1ltat\u00e1s<\/li>\n<li>A sz\u00e1ll\u00edt\u00e1s megszervez\u00e9se<\/li>\n<li>V\u00e1mkezel\u00e9s<\/li>\n<li>H\u00e1zi\u00e1llat mozgat\u00e1sa<\/li>\n<li>Biztos\u00edt\u00e1s<\/li>\n<li>Rakt\u00e1roz\u00e1si lehet\u0151s\u00e9gek<\/li>\n<\/ul>\n<p>Az Ashoka International egy teljes k\u00f6r\u0171 szolg\u00e1ltat\u00e1st ny\u00fajt\u00f3 k\u00f6lt\u00f6ztet\u0151 c\u00e9g \u00e9s sz\u00e1ll\u00edtm\u00e1nyoz\u00f3, amelyet 1978-ban alap\u00edtottak \u00dajdelhiben. \u00dcgyn\u00f6keik vil\u00e1gm\u00e9ret\u0171 h\u00e1l\u00f3zata t\u00e1mogatja \u0151ket szolg\u00e1ltat\u00e1saik ny\u00fajt\u00e1s\u00e1ban vil\u00e1gszerte. Az IAM tagjak\u00e9nt 45 \u00e9ves szolg\u00e1lati id\u0151vel rendelkeznek.<\/p>\n<p>Az Ashoka International szem\u00e9lyre szabott szolg\u00e1ltat\u00e1st k\u00edn\u00e1l, amely az \u00d6n ig\u00e9nyeinek felm\u00e9r\u00e9s\u00e9vel kezd\u0151dik az indul\u00e1s el\u0151tti felm\u00e9r\u00e9ssel. A legjobb min\u0151s\u00e9g\u0171 csomagol\u00f3anyagokat haszn\u00e1lj\u00e1k a holmij\u00e1nak v\u00e9delme \u00e9rdek\u00e9ben, a t\u00f6r\u00e9keny t\u00e1rgyak eset\u00e9ben pedig f\u00e1b\u00f3l k\u00e9sz\u00fclt l\u00e1d\u00e1kat. Megszervezik a sz\u00e1ll\u00edt\u00e1st \u00e9s a v\u00e1mkezel\u00e9st az \u00d6n holmijai sz\u00e1m\u00e1ra. K\u00f6lt\u00f6z\u00e9si szolg\u00e1ltat\u00e1sokat ny\u00fajtanak, bele\u00e9rtve az otthon- \u00e9s iskolakeres\u00e9st, a t\u00e1j\u00e9koz\u00f3d\u00e1st, valamint a nyelvi \u00e9s kultur\u00e1lis k\u00e9pz\u00e9st.<\/p>\n<p>Weboldal: <a href=\"http:\/\/www.ashokaint.com\/\" target=\"_blank\" rel=\"noopener\">http:\/\/www.ashokaint.com\/<\/a><\/p>\n<h2><span class=\"ez-toc-section\" id=\"49_DRS_Logistics\"><\/span><strong>49. DRS Logisztika<\/strong><span class=\"ez-toc-section-end\"><\/span><\/h2>\n<p><img loading=\"lazy\" decoding=\"async\" class=\"alignnone size-full wp-image-7767\" src=\"https:\/\/moverdb.com\/wp-content\/uploads\/DRS-Logistics-international-moving-company.png\" alt=\"DRS Logistics nemzetk\u00f6zi k\u00f6lt\u00f6ztet\u0151 c\u00e9g\" width=\"1440\" height=\"683\" data-wp-pid=\"7767\" srcset=\"https:\/\/moverdb.com\/wp-content\/uploads\/DRS-Logistics-international-moving-company.png 1440w, https:\/\/moverdb.com\/wp-content\/uploads\/DRS-Logistics-international-moving-company-300x142.png 300w, https:\/\/moverdb.com\/wp-content\/uploads\/DRS-Logistics-international-moving-company-1024x486.png 1024w, https:\/\/moverdb.com\/wp-content\/uploads\/DRS-Logistics-international-moving-company-18x9.png 18w, https:\/\/moverdb.com\/wp-content\/uploads\/DRS-Logistics-international-moving-company-600x285.png 600w\" sizes=\"auto, (max-width: 1440px) 100vw, 1440px\" \/><\/p>\n<ul>\n<li>Nemzeti l\u00e9p\u00e9sek<\/li>\n<li>Nemzetk\u00f6zi k\u00f6lt\u00f6z\u00e9sek<\/li>\n<li>H\u00e1ztart\u00e1si k\u00f6lt\u00f6z\u00e9sek<\/li>\n<li>V\u00e1llalati szolg\u00e1ltat\u00e1sok<\/li>\n<li>\u00c1thelyez\u00e9s<\/li>\n<li>Csomagol\u00e1si szolg\u00e1ltat\u00e1s<\/li>\n<li>Magas sz\u00ednvonal\u00fa sz\u00e1ll\u00edt\u00e1s<\/li>\n<li>Sz\u00e1ll\u00edt\u00e1sir\u00e1ny\u00edt\u00e1s<\/li>\n<li>IAM-tagok<\/li>\n<li>Rakt\u00e1roz\u00e1si lehet\u0151s\u00e9gek<\/li>\n<\/ul>\n<p>A DRS Logistics egy sz\u00e1ll\u00edt\u00e1si \u00e9s logisztikai v\u00e1llalat, amely \u00e1rukezel\u00e9st, rakt\u00e1roz\u00e1st, k\u00e9szletgazd\u00e1lkod\u00e1st, \u00e1ltal\u00e1nos \u00e1rufuvaroz\u00e1st, integr\u00e1lt projekteket \u00e9s k\u00f6lt\u00f6ztet\u00e9si szolg\u00e1ltat\u00e1sokat k\u00edn\u00e1l. Szolg\u00e1ltat\u00e1saik ny\u00fajt\u00e1s\u00e1hoz k\u00f6lt\u00f6ztet\u0151 partnerek sz\u00e9les h\u00e1l\u00f3zat\u00e1hoz f\u00e9rnek hozz\u00e1. Az IAM tagjak\u00e9nt 32 \u00e9ves szolg\u00e1lati id\u0151vel rendelkeznek, \u00e9s sz\u00e9khely\u00fck \u00dajdelhiben tal\u00e1lhat\u00f3.<\/p>\n<p>A DRS Logistics teljes indiai sz\u00e1ll\u00edt\u00e1si h\u00e1l\u00f3zatot biztos\u00edt, amely belf\u00f6ldi k\u00f6lt\u00f6ztet\u00e9si \u00e9s \u00e1thelyez\u00e9si szolg\u00e1ltat\u00e1sokat k\u00edn\u00e1l. Csomagol\u00e1si \u00e9s k\u00f6lt\u00f6ztet\u00e9si szolg\u00e1ltat\u00e1sokat ny\u00fajtanak az \u00fcgyfeleknek, amelyeket az IAM akkredit\u00e1ci\u00f3 alapj\u00e1n nemzetk\u00f6zi szabv\u00e1nyoknak megfelel\u0151en sz\u00e1ll\u00edtanak. Emellett otthoni t\u00e1rol\u00e1si lehet\u0151s\u00e9geket \u00e9s rakt\u00e1roz\u00e1st is biztos\u00edtanak.<\/p>\n<p>Weboldal: <a href=\"http:\/\/www.drslogistics.in\/\" target=\"_blank\" rel=\"noopener\">http:\/\/www.drslogistics.in\/<\/a><\/p>\n<h2><span class=\"ez-toc-section\" id=\"50_E-Movers\"><\/span><strong>50. E-Movers<\/strong><span class=\"ez-toc-section-end\"><\/span><\/h2>\n<p><img loading=\"lazy\" decoding=\"async\" class=\"alignnone size-full wp-image-7690\" src=\"https:\/\/moverdb.com\/wp-content\/uploads\/E-Movers-international-moving-company.png\" alt=\"E Movers nemzetk\u00f6zi k\u00f6lt\u00f6ztet\u0151 c\u00e9g\" width=\"1440\" height=\"673\" data-wp-pid=\"7690\" srcset=\"https:\/\/moverdb.com\/wp-content\/uploads\/E-Movers-international-moving-company.png 1440w, https:\/\/moverdb.com\/wp-content\/uploads\/E-Movers-international-moving-company-300x140.png 300w, https:\/\/moverdb.com\/wp-content\/uploads\/E-Movers-international-moving-company-1024x479.png 1024w, https:\/\/moverdb.com\/wp-content\/uploads\/E-Movers-international-moving-company-18x8.png 18w, https:\/\/moverdb.com\/wp-content\/uploads\/E-Movers-international-moving-company-600x280.png 600w\" sizes=\"auto, (max-width: 1440px) 100vw, 1440px\" \/><\/p>\n<ul>\n<li>Nemzeti l\u00e9p\u00e9sek<\/li>\n<li>Nemzetk\u00f6zi k\u00f6lt\u00f6z\u00e9sek<\/li>\n<li>Otthoni k\u00f6lt\u00f6z\u00e9s<\/li>\n<li>Iroda \u00e1thelyez\u00e9se<\/li>\n<li>Csomagol\u00e1si szolg\u00e1ltat\u00e1s<\/li>\n<li>A sz\u00e1ll\u00edt\u00e1s ir\u00e1ny\u00edt\u00e1sa<\/li>\n<li>V\u00e1mkezel\u00e9s<\/li>\n<li>H\u00e1zi\u00e1llat \u00e1thelyez\u00e9s<\/li>\n<li>Ezermester szolg\u00e1ltat\u00e1sok<\/li>\n<li>R\u00f6vid \u00e9s hossz\u00fa t\u00e1v\u00fa t\u00e1rol\u00e1s<\/li>\n<\/ul>\n<p>Az E-Movers egy nemzetk\u00f6zi k\u00f6lt\u00f6ztet\u0151 \u00e9s csomagol\u00f3 c\u00e9g, amelyet 2003-ban alap\u00edtottak az Egyes\u00fclt Arab Em\u00edrs\u00e9gekben. Katarban, Dubaiban vannak irod\u00e1ik, <a href=\"https:\/\/moverdb.com\/hu\/moving-to-abu-dhabi\/\" data-internallinksmanager029f6b8e52c=\"241\" title=\"Abu Dhabiba k\u00f6lt\u00f6zik? 2023 Lakhat\u00e1si k\u00f6lts\u00e9gek \u00e9s k\u00f6lt\u00f6z\u00e9si tippek\">Abu Dhabi<\/a>Sharjahban \u00e9s Indi\u00e1ban, \u00dajdelhiben. T\u00f6bb mint 165 orsz\u00e1gban, 2000 v\u00e1llalatb\u00f3l \u00e1ll\u00f3 h\u00e1l\u00f3zat r\u00e9szek\u00e9nt m\u0171k\u00f6dnek, hogy nemzetk\u00f6zi szolg\u00e1ltat\u00e1sokat ny\u00fajtsanak. N\u00e9gy \u00e9ve tagjai az IAM-nek.<\/p>\n<p>Az E-Movers felm\u00e9r\u00e9st k\u00edn\u00e1l, hogy felm\u00e9rje a csomagol\u00e1si ig\u00e9nyeket \u00e9s a mennyis\u00e9get, hogy becsl\u00e9st adjon. Csomagol\u00e1si szolg\u00e1ltat\u00e1st ny\u00fajtanak, amely mag\u00e1ban foglalja az \u00e1ruk gondos becsomagol\u00e1s\u00e1t, a b\u00fatorok sz\u00e9tszerel\u00e9s\u00e9t \u00e9s \u00fajb\u00f3li \u00f6sszeszerel\u00e9s\u00e9t. Kezelik a sz\u00e1ll\u00edt\u00e1st, \u00e9s gondoskodnak a v\u00e1mvizsg\u00e1latokr\u00f3l, a dokument\u00e1ci\u00f3r\u00f3l \u00e9s a v\u00e1mkezel\u00e9sr\u0151l.<\/p>\n<p>Weboldal: <a href=\"https:\/\/www.emoversindia.com\/\" target=\"_blank\" rel=\"noopener\">https:\/\/www.emoversindia.com\/<\/a><\/p>\n<h2><span class=\"ez-toc-section\" id=\"51_Indilog_Moving\"><\/span><strong>51. Indilog mozgat\u00e1s<\/strong><span class=\"ez-toc-section-end\"><\/span><\/h2>\n<p><img loading=\"lazy\" decoding=\"async\" class=\"alignnone size-full wp-image-7706\" src=\"https:\/\/moverdb.com\/wp-content\/uploads\/Indilog-Moving-international-moving-company.png\" alt=\"Indilog Moving nemzetk\u00f6zi k\u00f6lt\u00f6ztet\u0151 c\u00e9g\" width=\"1440\" height=\"684\" data-wp-pid=\"7706\" srcset=\"https:\/\/moverdb.com\/wp-content\/uploads\/Indilog-Moving-international-moving-company.png 1440w, https:\/\/moverdb.com\/wp-content\/uploads\/Indilog-Moving-international-moving-company-300x143.png 300w, https:\/\/moverdb.com\/wp-content\/uploads\/Indilog-Moving-international-moving-company-1024x486.png 1024w, https:\/\/moverdb.com\/wp-content\/uploads\/Indilog-Moving-international-moving-company-18x9.png 18w, https:\/\/moverdb.com\/wp-content\/uploads\/Indilog-Moving-international-moving-company-600x285.png 600w\" sizes=\"auto, (max-width: 1440px) 100vw, 1440px\" \/><\/p>\n<ul>\n<li>Nemzeti l\u00e9p\u00e9sek<\/li>\n<li>Nemzetk\u00f6zi k\u00f6lt\u00f6z\u00e9sek<\/li>\n<li>Lakoss\u00e1gi k\u00f6lt\u00f6z\u00e9sek<\/li>\n<li>V\u00e1llalati k\u00f6lt\u00f6z\u00e9sek<\/li>\n<li>H\u00e1zt\u00f3l-h\u00e1zig szolg\u00e1ltat\u00e1s<\/li>\n<li>Csomagol\u00e1si szolg\u00e1ltat\u00e1s<\/li>\n<li>K\u00f6z\u00fati, tengeri \u00e9s l\u00e9gi sz\u00e1ll\u00edtm\u00e1nyoz\u00e1s<\/li>\n<li>K\u00e9pz\u0151m\u0171v\u00e9szeti mozgat\u00e1s<\/li>\n<li>J\u00e1rm\u0171 tranzit<\/li>\n<li>Rakt\u00e1roz\u00e1si lehet\u0151s\u00e9gek<\/li>\n<\/ul>\n<p>Indilog Moving egy tapasztalt mozg\u00f3 \u00e9s csomagol\u00f3 c\u00e9g sz\u00e9khelye \u00dajdelhiben. Orsz\u00e1gos \u00e9s nemzetk\u00f6zi k\u00f6lt\u00f6ztet\u0151 szolg\u00e1ltat\u00e1sokat k\u00edn\u00e1lnak lakoss\u00e1gi \u00e9s v\u00e1llalati \u00fcgyfeleknek. Nemzetk\u00f6zi k\u00f6lt\u00f6ztet\u0151 \u00fcgyn\u00f6k\u00f6kkel dolgoznak egy\u00fctt, hogy a vil\u00e1g minden t\u00e1j\u00e1n ny\u00fajthassanak szolg\u00e1ltat\u00e1sokat. Az IAM tagjak\u00e9nt n\u00e9gy\u00e9ves szolg\u00e1lati id\u0151vel rendelkeznek.<\/p>\n<p>Az Indilog Moving nemzetk\u00f6zi k\u00f6lt\u00f6z\u00e9si koordin\u00e1tort biztos\u00edt, aki t\u00e1mogatja \u00d6nt a k\u00f6lt\u00f6z\u00e9s sor\u00e1n, ir\u00e1ny\u00edtja a folyamatot \u00e9s folyamatosan t\u00e1j\u00e9koztatja \u00d6nt. A c\u00e9g h\u00e1zt\u00f3l-h\u00e1zig szolg\u00e1ltat\u00e1st ny\u00fajt, amely csomagol\u00e1si szolg\u00e1ltat\u00e1st is tartalmaz, hogy megv\u00e9dje \u00e1ruj\u00e1t a sz\u00e1ll\u00edt\u00e1s sor\u00e1n, ak\u00e1r k\u00f6z\u00faton, ak\u00e1r tengeren, ak\u00e1r l\u00e9gi \u00faton sz\u00e1ll\u00edtj\u00e1k. A k\u00e9pz\u0151m\u0171v\u00e9szeti t\u00e1rgyak \u00e9s j\u00e1rm\u0171vek sz\u00e1m\u00e1ra is k\u00edn\u00e1lnak speci\u00e1lis szolg\u00e1ltat\u00e1sokat.<\/p>\n<p>Weboldal: <a href=\"http:\/\/www.indilogmoving.com\/\" target=\"_blank\" rel=\"noopener\">http:\/\/www.indilogmoving.com\/<\/a><\/p>\n<h2><span class=\"ez-toc-section\" id=\"52_Joy_Logistics\"><\/span><strong>52. Joy Logistics<\/strong><span class=\"ez-toc-section-end\"><\/span><\/h2>\n<p><img loading=\"lazy\" decoding=\"async\" class=\"alignnone size-full wp-image-7714\" src=\"https:\/\/moverdb.com\/wp-content\/uploads\/Joy-Logistics-international-moving-company.png\" alt=\"Joy Logistics nemzetk\u00f6zi k\u00f6lt\u00f6ztet\u0151 c\u00e9g\" width=\"1440\" height=\"684\" data-wp-pid=\"7714\" srcset=\"https:\/\/moverdb.com\/wp-content\/uploads\/Joy-Logistics-international-moving-company.png 1440w, https:\/\/moverdb.com\/wp-content\/uploads\/Joy-Logistics-international-moving-company-300x143.png 300w, https:\/\/moverdb.com\/wp-content\/uploads\/Joy-Logistics-international-moving-company-1024x486.png 1024w, https:\/\/moverdb.com\/wp-content\/uploads\/Joy-Logistics-international-moving-company-18x9.png 18w, https:\/\/moverdb.com\/wp-content\/uploads\/Joy-Logistics-international-moving-company-600x285.png 600w\" sizes=\"auto, (max-width: 1440px) 100vw, 1440px\" \/><\/p>\n<ul>\n<li>Nemzeti l\u00e9p\u00e9sek<\/li>\n<li>Nemzetk\u00f6zi k\u00f6lt\u00f6z\u00e9sek<\/li>\n<li>H\u00e1ztart\u00e1si k\u00f6lt\u00f6z\u00e9sek<\/li>\n<li>Irodai k\u00f6lt\u00f6z\u00e9sek<\/li>\n<li>H\u00e1zt\u00f3l-h\u00e1zig szolg\u00e1ltat\u00e1s<\/li>\n<li>Csomagol\u00e1si szolg\u00e1ltat\u00e1s<\/li>\n<li>Pr\u00e9mium csomagol\u00f3anyagok<\/li>\n<li>K\u00f6z\u00fati, tengeri \u00e9s l\u00e9gi sz\u00e1ll\u00edt\u00e1s<\/li>\n<li>V\u00e1mkezel\u00e9s<\/li>\n<li>Kicsomagol\u00e1s<\/li>\n<\/ul>\n<p>A Joy Logistics egy 2009-ben alap\u00edtott, \u00dajdelhiben sz\u00e9khellyel rendelkez\u0151 sz\u00e1ll\u00edtm\u00e1nyoz\u00e1si v\u00e1llalat, amely k\u00f6lt\u00f6z\u00e9si \u00e9s \u00e1thelyez\u00e9si szolg\u00e1ltat\u00e1sokat k\u00edn\u00e1l. Az IAM tagjak\u00e9nt 14 \u00e9ves szolg\u00e1lati id\u0151vel rendelkeznek, ami hozz\u00e1f\u00e9r\u00e9st biztos\u00edt sz\u00e1mukra a professzion\u00e1lis k\u00f6lt\u00f6ztet\u0151\u00fcgyn\u00f6k\u00f6k nemzetk\u00f6zi h\u00e1l\u00f3zat\u00e1hoz, akik t\u00e1mogatj\u00e1k \u0151ket nemzetk\u00f6zi szolg\u00e1ltat\u00e1saikban.<\/p>\n<p>A Joy Logistics h\u00e1zt\u00f3l h\u00e1zig szolg\u00e1ltat\u00e1st ny\u00fajt h\u00e1ztart\u00e1sok \u00e9s irod\u00e1k sz\u00e1m\u00e1ra Indi\u00e1ban \u00e9s nemzetk\u00f6zi szinten. Pr\u00e9mium min\u0151s\u00e9g\u0171 csomagol\u00f3anyagokat haszn\u00e1lnak, t\u00f6bbek k\u00f6z\u00f6tt kartondobozokat \u00e9s fadobozokat a t\u00f6r\u00e9keny t\u00e1rgyak sz\u00e1m\u00e1ra, hogy biztons\u00e1gban tarts\u00e1k azokat a sz\u00e1ll\u00edt\u00e1s sor\u00e1n, \u00e9s k\u00e9pzett csomagol\u00f3 szakemberek v\u00e1lasztj\u00e1k ki a megfelel\u0151 anyagokat a t\u00e1rgyakhoz.<\/p>\n<p>Weboldal: <a href=\"http:\/\/www.joylogis.com\/\" target=\"_blank\" rel=\"noopener\">http:\/\/www.joylogis.com\/<\/a><\/p>\n<h2><span class=\"ez-toc-section\" id=\"53_Mithals\"><\/span><strong>53. Mithals<\/strong><span class=\"ez-toc-section-end\"><\/span><\/h2>\n<p><img loading=\"lazy\" decoding=\"async\" class=\"alignnone size-full wp-image-7725\" src=\"https:\/\/moverdb.com\/wp-content\/uploads\/Mithals-international-moving-company.png\" alt=\"Mithals nemzetk\u00f6zi k\u00f6lt\u00f6ztet\u0151 c\u00e9g\" width=\"1440\" height=\"681\" data-wp-pid=\"7725\" srcset=\"https:\/\/moverdb.com\/wp-content\/uploads\/Mithals-international-moving-company.png 1440w, https:\/\/moverdb.com\/wp-content\/uploads\/Mithals-international-moving-company-300x142.png 300w, https:\/\/moverdb.com\/wp-content\/uploads\/Mithals-international-moving-company-1024x484.png 1024w, https:\/\/moverdb.com\/wp-content\/uploads\/Mithals-international-moving-company-18x9.png 18w, https:\/\/moverdb.com\/wp-content\/uploads\/Mithals-international-moving-company-600x284.png 600w\" sizes=\"auto, (max-width: 1440px) 100vw, 1440px\" \/><\/p>\n<ul>\n<li>Nemzeti l\u00e9p\u00e9sek<\/li>\n<li>Nemzetk\u00f6zi k\u00f6lt\u00f6z\u00e9sek<\/li>\n<li>H\u00e1ztart\u00e1si k\u00f6lt\u00f6z\u00e9sek<\/li>\n<li>K\u00f6lt\u00f6ztet\u00e9si szolg\u00e1ltat\u00e1sok<\/li>\n<li>Csomagol\u00e1si szolg\u00e1ltat\u00e1s<\/li>\n<li>\u00c1ruk sz\u00e1ll\u00edt\u00e1sa<\/li>\n<li>K\u00e9pz\u0151m\u0171v\u00e9szeti kezel\u00e9s<\/li>\n<li>H\u00e1zi\u00e1llat sz\u00e1ll\u00edt\u00e1s<\/li>\n<li>Biztos\u00edt\u00e1s<\/li>\n<li>Rakt\u00e1roz\u00e1si lehet\u0151s\u00e9gek<\/li>\n<\/ul>\n<p>A Mithals egy k\u00f6lt\u00f6ztet\u0151 \u00e9s k\u00f6lt\u00f6ztet\u00e9si v\u00e1llalkoz\u00e1s, amelynek sz\u00e9khelye \u00dajdelhiben van, irod\u00e1i \u00e9s tev\u00e9kenys\u00e9gei pedig eg\u00e9sz Indi\u00e1ban elterjedtek. T\u00e1mogat\u00e1sukra nemzetk\u00f6zi k\u00f6lt\u00f6ztet\u0151 c\u00e9gek ki\u00e9p\u00edtett h\u00e1l\u00f3zata \u00e1ll rendelkez\u00e9sre. Az IAM 27 \u00e9ves tags\u00e1ggal rendelkez\u0151 tagja, \u00e9s a FIDI \u00e1ltal akkredit\u00e1ltak.<\/p>\n<p>A Mithals szem\u00e9lyre szabott mobilit\u00e1si megold\u00e1sokat k\u00edn\u00e1l orsz\u00e1gos \u00e9s nemzetk\u00f6zi k\u00f6lt\u00f6z\u00e9sekhez \u00e9s k\u00f6lt\u00f6z\u00e9sekhez. Olyan csomagol\u00e1si szolg\u00e1ltat\u00e1st ny\u00fajtanak, amely kiv\u00e1l\u00f3 min\u0151s\u00e9g\u0171 anyagokat haszn\u00e1l a t\u00e1rgyak v\u00e9delm\u00e9re a sz\u00e1ll\u00edt\u00e1s sor\u00e1n, speci\u00e1lis dobozok haszn\u00e1lat\u00e1val. Megszervezik az \u00d6n \u00e1ruinak sz\u00e1ll\u00edt\u00e1s\u00e1t nyomon k\u00f6vet\u00e9si lehet\u0151s\u00e9ggel. K\u00f6lt\u00f6ztet\u00e9si szolg\u00e1ltat\u00e1saik k\u00f6z\u00e9 tartozik az otthon- \u00e9s iskolakeres\u00e9s, a v\u00edzum, a t\u00e1j\u00e9koz\u00f3d\u00e1s, a beilleszked\u00e9si szolg\u00e1ltat\u00e1sok \u00e9s a t\u00e1voz\u00e1si szolg\u00e1ltat\u00e1sok.<\/p>\n<p>Weboldal: <a href=\"http:\/\/www.mithalsindia.com\/\" target=\"_blank\" rel=\"noopener\">http:\/\/www.mithalsindia.com\/<\/a><\/p>\n<h2><span class=\"ez-toc-section\" id=\"54_RightStar_Relocations\"><\/span><strong>54. RightStar Relocations<\/strong><span class=\"ez-toc-section-end\"><\/span><\/h2>\n<p><img loading=\"lazy\" decoding=\"async\" class=\"alignnone size-full wp-image-7742\" src=\"https:\/\/moverdb.com\/wp-content\/uploads\/RightStar-Relocations-international-moving-company.png\" alt=\"RightStar Relocations nemzetk\u00f6zi k\u00f6lt\u00f6ztet\u0151 c\u00e9g\" width=\"1440\" height=\"680\" data-wp-pid=\"7742\" srcset=\"https:\/\/moverdb.com\/wp-content\/uploads\/RightStar-Relocations-international-moving-company.png 1440w, https:\/\/moverdb.com\/wp-content\/uploads\/RightStar-Relocations-international-moving-company-300x142.png 300w, https:\/\/moverdb.com\/wp-content\/uploads\/RightStar-Relocations-international-moving-company-1024x484.png 1024w, https:\/\/moverdb.com\/wp-content\/uploads\/RightStar-Relocations-international-moving-company-18x9.png 18w, https:\/\/moverdb.com\/wp-content\/uploads\/RightStar-Relocations-international-moving-company-600x283.png 600w\" sizes=\"auto, (max-width: 1440px) 100vw, 1440px\" \/><\/p>\n<ul>\n<li>Nemzeti \u00e1thelyez\u00e9sek<\/li>\n<li>Nemzetk\u00f6zi \u00e1thelyez\u00e9sek<\/li>\n<li>H\u00e1ztart\u00e1s \u00e1thelyez\u00e9se<\/li>\n<li>Irod\u00e1k \u00e1thelyez\u00e9se<\/li>\n<li>Teljes k\u00f6r\u0171 h\u00e1zt\u00f3l-h\u00e1zig szolg\u00e1ltat\u00e1s<\/li>\n<li>Csomagol\u00e1si szolg\u00e1ltat\u00e1s<\/li>\n<li>Sz\u00e1ll\u00edt\u00e1si szab\u00e1lyok<\/li>\n<li>Dokument\u00e1ci\u00f3s seg\u00edts\u00e9gny\u00fajt\u00e1s<\/li>\n<li>J\u00e1rm\u0171 \u00e1thelyez\u00e9sek<\/li>\n<li>R\u00f6vid \u00e9s hossz\u00fa t\u00e1v\u00fa t\u00e1rol\u00e1s<\/li>\n<\/ul>\n<p>RightStar Relocations egy indiai sz\u00e9khely\u0171 mozg\u00f3 \u00e9s k\u00f6lt\u00f6ztet\u0151 c\u00e9g, amely irod\u00e1k Delhiben. Indi\u00e1n bel\u00fcli, illetve Indi\u00e1b\u00f3l indul\u00f3 \u00e9s oda ir\u00e1nyul\u00f3 h\u00e1ztart\u00e1sok \u00e9s irod\u00e1k k\u00f6lt\u00f6ztet\u00e9s\u00e9vel foglalkoznak. Nemzetk\u00f6zi k\u00f6lt\u00f6ztet\u00e9si szolg\u00e1ltat\u00e1sok ny\u00fajt\u00e1s\u00e1hoz glob\u00e1lis k\u00f6lt\u00f6ztet\u0151i h\u00e1l\u00f3zattal rendelkeznek. Az IAM tagjak\u00e9nt hat\u00e9ves szolg\u00e1lati id\u0151vel rendelkeznek.<\/p>\n<p>A RightStar Relocations teljes k\u00f6r\u0171, h\u00e1zt\u00f3l h\u00e1zig tart\u00f3 k\u00f6lt\u00f6z\u00e9si szolg\u00e1ltat\u00e1st ny\u00fajt, amely a k\u00f6lt\u00f6z\u00e9s el\u0151tti felm\u00e9r\u00e9ssel \u00e9s k\u00f6lt\u00f6z\u00e9si tan\u00e1csad\u00e1ssal kezd\u0151dik. Csomagol\u00e1si szolg\u00e1ltat\u00e1st ny\u00fajtanak, amely megv\u00e9di a holmij\u00e1t a sz\u00e1ll\u00edt\u00e1s sor\u00e1n, \u00e9s lelt\u00e1rt k\u00e9sz\u00edtenek. Megtervezik az \u00fatvonalat, megszervezik a sz\u00e1ll\u00edtm\u00e1ny \u00e1tv\u00e9tel\u00e9t, \u00e9s seg\u00edtenek a dokument\u00e1l\u00e1sban.<\/p>\n<p>Weboldal: <a href=\"http:\/\/www.rightstarrelocations.com\/\" target=\"_blank\" rel=\"noopener\">http:\/\/www.rightstarrelocations.com\/<\/a><\/p>","protected":false},"excerpt":{"rendered":"<p>Are you moving home in India or planning a move to or from India? Or moving your business within, to or from India? Then getting the assistance of a moving company could help reduce the pressure of organising the move. Below we have compiled a list of Indian removal companies that are members of the [&hellip;]<\/p>\n","protected":false},"author":4,"featured_media":0,"parent":190,"menu_order":0,"comment_status":"closed","ping_status":"closed","template":"","meta":{"_genesis_hide_title":false,"_genesis_hide_breadcrumbs":false,"_genesis_hide_singular_image":false,"_genesis_hide_footer_widgets":false,"_genesis_custom_body_class":"","_genesis_custom_post_class":"","_genesis_layout":"","footnotes":""},"class_list":{"0":"post-7766","1":"page","2":"type-page","3":"status-publish","5":"entry","6":"has-post-thumbnail"},"_links":{"self":[{"href":"https:\/\/moverdb.com\/hu\/wp-json\/wp\/v2\/pages\/7766","targetHints":{"allow":["GET"]}}],"collection":[{"href":"https:\/\/moverdb.com\/hu\/wp-json\/wp\/v2\/pages"}],"about":[{"href":"https:\/\/moverdb.com\/hu\/wp-json\/wp\/v2\/types\/page"}],"author":[{"embeddable":true,"href":"https:\/\/moverdb.com\/hu\/wp-json\/wp\/v2\/users\/4"}],"replies":[{"embeddable":true,"href":"https:\/\/moverdb.com\/hu\/wp-json\/wp\/v2\/comments?post=7766"}],"version-history":[{"count":2,"href":"https:\/\/moverdb.com\/hu\/wp-json\/wp\/v2\/pages\/7766\/revisions"}],"predecessor-version":[{"id":17323,"href":"https:\/\/moverdb.com\/hu\/wp-json\/wp\/v2\/pages\/7766\/revisions\/17323"}],"up":[{"embeddable":true,"href":"https:\/\/moverdb.com\/hu\/wp-json\/wp\/v2\/pages\/190"}],"wp:attachment":[{"href":"https:\/\/moverdb.com\/hu\/wp-json\/wp\/v2\/media?parent=7766"}],"curies":[{"name":"wp","href":"https:\/\/api.w.org\/{rel}","templated":true}]}}