{"id":7522,"date":"2023-02-01T14:03:06","date_gmt":"2023-02-01T14:03:06","guid":{"rendered":"https:\/\/moverdb.com\/?page_id=7522"},"modified":"2026-01-08T15:23:14","modified_gmt":"2026-01-08T15:23:14","slug":"moving-companies-indonesia","status":"publish","type":"page","link":"https:\/\/moverdb.com\/hu\/moving-companies\/moving-companies-indonesia\/","title":{"rendered":"12 legjobb nemzetk\u00f6zi k\u00f6lt\u00f6ztet\u0151 c\u00e9gek Indon\u00e9zi\u00e1ban"},"content":{"rendered":"<p>Ha k\u00fclf\u00f6ldre k\u00f6lt\u00f6zik, az otthon\u00e1nak vagy v\u00e1llalkoz\u00e1s\u00e1nak k\u00f6lt\u00f6ztet\u00e9se stresszes id\u0151szak lehet, sok nyom\u00e1ssal \u00e9s pap\u00edrmunk\u00e1val j\u00e1rhat. Ez\u00e9rt fordulnak sokan a <a href=\"https:\/\/moverdb.com\/hu\/moving-companies\/\" data-internallinksmanager029f6b8e52c=\"79\" title=\"Top 25 nemzetk\u00f6zi k\u00f6lt\u00f6ztet\u0151 c\u00e9gek online\">k\u00f6lt\u00f6ztet\u0151 c\u00e9gek<\/a> hogy seg\u00edtsen nekik a k\u00f6lt\u00f6z\u00e9s\u00fckben. Az al\u00e1bbiakban \u00f6ssze\u00e1ll\u00edtottunk egy list\u00e1t az indon\u00e9ziai <a href=\"https:\/\/moverdb.com\/hu\/international-removals\/\" data-internallinksmanager029f6b8e52c=\"27\" title=\"36 legjobb nemzetk\u00f6zi k\u00f6lt\u00f6ztet\u0151 c\u00e9gek az Egyes\u00fclt Kir\u00e1lys\u00e1gban\">k\u00f6lt\u00f6ztet\u0151 c\u00e9gek<\/a> amelyek tagjai a <a href=\"https:\/\/moverdb.com\/hu\/iam\/\" data-internallinksmanager029f6b8e52c=\"23\" title=\"A K\u00f6lt\u00f6ztet\u0151k Nemzetk\u00f6zi Sz\u00f6vets\u00e9ge (IAM) magyar\u00e1zata\">K\u00f6lt\u00f6ztet\u0151k Nemzetk\u00f6zi Sz\u00f6vets\u00e9ge<\/a> (IAM) \u00e9s\/vagy <a href=\"https:\/\/moverdb.com\/hu\/fidi-faim\/\" data-internallinksmanager029f6b8e52c=\"16\" title=\"FIDI &amp; FAIM (FIDI akkredit\u00e1lt nemzetk\u00f6zi fuvaroz\u00f3) magyar\u00e1zata\">FIDI<\/a> Akkredit\u00e1lt nemzetk\u00f6zi k\u00f6lt\u00f6ztet\u0151 (FAIM), aki seg\u00edthet \u00d6nnek a k\u00f6lt\u00f6z\u00e9sben.<\/p>\n<div id=\"ez-toc-container\" class=\"ez-toc-v2_0_82_2 ez-toc-wrap-left counter-hierarchy ez-toc-counter ez-toc-transparent ez-toc-container-direction\">\n<div class=\"ez-toc-title-container\">\n<p class=\"ez-toc-title\" style=\"cursor:inherit\">Szakaszok<\/p>\n<span class=\"ez-toc-title-toggle\"><a href=\"#\" class=\"ez-toc-pull-right ez-toc-btn ez-toc-btn-xs ez-toc-btn-default ez-toc-toggle\" aria-label=\"Toggle Tartalomjegyz\u00e9k\"><span class=\"ez-toc-js-icon-con\"><span class=\"\"><span class=\"eztoc-hide\" style=\"display:none;\">Toggle<\/span><span class=\"ez-toc-icon-toggle-span\"><svg style=\"fill: #999;color:#999\" xmlns=\"http:\/\/www.w3.org\/2000\/svg\" class=\"list-377408\" width=\"20px\" height=\"20px\" viewbox=\"0 0 24 24\" fill=\"none\"><path d=\"M6 6H4v2h2V6zm14 0H8v2h12V6zM4 11h2v2H4v-2zm16 0H8v2h12v-2zM4 16h2v2H4v-2zm16 0H8v2h12v-2z\" fill=\"currentColor\"><\/path><\/svg><svg style=\"fill: #999;color:#999\" class=\"arrow-unsorted-368013\" xmlns=\"http:\/\/www.w3.org\/2000\/svg\" width=\"10px\" height=\"10px\" viewbox=\"0 0 24 24\" version=\"1.2\" baseprofile=\"tiny\"><path d=\"M18.2 9.3l-6.2-6.3-6.2 6.3c-.2.2-.3.4-.3.7s.1.5.3.7c.2.2.4.3.7.3h11c.3 0 .5-.1.7-.3.2-.2.3-.5.3-.7s-.1-.5-.3-.7zM5.8 14.7l6.2 6.3 6.2-6.3c.2-.2.3-.5.3-.7s-.1-.5-.3-.7c-.2-.2-.4-.3-.7-.3h-11c-.3 0-.5.1-.7.3-.2.2-.3.5-.3.7s.1.5.3.7z\"\/><\/svg><\/span><\/span><\/span><\/a><\/span><\/div>\n<nav><ul class='ez-toc-list ez-toc-list-level-1 eztoc-toggle-hide-by-default' ><li class='ez-toc-page-1 ez-toc-heading-level-2'><a class=\"ez-toc-link ez-toc-heading-1\" href=\"https:\/\/moverdb.com\/hu\/moving-companies\/moving-companies-indonesia\/#1_ACE_International_Group\" >1. ACE International Group<\/a><\/li><li class='ez-toc-page-1 ez-toc-heading-level-2'><a class=\"ez-toc-link ez-toc-heading-2\" href=\"https:\/\/moverdb.com\/hu\/moving-companies\/moving-companies-indonesia\/#2_Asian_Tiger_Group\" >2. \u00c1zsiai Tigris Csoport<\/a><\/li><li class='ez-toc-page-1 ez-toc-heading-level-2'><a class=\"ez-toc-link ez-toc-heading-3\" href=\"https:\/\/moverdb.com\/hu\/moving-companies\/moving-companies-indonesia\/#3_Nusantara_Logistics\" >3. Nusantara Logisztika<\/a><\/li><li class='ez-toc-page-1 ez-toc-heading-level-2'><a class=\"ez-toc-link ez-toc-heading-4\" href=\"https:\/\/moverdb.com\/hu\/moving-companies\/moving-companies-indonesia\/#4_Crown_Line\" >4. Korona vonal<\/a><\/li><li class='ez-toc-page-1 ez-toc-heading-level-2'><a class=\"ez-toc-link ez-toc-heading-5\" href=\"https:\/\/moverdb.com\/hu\/moving-companies\/moving-companies-indonesia\/#5_Trinity_Global\" >5. Trinity Global<\/a><\/li><li class='ez-toc-page-1 ez-toc-heading-level-2'><a class=\"ez-toc-link ez-toc-heading-6\" href=\"https:\/\/moverdb.com\/hu\/moving-companies\/moving-companies-indonesia\/#6_Brama_Logistics\" >6. Brama Logisztika<\/a><\/li><li class='ez-toc-page-1 ez-toc-heading-level-2'><a class=\"ez-toc-link ez-toc-heading-7\" href=\"https:\/\/moverdb.com\/hu\/moving-companies\/moving-companies-indonesia\/#7_JVK\" >7. JVK<\/a><\/li><li class='ez-toc-page-1 ez-toc-heading-level-2'><a class=\"ez-toc-link ez-toc-heading-8\" href=\"https:\/\/moverdb.com\/hu\/moving-companies\/moving-companies-indonesia\/#8_Starmovers\" >8. Starmovers<\/a><\/li><li class='ez-toc-page-1 ez-toc-heading-level-2'><a class=\"ez-toc-link ez-toc-heading-9\" href=\"https:\/\/moverdb.com\/hu\/moving-companies\/moving-companies-indonesia\/#9_PT_Retrans_International\" >9. PT Retrans International<\/a><\/li><li class='ez-toc-page-1 ez-toc-heading-level-2'><a class=\"ez-toc-link ez-toc-heading-10\" href=\"https:\/\/moverdb.com\/hu\/moving-companies\/moving-companies-indonesia\/#10_Vanpac_Group_Asia\" >10. Vanpac Group \u00c1zsia<\/a><\/li><li class='ez-toc-page-1 ez-toc-heading-level-2'><a class=\"ez-toc-link ez-toc-heading-11\" href=\"https:\/\/moverdb.com\/hu\/moving-companies\/moving-companies-indonesia\/#11_Kellys_Express\" >11. Kellys Express<\/a><\/li><li class='ez-toc-page-1 ez-toc-heading-level-2'><a class=\"ez-toc-link ez-toc-heading-12\" href=\"https:\/\/moverdb.com\/hu\/moving-companies\/moving-companies-indonesia\/#12_Santa_Fe_Relocation\" >12. Santa Fe \u00e1thelyez\u00e9se<\/a><\/li><li class='ez-toc-page-1 ez-toc-heading-level-2'><a class=\"ez-toc-link ez-toc-heading-13\" href=\"https:\/\/moverdb.com\/hu\/moving-companies\/moving-companies-indonesia\/#Other_Useful_Guides_to_Indonesia\" >Egy\u00e9b hasznos \u00fatmutat\u00f3k Indon\u00e9zi\u00e1hoz<\/a><\/li><\/ul><\/nav><\/div>\n<h2><span class=\"ez-toc-section\" id=\"1_ACE_International_Group\"><\/span><strong>1. ACE International Group<\/strong><span class=\"ez-toc-section-end\"><\/span><\/h2>\n<p><img loading=\"lazy\" decoding=\"async\" class=\"alignnone size-full wp-image-7409\" src=\"https:\/\/moverdb.com\/wp-content\/uploads\/ACE-International-moving-company.png\" alt=\"ACE Nemzetk\u00f6zi k\u00f6lt\u00f6ztet\u0151 c\u00e9g\" width=\"1440\" height=\"673\" data-wp-pid=\"7409\" srcset=\"https:\/\/moverdb.com\/wp-content\/uploads\/ACE-International-moving-company.png 1440w, https:\/\/moverdb.com\/wp-content\/uploads\/ACE-International-moving-company-300x140.png 300w, https:\/\/moverdb.com\/wp-content\/uploads\/ACE-International-moving-company-1024x479.png 1024w, https:\/\/moverdb.com\/wp-content\/uploads\/ACE-International-moving-company-18x8.png 18w, https:\/\/moverdb.com\/wp-content\/uploads\/ACE-International-moving-company-600x280.png 600w\" sizes=\"auto, (max-width: 1440px) 100vw, 1440px\" \/><\/p>\n<ul>\n<li>Nemzeti l\u00e9p\u00e9sek<\/li>\n<li>Nemzetk\u00f6zi k\u00f6lt\u00f6z\u00e9sek<\/li>\n<li>Lakoss\u00e1gi \u00e1thelyez\u00e9sek<\/li>\n<li>H\u00e1zt\u00f3l-h\u00e1zig szolg\u00e1ltat\u00e1s<\/li>\n<li>Csomagol\u00e1si szolg\u00e1ltat\u00e1s<\/li>\n<li>K\u00f6z\u00fati, tengeri \u00e9s l\u00e9gi sz\u00e1ll\u00edt\u00e1s<\/li>\n<li>V\u00e1mkezel\u00e9s<\/li>\n<li>Ezermester \u00e9s takar\u00edt\u00e1si szolg\u00e1ltat\u00e1sok<\/li>\n<li>Biztos\u00edt\u00e1s<\/li>\n<li>R\u00f6vid \u00e9s hossz\u00fa t\u00e1v\u00fa t\u00e1rol\u00e1s<\/li>\n<\/ul>\n<p>Az ACE International Group egy k\u00f6lt\u00f6ztet\u00e9si \u00e9s k\u00f6lt\u00f6ztet\u00e9si specialista, sz\u00e9khelye a <a href=\"https:\/\/moverdb.com\/hu\/moving-to-singapore\/\" data-internallinksmanager029f6b8e52c=\"68\" title=\"Szingap\u00farba k\u00f6lt\u00f6zik? 2022 \u00c9letk\u00f6lts\u00e9gek \u00e9s k\u00f6lt\u00f6z\u00e9si tippek\">Szingap\u00far<\/a> \u00e9s jakartai irod\u00e1k, <a href=\"https:\/\/moverdb.com\/hu\/moving-to-indonesia\/\" data-internallinksmanager029f6b8e52c=\"375\" title=\"Indon\u00e9zi\u00e1ba k\u00f6lt\u00f6zik? 2023 Meg\u00e9lhet\u00e9si k\u00f6lts\u00e9gek \u00e9s k\u00f6lt\u00f6z\u00e9si tippek\">Indon\u00e9zia<\/a> ahol m\u00e1r t\u00f6bb mint k\u00e9t \u00e9vtizede m\u0171k\u00f6dnek. T\u00e1mogat\u00e1suk \u00e9rdek\u00e9ben vil\u00e1gszerte elismert k\u00f6lt\u00f6ztet\u0151 c\u00e9gekkel \u00e1llnak kapcsolatban. Tagjai az IAM-nek, 21 \u00e9ves szolg\u00e1lati id\u0151vel.<\/p>\n<p>Az ACE International Group egy k\u00f6lt\u00f6z\u00e9s el\u0151tti felm\u00e9r\u00e9st k\u00edn\u00e1l az \u00d6n ig\u00e9nyeinek meg\u00e9rt\u00e9s\u00e9hez \u00e9s a k\u00f6lt\u00f6z\u00e9s megtervez\u00e9s\u00e9hez. Megtervezik a teljes k\u00f6lt\u00f6z\u00e9st, bele\u00e9rtve a csomagol\u00e1st, a l\u00e1d\u00e1kat, a b\u00fatorok sz\u00e9tszerel\u00e9s\u00e9t \u00e9s \u00f6sszeszerel\u00e9s\u00e9t, valamint a kicsomagol\u00e1st. Megszervezik a holmij\u00e1nak k\u00f6z\u00fati, tengeri vagy l\u00e9gi sz\u00e1ll\u00edt\u00e1s\u00e1t, v\u00e1mkezel\u00e9ssel \u00e9s dokument\u00e1ci\u00f3s t\u00e1mogat\u00e1ssal.<\/p>\n<p>Weboldal: <a href=\"http:\/\/www.aceinternationalgroup.com\" target=\"_blank\" rel=\"noopener\">http:\/\/www.aceinternationalgroup.com<\/a><\/p>\n<h2><span class=\"ez-toc-section\" id=\"2_Asian_Tiger_Group\"><\/span><strong>2. \u00c1zsiai Tigris Csoport<\/strong><span class=\"ez-toc-section-end\"><\/span><\/h2>\n<p><img loading=\"lazy\" decoding=\"async\" class=\"alignnone size-full wp-image-7416\" src=\"https:\/\/moverdb.com\/wp-content\/uploads\/Asian-Tigers-Group-international-moving-company-1.png\" alt=\"Asian Tigers Group nemzetk\u00f6zi k\u00f6lt\u00f6ztet\u0151 c\u00e9g\" width=\"1440\" height=\"684\" data-wp-pid=\"7416\" srcset=\"https:\/\/moverdb.com\/wp-content\/uploads\/Asian-Tigers-Group-international-moving-company-1.png 1440w, https:\/\/moverdb.com\/wp-content\/uploads\/Asian-Tigers-Group-international-moving-company-1-300x143.png 300w, https:\/\/moverdb.com\/wp-content\/uploads\/Asian-Tigers-Group-international-moving-company-1-1024x486.png 1024w, https:\/\/moverdb.com\/wp-content\/uploads\/Asian-Tigers-Group-international-moving-company-1-18x9.png 18w, https:\/\/moverdb.com\/wp-content\/uploads\/Asian-Tigers-Group-international-moving-company-1-600x285.png 600w\" sizes=\"auto, (max-width: 1440px) 100vw, 1440px\" \/><\/p>\n<ul>\n<li>Nemzeti l\u00e9p\u00e9sek<\/li>\n<li>Nemzetk\u00f6zi k\u00f6lt\u00f6z\u00e9sek<\/li>\n<li>Lakoss\u00e1gi k\u00f6lt\u00f6z\u00e9sek<\/li>\n<li>Irodai k\u00f6lt\u00f6z\u00e9sek<\/li>\n<li>Szak\u00e9rt\u0151i tan\u00e1csad\u00e1s egy elk\u00f6telezett k\u00f6lt\u00f6z\u00e9si tan\u00e1csad\u00f3t\u00f3l<\/li>\n<li>A k\u00f6lt\u00f6z\u00e9s koordin\u00e1l\u00e1sa<\/li>\n<li>Csomagol\u00e1si szolg\u00e1ltat\u00e1s<\/li>\n<li>Biztos\u00edt\u00e1s<\/li>\n<li><a href=\"https:\/\/moverdb.com\/hu\/car-transport-shipping\/\" data-internallinksmanager029f6b8e52c=\"2\" title=\"2026 Nemzetk\u00f6zi aut\u00f3sz\u00e1ll\u00edt\u00e1s \u00e9s j\u00e1rm\u0171sz\u00e1ll\u00edt\u00e1s \u00e1raj\u00e1nlatok\">Aut\u00f3sz\u00e1ll\u00edt\u00e1s<\/a><\/li>\n<li>Rakt\u00e1roz\u00e1si lehet\u0151s\u00e9gek<\/li>\n<\/ul>\n<p>Az Asian Tiger Group egy nemzetk\u00f6zi k\u00f6lt\u00f6ztet\u00e9si szolg\u00e1ltat\u00f3, amely 14 fi\u00f3kkal rendelkezik \u00c1zsi\u00e1ban, k\u00f6zt\u00fck az indon\u00e9ziai Tangerangban, ahol 1985 \u00f3ta m\u0171k\u00f6dik. Az IAM tagja 40 \u00e9ves szolg\u00e1lati id\u0151vel, \u00e9s a FIDI \u00e1ltal akkredit\u00e1ltak. Partnerh\u00e1l\u00f3zattal rendelkeznek, hogy seg\u00edtsenek a k\u00f6lt\u00f6z\u00e9s minden aspektus\u00e1nak kezel\u00e9s\u00e9ben vil\u00e1gszerte.<\/p>\n<p>Az Asian Tiger Group egy dedik\u00e1lt k\u00f6lt\u00f6z\u00e9si tan\u00e1csad\u00f3t biztos\u00edt, aki tan\u00e1csot ad \u00d6nnek \u00e9s koordin\u00e1lja a k\u00f6lt\u00f6z\u00e9st. Csomagol\u00e1si szolg\u00e1ltat\u00e1st ny\u00fajtanak a legmodernebb \u00fajrahasznos\u00edthat\u00f3 anyagok \u00e9s szakk\u00e9pzett csomagol\u00f3k felhaszn\u00e1l\u00e1s\u00e1val. Sz\u00e1mos tov\u00e1bbi szolg\u00e1ltat\u00e1st ny\u00fajtanak, t\u00f6bbek k\u00f6z\u00f6tt portaszolg\u00e1latot, otthoni takar\u00edt\u00e1si szolg\u00e1ltat\u00e1st, ezermester-szolg\u00e1ltat\u00e1st, aut\u00f3sz\u00e1ll\u00edt\u00e1st \u00e9s t\u00e1rol\u00e1si lehet\u0151s\u00e9geket.<\/p>\n<p>Weboldal: <a href=\"https:\/\/www.asiantigersgroup.com\" target=\"_blank\" rel=\"noopener\">https:\/\/www.asiantigersgroup.com<\/a><\/p>\n<h2><span class=\"ez-toc-section\" id=\"3_Nusantara_Logistics\"><\/span><strong>3. Nusantara Logisztika<\/strong><span class=\"ez-toc-section-end\"><\/span><\/h2>\n<p><img loading=\"lazy\" decoding=\"async\" class=\"alignnone size-full wp-image-7474\" src=\"https:\/\/moverdb.com\/wp-content\/uploads\/Nusantara-Logistics-international-moving-company.png\" alt=\"Nusantara Logistics nemzetk\u00f6zi k\u00f6lt\u00f6ztet\u0151 c\u00e9g\" width=\"1440\" height=\"683\" data-wp-pid=\"7474\" srcset=\"https:\/\/moverdb.com\/wp-content\/uploads\/Nusantara-Logistics-international-moving-company.png 1440w, https:\/\/moverdb.com\/wp-content\/uploads\/Nusantara-Logistics-international-moving-company-300x142.png 300w, https:\/\/moverdb.com\/wp-content\/uploads\/Nusantara-Logistics-international-moving-company-1024x486.png 1024w, https:\/\/moverdb.com\/wp-content\/uploads\/Nusantara-Logistics-international-moving-company-18x9.png 18w, https:\/\/moverdb.com\/wp-content\/uploads\/Nusantara-Logistics-international-moving-company-600x285.png 600w\" sizes=\"auto, (max-width: 1440px) 100vw, 1440px\" \/><\/p>\n<ul>\n<li>Nemzeti l\u00e9p\u00e9sek<\/li>\n<li>Nemzetk\u00f6zi k\u00f6lt\u00f6z\u00e9sek<\/li>\n<li>H\u00e1ztart\u00e1si k\u00f6lt\u00f6z\u00e9sek<\/li>\n<li>Kis \u00e9s nagy k\u00f6lt\u00f6z\u00e9sek<\/li>\n<li>Csomagol\u00e1si szolg\u00e1ltat\u00e1sok<\/li>\n<li>H\u00e1ztart\u00e1si cikkek \u00e1tad\u00e1sa<\/li>\n<li>A sz\u00e1ll\u00edt\u00e1s kezel\u00e9se<\/li>\n<li>K\u00f6z\u00fati, tengeri \u00e9s l\u00e9gi sz\u00e1ll\u00edtm\u00e1nyoz\u00e1s<\/li>\n<li>Az IAM tagja<\/li>\n<li>Rakt\u00e1roz\u00e1si lehet\u0151s\u00e9gek<\/li>\n<\/ul>\n<p>A Nusantara Logistics egy 2018-ban alap\u00edtott csomagol\u00e1si \u00e9s k\u00f6lt\u00f6ztet\u00e9si szolg\u00e1ltat\u00f3, amely eredetileg az 1985-ben alap\u00edtott PT Citra Air r\u00e9sze volt. Sz\u00e9khely\u00fck az indon\u00e9ziai Tangerangban tal\u00e1lhat\u00f3. Az IAM tagjak\u00e9nt \u00f6t\u00e9ves szolg\u00e1lati id\u0151vel rendelkeznek.<\/p>\n<p>A Nusantara Logistics k\u00f6lt\u00f6ztet\u00e9si szolg\u00e1ltat\u00e1sokat k\u00edn\u00e1l Indon\u00e9zi\u00e1ban a h\u00e1ztart\u00e1sok sz\u00e1m\u00e1ra, ak\u00e1r kis, ak\u00e1r nagy k\u00f6lt\u00f6z\u00e9sekr\u0151l van sz\u00f3. Csomagol\u00e1si \u00e9s k\u00f6lt\u00f6ztet\u00e9si szolg\u00e1ltat\u00e1sokat ny\u00fajtanak, valamint a h\u00e1ztart\u00e1si \u00e1ruk \u00e1tad\u00e1s\u00e1nak lebonyol\u00edt\u00e1s\u00e1t. Tengeri \u00e9s l\u00e9gi \u00e1rusz\u00e1ll\u00edt\u00e1st biztos\u00edtanak m\u00e1s orsz\u00e1gokba. Rakt\u00e1roz\u00e1si lehet\u0151s\u00e9geket \u00e9s eloszt\u00e1si szolg\u00e1ltat\u00e1sokat is ny\u00fajtanak.<\/p>\n<p>Weboldal: <a href=\"http:\/\/www.nusantara-logistik.com\" target=\"_blank\" rel=\"noopener\">http:\/\/www.nusantara-logistik.com<\/a><\/p>\n<h2><span class=\"ez-toc-section\" id=\"4_Crown_Line\"><\/span><strong>4. Korona vonal<\/strong><span class=\"ez-toc-section-end\"><\/span><\/h2>\n<p><img loading=\"lazy\" decoding=\"async\" class=\"alignnone size-full wp-image-7430\" src=\"https:\/\/moverdb.com\/wp-content\/uploads\/Crown-Line-international-moving-company.png\" alt=\"Crown Line nemzetk\u00f6zi k\u00f6lt\u00f6ztet\u0151 c\u00e9g\" width=\"1440\" height=\"681\" data-wp-pid=\"7430\" srcset=\"https:\/\/moverdb.com\/wp-content\/uploads\/Crown-Line-international-moving-company.png 1440w, https:\/\/moverdb.com\/wp-content\/uploads\/Crown-Line-international-moving-company-300x142.png 300w, https:\/\/moverdb.com\/wp-content\/uploads\/Crown-Line-international-moving-company-1024x484.png 1024w, https:\/\/moverdb.com\/wp-content\/uploads\/Crown-Line-international-moving-company-18x9.png 18w, https:\/\/moverdb.com\/wp-content\/uploads\/Crown-Line-international-moving-company-600x284.png 600w\" sizes=\"auto, (max-width: 1440px) 100vw, 1440px\" \/><\/p>\n<ul>\n<li>Nemzeti l\u00e9p\u00e9s<\/li>\n<li>Nemzetk\u00f6zi k\u00f6lt\u00f6z\u00e9sek<\/li>\n<li>Lakoss\u00e1gi k\u00f6lt\u00f6z\u00e9sek<\/li>\n<li>V\u00e1llalati k\u00f6lt\u00f6z\u00e9sek<\/li>\n<li>H\u00e1zt\u00f3l-h\u00e1zig szolg\u00e1ltat\u00e1s<\/li>\n<li>Csomagol\u00e1si szolg\u00e1ltat\u00e1s<\/li>\n<li>Ing\u00f3s\u00e1gok lelt\u00e1roz\u00e1sa<\/li>\n<li>Keres\u00e9s otthon<\/li>\n<li>Biztos\u00edt\u00e1s<\/li>\n<li>Rakt\u00e1roz\u00e1s<\/li>\n<\/ul>\n<p>A Crown Line egy nemzetk\u00f6zi k\u00f6lt\u00f6ztet\u0151 \u00e9s k\u00f6lt\u00f6ztet\u0151 c\u00e9g, amelyet 1978-ban alap\u00edtottak a <a href=\"https:\/\/moverdb.com\/hu\/moving-to-japan\/\" data-internallinksmanager029f6b8e52c=\"342\" title=\"Jap\u00e1nba k\u00f6lt\u00f6zik? 2023 Lakhat\u00e1si k\u00f6lts\u00e9gek \u00e9s k\u00f6lt\u00f6z\u00e9si tippek\">Jap\u00e1n<\/a>. K\u00e9t irod\u00e1juk van Indon\u00e9zi\u00e1ban, Jakart\u00e1ban \u00e9s Surabay\u00e1ban.  Speci\u00e1lis sz\u00e1ll\u00edt\u00e1st, sz\u00e1ll\u00edtm\u00e1nyoz\u00e1st \u00e9s rakt\u00e1roz\u00e1st is k\u00edn\u00e1lnak. Az IAM tagja 18 \u00e9ves szolg\u00e1lati id\u0151vel.<\/p>\n<p>A Crown Line h\u00e1zr\u00f3l h\u00e1zra t\u00f6rt\u00e9n\u0151 k\u00f6lt\u00f6ztet\u00e9si szolg\u00e1ltat\u00e1sokat ny\u00fajt \u00c1zsia-szerte \u00e9s a vil\u00e1g minden t\u00e1j\u00e1n. Csomagol\u00e1si szolg\u00e1ltat\u00e1st ny\u00fajtanak, amely megv\u00e9di a holmij\u00e1t a sz\u00e1ll\u00edt\u00e1s sor\u00e1n, \u00e9s nyilv\u00e1ntart\u00e1st k\u00e9sz\u00edtenek az \u00e1ltaluk becsomagolt \u00e9s berakodott \u00f6sszes holmir\u00f3l, valamint azok \u00e1llapot\u00e1r\u00f3l. Az \u00faj otthon megtal\u00e1l\u00e1s\u00e1ban is tudnak seg\u00edteni.<\/p>\n<p>Weboldal: <a href=\"http:\/\/www.crownline.co.id\" target=\"_blank\" rel=\"noopener\">http:\/\/www.crownline.co.id<\/a><\/p>\n<h2><span class=\"ez-toc-section\" id=\"5_Trinity_Global\"><\/span><strong>5. Trinity Global<\/strong><span class=\"ez-toc-section-end\"><\/span><\/h2>\n<p><img loading=\"lazy\" decoding=\"async\" class=\"alignnone size-full wp-image-7523\" src=\"https:\/\/moverdb.com\/wp-content\/uploads\/Trinity-Global-international-moving-company.png\" alt=\"Trinity Global nemzetk\u00f6zi k\u00f6lt\u00f6ztet\u0151 c\u00e9g\" width=\"1440\" height=\"680\" data-wp-pid=\"7523\" srcset=\"https:\/\/moverdb.com\/wp-content\/uploads\/Trinity-Global-international-moving-company.png 1440w, https:\/\/moverdb.com\/wp-content\/uploads\/Trinity-Global-international-moving-company-300x142.png 300w, https:\/\/moverdb.com\/wp-content\/uploads\/Trinity-Global-international-moving-company-1024x484.png 1024w, https:\/\/moverdb.com\/wp-content\/uploads\/Trinity-Global-international-moving-company-18x9.png 18w, https:\/\/moverdb.com\/wp-content\/uploads\/Trinity-Global-international-moving-company-600x283.png 600w\" sizes=\"auto, (max-width: 1440px) 100vw, 1440px\" \/><\/p>\n<ul>\n<li>Nemzeti l\u00e9p\u00e9sek<\/li>\n<li>Nemzetk\u00f6zi k\u00f6lt\u00f6z\u00e9sek<\/li>\n<li>H\u00e1ztart\u00e1si k\u00f6lt\u00f6z\u00e9sek<\/li>\n<li>Irodai k\u00f6lt\u00f6z\u00e9sek<\/li>\n<li>Szem\u00e9lyre szabott szolg\u00e1ltat\u00e1s<\/li>\n<li>A k\u00f6lt\u00f6z\u00e9sek megtervez\u00e9se \u00e9s v\u00e9grehajt\u00e1sa<\/li>\n<li>J\u00e1rm\u0171sz\u00e1ll\u00edt\u00e1s<\/li>\n<li>H\u00e1zi\u00e1llat \u00e1thelyez\u00e9sek<\/li>\n<li>K\u00e9pz\u0151m\u0171v\u00e9szeti alkot\u00e1sok sz\u00e1ll\u00edt\u00e1sa<\/li>\n<li>R\u00f6vid \u00e9s hossz\u00fa t\u00e1v\u00fa t\u00e1rol\u00e1s<\/li>\n<\/ul>\n<p>A Trinity Global egy olyan k\u00f6lt\u00f6ztet\u0151 c\u00e9g, amely h\u00e1ztart\u00e1si k\u00f6lt\u00f6ztet\u00e9st, glob\u00e1lis mobilit\u00e1st \u00e9s irodai k\u00f6lt\u00f6ztet\u00e9st biztos\u00edt. A jakartai sz\u00e9khely\u0171 irod\u00e1jukb\u00f3l v\u00e9gpontt\u00f3l v\u00e9gpontig tart\u00f3 megold\u00e1sokat ny\u00fajtanak az \u00fcgyfelek sz\u00e1m\u00e1ra. Az IAM tagja 18 \u00e9ves szolg\u00e1lati id\u0151vel.<\/p>\n<p>A Trinity Global szem\u00e9lyre szabott szolg\u00e1ltat\u00e1st ny\u00fajt a v\u00e1roson bel\u00fcli, az orsz\u00e1gon bel\u00fcli \u00e9s a nemzetk\u00f6zi k\u00f6lt\u00f6z\u00e9sekhez. Tervez\u00e9si \u00e9s v\u00e9grehajt\u00e1si szolg\u00e1ltat\u00e1st ny\u00fajtanak tapasztalt szakemberek \u00e1ltal, akik tan\u00e1csot adnak \u00e9s biztos\u00edtj\u00e1k, hogy a k\u00f6lt\u00f6z\u00e9s z\u00f6kken\u0151mentesen menjen. Tov\u00e1bbi szolg\u00e1ltat\u00e1sokat ny\u00fajtanak, bele\u00e9rtve a k\u00f6lt\u00f6z\u00e9si biztos\u00edt\u00e1st, a k\u00e9pz\u0151m\u0171v\u00e9szeti alkot\u00e1sok sz\u00e1ll\u00edt\u00e1s\u00e1t, a kis\u00e1llat-\u00e1thelyez\u00e9seket, a j\u00e1rm\u0171sz\u00e1ll\u00edt\u00e1st \u00e9s a h\u00e1zmesteri szolg\u00e1ltat\u00e1sokat, mint p\u00e9ld\u00e1ul az ezermester-szolg\u00e1ltat\u00e1sokat.<\/p>\n<p>Weboldal: <a href=\"http:\/\/www.tglm.id\" target=\"_blank\" rel=\"noopener\">http:\/\/www.tglm.id<\/a><\/p>\n<h2><span class=\"ez-toc-section\" id=\"6_Brama_Logistics\"><\/span><strong>6. Brama Logisztika<\/strong><span class=\"ez-toc-section-end\"><\/span><\/h2>\n<p><img loading=\"lazy\" decoding=\"async\" class=\"alignnone size-full wp-image-7420\" src=\"https:\/\/moverdb.com\/wp-content\/uploads\/Brama-Logistics-international-moving-company.png\" alt=\"Brama Logistics nemzetk\u00f6zi k\u00f6lt\u00f6ztet\u0151 c\u00e9g\" width=\"1440\" height=\"679\" data-wp-pid=\"7420\" srcset=\"https:\/\/moverdb.com\/wp-content\/uploads\/Brama-Logistics-international-moving-company.png 1440w, https:\/\/moverdb.com\/wp-content\/uploads\/Brama-Logistics-international-moving-company-300x141.png 300w, https:\/\/moverdb.com\/wp-content\/uploads\/Brama-Logistics-international-moving-company-1024x483.png 1024w, https:\/\/moverdb.com\/wp-content\/uploads\/Brama-Logistics-international-moving-company-18x8.png 18w, https:\/\/moverdb.com\/wp-content\/uploads\/Brama-Logistics-international-moving-company-600x283.png 600w\" sizes=\"auto, (max-width: 1440px) 100vw, 1440px\" \/><\/p>\n<ul>\n<li>Nemzeti l\u00e9p\u00e9sek<\/li>\n<li>Nemzetk\u00f6zi k\u00f6lt\u00f6z\u00e9sek<\/li>\n<li>H\u00e1ztart\u00e1si k\u00f6lt\u00f6z\u00e9sek<\/li>\n<li>Irod\u00e1k \u00e9s gy\u00e1rak \u00e1thelyez\u00e9se<\/li>\n<li>Csomagol\u00e1si szolg\u00e1ltat\u00e1s<\/li>\n<li>A k\u00f6lt\u00f6z\u00e9s megtervez\u00e9se<\/li>\n<li>L\u00e9gi \u00e9s tengeri sz\u00e1ll\u00edt\u00e1s<\/li>\n<li>Teljes kont\u00e9ner vagy kevesebb, mint a kont\u00e9ner rakom\u00e1nya<\/li>\n<li>V\u00e1m\u00fcgyn\u00f6ki tev\u00e9kenys\u00e9g<\/li>\n<li>Rakt\u00e1roz\u00e1si lehet\u0151s\u00e9gek<\/li>\n<\/ul>\n<p>A Brama Logistics egy nemzetk\u00f6zi sz\u00e1ll\u00edtm\u00e1nyoz\u00e1si \u00e9s k\u00f6lt\u00f6ztet\u0151 c\u00e9g, amelynek sz\u00e9khelye Tangerangban tal\u00e1lhat\u00f3. Nemzetk\u00f6zi k\u00f6lt\u00f6ztet\u0151kkel \u00e9s k\u00f6lt\u00f6ztet\u0151 c\u00e9gekkel dolgoznak egy\u00fctt szolg\u00e1ltat\u00e1saik ny\u00fajt\u00e1sa \u00e9rdek\u00e9ben. Tagjai az IAM-nek, \u00e9s hozz\u00e1f\u00e9rnek a nemzetk\u00f6zi \u00fcgyn\u00f6kh\u00e1l\u00f3zatukhoz.<\/p>\n<p>A Brama Logistics felm\u00e9ri az \u00d6n ig\u00e9nyeit, \u00e9s meghat\u00e1rozza a legmegfelel\u0151bb sz\u00e1ll\u00edt\u00e1si m\u00f3dot a k\u00f6lt\u00f6z\u00e9shez, legyen az k\u00f6z\u00fati, l\u00e9gi vagy tengeri sz\u00e1ll\u00edt\u00e1s, figyelembe v\u00e9ve az \u00d6n id\u0151beoszt\u00e1s\u00e1t \u00e9s k\u00f6lts\u00e9geit. Teljes kont\u00e9neres \u00e9s kont\u00e9nern\u00e9l kisebb rakom\u00e1ny\u00fa lehet\u0151s\u00e9geket k\u00edn\u00e1lnak tengeri sz\u00e1ll\u00edt\u00e1s eset\u00e9n. Gondoskodnak a k\u00f6lt\u00f6z\u00e9shez sz\u00fcks\u00e9ges export- \u00e9s importdokument\u00e1ci\u00f3r\u00f3l, hogy a sz\u00e1ll\u00edtm\u00e1ny megfeleljen a v\u00e1mszab\u00e1lyoknak.<\/p>\n<p>Weboldal: <a href=\"http:\/\/www.brama-logistics.com\" target=\"_blank\" rel=\"noopener\">http:\/\/www.brama-logistics.com<\/a><\/p>\n<h2><span class=\"ez-toc-section\" id=\"7_JVK\"><\/span><strong>7. JVK<\/strong><span class=\"ez-toc-section-end\"><\/span><\/h2>\n<p><img loading=\"lazy\" decoding=\"async\" class=\"alignnone size-full wp-image-7460\" src=\"https:\/\/moverdb.com\/wp-content\/uploads\/JVK-Indonesia-international-moving-company.png\" alt=\"JVK Indon\u00e9zia nemzetk\u00f6zi k\u00f6lt\u00f6ztet\u0151 c\u00e9g\" width=\"1440\" height=\"683\" data-wp-pid=\"7460\" srcset=\"https:\/\/moverdb.com\/wp-content\/uploads\/JVK-Indonesia-international-moving-company.png 1440w, https:\/\/moverdb.com\/wp-content\/uploads\/JVK-Indonesia-international-moving-company-300x142.png 300w, https:\/\/moverdb.com\/wp-content\/uploads\/JVK-Indonesia-international-moving-company-1024x486.png 1024w, https:\/\/moverdb.com\/wp-content\/uploads\/JVK-Indonesia-international-moving-company-18x9.png 18w, https:\/\/moverdb.com\/wp-content\/uploads\/JVK-Indonesia-international-moving-company-600x285.png 600w\" sizes=\"auto, (max-width: 1440px) 100vw, 1440px\" \/><\/p>\n<ul>\n<li>Nemzeti l\u00e9p\u00e9sek<\/li>\n<li>Nemzetk\u00f6zi k\u00f6lt\u00f6z\u00e9sek<\/li>\n<li>Lakoss\u00e1gi k\u00f6lt\u00f6z\u00e9sek<\/li>\n<li>Irodai k\u00f6lt\u00f6z\u00e9sek<\/li>\n<li>\u00c1thelyez\u00e9si szolg\u00e1ltat\u00e1s<\/li>\n<li>Csomagol\u00e1si szolg\u00e1ltat\u00e1s<\/li>\n<li>Kiv\u00e1l\u00f3 min\u0151s\u00e9g\u0171 csomagol\u00e1s<\/li>\n<li>K\u00f6z\u00fati, l\u00e9gi \u00e9s tengeri fuvaroz\u00e1s<\/li>\n<li>V\u00e1mt\u00e1mogat\u00e1s<\/li>\n<li>Rakt\u00e1roz\u00e1si lehet\u0151s\u00e9gek r\u00f6vid \u00e9s hossz\u00fa t\u00e1v\u00fa t\u00e1rol\u00e1sra<\/li>\n<\/ul>\n<p>A JVK egy k\u00f6lt\u00f6ztet\u0151 \u00e9s k\u00f6lt\u00f6ztet\u0151 c\u00e9g, amely nemzetk\u00f6zi irodah\u00e1l\u00f3zattal rendelkezik \u00c1zsi\u00e1ban, Afrik\u00e1ban \u00e9s a csendes-\u00f3ce\u00e1ni t\u00e9rs\u00e9gben. A v\u00e1llalatot a <a href=\"https:\/\/moverdb.com\/hu\/moving-to-thailand\/\" data-internallinksmanager029f6b8e52c=\"318\" title=\"Thaif\u00f6ldre k\u00f6lt\u00f6zik? 2023 \u00c9letk\u00f6lts\u00e9gek \u00e9s k\u00f6lt\u00f6z\u00e9si tippek\">Thaif\u00f6ld<\/a> 1979-ben, \u00e9s k\u00e9t irod\u00e1juk van Indon\u00e9zi\u00e1ban, Jakart\u00e1ban \u00e9s Balin. Tagjai az IAM-nek.<\/p>\n<p>A JVK k\u00f6lt\u00f6z\u00e9s el\u0151tti felm\u00e9r\u00e9st v\u00e9gez, \u00e9s az \u00d6n ig\u00e9nyeinek figyelembev\u00e9tel\u00e9vel k\u00f6lt\u00f6z\u00e9si javaslatot k\u00e9sz\u00edt az \u00d6n k\u00f6lt\u00f6z\u00e9s\u00e9re. H\u00e1zt\u00f3l h\u00e1zig tart\u00f3 k\u00f6lt\u00f6ztet\u00e9si szolg\u00e1ltat\u00e1st ny\u00fajtanak, ahol kiv\u00e1l\u00f3 min\u0151s\u00e9g\u0171 anyagok \u00e9s speci\u00e1lis l\u00e1d\u00e1k felhaszn\u00e1l\u00e1s\u00e1val csomagolj\u00e1k be az \u00d6n holmij\u00e1t. Megtervezik a k\u00f6lt\u00f6z\u00e9st a legjobb sz\u00e1ll\u00edt\u00e1si m\u00f3dot haszn\u00e1lva, legyen az k\u00f6z\u00fati, l\u00e9gi vagy tengeri sz\u00e1ll\u00edt\u00e1s, \u00e9s v\u00e1m\u00fcgyi t\u00e1mogat\u00e1st ny\u00fajtanak.<\/p>\n<p>Weboldal: <a href=\"http:\/\/www.jvkasia.com\" target=\"_blank\" rel=\"noopener\">http:\/\/www.jvkasia.com<\/a><\/p>\n<h2><span class=\"ez-toc-section\" id=\"8_Starmovers\"><\/span><strong>8. Starmovers<\/strong><span class=\"ez-toc-section-end\"><\/span><\/h2>\n<p><img loading=\"lazy\" decoding=\"async\" class=\"alignnone size-full wp-image-7490\" src=\"https:\/\/moverdb.com\/wp-content\/uploads\/Starmovers-international-moving-company.png\" alt=\"Starmovers nemzetk\u00f6zi k\u00f6lt\u00f6ztet\u0151 c\u00e9g\" width=\"1440\" height=\"682\" data-wp-pid=\"7490\" srcset=\"https:\/\/moverdb.com\/wp-content\/uploads\/Starmovers-international-moving-company.png 1440w, https:\/\/moverdb.com\/wp-content\/uploads\/Starmovers-international-moving-company-300x142.png 300w, https:\/\/moverdb.com\/wp-content\/uploads\/Starmovers-international-moving-company-1024x485.png 1024w, https:\/\/moverdb.com\/wp-content\/uploads\/Starmovers-international-moving-company-18x9.png 18w, https:\/\/moverdb.com\/wp-content\/uploads\/Starmovers-international-moving-company-600x284.png 600w\" sizes=\"auto, (max-width: 1440px) 100vw, 1440px\" \/><\/p>\n<ul>\n<li>Nemzeti l\u00e9p\u00e9sek<\/li>\n<li>Nemzetk\u00f6zi k\u00f6lt\u00f6z\u00e9sek<\/li>\n<li>Lakoss\u00e1gi k\u00f6lt\u00f6z\u00e9sek<\/li>\n<li>H\u00e1zt\u00f3l-h\u00e1zig szolg\u00e1ltat\u00e1s<\/li>\n<li>Rugalmas, az \u00d6n ig\u00e9nyeihez igazod\u00f3 szolg\u00e1ltat\u00e1s<\/li>\n<li>K\u00f6z\u00fati, tengeri \u00e9s l\u00e9gi sz\u00e1ll\u00edt\u00e1s<\/li>\n<li>\u00c9rz\u00e9keny \u00e9s nagy \u00e9rt\u00e9k\u0171 t\u00e1rgyak kezel\u00e9se<\/li>\n<li>Nemzetk\u00f6zi partnerek h\u00e1l\u00f3zata<\/li>\n<li>Minden kock\u00e1zatra kiterjed\u0151 biztos\u00edt\u00e1s<\/li>\n<li>Rakt\u00e1roz\u00e1si lehet\u0151s\u00e9gek<\/li>\n<\/ul>\n<p>A Starmovers egy glob\u00e1lis k\u00f6lt\u00f6ztet\u00e9si szolg\u00e1ltat\u00f3, amely 2002-ben alakult Balin. Partnerekkel egy\u00fcttm\u0171k\u00f6dve ny\u00fajtanak szolg\u00e1ltat\u00e1sokat a helysz\u00ednen k\u00edv\u00fcl is. Tagjai az IAM-nek, 21 \u00e9ves szolg\u00e1lati id\u0151vel.<\/p>\n<p>A Starmovers egy k\u00f6lt\u00f6z\u00e9s el\u0151tti konzult\u00e1ci\u00f3t k\u00edn\u00e1l, ahol felm\u00e9rik az \u00d6n ig\u00e9nyeit, elmagyar\u00e1zz\u00e1k a folyamatot, \u00e9s kiv\u00e1lasztj\u00e1k az \u00d6n ig\u00e9nyeinek megfelel\u0151 sz\u00e1ll\u00edt\u00e1si m\u00f3dokat, legyen sz\u00f3 ak\u00e1r k\u00f6z\u00fati, tengeri vagy l\u00e9gi sz\u00e1ll\u00edt\u00e1sr\u00f3l. \u00d6nt egy k\u00f6lt\u00f6z\u00e9si tan\u00e1csad\u00f3 fogja t\u00e1mogatni, aki fel\u00fcgyeli a csomagol\u00e1si folyamatot, \u00e9s biztos\u00edtja, hogy a t\u00e1rgyak biztons\u00e1gosan legyenek becsomagolva \u00e9s felc\u00edmk\u00e9zve, lelt\u00e1r k\u00e9sz\u00fclj\u00f6n, \u00e9s a tan\u00fas\u00edtv\u00e1ny elk\u00e9sz\u00fclj\u00f6n.<\/p>\n<p>Weboldal: <a href=\"http:\/\/www.starmoversbali.com\" target=\"_blank\" rel=\"noopener\">http:\/\/www.starmoversbali.com<\/a><\/p>\n<h2><span class=\"ez-toc-section\" id=\"9_PT_Retrans_International\"><\/span><strong>9. PT Retrans International<\/strong><span class=\"ez-toc-section-end\"><\/span><\/h2>\n<p><img loading=\"lazy\" decoding=\"async\" class=\"alignnone size-full wp-image-7479\" src=\"https:\/\/moverdb.com\/wp-content\/uploads\/PT-Retrans-International-moving-company.png\" alt=\"PT Retrans International k\u00f6lt\u00f6ztet\u0151 c\u00e9g\" width=\"1440\" height=\"681\" data-wp-pid=\"7479\" srcset=\"https:\/\/moverdb.com\/wp-content\/uploads\/PT-Retrans-International-moving-company.png 1440w, https:\/\/moverdb.com\/wp-content\/uploads\/PT-Retrans-International-moving-company-300x142.png 300w, https:\/\/moverdb.com\/wp-content\/uploads\/PT-Retrans-International-moving-company-1024x484.png 1024w, https:\/\/moverdb.com\/wp-content\/uploads\/PT-Retrans-International-moving-company-18x9.png 18w, https:\/\/moverdb.com\/wp-content\/uploads\/PT-Retrans-International-moving-company-600x284.png 600w\" sizes=\"auto, (max-width: 1440px) 100vw, 1440px\" \/><\/p>\n<ul>\n<li>Nemzeti l\u00e9p\u00e9sek<\/li>\n<li>Nemzetk\u00f6zi k\u00f6lt\u00f6z\u00e9sek<\/li>\n<li>H\u00e1ztart\u00e1si k\u00f6lt\u00f6z\u00e9sek<\/li>\n<li>Irodai k\u00f6lt\u00f6z\u00e9sek<\/li>\n<li>Ki\u00e1ll\u00edt\u00e1si esem\u00e9nyek<\/li>\n<li>Csomagol\u00e1si szolg\u00e1ltat\u00e1s<\/li>\n<li>Speci\u00e1lis csomagol\u00f3anyagok<\/li>\n<li>A sz\u00e1ll\u00edt\u00e1s megszervez\u00e9se<\/li>\n<li>R\u00e9gis\u00e9gek \u00e9s m\u0171t\u00e1rgyak sz\u00e1ll\u00edt\u00e1sa<\/li>\n<li>Biztons\u00e1gos r\u00f6vid \u00e9s hossz\u00fa t\u00e1v\u00fa t\u00e1rol\u00e1s<\/li>\n<\/ul>\n<p>A PT Retrans International egy csomagol\u00f3, k\u00f6lt\u00f6ztet\u0151, eloszt\u00f3 \u00e9s t\u00e1rol\u00f3 c\u00e9g, amely 1997-ben alakult Jakart\u00e1ban. Csatlakoztak a nemzetk\u00f6zi mozg\u00f3\u00fcgyn\u00f6k\u00f6k h\u00e1l\u00f3zat\u00e1hoz, hogy hozz\u00e1f\u00e9rjenek h\u00e1l\u00f3zatukhoz \u00e9s t\u00e1mogat\u00e1sukhoz t\u00f6bb mint 150 orsz\u00e1gban, amely az IAM, aki 26 \u00e9ves szolg\u00e1ltat\u00e1ssal rendelkezik.<\/p>\n<p>A PT Retrans International orsz\u00e1gos \u00e9s nemzetk\u00f6zi k\u00f6lt\u00f6ztet\u00e9st k\u00edn\u00e1l h\u00e1ztart\u00e1sok \u00e9s irod\u00e1k sz\u00e1m\u00e1ra, valamint t\u00e1mogatja a ki\u00e1ll\u00edt\u00e1si rendezv\u00e9nyeket. Tapasztalt csomagol\u00f3kat \u00e9s kezel\u0151ket biztos\u00edtanak a k\u00f6lt\u00f6z\u00e9s lebonyol\u00edt\u00e1s\u00e1hoz, a szabv\u00e1nyoknak megfelel\u0151 csomagol\u00f3anyagok felhaszn\u00e1l\u00e1s\u00e1val. A t\u00f6r\u00e9keny t\u00e1rgyakat, p\u00e9ld\u00e1ul festm\u00e9nyeket, faragv\u00e1nyokat, szobrokat \u00e9s m\u0171t\u00e1rgyakat speci\u00e1lis csomagol\u00e1ssal v\u00e9dik.<\/p>\n<p>Weboldal: <a href=\"http:\/\/www.retransinternational.com\" target=\"_blank\" rel=\"noopener\">http:\/\/www.retransinternational.com<\/a><\/p>\n<h2><span class=\"ez-toc-section\" id=\"10_Vanpac_Group_Asia\"><\/span><strong>10. Vanpac Group \u00c1zsia<\/strong><span class=\"ez-toc-section-end\"><\/span><\/h2>\n<p><img loading=\"lazy\" decoding=\"async\" class=\"alignnone size-full wp-image-7496\" src=\"https:\/\/moverdb.com\/wp-content\/uploads\/Vanpac-Group-international-moving-company-1.png\" alt=\"Vanpac Group nemzetk\u00f6zi k\u00f6lt\u00f6ztet\u0151 c\u00e9g\" width=\"1440\" height=\"681\" data-wp-pid=\"7496\" srcset=\"https:\/\/moverdb.com\/wp-content\/uploads\/Vanpac-Group-international-moving-company-1.png 1440w, https:\/\/moverdb.com\/wp-content\/uploads\/Vanpac-Group-international-moving-company-1-300x142.png 300w, https:\/\/moverdb.com\/wp-content\/uploads\/Vanpac-Group-international-moving-company-1-1024x484.png 1024w, https:\/\/moverdb.com\/wp-content\/uploads\/Vanpac-Group-international-moving-company-1-18x9.png 18w, https:\/\/moverdb.com\/wp-content\/uploads\/Vanpac-Group-international-moving-company-1-600x284.png 600w\" sizes=\"auto, (max-width: 1440px) 100vw, 1440px\" \/><\/p>\n<ul>\n<li>Nemzeti l\u00e9p\u00e9sek<\/li>\n<li>Nemzetk\u00f6zi k\u00f6lt\u00f6z\u00e9sek<\/li>\n<li>Lakoss\u00e1gi k\u00f6lt\u00f6z\u00e9sek<\/li>\n<li>A v\u00e1llalat k\u00f6lt\u00f6zik<\/li>\n<li>Professzion\u00e1lis csomagol\u00e1si szolg\u00e1ltat\u00e1s<\/li>\n<li>T\u00e1mogat\u00e1s a sz\u00fcks\u00e9ges pap\u00edrmunk\u00e1val kapcsolatban<\/li>\n<li>J\u00e1rm\u0171sz\u00e1ll\u00edt\u00e1s<\/li>\n<li>H\u00e1zi\u00e1llat sz\u00e1ll\u00edt\u00e1s<\/li>\n<li>K\u00e9pz\u0151m\u0171v\u00e9szeti \u00e9s t\u00f6r\u00e9keny t\u00e1rgyak sz\u00e1ll\u00edt\u00e1sa<\/li>\n<li>A leteleped\u00e9s t\u00e1mogat\u00e1sa<\/li>\n<\/ul>\n<p>A Vanpac Group egy nemzetk\u00f6zi k\u00f6lt\u00f6ztet\u0151 csoport, amely 15 irod\u00e1val rendelkezik a T\u00e1vol-Keleten, k\u00f6zt\u00fck egy indon\u00e9ziai jakartai irod\u00e1val. Vil\u00e1gszerte 1800 partnerb\u0151l \u00e1ll\u00f3 h\u00e1l\u00f3zattal rendelkeznek, amelyek b\u00e1rhol t\u00e1mogatj\u00e1k \u0151ket a k\u00f6lt\u00f6z\u00e9sekben, \u00e9s az IAM tagjai.<\/p>\n<p>A Vanpac Group szem\u00e9lyre szabott k\u00f6lt\u00f6z\u00e9si \u00e9s \u00e1thelyez\u00e9si szolg\u00e1ltat\u00e1sokat k\u00edn\u00e1l mag\u00e1nszem\u00e9lyek \u00e9s csal\u00e1dok sz\u00e1m\u00e1ra, valamint t\u00f6bbletpoggy\u00e1sz-szolg\u00e1ltat\u00e1sokat. K\u00f6lt\u00f6ztet\u00e9si szolg\u00e1ltat\u00e1si tan\u00e1csad\u00f3kat biztos\u00edtanak a k\u00f6lt\u00f6z\u00e9s megtervez\u00e9s\u00e9hez, a csomagol\u00e1s \u00e9s a sz\u00fcks\u00e9ges pap\u00edrmunka koordin\u00e1l\u00e1s\u00e1hoz. K\u00f6lt\u00f6ztet\u00e9si szolg\u00e1ltat\u00e1saik k\u00f6z\u00e9 tartozik a h\u00e1z- \u00e9s iskolakeres\u00e9s, ezermesteri szolg\u00e1ltat\u00e1sok, b\u00fator- \u00e9s j\u00e1rm\u0171v\u00e1s\u00e1rl\u00e1s vagy -b\u00e9rl\u00e9s, k\u00f6z\u00fczemi szolg\u00e1ltat\u00e1sok \u00e9s banksz\u00e1ml\u00e1k rendez\u00e9se, valamint t\u00e1j\u00e9koz\u00f3d\u00e1si t\u00far\u00e1k.<\/p>\n<p>Weboldal: <a href=\"http:\/\/www.vanpacgroupasia.com\" target=\"_blank\" rel=\"noopener\">http:\/\/www.vanpacgroupasia.com<\/a><\/p>\n<h2><span class=\"ez-toc-section\" id=\"11_Kellys_Express\"><\/span><strong>11. Kellys Express<\/strong><span class=\"ez-toc-section-end\"><\/span><\/h2>\n<p><img loading=\"lazy\" decoding=\"async\" class=\"alignnone size-full wp-image-7461\" src=\"https:\/\/moverdb.com\/wp-content\/uploads\/Kellys-Express-international-moving-company.png\" alt=\"Kellys Express nemzetk\u00f6zi k\u00f6lt\u00f6ztet\u0151 c\u00e9g\" width=\"1440\" height=\"685\" data-wp-pid=\"7461\" srcset=\"https:\/\/moverdb.com\/wp-content\/uploads\/Kellys-Express-international-moving-company.png 1440w, https:\/\/moverdb.com\/wp-content\/uploads\/Kellys-Express-international-moving-company-300x143.png 300w, https:\/\/moverdb.com\/wp-content\/uploads\/Kellys-Express-international-moving-company-1024x487.png 1024w, https:\/\/moverdb.com\/wp-content\/uploads\/Kellys-Express-international-moving-company-18x9.png 18w, https:\/\/moverdb.com\/wp-content\/uploads\/Kellys-Express-international-moving-company-600x285.png 600w\" sizes=\"auto, (max-width: 1440px) 100vw, 1440px\" \/><\/p>\n<ul>\n<li>Helyi \u00e9s orsz\u00e1gos k\u00f6lt\u00f6z\u00e9sek<\/li>\n<li>Nemzetk\u00f6zi k\u00f6lt\u00f6z\u00e9sek<\/li>\n<li>Lakoss\u00e1gi k\u00f6lt\u00f6z\u00e9sek<\/li>\n<li>Irodai k\u00f6lt\u00f6z\u00e9sek<\/li>\n<li>K\u00f6lt\u00f6ztet\u00e9si szolg\u00e1ltat\u00e1sok<\/li>\n<li>H\u00e1zt\u00f3l-h\u00e1zig szolg\u00e1ltat\u00e1s<\/li>\n<li>Csomagol\u00e1si szolg\u00e1ltat\u00e1s<\/li>\n<li>Kiv\u00e1l\u00f3 min\u0151s\u00e9g\u0171 csomagol\u00f3anyag<\/li>\n<li>A sz\u00e1ll\u00edt\u00e1s megszervez\u00e9se<\/li>\n<li>Biztons\u00e1gos t\u00e1rol\u00e1si megold\u00e1sok<\/li>\n<\/ul>\n<p>A Kellys Express egy 2007-ben alap\u00edtott k\u00f6lt\u00f6ztet\u00e9si \u00e9s mobilit\u00e1si szolg\u00e1ltat\u00f3, amelynek sz\u00e9khelye Jakart\u00e1ban van, \u00e9s a tartom\u00e1nyokban is vannak fi\u00f3kjai. Neves partnereik vannak vil\u00e1gszerte, akik seg\u00edtenek nekik a k\u00f6lt\u00f6z\u00e9sekben. Az IAM tagja 16 \u00e9ves szolg\u00e1lati id\u0151vel, \u00e9s a FIDI \u00e1ltal akkredit\u00e1ltak.<\/p>\n<p>A Kellys Express egy k\u00f6lt\u00f6z\u00e9s el\u0151tti felm\u00e9r\u00e9st biztos\u00edt egy k\u00f6lt\u00f6z\u00e9si tan\u00e1csad\u00f3val, aki felm\u00e9ri az \u00d6n ig\u00e9nyeit \u00e9s elmagyar\u00e1zza a folyamatot. A k\u00f6lt\u00f6z\u00e9si tan\u00e1csad\u00f3 ezut\u00e1n megtervezi a k\u00f6lt\u00f6z\u00e9st h\u00e1zt\u00f3l-h\u00e1zig szolg\u00e1ltat\u00e1ssal. Olyan k\u00f6lt\u00f6z\u00e9si szolg\u00e1ltat\u00e1st k\u00edn\u00e1lnak, amely mag\u00e1ban foglalja az otthon- vagy iskolakeres\u00e9st, klubok \u00e9s k\u00f6z\u00f6ss\u00e9gek felkutat\u00e1s\u00e1t, valamint minden m\u00e1st, ami seg\u00edt a beilleszked\u00e9sben.<\/p>\n<p>Weboldal: <a href=\"http:\/\/www.kellys-express.com\" target=\"_blank\" rel=\"noopener\">http:\/\/www.kellys-express.com<\/a><\/p>\n<h2><span class=\"ez-toc-section\" id=\"12_Santa_Fe_Relocation\"><\/span><strong>12. Santa Fe \u00e1thelyez\u00e9se<\/strong><span class=\"ez-toc-section-end\"><\/span><\/h2>\n<p><img loading=\"lazy\" decoding=\"async\" class=\"alignnone size-full wp-image-7484\" src=\"https:\/\/moverdb.com\/wp-content\/uploads\/Santa-Fe-Indonesia-international-moving-company.png\" alt=\"Santa Fe Indon\u00e9zia nemzetk\u00f6zi k\u00f6lt\u00f6ztet\u0151 c\u00e9g\" width=\"1440\" height=\"680\" data-wp-pid=\"7484\" srcset=\"https:\/\/moverdb.com\/wp-content\/uploads\/Santa-Fe-Indonesia-international-moving-company.png 1440w, https:\/\/moverdb.com\/wp-content\/uploads\/Santa-Fe-Indonesia-international-moving-company-300x142.png 300w, https:\/\/moverdb.com\/wp-content\/uploads\/Santa-Fe-Indonesia-international-moving-company-1024x484.png 1024w, https:\/\/moverdb.com\/wp-content\/uploads\/Santa-Fe-Indonesia-international-moving-company-18x9.png 18w, https:\/\/moverdb.com\/wp-content\/uploads\/Santa-Fe-Indonesia-international-moving-company-600x283.png 600w\" sizes=\"auto, (max-width: 1440px) 100vw, 1440px\" \/><\/p>\n<ul>\n<li>Nemzeti l\u00e9p\u00e9sek<\/li>\n<li>Nemzetk\u00f6zi k\u00f6lt\u00f6z\u00e9sek<\/li>\n<li>Lakoss\u00e1gi k\u00f6lt\u00f6z\u00e9sek<\/li>\n<li>Irodai k\u00f6lt\u00f6z\u00e9sek<\/li>\n<li>K\u00f6lt\u00f6ztet\u00e9si szolg\u00e1ltat\u00e1sok<\/li>\n<li>Dedik\u00e1lt k\u00f6lt\u00f6z\u00e9si tan\u00e1csad\u00f3<\/li>\n<li>Csomagol\u00e1si szolg\u00e1ltat\u00e1s<\/li>\n<li>V\u00e1mkezel\u00e9s<\/li>\n<li>H\u00e1zi\u00e1llat \u00e1thelyez\u00e9s<\/li>\n<li>R\u00f6vid \u00e9s hossz\u00fa t\u00e1v\u00fa t\u00e1rol\u00e1s<\/li>\n<\/ul>\n<p>A Santa Fe Relocation egy nemzetk\u00f6zi k\u00f6lt\u00f6ztet\u0151 \u00e9s k\u00f6lt\u00f6ztet\u0151 c\u00e9g, amely vil\u00e1gszerte rendelkezik irod\u00e1kkal, t\u00f6bbek k\u00f6z\u00f6tt az indon\u00e9ziai Jakart\u00e1ban. Tagja az IAM-nek \u00e9s akkredit\u00e1lt a FIDI \u00e1ltal, ami hozz\u00e1f\u00e9r\u00e9st biztos\u00edt sz\u00e1mukra a k\u00f6lt\u00f6ztet\u0151k nemzetk\u00f6zi h\u00e1l\u00f3zat\u00e1hoz, ahol \u0151k nem rendelkeznek lefedetts\u00e9ggel.<\/p>\n<p>A Santa Fe Relocation olyan k\u00f6lt\u00f6z\u00e9si tan\u00e1csad\u00f3t biztos\u00edt, aki minden l\u00e9p\u00e9sn\u00e9l t\u00e1mogatja \u00d6nt. K\u00f6lt\u00f6ztet\u00e9si szolg\u00e1ltat\u00e1saik k\u00f6z\u00e9 tartozik a k\u00f6lt\u00f6z\u00e9s el\u0151tti tan\u00e1csad\u00e1s, a csomagol\u00e1si szolg\u00e1ltat\u00e1s, a k\u00f6z\u00fati, tengeri vagy l\u00e9gi sz\u00e1ll\u00edt\u00e1s v\u00e1mkezel\u00e9ssel, majd a sz\u00e1ll\u00edt\u00e1s \u00e9s a kicsomagol\u00e1s. K\u00f6lt\u00f6ztet\u00e9si szolg\u00e1ltat\u00e1sokat k\u00edn\u00e1lnak, amelyek magukban foglalj\u00e1k az indul\u00e1si szolg\u00e1ltat\u00e1sokat, az otthon- \u00e9s iskolakeres\u00e9st, a v\u00edzumokat, munkav\u00e1llal\u00e1si enged\u00e9lyeket \u00e9s egy\u00e9b dokumentumokat.<\/p>\n<p>Weboldal: <a href=\"https:\/\/www.santaferelo.com\/en\/contact\/our-offices\/indonesia-jakarta\/\" target=\"_blank\" rel=\"noopener\">https:\/\/www.santaferelo.com\/en\/contact\/our-offices\/indonesia-jakarta\/<\/a><\/p>\n<h2><span class=\"ez-toc-section\" id=\"Other_Useful_Guides_to_Indonesia\"><\/span>Egy\u00e9b hasznos \u00fatmutat\u00f3k Indon\u00e9zi\u00e1hoz<span class=\"ez-toc-section-end\"><\/span><\/h2>\n<ul>\n<li> <a href=\"https:\/\/moverdb.com\/hu\/kontenerszallitas\/indonezia\/\">2024 Tengeri tehersz\u00e1ll\u00edt\u00e1si kont\u00e9ner \u00e1rak Indon\u00e9zi\u00e1ba \u00e9s Indon\u00e9zi\u00e1b\u00f3l<\/a><\/li>\n<li> <a href=\"https:\/\/moverdb.com\/hu\/moving-to-indonesia\/\">Indon\u00e9zi\u00e1ba k\u00f6lt\u00f6zik? 2023 Meg\u00e9lhet\u00e9si k\u00f6lts\u00e9gek \u00e9s k\u00f6lt\u00f6z\u00e9si tippek<\/a><\/li>\n<li> <a href=\"https:\/\/moverdb.com\/hu\/moving-to-indonesia\/best-places-to-live-indonesia\/\">13 legjobb helyeken \u00e9lni Indon\u00e9zi\u00e1ban<\/a><\/li>\n<\/ul>","protected":false},"excerpt":{"rendered":"<p>Moving your home or business can be a stressful time with a lot of pressure and paperwork if you are moving abroad. This is why many people turn to moving companies to assist them with their move. Below we have compiled a list of Indonesian removal companies that are members of the International Association of [&hellip;]<\/p>\n","protected":false},"author":4,"featured_media":0,"parent":190,"menu_order":0,"comment_status":"closed","ping_status":"closed","template":"","meta":{"_genesis_hide_title":false,"_genesis_hide_breadcrumbs":false,"_genesis_hide_singular_image":false,"_genesis_hide_footer_widgets":false,"_genesis_custom_body_class":"","_genesis_custom_post_class":"","_genesis_layout":"","footnotes":""},"class_list":{"0":"post-7522","1":"page","2":"type-page","3":"status-publish","5":"entry","6":"has-post-thumbnail"},"_links":{"self":[{"href":"https:\/\/moverdb.com\/hu\/wp-json\/wp\/v2\/pages\/7522","targetHints":{"allow":["GET"]}}],"collection":[{"href":"https:\/\/moverdb.com\/hu\/wp-json\/wp\/v2\/pages"}],"about":[{"href":"https:\/\/moverdb.com\/hu\/wp-json\/wp\/v2\/types\/page"}],"author":[{"embeddable":true,"href":"https:\/\/moverdb.com\/hu\/wp-json\/wp\/v2\/users\/4"}],"replies":[{"embeddable":true,"href":"https:\/\/moverdb.com\/hu\/wp-json\/wp\/v2\/comments?post=7522"}],"version-history":[{"count":4,"href":"https:\/\/moverdb.com\/hu\/wp-json\/wp\/v2\/pages\/7522\/revisions"}],"predecessor-version":[{"id":17232,"href":"https:\/\/moverdb.com\/hu\/wp-json\/wp\/v2\/pages\/7522\/revisions\/17232"}],"up":[{"embeddable":true,"href":"https:\/\/moverdb.com\/hu\/wp-json\/wp\/v2\/pages\/190"}],"wp:attachment":[{"href":"https:\/\/moverdb.com\/hu\/wp-json\/wp\/v2\/media?parent=7522"}],"curies":[{"name":"wp","href":"https:\/\/api.w.org\/{rel}","templated":true}]}}