{"id":6040,"date":"2023-02-01T12:37:34","date_gmt":"2023-02-01T12:37:34","guid":{"rendered":"https:\/\/moverdb.com\/?page_id=6040"},"modified":"2026-01-08T15:24:14","modified_gmt":"2026-01-08T15:24:14","slug":"moving-companies-el-salvador","status":"publish","type":"page","link":"https:\/\/moverdb.com\/hu\/moving-companies\/moving-companies-el-salvador\/","title":{"rendered":"3 legjobb nemzetk\u00f6zi k\u00f6lt\u00f6ztet\u0151 c\u00e9gek El Salvadorban"},"content":{"rendered":"<p>El Salvadorban vagy El Salvadorba, illetve El Salvadorb\u00f3l vagy oda tervez k\u00f6lt\u00f6zni? Akkor \u00e9rdemes lehet ig\u00e9nybe vennie egy olyan c\u00e9g szolg\u00e1ltat\u00e1sait, amely <a href=\"https:\/\/moverdb.com\/hu\/moving-companies\/\" data-internallinksmanager029f6b8e52c=\"79\" title=\"Top 25 nemzetk\u00f6zi k\u00f6lt\u00f6ztet\u0151 c\u00e9gek online\">k\u00f6lt\u00f6ztet\u0151 c\u00e9g<\/a> hogy seg\u00edtsen \u00d6nnek, \u00e9s levegye a nyom\u00e1s egy r\u00e9sz\u00e9t. Az al\u00e1bbiakban \u00f6ssze\u00e1ll\u00edtottunk egy list\u00e1t El Salvadorr\u00f3l. <a href=\"https:\/\/moverdb.com\/hu\/international-removals\/\" data-internallinksmanager029f6b8e52c=\"27\" title=\"36 legjobb nemzetk\u00f6zi k\u00f6lt\u00f6ztet\u0151 c\u00e9gek az Egyes\u00fclt Kir\u00e1lys\u00e1gban\">k\u00f6lt\u00f6ztet\u0151 c\u00e9gek<\/a> amelyek tagjai a <a href=\"https:\/\/moverdb.com\/hu\/iam\/\" data-internallinksmanager029f6b8e52c=\"23\" title=\"A K\u00f6lt\u00f6ztet\u0151k Nemzetk\u00f6zi Sz\u00f6vets\u00e9ge (IAM) magyar\u00e1zata\">K\u00f6lt\u00f6ztet\u0151k Nemzetk\u00f6zi Sz\u00f6vets\u00e9ge<\/a> (IAM) \u00e9s\/vagy <a href=\"https:\/\/moverdb.com\/hu\/fidi-faim\/\" data-internallinksmanager029f6b8e52c=\"16\" title=\"FIDI &amp; FAIM (FIDI akkredit\u00e1lt nemzetk\u00f6zi fuvaroz\u00f3) magyar\u00e1zata\">FIDI<\/a> Akkredit\u00e1lt nemzetk\u00f6zi k\u00f6lt\u00f6ztet\u0151 (FAIM), aki seg\u00edthet \u00d6nnek a k\u00f6lt\u00f6z\u00e9sben.<\/p>\n<h2><strong>1. Comca International<\/strong><\/h2>\n<ul>\n<li>Nemzeti l\u00e9p\u00e9sek<\/li>\n<li>Nemzetk\u00f6zi k\u00f6lt\u00f6z\u00e9sek<\/li>\n<li>H\u00e1ztart\u00e1si k\u00f6lt\u00f6z\u00e9sek<\/li>\n<li>H\u00e1zi ellen\u0151rz\u00e9s<\/li>\n<li>Professzion\u00e1lis csomagol\u00e1si szolg\u00e1ltat\u00e1s<\/li>\n<li>K\u00f6z\u00fati, tengeri \u00e9s l\u00e9gi sz\u00e1ll\u00edt\u00e1s<\/li>\n<li>V\u00e1mt\u00e1mogat\u00e1s<\/li>\n<li>M\u0171v\u00e9szeti alkot\u00e1sok csomagol\u00e1sa<\/li>\n<li>Biztos\u00edt\u00e1s<\/li>\n<li>Biztons\u00e1gos t\u00e1rol\u00e1s<\/li>\n<\/ul>\n<p>A Comca International egy 1967-ben alap\u00edtott sz\u00e1ll\u00edt\u00e1si \u00e9s eloszt\u00e1si logisztikai megold\u00e1sokkal foglalkoz\u00f3 v\u00e1llalat, amely orsz\u00e1gos \u00e9s nemzetk\u00f6zi k\u00f6lt\u00f6ztet\u00e9si szolg\u00e1ltat\u00e1sokat k\u00edn\u00e1l. Strat\u00e9giai sz\u00f6vets\u00e9gben \u00e1llnak nemzetk\u00f6zi \u00fcgyn\u00f6ks\u00e9gekkel, hogy lehet\u0151v\u00e9 tegy\u00e9k sz\u00e1mukra a nemzetk\u00f6zi k\u00f6lt\u00f6z\u00e9sek lebonyol\u00edt\u00e1s\u00e1t. Az IAM tagjak\u00e9nt 55 \u00e9ves szolg\u00e1lati id\u0151vel rendelkeznek.<\/p>\n<p>A Comca International ellen\u0151rz\u00e9st \u00e9s becsl\u00e9st k\u00e9sz\u00edt a k\u00f6lt\u00f6z\u00e9shez, valamint tan\u00e1csot ad a legjobb sz\u00e1ll\u00edt\u00e1si m\u00f3dszerrel kapcsolatban. Professzion\u00e1lis csomagol\u00e1si szolg\u00e1ltat\u00e1sokat ny\u00fajtanak a legjobb anyagok \u00e9s dobozok vagy fadobozok felhaszn\u00e1l\u00e1s\u00e1val, ragaszt\u00f3f\u00f3li\u00e1val \u00e9s p\u00e1ntol\u00e1ssal a nagyobb v\u00e9delem \u00e9rdek\u00e9ben a sz\u00e1ll\u00edt\u00e1s sor\u00e1n. Megszervezik a k\u00f6z\u00fati, tengeri vagy l\u00e9gi sz\u00e1ll\u00edt\u00e1st, \u00e9s seg\u00edtenek a v\u00e1m\u00fcgyint\u00e9z\u00e9sben.<\/p>\n<p>Weboldal: <a href=\"http:\/\/www.comca.com.sv\" target=\"_blank\" rel=\"noopener\">http:\/\/www.comca.com.sv<\/a><\/p>\n<h2><strong>2. Mudanzas Suarez<\/strong><\/h2>\n<p><img loading=\"lazy\" decoding=\"async\" class=\"alignnone size-full wp-image-5982\" src=\"https:\/\/moverdb.com\/wp-content\/uploads\/Mudanzas-Suarez-international-moving-company.png\" alt=\"Mudanzas Suarez nemzetk\u00f6zi k\u00f6lt\u00f6ztet\u0151 c\u00e9g\" width=\"1440\" height=\"712\" data-wp-pid=\"5982\" srcset=\"https:\/\/moverdb.com\/wp-content\/uploads\/Mudanzas-Suarez-international-moving-company.png 1440w, https:\/\/moverdb.com\/wp-content\/uploads\/Mudanzas-Suarez-international-moving-company-300x148.png 300w, https:\/\/moverdb.com\/wp-content\/uploads\/Mudanzas-Suarez-international-moving-company-1024x506.png 1024w, https:\/\/moverdb.com\/wp-content\/uploads\/Mudanzas-Suarez-international-moving-company-18x9.png 18w, https:\/\/moverdb.com\/wp-content\/uploads\/Mudanzas-Suarez-international-moving-company-600x297.png 600w\" sizes=\"auto, (max-width: 1440px) 100vw, 1440px\" \/><\/p>\n<ul>\n<li>Nemzeti k\u00f6lt\u00f6ztet\u00e9sek<\/li>\n<li>Nemzetk\u00f6zi k\u00f6lt\u00f6ztet\u00e9sek<\/li>\n<li>Lakoss\u00e1gi k\u00f6lt\u00f6z\u00e9sek<\/li>\n<li>\u00dczleti l\u00e9p\u00e9sek<\/li>\n<li>Szem\u00e9lyre szabott szolg\u00e1ltat\u00e1s<\/li>\n<li>H\u00e1zt\u00f3l-h\u00e1zig szolg\u00e1ltat\u00e1s<\/li>\n<li>Csomagol\u00e1si szolg\u00e1ltat\u00e1s<\/li>\n<li>Testreszabott fadobozok<\/li>\n<li>K\u00f6zleked\u00e9si lehet\u0151s\u00e9gek v\u00e1laszt\u00e9ka<\/li>\n<li>Kondicion\u00e1lt t\u00e1rol\u00f3helyis\u00e9g<\/li>\n<\/ul>\n<p>A Mudanzas Suarez egy 1958-ban alap\u00edtott logisztikai \u00e9s k\u00f6lt\u00f6ztet\u0151 c\u00e9g, amelynek sz\u00e9khelye Antiguo Cuscatlanban tal\u00e1lhat\u00f3. Nemzetk\u00f6zi \u00fcgyn\u00f6k\u00f6k sz\u00e9les h\u00e1l\u00f3zata seg\u00edti \u0151ket a k\u00f6lt\u00f6z\u00e9sek lebonyol\u00edt\u00e1s\u00e1ban szerte a vil\u00e1gon. Az IAM tagjak\u00e9nt 54 \u00e9ves szolg\u00e1lati id\u0151vel rendelkeznek.<\/p>\n<p>A Mudanzas Suarez szem\u00e9lyre szabott szolg\u00e1ltat\u00e1st ny\u00fajt, \u00e9s egyedi csomagol\u00e1si megold\u00e1sokat k\u00edn\u00e1l a saj\u00e1t asztaloscsapat\u00e1n kereszt\u00fcl, amely egyedi fadobozokat k\u00e9sz\u00edt. Olyan csomagol\u00e1si szolg\u00e1ltat\u00e1st ny\u00fajtanak, amely megv\u00e9di az \u00d6n holmij\u00e1t a sz\u00e1ll\u00edt\u00e1s sor\u00e1n. T\u00f6bbf\u00e9le rakod\u00e1si lehet\u0151s\u00e9get k\u00edn\u00e1lnak, bele\u00e9rtve a l\u00e9gi \u00e9s tengeri rakom\u00e1nyt, p\u00e9ld\u00e1ul gy\u0171jt\u0151sz\u00e1ll\u00edtm\u00e1nyt.<\/p>\n<p>Weboldal: <a href=\"http:\/\/suarez.com.sv\" target=\"_blank\" rel=\"noopener\">http:\/\/suarez.com.sv<\/a><\/p>\n<h2><strong>3. Mudisa El Salvador<\/strong><\/h2>\n<p><img loading=\"lazy\" decoding=\"async\" class=\"alignnone size-full wp-image-5983\" src=\"https:\/\/moverdb.com\/wp-content\/uploads\/Mudisa-international-moving-company.png\" alt=\"Mudisa nemzetk\u00f6zi k\u00f6lt\u00f6ztet\u0151 c\u00e9g\" width=\"1440\" height=\"712\" data-wp-pid=\"5983\" srcset=\"https:\/\/moverdb.com\/wp-content\/uploads\/Mudisa-international-moving-company.png 1440w, https:\/\/moverdb.com\/wp-content\/uploads\/Mudisa-international-moving-company-300x148.png 300w, https:\/\/moverdb.com\/wp-content\/uploads\/Mudisa-international-moving-company-1024x506.png 1024w, https:\/\/moverdb.com\/wp-content\/uploads\/Mudisa-international-moving-company-18x9.png 18w, https:\/\/moverdb.com\/wp-content\/uploads\/Mudisa-international-moving-company-600x297.png 600w\" sizes=\"auto, (max-width: 1440px) 100vw, 1440px\" \/><\/p>\n<ul>\n<li>Nemzeti k\u00f6lt\u00f6ztet\u00e9sek<\/li>\n<li>Nemzetk\u00f6zi k\u00f6lt\u00f6ztet\u00e9sek<\/li>\n<li>H\u00e1ztart\u00e1si k\u00f6lt\u00f6z\u00e9sek<\/li>\n<li>V\u00e1llalati k\u00f6lt\u00f6z\u00e9sek<\/li>\n<li>K\u00f6lt\u00f6ztet\u00e9si szolg\u00e1ltat\u00e1sok<\/li>\n<li>H\u00e1zhoz men\u0151 szolg\u00e1ltat\u00e1sok<\/li>\n<li>Csomagol\u00e1s, bele\u00e9rtve az egyedi dobozokat \u00e9s l\u00e1d\u00e1kat<\/li>\n<li>M\u0171v\u00e9szeti alkot\u00e1sok sz\u00e1ll\u00edt\u00e1sa<\/li>\n<li>J\u00e1rm\u0171sz\u00e1ll\u00edt\u00e1s<\/li>\n<li>Biztons\u00e1gos rakt\u00e1rhelyis\u00e9gek<\/li>\n<\/ul>\n<p>A Mudisa egy 1963-ban San Salvadorban alap\u00edtott k\u00f6lt\u00f6ztet\u0151, logisztikai \u00e9s \u00e1ltal\u00e1nos \u00e1rufuvaroz\u00e1si v\u00e1llalat. M\u00e1s nemzetk\u00f6zi k\u00f6lt\u00f6ztet\u0151kkel egy\u00fcttm\u0171k\u00f6dve h\u00e1zt\u00f3l-h\u00e1zig tart\u00f3 nemzetk\u00f6zi szolg\u00e1ltat\u00e1st ny\u00fajtanak, \u00e9s saj\u00e1t j\u00e1rm\u0171parkkal rendelkeznek az orsz\u00e1gos k\u00f6lt\u00f6ztet\u00e9sekhez. Az IAM tagjak\u00e9nt 45 \u00e9ves szolg\u00e1lati id\u0151vel rendelkeznek.<\/p>\n<p>A Mudisa k\u00f6lt\u00f6z\u00e9si \u00e9s k\u00f6lt\u00f6ztet\u00e9si szolg\u00e1ltat\u00e1sokat k\u00edn\u00e1l h\u00e1ztart\u00e1sok \u00e9s v\u00e1llalatok sz\u00e1m\u00e1ra. Olyan szolg\u00e1ltat\u00e1sokat ny\u00fajtanak a megl\u00e9v\u0151 \u00e9s az \u00faj telephely\u00e9n, mint a csomagol\u00e1s \u00e9s kicsomagol\u00e1s, amely egyedi dobozokat \u00e9s l\u00e1d\u00e1kat is mag\u00e1ban foglal. K\u00f6lt\u00f6z\u00e9si szolg\u00e1ltat\u00e1saik k\u00f6z\u00e9 tartozik a bev\u00e1ndorl\u00e1si t\u00e1mogat\u00e1s, a meg\u00e9rkez\u00e9si szolg\u00e1ltat\u00e1sok, az iskol\u00e1kkal kapcsolatos \u00fatmutat\u00e1s, a h\u00e1zkutat\u00e1s \u00e9s a leteleped\u00e9si szolg\u00e1ltat\u00e1sok.<\/p>\n<p>Weboldal: <a href=\"http:\/\/www.mudisa.com.sv\" target=\"_blank\" rel=\"noopener\">http:\/\/www.mudisa.com.sv<\/a><\/p>","protected":false},"excerpt":{"rendered":"<p>Are you planning on moving in El Salvador or to or from El Salvador? Then you may want to employ the services of a moving company to assist you and take some of the pressure off. Below we have compiled a list of El Salvador removal companies that are members of the International Association of [&hellip;]<\/p>\n","protected":false},"author":4,"featured_media":0,"parent":190,"menu_order":0,"comment_status":"closed","ping_status":"closed","template":"","meta":{"_genesis_hide_title":false,"_genesis_hide_breadcrumbs":false,"_genesis_hide_singular_image":false,"_genesis_hide_footer_widgets":false,"_genesis_custom_body_class":"","_genesis_custom_post_class":"","_genesis_layout":"","footnotes":""},"class_list":{"0":"post-6040","1":"page","2":"type-page","3":"status-publish","5":"entry","6":"has-post-thumbnail"},"_links":{"self":[{"href":"https:\/\/moverdb.com\/hu\/wp-json\/wp\/v2\/pages\/6040","targetHints":{"allow":["GET"]}}],"collection":[{"href":"https:\/\/moverdb.com\/hu\/wp-json\/wp\/v2\/pages"}],"about":[{"href":"https:\/\/moverdb.com\/hu\/wp-json\/wp\/v2\/types\/page"}],"author":[{"embeddable":true,"href":"https:\/\/moverdb.com\/hu\/wp-json\/wp\/v2\/users\/4"}],"replies":[{"embeddable":true,"href":"https:\/\/moverdb.com\/hu\/wp-json\/wp\/v2\/comments?post=6040"}],"version-history":[{"count":3,"href":"https:\/\/moverdb.com\/hu\/wp-json\/wp\/v2\/pages\/6040\/revisions"}],"predecessor-version":[{"id":6056,"href":"https:\/\/moverdb.com\/hu\/wp-json\/wp\/v2\/pages\/6040\/revisions\/6056"}],"up":[{"embeddable":true,"href":"https:\/\/moverdb.com\/hu\/wp-json\/wp\/v2\/pages\/190"}],"wp:attachment":[{"href":"https:\/\/moverdb.com\/hu\/wp-json\/wp\/v2\/media?parent=6040"}],"curies":[{"name":"wp","href":"https:\/\/api.w.org\/{rel}","templated":true}]}}