{"id":6036,"date":"2023-02-01T13:45:53","date_gmt":"2023-02-01T13:45:53","guid":{"rendered":"https:\/\/moverdb.com\/?page_id=6036"},"modified":"2026-01-08T15:29:19","modified_gmt":"2026-01-08T15:29:19","slug":"moving-companies-dominican-republic","status":"publish","type":"page","link":"https:\/\/moverdb.com\/hu\/moving-companies\/moving-companies-dominican-republic\/","title":{"rendered":"6 A legjobb nemzetk\u00f6zi k\u00f6lt\u00f6ztet\u0151 c\u00e9gek a Dominikai K\u00f6zt\u00e1rsas\u00e1gban"},"content":{"rendered":"<p>Ha \u00d6n a Dominikai K\u00f6zt\u00e1rsas\u00e1gban k\u00f6lt\u00f6zik, vagy a Dominikai K\u00f6zt\u00e1rsas\u00e1gba, illetve a Dominikai K\u00f6zt\u00e1rsas\u00e1gb\u00f3l vagy a Dominikai K\u00f6zt\u00e1rsas\u00e1gba k\u00f6lt\u00f6zik, lehet, hogy seg\u00edts\u00e9get szeretne ig\u00e9nybe venni. Egy k\u00f6lt\u00f6ztet\u0151 vagy k\u00f6lt\u00f6ztet\u0151 c\u00e9g seg\u00edthet megk\u00f6nny\u00edteni a k\u00f6lt\u00f6z\u00e9st \u00e9s levenni a stressz egy r\u00e9sz\u00e9t. Az al\u00e1bbiakban \u00f6ssze\u00e1ll\u00edtottunk egy list\u00e1t a Dominikai K\u00f6zt\u00e1rsas\u00e1gban tev\u00e9kenyked\u0151kr\u0151l <a href=\"https:\/\/moverdb.com\/hu\/international-removals\/\" data-internallinksmanager029f6b8e52c=\"27\" title=\"36 legjobb nemzetk\u00f6zi k\u00f6lt\u00f6ztet\u0151 c\u00e9gek az Egyes\u00fclt Kir\u00e1lys\u00e1gban\">k\u00f6lt\u00f6ztet\u0151 c\u00e9gek<\/a> amelyek tagjai a <a href=\"https:\/\/moverdb.com\/hu\/iam\/\" data-internallinksmanager029f6b8e52c=\"23\" title=\"A K\u00f6lt\u00f6ztet\u0151k Nemzetk\u00f6zi Sz\u00f6vets\u00e9ge (IAM) magyar\u00e1zata\">K\u00f6lt\u00f6ztet\u0151k Nemzetk\u00f6zi Sz\u00f6vets\u00e9ge<\/a> (IAM) \u00e9s\/vagy <a href=\"https:\/\/moverdb.com\/hu\/fidi-faim\/\" data-internallinksmanager029f6b8e52c=\"16\" title=\"FIDI &amp; FAIM (FIDI akkredit\u00e1lt nemzetk\u00f6zi fuvaroz\u00f3) magyar\u00e1zata\">FIDI<\/a> Akkredit\u00e1lt nemzetk\u00f6zi k\u00f6lt\u00f6ztet\u0151 (FAIM), aki seg\u00edthet \u00d6nnek.<\/p>\n<div id=\"ez-toc-container\" class=\"ez-toc-v2_0_82_2 ez-toc-wrap-left counter-hierarchy ez-toc-counter ez-toc-transparent ez-toc-container-direction\">\n<div class=\"ez-toc-title-container\">\n<p class=\"ez-toc-title\" style=\"cursor:inherit\">Szakaszok<\/p>\n<span class=\"ez-toc-title-toggle\"><a href=\"#\" class=\"ez-toc-pull-right ez-toc-btn ez-toc-btn-xs ez-toc-btn-default ez-toc-toggle\" aria-label=\"Toggle Tartalomjegyz\u00e9k\"><span class=\"ez-toc-js-icon-con\"><span class=\"\"><span class=\"eztoc-hide\" style=\"display:none;\">Toggle<\/span><span class=\"ez-toc-icon-toggle-span\"><svg style=\"fill: #999;color:#999\" xmlns=\"http:\/\/www.w3.org\/2000\/svg\" class=\"list-377408\" width=\"20px\" height=\"20px\" viewbox=\"0 0 24 24\" fill=\"none\"><path d=\"M6 6H4v2h2V6zm14 0H8v2h12V6zM4 11h2v2H4v-2zm16 0H8v2h12v-2zM4 16h2v2H4v-2zm16 0H8v2h12v-2z\" fill=\"currentColor\"><\/path><\/svg><svg style=\"fill: #999;color:#999\" class=\"arrow-unsorted-368013\" xmlns=\"http:\/\/www.w3.org\/2000\/svg\" width=\"10px\" height=\"10px\" viewbox=\"0 0 24 24\" version=\"1.2\" baseprofile=\"tiny\"><path d=\"M18.2 9.3l-6.2-6.3-6.2 6.3c-.2.2-.3.4-.3.7s.1.5.3.7c.2.2.4.3.7.3h11c.3 0 .5-.1.7-.3.2-.2.3-.5.3-.7s-.1-.5-.3-.7zM5.8 14.7l6.2 6.3 6.2-6.3c.2-.2.3-.5.3-.7s-.1-.5-.3-.7c-.2-.2-.4-.3-.7-.3h-11c-.3 0-.5.1-.7.3-.2.2-.3.5-.3.7s.1.5.3.7z\"\/><\/svg><\/span><\/span><\/span><\/a><\/span><\/div>\n<nav><ul class='ez-toc-list ez-toc-list-level-1 eztoc-toggle-hide-by-default' ><li class='ez-toc-page-1 ez-toc-heading-level-2'><a class=\"ez-toc-link ez-toc-heading-1\" href=\"https:\/\/moverdb.com\/hu\/moving-companies\/moving-companies-dominican-republic\/#1_International_Packers\" >1. Nemzetk\u00f6zi csomagol\u00f3k<\/a><\/li><li class='ez-toc-page-1 ez-toc-heading-level-2'><a class=\"ez-toc-link ez-toc-heading-2\" href=\"https:\/\/moverdb.com\/hu\/moving-companies\/moving-companies-dominican-republic\/#2_Mega_Movers\" >2. Mega Movers<\/a><\/li><li class='ez-toc-page-1 ez-toc-heading-level-2'><a class=\"ez-toc-link ez-toc-heading-3\" href=\"https:\/\/moverdb.com\/hu\/moving-companies\/moving-companies-dominican-republic\/#3_Dominican_International_Moving\" >3. Dominikai nemzetk\u00f6zi k\u00f6lt\u00f6z\u00e9s<\/a><\/li><li class='ez-toc-page-1 ez-toc-heading-level-2'><a class=\"ez-toc-link ez-toc-heading-4\" href=\"https:\/\/moverdb.com\/hu\/moving-companies\/moving-companies-dominican-republic\/#4_Frank_Leo\" >4. Frank Leo<\/a><\/li><li class='ez-toc-page-1 ez-toc-heading-level-2'><a class=\"ez-toc-link ez-toc-heading-5\" href=\"https:\/\/moverdb.com\/hu\/moving-companies\/moving-companies-dominican-republic\/#5_L_G_International_Movers\" >5. L&amp;G International Movers<\/a><\/li><li class='ez-toc-page-1 ez-toc-heading-level-2'><a class=\"ez-toc-link ez-toc-heading-6\" href=\"https:\/\/moverdb.com\/hu\/moving-companies\/moving-companies-dominican-republic\/#6_Latino_Express\" >6. Latino Express<\/a><\/li><\/ul><\/nav><\/div>\n<h2><span class=\"ez-toc-section\" id=\"1_International_Packers\"><\/span><strong>1. Nemzetk\u00f6zi csomagol\u00f3k<\/strong><span class=\"ez-toc-section-end\"><\/span><\/h2>\n<p><img loading=\"lazy\" decoding=\"async\" class=\"alignnone size-full wp-image-5961\" src=\"https:\/\/moverdb.com\/wp-content\/uploads\/International-Packers-international-moving-company.png\" alt=\"International Packers nemzetk\u00f6zi k\u00f6lt\u00f6ztet\u0151 c\u00e9g\" width=\"1440\" height=\"683\" data-wp-pid=\"5961\" srcset=\"https:\/\/moverdb.com\/wp-content\/uploads\/International-Packers-international-moving-company.png 1440w, https:\/\/moverdb.com\/wp-content\/uploads\/International-Packers-international-moving-company-300x142.png 300w, https:\/\/moverdb.com\/wp-content\/uploads\/International-Packers-international-moving-company-1024x486.png 1024w, https:\/\/moverdb.com\/wp-content\/uploads\/International-Packers-international-moving-company-18x9.png 18w, https:\/\/moverdb.com\/wp-content\/uploads\/International-Packers-international-moving-company-600x285.png 600w\" sizes=\"auto, (max-width: 1440px) 100vw, 1440px\" \/><\/p>\n<ul>\n<li>Nemzeti l\u00e9p\u00e9sek<\/li>\n<li>Nemzetk\u00f6zi k\u00f6lt\u00f6z\u00e9sek<\/li>\n<li>H\u00e1ztart\u00e1si k\u00f6lt\u00f6z\u00e9sek<\/li>\n<li>V\u00e1llalati k\u00f6lt\u00f6z\u00e9sek<\/li>\n<li>Professzion\u00e1lis csomagol\u00e1si szolg\u00e1ltat\u00e1s<\/li>\n<li>V\u00e1mt\u00e1mogat\u00e1s<\/li>\n<li>M\u0171v\u00e9szeti alkot\u00e1sok sz\u00e1ll\u00edt\u00e1sa<\/li>\n<li>H\u00e1zi\u00e1llat sz\u00e1ll\u00edt\u00e1s<\/li>\n<li>Biztos\u00edt\u00e1s<\/li>\n<li>Rakt\u00e1roz\u00e1si lehet\u0151s\u00e9gek<\/li>\n<\/ul>\n<p>Az International Packers egy 1989-ben alap\u00edtott, Santo Domingo-i sz\u00e9khely\u0171 k\u00f6lt\u00f6ztet\u0151 \u00e9s rakt\u00e1roz\u00e1si v\u00e1llalat. K\u00f6lt\u00f6ztet\u00e9si \u00e9s k\u00f6lt\u00f6ztet\u00e9si szolg\u00e1ltat\u00e1sokat k\u00edn\u00e1lnak, bele\u00e9rtve a m\u0171t\u00e1rgyak mozgat\u00e1s\u00e1ra, a kis\u00e1llatok sz\u00e1ll\u00edt\u00e1s\u00e1ra \u00e9s a b\u00fatorok b\u00e9rl\u00e9s\u00e9re szakosodott szolg\u00e1ltat\u00e1sokat. Az IAM tagjak\u00e9nt 33 \u00e9ves szolg\u00e1lati id\u0151vel rendelkeznek, \u00e9s a FIDI \u00e1ltal akkredit\u00e1ltak.<\/p>\n<p>A International Packers szem\u00e9lyes szolg\u00e1ltat\u00e1st k\u00edn\u00e1l a nemzeti \u00e9s nemzetk\u00f6zi k\u00f6lt\u00f6z\u00e9sekhez, amelyeket nemzetk\u00f6zi k\u00f6lt\u00f6ztet\u0151 \u00fcgyn\u00f6k\u00f6kkel biztos\u00edtanak a vil\u00e1g minden t\u00e1j\u00e1r\u00f3l. H\u00e1zt\u00f3l-h\u00e1zig szolg\u00e1ltat\u00e1st ny\u00fajtanak, amely mag\u00e1ban foglalja a professzion\u00e1lis csomagol\u00e1si szolg\u00e1ltat\u00e1st, hogy megv\u00e9dj\u00e9k a holmij\u00e1t, \u00e9s biztos\u00edt\u00e1si v\u00e9delmet k\u00edn\u00e1lnak. Rakt\u00e1roz\u00e1si lehet\u0151s\u00e9geket is biztos\u00edtanak, ha erre ig\u00e9nyt tart.<\/p>\n<p>Weboldal: <a href=\"http:\/\/www.internt-packers.com.do\" target=\"_blank\" rel=\"noopener\">http:\/\/www.internt-packers.com.do<\/a><\/p>\n<h2><span class=\"ez-toc-section\" id=\"2_Mega_Movers\"><\/span><strong>2. Mega Movers<\/strong><span class=\"ez-toc-section-end\"><\/span><\/h2>\n<p><img loading=\"lazy\" decoding=\"async\" class=\"alignnone size-full wp-image-5970\" src=\"https:\/\/moverdb.com\/wp-content\/uploads\/Mega-Movers-international-moving-company.png\" alt=\"Mega Movers nemzetk\u00f6zi k\u00f6lt\u00f6ztet\u0151 c\u00e9g\" width=\"1440\" height=\"677\" data-wp-pid=\"5970\" srcset=\"https:\/\/moverdb.com\/wp-content\/uploads\/Mega-Movers-international-moving-company.png 1440w, https:\/\/moverdb.com\/wp-content\/uploads\/Mega-Movers-international-moving-company-300x141.png 300w, https:\/\/moverdb.com\/wp-content\/uploads\/Mega-Movers-international-moving-company-1024x481.png 1024w, https:\/\/moverdb.com\/wp-content\/uploads\/Mega-Movers-international-moving-company-18x8.png 18w, https:\/\/moverdb.com\/wp-content\/uploads\/Mega-Movers-international-moving-company-600x282.png 600w\" sizes=\"auto, (max-width: 1440px) 100vw, 1440px\" \/><\/p>\n<ul>\n<li>Nemzeti l\u00e9p\u00e9sek<\/li>\n<li>Nemzetk\u00f6zi k\u00f6lt\u00f6z\u00e9sek<\/li>\n<li>H\u00e1ztart\u00e1si k\u00f6lt\u00f6z\u00e9sek<\/li>\n<li>Irodai k\u00f6lt\u00f6z\u00e9sek<\/li>\n<li>Orvostechnikai berendez\u00e9sek mozgat\u00e1s\u00e1ra szakosodott<\/li>\n<li>Csomagol\u00e1si szolg\u00e1ltat\u00e1sok<\/li>\n<li>Egyedi l\u00e1d\u00e1k<\/li>\n<li>Speci\u00e1lis berendez\u00e9sek<\/li>\n<li>T\u00falm\u00e9retes \u00e9s\/vagy t\u00fals\u00falyos \u00e1ruk kiszolg\u00e1l\u00e1sa<\/li>\n<li>Biztos\u00edt\u00e1s<\/li>\n<\/ul>\n<p>A Mega Movers egy csal\u00e1di tulajdonban l\u00e9v\u0151 logisztikai v\u00e1llalat, amely a Dominikai K\u00f6zt\u00e1rsas\u00e1gban, Puerto Ric\u00f3ban \u00e9s a Karib-t\u00e9rs\u00e9gben tev\u00e9kenykedik. K\u00edn\u00e1latukban szerepel a g\u00e9pek szerel\u00e9se, kulcsrak\u00e9sz projektek, t\u00falm\u00e9retes\/t\u00fals\u00falyos \u00e1ruk \u00e9s nemzetk\u00f6zi h\u00e1ztart\u00e1si k\u00f6lt\u00f6ztet\u00e9sek. Speci\u00e1lis szolg\u00e1ltat\u00e1st ny\u00fajtanak orvosi berendez\u00e9sek mozgat\u00e1s\u00e1ra is a Dominikai K\u00f6zt\u00e1rsas\u00e1gon bel\u00fcl. Az IAM tagjak\u00e9nt 3 \u00e9ves szolg\u00e1lati id\u0151vel rendelkeznek.<\/p>\n<p>A Mega Movers szem\u00e9lyre szabott szolg\u00e1ltat\u00e1st ny\u00fajt, amely mag\u00e1ban foglalja a h\u00e1zon bel\u00fcli konzult\u00e1ci\u00f3t \u00e9s tan\u00e1csad\u00e1st. Tapasztalt csomagol\u00f3kat \u00e9s \u00faj csomagol\u00f3anyagokat biztos\u00edtanak, bele\u00e9rtve a saj\u00e1t maguk \u00e1ltal k\u00e9sz\u00edtett, egyedi l\u00e1d\u00e1kat is. Emellett vil\u00e1gszerte t\u00f6bb mint 1000 nemzetk\u00f6zi k\u00f6lt\u00f6ztet\u0151vel dolgoznak egy\u00fctt, hogy a szolg\u00e1ltat\u00e1sokat k\u00f6z\u00f6sen ny\u00fajts\u00e1k.<\/p>\n<p>Weboldal: <a href=\"http:\/\/www.megamovers.co\" target=\"_blank\" rel=\"noopener\">http:\/\/www.megamovers.co<\/a><\/p>\n<h2><span class=\"ez-toc-section\" id=\"3_Dominican_International_Moving\"><\/span><strong>3. Dominikai nemzetk\u00f6zi k\u00f6lt\u00f6z\u00e9s<\/strong><span class=\"ez-toc-section-end\"><\/span><\/h2>\n<p><img loading=\"lazy\" decoding=\"async\" class=\"alignnone size-full wp-image-5939\" src=\"https:\/\/moverdb.com\/wp-content\/uploads\/Domincan-International-Moving-company.png\" alt=\"Dominikai Nemzetk\u00f6zi K\u00f6lt\u00f6ztet\u0151 c\u00e9g\" width=\"1440\" height=\"672\" data-wp-pid=\"5939\" srcset=\"https:\/\/moverdb.com\/wp-content\/uploads\/Domincan-International-Moving-company.png 1440w, https:\/\/moverdb.com\/wp-content\/uploads\/Domincan-International-Moving-company-300x140.png 300w, https:\/\/moverdb.com\/wp-content\/uploads\/Domincan-International-Moving-company-1024x478.png 1024w, https:\/\/moverdb.com\/wp-content\/uploads\/Domincan-International-Moving-company-18x8.png 18w, https:\/\/moverdb.com\/wp-content\/uploads\/Domincan-International-Moving-company-600x280.png 600w\" sizes=\"auto, (max-width: 1440px) 100vw, 1440px\" \/><\/p>\n<ul>\n<li>Nemzeti l\u00e9p\u00e9sek<\/li>\n<li>Nemzetk\u00f6zi k\u00f6lt\u00f6z\u00e9sek<\/li>\n<li>Lakoss\u00e1gi k\u00f6lt\u00f6z\u00e9sek<\/li>\n<li>\u00dczleti l\u00e9p\u00e9sek<\/li>\n<li>Tapasztalt az \u00e9rz\u00e9keny \u00e9s t\u00f6r\u00e9keny t\u00e1rgyak kezel\u00e9s\u00e9ben<\/li>\n<li>Csomagol\u00e1si szolg\u00e1ltat\u00e1sok<\/li>\n<li>V\u00e1mt\u00e1mogat\u00e1s<\/li>\n<li>J\u00e1rm\u0171sz\u00e1ll\u00edt\u00e1s<\/li>\n<li>H\u00e1zi\u00e1llat \u00e1thelyez\u00e9s<\/li>\n<li>Rakt\u00e1roz\u00e1si lehet\u0151s\u00e9gek<\/li>\n<\/ul>\n<p>A Dominican International Moving egy <a href=\"https:\/\/moverdb.com\/hu\/moving-companies\/\" data-internallinksmanager029f6b8e52c=\"79\" title=\"Top 25 nemzetk\u00f6zi k\u00f6lt\u00f6ztet\u0151 c\u00e9gek online\">k\u00f6lt\u00f6ztet\u0151 c\u00e9g<\/a> Santo Domingo-i sz\u00e9khely\u0171, nemzeti \u00e9s nemzetk\u00f6zi k\u00f6lt\u00f6z\u00e9seket \u00e9s \u00e1thelyez\u00e9seket k\u00edn\u00e1l\u00f3 v\u00e1llalkoz\u00e1s. Emellett j\u00e1rm\u0171sz\u00e1ll\u00edt\u00e1st \u00e9s h\u00e1zi\u00e1llat-\u00e1thelyez\u00e9st is k\u00edn\u00e1lnak. Tagjai az IAM-nek, \u00e9s vil\u00e1gszerte k\u00e9pzett \u00fcgyn\u00f6k\u00f6k h\u00e1l\u00f3zata seg\u00edti a nemzetk\u00f6zi k\u00f6lt\u00f6z\u00e9sek lebonyol\u00edt\u00e1s\u00e1t.<\/p>\n<p>A Dominican International Moving \u00e1tfog\u00f3 k\u00f6lt\u00f6z\u00e9si megold\u00e1sokat k\u00edn\u00e1l, amelyek magukban foglalj\u00e1k az \u00f6sszes holmij\u00e1nak biztons\u00e1gos csomagol\u00e1s\u00e1t speci\u00e1lis csomagol\u00e1ssal, a b\u00fatorok sz\u00e9tszerel\u00e9s\u00e9t \u00e9s a lelt\u00e1r \u00f6ssze\u00e1ll\u00edt\u00e1s\u00e1t. Megszervezn\u00e9k a holmij\u00e1nak sz\u00e1ll\u00edt\u00e1s\u00e1t, kezeln\u00e9k a v\u00e1mk\u00f6vetelm\u00e9nyeket, kirakodn\u00e1k \u00e9s \u00f6sszeszereln\u00e9k a b\u00fatorokat.<\/p>\n<p>Weboldal: <a href=\"http:\/\/www.dim.do\/\" target=\"_blank\" rel=\"noopener\">http:\/\/www.dim.do\/<\/a><\/p>\n<h2><span class=\"ez-toc-section\" id=\"4_Frank_Leo\"><\/span><strong>4. Frank Leo<\/strong><span class=\"ez-toc-section-end\"><\/span><\/h2>\n<p><img loading=\"lazy\" decoding=\"async\" class=\"alignnone size-full wp-image-5946\" src=\"https:\/\/moverdb.com\/wp-content\/uploads\/Frank-Leo-international-moving-company.png\" alt=\"Frank Leo nemzetk\u00f6zi k\u00f6lt\u00f6ztet\u0151 c\u00e9g\" width=\"1440\" height=\"680\" data-wp-pid=\"5946\" srcset=\"https:\/\/moverdb.com\/wp-content\/uploads\/Frank-Leo-international-moving-company.png 1440w, https:\/\/moverdb.com\/wp-content\/uploads\/Frank-Leo-international-moving-company-300x142.png 300w, https:\/\/moverdb.com\/wp-content\/uploads\/Frank-Leo-international-moving-company-1024x484.png 1024w, https:\/\/moverdb.com\/wp-content\/uploads\/Frank-Leo-international-moving-company-18x9.png 18w, https:\/\/moverdb.com\/wp-content\/uploads\/Frank-Leo-international-moving-company-600x283.png 600w\" sizes=\"auto, (max-width: 1440px) 100vw, 1440px\" \/><\/p>\n<ul>\n<li>Nemzeti l\u00e9p\u00e9sek<\/li>\n<li>Nemzetk\u00f6zi k\u00f6lt\u00f6z\u00e9sek<\/li>\n<li>K\u00f6lt\u00f6ztet\u00e9si szolg\u00e1ltat\u00e1sok<\/li>\n<li>H\u00e1ztart\u00e1si k\u00f6lt\u00f6z\u00e9sek<\/li>\n<li>Kereskedelmi k\u00f6lt\u00f6z\u00e9sek<\/li>\n<li>Sz\u00e1razf\u00f6ldi, tengeri \u00e9s l\u00e9gi sz\u00e1ll\u00edt\u00e1s<\/li>\n<li>V\u00e1m\u00fcgyn\u00f6ki tev\u00e9kenys\u00e9g<\/li>\n<li>Kieg\u00e9sz\u00edt\u0151 sz\u00e1ll\u00edt\u00e1si szolg\u00e1ltat\u00e1sok j\u00e1rm\u0171vek \u00e9s h\u00e1zi\u00e1llatok sz\u00e1m\u00e1ra<\/li>\n<li>Biztos\u00edt\u00e1s<\/li>\n<li>Rakt\u00e1roz\u00e1si lehet\u0151s\u00e9gek<\/li>\n<\/ul>\n<p>A Frank Leo egy logisztikai \u00e9s k\u00f6lt\u00f6ztet\u0151 c\u00e9g, amelyet 1990-ben alap\u00edtottak a Dominikai K\u00f6zt\u00e1rsas\u00e1gban. Orsz\u00e1gos \u00e9s nemzetk\u00f6zi k\u00f6lt\u00f6ztet\u00e9si szolg\u00e1ltat\u00e1sokat, valamint k\u00f6lt\u00f6ztet\u00e9si szolg\u00e1ltat\u00e1sokat k\u00edn\u00e1lnak, amelyek helyi tan\u00e1csad\u00e1ssal \u00e9s az \u00faj orsz\u00e1gban val\u00f3 leteleped\u00e9ssel t\u00e1mogatj\u00e1k \u00d6nt. Tagjai az IAM-nek, \u00e9s 32 \u00e9ves szolg\u00e1lati id\u0151vel rendelkeznek.<\/p>\n<p>Frank Leo szem\u00e9lyre szabott megold\u00e1sokat k\u00edn\u00e1l mag\u00e1nszem\u00e9lyek, csal\u00e1dok, v\u00e1llalatok \u00e9s diplomat\u00e1k sz\u00e1m\u00e1ra. Szolg\u00e1ltat\u00e1saik k\u00f6z\u00e9 tartozik az \u00f6sszes holmij\u00e1nak csomagol\u00e1sa, a r\u00e9gis\u00e9gek, m\u0171t\u00e1rgyak \u00e9s g\u00e9pek sz\u00e1m\u00e1ra ny\u00fajtott speci\u00e1lis csomagol\u00e1si szolg\u00e1ltat\u00e1sokkal. Megszervezik a sz\u00e1razf\u00f6ldi, tengeri vagy l\u00e9gi sz\u00e1ll\u00edt\u00e1st, \u00e9s t\u00e1mogatj\u00e1k a v\u00e1m\u00fcgyint\u00e9z\u00e9st. Szolg\u00e1ltat\u00e1sukkal seg\u00edtenek a j\u00e1rm\u0171vek, haj\u00f3k, k\u00f6nny\u0171 rep\u00fcl\u0151g\u00e9pek, n\u00f6v\u00e9nyek \u00e9s h\u00e1zi\u00e1llatok k\u00f6lt\u00f6ztet\u00e9s\u00e9ben is.<\/p>\n<p>Weboldal: <a href=\"http:\/\/www.frankleo.com\" target=\"_blank\" rel=\"noopener\">http:\/\/www.frankleo.com<\/a><\/p>\n<h2><span class=\"ez-toc-section\" id=\"5_L_G_International_Movers\"><\/span><strong>5. L&amp;G International Movers<\/strong><span class=\"ez-toc-section-end\"><\/span><\/h2>\n<p><img loading=\"lazy\" decoding=\"async\" class=\"alignnone size-full wp-image-5965\" src=\"https:\/\/moverdb.com\/wp-content\/uploads\/LG-International-Movers-company.png\" alt=\"L&amp;G International Movers v\u00e1llalat\" width=\"1440\" height=\"676\" data-wp-pid=\"5965\" srcset=\"https:\/\/moverdb.com\/wp-content\/uploads\/LG-International-Movers-company.png 1440w, https:\/\/moverdb.com\/wp-content\/uploads\/LG-International-Movers-company-300x141.png 300w, https:\/\/moverdb.com\/wp-content\/uploads\/LG-International-Movers-company-1024x481.png 1024w, https:\/\/moverdb.com\/wp-content\/uploads\/LG-International-Movers-company-18x8.png 18w, https:\/\/moverdb.com\/wp-content\/uploads\/LG-International-Movers-company-600x282.png 600w\" sizes=\"auto, (max-width: 1440px) 100vw, 1440px\" \/><\/p>\n<ul>\n<li>Nemzeti l\u00e9p\u00e9sek<\/li>\n<li>Nemzetk\u00f6zi k\u00f6lt\u00f6z\u00e9sek<\/li>\n<li>Lakoss\u00e1gi k\u00f6lt\u00f6z\u00e9sek<\/li>\n<li>\u00dczleti l\u00e9p\u00e9sek<\/li>\n<li>\u00d6n\u00e1ll\u00f3 csomagol\u00e1si lehet\u0151s\u00e9g<\/li>\n<li>Csomagol\u00e1si szolg\u00e1ltat\u00e1sok<\/li>\n<li>K\u00f6zleked\u00e9si lehet\u0151s\u00e9gek v\u00e1laszt\u00e9ka<\/li>\n<li>V\u00e1mkezel\u00e9s<\/li>\n<li>Aut\u00f3sz\u00e1ll\u00edt\u00e1s<\/li>\n<li>Rakt\u00e1roz\u00e1si lehet\u0151s\u00e9gek<\/li>\n<\/ul>\n<p>Az L&amp;G International Movers egy logisztikai \u00e9s nemzetk\u00f6zi k\u00f6lt\u00f6ztet\u00e9si szolg\u00e1ltat\u00e1sokat ny\u00fajt\u00f3 c\u00e9g, amelynek sz\u00e9khelye Santo Domingo. Nemzetk\u00f6zi k\u00f6lt\u00f6z\u00e9seket biztos\u00edtanak partnereik, m\u00e1s k\u00f6lt\u00f6ztet\u0151k \u00e9s sz\u00e1ll\u00edtm\u00e1nyoz\u00f3k seg\u00edts\u00e9g\u00e9vel szerte a vil\u00e1gon. Tagjai az IAM-nek, \u00e9s a FIDI \u00e1ltal akkredit\u00e1ltak.<\/p>\n<p>Az L&amp;G International Movers a legmodernebb technik\u00e1k \u00e9s anyagok felhaszn\u00e1l\u00e1s\u00e1val csomagolja be a holmij\u00e1t, de \u00d6n is v\u00e1laszthatja, hogy maga csomagol. T\u00f6bbf\u00e9le sz\u00e1ll\u00edt\u00e1si szolg\u00e1ltat\u00e1st k\u00edn\u00e1lnak, bele\u00e9rtve a l\u00e9gi \u00e9s tengeri sz\u00e1ll\u00edtm\u00e1nyoz\u00e1st, bele\u00e9rtve az olyan gazdas\u00e1gosabb m\u00f3dszereket is, mint a gy\u0171jt\u0151fuvaroz\u00e1s, ahol a sz\u00e1ll\u00edtm\u00e1nyt m\u00e1sokkal kombin\u00e1lhatja. A v\u00e1mkezel\u00e9sben is t\u00e1mogatj\u00e1k \u00d6nt.<\/p>\n<p>Weboldal: <a href=\"http:\/\/www.lginternationalmovers.com\" target=\"_blank\" rel=\"noopener\">http:\/\/www.lginternationalmovers.com<\/a><\/p>\n<h2><span class=\"ez-toc-section\" id=\"6_Latino_Express\"><\/span><strong>6. Latino Express<\/strong><span class=\"ez-toc-section-end\"><\/span><\/h2>\n<p><img loading=\"lazy\" decoding=\"async\" class=\"alignnone size-full wp-image-5967\" src=\"https:\/\/moverdb.com\/wp-content\/uploads\/Latino-Express-international-moving-company.png\" alt=\"Latino Express nemzetk\u00f6zi k\u00f6lt\u00f6ztet\u0151 c\u00e9g\" width=\"1440\" height=\"665\" data-wp-pid=\"5967\" srcset=\"https:\/\/moverdb.com\/wp-content\/uploads\/Latino-Express-international-moving-company.png 1440w, https:\/\/moverdb.com\/wp-content\/uploads\/Latino-Express-international-moving-company-300x139.png 300w, https:\/\/moverdb.com\/wp-content\/uploads\/Latino-Express-international-moving-company-1024x473.png 1024w, https:\/\/moverdb.com\/wp-content\/uploads\/Latino-Express-international-moving-company-18x8.png 18w, https:\/\/moverdb.com\/wp-content\/uploads\/Latino-Express-international-moving-company-600x277.png 600w\" sizes=\"auto, (max-width: 1440px) 100vw, 1440px\" \/><\/p>\n<ul>\n<li>Nemzeti k\u00f6lt\u00f6ztet\u00e9sek<\/li>\n<li>Nemzetk\u00f6zi k\u00f6lt\u00f6ztet\u00e9sek<\/li>\n<li>\u00c1thelyez\u00e9sek<\/li>\n<li>H\u00e1ztart\u00e1si k\u00f6lt\u00f6ztet\u00e9sek<\/li>\n<li>V\u00e1llalati k\u00f6lt\u00f6ztet\u00e9sek<\/li>\n<li>Csomagol\u00e1si szolg\u00e1ltat\u00e1sok<\/li>\n<li>Szakmailag k\u00e9pzett szem\u00e9lyzet<\/li>\n<li>V\u00e1m\u00fcgyn\u00f6k\u00f6k<\/li>\n<li>Sz\u00e1razf\u00f6ldi, tengeri \u00e9s l\u00e9gi \u00e1rusz\u00e1ll\u00edt\u00e1s<\/li>\n<li>Biztons\u00e1gos t\u00e1rol\u00e1si megold\u00e1sok<\/li>\n<\/ul>\n<p>A Latino Express egy 1979-ben alap\u00edtott teher- \u00e9s k\u00f6lt\u00f6ztet\u0151 c\u00e9g, amely orsz\u00e1gos \u00e9s nemzetk\u00f6zi k\u00f6lt\u00f6ztet\u00e9st, valamint k\u00f6lt\u00f6ztet\u00e9si szolg\u00e1ltat\u00e1sokat k\u00edn\u00e1l. Nemzetk\u00f6zi k\u00f6lt\u00f6ztet\u0151 c\u00e9gek h\u00e1l\u00f3zat\u00e1val dolgoznak egy\u00fctt, hogy seg\u00edtsenek a k\u00f6lt\u00f6ztet\u00e9si szolg\u00e1ltat\u00e1sok ny\u00fajt\u00e1s\u00e1ban a vil\u00e1g minden t\u00e1j\u00e1n. Az IAM tagjak\u00e9nt 43 \u00e9ves szolg\u00e1lati id\u0151vel rendelkeznek.<\/p>\n<p>A Latino Express professzion\u00e1lis k\u00f6lt\u00f6ztet\u00e9si szolg\u00e1ltat\u00e1st ny\u00fajt, amely mag\u00e1ban foglalja a h\u00e1ztart\u00e1si \u00e9s v\u00e1llalati k\u00f6lt\u00f6ztet\u00e9st. K\u00e9pzett szem\u00e9lyzet \u00e1ltal ny\u00fajtott csomagol\u00e1si szolg\u00e1ltat\u00e1st ny\u00fajtanak, amely megv\u00e9di a holmij\u00e1t, \u00e9s megszervezik a sz\u00e1razf\u00f6ldi, tengeri vagy l\u00e9gi sz\u00e1ll\u00edt\u00e1st, valamint seg\u00edts\u00e9get ny\u00fajtanak a v\u00e1m\u00fcgyint\u00e9z\u00e9sben. Ha sz\u00fcks\u00e9ge van r\u00e1, biztons\u00e1gos t\u00e1rol\u00e1si megold\u00e1sokat is k\u00edn\u00e1lnak.<\/p>\n<p>Weboldal: <a href=\"http:\/\/www.latinoexpress.com.do\" target=\"_blank\" rel=\"noopener\">http:\/\/www.latinoexpress.com.do<\/a><\/p>","protected":false},"excerpt":{"rendered":"<p>If you are moving home or relocating your business in the Dominican Republic, or to or from the Dominican Republic, you might be looking for some assistance. A moving or relocation company could help ease your move and take away some of the stress. Below we have compiled a list of Dominican Republic removal companies [&hellip;]<\/p>\n","protected":false},"author":4,"featured_media":0,"parent":190,"menu_order":0,"comment_status":"closed","ping_status":"closed","template":"","meta":{"_genesis_hide_title":false,"_genesis_hide_breadcrumbs":false,"_genesis_hide_singular_image":false,"_genesis_hide_footer_widgets":false,"_genesis_custom_body_class":"","_genesis_custom_post_class":"","_genesis_layout":"","footnotes":""},"class_list":{"0":"post-6036","1":"page","2":"type-page","3":"status-publish","5":"entry","6":"has-post-thumbnail"},"_links":{"self":[{"href":"https:\/\/moverdb.com\/hu\/wp-json\/wp\/v2\/pages\/6036","targetHints":{"allow":["GET"]}}],"collection":[{"href":"https:\/\/moverdb.com\/hu\/wp-json\/wp\/v2\/pages"}],"about":[{"href":"https:\/\/moverdb.com\/hu\/wp-json\/wp\/v2\/types\/page"}],"author":[{"embeddable":true,"href":"https:\/\/moverdb.com\/hu\/wp-json\/wp\/v2\/users\/4"}],"replies":[{"embeddable":true,"href":"https:\/\/moverdb.com\/hu\/wp-json\/wp\/v2\/comments?post=6036"}],"version-history":[{"count":1,"href":"https:\/\/moverdb.com\/hu\/wp-json\/wp\/v2\/pages\/6036\/revisions"}],"predecessor-version":[{"id":6037,"href":"https:\/\/moverdb.com\/hu\/wp-json\/wp\/v2\/pages\/6036\/revisions\/6037"}],"up":[{"embeddable":true,"href":"https:\/\/moverdb.com\/hu\/wp-json\/wp\/v2\/pages\/190"}],"wp:attachment":[{"href":"https:\/\/moverdb.com\/hu\/wp-json\/wp\/v2\/media?parent=6036"}],"curies":[{"name":"wp","href":"https:\/\/api.w.org\/{rel}","templated":true}]}}