{"id":6015,"date":"2023-02-01T13:48:20","date_gmt":"2023-02-01T13:48:20","guid":{"rendered":"https:\/\/moverdb.com\/?page_id=6015"},"modified":"2026-01-08T15:29:16","modified_gmt":"2026-01-08T15:29:16","slug":"moving-companies-costa-rica","status":"publish","type":"page","link":"https:\/\/moverdb.com\/hu\/moving-companies\/moving-companies-costa-rica\/","title":{"rendered":"6 legjobb nemzetk\u00f6zi k\u00f6lt\u00f6ztet\u0151 c\u00e9gek Costa Rica-ban"},"content":{"rendered":"<p>\u00d6n k\u00f6lt\u00f6zik vagy k\u00f6lt\u00f6zik <a href=\"https:\/\/moverdb.com\/hu\/moving-to-costa-rica\/\" data-internallinksmanager029f6b8e52c=\"427\" title=\"Costa Ric\u00e1ba k\u00f6lt\u00f6zik? 2023 \u00c9letk\u00f6lts\u00e9gek \u00e9s k\u00f6lt\u00f6z\u00e9si tippek\">Costa Rica<\/a>, vagy Costa Ric\u00e1n bel\u00fcl k\u00f6lt\u00f6zik? Akkor lehet, hogy \u00e9rdekli n\u00e9mi seg\u00edts\u00e9g a k\u00f6lt\u00f6z\u00e9s minden holmij\u00e1t, mivel ez \u00f6sszetett lehet, k\u00fcl\u00f6n\u00f6sen, ha orsz\u00e1gokba k\u00f6lt\u00f6zik. Az al\u00e1bbiakban \u00f6ssze\u00e1ll\u00edtottunk egy list\u00e1t a Costa Rica-i <a href=\"https:\/\/moverdb.com\/hu\/international-removals\/\" data-internallinksmanager029f6b8e52c=\"27\" title=\"36 legjobb nemzetk\u00f6zi k\u00f6lt\u00f6ztet\u0151 c\u00e9gek az Egyes\u00fclt Kir\u00e1lys\u00e1gban\">k\u00f6lt\u00f6ztet\u0151 c\u00e9gek<\/a> amelyek tagjai a <a href=\"https:\/\/moverdb.com\/hu\/iam\/\" data-internallinksmanager029f6b8e52c=\"23\" title=\"A K\u00f6lt\u00f6ztet\u0151k Nemzetk\u00f6zi Sz\u00f6vets\u00e9ge (IAM) magyar\u00e1zata\">K\u00f6lt\u00f6ztet\u0151k Nemzetk\u00f6zi Sz\u00f6vets\u00e9ge<\/a> (IAM) \u00e9s\/vagy <a href=\"https:\/\/moverdb.com\/hu\/fidi-faim\/\" data-internallinksmanager029f6b8e52c=\"16\" title=\"FIDI &amp; FAIM (FIDI akkredit\u00e1lt nemzetk\u00f6zi fuvaroz\u00f3) magyar\u00e1zata\">FIDI<\/a> Akkredit\u00e1lt nemzetk\u00f6zi k\u00f6lt\u00f6ztet\u0151 (FAIM), aki seg\u00edthet \u00d6nnek.<\/p>\n<div id=\"ez-toc-container\" class=\"ez-toc-v2_0_82_2 ez-toc-wrap-left counter-hierarchy ez-toc-counter ez-toc-transparent ez-toc-container-direction\">\n<div class=\"ez-toc-title-container\">\n<p class=\"ez-toc-title\" style=\"cursor:inherit\">Szakaszok<\/p>\n<span class=\"ez-toc-title-toggle\"><a href=\"#\" class=\"ez-toc-pull-right ez-toc-btn ez-toc-btn-xs ez-toc-btn-default ez-toc-toggle\" aria-label=\"Toggle Tartalomjegyz\u00e9k\"><span class=\"ez-toc-js-icon-con\"><span class=\"\"><span class=\"eztoc-hide\" style=\"display:none;\">Toggle<\/span><span class=\"ez-toc-icon-toggle-span\"><svg style=\"fill: #999;color:#999\" xmlns=\"http:\/\/www.w3.org\/2000\/svg\" class=\"list-377408\" width=\"20px\" height=\"20px\" viewbox=\"0 0 24 24\" fill=\"none\"><path d=\"M6 6H4v2h2V6zm14 0H8v2h12V6zM4 11h2v2H4v-2zm16 0H8v2h12v-2zM4 16h2v2H4v-2zm16 0H8v2h12v-2z\" fill=\"currentColor\"><\/path><\/svg><svg style=\"fill: #999;color:#999\" class=\"arrow-unsorted-368013\" xmlns=\"http:\/\/www.w3.org\/2000\/svg\" width=\"10px\" height=\"10px\" viewbox=\"0 0 24 24\" version=\"1.2\" baseprofile=\"tiny\"><path d=\"M18.2 9.3l-6.2-6.3-6.2 6.3c-.2.2-.3.4-.3.7s.1.5.3.7c.2.2.4.3.7.3h11c.3 0 .5-.1.7-.3.2-.2.3-.5.3-.7s-.1-.5-.3-.7zM5.8 14.7l6.2 6.3 6.2-6.3c.2-.2.3-.5.3-.7s-.1-.5-.3-.7c-.2-.2-.4-.3-.7-.3h-11c-.3 0-.5.1-.7.3-.2.2-.3.5-.3.7s.1.5.3.7z\"\/><\/svg><\/span><\/span><\/span><\/a><\/span><\/div>\n<nav><ul class='ez-toc-list ez-toc-list-level-1 eztoc-toggle-hide-by-default' ><li class='ez-toc-page-1 ez-toc-heading-level-2'><a class=\"ez-toc-link ez-toc-heading-1\" href=\"https:\/\/moverdb.com\/hu\/moving-companies\/moving-companies-costa-rica\/#1_Allianz_Moving\" >1. Allianz Mozg\u00e1s<\/a><\/li><li class='ez-toc-page-1 ez-toc-heading-level-2'><a class=\"ez-toc-link ez-toc-heading-2\" href=\"https:\/\/moverdb.com\/hu\/moving-companies\/moving-companies-costa-rica\/#2_Gateway_Moving_and_Relocation\" >2. Gateway K\u00f6lt\u00f6ztet\u00e9s \u00e9s k\u00f6lt\u00f6ztet\u00e9s<\/a><\/li><li class='ez-toc-page-1 ez-toc-heading-level-2'><a class=\"ez-toc-link ez-toc-heading-3\" href=\"https:\/\/moverdb.com\/hu\/moving-companies\/moving-companies-costa-rica\/#3_Inter_Moves_SG_Global\" >3. Inter Moves SG Global<\/a><\/li><li class='ez-toc-page-1 ez-toc-heading-level-2'><a class=\"ez-toc-link ez-toc-heading-4\" href=\"https:\/\/moverdb.com\/hu\/moving-companies\/moving-companies-costa-rica\/#4_Mudanzas_Mundiales\" >4. Mudanzas Mundiales<\/a><\/li><li class='ez-toc-page-1 ez-toc-heading-level-2'><a class=\"ez-toc-link ez-toc-heading-5\" href=\"https:\/\/moverdb.com\/hu\/moving-companies\/moving-companies-costa-rica\/#5_Multimodal\" >5. Multimod\u00e1lis<\/a><\/li><li class='ez-toc-page-1 ez-toc-heading-level-2'><a class=\"ez-toc-link ez-toc-heading-6\" href=\"https:\/\/moverdb.com\/hu\/moving-companies\/moving-companies-costa-rica\/#6_Winmovers\" >6. Winmovers<\/a><\/li><li class='ez-toc-page-1 ez-toc-heading-level-2'><a class=\"ez-toc-link ez-toc-heading-7\" href=\"https:\/\/moverdb.com\/hu\/moving-companies\/moving-companies-costa-rica\/#Other_Useful_Guides_to_Costa_Rica\" >Egy\u00e9b hasznos \u00fatmutat\u00f3k Costa Ric\u00e1hoz<\/a><\/li><\/ul><\/nav><\/div>\n<h2><span class=\"ez-toc-section\" id=\"1_Allianz_Moving\"><\/span><strong>1. Allianz Mozg\u00e1s<\/strong><span class=\"ez-toc-section-end\"><\/span><\/h2>\n<p><img loading=\"lazy\" decoding=\"async\" class=\"alignnone size-full wp-image-5925\" src=\"https:\/\/moverdb.com\/wp-content\/uploads\/Allianz-Moving-international-moving-company.png\" alt=\"Allianz Moving nemzetk\u00f6zi k\u00f6lt\u00f6ztet\u0151 c\u00e9g\" width=\"1440\" height=\"684\" data-wp-pid=\"5925\" srcset=\"https:\/\/moverdb.com\/wp-content\/uploads\/Allianz-Moving-international-moving-company.png 1440w, https:\/\/moverdb.com\/wp-content\/uploads\/Allianz-Moving-international-moving-company-300x143.png 300w, https:\/\/moverdb.com\/wp-content\/uploads\/Allianz-Moving-international-moving-company-1024x486.png 1024w, https:\/\/moverdb.com\/wp-content\/uploads\/Allianz-Moving-international-moving-company-18x9.png 18w, https:\/\/moverdb.com\/wp-content\/uploads\/Allianz-Moving-international-moving-company-600x285.png 600w\" sizes=\"auto, (max-width: 1440px) 100vw, 1440px\" \/><\/p>\n<ul>\n<li>Helyi \u00e9s orsz\u00e1gos k\u00f6lt\u00f6z\u00e9sek<\/li>\n<li>Nemzetk\u00f6zi k\u00f6lt\u00f6z\u00e9sek<\/li>\n<li>K\u00f6lt\u00f6ztet\u00e9si szolg\u00e1ltat\u00e1sok<\/li>\n<li>Lakoss\u00e1gi k\u00f6lt\u00f6z\u00e9sek<\/li>\n<li>Irodai k\u00f6lt\u00f6z\u00e9sek<\/li>\n<li>Csomagol\u00e1si szolg\u00e1ltat\u00e1s<\/li>\n<li>Biztos\u00edt\u00e1s<\/li>\n<li>H\u00e1zi\u00e1llat mozgat\u00e1sa<\/li>\n<li><a href=\"https:\/\/moverdb.com\/hu\/car-transport-shipping\/\" data-internallinksmanager029f6b8e52c=\"2\" title=\"2026 Nemzetk\u00f6zi aut\u00f3sz\u00e1ll\u00edt\u00e1s \u00e9s j\u00e1rm\u0171sz\u00e1ll\u00edt\u00e1s \u00e1raj\u00e1nlatok\">Aut\u00f3sz\u00e1ll\u00edt\u00e1s<\/a><\/li>\n<li>Rakt\u00e1roz\u00e1si lehet\u0151s\u00e9gek<\/li>\n<\/ul>\n<p>Az Allianz Moving egy nemzetk\u00f6zi k\u00f6lt\u00f6z\u00e9si megold\u00e1sok szolg\u00e1ltat\u00f3ja, amely t\u00f6bb mint 20 \u00e9ves tapasztalattal rendelkezik helyi k\u00f6lt\u00f6z\u00e9sek \u00e9s glob\u00e1lis k\u00f6lt\u00f6ztet\u00e9sek ter\u00e9n. Nemzetk\u00f6zi k\u00f6lt\u00f6ztet\u00e9seket a k\u00f6lt\u00f6ztet\u0151 partnerek glob\u00e1lis h\u00e1l\u00f3zat\u00e1n kereszt\u00fcl biztos\u00edtanak. Az IAM tagjak\u00e9nt 7 \u00e9ves tapasztalattal rendelkeznek.<\/p>\n<p>Az Allianz Moving felm\u00e9r\u00e9st k\u00e9sz\u00edt a k\u00f6lt\u00f6z\u00e9s el\u0151tt, hogy felm\u00e9rje az \u00d6n ig\u00e9nyeit, \u00e9s \u00e1raj\u00e1nlatot adjon. Csomagol\u00e1si szolg\u00e1ltat\u00e1st ny\u00fajtanak \u00d6nnek, amely megv\u00e9di a holmij\u00e1t, \u00e9s megszervezik a holmij\u00e1nak sz\u00e1ll\u00edt\u00e1s\u00e1t, bele\u00e9rtve a v\u00e1mkezel\u00e9st is. Tov\u00e1bbi nemzetk\u00f6zi k\u00f6lt\u00f6ztet\u00e9si szolg\u00e1ltat\u00e1sokat is ny\u00fajtanak h\u00e1zi\u00e1llatok \u00e9s aut\u00f3k sz\u00e1m\u00e1ra, valamint r\u00f6vid \u00e9s hossz\u00fa t\u00e1v\u00fa t\u00e1rol\u00e1si lehet\u0151s\u00e9geket.<\/p>\n<p>Weboldal: <a href=\"http:\/\/www.allianzmoving.com\" target=\"_blank\" rel=\"noopener\">http:\/\/www.allianzmoving.com<\/a><\/p>\n<h2><span class=\"ez-toc-section\" id=\"2_Gateway_Moving_and_Relocation\"><\/span><strong>2. Gateway K\u00f6lt\u00f6ztet\u00e9s \u00e9s k\u00f6lt\u00f6ztet\u00e9s<\/strong><span class=\"ez-toc-section-end\"><\/span><\/h2>\n<p><img loading=\"lazy\" decoding=\"async\" class=\"alignnone size-full wp-image-5949\" src=\"https:\/\/moverdb.com\/wp-content\/uploads\/Gateway-Moving-and-Relocation-international-moving-company.png\" alt=\"Gateway Moving and Relocation nemzetk\u00f6zi k\u00f6lt\u00f6ztet\u0151 c\u00e9g\" width=\"1440\" height=\"683\" data-wp-pid=\"5949\" srcset=\"https:\/\/moverdb.com\/wp-content\/uploads\/Gateway-Moving-and-Relocation-international-moving-company.png 1440w, https:\/\/moverdb.com\/wp-content\/uploads\/Gateway-Moving-and-Relocation-international-moving-company-300x142.png 300w, https:\/\/moverdb.com\/wp-content\/uploads\/Gateway-Moving-and-Relocation-international-moving-company-1024x486.png 1024w, https:\/\/moverdb.com\/wp-content\/uploads\/Gateway-Moving-and-Relocation-international-moving-company-18x9.png 18w, https:\/\/moverdb.com\/wp-content\/uploads\/Gateway-Moving-and-Relocation-international-moving-company-600x285.png 600w\" sizes=\"auto, (max-width: 1440px) 100vw, 1440px\" \/><\/p>\n<ul>\n<li>Helyi \u00e9s orsz\u00e1gos k\u00f6lt\u00f6z\u00e9sek<\/li>\n<li>Nemzetk\u00f6zi k\u00f6lt\u00f6z\u00e9sek<\/li>\n<li>Lakoss\u00e1gi k\u00f6lt\u00f6z\u00e9sek<\/li>\n<li>Ipari \u00e9s irodai k\u00f6lt\u00f6ztet\u00e9sek<\/li>\n<li>Szem\u00e9lyre szabott k\u00f6lt\u00f6ztet\u00e9si csomagok<\/li>\n<li>Csomagol\u00e1si \u00e9s csomagol\u00e1si szolg\u00e1ltat\u00e1sok<\/li>\n<li>Kiv\u00e1l\u00f3 min\u0151s\u00e9g\u0171 berendez\u00e9sek<\/li>\n<li>V\u00e1m\u00fcgyn\u00f6ki tev\u00e9kenys\u00e9g<\/li>\n<li>J\u00e1rm\u0171sz\u00e1ll\u00edt\u00e1s<\/li>\n<li>Rakt\u00e1roz\u00e1si lehet\u0151s\u00e9gek<\/li>\n<\/ul>\n<p>A Gateway Moving and Relocation egy csal\u00e1di tulajdonban l\u00e9v\u0151 k\u00f6lt\u00f6ztet\u0151 \u00e9s k\u00f6lt\u00f6ztet\u0151 c\u00e9g, amelynek sz\u00e9khelye a k\u00f6vetkez\u0151 v\u00e1rosban tal\u00e1lhat\u00f3 <a href=\"https:\/\/moverdb.com\/hu\/moving-to-san-jose\/\" data-internallinksmanager029f6b8e52c=\"64\" title=\"San Jos\u00e9ba k\u00f6lt\u00f6zik? 2022 Lakhat\u00e1si k\u00f6lts\u00e9gek \u00e9s k\u00f6lt\u00f6z\u00e9si tippek\">San Jose<\/a> irod\u00e1val a <a href=\"https:\/\/moverdb.com\/hu\/moving-companies\/moving-companies-nicaragua\/\" data-internallinksmanager029f6b8e52c=\"278\" title=\"A legjobb nemzetk\u00f6zi k\u00f6lt\u00f6ztet\u0151 c\u00e9gek Nicaragu\u00e1ban\">Nicaragua<\/a>. M\u00e1s k\u00f6lt\u00f6ztet\u0151 \u00fcgyn\u00f6k\u00f6kkel egy\u00fcttm\u0171k\u00f6dve vil\u00e1gszerte nemzetk\u00f6zi szolg\u00e1ltat\u00e1st ny\u00fajtanak. Tagjai az IAM-nek 6 \u00e9ves szolg\u00e1lati id\u0151vel.<\/p>\n<p>A Gateway Moving and Relocation szem\u00e9lyre szabott k\u00f6lt\u00f6ztet\u00e9si csomagokat k\u00edn\u00e1l, amelyek az \u00d6n ig\u00e9nyeihez igazodnak. Olyan csomagol\u00e1si szolg\u00e1ltat\u00e1st ny\u00fajtanak, amely megv\u00e9di a t\u00e1rgyait a sz\u00e1ll\u00edt\u00e1s sor\u00e1n, \u00e9s ez a finom csomagol\u00e1st\u00f3l kezdve mindent mag\u00e1ban foglal. <a href=\"https:\/\/moverdb.com\/hu\/moving-to-china\/\" data-internallinksmanager029f6b8e52c=\"357\" title=\"K\u00edn\u00e1ba k\u00f6lt\u00f6zik? 2023 Meg\u00e9lhet\u00e9si k\u00f6lts\u00e9gek \u00e9s k\u00f6lt\u00f6z\u00e9si tippek\">porcel\u00e1n<\/a> a hangszerekhez \u00e9s a terjedelmes b\u00fatorokhoz. V\u00e1m\u00fcgyn\u00f6ki szolg\u00e1ltat\u00e1sokat, j\u00e1rm\u0171sz\u00e1ll\u00edt\u00e1si szolg\u00e1ltat\u00e1sokat \u00e9s t\u00e1rol\u00e1si szolg\u00e1ltat\u00e1sokat ny\u00fajtanak a k\u00f6lt\u00f6z\u00e9s el\u0151tt vagy ut\u00e1n.<\/p>\n<p>Weboldal: <a href=\"https:\/\/www.gatewaymovingcr.com\" target=\"_blank\" rel=\"noopener\">https:\/\/www.gatewaymovingcr.com<\/a><\/p>\n<h2><span class=\"ez-toc-section\" id=\"3_Inter_Moves_SG_Global\"><\/span><strong>3. Inter Moves SG Global<\/strong><span class=\"ez-toc-section-end\"><\/span><\/h2>\n<p><img loading=\"lazy\" decoding=\"async\" class=\"alignnone size-full wp-image-5959\" src=\"https:\/\/moverdb.com\/wp-content\/uploads\/Inter-Moves-SG-Global-international-moving-company.png\" alt=\"Inter Moves SG Glob\u00e1lis nemzetk\u00f6zi k\u00f6lt\u00f6ztet\u0151 c\u00e9g\" width=\"1440\" height=\"684\" data-wp-pid=\"5959\" srcset=\"https:\/\/moverdb.com\/wp-content\/uploads\/Inter-Moves-SG-Global-international-moving-company.png 1440w, https:\/\/moverdb.com\/wp-content\/uploads\/Inter-Moves-SG-Global-international-moving-company-300x143.png 300w, https:\/\/moverdb.com\/wp-content\/uploads\/Inter-Moves-SG-Global-international-moving-company-1024x486.png 1024w, https:\/\/moverdb.com\/wp-content\/uploads\/Inter-Moves-SG-Global-international-moving-company-18x9.png 18w, https:\/\/moverdb.com\/wp-content\/uploads\/Inter-Moves-SG-Global-international-moving-company-600x285.png 600w\" sizes=\"auto, (max-width: 1440px) 100vw, 1440px\" \/><\/p>\n<ul>\n<li>Helyi \u00e9s orsz\u00e1gos k\u00f6lt\u00f6z\u00e9sek<\/li>\n<li>Nemzetk\u00f6zi k\u00f6lt\u00f6z\u00e9sek<\/li>\n<li>H\u00e1ztart\u00e1si k\u00f6lt\u00f6z\u00e9sek<\/li>\n<li>Irod\u00e1k k\u00f6lt\u00f6z\u00e9se<\/li>\n<li>Csomagol\u00e1si szolg\u00e1ltat\u00e1sok<\/li>\n<li>V\u00e1m\u00fcgyn\u00f6k<\/li>\n<li>R\u00e9gis\u00e9gek \u00e9s m\u0171t\u00e1rgyak k\u00f6lt\u00f6ztet\u00e9se<\/li>\n<li>J\u00e1rm\u0171sz\u00e1ll\u00edt\u00e1s<\/li>\n<li>Biztos\u00edt\u00e1si lehet\u0151s\u00e9gek<\/li>\n<li>Rakt\u00e1roz\u00e1si lehet\u0151s\u00e9gek<\/li>\n<\/ul>\n<p>Az Inter Moves SG Global egy 2001-ben alap\u00edtott sz\u00e1ll\u00edtm\u00e1nyoz\u00e1si \u00e9s nemzetk\u00f6zi k\u00f6lt\u00f6ztet\u00e9si szolg\u00e1ltat\u00f3. Helyi, orsz\u00e1gos \u00e9s nemzetk\u00f6zi k\u00f6lt\u00f6ztet\u00e9si szolg\u00e1ltat\u00e1sokat k\u00edn\u00e1lnak mind h\u00e1ztart\u00e1sok, mind irod\u00e1k sz\u00e1m\u00e1ra. Az IAM tagjak\u00e9nt 21 \u00e9ves szolg\u00e1lati id\u0151vel rendelkeznek.<\/p>\n<p>Az Inter Moves SG Global professzion\u00e1lis k\u00f6lt\u00f6ztet\u00e9si szolg\u00e1ltat\u00e1st k\u00edn\u00e1l, amely becsomagolja a holmij\u00e1t, \u00e9s gondoskodik a kont\u00e9nerekbe \u00e9s l\u00e1d\u00e1kba val\u00f3 berakod\u00e1sr\u00f3l, valamint a c\u00e9l\u00e1llom\u00e1sra t\u00f6rt\u00e9n\u0151 sz\u00e1ll\u00edt\u00e1sr\u00f3l, bele\u00e9rtve a v\u00e1m\u00fcgyint\u00e9z\u00e9st is. Biztos\u00edt\u00e1si k\u00f6zvet\u00edt\u00e9st k\u00edn\u00e1lnak, hogy megtal\u00e1lj\u00e1k a legjobb biztos\u00edt\u00e1si fedezetet a k\u00f6lt\u00f6z\u00e9shez. M\u00e9g Bed &amp; Breakfast Hotelt is biztos\u00edtanak azoknak a k\u00f6lt\u00f6z\u0151knek, akiknek ideiglenes sz\u00e1ll\u00e1sra van sz\u00fcks\u00e9g\u00fck.<\/p>\n<p>Weboldal: <a href=\"http:\/\/www.InterMoves-SGCR.com\" target=\"_blank\" rel=\"noopener\">http:\/\/www.InterMoves-SGCR.com<\/a><\/p>\n<h2><span class=\"ez-toc-section\" id=\"4_Mudanzas_Mundiales\"><\/span><strong>4. Mudanzas Mundiales<\/strong><span class=\"ez-toc-section-end\"><\/span><\/h2>\n<p><img loading=\"lazy\" decoding=\"async\" class=\"alignnone size-full wp-image-5981\" src=\"https:\/\/moverdb.com\/wp-content\/uploads\/Mudanzas-Mundiales-international-moving-company.png\" alt=\"Mudanzas Mundiales nemzetk\u00f6zi k\u00f6lt\u00f6ztet\u0151 c\u00e9g\" width=\"1440\" height=\"680\" data-wp-pid=\"5981\" srcset=\"https:\/\/moverdb.com\/wp-content\/uploads\/Mudanzas-Mundiales-international-moving-company.png 1440w, https:\/\/moverdb.com\/wp-content\/uploads\/Mudanzas-Mundiales-international-moving-company-300x142.png 300w, https:\/\/moverdb.com\/wp-content\/uploads\/Mudanzas-Mundiales-international-moving-company-1024x484.png 1024w, https:\/\/moverdb.com\/wp-content\/uploads\/Mudanzas-Mundiales-international-moving-company-18x9.png 18w, https:\/\/moverdb.com\/wp-content\/uploads\/Mudanzas-Mundiales-international-moving-company-600x283.png 600w\" sizes=\"auto, (max-width: 1440px) 100vw, 1440px\" \/><\/p>\n<ul>\n<li>Nemzetk\u00f6zi k\u00f6lt\u00f6z\u00e9sek<\/li>\n<li>Lakoss\u00e1gi k\u00f6lt\u00f6z\u00e9sek<\/li>\n<li>Kereskedelmi k\u00f6lt\u00f6z\u00e9sek<\/li>\n<li>K\u00f6lt\u00f6ztet\u00e9si szolg\u00e1ltat\u00e1sok<\/li>\n<li>Professzion\u00e1lis csomagol\u00e1si szolg\u00e1ltat\u00e1s<\/li>\n<li>Sz\u00e1ll\u00edt\u00e1s sz\u00e1razf\u00f6ld\u00f6n, tengeren vagy leveg\u0151ben<\/li>\n<li>V\u00e1m\u00fcgyn\u00f6k<\/li>\n<li>M\u0171v\u00e9szeti alkot\u00e1sok sz\u00e1ll\u00edt\u00e1sa<\/li>\n<li>H\u00e1zi\u00e1llat sz\u00e1ll\u00edt\u00e1s<\/li>\n<li>Rakt\u00e1roz\u00e1si lehet\u0151s\u00e9gek<\/li>\n<\/ul>\n<p>A Mudanzas Mundiales egy k\u00f6lt\u00f6ztet\u0151 c\u00e9g, amely t\u00f6bb mint 60 \u00e9ves tapasztalattal rendelkezik az integr\u00e1lt logisztika \u00e9s a nemzetk\u00f6zi kereskedelem ter\u00fclet\u00e9n. Irod\u00e1ik San Jos\u00e9ban \u00e9s Nicaragu\u00e1ban vannak. Az IAM tagja 53 \u00e9ves szolg\u00e1lati id\u0151vel, \u00e9s a FIDI \u00e1ltal akkredit\u00e1ltak.<\/p>\n<p>A Mudanzas Mundiales szem\u00e9lyre szabott megk\u00f6zel\u00edt\u00e9st k\u00edn\u00e1l a k\u00f6lt\u00f6z\u00e9sekhez, h\u00e1zt\u00f3l-h\u00e1zig szolg\u00e1ltat\u00e1ssal, amely mag\u00e1ban foglalja a csomagol\u00e1si szolg\u00e1ltat\u00e1st, amely kiv\u00e1l\u00f3 min\u0151s\u00e9g\u0171 anyagokat haszn\u00e1l, a kicsomagol\u00e1son \u00e9s a b\u00fatorok elrendez\u00e9s\u00e9n kereszt\u00fcl. Megszervezik a sz\u00e1razf\u00f6ldi, tengeri vagy l\u00e9gi sz\u00e1ll\u00edt\u00e1st, v\u00e1m\u00fcgyn\u00f6ki tev\u00e9kenys\u00e9ggel \u00e9s biztos\u00edt\u00e1ssal. K\u00f6lt\u00f6ztet\u00e9si szolg\u00e1ltat\u00e1saik seg\u00edtenek \u00d6nnek a t\u00e1j\u00e9koz\u00f3d\u00e1sban, az otthon- \u00e9s iskolakeres\u00e9sben, a meg\u00e9rkez\u00e9si szolg\u00e1ltat\u00e1sokban, valamint a nyelvi \u00e9s kultur\u00e1lis k\u00e9pz\u00e9sben.<\/p>\n<p>Weboldal: <a href=\"http:\/\/mudanzasmundiales.com\" target=\"_blank\" rel=\"noopener\">http:\/\/mudanzasmundiales.com<\/a><\/p>\n<h2><span class=\"ez-toc-section\" id=\"5_Multimodal\"><\/span><strong>5. Multimod\u00e1lis<\/strong><span class=\"ez-toc-section-end\"><\/span><\/h2>\n<p><img loading=\"lazy\" decoding=\"async\" class=\"alignnone size-full wp-image-5984\" src=\"https:\/\/moverdb.com\/wp-content\/uploads\/Multimodal-international-moving-company.png\" alt=\"Multimod\u00e1lis nemzetk\u00f6zi k\u00f6lt\u00f6ztet\u0151 c\u00e9g\" width=\"1440\" height=\"680\" data-wp-pid=\"5984\" srcset=\"https:\/\/moverdb.com\/wp-content\/uploads\/Multimodal-international-moving-company.png 1440w, https:\/\/moverdb.com\/wp-content\/uploads\/Multimodal-international-moving-company-300x142.png 300w, https:\/\/moverdb.com\/wp-content\/uploads\/Multimodal-international-moving-company-1024x484.png 1024w, https:\/\/moverdb.com\/wp-content\/uploads\/Multimodal-international-moving-company-18x9.png 18w, https:\/\/moverdb.com\/wp-content\/uploads\/Multimodal-international-moving-company-600x283.png 600w\" sizes=\"auto, (max-width: 1440px) 100vw, 1440px\" \/><\/p>\n<ul>\n<li>Nemzetk\u00f6zi k\u00f6lt\u00f6z\u00e9sek<\/li>\n<li>Lakoss\u00e1gi k\u00f6lt\u00f6z\u00e9sek<\/li>\n<li>Irodai k\u00f6lt\u00f6z\u00e9sek<\/li>\n<li>A sz\u00e1ll\u00edtm\u00e1nyok kezel\u00e9se \u00e9s nyomon k\u00f6vet\u00e9se<\/li>\n<li>Sz\u00e1razf\u00f6ldi, tengeri \u00e9s l\u00e9gi sz\u00e1ll\u00edt\u00e1s<\/li>\n<li>V\u00e1m\u00fcgyn\u00f6ki tev\u00e9kenys\u00e9g<\/li>\n<li>Rakom\u00e1nybiztos\u00edt\u00e1s<\/li>\n<li>H\u00e1zi\u00e1llatok sz\u00e1ll\u00edt\u00e1sa<\/li>\n<li>J\u00e1rm\u0171sz\u00e1ll\u00edt\u00e1s<\/li>\n<li>Rakt\u00e1roz\u00e1si lehet\u0151s\u00e9gek<\/li>\n<\/ul>\n<p>A Multimodal nemzetk\u00f6zi kereskedelemre \u00e9s v\u00e1m\u00fcgyekre szakosodott szolg\u00e1ltat\u00f3, amely k\u00f6lt\u00f6ztet\u00e9si szolg\u00e1ltat\u00e1sokat k\u00edn\u00e1l Costa Ric\u00e1ban \u00e9s Nicaragu\u00e1ban. A c\u00e9get 1999-ben alap\u00edtott\u00e1k, \u00e9s els\u0151sorban l\u00e9gi \u00e1rufuvaroz\u00e1st k\u00edn\u00e1lt, de kiterjesztette k\u00edn\u00e1lat\u00e1t valamennyi sz\u00e1ll\u00edt\u00e1si m\u00f3dra. Az IAM tagjak\u00e9nt 37 \u00e9ves szolg\u00e1lati id\u0151vel rendelkeznek, \u00e9s m\u00e1s \u00fcgyn\u00f6ks\u00e9gekkel egy\u00fcttm\u0171k\u00f6dve ny\u00fajtj\u00e1k szolg\u00e1ltat\u00e1saikat nemzetk\u00f6zi szinten.<\/p>\n<p>A Multimodal biztons\u00e1gos \u00e9s megb\u00edzhat\u00f3 k\u00f6lt\u00f6ztet\u00e9si szolg\u00e1ltat\u00e1st k\u00edn\u00e1l, amely mentes a bonyodalmakt\u00f3l \u00e9s a felesleges k\u00f6lts\u00e9gekt\u0151l. Professzion\u00e1lis csomagol\u00e1si szolg\u00e1ltat\u00e1sokat ny\u00fajtanak a holmij\u00e1nak biztons\u00e1gos sz\u00e1ll\u00edt\u00e1sa \u00e9rdek\u00e9ben, \u00e9s megszervezik a sz\u00e1razf\u00f6ldi, tengeri vagy l\u00e9gi sz\u00e1ll\u00edt\u00e1st a v\u00e1m\u00fcgyn\u00f6ki tev\u00e9kenys\u00e9ggel egy\u00fctt.<\/p>\n<p>Weboldal: <a href=\"http:\/\/www.multimodalcr.com\" target=\"_blank\" rel=\"noopener\">http:\/\/www.multimodalcr.com<\/a><\/p>\n<h2><span class=\"ez-toc-section\" id=\"6_Winmovers\"><\/span><strong>6. Winmovers<\/strong><span class=\"ez-toc-section-end\"><\/span><\/h2>\n<p><img loading=\"lazy\" decoding=\"async\" class=\"alignnone size-full wp-image-6016\" src=\"https:\/\/moverdb.com\/wp-content\/uploads\/Winmovers-international-moving-company.png\" alt=\"Winmovers nemzetk\u00f6zi k\u00f6lt\u00f6ztet\u0151 c\u00e9g\" width=\"1440\" height=\"678\" data-wp-pid=\"6016\" srcset=\"https:\/\/moverdb.com\/wp-content\/uploads\/Winmovers-international-moving-company.png 1440w, https:\/\/moverdb.com\/wp-content\/uploads\/Winmovers-international-moving-company-300x141.png 300w, https:\/\/moverdb.com\/wp-content\/uploads\/Winmovers-international-moving-company-1024x482.png 1024w, https:\/\/moverdb.com\/wp-content\/uploads\/Winmovers-international-moving-company-18x8.png 18w, https:\/\/moverdb.com\/wp-content\/uploads\/Winmovers-international-moving-company-600x283.png 600w\" sizes=\"auto, (max-width: 1440px) 100vw, 1440px\" \/><\/p>\n<ul>\n<li>Helyi \u00e9s orsz\u00e1gos k\u00f6lt\u00f6z\u00e9sek<\/li>\n<li>Nemzetk\u00f6zi k\u00f6lt\u00f6z\u00e9sek<\/li>\n<li>H\u00e1ztart\u00e1si k\u00f6lt\u00f6z\u00e9sek<\/li>\n<li>\u00dczleti l\u00e9p\u00e9sek<\/li>\n<li>H\u00e1zt\u00f3l-h\u00e1zig szolg\u00e1ltat\u00e1s<\/li>\n<li>Professzion\u00e1lis csomagol\u00e1si szolg\u00e1ltat\u00e1s<\/li>\n<li>Ipari csomagol\u00e1s<\/li>\n<li>Sz\u00e1razf\u00f6ldi, l\u00e9gi \u00e9s tengeri sz\u00e1ll\u00edt\u00e1s<\/li>\n<li>Speci\u00e1lis cikkek, mint p\u00e9ld\u00e1ul zongora \u00e9s sz\u00e1m\u00edt\u00f3g\u00e9pes berendez\u00e9sek<\/li>\n<li>v\u00e1ltozatos teheraut\u00f3-flotta<\/li>\n<\/ul>\n<p>A Winmovers egy 2003-ban alap\u00edtott nemzetk\u00f6zi \u00e9s helyi k\u00f6lt\u00f6ztet\u0151 szolg\u00e1ltat\u00f3. Az IAM tagja 19 \u00e9ves szolg\u00e1lati id\u0151vel, \u00e9s a FIDI \u00e1ltal akkredit\u00e1ltak. Sz\u00e9les \u00e9s v\u00e1ltozatos teheraut\u00f3-flott\u00e1val rendelkeznek, amely megfelel a k\u00fcl\u00f6nb\u00f6z\u0151 sz\u00e1ll\u00edt\u00e1si ig\u00e9nyeknek.<\/p>\n<p>A Winmovers h\u00e1zt\u00f3l-h\u00e1zig szolg\u00e1ltat\u00e1st k\u00edn\u00e1l, amely mag\u00e1ban foglalja a szakk\u00e9pzett szem\u00e9lyzet \u00e1ltal ny\u00fajtott professzion\u00e1lis csomagol\u00e1si szolg\u00e1ltat\u00e1st, amely sz\u00e1mos csomagol\u00f3anyaggal, p\u00e9ld\u00e1ul dobozokkal, takar\u00f3kkal \u00e9s takar\u00f3kkal v\u00e9di a holmij\u00e1t. Saj\u00e1t tan\u00fas\u00edtott fadobozokat is k\u00e9sz\u00edtenek. Megszervezik a holmij\u00e1nak sz\u00e1razf\u00f6ldi, l\u00e9gi vagy tengeri sz\u00e1ll\u00edt\u00e1s\u00e1t.<\/p>\n<p>Weboldal: <a href=\"http:\/\/www.winmovers.com\" target=\"_blank\" rel=\"noopener\">http:\/\/www.winmovers.com<\/a><\/p>\n<h2><span class=\"ez-toc-section\" id=\"Other_Useful_Guides_to_Costa_Rica\"><\/span>Egy\u00e9b hasznos \u00fatmutat\u00f3k Costa Ric\u00e1hoz<span class=\"ez-toc-section-end\"><\/span><\/h2>\n<ul>\n<li> <a href=\"https:\/\/moverdb.com\/hu\/kontenerszallitas\/costa-rica\/\">2024 Tengeri tehersz\u00e1ll\u00edt\u00e1si kont\u00e9ner \u00e1rak Costa Ric\u00e1ba \u00e9s Costa Ric\u00e1b\u00f3l<\/a><\/li>\n<li> <a href=\"https:\/\/moverdb.com\/hu\/moving-to-costa-rica\/\">Costa Ric\u00e1ba k\u00f6lt\u00f6zik? 2023 \u00c9letk\u00f6lts\u00e9gek \u00e9s k\u00f6lt\u00f6z\u00e9si tippek<\/a><\/li>\n<li> <a href=\"https:\/\/moverdb.com\/hu\/moving-to-costa-rica\/living-in-costa-rica\/\">21 titkok a Costa Rica-i \u00e9letr\u0151l, hogy tudd, miel\u0151tt elk\u00f6lt\u00f6z\u00f6l<\/a><\/li>\n<\/ul>","protected":false},"excerpt":{"rendered":"<p>Are you moving to or from Costa Rica, or moving within Costa Rica? Then you might be interested in some help moving all of your belongings as it can be complex especially if you are moving countries. Below we have compiled a list of Costa Rican removal companies that are members of the International Association [&hellip;]<\/p>\n","protected":false},"author":4,"featured_media":0,"parent":190,"menu_order":0,"comment_status":"closed","ping_status":"closed","template":"","meta":{"_genesis_hide_title":false,"_genesis_hide_breadcrumbs":false,"_genesis_hide_singular_image":false,"_genesis_hide_footer_widgets":false,"_genesis_custom_body_class":"","_genesis_custom_post_class":"","_genesis_layout":"","footnotes":""},"class_list":{"0":"post-6015","1":"page","2":"type-page","3":"status-publish","5":"entry","6":"has-post-thumbnail"},"_links":{"self":[{"href":"https:\/\/moverdb.com\/hu\/wp-json\/wp\/v2\/pages\/6015","targetHints":{"allow":["GET"]}}],"collection":[{"href":"https:\/\/moverdb.com\/hu\/wp-json\/wp\/v2\/pages"}],"about":[{"href":"https:\/\/moverdb.com\/hu\/wp-json\/wp\/v2\/types\/page"}],"author":[{"embeddable":true,"href":"https:\/\/moverdb.com\/hu\/wp-json\/wp\/v2\/users\/4"}],"replies":[{"embeddable":true,"href":"https:\/\/moverdb.com\/hu\/wp-json\/wp\/v2\/comments?post=6015"}],"version-history":[{"count":2,"href":"https:\/\/moverdb.com\/hu\/wp-json\/wp\/v2\/pages\/6015\/revisions"}],"predecessor-version":[{"id":18296,"href":"https:\/\/moverdb.com\/hu\/wp-json\/wp\/v2\/pages\/6015\/revisions\/18296"}],"up":[{"embeddable":true,"href":"https:\/\/moverdb.com\/hu\/wp-json\/wp\/v2\/pages\/190"}],"wp:attachment":[{"href":"https:\/\/moverdb.com\/hu\/wp-json\/wp\/v2\/media?parent=6015"}],"curies":[{"name":"wp","href":"https:\/\/api.w.org\/{rel}","templated":true}]}}