{"id":5503,"date":"2023-02-01T12:35:20","date_gmt":"2023-02-01T12:35:20","guid":{"rendered":"https:\/\/moverdb.com\/?page_id=5503"},"modified":"2026-01-08T15:23:57","modified_gmt":"2026-01-08T15:23:57","slug":"brazil-koltozteto-cegek","status":"publish","type":"page","link":"https:\/\/moverdb.com\/hu\/moving-companies\/brazil-moving-companies\/","title":{"rendered":"25 legjobb nemzetk\u00f6zi k\u00f6lt\u00f6ztet\u0151 c\u00e9gek Braz\u00edli\u00e1ban"},"content":{"rendered":"<p>A k\u00f6lt\u00f6z\u00e9s stresszes id\u0151szak lehet, ez\u00e9rt a seg\u00edts\u00e9g is sokat sz\u00e1m\u00edthat. Ak\u00e1r k\u00f6lt\u00f6zik <a href=\"https:\/\/moverdb.com\/hu\/moving-to-brazil\/\" data-internallinksmanager029f6b8e52c=\"422\" title=\"Braz\u00edli\u00e1ba k\u00f6lt\u00f6zik? 2023 Meg\u00e9lhet\u00e9si k\u00f6lts\u00e9gek \u00e9s k\u00f6lt\u00f6z\u00e9si tippek\">Braz\u00edlia<\/a>, Braz\u00edli\u00e1ba vagy Braz\u00edli\u00e1b\u00f3l mag\u00e1nszem\u00e9lyk\u00e9nt, csal\u00e1dtagk\u00e9nt vagy v\u00e1llalkoz\u00e1sk\u00e9nt, hivat\u00e1sos szem\u00e9lyk\u00e9nt vagy v\u00e1llalkoz\u00e1sk\u00e9nt <a href=\"https:\/\/moverdb.com\/hu\/moving-companies\/\" data-internallinksmanager029f6b8e52c=\"79\" title=\"Top 25 nemzetk\u00f6zi k\u00f6lt\u00f6ztet\u0151 c\u00e9gek online\">k\u00f6lt\u00f6ztet\u0151 c\u00e9g<\/a> k\u00f6nny\u00edthet a terheken. Az al\u00e1bbiakban \u00f6ssze\u00e1ll\u00edtottunk egy list\u00e1t brazil <a href=\"https:\/\/moverdb.com\/hu\/international-removals\/\" data-internallinksmanager029f6b8e52c=\"27\" title=\"36 legjobb nemzetk\u00f6zi k\u00f6lt\u00f6ztet\u0151 c\u00e9gek az Egyes\u00fclt Kir\u00e1lys\u00e1gban\">k\u00f6lt\u00f6ztet\u0151 c\u00e9gek<\/a> amelyek tagjai a <a href=\"https:\/\/moverdb.com\/hu\/iam\/\" data-internallinksmanager029f6b8e52c=\"23\" title=\"A K\u00f6lt\u00f6ztet\u0151k Nemzetk\u00f6zi Sz\u00f6vets\u00e9ge (IAM) magyar\u00e1zata\">K\u00f6lt\u00f6ztet\u0151k Nemzetk\u00f6zi Sz\u00f6vets\u00e9ge<\/a> (IAM) \u00e9s\/vagy <a href=\"https:\/\/moverdb.com\/hu\/fidi-faim\/\" data-internallinksmanager029f6b8e52c=\"16\" title=\"FIDI &amp; FAIM (FIDI akkredit\u00e1lt nemzetk\u00f6zi fuvaroz\u00f3) magyar\u00e1zata\">FIDI<\/a> Akkredit\u00e1lt nemzetk\u00f6zi k\u00f6lt\u00f6ztet\u0151 (FAIM), hogy seg\u00edtsen \u00d6nnek.<\/p>\n<div id=\"ez-toc-container\" class=\"ez-toc-v2_0_82_2 ez-toc-wrap-left counter-hierarchy ez-toc-counter ez-toc-transparent ez-toc-container-direction\">\n<div class=\"ez-toc-title-container\">\n<p class=\"ez-toc-title\" style=\"cursor:inherit\">Szakaszok<\/p>\n<span class=\"ez-toc-title-toggle\"><a href=\"#\" class=\"ez-toc-pull-right ez-toc-btn ez-toc-btn-xs ez-toc-btn-default ez-toc-toggle\" aria-label=\"Toggle Tartalomjegyz\u00e9k\"><span class=\"ez-toc-js-icon-con\"><span class=\"\"><span class=\"eztoc-hide\" style=\"display:none;\">Toggle<\/span><span class=\"ez-toc-icon-toggle-span\"><svg style=\"fill: #999;color:#999\" xmlns=\"http:\/\/www.w3.org\/2000\/svg\" class=\"list-377408\" width=\"20px\" height=\"20px\" viewbox=\"0 0 24 24\" fill=\"none\"><path d=\"M6 6H4v2h2V6zm14 0H8v2h12V6zM4 11h2v2H4v-2zm16 0H8v2h12v-2zM4 16h2v2H4v-2zm16 0H8v2h12v-2z\" fill=\"currentColor\"><\/path><\/svg><svg style=\"fill: #999;color:#999\" class=\"arrow-unsorted-368013\" xmlns=\"http:\/\/www.w3.org\/2000\/svg\" width=\"10px\" height=\"10px\" viewbox=\"0 0 24 24\" version=\"1.2\" baseprofile=\"tiny\"><path d=\"M18.2 9.3l-6.2-6.3-6.2 6.3c-.2.2-.3.4-.3.7s.1.5.3.7c.2.2.4.3.7.3h11c.3 0 .5-.1.7-.3.2-.2.3-.5.3-.7s-.1-.5-.3-.7zM5.8 14.7l6.2 6.3 6.2-6.3c.2-.2.3-.5.3-.7s-.1-.5-.3-.7c-.2-.2-.4-.3-.7-.3h-11c-.3 0-.5.1-.7.3-.2.2-.3.5-.3.7s.1.5.3.7z\"\/><\/svg><\/span><\/span><\/span><\/a><\/span><\/div>\n<nav><ul class='ez-toc-list ez-toc-list-level-1 eztoc-toggle-hide-by-default' ><li class='ez-toc-page-1 ez-toc-heading-level-2'><a class=\"ez-toc-link ez-toc-heading-1\" href=\"https:\/\/moverdb.com\/hu\/moving-companies\/brazil-moving-companies\/#1_Atlantis\" >1. Atlantisz<\/a><\/li><li class='ez-toc-page-1 ez-toc-heading-level-2'><a class=\"ez-toc-link ez-toc-heading-2\" href=\"https:\/\/moverdb.com\/hu\/moving-companies\/brazil-moving-companies\/#2_Alianza_Mudancas\" >2. Alianza Mudancas<\/a><\/li><li class='ez-toc-page-1 ez-toc-heading-level-2'><a class=\"ez-toc-link ez-toc-heading-3\" href=\"https:\/\/moverdb.com\/hu\/moving-companies\/brazil-moving-companies\/#3_AIM_Brazil\" >3. AIM Braz\u00edlia<\/a><\/li><li class='ez-toc-page-1 ez-toc-heading-level-2'><a class=\"ez-toc-link ez-toc-heading-4\" href=\"https:\/\/moverdb.com\/hu\/moving-companies\/brazil-moving-companies\/#4_Brazillink_Mobility\" >4. Brazillink mobilit\u00e1s<\/a><\/li><li class='ez-toc-page-1 ez-toc-heading-level-2'><a class=\"ez-toc-link ez-toc-heading-5\" href=\"https:\/\/moverdb.com\/hu\/moving-companies\/brazil-moving-companies\/#5_FINK_Mobility\" >5. FINK Mobilit\u00e1s<\/a><\/li><li class='ez-toc-page-1 ez-toc-heading-level-2'><a class=\"ez-toc-link ez-toc-heading-6\" href=\"https:\/\/moverdb.com\/hu\/moving-companies\/brazil-moving-companies\/#6_G-Inter\" >6. G-Inter<\/a><\/li><li class='ez-toc-page-1 ez-toc-heading-level-2'><a class=\"ez-toc-link ez-toc-heading-7\" href=\"https:\/\/moverdb.com\/hu\/moving-companies\/brazil-moving-companies\/#7_Gerson_Grey\" >7. Gerson &amp; Grey<\/a><\/li><li class='ez-toc-page-1 ez-toc-heading-level-2'><a class=\"ez-toc-link ez-toc-heading-8\" href=\"https:\/\/moverdb.com\/hu\/moving-companies\/brazil-moving-companies\/#8_Global_Packing\" >8. Glob\u00e1lis csomagol\u00e1s<\/a><\/li><li class='ez-toc-page-1 ez-toc-heading-level-2'><a class=\"ez-toc-link ez-toc-heading-9\" href=\"https:\/\/moverdb.com\/hu\/moving-companies\/brazil-moving-companies\/#9_Metropolitan_Transports\" >9. Metropolitan Transports<\/a><\/li><li class='ez-toc-page-1 ez-toc-heading-level-2'><a class=\"ez-toc-link ez-toc-heading-10\" href=\"https:\/\/moverdb.com\/hu\/moving-companies\/brazil-moving-companies\/#10_Move\" >10. Mozg\u00e1s+<\/a><\/li><li class='ez-toc-page-1 ez-toc-heading-level-2'><a class=\"ez-toc-link ez-toc-heading-11\" href=\"https:\/\/moverdb.com\/hu\/moving-companies\/brazil-moving-companies\/#11_Premier_Relocations\" >11. Premier Relocations<\/a><\/li><li class='ez-toc-page-1 ez-toc-heading-level-2'><a class=\"ez-toc-link ez-toc-heading-12\" href=\"https:\/\/moverdb.com\/hu\/moving-companies\/brazil-moving-companies\/#12_Transworld\" >12. Transworld<\/a><\/li><li class='ez-toc-page-1 ez-toc-heading-level-2'><a class=\"ez-toc-link ez-toc-heading-13\" href=\"https:\/\/moverdb.com\/hu\/moving-companies\/brazil-moving-companies\/#13_Millenium_Transportes\" >13. Millenium Transportes<\/a><\/li><li class='ez-toc-page-1 ez-toc-heading-level-2'><a class=\"ez-toc-link ez-toc-heading-14\" href=\"https:\/\/moverdb.com\/hu\/moving-companies\/brazil-moving-companies\/#14_Empresa_de_Mudancas_Monica\" >14. Empresa de Mudancas Monica<\/a><\/li><li class='ez-toc-page-1 ez-toc-heading-level-2'><a class=\"ez-toc-link ez-toc-heading-15\" href=\"https:\/\/moverdb.com\/hu\/moving-companies\/brazil-moving-companies\/#15_Netmove\" >15. Netmove<\/a><\/li><li class='ez-toc-page-1 ez-toc-heading-level-2'><a class=\"ez-toc-link ez-toc-heading-16\" href=\"https:\/\/moverdb.com\/hu\/moving-companies\/brazil-moving-companies\/#16_One_Moving\" >16. Egy mozg\u00f3<\/a><\/li><li class='ez-toc-page-1 ez-toc-heading-level-2'><a class=\"ez-toc-link ez-toc-heading-17\" href=\"https:\/\/moverdb.com\/hu\/moving-companies\/brazil-moving-companies\/#17_ReloWise\" >17. ReloWise<\/a><\/li><li class='ez-toc-page-1 ez-toc-heading-level-2'><a class=\"ez-toc-link ez-toc-heading-18\" href=\"https:\/\/moverdb.com\/hu\/moving-companies\/brazil-moving-companies\/#18_Teamwork_International_Moving\" >18. Teamwork International Moving<\/a><\/li><li class='ez-toc-page-1 ez-toc-heading-level-2'><a class=\"ez-toc-link ez-toc-heading-19\" href=\"https:\/\/moverdb.com\/hu\/moving-companies\/brazil-moving-companies\/#19_Tresor_Transportes\" >19. Tresor Transportes<\/a><\/li><li class='ez-toc-page-1 ez-toc-heading-level-2'><a class=\"ez-toc-link ez-toc-heading-20\" href=\"https:\/\/moverdb.com\/hu\/moving-companies\/brazil-moving-companies\/#20_Tucuruvi\" >20. Tucuruvi<\/a><\/li><li class='ez-toc-page-1 ez-toc-heading-level-2'><a class=\"ez-toc-link ez-toc-heading-21\" href=\"https:\/\/moverdb.com\/hu\/moving-companies\/brazil-moving-companies\/#21_SIRVA\" >21. SIRVA<\/a><\/li><li class='ez-toc-page-1 ez-toc-heading-level-2'><a class=\"ez-toc-link ez-toc-heading-22\" href=\"https:\/\/moverdb.com\/hu\/moving-companies\/brazil-moving-companies\/#22_Cosmopolitan\" >22. Kozmopolita<\/a><\/li><li class='ez-toc-page-1 ez-toc-heading-level-2'><a class=\"ez-toc-link ez-toc-heading-23\" href=\"https:\/\/moverdb.com\/hu\/moving-companies\/brazil-moving-companies\/#23_Gentileza_International_Movers\" >23. Gentileza nemzetk\u00f6zi k\u00f6lt\u00f6ztet\u0151k<\/a><\/li><li class='ez-toc-page-1 ez-toc-heading-level-2'><a class=\"ez-toc-link ez-toc-heading-24\" href=\"https:\/\/moverdb.com\/hu\/moving-companies\/brazil-moving-companies\/#24_5_Estrelas\" >24. 5 Estrelas<\/a><\/li><li class='ez-toc-page-1 ez-toc-heading-level-2'><a class=\"ez-toc-link ez-toc-heading-25\" href=\"https:\/\/moverdb.com\/hu\/moving-companies\/brazil-moving-companies\/#25_A_Lusitana\" >25. A Lusitana<\/a><\/li><li class='ez-toc-page-1 ez-toc-heading-level-2'><a class=\"ez-toc-link ez-toc-heading-26\" href=\"https:\/\/moverdb.com\/hu\/moving-companies\/brazil-moving-companies\/#Other_Useful_Guides_to_Brazil\" >Egy\u00e9b hasznos \u00fatmutat\u00f3k Braz\u00edli\u00e1hoz<\/a><\/li><\/ul><\/nav><\/div>\n<h2><span class=\"ez-toc-section\" id=\"1_Atlantis\"><\/span><strong>1. Atlantisz<\/strong><span class=\"ez-toc-section-end\"><\/span><\/h2>\n<p><img loading=\"lazy\" decoding=\"async\" class=\"alignnone size-full wp-image-5414\" src=\"https:\/\/moverdb.com\/wp-content\/uploads\/Atlantis-international-moving-company.png\" alt=\"Atlantis nemzetk\u00f6zi k\u00f6lt\u00f6ztet\u0151 c\u00e9g\" width=\"1440\" height=\"682\" data-wp-pid=\"5414\" srcset=\"https:\/\/moverdb.com\/wp-content\/uploads\/Atlantis-international-moving-company.png 1440w, https:\/\/moverdb.com\/wp-content\/uploads\/Atlantis-international-moving-company-300x142.png 300w, https:\/\/moverdb.com\/wp-content\/uploads\/Atlantis-international-moving-company-1024x485.png 1024w, https:\/\/moverdb.com\/wp-content\/uploads\/Atlantis-international-moving-company-18x9.png 18w, https:\/\/moverdb.com\/wp-content\/uploads\/Atlantis-international-moving-company-600x284.png 600w\" sizes=\"auto, (max-width: 1440px) 100vw, 1440px\" \/><\/p>\n<ul>\n<li>Nemzeti k\u00f6lt\u00f6ztet\u00e9sek<\/li>\n<li>Nemzetk\u00f6zi k\u00f6lt\u00f6z\u00e9sek<\/li>\n<li>V\u00e1llalati k\u00f6lt\u00f6ztet\u0151 szolg\u00e1ltat\u00e1sok<\/li>\n<li>Lakoss\u00e1gi k\u00f6lt\u00f6ztet\u00e9s<\/li>\n<li>Csomagol\u00e1si \u00e9s kicsomagol\u00e1si szolg\u00e1ltat\u00e1sok<\/li>\n<li>M\u0171alkot\u00e1sok sz\u00e1ll\u00edt\u00e1sa<\/li>\n<li>H\u00e1zi\u00e1llat sz\u00e1ll\u00edt\u00e1s<\/li>\n<li>Ki\u00e1ll\u00edt\u00e1s \u00f6ssze\u00e1ll\u00edt\u00e1sa<\/li>\n<li>Biztos\u00edt\u00e1s<\/li>\n<li>R\u00f6vid \u00e9s hossz\u00fa t\u00e1v\u00fa t\u00e1rol\u00f3 l\u00e9tes\u00edtm\u00e9nyek<\/li>\n<\/ul>\n<p>Az Atlantis egy 1994-ben alap\u00edtott, Rio de Janeir\u00f3-i sz\u00e9khely\u0171 logisztikai v\u00e1llalkoz\u00e1s, amely Braz\u00edli\u00e1ban \u00e9s nemzetk\u00f6zi szinten k\u00edn\u00e1l k\u00f6lt\u00f6ztet\u00e9si szolg\u00e1ltat\u00e1sokat otthonok \u00e9s v\u00e1llalkoz\u00e1sok sz\u00e1m\u00e1ra. Tagjai az IAM-nek, 29 \u00e9ves szolg\u00e1lati id\u0151vel. Teljes k\u00f6r\u0171 szolg\u00e1ltat\u00e1st ny\u00fajtanak, amely mag\u00e1ban foglalja az els\u0151 ellen\u0151rz\u00e9st \u00e9s a biztos\u00edt\u00e1st, valamint sz\u00fcks\u00e9g eset\u00e9n a saj\u00e1t l\u00e9tes\u00edtm\u00e9nyeikben t\u00f6rt\u00e9n\u0151 t\u00e1rol\u00e1st.<\/p>\n<p>Az Atlantis felm\u00e9ri az \u00d6n ig\u00e9nyeit, \u00e9s megszervezi az \u00d6n k\u00f6lt\u00f6z\u00e9s\u00e9t, kezdve az \u00f6sszes holmij\u00e1nak biztons\u00e1gos becsomagol\u00e1s\u00e1val \u00e9s a meg\u00e9rkez\u00e9skor t\u00f6rt\u00e9n\u0151 kicsomagol\u00e1ssal. Szakter\u00fclet\u00fck az extra v\u00e9delmet ig\u00e9nyl\u0151 m\u0171t\u00e1rgyak, r\u00e9gis\u00e9gek \u00e9s r\u00e9g\u00e9szeti t\u00e1rgyak sz\u00e1ll\u00edt\u00e1sa. \u00c1llatsz\u00e1ll\u00edt\u00e1st \u00e9s ki\u00e1ll\u00edt\u00e1si szolg\u00e1ltat\u00e1sokat is k\u00edn\u00e1lnak.<\/p>\n<p>Weboldal: <a href=\"http:\/\/www.atlantisbrazil.com\" target=\"_blank\" rel=\"noopener\">http:\/\/www.atlantisbrazil.com<\/a><\/p>\n<h2><span class=\"ez-toc-section\" id=\"2_Alianza_Mudancas\"><\/span><strong>2. Alianza Mudancas<\/strong><span class=\"ez-toc-section-end\"><\/span><\/h2>\n<p><img loading=\"lazy\" decoding=\"async\" class=\"alignnone size-full wp-image-5404\" src=\"https:\/\/moverdb.com\/wp-content\/uploads\/Alianza-Mudancas-international-moving-company.png\" alt=\"Alianza Mudancas nemzetk\u00f6zi k\u00f6lt\u00f6ztet\u0151 c\u00e9g\" width=\"1440\" height=\"679\" data-wp-pid=\"5404\" srcset=\"https:\/\/moverdb.com\/wp-content\/uploads\/Alianza-Mudancas-international-moving-company.png 1440w, https:\/\/moverdb.com\/wp-content\/uploads\/Alianza-Mudancas-international-moving-company-300x141.png 300w, https:\/\/moverdb.com\/wp-content\/uploads\/Alianza-Mudancas-international-moving-company-1024x483.png 1024w, https:\/\/moverdb.com\/wp-content\/uploads\/Alianza-Mudancas-international-moving-company-18x8.png 18w, https:\/\/moverdb.com\/wp-content\/uploads\/Alianza-Mudancas-international-moving-company-600x283.png 600w\" sizes=\"auto, (max-width: 1440px) 100vw, 1440px\" \/><\/p>\n<ul>\n<li>Nemzeti k\u00f6lt\u00f6ztet\u00e9sek<\/li>\n<li>Nemzetk\u00f6zi k\u00f6lt\u00f6ztet\u00e9si szolg\u00e1ltat\u00e1sok<\/li>\n<li>Kereskedelmi k\u00f6lt\u00f6z\u00e9sek<\/li>\n<li>Lakoss\u00e1gi k\u00f6lt\u00f6ztet\u00e9s<\/li>\n<li>Szem\u00e9lyre szabott szolg\u00e1ltat\u00e1s<\/li>\n<li>Modern csomagol\u00e1s \u00e9s kezel\u00e9s<\/li>\n<li>K\u00e9pzett csomagol\u00f3 szakemberek<\/li>\n<li>Versenyk\u00e9pes \u00e1ron<\/li>\n<li>Biztos\u00edt\u00e1s<\/li>\n<li>Biztons\u00e1gos rakt\u00e1rhelyis\u00e9gek<\/li>\n<\/ul>\n<p>Az Alianza Mudancas egy Rio de Janeiro-i sz\u00e9khely\u0171, 2007-ben alap\u00edtott k\u00f6lt\u00f6ztet\u0151 c\u00e9g, amely nemzetk\u00f6zi \u00e9s orsz\u00e1gos k\u00f6lt\u00f6ztet\u00e9si szolg\u00e1ltat\u00e1sokat ny\u00fajt v\u00e1llalkoz\u00e1sok \u00e9s otthonok sz\u00e1m\u00e1ra. A c\u00e9g egy vil\u00e1gszerte m\u0171k\u00f6d\u0151, min\u0151s\u00e9gi k\u00f6lt\u00f6ztet\u0151kb\u0151l \u00e1ll\u00f3 h\u00e1l\u00f3zat tagja, amely lehet\u0151v\u00e9 teszi sz\u00e1mukra, hogy szolg\u00e1ltat\u00e1saikat nemzetk\u00f6zi szinten ny\u00fajts\u00e1k. Tagjai az IAM-nek 15 \u00e9ves szolg\u00e1lati id\u0151vel.<\/p>\n<p>Az Alianza Mudancas szem\u00e9lyre szabott szolg\u00e1ltat\u00e1st ny\u00fajt \u00fcgyfeleinek, amely az \u00d6n k\u00f6lt\u00f6z\u00e9si ig\u00e9nyeihez igazodik. Modern csomagol\u00e1si technik\u00e1kat \u00e9s kezel\u00e9si m\u00f3dszereket alkalmaznak, hogy k\u00e9pzett csomagol\u00f3 szakembereik biztos\u00edts\u00e1k az \u00d6n holmij\u00e1nak biztons\u00e1g\u00e1t. Sz\u00e1ll\u00edtm\u00e1nyoz\u00e1si biztos\u00edt\u00e1st ny\u00fajtanak a k\u00f6lt\u00f6z\u00e9sre \u00e9s biztons\u00e1gos t\u00e1rol\u00e1st, ha erre ig\u00e9nyt tart.<\/p>\n<p>Weboldal: <a href=\"http:\/\/www.aalianza.com\" target=\"_blank\" rel=\"noopener\">http:\/\/www.aalianza.com<\/a><\/p>\n<h2><span class=\"ez-toc-section\" id=\"3_AIM_Brazil\"><\/span><strong>3. AIM Braz\u00edlia<\/strong><span class=\"ez-toc-section-end\"><\/span><\/h2>\n<p><img loading=\"lazy\" decoding=\"async\" class=\"alignnone size-full wp-image-5403\" src=\"https:\/\/moverdb.com\/wp-content\/uploads\/AIM-Brazil-international-moving-company.png\" alt=\"AIM Braz\u00edlia nemzetk\u00f6zi k\u00f6lt\u00f6ztet\u0151 c\u00e9g\" width=\"1440\" height=\"679\" data-wp-pid=\"5403\" srcset=\"https:\/\/moverdb.com\/wp-content\/uploads\/AIM-Brazil-international-moving-company.png 1440w, https:\/\/moverdb.com\/wp-content\/uploads\/AIM-Brazil-international-moving-company-300x141.png 300w, https:\/\/moverdb.com\/wp-content\/uploads\/AIM-Brazil-international-moving-company-1024x483.png 1024w, https:\/\/moverdb.com\/wp-content\/uploads\/AIM-Brazil-international-moving-company-18x8.png 18w, https:\/\/moverdb.com\/wp-content\/uploads\/AIM-Brazil-international-moving-company-600x283.png 600w\" sizes=\"auto, (max-width: 1440px) 100vw, 1440px\" \/><\/p>\n<ul>\n<li>Nemzeti k\u00f6lt\u00f6ztet\u00e9sek<\/li>\n<li>Nemzetk\u00f6zi k\u00f6lt\u00f6ztet\u00e9sek<\/li>\n<li>Lakoss\u00e1gi k\u00f6lt\u00f6z\u00e9sek<\/li>\n<li>V\u00e1llalati szolg\u00e1ltat\u00e1sok<\/li>\n<li>K\u00f6z\u00fati, tengeri \u00e9s l\u00e9gi sz\u00e1ll\u00edt\u00e1s<\/li>\n<li>Csomagol\u00e1s \u00e9s kicsomagol\u00e1s<\/li>\n<li>A dokument\u00e1ci\u00f3 koordin\u00e1l\u00e1sa<\/li>\n<li>H\u00e1zi\u00e1llatok sz\u00e1ll\u00edt\u00e1sa<\/li>\n<li>M\u0171v\u00e9szeti alkot\u00e1sok, v\u00e1s\u00e1rok \u00e9s rendezv\u00e9nyek szakosodott r\u00e9szlege<\/li>\n<li>T\u00e1rol\u00e1si szolg\u00e1ltat\u00e1sok<\/li>\n<\/ul>\n<p>Az AIM Brazil egy Rio de Janeiro-i sz\u00e9khely\u0171 nemzetk\u00f6zi k\u00f6lt\u00f6ztet\u0151 c\u00e9g, amely t\u00f6bb mint 25 \u00e9ve m\u0171k\u00f6dik, \u00e9s az IAM tagja. Nemzetk\u00f6zi k\u00f6lt\u00f6ztet\u0151i h\u00e1l\u00f3zat seg\u00edts\u00e9g\u00e9vel seg\u00edtik a nemzeti \u00e9s nemzetk\u00f6zi k\u00f6lt\u00f6ztet\u00e9seket.<\/p>\n<p>Az AIM Brazil teljes k\u00f6r\u0171 k\u00f6lt\u00f6ztet\u00e9si szolg\u00e1ltat\u00e1st k\u00edn\u00e1l a felm\u00e9r\u00e9st\u0151l az \u00faj otthon\u00e1ban val\u00f3 elhelyezked\u00e9sig. Magas sz\u00ednvonalon, speci\u00e1lis csomagol\u00f3anyagok felhaszn\u00e1l\u00e1s\u00e1val csomagolj\u00e1k be a holmij\u00e1t, hogy megv\u00e9dj\u00e9k, \u00e9s \u00e9rkez\u00e9skor kicsomagolj\u00e1k. Seg\u00edtenek a dokumentumok koordin\u00e1l\u00e1s\u00e1ban \u00e9s figyelemmel k\u00eds\u00e9rik a sz\u00e1ll\u00edt\u00e1s folyamat\u00e1t. Emellett h\u00e1zi\u00e1llatok, m\u0171alkot\u00e1sok sz\u00e1ll\u00edt\u00e1s\u00e1t, v\u00e1s\u00e1ri \u00e9s rendezv\u00e9nyi szolg\u00e1ltat\u00e1sokat, valamint t\u00e1rol\u00e1si megold\u00e1sokat is k\u00edn\u00e1lnak.<\/p>\n<p>Weboldal: <a href=\"http:\/\/www.aimbrazil.com.br\" target=\"_blank\" rel=\"noopener\">http:\/\/www.aimbrazil.com.br<\/a><\/p>\n<h2><span class=\"ez-toc-section\" id=\"4_Brazillink_Mobility\"><\/span><strong>4. Brazillink mobilit\u00e1s<\/strong><span class=\"ez-toc-section-end\"><\/span><\/h2>\n<p><img loading=\"lazy\" decoding=\"async\" class=\"alignnone size-full wp-image-5419\" src=\"https:\/\/moverdb.com\/wp-content\/uploads\/Brazillink-Mobility-international-moving-company.png\" alt=\"Brazillink Mobility nemzetk\u00f6zi k\u00f6lt\u00f6ztet\u0151 c\u00e9g\" width=\"1440\" height=\"661\" data-wp-pid=\"5419\" srcset=\"https:\/\/moverdb.com\/wp-content\/uploads\/Brazillink-Mobility-international-moving-company.png 1440w, https:\/\/moverdb.com\/wp-content\/uploads\/Brazillink-Mobility-international-moving-company-300x138.png 300w, https:\/\/moverdb.com\/wp-content\/uploads\/Brazillink-Mobility-international-moving-company-1024x470.png 1024w, https:\/\/moverdb.com\/wp-content\/uploads\/Brazillink-Mobility-international-moving-company-18x8.png 18w, https:\/\/moverdb.com\/wp-content\/uploads\/Brazillink-Mobility-international-moving-company-600x275.png 600w\" sizes=\"auto, (max-width: 1440px) 100vw, 1440px\" \/><\/p>\n<ul>\n<li>Nemzeti l\u00e9p\u00e9sek<\/li>\n<li>Nemzetk\u00f6zi k\u00f6lt\u00f6ztet\u00e9sek<\/li>\n<li>Lakoss\u00e1gi k\u00f6lt\u00f6z\u00e9sek<\/li>\n<li>Kis \u00e9s nagyv\u00e1llalati k\u00f6lt\u00f6z\u00e9sek<\/li>\n<li>H\u00e1zt\u00f3l-h\u00e1zig szolg\u00e1ltat\u00e1s<\/li>\n<li>K\u00f6z\u00fati, tengeri \u00e9s l\u00e9gi sz\u00e1ll\u00edt\u00e1s<\/li>\n<li>Kiv\u00e1l\u00f3 min\u0151s\u00e9g\u0171 csomagol\u00e1s<\/li>\n<li>V\u00e1mkezel\u00e9s \u00e9s dokument\u00e1ci\u00f3<\/li>\n<li>M\u0171alkot\u00e1sok \u00e9s r\u00e9gis\u00e9gek szakszer\u0171 gondoz\u00e1sa<\/li>\n<li>T\u00e1rol\u00e1si megold\u00e1sok<\/li>\n<\/ul>\n<p>A Brazillink Mobility egy Rio de Janeir\u00f3-i sz\u00e9khely\u0171 k\u00f6lt\u00f6ztet\u0151 c\u00e9g, amely 2013 \u00f3ta seg\u00edt az embereknek az orsz\u00e1gos \u00e9s nemzetk\u00f6zi k\u00f6lt\u00f6z\u00e9sben. Seg\u00edtenek mind az otthoni, mind a v\u00e1llalati k\u00f6lt\u00f6z\u00e9sekben, valamint t\u00e1rol\u00e1si megold\u00e1sokat k\u00edn\u00e1lnak. A nemzetk\u00f6zi k\u00f6lt\u00f6ztet\u00e9sekhez vil\u00e1gszerte m\u0171k\u00f6d\u0151 k\u00f6lt\u00f6ztet\u0151i h\u00e1l\u00f3zatot haszn\u00e1lnak. Tagjai az IAM-nek, 6 \u00e9ves szolg\u00e1lati id\u0151vel.<\/p>\n<p>A Brazillink Mobility h\u00e1zt\u00f3l-h\u00e1zig tart\u00f3 k\u00f6lt\u00f6z\u00e9si szolg\u00e1ltat\u00e1st k\u00edn\u00e1l, amely mag\u00e1ban foglalja a logisztika kezel\u00e9s\u00e9t, legyen az k\u00f6z\u00fati, tengeri vagy l\u00e9gi sz\u00e1ll\u00edt\u00e1s, \u00e9s biztos\u00edtja \u00d6nnek a v\u00e1mkezel\u00e9st \u00e9s a sz\u00fcks\u00e9ges dokument\u00e1ci\u00f3t. Kiv\u00e1l\u00f3 min\u0151s\u00e9g\u0171 csomagol\u00e1st \u00e9s sz\u00e1ll\u00edt\u00e1st biztos\u00edtanak, hogy a holmija biztons\u00e1gban legyen, \u00e9s nyomon k\u00f6vetik a mozg\u00e1s\u00e1t.<\/p>\n<p>Weboldal: <a href=\"http:\/\/www.brazillinkmobility.com\" target=\"_blank\" rel=\"noopener\">http:\/\/www.brazillinkmobility.com<\/a><\/p>\n<h2><span class=\"ez-toc-section\" id=\"5_FINK_Mobility\"><\/span><strong>5. FINK Mobilit\u00e1s<\/strong><span class=\"ez-toc-section-end\"><\/span><\/h2>\n<p><img loading=\"lazy\" decoding=\"async\" class=\"alignnone size-full wp-image-5436\" src=\"https:\/\/moverdb.com\/wp-content\/uploads\/FINK-Mobility-international-moving-company.png\" alt=\"FINK Mobility nemzetk\u00f6zi k\u00f6lt\u00f6ztet\u0151 c\u00e9g\" width=\"1440\" height=\"681\" data-wp-pid=\"5436\" srcset=\"https:\/\/moverdb.com\/wp-content\/uploads\/FINK-Mobility-international-moving-company.png 1440w, https:\/\/moverdb.com\/wp-content\/uploads\/FINK-Mobility-international-moving-company-300x142.png 300w, https:\/\/moverdb.com\/wp-content\/uploads\/FINK-Mobility-international-moving-company-1024x484.png 1024w, https:\/\/moverdb.com\/wp-content\/uploads\/FINK-Mobility-international-moving-company-18x9.png 18w, https:\/\/moverdb.com\/wp-content\/uploads\/FINK-Mobility-international-moving-company-600x284.png 600w\" sizes=\"auto, (max-width: 1440px) 100vw, 1440px\" \/><\/p>\n<ul>\n<li>Nemzeti k\u00f6lt\u00f6ztet\u00e9sek<\/li>\n<li>Nemzetk\u00f6zi \u00e1thelyez\u00e9s<\/li>\n<li>Lakoss\u00e1gi k\u00f6lt\u00f6z\u00e9sek<\/li>\n<li>Kereskedelmi k\u00f6lt\u00f6ztet\u00e9sek<\/li>\n<li>Csomagol\u00e1s k\u00fcl\u00f6nleges anyagokkal<\/li>\n<li>H\u00e1zi\u00e1llatok sz\u00e1ll\u00edt\u00e1sa<\/li>\n<li>Bev\u00e1ndorl\u00e1si szolg\u00e1ltat\u00e1sok<\/li>\n<li>Otthoni \u00e9s iskolai keres\u00e9s<\/li>\n<li>Biztos\u00edt\u00e1s<\/li>\n<li>Rakt\u00e1roz\u00e1si lehet\u0151s\u00e9gek<\/li>\n<\/ul>\n<p>A FINK Mobility egy brazil k\u00f6lt\u00f6ztet\u0151 c\u00e9g, amely Rio de Janeir\u00f3ban, Sao Paul\u00f3ban \u00e9s Guar\u00e1ban rendelkezik irod\u00e1kkal, hogy eg\u00e9sz Braz\u00edli\u00e1t \u00e9s nemzetk\u00f6zi k\u00f6lt\u00f6ztet\u0151 partnerekkel nemzetk\u00f6zi szinten is kiszolg\u00e1lja. Az IAM tagjai, 65 \u00e9ves szolg\u00e1lati id\u0151vel, \u00e9s a FIDI \u00e1ltal akkredit\u00e1ltak.<\/p>\n<p>A FINK Mobility teljes k\u00f6r\u0171 k\u00f6lt\u00f6z\u00e9si vagy \u00e1thelyez\u00e9si szolg\u00e1ltat\u00e1st ny\u00fajt, amely mag\u00e1ban foglalhatja a k\u00f6lt\u00f6z\u00e9s teljes tervez\u00e9s\u00e9t \u00e9s megszervez\u00e9s\u00e9t. Magas sz\u00ednvonalon, speci\u00e1lis csomagol\u00f3anyagokkal csomagolj\u00e1k be a holmij\u00e1t, hogy megv\u00e9dj\u00e9k azokat. K\u00f6lt\u00f6ztet\u00e9si szolg\u00e1ltat\u00e1sukkal bev\u00e1ndorl\u00e1si szolg\u00e1ltat\u00e1sokat, t\u00e1j\u00e9koz\u00f3d\u00e1st, lak\u00e1s- \u00e9s iskolakeres\u00e9st, beilleszked\u00e9si seg\u00edts\u00e9get \u00e9s ford\u00edt\u00e1si szolg\u00e1ltat\u00e1sokat is k\u00edn\u00e1lnak.<\/p>\n<p>Weboldal: <a href=\"http:\/\/www.fink.com.br\" target=\"_blank\" rel=\"noopener\">http:\/\/www.fink.com.br<\/a><\/p>\n<h2><span class=\"ez-toc-section\" id=\"6_G-Inter\"><\/span><strong>6. G-Inter<\/strong><span class=\"ez-toc-section-end\"><\/span><\/h2>\n<p><img loading=\"lazy\" decoding=\"async\" class=\"alignnone size-full wp-image-5440\" src=\"https:\/\/moverdb.com\/wp-content\/uploads\/G-Inter-international-moving-company.png\" alt=\"G-Inter nemzetk\u00f6zi k\u00f6lt\u00f6ztet\u0151 c\u00e9g\" width=\"1440\" height=\"675\" data-wp-pid=\"5440\" srcset=\"https:\/\/moverdb.com\/wp-content\/uploads\/G-Inter-international-moving-company.png 1440w, https:\/\/moverdb.com\/wp-content\/uploads\/G-Inter-international-moving-company-300x141.png 300w, https:\/\/moverdb.com\/wp-content\/uploads\/G-Inter-international-moving-company-1024x480.png 1024w, https:\/\/moverdb.com\/wp-content\/uploads\/G-Inter-international-moving-company-18x8.png 18w, https:\/\/moverdb.com\/wp-content\/uploads\/G-Inter-international-moving-company-600x281.png 600w\" sizes=\"auto, (max-width: 1440px) 100vw, 1440px\" \/><\/p>\n<ul>\n<li>Nemzeti k\u00f6lt\u00f6z\u00e9s<\/li>\n<li>Nemzetk\u00f6zi k\u00f6lt\u00f6ztet\u00e9sek<\/li>\n<li>K\u00f6lt\u00f6ztet\u00e9si szolg\u00e1ltat\u00e1sok<\/li>\n<li>Lakoss\u00e1gi k\u00f6lt\u00f6z\u00e9sek<\/li>\n<li>V\u00e1llalati szolg\u00e1ltat\u00e1sok<\/li>\n<li>Bev\u00e1ndorl\u00e1si t\u00e1mogat\u00e1s<\/li>\n<li>Szem\u00e9lyre szabott szolg\u00e1ltat\u00e1s<\/li>\n<li>Seg\u00edts\u00e9g az otthonkeres\u00e9sben<\/li>\n<li>Iskolai keres\u00e9s<\/li>\n<li>Helyi t\u00e1mogat\u00e1s a karbantart\u00e1si szolg\u00e1ltat\u00e1sok megtal\u00e1l\u00e1s\u00e1hoz<\/li>\n<\/ul>\n<p>A G-Inter egy Sao Paul\u00f3-i \u00e9s Rio de Janeir\u00f3-i sz\u00e9khely\u0171 nemzetk\u00f6zi k\u00f6lt\u00f6ztet\u0151 \u00e9s k\u00f6lt\u00f6ztet\u0151 c\u00e9g, amely t\u00f6bb mint 20 \u00e9ve m\u0171k\u00f6dik. Braz\u00edlia-szerte \u00e9s nemzetk\u00f6zi szinten ny\u00fajtanak szolg\u00e1ltat\u00e1sokat m\u00e1s k\u00f6lt\u00f6ztet\u0151 c\u00e9gekkel egy\u00fcttm\u0171k\u00f6dve. Az IAM tagjai, 20 \u00e9ves szolg\u00e1lati id\u0151vel, \u00e9s a FIDI \u00e1ltal akkredit\u00e1ltak.<\/p>\n<p>A G-Inter szem\u00e9lyre szabott k\u00f6lt\u00f6z\u00e9si szolg\u00e1ltat\u00e1sokat k\u00edn\u00e1l, amelyek sz\u00e9les k\u00f6r\u0171 t\u00e1mogat\u00e1st ny\u00fajtanak, t\u00f6bbek k\u00f6z\u00f6tt seg\u00edts\u00e9get ny\u00fajtanak a holmij\u00e1nak orsz\u00e1gos vagy nemzetk\u00f6zi k\u00f6lt\u00f6ztet\u00e9s\u00e9ben, seg\u00edtenek otthont \u00e9s iskol\u00e1kat tal\u00e1lni. Seg\u00edtenek \u00d6nnek megismerni a k\u00f6rny\u00e9ket, karbantart\u00e1si szolg\u00e1ltat\u00e1sokat tal\u00e1lni, szolg\u00e1ltat\u00e1sokat be\u00e1ll\u00edtani az otthon\u00e1ban, takar\u00edt\u00e1si szolg\u00e1ltat\u00e1sokat \u00e9s rep\u00fcl\u0151t\u00e9ri felv\u00e9telt.<\/p>\n<p>Weboldal: <a href=\"http:\/\/www.ginter.com.br\/\" target=\"_blank\" rel=\"noopener\">http:\/\/www.ginter.com.br\/<\/a><\/p>\n<h2><span class=\"ez-toc-section\" id=\"7_Gerson_Grey\"><\/span><strong>7. Gerson &amp; Grey<\/strong><span class=\"ez-toc-section-end\"><\/span><\/h2>\n<p><img loading=\"lazy\" decoding=\"async\" class=\"alignnone size-full wp-image-5439\" src=\"https:\/\/moverdb.com\/wp-content\/uploads\/Gerson-Grey-international-moving-company.png\" alt=\"Gerson &amp; Grey nemzetk\u00f6zi k\u00f6lt\u00f6ztet\u0151 c\u00e9g\" width=\"1440\" height=\"659\" data-wp-pid=\"5439\" srcset=\"https:\/\/moverdb.com\/wp-content\/uploads\/Gerson-Grey-international-moving-company.png 1440w, https:\/\/moverdb.com\/wp-content\/uploads\/Gerson-Grey-international-moving-company-300x137.png 300w, https:\/\/moverdb.com\/wp-content\/uploads\/Gerson-Grey-international-moving-company-1024x469.png 1024w, https:\/\/moverdb.com\/wp-content\/uploads\/Gerson-Grey-international-moving-company-18x8.png 18w, https:\/\/moverdb.com\/wp-content\/uploads\/Gerson-Grey-international-moving-company-600x275.png 600w\" sizes=\"auto, (max-width: 1440px) 100vw, 1440px\" \/><\/p>\n<ul>\n<li>Nemzetk\u00f6zi k\u00f6lt\u00f6ztet\u00e9sek<\/li>\n<li>Nemzeti l\u00e9p\u00e9sek<\/li>\n<li>K\u00f6lt\u00f6ztet\u00e9si szolg\u00e1ltat\u00e1sok<\/li>\n<li>Lakoss\u00e1gi \u00fcgyfelek sz\u00e1m\u00e1ra<\/li>\n<li>Csomagol\u00e1si szolg\u00e1ltat\u00e1sok<\/li>\n<li>V\u00e1mkezel\u00e9s<\/li>\n<li>Seg\u00edts\u00e9g az otthon \u00e9s az iskol\u00e1k keres\u00e9s\u00e9ben<\/li>\n<li>Seg\u00edts\u00e9g az \u00faj orsz\u00e1ghoz val\u00f3 alkalmazkod\u00e1sban<\/li>\n<li>Biztons\u00e1gos rakt\u00e1rhelyis\u00e9gek<\/li>\n<li>Dokumentumt\u00e1rol\u00e1si megold\u00e1sokat k\u00edn\u00e1l<\/li>\n<\/ul>\n<p>A Gerson &amp; Grey egy nemzetk\u00f6zi k\u00f6lt\u00f6ztet\u0151 c\u00e9g, amely Sao Paul\u00f3ban \u00e9s Rio de Janeir\u00f3ban rendelkezik telephellyel. A braz\u00edliai lakoss\u00e1gi k\u00f6lt\u00f6z\u00e9sek ell\u00e1t\u00e1s\u00e1ra szakosodtak, Braz\u00edli\u00e1ba \u00e9s Braz\u00edli\u00e1b\u00f3l k\u00f6lt\u00f6z\u00e9si \u00e9s k\u00f6lt\u00f6ztet\u00e9si szolg\u00e1ltat\u00e1sokkal. Az IAM tagjai, 27 \u00e9ves szolg\u00e1lati id\u0151vel, \u00e9s a FIDI \u00e1ltal akkredit\u00e1ltak.<\/p>\n<p>A Gerson &amp; Grey k\u00f6lt\u00f6ztet\u00e9si szolg\u00e1ltat\u00e1sai sz\u00e9les k\u00f6r\u0171 t\u00e1mogat\u00e1st ny\u00fajtanak, amely mag\u00e1ban foglalja az \u00d6n holmij\u00e1nak csomagol\u00e1s\u00e1t \u00e9s sz\u00e1ll\u00edt\u00e1s\u00e1t, mint egy norm\u00e1l k\u00f6lt\u00f6z\u00e9s eset\u00e9n, de tov\u00e1bbi t\u00e1mogat\u00f3 szolg\u00e1ltat\u00e1sokkal. Ezek a szolg\u00e1ltat\u00e1sok magukban foglalj\u00e1k a v\u00e1mkezel\u00e9st, a lakhely- \u00e9s iskolakeres\u00e9sben ny\u00fajtott seg\u00edts\u00e9get, valamint az \u00faj lak\u00f3hely kult\u00far\u00e1j\u00e1hoz \u00e9s ter\u00fclet\u00e9hez val\u00f3 alkalmazkod\u00e1sban ny\u00fajtott seg\u00edts\u00e9get.<\/p>\n<p>Weboldal: <a href=\"http:\/\/gersonandgrey.com.br\" target=\"_blank\" rel=\"noopener\">http:\/\/gersonandgrey.com.br<\/a><\/p>\n<h2><span class=\"ez-toc-section\" id=\"8_Global_Packing\"><\/span><strong>8. Glob\u00e1lis csomagol\u00e1s<\/strong><span class=\"ez-toc-section-end\"><\/span><\/h2>\n<p><img loading=\"lazy\" decoding=\"async\" class=\"alignnone size-full wp-image-5442\" src=\"https:\/\/moverdb.com\/wp-content\/uploads\/Global-Packing-international-moving-company.png\" alt=\"Global Packing nemzetk\u00f6zi k\u00f6lt\u00f6ztet\u0151 c\u00e9g\" width=\"1440\" height=\"683\" data-wp-pid=\"5442\" srcset=\"https:\/\/moverdb.com\/wp-content\/uploads\/Global-Packing-international-moving-company.png 1440w, https:\/\/moverdb.com\/wp-content\/uploads\/Global-Packing-international-moving-company-300x142.png 300w, https:\/\/moverdb.com\/wp-content\/uploads\/Global-Packing-international-moving-company-1024x486.png 1024w, https:\/\/moverdb.com\/wp-content\/uploads\/Global-Packing-international-moving-company-18x9.png 18w, https:\/\/moverdb.com\/wp-content\/uploads\/Global-Packing-international-moving-company-600x285.png 600w\" sizes=\"auto, (max-width: 1440px) 100vw, 1440px\" \/><\/p>\n<ul>\n<li>Nemzeti l\u00e9p\u00e9sek<\/li>\n<li>Nemzetk\u00f6zi k\u00f6lt\u00f6ztet\u00e9sek<\/li>\n<li>K\u00f6lt\u00f6ztet\u00e9si szolg\u00e1ltat\u00e1sok<\/li>\n<li>Lakoss\u00e1gi \u00e9s irodai k\u00f6lt\u00f6z\u00e9sek<\/li>\n<li>H\u00e1zr\u00f3l h\u00e1zra t\u00f6rt\u00e9n\u0151 k\u00f6lt\u00f6ztet\u00e9s<\/li>\n<li>K\u00f6z\u00fati, tengeri \u00e9s l\u00e9gi sz\u00e1ll\u00edt\u00e1s<\/li>\n<li>A legjobb csomagol\u00f3anyagokat \u00e9s technik\u00e1kat biztos\u00edtja<\/li>\n<li>A dobozok teljes lelt\u00e1roz\u00e1sa \u00e9s c\u00edmk\u00e9z\u00e9se<\/li>\n<li>M\u0171alkot\u00e1sok \u00e9s h\u00e1zi\u00e1llatok sz\u00e1ll\u00edt\u00e1sa<\/li>\n<li>Biztons\u00e1gos rakt\u00e1rhelyis\u00e9gek<\/li>\n<\/ul>\n<p>A Global Packing egy Rio de Janeiro-i sz\u00e9khely\u0171 k\u00f6lt\u00f6ztet\u0151 c\u00e9g, amely 2003-ban alakult, \u00e9s 15 \u00e9ves IAM-tags\u00e1ggal rendelkezik. Orsz\u00e1gos \u00e9s nemzetk\u00f6zi k\u00f6lt\u00f6ztet\u00e9si szolg\u00e1ltat\u00e1sokat k\u00edn\u00e1lnak, amelyeket vil\u00e1gszerte m\u0171k\u00f6d\u0151 k\u00f6lt\u00f6ztet\u0151 c\u00e9gek h\u00e1l\u00f3zat\u00e1val egy\u00fcttm\u0171k\u00f6dve ny\u00fajtanak.<\/p>\n<p>A Global Packing professzion\u00e1lis \u00e9s tapasztalt szolg\u00e1ltat\u00e1st k\u00edn\u00e1l, amelyet k\u00e9pzett szem\u00e9lyzet ny\u00fajt, akik magas sz\u00ednvonalon dolgoznak, \u00e9s a legjobb csomagol\u00f3anyagokat \u00e9s technik\u00e1kat haszn\u00e1lj\u00e1k a t\u00e1rgyak v\u00e9delm\u00e9re. Teljes lelt\u00e1rt k\u00e9sz\u00edtenek a holmij\u00e1r\u00f3l, \u00e9s felc\u00edmk\u00e9zik a dobozokat, hogy megk\u00f6nny\u00edts\u00e9k a t\u00e1rgyak megtal\u00e1l\u00e1s\u00e1t. K\u00f6lt\u00f6ztet\u00e9si szolg\u00e1ltat\u00e1sokat is k\u00edn\u00e1lnak, bele\u00e9rtve a bev\u00e1ndorl\u00e1si szolg\u00e1ltat\u00e1sokat, az otthonkeres\u00e9st \u00e9s a leteleped\u00e9st.<\/p>\n<p>Weboldal: <a href=\"http:\/\/www.globalpacking.com.br\" target=\"_blank\" rel=\"noopener\">http:\/\/www.globalpacking.com.br<\/a><\/p>\n<h2><span class=\"ez-toc-section\" id=\"9_Metropolitan_Transports\"><\/span><strong>9. Metropolitan Transports<\/strong><span class=\"ez-toc-section-end\"><\/span><\/h2>\n<p><img loading=\"lazy\" decoding=\"async\" class=\"alignnone size-full wp-image-5458\" src=\"https:\/\/moverdb.com\/wp-content\/uploads\/Metropolitan-Transports-international-moving-company.png\" alt=\"Metropolitan Transports nemzetk\u00f6zi k\u00f6lt\u00f6ztet\u0151 c\u00e9g\" width=\"1440\" height=\"682\" data-wp-pid=\"5458\" srcset=\"https:\/\/moverdb.com\/wp-content\/uploads\/Metropolitan-Transports-international-moving-company.png 1440w, https:\/\/moverdb.com\/wp-content\/uploads\/Metropolitan-Transports-international-moving-company-300x142.png 300w, https:\/\/moverdb.com\/wp-content\/uploads\/Metropolitan-Transports-international-moving-company-1024x485.png 1024w, https:\/\/moverdb.com\/wp-content\/uploads\/Metropolitan-Transports-international-moving-company-18x9.png 18w, https:\/\/moverdb.com\/wp-content\/uploads\/Metropolitan-Transports-international-moving-company-600x284.png 600w\" sizes=\"auto, (max-width: 1440px) 100vw, 1440px\" \/><\/p>\n<ul>\n<li>Nemzeti l\u00e9p\u00e9sek<\/li>\n<li>Nemzetk\u00f6zi k\u00f6lt\u00f6z\u00e9sek<\/li>\n<li>Lakoss\u00e1gi k\u00f6lt\u00f6ztet\u00e9s<\/li>\n<li>Kereskedelmi k\u00f6lt\u00f6z\u00e9sek<\/li>\n<li>Szem\u00e9lyre szabott szolg\u00e1ltat\u00e1sok<\/li>\n<li>Kiv\u00e1l\u00f3 min\u0151s\u00e9g\u0171 csomagol\u00f3anyagok<\/li>\n<li>B\u00fatorok kicsomagol\u00e1sa \u00e9s \u00f6sszeszerel\u00e9se<\/li>\n<li>Biztos\u00edt\u00e1s<\/li>\n<li>V\u00e1mkezel\u00e9s<\/li>\n<li>Biztons\u00e1gos t\u00e1rol\u00e1si megold\u00e1sok<\/li>\n<\/ul>\n<p>A Metropolitan Transports egy 1969-ben alap\u00edtott nemzetk\u00f6zi k\u00f6lt\u00f6ztet\u0151 c\u00e9g, amely Sao Paul\u00f3ban, Rio de Janeir\u00f3ban, Curitib\u00e1ban, Salvadorban \u00e9s Belo Horizont\u00e9ban rendelkezik kirendelts\u00e9gekkel. Nemzetk\u00f6zi k\u00f6lt\u00f6ztet\u0151i h\u00e1l\u00f3zattal is rendelkeznek, amely a Braz\u00edli\u00e1n k\u00edv\u00fcli k\u00f6lt\u00f6z\u00e9sekben ny\u00fajt seg\u00edts\u00e9get. Az IAM tagjai, \u00e9s 53 \u00e9ves szolg\u00e1lati id\u0151vel rendelkeznek.<\/p>\n<p>A Metropolitan Transports szem\u00e9lyre szabott szolg\u00e1ltat\u00e1st ny\u00fajt, amely egy els\u0151 vizsg\u00e1latot tartalmaz az \u00d6n ig\u00e9nyeinek felm\u00e9r\u00e9s\u00e9re, \u00e9s egyetlen kapcsolattart\u00e1si pontot biztos\u00edt \u00d6nnek. Szem\u00e9lyre szabott \u00e9s kiv\u00e1l\u00f3 min\u0151s\u00e9g\u0171 csomagol\u00e1st, valamint seg\u00edts\u00e9get ny\u00fajtanak a biztos\u00edt\u00e1ssal \u00e9s a v\u00e1mkezel\u00e9ssel kapcsolatban. \u00c9rkez\u00e9skor seg\u00edtenek kicsomagolni, \u00f6sszeszerelni a b\u00fatorokat \u00e9s elt\u00e1vol\u00edtani a csomagol\u00f3anyagokat, valamint t\u00e1rol\u00e1st k\u00edn\u00e1lnak.<\/p>\n<p>Weboldal: <a href=\"http:\/\/www.metropolitan.com.br\" target=\"_blank\" rel=\"noopener\">http:\/\/www.metropolitan.com.br<\/a><\/p>\n<h2><span class=\"ez-toc-section\" id=\"10_Move\"><\/span><strong>10. Mozg\u00e1s+<\/strong><span class=\"ez-toc-section-end\"><\/span><\/h2>\n<p><em><img loading=\"lazy\" decoding=\"async\" class=\"alignnone size-full wp-image-5462\" src=\"https:\/\/moverdb.com\/wp-content\/uploads\/Move-international-moving-company.png\" alt=\"Move+ nemzetk\u00f6zi k\u00f6lt\u00f6ztet\u0151 c\u00e9g\" width=\"1440\" height=\"680\" data-wp-pid=\"5462\" srcset=\"https:\/\/moverdb.com\/wp-content\/uploads\/Move-international-moving-company.png 1440w, https:\/\/moverdb.com\/wp-content\/uploads\/Move-international-moving-company-300x142.png 300w, https:\/\/moverdb.com\/wp-content\/uploads\/Move-international-moving-company-1024x484.png 1024w, https:\/\/moverdb.com\/wp-content\/uploads\/Move-international-moving-company-18x9.png 18w, https:\/\/moverdb.com\/wp-content\/uploads\/Move-international-moving-company-600x283.png 600w\" sizes=\"auto, (max-width: 1440px) 100vw, 1440px\" \/><\/em><\/p>\n<ul>\n<li>Nemzeti l\u00e9p\u00e9s<\/li>\n<li>Nemzetk\u00f6zi k\u00f6lt\u00f6ztet\u00e9sek<\/li>\n<li>Lakoss\u00e1gi k\u00f6lt\u00f6ztet\u00e9s<\/li>\n<li>Kereskedelmi k\u00f6lt\u00f6z\u00e9sek<\/li>\n<li>Szem\u00e9lyre szabott szolg\u00e1ltat\u00e1s<\/li>\n<li>H\u00e1zr\u00f3l h\u00e1zra j\u00e1r\u00e1s \u00e9s <a href=\"https:\/\/moverdb.com\/hu\/top-49-container-ports\/\" data-internallinksmanager029f6b8e52c=\"80\" title=\"Top 49 legnagyobb \u00e9s legforgalmasabb kont\u00e9nerkik\u00f6t\u0151 2025-ben\">port<\/a>-to-port szolg\u00e1ltat\u00e1s<\/li>\n<li>K\u00e9pzett \u00e9s k\u00e9pzett szakemberek<\/li>\n<li>V\u00e1mkezel\u00e9s \u00e9s szab\u00e1lyoz\u00e1s t\u00e1mogat\u00e1sa<\/li>\n<li>Minden kock\u00e1zatra sz\u00f3l\u00f3 biztos\u00edt\u00e1s<\/li>\n<li>Biztons\u00e1gos t\u00e1rol\u00e1s<\/li>\n<\/ul>\n<p>A Move+ egy Rio de Janeiro-i sz\u00e9khely\u0171 k\u00f6lt\u00f6ztet\u0151 c\u00e9g, amely m\u00e1r t\u00f6bb mint 15 \u00e9ve m\u0171k\u00f6dik. K\u00f6lt\u00f6ztet\u00e9si szolg\u00e1ltat\u00e1sokat ny\u00fajtanak braz\u00edliai otthonok \u00e9s kereskedelmi \u00fcgyfelek sz\u00e1m\u00e1ra, valamint Braz\u00edli\u00e1b\u00f3l 160 orsz\u00e1gba vagy Braz\u00edli\u00e1ba. Nagy tapasztalattal rendelkez\u0151 partnereik seg\u00edtik \u0151ket a nemzetk\u00f6zi szolg\u00e1ltat\u00e1sok ny\u00fajt\u00e1s\u00e1ban. Tagjai az IAM-nek 3 \u00e9ves szolg\u00e1lati id\u0151vel.<\/p>\n<p>A Move+ szem\u00e9lyre szabott szolg\u00e1ltat\u00e1st k\u00edn\u00e1l egyedi \u00e1raj\u00e1nlattal, amely h\u00e1zt\u00f3l-h\u00e1zig vagy kik\u00f6t\u0151t\u0151l-kik\u00f6t\u0151ig szolg\u00e1ltat\u00e1st ny\u00fajt, r\u00e9szletes lelt\u00e1rral az \u00d6n t\u00e1rgyair\u00f3l. Seg\u00edts\u00e9get ny\u00fajtanak a Braz\u00edli\u00e1ba t\u00f6rt\u00e9n\u0151 behozatalhoz vagy kivitelhez, \u00e9s seg\u00edtenek a teljes dokument\u00e1ci\u00f3s t\u00e1mogat\u00e1ssal a v\u00e1m- \u00e9s v\u00e1mszab\u00e1lyok tekintet\u00e9ben.<\/p>\n<p>Weboldal: <a href=\"http:\/\/moveplusinternational.com\" target=\"_blank\" rel=\"noopener\">http:\/\/moveplusinternational.com<\/a><\/p>\n<h2><span class=\"ez-toc-section\" id=\"11_Premier_Relocations\"><\/span><strong>11. Premier Relocations<\/strong><span class=\"ez-toc-section-end\"><\/span><\/h2>\n<p><em><img loading=\"lazy\" decoding=\"async\" class=\"alignnone size-full wp-image-5475\" src=\"https:\/\/moverdb.com\/wp-content\/uploads\/Premier-Relocations-international-moving-company.png\" alt=\"Premier Relocations nemzetk\u00f6zi k\u00f6lt\u00f6ztet\u0151 c\u00e9g\" width=\"1440\" height=\"674\" data-wp-pid=\"5475\" srcset=\"https:\/\/moverdb.com\/wp-content\/uploads\/Premier-Relocations-international-moving-company.png 1440w, https:\/\/moverdb.com\/wp-content\/uploads\/Premier-Relocations-international-moving-company-300x140.png 300w, https:\/\/moverdb.com\/wp-content\/uploads\/Premier-Relocations-international-moving-company-1024x479.png 1024w, https:\/\/moverdb.com\/wp-content\/uploads\/Premier-Relocations-international-moving-company-18x8.png 18w, https:\/\/moverdb.com\/wp-content\/uploads\/Premier-Relocations-international-moving-company-600x281.png 600w\" sizes=\"auto, (max-width: 1440px) 100vw, 1440px\" \/><\/em><\/p>\n<ul>\n<li>Nemzeti k\u00f6lt\u00f6ztet\u00e9sek<\/li>\n<li>Nemzetk\u00f6zi k\u00f6lt\u00f6z\u00e9sek<\/li>\n<li>V\u00e1llalati \u00e9s diplom\u00e1ciai \u00fcgyfelek<\/li>\n<li>Lakoss\u00e1gi k\u00f6lt\u00f6z\u00e9sek<\/li>\n<li>Szem\u00e9lyre szabott szolg\u00e1ltat\u00e1s<\/li>\n<li>Egyetlen kapcsolattart\u00f3 pont<\/li>\n<li>Csomagol\u00e1s \u00e9s sz\u00e1ll\u00edt\u00e1s<\/li>\n<li>V\u00e1mkezel\u00e9s<\/li>\n<li>Biztos\u00edt\u00e1s minden kock\u00e1zat ellen<\/li>\n<li>Biztons\u00e1gos rakt\u00e1rhelyis\u00e9gek<\/li>\n<\/ul>\n<p>A Premier Relocations egy Rio de Janeiro-i sz\u00e9khely\u0171 k\u00f6lt\u00f6ztet\u0151 c\u00e9g, amely Braz\u00edlia eg\u00e9sz ter\u00fclet\u00e9n, valamint Braz\u00edli\u00e1ba \u00e9s Braz\u00edli\u00e1b\u00f3l kiindulva ny\u00fajt szolg\u00e1ltat\u00e1sokat. Lakoss\u00e1gi k\u00f6lt\u00f6z\u00e9sek, v\u00e1llalati \u00fcgyfelek \u00e9s diplom\u00e1ciai k\u00f6lt\u00f6ztet\u00e9sek sz\u00e1m\u00e1ra ny\u00fajtanak szolg\u00e1ltat\u00e1st. A vil\u00e1g minden t\u00e1j\u00e1r\u00f3l egy\u00fcttm\u0171k\u00f6dnek k\u00f6lt\u00f6ztet\u0151\u00fcgyn\u00f6k\u00f6kkel, hogy szolg\u00e1ltat\u00e1saikat az eg\u00e9sz vil\u00e1gon ny\u00fajthass\u00e1k. Tagjai az IAM-nek 15 \u00e9ves szolg\u00e1lati id\u0151vel, \u00e9s a FIDI \u00e1ltal akkredit\u00e1ltak.<\/p>\n<p>A Premier Relocations szem\u00e9lyre szabott k\u00f6lt\u00f6ztet\u00e9si szolg\u00e1ltat\u00e1st k\u00edn\u00e1l, egy kapcsolattart\u00e1si ponton kereszt\u00fcl. H\u00e1zhoz men\u0151 szolg\u00e1ltat\u00e1st ny\u00fajtanak, amely mag\u00e1ban foglalja a holmik becsomagol\u00e1s\u00e1t, a k\u00f6z\u00fati, l\u00e9gi vagy tengeri sz\u00e1ll\u00edt\u00e1s megszervez\u00e9s\u00e9t, a v\u00e1mkezel\u00e9s \u00e9s a biztos\u00edt\u00e1s megszervez\u00e9s\u00e9t.<\/p>\n<p>Weboldal: <a href=\"http:\/\/www.premierrelo.com.br\" target=\"_blank\" rel=\"noopener\">http:\/\/www.premierrelo.com.br<\/a><\/p>\n<h2><span class=\"ez-toc-section\" id=\"12_Transworld\"><\/span><strong>12. Transworld<\/strong><span class=\"ez-toc-section-end\"><\/span><\/h2>\n<p><img loading=\"lazy\" decoding=\"async\" class=\"alignnone size-full wp-image-5495\" src=\"https:\/\/moverdb.com\/wp-content\/uploads\/Transworld-international-moving-company.png\" alt=\"Transworld nemzetk\u00f6zi k\u00f6lt\u00f6ztet\u0151 c\u00e9g\" width=\"1440\" height=\"654\" data-wp-pid=\"5495\" srcset=\"https:\/\/moverdb.com\/wp-content\/uploads\/Transworld-international-moving-company.png 1440w, https:\/\/moverdb.com\/wp-content\/uploads\/Transworld-international-moving-company-300x136.png 300w, https:\/\/moverdb.com\/wp-content\/uploads\/Transworld-international-moving-company-1024x465.png 1024w, https:\/\/moverdb.com\/wp-content\/uploads\/Transworld-international-moving-company-18x8.png 18w, https:\/\/moverdb.com\/wp-content\/uploads\/Transworld-international-moving-company-600x273.png 600w\" sizes=\"auto, (max-width: 1440px) 100vw, 1440px\" \/><\/p>\n<ul>\n<li>Nemzeti l\u00e9p\u00e9sek<\/li>\n<li>Nemzetk\u00f6zi k\u00f6lt\u00f6z\u00e9sek<\/li>\n<li>V\u00e1llalatok, nagyk\u00f6vets\u00e9gek \u00e9s int\u00e9zm\u00e9nyek r\u00e9sz\u00e9re<\/li>\n<li>Lakoss\u00e1gi k\u00f6lt\u00f6z\u00e9sek, bele\u00e9rtve a k\u00fclf\u00f6ldieket \u00e9s a vezet\u0151ket is<\/li>\n<li>FIDI \u00e1ltal akkredit\u00e1lt<\/li>\n<li>Magasan k\u00e9pzett \u00e9s k\u00e9pzett szakemberek<\/li>\n<li>Modern csomagol\u00e1si m\u00f3dszerek \u00e9s anyagok<\/li>\n<li>Saj\u00e1t j\u00e1rm\u0171park<\/li>\n<li>M\u0171alkot\u00e1sok sz\u00e1ll\u00edt\u00e1s\u00e1ra szakosodott szolg\u00e1ltat\u00e1s<\/li>\n<li>T\u00e1rol\u00e1si megold\u00e1sok v\u00e1laszt\u00e9ka<\/li>\n<\/ul>\n<p>A Transworld 1985 \u00f3ta seg\u00edti a lakoss\u00e1g \u00e9s a v\u00e1llalkoz\u00e1sok k\u00f6lt\u00f6z\u00e9s\u00e9t mind belf\u00f6ld\u00f6n, mind k\u00fclf\u00f6ld\u00f6n a Sao Paul\u00f3ban, Rio de Janeir\u00f3ban, Braz\u00edli\u00e1ban, Curitib\u00e1ban \u00e9s Belo Horizont\u00e9ban tal\u00e1lhat\u00f3 fi\u00f3kjaib\u00f3l. A nemzetk\u00f6zi k\u00f6lt\u00f6ztet\u00e9si \u00fcgyn\u00f6k\u00f6k h\u00e1l\u00f3zat\u00e1nak r\u00e9szei, akikkel a nemzetk\u00f6zi k\u00f6lt\u00f6ztet\u00e9sek lebonyol\u00edt\u00e1s\u00e1ban egy\u00fcttm\u0171k\u00f6dnek. Az IAM tagjai, 20 \u00e9ves szolg\u00e1lati id\u0151vel, \u00e9s a FIDI \u00e1ltal akkredit\u00e1ltak.<\/p>\n<p>A Transworld saj\u00e1t j\u00e1rm\u0171flott\u00e1val rendelkezik a k\u00f6lt\u00f6ztet\u00e9si szolg\u00e1ltat\u00e1sok braz\u00edliai sz\u00e1ll\u00edt\u00e1s\u00e1ra, \u00e9s Braz\u00edlia kulcsfontoss\u00e1g\u00fa v\u00e1rosaiban tal\u00e1lhat\u00f3 fi\u00f3kjai k\u00fcl\u00f6nf\u00e9le t\u00e1rol\u00e1si megold\u00e1sokat k\u00edn\u00e1lnak, bele\u00e9rtve az egyedi, falazott \u00e9s f\u00e9mdobozokat. Magas sz\u00ednvonal\u00fa csomagol\u00e1st biztos\u00edtanak modern m\u00f3dszerek \u00e9s anyagok felhaszn\u00e1l\u00e1s\u00e1val.<\/p>\n<p>Weboldal: <a href=\"http:\/\/www.transworldbrazil.com\" target=\"_blank\" rel=\"noopener\">http:\/\/www.transworldbrazil.com<\/a><\/p>\n<h2><span class=\"ez-toc-section\" id=\"13_Millenium_Transportes\"><\/span><strong>13. Millenium Transportes<\/strong><span class=\"ez-toc-section-end\"><\/span><\/h2>\n<p><img loading=\"lazy\" decoding=\"async\" class=\"alignnone size-full wp-image-5460\" src=\"https:\/\/moverdb.com\/wp-content\/uploads\/Millenium-Transportes-international-moving-company.png\" alt=\"Millenium Transportes nemzetk\u00f6zi k\u00f6lt\u00f6ztet\u0151 c\u00e9g\" width=\"1440\" height=\"676\" data-wp-pid=\"5460\" srcset=\"https:\/\/moverdb.com\/wp-content\/uploads\/Millenium-Transportes-international-moving-company.png 1440w, https:\/\/moverdb.com\/wp-content\/uploads\/Millenium-Transportes-international-moving-company-300x141.png 300w, https:\/\/moverdb.com\/wp-content\/uploads\/Millenium-Transportes-international-moving-company-1024x481.png 1024w, https:\/\/moverdb.com\/wp-content\/uploads\/Millenium-Transportes-international-moving-company-18x8.png 18w, https:\/\/moverdb.com\/wp-content\/uploads\/Millenium-Transportes-international-moving-company-600x282.png 600w\" sizes=\"auto, (max-width: 1440px) 100vw, 1440px\" \/><\/p>\n<ul>\n<li>Nemzeti l\u00e9p\u00e9sek<\/li>\n<li>Nemzetk\u00f6zi k\u00f6lt\u00f6ztet\u00e9sek<\/li>\n<li>Lakoss\u00e1gi k\u00f6lt\u00f6z\u00e9sek<\/li>\n<li>Kereskedelmi k\u00f6lt\u00f6z\u00e9sek<\/li>\n<li>H\u00e1zt\u00f3l-h\u00e1zig szolg\u00e1ltat\u00e1s<\/li>\n<li>Professzion\u00e1lis \u00e9s kiv\u00e1l\u00f3 min\u0151s\u00e9g\u0171 csomagol\u00e1si szolg\u00e1ltat\u00e1s<\/li>\n<li>Egyedi csomagol\u00f3 dobozok<\/li>\n<li>B\u00fatorok sz\u00e9tszerel\u00e9se \u00e9s \u00f6sszeszerel\u00e9se<\/li>\n<li>M\u0171v\u00e9szeti alkot\u00e1sok sz\u00e1ll\u00edt\u00e1sa<\/li>\n<li>R\u00f6vid \u00e9s hossz\u00fa t\u00e1v\u00fa t\u00e1rol\u00f3 l\u00e9tes\u00edtm\u00e9nyek<\/li>\n<\/ul>\n<p>A Millenium Transportes egy k\u00f6lt\u00f6ztet\u0151 c\u00e9g, amely Sao Paul\u00f3ban, Rio de Janeir\u00f3ban \u00e9s Quot\u00e1ban rendelkezik kirendelts\u00e9gekkel, \u00e9s amely t\u00e1mogatja a Braz\u00edli\u00e1n bel\u00fcl, illetve Braz\u00edli\u00e1b\u00f3l vagy Braz\u00edli\u00e1ba k\u00f6lt\u00f6z\u0151 szem\u00e9lyeket. A c\u00e9g az IAM tagja, \u00e9s vil\u00e1gszerte szakosodott k\u00f6lt\u00f6ztet\u0151 partnerekkel m\u0171k\u00f6dik egy\u00fctt, hogy seg\u00edtsen \u00d6nnek a vil\u00e1g minden t\u00e1j\u00e1ra k\u00f6lt\u00f6zni.<\/p>\n<p>A Millenium Transportes h\u00e1zt\u00f3l-h\u00e1zig szolg\u00e1ltat\u00e1st ny\u00fajt a k\u00f6lt\u00f6ztet\u00e9si szolg\u00e1ltat\u00e1sokhoz, t\u00e1mogat\u00e1st ny\u00fajtva az import- \u00e9s exportfolyamatokhoz. Professzion\u00e1lis csomagol\u00f3kat biztos\u00edtanak, akik a nemzetk\u00f6zi szabv\u00e1nyok szerint dolgoznak, kiv\u00e1l\u00f3 min\u0151s\u00e9g\u0171 csomagol\u00f3anyagokkal, hogy megv\u00e9dj\u00e9k a holmij\u00e1t, valamint saj\u00e1t, testre szabott csomagol\u00f3 dobozokat k\u00e9sz\u00edtenek.<\/p>\n<p>Weboldal: <a href=\"http:\/\/www.milleniumtransportes.com.br\" target=\"_blank\" rel=\"noopener\">http:\/\/www.milleniumtransportes.com.br<\/a><\/p>\n<h2><span class=\"ez-toc-section\" id=\"14_Empresa_de_Mudancas_Monica\"><\/span><strong>14. Empresa de Mudancas Monica<\/strong><span class=\"ez-toc-section-end\"><\/span><\/h2>\n<p><img loading=\"lazy\" decoding=\"async\" class=\"alignnone size-full wp-image-5432\" src=\"https:\/\/moverdb.com\/wp-content\/uploads\/Empresa-de-Mudancas-Monica-international-moving-company.png\" alt=\"Empresa de Mudancas Monica nemzetk\u00f6zi k\u00f6lt\u00f6ztet\u0151 c\u00e9g\" width=\"1440\" height=\"683\" data-wp-pid=\"5432\" srcset=\"https:\/\/moverdb.com\/wp-content\/uploads\/Empresa-de-Mudancas-Monica-international-moving-company.png 1440w, https:\/\/moverdb.com\/wp-content\/uploads\/Empresa-de-Mudancas-Monica-international-moving-company-300x142.png 300w, https:\/\/moverdb.com\/wp-content\/uploads\/Empresa-de-Mudancas-Monica-international-moving-company-1024x486.png 1024w, https:\/\/moverdb.com\/wp-content\/uploads\/Empresa-de-Mudancas-Monica-international-moving-company-18x9.png 18w, https:\/\/moverdb.com\/wp-content\/uploads\/Empresa-de-Mudancas-Monica-international-moving-company-600x285.png 600w\" sizes=\"auto, (max-width: 1440px) 100vw, 1440px\" \/><\/p>\n<ul>\n<li>\u00c1llamk\u00f6zi k\u00f6lt\u00f6z\u00e9sek<\/li>\n<li>Nemzetk\u00f6zi k\u00f6lt\u00f6z\u00e9sek<\/li>\n<li>Lakoss\u00e1gi k\u00f6lt\u00f6ztet\u00e9s<\/li>\n<li>Kereskedelmi k\u00f6lt\u00f6z\u00e9sek<\/li>\n<li>Speci\u00e1lis b\u00fatoremel\u0151 berendez\u00e9sek<\/li>\n<li>K\u00e9pzett \u00e9s professzion\u00e1lis szem\u00e9lyzet<\/li>\n<li>Speci\u00e1lis csomagol\u00f3anyagok<\/li>\n<li>K\u00f6z\u00fati, l\u00e9gi \u00e9s tengeri sz\u00e1ll\u00edt\u00e1s<\/li>\n<li>V\u00e1m\u00fcgyn\u00f6ki tev\u00e9kenys\u00e9g<\/li>\n<li>Biztons\u00e1gos t\u00e1rol\u00e1s<\/li>\n<\/ul>\n<p>Az Empresa de Mudancas Monica egy Sao Paul\u00f3-i sz\u00e9khely\u0171 k\u00f6lt\u00f6ztet\u0151 c\u00e9g, amelyet 1977-ben alap\u00edtottak. Lakoss\u00e1gi \u00e9s kereskedelmi k\u00f6lt\u00f6ztet\u00e9si szolg\u00e1ltat\u00e1sokat k\u00edn\u00e1lnak \u00e1llamk\u00f6zi \u00e9s nemzetk\u00f6zi szinten. Tagjai az IAM-nek, 45 \u00e9ves szolg\u00e1lati id\u0151vel.<\/p>\n<p>Az Empresa de Mudancas Monica ingyenes m\u0171szaki l\u00e1togat\u00e1st k\u00edn\u00e1l, hogy felm\u00e9rje az \u00d6n ig\u00e9nyeit \u00e9s \u00e1raj\u00e1nlatot adjon. Magas sz\u00ednvonal\u00fa, nemzetk\u00f6zi szint\u0171 csomagol\u00e1st biztos\u00edtanak, amely az \u00d6n k\u00f6lt\u00f6z\u00e9s\u00e9re van szabva. Lelt\u00e1rt k\u00e9sz\u00edtenek az \u00e1rukr\u00f3l \u00e9s seg\u00edtenek a v\u00e1m\u00fcgyint\u00e9z\u00e9sben. Rendelkeznek speci\u00e1lis emel\u0151berendez\u00e9sekkel, amelyek k\u00e9pesek felemelni a b\u00fatorokat, hogy seg\u00edts\u00e9k a k\u00f6lt\u00f6z\u00e9st. Minden m\u00e9retben biztons\u00e1gos t\u00e1rol\u00e1st is k\u00edn\u00e1lnak.<\/p>\n<p>Weboldal: <a href=\"http:\/\/www.mudancasmonica.com.br\" target=\"_blank\" rel=\"noopener\">http:\/\/www.mudancasmonica.com.br<\/a><\/p>\n<h2><span class=\"ez-toc-section\" id=\"15_Netmove\"><\/span><strong>15. Netmove<\/strong><span class=\"ez-toc-section-end\"><\/span><\/h2>\n<p><img loading=\"lazy\" decoding=\"async\" class=\"alignnone size-full wp-image-5467\" src=\"https:\/\/moverdb.com\/wp-content\/uploads\/Netmove-international-moving-company.png\" alt=\"Netmove nemzetk\u00f6zi k\u00f6lt\u00f6ztet\u0151 c\u00e9g\" width=\"1440\" height=\"679\" data-wp-pid=\"5467\" srcset=\"https:\/\/moverdb.com\/wp-content\/uploads\/Netmove-international-moving-company.png 1440w, https:\/\/moverdb.com\/wp-content\/uploads\/Netmove-international-moving-company-300x141.png 300w, https:\/\/moverdb.com\/wp-content\/uploads\/Netmove-international-moving-company-1024x483.png 1024w, https:\/\/moverdb.com\/wp-content\/uploads\/Netmove-international-moving-company-18x8.png 18w, https:\/\/moverdb.com\/wp-content\/uploads\/Netmove-international-moving-company-600x283.png 600w\" sizes=\"auto, (max-width: 1440px) 100vw, 1440px\" \/><\/p>\n<ul>\n<li>Belf\u00f6ldi k\u00f6lt\u00f6z\u00e9sek<\/li>\n<li>Nemzetk\u00f6zi k\u00f6lt\u00f6ztet\u00e9sek<\/li>\n<li>Lakoss\u00e1gi k\u00f6lt\u00f6z\u00e9sek<\/li>\n<li>Kereskedelmi k\u00f6lt\u00f6z\u00e9sek<\/li>\n<li>H\u00e1zt\u00f3l-h\u00e1zig szolg\u00e1ltat\u00e1s<\/li>\n<li>Egyetlen kapcsolattart\u00f3 pont<\/li>\n<li>K\u00f6z\u00fati, tengeri \u00e9s l\u00e9gi sz\u00e1ll\u00edt\u00e1s<\/li>\n<li>V\u00e1mkezel\u00e9s<\/li>\n<li>Biztos\u00edt\u00e1s<\/li>\n<li>T\u00e1rol\u00e1si megold\u00e1sok<\/li>\n<\/ul>\n<p>A Netmove egy Sao Paul\u00f3-i sz\u00e9khely\u0171 nemzetk\u00f6zi \u00e9s belf\u00f6ldi k\u00f6lt\u00f6ztet\u0151 c\u00e9g, amely 1996-ban alakult. Braz\u00edlia b\u00e1rmely orsz\u00e1g\u00e1ba \u00e9s b\u00e1rmely v\u00e1ros\u00e1ba t\u00f6rt\u00e9n\u0151 k\u00f6lt\u00f6z\u00e9s sor\u00e1n t\u00e1mogatj\u00e1k a mag\u00e1nszem\u00e9lyeket, csal\u00e1dokat \u00e9s c\u00e9geket, a k\u00f6lt\u00f6ztet\u0151i h\u00e1l\u00f3zatuk seg\u00edts\u00e9g\u00e9vel. Az IAM tagjai, 26 \u00e9ves szolg\u00e1lati id\u0151vel, \u00e9s a FIDI \u00e1ltal akkredit\u00e1ltak.<\/p>\n<p>A Netmove szem\u00e9lyre szabott megk\u00f6zel\u00edt\u00e9st biztos\u00edt, \u00e9s egy koordin\u00e1tort jel\u00f6l ki \u00d6nnek, aki seg\u00edt a k\u00f6lt\u00f6z\u00e9s lebonyol\u00edt\u00e1s\u00e1ban, kezdve a k\u00f6lt\u00f6z\u00e9s el\u0151tti felm\u00e9r\u00e9ssel. H\u00e1zhoz men\u0151 szolg\u00e1ltat\u00e1st ny\u00fajtanak, amely mag\u00e1ban foglalja a holmik biztons\u00e1gos becsomagol\u00e1s\u00e1t, a biztos\u00edt\u00e1s megszervez\u00e9s\u00e9t, a k\u00f6z\u00fati, l\u00e9gi vagy tengeri sz\u00e1ll\u00edt\u00e1st, a v\u00e1mkezel\u00e9st, a kicsomagol\u00e1st \u00e9s a b\u00fatorok \u00f6sszeszerel\u00e9s\u00e9t.<\/p>\n<p>Weboldal: <a href=\"http:\/\/www.netmove.com.br\" target=\"_blank\" rel=\"noopener\">http:\/\/www.netmove.com.br<\/a><\/p>\n<h2><span class=\"ez-toc-section\" id=\"16_One_Moving\"><\/span><strong>16. Egy mozg\u00f3<\/strong><span class=\"ez-toc-section-end\"><\/span><\/h2>\n<p><img loading=\"lazy\" decoding=\"async\" class=\"alignnone size-full wp-image-5469\" src=\"https:\/\/moverdb.com\/wp-content\/uploads\/One-Move-international-moving-company.png\" alt=\"One Move nemzetk\u00f6zi k\u00f6lt\u00f6ztet\u0151 c\u00e9g\" width=\"1440\" height=\"681\" data-wp-pid=\"5469\" srcset=\"https:\/\/moverdb.com\/wp-content\/uploads\/One-Move-international-moving-company.png 1440w, https:\/\/moverdb.com\/wp-content\/uploads\/One-Move-international-moving-company-300x142.png 300w, https:\/\/moverdb.com\/wp-content\/uploads\/One-Move-international-moving-company-1024x484.png 1024w, https:\/\/moverdb.com\/wp-content\/uploads\/One-Move-international-moving-company-18x9.png 18w, https:\/\/moverdb.com\/wp-content\/uploads\/One-Move-international-moving-company-600x284.png 600w\" sizes=\"auto, (max-width: 1440px) 100vw, 1440px\" \/><\/p>\n<ul>\n<li>Nemzeti l\u00e9p\u00e9sek<\/li>\n<li>Nemzetk\u00f6zi \u00e1thelyez\u00e9sek<\/li>\n<li>Lakoss\u00e1gi k\u00f6lt\u00f6z\u00e9sek<\/li>\n<li>Kereskedelmi k\u00f6lt\u00f6ztet\u00e9sek<\/li>\n<li>Nemzetk\u00f6zi szabv\u00e1nyos csomagol\u00e1s haszn\u00e1lata<\/li>\n<li>V\u00e1mkezel\u00e9s<\/li>\n<li>Elektronikus lelt\u00e1rak \u00e9s a sz\u00e1ll\u00edtm\u00e1nyok val\u00f3s idej\u0171 nyomon k\u00f6vet\u00e9se<\/li>\n<li>H\u00e1zi\u00e1llatok sz\u00e1ll\u00edt\u00e1sa<\/li>\n<li>M\u0171v\u00e9szeti alkot\u00e1sokra szakosodott szolg\u00e1ltat\u00e1s<\/li>\n<li>Intelligens t\u00e1rol\u00e1si megold\u00e1sok<\/li>\n<\/ul>\n<p>A One Moving egy Sao Paul\u00f3-i sz\u00e9khely\u0171 k\u00f6lt\u00f6ztet\u0151 c\u00e9g, amely t\u00f6bb mint 15 \u00e9ves tapasztalattal rendelkezik az \u00e1gazatban, \u00e9s az IAM tagja, valamint FIDI-akkredit\u00e1lt. Magas nemzetk\u00f6zi szabv\u00e1nyok szerint m\u0171k\u00f6dnek, \u00e9s betartj\u00e1k az egyes orsz\u00e1gokban hat\u00e1lyos jogszab\u00e1lyi el\u0151\u00edr\u00e1sokat.<\/p>\n<p>A One Moving szem\u00e9lyre szabott szolg\u00e1ltat\u00e1st k\u00edn\u00e1l, amely az \u00d6n ig\u00e9nyeinek felm\u00e9r\u00e9s\u00e9vel kezd\u0151dik. Intelligens technol\u00f3gi\u00e1t haszn\u00e1lnak, bele\u00e9rtve az elektronikus lelt\u00e1rt, a val\u00f3s idej\u0171 nyomon k\u00f6vet\u00e9st \u00e9s a v\u00e1ltoz\u00e1sok f\u00e9nyk\u00e9pes r\u00f6gz\u00edt\u00e9s\u00e9t a k\u00f6lt\u00f6z\u00e9s lebonyol\u00edt\u00e1s\u00e1hoz. Mindent elint\u00e9znek a csomagol\u00e1st\u00f3l kezdve a v\u00e1mdokument\u00e1ci\u00f3n \u00e1t a kicsomagol\u00e1sig \u00e9s a b\u00fatorok \u00f6sszeszerel\u00e9s\u00e9ig. Biztons\u00e1gos, l\u00e9gkondicion\u00e1lt rakt\u00e1rhelyis\u00e9geket is k\u00edn\u00e1lnak.<\/p>\n<p>Weboldal: <a href=\"http:\/\/www.onemoving.com.br\" target=\"_blank\" rel=\"noopener\">http:\/\/www.onemoving.com.br<\/a><\/p>\n<h2><span class=\"ez-toc-section\" id=\"17_ReloWise\"><\/span><strong>17. ReloWise<\/strong><span class=\"ez-toc-section-end\"><\/span><\/h2>\n<p><img loading=\"lazy\" decoding=\"async\" class=\"alignnone size-full wp-image-5481\" src=\"https:\/\/moverdb.com\/wp-content\/uploads\/ReloWise-international-moving-company.png\" alt=\"ReloWise nemzetk\u00f6zi k\u00f6lt\u00f6ztet\u0151 c\u00e9g\" width=\"1440\" height=\"675\" data-wp-pid=\"5481\" srcset=\"https:\/\/moverdb.com\/wp-content\/uploads\/ReloWise-international-moving-company.png 1440w, https:\/\/moverdb.com\/wp-content\/uploads\/ReloWise-international-moving-company-300x141.png 300w, https:\/\/moverdb.com\/wp-content\/uploads\/ReloWise-international-moving-company-1024x480.png 1024w, https:\/\/moverdb.com\/wp-content\/uploads\/ReloWise-international-moving-company-18x8.png 18w, https:\/\/moverdb.com\/wp-content\/uploads\/ReloWise-international-moving-company-600x281.png 600w\" sizes=\"auto, (max-width: 1440px) 100vw, 1440px\" \/><\/p>\n<ul>\n<li>Nemzeti l\u00e9p\u00e9sek<\/li>\n<li>Nemzetk\u00f6zi k\u00f6lt\u00f6ztet\u00e9sek<\/li>\n<li>K\u00f6lt\u00f6ztet\u00e9si szolg\u00e1ltat\u00e1sok<\/li>\n<li>Szem\u00e9lyre szabott szolg\u00e1ltat\u00e1sok<\/li>\n<li>Bev\u00e1ndorl\u00e1si seg\u00edts\u00e9gny\u00fajt\u00e1s<\/li>\n<li>Dhttp:\/\/www.onemoving.com.brestination szolg\u00e1ltat\u00e1sok<\/li>\n<li>H\u00e1zi\u00e1llat \u00e1thelyez\u00e9s<\/li>\n<li>Otthoni \u00e9s iskolai keres\u00e9s<\/li>\n<li>Biztos\u00edt\u00e1si fedezet<\/li>\n<li>R\u00f6vid \u00e9s hossz\u00fa t\u00e1v\u00fa t\u00e1rol\u00e1si megold\u00e1sok<\/li>\n<\/ul>\n<p>A ReloWise egy Sao Paul\u00f3-i sz\u00e9khely\u0171 k\u00f6lt\u00f6ztet\u0151 c\u00e9g, amely t\u00f6bb mint 20 \u00e9ves tapasztalattal rendelkezik az orsz\u00e1gos \u00e9s nemzetk\u00f6zi k\u00f6lt\u00f6ztet\u00e9sben. K\u00e9pzett \u00e9s j\u00f3v\u00e1hagyott k\u00f6lt\u00f6ztet\u0151 c\u00e9gek glob\u00e1lis h\u00e1l\u00f3zat\u00e1t kezelik a nemzetk\u00f6zi k\u00f6lt\u00f6ztet\u00e9si szolg\u00e1ltat\u00e1sok ny\u00fajt\u00e1s\u00e1hoz. Tagjai az IAM-nek 3 \u00e9ves szolg\u00e1lati id\u0151vel.<\/p>\n<p>A ReloWise megtervezi k\u00f6lt\u00f6z\u00e9s\u00e9nek minden aspektus\u00e1t, bele\u00e9rtve a csomagol\u00e1st, a sz\u00e1razf\u00f6ldi, tengeri vagy l\u00e9gi sz\u00e1ll\u00edt\u00e1s \u00fctemez\u00e9s\u00e9t, a biztos\u00edt\u00e1si fedezetet \u00e9s sz\u00fcks\u00e9g eset\u00e9n a t\u00e1rol\u00e1st. Olyan k\u00f6lt\u00f6z\u00e9si szolg\u00e1ltat\u00e1sokat ny\u00fajtanak, amelyek magukban foglalj\u00e1k a bev\u00e1ndorl\u00e1si szolg\u00e1ltat\u00e1sokat, a helyi szolg\u00e1ltat\u00e1sokhoz val\u00f3 hozz\u00e1f\u00e9r\u00e9st, a c\u00e9l\u00e1llom\u00e1ssal kapcsolatos szolg\u00e1ltat\u00e1sokat, mint p\u00e9ld\u00e1ul a lak\u00e1skeres\u00e9s, az iskolakeres\u00e9s, a leteleped\u00e9si szolg\u00e1ltat\u00e1sok, valamint a kultur\u00e1lis \u00e9s nyelvi k\u00e9pz\u00e9s.<\/p>\n<p>Weboldal: <a href=\"http:\/\/www.relowise.com\" target=\"_blank\" rel=\"noopener\">http:\/\/www.relowise.com<\/a><\/p>\n<h2><span class=\"ez-toc-section\" id=\"18_Teamwork_International_Moving\"><\/span><strong>18. Teamwork International Moving<\/strong><span class=\"ez-toc-section-end\"><\/span><\/h2>\n<p><img loading=\"lazy\" decoding=\"async\" class=\"alignnone size-full wp-image-5491\" src=\"https:\/\/moverdb.com\/wp-content\/uploads\/Teamwork-international-moving-company.png\" alt=\"Teamwork nemzetk\u00f6zi k\u00f6lt\u00f6ztet\u0151 c\u00e9g\" width=\"1440\" height=\"679\" data-wp-pid=\"5491\" srcset=\"https:\/\/moverdb.com\/wp-content\/uploads\/Teamwork-international-moving-company.png 1440w, https:\/\/moverdb.com\/wp-content\/uploads\/Teamwork-international-moving-company-300x141.png 300w, https:\/\/moverdb.com\/wp-content\/uploads\/Teamwork-international-moving-company-1024x483.png 1024w, https:\/\/moverdb.com\/wp-content\/uploads\/Teamwork-international-moving-company-18x8.png 18w, https:\/\/moverdb.com\/wp-content\/uploads\/Teamwork-international-moving-company-600x283.png 600w\" sizes=\"auto, (max-width: 1440px) 100vw, 1440px\" \/><\/p>\n<ul>\n<li>Nemzeti l\u00e9p\u00e9sek<\/li>\n<li>Nemzetk\u00f6zi k\u00f6lt\u00f6ztet\u00e9sek<\/li>\n<li>K\u00f6lt\u00f6ztet\u00e9si szolg\u00e1ltat\u00e1sok<\/li>\n<li>H\u00e1zt\u00f3l-h\u00e1zig szolg\u00e1ltat\u00e1s<\/li>\n<li>K\u00e9pzett \u00e9s tapasztalt szem\u00e9lyzet<\/li>\n<li>K\u00fcl\u00f6nleges csomagol\u00e1s<\/li>\n<li>V\u00e1mkezel\u00e9s<\/li>\n<li>H\u00e1zi\u00e1llatok sz\u00e1ll\u00edt\u00e1sa<\/li>\n<li>Biztos\u00edt\u00e1s<\/li>\n<li>T\u00e1rol\u00e1si megold\u00e1sok<\/li>\n<\/ul>\n<p>A Teamwork egy Sao Paul\u00f3-i sz\u00e9khely\u0171 k\u00f6lt\u00f6ztet\u0151 c\u00e9g, amely m\u00e1r t\u00f6bb mint 20 \u00e9ve \u00e1ll az emberek szolg\u00e1lat\u00e1ban. Braz\u00edli\u00e1n bel\u00fcli, valamint Braz\u00edli\u00e1ba ir\u00e1nyul\u00f3 \u00e9s onnan indul\u00f3 k\u00f6lt\u00f6ztet\u00e9si szolg\u00e1ltat\u00e1sokat k\u00edn\u00e1lnak h\u00e1ztart\u00e1sok \u00e9s v\u00e1llalkoz\u00e1sok sz\u00e1m\u00e1ra. Nemzetk\u00f6zi k\u00f6lt\u00f6ztet\u0151 c\u00e9gekkel is egy\u00fcttm\u0171k\u00f6dnek, hogy a vil\u00e1g minden t\u00e1j\u00e1r\u00f3l tudjanak k\u00f6lt\u00f6z\u00e9st biztos\u00edtani. Tagjai az IAM-nek 16 \u00e9ves szolg\u00e1lati id\u0151vel, \u00e9s a FIDI \u00e1ltal akkredit\u00e1ltak.<\/p>\n<p>A Teamwork h\u00e1zt\u00f3l-h\u00e1zig tart\u00f3 k\u00f6lt\u00f6ztet\u00e9si szolg\u00e1ltat\u00e1sokat \u00e9s k\u00f6lt\u00f6ztet\u00e9si szolg\u00e1ltat\u00e1sokat k\u00edn\u00e1l, amelyek a k\u00f6lt\u00f6z\u00e9s minden aspektus\u00e1t t\u00e1mogatj\u00e1k. K\u00e9pzett \u00e9s tapasztalt szem\u00e9lyzetet biztos\u00edtanak az \u00d6n seg\u00edts\u00e9g\u00e9re, \u00e9s speci\u00e1lis csomagol\u00e1st haszn\u00e1lnak a holmij\u00e1nak v\u00e9delme \u00e9rdek\u00e9ben. V\u00e1mkezel\u00e9ssel \u00e9s tranzitbiztos\u00edt\u00e1ssal k\u00f6nny\u00edtik meg a k\u00f6lt\u00f6z\u00e9st.<\/p>\n<p>Weboldal: <a href=\"http:\/\/www.teamworkintl.com.br\" target=\"_blank\" rel=\"noopener\">http:\/\/www.teamworkintl.com.br<\/a><\/p>\n<h2><span class=\"ez-toc-section\" id=\"19_Tresor_Transportes\"><\/span><strong>19. Tresor Transportes<\/strong><span class=\"ez-toc-section-end\"><\/span><\/h2>\n<p><img loading=\"lazy\" decoding=\"async\" class=\"alignnone size-full wp-image-5505\" src=\"https:\/\/moverdb.com\/wp-content\/uploads\/Tresor-Transportes-international-moving-company.png\" alt=\"Tresor Transportes nemzetk\u00f6zi k\u00f6lt\u00f6ztet\u0151 c\u00e9g\" width=\"1440\" height=\"684\" data-wp-pid=\"5505\" srcset=\"https:\/\/moverdb.com\/wp-content\/uploads\/Tresor-Transportes-international-moving-company.png 1440w, https:\/\/moverdb.com\/wp-content\/uploads\/Tresor-Transportes-international-moving-company-300x143.png 300w, https:\/\/moverdb.com\/wp-content\/uploads\/Tresor-Transportes-international-moving-company-1024x486.png 1024w, https:\/\/moverdb.com\/wp-content\/uploads\/Tresor-Transportes-international-moving-company-18x9.png 18w, https:\/\/moverdb.com\/wp-content\/uploads\/Tresor-Transportes-international-moving-company-600x285.png 600w\" sizes=\"auto, (max-width: 1440px) 100vw, 1440px\" \/><\/p>\n<ul>\n<li>Nemzetk\u00f6zi k\u00f6lt\u00f6z\u00e9sek<\/li>\n<li>K\u00f6lt\u00f6ztet\u00e9si szolg\u00e1ltat\u00e1sok<\/li>\n<li>H\u00e1zt\u00f3l-h\u00e1zig szolg\u00e1ltat\u00e1s<\/li>\n<li>K\u00f6z\u00fati, tengeri \u00e9s l\u00e9gi sz\u00e1ll\u00edt\u00e1s<\/li>\n<li>K\u00e9pzett \u00e9s k\u00e9pzett szakemberek<\/li>\n<li>Magas sz\u00ednvonal\u00fa csomagol\u00e1s<\/li>\n<li>V\u00e1mkezel\u00e9s<\/li>\n<li>Saj\u00e1t j\u00e1rm\u0171park<\/li>\n<li>J\u00e1rm\u0171k\u00f6vet\u00e9s<\/li>\n<li>Biztos\u00edt\u00e1s<\/li>\n<\/ul>\n<p>A Tresor Transportes egy Sao Paul\u00f3-i sz\u00e9khely\u0171 tehersz\u00e1ll\u00edt\u00f3 \u00e9s \u00e1ltal\u00e1nos k\u00f6lt\u00f6ztet\u0151 c\u00e9g, amely saj\u00e1t flott\u00e1t \u00fczemeltet. Nemzetk\u00f6zi k\u00f6lt\u00f6ztet\u00e9st \u00e9s teljes k\u00f6r\u0171 k\u00f6lt\u00f6ztet\u00e9si szolg\u00e1ltat\u00e1st k\u00edn\u00e1lnak Braz\u00edli\u00e1ba \u00e9s Braz\u00edli\u00e1b\u00f3l. Az IAM tagja.<\/p>\n<p>A Tresor Transportes h\u00e1zt\u00f3l-h\u00e1zig tart\u00f3 k\u00f6lt\u00f6ztet\u00e9si szolg\u00e1ltat\u00e1st ny\u00fajt, amely cs\u00f6kkentheti a stresszt, \u00e9s nyugalmat adhat \u00d6nnek, mivel nyomon k\u00f6vetik a flotta \u00e1ltal sz\u00e1ll\u00edtott rakom\u00e1nyt, \u00e9s biztos\u00edt\u00e1st ny\u00fajtanak. Olyan k\u00f6lt\u00f6ztet\u00e9si szolg\u00e1ltat\u00e1sokat k\u00edn\u00e1lnak, amelyek k\u00e9pzett \u00e9s k\u00e9pzett szakembereket biztos\u00edtanak, akik magas sz\u00ednvonalon csomagolj\u00e1k be a holmij\u00e1t, hogy megv\u00e9dj\u00e9k azt. Seg\u00edtenek a holmij\u00e1nak import\u00e1l\u00e1s\u00e1ban \u00e9s export\u00e1l\u00e1s\u00e1ban a v\u00e1mkezel\u00e9ssel.<\/p>\n<p>Weboldal: <a href=\"http:\/\/www.tresortransportes.com.br\" target=\"_blank\" rel=\"noopener\">http:\/\/www.tresortransportes.com.br<\/a><\/p>\n<h2><span class=\"ez-toc-section\" id=\"20_Tucuruvi\"><\/span><strong>20. Tucuruvi<\/strong><span class=\"ez-toc-section-end\"><\/span><\/h2>\n<p><img loading=\"lazy\" decoding=\"async\" class=\"alignnone size-full wp-image-5504\" src=\"https:\/\/moverdb.com\/wp-content\/uploads\/Tucuruvi-international-moving-company.png\" alt=\"Tucuruvi nemzetk\u00f6zi k\u00f6lt\u00f6ztet\u0151 c\u00e9g\" width=\"1440\" height=\"686\" data-wp-pid=\"5504\" srcset=\"https:\/\/moverdb.com\/wp-content\/uploads\/Tucuruvi-international-moving-company.png 1440w, https:\/\/moverdb.com\/wp-content\/uploads\/Tucuruvi-international-moving-company-300x143.png 300w, https:\/\/moverdb.com\/wp-content\/uploads\/Tucuruvi-international-moving-company-1024x488.png 1024w, https:\/\/moverdb.com\/wp-content\/uploads\/Tucuruvi-international-moving-company-18x9.png 18w, https:\/\/moverdb.com\/wp-content\/uploads\/Tucuruvi-international-moving-company-600x286.png 600w\" sizes=\"auto, (max-width: 1440px) 100vw, 1440px\" \/><\/p>\n<ul>\n<li>Nemzeti l\u00e9p\u00e9sek<\/li>\n<li>Nemzetk\u00f6zi k\u00f6lt\u00f6ztet\u00e9sek<\/li>\n<li>Lakoss\u00e1gi k\u00f6lt\u00f6z\u00e9sek<\/li>\n<li>Kereskedelmi, \u00fczleti \u00e9s ipari k\u00f6lt\u00f6ztet\u00e9s<\/li>\n<li>H\u00e1zt\u00f3l h\u00e1zig szolg\u00e1ltat\u00e1s<\/li>\n<li>K\u00f6z\u00faton, tengeren \u00e9s leveg\u0151ben<\/li>\n<li>Magas nemzetk\u00f6zi min\u0151s\u00e9gi szabv\u00e1nyoknak megfelel\u0151en sz\u00e1ll\u00edt<\/li>\n<li>Lelt\u00e1rt k\u00e9sz\u00edt<\/li>\n<li>Biztos\u00edt\u00e1s<\/li>\n<li>T\u00e1rol\u00e1si megold\u00e1sok<\/li>\n<\/ul>\n<p>A Tucuruvi egy Sao Paul\u00f3-i sz\u00e9khely\u0171 k\u00f6lt\u00f6ztet\u0151 c\u00e9g, amelyet 1968-ban alap\u00edtottak, \u00e9s Braz\u00edli\u00e1n bel\u00fcl, illetve Braz\u00edli\u00e1b\u00f3l vagy Braz\u00edli\u00e1ba ir\u00e1nyul\u00f3 k\u00f6lt\u00f6ztet\u00e9si szolg\u00e1ltat\u00e1sokat ny\u00fajt. Szolg\u00e1ltat\u00e1saik lakoss\u00e1gi, kereskedelmi, \u00fczleti \u00e9s ipari \u00fcgyfeleknek sz\u00f3lnak. Az IAM tagjai 54 \u00e9ves szolg\u00e1lati id\u0151vel, \u00e9s t\u00f6bb mint 100 orsz\u00e1gban m\u0171k\u00f6d\u0151 \u00fcgyn\u00f6kh\u00e1l\u00f3zattal dolgoznak egy\u00fctt.<\/p>\n<p>A Tucuruvi h\u00e1zt\u00f3l-h\u00e1zig szolg\u00e1ltat\u00e1st ny\u00fajt a vil\u00e1g b\u00e1rmely pontj\u00e1ra k\u00f6z\u00fati, tengeri \u00e9s l\u00e9gi sz\u00e1ll\u00edt\u00e1ssal. A nemzetk\u00f6zi szabv\u00e1nyoknak megfelel\u0151, magas sz\u00ednvonal\u00fa szolg\u00e1ltat\u00e1st ny\u00fajtanak, \u00e9s speci\u00e1lis csomagol\u00e1st haszn\u00e1lnak az \u00d6n holmij\u00e1nak v\u00e9delme \u00e9rdek\u00e9ben, valamint seg\u00edtenek a v\u00e1mkezel\u00e9sben \u00e9s biztos\u00edt\u00e1st k\u00edn\u00e1lnak.<\/p>\n<p>Weboldal: <a href=\"http:\/\/www.mudancastucuruvi.com.br\" target=\"_blank\" rel=\"noopener\">http:\/\/www.mudancastucuruvi.com.br<\/a><\/p>\n<h2><span class=\"ez-toc-section\" id=\"21_SIRVA\"><\/span><strong>21. SIRVA<\/strong><span class=\"ez-toc-section-end\"><\/span><\/h2>\n<p><img loading=\"lazy\" decoding=\"async\" class=\"alignnone size-full wp-image-5488\" src=\"https:\/\/moverdb.com\/wp-content\/uploads\/SIRVA-international-moving-company.png\" alt=\"SIRVA nemzetk\u00f6zi k\u00f6lt\u00f6ztet\u0151 c\u00e9g\" width=\"1440\" height=\"680\" data-wp-pid=\"5488\" srcset=\"https:\/\/moverdb.com\/wp-content\/uploads\/SIRVA-international-moving-company.png 1440w, https:\/\/moverdb.com\/wp-content\/uploads\/SIRVA-international-moving-company-300x142.png 300w, https:\/\/moverdb.com\/wp-content\/uploads\/SIRVA-international-moving-company-1024x484.png 1024w, https:\/\/moverdb.com\/wp-content\/uploads\/SIRVA-international-moving-company-18x9.png 18w, https:\/\/moverdb.com\/wp-content\/uploads\/SIRVA-international-moving-company-600x283.png 600w\" sizes=\"auto, (max-width: 1440px) 100vw, 1440px\" \/><\/p>\n<ul>\n<li>Nemzeti l\u00e9p\u00e9sek<\/li>\n<li>Nemzetk\u00f6zi k\u00f6lt\u00f6ztet\u00e9sek<\/li>\n<li>H\u00e1ztart\u00e1si k\u00f6lt\u00f6z\u00e9sek<\/li>\n<li>Kereskedelmi k\u00f6lt\u00f6z\u00e9sek<\/li>\n<li>Szem\u00e9lyre szabott k\u00f6lt\u00f6ztet\u00e9si szolg\u00e1ltat\u00e1sok<\/li>\n<li>T\u00e1mogatja a munk\u00e1ltat\u00f3kat a munkav\u00e1llal\u00f3k \u00e1thelyez\u00e9s\u00e9ben<\/li>\n<li>A legmodernebb technol\u00f3gi\u00e1t haszn\u00e1lja az \u00e9lm\u00e9nyek fokoz\u00e1s\u00e1ra<\/li>\n<li>Nagym\u00e9ret\u0171 t\u00e1rgyak elt\u00e1vol\u00edt\u00e1sa, bele\u00e9rtve a h\u00e1ztart\u00e1si g\u00e9peket, aut\u00f3kat \u00e9s haj\u00f3kat is<\/li>\n<li>H\u00e1zi\u00e1llatok sz\u00e1ll\u00edt\u00e1sa<\/li>\n<li>Do-it-yourself szolg\u00e1ltat\u00e1s digit\u00e1lis t\u00e1mogat\u00f3 eszk\u00f6z\u00f6kkel<\/li>\n<\/ul>\n<p>A SIRVA egy baranyai sz\u00e9khely\u0171 k\u00f6lt\u00f6ztet\u0151szolg\u00e1lat, amely sz\u00e1mos k\u00f6lt\u00f6ztet\u00e9si megold\u00e1st k\u00edn\u00e1l h\u00e1ztart\u00e1sok \u00e9s kereskedelmi \u00fcgyfelek sz\u00e1m\u00e1ra. K\u00f6lt\u00f6ztet\u00e9si szolg\u00e1ltat\u00e1sokat, k\u00f6lt\u00f6ztet\u00e9si szolg\u00e1ltat\u00e1sokat \u00e9s SMARTBOX n\u00e9ven megfizethet\u0151 megold\u00e1sk\u00e9nt csin\u00e1ld magad szolg\u00e1ltat\u00e1st k\u00edn\u00e1lnak. Az IAM tagjak\u00e9nt 11 \u00e9ves szolg\u00e1lati id\u0151vel rendelkeznek, \u00e9s a FIDI \u00e1ltal akkredit\u00e1ltak.<\/p>\n<p>A SIRVA szem\u00e9lyre szabott szolg\u00e1ltat\u00e1sokat \u00e9s a k\u00f6lt\u00f6z\u00e9sek v\u00e9gpontt\u00f3l v\u00e9gpontig tart\u00f3 ir\u00e1ny\u00edt\u00e1s\u00e1t ny\u00fajtja, amely mag\u00e1ban foglalja a teljes k\u00f6r\u0171 k\u00f6lt\u00f6ztet\u00e9si szolg\u00e1ltat\u00e1sokat. Intelligens eszk\u00f6z\u00f6kkel seg\u00edtik a k\u00f6lt\u00f6ztet\u0151ket \u00e9s a munk\u00e1ltat\u00f3kat a munkat\u00e1rsak \u00e1thelyez\u00e9s\u00e9ben. T\u00e1mogat\u00e1st ny\u00fajtanak a k\u00f6lt\u00f6z\u00e9ssel, v\u00edzummal \u00e9s bev\u00e1ndorl\u00e1ssal, ad\u00f3kkal \u00e9s egyebekkel kapcsolatban. Seg\u00edts\u00e9get tudnak ny\u00fajtani nagyobb t\u00e1rgyak, p\u00e9ld\u00e1ul aut\u00f3k \u00e9s csizm\u00e1k k\u00f6lt\u00f6ztet\u00e9s\u00e9ben, valamint h\u00e1zi\u00e1llatok sz\u00e1ll\u00edt\u00e1s\u00e1ban.<\/p>\n<p>Weboldal: <a href=\"https:\/\/www.sirva.com\/pt-br\" target=\"_blank\" rel=\"noopener\">https:\/\/www.sirva.com\/pt-br<\/a><\/p>\n<h2><span class=\"ez-toc-section\" id=\"22_Cosmopolitan\"><\/span><strong>22. Kozmopolita<\/strong><span class=\"ez-toc-section-end\"><\/span><\/h2>\n<p><img loading=\"lazy\" decoding=\"async\" class=\"alignnone size-full wp-image-5427\" src=\"https:\/\/moverdb.com\/wp-content\/uploads\/Cosmopolitan-international-moving-company.png\" alt=\"Kozmopolita nemzetk\u00f6zi k\u00f6lt\u00f6ztet\u0151 c\u00e9g\" width=\"1440\" height=\"682\" data-wp-pid=\"5427\" srcset=\"https:\/\/moverdb.com\/wp-content\/uploads\/Cosmopolitan-international-moving-company.png 1440w, https:\/\/moverdb.com\/wp-content\/uploads\/Cosmopolitan-international-moving-company-300x142.png 300w, https:\/\/moverdb.com\/wp-content\/uploads\/Cosmopolitan-international-moving-company-1024x485.png 1024w, https:\/\/moverdb.com\/wp-content\/uploads\/Cosmopolitan-international-moving-company-18x9.png 18w, https:\/\/moverdb.com\/wp-content\/uploads\/Cosmopolitan-international-moving-company-600x284.png 600w\" sizes=\"auto, (max-width: 1440px) 100vw, 1440px\" \/><\/p>\n<ul>\n<li>Nemzeti l\u00e9p\u00e9sek<\/li>\n<li>Nemzetk\u00f6zi k\u00f6lt\u00f6ztet\u00e9sek<\/li>\n<li>Lakoss\u00e1gi k\u00f6lt\u00f6z\u00e9sek<\/li>\n<li>Kereskedelmi k\u00f6lt\u00f6z\u00e9sek<\/li>\n<li>Csomagol\u00e1s az egyes t\u00e9telek sz\u00e1m\u00e1ra legmegfelel\u0151bb csomagol\u00e1ssal<\/li>\n<li>B\u00fatorok sz\u00e9tszerel\u00e9se \u00e9s \u00f6sszeszerel\u00e9se<\/li>\n<li>K\u00f6vesse nyomon k\u00fcldem\u00e9ny\u00e9t m\u0171holdon kereszt\u00fcl<\/li>\n<li>K\u00f6z\u00fati, tengeri \u00e9s l\u00e9gi sz\u00e1ll\u00edt\u00e1s<\/li>\n<li>Tranzitbiztos\u00edt\u00e1s<\/li>\n<li>Biztons\u00e1gos rakt\u00e1rhelyis\u00e9gek<\/li>\n<\/ul>\n<p>A Cosmopolitan egy braz\u00edliai sz\u00e9khely\u0171 k\u00f6lt\u00f6ztet\u0151 \u00e9s t\u00e1rol\u00f3 c\u00e9g, amely orsz\u00e1gos \u00e9s nemzetk\u00f6zi k\u00f6lt\u00f6ztet\u00e9si szolg\u00e1ltat\u00e1sokat ny\u00fajt lakoss\u00e1gi \u00e9s kereskedelmi \u00fcgyfeleknek. T\u00f6bb mint 40 \u00e9ves tapasztalattal rendelkeznek, \u00e9s az IAM tagjai. K\u00f6lt\u00f6ztet\u00e9si szolg\u00e1ltat\u00e1sokat ny\u00fajtanak Braz\u00edlia b\u00e1rmely pontj\u00e1ra, illetve Braz\u00edli\u00e1ba vagy Braz\u00edli\u00e1b\u00f3l.<\/p>\n<p>A Cosmopolitan szem\u00e9lyre szabott szolg\u00e1ltat\u00e1st ny\u00fajt, amely seg\u00edt \u00d6nnek a k\u00f6lt\u00f6z\u00e9sben, \u00e9s csomagol\u00e1ssal \u00e9s biztos\u00edt\u00e1ssal v\u00e9di a holmij\u00e1t. Profi csomagol\u00f3ik a csomagoland\u00f3 t\u00e1rgyaknak legmegfelel\u0151bb csomagol\u00e1st haszn\u00e1lj\u00e1k, \u00e9s csomagol\u00e1si garanci\u00e1t v\u00e1llalnak. Nemzetk\u00f6zi k\u00f6lt\u00f6z\u00e9sek eset\u00e9n v\u00e1mkezel\u00e9st \u00e9s a sz\u00fcks\u00e9ges jogi enged\u00e9lyt is biztos\u00edtj\u00e1k.<\/p>\n<p>Weboldal: <a href=\"http:\/\/www.cosmopolita.com.br\" target=\"_blank\" rel=\"noopener\">http:\/\/www.cosmopolita.com.br<\/a><\/p>\n<h2><span class=\"ez-toc-section\" id=\"23_Gentileza_International_Movers\"><\/span><strong>23. Gentileza nemzetk\u00f6zi k\u00f6lt\u00f6ztet\u0151k<\/strong><span class=\"ez-toc-section-end\"><\/span><\/h2>\n<p><img loading=\"lazy\" decoding=\"async\" class=\"alignnone size-full wp-image-5438\" src=\"https:\/\/moverdb.com\/wp-content\/uploads\/Gentileza-international-moving-company.png\" alt=\"Gentileza nemzetk\u00f6zi k\u00f6lt\u00f6ztet\u0151 c\u00e9g\" width=\"1440\" height=\"683\" data-wp-pid=\"5438\" srcset=\"https:\/\/moverdb.com\/wp-content\/uploads\/Gentileza-international-moving-company.png 1440w, https:\/\/moverdb.com\/wp-content\/uploads\/Gentileza-international-moving-company-300x142.png 300w, https:\/\/moverdb.com\/wp-content\/uploads\/Gentileza-international-moving-company-1024x486.png 1024w, https:\/\/moverdb.com\/wp-content\/uploads\/Gentileza-international-moving-company-18x9.png 18w, https:\/\/moverdb.com\/wp-content\/uploads\/Gentileza-international-moving-company-600x285.png 600w\" sizes=\"auto, (max-width: 1440px) 100vw, 1440px\" \/><\/p>\n<ul>\n<li>Nemzeti k\u00f6lt\u00f6ztet\u00e9sek<\/li>\n<li>Nemzetk\u00f6zi k\u00f6lt\u00f6z\u00e9sek<\/li>\n<li>Lakoss\u00e1gi k\u00f6lt\u00f6ztet\u00e9s<\/li>\n<li>Import \u00e9s export t\u00e1mogat\u00e1s<\/li>\n<li>H\u00e1zt\u00f3l-h\u00e1zig szolg\u00e1ltat\u00e1s<\/li>\n<li>K\u00f6z\u00fati, tengeri \u00e9s l\u00e9gi sz\u00e1ll\u00edt\u00e1si lehet\u0151s\u00e9gek<\/li>\n<li>Csomagol\u00e1s speci\u00e1lisan tervezett anyagok felhaszn\u00e1l\u00e1s\u00e1val<\/li>\n<li>V\u00e1mkezel\u00e9s<\/li>\n<li>Speci\u00e1lis b\u00fatoremel\u0151 berendez\u00e9sek<\/li>\n<li>Biztons\u00e1gos rakt\u00e1rhelyis\u00e9gek<\/li>\n<\/ul>\n<p>A Gentileza International Movers nemzetk\u00f6zi k\u00f6lt\u00f6ztet\u0151 c\u00e9get 2011-ben alap\u00edtott\u00e1k Curitib\u00e1ban, mint nemzetk\u00f6zi k\u00f6lt\u00f6ztet\u0151 c\u00e9get, amely lakoss\u00e1gi k\u00f6lt\u00f6z\u00e9sekkel foglalkozik. Megb\u00edzhat\u00f3 partnerek h\u00e1l\u00f3zat\u00e1val dolgoznak egy\u00fctt, hogy szolg\u00e1ltat\u00e1saikat Braz\u00edlia-szerte \u00e9s nemzetk\u00f6zi szinten is ny\u00fajthass\u00e1k. Tagjai az IAM-nek 11 \u00e9ves szolg\u00e1lati id\u0151vel.<\/p>\n<p>A Gentileza International Movers h\u00e1zt\u00f3l-h\u00e1zig szolg\u00e1ltat\u00e1st ny\u00fajt, amely mag\u00e1ban foglalja a holmij\u00e1nak biztons\u00e1gos csomagol\u00e1s\u00e1t a k\u00f6lt\u00f6z\u00e9sre, a k\u00f6lt\u00f6z\u00e9s koordin\u00e1l\u00e1s\u00e1t \u00e9s a biztons\u00e1gos meg\u00e9rkez\u00e9s biztos\u00edt\u00e1s\u00e1t. Seg\u00edtenek a v\u00e1melj\u00e1r\u00e1sokban \u00e9s a behozatali \u00e9s kiviteli okm\u00e1nyokkal kapcsolatos k\u00f6vetelm\u00e9nyekben, f\u00fcggetlen\u00fcl att\u00f3l, hogy k\u00f6z\u00fati, tengeri vagy l\u00e9gi fuvaroz\u00e1st v\u00e1laszt. Speci\u00e1lis b\u00fatoremel\u0151 berendez\u00e9seket tudnak biztos\u00edtani a nagym\u00e9ret\u0171 b\u00fatorok ablakon vagy erk\u00e9lyen kereszt\u00fcl t\u00f6rt\u00e9n\u0151 kiemel\u00e9s\u00e9hez.<\/p>\n<p>Weboldal: <a href=\"http:\/\/www.gimovers.com\" target=\"_blank\" rel=\"noopener\">http:\/\/www.gimovers.com<\/a><\/p>\n<h2><span class=\"ez-toc-section\" id=\"24_5_Estrelas\"><\/span><strong>24. 5 Estrelas<\/strong><span class=\"ez-toc-section-end\"><\/span><\/h2>\n<p><img loading=\"lazy\" decoding=\"async\" class=\"alignnone size-full wp-image-5401\" src=\"https:\/\/moverdb.com\/wp-content\/uploads\/5-Estrelas-international-moving-company.png\" alt=\"5 Estrelas nemzetk\u00f6zi k\u00f6lt\u00f6ztet\u0151 c\u00e9g\" width=\"1440\" height=\"680\" data-wp-pid=\"5401\" srcset=\"https:\/\/moverdb.com\/wp-content\/uploads\/5-Estrelas-international-moving-company.png 1440w, https:\/\/moverdb.com\/wp-content\/uploads\/5-Estrelas-international-moving-company-300x142.png 300w, https:\/\/moverdb.com\/wp-content\/uploads\/5-Estrelas-international-moving-company-1024x484.png 1024w, https:\/\/moverdb.com\/wp-content\/uploads\/5-Estrelas-international-moving-company-18x9.png 18w, https:\/\/moverdb.com\/wp-content\/uploads\/5-Estrelas-international-moving-company-600x283.png 600w\" sizes=\"auto, (max-width: 1440px) 100vw, 1440px\" \/><\/p>\n<ul>\n<li>Nemzeti l\u00e9p\u00e9sek<\/li>\n<li>Nemzetk\u00f6zi k\u00f6lt\u00f6ztet\u00e9sek<\/li>\n<li>Lakoss\u00e1gi k\u00f6lt\u00f6z\u00e9sek<\/li>\n<li>Kereskedelmi \u00e9s v\u00e1llalati szolg\u00e1ltat\u00e1sok<\/li>\n<li>Szem\u00e9lyre szabott szolg\u00e1ltat\u00e1si k\u00edn\u00e1lat<\/li>\n<li>A sz\u00e1ll\u00edt\u00e1s val\u00f3s idej\u0171 nyomon k\u00f6vet\u00e9se<\/li>\n<li>Csomagol\u00e1s \u00e9s kicsomagol\u00e1s<\/li>\n<li>Pr\u00e9mium csomagol\u00f3anyagok<\/li>\n<li>B\u00fatorok sz\u00e9tszerel\u00e9se \u00e9s \u00f6sszeszerel\u00e9se<\/li>\n<li>T\u00e1rol\u00e1si megold\u00e1sok<\/li>\n<\/ul>\n<p>Az 5 Estrelas egy guarai sz\u00e9khely\u0171, t\u00f6bb mint 20 \u00e9ve m\u0171k\u00f6d\u0151 sz\u00e1ll\u00edtm\u00e1nyoz\u00e1si, fuvaroz\u00e1si, logisztikai \u00e9s \u00e1rurakt\u00e1roz\u00e1si v\u00e1llalat. Lakoss\u00e1gi, kereskedelmi \u00e9s v\u00e1llalati \u00fcgyfeleket szolg\u00e1lnak ki. Tagjai az IAM-nek, 23 \u00e9ves szolg\u00e1lati id\u0151vel.<\/p>\n<p>Az 5 Estrelas k\u00f6lt\u00f6z\u00e9s el\u0151tti konzult\u00e1ci\u00f3t k\u00edn\u00e1l, hogy felm\u00e9rje az \u00d6n ig\u00e9nyeit, \u00e9s seg\u00edtsen \u00d6nnek felk\u00e9sz\u00fclni a k\u00f6lt\u00f6z\u00e9sre. Biztons\u00e1gosan becsomagolj\u00e1k a holmij\u00e1t, ellen\u0151rzik \u00e9s felpakolj\u00e1k. Pr\u00e9mium min\u0151s\u00e9g\u0171 csomagol\u00f3anyagokat haszn\u00e1lnak, hogy megv\u00e9dj\u00e9k a holmij\u00e1t, valamint sz\u00e9tszerelik \u00e9s \u00f6sszeszerelik a b\u00fatorokat. Ing\u00f3s\u00e1gai sz\u00e1ll\u00edt\u00e1s\u00e1t a szakemberek val\u00f3s id\u0151ben figyelemmel k\u00eds\u00e9rik, majd \u00e9rkez\u00e9skor gondosan kirakodj\u00e1k.<\/p>\n<p>Weboldal: <a href=\"http:\/\/5estrelas.co\" target=\"_blank\" rel=\"noopener\">http:\/\/5estrelas.co<\/a><\/p>\n<h2><span class=\"ez-toc-section\" id=\"25_A_Lusitana\"><\/span><strong>25. A Lusitana<\/strong><span class=\"ez-toc-section-end\"><\/span><\/h2>\n<p><img loading=\"lazy\" decoding=\"async\" class=\"alignnone size-full wp-image-5402\" src=\"https:\/\/moverdb.com\/wp-content\/uploads\/A-Lusitana-international-moving-company.png\" alt=\"A Lusitana nemzetk\u00f6zi k\u00f6lt\u00f6ztet\u0151 c\u00e9g\" width=\"1440\" height=\"680\" data-wp-pid=\"5402\" srcset=\"https:\/\/moverdb.com\/wp-content\/uploads\/A-Lusitana-international-moving-company.png 1440w, https:\/\/moverdb.com\/wp-content\/uploads\/A-Lusitana-international-moving-company-300x142.png 300w, https:\/\/moverdb.com\/wp-content\/uploads\/A-Lusitana-international-moving-company-1024x484.png 1024w, https:\/\/moverdb.com\/wp-content\/uploads\/A-Lusitana-international-moving-company-18x9.png 18w, https:\/\/moverdb.com\/wp-content\/uploads\/A-Lusitana-international-moving-company-600x283.png 600w\" sizes=\"auto, (max-width: 1440px) 100vw, 1440px\" \/><\/p>\n<ul>\n<li>Nemzeti k\u00f6lt\u00f6ztet\u00e9sek<\/li>\n<li>Nemzetk\u00f6zi k\u00f6lt\u00f6z\u00e9sek<\/li>\n<li>Lakoss\u00e1gi k\u00f6lt\u00f6z\u00e9sek<\/li>\n<li>A tartalomhoz igaz\u00edtott csomagol\u00e1s<\/li>\n<li>Kiv\u00e1l\u00f3 min\u0151s\u00e9g\u0171 \u00e9s speci\u00e1lis csomagol\u00e1s<\/li>\n<li>Az \u00f6sszes t\u00e9tel lelt\u00e1roz\u00e1sa<\/li>\n<li>M\u0171v\u00e9szeti alkot\u00e1sok szakszolg\u00e1lata<\/li>\n<li>Minden kock\u00e1zatra sz\u00f3l\u00f3 biztos\u00edt\u00e1s<\/li>\n<li>Online nyomon k\u00f6vet\u00e9s<\/li>\n<li>T\u00e1rol\u00e1si megold\u00e1sok v\u00e1laszt\u00e9ka<\/li>\n<\/ul>\n<p>A Lusitana volt az egyik els\u0151 k\u00f6lt\u00f6ztet\u0151 \u00e9s rakt\u00e1roz\u00e1si v\u00e1llalkoz\u00e1s Braz\u00edli\u00e1ban, amikor 1921-ben megalap\u00edtott\u00e1k, \u00e9s Osasc\u00f3ban van a sz\u00e9khely\u00fck. Kiterjedt, k\u00fcl\u00f6nb\u00f6z\u0151 m\u00e9ret\u0171 j\u00e1rm\u0171parkkal rendelkeznek, amellyel Braz\u00edli\u00e1ban \u00e9s azon k\u00edv\u00fcl is sz\u00e1ll\u00edtanak szolg\u00e1ltat\u00e1sokat. Nemzetk\u00f6zi \u00fcgyn\u00f6kh\u00e1l\u00f3zatuk seg\u00edts\u00e9g\u00e9vel nemzetk\u00f6zi szolg\u00e1ltat\u00e1sokat ny\u00fajtanak a vil\u00e1g minden r\u00e9sz\u00e9re.<\/p>\n<p>A Lusitana orsz\u00e1gos \u00e9s nemzetk\u00f6zi k\u00f6lt\u00f6ztet\u00e9si szolg\u00e1ltat\u00e1sokat ny\u00fajt lakoss\u00e1gi \u00fcgyfelek sz\u00e1m\u00e1ra, amelyek minden kock\u00e1zatra kiterjed\u0151 biztos\u00edt\u00e1ssal \u00e9s online nyomon k\u00f6vet\u00e9ssel j\u00e1rnak a k\u00fcldem\u00e9nyhez. Biztons\u00e1gosan becsomagolj\u00e1k a holmij\u00e1t a tartalomra tervezett, kiv\u00e1l\u00f3 min\u0151s\u00e9g\u0171, szem\u00e9lyre szabott csomagol\u00e1ssal, \u00e9s lelt\u00e1rt k\u00e9sz\u00edtenek a t\u00e1rgyair\u00f3l.<\/p>\n<p>Weboldal: <a href=\"http:\/\/www.lusitana.com.br\/\" target=\"_blank\" rel=\"noopener\">http:\/\/www.lusitana.com.br\/<\/a><\/p>\n<h2><span class=\"ez-toc-section\" id=\"Other_Useful_Guides_to_Brazil\"><\/span>Egy\u00e9b hasznos \u00fatmutat\u00f3k Braz\u00edli\u00e1hoz<span class=\"ez-toc-section-end\"><\/span><\/h2>\n<ul>\n<li> <a href=\"https:\/\/moverdb.com\/hu\/kontenerszallitas\/brazilia\/\">2024 Tengeri tehersz\u00e1ll\u00edt\u00e1si kont\u00e9ner \u00e1rak Braz\u00edli\u00e1ba \u00e9s Braz\u00edli\u00e1b\u00f3l<\/a><\/li>\n<li> <a href=\"https:\/\/moverdb.com\/hu\/moving-to-brazil\/\">Braz\u00edli\u00e1ba k\u00f6lt\u00f6zik? 2023 \u00c9letk\u00f6lts\u00e9gek \u00e9s k\u00f6lt\u00f6z\u00e9si tippek<\/a><\/li>\n<li> <a href=\"https:\/\/moverdb.com\/hu\/moving-to-brazil\/best-places-to-live-brazil\/\">13 Legjobb helyek Braz\u00edli\u00e1ban \u00e9lni<\/a><\/li>\n<li> <a href=\"https:\/\/moverdb.com\/hu\/moving-to-brazil\/living-in-brazil\/\">21 titok a braz\u00edliai \u00e9letr\u0151l, amit tudnod kell, miel\u0151tt elk\u00f6lt\u00f6z\u00f6l<\/a><\/li>\n<li> <a href=\"https:\/\/moverdb.com\/hu\/moving-to-brazil\/moving-to-brazil-from-the-us\/\">Braz\u00edli\u00e1ba k\u00f6lt\u00f6z\u00e9s az Egyes\u00fclt \u00c1llamokb\u00f3l<\/a><\/li>\n<\/ul>","protected":false},"excerpt":{"rendered":"<p>Moving can be a stressful time so getting some help can make a difference. Whether you are moving within Brazil, to or from Brazil as an individual, family or business, a professional moving company can lighten your load. Below we have compiled a list of Brazilian removal companies that are members of the International Association [&hellip;]<\/p>\n","protected":false},"author":4,"featured_media":0,"parent":190,"menu_order":0,"comment_status":"closed","ping_status":"closed","template":"","meta":{"_genesis_hide_title":false,"_genesis_hide_breadcrumbs":false,"_genesis_hide_singular_image":false,"_genesis_hide_footer_widgets":false,"_genesis_custom_body_class":"","_genesis_custom_post_class":"","_genesis_layout":"","footnotes":""},"class_list":{"0":"post-5503","1":"page","2":"type-page","3":"status-publish","5":"entry","6":"has-post-thumbnail"},"_links":{"self":[{"href":"https:\/\/moverdb.com\/hu\/wp-json\/wp\/v2\/pages\/5503","targetHints":{"allow":["GET"]}}],"collection":[{"href":"https:\/\/moverdb.com\/hu\/wp-json\/wp\/v2\/pages"}],"about":[{"href":"https:\/\/moverdb.com\/hu\/wp-json\/wp\/v2\/types\/page"}],"author":[{"embeddable":true,"href":"https:\/\/moverdb.com\/hu\/wp-json\/wp\/v2\/users\/4"}],"replies":[{"embeddable":true,"href":"https:\/\/moverdb.com\/hu\/wp-json\/wp\/v2\/comments?post=5503"}],"version-history":[{"count":4,"href":"https:\/\/moverdb.com\/hu\/wp-json\/wp\/v2\/pages\/5503\/revisions"}],"predecessor-version":[{"id":17315,"href":"https:\/\/moverdb.com\/hu\/wp-json\/wp\/v2\/pages\/5503\/revisions\/17315"}],"up":[{"embeddable":true,"href":"https:\/\/moverdb.com\/hu\/wp-json\/wp\/v2\/pages\/190"}],"wp:attachment":[{"href":"https:\/\/moverdb.com\/hu\/wp-json\/wp\/v2\/media?parent=5503"}],"curies":[{"name":"wp","href":"https:\/\/api.w.org\/{rel}","templated":true}]}}