{"id":5228,"date":"2022-10-24T11:52:12","date_gmt":"2022-10-24T11:52:12","guid":{"rendered":"https:\/\/moverdb.com\/?page_id=5228"},"modified":"2026-01-08T15:25:04","modified_gmt":"2026-01-08T15:25:04","slug":"bangladesi-2","status":"publish","type":"page","link":"https:\/\/moverdb.com\/hu\/moving-companies\/bangladesh-moving-companies\/","title":{"rendered":"5 legjobb nemzetk\u00f6zi k\u00f6lt\u00f6ztet\u0151 c\u00e9gek Bangladesben"},"content":{"rendered":"<p>Ha hazak\u00f6lt\u00f6zik <a href=\"https:\/\/moverdb.com\/hu\/moving-to-bangladesh\/\" data-internallinksmanager029f6b8e52c=\"419\" title=\"Bangladesbe k\u00f6lt\u00f6zik? 2023 Meg\u00e9lhet\u00e9si k\u00f6lts\u00e9gek \u00e9s k\u00f6lt\u00f6z\u00e9si tippek\">Banglades<\/a> vagy Bangladesbe vagy Bangladesb\u0151l k\u00f6lt\u00f6zik, akkor \u00e9rdemes lehet egy <a href=\"https:\/\/moverdb.com\/hu\/international-removals\/\" data-internallinksmanager029f6b8e52c=\"27\" title=\"36 legjobb nemzetk\u00f6zi k\u00f6lt\u00f6ztet\u0151 c\u00e9gek az Egyes\u00fclt Kir\u00e1lys\u00e1gban\">k\u00f6lt\u00f6ztet\u0151 c\u00e9g<\/a> hogy megk\u00f6nny\u00edtse a k\u00f6lt\u00f6z\u00e9si folyamatot. A k\u00f6lt\u00f6z\u00e9s egy stresszes id\u0151szak, ez\u00e9rt az al\u00e1bbiakban \u00f6sszegy\u0171jt\u00f6tt\u00fck azoknak a c\u00e9geknek a list\u00e1j\u00e1t, amelyek tagjai a <a href=\"https:\/\/moverdb.com\/hu\/iam\/\" data-internallinksmanager029f6b8e52c=\"23\" title=\"A K\u00f6lt\u00f6ztet\u0151k Nemzetk\u00f6zi Sz\u00f6vets\u00e9ge (IAM) magyar\u00e1zata\">K\u00f6lt\u00f6ztet\u0151k Nemzetk\u00f6zi Sz\u00f6vets\u00e9ge<\/a> (IAM) \u00e9s\/vagy <a href=\"https:\/\/moverdb.com\/hu\/fidi-faim\/\" data-internallinksmanager029f6b8e52c=\"16\" title=\"FIDI &amp; FAIM (FIDI akkredit\u00e1lt nemzetk\u00f6zi fuvaroz\u00f3) magyar\u00e1zata\">FIDI<\/a> Akkredit\u00e1lt nemzetk\u00f6zi k\u00f6lt\u00f6ztet\u0151 (FAIM), amely seg\u00edthet \u00d6nnek.<\/p>\n<div id=\"ez-toc-container\" class=\"ez-toc-v2_0_82_2 ez-toc-wrap-left counter-hierarchy ez-toc-counter ez-toc-transparent ez-toc-container-direction\">\n<div class=\"ez-toc-title-container\">\n<p class=\"ez-toc-title\" style=\"cursor:inherit\">Szakaszok<\/p>\n<span class=\"ez-toc-title-toggle\"><a href=\"#\" class=\"ez-toc-pull-right ez-toc-btn ez-toc-btn-xs ez-toc-btn-default ez-toc-toggle\" aria-label=\"Toggle Tartalomjegyz\u00e9k\"><span class=\"ez-toc-js-icon-con\"><span class=\"\"><span class=\"eztoc-hide\" style=\"display:none;\">Toggle<\/span><span class=\"ez-toc-icon-toggle-span\"><svg style=\"fill: #999;color:#999\" xmlns=\"http:\/\/www.w3.org\/2000\/svg\" class=\"list-377408\" width=\"20px\" height=\"20px\" viewbox=\"0 0 24 24\" fill=\"none\"><path d=\"M6 6H4v2h2V6zm14 0H8v2h12V6zM4 11h2v2H4v-2zm16 0H8v2h12v-2zM4 16h2v2H4v-2zm16 0H8v2h12v-2z\" fill=\"currentColor\"><\/path><\/svg><svg style=\"fill: #999;color:#999\" class=\"arrow-unsorted-368013\" xmlns=\"http:\/\/www.w3.org\/2000\/svg\" width=\"10px\" height=\"10px\" viewbox=\"0 0 24 24\" version=\"1.2\" baseprofile=\"tiny\"><path d=\"M18.2 9.3l-6.2-6.3-6.2 6.3c-.2.2-.3.4-.3.7s.1.5.3.7c.2.2.4.3.7.3h11c.3 0 .5-.1.7-.3.2-.2.3-.5.3-.7s-.1-.5-.3-.7zM5.8 14.7l6.2 6.3 6.2-6.3c.2-.2.3-.5.3-.7s-.1-.5-.3-.7c-.2-.2-.4-.3-.7-.3h-11c-.3 0-.5.1-.7.3-.2.2-.3.5-.3.7s.1.5.3.7z\"\/><\/svg><\/span><\/span><\/span><\/a><\/span><\/div>\n<nav><ul class='ez-toc-list ez-toc-list-level-1 eztoc-toggle-hide-by-default' ><li class='ez-toc-page-1 ez-toc-heading-level-2'><a class=\"ez-toc-link ez-toc-heading-1\" href=\"https:\/\/moverdb.com\/hu\/moving-companies\/bangladesh-moving-companies\/#1_A_I_Freight_Services\" >1. A I Tehersz\u00e1ll\u00edt\u00e1si szolg\u00e1ltat\u00e1sok<\/a><\/li><li class='ez-toc-page-1 ez-toc-heading-level-2'><a class=\"ez-toc-link ez-toc-heading-2\" href=\"https:\/\/moverdb.com\/hu\/moving-companies\/bangladesh-moving-companies\/#2_Alpha_Logistics\" >2. Alpha Logistics<\/a><\/li><li class='ez-toc-page-1 ez-toc-heading-level-2'><a class=\"ez-toc-link ez-toc-heading-3\" href=\"https:\/\/moverdb.com\/hu\/moving-companies\/bangladesh-moving-companies\/#3_Apolloline_Shipping_Service\" >3. Apolloline sz\u00e1ll\u00edt\u00e1si szolg\u00e1ltat\u00e1s<\/a><\/li><li class='ez-toc-page-1 ez-toc-heading-level-2'><a class=\"ez-toc-link ez-toc-heading-4\" href=\"https:\/\/moverdb.com\/hu\/moving-companies\/bangladesh-moving-companies\/#4_Carry_Link_Packers_Shippers\" >4. Carry Link Packers &amp; Shippers<\/a><\/li><li class='ez-toc-page-1 ez-toc-heading-level-2'><a class=\"ez-toc-link ez-toc-heading-5\" href=\"https:\/\/moverdb.com\/hu\/moving-companies\/bangladesh-moving-companies\/#5_Homebound\" >5. Otthonr\u00f3l<\/a><\/li><\/ul><\/nav><\/div>\n<h2><span class=\"ez-toc-section\" id=\"1_A_I_Freight_Services\"><\/span><strong>1. A I Tehersz\u00e1ll\u00edt\u00e1si szolg\u00e1ltat\u00e1sok<\/strong><span class=\"ez-toc-section-end\"><\/span><\/h2>\n<p><em><img loading=\"lazy\" decoding=\"async\" class=\"alignnone size-full wp-image-5135\" src=\"https:\/\/moverdb.com\/wp-content\/uploads\/A-I-Freight-Services-international-moving-company.png\" alt=\"A I Freight Services nemzetk\u00f6zi k\u00f6lt\u00f6ztet\u0151 c\u00e9g\" width=\"1440\" height=\"685\" data-wp-pid=\"5135\" srcset=\"https:\/\/moverdb.com\/wp-content\/uploads\/A-I-Freight-Services-international-moving-company.png 1440w, https:\/\/moverdb.com\/wp-content\/uploads\/A-I-Freight-Services-international-moving-company-300x143.png 300w, https:\/\/moverdb.com\/wp-content\/uploads\/A-I-Freight-Services-international-moving-company-1024x487.png 1024w, https:\/\/moverdb.com\/wp-content\/uploads\/A-I-Freight-Services-international-moving-company-18x9.png 18w, https:\/\/moverdb.com\/wp-content\/uploads\/A-I-Freight-Services-international-moving-company-600x285.png 600w\" sizes=\"auto, (max-width: 1440px) 100vw, 1440px\" \/><\/em><\/p>\n<ul>\n<li>Nemzeti logisztika<\/li>\n<li>Nemzetk\u00f6zi logisztika<\/li>\n<li>H\u00e1zt\u00f3l h\u00e1zig szolg\u00e1ltat\u00e1s \u00e9s h\u00e1ztart\u00e1si k\u00f6lt\u00f6ztet\u00e9s<\/li>\n<li>Szem\u00e9lyes t\u00e1rgyak kezel\u00e9se<\/li>\n<li>\u00dczleti k\u00f6lt\u00f6z\u00e9sek \u00e9s logisztika<\/li>\n<li>K\u00f6z\u00fati, tengeri \u00e9s l\u00e9gi sz\u00e1ll\u00edtm\u00e1nyoz\u00e1s<\/li>\n<li>V\u00e1m\u00fcgyn\u00f6ki tev\u00e9kenys\u00e9g<\/li>\n<li>K\u00e9nyes \u00e9s vesz\u00e9lyes \u00e1ruk kezel\u00e9se<\/li>\n<li>H\u00e1zi\u00e1llat sz\u00e1ll\u00edt\u00e1s<\/li>\n<li>T\u00e1rol\u00e1si megold\u00e1sok<\/li>\n<\/ul>\n<p>Az A I Freight Services azt \u00e1ll\u00edtja, hogy Banglades egyik vezet\u0151 logisztikai v\u00e1llalata, amely sz\u00e1ll\u00edtm\u00e1nyoz\u00e1st, belf\u00f6ldi sz\u00e1ll\u00edt\u00e1st \u00e9s v\u00e1m\u00fcgyn\u00f6ki tev\u00e9kenys\u00e9get v\u00e9gez. Az IAM tagja, 23 \u00e9ves szolg\u00e1lati id\u0151vel. Ell\u00e1tj\u00e1k a v\u00e1llalkoz\u00e1sok logisztikai \u00e9s eloszt\u00e1si, valamint k\u00f6lt\u00f6z\u00e9sekkel kapcsolatos ig\u00e9nyeit, h\u00e1ztart\u00e1si k\u00f6lt\u00f6ztet\u00e9si szolg\u00e1ltat\u00e1sokat is k\u00edn\u00e1lnak.<\/p>\n<p>Az A I Freight Services h\u00e1zt\u00f3l-h\u00e1zig tart\u00f3 h\u00e1ztart\u00e1si k\u00f6lt\u00f6ztet\u00e9si szolg\u00e1ltat\u00e1st k\u00edn\u00e1l, amely orsz\u00e1gos \u00e9s nemzetk\u00f6zi szinten is k\u00e9pes a k\u00f6z\u00fati, tengeri \u00e9s l\u00e9gi sz\u00e1ll\u00edt\u00e1sra. A v\u00e1mkezel\u00e9ssel \u00e9s a br\u00f3kertev\u00e9kenys\u00e9ggel is t\u00e1mogatj\u00e1k \u00d6nt. Speci\u00e1lis logisztikai szolg\u00e1ltat\u00e1sokat ny\u00fajtanak, bele\u00e9rtve a h\u00e1zi\u00e1llatok, valamint a k\u00e9nyes \u00e9s vesz\u00e9lyes \u00e1ruk mozgat\u00e1s\u00e1t. Rakt\u00e1ri t\u00e1rol\u00e1si megold\u00e1sokat is k\u00edn\u00e1lnak.<\/p>\n<p>Weboldal: <a href=\"http:\/\/www.aifs-bd.com\" target=\"_blank\" rel=\"noopener\">http:\/\/www.aifs-bd.com<\/a><\/p>\n<h2><span class=\"ez-toc-section\" id=\"2_Alpha_Logistics\"><\/span><strong>2. Alpha Logistics<\/strong><span class=\"ez-toc-section-end\"><\/span><\/h2>\n<p><em><img loading=\"lazy\" decoding=\"async\" class=\"alignnone size-full wp-image-5143\" src=\"https:\/\/moverdb.com\/wp-content\/uploads\/Alpha-Logistics-international-moving-company.png\" alt=\"Alpha Logistics nemzetk\u00f6zi k\u00f6lt\u00f6ztet\u0151 c\u00e9g\" width=\"1440\" height=\"677\" data-wp-pid=\"5143\" srcset=\"https:\/\/moverdb.com\/wp-content\/uploads\/Alpha-Logistics-international-moving-company.png 1440w, https:\/\/moverdb.com\/wp-content\/uploads\/Alpha-Logistics-international-moving-company-300x141.png 300w, https:\/\/moverdb.com\/wp-content\/uploads\/Alpha-Logistics-international-moving-company-1024x481.png 1024w, https:\/\/moverdb.com\/wp-content\/uploads\/Alpha-Logistics-international-moving-company-18x8.png 18w, https:\/\/moverdb.com\/wp-content\/uploads\/Alpha-Logistics-international-moving-company-600x282.png 600w\" sizes=\"auto, (max-width: 1440px) 100vw, 1440px\" \/><\/em><\/p>\n<ul>\n<li>Nemzeti sz\u00e1ll\u00edtm\u00e1nyok<\/li>\n<li>Nemzetk\u00f6zi k\u00fcldem\u00e9nyek<\/li>\n<li>Rugalmas szolg\u00e1ltat\u00e1s<\/li>\n<li>Az \u00e1ruk sz\u00e9les sk\u00e1l\u00e1j\u00e1t k\u00edn\u00e1lja<\/li>\n<li>H\u00e1zt\u00f3l-h\u00e1zig szolg\u00e1ltat\u00e1s<\/li>\n<li>Ajt\u00f3t\u00f3l a rep\u00fcl\u0151t\u00e9rig vagy dokkol\u00f3ig tart\u00f3 szolg\u00e1ltat\u00e1s<\/li>\n<li>K\u00f6z\u00fati, tengeri \u00e9s l\u00e9gi sz\u00e1ll\u00edt\u00e1s<\/li>\n<li>Egy\u00e9ni v\u00e1mkezel\u00e9s<\/li>\n<li>\u00c9rtes\u00edt\u00e9sek \u00e9s \u00e9rkez\u00e9si igazol\u00e1sok<\/li>\n<li>R\u00f6vid \u00e9s hossz\u00fa t\u00e1v\u00fa t\u00e1rol\u00f3 l\u00e9tes\u00edtm\u00e9nyek<\/li>\n<\/ul>\n<p>Az Alpha Logistics 1999-ben alakult, \u00e9s azt \u00e1ll\u00edtja, hogy Banglades egyik legjobb sz\u00e1ll\u00edtm\u00e1nyoz\u00e1si \u00e9s logisztikai szolg\u00e1ltat\u00f3ja. Tagjai az IAM-nek, mint mozg\u00f3 \u00e9s <a href=\"https:\/\/moverdb.com\/hu\/relocation-agents\/\" data-internallinksmanager029f6b8e52c=\"1\" title=\"7 ok, ami\u00e9rt \u00e9rdemes k\u00f6lt\u00f6z\u00e9si \u00fcgyn\u00f6k\u00f6t ig\u00e9nybe venni?\">k\u00f6lt\u00f6z\u00e9si \u00fcgyn\u00f6k<\/a>. Glob\u00e1lis \u00fcgyn\u00f6kh\u00e1l\u00f3zattal rendelkeznek, amely lehet\u0151v\u00e9 teszi sz\u00e1mukra, hogy szolg\u00e1ltat\u00e1saikat nemzetk\u00f6zi szinten ny\u00fajts\u00e1k.<\/p>\n<p>Az Alpha Logistics csak olyan sz\u00e1ll\u00edt\u00e1si szolg\u00e1ltat\u00e1st k\u00edn\u00e1l, ahol h\u00e1zt\u00f3l-h\u00e1zig, h\u00e1zt\u00f3l-rep\u00fcl\u0151t\u00e9rig\/dokkig vagy rep\u00fcl\u0151t\u00e9rr\u0151l\/dokkb\u00f3l-h\u00e1zig szolg\u00e1ltat\u00e1st ny\u00fajt, amely mag\u00e1ban foglalja a k\u00fcldem\u00e9ny v\u00e1mkezel\u00e9s\u00e9t is. Emellett sz\u00e1mos teheraut\u00f3t \u00e9s furgont k\u00edn\u00e1lnak az \u00e1ru Bangladesen bel\u00fcli mozgat\u00e1s\u00e1hoz. Rakt\u00e1raikban r\u00f6vid \u00e9s hossz\u00fa t\u00e1v\u00fa t\u00e1rol\u00e1si lehet\u0151s\u00e9geket k\u00edn\u00e1lnak.<\/p>\n<p>Weboldal: <a href=\"http:\/\/www.alphagroupbd.com\" target=\"_blank\" rel=\"noopener\">http:\/\/www.alphagroupbd.com<\/a><\/p>\n<h2><span class=\"ez-toc-section\" id=\"3_Apolloline_Shipping_Service\"><\/span><strong>3. Apolloline sz\u00e1ll\u00edt\u00e1si szolg\u00e1ltat\u00e1s<\/strong><span class=\"ez-toc-section-end\"><\/span><\/h2>\n<p><img loading=\"lazy\" decoding=\"async\" class=\"alignnone size-full wp-image-5229\" src=\"https:\/\/moverdb.com\/wp-content\/uploads\/Apolloline-international-moving-company.png\" alt=\"Apolloline nemzetk\u00f6zi k\u00f6lt\u00f6ztet\u0151 c\u00e9g\" width=\"1440\" height=\"682\" data-wp-pid=\"5229\" srcset=\"https:\/\/moverdb.com\/wp-content\/uploads\/Apolloline-international-moving-company.png 1440w, https:\/\/moverdb.com\/wp-content\/uploads\/Apolloline-international-moving-company-300x142.png 300w, https:\/\/moverdb.com\/wp-content\/uploads\/Apolloline-international-moving-company-1024x485.png 1024w, https:\/\/moverdb.com\/wp-content\/uploads\/Apolloline-international-moving-company-18x9.png 18w, https:\/\/moverdb.com\/wp-content\/uploads\/Apolloline-international-moving-company-600x284.png 600w\" sizes=\"auto, (max-width: 1440px) 100vw, 1440px\" \/><\/p>\n<ul>\n<li>Nemzeti k\u00f6lt\u00f6ztet\u00e9sek<\/li>\n<li>Nemzetk\u00f6zi k\u00f6lt\u00f6ztet\u00e9sek<\/li>\n<li>Irodai \u00e9s h\u00e1ztart\u00e1si k\u00f6lt\u00f6z\u00e9sek<\/li>\n<li>K\u00f6z\u00fati, tengeri \u00e9s l\u00e9gi sz\u00e1ll\u00edt\u00e1s<\/li>\n<li>Profi csomagol\u00f3 csapat<\/li>\n<li>Kiv\u00e1l\u00f3 min\u0151s\u00e9g\u0171 csomagol\u00f3anyagok<\/li>\n<li>Antikvit\u00e1s \u00e9s k\u00e9pz\u0151m\u0171v\u00e9szet<\/li>\n<li>V\u00e1mkezel\u00e9s<\/li>\n<li><a href=\"https:\/\/moverdb.com\/hu\/car-transport-shipping\/\" data-internallinksmanager029f6b8e52c=\"2\" title=\"2026 Nemzetk\u00f6zi aut\u00f3sz\u00e1ll\u00edt\u00e1s \u00e9s j\u00e1rm\u0171sz\u00e1ll\u00edt\u00e1s \u00e1raj\u00e1nlatok\">J\u00e1rm\u0171sz\u00e1ll\u00edt\u00e1s<\/a><\/li>\n<li>T\u00e1rol\u00e1si megold\u00e1sok<\/li>\n<\/ul>\n<p>Az Apolloline Shipping Service egy nemzetk\u00f6zi sz\u00e1ll\u00edtm\u00e1nyoz\u00e1si \u00e9s <a href=\"https:\/\/moverdb.com\/hu\/moving-companies\/\" data-internallinksmanager029f6b8e52c=\"79\" title=\"Top 25 nemzetk\u00f6zi k\u00f6lt\u00f6ztet\u0151 c\u00e9gek online\">k\u00f6lt\u00f6ztet\u0151 c\u00e9g<\/a> sz\u00e9khelye Dhak\u00e1ban van, egy fi\u00f3kkal Chottogramban. Azt \u00e1ll\u00edtj\u00e1k, hogy Banglades egyik vezet\u0151 szolg\u00e1ltat\u00f3ja, \u00e9s 10 \u00e9ve az IAM tagja. Irodai \u00e9s h\u00e1ztart\u00e1si k\u00f6lt\u00f6z\u00e9sekkel foglalkoznak Bangladesben \u00e9s nemzetk\u00f6zi szinten.<\/p>\n<p>Az Apolloline Shipping Service olyan k\u00f6lt\u00f6ztet\u00e9si szolg\u00e1ltat\u00e1sokat k\u00edn\u00e1l, amelyekhez profi csomagol\u00f3csapat tartozik, amely a legjobb csomagol\u00e1si \u00e9s k\u00f6lt\u00f6ztet\u00e9si technik\u00e1kat \u00e9s kiv\u00e1l\u00f3 min\u0151s\u00e9g\u0171 csomagol\u00f3anyagokat haszn\u00e1lja a holmij\u00e1nak v\u00e9delme \u00e9rdek\u00e9ben. Sz\u00e1ll\u00edt\u00e1si lehet\u0151s\u00e9geket biztos\u00edtanak, bele\u00e9rtve a k\u00f6z\u00fati, tengeri \u00e9s l\u00e9gi sz\u00e1ll\u00edt\u00e1st, \u00e9s \u0151k int\u00e9zik a v\u00e1mkezel\u00e9st. K\u00f6zbens\u0151 t\u00e1rol\u00e1si lehet\u0151s\u00e9geket is k\u00edn\u00e1lnak.<\/p>\n<p>Weboldal: <a href=\"http:\/\/www.apolloline.com\" target=\"_blank\" rel=\"noopener\">http:\/\/www.apolloline. com<\/a><\/p>\n<h2><span class=\"ez-toc-section\" id=\"4_Carry_Link_Packers_Shippers\"><\/span><strong>4. Carry Link Packers &amp; Shippers<\/strong><span class=\"ez-toc-section-end\"><\/span><\/h2>\n<p><em><img loading=\"lazy\" decoding=\"async\" class=\"alignnone size-full wp-image-5153\" src=\"https:\/\/moverdb.com\/wp-content\/uploads\/Carry-Link-Packers-and-Shippers-international-moving-company.png\" alt=\"Carry Link Packers and Shippers nemzetk\u00f6zi k\u00f6lt\u00f6ztet\u0151 c\u00e9g\" width=\"1440\" height=\"677\" data-wp-pid=\"5153\" srcset=\"https:\/\/moverdb.com\/wp-content\/uploads\/Carry-Link-Packers-and-Shippers-international-moving-company.png 1440w, https:\/\/moverdb.com\/wp-content\/uploads\/Carry-Link-Packers-and-Shippers-international-moving-company-300x141.png 300w, https:\/\/moverdb.com\/wp-content\/uploads\/Carry-Link-Packers-and-Shippers-international-moving-company-1024x481.png 1024w, https:\/\/moverdb.com\/wp-content\/uploads\/Carry-Link-Packers-and-Shippers-international-moving-company-18x8.png 18w, https:\/\/moverdb.com\/wp-content\/uploads\/Carry-Link-Packers-and-Shippers-international-moving-company-600x282.png 600w\" sizes=\"auto, (max-width: 1440px) 100vw, 1440px\" \/><\/em><\/p>\n<ul>\n<li>Nemzeti haj\u00f3z\u00e1s<\/li>\n<li><a href=\"https:\/\/moverdb.com\/hu\/container-shipping\/\" data-internallinksmanager029f6b8e52c=\"3\" title=\"Nemzetk\u00f6zi kont\u00e9nersz\u00e1ll\u00edt\u00e1si d\u00edjt\u00e1bl\u00e1zat: \u00e1prilis 2026\">Nemzetk\u00f6zi sz\u00e1ll\u00edt\u00e1s<\/a><\/li>\n<li>H\u00e1ztart\u00e1si k\u00f6lt\u00f6ztet\u00e9sek<\/li>\n<li>\u00dczleti tehersz\u00e1ll\u00edt\u00e1si szolg\u00e1ltat\u00e1sok<\/li>\n<li>H\u00e1zhoz men\u0151 szolg\u00e1ltat\u00e1sok<\/li>\n<li>Sz\u00e1razf\u00f6ldi, l\u00e9gi \u00e9s tengeri sz\u00e1ll\u00edt\u00e1s<\/li>\n<li>V\u00e1mkezel\u00e9s<\/li>\n<li>Biztos\u00edt\u00e1s<\/li>\n<li>Rakt\u00e1roz\u00e1si lehet\u0151s\u00e9gek<\/li>\n<li>T\u00e1rsult \u00fcgyn\u00f6k\u00f6k h\u00e1l\u00f3zata vil\u00e1gszerte<\/li>\n<\/ul>\n<p>A Carry Link Packers &amp; Shippers egy 1999-ben alakult k\u00f6lt\u00f6ztet\u0151 \u00e9s sz\u00e1ll\u00edtm\u00e1nyoz\u00e1si \u00fcgyn\u00f6k, amely a bangladesi Dhak\u00e1ban tal\u00e1lhat\u00f3, \u00e9s 20 \u00e9ve az IAM tagja. Sz\u00e1ll\u00edtm\u00e1nyoz\u00e1si szolg\u00e1ltat\u00e1sokat, v\u00e1mkezel\u00e9si szolg\u00e1ltat\u00e1sokat \u00e9s csomagol\u00e1si t\u00e1mogat\u00e1st ny\u00fajtanak. Sz\u00e1ll\u00edtm\u00e1nyoz\u00e1si ig\u00e9nyekkel rendelkez\u0151 v\u00e1llalkoz\u00e1soknak \u00e9s k\u00f6lt\u00f6ztet\u00e9si ig\u00e9nyekkel rendelkez\u0151 h\u00e1ztart\u00e1soknak ny\u00fajtanak szolg\u00e1ltat\u00e1st.<\/p>\n<p>A Carry Link Packers &amp; Shippers h\u00e1zt\u00f3l-h\u00e1zig tart\u00f3 szolg\u00e1ltat\u00e1sokat \u00e9s csomagol\u00e1si szolg\u00e1ltat\u00e1sokat k\u00edn\u00e1l a h\u00e1ztart\u00e1soknak, hogy seg\u00edtsen nekik hazak\u00f6lt\u00f6zni orsz\u00e1gos \u00e9s nemzetk\u00f6zi szinten. Sz\u00e1razf\u00f6ldi, tengeri \u00e9s l\u00e9gi k\u00f6lt\u00f6ztet\u00e9si szolg\u00e1ltat\u00e1sokat k\u00edn\u00e1lnak, bele\u00e9rtve a biztos\u00edt\u00e1st \u00e9s a v\u00e1mkezel\u00e9st is. Nemzetk\u00f6zi szolg\u00e1ltat\u00e1saikat vil\u00e1gszerte t\u00e1rsult \u00fcgyn\u00f6k\u00f6k h\u00e1l\u00f3zat\u00e1n kereszt\u00fcl ny\u00fajtj\u00e1k.<\/p>\n<p>Weboldal: <a href=\"http:\/\/www.carrylink.org\" target=\"_blank\" rel=\"noopener\">http:\/\/www.carrylink.org<\/a><\/p>\n<h2><span class=\"ez-toc-section\" id=\"5_Homebound\"><\/span><strong>5. Otthonr\u00f3l<\/strong><span class=\"ez-toc-section-end\"><\/span><\/h2>\n<p><em><img loading=\"lazy\" decoding=\"async\" class=\"alignnone size-full wp-image-5174\" src=\"https:\/\/moverdb.com\/wp-content\/uploads\/Homebound-international-moving-company.png\" alt=\"Hazai nemzetk\u00f6zi k\u00f6lt\u00f6ztet\u0151 c\u00e9g\" width=\"1440\" height=\"678\" data-wp-pid=\"5174\" srcset=\"https:\/\/moverdb.com\/wp-content\/uploads\/Homebound-international-moving-company.png 1440w, https:\/\/moverdb.com\/wp-content\/uploads\/Homebound-international-moving-company-300x141.png 300w, https:\/\/moverdb.com\/wp-content\/uploads\/Homebound-international-moving-company-1024x482.png 1024w, https:\/\/moverdb.com\/wp-content\/uploads\/Homebound-international-moving-company-18x8.png 18w, https:\/\/moverdb.com\/wp-content\/uploads\/Homebound-international-moving-company-600x283.png 600w\" sizes=\"auto, (max-width: 1440px) 100vw, 1440px\" \/><\/em><\/p>\n<ul>\n<li>Nemzeti \u00e1thelyez\u00e9sek<\/li>\n<li>Nemzetk\u00f6zi \u00e1thelyez\u00e9sek<\/li>\n<li>Irodai k\u00f6lt\u00f6z\u00e9sek<\/li>\n<li>Lakoss\u00e1gi \u00e1thelyez\u00e9sek<\/li>\n<li>K\u00f6z\u00fati, tengeri \u00e9s l\u00e9gi sz\u00e1ll\u00edt\u00e1s<\/li>\n<li>V\u00e1m\u00fcgyn\u00f6ki tev\u00e9kenys\u00e9g \u00e9s v\u00e1mkezel\u00e9s<\/li>\n<li>Csomagol\u00e1si szolg\u00e1ltat\u00e1s vil\u00e1gsz\u00ednvonal\u00fa anyagok felhaszn\u00e1l\u00e1s\u00e1val<\/li>\n<li>Tranzitbiztos\u00edt\u00e1s<\/li>\n<li>H\u00e1zi\u00e1llat \u00e1thelyez\u00e9sek<\/li>\n<li>R\u00f6vid \u00e9s hossz\u00fa t\u00e1v\u00fa t\u00e1rol\u00f3 l\u00e9tes\u00edtm\u00e9nyek<\/li>\n<\/ul>\n<p>A Homebound egy 1972-ben alakult k\u00f6lt\u00f6ztet\u0151 c\u00e9g, amely az IAM tagja \u00e9s a FIDI \u00e1ltal akkredit\u00e1lt. Azt \u00e1ll\u00edtj\u00e1k, hogy Banglades egyik vezet\u0151 nemzetk\u00f6zi sz\u00e1ll\u00edt\u00e1si logisztikai szolg\u00e1ltat\u00f3ja.  Irodai \u00e9s lakoss\u00e1gi k\u00f6lt\u00f6ztet\u00e9sekkel foglalkoznak, valamint h\u00e1zi\u00e1llatok k\u00f6lt\u00f6ztet\u00e9s\u00e9t \u00e9s t\u00e1rol\u00e1si lehet\u0151s\u00e9geket k\u00edn\u00e1lnak.<\/p>\n<p>A Homebound k\u00f6lt\u00f6ztet\u00e9si szolg\u00e1ltat\u00e1st k\u00edn\u00e1l egy tan\u00e1csad\u00f3val, aki elv\u00e9gzi a felm\u00e9r\u00e9st, becsl\u00e9st k\u00e9sz\u00edt, koordin\u00e1lja a k\u00f6lt\u00f6z\u00e9st, \u00e9s minden l\u00e9p\u00e9sn\u00e9l t\u00e1mogatja \u00d6nt. Csomagol\u00e1si szolg\u00e1ltat\u00e1saik sz\u00e1mozz\u00e1k \u00e9s list\u00e1zz\u00e1k t\u00e1rgyait, mik\u00f6zben biztons\u00e1gosan csomagolj\u00e1k azokat vil\u00e1gsz\u00ednvonal\u00fa csomagol\u00f3anyagokba. Seg\u00edts\u00e9get ny\u00fajtanak az otthonkeres\u00e9sben is.<\/p>\n<p>Weboldal: <a href=\"http:\/\/www.homeboundbd.com\" target=\"_blank\" rel=\"noopener\">http:\/\/www.homeboundbd.com<\/a> &nbsp;<\/p>","protected":false},"excerpt":{"rendered":"<p>If you are moving home in Bangladesh or about to move to or from Bangladesh, you may want to use a removal company to help ease the moving process. Moving is a stressful time so below we have gathered a list of companies who are members of the International Association of Movers (IAM) and\/or FIDI [&hellip;]<\/p>\n","protected":false},"author":4,"featured_media":0,"parent":190,"menu_order":0,"comment_status":"closed","ping_status":"closed","template":"","meta":{"_genesis_hide_title":false,"_genesis_hide_breadcrumbs":false,"_genesis_hide_singular_image":false,"_genesis_hide_footer_widgets":false,"_genesis_custom_body_class":"","_genesis_custom_post_class":"","_genesis_layout":"","footnotes":""},"class_list":{"0":"post-5228","1":"page","2":"type-page","3":"status-publish","5":"entry","6":"has-post-thumbnail"},"_links":{"self":[{"href":"https:\/\/moverdb.com\/hu\/wp-json\/wp\/v2\/pages\/5228","targetHints":{"allow":["GET"]}}],"collection":[{"href":"https:\/\/moverdb.com\/hu\/wp-json\/wp\/v2\/pages"}],"about":[{"href":"https:\/\/moverdb.com\/hu\/wp-json\/wp\/v2\/types\/page"}],"author":[{"embeddable":true,"href":"https:\/\/moverdb.com\/hu\/wp-json\/wp\/v2\/users\/4"}],"replies":[{"embeddable":true,"href":"https:\/\/moverdb.com\/hu\/wp-json\/wp\/v2\/comments?post=5228"}],"version-history":[{"count":1,"href":"https:\/\/moverdb.com\/hu\/wp-json\/wp\/v2\/pages\/5228\/revisions"}],"predecessor-version":[{"id":5230,"href":"https:\/\/moverdb.com\/hu\/wp-json\/wp\/v2\/pages\/5228\/revisions\/5230"}],"up":[{"embeddable":true,"href":"https:\/\/moverdb.com\/hu\/wp-json\/wp\/v2\/pages\/190"}],"wp:attachment":[{"href":"https:\/\/moverdb.com\/hu\/wp-json\/wp\/v2\/media?parent=5228"}],"curies":[{"name":"wp","href":"https:\/\/api.w.org\/{rel}","templated":true}]}}