{"id":453,"date":"2016-07-03T20:16:06","date_gmt":"2016-07-03T20:16:06","guid":{"rendered":"http:\/\/moverdb.com\/?page_id=453"},"modified":"2026-01-08T15:20:54","modified_gmt":"2026-01-08T15:20:54","slug":"nemzetkozi-kamarai-hajozas","status":"publish","type":"page","link":"https:\/\/moverdb.com\/hu\/international-chamber-shipping\/","title":{"rendered":"A Nemzetk\u00f6zi Haj\u00f3z\u00e1si Kamara (ICS) magyar\u00e1zata"},"content":{"rendered":"<p>A Nemzetk\u00f6zi Haj\u00f3z\u00e1si Kamara (ICS) a haj\u00f3tulajdonosokat \u00e9s haj\u00f3\u00fczemeltet\u0151ket a nemzeti haj\u00f3tulajdonosok sz\u00f6vets\u00e9gein kereszt\u00fcl k\u00e9pvisel\u0151 szakmai sz\u00f6vets\u00e9g. <\/p>\n<p>C\u00e9lja a tagok \u00e9rdekeinek el\u0151mozd\u00edt\u00e1sa a haj\u00f3\u00fczemeltet\u00e9s \u00e9s a haj\u00f3z\u00e1si politika minden k\u00e9rd\u00e9s\u00e9ben.<\/p>\n<p><strong>A Nemzetk\u00f6zi Haj\u00f3z\u00e1si Kamara legfontosabb adatai:<\/strong><\/p>\n<ul>\n<li>  ICS tag <a href=\"https:\/\/moverdb.com\/hu\/hajozasi-tarsasagok\/\">haj\u00f3z\u00e1si t\u00e1rsas\u00e1gok<\/a> a vil\u00e1g kereskedelmi haj\u00f3inak t\u00f6bb mint 80% tonnatartalm\u00e1t \u00fczemeltetik.<\/li>\n<li>  Az ICS tags\u00e1ga \u00c1zsia, Eur\u00f3pa \u00e9s Amerika nemzeti haj\u00f3tulajdonosok sz\u00f6vets\u00e9geib\u0151l \u00e1ll.<\/li>\n<li>  Az ICS-t 1921-ben alap\u00edtott\u00e1k.<\/li>\n<li>  Az ICS-nek 36 tagja \u00e9s 11 t\u00e1rsult tagja van.<\/li>\n<li>  Az ICS sz\u00e9khelye <a href=\"https:\/\/moverdb.com\/hu\/moving-to-london\/\">London<\/a>.<\/li>\n<li>  Az ICS egyed\u00fcl\u00e1ll\u00f3, mert m\u00e1s rendszerekkel ellent\u00e9tben <a href=\"https:\/\/moverdb.com\/hu\/container-shipping\/\" data-internallinksmanager029f6b8e52c=\"3\" title=\"Nemzetk\u00f6zi kont\u00e9nersz\u00e1ll\u00edt\u00e1si d\u00edjt\u00e1bl\u00e1zat: \u00e1prilis 2026\">nemzetk\u00f6zi sz\u00e1ll\u00edt\u00e1s<\/a> szakmai sz\u00f6vets\u00e9gek, amelyek az \u00e1gazat k\u00fcl\u00f6nb\u00f6z\u0151 szakm\u00e1inak glob\u00e1lis \u00e9rdekeit k\u00e9pviselik, a szem\u00e9lyhaj\u00f3k \u00fczemeltet\u0151it\u0151l a tart\u00e1lyhaj\u00f3k \u00fczemeltet\u0151iig.<\/li>\n<li>  Az ICS a Bizotts\u00e1g tan\u00e1csad\u00f3 test\u00fclete. <a href=\"https:\/\/moverdb.com\/hu\/international-maritime-organisation\/\" data-internallinksmanager029f6b8e52c=\"24\" title=\"A Nemzetk\u00f6zi Tenger\u00e9szeti Szervezet (IMO) magyar\u00e1zata\">Nemzetk\u00f6zi Tenger\u00e9szeti Szervezet<\/a>, az Egyes\u00fclt Nemzetek Szervezet\u00e9nek a tengeri \u00e9let biztons\u00e1g\u00e1\u00e9rt \u00e9s a tengeri k\u00f6rnyezet v\u00e9delm\u00e9\u00e9rt felel\u0151s szerve.<\/li>\n<li>  Az ICS a haj\u00f3z\u00e1si \u00e1gazat szab\u00e1lyoz\u00e1si, m\u0171k\u00f6d\u00e9si \u00e9s jogi k\u00e9rd\u00e9seivel foglalkozik.<\/li>\n<\/ul>\n<p><strong>ICS profil:<\/strong><\/p>\n<p>Az ICS k\u00e9pviseli tagjait a haj\u00f3z\u00e1st \u00e9rint\u0151 k\u00fcl\u00f6nb\u00f6z\u0151 korm\u00e1nyk\u00f6zi szab\u00e1lyoz\u00f3 test\u00fcletekben, k\u00f6zt\u00fck a Nemzetk\u00f6zi Tenger\u00e9szeti Szervezetben. <\/p>\n<p>A szervezet emellett inform\u00e1ci\u00f3forr\u00e1sk\u00e9nt is szolg\u00e1l a tagok sz\u00e1m\u00e1ra, \u00e9s ir\u00e1nymutat\u00e1st \u00e9s bev\u00e1lt gyakorlatokat dolgozott ki az \u00e1gazatban tev\u00e9kenyked\u0151k sz\u00e1m\u00e1ra - ezeket a forr\u00e1sokat az \u00e1gazat haj\u00f3tulajdonosai \u00e9s a tagok sz\u00e1m\u00e1ra is ingyenesen k\u00edn\u00e1lja. <\/p>\n<p>K\u00fcldet\u00e9se egy olyan glob\u00e1lis haj\u00f3z\u00e1si \u00e1gazat megteremt\u00e9se, amely magas sz\u00ednvonalon m\u0171k\u00f6dik, \u00e9s a biztons\u00e1gos haj\u00f3z\u00e1si m\u0171veleteket, valamint a k\u00f6rnyezetv\u00e9delmet helyezi el\u0151t\u00e9rbe. <\/p>\n<p>B\u00e1r alapvet\u0151en a haj\u00f3z\u00e1si \u00e1gazat el\u0151mozd\u00edt\u00e1s\u00e1ra hozt\u00e1k l\u00e9tre, egyik c\u00e9lja a m\u00e1s korm\u00e1nyzati \u00e9s nem korm\u00e1nyzati szervezetekkel val\u00f3 egy\u00fcttm\u0171k\u00f6d\u00e9s is annak \u00e9rdek\u00e9ben, hogy a haj\u00f3z\u00e1si \u00e1gazatot hat\u00e9konyabb\u00e1 \u00e9s biztons\u00e1gosabb\u00e1 tegy\u00e9k.<\/p>\n<p><strong>Tag haj\u00f3z\u00e1si t\u00e1rsas\u00e1gok (m\u00e9ret szerint):<\/strong><\/p>\n<ul>\n<li> <a href=\"https:\/\/moverdb.com\/hu\/maersk\/\">Maersk Line<\/a><\/li>\n<li> <a href=\"https:\/\/moverdb.com\/hu\/mediterran-hajozasi-vallalat\/\">F\u00f6ldk\u00f6zi-tengeri haj\u00f3z\u00e1si t\u00e1rsas\u00e1g (MSC)<\/a><\/li>\n<\/ul>\n<p><strong>A tags\u00e1g krit\u00e9riumai:<\/strong><\/p>\n<p>Az ICS tagjai <a href=\"https:\/\/moverdb.com\/hu\/szallitmanyozo\/\">haj\u00f3tulajdonosok \u00e9s -\u00fczemeltet\u0151k<\/a> a vil\u00e1g minden t\u00e1j\u00e1r\u00f3l, akiket a nemzeti haj\u00f3tulajdonosok sz\u00f6vets\u00e9gei k\u00e9pviselnek. A tags\u00e1got a sz\u00f6vets\u00e9gek tartj\u00e1k fenn, \u00edgy az egy\u00e9ni tulajdonosok \u00e9s \u00fczemeltet\u0151k nem jelentkezhetnek. <\/p>\n<p>Emiatt a honlapon nem szerepelnek tags\u00e1gi krit\u00e9riumok.<\/p>\n<p><strong>V\u00e9lem\u00e9nyek a Nemzetk\u00f6zi Haj\u00f3z\u00e1si Kamar\u00e1r\u00f3l:<\/strong><\/p>\n<p>Az ICS-t sz\u00e1mos ipari kiadv\u00e1nyban id\u00e9zik, \u00e9s komment\u00e1lj\u00e1k a napirenden l\u00e9v\u0151 k\u00e9rd\u00e9seket, p\u00e9ld\u00e1ul a CO2-cs\u00f6kkent\u00e9st. Tagjainak honlapjain is szerepel, mint p\u00e9ld\u00e1ul a <a href=\"https:\/\/www.ukchamberofshipping.com\/about-us\/our-partners\/international-chamber-shipping\/\" target=\"_blank\" rel=\"noopener\">Egyes\u00fclt Kir\u00e1lys\u00e1g Haj\u00f3z\u00e1si Kamara<\/a>. <\/p>\n<p>Az online dokumentumokban az ICS glob\u00e1lis k\u00e9rd\u00e9sekben, p\u00e9ld\u00e1ul az ad\u00f3egyezm\u00e9nyekkel kapcsolatban nyilv\u00e1n\u00edt v\u00e9lem\u00e9nyt. <a href=\"http:\/\/www.allaboutshipping.co.uk\/category\/associations\/international-chamber-of-shipping\/\" target=\"_blank\" rel=\"noopener\">az esem\u00e9nyek lefedetts\u00e9ge<\/a> mint p\u00e9ld\u00e1ul a <a href=\"http:\/\/www.imo.org\/en\/MediaCentre\/SecretaryGeneral\/SpeechesByTheSecretaryGeneral\/Pages\/ICS2012.aspx\" target=\"_blank\" rel=\"noopener\">Nemzetk\u00f6zi Haj\u00f3z\u00e1si Kamara konferenci\u00e1ja<\/a> ahol Koji Sekimizu, a Nemzetk\u00f6zi Tenger\u00e9szeti Szervezet f\u0151titk\u00e1ra az ICS-t a k\u00f6vetkez\u0151k\u00e9ppen jellemezte <em>\"egyike a sz\u00e1mos nem korm\u00e1nyzati szervezetnek, amely a haj\u00f3z\u00e1si \u00e1gazatot k\u00e9pviseli az IMO-ban, \u00e9s az egyik leghosszabb t\u00f6rzsk\u00f6nyvvel rendelkezik.\"<\/em> <\/p>\n<p>M\u00e1s online forr\u00e1sok az ICS-t a \"legelismertebb glob\u00e1lis haj\u00f3tulajdonosok sz\u00f6vets\u00e9gek\u00e9nt\" eml\u00edtik. Az ICS hiteless\u00e9ge nyilv\u00e1nval\u00f3 azokb\u00f3l a kiadv\u00e1nyokb\u00f3l, amelyekben a neve megjelenik, a m\u00e1s szervezetekkel val\u00f3 t\u00e1rsul\u00e1sokb\u00f3l \u00e9s abb\u00f3l, hogy milyen k\u00e9rd\u00e9sekben k\u00e9rik fel v\u00e9lem\u00e9nyez\u00e9sre.<\/p>\n<blockquote><p>A Nemzetk\u00f6zi Haj\u00f3z\u00e1si Kamara (ICS) a kereskedelmi haj\u00f3tulajdonosok \u00e9s \u00fczemeltet\u0151k legf\u0151bb nemzetk\u00f6zi szakmai sz\u00f6vets\u00e9ge, amely valamennyi \u00e1gazatot \u00e9s szakm\u00e1t (t\u00f6bbek k\u00f6z\u00f6tt a tart\u00e1lyhaj\u00f3kat, a sz\u00e1raz \u00f6mlesztett\u00e1ru- \u00e9s kont\u00e9nersz\u00e1ll\u00edt\u00f3 haj\u00f3kat, a tehersz\u00e1ll\u00edt\u00f3 \u00e9s speci\u00e1lis haj\u00f3kat, valamint a szem\u00e9lyhaj\u00f3kat) k\u00e9pviseli a haj\u00f3z\u00e1st \u00e9rint\u0151 k\u00fcl\u00f6nb\u00f6z\u0151 korm\u00e1nyk\u00f6zi szervekn\u00e9l. Az ICS tags\u00e1ga 35 orsz\u00e1g nemzeti haj\u00f3tulajdonosi sz\u00f6vets\u00e9geib\u0151l \u00e1ll, amelyek a vil\u00e1g kereskedelmi flott\u00e1j\u00e1nak t\u00f6bb mint 80%-j\u00e9t k\u00e9pviselik.<\/p><\/blockquote>\n<p><a href=\"http:\/\/www.oecd.org\/tax\/treaties\/ics-comments-discussion-draft-mtc-international-traffic.pdf\" target=\"_blank\" rel=\"noopener\">OECD<\/a><\/p>\n<p><strong>Weboldal:<\/strong> <a href=\"http:\/\/www.ics-shipping.org\/\" target=\"_blank\" rel=\"noopener\">http:\/\/www.ics-shipping.org\/<\/a><\/p>\n<p><strong>A sz\u00e1ll\u00edt\u00e1sr\u00f3l b\u0151vebben l\u00e1sd:<\/strong> <a href=\"https:\/\/moverdb.com\/hu\/kontenerszallitas\/\">2018 Nemzetk\u00f6zi kont\u00e9nersz\u00e1ll\u00edt\u00e1s d\u00edjai \u00e9s k\u00f6lts\u00e9gei<\/a> \u00e9s <a href=\"https:\/\/moverdb.com\/hu\/szallitmanyozo\/\">Sz\u00e1ll\u00edtm\u00e1nyoz\u00f3 \u00e9s NVOCC nemzetk\u00f6zi k\u00f6lts\u00e9g \u00e9s c\u00e9gek \u00fatmutat\u00f3ja<\/a><\/p>","protected":false},"excerpt":{"rendered":"<p>The International Chamber of Shipping (ICS) is a trade association that represents ship owners and ship operators via national shipowners associations. Its aim is to promote the interests of its members throughout all issues of ship operation and also shipping policy. Key facts about the International Chamber of Shipping: ICS member shipping companies operate over [&hellip;]<\/p>\n","protected":false},"author":1,"featured_media":0,"parent":0,"menu_order":0,"comment_status":"closed","ping_status":"closed","template":"","meta":{"_genesis_hide_title":false,"_genesis_hide_breadcrumbs":false,"_genesis_hide_singular_image":false,"_genesis_hide_footer_widgets":false,"_genesis_custom_body_class":"","_genesis_custom_post_class":"","_genesis_layout":"","footnotes":""},"class_list":{"0":"post-453","1":"page","2":"type-page","3":"status-publish","5":"entry"},"_links":{"self":[{"href":"https:\/\/moverdb.com\/hu\/wp-json\/wp\/v2\/pages\/453","targetHints":{"allow":["GET"]}}],"collection":[{"href":"https:\/\/moverdb.com\/hu\/wp-json\/wp\/v2\/pages"}],"about":[{"href":"https:\/\/moverdb.com\/hu\/wp-json\/wp\/v2\/types\/page"}],"author":[{"embeddable":true,"href":"https:\/\/moverdb.com\/hu\/wp-json\/wp\/v2\/users\/1"}],"replies":[{"embeddable":true,"href":"https:\/\/moverdb.com\/hu\/wp-json\/wp\/v2\/comments?post=453"}],"version-history":[{"count":10,"href":"https:\/\/moverdb.com\/hu\/wp-json\/wp\/v2\/pages\/453\/revisions"}],"predecessor-version":[{"id":6245,"href":"https:\/\/moverdb.com\/hu\/wp-json\/wp\/v2\/pages\/453\/revisions\/6245"}],"wp:attachment":[{"href":"https:\/\/moverdb.com\/hu\/wp-json\/wp\/v2\/media?parent=453"}],"curies":[{"name":"wp","href":"https:\/\/api.w.org\/{rel}","templated":true}]}}