{"id":431,"date":"2016-06-05T20:02:57","date_gmt":"2016-06-05T20:02:57","guid":{"rendered":"http:\/\/moverdb.com\/?page_id=431"},"modified":"2026-01-08T13:19:02","modified_gmt":"2026-01-08T13:19:02","slug":"en-vagyok","status":"publish","type":"page","link":"https:\/\/moverdb.com\/hu\/iam\/","title":{"rendered":"A K\u00f6lt\u00f6ztet\u0151k Nemzetk\u00f6zi Sz\u00f6vets\u00e9ge (IAM) magyar\u00e1zata"},"content":{"rendered":"<p>A K\u00f6lt\u00f6ztet\u0151k Nemzetk\u00f6zi Sz\u00f6vets\u00e9ge (IAM) egy glob\u00e1lis kereskedelmi szervezet, amelynek tagjai k\u00f6lt\u00f6ztet\u00e9si, sz\u00e1ll\u00edtm\u00e1nyoz\u00e1si, fuvaroz\u00e1si, logisztikai \u00e9s kapcsol\u00f3d\u00f3 szolg\u00e1ltat\u00e1sokat ny\u00fajtanak. <\/p>\n<p>Ez az ipar\u00e1g legnagyobb nemzetk\u00f6zi kereskedelmi sz\u00f6vets\u00e9ge, amelyet eredetileg olyan charterv\u00e1llalkoz\u00e1sok alap\u00edtottak, amelyek a <a href=\"https:\/\/moverdb.com\/hu\/moving-to-the-united-states\/\" data-internallinksmanager029f6b8e52c=\"94\" title=\"Az Egyes\u00fclt \u00c1llamokba k\u00f6lt\u00f6zik? 2022 Meg\u00e9lhet\u00e9si k\u00f6lts\u00e9gek \u00e9s k\u00f6lt\u00f6z\u00e9si tippek\">US<\/a> korm\u00e1ny.<\/p>\n<p><strong>F\u0151bb t\u00e9nyek az IAM-r\u0151l:<\/strong><\/p>\n<ol>\n<li>  T\u00f6bb mint <strong>2,000 <a href=\"https:\/\/moverdb.com\/hu\/koltozteto-cegek\/\" target=\"_blank\" rel=\"noopener\">v\u00e1llalatok<\/a><\/strong> a t\u00f6bb mint <strong>170 orsz\u00e1g<\/strong>.<\/li>\n<li>  Az IAM etikai k\u00f3dexe t\u00f6bbek k\u00f6z\u00f6tt megk\u00f6veteli a kultur\u00e1lis k\u00fcl\u00f6nbs\u00e9gek toler\u00e1l\u00e1s\u00e1t, a professzion\u00e1lis megk\u00f6zel\u00edt\u00e9st \u00e9s a t\u00f6bbi taggal val\u00f3 tisztess\u00e9gtelen verseny elker\u00fcl\u00e9s\u00e9t.<\/li>\n<li>  Az IAM 1962-ben alakult, \u00e9s az\u00f3ta is t\u00e1mogatja tagjai n\u00f6veked\u00e9s\u00e9t.<\/li>\n<li>  A sz\u00e1ll\u00edtm\u00e1nyoz\u00e1si \u00e9s fuvaroz\u00e1si \u00e1gazat legnagyobb glob\u00e1lis kereskedelmi sz\u00f6vets\u00e9ge.<\/li>\n<li>  Az ipar\u00e1gban el\u00e9rt kiv\u00e1l\u00f3s\u00e1gokat az IAM Hall of Honoron kereszt\u00fcl ismerik el. A Becs\u00fclet Csarnok\u00e1ba b\u00e1rmely IAM-tag, \u00fcgyf\u00e9l vagy v\u00e1s\u00e1rl\u00f3 jel\u00f6l\u00e9st ny\u00fajthat be, \u00e9s az IAM-tags\u00e1g d\u00f6nt a jel\u00f6l\u00e9sr\u0151l.<\/li>\n<li>  Kor\u00e1bban a Household Good Forwarders Association of America n\u00e9ven volt ismert - az IAM 2009-ben v\u00e1ltoztatta meg a nev\u00e9t.<\/li>\n<li>  Az IAM vitarendez\u00e9si elj\u00e1r\u00e1st k\u00edn\u00e1l a tagok k\u00f6z\u00f6tti probl\u00e9m\u00e1kra - ez a sz\u00e1ml\u00e1kkal kapcsolatos vit\u00e1kra terjed ki.<\/li>\n<li>  Az IAM k\u00f6vetel\u00e9sv\u00e9delmi programja v\u00e9delmet ny\u00fajt a p\u00e9nz\u00fcgyi neh\u00e9zs\u00e9gekkel k\u00fczd\u0151 IAM-tagok sz\u00e1m\u00e1ra, lehet\u0151v\u00e9 t\u00e9ve a tagok sz\u00e1m\u00e1ra, hogy ig\u00e9nyt ny\u00fajtsanak be \u00e9s visszat\u00e9r\u00edt\u00e9st kapjanak a kifizetetlen kereskedelmi sz\u00e1ml\u00e1k\u00e9rt, ha \u00fagy t\u0171nik, hogy a tag cs\u0151d el\u0151tt \u00e1ll.<\/li>\n<\/ol>\n<p><strong>A K\u00f6lt\u00f6ztet\u0151k Nemzetk\u00f6zi Sz\u00f6vets\u00e9g\u00e9nek profilja:<\/strong><\/p>\n<p>Az IAM t\u00f6bb mint 50 \u00e9vvel ezel\u0151tt alakult, \u00e9s ma m\u00e1r t\u00f6bb mint 2000 tagot sz\u00e1ml\u00e1l, akik a vil\u00e1g minden t\u00e1j\u00e1r\u00f3l sz\u00e1rmaznak. Az IAM sz\u00e1mos programot, forr\u00e1st \u00e9s tags\u00e1gi v\u00e9delmet k\u00edn\u00e1l, valamint rendszeres rendezv\u00e9nyeket, amelyek c\u00e9lja a h\u00e1l\u00f3zat\u00e9p\u00edt\u00e9s \u00e9s a tud\u00e1smegoszt\u00e1s \u00f6szt\u00f6nz\u00e9se, bele\u00e9rtve az IAM \u00e9ves tal\u00e1lkoz\u00f3kat. <\/p>\n<p>Minden, amit az IAM tesz, a tagok n\u00f6veked\u00e9s\u00e9t \u00e9s siker\u00e9t szolg\u00e1lja. Az IAM tags\u00e1gv\u00e9delmei az\u00e9rt vannak, hogy megv\u00e9dj\u00e9k az IAM-tags\u00e1g \u00e9rt\u00e9k\u00e9t az ipar\u00e1g, az \u00fcgyfelek \u00e9s a koll\u00e9g\u00e1k sz\u00f6vets\u00e9gei szem\u00e9ben - ezek k\u00f6z\u00e9 tartoznak az IAM-tagg\u00e1 v\u00e1l\u00e1s szigor\u00fa k\u00f6vetelm\u00e9nyei, az etikai k\u00f3dex betartat\u00e1sa \u00e9s az olyan k\u00e9rd\u00e9sekkel kapcsolatos munka, mint a v\u00e9djegyfel\u00fcgyelet. <\/p>\n<p>Az IAM rendelkezik egy kereshet\u0151 online tagjegyz\u00e9kkel, amelyet az \u00fcgyfelek haszn\u00e1lhatnak a szervezet tagjak\u00e9nt m\u0171k\u00f6d\u0151 fuvaroz\u00f3 megtal\u00e1l\u00e1s\u00e1ra.<\/p>\n<p><strong>A tags\u00e1g krit\u00e9riumai:<\/strong><\/p>\n<ul>\n<li> legal\u00e1bb egy\u00e9ves tapasztalat<\/li>\n<li> K\u00e9t jelenlegi IAM-tag t\u00e1mogat\u00f3i levele, amelyben a t\u00e1mogat\u00f3 v\u00e1llalat lev\u00e9lpap\u00edrj\u00e1n, a v\u00e1llalat tisztvisel\u0151je \u00e1ltal al\u00e1\u00edrva nyilatkozik arr\u00f3l, hogy tags\u00e1gra aj\u00e1nlja \u00d6nt.<\/li>\n<li> A jelenlegi orsz\u00e1g\/\u00e1llam\/provincia m\u0171k\u00f6d\u00e9si enged\u00e9ly\u00e9nek vagy nyilv\u00e1ntart\u00e1sba v\u00e9tel\u00e9nek PDF-je vagy JPG-je \u00e9s adott esetben ad\u00f3azonos\u00edt\u00f3 sz\u00e1ma.<\/li>\n<li> PDF vagy JPG form\u00e1tumban a korm\u00e1ny \u00e1ltal ki\u00e1ll\u00edtott f\u00e9nyk\u00e9pes szem\u00e9lyazonos\u00edt\u00f3 igazolv\u00e1ny (pl. \u00fatlev\u00e9l, jogos\u00edtv\u00e1ny) minden olyan c\u00e9gtulajdonosr\u00f3l, aki a v\u00e1llalat 5% vagy ann\u00e1l nagyobb h\u00e1nyad\u00e1nak tulajdonosa \u00e9s\/vagy ellen\u0151rz\u0151 r\u00e9szesed\u00e9ssel rendelkezik.<\/li>\n<li> A beiktat\u00e1si d\u00edj \u00e9s a tagd\u00edj megfizet\u00e9se<\/li>\n<\/ul>\n<p>A leend\u0151 tagok az IAM weboldal\u00e1n 30 napig megtekinthetik a jelenlegi IAM-tagokat, majd a tags\u00e1g meger\u0151s\u00edt\u00e9sre ker\u00fcl.<\/p>\n<p><strong>N\u00e9h\u00e1ny tagv\u00e1llalat<\/strong><\/p>\n<ul>\n<li> <a href=\"https:\/\/moverdb.com\/hu\/aires\/\">Aires<\/a><\/li>\n<li> <a href=\"https:\/\/moverdb.com\/hu\/matthew-james\/\">Matthew James glob\u00e1lis \u00e1ttelep\u00fcl\u00e9sek<\/a><\/li>\n<li> <a href=\"https:\/\/moverdb.com\/hu\/santa-fe-relocation\/\">Santa Fe k\u00f6lt\u00f6ztet\u00e9si szolg\u00e1ltat\u00e1sok<\/a><\/li>\n<li> <a href=\"https:\/\/moverdb.com\/hu\/sterling-relocation\/\">Sterling \u00e1thelyez\u00e9s<\/a><\/li>\n<li> <a href=\"https:\/\/moverdb.com\/hu\/cadogan-tate\/\">Cadogan Tate<\/a><\/li>\n<li> <a href=\"https:\/\/moverdb.com\/hu\/harrow-green\/\">Harrow Green<\/a><\/li>\n<li> <a href=\"https:\/\/moverdb.com\/hu\/team-relocations\/\">Csapat \u00e1thelyez\u00e9sek<\/a><\/li>\n<li> <a href=\"https:\/\/moverdb.com\/hu\/mcgimpsey-brothers-removals\/\">McGimpsey Brothers K\u00f6lt\u00f6ztet\u00e9sek<\/a><\/li>\n<li> <a href=\"https:\/\/moverdb.com\/hu\/shore-porters-society\/\">A partra sz\u00e1ll\u00edt\u00f3k t\u00e1rsas\u00e1ga<\/a><\/li>\n<li> <a href=\"https:\/\/moverdb.com\/hu\/nippon-express\/\">Nippon Express<\/a><\/li>\n<li> <a href=\"https:\/\/moverdb.com\/hu\/sirva\/\">Sirva<\/a><\/li>\n<li> <a href=\"https:\/\/moverdb.com\/hu\/korona-athelyezesek\/\">Korona \u00e1thelyez\u00e9sek<\/a><\/li>\n<li> <a href=\"https:\/\/moverdb.com\/hu\/shipco-transport\/\">Shipco Transport<\/a><\/li>\n<li> <a href=\"https:\/\/moverdb.com\/hu\/conroy-removals\/\">Conroy k\u00f6lt\u00f6ztet\u00e9s<\/a><\/li>\n<li> <a href=\"https:\/\/moverdb.com\/hu\/bolliger\/\">Bolliger<\/a><\/li>\n<li> <a href=\"https:\/\/moverdb.com\/hu\/island-movers\/\">Sziget k\u00f6lt\u00f6ztet\u0151k<\/a><\/li>\n<li> <a href=\"https:\/\/moverdb.com\/hu\/gil-stauffer\/\">Gil Stauffer<\/a><\/li>\n<li> <a href=\"https:\/\/moverdb.com\/hu\/royal-hawaiian-movers\/\">Royal Hawaiian Movers<\/a><\/li>\n<li> <a href=\"https:\/\/moverdb.com\/hu\/teletrans\/\">Teletrans<\/a><\/li>\n<\/ul>\n<p><strong>K\u00f6lt\u00f6ztet\u0151k v\u00e9lem\u00e9nye a K\u00f6lt\u00f6ztet\u0151k Nemzetk\u00f6zi Sz\u00f6vets\u00e9g\u00e9r\u0151l:<\/strong><\/p>\n<p>Az IAM-et sz\u00e1mos weboldalon id\u00e9zik, amelyek gyakran eml\u00edtik glob\u00e1lis jelleg\u00e9t \u00e9s tagjainak sz\u00e1m\u00e1t. <\/p>\n<p>Sokan arra a t\u00e9nyre \u00f6sszpontos\u00edtanak, hogy ez az ipar\u00e1g legnagyobb szakmai sz\u00f6vets\u00e9ge, valamint arra, hogy milyen sz\u00e9les hat\u00f3k\u00f6rrel rendelkezik - hogy val\u00f3ban glob\u00e1lis, tagjai m\u00e9g a legt\u00e1volabbi sarkokban is megtal\u00e1lhat\u00f3k. Az egyik weboldal azt is megeml\u00edti, hogy az IAM tags\u00e1g seg\u00edt a k\u00f6vetkez\u0151kben <a href=\"https:\/\/moverdb.com\/hu\/moving-companies\/\" data-internallinksmanager029f6b8e52c=\"79\" title=\"Top 25 nemzetk\u00f6zi k\u00f6lt\u00f6ztet\u0151 c\u00e9gek online\">k\u00f6lt\u00f6ztet\u0151 c\u00e9gek<\/a> hogy az \u00fcgyfelek megtal\u00e1lj\u00e1k, \u00e9s hogy ez egy olyan v\u00e1llalkoz\u00e1s mutat\u00f3ja, amely k\u00e9pes nagyszer\u0171 szolg\u00e1ltat\u00e1st ny\u00fajtani. <\/p>\n<p>\u00c1ltal\u00e1noss\u00e1gban \u00fagy t\u0171nik, hogy az egyes\u00fclet egyr\u00e9szt min\u0151s\u00e9gi v\u00e9djegyk\u00e9nt, m\u00e1sr\u00e9szt hasznos eszk\u00f6zk\u00e9nt szolg\u00e1l az \u00fczleti tev\u00e9kenys\u00e9g \u00e9s a h\u00e1l\u00f3zatok b\u0151v\u00edt\u00e9s\u00e9hez.<\/p>\n<blockquote><p>A h\u00e1ztart\u00e1si \u00e9s szem\u00e9lyes t\u00e1rgyak napi sz\u00e1ll\u00edt\u00e1s\u00e1ban r\u00e9szt vev\u0151 vil\u00e1gm\u00e9ret\u0171 tagok \u00e9ppoly sokf\u00e9l\u00e9k, mint maga a nemzetk\u00f6zi k\u00f6lt\u00f6z\u00e9s \u00f6sszetev\u0151i. A sz\u00e1ll\u00edt\u00e1s, valamint az \u00e1ruk \u00e9s szolg\u00e1ltat\u00e1sok cser\u00e9je a mai glob\u00e1lis gazdas\u00e1gi n\u00f6veked\u00e9s alapvet\u0151 motorja.\n<\/p><\/blockquote>\n<p>- <a href=\"http:\/\/www.abels.co.uk\/articles\/international-association-of-movers-iam-what-is-this\/\" target=\"_blank\" rel=\"noopener\">Abels<\/a><\/p>\n<blockquote><p>Az IAM a k\u00f6lt\u00f6ztet\u0151k \u00e9s sz\u00e1ll\u00edtm\u00e1nyoz\u00f3k glob\u00e1lis sz\u00f6vets\u00e9ge, amely elk\u00f6telezett amellett, hogy az \u00fcgyfeleknek az el\u00e9rhet\u0151 legmagasabb szint\u0171 szolg\u00e1ltat\u00e1st ny\u00fajtsa.<\/p><\/blockquote>\n<p>- <a href=\"http:\/\/www.amjbc.ca\/international-moving-services\/\" target=\"_blank\" rel=\"noopener\">AMJ Campbell vil\u00e1gszerte<\/a><\/p>\n<blockquote><p>Az IAM-tags\u00e1g val\u00f3ban glob\u00e1lis A vil\u00e1g minden r\u00e9sz\u00e9n tal\u00e1lhat\u00f3k IAM-k\u00f6lt\u00f6ztet\u0151k. Ez seg\u00edt abban, hogy \u00fcgyfeleinknek val\u00f3ban h\u00e1zt\u00f3l-h\u00e1zig szolg\u00e1ltat\u00e1st ny\u00fajtsunk. Otthont\u00f3l h\u00e1zig, ahogy mi szoktuk mondani.<\/p><\/blockquote>\n<p>- <a href=\"http:\/\/hometohome.nl\/2016\/02\/12\/iam-international-association-of-movers\/\" target=\"_blank\" rel=\"noopener\">Otthonr\u00f3l haza<\/a><\/p>\n<p><strong>Weboldal:<\/strong> <a href=\"http:\/\/www.iamovers.org\/\" target=\"_blank\" rel=\"noopener\">http:\/\/www.iamovers.org<\/a><\/p>","protected":false},"excerpt":{"rendered":"<p>The International Association of Movers (IAM) is a global trade body with members who provide moving, forwarding, shipping, logistics, and related services. It is the largest international trade association for the industry, originally founded by charter businesses that were doing business with the US government. Key facts about the IAM: Represents more than 2,000 companies [&hellip;]<\/p>\n","protected":false},"author":1,"featured_media":0,"parent":0,"menu_order":0,"comment_status":"closed","ping_status":"closed","template":"","meta":{"_genesis_hide_title":false,"_genesis_hide_breadcrumbs":false,"_genesis_hide_singular_image":false,"_genesis_hide_footer_widgets":false,"_genesis_custom_body_class":"","_genesis_custom_post_class":"","_genesis_layout":"","footnotes":""},"class_list":{"0":"post-431","1":"page","2":"type-page","3":"status-publish","5":"entry"},"_links":{"self":[{"href":"https:\/\/moverdb.com\/hu\/wp-json\/wp\/v2\/pages\/431","targetHints":{"allow":["GET"]}}],"collection":[{"href":"https:\/\/moverdb.com\/hu\/wp-json\/wp\/v2\/pages"}],"about":[{"href":"https:\/\/moverdb.com\/hu\/wp-json\/wp\/v2\/types\/page"}],"author":[{"embeddable":true,"href":"https:\/\/moverdb.com\/hu\/wp-json\/wp\/v2\/users\/1"}],"replies":[{"embeddable":true,"href":"https:\/\/moverdb.com\/hu\/wp-json\/wp\/v2\/comments?post=431"}],"version-history":[{"count":24,"href":"https:\/\/moverdb.com\/hu\/wp-json\/wp\/v2\/pages\/431\/revisions"}],"predecessor-version":[{"id":13162,"href":"https:\/\/moverdb.com\/hu\/wp-json\/wp\/v2\/pages\/431\/revisions\/13162"}],"wp:attachment":[{"href":"https:\/\/moverdb.com\/hu\/wp-json\/wp\/v2\/media?parent=431"}],"curies":[{"name":"wp","href":"https:\/\/api.w.org\/{rel}","templated":true}]}}