{"id":17295,"date":"2024-06-27T12:11:40","date_gmt":"2024-06-27T12:11:40","guid":{"rendered":"https:\/\/moverdb.com\/?page_id=17295"},"modified":"2026-01-08T15:03:16","modified_gmt":"2026-01-08T15:03:16","slug":"best-places-to-live-brazil","status":"publish","type":"page","link":"https:\/\/moverdb.com\/hu\/moving-to-brazil\/best-places-to-live-brazil\/","title":{"rendered":"13 Legjobb helyek Braz\u00edli\u00e1ban \u00e9lni"},"content":{"rendered":"<p><a href=\"https:\/\/moverdb.com\/hu\/moving-to-brazil\/\" data-internallinksmanager029f6b8e52c=\"422\" title=\"Braz\u00edli\u00e1ba k\u00f6lt\u00f6zik? 2023 Meg\u00e9lhet\u00e9si k\u00f6lts\u00e9gek \u00e9s k\u00f6lt\u00f6z\u00e9si tippek\">Braz\u00edlia<\/a> (hivatalosan a Brazil Sz\u00f6vets\u00e9gi K\u00f6zt\u00e1rsas\u00e1g) egy vid\u00e1m, f\u00e9nyes \u00e9s soksz\u00edn\u0171 orsz\u00e1g, sz\u00e1mos term\u00e9szeti csod\u00e1val \u00e9s egzotikus \u00e9telkult\u00far\u00e1val. Ha \u00fagy d\u00f6ntesz, hogy Braz\u00edli\u00e1ba k\u00f6lt\u00f6z\u00f6l, az nagy l\u00e9p\u00e9s, \u00e9s biztos akarsz lenni abban, hogy az orsz\u00e1g melyik r\u00e9sz\u00e9n a legjobb letelepedni neked \u00e9s az \u00e9letst\u00edlusodnak.<\/p>\n<p>Az al\u00e1bbiakban az orsz\u00e1g \u00e1ttekint\u00e9s\u00e9vel kezdj\u00fck a braz\u00edliai lak\u00f3helyeket.<\/p>\n<div id=\"ez-toc-container\" class=\"ez-toc-v2_0_82_2 ez-toc-wrap-left counter-hierarchy ez-toc-counter ez-toc-transparent ez-toc-container-direction\">\n<div class=\"ez-toc-title-container\">\n<p class=\"ez-toc-title\" style=\"cursor:inherit\">Szakaszok<\/p>\n<span class=\"ez-toc-title-toggle\"><a href=\"#\" class=\"ez-toc-pull-right ez-toc-btn ez-toc-btn-xs ez-toc-btn-default ez-toc-toggle\" aria-label=\"Toggle Tartalomjegyz\u00e9k\"><span class=\"ez-toc-js-icon-con\"><span class=\"\"><span class=\"eztoc-hide\" style=\"display:none;\">Toggle<\/span><span class=\"ez-toc-icon-toggle-span\"><svg style=\"fill: #999;color:#999\" xmlns=\"http:\/\/www.w3.org\/2000\/svg\" class=\"list-377408\" width=\"20px\" height=\"20px\" viewbox=\"0 0 24 24\" fill=\"none\"><path d=\"M6 6H4v2h2V6zm14 0H8v2h12V6zM4 11h2v2H4v-2zm16 0H8v2h12v-2zM4 16h2v2H4v-2zm16 0H8v2h12v-2z\" fill=\"currentColor\"><\/path><\/svg><svg style=\"fill: #999;color:#999\" class=\"arrow-unsorted-368013\" xmlns=\"http:\/\/www.w3.org\/2000\/svg\" width=\"10px\" height=\"10px\" viewbox=\"0 0 24 24\" version=\"1.2\" baseprofile=\"tiny\"><path d=\"M18.2 9.3l-6.2-6.3-6.2 6.3c-.2.2-.3.4-.3.7s.1.5.3.7c.2.2.4.3.7.3h11c.3 0 .5-.1.7-.3.2-.2.3-.5.3-.7s-.1-.5-.3-.7zM5.8 14.7l6.2 6.3 6.2-6.3c.2-.2.3-.5.3-.7s-.1-.5-.3-.7c-.2-.2-.4-.3-.7-.3h-11c-.3 0-.5.1-.7.3-.2.2-.3.5-.3.7s.1.5.3.7z\"\/><\/svg><\/span><\/span><\/span><\/a><\/span><\/div>\n<nav><ul class='ez-toc-list ez-toc-list-level-1 eztoc-toggle-hide-by-default' ><li class='ez-toc-page-1 ez-toc-heading-level-2'><a class=\"ez-toc-link ez-toc-heading-1\" href=\"https:\/\/moverdb.com\/hu\/moving-to-brazil\/best-places-to-live-brazil\/#Best_Places_To_Live_In_Brazil\" >A legjobb helyek Braz\u00edli\u00e1ban \u00e9lni<\/a><\/li><li class='ez-toc-page-1 ez-toc-heading-level-2'><a class=\"ez-toc-link ez-toc-heading-2\" href=\"https:\/\/moverdb.com\/hu\/moving-to-brazil\/best-places-to-live-brazil\/#Best_Places_To_Live_In_Brazil_for_Work\" >A legjobb helyek Braz\u00edli\u00e1ban \u00e9lni a munka<\/a><\/li><li class='ez-toc-page-1 ez-toc-heading-level-2'><a class=\"ez-toc-link ez-toc-heading-3\" href=\"https:\/\/moverdb.com\/hu\/moving-to-brazil\/best-places-to-live-brazil\/#Cheapest_Places_To_Live_in_Brazil\" >Legolcs\u00f3bb helyeken \u00e9lni Braz\u00edlia<\/a><\/li><li class='ez-toc-page-1 ez-toc-heading-level-2'><a class=\"ez-toc-link ez-toc-heading-4\" href=\"https:\/\/moverdb.com\/hu\/moving-to-brazil\/best-places-to-live-brazil\/#Best_Places_To_Live_In_Brazil_for_Families\" >A legjobb helyek Braz\u00edli\u00e1ban \u00e9lni a csal\u00e1dok sz\u00e1m\u00e1ra<\/a><\/li><li class='ez-toc-page-1 ez-toc-heading-level-2'><a class=\"ez-toc-link ez-toc-heading-5\" href=\"https:\/\/moverdb.com\/hu\/moving-to-brazil\/best-places-to-live-brazil\/#Best_Places_To_Live_In_Brazil_for_Immigrants\" >A legjobb helyek Braz\u00edli\u00e1ban \u00e9lni a bev\u00e1ndorl\u00f3k sz\u00e1m\u00e1ra<\/a><\/li><li class='ez-toc-page-1 ez-toc-heading-level-2'><a class=\"ez-toc-link ez-toc-heading-6\" href=\"https:\/\/moverdb.com\/hu\/moving-to-brazil\/best-places-to-live-brazil\/#Best_Places_To_Live_In_Brazil_for_Retirement\" >A legjobb helyeken \u00e9lni Braz\u00edli\u00e1ban a nyugd\u00edjasok sz\u00e1m\u00e1ra<\/a><\/li><li class='ez-toc-page-1 ez-toc-heading-level-2'><a class=\"ez-toc-link ez-toc-heading-7\" href=\"https:\/\/moverdb.com\/hu\/moving-to-brazil\/best-places-to-live-brazil\/#Best_Places_To_Live_In_Brazil_for_Young_Adults\" >A legjobb helyek Braz\u00edli\u00e1ban fiatal feln\u0151ttek sz\u00e1m\u00e1ra<\/a><\/li><li class='ez-toc-page-1 ez-toc-heading-level-2'><a class=\"ez-toc-link ez-toc-heading-8\" href=\"https:\/\/moverdb.com\/hu\/moving-to-brazil\/best-places-to-live-brazil\/#Best_Places_To_Live_In_Brazil_for_Students\" >A legjobb helyek Braz\u00edli\u00e1ban a di\u00e1kok sz\u00e1m\u00e1ra<\/a><\/li><li class='ez-toc-page-1 ez-toc-heading-level-2'><a class=\"ez-toc-link ez-toc-heading-9\" href=\"https:\/\/moverdb.com\/hu\/moving-to-brazil\/best-places-to-live-brazil\/#Best_Places_To_Live_In_Brazil_for_Food_and_Nightlife\" >A legjobb helyek Braz\u00edli\u00e1ban \u00e9lni az \u00e9telek \u00e9s az \u00e9jszakai \u00e9let sz\u00e1m\u00e1ra<\/a><\/li><li class='ez-toc-page-1 ez-toc-heading-level-2'><a class=\"ez-toc-link ez-toc-heading-10\" href=\"https:\/\/moverdb.com\/hu\/moving-to-brazil\/best-places-to-live-brazil\/#Best_Places_To_Live_In_Brazil_for_Singles\" >A legjobb helyek Braz\u00edli\u00e1ban \u00e9lni a szinglik sz\u00e1m\u00e1ra<\/a><\/li><li class='ez-toc-page-1 ez-toc-heading-level-2'><a class=\"ez-toc-link ez-toc-heading-11\" href=\"https:\/\/moverdb.com\/hu\/moving-to-brazil\/best-places-to-live-brazil\/#Best_Places_To_Live_In_Brazil_for_the_LGBT_Community\" >A legjobb helyek Braz\u00edli\u00e1ban az LMBT+ k\u00f6z\u00f6ss\u00e9g sz\u00e1m\u00e1ra<\/a><\/li><li class='ez-toc-page-1 ez-toc-heading-level-2'><a class=\"ez-toc-link ez-toc-heading-12\" href=\"https:\/\/moverdb.com\/hu\/moving-to-brazil\/best-places-to-live-brazil\/#Best_Places_To_Live_In_Brazil_for_the_Weather\" >A legjobb helyeken \u00e9lni Braz\u00edli\u00e1ban az id\u0151j\u00e1r\u00e1s miatt<\/a><\/li><li class='ez-toc-page-1 ez-toc-heading-level-2'><a class=\"ez-toc-link ez-toc-heading-13\" href=\"https:\/\/moverdb.com\/hu\/moving-to-brazil\/best-places-to-live-brazil\/#Best_Places_To_Live_In_Brazil_Near_Beaches\" >A legjobb helyek Braz\u00edli\u00e1ban \u00e9lni a strandok k\u00f6zel\u00e9ben<\/a><\/li><li class='ez-toc-page-1 ez-toc-heading-level-2'><a class=\"ez-toc-link ez-toc-heading-14\" href=\"https:\/\/moverdb.com\/hu\/moving-to-brazil\/best-places-to-live-brazil\/#Best_Places_To_Live_In_Brazil_Near_Mountains\" >A legjobb helyeken \u00e9lni Braz\u00edli\u00e1ban Hegyek k\u00f6zel\u00e9ben<\/a><\/li><li class='ez-toc-page-1 ez-toc-heading-level-2'><a class=\"ez-toc-link ez-toc-heading-15\" href=\"https:\/\/moverdb.com\/hu\/moving-to-brazil\/best-places-to-live-brazil\/#Other_Useful_Guides_to_Brazil\" >Egy\u00e9b hasznos \u00fatmutat\u00f3k Braz\u00edli\u00e1hoz<\/a><\/li><\/ul><\/nav><\/div>\n<h2><span class=\"ez-toc-section\" id=\"Best_Places_To_Live_In_Brazil\"><\/span>A legjobb helyek Braz\u00edli\u00e1ban \u00e9lni<span class=\"ez-toc-section-end\"><\/span><\/h2>\n\n<table id=\"tablepress-295\" class=\"tablepress tablepress-id-295\">\n<thead>\n<tr class=\"row-1\">\n\t<th class=\"column-1\">V\u00e1ros<\/th><th class=\"column-2\">Indokl\u00e1s<\/th>\n<\/tr>\n<\/thead>\n<tbody class=\"row-striping row-hover\">\n<tr class=\"row-2\">\n\t<td class=\"column-1\">S\u00e3o Paulo<\/td><td class=\"column-2\">A legjobb a munk\u00e1hoz<\/td>\n<\/tr>\n<tr class=\"row-3\">\n\t<td class=\"column-1\">Salvador<\/td><td class=\"column-2\">A legjobb a megfizethet\u0151s\u00e9g szempontj\u00e1b\u00f3l<\/td>\n<\/tr>\n<tr class=\"row-4\">\n\t<td class=\"column-1\">Brasilia<\/td><td class=\"column-2\">A legjobb csal\u00e1dok sz\u00e1m\u00e1ra<\/td>\n<\/tr>\n<tr class=\"row-5\">\n\t<td class=\"column-1\">Rio de Janeiro<\/td><td class=\"column-2\">Legjobb bev\u00e1ndorl\u00f3knak<\/td>\n<\/tr>\n<tr class=\"row-6\">\n\t<td class=\"column-1\">Jo\u00e3o Pessoa<\/td><td class=\"column-2\">A legjobb nyugd\u00edjaz\u00e1shoz<\/td>\n<\/tr>\n<tr class=\"row-7\">\n\t<td class=\"column-1\">Natal<\/td><td class=\"column-2\">A legjobb fiatal feln\u0151tteknek<\/td>\n<\/tr>\n<tr class=\"row-8\">\n\t<td class=\"column-1\">S\u00e3o Paulo, Ch\u00e1cara Flora<\/td><td class=\"column-2\">A legjobb di\u00e1koknak<\/td>\n<\/tr>\n<tr class=\"row-9\">\n\t<td class=\"column-1\">S\u00e3o Paulo \u00e9s Rio de Janeiro<\/td><td class=\"column-2\">A legjobb \u00e9telek \u00e9s \u00e9jszakai \u00e9let<\/td>\n<\/tr>\n<tr class=\"row-10\">\n\t<td class=\"column-1\">Recife<\/td><td class=\"column-2\">Legjobb egyed\u00fcl\u00e1ll\u00f3knak<\/td>\n<\/tr>\n<tr class=\"row-11\">\n\t<td class=\"column-1\">Rio de Janeiro, Rua Farme de Amoedo<\/td><td class=\"column-2\">A legjobb az LMBT+ k\u00f6z\u00f6ss\u00e9g sz\u00e1m\u00e1ra<\/td>\n<\/tr>\n<tr class=\"row-12\">\n\t<td class=\"column-1\">Brasilia<\/td><td class=\"column-2\">Legjobb az id\u0151j\u00e1r\u00e1shoz<\/td>\n<\/tr>\n<tr class=\"row-13\">\n\t<td class=\"column-1\">Florian\u00f3polis<\/td><td class=\"column-2\">A legjobb strandok sz\u00e1m\u00e1ra<\/td>\n<\/tr>\n<tr class=\"row-14\">\n\t<td class=\"column-1\">Petr\u00f3polis<\/td><td class=\"column-2\">A legjobb a hegyek sz\u00e1m\u00e1ra<\/td>\n<\/tr>\n<\/tbody>\n<\/table>\n<!-- #tablepress-295 from cache -->\n<h2><span class=\"ez-toc-section\" id=\"Best_Places_To_Live_In_Brazil_for_Work\"><\/span>A legjobb helyek Braz\u00edli\u00e1ban \u00e9lni a munka<span class=\"ez-toc-section-end\"><\/span><\/h2>\n<p><img loading=\"lazy\" decoding=\"async\" class=\"alignnone size-full wp-image-9769\" src=\"https:\/\/moverdb.com\/wp-content\/uploads\/brazil-sao-paulo-best-for-work.jpg\" alt=\"\" width=\"1000\" height=\"667\" data-wp-pid=\"9769\" srcset=\"https:\/\/moverdb.com\/wp-content\/uploads\/brazil-sao-paulo-best-for-work.jpg 1000w, https:\/\/moverdb.com\/wp-content\/uploads\/brazil-sao-paulo-best-for-work-300x200.jpg 300w, https:\/\/moverdb.com\/wp-content\/uploads\/brazil-sao-paulo-best-for-work-18x12.jpg 18w, https:\/\/moverdb.com\/wp-content\/uploads\/brazil-sao-paulo-best-for-work-600x400.jpg 600w\" sizes=\"auto, (max-width: 1000px) 100vw, 1000px\" \/><\/p>\n<p>S\u00e3o Paulo Braz\u00edlia k\u00f6zponti p\u00e9nz\u00fcgyi k\u00f6zpontja, valamint fantasztikus \u00e9p\u00edt\u00e9szeti k\u00edn\u00e1lat\u00e1r\u00f3l is h\u00edres. S\u00e3o Paulo gazdas\u00e1ga folyamatosan n\u00f6vekszik, \u00e9s sz\u00e1mos \u00e1gazatban dolgozhatnak a k\u00fclf\u00f6ldiek, k\u00fcl\u00f6n\u00f6sen a t\u00e1vk\u00f6zl\u00e9s, az IT, a kereskedelem \u00e9s a p\u00e9nz\u00fcgy, valamint az aut\u00f3- \u00e9s \u00e9lelmiszeripar ter\u00fclet\u00e9n.<\/p>\n<p>Vannak olyan \u00e1ll\u00e1sok is, ahol angolt mint idegen nyelvet tan\u00edtanak, de a k\u00fclf\u00f6ldiek \u00e9s az \u00e1ttelep\u00fcl\u0151k sz\u00e1m\u00e1ra a munkaer\u0151piacon nagy a verseny, \u00e9s \u00e9rdemes tapasztalattal rendelkezni a szakter\u00fcleteden, ha k\u00f6lt\u00f6z\u00f6l \u00e9s munk\u00e1t szeretn\u00e9l tal\u00e1lni.<\/p>\n<p>A portug\u00e1l nyelvtud\u00e1s sz\u00e1mos S\u00e3o Paulo-i munkahelyen elengedhetetlen.<\/p>\n<p>Braz\u00edli\u00e1t azoknak is \u00e9rdemes megfontolniuk, akik Braz\u00edli\u00e1ba k\u00f6lt\u00f6zve munk\u00e1t keresnek. A v\u00e1ros Braz\u00edlia feh\u00e9rgall\u00e9ros gazdas\u00e1ggal rendelkez\u0151 f\u0151v\u00e1rosa.<\/p>\n<h2><span class=\"ez-toc-section\" id=\"Cheapest_Places_To_Live_in_Brazil\"><\/span>Legolcs\u00f3bb helyeken \u00e9lni Braz\u00edlia<span class=\"ez-toc-section-end\"><\/span><\/h2>\n<p><img loading=\"lazy\" decoding=\"async\" class=\"alignnone size-full wp-image-9770\" src=\"https:\/\/moverdb.com\/wp-content\/uploads\/brazil-salvador-best-for-affordability.jpg\" alt=\"\" width=\"1000\" height=\"750\" data-wp-pid=\"9770\" srcset=\"https:\/\/moverdb.com\/wp-content\/uploads\/brazil-salvador-best-for-affordability.jpg 1000w, https:\/\/moverdb.com\/wp-content\/uploads\/brazil-salvador-best-for-affordability-300x225.jpg 300w, https:\/\/moverdb.com\/wp-content\/uploads\/brazil-salvador-best-for-affordability-16x12.jpg 16w, https:\/\/moverdb.com\/wp-content\/uploads\/brazil-salvador-best-for-affordability-600x450.jpg 600w\" sizes=\"auto, (max-width: 1000px) 100vw, 1000px\" \/><\/p>\n<p>Braz\u00edli\u00e1ban nagyon megfizethet\u0151 az \u00e9let, a legt\u00f6bb k\u00f6lts\u00e9g az orsz\u00e1g n\u00e9h\u00e1ny nagyobb v\u00e1ros\u00e1ban, p\u00e9ld\u00e1ul S\u00e3o Paul\u00f3ban vagy Rio de Janeir\u00f3ban a legdr\u00e1g\u00e1bb.<\/p>\n<p>Salvador Braz\u00edlia \u00e9szakkeleti \u00e1llam\u00e1nak, Bahia \u00e1llamnak a f\u0151v\u00e1rosa, \u00e9s sz\u00e1mos gyarmati barokk templom\u00e1r\u00f3l h\u00edres. A v\u00e1rosban gyakran rendeznek fesztiv\u00e1lokat, \u00e9s a v\u00e1ros az orsz\u00e1g afro-brazil k\u00f6z\u00f6ss\u00e9g\u00e9nek sz\u00edve.<\/p>\n<p>A salvadori sz\u00e1ll\u00e1s b\u00e9rleti vagy v\u00e1s\u00e1rl\u00e1si k\u00f6lts\u00e9ge teljesen a k\u00f6lts\u00e9gvet\u00e9st\u0151l f\u00fcgg, de az \u00e1tlagos k\u00f6lts\u00e9g k\u00f6r\u00fclbel\u00fcl 700 font havonta, ami Rio de Janeir\u00f3hoz k\u00e9pest nagyon megfizethet\u0151.<\/p>\n<h2><span class=\"ez-toc-section\" id=\"Best_Places_To_Live_In_Brazil_for_Families\"><\/span>A legjobb helyek Braz\u00edli\u00e1ban \u00e9lni a csal\u00e1dok sz\u00e1m\u00e1ra<span class=\"ez-toc-section-end\"><\/span><\/h2>\n<p><img loading=\"lazy\" decoding=\"async\" class=\"alignnone size-full wp-image-9771\" src=\"https:\/\/moverdb.com\/wp-content\/uploads\/brazil-brasilia-best-for-families.jpg\" alt=\"\" width=\"1000\" height=\"563\" data-wp-pid=\"9771\" srcset=\"https:\/\/moverdb.com\/wp-content\/uploads\/brazil-brasilia-best-for-families.jpg 1000w, https:\/\/moverdb.com\/wp-content\/uploads\/brazil-brasilia-best-for-families-300x169.jpg 300w, https:\/\/moverdb.com\/wp-content\/uploads\/brazil-brasilia-best-for-families-18x10.jpg 18w, https:\/\/moverdb.com\/wp-content\/uploads\/brazil-brasilia-best-for-families-600x338.jpg 600w\" sizes=\"auto, (max-width: 1000px) 100vw, 1000px\" \/><\/p>\n<p>Braz\u00edlia gyermek- \u00e9s babaszeret\u0151 kult\u00far\u00e1val rendelkezik, \u00edgy nagyszer\u0171 orsz\u00e1g, ahol csal\u00e1dot lehet alap\u00edtani.<\/p>\n<p>Brasilia Braz\u00edlia egyik legsikeresebb tervezett v\u00e1rosa, Braz\u00edlia sz\u00f6vets\u00e9gi f\u0151v\u00e1rosa, amely az orsz\u00e1g k\u00f6zep\u00e9n helyezkedik el. Brasilia tele van feh\u00e9r, modern \u00e9p\u00edt\u00e9szettel, \u00e9s Braz\u00edlia egyik legcsal\u00e1dbar\u00e1tabb v\u00e1rosak\u00e9nt emlegetik.<\/p>\n<p>Braz\u00edli\u00e1ban sz\u00e1mos iskolai \u00e9s oktat\u00e1si lehet\u0151s\u00e9g, valamint egy er\u0151s \u00e1llami eg\u00e9szs\u00e9g\u00fcgyi rendszer \u00e1ll rendelkez\u00e9sre. Braz\u00edlia egyik nagyobb v\u00e1rosak\u00e9nt a k\u00fclf\u00f6ldiek k\u00f6z\u00f6ss\u00e9ge nagy \u00e9s bar\u00e1ts\u00e1gos, \u00edgy a sz\u00fcl\u0151knek lehet\u0151s\u00e9g\u00fck ny\u00edlik bar\u00e1tokra \u00e9s k\u00f6z\u00f6ss\u00e9gre tal\u00e1lni.<\/p>\n<p>Sao Paulo szint\u00e9n remek v\u00e1laszt\u00e1s a Braz\u00edli\u00e1ba k\u00f6lt\u00f6zni v\u00e1gy\u00f3 csal\u00e1dok sz\u00e1m\u00e1ra. A v\u00e1ros t\u00f6bb nemzetk\u00f6zi iskol\u00e1val \u00e9s k\u00e9nyelmes szolg\u00e1ltat\u00e1sokkal v\u00e1rja a csal\u00e1dokat, valamint az orsz\u00e1g egyik legbiztons\u00e1gosabb v\u00e1rosa.<\/p>\n<h2><span class=\"ez-toc-section\" id=\"Best_Places_To_Live_In_Brazil_for_Immigrants\"><\/span>A legjobb helyek Braz\u00edli\u00e1ban \u00e9lni a bev\u00e1ndorl\u00f3k sz\u00e1m\u00e1ra<span class=\"ez-toc-section-end\"><\/span><\/h2>\n<p><img loading=\"lazy\" decoding=\"async\" class=\"alignnone size-full wp-image-9772\" src=\"https:\/\/moverdb.com\/wp-content\/uploads\/shutterstock_421013719.jpg\" alt=\"\" width=\"1000\" height=\"632\" data-wp-pid=\"9772\" srcset=\"https:\/\/moverdb.com\/wp-content\/uploads\/shutterstock_421013719.jpg 1000w, https:\/\/moverdb.com\/wp-content\/uploads\/shutterstock_421013719-300x190.jpg 300w, https:\/\/moverdb.com\/wp-content\/uploads\/shutterstock_421013719-18x12.jpg 18w, https:\/\/moverdb.com\/wp-content\/uploads\/shutterstock_421013719-600x379.jpg 600w\" sizes=\"auto, (max-width: 1000px) 100vw, 1000px\" \/><\/p>\n<p>A legt\u00f6bb k\u00fclf\u00f6ldi S\u00e3o Paul\u00f3ba k\u00f6lt\u00f6zik, mivel ez az orsz\u00e1g p\u00e9nz\u00fcgyi k\u00f6zpontja, de azok sz\u00e1m\u00e1ra, akik csendesebb \u00e9s nyugodtabb \u00e9letm\u00f3dot keresnek, Rio de Janeiro egy m\u00e1sik brazil v\u00e1ros, ahol szint\u00e9n nagy a k\u00fclf\u00f6ldi k\u00f6z\u00f6ss\u00e9g.<\/p>\n<p>Rio de Janeiro egy nagy tengerparti v\u00e1ros, amely term\u00e9szeti sz\u00e9ps\u00e9geir\u0151l h\u00edres. Rio de Janeir\u00f3ban hatalmas munkalehet\u0151s\u00e9gek vannak, valamint a v\u00e1ros h\u00edres kult\u00far\u00e1ja sok bev\u00e1ndorl\u00f3t vonz.<\/p>\n<p>A brazil kult\u00far\u00e1ban nagy hangs\u00falyt fektetnek a boldogs\u00e1g \u00e1pol\u00e1s\u00e1ra \u00e9s \u00e9lvezet\u00e9re. A buliz\u00e1s, a foci \u00e9s a zene mind kulcsfontoss\u00e1g\u00fa t\u00e9nyez\u0151i a brazilok mindennapi \u00e9let\u00e9nek, \u00e9s Rio de Janeir\u00f3ban priorit\u00e1st \u00e9lveznek.<\/p>\n<p>Rio de Janeir\u00f3ban a lakhat\u00e1s megfizethet\u0151, b\u00e1r potenci\u00e1lisan dr\u00e1g\u00e1bb, mint a kisebb v\u00e1rosokban, \u00e9s a legt\u00f6bb k\u00fclf\u00f6ldi a tengerparton fekv\u0151 Zona Sul negyedbe k\u00f6lt\u00f6zik.<\/p>\n<p>S\u00e3o Paulo szint\u00e9n fantasztikus v\u00e1laszt\u00e1s a bev\u00e1ndorl\u00f3k sz\u00e1m\u00e1ra a munkalehet\u0151s\u00e9gek \u00e9s a v\u00e1ros m\u00e9rete miatt. Ch\u00e1cara Flora egy z\u00e1rt k\u00f6rny\u00e9k S\u00e3o Paul\u00f3ban, ahol sok k\u00fclf\u00f6ldi lakik.<\/p>\n<h2><span class=\"ez-toc-section\" id=\"Best_Places_To_Live_In_Brazil_for_Retirement\"><\/span>A legjobb helyeken \u00e9lni Braz\u00edli\u00e1ban a nyugd\u00edjasok sz\u00e1m\u00e1ra<span class=\"ez-toc-section-end\"><\/span><\/h2>\n<p><img loading=\"lazy\" decoding=\"async\" class=\"alignnone size-full wp-image-9773\" src=\"https:\/\/moverdb.com\/wp-content\/uploads\/brazil-joao-pessoa-best-for-retirement.jpg\" alt=\"\" width=\"1000\" height=\"662\" data-wp-pid=\"9773\" srcset=\"https:\/\/moverdb.com\/wp-content\/uploads\/brazil-joao-pessoa-best-for-retirement.jpg 1000w, https:\/\/moverdb.com\/wp-content\/uploads\/brazil-joao-pessoa-best-for-retirement-300x200.jpg 300w, https:\/\/moverdb.com\/wp-content\/uploads\/brazil-joao-pessoa-best-for-retirement-18x12.jpg 18w, https:\/\/moverdb.com\/wp-content\/uploads\/brazil-joao-pessoa-best-for-retirement-600x397.jpg 600w\" sizes=\"auto, (max-width: 1000px) 100vw, 1000px\" \/><\/p>\n<p>A naps\u00fct\u00e9ses \u00e9ghajlat, a leny\u0171g\u00f6z\u0151 strandok \u00e9s az \u00edzletes konyha miatt a braz\u00edliai nyugd\u00edjas \u00e9let egy val\u00f3ra v\u00e1lt \u00e1lomnak t\u0171nik. Gyakori, hogy a k\u00fclf\u00f6ldiek a nagyobb v\u00e1rosokba k\u00f6lt\u00f6znek, de a nyugd\u00edjas \u00e9vekre v\u00e1gy\u00f3k m\u00e1shol k\u00e9nyelmesebbnek tal\u00e1lhatj\u00e1k magukat.<\/p>\n<p>Jo\u00e3o Pessoa egy <a href=\"https:\/\/moverdb.com\/hu\/top-49-container-ports\/\" data-internallinksmanager029f6b8e52c=\"80\" title=\"Top 49 legnagyobb \u00e9s legforgalmasabb kont\u00e9nerkik\u00f6t\u0151 2025-ben\">port<\/a> Braz\u00edlia \u00e9szakkeleti r\u00e9sz\u00e9n tal\u00e1lhat\u00f3 v\u00e1ros, gy\u00f6ny\u00f6r\u0171 strandokkal \u00e9s leny\u0171g\u00f6z\u0151 \u00e9p\u00edt\u00e9szettel. Ez a v\u00e1ros a nyugd\u00edjasok sz\u00e1m\u00e1ra is ismer\u0151s, sok helyb\u00e9li \u00e9s k\u00fclf\u00f6ldi v\u00e1lasztja a nyugd\u00edjas \u00e9veket.<\/p>\n<p>Sz\u00e1mos l\u00e1tnival\u00f3 teszi Jo\u00e3o Pesso\u00e1t kiemelked\u0151 v\u00e1ross\u00e1, nevezetesen a strandok \u00e9s a z\u00f6ld ter\u00fcletek, amelyek t\u00f6k\u00e9letesek egy d\u00e9lut\u00e1ni s\u00e9t\u00e1ra.<\/p>\n<p>Fortaleza egy m\u00e1sik j\u00f3 v\u00e1laszt\u00e1s a nyugd\u00edjasok sz\u00e1m\u00e1ra - a v\u00e1ros szint\u00e9n Braz\u00edlia \u00e9szakkeleti r\u00e9sz\u00e9n tal\u00e1lhat\u00f3, \u00e9s gy\u00f6ny\u00f6r\u0171 strandok \u00e9s leny\u0171g\u00f6z\u0151 v\u00f6r\u00f6s szikl\u00e1k veszik k\u00f6r\u00fcl.<\/p>\n<h2><span class=\"ez-toc-section\" id=\"Best_Places_To_Live_In_Brazil_for_Young_Adults\"><\/span>A legjobb helyek Braz\u00edli\u00e1ban fiatal feln\u0151ttek sz\u00e1m\u00e1ra<span class=\"ez-toc-section-end\"><\/span><\/h2>\n<p><img loading=\"lazy\" decoding=\"async\" class=\"alignnone size-full wp-image-9774\" src=\"https:\/\/moverdb.com\/wp-content\/uploads\/brazil-natal-best-for-young-adults.jpg\" alt=\"\" width=\"1000\" height=\"649\" data-wp-pid=\"9774\" srcset=\"https:\/\/moverdb.com\/wp-content\/uploads\/brazil-natal-best-for-young-adults.jpg 1000w, https:\/\/moverdb.com\/wp-content\/uploads\/brazil-natal-best-for-young-adults-300x195.jpg 300w, https:\/\/moverdb.com\/wp-content\/uploads\/brazil-natal-best-for-young-adults-18x12.jpg 18w, https:\/\/moverdb.com\/wp-content\/uploads\/brazil-natal-best-for-young-adults-600x389.jpg 600w\" sizes=\"auto, (max-width: 1000px) 100vw, 1000px\" \/><\/p>\n<p>Braz\u00edlia nagyszer\u0171 orsz\u00e1g a fiatal feln\u0151ttek sz\u00e1m\u00e1ra - az orsz\u00e1g kult\u00far\u00e1ja a buliz\u00e1s, a sz\u00f3rakoz\u00e1s \u00e9s a kikapcsol\u00f3d\u00e1s. Emellett a gazdas\u00e1g is n\u00f6vekszik, a nagyobb v\u00e1rosokban pedig munkalehet\u0151s\u00e9gek ny\u00edlnak.<\/p>\n<p>A fiatal feln\u0151ttek sz\u00e1m\u00e1ra, akik a brazil nyugodt \u00e9letst\u00edlusba szeretn\u00e9nek belek\u00f3stolni, Natal v\u00e1rosa t\u00f6k\u00e9letes v\u00e1laszt\u00e1s lehet. A v\u00e1ros k\u00f6zel van a tengerparthoz, \u00e9s a v\u00e1rosi \u00e9let tipikus \u00f6r\u00f6mei mellett rengeteg turisztikai l\u00e1tv\u00e1nyoss\u00e1g is v\u00e1rja a lakosokat, hogy m\u00e9g jobban belek\u00f3stolhassanak abba, mit k\u00edn\u00e1l Braz\u00edlia.<\/p>\n<p>Natalban j\u00f3 \u00e9jszakai \u00e9let is van, \u00e9l\u0151zene \u00e9s izgalmas b\u00e1rok szeg\u00e9lyezik a ny\u00fczsg\u0151bb utc\u00e1kat. Natal Braz\u00edlia egyik legbiztons\u00e1gosabb v\u00e1ros\u00e1nak sz\u00e1m\u00edt.<\/p>\n<p>Rio de Janeiro egy m\u00e1sik csod\u00e1latos v\u00e1laszt\u00e1s a fiatal feln\u0151ttek sz\u00e1m\u00e1ra. A v\u00e1ros tele van klubokkal, b\u00e1rokkal \u00e9s \u00e9ttermekkel, valamint a lakosok sz\u00e1m\u00e1ra k\u00f6nny\u0171 hozz\u00e1f\u00e9r\u00e9st biztos\u00edt a tengerparthoz.<\/p>\n<h2><span class=\"ez-toc-section\" id=\"Best_Places_To_Live_In_Brazil_for_Students\"><\/span>A legjobb helyek Braz\u00edli\u00e1ban a di\u00e1kok sz\u00e1m\u00e1ra<span class=\"ez-toc-section-end\"><\/span><\/h2>\n<p><img loading=\"lazy\" decoding=\"async\" class=\"alignnone size-full wp-image-9780\" src=\"https:\/\/moverdb.com\/wp-content\/uploads\/brazil-sao-paulo-best-for-students.jpg\" alt=\"\" width=\"1000\" height=\"667\" data-wp-pid=\"9780\" srcset=\"https:\/\/moverdb.com\/wp-content\/uploads\/brazil-sao-paulo-best-for-students.jpg 1000w, https:\/\/moverdb.com\/wp-content\/uploads\/brazil-sao-paulo-best-for-students-300x200.jpg 300w, https:\/\/moverdb.com\/wp-content\/uploads\/brazil-sao-paulo-best-for-students-18x12.jpg 18w, https:\/\/moverdb.com\/wp-content\/uploads\/brazil-sao-paulo-best-for-students-600x400.jpg 600w\" sizes=\"auto, (max-width: 1000px) 100vw, 1000px\" \/><\/p>\n<p>Braz\u00edli\u00e1ban nagy a kereslet az iskol\u00e1k ir\u00e1nt - az \u00e1llami iskol\u00e1k val\u00f3sz\u00edn\u0171leg t\u00falzs\u00fafoltak lesznek, \u00e9s csak azok sz\u00e1m\u00e1ra jelentenek j\u00f3 lehet\u0151s\u00e9get, akik j\u00f3l besz\u00e9lnek portug\u00e1lul.<\/p>\n<p>A nemzetk\u00f6zi iskol\u00e1k is hasonl\u00f3 kih\u00edv\u00e1ssal szembes\u00fclnek, mivel nagy a verseny a helyek\u00e9rt. A Braz\u00edli\u00e1ban leteleped\u0151 di\u00e1kok sz\u00e1m\u00e1ra a legjobb v\u00e1ros S\u00e3o Paulo, ahol sokf\u00e9le nemzetk\u00f6zi tanterv\u0171 iskolai lehet\u0151s\u00e9g van.<\/p>\n<p>S\u00e3o Paulo sz\u00e1mos nemzetk\u00f6zi iskol\u00e1val rendelkezik, mint p\u00e9ld\u00e1ul az Avenues S\u00e3o Paulo, a The British College of Brazil, a The American School of S\u00e3o Paulo \u00e9s a Maple Bear Canadian School.<\/p>\n<p>A S\u00e3o Paul\u00f3-i nemzetk\u00f6zi iskol\u00e1k \u00e1ltal\u00e1ban j\u00f3m\u00f3d\u00fa v\u00e1rosr\u00e9szekben tal\u00e1lhat\u00f3k, ami azt jelenti, hogy a hossz\u00fa v\u00e1r\u00f3list\u00e1k miatt kih\u00edv\u00e1st jelenthet a lak\u00e1sok megtal\u00e1l\u00e1sa. Fontos, hogy a jelentkez\u00e9si folyamatokat kor\u00e1n kezdj\u00fck el, \u00e9s k\u00e9sz\u00fclj\u00fcnk fel az esetleges k\u00e9sedelmekre!<\/p>\n<p>Manaus a Negro foly\u00f3 partj\u00e1n, Braz\u00edlia \u00e9szaknyugati r\u00e9sz\u00e9n tal\u00e1lhat\u00f3 v\u00e1ros, amely nemzetk\u00f6zi tanterveket is k\u00edn\u00e1l, \u00e9s mind mag\u00e1n-, mind \u00e1llami iskolai lehet\u0151s\u00e9gekkel rendelkezik.<\/p>\n<h2><span class=\"ez-toc-section\" id=\"Best_Places_To_Live_In_Brazil_for_Food_and_Nightlife\"><\/span>A legjobb helyek Braz\u00edli\u00e1ban \u00e9lni az \u00e9telek \u00e9s az \u00e9jszakai \u00e9let sz\u00e1m\u00e1ra<span class=\"ez-toc-section-end\"><\/span><\/h2>\n<p><img loading=\"lazy\" decoding=\"async\" class=\"alignnone size-full wp-image-9781\" src=\"https:\/\/moverdb.com\/wp-content\/uploads\/brazil-sao-paulo-best-for-food.jpg\" alt=\"\" width=\"1000\" height=\"667\" data-wp-pid=\"9781\" srcset=\"https:\/\/moverdb.com\/wp-content\/uploads\/brazil-sao-paulo-best-for-food.jpg 1000w, https:\/\/moverdb.com\/wp-content\/uploads\/brazil-sao-paulo-best-for-food-300x200.jpg 300w, https:\/\/moverdb.com\/wp-content\/uploads\/brazil-sao-paulo-best-for-food-18x12.jpg 18w, https:\/\/moverdb.com\/wp-content\/uploads\/brazil-sao-paulo-best-for-food-600x400.jpg 600w\" sizes=\"auto, (max-width: 1000px) 100vw, 1000px\" \/><\/p>\n<p>Braz\u00edlia gazdag \u00e9s v\u00e1ltozatos konyh\u00e1val rendelkezik, amelyet k\u00fcl\u00f6nb\u00f6z\u0151 nemzetis\u00e9gek befoly\u00e1solnak, \u00e9s soha nem fog kifogyni a k\u00fcl\u00f6nb\u00f6z\u0151 \u00e9tkez\u00e9si lehet\u0151s\u00e9gekb\u0151l. Braz\u00edlia d\u00e9lkeleti r\u00e9gi\u00f3ja (Rio de Janeiro, S\u00e3o Paulo \u00e9s Minas Gerais) a gasztron\u00f3mia paradicsomak\u00e9nt ismert.<\/p>\n<p>S\u00e3o Paulo az \u00e9telek szerelmeseinek lehet\u0151s\u00e9get k\u00edn\u00e1l arra, hogy a Mercad\u00e3o Municipal zs\u00fafolt \u00e9lelmiszerpiacain barangoljanak, \u00e9s megk\u00f3stolj\u00e1k a helyben termesztett gy\u00fcm\u00f6lcs\u00f6ket, vagy be\u00fcljenek egy helyi \u00e9tterembe. <a href=\"https:\/\/moverdb.com\/hu\/british-association-of-removers\/\" data-internallinksmanager029f6b8e52c=\"9\" title=\"A Brit K\u00f6lt\u00f6ztet\u0151k Sz\u00f6vets\u00e9ge (BAR) magyar\u00e1zata\">b\u00e1r<\/a> az utc\u00e1kon egy kis friss\u00edt\u0151 s\u00f6r\u00e9rt \u00e9s p\u00e3o de queijo\u00e9rt (egy alapvet\u0151 sajtos tekercs, amelyet gyakran fogyasztanak uzsonn\u00e1ra vagy reggelire).<\/p>\n<p>Braz\u00edlia a buliz\u00e1s kult\u00far\u00e1ja miatt t\u00f6k\u00e9letes orsz\u00e1g azok sz\u00e1m\u00e1ra, akik sz\u00edvesen megismerkedn\u00e9nek az \u00e9jszakai \u00e9lettel. Rio de Janeiro a vil\u00e1g egyik legjobb v\u00e1rosa az izgalmas \u00e9s v\u00e1ltozatos \u00e9jszakai \u00e9let szempontj\u00e1b\u00f3l.<\/p>\n<p>A Lapa negyed Rio de Janeiro egyik legismertebb negyede, amely zs\u00fafol\u00e1sig tele van b\u00e1rokkal, \u00e9jszakai klubokkal \u00e9s \u00e9l\u0151zen\u00e9s sz\u00f3rakoz\u00f3helyekkel. Lapa p\u00e9ntek \u00e9s szombat este saj\u00e1t utcabulival v\u00e1rja a l\u00e1togat\u00f3kat, \u00edgy a k\u00f6rny\u00e9k e r\u00e9sze olyan, mintha egy h\u00e9tv\u00e9gi fesztiv\u00e1lon venn\u00e9nk r\u00e9szt.<\/p>\n<p>Ha Lapa t\u00fals\u00e1gosan p\u00f6rg\u0151s, akkor ir\u00e1ny Rio h\u00edres Copacabana-negyede, ahol a Braz\u00edlia \u00e1ltal k\u00edn\u00e1lt \u00f6sszes finom, alapanyagokb\u00f3l k\u00e9sz\u00fclt kokt\u00e9lt megk\u00f3stolhatja.<\/p>\n<h2><span class=\"ez-toc-section\" id=\"Best_Places_To_Live_In_Brazil_for_Singles\"><\/span>A legjobb helyek Braz\u00edli\u00e1ban \u00e9lni a szinglik sz\u00e1m\u00e1ra<span class=\"ez-toc-section-end\"><\/span><\/h2>\n<p><img loading=\"lazy\" decoding=\"async\" class=\"alignnone size-full wp-image-9782\" src=\"https:\/\/moverdb.com\/wp-content\/uploads\/brazil-recife-best-for-singles.jpg\" alt=\"\" width=\"1000\" height=\"751\" data-wp-pid=\"9782\" srcset=\"https:\/\/moverdb.com\/wp-content\/uploads\/brazil-recife-best-for-singles.jpg 1000w, https:\/\/moverdb.com\/wp-content\/uploads\/brazil-recife-best-for-singles-300x225.jpg 300w, https:\/\/moverdb.com\/wp-content\/uploads\/brazil-recife-best-for-singles-16x12.jpg 16w, https:\/\/moverdb.com\/wp-content\/uploads\/brazil-recife-best-for-singles-600x451.jpg 600w\" sizes=\"auto, (max-width: 1000px) 100vw, 1000px\" \/><\/p>\n<p>Braz\u00edlia egy sz\u00f3rakoztat\u00f3 orsz\u00e1g a szinglik sz\u00e1m\u00e1ra; a nagyobb v\u00e1rosok tele vannak klubokkal, b\u00e1rokkal \u00e9s \u00e9l\u0151zen\u00e9s sz\u00f3rakoz\u00f3helyekkel, amelyek t\u00f6k\u00e9letes lehet\u0151s\u00e9get ny\u00fajtanak \u00faj emberek megismer\u00e9s\u00e9re \u00e9s a k\u00f6z\u00f6ss\u00e9g kialak\u00edt\u00e1s\u00e1ra.<\/p>\n<p>Recife, Braz\u00edlia \u00e9szakkeleti Pernambuco \u00e1llam\u00e1nak f\u0151v\u00e1rosa, nagyszer\u0171 v\u00e1ros a szinglik sz\u00e1m\u00e1ra. A v\u00e1rosnak van egy t\u00f6rt\u00e9nelmi \u00f3v\u00e1rosa (Recife Antigo), amely Recife-t\u0151l k\u00fcl\u00f6n\u00e1ll\u00f3 sziget, \u00e9s egy sz\u00e9p romantikus hely a randev\u00fakhoz, m\u00edg a d\u00e9li oldalon modernebb \u00e9ttermek, sz\u00e1llod\u00e1k \u00e9s sz\u00e1ll\u00e1shelyek tal\u00e1lhat\u00f3k.<\/p>\n<p>K\u00f6zel van m\u00e1s elb\u0171v\u00f6l\u0151 helyekhez is, mint p\u00e9ld\u00e1ul Olinda, \u00e9s a k\u00f6rnyez\u0151 ter\u00fcleteken rengeteg tennival\u00f3 van a randiz\u00e1shoz \u00e9s az \u00faj bar\u00e1tok szerz\u00e9s\u00e9hez.<\/p>\n<p>S\u00e3o Paulo, Braz\u00edlia \u00e9s Rio de Janeiro szint\u00e9n j\u00f3 v\u00e1rosok az egyed\u00fcl\u00e1ll\u00f3 emberek sz\u00e1m\u00e1ra, mivel a v\u00e1rosok nagyon nagyok \u00e9s tele vannak mindenf\u00e9le k\u00f6z\u00f6ss\u00e9gb\u0151l sz\u00e1rmaz\u00f3 emberekkel.<\/p>\n<h2><span class=\"ez-toc-section\" id=\"Best_Places_To_Live_In_Brazil_for_the_LGBT_Community\"><\/span>A legjobb helyek Braz\u00edli\u00e1ban az LMBT+ k\u00f6z\u00f6ss\u00e9g sz\u00e1m\u00e1ra<span class=\"ez-toc-section-end\"><\/span><\/h2>\n<p><img loading=\"lazy\" decoding=\"async\" class=\"alignnone size-full wp-image-9783\" src=\"https:\/\/moverdb.com\/wp-content\/uploads\/brazil-rio-best-for-lgbts.jpg\" alt=\"\" width=\"1000\" height=\"662\" data-wp-pid=\"9783\" srcset=\"https:\/\/moverdb.com\/wp-content\/uploads\/brazil-rio-best-for-lgbts.jpg 1000w, https:\/\/moverdb.com\/wp-content\/uploads\/brazil-rio-best-for-lgbts-300x200.jpg 300w, https:\/\/moverdb.com\/wp-content\/uploads\/brazil-rio-best-for-lgbts-18x12.jpg 18w, https:\/\/moverdb.com\/wp-content\/uploads\/brazil-rio-best-for-lgbts-600x397.jpg 600w\" sizes=\"auto, (max-width: 1000px) 100vw, 1000px\" \/><\/p>\n<p>Az LMBT+ k\u00f6z\u00f6ss\u00e9g a h\u00e1zass\u00e1g \u00e9s az \u00f6r\u00f6kbefogad\u00e1s ter\u00e9n ugyanazokat a jogokat \u00e9lvezte, mint a heteroszexu\u00e1lis k\u00f6z\u00f6ss\u00e9g. B\u00e1r a nagyobb v\u00e1rosokban l\u00e9teznek queer k\u00f6z\u00f6ss\u00e9gek, az azonos nem\u0171 p\u00e1rok k\u00f6z\u00f6tti szeretetnyilv\u00e1n\u00edt\u00e1sok nemtetsz\u00e9st v\u00e1ltanak ki.<\/p>\n<p>Rio de Janeiro j\u00f3 v\u00e1ros az LMBT+ k\u00f6z\u00f6ss\u00e9g tagjai sz\u00e1m\u00e1ra, \u00e9s \u00e9vente Pride-felvonul\u00e1st tart. Rio melegnegyede a Rua Teixeira de Melo ment\u00e9n h\u00faz\u00f3dik, \u00e9s a Farme meleg strand mellett tal\u00e1lhat\u00f3; portug\u00e1lul Rua Farme de Amoedo n\u00e9ven ismert.<\/p>\n<p>Rio de Janeir\u00f3ban a meleg \u00e9jszakai klubok \u00e9s b\u00e1rok nagyon kedveltek, mivel a buliz\u00e1si kult\u00fara magas.<\/p>\n<p>S\u00e3o Paulo \u00e9s Salvador olyan brazil v\u00e1rosok, amelyekben kicsi, de \u00e9l\u00e9nk queer k\u00f6z\u00f6ss\u00e9gek \u00e9lnek, \u00e9s amelyek j\u00f3l illeszkednek az LMBT+ k\u00f6z\u00f6ss\u00e9g tagjai sz\u00e1m\u00e1ra.<\/p>\n<h2><span class=\"ez-toc-section\" id=\"Best_Places_To_Live_In_Brazil_for_the_Weather\"><\/span>A legjobb helyeken \u00e9lni Braz\u00edli\u00e1ban az id\u0151j\u00e1r\u00e1s miatt<span class=\"ez-toc-section-end\"><\/span><\/h2>\n<p><img loading=\"lazy\" decoding=\"async\" class=\"alignnone size-full wp-image-9784\" src=\"https:\/\/moverdb.com\/wp-content\/uploads\/brazil-brasilia-best-for-weather.jpg\" alt=\"\" width=\"1000\" height=\"562\" data-wp-pid=\"9784\" srcset=\"https:\/\/moverdb.com\/wp-content\/uploads\/brazil-brasilia-best-for-weather.jpg 1000w, https:\/\/moverdb.com\/wp-content\/uploads\/brazil-brasilia-best-for-weather-300x169.jpg 300w, https:\/\/moverdb.com\/wp-content\/uploads\/brazil-brasilia-best-for-weather-18x10.jpg 18w, https:\/\/moverdb.com\/wp-content\/uploads\/brazil-brasilia-best-for-weather-600x337.jpg 600w\" sizes=\"auto, (max-width: 1000px) 100vw, 1000px\" \/><\/p>\n<p>Braz\u00edli\u00e1ban eg\u00e9sz \u00e9vben j\u00f3 a h\u0151m\u00e9rs\u00e9klet, \u00e9s az orsz\u00e1g d\u00e9li r\u00e9sze az egyetlen olyan ter\u00fclet, ahol val\u00f3sz\u00edn\u0171, hogy h\u0171v\u00f6s vagy szeles lesz. Braz\u00edlia nagy r\u00e9sze a tr\u00f3pusokon bel\u00fcl van, \u00e9s ez dr\u00e1maian befoly\u00e1solja az id\u0151j\u00e1r\u00e1st.<\/p>\n<p>Braz\u00edlia az egyik legjobb v\u00e1ros, ahov\u00e1 \u00e9rdemes \u00e1ttelep\u00fclni, mivel itt szinte \u00e1lland\u00f3an j\u00f3 id\u0151 van, \u00e9s a helyiek \"cerrado\" n\u00e9ven ismerik. Braz\u00edli\u00e1ban tr\u00f3pusi szavanna \u00e9ghajlat uralkodik, \u00e9s k\u00e9t k\u00fcl\u00f6nb\u00f6z\u0151 \u00e9vszak van: es\u0151s \u00e9s napos.<\/p>\n<p>Braz\u00edli\u00e1ban ny\u00e1ron, k\u00fcl\u00f6n\u00f6sen j\u00faniusban, j\u00faliusban \u00e9s augusztusban csapad\u00e9kos az id\u0151j\u00e1r\u00e1s, a legmelegebb h\u00f3nap jellemz\u0151en a janu\u00e1r. A t\u00e9l Braz\u00edli\u00e1ban \u00e1ltal\u00e1ban j\u00faniust\u00f3l szeptemberig tart.<\/p>\n<p>Manaus \u00e9s Natal k\u00e9t m\u00e1sik \u00e1lland\u00f3 \u00e9s meleg \u00e9ghajlat\u00fa v\u00e1ros.<\/p>\n<h2><span class=\"ez-toc-section\" id=\"Best_Places_To_Live_In_Brazil_Near_Beaches\"><\/span>A legjobb helyek Braz\u00edli\u00e1ban \u00e9lni a strandok k\u00f6zel\u00e9ben<span class=\"ez-toc-section-end\"><\/span><\/h2>\n<p><img loading=\"lazy\" decoding=\"async\" class=\"alignnone size-full wp-image-9785\" src=\"https:\/\/moverdb.com\/wp-content\/uploads\/brazil-florianopolis-best-for-beaches.jpg\" alt=\"\" width=\"1000\" height=\"667\" data-wp-pid=\"9785\" srcset=\"https:\/\/moverdb.com\/wp-content\/uploads\/brazil-florianopolis-best-for-beaches.jpg 1000w, https:\/\/moverdb.com\/wp-content\/uploads\/brazil-florianopolis-best-for-beaches-300x200.jpg 300w, https:\/\/moverdb.com\/wp-content\/uploads\/brazil-florianopolis-best-for-beaches-18x12.jpg 18w, https:\/\/moverdb.com\/wp-content\/uploads\/brazil-florianopolis-best-for-beaches-600x400.jpg 600w\" sizes=\"auto, (max-width: 1000px) 100vw, 1000px\" \/><\/p>\n<p>Braz\u00edlia h\u00edres strandjair\u00f3l - gy\u00f6ny\u00f6r\u0171 tiszta v\u00edz, leny\u0171g\u00f6z\u0151 feh\u00e9r homok, rengeteg parti \u00e9s k\u00f6zeli \u00e9tterem. Braz\u00edlia tengerpartja ment\u00e9n rengeteg v\u00e1ros tal\u00e1lhat\u00f3, ahol az emberek \u00e9lvezhetik a strandol\u00e1st.<\/p>\n<p>Florian\u00f3polis Santa Catarina \u00e1llam f\u0151v\u00e1rosa Braz\u00edlia d\u00e9li r\u00e9sz\u00e9n. A nyugodt \u00e9letmin\u0151s\u00e9g\u00e9r\u0151l \u00e9s legend\u00e1s s\u00f3sv\u00edzi lag\u00fan\u00e1j\u00e1r\u00f3l ismert Florian\u00f3polis ide\u00e1lis azok sz\u00e1m\u00e1ra, akik k\u00f6nnyen hozz\u00e1f\u00e9rnek a v\u00edzhez \u00e9s sz\u00e1mos strand k\u00f6z\u00fcl v\u00e1laszthatnak.<\/p>\n<p>Florian\u00f3polis legjobb strandjai a k\u00f6vetkez\u0151k: Lagoinha do Leste, Jurere Beach \u00e9s Praia do Santinho.<\/p>\n<p>Rio de Janeiro egy m\u00e1sik brazil v\u00e1ros, amely a strandjair\u00f3l h\u00edres, k\u00fcl\u00f6n\u00f6sen a Copacabana \u00e9s az Ipanema strandr\u00f3l. Rio de Janeiro j\u00f3 v\u00e1laszt\u00e1s azoknak a k\u00f6lt\u00f6z\u0151knek, akik a v\u00e1rosi \u00e9s a tengerparti \u00e9let er\u0151s kever\u00e9k\u00e9re v\u00e1gynak.<\/p>\n<h2><span class=\"ez-toc-section\" id=\"Best_Places_To_Live_In_Brazil_Near_Mountains\"><\/span>A legjobb helyeken \u00e9lni Braz\u00edli\u00e1ban Hegyek k\u00f6zel\u00e9ben<span class=\"ez-toc-section-end\"><\/span><\/h2>\n<p><img loading=\"lazy\" decoding=\"async\" class=\"alignnone size-full wp-image-9786\" src=\"https:\/\/moverdb.com\/wp-content\/uploads\/brazil-petropolis-best-for-mountains.jpg\" alt=\"\" width=\"1000\" height=\"562\" data-wp-pid=\"9786\" srcset=\"https:\/\/moverdb.com\/wp-content\/uploads\/brazil-petropolis-best-for-mountains.jpg 1000w, https:\/\/moverdb.com\/wp-content\/uploads\/brazil-petropolis-best-for-mountains-300x169.jpg 300w, https:\/\/moverdb.com\/wp-content\/uploads\/brazil-petropolis-best-for-mountains-18x10.jpg 18w, https:\/\/moverdb.com\/wp-content\/uploads\/brazil-petropolis-best-for-mountains-600x337.jpg 600w\" sizes=\"auto, (max-width: 1000px) 100vw, 1000px\" \/><\/p>\n<p>B\u00e1r tal\u00e1n legink\u00e1bb buja es\u0151erdeir\u0151l \u00e9s gy\u00f6ny\u00f6r\u0171 strandjair\u00f3l ismert, Braz\u00edlia l\u00e1tv\u00e1nyos hegyei is vannak, amelyek dr\u00e1mai kil\u00e1t\u00e1st ny\u00fajtanak.<\/p>\n<p>A legjobb v\u00e1ros, ha a lejt\u0151kh\u00f6z k\u00f6zel szeretne maradni, a Rio de Janeir\u00f3t\u00f3l \u00e9szakkeletre fekv\u0151 Petr\u00f3polis. A v\u00e1rosban a lakosok olyan szabadt\u00e9ri sportokat \u0171zhetnek, mint a t\u00far\u00e1z\u00e1s, a nyomkeres\u00e9s, a hegyi ker\u00e9kp\u00e1roz\u00e1s, a hegym\u00e1sz\u00e1s \u00e9s a hegym\u00e1sz\u00e1s.<\/p>\n<p>A v\u00e1ros k\u00f6zel\u00e9ben term\u00e9szetes v\u00edzes\u00e9sek \u00e9s buja vadon \u00e9l\u0151 \u00e1llatok is tal\u00e1lhat\u00f3k, ami ide\u00e1lis azok sz\u00e1m\u00e1ra, akik akt\u00edvan szeretn\u00e9nek maradni \u00e9s sok id\u0151t t\u00f6lteni a term\u00e9szetben.<\/p>\n<p>Teres\u00f3polis a Regi\u00e3o Serrana hegyvid\u00e9ki r\u00e9gi\u00f3ban tal\u00e1lhat\u00f3, \u00e9s olyan h\u00edres l\u00e1tnival\u00f3kkal rendelkezik, mint a Geneve Farm \u00e9s az Arabotanica. A v\u00e1roson bel\u00fcl tal\u00e1lhat\u00f3 a Serra dos \u00d3rg\u00e3os Nemzeti Park.<\/p>\n<h2><span class=\"ez-toc-section\" id=\"Other_Useful_Guides_to_Brazil\"><\/span>Egy\u00e9b hasznos \u00fatmutat\u00f3k Braz\u00edli\u00e1hoz<span class=\"ez-toc-section-end\"><\/span><\/h2>\n<ul>\n<li> <a href=\"https:\/\/moverdb.com\/hu\/kontenerszallitas\/brazilia\/\">2024 Tengeri tehersz\u00e1ll\u00edt\u00e1si kont\u00e9ner \u00e1rak Braz\u00edli\u00e1ba \u00e9s Braz\u00edli\u00e1b\u00f3l<\/a><\/li>\n<li> <a href=\"https:\/\/moverdb.com\/hu\/koltozteto-cegek\/brazil-koltozteto-cegek\/\">25 legjobb nemzetk\u00f6zi k\u00f6lt\u00f6ztet\u0151 c\u00e9gek Braz\u00edli\u00e1ban<\/a><\/li>\n<li> <a href=\"https:\/\/moverdb.com\/hu\/moving-to-brazil\/\">Braz\u00edli\u00e1ba k\u00f6lt\u00f6zik? 2023 \u00c9letk\u00f6lts\u00e9gek \u00e9s k\u00f6lt\u00f6z\u00e9si tippek<\/a><\/li>\n<li> <a href=\"https:\/\/moverdb.com\/hu\/moving-to-brazil\/living-in-brazil\/\">21 titok a braz\u00edliai \u00e9letr\u0151l, amit tudnod kell, miel\u0151tt elk\u00f6lt\u00f6z\u00f6l<\/a><\/li>\n<li> <a href=\"https:\/\/moverdb.com\/hu\/moving-to-brazil\/moving-to-brazil-from-the-us\/\">Braz\u00edli\u00e1ba k\u00f6lt\u00f6z\u00e9s az Egyes\u00fclt \u00c1llamokb\u00f3l<\/a><\/li>\n<\/ul>","protected":false},"excerpt":{"rendered":"<p>Brazil (officially the Federative Republic of Brazil) is a fun, bright and diverse country with many natural wonders and exotic food culture. Deciding to move to Brazil is a big move and you&#8217;ll want to be certain of where in the country is best to settle for you and your lifestyle. We&#8217;ll take a look [&hellip;]<\/p>\n","protected":false},"author":1,"featured_media":0,"parent":7277,"menu_order":0,"comment_status":"closed","ping_status":"closed","template":"","meta":{"_genesis_hide_title":false,"_genesis_hide_breadcrumbs":false,"_genesis_hide_singular_image":false,"_genesis_hide_footer_widgets":false,"_genesis_custom_body_class":"","_genesis_custom_post_class":"","_genesis_layout":"","footnotes":""},"class_list":{"0":"post-17295","1":"page","2":"type-page","3":"status-publish","5":"entry"},"_links":{"self":[{"href":"https:\/\/moverdb.com\/hu\/wp-json\/wp\/v2\/pages\/17295","targetHints":{"allow":["GET"]}}],"collection":[{"href":"https:\/\/moverdb.com\/hu\/wp-json\/wp\/v2\/pages"}],"about":[{"href":"https:\/\/moverdb.com\/hu\/wp-json\/wp\/v2\/types\/page"}],"author":[{"embeddable":true,"href":"https:\/\/moverdb.com\/hu\/wp-json\/wp\/v2\/users\/1"}],"replies":[{"embeddable":true,"href":"https:\/\/moverdb.com\/hu\/wp-json\/wp\/v2\/comments?post=17295"}],"version-history":[{"count":3,"href":"https:\/\/moverdb.com\/hu\/wp-json\/wp\/v2\/pages\/17295\/revisions"}],"predecessor-version":[{"id":17317,"href":"https:\/\/moverdb.com\/hu\/wp-json\/wp\/v2\/pages\/17295\/revisions\/17317"}],"up":[{"embeddable":true,"href":"https:\/\/moverdb.com\/hu\/wp-json\/wp\/v2\/pages\/7277"}],"wp:attachment":[{"href":"https:\/\/moverdb.com\/hu\/wp-json\/wp\/v2\/media?parent=17295"}],"curies":[{"name":"wp","href":"https:\/\/api.w.org\/{rel}","templated":true}]}}