{"id":17141,"date":"2024-06-26T10:57:01","date_gmt":"2024-06-26T10:57:01","guid":{"rendered":"https:\/\/moverdb.com\/?page_id=17141"},"modified":"2026-01-08T15:09:48","modified_gmt":"2026-01-08T15:09:48","slug":"best-places-to-live-switzerland","status":"publish","type":"page","link":"https:\/\/moverdb.com\/hu\/moving-to-switzerland\/best-places-to-live-switzerland\/","title":{"rendered":"12 Legjobb helyek Sv\u00e1jcban \u00e9lni"},"content":{"rendered":"<p>Ha azt rem\u00e9li, hogy \u00faj helyre k\u00f6lt\u00f6zhet, akkor <a href=\"https:\/\/moverdb.com\/hu\/moving-to-switzerland\/\" data-internallinksmanager029f6b8e52c=\"327\" title=\"Sv\u00e1jcba k\u00f6lt\u00f6zik? 2023 Meg\u00e9lhet\u00e9si k\u00f6lts\u00e9gek \u00e9s k\u00f6lt\u00f6z\u00e9si tippek\">Sv\u00e1jc<\/a> lehet az ide\u00e1lis orsz\u00e1g az \u00d6n sz\u00e1m\u00e1ra!<\/p>\n<p>Sv\u00e1jcban \u00e1ll\u00edt\u00f3lag nagyon magas az \u00e9letmin\u0151s\u00e9g, alacsony a munkan\u00e9lk\u00fclis\u00e9g, stabil a gazdas\u00e1g \u00e9s j\u00f3 a munka \u00e9s a mag\u00e1n\u00e9let k\u00f6z\u00f6tti egyens\u00faly.<\/p>\n<p>N\u00e9zz\u00fck meg, melyek a legjobb helyek Sv\u00e1jcban a munka, a csal\u00e1dok, a bev\u00e1ndorl\u00e1s, a nyugd\u00edjba vonul\u00e1s \u00e9s m\u00e9g sok m\u00e1s szempontb\u00f3l.<\/p>\n<div id=\"ez-toc-container\" class=\"ez-toc-v2_0_82_2 ez-toc-wrap-left counter-hierarchy ez-toc-counter ez-toc-transparent ez-toc-container-direction\">\n<div class=\"ez-toc-title-container\">\n<p class=\"ez-toc-title\" style=\"cursor:inherit\">Szakaszok<\/p>\n<span class=\"ez-toc-title-toggle\"><a href=\"#\" class=\"ez-toc-pull-right ez-toc-btn ez-toc-btn-xs ez-toc-btn-default ez-toc-toggle\" aria-label=\"Toggle Tartalomjegyz\u00e9k\"><span class=\"ez-toc-js-icon-con\"><span class=\"\"><span class=\"eztoc-hide\" style=\"display:none;\">Toggle<\/span><span class=\"ez-toc-icon-toggle-span\"><svg style=\"fill: #999;color:#999\" xmlns=\"http:\/\/www.w3.org\/2000\/svg\" class=\"list-377408\" width=\"20px\" height=\"20px\" viewbox=\"0 0 24 24\" fill=\"none\"><path d=\"M6 6H4v2h2V6zm14 0H8v2h12V6zM4 11h2v2H4v-2zm16 0H8v2h12v-2zM4 16h2v2H4v-2zm16 0H8v2h12v-2z\" fill=\"currentColor\"><\/path><\/svg><svg style=\"fill: #999;color:#999\" class=\"arrow-unsorted-368013\" xmlns=\"http:\/\/www.w3.org\/2000\/svg\" width=\"10px\" height=\"10px\" viewbox=\"0 0 24 24\" version=\"1.2\" baseprofile=\"tiny\"><path d=\"M18.2 9.3l-6.2-6.3-6.2 6.3c-.2.2-.3.4-.3.7s.1.5.3.7c.2.2.4.3.7.3h11c.3 0 .5-.1.7-.3.2-.2.3-.5.3-.7s-.1-.5-.3-.7zM5.8 14.7l6.2 6.3 6.2-6.3c.2-.2.3-.5.3-.7s-.1-.5-.3-.7c-.2-.2-.4-.3-.7-.3h-11c-.3 0-.5.1-.7.3-.2.2-.3.5-.3.7s.1.5.3.7z\"\/><\/svg><\/span><\/span><\/span><\/a><\/span><\/div>\n<nav><ul class='ez-toc-list ez-toc-list-level-1 eztoc-toggle-hide-by-default' ><li class='ez-toc-page-1 ez-toc-heading-level-2'><a class=\"ez-toc-link ez-toc-heading-1\" href=\"https:\/\/moverdb.com\/hu\/moving-to-switzerland\/best-places-to-live-switzerland\/#Best_Places_To_Live_In_Switzerland\" >A legjobb helyek Sv\u00e1jcban \u00e9lni<\/a><\/li><li class='ez-toc-page-1 ez-toc-heading-level-2'><a class=\"ez-toc-link ez-toc-heading-2\" href=\"https:\/\/moverdb.com\/hu\/moving-to-switzerland\/best-places-to-live-switzerland\/#Best_Places_To_Live_In_Switzerland_for_Work\" >A legjobb helyek Sv\u00e1jcban \u00e9lni a munka<\/a><\/li><li class='ez-toc-page-1 ez-toc-heading-level-2'><a class=\"ez-toc-link ez-toc-heading-3\" href=\"https:\/\/moverdb.com\/hu\/moving-to-switzerland\/best-places-to-live-switzerland\/#Cheapest_Places_To_Live_In_Switzerland\" >Legolcs\u00f3bb helyeken \u00e9lni Sv\u00e1jcban<\/a><\/li><li class='ez-toc-page-1 ez-toc-heading-level-2'><a class=\"ez-toc-link ez-toc-heading-4\" href=\"https:\/\/moverdb.com\/hu\/moving-to-switzerland\/best-places-to-live-switzerland\/#Best_Places_To_Live_In_Switzerland_for_Families\" >A legjobb helyek Sv\u00e1jcban \u00e9lni a csal\u00e1dok sz\u00e1m\u00e1ra<\/a><\/li><li class='ez-toc-page-1 ez-toc-heading-level-2'><a class=\"ez-toc-link ez-toc-heading-5\" href=\"https:\/\/moverdb.com\/hu\/moving-to-switzerland\/best-places-to-live-switzerland\/#Best_Places_To_Live_In_Switzerland_for_Immigrants\" >A legjobb helyek Sv\u00e1jcban \u00e9lni a bev\u00e1ndorl\u00f3k sz\u00e1m\u00e1ra<\/a><\/li><li class='ez-toc-page-1 ez-toc-heading-level-2'><a class=\"ez-toc-link ez-toc-heading-6\" href=\"https:\/\/moverdb.com\/hu\/moving-to-switzerland\/best-places-to-live-switzerland\/#Best_Places_To_Live_In_Switzerland_for_Retirement\" >A legjobb helyek \u00e9lni Sv\u00e1jcban a nyugd\u00edjasok sz\u00e1m\u00e1ra<\/a><\/li><li class='ez-toc-page-1 ez-toc-heading-level-2'><a class=\"ez-toc-link ez-toc-heading-7\" href=\"https:\/\/moverdb.com\/hu\/moving-to-switzerland\/best-places-to-live-switzerland\/#Best_Places_To_Live_In_Switzerland_for_Young_Adults\" >A legjobb helyek Sv\u00e1jcban \u00e9lni a fiatal feln\u0151ttek sz\u00e1m\u00e1ra<\/a><\/li><li class='ez-toc-page-1 ez-toc-heading-level-2'><a class=\"ez-toc-link ez-toc-heading-8\" href=\"https:\/\/moverdb.com\/hu\/moving-to-switzerland\/best-places-to-live-switzerland\/#Best_Places_To_Live_In_Switzerland_for_Students\" >A legjobb helyek Sv\u00e1jcban \u00e9lni a di\u00e1kok sz\u00e1m\u00e1ra<\/a><\/li><li class='ez-toc-page-1 ez-toc-heading-level-2'><a class=\"ez-toc-link ez-toc-heading-9\" href=\"https:\/\/moverdb.com\/hu\/moving-to-switzerland\/best-places-to-live-switzerland\/#Best_Places_To_Live_In_Switzerland_for_Food_and_Nightlife\" >A legjobb helyek \u00e9lni Sv\u00e1jcban az \u00e9lelmiszer \u00e9s az \u00e9jszakai \u00e9let<\/a><\/li><li class='ez-toc-page-1 ez-toc-heading-level-2'><a class=\"ez-toc-link ez-toc-heading-10\" href=\"https:\/\/moverdb.com\/hu\/moving-to-switzerland\/best-places-to-live-switzerland\/#Best_Places_To_Live_In_Switzerland_for_Singles\" >A legjobb helyek Sv\u00e1jcban \u00e9lni Singles sz\u00e1m\u00e1ra<\/a><\/li><li class='ez-toc-page-1 ez-toc-heading-level-2'><a class=\"ez-toc-link ez-toc-heading-11\" href=\"https:\/\/moverdb.com\/hu\/moving-to-switzerland\/best-places-to-live-switzerland\/#Best_Places_To_Live_In_Switzerland_for_the_LGBT_Community\" >A legjobb helyek Sv\u00e1jcban az LMBT+ k\u00f6z\u00f6ss\u00e9g sz\u00e1m\u00e1ra<\/a><\/li><li class='ez-toc-page-1 ez-toc-heading-level-2'><a class=\"ez-toc-link ez-toc-heading-12\" href=\"https:\/\/moverdb.com\/hu\/moving-to-switzerland\/best-places-to-live-switzerland\/#Best_Places_To_Live_In_Switzerland_for_the_Weather\" >A legjobb helyek Sv\u00e1jcban \u00e9lni az id\u0151j\u00e1r\u00e1s miatt<\/a><\/li><li class='ez-toc-page-1 ez-toc-heading-level-2'><a class=\"ez-toc-link ez-toc-heading-13\" href=\"https:\/\/moverdb.com\/hu\/moving-to-switzerland\/best-places-to-live-switzerland\/#Best_Places_To_Live_In_Switzerland_Near_Mountains\" >A legjobb helyek \u00e9lni Sv\u00e1jcban Hegyek k\u00f6zel\u00e9ben<\/a><\/li><li class='ez-toc-page-1 ez-toc-heading-level-2'><a class=\"ez-toc-link ez-toc-heading-14\" href=\"https:\/\/moverdb.com\/hu\/moving-to-switzerland\/best-places-to-live-switzerland\/#Other_Useful_Guides_to_Switzerland\" >Egy\u00e9b hasznos \u00fatmutat\u00f3k Sv\u00e1jchoz<\/a><\/li><\/ul><\/nav><\/div>\n<h2><span class=\"ez-toc-section\" id=\"Best_Places_To_Live_In_Switzerland\"><\/span>A legjobb helyek Sv\u00e1jcban \u00e9lni<span class=\"ez-toc-section-end\"><\/span><\/h2>\n\n<table id=\"tablepress-306\" class=\"tablepress tablepress-id-306\">\n<thead>\n<tr class=\"row-1\">\n\t<th class=\"column-1\">V\u00e1ros<\/th><th class=\"column-2\">Indokl\u00e1s<\/th>\n<\/tr>\n<\/thead>\n<tbody class=\"row-striping row-hover\">\n<tr class=\"row-2\">\n\t<td class=\"column-1\"><a href=\"https:\/\/moverdb.com\/hu\/moving-to-switzerland\/moving-to-geneva\/\" data-internallinksmanager029f6b8e52c=\"416\" title=\"Genfbe k\u00f6lt\u00f6zik? 2023 Lakhat\u00e1si k\u00f6lts\u00e9gek \u00e9s k\u00f6lt\u00f6z\u00e9si tippek\">Genf<\/a><\/td><td class=\"column-2\">A legjobb a munk\u00e1hoz<\/td>\n<\/tr>\n<tr class=\"row-3\">\n\t<td class=\"column-1\">Glarus<\/td><td class=\"column-2\">A legjobb a megfizethet\u0151s\u00e9g szempontj\u00e1b\u00f3l<\/td>\n<\/tr>\n<tr class=\"row-4\">\n\t<td class=\"column-1\">Z\u00fcrich<\/td><td class=\"column-2\">A legjobb csal\u00e1dok sz\u00e1m\u00e1ra<\/td>\n<\/tr>\n<tr class=\"row-5\">\n\t<td class=\"column-1\"><a href=\"https:\/\/moverdb.com\/hu\/moving-to-bern\/\" data-internallinksmanager029f6b8e52c=\"262\" title=\"Bernbe k\u00f6lt\u00f6zik? 2023 Meg\u00e9lhet\u00e9si k\u00f6lts\u00e9gek \u00e9s k\u00f6lt\u00f6z\u00e9si tippek\">Bern<\/a><\/td><td class=\"column-2\">Legjobb bev\u00e1ndorl\u00f3knak<\/td>\n<\/tr>\n<tr class=\"row-6\">\n\t<td class=\"column-1\">Lausanne<\/td><td class=\"column-2\">A legjobb nyugd\u00edjaz\u00e1shoz<\/td>\n<\/tr>\n<tr class=\"row-7\">\n\t<td class=\"column-1\">Genf, Eaux-Vives Cit\u00e9<\/td><td class=\"column-2\">A legjobb fiatal feln\u0151tteknek<\/td>\n<\/tr>\n<tr class=\"row-8\">\n\t<td class=\"column-1\">Z\u00fcrich, egyetemi negyed<\/td><td class=\"column-2\">A legjobb di\u00e1koknak<\/td>\n<\/tr>\n<tr class=\"row-9\">\n\t<td class=\"column-1\">Z\u00fcrich, Langstrasse<\/td><td class=\"column-2\">A legjobb \u00e9telek \u00e9s \u00e9jszakai \u00e9let<\/td>\n<\/tr>\n<tr class=\"row-10\">\n\t<td class=\"column-1\">Lugano<\/td><td class=\"column-2\">Legjobb egyed\u00fcl\u00e1ll\u00f3knak<\/td>\n<\/tr>\n<tr class=\"row-11\">\n\t<td class=\"column-1\">Z\u00fcrich, Altstadt<\/td><td class=\"column-2\">A legjobb az LMBT+ k\u00f6z\u00f6ss\u00e9g sz\u00e1m\u00e1ra<\/td>\n<\/tr>\n<tr class=\"row-12\">\n\t<td class=\"column-1\">Locarno<\/td><td class=\"column-2\">Legjobb az id\u0151j\u00e1r\u00e1shoz<\/td>\n<\/tr>\n<tr class=\"row-13\">\n\t<td class=\"column-1\">Interlaken<\/td><td class=\"column-2\">A legjobb a hegyek sz\u00e1m\u00e1ra<\/td>\n<\/tr>\n<\/tbody>\n<\/table>\n<!-- #tablepress-306 from cache -->\n<h2><span class=\"ez-toc-section\" id=\"Best_Places_To_Live_In_Switzerland_for_Work\"><\/span>A legjobb helyek Sv\u00e1jcban \u00e9lni a munka<span class=\"ez-toc-section-end\"><\/span><\/h2>\n<p><img loading=\"lazy\" decoding=\"async\" class=\"alignnone size-full wp-image-10344\" src=\"https:\/\/moverdb.com\/wp-content\/uploads\/switzerland-geneva-best-for-work.jpg\" alt=\"\" width=\"1000\" height=\"667\" data-wp-pid=\"10344\" srcset=\"https:\/\/moverdb.com\/wp-content\/uploads\/switzerland-geneva-best-for-work.jpg 1000w, https:\/\/moverdb.com\/wp-content\/uploads\/switzerland-geneva-best-for-work-300x200.jpg 300w, https:\/\/moverdb.com\/wp-content\/uploads\/switzerland-geneva-best-for-work-18x12.jpg 18w, https:\/\/moverdb.com\/wp-content\/uploads\/switzerland-geneva-best-for-work-600x400.jpg 600w\" sizes=\"auto, (max-width: 1000px) 100vw, 1000px\" \/><\/p>\n<p>Sv\u00e1jc sz\u00edvesen fogadja a k\u00fclf\u00f6ldieket, \u00e9s van n\u00e9h\u00e1ny nagyv\u00e1ros, ahol akt\u00edv a munkaer\u0151piac. A legt\u00f6bb k\u00fclf\u00f6ldi sz\u00e1m\u00e1ra Genf az ide\u00e1lis hely a leteleped\u00e9sre, ha a munkakeres\u00e9s az els\u0151dleges szempont.<\/p>\n<p>Genf v\u00e1rosa a Genfi-t\u00f3 (Lac L\u00e9man) cs\u00fccsk\u00e9n\u00e9l fekszik, \u00e9s a diplom\u00e1cia k\u00f6zpontjak\u00e9nt ismert, mivel itt tal\u00e1lhat\u00f3 az eur\u00f3pai ENSZ \u00e9s a V\u00f6r\u00f6skereszt sz\u00e9khelye.<\/p>\n<p>Genfben a banki, a nemzetk\u00f6zi finansz\u00edroz\u00e1si \u00e9s a kereskedelmi szektor a legnagyobb foglalkoztat\u00e1si \u00e1gazat.<\/p>\n<p>Sv\u00e1jcban nagy a verseny a munkahelyek\u00e9rt. Az orsz\u00e1g akt\u00edvan igyekszik hazai lakosokkal bet\u00f6lteni a poz\u00edci\u00f3kat, \u00edgy a jelentkez\u0151knek, akik abban rem\u00e9nykednek, hogy felfigyelnek r\u00e1juk, \u00e1ltal\u00e1ban egyetemi diplom\u00e1ra vagy a szakter\u00fcleten szerzett b\u0151s\u00e9ges tapasztalatra van sz\u00fcks\u00e9g\u00fck.<\/p>\n<p>A magasan k\u00e9pzett \u00e1ll\u00e1sokat v\u00e1laszt\u00f3knak azonban val\u00f3sz\u00edn\u0171leg valamivel k\u00f6nnyebb dolguk lesz, k\u00fcl\u00f6n\u00f6sen, ha rendelkeznek a sz\u00fcks\u00e9ges speci\u00e1lis k\u00e9pes\u00edt\u00e9ssel \u00e9s tapasztalattal.<\/p>\n<h2><span class=\"ez-toc-section\" id=\"Cheapest_Places_To_Live_In_Switzerland\"><\/span>Legolcs\u00f3bb helyeken \u00e9lni Sv\u00e1jcban<span class=\"ez-toc-section-end\"><\/span><\/h2>\n<p><img loading=\"lazy\" decoding=\"async\" class=\"alignnone size-full wp-image-10345\" src=\"https:\/\/moverdb.com\/wp-content\/uploads\/switzerland-glarus-best-for-affordability.jpg\" alt=\"\" width=\"1000\" height=\"667\" data-wp-pid=\"10345\" srcset=\"https:\/\/moverdb.com\/wp-content\/uploads\/switzerland-glarus-best-for-affordability.jpg 1000w, https:\/\/moverdb.com\/wp-content\/uploads\/switzerland-glarus-best-for-affordability-300x200.jpg 300w, https:\/\/moverdb.com\/wp-content\/uploads\/switzerland-glarus-best-for-affordability-18x12.jpg 18w, https:\/\/moverdb.com\/wp-content\/uploads\/switzerland-glarus-best-for-affordability-600x400.jpg 600w\" sizes=\"auto, (max-width: 1000px) 100vw, 1000px\" \/><\/p>\n<p>Sv\u00e1jc dr\u00e1ga orsz\u00e1g h\u00edr\u00e9ben \u00e1ll, \u00e9s ez viszonylag igaz a vil\u00e1g t\u00f6bbi r\u00e9sz\u00e9hez k\u00e9pest, de mivel Sv\u00e1jcban a b\u00e9rek is magasabbak, mint m\u00e1s orsz\u00e1gokban, ez n\u00e9mileg kiegyenl\u00edt\u0151dik.<\/p>\n<p>Sv\u00e1jcban rengeteg kisebb v\u00e1ros tal\u00e1lhat\u00f3, ahol a meg\u00e9lhet\u00e9si k\u00f6lts\u00e9gek alacsonyabbak, de aki v\u00e1rosban szeretne \u00e9lni, annak a gy\u00f6ny\u00f6r\u0171 Glarus v\u00e1ros\u00e1t \u00e9rdemes megfontolnia.<\/p>\n<p>Glarus egy kisebb v\u00e1ros Sv\u00e1jc k\u00f6zep\u00e9n, a Gl\u00e4rnisch hegygerinc l\u00e1b\u00e1n\u00e1l. A v\u00e1ros ide\u00e1lis a gyalogosok, hegym\u00e1sz\u00f3k \u00e9s ker\u00e9kp\u00e1rosok sz\u00e1m\u00e1ra, mivel a v\u00e1ltozatos t\u00e1j remek felfedez\u00e9sre ad lehet\u0151s\u00e9get.<\/p>\n<p>Sv\u00e1jc egyik legolcs\u00f3bb v\u00e1rosa, ahol a lakb\u00e9rek \u00e9s a meg\u00e9lhet\u00e9si k\u00f6lts\u00e9gek megfizethet\u0151ek. Ha \u00fagy d\u00f6nt, hogy Glarusban \u00e9tkezni megy, az nem fogja megt\u00f6rni a bankot, \u00edgy a v\u00e1ros t\u00f6k\u00e9letes azoknak, akik kisebb k\u00f6lts\u00e9gvet\u00e9ssel dolgoznak.<\/p>\n<p>Uri, egy kanton, amely szint\u00e9n Sv\u00e1jc k\u00f6z\u00e9ps\u0151 r\u00e9sz\u00e9n tal\u00e1lhat\u00f3, szint\u00e9n j\u00f3 v\u00e1laszt\u00e1s, alacsonyabb b\u00e9rleti d\u00edjakkal, mint az olyan nagyobb v\u00e1rosok, mint Genf, vagy Genf. <a href=\"https:\/\/moverdb.com\/hu\/moving-to-switzerland\/moving-to-zurich\/\" data-internallinksmanager029f6b8e52c=\"418\" title=\"Z\u00fcrichbe k\u00f6lt\u00f6zik? 2023 Lakhat\u00e1si k\u00f6lts\u00e9gek \u00e9s k\u00f6lt\u00f6z\u00e9si tippek\">Z\u00fcrich<\/a>, valamint a v\u00e1ros el\u0151nye a gy\u00f6ny\u00f6r\u0171 k\u00f6rnyez\u0151 hegyek, a m\u00fazeumok \u00e9s a bev\u00e1s\u00e1rl\u00f3 negyedek sora.<\/p>\n<h2><span class=\"ez-toc-section\" id=\"Best_Places_To_Live_In_Switzerland_for_Families\"><\/span>A legjobb helyek Sv\u00e1jcban \u00e9lni a csal\u00e1dok sz\u00e1m\u00e1ra<span class=\"ez-toc-section-end\"><\/span><\/h2>\n<p><img loading=\"lazy\" decoding=\"async\" class=\"alignnone size-full wp-image-10346\" src=\"https:\/\/moverdb.com\/wp-content\/uploads\/switzerland-zurich-best-for-families.jpg\" alt=\"\" width=\"1000\" height=\"563\" data-wp-pid=\"10346\" srcset=\"https:\/\/moverdb.com\/wp-content\/uploads\/switzerland-zurich-best-for-families.jpg 1000w, https:\/\/moverdb.com\/wp-content\/uploads\/switzerland-zurich-best-for-families-300x169.jpg 300w, https:\/\/moverdb.com\/wp-content\/uploads\/switzerland-zurich-best-for-families-18x10.jpg 18w, https:\/\/moverdb.com\/wp-content\/uploads\/switzerland-zurich-best-for-families-600x338.jpg 600w\" sizes=\"auto, (max-width: 1000px) 100vw, 1000px\" \/><\/p>\n<p>Sv\u00e1jcban rengeteg olyan v\u00e1ros van, ahol remek\u00fcl lehet csal\u00e1dot alap\u00edtani - az orsz\u00e1g k\u00f6ztudottan nagyon biztons\u00e1gos. Sok k\u00fclf\u00f6ldi csal\u00e1d v\u00e1lasztotta Z\u00fcrichet, hogy ott telepedjen le.<\/p>\n<p>Z\u00fcrich Sv\u00e1jc legnagyobb v\u00e1rosa, amely a Z\u00fcrichi-t\u00f3 \u00e9szaki partj\u00e1n fekszik. Z\u00fcrich egy hatalmas metropolisz, \u00e9s k\u00f6nny\u0171 \u00f6sszek\u00f6ttet\u00e9ssel rendelkezik az orsz\u00e1g t\u00f6bbi r\u00e9sz\u00e9vel aut\u00f3val, rep\u00fcl\u0151vel vagy vonattal,<\/p>\n<p>Z\u00fcrich vir\u00e1gz\u00f3 \u00fczleti k\u00f6z\u00f6ss\u00e9ggel rendelkezik, \u00e9s j\u00f3 v\u00e1laszt\u00e1s azoknak, akik munk\u00e1t szeretn\u00e9nek tal\u00e1lni; a v\u00e1ros a p\u00e9nz\u00fcgyek \u00e9s a bankszektor k\u00f6zpontjak\u00e9nt ismert. M\u00e1sfel\u0151l viszont rengeteg sz\u00f3rakoz\u00e1si lehet\u0151s\u00e9g is van, p\u00e9ld\u00e1ul m\u00fazeumok, sz\u00ednh\u00e1zak \u00e9s gal\u00e9ri\u00e1k.<\/p>\n<p>A z\u00fcrichi oktat\u00e1si rendszer magas sz\u00ednvonal\u00fa, \u00e9s sz\u00e1mos nemzetk\u00f6zi iskola k\u00f6z\u00fcl v\u00e1laszthat. Az angol nyelvet is besz\u00e9lik az eg\u00e9sz orsz\u00e1gban.<\/p>\n<p>Azok, akik azt rem\u00e9lik, hogy egy kicsit kev\u00e9sb\u00e9 zs\u00fafolt helyen telepednek le, Winterthur v\u00e1ros\u00e1t is fontol\u00f3ra vehetik. Itt nagy a k\u00fclf\u00f6ldi k\u00f6z\u00f6ss\u00e9g, a v\u00e1ros pedig term\u00e9szeti ter\u00e9r\u0151l \u00e9s kult\u00far\u00e1j\u00e1r\u00f3l ismert, rengeteg gal\u00e9ri\u00e1val \u00e9s m\u00fazeummal.<\/p>\n<h2><span class=\"ez-toc-section\" id=\"Best_Places_To_Live_In_Switzerland_for_Immigrants\"><\/span>A legjobb helyek Sv\u00e1jcban \u00e9lni a bev\u00e1ndorl\u00f3k sz\u00e1m\u00e1ra<span class=\"ez-toc-section-end\"><\/span><\/h2>\n<p><img loading=\"lazy\" decoding=\"async\" class=\"alignnone size-full wp-image-10347\" src=\"https:\/\/moverdb.com\/wp-content\/uploads\/switzerland-bern-best-for-immigrants.jpg\" alt=\"\" width=\"1000\" height=\"605\" data-wp-pid=\"10347\" srcset=\"https:\/\/moverdb.com\/wp-content\/uploads\/switzerland-bern-best-for-immigrants.jpg 1000w, https:\/\/moverdb.com\/wp-content\/uploads\/switzerland-bern-best-for-immigrants-300x182.jpg 300w, https:\/\/moverdb.com\/wp-content\/uploads\/switzerland-bern-best-for-immigrants-18x12.jpg 18w, https:\/\/moverdb.com\/wp-content\/uploads\/switzerland-bern-best-for-immigrants-600x363.jpg 600w\" sizes=\"auto, (max-width: 1000px) 100vw, 1000px\" \/><\/p>\n<p>Sv\u00e1jc az orsz\u00e1gban tal\u00e1lhat\u00f3 magas \u00e9letmin\u0151s\u00e9g miatt n\u00e9pszer\u0171 migr\u00e1ci\u00f3s c\u00e9lpont. Sv\u00e1jc sz\u00e1mos nagyobb v\u00e1rosa ide\u00e1lis a bev\u00e1ndorl\u00f3k sz\u00e1m\u00e1ra, \u00e9s ez igaz Sv\u00e1jc f\u0151v\u00e1ros\u00e1ra, Bernre is.<\/p>\n<p>Bern az Aare foly\u00f3 egyik kanyarulat\u00e1ban fekszik, \u00e9s az UNESCO Vil\u00e1g\u00f6r\u00f6ks\u00e9g r\u00e9sz\u00e9t k\u00e9pez\u0151 \u00f3v\u00e1ros\u00e1r\u00f3l ismert, amely a fennmaradt k\u00f6z\u00e9pkori v\u00e1rosk\u00f6zpontja miatt a vil\u00e1g\u00f6r\u00f6ks\u00e9g r\u00e9sze.<\/p>\n<p>Bern magas \u00e9letmin\u0151s\u00e9ggel rendelkezik, amely minden fontos t\u00e9nyez\u0151t, p\u00e9ld\u00e1ul az eg\u00e9szs\u00e9g\u00fcgyi ell\u00e1t\u00e1st, a t\u00f6megk\u00f6zleked\u00e9st \u00e9s a lakhat\u00e1st is mag\u00e1ban foglalja. Bern nagyon k\u00f6zel van Z\u00fcrichhez, \u00edgy j\u00f3 v\u00e1laszt\u00e1s azok sz\u00e1m\u00e1ra, akik egy forgalmasabb v\u00e1ros k\u00f6zel\u00e9ben szeretn\u00e9nek lenni, de nem felt\u00e9tlen\u00fcl abban akarnak \u00e9lni.<\/p>\n<p>A v\u00e1ros a k\u00f6rnyez\u0151 term\u00e9szeti sz\u00e9ps\u00e9gek miatt is n\u00e9pszer\u0171 a csal\u00e1dok \u00e9s a k\u00fclf\u00f6ldiek k\u00f6r\u00e9ben - a v\u00e1rosban 130 park tal\u00e1lhat\u00f3. Rengeteg kult\u00far\u00e1val \u00e9s t\u00f6rt\u00e9nelemmel, valamint minden olyan k\u00e9nyelmi szolg\u00e1ltat\u00e1ssal rendelkezik, amelyet b\u00e1rmelyik modern v\u00e1rost\u00f3l elv\u00e1rhat.<\/p>\n<p>Z\u00fcrich egy m\u00e1sik v\u00e1laszt\u00e1si lehet\u0151s\u00e9g a bev\u00e1ndorl\u00f3k sz\u00e1m\u00e1ra. A v\u00e1rosban \u00e9l a legt\u00f6bb bev\u00e1ndorl\u00f3 az orsz\u00e1gban, \u00e9s a v\u00e1ros nagyon befogad\u00f3 \u00e9s elfogad\u00f3 a bev\u00e1ndorl\u00f3kkal szemben.<\/p>\n<h2><span class=\"ez-toc-section\" id=\"Best_Places_To_Live_In_Switzerland_for_Retirement\"><\/span>A legjobb helyek \u00e9lni Sv\u00e1jcban a nyugd\u00edjasok sz\u00e1m\u00e1ra<span class=\"ez-toc-section-end\"><\/span><\/h2>\n<p><img loading=\"lazy\" decoding=\"async\" class=\"alignnone size-full wp-image-10348\" src=\"https:\/\/moverdb.com\/wp-content\/uploads\/switzerland-lausanne-best-for-retirement.jpg\" alt=\"\" width=\"1000\" height=\"667\" data-wp-pid=\"10348\" srcset=\"https:\/\/moverdb.com\/wp-content\/uploads\/switzerland-lausanne-best-for-retirement.jpg 1000w, https:\/\/moverdb.com\/wp-content\/uploads\/switzerland-lausanne-best-for-retirement-300x200.jpg 300w, https:\/\/moverdb.com\/wp-content\/uploads\/switzerland-lausanne-best-for-retirement-18x12.jpg 18w, https:\/\/moverdb.com\/wp-content\/uploads\/switzerland-lausanne-best-for-retirement-600x400.jpg 600w\" sizes=\"auto, (max-width: 1000px) 100vw, 1000px\" \/><\/p>\n<p>Sv\u00e1jc minden nyugd\u00edjas \u00e1lma - az orsz\u00e1g nagyon biztons\u00e1gos, alacsony a b\u0171n\u00f6z\u00e9si r\u00e1ta \u00e9s magas az \u00e9letmin\u0151s\u00e9g. Sv\u00e1jc meglehet\u0151sen nyitott politik\u00e1t folytat, amikor arr\u00f3l van sz\u00f3, hogy ki mehet nyugd\u00edjba az orsz\u00e1gban, de mint sok m\u00e1s orsz\u00e1gban, itt is vannak bizonyos k\u00f6vetelm\u00e9nyek, \u00e9s Sv\u00e1jc m\u00e9g mindig dr\u00e1g\u00e1bb, mint m\u00e1s orsz\u00e1gok; mindenk\u00e9ppen v\u00e9gezzen el\u0151bb kutat\u00e1st!<\/p>\n<p>Rengeteg lehet\u0151s\u00e9g k\u00f6z\u00fcl v\u00e1laszthat, amikor arr\u00f3l kell d\u00f6ntenie, hogy hol telepedjen le Sv\u00e1jcban. Lausanne v\u00e1rosa t\u00f6k\u00e9letes egyens\u00falyt teremt az idilli term\u00e9szeti sz\u00e9ps\u00e9g \u00e9s a modern v\u00e1rosok k\u00e9nyelme k\u00f6z\u00f6tt.<\/p>\n<p>Lausanne a francia nyelv\u0171 Vaud kantonban, a Genfi-t\u00f3 partj\u00e1n fekszik, \u00e9s itt tal\u00e1lhat\u00f3 a Nemzetk\u00f6zi Olimpiai Bizotts\u00e1g k\u00f6zpontja. Lausanne nagyon k\u00f6zel van Genfhez, aut\u00f3val mind\u00f6ssze 45 perc alatt el\u00e9rhet\u0151, \u00edgy ide\u00e1lis hely azok sz\u00e1m\u00e1ra, akik nyugalomra \u00e9s csendre v\u00e1gynak, de m\u00e9gis gyorsan \u00e9s k\u00f6nnyen el akarnak jutni a v\u00e1rosi \u00e9letbe.<\/p>\n<p>Lausanne rengeteg \u00f6sv\u00e9nyt \u00e9s s\u00e9t\u00e1t k\u00edn\u00e1l, az \u00f3v\u00e1rost pedig \u00fczletek \u00e9s fest\u0151i k\u00f6z\u00e9pkori utc\u00e1k szeg\u00e9lyezik.<\/p>\n<p>Winterthur egy m\u00e1sik fantasztikus lehet\u0151s\u00e9g a nyugd\u00edjasok sz\u00e1m\u00e1ra, mivel a v\u00e1ros tele van kult\u00far\u00e1val \u00e9s t\u00f6rt\u00e9nelemmel, valamint rengeteg \u00fczlettel, \u00e9tteremmel, piaccal \u00e9s fesztiv\u00e1llal.<\/p>\n<h2><span class=\"ez-toc-section\" id=\"Best_Places_To_Live_In_Switzerland_for_Young_Adults\"><\/span>A legjobb helyek Sv\u00e1jcban \u00e9lni a fiatal feln\u0151ttek sz\u00e1m\u00e1ra<span class=\"ez-toc-section-end\"><\/span><\/h2>\n<p><img loading=\"lazy\" decoding=\"async\" class=\"alignnone size-full wp-image-10349\" src=\"https:\/\/moverdb.com\/wp-content\/uploads\/switzerland-geneva-best-for-young-adults.jpg\" alt=\"\" width=\"1000\" height=\"667\" data-wp-pid=\"10349\" srcset=\"https:\/\/moverdb.com\/wp-content\/uploads\/switzerland-geneva-best-for-young-adults.jpg 1000w, https:\/\/moverdb.com\/wp-content\/uploads\/switzerland-geneva-best-for-young-adults-300x200.jpg 300w, https:\/\/moverdb.com\/wp-content\/uploads\/switzerland-geneva-best-for-young-adults-18x12.jpg 18w, https:\/\/moverdb.com\/wp-content\/uploads\/switzerland-geneva-best-for-young-adults-600x400.jpg 600w\" sizes=\"auto, (max-width: 1000px) 100vw, 1000px\" \/><\/p>\n<p>Genf az egyik legjobb v\u00e1ros azon fiatal feln\u0151ttek sz\u00e1m\u00e1ra, akik szakmai karrierj\u00fcket szeretn\u00e9k elkezdeni, vagy szem\u00e9lyes fejl\u0151d\u00e9s\u00fcket szeretn\u00e9k el\u0151mozd\u00edtani. A v\u00e1ros nem csak biztons\u00e1gos, de tele van kult\u00far\u00e1val, b\u00e1rokkal \u00e9s \u00e9ttermekkel - a v\u00e1ros h\u00edres arr\u00f3l, hogy \u00e9lvezi \u00e9s megk\u00f6nny\u00edti a t\u00e1rsas\u00e1gi \u00e9letet.<\/p>\n<p>Genf megfizethet\u0151bb, mint Z\u00fcrich, \u00e9s a kult\u00far\u00e1k \u00e9s k\u00f6z\u00f6ss\u00e9gek keverednek, \u00edgy egy kicsit elszakad a tipikus \"sv\u00e1jci\" \u00e9lm\u00e9nyt\u0151l, amit Z\u00fcrichben tal\u00e1lhatunk.<\/p>\n<p>Genfben vir\u00e1gz\u00f3 a munkaer\u0151piac, b\u00e1r a verseny nagy. A lakhat\u00e1s viszonylag megfizethet\u0151, \u00e9s rengeteg zen\u00e9s sz\u00f3rakoz\u00f3hely, b\u00e1r \u00e9s klub v\u00e1rja azokat, akik est\u00e9nk\u00e9nt bulizni szeretn\u00e9nek.<\/p>\n<p>Az Eaux-Vives Cit\u00e9 Genf belv\u00e1ros\u00e1ban tal\u00e1lhat\u00f3, \u00e9s \u00e1ltal\u00e1ban itt tal\u00e1lhat\u00f3 a legt\u00f6bb b\u00e1r \u00e9s a modernebb \u00e9p\u00fclet.<\/p>\n<p>Z\u00fcrich egy m\u00e1sik j\u00f3 v\u00e1laszt\u00e1s fiatal feln\u0151ttek sz\u00e1m\u00e1ra, b\u00e1r ne feledje, hogy a v\u00e1ros dr\u00e1g\u00e1bb. Affoltern a fiatal feln\u0151ttek k\u00f6r\u00e9ben n\u00e9pszer\u0171 v\u00e1rosr\u00e9sz, mivel j\u00f3 \u00f6sszek\u00f6ttet\u00e9se van a v\u00e1ros m\u00e1s r\u00e9szeivel.<\/p>\n<h2><span class=\"ez-toc-section\" id=\"Best_Places_To_Live_In_Switzerland_for_Students\"><\/span>A legjobb helyek Sv\u00e1jcban \u00e9lni a di\u00e1kok sz\u00e1m\u00e1ra<span class=\"ez-toc-section-end\"><\/span><\/h2>\n<p><img loading=\"lazy\" decoding=\"async\" class=\"alignnone size-full wp-image-10356\" src=\"https:\/\/moverdb.com\/wp-content\/uploads\/switzerland-zurich-best-for-students.jpg\" alt=\"\" width=\"1000\" height=\"664\" data-wp-pid=\"10356\" srcset=\"https:\/\/moverdb.com\/wp-content\/uploads\/switzerland-zurich-best-for-students.jpg 1000w, https:\/\/moverdb.com\/wp-content\/uploads\/switzerland-zurich-best-for-students-300x200.jpg 300w, https:\/\/moverdb.com\/wp-content\/uploads\/switzerland-zurich-best-for-students-18x12.jpg 18w, https:\/\/moverdb.com\/wp-content\/uploads\/switzerland-zurich-best-for-students-600x398.jpg 600w\" sizes=\"auto, (max-width: 1000px) 100vw, 1000px\" \/><\/p>\n<p>Sv\u00e1jc nagyon j\u00f3 orsz\u00e1g a nemzetk\u00f6zi di\u00e1kok sz\u00e1m\u00e1ra; er\u0151s gazdas\u00e1ga \u00e9s magas \u00e9letsz\u00ednvonala miatt nem csoda, hogy oly sok di\u00e1k szeretne elhelyezkedni az orsz\u00e1g sz\u00e1mos egyetem\u00e9nek valamelyik\u00e9n.<\/p>\n<p>Z\u00fcrich a legjobb v\u00e1ros a leend\u0151 di\u00e1kok sz\u00e1m\u00e1ra, \u00e9s itt tal\u00e1lhat\u00f3 n\u00e9h\u00e1ny nagyon magasan jegyzett egyetem, p\u00e9ld\u00e1ul az ETH Z\u00fcrich (Sv\u00e1jci Sz\u00f6vets\u00e9gi Technol\u00f3giai Int\u00e9zet), a Z\u00fcrichi Egyetem \u00e9s a Z\u00fcrichi M\u0171v\u00e9szeti Egyetem.<\/p>\n<p>Z\u00fcrich term\u00e9szetesen gy\u00f6ny\u00f6r\u0171 v\u00e1ros, kiemelked\u0151 t\u00e1jjal \u00e9s gy\u00f6ny\u00f6r\u0171 \u00e9p\u00edt\u00e9szettel - t\u00f6k\u00e9letes k\u00f6rnyezet a felt\u00f6rekv\u0151 tud\u00f3sok sz\u00e1m\u00e1ra.<\/p>\n<p>Z\u00fcrichben rengeteg lehet\u0151s\u00e9g van di\u00e1ksz\u00e1ll\u00e1sra, \u00e9s sz\u00e1mos egyetem a honlapj\u00e1n ny\u00fajt t\u00e1j\u00e9koztat\u00e1st a lakhat\u00e1sr\u00f3l. \u00c1ltal\u00e1noss\u00e1gban elmondhat\u00f3, hogy az egyetemi negyed (a 6. ker\u00fclet r\u00e9sze) j\u00f3 v\u00e1laszt\u00e1s azoknak, akik a Z\u00fcrichi Egyetemen tanulnak.<\/p>\n<p>Lausanne egy m\u00e1sik j\u00f3 di\u00e1kv\u00e1ros, sz\u00e1mos magas sz\u00ednvonal\u00fa int\u00e9zm\u00e9nnyel, mint p\u00e9ld\u00e1ul az Ecole Polytechnique F\u00e9d\u00e9rale de Lausanne \u00e9s a Lausanne-i Egyetem.<\/p>\n<h2><span class=\"ez-toc-section\" id=\"Best_Places_To_Live_In_Switzerland_for_Food_and_Nightlife\"><\/span>A legjobb helyek \u00e9lni Sv\u00e1jcban az \u00e9lelmiszer \u00e9s az \u00e9jszakai \u00e9let<span class=\"ez-toc-section-end\"><\/span><\/h2>\n<p><img loading=\"lazy\" decoding=\"async\" class=\"alignnone size-full wp-image-10357\" src=\"https:\/\/moverdb.com\/wp-content\/uploads\/switzerland-zurich-best-for-food-nightlife.jpg\" alt=\"\" width=\"1000\" height=\"667\" data-wp-pid=\"10357\" srcset=\"https:\/\/moverdb.com\/wp-content\/uploads\/switzerland-zurich-best-for-food-nightlife.jpg 1000w, https:\/\/moverdb.com\/wp-content\/uploads\/switzerland-zurich-best-for-food-nightlife-300x200.jpg 300w, https:\/\/moverdb.com\/wp-content\/uploads\/switzerland-zurich-best-for-food-nightlife-18x12.jpg 18w, https:\/\/moverdb.com\/wp-content\/uploads\/switzerland-zurich-best-for-food-nightlife-600x400.jpg 600w\" sizes=\"auto, (max-width: 1000px) 100vw, 1000px\" \/><\/p>\n<p>B\u00e1r Sv\u00e1jc tal\u00e1n nem az \u00e9jszakai \u00e9let\u00e9r\u0151l h\u00edres, az orsz\u00e1gban m\u00e9gis van n\u00e9h\u00e1ny nagyon j\u00f3 v\u00e1ros azok sz\u00e1m\u00e1ra, akik szeretnek bulizni. K\u00fcl\u00f6n\u00f6sen Z\u00fcrichet tartj\u00e1k az orsz\u00e1g egyik legjobb \u00e9jszakai \u00e9letet \u00e9l\u0151 v\u00e1ros\u00e1nak.<\/p>\n<p>Z\u00fcrichben a b\u00e1rok \u00e9s \u00e9jszakai klubok hatalmas v\u00e1laszt\u00e9ka v\u00e1rja az \u00e9jszakai \u00e9let minden t\u00edpus\u00e1t a kokt\u00e9lb\u00e1rokt\u00f3l az underground zenei helysz\u00ednekig. Z\u00fcrich legjobb \u00e9jszakai sz\u00f3rakoz\u00f3helye a Langstrasse.<\/p>\n<p>Ez egy n\u00e9pszer\u0171 negyed, ahol napk\u00f6zben rengeteg bev\u00e1s\u00e1rl\u00f3k\u00f6zpont, \u00e9jszaka pedig b\u00e1rok \u00e9s klubok tal\u00e1lhat\u00f3k. Rengeteg nemzetk\u00f6zi \u00e9ttermet is felfedezhet.<\/p>\n<p>Egy m\u00e1sik nagyszer\u0171 v\u00e1ros az \u00e9jszakai \u00e9let szempontj\u00e1b\u00f3l Bern, amely egy vibr\u00e1l\u00f3 \u00e9s folyamatosan v\u00e1ltoz\u00f3 sz\u00ednt\u00e9r, tele b\u00e1rokkal, zenei helysz\u00ednekkel \u00e9s klubokkal, amelyek az \u00e9jszakai \u00e9let minden k\u00fcl\u00f6nb\u00f6z\u0151 t\u00edpus\u00fa \u00e9lvez\u0151j\u00e9nek megfelelnek.<\/p>\n<p>Z\u00fcrich egyben Sv\u00e1jc \u00e9lelmiszer-f\u0151v\u00e1ros\u00e1v\u00e1 is v\u00e1lik. Sv\u00e1jcban rengeteg utcai \u00e9telt k\u00edn\u00e1lnak, olyan klasszikus \u00e9teleket, mint a fond\u00fc (egy faz\u00e9k olvasztott sajt, fokhagyma \u00e9s bor), a rosti (a has\u00e1bburgonya sv\u00e1jci v\u00e1ltozata) \u00e9s a s\u00fclt lisztleves (vaj, liszt, marhasz\u00e1r \u00e9s reszelt Gruyere).<\/p>\n<p>Z\u00fcrichben sz\u00e1mos el\u0151kel\u0151 \u00e9tterem is tal\u00e1lhat\u00f3, amelyek mindenf\u00e9le konyh\u00e1t k\u00edn\u00e1lnak azoknak, akik szeretnek \u00e9tteremben enni.<\/p>\n<p>Genf egy m\u00e1sik nagyszer\u0171 lehet\u0151s\u00e9g azoknak, akik szeretik az \u00e9teleket, k\u00fcl\u00f6n\u00f6sen azoknak, akik szeretik a csokol\u00e1d\u00e9t! Z\u00fcrichhez hasonl\u00f3an Genf is tele van k\u00fcl\u00f6nb\u00f6z\u0151 t\u00edpus\u00fa \u00e9ttermekkel, az utcai \u00e9telekt\u0151l kezdve a magasan jegyzett \u00e9ttermekig.<\/p>\n<h2><span class=\"ez-toc-section\" id=\"Best_Places_To_Live_In_Switzerland_for_Singles\"><\/span>A legjobb helyek Sv\u00e1jcban \u00e9lni Singles sz\u00e1m\u00e1ra<span class=\"ez-toc-section-end\"><\/span><\/h2>\n<p><img loading=\"lazy\" decoding=\"async\" class=\"alignnone size-full wp-image-10358\" src=\"https:\/\/moverdb.com\/wp-content\/uploads\/switzerland-lugano-best-for-singles.jpg\" alt=\"\" width=\"1000\" height=\"668\" data-wp-pid=\"10358\" srcset=\"https:\/\/moverdb.com\/wp-content\/uploads\/switzerland-lugano-best-for-singles.jpg 1000w, https:\/\/moverdb.com\/wp-content\/uploads\/switzerland-lugano-best-for-singles-300x200.jpg 300w, https:\/\/moverdb.com\/wp-content\/uploads\/switzerland-lugano-best-for-singles-18x12.jpg 18w, https:\/\/moverdb.com\/wp-content\/uploads\/switzerland-lugano-best-for-singles-600x401.jpg 600w\" sizes=\"auto, (max-width: 1000px) 100vw, 1000px\" \/><\/p>\n<p><span data-preserver-spaces=\"true\">Sv\u00e1jc a v\u00e1rosok biztons\u00e1ga \u00e9s az el\u00e9rt magas \u00e9letmin\u0151s\u00e9g miatt nagyszer\u0171 orsz\u00e1g a szingli expatok sz\u00e1m\u00e1ra. Sv\u00e1jc azonban dr\u00e1ga, \u00e9s minden egyed\u00fcl\u00e1ll\u00f3 expatri\u00e1ltnak gondoskodnia kell arr\u00f3l, hogy a k\u00f6lt\u00f6z\u00e9s el\u0151tt biztos\u00edtsa a k\u00e9nyelmes \u00e9lethez sz\u00fcks\u00e9ges k\u00f6lts\u00e9gvet\u00e9st.\u00a0<\/span><\/p>\n<p><span data-preserver-spaces=\"true\">Lugano Sv\u00e1jc d\u00e9li r\u00e9sz\u00e9n, az olasz nyelv\u0171 Ticino r\u00e9gi\u00f3ban tal\u00e1lhat\u00f3. A v\u00e1ros h\u00edres nyugodt l\u00e9gk\u00f6r\u00e9r\u0151l \u00e9s kiemelked\u0151 term\u00e9szeti t\u00e1jair\u00f3l, \u00e9s megfizethet\u0151bb, mint Z\u00fcrich vagy Genf.<\/span><\/p>\n<p><span data-preserver-spaces=\"true\">A v\u00e1ros b\u00fcszk\u00e9lkedhet, mint az egyik (ha nem a)\u00a0<\/span><em><span data-preserver-spaces=\"true\">a<\/span><\/em><span data-preserver-spaces=\"true\">) legszebb v\u00e1rosa Sv\u00e1jcban, \u00e9s nagy hat\u00e1ssal van r\u00e1 a <a href=\"https:\/\/moverdb.com\/hu\/moving-to-italy\/\" data-internallinksmanager029f6b8e52c=\"346\" title=\"Olaszorsz\u00e1gba k\u00f6lt\u00f6zik? 2023 Lakhat\u00e1si k\u00f6lts\u00e9gek \u00e9s k\u00f6lt\u00f6z\u00e9si tippek\">Olaszorsz\u00e1g<\/a>Lombardia \u00e9szaki r\u00e9gi\u00f3j\u00e1ban. A v\u00e1ros a term\u00e9szetet kedvel\u0151k sz\u00e1m\u00e1ra is nagyszer\u0171, rengeteg s\u00e9t\u00e1val, tan\u00f6sv\u00e9nyekkel \u00e9s sportol\u00e1si lehet\u0151s\u00e9ggel.\u00a0<\/span><\/p>\n<p><span data-preserver-spaces=\"true\">Winterthur egy m\u00e1sik v\u00e1ros, amely j\u00f3 v\u00e1laszt\u00e1s lehet egyed\u00fcl\u00e1ll\u00f3k sz\u00e1m\u00e1ra. A v\u00e1ros a n\u00e9met hat\u00e1r k\u00f6zel\u00e9ben, Z\u00fcricht\u0151l \u00e9szakkeletre tal\u00e1lhat\u00f3, \u00e9s remek v\u00e1laszt\u00e1s a m\u0171v\u00e9szetek, a kult\u00fara \u00e9s a t\u00f6rt\u00e9nelem ir\u00e1nt \u00e9rdekl\u0151d\u0151k sz\u00e1m\u00e1ra.\u00a0<\/span><\/p>\n<h2><span class=\"ez-toc-section\" id=\"Best_Places_To_Live_In_Switzerland_for_the_LGBT_Community\"><\/span>A legjobb helyek Sv\u00e1jcban az LMBT+ k\u00f6z\u00f6ss\u00e9g sz\u00e1m\u00e1ra<span class=\"ez-toc-section-end\"><\/span><\/h2>\n<p><img loading=\"lazy\" decoding=\"async\" class=\"alignnone size-full wp-image-10359\" src=\"https:\/\/moverdb.com\/wp-content\/uploads\/switzerland-zurich-best-for-lgbt-community.jpg\" alt=\"\" width=\"1000\" height=\"667\" data-wp-pid=\"10359\" srcset=\"https:\/\/moverdb.com\/wp-content\/uploads\/switzerland-zurich-best-for-lgbt-community.jpg 1000w, https:\/\/moverdb.com\/wp-content\/uploads\/switzerland-zurich-best-for-lgbt-community-300x200.jpg 300w, https:\/\/moverdb.com\/wp-content\/uploads\/switzerland-zurich-best-for-lgbt-community-18x12.jpg 18w, https:\/\/moverdb.com\/wp-content\/uploads\/switzerland-zurich-best-for-lgbt-community-600x400.jpg 600w\" sizes=\"auto, (max-width: 1000px) 100vw, 1000px\" \/><\/p>\n<p>Sv\u00e1jc \u00f6sszess\u00e9g\u00e9ben nagyon toler\u00e1ns \u00e9s elfogad\u00f3 orsz\u00e1g, k\u00fcl\u00f6n\u00f6sen a nagyobb v\u00e1rosokban, p\u00e9ld\u00e1ul Z\u00fcrichben \u00e9s Genfben. A homoszexualit\u00e1s leg\u00e1lis Sv\u00e1jcban, de a melegh\u00e1zass\u00e1g m\u00e9g mindig illeg\u00e1lisnak sz\u00e1m\u00edt.<\/p>\n<p>Z\u00fcrichet \u00e1ltal\u00e1ban Sv\u00e1jc meleg f\u0151v\u00e1rosak\u00e9nt emlegetik, \u00e9l\u00e9nk \u00e9s izgalmas meleg negyed\u00e9vel. A z\u00fcrichi sz\u00ednt\u00e9r nagyon m\u0171v\u00e9szi \u00e9s kitart\u00f3, egyes bulik \u00e9s klubok eg\u00e9szen kora reggelig tartanak.<\/p>\n<p>A z\u00fcrichi meleg\u00e9let nagy r\u00e9sze az Altstadtban \u00e9s k\u00f6rny\u00e9k\u00e9n \u00f6sszpontosul, a legt\u00f6bb b\u00e1r \u00e9s klub pedig az 1. \u00e9s a 4. ker\u00fcletben (Langstrasse) tal\u00e1lhat\u00f3. A Niederdorf negyedben tal\u00e1lhat\u00f3 Eur\u00f3pa egyik legr\u00e9gebbi melegb\u00e1rja, a Barf\u00fcsser.<\/p>\n<p>Genf egy m\u00e1sik v\u00e1ros, amelyet \u00e9rdemes megfontolni az LMBT+ k\u00f6z\u00f6ss\u00e9g tagjai sz\u00e1m\u00e1ra. Sz\u00e1mos LMBT+ b\u00e1r tal\u00e1lhat\u00f3 itt, \u00e9s a v\u00e1ros eg\u00e9sz \u00e9vben intenz\u00edv partikat is rendez a k\u00f6z\u00f6ss\u00e9g meg\u00fcnnepl\u00e9s\u00e9re \u00e9s tisztelet\u00e9re.<\/p>\n<h2><span class=\"ez-toc-section\" id=\"Best_Places_To_Live_In_Switzerland_for_the_Weather\"><\/span>A legjobb helyek Sv\u00e1jcban \u00e9lni az id\u0151j\u00e1r\u00e1s miatt<span class=\"ez-toc-section-end\"><\/span><\/h2>\n<p><img loading=\"lazy\" decoding=\"async\" class=\"alignnone size-full wp-image-10360\" src=\"https:\/\/moverdb.com\/wp-content\/uploads\/switzerland-locano-best-for-weather.jpg\" alt=\"\" width=\"1000\" height=\"664\" data-wp-pid=\"10360\" srcset=\"https:\/\/moverdb.com\/wp-content\/uploads\/switzerland-locano-best-for-weather.jpg 1000w, https:\/\/moverdb.com\/wp-content\/uploads\/switzerland-locano-best-for-weather-300x200.jpg 300w, https:\/\/moverdb.com\/wp-content\/uploads\/switzerland-locano-best-for-weather-18x12.jpg 18w, https:\/\/moverdb.com\/wp-content\/uploads\/switzerland-locano-best-for-weather-600x398.jpg 600w\" sizes=\"auto, (max-width: 1000px) 100vw, 1000px\" \/><\/p>\n<p>Sv\u00e1jc a m\u00e9rs\u00e9kelt \u00e9ghajlati \u00f6vezetben fekszik, amelyet m\u00e9rs\u00e9kelt \u00e9s enyhe id\u0151j\u00e1r\u00e1s jellemez. Az orsz\u00e1gban n\u00e9gy \u00e9vszak is megk\u00fcl\u00f6nb\u00f6ztethet\u0151.<\/p>\n<p>Locarno a Maggiore-t\u00f3 partj\u00e1n fekszik Sv\u00e1jc d\u00e9li r\u00e9sz\u00e9n, \u00e9s az orsz\u00e1g egyik legmelegebb v\u00e1rosa. Sv\u00e1jcban itt van a legt\u00f6bb naps\u00fct\u00e9ses nap eg\u00e9sz Sv\u00e1jcban, \u00edgy t\u00f6k\u00e9letes v\u00e1laszt\u00e1s a tart\u00f3san sz\u00e9p id\u0151j\u00e1r\u00e1sban rem\u00e9nyked\u0151 expatok sz\u00e1m\u00e1ra.<\/p>\n<p>A telek sokkal enyh\u00e9bbek, mint amire egy sv\u00e1jci v\u00e1ros eset\u00e9ben sz\u00e1m\u00edthat, a nyarak pedig forr\u00f3ak, sz\u00e1razak \u00e9s naps\u00fct\u00e9sesek.<\/p>\n<p>Bellinzona egy m\u00e1sik nagyszer\u0171 v\u00e1laszt\u00e1s azok sz\u00e1m\u00e1ra, akik j\u00f3 id\u0151j\u00e1r\u00e1sban rem\u00e9nykednek, amikor Sv\u00e1jcba k\u00f6lt\u00f6znek. Mivel Bellinzona kiss\u00e9 t\u00e1volabb van a Lugan\u00f3i-t\u00f3t\u00f3l, k\u00fcl\u00f6n\u00f6sen forr\u00f3 nyarakkal \u00e9s a leghidegebb t\u00e9li \u00e9jszak\u00e1kkal is rendelkezik.<\/p>\n<h2><span class=\"ez-toc-section\" id=\"Best_Places_To_Live_In_Switzerland_Near_Mountains\"><\/span>A legjobb helyek \u00e9lni Sv\u00e1jcban Hegyek k\u00f6zel\u00e9ben<span class=\"ez-toc-section-end\"><\/span><\/h2>\n<p><img loading=\"lazy\" decoding=\"async\" class=\"alignnone size-full wp-image-10361\" src=\"https:\/\/moverdb.com\/wp-content\/uploads\/switzerland-interlaken-best-for-mountains.jpg\" alt=\"\" width=\"1000\" height=\"563\" data-wp-pid=\"10361\" srcset=\"https:\/\/moverdb.com\/wp-content\/uploads\/switzerland-interlaken-best-for-mountains.jpg 1000w, https:\/\/moverdb.com\/wp-content\/uploads\/switzerland-interlaken-best-for-mountains-300x169.jpg 300w, https:\/\/moverdb.com\/wp-content\/uploads\/switzerland-interlaken-best-for-mountains-18x10.jpg 18w, https:\/\/moverdb.com\/wp-content\/uploads\/switzerland-interlaken-best-for-mountains-600x338.jpg 600w\" sizes=\"auto, (max-width: 1000px) 100vw, 1000px\" \/><\/p>\n<p>Sv\u00e1jc nem sz\u0171k\u00f6lk\u00f6dik hegyekben, \u00e9s az eg\u00e9sz orsz\u00e1gban sz\u00e1mos olyan hely van, amely ide\u00e1lis a hegyek szerelmeseinek. Interlaken \u00fcd\u00fcl\u0151v\u00e1ros Sv\u00e1jc k\u00f6z\u00e9ps\u0151 r\u00e9sz\u00e9n tal\u00e1lhat\u00f3, 566 m\u00e9terrel a tengerszint felett, mindk\u00e9t oldal\u00e1n leny\u0171g\u00f6z\u0151 tavakkal.<\/p>\n<p>Interlakent Sv\u00e1jc kalandf\u0151v\u00e1rosak\u00e9nt ismerik, mivel sokan j\u00e1rnak ide, akik szeretik a vesz\u00e9lyesebb sportokat \u00e9s szabadt\u00e9ri tev\u00e9kenys\u00e9geket, mint p\u00e9ld\u00e1ul a kanyoning, a river rafting \u00e9s az ejt\u0151erny\u0151z\u00e9s.<\/p>\n<p>T\u00f6k\u00e9letes a term\u00e9szet szerelmeseinek is, akik sok id\u0151t szeretn\u00e9nek a szabadban t\u00f6lteni, \u00e9s rem\u00e9lik, hogy gy\u00f6ny\u00f6r\u0171 hegyeket tal\u00e1lnak k\u00f6zvetlen\u00fcl a k\u00fcsz\u00f6b\u00fck\u00f6n. Interlaken k\u00f6rny\u00e9k\u00e9n rengeteg kir\u00e1ndul\u00e1si lehet\u0151s\u00e9g van, \u00e9s ide\u00e1lis az izgalmakra v\u00e1gy\u00f3k sz\u00e1m\u00e1ra.<\/p>\n<p>Luzern egy m\u00e1sik v\u00e1laszt\u00e1si lehet\u0151s\u00e9g a hegyek szerelmeseinek, mivel a v\u00e1ros felett a h\u00edres Pilatus-hegy magasodik, b\u00e1r rengeteg m\u00e1s hegycs\u00facs is tal\u00e1lhat\u00f3 Luzernben \u00e9s k\u00f6rny\u00e9k\u00e9n.<\/p>\n<h2><span class=\"ez-toc-section\" id=\"Other_Useful_Guides_to_Switzerland\"><\/span>Egy\u00e9b hasznos \u00fatmutat\u00f3k Sv\u00e1jchoz<span class=\"ez-toc-section-end\"><\/span><\/h2>\n<ul>\n<li> <a href=\"https:\/\/moverdb.com\/hu\/kontenerszallitas\/svajc\/\">2024 Tengeri tehersz\u00e1ll\u00edt\u00e1si kont\u00e9ner \u00e1rak Sv\u00e1jcba \u00e9s Sv\u00e1jcb\u00f3l<\/a><\/li>\n<li> <a href=\"https:\/\/moverdb.com\/hu\/koltozteto-cegek\/moving-companies-switzerland\/\">26 legjobb nemzetk\u00f6zi k\u00f6lt\u00f6ztet\u0151 c\u00e9gek Sv\u00e1jcban<\/a><\/li>\n<li> <a href=\"https:\/\/moverdb.com\/hu\/moving-to-switzerland\/\">Sv\u00e1jcba k\u00f6lt\u00f6zik? 2023 Meg\u00e9lhet\u00e9si k\u00f6lts\u00e9gek \u00e9s k\u00f6lt\u00f6z\u00e9si tippek<\/a><\/li>\n<li> <a href=\"https:\/\/moverdb.com\/hu\/moving-to-switzerland\/living-in-switzerland\/\">21 titkok a Sv\u00e1jcban \u00e9l\u00e9sr\u0151l, hogy tudd, miel\u0151tt elk\u00f6lt\u00f6z\u00f6l<\/a><\/li>\n<li> <a href=\"https:\/\/moverdb.com\/hu\/moving-to-switzerland\/switzerland-from-us\/\">Sv\u00e1jcba k\u00f6lt\u00f6z\u00e9s az Egyes\u00fclt \u00c1llamokb\u00f3l<\/a><\/li>\n<li> <a href=\"https:\/\/moverdb.com\/hu\/moving-to-switzerland\/moving-to-geneva\/\">Genfbe k\u00f6lt\u00f6zik? 2023 Lakhat\u00e1si k\u00f6lts\u00e9gek \u00e9s k\u00f6lt\u00f6z\u00e9si tippek<\/a><\/li>\n<li> <a href=\"https:\/\/moverdb.com\/hu\/moving-to-switzerland\/moving-to-zurich\/\">Z\u00fcrichbe k\u00f6lt\u00f6zik? 2023 Lakhat\u00e1si k\u00f6lts\u00e9gek \u00e9s k\u00f6lt\u00f6z\u00e9si tippek<\/a><\/li>\n<li> <a href=\"https:\/\/moverdb.com\/hu\/moving-to-switzerland\/moving-to-switzerland-from-bahrain\/\">Sv\u00e1jcba k\u00f6lt\u00f6z\u00e9s Bahreinb\u0151l<\/a><\/li>\n<li> <a href=\"https:\/\/moverdb.com\/hu\/moving-to-switzerland\/moving-to-switzerland-from-the-uae\/\">Sv\u00e1jcba k\u00f6lt\u00f6z\u00e9s Dubaib\u00f3l \u00e9s az Egyes\u00fclt Arab Em\u00edrs\u00e9gekb\u0151l<\/a><\/li>\n<li> <a href=\"https:\/\/moverdb.com\/hu\/moving-to-switzerland\/moving-to-switzerland-from-kuwait\/\">Sv\u00e1jcba k\u00f6lt\u00f6z\u00e9s Kuvaitb\u00f3l<\/a><\/li>\n<li> <a href=\"https:\/\/moverdb.com\/hu\/moving-to-switzerland\/moving-to-switzerland-from-qatar\/\">Sv\u00e1jcba k\u00f6lt\u00f6z\u00e9s Katarb\u00f3l<\/a><\/li>\n<li> <a href=\"https:\/\/moverdb.com\/hu\/moving-to-switzerland\/moving-to-lausanne\/\">Lausanne-ba k\u00f6lt\u00f6zik? 2024 Lakhat\u00e1si k\u00f6lts\u00e9gek \u00e9s k\u00f6lt\u00f6z\u00e9si tippek<\/a><\/li>\n<\/ul>","protected":false},"excerpt":{"rendered":"<p>If you\u2019re hoping to relocate somewhere new, then Switzerland could be the ideal country for you! Switzerland reportedly has a very high quality of life, with low unemployment rates, a stable economy and a good work-to-life balance. Let\u2019s take a look at the best places to live in Switzerland for work, families, immigration, retirement, and [&hellip;]<\/p>\n","protected":false},"author":1,"featured_media":0,"parent":4932,"menu_order":0,"comment_status":"closed","ping_status":"closed","template":"","meta":{"_genesis_hide_title":false,"_genesis_hide_breadcrumbs":false,"_genesis_hide_singular_image":false,"_genesis_hide_footer_widgets":false,"_genesis_custom_body_class":"","_genesis_custom_post_class":"","_genesis_layout":"","footnotes":""},"class_list":{"0":"post-17141","1":"page","2":"type-page","3":"status-publish","5":"entry"},"_links":{"self":[{"href":"https:\/\/moverdb.com\/hu\/wp-json\/wp\/v2\/pages\/17141","targetHints":{"allow":["GET"]}}],"collection":[{"href":"https:\/\/moverdb.com\/hu\/wp-json\/wp\/v2\/pages"}],"about":[{"href":"https:\/\/moverdb.com\/hu\/wp-json\/wp\/v2\/types\/page"}],"author":[{"embeddable":true,"href":"https:\/\/moverdb.com\/hu\/wp-json\/wp\/v2\/users\/1"}],"replies":[{"embeddable":true,"href":"https:\/\/moverdb.com\/hu\/wp-json\/wp\/v2\/comments?post=17141"}],"version-history":[{"count":6,"href":"https:\/\/moverdb.com\/hu\/wp-json\/wp\/v2\/pages\/17141\/revisions"}],"predecessor-version":[{"id":18411,"href":"https:\/\/moverdb.com\/hu\/wp-json\/wp\/v2\/pages\/17141\/revisions\/18411"}],"up":[{"embeddable":true,"href":"https:\/\/moverdb.com\/hu\/wp-json\/wp\/v2\/pages\/4932"}],"wp:attachment":[{"href":"https:\/\/moverdb.com\/hu\/wp-json\/wp\/v2\/media?parent=17141"}],"curies":[{"name":"wp","href":"https:\/\/api.w.org\/{rel}","templated":true}]}}