{"id":17086,"date":"2024-06-25T12:09:29","date_gmt":"2024-06-25T12:09:29","guid":{"rendered":"https:\/\/moverdb.com\/?page_id=17086"},"modified":"2026-01-08T15:03:00","modified_gmt":"2026-01-08T15:03:00","slug":"best-places-to-live-belgium","status":"publish","type":"page","link":"https:\/\/moverdb.com\/hu\/moving-to-belgium\/best-places-to-live-belgium\/","title":{"rendered":"12 Legjobb helyek Belgiumban \u00e9lni"},"content":{"rendered":"<p><a href=\"https:\/\/moverdb.com\/hu\/moving-to-belgium\/\" data-internallinksmanager029f6b8e52c=\"323\" title=\"Belgiumba k\u00f6lt\u00f6zik? 2023 Meg\u00e9lhet\u00e9si k\u00f6lts\u00e9gek \u00e9s k\u00f6lt\u00f6z\u00e9si tippek\">Belgium<\/a> (hivatalosan a Belga Kir\u00e1lys\u00e1g) Nyugat-Eur\u00f3p\u00e1ban tal\u00e1lhat\u00f3, \u00e9s legink\u00e1bb arr\u00f3l ismert, hogy az Eur\u00f3pai Uni\u00f3 \u00e9s a NATO sz\u00e9khelye.<\/p>\n<p>A magas \u00e9letsz\u00ednvonal, a gy\u00f6ny\u00f6r\u0171 \u00e9p\u00edt\u00e9szet \u00e9s az alacsony b\u0171n\u00f6z\u00e9si r\u00e1ta miatt Belgium a vil\u00e1g minden t\u00e1j\u00e1r\u00f3l \u00e9rkez\u0151 expatok kedvelt c\u00e9lpontja.<\/p>\n<p>N\u00e9zz\u00fck meg, melyek a legjobb helyek Belgiumban.<\/p>\n<div id=\"ez-toc-container\" class=\"ez-toc-v2_0_82_2 ez-toc-wrap-left counter-hierarchy ez-toc-counter ez-toc-transparent ez-toc-container-direction\">\n<div class=\"ez-toc-title-container\">\n<p class=\"ez-toc-title\" style=\"cursor:inherit\">Szakaszok<\/p>\n<span class=\"ez-toc-title-toggle\"><a href=\"#\" class=\"ez-toc-pull-right ez-toc-btn ez-toc-btn-xs ez-toc-btn-default ez-toc-toggle\" aria-label=\"Toggle Tartalomjegyz\u00e9k\"><span class=\"ez-toc-js-icon-con\"><span class=\"\"><span class=\"eztoc-hide\" style=\"display:none;\">Toggle<\/span><span class=\"ez-toc-icon-toggle-span\"><svg style=\"fill: #999;color:#999\" xmlns=\"http:\/\/www.w3.org\/2000\/svg\" class=\"list-377408\" width=\"20px\" height=\"20px\" viewbox=\"0 0 24 24\" fill=\"none\"><path d=\"M6 6H4v2h2V6zm14 0H8v2h12V6zM4 11h2v2H4v-2zm16 0H8v2h12v-2zM4 16h2v2H4v-2zm16 0H8v2h12v-2z\" fill=\"currentColor\"><\/path><\/svg><svg style=\"fill: #999;color:#999\" class=\"arrow-unsorted-368013\" xmlns=\"http:\/\/www.w3.org\/2000\/svg\" width=\"10px\" height=\"10px\" viewbox=\"0 0 24 24\" version=\"1.2\" baseprofile=\"tiny\"><path d=\"M18.2 9.3l-6.2-6.3-6.2 6.3c-.2.2-.3.4-.3.7s.1.5.3.7c.2.2.4.3.7.3h11c.3 0 .5-.1.7-.3.2-.2.3-.5.3-.7s-.1-.5-.3-.7zM5.8 14.7l6.2 6.3 6.2-6.3c.2-.2.3-.5.3-.7s-.1-.5-.3-.7c-.2-.2-.4-.3-.7-.3h-11c-.3 0-.5.1-.7.3-.2.2-.3.5-.3.7s.1.5.3.7z\"\/><\/svg><\/span><\/span><\/span><\/a><\/span><\/div>\n<nav><ul class='ez-toc-list ez-toc-list-level-1 eztoc-toggle-hide-by-default' ><li class='ez-toc-page-1 ez-toc-heading-level-2'><a class=\"ez-toc-link ez-toc-heading-1\" href=\"https:\/\/moverdb.com\/hu\/moving-to-belgium\/best-places-to-live-belgium\/#Best_Places_To_Live_In_Belgium\" >A legjobb helyek Belgiumban \u00e9lni<\/a><\/li><li class='ez-toc-page-1 ez-toc-heading-level-2'><a class=\"ez-toc-link ez-toc-heading-2\" href=\"https:\/\/moverdb.com\/hu\/moving-to-belgium\/best-places-to-live-belgium\/#Best_Places_To_Live_In_Belgium_for_Work\" >A legjobb helyeken \u00e9lni Belgiumban a munka<\/a><\/li><li class='ez-toc-page-1 ez-toc-heading-level-2'><a class=\"ez-toc-link ez-toc-heading-3\" href=\"https:\/\/moverdb.com\/hu\/moving-to-belgium\/best-places-to-live-belgium\/#Cheapest_Places_to_Live_In_Belgium\" >Legolcs\u00f3bb helyeken \u00e9lni Belgium<\/a><\/li><li class='ez-toc-page-1 ez-toc-heading-level-2'><a class=\"ez-toc-link ez-toc-heading-4\" href=\"https:\/\/moverdb.com\/hu\/moving-to-belgium\/best-places-to-live-belgium\/#Best_Places_To_Live_In_Belgium_for_Families\" >A legjobb helyek Belgiumban \u00e9lni a csal\u00e1dok sz\u00e1m\u00e1ra<\/a><\/li><li class='ez-toc-page-1 ez-toc-heading-level-2'><a class=\"ez-toc-link ez-toc-heading-5\" href=\"https:\/\/moverdb.com\/hu\/moving-to-belgium\/best-places-to-live-belgium\/#Best_Places_To_Live_In_Belgium_for_Immigrants\" >A legjobb helyek Belgiumban \u00e9lni a bev\u00e1ndorl\u00f3k sz\u00e1m\u00e1ra<\/a><\/li><li class='ez-toc-page-1 ez-toc-heading-level-2'><a class=\"ez-toc-link ez-toc-heading-6\" href=\"https:\/\/moverdb.com\/hu\/moving-to-belgium\/best-places-to-live-belgium\/#Best_Places_To_Live_In_Belgium_for_Retirement\" >A legjobb helyeken \u00e9lni Belgiumban nyugd\u00edjba vonul\u00e1shoz<\/a><\/li><li class='ez-toc-page-1 ez-toc-heading-level-2'><a class=\"ez-toc-link ez-toc-heading-7\" href=\"https:\/\/moverdb.com\/hu\/moving-to-belgium\/best-places-to-live-belgium\/#Best_Places_To_Live_In_Belgium_for_Young_Adults\" >A legjobb helyek Belgiumban fiatal feln\u0151ttek sz\u00e1m\u00e1ra<\/a><\/li><li class='ez-toc-page-1 ez-toc-heading-level-2'><a class=\"ez-toc-link ez-toc-heading-8\" href=\"https:\/\/moverdb.com\/hu\/moving-to-belgium\/best-places-to-live-belgium\/#Best_Places_To_Live_In_Belgium_for_Students\" >A legjobb helyek Belgiumban a di\u00e1kok sz\u00e1m\u00e1ra<\/a><\/li><li class='ez-toc-page-1 ez-toc-heading-level-2'><a class=\"ez-toc-link ez-toc-heading-9\" href=\"https:\/\/moverdb.com\/hu\/moving-to-belgium\/best-places-to-live-belgium\/#Best_Places_To_Live_In_Belgium_for_Food_and_Nightlife\" >A legjobb helyek Belgiumban \u00e9lni az \u00e9telek \u00e9s az \u00e9jszakai \u00e9let szempontj\u00e1b\u00f3l<\/a><\/li><li class='ez-toc-page-1 ez-toc-heading-level-2'><a class=\"ez-toc-link ez-toc-heading-10\" href=\"https:\/\/moverdb.com\/hu\/moving-to-belgium\/best-places-to-live-belgium\/#Best_Places_To_Live_In_Belgium_for_Singles\" >A legjobb helyek \u00e9lni Belgiumban a szinglik sz\u00e1m\u00e1ra<\/a><\/li><li class='ez-toc-page-1 ez-toc-heading-level-2'><a class=\"ez-toc-link ez-toc-heading-11\" href=\"https:\/\/moverdb.com\/hu\/moving-to-belgium\/best-places-to-live-belgium\/#Best_Places_To_Live_In_Belgium_for_the_LGBT_Community\" >A legjobb helyek Belgiumban az LMBT+ k\u00f6z\u00f6ss\u00e9g sz\u00e1m\u00e1ra<\/a><\/li><li class='ez-toc-page-1 ez-toc-heading-level-2'><a class=\"ez-toc-link ez-toc-heading-12\" href=\"https:\/\/moverdb.com\/hu\/moving-to-belgium\/best-places-to-live-belgium\/#Best_Places_To_Live_In_Belgium_for_the_Weather\" >A legjobb helyek Belgiumban az id\u0151j\u00e1r\u00e1s szempontj\u00e1b\u00f3l<\/a><\/li><li class='ez-toc-page-1 ez-toc-heading-level-2'><a class=\"ez-toc-link ez-toc-heading-13\" href=\"https:\/\/moverdb.com\/hu\/moving-to-belgium\/best-places-to-live-belgium\/#Best_Places_To_Live_In_Belgium_Near_Beaches\" >A legjobb helyeken \u00e9lni Belgiumban strandok k\u00f6zel\u00e9ben<\/a><\/li><li class='ez-toc-page-1 ez-toc-heading-level-2'><a class=\"ez-toc-link ez-toc-heading-14\" href=\"https:\/\/moverdb.com\/hu\/moving-to-belgium\/best-places-to-live-belgium\/#Other_Useful_Guides_to_Belgium\" >Egy\u00e9b hasznos \u00fatmutat\u00f3k Belgiumhoz<\/a><\/li><\/ul><\/nav><\/div>\n<h2><span class=\"ez-toc-section\" id=\"Best_Places_To_Live_In_Belgium\"><\/span>A legjobb helyek Belgiumban \u00e9lni<span class=\"ez-toc-section-end\"><\/span><\/h2>\n\n<table id=\"tablepress-329\" class=\"tablepress tablepress-id-329\">\n<thead>\n<tr class=\"row-1\">\n\t<th class=\"column-1\">V\u00e1ros <\/th><th class=\"column-2\">Indokl\u00e1s <\/th>\n<\/tr>\n<\/thead>\n<tbody class=\"row-striping row-hover\">\n<tr class=\"row-2\">\n\t<td class=\"column-1\">Br\u00fcsszel<\/td><td class=\"column-2\">A legjobb a munk\u00e1hoz<\/td>\n<\/tr>\n<tr class=\"row-3\">\n\t<td class=\"column-1\">Gent<\/td><td class=\"column-2\">A legjobb a megfizethet\u0151s\u00e9g szempontj\u00e1b\u00f3l<\/td>\n<\/tr>\n<tr class=\"row-4\">\n\t<td class=\"column-1\">Br\u00fcsszel, Ixelles<\/td><td class=\"column-2\">A legjobb csal\u00e1dok sz\u00e1m\u00e1ra<\/td>\n<\/tr>\n<tr class=\"row-5\">\n\t<td class=\"column-1\">Antwerpen<\/td><td class=\"column-2\">Legjobb bev\u00e1ndorl\u00f3knak<\/td>\n<\/tr>\n<tr class=\"row-6\">\n\t<td class=\"column-1\">Bruges<\/td><td class=\"column-2\">A legjobb nyugd\u00edjaz\u00e1shoz<\/td>\n<\/tr>\n<tr class=\"row-7\">\n\t<td class=\"column-1\">Gent, Dok Noord<\/td><td class=\"column-2\">A legjobb fiatal feln\u0151tteknek<\/td>\n<\/tr>\n<tr class=\"row-8\">\n\t<td class=\"column-1\">Leuven<\/td><td class=\"column-2\">A legjobb di\u00e1koknak<\/td>\n<\/tr>\n<tr class=\"row-9\">\n\t<td class=\"column-1\">Antwerpen<\/td><td class=\"column-2\">A legjobb \u00e9telek \u00e9s \u00e9jszakai \u00e9let<\/td>\n<\/tr>\n<tr class=\"row-10\">\n\t<td class=\"column-1\">Br\u00fcsszel<\/td><td class=\"column-2\">Legjobb egyed\u00fcl\u00e1ll\u00f3knak<\/td>\n<\/tr>\n<tr class=\"row-11\">\n\t<td class=\"column-1\">Gent<\/td><td class=\"column-2\">A legjobb az LMBT+ k\u00f6z\u00f6ss\u00e9g sz\u00e1m\u00e1ra<\/td>\n<\/tr>\n<tr class=\"row-12\">\n\t<td class=\"column-1\">Bruges<\/td><td class=\"column-2\">A legjobb az id\u0151j\u00e1r\u00e1shoz<\/td>\n<\/tr>\n<tr class=\"row-13\">\n\t<td class=\"column-1\">Bredene<\/td><td class=\"column-2\">A legjobb strandok sz\u00e1m\u00e1ra<\/td>\n<\/tr>\n<\/tbody>\n<\/table>\n<!-- #tablepress-329 from cache -->\n<h2><span class=\"ez-toc-section\" id=\"Best_Places_To_Live_In_Belgium_for_Work\"><\/span>A legjobb helyeken \u00e9lni Belgiumban a munka<span class=\"ez-toc-section-end\"><\/span><\/h2>\n<p><img loading=\"lazy\" decoding=\"async\" class=\"alignnone size-full wp-image-10455\" src=\"https:\/\/moverdb.com\/wp-content\/uploads\/belgium-brussels-best-for-work.jpg\" alt=\"\" width=\"1000\" height=\"667\" data-wp-pid=\"10455\" srcset=\"https:\/\/moverdb.com\/wp-content\/uploads\/belgium-brussels-best-for-work.jpg 1000w, https:\/\/moverdb.com\/wp-content\/uploads\/belgium-brussels-best-for-work-300x200.jpg 300w, https:\/\/moverdb.com\/wp-content\/uploads\/belgium-brussels-best-for-work-18x12.jpg 18w, https:\/\/moverdb.com\/wp-content\/uploads\/belgium-brussels-best-for-work-600x400.jpg 600w\" sizes=\"auto, (max-width: 1000px) 100vw, 1000px\" \/><\/p>\n<p>Br\u00fcsszel Belgium f\u0151v\u00e1rosa, \u00e9s a legn\u00e9pszer\u0171bb belga v\u00e1ros a munk\u00e1t keres\u0151 k\u00fclf\u00f6ldiek k\u00f6r\u00e9ben. Br\u00fcsszel sz\u00e1mos eur\u00f3pai int\u00e9zm\u00e9nynek ad otthont, \u00e9s Eur\u00f3pa adminisztrat\u00edv k\u00f6zpontjak\u00e9nt m\u0171k\u00f6dik.<\/p>\n<p>Br\u00fcsszelben sz\u00e1mos vir\u00e1gz\u00f3 ipar\u00e1g tal\u00e1lhat\u00f3, t\u00f6bbek k\u00f6z\u00f6tt az elektronika, a vegyipar, a nyomdaipar, a k\u00f6nyvkiad\u00e1s, a ruhaipar, a t\u00e1vk\u00f6zl\u00e9s \u00e9s az \u00e9lelmiszeripar.<\/p>\n<p>B\u00e1r Br\u00fcsszel munkaer\u0151piaca nagyon akt\u00edv, a nem uni\u00f3s \u00e1llampolg\u00e1roknak neh\u00e9z lehet \u00e1ll\u00e1st tal\u00e1lni, mivel a v\u00e1rosnak b\u00fcrokratikus k\u00f6vetelm\u00e9nyeknek kell megfelelnie, miel\u0151tt Eur\u00f3p\u00e1n k\u00edv\u00fcli munkav\u00e1llal\u00f3kat alkalmazna.<\/p>\n<p>Ennek ellen\u00e9re rengeteg online forr\u00e1s \u00e1ll rendelkez\u00e9sre, hogy seg\u00edtsen a k\u00fclf\u00f6ldieknek munk\u00e1t tal\u00e1lni Br\u00fcsszelben. Ne feledje, hogy a h\u00e1l\u00f3zat\u00e9p\u00edt\u00e9s n\u00e9pszer\u0171 m\u00f3dszer a v\u00e1rosban val\u00f3 \u00e1ll\u00e1skeres\u00e9sre, ez\u00e9rt aj\u00e1nlott b\u0151v\u00edteni a koll\u00e9g\u00e1k \u00e9s ismer\u0151s\u00f6k k\u00f6r\u00e9t.<\/p>\n<p>Antwerpen szint\u00e9n j\u00f3 v\u00e1ros a szakemberek sz\u00e1m\u00e1ra, k\u00fcl\u00f6n\u00f6sen a kreat\u00edv vagy kiskereskedelmi ter\u00fcleten dolgoz\u00f3k sz\u00e1m\u00e1ra. Antwerpen nagyon kreat\u00edv l\u00e9gk\u00f6rrel rendelkezik, a m\u0171v\u00e9szetek, a divat \u00e9s a kult\u00fara els\u0151bbs\u00e9get \u00e9lveznek a v\u00e1rosban.<\/p>\n<h2><span class=\"ez-toc-section\" id=\"Cheapest_Places_to_Live_In_Belgium\"><\/span>Legolcs\u00f3bb helyeken \u00e9lni Belgium<span class=\"ez-toc-section-end\"><\/span><\/h2>\n<p><img loading=\"lazy\" decoding=\"async\" class=\"alignnone size-full wp-image-10457\" src=\"https:\/\/moverdb.com\/wp-content\/uploads\/belgium-gent-best-for-affordability.jpg\" alt=\"\" width=\"1000\" height=\"667\" data-wp-pid=\"10457\" srcset=\"https:\/\/moverdb.com\/wp-content\/uploads\/belgium-gent-best-for-affordability.jpg 1000w, https:\/\/moverdb.com\/wp-content\/uploads\/belgium-gent-best-for-affordability-300x200.jpg 300w, https:\/\/moverdb.com\/wp-content\/uploads\/belgium-gent-best-for-affordability-18x12.jpg 18w, https:\/\/moverdb.com\/wp-content\/uploads\/belgium-gent-best-for-affordability-600x400.jpg 600w\" sizes=\"auto, (max-width: 1000px) 100vw, 1000px\" \/><\/p>\n<p>Gent egy <a href=\"https:\/\/moverdb.com\/hu\/top-49-container-ports\/\" data-internallinksmanager029f6b8e52c=\"80\" title=\"Top 49 legnagyobb \u00e9s legforgalmasabb kont\u00e9nerkik\u00f6t\u0151 2025-ben\">port<\/a> Belgium \u00e9szaknyugati r\u00e9sz\u00e9n, a Leie \u00e9s a Scheldt foly\u00f3k k\u00f6z\u00f6tt fekv\u0151 v\u00e1ros. Egyetemi v\u00e1ros l\u00e9v\u00e9n a v\u00e1rosban a meg\u00e9lhet\u00e9si \u00e9s sz\u00e1ll\u00e1sk\u00f6lts\u00e9gek megfizethet\u0151bbek, mint n\u00e9h\u00e1ny nagyobb v\u00e1rosban.<\/p>\n<p>Gent egy nagyon hangulatos v\u00e1ros, nyugodt l\u00e9gk\u00f6rrel. A v\u00e1ros nagyon elk\u00f6telezett a k\u00f6rnyezetv\u00e9delem ir\u00e1nt, \u00e9s az \u00f6koturizmus a v\u00e1ros \u00e9let\u00e9nek nagy r\u00e9sz\u00e9t k\u00e9pezi.<\/p>\n<p>Belgiumban az \u00e1rak \u00f6sszess\u00e9g\u00e9ben nem t\u00fal dr\u00e1g\u00e1k Eur\u00f3pa t\u00f6bbi r\u00e9sz\u00e9hez k\u00e9pest. Az \u00e9lelmiszer\u00e1rak nyolc sz\u00e1zal\u00e9kkal haladj\u00e1k meg az eur\u00f3pai \u00e1tlagot, m\u00edg az alkohol \u00e9s a doh\u00e1ny\u00e1ruk nagyj\u00e1b\u00f3l h\u00e1rom sz\u00e1zal\u00e9kkal olcs\u00f3bbak.<\/p>\n<p>Namur egy Wall\u00f3ni\u00e1ban, Belgium d\u00e9li, francia nyelv\u0171 r\u00e9gi\u00f3j\u00e1ban tal\u00e1lhat\u00f3 v\u00e1ros, \u00e9s egy m\u00e1sik lehets\u00e9ges v\u00e1laszt\u00e1s azok sz\u00e1m\u00e1ra, akik kisebb k\u00f6lts\u00e9gvet\u00e9st szeretn\u00e9nek tartani. A lak\u00e1spiac Vall\u00f3ni\u00e1ban olcs\u00f3bb, mint Br\u00fcsszelben, ez\u00e9rt a potenci\u00e1lis lak\u00e1stulajdonosoknak \u00e9rdemes szem el\u0151tt tartaniuk Belgiumnak ezt a r\u00e9gi\u00f3j\u00e1t.<\/p>\n<h2><span class=\"ez-toc-section\" id=\"Best_Places_To_Live_In_Belgium_for_Families\"><\/span>A legjobb helyek Belgiumban \u00e9lni a csal\u00e1dok sz\u00e1m\u00e1ra<span class=\"ez-toc-section-end\"><\/span><\/h2>\n<p><img loading=\"lazy\" decoding=\"async\" class=\"alignnone size-full wp-image-10459\" src=\"https:\/\/moverdb.com\/wp-content\/uploads\/belgium-brussels-best-for-families.jpg\" alt=\"\" width=\"1000\" height=\"667\" data-wp-pid=\"10459\" srcset=\"https:\/\/moverdb.com\/wp-content\/uploads\/belgium-brussels-best-for-families.jpg 1000w, https:\/\/moverdb.com\/wp-content\/uploads\/belgium-brussels-best-for-families-300x200.jpg 300w, https:\/\/moverdb.com\/wp-content\/uploads\/belgium-brussels-best-for-families-18x12.jpg 18w, https:\/\/moverdb.com\/wp-content\/uploads\/belgium-brussels-best-for-families-600x400.jpg 600w\" sizes=\"auto, (max-width: 1000px) 100vw, 1000px\" \/><\/p>\n<p>Belgiumot j\u00f3 eur\u00f3pai orsz\u00e1gnak tartj\u00e1k a csal\u00e1dalap\u00edt\u00e1s szempontj\u00e1b\u00f3l, b\u00e1r dr\u00e1g\u00e1bb lehet, mint n\u00e9h\u00e1ny m\u00e1s lehet\u0151s\u00e9g. Ennek ellen\u00e9re az oktat\u00e1si rendszer kiv\u00e1l\u00f3 min\u0151s\u00edt\u00e9s\u0171, emellett Belgiumban alacsony a b\u0171n\u00f6z\u00e9si r\u00e1ta, \u00e9s az orsz\u00e1g nagy hangs\u00falyt fektet a k\u00f6rnyezeti hat\u00e1sok cs\u00f6kkent\u00e9s\u00e9re, \u00edgy a k\u00f6rnyezetszennyez\u00e9s minim\u00e1lis.<\/p>\n<p>Br\u00fcsszel a legjobb v\u00e1ros Belgiumban csal\u00e1dalap\u00edt\u00e1s szempontj\u00e1b\u00f3l, \u00e9s a v\u00e1ros j\u00f3 infrastrukt\u00far\u00e1val rendelkezik a k\u00fclf\u00f6ldiek fogad\u00e1s\u00e1ra, valamint nagysz\u00e1m\u00fa k\u00fclf\u00f6ldiekb\u0151l \u00e1ll\u00f3 k\u00f6z\u00f6ss\u00e9ggel.<\/p>\n<p>Ixelles egy olyan k\u00f6rny\u00e9k, amely k\u00fcl\u00f6n\u00f6sen n\u00e9pszer\u0171 a k\u00fclf\u00f6ldi lakosok k\u00f6r\u00e9ben, b\u00e1jos jellege \u00e9s st\u00edlusa miatt. Etterbeek egy m\u00e1sik j\u00f3 lehet\u0151s\u00e9g, amely nagy nemzetk\u00f6zi k\u00f6z\u00f6ss\u00e9ggel rendelkezik, \u00e9s nemzetk\u00f6zi iskol\u00e1k k\u00f6zel\u00e9ben tal\u00e1lhat\u00f3.<\/p>\n<p>Brugge egy m\u00e1sik v\u00e1ros, amely a csal\u00e1dok sz\u00e1m\u00e1ra vonz\u00f3 lehet\u0151s\u00e9g, mint a v\u00e1ros. Belgium \u00e9szaknyugati r\u00e9sz\u00e9n tal\u00e1lhat\u00f3, \u00e9s gy\u00f6ny\u00f6r\u0171 macskak\u00f6ves utc\u00e1ir\u00f3l \u00e9s b\u00e9k\u00e9s csatorn\u00e1ir\u00f3l ismert.<\/p>\n<h2><span class=\"ez-toc-section\" id=\"Best_Places_To_Live_In_Belgium_for_Immigrants\"><\/span>A legjobb helyek Belgiumban \u00e9lni a bev\u00e1ndorl\u00f3k sz\u00e1m\u00e1ra<span class=\"ez-toc-section-end\"><\/span><\/h2>\n<p><img loading=\"lazy\" decoding=\"async\" class=\"alignnone size-full wp-image-10460\" src=\"https:\/\/moverdb.com\/wp-content\/uploads\/belgium-antwerp-best-for-immigrants.jpg\" alt=\"\" width=\"1000\" height=\"667\" data-wp-pid=\"10460\" srcset=\"https:\/\/moverdb.com\/wp-content\/uploads\/belgium-antwerp-best-for-immigrants.jpg 1000w, https:\/\/moverdb.com\/wp-content\/uploads\/belgium-antwerp-best-for-immigrants-300x200.jpg 300w, https:\/\/moverdb.com\/wp-content\/uploads\/belgium-antwerp-best-for-immigrants-18x12.jpg 18w, https:\/\/moverdb.com\/wp-content\/uploads\/belgium-antwerp-best-for-immigrants-600x400.jpg 600w\" sizes=\"auto, (max-width: 1000px) 100vw, 1000px\" \/><\/p>\n<p>Belgiumban rengeteg nagyszer\u0171 v\u00e1ros van a bev\u00e1ndorl\u00f3k sz\u00e1m\u00e1ra, \u00e9s az egyik legjobb Antwerpen. A Schelde foly\u00f3 partj\u00e1n fekv\u0151 Antwerpen egy kik\u00f6t\u0151v\u00e1ros, amely a gy\u00e9m\u00e1ntnegyednek ad otthont, ahol gy\u00e9m\u00e1ntkeresked\u0151k, -csiszol\u00f3k \u00e9s -csiszol\u00f3k ezreinek ad otthont.<\/p>\n<p>Antwerpen az egyik legtrendibb v\u00e1ros Belgiumban, \u00e9s a m\u0171v\u00e9szetekre, a kult\u00far\u00e1ra \u00e9s a cs\u00facskateg\u00f3ri\u00e1s divatra helyezett hangs\u00faly nyilv\u00e1nval\u00f3, amint bel\u00e9p a v\u00e1rosba. Ide\u00e1lis otthona azoknak a bev\u00e1ndorl\u00f3knak, akik szeretn\u00e9k Belgium teljes t\u00f6rt\u00e9nelm\u00e9t magukba sz\u00edvni, \u00e9s esetleg kreat\u00edv ter\u00fcleten dolgozni.<\/p>\n<p>Antwerpen a t\u00f6megk\u00f6zleked\u00e9s tekintet\u00e9ben is nagyon j\u00f3l megk\u00f6zel\u00edthet\u0151. Antwerpenb\u0151l nagyon k\u00f6nnyen el lehet jutni az orsz\u00e1g k\u00fcl\u00f6nb\u00f6z\u0151 r\u00e9szeibe, \u00e9s nem csak ez, hanem a v\u00e1ros k\u00f6zvetlen \u00f6sszek\u00f6ttet\u00e9ssel rendelkezik a k\u00f6vetkez\u0151 helyekkel is <a href=\"https:\/\/moverdb.com\/hu\/moving-to-france\/\" data-internallinksmanager029f6b8e52c=\"315\" title=\"Franciaorsz\u00e1gba k\u00f6lt\u00f6zik? 2023 Meg\u00e9lhet\u00e9si k\u00f6lts\u00e9gek \u00e9s k\u00f6lt\u00f6z\u00e9si tippek\">Franciaorsz\u00e1g<\/a>, a <a href=\"https:\/\/moverdb.com\/hu\/moving-to-the-netherlands\/\" data-internallinksmanager029f6b8e52c=\"328\" title=\"Hollandi\u00e1ba k\u00f6lt\u00f6zik? 2023 Meg\u00e9lhet\u00e9si k\u00f6lts\u00e9gek \u00e9s k\u00f6lt\u00f6z\u00e9si tippek\">Hollandia<\/a> \u00e9s a <a href=\"https:\/\/moverdb.com\/hu\/moving-to-the-uk\/\" data-internallinksmanager029f6b8e52c=\"93\" title=\"Az Egyes\u00fclt Kir\u00e1lys\u00e1gba k\u00f6lt\u00f6zik? 2022 Meg\u00e9lhet\u00e9si k\u00f6lts\u00e9gek \u00e9s k\u00f6lt\u00f6z\u00e9si tippek\">UK<\/a>.<\/p>\n<p>Br\u00fcsszel szint\u00e9n remek v\u00e1laszt\u00e1s a bev\u00e1ndorl\u00f3k sz\u00e1m\u00e1ra, mivel a f\u0151v\u00e1rosban m\u00e1r most is hatalmas nemzetk\u00f6zi k\u00f6z\u00f6ss\u00e9g \u00e9l, \u00e9s a v\u00e1ros modern fejl\u0151d\u00e9se miatt ide\u00e1lis helysz\u00edn mindazok sz\u00e1m\u00e1ra, akik modern v\u00e1rosi \u00e9let\u00e9rz\u00e9st rem\u00e9lnek.<\/p>\n<h2><span class=\"ez-toc-section\" id=\"Best_Places_To_Live_In_Belgium_for_Retirement\"><\/span>A legjobb helyeken \u00e9lni Belgiumban nyugd\u00edjba vonul\u00e1shoz<span class=\"ez-toc-section-end\"><\/span><\/h2>\n<p><img loading=\"lazy\" decoding=\"async\" class=\"alignnone size-full wp-image-10463\" src=\"https:\/\/moverdb.com\/wp-content\/uploads\/belgium-bruges-best-for-retirement.jpg\" alt=\"\" width=\"1000\" height=\"667\" data-wp-pid=\"10463\" srcset=\"https:\/\/moverdb.com\/wp-content\/uploads\/belgium-bruges-best-for-retirement.jpg 1000w, https:\/\/moverdb.com\/wp-content\/uploads\/belgium-bruges-best-for-retirement-300x200.jpg 300w, https:\/\/moverdb.com\/wp-content\/uploads\/belgium-bruges-best-for-retirement-18x12.jpg 18w, https:\/\/moverdb.com\/wp-content\/uploads\/belgium-bruges-best-for-retirement-600x400.jpg 600w\" sizes=\"auto, (max-width: 1000px) 100vw, 1000px\" \/><\/p>\n<p>Belgium viszonylag magasan szerepel a Global Retirement Indexen, \u00e9s magas pontsz\u00e1mot \u00e9rt el az \u00e9letmin\u0151s\u00e9g \u00e9s az eg\u00e9szs\u00e9g\u00fcgyi ell\u00e1t\u00e1s ter\u00e9n - k\u00e9t olyan t\u00e9nyez\u0151, amelyet fontos szem el\u0151tt tartani, amikor az ide\u00e1lis nyugd\u00edjas helyet keress\u00fck.<\/p>\n<p>Ne feledje, hogy Belgium francia \u00e9s holland nyelv\u0171 r\u00e9gi\u00f3kra oszlik, \u00e9s van egy kis n\u00e9met nyelv\u0171 r\u00e9gi\u00f3 is.<\/p>\n<p>Brugge nagyszer\u0171 v\u00e1ros a nyugd\u00edjasok sz\u00e1m\u00e1ra. \u00c1ltal\u00e1ban az \u00e9szak Velenc\u00e9jek\u00e9nt ismert, \u00e9s Eur\u00f3pa egyik legszebb v\u00e1rosa, amely t\u00f6k\u00e9letes azok sz\u00e1m\u00e1ra, akik v\u00e1rosn\u00e9z\u00e9ssel vagy a v\u00e1ros felfedez\u00e9s\u00e9vel szeretn\u00e9k t\u00f6lteni az idej\u00fcket.<\/p>\n<p>A kanyarg\u00f3s macskak\u00f6ves utc\u00e1k \u00e9s a kanyarg\u00f3s csatorn\u00e1k kellemes k\u00f6z\u00e9pkori hangulatot teremtenek, \u00e9s a v\u00e1ros teljes t\u00f6rt\u00e9nelmi k\u00f6zpontja az UNESCO Vil\u00e1g\u00f6r\u00f6ks\u00e9g r\u00e9sze.<\/p>\n<p>Hasselt egy m\u00e1sik j\u00f3 v\u00e1laszt\u00e1s a nyugd\u00edjasok sz\u00e1m\u00e1ra. A v\u00e1ros Belgium flamand r\u00e9gi\u00f3j\u00e1ban, Limburg tartom\u00e1nyban tal\u00e1lhat\u00f3, \u00e9s b\u00e1jos kisv\u00e1rosi hangulat\u00fa, bar\u00e1ts\u00e1gos lakosokkal \u00e9s rengeteg v\u00e1s\u00e1rl\u00e1si, \u00e9tkez\u00e9si \u00e9s felfedez\u00e9si lehet\u0151s\u00e9ggel v\u00e1rja a nyugd\u00edjasokat.<\/p>\n<h2><span class=\"ez-toc-section\" id=\"Best_Places_To_Live_In_Belgium_for_Young_Adults\"><\/span>A legjobb helyek Belgiumban fiatal feln\u0151ttek sz\u00e1m\u00e1ra<span class=\"ez-toc-section-end\"><\/span><\/h2>\n<p><img loading=\"lazy\" decoding=\"async\" class=\"alignnone size-full wp-image-10483\" src=\"https:\/\/moverdb.com\/wp-content\/uploads\/belgium-ghent-best-for-young-adults.jpg\" alt=\"\" width=\"1000\" height=\"667\" data-wp-pid=\"10483\" srcset=\"https:\/\/moverdb.com\/wp-content\/uploads\/belgium-ghent-best-for-young-adults.jpg 1000w, https:\/\/moverdb.com\/wp-content\/uploads\/belgium-ghent-best-for-young-adults-300x200.jpg 300w, https:\/\/moverdb.com\/wp-content\/uploads\/belgium-ghent-best-for-young-adults-18x12.jpg 18w, https:\/\/moverdb.com\/wp-content\/uploads\/belgium-ghent-best-for-young-adults-600x400.jpg 600w\" sizes=\"auto, (max-width: 1000px) 100vw, 1000px\" \/><\/p>\n<p>Gent kevesebb mint egy \u00f3r\u00e1nyi aut\u00f3\u00fatra van Br\u00fcsszelt\u0151l, \u00e9s n\u00e9pszer\u0171 egyetemi v\u00e1ros. \u00c9l\u00e9nk l\u00e9gk\u00f6r\u00e9vel \u00e9s kozmopolita szolg\u00e1ltat\u00e1saival Gent remek helysz\u00edn a fiatal feln\u0151ttek sz\u00e1m\u00e1ra.<\/p>\n<p>Gent megfizethet\u0151bb, mint Br\u00fcsszel, mind a b\u00e9rleti d\u00edjak, mind a meg\u00e9lhet\u00e9si k\u00f6lts\u00e9gek tekintet\u00e9ben, \u00edgy igaz\u00e1n j\u00f3 v\u00e1laszt\u00e1s minden olyan fiatal feln\u0151tt sz\u00e1m\u00e1ra, aki alacsonyabb k\u00f6lts\u00e9gvet\u00e9ssel dolgozik, vagy aki rem\u00e9li, hogy min\u00e9l t\u00f6bbet tud megtakar\u00edtani.<\/p>\n<p>Gentben is rengeteg olyan tev\u00e9kenys\u00e9get tal\u00e1l, amelyekkel elfoglalhatja mag\u00e1t. Nemcsak fest\u0151i k\u00e1v\u00e9z\u00f3k, bev\u00e1s\u00e1rl\u00f3 negyedek \u00e9s \u00e9ttermek vannak, hanem a v\u00e1ros term\u00e9szeti sz\u00e9ps\u00e9g\u00e9t is t\u00f6k\u00e9letesen megcsod\u00e1lhatja k\u00f6zelr\u0151l \u00e9s t\u00e1volr\u00f3l.<\/p>\n<p>A Dok Noord egy bev\u00e1s\u00e1rl\u00f3k\u00f6zpont, amely n\u00e9h\u00e1ny nagyszer\u0171 lak\u00e1st is k\u00edn\u00e1l azoknak a k\u00fclf\u00f6ldi lakosoknak, akik a v\u00e1rosi \u00e9let ny\u00fczsg\u00e9s\u00e9hez k\u00f6zel szeretn\u00e9nek lenni.<\/p>\n<p>Egy m\u00e1sik j\u00f3 v\u00e1laszt\u00e1s fiatal feln\u0151ttek sz\u00e1m\u00e1ra Brugge v\u00e1rosa. Brugge szint\u00e9n \u00e9l\u00e9nk l\u00e9gk\u00f6rrel \u00e9s hihetetlen term\u00e9szeti sz\u00e9ps\u00e9gekkel rendelkezik, r\u00e1ad\u00e1sul a v\u00e1rosban a digit\u00e1lis nom\u00e1dok \u00e9s expatok nagy k\u00f6z\u00f6ss\u00e9ge \u00e9l.<\/p>\n<h2><span class=\"ez-toc-section\" id=\"Best_Places_To_Live_In_Belgium_for_Students\"><\/span>A legjobb helyek Belgiumban a di\u00e1kok sz\u00e1m\u00e1ra<span class=\"ez-toc-section-end\"><\/span><\/h2>\n<p><img loading=\"lazy\" decoding=\"async\" class=\"alignnone size-full wp-image-10486\" src=\"https:\/\/moverdb.com\/wp-content\/uploads\/belgium-leuven-best-for-students.jpg\" alt=\"\" width=\"1000\" height=\"620\" data-wp-pid=\"10486\" srcset=\"https:\/\/moverdb.com\/wp-content\/uploads\/belgium-leuven-best-for-students.jpg 1000w, https:\/\/moverdb.com\/wp-content\/uploads\/belgium-leuven-best-for-students-300x186.jpg 300w, https:\/\/moverdb.com\/wp-content\/uploads\/belgium-leuven-best-for-students-18x12.jpg 18w, https:\/\/moverdb.com\/wp-content\/uploads\/belgium-leuven-best-for-students-600x372.jpg 600w\" sizes=\"auto, (max-width: 1000px) 100vw, 1000px\" \/><\/p>\n<p>Belgium mindig is sokat fektetett oktat\u00e1si rendszer\u00e9be, \u00e9s ennek eredm\u00e9nyek\u00e9nt a belgiumi oktat\u00e1si \u00e9s nevel\u00e9si lehet\u0151s\u00e9gek magas sz\u00ednvonal\u00faak. A di\u00e1kok sz\u00e1m\u00e1ra nagyszer\u0171 orsz\u00e1g, ahol tanulni \u00e9s tanulni lehet, r\u00e1ad\u00e1sul nyugtat\u00f3 csatorn\u00e1k \u00e9s gy\u00f6ny\u00f6r\u0171 \u00e9p\u00edt\u00e9szet veszi k\u00f6r\u00fcl.<\/p>\n<p>Belgiumban sz\u00e1mos j\u00f3 v\u00e1laszt\u00e1s van az oktat\u00e1si v\u00e1rosok k\u00f6z\u00fcl, de a legnagyobb di\u00e1kv\u00e1ros Leuven, Flamand-Brabant tartom\u00e1ny f\u0151v\u00e1rosa. Itt tal\u00e1lhat\u00f3 a KU Leuven, Belgium legnagyobb egyeteme, amely helyi munkahelyeket biztos\u00edt a biotechnol\u00f3gia, a robotika, az addit\u00edv gy\u00e1rt\u00e1s \u00e9s az IT ter\u00fclet\u00e9n.<\/p>\n<p>A v\u00e1rosban sz\u00e9les k\u00f6rben besz\u00e9lik az angol nyelvet, \u00e9s rengeteg l\u00e1tnival\u00f3 v\u00e1rja a tanul\u00e1st\u00f3l szabadnapokon, p\u00e9ld\u00e1ul a Grand Beguinage \u00e9p\u00edt\u00e9szeti komplexum, az UNESCO vil\u00e1g\u00f6r\u00f6ks\u00e9g r\u00e9sze \u00e9s a Stella Artois s\u00f6rgy\u00e1r.<\/p>\n<p>A v\u00e1rosban k\u00f6nnyen utazhat ker\u00e9kp\u00e1rral, vagy a hat\u00e9kony \u00e9s j\u00f3l karbantartott buszokkal \u00e9s vonatokkal.<\/p>\n<p>L\u00fcttich szint\u00e9n j\u00f3 v\u00e1laszt\u00e1s a nemzetk\u00f6zi di\u00e1kok sz\u00e1m\u00e1ra. A v\u00e1ros Belgium keleti r\u00e9sz\u00e9n tal\u00e1lhat\u00f3, \u00e9s a Li\u00e8ge-i Egyetem a francia k\u00f6z\u00f6ss\u00e9g egyik legfontosabb egyeteme - az itt besz\u00e9lt nyelv a francia.<\/p>\n<h2><span class=\"ez-toc-section\" id=\"Best_Places_To_Live_In_Belgium_for_Food_and_Nightlife\"><\/span>A legjobb helyek Belgiumban \u00e9lni az \u00e9telek \u00e9s az \u00e9jszakai \u00e9let szempontj\u00e1b\u00f3l<span class=\"ez-toc-section-end\"><\/span><\/h2>\n<p><img loading=\"lazy\" decoding=\"async\" class=\"alignnone size-full wp-image-10498\" src=\"https:\/\/moverdb.com\/wp-content\/uploads\/belgium-antwerp-best-for-food-and-nightlife.jpg\" alt=\"\" width=\"1000\" height=\"667\" data-wp-pid=\"10498\" srcset=\"https:\/\/moverdb.com\/wp-content\/uploads\/belgium-antwerp-best-for-food-and-nightlife.jpg 1000w, https:\/\/moverdb.com\/wp-content\/uploads\/belgium-antwerp-best-for-food-and-nightlife-300x200.jpg 300w, https:\/\/moverdb.com\/wp-content\/uploads\/belgium-antwerp-best-for-food-and-nightlife-18x12.jpg 18w, https:\/\/moverdb.com\/wp-content\/uploads\/belgium-antwerp-best-for-food-and-nightlife-600x400.jpg 600w\" sizes=\"auto, (max-width: 1000px) 100vw, 1000px\" \/><\/p>\n<p>A belga konyha sz\u00e1mos k\u00fcl\u00f6nb\u00f6z\u0151 hat\u00e1s\u00fa, mivel az orsz\u00e1g m\u00e1r r\u00e9g\u00f3ta a k\u00fcl\u00f6nb\u00f6z\u0151 k\u00f6z\u00f6ss\u00e9gek \u00e9s hagyom\u00e1nyok olvaszt\u00f3t\u00e9gelye.<\/p>\n<p>Az elm\u00falt \u00e9vekben Antwerpen Belgium kulin\u00e1ris f\u0151v\u00e1ros\u00e1v\u00e1 v\u00e1lt. Antwerpenben van n\u00e9h\u00e1ny nagyon magasan jegyzett \u00e9tterem, \u00e9s az elm\u00falt n\u00e9h\u00e1ny \u00e9vben egy \u00fajabb Michelin-csillagot is kapott.<\/p>\n<p>Az Antwerpenben megk\u00f3stolhat\u00f3 ikonikus \u00e9telek k\u00f6z\u00e9 tartozik a frites \u00e9s a friteries (v\u00e9kony, s\u00fclt krumpli\/krumpli), a croquettes (m\u00e9lyen s\u00fclt burgonyap\u00fcr\u00e9 gomb\u00f3cok) \u00e9s term\u00e9szetesen a csokol\u00e1d\u00e9 \u00e9s a s\u00f6r.<\/p>\n<p>Antwerpenben hihetetlen \u00e9jszakai sz\u00f3rakoz\u00e1si lehet\u0151s\u00e9gek is vannak. A v\u00e1ros rendk\u00edv\u00fcl kreat\u00edv \u00e9s innovat\u00edv hangulat\u00fa \u00e9s st\u00edlus\u00fa, \u00edgy minden partyh\u00e1znak saj\u00e1tos hangulata van, amely a legk\u00fcl\u00f6nf\u00e9l\u00e9bb k\u00f6z\u00f6ns\u00e9geket szolg\u00e1lja ki.<\/p>\n<p>A v\u00e1rosban sz\u00e1mos b\u00e1r, klub \u00e9s zenei helysz\u00edn tal\u00e1lhat\u00f3. Az egyik legh\u00edresebb a deFilharmonie, amely egy olyan terem, amely k\u00fcl\u00f6nb\u00f6z\u0151 zen\u00e9szeknek \u00e9s m\u0171v\u00e9szeknek ad otthont.<\/p>\n<p>A Grote Markt fantasztikus hely az este kezdet\u00e9re, hiszen a t\u00e9ren sz\u00e1mos hely k\u00edn\u00e1l \u00e9tkez\u00e9si \u00e9s iv\u00e1si lehet\u0151s\u00e9get a buliz\u00e1s el\u0151tt.<\/p>\n<p>Br\u00fcsszel egy m\u00e1sik v\u00e1ros, amely ide\u00e1lis az \u00e9jszakai \u00e9let szerelmeseinek. A v\u00e1ros a kult\u00far\u00e1ra \u00e9s az \u00f6r\u00f6ks\u00e9gre val\u00f3 b\u00fcszkes\u00e9g\u00e9t d\u00fcb\u00f6rg\u0151 techno zen\u00e9vel \u00e9s egy <a href=\"https:\/\/moverdb.com\/hu\/british-association-of-removers\/\" data-internallinksmanager029f6b8e52c=\"9\" title=\"A Brit K\u00f6lt\u00f6ztet\u0151k Sz\u00f6vets\u00e9ge (BAR) magyar\u00e1zata\">b\u00e1r<\/a> vagy kocsma a k\u00fcl\u00f6nb\u00f6z\u0151 \u00e9jszakai \u00e9letet kedvel\u0151k sz\u00e1m\u00e1ra.<\/p>\n<h2><span class=\"ez-toc-section\" id=\"Best_Places_To_Live_In_Belgium_for_Singles\"><\/span>A legjobb helyek \u00e9lni Belgiumban a szinglik sz\u00e1m\u00e1ra<span class=\"ez-toc-section-end\"><\/span><\/h2>\n<p><img loading=\"lazy\" decoding=\"async\" class=\"alignnone size-full wp-image-10499\" src=\"https:\/\/moverdb.com\/wp-content\/uploads\/belgium-brussels-best-for-singles.jpg\" alt=\"\" width=\"1000\" height=\"663\" data-wp-pid=\"10499\" srcset=\"https:\/\/moverdb.com\/wp-content\/uploads\/belgium-brussels-best-for-singles.jpg 1000w, https:\/\/moverdb.com\/wp-content\/uploads\/belgium-brussels-best-for-singles-300x200.jpg 300w, https:\/\/moverdb.com\/wp-content\/uploads\/belgium-brussels-best-for-singles-18x12.jpg 18w, https:\/\/moverdb.com\/wp-content\/uploads\/belgium-brussels-best-for-singles-600x398.jpg 600w\" sizes=\"auto, (max-width: 1000px) 100vw, 1000px\" \/><\/p>\n<p>Br\u00fcsszel val\u00f3sz\u00edn\u0171leg a legjobb v\u00e1ros az orsz\u00e1gban a szinglik sz\u00e1m\u00e1ra, mivel a f\u0151v\u00e1ros eg\u00e9sz \u00e9vben sokf\u00e9le embert vonz, \u00e9s sz\u00e1mos k\u00fcl\u00f6nb\u00f6z\u0151 k\u00f6z\u00f6ss\u00e9ggel \u00e9s kult\u00far\u00e1val rendelkezik. Ne feledje azonban, hogy Br\u00fcsszel az egyik legdr\u00e1g\u00e1bb v\u00e1ros Belgiumban, \u00e9s az ide k\u00f6lt\u00f6z\u00e9shez komoly k\u00f6lts\u00e9gvet\u00e9sre lesz sz\u00fcks\u00e9ge.<\/p>\n<p>Br\u00fcsszel \u00e9l\u00e9nk \u00e9jszakai \u00e9lettel rendelkezik, amely nagyszer\u0171 azok sz\u00e1m\u00e1ra, akik az est\u00e9j\u00fcket egy kocsm\u00e1ban vagy b\u00e1rban szeretn\u00e9k t\u00f6lteni, t\u00e1ncolni egy \u00e9jszakai klubban, vagy egyszer\u0171en csak \u00e9l\u0151zen\u00e9t hallgatni a v\u00e1ros egyik sz\u00f3rakoz\u00f3hely\u00e9n.<\/p>\n<p>Akinek kisebb a k\u00f6lts\u00e9gvet\u00e9se, az ink\u00e1bb valamelyik di\u00e1kv\u00e1rosban lakhat, ahol a sz\u00e1ll\u00e1sk\u00f6lts\u00e9gek alacsonyabbak. Leuven a legnagyobb di\u00e1kv\u00e1ros, \u00edgy biztos lehetsz benne, hogy sz\u00e1mos l\u00e1tnival\u00f3 k\u00f6z\u00fcl v\u00e1laszthatsz, \u00e9s esetleg \u00faj kapcsolatokra lelhetsz.<\/p>\n<h2><span class=\"ez-toc-section\" id=\"Best_Places_To_Live_In_Belgium_for_the_LGBT_Community\"><\/span>A legjobb helyek Belgiumban az LMBT+ k\u00f6z\u00f6ss\u00e9g sz\u00e1m\u00e1ra<span class=\"ez-toc-section-end\"><\/span><\/h2>\n<p><img loading=\"lazy\" decoding=\"async\" class=\"alignnone size-full wp-image-10633\" src=\"https:\/\/moverdb.com\/wp-content\/uploads\/belgium-ghent-best-for-the-lgbt-community.jpg\" alt=\"\" width=\"1000\" height=\"701\" data-wp-pid=\"10633\" srcset=\"https:\/\/moverdb.com\/wp-content\/uploads\/belgium-ghent-best-for-the-lgbt-community.jpg 1000w, https:\/\/moverdb.com\/wp-content\/uploads\/belgium-ghent-best-for-the-lgbt-community-300x210.jpg 300w, https:\/\/moverdb.com\/wp-content\/uploads\/belgium-ghent-best-for-the-lgbt-community-18x12.jpg 18w, https:\/\/moverdb.com\/wp-content\/uploads\/belgium-ghent-best-for-the-lgbt-community-600x421.jpg 600w\" sizes=\"auto, (max-width: 1000px) 100vw, 1000px\" \/><\/p>\n<p>Belgium tele van soksz\u00edn\u0171s\u00e9ggel, \u00e9s az orsz\u00e1g bar\u00e1ts\u00e1gos l\u00e9gk\u00f6re kiterjed az LMBT+ k\u00f6z\u00f6ss\u00e9gre is - Belgium volt az egyik els\u0151 orsz\u00e1g, amely elfogadta a h\u00e1zass\u00e1gi egyenl\u0151s\u00e9get.<\/p>\n<p>Sz\u00e1mos v\u00e1ros ad otthont k\u00fcl\u00f6nb\u00f6z\u0151, az LMBT+ k\u00f6z\u00f6ss\u00e9gnek sz\u00f3l\u00f3 rendezv\u00e9nyeknek, \u00e9s Gent is ilyen v\u00e1ros. B\u00e1r a genti meleg szc\u00e9na viszonylag kompakt, a b\u00e1rok, klubok \u00e9s szaun\u00e1k r\u00e9v\u00e9n j\u00f3l l\u00e1that\u00f3.<\/p>\n<p>Az LMBT+ k\u00f6z\u00f6ss\u00e9g tagjai sz\u00e1m\u00e1ra az \u00e9v sor\u00e1n sz\u00e1mos rendezv\u00e9nyt tartanak, k\u00f6zt\u00fck a Pink Walk-ot, amely a k\u00fcl\u00f6nb\u00f6z\u0151 t\u00f6rt\u00e9nelmi helysz\u00edneken mutatja be a l\u00e1togat\u00f3knak a genti LMBT+ n\u00e9pess\u00e9g t\u00f6rt\u00e9net\u00e9t.<\/p>\n<p>Br\u00fcsszel egy m\u00e1sik v\u00e1ros, amely t\u00f6k\u00e9letes az LMBT+ k\u00f6z\u00f6ss\u00e9g tagjai sz\u00e1m\u00e1ra. A k\u00f6z\u00f6ss\u00e9gek \u00e9s lakosok sz\u00e9les sk\u00e1l\u00e1j\u00e1val rendelkezik, amelyek sz\u00edvesen fogadj\u00e1k az \u00e9let minden ter\u00fclet\u00e9r\u0151l \u00e9rkez\u0151 embereket.<\/p>\n<h2><span class=\"ez-toc-section\" id=\"Best_Places_To_Live_In_Belgium_for_the_Weather\"><\/span>A legjobb helyek Belgiumban az id\u0151j\u00e1r\u00e1s szempontj\u00e1b\u00f3l<span class=\"ez-toc-section-end\"><\/span><\/h2>\n<p><img loading=\"lazy\" decoding=\"async\" class=\"alignnone size-full wp-image-10634\" src=\"https:\/\/moverdb.com\/wp-content\/uploads\/belgium-bruges-best-for-weather.jpg\" alt=\"\" width=\"1000\" height=\"667\" data-wp-pid=\"10634\" srcset=\"https:\/\/moverdb.com\/wp-content\/uploads\/belgium-bruges-best-for-weather.jpg 1000w, https:\/\/moverdb.com\/wp-content\/uploads\/belgium-bruges-best-for-weather-300x200.jpg 300w, https:\/\/moverdb.com\/wp-content\/uploads\/belgium-bruges-best-for-weather-18x12.jpg 18w, https:\/\/moverdb.com\/wp-content\/uploads\/belgium-bruges-best-for-weather-600x400.jpg 600w\" sizes=\"auto, (max-width: 1000px) 100vw, 1000px\" \/><\/p>\n<p>Belgiumban a h\u0151m\u00e9rs\u00e9klet tengerparti \u00e9ghajlat uralkodik, ami azt jelenti, hogy az id\u0151j\u00e1r\u00e1s t\u00f6bbnyire m\u00e9rs\u00e9kelt, n\u00e9mi sz\u00e9llel \u00e9s el\u00e9g gyakori es\u0151vel. Belgiumban a legjobb id\u0151j\u00e1r\u00e1s\u00fa h\u00f3napok m\u00e1jus, j\u00fanius, j\u00falius, augusztus \u00e9s szeptember, a leghidegebb h\u00f3napok pedig janu\u00e1r \u00e9s febru\u00e1r.<\/p>\n<p>Brugge, flamandul Brugge n\u00e9ven is ismert, Flandria \u00e9kszerv\u00e1rosak\u00e9nt is emlegetik. Ez a kis v\u00e1ros nagyszer\u0171 id\u0151j\u00e1r\u00e1snak \u00f6rvend, k\u00fcl\u00f6n\u00f6sen a m\u00e1jus \u00e9s szeptember k\u00f6z\u00f6tti h\u00f3napokban. Brugge-ben n\u00e9pszer\u0171 tev\u00e9kenys\u00e9g az \u00fasz\u00e1s, \u00e9s a legt\u00f6bben augusztus \u00e9s szeptember k\u00f6z\u00f6tt szoktak megm\u00e1rt\u00f3zni.<\/p>\n<p>Antwerpen szint\u00e9n j\u00f3 id\u0151j\u00e1r\u00e1s\u00fa v\u00e1ros - kik\u00f6t\u0151v\u00e1ros l\u00e9v\u00e9n a p\u00e1r\u00e1sabb h\u00f3napokban a csatorna fel\u0151l \u00e9rkez\u0151 kellemes, h\u0171s\u00edt\u0151 szell\u0151k is kedveznek neki.<\/p>\n<h2><span class=\"ez-toc-section\" id=\"Best_Places_To_Live_In_Belgium_Near_Beaches\"><\/span>A legjobb helyeken \u00e9lni Belgiumban strandok k\u00f6zel\u00e9ben<span class=\"ez-toc-section-end\"><\/span><\/h2>\n<p><img loading=\"lazy\" decoding=\"async\" class=\"alignnone size-full wp-image-10635\" src=\"https:\/\/moverdb.com\/wp-content\/uploads\/belgium-bredene-best-for-beaches.jpg\" alt=\"\" width=\"1000\" height=\"666\" data-wp-pid=\"10635\" srcset=\"https:\/\/moverdb.com\/wp-content\/uploads\/belgium-bredene-best-for-beaches.jpg 1000w, https:\/\/moverdb.com\/wp-content\/uploads\/belgium-bredene-best-for-beaches-300x200.jpg 300w, https:\/\/moverdb.com\/wp-content\/uploads\/belgium-bredene-best-for-beaches-18x12.jpg 18w, https:\/\/moverdb.com\/wp-content\/uploads\/belgium-bredene-best-for-beaches-600x400.jpg 600w\" sizes=\"auto, (max-width: 1000px) 100vw, 1000px\" \/><\/p>\n<p>A belga tengerparti v\u00e1rosok t\u00f6bbs\u00e9ge kicsi \u00e9s hangulatos, de vannak nagyobb v\u00e1rosok is, amelyekben sz\u00e9p strandok tal\u00e1lhat\u00f3k. Az egyik legnagyobb ilyen v\u00e1ros Bredene, amely Nyugat-Flandri\u00e1ban tal\u00e1lhat\u00f3.<\/p>\n<p>Bredene nagyon laza \u00e9s nyugodt l\u00e9gk\u00f6rrel rendelkezik, \u00e9s nagyon k\u00f6nny\u0171 gyalog vagy ker\u00e9kp\u00e1rral bej\u00e1rni a v\u00e1rost. Bredene strandja nagyon j\u00f3l ismert, \u00e9s viszonylag \u00e9rintetlen a turist\u00e1kt\u00f3l, akik ny\u00e1ron \u00f6z\u00f6nlenek a v\u00e1rosba.<\/p>\n<p>Bredene a v\u00edzi sportok sokas\u00e1g\u00e1t is k\u00edn\u00e1lja, \u00e9s azok, akik szeretik az olyan szabadt\u00e9ri tev\u00e9kenys\u00e9geket, mint az \u00fasz\u00e1s, a sz\u00f6rf\u00f6z\u00e9s vagy a jetski, a Bredene Beach t\u00f6k\u00e9letes sz\u00e1ll\u00e1shelyet tal\u00e1lnak.<\/p>\n<p>Egy m\u00e1sik nagyv\u00e1ros Blankenberghe, amely szint\u00e9n nagyon nyugodt \u00e9s kellemes l\u00e9gk\u00f6rrel rendelkezik. Homokos d\u0171n\u00e9k veszik k\u00f6r\u00fcl a strandot, amelyek t\u00f6k\u00e9letesek azok sz\u00e1m\u00e1ra, akik szeretnek s\u00e9t\u00e1lni a tengerparton.<\/p>\n<h2><span class=\"ez-toc-section\" id=\"Other_Useful_Guides_to_Belgium\"><\/span>Egy\u00e9b hasznos \u00fatmutat\u00f3k Belgiumhoz<span class=\"ez-toc-section-end\"><\/span><\/h2>\n<ul>\n<li> <a href=\"https:\/\/moverdb.com\/hu\/kontenerszallitas\/belgium\/\">2024 Tengeri tehersz\u00e1ll\u00edt\u00e1si kont\u00e9ner \u00e1rak Belgiumba \u00e9s Belgiumb\u00f3l<\/a><\/li>\n<li> <a href=\"https:\/\/moverdb.com\/hu\/koltozteto-cegek\/belgium-2\/\">16 legjobb nemzetk\u00f6zi k\u00f6lt\u00f6ztet\u0151 c\u00e9gek Belgiumban<\/a><\/li>\n<li> <a href=\"https:\/\/moverdb.com\/hu\/moving-to-belgium\/\">Belgiumba k\u00f6lt\u00f6zik? 2023 Meg\u00e9lhet\u00e9si k\u00f6lts\u00e9gek \u00e9s k\u00f6lt\u00f6z\u00e9si tippek<\/a><\/li>\n<li> <a href=\"https:\/\/moverdb.com\/hu\/moving-to-belgium\/living-in-belgium\/\">21 titok a belgiumi \u00e9letr\u0151l, amit a k\u00f6lt\u00f6z\u00e9s el\u0151tt tudni kell<\/a><\/li>\n<\/ul>","protected":false},"excerpt":{"rendered":"<p>Belgium (officially the Kingdom of Belgium) is located in Western Europe and is most well known for being the headquarters of the European Union and NATO. The high living standards, beautiful architecture and low crime rates make Belgium a popular destination for expats from all over the globe. Let&#8217;s take a look at some of [&hellip;]<\/p>\n","protected":false},"author":1,"featured_media":0,"parent":4833,"menu_order":0,"comment_status":"closed","ping_status":"closed","template":"","meta":{"_genesis_hide_title":false,"_genesis_hide_breadcrumbs":false,"_genesis_hide_singular_image":false,"_genesis_hide_footer_widgets":false,"_genesis_custom_body_class":"","_genesis_custom_post_class":"","_genesis_layout":"","footnotes":""},"class_list":{"0":"post-17086","1":"page","2":"type-page","3":"status-publish","5":"entry"},"_links":{"self":[{"href":"https:\/\/moverdb.com\/hu\/wp-json\/wp\/v2\/pages\/17086","targetHints":{"allow":["GET"]}}],"collection":[{"href":"https:\/\/moverdb.com\/hu\/wp-json\/wp\/v2\/pages"}],"about":[{"href":"https:\/\/moverdb.com\/hu\/wp-json\/wp\/v2\/types\/page"}],"author":[{"embeddable":true,"href":"https:\/\/moverdb.com\/hu\/wp-json\/wp\/v2\/users\/1"}],"replies":[{"embeddable":true,"href":"https:\/\/moverdb.com\/hu\/wp-json\/wp\/v2\/comments?post=17086"}],"version-history":[{"count":3,"href":"https:\/\/moverdb.com\/hu\/wp-json\/wp\/v2\/pages\/17086\/revisions"}],"predecessor-version":[{"id":17089,"href":"https:\/\/moverdb.com\/hu\/wp-json\/wp\/v2\/pages\/17086\/revisions\/17089"}],"up":[{"embeddable":true,"href":"https:\/\/moverdb.com\/hu\/wp-json\/wp\/v2\/pages\/4833"}],"wp:attachment":[{"href":"https:\/\/moverdb.com\/hu\/wp-json\/wp\/v2\/media?parent=17086"}],"curies":[{"name":"wp","href":"https:\/\/api.w.org\/{rel}","templated":true}]}}