{"id":16464,"date":"2024-06-27T20:09:03","date_gmt":"2024-06-27T20:09:03","guid":{"rendered":"https:\/\/moverdb.com\/?page_id=16464"},"modified":"2026-01-08T15:05:10","modified_gmt":"2026-01-08T15:05:10","slug":"moving-to-germany-from-bahrain","status":"publish","type":"page","link":"https:\/\/moverdb.com\/hu\/moving-to-germany\/moving-to-germany-from-bahrain\/","title":{"rendered":"N\u00e9metorsz\u00e1gba k\u00f6lt\u00f6z\u00e9s Bahreinb\u0151l"},"content":{"rendered":"<p><img loading=\"lazy\" decoding=\"async\" class=\"alignnone size-full wp-image-16409\" src=\"https:\/\/moverdb.com\/wp-content\/uploads\/moving-to-germany-from-bahrain-1.jpg\" alt=\"\" width=\"1000\" height=\"625\" srcset=\"https:\/\/moverdb.com\/wp-content\/uploads\/moving-to-germany-from-bahrain-1.jpg 1000w, https:\/\/moverdb.com\/wp-content\/uploads\/moving-to-germany-from-bahrain-1-300x188.jpg 300w, https:\/\/moverdb.com\/wp-content\/uploads\/moving-to-germany-from-bahrain-1-18x12.jpg 18w\" sizes=\"auto, (max-width: 1000px) 100vw, 1000px\" \/><span style=\"font-weight: 400;\">Ha a k\u00f6lt\u00f6z\u00e9st fontolgatja a <a href=\"https:\/\/moverdb.com\/hu\/moving-to-bahrain\/\" data-internallinksmanager029f6b8e52c=\"358\" title=\"Bahreinbe k\u00f6lt\u00f6zik? 2023 Lakhat\u00e1si k\u00f6lts\u00e9gek \u00e9s k\u00f6lt\u00f6z\u00e9si tippek\">Bahrein<\/a> a  c\u00edmre. <a href=\"https:\/\/moverdb.com\/hu\/moving-to-germany\/\" data-internallinksmanager029f6b8e52c=\"321\" title=\"N\u00e9metorsz\u00e1gba k\u00f6lt\u00f6zik? 2023 Meg\u00e9lhet\u00e9si k\u00f6lts\u00e9gek \u00e9s k\u00f6lt\u00f6z\u00e9si tippek\">N\u00e9metorsz\u00e1g<\/a>, ez az \u00fatmutat\u00f3 mindent elmond, amit tudnia kell - a v\u00edzumk\u00f6vetelm\u00e9nyekt\u0151l a meg\u00e9lhet\u00e9si k\u00f6lts\u00e9gek k\u00f6z\u00f6tti k\u00fcl\u00f6nbs\u00e9gekig, az eg\u00e9szs\u00e9g\u00fcgyi ell\u00e1t\u00e1sr\u00f3l sz\u00f3l\u00f3 legjobb tippekt\u0151l a h\u00e1zi\u00e1llatokkal val\u00f3 k\u00f6lt\u00f6z\u00e9sre vonatkoz\u00f3 szab\u00e1lyokig -, \u00e9s seg\u00edt abban, hogy <\/span><span style=\"font-weight: 400;\">\u00e9rezz\u00e9k magukat meger\u0151s\u00edtve, amikor elj\u00f6n az id\u0151 a nagy l\u00e9p\u00e9s megt\u00e9tel\u00e9re.<\/span><\/p>\n<p><b>Gyors n\u00e9metorsz\u00e1gi t\u00e9nyek:<\/b><\/p>\n<ol>\n<li style=\"font-weight: 400;\" aria-level=\"1\"><b>N\u00e9pess\u00e9g: <\/b><span style=\"font-weight: 400;\">83,264 milli\u00f3 EUR (2024-es becsl\u00e9s)<\/span><\/li>\n<li style=\"font-weight: 400;\" aria-level=\"1\"><b>Hivatalos nyelv:<\/b><span style=\"font-weight: 400;\"> N\u00e9met (<\/span><i><span style=\"font-weight: 400;\">de facto<\/span><\/i><span style=\"font-weight: 400;\">), az orsz\u00e1g 95% lakos\u00e1val, akiknek a n\u00e9met az anyanyelve.<\/span><\/li>\n<li style=\"font-weight: 400;\" aria-level=\"1\"><b>Egy f\u0151re jut\u00f3 GDP:<\/b><span style=\"font-weight: 400;\"> $51,203 USD (2021-es becsl\u00e9s)<\/span><\/li>\n<li style=\"font-weight: 400;\" aria-level=\"1\"><b>V\u00e9letlenszer\u0171 t\u00e9ny<\/b><span style=\"font-weight: 400;\">: N\u00e9metorsz\u00e1gban t\u00f6bb mint 20 000 kast\u00e9ly tal\u00e1lhat\u00f3, a romokt\u00f3l a teljesen ki\u00e9p\u00edtett \u00e9p\u00fcletekig.<\/span><\/li>\n<li style=\"font-weight: 400;\" aria-level=\"1\"><b>P\u00e9nznem: <\/b><span style=\"font-weight: 400;\">Euro (\u20ac). 2024 k\u00f6zep\u00e9t\u0151l 1 font = 1,15 eur\u00f3, $1 = 0,92 eur\u00f3, $1 CAD = 0,67 eur\u00f3, $1 AUD = 0,60 eur\u00f3.<\/span><span style=\"font-weight: 400;\"><br \/>\n<\/span><\/li>\n<\/ol>\n<div id=\"ez-toc-container\" class=\"ez-toc-v2_0_82_2 ez-toc-wrap-left counter-hierarchy ez-toc-counter ez-toc-transparent ez-toc-container-direction\">\n<div class=\"ez-toc-title-container\">\n<p class=\"ez-toc-title\" style=\"cursor:inherit\">Szakaszok<\/p>\n<span class=\"ez-toc-title-toggle\"><a href=\"#\" class=\"ez-toc-pull-right ez-toc-btn ez-toc-btn-xs ez-toc-btn-default ez-toc-toggle\" aria-label=\"Toggle Tartalomjegyz\u00e9k\"><span class=\"ez-toc-js-icon-con\"><span class=\"\"><span class=\"eztoc-hide\" style=\"display:none;\">Toggle<\/span><span class=\"ez-toc-icon-toggle-span\"><svg style=\"fill: #999;color:#999\" xmlns=\"http:\/\/www.w3.org\/2000\/svg\" class=\"list-377408\" width=\"20px\" height=\"20px\" viewbox=\"0 0 24 24\" fill=\"none\"><path d=\"M6 6H4v2h2V6zm14 0H8v2h12V6zM4 11h2v2H4v-2zm16 0H8v2h12v-2zM4 16h2v2H4v-2zm16 0H8v2h12v-2z\" fill=\"currentColor\"><\/path><\/svg><svg style=\"fill: #999;color:#999\" class=\"arrow-unsorted-368013\" xmlns=\"http:\/\/www.w3.org\/2000\/svg\" width=\"10px\" height=\"10px\" viewbox=\"0 0 24 24\" version=\"1.2\" baseprofile=\"tiny\"><path d=\"M18.2 9.3l-6.2-6.3-6.2 6.3c-.2.2-.3.4-.3.7s.1.5.3.7c.2.2.4.3.7.3h11c.3 0 .5-.1.7-.3.2-.2.3-.5.3-.7s-.1-.5-.3-.7zM5.8 14.7l6.2 6.3 6.2-6.3c.2-.2.3-.5.3-.7s-.1-.5-.3-.7c-.2-.2-.4-.3-.7-.3h-11c-.3 0-.5.1-.7.3-.2.2-.3.5-.3.7s.1.5.3.7z\"\/><\/svg><\/span><\/span><\/span><\/a><\/span><\/div>\n<nav><ul class='ez-toc-list ez-toc-list-level-1 eztoc-toggle-hide-by-default' ><li class='ez-toc-page-1 ez-toc-heading-level-2'><a class=\"ez-toc-link ez-toc-heading-1\" href=\"https:\/\/moverdb.com\/hu\/moving-to-germany\/moving-to-germany-from-bahrain\/#1_Moving_Costs_to_Germany_from_Bahrain\" >1. K\u00f6lt\u00f6z\u00e9si k\u00f6lts\u00e9gek N\u00e9metorsz\u00e1gba Bahreinb\u0151l<\/a><\/li><li class='ez-toc-page-1 ez-toc-heading-level-2'><a class=\"ez-toc-link ez-toc-heading-2\" href=\"https:\/\/moverdb.com\/hu\/moving-to-germany\/moving-to-germany-from-bahrain\/#2_How_Long_Does_It_Take_To_Move_to_Germany_from_Bahrain\" >2. Mennyi id\u0151be telik N\u00e9metorsz\u00e1gba k\u00f6lt\u00f6zni Bahreinb\u0151l?<\/a><\/li><li class='ez-toc-page-1 ez-toc-heading-level-2'><a class=\"ez-toc-link ez-toc-heading-3\" href=\"https:\/\/moverdb.com\/hu\/moving-to-germany\/moving-to-germany-from-bahrain\/#3_Moving_Restrictions_to_Germany_from_Bahrain\" >3. Korl\u00e1toz\u00e1sok \u00e1thelyez\u00e9se N\u00e9metorsz\u00e1gba Bahreinb\u0151l<\/a><\/li><li class='ez-toc-page-1 ez-toc-heading-level-2'><a class=\"ez-toc-link ez-toc-heading-4\" href=\"https:\/\/moverdb.com\/hu\/moving-to-germany\/moving-to-germany-from-bahrain\/#4_Visa_Requirements_to_Germany_from_Bahrain\" >4. V\u00edzumk\u00f6vetelm\u00e9nyek N\u00e9metorsz\u00e1gba Bahreinb\u0151l<\/a><\/li><li class='ez-toc-page-1 ez-toc-heading-level-2'><a class=\"ez-toc-link ez-toc-heading-5\" href=\"https:\/\/moverdb.com\/hu\/moving-to-germany\/moving-to-germany-from-bahrain\/#5_Cost_of_Living_Differences_in_Germany\" >5. \u00c9letsz\u00ednvonalbeli k\u00fcl\u00f6nbs\u00e9gek N\u00e9metorsz\u00e1gban<\/a><\/li><li class='ez-toc-page-1 ez-toc-heading-level-2'><a class=\"ez-toc-link ez-toc-heading-6\" href=\"https:\/\/moverdb.com\/hu\/moving-to-germany\/moving-to-germany-from-bahrain\/#6_Tax_Treaties_in_Germany\" >6. Ad\u00f3egyezm\u00e9nyek N\u00e9metorsz\u00e1gban<\/a><\/li><li class='ez-toc-page-1 ez-toc-heading-level-2'><a class=\"ez-toc-link ez-toc-heading-7\" href=\"https:\/\/moverdb.com\/hu\/moving-to-germany\/moving-to-germany-from-bahrain\/#7_Working_Rules_in_Germany\" >7. Munka\u00fcgyi szab\u00e1lyok N\u00e9metorsz\u00e1gban<\/a><\/li><li class='ez-toc-page-1 ez-toc-heading-level-2'><a class=\"ez-toc-link ez-toc-heading-8\" href=\"https:\/\/moverdb.com\/hu\/moving-to-germany\/moving-to-germany-from-bahrain\/#8_Healthcare_in_Germany\" >8. Eg\u00e9szs\u00e9g\u00fcgy N\u00e9metorsz\u00e1gban<\/a><\/li><li class='ez-toc-page-1 ez-toc-heading-level-2'><a class=\"ez-toc-link ez-toc-heading-9\" href=\"https:\/\/moverdb.com\/hu\/moving-to-germany\/moving-to-germany-from-bahrain\/#9_Rules_Around_Moving_With_Pets_in_Germany\" >9. H\u00e1zi\u00e1llatokkal val\u00f3 k\u00f6lt\u00f6z\u00e9s szab\u00e1lyai N\u00e9metorsz\u00e1gban<\/a><\/li><li class='ez-toc-page-1 ez-toc-heading-level-2'><a class=\"ez-toc-link ez-toc-heading-10\" href=\"https:\/\/moverdb.com\/hu\/moving-to-germany\/moving-to-germany-from-bahrain\/#10_Similar_Cities\" >10. Hasonl\u00f3 v\u00e1rosok<\/a><\/li><li class='ez-toc-page-1 ez-toc-heading-level-2'><a class=\"ez-toc-link ez-toc-heading-11\" href=\"https:\/\/moverdb.com\/hu\/moving-to-germany\/moving-to-germany-from-bahrain\/#11_Pros_and_Cons_of_Moving_to_Germany_from_Bahrain\" >11. A Bahreinb\u0151l N\u00e9metorsz\u00e1gba k\u00f6lt\u00f6z\u00e9s el\u0151nyei \u00e9s h\u00e1tr\u00e1nyai<\/a><\/li><li class='ez-toc-page-1 ez-toc-heading-level-2'><a class=\"ez-toc-link ez-toc-heading-12\" href=\"https:\/\/moverdb.com\/hu\/moving-to-germany\/moving-to-germany-from-bahrain\/#Other_Useful_Guides_to_Germany\" >Egy\u00e9b hasznos \u00fatmutat\u00f3k N\u00e9metorsz\u00e1ghoz<\/a><\/li><\/ul><\/nav><\/div>\n<h2><span class=\"ez-toc-section\" id=\"1_Moving_Costs_to_Germany_from_Bahrain\"><\/span><b>1. K\u00f6lt\u00f6z\u00e9si k\u00f6lts\u00e9gek N\u00e9metorsz\u00e1gba Bahreinb\u0151l<\/b><span class=\"ez-toc-section-end\"><\/span><\/h2>\n<p>Az al\u00e1bbi t\u00e1bl\u00e1zatban egy 20 vagy 40 l\u00e1bas kont\u00e9ner Bahreinb\u0151l t\u00f6rt\u00e9n\u0151 b\u00e9rl\u00e9s\u00e9nek \u00e9s Gern\u00e1n k\u00fcl\u00f6nb\u00f6z\u0151 v\u00e1rosaiba t\u00f6rt\u00e9n\u0151 sz\u00e1ll\u00edt\u00e1s\u00e1nak becs\u00fclt k\u00f6lts\u00e9gei l\u00e1that\u00f3k:<\/p>\n\n<table id=\"tablepress-518\" class=\"tablepress tablepress-id-518\">\n<thead>\n<tr class=\"row-1\">\n\t<th class=\"column-1\">\u00dati c\u00e9l v\u00e1ros<\/th><th class=\"column-2\">20FT<\/th><th class=\"column-3\">40FT<\/th>\n<\/tr>\n<\/thead>\n<tbody class=\"row-striping row-hover\">\n<tr class=\"row-2\">\n\t<td class=\"column-1\">Berlin<\/td><td class=\"column-2\">$2,200 - $2,500<\/td><td class=\"column-3\">$3,800 - $4,200<\/td>\n<\/tr>\n<tr class=\"row-3\">\n\t<td class=\"column-1\">K\u00f6ln<\/td><td class=\"column-2\">$2,300 - $2,600<\/td><td class=\"column-3\">$3,900 - $4,300<\/td>\n<\/tr>\n<tr class=\"row-4\">\n\t<td class=\"column-1\">Frankfurt<\/td><td class=\"column-2\">$2,400 - $2,700<\/td><td class=\"column-3\">$4,000 - $4,400<\/td>\n<\/tr>\n<tr class=\"row-5\">\n\t<td class=\"column-1\">Hamburg<\/td><td class=\"column-2\">$2,100 - $2,400<\/td><td class=\"column-3\">$3,700 - $4,100<\/td>\n<\/tr>\n<tr class=\"row-6\">\n\t<td class=\"column-1\">M\u00fcnchen<\/td><td class=\"column-2\">$2,500 - $2,800<\/td><td class=\"column-3\">$4,100 - $4,500<\/td>\n<\/tr>\n<\/tbody>\n<\/table>\n<!-- #tablepress-518 from cache -->\n<ul>\n<li>Minden adat USD-ben \u00e9rtend\u0151;<\/li>\n<li>A fenti \u00e1rak csak becsl\u00e9sek, \u00e9s a cikk friss\u00edt\u00e9se \u00f3ta (2024. j\u00fanius) v\u00e1ltozhatnak. Ezek a legalacsonyabb becs\u00fclt r\u00e1t\u00e1n alapulnak. <a href=\"https:\/\/www.freightos.com\/\" target=\"_blank\" rel=\"noreferrer noopener\">Freightos<\/a>, <a href=\"https:\/\/www.icontainers.com\/\" target=\"_blank\" rel=\"noreferrer noopener\">iContainers<\/a>, vagy <a href=\"https:\/\/www.searates.com\/\" target=\"_blank\" rel=\"noreferrer noopener\">SeaRates<\/a>;<\/li>\n<li>Ha pontosabb k\u00e9pet szeretne kapni a k\u00f6lts\u00e9gekr\u0151l, k\u00e9rj\u00fck, haszn\u00e1lja az oldal tetej\u00e9n tal\u00e1lhat\u00f3 \u00e1raj\u00e1nlatk\u00e9r\u0151 \u0171rlapot;<\/li>\n<li>K\u00e9rj\u00fck, tekintse meg az al\u00e1bbi \u00fatmutat\u00f3t is <a href=\"https:\/\/moverdb.com\/hu\/kontenerszallitas\/\" target=\"_blank\" rel=\"noreferrer noopener\">nemzetk\u00f6zi kont\u00e9neres sz\u00e1ll\u00edt\u00e1s<\/a>.<\/li>\n<\/ul>\n<h2><span class=\"ez-toc-section\" id=\"2_How_Long_Does_It_Take_To_Move_to_Germany_from_Bahrain\"><\/span><b>2. Mennyi id\u0151be telik N\u00e9metorsz\u00e1gba k\u00f6lt\u00f6zni Bahreinb\u0151l?<\/b><b><\/b><span class=\"ez-toc-section-end\"><\/span><\/h2>\n<p><span style=\"font-weight: 400;\">N\u00e9zz\u00fcnk meg n\u00e9h\u00e1ny p\u00e9ld\u00e1t az utaz\u00e1si id\u0151kre \u00e9s k\u00f6lts\u00e9gekre Manam\u00e1b\u00f3l N\u00e9metorsz\u00e1g f\u0151 rep\u00fcl\u0151ter\u00e9re, Frankfurtba, valamint Berlinbe \u00e9s M\u00fcnchenbe.<\/span><\/p>\n<ul>\n<li style=\"font-weight: 400;\" aria-level=\"1\"><span style=\"font-weight: 400;\"><strong>Manama \u00e9s Frankfurt k\u00f6z\u00f6tt<\/strong> - 12 \u00f3ra, 25 perc (egy meg\u00e1ll\u00f3) - <\/span><span style=\"font-weight: 400;\">\u00a0\u20ac210<\/span><\/li>\n<li style=\"font-weight: 400;\" aria-level=\"1\"><span style=\"font-weight: 400;\"><strong>Manama \u00e9s Berlin k\u00f6z\u00f6tt<\/strong> - 10 \u00f3ra, 15 perc (egy meg\u00e1ll\u00f3) -<\/span><span style=\"font-weight: 400;\"> \u20ac340<\/span><\/li>\n<li style=\"font-weight: 400;\" aria-level=\"1\"><span style=\"font-weight: 400;\"><strong>Manama \u00e9s M\u00fcnchen k\u00f6z\u00f6tt<\/strong> - 10 \u00f3ra, 15 perc (egy meg\u00e1ll\u00f3) - <\/span><span style=\"font-weight: 400;\">\u00a0\u20ac220<\/span><span style=\"font-weight: 400;\"><br \/>\n<\/span><\/li>\n<\/ul>\n<p><span style=\"font-weight: 400;\">Ez az id\u0151tartam csak a rep\u00fcl\u00e9si id\u0151t fedezi, \u00edgy tov\u00e1bbi id\u0151t kell hozz\u00e1adni ahhoz, hogy a termin\u00e1lt\u00f3l a c\u00e9l\u00e1llom\u00e1sig eljusson.<\/span><b><\/b><\/p>\n<h2><span class=\"ez-toc-section\" id=\"3_Moving_Restrictions_to_Germany_from_Bahrain\"><\/span><b>3. Korl\u00e1toz\u00e1sok \u00e1thelyez\u00e9se N\u00e9metorsz\u00e1gba Bahreinb\u0151l<\/b><b><\/b><span class=\"ez-toc-section-end\"><\/span><\/h2>\n<p><span style=\"font-weight: 400;\">Az egyik orsz\u00e1gb\u00f3l egy m\u00e1sikba val\u00f3 k\u00f6lt\u00f6z\u00e9s k\u00fcl\u00f6nb\u00f6z\u0151 korl\u00e1toz\u00e1sokkal j\u00e1r - legink\u00e1bb a v\u00edzumk\u00f6telezetts\u00e9gekkel, amelyekkel a k\u00f6vetkez\u0151 szakaszban foglalkozunk.\u00a0<\/span><\/p>\n<p><span style=\"font-weight: 400;\">Utaz\u00e1s el\u0151tt meg kell gy\u0151z\u0151dnie arr\u00f3l, hogy rendelkezik-e eg\u00e9szs\u00e9gbiztos\u00edt\u00e1ssal, hogy orvosi v\u00e9szhelyzet eset\u00e9n is biztos\u00edtva legyen. Ha N\u00e9metorsz\u00e1gban v\u00e1llal munk\u00e1t, a munk\u00e1ltat\u00f3ja beiratkozhat az eg\u00e9szs\u00e9gbiztos\u00edt\u00e1sba, de fontos, hogy arra az esetre is rendelkezzen szem\u00e9lyes biztos\u00edt\u00e1ssal, ha ez nem \u00edgy lenne. M\u00e9g az utaz\u00e1s el\u0151tt ki kell alak\u00edtania a N\u00e9metorsz\u00e1gban val\u00f3 tart\u00f3zkod\u00e1s idej\u00e9re vonatkoz\u00f3 sz\u00e1ll\u00e1sig\u00e9ny\u00e9t, hogy azt a tart\u00f3zkod\u00e1si enged\u00e9ly ir\u00e1nti k\u00e9relm\u00e9ben felt\u00fcntethesse.<\/span><\/p>\n<p><span style=\"font-weight: 400;\">Aki h\u00e1zi\u00e1llattal szeretne \u00e1tutazni a hat\u00e1ron, annak gondoskodnia kell arr\u00f3l, hogy macsk\u00e1ja vagy kuty\u00e1ja megfelel\u0151en be legyen oltva \u00e9s mikrochippel rendelkezzen - ezzel a k\u00e9s\u0151bbi fejezetekben r\u00e9szletesebben foglalkozunk. A rep\u00fcl\u0151t\u00e9rre val\u00f3 meg\u00e9rkez\u00e9s el\u0151tt c\u00e9lszer\u0171 ellen\u0151rizni, hogy a hat\u00e1ron \u00e1tvinni k\u00edv\u00e1nt t\u00e1rgyak - p\u00e9ld\u00e1ul bizonyos gy\u00f3gyszerek - leg\u00e1lisak-e N\u00e9metorsz\u00e1gban.<\/span><\/p>\n<p><span style=\"font-weight: 400;\">A cikk meg\u00edr\u00e1s\u00e1nak id\u0151pontj\u00e1ban N\u00e9metorsz\u00e1g \u00e9s Bahrein k\u00f6z\u00f6tt nincsenek COVID-19 korl\u00e1toz\u00e1sok, de ezt az utaz\u00e1s id\u0151pontj\u00e1ban ellen\u0151rizze, hogy inform\u00e1ci\u00f3i a lehet\u0151 legfrissebbek legyenek.<\/span><b><\/b><\/p>\n<h2><span class=\"ez-toc-section\" id=\"4_Visa_Requirements_to_Germany_from_Bahrain\"><\/span><b>4. V\u00edzumk\u00f6vetelm\u00e9nyek N\u00e9metorsz\u00e1gba Bahreinb\u0151l<\/b><b><\/b><span class=\"ez-toc-section-end\"><\/span><\/h2>\n<p><span style=\"font-weight: 400;\">Az \u00e9rv\u00e9nyes \u00fatlev\u00e9l mellett v\u00edzumra is sz\u00fcks\u00e9ged lesz, hogy beutazhass N\u00e9metorsz\u00e1gba, ha legal\u00e1bb h\u00e1rom h\u00f3napos tart\u00f3zkod\u00e1st tervezel. Azok sz\u00e1m\u00e1ra, akik r\u00f6vid - h\u00e1rom h\u00f3napos vagy ann\u00e1l r\u00f6videbb - tart\u00f3zkod\u00e1sra k\u00edv\u00e1nnak l\u00e1togat\u00e1st tenni, nincs sz\u00fcks\u00e9g v\u00edzumra.<\/span><\/p>\n<p><span style=\"font-weight: 400;\">K\u00fcl\u00f6nb\u00f6z\u0151 t\u00edpus\u00fa v\u00edzumok \u00e1llnak rendelkez\u00e9sre:<\/span><\/p>\n<ul>\n<li style=\"font-weight: 400;\" aria-level=\"1\"><span style=\"font-weight: 400;\"><strong>Turista- \u00e9s l\u00e1togat\u00f3i v\u00edzum<\/strong> - szabadid\u0151s tev\u00e9kenys\u00e9gek c\u00e9lj\u00e1b\u00f3l l\u00e1togat\u00f3 mag\u00e1nszem\u00e9lyek sz\u00e1m\u00e1ra<\/span><\/li>\n<li style=\"font-weight: 400;\" aria-level=\"1\"><span style=\"font-weight: 400;\"><strong>\u00c1ll\u00e1skeres\u0151 v\u00edzum<\/strong> - azok sz\u00e1m\u00e1ra, akik N\u00e9metorsz\u00e1gban szeretn\u00e9nek munk\u00e1t tal\u00e1lni<\/span><\/li>\n<li style=\"font-weight: 400;\" aria-level=\"1\"><span style=\"font-weight: 400;\"><strong>Munkav\u00e1llal\u00f3i v\u00edzum<\/strong> - a N\u00e9metorsz\u00e1gban munk\u00e1t v\u00e1llal\u00f3k eset\u00e9ben<\/span><\/li>\n<li style=\"font-weight: 400;\" aria-level=\"1\"><span style=\"font-weight: 400;\"><strong>\u00dczleti v\u00edzum<\/strong> - olyan mag\u00e1nszem\u00e9lyek sz\u00e1m\u00e1ra, akik \u00fczleti tev\u00e9kenys\u00e9g\u00fck sor\u00e1n 90 napn\u00e1l hosszabb, de \u00f6sszesen 6 h\u00f3napn\u00e1l r\u00f6videbb ideig k\u00edv\u00e1nnak N\u00e9metorsz\u00e1gban tart\u00f3zkodni.<\/span><\/li>\n<\/ul>\n<p><span style=\"font-weight: 400;\">A v\u00edzum megszerz\u00e9s\u00e9hez a k\u00f6vetkez\u0151kre van sz\u00fcks\u00e9g:<\/span><\/p>\n<ul>\n<li style=\"font-weight: 400;\" aria-level=\"1\"><span style=\"font-weight: 400;\">T\u00f6ltse ki az ig\u00e9nyelt v\u00edzumra vonatkoz\u00f3 ig\u00e9nyl\u0151lapot<\/span><\/li>\n<li style=\"font-weight: 400;\" aria-level=\"1\"><span style=\"font-weight: 400;\">Gy\u0151z\u0151dj\u00f6n meg arr\u00f3l, hogy \u00fatlevele az utaz\u00e1s id\u0151pontj\u00e1ban \u00e9s a n\u00e9metorsz\u00e1gi tart\u00f3zkod\u00e1s ut\u00e1n m\u00e9g legal\u00e1bb h\u00e1rom h\u00f3napig \u00e9rv\u00e9nyes.<\/span><\/li>\n<li style=\"font-weight: 400;\" aria-level=\"1\"><span style=\"font-weight: 400;\">\u00datlev\u00e9l m\u00e9ret\u0171 f\u00e9nyk\u00e9p a dokument\u00e1ci\u00f3hoz<\/span><\/li>\n<li style=\"font-weight: 400;\" aria-level=\"1\"><span style=\"font-weight: 400;\">Eg\u00e9szs\u00e9gbiztos\u00edt\u00e1si igazol\u00e1ssal rendelkezzen<\/span><\/li>\n<li style=\"font-weight: 400;\" aria-level=\"1\"><span style=\"font-weight: 400;\">Adja meg az utaz\u00e1si \u00fatvonalat, bele\u00e9rtve a tervezett sz\u00e1ll\u00e1s hely\u00e9t is.<\/span><\/li>\n<li style=\"font-weight: 400;\" aria-level=\"1\"><span style=\"font-weight: 400;\">Bizony\u00edtsa, hogy a tart\u00f3zkod\u00e1s idej\u00e9re fedezetet ny\u00fajt a p\u00e9nz\u00fcgyeire.<\/span><\/li>\n<\/ul>\n<p><span style=\"font-weight: 400;\">Ez \u00e1ltal\u00e1ban 10-15 munkanapot vesz ig\u00e9nybe, de a legjobb, ha a tervezett utaz\u00e1s el\u0151tt t\u00f6bb id\u0151t hagy, hogy mindent id\u0151ben elint\u00e9zzenek.<\/span><\/p>\n<p><span style=\"font-weight: 400;\">Minden esetben besz\u00e9lnie kell egy v\u00edzumszak\u00e9rt\u0151vel, aki tan\u00e1csot ad az \u00d6n k\u00f6r\u00fclm\u00e9nyeir\u0151l, \u00e9s mindig t\u00e1j\u00e9koz\u00f3dnia kell a szab\u00e1lyok leg\u00fajabb v\u00e1ltoz\u00e1sair\u00f3l.<\/span><b><\/b><\/p>\n<h2><span class=\"ez-toc-section\" id=\"5_Cost_of_Living_Differences_in_Germany\"><\/span><b>5. \u00c9letsz\u00ednvonalbeli k\u00fcl\u00f6nbs\u00e9gek N\u00e9metorsz\u00e1gban<\/b><b><\/b><span class=\"ez-toc-section-end\"><\/span><\/h2>\n<p><img loading=\"lazy\" decoding=\"async\" class=\"alignnone size-full wp-image-16410\" src=\"https:\/\/moverdb.com\/wp-content\/uploads\/moving-to-germany-from-bahrain-2.jpg\" alt=\"\" width=\"1000\" height=\"667\" srcset=\"https:\/\/moverdb.com\/wp-content\/uploads\/moving-to-germany-from-bahrain-2.jpg 1000w, https:\/\/moverdb.com\/wp-content\/uploads\/moving-to-germany-from-bahrain-2-300x200.jpg 300w, https:\/\/moverdb.com\/wp-content\/uploads\/moving-to-germany-from-bahrain-2-18x12.jpg 18w\" sizes=\"auto, (max-width: 1000px) 100vw, 1000px\" \/><span style=\"font-weight: 400;\">B\u00e1r ez a cikk N\u00e9metorsz\u00e1g eg\u00e9sz\u00e9re vonatkozik, a lak\u00e1s\u00e1rak ter\u00fcletenk\u00e9nt elt\u00e9r\u0151ek, de az al\u00e1bbi sz\u00e1mok alapj\u00e1n t\u00e1j\u00e9koz\u00f3dhat arr\u00f3l, hogy milyen \u00e1ron milyen ingatlanok kaphat\u00f3k.<\/span><\/p>\n<p><span style=\"font-weight: 400;\">\u00c1ltal\u00e1noss\u00e1gban elmondhat\u00f3, hogy a berlini meg\u00e9lhet\u00e9si k\u00f6lts\u00e9gek a becsl\u00e9sek szerint 31,1%-tel magasabbak, mint Bahreinben, m\u00edg a b\u00e9rleti d\u00edjak mintegy 61,1%-tel magasabbak.<\/span><\/p>\n<p><b>Havi b\u00e9rleti d\u00edjak N\u00e9metorsz\u00e1gban:<\/b><\/p>\n<ul>\n<li style=\"font-weight: 400;\" aria-level=\"1\"><span style=\"font-weight: 400;\">1 h\u00e1l\u00f3szob\u00e1s lak\u00e1s (apartman) a v\u00e1rosk\u00f6zpontban:<\/span> <span style=\"font-weight: 400;\">\u20ac1,270+<\/span><\/li>\n<li style=\"font-weight: 400;\" aria-level=\"1\"><span style=\"font-weight: 400;\">1 h\u00e1l\u00f3szob\u00e1s lak\u00e1s a v\u00e1rosk\u00f6zponton k\u00edv\u00fcl: <\/span><span style=\"font-weight: 400;\">\u20ac910+<\/span><\/li>\n<li style=\"font-weight: 400;\" aria-level=\"1\"><span style=\"font-weight: 400;\">3 h\u00e1l\u00f3szob\u00e1s lak\u00e1s a v\u00e1rosk\u00f6zpontban: <\/span><span style=\"font-weight: 400;\">\u20ac2,375+<\/span><\/li>\n<li style=\"font-weight: 400;\" aria-level=\"1\"><span style=\"font-weight: 400;\">3 h\u00e1l\u00f3szob\u00e1s lak\u00e1s a v\u00e1rosk\u00f6zponton k\u00edv\u00fcl: <\/span><span style=\"font-weight: 400;\">\u20ac1,780+<\/span><\/li>\n<\/ul>\n<p><b>N\u00e9metorsz\u00e1g Lak\u00e1sv\u00e1s\u00e1rl\u00e1si \u00e1rak:<\/b><\/p>\n<ul>\n<li style=\"font-weight: 400;\" aria-level=\"1\"><span style=\"font-weight: 400;\">N\u00e9gyzetm\u00e9terenk\u00e9nti \u00e1r (10,7 n\u00e9gyzetl\u00e1b) megv\u00e1s\u00e1rl\u00e1s\u00e1hoz a v\u00e1rosk\u00f6zpontban: <\/span><span style=\"font-weight: 400;\">\u20ac7,950+<\/span><\/li>\n<li style=\"font-weight: 400;\" aria-level=\"1\"><span style=\"font-weight: 400;\">N\u00e9gyzetm\u00e9terenk\u00e9nti \u00e1r (10,7 n\u00e9gyzetl\u00e1b) a v\u00e1roson k\u00edv\u00fcli v\u00e1s\u00e1rl\u00e1shoz: <\/span><span style=\"font-weight: 400;\">\u20ac5,850+<\/span><\/li>\n<\/ul>\n<p><b><i>Forr\u00e1s: <\/i><\/b><a href=\"https:\/\/www.numbeo.com\/cost-of-living\/compare_cities.jsp?country1=Bahrain&amp;country2=Germany&amp;city1=Manama&amp;city2=Berlin&amp;tracking=getDispatchComparison\" target=\"_blank\" rel=\"noopener\"><i><span style=\"font-weight: 400;\">Numbeo<\/span><\/i><\/a><\/p>\n<h2><span class=\"ez-toc-section\" id=\"6_Tax_Treaties_in_Germany\"><\/span><b>6. Ad\u00f3egyezm\u00e9nyek N\u00e9metorsz\u00e1gban<\/b><span class=\"ez-toc-section-end\"><\/span><\/h2>\n<p><span style=\"font-weight: 400;\">N\u00e9metorsz\u00e1g \u00e9s Bahrein k\u00f6z\u00f6tt ad\u00f3egyezm\u00e9ny l\u00e9tezik, amelynek c\u00e9lja a j\u00f6vedelmek kett\u0151s ad\u00f3ztat\u00e1s\u00e1nak elker\u00fcl\u00e9se \u00e9s az ad\u00f3elker\u00fcl\u00e9s megakad\u00e1lyoz\u00e1sa. Ha \u00d6n N\u00e9metorsz\u00e1gban telepedik le, akkor az ottani szem\u00e9lyi j\u00f6vedelemad\u00f3 hat\u00e1lya al\u00e1 tartozik.<\/span><span style=\"font-weight: 400;\"><br \/>\n<\/span><\/p>\n<p><span style=\"font-weight: 400;\">A cikk \u00edr\u00e1sakor a n\u00e9metorsz\u00e1gi szem\u00e9lyi j\u00f6vedelemad\u00f3-kateg\u00f3ri\u00e1k a k\u00f6vetkez\u0151k:<\/span><\/p>\n<ul>\n<li style=\"font-weight: 400;\" aria-level=\"1\"><span style=\"font-weight: 400;\">0% a legfeljebb <\/span><span style=\"font-weight: 400;\">\u20ac9,744<\/span><\/li>\n<li style=\"font-weight: 400;\" aria-level=\"1\"><span style=\"font-weight: 400;\">14% \u00e9s 42% k\u00f6z\u00f6tti j\u00f6vedelem eset\u00e9n 9 745 \u00e9s 57 918 eur\u00f3 k\u00f6z\u00f6tti j\u00f6vedelem eset\u00e9n<\/span><\/li>\n<li style=\"font-weight: 400;\" aria-level=\"1\"><span style=\"font-weight: 400;\">42% 57 919 \u00e9s 274 612 eur\u00f3 k\u00f6z\u00f6tti j\u00f6vedelem eset\u00e9n<\/span><\/li>\n<li style=\"font-weight: 400;\" aria-level=\"1\"><span style=\"font-weight: 400;\">45% a 274 613 eur\u00f3t meghalad\u00f3 j\u00f6vedelem eset\u00e9n<\/span><\/li>\n<\/ul>\n<p><span style=\"font-weight: 400;\">Ne feledje, hogy a felt\u00e9telek v\u00e1ltozhatnak, ez\u00e9rt a legjobb, ha naprak\u00e9szen t\u00e1j\u00e9koz\u00f3dik minden olyan v\u00e1ltoz\u00e1sr\u00f3l, amely \u00d6nt \u00e9s az \u00d6n n\u00e9metorsz\u00e1gi j\u00f6vedelm\u00e9t \u00e9rintheti.<\/span><\/p>\n<p><span style=\"font-weight: 400;\">Ha \u00d6n n\u00e9metorsz\u00e1gi leteleped\u00e9si enged\u00e9lyt k\u00e9rt, az ad\u00f3z\u00e1si k\u00f6telezetts\u00e9gei elt\u00e9r\u0151ek lehetnek, ez\u00e9rt fontos, hogy p\u00e9nz\u00fcgyi szakember seg\u00edts\u00e9g\u00e9t vegye ig\u00e9nybe, hogy biztos\u00edtsa a helyes ir\u00e1nyelvek betart\u00e1s\u00e1t.<\/span><b><\/b><\/p>\n<h2><span class=\"ez-toc-section\" id=\"7_Working_Rules_in_Germany\"><\/span><b>7. Munka\u00fcgyi szab\u00e1lyok N\u00e9metorsz\u00e1gban<\/b><b><\/b><span class=\"ez-toc-section-end\"><\/span><\/h2>\n<p><span style=\"font-weight: 400;\">Miel\u0151tt N\u00e9metorsz\u00e1gban \u00faj munk\u00e1ba \u00e1llna, a z\u00f6kken\u0151mentes \u00e1tmenet \u00e9rdek\u00e9ben el\u0151zetesen el kell k\u00e9sz\u00edtenie minden dokumentumot. Ez mag\u00e1ban foglalja azt is, hogy a munkav\u00e1llal\u00e1si v\u00edzumot m\u00e1r az utaz\u00e1s el\u0151tt megszerezze.<\/span><\/p>\n<p><span style=\"font-weight: 400;\">A n\u00e9met munk\u00e1ltat\u00f3t\u00f3l kapott \u00e1ll\u00e1saj\u00e1nlattal rendelkez\u0151k eset\u00e9ben a munk\u00e1ltat\u00f3 val\u00f3sz\u00edn\u0171leg elind\u00edtja ezt a folyamatot az \u00d6n helyett - de b\u00f6lcs dolog meggy\u0151z\u0151dni arr\u00f3l, hogy ez \u00edgy van-e, \u00e9s nem szabad felt\u00e9telezni, mivel ez k\u00e9sedelmet okozhat a feldolgoz\u00e1s idej\u00e9ben, vagy bizonyos esetekben a beutaz\u00e1s megtagad\u00e1s\u00e1hoz vezethet.<\/span><\/p>\n<p><span style=\"font-weight: 400;\">\u00c1ll\u00e1saj\u00e1nlatot a k\u00f6vetkez\u0151 k\u00e9szs\u00e9gekkel rendelkez\u0151k kaphatnak:<\/span><\/p>\n<ul>\n<li style=\"font-weight: 400;\" aria-level=\"1\"><span style=\"font-weight: 400;\">\"K\u00fcl\u00f6nleges m\u0171szaki ismeretekkel\" rendelkez\u0151 kutat\u00f3k<\/span><\/li>\n<li style=\"font-weight: 400;\" aria-level=\"1\"><span style=\"font-weight: 400;\">Egyes ter\u00fcletek tud\u00f3sai<\/span><\/li>\n<li style=\"font-weight: 400;\" aria-level=\"1\"><span style=\"font-weight: 400;\">V\u00e1llalati ter\u00fcleten dolgoz\u00f3 vezet\u0151k vagy szakemberek<\/span><\/li>\n<li style=\"font-weight: 400;\" aria-level=\"1\"><span style=\"font-weight: 400;\">Tan\u00e1rok<\/span><\/li>\n<\/ul>\n<p><span style=\"font-weight: 400;\">A n\u00e9met munkav\u00e1llal\u00e1si v\u00edzum alapesetben egy \u00e9vre sz\u00f3l, de ez meghosszabb\u00edthat\u00f3, ha a szakmai gyakorlatod enn\u00e9l hosszabb ideig tart.\u00a0<\/span><\/p>\n<p><span style=\"font-weight: 400;\">Alternat\u00edvak\u00e9nt k\u00e9rhet EU k\u00e9k k\u00e1rty\u00e1t is - ez a munkaszerz\u0151d\u00e9s id\u0151tartam\u00e1ra \u00e9rv\u00e9nyes, \u00e9s meg\u00faj\u00edt\u00e1s el\u0151tt legfeljebb n\u00e9gy \u00e9vig tarthat. Ennek megszerz\u00e9s\u00e9hez azonban n\u00e9mileg elt\u00e9r\u0151 k\u00f6vetelm\u00e9nyek sz\u00fcks\u00e9gesek:<\/span><\/p>\n<ul>\n<li style=\"font-weight: 400;\" aria-level=\"1\"><span style=\"font-weight: 400;\">Az EU k\u00e9k k\u00e1rtya ig\u00e9nyl\u00e9se el\u0151tt el\u0151sz\u00f6r is rendelkeznie kell egy n\u00e9met munk\u00e1ltat\u00f3t\u00f3l kapott hat\u00e1rozott \u00e1ll\u00e1saj\u00e1nlattal, vagy<\/span><\/li>\n<li style=\"font-weight: 400;\" aria-level=\"1\"><span style=\"font-weight: 400;\">N\u00e9met diplom\u00e1val vagy N\u00e9metorsz\u00e1g \u00e1ltal \"elismert\" tudom\u00e1nyos fokozattal kell rendelkeznie, vagy<\/span><\/li>\n<li style=\"font-weight: 400;\" aria-level=\"1\"><span style=\"font-weight: 400;\">Az \u00d6n fizet\u00e9se v\u00e1rhat\u00f3an el\u00e9ri vagy meghaladja a brutt\u00f3 56 400 eur\u00f3t.<\/span><\/li>\n<\/ul>\n<p><span style=\"font-weight: 400;\">Ha m\u00e9g nem kapott \u00e1ll\u00e1st, de szeretne karriert csin\u00e1lni a n\u00e9met piacon, akkor ig\u00e9nyelhet \u00e1ll\u00e1skeres\u0151 v\u00edzumot, amely lehet\u0151v\u00e9 teszi, hogy hat h\u00f3napot t\u00f6lts\u00f6n az orsz\u00e1gban \u00e1ll\u00e1skeres\u00e9ssel.<\/span><\/p>\n<p><span style=\"font-weight: 400;\">B\u00e1rmilyenek is legyenek a foglalkoztat\u00e1si k\u00f6r\u00fclm\u00e9nyei, fontos, hogy m\u00e9g az orsz\u00e1gba val\u00f3 bel\u00e9p\u00e9s el\u0151tt rendezze a v\u00edzum\u00e1t, hogy z\u00f6kken\u0151mentes legyen az \u00e1tmenet. Az is fontos, hogy t\u00e1j\u00e9koz\u00f3djon az ad\u00f3kr\u00f3l \u00e9s az olyan el\u0151ny\u00f6s programokr\u00f3l, mint p\u00e9ld\u00e1ul az eg\u00e9szs\u00e9g\u00fcgyi rendszerek, hogy teljesen tiszt\u00e1ban legyen a jogaival.<\/span><b><\/b><\/p>\n<h2><span class=\"ez-toc-section\" id=\"8_Healthcare_in_Germany\"><\/span><b>8. Eg\u00e9szs\u00e9g\u00fcgy N\u00e9metorsz\u00e1gban<\/b><b><\/b><span class=\"ez-toc-section-end\"><\/span><\/h2>\n<p><span style=\"font-weight: 400;\">N\u00e9metorsz\u00e1gban k\u00f6telez\u0151 az eg\u00e9szs\u00e9gbiztos\u00edt\u00e1s. J\u00f6vedelm\u00e9t\u0151l f\u00fcgg\u0151en v\u00e1laszthat a k\u00f6telez\u0151 \u00e1llami eg\u00e9szs\u00e9gbiztos\u00edt\u00e1s \u00e9s a mag\u00e1n eg\u00e9szs\u00e9gbiztos\u00edt\u00e1s k\u00f6z\u00f6tt.<\/span><\/p>\n<p><span style=\"font-weight: 400;\">Azok, akiknek egy n\u00e9met munk\u00e1ltat\u00f3t\u00f3l van \u00e1ll\u00e1saj\u00e1nlatuk, val\u00f3sz\u00edn\u0171leg \u00e1llami eg\u00e9szs\u00e9gbiztos\u00edt\u00e1st kapnak a munkaprogram r\u00e9szek\u00e9nt. Ezt b\u00e9rfel\u00e1ldoz\u00e1sk\u00e9nt kapja meg, ami jelenleg a brutt\u00f3 fizet\u00e9s\u00e9nek 14,6%-je (de ez v\u00e1ltozhat).<\/span><\/p>\n<p><span style=\"font-weight: 400;\">V\u00e1laszthatja tov\u00e1bb\u00e1 a balesetbiztos\u00edt\u00e1st - amely a munkahelyen, illetve a munkahelyre vagy a munkahelyr\u0151l t\u00f6rt\u00e9n\u0151 utaz\u00e1s sor\u00e1n bek\u00f6vetkez\u0151 balesetekre terjed ki - vagy a tart\u00f3s \u00e1pol\u00e1sra vonatkoz\u00f3 biztos\u00edt\u00e1st - ez akkor ny\u00fajt fedezetet, ha az egy\u00e9n nem k\u00e9pes \"norm\u00e1lis\" m\u00f3don m\u0171k\u00f6dni a hagyom\u00e1nyos napi rutinj\u00e1ban.\u00a0<\/span><\/p>\n<p><span style=\"font-weight: 400;\">Miel\u0151tt N\u00e9metorsz\u00e1gba utazik, el\u0151zetesen k\u00f6ss\u00f6n eg\u00e9szs\u00e9gbiztos\u00edt\u00e1st, hogy b\u00e1rmilyen baleset vagy s\u00e9r\u00fcl\u00e9s eset\u00e9n is biztos\u00edtva legyen. Besz\u00e9lnie kell leend\u0151 munk\u00e1ltat\u00f3j\u00e1val is, ha van ilyen, hogy meg\u00e9rtse, mit tartalmaz \u00e9s mit nem a biztos\u00edt\u00e1si csomagja.\u00a0<\/span><b><\/b><\/p>\n<h2><span class=\"ez-toc-section\" id=\"9_Rules_Around_Moving_With_Pets_in_Germany\"><\/span><b>9. H\u00e1zi\u00e1llatokkal val\u00f3 k\u00f6lt\u00f6z\u00e9s szab\u00e1lyai N\u00e9metorsz\u00e1gban<\/b><b><\/b><span class=\"ez-toc-section-end\"><\/span><\/h2>\n<p><span style=\"font-weight: 400;\">A k\u00f6lt\u00f6z\u00e9shez rengeteg doboznyi holmi tartozik - de n\u00e9h\u00e1ny k\u00fcl\u00f6n\u00f6sen fontos sz\u0151r\u00f6s bar\u00e1t is tartozhat hozz\u00e1! Ha N\u00e9metorsz\u00e1gba kell k\u00f6lt\u00f6znie h\u00e1zi\u00e1llattal a h\u00e1t\u00e1n, az al\u00e1bbiakat kell tudnia.<\/span><\/p>\n<p><span style=\"font-weight: 400;\">Ha Bahreinb\u0151l szeretne kuty\u00e1t vagy macsk\u00e1t behozni N\u00e9metorsz\u00e1gba, biztos\u00edtania kell, hogy a h\u00e1zi\u00e1llat:<\/span><\/p>\n<ul>\n<li style=\"font-weight: 400;\" aria-level=\"1\"><span style=\"font-weight: 400;\">A veszetts\u00e9g elleni olt\u00e1s bead\u00e1sa el\u0151tt mikrochippel van ell\u00e1tva.<\/span><\/li>\n<li style=\"font-weight: 400;\" aria-level=\"1\"><span style=\"font-weight: 400;\">rendelkezik veszetts\u00e9g elleni v\u00e9d\u0151olt\u00e1ssal - ak\u00e1r \"els\u0151dleges\", ak\u00e1r \"eml\u00e9keztet\u0151\" olt\u00e1ssal, att\u00f3l f\u00fcgg\u0151en, hogy a h\u00e1zi\u00e1llat mikor kapta meg az eredeti olt\u00e1st - legal\u00e1bb 21 nappal a N\u00e9metorsz\u00e1gba t\u00f6rt\u00e9n\u0151 bel\u00e9p\u00e9s el\u0151tt.<\/span><\/li>\n<li style=\"font-weight: 400;\" aria-level=\"1\"><span style=\"font-weight: 400;\">Ha kuty\u00e1t hoznak magukkal, akkor az \u00e1llat\u00fatlev\u00e9lben fel kell t\u00fcntetni a galandf\u00e9reg elleni kezel\u00e9st.<\/span><\/li>\n<\/ul>\n<p><span style=\"font-weight: 400;\">A beutaz\u00e1skor \u00e1ltal\u00e1ban nincs karant\u00e9nid\u0151szak, de a legjobb, ha ezt az inform\u00e1ci\u00f3t eseti alapon der\u00edti ki, mivel az ir\u00e1nyelvek nagyon elt\u00e9r\u0151ek lehetnek. Megn\u00e9zheti a <\/span><a href=\"https:\/\/uae.diplo.de\/ae-en\/ueber-uns\/generalkonsulat1\" target=\"_blank\" rel=\"noopener\"><span style=\"font-weight: 400;\">N\u00e9met Nagyk\u00f6vets\u00e9g<\/span><\/a><span style=\"font-weight: 400;\"> a legjobb dokument\u00e1ci\u00f3\u00e9rt.\u00a0<\/span><\/p>\n<p><span style=\"font-weight: 400;\">Bizonyos kutyafajt\u00e1k nem l\u00e9phetnek be N\u00e9metorsz\u00e1gba. Ezek k\u00f6z\u00e9 tartoznak a k\u00f6vetkez\u0151k:<\/span><span style=\"font-weight: 400;\"><br \/>\n<\/span><\/p>\n<ul>\n<li style=\"font-weight: 400;\" aria-level=\"1\"><span style=\"font-weight: 400;\">Bullterrierek<\/span><\/li>\n<li style=\"font-weight: 400;\" aria-level=\"1\"><span style=\"font-weight: 400;\">Pitbull terrierek<\/span><\/li>\n<li style=\"font-weight: 400;\" aria-level=\"1\"><span style=\"font-weight: 400;\">Staffordshire bullterrierek<\/span><\/li>\n<li style=\"font-weight: 400;\" aria-level=\"1\"><span style=\"font-weight: 400;\">Amerikai staffordshire bullterrierek<\/span><\/li>\n<li style=\"font-weight: 400;\" aria-level=\"1\"><span style=\"font-weight: 400;\">A fentiek b\u00e1rmelyik\u00e9nek keresztez\u00e9se<\/span><\/li>\n<\/ul>\n<p><span style=\"font-weight: 400;\">Az \u00edr\u00e1s id\u0151pontj\u00e1ban N\u00e9metorsz\u00e1g <\/span><a href=\"https:\/\/www.expatica.com\/de\/living\/family\/moving-to-germany-with-pets-100907\/\" target=\"_blank\" rel=\"noopener\"><span style=\"font-weight: 400;\">nem teszi lehet\u0151v\u00e9<\/span><\/a><span style=\"font-weight: 400;\"> \u00f6tn\u00e9l t\u00f6bb kedvtel\u00e9sb\u0151l tartott kutya, macska vagy g\u00f6r\u00e9ny nem kereskedelmi c\u00e9l\u00fa behozatala.<\/span><span style=\"font-weight: 400;\"><br \/>\n<\/span><\/p>\n<h2><span class=\"ez-toc-section\" id=\"10_Similar_Cities\"><\/span><b>10. Hasonl\u00f3 v\u00e1rosok<\/b><span class=\"ez-toc-section-end\"><\/span><\/h2>\n<p><img loading=\"lazy\" decoding=\"async\" class=\"alignnone size-full wp-image-16411\" src=\"https:\/\/moverdb.com\/wp-content\/uploads\/moving-to-germany-from-bahrain-3.jpg\" alt=\"\" width=\"1000\" height=\"667\" srcset=\"https:\/\/moverdb.com\/wp-content\/uploads\/moving-to-germany-from-bahrain-3.jpg 1000w, https:\/\/moverdb.com\/wp-content\/uploads\/moving-to-germany-from-bahrain-3-300x200.jpg 300w, https:\/\/moverdb.com\/wp-content\/uploads\/moving-to-germany-from-bahrain-3-18x12.jpg 18w\" sizes=\"auto, (max-width: 1000px) 100vw, 1000px\" \/><span style=\"font-weight: 400;\">Manama Bahrein p\u00e9nz\u00fcgyi k\u00f6zpontjak\u00e9nt ismert, sz\u00e1mos bankkal, befektet\u00e9si c\u00e9ggel \u00e9s m\u00e1s p\u00e9nz\u00fcgyi int\u00e9zm\u00e9nnyel. Hasonl\u00f3an Frankfurthoz, amely N\u00e9metorsz\u00e1g \u00e9s eg\u00e9sz Eur\u00f3pa vezet\u0151 p\u00e9nz\u00fcgyi k\u00f6zpontja, az Eur\u00f3pai K\u00f6zponti Bank \u00e9s a Deutsche Bank sz\u00e9khelye. Mindk\u00e9t v\u00e1ros ikonikus v\u00e1rosk\u00e9ppel rendelkezik, modern felh\u0151karcol\u00f3kkal - mint ilyen, mindk\u00e9t gazdas\u00e1g er\u0151s \u00e9s soksz\u00edn\u0171.\u00a0<\/span><\/p>\n<p><span style=\"font-weight: 400;\">A kult\u00fara mindk\u00e9t helyen vegyes, v\u00e1ltozatos jelleg\u0171, a hagyom\u00e1nyos \u00e9s a modern \u00e9letm\u00f3d kevered\u00e9s\u00e9vel. A f\u0151 k\u00fcl\u00f6nbs\u00e9g a kett\u0151 k\u00f6z\u00f6tt az \u00e9ghajlatukban van - Manam\u00e1t forr\u00f3 sivatagi \u00e9ghajlat jellemzi, m\u00edg N\u00e9metorsz\u00e1gban m\u00e9rs\u00e9kelt \u00e9vszakos \u00e9ghajlat uralkodik.<\/span><\/p>\n<h2><span class=\"ez-toc-section\" id=\"11_Pros_and_Cons_of_Moving_to_Germany_from_Bahrain\"><\/span><b>11. A Bahreinb\u0151l N\u00e9metorsz\u00e1gba k\u00f6lt\u00f6z\u00e9s el\u0151nyei \u00e9s h\u00e1tr\u00e1nyai<\/b><span class=\"ez-toc-section-end\"><\/span><\/h2>\n<p><span style=\"font-weight: 400;\">Tal\u00e1n egy \u00faj munkalehet\u0151s\u00e9g miatt k\u00f6lt\u00f6zik, vagy csak az\u00e9rt, hogy kipr\u00f3b\u00e1ljon egy teljesen m\u00e1s orsz\u00e1got \u00e9s \u00e9ghajlatot - b\u00e1rmi legyen is az oka annak, hogy Bahreinb\u0151l N\u00e9metorsz\u00e1gba szeretne k\u00f6lt\u00f6zni, n\u00e9zz\u00fck meg a k\u00f6lt\u00f6z\u00e9ssel kapcsolatos f\u0151bb el\u0151ny\u00f6ket \u00e9s h\u00e1tr\u00e1nyokat.<\/span><\/p>\n\n<table id=\"tablepress-480\" class=\"tablepress tablepress-id-480\">\n<thead>\n<tr class=\"row-1\">\n\t<th class=\"column-1\">A BAHREINB\u0150L N\u00c9METORSZ\u00c1GBA K\u00d6LT\u00d6Z\u00c9S EL\u0150NYEI<\/th><th class=\"column-2\">A BAHREINB\u0150L N\u00c9METORSZ\u00c1GBA K\u00d6LT\u00d6Z\u00c9S H\u00c1TR\u00c1NYAI<\/th>\n<\/tr>\n<\/thead>\n<tbody class=\"row-striping row-hover\">\n<tr class=\"row-2\">\n\t<td class=\"column-1\">Gazdag kult\u00fara: N\u00e9metorsz\u00e1g gazdag kultur\u00e1lis \u00f6r\u00f6ks\u00e9get k\u00edn\u00e1l.<\/td><td class=\"column-2\">Nyelvi akad\u00e1ly: A n\u00e9met nyelv N\u00e9metorsz\u00e1g hivatalos nyelve, ami egyesek sz\u00e1m\u00e1ra akad\u00e1lyt jelenthet. <\/td>\n<\/tr>\n<tr class=\"row-3\">\n\t<td class=\"column-1\">Magas sz\u00ednvonal\u00fa oktat\u00e1s: N\u00e9metorsz\u00e1g vil\u00e1gsz\u00ednvonal\u00fa oktat\u00e1si rendszerrel rendelkezik, ingyenes vagy olcs\u00f3 egyetemi k\u00e9pz\u00e9sekkel a helyi \u00e9s nemzetk\u00f6zi hallgat\u00f3k sz\u00e1m\u00e1ra.<\/td><td class=\"column-2\">Id\u0151j\u00e1r\u00e1s-v\u00e1ltoz\u00e1s: Ez jelent\u0151sen elt\u00e9r Bahrein forr\u00f3, sivatagi \u00e9ghajlat\u00e1t\u00f3l.<\/td>\n<\/tr>\n<tr class=\"row-4\">\n\t<td class=\"column-1\">Magas \u00e9letmin\u0151s\u00e9g: N\u00e9metorsz\u00e1g az \u00e9letmin\u0151s\u00e9gi kateg\u00f3ri\u00e1kban a gazdas\u00e1g\u00e1nak, az eg\u00e9szs\u00e9g\u00fcgyi rendszernek \u00e9s az infrastrukt\u00far\u00e1nak k\u00f6sz\u00f6nhet\u0151en magasan szerepel az \u00e9lmez\u0151nyben.<\/td><td class=\"column-2\">Meg\u00e9lhet\u00e9si k\u00f6lts\u00e9gek: A meg\u00e9lhet\u00e9si k\u00f6lts\u00e9gek jelent\u0151sen magasabbak N\u00e9metorsz\u00e1gban, k\u00fcl\u00f6n\u00f6sen a f\u0151v\u00e1rosban.<\/td>\n<\/tr>\n<\/tbody>\n<\/table>\n<!-- #tablepress-480 from cache -->\n<p><span style=\"font-weight: 400;\">B\u00e1rhogy is d\u00f6nt, tiszt\u00e1ban kell lennie a k\u00f6lt\u00f6z\u00e9st befoly\u00e1sol\u00f3 jogi t\u00e9nyez\u0151kkel. Az \u00f6sszes sz\u00fcks\u00e9ges inform\u00e1ci\u00f3\u00e9rt mindenk\u00e9ppen besz\u00e9ljen a <\/span><a href=\"https:\/\/manama.diplo.de\/bh-en\" target=\"_blank\" rel=\"noopener\"><span style=\"font-weight: 400;\">N\u00e9metorsz\u00e1g bahreini nagyk\u00f6vets\u00e9ge.<\/span><\/a><\/p>\n<h2><span class=\"ez-toc-section\" id=\"Other_Useful_Guides_to_Germany\"><\/span>Egy\u00e9b hasznos \u00fatmutat\u00f3k N\u00e9metorsz\u00e1ghoz<span class=\"ez-toc-section-end\"><\/span><\/h2>\n<ul>\n<li> <a href=\"https:\/\/moverdb.com\/hu\/kontenerszallitas\/nemetorszag\/\">2026 Tengeri tehersz\u00e1ll\u00edt\u00e1si kont\u00e9ner \u00e1rak N\u00e9metorsz\u00e1gba \u00e9s N\u00e9metorsz\u00e1gb\u00f3l<\/a><\/li>\n<li> <a href=\"https:\/\/moverdb.com\/hu\/koltozteto-cegek\/moving-companies-germany\/\">52 A legjobb nemzetk\u00f6zi k\u00f6lt\u00f6ztet\u0151 c\u00e9gek N\u00e9metorsz\u00e1gban<\/a><\/li>\n<li> <a href=\"https:\/\/moverdb.com\/hu\/legjobb-nemzetkozi-penzatutalasi-szolgaltatasok\/money-transfer-companies-germany\/\">A 10 legjobb p\u00e9nz\u00e1tutal\u00e1si v\u00e1llalat N\u00e9metorsz\u00e1gban<\/a><\/li>\n<li> <a href=\"https:\/\/moverdb.com\/hu\/moving-to-germany\/\">N\u00e9metorsz\u00e1gba k\u00f6lt\u00f6zik? 2023 Meg\u00e9lhet\u00e9si k\u00f6lts\u00e9gek \u00e9s k\u00f6lt\u00f6z\u00e9si tippek<\/a><\/li>\n<li> <a href=\"https:\/\/moverdb.com\/hu\/moving-to-germany\/moving-to-germany-from-the-us\/\">N\u00e9metorsz\u00e1gba k\u00f6lt\u00f6z\u00e9s az Egyes\u00fclt \u00c1llamokb\u00f3l<\/a><\/li>\n<li> <a href=\"https:\/\/moverdb.com\/hu\/moving-to-germany\/living-in-germany\/\">21 titok a n\u00e9metorsz\u00e1gi \u00e9letr\u0151l, amit tudnia kell k\u00f6lt\u00f6z\u00e9s el\u0151tt<\/a><\/li>\n<li> <a href=\"https:\/\/moverdb.com\/hu\/moving-to-germany\/moving-to-germany-from-the-uae\/\">N\u00e9metorsz\u00e1gba k\u00f6lt\u00f6z\u00e9s Dubaib\u00f3l \u00e9s az Egyes\u00fclt Arab Em\u00edrs\u00e9gekb\u0151l<\/a><\/li>\n<li> <a href=\"https:\/\/moverdb.com\/hu\/moving-to-germany\/moving-to-germany-from-qatar\/\">N\u00e9metorsz\u00e1gba k\u00f6lt\u00f6z\u00e9s Katarb\u00f3l<\/a><\/li>\n<li> <a href=\"https:\/\/moverdb.com\/hu\/moving-to-germany\/best-places-to-live-germany\/\">13 Legjobb helyek N\u00e9metorsz\u00e1gban \u00e9lni<\/a><\/li>\n<\/ul>","protected":false},"excerpt":{"rendered":"<p>If you are considering moving from Bahrain to Germany, this guide will tell you everything you need to know\u2014from visa requirements to cost of living differences, healthcare top tips to rules about moving country with your pets\u2014helping you feel empowered when the time comes to make the big move. Quick Germany Facts: Population: 83.264 million [&hellip;]<\/p>\n","protected":false},"author":5,"featured_media":16409,"parent":4777,"menu_order":0,"comment_status":"closed","ping_status":"closed","template":"","meta":{"_genesis_hide_title":false,"_genesis_hide_breadcrumbs":false,"_genesis_hide_singular_image":false,"_genesis_hide_footer_widgets":false,"_genesis_custom_body_class":"","_genesis_custom_post_class":"","_genesis_layout":"","footnotes":""},"class_list":{"0":"post-16464","1":"page","2":"type-page","3":"status-publish","4":"has-post-thumbnail","6":"entry"},"_links":{"self":[{"href":"https:\/\/moverdb.com\/hu\/wp-json\/wp\/v2\/pages\/16464","targetHints":{"allow":["GET"]}}],"collection":[{"href":"https:\/\/moverdb.com\/hu\/wp-json\/wp\/v2\/pages"}],"about":[{"href":"https:\/\/moverdb.com\/hu\/wp-json\/wp\/v2\/types\/page"}],"author":[{"embeddable":true,"href":"https:\/\/moverdb.com\/hu\/wp-json\/wp\/v2\/users\/5"}],"replies":[{"embeddable":true,"href":"https:\/\/moverdb.com\/hu\/wp-json\/wp\/v2\/comments?post=16464"}],"version-history":[{"count":5,"href":"https:\/\/moverdb.com\/hu\/wp-json\/wp\/v2\/pages\/16464\/revisions"}],"predecessor-version":[{"id":17351,"href":"https:\/\/moverdb.com\/hu\/wp-json\/wp\/v2\/pages\/16464\/revisions\/17351"}],"up":[{"embeddable":true,"href":"https:\/\/moverdb.com\/hu\/wp-json\/wp\/v2\/pages\/4777"}],"wp:featuredmedia":[{"embeddable":true,"href":"https:\/\/moverdb.com\/hu\/wp-json\/wp\/v2\/media\/16409"}],"wp:attachment":[{"href":"https:\/\/moverdb.com\/hu\/wp-json\/wp\/v2\/media?parent=16464"}],"curies":[{"name":"wp","href":"https:\/\/api.w.org\/{rel}","templated":true}]}}