{"id":16180,"date":"2024-04-09T21:51:04","date_gmt":"2024-04-09T21:51:04","guid":{"rendered":"https:\/\/moverdb.com\/?page_id=16180"},"modified":"2026-01-08T14:39:45","modified_gmt":"2026-01-08T14:39:45","slug":"to-qatar-from-australia","status":"publish","type":"page","link":"https:\/\/moverdb.com\/hu\/container-shipping\/to-qatar-from-australia\/","title":{"rendered":"Kont\u00e9nersz\u00e1ll\u00edt\u00e1s Ausztr\u00e1li\u00e1b\u00f3l Katarba"},"content":{"rendered":"<div class=\"wp-block-image\">\r\n<figure class=\"aligncenter size-full\"><img loading=\"lazy\" decoding=\"async\" width=\"1000\" height=\"667\" src=\"https:\/\/moverdb.com\/wp-content\/uploads\/container-shipping-to-qatar-from-australia.jpg\" alt=\"kont\u00e9nersz\u00e1ll\u00edt\u00e1s Katarba-Ausztr\u00e1li\u00e1b\u00f3l\" class=\"wp-image-16176\" srcset=\"https:\/\/moverdb.com\/wp-content\/uploads\/container-shipping-to-qatar-from-australia.jpg 1000w, https:\/\/moverdb.com\/wp-content\/uploads\/container-shipping-to-qatar-from-australia-300x200.jpg 300w, https:\/\/moverdb.com\/wp-content\/uploads\/container-shipping-to-qatar-from-australia-18x12.jpg 18w\" sizes=\"auto, (max-width: 1000px) 100vw, 1000px\" \/><\/figure>\r\n<\/div>\r\n\r\n\r\n<p>Ha Down Underb\u0151l a Perzsa-\u00f6b\u00f6l sz\u00edv\u00e9be szeretn\u00e9 sz\u00e1ll\u00edtani \u00e1ruj\u00e1t, akkor a legjobb helyen j\u00e1r. Szil\u00e1rdan k\u00e9zben tartva a <a href=\"https:\/\/moverdb.com\/hu\/container-shipping\/\" data-internallinksmanager029f6b8e52c=\"3\" title=\"Nemzetk\u00f6zi kont\u00e9nersz\u00e1ll\u00edt\u00e1si d\u00edjt\u00e1bl\u00e1zat: \u00e1prilis 2026\">kont\u00e9neres sz\u00e1ll\u00edt\u00e1s<\/a> folyamat e k\u00e9t nemzet k\u00f6z\u00f6tt jelent\u0151s \u00f6sszegeket takar\u00edthat meg - ak\u00e1r az eg\u00e9sz \u00e9let\u00e9t k\u00f6lt\u00f6zteti \u00e1t, ak\u00e1r \u00fczleti c\u00e9llal sz\u00e1ll\u00edt \u00e1rut.<\/p>\r\n\r\n\r\n\r\n<p>A haj\u00f3z\u00e1si \u00fatvonal, amely \u00f6sszek\u00f6ti <a href=\"https:\/\/moverdb.com\/hu\/moving-to-australia\/living-in-australia\/\" data-internallinksmanager029f6b8e52c=\"240\" title=\"21 Titkok az Ausztr\u00e1li\u00e1ban \u00e9l\u0151kr\u0151l, hogy tudd, miel\u0151tt elk\u00f6lt\u00f6z\u00f6l\">Ausztr\u00e1lia<\/a> \u00e9s <a href=\"https:\/\/moverdb.com\/hu\/moving-to-qatar\/\" data-internallinksmanager029f6b8e52c=\"334\" title=\"Katarba k\u00f6lt\u00f6zik? 2023 Meg\u00e9lhet\u00e9si k\u00f6lts\u00e9gek \u00e9s k\u00f6lt\u00f6z\u00e9si tippek\">Katar<\/a> egy j\u00f3l kitaposott \u00fat, de ez nem jelenti azt, hogy ez egy s\u00e9tagalopp. T\u00f6bb ezer m\u00e9rf\u00f6ldnyi ny\u00edlt \u00f3ce\u00e1nr\u00f3l, lehets\u00e9ges k\u00e9s\u00e9sekr\u0151l \u00e9s a logisztika forg\u00f3sz\u00e9lszer\u0171 koordin\u00e1l\u00e1s\u00e1r\u00f3l van sz\u00f3.<\/p>\r\n\r\n\r\n\r\n<p>De nem kell emiatt stresszelni. A cikk v\u00e9g\u00e9re profi leszel az Ausztr\u00e1li\u00e1b\u00f3l Katarba ir\u00e1nyul\u00f3 kont\u00e9nersz\u00e1ll\u00edt\u00e1s minden cs\u00ednj\u00e1t-b\u00ednj\u00e1t illet\u0151en, \u00edgy megfizethet\u0151 \u00e9s hat\u00e9kony sz\u00e1ll\u00edt\u00e1si megold\u00e1st tal\u00e1lhatsz.<\/p>\r\n\r\n\r\n\r\n<div id=\"ez-toc-container\" class=\"ez-toc-v2_0_82_2 ez-toc-wrap-left counter-hierarchy ez-toc-counter ez-toc-transparent ez-toc-container-direction\">\n<div class=\"ez-toc-title-container\">\n<p class=\"ez-toc-title\" style=\"cursor:inherit\">Szakaszok<\/p>\n<span class=\"ez-toc-title-toggle\"><a href=\"#\" class=\"ez-toc-pull-right ez-toc-btn ez-toc-btn-xs ez-toc-btn-default ez-toc-toggle\" aria-label=\"Toggle Tartalomjegyz\u00e9k\"><span class=\"ez-toc-js-icon-con\"><span class=\"\"><span class=\"eztoc-hide\" style=\"display:none;\">Toggle<\/span><span class=\"ez-toc-icon-toggle-span\"><svg style=\"fill: #999;color:#999\" xmlns=\"http:\/\/www.w3.org\/2000\/svg\" class=\"list-377408\" width=\"20px\" height=\"20px\" viewbox=\"0 0 24 24\" fill=\"none\"><path d=\"M6 6H4v2h2V6zm14 0H8v2h12V6zM4 11h2v2H4v-2zm16 0H8v2h12v-2zM4 16h2v2H4v-2zm16 0H8v2h12v-2z\" fill=\"currentColor\"><\/path><\/svg><svg style=\"fill: #999;color:#999\" class=\"arrow-unsorted-368013\" xmlns=\"http:\/\/www.w3.org\/2000\/svg\" width=\"10px\" height=\"10px\" viewbox=\"0 0 24 24\" version=\"1.2\" baseprofile=\"tiny\"><path d=\"M18.2 9.3l-6.2-6.3-6.2 6.3c-.2.2-.3.4-.3.7s.1.5.3.7c.2.2.4.3.7.3h11c.3 0 .5-.1.7-.3.2-.2.3-.5.3-.7s-.1-.5-.3-.7zM5.8 14.7l6.2 6.3 6.2-6.3c.2-.2.3-.5.3-.7s-.1-.5-.3-.7c-.2-.2-.4-.3-.7-.3h-11c-.3 0-.5.1-.7.3-.2.2-.3.5-.3.7s.1.5.3.7z\"\/><\/svg><\/span><\/span><\/span><\/a><\/span><\/div>\n<nav><ul class='ez-toc-list ez-toc-list-level-1 eztoc-toggle-hide-by-default' ><li class='ez-toc-page-1 ez-toc-heading-level-2'><a class=\"ez-toc-link ez-toc-heading-1\" href=\"https:\/\/moverdb.com\/hu\/container-shipping\/to-qatar-from-australia\/#Major_Ports_and_Routes_Connecting_Qatar_and_Australia\" >Katart \u00e9s Ausztr\u00e1li\u00e1t \u00f6sszek\u00f6t\u0151 f\u0151bb kik\u00f6t\u0151k \u00e9s \u00fatvonalak<\/a><ul class='ez-toc-list-level-3' ><li class='ez-toc-heading-level-3'><a class=\"ez-toc-link ez-toc-heading-2\" href=\"https:\/\/moverdb.com\/hu\/container-shipping\/to-qatar-from-australia\/#Major_Container_Ports_in_Qatar\" >Katar f\u0151bb kont\u00e9nerkik\u00f6t\u0151i<\/a><\/li><li class='ez-toc-page-1 ez-toc-heading-level-3'><a class=\"ez-toc-link ez-toc-heading-3\" href=\"https:\/\/moverdb.com\/hu\/container-shipping\/to-qatar-from-australia\/#Major_Container_Ports_in_Australia\" >Nagyobb kont\u00e9nerkik\u00f6t\u0151k Ausztr\u00e1li\u00e1ban<\/a><\/li><li class='ez-toc-page-1 ez-toc-heading-level-3'><a class=\"ez-toc-link ez-toc-heading-4\" href=\"https:\/\/moverdb.com\/hu\/container-shipping\/to-qatar-from-australia\/#Popular_Sea_Routes_Connecting_Qatar_and_Australia\" >N\u00e9pszer\u0171 tengeri \u00fatvonalak Katar \u00e9s Ausztr\u00e1lia k\u00f6z\u00f6tt<\/a><\/li><\/ul><\/li><li class='ez-toc-page-1 ez-toc-heading-level-2'><a class=\"ez-toc-link ez-toc-heading-5\" href=\"https:\/\/moverdb.com\/hu\/container-shipping\/to-qatar-from-australia\/#Cost_Factors_in_Container_Shipping_to_Qatar_from_Australia\" >A kont\u00e9nersz\u00e1ll\u00edt\u00e1s k\u00f6lts\u00e9gt\u00e9nyez\u0151i Katarba Ausztr\u00e1li\u00e1b\u00f3l<\/a><ul class='ez-toc-list-level-3' ><li class='ez-toc-heading-level-3'><a class=\"ez-toc-link ez-toc-heading-6\" href=\"https:\/\/moverdb.com\/hu\/container-shipping\/to-qatar-from-australia\/#Insurance\" >Biztos\u00edt\u00e1s<\/a><\/li><li class='ez-toc-page-1 ez-toc-heading-level-3'><a class=\"ez-toc-link ez-toc-heading-7\" href=\"https:\/\/moverdb.com\/hu\/container-shipping\/to-qatar-from-australia\/#Packing_Services\" >Csomagol\u00e1si szolg\u00e1ltat\u00e1sok<\/a><\/li><li class='ez-toc-page-1 ez-toc-heading-level-3'><a class=\"ez-toc-link ez-toc-heading-8\" href=\"https:\/\/moverdb.com\/hu\/container-shipping\/to-qatar-from-australia\/#Pick-Up_and_Delivery\" >\u00c1tv\u00e9tel \u00e9s kisz\u00e1ll\u00edt\u00e1s<\/a><\/li><li class='ez-toc-page-1 ez-toc-heading-level-3'><a class=\"ez-toc-link ez-toc-heading-9\" href=\"https:\/\/moverdb.com\/hu\/container-shipping\/to-qatar-from-australia\/#Taxes_and_Duty_Charges\" >Ad\u00f3k \u00e9s v\u00e1mok<\/a><\/li><li class='ez-toc-page-1 ez-toc-heading-level-3'><a class=\"ez-toc-link ez-toc-heading-10\" href=\"https:\/\/moverdb.com\/hu\/container-shipping\/to-qatar-from-australia\/#Storage\" >T\u00e1rol\u00e1s<\/a><\/li><li class='ez-toc-page-1 ez-toc-heading-level-3'><a class=\"ez-toc-link ez-toc-heading-11\" href=\"https:\/\/moverdb.com\/hu\/container-shipping\/to-qatar-from-australia\/#Additional_Charges\" >Kieg\u00e9sz\u00edt\u0151 d\u00edjak<\/a><\/li><\/ul><\/li><li class='ez-toc-page-1 ez-toc-heading-level-2'><a class=\"ez-toc-link ez-toc-heading-12\" href=\"https:\/\/moverdb.com\/hu\/container-shipping\/to-qatar-from-australia\/#Modes_of_Container_Shipping\" >A kont\u00e9neres sz\u00e1ll\u00edt\u00e1s m\u00f3djai<\/a><ul class='ez-toc-list-level-3' ><li class='ez-toc-heading-level-3'><a class=\"ez-toc-link ez-toc-heading-13\" href=\"https:\/\/moverdb.com\/hu\/container-shipping\/to-qatar-from-australia\/#FCL_%E2%80%93_Full_Container_Load\" >FCL - Teljes kont\u00e9nerrakom\u00e1ny<\/a><\/li><li class='ez-toc-page-1 ez-toc-heading-level-3'><a class=\"ez-toc-link ez-toc-heading-14\" href=\"https:\/\/moverdb.com\/hu\/container-shipping\/to-qatar-from-australia\/#LCL_%E2%80%93_Less_than_Container_Load\" >LCL - Kevesebb mint kont\u00e9nerrakom\u00e1ny<\/a><\/li><li class='ez-toc-page-1 ez-toc-heading-level-3'><a class=\"ez-toc-link ez-toc-heading-15\" href=\"https:\/\/moverdb.com\/hu\/container-shipping\/to-qatar-from-australia\/#Breakbulk_and_Bulk_Shipping\" >\u00d6mlesztett \u00e9s \u00f6mlesztett \u00e1ruk sz\u00e1ll\u00edt\u00e1sa<\/a><\/li><\/ul><\/li><li class='ez-toc-page-1 ez-toc-heading-level-2'><a class=\"ez-toc-link ez-toc-heading-16\" href=\"https:\/\/moverdb.com\/hu\/container-shipping\/to-qatar-from-australia\/#Shipping_Container_Sizes_and_Options\" >Sz\u00e1ll\u00edt\u00e1si kont\u00e9ner m\u00e9retek \u00e9s lehet\u0151s\u00e9gek<\/a><ul class='ez-toc-list-level-3' ><li class='ez-toc-heading-level-3'><a class=\"ez-toc-link ez-toc-heading-17\" href=\"https:\/\/moverdb.com\/hu\/container-shipping\/to-qatar-from-australia\/#Standard_Container_Sizes\" >Szabv\u00e1nyos kont\u00e9ner m\u00e9retek<\/a><\/li><li class='ez-toc-page-1 ez-toc-heading-level-3'><a class=\"ez-toc-link ez-toc-heading-18\" href=\"https:\/\/moverdb.com\/hu\/container-shipping\/to-qatar-from-australia\/#Specialized_Container_Types\" >Speci\u00e1lis kont\u00e9nert\u00edpusok<\/a><\/li><\/ul><\/li><li class='ez-toc-page-1 ez-toc-heading-level-2'><a class=\"ez-toc-link ez-toc-heading-19\" href=\"https:\/\/moverdb.com\/hu\/container-shipping\/to-qatar-from-australia\/#Sea_Freight_Container_Prices_to_Qatar_from_Australia\" >Tengeri tehersz\u00e1ll\u00edt\u00e1s kont\u00e9ner\u00e1rak Katarba Ausztr\u00e1li\u00e1b\u00f3l<\/a><ul class='ez-toc-list-level-3' ><li class='ez-toc-heading-level-3'><a class=\"ez-toc-link ez-toc-heading-20\" href=\"https:\/\/moverdb.com\/hu\/container-shipping\/to-qatar-from-australia\/#20ft_Shipping_Container\" >20 l\u00e1bas haj\u00f3z\u00e1si kont\u00e9ner&nbsp;<\/a><\/li><li class='ez-toc-page-1 ez-toc-heading-level-3'><a class=\"ez-toc-link ez-toc-heading-21\" href=\"https:\/\/moverdb.com\/hu\/container-shipping\/to-qatar-from-australia\/#40ft_Shipping_Container\" >40ft haj\u00f3z\u00e1si kont\u00e9ner&nbsp;<\/a><\/li><\/ul><\/li><li class='ez-toc-page-1 ez-toc-heading-level-2'><a class=\"ez-toc-link ez-toc-heading-22\" href=\"https:\/\/moverdb.com\/hu\/container-shipping\/to-qatar-from-australia\/#Shipping_a_Car_What_You_Need_to_Know\" >Aut\u00f3sz\u00e1ll\u00edt\u00e1s: Mit kell tudnia<\/a><ul class='ez-toc-list-level-3' ><li class='ez-toc-heading-level-3'><a class=\"ez-toc-link ez-toc-heading-23\" href=\"https:\/\/moverdb.com\/hu\/container-shipping\/to-qatar-from-australia\/#Regulations_and_Requirements\" >Szab\u00e1lyoz\u00e1sok \u00e9s k\u00f6vetelm\u00e9nyek<\/a><\/li><li class='ez-toc-page-1 ez-toc-heading-level-3'><a class=\"ez-toc-link ez-toc-heading-24\" href=\"https:\/\/moverdb.com\/hu\/container-shipping\/to-qatar-from-australia\/#Duties_and_Taxes\" >V\u00e1mok \u00e9s ad\u00f3k<\/a><\/li><li class='ez-toc-page-1 ez-toc-heading-level-3'><a class=\"ez-toc-link ez-toc-heading-25\" href=\"https:\/\/moverdb.com\/hu\/container-shipping\/to-qatar-from-australia\/#Necessary_Documentation\" >Sz\u00fcks\u00e9ges dokument\u00e1ci\u00f3<\/a><\/li><li class='ez-toc-page-1 ez-toc-heading-level-3'><a class=\"ez-toc-link ez-toc-heading-26\" href=\"https:\/\/moverdb.com\/hu\/container-shipping\/to-qatar-from-australia\/#Preparation\" >El\u0151k\u00e9sz\u00edt\u00e9s<\/a><\/li><\/ul><\/li><li class='ez-toc-page-1 ez-toc-heading-level-2'><a class=\"ez-toc-link ez-toc-heading-27\" href=\"https:\/\/moverdb.com\/hu\/container-shipping\/to-qatar-from-australia\/#Shipping_Times_for_Sea_Freight_to_Qatar_from_Australia\" >Sz\u00e1ll\u00edt\u00e1si id\u0151k a tengeri sz\u00e1ll\u00edtm\u00e1nyoz\u00e1shoz Katarba Ausztr\u00e1li\u00e1b\u00f3l<\/a><\/li><li class='ez-toc-page-1 ez-toc-heading-level-2'><a class=\"ez-toc-link ez-toc-heading-28\" href=\"https:\/\/moverdb.com\/hu\/container-shipping\/to-qatar-from-australia\/#Government_Regulations_and_the_Customs_Process\" >Korm\u00e1nyzati rendeletek \u00e9s a v\u00e1melj\u00e1r\u00e1s<\/a><ul class='ez-toc-list-level-3' ><li class='ez-toc-heading-level-3'><a class=\"ez-toc-link ez-toc-heading-29\" href=\"https:\/\/moverdb.com\/hu\/container-shipping\/to-qatar-from-australia\/#Necessary_Documentation_for_Container_Shipping\" >A kont\u00e9neres sz\u00e1ll\u00edt\u00e1shoz sz\u00fcks\u00e9ges dokument\u00e1ci\u00f3<\/a><\/li><li class='ez-toc-page-1 ez-toc-heading-level-3'><a class=\"ez-toc-link ez-toc-heading-30\" href=\"https:\/\/moverdb.com\/hu\/container-shipping\/to-qatar-from-australia\/#Qatars_Customs_Regulations\" >Katar v\u00e1mszab\u00e1lyai<\/a><\/li><li class='ez-toc-page-1 ez-toc-heading-level-3'><a class=\"ez-toc-link ez-toc-heading-31\" href=\"https:\/\/moverdb.com\/hu\/container-shipping\/to-qatar-from-australia\/#Australias_Export_Regulations\" >Ausztr\u00e1lia kiviteli szab\u00e1lyoz\u00e1sa<\/a><\/li><\/ul><\/li><li class='ez-toc-page-1 ez-toc-heading-level-2'><a class=\"ez-toc-link ez-toc-heading-32\" href=\"https:\/\/moverdb.com\/hu\/container-shipping\/to-qatar-from-australia\/#Top_Goods_and_Services_Imported_by_Qatar\" >Katar \u00e1ltal import\u00e1lt legfontosabb \u00e1ruk \u00e9s szolg\u00e1ltat\u00e1sok<\/a><ul class='ez-toc-list-level-3' ><li class='ez-toc-heading-level-3'><a class=\"ez-toc-link ez-toc-heading-33\" href=\"https:\/\/moverdb.com\/hu\/container-shipping\/to-qatar-from-australia\/#Major_Goods_Imported_by_Qatar\" >Katar \u00e1ltal import\u00e1lt f\u0151bb \u00e1ruk<\/a><\/li><li class='ez-toc-page-1 ez-toc-heading-level-3'><a class=\"ez-toc-link ez-toc-heading-34\" href=\"https:\/\/moverdb.com\/hu\/container-shipping\/to-qatar-from-australia\/#The_Demand_for_Products_from_Australia\" >Az ausztr\u00e1l term\u00e9kek ir\u00e1nti kereslet<\/a><\/li><\/ul><\/li><li class='ez-toc-page-1 ez-toc-heading-level-2'><a class=\"ez-toc-link ez-toc-heading-35\" href=\"https:\/\/moverdb.com\/hu\/container-shipping\/to-qatar-from-australia\/#Restricted_Items_for_Shipping_to_Qatar\" >Korl\u00e1tozott t\u00e9telek Katarba t\u00f6rt\u00e9n\u0151 sz\u00e1ll\u00edt\u00e1s eset\u00e9n<\/a><ul class='ez-toc-list-level-3' ><li class='ez-toc-heading-level-3'><a class=\"ez-toc-link ez-toc-heading-36\" href=\"https:\/\/moverdb.com\/hu\/container-shipping\/to-qatar-from-australia\/#Prohibited_Items_for_Import_in_Qatar\" >Katarba t\u00f6rt\u00e9n\u0151 behozatalra tiltott term\u00e9kek<\/a><\/li><li class='ez-toc-page-1 ez-toc-heading-level-3'><a class=\"ez-toc-link ez-toc-heading-37\" href=\"https:\/\/moverdb.com\/hu\/container-shipping\/to-qatar-from-australia\/#Restricted_Items_Requiring_Certifications_or_Special_Permits\" >Tan\u00fas\u00edtv\u00e1nyokat vagy k\u00fcl\u00f6nleges enged\u00e9lyeket ig\u00e9nyl\u0151 korl\u00e1tozott term\u00e9kek<\/a><\/li><\/ul><\/li><li class='ez-toc-page-1 ez-toc-heading-level-2'><a class=\"ez-toc-link ez-toc-heading-38\" href=\"https:\/\/moverdb.com\/hu\/container-shipping\/to-qatar-from-australia\/#Obtaining_a_Personalized_Quote\" >Szem\u00e9lyre szabott \u00e1raj\u00e1nlat beszerz\u00e9se<\/a><ul class='ez-toc-list-level-3' ><li class='ez-toc-heading-level-3'><a class=\"ez-toc-link ez-toc-heading-39\" href=\"https:\/\/moverdb.com\/hu\/container-shipping\/to-qatar-from-australia\/#How_to_Use_Our_Quoting_Tool\" >Hogyan haszn\u00e1lja az \u00e1raj\u00e1nlatk\u00e9r\u0151 eszk\u00f6z\u00fcnket<\/a><\/li><\/ul><\/li><li class='ez-toc-page-1 ez-toc-heading-level-2'><a class=\"ez-toc-link ez-toc-heading-40\" href=\"https:\/\/moverdb.com\/hu\/container-shipping\/to-qatar-from-australia\/#FAQ\" >F.A.Q.<\/a><ul class='ez-toc-list-level-3' ><li class='ez-toc-heading-level-3'><a class=\"ez-toc-link ez-toc-heading-41\" href=\"https:\/\/moverdb.com\/hu\/container-shipping\/to-qatar-from-australia\/#How_far_in_advance_should_I_book_my_shipping_container\" >Mennyi id\u0151re el\u0151re kell lefoglalnom a kont\u00e9neremet?<\/a><\/li><li class='ez-toc-page-1 ez-toc-heading-level-3'><a class=\"ez-toc-link ez-toc-heading-42\" href=\"https:\/\/moverdb.com\/hu\/container-shipping\/to-qatar-from-australia\/#Whats_the_difference_between_a_door-to-door_and_port-to-port_shipping_service\" >Mi a k\u00fcl\u00f6nbs\u00e9g a h\u00e1zt\u00f3l h\u00e1zig \u00e9s a kik\u00f6t\u0151t\u0151l kik\u00f6t\u0151ig sz\u00e1ll\u00edt\u00e1si szolg\u00e1ltat\u00e1s k\u00f6z\u00f6tt?<\/a><\/li><li class='ez-toc-page-1 ez-toc-heading-level-3'><a class=\"ez-toc-link ez-toc-heading-43\" href=\"https:\/\/moverdb.com\/hu\/container-shipping\/to-qatar-from-australia\/#Can_I_pack_my_shipping_container_myself\" >Becsomagolhatom \u00e9n magam a kont\u00e9neremet?<\/a><\/li><li class='ez-toc-page-1 ez-toc-heading-level-3'><a class=\"ez-toc-link ez-toc-heading-44\" href=\"https:\/\/moverdb.com\/hu\/container-shipping\/to-qatar-from-australia\/#How_is_the_cost_of_shipping_a_container_calculated\" >Hogyan sz\u00e1m\u00edtj\u00e1k ki egy kont\u00e9ner sz\u00e1ll\u00edt\u00e1si k\u00f6lts\u00e9g\u00e9t?<\/a><\/li><li class='ez-toc-page-1 ez-toc-heading-level-3'><a class=\"ez-toc-link ez-toc-heading-45\" href=\"https:\/\/moverdb.com\/hu\/container-shipping\/to-qatar-from-australia\/#What_are_the_payment_terms_for_shipping_a_container\" >Milyen fizet\u00e9si felt\u00e9telek vonatkoznak a kont\u00e9ner sz\u00e1ll\u00edt\u00e1s\u00e1ra?<\/a><\/li><li class='ez-toc-page-1 ez-toc-heading-level-3'><a class=\"ez-toc-link ez-toc-heading-46\" href=\"https:\/\/moverdb.com\/hu\/container-shipping\/to-qatar-from-australia\/#Are_there_any_additional_fees_I_should_be_aware_of\" >Vannak-e tov\u00e1bbi d\u00edjak, amelyekkel tiszt\u00e1ban kell lennem?<\/a><\/li><li class='ez-toc-page-1 ez-toc-heading-level-3'><a class=\"ez-toc-link ez-toc-heading-47\" href=\"https:\/\/moverdb.com\/hu\/container-shipping\/to-qatar-from-australia\/#What_are_demurrage_and_detention_fees_and_how_can_I_avoid_them\" >Mik azok a k\u00e9sedelmi \u00e9s visszatart\u00e1si d\u00edjak, \u00e9s hogyan ker\u00fclhetem el \u0151ket?<\/a><\/li><li class='ez-toc-page-1 ez-toc-heading-level-3'><a class=\"ez-toc-link ez-toc-heading-48\" href=\"https:\/\/moverdb.com\/hu\/container-shipping\/to-qatar-from-australia\/#Is_there_any_way_to_reduce_shipping_costs\" >Van m\u00f3d a sz\u00e1ll\u00edt\u00e1si k\u00f6lts\u00e9gek cs\u00f6kkent\u00e9s\u00e9re?<\/a><\/li><li class='ez-toc-page-1 ez-toc-heading-level-3'><a class=\"ez-toc-link ez-toc-heading-49\" href=\"https:\/\/moverdb.com\/hu\/container-shipping\/to-qatar-from-australia\/#What_should_I_consider_when_choosing_a_shipping_company\" >Mit kell figyelembe vennem a sz\u00e1ll\u00edtm\u00e1nyoz\u00f3 c\u00e9g kiv\u00e1laszt\u00e1sakor?<\/a><\/li><li class='ez-toc-page-1 ez-toc-heading-level-3'><a class=\"ez-toc-link ez-toc-heading-50\" href=\"https:\/\/moverdb.com\/hu\/container-shipping\/to-qatar-from-australia\/#What_should_I_do_if_my_shipment_is_held_by_customs\" >Mit kell tennem, ha a k\u00fcldem\u00e9nyemet visszatartja a v\u00e1mhat\u00f3s\u00e1g?<\/a><\/li><\/ul><\/li><li class='ez-toc-page-1 ez-toc-heading-level-2'><a class=\"ez-toc-link ez-toc-heading-51\" href=\"https:\/\/moverdb.com\/hu\/container-shipping\/to-qatar-from-australia\/#Other_Useful_Guides_to_Qatar\" >Egy\u00e9b hasznos \u00fatmutat\u00f3k Katarhoz<\/a><\/li><\/ul><\/nav><\/div>\n<h2 class=\"wp-block-heading\"><span class=\"ez-toc-section\" id=\"Major_Ports_and_Routes_Connecting_Qatar_and_Australia\"><\/span>Katart \u00e9s Ausztr\u00e1li\u00e1t \u00f6sszek\u00f6t\u0151 f\u0151bb kik\u00f6t\u0151k \u00e9s \u00fatvonalak<span class=\"ez-toc-section-end\"><\/span><\/h2>\r\n\r\n\r\n\r\n<p>Kezdj\u00fck azzal, hogy m\u00e9lyre mer\u00fcl\u00fcnk a tengeri sug\u00e1rutakban, amelyek \u00f6sszek\u00f6tik az ausztr\u00e1l kontinenst az Arab-f\u00e9lsziget \u00e9kk\u00f6v\u00e9vel, Katarral. Az \u00f3ce\u00e1non \u00e1t\u00edvel\u0151, ny\u00fczsg\u0151 \u00fatvonalak nagy h\u00e1l\u00f3ja az eg\u00e9sz. <a href=\"https:\/\/moverdb.com\/hu\/top-49-container-ports\/\" data-internallinksmanager029f6b8e52c=\"80\" title=\"Top 49 legnagyobb \u00e9s legforgalmasabb kont\u00e9nerkik\u00f6t\u0151 2025-ben\">kik\u00f6t\u0151k<\/a> mindig tele van tev\u00e9kenys\u00e9ggel, \u00e9s hatalmas haj\u00f3k sz\u00e1ll\u00edtj\u00e1k a kincseket e t\u00e1voli orsz\u00e1gok k\u00f6z\u00f6tt.<\/p>\r\n\r\n\r\n\r\n<p>\u00cdme a kiemelked\u0151 kik\u00f6t\u0151k \u00e9s \u00fatvonalak, amelyek \u00f6sszek\u00f6tik az orsz\u00e1gok kult\u00far\u00e1j\u00e1t, gazdas\u00e1g\u00e1t \u00e9s \u00fczleteit.<\/p>\r\n\r\n\r\n\r\n<h3 class=\"wp-block-heading\"><span class=\"ez-toc-section\" id=\"Major_Container_Ports_in_Qatar\"><\/span>Katar f\u0151bb kont\u00e9nerkik\u00f6t\u0151i<span class=\"ez-toc-section-end\"><\/span><\/h3>\r\n\r\n\r\n\r\n<ol class=\"wp-block-list\">\r\n<li><a href=\"https:\/\/www.mwani.com.qa\/English\/Ports\/HamadPort\/Pages\/default.aspx\" target=\"_blank\" rel=\"noreferrer noopener\"><strong>Hamad kik\u00f6t\u0151<\/strong><br><\/a>Katar kapuja a vil\u00e1g fel\u00e9, a Hamad kik\u00f6t\u0151 nem csak nagy, hanem az \u00d6b\u00f6l menti kik\u00f6t\u0151k tit\u00e1nja is, \u00e9vente mintegy 1,7 milli\u00f3 TEU-t kezel. A Doh\u00e1t\u00f3l d\u00e9lre tal\u00e1lhat\u00f3 kik\u00f6t\u0151 a nemzetk\u00f6zi kereskedelem csom\u00f3pontja, \u00e9s olyan korszer\u0171 l\u00e9tes\u00edtm\u00e9nyekkel b\u00fcszk\u00e9lkedhet, amelyek a vil\u00e1g legnagyobb haj\u00f3it is k\u00e9pesek kezelni. <a href=\"https:\/\/moverdb.com\/hu\/top-10-largest-container-ships-in-2022\/\" data-internallinksmanager029f6b8e52c=\"84\" title=\"Top 10 legnagyobb kont\u00e9nerhaj\u00f3 2026-ban\">kont\u00e9nerhaj\u00f3k<\/a>.\u00a0<\/li>\r\n<\/ol>\r\n\r\n\r\n\r\n<ol class=\"wp-block-list\" start=\"2\">\r\n<li><a href=\"https:\/\/www.mwani.com.qa\/English\/Ports\/Pages\/DohaPort.aspx\" target=\"_blank\" rel=\"noreferrer noopener\"><strong>Dohai kik\u00f6t\u0151<\/strong><br><\/a>Katar tenger\u00e9szeti t\u00f6rt\u00e9nelm\u00e9nek dobog\u00f3 sz\u00edve, a dohai kik\u00f6t\u0151 megfiatalodott, hogy a s\u00e9tahaj\u00f3k fogad\u00e1s\u00e1ra alkalmas legyen, de m\u00e9g mindig l\u00e9tfontoss\u00e1g\u00fa szerepet j\u00e1tszik a kont\u00e9nersz\u00e1ll\u00edt\u00e1sban, k\u00fcl\u00f6n\u00f6sen a speci\u00e1lisabb vagy kisebb sz\u00e1ll\u00edtm\u00e1nyok eset\u00e9ben, amelyek a szem\u00e9lyes \u00e9rint\u00e9st r\u00e9szes\u00edtik el\u0151nyben.<\/li>\r\n<\/ol>\r\n\r\n\r\n\r\n<ol class=\"wp-block-list\" start=\"3\">\r\n<li><a href=\"https:\/\/www.qatarenergy.qa\/en\/MarketingAndTrading\/Pages\/PortsInformation.aspx\" target=\"_blank\" rel=\"noreferrer noopener\"><strong>Ras Laffan kik\u00f6t\u0151<\/strong><br><\/a>B\u00e1r Ras Laffan els\u0151sorban a foly\u00e9kony f\u00f6ldg\u00e1z exportj\u00e1r\u00f3l ismert, id\u0151nk\u00e9nt a kont\u00e9nersz\u00e1ll\u00edt\u00e1ssal is kac\u00e9rkodik, k\u00fcl\u00f6n\u00f6sen az energia\u00e1gazathoz kapcsol\u00f3d\u00f3 berendez\u00e9sek \u00e9s \u00e1ruk eset\u00e9ben. Strat\u00e9giai elhelyezked\u00e9se \u00e9s l\u00e9tes\u00edtm\u00e9nyei miatt a logisztikai j\u00e1t\u00e9k kulcsfontoss\u00e1g\u00fa szerepl\u0151je.<\/li>\r\n<\/ol>\r\n\r\n\r\n\r\n<ol class=\"wp-block-list\" start=\"4\">\r\n<li><a href=\"https:\/\/www.unitedshippingqatar.com\/wp-content\/uploads\/2020\/08\/Mesaieed-Port-info.pdf\" target=\"_blank\" rel=\"noreferrer noopener\"><strong>Mesaieed kik\u00f6t\u0151<\/strong><br><\/a>Gondoljon \u00fagy Mesaieedre, mint Katar tengeri infrastrukt\u00far\u00e1j\u00e1nak mindenre kiterjed\u0151 eszk\u00f6z\u00e9re. Sokoldal\u00fa, az ipari \u00e1rukt\u00f3l kezdve az \u00f6mlesztett sz\u00e1ll\u00edtm\u00e1nyokig \u00e9s igen, a kont\u00e9nerekig mindent kezel. Az ipari z\u00f3n\u00e1khoz val\u00f3 k\u00f6zels\u00e9ge miatt az export sz\u00e1m\u00e1ra is kedvelt.<\/li>\r\n<\/ol>\r\n\r\n\r\n\r\n<h3 class=\"wp-block-heading\"><span class=\"ez-toc-section\" id=\"Major_Container_Ports_in_Australia\"><\/span>Nagyobb kont\u00e9nerkik\u00f6t\u0151k Ausztr\u00e1li\u00e1ban<span class=\"ez-toc-section-end\"><\/span><\/h3>\r\n\r\n\r\n\r\n<ol class=\"wp-block-list\">\r\n<li><a href=\"https:\/\/www.portauthoritynsw.com.au\/port-botany\/\" target=\"_blank\" rel=\"noreferrer noopener\"><strong>Sydney kik\u00f6t\u0151je (Botany)<\/strong><br><\/a>Nem csak a leny\u0171g\u00f6z\u0151 operah\u00e1zi k\u00e9pek\u00e9rt, <a href=\"https:\/\/moverdb.com\/hu\/moving-to-sydney\/\" data-internallinksmanager029f6b8e52c=\"70\" title=\"Sydneybe k\u00f6lt\u00f6zik? 2022 \u00c9letk\u00f6lts\u00e9gek \u00e9s k\u00f6lt\u00f6z\u00e9si tippek\">Sydney<\/a>Botany kik\u00f6t\u0151je a kont\u00e9nersz\u00e1ll\u00edt\u00e1s egyik er\u0151m\u0171ve. Ez a Hamad Port ausztr\u00e1l megfelel\u0151je, amely az elk\u00e9pzelhet\u0151 legnagyobb m\u00e9ret\u0171 haj\u00f3k kezel\u00e9s\u00e9re van felszerelve, amelyek a t\u0171kt\u0151l az eg\u00e9sz lak\u00e1sokig mindenf\u00e9l\u00e9vel meg vannak t\u00f6ltve.<\/li>\r\n<\/ol>\r\n\r\n\r\n\r\n<ol class=\"wp-block-list\" start=\"2\">\r\n<li><a href=\"https:\/\/www.portofmelbourne.com\/\" target=\"_blank\" rel=\"noreferrer noopener\"><strong>Melbourne kik\u00f6t\u0151je<\/strong><br><\/a>Gondolj Melbourne-re \u00fagy, mint a men\u0151, kultur\u00e1lis helysz\u00ednre, amely mindenkit vonz, de a haj\u00f3z\u00e1s\u00e9rt. Ez Ausztr\u00e1lia legforgalmasabb kont\u00e9nerkik\u00f6t\u0151je, ahol a divat\u00e1rukt\u00f3l az \u00e9lelmiszerekig mindenf\u00e9le \u00e1rut k\u00fcldenek \u00e9s fogadnak, mindezt a fejlett kezel\u0151berendez\u00e9sek seg\u00edts\u00e9g\u00e9vel.<\/li>\r\n<\/ol>\r\n\r\n\r\n\r\n<ol class=\"wp-block-list\" start=\"3\">\r\n<li><a href=\"https:\/\/www.portbris.com.au\/\" target=\"_blank\" rel=\"noreferrer noopener\"><strong>Brisbane kik\u00f6t\u0151je<\/strong><br><\/a>Ahol a foly\u00f3 \u00e9s a tenger tal\u00e1lkozik, <a href=\"https:\/\/moverdb.com\/hu\/moving-to-brisbane\/\" data-internallinksmanager029f6b8e52c=\"255\" title=\"Brisbane-be k\u00f6lt\u00f6zik? 2023 Lakhat\u00e1si k\u00f6lts\u00e9gek \u00e9s k\u00f6lt\u00f6z\u00e9si tippek\">Brisbane<\/a>kik\u00f6t\u0151je k\u00e9szen \u00e1ll arra, hogy minden tengeri \u00e1rufuvaroz\u00e1si kih\u00edv\u00e1ssal megbirk\u00f3zzon. A kik\u00f6t\u0151 kulcsszerepet j\u00e1tszik az exportban, Queensland legjav\u00e1t k\u00fcldi ki, az \u00e1sv\u00e1nyi anyagokt\u00f3l a g\u00e9pekig, \u00e9s term\u00e9szetesen a marhah\u00fast \u00e9s baromfit, amely a vil\u00e1gon minden\u00fctt keresett, k\u00fcl\u00f6n\u00f6sen Katarban.<\/li>\r\n<\/ol>\r\n\r\n\r\n\r\n<ol class=\"wp-block-list\" start=\"4\">\r\n<li><a href=\"https:\/\/www.fremantleports.com.au\/\" target=\"_blank\" rel=\"noreferrer noopener\"><strong>Fremantle Port (Perth)<\/strong><br><\/a>A nyugati fronton Fremantle a kapu \u00c1zsia \u00e9s azon t\u00fal. Innen indulnak \u00fatnak az ausztr\u00e1l \u00e1ruk a t\u00e1voli piacokra, t\u00f6bbek k\u00f6z\u00f6tt Katarba, ahol nyersanyagokkal, mez\u0151gazdas\u00e1gi term\u00e9kekkel \u00e9s feldolgozott \u00e1rukkal teli kont\u00e9nerekkel sz\u00e1ll\u00edtj\u00e1k \u0151ket.<\/li>\r\n<\/ol>\r\n\r\n\r\n\r\n<h3 class=\"wp-block-heading\"><span class=\"ez-toc-section\" id=\"Popular_Sea_Routes_Connecting_Qatar_and_Australia\"><\/span>N\u00e9pszer\u0171 tengeri \u00fatvonalak Katar \u00e9s Ausztr\u00e1lia k\u00f6z\u00f6tt<span class=\"ez-toc-section-end\"><\/span><\/h3>\r\n\r\n\r\n\r\n<p>A var\u00e1zslat akkor t\u00f6rt\u00e9nik, amikor ezek a kik\u00f6t\u0151k az \u00f3ce\u00e1n l\u00e1thatatlan \u00fatjain kereszt\u00fcl \u00f6sszekapcsol\u00f3dnak. E k\u00e9t orsz\u00e1g k\u00f6z\u00f6tt nincsenek k\u00f6zvetlen vonalak, amelyekre mindig sz\u00e1m\u00edthat, mivel a haj\u00f3z\u00e1si \u00fatvonalak ink\u00e1bb egy h\u00e1l\u00f3hoz hasonl\u00edtanak, amely folyamatosan alkalmazkodik \u00e9s v\u00e1ltozik.<\/p>\r\n\r\n\r\n\r\n<p>De vannak n\u00e9pszer\u0171 tengeri \u00fatvonalak, amelyek v\u00e9g\u00fcl \u00f6sszek\u00f6tik \u0151ket:<\/p>\r\n\r\n\r\n\r\n<ul class=\"wp-block-list\">\r\n<li><strong>Az \u00e9szaki \u00fatvonal<\/strong>: A haj\u00f3k \u00e9szaknyugati ir\u00e1nyba indulhatnak olyan ausztr\u00e1l kik\u00f6t\u0151kb\u0151l, mint Fremantle, \u00e1tkelnek az Indiai-\u00f3ce\u00e1non \u00e9s az Indiai-\u00f3ce\u00e1n d\u00e9li partvid\u00e9k\u00e9t \u00e9rintik. <a href=\"https:\/\/moverdb.com\/hu\/moving-to-india\/\" data-internallinksmanager029f6b8e52c=\"356\" title=\"Indi\u00e1ba k\u00f6lt\u00f6zik? 2023 \u00c9letk\u00f6lts\u00e9gek \u00e9s k\u00f6lt\u00f6z\u00e9si tippek\">India<\/a> miel\u0151tt \u00e1tjutn\u00e1nak az \u00d6b\u00f6l\u00f6n <a href=\"https:\/\/moverdb.com\/hu\/moving-to-oman\/\" data-internallinksmanager029f6b8e52c=\"355\" title=\"Om\u00e1nba k\u00f6lt\u00f6zik? 2023 Lakhat\u00e1si k\u00f6lts\u00e9gek \u00e9s k\u00f6lt\u00f6z\u00e9si tippek\">Om\u00e1n<\/a> Katar el\u00e9r\u00e9se \u00e9rdek\u00e9ben. Ez egy fest\u0151i \u00fatvonal, amely v\u00e9gtelen vizeken \u00e9s id\u0151nk\u00e9nt delfinek csord\u00e1ival vezeti \u00e1t a kont\u00e9nert.<\/li>\r\n<\/ul>\r\n\r\n\r\n\r\n<ul class=\"wp-block-list\">\r\n<li><strong>A d\u00e9li \u00fatvonal<\/strong>: Ez egy kis kit\u00e9r\u0151, kihaszn\u00e1lva az \u00e1ramlatokat, \u00e9s elker\u00fclve a kal\u00f3zok \u00e1ltal vesz\u00e9lyeztetett ter\u00fcleteket. A haj\u00f3k Ausztr\u00e1li\u00e1t\u00f3l nyugatra \u00e9s a J\u00f3rem\u00e9nys\u00e9g-fok k\u00f6r\u00fcl haj\u00f3zhatnak. Ezut\u00e1n az Atlanti-\u00f3ce\u00e1non \u00e9szak fel\u00e9 haladva visszav\u00e1g a F\u00f6ldk\u00f6zi-tengerbe, majd a Szuezi-csatorn\u00e1n kereszt\u00fcl Katarba. Ez egy sokkal hosszabb \u00fat, de meg\u00e9ri a plusz m\u00e9rf\u00f6ldeket az \u00fat ment\u00e9n tal\u00e1lhat\u00f3 afrikai \u00e9s eur\u00f3pai kik\u00f6t\u0151k miatt.<\/li>\r\n<\/ul>\r\n\r\n\r\n\r\n<ul class=\"wp-block-list\">\r\n<li><strong>A k\u00f6zvetlen \u00fatvonal<\/strong>: A b\u00e1trabb lelkek sz\u00e1m\u00e1ra l\u00e9tezik egy egyszer\u0171bb \u00fatvonal Ausztr\u00e1lia keleti partjait\u00f3l, amely egyenesen \u00e1tv\u00e1g az Indiai-\u00f3ce\u00e1non az Arab-tengerig, majd Katarba. Ez a leghat\u00e9konyabb a k\u00f6zvetlen sz\u00e1ll\u00edtm\u00e1nyok eset\u00e9ben, de nem n\u00e9pszer\u0171 a m\u00e1shov\u00e1 tart\u00f3, rakom\u00e1nyt sz\u00e1ll\u00edt\u00f3 haj\u00f3k k\u00f6r\u00e9ben.<\/li>\r\n<\/ul>\r\n\r\n\r\n\r\n<ul class=\"wp-block-list\">\r\n<li><strong>A d\u00e9lkelet-\u00e1zsiai \u00fatvonal<\/strong>: A haj\u00f3k \u00e1ltal\u00e1ban kik\u00f6t\u0151r\u0151l kik\u00f6t\u0151re j\u00e1rnak. Ez az \u00fatvonal kihaszn\u00e1lja a d\u00e9lkelet-\u00e1zsiai region\u00e1lis csom\u00f3pontok el\u0151nyeit, mint pl. <a href=\"https:\/\/moverdb.com\/hu\/moving-to-singapore\/\" data-internallinksmanager029f6b8e52c=\"68\" title=\"Szingap\u00farba k\u00f6lt\u00f6zik? 2022 \u00c9letk\u00f6lts\u00e9gek \u00e9s k\u00f6lt\u00f6z\u00e9si tippek\">Szingap\u00far<\/a>, <a href=\"https:\/\/moverdb.com\/hu\/moving-to-indonesia\/\" data-internallinksmanager029f6b8e52c=\"375\" title=\"Indon\u00e9zi\u00e1ba k\u00f6lt\u00f6zik? 2023 Meg\u00e9lhet\u00e9si k\u00f6lts\u00e9gek \u00e9s k\u00f6lt\u00f6z\u00e9si tippek\">Indon\u00e9zia<\/a>, vagy <a href=\"https:\/\/moverdb.com\/hu\/moving-to-malaysia\/\" data-internallinksmanager029f6b8e52c=\"379\" title=\"Malajzi\u00e1ba k\u00f6lt\u00f6zik? 2023 Meg\u00e9lhet\u00e9si k\u00f6lts\u00e9gek \u00e9s k\u00f6lt\u00f6z\u00e9si tippek\">Malajzia<\/a>, ahol az \u00e1rukat \u00e1trakhatj\u00e1k k\u00fcl\u00f6nb\u00f6z\u0151 haj\u00f3kra, miel\u0151tt tov\u00e1bbutazn\u00e1nak Katarba.<\/li>\r\n<\/ul>\r\n\r\n\r\n\r\n<p>Ezen \u00fatvonalak b\u00e1rmelyike kih\u00edv\u00e1sokkal j\u00e1rhat, a kal\u00f3zokt\u00f3l a viharokig, de olyan lehet\u0151s\u00e9geket is k\u00edn\u00e1l, mint az \u00faj piacok felfedez\u00e9se vagy a sz\u00e1ll\u00edt\u00e1si id\u0151k optimaliz\u00e1l\u00e1sa.<\/p>\r\n\r\n\r\n\r\n<p>Ebben a bonyolult h\u00e1l\u00f3zatban val\u00f3 eligazod\u00e1s k\u00e9szs\u00e9get, tapasztalatot \u00e9s n\u00e9mi b\u00e1tors\u00e1got ig\u00e9nyel. Mindig azt tan\u00e1csoljuk, hogy dolgozzon egy\u00fctt egy tapasztalt \u00e1rusz\u00e1ll\u00edt\u00e1si koordin\u00e1torral, hogy rakom\u00e1nya a legbiztons\u00e1gosabb \u00e9s leghat\u00e9konyabb \u00fatvonalat v\u00e1lassza.<\/p>\r\n\r\n\r\n\r\n<h2 class=\"wp-block-heading\"><span class=\"ez-toc-section\" id=\"Cost_Factors_in_Container_Shipping_to_Qatar_from_Australia\"><\/span>A kont\u00e9nersz\u00e1ll\u00edt\u00e1s k\u00f6lts\u00e9gt\u00e9nyez\u0151i Katarba Ausztr\u00e1li\u00e1b\u00f3l<span class=\"ez-toc-section-end\"><\/span><\/h2>\r\n\r\n\r\n\r\n<p>Az Ausztr\u00e1li\u00e1b\u00f3l Katarba tart\u00f3 kont\u00e9nersz\u00e1ll\u00edt\u00e1s olyan \u00e9rz\u00e9s lehet, mintha egy nagy kalandra indulna a tengeren \u00e1t. Azonban minden kalandnak megvannak a maga k\u00f6lts\u00e9gei, \u00e9s a sz\u00e1ll\u00edtm\u00e1nyoz\u00e1s tekintet\u00e9ben ezeknek a kiad\u00e1soknak az okos kezel\u00e9se h\u00e1tr\u00e1nyos lehet annak biztos\u00edt\u00e1s\u00e1hoz, hogy a rakom\u00e1nya \u00fagy \u00e9rjen c\u00e9lba, hogy ne mer\u00fclj\u00f6n ki a banksz\u00e1ml\u00e1j\u00e1n.<\/p>\r\n\r\n\r\n\r\n<p>Fejts\u00fck meg teh\u00e1t darabr\u00f3l darabra az ezzel a folyamattal j\u00e1r\u00f3 k\u00f6lts\u00e9gek rejt\u00e9ly\u00e9t.<\/p>\r\n\r\n\r\n\r\n<h3 class=\"wp-block-heading\"><span class=\"ez-toc-section\" id=\"Insurance\"><\/span>Biztos\u00edt\u00e1s<span class=\"ez-toc-section-end\"><\/span><\/h3>\r\n\r\n\r\n\r\n<p>A biztos\u00edt\u00e1s r\u00e9szletes pap\u00edrmunka form\u00e1j\u00e1ban \u00e9rkezik, hogy nyugalmat ny\u00fajtson \u00d6nnek, amikor az \u00e1ruja a ny\u00edlt tengeren k\u00fczd.<\/p>\r\n\r\n\r\n\r\n<p>Hogyan m\u0171k\u00f6dik mindez? Nos, a sz\u00e1ll\u00edtm\u00e1nybiztos\u00edt\u00e1s fedezi a rakom\u00e1ny elveszt\u00e9s\u00e9t vagy k\u00e1rosod\u00e1s\u00e1t, \u00e9s a tengeri utak kisz\u00e1m\u00edthatatlan term\u00e9szete miatt elengedhetetlen.<\/p>\r\n\r\n\r\n\r\n<p>A k\u00f6lts\u00e9gek az \u00e1ru \u00e9rt\u00e9k\u00e9t\u0151l \u00e9s a sz\u00e1ll\u00edt\u00e1si \u00fatvonal kock\u00e1zati szintj\u00e9t\u0151l f\u00fcggnek. A nagy \u00e9rt\u00e9k\u0171 rakom\u00e1nyok vagy a kal\u00f3zkod\u00e1sra hajlamos \u00fatvonalak magasabb d\u00edjat vonhatnak maguk ut\u00e1n.<\/p>\r\n\r\n\r\n\r\n<p>Teh\u00e1t a teljes sz\u00e1ll\u00edt\u00e1si \u00e1r egy apr\u00f3cska t\u00f6red\u00e9k\u00e9\u00e9rt a biztos\u00edt\u00e1s fedezi az \u00e1rut, \u00e9s lehet\u0151v\u00e9 teszi, hogy nyugodtan aludjon \u00e9jszaka.<\/p>\r\n\r\n\r\n\r\n<h3 class=\"wp-block-heading\"><span class=\"ez-toc-section\" id=\"Packing_Services\"><\/span>Csomagol\u00e1si szolg\u00e1ltat\u00e1sok<span class=\"ez-toc-section-end\"><\/span><\/h3>\r\n\r\n\r\n\r\n<p>Gondoljon \u00fagy a csomagol\u00e1si szolg\u00e1ltat\u00e1sokra, mint a sz\u00e1ll\u00edt\u00e1s meg nem \u00e9nekelt h\u0151seire. Lehet, hogy kor\u00e1bban soha nem gondolt arra, hogy sz\u00fcks\u00e9ge van r\u00e1juk, de mindenki, akinek volt m\u00e1r rossz sz\u00e1ll\u00edt\u00e1si tapasztalata, tudja, hogy ezek a szolg\u00e1ltat\u00e1sok mennyire \u00e9letment\u0151ek lehetnek.<\/p>\r\n\r\n\r\n\r\n<p>A megfelel\u0151 csomagol\u00e1s biztos\u00edtja, hogy az \u00e1ru ugyanolyan \u00e1llapotban \u00e9rkezzen meg, mint ahogyan elindult, megk\u00fczdve a rezg\u00e9sekkel, a p\u00e1ratartalommal \u00e9s az id\u0151nk\u00e9nt viharos tengerrel. A k\u00f6lts\u00e9gek sz\u00e9les sk\u00e1l\u00e1n mozognak, att\u00f3l f\u00fcgg\u0151en, hogy egyszer\u0171 dobozol\u00e1sra, bonyolult elektronikai vagy g\u00e9pi berendez\u00e9sek csomagol\u00e1s\u00e1ra, vagy romland\u00f3 \u00e1ruk eset\u00e9ben h\u0151m\u00e9rs\u00e9klet-szab\u00e1lyozott kont\u00e9nerekre van-e sz\u00fcks\u00e9ge.<\/p>\r\n\r\n\r\n\r\n<p>T\u00e9nyleg nem akarja elker\u00fclni a var\u00e1zslatos \u00e9rint\u00e9s\u00fcket, mivel a sp\u00f3rol\u00e1s s\u00e9r\u00fclt \u00e1rukhoz \u00e9s felesleges fejf\u00e1j\u00e1shoz vezethet.<\/p>\r\n\r\n\r\n\r\n<h3 class=\"wp-block-heading\"><span class=\"ez-toc-section\" id=\"Pick-Up_and_Delivery\"><\/span>\u00c1tv\u00e9tel \u00e9s kisz\u00e1ll\u00edt\u00e1s<span class=\"ez-toc-section-end\"><\/span><\/h3>\r\n\r\n\r\n\r\n<p>Az \u00d6n kont\u00e9ner\u00e9nek \u00fatja nem a kik\u00f6t\u0151ben kezd\u0151dik, \u00e9s nem is ott \u00e9r v\u00e9get. Az \u00d6n kont\u00e9ner\u00e9nek a kik\u00f6t\u0151be \u00e9s a kik\u00f6t\u0151b\u0151l t\u00f6rt\u00e9n\u0151 sz\u00e1ll\u00edt\u00e1s\u00e1t a felv\u00e9teli \u00e9s sz\u00e1ll\u00edt\u00e1si szolg\u00e1ltat\u00e1sok v\u00e9gzik.<\/p>\r\n\r\n\r\n\r\n<p>A k\u00f6lts\u00e9gek itt a rakt\u00e1r \u00e9s a kik\u00f6t\u0151 k\u00f6z\u00f6tti t\u00e1vols\u00e1gt\u00f3l, valamint a katari v\u00e9g\u00e1llom\u00e1st\u00f3l f\u00fcggnek. A v\u00e1rosi ter\u00fcletek a megk\u00f6zel\u00edthet\u0151s\u00e9g miatt olcs\u00f3bb \u00e1rakat k\u00edn\u00e1lhatnak, m\u00edg a t\u00e1voli helysz\u00edneken a logisztikai \u00e9s id\u0151beli t\u00f6bbletk\u00f6lts\u00e9gek miatt jelent\u0151s fel\u00e1rat sz\u00e1m\u00edthatnak fel.<\/p>\r\n\r\n\r\n\r\n<h3 class=\"wp-block-heading\"><span class=\"ez-toc-section\" id=\"Taxes_and_Duty_Charges\"><\/span>Ad\u00f3k \u00e9s v\u00e1mok<span class=\"ez-toc-section-end\"><\/span><\/h3>\r\n\r\n\r\n\r\n<p>B\u00e1rmerre fordulsz, az ad\u00f3k \u00e9s v\u00e1mok elker\u00fclhetetlen\u00fcl ott vannak m\u00f6g\u00f6tted. Ez igaz a kont\u00e9nersz\u00e1ll\u00edt\u00e1sra is.<\/p>\r\n\r\n\r\n\r\n<p>Az ad\u00f3k \u00e9s v\u00e1mok a v\u00e1mhat\u00f3s\u00e1gok \u00e1ltal a Katarba t\u00f6rt\u00e9n\u0151 bel\u00e9p\u00e9skor az \u00d6n \u00e1ruj\u00e1ra kivetett d\u00edjak. A v\u00e1mt\u00e9telek a term\u00e9kkateg\u00f3ri\u00e1t\u00f3l, az \u00e9rt\u00e9kt\u0151l \u00e9s az Ausztr\u00e1lia \u00e9s Katar k\u00f6z\u00f6tt \u00e9rv\u00e9nyben l\u00e9v\u0151 kereskedelmi meg\u00e1llapod\u00e1sokt\u00f3l f\u00fcgg\u0151en ugyanolyan v\u00e1ltozatosak lehetnek, mint maguk az \u00e1ruk.<\/p>\r\n\r\n\r\n\r\n<p>Ha itt elv\u00e9gzi a h\u00e1zi feladat\u00e1t, megk\u00edm\u00e9lheti a v\u00e1ratlan k\u00f6lts\u00e9gekt\u0151l, \u00e9s lehet\u0151v\u00e9 teheti, hogy k\u00e9sedelem n\u00e9lk\u00fcl v\u00e1mkezelhesse az \u00e1rut.<\/p>\r\n\r\n\r\n\r\n<h3 class=\"wp-block-heading\"><span class=\"ez-toc-section\" id=\"Storage\"><\/span>T\u00e1rol\u00e1s<span class=\"ez-toc-section-end\"><\/span><\/h3>\r\n\r\n\r\n\r\n<p>N\u00e9ha el\u0151fordulhat, hogy az \u00e1runak egy kis sz\u00fcnetet kell tartania a kik\u00f6t\u0151ben, ak\u00e1r haj\u00f3ra, ak\u00e1r v\u00e1mkezel\u00e9sre v\u00e1rva. A t\u00e1rol\u00e1si d\u00edjak akkor l\u00e9pnek \u00e9letbe, amikor a kont\u00e9ner a kik\u00f6t\u0151ben a megengedett szabad id\u0151n t\u00fal is helyet foglal.<\/p>\r\n\r\n\r\n\r\n<p>Ezek a d\u00edjak naponta felhalmoz\u00f3dnak, \u00e9s gyorsan jelent\u0151s kiad\u00e1ss\u00e1 v\u00e1lhatnak, k\u00fcl\u00f6n\u00f6sen k\u00e9s\u00e9sek eset\u00e9n. A tervez\u00e9s \u00e9s az id\u0151ben t\u00f6rt\u00e9n\u0151 feldolgoz\u00e1s a legjobb v\u00e9dekez\u00e9s a n\u00f6vekv\u0151 t\u00e1rol\u00e1si k\u00f6lts\u00e9gek ellen.<\/p>\r\n\r\n\r\n\r\n<h3 class=\"wp-block-heading\"><span class=\"ez-toc-section\" id=\"Additional_Charges\"><\/span>Kieg\u00e9sz\u00edt\u0151 d\u00edjak<span class=\"ez-toc-section-end\"><\/span><\/h3>\r\n\r\n\r\n\r\n<p>Ezek k\u00f6z\u00e9 tartozhatnak:<\/p>\r\n\r\n\r\n\r\n<ul class=\"wp-block-list\">\r\n<li><a href=\"https:\/\/www.marketscreener.com\/quote\/stock\/MAINFREIGHT-LIMITED-6492059\/news\/Mainfreight-Freight-Basics-What-is-Fuel-Adjustment-Factor-FAF--19779071\/\" target=\"_blank\" rel=\"noreferrer noopener\"><strong>\u00dczemanyag-kiigaz\u00edt\u00e1si t\u00e9nyez\u0151 (FAF)<\/strong><\/a><strong>:<\/strong> Ahogy az \u00fczemanyag\u00e1rak ingadoznak, \u00fagy v\u00e1ltozhatnak a sz\u00e1ll\u00edt\u00e1si k\u00f6lts\u00e9gek is. Ez a p\u00f3td\u00edj a glob\u00e1lis \u00fczemanyag\u00e1r-ingadoz\u00e1sokhoz igazodik.<\/li>\r\n<\/ul>\r\n\r\n\r\n\r\n<ul class=\"wp-block-list\">\r\n<li><a href=\"https:\/\/www.cogoport.com\/en-IN\/blogs\/currency-adjustment-factor\" target=\"_blank\" rel=\"noreferrer noopener\"><strong>Valutakorrekci\u00f3s t\u00e9nyez\u0151 (CAF)<\/strong><\/a>: Amikor az \u00e1rfolyamok ingadoznak, \u00e9s ez \u00d6nt vagy a <a href=\"https:\/\/moverdb.com\/hu\/shipping-companies\/\" data-internallinksmanager029f6b8e52c=\"4\" title=\"Top 10 nemzetk\u00f6zi kont\u00e9nersz\u00e1ll\u00edt\u00f3 c\u00e9gek\">haj\u00f3z\u00e1si v\u00e1llalat<\/a> magasabb k\u00f6lts\u00e9geket tapasztalni, ez a t\u00e9nyez\u0151 a fenn\u00e1ll\u00f3 vesztes\u00e9gek kiegyenl\u00edt\u00e9s\u00e9re szolg\u00e1l.<\/li>\r\n<\/ul>\r\n\r\n\r\n\r\n<ul class=\"wp-block-list\">\r\n<li><strong>Kik\u00f6t\u0151i torl\u00f3d\u00e1si d\u00edjak<\/strong>: A zs\u00fafolt kik\u00f6t\u0151k k\u00e9s\u00e9sekhez vezethetnek, \u00e9s ez a d\u00edj a zs\u00fafolt kik\u00f6t\u0151kben val\u00f3 \u00fczletk\u00f6t\u00e9s \u00e1ra.<\/li>\r\n<\/ul>\r\n\r\n\r\n\r\n<ul class=\"wp-block-list\">\r\n<li><strong>Dokument\u00e1ci\u00f3s d\u00edjak<\/strong>: Minden pap\u00edrmunka, a fuvarlev\u00e9lt\u0151l a v\u00e1m\u00e1ru-nyilatkozatig, d\u00edjk\u00f6teles lehet. A dokument\u00e1ci\u00f3 precizit\u00e1sa \u00e9s pontoss\u00e1ga elker\u00fclheti a k\u00f6lts\u00e9ges korrekci\u00f3kat.<\/li>\r\n<\/ul>\r\n\r\n\r\n\r\n<p>A kont\u00e9nersz\u00e1ll\u00edt\u00e1s \u00f6sszetett kirak\u00f3s j\u00e1t\u00e9k\u00e1ban minden egyes \u00f6sszetev\u0151, a biztos\u00edt\u00e1st\u00f3l kezdve a bosszant\u00f3 j\u00e1rul\u00e9kos d\u00edjakig, szerepet j\u00e1tszik. Ezeknek a k\u00f6lts\u00e9geknek a meg\u00e9rt\u00e9se a k\u00f6lts\u00e9gvet\u00e9s tervez\u00e9s\u00e9r\u0151l \u00e9s a sz\u00e1ll\u00edt\u00e1s strat\u00e9giai tervez\u00e9s\u00e9r\u0151l egyar\u00e1nt sz\u00f3l, hogy minimaliz\u00e1lja a kiad\u00e1sokat \u00e9s maximaliz\u00e1lja a hat\u00e9konys\u00e1got.<\/p>\r\n\r\n\r\n\r\n<p>Ezzel a tud\u00e1ssal most m\u00e1r felk\u00e9sz\u00fclt az Ausztr\u00e1li\u00e1b\u00f3l Katarba t\u00f6rt\u00e9n\u0151 sz\u00e1ll\u00edt\u00e1s p\u00e9nz\u00fcgyi szempontjainak megtervez\u00e9s\u00e9re, biztos\u00edtva, hogy rakom\u00e1nya ne \u00fctk\u00f6zz\u00f6n \u00fatk\u00f6zben akad\u00e1lyokba.<\/p>\r\n\r\n\r\n\r\n<h2 class=\"wp-block-heading\"><span class=\"ez-toc-section\" id=\"Modes_of_Container_Shipping\"><\/span>A kont\u00e9neres sz\u00e1ll\u00edt\u00e1s m\u00f3djai<span class=\"ez-toc-section-end\"><\/span><\/h2>\r\n\r\n\r\n\r\n<p>A megfelel\u0151 sz\u00e1ll\u00edt\u00e1si m\u00f3d kulcsfontoss\u00e1g\u00fa l\u00e1ncszem a kont\u00e9nersz\u00e1ll\u00edt\u00e1s nagy l\u00e1nc\u00e1ban, amely biztos\u00edtja a rakom\u00e1ny biztons\u00e1gos t\u00e1rol\u00e1s\u00e1t az utaz\u00e1s sor\u00e1n. Ak\u00e1r tapasztalt export\u0151r, ak\u00e1r \u00faj a j\u00e1t\u00e9kban, a rakom\u00e1nya sz\u00e1m\u00e1ra legmegfelel\u0151bb sz\u00e1ll\u00edt\u00e1si m\u00f3d megtal\u00e1l\u00e1sa a logisztikai r\u00e9m\u00e1lomb\u00f3l \u00e9sszer\u0171s\u00edtett\u00e9 teheti a sz\u00e1ll\u00edt\u00e1s \u00e9lm\u00e9ny\u00e9t.<\/p>\r\n\r\n\r\n\r\n<p>N\u00e9zz\u00fck v\u00e9gig az \u00f6sszes rendelkez\u00e9sre \u00e1ll\u00f3 lehet\u0151s\u00e9get.<\/p>\r\n\r\n\r\n\r\n<h3 class=\"wp-block-heading\"><span class=\"ez-toc-section\" id=\"FCL_%E2%80%93_Full_Container_Load\"><\/span>FCL - Teljes kont\u00e9nerrakom\u00e1ny<span class=\"ez-toc-section-end\"><\/span><\/h3>\r\n\r\n\r\n\r\n<p>K\u00e9pzelje el, hogy egy eg\u00e9sz kont\u00e9ner a mag\u00e1\u00e9 - ez az FCL. Ez olyan, mintha egy eg\u00e9sz buszt b\u00e9relne egy \u00fatra, m\u00e9g akkor is, ha nem t\u00f6lti meg az \u00f6sszes \u00fcl\u00e9st.<\/p>\r\n\r\n\r\n\r\n<p>Az FCL sz\u00e9ps\u00e9ge a hat\u00e9konys\u00e1g\u00e1ban \u00e9s biztons\u00e1g\u00e1ban rejlik. Mivel a kont\u00e9ner kiz\u00e1r\u00f3lag az \u00d6n\u00e9, az \u00d6n \u00e1rui az indul\u00e1st\u00f3l az \u00e9rkez\u00e9sig z\u00e1rtak \u00e9s \u00e9rintetlenek maradnak, \u00edgy minim\u00e1lisra cs\u00f6kken a s\u00e9r\u00fcl\u00e9s vagy vesztes\u00e9g kock\u00e1zata.<\/p>\r\n\r\n\r\n\r\n<ul class=\"wp-block-list\">\r\n<li><strong>\u00c1roptimaliz\u00e1l\u00e1s<\/strong>: Az FCL-rakom\u00e1nyok mennyis\u00e9gi egys\u00e9genk\u00e9nt p\u00e9nzt\u00e1rcabar\u00e1tabbak lehetnek, k\u00fcl\u00f6n\u00f6sen a nagy sz\u00e1ll\u00edtm\u00e1nyok eset\u00e9ben, mivel \u00d6n a kont\u00e9ner hely\u00e9\u00e9rt fizet, nem pedig az egyes raklapok\u00e9rt vagy dobozok\u00e9rt.<\/li>\r\n<\/ul>\r\n\r\n\r\n\r\n<ul class=\"wp-block-list\">\r\n<li><strong>Sebess\u00e9g<\/strong>: Az FCL gyakran gyorsabb tranzitid\u0151vel rendelkezik. A k\u00fcl\u00f6nb\u00f6z\u0151 felad\u00f3kt\u00f3l sz\u00e1rmaz\u00f3 \u00e1ruk \u00f6sszevon\u00e1sa n\u00e9lk\u00fcl a kont\u00e9ner egyenesen A pontb\u00f3l B pontba jut, ami ler\u00f6vid\u00edti a kik\u00f6t\u0151i feldolgoz\u00e1si id\u0151t.<\/li>\r\n<\/ul>\r\n\r\n\r\n\r\n<ul class=\"wp-block-list\">\r\n<li><strong>Rugalmass\u00e1g<\/strong>: K\u00fcl\u00f6nleges k\u00f6r\u00fclm\u00e9nyekre, p\u00e9ld\u00e1ul h\u0171t\u00e9sre vagy extra biztons\u00e1gra van sz\u00fcks\u00e9ge? Az FCL lehet\u0151v\u00e9 teszi a kont\u00e9ner k\u00f6rnyezet\u00e9nek ellen\u0151rz\u00e9s\u00e9t, az \u00e9rz\u00e9keny rakom\u00e1ny speci\u00e1lis ig\u00e9nyeinek megfelel\u0151en.<\/li>\r\n<\/ul>\r\n\r\n\r\n\r\n<h3 class=\"wp-block-heading\"><span class=\"ez-toc-section\" id=\"LCL_%E2%80%93_Less_than_Container_Load\"><\/span>LCL - Kevesebb mint kont\u00e9nerrakom\u00e1ny<span class=\"ez-toc-section-end\"><\/span><\/h3>\r\n\r\n\r\n\r\n<p>Ha nincs annyi \u00e1ruja, hogy egy eg\u00e9sz kont\u00e9nert megt\u00f6lts\u00f6n, az LCL megfelel\u0151 megold\u00e1s az \u00d6n sz\u00e1m\u00e1ra. Ez a m\u00f3d lehet\u0151v\u00e9 teszi, hogy m\u00e1s sz\u00e1ll\u00edtm\u00e1nyoz\u00f3kkal megossza a kont\u00e9nerteret. \u00d6n csak az \u00d6n \u00e1ltal haszn\u00e1lt hely\u00e9rt fizet, \u00edgy kisebb sz\u00e1ll\u00edtm\u00e1nyok eset\u00e9n k\u00f6lts\u00e9ghat\u00e9kony v\u00e1laszt\u00e1s.<\/p>\r\n\r\n\r\n\r\n<ul class=\"wp-block-list\">\r\n<li><strong>Hozz\u00e1f\u00e9rhet\u0151s\u00e9g<\/strong>: Az LCL egy olyan kapu, amelyen kereszt\u00fcl minden m\u00e9ret\u0171 v\u00e1llalkoz\u00e1s r\u00e9szt vehet a nemzetk\u00f6zi kereskedelemben an\u00e9lk\u00fcl, hogy nagy mennyis\u00e9geket kellene el\u0151\u00e1ll\u00edtania.<\/li>\r\n<\/ul>\r\n\r\n\r\n\r\n<ul class=\"wp-block-list\">\r\n<li><strong>Rugalmass\u00e1g \u00e9s v\u00e1ltozatoss\u00e1g<\/strong>: Az LCL sokoldal\u00fa, \u00e9s egyetlen raklap k\u00e9zm\u0171ves s\u00f6rt\u0151l kezdve t\u00f6bb l\u00e1da neh\u00e9z szoborig mindent elvisel. R\u00e1ad\u00e1sul gyakori, rendszeres indul\u00e1sok biztos\u00edtj\u00e1k, hogy az \u00e1ru nem kell t\u00fal sokat v\u00e1rnia az \u00fatra.<\/li>\r\n<\/ul>\r\n\r\n\r\n\r\n<ul class=\"wp-block-list\">\r\n<li><strong>Megfontol\u00e1sok<\/strong>: M\u00edg az LCL k\u00f6nnyebb lehet a k\u00f6lts\u00e9gvet\u00e9se sz\u00e1m\u00e1ra, ez is j\u00e1r a maga bonyolults\u00e1g\u00e1val. Az \u00d6n rakom\u00e1ny\u00e1t t\u00f6bbet kell kezelni, mivel konszolid\u00e1lt \u00e9s nem konszolid\u00e1lt, ami potenci\u00e1lisan n\u00f6veli a s\u00e9r\u00fcl\u00e9s kock\u00e1zat\u00e1t. R\u00e1ad\u00e1sul a tranzitid\u0151 is hosszabb lehet a tov\u00e1bbi folyamatok miatt.<\/li>\r\n<\/ul>\r\n\r\n\r\n\r\n<h3 class=\"wp-block-heading\"><span class=\"ez-toc-section\" id=\"Breakbulk_and_Bulk_Shipping\"><\/span>\u00d6mlesztett \u00e9s \u00f6mlesztett \u00e1ruk sz\u00e1ll\u00edt\u00e1sa<span class=\"ez-toc-section-end\"><\/span><\/h3>\r\n\r\n\r\n\r\n<p>A kont\u00e9nereken t\u00fal l\u00e9tezik egy m\u00e1sik vil\u00e1g is, ahol a sz\u00e1ll\u00edtm\u00e1nyok nem f\u00e9rnek bele a dobozba (a sz\u00f3 szoros \u00e9rtelm\u00e9ben).<\/p>\r\n\r\n\r\n\r\n<ul class=\"wp-block-list\">\r\n<li><strong>\u00d6mlesztett \u00e1ruk sz\u00e1ll\u00edt\u00e1sa<\/strong>: Ez az \u00fczemm\u00f3d olyan rakom\u00e1nyra vonatkozik, amely t\u00fal nagy vagy k\u00e9nyelmetlen alak\u00fa ahhoz, hogy elf\u00e9rjen a kont\u00e9nerekben, \u00e9s egyedi rakod\u00e1st \u00e9s kezel\u00e9st ig\u00e9nyel, mint p\u00e9ld\u00e1ul az \u00f3ri\u00e1si gy\u00e1ri g\u00e9pek vagy a sz\u00e9lturbina lap\u00e1tok.<\/li>\r\n<\/ul>\r\n\r\n\r\n\r\n<ul class=\"wp-block-list\">\r\n<li><strong>T\u00f6meges sz\u00e1ll\u00edt\u00e1s<\/strong>: Ez a m\u00f3d a nyersanyagok, p\u00e9ld\u00e1ul az \u00e9rcek, \u00e1sv\u00e1nyok, sz\u00e9n vagy gabona ter\u00fclet\u00e9n uralkodik. Ezeket az \u00e1rukat k\u00f6zvetlen\u00fcl a haj\u00f3 rakter\u00e9be rakodj\u00e1k, \u00edgy ez a m\u00f3d a nagy mennyis\u00e9g\u0171, csomagol\u00e1st nem ig\u00e9nyl\u0151 sz\u00e1ll\u00edtm\u00e1nyok sz\u00e1m\u00e1ra a legmegfelel\u0151bb.<\/li>\r\n<\/ul>\r\n\r\n\r\n\r\n<ul class=\"wp-block-list\">\r\n<li><strong>Egyedi megold\u00e1sok<\/strong>: Mind az \u00f6mlesztett, mind az \u00f6mlesztett \u00e1ruk sz\u00e1ll\u00edt\u00e1sa szem\u00e9lyre szabottan kezeli a nem hagyom\u00e1nyos rakom\u00e1nyokat. Speci\u00e1lis felszerel\u00e9s, szak\u00e9rtelem \u00e9s tervez\u00e9s sz\u00fcks\u00e9ges, amely biztos\u00edtja a szabv\u00e1nyos\u00edt\u00e1ssal szembemen\u0151 t\u00e9telek biztons\u00e1gos sz\u00e1ll\u00edt\u00e1s\u00e1t.<\/li>\r\n<\/ul>\r\n\r\n\r\n\r\n<ul class=\"wp-block-list\">\r\n<li><strong>K\u00f6lts\u00e9g \u00e9s id\u0151<\/strong>: Ezek a m\u00f3dszerek bizonyos ig\u00e9nyek eset\u00e9n gazdas\u00e1gosak lehetnek, de magasabb kezel\u00e9si k\u00f6lts\u00e9gekkel \u00e9s hosszabb el\u0151k\u00e9sz\u00edt\u00e9si id\u0151vel j\u00e1rhatnak. A tr\u00fckk abban rejlik, hogy a biztons\u00e1gos \u00e9s hat\u00e9kony sz\u00e1ll\u00edt\u00e1s \u00e9rdek\u00e9ben egyens\u00falyt kell teremteni a rakom\u00e1ny egyedi k\u00f6vetelm\u00e9nyei \u00e9s a megfelel\u0151 sz\u00e1ll\u00edt\u00e1si m\u00f3dszer k\u00f6z\u00f6tt.<\/li>\r\n<\/ul>\r\n\r\n\r\n\r\n<p>Mindezek a sz\u00e1ll\u00edt\u00e1si m\u00f3dok fontos szerepet j\u00e1tszanak a glob\u00e1lis logisztikai sz\u00ednt\u00e9ren, \u00e9s mindenkinek m\u00e1s-m\u00e1s megold\u00e1st k\u00edn\u00e1lnak. Ak\u00e1r a k\u00f6lts\u00e9g, ak\u00e1r a gyorsas\u00e1g vagy a k\u00fcl\u00f6nleges rakom\u00e1nyok kezel\u00e9se a priorit\u00e1s, az \u00d6n ig\u00e9nyeihez igaz\u00edtott megold\u00e1s l\u00e9tezik.<\/p>\r\n\r\n\r\n\r\n<p>Mer\u00fclj\u00f6n el ezeknek a m\u00f3dszereknek az \u00e1rnyalataiban, \u00e9s k\u00e9pes lesz a rakom\u00e1nya sz\u00e1m\u00e1ra legkedvez\u0151bb d\u00f6nt\u00e9seket meghozni.<\/p>\r\n\r\n\r\n\r\n<h2 class=\"wp-block-heading\"><span class=\"ez-toc-section\" id=\"Shipping_Container_Sizes_and_Options\"><\/span>Sz\u00e1ll\u00edt\u00e1si kont\u00e9ner m\u00e9retek \u00e9s lehet\u0151s\u00e9gek<span class=\"ez-toc-section-end\"><\/span><\/h2>\r\n\r\n\r\n\r\n<p>A kont\u00e9nersz\u00e1ll\u00edt\u00e1sban a kont\u00e9ner maga t\u00f6bb, mint egy t\u00e9glalap alak\u00fa f\u00e9mdoboz. Sokkal ink\u00e1bb egy olyan eszk\u00f6z, amely v\u00e9di, biztos\u00edtja \u00e9s sz\u00e1ll\u00edtja az \u00e1rut a hatalmas \u00f3ce\u00e1non kereszt\u00fcl.<\/p>\r\n\r\n\r\n\r\n<p>A megfelel\u0151 kont\u00e9ner kiv\u00e1laszt\u00e1sa a megfelel\u0151 v\u00e9delmet ny\u00fajtja az \u00d6n t\u00e1rgyai sz\u00e1m\u00e1ra - minden t\u00edpusnak megvannak a maga egyedi er\u0151ss\u00e9gei, amelyeket meghat\u00e1rozott t\u00edpus\u00fa rakom\u00e1nyokhoz terveztek.<\/p>\r\n\r\n\r\n\r\n<p>A kompakt 20 l\u00e1basokt\u00f3l a hatalmas 40 l\u00e1basokig, \u00e9s a legk\u00fcl\u00f6nlegesebb rakom\u00e1nyok sz\u00e1m\u00e1ra tervezett speci\u00e1lis egys\u00e9gekig, csomagoljuk ki a sz\u00e1ll\u00edtm\u00e1nyoz\u00e1si kont\u00e9nerek vil\u00e1g\u00e1t.<\/p>\r\n\r\n\r\n\r\n<h3 class=\"wp-block-heading\"><span class=\"ez-toc-section\" id=\"Standard_Container_Sizes\"><\/span>Szabv\u00e1nyos kont\u00e9ner m\u00e9retek<span class=\"ez-toc-section-end\"><\/span><\/h3>\r\n\r\n\r\n\r\n<ul class=\"wp-block-list\">\r\n<li><strong>20 l\u00e1bas kont\u00e9nerek<\/strong>: A legalapvet\u0151bb kont\u00e9ner a logisztika egyik alapdarabja. M\u00e9retei jellemz\u0151en 20 l\u00e1b hossz\u00fas\u00e1g\u00fa, 7,7 l\u00e1b sz\u00e9les \u00e9s 7,8 l\u00e1b magasak. Ez a kont\u00e9ner ide\u00e1lis a kis \u00e9s k\u00f6zepes m\u00e9ret\u0171 sz\u00e1ll\u00edtm\u00e1nyokhoz, mivel t\u00f6k\u00e9letes egyens\u00falyt k\u00edn\u00e1l a hely \u00e9s a man\u0151verezhet\u0151s\u00e9g k\u00f6z\u00f6tt. K\u00f6nny\u0171 kezelhet\u0151s\u00e9ge \u00e9s sokf\u00e9le \u00e1ru sz\u00e1ll\u00edt\u00e1s\u00e1ra val\u00f3 alkalmass\u00e1ga miatt a legt\u00f6bb export\u0151r sz\u00e1m\u00e1ra ez a legmegfelel\u0151bb.<\/li>\r\n<\/ul>\r\n\r\n\r\n\r\n<ul class=\"wp-block-list\">\r\n<li><strong>40 l\u00e1bas kont\u00e9nerek<\/strong>: A 40 l\u00e1bas kont\u00e9ner megdupl\u00e1zza a 20 l\u00e1bas testv\u00e9re \u00e1ltal k\u00edn\u00e1lt helyet. Ugyanazokkal a sz\u00e9less\u00e9gi \u00e9s magass\u00e1gi m\u00e9retekkel, de a hossza k\u00fcl\u00f6nb\u00f6zteti meg, \u00e9s b\u0151s\u00e9ges helyet biztos\u00edt nagyobb sz\u00e1ll\u00edtm\u00e1nyok sz\u00e1m\u00e1ra. Ez a kont\u00e9ner a kedvenc \u00f6mlesztett \u00e1ruk, nagym\u00e9ret\u0171 berendez\u00e9sek sz\u00e1ll\u00edt\u00e1s\u00e1ra, vagy amikor egyszer\u0171en csak nagyobb mozg\u00e1st\u00e9rre van sz\u00fcks\u00e9ge.<\/li>\r\n<\/ul>\r\n\r\n\r\n\r\n<h3 class=\"wp-block-heading\"><span class=\"ez-toc-section\" id=\"Specialized_Container_Types\"><\/span>Speci\u00e1lis kont\u00e9nert\u00edpusok<span class=\"ez-toc-section-end\"><\/span><\/h3>\r\n\r\n\r\n\r\n<ul class=\"wp-block-list\">\r\n<li><strong>F\u00e9lmagass\u00e1g\u00fa tart\u00e1lyok<\/strong>: Ha neh\u00e9z, s\u0171r\u0171 rakom\u00e1nyr\u00f3l van sz\u00f3, p\u00e9ld\u00e1ul k\u00f6vekr\u0151l vagy f\u00e9mekr\u0151l, a f\u00e9lmagas kont\u00e9nerek a kisebb magass\u00e1guknak k\u00f6sz\u00f6nhet\u0151en k\u00f6nnyebb\u00e9 \u00e9s hat\u00e9konyabb\u00e1 teszik a be- \u00e9s kirakod\u00e1st.<\/li>\r\n<\/ul>\r\n\r\n\r\n\r\n<ul class=\"wp-block-list\">\r\n<li><strong>Magas kockakont\u00e9nerek<\/strong>: Amikor azt hitte, hogy egy 40 l\u00e1bas kont\u00e9ner t\u00e1gas, a magas kocka kont\u00e9nerek egy plusz l\u00e1b magass\u00e1got adnak hozz\u00e1, \u00edgy k\u00f6r\u00fclbel\u00fcl 9 l\u00e1b magasak. Ide\u00e1lis k\u00f6nny\u0171, terjedelmes rakom\u00e1nyhoz, vagy b\u00e1rmikor, amikor extra belmagass\u00e1gra van sz\u00fcks\u00e9ge.<\/li>\r\n<\/ul>\r\n\r\n\r\n\r\n<ul class=\"wp-block-list\">\r\n<li><strong>\u00d6mlesztett kont\u00e9nerek<\/strong>: Az olyan sz\u00e1raz \u00e1ruk, mint a gabona, bab vagy ak\u00e1r a kis g\u00e9palkatr\u00e9szek sz\u00e1m\u00e1ra tervezett \u00f6mlesztett kont\u00e9nerek kiv\u00e1g\u00e1ssal rendelkeznek, vagy kifejezetten \u00fagy vannak kialak\u00edtva, hogy megk\u00f6nny\u00edts\u00e9k az \u00f6mlesztett anyagok k\u00f6nny\u0171 be- \u00e9s kirakod\u00e1s\u00e1t.<\/li>\r\n<\/ul>\r\n\r\n\r\n\r\n<ul class=\"wp-block-list\">\r\n<li><strong>Aut\u00f3sz\u00e1ll\u00edt\u00f3k<\/strong>: A kont\u00e9nersz\u00e1ll\u00edt\u00e1s aut\u00f3ipari v\u00e1ltozata, az aut\u00f3sz\u00e1ll\u00edt\u00f3k c\u00e9lja a j\u00e1rm\u0171vek biztons\u00e1gos sz\u00e1ll\u00edt\u00e1sa a tengeren kereszt\u00fcl, minimaliz\u00e1lva a sz\u00e1ll\u00edt\u00e1s sor\u00e1n bek\u00f6vetkez\u0151 k\u00e1rok kock\u00e1zat\u00e1t.<\/li>\r\n<\/ul>\r\n\r\n\r\n\r\n<ul class=\"wp-block-list\">\r\n<li><strong>H\u0171t\u00f6tt tart\u00e1lyok<\/strong>: M\u00e1s n\u00e9ven reefer kont\u00e9nerek, amelyek \u00e1lland\u00f3 h\u0151m\u00e9rs\u00e9kletet tartanak fenn, meg\u0151rizve a romland\u00f3 \u00e1ruk, p\u00e9ld\u00e1ul \u00e9lelmiszerek, vir\u00e1gok vagy gy\u00f3gyszerek frissess\u00e9g\u00e9t. Elengedhetetlenek az olyan term\u00e9kek eset\u00e9ben, amelyeknek h\u0171v\u00f6snek vagy fagyasztottnak kell maradniuk az \u00fatjuk sor\u00e1n.<\/li>\r\n<\/ul>\r\n\r\n\r\n\r\n<ul class=\"wp-block-list\">\r\n<li><strong>Nyitott tetej\u0171 tart\u00e1lyok<\/strong>: Ha a rakom\u00e1ny t\u00fal magas a hagyom\u00e1nyos kont\u00e9nerekhez, a nyitott tetej\u0171 kont\u00e9nerek jelentik a ment\u00e9st. A levehet\u0151 tetej\u00fckkel lehet\u0151v\u00e9 teszik az olyan \u00e1ruk, mint a nagym\u00e9ret\u0171 g\u00e9pek vagy magas berendez\u00e9sek fel\u00fclr\u0151l t\u00f6rt\u00e9n\u0151 berakod\u00e1s\u00e1t.<\/li>\r\n<\/ul>\r\n\r\n\r\n\r\n<ul class=\"wp-block-list\">\r\n<li><strong>Lapos \u00e1llv\u00e1nyos kont\u00e9nerek<\/strong>: K\u00e9pzelj\u00fcnk el egy kont\u00e9nert oldal \u00e9s tet\u0151 n\u00e9lk\u00fcl, \u00e9s m\u00e1ris megvan a lapos \u00e1llv\u00e1ny. T\u00f6k\u00e9letes nagy j\u00e1rm\u0171vek, nagym\u00e9ret\u0171 t\u00e1rgyak vagy k\u00e9nyelmetlen alak\u00fa \u00e1ruk sz\u00e1m\u00e1ra, amelyek nem f\u00e9rnek bele egy szabv\u00e1nyos dobozba, a lapos \u00e1llv\u00e1nyok rugalmass\u00e1got biztos\u00edtanak a fels\u0151 vagy oldals\u00f3 rakod\u00e1shoz.<\/li>\r\n<\/ul>\r\n\r\n\r\n\r\n<ul class=\"wp-block-list\">\r\n<li><strong>Garmentainers<\/strong>: A ruhatart\u00f3k a divatlogisztikai l\u00e1nc egy hi\u00e1nyp\u00f3tl\u00f3, de l\u00e9tfontoss\u00e1g\u00fa r\u00e9szei, amelyek \u00e1llv\u00e1nyokkal \u00e9s kamp\u00f3kkal vannak felszerelve, hogy a ruhadarabokat elad\u00e1sra k\u00e9sz \u00e1llapotban sz\u00e1ll\u00edts\u00e1k, minimaliz\u00e1lva a gy\u0171r\u0151d\u00e9st \u00e9s a s\u00e9r\u00fcl\u00e9seket.<\/li>\r\n<\/ul>\r\n\r\n\r\n\r\n<ul class=\"wp-block-list\">\r\n<li><strong>Tart\u00e1lykont\u00e9nerek<\/strong>: A foly\u00e9kony vagy g\u00e1znem\u0171 term\u00e9keknek tart\u00e1lykont\u00e9nerekben van otthonuk, amelyek l\u00e9nyeg\u00e9ben szabv\u00e1nyos kont\u00e9nerkeretbe z\u00e1rt nagy tart\u00e1lyok. Ezek a tart\u00e1lykont\u00e9nerek a vegyi anyagok, \u00fczemanyagok \u00e9s m\u00e1s \u00f6mlesztett folyad\u00e9kok t\u00e1rol\u00e1s\u00e1ra szolg\u00e1lnak, biztons\u00e1gos \u00e9s v\u00e9dett k\u00f6rnyezetet biztos\u00edtva.<\/li>\r\n<\/ul>\r\n\r\n\r\n\r\n<ul class=\"wp-block-list\">\r\n<li><strong>Szell\u0151ztetett tart\u00e1lyok<\/strong>: Egyes \u00e1ruknak l\u00e9legezni\u00fck kell, mint p\u00e9ld\u00e1ul a k\u00e1v\u00e9 vagy a kaka\u00f3, amelyek megromolhatnak, ha nedvess\u00e9g gy\u0171lik fel benn\u00fck. A szell\u0151ztetett kont\u00e9nerek olyan ny\u00edl\u00e1sokkal rendelkeznek, amelyek lehet\u0151v\u00e9 teszik a leveg\u0151 kering\u00e9s\u00e9t, \u00edgy a rakom\u00e1ny sz\u00e1razon \u00e9s tart\u00f3san megmarad.<\/li>\r\n<\/ul>\r\n\r\n\r\n\r\n<ul class=\"wp-block-list\">\r\n<li><strong>Szigetelt tart\u00e1lyok<\/strong>: A szigetelt kont\u00e9nerek nem t\u00e9vesztend\u0151k \u00f6ssze a h\u0171t\u0151kont\u00e9nerekkel, a szigetelt falaknak k\u00f6sz\u00f6nhet\u0151en nem h\u0171tik akt\u00edvan a rakom\u00e1nyt, hanem egyenletes h\u0151m\u00e9rs\u00e9kletet tartanak fenn. Alkalmasak a h\u0151m\u00e9rs\u00e9klet-ingadoz\u00e1sra \u00e9rz\u00e9keny term\u00e9kek t\u00e1rol\u00e1s\u00e1ra, de nem ig\u00e9nyelnek h\u0171t\u00e9st.<\/li>\r\n<\/ul>\r\n\r\n\r\n\r\n<p>E kont\u00e9nert\u00edpusok mindegyike szem\u00e9lyre szabott megold\u00e1st k\u00edn\u00e1l a glob\u00e1lis kereskedelem k\u00fcl\u00f6nb\u00f6z\u0151 ig\u00e9nyeihez. Egyedi el\u0151nyeik \u00e9s alkalmaz\u00e1saik jelent\u0151sen n\u00f6velhetik a sz\u00e1ll\u00edt\u00e1si m\u0171veletek hat\u00e9konys\u00e1g\u00e1t \u00e9s biztons\u00e1g\u00e1t.<\/p>\r\n\r\n\r\n\r\n<p>Legyen sz\u00f3 k\u00e9nyes romland\u00f3 \u00e1ruk, magas g\u00e9palkatr\u00e9szek vagy \u00f6mlesztett folyad\u00e9kok sz\u00e1ll\u00edt\u00e1s\u00e1r\u00f3l, a megfelel\u0151 kont\u00e9ner a feladatra k\u00e9sz\u00fclt. Ha a megfelel\u0151t v\u00e1lasztja, a sz\u00e1ll\u00edtm\u00e1nya kiv\u00e1l\u00f3 \u00e1llapotban \u00e9rkezik meg, f\u00fcggetlen\u00fcl a rendeltet\u00e9si helyt\u0151l.<\/p>\r\n\r\n\r\n\r\n<figure class=\"wp-block-table is-style-stripes\"><table><tbody><tr><td><\/td><td><strong>Hossz\u00fas\u00e1g<\/strong><\/td><td><strong>Magass\u00e1g<\/strong><\/td><td><strong>Sz\u00e9less\u00e9g<\/strong><\/td><td><strong>K\u00f6tet<\/strong><\/td><td><strong>\u00c1rtartom\u00e1ny<\/strong><\/td><\/tr><tr><td><strong>20 l\u00e1bas haj\u00f3z\u00e1si kont\u00e9ner<\/strong><\/td><td>19,7 l\u00e1b<br>6 m<\/td><td>7,8 l\u00e1b<br>2.4 m<\/td><td>7,7 l\u00e1b<br>2.3 m<\/td><td>1,173 ft\u00b3<br>33.2 m\u00b3<\/td><td>AUD 7,178 - 10,780<br>QAR 17,166 - 25,778<\/td><\/tr><tr><td><strong>40ft haj\u00f3z\u00e1si kont\u00e9ner<\/strong><\/td><td>39,7 l\u00e1b<br>12.1 m<\/td><td>7,8 l\u00e1b<br>2.4 m<\/td><td>7,7 l\u00e1b<br>2.3 m<\/td><td>2,390 ft\u00b3<br>67.7 m\u00b3<\/td><td>AUD 7,021 - 10,780<br>QAR 16,790 - 25,778<\/td><\/tr><tr><td><strong>Aut\u00f3sz\u00e1ll\u00edt\u00e1s<\/strong><\/td><td>19 l\u00e1b<br>5.8 m<\/td><td>7,2 l\u00e1b<br>2.2 m<\/td><td>7,2 l\u00e1b<br>2.2 m<\/td><td>982.8 ft\u00b3<br>27.83 m\u00b3<\/td><td>AUD 3,575 - 3,790<br>QAR 8,549 - 9,065<\/td><\/tr><\/tbody><\/table><\/figure>\r\n\r\n\r\n\r\n<p><em>Minden \u00e1r a 2024 \u00e1prilis\u00e1ban kik\u00f6t\u0151r\u0151l kik\u00f6t\u0151re t\u00f6rt\u00e9n\u0151 kont\u00e9nersz\u00e1ll\u00edt\u00e1sra vonatkozik.<\/em><\/p>\r\n\r\n\r\n\r\n<h2 class=\"wp-block-heading\"><span class=\"ez-toc-section\" id=\"Sea_Freight_Container_Prices_to_Qatar_from_Australia\"><\/span>Tengeri tehersz\u00e1ll\u00edt\u00e1s kont\u00e9ner\u00e1rak Katarba Ausztr\u00e1li\u00e1b\u00f3l<span class=\"ez-toc-section-end\"><\/span><\/h2>\r\n\r\n\r\n\r\n<p>Amikor Ausztr\u00e1li\u00e1b\u00f3l Katarba k\u00fcldenek \u00e1rut a tengeren kereszt\u00fcl, a k\u00f6lts\u00e9gek kisz\u00e1m\u00edt\u00e1sa a sz\u00e1ll\u00edtm\u00e1nyoz\u00f3k els\u0151dleges priorit\u00e1sa. \u00d6sszeszedt\u00fck a sz\u00e1mokat, megn\u00e9zt\u00fck az \u00f6sszes lehet\u0151s\u00e9get, \u00e9s tal\u00e1ltunk n\u00e9h\u00e1ny olyan aj\u00e1nlatot, amelyt\u0151l a p\u00e9nzt\u00e1rc\u00e1ja fell\u00e9legezhet.<\/p>\r\n\r\n\r\n\r\n<p>Azok sz\u00e1m\u00e1ra, akik \u00fagy szeretn\u00e9nek sz\u00e1ll\u00edtani, hogy nem t\u00f6rik meg a bankot, itt van az \u00e1ltalunk felfedezett legp\u00e9nzt\u00e1rcabar\u00e1tabb lehet\u0151s\u00e9gekr\u0151l:<\/p>\r\n\r\n\r\n\r\n<ul class=\"wp-block-list\">\r\n<li><strong>20 l\u00e1bas kont\u00e9ner<\/strong>: Ha Melbourne-b\u0151l Doh\u00e1ba k\u00fcldene dolgokat, szerencs\u00e9je van. A legjobb \u00e1r a piacon egy ilyen csomag\u00e9rt 7 178 AUD, ami k\u00f6r\u00fclbel\u00fcl 17 166 QAR-nak felel meg. Ez remek\u00fcl megfelel egy kisebb h\u00e1ztart\u00e1s vagy egy csom\u00f3 term\u00e9knek a v\u00e1llalkoz\u00e1sod sz\u00e1m\u00e1ra.<\/li>\r\n<\/ul>\r\n\r\n\r\n\r\n<ul class=\"wp-block-list\">\r\n<li><strong>40 l\u00e1bas kont\u00e9ner<\/strong>: A Melbourne \u00e9s Doha k\u00f6z\u00f6tti \u00fat m\u00e9g mindig tartja a rekordot, de m\u00e9g kedvez\u0151bb, 7 021 AUD vagy 16 790 QAR \u00e1ron. T\u00f6k\u00e9letes nagyobb otthonok vagy b\u0151v\u00fcl\u0151 v\u00e1llalkoz\u00e1sok sz\u00e1m\u00e1ra.<\/li>\r\n<\/ul>\r\n\r\n\r\n\r\n<p>Ne feledje, hogy az \u00e1rak a kik\u00f6t\u0151k forgalm\u00e1t\u00f3l vagy az \u00fczemanyag\u00e1rak v\u00e1ltoz\u00e1s\u00e1t\u00f3l f\u00fcgg\u0151en v\u00e1ltozhatnak, ez\u00e9rt \u00e9rdemes ezeket az aj\u00e1nlatokat addig megragadni, am\u00edg melegek.<\/p>\r\n\r\n\r\n\r\n<h3 class=\"wp-block-heading\"><span class=\"ez-toc-section\" id=\"20ft_Shipping_Container\"><\/span>20 l\u00e1bas haj\u00f3z\u00e1si kont\u00e9ner&nbsp;<span class=\"ez-toc-section-end\"><\/span><\/h3>\r\n\r\n\r\n\r\n<figure class=\"wp-block-table is-style-stripes\"><table><tbody><tr><td><\/td><td>Sz\u00e1ll\u00edt\u00e1s a k\u00f6vetkez\u0151 c\u00edmre <strong>Doha<\/strong><\/td><td>Sz\u00e1ll\u00edt\u00e1s a k\u00f6vetkez\u0151 c\u00edmre <strong>Hamad<\/strong><\/td><\/tr><tr><td>Sz\u00e1ll\u00edt\u00e1s a <strong>Sydney<\/strong><\/td><td>8,602 AUD<br>20,570 QAR<\/td><td>10,780 AUD<br>25,778 QAR<\/td><\/tr><tr><td>Sz\u00e1ll\u00edt\u00e1s a <strong>Melbourne<\/strong><\/td><td>7,178 AUD<br>17,166 QAR<\/td><td>7,178 AUD<br>17,166 QAR<\/td><\/tr><tr><td>Sz\u00e1ll\u00edt\u00e1s a <strong>Newcastle<\/strong><\/td><td>10,780 AUD<br>25,778 QAR<\/td><td>7,844 AUD<br>18,757 QAR<\/td><\/tr><\/tbody><\/table><\/figure>\r\n\r\n\r\n\r\n<p><em>Minden \u00e1r a 2024 \u00e1prilis\u00e1ban kik\u00f6t\u0151r\u0151l kik\u00f6t\u0151re t\u00f6rt\u00e9n\u0151 kont\u00e9nersz\u00e1ll\u00edt\u00e1sra vonatkozik.<\/em><\/p>\r\n\r\n\r\n\r\n<h3 class=\"wp-block-heading\"><span class=\"ez-toc-section\" id=\"40ft_Shipping_Container\"><\/span>40ft haj\u00f3z\u00e1si kont\u00e9ner&nbsp;<span class=\"ez-toc-section-end\"><\/span><\/h3>\r\n\r\n\r\n\r\n<figure class=\"wp-block-table is-style-stripes\"><table><tbody><tr><td><\/td><td>Sz\u00e1ll\u00edt\u00e1s a k\u00f6vetkez\u0151 c\u00edmre <strong>Doha<\/strong><\/td><td>Sz\u00e1ll\u00edt\u00e1s a k\u00f6vetkez\u0151 c\u00edmre <strong>Hamad<\/strong><\/td><\/tr><tr><td>Sz\u00e1ll\u00edt\u00e1s a <strong>Sydney<\/strong><\/td><td>7,844 AUD<br>18,757 QAR<\/td><td>7,844 AUD<br>18,757 QAR<\/td><\/tr><tr><td>Sz\u00e1ll\u00edt\u00e1s a <strong>Melbourne<\/strong><\/td><td>7,021 AUD<br>16,790 QAR<\/td><td>7,021 AUD<br>16,790 QAR<\/td><\/tr><tr><td>Sz\u00e1ll\u00edt\u00e1s a <strong>Newcastle<\/strong><\/td><td>10,780 AUD<br>25,778 QAR<\/td><td>7,844 AUD<br>18,757 QAR<\/td><\/tr><\/tbody><\/table><\/figure>\r\n\r\n\r\n\r\n<p><em>Minden \u00e1r a 2024 \u00e1prilis\u00e1ban kik\u00f6t\u0151r\u0151l kik\u00f6t\u0151re t\u00f6rt\u00e9n\u0151 kont\u00e9nersz\u00e1ll\u00edt\u00e1sra vonatkozik.<\/em><\/p>\r\n\r\n\r\n\r\n<h2 class=\"wp-block-heading\"><span class=\"ez-toc-section\" id=\"Shipping_a_Car_What_You_Need_to_Know\"><\/span>Aut\u00f3sz\u00e1ll\u00edt\u00e1s: Mit kell tudnia<span class=\"ez-toc-section-end\"><\/span><\/h2>\r\n\r\n\r\n\r\n<p>Egy aut\u00f3 Ausztr\u00e1li\u00e1b\u00f3l Katarba t\u00f6rt\u00e9n\u0151 sz\u00e1ll\u00edt\u00e1sa gondos tervez\u00e9st, az orsz\u00e1g szab\u00e1lyainak alapos ismeret\u00e9t \u00e9s egy csipetnyi t\u00fcrelmet ig\u00e9nyel. Mindenkinek, aki Katarba k\u00f6lt\u00f6zik, \u00e9s nem tud megv\u00e1lni szeretett aut\u00f3j\u00e1t\u00f3l, meg kell tanulnia, hogyan kezelje a nemzetk\u00f6zi aut\u00f3sz\u00e1ll\u00edt\u00e1s bonyolult helyzet\u00e9t.<\/p>\r\n\r\n\r\n\r\n<p>P\u00f6rgess\u00fck fel a motorokat, \u00e9s vezess\u00fck v\u00e9gig a z\u00f6kken\u0151mentes utaz\u00e1shoz sz\u00fcks\u00e9ges alapvet\u0151 inform\u00e1ci\u00f3kat.<\/p>\r\n\r\n\r\n\r\n<h3 class=\"wp-block-heading\"><span class=\"ez-toc-section\" id=\"Regulations_and_Requirements\"><\/span>Szab\u00e1lyoz\u00e1sok \u00e9s k\u00f6vetelm\u00e9nyek<span class=\"ez-toc-section-end\"><\/span><\/h3>\r\n\r\n\r\n\r\n<ul class=\"wp-block-list\">\r\n<li><strong>Ausztr\u00e1lia partjair\u00f3l<\/strong>:\r\n<ul class=\"wp-block-list\">\r\n<li><strong>Export v\u00e1mkezel\u00e9s<\/strong>: Miel\u0151tt aut\u00f3ja elhagyhatja Ausztr\u00e1li\u00e1t, a kiviteli enged\u00e9lyt a k\u00f6vetkez\u0151 hat\u00f3s\u00e1gokt\u00f3l kell beszerezni. <a href=\"https:\/\/www.abf.gov.au\/\" target=\"_blank\" rel=\"noreferrer noopener\">Ausztr\u00e1l hat\u00e1r\u0151rs\u00e9g (ABF)<\/a>. Ez mag\u00e1ban foglalja a tulajdonjog bizony\u00edt\u00e1s\u00e1t \u00e9s annak biztos\u00edt\u00e1s\u00e1t, hogy a j\u00e1rm\u0171 mentes minden p\u00e9nz\u00fcgyi tehert\u0151l.<\/li>\r\n\r\n\r\n\r\n<li><strong>Tiszt\u00edt\u00e1si szabv\u00e1nyok<\/strong>: Ausztr\u00e1lia \u00e1ltal\u00e1ban tisztas\u00e1gi k\u00f6vetelm\u00e9nyeket \u00edr el\u0151, miel\u0151tt a g\u00e9pkocsikat az exportra sz\u00e1nt haj\u00f3kra rakodj\u00e1k. A j\u00e1rm\u0171vet k\u00edv\u00fcl-bel\u00fcl alaposan meg kell tiszt\u00edtani, bele\u00e9rtve a fut\u00f3m\u0171vet is, hogy elt\u00e1vol\u00edts\u00e1k a szennyez\u0151d\u00e9seket \u00e9s szennyez\u0151d\u00e9seket.<\/li>\r\n<\/ul>\r\n<\/li>\r\n<\/ul>\r\n\r\n\r\n\r\n<ul class=\"wp-block-list\">\r\n<li><strong>\u00c9rkez\u00e9s Katarba<\/strong>:\r\n<ul class=\"wp-block-list\">\r\n<li><strong>Importk\u00e9pess\u00e9g<\/strong>: Katarnak k\u00fcl\u00f6nleges szab\u00e1lyai vannak a j\u00e1rm\u0171vek behozatal\u00e1ra vonatkoz\u00f3an. Vannak p\u00e9ld\u00e1ul korhat\u00e1rok (az \u00f6t \u00e9vn\u00e9l id\u0151sebb j\u00e1rm\u0171vek korl\u00e1toz\u00e1s al\u00e1 eshetnek), \u00e9s a j\u00e1rm\u0171nek meg kell felelnie a katari k\u00f6rnyezetv\u00e9delmi \u00e9s biztons\u00e1gi el\u0151\u00edr\u00e1soknak.<\/li>\r\n\r\n\r\n\r\n<li><strong>Jobbkorm\u00e1nyos el\u0151\u00edr\u00e1sok<\/strong>: Tekintettel Katar vezet\u00e9si szab\u00e1lyaira, a jobbkorm\u00e1nyos j\u00e1rm\u0171vek (mint a legt\u00f6bb ausztr\u00e1l aut\u00f3) korl\u00e1toz\u00e1sokkal szembes\u00fclnek, \u00e9s \u00e1ltal\u00e1ban nem enged\u00e9lyezik a k\u00f6z\u00fati forgalomba helyez\u00e9st.<\/li>\r\n<\/ul>\r\n<\/li>\r\n<\/ul>\r\n\r\n\r\n\r\n<h3 class=\"wp-block-heading\"><span class=\"ez-toc-section\" id=\"Duties_and_Taxes\"><\/span>V\u00e1mok \u00e9s ad\u00f3k<span class=\"ez-toc-section-end\"><\/span><\/h3>\r\n\r\n\r\n\r\n<p>Egy j\u00e1rm\u0171 Ausztr\u00e1li\u00e1b\u00f3l Katarba t\u00f6rt\u00e9n\u0151 behozatal\u00e1nak p\u00e9nz\u00fcgyi vonzata jelent\u0151s lehet.<\/p>\r\n\r\n\r\n\r\n<p>A k\u00f6lts\u00e9gszerkezet a k\u00f6vetkez\u0151ket tartalmazza:<\/p>\r\n\r\n\r\n\r\n<ul class=\"wp-block-list\">\r\n<li><strong>V\u00e1m<\/strong>: Katar v\u00e1mot vet ki az import\u00e1lt j\u00e1rm\u0171vekre, \u00e1ltal\u00e1ban a j\u00e1rm\u0171 \u00e9rt\u00e9k\u00e9nek 5% k\u00f6r\u00fcli \u00f6sszegben. Ez az ar\u00e1ny azonban v\u00e1ltozhat, ez\u00e9rt a legfrissebb el\u0151\u00edr\u00e1sok ellen\u0151rz\u00e9se elengedhetetlen.<\/li>\r\n<\/ul>\r\n\r\n\r\n\r\n<ul class=\"wp-block-list\">\r\n<li><a href=\"https:\/\/assets.kpmg.com\/content\/dam\/kpmg\/qa\/pdf\/2023\/02\/vat-brochure_tax-2023.pdf\" target=\"_blank\" rel=\"noreferrer noopener\"><strong>Hozz\u00e1adott\u00e9rt\u00e9k-ad\u00f3 (H\u00c9A)<\/strong><\/a>: A v\u00e1mokon k\u00edv\u00fcl \u00c1FA is felsz\u00e1m\u00edthat\u00f3. A pontos \u00f6sszeget a k\u00f6vetkez\u0151kkel kell egyeztetni <a href=\"https:\/\/www.customs.gov.qa\/English\/pages\/default.aspx\" target=\"_blank\" rel=\"noreferrer noopener\">Katari v\u00e1mhat\u00f3s\u00e1gok<\/a>, de \u00e1ltal\u00e1ban a j\u00e1rm\u0171 \u00e9rt\u00e9k\u00e9nek 5%-\u00e9ben \u00e1llap\u00edtj\u00e1k meg.<\/li>\r\n<\/ul>\r\n\r\n\r\n\r\n<h3 class=\"wp-block-heading\"><span class=\"ez-toc-section\" id=\"Necessary_Documentation\"><\/span>Sz\u00fcks\u00e9ges dokument\u00e1ci\u00f3<span class=\"ez-toc-section-end\"><\/span><\/h3>\r\n\r\n\r\n\r\n<p>A nemzetk\u00f6zi sz\u00e1ll\u00edt\u00e1s gerinc\u00e9t a pap\u00edrmunka adja.<\/p>\r\n\r\n\r\n\r\n<p>Egy aut\u00f3 eset\u00e9ben \u00e1tfog\u00f3 dokumentumcsomagra lesz sz\u00fcks\u00e9ge, amely \u00e1ltal\u00e1ban a k\u00f6vetkez\u0151ket tartalmazza:<\/p>\r\n\r\n\r\n\r\n<ul class=\"wp-block-list\">\r\n<li><strong>Exportj\u00f3v\u00e1hagy\u00e1s<\/strong>: Ezeket a k\u00f6vetkez\u0151 c\u00edmeken lehet beszerezni <a href=\"https:\/\/www.abf.gov.au\/\" target=\"_blank\" rel=\"noreferrer noopener\">Ausztr\u00e1l hat\u00e1r\u0151rs\u00e9g<\/a>, amely meger\u0151s\u00edti, hogy a j\u00e1rm\u0171 jogszer\u0171en export\u00e1lhat\u00f3.<\/li>\r\n<\/ul>\r\n\r\n\r\n\r\n<ul class=\"wp-block-list\">\r\n<li><strong>V\u00e1s\u00e1rl\u00e1si sz\u00e1mla<\/strong>: A j\u00e1rm\u0171 v\u00e1s\u00e1rl\u00e1si d\u00e1tum\u00e1nak \u00e9s \u00e1r\u00e1nak felt\u00fcntet\u00e9se.<\/li>\r\n<\/ul>\r\n\r\n\r\n\r\n<ul class=\"wp-block-list\">\r\n<li><strong>J\u00e1rm\u0171-regisztr\u00e1ci\u00f3<\/strong>: A j\u00e1rm\u0171 regisztr\u00e1ci\u00f3j\u00e1nak igazol\u00e1sa Ausztr\u00e1li\u00e1ban.<\/li>\r\n<\/ul>\r\n\r\n\r\n\r\n<ul class=\"wp-block-list\">\r\n<li><strong>Sz\u00e1ll\u00edt\u00e1si dokument\u00e1ci\u00f3<\/strong>: Bele\u00e9rtve a fuvarlevelet, egy olyan dokumentumot, amelyben \u00d6n mint felad\u00f3 \u00e9s c\u00edmzett (vagy az \u00d6n \u00e1ltal az egyes orsz\u00e1gokban kijel\u00f6lt \u00fcgyn\u00f6k\u00f6k) szerepelnek.<\/li>\r\n<\/ul>\r\n\r\n\r\n\r\n<ul class=\"wp-block-list\">\r\n<li><strong>Biztos\u00edt\u00e1si igazol\u00e1s<\/strong>: A j\u00e1rm\u0171re vonatkoz\u00f3 biztos\u00edt\u00e1si igazol\u00e1s az utaz\u00e1s \u00e9s a Katarban val\u00f3 tart\u00f3zkod\u00e1s idej\u00e9re.<\/li>\r\n<\/ul>\r\n\r\n\r\n\r\n<ul class=\"wp-block-list\">\r\n<li><strong>Azonos\u00edt\u00e1s<\/strong>: Az \u00fatlev\u00e9l vagy szem\u00e9lyi igazolv\u00e1ny m\u00e1solata, mind az ausztr\u00e1l export, mind a katari import eset\u00e9ben.<\/li>\r\n<\/ul>\r\n\r\n\r\n\r\n<h3 class=\"wp-block-heading\"><span class=\"ez-toc-section\" id=\"Preparation\"><\/span>El\u0151k\u00e9sz\u00edt\u00e9s<span class=\"ez-toc-section-end\"><\/span><\/h3>\r\n\r\n\r\n\r\n<p>A j\u00e1rm\u0171v\u00e9nek az utaz\u00e1sra val\u00f3 felk\u00e9sz\u00edt\u00e9se nem csak a tiszt\u00edt\u00e1sb\u00f3l \u00e1ll.<\/p>\r\n\r\n\r\n\r\n<p>A k\u00f6vetkez\u0151 elj\u00e1r\u00e1sokat alkalmazz\u00e1k a Katarba val\u00f3 biztons\u00e1gos meg\u00e9rkez\u00e9s \u00e9rdek\u00e9ben:<\/p>\r\n\r\n\r\n\r\n<ul class=\"wp-block-list\">\r\n<li><strong>Mechanikai ellen\u0151rz\u00e9s<\/strong>: Ellen\u0151rizze, hogy a j\u00e1rm\u0171 j\u00f3 \u00e1llapotban van-e, nincs-e sziv\u00e1rg\u00e1s vagy mechanikai probl\u00e9ma, amely probl\u00e9m\u00e1t okozhat a sz\u00e1ll\u00edt\u00e1s sor\u00e1n vagy a meg\u00e9rkez\u00e9skor.<\/li>\r\n<\/ul>\r\n\r\n\r\n\r\n<ul class=\"wp-block-list\">\r\n<li><strong>A j\u00e1rm\u0171 ki\u00fcr\u00edt\u00e9se<\/strong>: T\u00e1vol\u00edtson el minden olyan szem\u00e9lyes t\u00e1rgyat \u00e9s tartoz\u00e9kot, amelyet eredetileg nem a j\u00e1rm\u0171be szereltek be. A katari v\u00e1mhat\u00f3s\u00e1g ellen\u0151rizheti a j\u00e1rm\u0171vet, \u00e9s a szem\u00e9lyes t\u00e1rgyak megnehez\u00edthetik az elj\u00e1r\u00e1st.<\/li>\r\n<\/ul>\r\n\r\n\r\n\r\n<ul class=\"wp-block-list\">\r\n<li><strong>F\u00e9nyk\u00e9pes bizony\u00edt\u00e9k<\/strong>: Sz\u00e1ll\u00edt\u00e1s el\u0151tt k\u00e9sz\u00edtsen r\u00e9szletes f\u00e9nyk\u00e9peket a j\u00e1rm\u0171v\u00e9r\u0151l. Ez felbecs\u00fclhetetlen \u00e9rt\u00e9k\u0171 lesz a biztos\u00edt\u00e1si k\u00e1rig\u00e9nyekhez, ha a sz\u00e1ll\u00edt\u00e1s sor\u00e1n k\u00e1r keletkezik.<\/li>\r\n<\/ul>\r\n\r\n\r\n\r\n<ul class=\"wp-block-list\">\r\n<li><strong>\u00dczemanyag \u00e9s akkumul\u00e1tor<\/strong>: Cs\u00f6kkentse az \u00fczemanyagot a minimumra (\u00e1ltal\u00e1ban a tart\u00e1ly k\u00f6r\u00fclbel\u00fcl negyed\u00e9re), \u00e9s ha a haj\u00f3z\u00e1si v\u00e1llalat el\u0151\u00edrja, kapcsolja ki az akkumul\u00e1tort.<\/li>\r\n<\/ul>\r\n\r\n\r\n\r\n<p>Mindent egybevetve, rengeteg szab\u00e1lyoz\u00e1s, pap\u00edrmunka \u00e9s el\u0151k\u00e9sz\u00fclet van a <a href=\"https:\/\/moverdb.com\/hu\/car-transport-shipping\/\" data-internallinksmanager029f6b8e52c=\"2\" title=\"2026 Nemzetk\u00f6zi aut\u00f3sz\u00e1ll\u00edt\u00e1s \u00e9s j\u00e1rm\u0171sz\u00e1ll\u00edt\u00e1s \u00e1raj\u00e1nlatok\">aut\u00f3sz\u00e1ll\u00edt\u00e1s<\/a> folyamat Katarba Ausztr\u00e1li\u00e1b\u00f3l. Ha betartja ezeket a k\u00f6vetelm\u00e9nyeket, \u00e9s gondoskodik arr\u00f3l, hogy j\u00e1rm\u0171ve k\u00e9szen \u00e1lljon az utaz\u00e1sra, k\u00f6nnyebben \u00e9s magabiztosabban navig\u00e1lhat a folyamat sor\u00e1n.<\/p>\r\n\r\n\r\n\r\n<p>Ak\u00e1r szem\u00e9lyes haszn\u00e1latra, ak\u00e1r elad\u00e1sra sz\u00e1nja j\u00e1rm\u0171v\u00e9t, a kontinensek k\u00f6z\u00f6tti sz\u00e1ll\u00edt\u00e1s jelent\u0151s v\u00e1llalkoz\u00e1s, de a megfelel\u0151 ismeretekkel \u00e9s tervez\u00e9ssel ez nem lehetetlen.<\/p>\r\n\r\n\r\n\r\n<figure class=\"wp-block-table is-style-stripes\"><table><tbody><tr><td><\/td><td>Sz\u00e1ll\u00edt\u00e1s a k\u00f6vetkez\u0151 c\u00edmre <strong>Doha<\/strong><\/td><td>Sz\u00e1ll\u00edt\u00e1s a k\u00f6vetkez\u0151 c\u00edmre <strong>Hamad<\/strong><\/td><\/tr><tr><td>Sz\u00e1ll\u00edt\u00e1s a <strong>Sydney<\/strong><\/td><td>3,575 AUD<br>8,549 QAR<\/td><td>3,790 AUD<br>9,065 QAR<\/td><\/tr><tr><td>Sz\u00e1ll\u00edt\u00e1s a <strong>Melbourne<\/strong><\/td><td>3,683 AUD<br>8,807 QAR<\/td><td>3,790 AUD<br>9,065 QAR<\/td><\/tr><tr><td>Sz\u00e1ll\u00edt\u00e1s a <strong>Brisbane<\/strong><\/td><td>3,594 AUD<br>8,595 QAR<\/td><td>3,790 AUD<br>9,065 QAR<\/td><\/tr><\/tbody><\/table><\/figure>\r\n\r\n\r\n\r\n<p><em>Az \u00e1rak \u00e1tlagosak, \u00e9s egy 2020-as Jeep Renegade 2024 \u00e1prilis\u00e1ban t\u00f6rt\u00e9n\u0151 sz\u00e1ll\u00edt\u00e1s\u00e1t jelzik kik\u00f6t\u0151r\u0151l kik\u00f6t\u0151re.<\/em><\/p>\r\n\r\n\r\n\r\n<h2 class=\"wp-block-heading\"><span class=\"ez-toc-section\" id=\"Shipping_Times_for_Sea_Freight_to_Qatar_from_Australia\"><\/span>Sz\u00e1ll\u00edt\u00e1si id\u0151k a tengeri sz\u00e1ll\u00edtm\u00e1nyoz\u00e1shoz Katarba Ausztr\u00e1li\u00e1b\u00f3l<span class=\"ez-toc-section-end\"><\/span><\/h2>\r\n\r\n\r\n\r\n<figure class=\"wp-block-table is-style-stripes\"><table><tbody><tr><td><\/td><td>Sz\u00e1ll\u00edt\u00e1s a k\u00f6vetkez\u0151 c\u00edmre <strong>Doha<\/strong><\/td><td>Sz\u00e1ll\u00edt\u00e1s a k\u00f6vetkez\u0151 c\u00edmre <strong>Hamad<\/strong><\/td><\/tr><tr><td>Sz\u00e1ll\u00edt\u00e1s a <strong>Sydney<\/strong><\/td><td>21 - 26 nap<\/td><td>21 - 26 nap<\/td><\/tr><tr><td>Sz\u00e1ll\u00edt\u00e1s a <strong>Melbourne<\/strong><\/td><td>21 - 26 nap<\/td><td>21 - 26 nap<\/td><\/tr><tr><td>Sz\u00e1ll\u00edt\u00e1s a <strong>Brisbane<\/strong><\/td><td>21 - 26 nap<\/td><td>21 - 26 nap<\/td><\/tr><\/tbody><\/table><\/figure>\r\n\r\n\r\n\r\n<h2 class=\"wp-block-heading\"><span class=\"ez-toc-section\" id=\"Government_Regulations_and_the_Customs_Process\"><\/span>Korm\u00e1nyzati rendeletek \u00e9s a v\u00e1melj\u00e1r\u00e1s<span class=\"ez-toc-section-end\"><\/span><\/h2>\r\n\r\n\r\n\r\n<p>Az Ausztr\u00e1li\u00e1b\u00f3l Katarba vezet\u0151 utat sz\u00e1mos politika, dokument\u00e1ci\u00f3 \u00e9s szab\u00e1lyoz\u00f3 szerv keretezi, amelyek mindegyike fontos szerepet j\u00e1tszik az \u00e1ruk leg\u00e1lis hat\u00e1r\u00e1tkel\u00e9s\u00e9nek biztos\u00edt\u00e1s\u00e1ban.<\/p>\r\n\r\n\r\n\r\n<p>Az al\u00e1bbiakban r\u00e9szletesen bemutatjuk, hogy milyen v\u00e1m- \u00e9s szab\u00e1lyoz\u00e1si k\u00f6rnyezetre van sz\u00fcks\u00e9g ahhoz, hogy a sz\u00e1ll\u00edtm\u00e1ny megfeleljen a tranzitorsz\u00e1gok t\u00f6rv\u00e9nyeinek.<\/p>\r\n\r\n\r\n\r\n<h3 class=\"wp-block-heading\"><span class=\"ez-toc-section\" id=\"Necessary_Documentation_for_Container_Shipping\"><\/span>A kont\u00e9neres sz\u00e1ll\u00edt\u00e1shoz sz\u00fcks\u00e9ges dokument\u00e1ci\u00f3<span class=\"ez-toc-section-end\"><\/span><\/h3>\r\n\r\n\r\n\r\n<p>A z\u00f6kken\u0151mentes v\u00e1mkezel\u00e9s alapja a teljes \u00e9s pontos dokumentumk\u00e9szlet.<\/p>\r\n\r\n\r\n\r\n<p>A k\u00f6vetkez\u0151kre lesz sz\u00fcks\u00e9ged:<\/p>\r\n\r\n\r\n\r\n<ul class=\"wp-block-list\">\r\n<li><strong>Sz\u00e1rmaz\u00e1si bizony\u00edtv\u00e1ny<\/strong>: Ellen\u0151rzi, hogy az \u00e1ru eredetileg melyik orsz\u00e1gb\u00f3l sz\u00e1rmazik, ami kulcsfontoss\u00e1g\u00fa a v\u00e1mtarif\u00e1k meghat\u00e1roz\u00e1s\u00e1hoz \u00e9s a kereskedelmi meg\u00e1llapod\u00e1sok betart\u00e1s\u00e1hoz.<\/li>\r\n<\/ul>\r\n\r\n\r\n\r\n<ul class=\"wp-block-list\">\r\n<li><strong>Fuvarlev\u00e9l (B\/L)<\/strong>: A felad\u00f3 \u00e9s a fuvaroz\u00f3 k\u00f6z\u00f6tti alapvet\u0151 szerz\u0151d\u00e9s, amely r\u00e9szletezi a rakom\u00e1nyt, annak eredet\u00e9t \u00e9s rendeltet\u00e9si hely\u00e9t.<\/li>\r\n<\/ul>\r\n\r\n\r\n\r\n<ul class=\"wp-block-list\">\r\n<li><strong>Biztos\u00edt\u00e1si igazol\u00e1s<\/strong>: A rakom\u00e1nyra vonatkoz\u00f3 biztos\u00edt\u00e1si fedezet igazol\u00e1sa a sz\u00e1ll\u00edt\u00e1s sor\u00e1n.<\/li>\r\n<\/ul>\r\n\r\n\r\n\r\n<ul class=\"wp-block-list\">\r\n<li><strong>Ellen\u0151rz\u00e9si bizony\u00edtv\u00e1nyok<\/strong>: Bizonyos \u00e1ruk eset\u00e9ben sz\u00fcks\u00e9ges, amely igazolja, hogy azokat megvizsg\u00e1lt\u00e1k, \u00e9s megfelelnek az import\u00e1l\u00f3 orsz\u00e1g szabv\u00e1nyainak.<\/li>\r\n<\/ul>\r\n\r\n\r\n\r\n<ul class=\"wp-block-list\">\r\n<li><strong>Kereskedelmi sz\u00e1mla<\/strong>: \u00c1tfog\u00f3 list\u00e1t ad a sz\u00e1ll\u00edtott t\u00e9telekr\u0151l, azok \u00e9rt\u00e9k\u00e9r\u0151l, valamint a vev\u0151 \u00e9s az elad\u00f3 k\u00f6z\u00f6tti tranzakci\u00f3 felt\u00e9teleir\u0151l.<\/li>\r\n<\/ul>\r\n\r\n\r\n\r\n<ul class=\"wp-block-list\">\r\n<li><strong>Csomagol\u00e1si lista<\/strong>: A k\u00fcldem\u00e9ny minden t\u00e9tel\u00e9nek r\u00e9szletes bont\u00e1sa, bele\u00e9rtve a s\u00falyt, a m\u00e9reteket \u00e9s a csomagol\u00e1s t\u00edpus\u00e1t.<\/li>\r\n<\/ul>\r\n\r\n\r\n\r\n<ul class=\"wp-block-list\">\r\n<li><strong>Import\/export enged\u00e9ly<\/strong>: Bizonyos \u00e1ruk eset\u00e9ben sz\u00fcks\u00e9ges, a behozatali vagy kiviteli enged\u00e9lyt jelzi.<\/li>\r\n<\/ul>\r\n\r\n\r\n\r\n<h3 class=\"wp-block-heading\"><span class=\"ez-toc-section\" id=\"Qatars_Customs_Regulations\"><\/span>Katar v\u00e1mszab\u00e1lyai<span class=\"ez-toc-section-end\"><\/span><\/h3>\r\n\r\n\r\n\r\n<p>Katarban a v\u00e1melj\u00e1r\u00e1st a v\u00e1mhat\u00f3s\u00e1g fel\u00fcgyeli. <a href=\"http:\/\/www.customs.gov.qa\/English\/pages\/default.aspx\" target=\"_blank\" rel=\"noreferrer noopener\">\u00c1ltal\u00e1nos v\u00e1mhat\u00f3s\u00e1g<\/a>. Ez a szerv szab\u00e1lyozza az \u00e1ruk Katarba t\u00f6rt\u00e9n\u0151 behozatal\u00e1t, biztos\u00edtva a helyi t\u00f6rv\u00e9nyek \u00e9s nemzetk\u00f6zi meg\u00e1llapod\u00e1sok betart\u00e1s\u00e1t.<\/p>\r\n\r\n\r\n\r\n<p>Itt k\u00f6zelebbr\u0151l megn\u00e9zz\u00fck a katari v\u00e1mszab\u00e1lyokat:<\/p>\r\n\r\n\r\n\r\n<ul class=\"wp-block-list\">\r\n<li><strong>V\u00e1mtarif\u00e1k<\/strong>: Katar a legt\u00f6bb import\u00e1lt \u00e1rura \u00e1ltal\u00e1ban 0% \u00e9s 5% k\u00f6z\u00f6tti v\u00e1mt\u00e9telt alkalmaz, bizonyos t\u00e9telek azonban mentes\u00fclnek a v\u00e1m al\u00f3l, vagy k\u00fcl\u00f6n v\u00e1mok al\u00e1 tartoznak.<\/li>\r\n<\/ul>\r\n\r\n\r\n\r\n<ul class=\"wp-block-list\">\r\n<li><strong>Tiltott t\u00e9telek<\/strong>: Katarba tilos bizonyos \u00e1rucikkeket behozni, t\u00f6bbek k\u00f6z\u00f6tt alkoholt, k\u00e1b\u00edt\u00f3szereket, sert\u00e9sh\u00fasb\u00f3l k\u00e9sz\u00fclt term\u00e9keket \u00e9s az iszl\u00e1m erk\u00f6lcsnek ellentmond\u00f3 \u00e1rucikkeket.<\/li>\r\n<\/ul>\r\n\r\n\r\n\r\n<ul class=\"wp-block-list\">\r\n<li><strong>Szabv\u00e1nyok \u00e9s megfelel\u0151s\u00e9g<\/strong>: The <a href=\"https:\/\/www.iso.org\/member\/2049.html\" target=\"_blank\" rel=\"noreferrer noopener\">Katari \u00c1ltal\u00e1nos Szabv\u00e1ny\u00fcgyi \u00e9s M\u00e9r\u00e9s\u00fcgyi Szervezet (QGOSM)<\/a> meghat\u00e1rozza a term\u00e9kszabv\u00e1nyokat. Az import\u00e1lt \u00e1ruknak gyakran meg kell felelni\u00fck ezeknek a szabv\u00e1nyoknak, \u00e9s sz\u00fcks\u00e9g lehet az elismert szervek \u00e1ltal kiadott tan\u00fas\u00edtv\u00e1nyra.<\/li>\r\n<\/ul>\r\n\r\n\r\n\r\n<ul class=\"wp-block-list\">\r\n<li><strong>Sz\u00e1ll\u00edt\u00e1s el\u0151tti ellen\u0151rz\u00e9s<\/strong>: Egyes \u00e1rukateg\u00f3ri\u00e1kn\u00e1l a sz\u00e1ll\u00edt\u00e1s el\u0151tt ellen\u0151rz\u00e9sre lehet sz\u00fcks\u00e9g, hogy megfelelnek-e a katari szabv\u00e1nyoknak.<\/li>\r\n<\/ul>\r\n\r\n\r\n\r\n<ul class=\"wp-block-list\">\r\n<li><a href=\"https:\/\/asycuda.org\/en\/\" target=\"_blank\" rel=\"noreferrer noopener\"><strong>V\u00e1madatok automatiz\u00e1lt rendszere (ASYCUDA)<\/strong><\/a>: Katar ezt a rendszert a v\u00e1melj\u00e1r\u00e1s egyszer\u0171s\u00edt\u00e9s\u00e9re haszn\u00e1lja, lehet\u0151v\u00e9 t\u00e9ve a dokumentumok elektronikus beny\u00fajt\u00e1s\u00e1t \u00e9s a v\u00e1mok befizet\u00e9s\u00e9t.<\/li>\r\n<\/ul>\r\n\r\n\r\n\r\n<h3 class=\"wp-block-heading\"><span class=\"ez-toc-section\" id=\"Australias_Export_Regulations\"><\/span>Ausztr\u00e1lia kiviteli szab\u00e1lyoz\u00e1sa<span class=\"ez-toc-section-end\"><\/span><\/h3>\r\n\r\n\r\n\r\n<p>Az Ausztr\u00e1li\u00e1b\u00f3l sz\u00e1rmaz\u00f3 \u00e1ruk exportj\u00e1t els\u0151sorban a <a href=\"https:\/\/www.abf.gov.au\/\" target=\"_blank\" rel=\"noreferrer noopener\">Ausztr\u00e1l hat\u00e1r\u0151rs\u00e9g (ABF)<\/a>, \u00e9s bizonyos \u00e1rukra k\u00fcl\u00f6n \u00fcgyn\u00f6ks\u00e9gek \u00e1ltal hozott rendeletek vonatkoznak.<\/p>\r\n\r\n\r\n\r\n<p>Az ausztr\u00e1l exportfolyamat a k\u00f6vetkez\u0151kb\u0151l \u00e1ll:<\/p>\r\n\r\n\r\n\r\n<ul class=\"wp-block-list\">\r\n<li><strong>Kiviteli nyilatkozatok<\/strong>: Az ABF-hez egy bizonyos \u00e9rt\u00e9khat\u00e1rt meghalad\u00f3 \u00e9rt\u00e9k\u0171 vagy ellen\u0151rz\u00f6tt \u00e1rukra vonatkoz\u00f3an kiviteli nyilatkozatot kell beny\u00fajtani, amelyben r\u00e9szletesen meg kell adni a kivitel jelleg\u00e9t, \u00e9rt\u00e9k\u00e9t \u00e9s rendeltet\u00e9si hely\u00e9t.<\/li>\r\n<\/ul>\r\n\r\n\r\n\r\n<ul class=\"wp-block-list\">\r\n<li><strong>Ellen\u0151rz\u00f6tt \u00e1ruk<\/strong>: Bizonyos \u00e1rukhoz, k\u00f6zt\u00fck katonai cikkekhez, kett\u0151s felhaszn\u00e1l\u00e1s\u00fa \u00e1rukhoz \u00e9s k\u00fcl\u00f6nb\u00f6z\u0151 mez\u0151gazdas\u00e1gi term\u00e9kekhez az illet\u00e9kes ausztr\u00e1l korm\u00e1nyzati szerv \u00e1ltal kiadott kiviteli enged\u00e9ly sz\u00fcks\u00e9ges, mint p\u00e9ld\u00e1ul a <a href=\"https:\/\/www.defence.gov.au\/\" target=\"_blank\" rel=\"noreferrer noopener\">V\u00e9delmi Miniszt\u00e9rium<\/a> vagy a <a href=\"https:\/\/www.agriculture.gov.au\/\" target=\"_blank\" rel=\"noreferrer noopener\">Mez\u0151gazdas\u00e1gi, Hal\u00e1szati \u00e9s Erd\u00e9szeti Miniszt\u00e9rium<\/a>.<\/li>\r\n<\/ul>\r\n\r\n\r\n\r\n<ul class=\"wp-block-list\">\r\n<li><strong>Biol\u00f3giai biztons\u00e1gi int\u00e9zked\u00e9sek<\/strong>: The <a href=\"https:\/\/www.agriculture.gov.au\/\" target=\"_blank\" rel=\"noreferrer noopener\">Mez\u0151gazdas\u00e1gi, Hal\u00e1szati \u00e9s Erd\u00e9szeti Miniszt\u00e9rium<\/a> \u00e1tfog\u00f3 biol\u00f3giai biztons\u00e1gi int\u00e9zked\u00e9seket hajt v\u00e9gre a k\u00e1rtev\u0151k \u00e9s betegs\u00e9gek terjed\u00e9s\u00e9nek megakad\u00e1lyoz\u00e1sa \u00e9rdek\u00e9ben. A kivitelnek meg kell felelnie ezeknek az int\u00e9zked\u00e9seknek, amelyek magukban foglalhatj\u00e1k az ellen\u0151rz\u00e9st \u00e9s a kezel\u00e9st is.<\/li>\r\n<\/ul>\r\n\r\n\r\n\r\n<ul class=\"wp-block-list\">\r\n<li><a href=\"https:\/\/www.austrade.gov.au\/\" target=\"_blank\" rel=\"noreferrer noopener\"><strong>Ausztr\u00e1l Kereskedelmi \u00e9s Beruh\u00e1z\u00e1si Bizotts\u00e1g (Austrade)<\/strong><\/a>: B\u00e1r nem szab\u00e1lyoz\u00f3 szerv, az Austrade \u00e9rt\u00e9kes seg\u00edts\u00e9get ny\u00fajt a nemzetk\u00f6zi piacokkal \u00e9s a megfelel\u00e9si k\u00f6vetelm\u00e9nyekkel foglalkoz\u00f3 export\u0151r\u00f6knek.<\/li>\r\n<\/ul>\r\n\r\n\r\n\r\n<p>A jogszer\u0171 nemzetk\u00f6zi sz\u00e1ll\u00edt\u00e1s csak akkor lehets\u00e9ges, ha az \u00f6sszes ilyen szab\u00e1lyoz\u00e1st, dokument\u00e1ci\u00f3t \u00e9s elj\u00e1r\u00e1st marad\u00e9ktalanul betartjuk.<\/p>\r\n\r\n\r\n\r\n<p>Azzal, hogy mindent el\u0151k\u00e9sz\u00edt, \u00e9s betartja az ausztr\u00e1l \u00e9s a katari hat\u00f3s\u00e1gok \u00e1ltal meghat\u00e1rozott ir\u00e1nyelveket, biztos\u00edthatja, hogy \u00e1ruja biztons\u00e1gosan haladjon \u00e1t a v\u00e1mon, elker\u00fclheti a sz\u00fcks\u00e9gtelen lass\u00edt\u00e1sokat, \u00e9s elker\u00fclheti a jogi probl\u00e9m\u00e1kat.<\/p>\r\n\r\n\r\n\r\n<h2 class=\"wp-block-heading\"><span class=\"ez-toc-section\" id=\"Top_Goods_and_Services_Imported_by_Qatar\"><\/span>Katar \u00e1ltal import\u00e1lt legfontosabb \u00e1ruk \u00e9s szolg\u00e1ltat\u00e1sok<span class=\"ez-toc-section-end\"><\/span><\/h2>\r\n\r\n\r\n\r\n<p>Katar, az Arab-\u00f6b\u00f6l menti f\u00e9lsziget orsz\u00e1ga, amely futurisztikus felh\u0151karcol\u00f3ir\u00f3l \u00e9s ultramodern \u00e9p\u00edt\u00e9szet\u00e9r\u0151l ismert, egyben egy vibr\u00e1l\u00f3 piac is, ahol az \u00e1ruk \u00e9s szolg\u00e1ltat\u00e1sok sz\u00e9les sk\u00e1l\u00e1ja ir\u00e1nti kereslet tombol.<\/p>\r\n\r\n\r\n\r\n<p>Viszonylag kis m\u00e9rete ellen\u00e9re Katar vir\u00e1gz\u00f3 gazdas\u00e1ggal b\u00fcszk\u00e9lkedhet, amelyet hatalmas f\u00f6ldg\u00e1z- \u00e9s k\u0151olajk\u00e9szletei hajtanak. Ez tette az orsz\u00e1got a glob\u00e1lis import sz\u00ednt\u00e9r jelent\u0151s szerepl\u0151j\u00e9v\u00e9.<\/p>\r\n\r\n\r\n\r\n<p>Ez a j\u00f3l\u00e9t, valamint a gazdas\u00e1g diverzifik\u00e1l\u00e1sa \u00e9s a polg\u00e1rok \u00e9letmin\u0151s\u00e9g\u00e9nek jav\u00edt\u00e1sa ir\u00e1nti elk\u00f6telezetts\u00e9g t\u00e1pl\u00e1lja a term\u00e9kek sz\u00e9les sk\u00e1l\u00e1ja ir\u00e1nti keresletet, a luxuscikkekt\u0151l kezdve az \u00e9p\u00edt\u0151anyagokig \u00e9s a kett\u0151 k\u00f6z\u00f6tt mindent\u0151l kezdve. Ek\u00f6zben Ausztr\u00e1lia hatalmas er\u0151forr\u00e1saival \u00e9s fejlett ipar\u00e1val ide\u00e1lis partner e kereslet kiel\u00e9g\u00edt\u00e9s\u00e9hez.<\/p>\r\n\r\n\r\n\r\n<p>Vizsg\u00e1ljuk meg, milyen \u00e1ruk \u00e9rkeznek Katar kik\u00f6t\u0151ibe, \u00e9s milyen \u00e1ruk teszik meg az utat Ausztr\u00e1lia partjair\u00f3l, hogy kiel\u00e9g\u00edts\u00e9k Katar ig\u00e9nyeit.<\/p>\r\n\r\n\r\n\r\n<h3 class=\"wp-block-heading\"><span class=\"ez-toc-section\" id=\"Major_Goods_Imported_by_Qatar\"><\/span>Katar \u00e1ltal import\u00e1lt f\u0151bb \u00e1ruk<span class=\"ez-toc-section-end\"><\/span><\/h3>\r\n\r\n\r\n\r\n<ul class=\"wp-block-list\">\r\n<li><strong>\u00c9p\u00edt\u0151anyagok<\/strong>: Az infrastrukt\u00fara fejleszt\u00e9s\u00e9vel \u00e9s az ingatlanprojektekkel kapcsolatos \u00e9p\u00edtkez\u00e9sek folyamatos fellend\u00fcl\u00e9se n\u00f6veli az \u00e9p\u00edt\u0151anyagok, k\u00f6zt\u00fck az ac\u00e9l, a cement \u00e9s a fa ir\u00e1nti keresletet.<\/li>\r\n<\/ul>\r\n\r\n\r\n\r\n<ul class=\"wp-block-list\">\r\n<li><strong>Berendez\u00e9sek \u00e9s g\u00e9pek<\/strong>: Az orsz\u00e1g ambici\u00f3zus infrastruktur\u00e1lis projektjeihez n\u00e9lk\u00fcl\u00f6zhetetlen g\u00e9pek \u00e9s berendez\u00e9sek vezetik a katari importlist\u00e1t. Ez az \u00e9p\u00edt\u0151ipari g\u00e9pekt\u0151l kezdve az elektromos berendez\u00e9seken \u00e1t a k\u00f6z- \u00e9s mag\u00e1nszektorbeli projektekhez sz\u00fcks\u00e9ges g\u00e9p\u00e9szeti berendez\u00e9sekig mindent mag\u00e1ban foglal.<\/li>\r\n<\/ul>\r\n\r\n\r\n\r\n<ul class=\"wp-block-list\">\r\n<li><strong>Orvosi felszerel\u00e9sek \u00e9s felszerel\u00e9sek<\/strong>: Az eg\u00e9szs\u00e9g\u00fcgyi szolg\u00e1ltat\u00e1sok jav\u00edt\u00e1s\u00e1ra \u00f6sszpontos\u00edtva Katar a legmodernebb orvosi felszerel\u00e9seket \u00e9s eszk\u00f6z\u00f6ket import\u00e1lja.<\/li>\r\n<\/ul>\r\n\r\n\r\n\r\n<ul class=\"wp-block-list\">\r\n<li><strong>Vegyszerek<\/strong>: Az ipari \u00e9s mez\u0151gazdas\u00e1gi c\u00e9lokra egyar\u00e1nt import\u00e1lt vegyi anyagok, bele\u00e9rtve a m\u0171tr\u00e1gy\u00e1kat \u00e9s a gy\u00f3gyszereket, kulcsfontoss\u00e1g\u00faak Katar gazdas\u00e1ga sz\u00e1m\u00e1ra.<\/li>\r\n<\/ul>\r\n\r\n\r\n\r\n<ul class=\"wp-block-list\">\r\n<li><strong>J\u00e1rm\u0171vek<\/strong>: Katar piac\u00e1n a luxus \u00e9s haszong\u00e9pj\u00e1rm\u0171vek piaca el\u00e9g szil\u00e1rd. Az orsz\u00e1g a szem\u00e9lyg\u00e9pkocsikt\u00f3l \u00e9s teheraut\u00f3kt\u00f3l kezdve a szem\u00e9lyi haszn\u00e1latra, a sz\u00e1ll\u00edt\u00e1sra \u00e9s a logisztikai szektorra sz\u00e1nt speci\u00e1lis j\u00e1rm\u0171vekig mindent import\u00e1l.<\/li>\r\n<\/ul>\r\n\r\n\r\n\r\n<ul class=\"wp-block-list\">\r\n<li><strong>\u00c9lelmiszerek<\/strong>: Az \u00e9lelmiszer-\u00f6nell\u00e1t\u00e1s n\u00f6vel\u00e9s\u00e9re ir\u00e1nyul\u00f3 kezdem\u00e9nyez\u00e9sek ellen\u00e9re Katar m\u00e9g mindig nagym\u00e9rt\u00e9kben importra t\u00e1maszkodik \u00e9lelmiszer-sz\u00fcks\u00e9gleteinek jelent\u0151s r\u00e9sz\u00e9ben, bele\u00e9rtve az alapvet\u0151 \u00e9lelmiszereket, a tejterm\u00e9keket, a h\u00fast, a gy\u00fcm\u00f6lcs\u00f6ket \u00e9s a z\u00f6lds\u00e9geket.<\/li>\r\n<\/ul>\r\n\r\n\r\n\r\n<ul class=\"wp-block-list\">\r\n<li><strong>Fogyaszt\u00e1si cikkek<\/strong>: A magas v\u00e1s\u00e1rl\u00f3er\u0151 a fogyaszt\u00e1si cikkek sz\u00e9les sk\u00e1l\u00e1ja ir\u00e1nt t\u00e1maszt keresletet, bele\u00e9rtve az elektronikai cikkeket, ruh\u00e1zati cikkeket \u00e9s luxuscikkeket, amelyek mind a helyi lakoss\u00e1g, mind a sok k\u00fclf\u00f6ldi lakos sz\u00e1m\u00e1ra kiel\u00e9g\u00edtik a keresletet.<\/li>\r\n<\/ul>\r\n\r\n\r\n\r\n<h3 class=\"wp-block-heading\"><span class=\"ez-toc-section\" id=\"The_Demand_for_Products_from_Australia\"><\/span>Az ausztr\u00e1l term\u00e9kek ir\u00e1nti kereslet<span class=\"ez-toc-section-end\"><\/span><\/h3>\r\n\r\n\r\n\r\n<ul class=\"wp-block-list\">\r\n<li><strong>\u00c1llatteny\u00e9szt\u00e9s \u00e9s h\u00fasipari term\u00e9kek<\/strong>: Ausztr\u00e1lia kiv\u00e1l\u00f3 min\u0151s\u00e9g\u0171 marhah\u00fas\u00e1r\u00f3l \u00e9s \u00e1llat\u00e1llom\u00e1ny\u00e1r\u00f3l szerzett h\u00edrneve miatt kiv\u00e1l\u00f3 forr\u00e1s Katar sz\u00e1m\u00e1ra, amely pr\u00e9mium min\u0151s\u00e9g\u0171 h\u00fasterm\u00e9keket ig\u00e9nyel mind a helyi fogyaszt\u00e1s, mind a gasztron\u00f3miai v\u00e1llalkoz\u00e1sok sz\u00e1m\u00e1ra.<\/li>\r\n<\/ul>\r\n\r\n\r\n\r\n<ul class=\"wp-block-list\">\r\n<li><strong>Tejterm\u00e9kek<\/strong>: A min\u0151s\u00e9g\u00e9r\u0151l \u00e9s biztons\u00e1gi szabv\u00e1nyair\u00f3l ismert ausztr\u00e1l tejterm\u00e9kek, k\u00f6zt\u00fck a tej, a sajt \u00e9s a joghurt, keresettek Katarban.<\/li>\r\n<\/ul>\r\n\r\n\r\n\r\n<ul class=\"wp-block-list\">\r\n<li><strong>Oktat\u00e1si szolg\u00e1ltat\u00e1sok<\/strong>: Katar \u00e9l\u00e9nk \u00e9rdekl\u0151d\u00e9st mutat a nemzetk\u00f6zi oktat\u00e1si szolg\u00e1ltat\u00e1sok ir\u00e1nt, \u00e9s Ausztr\u00e1lia neves oktat\u00e1si int\u00e9zm\u00e9nyei vonz\u00f3ak a nemzetk\u00f6zi tanulm\u00e1nyokat folytat\u00f3 katari di\u00e1kok sz\u00e1m\u00e1ra.<\/li>\r\n<\/ul>\r\n\r\n\r\n\r\n<ul class=\"wp-block-list\">\r\n<li><strong>Mez\u0151gazdas\u00e1gi term\u00e9kek<\/strong>: A min\u0151s\u00e9g\u00fck\u00e9rt elismert ausztr\u00e1l gabonaf\u00e9l\u00e9k, gy\u00fcm\u00f6lcs\u00f6k \u00e9s z\u00f6lds\u00e9gek Katarban tal\u00e1lnak piacot, k\u00fcl\u00f6n\u00f6sen azok a term\u00e9kek, amelyek nem helyben termeltek vagy nem \u00e1llnak rendelkez\u00e9sre.<\/li>\r\n<\/ul>\r\n\r\n\r\n\r\n<ul class=\"wp-block-list\">\r\n<li><strong>Aut\u00f3ipar<\/strong>: Az ausztr\u00e1l gy\u00e1rtm\u00e1ny\u00fa j\u00e1rm\u0171vek \u00e9s alkatr\u00e9szek, k\u00fcl\u00f6n\u00f6sen a b\u00e1ny\u00e1szati \u00e9s \u00e9p\u00edt\u0151ipari speci\u00e1lis j\u00e1rm\u0171vek \u00e9s alkatr\u00e9szek potenci\u00e1llal rendelkeznek a katari piacon.<\/li>\r\n<\/ul>\r\n\r\n\r\n\r\n<ul class=\"wp-block-list\">\r\n<li><strong>\u00c9p\u00edt\u0151ipari \u00e9s infrastruktur\u00e1lis szolg\u00e1ltat\u00e1sok<\/strong>: Katar folyamatban l\u00e9v\u0151 infrastruktur\u00e1lis fejleszt\u00e9sei miatt az \u00e9p\u00edt\u0151iparban, a m\u00e9rn\u00f6ki tev\u00e9kenys\u00e9gekben \u00e9s a projektmenedzsmentben j\u00e1rtas ausztr\u00e1l v\u00e1llalatok j\u00f3 helyzetben vannak ahhoz, hogy hozz\u00e1j\u00e1ruljanak.<\/li>\r\n<\/ul>\r\n\r\n\r\n\r\n<ul class=\"wp-block-list\">\r\n<li><strong>Eg\u00e9szs\u00e9g\u00fcgyi \u00e9s orvosi berendez\u00e9sek<\/strong>: Ausztr\u00e1lia fejlett orvosi technol\u00f3gi\u00e1i \u00e9s eg\u00e9szs\u00e9g\u00fcgyi szolg\u00e1ltat\u00e1sai lehet\u0151s\u00e9get k\u00edn\u00e1lnak Katarban, k\u00fcl\u00f6n\u00f6sen az orsz\u00e1g eg\u00e9szs\u00e9g\u00fcgyi rendszer\u00e9nek jav\u00edt\u00e1s\u00e1ra ir\u00e1nyul\u00f3 er\u0151fesz\u00edt\u00e9seinek f\u00e9ny\u00e9ben.<\/li>\r\n<\/ul>\r\n\r\n\r\n\r\n<ul class=\"wp-block-list\">\r\n<li><strong>B\u00e1ny\u00e1szati szolg\u00e1ltat\u00e1sok \u00e9s technol\u00f3gi\u00e1k<\/strong>: Tekintettel Katar k\u00fclf\u00f6ldi b\u00e1ny\u00e1szati \u00e9s nyersanyagfejleszt\u00e9si beruh\u00e1z\u00e1saira, az ausztr\u00e1l b\u00e1ny\u00e1szati szolg\u00e1ltat\u00e1sok \u00e9s technol\u00f3giai szolg\u00e1ltat\u00f3k j\u00f6vedelmez\u0151 \u00fczleti lehet\u0151s\u00e9geket tal\u00e1lhatnak.<\/li>\r\n<\/ul>\r\n\r\n\r\n\r\n<ul class=\"wp-block-list\">\r\n<li><strong>K\u00f6rnyezetv\u00e9delmi technol\u00f3gi\u00e1k<\/strong>: Mivel Katar a fenntarthat\u00f3s\u00e1gra \u00e9s a k\u00f6rnyezetv\u00e9delemre \u00f6sszpontos\u00edt, a v\u00edzgazd\u00e1lkod\u00e1s, a hullad\u00e9kkezel\u00e9s \u00e9s a meg\u00fajul\u00f3 energiaforr\u00e1sok ter\u00fclet\u00e9n megold\u00e1sokat k\u00edn\u00e1l\u00f3 ausztr\u00e1l v\u00e1llalatok megfelel\u0151 megold\u00e1sokat k\u00edn\u00e1lhatnak.<\/li>\r\n<\/ul>\r\n\r\n\r\n\r\n<ul class=\"wp-block-list\">\r\n<li><strong>Sport- \u00e9s edz\u00e9si szolg\u00e1ltat\u00e1sok<\/strong>: A sport jelent\u0151s r\u00e9sz\u00e9t k\u00e9pezi Katar kultur\u00e1lis \u00e9s fejleszt\u00e9si programj\u00e1nak. Az ausztr\u00e1l szak\u00e9rtelem a sportk\u00e9pz\u00e9s, a menedzsment \u00e9s az infrastrukt\u00fara ter\u00e9n t\u00e1mogathatja Katar t\u00f6rekv\u00e9seit, k\u00fcl\u00f6n\u00f6sen az olyan esem\u00e9nyek ut\u00e1n, mint a FIFA vil\u00e1gbajnoks\u00e1g.<\/li>\r\n<\/ul>\r\n\r\n\r\n\r\n<p>A Katar \u00e9s Ausztr\u00e1lia k\u00f6z\u00f6tti kereskedelmi \u00fatvonalak gazdag lehet\u0151s\u00e9geket rejtenek magukban, amelyeket Katar hatalmas importig\u00e9nye \u00e9s Ausztr\u00e1lia magas min\u0151s\u00e9g\u0171 \u00e1ruk \u00e9s szolg\u00e1ltat\u00e1sok ny\u00fajt\u00e1s\u00e1ra ir\u00e1nyul\u00f3 kapacit\u00e1sa t\u00e1pl\u00e1l.<\/p>\r\n\r\n\r\n\r\n<p>Ahogy a k\u00e9t orsz\u00e1g tov\u00e1bbra is szorosabb gazdas\u00e1gi kapcsolatokat \u00e9p\u00edt, a term\u00e9kek \u00e9s szolg\u00e1ltat\u00e1sok \u00e1raml\u00e1sa ezekben az \u00e1gazatokban v\u00e1rhat\u00f3an n\u00f6vekedni fog, ami a v\u00e1llalkoz\u00e1sok \u00e9s a fogyaszt\u00f3k sz\u00e1m\u00e1ra egyar\u00e1nt el\u0151ny\u00f6s.<\/p>\r\n\r\n\r\n\r\n<h2 class=\"wp-block-heading\"><span class=\"ez-toc-section\" id=\"Restricted_Items_for_Shipping_to_Qatar\"><\/span>Korl\u00e1tozott t\u00e9telek Katarba t\u00f6rt\u00e9n\u0151 sz\u00e1ll\u00edt\u00e1s eset\u00e9n<span class=\"ez-toc-section-end\"><\/span><\/h2>\r\n\r\n\r\n\r\n<p>Ha \u00e1rut sz\u00e1ll\u00edt Katarba, nagyon oda kell figyelnie arra, hogy mit csomagol a dobozokba. Nem k\u00fcldhet el abszol\u00fat mindent, ami esz\u00e9be jut.<\/p>\r\n\r\n\r\n\r\n<p>A gazdag kultur\u00e1lis \u00f6r\u00f6ks\u00e9ggel \u00e9s a hagyom\u00e1nyokhoz \u00e9s t\u00f6rv\u00e9nyekhez val\u00f3 szigor\u00fa ragaszkod\u00e1ssal rendelkez\u0151 Katarnak egy\u00e9rtelm\u0171 ir\u00e1nymutat\u00e1sai vannak arra vonatkoz\u00f3an, hogy mi l\u00e9pi \u00e1t a hat\u00e1rait. Ezeknek a korl\u00e1toz\u00e1soknak a betart\u00e1sa kritikus fontoss\u00e1g\u00fa mindazok sz\u00e1m\u00e1ra, akik ebbe a szuver\u00e9n \u00e1llamba szeretn\u00e9nek sz\u00e1ll\u00edtani.<\/p>\r\n\r\n\r\n\r\n<p>N\u00e9zz\u00fck a r\u00e9szleteket, hogy a rakom\u00e1nya ne keltsen felt\u0171n\u00e9st \u00e9rkez\u00e9skor.<\/p>\r\n\r\n\r\n\r\n<h3 class=\"wp-block-heading\"><span class=\"ez-toc-section\" id=\"Prohibited_Items_for_Import_in_Qatar\"><\/span>Katarba t\u00f6rt\u00e9n\u0151 behozatalra tiltott term\u00e9kek<span class=\"ez-toc-section-end\"><\/span><\/h3>\r\n\r\n\r\n\r\n<p>Katar rendelkezik egy v\u00e9gleges list\u00e1val azokr\u00f3l a term\u00e9kekr\u0151l, amelyek behozatala teljes m\u00e9rt\u00e9kben tilos, \u00edgy v\u00e9dve polg\u00e1rait, k\u00f6rnyezet\u00e9t \u00e9s erk\u00f6lcsi \u00e9rt\u00e9keit.<\/p>\r\n\r\n\r\n\r\n<p>Ezek k\u00f6z\u00e9 tartoznak:<\/p>\r\n\r\n\r\n\r\n<ul class=\"wp-block-list\">\r\n<li><strong>Alkoholos italok<\/strong>: Teljesen tilos, ami az orsz\u00e1g iszl\u00e1m t\u00f6rv\u00e9nyekhez val\u00f3 ragaszkod\u00e1s\u00e1t t\u00fckr\u00f6zi.<\/li>\r\n<\/ul>\r\n\r\n\r\n\r\n<ul class=\"wp-block-list\">\r\n<li><strong>Sert\u00e9sh\u00fasb\u00f3l k\u00e9sz\u00fclt term\u00e9kek<\/strong>: Az iszl\u00e1m \u00e9tkez\u00e9si t\u00f6rv\u00e9nyeknek megfelel\u0151en a sert\u00e9sh\u00fas \u00e9s sz\u00e1rmaz\u00e9kai nem enged\u00e9lyezettek.<\/li>\r\n<\/ul>\r\n\r\n\r\n\r\n<ul class=\"wp-block-list\">\r\n<li><strong>K\u00e1b\u00edt\u00f3szerek \u00e9s k\u00e1b\u00edt\u00f3szerek<\/strong>: Ezek szigor\u00faan tilosak. Ebbe a kateg\u00f3ri\u00e1ba olyan anyagok tartoznak, amelyek m\u00e1s orsz\u00e1gokban leg\u00e1lisak lehetnek, de Katarban illeg\u00e1lisnak sz\u00e1m\u00edtanak.<\/li>\r\n<\/ul>\r\n\r\n\r\n\r\n<ul class=\"wp-block-list\">\r\n<li><strong>Obszc\u00e9n vagy pornogr\u00e1f anyagok<\/strong>: Ide tartoznak az iszl\u00e1m erk\u00f6lcsbe \u00fctk\u00f6z\u0151 irodalom, m\u0171v\u00e9szeti alkot\u00e1sok, filmek \u00e9s magazinok.<\/li>\r\n<\/ul>\r\n\r\n\r\n\r\n<ul class=\"wp-block-list\">\r\n<li><strong>Fegyverek, l\u0151szerek \u00e9s robban\u00f3anyagok<\/strong>: Tilos, kiv\u00e9ve, ha a katari hat\u00f3s\u00e1gokt\u00f3l k\u00fcl\u00f6n enged\u00e9lyt kapnak, jellemz\u0151en hivatalos haszn\u00e1latra.<\/li>\r\n<\/ul>\r\n\r\n\r\n\r\n<ul class=\"wp-block-list\">\r\n<li><strong>Hamis\u00edtott \u00e1ruk<\/strong>: Bele\u00e9rtve, de nem kiz\u00e1r\u00f3lagosan a valut\u00e1t, dokumentumokat, m\u00e1rk\u00e1s term\u00e9keket stb. Mindezek szigor\u00faan tilosak a szellemi tulajdonjogok v\u00e9delme \u00e9rdek\u00e9ben.<\/li>\r\n<\/ul>\r\n\r\n\r\n\r\n<ul class=\"wp-block-list\">\r\n<li><strong>Vesz\u00e9lyeztetett fajok \u00e9s mell\u00e9kterm\u00e9kek<\/strong>: V\u00e9dett a <a href=\"https:\/\/cites.org\/eng\/disc\/what.php\" target=\"_blank\" rel=\"noreferrer noopener\">CITES (a vesz\u00e9lyeztetett vadon \u00e9l\u0151 \u00e1llat- \u00e9s n\u00f6v\u00e9nyfajok nemzetk\u00f6zi kereskedelm\u00e9r\u0151l sz\u00f3l\u00f3 egyezm\u00e9ny)<\/a>bele\u00e9rtve az elef\u00e1ntcsontot, az orrszarv\u00fa szarv\u00e1t, valamint bizonyos \u00e1llatb\u0151r\u00f6ket \u00e9s sz\u0151rm\u00e9ket.<\/li>\r\n<\/ul>\r\n\r\n\r\n\r\n<h3 class=\"wp-block-heading\"><span class=\"ez-toc-section\" id=\"Restricted_Items_Requiring_Certifications_or_Special_Permits\"><\/span>Tan\u00fas\u00edtv\u00e1nyokat vagy k\u00fcl\u00f6nleges enged\u00e9lyeket ig\u00e9nyl\u0151 korl\u00e1tozott term\u00e9kek<span class=\"ez-toc-section-end\"><\/span><\/h3>\r\n\r\n\r\n\r\n<p>Sz\u00e1mos term\u00e9k nem tiltott, de a v\u00e1mkezel\u00e9shez r\u00e9szletes dokument\u00e1ci\u00f3ra, k\u00fcl\u00f6nleges enged\u00e9lyekre vagy tan\u00fas\u00edtv\u00e1nyokra van sz\u00fcks\u00e9g.<\/p>\r\n\r\n\r\n\r\n<p>Ezek k\u00f6z\u00e9 tartoznak:<\/p>\r\n\r\n\r\n\r\n<ul class=\"wp-block-list\">\r\n<li><strong>Gy\u00f3gyszerek \u00e9s gy\u00f3gyszerek<\/strong>: A szem\u00e9lyes gy\u00f3gyszerek behozhat\u00f3k Katarba, de korl\u00e1tozott mennyis\u00e9gben \u00e9s receptre. A gy\u00f3gyszerek kereskedelmi c\u00e9l\u00fa behozatal\u00e1hoz a katari hat\u00f3s\u00e1g enged\u00e9lye sz\u00fcks\u00e9ges. <a href=\"https:\/\/www.moph.gov.qa\/english\/Pages\/default.aspx\" target=\"_blank\" rel=\"noreferrer noopener\">K\u00f6zeg\u00e9szs\u00e9g\u00fcgyi Miniszt\u00e9rium<\/a>.<\/li>\r\n<\/ul>\r\n\r\n\r\n\r\n<ul class=\"wp-block-list\">\r\n<li><strong>Vall\u00e1si anyagok<\/strong>: A nem iszl\u00e1m vall\u00e1si anyagok szem\u00e9lyes haszn\u00e1latra megengedettek, de ellen\u0151rz\u00e9snek vethet\u0151k al\u00e1, \u00e9s csak szer\u00e9ny mennyis\u00e9gben szabad behozni.<\/li>\r\n<\/ul>\r\n\r\n\r\n\r\n<ul class=\"wp-block-list\">\r\n<li><strong>Vezet\u00e9k n\u00e9lk\u00fcli berendez\u00e9sek \u00e9s kommunik\u00e1ci\u00f3s eszk\u00f6z\u00f6k<\/strong>: Az ilyen t\u00e9telekhez sz\u00fcks\u00e9g lehet a Bizotts\u00e1g j\u00f3v\u00e1hagy\u00e1s\u00e1ra. <a href=\"https:\/\/www.cra.gov.qa\/\" target=\"_blank\" rel=\"noreferrer noopener\">H\u00edrk\u00f6zl\u00e9si Szab\u00e1lyoz\u00f3 Hat\u00f3s\u00e1g<\/a> annak biztos\u00edt\u00e1sa \u00e9rdek\u00e9ben, hogy megfeleljenek a helyi frekvencia- \u00e9s biztons\u00e1gi el\u0151\u00edr\u00e1soknak.<\/li>\r\n<\/ul>\r\n\r\n\r\n\r\n<ul class=\"wp-block-list\">\r\n<li><strong>N\u00f6v\u00e9nyek, magvak \u00e9s talaj<\/strong>: N\u00f6v\u00e9ny-eg\u00e9szs\u00e9g\u00fcgyi bizony\u00edtv\u00e1nyok \u00e9s bizonyos esetekben behozatali enged\u00e9lyek megk\u00f6vetel\u00e9se a k\u00e1rtev\u0151k \u00e9s betegs\u00e9gek behurcol\u00e1s\u00e1nak megakad\u00e1lyoz\u00e1sa \u00e9rdek\u00e9ben.<\/li>\r\n<\/ul>\r\n\r\n\r\n\r\n<ul class=\"wp-block-list\">\r\n<li><strong>H\u00e1zi\u00e1llatok \u00e9s egy\u00e9b \u00e1llatok<\/strong>: Naprak\u00e9sz olt\u00e1si nyilv\u00e1ntart\u00e1ssal, eg\u00e9szs\u00e9g\u00fcgyi bizony\u00edtv\u00e1nyokkal, \u00e9s bizonyos fajok eset\u00e9ben a behozatali enged\u00e9llyel kell rendelkeznie. <a href=\"https:\/\/www.mecc.gov.qa\/en\/home\/\" target=\"_blank\" rel=\"noreferrer noopener\">K\u00f6rnyezetv\u00e9delmi \u00e9s \u00c9ghajlatv\u00e1ltoz\u00e1si Miniszt\u00e9rium<\/a>.<\/li>\r\n<\/ul>\r\n\r\n\r\n\r\n<ul class=\"wp-block-list\">\r\n<li><strong>\u00c9lelmiszerek<\/strong>: Ellen\u0151rz\u00e9s al\u00e1 esik, \u00e9s meg kell felelnie a Katar \u00e1ltal meghat\u00e1rozott c\u00edmk\u00e9z\u00e9si \u00e9s biztons\u00e1gi el\u0151\u00edr\u00e1soknak. <a href=\"https:\/\/www.moph.gov.qa\/english\/Pages\/default.aspx\" target=\"_blank\" rel=\"noreferrer noopener\">K\u00f6zeg\u00e9szs\u00e9g\u00fcgyi Miniszt\u00e9rium<\/a>. Bizonyos esetekben halal tan\u00fas\u00edtv\u00e1nyra is sz\u00fcks\u00e9g lehet.<\/li>\r\n<\/ul>\r\n\r\n\r\n\r\n<ul class=\"wp-block-list\">\r\n<li><strong>Kozmetikumok \u00e9s test\u00e1pol\u00e1si term\u00e9kek<\/strong>: Meg kell felelnie az eg\u00e9szs\u00e9g\u00fcgyi \u00e9s biztons\u00e1gi el\u0151\u00edr\u00e1soknak, \u00e9s sz\u00fcks\u00e9g lehet a nyilv\u00e1ntart\u00e1sba v\u00e9telre a <a href=\"https:\/\/www.moph.gov.qa\/english\/Pages\/default.aspx\" target=\"_blank\" rel=\"noreferrer noopener\">K\u00f6zeg\u00e9szs\u00e9g\u00fcgyi Miniszt\u00e9rium<\/a>.<\/li>\r\n<\/ul>\r\n\r\n\r\n\r\n<ul class=\"wp-block-list\">\r\n<li><strong>J\u00e1rm\u0171vek<\/strong>: Az import\u00e1lt j\u00e1rm\u0171veknek meg kell felelni\u00fck a katari k\u00f6rnyezetv\u00e9delmi \u00e9s biztons\u00e1gi el\u0151\u00edr\u00e1soknak, \u00e9s ellen\u0151rz\u00e9sre ker\u00fclhetnek. A jobbkorm\u00e1nyos j\u00e1rm\u0171vek \u00e1ltal\u00e1ban nem haszn\u00e1lhat\u00f3k k\u00f6z\u00faton.<\/li>\r\n<\/ul>\r\n\r\n\r\n\r\n<p>Ahhoz, hogy kital\u00e1lja, mit k\u00fcldhet \u00e9s mit nem k\u00fcldhet Katarba, nagyon oda kell figyelnie a katari szab\u00e1lyokra \u00e9s el\u0151\u00edr\u00e1sokra. Ha biztos\u00edtja, hogy k\u00fcldem\u00e9nye megfelel ezeknek a k\u00f6vetelm\u00e9nyeknek, elker\u00fclheti a v\u00e1mk\u00e9sedelmeket, a b\u00edrs\u00e1gokat vagy a tiltott t\u00e1rgyak elkobz\u00e1s\u00e1t. Minden a Katar \u00e1ltal meghat\u00e1rozott jogi \u00e9s kultur\u00e1lis hat\u00e1rok tiszteletben tart\u00e1s\u00e1r\u00f3l sz\u00f3l.<\/p>\r\n\r\n\r\n\r\n<h2 class=\"wp-block-heading\"><span class=\"ez-toc-section\" id=\"Obtaining_a_Personalized_Quote\"><\/span>Szem\u00e9lyre szabott \u00e1raj\u00e1nlat beszerz\u00e9se<span class=\"ez-toc-section-end\"><\/span><\/h2>\r\n\r\n\r\n\r\n<p>A kont\u00e9nersz\u00e1ll\u00edt\u00e1s vil\u00e1g\u00e1ba mindenk\u00e9ppen bele lehet mer\u00fclni szem\u00e9lyre szabott \u00e1raj\u00e1nlat n\u00e9lk\u00fcl is. A rakom\u00e1nya v\u00e9g\u00fcl el\u00e9ri a c\u00e9l\u00e1llom\u00e1st, de val\u00f3sz\u00edn\u0171leg felesleges kih\u00edv\u00e1sokkal \u00e9s k\u00f6lts\u00e9gekkel kell szemben\u00e9znie az \u00fat sor\u00e1n.<\/p>\r\n\r\n\r\n\r\n<p>A szem\u00e9lyre szabott \u00e1raj\u00e1nlat beszerz\u00e9se az els\u0151 l\u00e9p\u00e9s a gyors \u00e9s megfizethet\u0151 sz\u00e1ll\u00edt\u00e1si \u00fat fel\u00e9. Ez biztos\u00edtja, hogy vil\u00e1gos k\u00e9pet kapjon a felmer\u00fcl\u0151 k\u00f6lts\u00e9gekr\u0151l, az \u00d6n egyedi sz\u00e1ll\u00edt\u00e1si ig\u00e9nyeihez igaz\u00edtva, seg\u00edtve \u00d6nt a hat\u00e9kony k\u00f6lts\u00e9gvet\u00e9s kialak\u00edt\u00e1s\u00e1ban \u00e9s a p\u00e9nz\u00fcgyi meglepet\u00e9sek elker\u00fcl\u00e9s\u00e9ben.<\/p>\r\n\r\n\r\n\r\n<h3 class=\"wp-block-heading\"><span class=\"ez-toc-section\" id=\"How_to_Use_Our_Quoting_Tool\"><\/span>Hogyan haszn\u00e1lja az \u00e1raj\u00e1nlatk\u00e9r\u0151 eszk\u00f6z\u00fcnket<span class=\"ez-toc-section-end\"><\/span><\/h3>\r\n\r\n\r\n\r\n<p>Az \u00e1raj\u00e1nlatk\u00e9sz\u00edt\u0151 eszk\u00f6z\u00fcnket \u00fagy tervezt\u00fck, hogy felhaszn\u00e1l\u00f3bar\u00e1t legyen, \u00e9s v\u00e9gigvezesse \u00d6nt a sz\u00e1ll\u00edt\u00e1si ig\u00e9nyeihez sz\u00fcks\u00e9ges becsl\u00e9s elk\u00e9sz\u00edt\u00e9s\u00e9nek folyamat\u00e1n.<\/p>\r\n\r\n\r\n\r\n<p>\u00cdgy navig\u00e1lhatsz benne:<\/p>\r\n\r\n\r\n\r\n<ul class=\"wp-block-list\">\r\n<li><strong>Sz\u00e1ll\u00edt\u00e1s a k\u00f6vetkez\u0151 helyekre \u00e9s helyr\u0151l<\/strong>: Kezdje a sz\u00e1ll\u00edt\u00e1si eredet \u00e9s c\u00e9l\u00e1llom\u00e1s megad\u00e1s\u00e1val. Ak\u00e1r Sydney-b\u0151l Doh\u00e1ba, ak\u00e1r m\u00e1shov\u00e1 sz\u00e1ll\u00edt, a pontos adatok itt elengedhetetlenek.<\/li>\r\n<\/ul>\r\n\r\n\r\n\r\n<ul class=\"wp-block-list\">\r\n<li><strong>A k\u00f6lt\u00f6z\u00e9s id\u0151pontja<\/strong>: A tervezett sz\u00e1ll\u00edt\u00e1si d\u00e1tum befoly\u00e1solhatja az \u00e1raj\u00e1nlatot az \u00e9v k\u00fcl\u00f6nb\u00f6z\u0151 id\u0151szakaiban v\u00e1ltoz\u00f3 kereslet miatt. V\u00e1lassza ki azt az id\u0151pontot, amelyik a legjobban megfelel az \u00d6n \u00fctemterv\u00e9nek.<\/li>\r\n<\/ul>\r\n\r\n\r\n\r\n<ul class=\"wp-block-list\">\r\n<li><strong>Rakom\u00e1ny m\u00e9rete<\/strong>: N\u00e9h\u00e1ny l\u00e1d\u00e1t vagy egy teljes kont\u00e9nert sz\u00e1ll\u00edt? A rakom\u00e1ny m\u00e9rete k\u00f6zvetlen\u00fcl befoly\u00e1solja a k\u00f6lts\u00e9geket, ez\u00e9rt fontos, hogy pontos adatokat adjon meg.<\/li>\r\n<\/ul>\r\n\r\n\r\n\r\n<ul class=\"wp-block-list\">\r\n<li><strong>Az \u00e1ruk le\u00edr\u00e1sa<\/strong>: Pontosan mit sz\u00e1ll\u00edtanak? Az \u00e1ru r\u00e9szletes le\u00edr\u00e1sa seg\u00edt az \u00e1raj\u00e1nlat pontosabb becsl\u00e9s\u00e9ben, \u00e9s biztos\u00edtja a sz\u00e1ll\u00edt\u00e1si el\u0151\u00edr\u00e1sok betart\u00e1s\u00e1t.<\/li>\r\n<\/ul>\r\n\r\n\r\n\r\n<ul class=\"wp-block-list\">\r\n<li><strong>Szem\u00e9lyes adatok<\/strong>: Az \u00d6n el\u00e9rhet\u0151s\u00e9gei elengedhetetlenek a k\u00f6vetkez\u0151kh\u00f6z <a href=\"https:\/\/moverdb.com\/hu\/moving-to-the-united-states\/\" data-internallinksmanager029f6b8e52c=\"94\" title=\"Az Egyes\u00fclt \u00c1llamokba k\u00f6lt\u00f6zik? 2022 Meg\u00e9lhet\u00e9si k\u00f6lts\u00e9gek \u00e9s k\u00f6lt\u00f6z\u00e9si tippek\">us<\/a> hogy szem\u00e9lyre szabott \u00e1raj\u00e1nlatot kapjon. Biztos lehet benne, hogy adatait bizalmasan kezelj\u00fck, \u00e9s kiz\u00e1r\u00f3lag az \u00e1raj\u00e1nlatk\u00e9r\u00e9s c\u00e9lj\u00e1b\u00f3l haszn\u00e1ljuk fel.<\/li>\r\n<\/ul>\r\n\r\n\r\n\r\n<p>A sz\u00e1ll\u00edt\u00e1si folyamat megkezd\u00e9se neh\u00e9z lehet, de ezzel nem vagy egyed\u00fcl. Szak\u00e9rt\u0151 kalauzaink mindig k\u00e9szen \u00e1llnak arra, hogy seg\u00edtsenek \u00d6nnek, tan\u00e1csot adjanak, tiszt\u00e1zz\u00e1k a k\u00e9ts\u00e9geket, \u00e9s seg\u00edtsenek \u00e1tjutni a nemzetk\u00f6zi sz\u00e1ll\u00edt\u00e1s bonyolult folyamatain.<\/p>\r\n\r\n\r\n\r\n<p>Ak\u00e1r seg\u00edts\u00e9gre van sz\u00fcks\u00e9ge az \u00e1raj\u00e1nlat meg\u00e9rt\u00e9s\u00e9hez, a v\u00e1mszab\u00e1lyok kezel\u00e9s\u00e9hez, ak\u00e1r egyszer\u0171en csak sz\u00e1ll\u00edt\u00e1si tan\u00e1csot szeretne k\u00e9rni, mi az \u00fat minden l\u00e9p\u00e9s\u00e9n\u00e9l t\u00e1mogatjuk \u00d6nt.<\/p>\r\n\r\n\r\n\r\n<h2 class=\"wp-block-heading\"><span class=\"ez-toc-section\" id=\"FAQ\"><\/span>F.A.Q.<span class=\"ez-toc-section-end\"><\/span><\/h2>\r\n\r\n\r\n\r\n<h3 class=\"wp-block-heading\"><span class=\"ez-toc-section\" id=\"How_far_in_advance_should_I_book_my_shipping_container\"><\/span>Mennyi id\u0151re el\u0151re kell lefoglalnom a kont\u00e9neremet?<span class=\"ez-toc-section-end\"><\/span><\/h3>\r\n\r\n\r\n\r\n<p>Ide\u00e1lis esetben legal\u00e1bb 2-3 h\u00f3nappal a k\u00f6lt\u00f6z\u00e9s tervezett id\u0151pontja el\u0151tt le kell foglalnia a kont\u00e9nert. Ez az id\u0151keret lehet\u0151v\u00e9 teszi a b\u0151s\u00e9ges tervez\u00e9st, a sz\u00fcks\u00e9ges dokumentumok beszerz\u00e9s\u00e9t \u00e9s az esetleges el\u0151re nem l\u00e1that\u00f3 k\u00e9sedelmek kezel\u00e9s\u00e9t. A f\u0151szezonban t\u00f6rt\u00e9n\u0151 \u00fczleti sz\u00e1ll\u00edtm\u00e1nyok eset\u00e9ben a m\u00e9g kor\u00e1bbi foglal\u00e1s seg\u00edthet biztos\u00edtani a rendelkez\u00e9sre \u00e1ll\u00e1st \u00e9s az esetlegesen kedvez\u0151bb \u00e1rakat.<\/p>\r\n\r\n\r\n\r\n<h3 class=\"wp-block-heading\"><span class=\"ez-toc-section\" id=\"Whats_the_difference_between_a_door-to-door_and_port-to-port_shipping_service\"><\/span>Mi a k\u00fcl\u00f6nbs\u00e9g a h\u00e1zt\u00f3l h\u00e1zig \u00e9s a kik\u00f6t\u0151t\u0151l kik\u00f6t\u0151ig sz\u00e1ll\u00edt\u00e1si szolg\u00e1ltat\u00e1s k\u00f6z\u00f6tt?<span class=\"ez-toc-section-end\"><\/span><\/h3>\r\n\r\n\r\n\r\n<p>A h\u00e1zt\u00f3l h\u00e1zig szolg\u00e1ltat\u00e1s mag\u00e1ban foglalja a rakom\u00e1ny felv\u00e9tel\u00e9t egy megadott helyr\u0151l, a c\u00e9lorsz\u00e1gba t\u00f6rt\u00e9n\u0151 sz\u00e1ll\u00edt\u00e1st, majd a v\u00e9gs\u0151 c\u00edmre t\u00f6rt\u00e9n\u0151 k\u00e9zbes\u00edt\u00e9st. A kik\u00f6t\u0151t\u0151l kik\u00f6t\u0151ig szolg\u00e1ltat\u00e1s ezzel szemben a rakom\u00e1nyt csak a kiindul\u00e1si kik\u00f6t\u0151b\u0151l a c\u00e9lkik\u00f6t\u0151be sz\u00e1ll\u00edtja, az \u00e1tv\u00e9telt \u00e9s a k\u00e9zbes\u00edt\u00e9st pedig az \u00fcgyf\u00e9lre b\u00edzza. A h\u00e1zt\u00f3l h\u00e1zig szolg\u00e1ltat\u00e1s \u00e1tfog\u00f3bb \u00e9s k\u00e9nyelmesebb, k\u00fcl\u00f6n\u00f6sen az otthoni k\u00f6lt\u00f6z\u00e9sek vagy olyan v\u00e1llalkoz\u00e1sok eset\u00e9ben, amelyeknek nincs m\u00f3djuk a kik\u00f6t\u0151kben a logisztika kezel\u00e9s\u00e9re.<\/p>\r\n\r\n\r\n\r\n<h3 class=\"wp-block-heading\"><span class=\"ez-toc-section\" id=\"Can_I_pack_my_shipping_container_myself\"><\/span>Becsomagolhatom \u00e9n magam a kont\u00e9neremet?<span class=\"ez-toc-section-end\"><\/span><\/h3>\r\n\r\n\r\n\r\n<p>Igen, saj\u00e1t maga is bepakolhatja a kont\u00e9ner\u00e9t, amit \u00f6ncsomagol\u00e1snak nevez\u00fcnk. Ezzel a lehet\u0151s\u00e9ggel p\u00e9nzt takar\u00edthat meg, de minden t\u00e1rgyat biztons\u00e1gosan be kell csomagolni \u00e9s lelt\u00e1rozni kell a v\u00e1mkezel\u00e9shez. Az \u00e9rt\u00e9kes vagy t\u00f6r\u00e9keny t\u00e1rgyak eset\u00e9ben azonban aj\u00e1nlott a professzion\u00e1lis csomagol\u00e1si szolg\u00e1ltat\u00e1sok ig\u00e9nybev\u00e9tele, mivel \u0151k rendelkeznek azzal a szak\u00e9rtelemmel, hogy minimaliz\u00e1lj\u00e1k a sz\u00e1ll\u00edt\u00e1s sor\u00e1n keletkez\u0151 k\u00e1rokat.<\/p>\r\n\r\n\r\n\r\n<h3 class=\"wp-block-heading\"><span class=\"ez-toc-section\" id=\"How_is_the_cost_of_shipping_a_container_calculated\"><\/span>Hogyan sz\u00e1m\u00edtj\u00e1k ki egy kont\u00e9ner sz\u00e1ll\u00edt\u00e1si k\u00f6lts\u00e9g\u00e9t?<span class=\"ez-toc-section-end\"><\/span><\/h3>\r\n\r\n\r\n\r\n<p>A k\u00f6lts\u00e9geket t\u00f6bb t\u00e9nyez\u0151 befoly\u00e1solja, t\u00f6bbek k\u00f6z\u00f6tt a sz\u00e1ll\u00edt\u00e1si \u00fatvonal, <a href=\"https:\/\/moverdb.com\/hu\/shipping-container-sizes-and-dimensions\/\" data-internallinksmanager029f6b8e52c=\"247\" title=\"A haj\u00f3z\u00e1si kont\u00e9nerek m\u00e9ret\u00e9nek \u00e9s m\u00e9reteinek v\u00e9gs\u0151 \u00fatmutat\u00f3ja\">tart\u00e1ly m\u00e9rete<\/a> (20 l\u00e1b vagy 40 l\u00e1b, standard vagy speci\u00e1lis), a szolg\u00e1ltat\u00e1s t\u00edpusa (FCL vagy LCL), szezon\u00e1lis ig\u00e9ny, valamint olyan kieg\u00e9sz\u00edt\u0151 szolg\u00e1ltat\u00e1sok, mint a csomagol\u00e1s, biztos\u00edt\u00e1s vagy h\u00e1zt\u00f3l h\u00e1zig sz\u00e1ll\u00edt\u00e1s. Online \u00e1raj\u00e1nlatk\u00e9r\u0151 eszk\u00f6z\u00fcnk seg\u00edts\u00e9g\u00e9vel r\u00e9szletes becsl\u00e9st kaphat az \u00d6n egyedi ig\u00e9nyei alapj\u00e1n.<\/p>\r\n\r\n\r\n\r\n<h3 class=\"wp-block-heading\"><span class=\"ez-toc-section\" id=\"What_are_the_payment_terms_for_shipping_a_container\"><\/span>Milyen fizet\u00e9si felt\u00e9telek vonatkoznak a kont\u00e9ner sz\u00e1ll\u00edt\u00e1s\u00e1ra?<span class=\"ez-toc-section-end\"><\/span><\/h3>\r\n\r\n\r\n\r\n<p>A fizet\u00e9si felt\u00e9telek haj\u00f3z\u00e1si t\u00e1rsas\u00e1gonk\u00e9nt elt\u00e9r\u0151ek, de \u00e1ltal\u00e1ban a foglal\u00e1skor foglal\u00f3t kell fizetni, a fennmarad\u00f3 \u00f6sszeg pedig a sz\u00e1ll\u00edtm\u00e1nynak a sz\u00e1rmaz\u00e1si kik\u00f6t\u0151 elhagy\u00e1sa el\u0151tt vagy a rendeltet\u00e9si kik\u00f6t\u0151be val\u00f3 meg\u00e9rkez\u00e9skor esed\u00e9kes. Javasoljuk, hogy t\u00e1j\u00e9koz\u00f3djon a fizet\u00e9si \u00fctemtervr\u0151l, az elfogadhat\u00f3 fizet\u00e9si m\u00f3dokr\u00f3l \u00e9s az esetleges k\u00e9sedelmi d\u00edjakr\u00f3l vagy kamatokr\u00f3l.<\/p>\r\n\r\n\r\n\r\n<h3 class=\"wp-block-heading\"><span class=\"ez-toc-section\" id=\"Are_there_any_additional_fees_I_should_be_aware_of\"><\/span>Vannak-e tov\u00e1bbi d\u00edjak, amelyekkel tiszt\u00e1ban kell lennem?<span class=\"ez-toc-section-end\"><\/span><\/h3>\r\n\r\n\r\n\r\n<p>Igen, lehetnek olyan tov\u00e1bbi d\u00edjak, amelyeket az eredeti \u00e1raj\u00e1nlat nem tartalmaz, mint p\u00e9ld\u00e1ul a kik\u00f6t\u0151i d\u00edjak, v\u00e1mkezel\u00e9si d\u00edjak, illet\u00e9k (ha a kont\u00e9ner a kik\u00f6t\u0151ben marad a megadott id\u0151n\u00e9l hosszabb ideig) \u00e9s visszatart\u00e1si d\u00edjak (ha a kont\u00e9ner a b\u00e9rleti id\u0151szakon t\u00fal a kik\u00f6t\u0151n k\u00edv\u00fcl marad). A meglepet\u00e9sek elker\u00fcl\u00e9se \u00e9rdek\u00e9ben k\u00e9rje a haj\u00f3z\u00e1si t\u00e1rsas\u00e1gt\u00f3l a lehets\u00e9ges extra d\u00edjak r\u00e9szletes bont\u00e1s\u00e1t.<\/p>\r\n\r\n\r\n\r\n<h3 class=\"wp-block-heading\"><span class=\"ez-toc-section\" id=\"What_are_demurrage_and_detention_fees_and_how_can_I_avoid_them\"><\/span>Mik azok a k\u00e9sedelmi \u00e9s visszatart\u00e1si d\u00edjak, \u00e9s hogyan ker\u00fclhetem el \u0151ket?<span class=\"ez-toc-section-end\"><\/span><\/h3>\r\n\r\n\r\n\r\n<p>Az el\u00e1ll\u00e1si d\u00edjat akkor sz\u00e1m\u00edtj\u00e1k fel, ha a kont\u00e9ner a kik\u00f6t\u0151ben marad a megengedett szabad id\u0151n t\u00fal, jellemz\u0151en v\u00e1mz\u00e1rlat vagy dokument\u00e1ci\u00f3s probl\u00e9m\u00e1k miatt. A visszatart\u00e1si d\u00edjakat akkor kell fizetni, ha a kont\u00e9ner a kik\u00f6t\u0151n k\u00edv\u00fcl marad a meg\u00e1llapod\u00e1sn\u00e1l hosszabb ideig, ami befoly\u00e1solja a kont\u00e9ner visszasz\u00e1ll\u00edt\u00e1s\u00e1t a haj\u00f3z\u00e1si t\u00e1rsas\u00e1ghoz. E d\u00edjak elker\u00fcl\u00e9se \u00e9rdek\u00e9ben gy\u0151z\u0151dj\u00f6n meg arr\u00f3l, hogy minden dokument\u00e1ci\u00f3 pontos \u00e9s teljes, \u00e9s tervezze meg a kont\u00e9ner azonnali \u00e1tv\u00e9tel\u00e9t \u00e9s visszasz\u00e1ll\u00edt\u00e1s\u00e1t.<\/p>\r\n\r\n\r\n\r\n<h3 class=\"wp-block-heading\"><span class=\"ez-toc-section\" id=\"Is_there_any_way_to_reduce_shipping_costs\"><\/span>Van m\u00f3d a sz\u00e1ll\u00edt\u00e1si k\u00f6lts\u00e9gek cs\u00f6kkent\u00e9s\u00e9re?<span class=\"ez-toc-section-end\"><\/span><\/h3>\r\n\r\n\r\n\r\n<p>A sz\u00e1ll\u00edtm\u00e1nyok \u00f6sszevon\u00e1sa a kont\u00e9nerek maxim\u00e1lis kihaszn\u00e1l\u00e1sa \u00e9rdek\u00e9ben, a megfelel\u0151 sz\u00e1ll\u00edt\u00e1si m\u00f3d (LCL vagy FCL) kiv\u00e1laszt\u00e1sa, az el\u0151zetes foglal\u00e1s \u00e9s a hat\u00e9kony csomagol\u00e1s mind seg\u00edthet a k\u00f6lts\u00e9gek cs\u00f6kkent\u00e9s\u00e9ben. Ezenk\u00edv\u00fcl t\u00f6bb sz\u00e1ll\u00edtm\u00e1nyoz\u00f3 c\u00e9g \u00e1raj\u00e1nlatainak \u00f6sszehasonl\u00edt\u00e1sa \u00e9s az \u00e1rakr\u00f3l val\u00f3 t\u00e1rgyal\u00e1s, k\u00fcl\u00f6n\u00f6sen a rendszeres sz\u00e1ll\u00edt\u00e1si mennyis\u00e9gek eset\u00e9ben, jelent\u0151s megtakar\u00edt\u00e1st eredm\u00e9nyezhet.<\/p>\r\n\r\n\r\n\r\n<h3 class=\"wp-block-heading\"><span class=\"ez-toc-section\" id=\"What_should_I_consider_when_choosing_a_shipping_company\"><\/span>Mit kell figyelembe vennem a sz\u00e1ll\u00edtm\u00e1nyoz\u00f3 c\u00e9g kiv\u00e1laszt\u00e1sakor?<span class=\"ez-toc-section-end\"><\/span><\/h3>\r\n\r\n\r\n\r\n<p>Vegye figyelembe az olyan t\u00e9nyez\u0151ket, mint a v\u00e1llalat tapasztalata a c\u00e9l\u00e1llom\u00e1sra vezet\u0151 \u00fatvonalakon, a megb\u00edzhat\u00f3s\u00e1g \u00e9s az \u00fcgyf\u00e9lszolg\u00e1lat h\u00edrneve, a szolg\u00e1ltat\u00e1saik teljesk\u00f6r\u0171s\u00e9ge (p\u00e9ld\u00e1ul h\u00e1zt\u00f3l h\u00e1zig t\u00f6rt\u00e9n\u0151 sz\u00e1ll\u00edt\u00e1s vagy v\u00e1m\u00fcgyn\u00f6ki tev\u00e9kenys\u00e9g), \u00e9s term\u00e9szetesen a versenyk\u00e9pes \u00e1rk\u00e9pz\u00e9s. A v\u00e9lem\u00e9nyek elolvas\u00e1sa \u00e9s az aj\u00e1nl\u00e1sok k\u00e9r\u00e9se szint\u00e9n betekint\u00e9st ny\u00fajthat a teljes\u00edtm\u00e9ny\u00fckbe \u00e9s az \u00fcgyfelek el\u00e9gedetts\u00e9gi szintj\u00e9be.<\/p>\r\n\r\n\r\n\r\n<h3 class=\"wp-block-heading\"><span class=\"ez-toc-section\" id=\"What_should_I_do_if_my_shipment_is_held_by_customs\"><\/span>Mit kell tennem, ha a k\u00fcldem\u00e9nyemet visszatartja a v\u00e1mhat\u00f3s\u00e1g?<span class=\"ez-toc-section-end\"><\/span><\/h3>\r\n\r\n\r\n\r\n<p>Ha a v\u00e1mhat\u00f3s\u00e1g visszatartja a k\u00fcldem\u00e9nyt, el\u0151sz\u00f6r is, ne agg\u00f3djon! Ez n\u00e9ha el\u0151fordul, \u00e9s megoldhat\u00f3. A v\u00e1mhat\u00f3s\u00e1g fel fogja venni \u00d6nnel vagy a sz\u00e1ll\u00edtm\u00e1nyoz\u00f3j\u00e1val a kapcsolatot, hogy tov\u00e1bbi inform\u00e1ci\u00f3kat vagy a k\u00fcldem\u00e9ny v\u00e1mkezel\u00e9s\u00e9hez sz\u00fcks\u00e9ges dokumentumokat k\u00e9rjen. Ahhoz, hogy k\u00fcldem\u00e9nye \u00fajra mozg\u00e1sba lend\u00fclj\u00f6n, gyorsan adjon meg mindent, amit k\u00e9rnek, legyen sz\u00f3 tov\u00e1bbi pap\u00edrmunk\u00e1r\u00f3l, v\u00e1mok befizet\u00e9s\u00e9r\u0151l vagy a k\u00fcldem\u00e9ny tartalm\u00e1nak tiszt\u00e1z\u00e1s\u00e1r\u00f3l. Az egy\u00fcttm\u0171k\u00f6d\u00e9s \u00e9s a gyors v\u00e1laszok seg\u00edthetnek abban, hogy k\u00fcldem\u00e9nye \u00fajra a rendes ker\u00e9kv\u00e1g\u00e1sba ker\u00fclj\u00f6n.<\/p>\r\n\r\n\r\n<h2><span class=\"ez-toc-section\" id=\"Other_Useful_Guides_to_Qatar\"><\/span>Egy\u00e9b hasznos \u00fatmutat\u00f3k Katarhoz<span class=\"ez-toc-section-end\"><\/span><\/h2>\r\n\r\n<ul>\r\n<li> <a href=\"https:\/\/moverdb.com\/hu\/kontenerszallitas\/katar\/\">2024 Tengeri tehersz\u00e1ll\u00edt\u00e1s kont\u00e9ner \u00e1rak Katarb\u00f3l \u00e9s Katarba<\/a><\/li>\r\n<li> <a href=\"https:\/\/moverdb.com\/hu\/koltozteto-cegek\/moving-companies-qatar\/\">11 legjobb nemzetk\u00f6zi k\u00f6lt\u00f6ztet\u0151 c\u00e9gek Katarban<\/a><\/li>\r\n<li> <a href=\"https:\/\/moverdb.com\/hu\/moving-to-qatar\/\">Katarba k\u00f6lt\u00f6zik? 2023 Meg\u00e9lhet\u00e9si k\u00f6lts\u00e9gek \u00e9s k\u00f6lt\u00f6z\u00e9si tippek<\/a><\/li>\r\n<li> <a href=\"https:\/\/moverdb.com\/hu\/moving-to-qatar\/living-in-qatar\/\">21 Titkok a Katarban \u00e9l\u0151kr\u0151l, amiket tudnod kell k\u00f6lt\u00f6z\u00e9s el\u0151tt<\/a><\/li>\r\n<li> <a href=\"https:\/\/moverdb.com\/hu\/moving-to-qatar\/moving-to-qatar-from-the-us\/\">Katarba k\u00f6lt\u00f6z\u00e9s az Egyes\u00fclt \u00c1llamokb\u00f3l<\/a><\/li>\r\n<li> <a href=\"https:\/\/moverdb.com\/hu\/kontenerszallitas\/to-qatar-from-canada\/\">Kont\u00e9nersz\u00e1ll\u00edt\u00e1s Kanad\u00e1b\u00f3l Katarba<\/a><\/li>\r\n<li> <a href=\"https:\/\/moverdb.com\/hu\/kontenerszallitas\/to-qatar-from-dubai\/\">Kont\u00e9nersz\u00e1ll\u00edt\u00e1s Dubaib\u00f3l Katarba<\/a><\/li>\r\n<li> <a href=\"https:\/\/moverdb.com\/hu\/kontenerszallitas\/to-qatar-from-new-zealand\/\">Kont\u00e9nersz\u00e1ll\u00edt\u00e1s Katarba \u00daj-Z\u00e9landr\u00f3l<\/a><\/li>\r\n<li> <a href=\"https:\/\/moverdb.com\/hu\/kontenerszallitas\/to-qatar-from-singapore\/\">Kont\u00e9nersz\u00e1ll\u00edt\u00e1s Szingap\u00farb\u00f3l Katarba<\/a><\/li>\r\n<\/ul>","protected":false},"excerpt":{"rendered":"<p>If you want to move your goods from Down Under to the heart of the Persian Gulf, you\u2019ve come to the right place. Having a solid grip on the container shipping process between these two nations can save you major bucks \u2013 whether you\u2019re relocating your whole life or transporting goods for business. The shipping [&hellip;]<\/p>\n","protected":false},"author":2,"featured_media":16176,"parent":44,"menu_order":0,"comment_status":"closed","ping_status":"closed","template":"","meta":{"_genesis_hide_title":false,"_genesis_hide_breadcrumbs":false,"_genesis_hide_singular_image":false,"_genesis_hide_footer_widgets":false,"_genesis_custom_body_class":"","_genesis_custom_post_class":"","_genesis_layout":"","footnotes":""},"class_list":{"0":"post-16180","1":"page","2":"type-page","3":"status-publish","4":"has-post-thumbnail","6":"entry"},"_links":{"self":[{"href":"https:\/\/moverdb.com\/hu\/wp-json\/wp\/v2\/pages\/16180","targetHints":{"allow":["GET"]}}],"collection":[{"href":"https:\/\/moverdb.com\/hu\/wp-json\/wp\/v2\/pages"}],"about":[{"href":"https:\/\/moverdb.com\/hu\/wp-json\/wp\/v2\/types\/page"}],"author":[{"embeddable":true,"href":"https:\/\/moverdb.com\/hu\/wp-json\/wp\/v2\/users\/2"}],"replies":[{"embeddable":true,"href":"https:\/\/moverdb.com\/hu\/wp-json\/wp\/v2\/comments?post=16180"}],"version-history":[{"count":3,"href":"https:\/\/moverdb.com\/hu\/wp-json\/wp\/v2\/pages\/16180\/revisions"}],"predecessor-version":[{"id":17558,"href":"https:\/\/moverdb.com\/hu\/wp-json\/wp\/v2\/pages\/16180\/revisions\/17558"}],"up":[{"embeddable":true,"href":"https:\/\/moverdb.com\/hu\/wp-json\/wp\/v2\/pages\/44"}],"wp:featuredmedia":[{"embeddable":true,"href":"https:\/\/moverdb.com\/hu\/wp-json\/wp\/v2\/media\/16176"}],"wp:attachment":[{"href":"https:\/\/moverdb.com\/hu\/wp-json\/wp\/v2\/media?parent=16180"}],"curies":[{"name":"wp","href":"https:\/\/api.w.org\/{rel}","templated":true}]}}