{"id":15183,"date":"2023-12-30T01:09:06","date_gmt":"2023-12-30T01:09:06","guid":{"rendered":"https:\/\/moverdb.com\/?page_id=15183"},"modified":"2026-01-08T14:39:06","modified_gmt":"2026-01-08T14:39:06","slug":"to-canada-from-qatar","status":"publish","type":"page","link":"https:\/\/moverdb.com\/hu\/container-shipping\/to-canada-from-qatar\/","title":{"rendered":"Kont\u00e9nersz\u00e1ll\u00edt\u00e1s Kanad\u00e1ba Katarb\u00f3l 2024 k\u00f6lts\u00e9gei"},"content":{"rendered":"<figure class=\"wp-block-image size-full\"><img loading=\"lazy\" decoding=\"async\" width=\"1000\" height=\"553\" src=\"https:\/\/moverdb.com\/wp-content\/uploads\/port-hamad-qatar-1.jpg\" alt=\"kont\u00e9neres sz\u00e1ll\u00edt\u00e1s Katarb\u00f3l Kanad\u00e1ba\" class=\"wp-image-14705\" srcset=\"https:\/\/moverdb.com\/wp-content\/uploads\/port-hamad-qatar-1.jpg 1000w, https:\/\/moverdb.com\/wp-content\/uploads\/port-hamad-qatar-1-300x166.jpg 300w, https:\/\/moverdb.com\/wp-content\/uploads\/port-hamad-qatar-1-18x10.jpg 18w\" sizes=\"auto, (max-width: 1000px) 100vw, 1000px\" \/><\/figure>\r\n\r\n\r\n\r\n<p><a href=\"https:\/\/moverdb.com\/hu\/container-shipping\/\" data-internallinksmanager029f6b8e52c=\"3\" title=\"Nemzetk\u00f6zi kont\u00e9nersz\u00e1ll\u00edt\u00e1si d\u00edjt\u00e1bl\u00e1zat: \u00e1prilis 2026\">Kont\u00e9neres sz\u00e1ll\u00edt\u00e1s<\/a> l\u00e9tfontoss\u00e1g\u00fa h\u00edd a glob\u00e1lis gazdas\u00e1gban, amely t\u00e1voli piacokat k\u00f6t \u00f6ssze a nemzetk\u00f6zi kereskedelmet \u00f6szt\u00f6nz\u0151 hat\u00e9konys\u00e1ggal. Az \u00fatvonal a <a href=\"https:\/\/moverdb.com\/hu\/moving-to-qatar\/\" data-internallinksmanager029f6b8e52c=\"334\" title=\"Katarba k\u00f6lt\u00f6zik? 2023 Meg\u00e9lhet\u00e9si k\u00f6lts\u00e9gek \u00e9s k\u00f6lt\u00f6z\u00e9si tippek\">Katar<\/a> a  c\u00edmre. <a href=\"https:\/\/moverdb.com\/hu\/moving-to-canada\/\" data-internallinksmanager029f6b8e52c=\"265\" title=\"K\u00f6lt\u00f6z\u00e9s Kanad\u00e1ba? 2023 \u00c9letk\u00f6lts\u00e9gek \u00e9s k\u00f6lt\u00f6z\u00e9si tippek\">Kanada<\/a> a glob\u00e1lis \u00f6sszekapcsol\u00f3d\u00e1s ragyog\u00f3 p\u00e9ld\u00e1ja.<\/p>\r\n\r\n\r\n\r\n<p>N\u00e9zz\u00fck meg, hogyan tudsz megbirk\u00f3zni ezzel az \u00fattal, hogy \u00e1rud biztons\u00e1gosan, hat\u00e9konyan \u00e9s a bankkassza megrong\u00e1l\u00e1sa n\u00e9lk\u00fcl \u00e9rkezzen meg.<\/p>\r\n\r\n\r\n\r\n<div id=\"ez-toc-container\" class=\"ez-toc-v2_0_82_2 ez-toc-wrap-left counter-hierarchy ez-toc-counter ez-toc-transparent ez-toc-container-direction\">\n<div class=\"ez-toc-title-container\">\n<p class=\"ez-toc-title\" style=\"cursor:inherit\">Szakaszok<\/p>\n<span class=\"ez-toc-title-toggle\"><a href=\"#\" class=\"ez-toc-pull-right ez-toc-btn ez-toc-btn-xs ez-toc-btn-default ez-toc-toggle\" aria-label=\"Toggle Tartalomjegyz\u00e9k\"><span class=\"ez-toc-js-icon-con\"><span class=\"\"><span class=\"eztoc-hide\" style=\"display:none;\">Toggle<\/span><span class=\"ez-toc-icon-toggle-span\"><svg style=\"fill: #999;color:#999\" xmlns=\"http:\/\/www.w3.org\/2000\/svg\" class=\"list-377408\" width=\"20px\" height=\"20px\" viewbox=\"0 0 24 24\" fill=\"none\"><path d=\"M6 6H4v2h2V6zm14 0H8v2h12V6zM4 11h2v2H4v-2zm16 0H8v2h12v-2zM4 16h2v2H4v-2zm16 0H8v2h12v-2z\" fill=\"currentColor\"><\/path><\/svg><svg style=\"fill: #999;color:#999\" class=\"arrow-unsorted-368013\" xmlns=\"http:\/\/www.w3.org\/2000\/svg\" width=\"10px\" height=\"10px\" viewbox=\"0 0 24 24\" version=\"1.2\" baseprofile=\"tiny\"><path d=\"M18.2 9.3l-6.2-6.3-6.2 6.3c-.2.2-.3.4-.3.7s.1.5.3.7c.2.2.4.3.7.3h11c.3 0 .5-.1.7-.3.2-.2.3-.5.3-.7s-.1-.5-.3-.7zM5.8 14.7l6.2 6.3 6.2-6.3c.2-.2.3-.5.3-.7s-.1-.5-.3-.7c-.2-.2-.4-.3-.7-.3h-11c-.3 0-.5.1-.7.3-.2.2-.3.5-.3.7s.1.5.3.7z\"\/><\/svg><\/span><\/span><\/span><\/a><\/span><\/div>\n<nav><ul class='ez-toc-list ez-toc-list-level-1 eztoc-toggle-hide-by-default' ><li class='ez-toc-page-1 ez-toc-heading-level-2'><a class=\"ez-toc-link ez-toc-heading-1\" href=\"https:\/\/moverdb.com\/hu\/container-shipping\/to-canada-from-qatar\/#Major_Ports_and_Routes_Connecting_Canada_and_Qatar\" >Kanad\u00e1t \u00e9s Katart \u00f6sszek\u00f6t\u0151 f\u0151bb kik\u00f6t\u0151k \u00e9s \u00fatvonalak<\/a><ul class='ez-toc-list-level-3' ><li class='ez-toc-heading-level-3'><a class=\"ez-toc-link ez-toc-heading-2\" href=\"https:\/\/moverdb.com\/hu\/container-shipping\/to-canada-from-qatar\/#Major_Container_Ports_in_Canada\" >Nagyobb kont\u00e9nerkik\u00f6t\u0151k Kanad\u00e1ban<\/a><\/li><li class='ez-toc-page-1 ez-toc-heading-level-3'><a class=\"ez-toc-link ez-toc-heading-3\" href=\"https:\/\/moverdb.com\/hu\/container-shipping\/to-canada-from-qatar\/#Major_Container_Ports_in_Qatar\" >Katar f\u0151bb kont\u00e9nerkik\u00f6t\u0151i<\/a><\/li><li class='ez-toc-page-1 ez-toc-heading-level-3'><a class=\"ez-toc-link ez-toc-heading-4\" href=\"https:\/\/moverdb.com\/hu\/container-shipping\/to-canada-from-qatar\/#Popular_Sea_Routes_Canada_and_Qatar\" >N\u00e9pszer\u0171 tengeri \u00fatvonalak Kanada \u00e9s Katar<\/a><\/li><\/ul><\/li><li class='ez-toc-page-1 ez-toc-heading-level-2'><a class=\"ez-toc-link ez-toc-heading-5\" href=\"https:\/\/moverdb.com\/hu\/container-shipping\/to-canada-from-qatar\/#Cost_Factors_in_Container_Shipping_to_Canada_from_Qatar\" >A Katarb\u00f3l Kanad\u00e1ba ir\u00e1nyul\u00f3 kont\u00e9nersz\u00e1ll\u00edt\u00e1s k\u00f6lts\u00e9gt\u00e9nyez\u0151i<\/a><ul class='ez-toc-list-level-3' ><li class='ez-toc-heading-level-3'><a class=\"ez-toc-link ez-toc-heading-6\" href=\"https:\/\/moverdb.com\/hu\/container-shipping\/to-canada-from-qatar\/#Insurance\" >Biztos\u00edt\u00e1s<\/a><\/li><li class='ez-toc-page-1 ez-toc-heading-level-3'><a class=\"ez-toc-link ez-toc-heading-7\" href=\"https:\/\/moverdb.com\/hu\/container-shipping\/to-canada-from-qatar\/#Packing_Services\" >Csomagol\u00e1si szolg\u00e1ltat\u00e1sok<\/a><\/li><li class='ez-toc-page-1 ez-toc-heading-level-3'><a class=\"ez-toc-link ez-toc-heading-8\" href=\"https:\/\/moverdb.com\/hu\/container-shipping\/to-canada-from-qatar\/#Pick-Up_and_Delivery\" >\u00c1tv\u00e9tel \u00e9s kisz\u00e1ll\u00edt\u00e1s<\/a><\/li><li class='ez-toc-page-1 ez-toc-heading-level-3'><a class=\"ez-toc-link ez-toc-heading-9\" href=\"https:\/\/moverdb.com\/hu\/container-shipping\/to-canada-from-qatar\/#Taxes_and_Duty_Charges\" >Ad\u00f3k \u00e9s v\u00e1mok<\/a><\/li><li class='ez-toc-page-1 ez-toc-heading-level-3'><a class=\"ez-toc-link ez-toc-heading-10\" href=\"https:\/\/moverdb.com\/hu\/container-shipping\/to-canada-from-qatar\/#Storage\" >T\u00e1rol\u00e1s<\/a><\/li><li class='ez-toc-page-1 ez-toc-heading-level-3'><a class=\"ez-toc-link ez-toc-heading-11\" href=\"https:\/\/moverdb.com\/hu\/container-shipping\/to-canada-from-qatar\/#Additional_Charges\" >Kieg\u00e9sz\u00edt\u0151 d\u00edjak<\/a><\/li><\/ul><\/li><li class='ez-toc-page-1 ez-toc-heading-level-2'><a class=\"ez-toc-link ez-toc-heading-12\" href=\"https:\/\/moverdb.com\/hu\/container-shipping\/to-canada-from-qatar\/#Modes_of_Container_Shipping\" >A kont\u00e9neres sz\u00e1ll\u00edt\u00e1s m\u00f3djai<\/a><ul class='ez-toc-list-level-3' ><li class='ez-toc-heading-level-3'><a class=\"ez-toc-link ez-toc-heading-13\" href=\"https:\/\/moverdb.com\/hu\/container-shipping\/to-canada-from-qatar\/#Full_Container_Load_FCL\" >Teljes kont\u00e9nerrakom\u00e1ny (FCL)<\/a><\/li><li class='ez-toc-page-1 ez-toc-heading-level-3'><a class=\"ez-toc-link ez-toc-heading-14\" href=\"https:\/\/moverdb.com\/hu\/container-shipping\/to-canada-from-qatar\/#Less_than_Container_Load_LCL\" >Kevesebb mint kont\u00e9nerrakom\u00e1ny (LCL)<\/a><\/li><li class='ez-toc-page-1 ez-toc-heading-level-3'><a class=\"ez-toc-link ez-toc-heading-15\" href=\"https:\/\/moverdb.com\/hu\/container-shipping\/to-canada-from-qatar\/#Breakbulk_and_Bulk_Shipping\" >\u00d6mlesztett \u00e9s \u00f6mlesztett \u00e1ruk sz\u00e1ll\u00edt\u00e1sa<\/a><\/li><\/ul><\/li><li class='ez-toc-page-1 ez-toc-heading-level-2'><a class=\"ez-toc-link ez-toc-heading-16\" href=\"https:\/\/moverdb.com\/hu\/container-shipping\/to-canada-from-qatar\/#Shipping_Container_Sizes_and_Options\" >Sz\u00e1ll\u00edt\u00e1si kont\u00e9ner m\u00e9retek \u00e9s lehet\u0151s\u00e9gek<\/a><ul class='ez-toc-list-level-3' ><li class='ez-toc-heading-level-3'><a class=\"ez-toc-link ez-toc-heading-17\" href=\"https:\/\/moverdb.com\/hu\/container-shipping\/to-canada-from-qatar\/#Standard_Container_Sizes\" >Szabv\u00e1nyos kont\u00e9ner m\u00e9retek<\/a><\/li><li class='ez-toc-page-1 ez-toc-heading-level-3'><a class=\"ez-toc-link ez-toc-heading-18\" href=\"https:\/\/moverdb.com\/hu\/container-shipping\/to-canada-from-qatar\/#Specialized_Container_Types\" >Speci\u00e1lis kont\u00e9nert\u00edpusok<\/a><\/li><\/ul><\/li><li class='ez-toc-page-1 ez-toc-heading-level-2'><a class=\"ez-toc-link ez-toc-heading-19\" href=\"https:\/\/moverdb.com\/hu\/container-shipping\/to-canada-from-qatar\/#Sea_Freight_Container_Prices_to_Canada_from_Qatar\" >Tengeri kont\u00e9ner\u00e1rak Kanad\u00e1ba Katarb\u00f3l Katarba<\/a><ul class='ez-toc-list-level-3' ><li class='ez-toc-heading-level-3'><a class=\"ez-toc-link ez-toc-heading-20\" href=\"https:\/\/moverdb.com\/hu\/container-shipping\/to-canada-from-qatar\/#20ft_Shipping_Container\" >20 l\u00e1bas haj\u00f3z\u00e1si kont\u00e9ner&nbsp;<\/a><\/li><li class='ez-toc-page-1 ez-toc-heading-level-3'><a class=\"ez-toc-link ez-toc-heading-21\" href=\"https:\/\/moverdb.com\/hu\/container-shipping\/to-canada-from-qatar\/#40ft_Shipping_Container\" >40ft haj\u00f3z\u00e1si kont\u00e9ner&nbsp;<\/a><\/li><\/ul><\/li><li class='ez-toc-page-1 ez-toc-heading-level-2'><a class=\"ez-toc-link ez-toc-heading-22\" href=\"https:\/\/moverdb.com\/hu\/container-shipping\/to-canada-from-qatar\/#Shipping_a_Car_What_You_Need_to_Know\" >Aut\u00f3sz\u00e1ll\u00edt\u00e1s: Mit kell tudnia<\/a><ul class='ez-toc-list-level-3' ><li class='ez-toc-heading-level-3'><a class=\"ez-toc-link ez-toc-heading-23\" href=\"https:\/\/moverdb.com\/hu\/container-shipping\/to-canada-from-qatar\/#Regulations_and_Requirements\" >Szab\u00e1lyoz\u00e1sok \u00e9s k\u00f6vetelm\u00e9nyek<\/a><\/li><li class='ez-toc-page-1 ez-toc-heading-level-3'><a class=\"ez-toc-link ez-toc-heading-24\" href=\"https:\/\/moverdb.com\/hu\/container-shipping\/to-canada-from-qatar\/#Duties_and_Taxes\" >V\u00e1mok \u00e9s ad\u00f3k<\/a><\/li><li class='ez-toc-page-1 ez-toc-heading-level-3'><a class=\"ez-toc-link ez-toc-heading-25\" href=\"https:\/\/moverdb.com\/hu\/container-shipping\/to-canada-from-qatar\/#Preparation_and_Necessary_Documentation\" >El\u0151k\u00e9sz\u00edt\u00e9s \u00e9s sz\u00fcks\u00e9ges dokument\u00e1ci\u00f3:<\/a><\/li><\/ul><\/li><li class='ez-toc-page-1 ez-toc-heading-level-2'><a class=\"ez-toc-link ez-toc-heading-26\" href=\"https:\/\/moverdb.com\/hu\/container-shipping\/to-canada-from-qatar\/#Shipping_Times_for_Sea_Freight_to_Canada_from_Qatar\" >Sz\u00e1ll\u00edt\u00e1si id\u0151k tengeri sz\u00e1ll\u00edtm\u00e1nyok Kanad\u00e1ba Katarb\u00f3l Katarba<\/a><\/li><li class='ez-toc-page-1 ez-toc-heading-level-2'><a class=\"ez-toc-link ez-toc-heading-27\" href=\"https:\/\/moverdb.com\/hu\/container-shipping\/to-canada-from-qatar\/#Government_Regulations_and_the_Customs_Process\" >Korm\u00e1nyzati rendeletek \u00e9s a v\u00e1melj\u00e1r\u00e1s<\/a><ul class='ez-toc-list-level-3' ><li class='ez-toc-heading-level-3'><a class=\"ez-toc-link ez-toc-heading-28\" href=\"https:\/\/moverdb.com\/hu\/container-shipping\/to-canada-from-qatar\/#Necessary_Documentation_for_Container_Shipping\" >A kont\u00e9neres sz\u00e1ll\u00edt\u00e1shoz sz\u00fcks\u00e9ges dokument\u00e1ci\u00f3<\/a><\/li><li class='ez-toc-page-1 ez-toc-heading-level-3'><a class=\"ez-toc-link ez-toc-heading-29\" href=\"https:\/\/moverdb.com\/hu\/container-shipping\/to-canada-from-qatar\/#Canadas_Customs_Regulations\" >Kanada v\u00e1mszab\u00e1lyai<\/a><\/li><li class='ez-toc-page-1 ez-toc-heading-level-3'><a class=\"ez-toc-link ez-toc-heading-30\" href=\"https:\/\/moverdb.com\/hu\/container-shipping\/to-canada-from-qatar\/#Qatars_Export_Regulations\" >Katar kiviteli szab\u00e1lyoz\u00e1sa:<\/a><\/li><\/ul><\/li><li class='ez-toc-page-1 ez-toc-heading-level-2'><a class=\"ez-toc-link ez-toc-heading-31\" href=\"https:\/\/moverdb.com\/hu\/container-shipping\/to-canada-from-qatar\/#Top_Goods_and_Services_Imported_by_Canada\" >A Kanada \u00e1ltal import\u00e1lt legfontosabb \u00e1ruk \u00e9s szolg\u00e1ltat\u00e1sok<\/a><ul class='ez-toc-list-level-3' ><li class='ez-toc-heading-level-3'><a class=\"ez-toc-link ez-toc-heading-32\" href=\"https:\/\/moverdb.com\/hu\/container-shipping\/to-canada-from-qatar\/#Top_Goods_Imported_by_Canada\" >A Kanada \u00e1ltal import\u00e1lt legfontosabb \u00e1ruk<\/a><\/li><li class='ez-toc-page-1 ez-toc-heading-level-3'><a class=\"ez-toc-link ez-toc-heading-33\" href=\"https:\/\/moverdb.com\/hu\/container-shipping\/to-canada-from-qatar\/#The_Demand_for_Products_from_Qatar\" >A Katarb\u00f3l sz\u00e1rmaz\u00f3 term\u00e9kek ir\u00e1nti kereslet:<\/a><\/li><\/ul><\/li><li class='ez-toc-page-1 ez-toc-heading-level-2'><a class=\"ez-toc-link ez-toc-heading-34\" href=\"https:\/\/moverdb.com\/hu\/container-shipping\/to-canada-from-qatar\/#Restricted_Items_for_Shipping_to_Canada\" >Korl\u00e1tozott t\u00e9telek Kanad\u00e1ba t\u00f6rt\u00e9n\u0151 sz\u00e1ll\u00edt\u00e1shoz<\/a><ul class='ez-toc-list-level-3' ><li class='ez-toc-heading-level-3'><a class=\"ez-toc-link ez-toc-heading-35\" href=\"https:\/\/moverdb.com\/hu\/container-shipping\/to-canada-from-qatar\/#Prohibited_and_Restricted_Items_in_Canada\" >Tiltott \u00e9s korl\u00e1tozott term\u00e9kek Kanad\u00e1ban<\/a><ul class='ez-toc-list-level-4' ><li class='ez-toc-heading-level-4'><a class=\"ez-toc-link ez-toc-heading-36\" href=\"https:\/\/moverdb.com\/hu\/container-shipping\/to-canada-from-qatar\/#Prohibited_Items\" >Tiltott t\u00e1rgyak<\/a><\/li><li class='ez-toc-page-1 ez-toc-heading-level-4'><a class=\"ez-toc-link ez-toc-heading-37\" href=\"https:\/\/moverdb.com\/hu\/container-shipping\/to-canada-from-qatar\/#Restricted_Items\" >Korl\u00e1tozott t\u00e9telek<\/a><\/li><\/ul><\/li><li class='ez-toc-page-1 ez-toc-heading-level-3'><a class=\"ez-toc-link ez-toc-heading-38\" href=\"https:\/\/moverdb.com\/hu\/container-shipping\/to-canada-from-qatar\/#Special_Permissions_or_Certifications\" >K\u00fcl\u00f6nleges enged\u00e9lyek vagy tan\u00fas\u00edtv\u00e1nyok<\/a><\/li><\/ul><\/li><li class='ez-toc-page-1 ez-toc-heading-level-2'><a class=\"ez-toc-link ez-toc-heading-39\" href=\"https:\/\/moverdb.com\/hu\/container-shipping\/to-canada-from-qatar\/#Obtaining_a_Personalized_Quote\" >Szem\u00e9lyre szabott \u00e1raj\u00e1nlat beszerz\u00e9se<\/a><ul class='ez-toc-list-level-3' ><li class='ez-toc-heading-level-3'><a class=\"ez-toc-link ez-toc-heading-40\" href=\"https:\/\/moverdb.com\/hu\/container-shipping\/to-canada-from-qatar\/#Benefits_of_a_Personalized_Quote\" >A szem\u00e9lyre szabott \u00e1raj\u00e1nlat el\u0151nyei<\/a><\/li><li class='ez-toc-page-1 ez-toc-heading-level-3'><a class=\"ez-toc-link ez-toc-heading-41\" href=\"https:\/\/moverdb.com\/hu\/container-shipping\/to-canada-from-qatar\/#How_to_Use_Our_Quoting_Tool\" >Hogyan haszn\u00e1lja az \u00e1raj\u00e1nlatk\u00e9r\u0151 eszk\u00f6z\u00fcnket<\/a><\/li><\/ul><\/li><li class='ez-toc-page-1 ez-toc-heading-level-2'><a class=\"ez-toc-link ez-toc-heading-42\" href=\"https:\/\/moverdb.com\/hu\/container-shipping\/to-canada-from-qatar\/#FAQ\" >F.A.Q.<\/a><ul class='ez-toc-list-level-3' ><li class='ez-toc-heading-level-3'><a class=\"ez-toc-link ez-toc-heading-43\" href=\"https:\/\/moverdb.com\/hu\/container-shipping\/to-canada-from-qatar\/#How_long_does_container_shipping_from_Qatar_to_Canada_typically_take\" >Mennyi ideig tart a kont\u00e9nersz\u00e1ll\u00edt\u00e1s Katarb\u00f3l Kanad\u00e1ba?<\/a><\/li><li class='ez-toc-page-1 ez-toc-heading-level-3'><a class=\"ez-toc-link ez-toc-heading-44\" href=\"https:\/\/moverdb.com\/hu\/container-shipping\/to-canada-from-qatar\/#Can_I_ship_my_personal_vehicle_from_Qatar_to_Canada_in_a_container\" >Sz\u00e1ll\u00edthatom a szem\u00e9lyg\u00e9pkocsimat Katarb\u00f3l Kanad\u00e1ba kont\u00e9nerben?<\/a><\/li><li class='ez-toc-page-1 ez-toc-heading-level-3'><a class=\"ez-toc-link ez-toc-heading-45\" href=\"https:\/\/moverdb.com\/hu\/container-shipping\/to-canada-from-qatar\/#Are_there_any_items_I_should_avoid_packing_when_shipping_from_Qatar_to_Canada\" >Vannak olyan t\u00e1rgyak, amelyeket ne csomagoljak be, ha Katarb\u00f3l Kanad\u00e1ba sz\u00e1ll\u00edtok?<\/a><\/li><li class='ez-toc-page-1 ez-toc-heading-level-3'><a class=\"ez-toc-link ez-toc-heading-46\" href=\"https:\/\/moverdb.com\/hu\/container-shipping\/to-canada-from-qatar\/#Can_I_ship_perishable_goods_in_a_container_from_Qatar_to_Canada\" >Sz\u00e1ll\u00edthatok romland\u00f3 \u00e1rut kont\u00e9nerben Katarb\u00f3l Kanad\u00e1ba?<\/a><\/li><li class='ez-toc-page-1 ez-toc-heading-level-3'><a class=\"ez-toc-link ez-toc-heading-47\" href=\"https:\/\/moverdb.com\/hu\/container-shipping\/to-canada-from-qatar\/#Are_there_any_specific_packing_requirements_for_container_shipping\" >Vannak speci\u00e1lis csomagol\u00e1si k\u00f6vetelm\u00e9nyek a kont\u00e9neres sz\u00e1ll\u00edt\u00e1shoz?<\/a><\/li><li class='ez-toc-page-1 ez-toc-heading-level-3'><a class=\"ez-toc-link ez-toc-heading-48\" href=\"https:\/\/moverdb.com\/hu\/container-shipping\/to-canada-from-qatar\/#How_are_customs_duties_and_taxes_calculated_for_goods_shipped_to_Canada\" >Hogyan sz\u00e1m\u00edtj\u00e1k ki a v\u00e1mokat \u00e9s ad\u00f3kat a Kanad\u00e1ba sz\u00e1ll\u00edtott \u00e1ruk eset\u00e9ben?<\/a><\/li><li class='ez-toc-page-1 ez-toc-heading-level-3'><a class=\"ez-toc-link ez-toc-heading-49\" href=\"https:\/\/moverdb.com\/hu\/container-shipping\/to-canada-from-qatar\/#Do_I_need_a_customs_broker_for_shipping_to_Canada\" >Sz\u00fcks\u00e9gem van v\u00e1m\u00fcgyn\u00f6kre a Kanad\u00e1ba t\u00f6rt\u00e9n\u0151 sz\u00e1ll\u00edt\u00e1shoz?<\/a><\/li><li class='ez-toc-page-1 ez-toc-heading-level-3'><a class=\"ez-toc-link ez-toc-heading-50\" href=\"https:\/\/moverdb.com\/hu\/container-shipping\/to-canada-from-qatar\/#What_documents_are_essential_for_shipping_personal_effects_to_Canada\" >Milyen dokumentumok sz\u00fcks\u00e9gesek a szem\u00e9lyes t\u00e1rgyak Kanad\u00e1ba t\u00f6rt\u00e9n\u0151 sz\u00e1ll\u00edt\u00e1s\u00e1hoz?<\/a><\/li><li class='ez-toc-page-1 ez-toc-heading-level-3'><a class=\"ez-toc-link ez-toc-heading-51\" href=\"https:\/\/moverdb.com\/hu\/container-shipping\/to-canada-from-qatar\/#How_much_in_advance_should_I_plan_my_container_shipment_to_Canada\" >Mennyi id\u0151re el\u0151re kell megterveznem a Kanad\u00e1ba ir\u00e1nyul\u00f3 kont\u00e9nersz\u00e1ll\u00edt\u00e1st?<\/a><\/li><\/ul><\/li><li class='ez-toc-page-1 ez-toc-heading-level-2'><a class=\"ez-toc-link ez-toc-heading-52\" href=\"https:\/\/moverdb.com\/hu\/container-shipping\/to-canada-from-qatar\/#Other_Useful_Guides_to_Canada\" >Egy\u00e9b hasznos \u00fatmutat\u00f3k Kanad\u00e1hoz<\/a><\/li><\/ul><\/nav><\/div>\n<h2 class=\"wp-block-heading\"><span class=\"ez-toc-section\" id=\"Major_Ports_and_Routes_Connecting_Canada_and_Qatar\"><\/span>Kanad\u00e1t \u00e9s Katart \u00f6sszek\u00f6t\u0151 f\u0151bb kik\u00f6t\u0151k \u00e9s \u00fatvonalak<span class=\"ez-toc-section-end\"><\/span><\/h2>\r\n\r\n\r\n\r\n<p>A Kanada \u00e9s Katar k\u00f6z\u00f6tti kont\u00e9nerhaj\u00f3z\u00e1s a nagyobb <a href=\"https:\/\/moverdb.com\/hu\/top-49-container-ports\/\" data-internallinksmanager029f6b8e52c=\"80\" title=\"Top 49 legnagyobb \u00e9s legforgalmasabb kont\u00e9nerkik\u00f6t\u0151 2025-ben\">kik\u00f6t\u0151k<\/a> \u00e9s kialak\u00edtott tengeri \u00fatvonalak. Ezek a kik\u00f6t\u0151k a nemzetk\u00f6zi kereskedelem kulcsfontoss\u00e1g\u00fa csom\u00f3pontjaik\u00e9nt szolg\u00e1lnak, megk\u00f6nny\u00edtve az \u00e1ruk mozg\u00e1s\u00e1t az eg\u00e9sz vil\u00e1gon.<\/p>\r\n\r\n\r\n\r\n<h3 class=\"wp-block-heading\"><span class=\"ez-toc-section\" id=\"Major_Container_Ports_in_Canada\"><\/span>Nagyobb kont\u00e9nerkik\u00f6t\u0151k Kanad\u00e1ban<span class=\"ez-toc-section-end\"><\/span><\/h3>\r\n\r\n\r\n\r\n<ol class=\"wp-block-list\">\r\n<li><strong><a href=\"https:\/\/moverdb.com\/hu\/moving-to-canada\/moving-to-vancouver\/\" data-internallinksmanager029f6b8e52c=\"438\" title=\"Vancouverbe k\u00f6lt\u00f6zik? 2023 Lakhat\u00e1si k\u00f6lts\u00e9gek \u00e9s k\u00f6lt\u00f6z\u00e9si tippek\">Vancouver<\/a> (<\/strong><a href=\"https:\/\/www.portvancouver.com\/\" target=\"_blank\" rel=\"noreferrer noopener\"><strong>Vancouver kik\u00f6t\u0151je<\/strong><\/a><strong>)<\/strong><br>Kanada legnagyobb \u00e9s legv\u00e1ltozatosabb kik\u00f6t\u0151je, a vancouveri kik\u00f6t\u0151 a rakom\u00e1nyok sz\u00e9les sk\u00e1l\u00e1j\u00e1t kezeli. Strat\u00e9giai szempontb\u00f3l a nyugati parton helyezkedik el, \u00edgy az \u00c1zsi\u00e1val \u00e9s a K\u00f6zel-Kelettel folytatott kereskedelem kulcsfontoss\u00e1g\u00fa kapuja.<\/li>\r\n<\/ol>\r\n\r\n\r\n\r\n<ol class=\"wp-block-list\" start=\"2\">\r\n<li><strong><a href=\"https:\/\/moverdb.com\/hu\/moving-to-canada\/moving-to-montreal\/\" data-internallinksmanager029f6b8e52c=\"410\" title=\"Montrealba k\u00f6lt\u00f6zik? 2023 Lakhat\u00e1si k\u00f6lts\u00e9gek \u00e9s k\u00f6lt\u00f6z\u00e9si tippek\">Montreal<\/a> (<\/strong><a href=\"https:\/\/www.port-montreal.com\/en\/\" target=\"_blank\" rel=\"noreferrer noopener\"><strong>Montreali kik\u00f6t\u0151<\/strong><\/a><strong>)<\/strong><br>A Qu\u00e9bec tartom\u00e1nyban tal\u00e1lhat\u00f3 Montreali kik\u00f6t\u0151 a keleti part egyik vezet\u0151 kont\u00e9nerkik\u00f6t\u0151je. H\u00edres az \u00e9szak-amerikai piacokkal val\u00f3 k\u00f6zvetlen vas\u00fati \u00e9s aut\u00f3p\u00e1lya-kapcsolat\u00e1r\u00f3l.<\/li>\r\n<\/ol>\r\n\r\n\r\n\r\n<ol class=\"wp-block-list\" start=\"3\">\r\n<li><strong>Halifax (<\/strong><a href=\"https:\/\/www.portofhalifax.ca\/\" target=\"_blank\" rel=\"noreferrer noopener\"><strong>Halifax kik\u00f6t\u0151je<\/strong><\/a><strong>)<\/strong><br>Az \u00daj-Sk\u00f3ci\u00e1ban tal\u00e1lhat\u00f3 Halifax kik\u00f6t\u0151je a keleti parton a kont\u00e9nersz\u00e1ll\u00edt\u00e1s jelent\u0151s bel\u00e9p\u00e9si pontja, m\u00e9lyv\u00edzi kik\u00f6t\u0151helyeket \u00e9s korszer\u0171 l\u00e9tes\u00edtm\u00e9nyeket k\u00edn\u00e1l.<\/li>\r\n<\/ol>\r\n\r\n\r\n\r\n<ol class=\"wp-block-list\" start=\"4\">\r\n<li><strong>Prince Rupert (<\/strong><a href=\"https:\/\/www.rupertport.com\/\" target=\"_blank\" rel=\"noreferrer noopener\"><strong>Prince Rupert kik\u00f6t\u0151je<\/strong><\/a><strong>)<\/strong><br>Ez a Brit Kolumbi\u00e1ban tal\u00e1lhat\u00f3 kik\u00f6t\u0151 a legk\u00f6zelebbi \u00e9szak-amerikai kik\u00f6t\u0151 \u00c1zsi\u00e1hoz. M\u00e9lyvize, magas termel\u00e9kenys\u00e9ge \u00e9s a f\u0151bb \u00e9szak-amerikai piacokkal val\u00f3 k\u00f6zvetlen vas\u00fati \u00f6sszek\u00f6ttet\u00e9se miatt gyorsan n\u00f6vekszik.<\/li>\r\n<\/ol>\r\n\r\n\r\n\r\n<h3 class=\"wp-block-heading\"><span class=\"ez-toc-section\" id=\"Major_Container_Ports_in_Qatar\"><\/span>Katar f\u0151bb kont\u00e9nerkik\u00f6t\u0151i<span class=\"ez-toc-section-end\"><\/span><\/h3>\r\n\r\n\r\n\r\n<ol class=\"wp-block-list\">\r\n<li><strong>Doha (<\/strong><a href=\"https:\/\/www.mwani.com.qa\/English\/Ports\/HamadPort\/Pages\/default.aspx\" target=\"_blank\" rel=\"noreferrer noopener\"><strong>Hamad kik\u00f6t\u0151<\/strong><\/a><strong>)<\/strong><br>Katar legnagyobb kik\u00f6t\u0151jek\u00e9nt a Hamad Port kulcsfontoss\u00e1g\u00fa szerepet j\u00e1tszik a r\u00e9gi\u00f3 tengeri kereskedelm\u00e9ben. Doh\u00e1t\u00f3l d\u00e9lre tal\u00e1lhat\u00f3, korszer\u0171 l\u00e9tes\u00edtm\u00e9nyekkel rendelkezik, \u00e9s a k\u00f6zel-keleti kont\u00e9nersz\u00e1ll\u00edt\u00e1s els\u0151dleges csom\u00f3pontjak\u00e9nt szolg\u00e1l.<\/li>\r\n<\/ol>\r\n\r\n\r\n\r\n<ol class=\"wp-block-list\" start=\"2\">\r\n<li><strong>Doha (<\/strong><a href=\"https:\/\/www.mwani.com.qa\/English\/Ports\/Pages\/DohaPort.aspx\" target=\"_blank\" rel=\"noreferrer noopener\"><strong>Dohai kik\u00f6t\u0151<\/strong><\/a><strong>)<\/strong><br>B\u00e1r kisebb, mint a Hamad Port, a dohai kik\u00f6t\u0151 l\u00e9tfontoss\u00e1g\u00fa Katar kereskedelme szempontj\u00e1b\u00f3l. Sokf\u00e9le rakom\u00e1nyt kezel, \u00e9s jelenleg a s\u00e9tahaj\u00f3k \u00e9s az idegenforgalom kiszolg\u00e1l\u00e1s\u00e1ra is fejlesztik.<\/li>\r\n<\/ol>\r\n\r\n\r\n\r\n<ol class=\"wp-block-list\" start=\"3\">\r\n<li><strong>Al Khor (<\/strong><a href=\"https:\/\/www.qatarenergy.qa\/en\/MarketingAndTrading\/Pages\/PortsInformation.aspx\" target=\"_blank\" rel=\"noreferrer noopener\"><strong>Ras Laffan kik\u00f6t\u0151<\/strong><\/a><strong>)<\/strong><br>Ez a kik\u00f6t\u0151 els\u0151sorban az olaj- \u00e9s g\u00e1ziparban bet\u00f6lt\u00f6tt szerep\u00e9r\u0151l ismert, de kont\u00e9nersz\u00e1ll\u00edt\u00e1st is bonyol\u00edt, k\u00fcl\u00f6n\u00f6sen ipari \u00e1ruk eset\u00e9ben.<\/li>\r\n<\/ol>\r\n\r\n\r\n\r\n<ol class=\"wp-block-list\" start=\"4\">\r\n<li><strong>Al Wakrah (<\/strong><a href=\"https:\/\/www.marinetraffic.com\/en\/ais\/details\/ports\/957?name=MESAIEED&amp;country=Qatar\" target=\"_blank\" rel=\"noreferrer noopener\"><strong>Mesaieed kik\u00f6t\u0151<\/strong><\/a><strong>)<\/strong><br>Ez az ipari kik\u00f6t\u0151 kulcsfontoss\u00e1g\u00fa szerepet j\u00e1tszik Katar exportj\u00e1ban, mivel sz\u00e1mos \u00e1rut, k\u00f6zt\u00fck kont\u00e9nereket, \u00f6mlesztett \u00e9s \u00e1ltal\u00e1nos rakom\u00e1nyt kezel.<\/li>\r\n<\/ol>\r\n\r\n\r\n\r\n<h3 class=\"wp-block-heading\"><span class=\"ez-toc-section\" id=\"Popular_Sea_Routes_Canada_and_Qatar\"><\/span>N\u00e9pszer\u0171 tengeri \u00fatvonalak Kanada \u00e9s Katar<span class=\"ez-toc-section-end\"><\/span><\/h3>\r\n\r\n\r\n\r\n<p>A Katarb\u00f3l Kanad\u00e1ba vezet\u0151 tengeri \u00fatvonal \u00e1ltal\u00e1ban az Arab-\u00f6bl\u00f6n kereszt\u00fcl vezet, majd a Szuezi-csatorn\u00e1n kereszt\u00fcl vezet, amely az Indiai-\u00f3ce\u00e1n \u00e9s a F\u00f6ldk\u00f6zi-tenger k\u00f6z\u00f6tti kulcsfontoss\u00e1g\u00fa \u00f6sszek\u00f6t\u0151 \u00fatvonal.<\/p>\r\n\r\n\r\n\r\n<p>Onnan a haj\u00f3k \u00e1ltal\u00e1ban az Atlanti-\u00f3ce\u00e1non \u00e1t jutnak el a kanadai kik\u00f6t\u0151kbe. A kanadai kik\u00f6t\u0151 kiv\u00e1laszt\u00e1sa gyakran a rakom\u00e1ny v\u00e9gs\u0151 c\u00e9l\u00e1llom\u00e1s\u00e1t\u00f3l f\u00fcgg, a nyugati c\u00e9l\u00e1llom\u00e1sok a vancouveri kik\u00f6t\u0151t r\u00e9szes\u00edtik el\u0151nyben, m\u00edg a keleti c\u00e9l\u00e1llom\u00e1sok gyakran Halifax vagy Montreal kik\u00f6t\u0151j\u00e9n kereszt\u00fcl k\u00f6zlekednek.<\/p>\r\n\r\n\r\n\r\n<p>Ez az \u00fatvonal a glob\u00e1lis tengeri kereskedelem bonyolult h\u00e1l\u00f3zat\u00e1r\u00f3l tan\u00faskodik. T\u00f6bb ezer tengeri m\u00e9rf\u00f6ldet tesz meg, \u00e9s a vil\u00e1g legforgalmasabb \u00e9s legstrat\u00e9giai jelent\u0151s\u00e9g\u0171 v\u00edzi \u00fatvonalain halad \u00e1t.<\/p>\r\n\r\n\r\n\r\n<p>Ezen \u00fatvonalak hat\u00e9konys\u00e1g\u00e1t \u00e9s biztons\u00e1g\u00e1t folyamatosan jav\u00edtj\u00e1k a tengeri technol\u00f3gia, a navig\u00e1ci\u00f3s seg\u00e9deszk\u00f6z\u00f6k \u00e9s a nemzetk\u00f6zi egy\u00fcttm\u0171k\u00f6d\u00e9s fejl\u0151d\u00e9se, biztos\u00edtva, hogy a Katar \u00e9s Kanada k\u00f6z\u00f6tti \u00e1ruforgalom tov\u00e1bbra is stabil \u00e9s megb\u00edzhat\u00f3 maradjon.<\/p>\r\n\r\n\r\n\r\n<h2 class=\"wp-block-heading\"><span class=\"ez-toc-section\" id=\"Cost_Factors_in_Container_Shipping_to_Canada_from_Qatar\"><\/span>A Katarb\u00f3l Kanad\u00e1ba ir\u00e1nyul\u00f3 kont\u00e9nersz\u00e1ll\u00edt\u00e1s k\u00f6lts\u00e9gt\u00e9nyez\u0151i<span class=\"ez-toc-section-end\"><\/span><\/h2>\r\n\r\n\r\n\r\n<p>A Katarb\u00f3l Kanad\u00e1ba ir\u00e1nyul\u00f3 kont\u00e9nersz\u00e1ll\u00edt\u00e1s k\u00f6lts\u00e9geinek megismer\u00e9se mag\u00e1ban foglalja a k\u00fcl\u00f6nb\u00f6z\u0151 elemek elemz\u00e9s\u00e9t, amelyek hozz\u00e1j\u00e1rulnak a teljes k\u00f6lts\u00e9ghez. Ezek a t\u00e9nyez\u0151k sz\u00e1mos k\u00f6r\u00fclm\u00e9nyt\u0151l f\u00fcgg\u0151en v\u00e1ltozhatnak, bele\u00e9rtve az \u00e1ru jelleg\u00e9t, a t\u00e1vols\u00e1got \u00e9s a sz\u00fcks\u00e9ges konkr\u00e9t szolg\u00e1ltat\u00e1sokat.<\/p>\r\n\r\n\r\n\r\n<p>\u00cdme a legfontosabb k\u00f6lts\u00e9gelemek bont\u00e1sa:<\/p>\r\n\r\n\r\n\r\n<h3 class=\"wp-block-heading\"><span class=\"ez-toc-section\" id=\"Insurance\"><\/span>Biztos\u00edt\u00e1s<span class=\"ez-toc-section-end\"><\/span><\/h3>\r\n\r\n\r\n\r\n<ul class=\"wp-block-list\">\r\n<li><strong>Lefedetts\u00e9gi k\u00f6r<\/strong>: A biztos\u00edt\u00e1si k\u00f6lts\u00e9gek a sz\u00e1ll\u00edtott \u00e1ruk \u00e9rt\u00e9k\u00e9t\u0151l \u00e9s a sz\u00fcks\u00e9ges fedezeti szintt\u0151l f\u00fcgg\u0151en v\u00e1ltoznak. A kock\u00e1zatok sz\u00e9lesebb k\u00f6re ellen v\u00e9delmet ny\u00fajt\u00f3 \u00e1tfog\u00f3 biztos\u00edt\u00e1s term\u00e9szetesen t\u00f6bbe ker\u00fcl.<\/li>\r\n<\/ul>\r\n\r\n\r\n\r\n<ul class=\"wp-block-list\">\r\n<li><strong>Kock\u00e1zati t\u00e9nyez\u0151k<\/strong>: A rakom\u00e1ny jellege hat\u00e1ssal lehet a biztos\u00edt\u00e1si k\u00f6lts\u00e9gekre. A nagy \u00e9rt\u00e9k\u0171 vagy t\u00f6r\u00e9keny t\u00e9telek \u00e1ltal\u00e1ban magasabb biztos\u00edt\u00e1si d\u00edjakkal j\u00e1rnak.<\/li>\r\n<\/ul>\r\n\r\n\r\n\r\n<ul class=\"wp-block-list\">\r\n<li><strong>\u00datvonalra vonatkoz\u00f3 megfontol\u00e1sok<\/strong>: A hosszabb, t\u00f6bb \u00e1trakod\u00e1si ponttal rendelkez\u0151 \u00fatvonalak n\u00f6velhetik a biztos\u00edt\u00e1si k\u00f6lts\u00e9geket a megn\u00f6vekedett vesztes\u00e9g- vagy k\u00e1rvesz\u00e9ly miatt.<\/li>\r\n<\/ul>\r\n\r\n\r\n\r\n<h3 class=\"wp-block-heading\"><span class=\"ez-toc-section\" id=\"Packing_Services\"><\/span>Csomagol\u00e1si szolg\u00e1ltat\u00e1sok<span class=\"ez-toc-section-end\"><\/span><\/h3>\r\n\r\n\r\n\r\n<ul class=\"wp-block-list\">\r\n<li><strong>Professzion\u00e1lis csomagol\u00e1s<\/strong>: A professzion\u00e1lis csomagol\u00e1si szolg\u00e1ltat\u00e1sok ig\u00e9nybev\u00e9tele biztos\u00edtja a biztons\u00e1got \u00e9s a nemzetk\u00f6zi sz\u00e1ll\u00edt\u00e1si szabv\u00e1nyoknak val\u00f3 megfelel\u00e9st, de n\u00f6veli a k\u00f6lts\u00e9geket.<\/li>\r\n<\/ul>\r\n\r\n\r\n\r\n<ul class=\"wp-block-list\">\r\n<li><strong>Anyagk\u00f6lts\u00e9gek<\/strong>: A csomagol\u00f3anyagok \u00e1ra v\u00e1ltoz\u00f3 lehet, a t\u00f6r\u00e9keny, romland\u00f3 vagy vesz\u00e9lyes anyagok speci\u00e1lis csomagol\u00e1sa dr\u00e1g\u00e1bb.<\/li>\r\n<\/ul>\r\n\r\n\r\n\r\n<ul class=\"wp-block-list\">\r\n<li><strong>T\u00e9rfogat \u00e9s s\u00faly<\/strong>: A rakom\u00e1ny m\u00e9rete \u00e9s s\u00falya szint\u00e9n befoly\u00e1solja a csomagol\u00e1si k\u00f6lts\u00e9geket, mivel a nagyobb vagy nehezebb t\u00e1rgyak t\u00f6bb anyagot \u00e9s munkaer\u0151t ig\u00e9nyelnek.<\/li>\r\n<\/ul>\r\n\r\n\r\n\r\n<h3 class=\"wp-block-heading\"><span class=\"ez-toc-section\" id=\"Pick-Up_and_Delivery\"><\/span>\u00c1tv\u00e9tel \u00e9s kisz\u00e1ll\u00edt\u00e1s<span class=\"ez-toc-section-end\"><\/span><\/h3>\r\n\r\n\r\n\r\n<ul class=\"wp-block-list\">\r\n<li><strong>T\u00e1vols\u00e1g<\/strong>: A k\u00f6lts\u00e9gek a kiindul\u00e1si helyt\u0151l a kik\u00f6t\u0151ig, illetve a rendeltet\u00e9si kik\u00f6t\u0151t\u0151l a v\u00e9gs\u0151 helyig terjed\u0151 t\u00e1vols\u00e1ggal n\u0151nek.<\/li>\r\n<\/ul>\r\n\r\n\r\n\r\n<ul class=\"wp-block-list\">\r\n<li><strong>Hozz\u00e1f\u00e9rhet\u0151s\u00e9g<\/strong>: A t\u00e1voli vagy nehezen megk\u00f6zel\u00edthet\u0151 helysz\u00edneken tov\u00e1bbi k\u00f6lts\u00e9gek mer\u00fclhetnek fel.<\/li>\r\n<\/ul>\r\n\r\n\r\n\r\n<ul class=\"wp-block-list\">\r\n<li><strong>Szolg\u00e1ltat\u00e1si szint<\/strong>: A gyors\u00edtott vagy id\u0151f\u00fcgg\u0151 \u00e1tv\u00e9teli \u00e9s sz\u00e1ll\u00edt\u00e1si szolg\u00e1ltat\u00e1sok n\u00f6velik a k\u00f6lts\u00e9geket.<\/li>\r\n<\/ul>\r\n\r\n\r\n\r\n<h3 class=\"wp-block-heading\"><span class=\"ez-toc-section\" id=\"Taxes_and_Duty_Charges\"><\/span>Ad\u00f3k \u00e9s v\u00e1mok<span class=\"ez-toc-section-end\"><\/span><\/h3>\r\n\r\n\r\n\r\n<ul class=\"wp-block-list\">\r\n<li><strong>V\u00e1mok<\/strong>: Ezeket az \u00e1ruk t\u00edpusa \u00e9s \u00e9rt\u00e9ke hat\u00e1rozza meg, \u00e9s jelent\u0151sen elt\u00e9rhetnek.<\/li>\r\n<\/ul>\r\n\r\n\r\n\r\n<ul class=\"wp-block-list\">\r\n<li><strong>Importad\u00f3k<\/strong>: Kanada ad\u00f3rendszere nagy val\u00f3sz\u00edn\u0171s\u00e9ggel tov\u00e1bbi terheket vet ki bizonyos importt\u00edpusokra.<\/li>\r\n<\/ul>\r\n\r\n\r\n\r\n<ul class=\"wp-block-list\">\r\n<li><strong>Szab\u00e1lyoz\u00e1si d\u00edjak<\/strong>: A kanadai \u00e9s katari el\u0151\u00edr\u00e1soknak val\u00f3 megfelel\u00e9s k\u00fcl\u00f6nb\u00f6z\u0151 d\u00edjak megfizet\u00e9s\u00e9t teheti sz\u00fcks\u00e9gess\u00e9, ami hat\u00e1ssal van a teljes k\u00f6lts\u00e9gre.<\/li>\r\n<\/ul>\r\n\r\n\r\n\r\n<h3 class=\"wp-block-heading\"><span class=\"ez-toc-section\" id=\"Storage\"><\/span>T\u00e1rol\u00e1s<span class=\"ez-toc-section-end\"><\/span><\/h3>\r\n\r\n\r\n\r\n<ul class=\"wp-block-list\">\r\n<li><strong>Id\u0151tartam<\/strong>: A hosszabb t\u00e1rol\u00e1si id\u0151 ak\u00e1r a sz\u00e1rmaz\u00e1si, ak\u00e1r az \u00e1trakod\u00e1si pontokon, ak\u00e1r a rendeltet\u00e9si helyen n\u00f6veli a k\u00f6lts\u00e9geket.<\/li>\r\n<\/ul>\r\n\r\n\r\n\r\n<ul class=\"wp-block-list\">\r\n<li><strong>L\u00e9tes\u00edtm\u00e9nyt\u00edpus<\/strong>: A klimatiz\u00e1lt vagy speci\u00e1lis rakt\u00e1rhelyis\u00e9gek t\u00f6bbe ker\u00fclnek, mint a szok\u00e1sos rakt\u00e1roz\u00e1si lehet\u0151s\u00e9gek.<\/li>\r\n\r\n\r\n\r\n<li><strong>A rakom\u00e1ny m\u00e9rete \u00e9s jellege<\/strong>: A nagyobb vagy \u00e9rz\u00e9kenyebb, k\u00fcl\u00f6nleges kezel\u00e9st ig\u00e9nyl\u0151 t\u00e1rgyak magasabb t\u00e1rol\u00e1si d\u00edjakat eredm\u00e9nyezhetnek.<\/li>\r\n<\/ul>\r\n\r\n\r\n\r\n<h3 class=\"wp-block-heading\"><span class=\"ez-toc-section\" id=\"Additional_Charges\"><\/span>Kieg\u00e9sz\u00edt\u0151 d\u00edjak<span class=\"ez-toc-section-end\"><\/span><\/h3>\r\n\r\n\r\n\r\n<ul class=\"wp-block-list\">\r\n<li><strong>\u00dczemanyag-p\u00f3td\u00edjak<\/strong>: Az \u00fczemanyag\u00e1rak ingadoz\u00e1sa tov\u00e1bbi d\u00edjakat eredm\u00e9nyezhet, k\u00fcl\u00f6n\u00f6sen a hosszabb sz\u00e1ll\u00edt\u00e1si \u00fatvonalak eset\u00e9ben.<\/li>\r\n<\/ul>\r\n\r\n\r\n\r\n<ul class=\"wp-block-list\">\r\n<li><strong><a href=\"https:\/\/moverdb.com\/hu\/international-money-transfer-services\/\" data-internallinksmanager029f6b8e52c=\"239\" title=\"11 Legjobb nemzetk\u00f6zi p\u00e9nz\u00e1tutal\u00e1si szolg\u00e1ltat\u00e1sok 2026-ben\">Valutav\u00e1lt\u00e1s<\/a> \u00e1rak<\/strong>: Mivel a k\u00f6lts\u00e9geket gyakran k\u00fcl\u00f6nb\u00f6z\u0151 p\u00e9nznemekben adj\u00e1k meg, az \u00e1rfolyam-ingadoz\u00e1sok befoly\u00e1solhatj\u00e1k a v\u00e9gs\u0151 k\u00f6lts\u00e9get.<\/li>\r\n<\/ul>\r\n\r\n\r\n\r\n<ul class=\"wp-block-list\">\r\n<li><strong>V\u00e1ratlan k\u00e9s\u00e9sek<\/strong>: Az el\u0151re nem l\u00e1that\u00f3 esem\u00e9nyek, mint p\u00e9ld\u00e1ul az id\u0151j\u00e1r\u00e1si zavarok vagy kik\u00f6t\u0151i sztr\u00e1jkok, tov\u00e1bbi d\u00edjakat eredm\u00e9nyezhetnek, bele\u00e9rtve a demurrage-t (a kont\u00e9ner meg\u00e1llapod\u00e1son t\u00fali haszn\u00e1lat\u00e1\u00e9rt fizetend\u0151 d\u00edjak).<\/li>\r\n<\/ul>\r\n\r\n\r\n\r\n<p>E t\u00e9nyez\u0151k mindegyike jelent\u0151sen befoly\u00e1solhatja a kont\u00e9ner Katarb\u00f3l Kanad\u00e1ba t\u00f6rt\u00e9n\u0151 sz\u00e1ll\u00edt\u00e1s\u00e1nak teljes k\u00f6lts\u00e9g\u00e9t. A sz\u00e1ll\u00edtm\u00e1nyoz\u00f3k sz\u00e1m\u00e1ra d\u00f6nt\u0151 fontoss\u00e1g\u00fa, hogy r\u00e9szletes \u00e1raj\u00e1nlatokat kapjanak, amelyek kiterjednek mindezen szempontokra, \u00e9s figyelembe veszik a sz\u00e1ll\u00edt\u00e1si folyamat sor\u00e1n esetlegesen felmer\u00fcl\u0151 elt\u00e9r\u00e9seket. Ezeknek a k\u00f6lts\u00e9geknek a vil\u00e1gos ismerete seg\u00edt a k\u00f6lts\u00e9gvet\u00e9s \u00f6ssze\u00e1ll\u00edt\u00e1s\u00e1ban \u00e9s a v\u00e1ratlan kiad\u00e1sok elker\u00fcl\u00e9s\u00e9ben.<\/p>\r\n\r\n\r\n\r\n<h2 class=\"wp-block-heading\"><span class=\"ez-toc-section\" id=\"Modes_of_Container_Shipping\"><\/span>A kont\u00e9neres sz\u00e1ll\u00edt\u00e1s m\u00f3djai<span class=\"ez-toc-section-end\"><\/span><\/h2>\r\n\r\n\r\n\r\n<p>A kont\u00e9nersz\u00e1ll\u00edt\u00e1s k\u00fcl\u00f6nb\u00f6z\u0151 m\u00f3dokat k\u00edn\u00e1l a sz\u00e1ll\u00edtm\u00e1nyoz\u00f3k elt\u00e9r\u0151 ig\u00e9nyeinek kiel\u00e9g\u00edt\u00e9s\u00e9re. Ezeknek a m\u00f3doknak a meg\u00e9rt\u00e9se kulcsfontoss\u00e1g\u00fa a megalapozott d\u00f6nt\u00e9sek meghozatal\u00e1hoz, amelyek igazodnak a konkr\u00e9t sz\u00e1ll\u00edt\u00e1si k\u00f6vetelm\u00e9nyekhez \u00e9s a k\u00f6lts\u00e9gvet\u00e9si korl\u00e1tokhoz.<\/p>\r\n\r\n\r\n\r\n<h3 class=\"wp-block-heading\"><span class=\"ez-toc-section\" id=\"Full_Container_Load_FCL\"><\/span>Teljes kont\u00e9nerrakom\u00e1ny (FCL)<span class=\"ez-toc-section-end\"><\/span><\/h3>\r\n\r\n\r\n\r\n<p>Az FCL olyan sz\u00e1ll\u00edt\u00e1si m\u00f3dra utal, ahol egyetlen felad\u00f3 egy teljes kont\u00e9nert foglal le az \u00e1ruj\u00e1nak. A kont\u00e9nert nem osztj\u00e1k meg m\u00e1s sz\u00e1ll\u00edtm\u00e1nyoz\u00f3k rakom\u00e1ny\u00e1val.<\/p>\r\n\r\n\r\n\r\n<ul class=\"wp-block-list\">\r\n<li><strong>El\u0151ny\u00f6k<\/strong>:<br>\r\n<ul class=\"wp-block-list\">\r\n<li><strong>Biztons\u00e1g<\/strong>: Mivel a kont\u00e9nert kiz\u00e1r\u00f3lag egy felad\u00f3 haszn\u00e1lja, cs\u00f6kken a kezel\u00e9sb\u0151l ered\u0151 s\u00e9r\u00fcl\u00e9s vagy vesztes\u00e9g kock\u00e1zata.<\/li>\r\n\r\n\r\n\r\n<li><strong>Hat\u00e9konys\u00e1g<\/strong>: Az FCL id\u0151hat\u00e9konyabb lehet, mivel a kont\u00e9nert \u00e1ltal\u00e1ban csak a kiindul\u00e1si \u00e9s a c\u00e9l\u00e1llom\u00e1son nyitj\u00e1k ki.<\/li>\r\n\r\n\r\n\r\n<li><strong>K\u00f6lts\u00e9ghat\u00e9kony nagyobb sz\u00e1ll\u00edtm\u00e1nyok eset\u00e9n<\/strong>: Jelent\u0151s mennyis\u00e9g\u0171 rakom\u00e1ny eset\u00e9n az FCL gazdas\u00e1gosabb lehet, mivel a felad\u00f3 a kont\u00e9ner\u00e9rt fizet, nem pedig a rakom\u00e1ny s\u00faly\u00e1\u00e9rt vagy mennyis\u00e9g\u00e9\u00e9rt.<\/li>\r\n<\/ul>\r\n<\/li>\r\n<\/ul>\r\n\r\n\r\n\r\n<ul class=\"wp-block-list\">\r\n<li><strong>Felhaszn\u00e1l\u00e1si esetek<\/strong>:<br>\r\n<ul class=\"wp-block-list\">\r\n<li><strong>Nagy mennyis\u00e9gek<\/strong>: Ide\u00e1lis olyan sz\u00e1ll\u00edtm\u00e1nyoz\u00f3k sz\u00e1m\u00e1ra, akiknek az \u00e1ruja egy eg\u00e9sz kont\u00e9ner megt\u00f6lt\u00e9s\u00e9hez elegend\u0151.<\/li>\r\n\r\n\r\n\r\n<li><strong>\u00c9rz\u00e9keny vagy nagy \u00e9rt\u00e9k\u0171 \u00e1ruk<\/strong>: El\u0151ny\u00f6s a k\u00fcl\u00f6nleges kezel\u00e9st ig\u00e9nyl\u0151 vagy s\u00e9r\u00fcl\u00e9svesz\u00e9lyes rakom\u00e1nyok eset\u00e9ben.<\/li>\r\n<\/ul>\r\n<\/li>\r\n<\/ul>\r\n\r\n\r\n\r\n<h3 class=\"wp-block-heading\"><span class=\"ez-toc-section\" id=\"Less_than_Container_Load_LCL\"><\/span>Kevesebb mint kont\u00e9nerrakom\u00e1ny (LCL)<span class=\"ez-toc-section-end\"><\/span><\/h3>\r\n\r\n\r\n\r\n<p>Az LCL olyan \u00e1ruk sz\u00e1ll\u00edt\u00e1sa, amelyek nem t\u00f6ltik ki az eg\u00e9sz kont\u00e9nert. A felad\u00f3 fizet a kont\u00e9ner azon r\u00e9sz\u00e9\u00e9rt, amelyet a rakom\u00e1nya elfoglal, \u00e9s megosztja a helyet m\u00e1s felad\u00f3kt\u00f3l sz\u00e1rmaz\u00f3 \u00e1rukkal.<\/p>\r\n\r\n\r\n\r\n<ul class=\"wp-block-list\">\r\n<li><strong>El\u0151ny\u00f6k<\/strong>:<br>\r\n<ul class=\"wp-block-list\">\r\n<li><strong>K\u00f6lts\u00e9ghat\u00e9kony kisebb sz\u00e1ll\u00edtm\u00e1nyok eset\u00e9n<\/strong>: Az LCL gazdas\u00e1gosabb a kisebb sz\u00e1ll\u00edtm\u00e1nyok eset\u00e9ben, mivel a felad\u00f3 csak az \u00e1ltala haszn\u00e1lt hely\u00e9rt fizet.<\/li>\r\n\r\n\r\n\r\n<li><strong>Rugalmass\u00e1g<\/strong>: Rugalmass\u00e1got k\u00edn\u00e1l a kisebb rakom\u00e1nymennyis\u00e9g\u0171 sz\u00e1ll\u00edtm\u00e1nyoz\u00f3knak, vagy azoknak, akik nem sietnek egy teljes kont\u00e9ner megt\u00f6lt\u00e9s\u00e9vel.<\/li>\r\n\r\n\r\n\r\n<li><strong>Hozz\u00e1f\u00e9rhet\u0151s\u00e9g<\/strong>: Ide\u00e1lis a kisebb sz\u00e1ll\u00edt\u00e1si volumen\u0171 v\u00e1llalkoz\u00e1sok sz\u00e1m\u00e1ra, vagy azok sz\u00e1m\u00e1ra, akik szigor\u00faan szeretn\u00e9k kezelni a k\u00e9szletszinteket.<\/li>\r\n<\/ul>\r\n<\/li>\r\n<\/ul>\r\n\r\n\r\n\r\n<ul class=\"wp-block-list\">\r\n<li><strong>Felhaszn\u00e1l\u00e1si esetek<\/strong>:<br>\r\n<ul class=\"wp-block-list\">\r\n<li><strong>Kis- \u00e9s k\u00f6z\u00e9pv\u00e1llalkoz\u00e1sok<\/strong>: K\u00fcl\u00f6n\u00f6sen el\u0151ny\u00f6s az olyan kkv-k sz\u00e1m\u00e1ra, amelyeknek nincs elegend\u0151 \u00e1ruk\u00e9szlete egy teljes kont\u00e9ner megt\u00f6lt\u00e9s\u00e9hez.<\/li>\r\n\r\n\r\n\r\n<li><strong>Kev\u00e9sb\u00e9 id\u0151\u00e9rz\u00e9keny k\u00fcldem\u00e9nyek<\/strong>: Alkalmas olyan rakom\u00e1nyokhoz, amelyek a konszolid\u00e1ci\u00f3s \u00e9s dekonszolid\u00e1ci\u00f3s folyamatok miatt hosszabb sz\u00e1ll\u00edt\u00e1si id\u0151t is elviselnek.<\/li>\r\n<\/ul>\r\n<\/li>\r\n<\/ul>\r\n\r\n\r\n\r\n<h3 class=\"wp-block-heading\"><span class=\"ez-toc-section\" id=\"Breakbulk_and_Bulk_Shipping\"><\/span>\u00d6mlesztett \u00e9s \u00f6mlesztett \u00e1ruk sz\u00e1ll\u00edt\u00e1sa<span class=\"ez-toc-section-end\"><\/span><\/h3>\r\n\r\n\r\n\r\n<p>Ezt az \u00fczemm\u00f3dot olyan rakom\u00e1nyok eset\u00e9ben haszn\u00e1lj\u00e1k, amelyek m\u00e9ret\u00fck, alakjuk vagy s\u00falyuk miatt nem sz\u00e1ll\u00edthat\u00f3k kont\u00e9nerbe. A t\u00f6rmel\u00e9k\u00e1ru olyan rakom\u00e1nyra utal, amelyet k\u00fcl\u00f6n-k\u00fcl\u00f6n rakodnak, m\u00edg az \u00f6mlesztett \u00e1ru a homog\u00e9n rakom\u00e1nyt jelenti, amelyet nagy mennyis\u00e9gben, csomagol\u00e1s n\u00e9lk\u00fcl rakodnak.<\/p>\r\n\r\n\r\n\r\n<ul class=\"wp-block-list\">\r\n<li><strong>El\u0151ny\u00f6k<\/strong>:<br>\r\n<ul class=\"wp-block-list\">\r\n<li><strong>Nagym\u00e9ret\u0171 vagy szokatlan alak\u00fa t\u00e1rgyak kezel\u00e9se<\/strong>: Lehet\u0151v\u00e9 teszi a t\u00falm\u00e9retes, neh\u00e9z vagy szokatlan alak\u00fa \u00e1ruk sz\u00e1ll\u00edt\u00e1s\u00e1t.<\/li>\r\n\r\n\r\n\r\n<li><strong>Gazdas\u00e1gos \u00f6mlesztett \u00e1ruk eset\u00e9ben<\/strong>: Az \u00f6mlesztett sz\u00e1ll\u00edt\u00e1s k\u00f6lts\u00e9ghat\u00e9kony az olyan nagy mennyis\u00e9g\u0171 laza anyagok, mint a gabonaf\u00e9l\u00e9k, a sz\u00e9n vagy az \u00e1sv\u00e1nyi anyagok eset\u00e9ben.<\/li>\r\n\r\n\r\n\r\n<li><strong>Speci\u00e1lis kezel\u00e9s<\/strong>: Gyakran speci\u00e1lis felszerel\u00e9ssel \u00e9s kezel\u00e9ssel j\u00e1r, amely biztos\u00edtja a kih\u00edv\u00e1st jelent\u0151 rakom\u00e1ny biztons\u00e1gos sz\u00e1ll\u00edt\u00e1s\u00e1t.<\/li>\r\n<\/ul>\r\n<\/li>\r\n<\/ul>\r\n\r\n\r\n\r\n<ul class=\"wp-block-list\">\r\n<li><strong>Felhaszn\u00e1l\u00e1si esetek<\/strong>:<br>\r\n<ul class=\"wp-block-list\">\r\n<li><strong>T\u00falm\u00e9retezett berendez\u00e9sek<\/strong>: P\u00e9ld\u00e1ul ipari projektekhez haszn\u00e1lt g\u00e9pek, nagym\u00e9ret\u0171 j\u00e1rm\u0171vek vagy \u00e9p\u00edt\u0151anyagok.<\/li>\r\n\r\n\r\n\r\n<li><strong>\u00d6mlesztett \u00e1ruk<\/strong>: Mint a mez\u0151gazdas\u00e1gi term\u00e9kek, nyersanyagok \u00e9s \u00e1sv\u00e1nyi anyagok, amelyeket nagy mennyis\u00e9gben sz\u00e1ll\u00edtanak.<\/li>\r\n<\/ul>\r\n<\/li>\r\n<\/ul>\r\n\r\n\r\n\r\n<p>Mindegyik sz\u00e1ll\u00edt\u00e1si m\u00f3dnak megvannak a maga saj\u00e1tos jellemz\u0151i \u00e9s el\u0151nyei, amelyek alkalmass\u00e1 teszik \u0151ket a k\u00fcl\u00f6nb\u00f6z\u0151 t\u00edpus\u00fa rakom\u00e1nyok \u00e9s sz\u00e1ll\u00edt\u00e1si ig\u00e9nyek kiszolg\u00e1l\u00e1s\u00e1ra. Ezek az \u00e1rnyalatok h\u00e1tr\u00e1nyosak lehetnek a Katarb\u00f3l Kanad\u00e1ba ir\u00e1nyul\u00f3 sz\u00e1ll\u00edt\u00e1si strat\u00e9gi\u00e1jukat optimaliz\u00e1lni k\u00edv\u00e1n\u00f3 v\u00e1llalkoz\u00e1sok \u00e9s mag\u00e1nszem\u00e9lyek sz\u00e1m\u00e1ra.<\/p>\r\n\r\n\r\n\r\n<h2 class=\"wp-block-heading\"><span class=\"ez-toc-section\" id=\"Shipping_Container_Sizes_and_Options\"><\/span>Sz\u00e1ll\u00edt\u00e1si kont\u00e9ner m\u00e9retek \u00e9s lehet\u0151s\u00e9gek<span class=\"ez-toc-section-end\"><\/span><\/h2>\r\n\r\n\r\n\r\n<p>A nagy t\u00e1vols\u00e1gokon t\u00f6rt\u00e9n\u0151 \u00e1rusz\u00e1ll\u00edt\u00e1s, mint p\u00e9ld\u00e1ul a Katar-Kanada \u00fatvonal, k\u00f6nnyen sz\u00e1mos h\u00e1tul\u00fct\u0151vel tal\u00e1lkozhat, ha a megfelel\u0151 <a href=\"https:\/\/moverdb.com\/hu\/shipping-container-sizes-and-dimensions\/\" data-internallinksmanager029f6b8e52c=\"247\" title=\"A haj\u00f3z\u00e1si kont\u00e9nerek m\u00e9ret\u00e9nek \u00e9s m\u00e9reteinek v\u00e9gs\u0151 \u00fatmutat\u00f3ja\">tart\u00e1ly m\u00e9rete<\/a> \u00e9s a t\u00edpus nincs kiv\u00e1lasztva. Ez a v\u00e1laszt\u00e1s a k\u00f6lts\u00e9ghat\u00e9konys\u00e1gt\u00f3l kezdve a sz\u00e1ll\u00edtand\u00f3 \u00e1ruk biztons\u00e1g\u00e1ig mindent befoly\u00e1solhat.<\/p>\r\n\r\n\r\n\r\n<p>Vizsg\u00e1ljuk meg a szabv\u00e1nyos kont\u00e9nerm\u00e9reteket, majd mer\u00fclj\u00fcnk el a rendelkez\u00e9sre \u00e1ll\u00f3 speci\u00e1lis t\u00edpusokba.<\/p>\r\n\r\n\r\n\r\n<h3 class=\"wp-block-heading\"><span class=\"ez-toc-section\" id=\"Standard_Container_Sizes\"><\/span>Szabv\u00e1nyos kont\u00e9ner m\u00e9retek<span class=\"ez-toc-section-end\"><\/span><\/h3>\r\n\r\n\r\n\r\n<ul class=\"wp-block-list\">\r\n<li><strong>20 l\u00e1bas kont\u00e9ner<\/strong>:<br>\r\n<ul class=\"wp-block-list\">\r\n<li><strong>M\u00e9retek<\/strong>: \u00c1ltal\u00e1ban 20 l\u00e1b hossz\u00fa, 7,7 l\u00e1b sz\u00e9les \u00e9s 7,8 l\u00e1b magas.<\/li>\r\n\r\n\r\n\r\n<li><strong>K\u00f6tet<\/strong>: K\u00f6r\u00fclbel\u00fcl 33 k\u00f6bm\u00e9ter rakod\u00f3kapacit\u00e1st k\u00edn\u00e1l.<\/li>\r\n\r\n\r\n\r\n<li><strong>Alkalmass\u00e1g<\/strong>: Ide\u00e1lis kis \u00e9s k\u00f6zepes m\u00e9ret\u0171 sz\u00e1ll\u00edtm\u00e1nyokhoz. Gyakran haszn\u00e1lj\u00e1k k\u00fcl\u00f6nf\u00e9le \u00e1rukhoz, bele\u00e9rtve a fogyaszt\u00e1si cikkeket, elektronikai cikkeket \u00e9s g\u00e9peket.<\/li>\r\n\r\n\r\n\r\n<li><strong>S\u00falykorl\u00e1toz\u00e1s<\/strong>: \u00c1ltal\u00e1ban a maxim\u00e1lis brutt\u00f3 t\u00f6meg (a kont\u00e9nerrel egy\u00fctt) k\u00f6r\u00fclbel\u00fcl 30 480 kilogramm.<\/li>\r\n<\/ul>\r\n<\/li>\r\n<\/ul>\r\n\r\n\r\n\r\n<ul class=\"wp-block-list\">\r\n<li><strong>40 l\u00e1bas kont\u00e9ner<\/strong>:<br>\r\n<ul class=\"wp-block-list\">\r\n<li><strong>M\u00e9retek<\/strong>: Hossza 40 l\u00e1b, sz\u00e9less\u00e9ge 7,7 l\u00e1b, magass\u00e1ga 7,8 l\u00e1b.<\/li>\r\n\r\n\r\n\r\n<li><strong>K\u00f6tet<\/strong>: Nagyj\u00e1b\u00f3l k\u00e9tszer akkora kapacit\u00e1st biztos\u00edt, mint egy 20 l\u00e1bas kont\u00e9ner, k\u00f6r\u00fclbel\u00fcl 67 k\u00f6bm\u00e9tert.<\/li>\r\n\r\n\r\n\r\n<li><strong>Alkalmass\u00e1g<\/strong>: T\u00f6k\u00e9letes nagyobb sz\u00e1ll\u00edtm\u00e1nyokhoz. Sz\u00e9les k\u00f6rben haszn\u00e1lj\u00e1k olyan \u00e1rukhoz, mint a b\u00fatorok, nagy g\u00e9pek \u00e9s kereskedelmi term\u00e9kek.<\/li>\r\n\r\n\r\n\r\n<li><strong>S\u00falykorl\u00e1toz\u00e1s<\/strong>: A 20 l\u00e1bas kont\u00e9nerekhez hasonl\u00f3an a maxim\u00e1lis brutt\u00f3 t\u00f6meg 30 480 kilogramm k\u00f6r\u00fcl mozog.<\/li>\r\n<\/ul>\r\n<\/li>\r\n<\/ul>\r\n\r\n\r\n\r\n<h3 class=\"wp-block-heading\"><span class=\"ez-toc-section\" id=\"Specialized_Container_Types\"><\/span>Speci\u00e1lis kont\u00e9nert\u00edpusok<span class=\"ez-toc-section-end\"><\/span><\/h3>\r\n\r\n\r\n\r\n<ul class=\"wp-block-list\">\r\n<li><strong>Magas kockakont\u00e9nerek<\/strong>: Hasonl\u00f3 a standard kont\u00e9nerekhez, de egy l\u00e1bnyi magass\u00e1ggal t\u00f6bb helyet k\u00edn\u00e1l a k\u00f6nny\u0171, terjedelmes rakom\u00e1nynak.<\/li>\r\n<\/ul>\r\n\r\n\r\n\r\n<ul class=\"wp-block-list\">\r\n<li><strong>H\u0171t\u0151kont\u00e9nerek (h\u0171t\u0151kont\u00e9nerek)<\/strong>: H\u0151m\u00e9rs\u00e9klet-szab\u00e1lyozott egys\u00e9gek, amelyek alkalmasak romland\u00f3 \u00e1ruk, p\u00e9ld\u00e1ul \u00e9lelmiszerek, gy\u00f3gyszerek \u00e9s bizonyos vegyi anyagok t\u00e1rol\u00e1s\u00e1ra.<\/li>\r\n<\/ul>\r\n\r\n\r\n\r\n<ul class=\"wp-block-list\">\r\n<li><strong>Nyitott tetej\u0171 tart\u00e1lyok<\/strong>: Nincs tetej\u00fck, \u00edgy ide\u00e1lisak olyan rakom\u00e1nyok sz\u00e1m\u00e1ra, amelyeket daruval kell rakodni, p\u00e9ld\u00e1ul neh\u00e9zg\u00e9pek vagy magas t\u00e1rgyak.<\/li>\r\n<\/ul>\r\n\r\n\r\n\r\n<ul class=\"wp-block-list\">\r\n<li><strong>Lapos \u00e1llv\u00e1nyos kont\u00e9nerek<\/strong>: \u00d6sszecsukhat\u00f3 oldalfalakkal rendelkeznek, amelyek \u00f6sszehajthat\u00f3k a t\u00falm\u00e9retes rakom\u00e1ny vagy neh\u00e9zg\u00e9pek befogad\u00e1s\u00e1ra.<\/li>\r\n<\/ul>\r\n\r\n\r\n\r\n<ul class=\"wp-block-list\">\r\n<li><strong>Tart\u00e1lykont\u00e9nerek<\/strong>: Folyad\u00e9kok, g\u00e1zok \u00e9s porok \u00f6mlesztett sz\u00e1ll\u00edt\u00e1s\u00e1ra tervezt\u00e9k, bele\u00e9rtve a vesz\u00e9lyes anyagokat is.<\/li>\r\n<\/ul>\r\n\r\n\r\n\r\n<ul class=\"wp-block-list\">\r\n<li><strong>Szell\u0151ztetett tart\u00e1lyok<\/strong>: Szell\u0151ztet\u00e9st ig\u00e9nyl\u0151 bioterm\u00e9kek, p\u00e9ld\u00e1ul k\u00e1v\u00e9babok vagy bizonyos mez\u0151gazdas\u00e1gi term\u00e9kek eset\u00e9ben.<\/li>\r\n<\/ul>\r\n\r\n\r\n\r\n<ul class=\"wp-block-list\">\r\n<li><strong>Szigetelt vagy h\u0151szigetelt tart\u00e1lyok<\/strong>: Stabil h\u0151m\u00e9rs\u00e9kletet tartanak fenn, \u00e9s olyan \u00e9rz\u00e9keny \u00e1ruk t\u00e1rol\u00e1s\u00e1ra szolg\u00e1lnak, amelyek nem ig\u00e9nylik a h\u0171t\u0151kamr\u00e1k h\u0151m\u00e9rs\u00e9klet-szab\u00e1lyoz\u00e1s\u00e1t.<\/li>\r\n<\/ul>\r\n\r\n\r\n\r\n<ul class=\"wp-block-list\">\r\n<li><strong>Raklapm\u00e9ret\u0171 kont\u00e9nerek<\/strong>: Kicsit sz\u00e9lesebb, mint a standard kont\u00e9nerek, t\u00f6bb vagy nagyobb raklap befogad\u00e1s\u00e1ra tervezt\u00e9k.<\/li>\r\n<\/ul>\r\n\r\n\r\n\r\n<ul class=\"wp-block-list\">\r\n<li><strong>K\u00e9tajt\u00f3s kont\u00e9nerek<\/strong>: Mindk\u00e9t v\u00e9g\u00e9n ajt\u00f3kkal rendelkeznek, amelyek megk\u00f6nny\u00edtik a terjedelmes \u00e1ruk k\u00f6nny\u0171 be- \u00e9s kirakod\u00e1s\u00e1t.<\/li>\r\n<\/ul>\r\n\r\n\r\n\r\n<ul class=\"wp-block-list\">\r\n<li><strong>Oldalra nyitott tart\u00e1lyok<\/strong>: Az egyik hossz\u00fa oldal teljesen kiny\u00edlik, lehet\u0151v\u00e9 t\u00e9ve a sz\u00e9les vagy k\u00e9nyelmetlen alak\u00fa t\u00e1rgyak berakod\u00e1s\u00e1t.<\/li>\r\n<\/ul>\r\n\r\n\r\n\r\n<p>Mindegyik kont\u00e9nert\u00edpus egyedi tulajdons\u00e1gokkal rendelkezik a k\u00fcl\u00f6nb\u00f6z\u0151 sz\u00e1ll\u00edt\u00e1si ig\u00e9nyek kiel\u00e9g\u00edt\u00e9s\u00e9re. A v\u00e1laszt\u00e1s olyan t\u00e9nyez\u0151kt\u0151l f\u00fcgg, mint a rakom\u00e1ny jellege, m\u00e9rete \u00e9s a k\u00fcl\u00f6nleges kezel\u00e9si k\u00f6vetelm\u00e9nyek.<\/p>\r\n\r\n\r\n\r\n<p>Ezen lehet\u0151s\u00e9gek gondos m\u00e9rlegel\u00e9se lehet\u0151v\u00e9 teszi a sz\u00e1ll\u00edtm\u00e1nyoz\u00f3k sz\u00e1m\u00e1ra, hogy a rakom\u00e1nyuknak legmegfelel\u0151bb kont\u00e9nert v\u00e1lassz\u00e1k ki, optimaliz\u00e1lva a biztons\u00e1got, a k\u00f6lts\u00e9geket \u00e9s a hat\u00e9konys\u00e1got a Katarb\u00f3l Kanad\u00e1ba t\u00f6rt\u00e9n\u0151 sz\u00e1ll\u00edt\u00e1s sor\u00e1n.<\/p>\r\n\r\n\r\n\r\n<figure class=\"wp-block-table is-style-stripes\"><table><tbody><tr><td><\/td><td><strong>Hossz\u00fas\u00e1g<\/strong><\/td><td><strong>Magass\u00e1g<\/strong><\/td><td><strong>Sz\u00e9less\u00e9g<\/strong><\/td><td><strong>K\u00f6tet<\/strong><\/td><td><strong>\u00c1rtartom\u00e1ny<\/strong><\/td><\/tr><tr><td><strong>20 l\u00e1bas haj\u00f3z\u00e1si kont\u00e9ner<\/strong><\/td><td>19,7 l\u00e1b<br>6 m<\/td><td>7,8 l\u00e1b<br>2.4 m<\/td><td>7,7 l\u00e1b<br>2.3 m<\/td><td>1,173 ft\u00b3<br>33.2 m\u00b3<\/td><td>CAD 6,741 - 11,991<br>QAR 18,056 - 32,118<\/td><\/tr><tr><td><strong>40ft haj\u00f3z\u00e1si kont\u00e9ner<\/strong><\/td><td>39,7 l\u00e1b<br>12.1 m<\/td><td>7,8 l\u00e1b<br>2.4 m<\/td><td>7,7 l\u00e1b<br>2.3 m<\/td><td>2,390 ft\u00b3<br>67.7 m\u00b3<\/td><td>CAD 10,371 - 18,448<br>QAR 27,780 - 49,413<\/td><\/tr><tr><td><strong>Aut\u00f3sz\u00e1ll\u00edt\u00e1s<\/strong><\/td><td>19 l\u00e1b<br>5.8 m<\/td><td>7,2 l\u00e1b<br>2.2 m<\/td><td>7,2 l\u00e1b<br>2.2 m<\/td><td>982.8 ft\u00b3<br>27.83 m\u00b3<\/td><td>CAD 3,211 - 5,710<br>QAR 8,601 - 15,294<\/td><\/tr><\/tbody><\/table><\/figure>\r\n\r\n\r\n\r\n<p><em>Minden \u00e1r a 2023 november\u00e9ben kik\u00f6t\u0151r\u0151l kik\u00f6t\u0151re t\u00f6rt\u00e9n\u0151 kont\u00e9nersz\u00e1ll\u00edt\u00e1sra vonatkozik.<\/em><\/p>\r\n\r\n\r\n\r\n<h2 class=\"wp-block-heading\"><span class=\"ez-toc-section\" id=\"Sea_Freight_Container_Prices_to_Canada_from_Qatar\"><\/span>Tengeri kont\u00e9ner\u00e1rak Kanad\u00e1ba Katarb\u00f3l Katarba<span class=\"ez-toc-section-end\"><\/span><\/h2>\r\n\r\n\r\n\r\n<p>A Katarb\u00f3l Kanad\u00e1ba t\u00f6rt\u00e9n\u0151 sz\u00e1ll\u00edt\u00e1s k\u00f6lts\u00e9geinek alapos vizsg\u00e1lata ut\u00e1n azonos\u00edtottuk a leggazdas\u00e1gosabb tengeri sz\u00e1ll\u00edt\u00e1si lehet\u0151s\u00e9geket:<\/p>\r\n\r\n\r\n\r\n<ul class=\"wp-block-list\">\r\n<li><strong>20 l\u00e1bas kont\u00e9ner<\/strong>:<br>\r\n<ul class=\"wp-block-list\">\r\n<li>A legolcs\u00f3bb megold\u00e1s a <strong>Doh\u00e1b\u00f3l Halifaxba<\/strong>.<\/li>\r\n\r\n\r\n\r\n<li><strong>\u00c1r<\/strong>: CAD 6,741 vagy QAR 18,056.<\/li>\r\n<\/ul>\r\n<\/li>\r\n<\/ul>\r\n\r\n\r\n\r\n<ul class=\"wp-block-list\">\r\n<li><strong>40 l\u00e1bas kont\u00e9ner<\/strong>:<br>\r\n<ul class=\"wp-block-list\">\r\n<li>A legolcs\u00f3bb megold\u00e1s a <strong>Doh\u00e1b\u00f3l Halifaxba<\/strong>.<\/li>\r\n\r\n\r\n\r\n<li><strong>\u00c1r<\/strong>: CAD 10,371 vagy 27,780 QAR.<\/li>\r\n<\/ul>\r\n<\/li>\r\n<\/ul>\r\n\r\n\r\n\r\n<p>Ezek az \u00e1rak \u00e1ltal\u00e1nos ir\u00e1nymutat\u00e1st ny\u00fajtanak azok sz\u00e1m\u00e1ra, akik Katarb\u00f3l Kanad\u00e1ba tervezik sz\u00e1ll\u00edtani a holmijukat, de elt\u00e9rhetnek az extra szolg\u00e1ltat\u00e1sok, valamint a v\u00e1mok \u00e9s ad\u00f3k miatt felmer\u00fcl\u0151 k\u00f6lts\u00e9gek f\u00fcggv\u00e9ny\u00e9ben.<\/p>\r\n\r\n\r\n\r\n<h3 class=\"wp-block-heading\"><span class=\"ez-toc-section\" id=\"20ft_Shipping_Container\"><\/span>20 l\u00e1bas haj\u00f3z\u00e1si kont\u00e9ner&nbsp;<span class=\"ez-toc-section-end\"><\/span><\/h3>\r\n\r\n\r\n\r\n<figure class=\"wp-block-table is-style-stripes\"><table><tbody><tr><td><\/td><td>Sz\u00e1ll\u00edt\u00e1s a k\u00f6vetkez\u0151 c\u00edmre <strong>Vancouver<\/strong><\/td><td>Sz\u00e1ll\u00edt\u00e1s a k\u00f6vetkez\u0151 c\u00edmre <strong>Montreal<\/strong><\/td><td>Sz\u00e1ll\u00edt\u00e1s a k\u00f6vetkez\u0151 c\u00edmre <strong>Halifax<\/strong><\/td><td>Sz\u00e1ll\u00edt\u00e1s a k\u00f6vetkez\u0151 c\u00edmre <strong><a href=\"https:\/\/moverdb.com\/hu\/moving-to-toronto\/\" data-internallinksmanager029f6b8e52c=\"71\" title=\"Toront\u00f3ba k\u00f6lt\u00f6zik? 2022 Lakhat\u00e1si k\u00f6lts\u00e9gek \u00e9s k\u00f6lt\u00f6z\u00e9si tippek\">Toronto<\/a><\/strong><\/td><\/tr><tr><td>Sz\u00e1ll\u00edt\u00e1s a <strong>Doha<\/strong><\/td><td>CAD 10,285<br>27,549 QAR<\/td><td>CAD 9,854<br>26,394 QAR<\/td><td>CAD 6,741<br>18,056 QAR<\/td><td>11,991 CAD<br>32,118 QAR<\/td><\/tr><tr><td>Sz\u00e1ll\u00edt\u00e1s a <strong>Ar-Rayyan<\/strong><\/td><td>11,991 CAD<br>32,118 QAR<\/td><td>11,991 CAD<br>32,118 QAR<\/td><td>11,991 CAD<br>32,118 QAR<\/td><td>11,991 CAD<br>32,118 QAR<\/td><\/tr><\/tbody><\/table><\/figure>\r\n\r\n\r\n\r\n<p><em>Minden \u00e1r a 2023 november\u00e9ben kik\u00f6t\u0151r\u0151l kik\u00f6t\u0151re t\u00f6rt\u00e9n\u0151 kont\u00e9nersz\u00e1ll\u00edt\u00e1sra vonatkozik.<\/em><\/p>\r\n\r\n\r\n\r\n<h3 class=\"wp-block-heading\"><span class=\"ez-toc-section\" id=\"40ft_Shipping_Container\"><\/span>40ft haj\u00f3z\u00e1si kont\u00e9ner&nbsp;<span class=\"ez-toc-section-end\"><\/span><\/h3>\r\n\r\n\r\n\r\n<figure class=\"wp-block-table is-style-stripes\"><table><tbody><tr><td><\/td><td>Sz\u00e1ll\u00edt\u00e1s a k\u00f6vetkez\u0151 c\u00edmre <strong>Vancouver<\/strong><\/td><td>Sz\u00e1ll\u00edt\u00e1s a k\u00f6vetkez\u0151 c\u00edmre <strong>Montreal<\/strong><\/td><td>Sz\u00e1ll\u00edt\u00e1s a k\u00f6vetkez\u0151 c\u00edmre <strong>Halifax<\/strong><\/td><td>Sz\u00e1ll\u00edt\u00e1s a k\u00f6vetkez\u0151 c\u00edmre <strong>Toronto<\/strong><\/td><\/tr><tr><td>Sz\u00e1ll\u00edt\u00e1s a <strong>Doha<\/strong><\/td><td>CAD 15,823<br>42,382 QAR<\/td><td>15,161 CAD<br>40,608 QAR<\/td><td>CAD 10,371<br>27,780 QAR<\/td><td>CAD 18,448<br>49,413 QAR<\/td><\/tr><tr><td>Sz\u00e1ll\u00edt\u00e1s a <strong>Ar-Rayyan<\/strong><\/td><td>CAD 18,448<br>49,413 QAR<\/td><td>CAD 18,448<br>49,413 QAR<\/td><td>CAD 18,448<br>49,413 QAR<\/td><td>CAD 18,448<br>49,413 QAR<\/td><\/tr><\/tbody><\/table><\/figure>\r\n\r\n\r\n\r\n<p><em>Minden \u00e1r a 2023 november\u00e9ben kik\u00f6t\u0151r\u0151l kik\u00f6t\u0151re t\u00f6rt\u00e9n\u0151 kont\u00e9nersz\u00e1ll\u00edt\u00e1sra vonatkozik.<\/em><\/p>\r\n\r\n\r\n\r\n<h2 class=\"wp-block-heading\"><span class=\"ez-toc-section\" id=\"Shipping_a_Car_What_You_Need_to_Know\"><\/span>Aut\u00f3sz\u00e1ll\u00edt\u00e1s: Mit kell tudnia<span class=\"ez-toc-section-end\"><\/span><\/h2>\r\n\r\n\r\n\r\n<p>Az aut\u00f3sz\u00e1ll\u00edt\u00e1s Katarb\u00f3l Kanad\u00e1ba lehetetlen az ezen orsz\u00e1gok \u00e1ltal el\u0151\u00edrt k\u00fcl\u00f6nleges el\u0151\u00edr\u00e1sok \u00e9s k\u00f6vetelm\u00e9nyek betart\u00e1sa n\u00e9lk\u00fcl. Mindig a legjobb, ha j\u00f3l felk\u00e9sz\u00fclt \u00e9s t\u00e1j\u00e9kozott, hogy a folyamat z\u00f6kken\u0151mentes legyen.<\/p>\r\n\r\n\r\n\r\n<h3 class=\"wp-block-heading\"><span class=\"ez-toc-section\" id=\"Regulations_and_Requirements\"><\/span>Szab\u00e1lyoz\u00e1sok \u00e9s k\u00f6vetelm\u00e9nyek<span class=\"ez-toc-section-end\"><\/span><\/h3>\r\n\r\n\r\n\r\n<ul class=\"wp-block-list\">\r\n<li><strong>Kanadai behozatali szab\u00e1lyok<\/strong>: Kanad\u00e1ban szigor\u00fa szab\u00e1lyok vonatkoznak a j\u00e1rm\u0171vek behozatal\u00e1ra. Az aut\u00f3knak meg kell felelni\u00fck a <a href=\"https:\/\/laws.justice.gc.ca\/eng\/regulations\/C.R.C.%2C_c._1038\/FullText.html\" target=\"_blank\" rel=\"noreferrer noopener\">Kanadai g\u00e9pj\u00e1rm\u0171-biztons\u00e1gi szabv\u00e1nyok<\/a>. L\u00e9nyeges ellen\u0151rizni, hogy az aut\u00f3modell elfogadhat\u00f3-e Kanad\u00e1ban.<\/li>\r\n<\/ul>\r\n\r\n\r\n\r\n<ul class=\"wp-block-list\">\r\n<li><strong>Kibocs\u00e1t\u00e1si szabv\u00e1nyok<\/strong>: Kanad\u00e1ban szigor\u00faak a k\u00e1rosanyag-kibocs\u00e1t\u00e1si el\u0151\u00edr\u00e1sok. Gy\u0151z\u0151dj\u00f6n meg r\u00f3la, hogy j\u00e1rm\u0171ve megfelel ezeknek a szabv\u00e1nyoknak, vagy m\u00f3dos\u00edt\u00e1sokra lehet sz\u00fcks\u00e9g.<\/li>\r\n<\/ul>\r\n\r\n\r\n\r\n<ul class=\"wp-block-list\">\r\n<li><strong>A j\u00e1rm\u0171 kora<\/strong>: Kanada korl\u00e1tozza az import\u00e1lt haszn\u00e1lt j\u00e1rm\u0171vek kor\u00e1t. Jellemz\u0151en a 15 \u00e9vn\u00e9l id\u0151sebb j\u00e1rm\u0171vekre elt\u00e9r\u0151 szab\u00e1lyok vonatkoznak.<\/li>\r\n<\/ul>\r\n\r\n\r\n\r\n<ul class=\"wp-block-list\">\r\n<li><strong>Visszah\u00edv\u00e1si enged\u00e9ly<\/strong>: A j\u00e1rm\u0171vet a behozatal el\u0151tt mentes\u00edteni kell a gy\u00e1rt\u00f3i visszah\u00edv\u00e1sok al\u00f3l.<\/li>\r\n<\/ul>\r\n\r\n\r\n\r\n<h3 class=\"wp-block-heading\"><span class=\"ez-toc-section\" id=\"Duties_and_Taxes\"><\/span>V\u00e1mok \u00e9s ad\u00f3k<span class=\"ez-toc-section-end\"><\/span><\/h3>\r\n\r\n\r\n\r\n<ul class=\"wp-block-list\">\r\n<li><strong>Behozatali v\u00e1m<\/strong>: \u00c1ltal\u00e1ban az \u00c9szak-Amerik\u00e1ban gy\u00e1rtott j\u00e1rm\u0171vek mentes\u00fclnek a v\u00e1m al\u00f3l. Az \u00c9szak-Amerik\u00e1n k\u00edv\u00fcl gy\u00e1rtott j\u00e1rm\u0171vekre azonban 6,1% v\u00e1mt\u00e9tel vonatkozik.<\/li>\r\n<\/ul>\r\n\r\n\r\n\r\n<ul class=\"wp-block-list\">\r\n<li><a href=\"https:\/\/www.ato.gov.au\/Business\/GST\/\" target=\"_blank\" rel=\"noreferrer noopener\"><strong>\u00c1ru- \u00e9s szolg\u00e1ltat\u00e1si ad\u00f3 (GST)<\/strong><\/a>: Minden j\u00e1rm\u0171re 5% GST vonatkozik Kanad\u00e1ba val\u00f3 bel\u00e9p\u00e9skor.<\/li>\r\n<\/ul>\r\n\r\n\r\n\r\n<ul class=\"wp-block-list\">\r\n<li><a href=\"https:\/\/www.retailcouncil.org\/resources\/quick-facts\/sales-tax-rates-by-province\/\" target=\"_blank\" rel=\"noreferrer noopener\"><strong>Tartom\u00e1nyi forgalmi ad\u00f3 (PST)<\/strong><\/a>: Ez az ad\u00f3 tartom\u00e1nyonk\u00e9nt v\u00e1ltozik, \u00e9s a j\u00e1rm\u0171 nyilv\u00e1ntart\u00e1sba v\u00e9telekor kell fizetni.<\/li>\r\n<\/ul>\r\n\r\n\r\n\r\n<ul class=\"wp-block-list\">\r\n<li><a href=\"https:\/\/www.canada.ca\/en\/revenue-agency\/services\/tax\/businesses\/small-businesses-self-employed-income\/excise-taxes-excise-duties-softwood-lumber-products-export-charge-air-travellers-security-charge\/excise-taxes.html\" target=\"_blank\" rel=\"noreferrer noopener\"><strong>J\u00f6ved\u00e9ki ad\u00f3<\/strong><\/a>: Bizonyos t\u00edpus\u00fa j\u00e1rm\u0171vekre alkalmazhat\u00f3, p\u00e9ld\u00e1ul l\u00e9gkondicion\u00e1l\u00f3val felszerelt vagy \u00fczemanyag-takar\u00e9kos j\u00e1rm\u0171vekre.<\/li>\r\n<\/ul>\r\n\r\n\r\n\r\n<h3 class=\"wp-block-heading\"><span class=\"ez-toc-section\" id=\"Preparation_and_Necessary_Documentation\"><\/span>El\u0151k\u00e9sz\u00edt\u00e9s \u00e9s sz\u00fcks\u00e9ges dokument\u00e1ci\u00f3:<span class=\"ez-toc-section-end\"><\/span><\/h3>\r\n\r\n\r\n\r\n<ul class=\"wp-block-list\">\r\n<li><strong>El\u0151k\u00e9sz\u00edt\u00e9s<\/strong>: A j\u00e1rm\u0171vet alaposan meg kell tiszt\u00edtani, k\u00fcl\u00f6n\u00f6sen a fut\u00f3m\u0171vet, hogy elt\u00e1vol\u00edtson minden szennyez\u0151d\u00e9st vagy t\u00f6rmel\u00e9ket. Ez egy olyan k\u00f6vetelm\u00e9ny, amely megakad\u00e1lyozza az invaz\u00edv fajok Kanad\u00e1ba t\u00f6rt\u00e9n\u0151 behurcol\u00e1s\u00e1t.<\/li>\r\n<\/ul>\r\n\r\n\r\n\r\n<ul class=\"wp-block-list\">\r\n<li><strong>Dokument\u00e1ci\u00f3<\/strong>:<br>\r\n<ul class=\"wp-block-list\">\r\n<li><strong>Tulajdonosi igazol\u00e1s<\/strong>: A j\u00e1rm\u0171 eredeti forgalmi enged\u00e9lye \u00e9s tulajdonjoga.<\/li>\r\n\r\n\r\n\r\n<li><strong>Elad\u00e1si sz\u00e1mla<\/strong>: A j\u00e1rm\u0171 megv\u00e1s\u00e1rl\u00e1s\u00e1nak \u00e9s tulajdonjog\u00e1nak igazol\u00e1sa.<\/li>\r\n\r\n\r\n\r\n<li><strong>Export v\u00e1mkezel\u00e9s<\/strong>: A katari v\u00e1mhat\u00f3s\u00e1gt\u00f3l, amely igazolja, hogy a j\u00e1rm\u0171vet jogszer\u0171en lehet kivinni.<\/li>\r\n\r\n\r\n\r\n<li><strong>Visszah\u00edv\u00e1si bizony\u00edtv\u00e1ny<\/strong>: A j\u00e1rm\u0171 gy\u00e1rt\u00f3ja \u00e1ll\u00edtotta ki, \u00e9s meger\u0151s\u00edti, hogy nincs folyamatban l\u00e9v\u0151 visszah\u00edv\u00e1s.<\/li>\r\n\r\n\r\n\r\n<li><strong>Fuvarlev\u00e9l<\/strong>: Kiadta a <a href=\"https:\/\/moverdb.com\/hu\/shipping-companies\/\" data-internallinksmanager029f6b8e52c=\"4\" title=\"Top 10 nemzetk\u00f6zi kont\u00e9nersz\u00e1ll\u00edt\u00f3 c\u00e9gek\">haj\u00f3z\u00e1si v\u00e1llalat<\/a>, a j\u00e1rm\u0171sz\u00e1ll\u00edt\u00e1st r\u00e9szletezve.<\/li>\r\n\r\n\r\n\r\n<li><strong>Biztos\u00edt\u00e1s<\/strong>: Gondoskodjon arr\u00f3l, hogy a j\u00e1rm\u0171 biztos\u00edtva legyen a Kanad\u00e1ba val\u00f3 utaz\u00e1shoz.<\/li>\r\n<\/ul>\r\n<\/li>\r\n<\/ul>\r\n\r\n\r\n\r\n<ul class=\"wp-block-list\">\r\n<li><strong>\u00c9rkez\u00e9s ut\u00e1ni ellen\u0151rz\u00e9s \u00e9s nyilv\u00e1ntart\u00e1sba v\u00e9tel<\/strong>: Amint a j\u00e1rm\u0171 meg\u00e9rkezik Kanad\u00e1ba, sz\u00f6vets\u00e9gi ellen\u0151rz\u00e9sen kell \u00e1tesnie, hogy megfeleljen a biztons\u00e1gi \u00e9s k\u00e1rosanyag-kibocs\u00e1t\u00e1si el\u0151\u00edr\u00e1soknak. A sikeres ellen\u0151rz\u00e9s ut\u00e1n a j\u00e1rm\u0171vet Kanad\u00e1ban be lehet jegyeztetni.<\/li>\r\n<\/ul>\r\n\r\n\r\n\r\n<p>Ne feledje, hogy az el\u0151\u00edr\u00e1sok v\u00e1ltozhatnak, ez\u00e9rt tan\u00e1csos konzult\u00e1lni a <a href=\"https:\/\/www.cbsa-asfc.gc.ca\/menu-eng.html\" target=\"_blank\" rel=\"noreferrer noopener\">Kanadai Hat\u00e1rszolg\u00e1lati \u00dcgyn\u00f6ks\u00e9g<\/a> vagy egy hivat\u00e1sos v\u00e1m\u00fcgyn\u00f6k a legfrissebb inform\u00e1ci\u00f3k\u00e9rt. A megfelel\u0151 el\u0151k\u00e9sz\u00edt\u00e9s \u00e9s a teljes dokument\u00e1ci\u00f3 probl\u00e9mamentes \u00e9lm\u00e9nyt ny\u00fajt \u00d6nnek, amikor aut\u00f3t sz\u00e1ll\u00edt Katarb\u00f3l Kanad\u00e1ba.<\/p>\r\n\r\n\r\n\r\n<figure class=\"wp-block-table is-style-stripes\"><table><tbody><tr><td><\/td><td>Sz\u00e1ll\u00edt\u00e1s a k\u00f6vetkez\u0151 c\u00edmre <strong>Vancouver<\/strong><\/td><td>Sz\u00e1ll\u00edt\u00e1s a k\u00f6vetkez\u0151 c\u00edmre <strong>Montreal<\/strong><\/td><td>Sz\u00e1ll\u00edt\u00e1s a k\u00f6vetkez\u0151 c\u00edmre <strong>Halifax<\/strong><\/td><td>Sz\u00e1ll\u00edt\u00e1s a k\u00f6vetkez\u0151 c\u00edmre <strong>Toronto<\/strong><\/td><\/tr><tr><td>Sz\u00e1ll\u00edt\u00e1s a <strong>Doha<\/strong><\/td><td>CAD 4,897<br>13,118 QAR<\/td><td>CAD 4,692<br>12,569 QAR<\/td><td>CAD 3,211<br>8,601 QAR<\/td><td>CAD 5,710<br>15,294 QAR<\/td><\/tr><tr><td>Sz\u00e1ll\u00edt\u00e1s a <strong>Ar-Rayyan<\/strong><\/td><td>CAD 5,710<br>15,294 QAR<\/td><td>CAD 5,710<br>15,294 QAR<\/td><td>CAD 5,710<br>15,294 QAR<\/td><td>CAD 5,710<br>15,294 QAR<\/td><\/tr><\/tbody><\/table><\/figure>\r\n\r\n\r\n\r\n<p><em>Az \u00e1rak \u00e1tlagosak, \u00e9s egy 2020-as Jeep Renegade 2023 november\u00e9ben t\u00f6rt\u00e9n\u0151 sz\u00e1ll\u00edt\u00e1s\u00e1t jelzik kik\u00f6t\u0151b\u0151l kik\u00f6t\u0151be.<\/em><\/p>\r\n\r\n\r\n\r\n<h2 class=\"wp-block-heading\"><span class=\"ez-toc-section\" id=\"Shipping_Times_for_Sea_Freight_to_Canada_from_Qatar\"><\/span>Sz\u00e1ll\u00edt\u00e1si id\u0151k tengeri sz\u00e1ll\u00edtm\u00e1nyok Kanad\u00e1ba Katarb\u00f3l Katarba<span class=\"ez-toc-section-end\"><\/span><\/h2>\r\n\r\n\r\n\r\n<figure class=\"wp-block-table is-style-stripes\"><table><tbody><tr><td><\/td><td>Sz\u00e1ll\u00edt\u00e1s a k\u00f6vetkez\u0151 c\u00edmre <strong>Vancouver<\/strong><\/td><td>Sz\u00e1ll\u00edt\u00e1s a k\u00f6vetkez\u0151 c\u00edmre <strong>Montreal<\/strong><\/td><td>Sz\u00e1ll\u00edt\u00e1s a k\u00f6vetkez\u0151 c\u00edmre <strong>Halifax<\/strong><\/td><td>Sz\u00e1ll\u00edt\u00e1s a k\u00f6vetkez\u0151 c\u00edmre <strong>Toronto<\/strong><\/td><\/tr><tr><td>Sz\u00e1ll\u00edt\u00e1s a <strong>Doha<\/strong><\/td><td>20-25 nap<\/td><td>18 - 23 nap<\/td><td>17 - 22 nap<\/td><td>18 - 24 nap<\/td><\/tr><tr><td>Sz\u00e1ll\u00edt\u00e1s a <strong>Ar-Rayyan<\/strong><\/td><td>18 - 24 nap<\/td><td>18 - 24 nap<\/td><td>18 - 24 nap<\/td><td>18 - 24 nap<\/td><\/tr><\/tbody><\/table><\/figure>\r\n\r\n\r\n\r\n<h2 class=\"wp-block-heading\"><span class=\"ez-toc-section\" id=\"Government_Regulations_and_the_Customs_Process\"><\/span>Korm\u00e1nyzati rendeletek \u00e9s a v\u00e1melj\u00e1r\u00e1s<span class=\"ez-toc-section-end\"><\/span><\/h2>\r\n\r\n\r\n\r\n<p>Ha figyelmen k\u00edv\u00fcl hagyja mindazt, amit a kanadai \u00e9s a katari korm\u00e1nyok el\u0151\u00edrnak az orsz\u00e1gukat \u00e9rint\u0151 sz\u00e1ll\u00edtm\u00e1nyoz\u00e1si \u00e1gazatra vonatkoz\u00f3an, az \u00e1ru elkobz\u00e1s\u00e1hoz vagy az eredeti felad\u00f3nak val\u00f3 visszak\u00fcld\u00e9s\u00e9hez vezethet.<\/p>\r\n\r\n\r\n\r\n<p>M\u00e1sr\u00e9szt a z\u00f6kken\u0151mentes sz\u00e1ll\u00edt\u00e1shoz kulcsfontoss\u00e1g\u00fa az \u00f6sszes sz\u00fcks\u00e9ges dokument\u00e1ci\u00f3 betart\u00e1sa \u00e9s a k\u00e9t orsz\u00e1g szab\u00e1lyainak meg\u00e9rt\u00e9se.<\/p>\r\n\r\n\r\n\r\n<h3 class=\"wp-block-heading\"><span class=\"ez-toc-section\" id=\"Necessary_Documentation_for_Container_Shipping\"><\/span>A kont\u00e9neres sz\u00e1ll\u00edt\u00e1shoz sz\u00fcks\u00e9ges dokument\u00e1ci\u00f3<span class=\"ez-toc-section-end\"><\/span><\/h3>\r\n\r\n\r\n\r\n<ul class=\"wp-block-list\">\r\n<li><strong>Fuvarlev\u00e9l (B\/L)<\/strong>: A fuvaroz\u00f3 \u00e1ltal a felad\u00f3nak ki\u00e1ll\u00edtott jogi dokumentum, amely r\u00e9szletezi a sz\u00e1ll\u00edtott \u00e1ru t\u00edpus\u00e1t, mennyis\u00e9g\u00e9t \u00e9s rendeltet\u00e9si hely\u00e9t.<\/li>\r\n<\/ul>\r\n\r\n\r\n\r\n<ul class=\"wp-block-list\">\r\n<li><strong>Kereskedelmi sz\u00e1mla<\/strong>: Inform\u00e1ci\u00f3t ny\u00fajt a rakom\u00e1nyr\u00f3l, annak \u00e9rt\u00e9k\u00e9r\u0151l \u00e9s a tranzakci\u00f3ban r\u00e9szt vev\u0151 felekr\u0151l.<\/li>\r\n<\/ul>\r\n\r\n\r\n\r\n<ul class=\"wp-block-list\">\r\n<li><strong>Csomagol\u00e1si lista<\/strong>: Az egyes csomagok vagy kont\u00e9nerek tartalm\u00e1nak r\u00e9szletez\u00e9se, bele\u00e9rtve a s\u00falyt \u00e9s a m\u00e9reteket.<\/li>\r\n<\/ul>\r\n\r\n\r\n\r\n<ul class=\"wp-block-list\">\r\n<li><strong>Sz\u00e1rmaz\u00e1si bizony\u00edtv\u00e1ny<\/strong>: Az \u00e1ru sz\u00e1rmaz\u00e1s\u00e1t igazol\u00f3 okm\u00e1ny, amely a v\u00e1mtarif\u00e1k meghat\u00e1roz\u00e1s\u00e1hoz elengedhetetlen.<\/li>\r\n<\/ul>\r\n\r\n\r\n\r\n<ul class=\"wp-block-list\">\r\n<li><strong>Kiviteli enged\u00e9ly<\/strong>: Bizonyos \u00e1ruk eset\u00e9ben k\u00f6telez\u0151, k\u00fcl\u00f6n\u00f6sen az ellen\u0151rz\u00f6tt vagy szab\u00e1lyozott \u00e1ruk eset\u00e9ben.<\/li>\r\n<\/ul>\r\n\r\n\r\n\r\n<ul class=\"wp-block-list\">\r\n<li><strong>Biztos\u00edt\u00e1si igazol\u00e1s<\/strong>: A sz\u00e1ll\u00edtott \u00e1ruk biztos\u00edt\u00e1si fedezet\u00e9nek igazol\u00e1sa.<\/li>\r\n<\/ul>\r\n\r\n\r\n\r\n<ul class=\"wp-block-list\">\r\n<li><strong>Akkredit\u00edv vagy egy\u00e9b fizet\u00e9si felt\u00e9telek<\/strong>: Gyakran sz\u00fcks\u00e9ges a nemzetk\u00f6zi kereskedelemben a fizet\u00e9s garant\u00e1l\u00e1s\u00e1ra.<\/li>\r\n<\/ul>\r\n\r\n\r\n\r\n<ul class=\"wp-block-list\">\r\n<li><strong>Import\/export nyilatkozat<\/strong>: A megfelel\u0151 v\u00e1mhat\u00f3s\u00e1gokn\u00e1l beny\u00fajtott, az \u00e1ruk behozatalra vagy kivitelre t\u00f6rt\u00e9n\u0151 bejelent\u00e9se.<\/li>\r\n<\/ul>\r\n\r\n\r\n\r\n<h3 class=\"wp-block-heading\"><span class=\"ez-toc-section\" id=\"Canadas_Customs_Regulations\"><\/span>Kanada v\u00e1mszab\u00e1lyai<span class=\"ez-toc-section-end\"><\/span><\/h3>\r\n\r\n\r\n\r\n<ul class=\"wp-block-list\">\r\n<li><a href=\"https:\/\/www.cbsa-asfc.gc.ca\/menu-eng.html\" target=\"_blank\" rel=\"noreferrer noopener\"><strong>Kanadai Hat\u00e1rszolg\u00e1lat (CBSA)<\/strong><\/a>: A kanadai v\u00e1mszolg\u00e1ltat\u00e1sok\u00e9rt felel\u0151s els\u0151dleges int\u00e9zm\u00e9ny. Ellen\u0151rzi az \u00e1ruk behozatal\u00e1t \u00e9s biztos\u00edtja a kanadai t\u00f6rv\u00e9nyek betart\u00e1s\u00e1t.<\/li>\r\n<\/ul>\r\n\r\n\r\n\r\n<ul class=\"wp-block-list\">\r\n<li><a href=\"https:\/\/inspection.canada.ca\/importing-food-plants-or-animals\/plant-and-plant-product-imports\/airs\/eng\/1300127512994\/1300127627409\" target=\"_blank\" rel=\"noreferrer noopener\"><strong>Automatiz\u00e1lt behozatali referenciarendszer (AIRS)<\/strong><\/a>: A CBSA eszk\u00f6ze, amely az importk\u00f6vetelm\u00e9nyekr\u0151l ny\u00fajt t\u00e1j\u00e9koztat\u00e1st.<\/li>\r\n<\/ul>\r\n\r\n\r\n\r\n<ul class=\"wp-block-list\">\r\n<li><a href=\"https:\/\/www.cbsa-asfc.gc.ca\/travel-voyage\/dte-acl\/est-cal-eng.html\" target=\"_blank\" rel=\"noreferrer noopener\"><strong>V\u00e1mok \u00e9s ad\u00f3k<\/strong><\/a>: Az import\u00e1lt \u00e1ruk \u00e9rt\u00e9ke \u00e9s jellege alapj\u00e1n hat\u00e1rozz\u00e1k meg. A v\u00e1mok elt\u00e9r\u0151ek lehetnek, \u00e9s egyes \u00e1ruk mentesek lehetnek.<\/li>\r\n<\/ul>\r\n\r\n\r\n\r\n<ul class=\"wp-block-list\">\r\n<li><a href=\"https:\/\/www.bdc.ca\/en\/articles-tools\/entrepreneur-toolkit\/templates-business-guides\/glossary\/goods-services-tax-gst-harmonized-sales-tax-hst\" target=\"_blank\" rel=\"noreferrer noopener\"><strong>\u00c1ru- \u00e9s szolg\u00e1ltat\u00e1si ad\u00f3 (GST)<\/strong><\/a>: A legt\u00f6bb Kanad\u00e1ba import\u00e1lt \u00e1rut a GST terheli.<\/li>\r\n<\/ul>\r\n\r\n\r\n\r\n<ul class=\"wp-block-list\">\r\n<li><a href=\"https:\/\/inspection.canada.ca\/eng\/1297964599443\/1297965645317\" target=\"_blank\" rel=\"noreferrer noopener\"><strong>Kanadai \u00c9lelmiszer-ellen\u0151rz\u00e9si Hivatal (CFIA)<\/strong><\/a>: Szab\u00e1lyozza az \u00e9lelmiszerek, n\u00f6v\u00e9nyek \u00e9s \u00e1llatok behozatal\u00e1t, biztos\u00edtva, hogy azok megfeleljenek az eg\u00e9szs\u00e9g\u00fcgyi \u00e9s biztons\u00e1gi el\u0151\u00edr\u00e1soknak.<\/li>\r\n<\/ul>\r\n\r\n\r\n\r\n<ul class=\"wp-block-list\">\r\n<li><strong>K\u00fcl\u00f6nleges enged\u00e9lyek<\/strong>: Bizonyos t\u00e9telek, p\u00e9ld\u00e1ul vesz\u00e9lyes anyagok vagy v\u00e9dett fajok eset\u00e9ben k\u00f6telez\u0151.<\/li>\r\n<\/ul>\r\n\r\n\r\n\r\n<ul class=\"wp-block-list\">\r\n<li><strong>Megfelel\u0151s\u00e9gi ellen\u0151rz\u00e9sek<\/strong>: A v\u00e1mszab\u00e1lyoknak val\u00f3 megfelel\u00e9s biztos\u00edt\u00e1sa \u00e9rdek\u00e9ben a v\u00e1llalkoz\u00e1sokat ellen\u0151rz\u00e9seknek vethetik al\u00e1.<\/li>\r\n<\/ul>\r\n\r\n\r\n\r\n<h3 class=\"wp-block-heading\"><span class=\"ez-toc-section\" id=\"Qatars_Export_Regulations\"><\/span>Katar kiviteli szab\u00e1lyoz\u00e1sa:<span class=\"ez-toc-section-end\"><\/span><\/h3>\r\n\r\n\r\n\r\n<ul class=\"wp-block-list\">\r\n<li><a href=\"http:\/\/www.customs.gov.qa\/English\/pages\/default.aspx\" target=\"_blank\" rel=\"noreferrer noopener\"><strong>\u00c1ltal\u00e1nos V\u00e1mhat\u00f3s\u00e1g (GAC)<\/strong><\/a>: A katari v\u00e1melj\u00e1r\u00e1sokat fel\u00fcgyel\u0151 els\u0151dleges szerv. Felel\u0151s az export szab\u00e1lyoz\u00e1s\u00e1\u00e9rt \u00e9s a nemzetk\u00f6zi szabv\u00e1nyoknak val\u00f3 megfelel\u00e9s biztos\u00edt\u00e1s\u00e1\u00e9rt.<\/li>\r\n<\/ul>\r\n\r\n\r\n\r\n<ul class=\"wp-block-list\">\r\n<li><strong>Kiviteli nyilatkozat<\/strong>: Minden kivitelhez sz\u00fcks\u00e9ges, a sz\u00e1ll\u00edtott \u00e1ruk r\u00e9szleteit ismertetve.<\/li>\r\n<\/ul>\r\n\r\n\r\n\r\n<ul class=\"wp-block-list\">\r\n<li><strong>Korl\u00e1toz\u00e1sok \u00e9s tilalmak<\/strong>: Bizonyos term\u00e9kek, p\u00e9ld\u00e1ul r\u00e9gis\u00e9gek vagy vesz\u00e9lyeztetett fajok kivitele korl\u00e1tozott vagy tilos.<\/li>\r\n<\/ul>\r\n\r\n\r\n\r\n<ul class=\"wp-block-list\">\r\n<li><a href=\"https:\/\/www.qatarchamber.com\/\" target=\"_blank\" rel=\"noreferrer noopener\"><strong>Katari Kereskedelmi \u00e9s Iparkamara (QCCI)<\/strong><\/a>: R\u00e9szt vehet bizonyos dokumentumok, p\u00e9ld\u00e1ul a sz\u00e1rmaz\u00e1si bizony\u00edtv\u00e1nyok kiad\u00e1s\u00e1ban.<\/li>\r\n<\/ul>\r\n\r\n\r\n\r\n<ul class=\"wp-block-list\">\r\n<li><strong>Ellen\u0151rz\u00e9sek \u00e9s enged\u00e9lyek<\/strong>: Az \u00e1rukat ellen\u0151rz\u00e9snek vethetik al\u00e1 annak biztos\u00edt\u00e1sa \u00e9rdek\u00e9ben, hogy megfeleljenek az exportszabv\u00e1nyoknak \u00e9s -el\u0151\u00edr\u00e1soknak.<\/li>\r\n<\/ul>\r\n\r\n\r\n\r\n<p>Mind Kanada, mind Katar szigor\u00fa szab\u00e1lyoz\u00e1sokkal rendelkezik a hat\u00e1raikra bel\u00e9p\u0151 \u00e9s onnan kil\u00e9p\u0151 \u00e1ruk biztons\u00e1g\u00e1nak, v\u00e9delm\u00e9nek \u00e9s jogszer\u0171s\u00e9g\u00e9nek biztos\u00edt\u00e1sa \u00e9rdek\u00e9ben. Ezen el\u0151\u00edr\u00e1sok ismerete, valamint a megfelel\u0151 dokument\u00e1ci\u00f3 elengedhetetlen a z\u00f6kken\u0151mentes sz\u00e1ll\u00edt\u00e1shoz.<\/p>\r\n\r\n\r\n\r\n<p>A sz\u00e1ll\u00edtm\u00e1nyoz\u00f3knak folyamatosan t\u00e1j\u00e9koz\u00f3dniuk kell a szab\u00e1lyoz\u00e1sokban bek\u00f6vetkez\u0151 v\u00e1ltoz\u00e1sokr\u00f3l, \u00e9s sz\u00fcks\u00e9g eset\u00e9n logisztikai szakemberek vagy v\u00e1m\u00fcgyn\u00f6k\u00f6k seg\u00edts\u00e9g\u00e9t kell k\u00e9rni\u00fck, hogy hat\u00e9konyan eligazodjanak ezekben az \u00f6sszetett folyamatokban.<\/p>\r\n\r\n\r\n\r\n<h2 class=\"wp-block-heading\"><span class=\"ez-toc-section\" id=\"Top_Goods_and_Services_Imported_by_Canada\"><\/span>A Kanada \u00e1ltal import\u00e1lt legfontosabb \u00e1ruk \u00e9s szolg\u00e1ltat\u00e1sok<span class=\"ez-toc-section-end\"><\/span><\/h2>\r\n\r\n\r\n\r\n<p>A soksz\u00edn\u0171 \u00e9s er\u0151s gazdas\u00e1g\u00fa Kanada a lakoss\u00e1g \u00e9s az ipar\u00e1gak ig\u00e9nyeinek kiel\u00e9g\u00edt\u00e9se \u00e9rdek\u00e9ben \u00e1ruk \u00e9s szolg\u00e1ltat\u00e1sok sz\u00e9les k\u00f6r\u00e9t import\u00e1lja.<\/p>\r\n\r\n\r\n\r\n<p>\u00cdme, egy kis betekint\u00e9s a kanadai behozatalok legjav\u00e1ba \u00e9s a Katarb\u00f3l sz\u00e1rmaz\u00f3 term\u00e9kek ir\u00e1nti keresletbe.<\/p>\r\n\r\n\r\n\r\n<h3 class=\"wp-block-heading\"><span class=\"ez-toc-section\" id=\"Top_Goods_Imported_by_Canada\"><\/span>A Kanada \u00e1ltal import\u00e1lt legfontosabb \u00e1ruk<span class=\"ez-toc-section-end\"><\/span><\/h3>\r\n\r\n\r\n\r\n<ul class=\"wp-block-list\">\r\n<li><strong>J\u00e1rm\u0171vek \u00e9s aut\u00f3alkatr\u00e9szek<\/strong>: Kanada jelent\u0151s sz\u00e1m\u00fa j\u00e1rm\u0171vet import\u00e1l, bele\u00e9rtve a szem\u00e9lyg\u00e9pkocsikat, teherg\u00e9pkocsikat \u00e9s aut\u00f3alkatr\u00e9szeket, f\u0151k\u00e9nt az Egyes\u00fclt \u00c1llamokb\u00f3l. <a href=\"https:\/\/moverdb.com\/hu\/moving-to-the-united-states\/\" data-internallinksmanager029f6b8e52c=\"94\" title=\"Az Egyes\u00fclt \u00c1llamokba k\u00f6lt\u00f6zik? 2022 Meg\u00e9lhet\u00e9si k\u00f6lts\u00e9gek \u00e9s k\u00f6lt\u00f6z\u00e9si tippek\">Egyes\u00fclt \u00c1llamok<\/a>, <a href=\"https:\/\/moverdb.com\/hu\/moving-to-japan\/\" data-internallinksmanager029f6b8e52c=\"342\" title=\"Jap\u00e1nba k\u00f6lt\u00f6zik? 2023 Lakhat\u00e1si k\u00f6lts\u00e9gek \u00e9s k\u00f6lt\u00f6z\u00e9si tippek\">Jap\u00e1n<\/a>, \u00e9s <a href=\"https:\/\/moverdb.com\/hu\/moving-to-germany\/\" data-internallinksmanager029f6b8e52c=\"321\" title=\"N\u00e9metorsz\u00e1gba k\u00f6lt\u00f6zik? 2023 Meg\u00e9lhet\u00e9si k\u00f6lts\u00e9gek \u00e9s k\u00f6lt\u00f6z\u00e9si tippek\">N\u00e9metorsz\u00e1g<\/a>.<\/li>\r\n<\/ul>\r\n\r\n\r\n\r\n<ul class=\"wp-block-list\">\r\n<li><strong>G\u00e9pek<\/strong>: Ide tartoznak az ipari g\u00e9pek, sz\u00e1m\u00edt\u00f3g\u00e9pek \u00e9s t\u00e1vk\u00f6zl\u00e9si berendez\u00e9sek, amelyek n\u00e9lk\u00fcl\u00f6zhetetlenek Kanada technol\u00f3giai \u00e9s feldolgoz\u00f3ipari \u00e1gazatai sz\u00e1m\u00e1ra.<\/li>\r\n<\/ul>\r\n\r\n\r\n\r\n<ul class=\"wp-block-list\">\r\n<li><strong>Elektromos g\u00e9pek \u00e9s berendez\u00e9sek<\/strong>: Az olyan term\u00e9kek, mint a mobiltelefonok, integr\u00e1lt \u00e1ramk\u00f6r\u00f6k \u00e9s elektromos transzform\u00e1torok a legfontosabb importterm\u00e9kek k\u00f6z\u00e9 tartoznak.<\/li>\r\n<\/ul>\r\n\r\n\r\n\r\n<ul class=\"wp-block-list\">\r\n<li><strong>\u00c1sv\u00e1nyi t\u00fczel\u0151anyagok \u00e9s olajok<\/strong>: Kanada, annak ellen\u00e9re, hogy energiaexport\u0151r, k\u0151olaj- \u00e9s f\u00f6ldg\u00e1zterm\u00e9keket is import\u00e1l, els\u0151sorban finom\u00edt\u00e1si \u00e9s eloszt\u00e1si c\u00e9lokra.<\/li>\r\n<\/ul>\r\n\r\n\r\n\r\n<ul class=\"wp-block-list\">\r\n<li><strong>Gy\u00f3gyszer<\/strong>: A kanadai eg\u00e9szs\u00e9g\u00fcgyi rendszer t\u00e1mogat\u00e1s\u00e1ra sz\u00e1mos gy\u00f3gyszeripari term\u00e9ket import\u00e1lnak.<\/li>\r\n<\/ul>\r\n\r\n\r\n\r\n<ul class=\"wp-block-list\">\r\n<li><strong>M\u0171anyagok \u00e9s m\u0171anyag cikkek<\/strong>: K\u00fcl\u00f6nb\u00f6z\u0151 ipar\u00e1gakban haszn\u00e1lj\u00e1k, a feldolgoz\u00f3ipart\u00f3l a csomagol\u00e1sig \u00e9s a fogyaszt\u00e1si cikkekig.<\/li>\r\n<\/ul>\r\n\r\n\r\n\r\n<ul class=\"wp-block-list\">\r\n<li><strong>Dr\u00e1gak\u00f6vek \u00e9s nemesf\u00e9mek<\/strong>: Kanada dr\u00e1gak\u00f6veket, f\u00e9meket \u00e9s \u00e9kszereket import\u00e1l, f\u0151k\u00e9nt a kiskereskedelmi szektor sz\u00e1m\u00e1ra.<\/li>\r\n<\/ul>\r\n\r\n\r\n\r\n<ul class=\"wp-block-list\">\r\n<li><strong>Szerves vegyi anyagok<\/strong>: Elengedhetetlen Kanada jelent\u0151s vegyipara sz\u00e1m\u00e1ra, amelyet a gy\u00f3gyszerekt\u0151l a m\u0171anyagokig sz\u00e1mos term\u00e9kben haszn\u00e1lnak.<\/li>\r\n<\/ul>\r\n\r\n\r\n\r\n<ul class=\"wp-block-list\">\r\n<li><strong>Optikai, orvosi \u00e9s prec\u00edzi\u00f3s m\u0171szerek<\/strong>: Ezek k\u00f6z\u00e9 tartoznak az orvosi eszk\u00f6z\u00f6k, a tudom\u00e1nyos m\u0171szerek \u00e9s a f\u00e9nyk\u00e9p\u00e9szeti berendez\u00e9sek.<\/li>\r\n<\/ul>\r\n\r\n\r\n\r\n<ul class=\"wp-block-list\">\r\n<li><strong>B\u00fatorok, \u00e1gynem\u0171k \u00e9s vil\u00e1g\u00edt\u00e1s<\/strong>: A kanadai lakoss\u00e1gi \u00e9s kereskedelmi piac ig\u00e9nyeit kiel\u00e9g\u00edt\u0151 fogyaszt\u00e1si cikkek.<\/li>\r\n<\/ul>\r\n\r\n\r\n\r\n<h3 class=\"wp-block-heading\"><span class=\"ez-toc-section\" id=\"The_Demand_for_Products_from_Qatar\"><\/span>A Katarb\u00f3l sz\u00e1rmaz\u00f3 term\u00e9kek ir\u00e1nti kereslet:<span class=\"ez-toc-section-end\"><\/span><\/h3>\r\n\r\n\r\n\r\n<ul class=\"wp-block-list\">\r\n<li><strong>cseppfoly\u00f3s\u00edtott f\u00f6ldg\u00e1z (LNG)<\/strong>: Katar, mint a vil\u00e1g egyik legnagyobb LNG-export\u0151re, piacot tal\u00e1l Kanad\u00e1ban, k\u00fcl\u00f6n\u00f6sen az energiaforr\u00e1sok \u00e9s az ell\u00e1t\u00e1s diverzifik\u00e1l\u00e1sa \u00e9rdek\u00e9ben.<\/li>\r\n<\/ul>\r\n\r\n\r\n\r\n<ul class=\"wp-block-list\">\r\n<li><strong>Petrolk\u00e9miai term\u00e9kek<\/strong>: Katar fejlett petrolk\u00e9miai ipara kiel\u00e9g\u00edtheti a kanadai feldolgoz\u00f3 \u00e9s ipari \u00e1gazatok ig\u00e9nyeit.<\/li>\r\n<\/ul>\r\n\r\n\r\n\r\n<ul class=\"wp-block-list\">\r\n<li><strong>Alum\u00ednium- \u00e9s ac\u00e9lterm\u00e9kek<\/strong>: Kanada import\u00e1lja ezeket az \u00e9p\u00edt\u0151ipar \u00e9s a gy\u00e1rt\u00e1s sz\u00e1m\u00e1ra, \u00e9s Katar termel\u00e9se ezen a ter\u00fcleten kiel\u00e9g\u00edtheti a kereslet egy r\u00e9sz\u00e9t.<\/li>\r\n<\/ul>\r\n\r\n\r\n\r\n<ul class=\"wp-block-list\">\r\n<li><strong>M\u0171anyagok<\/strong>: A nyers m\u0171anyagok \u00e9s m\u0171anyagterm\u00e9kek ir\u00e1nt kereslet mutatkozik Kanada feldolgoz\u00f3- \u00e9s fogyaszt\u00f3i piacain.<\/li>\r\n<\/ul>\r\n\r\n\r\n\r\n<ul class=\"wp-block-list\">\r\n<li><strong>\u00c9p\u00edt\u0151anyagok<\/strong>: A fellend\u00fcl\u0151 \u00e9p\u00edt\u0151ipar\u00e1val Kanada piacot jelenthet Katar cement-, k\u0151- \u00e9s kapcsol\u00f3d\u00f3 \u00e9p\u00edt\u0151anyag-exportja sz\u00e1m\u00e1ra.<\/li>\r\n<\/ul>\r\n\r\n\r\n\r\n<p>A Kanada \u00e9s Katar k\u00f6z\u00f6tti kereskedelmi kapcsolat Katar exporter\u0151ss\u00e9geinek \u00e9s Kanada importig\u00e9nyeinek szinergi\u00e1j\u00e1ban \u00e9rhet\u0151 tetten. M\u00edg az energiaterm\u00e9kek, k\u00fcl\u00f6n\u00f6sen az LNG, jelent\u0151s r\u00e9sz\u00e9t k\u00e9pezik ennek a kapcsolatnak, m\u00e1s ter\u00fcleteken, p\u00e9ld\u00e1ul a petrolk\u00e9mia, a f\u00e9mek \u00e9s az \u00e9p\u00edt\u0151anyagok ter\u00e9n is van potenci\u00e1l. Ezek a dinamik\u00e1k alapvet\u0151 fontoss\u00e1g\u00faak azon keresked\u0151k sz\u00e1m\u00e1ra, akik a kanadai piacon val\u00f3 jelenl\u00e9t\u00fcket szeretn\u00e9k felt\u00e1rni vagy b\u0151v\u00edteni.<\/p>\r\n\r\n\r\n\r\n<h2 class=\"wp-block-heading\"><span class=\"ez-toc-section\" id=\"Restricted_Items_for_Shipping_to_Canada\"><\/span>Korl\u00e1tozott t\u00e9telek Kanad\u00e1ba t\u00f6rt\u00e9n\u0151 sz\u00e1ll\u00edt\u00e1shoz<span class=\"ez-toc-section-end\"><\/span><\/h2>\r\n\r\n\r\n\r\n<p>A Kanad\u00e1ba t\u00f6rt\u00e9n\u0151 sz\u00e1ll\u00edt\u00e1s megk\u00f6veteli a tiltott \u00e9s korl\u00e1tozott \u00e1rucikkekre vonatkoz\u00f3 szigor\u00fa el\u0151\u00edr\u00e1sok betart\u00e1s\u00e1t. Ha tiszt\u00e1ban van ezekkel a korl\u00e1toz\u00e1sokkal, elker\u00fclheti a sz\u00fcks\u00e9gtelen bonyodalmakat a v\u00e1melj\u00e1r\u00e1s sor\u00e1n.<\/p>\r\n\r\n\r\n\r\n<p>Bizonyos term\u00e9kek leg\u00e1lis behozatal\u00e1hoz k\u00fcl\u00f6nleges enged\u00e9lyek vagy tan\u00fas\u00edtv\u00e1nyok sz\u00fcks\u00e9gesek. N\u00e9zz\u00fck meg.<\/p>\r\n\r\n\r\n\r\n<h3 class=\"wp-block-heading\"><span class=\"ez-toc-section\" id=\"Prohibited_and_Restricted_Items_in_Canada\"><\/span>Tiltott \u00e9s korl\u00e1tozott term\u00e9kek Kanad\u00e1ban<span class=\"ez-toc-section-end\"><\/span><\/h3>\r\n\r\n\r\n\r\n<h4 class=\"wp-block-heading\"><span class=\"ez-toc-section\" id=\"Prohibited_Items\"><\/span>Tiltott t\u00e1rgyak<span class=\"ez-toc-section-end\"><\/span><\/h4>\r\n\r\n\r\n\r\n<ul class=\"wp-block-list\">\r\n<li><strong>Illeg\u00e1lis k\u00e1b\u00edt\u00f3szerek<\/strong>: Olyan anyagok, mint a heroin, kokain \u00e9s m\u00e1s ellen\u0151rz\u00f6tt k\u00e1b\u00edt\u00f3szerek.<\/li>\r\n<\/ul>\r\n\r\n\r\n\r\n<ul class=\"wp-block-list\">\r\n<li><strong>Hamis\u00edtott \u00e1ruk<\/strong>: A szellemi tulajdonjogokat s\u00e9rt\u0151 term\u00e9kek, p\u00e9ld\u00e1ul hamis\u00edtott m\u00e1rk\u00e1s term\u00e9kek.<\/li>\r\n<\/ul>\r\n\r\n\r\n\r\n<ul class=\"wp-block-list\">\r\n<li><strong>Obszc\u00e9n anyag<\/strong>: Bele\u00e9rtve a pornogr\u00e1fi\u00e1t \u00e9s a kanadai t\u00f6rv\u00e9nyek szerint s\u00e9rt\u0151nek min\u0151s\u00fcl\u0151 anyagokat.<\/li>\r\n<\/ul>\r\n\r\n\r\n\r\n<ul class=\"wp-block-list\">\r\n<li><strong>Gy\u0171l\u00f6letpropaganda<\/strong>: Minden olyan anyag, amely gy\u0171l\u00f6letet vagy er\u0151szakot sz\u00edt bizonyos csoportok ellen.<\/li>\r\n<\/ul>\r\n\r\n\r\n\r\n<ul class=\"wp-block-list\">\r\n<li><strong>Bizonyos fegyverek \u00e9s l\u0151fegyverek<\/strong>: Automatikus fegyverek \u00e9s bizonyos t\u00edpus\u00fa l\u0151fegyverek tilosak.<\/li>\r\n<\/ul>\r\n\r\n\r\n\r\n<ul class=\"wp-block-list\">\r\n<li><strong>Vesz\u00e9lyeztetett fajok<\/strong>: Vesz\u00e9lyeztetett \u00e1llatokb\u00f3l vagy n\u00f6v\u00e9nyekb\u0151l k\u00e9sz\u00fclt term\u00e9kek, a k\u00f6vetkez\u0151k szerint <a href=\"https:\/\/cites.org\/eng\" target=\"_blank\" rel=\"noreferrer noopener\">CITES (Egyezm\u00e9ny a vesz\u00e9lyeztetett vadon \u00e9l\u0151 \u00e1llat- \u00e9s n\u00f6v\u00e9nyfajok nemzetk\u00f6zi kereskedelm\u00e9r\u0151l)<\/a>.<\/li>\r\n<\/ul>\r\n\r\n\r\n\r\n<h4 class=\"wp-block-heading\"><span class=\"ez-toc-section\" id=\"Restricted_Items\"><\/span>Korl\u00e1tozott t\u00e9telek<span class=\"ez-toc-section-end\"><\/span><\/h4>\r\n\r\n\r\n\r\n<ul class=\"wp-block-list\">\r\n<li><strong>Alkohol \u00e9s doh\u00e1ny<\/strong>: K\u00fcl\u00f6nleges enged\u00e9lyek vagy jogos\u00edtv\u00e1nyok sz\u00fcks\u00e9gesek, \u00e9s ad\u00f3k \u00e9s v\u00e1mok vonatkoznak r\u00e1juk.<\/li>\r\n<\/ul>\r\n\r\n\r\n\r\n<ul class=\"wp-block-list\">\r\n<li><strong>\u00c9lelmiszerek<\/strong>: Meg kell felelnie az eg\u00e9szs\u00e9g\u00fcgyi \u00e9s biztons\u00e1gi el\u0151\u00edr\u00e1soknak. <a href=\"https:\/\/inspection.canada.ca\/eng\/1297964599443\/1297965645317\" target=\"_blank\" rel=\"noreferrer noopener\">Kanadai \u00c9lelmiszer-fel\u00fcgyeleti \u00dcgyn\u00f6ks\u00e9g<\/a>.<\/li>\r\n<\/ul>\r\n\r\n\r\n\r\n<ul class=\"wp-block-list\">\r\n<li><strong>N\u00f6v\u00e9nyek \u00e9s vet\u0151magok<\/strong>: Ellen\u0151rz\u00e9st \u00e9s tan\u00fas\u00edt\u00e1st ig\u00e9nyelnek, hogy biztos\u00edts\u00e1k, hogy k\u00e1rtev\u0151kt\u0151l \u00e9s betegs\u00e9gekt\u0151l mentesek.<\/li>\r\n<\/ul>\r\n\r\n\r\n\r\n<ul class=\"wp-block-list\">\r\n<li><strong>Gy\u00f3gyszerek<\/strong>: A v\u00e9nyk\u00f6teles gy\u00f3gyszerek csak megfelel\u0151 dokument\u00e1ci\u00f3val \u00e9s korl\u00e1tozott mennyis\u00e9gben hozhat\u00f3k be.<\/li>\r\n<\/ul>\r\n\r\n\r\n\r\n<ul class=\"wp-block-list\">\r\n<li><strong>H\u00e1zi\u00e1llatok \u00e9s \u00e1llatok<\/strong>: Eg\u00e9szs\u00e9g\u00fcgyi k\u00f6vetelm\u00e9nyekt\u0151l f\u00fcgg\u0151en, \u00e9s karant\u00e9nra lehet sz\u00fcks\u00e9g.<\/li>\r\n<\/ul>\r\n\r\n\r\n\r\n<ul class=\"wp-block-list\">\r\n<li><strong>L\u0151fegyverek \u00e9s l\u0151szerek<\/strong>: Enged\u00e9lyk\u00f6teles, \u00e9s szigor\u00fa el\u0151\u00edr\u00e1soknak kell megfelelni\u00fck.<\/li>\r\n<\/ul>\r\n\r\n\r\n\r\n<h3 class=\"wp-block-heading\"><span class=\"ez-toc-section\" id=\"Special_Permissions_or_Certifications\"><\/span>K\u00fcl\u00f6nleges enged\u00e9lyek vagy tan\u00fas\u00edtv\u00e1nyok<span class=\"ez-toc-section-end\"><\/span><\/h3>\r\n\r\n\r\n\r\n<ul class=\"wp-block-list\">\r\n<li><a href=\"https:\/\/www.canada.ca\/en\/health-canada\/services\/drug-health-product-review-approval.html\" target=\"_blank\" rel=\"noreferrer noopener\"><strong>Eg\u00e9szs\u00e9g\u00fcgyi kanadai j\u00f3v\u00e1hagy\u00e1s<\/strong><\/a>: Gy\u00f3gyszerekhez \u00e9s egyes \u00e9lelmiszerekhez sz\u00fcks\u00e9ges.<\/li>\r\n<\/ul>\r\n\r\n\r\n\r\n<ul class=\"wp-block-list\">\r\n<li><a href=\"https:\/\/inspection.canada.ca\/eng\/1297964599443\/1297965645317\" target=\"_blank\" rel=\"noreferrer noopener\"><strong>Kanadai \u00c9lelmiszer-ellen\u0151rz\u00e9si Hivatal (CFIA)<\/strong><\/a><strong> tan\u00fas\u00edt\u00e1s<\/strong>: N\u00f6v\u00e9nyek, vet\u0151magok, \u00e1llatok \u00e9s bizonyos \u00e9lelmiszerek behozatal\u00e1hoz sz\u00fcks\u00e9ges.<\/li>\r\n<\/ul>\r\n\r\n\r\n\r\n<ul class=\"wp-block-list\">\r\n<li><a href=\"https:\/\/www.canada.ca\/en\/environment-climate-change.html\" target=\"_blank\" rel=\"noreferrer noopener\"><strong>K\u00f6rnyezetv\u00e9delem \u00e9s \u00e9ghajlatv\u00e1ltoz\u00e1s Kanada<\/strong><\/a><strong> enged\u00e9ly<\/strong>: Sz\u00fcks\u00e9ges a CITES vagy a vesz\u00e9lyes anyagok \u00e1ltal szab\u00e1lyozott t\u00e9telek eset\u00e9ben.<\/li>\r\n<\/ul>\r\n\r\n\r\n\r\n<ul class=\"wp-block-list\">\r\n<li><a href=\"http:\/\/rcmp.ca\/en\/firearms\" target=\"_blank\" rel=\"noreferrer noopener\"><strong>Kanadai L\u0151fegyver Program (CFP)<\/strong><\/a><strong> licenc<\/strong>: K\u00f6telez\u0151 a l\u0151fegyverek \u00e9s l\u0151szerek behozatal\u00e1ra.<\/li>\r\n<\/ul>\r\n\r\n\r\n\r\n<ul class=\"wp-block-list\">\r\n<li><a href=\"https:\/\/laws-lois.justice.gc.ca\/eng\/acts\/s-15\/\" target=\"_blank\" rel=\"noreferrer noopener\"><strong>K\u00fcl\u00f6nleges importint\u00e9zked\u00e9sekr\u0151l sz\u00f3l\u00f3 t\u00f6rv\u00e9ny (SIMA)<\/strong><\/a><strong> megfelel\u00e9s<\/strong>: Az olyan term\u00e9kek eset\u00e9ben, mint p\u00e9ld\u00e1ul az ac\u00e9l, annak biztos\u00edt\u00e1sa \u00e9rdek\u00e9ben, hogy megfeleljenek a kanadai szabv\u00e1nyoknak \u00e9s az \u00e1rk\u00e9pz\u00e9si el\u0151\u00edr\u00e1soknak.<\/li>\r\n<\/ul>\r\n\r\n\r\n\r\n<p>Ezekben a szab\u00e1lyoz\u00e1sokban val\u00f3 eligazod\u00e1s meglehet\u0151sen zavaros lehet, \u00e9s a felad\u00f3nak tan\u00e1csos v\u00e1m\u00fcgyn\u00f6k\u00f6kkel vagy logisztikai szak\u00e9rt\u0151kkel konzult\u00e1lnia. E korl\u00e1toz\u00e1sok betart\u00e1sa \u00e9s a sz\u00fcks\u00e9ges enged\u00e9lyek vagy tan\u00fas\u00edtv\u00e1nyok beszerz\u00e9se alapvet\u0151 fontoss\u00e1g\u00fa a k\u00e9sedelmek, lefoglal\u00e1sok vagy jogi probl\u00e9m\u00e1k elker\u00fcl\u00e9se \u00e9rdek\u00e9ben, amikor Kanad\u00e1ba sz\u00e1ll\u00edtanak.<\/p>\r\n\r\n\r\n\r\n<h2 class=\"wp-block-heading\"><span class=\"ez-toc-section\" id=\"Obtaining_a_Personalized_Quote\"><\/span>Szem\u00e9lyre szabott \u00e1raj\u00e1nlat beszerz\u00e9se<span class=\"ez-toc-section-end\"><\/span><\/h2>\r\n\r\n\r\n\r\n<p>A Katarb\u00f3l Kanad\u00e1ba t\u00f6rt\u00e9n\u0151 kont\u00e9nersz\u00e1ll\u00edt\u00e1sra vonatkoz\u00f3 szem\u00e9lyre szabott \u00e1raj\u00e1nlatok lek\u00e9r\u00e9se tiszt\u00e1zza a k\u00f6lts\u00e9geket, seg\u00edt a k\u00f6lts\u00e9gvet\u00e9s \u00f6ssze\u00e1ll\u00edt\u00e1s\u00e1ban, \u00e9s biztos\u00edtja, hogy az \u00d6n egyedi ig\u00e9nyeit figyelembe vegy\u00fck.<\/p>\r\n\r\n\r\n\r\n<h3 class=\"wp-block-heading\"><span class=\"ez-toc-section\" id=\"Benefits_of_a_Personalized_Quote\"><\/span>A szem\u00e9lyre szabott \u00e1raj\u00e1nlat el\u0151nyei<span class=\"ez-toc-section-end\"><\/span><\/h3>\r\n\r\n\r\n\r\n<ul class=\"wp-block-list\">\r\n<li><strong>Pontoss\u00e1g<\/strong>: Az \u00d6n egyedi sz\u00e1ll\u00edt\u00e1si adataira szabva, pontosabb k\u00f6lts\u00e9gbecsl\u00e9st biztos\u00edtva.<\/li>\r\n<\/ul>\r\n\r\n\r\n\r\n<ul class=\"wp-block-list\">\r\n<li><strong>Testreszab\u00e1s<\/strong>: Figyelembe veszi az \u00d6n rakom\u00e1ny\u00e1nak egyedi szempontjait, az \u00fatvonal preferenci\u00e1it \u00e9s az esetlegesen sz\u00fcks\u00e9ges kieg\u00e9sz\u00edt\u0151 szolg\u00e1ltat\u00e1sokat.<\/li>\r\n<\/ul>\r\n\r\n\r\n\r\n<ul class=\"wp-block-list\">\r\n<li><strong>K\u00f6lts\u00e9gvet\u00e9s<\/strong>: Seg\u00edt a p\u00e9nz\u00fcgyi tervez\u00e9sben a v\u00e1rhat\u00f3 kiad\u00e1sok felv\u00e1zol\u00e1s\u00e1val.<\/li>\r\n<\/ul>\r\n\r\n\r\n\r\n<h3 class=\"wp-block-heading\"><span class=\"ez-toc-section\" id=\"How_to_Use_Our_Quoting_Tool\"><\/span>Hogyan haszn\u00e1lja az \u00e1raj\u00e1nlatk\u00e9r\u0151 eszk\u00f6z\u00fcnket<span class=\"ez-toc-section-end\"><\/span><\/h3>\r\n\r\n\r\n\r\n<ul class=\"wp-block-list\">\r\n<li><strong>V\u00e1lassza ki a sz\u00e1rmaz\u00e1si \u00e9s c\u00e9lorsz\u00e1gokat<\/strong>: Adja meg Katart kiindul\u00e1si helyk\u00e9nt \u00e9s Kanad\u00e1t c\u00e9l\u00e1llom\u00e1sk\u00e9nt.<\/li>\r\n<\/ul>\r\n\r\n\r\n\r\n<ul class=\"wp-block-list\">\r\n<li><strong>A k\u00f6lt\u00f6z\u00e9s id\u0151pontja<\/strong>: Adja meg a k\u00edv\u00e1nt sz\u00e1ll\u00edt\u00e1si d\u00e1tumot, hogy ellen\u0151rizze a rendelkez\u00e9sre \u00e1ll\u00e1st \u00e9s az \u00e1rakat.<\/li>\r\n<\/ul>\r\n\r\n\r\n\r\n<ul class=\"wp-block-list\">\r\n<li><strong>Mozg\u00f3 m\u00e9ret<\/strong>: V\u00e1lassza ki a sz\u00e1ll\u00edtm\u00e1ny m\u00e9ret\u00e9t, hogy teljes kont\u00e9nerrakom\u00e1nyr\u00f3l (FCL) vagy kont\u00e9nerrakom\u00e1nyn\u00e1l kisebb rakom\u00e1nyr\u00f3l (LCL) van-e sz\u00f3, \u00e9s adja meg a kont\u00e9ner m\u00e9ret\u00e9t, ha sz\u00fcks\u00e9ges.<\/li>\r\n<\/ul>\r\n\r\n\r\n\r\n<ul class=\"wp-block-list\">\r\n<li><strong>Az \u00e1ruk le\u00edr\u00e1sa<\/strong>: Adjon r\u00e9szletes le\u00edr\u00e1st a sz\u00e1ll\u00edtand\u00f3 t\u00e9telekr\u0151l, bele\u00e9rtve a t\u00edpust, a mennyis\u00e9get \u00e9s a k\u00fcl\u00f6nleges kezel\u00e9si k\u00f6vetelm\u00e9nyeket.<\/li>\r\n<\/ul>\r\n\r\n\r\n\r\n<ul class=\"wp-block-list\">\r\n<li><strong>Szem\u00e9lyes adatok<\/strong>: T\u00f6ltse ki el\u00e9rhet\u0151s\u00e9gi adatait a pontos \u00e9s id\u0151ben t\u00f6rt\u00e9n\u0151 kommunik\u00e1ci\u00f3 \u00e9rdek\u00e9ben.<\/li>\r\n<\/ul>\r\n\r\n\r\n\r\n<p>Meg\u00e9rtj\u00fck, hogy a nemzetk\u00f6zi sz\u00e1ll\u00edtm\u00e1nyoz\u00e1s bonyolult lehet, \u00e9s nem sokan k\u00e9pesek egyed\u00fcl v\u00e9gigcsin\u00e1lni a folyamatot. Ez\u00e9rt vannak itt szak\u00e9rt\u0151 \u00fatmutat\u00f3nkkal, akik minden l\u00e9p\u00e9sn\u00e9l seg\u00edtenek \u00d6nnek.<\/p>\r\n\r\n\r\n\r\n<p>Csapatunk az \u00e1raj\u00e1nlatk\u00e9r\u00e9si elj\u00e1r\u00e1ssal kapcsolatos k\u00e9ts\u00e9gek tiszt\u00e1z\u00e1s\u00e1t\u00f3l a v\u00e1mszab\u00e1lyokkal kapcsolatos tan\u00e1csad\u00e1sig elk\u00f6telezett amellett, hogy a sz\u00e1ll\u00edt\u00e1s z\u00f6kken\u0151mentes \u00e9s probl\u00e9mamentes legyen. Ne habozzon, ha szem\u00e9lyre szabott \u00fatmutat\u00e1st \u00e9s t\u00e1mogat\u00e1st szeretne kapni.<\/p>\r\n\r\n\r\n\r\n<h2 class=\"wp-block-heading\"><span class=\"ez-toc-section\" id=\"FAQ\"><\/span>F.A.Q.<span class=\"ez-toc-section-end\"><\/span><\/h2>\r\n\r\n\r\n\r\n<h3 class=\"wp-block-heading\"><span class=\"ez-toc-section\" id=\"How_long_does_container_shipping_from_Qatar_to_Canada_typically_take\"><\/span>Mennyi ideig tart a kont\u00e9nersz\u00e1ll\u00edt\u00e1s Katarb\u00f3l Kanad\u00e1ba?<span class=\"ez-toc-section-end\"><\/span><\/h3>\r\n\r\n\r\n\r\n<p>A sz\u00e1ll\u00edt\u00e1si id\u0151 a sz\u00e1ll\u00edt\u00e1si \u00fatvonalt\u00f3l \u00e9s m\u00f3dt\u00f3l (FCL vagy LCL) f\u00fcgg\u0151en v\u00e1ltozik, de \u00e1ltal\u00e1ban 30-45 napot vesz ig\u00e9nybe. Olyan t\u00e9nyez\u0151k, mint az id\u0151j\u00e1r\u00e1si k\u00f6r\u00fclm\u00e9nyek, az \u00e1trakod\u00e1s \u00e9s a v\u00e1mkezel\u00e9s szint\u00e9n befoly\u00e1solhatj\u00e1k az id\u0151t.<\/p>\r\n\r\n\r\n\r\n<h3 class=\"wp-block-heading\"><span class=\"ez-toc-section\" id=\"Can_I_ship_my_personal_vehicle_from_Qatar_to_Canada_in_a_container\"><\/span>Sz\u00e1ll\u00edthatom a szem\u00e9lyg\u00e9pkocsimat Katarb\u00f3l Kanad\u00e1ba kont\u00e9nerben?<span class=\"ez-toc-section-end\"><\/span><\/h3>\r\n\r\n\r\n\r\n<p>Igen, sz\u00e1ll\u00edthat j\u00e1rm\u0171veket kont\u00e9nerekben, de ezeknek meg kell felelni\u00fck a kanadai behozatali szab\u00e1lyoknak, \u00e9s gondoskodnia kell a j\u00e1rm\u0171 megfelel\u0151 r\u00f6gz\u00edt\u00e9s\u00e9r\u0151l a kont\u00e9nerben a biztons\u00e1gos sz\u00e1ll\u00edt\u00e1s \u00e9rdek\u00e9ben.<\/p>\r\n\r\n\r\n\r\n<h3 class=\"wp-block-heading\"><span class=\"ez-toc-section\" id=\"Are_there_any_items_I_should_avoid_packing_when_shipping_from_Qatar_to_Canada\"><\/span>Vannak olyan t\u00e1rgyak, amelyeket ne csomagoljak be, ha Katarb\u00f3l Kanad\u00e1ba sz\u00e1ll\u00edtok?<span class=\"ez-toc-section-end\"><\/span><\/h3>\r\n\r\n\r\n\r\n<p>Igen, ker\u00fclje a tiltott t\u00e1rgyak, p\u00e9ld\u00e1ul illeg\u00e1lis k\u00e1b\u00edt\u00f3szerek, hamis\u00edtott \u00e1ruk \u00e9s bizonyos t\u00edpus\u00fa fegyverek csomagol\u00e1s\u00e1t. Figyeljen az olyan term\u00e9kekre vonatkoz\u00f3 korl\u00e1toz\u00e1sokra is, mint az alkohol, a doh\u00e1ny \u00e9s az \u00e1llati term\u00e9kek.<\/p>\r\n\r\n\r\n\r\n<h3 class=\"wp-block-heading\"><span class=\"ez-toc-section\" id=\"Can_I_ship_perishable_goods_in_a_container_from_Qatar_to_Canada\"><\/span>Sz\u00e1ll\u00edthatok romland\u00f3 \u00e1rut kont\u00e9nerben Katarb\u00f3l Kanad\u00e1ba?<span class=\"ez-toc-section-end\"><\/span><\/h3>\r\n\r\n\r\n\r\n<p>Igen, a romland\u00f3 \u00e1rukat lehet h\u0171t\u0151kont\u00e9nerekben (reefers) sz\u00e1ll\u00edtani, de gy\u0151z\u0151dj\u00f6n meg r\u00f3la, hogy megfelelnek a kanadai behozatali el\u0151\u00edr\u00e1soknak, k\u00fcl\u00f6n\u00f6sen az \u00e9lelmiszerek eset\u00e9ben.<\/p>\r\n\r\n\r\n\r\n<h3 class=\"wp-block-heading\"><span class=\"ez-toc-section\" id=\"Are_there_any_specific_packing_requirements_for_container_shipping\"><\/span>Vannak speci\u00e1lis csomagol\u00e1si k\u00f6vetelm\u00e9nyek a kont\u00e9neres sz\u00e1ll\u00edt\u00e1shoz?<span class=\"ez-toc-section-end\"><\/span><\/h3>\r\n\r\n\r\n\r\n<p>Igen, a t\u00e1rgyakat biztons\u00e1gosan kell csomagolni, hogy a sz\u00e1ll\u00edt\u00e1s sor\u00e1n ne s\u00e9r\u00fcljenek meg, k\u00fcl\u00f6n\u00f6s tekintettel a t\u00f6r\u00e9keny t\u00e1rgyakra. Raklapok \u00e9s megfelel\u0151 p\u00e1rn\u00e1z\u00f3 anyagok haszn\u00e1lata aj\u00e1nlott.<\/p>\r\n\r\n\r\n\r\n<h3 class=\"wp-block-heading\"><span class=\"ez-toc-section\" id=\"How_are_customs_duties_and_taxes_calculated_for_goods_shipped_to_Canada\"><\/span>Hogyan sz\u00e1m\u00edtj\u00e1k ki a v\u00e1mokat \u00e9s ad\u00f3kat a Kanad\u00e1ba sz\u00e1ll\u00edtott \u00e1ruk eset\u00e9ben?<span class=\"ez-toc-section-end\"><\/span><\/h3>\r\n\r\n\r\n\r\n<p>A kanadai v\u00e1mokat \u00e9s ad\u00f3kat \u00e1ltal\u00e1ban az \u00e1ruk \u00e9rt\u00e9ke, kateg\u00f3ri\u00e1ja \u00e9s sz\u00e1rmaz\u00e1si orsz\u00e1ga alapj\u00e1n sz\u00e1m\u00edtj\u00e1k ki. A konkr\u00e9t ad\u00f3kulcsok a k\u00f6vetkez\u0151 weboldalon ellen\u0151rizhet\u0151k <a href=\"https:\/\/www.cbsa-asfc.gc.ca\/travel-voyage\/dte-acl\/est-cal-eng.html\" target=\"_blank\" rel=\"noreferrer noopener\">A Kanadai Hat\u00e1rszolg\u00e1latok \u00dcgyn\u00f6ks\u00e9g\u00e9nek v\u00e1m- \u00e9s ad\u00f3becsl\u0151je<\/a>.<\/p>\r\n\r\n\r\n\r\n<h3 class=\"wp-block-heading\"><span class=\"ez-toc-section\" id=\"Do_I_need_a_customs_broker_for_shipping_to_Canada\"><\/span>Sz\u00fcks\u00e9gem van v\u00e1m\u00fcgyn\u00f6kre a Kanad\u00e1ba t\u00f6rt\u00e9n\u0151 sz\u00e1ll\u00edt\u00e1shoz?<span class=\"ez-toc-section-end\"><\/span><\/h3>\r\n\r\n\r\n\r\n<p>B\u00e1r nem k\u00f6telez\u0151, egy v\u00e1m\u00fcgyn\u00f6k ig\u00e9nybev\u00e9tele jelent\u0151sen leegyszer\u0171s\u00edtheti a folyamatot. Seg\u00edts\u00e9g\u00fckkel biztos\u00edthat\u00f3 a kanadai behozatali szab\u00e1lyoknak val\u00f3 megfelel\u00e9s, \u00e9s seg\u00edts\u00e9get ny\u00fajthatnak a pap\u00edrmunk\u00e1ban \u00e9s a v\u00e1mkezel\u00e9si elj\u00e1r\u00e1sokban.<\/p>\r\n\r\n\r\n\r\n<h3 class=\"wp-block-heading\"><span class=\"ez-toc-section\" id=\"What_documents_are_essential_for_shipping_personal_effects_to_Canada\"><\/span>Milyen dokumentumok sz\u00fcks\u00e9gesek a szem\u00e9lyes t\u00e1rgyak Kanad\u00e1ba t\u00f6rt\u00e9n\u0151 sz\u00e1ll\u00edt\u00e1s\u00e1hoz?<span class=\"ez-toc-section-end\"><\/span><\/h3>\r\n\r\n\r\n\r\n<p>A legfontosabb dokumentumok k\u00f6z\u00e9 tartozik a r\u00e9szletes csomagol\u00e1si lista, az \u00fatlev\u00e9l m\u00e1solata, a fuvarlev\u00e9l \u00e9s a korl\u00e1tozottan sz\u00e1ll\u00edthat\u00f3 t\u00e1rgyakra vonatkoz\u00f3 enged\u00e9lyek.<\/p>\r\n\r\n\r\n\r\n<h3 class=\"wp-block-heading\"><span class=\"ez-toc-section\" id=\"How_much_in_advance_should_I_plan_my_container_shipment_to_Canada\"><\/span>Mennyi id\u0151re el\u0151re kell megterveznem a Kanad\u00e1ba ir\u00e1nyul\u00f3 kont\u00e9nersz\u00e1ll\u00edt\u00e1st?<span class=\"ez-toc-section-end\"><\/span><\/h3>\r\n\r\n\r\n\r\n<p>A legjobb, ha legal\u00e1bb 1-2 h\u00f3nappal el\u0151re elkezdi a tervez\u00e9st, k\u00fcl\u00f6n\u00f6sen akkor, ha konkr\u00e9t sz\u00e1ll\u00edt\u00e1si d\u00e1tumokra van sz\u00fcks\u00e9ge, vagy ha \u00f6sszetett rakom\u00e1nyra van sz\u00fcks\u00e9ge.<\/p>\r\n\r\n\r\n<h2><span class=\"ez-toc-section\" id=\"Other_Useful_Guides_to_Canada\"><\/span>Egy\u00e9b hasznos \u00fatmutat\u00f3k Kanad\u00e1hoz<span class=\"ez-toc-section-end\"><\/span><\/h2>\r\n\r\n<ul>\r\n<li> <a href=\"https:\/\/moverdb.com\/hu\/kontenerszallitas\/kanada\/\">2024 Tengeri tehersz\u00e1ll\u00edt\u00e1si kont\u00e9ner \u00e1rak Kanad\u00e1ba \u00e9s Kanad\u00e1b\u00f3l<\/a><\/li>\r\n<li> <a href=\"https:\/\/moverdb.com\/hu\/legjobb-nemzetkozi-penzatutalasi-szolgaltatasok\/money-transfer-companies-canada\/\">A 10 legjobb p\u00e9nz\u00e1tutal\u00e1si v\u00e1llalat Kanad\u00e1ban<\/a><\/li>\r\n<li> <a href=\"https:\/\/moverdb.com\/hu\/koltozteto-cegek\/kanadai-koltozteto-cegek\/\">A 40 legjobb nemzetk\u00f6zi k\u00f6lt\u00f6ztet\u0151 c\u00e9g Kanad\u00e1ban<\/a><\/li>\r\n<li> <a href=\"https:\/\/moverdb.com\/hu\/moving-to-canada\/\">Kanad\u00e1ba k\u00f6lt\u00f6zik? 2024 \u00c9letk\u00f6lts\u00e9gek \u00e9s k\u00f6lt\u00f6z\u00e9si tippek<\/a><\/li>\r\n<li> <a href=\"https:\/\/moverdb.com\/hu\/moving-to-canada\/best-places-to-live-canada\/\">12 legjobb hely Kanad\u00e1ban \u00e9lni<\/a><\/li>\r\n<li> <a href=\"https:\/\/moverdb.com\/hu\/moving-to-canada\/living-in-canada\/\">21 titok a Kanad\u00e1ban \u00e9l\u00e9sr\u0151l, amit tudnod kell k\u00f6lt\u00f6z\u00e9s el\u0151tt<\/a><\/li>\r\n<li> <a href=\"https:\/\/moverdb.com\/hu\/moving-to-canada\/canada-from-us\/\">Kanad\u00e1ba k\u00f6lt\u00f6z\u00e9s az Egyes\u00fclt \u00c1llamokb\u00f3l<\/a><\/li>\r\n<li> <a href=\"https:\/\/moverdb.com\/hu\/kontenerszallitas\/to-canada-from-the-united-states\/\">Kont\u00e9nersz\u00e1ll\u00edt\u00e1s Kanad\u00e1ba az Egyes\u00fclt \u00c1llamokb\u00f3l 2024 K\u00f6lts\u00e9gek<\/a><\/li>\r\n<li> <a href=\"https:\/\/moverdb.com\/hu\/moving-to-canada\/moving-to-canada-from-the-uk\/\">Kanad\u00e1ba k\u00f6lt\u00f6z\u00e9s az Egyes\u00fclt Kir\u00e1lys\u00e1gb\u00f3l<\/a><\/li>\r\n<li> <a href=\"https:\/\/moverdb.com\/hu\/kontenerszallitas\/to-canada-from-the-uk\/\">Kont\u00e9nersz\u00e1ll\u00edt\u00e1s Kanad\u00e1ba az Egyes\u00fclt Kir\u00e1lys\u00e1gb\u00f3l 2024 K\u00f6lts\u00e9gek<\/a><\/li>\r\n<li> <a href=\"https:\/\/moverdb.com\/hu\/kontenerszallitas\/to-canada-from-australia\/\">Kont\u00e9nersz\u00e1ll\u00edt\u00e1s Ausztr\u00e1li\u00e1b\u00f3l Kanad\u00e1ba 2024 k\u00f6lts\u00e9g<\/a><\/li>\r\n<li> <a href=\"https:\/\/moverdb.com\/hu\/moving-to-canada\/moving-to-canada-from-dubai-and-the-uae\/\">Kanad\u00e1ba k\u00f6lt\u00f6z\u00e9s Dubaib\u00f3l \u00e9s az Egyes\u00fclt Arab Em\u00edrs\u00e9gekb\u0151l<\/a><\/li>\r\n<li> <a href=\"https:\/\/moverdb.com\/hu\/kontenerszallitas\/to-canada-from-dubai\/\">Kont\u00e9nersz\u00e1ll\u00edt\u00e1s Kanad\u00e1ba Dubaib\u00f3l 2024 k\u00f6lts\u00e9g<\/a><\/li>\r\n<li> <a href=\"https:\/\/moverdb.com\/hu\/kontenerszallitas\/to-canada-from-the-uae\/\">Kont\u00e9nersz\u00e1ll\u00edt\u00e1s Kanad\u00e1ba az Egyes\u00fclt Arab Em\u00edrs\u00e9gekb\u0151l 2024 k\u00f6lts\u00e9gei<\/a><\/li>\r\n<li> <a href=\"https:\/\/moverdb.com\/hu\/kontenerszallitas\/to-canada-from-new-zealand\/\">Kont\u00e9nersz\u00e1ll\u00edt\u00e1s \u00daj-Z\u00e9landr\u00f3l Kanad\u00e1ba 2024 k\u00f6lts\u00e9gei<\/a><\/li>\r\n<li> <a href=\"https:\/\/moverdb.com\/hu\/moving-to-canada\/moving-to-canada-from-qatar\/\">Kanad\u00e1ba k\u00f6lt\u00f6z\u00e9s Katarb\u00f3l<\/a><\/li>\r\n<li> <a href=\"https:\/\/moverdb.com\/hu\/kontenerszallitas\/to-canada-from-singapore\/\">Kont\u00e9nersz\u00e1ll\u00edt\u00e1s Kanad\u00e1ba Szingap\u00farb\u00f3l 2024 k\u00f6lts\u00e9g<\/a><\/li>\r\n<li> <a href=\"https:\/\/moverdb.com\/hu\/moving-to-canada\/moving-to-canada-from-kuwait\/\">Kanad\u00e1ba k\u00f6lt\u00f6z\u00e9s Kuvaitb\u00f3l<\/a><\/li>\r\n<li> <a href=\"https:\/\/moverdb.com\/hu\/moving-to-canada\/moving-to-canada-from-bahrain\/\">Kanad\u00e1ba k\u00f6lt\u00f6z\u00e9s Bahreinb\u0151l<\/a><\/li>\r\n<\/ul>","protected":false},"excerpt":{"rendered":"<p>Container shipping stands as a vital bridge in the global economy, linking distant markets with an efficiency that drives international trade. The route from Qatar to Canada is a shining example of this global interconnectivity. Let\u2019s dive into how you can master this journey, making sure your goods arrive safely, efficiently, and without breaking the [&hellip;]<\/p>\n","protected":false},"author":2,"featured_media":14705,"parent":44,"menu_order":0,"comment_status":"closed","ping_status":"closed","template":"","meta":{"_genesis_hide_title":false,"_genesis_hide_breadcrumbs":false,"_genesis_hide_singular_image":false,"_genesis_hide_footer_widgets":false,"_genesis_custom_body_class":"","_genesis_custom_post_class":"","_genesis_layout":"","footnotes":""},"class_list":{"0":"post-15183","1":"page","2":"type-page","3":"status-publish","4":"has-post-thumbnail","6":"entry"},"_links":{"self":[{"href":"https:\/\/moverdb.com\/hu\/wp-json\/wp\/v2\/pages\/15183","targetHints":{"allow":["GET"]}}],"collection":[{"href":"https:\/\/moverdb.com\/hu\/wp-json\/wp\/v2\/pages"}],"about":[{"href":"https:\/\/moverdb.com\/hu\/wp-json\/wp\/v2\/types\/page"}],"author":[{"embeddable":true,"href":"https:\/\/moverdb.com\/hu\/wp-json\/wp\/v2\/users\/2"}],"replies":[{"embeddable":true,"href":"https:\/\/moverdb.com\/hu\/wp-json\/wp\/v2\/comments?post=15183"}],"version-history":[{"count":4,"href":"https:\/\/moverdb.com\/hu\/wp-json\/wp\/v2\/pages\/15183\/revisions"}],"predecessor-version":[{"id":17453,"href":"https:\/\/moverdb.com\/hu\/wp-json\/wp\/v2\/pages\/15183\/revisions\/17453"}],"up":[{"embeddable":true,"href":"https:\/\/moverdb.com\/hu\/wp-json\/wp\/v2\/pages\/44"}],"wp:featuredmedia":[{"embeddable":true,"href":"https:\/\/moverdb.com\/hu\/wp-json\/wp\/v2\/media\/14705"}],"wp:attachment":[{"href":"https:\/\/moverdb.com\/hu\/wp-json\/wp\/v2\/media?parent=15183"}],"curies":[{"name":"wp","href":"https:\/\/api.w.org\/{rel}","templated":true}]}}