{"id":14727,"date":"2023-12-30T01:11:57","date_gmt":"2023-12-30T01:11:57","guid":{"rendered":"https:\/\/moverdb.com\/?page_id=14727"},"modified":"2026-01-08T14:39:03","modified_gmt":"2026-01-08T14:39:03","slug":"to-canada-from-dubai","status":"publish","type":"page","link":"https:\/\/moverdb.com\/hu\/container-shipping\/to-canada-from-dubai\/","title":{"rendered":"Kont\u00e9nersz\u00e1ll\u00edt\u00e1s Kanad\u00e1ba Dubaib\u00f3l 2024 k\u00f6lts\u00e9g"},"content":{"rendered":"<div class=\"wp-block-image\">\r\n<figure class=\"aligncenter size-full\"><img loading=\"lazy\" decoding=\"async\" width=\"1000\" height=\"562\" src=\"https:\/\/moverdb.com\/wp-content\/uploads\/port-dubai-uae-1.jpg\" alt=\"kont\u00e9neres sz\u00e1ll\u00edt\u00e1s Dubajb\u00f3l Kanad\u00e1ba\" class=\"wp-image-14703\" srcset=\"https:\/\/moverdb.com\/wp-content\/uploads\/port-dubai-uae-1.jpg 1000w, https:\/\/moverdb.com\/wp-content\/uploads\/port-dubai-uae-1-300x169.jpg 300w, https:\/\/moverdb.com\/wp-content\/uploads\/port-dubai-uae-1-18x10.jpg 18w\" sizes=\"auto, (max-width: 1000px) 100vw, 1000px\" \/><\/figure>\r\n<\/div>\r\n\r\n\r\n<p>Ha \u00e1rukat kell sz\u00e1ll\u00edtani a k\u00f6vetkez\u0151 helyr\u0151l <a href=\"https:\/\/moverdb.com\/hu\/moving-to-dubai\/\" data-internallinksmanager029f6b8e52c=\"246\" title=\"K\u00f6lt\u00f6z\u00e9s Dubaiba? 2023 Lakhat\u00e1si k\u00f6lts\u00e9gek \u00e9s k\u00f6lt\u00f6z\u00e9si tippek\">Dubai<\/a> a  c\u00edmre. <a href=\"https:\/\/moverdb.com\/hu\/moving-to-canada\/\" data-internallinksmanager029f6b8e52c=\"265\" title=\"K\u00f6lt\u00f6z\u00e9s Kanad\u00e1ba? 2023 \u00c9letk\u00f6lts\u00e9gek \u00e9s k\u00f6lt\u00f6z\u00e9si tippek\">Kanada<\/a>, val\u00f3sz\u00edn\u0171leg tiszt\u00e1ban van azzal, hogy <a href=\"https:\/\/moverdb.com\/hu\/container-shipping\/\" data-internallinksmanager029f6b8e52c=\"3\" title=\"Nemzetk\u00f6zi kont\u00e9nersz\u00e1ll\u00edt\u00e1si d\u00edjt\u00e1bl\u00e1zat: \u00e1prilis 2026\">kont\u00e9neres sz\u00e1ll\u00edt\u00e1s<\/a> a legpraktikusabb \u00e9s legj\u00f6vedelmez\u0151bb m\u00f3dja ennek.&nbsp;<\/p>\r\n\r\n\r\n\r\n<p>A nemzetk\u00f6zi sz\u00e1ll\u00edtm\u00e1nyoz\u00e1s m\u00e9gis frusztr\u00e1l\u00f3 lehet, ha nincs sok tapasztalatod vele kapcsolatban. Sok kutat\u00e1st, tervez\u00e9st \u00e9s el\u0151rel\u00e1t\u00e1st ig\u00e9nyel.&nbsp;<\/p>\r\n\r\n\r\n\r\n<p>Ez\u00e9rt k\u00e9sz\u00edtett\u00fck el ezt az \u00fatmutat\u00f3t, amely seg\u00edt megtanulni mindent, amit tudnia kell a nemzetk\u00f6zi kont\u00e9nersz\u00e1ll\u00edt\u00e1sr\u00f3l Kanad\u00e1ba Dubajb\u00f3l!&nbsp;<\/p>\r\n\r\n\r\n\r\n<p>Elmagyar\u00e1zunk mindent, amit tudnia kell a Dubaib\u00f3l Kanad\u00e1ba ir\u00e1nyul\u00f3 sz\u00e1ll\u00edt\u00e1si szolg\u00e1ltat\u00e1sokr\u00f3l, a k\u00f6lts\u00e9gekr\u0151l \u00e9s a szab\u00e1lyokr\u00f3l, hogy az utaz\u00e1s z\u00f6kken\u0151mentesebb legyen. Induljunk!<\/p>\r\n\r\n\r\n\r\n<div id=\"ez-toc-container\" class=\"ez-toc-v2_0_82_2 ez-toc-wrap-left counter-hierarchy ez-toc-counter ez-toc-transparent ez-toc-container-direction\">\n<div class=\"ez-toc-title-container\">\n<p class=\"ez-toc-title\" style=\"cursor:inherit\">Szakaszok<\/p>\n<span class=\"ez-toc-title-toggle\"><a href=\"#\" class=\"ez-toc-pull-right ez-toc-btn ez-toc-btn-xs ez-toc-btn-default ez-toc-toggle\" aria-label=\"Toggle Tartalomjegyz\u00e9k\"><span class=\"ez-toc-js-icon-con\"><span class=\"\"><span class=\"eztoc-hide\" style=\"display:none;\">Toggle<\/span><span class=\"ez-toc-icon-toggle-span\"><svg style=\"fill: #999;color:#999\" xmlns=\"http:\/\/www.w3.org\/2000\/svg\" class=\"list-377408\" width=\"20px\" height=\"20px\" viewbox=\"0 0 24 24\" fill=\"none\"><path d=\"M6 6H4v2h2V6zm14 0H8v2h12V6zM4 11h2v2H4v-2zm16 0H8v2h12v-2zM4 16h2v2H4v-2zm16 0H8v2h12v-2z\" fill=\"currentColor\"><\/path><\/svg><svg style=\"fill: #999;color:#999\" class=\"arrow-unsorted-368013\" xmlns=\"http:\/\/www.w3.org\/2000\/svg\" width=\"10px\" height=\"10px\" viewbox=\"0 0 24 24\" version=\"1.2\" baseprofile=\"tiny\"><path d=\"M18.2 9.3l-6.2-6.3-6.2 6.3c-.2.2-.3.4-.3.7s.1.5.3.7c.2.2.4.3.7.3h11c.3 0 .5-.1.7-.3.2-.2.3-.5.3-.7s-.1-.5-.3-.7zM5.8 14.7l6.2 6.3 6.2-6.3c.2-.2.3-.5.3-.7s-.1-.5-.3-.7c-.2-.2-.4-.3-.7-.3h-11c-.3 0-.5.1-.7.3-.2.2-.3.5-.3.7s.1.5.3.7z\"\/><\/svg><\/span><\/span><\/span><\/a><\/span><\/div>\n<nav><ul class='ez-toc-list ez-toc-list-level-1 eztoc-toggle-hide-by-default' ><li class='ez-toc-page-1 ez-toc-heading-level-2'><a class=\"ez-toc-link ez-toc-heading-1\" href=\"https:\/\/moverdb.com\/hu\/container-shipping\/to-canada-from-dubai\/#Major_Ports_and_Routes_Connecting_Canada_and_Dubai\" >Kanad\u00e1t \u00e9s Dubajt \u00f6sszek\u00f6t\u0151 f\u0151bb kik\u00f6t\u0151k \u00e9s \u00fatvonalak<\/a><ul class='ez-toc-list-level-3' ><li class='ez-toc-heading-level-3'><a class=\"ez-toc-link ez-toc-heading-2\" href=\"https:\/\/moverdb.com\/hu\/container-shipping\/to-canada-from-dubai\/#Major_Ports_in_Dubai\" >Dubai f\u0151bb kik\u00f6t\u0151i<\/a><\/li><li class='ez-toc-page-1 ez-toc-heading-level-3'><a class=\"ez-toc-link ez-toc-heading-3\" href=\"https:\/\/moverdb.com\/hu\/container-shipping\/to-canada-from-dubai\/#Major_Ports_in_Canada\" >Nagy kik\u00f6t\u0151k Kanad\u00e1ban<\/a><\/li><li class='ez-toc-page-1 ez-toc-heading-level-3'><a class=\"ez-toc-link ez-toc-heading-4\" href=\"https:\/\/moverdb.com\/hu\/container-shipping\/to-canada-from-dubai\/#Popular_Sea_Routes_Connecting_Canada_and_Dubai\" >N\u00e9pszer\u0171 tengeri \u00fatvonalak Kanada \u00e9s Dubai k\u00f6z\u00f6tt<\/a><\/li><\/ul><\/li><li class='ez-toc-page-1 ez-toc-heading-level-2'><a class=\"ez-toc-link ez-toc-heading-5\" href=\"https:\/\/moverdb.com\/hu\/container-shipping\/to-canada-from-dubai\/#Cost_Factors_in_Container_Shipping_to_Canada_from_Dubai\" >A kont\u00e9nersz\u00e1ll\u00edt\u00e1s k\u00f6lts\u00e9gt\u00e9nyez\u0151i Kanad\u00e1ba Dubajb\u00f3l<\/a><ul class='ez-toc-list-level-3' ><li class='ez-toc-heading-level-3'><a class=\"ez-toc-link ez-toc-heading-6\" href=\"https:\/\/moverdb.com\/hu\/container-shipping\/to-canada-from-dubai\/#Insurance\" >Biztos\u00edt\u00e1s<\/a><\/li><li class='ez-toc-page-1 ez-toc-heading-level-3'><a class=\"ez-toc-link ez-toc-heading-7\" href=\"https:\/\/moverdb.com\/hu\/container-shipping\/to-canada-from-dubai\/#Packing_Services\" >Csomagol\u00e1si szolg\u00e1ltat\u00e1sok<\/a><\/li><li class='ez-toc-page-1 ez-toc-heading-level-3'><a class=\"ez-toc-link ez-toc-heading-8\" href=\"https:\/\/moverdb.com\/hu\/container-shipping\/to-canada-from-dubai\/#Pick-up_and_Delivery\" >\u00c1tv\u00e9tel \u00e9s kisz\u00e1ll\u00edt\u00e1s<\/a><\/li><li class='ez-toc-page-1 ez-toc-heading-level-3'><a class=\"ez-toc-link ez-toc-heading-9\" href=\"https:\/\/moverdb.com\/hu\/container-shipping\/to-canada-from-dubai\/#Taxes_and_Duty_Charges\" >Ad\u00f3k \u00e9s v\u00e1mok<\/a><\/li><li class='ez-toc-page-1 ez-toc-heading-level-3'><a class=\"ez-toc-link ez-toc-heading-10\" href=\"https:\/\/moverdb.com\/hu\/container-shipping\/to-canada-from-dubai\/#Storage\" >T\u00e1rol\u00e1s<\/a><\/li><li class='ez-toc-page-1 ez-toc-heading-level-3'><a class=\"ez-toc-link ez-toc-heading-11\" href=\"https:\/\/moverdb.com\/hu\/container-shipping\/to-canada-from-dubai\/#Additional_Charges\" >Kieg\u00e9sz\u00edt\u0151 d\u00edjak<\/a><\/li><\/ul><\/li><li class='ez-toc-page-1 ez-toc-heading-level-2'><a class=\"ez-toc-link ez-toc-heading-12\" href=\"https:\/\/moverdb.com\/hu\/container-shipping\/to-canada-from-dubai\/#Modes_of_Container_Shipping\" >A kont\u00e9neres sz\u00e1ll\u00edt\u00e1s m\u00f3djai<\/a><ul class='ez-toc-list-level-3' ><li class='ez-toc-heading-level-3'><a class=\"ez-toc-link ez-toc-heading-13\" href=\"https:\/\/moverdb.com\/hu\/container-shipping\/to-canada-from-dubai\/#Full_Container_Load_FCL\" >Teljes kont\u00e9nerrakom\u00e1ny (FCL)<\/a><\/li><li class='ez-toc-page-1 ez-toc-heading-level-3'><a class=\"ez-toc-link ez-toc-heading-14\" href=\"https:\/\/moverdb.com\/hu\/container-shipping\/to-canada-from-dubai\/#Less_than_Container_Load_LCL\" >Kevesebb mint kont\u00e9nerrakom\u00e1ny (LCL)<\/a><\/li><li class='ez-toc-page-1 ez-toc-heading-level-3'><a class=\"ez-toc-link ez-toc-heading-15\" href=\"https:\/\/moverdb.com\/hu\/container-shipping\/to-canada-from-dubai\/#Breakbulk_and_Bulk_Shipping\" >\u00d6mlesztett \u00e9s \u00f6mlesztett \u00e1ruk sz\u00e1ll\u00edt\u00e1sa<\/a><\/li><\/ul><\/li><li class='ez-toc-page-1 ez-toc-heading-level-2'><a class=\"ez-toc-link ez-toc-heading-16\" href=\"https:\/\/moverdb.com\/hu\/container-shipping\/to-canada-from-dubai\/#Shipping_Container_Sizes_and_Options\" >Sz\u00e1ll\u00edt\u00e1si kont\u00e9ner m\u00e9retek \u00e9s lehet\u0151s\u00e9gek<\/a><ul class='ez-toc-list-level-3' ><li class='ez-toc-heading-level-3'><a class=\"ez-toc-link ez-toc-heading-17\" href=\"https:\/\/moverdb.com\/hu\/container-shipping\/to-canada-from-dubai\/#Standard_Sizes\" >Standard m\u00e9retek<\/a><\/li><li class='ez-toc-page-1 ez-toc-heading-level-3'><a class=\"ez-toc-link ez-toc-heading-18\" href=\"https:\/\/moverdb.com\/hu\/container-shipping\/to-canada-from-dubai\/#Specialized_Containers\" >Speci\u00e1lis kont\u00e9nerek<\/a><\/li><\/ul><\/li><li class='ez-toc-page-1 ez-toc-heading-level-2'><a class=\"ez-toc-link ez-toc-heading-19\" href=\"https:\/\/moverdb.com\/hu\/container-shipping\/to-canada-from-dubai\/#Sea_Freight_Container_Prices_to_Canada_from_Dubai\" >Tengeri kont\u00e9ner\u00e1rak Kanad\u00e1ba Dubajb\u00f3l<\/a><ul class='ez-toc-list-level-3' ><li class='ez-toc-heading-level-3'><a class=\"ez-toc-link ez-toc-heading-20\" href=\"https:\/\/moverdb.com\/hu\/container-shipping\/to-canada-from-dubai\/#20ft_Shipping_Container\" >20 l\u00e1bas haj\u00f3z\u00e1si kont\u00e9ner&nbsp;<\/a><\/li><li class='ez-toc-page-1 ez-toc-heading-level-3'><a class=\"ez-toc-link ez-toc-heading-21\" href=\"https:\/\/moverdb.com\/hu\/container-shipping\/to-canada-from-dubai\/#40ft_Shipping_Container\" >40ft haj\u00f3z\u00e1si kont\u00e9ner&nbsp;<\/a><\/li><\/ul><\/li><li class='ez-toc-page-1 ez-toc-heading-level-2'><a class=\"ez-toc-link ez-toc-heading-22\" href=\"https:\/\/moverdb.com\/hu\/container-shipping\/to-canada-from-dubai\/#Shipping_a_Car_What_You_Need_to_Know\" >Aut\u00f3sz\u00e1ll\u00edt\u00e1s: Mit kell tudnia<\/a><ul class='ez-toc-list-level-3' ><li class='ez-toc-heading-level-3'><a class=\"ez-toc-link ez-toc-heading-23\" href=\"https:\/\/moverdb.com\/hu\/container-shipping\/to-canada-from-dubai\/#Regulations_and_Requirements\" >Szab\u00e1lyoz\u00e1sok \u00e9s k\u00f6vetelm\u00e9nyek<\/a><\/li><li class='ez-toc-page-1 ez-toc-heading-level-3'><a class=\"ez-toc-link ez-toc-heading-24\" href=\"https:\/\/moverdb.com\/hu\/container-shipping\/to-canada-from-dubai\/#Preparation_and_Necessary_Documentation\" >Felk\u00e9sz\u00fcl\u00e9s \u00e9s sz\u00fcks\u00e9ges dokument\u00e1ci\u00f3<\/a><\/li><\/ul><\/li><li class='ez-toc-page-1 ez-toc-heading-level-2'><a class=\"ez-toc-link ez-toc-heading-25\" href=\"https:\/\/moverdb.com\/hu\/container-shipping\/to-canada-from-dubai\/#Shipping_Times_for_Sea_Freight_to_Canada_from_Dubai\" >Tengeri sz\u00e1ll\u00edtm\u00e1nyoz\u00e1si id\u0151k Kanad\u00e1ba Dubajb\u00f3l<\/a><\/li><li class='ez-toc-page-1 ez-toc-heading-level-2'><a class=\"ez-toc-link ez-toc-heading-26\" href=\"https:\/\/moverdb.com\/hu\/container-shipping\/to-canada-from-dubai\/#Government_Regulations_and_the_Customs_Process\" >Korm\u00e1nyzati rendeletek \u00e9s a v\u00e1melj\u00e1r\u00e1s<\/a><ul class='ez-toc-list-level-3' ><li class='ez-toc-heading-level-3'><a class=\"ez-toc-link ez-toc-heading-27\" href=\"https:\/\/moverdb.com\/hu\/container-shipping\/to-canada-from-dubai\/#Necessary_Documentation_for_Shipping\" >Sz\u00e1ll\u00edt\u00e1shoz sz\u00fcks\u00e9ges dokument\u00e1ci\u00f3<\/a><\/li><li class='ez-toc-page-1 ez-toc-heading-level-3'><a class=\"ez-toc-link ez-toc-heading-28\" href=\"https:\/\/moverdb.com\/hu\/container-shipping\/to-canada-from-dubai\/#Canadas_Customs_Regulations\" >Kanada v\u00e1mszab\u00e1lyai<\/a><\/li><li class='ez-toc-page-1 ez-toc-heading-level-3'><a class=\"ez-toc-link ez-toc-heading-29\" href=\"https:\/\/moverdb.com\/hu\/container-shipping\/to-canada-from-dubai\/#Dubais_Export_Regulations\" >Dubai exportszab\u00e1lyai<\/a><\/li><\/ul><\/li><li class='ez-toc-page-1 ez-toc-heading-level-2'><a class=\"ez-toc-link ez-toc-heading-30\" href=\"https:\/\/moverdb.com\/hu\/container-shipping\/to-canada-from-dubai\/#Top_Goods_and_Services_Imported_by_Canada\" >A Kanada \u00e1ltal import\u00e1lt legfontosabb \u00e1ruk \u00e9s szolg\u00e1ltat\u00e1sok<\/a><ul class='ez-toc-list-level-3' ><li class='ez-toc-heading-level-3'><a class=\"ez-toc-link ez-toc-heading-31\" href=\"https:\/\/moverdb.com\/hu\/container-shipping\/to-canada-from-dubai\/#Canada_Imports_from_the_United_Arab_Emirates\" >Kanada behozatala az Egyes\u00fclt Arab Em\u00edrs\u00e9gekb\u0151l<\/a><\/li><\/ul><\/li><li class='ez-toc-page-1 ez-toc-heading-level-2'><a class=\"ez-toc-link ez-toc-heading-32\" href=\"https:\/\/moverdb.com\/hu\/container-shipping\/to-canada-from-dubai\/#Restricted_Items_for_Shipping_to_Canada\" >Korl\u00e1tozott t\u00e9telek Kanad\u00e1ba t\u00f6rt\u00e9n\u0151 sz\u00e1ll\u00edt\u00e1shoz<\/a><ul class='ez-toc-list-level-3' ><li class='ez-toc-heading-level-3'><a class=\"ez-toc-link ez-toc-heading-33\" href=\"https:\/\/moverdb.com\/hu\/container-shipping\/to-canada-from-dubai\/#Prohibited_Goods\" >Tiltott \u00e1ruk&nbsp;<\/a><\/li><li class='ez-toc-page-1 ez-toc-heading-level-3'><a class=\"ez-toc-link ez-toc-heading-34\" href=\"https:\/\/moverdb.com\/hu\/container-shipping\/to-canada-from-dubai\/#Restricted_Items\" >Korl\u00e1tozott t\u00e9telek<\/a><\/li><li class='ez-toc-page-1 ez-toc-heading-level-3'><a class=\"ez-toc-link ez-toc-heading-35\" href=\"https:\/\/moverdb.com\/hu\/container-shipping\/to-canada-from-dubai\/#Prohibited_and_Regulated_Consumer_Items\" >Tiltott \u00e9s szab\u00e1lyozott fogyaszt\u00e1si cikkek<\/a><ul class='ez-toc-list-level-4' ><li class='ez-toc-heading-level-4'><a class=\"ez-toc-link ez-toc-heading-36\" href=\"https:\/\/moverdb.com\/hu\/container-shipping\/to-canada-from-dubai\/#Prohibited_Products\" >Tiltott term\u00e9kek<\/a><\/li><li class='ez-toc-page-1 ez-toc-heading-level-4'><a class=\"ez-toc-link ez-toc-heading-37\" href=\"https:\/\/moverdb.com\/hu\/container-shipping\/to-canada-from-dubai\/#Regulated_Products\" >Szab\u00e1lyozott term\u00e9kek&nbsp;<\/a><\/li><\/ul><\/li><li class='ez-toc-page-1 ez-toc-heading-level-3'><a class=\"ez-toc-link ez-toc-heading-38\" href=\"https:\/\/moverdb.com\/hu\/container-shipping\/to-canada-from-dubai\/#Special_Considerations\" >K\u00fcl\u00f6nleges megfontol\u00e1sok<\/a><\/li><\/ul><\/li><li class='ez-toc-page-1 ez-toc-heading-level-2'><a class=\"ez-toc-link ez-toc-heading-39\" href=\"https:\/\/moverdb.com\/hu\/container-shipping\/to-canada-from-dubai\/#Obtaining_a_Personalized_Quote\" >Szem\u00e9lyre szabott \u00e1raj\u00e1nlat beszerz\u00e9se<\/a><\/li><li class='ez-toc-page-1 ez-toc-heading-level-2'><a class=\"ez-toc-link ez-toc-heading-40\" href=\"https:\/\/moverdb.com\/hu\/container-shipping\/to-canada-from-dubai\/#FAQ\" >F.A.Q.<\/a><ul class='ez-toc-list-level-3' ><li class='ez-toc-heading-level-3'><a class=\"ez-toc-link ez-toc-heading-41\" href=\"https:\/\/moverdb.com\/hu\/container-shipping\/to-canada-from-dubai\/#How_long_does_a_typical_shipment_take_from_Dubai_to_Canada\" >Mennyi ideig tart egy tipikus sz\u00e1ll\u00edtm\u00e1ny Dubajb\u00f3l Kanad\u00e1ba?<\/a><\/li><li class='ez-toc-page-1 ez-toc-heading-level-3'><a class=\"ez-toc-link ez-toc-heading-42\" href=\"https:\/\/moverdb.com\/hu\/container-shipping\/to-canada-from-dubai\/#Im_relocating_from_Dubai_to_Canada_should_I_use_a_shared_container_LCL\" >Dubaib\u00f3l Kanad\u00e1ba k\u00f6lt\u00f6z\u00f6m, k\u00f6z\u00f6s kont\u00e9nert (LCL) kellene haszn\u00e1lnom?<\/a><\/li><li class='ez-toc-page-1 ez-toc-heading-level-3'><a class=\"ez-toc-link ez-toc-heading-43\" href=\"https:\/\/moverdb.com\/hu\/container-shipping\/to-canada-from-dubai\/#Can_I_ship_my_car_to_Canada_from_Dubai\" >Sz\u00e1ll\u00edthatom az aut\u00f3mat Kanad\u00e1ba Dubaib\u00f3l?<\/a><\/li><li class='ez-toc-page-1 ez-toc-heading-level-3'><a class=\"ez-toc-link ez-toc-heading-44\" href=\"https:\/\/moverdb.com\/hu\/container-shipping\/to-canada-from-dubai\/#Can_I_ship_a_baby_walker_andor_stroller_from_Dubai_to_Canada\" >Tudok-e babakocsit \u00e9s\/vagy babakocsit sz\u00e1ll\u00edtani Dubaib\u00f3l Kanad\u00e1ba?&nbsp;<\/a><\/li><\/ul><\/li><li class='ez-toc-page-1 ez-toc-heading-level-2'><a class=\"ez-toc-link ez-toc-heading-45\" href=\"https:\/\/moverdb.com\/hu\/container-shipping\/to-canada-from-dubai\/#Other_Useful_Guides_to_Canada\" >Egy\u00e9b hasznos \u00fatmutat\u00f3k Kanad\u00e1hoz<\/a><\/li><\/ul><\/nav><\/div>\n<h2 class=\"wp-block-heading\"><span class=\"ez-toc-section\" id=\"Major_Ports_and_Routes_Connecting_Canada_and_Dubai\"><\/span>Kanad\u00e1t \u00e9s Dubajt \u00f6sszek\u00f6t\u0151 f\u0151bb kik\u00f6t\u0151k \u00e9s \u00fatvonalak<span class=\"ez-toc-section-end\"><\/span><\/h2>\r\n\r\n\r\n\r\n<h3 class=\"wp-block-heading\"><span class=\"ez-toc-section\" id=\"Major_Ports_in_Dubai\"><\/span>Dubai f\u0151bb kik\u00f6t\u0151i<span class=\"ez-toc-section-end\"><\/span><\/h3>\r\n\r\n\r\n\r\n<p>H\u00e1rom <a href=\"https:\/\/moverdb.com\/hu\/top-49-container-ports\/\" data-internallinksmanager029f6b8e52c=\"80\" title=\"Top 49 legnagyobb \u00e9s legforgalmasabb kont\u00e9nerkik\u00f6t\u0151 2025-ben\">kik\u00f6t\u0151k<\/a> Dubaiban: Jebel Ali Port, Mina Al Hamriya Port \u00e9s Mina Rashid Port.&nbsp;<\/p>\r\n\r\n\r\n\r\n<ol class=\"wp-block-list\">\r\n<li><a href=\"https:\/\/www.dpworld.com\/en\/uae\/ports-and-terminals\/jebel-ali-port\" target=\"_blank\" rel=\"noreferrer noopener\"><strong>Jebel Ali kik\u00f6t\u0151<br><\/strong><\/a>Jebel Ali nem csak Dubai legnagyobb kik\u00f6t\u0151je, hanem a K\u00f6zel-Kelet legnagyobb kik\u00f6t\u0151je \u00e9s a vil\u00e1g kilencedik legnagyobb kik\u00f6t\u0151je is, amely t\u00f6bb tucat kik\u00f6t\u0151t \u00e9s tengeri \u00fatvonalat k\u00f6t \u00f6ssze. Igaz\u00e1n modern kik\u00f6t\u0151, amely fejlett infrastrukt\u00far\u00e1j\u00e1r\u00f3l \u00e9s nagy hat\u00e9konys\u00e1g\u00e1r\u00f3l ismert.<\/li>\r\n<\/ol>\r\n\r\n\r\n\r\n<ol class=\"wp-block-list\" start=\"2\">\r\n<li><a href=\"https:\/\/www.dpworld.com\/en\/uae\/ports-and-terminals\/mina-al-hamriya\" target=\"_blank\" rel=\"noreferrer noopener\"><strong>Mina Al Hamriya<br><\/strong><\/a>Mina Al Hamriya egy kisebb kik\u00f6t\u0151, amely \u00f6sszek\u00f6ti az Arab-\u00f6bl\u00f6t, Afrik\u00e1t \u00e9s D\u00e9l-\u00c1zsi\u00e1t. Karant\u00e9nl\u00e9tes\u00edtm\u00e9nyeinek k\u00f6sz\u00f6nhet\u0151en gyakran haszn\u00e1lj\u00e1k \u00e1llat\u00e1llom\u00e1ny \u00e9s \u00e1llati sz\u00e1ll\u00edtm\u00e1nyok sz\u00e1ll\u00edt\u00e1s\u00e1ra.<\/li>\r\n<\/ol>\r\n\r\n\r\n\r\n<ol class=\"wp-block-list\" start=\"3\">\r\n<li><a href=\"https:\/\/www.dpworld.com\/en\/uae\/ports-and-terminals\/mina-rashid\" target=\"_blank\" rel=\"noreferrer noopener\"><strong>Mina Rashid<br><\/strong><\/a>Mina Rashid a s\u00e9tahaj\u00f3z\u00e1si lehet\u0151s\u00e9geir\u0151l ismert, \u00e9s \u00e1ltal\u00e1ban szem\u00e9lysz\u00e1ll\u00edt\u00f3 kik\u00f6t\u0151k\u00e9nt szolg\u00e1l, b\u00e1r nem kont\u00e9neres rakom\u00e1nyok sz\u00e1ll\u00edt\u00e1s\u00e1ra is haszn\u00e1lj\u00e1k.<\/li>\r\n<\/ol>\r\n\r\n\r\n\r\n<h3 class=\"wp-block-heading\"><span class=\"ez-toc-section\" id=\"Major_Ports_in_Canada\"><\/span>Nagy kik\u00f6t\u0151k Kanad\u00e1ban<span class=\"ez-toc-section-end\"><\/span><\/h3>\r\n\r\n\r\n\r\n<p>Kanad\u00e1nak rengeteg kik\u00f6t\u0151je van, \u00edme \u00f6t a legfontosabbak k\u00f6z\u00fcl:<\/p>\r\n\r\n\r\n\r\n<ol class=\"wp-block-list\">\r\n<li><a href=\"https:\/\/www.portvancouver.com\/\" target=\"_blank\" rel=\"noreferrer noopener\"><strong>Vancouver<\/strong><\/a><br>Kanada legnagyobb kik\u00f6t\u0151jek\u00e9nt, <a href=\"https:\/\/moverdb.com\/hu\/moving-to-canada\/moving-to-vancouver\/\" data-internallinksmanager029f6b8e52c=\"438\" title=\"Vancouverbe k\u00f6lt\u00f6zik? 2023 Lakhat\u00e1si k\u00f6lts\u00e9gek \u00e9s k\u00f6lt\u00f6z\u00e9si tippek\">Vancouver<\/a> fogadja a rakom\u00e1nyt \u00e9s <a href=\"https:\/\/moverdb.com\/hu\/top-10-largest-container-ships-in-2022\/\" data-internallinksmanager029f6b8e52c=\"84\" title=\"Top 10 legnagyobb kont\u00e9nerhaj\u00f3 2026-ban\">kont\u00e9nerhaj\u00f3k<\/a> a vil\u00e1g minden t\u00e1j\u00e1r\u00f3l. A Csendes-\u00f3ce\u00e1n melletti fekv\u00e9s\u00e9nek k\u00f6sz\u00f6nhet\u0151en a vil\u00e1gm\u00e9ret\u0171 rakom\u00e1nyt nemcsak Kanad\u00e1ban, hanem az Egyes\u00fclt \u00c1llamokban is el lehet juttatni. <a href=\"https:\/\/moverdb.com\/hu\/moving-to-the-united-states\/\" data-internallinksmanager029f6b8e52c=\"94\" title=\"Az Egyes\u00fclt \u00c1llamokba k\u00f6lt\u00f6zik? 2022 Meg\u00e9lhet\u00e9si k\u00f6lts\u00e9gek \u00e9s k\u00f6lt\u00f6z\u00e9si tippek\">US<\/a>, k\u00fcl\u00f6n\u00f6sen a nyugati parti v\u00e1rosokba.<\/li>\r\n<\/ol>\r\n\r\n\r\n\r\n<ol class=\"wp-block-list\" start=\"2\">\r\n<li><a href=\"https:\/\/www.port-montreal.com\/en\/\" target=\"_blank\" rel=\"noreferrer noopener\"><strong>Montreal<\/strong><\/a><br>A kik\u00f6t\u0151 <a href=\"https:\/\/moverdb.com\/hu\/moving-to-canada\/moving-to-montreal\/\" data-internallinksmanager029f6b8e52c=\"410\" title=\"Montrealba k\u00f6lt\u00f6zik? 2023 Lakhat\u00e1si k\u00f6lts\u00e9gek \u00e9s k\u00f6lt\u00f6z\u00e9si tippek\">Montreal<\/a> tal\u00e1n nem olyan nagy, mint a vancouveri kik\u00f6t\u0151, de technol\u00f3giai fejletts\u00e9ge miatt Kanada egyik legn\u00e9pszer\u0171bb kik\u00f6t\u0151je. Qu\u00e9becben tal\u00e1lhat\u00f3, \u00edgy t\u00f6bb helyr\u0151l is k\u00f6nnyen megk\u00f6zel\u00edthet\u0151, bele\u00e9rtve K\u00f6z\u00e9p-Kanad\u00e1t \u00e9s <a href=\"https:\/\/moverdb.com\/hu\/moving-to-toronto\/\" data-internallinksmanager029f6b8e52c=\"71\" title=\"Toront\u00f3ba k\u00f6lt\u00f6zik? 2022 Lakhat\u00e1si k\u00f6lts\u00e9gek \u00e9s k\u00f6lt\u00f6z\u00e9si tippek\">Toronto<\/a>, nem is besz\u00e9lve az USA k\u00f6z\u00e9pnyugati \u00e9s \u00e9szakkeleti v\u00e1rosair\u00f3l.&nbsp;<\/li>\r\n<\/ol>\r\n\r\n\r\n\r\n<ol class=\"wp-block-list\" start=\"3\">\r\n<li><a href=\"https:\/\/www.rupertport.com\/\" target=\"_blank\" rel=\"noreferrer noopener\"><strong>Prince Rupert<\/strong><br><\/a>Vancouver kik\u00f6t\u0151j\u00e9hez hasonl\u00f3an Prince Rupert kik\u00f6t\u0151je is a Csendes-\u00f3ce\u00e1nnal hat\u00e1ros, de k\u00f6zelebb van az orsz\u00e1g \u00e9szaki r\u00e9sz\u00e9hez, \u00e9s az orsz\u00e1g \u00e9szaki r\u00e9sz\u00e9n tal\u00e1lhat\u00f3. <a href=\"https:\/\/moverdb.com\/hu\/moving-to-the-united-states\/moving-to-alaska\/\" data-internallinksmanager029f6b8e52c=\"384\" title=\"Alaszk\u00e1ba k\u00f6lt\u00f6zik? 2023 Meg\u00e9lhet\u00e9si k\u00f6lts\u00e9gek \u00e9s k\u00f6lt\u00f6z\u00e9si tippek\">Alaszka<\/a> r\u00e9gi\u00f3. Els\u0151sorban a Brit Columbia r\u00e9gi\u00f3t szolg\u00e1lja ki.<\/li>\r\n<\/ol>\r\n\r\n\r\n\r\n<ol class=\"wp-block-list\" start=\"4\">\r\n<li><a href=\"https:\/\/www.portofhalifax.ca\/\" target=\"_blank\" rel=\"noreferrer noopener\"><strong>Halifax<\/strong><br><\/a>Halifax kik\u00f6t\u0151je \u00daj-Sk\u00f3ci\u00e1ban, a kontinens keleti partvid\u00e9k\u00e9n tal\u00e1lhat\u00f3. Az Atlanti-\u00f3ce\u00e1nnal hat\u00e1ros, \u00e9s sz\u00e1mos \u00fatvonalat \u00e9s kontinenst k\u00f6t \u00f6ssze, k\u00f6zt\u00fck D\u00e9l-Amerik\u00e1t, Afrik\u00e1t, a K\u00f6zel-Keletet \u00e9s Eur\u00f3p\u00e1t.<\/li>\r\n<\/ol>\r\n\r\n\r\n\r\n<ol class=\"wp-block-list\" start=\"5\">\r\n<li><strong><a href=\"https:\/\/www.portstoronto.com\/port-of-toronto.aspx\" target=\"_blank\" rel=\"noreferrer noopener\">Toro<\/a><\/strong><a href=\"https:\/\/www.portstoronto.com\/port-of-toronto.aspx\" target=\"_blank\" rel=\"noopener\"><strong>nto<\/strong><\/a><br>A toront\u00f3i kik\u00f6t\u0151 nem tartozik Kanada egyik legfontosabb k\u00f6zleked\u00e9si csom\u00f3pontjai k\u00f6z\u00e9, mivel egy kicsit t\u00e1volabb fekszik a Szent L\u0151rinc foly\u00f3n, mint a montreali kik\u00f6t\u0151. \u00c1ltal\u00e1ban a Montrealban meg\u00e1ll\u00f3 haj\u00f3k k\u00f6vetkez\u0151 \u00e1llom\u00e1sa. Dubaib\u00f3l is lehet Toront\u00f3ba sz\u00e1ll\u00edtani, de ez n\u00e9h\u00e1ny nappal tov\u00e1bb tart, mint m\u00e1s lehet\u0151s\u00e9gek.<\/li>\r\n<\/ol>\r\n\r\n\r\n\r\n<h3 class=\"wp-block-heading\"><span class=\"ez-toc-section\" id=\"Popular_Sea_Routes_Connecting_Canada_and_Dubai\"><\/span>N\u00e9pszer\u0171 tengeri \u00fatvonalak Kanada \u00e9s Dubai k\u00f6z\u00f6tt<span class=\"ez-toc-section-end\"><\/span><\/h3>\r\n\r\n\r\n\r\n<ul class=\"wp-block-list\">\r\n<li><strong>Jebel Ali \u00e9s Vancouver k\u00f6z\u00f6tt<\/strong>: Jebel Alib\u00f3l szinte minden h\u00e9ten indulnak haj\u00f3k Vancouverbe. Az \u00fat k\u00f6r\u00fclbel\u00fcl 48 napig tart, \u00e9s gyakran meg\u00e1llnak \u00e1zsiai kik\u00f6t\u0151kben, p\u00e9ld\u00e1ul Sanghajban \u00e9s Busanban.<\/li>\r\n<\/ul>\r\n\r\n\r\n\r\n<ul class=\"wp-block-list\">\r\n<li><strong>Jebel Ali \u00e9s Prince Rupert k\u00f6z\u00f6tt:<\/strong> Ez az \u00fatvonal nagyon hasonl\u00edt a fentiekhez, mivel Vancouver \u00e9s Prince Rupert kik\u00f6t\u0151je is Kanada nyugati partvid\u00e9k\u00e9n tal\u00e1lhat\u00f3. Jebel Ali \u00e9s Prince Rupert k\u00f6z\u00f6tt n\u00e9h\u00e1ny nappal gyorsabb az \u00fat.<\/li>\r\n<\/ul>\r\n\r\n\r\n\r\n<ul class=\"wp-block-list\">\r\n<li><strong>Jebel Ali \u00e9s Halifax k\u00f6z\u00f6tt<\/strong>: Jebel Alib\u00f3l majdnem minden h\u00e9ten indulnak haj\u00f3k Halifaxba, \u00e9s az \u00fat \u00e1tlagosan 31 napot vesz ig\u00e9nybe.&nbsp;<\/li>\r\n<\/ul>\r\n\r\n\r\n\r\n<ul class=\"wp-block-list\">\r\n<li><strong>Jebel Ali \u00e9s Montreal k\u00f6z\u00f6tt<\/strong>: Jebel Alib\u00f3l majdnem minden h\u00e9ten indulnak haj\u00f3k Halifaxba, \u00e9s az \u00e1tlagos menetid\u0151 k\u00f6r\u00fclbel\u00fcl 39 nap. N\u00e9h\u00e1ny sz\u00e1ll\u00edtm\u00e1nyoz\u00e1si v\u00e1llalat azt is felaj\u00e1nlhatja, hogy elk\u00fcldi \u00e1ruj\u00e1t a Port of <a href=\"https:\/\/moverdb.com\/hu\/moving-to-the-united-states\/moving-to-new-york\/\" data-internallinksmanager029f6b8e52c=\"332\" title=\"New Yorkba k\u00f6lt\u00f6zik? 2023 Meg\u00e9lhet\u00e9si k\u00f6lts\u00e9gek \u00e9s k\u00f6lt\u00f6z\u00e9si tippek\">New York<\/a> \u00e9s teheraut\u00f3kkal sz\u00e1ll\u00edtj\u00e1k a rakom\u00e1nyt.<\/li>\r\n<\/ul>\r\n\r\n\r\n\r\n<h2 class=\"wp-block-heading\"><span class=\"ez-toc-section\" id=\"Cost_Factors_in_Container_Shipping_to_Canada_from_Dubai\"><\/span>A kont\u00e9nersz\u00e1ll\u00edt\u00e1s k\u00f6lts\u00e9gt\u00e9nyez\u0151i Kanad\u00e1ba Dubajb\u00f3l<span class=\"ez-toc-section-end\"><\/span><\/h2>\r\n\r\n\r\n\r\n<p>B\u00e1r a kont\u00e9nersz\u00e1ll\u00edt\u00e1s sokkal olcs\u00f3bb, mint az alternat\u00edv lehet\u0151s\u00e9gek, sok er\u0151fesz\u00edt\u00e9st, ir\u00e1ny\u00edt\u00e1st, logisztik\u00e1t \u00e9s tapasztalatot ig\u00e9nyel, \u00e9s ezek a t\u00e9nyez\u0151k jelent\u0151sen befoly\u00e1solj\u00e1k a sz\u00e1ll\u00edt\u00e1si \u00e1rakat.&nbsp;<\/p>\r\n\r\n\r\n\r\n<p>Lebontjuk ezeket a t\u00e9nyez\u0151ket, hogy seg\u00edts\u00fcnk \u00d6nnek meg\u00e9rteni, hogyan kell kisz\u00e1m\u00edtani \u00e9s minimaliz\u00e1lni a Dubaib\u00f3l Kanad\u00e1ba t\u00f6rt\u00e9n\u0151 sz\u00e1ll\u00edt\u00e1s k\u00f6lts\u00e9geit.<\/p>\r\n\r\n\r\n\r\n<h3 class=\"wp-block-heading\"><span class=\"ez-toc-section\" id=\"Insurance\"><\/span>Biztos\u00edt\u00e1s<span class=\"ez-toc-section-end\"><\/span><\/h3>\r\n\r\n\r\n\r\n<ul class=\"wp-block-list\">\r\n<li><strong>T\u00edpusok<\/strong>: Minden fuvaroz\u00f3 c\u00e9g k\u00edn\u00e1l <em>Alapvet\u0151 fuvaroz\u00f3i felel\u0151ss\u00e9g <\/em>de er\u0151sen aj\u00e1nljuk a k\u00f6vetkez\u0151 megv\u00e1s\u00e1rl\u00e1s\u00e1t <em>Minden kock\u00e1zat<\/em> (<em>Teljes lefedetts\u00e9g) <\/em>biztos\u00edt\u00e1s. A fuvaroz\u00f3i alapfelel\u0151ss\u00e9gbiztos\u00edt\u00e1s csak a k\u00e1rok t\u00f6red\u00e9k\u00e9t fedezi, ha b\u00e1rmi t\u00f6rt\u00e9nik a rakom\u00e1ny\u00e1val, mivel <em>Minden kock\u00e1zat <\/em>garant\u00e1lja a k\u00fcldem\u00e9ny \u00e9rt\u00e9k\u00e9t.<em> <\/em>Megv\u00e1s\u00e1rolhatja a <em>Teljes vesztes\u00e9g <\/em>biztos\u00edt\u00e1s, de ez csak korl\u00e1tozott mennyis\u00e9g\u0171 k\u00e1rt fedez, \u00e9s csak akkor fizet, ha a teljes rakom\u00e1ny elveszik.<\/li>\r\n<\/ul>\r\n\r\n\r\n\r\n<ul class=\"wp-block-list\">\r\n<li><strong>Lefedetts\u00e9g<\/strong>: A fedezet biztos\u00edt\u00e1sonk\u00e9nt v\u00e1ltozik. M\u00e9g akkor is, ha All Risk biztos\u00edt\u00e1st k\u00f6t, gondosan n\u00e9zze \u00e1t a k\u00f6tv\u00e9nyt, hogy l\u00e1ssa a mentess\u00e9geket. A biztos\u00edt\u00f3t\u00e1rsas\u00e1gok bizonyos k\u00f6r\u00fclm\u00e9nyek k\u00f6z\u00f6tt, p\u00e9ld\u00e1ul h\u00e1bor\u00fa vagy kal\u00f3zkod\u00e1s eset\u00e9n megtagadhatj\u00e1k a k\u00e1rt\u00e9r\u00edt\u00e9s kifizet\u00e9s\u00e9t.<\/li>\r\n<\/ul>\r\n\r\n\r\n\r\n<ul class=\"wp-block-list\">\r\n<li><strong>K\u00f6lts\u00e9gekkel kapcsolatos megfontol\u00e1sok<\/strong>: A biztos\u00edt\u00e1si k\u00f6lts\u00e9geket a rakom\u00e1ny \u00e9rt\u00e9ke, a sz\u00e1ll\u00edtm\u00e1ny k\u00f6lts\u00e9ge \u00e9s a rakom\u00e1ny \u00fatvonala alapj\u00e1n sz\u00e1m\u00edtj\u00e1k ki.<\/li>\r\n<\/ul>\r\n\r\n\r\n\r\n<h3 class=\"wp-block-heading\"><span class=\"ez-toc-section\" id=\"Packing_Services\"><\/span>Csomagol\u00e1si szolg\u00e1ltat\u00e1sok<span class=\"ez-toc-section-end\"><\/span><\/h3>\r\n\r\n\r\n\r\n<ul class=\"wp-block-list\">\r\n<li><strong>El\u0151ny\u00f6k<\/strong>: N\u00e9h\u00e1nyan luxusnak tartj\u00e1k, de ha m\u00e9g nem csomagolt nemzetk\u00f6zi sz\u00e1ll\u00edt\u00e1shoz, akkor felbecs\u00fclhetetlen \u00e9rt\u00e9k\u0171nek tal\u00e1lhatja. A profi csomagol\u00f3k megszervezik a holmij\u00e1t, hogy helyet takar\u00edtsanak meg, \u00e9s biztos\u00edts\u00e1k a t\u00e1rgyak biztons\u00e1g\u00e1t.<\/li>\r\n<\/ul>\r\n\r\n\r\n\r\n<ul class=\"wp-block-list\">\r\n<li><strong>T\u00edpusok<\/strong>: Felb\u00e9relhet szakembereket, hogy csomagolj\u00e1k be az eg\u00e9sz rakom\u00e1nyt, vagy megb\u00edzhatja \u0151ket, hogy foglalkozzanak k\u00fcl\u00f6nlegesebb, k\u00fcl\u00f6nleges figyelmet ig\u00e9nyl\u0151 t\u00e9telekkel.<\/li>\r\n<\/ul>\r\n\r\n\r\n\r\n<ul class=\"wp-block-list\">\r\n<li><strong>K\u00f6lts\u00e9gek<\/strong>: A k\u00f6lts\u00e9gek a csomagolt t\u00e1rgyak mennyis\u00e9g\u00e9t\u0151l \u00e9s jelleg\u00e9t\u0151l f\u00fcgg\u0151en v\u00e1ltoznak. A legt\u00f6bb sz\u00e1ll\u00edtm\u00e1nyoz\u00f3 c\u00e9g csomagol\u00e1si szolg\u00e1ltat\u00e1st k\u00edn\u00e1l extra juttat\u00e1sk\u00e9nt, amelyet megv\u00e1s\u00e1rolhat. Amikor \u00e1raj\u00e1nlatot k\u00e9r, mindig ellen\u0151rizze, hogy az \u00e1r tartalmazza-e a csomagol\u00e1st \u00e9s egy\u00e9b szolg\u00e1ltat\u00e1sokat, p\u00e9ld\u00e1ul az \u00e1tv\u00e9telt \u00e9s a kisz\u00e1ll\u00edt\u00e1st.<\/li>\r\n<\/ul>\r\n\r\n\r\n\r\n<h3 class=\"wp-block-heading\"><span class=\"ez-toc-section\" id=\"Pick-up_and_Delivery\"><\/span>\u00c1tv\u00e9tel \u00e9s kisz\u00e1ll\u00edt\u00e1s<span class=\"ez-toc-section-end\"><\/span><\/h3>\r\n\r\n\r\n\r\n<p>A haj\u00f3z\u00e1si t\u00e1rsas\u00e1gok felsz\u00e1ll\u00e1si \u00e9s sz\u00e1ll\u00edt\u00e1si szolg\u00e1ltat\u00e1sokat is k\u00edn\u00e1lhatnak, vagy felb\u00e9relhet k\u00f6lt\u00f6ztet\u0151ket, akik elviszik a rakom\u00e1nyt a kik\u00f6t\u0151kbe \u00e9s vissza. A k\u00f6lts\u00e9gek a k\u00f6vetkez\u0151k f\u00fcggv\u00e9ny\u00e9ben v\u00e1ltoznak:<\/p>\r\n\r\n\r\n\r\n<ul class=\"wp-block-list\">\r\n<li>A sz\u00e1ll\u00edt\u00f3j\u00e1rm\u0171;<\/li>\r\n\r\n\r\n\r\n<li>Az \u00e1tv\u00e9teli \u00e9s sz\u00e1ll\u00edt\u00e1si kik\u00f6t\u0151k k\u00f6z\u00f6tti t\u00e1vols\u00e1gok;<\/li>\r\n\r\n\r\n\r\n<li>A sz\u00e1ll\u00edt\u00e1si id\u0151k.<\/li>\r\n<\/ul>\r\n\r\n\r\n\r\n<p>J\u00f3 \u00f6tlet, hogy \u00e9rdekl\u0151dj\u00f6n az \u00e1tv\u00e9teli \u00e9s sz\u00e1ll\u00edt\u00e1si lehet\u0151s\u00e9gekr\u0151l, amikor \u00e1raj\u00e1nlatot kap egy <a href=\"https:\/\/moverdb.com\/hu\/shipping-companies\/\" data-internallinksmanager029f6b8e52c=\"4\" title=\"Top 10 nemzetk\u00f6zi kont\u00e9nersz\u00e1ll\u00edt\u00f3 c\u00e9gek\">haj\u00f3z\u00e1si v\u00e1llalat<\/a>. Az utols\u00f3 pillanatban t\u00f6rt\u00e9n\u0151 egyeztet\u00e9sek szinte mindig t\u00f6bbletk\u00f6lts\u00e9get jelentenek, ez\u00e9rt nagyon fontos, hogy el\u0151re tervezzen.<\/p>\r\n\r\n\r\n\r\n<h3 class=\"wp-block-heading\"><span class=\"ez-toc-section\" id=\"Taxes_and_Duty_Charges\"><\/span>Ad\u00f3k \u00e9s v\u00e1mok<span class=\"ez-toc-section-end\"><\/span><\/h3>\r\n\r\n\r\n\r\n<p>A kanadai v\u00e1mhat\u00f3s\u00e1g nem sz\u00e1m\u00edt fel ad\u00f3t, ha \u00d6n Dubajb\u00f3l Kanad\u00e1ba k\u00f6lt\u00f6zik, \u00e9s mag\u00e1val viszi szem\u00e9lyes t\u00e1rgyait \u00e9s h\u00e1ztart\u00e1si cikkeit.&nbsp;<\/p>\r\n\r\n\r\n\r\n<p>Ha \u00e9rt\u00e9kes luxuscikkeket (p\u00e9ld\u00e1ul \u00e9kszereket) visz mag\u00e1val, \u00e9rdemes nyugt\u00e1t vagy tulajdoni lapot mag\u00e1val vinnie, hogy a hat\u00e1ron ne legyen gondja.<\/p>\r\n\r\n\r\n\r\n<p>Felh\u00edvjuk figyelm\u00e9t, hogy a gy\u00e1rt\u00e1si, \u00e9p\u00edt\u00e9si \u00e9s mez\u0151gazdas\u00e1gi berendez\u00e9sek nem min\u0151s\u00fclnek h\u00e1ztart\u00e1si cikkeknek, \u00e9s ezek ut\u00e1n ad\u00f3t kell fizetnie.<\/p>\r\n\r\n\r\n\r\n<p>Kanad\u00e1ban nagyon pontos szab\u00e1lyok vonatkoznak arra, hogy milyen t\u00edpus\u00fa j\u00e1rm\u0171veket hozhat be az orsz\u00e1gba. M\u00edg a szem\u00e9lyg\u00e9pkocsik mentes\u00fclnek a hat\u00e1ron fizetend\u0151 v\u00e1mok al\u00f3l, a region\u00e1lis \u00e9s tartom\u00e1nyi el\u0151\u00edr\u00e1sokt\u00f3l f\u00fcgg\u0151en ad\u00f3kat \u00e9s v\u00e1mokat kell fizetnie.<\/p>\r\n\r\n\r\n\r\n<p>K\u00e9rj\u00fck, figyelmesen olvassa el Kanada <a href=\"https:\/\/www.canada.ca\/en\/immigration-refugees-citizenship\/services\/new-immigrants\/prepare-life-canada\/border-entry\/bringing-goods.html\" target=\"_blank\" rel=\"noreferrer noopener\">hivatalos bev\u00e1ndorl\u00e1si \u00e9s behozatali szab\u00e1lyok<\/a> miel\u0151tt megszervezn\u00e9 a sz\u00e1ll\u00edt\u00e1st.<\/p>\r\n\r\n\r\n\r\n<h3 class=\"wp-block-heading\"><span class=\"ez-toc-section\" id=\"Storage\"><\/span>T\u00e1rol\u00e1s<span class=\"ez-toc-section-end\"><\/span><\/h3>\r\n\r\n\r\n\r\n<ul class=\"wp-block-list\">\r\n<li><strong>Opci\u00f3k<\/strong>: Dubaiban \u00e9s Kanad\u00e1ban k\u00f6nnyen tal\u00e1lhat az \u00d6n rakom\u00e1ny\u00e1nak megfelel\u0151 r\u00f6vid \u00e9s hossz\u00fa t\u00e1v\u00fa t\u00e1rol\u00f3helyeket, bele\u00e9rtve az \u00e1llat\u00e1llom\u00e1nyt, a gy\u00f3gyszereket, valamint a foly\u00e9kony \u00e9s sz\u00e1raz \u00e1rukat.<\/li>\r\n<\/ul>\r\n\r\n\r\n\r\n<ul class=\"wp-block-list\">\r\n<li><strong>K\u00f6lts\u00e9gek<\/strong>: A k\u00f6lts\u00e9gek a l\u00e9tes\u00edtm\u00e9ny felszerelts\u00e9g\u00e9t\u0151l, elhelyezked\u00e9s\u00e9t\u0151l, a tart\u00f3zkod\u00e1s id\u0151tartam\u00e1t\u00f3l \u00e9s a rakom\u00e1ny mennyis\u00e9g\u00e9t\u0151l f\u00fcgg\u0151en v\u00e1ltoznak.<\/li>\r\n<\/ul>\r\n\r\n\r\n\r\n<h3 class=\"wp-block-heading\"><span class=\"ez-toc-section\" id=\"Additional_Charges\"><\/span>Kieg\u00e9sz\u00edt\u0151 d\u00edjak<span class=\"ez-toc-section-end\"><\/span><\/h3>\r\n\r\n\r\n\r\n<ul class=\"wp-block-list\">\r\n<li><strong>Kezel\u00e9si d\u00edjak<\/strong>: A kezel\u00e9si d\u00edjak a be- \u00e9s kirakod\u00e1si szolg\u00e1ltat\u00e1sokat fedezik, \u00e9s \u00e1ltal\u00e1ban benne vannak az \u00e1raj\u00e1nlatban. A k\u00f6lts\u00e9gek a rakom\u00e1ny mennyis\u00e9g\u00e9t\u0151l \u00e9s a kezel\u00e9shez sz\u00fcks\u00e9ges id\u0151t\u0151l f\u00fcgg\u0151en v\u00e1ltoznak.<\/li>\r\n<\/ul>\r\n\r\n\r\n\r\n<ul class=\"wp-block-list\">\r\n<li><strong>Dokument\u00e1ci\u00f3<\/strong>: A dokumentum feldolgoz\u00e1s\u00e1\u00e9rt \u00e1ltal\u00e1ban egy kis d\u00edjat fizetnek a sz\u00e1ll\u00edtm\u00e1nyoz\u00f3 c\u00e9gnek. \u00d6n p\u00e9ld\u00e1ul k\u00f6r\u00fclbel\u00fcl 5-20 USD-t fizet a fuvarlev\u00e9l dokument\u00e1ci\u00f3s d\u00edjak\u00e9nt.<\/li>\r\n<\/ul>\r\n\r\n\r\n\r\n<ul class=\"wp-block-list\">\r\n<li><strong>Egy\u00e9b<\/strong>: A rakom\u00e1ny jelleg\u00e9t\u0151l f\u00fcgg\u0151en fizethet a sz\u00fcks\u00e9ges extra szolg\u00e1ltat\u00e1sok\u00e9rt, mint p\u00e9ld\u00e1ul a f\u00fcst\u00f6l\u00e9s, karant\u00e9nszolg\u00e1lat stb.<\/li>\r\n<\/ul>\r\n\r\n\r\n\r\n<p>A sz\u00e1ll\u00edt\u00e1s tervez\u00e9sekor a fenti \u00f6sszes t\u00e9nyez\u0151t figyelembe kell vennie. A legt\u00f6bb sz\u00e1ll\u00edtm\u00e1nyoz\u00e1si v\u00e1llalat a fent eml\u00edtett kieg\u00e9sz\u00edt\u0151 szolg\u00e1ltat\u00e1sokat ny\u00fajtja, de el\u0151fordulhat, hogy ezeket a szolg\u00e1ltat\u00e1sokat nem tartalmazza, amikor \u00e1raj\u00e1nlatot adnak \u00d6nnek. Fontos, hogy re\u00e1lisan m\u00e9rje fel az ig\u00e9nyeit, \u00e9s konzult\u00e1ljon a c\u00e9ggel, miel\u0151tt elfogadja az aj\u00e1nlatot.<\/p>\r\n\r\n\r\n\r\n<h2 class=\"wp-block-heading\"><span class=\"ez-toc-section\" id=\"Modes_of_Container_Shipping\"><\/span>A kont\u00e9neres sz\u00e1ll\u00edt\u00e1s m\u00f3djai<span class=\"ez-toc-section-end\"><\/span><\/h2>\r\n\r\n\r\n\r\n<p>Tal\u00e1n m\u00e1r tal\u00e1lkozott olyan kifejez\u00e9sekkel, mint FCL, LCL \u00e9s Breakbulk, amikor a Dubaib\u00f3l Kanad\u00e1ba ir\u00e1nyul\u00f3 kont\u00e9nersz\u00e1ll\u00edt\u00e1sra guglizott. Ezek a kifejez\u00e9sek a kont\u00e9nersz\u00e1ll\u00edt\u00e1s m\u00f3dozataira utalnak, \u00e9s minden egyes m\u00f3dozat alkalmas arra, hogy megfeleljen az adott sz\u00e1ll\u00edt\u00e1si ig\u00e9nyeknek. L\u00e1ssuk, melyek ezek.<\/p>\r\n\r\n\r\n\r\n<h3 class=\"wp-block-heading\"><span class=\"ez-toc-section\" id=\"Full_Container_Load_FCL\"><\/span>Teljes kont\u00e9nerrakom\u00e1ny (FCL)<span class=\"ez-toc-section-end\"><\/span><\/h3>\r\n\r\n\r\n\r\n<p>Ha az FCL-sz\u00e1ll\u00edt\u00e1st v\u00e1lasztja, akkor egy teljes kont\u00e9nert b\u00e9rel az \u00e1ru sz\u00e1m\u00e1ra. \u00d6n a teljes kont\u00e9ner \u00e1r\u00e1t fizeti, f\u00fcggetlen\u00fcl att\u00f3l, hogy megt\u00f6lti-e vagy sem.&nbsp;<\/p>\r\n\r\n\r\n\r\n<p>Egy teljes kont\u00e9ner b\u00e9rl\u00e9se sz\u00e1mos el\u0151nnyel j\u00e1r:<\/p>\r\n\r\n\r\n\r\n<ul class=\"wp-block-list\">\r\n<li><strong>\u00c1r<\/strong>: J\u00f6vedelmez\u0151bb, ha k\u00f6zel teljes kapacit\u00e1ssal tudja megt\u00f6lteni. Az \u00e1rak (k\u00f6bm\u00e9ter alapj\u00e1n sz\u00e1m\u00edtva) olcs\u00f3bbak, ha egy eg\u00e9sz kont\u00e9nert b\u00e9rel, mint az LCL (kevesebb, mint egy eg\u00e9sz kont\u00e9ner).<\/li>\r\n<\/ul>\r\n\r\n\r\n\r\n<ul class=\"wp-block-list\">\r\n<li><strong>Adatv\u00e9delem \u00e9s biztons\u00e1g<\/strong>: Nem kell agg\u00f3dnia amiatt, hogy k\u00fcldem\u00e9nye \u00f6sszekeveredik m\u00e1sokkal. Jobban ellen\u0151rizheti a helyet \u00e9s a csomagol\u00e1si st\u00edlust, ami seg\u00edt a t\u00f6r\u00e9keny \u00e9s \u00e9rt\u00e9kes t\u00e1rgyak biztons\u00e1gban tart\u00e1s\u00e1ban.<\/li>\r\n<\/ul>\r\n\r\n\r\n\r\n<ul class=\"wp-block-list\">\r\n<li><strong>K\u00e9nyes \u00e1rukhoz optimaliz\u00e1lt<\/strong>: Ha a rakom\u00e1nya k\u00fcl\u00f6nleges figyelmet ig\u00e9nyel (p\u00e9ld\u00e1ul k\u00fcl\u00f6nleges h\u0151m\u00e9rs\u00e9kletet az \u00fat sor\u00e1n), az FCL a legjobb m\u00f3dja annak biztons\u00e1g\u00e1nak garant\u00e1l\u00e1s\u00e1ra.<\/li>\r\n<\/ul>\r\n\r\n\r\n\r\n<ul class=\"wp-block-list\">\r\n<li><strong>K\u00f6vetkezetess\u00e9g<\/strong>: A sz\u00e1ll\u00edtm\u00e1nyt az utaz\u00e1s sor\u00e1n a kont\u00e9nerben lez\u00e1rj\u00e1k, \u00edgy cs\u00f6kkentve a kezel\u00e9sb\u0151l ered\u0151 s\u00e9r\u00fcl\u00e9sek es\u00e9ly\u00e9t.<\/li>\r\n<\/ul>\r\n\r\n\r\n\r\n<ul class=\"wp-block-list\">\r\n<li><strong>Sebess\u00e9g<\/strong>: Cs\u00f6kkenti a be- \u00e9s kirakod\u00e1si id\u0151t, \u00e9s seg\u00edt a v\u00e1mellen\u0151rz\u00e9s \u00e9s a hat\u00e1rellen\u0151rz\u00e9s gyorsabb befejez\u00e9s\u00e9ben.<\/li>\r\n<\/ul>\r\n\r\n\r\n\r\n<h3 class=\"wp-block-heading\"><span class=\"ez-toc-section\" id=\"Less_than_Container_Load_LCL\"><\/span>Kevesebb mint kont\u00e9nerrakom\u00e1ny (LCL)<span class=\"ez-toc-section-end\"><\/span><\/h3>\r\n\r\n\r\n\r\n<p>De mi van akkor, ha nincs el\u00e9g \u00e1ruja ahhoz, hogy megt\u00f6ltse a kont\u00e9nert? Nos, akkor mindig v\u00e1laszthatja az LCL (Less than Container load, azaz kevesebb, mint kont\u00e9nerrakom\u00e1ny) sz\u00e1ll\u00edt\u00e1si m\u00f3dot. Ha ezt a lehet\u0151s\u00e9get v\u00e1lasztja, elfogadja, hogy rakom\u00e1nya m\u00e1s rakom\u00e1nyokkal egy\u00fctt ker\u00fcl egy kont\u00e9nerbe.<\/p>\r\n\r\n\r\n\r\n<p>Az LCL el\u0151nyei a k\u00f6vetkez\u0151k:<\/p>\r\n\r\n\r\n\r\n<ul class=\"wp-block-list\">\r\n<li><strong>K\u00f6lts\u00e9ghat\u00e9konys\u00e1g<\/strong>: Csak a haszn\u00e1lt hely\u00e9rt fizet. B\u00e1r az \u00e1rar\u00e1ny magasabb az LCL eset\u00e9ben (a megn\u00f6vekedett kezel\u00e9si \u00e9s rakod\u00e1si d\u00edjak miatt t\u00f6bbet kell fizetnie), m\u00e9gis j\u00f6vedelmez\u0151bb lehet, ha nem sok \u00e1rut kell elk\u00fcldenie.<\/li>\r\n<\/ul>\r\n\r\n\r\n\r\n<ul class=\"wp-block-list\">\r\n<li><strong>Rugalmass\u00e1g<\/strong>: Ezzel a lehet\u0151s\u00e9ggel el\u00e9g gyakran tal\u00e1lhat haj\u00f3kat, mivel csak korl\u00e1tozott helyre van sz\u00fcks\u00e9ge.<\/li>\r\n<\/ul>\r\n\r\n\r\n\r\n<h3 class=\"wp-block-heading\"><span class=\"ez-toc-section\" id=\"Breakbulk_and_Bulk_Shipping\"><\/span>\u00d6mlesztett \u00e9s \u00f6mlesztett \u00e1ruk sz\u00e1ll\u00edt\u00e1sa<span class=\"ez-toc-section-end\"><\/span><\/h3>\r\n\r\n\r\n\r\n<p>Ha olyan \u00e1rucikkei vannak, amelyek m\u00e9ret\u00fck, alakjuk vagy jelleg\u00fck miatt nem alkalmasak kont\u00e9neres sz\u00e1ll\u00edt\u00e1sra, akkor haszn\u00e1lhatja az \u00f6mlesztett \u00e9s a t\u00f6rmel\u00e9ksz\u00e1ll\u00edt\u00e1st. Ezt a fajta sz\u00e1ll\u00edtm\u00e1nyoz\u00e1si m\u00f3dot legink\u00e1bb import\/export v\u00e1llalkoz\u00e1sok \u00e9s ipari rakom\u00e1nyok sz\u00e1ll\u00edt\u00e1s\u00e1ra haszn\u00e1lj\u00e1k.<\/p>\r\n\r\n\r\n\r\n<p>Az \u00f6mlesztett rakom\u00e1nyok k\u00f6z\u00e9 tartoznak a berendez\u00e9sek, g\u00e9pek, faanyagok \u00e9s egy\u00e9b nagym\u00e9ret\u0171, egyedileg megrakott t\u00e1rgyak. Az \u00f6mlesztett rakom\u00e1nyt olyan laza rakom\u00e1ny sz\u00e1ll\u00edt\u00e1s\u00e1ra haszn\u00e1lj\u00e1k, amelyet nem kell egyenk\u00e9nt l\u00e1d\u00e1zni vagy raklapra rakni.&nbsp;&nbsp;<\/p>\r\n\r\n\r\n\r\n<p>Az \u00f6mlesztett \u00e9s \u00f6mlesztett sz\u00e1ll\u00edt\u00e1s el\u0151nyei a k\u00f6vetkez\u0151k:<\/p>\r\n\r\n\r\n\r\n<ul class=\"wp-block-list\">\r\n<li><strong>Speci\u00e1lis kezel\u00e9s<\/strong>: A rakom\u00e1ny be- \u00e9s kirakod\u00e1s\u00e1hoz, valamint kezel\u00e9s\u00e9hez sz\u00fcks\u00e9ges k\u00fcl\u00f6nleges szolg\u00e1ltat\u00e1st \u00e9s szak\u00e9rtelmet kap.<\/li>\r\n<\/ul>\r\n\r\n\r\n\r\n<ul class=\"wp-block-list\">\r\n<li><strong>Sk\u00e1la<\/strong>: Egyszerre nagyon nagy mennyis\u00e9g\u0171 \u00e1rut is k\u00f6nnyed\u00e9n sz\u00e1ll\u00edthat.<\/li>\r\n<\/ul>\r\n\r\n\r\n\r\n<h2 class=\"wp-block-heading\"><span class=\"ez-toc-section\" id=\"Shipping_Container_Sizes_and_Options\"><\/span>Sz\u00e1ll\u00edt\u00e1si kont\u00e9ner m\u00e9retek \u00e9s lehet\u0151s\u00e9gek<span class=\"ez-toc-section-end\"><\/span><\/h2>\r\n\r\n\r\n\r\n<p>A haj\u00f3z\u00e1si kont\u00e9nerek szabv\u00e1nyos m\u00e9retekben kaphat\u00f3k, b\u00e1r a tulajdons\u00e1gok, p\u00e9ld\u00e1ul a rakom\u00e1ny m\u00e9rete \u00e9s min\u0151s\u00e9ge alapj\u00e1n sokf\u00e9le v\u00e1ltozatoss\u00e1g l\u00e9tezik.<\/p>\r\n\r\n\r\n\r\n<h3 class=\"wp-block-heading\"><span class=\"ez-toc-section\" id=\"Standard_Sizes\"><\/span>Standard m\u00e9retek<span class=\"ez-toc-section-end\"><\/span><\/h3>\r\n\r\n\r\n\r\n<ul class=\"wp-block-list\">\r\n<li><strong>20 l\u00e1bas kont\u00e9ner<\/strong>: Egy 20 l\u00e1bas kont\u00e9ner k\u00f6r\u00fclbel\u00fcl 5,898 m (hossz\u00fas\u00e1g) x 2,352 m (sz\u00e9less\u00e9g) x 2,393 m (magass\u00e1g), ami 33 k\u00f6bm\u00e9tert jelent. \u00c1ltal\u00e1noss\u00e1gban elmondhat\u00f3, hogy egy 20 l\u00e1bas kont\u00e9nerben egy k\u00e9tszob\u00e1s lak\u00e1s f\u00e9r el.<\/li>\r\n<\/ul>\r\n\r\n\r\n\r\n<ul class=\"wp-block-list\">\r\n<li><strong>40 l\u00e1bas kont\u00e9ner<\/strong>: Ez 67 k\u00f6bm\u00e9ternek felel meg, \u00e9s k\u00f6nnyen elf\u00e9r benne egy h\u00e1rom vagy n\u00e9gy h\u00e1l\u00f3szob\u00e1s lak\u00e1s vagy h\u00e1z.&nbsp;<\/li>\r\n<\/ul>\r\n\r\n\r\n\r\n<h3 class=\"wp-block-heading\"><span class=\"ez-toc-section\" id=\"Specialized_Containers\"><\/span>Speci\u00e1lis kont\u00e9nerek<span class=\"ez-toc-section-end\"><\/span><\/h3>\r\n\r\n\r\n\r\n<ul class=\"wp-block-list\">\r\n<li><strong>H\u0171t\u0151kont\u00e9nerek (Reefers)<\/strong>: Ezeket a h\u0151m\u00e9rs\u00e9klet-szab\u00e1lyozott kont\u00e9nereket romland\u00f3 \u00e1ruk, p\u00e9ld\u00e1ul friss \u00e9lelmiszerek, vegyi anyagok \u00e9s gy\u00f3gyszerek sz\u00e1ll\u00edt\u00e1s\u00e1ra haszn\u00e1lj\u00e1k.&nbsp;<\/li>\r\n<\/ul>\r\n\r\n\r\n\r\n<ul class=\"wp-block-list\">\r\n<li><strong>Nyitott tetej\u0171 tart\u00e1lyok<\/strong>: Ezek a kont\u00e9nerek levehet\u0151 tetej\u0171ek, \u00e9s olyan magas t\u00e1rgyak t\u00e1rol\u00e1s\u00e1ra \u00e9s sz\u00e1ll\u00edt\u00e1s\u00e1ra szolg\u00e1lnak, amelyek nem f\u00e9rnek bele a norm\u00e1l kont\u00e9nerekbe.<\/li>\r\n<\/ul>\r\n\r\n\r\n\r\n<ul class=\"wp-block-list\">\r\n<li><strong>Flat-rack kont\u00e9nerek<\/strong>: A levehet\u0151 oldalak megk\u00f6nny\u00edtik \u00e9s praktikusabb\u00e1 teszik a nagy teherb\u00edr\u00e1s\u00fa rakom\u00e1nyok, p\u00e9ld\u00e1ul g\u00e9pek \u00e9s j\u00e1rm\u0171vek be- \u00e9s kirakod\u00e1s\u00e1t.<\/li>\r\n<\/ul>\r\n\r\n\r\n\r\n<ul class=\"wp-block-list\">\r\n<li><strong>Tart\u00e1lykont\u00e9nerek<\/strong>: A tart\u00e1lykont\u00e9nerek foly\u00e9kony \u00e9s g\u00e1znem\u0171 anyagokat tartalmaznak. \u00dagy tervezt\u00e9k \u0151ket, hogy megakad\u00e1lyozz\u00e1k a ki\u00f6ml\u00e9st \u00e9s a vesz\u00e9lyes baleseteket.<\/li>\r\n<\/ul>\r\n\r\n\r\n\r\n<ul class=\"wp-block-list\">\r\n<li><strong>Magas kockakont\u00e9nerek<\/strong>: Kicsit magasabbak, mint a hagyom\u00e1nyos kont\u00e9nerek, ez\u00e9rt olyan t\u00e1rgyak sz\u00e1ll\u00edt\u00e1s\u00e1ra alkalmasak, amelyek nem f\u00e9rnek bele a hagyom\u00e1nyos kont\u00e9nerekbe.<\/li>\r\n<\/ul>\r\n\r\n\r\n\r\n<figure class=\"wp-block-table is-style-stripes\"><table><tbody><tr><td><\/td><td><strong>Hossz\u00fas\u00e1g<\/strong><\/td><td><strong>Magass\u00e1g<\/strong><\/td><td><strong>Sz\u00e9less\u00e9g<\/strong><\/td><td><strong>K\u00f6tet<\/strong><\/td><td><strong>\u00c1rtartom\u00e1ny<\/strong><\/td><\/tr><tr><td><strong>20 l\u00e1bas haj\u00f3z\u00e1si kont\u00e9ner<\/strong><\/td><td>19,7 l\u00e1b<br>6 m<\/td><td>7,8 l\u00e1b<br>2.4 m<\/td><td>7,7 l\u00e1b<br>2.3 m<\/td><td>1,173 ft\u00b3<br>33.2 m\u00b3<\/td><td>6,949 - 13,424 AED<br>CAD 2,610 - 5,043<\/td><\/tr><tr><td><strong>40ft haj\u00f3z\u00e1si kont\u00e9ner<\/strong><\/td><td>39,7 l\u00e1b<br>12.1 m<\/td><td>7,8 l\u00e1b<br>2.4 m<\/td><td>7,7 l\u00e1b<br>2.3 m<\/td><td>2,390 ft\u00b3<br>67.7 m\u00b3<\/td><td>8,587 - 16,579 AED<br>CAD 3,226 - 6,229<\/td><\/tr><tr><td><strong>Aut\u00f3sz\u00e1ll\u00edt\u00e1s<\/strong><\/td><td>19 l\u00e1b<br>5.8 m<\/td><td>7,2 l\u00e1b<br>2.2 m<\/td><td>7,2 l\u00e1b<br>2.2 m<\/td><td>982.8 ft\u00b3<br>27.83 m\u00b3<\/td><td>23.000 - 60.000 AED<br>CAD 9.000 - 23.000<\/td><\/tr><\/tbody><\/table><\/figure>\r\n\r\n\r\n\r\n<p><em>Minden \u00e1r a 2023 okt\u00f3ber\u00e9ben kik\u00f6t\u0151r\u0151l kik\u00f6t\u0151re t\u00f6rt\u00e9n\u0151 kont\u00e9nersz\u00e1ll\u00edt\u00e1sra vonatkozik.<\/em><\/p>\r\n\r\n\r\n\r\n<h2 class=\"wp-block-heading\"><span class=\"ez-toc-section\" id=\"Sea_Freight_Container_Prices_to_Canada_from_Dubai\"><\/span>Tengeri kont\u00e9ner\u00e1rak Kanad\u00e1ba Dubajb\u00f3l<span class=\"ez-toc-section-end\"><\/span><\/h2>\r\n\r\n\r\n\r\n<p>Mivel a Dubai \u00e9s Halifax k\u00f6z\u00f6tti \u00fatvonal a legr\u00f6videbb, a sz\u00e1ll\u00edt\u00e1si \u00e1rak gyakran alacsonyabbak.&nbsp;<\/p>\r\n\r\n\r\n\r\n<ul class=\"wp-block-list\">\r\n<li>Egy 20 l\u00e1bas kont\u00e9ner sz\u00e1ll\u00edt\u00e1sa a dubaji Jebel Ali kik\u00f6t\u0151b\u0151l a kanadai Vancouverbe 6 949 AED-be vagy 2 610 CAD-be ker\u00fcl;<\/li>\r\n<\/ul>\r\n\r\n\r\n\r\n<ul class=\"wp-block-list\">\r\n<li>Egy 40 l\u00e1bas kont\u00e9ner \u00e1ra a dubaji Jebel Ali kik\u00f6t\u0151b\u0151l a kanadai Vancouverbe 8 587 AED vagy 3226 CAD.<\/li>\r\n<\/ul>\r\n\r\n\r\n\r\n<p>Felsoroltuk a Jebel Ali kik\u00f6t\u0151b\u0151l Kanada k\u00fcl\u00f6nb\u00f6z\u0151 kik\u00f6t\u0151ibe t\u00f6rt\u00e9n\u0151 sz\u00e1ll\u00edt\u00e1s k\u00f6lts\u00e9geit. Felh\u00edvjuk figyelm\u00e9t, hogy ezek az \u00e1rak durva becsl\u00e9sek. Pontosabb becsl\u00e9st online \u00e1raj\u00e1nlatk\u00e9r\u0151 eszk\u00f6z\u00fcnk seg\u00edts\u00e9g\u00e9vel kaphat.<\/p>\r\n\r\n\r\n\r\n<h3 class=\"wp-block-heading\"><span class=\"ez-toc-section\" id=\"20ft_Shipping_Container\"><\/span>20 l\u00e1bas haj\u00f3z\u00e1si kont\u00e9ner&nbsp;<span class=\"ez-toc-section-end\"><\/span><\/h3>\r\n\r\n\r\n\r\n<figure class=\"wp-block-table is-style-stripes\"><table><tbody><tr><td><\/td><td>Sz\u00e1ll\u00edt\u00e1s a k\u00f6vetkez\u0151 c\u00edmre <strong>Toronto<\/strong><\/td><td>Sz\u00e1ll\u00edt\u00e1s a k\u00f6vetkez\u0151 c\u00edmre <strong>Montreal<\/strong><\/td><td>Sz\u00e1ll\u00edt\u00e1s a k\u00f6vetkez\u0151 c\u00edmre <strong>Vancouver<\/strong><\/td><td>Sz\u00e1ll\u00edt\u00e1s a k\u00f6vetkez\u0151 c\u00edmre <strong>Halifax<\/strong><\/td><\/tr><tr><td>Sz\u00e1ll\u00edt\u00e1s a <strong>Jebel Ali kik\u00f6t\u0151<\/strong><\/td><td>9,832 AED<br>CAD 3,693<\/td><td>12,179 AED<br>CAD 4,575<\/td><td>6,949 AED<br>CAD 2,610<\/td><td>13,424 AED<br>CAD 5,043<\/td><\/tr><\/tbody><\/table><\/figure>\r\n\r\n\r\n\r\n<p><em>Minden \u00e1r a 2023 okt\u00f3ber\u00e9ben kik\u00f6t\u0151r\u0151l kik\u00f6t\u0151re t\u00f6rt\u00e9n\u0151 kont\u00e9nersz\u00e1ll\u00edt\u00e1sra vonatkozik.<\/em><\/p>\r\n\r\n\r\n\r\n<h3 class=\"wp-block-heading\"><span class=\"ez-toc-section\" id=\"40ft_Shipping_Container\"><\/span>40ft haj\u00f3z\u00e1si kont\u00e9ner&nbsp;<span class=\"ez-toc-section-end\"><\/span><\/h3>\r\n\r\n\r\n\r\n<figure class=\"wp-block-table is-style-stripes\"><table><tbody><tr><td><\/td><td>Sz\u00e1ll\u00edt\u00e1s a k\u00f6vetkez\u0151 c\u00edmre <strong>Toronto<\/strong><\/td><td>Sz\u00e1ll\u00edt\u00e1s a k\u00f6vetkez\u0151 c\u00edmre <strong>Montreal<\/strong><\/td><td>Sz\u00e1ll\u00edt\u00e1s a k\u00f6vetkez\u0151 c\u00edmre <strong>Vancouver<\/strong><\/td><td>Sz\u00e1ll\u00edt\u00e1s a k\u00f6vetkez\u0151 c\u00edmre <strong>Halifax<\/strong><\/td><\/tr><tr><td>Sz\u00e1ll\u00edt\u00e1s a <strong>Jebel Ali kik\u00f6t\u0151<\/strong><\/td><td>10,780 AED<br>CAD 4,049<\/td><td>15,338 AED<br>CAD 5,763<\/td><td>8,587 AED<br>CAD 3,226<\/td><td>16,579 AED<br>CAD 6,229<\/td><\/tr><\/tbody><\/table><\/figure>\r\n\r\n\r\n\r\n<p><em>Minden \u00e1r a 2023 okt\u00f3ber\u00e9ben kik\u00f6t\u0151r\u0151l kik\u00f6t\u0151re t\u00f6rt\u00e9n\u0151 kont\u00e9nersz\u00e1ll\u00edt\u00e1sra vonatkozik.<\/em><\/p>\r\n\r\n\r\n\r\n<h2 class=\"wp-block-heading\"><span class=\"ez-toc-section\" id=\"Shipping_a_Car_What_You_Need_to_Know\"><\/span>Aut\u00f3sz\u00e1ll\u00edt\u00e1s: Mit kell tudnia<span class=\"ez-toc-section-end\"><\/span><\/h2>\r\n\r\n\r\n\r\n<p>Az aut\u00f3 sz\u00e1ll\u00edt\u00e1sa Kanad\u00e1ba Dubaib\u00f3l tr\u00fckk\u00f6s lehet. B\u00e1r Kanada enged\u00e9lyezi bizonyos j\u00e1rm\u0171vek behozatal\u00e1t az orsz\u00e1gba, az aut\u00f3 m\u00e1rk\u00e1ja \u00e9s modellje sokat sz\u00e1m\u00edt. R\u00e1ad\u00e1sul nagyon neh\u00e9z lehet az aut\u00f3 regisztr\u00e1l\u00e1sa az illet\u00e9kes hat\u00f3s\u00e1gokn\u00e1l \u00e9s az enged\u00e9lyek beszerz\u00e9se.<\/p>\r\n\r\n\r\n\r\n<p>Ha az \u00d6n aut\u00f3j\u00e1t a k\u00f6vetkez\u0151 orsz\u00e1gokban gy\u00e1rtott\u00e1k vagy v\u00e1s\u00e1rolt\u00e1k <a href=\"https:\/\/moverdb.com\/hu\/moving-to-mexico\/\" data-internallinksmanager029f6b8e52c=\"348\" title=\"Mexik\u00f3ba k\u00f6lt\u00f6zik? 2023 Meg\u00e9lhet\u00e9si k\u00f6lts\u00e9gek \u00e9s k\u00f6lt\u00f6z\u00e9si tippek\">Mexik\u00f3<\/a> vagy az Egyes\u00fclt \u00c1llamokban, nagyobb az es\u00e9lye a sikerre. Sajnos a Dubajb\u00f3l v\u00e1s\u00e1rolt aut\u00f3 sz\u00e1ll\u00edt\u00e1sa nem biztos, hogy lehets\u00e9ges.<\/p>\r\n\r\n\r\n\r\n<p>Az al\u00e1bbiakban a Dubaib\u00f3l Kanad\u00e1ba t\u00f6rt\u00e9n\u0151 aut\u00f3sz\u00e1ll\u00edt\u00e1sra vonatkoz\u00f3 ir\u00e1nyelveket ismertetj\u00fck.<\/p>\r\n\r\n\r\n\r\n<h3 class=\"wp-block-heading\"><span class=\"ez-toc-section\" id=\"Regulations_and_Requirements\"><\/span>Szab\u00e1lyoz\u00e1sok \u00e9s k\u00f6vetelm\u00e9nyek<span class=\"ez-toc-section-end\"><\/span><\/h3>\r\n\r\n\r\n\r\n<ul class=\"wp-block-list\">\r\n<li>Az \u00d6n aut\u00f3ja 15 \u00e9vn\u00e9l r\u00e9gebbi, \u00e9s megfelel a g\u00e9pj\u00e1rm\u0171vek biztons\u00e1g\u00e1r\u00f3l sz\u00f3l\u00f3 t\u00f6rv\u00e9nyben meghat\u00e1rozott valamennyi el\u0151\u00edr\u00e1snak. Az aut\u00f3nak meg kell felelnie az \u00f6sszes kanadai szabv\u00e1nynak, \u00e9s a gy\u00e1rt\u00f3t\u00f3l \u00fajonnan kell v\u00e1s\u00e1rolnia. Felh\u00edvjuk figyelm\u00e9t, hogy a sz\u00e1ll\u00edt\u00e1s el\u0151tt be kell szereznie a Transport Canada el\u0151zetes j\u00f3v\u00e1hagy\u00e1s\u00e1t.<\/li>\r\n<\/ul>\r\n\r\n\r\n\r\n<ul class=\"wp-block-list\">\r\n<li>Ha az \u00d6n aut\u00f3ja aut\u00f3busznak min\u0151s\u00fcl, akkor 1971. janu\u00e1r 1-je el\u0151tt kell gy\u00e1rtani.<\/li>\r\n<\/ul>\r\n\r\n\r\n\r\n<ul class=\"wp-block-list\">\r\n<li>Ha Kanad\u00e1ban v\u00e1s\u00e1rolta az aut\u00f3t, \u00e9s visszahozza Kanad\u00e1ba, akkor is el\u0151zetes enged\u00e9lyt kell k\u00e9rnie a Transport Canada-t\u00f3l.<\/li>\r\n<\/ul>\r\n\r\n\r\n\r\n<ul class=\"wp-block-list\">\r\n<li>Ha az aut\u00f3t az Egyes\u00fclt \u00c1llamokban v\u00e1s\u00e1rolta egy gy\u00e1rt\u00f3t\u00f3l vagy kiskereskedelmi c\u00e9gt\u0151l, akkor lehet, hogy el tudja sz\u00e1ll\u00edtani Kanad\u00e1ba, de meg kell gy\u0151z\u0151dnie arr\u00f3l, hogy az aut\u00f3 illik-e a k\u00f6vetkez\u0151kh\u00f6z. <a href=\"https:\/\/www.riv.ca\/ImportingAVehicle.aspx\" target=\"_blank\" rel=\"noreferrer noopener\">Behozott j\u00e1rm\u0171vek nyilv\u00e1ntart\u00f3ja<\/a>' k\u00f6vetelm\u00e9nyek.<\/li>\r\n<\/ul>\r\n\r\n\r\n\r\n<p>Ha az aut\u00f3 kevesebb, mint 15 \u00e9ve van meg, ellen\u0151rizze a <a href=\"https:\/\/www.riv.ca\/ImportingAVehicle.aspx\" target=\"_blank\" rel=\"noreferrer noopener\">Behozott j\u00e1rm\u0171vek nyilv\u00e1ntart\u00f3ja<\/a> szab\u00e1lyzatok, hogy megtudja, lehet-e Kanad\u00e1ba sz\u00e1ll\u00edtani.&nbsp;<\/p>\r\n\r\n\r\n\r\n<p>Ha m\u00e1r t\u00f6bb mint 15 \u00e9ve megvan, akkor lehet, hogy el tudja sz\u00e1ll\u00edtani, de gondot okozhat a regisztr\u00e1l\u00e1sa a tartom\u00e1ny\u00e1ban, mivel minden tartom\u00e1nynak speci\u00e1lis szab\u00e1lyai vannak az aut\u00f3k regisztr\u00e1ci\u00f3j\u00e1ra.<\/p>\r\n\r\n\r\n\r\n<p>R\u00e9szletesebb ir\u00e1nymutat\u00e1sokat a k\u00f6vetkez\u0151 oldalakon tal\u00e1l <a href=\"http:\/\/www.cbsa-asfc.gc.ca\/publications\/dm-md\/d19\/d19-12-1-eng.html\" target=\"_blank\" rel=\"noreferrer noopener\">A Kanadai Hat\u00e1rszolg\u00e1lat j\u00e1rm\u0171vekre vonatkoz\u00f3 behozatali szab\u00e1lyai<\/a>.<\/p>\r\n\r\n\r\n\r\n<p>Kanada k\u00f6ztudottan szigor\u00fa a j\u00e1rm\u0171biztons\u00e1got illet\u0151en, \u00e9s van r\u00e1 es\u00e9ly, hogy az aut\u00f3ja nem megy \u00e1t a v\u00e1mvizsg\u00e1laton, ha nem v\u00e9gezte el a kutat\u00e1st. Gondosan n\u00e9zze \u00e1t az \u00f6sszes k\u00f6vetelm\u00e9nyt, hogy megbizonyosodjon arr\u00f3l, hogy be tudja-e hozni Kanad\u00e1ba, miel\u0151tt elsz\u00e1ll\u00edtja az aut\u00f3j\u00e1t. Ha aut\u00f3j\u00e1t feltart\u00f3ztatj\u00e1k a v\u00e1mon, \u00d6nt terhelik a kapcsol\u00f3d\u00f3 d\u00edjak, bele\u00e9rtve a t\u00e1rol\u00e1si \u00e9s \u00e1rtalmatlan\u00edt\u00e1si d\u00edjakat is.<\/p>\r\n\r\n\r\n\r\n<p>A helyi enged\u00e9lyez\u0151 hat\u00f3s\u00e1gokkal is egyeztetnie kell, hogy kaphat-e enged\u00e9lyt az aut\u00f3j\u00e1ra az \u00d6n tartom\u00e1ny\u00e1ban.&nbsp;<\/p>\r\n\r\n\r\n\r\n<p>Miel\u0151tt elsz\u00e1ll\u00edtja aut\u00f3j\u00e1t, t\u00f6ltse ki a \"J\u00e1rm\u0171import\" \u0171rlapot, hogy a v\u00e1mellen\u0151rz\u00e9s ne k\u00e9slekedjen.<\/p>\r\n\r\n\r\n\r\n<h3 class=\"wp-block-heading\"><span class=\"ez-toc-section\" id=\"Preparation_and_Necessary_Documentation\"><\/span>Felk\u00e9sz\u00fcl\u00e9s \u00e9s sz\u00fcks\u00e9ges dokument\u00e1ci\u00f3<span class=\"ez-toc-section-end\"><\/span><\/h3>\r\n\r\n\r\n\r\n<ul class=\"wp-block-list\">\r\n<li><strong>J\u00e1rm\u0171 el\u0151k\u00e9sz\u00edt\u00e9s<\/strong>: K\u00e9sz\u00edtse fel aut\u00f3j\u00e1t az utaz\u00e1sra a sz\u00fcks\u00e9ges karbantart\u00e1ssal \u00e9s tiszt\u00edt\u00e1ssal. Gy\u0151z\u0151dj\u00f6n meg r\u00f3la, hogy a kerekek nem s\u00e1rosak. Az \u00fczemanyagtart\u00e1ly legyen kevesebb, mint \u00bc-\u00e9ig tele.<\/li>\r\n<\/ul>\r\n\r\n\r\n\r\n<ul class=\"wp-block-list\">\r\n<li><strong>A j\u00e1rm\u0171 c\u00edme: <\/strong>Az a jogi dokumentum, amely igazolja, hogy az aut\u00f3 az \u00d6n tulajdon\u00e1ban van.<\/li>\r\n<\/ul>\r\n\r\n\r\n\r\n<ul class=\"wp-block-list\">\r\n<li><strong>Fuvarlev\u00e9l<\/strong>: A sz\u00e1ll\u00edtm\u00e1nyoz\u00f3 c\u00e9g fogja feldolgozni a dokumentumot az \u00d6n sz\u00e1m\u00e1ra. Ebben szerepel az aut\u00f3 m\u00e1rk\u00e1ja, modellje, kora \u00e9s j\u00e1rm\u0171azonos\u00edt\u00f3 sz\u00e1ma (VIN), valamint az \u00e1tad\u00e1si kik\u00f6t\u0151k.<\/li>\r\n<\/ul>\r\n\r\n\r\n\r\n<ul class=\"wp-block-list\">\r\n<li><strong>Ad\u00e1sv\u00e9teli szerz\u0151d\u00e9s: <\/strong>Olyan dokumentum, amely tartalmazza az aut\u00f3 \u00e9rt\u00e9k\u00e9t, a v\u00e1s\u00e1rl\u00e1s id\u0151pontj\u00e1t, valamint a vev\u0151t \u00e9s az elad\u00f3t.<\/li>\r\n<\/ul>\r\n\r\n\r\n\r\n<ul class=\"wp-block-list\">\r\n<li><strong>J\u00e1rm\u0171 import formanyomtatv\u00e1ny<\/strong>: A j\u00e1rm\u0171 forgalmi enged\u00e9lye (V5C).<\/li>\r\n<\/ul>\r\n\r\n\r\n\r\n<figure class=\"wp-block-table is-style-stripes\"><table><tbody><tr><td><\/td><td>Sz\u00e1ll\u00edt\u00e1s a k\u00f6vetkez\u0151 c\u00edmre <strong>Toronto<\/strong><\/td><td>Sz\u00e1ll\u00edt\u00e1s a k\u00f6vetkez\u0151 c\u00edmre <strong>Montreal<\/strong><\/td><td>Sz\u00e1ll\u00edt\u00e1s a k\u00f6vetkez\u0151 c\u00edmre <strong>Vancouver<\/strong><\/td><td>Sz\u00e1ll\u00edt\u00e1s a k\u00f6vetkez\u0151 c\u00edmre <strong>Halifax<\/strong><\/td><\/tr><tr><td>Sz\u00e1ll\u00edt\u00e1s a <strong>Jebel Ali kik\u00f6t\u0151<\/strong><\/td><td>14,810 AED<br>CAD 5,565<\/td><td>12,166 AED<br>CAD 4,571<\/td><td>12,696 AED<br>CAD 4,770<\/td><td>8,310 AED<br>CAD 3,122<\/td><\/tr><\/tbody><\/table><\/figure>\r\n\r\n\r\n\r\n<p><em>Az \u00e1rak \u00e1tlagosak \u00e9s egy 2020-as Jeep Renegade 2023 okt\u00f3ber\u00e9ben t\u00f6rt\u00e9n\u0151 sz\u00e1ll\u00edt\u00e1s\u00e1t jelzik kik\u00f6t\u0151b\u0151l kik\u00f6t\u0151be.<\/em><\/p>\r\n\r\n\r\n\r\n<h2 class=\"wp-block-heading\"><span class=\"ez-toc-section\" id=\"Shipping_Times_for_Sea_Freight_to_Canada_from_Dubai\"><\/span>Tengeri sz\u00e1ll\u00edtm\u00e1nyoz\u00e1si id\u0151k Kanad\u00e1ba Dubajb\u00f3l<span class=\"ez-toc-section-end\"><\/span><\/h2>\r\n\r\n\r\n\r\n<figure class=\"wp-block-table is-style-stripes\"><table><tbody><tr><td><\/td><td>Sz\u00e1ll\u00edt\u00e1s a k\u00f6vetkez\u0151 c\u00edmre <strong>Toronto<\/strong><\/td><td>Sz\u00e1ll\u00edt\u00e1s a k\u00f6vetkez\u0151 c\u00edmre <strong>Montreal<\/strong><\/td><td>Sz\u00e1ll\u00edt\u00e1s a k\u00f6vetkez\u0151 c\u00edmre <strong>Vancouver<\/strong><\/td><td>Sz\u00e1ll\u00edt\u00e1s a k\u00f6vetkez\u0151 c\u00edmre <strong>Halifax<\/strong><\/td><\/tr><tr><td>Sz\u00e1ll\u00edt\u00e1s a <strong>Jebel Ali kik\u00f6t\u0151<\/strong><\/td><td>18 - 52 nap<\/td><td>17 - 50 nap<\/td><td>18 - 48 nap<\/td><td>17 - 24 nap<\/td><\/tr><\/tbody><\/table><\/figure>\r\n\r\n\r\n\r\n<h2 class=\"wp-block-heading\"><span class=\"ez-toc-section\" id=\"Government_Regulations_and_the_Customs_Process\"><\/span>Korm\u00e1nyzati rendeletek \u00e9s a v\u00e1melj\u00e1r\u00e1s<span class=\"ez-toc-section-end\"><\/span><\/h2>\r\n\r\n\r\n\r\n<p>A sz\u00e1ll\u00edt\u00e1si folyamat tal\u00e1n legfontosabb r\u00e9sze a korm\u00e1nyzati \u00e9s v\u00e1mszab\u00e1lyok ellen\u0151rz\u00e9se. A v\u00e1mn\u00e1l felmer\u00fcl\u0151 probl\u00e9ma komoly k\u00e9sedelmet okozhat a sz\u00e1ll\u00edt\u00e1sban, \u00e9s jelent\u0151sen megn\u00f6velheti a sz\u00e1ll\u00edt\u00e1si k\u00f6lts\u00e9geket.<\/p>\r\n\r\n\r\n\r\n<h3 class=\"wp-block-heading\"><span class=\"ez-toc-section\" id=\"Necessary_Documentation_for_Shipping\"><\/span>Sz\u00e1ll\u00edt\u00e1shoz sz\u00fcks\u00e9ges dokument\u00e1ci\u00f3<span class=\"ez-toc-section-end\"><\/span><\/h3>\r\n\r\n\r\n\r\n<p>K\u00e9sz\u00edtse el\u0151 az \u00f6sszes sz\u00fcks\u00e9ges dokumentumot, \u00e9s tanulja meg, hogyan kell azokat feldolgozni.&nbsp;<\/p>\r\n\r\n\r\n\r\n<ul class=\"wp-block-list\">\r\n<li><strong>Fuvarlev\u00e9l<\/strong>: Miut\u00e1n \u00d6n szerz\u0151d\u00e9st k\u00f6t\u00f6tt a haj\u00f3z\u00e1si t\u00e1rsas\u00e1ggal, megkapja a fuvarlevelet, egy olyan szerz\u0151d\u00e9st, amely dokument\u00e1lja a rakom\u00e1ny adatait, a rendeltet\u00e9si hely\u00e9t \u00e9s a c\u00edmzettet.&nbsp;<\/li>\r\n<\/ul>\r\n\r\n\r\n\r\n<ul class=\"wp-block-list\">\r\n<li><strong>Csomagol\u00e1si lista<\/strong>: A kont\u00e9ner tartalm\u00e1nak r\u00e9szletes list\u00e1ja.<\/li>\r\n<\/ul>\r\n\r\n\r\n\r\n<ul class=\"wp-block-list\">\r\n<li><strong>Biztos\u00edt\u00e1si dokumentumok: <\/strong>Az \u00d6n sz\u00e1ll\u00edt\u00e1si biztos\u00edt\u00e1si k\u00f6tv\u00e9nye.<\/li>\r\n<\/ul>\r\n\r\n\r\n\r\n<p>A sz\u00e1ll\u00edtm\u00e1ny jelleg\u00e9t\u0151l f\u00fcgg\u0151en a k\u00f6vetkez\u0151 dokumentumokra is sz\u00fcks\u00e9ge lehet:<\/p>\r\n\r\n\r\n\r\n<ul class=\"wp-block-list\">\r\n<li><strong>Sz\u00e1rmaz\u00e1si bizony\u00edtv\u00e1ny<\/strong>: Ha kereskedelmi \u00e1rut sz\u00e1ll\u00edt, dokument\u00e1lnia kell, hogy hol \u00e1ll\u00edtott\u00e1k el\u0151.<\/li>\r\n<\/ul>\r\n\r\n\r\n\r\n<ul class=\"wp-block-list\">\r\n<li><strong>Kereskedelmi sz\u00e1mla<\/strong>: Az \u00e1ru \u00e9rt\u00e9k\u00e9t felt\u00fcntet\u0151 dokumentum.<\/li>\r\n<\/ul>\r\n\r\n\r\n\r\n<ul class=\"wp-block-list\">\r\n<li><strong>Import\/export nyilatkozat<\/strong>: Az \u00e9rintett orsz\u00e1gok behozatali \u00e9s kiviteli formanyomtatv\u00e1nyai.<\/li>\r\n<\/ul>\r\n\r\n\r\n\r\n<h3 class=\"wp-block-heading\"><span class=\"ez-toc-section\" id=\"Canadas_Customs_Regulations\"><\/span>Kanada v\u00e1mszab\u00e1lyai<span class=\"ez-toc-section-end\"><\/span><\/h3>\r\n\r\n\r\n\r\n<p>A kanadai v\u00e1mszab\u00e1lyok az \u00d6n \u00e1llampolg\u00e1rs\u00e1g\u00e1t\u00f3l, tart\u00f3zkod\u00e1si st\u00e1tusz\u00e1t\u00f3l \u00e9s a k\u00fcldem\u00e9ny jelleg\u00e9t\u0151l (k\u00f6lt\u00f6z\u00e9s vagy \u00fczleti c\u00e9l\u00fa k\u00fcldem\u00e9ny) f\u00fcgg\u0151en v\u00e1ltoznak. A v\u00e1mszab\u00e1lyokat t\u00f6bb korm\u00e1nyhivatal egy\u00fcttm\u0171k\u00f6d\u00e9s\u00e9vel alak\u00edtj\u00e1k ki \u00e9s hajtj\u00e1k v\u00e9gre.<\/p>\r\n\r\n\r\n\r\n<p>\u00c9rdemes \u00e1ttanulm\u00e1nyozni a k\u00f6vetkez\u0151 int\u00e9zm\u00e9nyek \u00e1ltal kiadott v\u00e1mszab\u00e1lyokat, hogy k\u00fcldem\u00e9nye ne akadjon el a v\u00e1mon.<\/p>\r\n\r\n\r\n\r\n<ul class=\"wp-block-list\">\r\n<li><a href=\"https:\/\/www.cbsa-asfc.gc.ca\/\" target=\"_blank\" rel=\"noreferrer noopener\"><strong>A Kanadai Hat\u00e1rszolg\u00e1lat (CBSA)<\/strong><\/a>: A hat\u00e1r\u00fcgyn\u00f6ks\u00e9g felel\u0151s a sz\u00e1ll\u00edtm\u00e1nyok ellen\u0151rz\u00e9s\u00e9\u00e9rt, hogy azok megfeleljenek a v\u00e1mel\u0151\u00edr\u00e1soknak.&nbsp;<\/li>\r\n<\/ul>\r\n\r\n\r\n\r\n<ul class=\"wp-block-list\">\r\n<li><a href=\"https:\/\/inspection.canada.ca\/\" target=\"_blank\" rel=\"noreferrer noopener\"><strong>A Kanadai \u00c9lelmiszer-ellen\u0151rz\u00e9si Hivatal (CFIA)<\/strong><\/a>: A CFIA hat\u00e1rozza meg a Kanad\u00e1ba behozhat\u00f3 n\u00f6v\u00e9nyi, \u00e1llati \u00e9s \u00e9lelmiszeripari term\u00e9kekre vonatkoz\u00f3 ir\u00e1nyelveket. Ezek az el\u0151\u00edr\u00e1sok a szem\u00e9lyes t\u00e1rgyakra \u00e9s az import\u00e1lt \u00e1rukra egyar\u00e1nt vonatkoznak. Rendszeresen friss\u00edtik a tilt\u00f3list\u00e1t, hogy megel\u0151zz\u00e9k a j\u00e1rv\u00e1nyokat \u00e9s a Kanada \u00f6kosziszt\u00e9m\u00e1j\u00e1t fenyeget\u0151 potenci\u00e1lis biol\u00f3giai vesz\u00e9lyeket.&nbsp;<\/li>\r\n<\/ul>\r\n\r\n\r\n\r\n<ul class=\"wp-block-list\">\r\n<li><a href=\"https:\/\/www.canada.ca\/en\/environment-climate-change.html\" target=\"_blank\" rel=\"noreferrer noopener\"><strong>K\u00f6rnyezetv\u00e9delem \u00e9s \u00e9ghajlatv\u00e1ltoz\u00e1s Kanada<\/strong><\/a>: Az ECC-szab\u00e1lyok c\u00e9lja a k\u00f6rnyezet v\u00e9delme \u00e9s a behozott technol\u00f3gi\u00e1ra, aut\u00f3kra \u00e9s m\u00e1s potenci\u00e1lis k\u00f6rnyezetszennyez\u0151 anyagokra vonatkoz\u00f3 v\u00e1mszab\u00e1lyok t\u00e1j\u00e9koztat\u00e1sa.<\/li>\r\n<\/ul>\r\n\r\n\r\n\r\n<ul class=\"wp-block-list\">\r\n<li><a href=\"https:\/\/www.dfo-mpo.gc.ca\/index-eng.html\" target=\"_blank\" rel=\"noreferrer noopener\"><strong>Kanadai Hal\u00e1szati \u00e9s \u00d3ce\u00e1ni Hivatal (DFO)<\/strong><\/a>: A DFO-rendeletek t\u00e1j\u00e9koztatj\u00e1k a v\u00e1mszab\u00e1lyokat a v\u00edzi \u00e9l\u0151helyekre vonatkoz\u00f3an.<\/li>\r\n<\/ul>\r\n\r\n\r\n\r\n<ul class=\"wp-block-list\">\r\n<li><strong><a href=\"https:\/\/tc.canada.ca\/en\/road-transportation\/importing-vehicle\" target=\"_blank\" rel=\"noreferrer noopener\">Trans<\/a><\/strong><a href=\"https:\/\/tc.canada.ca\/en\/road-transportation\/importing-vehicle\" target=\"_blank\" rel=\"noopener\"><strong>kik\u00f6t\u0151 Kanada<\/strong><\/a>: A j\u00e1rm\u0171 Kanad\u00e1ba t\u00f6rt\u00e9n\u0151 behozatal\u00e1hoz a Transport Canada enged\u00e9lye sz\u00fcks\u00e9ges.<\/li>\r\n<\/ul>\r\n\r\n\r\n\r\n<h3 class=\"wp-block-heading\"><span class=\"ez-toc-section\" id=\"Dubais_Export_Regulations\"><\/span>Dubai exportszab\u00e1lyai<span class=\"ez-toc-section-end\"><\/span><\/h3>\r\n\r\n\r\n\r\n<p>Dubajban a v\u00e1melj\u00e1r\u00e1st a k\u00f6vetkez\u0151k szab\u00e1lyozz\u00e1k:<\/p>\r\n\r\n\r\n\r\n<ul class=\"wp-block-list\">\r\n<li><a href=\"https:\/\/fca.gov.ae\/en\/Home\/Pages\/default.aspx\" target=\"_blank\" rel=\"noreferrer noopener\"><strong>Egyes\u00fclt Arab Em\u00edrs\u00e9gek Sz\u00f6vets\u00e9gi V\u00e1mhat\u00f3s\u00e1ga (FCA)<\/strong><\/a>: Az FCA felel\u0151s a behozatali \u00e9s kiviteli szab\u00e1lyok betart\u00e1s\u00e1\u00e9rt. <a href=\"https:\/\/moverdb.com\/hu\/moving-to-the-uae\/\" data-internallinksmanager029f6b8e52c=\"329\" title=\"Az Egyes\u00fclt Arab Em\u00edrs\u00e9gekbe (UAE) k\u00f6lt\u00f6zik? 2024 Meg\u00e9lhet\u00e9si k\u00f6lts\u00e9gek \u00e9s k\u00f6lt\u00f6z\u00e9si tippek\">UAE<\/a>. Ellen\u0151rizze az FCA ir\u00e1nyelveit, hogy megbizonyosodjon arr\u00f3l, hogy export\u00e1lhat-e \u00e1rukat Dubaib\u00f3l Kanad\u00e1ba.<\/li>\r\n<\/ul>\r\n\r\n\r\n\r\n<ul class=\"wp-block-list\">\r\n<li><a href=\"https:\/\/www.dubaicustoms.gov.ae\/en\/Pages\/default.aspx\" target=\"_blank\" rel=\"noreferrer noopener\"><strong>Dubaji v\u00e1mhat\u00f3s\u00e1g<\/strong><\/a>: Minden Dubajb\u00f3l indul\u00f3 \u00e9s Dubajba ir\u00e1nyul\u00f3 sz\u00e1ll\u00edtm\u00e1nyt a dubaji v\u00e1mhat\u00f3s\u00e1g fel\u00fcgyelete alatt hajtanak v\u00e9gre.<\/li>\r\n<\/ul>\r\n\r\n\r\n\r\n<ul class=\"wp-block-list\">\r\n<li><a href=\"https:\/\/www.dubaicustoms.gov.ae\/en\/eServices\/ServicesForIndividuals\/CustomsClearance\/Pages\/SubmitCustomsDeclaration.aspx\" target=\"_blank\" rel=\"noreferrer noopener\"><strong>Exportnyilatkozat<\/strong><\/a>: Ha \u00d6n Dubajb\u00f3l Kanad\u00e1ba export\u00e1l \u00e1rut, a dubaji v\u00e1mhivatalnak be kell jelentenie a sz\u00e1ll\u00edtm\u00e1nyra vonatkoz\u00f3 \u00f6sszes l\u00e9nyeges inform\u00e1ci\u00f3t.<\/li>\r\n<\/ul>\r\n\r\n\r\n\r\n<h2 class=\"wp-block-heading\"><span class=\"ez-toc-section\" id=\"Top_Goods_and_Services_Imported_by_Canada\"><\/span>A Kanada \u00e1ltal import\u00e1lt legfontosabb \u00e1ruk \u00e9s szolg\u00e1ltat\u00e1sok<span class=\"ez-toc-section-end\"><\/span><\/h2>\r\n\r\n\r\n\r\n<p>A Kanada \u00e9s az Egyes\u00fclt Arab Em\u00edrs\u00e9gek k\u00f6z\u00f6tti nemzetk\u00f6zi kereskedelem jelent\u0151sen megn\u0151tt az elm\u00falt \u00e9vtizedben. Kanada t\u00f6bbf\u00e9le nyersanyagot \u00e9s feldolgozott anyagot import\u00e1l az Egyes\u00fclt Arab Em\u00edrs\u00e9gekb\u0151l.<\/p>\r\n\r\n\r\n\r\n<h3 class=\"wp-block-heading\"><span class=\"ez-toc-section\" id=\"Canada_Imports_from_the_United_Arab_Emirates\"><\/span>Kanada behozatala az Egyes\u00fclt Arab Em\u00edrs\u00e9gekb\u0151l<span class=\"ez-toc-section-end\"><\/span><\/h3>\r\n\r\n\r\n\r\n<ul class=\"wp-block-list\">\r\n<li><strong>Vas \u00e9s ac\u00e9l: <\/strong>\u00c9p\u00edt\u0151ipari, m\u00e9rn\u00f6ki \u00e9s egy\u00e9b relev\u00e1ns projektekben haszn\u00e1latos.<\/li>\r\n<\/ul>\r\n\r\n\r\n\r\n<ul class=\"wp-block-list\">\r\n<li><strong>H\u00e1ztart\u00e1si cikkek<\/strong>: A j\u00e1t\u00e9kokt\u00f3l az \u00fcveg\u00e1rukig, b\u00fatorokig, ruh\u00e1zati cikkekig \u00e9s sz\u0151nyegekig Kanada sz\u00e1mos h\u00e1ztart\u00e1si \u00e9s kiskereskedelmi term\u00e9ket import\u00e1l az Egyes\u00fclt Arab Em\u00edrs\u00e9gekb\u0151l.<\/li>\r\n<\/ul>\r\n\r\n\r\n\r\n<ul class=\"wp-block-list\">\r\n<li><strong>Ill\u00f3olajok \u00e9s kozmetikumok:<\/strong> Kanada jelent\u0151s mennyis\u00e9g\u0171 piperecikket, parf\u00fcm\u00f6t, szappant \u00e9s feldolgozott ill\u00f3olajat import\u00e1l az Egyes\u00fclt Arab Em\u00edrs\u00e9gekb\u0151l. Ezeket a term\u00e9keket a kiskereskedelemben lehet \u00e9rt\u00e9kes\u00edteni, illetve Kanad\u00e1ban aromater\u00e1pi\u00e1ban \u00e9s parf\u00fcmgy\u00e1rt\u00e1sban lehet felhaszn\u00e1lni.<\/li>\r\n<\/ul>\r\n\r\n\r\n\r\n<ul class=\"wp-block-list\">\r\n<li><strong>\u00c1sv\u00e1nyok \u00e9s \u00fczemanyagok<\/strong>: A k\u0151olajat, f\u00f6ldg\u00e1zt \u00e9s szenet m\u0171anyag \u00e9s feldolgozott \u00fczemanyagok el\u0151\u00e1ll\u00edt\u00e1s\u00e1ra haszn\u00e1lj\u00e1k. B\u00e1r Kanada rendelkezik az \u00fczemanyagsz\u00fcks\u00e9glet\u00e9nek kiel\u00e9g\u00edt\u00e9s\u00e9hez sz\u00fcks\u00e9ges \u00fczemanyagforr\u00e1sokkal, m\u00e9gis import\u00e1l \u00e9s export\u00e1l \u00fczemanyagot a hat\u00e1rokon kereszt\u00fcl. Az import\u00e1lt k\u0151olaj Kanada sz\u00e1mos r\u00e9gi\u00f3j\u00e1ban fontos energiaforr\u00e1s.<\/li>\r\n<\/ul>\r\n\r\n\r\n\r\n<ul class=\"wp-block-list\">\r\n<li><strong>Gy\u00f3gyszeripari term\u00e9kek<\/strong>: Az Egyes\u00fclt Arab Em\u00edrs\u00e9gek \u00e9s Kanada k\u00f6z\u00f6tti gy\u00f3gyszerkereskedelem viszonylag kisebb a Kanad\u00e1b\u00f3l sz\u00e1rmaz\u00f3 egy\u00e9b importhoz k\u00e9pest, de tov\u00e1bbra is jelent\u0151s piac.<\/li>\r\n<\/ul>\r\n\r\n\r\n\r\n<ul class=\"wp-block-list\">\r\n<li><strong>Dr\u00e1gak\u00f6vek: <\/strong>Az arany, gy\u00f6ngy\u00f6k, gy\u00e9m\u00e1ntok, dr\u00e1gak\u00f6vek \u00e9s egy\u00e9b dr\u00e1gak\u00f6vek az Egyes\u00fclt Arab Em\u00edrs\u00e9gek \u00e9s Kanada k\u00f6z\u00f6tti exportpiac nagy r\u00e9sz\u00e9t teszik ki.<\/li>\r\n<\/ul>\r\n\r\n\r\n\r\n<ul class=\"wp-block-list\">\r\n<li><strong>G\u00e9pek<\/strong>: Ide tartoznak a Kanad\u00e1ban haszn\u00e1lt atomreaktorok, kaz\u00e1nok \u00e9s egy\u00e9b ipari g\u00e9pek.<\/li>\r\n<\/ul>\r\n\r\n\r\n\r\n<ul class=\"wp-block-list\">\r\n<li><strong>\u00c9lelmiszerek \u00e9s italok<\/strong>: Kanada sz\u00e1mos \u00e9lelmiszert import\u00e1l az Egyes\u00fclt Arab Em\u00edrs\u00e9gekb\u0151l, t\u00f6bbek k\u00f6z\u00f6tt k\u00e1v\u00e9t, te\u00e1t, f\u0171szereket, gabonaf\u00e9l\u00e9ket, liszteket, gy\u00fcm\u00f6lcs\u00f6ket stb.<\/li>\r\n<\/ul>\r\n\r\n\r\n\r\n<h2 class=\"wp-block-heading\"><span class=\"ez-toc-section\" id=\"Restricted_Items_for_Shipping_to_Canada\"><\/span>Korl\u00e1tozott t\u00e9telek Kanad\u00e1ba t\u00f6rt\u00e9n\u0151 sz\u00e1ll\u00edt\u00e1shoz<span class=\"ez-toc-section-end\"><\/span><\/h2>\r\n\r\n\r\n\r\n<p>Miel\u0151tt szem\u00e9lyes t\u00e1rgyakat vagy export\u00e1rut k\u00fcldene az orsz\u00e1gba, gondosan \u00e1t kell n\u00e9znie a kanadai sz\u00e1ll\u00edt\u00e1si szab\u00e1lyokat. A behozatali \u00e9s a h\u00e1ztart\u00e1si\/szem\u00e9lyes sz\u00e1ll\u00edt\u00e1sra vonatkoz\u00f3 el\u0151\u00edr\u00e1sok k\u00fcl\u00f6nb\u00f6znek, ez\u00e9rt gy\u0151z\u0151dj\u00f6n meg r\u00f3la, hogy a megfelel\u0151 ir\u00e1nyelveket vizsg\u00e1lja meg.<\/p>\r\n\r\n\r\n\r\n<p>Az al\u00e1bbiakban ismertetett szab\u00e1lyok f\u0151k\u00e9nt a szem\u00e9lyes\/h\u00e1ztart\u00e1si sz\u00e1ll\u00edt\u00e1sra vonatkoznak, azonban ne feledje, hogy n\u00e9h\u00e1nyuk az import\u00e1lt \u00e1rukra is vonatkozik. Ha k\u00e9ts\u00e9gei vannak, mindig ellen\u0151rizze a <a href=\"https:\/\/www.cbsa-asfc.gc.ca\/services\/fpa-apa\/regs-eng.html\" target=\"_blank\" rel=\"noreferrer noopener\">A Kanadai V\u00e1mhivatal honlapja<\/a> tov\u00e1bbi inform\u00e1ci\u00f3\u00e9rt.<\/p>\r\n\r\n\r\n\r\n<p>K\u00e9rj\u00fck, vegye figyelembe, hogy nem szabad olyan t\u00e1rgyakat sz\u00e1ll\u00edtani, amelyek vesz\u00e9lyeztethetik Kanada \u00f6kosziszt\u00e9m\u00e1j\u00e1t \u00e9s biol\u00f3giai sokf\u00e9les\u00e9g\u00e9t. Ez azt jelenti, hogy be kell jelentenie minden \u00e9lelmiszer, n\u00f6v\u00e9nyi \u00e9s \u00e1llati term\u00e9ket, amelyet sz\u00e1ll\u00edt, valamint egy\u00e9b anyagokat, p\u00e9ld\u00e1ul iszapot, f\u00e1t, t\u0171zif\u00e1t \u00e9s \u00edgy tov\u00e1bb. A fab\u00fatorokat is be kell jelenteni.<\/p>\r\n\r\n\r\n\r\n<p>Az emberek gyakran nem tudj\u00e1k, hogy Kanada sz\u00e1ll\u00edt\u00e1si szab\u00e1lyai mennyire \u00e1tfog\u00f3ak, \u00e9s megpr\u00f3b\u00e1lnak olyan korl\u00e1tozottan sz\u00e1ll\u00edthat\u00f3 t\u00e1rgyakat sz\u00e1ll\u00edtani, mint a konzervek vagy h\u00e1zi k\u00e9sz\u00edt\u00e9s\u0171 \u00e9lelmiszerek, gy\u00f3gyn\u00f6v\u00e9nyes gy\u00f3gyszerek, faragott t\u00e1rgyak \u00e9s \u00e1llati b\u0151rrel vagy b\u0151rrel d\u00edsz\u00edtett t\u00e1rgyak.&nbsp;<\/p>\r\n\r\n\r\n\r\n<p>E \"k\u00f6telez\u0151en bejelentend\u0151\" \u00e1rukon k\u00edv\u00fcl vannak korl\u00e1tozott vagy tiltott \u00e1ruk is. A korl\u00e1tozott \u00e1rucikkek eset\u00e9ben a sz\u00e1ll\u00edt\u00e1si folyamat el\u0151tt el\u0151zetes j\u00f3v\u00e1hagy\u00e1st kell szereznie. A tiltott \u00e1rukat egy\u00e1ltal\u00e1n nem hozhatja be Kanad\u00e1ba.<\/p>\r\n\r\n\r\n\r\n<p>Mindig ellen\u0151rizze a <a href=\"https:\/\/www.cbsa-asfc.gc.ca\/services\/fpa-apa\/regs-eng.html\" target=\"_blank\" rel=\"noreferrer noopener\">A Kanadai V\u00e1mhivatal honlapja<\/a> a korl\u00e1tozott vagy tiltott \u00e1rukkal kapcsolatos legfrissebb inform\u00e1ci\u00f3k\u00e9rt.<\/p>\r\n\r\n\r\n\r\n<h3 class=\"wp-block-heading\"><span class=\"ez-toc-section\" id=\"Prohibited_Goods\"><\/span>Tiltott \u00e1ruk&nbsp;<span class=\"ez-toc-section-end\"><\/span><\/h3>\r\n\r\n\r\n\r\n<ul class=\"wp-block-list\">\r\n<li>Cannabis;<\/li>\r\n\r\n\r\n\r\n<li>\u00c9lelmiszerek, \u00e1llati \u00e9s n\u00f6v\u00e9nyi term\u00e9kek, amelyek vesz\u00e9lyeztethetik Kanada biol\u00f3giai sokf\u00e9les\u00e9g\u00e9t. Miut\u00e1n bejelentette \u00e1ruj\u00e1t, a v\u00e1mtisztvisel\u0151k ellen\u0151rzik, hogy az nem s\u00e9rti-e a Kanadai \u00c9lelmiszer-ellen\u0151rz\u00e9si Hivatal ir\u00e1nyelveit. Ha ilyen \u00e1rukat import\u00e1l, k\u00f6vesse az al\u00e1bbiakat <a href=\"https:\/\/inspection.canada.ca\/importing-food-plants-or-animals\/food-imports\/step-by-step-guide\/eng\/1523979839705\/1523979840095\" target=\"_blank\" rel=\"noreferrer noopener\">CFIA<\/a> ir\u00e1nymutat\u00e1sokat \u00e9s haszn\u00e1lja a <a href=\"https:\/\/www.inspection.gc.ca\/importing-food-plants-or-animals\/plant-and-plant-product-imports\/airs\/eng\/1300127512994\/1300127627409\" target=\"_blank\" rel=\"noreferrer noopener\">Automatiz\u00e1lt behozatali referenciarendszer<\/a> (AIRS), hogy ne szegjen meg semmilyen szab\u00e1lyt;<\/li>\r\n\r\n\r\n\r\n<li>Bizonyos l\u0151fegyverek \u00e9s fegyverek;<\/li>\r\n\r\n\r\n\r\n<li>Vesz\u00e9lyeztetett fajok \u00e9s olyan t\u00e1rgyak\/\u00e1rucikkek, amelyek vesz\u00e9lyeztetett fajokb\u00f3l k\u00e9sz\u00fcltek vagy azok r\u00e9szeivel vannak d\u00edsz\u00edtve.&nbsp;<\/li>\r\n<\/ul>\r\n\r\n\r\n\r\n<h3 class=\"wp-block-heading\"><span class=\"ez-toc-section\" id=\"Restricted_Items\"><\/span>Korl\u00e1tozott t\u00e9telek<span class=\"ez-toc-section-end\"><\/span><\/h3>\r\n\r\n\r\n\r\n<p>A k\u00f6vetkez\u0151 t\u00e9telekre enged\u00e9lyt kell beszereznie:<\/p>\r\n\r\n\r\n\r\n<ul class=\"wp-block-list\">\r\n<li>Robban\u00f3anyagok, bizonyos t\u00edpus\u00fa l\u0151szerek \u00e9s t\u0171zij\u00e1t\u00e9kok. Mindig jelentse be az orsz\u00e1gba behozott fegyvereket, l\u0151fegyvereket \u00e9s l\u0151szereket. Azt, hogy mely fegyverek \u00e9s l\u0151fegyverek korl\u00e1toz\u00e1s al\u00e1 esnek, a k\u00f6vetkez\u0151 weboldalon tudhatja meg <a href=\"https:\/\/www.cbsa-asfc.gc.ca\/import\/iefw-iefa-eng.html\" target=\"_blank\" rel=\"noreferrer noopener\">CBSA honlapja<\/a>;<\/li>\r\n\r\n\r\n\r\n<li>A sz\u00e1rmaz\u00e1si orsz\u00e1g t\u00f6rt\u00e9nelme \u00e9s kult\u00far\u00e1ja szempontj\u00e1b\u00f3l jelent\u0151snek tekintett t\u00e1rgyak, p\u00e9ld\u00e1ul r\u00e9gis\u00e9gek \u00e9s m\u00e1s t\u00f6rt\u00e9nelmi t\u00e1rgyak;<\/li>\r\n\r\n\r\n\r\n<li>V\u00e9nyk\u00f6teles gy\u00f3gyszerek.<\/li>\r\n<\/ul>\r\n\r\n\r\n\r\n<h3 class=\"wp-block-heading\"><span class=\"ez-toc-section\" id=\"Prohibited_and_Regulated_Consumer_Items\"><\/span>Tiltott \u00e9s szab\u00e1lyozott fogyaszt\u00e1si cikkek<span class=\"ez-toc-section-end\"><\/span><\/h3>\r\n\r\n\r\n\r\n<h4 class=\"wp-block-heading\"><span class=\"ez-toc-section\" id=\"Prohibited_Products\"><\/span>Tiltott term\u00e9kek<span class=\"ez-toc-section-end\"><\/span><\/h4>\r\n\r\n\r\n\r\n<p>Bizonyos kereskedelmi cikkek Kanad\u00e1ban eg\u00e9szs\u00e9g\u00fcgyi \u00e9s biztons\u00e1gi el\u0151\u00edr\u00e1sok miatt tilosak:<\/p>\r\n\r\n\r\n\r\n<ul class=\"wp-block-list\">\r\n<li>Gyerty\u00e1k \u00fajragy\u00fajt\u00e1sa<\/li>\r\n\r\n\r\n\r\n<li>Baba j\u00e1r\u00f3k\u00e1k<\/li>\r\n\r\n\r\n\r\n<li>Jequirity Beans<\/li>\r\n\r\n\r\n\r\n<li>L\u00e9gg\u00f6mb f\u00faj\u00f3 k\u00e9szletek<\/li>\r\n\r\n\r\n\r\n<li>Yo-Yo labd\u00e1k hossz\u00fa zsin\u00f3rral<\/li>\r\n\r\n\r\n\r\n<li>Csecsem\u0151 \u00f6nell\u00e1t\u00f3 eszk\u00f6z\u00f6k<\/li>\r\n\r\n\r\n\r\n<li>P\u00e1zsit darts hossz\u00fak\u00e1s hegyekkel<\/li>\r\n<\/ul>\r\n\r\n\r\n\r\n<h4 class=\"wp-block-heading\"><span class=\"ez-toc-section\" id=\"Regulated_Products\"><\/span>Szab\u00e1lyozott term\u00e9kek&nbsp;<span class=\"ez-toc-section-end\"><\/span><\/h4>\r\n\r\n\r\n\r\n<p>Az al\u00e1bbi term\u00e9kek szigor\u00faan szab\u00e1lyozottak, \u00e9s az orsz\u00e1gba t\u00f6rt\u00e9n\u0151 sz\u00e1ll\u00edt\u00e1shoz meg kell felelni\u00fck a kanadai szabv\u00e1nyoknak:<\/p>\r\n\r\n\r\n\r\n<ul class=\"wp-block-list\">\r\n<li>Kis\u00e1gyak, b\u00f6lcs\u0151k \u00e9s m\u00f3zeskosarak<\/li>\r\n\r\n\r\n\r\n<li>J\u00e1tsz\u00f3sz\u0151nyegek<\/li>\r\n\r\n\r\n\r\n<li>Babakocsik<\/li>\r\n\r\n\r\n\r\n<li>Babakapuk<\/li>\r\n\r\n\r\n\r\n<li>Hokisisisakok \u00e9s arcv\u00e9d\u0151k<\/li>\r\n\r\n\r\n\r\n<li>\u00d6ngy\u00fajt\u00f3k<\/li>\r\n\r\n\r\n\r\n<li>Aut\u00f3\u00fcl\u00e9sek<\/li>\r\n<\/ul>\r\n\r\n\r\n\r\n<h3 class=\"wp-block-heading\"><span class=\"ez-toc-section\" id=\"Special_Considerations\"><\/span>K\u00fcl\u00f6nleges megfontol\u00e1sok<span class=\"ez-toc-section-end\"><\/span><\/h3>\r\n\r\n\r\n\r\n<p>Kanada eg\u00e9szs\u00e9g\u00fcgyi \u00e9s biztons\u00e1gi agg\u00e1lyok miatt tilalmat rendelhet el bizonyos term\u00e9kek \u00e9s\/vagy \u00e1llatok behozatal\u00e1ra bizonyos r\u00e9gi\u00f3kb\u00f3l.&nbsp;<\/p>\r\n\r\n\r\n\r\n<p>2023 november\u00e9t\u0151l a madarak \u00e9s mad\u00e1r mell\u00e9kterm\u00e9kek a k\u00f6vetkez\u0151 helyeken <a href=\"https:\/\/inspection.canada.ca\/animal-health\/terrestrial-animals\/diseases\/reportable\/avian-influenza\/information-for-travellers\/eng\/1659970020470\/1659970021314\" target=\"_blank\" rel=\"noreferrer noopener\">a mad\u00e1rinfluenza \u00e1ltal \u00e9rintett r\u00e9gi\u00f3k<\/a> \u00e9s kereskedelmi kuty\u00e1k olyan orsz\u00e1gokb\u00f3l, ahol <a href=\"https:\/\/inspection.canada.ca\/animal-health\/terrestrial-animals\/diseases\/reportable\/rabies\/countries-at-high-risk-for-dog-rabies\/eng\/1656375417730\/1656375418777\" target=\"_blank\" rel=\"noreferrer noopener\">magas veszetts\u00e9gi kock\u00e1zat<\/a> tilos.&nbsp;<\/p>\r\n\r\n\r\n\r\n<h2 class=\"wp-block-heading\"><span class=\"ez-toc-section\" id=\"Obtaining_a_Personalized_Quote\"><\/span>Szem\u00e9lyre szabott \u00e1raj\u00e1nlat beszerz\u00e9se<span class=\"ez-toc-section-end\"><\/span><\/h2>\r\n\r\n\r\n\r\n<p>Szem\u00e9lyre szabott \u00e1raj\u00e1nlat beszerz\u00e9se a legjobb m\u00f3dja a sz\u00e1ll\u00edt\u00e1s megtervez\u00e9s\u00e9nek. Az eszk\u00f6z seg\u00edts\u00e9g\u00e9vel azonnal megtudhatja a sz\u00e1ll\u00edt\u00e1s k\u00f6lts\u00e9geit \u00e9s idej\u00e9t, \u00e9s szem\u00e9lyre szabott \u00e1rakat kaphat.<\/p>\r\n\r\n\r\n\r\n<p>A szem\u00e9lyre szabott aj\u00e1nlatk\u00e9r\u00e9s jobb, mint a standard \u00e1rakra hagyatkozni, \u00e9s olyan el\u0151ny\u00f6ket k\u00edn\u00e1l, mint p\u00e9ld\u00e1ul:<\/p>\r\n\r\n\r\n\r\n<ul class=\"wp-block-list\">\r\n<li><strong>Pontoss\u00e1g<\/strong>: Pontosabb \u00e1rbecsl\u00e9st kap, amely figyelembe veszi a csomagol\u00e1si, sz\u00e1ll\u00edt\u00e1si \u00e9s \u00e1tv\u00e9teli sz\u00e1ll\u00edt\u00e1si ig\u00e9nyeket.&nbsp;<\/li>\r\n<\/ul>\r\n\r\n\r\n\r\n<ul class=\"wp-block-list\">\r\n<li><strong>K\u00f6lts\u00e9gvet\u00e9s<\/strong>: K\u00e9pes lesz \u00f6sszehasonl\u00edtani \u00e9s szembe\u00e1ll\u00edtani a k\u00fcl\u00f6nb\u00f6z\u0151 szolg\u00e1ltat\u00e1sokat, \u00e9s jobb p\u00e9nz\u00fcgyi d\u00f6nt\u00e9seket hozni.<\/li>\r\n<\/ul>\r\n\r\n\r\n\r\n<ul class=\"wp-block-list\">\r\n<li><strong>Id\u0151megtakar\u00edt\u00e1s<\/strong>: Gyorsabb, mint az interneten \u00e1rak ut\u00e1n kutatni \u00e9s a sz\u00e1ll\u00edtm\u00e1nyoz\u00e1si c\u00e9geket felh\u00edvni.<\/li>\r\n<\/ul>\r\n\r\n\r\n\r\n<ul class=\"wp-block-list\">\r\n<li><strong>Rugalmass\u00e1g<\/strong>: Megvizsg\u00e1lhatja a k\u00fcl\u00f6nb\u00f6z\u0151 lehet\u0151s\u00e9geket, p\u00e9ld\u00e1ul a kont\u00e9ner m\u00f3dokat \u00e9s k\u00f6vetelm\u00e9nyeket, hogy megtal\u00e1lja az \u00d6n ig\u00e9nyeinek \u00e9s k\u00f6lts\u00e9gvet\u00e9s\u00e9nek legmegfelel\u0151bb sz\u00e1ll\u00edt\u00e1si lehet\u0151s\u00e9get.<\/li>\r\n<\/ul>\r\n\r\n\r\n\r\n<p>Miut\u00e1n szem\u00e9lyre szabott \u00e1raj\u00e1nlatot kapott, r\u00e9szletesebb inform\u00e1ci\u00f3k\u00e9rt fordulhat a sz\u00fcks\u00e9ges szolg\u00e1ltat\u00e1sokkal vagy k\u00e9rd\u00e9sekkel kapcsolatban.&nbsp;<\/p>\r\n\r\n\r\n\r\n<h2 class=\"wp-block-heading\"><span class=\"ez-toc-section\" id=\"FAQ\"><\/span>F.A.Q.<span class=\"ez-toc-section-end\"><\/span><\/h2>\r\n\r\n\r\n\r\n<h3 class=\"wp-block-heading\"><span class=\"ez-toc-section\" id=\"How_long_does_a_typical_shipment_take_from_Dubai_to_Canada\"><\/span>Mennyi ideig tart egy tipikus sz\u00e1ll\u00edtm\u00e1ny Dubajb\u00f3l Kanad\u00e1ba?<span class=\"ez-toc-section-end\"><\/span><\/h3>\r\n\r\n\r\n\r\n<p>A kanadai c\u00e9l\u00e1llom\u00e1st\u00f3l f\u00fcgg\u0151en a k\u00fcldem\u00e9ny meg\u00e9rkez\u00e9se 30-60 napot vehet ig\u00e9nybe. A k\u00fcldem\u00e9ny k\u00e9shet az id\u0151j\u00e1r\u00e1si viszonyok \u00e9s m\u00e1s lehets\u00e9ges probl\u00e9m\u00e1k miatt a kik\u00f6t\u0151k k\u00f6z\u00f6tti id\u0151szakban.<\/p>\r\n\r\n\r\n\r\n<h3 class=\"wp-block-heading\"><span class=\"ez-toc-section\" id=\"Im_relocating_from_Dubai_to_Canada_should_I_use_a_shared_container_LCL\"><\/span>Dubaib\u00f3l Kanad\u00e1ba k\u00f6lt\u00f6z\u00f6m, k\u00f6z\u00f6s kont\u00e9nert (LCL) kellene haszn\u00e1lnom?<span class=\"ez-toc-section-end\"><\/span><\/h3>\r\n\r\n\r\n\r\n<p>A megosztott kont\u00e9ner b\u00e9rl\u00e9se ide\u00e1lis, ha nem sz\u00e1ll\u00edt sok term\u00e9ket. Egy kis lak\u00e1st (egy h\u00e1l\u00f3szob\u00e1t) k\u00f6nnyen be lehet pakolni egy LCL kont\u00e9nerbe.<\/p>\r\n\r\n\r\n\r\n<h3 class=\"wp-block-heading\"><span class=\"ez-toc-section\" id=\"Can_I_ship_my_car_to_Canada_from_Dubai\"><\/span>Sz\u00e1ll\u00edthatom az aut\u00f3mat Kanad\u00e1ba Dubaib\u00f3l?<span class=\"ez-toc-section-end\"><\/span><\/h3>\r\n\r\n\r\n\r\n<p>Ez az aut\u00f3 kor\u00e1t\u00f3l, m\u00e1rk\u00e1j\u00e1t\u00f3l \u00e9s modellj\u00e9t\u0151l f\u00fcgg. Az aut\u00f3 elsz\u00e1ll\u00edt\u00e1sa el\u0151tt ellen\u0151rizze a Transport Canada ir\u00e1nyelveit, valamint a region\u00e1lis g\u00e9pj\u00e1rm\u0171-nyilv\u00e1ntart\u00e1si hat\u00f3s\u00e1gokat.<\/p>\r\n\r\n\r\n\r\n<h3 class=\"wp-block-heading\"><span class=\"ez-toc-section\" id=\"Can_I_ship_a_baby_walker_andor_stroller_from_Dubai_to_Canada\"><\/span>Tudok-e babakocsit \u00e9s\/vagy babakocsit sz\u00e1ll\u00edtani Dubaib\u00f3l Kanad\u00e1ba?&nbsp;<span class=\"ez-toc-section-end\"><\/span><\/h3>\r\n\r\n\r\n\r\n<p>A babakocsi tilos, \u00e9s nem szabad Kanad\u00e1ba sz\u00e1ll\u00edtani. A babakocsik akkor sz\u00e1ll\u00edthat\u00f3k, ha megfelelnek a kanadai biztons\u00e1gi el\u0151\u00edr\u00e1soknak.<\/p>\r\n\r\n\r\n<h2><span class=\"ez-toc-section\" id=\"Other_Useful_Guides_to_Canada\"><\/span>Egy\u00e9b hasznos \u00fatmutat\u00f3k Kanad\u00e1hoz<span class=\"ez-toc-section-end\"><\/span><\/h2>\r\n\r\n<ul>\r\n<li> <a href=\"https:\/\/moverdb.com\/hu\/kontenerszallitas\/kanada\/\">2024 Tengeri tehersz\u00e1ll\u00edt\u00e1si kont\u00e9ner \u00e1rak Kanad\u00e1ba \u00e9s Kanad\u00e1b\u00f3l<\/a><\/li>\r\n<li> <a href=\"https:\/\/moverdb.com\/hu\/legjobb-nemzetkozi-penzatutalasi-szolgaltatasok\/money-transfer-companies-canada\/\">A 10 legjobb p\u00e9nz\u00e1tutal\u00e1si v\u00e1llalat Kanad\u00e1ban<\/a><\/li>\r\n<li> <a href=\"https:\/\/moverdb.com\/hu\/koltozteto-cegek\/kanadai-koltozteto-cegek\/\">A 40 legjobb nemzetk\u00f6zi k\u00f6lt\u00f6ztet\u0151 c\u00e9g Kanad\u00e1ban<\/a><\/li>\r\n<li> <a href=\"https:\/\/moverdb.com\/hu\/moving-to-canada\/\">Kanad\u00e1ba k\u00f6lt\u00f6zik? 2024 \u00c9letk\u00f6lts\u00e9gek \u00e9s k\u00f6lt\u00f6z\u00e9si tippek<\/a><\/li>\r\n<li> <a href=\"https:\/\/moverdb.com\/hu\/moving-to-canada\/best-places-to-live-canada\/\">12 legjobb hely Kanad\u00e1ban \u00e9lni<\/a><\/li>\r\n<li> <a href=\"https:\/\/moverdb.com\/hu\/moving-to-canada\/living-in-canada\/\">21 titok a Kanad\u00e1ban \u00e9l\u00e9sr\u0151l, amit tudnod kell k\u00f6lt\u00f6z\u00e9s el\u0151tt<\/a><\/li>\r\n<li> <a href=\"https:\/\/moverdb.com\/hu\/moving-to-canada\/canada-from-us\/\">Kanad\u00e1ba k\u00f6lt\u00f6z\u00e9s az Egyes\u00fclt \u00c1llamokb\u00f3l<\/a><\/li>\r\n<li> <a href=\"https:\/\/moverdb.com\/hu\/kontenerszallitas\/to-canada-from-the-united-states\/\">Kont\u00e9nersz\u00e1ll\u00edt\u00e1s Kanad\u00e1ba az Egyes\u00fclt \u00c1llamokb\u00f3l 2024 K\u00f6lts\u00e9gek<\/a><\/li>\r\n<li> <a href=\"https:\/\/moverdb.com\/hu\/moving-to-canada\/moving-to-canada-from-the-uk\/\">Kanad\u00e1ba k\u00f6lt\u00f6z\u00e9s az Egyes\u00fclt Kir\u00e1lys\u00e1gb\u00f3l<\/a><\/li>\r\n<li> <a href=\"https:\/\/moverdb.com\/hu\/kontenerszallitas\/to-canada-from-the-uk\/\">Kont\u00e9nersz\u00e1ll\u00edt\u00e1s Kanad\u00e1ba az Egyes\u00fclt Kir\u00e1lys\u00e1gb\u00f3l 2024 K\u00f6lts\u00e9gek<\/a><\/li>\r\n<li> <a href=\"https:\/\/moverdb.com\/hu\/kontenerszallitas\/to-canada-from-australia\/\">Kont\u00e9nersz\u00e1ll\u00edt\u00e1s Ausztr\u00e1li\u00e1b\u00f3l Kanad\u00e1ba 2024 k\u00f6lts\u00e9g<\/a><\/li>\r\n<li> <a href=\"https:\/\/moverdb.com\/hu\/moving-to-canada\/moving-to-canada-from-dubai-and-the-uae\/\">Kanad\u00e1ba k\u00f6lt\u00f6z\u00e9s Dubaib\u00f3l \u00e9s az Egyes\u00fclt Arab Em\u00edrs\u00e9gekb\u0151l<\/a><\/li>\r\n<li> <a href=\"https:\/\/moverdb.com\/hu\/kontenerszallitas\/to-canada-from-the-uae\/\">Kont\u00e9nersz\u00e1ll\u00edt\u00e1s Kanad\u00e1ba az Egyes\u00fclt Arab Em\u00edrs\u00e9gekb\u0151l 2024 k\u00f6lts\u00e9gei<\/a><\/li>\r\n<li> <a href=\"https:\/\/moverdb.com\/hu\/kontenerszallitas\/to-canada-from-new-zealand\/\">Kont\u00e9nersz\u00e1ll\u00edt\u00e1s \u00daj-Z\u00e9landr\u00f3l Kanad\u00e1ba 2024 k\u00f6lts\u00e9gei<\/a><\/li>\r\n<li> <a href=\"https:\/\/moverdb.com\/hu\/moving-to-canada\/moving-to-canada-from-qatar\/\">Kanad\u00e1ba k\u00f6lt\u00f6z\u00e9s Katarb\u00f3l<\/a><\/li>\r\n<li> <a href=\"https:\/\/moverdb.com\/hu\/kontenerszallitas\/to-canada-from-qatar\/\">Kont\u00e9nersz\u00e1ll\u00edt\u00e1s Kanad\u00e1ba Katarb\u00f3l 2024 k\u00f6lts\u00e9gei<\/a><\/li>\r\n<li> <a href=\"https:\/\/moverdb.com\/hu\/kontenerszallitas\/to-canada-from-singapore\/\">Kont\u00e9nersz\u00e1ll\u00edt\u00e1s Kanad\u00e1ba Szingap\u00farb\u00f3l 2024 k\u00f6lts\u00e9g<\/a><\/li>\r\n<li> <a href=\"https:\/\/moverdb.com\/hu\/moving-to-canada\/moving-to-canada-from-kuwait\/\">Kanad\u00e1ba k\u00f6lt\u00f6z\u00e9s Kuvaitb\u00f3l<\/a><\/li>\r\n<li> <a href=\"https:\/\/moverdb.com\/hu\/moving-to-canada\/moving-to-canada-from-bahrain\/\">Kanad\u00e1ba k\u00f6lt\u00f6z\u00e9s Bahreinb\u0151l<\/a><\/li>\r\n<\/ul>","protected":false},"excerpt":{"rendered":"<p>If you need to transport goods from Dubai to Canada, you\u2019re probably aware that container shipping is the most practical and profitable way to do that.&nbsp; And yet, international shipping can be frustrating if you don\u2019t have much experience with it. It requires a lot of research, planning, and forethought.&nbsp; That\u2019s why we prepared this [&hellip;]<\/p>\n","protected":false},"author":2,"featured_media":14703,"parent":44,"menu_order":0,"comment_status":"closed","ping_status":"closed","template":"","meta":{"_genesis_hide_title":false,"_genesis_hide_breadcrumbs":false,"_genesis_hide_singular_image":false,"_genesis_hide_footer_widgets":false,"_genesis_custom_body_class":"","_genesis_custom_post_class":"","_genesis_layout":"","footnotes":""},"class_list":{"0":"post-14727","1":"page","2":"type-page","3":"status-publish","4":"has-post-thumbnail","6":"entry"},"_links":{"self":[{"href":"https:\/\/moverdb.com\/hu\/wp-json\/wp\/v2\/pages\/14727","targetHints":{"allow":["GET"]}}],"collection":[{"href":"https:\/\/moverdb.com\/hu\/wp-json\/wp\/v2\/pages"}],"about":[{"href":"https:\/\/moverdb.com\/hu\/wp-json\/wp\/v2\/types\/page"}],"author":[{"embeddable":true,"href":"https:\/\/moverdb.com\/hu\/wp-json\/wp\/v2\/users\/2"}],"replies":[{"embeddable":true,"href":"https:\/\/moverdb.com\/hu\/wp-json\/wp\/v2\/comments?post=14727"}],"version-history":[{"count":3,"href":"https:\/\/moverdb.com\/hu\/wp-json\/wp\/v2\/pages\/14727\/revisions"}],"predecessor-version":[{"id":17449,"href":"https:\/\/moverdb.com\/hu\/wp-json\/wp\/v2\/pages\/14727\/revisions\/17449"}],"up":[{"embeddable":true,"href":"https:\/\/moverdb.com\/hu\/wp-json\/wp\/v2\/pages\/44"}],"wp:featuredmedia":[{"embeddable":true,"href":"https:\/\/moverdb.com\/hu\/wp-json\/wp\/v2\/media\/14703"}],"wp:attachment":[{"href":"https:\/\/moverdb.com\/hu\/wp-json\/wp\/v2\/media?parent=14727"}],"curies":[{"name":"wp","href":"https:\/\/api.w.org\/{rel}","templated":true}]}}