{"id":14706,"date":"2023-12-30T01:11:53","date_gmt":"2023-12-30T01:11:53","guid":{"rendered":"https:\/\/moverdb.com\/?page_id=14706"},"modified":"2026-01-08T14:39:01","modified_gmt":"2026-01-08T14:39:01","slug":"to-canada-from-australia","status":"publish","type":"page","link":"https:\/\/moverdb.com\/hu\/container-shipping\/to-canada-from-australia\/","title":{"rendered":"Kont\u00e9nersz\u00e1ll\u00edt\u00e1s Ausztr\u00e1li\u00e1b\u00f3l Kanad\u00e1ba 2024 k\u00f6lts\u00e9g"},"content":{"rendered":"<figure class=\"wp-block-image size-full\"><img loading=\"lazy\" decoding=\"async\" width=\"1000\" height=\"667\" src=\"https:\/\/moverdb.com\/wp-content\/uploads\/port-melbourne-australia.jpg\" alt=\"kont\u00e9neres sz\u00e1ll\u00edt\u00e1s Kanad\u00e1ba Ausztr\u00e1li\u00e1b\u00f3l\" class=\"wp-image-14702\" srcset=\"https:\/\/moverdb.com\/wp-content\/uploads\/port-melbourne-australia.jpg 1000w, https:\/\/moverdb.com\/wp-content\/uploads\/port-melbourne-australia-300x200.jpg 300w, https:\/\/moverdb.com\/wp-content\/uploads\/port-melbourne-australia-18x12.jpg 18w\" sizes=\"auto, (max-width: 1000px) 100vw, 1000px\" \/><\/figure>\r\n\r\n\r\n\r\n<p>Ha azt tervezi, hogy \u00e1ruj\u00e1t a k\u00f6vetkez\u0151 helyre sz\u00e1ll\u00edtja <a href=\"https:\/\/moverdb.com\/hu\/moving-to-canada\/\" data-internallinksmanager029f6b8e52c=\"265\" title=\"K\u00f6lt\u00f6z\u00e9s Kanad\u00e1ba? 2023 \u00c9letk\u00f6lts\u00e9gek \u00e9s k\u00f6lt\u00f6z\u00e9si tippek\">Kanada<\/a> a  c\u00edmr\u0151l <a href=\"https:\/\/moverdb.com\/hu\/moving-to-australia\/living-in-australia\/\" data-internallinksmanager029f6b8e52c=\"240\" title=\"21 Titkok az Ausztr\u00e1li\u00e1ban \u00e9l\u0151kr\u0151l, hogy tudd, miel\u0151tt elk\u00f6lt\u00f6z\u00f6l\">Ausztr\u00e1lia<\/a> de nem tudod, hogyan kezdj hozz\u00e1, mi itt vagyunk, hogy seg\u00edts\u00fcnk!\u00a0<\/p>\r\n\r\n\r\n\r\n<p>K\u00e9sz\u00edtett\u00fcnk egy \u00fatmutat\u00f3t arr\u00f3l, hogyan <a href=\"https:\/\/moverdb.com\/hu\/container-shipping\/\" data-internallinksmanager029f6b8e52c=\"3\" title=\"Nemzetk\u00f6zi kont\u00e9nersz\u00e1ll\u00edt\u00e1si d\u00edjt\u00e1bl\u00e1zat: \u00e1prilis 2026\">kont\u00e9neres sz\u00e1ll\u00edt\u00e1s<\/a> m\u0171k\u00f6dik, \u00e9s az \u00f6sszes alapot tartalmazza, hogy k\u00e9pet kapjon arr\u00f3l, mire sz\u00e1m\u00edthat, k\u00fcl\u00f6n\u00f6sen a k\u00f6lts\u00e9gek \u00e9s a szab\u00e1lyoz\u00e1s tekintet\u00e9ben. Induljunk!<\/p>\r\n\r\n\r\n\r\n<div id=\"ez-toc-container\" class=\"ez-toc-v2_0_82_2 ez-toc-wrap-left counter-hierarchy ez-toc-counter ez-toc-transparent ez-toc-container-direction\">\n<div class=\"ez-toc-title-container\">\n<p class=\"ez-toc-title\" style=\"cursor:inherit\">Szakaszok<\/p>\n<span class=\"ez-toc-title-toggle\"><a href=\"#\" class=\"ez-toc-pull-right ez-toc-btn ez-toc-btn-xs ez-toc-btn-default ez-toc-toggle\" aria-label=\"Toggle Tartalomjegyz\u00e9k\"><span class=\"ez-toc-js-icon-con\"><span class=\"\"><span class=\"eztoc-hide\" style=\"display:none;\">Toggle<\/span><span class=\"ez-toc-icon-toggle-span\"><svg style=\"fill: #999;color:#999\" xmlns=\"http:\/\/www.w3.org\/2000\/svg\" class=\"list-377408\" width=\"20px\" height=\"20px\" viewbox=\"0 0 24 24\" fill=\"none\"><path d=\"M6 6H4v2h2V6zm14 0H8v2h12V6zM4 11h2v2H4v-2zm16 0H8v2h12v-2zM4 16h2v2H4v-2zm16 0H8v2h12v-2z\" fill=\"currentColor\"><\/path><\/svg><svg style=\"fill: #999;color:#999\" class=\"arrow-unsorted-368013\" xmlns=\"http:\/\/www.w3.org\/2000\/svg\" width=\"10px\" height=\"10px\" viewbox=\"0 0 24 24\" version=\"1.2\" baseprofile=\"tiny\"><path d=\"M18.2 9.3l-6.2-6.3-6.2 6.3c-.2.2-.3.4-.3.7s.1.5.3.7c.2.2.4.3.7.3h11c.3 0 .5-.1.7-.3.2-.2.3-.5.3-.7s-.1-.5-.3-.7zM5.8 14.7l6.2 6.3 6.2-6.3c.2-.2.3-.5.3-.7s-.1-.5-.3-.7c-.2-.2-.4-.3-.7-.3h-11c-.3 0-.5.1-.7.3-.2.2-.3.5-.3.7s.1.5.3.7z\"\/><\/svg><\/span><\/span><\/span><\/a><\/span><\/div>\n<nav><ul class='ez-toc-list ez-toc-list-level-1 eztoc-toggle-hide-by-default' ><ul class='ez-toc-list-level-3' ><li class='ez-toc-heading-level-3'><a class=\"ez-toc-link ez-toc-heading-1\" href=\"https:\/\/moverdb.com\/hu\/container-shipping\/to-canada-from-australia\/#Major_Ports_and_Routes_Connecting_Canada_and_Australia\" >Kanad\u00e1t \u00e9s Ausztr\u00e1li\u00e1t \u00f6sszek\u00f6t\u0151 f\u0151bb kik\u00f6t\u0151k \u00e9s \u00fatvonalak&nbsp;<\/a><\/li><li class='ez-toc-page-1 ez-toc-heading-level-3'><a class=\"ez-toc-link ez-toc-heading-2\" href=\"https:\/\/moverdb.com\/hu\/container-shipping\/to-canada-from-australia\/#Major_Ports_in_Canada\" >Nagy kik\u00f6t\u0151k Kanad\u00e1ban<\/a><\/li><li class='ez-toc-page-1 ez-toc-heading-level-3'><a class=\"ez-toc-link ez-toc-heading-3\" href=\"https:\/\/moverdb.com\/hu\/container-shipping\/to-canada-from-australia\/#Major_Ports_in_Australia\" >Nagy kik\u00f6t\u0151k Ausztr\u00e1li\u00e1ban<\/a><\/li><li class='ez-toc-page-1 ez-toc-heading-level-3'><a class=\"ez-toc-link ez-toc-heading-4\" href=\"https:\/\/moverdb.com\/hu\/container-shipping\/to-canada-from-australia\/#Popular_Sea_Routes_Connecting_Australia_and_Canada\" >N\u00e9pszer\u0171 tengeri \u00fatvonalak Ausztr\u00e1lia \u00e9s Kanada k\u00f6z\u00f6tt<\/a><\/li><\/ul><\/li><li class='ez-toc-page-1 ez-toc-heading-level-2'><a class=\"ez-toc-link ez-toc-heading-5\" href=\"https:\/\/moverdb.com\/hu\/container-shipping\/to-canada-from-australia\/#Cost_Factors_in_Container_Shipping_to_Canada_from_Australia\" >A kont\u00e9nersz\u00e1ll\u00edt\u00e1s k\u00f6lts\u00e9gt\u00e9nyez\u0151i Kanad\u00e1ba Ausztr\u00e1li\u00e1b\u00f3l<\/a><ul class='ez-toc-list-level-3' ><li class='ez-toc-heading-level-3'><a class=\"ez-toc-link ez-toc-heading-6\" href=\"https:\/\/moverdb.com\/hu\/container-shipping\/to-canada-from-australia\/#Insurance\" >Biztos\u00edt\u00e1s<\/a><\/li><li class='ez-toc-page-1 ez-toc-heading-level-3'><a class=\"ez-toc-link ez-toc-heading-7\" href=\"https:\/\/moverdb.com\/hu\/container-shipping\/to-canada-from-australia\/#Packing_Services\" >Csomagol\u00e1si szolg\u00e1ltat\u00e1sok<\/a><\/li><li class='ez-toc-page-1 ez-toc-heading-level-3'><a class=\"ez-toc-link ez-toc-heading-8\" href=\"https:\/\/moverdb.com\/hu\/container-shipping\/to-canada-from-australia\/#Pick-up_and_Delivery\" >\u00c1tv\u00e9tel \u00e9s kisz\u00e1ll\u00edt\u00e1s<\/a><\/li><li class='ez-toc-page-1 ez-toc-heading-level-3'><a class=\"ez-toc-link ez-toc-heading-9\" href=\"https:\/\/moverdb.com\/hu\/container-shipping\/to-canada-from-australia\/#Taxes_and_Duty_Charges\" >Ad\u00f3k \u00e9s v\u00e1mok<\/a><\/li><li class='ez-toc-page-1 ez-toc-heading-level-3'><a class=\"ez-toc-link ez-toc-heading-10\" href=\"https:\/\/moverdb.com\/hu\/container-shipping\/to-canada-from-australia\/#Storage\" >T\u00e1rol\u00e1s<\/a><\/li><li class='ez-toc-page-1 ez-toc-heading-level-3'><a class=\"ez-toc-link ez-toc-heading-11\" href=\"https:\/\/moverdb.com\/hu\/container-shipping\/to-canada-from-australia\/#Additional_Charges\" >Kieg\u00e9sz\u00edt\u0151 d\u00edjak<\/a><\/li><\/ul><\/li><li class='ez-toc-page-1 ez-toc-heading-level-2'><a class=\"ez-toc-link ez-toc-heading-12\" href=\"https:\/\/moverdb.com\/hu\/container-shipping\/to-canada-from-australia\/#Modes_of_Container_Shipping\" >A kont\u00e9neres sz\u00e1ll\u00edt\u00e1s m\u00f3djai<\/a><ul class='ez-toc-list-level-3' ><li class='ez-toc-heading-level-3'><a class=\"ez-toc-link ez-toc-heading-13\" href=\"https:\/\/moverdb.com\/hu\/container-shipping\/to-canada-from-australia\/#Full_Container_Load_FCL\" >Teljes kont\u00e9nerrakom\u00e1ny (FCL)<\/a><\/li><li class='ez-toc-page-1 ez-toc-heading-level-3'><a class=\"ez-toc-link ez-toc-heading-14\" href=\"https:\/\/moverdb.com\/hu\/container-shipping\/to-canada-from-australia\/#Less_than_Container_Load_LCL\" >Kevesebb mint kont\u00e9nerrakom\u00e1ny (LCL)<\/a><\/li><li class='ez-toc-page-1 ez-toc-heading-level-3'><a class=\"ez-toc-link ez-toc-heading-15\" href=\"https:\/\/moverdb.com\/hu\/container-shipping\/to-canada-from-australia\/#Breakbulk_and_Bulk_Shipping\" >\u00d6mlesztett \u00e9s \u00f6mlesztett \u00e1ruk sz\u00e1ll\u00edt\u00e1sa<\/a><\/li><\/ul><\/li><li class='ez-toc-page-1 ez-toc-heading-level-2'><a class=\"ez-toc-link ez-toc-heading-16\" href=\"https:\/\/moverdb.com\/hu\/container-shipping\/to-canada-from-australia\/#Shipping_Container_Sizes_and_Options\" >Sz\u00e1ll\u00edt\u00e1si kont\u00e9ner m\u00e9retek \u00e9s lehet\u0151s\u00e9gek<\/a><ul class='ez-toc-list-level-3' ><li class='ez-toc-heading-level-3'><a class=\"ez-toc-link ez-toc-heading-17\" href=\"https:\/\/moverdb.com\/hu\/container-shipping\/to-canada-from-australia\/#Standard_Sizes\" >Standard m\u00e9retek<\/a><\/li><li class='ez-toc-page-1 ez-toc-heading-level-3'><a class=\"ez-toc-link ez-toc-heading-18\" href=\"https:\/\/moverdb.com\/hu\/container-shipping\/to-canada-from-australia\/#Specialized_Containers\" >Speci\u00e1lis kont\u00e9nerek<\/a><\/li><\/ul><\/li><li class='ez-toc-page-1 ez-toc-heading-level-2'><a class=\"ez-toc-link ez-toc-heading-19\" href=\"https:\/\/moverdb.com\/hu\/container-shipping\/to-canada-from-australia\/#Sea_Freight_Container_Prices_to_Australia_from_Canada\" >Tengeri kont\u00e9ner\u00e1rak Ausztr\u00e1li\u00e1ba Kanad\u00e1b\u00f3l<\/a><ul class='ez-toc-list-level-3' ><li class='ez-toc-heading-level-3'><a class=\"ez-toc-link ez-toc-heading-20\" href=\"https:\/\/moverdb.com\/hu\/container-shipping\/to-canada-from-australia\/#20ft_Shipping_Container\" >20 l\u00e1bas haj\u00f3z\u00e1si kont\u00e9ner&nbsp;<\/a><\/li><li class='ez-toc-page-1 ez-toc-heading-level-3'><a class=\"ez-toc-link ez-toc-heading-21\" href=\"https:\/\/moverdb.com\/hu\/container-shipping\/to-canada-from-australia\/#40ft_Shipping_Container\" >40ft haj\u00f3z\u00e1si kont\u00e9ner&nbsp;<\/a><\/li><\/ul><\/li><li class='ez-toc-page-1 ez-toc-heading-level-2'><a class=\"ez-toc-link ez-toc-heading-22\" href=\"https:\/\/moverdb.com\/hu\/container-shipping\/to-canada-from-australia\/#Shipping_a_Car_What_You_Need_to_Know\" >Aut\u00f3sz\u00e1ll\u00edt\u00e1s: Mit kell tudnia<\/a><ul class='ez-toc-list-level-3' ><li class='ez-toc-heading-level-3'><a class=\"ez-toc-link ez-toc-heading-23\" href=\"https:\/\/moverdb.com\/hu\/container-shipping\/to-canada-from-australia\/#Regulations_and_Requirements\" >Szab\u00e1lyoz\u00e1sok \u00e9s k\u00f6vetelm\u00e9nyek<\/a><\/li><li class='ez-toc-page-1 ez-toc-heading-level-3'><a class=\"ez-toc-link ez-toc-heading-24\" href=\"https:\/\/moverdb.com\/hu\/container-shipping\/to-canada-from-australia\/#Preparation_and_Necessary_Documentation\" >Felk\u00e9sz\u00fcl\u00e9s \u00e9s sz\u00fcks\u00e9ges dokument\u00e1ci\u00f3<\/a><\/li><\/ul><\/li><li class='ez-toc-page-1 ez-toc-heading-level-2'><a class=\"ez-toc-link ez-toc-heading-25\" href=\"https:\/\/moverdb.com\/hu\/container-shipping\/to-canada-from-australia\/#Shipping_Times_for_Sea_Freight_to_Australia_from_Canada\" >Sz\u00e1ll\u00edt\u00e1si id\u0151k a tengeri sz\u00e1ll\u00edtm\u00e1nyoz\u00e1shoz Kanad\u00e1b\u00f3l Ausztr\u00e1li\u00e1ba<\/a><\/li><li class='ez-toc-page-1 ez-toc-heading-level-2'><a class=\"ez-toc-link ez-toc-heading-26\" href=\"https:\/\/moverdb.com\/hu\/container-shipping\/to-canada-from-australia\/#Government_Regulations_and_the_Customs_Process\" >Korm\u00e1nyzati rendeletek \u00e9s a v\u00e1melj\u00e1r\u00e1s<\/a><ul class='ez-toc-list-level-3' ><li class='ez-toc-heading-level-3'><a class=\"ez-toc-link ez-toc-heading-27\" href=\"https:\/\/moverdb.com\/hu\/container-shipping\/to-canada-from-australia\/#Necessary_Documentation_for_Shipping\" >Sz\u00e1ll\u00edt\u00e1shoz sz\u00fcks\u00e9ges dokument\u00e1ci\u00f3<\/a><\/li><li class='ez-toc-page-1 ez-toc-heading-level-3'><a class=\"ez-toc-link ez-toc-heading-28\" href=\"https:\/\/moverdb.com\/hu\/container-shipping\/to-canada-from-australia\/#Canadas_Customs_Regulations\" >Kanada v\u00e1mszab\u00e1lyai<\/a><\/li><li class='ez-toc-page-1 ez-toc-heading-level-3'><a class=\"ez-toc-link ez-toc-heading-29\" href=\"https:\/\/moverdb.com\/hu\/container-shipping\/to-canada-from-australia\/#Australia_Export_Regulations\" >Ausztr\u00e1lia exportrendelkez\u00e9sei<\/a><\/li><\/ul><\/li><li class='ez-toc-page-1 ez-toc-heading-level-2'><a class=\"ez-toc-link ez-toc-heading-30\" href=\"https:\/\/moverdb.com\/hu\/container-shipping\/to-canada-from-australia\/#Top_Goods_and_Services_Imported_by_Canada\" >A Kanada \u00e1ltal import\u00e1lt legfontosabb \u00e1ruk \u00e9s szolg\u00e1ltat\u00e1sok<\/a><ul class='ez-toc-list-level-3' ><li class='ez-toc-heading-level-3'><a class=\"ez-toc-link ez-toc-heading-31\" href=\"https:\/\/moverdb.com\/hu\/container-shipping\/to-canada-from-australia\/#Major_Goods_Imported_to_Canada_from_Australia\" >Ausztr\u00e1li\u00e1b\u00f3l Kanad\u00e1ba import\u00e1lt f\u0151bb \u00e1ruk<\/a><\/li><\/ul><\/li><li class='ez-toc-page-1 ez-toc-heading-level-2'><a class=\"ez-toc-link ez-toc-heading-32\" href=\"https:\/\/moverdb.com\/hu\/container-shipping\/to-canada-from-australia\/#Restricted_Items_for_Shipping_to_Canada\" >Korl\u00e1tozott t\u00e9telek Kanad\u00e1ba t\u00f6rt\u00e9n\u0151 sz\u00e1ll\u00edt\u00e1shoz<\/a><ul class='ez-toc-list-level-3' ><li class='ez-toc-heading-level-3'><a class=\"ez-toc-link ez-toc-heading-33\" href=\"https:\/\/moverdb.com\/hu\/container-shipping\/to-canada-from-australia\/#Prohibited_Goods\" >Tiltott \u00e1ruk&nbsp;<\/a><\/li><li class='ez-toc-page-1 ez-toc-heading-level-3'><a class=\"ez-toc-link ez-toc-heading-34\" href=\"https:\/\/moverdb.com\/hu\/container-shipping\/to-canada-from-australia\/#Restricted_Items\" >Korl\u00e1tozott t\u00e9telek<\/a><\/li><li class='ez-toc-page-1 ez-toc-heading-level-3'><a class=\"ez-toc-link ez-toc-heading-35\" href=\"https:\/\/moverdb.com\/hu\/container-shipping\/to-canada-from-australia\/#Prohibited_and_Regulated_Consumer_Items\" >Tiltott \u00e9s szab\u00e1lyozott fogyaszt\u00e1si cikkek<\/a><ul class='ez-toc-list-level-4' ><li class='ez-toc-heading-level-4'><a class=\"ez-toc-link ez-toc-heading-36\" href=\"https:\/\/moverdb.com\/hu\/container-shipping\/to-canada-from-australia\/#Prohibited_Products\" >Tiltott term\u00e9kek<\/a><\/li><li class='ez-toc-page-1 ez-toc-heading-level-4'><a class=\"ez-toc-link ez-toc-heading-37\" href=\"https:\/\/moverdb.com\/hu\/container-shipping\/to-canada-from-australia\/#Regulated_Products\" >Szab\u00e1lyozott term\u00e9kek&nbsp;<\/a><\/li><\/ul><\/li><li class='ez-toc-page-1 ez-toc-heading-level-3'><a class=\"ez-toc-link ez-toc-heading-38\" href=\"https:\/\/moverdb.com\/hu\/container-shipping\/to-canada-from-australia\/#Special_Considerations\" >K\u00fcl\u00f6nleges megfontol\u00e1sok<\/a><\/li><\/ul><\/li><li class='ez-toc-page-1 ez-toc-heading-level-2'><a class=\"ez-toc-link ez-toc-heading-39\" href=\"https:\/\/moverdb.com\/hu\/container-shipping\/to-canada-from-australia\/#Obtaining_a_Personalized_Quote\" >Szem\u00e9lyre szabott \u00e1raj\u00e1nlat beszerz\u00e9se<\/a><ul class='ez-toc-list-level-3' ><li class='ez-toc-heading-level-3'><a class=\"ez-toc-link ez-toc-heading-40\" href=\"https:\/\/moverdb.com\/hu\/container-shipping\/to-canada-from-australia\/#Why_Get_a_Personalized_Quote\" >Mi\u00e9rt \u00e9rdemes szem\u00e9lyre szabott \u00e1raj\u00e1nlatot k\u00e9rni?<\/a><\/li><li class='ez-toc-page-1 ez-toc-heading-level-3'><a class=\"ez-toc-link ez-toc-heading-41\" href=\"https:\/\/moverdb.com\/hu\/container-shipping\/to-canada-from-australia\/#How_to_Use_the_Tool_and_What_Information_is_Required\" >Hogyan kell haszn\u00e1lni az eszk\u00f6zt \u00e9s milyen inform\u00e1ci\u00f3kra van sz\u00fcks\u00e9g?<\/a><\/li><\/ul><\/li><li class='ez-toc-page-1 ez-toc-heading-level-2'><a class=\"ez-toc-link ez-toc-heading-42\" href=\"https:\/\/moverdb.com\/hu\/container-shipping\/to-canada-from-australia\/#FAQ\" >F.A.Q.<\/a><ul class='ez-toc-list-level-3' ><li class='ez-toc-heading-level-3'><a class=\"ez-toc-link ez-toc-heading-43\" href=\"https:\/\/moverdb.com\/hu\/container-shipping\/to-canada-from-australia\/#Can_I_ship_my_car_to_Canada\" >Sz\u00e1ll\u00edthatom az aut\u00f3mat Kanad\u00e1ba?<\/a><\/li><li class='ez-toc-page-1 ez-toc-heading-level-3'><a class=\"ez-toc-link ez-toc-heading-44\" href=\"https:\/\/moverdb.com\/hu\/container-shipping\/to-canada-from-australia\/#Can_I_ship_a_baby_walker_to_Canada\" >Sz\u00e1ll\u00edthatok j\u00e1r\u00f3k\u00e1t Kanad\u00e1ba?&nbsp;<\/a><\/li><li class='ez-toc-page-1 ez-toc-heading-level-3'><a class=\"ez-toc-link ez-toc-heading-45\" href=\"https:\/\/moverdb.com\/hu\/container-shipping\/to-canada-from-australia\/#How_long_does_a_typical_shipment_take_from_Australia_to_Canada\" >Mennyi ideig tart egy tipikus sz\u00e1ll\u00edtm\u00e1ny Ausztr\u00e1li\u00e1b\u00f3l Kanad\u00e1ba?<\/a><\/li><li class='ez-toc-page-1 ez-toc-heading-level-3'><a class=\"ez-toc-link ez-toc-heading-46\" href=\"https:\/\/moverdb.com\/hu\/container-shipping\/to-canada-from-australia\/#Can_I_track_my_container_in_real-time_during_transit\" >A kont\u00e9neremet nyomon k\u00f6vethetem val\u00f3s id\u0151ben a sz\u00e1ll\u00edt\u00e1s sor\u00e1n?<\/a><\/li><li class='ez-toc-page-1 ez-toc-heading-level-3'><a class=\"ez-toc-link ez-toc-heading-47\" href=\"https:\/\/moverdb.com\/hu\/container-shipping\/to-canada-from-australia\/#What_is_the_benefit_of_hiring_professional_packers\" >Milyen el\u0151ny\u00f6kkel j\u00e1r a profi csomagol\u00f3k felb\u00e9rl\u00e9se?<\/a><\/li><li class='ez-toc-page-1 ez-toc-heading-level-3'><a class=\"ez-toc-link ez-toc-heading-48\" href=\"https:\/\/moverdb.com\/hu\/container-shipping\/to-canada-from-australia\/#Why_would_I_need_a_personalized_quote_when_theres_a_standard_rate_list\" >Mi\u00e9rt lenne sz\u00fcks\u00e9gem szem\u00e9lyre szabott \u00e1raj\u00e1nlatra, ha van egy standard \u00e1rlista?<\/a><\/li><\/ul><\/li><li class='ez-toc-page-1 ez-toc-heading-level-2'><a class=\"ez-toc-link ez-toc-heading-49\" href=\"https:\/\/moverdb.com\/hu\/container-shipping\/to-canada-from-australia\/#Other_Useful_Guides_to_Canada\" >Egy\u00e9b hasznos \u00fatmutat\u00f3k Kanad\u00e1hoz<\/a><\/li><\/ul><\/nav><\/div>\n<h3 class=\"wp-block-heading\"><span class=\"ez-toc-section\" id=\"Major_Ports_and_Routes_Connecting_Canada_and_Australia\"><\/span>Kanad\u00e1t \u00e9s Ausztr\u00e1li\u00e1t \u00f6sszek\u00f6t\u0151 f\u0151bb kik\u00f6t\u0151k \u00e9s \u00fatvonalak&nbsp;<span class=\"ez-toc-section-end\"><\/span><\/h3>\r\n\r\n\r\n\r\n<p>Amikor a Kanada \u00e9s Ausztr\u00e1lia k\u00f6z\u00f6tti kont\u00e9nersz\u00e1ll\u00edt\u00e1sr\u00f3l van sz\u00f3, a kulcsk\u00e9rd\u00e9sek meg\u00e9rt\u00e9se <a href=\"https:\/\/moverdb.com\/hu\/top-49-container-ports\/\" data-internallinksmanager029f6b8e52c=\"80\" title=\"Top 49 legnagyobb \u00e9s legforgalmasabb kont\u00e9nerkik\u00f6t\u0151 2025-ben\">kik\u00f6t\u0151k<\/a> \u00e9s az \u00fatvonalak elengedhetetlenek. Ezek a f\u0151bb \u00f6sszek\u00f6ttet\u00e9sek kulcsfontoss\u00e1g\u00fa szerepet j\u00e1tszanak a k\u00e9t orsz\u00e1g k\u00f6z\u00f6tti kereskedelem \u00e9s sz\u00e1ll\u00edt\u00e1s megk\u00f6nny\u00edt\u00e9s\u00e9ben, ez\u00e9rt vizsg\u00e1ljuk meg a Kanad\u00e1t \u00e9s Ausztr\u00e1li\u00e1t \u00f6sszek\u00f6t\u0151 f\u0151bb kik\u00f6t\u0151ket \u00e9s \u00fatvonalakat.<\/p>\r\n\r\n\r\n\r\n<h3 class=\"wp-block-heading\"><span class=\"ez-toc-section\" id=\"Major_Ports_in_Canada\"><\/span>Nagy kik\u00f6t\u0151k Kanad\u00e1ban<span class=\"ez-toc-section-end\"><\/span><\/h3>\r\n\r\n\r\n\r\n<ol class=\"wp-block-list\">\r\n<li><strong><a href=\"https:\/\/moverdb.com\/hu\/moving-to-canada\/moving-to-vancouver\/\" data-internallinksmanager029f6b8e52c=\"438\" title=\"Vancouverbe k\u00f6lt\u00f6zik? 2023 Lakhat\u00e1si k\u00f6lts\u00e9gek \u00e9s k\u00f6lt\u00f6z\u00e9si tippek\">Vancouver<\/a> (<\/strong><a href=\"https:\/\/www.portvancouver.com\/\" target=\"_blank\" rel=\"noreferrer noopener\"><strong>Vancouver kik\u00f6t\u0151je<\/strong><\/a><strong>)<\/strong><br>A Csendes-\u00f3ce\u00e1nnal hat\u00e1ros kik\u00f6t\u0151 az orsz\u00e1g legnagyobb kik\u00f6t\u0151je, amely mindenf\u00e9le \u00e1ru be- \u00e9s kil\u00e9p\u00e9s\u00e9t lehet\u0151v\u00e9 teszi Brit Columbia tartom\u00e1nyon kereszt\u00fcl.<\/li>\r\n<\/ol>\r\n\r\n\r\n\r\n<ol class=\"wp-block-list\" start=\"2\">\r\n<li><strong><a href=\"https:\/\/moverdb.com\/hu\/moving-to-canada\/moving-to-montreal\/\" data-internallinksmanager029f6b8e52c=\"410\" title=\"Montrealba k\u00f6lt\u00f6zik? 2023 Lakhat\u00e1si k\u00f6lts\u00e9gek \u00e9s k\u00f6lt\u00f6z\u00e9si tippek\">Montreal<\/a> (<\/strong><a href=\"https:\/\/www.port-montreal.com\/en\/\" target=\"_blank\" rel=\"noreferrer noopener\"><strong>Montreali kik\u00f6t\u0151<\/strong><\/a><strong>)<\/strong><br>A Szent L\u0151rinc-foly\u00f3n\u00e1l tal\u00e1lhat\u00f3, jelent\u0151s nemzetk\u00f6zi kik\u00f6t\u0151, amely kapuk\u00e9nt szolg\u00e1l sz\u00e1mos orsz\u00e1g k\u00f6z\u00f6tt. <a href=\"https:\/\/moverdb.com\/hu\/moving-to-the-united-states\/\" data-internallinksmanager029f6b8e52c=\"94\" title=\"Az Egyes\u00fclt \u00c1llamokba k\u00f6lt\u00f6zik? 2022 Meg\u00e9lhet\u00e9si k\u00f6lts\u00e9gek \u00e9s k\u00f6lt\u00f6z\u00e9si tippek\">US<\/a> \u00e9s K\u00f6z\u00e9p-Kanad\u00e1ban.<\/li>\r\n<\/ol>\r\n\r\n\r\n\r\n<ol class=\"wp-block-list\" start=\"3\">\r\n<li><strong>Prince Rupert (<\/strong><a href=\"https:\/\/www.rupertport.com\/\" target=\"_blank\" rel=\"noreferrer noopener\"><strong>Prince Rupert kik\u00f6t\u0151je<\/strong><\/a><strong>)<\/strong><br>Kanada harmadik legnagyobb kik\u00f6t\u0151je (Vancouver \u00e9s Montreal ut\u00e1n), amely \u00f6sszek\u00f6ti a kelet-\u00e1zsiai piacokat az \u00e9szak-amerikai piacokkal.&nbsp;<\/li>\r\n<\/ol>\r\n\r\n\r\n\r\n<ol class=\"wp-block-list\" start=\"4\">\r\n<li><strong>Halifax (<\/strong><a href=\"https:\/\/www.portofhalifax.ca\/\" target=\"_blank\" rel=\"noreferrer noopener\"><strong>Halifax kik\u00f6t\u0151je<\/strong><\/a><strong>)<\/strong><br>Az Atlanti-\u00f3ce\u00e1n partj\u00e1n fekv\u0151 Halifax kik\u00f6t\u0151je Kanada kapuja Eur\u00f3pa \u00e9s az Egyes\u00fclt \u00c1llamok keleti partvid\u00e9ke fel\u00e9.&nbsp;<\/li>\r\n<\/ol>\r\n\r\n\r\n\r\n<h3 class=\"wp-block-heading\"><span class=\"ez-toc-section\" id=\"Major_Ports_in_Australia\"><\/span>Nagy kik\u00f6t\u0151k Ausztr\u00e1li\u00e1ban<span class=\"ez-toc-section-end\"><\/span><\/h3>\r\n\r\n\r\n\r\n<ol class=\"wp-block-list\">\r\n<li><strong><a href=\"https:\/\/moverdb.com\/hu\/moving-to-sydney\/\" data-internallinksmanager029f6b8e52c=\"70\" title=\"Sydneybe k\u00f6lt\u00f6zik? 2022 \u00c9letk\u00f6lts\u00e9gek \u00e9s k\u00f6lt\u00f6z\u00e9si tippek\">Sydney<\/a> (<\/strong><a href=\"https:\/\/www.portauthoritynsw.com.au\/port-botany\/\" target=\"_blank\" rel=\"noreferrer noopener\"><strong>Port Botany<\/strong><\/a><strong>)<\/strong><br>Ausztr\u00e1lia legnagyobb kik\u00f6t\u0151je.<\/li>\r\n<\/ol>\r\n\r\n\r\n\r\n<p><\/p>\r\n\r\n\r\n\r\n<ol class=\"wp-block-list\" start=\"2\">\r\n<li><strong>Melbourne (<\/strong><a href=\"https:\/\/www.portofmelbourne.com\/\" target=\"_blank\" rel=\"noreferrer noopener\"><strong>Melbourne kik\u00f6t\u0151je<\/strong><\/a><strong>)<\/strong><br>A kereskedelmi sz\u00e1ll\u00edt\u00e1s szempontj\u00e1b\u00f3l fontos kik\u00f6t\u0151, rakom\u00e1nymennyis\u00e9g szerint a legforgalmasabb.<\/li>\r\n<\/ol>\r\n\r\n\r\n\r\n<ol class=\"wp-block-list\" start=\"3\">\r\n<li><strong><a href=\"https:\/\/moverdb.com\/hu\/moving-to-brisbane\/\" data-internallinksmanager029f6b8e52c=\"255\" title=\"Brisbane-be k\u00f6lt\u00f6zik? 2023 Lakhat\u00e1si k\u00f6lts\u00e9gek \u00e9s k\u00f6lt\u00f6z\u00e9si tippek\">Brisbane<\/a> (<\/strong><a href=\"https:\/\/www.portbris.com.au\/\" target=\"_blank\" rel=\"noreferrer noopener\"><strong>Brisbane kik\u00f6t\u0151je<\/strong><\/a><strong>)<\/strong><br>\u00dajabb kik\u00f6t\u0151, amely \u00c9szakkelet-Ausztr\u00e1li\u00e1t \u00f6sszek\u00f6ti a f\u0151bb tengeri \u00fatvonalakkal.<\/li>\r\n<\/ol>\r\n\r\n\r\n\r\n<ol class=\"wp-block-list\" start=\"4\">\r\n<li><strong>Perth (<\/strong><a href=\"https:\/\/www.fremantleports.com.au\/\" target=\"_blank\" rel=\"noreferrer noopener\"><strong>Fremantle kik\u00f6t\u0151je<\/strong><\/a><strong>)<\/strong><br>A legnagyobb kapcsolat Ausztr\u00e1lia nyugati partvid\u00e9k\u00e9vel.<\/li>\r\n<\/ol>\r\n\r\n\r\n\r\n<h3 class=\"wp-block-heading\"><span class=\"ez-toc-section\" id=\"Popular_Sea_Routes_Connecting_Australia_and_Canada\"><\/span>N\u00e9pszer\u0171 tengeri \u00fatvonalak Ausztr\u00e1lia \u00e9s Kanada k\u00f6z\u00f6tt<span class=\"ez-toc-section-end\"><\/span><\/h3>\r\n\r\n\r\n\r\n<ul class=\"wp-block-list\">\r\n<li><strong>Sydney \u00e9s Vancouver k\u00f6z\u00f6tt<\/strong>: Az \u00e1zsiai-csendes-\u00f3ce\u00e1ni kereskedelem egyik f\u0151 \u00fatvonala. Az \u00fatvonal lehet\u0151v\u00e9 teszi <a href=\"https:\/\/moverdb.com\/hu\/top-10-largest-container-ships-in-2022\/\" data-internallinksmanager029f6b8e52c=\"84\" title=\"Top 10 legnagyobb kont\u00e9nerhaj\u00f3 2026-ban\">kont\u00e9nerhaj\u00f3k<\/a> a k\u00e9t kereskedelmi csom\u00f3pontot hetente 1-2 alkalommal k\u00f6ti \u00f6ssze, \u00e9s egy-egy haj\u00f3 \u00e9rkez\u00e9se k\u00f6r\u00fclbel\u00fcl 21-26 napot vesz ig\u00e9nybe.<br><\/li>\r\n\r\n\r\n\r\n<li><strong>Melbourne \u00e9s Prince Rupert k\u00f6z\u00f6tt<\/strong>: Fontos tengeri sz\u00e1ll\u00edt\u00e1si kapcsolat, amely k\u00f6r\u00fclbel\u00fcl 32 napot vesz ig\u00e9nybe, hetente 2-4 alkalommal \u00e9rkez\u0151 kont\u00e9nerhaj\u00f3kkal.<br><\/li>\r\n\r\n\r\n\r\n<li><strong>Brisbane \u00e9s Montreal\/Halifax k\u00f6z\u00f6tt<\/strong>: Az Ausztr\u00e1lia \u00e9s Kanada k\u00f6z\u00f6tti \u00f6mlesztett \u00e1ruk sz\u00e1ll\u00edt\u00e1sa szempontj\u00e1b\u00f3l kulcsfontoss\u00e1g\u00fa \u00fatvonal. \u00c1ltal\u00e1ban 26-33 nap alatt teljes\u00fcl az indul\u00e1st\u00f3l az \u00e9rkez\u00e9sig.<\/li>\r\n<\/ul>\r\n\r\n\r\n\r\n<h2 class=\"wp-block-heading\"><span class=\"ez-toc-section\" id=\"Cost_Factors_in_Container_Shipping_to_Canada_from_Australia\"><\/span>A kont\u00e9nersz\u00e1ll\u00edt\u00e1s k\u00f6lts\u00e9gt\u00e9nyez\u0151i Kanad\u00e1ba Ausztr\u00e1li\u00e1b\u00f3l<span class=\"ez-toc-section-end\"><\/span><\/h2>\r\n\r\n\r\n\r\n<p>Amikor Ausztr\u00e1li\u00e1b\u00f3l Kanad\u00e1ba sz\u00e1ll\u00edt \u00e1rut, nemcsak a haj\u00f3 d\u00edj\u00e1t kell figyelembe vennie, hanem a tov\u00e1bbi k\u00f6lts\u00e9geket is, amelyek jelent\u0151s hat\u00e1ssal vannak a v\u00e9gs\u0151 \u00e1rra. Itt felsoroltuk a sz\u00e1ll\u00edt\u00e1s k\u00f6lts\u00e9geit befoly\u00e1sol\u00f3 legfontosabb m\u00e9r\u0151sz\u00e1mokat.<\/p>\r\n\r\n\r\n\r\n<p>Felh\u00edvjuk figyelm\u00e9t, hogy a legt\u00f6bb v\u00e1llalat biztos\u00edt\u00e1st, fel- \u00e9s lesz\u00e1ll\u00edt\u00e1st, t\u00e1rol\u00e1st \u00e9s kezel\u00e9si szolg\u00e1ltat\u00e1sokat k\u00edn\u00e1l. Egyes szolg\u00e1ltat\u00e1sokat a felt\u00fcntetett \u00e1rak tartalmaznak, de egyes szolg\u00e1ltat\u00e1sok (p\u00e9ld\u00e1ul a felsz\u00e1ll\u00edt\u00e1s \u00e9s a kisz\u00e1ll\u00edt\u00e1s) fel\u00e1rasak lehetnek, \u00e9s opcion\u00e1lisak.<\/p>\r\n\r\n\r\n\r\n<p>J\u00f3 \u00f6tlet, ha t\u00e1j\u00e9koz\u00f3dik az \u00f6sszes extra szolg\u00e1ltat\u00e1sr\u00f3l \u00e9s k\u00f6lts\u00e9gr\u0151l, miel\u0151tt kezet r\u00e1z egy c\u00e9ggel. Lehet, hogy p\u00e9ld\u00e1ul az \u00e1ru csomagol\u00e1sa \u00e9s kisz\u00e1ll\u00edt\u00e1sa Ausztr\u00e1li\u00e1ban nem jelent probl\u00e9m\u00e1t az \u00d6n sz\u00e1m\u00e1ra, de a c\u00e9lkik\u00f6t\u0151 elhelyezked\u00e9s\u00e9t\u0151l \u00e9s a kanadai id\u0151j\u00e1r\u00e1si viszonyokt\u00f3l f\u00fcgg\u0151en el\u0151fordulhat, hogy a rakom\u00e1nyt nem biztons\u00e1gos egyed\u00fcl sz\u00e1ll\u00edtani.&nbsp;<\/p>\r\n\r\n\r\n\r\n<h3 class=\"wp-block-heading\"><span class=\"ez-toc-section\" id=\"Insurance\"><\/span>Biztos\u00edt\u00e1s<span class=\"ez-toc-section-end\"><\/span><\/h3>\r\n\r\n\r\n\r\n<ul class=\"wp-block-list\">\r\n<li><strong>T\u00edpusok<\/strong>: A legt\u00f6bb sz\u00e1ll\u00edtm\u00e1nyoz\u00f3 c\u00e9g k\u00edn\u00e1l <em>Fuvaroz\u00f3i felel\u0151ss\u00e9g, <\/em>vagyis felaj\u00e1nlj\u00e1k \u00d6nnek <em>korl\u00e1tozott kompenz\u00e1ci\u00f3<\/em> az \u00d6n \u00e1ruj\u00e1ban a sz\u00e1ll\u00edt\u00e1si hib\u00e1k miatt keletkezett fizikai k\u00e1rok\u00e9rt. Az id\u0151j\u00e1r\u00e1ssal \u00e9s a csomagol\u00e1ssal kapcsolatos k\u00e1rokra azonban nem terjed ki ez a biztos\u00edt\u00e1si kateg\u00f3ria, \u00e9s m\u00e9g ha bizony\u00edtani is tudja, hogy a k\u00e1rok a v\u00e1llalat hib\u00e1j\u00e1b\u00f3l keletkeztek, akkor is csak a kifizetett \u00f6sszeg t\u00f6red\u00e9k\u00e9t fogja megkapni, mivel a fels\u0151 kifizet\u00e9si hat\u00e1r meglehet\u0151sen alacsony, tal\u00e1n 500 USD k\u00f6r\u00fcl lesz k\u00fcldem\u00e9nyegys\u00e9genk\u00e9nt, f\u00fcggetlen\u00fcl az \u00e1ru t\u00e9nyleges \u00e9rt\u00e9k\u00e9t\u0151l.<br><br>Ez\u00e9rt a legt\u00f6bb ember hajlamos extra biztos\u00edt\u00e1st k\u00f6tni a k\u00fcldem\u00e9nyeire. K\u00e9tf\u00e9le biztos\u00edt\u00e1st lehet k\u00f6tni - <em>Minden kock\u00e1zat<\/em> \u00e9s <em>Teljes vesztes\u00e9g<\/em>.&nbsp;<br><br><em>Minden kock\u00e1zat <\/em>biztos\u00edt\u00e1s a teljes sz\u00e1ll\u00edtm\u00e1ny \u00e9rt\u00e9k\u00e9re kiterjed, \u00e9s a leg\u00e1tfog\u00f3bb biztos\u00edt\u00e1si t\u00edpusnak sz\u00e1m\u00edt. B\u00e1r a pontos fedezet a k\u00f6tv\u00e9nyt\u0151l f\u00fcgg, ez a biztos\u00edt\u00e1si t\u00edpus biztos\u00edtja, hogy minden k\u00e1r\u00e9rt k\u00e1rt\u00e9r\u00edt\u00e9st kapjon, f\u00fcggetlen\u00fcl a k\u00e1r forr\u00e1s\u00e1t\u00f3l (bele\u00e9rtve p\u00e9ld\u00e1ul az id\u0151j\u00e1r\u00e1si k\u00f6r\u00fclm\u00e9nyeket is).<br><br>V\u00e9g\u00fcl, van egy <em>Csak teljes vesztes\u00e9g (TLO)<\/em> biztos\u00edt\u00e1s, az All Risk biztos\u00edt\u00e1s olcs\u00f3 alternat\u00edv\u00e1ja. Ahogy a neve is mutatja, ez a biztos\u00edt\u00e1si t\u00edpus csak akkor \u00e9rv\u00e9nyes, ha a teljes k\u00fcldem\u00e9ny elveszik. Nem fedezi a k\u00fcldem\u00e9nye \u00e9rt\u00e9k\u00e9t, \u00e9s \u00e1ltal\u00e1ban alacsony fels\u0151 hat\u00e1rral rendelkezik.<br><\/li>\r\n\r\n\r\n\r\n<li><strong>Lefedetts\u00e9g<\/strong>: A biztos\u00edt\u00e1si k\u00f6tv\u00e9nyt\u0151l f\u00fcgg\u0151en a biztos\u00edt\u00f3 t\u00e1rsas\u00e1g felelhet a sz\u00e1ll\u00edt\u00e1s sor\u00e1n esetlegesen bek\u00f6vetkez\u0151 k\u00e1rok\u00e9rt, de a be- \u00e9s kirakod\u00e1s\u00e9rt nem. Ha ez a helyzet, akkor a durva kezel\u00e9s miatt esetlegesen keletkez\u0151 k\u00e1rok\u00e9rt nem fog tudni felel\u0151ss\u00e9get \u00e9rv\u00e9nyes\u00edteni. Fontos, hogy a biztos\u00edt\u00e1si fedezet minden lehets\u00e9ges kock\u00e1zati t\u00e9nyez\u0151re kiterjedjen.<br><\/li>\r\n\r\n\r\n\r\n<li><strong>K\u00f6lts\u00e9gekkel kapcsolatos megfontol\u00e1sok<\/strong>: A biztos\u00edt\u00e1si d\u00edjak a sz\u00e1ll\u00edtm\u00e1ny jelleg\u00e9t\u0151l, a t\u00e1vols\u00e1gt\u00f3l, a c\u00e9l\u00e1llom\u00e1st\u00f3l, az \u00fatvonalt\u00f3l \u00e9s egy\u00e9b szempontokt\u00f3l f\u00fcgg\u0151en v\u00e1ltozhatnak.<\/li>\r\n<\/ul>\r\n\r\n\r\n\r\n<h3 class=\"wp-block-heading\"><span class=\"ez-toc-section\" id=\"Packing_Services\"><\/span>Csomagol\u00e1si szolg\u00e1ltat\u00e1sok<span class=\"ez-toc-section-end\"><\/span><\/h3>\r\n\r\n\r\n\r\n<ul class=\"wp-block-list\">\r\n<li><strong>El\u0151ny\u00f6k<\/strong>: Felb\u00e9relhet egy professzion\u00e1lis csomagol\u00f3szolg\u00e1latot, hogy rakom\u00e1ny\u00e1t a lehet\u0151 leghat\u00e9konyabban \u00e9s legbiztons\u00e1gosabban csomagolj\u00e1k be. A hat\u00e9kony csomagol\u00e1s megel\u0151zheti a sz\u00e1ll\u00edt\u00e1s sor\u00e1n esetlegesen bek\u00f6vetkez\u0151 k\u00e1rokat, \u00e9s \u00e1ltal\u00e1ban meg\u00e9ri a t\u00f6bbletk\u00f6lts\u00e9get. A teljes lefedetts\u00e9g\u0171 sz\u00e1ll\u00edtm\u00e1nyoz\u00e1si v\u00e1llalatok \u00e1ltal\u00e1ban csomagol\u00e1si szolg\u00e1ltat\u00e1sokat k\u00edn\u00e1lnak.<br><\/li>\r\n\r\n\r\n\r\n<li><strong>T\u00edpusok<\/strong>: Teljes lefedetts\u00e9get \u00e9s r\u00e9szleges szolg\u00e1ltat\u00e1st kaphat. Az el\u0151bbin\u00e9l a v\u00e1llalat felel az\u00e9rt, hogy mindent becsomagoljon \u00d6nnek. V\u00e1laszthatja a r\u00e9szleges szolg\u00e1ltat\u00e1st is, \u00e9s r\u00e1juk b\u00edzhatja a k\u00fcl\u00f6n\u00f6sen t\u00f6r\u00e9keny vagy fontos rakom\u00e1ny kezel\u00e9s\u00e9t.<br><\/li>\r\n\r\n\r\n\r\n<li><strong>K\u00f6lts\u00e9gek<\/strong>: Az \u00f6sszeg \u00e1ltal\u00e1ban az \u00e1ruk mennyis\u00e9g\u00e9t\u0151l f\u00fcgg\u0151en v\u00e1ltozik. A tengeri sz\u00e1ll\u00edtm\u00e1nyoz\u00f3 c\u00e9gek kedvezm\u00e9nyes \u00e1ron k\u00edn\u00e1lhatnak professzion\u00e1lis csomagol\u00e1si szolg\u00e1ltat\u00e1sokat.<\/li>\r\n<\/ul>\r\n\r\n\r\n\r\n<h3 class=\"wp-block-heading\"><span class=\"ez-toc-section\" id=\"Pick-up_and_Delivery\"><\/span>\u00c1tv\u00e9tel \u00e9s kisz\u00e1ll\u00edt\u00e1s<span class=\"ez-toc-section-end\"><\/span><\/h3>\r\n\r\n\r\n\r\n<p>A sz\u00e1ll\u00edtm\u00e1ny m\u00e9ret\u00e9t\u0151l \u00e9s az \u00d6n tart\u00f3zkod\u00e1si hely\u00e9t\u0151l f\u00fcgg\u0151en el\u0151fordulhat, hogy \u00d6n egyed\u00fcl is el tudja juttatni a sz\u00e1ll\u00edtm\u00e1nyt a kik\u00f6t\u0151be. Ha azonban felv\u00e9teli \u00e9s k\u00e9zbes\u00edt\u00e9si szolg\u00e1ltat\u00e1st vesz ig\u00e9nybe, az biztos\u00edtja, hogy rakom\u00e1nya id\u0151ben \u00e9s megfelel\u0151 \u00e1llapotban \u00e9rkezzen meg a c\u00e9l\u00e1llom\u00e1sra.<\/p>\r\n\r\n\r\n\r\n<p>A legt\u00f6bb sz\u00e1ll\u00edtm\u00e1nyoz\u00e1si v\u00e1llalat rakt\u00e1rakat \u00e9s teheraut\u00f3kat \u00fczemeltet a rakom\u00e1nyok h\u00e1zhoz sz\u00e1ll\u00edt\u00e1s\u00e1ra \u00e9s h\u00e1zhoz sz\u00e1ll\u00edt\u00e1s\u00e1ra. Az \u00e1tv\u00e9teli \u00e9s sz\u00e1ll\u00edt\u00e1si k\u00f6lts\u00e9gek a sz\u00e1ll\u00edt\u00e1si t\u00edpusokt\u00f3l (vas\u00fat, furgon, teheraut\u00f3) \u00e9s a sz\u00e1ll\u00edt\u00e1si id\u0151t\u0151l (bele\u00e9rtve a t\u00e1vols\u00e1got \u00e9s a sz\u00e1ll\u00edt\u00e1s s\u00fcrg\u0151ss\u00e9g\u00e9t) f\u00fcgg\u0151en v\u00e1ltoznak.<\/p>\r\n\r\n\r\n\r\n<h3 class=\"wp-block-heading\"><span class=\"ez-toc-section\" id=\"Taxes_and_Duty_Charges\"><\/span>Ad\u00f3k \u00e9s v\u00e1mok<span class=\"ez-toc-section-end\"><\/span><\/h3>\r\n\r\n\r\n\r\n<p>Ha Ausztr\u00e1li\u00e1b\u00f3l k\u00f6lt\u00f6zik Kanad\u00e1ba, nem kell agg\u00f3dnia a szem\u00e9lyes t\u00e1rgyak \u00e9s h\u00e1ztart\u00e1si cikkek (bele\u00e9rtve a h\u00e1ztart\u00e1si g\u00e9peket, p\u00e9ld\u00e1ul a telev\u00edzi\u00f3kat, h\u0171t\u0151szekr\u00e9nyeket, mos\u00f3g\u00e9peket stb.) ut\u00e1n fizetend\u0151 ad\u00f3k \u00e9s v\u00e1mok miatt. Az \u00e9kszerek ut\u00e1n sem kell ad\u00f3t fizetnie.&nbsp;<\/p>\r\n\r\n\r\n\r\n<p>\u00c1ltal\u00e1ban az a szab\u00e1ly, hogy a szem\u00e9lyes haszn\u00e1latra sz\u00e1nt eszk\u00f6z\u00f6k mentes\u00fclnek az ad\u00f3 al\u00f3l, de a mez\u0151gazdas\u00e1gi\/\u00e9p\u00edt\u00e9si\/gy\u00e1rt\u00e1si c\u00e9lra haszn\u00e1lni k\u00edv\u00e1nt berendez\u00e9sek ut\u00e1n ad\u00f3t kell fizetnie.<\/p>\r\n\r\n\r\n\r\n<p>\u00d6n v\u00e1mfizet\u00e9s n\u00e9lk\u00fcl hozhat be j\u00e1rm\u0171veket (szem\u00e9lyg\u00e9pkocsikat, teheraut\u00f3kat stb.), amennyiben azok szem\u00e9lyes haszn\u00e1latra szolg\u00e1lnak, \u00e9s megfelelnek a kanadai k\u00f6rnyezetv\u00e9delmi \u00e9s biztons\u00e1gi el\u0151\u00edr\u00e1soknak. A behozott aut\u00f3kra vonatkoz\u00f3 kanadai szab\u00e1lyok azonban meglehet\u0151sen szigor\u00faak, \u00e9s az aut\u00f3 st\u00e1tusz\u00e1t\u00f3l \u00e9s a ter\u00fclett\u0151l f\u00fcgg\u0151en, ahov\u00e1 k\u00f6lt\u00f6zik, el\u0151fordulhat, hogy ad\u00f3t kell fizetnie.<\/p>\r\n\r\n\r\n\r\n<p>Tov\u00e1bbi inform\u00e1ci\u00f3\u00e9rt tekintse meg a kanadai <a href=\"https:\/\/www.canada.ca\/en\/immigration-refugees-citizenship\/services\/new-immigrants\/prepare-life-canada\/border-entry\/bringing-goods.html\" target=\"_blank\" rel=\"noreferrer noopener\">hivatalos bev\u00e1ndorl\u00e1si \u00e9s behozatali szab\u00e1lyok<\/a>.<\/p>\r\n\r\n\r\n\r\n<h3 class=\"wp-block-heading\"><span class=\"ez-toc-section\" id=\"Storage\"><\/span>T\u00e1rol\u00e1s<span class=\"ez-toc-section-end\"><\/span><\/h3>\r\n\r\n\r\n\r\n<ul class=\"wp-block-list\">\r\n<li><strong>Opci\u00f3k<\/strong>: A legt\u00f6bb v\u00e1llalat r\u00f6vid \u00e9s hossz\u00fa t\u00e1v\u00fa t\u00e1rol\u00e1st is k\u00edn\u00e1l az \u00d6n \u00e1rui sz\u00e1m\u00e1ra. A r\u00f6vid t\u00e1v\u00fa t\u00e1rol\u00e1s j\u00f3 v\u00e1laszt\u00e1s, ha azt tervezi, hogy a lehet\u0151 leggyorsabban elsz\u00e1ll\u00edtja a holmij\u00e1t az els\u0151 \u00e9s a v\u00e9gs\u0151 c\u00e9l\u00e1llom\u00e1s k\u00f6z\u00f6tt, de a hosszabb t\u00e1v\u00fa t\u00e1rol\u00e1s is hasznos lehet, ha m\u00e9g nem tett v\u00e9gleges int\u00e9zked\u00e9seket.<br><br>Egyes c\u00e9gek mobil t\u00e1rol\u00f3egys\u00e9geket is k\u00edn\u00e1lnak, amelyekben a k\u00f6lt\u00f6z\u00e9s megk\u00f6nny\u00edt\u00e9se \u00e9rdek\u00e9ben az \u00e1tv\u00e9teli \u00e9s sz\u00e1ll\u00edt\u00e1si \u00e1rak is szerepelnek. A mobil t\u00e1rol\u00f3egys\u00e9gek \u00e1ltal\u00e1ban kisebbek a hagyom\u00e1nyos kont\u00e9neregys\u00e9gekhez k\u00e9pest (gondoljon egy h\u00e1l\u00f3szob\u00e1ra egy 2-3 h\u00e1l\u00f3szob\u00e1s otthonhoz k\u00e9pest).<\/li>\r\n\r\n\r\n\r\n<li><strong>K\u00f6lts\u00e9gek<\/strong>: A t\u00e1rol\u00e1si d\u00edjak az \u00e1ruk mennyis\u00e9g\u00e9t\u0151l, a t\u00e1rol\u00f3egys\u00e9g hely\u00e9t\u0151l \u00e9s term\u00e9szetesen a t\u00e1rol\u00e1s id\u0151tartam\u00e1t\u00f3l f\u00fcgg\u0151en v\u00e1ltoznak. Az \u00e9rt\u00e9kes vagy t\u00f6r\u00e9keny rakom\u00e1nyok eset\u00e9ben tov\u00e1bbi d\u00edjakat sz\u00e1m\u00edthatunk fel.<\/li>\r\n<\/ul>\r\n\r\n\r\n\r\n<h3 class=\"wp-block-heading\"><span class=\"ez-toc-section\" id=\"Additional_Charges\"><\/span>Kieg\u00e9sz\u00edt\u0151 d\u00edjak<span class=\"ez-toc-section-end\"><\/span><\/h3>\r\n\r\n\r\n\r\n<ul class=\"wp-block-list\">\r\n<li><strong>Kezel\u00e9si d\u00edjak<\/strong>: A kezel\u00e9si d\u00edjakat \u00e1ltal\u00e1ban tartalmazza a teljes \u00e1r, de ezek a sz\u00e1ll\u00edt\u00e1si d\u00edjt\u00f3l elk\u00fcl\u00f6n\u00fclnek. A sz\u00e1ll\u00edt\u00e1si d\u00edjak \u00e1ltal\u00e1ban a csomag m\u00e9ret\u00e9t\u0151l \u00e9s az \u00fatvonal t\u00e1vols\u00e1g\u00e1t\u00f3l f\u00fcggnek. A kezel\u00e9si d\u00edjak viszont a k\u00fcldem\u00e9ny be- \u00e9s kirakod\u00e1s\u00e1nak logisztikai k\u00f6lts\u00e9geit fedezik. Egy 20 l\u00e1bas kont\u00e9ner\u00e9rt k\u00f6r\u00fclbel\u00fcl 200-500 CAD \u00e9s 250-600 AUD fizet\u00e9s\u00e9re sz\u00e1m\u00edthat Ausztr\u00e1li\u00e1ban.<br><br>A legt\u00f6bb c\u00e9g a teljes \u00e1raj\u00e1nlatba belesz\u00e1m\u00edtja a kezel\u00e9si k\u00f6lts\u00e9get, de felh\u00edvhatja, \u00e9s megbizonyosodhat arr\u00f3l, hogy nem lesz-e extra sz\u00e1mla.<\/li>\r\n\r\n\r\n\r\n<li><strong>Dokument\u00e1ci\u00f3<\/strong>: A dokument\u00e1ci\u00f3s d\u00edjakat \u00e1ltal\u00e1ban a <a href=\"https:\/\/moverdb.com\/hu\/moving-companies\/\" data-internallinksmanager029f6b8e52c=\"79\" title=\"Top 25 nemzetk\u00f6zi k\u00f6lt\u00f6ztet\u0151 c\u00e9gek online\">k\u00f6lt\u00f6ztet\u0151 c\u00e9g<\/a> de j\u00f3 \u00f6tlet megbizonyosodni arr\u00f3l, hogy van-e r\u00e1 fedezet.<br><\/li>\r\n\r\n\r\n\r\n<li><strong>Egy\u00e9b<\/strong>: Ha a rakom\u00e1nya k\u00fcl\u00f6nleges szolg\u00e1ltat\u00e1sokat ig\u00e9nyel, akkor a k\u00f6lts\u00e9gek fedez\u00e9s\u00e9re k\u00fcl\u00f6n d\u00edjat kell fizetnie.<\/li>\r\n<\/ul>\r\n\r\n\r\n\r\n<h2 class=\"wp-block-heading\"><span class=\"ez-toc-section\" id=\"Modes_of_Container_Shipping\"><\/span>A kont\u00e9neres sz\u00e1ll\u00edt\u00e1s m\u00f3djai<span class=\"ez-toc-section-end\"><\/span><\/h2>\r\n\r\n\r\n\r\n<p>Ahogyan azt elk\u00e9pzelheti, a kont\u00e9neres sz\u00e1ll\u00edt\u00e1s sor\u00e1n az \u00e1rukat ac\u00e9ll\u00e1d\u00e1kba csomagolj\u00e1k, hogy k\u00f6nnyed\u00e9n elsz\u00e1ll\u00edthass\u00e1k \u0151ket egyik j\u00e1rm\u0171r\u0151l a m\u00e1sikra. A kont\u00e9nerek m\u00e9rete vil\u00e1gszerte szabv\u00e1nyos\u00edtott, \u00edgy k\u00f6nnyen kisz\u00e1m\u00edthatja, h\u00e1ny kont\u00e9nerre van sz\u00fcks\u00e9ge az utaz\u00e1shoz.<\/p>\r\n\r\n\r\n\r\n<p>A sz\u00e1ll\u00edtott \u00e1ruk mennyis\u00e9ge \u00e9s t\u00edpusa azonban megv\u00e1ltoztathatja a kont\u00e9neres sz\u00e1ll\u00edt\u00e1s m\u00f3dj\u00e1t. L\u00e1ssuk a lehet\u0151s\u00e9geket.<\/p>\r\n\r\n\r\n\r\n<h3 class=\"wp-block-heading\"><span class=\"ez-toc-section\" id=\"Full_Container_Load_FCL\"><\/span>Teljes kont\u00e9nerrakom\u00e1ny (FCL)<span class=\"ez-toc-section-end\"><\/span><\/h3>\r\n\r\n\r\n\r\n<p>Ha FCL vagy teljes kont\u00e9nerrakom\u00e1nyt sz\u00e1ll\u00edt, akkor egy teljes kont\u00e9ner \u00e1ll rendelkez\u00e9s\u00e9re az \u00e1ru sz\u00e1m\u00e1ra. Ez megk\u00f6nny\u00edti a kezel\u00e9st, a sz\u00e1ll\u00edt\u00e1st \u00e9s a k\u00e9zbes\u00edt\u00e9st. Emellett j\u00f6vedelmez\u0151bb is, mint egy r\u00e9szleges kont\u00e9ner b\u00e9rl\u00e9se, mivel a k\u00f6bm\u00e9terenk\u00e9nti \u00e1rak alacsonyabbak enn\u00e9l az opci\u00f3n\u00e1l.<\/p>\r\n\r\n\r\n\r\n<p>Az FCL a jobb megold\u00e1s, ha nagy mennyis\u00e9g\u0171 \u00e1rut sz\u00e1ll\u00edt. Ha a rakom\u00e1nya extra biztons\u00e1got vagy ellen\u0151rz\u00f6tt k\u00f6rnyezetet ig\u00e9nyel, akkor az FCL-t kell v\u00e1lasztania.<\/p>\r\n\r\n\r\n\r\n<h3 class=\"wp-block-heading\"><span class=\"ez-toc-section\" id=\"Less_than_Container_Load_LCL\"><\/span>Kevesebb mint kont\u00e9nerrakom\u00e1ny (LCL)<span class=\"ez-toc-section-end\"><\/span><\/h3>\r\n\r\n\r\n\r\n<p>Az LCL eset\u00e9ben \u00d6n a kont\u00e9nerbe t\u00f6lt\u00f6tt mennyis\u00e9g\u00e9rt fizet, de a d\u00edjak magasabbak a plusz kezel\u00e9si \u00e9s csomagol\u00e1si k\u00f6lts\u00e9gek miatt.<\/p>\r\n\r\n\r\n\r\n<p>Az LCL tal\u00e1n jobban megfelel \u00d6nnek, ha Kanad\u00e1ba szeretne k\u00f6lt\u00f6zni, \u00e9s szem\u00e9lyes t\u00e1rgyakat szeretne mag\u00e1val vinni.&nbsp;<\/p>\r\n\r\n\r\n\r\n<h3 class=\"wp-block-heading\"><span class=\"ez-toc-section\" id=\"Breakbulk_and_Bulk_Shipping\"><\/span>\u00d6mlesztett \u00e9s \u00f6mlesztett \u00e1ruk sz\u00e1ll\u00edt\u00e1sa<span class=\"ez-toc-section-end\"><\/span><\/h3>\r\n\r\n\r\n\r\n<p>Az \u00f6mlesztett sz\u00e1ll\u00edt\u00e1ssal sz\u00e1raz \u00e1rukat, p\u00e9ld\u00e1ul szenet \u00e9s vasat sz\u00e1ll\u00edthat, an\u00e9lk\u00fcl, hogy azokat k\u00fcl\u00f6n raklapokra vagy kont\u00e9nerekbe csomagoln\u00e1.<\/p>\r\n\r\n\r\n\r\n<p>Az \u00f6mlesztett \u00e1ru sz\u00e1ll\u00edt\u00e1sa olyan rakom\u00e1nyok sz\u00e1ll\u00edt\u00e1s\u00e1ra szolg\u00e1l, amelyeket speci\u00e1lisan raklapokra, hevederekre, zs\u00e1kokra \u00e9s l\u00e1d\u00e1kra kell csomagolni. J\u00e1rm\u0171vek \u00e9s g\u00e9pek sz\u00e1ll\u00edt\u00e1s\u00e1ra is haszn\u00e1lj\u00e1k.<\/p>\r\n\r\n\r\n\r\n<h2 class=\"wp-block-heading\"><span class=\"ez-toc-section\" id=\"Shipping_Container_Sizes_and_Options\"><\/span>Sz\u00e1ll\u00edt\u00e1si kont\u00e9ner m\u00e9retek \u00e9s lehet\u0151s\u00e9gek<span class=\"ez-toc-section-end\"><\/span><\/h2>\r\n\r\n\r\n\r\n<p>Mint m\u00e1r eml\u00edtett\u00fck, a kont\u00e9neres sz\u00e1ll\u00edt\u00e1s vil\u00e1gszerte szabv\u00e1nyos\u00edtott, ami azt jelenti, hogy a kont\u00e9ner t\u00edpusok \u00e9s m\u00e9retek tekintet\u00e9ben korl\u00e1tozottak a lehet\u0151s\u00e9gek.&nbsp;<\/p>\r\n\r\n\r\n\r\n<h3 class=\"wp-block-heading\"><span class=\"ez-toc-section\" id=\"Standard_Sizes\"><\/span>Standard m\u00e9retek<span class=\"ez-toc-section-end\"><\/span><\/h3>\r\n\r\n\r\n\r\n<ul class=\"wp-block-list\">\r\n<li><strong>20 l\u00e1bas kont\u00e9ner<\/strong>: Egy 20 l\u00e1b hossz\u00fa kont\u00e9nerbe k\u00f6r\u00fclbel\u00fcl 10 raklapnyi \u00e1ru f\u00e9r el. Ez azt jelenti, hogy egy 20 l\u00e1bas kont\u00e9nerben egy 2-3 h\u00e1l\u00f3szob\u00e1s lak\u00e1st is k\u00f6nnyed\u00e9n el lehet helyezni, ha a csomagol\u00e1st j\u00f3l v\u00e9gezz\u00fck el.<br><\/li>\r\n\r\n\r\n\r\n<li><strong>40 l\u00e1bas kont\u00e9ner<\/strong>: Egy 40 l\u00e1b hossz\u00fa kont\u00e9nerben 20-22 raklapnyi \u00e1rut mozgathat, vagy egy h\u00e1rom h\u00e1l\u00f3szob\u00e1s h\u00e1zat pakolhat \u00f6ssze.<\/li>\r\n<\/ul>\r\n\r\n\r\n\r\n<h3 class=\"wp-block-heading\"><span class=\"ez-toc-section\" id=\"Specialized_Containers\"><\/span>Speci\u00e1lis kont\u00e9nerek<span class=\"ez-toc-section-end\"><\/span><\/h3>\r\n\r\n\r\n\r\n<ul class=\"wp-block-list\">\r\n<li><strong>H\u0171t\u00f6tt (vagy Reefer) kont\u00e9nerek<\/strong>: Mint sejthet\u0151, az ilyen t\u00edpus\u00fa t\u00e1rol\u00f3ed\u00e9nyeket \u00fagy tervezt\u00e9k, hogy az \u00e1rut egy adott h\u0151m\u00e9rs\u00e9kleten tarts\u00e1k. Romland\u00f3 \u00e1ruk sz\u00e1ll\u00edt\u00e1s\u00e1ra haszn\u00e1lj\u00e1k \u0151ket.<br><\/li>\r\n\r\n\r\n\r\n<li><strong>Nyitott tetej\u0171 tart\u00e1lyok<\/strong>: A nyitott tetej\u0171 kont\u00e9nerek olyan t\u00e1rgyak sz\u00e1ll\u00edt\u00e1s\u00e1ra szolg\u00e1lnak, amelyek nem f\u00e9rnek el a hagyom\u00e1nyos kont\u00e9nerekben.<br><\/li>\r\n\r\n\r\n\r\n<li><strong>Flat-rack kont\u00e9nerek<\/strong>: A flat-rack kont\u00e9nerek oldalr\u00f3l \u00e9s fel\u00fclr\u0151l is pakolhat\u00f3k, mivel a k\u00fcls\u0151 falak \u00f6sszecsukhat\u00f3ak.<br><\/li>\r\n\r\n\r\n\r\n<li><strong>Oldals\u00f3 ajt\u00f3s kont\u00e9nerek<\/strong>: Ahogy a neve is mutatja, ezek a kont\u00e9nerek a rakom\u00e1ny be- \u00e9s kirakod\u00e1s\u00e1hoz\/kirakod\u00e1s\u00e1hoz az els\u0151 ajt\u00f3k helyett oldals\u00f3 ajt\u00f3kat haszn\u00e1lnak. Ezt a rugalmass\u00e1got biztos\u00edtva ide\u00e1lisak k\u00fcl\u00f6nb\u00f6z\u0151 \u00e1ruk, p\u00e9ld\u00e1ul b\u00fatorok, raklapok stb. sz\u00e1ll\u00edt\u00e1s\u00e1ra.<br><\/li>\r\n\r\n\r\n\r\n<li><strong>Szigetelt tart\u00e1lyok<\/strong>: A h\u0171t\u0151kont\u00e9nert\u0151l elt\u00e9r\u0151en ez a kont\u00e9nert\u00edpus kifejezetten kett\u0151s fal\u00fa, v\u00e1kuumozott t\u00e9rrel ell\u00e1tott, a h\u0151m\u00e9rs\u00e9klet-v\u00e1ltoz\u00e1s megakad\u00e1lyoz\u00e1s\u00e1ra szolg\u00e1l\u00f3 kont\u00e9ner.<\/li>\r\n<\/ul>\r\n\r\n\r\n\r\n<figure class=\"wp-block-table is-style-stripes\"><table><tbody><tr><td><\/td><td><strong>Hossz\u00fas\u00e1g<\/strong><\/td><td><strong>Magass\u00e1g<\/strong><\/td><td><strong>Sz\u00e9less\u00e9g<\/strong><\/td><td><strong>K\u00f6tet<\/strong><\/td><td><strong>\u00c1rtartom\u00e1ny<\/strong><\/td><\/tr><tr><td><strong>20 l\u00e1bas haj\u00f3z\u00e1si kont\u00e9ner<\/strong><\/td><td>19,7 l\u00e1b<br>6 m<\/td><td>7,8 l\u00e1b<br>2.4 m<\/td><td>7,7 l\u00e1b<br>2.3 m<\/td><td>1,173 ft\u00b3<br>33.2 m\u00b3<\/td><td>CAD 954 - 6,881<br>AUD 1,064 - 7,674<\/td><\/tr><tr><td><strong>40ft haj\u00f3z\u00e1si kont\u00e9ner<\/strong><\/td><td>39,7 l\u00e1b<br>12.1 m<\/td><td>7,8 l\u00e1b<br>2.4 m<\/td><td>7,7 l\u00e1b<br>2.3 m<\/td><td>2,390 ft\u00b3<br>67.7 m\u00b3<\/td><td>CAD 2,136 - 7,132<br>AUD 2,383 - 7,954<\/td><\/tr><tr><td><strong>Aut\u00f3sz\u00e1ll\u00edt\u00e1s<\/strong><\/td><td>19 l\u00e1b<br>5.8 m<\/td><td>7,2 l\u00e1b<br>2.2 m<\/td><td>7,2 l\u00e1b<br>2.2 m<\/td><td>982.8 ft\u00b3<br>27.83 m\u00b3<\/td><td>CAD 1,831 - 6,499<br>AUD 2,042 - 7,248<\/td><\/tr><\/tbody><\/table><\/figure>\r\n\r\n\r\n\r\n<p><em>Minden \u00e1r a 2023 okt\u00f3ber\u00e9ben kik\u00f6t\u0151r\u0151l kik\u00f6t\u0151re t\u00f6rt\u00e9n\u0151 kont\u00e9nersz\u00e1ll\u00edt\u00e1sra vonatkozik.<\/em><\/p>\r\n\r\n\r\n\r\n<h2 class=\"wp-block-heading\"><span class=\"ez-toc-section\" id=\"Sea_Freight_Container_Prices_to_Australia_from_Canada\"><\/span>Tengeri kont\u00e9ner\u00e1rak Ausztr\u00e1li\u00e1ba Kanad\u00e1b\u00f3l<span class=\"ez-toc-section-end\"><\/span><\/h2>\r\n\r\n\r\n\r\n<p>A Kanad\u00e1b\u00f3l Ausztr\u00e1li\u00e1ba t\u00f6rt\u00e9n\u0151 sz\u00e1ll\u00edt\u00e1s k\u00f6lts\u00e9geinek alapos vizsg\u00e1lata ut\u00e1n megtal\u00e1ltuk a legolcs\u00f3bb lehet\u0151s\u00e9geket.<\/p>\r\n\r\n\r\n\r\n<p>Amint az al\u00e1bbi t\u00e1bl\u00e1zatb\u00f3l l\u00e1that\u00f3, a Sydneyb\u0151l vagy Melbourne-b\u0151l Vancouverbe t\u00f6rt\u00e9n\u0151 sz\u00e1ll\u00edt\u00e1s a legolcs\u00f3bb (954 CAD - 1,064 AUD). Az \u00e9v k\u00fcl\u00f6nb\u00f6z\u0151 id\u0151szakaiban azonban jobb \u00e1rakat kaphat, ez\u00e9rt pr\u00f3b\u00e1ljon meg \u00e1raj\u00e1nlatot k\u00e9rni, miel\u0151tt d\u00f6nt\u00e9st hoz.<\/p>\r\n\r\n\r\n\r\n<p>Az aktu\u00e1lis \u00e1rakat az al\u00e1bbi t\u00e1bl\u00e1zatokban l\u00e1thatja:<\/p>\r\n\r\n\r\n\r\n<h3 class=\"wp-block-heading\"><span class=\"ez-toc-section\" id=\"20ft_Shipping_Container\"><\/span>20 l\u00e1bas haj\u00f3z\u00e1si kont\u00e9ner&nbsp;<span class=\"ez-toc-section-end\"><\/span><\/h3>\r\n\r\n\r\n\r\n<figure class=\"wp-block-table is-style-stripes\"><table><tbody><tr><td><\/td><td>Sz\u00e1ll\u00edt\u00e1s a k\u00f6vetkez\u0151 c\u00edmre <strong>Vancouver<\/strong><\/td><td>Sz\u00e1ll\u00edt\u00e1s a k\u00f6vetkez\u0151 c\u00edmre <strong>Montreal<\/strong><\/td><td>Sz\u00e1ll\u00edt\u00e1s a k\u00f6vetkez\u0151 c\u00edmre <strong>Halifax<\/strong><\/td><\/tr><tr><td>Sz\u00e1ll\u00edt\u00e1s a <strong>Sydney<\/strong><\/td><td>CAD 991<br>1,105 AUD<\/td><td>Nincsenek r\u00f6gz\u00edtett \u00e1rak. Haszn\u00e1lja az al\u00e1bbi \u00e1raj\u00e1nlatk\u00e9r\u0151 eszk\u00f6zt<\/td><td>CAD 2,187<br>2,439 AUD<\/td><\/tr><tr><td>Sz\u00e1ll\u00edt\u00e1s a <strong>Melbourne&nbsp;<\/strong><\/td><td>CAD 954<br>1,064 AUD<\/td><td>Nincsenek r\u00f6gz\u00edtett \u00e1rak. Haszn\u00e1lja az al\u00e1bbi \u00e1raj\u00e1nlatk\u00e9r\u0151 eszk\u00f6zt<\/td><td>CAD 2,443<br>2,725 AUD<\/td><\/tr><tr><td>Sz\u00e1ll\u00edt\u00e1s a <strong>Brisbane<\/strong><\/td><td>CAD 3,965<br>4,422 AUD<\/td><td>CAD 6,881<br>7,674 AUD<\/td><td>CAD 6,735<br>7,511 AUD<\/td><\/tr><\/tbody><\/table><\/figure>\r\n\r\n\r\n\r\n<p><em>Minden \u00e1r a 2023 okt\u00f3ber\u00e9ben kik\u00f6t\u0151r\u0151l kik\u00f6t\u0151re t\u00f6rt\u00e9n\u0151 kont\u00e9nersz\u00e1ll\u00edt\u00e1sra vonatkozik.<\/em><\/p>\r\n\r\n\r\n\r\n<h3 class=\"wp-block-heading\"><span class=\"ez-toc-section\" id=\"40ft_Shipping_Container\"><\/span>40ft haj\u00f3z\u00e1si kont\u00e9ner&nbsp;<span class=\"ez-toc-section-end\"><\/span><\/h3>\r\n\r\n\r\n\r\n<figure class=\"wp-block-table is-style-stripes\"><table><tbody><tr><td><\/td><td>Sz\u00e1ll\u00edt\u00e1s a k\u00f6vetkez\u0151 c\u00edmre <strong>Vancouver<\/strong><\/td><td>Sz\u00e1ll\u00edt\u00e1s a k\u00f6vetkez\u0151 c\u00edmre <strong>Montreal<\/strong><\/td><td>Sz\u00e1ll\u00edt\u00e1s a k\u00f6vetkez\u0151 c\u00edmre <strong>Halifax<\/strong>&nbsp;<\/td><\/tr><tr><td>Sz\u00e1ll\u00edt\u00e1s a <strong>Sydney<\/strong><\/td><td>CAD 2,173<br>2,424 AUD&nbsp;<\/td><td>Nincsenek r\u00f6gz\u00edtett \u00e1rak. Haszn\u00e1lja az al\u00e1bbi \u00e1raj\u00e1nlatk\u00e9r\u0151 eszk\u00f6zt<\/td><td>CAD 2,668<br>2,975 AUD<\/td><\/tr><tr><td>Sz\u00e1ll\u00edt\u00e1s a <strong>Melbourne&nbsp;<\/strong><\/td><td>CAD 2,136<br>2,383 AUD<\/td><td>Nincsenek r\u00f6gz\u00edtett \u00e1rak. Haszn\u00e1lja az al\u00e1bbi \u00e1raj\u00e1nlatk\u00e9r\u0151 eszk\u00f6zt<\/td><td>CAD 2,918<br>3,254 AUD<\/td><\/tr><tr><td>Sz\u00e1ll\u00edt\u00e1s a<strong>Brisbane<\/strong>&nbsp;<\/td><td>CAD 5,093<br>5,680 AUD<\/td><td>CAD 6,644<br>7,410 AUD<\/td><td>CAD 7,132<br>7,954 AUD<\/td><\/tr><\/tbody><\/table><\/figure>\r\n\r\n\r\n\r\n<p><em>Minden \u00e1r a 2023 okt\u00f3ber\u00e9ben kik\u00f6t\u0151r\u0151l kik\u00f6t\u0151re t\u00f6rt\u00e9n\u0151 kont\u00e9nersz\u00e1ll\u00edt\u00e1sra vonatkozik.<\/em><\/p>\r\n\r\n\r\n\r\n<h2 class=\"wp-block-heading\"><span class=\"ez-toc-section\" id=\"Shipping_a_Car_What_You_Need_to_Know\"><\/span>Aut\u00f3sz\u00e1ll\u00edt\u00e1s: Mit kell tudnia<span class=\"ez-toc-section-end\"><\/span><\/h2>\r\n\r\n\r\n\r\n<p>Ausztr\u00e1li\u00e1b\u00f3l aut\u00f3t import\u00e1lni Kanad\u00e1ba nem t\u00fal egyszer\u0171. Kanad\u00e1ban szigor\u00fa szab\u00e1lyok vonatkoznak az import\u00e1lt aut\u00f3kra, \u00e9s \u00e1ltal\u00e1ban nem engedi, hogy az emberek \u00e1thozz\u00e1k a j\u00e1rm\u0171veiket, kiv\u00e9ve, ha azok az USA-ban k\u00e9sz\u00fcltek vagy <a href=\"https:\/\/moverdb.com\/hu\/moving-to-mexico\/\" data-internallinksmanager029f6b8e52c=\"348\" title=\"Mexik\u00f3ba k\u00f6lt\u00f6zik? 2023 Meg\u00e9lhet\u00e9si k\u00f6lts\u00e9gek \u00e9s k\u00f6lt\u00f6z\u00e9si tippek\">Mexik\u00f3<\/a>.&nbsp;<\/p>\r\n\r\n\r\n\r\n<p>Mindazon\u00e1ltal, ha az aut\u00f3 megfelel az al\u00e1bbiakban ismertetett felt\u00e9teleknek, akkor m\u00e9g mindig elsz\u00e1ll\u00edthatja az aut\u00f3j\u00e1t.<\/p>\r\n\r\n\r\n\r\n<h3 class=\"wp-block-heading\"><span class=\"ez-toc-section\" id=\"Regulations_and_Requirements\"><\/span>Szab\u00e1lyoz\u00e1sok \u00e9s k\u00f6vetelm\u00e9nyek<span class=\"ez-toc-section-end\"><\/span><\/h3>\r\n\r\n\r\n\r\n<p>Ha j\u00e1rm\u0171ve megfelel az al\u00e1bbiakban ismertetett k\u00fcl\u00f6nleges k\u00f6r\u00fclm\u00e9nyeknek, akkor Kanad\u00e1ba is sz\u00e1ll\u00edthatja.<\/p>\r\n\r\n\r\n\r\n<ul class=\"wp-block-list\">\r\n<li>Olyan j\u00e1rm\u0171 (az aut\u00f3buszok nem tartoznak ide), amely megfelel a g\u00e9pj\u00e1rm\u0171vek biztons\u00e1g\u00e1r\u00f3l sz\u00f3l\u00f3 t\u00f6rv\u00e9nynek.<\/li>\r\n<\/ul>\r\n\r\n\r\n\r\n<ul class=\"wp-block-list\">\r\n<li>Ez egy busz, de 1971. janu\u00e1r 1. el\u0151tt gy\u00e1rtott\u00e1k.<\/li>\r\n<\/ul>\r\n\r\n\r\n\r\n<ul class=\"wp-block-list\">\r\n<li>Ez nem a g\u00e9pj\u00e1rm\u0171vek biztons\u00e1gi el\u0151\u00edr\u00e1sai \u00e1ltal szab\u00e1lyozott j\u00e1rm\u0171.<\/li>\r\n<\/ul>\r\n\r\n\r\n\r\n<ul class=\"wp-block-list\">\r\n<li>A gy\u00e1rt\u00f3t\u00f3l \u00fajonnan v\u00e1s\u00e1rolt, \u00e9s megfelel az \u00f6sszes kanadai szabv\u00e1nynak. El\u0151zetes enged\u00e9lyre lesz sz\u00fcks\u00e9ge a Transport Canada-t\u00f3l.<\/li>\r\n<\/ul>\r\n\r\n\r\n\r\n<ul class=\"wp-block-list\">\r\n<li>Kanad\u00e1ban v\u00e1s\u00e1rolt\u00e1k, \u00e9s most visszat\u00e9r Kanad\u00e1ba. El\u0151zetes enged\u00e9lyt kell k\u00e9rnie a Transport Canada-t\u00f3l.<\/li>\r\n<\/ul>\r\n\r\n\r\n\r\n<ul class=\"wp-block-list\">\r\n<li>\u00dajonnan (nem haszn\u00e1ltan) v\u00e1s\u00e1rolt\u00e1k az Egyes\u00fclt \u00c1llamokban, \u00e9s ott haszn\u00e1lt\u00e1k, vagy k\u00fclf\u00f6ldre sz\u00e1ll\u00edtott\u00e1k. Ellen\u0151riznie kell a <a href=\"https:\/\/www.riv.ca\/ImportingAVehicle.aspx\" target=\"_blank\" rel=\"noreferrer noopener\">Behozott j\u00e1rm\u0171vek nyilv\u00e1ntart\u00f3ja<\/a> annak biztos\u00edt\u00e1sa \u00e9rdek\u00e9ben, hogy az import\u00e1lhat\u00f3 legyen.<\/li>\r\n<\/ul>\r\n\r\n\r\n\r\n<p>\u00d6sszess\u00e9g\u00e9ben elmondhat\u00f3, hogy ha az \u00d6n aut\u00f3ja 15 \u00e9vesn\u00e9l \u00fajabb, akkor meg kell felelnie a k\u00f6vetkez\u0151 k\u00f6vetelm\u00e9nyeknek <a href=\"https:\/\/www.riv.ca\/ImportingAVehicle.aspx\" target=\"_blank\" rel=\"noreferrer noopener\">Behozott j\u00e1rm\u0171vek nyilv\u00e1ntart\u00f3ja<\/a> krit\u00e9riumokat, \u00e9s k\u00f6lts\u00e9ges m\u00f3dos\u00edt\u00e1sra lehet sz\u00fcks\u00e9g. Ha a j\u00e1rm\u0171 15 \u00e9vn\u00e9l r\u00e9gebbi, akkor lehet, hogy import\u00e1lhatja, de bizonyos ter\u00fcleteken a k\u00fcl\u00f6nleges k\u00f6vetelm\u00e9nyek miatt neh\u00e9zs\u00e9gekbe \u00fctk\u00f6zhet a nyilv\u00e1ntart\u00e1sba v\u00e9tele.<\/p>\r\n\r\n\r\n\r\n<p>A j\u00e1rm\u0171vek import\u00e1l\u00e1s\u00e1r\u00f3l t\u00f6bbet megtudhat az al\u00e1bbi weboldalon <a href=\"http:\/\/www.cbsa-asfc.gc.ca\/publications\/dm-md\/d19\/d19-12-1-eng.html\" target=\"_blank\" rel=\"noreferrer noopener\">A Kanadai Hat\u00e1rszolg\u00e1lat j\u00e1rm\u0171vekre vonatkoz\u00f3 behozatali szab\u00e1lyai<\/a>.<\/p>\r\n\r\n\r\n\r\n<p>Felh\u00edvjuk figyelm\u00e9t, hogy \u00d6n felel\u0151s az\u00e9rt, hogy j\u00e1rm\u0171ve megfeleljen az el\u0151\u00edr\u00e1soknak. A biztos\u00edt\u00e1si szolg\u00e1ltat\u00f3val \u00e9s a helyi enged\u00e9lyez\u0151 hat\u00f3s\u00e1ggal is fel kell vennie a kapcsolatot, hogy megtudja, vannak-e tov\u00e1bbi k\u00f6vetelm\u00e9nyek, mivel Kanada k\u00fcl\u00f6nb\u00f6z\u0151 tartom\u00e1nyai\/ter\u00fcletein tov\u00e1bbi szab\u00e1lyok vonatkozhatnak az import\u00e1lt g\u00e9pkocsikra.<\/p>\r\n\r\n\r\n\r\n<p>Ha m\u00e1r biztosan tudja, hogy aut\u00f3ja megfelel a kanadai g\u00e9pj\u00e1rm\u0171-biztons\u00e1gi szabv\u00e1nyoknak, kit\u00f6ltheti a \"J\u00e1rm\u0171import\" \u0171rlapot. A v\u00e1mosok a hat\u00e1ron ellen\u0151rzik j\u00e1rm\u0171v\u00e9t, hogy az megfelel-e az \u00f6sszes vonatkoz\u00f3 el\u0151\u00edr\u00e1snak.<\/p>\r\n\r\n\r\n\r\n<h3 class=\"wp-block-heading\"><span class=\"ez-toc-section\" id=\"Preparation_and_Necessary_Documentation\"><\/span>Felk\u00e9sz\u00fcl\u00e9s \u00e9s sz\u00fcks\u00e9ges dokument\u00e1ci\u00f3<span class=\"ez-toc-section-end\"><\/span><\/h3>\r\n\r\n\r\n\r\n<ul class=\"wp-block-list\">\r\n<li><strong>J\u00e1rm\u0171 el\u0151k\u00e9sz\u00edt\u00e9s<\/strong>: Tiszt\u00edtsa meg az aut\u00f3j\u00e1t, \u00e9s t\u00e1vol\u00edtsa el a szem\u00e9lyes t\u00e1rgyait. Gy\u0151z\u0151dj\u00f6n meg arr\u00f3l, hogy az aut\u00f3 karbantart\u00e1sa naprak\u00e9sz.  Az \u00fczemanyagszintnek \u00bc tanknak vagy ann\u00e1l alacsonyabbnak kell lennie a sz\u00e1ll\u00edt\u00e1s el\u0151tt.<br><\/li>\r\n\r\n\r\n\r\n<li><strong>A j\u00e1rm\u0171 c\u00edme: <\/strong>Tulajdonosi igazol\u00e1s, amely igazolja, hogy \u00d6n a jogszer\u0171 tulajdonos.<br><\/li>\r\n\r\n\r\n\r\n<li><strong>Ad\u00e1sv\u00e9teli szerz\u0151d\u00e9s: <\/strong>A v\u00e1s\u00e1rl\u00e1s d\u00e1tuma, az elad\u00f3 \u00e9s az \u00d6n \u00e1ltal kifizetett \u00f6sszeg.<br><\/li>\r\n\r\n\r\n\r\n<li><strong>Fuvarlev\u00e9l<\/strong>: A sz\u00e1ll\u00edt\u00e1si szerz\u0151d\u00e9s, amely tartalmazza a j\u00e1rm\u0171 kor\u00e1t, modellj\u00e9t \u00e9s j\u00e1rm\u0171azonos\u00edt\u00f3 sz\u00e1m\u00e1t (VIN).<br><\/li>\r\n\r\n\r\n\r\n<li><strong>J\u00e1rm\u0171 import formanyomtatv\u00e1ny<\/strong>: A j\u00e1rm\u0171 forgalmi enged\u00e9lye (V5C).<\/li>\r\n<\/ul>\r\n\r\n\r\n\r\n<figure class=\"wp-block-table is-style-stripes\"><table><tbody><tr><td><\/td><td>Sz\u00e1ll\u00edt\u00e1s a k\u00f6vetkez\u0151 c\u00edmre <strong>Vancouver<\/strong><\/td><td>Sz\u00e1ll\u00edt\u00e1s a k\u00f6vetkez\u0151 c\u00edmre <strong>Montreal<\/strong><\/td><td>Sz\u00e1ll\u00edt\u00e1s a k\u00f6vetkez\u0151 c\u00edmre <strong>Halifax<\/strong><\/td><\/tr><tr><td>Sz\u00e1ll\u00edt\u00e1s a <strong>Sydney<\/strong><\/td><td>CAD 2,598<br>2,897 AUD<\/td><td>CAD 4,910<br>5,476 AUD<\/td><td>CAD 4,747<br>5,295 AUD<\/td><\/tr><tr><td>Sz\u00e1ll\u00edt\u00e1s a <strong>Melbourne<\/strong><\/td><td>CAD 2,736<br>3,051 AUD<\/td><td>CAD 5,059<br>5,642 AUD<\/td><td>CAD 4,896<br>5,461 AUD<\/td><\/tr><tr><td>Sz\u00e1ll\u00edt\u00e1s a <strong>Brisbane<\/strong><\/td><td>CAD 1,831<br>2,042 AUD<\/td><td>CAD 5,505<br>6,140 AUD<\/td><td>CAD 4,763<br>5,312 AUD<\/td><\/tr><tr><td>Sz\u00e1ll\u00edt\u00e1s a <strong>Perth<\/strong><\/td><td>CAD 6,499<br>7,248 AUD<\/td><td>CAD 6,499<br>7,248 AUD<\/td><td>CAD 6,499<br>7,248 AUD<\/td><\/tr><\/tbody><\/table><\/figure>\r\n\r\n\r\n\r\n<p><em>Az \u00e1rak \u00e1tlagosak \u00e9s egy 2020-as Jeep Renegade 2023 okt\u00f3ber\u00e9ben t\u00f6rt\u00e9n\u0151 sz\u00e1ll\u00edt\u00e1s\u00e1t jelzik kik\u00f6t\u0151b\u0151l kik\u00f6t\u0151be.<\/em><\/p>\r\n\r\n\r\n\r\n<h2 class=\"wp-block-heading\"><span class=\"ez-toc-section\" id=\"Shipping_Times_for_Sea_Freight_to_Australia_from_Canada\"><\/span>Sz\u00e1ll\u00edt\u00e1si id\u0151k a tengeri sz\u00e1ll\u00edtm\u00e1nyoz\u00e1shoz Kanad\u00e1b\u00f3l Ausztr\u00e1li\u00e1ba<span class=\"ez-toc-section-end\"><\/span><\/h2>\r\n\r\n\r\n\r\n<figure class=\"wp-block-table is-style-stripes\"><table><tbody><tr><td><\/td><td>Sz\u00e1ll\u00edt\u00e1s a k\u00f6vetkez\u0151 c\u00edmre <strong>Vancouver<\/strong><\/td><td>Sz\u00e1ll\u00edt\u00e1s a k\u00f6vetkez\u0151 c\u00edmre <strong>Montreal<\/strong><\/td><td>Sz\u00e1ll\u00edt\u00e1s a k\u00f6vetkez\u0151 c\u00edmre <strong>Halifax<\/strong><\/td><\/tr><tr><td>Sz\u00e1ll\u00edt\u00e1s a <strong>Sydney<\/strong><\/td><td>21 - 26 nap<\/td><td>27 - 32 nap<\/td><td>29 - 34 nap<\/td><\/tr><tr><td>Sz\u00e1ll\u00edt\u00e1s a <strong>Melbourne<\/strong><\/td><td>23 - 28 nap<\/td><td>29 - 34 nap<\/td><td>30 - 35 nap<\/td><\/tr><tr><td>Sz\u00e1ll\u00edt\u00e1s a <strong>Brisbane<\/strong><\/td><td>20-25 nap<\/td><td>26 - 31 nap<\/td><td>28 - 33 nap<\/td><\/tr><tr><td>Sz\u00e1ll\u00edt\u00e1s a <strong>Perth<\/strong><\/td><td>28 - 34 nap<\/td><td>28 - 34 nap<\/td><td>28 - 34 nap<\/td><\/tr><\/tbody><\/table><\/figure>\r\n\r\n\r\n\r\n<h2 class=\"wp-block-heading\"><span class=\"ez-toc-section\" id=\"Government_Regulations_and_the_Customs_Process\"><\/span>Korm\u00e1nyzati rendeletek \u00e9s a v\u00e1melj\u00e1r\u00e1s<span class=\"ez-toc-section-end\"><\/span><\/h2>\r\n\r\n\r\n\r\n<p>A sz\u00fcks\u00e9ges dokumentumok el\u0151k\u00e9sz\u00edt\u00e9se nemcsak az \u00e1rut\u00f3l k\u00edm\u00e9li meg, amikor meg\u00e9rkezik a v\u00e1mhoz, hanem sok fejf\u00e1j\u00e1st\u00f3l is.<\/p>\r\n\r\n\r\n\r\n<h3 class=\"wp-block-heading\"><span class=\"ez-toc-section\" id=\"Necessary_Documentation_for_Shipping\"><\/span>Sz\u00e1ll\u00edt\u00e1shoz sz\u00fcks\u00e9ges dokument\u00e1ci\u00f3<span class=\"ez-toc-section-end\"><\/span><\/h3>\r\n\r\n\r\n\r\n<ul class=\"wp-block-list\">\r\n<li><strong>Fuvarlev\u00e9l<\/strong>: A legfontosabb dokumentum, amellyel rendelkeznie kell. Ez egy szerz\u0151d\u00e9s \u00d6n \u00e9s a <a href=\"https:\/\/moverdb.com\/hu\/shipping-companies\/\" data-internallinksmanager029f6b8e52c=\"4\" title=\"Top 10 nemzetk\u00f6zi kont\u00e9nersz\u00e1ll\u00edt\u00f3 c\u00e9gek\">haj\u00f3z\u00e1si v\u00e1llalat<\/a> amely r\u00e9szletezi a cardo-t, a c\u00e9l\u00e1llom\u00e1st \u00e9s minden l\u00e9nyeges adatot, amit a v\u00e1mosok k\u00e9rni fognak.<br><\/li>\r\n\r\n\r\n\r\n<li><strong>Csomagol\u00e1si lista<\/strong>: Egy dokumentum, amely tartalmazza a sz\u00e1ll\u00edtm\u00e1ny tartalm\u00e1t, m\u00e9ret\u00e9t, mennyis\u00e9g\u00e9t \u00e9s s\u00faly\u00e1t.<\/li>\r\n<\/ul>\r\n\r\n\r\n\r\n<p>Ha kereskedelmi \u00e1rukat export\u00e1l, akkor is sz\u00fcks\u00e9ge lesz:<\/p>\r\n\r\n\r\n\r\n<ul class=\"wp-block-list\">\r\n<li><strong>Sz\u00e1rmaz\u00e1si bizony\u00edtv\u00e1ny<\/strong>: Egy dokumentum, amely a gy\u00e1rt\u00f3 orsz\u00e1got mutatja.<\/li>\r\n<\/ul>\r\n\r\n\r\n\r\n<ul class=\"wp-block-list\">\r\n<li><strong>Kereskedelmi sz\u00e1mla<\/strong>: Egy dokumentum, amely felsorolja a k\u00fcldem\u00e9ny tartalm\u00e1t \u00e9s \u00e9rt\u00e9k\u00e9t.<br><\/li>\r\n\r\n\r\n\r\n<li><strong>Import\/export nyilatkozat<\/strong>: Az \u00f6sszes sz\u00fcks\u00e9ges import- \u00e9s exportformanyomtatv\u00e1ny.<\/li>\r\n<\/ul>\r\n\r\n\r\n\r\n<h3 class=\"wp-block-heading\"><span class=\"ez-toc-section\" id=\"Canadas_Customs_Regulations\"><\/span>Kanada v\u00e1mszab\u00e1lyai<span class=\"ez-toc-section-end\"><\/span><\/h3>\r\n\r\n\r\n\r\n<p>A kanadai v\u00e1mszab\u00e1lyokat Kanada t\u00f6bb kulcsfontoss\u00e1g\u00fa r\u00e9szleg\u00e9nek \u00e9s int\u00e9zet\u00e9nek egy\u00fcttm\u0171k\u00f6d\u00e9s\u00e9vel alak\u00edtott\u00e1k ki az orsz\u00e1g j\u00f3l\u00e9t\u00e9nek v\u00e9delme \u00e9rdek\u00e9ben. Kanada \u00f6kosziszt\u00e9m\u00e1j\u00e1nak v\u00e9delme \u00e9rdek\u00e9ben k\u00fcl\u00f6n\u00f6s figyelmet ford\u00edtanak bizonyos t\u00e9telekre.<\/p>\r\n\r\n\r\n\r\n<p>El\u0151fordulhat, hogy az al\u00e1bbi int\u00e9zm\u00e9nyekkel kell egyeztetnie, hogy rakom\u00e1nya ne akadjon el a hat\u00e1ron.<\/p>\r\n\r\n\r\n\r\n<ul class=\"wp-block-list\">\r\n<li><a href=\"https:\/\/www.cbsa-asfc.gc.ca\/\" target=\"_blank\" rel=\"noreferrer noopener\"><strong>A Kanadai Hat\u00e1rszolg\u00e1lat (CBSA)<\/strong><\/a>: A hat\u00e1r\u00fcgyn\u00f6ks\u00e9g szorosan egy\u00fcttm\u0171k\u00f6dik az \u00f6sszes t\u00f6bbi szervezeti egys\u00e9ggel annak \u00e9rdek\u00e9ben, hogy a behozatali \u00e9s kiviteli szab\u00e1lyokat megfelel\u0151en betarts\u00e1k.<br><\/li>\r\n\r\n\r\n\r\n<li><a href=\"https:\/\/inspection.canada.ca\/\" target=\"_blank\" rel=\"noreferrer noopener\"><strong>A Kanadai \u00c9lelmiszer-ellen\u0151rz\u00e9si Hivatal (CFIA)<\/strong><\/a>: Szab\u00e1lyozza az \u00e9lelmiszereket, n\u00f6v\u00e9nyi \u00e9s \u00e1llati term\u00e9keket Kanad\u00e1ban. A CFIA szigor\u00fa behozatali szab\u00e1lyokat alkalmaz ezekre a term\u00e9kekre vonatkoz\u00f3an.<\/li>\r\n<\/ul>\r\n\r\n\r\n\r\n<ul class=\"wp-block-list\">\r\n<li><a href=\"https:\/\/www.canada.ca\/en\/environment-climate-change.html\" target=\"_blank\" rel=\"noreferrer noopener\"><strong>K\u00f6rnyezetv\u00e9delem \u00e9s \u00e9ghajlatv\u00e1ltoz\u00e1s Kanada<\/strong><\/a>: A kanadai ECC a k\u00f6rnyezetszennyez\u00e9s megel\u0151z\u00e9s\u00e9n dolgozik, \u00e9s a k\u00f6rnyezet v\u00e9delm\u00e9t szolg\u00e1l\u00f3 szab\u00e1lyoz\u00e1sokat vezet be.<\/li>\r\n<\/ul>\r\n\r\n\r\n\r\n<ul class=\"wp-block-list\">\r\n<li><a href=\"https:\/\/www.dfo-mpo.gc.ca\/index-eng.html\" target=\"_blank\" rel=\"noreferrer noopener\"><strong>Kanadai Hal\u00e1szati \u00e9s \u00d3ce\u00e1ni Hivatal (DFO)<\/strong><\/a>: Kanada \u00f3ce\u00e1njainak \u00e9s vizeinek kezel\u00e9se, a miniszt\u00e9rium felel\u0151s a v\u00edzi \u00e9l\u0151helyek v\u00e9delm\u00e9\u00e9rt.<\/li>\r\n<\/ul>\r\n\r\n\r\n\r\n<ul class=\"wp-block-list\">\r\n<li><a href=\"https:\/\/tc.canada.ca\/en\/road-transportation\/importing-vehicle\" target=\"_blank\" rel=\"noreferrer noopener\"><strong>Transport Canada<\/strong><\/a>: A Transport Canada szab\u00e1lyozza a k\u00f6zleked\u00e9spolitik\u00e1t Kanada-szerte, \u00e9s felel\u0151s az import\u00e1lt j\u00e1rm\u0171vek kezel\u00e9s\u00e9\u00e9rt.<\/li>\r\n<\/ul>\r\n\r\n\r\n\r\n<h3 class=\"wp-block-heading\"><span class=\"ez-toc-section\" id=\"Australia_Export_Regulations\"><\/span>Ausztr\u00e1lia exportrendelkez\u00e9sei<span class=\"ez-toc-section-end\"><\/span><\/h3>\r\n\r\n\r\n\r\n<p>Ausztr\u00e1li\u00e1nak van n\u00e9h\u00e1ny kiviteli ir\u00e1nyelve, b\u00e1r ha az otthon\u00e1t k\u00f6lt\u00f6zteti, akkor ezek nem az \u00d6n dolga. Ha azonban azt tervezi, hogy Ausztr\u00e1li\u00e1b\u00f3l Kanad\u00e1ba export\u00e1l \u00e1rukat, akkor az ausztr\u00e1l hat\u00f3s\u00e1gokkal kell egyeztetnie, hogy megbizonyosodjon arr\u00f3l, hogy nem export\u00e1l tiltott vagy korl\u00e1tozott \u00e1rukat.<\/p>\r\n\r\n\r\n\r\n<ul class=\"wp-block-list\">\r\n<li><a href=\"https:\/\/www.abf.gov.au\/\" target=\"_blank\" rel=\"noreferrer noopener\"><strong>Az ausztr\u00e1l hat\u00e1r\u0151rs\u00e9g (ABF)<\/strong><\/a>: Rendszeres hat\u00e1rellen\u0151rz\u00e9s az \u00e1ruk \u00e9s szem\u00e9lyek biztons\u00e1gos \u00e1thalad\u00e1s\u00e1nak biztos\u00edt\u00e1sa \u00e9rdek\u00e9ben.<br><\/li>\r\n\r\n\r\n\r\n<li><a href=\"https:\/\/www.agriculture.gov.au\/\" target=\"_blank\" rel=\"noreferrer noopener\"><strong>Mez\u0151gazdas\u00e1gi, Hal\u00e1szati \u00e9s Erd\u00e9szeti Miniszt\u00e9rium (DAFF)<\/strong><\/a>: Szab\u00e1lyozza az import\u00e1lt \u00e9s export\u00e1lt \u00e1rukat az ausztr\u00e1l \u00f6kosziszt\u00e9ma eg\u00e9szs\u00e9ge \u00e9rdek\u00e9ben.<br><\/li>\r\n\r\n\r\n\r\n<li><a href=\"https:\/\/www.homeaffairs.gov.au\/\" target=\"_blank\" rel=\"noreferrer noopener\"><strong>Bel\u00fcgyminiszt\u00e9rium<\/strong><\/a>: V\u00e9grehajtja az export-import szab\u00e1lyoz\u00e1st.<\/li>\r\n<\/ul>\r\n\r\n\r\n\r\n<h2 class=\"wp-block-heading\"><span class=\"ez-toc-section\" id=\"Top_Goods_and_Services_Imported_by_Canada\"><\/span>A Kanada \u00e1ltal import\u00e1lt legfontosabb \u00e1ruk \u00e9s szolg\u00e1ltat\u00e1sok<span class=\"ez-toc-section-end\"><\/span><\/h2>\r\n\r\n\r\n\r\n<p>Kanada sz\u00e1mos \u00e1rut \u00e9s szolg\u00e1ltat\u00e1st import\u00e1l gazdas\u00e1ga fenntart\u00e1sa \u00e9rdek\u00e9ben. Az orsz\u00e1g legfontosabb importcikkei k\u00f6z\u00e9 tartoznak az aut\u00f3k, aut\u00f3alkatr\u00e9szek \u00e9s tartoz\u00e9kok, olaj (feldolgozott \u00e9s nyersolaj), telefonok, sz\u00e1m\u00edt\u00f3g\u00e9pek, gy\u00f3gyszerek \u00e9s turb\u00f3rep\u00fcl\u0151g\u00e9pek.<\/p>\r\n\r\n\r\n\r\n<h3 class=\"wp-block-heading\"><span class=\"ez-toc-section\" id=\"Major_Goods_Imported_to_Canada_from_Australia\"><\/span>Ausztr\u00e1li\u00e1b\u00f3l Kanad\u00e1ba import\u00e1lt f\u0151bb \u00e1ruk<span class=\"ez-toc-section-end\"><\/span><\/h3>\r\n\r\n\r\n\r\n<p>Ausztr\u00e1lia \u00e9s Kanada szoros kereskedelmi kapcsolatokat \u00e1pol. Kanada <a href=\"https:\/\/tradingeconomics.com\/canada\/imports\/australia\/inorganic-chemicals-precious-metal-compound-isotope\" target=\"_blank\" rel=\"noreferrer noopener\">sz\u00e1mos ausztr\u00e1l term\u00e9ket import\u00e1l<\/a>t\u00f6bbek k\u00f6z\u00f6tt:<\/p>\r\n\r\n\r\n\r\n<ul class=\"wp-block-list\">\r\n<li>Szervetlen vegyi anyagok<\/li>\r\n\r\n\r\n\r\n<li>Nemesf\u00e9mvegy\u00fcletek<\/li>\r\n\r\n\r\n\r\n<li>Gy\u00f6ngy\u00f6k, dr\u00e1gak\u00f6vek<\/li>\r\n\r\n\r\n\r\n<li>F\u00e9mek, \u00e9rm\u00e9k<\/li>\r\n\r\n\r\n\r\n<li>Gy\u00f3gyszeripari term\u00e9kek<\/li>\r\n\r\n\r\n\r\n<li>G\u00e9pek, atomreaktorok, kaz\u00e1nok<\/li>\r\n\r\n\r\n\r\n<li>Italok, szeszes italok, ecet<\/li>\r\n\r\n\r\n\r\n<li>H\u00fas, gabonaf\u00e9l\u00e9k, tejterm\u00e9kek<\/li>\r\n\r\n\r\n\r\n<li>Toj\u00e1s, m\u00e9z, gy\u00fcm\u00f6lcs\u00f6k, di\u00f3f\u00e9l\u00e9k, dinnye.<\/li>\r\n<\/ul>\r\n\r\n\r\n\r\n<h2 class=\"wp-block-heading\"><span class=\"ez-toc-section\" id=\"Restricted_Items_for_Shipping_to_Canada\"><\/span>Korl\u00e1tozott t\u00e9telek Kanad\u00e1ba t\u00f6rt\u00e9n\u0151 sz\u00e1ll\u00edt\u00e1shoz<span class=\"ez-toc-section-end\"><\/span><\/h2>\r\n\r\n\r\n\r\n<p>Kanada szigor\u00fa szab\u00e1lyoz\u00e1sokkal rendelkezik az import\u00e1lt term\u00e9kekre vonatkoz\u00f3an, \u00e9s tiltja az olyan \u00e1rukat, amelyek vesz\u00e9lyeztethetik Kanada \u00e9l\u00e9nk \u00f6kosziszt\u00e9m\u00e1j\u00e1t, bele\u00e9rtve az erd\u0151ket, \u00f3ce\u00e1nokat, foly\u00f3kat \u00e9s a talajt.<\/p>\r\n\r\n\r\n\r\n<p>Mindig be kell jelentenie minden l\u0151fegyvert, \u00e9lelmiszert, \u00e1llati \u00e9s n\u00f6v\u00e9nyi term\u00e9ket, bele\u00e9rtve a b\u0151r\u00f6ket, b\u0151r\u00f6ket, fab\u00fatorokat \u00e9s faragv\u00e1nyokat, konzerveket, t\u0171zif\u00e1t \u00e9s vir\u00e1gokat. Az \u00e1ltal\u00e1nosan behozott, korl\u00e1toz\u00e1s al\u00e1 es\u0151 t\u00e1rgyak list\u00e1j\u00e1t megtal\u00e1lja az al\u00e1bbi weboldalon <a href=\"https:\/\/www.cbsa-asfc.gc.ca\/services\/fpa-apa\/regs-eng.html\" target=\"_blank\" rel=\"noreferrer noopener\">A Kanadai V\u00e1mhivatal honlapja<\/a>.<\/p>\r\n\r\n\r\n\r\n<p>M\u00edg bizonyos korl\u00e1tozott \u00e1rucikkek Kanad\u00e1ba t\u00f6rt\u00e9n\u0151 sz\u00e1ll\u00edt\u00e1s\u00e1ra k\u00fcl\u00f6nleges enged\u00e9lyt kaphat, bizonyos \u00e1rucikkeket egy\u00e1ltal\u00e1n nem sz\u00e1ll\u00edthat Kanad\u00e1ba.<\/p>\r\n\r\n\r\n\r\n<p>Kanada hat\u00e1r\u0151rizeti hat\u00f3s\u00e1gai rendszeresen friss\u00edtik behozatali \u00e9s v\u00e1mszab\u00e1lyaikat az invaz\u00edv fajok elleni v\u00e9dekez\u00e9s \u00e9rdek\u00e9ben.&nbsp;<\/p>\r\n\r\n\r\n\r\n<h3 class=\"wp-block-heading\"><span class=\"ez-toc-section\" id=\"Prohibited_Goods\"><\/span>Tiltott \u00e1ruk&nbsp;<span class=\"ez-toc-section-end\"><\/span><\/h3>\r\n\r\n\r\n\r\n<ul class=\"wp-block-list\">\r\n<li>Bizonyos \u00e9lelmiszerek, n\u00f6v\u00e9nyek \u00e9s \u00e1llatok vesz\u00e9lyeztethetik Kanada \u00f6kosziszt\u00e9m\u00e1j\u00e1t \u00e9s eg\u00e9szs\u00e9g\u00fcgyi ir\u00e1nyelveit. Ellen\u0151rizze a Kanadai \u00c9lelmiszer-fel\u00fcgyeleti \u00dcgyn\u00f6ks\u00e9g <a href=\"https:\/\/www.inspection.gc.ca\/importing-food-plants-or-animals\/plant-and-plant-product-imports\/airs\/eng\/1300127512994\/1300127627409\" target=\"_blank\" rel=\"noreferrer noopener\">Automatiz\u00e1lt behozatali referenciarendszer<\/a> (AIRS) tov\u00e1bbi inform\u00e1ci\u00f3k\u00e9rt. Ha \u00e9lelmiszert szeretne Kanad\u00e1ba import\u00e1lni, tekintse meg ezt a l\u00e9p\u00e9sr\u0151l-l\u00e9p\u00e9sre \u00fatmutat\u00f3t, amelyet a <a href=\"https:\/\/inspection.canada.ca\/importing-food-plants-or-animals\/food-imports\/step-by-step-guide\/eng\/1523979839705\/1523979840095\" target=\"_blank\" rel=\"noreferrer noopener\">CFIA<\/a>.<\/li>\r\n\r\n\r\n\r\n<li>Cannabis<\/li>\r\n\r\n\r\n\r\n<li>Vesz\u00e9lyeztetett fajok \u00e9s vesz\u00e9lyeztetett fajokb\u00f3l sz\u00e1rmaz\u00f3 t\u00e1rgyak&nbsp;<\/li>\r\n\r\n\r\n\r\n<li>Bizonyos l\u0151fegyverek \u00e9s fegyverek<\/li>\r\n<\/ul>\r\n\r\n\r\n\r\n<h3 class=\"wp-block-heading\"><span class=\"ez-toc-section\" id=\"Restricted_Items\"><\/span>Korl\u00e1tozott t\u00e9telek<span class=\"ez-toc-section-end\"><\/span><\/h3>\r\n\r\n\r\n\r\n<p>A k\u00f6vetkez\u0151 t\u00e9telekre enged\u00e9lyt kell beszereznie:<\/p>\r\n\r\n\r\n\r\n<ul class=\"wp-block-list\">\r\n<li>R\u00e9gis\u00e9gek \u00e9s kultur\u00e1lis \u00e9s\/vagy t\u00f6rt\u00e9nelmi jelent\u0151s\u00e9g\u0171 t\u00e1rgyak<\/li>\r\n\r\n\r\n\r\n<li>V\u00e9nyk\u00f6teles gy\u00f3gyszerek<\/li>\r\n\r\n\r\n\r\n<li>T\u0171zij\u00e1t\u00e9kok, bizonyos t\u00edpus\u00fa l\u0151szerek \u00e9s robban\u00f3anyagok<\/li>\r\n<\/ul>\r\n\r\n\r\n\r\n<p>Be kell jelentenie minden l\u0151fegyvert \u00e9s fegyvert, valamint <a href=\"https:\/\/www.cbsa-asfc.gc.ca\/import\/iefw-iefa-eng.html\" target=\"_blank\" rel=\"noreferrer noopener\">ellen\u0151rizze, hogy nincsenek-e tiltva<\/a>.<\/p>\r\n\r\n\r\n\r\n<h3 class=\"wp-block-heading\"><span class=\"ez-toc-section\" id=\"Prohibited_and_Regulated_Consumer_Items\"><\/span>Tiltott \u00e9s szab\u00e1lyozott fogyaszt\u00e1si cikkek<span class=\"ez-toc-section-end\"><\/span><\/h3>\r\n\r\n\r\n\r\n<h4 class=\"wp-block-heading\"><span class=\"ez-toc-section\" id=\"Prohibited_Products\"><\/span>Tiltott term\u00e9kek<span class=\"ez-toc-section-end\"><\/span><\/h4>\r\n\r\n\r\n\r\n<ul class=\"wp-block-list\">\r\n<li>Baba j\u00e1r\u00f3k\u00e1k<\/li>\r\n\r\n\r\n\r\n<li>Yo-Yo labd\u00e1k hossz\u00fa zsin\u00f3rral<\/li>\r\n\r\n\r\n\r\n<li>P\u00e1zsit darts hossz\u00fak\u00e1s hegyekkel<\/li>\r\n\r\n\r\n\r\n<li>Jequirity Beans<\/li>\r\n\r\n\r\n\r\n<li>Csecsem\u0151 \u00f6nell\u00e1t\u00f3 eszk\u00f6z\u00f6k<\/li>\r\n\r\n\r\n\r\n<li>L\u00e9gg\u00f6mb f\u00faj\u00f3 k\u00e9szletek<\/li>\r\n\r\n\r\n\r\n<li>Gyerty\u00e1k \u00fajragy\u00fajt\u00e1sa<\/li>\r\n<\/ul>\r\n\r\n\r\n\r\n<h4 class=\"wp-block-heading\"><span class=\"ez-toc-section\" id=\"Regulated_Products\"><\/span>Szab\u00e1lyozott term\u00e9kek&nbsp;<span class=\"ez-toc-section-end\"><\/span><\/h4>\r\n\r\n\r\n\r\n<ul class=\"wp-block-list\">\r\n<li>Babakocsik<\/li>\r\n\r\n\r\n\r\n<li>Hokisisisakok \u00e9s arcv\u00e9d\u0151k<\/li>\r\n\r\n\r\n\r\n<li>Aut\u00f3\u00fcl\u00e9sek<\/li>\r\n\r\n\r\n\r\n<li>J\u00e1tsz\u00f3sz\u0151nyegek<\/li>\r\n\r\n\r\n\r\n<li>\u00d6ngy\u00fajt\u00f3k<\/li>\r\n\r\n\r\n\r\n<li>Babakapuk<\/li>\r\n\r\n\r\n\r\n<li>Kis\u00e1gyak, b\u00f6lcs\u0151k \u00e9s m\u00f3zeskosarak<\/li>\r\n<\/ul>\r\n\r\n\r\n\r\n<h3 class=\"wp-block-heading\"><span class=\"ez-toc-section\" id=\"Special_Considerations\"><\/span>K\u00fcl\u00f6nleges megfontol\u00e1sok<span class=\"ez-toc-section-end\"><\/span><\/h3>\r\n\r\n\r\n\r\n<p>Nem hozhatsz madarakat vagy kapcsol\u00f3d\u00f3 term\u00e9keket a <a href=\"https:\/\/inspection.canada.ca\/animal-health\/terrestrial-animals\/diseases\/reportable\/avian-influenza\/information-for-travellers\/eng\/1659970020470\/1659970021314\" target=\"_blank\" rel=\"noreferrer noopener\">a mad\u00e1rinfluenza \u00e1ltal \u00e9rintett r\u00e9gi\u00f3k<\/a>. A Kanadai \u00c9lelmiszer-fel\u00fcgyeleti Hivatal le\u00e1ll\u00edtotta a kereskedelmi kuty\u00e1k enged\u00e9lyez\u00e9s\u00e9t a <a href=\"https:\/\/inspection.canada.ca\/animal-health\/terrestrial-animals\/diseases\/reportable\/rabies\/countries-at-high-risk-for-dog-rabies\/eng\/1656375417730\/1656375418777\" target=\"_blank\" rel=\"noreferrer noopener\">kutyaveszetts\u00e9g szempontj\u00e1b\u00f3l vesz\u00e9lyeztetett orsz\u00e1gok<\/a>.<\/p>\r\n\r\n\r\n\r\n<h2 class=\"wp-block-heading\"><span class=\"ez-toc-section\" id=\"Obtaining_a_Personalized_Quote\"><\/span>Szem\u00e9lyre szabott \u00e1raj\u00e1nlat beszerz\u00e9se<span class=\"ez-toc-section-end\"><\/span><\/h2>\r\n\r\n\r\n\r\n<p>A legjobb m\u00f3dja annak, hogy megtudja, mennyibe fog ker\u00fclni a k\u00f6lt\u00f6z\u00e9se, ha szem\u00e9lyre szabott \u00e1raj\u00e1nlatot k\u00e9r.&nbsp;<\/p>\r\n\r\n\r\n\r\n<h3 class=\"wp-block-heading\"><span class=\"ez-toc-section\" id=\"Why_Get_a_Personalized_Quote\"><\/span>Mi\u00e9rt \u00e9rdemes szem\u00e9lyre szabott \u00e1raj\u00e1nlatot k\u00e9rni?<span class=\"ez-toc-section-end\"><\/span><\/h3>\r\n\r\n\r\n\r\n<ul class=\"wp-block-list\">\r\n<li><strong>Pontoss\u00e1g<\/strong>: A sz\u00e1ll\u00edt\u00e1si k\u00f6lts\u00e9gekre vonatkoz\u00f3 k\u00f6zeli becsl\u00e9st kap, rejtett d\u00edjak n\u00e9lk\u00fcl. A sz\u00e1ll\u00edt\u00e1si k\u00f6lts\u00e9gek az \u00e9vszakt\u00f3l \u00e9s a tengeri teherforgalomt\u00f3l f\u00fcgg\u0151en v\u00e1ltoznak, \u00edgy sokkal pontosabb \u00e1rat kap, mint az \u00e1ltal\u00e1nos lista\u00e1rak.<br><\/li>\r\n\r\n\r\n\r\n<li><strong>Hat\u00e9konys\u00e1g<\/strong>: Csak n\u00e9h\u00e1ny perc \u00e9s n\u00e9h\u00e1ny kattint\u00e1s kell ahhoz, hogy szem\u00e9lyre szabott \u00e1raj\u00e1nlatot kapjon.<br><\/li>\r\n\r\n\r\n\r\n<li><strong>Tisztas\u00e1g<\/strong>: L\u00e1thatja az \u00f6sszes k\u00f6lts\u00e9g bont\u00e1s\u00e1t, ami seg\u00edt meg\u00e9rteni, hogy pontosan mit is fizet.<\/li>\r\n<\/ul>\r\n\r\n\r\n\r\n<p>Haszn\u00e1lja az al\u00e1bbi ingyenes eszk\u00f6z\u00fcnket, hogy gyorsan pontos, szem\u00e9lyre szabott \u00e1raj\u00e1nlatot kapjon.<\/p>\r\n\r\n\r\n\r\n<h3 class=\"wp-block-heading\"><span class=\"ez-toc-section\" id=\"How_to_Use_the_Tool_and_What_Information_is_Required\"><\/span>Hogyan kell haszn\u00e1lni az eszk\u00f6zt \u00e9s milyen inform\u00e1ci\u00f3kra van sz\u00fcks\u00e9g?<span class=\"ez-toc-section-end\"><\/span><\/h3>\r\n\r\n\r\n\r\n<ul class=\"wp-block-list\">\r\n<li><strong>1. l\u00e9p\u00e9s<\/strong>: L\u00e1togasson el weboldalunkra, \u00e9s keresse meg az \"Ingyenes \u00e1raj\u00e1nlat\" r\u00e9szt.<br><\/li>\r\n\r\n\r\n\r\n<li><strong>2. l\u00e9p\u00e9s<\/strong>: Adja meg a sz\u00e1ll\u00edtm\u00e1ny adatait - sz\u00e1rmaz\u00e1si hely, rendeltet\u00e9si hely, a kont\u00e9ner m\u00e9rete, az \u00e1ru t\u00edpusa stb.<br><\/li>\r\n\r\n\r\n\r\n<li><strong>3. l\u00e9p\u00e9s<\/strong>: Adja meg szem\u00e9lyes adatait, p\u00e9ld\u00e1ul nev\u00e9t, telefonsz\u00e1m\u00e1t \u00e9s e-mail c\u00edm\u00e9t.<br><\/li>\r\n\r\n\r\n\r\n<li><strong>4. l\u00e9p\u00e9s<\/strong>: K\u00fcldje el az \u0171rlapot, \u00e9s k\u00e9sz! Szem\u00e9lyre szabott \u00e1raj\u00e1nlat\u00e1t hamarosan elk\u00e9sz\u00edtj\u00fck.<\/li>\r\n<\/ul>\r\n\r\n\r\n\r\n<p>A pontos inform\u00e1ci\u00f3k megad\u00e1sa elengedhetetlen a pontos \u00e1raj\u00e1nlathoz, megel\u0151zve az esetleges elt\u00e9r\u00e9seket. Ha valaha is k\u00e9rd\u00e9sei, bizonytalans\u00e1gai vannak, vagy seg\u00edts\u00e9gre van sz\u00fcks\u00e9ge, szak\u00e9rt\u0151i csapatunk k\u00e9szs\u00e9ggel \u00e1ll rendelkez\u00e9s\u00e9re, hogy t\u00e1mogassa \u00e9s ir\u00e1ny\u00edtsa \u00d6nt a sz\u00e1ll\u00edt\u00e1si folyamat sor\u00e1n.<\/p>\r\n\r\n\r\n\r\n<h2 class=\"wp-block-heading\"><span class=\"ez-toc-section\" id=\"FAQ\"><\/span>F.A.Q.<span class=\"ez-toc-section-end\"><\/span><\/h2>\r\n\r\n\r\n\r\n<h3 class=\"wp-block-heading\"><span class=\"ez-toc-section\" id=\"Can_I_ship_my_car_to_Canada\"><\/span>Sz\u00e1ll\u00edthatom az aut\u00f3mat Kanad\u00e1ba?<span class=\"ez-toc-section-end\"><\/span><\/h3>\r\n\r\n\r\n\r\n<p>Kanad\u00e1ban szigor\u00fa j\u00e1rm\u0171szab\u00e1lyoz\u00e1s van \u00e9rv\u00e9nyben, \u00e9s a k\u00fclf\u00f6ldi orsz\u00e1gokb\u00f3l (az USA \u00e9s Mexik\u00f3 kiv\u00e9tel\u00e9vel) neh\u00e9zkes lehet az aut\u00f3k behozatala. Kanad\u00e1ba akkor sz\u00e1ll\u00edthatja aut\u00f3j\u00e1t, ha az megfelel a Transport Canada el\u0151\u00edr\u00e1sainak.<\/p>\r\n\r\n\r\n\r\n<h3 class=\"wp-block-heading\"><span class=\"ez-toc-section\" id=\"Can_I_ship_a_baby_walker_to_Canada\"><\/span>Sz\u00e1ll\u00edthatok j\u00e1r\u00f3k\u00e1t Kanad\u00e1ba?&nbsp;<span class=\"ez-toc-section-end\"><\/span><\/h3>\r\n\r\n\r\n\r\n<p>Kanad\u00e1ban a babak\u00eds\u00e9r\u0151k eg\u00e9szs\u00e9g\u00fcgyi \u00e9s biztons\u00e1gi el\u0151\u00edr\u00e1sok miatt tilosak. Nem szabad j\u00e1r\u00f3k\u00e1t sz\u00e1ll\u00edtani Kanad\u00e1ba.<\/p>\r\n\r\n\r\n\r\n<h3 class=\"wp-block-heading\"><span class=\"ez-toc-section\" id=\"How_long_does_a_typical_shipment_take_from_Australia_to_Canada\"><\/span>Mennyi ideig tart egy tipikus sz\u00e1ll\u00edtm\u00e1ny Ausztr\u00e1li\u00e1b\u00f3l Kanad\u00e1ba?<span class=\"ez-toc-section-end\"><\/span><\/h3>\r\n\r\n\r\n\r\n<p>A sz\u00e1ll\u00edt\u00e1s id\u0151tartama a kik\u00f6t\u0151kt\u0151l \u00e9s az id\u0151j\u00e1r\u00e1si viszonyokt\u00f3l f\u00fcgg. A k\u00fcldem\u00e9ny meg\u00e9rkez\u00e9s\u00e9re 30-80 nap k\u00f6z\u00f6tt sz\u00e1m\u00edthat.<\/p>\r\n\r\n\r\n\r\n<h3 class=\"wp-block-heading\"><span class=\"ez-toc-section\" id=\"Can_I_track_my_container_in_real-time_during_transit\"><\/span>A kont\u00e9neremet nyomon k\u00f6vethetem val\u00f3s id\u0151ben a sz\u00e1ll\u00edt\u00e1s sor\u00e1n?<span class=\"ez-toc-section-end\"><\/span><\/h3>\r\n\r\n\r\n\r\n<p>A legt\u00f6bb sz\u00e1ll\u00edtm\u00e1nyoz\u00f3 c\u00e9g val\u00f3s idej\u0171 nyomon k\u00f6vet\u00e9st k\u00edn\u00e1l, \u00edgy \u00d6n ellen\u0151rizheti, hogy hol van a rakom\u00e1nya.<\/p>\r\n\r\n\r\n\r\n<h3 class=\"wp-block-heading\"><span class=\"ez-toc-section\" id=\"What_is_the_benefit_of_hiring_professional_packers\"><\/span>Milyen el\u0151ny\u00f6kkel j\u00e1r a profi csomagol\u00f3k felb\u00e9rl\u00e9se?<span class=\"ez-toc-section-end\"><\/span><\/h3>\r\n\r\n\r\n\r\n<p>A legt\u00f6bb sz\u00e1ll\u00edtm\u00e1nyoz\u00f3 c\u00e9g professzion\u00e1lis csomagol\u00e1si szolg\u00e1ltat\u00e1sokat k\u00edn\u00e1l. A profi csomagol\u00f3k tapasztaltak a kont\u00e9neres sz\u00e1ll\u00edt\u00e1shoz sz\u00fcks\u00e9ges csomagol\u00e1sban, \u00e9s elker\u00fclik azokat a hib\u00e1kat, amelyek az \u00d6n \u00e1ruj\u00e1nak fizikai s\u00e9r\u00fcl\u00e9s\u00e9hez vezethetnek. Seg\u00edthetnek abban is, hogy helyet takar\u00edtson meg.<\/p>\r\n\r\n\r\n\r\n<h3 class=\"wp-block-heading\"><span class=\"ez-toc-section\" id=\"Why_would_I_need_a_personalized_quote_when_theres_a_standard_rate_list\"><\/span>Mi\u00e9rt lenne sz\u00fcks\u00e9gem szem\u00e9lyre szabott \u00e1raj\u00e1nlatra, ha van egy standard \u00e1rlista?<span class=\"ez-toc-section-end\"><\/span><\/h3>\r\n\r\n\r\n\r\n<p>A szabv\u00e1nyos d\u00edjszab\u00e1si list\u00e1k nem veszik figyelembe a k\u00fcl\u00f6nleges k\u00f6r\u00fclm\u00e9nyeket. A sz\u00e1ll\u00edt\u00e1si \u00e1rak gyakran v\u00e1ltoznak az id\u0151j\u00e1r\u00e1si viszonyok, a sz\u00e1ll\u00edtm\u00e1nyok forgalma \u00e9s egy\u00e9b, az utaz\u00e1st befoly\u00e1sol\u00f3 esem\u00e9nyek miatt.<\/p>\r\n\r\n\r\n<h2><span class=\"ez-toc-section\" id=\"Other_Useful_Guides_to_Canada\"><\/span>Egy\u00e9b hasznos \u00fatmutat\u00f3k Kanad\u00e1hoz<span class=\"ez-toc-section-end\"><\/span><\/h2>\r\n\r\n<ul>\r\n<li> <a href=\"https:\/\/moverdb.com\/hu\/kontenerszallitas\/kanada\/\">2024 Tengeri tehersz\u00e1ll\u00edt\u00e1si kont\u00e9ner \u00e1rak Kanad\u00e1ba \u00e9s Kanad\u00e1b\u00f3l<\/a><\/li>\r\n<li> <a href=\"https:\/\/moverdb.com\/hu\/legjobb-nemzetkozi-penzatutalasi-szolgaltatasok\/money-transfer-companies-canada\/\">A 10 legjobb p\u00e9nz\u00e1tutal\u00e1si v\u00e1llalat Kanad\u00e1ban<\/a><\/li>\r\n<li> <a href=\"https:\/\/moverdb.com\/hu\/koltozteto-cegek\/kanadai-koltozteto-cegek\/\">A 40 legjobb nemzetk\u00f6zi k\u00f6lt\u00f6ztet\u0151 c\u00e9g Kanad\u00e1ban<\/a><\/li>\r\n<li> <a href=\"https:\/\/moverdb.com\/hu\/moving-to-canada\/\">Kanad\u00e1ba k\u00f6lt\u00f6zik? 2024 \u00c9letk\u00f6lts\u00e9gek \u00e9s k\u00f6lt\u00f6z\u00e9si tippek<\/a><\/li>\r\n<li> <a href=\"https:\/\/moverdb.com\/hu\/moving-to-canada\/best-places-to-live-canada\/\">12 legjobb hely Kanad\u00e1ban \u00e9lni<\/a><\/li>\r\n<li> <a href=\"https:\/\/moverdb.com\/hu\/moving-to-canada\/living-in-canada\/\">21 titok a Kanad\u00e1ban \u00e9l\u00e9sr\u0151l, amit tudnod kell k\u00f6lt\u00f6z\u00e9s el\u0151tt<\/a><\/li>\r\n<li> <a href=\"https:\/\/moverdb.com\/hu\/moving-to-canada\/canada-from-us\/\">Kanad\u00e1ba k\u00f6lt\u00f6z\u00e9s az Egyes\u00fclt \u00c1llamokb\u00f3l<\/a><\/li>\r\n<li> <a href=\"https:\/\/moverdb.com\/hu\/kontenerszallitas\/to-canada-from-the-united-states\/\">Kont\u00e9nersz\u00e1ll\u00edt\u00e1s Kanad\u00e1ba az Egyes\u00fclt \u00c1llamokb\u00f3l 2024 K\u00f6lts\u00e9gek<\/a><\/li>\r\n<li> <a href=\"https:\/\/moverdb.com\/hu\/moving-to-canada\/moving-to-canada-from-the-uk\/\">Kanad\u00e1ba k\u00f6lt\u00f6z\u00e9s az Egyes\u00fclt Kir\u00e1lys\u00e1gb\u00f3l<\/a><\/li>\r\n<li> <a href=\"https:\/\/moverdb.com\/hu\/kontenerszallitas\/to-canada-from-the-uk\/\">Kont\u00e9nersz\u00e1ll\u00edt\u00e1s Kanad\u00e1ba az Egyes\u00fclt Kir\u00e1lys\u00e1gb\u00f3l 2024 K\u00f6lts\u00e9gek<\/a><\/li>\r\n<li> <a href=\"https:\/\/moverdb.com\/hu\/moving-to-canada\/moving-to-canada-from-dubai-and-the-uae\/\">Kanad\u00e1ba k\u00f6lt\u00f6z\u00e9s Dubaib\u00f3l \u00e9s az Egyes\u00fclt Arab Em\u00edrs\u00e9gekb\u0151l<\/a><\/li>\r\n<li> <a href=\"https:\/\/moverdb.com\/hu\/kontenerszallitas\/to-canada-from-dubai\/\">Kont\u00e9nersz\u00e1ll\u00edt\u00e1s Kanad\u00e1ba Dubaib\u00f3l 2024 k\u00f6lts\u00e9g<\/a><\/li>\r\n<li> <a href=\"https:\/\/moverdb.com\/hu\/kontenerszallitas\/to-canada-from-the-uae\/\">Kont\u00e9nersz\u00e1ll\u00edt\u00e1s Kanad\u00e1ba az Egyes\u00fclt Arab Em\u00edrs\u00e9gekb\u0151l 2024 k\u00f6lts\u00e9gei<\/a><\/li>\r\n<li> <a href=\"https:\/\/moverdb.com\/hu\/kontenerszallitas\/to-canada-from-new-zealand\/\">Kont\u00e9nersz\u00e1ll\u00edt\u00e1s \u00daj-Z\u00e9landr\u00f3l Kanad\u00e1ba 2024 k\u00f6lts\u00e9gei<\/a><\/li>\r\n<li> <a href=\"https:\/\/moverdb.com\/hu\/moving-to-canada\/moving-to-canada-from-qatar\/\">Kanad\u00e1ba k\u00f6lt\u00f6z\u00e9s Katarb\u00f3l<\/a><\/li>\r\n<li> <a href=\"https:\/\/moverdb.com\/hu\/kontenerszallitas\/to-canada-from-qatar\/\">Kont\u00e9nersz\u00e1ll\u00edt\u00e1s Kanad\u00e1ba Katarb\u00f3l 2024 k\u00f6lts\u00e9gei<\/a><\/li>\r\n<li> <a href=\"https:\/\/moverdb.com\/hu\/kontenerszallitas\/to-canada-from-singapore\/\">Kont\u00e9nersz\u00e1ll\u00edt\u00e1s Kanad\u00e1ba Szingap\u00farb\u00f3l 2024 k\u00f6lts\u00e9g<\/a><\/li>\r\n<li> <a href=\"https:\/\/moverdb.com\/hu\/moving-to-canada\/moving-to-canada-from-kuwait\/\">Kanad\u00e1ba k\u00f6lt\u00f6z\u00e9s Kuvaitb\u00f3l<\/a><\/li>\r\n<li> <a href=\"https:\/\/moverdb.com\/hu\/moving-to-canada\/moving-to-canada-from-bahrain\/\">Kanad\u00e1ba k\u00f6lt\u00f6z\u00e9s Bahreinb\u0151l<\/a><\/li>\r\n<\/ul>","protected":false},"excerpt":{"rendered":"<p>If you\u2019re planning to ship your goods to Canada from Australia but you don\u2019t know how to go about it, we\u2019re here to help!\u00a0 We\u2019ve prepared a guide on how container shipping works, covering all the basics to give you an idea of what to expect, especially when it comes to costs and regulations. Let\u2019s [&hellip;]<\/p>\n","protected":false},"author":2,"featured_media":14702,"parent":44,"menu_order":0,"comment_status":"closed","ping_status":"closed","template":"","meta":{"_genesis_hide_title":false,"_genesis_hide_breadcrumbs":false,"_genesis_hide_singular_image":false,"_genesis_hide_footer_widgets":false,"_genesis_custom_body_class":"","_genesis_custom_post_class":"","_genesis_layout":"","footnotes":""},"class_list":{"0":"post-14706","1":"page","2":"type-page","3":"status-publish","4":"has-post-thumbnail","6":"entry"},"_links":{"self":[{"href":"https:\/\/moverdb.com\/hu\/wp-json\/wp\/v2\/pages\/14706","targetHints":{"allow":["GET"]}}],"collection":[{"href":"https:\/\/moverdb.com\/hu\/wp-json\/wp\/v2\/pages"}],"about":[{"href":"https:\/\/moverdb.com\/hu\/wp-json\/wp\/v2\/types\/page"}],"author":[{"embeddable":true,"href":"https:\/\/moverdb.com\/hu\/wp-json\/wp\/v2\/users\/2"}],"replies":[{"embeddable":true,"href":"https:\/\/moverdb.com\/hu\/wp-json\/wp\/v2\/comments?post=14706"}],"version-history":[{"count":8,"href":"https:\/\/moverdb.com\/hu\/wp-json\/wp\/v2\/pages\/14706\/revisions"}],"predecessor-version":[{"id":17447,"href":"https:\/\/moverdb.com\/hu\/wp-json\/wp\/v2\/pages\/14706\/revisions\/17447"}],"up":[{"embeddable":true,"href":"https:\/\/moverdb.com\/hu\/wp-json\/wp\/v2\/pages\/44"}],"wp:featuredmedia":[{"embeddable":true,"href":"https:\/\/moverdb.com\/hu\/wp-json\/wp\/v2\/media\/14702"}],"wp:attachment":[{"href":"https:\/\/moverdb.com\/hu\/wp-json\/wp\/v2\/media?parent=14706"}],"curies":[{"name":"wp","href":"https:\/\/api.w.org\/{rel}","templated":true}]}}