{"id":11676,"date":"2023-11-22T15:50:56","date_gmt":"2023-11-22T15:50:56","guid":{"rendered":"https:\/\/moverdb.com\/?page_id=11676"},"modified":"2026-01-08T15:29:44","modified_gmt":"2026-01-08T15:29:44","slug":"moving-companies-washington-state","status":"publish","type":"page","link":"https:\/\/moverdb.com\/hu\/moving-companies\/moving-companies-washington-state\/","title":{"rendered":"9 Legjobb nemzetk\u00f6zi k\u00f6lt\u00f6ztet\u0151 c\u00e9gek Washington \u00e1llamban"},"content":{"rendered":"<p>Ha \u00d6n k\u00f6lt\u00f6zik, ig\u00e9nybe veheti-e a k\u00f6vetkez\u0151 szolg\u00e1ltat\u00e1sok ny\u00fajt\u00e1s\u00e1t <a href=\"https:\/\/moverdb.com\/hu\/moving-companies\/\" data-internallinksmanager029f6b8e52c=\"79\" title=\"Top 25 nemzetk\u00f6zi k\u00f6lt\u00f6ztet\u0151 c\u00e9gek online\">k\u00f6lt\u00f6ztet\u0151 c\u00e9g<\/a>? Ha seg\u00edts\u00e9gre van sz\u00fcks\u00e9ge a k\u00f6lt\u00f6z\u00e9s megtervez\u00e9s\u00e9ben, a holmij\u00e1nak csomagol\u00e1s\u00e1ban \u00e9s a nemzetk\u00f6zi dokument\u00e1ci\u00f3 megszervez\u00e9s\u00e9ben, akkor egy k\u00f6lt\u00f6ztet\u0151 c\u00e9g ezt meg tudja tenni \u00d6nnek. Az al\u00e1bbiakban \u00f6ssze\u00e1ll\u00edtottunk egy list\u00e1t a Washington \u00e1llambeli sz\u00e9khely\u0171 <a href=\"https:\/\/moverdb.com\/hu\/international-removals\/\" data-internallinksmanager029f6b8e52c=\"27\" title=\"36 legjobb nemzetk\u00f6zi k\u00f6lt\u00f6ztet\u0151 c\u00e9gek az Egyes\u00fclt Kir\u00e1lys\u00e1gban\">k\u00f6lt\u00f6ztet\u0151 c\u00e9gek<\/a> amelyek tagjai a <a href=\"https:\/\/moverdb.com\/hu\/iam\/\" data-internallinksmanager029f6b8e52c=\"23\" title=\"A K\u00f6lt\u00f6ztet\u0151k Nemzetk\u00f6zi Sz\u00f6vets\u00e9ge (IAM) magyar\u00e1zata\">K\u00f6lt\u00f6ztet\u0151k Nemzetk\u00f6zi Sz\u00f6vets\u00e9ge<\/a> (IAM) \u00e9s\/vagy <a href=\"https:\/\/moverdb.com\/hu\/fidi-faim\/\" data-internallinksmanager029f6b8e52c=\"16\" title=\"FIDI &amp; FAIM (FIDI akkredit\u00e1lt nemzetk\u00f6zi fuvaroz\u00f3) magyar\u00e1zata\">FIDI<\/a> Akkredit\u00e1lt nemzetk\u00f6zi k\u00f6lt\u00f6ztet\u0151 (FAIM), aki seg\u00edthet \u00d6nnek a k\u00f6lt\u00f6z\u00e9sben.<\/p>\n<div id=\"ez-toc-container\" class=\"ez-toc-v2_0_82_2 ez-toc-wrap-left counter-hierarchy ez-toc-counter ez-toc-transparent ez-toc-container-direction\">\n<div class=\"ez-toc-title-container\">\n<p class=\"ez-toc-title\" style=\"cursor:inherit\">Szakaszok<\/p>\n<span class=\"ez-toc-title-toggle\"><a href=\"#\" class=\"ez-toc-pull-right ez-toc-btn ez-toc-btn-xs ez-toc-btn-default ez-toc-toggle\" aria-label=\"Toggle Tartalomjegyz\u00e9k\"><span class=\"ez-toc-js-icon-con\"><span class=\"\"><span class=\"eztoc-hide\" style=\"display:none;\">Toggle<\/span><span class=\"ez-toc-icon-toggle-span\"><svg style=\"fill: #999;color:#999\" xmlns=\"http:\/\/www.w3.org\/2000\/svg\" class=\"list-377408\" width=\"20px\" height=\"20px\" viewbox=\"0 0 24 24\" fill=\"none\"><path d=\"M6 6H4v2h2V6zm14 0H8v2h12V6zM4 11h2v2H4v-2zm16 0H8v2h12v-2zM4 16h2v2H4v-2zm16 0H8v2h12v-2z\" fill=\"currentColor\"><\/path><\/svg><svg style=\"fill: #999;color:#999\" class=\"arrow-unsorted-368013\" xmlns=\"http:\/\/www.w3.org\/2000\/svg\" width=\"10px\" height=\"10px\" viewbox=\"0 0 24 24\" version=\"1.2\" baseprofile=\"tiny\"><path d=\"M18.2 9.3l-6.2-6.3-6.2 6.3c-.2.2-.3.4-.3.7s.1.5.3.7c.2.2.4.3.7.3h11c.3 0 .5-.1.7-.3.2-.2.3-.5.3-.7s-.1-.5-.3-.7zM5.8 14.7l6.2 6.3 6.2-6.3c.2-.2.3-.5.3-.7s-.1-.5-.3-.7c-.2-.2-.4-.3-.7-.3h-11c-.3 0-.5.1-.7.3-.2.2-.3.5-.3.7s.1.5.3.7z\"\/><\/svg><\/span><\/span><\/span><\/a><\/span><\/div>\n<nav><ul class='ez-toc-list ez-toc-list-level-1 eztoc-toggle-hide-by-default' ><li class='ez-toc-page-1 ez-toc-heading-level-2'><a class=\"ez-toc-link ez-toc-heading-1\" href=\"https:\/\/moverdb.com\/hu\/moving-companies\/moving-companies-washington-state\/#1_Lincoln_Moving_Storage\" >1. Lincoln K\u00f6lt\u00f6ztet\u00e9s \u00e9s rakt\u00e1roz\u00e1s<\/a><\/li><li class='ez-toc-page-1 ez-toc-heading-level-2'><a class=\"ez-toc-link ez-toc-heading-2\" href=\"https:\/\/moverdb.com\/hu\/moving-companies\/moving-companies-washington-state\/#2_Golden_Services\" >2. Arany szolg\u00e1ltat\u00e1sok<\/a><\/li><li class='ez-toc-page-1 ez-toc-heading-level-2'><a class=\"ez-toc-link ez-toc-heading-3\" href=\"https:\/\/moverdb.com\/hu\/moving-companies\/moving-companies-washington-state\/#3_Lynden\" >3. Lynden<\/a><\/li><li class='ez-toc-page-1 ez-toc-heading-level-2'><a class=\"ez-toc-link ez-toc-heading-4\" href=\"https:\/\/moverdb.com\/hu\/moving-companies\/moving-companies-washington-state\/#4_ABC_World_Movers\" >4. ABC World Movers<\/a><\/li><li class='ez-toc-page-1 ez-toc-heading-level-2'><a class=\"ez-toc-link ez-toc-heading-5\" href=\"https:\/\/moverdb.com\/hu\/moving-companies\/moving-companies-washington-state\/#5_Movher\" >5. Movher<\/a><\/li><li class='ez-toc-page-1 ez-toc-heading-level-2'><a class=\"ez-toc-link ez-toc-heading-6\" href=\"https:\/\/moverdb.com\/hu\/moving-companies\/moving-companies-washington-state\/#6_Aaversal_Global_Relocation\" >6. Aaversal Global Relocation<\/a><\/li><li class='ez-toc-page-1 ez-toc-heading-level-2'><a class=\"ez-toc-link ez-toc-heading-7\" href=\"https:\/\/moverdb.com\/hu\/moving-companies\/moving-companies-washington-state\/#7_Apex_Moving_Storage\" >7. Apex k\u00f6lt\u00f6ztet\u00e9s \u00e9s t\u00e1rol\u00e1s<\/a><\/li><li class='ez-toc-page-1 ez-toc-heading-level-2'><a class=\"ez-toc-link ez-toc-heading-8\" href=\"https:\/\/moverdb.com\/hu\/moving-companies\/moving-companies-washington-state\/#8_Continental_International\" >8. Continental International<\/a><\/li><li class='ez-toc-page-1 ez-toc-heading-level-2'><a class=\"ez-toc-link ez-toc-heading-9\" href=\"https:\/\/moverdb.com\/hu\/moving-companies\/moving-companies-washington-state\/#9_Jordan_River_Moving_Storage\" >9. Jordan River Moving &amp; Storage<\/a><\/li><\/ul><\/nav><\/div>\n<h2><span class=\"ez-toc-section\" id=\"1_Lincoln_Moving_Storage\"><\/span><strong>1. Lincoln K\u00f6lt\u00f6ztet\u00e9s \u00e9s rakt\u00e1roz\u00e1s<\/strong><span class=\"ez-toc-section-end\"><\/span><\/h2>\n<p><img loading=\"lazy\" decoding=\"async\" class=\"alignnone size-full wp-image-11365\" src=\"https:\/\/moverdb.com\/wp-content\/uploads\/Lincoln-Moving-Storage-international-moving-company.png\" alt=\"Lincoln Moving &amp; Storage nemzetk\u00f6zi k\u00f6lt\u00f6ztet\u0151 c\u00e9g\" width=\"1440\" height=\"677\" data-wp-pid=\"11365\" srcset=\"https:\/\/moverdb.com\/wp-content\/uploads\/Lincoln-Moving-Storage-international-moving-company.png 1440w, https:\/\/moverdb.com\/wp-content\/uploads\/Lincoln-Moving-Storage-international-moving-company-300x141.png 300w, https:\/\/moverdb.com\/wp-content\/uploads\/Lincoln-Moving-Storage-international-moving-company-1024x481.png 1024w, https:\/\/moverdb.com\/wp-content\/uploads\/Lincoln-Moving-Storage-international-moving-company-18x8.png 18w, https:\/\/moverdb.com\/wp-content\/uploads\/Lincoln-Moving-Storage-international-moving-company-600x282.png 600w\" sizes=\"auto, (max-width: 1440px) 100vw, 1440px\" \/><\/p>\n<ul>\n<li>Helyi \u00e9s t\u00e1vols\u00e1gi k\u00f6lt\u00f6z\u00e9sek<\/li>\n<li>Nemzetk\u00f6zi k\u00f6lt\u00f6z\u00e9sek<\/li>\n<li>Lakoss\u00e1gi k\u00f6lt\u00f6z\u00e9sek<\/li>\n<li>\u00dczleti l\u00e9p\u00e9sek<\/li>\n<li>V\u00e1llalati \u00e1thelyez\u00e9sek<\/li>\n<li>H\u00e1zt\u00f3l-h\u00e1zig szolg\u00e1ltat\u00e1s<\/li>\n<li>Dedik\u00e1lt k\u00f6lt\u00f6z\u00e9si koordin\u00e1tor<\/li>\n<li>Professzion\u00e1lis csomagol\u00e1si szolg\u00e1ltat\u00e1s<\/li>\n<li>V\u00e1mkezel\u00e9s<\/li>\n<li>Biztons\u00e1gos rakt\u00e1rhelyis\u00e9gek<\/li>\n<\/ul>\n<p>A Lincoln Moving &amp; Storage egy 1914-ben alap\u00edtott k\u00f6lt\u00f6ztet\u0151 szolg\u00e1ltat\u00f3 c\u00e9g a csendes-\u00f3ce\u00e1ni \u00e9szaknyugati r\u00e9gi\u00f3ban, Everett, Kent \u00e9s Tacoma v\u00e1rosokban tal\u00e1lhat\u00f3 telephelyekkel. Az Atlas c\u00e9gek h\u00e1l\u00f3zat\u00e1nak r\u00e9szei, amelynek le\u00e1nyv\u00e1llalatai szerte az eg\u00e9sz vil\u00e1gon vannak. <a href=\"https:\/\/moverdb.com\/hu\/moving-to-the-united-states\/\" data-internallinksmanager029f6b8e52c=\"94\" title=\"Az Egyes\u00fclt \u00c1llamokba k\u00f6lt\u00f6zik? 2022 Meg\u00e9lhet\u00e9si k\u00f6lts\u00e9gek \u00e9s k\u00f6lt\u00f6z\u00e9si tippek\">US<\/a> \u00e9s a vil\u00e1g minden t\u00e1j\u00e1n, hogy egy\u00fctt dolgozhassunk. Az IAM tagja, 89 \u00e9ves tapasztalattal.<\/p>\n<p>A Lincoln Moving &amp; Storage teljes k\u00f6r\u0171 szolg\u00e1ltat\u00e1st k\u00edn\u00e1l h\u00e1zt\u00f3l-h\u00e1zig tart\u00f3 k\u00f6lt\u00f6z\u00e9si megold\u00e1sokkal, egy professzion\u00e1lis k\u00f6lt\u00f6z\u00e9si koordin\u00e1torral, mint egy kapcsolattart\u00f3 ponttal. Olyan csomagol\u00e1si szolg\u00e1ltat\u00e1st ny\u00fajtanak, amely a legjobb gyakorlatokat \u00e9s professzion\u00e1lis min\u0151s\u00e9g\u0171 anyagokat haszn\u00e1l, hogy megv\u00e9dje t\u00e1rgyait a rendeltet\u00e9si hely\u00e9re t\u00f6rt\u00e9n\u0151 sz\u00e1ll\u00edt\u00e1s sor\u00e1n, amely mag\u00e1ban foglalja az egyedi dobozol\u00e1st is. Alternat\u00edvak\u00e9nt \u00f6ncsomagol\u00e1si lehet\u0151s\u00e9get is k\u00edn\u00e1lnak.<\/p>\n<p>Weboldal: <a href=\"https:\/\/lincolnmovingandstorage.com\/\" target=\"_blank\" rel=\"noopener\">https:\/\/lincolnmovingandstorage.com\/<\/a><\/p>\n<h2><span class=\"ez-toc-section\" id=\"2_Golden_Services\"><\/span><strong>2. Arany szolg\u00e1ltat\u00e1sok<\/strong><span class=\"ez-toc-section-end\"><\/span><\/h2>\n<p><img loading=\"lazy\" decoding=\"async\" class=\"alignnone size-full wp-image-11330\" src=\"https:\/\/moverdb.com\/wp-content\/uploads\/Golden-Services-international-moving-company.png\" alt=\"Golden Services nemzetk\u00f6zi k\u00f6lt\u00f6ztet\u0151 c\u00e9g\" width=\"1440\" height=\"675\" data-wp-pid=\"11330\" srcset=\"https:\/\/moverdb.com\/wp-content\/uploads\/Golden-Services-international-moving-company.png 1440w, https:\/\/moverdb.com\/wp-content\/uploads\/Golden-Services-international-moving-company-300x141.png 300w, https:\/\/moverdb.com\/wp-content\/uploads\/Golden-Services-international-moving-company-1024x480.png 1024w, https:\/\/moverdb.com\/wp-content\/uploads\/Golden-Services-international-moving-company-18x8.png 18w, https:\/\/moverdb.com\/wp-content\/uploads\/Golden-Services-international-moving-company-600x281.png 600w\" sizes=\"auto, (max-width: 1440px) 100vw, 1440px\" \/><\/p>\n<ul>\n<li>Helyi \u00e9s orsz\u00e1ghat\u00e1rokon \u00e1tny\u00fal\u00f3 k\u00f6lt\u00f6z\u00e9sek<\/li>\n<li>Tengerent\u00fali k\u00f6lt\u00f6z\u00e9sek<\/li>\n<li>H\u00e1ztart\u00e1s \u00e1thelyez\u00e9se<\/li>\n<li>Irod\u00e1k \u00e9s kereskedelmi l\u00e9tes\u00edtm\u00e9nyek \u00e1thelyez\u00e9se<\/li>\n<li>Szem\u00e9lyre szabott szolg\u00e1ltat\u00e1s<\/li>\n<li>H\u00e1zon bel\u00fcli becsl\u00e9s<\/li>\n<li>Csomagol\u00e1si szolg\u00e1ltat\u00e1s<\/li>\n<li>Speci\u00e1lis csomagol\u00e1s<\/li>\n<li>Sz\u00e1ll\u00edt\u00e1si meg\u00e1llapod\u00e1sok<\/li>\n<li>Rakt\u00e1roz\u00e1si lehet\u0151s\u00e9gek<\/li>\n<\/ul>\n<p>A Golden Services egy 1992-ben alap\u00edtott, teljes k\u00f6r\u0171 szolg\u00e1ltat\u00e1st ny\u00fajt\u00f3 k\u00f6lt\u00f6ztet\u0151 \u00e9s t\u00e1rol\u00f3 c\u00e9g, amelynek telephelyei Washington \u00e1llamban Fife, Lakewood, Oak Harbor \u00e9s Spokane Valley v\u00e1rosokban tal\u00e1lhat\u00f3k. Az IAM tagja, 26 \u00e9ves tapasztalattal rendelkeznek, ami hozz\u00e1f\u00e9r\u00e9st biztos\u00edt sz\u00e1mukra a k\u00f6lt\u00f6ztet\u0151\u00fcgyn\u00f6k\u00f6k nemzetk\u00f6zi h\u00e1l\u00f3zat\u00e1hoz.<\/p>\n<p>A Golden Services szem\u00e9lyre szabott megk\u00f6zel\u00edt\u00e9st k\u00edn\u00e1l a k\u00f6lt\u00f6ztet\u00e9si szolg\u00e1ltat\u00e1sok ter\u00e9n, szem\u00e9lyre szabott k\u00f6lt\u00f6ztet\u00e9si tervvel. Az \u00fatjuk egy h\u00e1zon bel\u00fcli becsl\u00e9ssel kezd\u0151dik, hogy felm\u00e9rj\u00e9k az \u00d6n k\u00f6lt\u00f6z\u00e9si ig\u00e9nyeit, \u00e9s megkeresik az \u00d6n sz\u00e1m\u00e1ra legkedvez\u0151bb \u00e1r-\u00e9rt\u00e9k ar\u00e1ny\u00fa k\u00f6lt\u00f6z\u00e9si lehet\u0151s\u00e9geket. Professzion\u00e1lis csomagol\u00e1si szolg\u00e1ltat\u00e1st ny\u00fajtanak, amely mag\u00e1ban foglalja a b\u00fatorok sz\u00e9t- \u00e9s \u00f6sszeszerel\u00e9s\u00e9t, valamint a t\u00f6r\u00e9keny t\u00e1rgyak speci\u00e1lis dobozol\u00e1s\u00e1t \u00e9s csomagol\u00e1s\u00e1t.<\/p>\n<p>Weboldal: <a href=\"https:\/\/www.goldenservicesllc.com\/\" target=\"_blank\" rel=\"noopener\">https:\/\/www.goldenservicesllc.com\/<\/a><\/p>\n<h2><span class=\"ez-toc-section\" id=\"3_Lynden\"><\/span><strong>3. Lynden<\/strong><span class=\"ez-toc-section-end\"><\/span><\/h2>\n<p><img loading=\"lazy\" decoding=\"async\" class=\"alignnone size-full wp-image-11367\" src=\"https:\/\/moverdb.com\/wp-content\/uploads\/Lynden-international-moving-company.png\" alt=\"Lynden nemzetk\u00f6zi k\u00f6lt\u00f6ztet\u0151 c\u00e9g\" width=\"1440\" height=\"684\" data-wp-pid=\"11367\" srcset=\"https:\/\/moverdb.com\/wp-content\/uploads\/Lynden-international-moving-company.png 1440w, https:\/\/moverdb.com\/wp-content\/uploads\/Lynden-international-moving-company-300x143.png 300w, https:\/\/moverdb.com\/wp-content\/uploads\/Lynden-international-moving-company-1024x486.png 1024w, https:\/\/moverdb.com\/wp-content\/uploads\/Lynden-international-moving-company-18x9.png 18w, https:\/\/moverdb.com\/wp-content\/uploads\/Lynden-international-moving-company-600x285.png 600w\" sizes=\"auto, (max-width: 1440px) 100vw, 1440px\" \/><\/p>\n<ul>\n<li>Helyi \u00e9s orsz\u00e1gos \u00e1rufuvaroz\u00e1s<\/li>\n<li>Nemzetk\u00f6zi fuvaroz\u00e1s<\/li>\n<li>Sz\u00e1ll\u00edtm\u00e1nyoz\u00e1s<\/li>\n<li>Kereskedelmi \u00e1ruk<\/li>\n<li>Kiterjedt flotta<\/li>\n<li>Multimod\u00e1lis sz\u00e1ll\u00edt\u00e1s<\/li>\n<li>L\u00e9gi, sz\u00e1razf\u00f6ldi \u00e9s tengeri sz\u00e1ll\u00edt\u00e1s<\/li>\n<li>K\u00fcl\u00f6nb\u00f6z\u0151 kont\u00e9ner opci\u00f3k<\/li>\n<li>Sz\u00e1ll\u00edt\u00e1s nyomon k\u00f6vet\u00e9se<\/li>\n<li>V\u00e1m\u00fcgyn\u00f6ki tev\u00e9kenys\u00e9g<\/li>\n<\/ul>\n<p>A Lynden egy nemzetk\u00f6zi multimod\u00e1lis logisztikai v\u00e1llalat, amelyet 1906-ban alap\u00edtottak Lyndenben, \u00e9s ma m\u00e1r a csendes-\u00f3ce\u00e1ni \u00e9szaknyugaton is rendelkezik telephelyekkel, <a href=\"https:\/\/moverdb.com\/hu\/moving-to-the-united-states\/moving-to-alaska\/\" data-internallinksmanager029f6b8e52c=\"384\" title=\"Alaszk\u00e1ba k\u00f6lt\u00f6zik? 2023 Meg\u00e9lhet\u00e9si k\u00f6lts\u00e9gek \u00e9s k\u00f6lt\u00f6z\u00e9si tippek\">Alaszka<\/a>, <a href=\"https:\/\/moverdb.com\/hu\/moving-to-canada\/\" data-internallinksmanager029f6b8e52c=\"265\" title=\"K\u00f6lt\u00f6z\u00e9s Kanad\u00e1ba? 2023 \u00c9letk\u00f6lts\u00e9gek \u00e9s k\u00f6lt\u00f6z\u00e9si tippek\">Kanada<\/a> \u00e9s <a href=\"https:\/\/moverdb.com\/hu\/moving-to-the-united-states\/moving-to-hawaii\/\" data-internallinksmanager029f6b8e52c=\"403\" title=\"Hawaiira k\u00f6lt\u00f6zik? 2023 Lakhat\u00e1si k\u00f6lts\u00e9gek \u00e9s k\u00f6lt\u00f6z\u00e9si tippek\">Hawaii<\/a>. A vil\u00e1g minden t\u00e1j\u00e1n vannak irod\u00e1ik \u00e9s partnereik, amelyek seg\u00edtik \u0151ket a nemzetk\u00f6zi szolg\u00e1ltat\u00e1sok ny\u00fajt\u00e1s\u00e1ban. Az IAM tagja, 46 \u00e9ves tapasztalattal rendelkeznek.<\/p>\n<p>A Lynden kiterjedt, v\u00e1ltozatos j\u00e1rm\u0171parkkal rendelkezik, bele\u00e9rtve a teheraut\u00f3kat, usz\u00e1lyokat \u00e9s rep\u00fcl\u0151g\u00e9peket, valamint kont\u00e9nereket \u00e9s p\u00f3tkocsikat az \u00d6n \u00e1ruj\u00e1nak sz\u00e1ll\u00edt\u00e1s\u00e1ra. \u0150k gondoskodnak az \u00f6sszes fuvaroz\u00e1si ig\u00e9ny\u00e9r\u0151l, bele\u00e9rtve a v\u00e1m\u00fcgyn\u00f6ki tev\u00e9kenys\u00e9get is. K\u00e9nyelmes fuvaroz\u00e1si r\u00e9szleteket \u00e9s nyomon k\u00f6vet\u00e9si inform\u00e1ci\u00f3kat biztos\u00edtanak, hogy \u00d6n tudja, hol vannak az \u00e1rucikkei.<\/p>\n<p>Weboldal: <a href=\"https:\/\/www.lynden.com\/\" target=\"_blank\" rel=\"noopener\">https:\/\/www.lynden.com\/<\/a><\/p>\n<h2><span class=\"ez-toc-section\" id=\"4_ABC_World_Movers\"><\/span><strong>4. ABC World Movers<\/strong><span class=\"ez-toc-section-end\"><\/span><\/h2>\n<p><img loading=\"lazy\" decoding=\"async\" class=\"alignnone size-full wp-image-11238\" src=\"https:\/\/moverdb.com\/wp-content\/uploads\/ABC-World-Movers-international-moving-company.png\" alt=\"ABC World Movers nemzetk\u00f6zi k\u00f6lt\u00f6ztet\u0151 c\u00e9g\" width=\"1440\" height=\"680\" data-wp-pid=\"11238\" srcset=\"https:\/\/moverdb.com\/wp-content\/uploads\/ABC-World-Movers-international-moving-company.png 1440w, https:\/\/moverdb.com\/wp-content\/uploads\/ABC-World-Movers-international-moving-company-300x142.png 300w, https:\/\/moverdb.com\/wp-content\/uploads\/ABC-World-Movers-international-moving-company-1024x484.png 1024w, https:\/\/moverdb.com\/wp-content\/uploads\/ABC-World-Movers-international-moving-company-18x9.png 18w, https:\/\/moverdb.com\/wp-content\/uploads\/ABC-World-Movers-international-moving-company-600x283.png 600w\" sizes=\"auto, (max-width: 1440px) 100vw, 1440px\" \/><\/p>\n<ul>\n<li>Nemzeti l\u00e9p\u00e9sek<\/li>\n<li>Nemzetk\u00f6zi k\u00f6lt\u00f6z\u00e9sek<\/li>\n<li>H\u00e1ztart\u00e1si k\u00f6lt\u00f6z\u00e9sek<\/li>\n<li>Katonai mozg\u00e1sok<\/li>\n<li>H\u00e1zt\u00f3l-h\u00e1zig szolg\u00e1ltat\u00e1s<\/li>\n<li>K\u00f6lt\u00f6z\u00e9s tervez\u00e9se<\/li>\n<li>L\u00e9gi, tengeri \u00e9s felsz\u00edni sz\u00e1ll\u00edt\u00e1s<\/li>\n<li>Sz\u00e1ll\u00edt\u00e1s nyomon k\u00f6vet\u00e9se<\/li>\n<li>Tan\u00e1csad\u00e1s \u00e9s t\u00e1mogat\u00e1s a k\u00f6lt\u00f6z\u00e9ssel kapcsolatos minden k\u00e9rd\u00e9sben<\/li>\n<\/ul>\n<p>Az ABC World Movers egy h\u00e1ztart\u00e1sra specializ\u00e1l\u00f3dott <a href=\"https:\/\/moverdb.com\/hu\/freight-forwarder\/\" data-internallinksmanager029f6b8e52c=\"17\" title=\"Sz\u00e1ll\u00edtm\u00e1nyoz\u00f3 \u00e9s NVOCC nemzetk\u00f6zi k\u00f6lts\u00e9g \u00e9s c\u00e9gek \u00fatmutat\u00f3ja\">sz\u00e1ll\u00edtm\u00e1nyoz\u00f3<\/a> amely katonai k\u00f6lt\u00f6z\u00e9sekkel foglalkozik az Egyes\u00fclt \u00c1llamokban \u00e9s nemzetk\u00f6zi szinten. A c\u00e9get 1986-ban alap\u00edtott\u00e1k, sz\u00e9khelye Mountlake Terrace-ban tal\u00e1lhat\u00f3. Sz\u00e1mos szolg\u00e1ltat\u00f3val \u00e1llnak kapcsolatban, hogy seg\u00edts\u00e9k \u0151ket a nemzetk\u00f6zi szolg\u00e1ltat\u00e1sok ny\u00fajt\u00e1s\u00e1ban. Az IAM tagjak\u00e9nt 37 \u00e9ves tapasztalattal rendelkeznek.<\/p>\n<p>Az ABC World Movers h\u00e1zhoz men\u0151 szolg\u00e1ltat\u00e1ssal seg\u00edt \u00d6nnek megtervezni k\u00f6lt\u00f6z\u00e9s\u00e9t az Egyes\u00fclt \u00c1llamokban vagy k\u00fclf\u00f6ld\u00f6n. K\u00f6lts\u00e9ghat\u00e9kony sz\u00e1ll\u00edt\u00e1si megold\u00e1sok k\u00f6z\u00fcl v\u00e1laszthat, amelyek k\u00f6z\u00f6tt szerepel a l\u00e9gi, tengeri \u00e9s felsz\u00edni sz\u00e1ll\u00edt\u00e1s, \u00e9s biztos\u00edtj\u00e1k a k\u00fcldem\u00e9ny nyomon k\u00f6vet\u00e9s\u00e9t.<\/p>\n<p>Weboldal: <a href=\"https:\/\/www.abcworldmovers.com\/\" target=\"_blank\" rel=\"noopener\">https:\/\/www.abcworldmovers.com\/<\/a><\/p>\n<h2><span class=\"ez-toc-section\" id=\"5_Movher\"><\/span><strong>5. Movher<\/strong><span class=\"ez-toc-section-end\"><\/span><\/h2>\n<p><img loading=\"lazy\" decoding=\"async\" class=\"alignnone size-full wp-image-11386\" src=\"https:\/\/moverdb.com\/wp-content\/uploads\/Movher-international-moving-company.png\" alt=\"Movher nemzetk\u00f6zi k\u00f6lt\u00f6ztet\u0151 c\u00e9g\" width=\"1440\" height=\"677\" data-wp-pid=\"11386\" srcset=\"https:\/\/moverdb.com\/wp-content\/uploads\/Movher-international-moving-company.png 1440w, https:\/\/moverdb.com\/wp-content\/uploads\/Movher-international-moving-company-300x141.png 300w, https:\/\/moverdb.com\/wp-content\/uploads\/Movher-international-moving-company-1024x481.png 1024w, https:\/\/moverdb.com\/wp-content\/uploads\/Movher-international-moving-company-18x8.png 18w, https:\/\/moverdb.com\/wp-content\/uploads\/Movher-international-moving-company-600x282.png 600w\" sizes=\"auto, (max-width: 1440px) 100vw, 1440px\" \/><\/p>\n<ul>\n<li>Helyi k\u00f6lt\u00f6z\u00e9sek<\/li>\n<li>\u00c1llamk\u00f6zi k\u00f6lt\u00f6z\u00e9sek<\/li>\n<li>H\u00e1ztart\u00e1si k\u00f6lt\u00f6z\u00e9sek<\/li>\n<li>\u00dczleti l\u00e9p\u00e9sek<\/li>\n<li>Egyedi k\u00f6lt\u00f6ztet\u0151 csomagok<\/li>\n<li>Csomagol\u00e1si szolg\u00e1ltat\u00e1s<\/li>\n<li>Sz\u00e1ll\u00edt\u00e1s<\/li>\n<li>Feh\u00e9r keszty\u0171s szolg\u00e1ltat\u00e1s<\/li>\n<li>Biztos\u00edt\u00e1s<\/li>\n<li>Rakt\u00e1roz\u00e1si lehet\u0151s\u00e9gek<\/li>\n<\/ul>\n<p>A Movher egy 2010-ben alap\u00edtott f\u00fcggetlen k\u00f6lt\u00f6ztet\u0151 c\u00e9g, Spokane Valley \u00e9s Wenatchee-i telephellyel. Az IAM tagja 13 \u00e9ves tapasztalattal, ami biztos\u00edtja sz\u00e1mukra a k\u00f6lt\u00f6ztet\u0151 \u00fcgyn\u00f6k\u00f6k h\u00e1l\u00f3zat\u00e1t, akikkel egy\u00fctt tudnak dolgozni.<\/p>\n<p>A Movher helyi, orsz\u00e1gon bel\u00fcli \u00e9s \u00e1llamk\u00f6zi k\u00f6lt\u00f6z\u00e9sekre specializ\u00e1l\u00f3dott h\u00e1ztart\u00e1sok, id\u0151sek \u00e9s v\u00e1llalkoz\u00e1sok sz\u00e1m\u00e1ra. Csomagol\u00e1si szolg\u00e1ltat\u00e1st ny\u00fajtanak, amely biztons\u00e1gosan becsomagolja a holmij\u00e1t, \u00e9s mag\u00e1ban foglalhat egy feh\u00e9r keszty\u0171s kisz\u00e1ll\u00edt\u00e1st, ahol kicsomagolj\u00e1k \u00e9s elt\u00e1vol\u00edtj\u00e1k az \u00f6sszes t\u00f6rmel\u00e9ket. A nyugalom \u00e9rdek\u00e9ben a k\u00f6lt\u00f6z\u00e9s sor\u00e1n megv\u00e9dik a b\u00fatorokat \u00e9s a vagyont\u00e1rgyakat. Biztos\u00edt\u00e1st \u00e9s t\u00e1rol\u00e1si lehet\u0151s\u00e9geket is k\u00edn\u00e1lnak.<\/p>\n<p>Weboldal: <a href=\"http:\/\/www.movher.com\" target=\"_blank\" rel=\"noopener\">http:\/\/www.movher.com<\/a><\/p>\n<h2><span class=\"ez-toc-section\" id=\"6_Aaversal_Global_Relocation\"><\/span><strong>6. Aaversal Global Relocation<\/strong><span class=\"ez-toc-section-end\"><\/span><\/h2>\n<p><img loading=\"lazy\" decoding=\"async\" class=\"alignnone size-full wp-image-11677\" src=\"https:\/\/moverdb.com\/wp-content\/uploads\/Aaversal-Global-Relocation-international-moving-company.png\" alt=\"Aaversal Global Relocation nemzetk\u00f6zi k\u00f6lt\u00f6ztet\u0151 c\u00e9g\" width=\"1440\" height=\"678\" data-wp-pid=\"11677\" srcset=\"https:\/\/moverdb.com\/wp-content\/uploads\/Aaversal-Global-Relocation-international-moving-company.png 1440w, https:\/\/moverdb.com\/wp-content\/uploads\/Aaversal-Global-Relocation-international-moving-company-300x141.png 300w, https:\/\/moverdb.com\/wp-content\/uploads\/Aaversal-Global-Relocation-international-moving-company-1024x482.png 1024w, https:\/\/moverdb.com\/wp-content\/uploads\/Aaversal-Global-Relocation-international-moving-company-18x8.png 18w, https:\/\/moverdb.com\/wp-content\/uploads\/Aaversal-Global-Relocation-international-moving-company-600x283.png 600w\" sizes=\"auto, (max-width: 1440px) 100vw, 1440px\" \/><\/p>\n<ul>\n<li>Nemzeti \u00e1thelyez\u00e9sek<\/li>\n<li>Nemzetk\u00f6zi \u00e1thelyez\u00e9sek<\/li>\n<li>H\u00e1ztart\u00e1si k\u00f6lt\u00f6z\u00e9sek<\/li>\n<li>V\u00e1llalati \u00e9s korm\u00e1nyzati \u00e1thelyez\u00e9sek<\/li>\n<li>Szem\u00e9lyre szabott megk\u00f6zel\u00edt\u00e9s<\/li>\n<li>H\u00e1zt\u00f3l-h\u00e1zig szolg\u00e1ltat\u00e1s<\/li>\n<li>Sz\u00e1razf\u00f6ldi, tengeri \u00e9s l\u00e9gi sz\u00e1ll\u00edt\u00e1s<\/li>\n<li>V\u00e1mkezel\u00e9s<\/li>\n<li><a href=\"https:\/\/moverdb.com\/hu\/car-transport-shipping\/\" data-internallinksmanager029f6b8e52c=\"2\" title=\"2026 Nemzetk\u00f6zi aut\u00f3sz\u00e1ll\u00edt\u00e1s \u00e9s j\u00e1rm\u0171sz\u00e1ll\u00edt\u00e1s \u00e1raj\u00e1nlatok\">J\u00e1rm\u0171sz\u00e1ll\u00edt\u00e1s<\/a><\/li>\n<li>Biztons\u00e1gos r\u00f6vid \u00e9s hossz\u00fa t\u00e1v\u00fa t\u00e1rol\u00e1s<\/li>\n<\/ul>\n<p>Az Aaversal Global Relocation egy 2017-ben alakult nemzetk\u00f6zi \u00e9s belf\u00f6ldi k\u00f6lt\u00f6ztet\u00e9ssel foglalkoz\u00f3 c\u00e9g, amelynek sz\u00e9khelye Sumnerben tal\u00e1lhat\u00f3. Tapasztalt k\u00f6lt\u00f6ztet\u0151\u00fcgyn\u00f6k\u00f6k glob\u00e1lis h\u00e1l\u00f3zat\u00e1val rendelkeznek, akikkel egy\u00fcttm\u0171k\u00f6dve ny\u00fajtj\u00e1k szolg\u00e1ltat\u00e1saikat nemzetk\u00f6zi szinten. Hat\u00e9ves tapasztalattal rendelkez\u0151 IAM-tagok.<\/p>\n<p>Az Aaversal Global Relocation szem\u00e9lyre szabott megk\u00f6zel\u00edt\u00e9st k\u00edn\u00e1l a holmij\u00e1nak a vil\u00e1g b\u00e1rmely pontj\u00e1ra t\u00f6rt\u00e9n\u0151 k\u00f6lt\u00f6ztet\u00e9s\u00e9hez. H\u00e1zhoz men\u0151 szolg\u00e1ltat\u00e1st ny\u00fajtanak, \u00e9s a k\u00f6lt\u00f6z\u00e9s sor\u00e1n egy dedik\u00e1lt k\u00f6lt\u00f6z\u00e9si koordin\u00e1tor seg\u00edti \u00d6nt. Sz\u00e1razf\u00f6ld\u00f6n, l\u00e9gi vagy tengeri \u00faton sz\u00e1ll\u00edtj\u00e1k holmij\u00e1t teljes vagy kev\u00e9sb\u00e9 teljes kont\u00e9nerrakom\u00e1nyokkal, \u00e9s elv\u00e9gzik a v\u00e1mkezel\u00e9st.<\/p>\n<p>Weboldal: <a href=\"http:\/\/www.aaversalrelo.com\" target=\"_blank\" rel=\"noopener\">http:\/\/www.aaversalrelo.com<\/a><\/p>\n<h2><span class=\"ez-toc-section\" id=\"7_Apex_Moving_Storage\"><\/span><strong>7. Apex k\u00f6lt\u00f6ztet\u00e9s \u00e9s t\u00e1rol\u00e1s<\/strong><span class=\"ez-toc-section-end\"><\/span><\/h2>\n<p><img loading=\"lazy\" decoding=\"async\" class=\"alignnone size-full wp-image-11256\" src=\"https:\/\/moverdb.com\/wp-content\/uploads\/Apex-Moving-Storage-international-moving-company.png\" alt=\"Apex Moving &amp; Storage nemzetk\u00f6zi k\u00f6lt\u00f6ztet\u0151 c\u00e9g\" width=\"1440\" height=\"680\" data-wp-pid=\"11256\" srcset=\"https:\/\/moverdb.com\/wp-content\/uploads\/Apex-Moving-Storage-international-moving-company.png 1440w, https:\/\/moverdb.com\/wp-content\/uploads\/Apex-Moving-Storage-international-moving-company-300x142.png 300w, https:\/\/moverdb.com\/wp-content\/uploads\/Apex-Moving-Storage-international-moving-company-1024x484.png 1024w, https:\/\/moverdb.com\/wp-content\/uploads\/Apex-Moving-Storage-international-moving-company-18x9.png 18w, https:\/\/moverdb.com\/wp-content\/uploads\/Apex-Moving-Storage-international-moving-company-600x283.png 600w\" sizes=\"auto, (max-width: 1440px) 100vw, 1440px\" \/><\/p>\n<ul>\n<li>Helyi \u00e9s t\u00e1vols\u00e1gi k\u00f6lt\u00f6z\u00e9sek<\/li>\n<li>Nemzetk\u00f6zi \u00e1thelyez\u00e9sek<\/li>\n<li>Lakoss\u00e1gi k\u00f6lt\u00f6z\u00e9sek<\/li>\n<li>Irodai \u00e9s kereskedelmi k\u00f6lt\u00f6z\u00e9sek<\/li>\n<li>Szem\u00e9lyre szabott k\u00f6lt\u00f6z\u00e9si tervek<\/li>\n<li>Csomagol\u00e1si szolg\u00e1ltat\u00e1s<\/li>\n<li>Do It Yourself mozdulatok<\/li>\n<li>Dokument\u00e1ci\u00f3s t\u00e1mogat\u00e1s<\/li>\n<li>J\u00e1rm\u0171sz\u00e1ll\u00edt\u00e1s<\/li>\n<li>R\u00f6vid \u00e9s hossz\u00fa t\u00e1v\u00fa t\u00e1rol\u00e1s<\/li>\n<\/ul>\n<p>Az Apex Moving &amp; Storage egy 1997-ben alap\u00edtott k\u00f6lt\u00f6ztet\u0151 c\u00e9g, amelynek sz\u00e9khelye Tacoma. T\u00f6bb mint 400 k\u00f6lt\u00f6ztet\u0151 \u00fcgyn\u00f6kb\u0151l \u00e1ll\u00f3 h\u00e1l\u00f3zattal rendelkeznek vil\u00e1gszerte, amelyek nemzetk\u00f6zi szolg\u00e1ltat\u00e1sokkal t\u00e1mogatj\u00e1k \u0151ket. Az IAM tagjak\u00e9nt 25 \u00e9ves tapasztalattal rendelkeznek.<\/p>\n<p>Az Apex Moving &amp; Storage szem\u00e9lyre szabott k\u00f6lt\u00f6ztet\u00e9si szolg\u00e1ltat\u00e1st k\u00edn\u00e1l, az \u00d6n ig\u00e9nyeire szabott r\u00e9szletes k\u00f6lt\u00f6z\u00e9si tervvel \u00e9s egy k\u00f6lt\u00f6z\u00e9si koordin\u00e1torral, aki a k\u00f6lt\u00f6z\u00e9s minden l\u00e9p\u00e9s\u00e9t ir\u00e1ny\u00edtja. Teljes k\u00f6r\u0171 csomagol\u00e1si szolg\u00e1ltat\u00e1st k\u00edn\u00e1lnak profi k\u00f6lt\u00f6ztet\u0151csapattal, vagy a Csin\u00e1ld magad opci\u00f3t, csomagol\u00f3anyagokkal. Seg\u00edtenek \u00d6nnek d\u00f6nteni a k\u00f6lt\u00f6z\u00e9s logisztik\u00e1j\u00e1r\u00f3l, \u00e9s seg\u00edtenek a dokument\u00e1l\u00e1sban.<\/p>\n<p>Weboldal: <a href=\"https:\/\/apexmovers.com\/\" target=\"_blank\" rel=\"noopener\">https:\/\/apexmovers.com\/<\/a><\/p>\n<h2><span class=\"ez-toc-section\" id=\"8_Continental_International\"><\/span><strong>8. Continental International<\/strong><span class=\"ez-toc-section-end\"><\/span><\/h2>\n<p><img loading=\"lazy\" decoding=\"async\" class=\"alignnone size-full wp-image-11293\" src=\"https:\/\/moverdb.com\/wp-content\/uploads\/Continental-International-moving-company.png\" alt=\"Continental nemzetk\u00f6zi k\u00f6lt\u00f6ztet\u0151 c\u00e9g\" width=\"1440\" height=\"679\" data-wp-pid=\"11293\" srcset=\"https:\/\/moverdb.com\/wp-content\/uploads\/Continental-International-moving-company.png 1440w, https:\/\/moverdb.com\/wp-content\/uploads\/Continental-International-moving-company-300x141.png 300w, https:\/\/moverdb.com\/wp-content\/uploads\/Continental-International-moving-company-1024x483.png 1024w, https:\/\/moverdb.com\/wp-content\/uploads\/Continental-International-moving-company-18x8.png 18w, https:\/\/moverdb.com\/wp-content\/uploads\/Continental-International-moving-company-600x283.png 600w\" sizes=\"auto, (max-width: 1440px) 100vw, 1440px\" \/><\/p>\n<ul>\n<li>Helyi \u00e9s \u00e1llamk\u00f6zi k\u00f6lt\u00f6z\u00e9sek<\/li>\n<li>Nemzetk\u00f6zi k\u00f6lt\u00f6z\u00e9sek<\/li>\n<li>Lakoss\u00e1gi k\u00f6lt\u00f6z\u00e9sek<\/li>\n<li>H\u00e1zt\u00f3l-h\u00e1zig szolg\u00e1ltat\u00e1s<\/li>\n<li>K\u00f6lt\u00f6z\u00e9si koordin\u00e1tor<\/li>\n<li>Csomagol\u00e1si szolg\u00e1ltat\u00e1s<\/li>\n<li>L\u00e9gi \u00e9s tengeri sz\u00e1ll\u00edt\u00e1s<\/li>\n<li>V\u00e1mkezel\u00e9s<\/li>\n<li>J\u00e1rm\u0171sz\u00e1ll\u00edt\u00e1s<\/li>\n<li>Rakt\u00e1roz\u00e1si lehet\u0151s\u00e9gek<\/li>\n<\/ul>\n<p>A Continental International egy 1952-ben alap\u00edtott nemzetk\u00f6zi k\u00f6lt\u00f6ztet\u0151 c\u00e9g, amelynek telephelyei Tacom\u00e1ban \u00e9s Anchorage-ban tal\u00e1lhat\u00f3k. Az UniGroup, a United Van Lines \u00e9s a Mayflower Transit tagja, ami nemzetk\u00f6zi k\u00f6lt\u00f6ztet\u0151 c\u00e9gh\u00e1l\u00f3zatot biztos\u00edt sz\u00e1mukra. Az IAM tagja, 77 \u00e9ves tapasztalattal rendelkeznek, \u00e9s a FIDI \u00e1ltal akkredit\u00e1ltak.<\/p>\n<p>A Continental International k\u00fcl\u00f6nb\u00f6z\u0151 k\u00f6lt\u00f6ztet\u00e9si csomagokat k\u00edn\u00e1l, bele\u00e9rtve a do it yourself \u00e9s a white glove full-service k\u00f6lt\u00f6ztet\u00e9st is. Szem\u00e9lyre szabott k\u00f6lt\u00f6z\u00e9seket k\u00edn\u00e1lnak egy k\u00f6lt\u00f6z\u00e9si koordin\u00e1tor t\u00e1mogat\u00e1s\u00e1val, aki az \u00d6n ig\u00e9nyeinek megfelel\u0151, megfizethet\u0151 k\u00f6lt\u00f6z\u00e9si tervet k\u00e9sz\u00edt. Teljes k\u00f6r\u0171 csomagol\u00e1si szolg\u00e1ltat\u00e1st k\u00edn\u00e1lnak, amely mag\u00e1ban foglalhatja a b\u00fatorok sz\u00e9t- \u00e9s \u00f6sszeszerel\u00e9s\u00e9t is.<\/p>\n<p>Weboldal: <a href=\"https:\/\/www.continentalvan.com\/international-mover\/\" target=\"_blank\" rel=\"noopener\">https:\/\/www.continentalvan.com\/international-mover\/<\/a><\/p>\n<h2><span class=\"ez-toc-section\" id=\"9_Jordan_River_Moving_Storage\"><\/span><strong>9. Jordan River Moving &amp; Storage<\/strong><span class=\"ez-toc-section-end\"><\/span><\/h2>\n<p><img loading=\"lazy\" decoding=\"async\" class=\"alignnone size-full wp-image-11357\" src=\"https:\/\/moverdb.com\/wp-content\/uploads\/Jordan-River-Moving-international-moving-company.png\" alt=\"Jordan River Moving nemzetk\u00f6zi k\u00f6lt\u00f6ztet\u0151 c\u00e9g\" width=\"1440\" height=\"681\" data-wp-pid=\"11357\" srcset=\"https:\/\/moverdb.com\/wp-content\/uploads\/Jordan-River-Moving-international-moving-company.png 1440w, https:\/\/moverdb.com\/wp-content\/uploads\/Jordan-River-Moving-international-moving-company-300x142.png 300w, https:\/\/moverdb.com\/wp-content\/uploads\/Jordan-River-Moving-international-moving-company-1024x484.png 1024w, https:\/\/moverdb.com\/wp-content\/uploads\/Jordan-River-Moving-international-moving-company-18x9.png 18w, https:\/\/moverdb.com\/wp-content\/uploads\/Jordan-River-Moving-international-moving-company-600x284.png 600w\" sizes=\"auto, (max-width: 1440px) 100vw, 1440px\" \/><\/p>\n<ul>\n<li>Helyi \u00e9s t\u00e1vols\u00e1gi k\u00f6lt\u00f6z\u00e9sek<\/li>\n<li>Tengerent\u00fali k\u00f6lt\u00f6z\u00e9sek<\/li>\n<li>H\u00e1ztart\u00e1si k\u00f6lt\u00f6z\u00e9sek<\/li>\n<li>Irodai k\u00f6lt\u00f6z\u00e9sek<\/li>\n<li>H\u00e1zr\u00f3l h\u00e1zra j\u00e1r\u00e1s \u00e9s <a href=\"https:\/\/moverdb.com\/hu\/top-49-container-ports\/\" data-internallinksmanager029f6b8e52c=\"80\" title=\"Top 49 legnagyobb \u00e9s legforgalmasabb kont\u00e9nerkik\u00f6t\u0151 2025-ben\">port<\/a>-kik\u00f6t\u0151i szolg\u00e1ltat\u00e1sok<\/li>\n<li>Csomagol\u00e1si szolg\u00e1ltat\u00e1s<\/li>\n<li>Gazdas\u00e1gos sz\u00e1ll\u00edt\u00e1si keres\u00e9s<\/li>\n<li>V\u00e1mkezel\u00e9s<\/li>\n<li>J\u00e1rm\u0171sz\u00e1ll\u00edt\u00e1s<\/li>\n<li>Rakt\u00e1roz\u00e1si lehet\u0151s\u00e9gek<\/li>\n<\/ul>\n<p><a href=\"https:\/\/moverdb.com\/hu\/moving-companies\/moving-companies-jordan\/\" data-internallinksmanager029f6b8e52c=\"307\" title=\"6 legjobb nemzetk\u00f6zi k\u00f6lt\u00f6ztet\u0151 c\u00e9gek Jord\u00e1nia\">Jordan<\/a> A River Moving &amp; Storage egy t\u00f6bb mint k\u00e9t \u00e9vtizede m\u0171k\u00f6d\u0151 k\u00f6lt\u00f6ztet\u0151 c\u00e9g, amely Washington \u00e1llamban tal\u00e1lhat\u00f3 telephelyekkel rendelkezik, <a href=\"https:\/\/moverdb.com\/hu\/moving-to-the-united-states\/moving-to-oregon\/\" data-internallinksmanager029f6b8e52c=\"395\" title=\"K\u00f6lt\u00f6z\u00e9s Oregonba? 2023 Lakhat\u00e1si k\u00f6lts\u00e9gek \u00e9s k\u00f6lt\u00f6z\u00e9si tippek\">Oregon<\/a> \u00e9s <a href=\"https:\/\/moverdb.com\/hu\/moving-to-the-united-states\/moving-to-south-carolina\/\" data-internallinksmanager029f6b8e52c=\"408\" title=\"K\u00f6lt\u00f6z\u00e9s D\u00e9l-Karolin\u00e1ba? 2023 \u00c9letk\u00f6lts\u00e9gek \u00e9s k\u00f6lt\u00f6z\u00e9si tippek\">D\u00e9l-Karolina<\/a>. Egy glob\u00e1lis \u00fcgyn\u00f6kh\u00e1l\u00f3zat t\u00e1mogatja \u0151ket. Az IAM tagjak\u00e9nt 23 \u00e9ves tapasztalattal rendelkeznek.<\/p>\n<p>A Jordan River Moving &amp; Storage a vil\u00e1g b\u00e1rmely pontj\u00e1n h\u00e1zt\u00f3l-h\u00e1zig szolg\u00e1ltat\u00e1st ny\u00fajt. \u00d6sszehasonl\u00edtj\u00e1k az \u00e1rakat, \u00e9s seg\u00edtenek \u00d6nnek a leggazdas\u00e1gosabb \u00e1rat megtal\u00e1lni a k\u00f6lt\u00f6z\u00e9shez. Professzion\u00e1lis csomagol\u00f3 csapatuk biztons\u00e1gosan becsomagolja a holmij\u00e1t, \u00e9s seg\u00edt elk\u00e9sz\u00edteni a lelt\u00e1rt. Seg\u00edtenek a dokument\u00e1ci\u00f3 kit\u00f6lt\u00e9s\u00e9ben \u00e9s a v\u00e1mkezel\u00e9sben.<\/p>\n<p>Weboldal: <a href=\"https:\/\/jordanrivermoving.com\/\" target=\"_blank\" rel=\"noopener\">https:\/\/jordanrivermoving.com\/<\/a><\/p>","protected":false},"excerpt":{"rendered":"<p>If you are moving, could you benefit from the services of a moving company? If you need help planning your move, packing your belongings and arranging international documentation then a moving company can do this for you. Below we have compiled a list of Washington State based removal companies that are members of the International [&hellip;]<\/p>\n","protected":false},"author":4,"featured_media":11365,"parent":190,"menu_order":0,"comment_status":"closed","ping_status":"closed","template":"","meta":{"_genesis_hide_title":false,"_genesis_hide_breadcrumbs":false,"_genesis_hide_singular_image":false,"_genesis_hide_footer_widgets":false,"_genesis_custom_body_class":"","_genesis_custom_post_class":"","_genesis_layout":"","footnotes":""},"class_list":{"0":"post-11676","1":"page","2":"type-page","3":"status-publish","4":"has-post-thumbnail","6":"entry"},"_links":{"self":[{"href":"https:\/\/moverdb.com\/hu\/wp-json\/wp\/v2\/pages\/11676","targetHints":{"allow":["GET"]}}],"collection":[{"href":"https:\/\/moverdb.com\/hu\/wp-json\/wp\/v2\/pages"}],"about":[{"href":"https:\/\/moverdb.com\/hu\/wp-json\/wp\/v2\/types\/page"}],"author":[{"embeddable":true,"href":"https:\/\/moverdb.com\/hu\/wp-json\/wp\/v2\/users\/4"}],"replies":[{"embeddable":true,"href":"https:\/\/moverdb.com\/hu\/wp-json\/wp\/v2\/comments?post=11676"}],"version-history":[{"count":1,"href":"https:\/\/moverdb.com\/hu\/wp-json\/wp\/v2\/pages\/11676\/revisions"}],"predecessor-version":[{"id":11678,"href":"https:\/\/moverdb.com\/hu\/wp-json\/wp\/v2\/pages\/11676\/revisions\/11678"}],"up":[{"embeddable":true,"href":"https:\/\/moverdb.com\/hu\/wp-json\/wp\/v2\/pages\/190"}],"wp:featuredmedia":[{"embeddable":true,"href":"https:\/\/moverdb.com\/hu\/wp-json\/wp\/v2\/media\/11365"}],"wp:attachment":[{"href":"https:\/\/moverdb.com\/hu\/wp-json\/wp\/v2\/media?parent=11676"}],"curies":[{"name":"wp","href":"https:\/\/api.w.org\/{rel}","templated":true}]}}