{"id":11673,"date":"2023-11-29T10:15:09","date_gmt":"2023-11-29T10:15:09","guid":{"rendered":"https:\/\/moverdb.com\/?page_id=11673"},"modified":"2026-01-08T15:23:23","modified_gmt":"2026-01-08T15:23:23","slug":"moving-companies-us-virginia","status":"publish","type":"page","link":"https:\/\/moverdb.com\/hu\/moving-companies\/moving-companies-us-virginia\/","title":{"rendered":"A 13 legjobb nemzetk\u00f6zi k\u00f6lt\u00f6ztet\u0151 c\u00e9gek Virginia-ban"},"content":{"rendered":"<p>Pr\u00f3b\u00e1lsz zsongl\u0151rk\u00f6dni a k\u00f6lt\u00f6z\u00e9ssel \u00e9s minden m\u00e1ssal, ami az \u00e9letedben t\u00f6rt\u00e9nik? Akkor egy <a href=\"https:\/\/moverdb.com\/hu\/moving-companies\/\" data-internallinksmanager029f6b8e52c=\"79\" title=\"Top 25 nemzetk\u00f6zi k\u00f6lt\u00f6ztet\u0151 c\u00e9gek online\">k\u00f6lt\u00f6ztet\u0151 c\u00e9g<\/a> hogy a k\u00f6lt\u00f6z\u00e9s egy r\u00e9sz\u00e9t vagy eg\u00e9sz\u00e9t elv\u00e9gezze \u00d6n helyett, cs\u00f6kkentheti a k\u00f6lt\u00f6z\u00e9ssel j\u00e1r\u00f3 stresszt. Az al\u00e1bbiakban \u00f6ssze\u00e1ll\u00edtottunk egy list\u00e1t <a href=\"https:\/\/moverdb.com\/hu\/moving-to-the-united-states\/moving-to-virginia\/\" data-internallinksmanager029f6b8e52c=\"442\" title=\"K\u00f6lt\u00f6z\u00e9s Virgini\u00e1ba? 2023 \u00c9letk\u00f6lts\u00e9gek \u00e9s k\u00f6lt\u00f6z\u00e9si tippek\">Virginia<\/a> alap\u00fa <a href=\"https:\/\/moverdb.com\/hu\/international-removals\/\" data-internallinksmanager029f6b8e52c=\"27\" title=\"36 legjobb nemzetk\u00f6zi k\u00f6lt\u00f6ztet\u0151 c\u00e9gek az Egyes\u00fclt Kir\u00e1lys\u00e1gban\">k\u00f6lt\u00f6ztet\u0151 c\u00e9gek<\/a> amelyek tagjai a <a href=\"https:\/\/moverdb.com\/hu\/iam\/\" data-internallinksmanager029f6b8e52c=\"23\" title=\"A K\u00f6lt\u00f6ztet\u0151k Nemzetk\u00f6zi Sz\u00f6vets\u00e9ge (IAM) magyar\u00e1zata\">K\u00f6lt\u00f6ztet\u0151k Nemzetk\u00f6zi Sz\u00f6vets\u00e9ge<\/a> (IAM) \u00e9s\/vagy <a href=\"https:\/\/moverdb.com\/hu\/fidi-faim\/\" data-internallinksmanager029f6b8e52c=\"16\" title=\"FIDI &amp; FAIM (FIDI akkredit\u00e1lt nemzetk\u00f6zi fuvaroz\u00f3) magyar\u00e1zata\">FIDI<\/a> Akkredit\u00e1lt nemzetk\u00f6zi k\u00f6lt\u00f6ztet\u0151 (FAIM), aki seg\u00edthet \u00d6nnek a k\u00f6lt\u00f6z\u00e9sben.<\/p>\n<div id=\"ez-toc-container\" class=\"ez-toc-v2_0_82_2 ez-toc-wrap-left counter-hierarchy ez-toc-counter ez-toc-transparent ez-toc-container-direction\">\n<div class=\"ez-toc-title-container\">\n<p class=\"ez-toc-title\" style=\"cursor:inherit\">Szakaszok<\/p>\n<span class=\"ez-toc-title-toggle\"><a href=\"#\" class=\"ez-toc-pull-right ez-toc-btn ez-toc-btn-xs ez-toc-btn-default ez-toc-toggle\" aria-label=\"Toggle Tartalomjegyz\u00e9k\"><span class=\"ez-toc-js-icon-con\"><span class=\"\"><span class=\"eztoc-hide\" style=\"display:none;\">Toggle<\/span><span class=\"ez-toc-icon-toggle-span\"><svg style=\"fill: #999;color:#999\" xmlns=\"http:\/\/www.w3.org\/2000\/svg\" class=\"list-377408\" width=\"20px\" height=\"20px\" viewbox=\"0 0 24 24\" fill=\"none\"><path d=\"M6 6H4v2h2V6zm14 0H8v2h12V6zM4 11h2v2H4v-2zm16 0H8v2h12v-2zM4 16h2v2H4v-2zm16 0H8v2h12v-2z\" fill=\"currentColor\"><\/path><\/svg><svg style=\"fill: #999;color:#999\" class=\"arrow-unsorted-368013\" xmlns=\"http:\/\/www.w3.org\/2000\/svg\" width=\"10px\" height=\"10px\" viewbox=\"0 0 24 24\" version=\"1.2\" baseprofile=\"tiny\"><path d=\"M18.2 9.3l-6.2-6.3-6.2 6.3c-.2.2-.3.4-.3.7s.1.5.3.7c.2.2.4.3.7.3h11c.3 0 .5-.1.7-.3.2-.2.3-.5.3-.7s-.1-.5-.3-.7zM5.8 14.7l6.2 6.3 6.2-6.3c.2-.2.3-.5.3-.7s-.1-.5-.3-.7c-.2-.2-.4-.3-.7-.3h-11c-.3 0-.5.1-.7.3-.2.2-.3.5-.3.7s.1.5.3.7z\"\/><\/svg><\/span><\/span><\/span><\/a><\/span><\/div>\n<nav><ul class='ez-toc-list ez-toc-list-level-1 eztoc-toggle-hide-by-default' ><li class='ez-toc-page-1 ez-toc-heading-level-2'><a class=\"ez-toc-link ez-toc-heading-1\" href=\"https:\/\/moverdb.com\/hu\/moving-companies\/moving-companies-us-virginia\/#1_Able_Moving_Storage\" >1. K\u00e9pes k\u00f6lt\u00f6ztet\u00e9s \u00e9s t\u00e1rol\u00e1s<\/a><\/li><li class='ez-toc-page-1 ez-toc-heading-level-2'><a class=\"ez-toc-link ez-toc-heading-2\" href=\"https:\/\/moverdb.com\/hu\/moving-companies\/moving-companies-us-virginia\/#2_Apple_Moving\" >2. Apple Moving<\/a><\/li><li class='ez-toc-page-1 ez-toc-heading-level-2'><a class=\"ez-toc-link ez-toc-heading-3\" href=\"https:\/\/moverdb.com\/hu\/moving-companies\/moving-companies-us-virginia\/#3_Bay_Area_Movers\" >3. Bay Area K\u00f6lt\u00f6ztet\u0151k<\/a><\/li><li class='ez-toc-page-1 ez-toc-heading-level-2'><a class=\"ez-toc-link ez-toc-heading-4\" href=\"https:\/\/moverdb.com\/hu\/moving-companies\/moving-companies-us-virginia\/#4_Continental_Transportation_Distribution_Services\" >4. Kontinent\u00e1lis sz\u00e1ll\u00edt\u00e1si \u00e9s eloszt\u00e1si szolg\u00e1ltat\u00e1sok<\/a><\/li><li class='ez-toc-page-1 ez-toc-heading-level-2'><a class=\"ez-toc-link ez-toc-heading-5\" href=\"https:\/\/moverdb.com\/hu\/moving-companies\/moving-companies-us-virginia\/#5_Hilldrup\" >5. Hilldrup<\/a><\/li><li class='ez-toc-page-1 ez-toc-heading-level-2'><a class=\"ez-toc-link ez-toc-heading-6\" href=\"https:\/\/moverdb.com\/hu\/moving-companies\/moving-companies-us-virginia\/#6_Interstate_International\" >6. \u00c1llamk\u00f6zi nemzetk\u00f6zi<\/a><\/li><li class='ez-toc-page-1 ez-toc-heading-level-2'><a class=\"ez-toc-link ez-toc-heading-7\" href=\"https:\/\/moverdb.com\/hu\/moving-companies\/moving-companies-us-virginia\/#7_MEBS_Global\" >7. MEBS Global<\/a><\/li><li class='ez-toc-page-1 ez-toc-heading-level-2'><a class=\"ez-toc-link ez-toc-heading-8\" href=\"https:\/\/moverdb.com\/hu\/moving-companies\/moving-companies-us-virginia\/#8_Paxton_International\" >8. Paxton International<\/a><\/li><li class='ez-toc-page-1 ez-toc-heading-level-2'><a class=\"ez-toc-link ez-toc-heading-9\" href=\"https:\/\/moverdb.com\/hu\/moving-companies\/moving-companies-us-virginia\/#9_Quality_Services_Moving\" >9. Min\u0151s\u00e9gi szolg\u00e1ltat\u00e1sok Mozgat\u00e1s<\/a><\/li><li class='ez-toc-page-1 ez-toc-heading-level-2'><a class=\"ez-toc-link ez-toc-heading-10\" href=\"https:\/\/moverdb.com\/hu\/moving-companies\/moving-companies-us-virginia\/#10_Relomark\" >10. Relomark<\/a><\/li><li class='ez-toc-page-1 ez-toc-heading-level-2'><a class=\"ez-toc-link ez-toc-heading-11\" href=\"https:\/\/moverdb.com\/hu\/moving-companies\/moving-companies-us-virginia\/#11_Security_Storage_Van\" >11. Biztons\u00e1gi t\u00e1rol\u00e1s \u00e9s furgon<\/a><\/li><li class='ez-toc-page-1 ez-toc-heading-level-2'><a class=\"ez-toc-link ez-toc-heading-12\" href=\"https:\/\/moverdb.com\/hu\/moving-companies\/moving-companies-us-virginia\/#12_Stewart_Moving_Storage\" >12. Stewart K\u00f6lt\u00f6ztet\u00e9s \u00e9s rakt\u00e1roz\u00e1s<\/a><\/li><li class='ez-toc-page-1 ez-toc-heading-level-2'><a class=\"ez-toc-link ez-toc-heading-13\" href=\"https:\/\/moverdb.com\/hu\/moving-companies\/moving-companies-us-virginia\/#13_Tailored_Move_Company\" >13. Testreszabott k\u00f6lt\u00f6zk\u00f6d\u00e9si v\u00e1llalat<\/a><\/li><\/ul><\/nav><\/div>\n<h2><span class=\"ez-toc-section\" id=\"1_Able_Moving_Storage\"><\/span><strong>1. K\u00e9pes k\u00f6lt\u00f6ztet\u00e9s \u00e9s t\u00e1rol\u00e1s<\/strong><span class=\"ez-toc-section-end\"><\/span><\/h2>\n<p><img loading=\"lazy\" decoding=\"async\" class=\"alignnone size-full wp-image-11239\" src=\"https:\/\/moverdb.com\/wp-content\/uploads\/Able-Moving-Storage-international-moving-company.png\" alt=\"Able Moving &amp; Storage nemzetk\u00f6zi k\u00f6lt\u00f6ztet\u0151 c\u00e9g\" width=\"1440\" height=\"679\" data-wp-pid=\"11239\" srcset=\"https:\/\/moverdb.com\/wp-content\/uploads\/Able-Moving-Storage-international-moving-company.png 1440w, https:\/\/moverdb.com\/wp-content\/uploads\/Able-Moving-Storage-international-moving-company-300x141.png 300w, https:\/\/moverdb.com\/wp-content\/uploads\/Able-Moving-Storage-international-moving-company-1024x483.png 1024w, https:\/\/moverdb.com\/wp-content\/uploads\/Able-Moving-Storage-international-moving-company-18x8.png 18w, https:\/\/moverdb.com\/wp-content\/uploads\/Able-Moving-Storage-international-moving-company-600x283.png 600w\" sizes=\"auto, (max-width: 1440px) 100vw, 1440px\" \/><\/p>\n<ul>\n<li>Helyi \u00e9s t\u00e1vols\u00e1gi<\/li>\n<li>Nemzetk\u00f6zi k\u00f6lt\u00f6z\u00e9sek<\/li>\n<li>H\u00e1ztart\u00e1si k\u00f6lt\u00f6z\u00e9sek<\/li>\n<li>Kereskedelmi \u00e9s irodai k\u00f6lt\u00f6z\u00e9sek<\/li>\n<li>Teljes k\u00f6r\u0171 k\u00f6lt\u00f6ztet\u00e9si szolg\u00e1ltat\u00e1s<\/li>\n<li>Csomagol\u00e1si \u00e9s rakod\u00e1si szolg\u00e1ltat\u00e1s<\/li>\n<li>Sz\u00e1ll\u00edt\u00e1si szab\u00e1lyok<\/li>\n<li>V\u00e1mt\u00e1mogat\u00e1s<\/li>\n<li>Biztos\u00edt\u00e1s<\/li>\n<li>Rakt\u00e1roz\u00e1si lehet\u0151s\u00e9gek<\/li>\n<\/ul>\n<p>Az Able Moving &amp; Storage egy 1987-ben alap\u00edtott f\u00fcggetlen k\u00f6lt\u00f6ztet\u0151 \u00e9s t\u00e1rol\u00f3 c\u00e9g, amelynek sz\u00e9khelye Manassasban tal\u00e1lhat\u00f3. Vil\u00e1gm\u00e9ret\u0171 partnerekkel dolgoznak egy\u00fctt, hogy szolg\u00e1ltat\u00e1saikat az eg\u00e9sz vil\u00e1gon ny\u00fajthass\u00e1k. Az IAM tagja, 36 \u00e9ves tapasztalattal rendelkeznek, \u00e9s a FIDI \u00e1ltal akkredit\u00e1ltak.<\/p>\n<p>Az Able Moving &amp; Storage tapasztalt k\u00f6lt\u00f6ztet\u0151ket biztos\u00edt, akik a kezdeti tervez\u00e9si szakaszt\u00f3l a k\u00f6lt\u00f6z\u00e9s befejez\u00e9s\u00e9ig t\u00e1mogatj\u00e1k \u00d6nt. Ingyenes h\u00e1zon bel\u00fcli becsl\u00e9st k\u00edn\u00e1lnak, hogy felm\u00e9rj\u00e9k k\u00f6lt\u00f6z\u00e9si ig\u00e9nyeit. Minden b\u00fator\u00e1t betakarj\u00e1k, hogy megv\u00e9dj\u00e9k a sz\u00e1ll\u00edt\u00e1s sor\u00e1n. A nemzetk\u00f6zi k\u00f6lt\u00f6ztet\u0151k sz\u00e1m\u00e1ra sz\u00e1mos \u00fatmutat\u00f3t ny\u00fajtanak, bele\u00e9rtve a sz\u00e1ll\u00edt\u00e1si utas\u00edt\u00e1sokat, a v\u00e1mdokumentumokat \u00e9s a biztos\u00edt\u00e1st.<\/p>\n<p>Weboldal: <a href=\"https:\/\/ablemoving.com\/\" target=\"_blank\" rel=\"noopener\">https:\/\/ablemoving.com\/<\/a><\/p>\n<h2><span class=\"ez-toc-section\" id=\"2_Apple_Moving\"><\/span><strong>2. Apple Moving<\/strong><span class=\"ez-toc-section-end\"><\/span><\/h2>\n<p><img loading=\"lazy\" decoding=\"async\" class=\"alignnone size-full wp-image-11257\" src=\"https:\/\/moverdb.com\/wp-content\/uploads\/Apple-Moving-international-moving-company.png\" alt=\"Apple Moving nemzetk\u00f6zi k\u00f6lt\u00f6ztet\u0151 c\u00e9g\" width=\"1440\" height=\"677\" data-wp-pid=\"11257\" srcset=\"https:\/\/moverdb.com\/wp-content\/uploads\/Apple-Moving-international-moving-company.png 1440w, https:\/\/moverdb.com\/wp-content\/uploads\/Apple-Moving-international-moving-company-300x141.png 300w, https:\/\/moverdb.com\/wp-content\/uploads\/Apple-Moving-international-moving-company-1024x481.png 1024w, https:\/\/moverdb.com\/wp-content\/uploads\/Apple-Moving-international-moving-company-18x8.png 18w, https:\/\/moverdb.com\/wp-content\/uploads\/Apple-Moving-international-moving-company-600x282.png 600w\" sizes=\"auto, (max-width: 1440px) 100vw, 1440px\" \/><\/p>\n<ul>\n<li>Helyi \u00e9s t\u00e1vols\u00e1gi k\u00f6lt\u00f6z\u00e9sek<\/li>\n<li>Nemzetk\u00f6zi k\u00f6lt\u00f6z\u00e9sek<\/li>\n<li>Lakoss\u00e1gi k\u00f6lt\u00f6z\u00e9sek<\/li>\n<li>\u00dczleti \u00e9s irodai k\u00f6lt\u00f6z\u00e9sek<\/li>\n<li>Alkalmazottak \u00e1thelyez\u00e9se<\/li>\n<li>Fix kamatoz\u00e1s\u00fa szolg\u00e1ltat\u00e1sok<\/li>\n<li>Csomagol\u00e1si szolg\u00e1ltat\u00e1sok<\/li>\n<li>K\u00f6lt\u00f6ztet\u00e9si csomagok v\u00e1laszt\u00e9ka<\/li>\n<li>H\u00e1zkutat\u00e1s<\/li>\n<li>Rakt\u00e1roz\u00e1si lehet\u0151s\u00e9gek<\/li>\n<\/ul>\n<p>Az Apple Moving egy 1991-ben alap\u00edtott k\u00f6lt\u00f6ztet\u0151 \u00e9s t\u00e1rol\u00f3 c\u00e9g, amely Norfolkban tal\u00e1lhat\u00f3 telephelyekkel rendelkezik, <a href=\"https:\/\/moverdb.com\/hu\/moving-to-the-united-states\/moving-to-colorado\/\" data-internallinksmanager029f6b8e52c=\"399\" title=\"Colorad\u00f3ba k\u00f6lt\u00f6zik? 2023 Lakhat\u00e1si k\u00f6lts\u00e9gek \u00e9s k\u00f6lt\u00f6z\u00e9si tippek\">Colorado<\/a>, <a href=\"https:\/\/moverdb.com\/hu\/moving-to-the-united-states\/moving-to-texas\/\" data-internallinksmanager029f6b8e52c=\"397\" title=\"K\u00f6lt\u00f6z\u00e9s Texasba? 2023 Lakhat\u00e1si k\u00f6lts\u00e9gek \u00e9s k\u00f6lt\u00f6z\u00e9si tippek\">Texas<\/a>, <a href=\"https:\/\/moverdb.com\/hu\/moving-to-the-united-states\/moving-to-north-carolina\/\" data-internallinksmanager029f6b8e52c=\"411\" title=\"K\u00f6lt\u00f6z\u00e9s \u00c9szak-Karolin\u00e1ba? 2023 \u00c9letk\u00f6lts\u00e9gek \u00e9s k\u00f6lt\u00f6z\u00e9si tippek\">\u00c9szak-Karolina<\/a>, <a href=\"https:\/\/moverdb.com\/hu\/moving-to-the-united-states\/moving-to-missouri\/\" data-internallinksmanager029f6b8e52c=\"460\" title=\"K\u00f6lt\u00f6z\u00e9s Missouriba? 2024 \u00c9letk\u00f6lts\u00e9gek \u00e9s k\u00f6lt\u00f6z\u00e9si tippek\">Missouri<\/a> \u00e9s <a href=\"https:\/\/moverdb.com\/hu\/moving-to-the-united-states\/moving-to-florida\/\" data-internallinksmanager029f6b8e52c=\"331\" title=\"K\u00f6lt\u00f6z\u00e9s Florid\u00e1ba? 2023 \u00c9letk\u00f6lts\u00e9gek \u00e9s k\u00f6lt\u00f6z\u00e9si tippek\">Florida<\/a>. Az IAM tagja, 22 \u00e9ves tapasztalattal.<\/p>\n<p>Az Apple Moving egy teljes k\u00f6r\u0171 szolg\u00e1ltat\u00e1st ny\u00fajt\u00f3 k\u00f6lt\u00f6ztet\u0151 c\u00e9g, amely lakoss\u00e1gi \u00e9s irodai \u00fcgyfeleknek k\u00edn\u00e1l k\u00f6lt\u00f6ztet\u00e9si szolg\u00e1ltat\u00e1sokat. Profi k\u00f6lt\u00f6ztet\u0151ket biztos\u00edtanak, akiket kik\u00e9peztek a leg\u00e9rz\u00e9kenyebb t\u00e1rgyak kezel\u00e9s\u00e9re \u00e9s v\u00e9delm\u00e9re. Fix \u00e1r\u00fa k\u00f6lt\u00f6ztet\u00e9si szolg\u00e1ltat\u00e1st ny\u00fajtanak rejtett extr\u00e1k n\u00e9lk\u00fcl, \u00e9s teljes vagy r\u00e9szleges csomagol\u00e1si szolg\u00e1ltat\u00e1sok k\u00f6z\u00fcl v\u00e1laszthat. K\u00f6lt\u00f6ztet\u00e9si szolg\u00e1ltat\u00e1saik k\u00f6z\u00e9 tartozik az ideiglenes vagy \u00e1lland\u00f3 lakhat\u00e1s \u00e9s rakt\u00e1rhelyis\u00e9gek megtal\u00e1l\u00e1s\u00e1ban val\u00f3 seg\u00edts\u00e9gny\u00fajt\u00e1s is.<\/p>\n<p>Weboldal: <a href=\"https:\/\/www.applemoving.com\/\" target=\"_blank\" rel=\"noopener\">https:\/\/www.applemoving.com\/<\/a><\/p>\n<h2><span class=\"ez-toc-section\" id=\"3_Bay_Area_Movers\"><\/span><strong>3. Bay Area K\u00f6lt\u00f6ztet\u0151k<\/strong><span class=\"ez-toc-section-end\"><\/span><\/h2>\n<p><img loading=\"lazy\" decoding=\"async\" class=\"alignnone size-full wp-image-11267\" src=\"https:\/\/moverdb.com\/wp-content\/uploads\/Bay-Area-Movers-international-moving-company.png\" alt=\"Bay Area Movers nemzetk\u00f6zi k\u00f6lt\u00f6ztet\u0151 c\u00e9g\" width=\"1440\" height=\"675\" data-wp-pid=\"11267\" srcset=\"https:\/\/moverdb.com\/wp-content\/uploads\/Bay-Area-Movers-international-moving-company.png 1440w, https:\/\/moverdb.com\/wp-content\/uploads\/Bay-Area-Movers-international-moving-company-300x141.png 300w, https:\/\/moverdb.com\/wp-content\/uploads\/Bay-Area-Movers-international-moving-company-1024x480.png 1024w, https:\/\/moverdb.com\/wp-content\/uploads\/Bay-Area-Movers-international-moving-company-18x8.png 18w, https:\/\/moverdb.com\/wp-content\/uploads\/Bay-Area-Movers-international-moving-company-600x281.png 600w\" sizes=\"auto, (max-width: 1440px) 100vw, 1440px\" \/><\/p>\n<ul>\n<li>Helyi k\u00f6lt\u00f6z\u00e9sek<\/li>\n<li>Hossz\u00fa t\u00e1v\u00fa k\u00f6lt\u00f6z\u00e9sek<\/li>\n<li>H\u00e1ztart\u00e1si k\u00f6lt\u00f6z\u00e9sek<\/li>\n<li>Kereskedelmi k\u00f6lt\u00f6z\u00e9sek<\/li>\n<li>Teljes k\u00f6r\u0171 szolg\u00e1ltat\u00e1si k\u00f6lt\u00f6z\u00e9sek<\/li>\n<li>Csomagol\u00e1si szolg\u00e1ltat\u00e1s<\/li>\n<li>Sz\u00e1ll\u00edt\u00e1si meg\u00e1llapod\u00e1sok<\/li>\n<li>M\u0171v\u00e9szi munka kezel\u00e9se<\/li>\n<li>Nagy \u00e9s neh\u00e9z t\u00e1rgyak mozgat\u00e1sa<\/li>\n<li>Biztos\u00edt\u00e1s<\/li>\n<\/ul>\n<p>A Bay Area Movers egy 1987-ben alap\u00edtott k\u00f6lt\u00f6ztet\u0151 c\u00e9g, amelynek sz\u00e9khelye a <a href=\"https:\/\/moverdb.com\/hu\/moving-to-houston\/\" data-internallinksmanager029f6b8e52c=\"47\" title=\"Houstonba k\u00f6lt\u00f6zik? 2022 \u00c9letk\u00f6lts\u00e9gek \u00e9s k\u00f6lt\u00f6z\u00e9si tippek\">Houston<\/a>. Helyi \u00e9s t\u00e1vols\u00e1gi k\u00f6lt\u00f6ztet\u00e9si szolg\u00e1ltat\u00e1sokat ny\u00fajtanak h\u00e1ztart\u00e1sok \u00e9s kereskedelmi \u00fcgyfelek sz\u00e1m\u00e1ra. Tagjai az IAM-nek.<\/p>\n<p>A Bay Area Movers professzion\u00e1lis csomagol\u00f3csapatokat biztos\u00edt, amelyek seg\u00edtenek \u00d6nnek \u00f6sszepakolni otthon\u00e1t, majd berakodni az egyik teheraut\u00f3jukba, \u00e9s biztons\u00e1gosan elsz\u00e1ll\u00edtani azt a c\u00e9l\u00e1llom\u00e1sra. Szolg\u00e1ltat\u00e1saikhoz teljes k\u00f6r\u0171 garanci\u00e1t \u00e9s biztos\u00edt\u00e1st ny\u00fajtanak. Sz\u00fcks\u00e9g eset\u00e9n kicsomagol\u00e1si szolg\u00e1ltat\u00e1st is k\u00edn\u00e1lnak. Speci\u00e1lis szolg\u00e1ltat\u00e1sokat k\u00edn\u00e1lnak a m\u0171t\u00e1rgyak, nagym\u00e9ret\u0171 \u00e9s neh\u00e9z t\u00e1rgyak kezel\u00e9s\u00e9re, \u00edgy biztons\u00e1gosan tudj\u00e1k mozgatni az \u00f6sszes holmij\u00e1t.<\/p>\n<p>Weboldal: <a href=\"https:\/\/bayareamoversinc.com\/\" target=\"_blank\" rel=\"noopener\">https:\/\/bayareamoversinc.com\/<\/a><\/p>\n<h2><span class=\"ez-toc-section\" id=\"4_Continental_Transportation_Distribution_Services\"><\/span><strong>4. Kontinent\u00e1lis sz\u00e1ll\u00edt\u00e1si \u00e9s eloszt\u00e1si szolg\u00e1ltat\u00e1sok<\/strong><span class=\"ez-toc-section-end\"><\/span><\/h2>\n<p><img loading=\"lazy\" decoding=\"async\" class=\"alignnone size-full wp-image-11294\" src=\"https:\/\/moverdb.com\/wp-content\/uploads\/Continental-Transportation-international-moving-company.png\" alt=\"Continental Transportation nemzetk\u00f6zi k\u00f6lt\u00f6ztet\u0151 c\u00e9g\" width=\"1440\" height=\"673\" data-wp-pid=\"11294\" srcset=\"https:\/\/moverdb.com\/wp-content\/uploads\/Continental-Transportation-international-moving-company.png 1440w, https:\/\/moverdb.com\/wp-content\/uploads\/Continental-Transportation-international-moving-company-300x140.png 300w, https:\/\/moverdb.com\/wp-content\/uploads\/Continental-Transportation-international-moving-company-1024x479.png 1024w, https:\/\/moverdb.com\/wp-content\/uploads\/Continental-Transportation-international-moving-company-18x8.png 18w, https:\/\/moverdb.com\/wp-content\/uploads\/Continental-Transportation-international-moving-company-600x280.png 600w\" sizes=\"auto, (max-width: 1440px) 100vw, 1440px\" \/><\/p>\n<ul>\n<li>Helyi k\u00f6lt\u00f6z\u00e9sek<\/li>\n<li>Nemzetk\u00f6zi k\u00f6lt\u00f6z\u00e9sek<\/li>\n<li>Lakoss\u00e1gi k\u00f6lt\u00f6z\u00e9sek<\/li>\n<li>Irodai k\u00f6lt\u00f6z\u00e9sek<\/li>\n<li>Csomagol\u00e1si szolg\u00e1ltat\u00e1s<\/li>\n<li>Bet\u00f6lt\u00e9si lehet\u0151s\u00e9gek<\/li>\n<li>Teherg\u00e9pkocsi- \u00e9s l\u00e9gi fuvaroz\u00e1s<\/li>\n<li>Sz\u00e1ll\u00edt\u00e1s nyomon k\u00f6vet\u00e9se<\/li>\n<li><a href=\"https:\/\/moverdb.com\/hu\/car-transport-shipping\/\" data-internallinksmanager029f6b8e52c=\"2\" title=\"2026 Nemzetk\u00f6zi aut\u00f3sz\u00e1ll\u00edt\u00e1s \u00e9s j\u00e1rm\u0171sz\u00e1ll\u00edt\u00e1s \u00e1raj\u00e1nlatok\">J\u00e1rm\u0171sz\u00e1ll\u00edt\u00e1s<\/a><\/li>\n<li>R\u00f6vid \u00e9s hossz\u00fa t\u00e1v\u00fa t\u00e1rol\u00e1s<\/li>\n<\/ul>\n<p>A Continental Transportation &amp; Distribution Services egy Woodbridge-i sz\u00e9khely\u0171 sz\u00e1ll\u00edt\u00e1si, rakt\u00e1roz\u00e1si \u00e9s logisztikai v\u00e1llalat. Az IAM tagja, 16 \u00e9ves tapasztalattal rendelkezik, ami lehet\u0151v\u00e9 teszi sz\u00e1mukra, hogy hozz\u00e1f\u00e9rjenek a k\u00f6lt\u00f6ztet\u0151 c\u00e9gek glob\u00e1lis h\u00e1l\u00f3zat\u00e1hoz, hogy seg\u00edts\u00e9k \u0151ket szolg\u00e1ltat\u00e1saik ny\u00fajt\u00e1s\u00e1ban.<\/p>\n<p>A Continental Transportation &amp; Distribution Services belf\u00f6ldi \u00e9s nemzetk\u00f6zi szolg\u00e1ltat\u00e1sokat k\u00edn\u00e1l, amelyeket nagyr\u00e9szt a mag\u00e1n- \u00e9s a k\u00f6zszektor sz\u00e1m\u00e1ra ny\u00fajt. Csomagol\u00e1si \u00e9s dobozol\u00e1si szolg\u00e1ltat\u00e1st k\u00edn\u00e1lnak, amely megv\u00e9di az \u00d6n t\u00e1rgyait a sz\u00e1ll\u00edt\u00e1s sor\u00e1n. Teljes \u00e9s kevesebb, mint teheraut\u00f3-rakom\u00e1nyt sz\u00e1ll\u00edt\u00f3 szolg\u00e1ltat\u00e1sok \u00e9s l\u00e9gi sz\u00e1ll\u00edtm\u00e1nyoz\u00e1s k\u00f6z\u00fcl v\u00e1laszthat. Emellett j\u00e1rm\u0171sz\u00e1ll\u00edt\u00e1si szolg\u00e1ltat\u00e1sokat, valamint r\u00f6vid \u00e9s hossz\u00fa t\u00e1v\u00fa ingatlant\u00e1rol\u00e1si megold\u00e1sokat is k\u00edn\u00e1lnak.<\/p>\n<p>Weboldal: <a href=\"http:\/\/www.continental-tds.com\" target=\"_blank\" rel=\"noopener\">http:\/\/www.continental-tds.com<\/a><\/p>\n<h2><span class=\"ez-toc-section\" id=\"5_Hilldrup\"><\/span><strong>5. Hilldrup<\/strong><span class=\"ez-toc-section-end\"><\/span><\/h2>\n<p><img loading=\"lazy\" decoding=\"async\" class=\"alignnone size-full wp-image-11339\" src=\"https:\/\/moverdb.com\/wp-content\/uploads\/Hilldrup-international-moving-company.png\" alt=\"Hilldrup nemzetk\u00f6zi k\u00f6lt\u00f6ztet\u0151 c\u00e9g\" width=\"1440\" height=\"674\" data-wp-pid=\"11339\" srcset=\"https:\/\/moverdb.com\/wp-content\/uploads\/Hilldrup-international-moving-company.png 1440w, https:\/\/moverdb.com\/wp-content\/uploads\/Hilldrup-international-moving-company-300x140.png 300w, https:\/\/moverdb.com\/wp-content\/uploads\/Hilldrup-international-moving-company-1024x479.png 1024w, https:\/\/moverdb.com\/wp-content\/uploads\/Hilldrup-international-moving-company-18x8.png 18w, https:\/\/moverdb.com\/wp-content\/uploads\/Hilldrup-international-moving-company-600x281.png 600w\" sizes=\"auto, (max-width: 1440px) 100vw, 1440px\" \/><\/p>\n<ul>\n<li>Helyi \u00e9s t\u00e1vols\u00e1gi k\u00f6lt\u00f6z\u00e9sek<\/li>\n<li>Nemzetk\u00f6zi \u00e1thelyez\u00e9sek<\/li>\n<li>Lakoss\u00e1gi k\u00f6lt\u00f6z\u00e9sek<\/li>\n<li>Alkalmazottak \u00e1thelyez\u00e9se<\/li>\n<li>Mozg\u00e1s tan\u00e1csad\u00f3<\/li>\n<li>Teljes k\u00f6r\u0171 csomagol\u00e1s<\/li>\n<li>DIY csomagol\u00e1si lehet\u0151s\u00e9g<\/li>\n<li>A sz\u00e1ll\u00edt\u00e1s megszervez\u00e9se<\/li>\n<li>Sz\u00e1ll\u00edt\u00e1s nyomon k\u00f6vet\u00e9se<\/li>\n<li>Rakt\u00e1roz\u00e1si lehet\u0151s\u00e9gek<\/li>\n<\/ul>\n<p>A Hilldrup egy 1903-ban alap\u00edtott k\u00f6lt\u00f6ztet\u0151, rakt\u00e1roz\u00e1si \u00e9s logisztikai v\u00e1llalat, amelynek 10 telephelye van, t\u00f6bbek k\u00f6z\u00f6tt Stafford, Sterling \u00e9s Richmond Virginia \u00e1llamban. A United Van Lines \u00e9s a Mayflower Transit c\u00e9gekkel \u00e1llnak kapcsolatban, \u00edgy a k\u00f6lt\u00f6ztet\u0151 c\u00e9gek sz\u00e9lesebb h\u00e1l\u00f3zat\u00e1hoz f\u00e9rnek hozz\u00e1. Az IAM tagja 110 \u00e9ves tapasztalattal \u00e9s a FIDI akkredit\u00e1ci\u00f3j\u00e1val.<\/p>\n<p>A Hilldrup virtu\u00e1lis vagy szem\u00e9lyes felm\u00e9r\u00e9st k\u00edn\u00e1l, hogy szem\u00e9lyre szabott, az \u00d6n ig\u00e9nyein alapul\u00f3 \u00e1raj\u00e1nlatot k\u00e9sz\u00edthessen. V\u00e1laszthat a teljes k\u00f6r\u0171 szolg\u00e1ltat\u00e1s vagy a bark\u00e1csolt csomagol\u00e1s k\u00f6z\u00fcl, \u00e9s egy k\u00f6lt\u00f6z\u00e9si tan\u00e1csad\u00f3t biztos\u00edtanak, aki az \u00d6n egyetlen kapcsolattart\u00e1si pontjak\u00e9nt szolg\u00e1l. K\u00f6lt\u00f6ztet\u00e9si szolg\u00e1ltat\u00e1saik k\u00f6z\u00e9 tartozik az ideiglenes sz\u00e1ll\u00e1s, a lak\u00e1selad\u00e1s \u00e9s a c\u00e9l\u00e1llom\u00e1s-szolg\u00e1ltat\u00e1s.<\/p>\n<p>Weboldal: <a href=\"http:\/\/www.hilldrup.com\" target=\"_blank\" rel=\"noopener\">http:\/\/www.hilldrup.com<\/a><\/p>\n<h2><span class=\"ez-toc-section\" id=\"6_Interstate_International\"><\/span><strong>6. \u00c1llamk\u00f6zi nemzetk\u00f6zi<\/strong><span class=\"ez-toc-section-end\"><\/span><\/h2>\n<p><img loading=\"lazy\" decoding=\"async\" class=\"alignnone size-full wp-image-11352\" src=\"https:\/\/moverdb.com\/wp-content\/uploads\/Interstate-International-moving-company.png\" alt=\"\u00c1llamk\u00f6zi nemzetk\u00f6zi k\u00f6lt\u00f6ztet\u0151 c\u00e9g\" width=\"1440\" height=\"675\" data-wp-pid=\"11352\" srcset=\"https:\/\/moverdb.com\/wp-content\/uploads\/Interstate-International-moving-company.png 1440w, https:\/\/moverdb.com\/wp-content\/uploads\/Interstate-International-moving-company-300x141.png 300w, https:\/\/moverdb.com\/wp-content\/uploads\/Interstate-International-moving-company-1024x480.png 1024w, https:\/\/moverdb.com\/wp-content\/uploads\/Interstate-International-moving-company-18x8.png 18w, https:\/\/moverdb.com\/wp-content\/uploads\/Interstate-International-moving-company-600x281.png 600w\" sizes=\"auto, (max-width: 1440px) 100vw, 1440px\" \/><\/p>\n<ul>\n<li>Helyi \u00e9s orsz\u00e1gos k\u00f6lt\u00f6z\u00e9sek<\/li>\n<li>Nemzetk\u00f6zi k\u00f6lt\u00f6z\u00e9sek<\/li>\n<li>Lakoss\u00e1gi k\u00f6lt\u00f6z\u00e9sek<\/li>\n<li>Kereskedelmi k\u00f6lt\u00f6z\u00e9sek<\/li>\n<li>Munkav\u00e1llal\u00f3k \u00e1thelyez\u00e9s\u00e9vel kapcsolatos szolg\u00e1ltat\u00e1sok<\/li>\n<li>V\u00e9gpontt\u00f3l v\u00e9gpontig tart\u00f3 k\u00f6lt\u00f6z\u00e9s menedzsment<\/li>\n<li>Szem\u00e9lyes k\u00f6lt\u00f6z\u00e9s menedzser<\/li>\n<li>Teljes k\u00f6r\u0171 csomagol\u00e1s<\/li>\n<li>Sz\u00e1ll\u00edt\u00e1s sz\u00e1razf\u00f6ld\u00f6n, leveg\u0151ben \u00e9s tengeren<\/li>\n<li>R\u00f6vid \u00e9s hossz\u00fa t\u00e1v\u00fa t\u00e1rol\u00e1s<\/li>\n<\/ul>\n<p>Az Interstate International egy 1943-ban alap\u00edtott, Springfieldben, Dullesben \u00e9s Landoverben tal\u00e1lhat\u00f3 telephelyekkel rendelkez\u0151, k\u00f6lt\u00f6z\u00e9si, t\u00e1rol\u00e1si \u00e9s k\u00f6lt\u00f6ztet\u00e9si szolg\u00e1ltat\u00e1sokat ny\u00fajt\u00f3 sz\u00e1ll\u00edt\u00e1si \u00e9s logisztikai menedzsment v\u00e1llalat. Szolg\u00e1ltat\u00e1saik ny\u00fajt\u00e1s\u00e1hoz vil\u00e1gszerte elismert \u00e9s min\u0151s\u00e9gi k\u00f6lt\u00f6ztet\u0151k h\u00e1l\u00f3zat\u00e1val dolgoznak egy\u00fctt. A 80 \u00e9ves tapasztalattal rendelkez\u0151 IAM tagja, \u00e9s a FIDI \u00e1ltal akkredit\u00e1ltak.<\/p>\n<p>Az Interstate International egy szem\u00e9lyes k\u00f6lt\u00f6z\u00e9si menedzsert biztos\u00edt, aki egy\u00fctt dolgozik \u00d6nnel a k\u00f6lt\u00f6ztet\u00e9s\u00e9n, amelyet a v\u00e9gpontt\u00f3l a v\u00e9gpontig ir\u00e1ny\u00edt. Teljes k\u00f6r\u0171 csomagol\u00e1st k\u00edn\u00e1lnak, hogy megv\u00e9dj\u00e9k a holmij\u00e1t a sz\u00e1razf\u00f6ldi, l\u00e9gi \u00e9s tengeri sz\u00e1ll\u00edt\u00e1s sor\u00e1n, \u00e9s lelt\u00e1rt k\u00e9sz\u00edtenek.<\/p>\n<p>Weboldal: <a href=\"http:\/\/moveinterstate.com\" target=\"_blank\" rel=\"noopener\">http:\/\/moveinterstate.com<\/a><\/p>\n<h2><span class=\"ez-toc-section\" id=\"7_MEBS_Global\"><\/span><strong>7. MEBS Global<\/strong><span class=\"ez-toc-section-end\"><\/span><\/h2>\n<p><img loading=\"lazy\" decoding=\"async\" class=\"alignnone size-full wp-image-11374\" src=\"https:\/\/moverdb.com\/wp-content\/uploads\/MEBS-Global-international-moving-company.png\" alt=\"MEBS Global nemzetk\u00f6zi k\u00f6lt\u00f6ztet\u0151 c\u00e9g\" width=\"1440\" height=\"674\" data-wp-pid=\"11374\" srcset=\"https:\/\/moverdb.com\/wp-content\/uploads\/MEBS-Global-international-moving-company.png 1440w, https:\/\/moverdb.com\/wp-content\/uploads\/MEBS-Global-international-moving-company-300x140.png 300w, https:\/\/moverdb.com\/wp-content\/uploads\/MEBS-Global-international-moving-company-1024x479.png 1024w, https:\/\/moverdb.com\/wp-content\/uploads\/MEBS-Global-international-moving-company-18x8.png 18w, https:\/\/moverdb.com\/wp-content\/uploads\/MEBS-Global-international-moving-company-600x281.png 600w\" sizes=\"auto, (max-width: 1440px) 100vw, 1440px\" \/><\/p>\n<ul>\n<li>Nemzeti \u00e1thelyez\u00e9sek<\/li>\n<li>Nemzetk\u00f6zi \u00e1thelyez\u00e9sek<\/li>\n<li>H\u00e1ztart\u00e1s \u00e1thelyez\u00e9se<\/li>\n<li>V\u00e1llalati \u00e1thelyez\u00e9sek<\/li>\n<li>H\u00e1zt\u00f3l-h\u00e1zig szolg\u00e1ltat\u00e1s<\/li>\n<li>Szem\u00e9lyre szabott szolg\u00e1ltat\u00e1s<\/li>\n<li>V\u00e1mkezel\u00e9s<\/li>\n<li>H\u00e1zi\u00e1llat \u00e9s j\u00e1rm\u0171 mozgat\u00e1sa<\/li>\n<li>Beilleszked\u00e9si szolg\u00e1ltat\u00e1sok<\/li>\n<li>Biztons\u00e1gos t\u00e1rol\u00e1s<\/li>\n<\/ul>\n<p>A MEBS Global egy nemzetk\u00f6zi k\u00f6lt\u00f6ztet\u00e9si \u00e9s sz\u00e1ll\u00edtm\u00e1nyoz\u00e1si v\u00e1llalat, amely 10 orsz\u00e1gban 11 irod\u00e1val rendelkezik, k\u00f6zt\u00fck a k\u00f6vetkez\u0151 orsz\u00e1gokban <a href=\"https:\/\/moverdb.com\/hu\/moving-to-the-united-states\/\" data-internallinksmanager029f6b8e52c=\"94\" title=\"Az Egyes\u00fclt \u00c1llamokba k\u00f6lt\u00f6zik? 2022 Meg\u00e9lhet\u00e9si k\u00f6lts\u00e9gek \u00e9s k\u00f6lt\u00f6z\u00e9si tippek\">US<\/a>, <a href=\"https:\/\/moverdb.com\/hu\/moving-to-the-uae\/\" data-internallinksmanager029f6b8e52c=\"329\" title=\"Az Egyes\u00fclt Arab Em\u00edrs\u00e9gekbe (UAE) k\u00f6lt\u00f6zik? 2024 Meg\u00e9lhet\u00e9si k\u00f6lts\u00e9gek \u00e9s k\u00f6lt\u00f6z\u00e9si tippek\">UAE<\/a>, <a href=\"https:\/\/moverdb.com\/hu\/moving-to-thailand\/\" data-internallinksmanager029f6b8e52c=\"318\" title=\"Thaif\u00f6ldre k\u00f6lt\u00f6zik? 2023 \u00c9letk\u00f6lts\u00e9gek \u00e9s k\u00f6lt\u00f6z\u00e9si tippek\">Thaif\u00f6ld<\/a>, <a href=\"https:\/\/moverdb.com\/hu\/moving-companies\/moving-companies-kenya\/\" data-internallinksmanager029f6b8e52c=\"305\" title=\"4 legjobb nemzetk\u00f6zi k\u00f6lt\u00f6ztet\u0151 c\u00e9gek Keny\u00e1ban\">Kenya<\/a>, D\u00e9l-Szud\u00e1n, <a href=\"https:\/\/moverdb.com\/hu\/moving-companies\/moving-companies-nigeria\/\" data-internallinksmanager029f6b8e52c=\"280\" title=\"10 Legjobb nemzetk\u00f6zi k\u00f6lt\u00f6ztet\u0151 c\u00e9gek Nig\u00e9ria\">Nig\u00e9ria<\/a>, Uganda, <a href=\"https:\/\/moverdb.com\/hu\/moving-to-spain\/\" data-internallinksmanager029f6b8e52c=\"266\" title=\"Spanyolorsz\u00e1gba k\u00f6lt\u00f6zik? 2023 \u00c9letk\u00f6lts\u00e9gek \u00e9s k\u00f6lt\u00f6z\u00e9si tippek\">Spanyolorsz\u00e1g<\/a>, Ukrajna \u00e9s <a href=\"https:\/\/moverdb.com\/hu\/moving-to-india\/\" data-internallinksmanager029f6b8e52c=\"356\" title=\"Indi\u00e1ba k\u00f6lt\u00f6zik? 2023 \u00c9letk\u00f6lts\u00e9gek \u00e9s k\u00f6lt\u00f6z\u00e9si tippek\">India<\/a>. Az amerikai irod\u00e1juk Chantillyben tal\u00e1lhat\u00f3. Megb\u00edzhat\u00f3 \u00fcgyn\u00f6k\u00f6k glob\u00e1lis h\u00e1l\u00f3zat\u00e1val dolgoznak egy\u00fctt a szolg\u00e1ltat\u00e1sok vil\u00e1gszerte t\u00f6rt\u00e9n\u0151 ny\u00fajt\u00e1s\u00e1ban. Az IAM tagja, 17 \u00e9ves tapasztalattal rendelkeznek.<\/p>\n<p>A MEBS Global szem\u00e9lyre szabott, h\u00e1zt\u00f3l h\u00e1zig tart\u00f3 k\u00f6lt\u00f6z\u00e9si szolg\u00e1ltat\u00e1sokat k\u00edn\u00e1l mag\u00e1nszem\u00e9lyek, csal\u00e1dok \u00e9s v\u00e1llalatok sz\u00e1m\u00e1ra. Kiv\u00e1l\u00f3 min\u0151s\u00e9g\u0171 csomagol\u00e1si \u00e9s l\u00e1d\u00e1z\u00e1si szolg\u00e1ltat\u00e1sokat ny\u00fajtanak, hogy megv\u00e9dj\u00e9k t\u00e1rgyait a sz\u00e1ll\u00edt\u00e1s sor\u00e1n, \u00e9s gondoskodnak a v\u00e1mkezel\u00e9sr\u0151l. Tov\u00e1bbi szolg\u00e1ltat\u00e1sokat k\u00edn\u00e1lnak, amelyek magukban foglalj\u00e1k a h\u00e1zi\u00e1llatok k\u00f6lt\u00f6ztet\u00e9s\u00e9t, a j\u00e1rm\u0171sz\u00e1ll\u00edt\u00e1st, a leteleped\u00e9si t\u00e1mogat\u00e1st \u00e9s a biztons\u00e1gos t\u00e1rol\u00e1st.<\/p>\n<p>Weboldal: <a href=\"http:\/\/www.mebs-intl.com\" target=\"_blank\" rel=\"noopener\">http:\/\/www.mebs-intl.com<\/a><\/p>\n<h2><span class=\"ez-toc-section\" id=\"8_Paxton_International\"><\/span><strong>8. Paxton International<\/strong><span class=\"ez-toc-section-end\"><\/span><\/h2>\n<p><img loading=\"lazy\" decoding=\"async\" class=\"alignnone size-full wp-image-11406\" src=\"https:\/\/moverdb.com\/wp-content\/uploads\/Paxton-International-moving-company-1.png\" alt=\"Paxton Nemzetk\u00f6zi k\u00f6lt\u00f6ztet\u0151 c\u00e9g\" width=\"1440\" height=\"677\" data-wp-pid=\"11406\" srcset=\"https:\/\/moverdb.com\/wp-content\/uploads\/Paxton-International-moving-company-1.png 1440w, https:\/\/moverdb.com\/wp-content\/uploads\/Paxton-International-moving-company-1-300x141.png 300w, https:\/\/moverdb.com\/wp-content\/uploads\/Paxton-International-moving-company-1-1024x481.png 1024w, https:\/\/moverdb.com\/wp-content\/uploads\/Paxton-International-moving-company-1-18x8.png 18w, https:\/\/moverdb.com\/wp-content\/uploads\/Paxton-International-moving-company-1-600x282.png 600w\" sizes=\"auto, (max-width: 1440px) 100vw, 1440px\" \/><\/p>\n<ul>\n<li>Helyi \u00e9s orsz\u00e1gos k\u00f6lt\u00f6z\u00e9sek<\/li>\n<li>Nemzetk\u00f6zi k\u00f6lt\u00f6z\u00e9sek<\/li>\n<li>Lakoss\u00e1gi k\u00f6lt\u00f6z\u00e9sek<\/li>\n<li>Irodai \u00e9s ipari k\u00f6lt\u00f6ztet\u00e9s<\/li>\n<li>K\u00f6lt\u00f6ztet\u00e9si szolg\u00e1ltat\u00e1sok<\/li>\n<li>V\u00e9gpontt\u00f3l v\u00e9gpontig tart\u00f3 szolg\u00e1ltat\u00e1s<\/li>\n<li>Csomagol\u00e1si \u00e9s rakod\u00e1si lehet\u0151s\u00e9gek<\/li>\n<li>Sz\u00e1ll\u00edt\u00e1si meg\u00e1llapod\u00e1sok<\/li>\n<li>J\u00e1rm\u0171sz\u00e1ll\u00edt\u00e1s<\/li>\n<li>Biztons\u00e1gos rakt\u00e1rhelyis\u00e9gek<\/li>\n<\/ul>\n<p>A Paxton International egy 1947-ben alap\u00edtott k\u00f6lt\u00f6ztet\u00e9si \u00e9s logisztikai menedzsment v\u00e1llalat, amely Springfieldben, Manassasban \u00e9s Alexandri\u00e1ban, valamint \u00f6t nemzetk\u00f6zi irod\u00e1val rendelkezik. Az Atlas Van Lines \u00fcgyn\u00f6ke, ami a k\u00f6lt\u00f6ztet\u0151 c\u00e9gek sz\u00e9lesebb h\u00e1l\u00f3zat\u00e1t biztos\u00edtja sz\u00e1mukra. Az IAM tagjak\u00e9nt 77 \u00e9ves tapasztalattal rendelkeznek, \u00e9s a FIDI \u00e1ltal akkredit\u00e1ltak.<\/p>\n<p>A Paxton International teljes k\u00f6r\u0171 szolg\u00e1ltat\u00e1st vagy csin\u00e1ld magad lehet\u0151s\u00e9get k\u00edn\u00e1l a csomagol\u00e1sra \u00e9s a rakod\u00e1sra, v\u00e9gpontt\u00f3l v\u00e9gpontig tart\u00f3 sz\u00e1ll\u00edt\u00e1ssal. \u0150k biztons\u00e1gosan elsz\u00e1ll\u00edtj\u00e1k a holmij\u00e1t \u00e9s a j\u00e1rm\u0171v\u00e9t is a c\u00e9l\u00e1llom\u00e1sra. K\u00f6lt\u00f6ztet\u00e9si szolg\u00e1ltat\u00e1saik k\u00f6z\u00e9 tartozik a k\u00f6lt\u00f6z\u00e9si menedzsment, az otthonkeres\u00e9s, a megb\u00edz\u00e1skezel\u00e9s \u00e9s a c\u00e9l\u00e1llom\u00e1s-szolg\u00e1ltat\u00e1s.<\/p>\n<p>Weboldal: <a href=\"http:\/\/www.paxton.com\/\" target=\"_blank\" rel=\"noopener\">http:\/\/www.paxton.com\/<\/a><\/p>\n<h2><span class=\"ez-toc-section\" id=\"9_Quality_Services_Moving\"><\/span><strong>9. Min\u0151s\u00e9gi szolg\u00e1ltat\u00e1sok Mozgat\u00e1s<\/strong><span class=\"ez-toc-section-end\"><\/span><\/h2>\n<p><img loading=\"lazy\" decoding=\"async\" class=\"alignnone size-full wp-image-11415\" src=\"https:\/\/moverdb.com\/wp-content\/uploads\/Quality-Services-Moving-international-moving-company.png\" alt=\"Quality Services Moving nemzetk\u00f6zi k\u00f6lt\u00f6ztet\u0151 c\u00e9g\" width=\"1440\" height=\"673\" data-wp-pid=\"11415\" srcset=\"https:\/\/moverdb.com\/wp-content\/uploads\/Quality-Services-Moving-international-moving-company.png 1440w, https:\/\/moverdb.com\/wp-content\/uploads\/Quality-Services-Moving-international-moving-company-300x140.png 300w, https:\/\/moverdb.com\/wp-content\/uploads\/Quality-Services-Moving-international-moving-company-1024x479.png 1024w, https:\/\/moverdb.com\/wp-content\/uploads\/Quality-Services-Moving-international-moving-company-18x8.png 18w, https:\/\/moverdb.com\/wp-content\/uploads\/Quality-Services-Moving-international-moving-company-600x280.png 600w\" sizes=\"auto, (max-width: 1440px) 100vw, 1440px\" \/><\/p>\n<ul>\n<li>Helyi \u00e9s t\u00e1vols\u00e1gi k\u00f6lt\u00f6z\u00e9s<\/li>\n<li>Nemzetk\u00f6zi k\u00f6lt\u00f6z\u00e9sek<\/li>\n<li>Lakoss\u00e1gi k\u00f6lt\u00f6z\u00e9sek<\/li>\n<li>Irodai \u00e9s kereskedelmi k\u00f6lt\u00f6z\u00e9sek<\/li>\n<li>Teljes k\u00f6r\u0171 megold\u00e1sok<\/li>\n<li>Csomagol\u00e1si szolg\u00e1ltat\u00e1s<\/li>\n<li>B\u00fatorok sz\u00e9tszerel\u00e9se \u00e9s \u00f6sszeszerel\u00e9se<\/li>\n<li>Sz\u00e1ll\u00edt\u00e1si szab\u00e1lyok<\/li>\n<li>V\u00e1mkezel\u00e9s<\/li>\n<li>R\u00f6vid \u00e9s hossz\u00fa t\u00e1v\u00fa t\u00e1rol\u00e1s<\/li>\n<\/ul>\n<p>A Quality Services Moving egy 1995-ben alap\u00edtott k\u00f6lt\u00f6ztet\u0151 c\u00e9g, amelynek sz\u00e9khelye Lortonban tal\u00e1lhat\u00f3. Az IAM tagjak\u00e9nt 29 \u00e9ves tapasztalattal rendelkeznek, ami biztos\u00edtja sz\u00e1mukra a k\u00f6lt\u00f6ztet\u0151 c\u00e9gek glob\u00e1lis h\u00e1l\u00f3zat\u00e1t, akik seg\u00edthetnek nekik.<\/p>\n<p>A Quality Services Moving ingyenes h\u00e1zon bel\u00fcli becsl\u00e9st k\u00edn\u00e1l az egyik k\u00f6lt\u00f6z\u00e9si tan\u00e1csad\u00f3jukkal, aki az \u00d6n sz\u00e1m\u00e1ra testre szabja szolg\u00e1ltat\u00e1sait, \u00e9s kezeli az eg\u00e9sz k\u00f6lt\u00f6z\u00e9si folyamatot. Az \u00d6n ig\u00e9nyeihez igaz\u00edtott, szem\u00e9lyre szabott k\u00f6lt\u00f6z\u00e9si tervet k\u00e9sz\u00edtenek. Teljes k\u00f6r\u0171 csomagol\u00e1si szolg\u00e1ltat\u00e1st k\u00edn\u00e1lnak, amely mag\u00e1ban foglalja a b\u00fatorok sz\u00e9tszerel\u00e9s\u00e9t \u00e9s az egyedi csomagol\u00e1st, \u00e9rkez\u00e9skor pedig kicsomagolj\u00e1k \u00e9s \u00f6sszeszerelik a b\u00fatorokat.<\/p>\n<p>Weboldal: <a href=\"https:\/\/www.qsmoving.com\" target=\"_blank\" rel=\"noopener\">https:\/\/www.qsmoving.com<\/a><\/p>\n<h2><span class=\"ez-toc-section\" id=\"10_Relomark\"><\/span><strong>10. Relomark<\/strong><span class=\"ez-toc-section-end\"><\/span><\/h2>\n<p><img loading=\"lazy\" decoding=\"async\" class=\"alignnone size-full wp-image-11422\" src=\"https:\/\/moverdb.com\/wp-content\/uploads\/Relomark-International-Movers-moving-company.png\" alt=\"Relomark International Movers k\u00f6lt\u00f6ztet\u0151 c\u00e9g\" width=\"1440\" height=\"677\" data-wp-pid=\"11422\" srcset=\"https:\/\/moverdb.com\/wp-content\/uploads\/Relomark-International-Movers-moving-company.png 1440w, https:\/\/moverdb.com\/wp-content\/uploads\/Relomark-International-Movers-moving-company-300x141.png 300w, https:\/\/moverdb.com\/wp-content\/uploads\/Relomark-International-Movers-moving-company-1024x481.png 1024w, https:\/\/moverdb.com\/wp-content\/uploads\/Relomark-International-Movers-moving-company-18x8.png 18w, https:\/\/moverdb.com\/wp-content\/uploads\/Relomark-International-Movers-moving-company-600x282.png 600w\" sizes=\"auto, (max-width: 1440px) 100vw, 1440px\" \/><\/p>\n<ul>\n<li>Helyi \u00e9s orsz\u00e1gos k\u00f6lt\u00f6z\u00e9sek<\/li>\n<li>Nemzetk\u00f6zi k\u00f6lt\u00f6z\u00e9sek<\/li>\n<li>H\u00e1ztart\u00e1si k\u00f6lt\u00f6z\u00e9sek<\/li>\n<li>Irodai k\u00f6lt\u00f6z\u00e9sek<\/li>\n<li>H\u00e1zr\u00f3l h\u00e1zra vagy <a href=\"https:\/\/moverdb.com\/hu\/top-49-container-ports\/\" data-internallinksmanager029f6b8e52c=\"80\" title=\"Top 49 legnagyobb \u00e9s legforgalmasabb kont\u00e9nerkik\u00f6t\u0151 2025-ben\">port<\/a> szolg\u00e1ltat\u00e1sok<\/li>\n<li>Csomagol\u00e1si szolg\u00e1ltat\u00e1s<\/li>\n<li>Tengeri, l\u00e9gi, k\u00f6z\u00fati \u00e9s vas\u00fati sz\u00e1ll\u00edt\u00e1s<\/li>\n<li>H\u00e1zi\u00e1llatok \u00e9s j\u00e1rm\u0171vek \u00e1thelyez\u00e9se<\/li>\n<li>Otthoni \u00e9s iskolai keres\u00e9s<\/li>\n<li>Hossz\u00fa \u00e9s r\u00f6vid t\u00e1v\u00fa t\u00e1rol\u00e1s<\/li>\n<\/ul>\n<p>A Relomark egy t\u00f6bb mint 20 \u00e9ves tapasztalattal rendelkez\u0151 k\u00f6lt\u00f6ztet\u0151 c\u00e9g, amelynek sz\u00e9khelye Leesburgban tal\u00e1lhat\u00f3. Nyolc\u00e9ves tapasztalattal az IAM tagja, ami azt jelenti, hogy nemzetk\u00f6zi k\u00f6lt\u00f6ztet\u0151i h\u00e1l\u00f3zattal rendelkeznek, amely seg\u00edthet nekik.<\/p>\n<p>A Relomark az \u00d6n ig\u00e9nyeihez igaz\u00edtott h\u00e1zt\u00f3l-h\u00e1zig, h\u00e1zt\u00f3l-kik\u00f6t\u0151ig vagy kik\u00f6t\u0151t\u0151l-h\u00e1zig szolg\u00e1ltat\u00e1sokat k\u00edn\u00e1l. K\u00e9pzett szem\u00e9lyzetet biztos\u00edtanak, akik kiv\u00e1l\u00f3 min\u0151s\u00e9g\u0171 csomagol\u00e1sba \u00e9s a t\u00f6r\u00e9keny t\u00e1rgyak sz\u00e1m\u00e1ra testre szabott l\u00e1d\u00e1kba csomagolj\u00e1k t\u00e1rgyait. Tengeren, l\u00e9gi \u00faton, teheraut\u00f3n \u00e9s vas\u00faton sz\u00e1ll\u00edtj\u00e1k a holmij\u00e1t. Mobilit\u00e1si szolg\u00e1ltat\u00e1sokat k\u00edn\u00e1lnak, amelyek magukban foglalj\u00e1k az otthon- \u00e9s iskolakeres\u00e9st, takar\u00edt\u00e1si szolg\u00e1ltat\u00e1sokat, \u00e9rkez\u00e9si szolg\u00e1ltat\u00e1sokat \u00e9s nyelvi k\u00e9pz\u00e9st.<\/p>\n<p>Weboldal: <a href=\"http:\/\/www.relomark.com\" target=\"_blank\" rel=\"noopener\">http:\/\/www.relomark.com<\/a><\/p>\n<h2><span class=\"ez-toc-section\" id=\"11_Security_Storage_Van\"><\/span><strong>11. Biztons\u00e1gi t\u00e1rol\u00e1s \u00e9s furgon<\/strong><span class=\"ez-toc-section-end\"><\/span><\/h2>\n<p><img loading=\"lazy\" decoding=\"async\" class=\"alignnone size-full wp-image-11439\" src=\"https:\/\/moverdb.com\/wp-content\/uploads\/Security-Storage-Van-international-moving-company.png\" alt=\"Security Storage &amp; Van nemzetk\u00f6zi k\u00f6lt\u00f6ztet\u0151 c\u00e9g\" width=\"1440\" height=\"679\" data-wp-pid=\"11439\" srcset=\"https:\/\/moverdb.com\/wp-content\/uploads\/Security-Storage-Van-international-moving-company.png 1440w, https:\/\/moverdb.com\/wp-content\/uploads\/Security-Storage-Van-international-moving-company-300x141.png 300w, https:\/\/moverdb.com\/wp-content\/uploads\/Security-Storage-Van-international-moving-company-1024x483.png 1024w, https:\/\/moverdb.com\/wp-content\/uploads\/Security-Storage-Van-international-moving-company-18x8.png 18w, https:\/\/moverdb.com\/wp-content\/uploads\/Security-Storage-Van-international-moving-company-600x283.png 600w\" sizes=\"auto, (max-width: 1440px) 100vw, 1440px\" \/><\/p>\n<ul>\n<li>Helyi \u00e9s t\u00e1vols\u00e1gi k\u00f6lt\u00f6z\u00e9sek<\/li>\n<li>Nemzetk\u00f6zi k\u00f6lt\u00f6z\u00e9sek<\/li>\n<li>Lakoss\u00e1gi k\u00f6lt\u00f6z\u00e9sek<\/li>\n<li>V\u00e1llalati \u00e1thelyez\u00e9sek<\/li>\n<li>K\u00f6lt\u00f6z\u00e9si terv<\/li>\n<li>Egyedi l\u00e1d\u00e1k<\/li>\n<li>Dokument\u00e1ci\u00f3s t\u00e1mogat\u00e1s<\/li>\n<li>K\u00e9pz\u0151m\u0171v\u00e9szeti kezel\u00e9s<\/li>\n<li>Motorker\u00e9kp\u00e1r sz\u00e1ll\u00edt\u00e1s<\/li>\n<li>Rakt\u00e1roz\u00e1si lehet\u0151s\u00e9gek<\/li>\n<\/ul>\n<p>A Security Storage &amp; Van egy t\u00f6bb mint 100 \u00e9ves tapasztalattal rendelkez\u0151 k\u00f6lt\u00f6ztet\u0151 c\u00e9g, amelynek sz\u00e9khelye Norfolkban tal\u00e1lhat\u00f3. Az Allied Van Lines \u00fcgyn\u00f6ke, amely a gondosan ellen\u0151rz\u00f6tt k\u00f6lt\u00f6ztet\u0151 c\u00e9gek nemzetk\u00f6zi h\u00e1l\u00f3zat\u00e1t biztos\u00edtja sz\u00e1mukra. Tagjai az IAM-nek, 109 \u00e9ves tapasztalattal rendelkeznek.<\/p>\n<p>A Security Storage &amp; Van tapasztalataikkal seg\u00edtenek \u00d6nnek a k\u00f6lt\u00f6z\u00e9sben, k\u00fcl\u00f6n\u00f6sen a nemzetk\u00f6zi k\u00f6lt\u00f6z\u00e9sekben, ahol technik\u00e1kkal tudnak seg\u00edteni a k\u00f6lts\u00e9gek alacsonyan tart\u00e1s\u00e1ban. Seg\u00edtenek a nemzetk\u00f6zi k\u00f6lt\u00f6z\u00e9sek dokument\u00e1l\u00e1s\u00e1ban \u00e9s a sz\u00e1ll\u00edt\u00e1s megszervez\u00e9s\u00e9ben. Olyan k\u00f6lt\u00f6ztet\u00e9seket is k\u00edn\u00e1lnak, ahol r\u00e9szletes k\u00f6lt\u00f6z\u00e9si tervet k\u00e9sz\u00edtenek \u00e9s projektmenedzsmentet v\u00e9geznek.<\/p>\n<p>Weboldal: <a href=\"https:\/\/www.movingwithallied.com\/\" target=\"_blank\" rel=\"noopener\">https:\/\/www.movingwithallied.com\/<\/a><\/p>\n<h2><span class=\"ez-toc-section\" id=\"12_Stewart_Moving_Storage\"><\/span><strong>12. Stewart K\u00f6lt\u00f6ztet\u00e9s \u00e9s rakt\u00e1roz\u00e1s<\/strong><span class=\"ez-toc-section-end\"><\/span><\/h2>\n<p><img loading=\"lazy\" decoding=\"async\" class=\"alignnone size-full wp-image-11448\" src=\"https:\/\/moverdb.com\/wp-content\/uploads\/Stewart-Moving-Storage-international-moving-company.png\" alt=\"Stewart Moving &amp; Storage nemzetk\u00f6zi k\u00f6lt\u00f6ztet\u0151 c\u00e9g\" width=\"1440\" height=\"675\" data-wp-pid=\"11448\" srcset=\"https:\/\/moverdb.com\/wp-content\/uploads\/Stewart-Moving-Storage-international-moving-company.png 1440w, https:\/\/moverdb.com\/wp-content\/uploads\/Stewart-Moving-Storage-international-moving-company-300x141.png 300w, https:\/\/moverdb.com\/wp-content\/uploads\/Stewart-Moving-Storage-international-moving-company-1024x480.png 1024w, https:\/\/moverdb.com\/wp-content\/uploads\/Stewart-Moving-Storage-international-moving-company-18x8.png 18w, https:\/\/moverdb.com\/wp-content\/uploads\/Stewart-Moving-Storage-international-moving-company-600x281.png 600w\" sizes=\"auto, (max-width: 1440px) 100vw, 1440px\" \/><\/p>\n<ul>\n<li>Helyi \u00e9s t\u00e1vols\u00e1gi k\u00f6lt\u00f6z\u00e9sek<\/li>\n<li>Nemzetk\u00f6zi k\u00f6lt\u00f6z\u00e9sek<\/li>\n<li>H\u00e1ztart\u00e1si k\u00f6lt\u00f6z\u00e9sek<\/li>\n<li>\u00dczleti l\u00e9p\u00e9sek<\/li>\n<li>H\u00e1zt\u00f3l-h\u00e1zig szolg\u00e1ltat\u00e1s<\/li>\n<li>Ingyenes becsl\u00e9s<\/li>\n<li>Csomagol\u00e1si szolg\u00e1ltat\u00e1sok<\/li>\n<li>Teljes \u00e9s r\u00e9szleges <a href=\"https:\/\/moverdb.com\/hu\/container-shipping\/\" data-internallinksmanager029f6b8e52c=\"3\" title=\"Nemzetk\u00f6zi kont\u00e9nersz\u00e1ll\u00edt\u00e1si d\u00edjt\u00e1bl\u00e1zat: \u00e1prilis 2026\">kont\u00e9neres sz\u00e1ll\u00edt\u00e1s<\/a><\/li>\n<li>Teherg\u00e9pkocsi, \u00f3ce\u00e1ni \u00e9s tengeri rakom\u00e1ny<\/li>\n<li>Biztons\u00e1gos r\u00f6vid \u00e9s hossz\u00fa t\u00e1v\u00fa t\u00e1rol\u00e1s<\/li>\n<\/ul>\n<p>A Stewart Moving &amp; Storage egy 2000-ben alakult k\u00f6lt\u00f6ztet\u0151, sz\u00e1ll\u00edt\u00f3 \u00e9s rakt\u00e1roz\u00e1si szolg\u00e1ltat\u00f3 c\u00e9g, melynek telephelyei Virgini\u00e1ban, Florid\u00e1ban \u00e9s \u00c9szak-Karolin\u00e1ban tal\u00e1lhat\u00f3k, <a href=\"https:\/\/moverdb.com\/hu\/moving-to-the-united-states\/moving-to-maryland\/\" data-internallinksmanager029f6b8e52c=\"467\" title=\"Marylandbe k\u00f6lt\u00f6zik? 2024 Lakhat\u00e1si k\u00f6lts\u00e9gek \u00e9s k\u00f6lt\u00f6z\u00e9si tippek\">Maryland<\/a> \u00e9s <a href=\"https:\/\/moverdb.com\/hu\/moving-to-the-united-states\/moving-to-delaware\/\" data-internallinksmanager029f6b8e52c=\"415\" title=\"Delaware-be k\u00f6lt\u00f6zik? 2023 Lakhat\u00e1si k\u00f6lts\u00e9gek \u00e9s k\u00f6lt\u00f6z\u00e9si tippek\">Delaware<\/a>. Virginia-i telephelyeik Richmondban, Petersburgban \u00e9s Portsmouthban vannak. Nemzeti \u00e9s nemzetk\u00f6zi sz\u00e1ll\u00edtm\u00e1nyoz\u00f3kkal \u00e9s k\u00f6lt\u00f6ztet\u0151 c\u00e9gekkel dolgoznak egy\u00fctt, hogy szolg\u00e1ltat\u00e1saikat a vil\u00e1g minden t\u00e1j\u00e1ra eljuttass\u00e1k. Az IAM tagjak\u00e9nt 23 \u00e9ves tapasztalattal rendelkeznek.<\/p>\n<p>A Stewart Moving &amp; Storage szem\u00e9lyre szabott k\u00f6lt\u00f6ztet\u00e9si szolg\u00e1ltat\u00e1sokat k\u00edn\u00e1l, amelyek h\u00e1zt\u00f3l-h\u00e1zig szolg\u00e1ltat\u00e1st ny\u00fajtanak. Nemzetk\u00f6zi k\u00f6lt\u00f6z\u00e9sek eset\u00e9n ingyenes \u00e1raj\u00e1nlatot adnak h\u00e1zon bel\u00fcl az egyik k\u00f6lt\u00f6z\u00e9si tan\u00e1csad\u00f3juk \u00e1ltal. Professzion\u00e1lis csomagol\u00e1si \u00e9s kicsomagol\u00e1si szolg\u00e1ltat\u00e1sokat ny\u00fajtanak, \u00e9s r\u00e9szleges \u00e9s teljes kont\u00e9neres sz\u00e1ll\u00edt\u00e1st tudnak k\u00edn\u00e1lni.<\/p>\n<p>Weboldal: <a href=\"https:\/\/www.stewartmovingandstorage.com\" target=\"_blank\" rel=\"noopener\">https:\/\/www.stewartmovingandstorage.com<\/a><\/p>\n<h2><span class=\"ez-toc-section\" id=\"13_Tailored_Move_Company\"><\/span><strong>13. Testreszabott k\u00f6lt\u00f6zk\u00f6d\u00e9si v\u00e1llalat<\/strong><span class=\"ez-toc-section-end\"><\/span><\/h2>\n<p><img loading=\"lazy\" decoding=\"async\" class=\"alignnone size-full wp-image-11452\" src=\"https:\/\/moverdb.com\/wp-content\/uploads\/Tailored-Move-Company-international-moving-company.png\" alt=\"Tailored Move Company nemzetk\u00f6zi k\u00f6lt\u00f6ztet\u0151 c\u00e9g\" width=\"1440\" height=\"677\" data-wp-pid=\"11452\" srcset=\"https:\/\/moverdb.com\/wp-content\/uploads\/Tailored-Move-Company-international-moving-company.png 1440w, https:\/\/moverdb.com\/wp-content\/uploads\/Tailored-Move-Company-international-moving-company-300x141.png 300w, https:\/\/moverdb.com\/wp-content\/uploads\/Tailored-Move-Company-international-moving-company-1024x481.png 1024w, https:\/\/moverdb.com\/wp-content\/uploads\/Tailored-Move-Company-international-moving-company-18x8.png 18w, https:\/\/moverdb.com\/wp-content\/uploads\/Tailored-Move-Company-international-moving-company-600x282.png 600w\" sizes=\"auto, (max-width: 1440px) 100vw, 1440px\" \/><\/p>\n<ul>\n<li>Helyi k\u00f6lt\u00f6z\u00e9sek<\/li>\n<li>Nemzetk\u00f6zi k\u00f6lt\u00f6z\u00e9sek<\/li>\n<li>Lakoss\u00e1gi k\u00f6lt\u00f6z\u00e9sek<\/li>\n<li>Kereskedelmi k\u00f6lt\u00f6z\u00e9sek<\/li>\n<li>V\u00e1llalati \u00e1thelyez\u00e9sek<\/li>\n<li>Ingyenes felm\u00e9r\u00e9s<\/li>\n<li>Csomagol\u00e1si szolg\u00e1ltat\u00e1s<\/li>\n<li>Sz\u00e1ll\u00edt\u00e1si meg\u00e1llapod\u00e1sok<\/li>\n<li>Biztos\u00edt\u00e1si tervek<\/li>\n<li>Biztons\u00e1gos t\u00e1rol\u00e1si megold\u00e1sok<\/li>\n<\/ul>\n<p>A Tailored Move Company egy 1987-ben alakult k\u00f6lt\u00f6ztet\u0151 c\u00e9g mag\u00e1nszem\u00e9lyek \u00e9s v\u00e1llalatok sz\u00e1m\u00e1ra, sz\u00e9khelye Woodbridge-ben tal\u00e1lhat\u00f3. Katon\u00e1knak is ny\u00fajtanak k\u00f6lt\u00f6ztet\u00e9si szolg\u00e1ltat\u00e1sokat. Az IAM tagja, 36 \u00e9ves tapasztalattal rendelkeznek, ami nemzetk\u00f6zi k\u00f6lt\u00f6ztet\u0151i h\u00e1l\u00f3zatot biztos\u00edt sz\u00e1mukra, amellyel egy\u00fcttm\u0171k\u00f6dhetnek.<\/p>\n<p>A Tailored Move Company ingyenes h\u00e1zon bel\u00fcli becsl\u00e9st vagy virtu\u00e1lis felm\u00e9r\u00e9st k\u00edn\u00e1l szakembereivel, hogy meg\u00e1llap\u00edts\u00e1k az \u00d6n k\u00f6lt\u00f6z\u00e9si ig\u00e9nyeit, \u00e9s \u00e1raj\u00e1nlatot adjanak \u00d6nnek. Professzion\u00e1lis csomagol\u00e1si szolg\u00e1ltat\u00e1st ny\u00fajtanak, hogy biztons\u00e1gosan becsomagolj\u00e1k a t\u00e1rgyait a sz\u00e1ll\u00edt\u00e1shoz. Megszervezik a holmij\u00e1nak sz\u00e1ll\u00edt\u00e1s\u00e1t helyi, orsz\u00e1gos vagy nemzetk\u00f6zi szinten.<\/p>\n<p>Weboldal: <a href=\"http:\/\/www.jmm333.com\" target=\"_blank\" rel=\"noopener\">http:\/\/www.jmm333.com<\/a><\/p>","protected":false},"excerpt":{"rendered":"<p>Are you trying to juggle moving with everything else you have going on in your life? Then employing a moving company to do some or all of the move for you can reduce the stress involved with moving. Below we have compiled a list of Virginia based removal companies that are members of the International [&hellip;]<\/p>\n","protected":false},"author":4,"featured_media":11239,"parent":190,"menu_order":0,"comment_status":"closed","ping_status":"closed","template":"","meta":{"_genesis_hide_title":false,"_genesis_hide_breadcrumbs":false,"_genesis_hide_singular_image":false,"_genesis_hide_footer_widgets":false,"_genesis_custom_body_class":"","_genesis_custom_post_class":"","_genesis_layout":"","footnotes":""},"class_list":{"0":"post-11673","1":"page","2":"type-page","3":"status-publish","4":"has-post-thumbnail","6":"entry"},"_links":{"self":[{"href":"https:\/\/moverdb.com\/hu\/wp-json\/wp\/v2\/pages\/11673","targetHints":{"allow":["GET"]}}],"collection":[{"href":"https:\/\/moverdb.com\/hu\/wp-json\/wp\/v2\/pages"}],"about":[{"href":"https:\/\/moverdb.com\/hu\/wp-json\/wp\/v2\/types\/page"}],"author":[{"embeddable":true,"href":"https:\/\/moverdb.com\/hu\/wp-json\/wp\/v2\/users\/4"}],"replies":[{"embeddable":true,"href":"https:\/\/moverdb.com\/hu\/wp-json\/wp\/v2\/comments?post=11673"}],"version-history":[{"count":2,"href":"https:\/\/moverdb.com\/hu\/wp-json\/wp\/v2\/pages\/11673\/revisions"}],"predecessor-version":[{"id":11675,"href":"https:\/\/moverdb.com\/hu\/wp-json\/wp\/v2\/pages\/11673\/revisions\/11675"}],"up":[{"embeddable":true,"href":"https:\/\/moverdb.com\/hu\/wp-json\/wp\/v2\/pages\/190"}],"wp:featuredmedia":[{"embeddable":true,"href":"https:\/\/moverdb.com\/hu\/wp-json\/wp\/v2\/media\/11239"}],"wp:attachment":[{"href":"https:\/\/moverdb.com\/hu\/wp-json\/wp\/v2\/media?parent=11673"}],"curies":[{"name":"wp","href":"https:\/\/api.w.org\/{rel}","templated":true}]}}