{"id":11668,"date":"2023-11-29T10:49:05","date_gmt":"2023-11-29T10:49:05","guid":{"rendered":"https:\/\/moverdb.com\/?page_id=11668"},"modified":"2026-01-08T15:29:30","modified_gmt":"2026-01-08T15:29:30","slug":"moving-companies-us-texas","status":"publish","type":"page","link":"https:\/\/moverdb.com\/hu\/moving-companies\/moving-companies-us-texas\/","title":{"rendered":"7 legjobb nemzetk\u00f6zi k\u00f6lt\u00f6ztet\u0151 c\u00e9gek Texasban"},"content":{"rendered":"<p>A k\u00f6lt\u00f6z\u00e9s megtervez\u00e9se stresszes id\u0151szak lehet, ez\u00e9rt mi\u00e9rt ne venn\u00e9 ig\u00e9nybe a seg\u00edts\u00e9g\u00e9t egy <a href=\"https:\/\/moverdb.com\/hu\/moving-companies\/\" data-internallinksmanager029f6b8e52c=\"79\" title=\"Top 25 nemzetk\u00f6zi k\u00f6lt\u00f6ztet\u0151 c\u00e9gek online\">k\u00f6lt\u00f6ztet\u0151 c\u00e9g<\/a> hogy megvil\u00e1g\u00edtsa a rakom\u00e1nyt? Seg\u00edthetnek a tervez\u00e9sben, csomagolhatj\u00e1k a holmij\u00e1t, megszervezhetik a sz\u00e1ll\u00edt\u00e1st, valamint nemzetk\u00f6zi k\u00f6lt\u00f6z\u00e9s eset\u00e9n a v\u00e1m\u00fcgyekkel is foglalkozhatnak. Az al\u00e1bbiakban \u00f6ssze\u00e1ll\u00edtottunk egy list\u00e1t <a href=\"https:\/\/moverdb.com\/hu\/moving-to-the-united-states\/moving-to-texas\/\" data-internallinksmanager029f6b8e52c=\"397\" title=\"K\u00f6lt\u00f6z\u00e9s Texasba? 2023 Lakhat\u00e1si k\u00f6lts\u00e9gek \u00e9s k\u00f6lt\u00f6z\u00e9si tippek\">Texas<\/a> alap\u00fa <a href=\"https:\/\/moverdb.com\/hu\/international-removals\/\" data-internallinksmanager029f6b8e52c=\"27\" title=\"36 legjobb nemzetk\u00f6zi k\u00f6lt\u00f6ztet\u0151 c\u00e9gek az Egyes\u00fclt Kir\u00e1lys\u00e1gban\">k\u00f6lt\u00f6ztet\u0151 c\u00e9gek<\/a> amelyek tagjai a <a href=\"https:\/\/moverdb.com\/hu\/iam\/\" data-internallinksmanager029f6b8e52c=\"23\" title=\"A K\u00f6lt\u00f6ztet\u0151k Nemzetk\u00f6zi Sz\u00f6vets\u00e9ge (IAM) magyar\u00e1zata\">K\u00f6lt\u00f6ztet\u0151k Nemzetk\u00f6zi Sz\u00f6vets\u00e9ge<\/a> (IAM) \u00e9s\/vagy <a href=\"https:\/\/moverdb.com\/hu\/fidi-faim\/\" data-internallinksmanager029f6b8e52c=\"16\" title=\"FIDI &amp; FAIM (FIDI akkredit\u00e1lt nemzetk\u00f6zi fuvaroz\u00f3) magyar\u00e1zata\">FIDI<\/a> Akkredit\u00e1lt nemzetk\u00f6zi k\u00f6lt\u00f6ztet\u0151 (FAIM), aki seg\u00edthet \u00d6nnek a k\u00f6lt\u00f6z\u00e9sben.<\/p>\n<div id=\"ez-toc-container\" class=\"ez-toc-v2_0_82_2 ez-toc-wrap-left counter-hierarchy ez-toc-counter ez-toc-transparent ez-toc-container-direction\">\n<div class=\"ez-toc-title-container\">\n<p class=\"ez-toc-title\" style=\"cursor:inherit\">Szakaszok<\/p>\n<span class=\"ez-toc-title-toggle\"><a href=\"#\" class=\"ez-toc-pull-right ez-toc-btn ez-toc-btn-xs ez-toc-btn-default ez-toc-toggle\" aria-label=\"Toggle Tartalomjegyz\u00e9k\"><span class=\"ez-toc-js-icon-con\"><span class=\"\"><span class=\"eztoc-hide\" style=\"display:none;\">Toggle<\/span><span class=\"ez-toc-icon-toggle-span\"><svg style=\"fill: #999;color:#999\" xmlns=\"http:\/\/www.w3.org\/2000\/svg\" class=\"list-377408\" width=\"20px\" height=\"20px\" viewbox=\"0 0 24 24\" fill=\"none\"><path d=\"M6 6H4v2h2V6zm14 0H8v2h12V6zM4 11h2v2H4v-2zm16 0H8v2h12v-2zM4 16h2v2H4v-2zm16 0H8v2h12v-2z\" fill=\"currentColor\"><\/path><\/svg><svg style=\"fill: #999;color:#999\" class=\"arrow-unsorted-368013\" xmlns=\"http:\/\/www.w3.org\/2000\/svg\" width=\"10px\" height=\"10px\" viewbox=\"0 0 24 24\" version=\"1.2\" baseprofile=\"tiny\"><path d=\"M18.2 9.3l-6.2-6.3-6.2 6.3c-.2.2-.3.4-.3.7s.1.5.3.7c.2.2.4.3.7.3h11c.3 0 .5-.1.7-.3.2-.2.3-.5.3-.7s-.1-.5-.3-.7zM5.8 14.7l6.2 6.3 6.2-6.3c.2-.2.3-.5.3-.7s-.1-.5-.3-.7c-.2-.2-.4-.3-.7-.3h-11c-.3 0-.5.1-.7.3-.2.2-.3.5-.3.7s.1.5.3.7z\"\/><\/svg><\/span><\/span><\/span><\/a><\/span><\/div>\n<nav><ul class='ez-toc-list ez-toc-list-level-1 eztoc-toggle-hide-by-default' ><li class='ez-toc-page-1 ez-toc-heading-level-2'><a class=\"ez-toc-link ez-toc-heading-1\" href=\"https:\/\/moverdb.com\/hu\/moving-companies\/moving-companies-us-texas\/#1_A-1_Freeman_Moving_Group\" >1. A-1 Freeman Moving Group<\/a><\/li><li class='ez-toc-page-1 ez-toc-heading-level-2'><a class=\"ez-toc-link ez-toc-heading-2\" href=\"https:\/\/moverdb.com\/hu\/moving-companies\/moving-companies-us-texas\/#2_Central_Transportation_Systems\" >2. K\u00f6zponti k\u00f6zleked\u00e9si rendszerek<\/a><\/li><li class='ez-toc-page-1 ez-toc-heading-level-2'><a class=\"ez-toc-link ez-toc-heading-3\" href=\"https:\/\/moverdb.com\/hu\/moving-companies\/moving-companies-us-texas\/#3_Daryl_Flood_Moving_Storage\" >3. Daryl Flood K\u00f6lt\u00f6ztet\u00e9s \u00e9s rakt\u00e1roz\u00e1s<\/a><\/li><li class='ez-toc-page-1 ez-toc-heading-level-2'><a class=\"ez-toc-link ez-toc-heading-4\" href=\"https:\/\/moverdb.com\/hu\/moving-companies\/moving-companies-us-texas\/#4_Firefighters_Finest_Moving_Storage\" >4. T\u0171zolt\u00f3 legjobb k\u00f6lt\u00f6ztet\u00e9se \u00e9s t\u00e1rol\u00e1sa<\/a><\/li><li class='ez-toc-page-1 ez-toc-heading-level-2'><a class=\"ez-toc-link ez-toc-heading-5\" href=\"https:\/\/moverdb.com\/hu\/moving-companies\/moving-companies-us-texas\/#5_Scobey_Moving_Storage\" >5. Scobey K\u00f6lt\u00f6ztet\u00e9s \u00e9s rakt\u00e1roz\u00e1s<\/a><\/li><li class='ez-toc-page-1 ez-toc-heading-level-2'><a class=\"ez-toc-link ez-toc-heading-6\" href=\"https:\/\/moverdb.com\/hu\/moving-companies\/moving-companies-us-texas\/#6_Trans_Global_Auto_Logistics\" >6. Trans Global Auto Logistics<\/a><\/li><li class='ez-toc-page-1 ez-toc-heading-level-2'><a class=\"ez-toc-link ez-toc-heading-7\" href=\"https:\/\/moverdb.com\/hu\/moving-companies\/moving-companies-us-texas\/#7_Transportation_Worldwide\" >7. Sz\u00e1ll\u00edt\u00e1s vil\u00e1gszerte<\/a><\/li><\/ul><\/nav><\/div>\n<h2><span class=\"ez-toc-section\" id=\"1_A-1_Freeman_Moving_Group\"><\/span><strong>1. A-1 Freeman Moving Group<\/strong><span class=\"ez-toc-section-end\"><\/span><\/h2>\n<p><img loading=\"lazy\" decoding=\"async\" class=\"alignnone size-full wp-image-11236\" src=\"https:\/\/moverdb.com\/wp-content\/uploads\/A1-Freeman-Moving-Group-international-moving-company.png\" alt=\"A1 Freeman Moving Group nemzetk\u00f6zi k\u00f6lt\u00f6ztet\u0151 c\u00e9g\" width=\"1440\" height=\"675\" data-wp-pid=\"11236\" srcset=\"https:\/\/moverdb.com\/wp-content\/uploads\/A1-Freeman-Moving-Group-international-moving-company.png 1440w, https:\/\/moverdb.com\/wp-content\/uploads\/A1-Freeman-Moving-Group-international-moving-company-300x141.png 300w, https:\/\/moverdb.com\/wp-content\/uploads\/A1-Freeman-Moving-Group-international-moving-company-1024x480.png 1024w, https:\/\/moverdb.com\/wp-content\/uploads\/A1-Freeman-Moving-Group-international-moving-company-18x8.png 18w, https:\/\/moverdb.com\/wp-content\/uploads\/A1-Freeman-Moving-Group-international-moving-company-600x281.png 600w\" sizes=\"auto, (max-width: 1440px) 100vw, 1440px\" \/><\/p>\n<ul>\n<li>Helyi \u00e9s t\u00e1vols\u00e1gi k\u00f6lt\u00f6z\u00e9sek<\/li>\n<li>Nemzetk\u00f6zi k\u00f6lt\u00f6z\u00e9sek<\/li>\n<li>Lakoss\u00e1gi k\u00f6lt\u00f6z\u00e9sek<\/li>\n<li>Kereskedelmi k\u00f6lt\u00f6z\u00e9sek<\/li>\n<li>V\u00e1llalati \u00e1thelyez\u00e9sek<\/li>\n<li>K\u00f6lt\u00f6z\u00e9s el\u0151tti t\u00e1mogat\u00e1s<\/li>\n<li>Csomagol\u00e1si lehet\u0151s\u00e9gek<\/li>\n<li>V\u00e1mkezel\u00e9s<\/li>\n<li>J\u00e1rm\u0171sz\u00e1ll\u00edt\u00e1s<\/li>\n<li>Rakt\u00e1roz\u00e1si lehet\u0151s\u00e9gek<\/li>\n<\/ul>\n<p>Az A-1 Freeman Moving Group egy 1974-ben alap\u00edtott k\u00f6lt\u00f6ztet\u0151, k\u00f6lt\u00f6ztet\u0151 \u00e9s sz\u00e1ll\u00edt\u00f3 c\u00e9g, amely 12 telephellyel rendelkezik szerte az orsz\u00e1gban. <a href=\"https:\/\/moverdb.com\/hu\/moving-to-the-united-states\/\" data-internallinksmanager029f6b8e52c=\"94\" title=\"Az Egyes\u00fclt \u00c1llamokba k\u00f6lt\u00f6zik? 2022 Meg\u00e9lhet\u00e9si k\u00f6lts\u00e9gek \u00e9s k\u00f6lt\u00f6z\u00e9si tippek\">US<\/a> k\u00f6zt\u00fck hat Texasban <a href=\"https:\/\/moverdb.com\/hu\/moving-to-dallas\/\" data-internallinksmanager029f6b8e52c=\"41\" title=\"Dallasba k\u00f6lt\u00f6zik? 2022 Lakhat\u00e1si k\u00f6lts\u00e9gek \u00e9s k\u00f6lt\u00f6z\u00e9si tippek\">Dallas<\/a>, El Paso, <a href=\"https:\/\/moverdb.com\/hu\/moving-to-houston\/\" data-internallinksmanager029f6b8e52c=\"47\" title=\"Houstonba k\u00f6lt\u00f6zik? 2022 \u00c9letk\u00f6lts\u00e9gek \u00e9s k\u00f6lt\u00f6z\u00e9si tippek\">Houston<\/a>, San Antonio, Wichita Falls \u00e9s Nolanville. \u0150k egy North American Van Lines \u00fcgyn\u00f6k, amely biztos\u00edtja sz\u00e1mukra a h\u00e1l\u00f3zat mozg\u00f3 \u00fcgyn\u00f6k\u00f6k dolgozni. Tagjai az IAM-nek 33 \u00e9ves tapasztalattal.<\/p>\n<p>Az A-1 Freeman Moving Group ingyenes \u00e1raj\u00e1nlatot ad, \u00e9s t\u00e1mogat\u00e1st ny\u00fajt a k\u00f6lt\u00f6z\u00e9s el\u0151zetes tervez\u00e9s\u00e9hez. Teljesen k\u00e9pzett \u00e9s gyakorlott szem\u00e9lyzet\u00fck professzion\u00e1lis \u00e9s szem\u00e9lyre szabott csomagol\u00e1si szolg\u00e1ltat\u00e1sokat ny\u00fajt, teljes k\u00f6r\u0171 csomagol\u00e1si, csak t\u00f6r\u00e9keny csomagol\u00e1si \u00e9s \u00f6ncsomagol\u00e1si lehet\u0151s\u00e9gek k\u00f6z\u00fcl v\u00e1laszthat.<\/p>\n<p>Weboldal: <a href=\"https:\/\/www.a-1freeman.com\/\" target=\"_blank\" rel=\"noopener\">https:\/\/www.a-1freeman.com\/<\/a><\/p>\n<h2><span class=\"ez-toc-section\" id=\"2_Central_Transportation_Systems\"><\/span><strong>2. K\u00f6zponti k\u00f6zleked\u00e9si rendszerek<\/strong><span class=\"ez-toc-section-end\"><\/span><\/h2>\n<p><img loading=\"lazy\" decoding=\"async\" class=\"alignnone size-full wp-image-11283\" src=\"https:\/\/moverdb.com\/wp-content\/uploads\/Central-Transportation-Systems-international-moving-company.png\" alt=\"Central Transportation Systems nemzetk\u00f6zi k\u00f6lt\u00f6ztet\u0151 c\u00e9g\" width=\"1440\" height=\"676\" data-wp-pid=\"11283\" srcset=\"https:\/\/moverdb.com\/wp-content\/uploads\/Central-Transportation-Systems-international-moving-company.png 1440w, https:\/\/moverdb.com\/wp-content\/uploads\/Central-Transportation-Systems-international-moving-company-300x141.png 300w, https:\/\/moverdb.com\/wp-content\/uploads\/Central-Transportation-Systems-international-moving-company-1024x481.png 1024w, https:\/\/moverdb.com\/wp-content\/uploads\/Central-Transportation-Systems-international-moving-company-18x8.png 18w, https:\/\/moverdb.com\/wp-content\/uploads\/Central-Transportation-Systems-international-moving-company-600x282.png 600w\" sizes=\"auto, (max-width: 1440px) 100vw, 1440px\" \/><\/p>\n<ul>\n<li>Helyi \u00e9s t\u00e1vols\u00e1gi k\u00f6lt\u00f6z\u00e9sek<\/li>\n<li>Nemzetk\u00f6zi k\u00f6lt\u00f6z\u00e9sek<\/li>\n<li>Lakoss\u00e1gi k\u00f6lt\u00f6z\u00e9sek<\/li>\n<li>Kereskedelmi k\u00f6lt\u00f6z\u00e9sek<\/li>\n<li>H\u00e1zt\u00f3l-h\u00e1zig szolg\u00e1ltat\u00e1s<\/li>\n<li>Dedik\u00e1lt k\u00f6lt\u00f6z\u00e9si koordin\u00e1torok<\/li>\n<li>Csomagol\u00e1si szolg\u00e1ltat\u00e1s<\/li>\n<li>V\u00e1mkezel\u00e9s<\/li>\n<li>Minden kock\u00e1zatra kiterjed\u0151 biztos\u00edt\u00e1si fedezet<\/li>\n<li>R\u00f6vid \u00e9s hossz\u00fa t\u00e1v\u00fa t\u00e1rol\u00e1s<\/li>\n<\/ul>\n<p>A Central Transportation Systems egy k\u00f6lt\u00f6ztet\u0151 \u00e9s t\u00e1rol\u00f3 c\u00e9g, amelynek telephelyei El Paso, Austin, Killeen \u00e9s Waco. A United Van Lines \u00fcgyn\u00f6ke, \u00e9s olyan szakmai partnerh\u00e1l\u00f3zattal rendelkeznek, amely harmadik f\u00e9l logisztik\u00e1j\u00e1t biztos\u00edtja, \u00e9s seg\u00edti \u0151ket szolg\u00e1ltat\u00e1saik ny\u00fajt\u00e1s\u00e1ban. Tagjai az IAM-nek, 96 \u00e9ves tapasztalattal rendelkeznek.<\/p>\n<p>A Central Transportation Systems h\u00e1zt\u00f3l h\u00e1zig tart\u00f3 k\u00f6lt\u00f6ztet\u00e9si szolg\u00e1ltat\u00e1sokat k\u00edn\u00e1l egy k\u00e9pzett k\u00f6lt\u00f6z\u00e9si koordin\u00e1torral, aki az \u00d6n ig\u00e9nyeinek \u00e9s k\u00f6lts\u00e9gvet\u00e9s\u00e9nek megfelel\u0151, szem\u00e9lyre szabott k\u00f6lt\u00f6z\u00e9si tervet k\u00e9sz\u00edt. Teljes k\u00f6r\u0171 szolg\u00e1ltat\u00e1st k\u00edn\u00e1lnak, egy k\u00e9pzett k\u00f6lt\u00f6ztet\u0151csapattal, amely szakszer\u0171en csomagolja \u00e9s l\u00e1d\u00e1zza a holmij\u00e1t, \u00e9s gondoskodik a v\u00e1mkezel\u00e9sr\u0151l.<\/p>\n<p>Weboldal: <a href=\"http:\/\/www.centralsystems.com\" target=\"_blank\" rel=\"noopener\">http:\/\/www.centralsystems.com<\/a><\/p>\n<h2><span class=\"ez-toc-section\" id=\"3_Daryl_Flood_Moving_Storage\"><\/span><strong>3. Daryl Flood K\u00f6lt\u00f6ztet\u00e9s \u00e9s rakt\u00e1roz\u00e1s<\/strong><span class=\"ez-toc-section-end\"><\/span><\/h2>\n<p><img loading=\"lazy\" decoding=\"async\" class=\"alignnone size-full wp-image-11303\" src=\"https:\/\/moverdb.com\/wp-content\/uploads\/Daryl-Flood-Moving-Storage-international-moving-company.png\" alt=\"Daryl Flood Moving &amp; Storage nemzetk\u00f6zi k\u00f6lt\u00f6ztet\u0151 c\u00e9g\" width=\"1440\" height=\"675\" data-wp-pid=\"11303\" srcset=\"https:\/\/moverdb.com\/wp-content\/uploads\/Daryl-Flood-Moving-Storage-international-moving-company.png 1440w, https:\/\/moverdb.com\/wp-content\/uploads\/Daryl-Flood-Moving-Storage-international-moving-company-300x141.png 300w, https:\/\/moverdb.com\/wp-content\/uploads\/Daryl-Flood-Moving-Storage-international-moving-company-1024x480.png 1024w, https:\/\/moverdb.com\/wp-content\/uploads\/Daryl-Flood-Moving-Storage-international-moving-company-18x8.png 18w, https:\/\/moverdb.com\/wp-content\/uploads\/Daryl-Flood-Moving-Storage-international-moving-company-600x281.png 600w\" sizes=\"auto, (max-width: 1440px) 100vw, 1440px\" \/><\/p>\n<ul>\n<li>Helyi \u00e9s t\u00e1vols\u00e1gi k\u00f6lt\u00f6z\u00e9sek<\/li>\n<li>Nemzetk\u00f6zi k\u00f6lt\u00f6z\u00e9sek<\/li>\n<li>Lakoss\u00e1gi k\u00f6lt\u00f6z\u00e9sek<\/li>\n<li>Irodai k\u00f6lt\u00f6z\u00e9sek<\/li>\n<li>Dedik\u00e1lt nemzetk\u00f6zi k\u00f6lt\u00f6z\u00e9si koordin\u00e1tor<\/li>\n<li>H\u00e1zt\u00f3l-h\u00e1zig szolg\u00e1ltat\u00e1s<\/li>\n<li>Csomagol\u00e1si szolg\u00e1ltat\u00e1s<\/li>\n<li>V\u00e1mt\u00e1mogat\u00e1s<\/li>\n<li>Beilleszked\u00e9si szolg\u00e1ltat\u00e1sok<\/li>\n<li>Biztons\u00e1gos t\u00e1rol\u00e1si szolg\u00e1ltat\u00e1sok<\/li>\n<\/ul>\n<p>A Daryl Flood Moving &amp; Storage egy 1982-ben alakult k\u00f6lt\u00f6ztet\u0151 c\u00e9g, melynek telephelyei Austinban \u00e9s Dallasban tal\u00e1lhat\u00f3k, <a href=\"https:\/\/moverdb.com\/hu\/moving-to-fort-worth\/\" data-internallinksmanager029f6b8e52c=\"45\" title=\"Fort Worthbe k\u00f6lt\u00f6zik? 2022 Lakhat\u00e1si k\u00f6lts\u00e9gek \u00e9s k\u00f6lt\u00f6z\u00e9si tippek\">Fort Worth<\/a>, Houston \u00e9s San Antonio. \u0150k a Mayflower Van Lines \u00fcgyn\u00f6kei, ami sz\u00e9lesebb k\u00f6r\u0171 h\u00e1l\u00f3zatot biztos\u00edt sz\u00e1mukra a k\u00f6lt\u00f6ztet\u0151 c\u00e9gek sz\u00e1m\u00e1ra, amelyekkel egy\u00fctt dolgozhatnak az eg\u00e9sz Egyes\u00fclt \u00c1llamokban a szolg\u00e1ltat\u00e1saik ny\u00fajt\u00e1sa \u00e9rdek\u00e9ben. A FIDI \u00e1ltal akkredit\u00e1ltak.<\/p>\n<p>A Daryl Flood Moving &amp; Storage szem\u00e9lyre szabott, h\u00e1zt\u00f3l h\u00e1zig tart\u00f3 k\u00f6lt\u00f6ztet\u00e9si szolg\u00e1ltat\u00e1sokat k\u00edn\u00e1l, a teljes k\u00f6r\u0171 szolg\u00e1ltat\u00e1st\u00f3l a bark\u00e1csolt csomagol\u00e1sig. Ellen\u0151rz\u00f6tt \u00e9s k\u00e9pzett profi k\u00f6lt\u00f6ztet\u0151 szem\u00e9lyzetet biztos\u00edtanak, akik kiv\u00e1l\u00f3 min\u0151s\u00e9g\u0171 csomagol\u00f3anyagok felhaszn\u00e1l\u00e1s\u00e1val teljesen vagy r\u00e9szben be tudj\u00e1k csomagolni a holmij\u00e1t. Beilleszked\u00e9si szolg\u00e1ltat\u00e1sokat k\u00edn\u00e1lnak, bele\u00e9rtve az otthon- \u00e9s iskolakeres\u00e9st, a t\u00e1j\u00e9koz\u00f3d\u00e1st \u00e9s az ideiglenes elhelyez\u00e9st.<\/p>\n<p>Weboldal: <a href=\"http:\/\/www.darylflood.com\" target=\"_blank\" rel=\"noopener\">http:\/\/www.darylflood.com<\/a><\/p>\n<h2><span class=\"ez-toc-section\" id=\"4_Firefighters_Finest_Moving_Storage\"><\/span><strong>4. T\u0171zolt\u00f3 legjobb k\u00f6lt\u00f6ztet\u00e9se \u00e9s t\u00e1rol\u00e1sa<\/strong><span class=\"ez-toc-section-end\"><\/span><\/h2>\n<p><img loading=\"lazy\" decoding=\"async\" class=\"alignnone size-full wp-image-11320\" src=\"https:\/\/moverdb.com\/wp-content\/uploads\/Firefightings-Finest-Moving-Storage-international-moving-company.png\" alt=\"Firefightings Finest Moving &amp; Storage nemzetk\u00f6zi k\u00f6lt\u00f6ztet\u0151 c\u00e9g\" width=\"1440\" height=\"676\" data-wp-pid=\"11320\" srcset=\"https:\/\/moverdb.com\/wp-content\/uploads\/Firefightings-Finest-Moving-Storage-international-moving-company.png 1440w, https:\/\/moverdb.com\/wp-content\/uploads\/Firefightings-Finest-Moving-Storage-international-moving-company-300x141.png 300w, https:\/\/moverdb.com\/wp-content\/uploads\/Firefightings-Finest-Moving-Storage-international-moving-company-1024x481.png 1024w, https:\/\/moverdb.com\/wp-content\/uploads\/Firefightings-Finest-Moving-Storage-international-moving-company-18x8.png 18w, https:\/\/moverdb.com\/wp-content\/uploads\/Firefightings-Finest-Moving-Storage-international-moving-company-600x282.png 600w\" sizes=\"auto, (max-width: 1440px) 100vw, 1440px\" \/><\/p>\n<ul>\n<li>Helyi k\u00f6lt\u00f6z\u00e9sek<\/li>\n<li>Hossz\u00fa t\u00e1v\u00fa k\u00f6lt\u00f6z\u00e9sek<\/li>\n<li>H\u00e1ztart\u00e1si k\u00f6lt\u00f6z\u00e9sek<\/li>\n<li>\u00dczleti l\u00e9p\u00e9sek<\/li>\n<li>Ingyenes becsl\u00e9s<\/li>\n<li>Csomagol\u00e1si szolg\u00e1ltat\u00e1s<\/li>\n<li>A sz\u00e1ll\u00edt\u00e1s megszervez\u00e9se<\/li>\n<li>K\u00e9pz\u0151m\u0171v\u00e9szeti \u00e9s antikvit\u00e1s<\/li>\n<li>Kicsomagol\u00e1si szolg\u00e1ltat\u00e1s<\/li>\n<li>Hossz\u00fa \u00e9s r\u00f6vid t\u00e1v\u00fa t\u00e1rol\u00e1s<\/li>\n<\/ul>\n<p>A Firefighting's Finest Moving &amp; Storage egy mozg\u00f3 c\u00e9g, amelyet 2001-ben k\u00e9t szolg\u00e1laton k\u00edv\u00fcli t\u0171zolt\u00f3 ind\u00edtott, \u00e9s amely Fort Worth, Dallas, Houston \u00e9s Austin helysz\u00edneire b\u0151v\u00fclt. Tagjai az IAM-nek, 19 \u00e9ves tapasztalattal rendelkeznek, ami biztos\u00edtja sz\u00e1mukra a k\u00f6lt\u00f6ztet\u0151 c\u00e9gek h\u00e1l\u00f3zat\u00e1t, amelyekkel egy\u00fctt dolgozhatnak.<\/p>\n<p>A Firefighting's Finest Moving &amp; Storage ingyenes <a href=\"https:\/\/moverdb.com\/hu\/quotes\/\" data-internallinksmanager029f6b8e52c=\"26\" title=\"Nemzetk\u00f6zi k\u00f6lt\u00f6z\u00e9si \u00e1raj\u00e1nlatok: 12 k\u00e9rd\u00e9s, hogy k\u00e9rdezze meg a k\u00f6lt\u00f6ztet\u0151\">k\u00f6lt\u00f6z\u00e9si \u00e1raj\u00e1nlat<\/a> \u00e9s seg\u00edtenek megtervezni a k\u00f6lt\u00f6z\u00e9st. Kiv\u00e1l\u00f3 min\u0151s\u00e9g\u0171, professzion\u00e1lis k\u00f6lt\u00f6ztet\u0151 szem\u00e9lyzet\u00fck van, akik p\u00e1rn\u00e1z\u00e1st, stretchf\u00f3li\u00e1t, dolliokat \u00e9s egy\u00e9b felszerel\u00e9seket biztos\u00edtanak, hogy megv\u00e9dj\u00e9k a t\u00e1rgyait a sz\u00e1ll\u00edt\u00e1s sor\u00e1n, k\u00fcl\u00f6n\u00f6sen a t\u00f6r\u00e9keny t\u00e1rgyakat.<\/p>\n<p>Weboldal: <a href=\"http:\/\/www.firefightermovers.com\" target=\"_blank\" rel=\"noopener\">http:\/\/www.firefightermovers.com<\/a><\/p>\n<h2><span class=\"ez-toc-section\" id=\"5_Scobey_Moving_Storage\"><\/span><strong>5. Scobey K\u00f6lt\u00f6ztet\u00e9s \u00e9s rakt\u00e1roz\u00e1s<\/strong><span class=\"ez-toc-section-end\"><\/span><\/h2>\n<p><img loading=\"lazy\" decoding=\"async\" class=\"alignnone size-full wp-image-11436\" src=\"https:\/\/moverdb.com\/wp-content\/uploads\/Scobey-Moving-Storage-international-moving-company.png\" alt=\"Scobey Moving &amp; Storage nemzetk\u00f6zi k\u00f6lt\u00f6ztet\u0151 c\u00e9g\" width=\"1440\" height=\"675\" data-wp-pid=\"11436\" srcset=\"https:\/\/moverdb.com\/wp-content\/uploads\/Scobey-Moving-Storage-international-moving-company.png 1440w, https:\/\/moverdb.com\/wp-content\/uploads\/Scobey-Moving-Storage-international-moving-company-300x141.png 300w, https:\/\/moverdb.com\/wp-content\/uploads\/Scobey-Moving-Storage-international-moving-company-1024x480.png 1024w, https:\/\/moverdb.com\/wp-content\/uploads\/Scobey-Moving-Storage-international-moving-company-18x8.png 18w, https:\/\/moverdb.com\/wp-content\/uploads\/Scobey-Moving-Storage-international-moving-company-600x281.png 600w\" sizes=\"auto, (max-width: 1440px) 100vw, 1440px\" \/><\/p>\n<ul>\n<li>Helyi \u00e9s t\u00e1vols\u00e1gi k\u00f6lt\u00f6z\u00e9sek<\/li>\n<li>Nemzetk\u00f6zi k\u00f6lt\u00f6z\u00e9sek<\/li>\n<li>H\u00e1ztart\u00e1si k\u00f6lt\u00f6z\u00e9sek<\/li>\n<li>Kereskedelmi k\u00f6lt\u00f6z\u00e9sek<\/li>\n<li>Katonai \u00e9s korm\u00e1nyzati \u00e1thelyez\u00e9sek<\/li>\n<li>Szem\u00e9lyre szabott szolg\u00e1ltat\u00e1sok<\/li>\n<li>Teljes k\u00f6r\u0171 szolg\u00e1ltat\u00e1si k\u00f6lt\u00f6z\u00e9sek<\/li>\n<li>Csomagol\u00e1si lehet\u0151s\u00e9gek v\u00e1laszt\u00e9ka<\/li>\n<li>Sz\u00e1ll\u00edt\u00e1s nyomon k\u00f6vet\u00e9se<\/li>\n<li>R\u00f6vid \u00e9s hossz\u00fa t\u00e1v\u00fa t\u00e1rol\u00e1s<\/li>\n<\/ul>\n<p>A Scobey Moving &amp; Storage egy k\u00f6lt\u00f6ztet\u0151 szolg\u00e1ltat\u00f3 c\u00e9g, amelynek telephelyei Killeenben, El Pas\u00f3ban \u00e9s San Antoni\u00f3ban tal\u00e1lhat\u00f3k. A Mayflower Transithez kapcsol\u00f3dnak, \u00e9s a k\u00f6lt\u00f6ztet\u0151 c\u00e9gek v\u00e1ltozatos h\u00e1l\u00f3zata t\u00e1mogatja \u0151ket a k\u00f6lt\u00f6z\u00e9si \u00e9s t\u00e1rol\u00e1si szolg\u00e1ltat\u00e1sok ny\u00fajt\u00e1s\u00e1ban. Az IAM tagjak\u00e9nt 110 \u00e9ves tapasztalattal rendelkeznek.<\/p>\n<p>A Scobey Moving &amp; Storage szem\u00e9lyes vagy virtu\u00e1lis felm\u00e9r\u00e9st k\u00edn\u00e1l az \u00d6n k\u00f6lt\u00f6z\u00e9si ig\u00e9nyeinek felm\u00e9r\u00e9s\u00e9re \u00e9s \u00e1raj\u00e1nlat k\u00e9sz\u00edt\u00e9s\u00e9re. Csomagol\u00e1si szolg\u00e1ltat\u00e1sok vagy \u00f6ncsomagol\u00e1si lehet\u0151s\u00e9gek k\u00f6z\u00fcl v\u00e1laszthat. Szem\u00e9lyre szabott, h\u00e1zt\u00f3l-h\u00e1zig tart\u00f3 k\u00f6lt\u00f6ztet\u00e9si szolg\u00e1ltat\u00e1st ny\u00fajtanak, amelyben egy k\u00f6lt\u00f6z\u00e9si koordin\u00e1tor t\u00e1mogatja \u00d6nt. Csomagol\u00e1si szolg\u00e1ltat\u00e1sokat k\u00edn\u00e1lnak egyedi csomagol\u00e1ssal \u00e9s teljes csere\u00e9rt\u00e9k fedezettel.<\/p>\n<p>Weboldal: <a href=\"http:\/\/www.scobeymoving.com\/\" target=\"_blank\" rel=\"noopener\">http:\/\/www.scobeymoving.com\/<\/a><\/p>\n<h2><span class=\"ez-toc-section\" id=\"6_Trans_Global_Auto_Logistics\"><\/span><strong>6. Trans Global Auto Logistics<\/strong><span class=\"ez-toc-section-end\"><\/span><\/h2>\n<p><img loading=\"lazy\" decoding=\"async\" class=\"alignnone size-full wp-image-11459\" src=\"https:\/\/moverdb.com\/wp-content\/uploads\/Trans-Global-Auto-Logistics-international-moving-company.png\" alt=\"Trans Global Auto Logistics nemzetk\u00f6zi k\u00f6lt\u00f6ztet\u0151 c\u00e9g\" width=\"1440\" height=\"655\" data-wp-pid=\"11459\" srcset=\"https:\/\/moverdb.com\/wp-content\/uploads\/Trans-Global-Auto-Logistics-international-moving-company.png 1440w, https:\/\/moverdb.com\/wp-content\/uploads\/Trans-Global-Auto-Logistics-international-moving-company-300x136.png 300w, https:\/\/moverdb.com\/wp-content\/uploads\/Trans-Global-Auto-Logistics-international-moving-company-1024x466.png 1024w, https:\/\/moverdb.com\/wp-content\/uploads\/Trans-Global-Auto-Logistics-international-moving-company-18x8.png 18w, https:\/\/moverdb.com\/wp-content\/uploads\/Trans-Global-Auto-Logistics-international-moving-company-600x273.png 600w\" sizes=\"auto, (max-width: 1440px) 100vw, 1440px\" \/><\/p>\n<ul>\n<li>Nemzeti l\u00e9p\u00e9sek<\/li>\n<li>Nemzetk\u00f6zi k\u00f6lt\u00f6z\u00e9sek<\/li>\n<li>H\u00e1ztart\u00e1si k\u00f6lt\u00f6z\u00e9sek<\/li>\n<li>Kereskedelmi k\u00f6lt\u00f6z\u00e9sek<\/li>\n<li>Aut\u00f3sz\u00e1ll\u00edt\u00e1s<\/li>\n<li>Haj\u00f3sz\u00e1ll\u00edt\u00e1s<\/li>\n<li>Neh\u00e9zg\u00e9pek sz\u00e1ll\u00edt\u00e1sa<\/li>\n<li>V\u00e1laszthat\u00f3 nyitott vagy z\u00e1rt sz\u00e1ll\u00edt\u00e1s<\/li>\n<li>Sz\u00e1razf\u00f6ldi, l\u00e9gi \u00e9s tengeri \u00e1rusz\u00e1ll\u00edt\u00e1s<\/li>\n<li>V\u00e1mkezel\u00e9s<\/li>\n<\/ul>\n<p>A Trans Global Auto Logistics egy aut\u00f3logisztikai \u00e9s neh\u00e9z\u00e1ru logisztikai v\u00e1llalat. <a href=\"https:\/\/moverdb.com\/hu\/shipping-companies\/\" data-internallinksmanager029f6b8e52c=\"4\" title=\"Top 10 nemzetk\u00f6zi kont\u00e9nersz\u00e1ll\u00edt\u00f3 c\u00e9gek\">haj\u00f3z\u00e1si v\u00e1llalat<\/a> amely enged\u00e9llyel \u00e9s biztos\u00edt\u00e1ssal rendelkez\u0151, nem haj\u00f3tulajdonos k\u00f6z\u00f6s fuvaroz\u00f3 (<a href=\"https:\/\/moverdb.com\/hu\/freight-forwarder\/\" data-internallinksmanager029f6b8e52c=\"17\" title=\"Sz\u00e1ll\u00edtm\u00e1nyoz\u00f3 \u00e9s NVOCC nemzetk\u00f6zi k\u00f6lts\u00e9g \u00e9s c\u00e9gek \u00fatmutat\u00f3ja\">NVOCC<\/a>), amely Arlingtonban, Orland\u00f3ban \u00e9s Charlestonban rendelkezik helysz\u00ednekkel, <a href=\"https:\/\/moverdb.com\/hu\/moving-to-the-united-states\/moving-to-new-jersey\/\" data-internallinksmanager029f6b8e52c=\"417\" title=\"New Jerseybe k\u00f6lt\u00f6zik? 2023 Lakhat\u00e1si k\u00f6lts\u00e9gek \u00e9s k\u00f6lt\u00f6z\u00e9si tippek\">New Jersey<\/a> \u00e9s Savannah. Kiz\u00e1r\u00f3lag h\u00e1ztart\u00e1si \u00e1ruk sz\u00e1ll\u00edt\u00e1s\u00e1t is k\u00edn\u00e1lj\u00e1k. Tagjai az IAM-nek.<\/p>\n<p>A Trans Global Auto Logistics ingyenes \u00e1raj\u00e1nlatot k\u00edn\u00e1l rakom\u00e1nya mozgat\u00e1s\u00e1ra, \u00e9s a sz\u00e1ll\u00edtm\u00e1nyoz\u00e1si szakemberek egy\u00fcttm\u0171k\u00f6dnek \u00d6nnel, hogy meg\u00e9rts\u00e9k az \u00d6n ig\u00e9nyeit, \u00e9s pontos becsl\u00e9st adjanak. A klasszikus aut\u00f3kt\u00f3l kezdve a haj\u00f3kon \u00e1t a neh\u00e9z ipari berendez\u00e9sekig sz\u00e1mos j\u00e1rm\u0171vet tudnak sz\u00e1ll\u00edtani, nyitott vagy z\u00e1rt sz\u00e1ll\u00edt\u00e1ssal.<\/p>\n<p>Weboldal: <a href=\"http:\/\/www.tgal.us\" target=\"_blank\" rel=\"noopener\">http:\/\/www.tgal.us<\/a><\/p>\n<h2><span class=\"ez-toc-section\" id=\"7_Transportation_Worldwide\"><\/span><strong>7. Sz\u00e1ll\u00edt\u00e1s vil\u00e1gszerte<\/strong><span class=\"ez-toc-section-end\"><\/span><\/h2>\n<p><img loading=\"lazy\" decoding=\"async\" class=\"alignnone size-full wp-image-11460\" src=\"https:\/\/moverdb.com\/wp-content\/uploads\/Transportation-Worldwide-international-moving-company.png\" alt=\"Sz\u00e1ll\u00edt\u00e1s Vil\u00e1gszerte nemzetk\u00f6zi k\u00f6lt\u00f6ztet\u0151 c\u00e9g\" width=\"1440\" height=\"654\" data-wp-pid=\"11460\" srcset=\"https:\/\/moverdb.com\/wp-content\/uploads\/Transportation-Worldwide-international-moving-company.png 1440w, https:\/\/moverdb.com\/wp-content\/uploads\/Transportation-Worldwide-international-moving-company-300x136.png 300w, https:\/\/moverdb.com\/wp-content\/uploads\/Transportation-Worldwide-international-moving-company-1024x465.png 1024w, https:\/\/moverdb.com\/wp-content\/uploads\/Transportation-Worldwide-international-moving-company-18x8.png 18w, https:\/\/moverdb.com\/wp-content\/uploads\/Transportation-Worldwide-international-moving-company-600x273.png 600w\" sizes=\"auto, (max-width: 1440px) 100vw, 1440px\" \/><\/p>\n<ul>\n<li>Nemzeti l\u00e9p\u00e9sek<\/li>\n<li>Nemzetk\u00f6zi k\u00f6lt\u00f6z\u00e9sek<\/li>\n<li>H\u00e1ztart\u00e1si k\u00f6lt\u00f6z\u00e9sek<\/li>\n<li>V\u00e1llalati \u00e1thelyez\u00e9sek<\/li>\n<li>Egyetlen kapcsolattart\u00f3 pont<\/li>\n<li>Mozg\u00e1sir\u00e1ny\u00edt\u00e1s<\/li>\n<li>Sz\u00e1ll\u00edt\u00e1s nyomon k\u00f6vet\u00e9se<\/li>\n<li>V\u00e1mt\u00e1mogat\u00e1s<\/li>\n<li>Biztons\u00e1gos t\u00e1rol\u00e1s<\/li>\n<\/ul>\n<p>A Transportation Worldwide egy t\u00f6bb mint 30 \u00e9ves tapasztalattal rendelkez\u0151 k\u00f6lt\u00f6ztet\u0151 \u00e9s sz\u00e1ll\u00edt\u00f3 c\u00e9g, amelynek sz\u00e9khelye Katyben tal\u00e1lhat\u00f3. Nemzetk\u00f6zi k\u00f6lt\u00f6ztet\u00e9si szolg\u00e1ltat\u00e1sokat ny\u00fajtanak a vil\u00e1g t\u00f6bb mint 135 orsz\u00e1g\u00e1ba, amelyeket gondosan kialak\u00edtott kapcsolatokkal partners\u00e9gben sz\u00e1ll\u00edtanak. Az IAM tagja, 36 \u00e9ves tapasztalattal rendelkeznek, \u00e9s a FIDI \u00e1ltal akkredit\u00e1ltak.<\/p>\n<p>A Transportation Worldwide t\u00e1mogat\u00e1st ny\u00fajt a k\u00f6lt\u00f6z\u0151 mag\u00e1nszem\u00e9lyek \u00e9s az alkalmazottaikat \u00e1thelyez\u0151 v\u00e1llalatok sz\u00e1m\u00e1ra, amely mag\u00e1ban foglalhatja a politik\u00e1kkal, k\u00f6lts\u00e9gvet\u00e9si elemz\u00e9sekkel kapcsolatos seg\u00edts\u00e9get, valamint a t\u00f6bb k\u00f6lt\u00f6z\u00e9s el\u0151rehalad\u00e1s\u00e1nak nyomon k\u00f6vet\u00e9s\u00e9t \u00e9s az ezekr\u0151l sz\u00f3l\u00f3 jelent\u00e9st\u00e9telt. A nemzetk\u00f6zi k\u00f6lt\u00f6ztet\u0151ket a k\u00fcl\u00f6nb\u00f6z\u0151 orsz\u00e1gokba t\u00f6rt\u00e9n\u0151 k\u00f6lt\u00f6ztet\u00e9sben szerzett gazdag tud\u00e1sukkal \u00e9s tapasztalatukkal t\u00e1mogatj\u00e1k.<\/p>\n<p>Weboldal: <a href=\"https:\/\/www.twwmove.com\/\" target=\"_blank\" rel=\"noopener\">https:\/\/www.twwmove.com\/<\/a><\/p>","protected":false},"excerpt":{"rendered":"<p>Planning a move can be a stressful time, so why not enlist the help of a moving company to enlighten your load? They can assist with the planning, can pack your belongings and arrange transportation as well as deal with customs if moving internationally. Below we have compiled a list of Texas based removal companies [&hellip;]<\/p>\n","protected":false},"author":4,"featured_media":11236,"parent":190,"menu_order":0,"comment_status":"closed","ping_status":"closed","template":"","meta":{"_genesis_hide_title":false,"_genesis_hide_breadcrumbs":false,"_genesis_hide_singular_image":false,"_genesis_hide_footer_widgets":false,"_genesis_custom_body_class":"","_genesis_custom_post_class":"","_genesis_layout":"","footnotes":""},"class_list":{"0":"post-11668","1":"page","2":"type-page","3":"status-publish","4":"has-post-thumbnail","6":"entry"},"_links":{"self":[{"href":"https:\/\/moverdb.com\/hu\/wp-json\/wp\/v2\/pages\/11668","targetHints":{"allow":["GET"]}}],"collection":[{"href":"https:\/\/moverdb.com\/hu\/wp-json\/wp\/v2\/pages"}],"about":[{"href":"https:\/\/moverdb.com\/hu\/wp-json\/wp\/v2\/types\/page"}],"author":[{"embeddable":true,"href":"https:\/\/moverdb.com\/hu\/wp-json\/wp\/v2\/users\/4"}],"replies":[{"embeddable":true,"href":"https:\/\/moverdb.com\/hu\/wp-json\/wp\/v2\/comments?post=11668"}],"version-history":[{"count":2,"href":"https:\/\/moverdb.com\/hu\/wp-json\/wp\/v2\/pages\/11668\/revisions"}],"predecessor-version":[{"id":11670,"href":"https:\/\/moverdb.com\/hu\/wp-json\/wp\/v2\/pages\/11668\/revisions\/11670"}],"up":[{"embeddable":true,"href":"https:\/\/moverdb.com\/hu\/wp-json\/wp\/v2\/pages\/190"}],"wp:featuredmedia":[{"embeddable":true,"href":"https:\/\/moverdb.com\/hu\/wp-json\/wp\/v2\/media\/11236"}],"wp:attachment":[{"href":"https:\/\/moverdb.com\/hu\/wp-json\/wp\/v2\/media?parent=11668"}],"curies":[{"name":"wp","href":"https:\/\/api.w.org\/{rel}","templated":true}]}}