{"id":11632,"date":"2023-11-29T10:26:23","date_gmt":"2023-11-29T10:26:23","guid":{"rendered":"https:\/\/moverdb.com\/?page_id=11632"},"modified":"2026-01-08T15:24:00","modified_gmt":"2026-01-08T15:24:00","slug":"moving-companies-us-new-york","status":"publish","type":"page","link":"https:\/\/moverdb.com\/hu\/moving-companies\/moving-companies-us-new-york\/","title":{"rendered":"26 legjobb nemzetk\u00f6zi k\u00f6lt\u00f6ztet\u0151 c\u00e9gek New Yorkban"},"content":{"rendered":"<p>A k\u00f6lt\u00f6z\u00e9s egy stresszes id\u0151szak lehet, amikor annyi mindent kell elint\u00e9zni, ez\u00e9rt mi\u00e9rt ne hagyja, hogy egy <a href=\"https:\/\/moverdb.com\/hu\/moving-companies\/\" data-internallinksmanager029f6b8e52c=\"79\" title=\"Top 25 nemzetk\u00f6zi k\u00f6lt\u00f6ztet\u0151 c\u00e9gek online\">k\u00f6lt\u00f6ztet\u0151 c\u00e9g<\/a> hogy levegye a stresszt a v\u00e1lladr\u00f3l? Egy k\u00f6lt\u00f6ztet\u0151 c\u00e9g seg\u00edthet a tervez\u00e9sben, a sz\u00e1ll\u00edt\u00e1s megszervez\u00e9s\u00e9ben, a csomagol\u00e1sban \u00e9s a v\u00e1melj\u00e1r\u00e1sokban, ha nemzetk\u00f6zi k\u00f6lt\u00f6z\u00e9sr\u0151l van sz\u00f3. Az al\u00e1bbiakban \u00f6ssze\u00e1ll\u00edtottunk egy list\u00e1t <a href=\"https:\/\/moverdb.com\/hu\/moving-to-the-united-states\/moving-to-new-york\/\" data-internallinksmanager029f6b8e52c=\"332\" title=\"New Yorkba k\u00f6lt\u00f6zik? 2023 Meg\u00e9lhet\u00e9si k\u00f6lts\u00e9gek \u00e9s k\u00f6lt\u00f6z\u00e9si tippek\">New York<\/a> alap\u00fa <a href=\"https:\/\/moverdb.com\/hu\/international-removals\/\" data-internallinksmanager029f6b8e52c=\"27\" title=\"36 legjobb nemzetk\u00f6zi k\u00f6lt\u00f6ztet\u0151 c\u00e9gek az Egyes\u00fclt Kir\u00e1lys\u00e1gban\">k\u00f6lt\u00f6ztet\u0151 c\u00e9gek<\/a> amelyek tagjai a <a href=\"https:\/\/moverdb.com\/hu\/iam\/\" data-internallinksmanager029f6b8e52c=\"23\" title=\"A K\u00f6lt\u00f6ztet\u0151k Nemzetk\u00f6zi Sz\u00f6vets\u00e9ge (IAM) magyar\u00e1zata\">K\u00f6lt\u00f6ztet\u0151k Nemzetk\u00f6zi Sz\u00f6vets\u00e9ge<\/a> (IAM) \u00e9s\/vagy <a href=\"https:\/\/moverdb.com\/hu\/fidi-faim\/\" data-internallinksmanager029f6b8e52c=\"16\" title=\"FIDI &amp; FAIM (FIDI akkredit\u00e1lt nemzetk\u00f6zi fuvaroz\u00f3) magyar\u00e1zata\">FIDI<\/a> Akkredit\u00e1lt nemzetk\u00f6zi k\u00f6lt\u00f6ztet\u0151 (FAIM), aki seg\u00edthet \u00d6nnek a k\u00f6lt\u00f6z\u00e9sben.<\/p>\n<div id=\"ez-toc-container\" class=\"ez-toc-v2_0_82_2 ez-toc-wrap-left counter-hierarchy ez-toc-counter ez-toc-transparent ez-toc-container-direction\">\n<div class=\"ez-toc-title-container\">\n<p class=\"ez-toc-title\" style=\"cursor:inherit\">Szakaszok<\/p>\n<span class=\"ez-toc-title-toggle\"><a href=\"#\" class=\"ez-toc-pull-right ez-toc-btn ez-toc-btn-xs ez-toc-btn-default ez-toc-toggle\" aria-label=\"Toggle Tartalomjegyz\u00e9k\"><span class=\"ez-toc-js-icon-con\"><span class=\"\"><span class=\"eztoc-hide\" style=\"display:none;\">Toggle<\/span><span class=\"ez-toc-icon-toggle-span\"><svg style=\"fill: #999;color:#999\" xmlns=\"http:\/\/www.w3.org\/2000\/svg\" class=\"list-377408\" width=\"20px\" height=\"20px\" viewbox=\"0 0 24 24\" fill=\"none\"><path d=\"M6 6H4v2h2V6zm14 0H8v2h12V6zM4 11h2v2H4v-2zm16 0H8v2h12v-2zM4 16h2v2H4v-2zm16 0H8v2h12v-2z\" fill=\"currentColor\"><\/path><\/svg><svg style=\"fill: #999;color:#999\" class=\"arrow-unsorted-368013\" xmlns=\"http:\/\/www.w3.org\/2000\/svg\" width=\"10px\" height=\"10px\" viewbox=\"0 0 24 24\" version=\"1.2\" baseprofile=\"tiny\"><path d=\"M18.2 9.3l-6.2-6.3-6.2 6.3c-.2.2-.3.4-.3.7s.1.5.3.7c.2.2.4.3.7.3h11c.3 0 .5-.1.7-.3.2-.2.3-.5.3-.7s-.1-.5-.3-.7zM5.8 14.7l6.2 6.3 6.2-6.3c.2-.2.3-.5.3-.7s-.1-.5-.3-.7c-.2-.2-.4-.3-.7-.3h-11c-.3 0-.5.1-.7.3-.2.2-.3.5-.3.7s.1.5.3.7z\"\/><\/svg><\/span><\/span><\/span><\/a><\/span><\/div>\n<nav><ul class='ez-toc-list ez-toc-list-level-1 eztoc-toggle-hide-by-default' ><li class='ez-toc-page-1 ez-toc-heading-level-2'><a class=\"ez-toc-link ez-toc-heading-1\" href=\"https:\/\/moverdb.com\/hu\/moving-companies\/moving-companies-us-new-york\/#1_Rhode_Sense\" >1. Rhode Sense<\/a><\/li><li class='ez-toc-page-1 ez-toc-heading-level-2'><a class=\"ez-toc-link ez-toc-heading-2\" href=\"https:\/\/moverdb.com\/hu\/moving-companies\/moving-companies-us-new-york\/#2_La_Rosa_Del_Monte\" >2. La Rosa Del Monte<\/a><\/li><li class='ez-toc-page-1 ez-toc-heading-level-2'><a class=\"ez-toc-link ez-toc-heading-3\" href=\"https:\/\/moverdb.com\/hu\/moving-companies\/moving-companies-us-new-york\/#3_Alliance_Moving_Solutions\" >3. Alliance Moving Solutions<\/a><\/li><li class='ez-toc-page-1 ez-toc-heading-level-2'><a class=\"ez-toc-link ez-toc-heading-4\" href=\"https:\/\/moverdb.com\/hu\/moving-companies\/moving-companies-us-new-york\/#4_Wayfinder_Moving_Services\" >4. Wayfinder k\u00f6lt\u00f6ztet\u0151 szolg\u00e1ltat\u00e1sok<\/a><\/li><li class='ez-toc-page-1 ez-toc-heading-level-2'><a class=\"ez-toc-link ez-toc-heading-5\" href=\"https:\/\/moverdb.com\/hu\/moving-companies\/moving-companies-us-new-york\/#5_Courtney_International_Forwarding\" >5. Courtney Nemzetk\u00f6zi sz\u00e1ll\u00edtm\u00e1nyoz\u00e1s<\/a><\/li><li class='ez-toc-page-1 ez-toc-heading-level-2'><a class=\"ez-toc-link ez-toc-heading-6\" href=\"https:\/\/moverdb.com\/hu\/moving-companies\/moving-companies-us-new-york\/#6_International_Sea_Air_Shipping\" >6. Nemzetk\u00f6zi tengeri \u00e9s l\u00e9gi sz\u00e1ll\u00edt\u00e1s<\/a><\/li><li class='ez-toc-page-1 ez-toc-heading-level-2'><a class=\"ez-toc-link ez-toc-heading-7\" href=\"https:\/\/moverdb.com\/hu\/moving-companies\/moving-companies-us-new-york\/#7_Relo_Solutions_Group\" >7. Relo Solutions Group\u00a0<\/a><\/li><li class='ez-toc-page-1 ez-toc-heading-level-2'><a class=\"ez-toc-link ez-toc-heading-8\" href=\"https:\/\/moverdb.com\/hu\/moving-companies\/moving-companies-us-new-york\/#8_Capital_Logistics\" >8. F\u0151v\u00e1rosi logisztika<\/a><\/li><li class='ez-toc-page-1 ez-toc-heading-level-2'><a class=\"ez-toc-link ez-toc-heading-9\" href=\"https:\/\/moverdb.com\/hu\/moving-companies\/moving-companies-us-new-york\/#9_Overseas_Brokers\" >9. Tengerent\u00fali br\u00f3kerek<\/a><\/li><li class='ez-toc-page-1 ez-toc-heading-level-2'><a class=\"ez-toc-link ez-toc-heading-10\" href=\"https:\/\/moverdb.com\/hu\/moving-companies\/moving-companies-us-new-york\/#10_International_Movers_Network\" >10. Nemzetk\u00f6zi k\u00f6lt\u00f6ztet\u0151k h\u00e1l\u00f3zata<\/a><\/li><li class='ez-toc-page-1 ez-toc-heading-level-2'><a class=\"ez-toc-link ez-toc-heading-11\" href=\"https:\/\/moverdb.com\/hu\/moving-companies\/moving-companies-us-new-york\/#11_International_Logistic_Services\" >11. Nemzetk\u00f6zi logisztikai szolg\u00e1ltat\u00e1sok<\/a><\/li><li class='ez-toc-page-1 ez-toc-heading-level-2'><a class=\"ez-toc-link ez-toc-heading-12\" href=\"https:\/\/moverdb.com\/hu\/moving-companies\/moving-companies-us-new-york\/#12_Transparent_International\" >12. \u00c1tl\u00e1that\u00f3 nemzetk\u00f6zi<\/a><\/li><li class='ez-toc-page-1 ez-toc-heading-level-2'><a class=\"ez-toc-link ez-toc-heading-13\" href=\"https:\/\/moverdb.com\/hu\/moving-companies\/moving-companies-us-new-york\/#13_Findlay_International\" >13. Findlay International<\/a><\/li><li class='ez-toc-page-1 ez-toc-heading-level-2'><a class=\"ez-toc-link ez-toc-heading-14\" href=\"https:\/\/moverdb.com\/hu\/moving-companies\/moving-companies-us-new-york\/#14_A1_Global_Logistics_Services\" >14. A1 Glob\u00e1lis logisztikai szolg\u00e1ltat\u00e1sok<\/a><\/li><li class='ez-toc-page-1 ez-toc-heading-level-2'><a class=\"ez-toc-link ez-toc-heading-15\" href=\"https:\/\/moverdb.com\/hu\/moving-companies\/moving-companies-us-new-york\/#15_Aetna_Relocation_Services\" >15. Aetna Relocation Services<\/a><\/li><li class='ez-toc-page-1 ez-toc-heading-level-2'><a class=\"ez-toc-link ez-toc-heading-16\" href=\"https:\/\/moverdb.com\/hu\/moving-companies\/moving-companies-us-new-york\/#16_Air_Sea_Land_Shipping_Moving\" >16. L\u00e9gi Tengeri Sz\u00e1razf\u00f6ldi Sz\u00e1ll\u00edt\u00e1s \u00e9s k\u00f6lt\u00f6ztet\u00e9s<\/a><\/li><li class='ez-toc-page-1 ez-toc-heading-level-2'><a class=\"ez-toc-link ez-toc-heading-17\" href=\"https:\/\/moverdb.com\/hu\/moving-companies\/moving-companies-us-new-york\/#17_FlatRate_Moving\" >17. FlatRate Moving<\/a><\/li><li class='ez-toc-page-1 ez-toc-heading-level-2'><a class=\"ez-toc-link ez-toc-heading-18\" href=\"https:\/\/moverdb.com\/hu\/moving-companies\/moving-companies-us-new-york\/#18_I_Love_Moving\" >18. I Love Moving<\/a><\/li><li class='ez-toc-page-1 ez-toc-heading-level-2'><a class=\"ez-toc-link ez-toc-heading-19\" href=\"https:\/\/moverdb.com\/hu\/moving-companies\/moving-companies-us-new-york\/#19_International_Transpac\" >19. Nemzetk\u00f6zi Transzpatikus<\/a><\/li><li class='ez-toc-page-1 ez-toc-heading-level-2'><a class=\"ez-toc-link ez-toc-heading-20\" href=\"https:\/\/moverdb.com\/hu\/moving-companies\/moving-companies-us-new-york\/#20_Liffey_Van_Lines\" >20. Liffey Van Lines<\/a><\/li><li class='ez-toc-page-1 ez-toc-heading-level-2'><a class=\"ez-toc-link ez-toc-heading-21\" href=\"https:\/\/moverdb.com\/hu\/moving-companies\/moving-companies-us-new-york\/#21_NY_International_Shipping\" >21. NY nemzetk\u00f6zi sz\u00e1ll\u00edt\u00e1s<\/a><\/li><li class='ez-toc-page-1 ez-toc-heading-level-2'><a class=\"ez-toc-link ez-toc-heading-22\" href=\"https:\/\/moverdb.com\/hu\/moving-companies\/moving-companies-us-new-york\/#22_Rose_Containerline\" >22. Rose Containerline<\/a><\/li><li class='ez-toc-page-1 ez-toc-heading-level-2'><a class=\"ez-toc-link ez-toc-heading-23\" href=\"https:\/\/moverdb.com\/hu\/moving-companies\/moving-companies-us-new-york\/#23_Sea_Air_International\" >23. Sea &amp; Air International<\/a><\/li><li class='ez-toc-page-1 ez-toc-heading-level-2'><a class=\"ez-toc-link ez-toc-heading-24\" href=\"https:\/\/moverdb.com\/hu\/moving-companies\/moving-companies-us-new-york\/#24_Uplift_Movers\" >24. Uplift Movers<\/a><\/li><li class='ez-toc-page-1 ez-toc-heading-level-2'><a class=\"ez-toc-link ez-toc-heading-25\" href=\"https:\/\/moverdb.com\/hu\/moving-companies\/moving-companies-us-new-york\/#25_Moving_Right_Along\" >25. Moving Right Along<\/a><\/li><li class='ez-toc-page-1 ez-toc-heading-level-2'><a class=\"ez-toc-link ez-toc-heading-26\" href=\"https:\/\/moverdb.com\/hu\/moving-companies\/moving-companies-us-new-york\/#26_OL_USA\" >26. OL USA<\/a><\/li><\/ul><\/nav><\/div>\n<h2><span class=\"ez-toc-section\" id=\"1_Rhode_Sense\"><\/span><strong>1. Rhode Sense<\/strong><span class=\"ez-toc-section-end\"><\/span><\/h2>\n<p><img loading=\"lazy\" decoding=\"async\" class=\"alignnone size-full wp-image-11634\" src=\"https:\/\/moverdb.com\/wp-content\/uploads\/Rhode-Sense-international-moving-company.png\" alt=\"Rhode Sense nemzetk\u00f6zi k\u00f6lt\u00f6ztet\u0151 c\u00e9g\" width=\"1440\" height=\"675\" data-wp-pid=\"11634\" srcset=\"https:\/\/moverdb.com\/wp-content\/uploads\/Rhode-Sense-international-moving-company.png 1440w, https:\/\/moverdb.com\/wp-content\/uploads\/Rhode-Sense-international-moving-company-300x141.png 300w, https:\/\/moverdb.com\/wp-content\/uploads\/Rhode-Sense-international-moving-company-1024x480.png 1024w, https:\/\/moverdb.com\/wp-content\/uploads\/Rhode-Sense-international-moving-company-18x8.png 18w, https:\/\/moverdb.com\/wp-content\/uploads\/Rhode-Sense-international-moving-company-600x281.png 600w\" sizes=\"auto, (max-width: 1440px) 100vw, 1440px\" \/><\/p>\n<ul>\n<li>Nemzeti l\u00e9p\u00e9sek<\/li>\n<li>Lakoss\u00e1gi \u00e1ruk<\/li>\n<li>Kereskedelmi \u00e1ruk<\/li>\n<li>Speci\u00e1lis teheraut\u00f3k<\/li>\n<li>Profi csapatok<\/li>\n<li>Teljes k\u00f6r\u0171 szolg\u00e1ltat\u00e1si k\u00f6lt\u00f6z\u00e9sek<\/li>\n<li>Kevesebb, mint egy teheraut\u00f3nyi rakom\u00e1ny<\/li>\n<li>Teljes teheraut\u00f3-rakom\u00e1nyok<\/li>\n<li>Intermod\u00e1lis szolg\u00e1ltat\u00e1sok<\/li>\n<li>\u00dcgyf\u00e9l-kommunik\u00e1ci\u00f3<\/li>\n<\/ul>\n<p>A Rhode Sense egy harmadik f\u00e9lk\u00e9nt m\u0171k\u00f6d\u0151 logisztikai szolg\u00e1ltat\u00f3 \u00e9s sz\u00e1ll\u00edtm\u00e1nyoz\u00e1si v\u00e1llalat, amelynek sz\u00e9khelye a New York-i Bergenben tal\u00e1lhat\u00f3. Kiterjedt fuvaroz\u00f3i h\u00e1l\u00f3zattal rendelkeznek az eg\u00e9sz <a href=\"https:\/\/moverdb.com\/hu\/moving-to-the-united-states\/\" data-internallinksmanager029f6b8e52c=\"94\" title=\"Az Egyes\u00fclt \u00c1llamokba k\u00f6lt\u00f6zik? 2022 Meg\u00e9lhet\u00e9si k\u00f6lts\u00e9gek \u00e9s k\u00f6lt\u00f6z\u00e9si tippek\">USA<\/a> hogy t\u00e1mogass\u00e1k \u0151ket a szolg\u00e1ltat\u00e1sok rugalmas ny\u00fajt\u00e1s\u00e1ban. H\u00e1rom\u00e9ves tapasztalattal rendelkeznek az IAM tagjak\u00e9nt.<\/p>\n<p>A Rhode Sense szem\u00e9lyre szabott megold\u00e1sokat k\u00edn\u00e1l, egy kapcsolattart\u00e1si ponton kereszt\u00fcl, amely az elej\u00e9t\u0151l a v\u00e9g\u00e9ig kezeli a sz\u00e1ll\u00edtm\u00e1nyt. \u0150k megtal\u00e1lj\u00e1k a legjobb megold\u00e1st, amely hat\u00e9kony \u00e9s megfelel az \u00d6n ig\u00e9nyeinek. Teljes k\u00f6r\u0171 szolg\u00e1ltat\u00e1st k\u00edn\u00e1lnak a professzion\u00e1lis \u00e9s id\u0151ben t\u00f6rt\u00e9n\u0151 k\u00f6lt\u00f6z\u00e9sekhez. Kevesebb, mint teljes \u00e9s teljes rakom\u00e1nyt, valamint intermod\u00e1lis szolg\u00e1ltat\u00e1sokat is k\u00edn\u00e1lnak.<\/p>\n<p>Weboldal: <a href=\"https:\/\/rhodesense.com\/\" target=\"_blank\" rel=\"noopener\">https:\/\/rhodesense.com\/<\/a><\/p>\n<h2><span class=\"ez-toc-section\" id=\"2_La_Rosa_Del_Monte\"><\/span><strong>2. La Rosa Del Monte<\/strong><span class=\"ez-toc-section-end\"><\/span><\/h2>\n<p><img loading=\"lazy\" decoding=\"async\" class=\"alignnone size-full wp-image-11360\" src=\"https:\/\/moverdb.com\/wp-content\/uploads\/La-Rosa-Del-Monte-international-moving-company-1.png\" alt=\"La Rosa Del Monte nemzetk\u00f6zi k\u00f6lt\u00f6ztet\u0151 c\u00e9g\" width=\"1440\" height=\"681\" data-wp-pid=\"11360\" srcset=\"https:\/\/moverdb.com\/wp-content\/uploads\/La-Rosa-Del-Monte-international-moving-company-1.png 1440w, https:\/\/moverdb.com\/wp-content\/uploads\/La-Rosa-Del-Monte-international-moving-company-1-300x142.png 300w, https:\/\/moverdb.com\/wp-content\/uploads\/La-Rosa-Del-Monte-international-moving-company-1-1024x484.png 1024w, https:\/\/moverdb.com\/wp-content\/uploads\/La-Rosa-Del-Monte-international-moving-company-1-18x9.png 18w, https:\/\/moverdb.com\/wp-content\/uploads\/La-Rosa-Del-Monte-international-moving-company-1-600x284.png 600w\" sizes=\"auto, (max-width: 1440px) 100vw, 1440px\" \/><\/p>\n<ul>\n<li>Helyi \u00e9s \u00e1llamk\u00f6zi k\u00f6lt\u00f6z\u00e9sek<\/li>\n<li>Nemzetk\u00f6zi k\u00f6lt\u00f6z\u00e9sek<\/li>\n<li>Lakoss\u00e1gi k\u00f6lt\u00f6z\u00e9sek<\/li>\n<li>Kereskedelmi k\u00f6lt\u00f6z\u00e9sek<\/li>\n<li>H\u00e1zt\u00f3l-h\u00e1zig szolg\u00e1ltat\u00e1s<\/li>\n<li>Csomagol\u00e1si szolg\u00e1ltat\u00e1s<\/li>\n<li>K\u00f6z\u00fati, tengeri \u00e9s l\u00e9gi sz\u00e1ll\u00edt\u00e1s<\/li>\n<li>K\u00e9pz\u0151m\u0171v\u00e9szeti \u00e9s antik mozg\u00e1sok<\/li>\n<li><a href=\"https:\/\/moverdb.com\/hu\/car-transport-shipping\/\" data-internallinksmanager029f6b8e52c=\"2\" title=\"2026 Nemzetk\u00f6zi aut\u00f3sz\u00e1ll\u00edt\u00e1s \u00e9s j\u00e1rm\u0171sz\u00e1ll\u00edt\u00e1s \u00e1raj\u00e1nlatok\">J\u00e1rm\u0171sz\u00e1ll\u00edt\u00e1s<\/a><\/li>\n<li>Biztons\u00e1gos t\u00e1rol\u00e1s<\/li>\n<\/ul>\n<p>A La Rosa Del Monte egy nemzetk\u00f6zi k\u00f6lt\u00f6ztet\u0151 c\u00e9g, amely 50 \u00e9ves m\u00faltra tekint vissza a helyi \u00e9s nemzetk\u00f6zi k\u00f6lt\u00f6ztet\u00e9sek ter\u00e9n, irod\u00e1ival az USA-ban, Puerto Ric\u00f3ban \u00e9s Puerto Ric\u00f3ban. <a href=\"https:\/\/moverdb.com\/hu\/moving-companies\/moving-companies-dominican-republic\/\" data-internallinksmanager029f6b8e52c=\"216\" title=\"6 A legjobb nemzetk\u00f6zi k\u00f6lt\u00f6ztet\u0151 c\u00e9gek a Dominikai K\u00f6zt\u00e1rsas\u00e1gban\">Dominikai K\u00f6zt\u00e1rsas\u00e1g<\/a>. Amerikai irod\u00e1juk Bronxban tal\u00e1lhat\u00f3, <a href=\"https:\/\/moverdb.com\/hu\/moving-to-miami\/\" data-internallinksmanager029f6b8e52c=\"54\" title=\"Miamiba k\u00f6lt\u00f6zik? 2022 Lakhat\u00e1si k\u00f6lts\u00e9gek \u00e9s k\u00f6lt\u00f6z\u00e9si tippek\">Miami<\/a>, Orlando, Bridgeport, <a href=\"https:\/\/moverdb.com\/hu\/moving-to-chicago\/\" data-internallinksmanager029f6b8e52c=\"39\" title=\"Chicag\u00f3ba k\u00f6lt\u00f6zik? 2022 Meg\u00e9lhet\u00e9si k\u00f6lts\u00e9gek \u00e9s k\u00f6lt\u00f6z\u00e9si tippek\">Chicago<\/a>, Worcester, <a href=\"https:\/\/moverdb.com\/hu\/moving-to-philadelphia\/\" data-internallinksmanager029f6b8e52c=\"61\" title=\"Philadelphi\u00e1ba k\u00f6lt\u00f6zik? 2022 Meg\u00e9lhet\u00e9si k\u00f6lts\u00e9gek \u00e9s k\u00f6lt\u00f6z\u00e9si tippek\">Philadelphia<\/a> \u00e9s San Diego. 52 \u00e9ves tapasztalattal az IAM tagja, \u00e9s a FIDI \u00e1ltal akkredit\u00e1ltak.<\/p>\n<p>A La Rosa Del Monte szem\u00e9lyre szabott h\u00e1zhozsz\u00e1ll\u00edt\u00e1st k\u00edn\u00e1l, <a href=\"https:\/\/moverdb.com\/hu\/top-49-container-ports\/\" data-internallinksmanager029f6b8e52c=\"80\" title=\"Top 49 legnagyobb \u00e9s legforgalmasabb kont\u00e9nerkik\u00f6t\u0151 2025-ben\">port<\/a>-t\u00f3l-h\u00e1zig vagy h\u00e1zt\u00f3l-kik\u00f6t\u0151ig k\u00f6lt\u00f6ztet\u00e9si szolg\u00e1ltat\u00e1s, bele\u00e9rtve a k\u00f6lt\u00f6z\u00e9s minden l\u00e9p\u00e9s\u00e9nek megtervez\u00e9s\u00e9t. Csomagol\u00e1si szolg\u00e1ltat\u00e1sokat k\u00edn\u00e1lnak, k\u00fcl\u00f6nf\u00e9le csomagol\u00f3anyagok \u00e9s egyedi l\u00e1d\u00e1k haszn\u00e1lat\u00e1val, hogy megv\u00e9dj\u00e9k t\u00e1rgyait \u00e9s sz\u00e9tszerelj\u00e9k a b\u00fatorokat, valamint \u00e9rkez\u00e9skor kicsomagolj\u00e1k \u00e9s \u00f6sszeszerelik a b\u00fatorokat.<\/p>\n<p>Weboldal: <a href=\"http:\/\/www.lrdm.com\" target=\"_blank\" rel=\"noopener\">http:\/\/www.lrdm.com<\/a><\/p>\n<h2><span class=\"ez-toc-section\" id=\"3_Alliance_Moving_Solutions\"><\/span><strong>3. Alliance Moving Solutions<\/strong><span class=\"ez-toc-section-end\"><\/span><\/h2>\n<p><img loading=\"lazy\" decoding=\"async\" class=\"alignnone size-full wp-image-11252\" src=\"https:\/\/moverdb.com\/wp-content\/uploads\/Alliance-Moving-Solutions-international-moving-company.png\" alt=\"Alliance Moving Solutions nemzetk\u00f6zi k\u00f6lt\u00f6ztet\u0151 c\u00e9g\" width=\"1440\" height=\"679\" data-wp-pid=\"11252\" srcset=\"https:\/\/moverdb.com\/wp-content\/uploads\/Alliance-Moving-Solutions-international-moving-company.png 1440w, https:\/\/moverdb.com\/wp-content\/uploads\/Alliance-Moving-Solutions-international-moving-company-300x141.png 300w, https:\/\/moverdb.com\/wp-content\/uploads\/Alliance-Moving-Solutions-international-moving-company-1024x483.png 1024w, https:\/\/moverdb.com\/wp-content\/uploads\/Alliance-Moving-Solutions-international-moving-company-18x8.png 18w, https:\/\/moverdb.com\/wp-content\/uploads\/Alliance-Moving-Solutions-international-moving-company-600x283.png 600w\" sizes=\"auto, (max-width: 1440px) 100vw, 1440px\" \/><\/p>\n<ul>\n<li>Nemzetk\u00f6zi k\u00f6lt\u00f6z\u00e9sek<\/li>\n<li>H\u00e1ztart\u00e1si k\u00f6lt\u00f6z\u00e9sek<\/li>\n<li>V\u00e1llalati k\u00f6lt\u00f6z\u00e9sek<\/li>\n<li>V\u00e9gpontt\u00f3l v\u00e9gpontig tart\u00f3 szolg\u00e1ltat\u00e1s<\/li>\n<li>Testreszabott szolg\u00e1ltat\u00e1sok<\/li>\n<li>Csomagol\u00e1si szolg\u00e1ltat\u00e1s<\/li>\n<li>Sz\u00e1razf\u00f6ldi, tengeri vagy l\u00e9gi sz\u00e1ll\u00edt\u00e1s<\/li>\n<li>V\u00e1mkezel\u00e9s<\/li>\n<li>H\u00e1zi\u00e1llat- \u00e9s j\u00e1rm\u0171sz\u00e1ll\u00edt\u00e1s<\/li>\n<li>Rakt\u00e1roz\u00e1si lehet\u0151s\u00e9gek<\/li>\n<\/ul>\n<p>Az Alliance Moving Solutions egy nemzetk\u00f6zi k\u00f6lt\u00f6ztet\u00e9si szolg\u00e1ltat\u00f3, amely t\u00f6bb mint 15 \u00e9ves tapasztalattal rendelkezik, \u00e9s sz\u00e9khelye Brooklynban, New Yorkban tal\u00e1lhat\u00f3. Nyolc \u00e9ves tapasztalattal az IAM tagja, ez a tags\u00e1g az ellen\u0151rz\u00f6tt k\u00f6lt\u00f6ztet\u0151 c\u00e9gek vil\u00e1gm\u00e9ret\u0171 h\u00e1l\u00f3zat\u00e1t biztos\u00edtja a t\u00e1mogat\u00e1sukhoz.<\/p>\n<p>Az Alliance Moving Solutions szem\u00e9lyre szabott, teljes k\u00f6r\u0171 k\u00f6lt\u00f6ztet\u00e9si megold\u00e1sokat k\u00edn\u00e1l egy k\u00f6lt\u00f6z\u00e9si koordin\u00e1torral, aki a k\u00f6lt\u00f6z\u00e9s sor\u00e1n v\u00e9gig t\u00e1mogatja \u00d6nt. V\u00e1laszthatja a h\u00e1zt\u00f3l-h\u00e1zig \u00e9s a kik\u00f6t\u0151be vagy rep\u00fcl\u0151t\u00e9rre t\u00f6rt\u00e9n\u0151 k\u00f6lt\u00f6ztet\u00e9st, \u00e9s a h\u00e1zon bel\u00fcli felm\u00e9r\u00e9s sor\u00e1n \u00f6sszegy\u0171jtik ezeket \u00e9s m\u00e9g sok m\u00e1st is. Biztons\u00e1gosan becsomagolj\u00e1k a holmij\u00e1t, \u00e9s megszervezik a megfelel\u0151 sz\u00e1razf\u00f6ldi, tengeri vagy l\u00e9gi sz\u00e1ll\u00edt\u00e1st a c\u00e9l\u00e1llom\u00e1sra.<\/p>\n<p>Weboldal: <a href=\"http:\/\/www.alliancemovingsolutions.com\/\" target=\"_blank\" rel=\"noopener\">http:\/\/www.alliancemovingsolutions.com\/<\/a><\/p>\n<h2><span class=\"ez-toc-section\" id=\"4_Wayfinder_Moving_Services\"><\/span><strong>4. Wayfinder k\u00f6lt\u00f6ztet\u0151 szolg\u00e1ltat\u00e1sok<\/strong><span class=\"ez-toc-section-end\"><\/span><\/h2>\n<p><img loading=\"lazy\" decoding=\"async\" class=\"alignnone size-full wp-image-11635\" src=\"https:\/\/moverdb.com\/wp-content\/uploads\/Wayfinder-Moving-Services-international-moving-company.png\" alt=\"Wayfinder Moving Services nemzetk\u00f6zi k\u00f6lt\u00f6ztet\u0151 c\u00e9g\" width=\"1440\" height=\"675\" data-wp-pid=\"11635\" srcset=\"https:\/\/moverdb.com\/wp-content\/uploads\/Wayfinder-Moving-Services-international-moving-company.png 1440w, https:\/\/moverdb.com\/wp-content\/uploads\/Wayfinder-Moving-Services-international-moving-company-300x141.png 300w, https:\/\/moverdb.com\/wp-content\/uploads\/Wayfinder-Moving-Services-international-moving-company-1024x480.png 1024w, https:\/\/moverdb.com\/wp-content\/uploads\/Wayfinder-Moving-Services-international-moving-company-18x8.png 18w, https:\/\/moverdb.com\/wp-content\/uploads\/Wayfinder-Moving-Services-international-moving-company-600x281.png 600w\" sizes=\"auto, (max-width: 1440px) 100vw, 1440px\" \/><\/p>\n<ul>\n<li>Helyi k\u00f6lt\u00f6z\u00e9sek<\/li>\n<li>Hossz\u00fa t\u00e1v\u00fa k\u00f6lt\u00f6z\u00e9sek<\/li>\n<li>Lakoss\u00e1gi k\u00f6lt\u00f6z\u00e9sek<\/li>\n<li>Irodai k\u00f6lt\u00f6z\u00e9sek<\/li>\n<li>Szem\u00e9lyre szabott k\u00f6lt\u00f6z\u00e9si tervek<\/li>\n<li>Otthoni v\u00e9delmi csomag<\/li>\n<li>Csomagol\u00e1si szolg\u00e1ltat\u00e1s<\/li>\n<li>DIY csomagol\u00e1s<\/li>\n<li>Sz\u00e1ll\u00edt\u00e1si meg\u00e1llapod\u00e1sok<\/li>\n<li>Rakt\u00e1roz\u00e1si lehet\u0151s\u00e9gek<\/li>\n<\/ul>\n<p>A Wayfinder Moving Services egy k\u00f6lt\u00f6ztet\u0151 \u00e9s t\u00e1rol\u00f3 c\u00e9g, amelynek sz\u00e9khelye Buffalo, New York. \u0150k a National Van Lines \u00e1llamk\u00f6zi \u00fcgyn\u00f6kei, \u00e9s a glob\u00e1lis lefedetts\u00e9g \u00e9rdek\u00e9ben partneri kapcsolatot alak\u00edtottak ki vel\u00fck. \u00d6t\u00e9ves tapasztalattal rendelkez\u0151 IAM-tagok.<\/p>\n<p>A Wayfinder Moving Services sz\u00e1mos k\u00f6lt\u00f6z\u00e9si szolg\u00e1ltat\u00e1st k\u00edn\u00e1l, amelyek magukban foglalj\u00e1k a lak\u00f3- \u00e9s irodai k\u00f6lt\u00f6z\u00e9seket, valamint az id\u0151sebbek k\u00f6lt\u00f6z\u00e9s\u00e9t. Teljes k\u00f6r\u0171, az \u00d6n ig\u00e9nyeire szabott k\u00f6lt\u00f6z\u00e9si szolg\u00e1ltat\u00e1st k\u00edn\u00e1lnak, amely mag\u00e1ban foglalja a szem\u00e9lyre szabott k\u00f6lt\u00f6z\u00e9si tervet \u00e9s egy otthonv\u00e9delmi k\u00e9szletet, amely megv\u00e9di otthon\u00e1t \u00e9s ing\u00f3s\u00e1gait a k\u00f6lt\u00f6z\u00e9s sor\u00e1n.<\/p>\n<p>Weboldal: <a href=\"https:\/\/wayfindermoving.com\/\" target=\"_blank\" rel=\"noopener\">https:\/\/wayfindermoving.com\/<\/a><\/p>\n<h2><span class=\"ez-toc-section\" id=\"5_Courtney_International_Forwarding\"><\/span><strong>5. Courtney Nemzetk\u00f6zi sz\u00e1ll\u00edtm\u00e1nyoz\u00e1s<\/strong><span class=\"ez-toc-section-end\"><\/span><\/h2>\n<p><img loading=\"lazy\" decoding=\"async\" class=\"alignnone size-full wp-image-11298\" src=\"https:\/\/moverdb.com\/wp-content\/uploads\/Courtney-International-Forwarding-moving-company.png\" alt=\"Courtney Nemzetk\u00f6zi Sz\u00e1ll\u00edtm\u00e1nyoz\u00e1si v\u00e1llalat\" width=\"1440\" height=\"676\" data-wp-pid=\"11298\" srcset=\"https:\/\/moverdb.com\/wp-content\/uploads\/Courtney-International-Forwarding-moving-company.png 1440w, https:\/\/moverdb.com\/wp-content\/uploads\/Courtney-International-Forwarding-moving-company-300x141.png 300w, https:\/\/moverdb.com\/wp-content\/uploads\/Courtney-International-Forwarding-moving-company-1024x481.png 1024w, https:\/\/moverdb.com\/wp-content\/uploads\/Courtney-International-Forwarding-moving-company-18x8.png 18w, https:\/\/moverdb.com\/wp-content\/uploads\/Courtney-International-Forwarding-moving-company-600x282.png 600w\" sizes=\"auto, (max-width: 1440px) 100vw, 1440px\" \/><\/p>\n<ul>\n<li>Nemzeti \u00e1rufuvaroz\u00e1s<\/li>\n<li>Nemzetk\u00f6zi fuvaroz\u00e1s<\/li>\n<li>H\u00e1ztart\u00e1si k\u00f6lt\u00f6z\u00e9sek<\/li>\n<li>Kereskedelmi \u00e1rusz\u00e1ll\u00edt\u00e1s<\/li>\n<li>V\u00e1llalati \u00e1thelyez\u00e9sek<\/li>\n<li>K\u00f6zleked\u00e9sir\u00e1ny\u00edt\u00e1s<\/li>\n<li>L\u00e9gi sz\u00e1ll\u00edtm\u00e1nyoz\u00e1s<\/li>\n<li>A tart\u00e1lyok kiv\u00e1laszt\u00e1sa<\/li>\n<li>V\u00e1m\u00fcgyn\u00f6ki tev\u00e9kenys\u00e9g<\/li>\n<\/ul>\n<p>A Courtney International Forwarding egy 1966-ban New Yorkban alap\u00edtott, vil\u00e1gm\u00e9ret\u0171 sz\u00e1ll\u00edtm\u00e1nyoz\u00e1si v\u00e1llalat, amelynek sz\u00e9khelye East Meadowban tal\u00e1lhat\u00f3. Az IAM tagja, 35 \u00e9ves tapasztalattal rendelkeznek, ami a k\u00f6lt\u00f6ztet\u0151 c\u00e9gek nemzetk\u00f6zi h\u00e1l\u00f3zat\u00e1val seg\u00edti \u0151ket.<\/p>\n<p>A Courtney International Forwarding egy <a href=\"https:\/\/moverdb.com\/hu\/shipping-companies\/\" data-internallinksmanager029f6b8e52c=\"4\" title=\"Top 10 nemzetk\u00f6zi kont\u00e9nersz\u00e1ll\u00edt\u00f3 c\u00e9gek\">haj\u00f3z\u00e1si v\u00e1llalat<\/a> \u00e9s nem k\u00edn\u00e1l teljes k\u00f6r\u0171 k\u00f6lt\u00f6z\u00e9si szolg\u00e1ltat\u00e1st, p\u00e9ld\u00e1ul csomagol\u00e1si szolg\u00e1ltat\u00e1sokat. Szakter\u00fclet\u00fck a l\u00e9gi sz\u00e1ll\u00edtm\u00e1nyoz\u00e1s LDN-ek, D-kont\u00e9nerek, E-kont\u00e9nerek, emel\u0151kocsik \u00e9s egyedi gy\u00e1rt\u00e1s\u00fa l\u00e1d\u00e1k haszn\u00e1lat\u00e1val. Kiv\u00e1lasztj\u00e1k a lehet\u0151 legjobb \u00fatvonalat, \u00e9s a legjobb \u00e1rat keresik az \u00d6n sz\u00e1ll\u00edtm\u00e1ny\u00e1hoz.<\/p>\n<p>Weboldal: <a href=\"http:\/\/www.courtneyinternational.com\" target=\"_blank\" rel=\"noopener\">http:\/\/www.courtneyinternational.com<\/a><\/p>\n<h2><span class=\"ez-toc-section\" id=\"6_International_Sea_Air_Shipping\"><\/span><strong>6. Nemzetk\u00f6zi tengeri \u00e9s l\u00e9gi sz\u00e1ll\u00edt\u00e1s<\/strong><span class=\"ez-toc-section-end\"><\/span><\/h2>\n<p><img loading=\"lazy\" decoding=\"async\" class=\"alignnone size-full wp-image-11528\" src=\"https:\/\/moverdb.com\/wp-content\/uploads\/International-Sea-Air-Shipping-international-moving-company.png\" alt=\"Nemzetk\u00f6zi tengeri \u00e9s l\u00e9gi sz\u00e1ll\u00edt\u00e1s nemzetk\u00f6zi k\u00f6lt\u00f6ztet\u0151 c\u00e9g\" width=\"1440\" height=\"677\" data-wp-pid=\"11528\" srcset=\"https:\/\/moverdb.com\/wp-content\/uploads\/International-Sea-Air-Shipping-international-moving-company.png 1440w, https:\/\/moverdb.com\/wp-content\/uploads\/International-Sea-Air-Shipping-international-moving-company-300x141.png 300w, https:\/\/moverdb.com\/wp-content\/uploads\/International-Sea-Air-Shipping-international-moving-company-1024x481.png 1024w, https:\/\/moverdb.com\/wp-content\/uploads\/International-Sea-Air-Shipping-international-moving-company-18x8.png 18w, https:\/\/moverdb.com\/wp-content\/uploads\/International-Sea-Air-Shipping-international-moving-company-600x282.png 600w\" sizes=\"auto, (max-width: 1440px) 100vw, 1440px\" \/><\/p>\n<ul>\n<li>Nemzetk\u00f6zi k\u00f6lt\u00f6z\u00e9sek<\/li>\n<li>H\u00e1ztart\u00e1si k\u00f6lt\u00f6z\u00e9sek<\/li>\n<li>H\u00e1zt\u00f3l-h\u00e1zig szolg\u00e1ltat\u00e1s<\/li>\n<li>Export csomagol\u00e1s<\/li>\n<li>V\u00e1mt\u00e1mogat\u00e1s<\/li>\n<li>Kicsomagol\u00e1s \u00e9s t\u00f6rmel\u00e9k elt\u00e1vol\u00edt\u00e1sa<\/li>\n<li>Feh\u00e9r keszty\u0171s szolg\u00e1ltat\u00e1s<\/li>\n<li>M\u0171v\u00e9szetek \u00e9s r\u00e9gis\u00e9gek kezel\u00e9se<\/li>\n<li>J\u00e1rm\u0171sz\u00e1ll\u00edt\u00e1s<\/li>\n<li>T\u00e1rol\u00e1si szolg\u00e1ltat\u00e1sok<\/li>\n<\/ul>\n<p>A nemzetk\u00f6zi tengeri \u00e9s l\u00e9gi sz\u00e1ll\u00edt\u00e1s egy nemzetk\u00f6zi <a href=\"https:\/\/moverdb.com\/hu\/freight-forwarder\/\" data-internallinksmanager029f6b8e52c=\"17\" title=\"Sz\u00e1ll\u00edtm\u00e1nyoz\u00f3 \u00e9s NVOCC nemzetk\u00f6zi k\u00f6lts\u00e9g \u00e9s c\u00e9gek \u00fatmutat\u00f3ja\">sz\u00e1ll\u00edtm\u00e1nyoz\u00f3<\/a> amely h\u00e1ztart\u00e1si \u00e1ruk sz\u00e1ll\u00edt\u00e1s\u00e1ra szakosodott. Nemzetk\u00f6zi szolg\u00e1ltat\u00e1sokat ny\u00fajtanak minden t\u00edpus\u00fa h\u00e1ztart\u00e1si \u00e1ru \u00e9s j\u00e1rm\u0171 eset\u00e9ben. Az IAM tagjak\u00e9nt 13 \u00e9ves tapasztalattal rendelkeznek.<\/p>\n<p>A nemzetk\u00f6zi tengeri \u00e9s l\u00e9gi sz\u00e1ll\u00edtm\u00e1nyoz\u00e1s szem\u00e9lyre szabott \u00e1raj\u00e1nlatk\u00e9sz\u00edt\u00e9si folyamatot k\u00edn\u00e1l a h\u00e1zt\u00f3l h\u00e1zig tart\u00f3 k\u00f6lt\u00f6ztet\u00e9si szolg\u00e1ltat\u00e1sokhoz, h\u00e1ztart\u00e1si felm\u00e9r\u00e9ssel. Egyedi csomagol\u00e1si szolg\u00e1ltat\u00e1st ny\u00fajtanak a holmij\u00e1nak biztons\u00e1gos \u00e9s v\u00e9dett export\u00e1l\u00e1s\u00e1hoz, amely mag\u00e1ban foglalja a dobozol\u00e1st, \u00e9s meg\u00e9rkez\u00e9skor kicsomagolj\u00e1k a holmij\u00e1t, \u00e9s elt\u00e1vol\u00edtj\u00e1k a t\u00f6rmel\u00e9ket. Megszervezik a holmij\u00e1nak sz\u00e1ll\u00edt\u00e1s\u00e1t \u00e9s elv\u00e9gzik a v\u00e1mkezel\u00e9st.<\/p>\n<p>Weboldal: <a href=\"https:\/\/internationalmoving.com\/\" target=\"_blank\" rel=\"noopener\">https:\/\/internationalmoving.com\/<\/a><\/p>\n<h2><span class=\"ez-toc-section\" id=\"7_Relo_Solutions_Group\"><\/span><strong>7. Relo Solutions Group<\/strong>\u00a0<img loading=\"lazy\" decoding=\"async\" class=\"alignnone size-full wp-image-11636\" src=\"https:\/\/moverdb.com\/wp-content\/uploads\/Relo-Solutions-Group-international-moving-company.png\" alt=\"Relo Solutions Group nemzetk\u00f6zi k\u00f6lt\u00f6ztet\u0151 c\u00e9g\" width=\"1440\" height=\"677\" data-wp-pid=\"11636\" srcset=\"https:\/\/moverdb.com\/wp-content\/uploads\/Relo-Solutions-Group-international-moving-company.png 1440w, https:\/\/moverdb.com\/wp-content\/uploads\/Relo-Solutions-Group-international-moving-company-300x141.png 300w, https:\/\/moverdb.com\/wp-content\/uploads\/Relo-Solutions-Group-international-moving-company-1024x481.png 1024w, https:\/\/moverdb.com\/wp-content\/uploads\/Relo-Solutions-Group-international-moving-company-18x8.png 18w, https:\/\/moverdb.com\/wp-content\/uploads\/Relo-Solutions-Group-international-moving-company-600x282.png 600w\" sizes=\"auto, (max-width: 1440px) 100vw, 1440px\" \/><span class=\"ez-toc-section-end\"><\/span><\/h2>\n<ul>\n<li>Nemzeti l\u00e9p\u00e9sek<\/li>\n<li>Nemzetk\u00f6zi k\u00f6lt\u00f6z\u00e9sek<\/li>\n<li>H\u00e1ztart\u00e1si k\u00f6lt\u00f6z\u00e9sek<\/li>\n<li>Irodai k\u00f6lt\u00f6z\u00e9sek<\/li>\n<li>Csomagol\u00e1si szolg\u00e1ltat\u00e1s<\/li>\n<li>Sz\u00e9tszerel\u00e9si \u00e9s \u00f6sszeszerel\u00e9si szolg\u00e1ltat\u00e1s<\/li>\n<li>Sz\u00e1ll\u00edt\u00e1si meg\u00e1llapod\u00e1sok<\/li>\n<li>T\u00f6rmel\u00e9k elt\u00e1vol\u00edt\u00e1sa<\/li>\n<li>Ezermester szolg\u00e1ltat\u00e1s<\/li>\n<li>Motorker\u00e9kp\u00e1r sz\u00e1ll\u00edt\u00e1s<\/li>\n<\/ul>\n<p>A Relo Solutions Group egy 2017-ben alap\u00edtott, speci\u00e1lis helysz\u00edni munkaer\u0151-k\u00f6lcs\u00f6nz\u00e9si szolg\u00e1ltat\u00e1sokat ny\u00fajt\u00f3 v\u00e1llalat, amelynek sz\u00e9khelye a New York-i Fayetteville-ben tal\u00e1lhat\u00f3. Megb\u00edzhat\u00f3 helysz\u00edni technikusok \u00e9s speci\u00e1lis besz\u00e1ll\u00edt\u00f3k kiterjedt h\u00e1l\u00f3zat\u00e1val rendelkeznek, amelyek seg\u00edtik \u0151ket szolg\u00e1ltat\u00e1saik nemzetk\u00f6zi ny\u00fajt\u00e1s\u00e1ban. Hat\u00e9ves tapasztalattal rendelkez\u0151 IAM-tagok.<\/p>\n<p>A Relo Solutions Group h\u00e1zon bel\u00fcli felm\u00e9r\u00e9st k\u00edn\u00e1l az \u00d6n k\u00f6lt\u00f6z\u00e9si ig\u00e9nyeinek felm\u00e9r\u00e9s\u00e9re. Csomagol\u00e1si szolg\u00e1ltat\u00e1st k\u00edn\u00e1lnak, amely mag\u00e1ban foglalja a b\u00fatorok dobozol\u00e1s\u00e1t \u00e9s sz\u00e9tszerel\u00e9s\u00e9t, majd a meg\u00e9rkez\u00e9skor a b\u00fatorok kicsomagol\u00e1s\u00e1t \u00e9s \u00f6sszeszerel\u00e9s\u00e9t. Tov\u00e1bbi szolg\u00e1ltat\u00e1sokat k\u00edn\u00e1lnak, amelyek magukban foglalj\u00e1k az ezermester-szolg\u00e1ltat\u00e1sokat, a bek\u00f6lt\u00f6z\u00e9si vagy kik\u00f6lt\u00f6z\u00e9si takar\u00edt\u00f3i szolg\u00e1ltat\u00e1sokat, a t\u00f6rmel\u00e9k elt\u00e1vol\u00edt\u00e1s\u00e1t \u00e9s az \u00e9lelmiszerboltok felt\u00f6lt\u00e9s\u00e9t.<\/p>\n<p>Weboldal: <a href=\"https:\/\/relosolutionsgroup.com\/\" target=\"_blank\" rel=\"noopener\">https:\/\/relosolutionsgroup.com\/<\/a><\/p>\n<h2><span class=\"ez-toc-section\" id=\"8_Capital_Logistics\"><\/span><strong>8. F\u0151v\u00e1rosi logisztika<\/strong><span class=\"ez-toc-section-end\"><\/span><\/h2>\n<p><img loading=\"lazy\" decoding=\"async\" class=\"alignnone size-full wp-image-11281\" src=\"https:\/\/moverdb.com\/wp-content\/uploads\/Capital-Logistics-international-moving-company.png\" alt=\"Capital Logistics nemzetk\u00f6zi k\u00f6lt\u00f6ztet\u0151 c\u00e9g\" width=\"1440\" height=\"671\" data-wp-pid=\"11281\" srcset=\"https:\/\/moverdb.com\/wp-content\/uploads\/Capital-Logistics-international-moving-company.png 1440w, https:\/\/moverdb.com\/wp-content\/uploads\/Capital-Logistics-international-moving-company-300x140.png 300w, https:\/\/moverdb.com\/wp-content\/uploads\/Capital-Logistics-international-moving-company-1024x477.png 1024w, https:\/\/moverdb.com\/wp-content\/uploads\/Capital-Logistics-international-moving-company-18x8.png 18w, https:\/\/moverdb.com\/wp-content\/uploads\/Capital-Logistics-international-moving-company-600x280.png 600w\" sizes=\"auto, (max-width: 1440px) 100vw, 1440px\" \/><\/p>\n<ul>\n<li>Nemzeti \u00e1rufuvaroz\u00e1s<\/li>\n<li>Nemzetk\u00f6zi fuvaroz\u00e1s<\/li>\n<li>H\u00e1ztart\u00e1si cikkek<\/li>\n<li>Kereskedelmi \u00e1ruk<\/li>\n<li>H\u00e1zt\u00f3l-h\u00e1zig szolg\u00e1ltat\u00e1s<\/li>\n<li>L\u00e9gi, tengeri, vas\u00fati \u00e9s teherg\u00e9pkocsi-sz\u00e1ll\u00edt\u00e1s<\/li>\n<li>Konszolid\u00e1ci\u00f3s lehet\u0151s\u00e9gek<\/li>\n<li>V\u00e1mkezel\u00e9s<\/li>\n<li>K\u00e9pz\u0151m\u0171v\u00e9szeti kezel\u00e9s<\/li>\n<li>Aut\u00f3k\u00f6zleked\u00e9s<\/li>\n<\/ul>\n<p>A Capital Logistics egy 2009-ben alap\u00edtott, Forest Hills-i sz\u00e9khely\u0171 harmadik f\u00e9l logisztikai v\u00e1llalat. Glob\u00e1lis partnerh\u00e1l\u00f3zattal \u00e9s fuvaroz\u00f3i kapcsolatokkal rendelkeznek, amelyek t\u00e1mogatj\u00e1k \u0151ket szolg\u00e1ltat\u00e1saik nemzetk\u00f6zi ny\u00fajt\u00e1s\u00e1ban. H\u00e9t\u00e9ves tapasztalattal rendelkez\u0151 IAM-tagok.<\/p>\n<p>A Capital Logistics csak h\u00e1zt\u00f3l-h\u00e1zig tart\u00f3 sz\u00e1ll\u00edt\u00e1si szolg\u00e1ltat\u00e1sokat ny\u00fajt, \u00e9s nem k\u00edn\u00e1l tov\u00e1bbi szolg\u00e1ltat\u00e1sokat, p\u00e9ld\u00e1ul csomagol\u00e1st. T\u00f6bbf\u00e9le sz\u00e1ll\u00edt\u00e1si lehet\u0151s\u00e9get k\u00edn\u00e1lnak, bele\u00e9rtve a l\u00e9gi, tengeri, vas\u00fati \u00e9s teheraut\u00f3 sz\u00e1ll\u00edt\u00e1st. Teljes k\u00f6r\u0171 v\u00e1mkezel\u00e9si szolg\u00e1ltat\u00e1st ny\u00fajtanak az Egyes\u00fclt \u00c1llamokon kereszt\u00fcl t\u00f6rt\u00e9n\u0151 import \u00e9s export lebonyol\u00edt\u00e1s\u00e1hoz. Nyomon k\u00f6vet\u00e9si inform\u00e1ci\u00f3kat ny\u00fajtanak a k\u00fcldem\u00e9nyekr\u0151l, \u00edgy \u00d6n mindig tudja, hogy hol van a k\u00fcldem\u00e9nye.<\/p>\n<p>Weboldal: <a href=\"http:\/\/capitallogisticsllc.com\" target=\"_blank\" rel=\"noopener\">http:\/\/capitallogisticsllc.com<\/a><\/p>\n<h2><span class=\"ez-toc-section\" id=\"9_Overseas_Brokers\"><\/span><strong>9. Tengerent\u00fali br\u00f3kerek<\/strong><span class=\"ez-toc-section-end\"><\/span><\/h2>\n<p><img loading=\"lazy\" decoding=\"async\" class=\"alignnone size-full wp-image-11403\" src=\"https:\/\/moverdb.com\/wp-content\/uploads\/Overseas-Brokers-international-moving-company.png\" alt=\"Overseas Brokers nemzetk\u00f6zi k\u00f6lt\u00f6ztet\u0151 c\u00e9g\" width=\"1440\" height=\"675\" data-wp-pid=\"11403\" srcset=\"https:\/\/moverdb.com\/wp-content\/uploads\/Overseas-Brokers-international-moving-company.png 1440w, https:\/\/moverdb.com\/wp-content\/uploads\/Overseas-Brokers-international-moving-company-300x141.png 300w, https:\/\/moverdb.com\/wp-content\/uploads\/Overseas-Brokers-international-moving-company-1024x480.png 1024w, https:\/\/moverdb.com\/wp-content\/uploads\/Overseas-Brokers-international-moving-company-18x8.png 18w, https:\/\/moverdb.com\/wp-content\/uploads\/Overseas-Brokers-international-moving-company-600x281.png 600w\" sizes=\"auto, (max-width: 1440px) 100vw, 1440px\" \/><\/p>\n<ul>\n<li>Nemzetk\u00f6zi fuvaroz\u00e1s<\/li>\n<li>H\u00e1ztart\u00e1si k\u00f6lt\u00f6z\u00e9sek<\/li>\n<li>V\u00e1llalati \u00e1thelyez\u00e9sek<\/li>\n<li>Testreszabott szolg\u00e1ltat\u00e1sok<\/li>\n<li>H\u00e1zhoz men\u0151 szolg\u00e1ltat\u00e1sok<\/li>\n<li>Tengeri, l\u00e9gi, teheraut\u00f3, vas\u00fati \u00e9s usz\u00e1lyos sz\u00e1ll\u00edt\u00e1s<\/li>\n<li>Sz\u00e1ll\u00edt\u00e1s v\u00e9delme<\/li>\n<li>V\u00e1mt\u00e1mogat\u00e1s<\/li>\n<li>J\u00e1rm\u0171sz\u00e1ll\u00edt\u00e1s<\/li>\n<li>Biztos\u00edt\u00e1s<\/li>\n<\/ul>\n<p>Az Overseas Brokers egy 1986-ban alap\u00edtott nemzetk\u00f6zi sz\u00e1ll\u00edtm\u00e1nyoz\u00e1si szolg\u00e1ltat\u00f3 v\u00e1llalat, amelynek sz\u00e9khelye Great Neckben tal\u00e1lhat\u00f3. 37 \u00e9ves tapasztalattal az IAM tagja, ez biztos\u00edtja sz\u00e1mukra a k\u00f6lt\u00f6ztet\u0151 \u00fcgyn\u00f6k\u00f6k vil\u00e1gm\u00e9ret\u0171 h\u00e1l\u00f3zat\u00e1t, amellyel egy\u00fctt dolgozhatnak.<\/p>\n<p>Az Overseas Brokers h\u00e1zt\u00f3l-h\u00e1zig, rakt\u00e1rt\u00f3l-h\u00e1zig vagy kik\u00f6t\u0151t\u0151l-kik\u00f6t\u0151ig szolg\u00e1ltat\u00e1sokat k\u00edn\u00e1l a h\u00e1ztart\u00e1si \u00e1ruk, valamint \u00f6ncsomagol\u00f3 kont\u00e9nereket. Intermod\u00e1lis szolg\u00e1ltat\u00e1sokat k\u00edn\u00e1lnak, amelyek magukban foglalhatj\u00e1k az \u00f3ce\u00e1ni, l\u00e9gi, teheraut\u00f3, vas\u00fati \u00e9s usz\u00e1lyos sz\u00e1ll\u00edt\u00e1st teljes kont\u00e9nerekkel, kev\u00e9sb\u00e9 teljes kont\u00e9nerekkel \u00e9s p\u00f3tkocsikkal. Szolg\u00e1ltat\u00e1sokat k\u00edn\u00e1lnak a rakom\u00e1ny v\u00e9delme \u00e9rdek\u00e9ben, bele\u00e9rtve az egyedi l\u00e1d\u00e1z\u00e1st, a VCI csomagol\u00e1st, a raklapoz\u00e1st, az egyedi csomagol\u00e1st \u00e9s a zsugorf\u00f3li\u00e1z\u00e1st.<\/p>\n<p>Weboldal: <a href=\"http:\/\/overseasbrokers.com\" target=\"_blank\" rel=\"noopener\">http:\/\/overseasbrokers.com<\/a><\/p>\n<h2><span class=\"ez-toc-section\" id=\"10_International_Movers_Network\"><\/span><strong>10. Nemzetk\u00f6zi k\u00f6lt\u00f6ztet\u0151k h\u00e1l\u00f3zata<\/strong><span class=\"ez-toc-section-end\"><\/span><\/h2>\n<p><img loading=\"lazy\" decoding=\"async\" class=\"alignnone size-full wp-image-11348\" src=\"https:\/\/moverdb.com\/wp-content\/uploads\/International-Movers-Network-moving-company.png\" alt=\"International Movers Network k\u00f6lt\u00f6ztet\u0151 c\u00e9g\" width=\"1440\" height=\"680\" data-wp-pid=\"11348\" srcset=\"https:\/\/moverdb.com\/wp-content\/uploads\/International-Movers-Network-moving-company.png 1440w, https:\/\/moverdb.com\/wp-content\/uploads\/International-Movers-Network-moving-company-300x142.png 300w, https:\/\/moverdb.com\/wp-content\/uploads\/International-Movers-Network-moving-company-1024x484.png 1024w, https:\/\/moverdb.com\/wp-content\/uploads\/International-Movers-Network-moving-company-18x9.png 18w, https:\/\/moverdb.com\/wp-content\/uploads\/International-Movers-Network-moving-company-600x283.png 600w\" sizes=\"auto, (max-width: 1440px) 100vw, 1440px\" \/><\/p>\n<ul>\n<li>Nemzeti l\u00e9p\u00e9sek<\/li>\n<li>Nemzetk\u00f6zi k\u00f6lt\u00f6z\u00e9sek<\/li>\n<li>Lakoss\u00e1gi k\u00f6lt\u00f6z\u00e9sek<\/li>\n<li>Kereskedelmi k\u00f6lt\u00f6z\u00e9sek<\/li>\n<li>Csomagol\u00e1si szolg\u00e1ltat\u00e1s<\/li>\n<li>Egyedi testre szabott szolg\u00e1ltat\u00e1sok<\/li>\n<li>H\u00e1zt\u00f3l-h\u00e1zig szolg\u00e1ltat\u00e1s<\/li>\n<li>Csomagol\u00e1si szolg\u00e1ltat\u00e1s<\/li>\n<li>K\u00f6zleked\u00e9si lehet\u0151s\u00e9gek<\/li>\n<li>Rakt\u00e1roz\u00e1si lehet\u0151s\u00e9gek<\/li>\n<\/ul>\n<p>A International Movers Network egy csomagol\u00f3 \u00e9s k\u00f6lt\u00f6ztet\u0151 c\u00e9g, sz\u00e9khelye pedig Hewlett, New York. Szolg\u00e1ltat\u00e1si h\u00e1l\u00f3zatuk az USA eg\u00e9sz ter\u00fclet\u00e9n \u00e9s vil\u00e1gszerte gondoskodik a vil\u00e1g minden t\u00e1j\u00e1n t\u00f6rt\u00e9n\u0151 k\u00f6lt\u00f6z\u00e9sekr\u0151l. Az IAM tagjak\u00e9nt 14 \u00e9ves tapasztalattal rendelkeznek.<\/p>\n<p>A International Movers Network szem\u00e9lyre szabott \u00e9s testreszabott k\u00f6lt\u00f6ztet\u00e9si szolg\u00e1ltat\u00e1sokat k\u00edn\u00e1l az \u00d6n ig\u00e9nyeihez, amelyek magukban foglalj\u00e1k a h\u00e1zt\u00f3l-h\u00e1zig vagy h\u00e1zt\u00f3l-kik\u00f6t\u0151ig szolg\u00e1ltat\u00e1st az USA \u00e9s a vil\u00e1gm\u00e9ret\u0171 k\u00f6lt\u00f6z\u00e9sekhez. Teljes kont\u00e9nerrakom\u00e1nyt, kevesebb mint teljes kont\u00e9nerrakom\u00e1nyt \u00e9s l\u00e9gi sz\u00e1ll\u00edt\u00e1st k\u00edn\u00e1lnak logisztikai menedzsmenttel. Professzion\u00e1lis csomagol\u00e1si szolg\u00e1ltat\u00e1st tudnak ny\u00fajtani, amely csomagol\u00f3anyagokat, raklapokat, emel\u0151kocsikat \u00e9s l\u00e1d\u00e1kat tartalmaz a t\u00f6r\u00e9keny t\u00e1rgyak sz\u00e1m\u00e1ra.<\/p>\n<p>Weboldal: <a href=\"http:\/\/www.internationalmoversnetwork.com\" target=\"_blank\" rel=\"noopener\">http:\/\/www.internationalmoversnetwork.com<\/a><\/p>\n<h2><span class=\"ez-toc-section\" id=\"11_International_Logistic_Services\"><\/span><strong>11. Nemzetk\u00f6zi logisztikai szolg\u00e1ltat\u00e1sok<\/strong><span class=\"ez-toc-section-end\"><\/span><\/h2>\n<p><img loading=\"lazy\" decoding=\"async\" class=\"alignnone size-full wp-image-11347\" src=\"https:\/\/moverdb.com\/wp-content\/uploads\/International-Logistic-Services-international-moving-company.png\" alt=\"Nemzetk\u00f6zi logisztikai szolg\u00e1ltat\u00e1sok nemzetk\u00f6zi k\u00f6lt\u00f6ztet\u0151 c\u00e9g\" width=\"1440\" height=\"678\" data-wp-pid=\"11347\" srcset=\"https:\/\/moverdb.com\/wp-content\/uploads\/International-Logistic-Services-international-moving-company.png 1440w, https:\/\/moverdb.com\/wp-content\/uploads\/International-Logistic-Services-international-moving-company-300x141.png 300w, https:\/\/moverdb.com\/wp-content\/uploads\/International-Logistic-Services-international-moving-company-1024x482.png 1024w, https:\/\/moverdb.com\/wp-content\/uploads\/International-Logistic-Services-international-moving-company-18x8.png 18w, https:\/\/moverdb.com\/wp-content\/uploads\/International-Logistic-Services-international-moving-company-600x283.png 600w\" sizes=\"auto, (max-width: 1440px) 100vw, 1440px\" \/><\/p>\n<ul>\n<li>Helyi k\u00f6lt\u00f6z\u00e9sek<\/li>\n<li>Nemzetk\u00f6zi k\u00f6lt\u00f6z\u00e9sek<\/li>\n<li>H\u00e1ztart\u00e1si k\u00f6lt\u00f6z\u00e9sek<\/li>\n<li>Kereskedelmi sz\u00e1ll\u00edtm\u00e1nyok<\/li>\n<li>Katonai mozg\u00e1sok<\/li>\n<li>H\u00e1zt\u00f3l-h\u00e1zig szolg\u00e1ltat\u00e1s<\/li>\n<li>L\u00e9gi sz\u00e1ll\u00edtm\u00e1nyoz\u00e1s<\/li>\n<li>Teherg\u00e9pkocsi-sz\u00e1ll\u00edt\u00e1s<\/li>\n<li>Kezel\u00e9si szab\u00e1lyok<\/li>\n<li>Biztons\u00e1gos ideiglenes t\u00e1rol\u00e1s<\/li>\n<\/ul>\n<p>Az International Logistic Services egy nemzetk\u00f6zi sz\u00e1ll\u00edtm\u00e1nyoz\u00e1si v\u00e1llalat, amely az 1980-as \u00e9vek k\u00f6zepe \u00f3ta m\u0171k\u00f6dik, \u00e9s sz\u00e9khelye a <a href=\"https:\/\/moverdb.com\/hu\/moving-companies\/moving-companies-jamaica\/\" data-internallinksmanager029f6b8e52c=\"310\" title=\"2 A legjobb nemzetk\u00f6zi k\u00f6lt\u00f6ztet\u0151 c\u00e9gek Jamaica\">Jamaica<\/a>, New York \u00e9s egy fi\u00f3kkal rendelkezik Huntington Beachen, <a href=\"https:\/\/moverdb.com\/hu\/moving-to-the-united-states\/moving-to-california\/\" data-internallinksmanager029f6b8e52c=\"330\" title=\"Kaliforni\u00e1ba k\u00f6lt\u00f6zik? 2023 \u00c9letk\u00f6lts\u00e9gek \u00e9s k\u00f6lt\u00f6z\u00e9si tippek\">Kalifornia<\/a>. Tagjai az IAM-nek, amely a k\u00f6lt\u00f6ztet\u0151 c\u00e9gek vil\u00e1gm\u00e9ret\u0171 h\u00e1l\u00f3zat\u00e1val t\u00e1mogatja \u0151ket.<\/p>\n<p>A Nemzetk\u00f6zi Logisztikai Szolg\u00e1ltat\u00e1sok h\u00e1ztart\u00e1si \u00e9s kereskedelmi \u00e1rusz\u00e1ll\u00edt\u00e1si szolg\u00e1ltat\u00e1sokat k\u00edn\u00e1l, valamint a katonai mozg\u00e1sok ell\u00e1t\u00e1s\u00e1t. Az Egyes\u00fclt \u00c1llamok b\u00e1rmely pontj\u00e1r\u00f3l a vil\u00e1g szinte b\u00e1rmely orsz\u00e1g\u00e1ba sz\u00e1ll\u00edtanak nemzetk\u00f6zi sz\u00e1ll\u00edtm\u00e1nyokat. Nemzetk\u00f6zi l\u00e9gi sz\u00e1ll\u00edt\u00e1st \u00e9s helyi teheraut\u00f3-szolg\u00e1ltat\u00e1st k\u00edn\u00e1lnak.<\/p>\n<p>Weboldal: <a href=\"http:\/\/www.ilogistics.com\" target=\"_blank\" rel=\"noopener\">http:\/\/www.ilogistics.com<\/a><\/p>\n<h2><span class=\"ez-toc-section\" id=\"12_Transparent_International\"><\/span><strong>12. \u00c1tl\u00e1that\u00f3 nemzetk\u00f6zi<\/strong><span class=\"ez-toc-section-end\"><\/span><\/h2>\n<p><img loading=\"lazy\" decoding=\"async\" class=\"alignnone size-full wp-image-11637\" src=\"https:\/\/moverdb.com\/wp-content\/uploads\/Transparent-International-moving-company.png\" alt=\"\u00c1tl\u00e1that\u00f3 nemzetk\u00f6zi k\u00f6lt\u00f6ztet\u0151 c\u00e9g\" width=\"1440\" height=\"678\" data-wp-pid=\"11637\" srcset=\"https:\/\/moverdb.com\/wp-content\/uploads\/Transparent-International-moving-company.png 1440w, https:\/\/moverdb.com\/wp-content\/uploads\/Transparent-International-moving-company-300x141.png 300w, https:\/\/moverdb.com\/wp-content\/uploads\/Transparent-International-moving-company-1024x482.png 1024w, https:\/\/moverdb.com\/wp-content\/uploads\/Transparent-International-moving-company-18x8.png 18w, https:\/\/moverdb.com\/wp-content\/uploads\/Transparent-International-moving-company-600x283.png 600w\" sizes=\"auto, (max-width: 1440px) 100vw, 1440px\" \/><\/p>\n<ul>\n<li>Nemzeti l\u00e9p\u00e9sek<\/li>\n<li>Nemzetk\u00f6zi \u00e1thelyez\u00e9sek<\/li>\n<li>H\u00e1ztart\u00e1si k\u00f6lt\u00f6z\u00e9sek<\/li>\n<li>V\u00e1llalati k\u00f6lt\u00f6z\u00e9sek<\/li>\n<li>H\u00e1zt\u00f3l-h\u00e1zig szolg\u00e1ltat\u00e1s<\/li>\n<li>Csomagol\u00e1si szolg\u00e1ltat\u00e1s<\/li>\n<li>Sz\u00e1ll\u00edt\u00e1si meg\u00e1llapod\u00e1sok<\/li>\n<li>V\u00e1mkezel\u00e9s<\/li>\n<li>Aut\u00f3sz\u00e1ll\u00edt\u00e1s<\/li>\n<li>Zongora mozgat\u00e1s<\/li>\n<\/ul>\n<p>Az \u00c1tl\u00e1tsz\u00f3 Nemzetk\u00f6zi egy Long Island Cityben m\u0171k\u00f6d\u0151 k\u00f6lt\u00f6ztet\u0151 \u00e9s sz\u00e1ll\u00edtm\u00e1nyoz\u00f3 c\u00e9g. Hatalmas \u00fcgyn\u00f6kh\u00e1l\u00f3zattal rendelkeznek szerte a vil\u00e1gon, amely seg\u00edti \u0151ket a nemzetk\u00f6zi k\u00f6lt\u00f6z\u00e9sek lebonyol\u00edt\u00e1s\u00e1ban. Hat\u00e9ves tapasztalattal rendelkez\u0151 IAM-tagok.<\/p>\n<p>A Transparent International teljes k\u00f6r\u0171 szolg\u00e1ltat\u00e1st k\u00edn\u00e1l a vil\u00e1g szinte b\u00e1rmely pontj\u00e1ra. Kiv\u00e1l\u00f3 min\u0151s\u00e9g\u0171 csomagol\u00f3anyagokat \u00e9s l\u00e1d\u00e1kat biztos\u00edtanak, amelyek megfelelnek a glob\u00e1lis k\u00f6lt\u00f6ztet\u00e9si szabv\u00e1nyoknak, hogy a holmij\u00e1t biztons\u00e1gosan eljuttassa a c\u00e9l\u00e1llom\u00e1sra. \u00d6n\u00e1ll\u00f3 csomagol\u00e1si lehet\u0151s\u00e9get is k\u00edn\u00e1lnak. Seg\u00edts\u00e9get ny\u00fajtanak a v\u00e1mkezel\u00e9sben a t\u00e1rgyak z\u00f6kken\u0151mentes sz\u00e1ll\u00edt\u00e1sa \u00e9rdek\u00e9ben. Nagyobb t\u00e1rgyak, p\u00e9ld\u00e1ul zongor\u00e1k, aut\u00f3k \u00e9s motorker\u00e9kp\u00e1rok sz\u00e1ll\u00edt\u00e1s\u00e1t is v\u00e1llalj\u00e1k.<\/p>\n<p>Weboldal: <a href=\"http:\/\/www.movingtransparent.com\" target=\"_blank\" rel=\"noopener\">http:\/\/www.movingtransparent.com<\/a><\/p>\n<h2><span class=\"ez-toc-section\" id=\"13_Findlay_International\"><\/span><strong>13. Findlay International<\/strong><span class=\"ez-toc-section-end\"><\/span><\/h2>\n<p><img loading=\"lazy\" decoding=\"async\" class=\"alignnone size-full wp-image-11319\" src=\"https:\/\/moverdb.com\/wp-content\/uploads\/Findlay-International-moving-company.png\" alt=\"Findlay Nemzetk\u00f6zi k\u00f6lt\u00f6ztet\u0151 c\u00e9g\" width=\"1440\" height=\"683\" data-wp-pid=\"11319\" srcset=\"https:\/\/moverdb.com\/wp-content\/uploads\/Findlay-International-moving-company.png 1440w, https:\/\/moverdb.com\/wp-content\/uploads\/Findlay-International-moving-company-300x142.png 300w, https:\/\/moverdb.com\/wp-content\/uploads\/Findlay-International-moving-company-1024x486.png 1024w, https:\/\/moverdb.com\/wp-content\/uploads\/Findlay-International-moving-company-18x9.png 18w, https:\/\/moverdb.com\/wp-content\/uploads\/Findlay-International-moving-company-600x285.png 600w\" sizes=\"auto, (max-width: 1440px) 100vw, 1440px\" \/><\/p>\n<ul>\n<li>Nemzeti l\u00e9p\u00e9sek<\/li>\n<li>Nemzetk\u00f6zi k\u00f6lt\u00f6z\u00e9sek<\/li>\n<li>H\u00e1ztart\u00e1si k\u00f6lt\u00f6z\u00e9sek<\/li>\n<li>Irod\u00e1k \u00e1thelyez\u00e9se<\/li>\n<li>Alkalmazottak \u00e1thelyez\u00e9se<\/li>\n<li>H\u00e1zt\u00f3l-h\u00e1zig szolg\u00e1ltat\u00e1s<\/li>\n<li>L\u00e9gi \u00e9s felsz\u00edni sz\u00e1ll\u00edt\u00e1sok<\/li>\n<li>K\u00e9pz\u0151m\u0171v\u00e9szeti kezel\u00e9s<\/li>\n<li>J\u00e1rm\u0171sz\u00e1ll\u00edt\u00e1s<\/li>\n<li>Rakt\u00e1roz\u00e1si lehet\u0151s\u00e9gek<\/li>\n<\/ul>\n<p>A Findlay International egy 1957-ben New Yorkban alap\u00edtott nemzetk\u00f6zi k\u00f6lt\u00f6ztet\u0151 c\u00e9g. Telephelyeik Mount Vernonban \u00e9s Itasc\u00e1ban vannak. Az IAM tagja, 66 \u00e9ves tapasztalattal rendelkeznek, ami hozz\u00e1f\u00e9r\u00e9st biztos\u00edt sz\u00e1mukra a k\u00f6lt\u00f6ztet\u0151\u00fcgyn\u00f6k\u00f6k nemzetk\u00f6zi h\u00e1l\u00f3zat\u00e1hoz.<\/p>\n<p>A Findlay International professzion\u00e1lis \u00e9s tapasztalt csapataival h\u00e1zt\u00f3l-h\u00e1zig tart\u00f3 k\u00f6lt\u00f6ztet\u00e9si szolg\u00e1ltat\u00e1sokat k\u00edn\u00e1l orsz\u00e1gos \u00e9s nemzetk\u00f6zi szinten. \u0150k k\u00e9sz\u00edtik el a k\u00f6lt\u00f6z\u00e9si tervet, nyomon k\u00f6vetik \u00e9s ir\u00e1ny\u00edtj\u00e1k a k\u00f6lt\u00f6z\u00e9s minden egyes aspektus\u00e1t, \u00e9s kijel\u00f6lnek egy k\u00f6lt\u00f6z\u00e9si menedzsert, aki az \u00d6n kapcsolattart\u00e1si pontja lesz. Olyan speci\u00e1lis szolg\u00e1ltat\u00e1sokat k\u00edn\u00e1lnak, amelyek magukban foglalj\u00e1k a k\u00e9pz\u0151m\u0171v\u00e9szeti t\u00e1rgyak, j\u00e1rm\u0171vek, fitneszeszk\u00f6z\u00f6k \u00e9s fejlett technol\u00f3gi\u00e1k k\u00f6lt\u00f6ztet\u00e9s\u00e9t.<\/p>\n<p>Weboldal: <a href=\"http:\/\/www.findlayinternational.com\" target=\"_blank\" rel=\"noopener\">http:\/\/www.findlayinternational.com<\/a><\/p>\n<h2><span class=\"ez-toc-section\" id=\"14_A1_Global_Logistics_Services\"><\/span><strong>14. A1 Glob\u00e1lis logisztikai szolg\u00e1ltat\u00e1sok<\/strong><span class=\"ez-toc-section-end\"><\/span><\/h2>\n<p><img loading=\"lazy\" decoding=\"async\" class=\"alignnone size-full wp-image-11237\" src=\"https:\/\/moverdb.com\/wp-content\/uploads\/A1-Global-international-moving-company.png\" alt=\"A1 Global nemzetk\u00f6zi k\u00f6lt\u00f6ztet\u0151 c\u00e9g\" width=\"1440\" height=\"682\" data-wp-pid=\"11237\" srcset=\"https:\/\/moverdb.com\/wp-content\/uploads\/A1-Global-international-moving-company.png 1440w, https:\/\/moverdb.com\/wp-content\/uploads\/A1-Global-international-moving-company-300x142.png 300w, https:\/\/moverdb.com\/wp-content\/uploads\/A1-Global-international-moving-company-1024x485.png 1024w, https:\/\/moverdb.com\/wp-content\/uploads\/A1-Global-international-moving-company-18x9.png 18w, https:\/\/moverdb.com\/wp-content\/uploads\/A1-Global-international-moving-company-600x284.png 600w\" sizes=\"auto, (max-width: 1440px) 100vw, 1440px\" \/><\/p>\n<ul>\n<li>Hossz\u00fa t\u00e1v\u00fa k\u00f6lt\u00f6z\u00e9sek<\/li>\n<li>Nemzetk\u00f6zi k\u00f6lt\u00f6z\u00e9sek<\/li>\n<li>Lakoss\u00e1gi k\u00f6lt\u00f6z\u00e9sek<\/li>\n<li>Irodai k\u00f6lt\u00f6z\u00e9sek<\/li>\n<li>V\u00e9gpontt\u00f3l v\u00e9gpontig tart\u00f3 szolg\u00e1ltat\u00e1sok<\/li>\n<li>Csomagol\u00e1si lehet\u0151s\u00e9gek<\/li>\n<li>Sz\u00e1ll\u00edt\u00e1si szab\u00e1lyok<\/li>\n<li>V\u00e1mkezel\u00e9s<\/li>\n<li>H\u00e1zi\u00e1llat \u00e9s j\u00e1rm\u0171 mozgat\u00e1sa<\/li>\n<li>T\u00e1rol\u00e1si szolg\u00e1ltat\u00e1sok<\/li>\n<\/ul>\n<p>Az A1 Global Logistics Services egy 2013-ban alap\u00edtott k\u00f6lt\u00f6ztet\u0151 c\u00e9g, amelynek telephelyei New Yorkban, a <a href=\"https:\/\/moverdb.com\/hu\/moving-to-the-philippines\/\" data-internallinksmanager029f6b8e52c=\"376\" title=\"A F\u00fcl\u00f6p-szigetekre k\u00f6lt\u00f6zik? 2023 Meg\u00e9lhet\u00e9si k\u00f6lts\u00e9gek \u00e9s k\u00f6lt\u00f6z\u00e9si tippek\">F\u00fcl\u00f6p-szigetek<\/a> \u00e9s a Marshall-szigetek. Kiterjedt glob\u00e1lis partnerh\u00e1l\u00f3zattal rendelkeznek, amely nemzetk\u00f6zi szolg\u00e1ltat\u00e1sokkal t\u00e1mogatja \u0151ket. Az IAM tagja, 10 \u00e9ves tapasztalattal rendelkeznek.<\/p>\n<p>Az A1 Global Logistics Services szem\u00e9lyre szabott \u00e9s testre szabott glob\u00e1lis k\u00f6lt\u00f6ztet\u00e9si szolg\u00e1ltat\u00e1sokat k\u00edn\u00e1l lak\u00f3- \u00e9s irodahelyis\u00e9gek sz\u00e1m\u00e1ra. Csomagol\u00e1si szolg\u00e1ltat\u00e1sok k\u00f6z\u00fcl v\u00e1laszthat, amelyek k\u00f6z\u00f6tt szerepel a teljes csomagol\u00e1si terv, a szem\u00e9lyre szabott terv vagy a bark\u00e1csol\u00e1si terv, ahol csak a t\u00f6r\u00e9keny \u00e9s nagym\u00e9ret\u0171 t\u00e1rgyakat csomagolj\u00e1k be. Tov\u00e1bbi szolg\u00e1ltat\u00e1sokat k\u00edn\u00e1lnak, amelyek magukban foglalj\u00e1k a j\u00e1rm\u0171mozgat\u00e1st, a h\u00e1zi\u00e1llatok sz\u00e1ll\u00edt\u00e1s\u00e1t \u00e9s a t\u00e1rol\u00e1si szolg\u00e1ltat\u00e1sokat.<\/p>\n<p>Weboldal: <a href=\"http:\/\/www.a1global-logistics.com\/\" target=\"_blank\" rel=\"noopener\">http:\/\/www.a1global-logistics.com\/<\/a><\/p>\n<h2><span class=\"ez-toc-section\" id=\"15_Aetna_Relocation_Services\"><\/span><strong>15. Aetna Relocation Services<\/strong><span class=\"ez-toc-section-end\"><\/span><\/h2>\n<p><img loading=\"lazy\" decoding=\"async\" class=\"alignnone size-full wp-image-11243\" src=\"https:\/\/moverdb.com\/wp-content\/uploads\/Aetna-Relocation-Services-international-moving-company.png\" alt=\"Aetna Relocation Services nemzetk\u00f6zi k\u00f6lt\u00f6ztet\u0151 c\u00e9g\" width=\"1440\" height=\"672\" data-wp-pid=\"11243\" srcset=\"https:\/\/moverdb.com\/wp-content\/uploads\/Aetna-Relocation-Services-international-moving-company.png 1440w, https:\/\/moverdb.com\/wp-content\/uploads\/Aetna-Relocation-Services-international-moving-company-300x140.png 300w, https:\/\/moverdb.com\/wp-content\/uploads\/Aetna-Relocation-Services-international-moving-company-1024x478.png 1024w, https:\/\/moverdb.com\/wp-content\/uploads\/Aetna-Relocation-Services-international-moving-company-18x8.png 18w, https:\/\/moverdb.com\/wp-content\/uploads\/Aetna-Relocation-Services-international-moving-company-600x280.png 600w\" sizes=\"auto, (max-width: 1440px) 100vw, 1440px\" \/><\/p>\n<ul>\n<li>Nemzetk\u00f6zi \u00e1thelyez\u00e9sek<\/li>\n<li>H\u00e1ztart\u00e1s \u00e1thelyez\u00e9se<\/li>\n<li>H\u00e1zt\u00f3l h\u00e1zig \u00e9s kik\u00f6t\u0151ig tart\u00f3 szolg\u00e1ltat\u00e1sok<\/li>\n<li>Csomagol\u00e1si lehet\u0151s\u00e9gek v\u00e1laszt\u00e9ka<\/li>\n<li>L\u00e9gi \u00e9s tengeri sz\u00e1ll\u00edt\u00e1s<\/li>\n<li>V\u00e1mkezel\u00e9s<\/li>\n<li>K\u00e9pz\u0151m\u0171v\u00e9szeti kezel\u00e9s<\/li>\n<li>J\u00e1rm\u0171sz\u00e1ll\u00edt\u00e1s<\/li>\n<li>Biztos\u00edt\u00e1s<\/li>\n<li>Rakt\u00e1roz\u00e1si lehet\u0151s\u00e9gek<\/li>\n<\/ul>\n<p>Az Aetna Relocation Services egy New York-i sz\u00e9khely\u0171 nemzetk\u00f6zi k\u00f6lt\u00f6ztet\u0151 c\u00e9g. Az IAM tagja, 27 \u00e9ves tapasztalattal rendelkeznek, ami azt jelenti, hogy hozz\u00e1f\u00e9rnek a k\u00f6lt\u00f6ztet\u0151 c\u00e9gek nemzetk\u00f6zi h\u00e1l\u00f3zat\u00e1hoz.<\/p>\n<p>Az Aetna Relocation Services a nemzetk\u00f6zi k\u00f6lt\u00f6ztet\u00e9si szolg\u00e1ltat\u00e1sok teljes sk\u00e1l\u00e1j\u00e1t k\u00edn\u00e1lja, amelyek az \u00d6n k\u00f6lts\u00e9gvet\u00e9s\u00e9hez igazodnak, bele\u00e9rtve a teljes k\u00f6r\u0171 csomagol\u00e1si szolg\u00e1ltat\u00e1st \u00e9s a csak sz\u00e1ll\u00edt\u00e1ssal j\u00e1r\u00f3 bark\u00e1csmunka jelleg\u0171 k\u00f6lt\u00f6ztet\u00e9st. Ez az \u00d6n holmij\u00e1nak ingyenes felm\u00e9r\u00e9s\u00e9vel kezd\u0151dik, hogy felm\u00e9rj\u00fck a t\u00e1rgyak mennyis\u00e9g\u00e9t \u00e9s ig\u00e9nyeit. Tov\u00e1bbi szolg\u00e1ltat\u00e1sokat is k\u00edn\u00e1lnak, bele\u00e9rtve a k\u00e9pz\u0151m\u0171v\u00e9szeti t\u00e1rgyak kezel\u00e9s\u00e9t, az aut\u00f3- \u00e9s haj\u00f3sz\u00e1ll\u00edt\u00e1st, a t\u00e1rol\u00e1st \u00e9s a biztos\u00edt\u00e1st.<\/p>\n<p>Weboldal: <a href=\"http:\/\/www.aetnarelocation.com\/\" target=\"_blank\" rel=\"noopener\">http:\/\/www.aetnarelocation.com\/<\/a><\/p>\n<h2><span class=\"ez-toc-section\" id=\"16_Air_Sea_Land_Shipping_Moving\"><\/span><strong>16. L\u00e9gi Tengeri Sz\u00e1razf\u00f6ldi Sz\u00e1ll\u00edt\u00e1s \u00e9s k\u00f6lt\u00f6ztet\u00e9s<\/strong><span class=\"ez-toc-section-end\"><\/span><\/h2>\n<p><img loading=\"lazy\" decoding=\"async\" class=\"alignnone size-full wp-image-11246\" src=\"https:\/\/moverdb.com\/wp-content\/uploads\/Air-Sea-Land-international-moving-company.png\" alt=\"Air Sea Land nemzetk\u00f6zi k\u00f6lt\u00f6ztet\u0151 c\u00e9g\" width=\"1440\" height=\"680\" data-wp-pid=\"11246\" srcset=\"https:\/\/moverdb.com\/wp-content\/uploads\/Air-Sea-Land-international-moving-company.png 1440w, https:\/\/moverdb.com\/wp-content\/uploads\/Air-Sea-Land-international-moving-company-300x142.png 300w, https:\/\/moverdb.com\/wp-content\/uploads\/Air-Sea-Land-international-moving-company-1024x484.png 1024w, https:\/\/moverdb.com\/wp-content\/uploads\/Air-Sea-Land-international-moving-company-18x9.png 18w, https:\/\/moverdb.com\/wp-content\/uploads\/Air-Sea-Land-international-moving-company-600x283.png 600w\" sizes=\"auto, (max-width: 1440px) 100vw, 1440px\" \/><\/p>\n<ul>\n<li>Helyi \u00e9s t\u00e1vols\u00e1gi k\u00f6lt\u00f6z\u00e9sek<\/li>\n<li>Nemzetk\u00f6zi k\u00f6lt\u00f6z\u00e9sek<\/li>\n<li>Lakoss\u00e1gi k\u00f6lt\u00f6z\u00e9sek<\/li>\n<li>Kereskedelmi k\u00f6lt\u00f6z\u00e9sek<\/li>\n<li>H\u00e1zt\u00f3l-h\u00e1zig szolg\u00e1ltat\u00e1s<\/li>\n<li>Szem\u00e9lyre szabott szolg\u00e1ltat\u00e1sok<\/li>\n<li>Csomagol\u00e1si szolg\u00e1ltat\u00e1s<\/li>\n<li>L\u00e9gi, tengeri \u00e9s sz\u00e1razf\u00f6ldi sz\u00e1ll\u00edt\u00e1s<\/li>\n<li>V\u00e1mkezel\u00e9s<\/li>\n<li>Rakt\u00e1roz\u00e1si lehet\u0151s\u00e9gek<\/li>\n<\/ul>\n<p>Az Air Sea Land Shipping &amp; Moving egy 1998-ban alap\u00edtott, New York-i sz\u00e9khely\u0171 k\u00f6lt\u00f6ztet\u0151 c\u00e9g. Az IAM tagja, 25 \u00e9ves tapasztalattal rendelkezik, amely nemzetk\u00f6zi k\u00f6lt\u00f6ztet\u0151i h\u00e1l\u00f3zatot biztos\u00edt sz\u00e1mukra, hogy seg\u00edts\u00e9k \u0151ket a vil\u00e1gm\u00e9ret\u0171 szolg\u00e1ltat\u00e1sok ny\u00fajt\u00e1s\u00e1ban.<\/p>\n<p>Az Air Sea Land Shipping &amp; Moving virtu\u00e1lis konzult\u00e1ci\u00f3kat k\u00edn\u00e1l a k\u00f6lt\u00f6z\u00e9sre val\u00f3 felk\u00e9sz\u00fcl\u00e9shez \u00e9s a k\u00f6lt\u00f6z\u00e9si mennyis\u00e9g becsl\u00e9s\u00e9hez. Seg\u00edtenek \u00d6nnek megtervezni a k\u00f6lt\u00f6z\u00e9st, bele\u00e9rtve a v\u00e1mkezel\u00e9st\u0151l az \u00e9p\u00fcletbiztos\u00edt\u00e1sig. Szolg\u00e1ltat\u00e1sukat az \u00d6n ig\u00e9nyeihez igaz\u00edtj\u00e1k, \u00e9s a limuzinfoglal\u00e1s \u00e9s a rep\u00fcl\u0151jegyek is az \u00d6n ig\u00e9nyeihez igazodnak.<\/p>\n<p>Weboldal: <a href=\"http:\/\/www.airsealandinc.net\/\" target=\"_blank\" rel=\"noopener\">http:\/\/www.airsealandinc.net\/<\/a><\/p>\n<h2><span class=\"ez-toc-section\" id=\"17_FlatRate_Moving\"><\/span><strong>17. FlatRate Moving<\/strong><span class=\"ez-toc-section-end\"><\/span><\/h2>\n<p><img loading=\"lazy\" decoding=\"async\" class=\"alignnone size-full wp-image-11322\" src=\"https:\/\/moverdb.com\/wp-content\/uploads\/FlatRate-Moving-international-moving-company.png\" alt=\"FlatRate Moving nemzetk\u00f6zi k\u00f6lt\u00f6ztet\u0151 c\u00e9g\" width=\"1440\" height=\"681\" data-wp-pid=\"11322\" srcset=\"https:\/\/moverdb.com\/wp-content\/uploads\/FlatRate-Moving-international-moving-company.png 1440w, https:\/\/moverdb.com\/wp-content\/uploads\/FlatRate-Moving-international-moving-company-300x142.png 300w, https:\/\/moverdb.com\/wp-content\/uploads\/FlatRate-Moving-international-moving-company-1024x484.png 1024w, https:\/\/moverdb.com\/wp-content\/uploads\/FlatRate-Moving-international-moving-company-18x9.png 18w, https:\/\/moverdb.com\/wp-content\/uploads\/FlatRate-Moving-international-moving-company-600x284.png 600w\" sizes=\"auto, (max-width: 1440px) 100vw, 1440px\" \/><\/p>\n<ul>\n<li>Helyi \u00e9s t\u00e1vols\u00e1gi k\u00f6lt\u00f6z\u00e9sek<\/li>\n<li>Nemzetk\u00f6zi k\u00f6lt\u00f6z\u00e9sek<\/li>\n<li>Lakoss\u00e1gi k\u00f6lt\u00f6z\u00e9sek<\/li>\n<li>Kereskedelmi \u00e9s irodai k\u00f6lt\u00f6z\u00e9sek<\/li>\n<li>Otthonr\u00f3l h\u00e1zhoz szolg\u00e1ltat\u00e1s<\/li>\n<li>Csomagol\u00e1si szolg\u00e1ltat\u00e1s<\/li>\n<li>Sz\u00e1ll\u00edt\u00e1si meg\u00e1llapod\u00e1sok<\/li>\n<li>Egyedi l\u00e1d\u00e1k<\/li>\n<li>V\u00e1mt\u00e1mogat\u00e1s<\/li>\n<li>T\u00e1rol\u00e1si megold\u00e1sok<\/li>\n<\/ul>\n<p>A FlatRate Moving egy nemzetk\u00f6zi k\u00f6lt\u00f6ztet\u0151 \u00e9s k\u00f6lt\u00f6ztet\u0151 c\u00e9g New York-i helysz\u00ednekkel, <a href=\"https:\/\/moverdb.com\/hu\/moving-to-los-angeles\/\" data-internallinksmanager029f6b8e52c=\"51\" title=\"Los Angelesbe k\u00f6lt\u00f6zik? 2026 LA meg\u00e9lhet\u00e9si k\u00f6lts\u00e9gek \u00e9s k\u00f6lt\u00f6z\u00e9si tippek\">Los Angeles<\/a>, <a href=\"https:\/\/moverdb.com\/hu\/moving-to-san-francisco\/\" data-internallinksmanager029f6b8e52c=\"63\" title=\"San Francisc\u00f3ba k\u00f6lt\u00f6zik? 2022 Lakhat\u00e1si k\u00f6lts\u00e9gek \u00e9s k\u00f6lt\u00f6z\u00e9si tippek\">San Francisco<\/a>, Miami \u00e9s <a href=\"https:\/\/moverdb.com\/hu\/moving-to-houston\/\" data-internallinksmanager029f6b8e52c=\"47\" title=\"Houstonba k\u00f6lt\u00f6zik? 2022 \u00c9letk\u00f6lts\u00e9gek \u00e9s k\u00f6lt\u00f6z\u00e9si tippek\">Houston<\/a>. Vil\u00e1gszerte t\u00f6bb mint 160 nemzetk\u00f6zi \u00fcgyn\u00f6kkel dolgoznak egy\u00fctt, hogy vil\u00e1gszerte szolg\u00e1ltat\u00e1sokat ny\u00fajtsanak. Az IAM tagja, 19 \u00e9ves tapasztalattal rendelkeznek.<\/p>\n<p>A FlatRate Moving olyan all-inclusive k\u00f6lt\u00f6ztet\u00e9si szolg\u00e1ltat\u00e1sokat k\u00edn\u00e1l, amelyek teljes k\u00f6r\u0171 csomagol\u00e1si szolg\u00e1ltat\u00e1st ny\u00fajtanak, vagy dobozos kisz\u00e1ll\u00edt\u00e1st k\u00edn\u00e1lnak, ha \u00d6n maga szeretn\u00e9 csomagolni otthona egy r\u00e9sz\u00e9t vagy eg\u00e9sz\u00e9t. Kiv\u00e1l\u00f3 min\u0151s\u00e9g\u0171 csomagol\u00f3anyagokat \u00e9s egyedi l\u00e1d\u00e1kat haszn\u00e1lnak a holmij\u00e1nak v\u00e9delme \u00e9rdek\u00e9ben, \u00e9s lelt\u00e1rt k\u00e9sz\u00edtenek. Megszervezik a t\u00e1rgyak sz\u00e1ll\u00edt\u00e1s\u00e1t a c\u00e9l\u00e1llom\u00e1sra, \u00e9s seg\u00edtenek a v\u00e1melj\u00e1r\u00e1sokban.<\/p>\n<p>Weboldal: <a href=\"https:\/\/www.flatrate.com\/international-movers\/\" target=\"_blank\" rel=\"noopener\">https:\/\/www.flatrate.com\/international-movers\/<\/a><\/p>\n<h2><span class=\"ez-toc-section\" id=\"18_I_Love_Moving\"><\/span><strong>18. I Love Moving<\/strong><span class=\"ez-toc-section-end\"><\/span><\/h2>\n<p><img loading=\"lazy\" decoding=\"async\" class=\"alignnone size-full wp-image-11342\" src=\"https:\/\/moverdb.com\/wp-content\/uploads\/I-Love-Moving-international-moving-company.png\" alt=\"I Love Moving nemzetk\u00f6zi k\u00f6lt\u00f6ztet\u0151 c\u00e9g\" width=\"1440\" height=\"675\" data-wp-pid=\"11342\" srcset=\"https:\/\/moverdb.com\/wp-content\/uploads\/I-Love-Moving-international-moving-company.png 1440w, https:\/\/moverdb.com\/wp-content\/uploads\/I-Love-Moving-international-moving-company-300x141.png 300w, https:\/\/moverdb.com\/wp-content\/uploads\/I-Love-Moving-international-moving-company-1024x480.png 1024w, https:\/\/moverdb.com\/wp-content\/uploads\/I-Love-Moving-international-moving-company-18x8.png 18w, https:\/\/moverdb.com\/wp-content\/uploads\/I-Love-Moving-international-moving-company-600x281.png 600w\" sizes=\"auto, (max-width: 1440px) 100vw, 1440px\" \/><\/p>\n<ul>\n<li>Nemzetk\u00f6zi k\u00f6lt\u00f6z\u00e9sek<\/li>\n<li>H\u00e1ztart\u00e1si k\u00f6lt\u00f6z\u00e9sek<\/li>\n<li>Irodai k\u00f6lt\u00f6z\u00e9sek<\/li>\n<li>V\u00e1llalati \u00e1thelyez\u00e9sek<\/li>\n<li>H\u00e1zt\u00f3l-h\u00e1zig szolg\u00e1ltat\u00e1s<\/li>\n<li>Csomagol\u00e1si szolg\u00e1ltat\u00e1s<\/li>\n<li>L\u00e9gi \u00e9s tengeri sz\u00e1ll\u00edt\u00e1s<\/li>\n<li>V\u00e1mkezel\u00e9s<\/li>\n<li>J\u00e1rm\u0171sz\u00e1ll\u00edt\u00e1s<\/li>\n<li>Biztons\u00e1gos t\u00e1rol\u00e1s<\/li>\n<\/ul>\n<p>Az I Love Moving egy nemzetk\u00f6zi k\u00f6lt\u00f6ztet\u0151 c\u00e9g New York-i \u00e9s londoni irod\u00e1kkal. Tagja az IAM-nek, amely a nemzetk\u00f6zi k\u00f6lt\u00f6ztet\u00e9sek sor\u00e1n a k\u00f6lt\u00f6ztet\u0151\u00fcgyn\u00f6k\u00f6k vil\u00e1gm\u00e9ret\u0171 h\u00e1l\u00f3zat\u00e1t biztos\u00edtja sz\u00e1mukra.<\/p>\n<p>Az I Love Moving ingyenes h\u00e1zon bel\u00fcli felm\u00e9r\u00e9st k\u00edn\u00e1l, hogy felm\u00e9rje a k\u00f6lt\u00f6z\u00e9si mennyis\u00e9get, \u00e9s a k\u00f6lts\u00e9gvet\u00e9s\u00e9nek megfelel\u0151 \u00e1raj\u00e1nlatot adjon. H\u00e1zr\u00f3l h\u00e1zra vagy kik\u00f6t\u0151b\u0151l kik\u00f6t\u0151be t\u00f6rt\u00e9n\u0151 sz\u00e1ll\u00edt\u00e1si lehet\u0151s\u00e9gek k\u00f6z\u00fcl v\u00e1laszthat. Megtervezik \u00d6nnek a k\u00f6lt\u00f6z\u00e9st, \u00e9s megszervezik a l\u00e9gi vagy tengeri sz\u00e1ll\u00edtm\u00e1nyoz\u00e1st a v\u00e1mkezel\u00e9ssel egy\u00fctt. Csomagol\u00e1si szolg\u00e1ltat\u00e1st k\u00edn\u00e1lnak, amely a nehezen csomagolhat\u00f3 \u00e9s t\u00f6r\u00e9keny t\u00e1rgyak sz\u00e1m\u00e1ra szem\u00e9lyre szabott l\u00e1d\u00e1kat tartalmaz.<\/p>\n<p>Weboldal: <a href=\"http:\/\/www.ilovemoving.com\" target=\"_blank\" rel=\"noopener\">http:\/\/www.ilovemoving.com<\/a><\/p>\n<h2><span class=\"ez-toc-section\" id=\"19_International_Transpac\"><\/span><strong>19. Nemzetk\u00f6zi Transzpatikus<\/strong><span class=\"ez-toc-section-end\"><\/span><\/h2>\n<p><img loading=\"lazy\" decoding=\"async\" class=\"alignnone size-full wp-image-11350\" src=\"https:\/\/moverdb.com\/wp-content\/uploads\/International-Transpac-moving-company.png\" alt=\"Nemzetk\u00f6zi Transpac k\u00f6lt\u00f6ztet\u0151 c\u00e9g\" width=\"1440\" height=\"678\" data-wp-pid=\"11350\" srcset=\"https:\/\/moverdb.com\/wp-content\/uploads\/International-Transpac-moving-company.png 1440w, https:\/\/moverdb.com\/wp-content\/uploads\/International-Transpac-moving-company-300x141.png 300w, https:\/\/moverdb.com\/wp-content\/uploads\/International-Transpac-moving-company-1024x482.png 1024w, https:\/\/moverdb.com\/wp-content\/uploads\/International-Transpac-moving-company-18x8.png 18w, https:\/\/moverdb.com\/wp-content\/uploads\/International-Transpac-moving-company-600x283.png 600w\" sizes=\"auto, (max-width: 1440px) 100vw, 1440px\" \/><\/p>\n<ul>\n<li>Nemzeti l\u00e9p\u00e9sek<\/li>\n<li>Nemzetk\u00f6zi k\u00f6lt\u00f6z\u00e9sek<\/li>\n<li>Lakoss\u00e1gi \u00e1thelyez\u00e9sek<\/li>\n<li>V\u00e1llalati \u00e1thelyez\u00e9sek<\/li>\n<li>H\u00e1zt\u00f3l-h\u00e1zig szolg\u00e1ltat\u00e1s<\/li>\n<li>Csomagol\u00e1si szolg\u00e1ltat\u00e1s<\/li>\n<li>V\u00e1mkezel\u00e9s<\/li>\n<li>Antik \u00e9s k\u00e9pz\u0151m\u0171v\u00e9szeti t\u00e1rgyak kezel\u00e9se<\/li>\n<li>Aut\u00f3sz\u00e1ll\u00edt\u00e1s<\/li>\n<li>Rakt\u00e1roz\u00e1si lehet\u0151s\u00e9gek<\/li>\n<\/ul>\n<p>Az International Transpac egy 1969-ben New Yorkban alap\u00edtott nemzetk\u00f6zi k\u00f6lt\u00f6ztet\u00e9si szolg\u00e1ltat\u00e1s. Az IAM tagjak\u00e9nt 54 \u00e9ves tapasztalattal rendelkeznek, \u00e9s ez a tags\u00e1g nemzetk\u00f6zi h\u00e1l\u00f3zatot biztos\u00edt sz\u00e1mukra a kiv\u00e1lasztott k\u00f6lt\u00f6ztet\u0151 c\u00e9gekb\u0151l, amelyekkel egy\u00fctt dolgozhatnak.<\/p>\n<p>A International Transpac h\u00e1zt\u00f3l h\u00e1zig tart\u00f3 k\u00f6lt\u00f6z\u00e9si szolg\u00e1ltat\u00e1sokat k\u00edn\u00e1l orsz\u00e1gos \u00e9s nemzetk\u00f6zi k\u00f6lt\u00f6z\u00e9sekhez, amelyek magukban foglalj\u00e1k a sz\u00e1rmaz\u00e1si \u00e9s rendeltet\u00e9si szolg\u00e1ltat\u00e1sokat. Teljes k\u00f6r\u0171 csomagol\u00e1si szolg\u00e1ltat\u00e1st k\u00edn\u00e1lnak, amely mag\u00e1ban foglalja a t\u00e1rgyak biztons\u00e1gos csomagol\u00e1s\u00e1t, a dobozol\u00e1st \u00e9s a rakod\u00e1st. Megszervezik a sz\u00e1ll\u00edt\u00e1st v\u00e1mkezel\u00e9ssel egy\u00fctt. Tov\u00e1bbi szolg\u00e1ltat\u00e1sokat is k\u00edn\u00e1lnak, bele\u00e9rtve a r\u00e9gis\u00e9gek \u00e9s k\u00e9pz\u0151m\u0171v\u00e9szeti t\u00e1rgyak kezel\u00e9s\u00e9t, import- \u00e9s sz\u00e1ll\u00edt\u00e1si szolg\u00e1ltat\u00e1sokat, valamint aut\u00f3sz\u00e1ll\u00edt\u00e1st.<\/p>\n<p>Weboldal: <a href=\"http:\/\/www.internationaltranspac.com\" target=\"_blank\" rel=\"noopener\">http:\/\/www.internationaltranspac.com<\/a><\/p>\n<h2><span class=\"ez-toc-section\" id=\"20_Liffey_Van_Lines\"><\/span><strong>20. Liffey Van Lines<\/strong><span class=\"ez-toc-section-end\"><\/span><\/h2>\n<p><img loading=\"lazy\" decoding=\"async\" class=\"alignnone size-full wp-image-11638\" src=\"https:\/\/moverdb.com\/wp-content\/uploads\/Liffey-Van-Lines-international-moving-company.png\" alt=\"Liffey Van Lines nemzetk\u00f6zi k\u00f6lt\u00f6ztet\u0151 c\u00e9g\" width=\"1440\" height=\"674\" data-wp-pid=\"11638\" srcset=\"https:\/\/moverdb.com\/wp-content\/uploads\/Liffey-Van-Lines-international-moving-company.png 1440w, https:\/\/moverdb.com\/wp-content\/uploads\/Liffey-Van-Lines-international-moving-company-300x140.png 300w, https:\/\/moverdb.com\/wp-content\/uploads\/Liffey-Van-Lines-international-moving-company-1024x479.png 1024w, https:\/\/moverdb.com\/wp-content\/uploads\/Liffey-Van-Lines-international-moving-company-18x8.png 18w, https:\/\/moverdb.com\/wp-content\/uploads\/Liffey-Van-Lines-international-moving-company-600x281.png 600w\" sizes=\"auto, (max-width: 1440px) 100vw, 1440px\" \/><\/p>\n<ul>\n<li>Helyi \u00e9s \u00e1llamk\u00f6zi k\u00f6lt\u00f6z\u00e9sek<\/li>\n<li>Nemzetk\u00f6zi k\u00f6lt\u00f6z\u00e9sek<\/li>\n<li>H\u00e1ztart\u00e1si k\u00f6lt\u00f6z\u00e9sek<\/li>\n<li>Kereskedelmi irodai k\u00f6lt\u00f6z\u00e9sek<\/li>\n<li>Szem\u00e9lyre szabott szolg\u00e1ltat\u00e1s<\/li>\n<li>Csomagol\u00e1si szolg\u00e1ltat\u00e1s<\/li>\n<li>K\u00f6z\u00fati, tengeri \u00e9s l\u00e9gi sz\u00e1ll\u00edt\u00e1s<\/li>\n<li>V\u00e1mkezel\u00e9s<\/li>\n<li>K\u00e9pz\u0151m\u0171v\u00e9szeti kezel\u00e9s<\/li>\n<li>Biztons\u00e1gos r\u00f6vid \u00e9s hossz\u00fa t\u00e1v\u00fa t\u00e1rol\u00e1s<\/li>\n<\/ul>\n<p>A Liffey Van Lines egy 1975-ben alap\u00edtott k\u00f6lt\u00f6ztet\u0151 c\u00e9g, \u00e9s \u0151k az Allied Van Lines kiz\u00e1r\u00f3lagos New York-i \u00fcgyn\u00f6kei. Kiterjedt glob\u00e1lis h\u00e1l\u00f3zattal rendelkeznek, amely lehet\u0151v\u00e9 teszi sz\u00e1mukra, hogy a vil\u00e1g minden szeglet\u00e9ben ny\u00fajtsanak k\u00f6lt\u00f6ztet\u00e9si szolg\u00e1ltat\u00e1sokat. Az IAM tagjak\u00e9nt 50 \u00e9ves tapasztalattal rendelkeznek.<\/p>\n<p>A Liffey Van Lines \u00e1tfog\u00f3, teljes k\u00f6r\u0171, az \u00d6n ig\u00e9nyeihez igazod\u00f3, helyi, orsz\u00e1gos \u00e9s nemzetk\u00f6zi k\u00f6lt\u00f6ztet\u00e9si \u00e9s t\u00e1rol\u00e1si megold\u00e1sokat k\u00edn\u00e1l. Csomagol\u00e1si szolg\u00e1ltat\u00e1st ny\u00fajtanak, amely biztons\u00e1gosan becsomagolja \u00e9s l\u00e1d\u00e1zza t\u00e1rgyait, valamint teljes vagy r\u00e9szleges\/megosztott kont\u00e9nerekbe rakodja azokat. Kezelik a logisztik\u00e1t, bele\u00e9rtve a v\u00e1mkezel\u00e9st is.<\/p>\n<p>Weboldal: <a href=\"http:\/\/www.liffeyvanlines.com\" target=\"_blank\" rel=\"noopener\">http:\/\/www.liffeyvanlines.com<\/a><\/p>\n<h2><span class=\"ez-toc-section\" id=\"21_NY_International_Shipping\"><\/span><strong>21. NY nemzetk\u00f6zi sz\u00e1ll\u00edt\u00e1s<\/strong><span class=\"ez-toc-section-end\"><\/span><\/h2>\n<p><img loading=\"lazy\" decoding=\"async\" class=\"alignnone size-full wp-image-11639\" src=\"https:\/\/moverdb.com\/wp-content\/uploads\/NY-International-Shipping-moving-company.png\" alt=\"NY nemzetk\u00f6zi sz\u00e1ll\u00edtm\u00e1nyoz\u00e1s k\u00f6lt\u00f6ztet\u0151 c\u00e9g\" width=\"1440\" height=\"676\" data-wp-pid=\"11639\" srcset=\"https:\/\/moverdb.com\/wp-content\/uploads\/NY-International-Shipping-moving-company.png 1440w, https:\/\/moverdb.com\/wp-content\/uploads\/NY-International-Shipping-moving-company-300x141.png 300w, https:\/\/moverdb.com\/wp-content\/uploads\/NY-International-Shipping-moving-company-1024x481.png 1024w, https:\/\/moverdb.com\/wp-content\/uploads\/NY-International-Shipping-moving-company-18x8.png 18w, https:\/\/moverdb.com\/wp-content\/uploads\/NY-International-Shipping-moving-company-600x282.png 600w\" sizes=\"auto, (max-width: 1440px) 100vw, 1440px\" \/><\/p>\n<ul>\n<li>Helyi k\u00f6lt\u00f6z\u00e9sek<\/li>\n<li>Nemzetk\u00f6zi k\u00f6lt\u00f6z\u00e9sek<\/li>\n<li>H\u00e1ztart\u00e1s \u00e1thelyez\u00e9se<\/li>\n<li>V\u00e1llalati \u00e1thelyez\u00e9s<\/li>\n<li>H\u00e1zt\u00f3l h\u00e1zig \u00e9s kik\u00f6t\u0151t\u0151l kik\u00f6t\u0151ig tart\u00f3 szolg\u00e1ltat\u00e1sok<\/li>\n<li>Csomagol\u00e1si szolg\u00e1ltat\u00e1s<\/li>\n<li>L\u00e9gi \u00e9s tengeri sz\u00e1ll\u00edt\u00e1s<\/li>\n<li>V\u00e1mt\u00e1mogat\u00e1s<\/li>\n<li>J\u00e1rm\u0171sz\u00e1ll\u00edt\u00e1s<\/li>\n<li>Rakt\u00e1roz\u00e1si lehet\u0151s\u00e9gek<\/li>\n<\/ul>\n<p>NY <a href=\"https:\/\/moverdb.com\/hu\/container-shipping\/\" data-internallinksmanager029f6b8e52c=\"3\" title=\"Nemzetk\u00f6zi kont\u00e9nersz\u00e1ll\u00edt\u00e1si d\u00edjt\u00e1bl\u00e1zat: \u00e1prilis 2026\">Nemzetk\u00f6zi sz\u00e1ll\u00edt\u00e1s<\/a> egy New York-i sz\u00e9khely\u0171 nemzetk\u00f6zi k\u00f6lt\u00f6ztet\u0151 c\u00e9g. Az IAM tagjak\u00e9nt 22 \u00e9ves tapasztalattal rendelkeznek, ami hozz\u00e1f\u00e9r\u00e9st biztos\u00edt sz\u00e1mukra a k\u00f6lt\u00f6ztet\u0151 c\u00e9gek nemzetk\u00f6zi h\u00e1l\u00f3zat\u00e1hoz, amely seg\u00edts\u00e9get ny\u00fajt sz\u00e1mukra.<\/p>\n<p>A NY International Shipping szem\u00e9lyre szabott k\u00f6lt\u00f6ztet\u00e9si szolg\u00e1ltat\u00e1sokat k\u00edn\u00e1l, amelyek h\u00e1zt\u00f3l h\u00e1zig vagy kik\u00f6t\u0151t\u0151l kik\u00f6t\u0151ig szolg\u00e1ltat\u00e1sk\u00e9nt vehet\u0151k ig\u00e9nybe. Professzion\u00e1lis csomagol\u00e1si szolg\u00e1ltat\u00e1st ny\u00fajtanak, amely speci\u00e1lis nemzetk\u00f6zi csomagol\u00e1si technik\u00e1kat alkalmaz az \u00d6n t\u00e1rgyainak v\u00e9delme \u00e9rdek\u00e9ben. Megszervezik az \u00d6n t\u00e1rgyainak nemzetk\u00f6zi l\u00e9gi vagy tengeri sz\u00e1ll\u00edtm\u00e1nyoz\u00e1s\u00e1t, amely mag\u00e1ban foglalja a nyomon k\u00f6vet\u00e9si lehet\u0151s\u00e9geket \u00e9s a v\u00e1m\u00fcgyi t\u00e1mogat\u00e1st. Tov\u00e1bbi szolg\u00e1ltat\u00e1sokat is k\u00edn\u00e1lnak, amelyek magukban foglalj\u00e1k a j\u00e1rm\u0171sz\u00e1ll\u00edt\u00e1st \u00e9s a t\u00e1rol\u00e1st.<\/p>\n<p>Weboldal: <a href=\"http:\/\/www.nyshipping.com\" target=\"_blank\" rel=\"noopener\">http:\/\/www.nyshipping.com<\/a><\/p>\n<h2><span class=\"ez-toc-section\" id=\"22_Rose_Containerline\"><\/span>22. Rose Containerline<span class=\"ez-toc-section-end\"><\/span><\/h2>\n<p><img loading=\"lazy\" decoding=\"async\" class=\"alignnone size-full wp-image-11640\" src=\"https:\/\/moverdb.com\/wp-content\/uploads\/Rose-Containerline-international-moving-company.png\" alt=\"Rose Containerline nemzetk\u00f6zi k\u00f6lt\u00f6ztet\u0151 c\u00e9g\" width=\"1440\" height=\"678\" data-wp-pid=\"11640\" srcset=\"https:\/\/moverdb.com\/wp-content\/uploads\/Rose-Containerline-international-moving-company.png 1440w, https:\/\/moverdb.com\/wp-content\/uploads\/Rose-Containerline-international-moving-company-300x141.png 300w, https:\/\/moverdb.com\/wp-content\/uploads\/Rose-Containerline-international-moving-company-1024x482.png 1024w, https:\/\/moverdb.com\/wp-content\/uploads\/Rose-Containerline-international-moving-company-18x8.png 18w, https:\/\/moverdb.com\/wp-content\/uploads\/Rose-Containerline-international-moving-company-600x283.png 600w\" sizes=\"auto, (max-width: 1440px) 100vw, 1440px\" \/><\/p>\n<ul>\n<li>Helyi \u00e9s orsz\u00e1gos \u00e1rufuvaroz\u00e1s<\/li>\n<li>Nemzetk\u00f6zi fuvaroz\u00e1s<\/li>\n<li>H\u00e1ztart\u00e1si cikkek<\/li>\n<li>Kereskedelmi \u00e1ruk<\/li>\n<li>K\u00f6z\u00fati sz\u00e1ll\u00edt\u00e1s<\/li>\n<li>Tengeri sz\u00e1ll\u00edt\u00e1s<\/li>\n<li>L\u00e9gi sz\u00e1ll\u00edtm\u00e1nyoz\u00e1s<\/li>\n<li>H\u00e1zhoz men\u0151 szolg\u00e1ltat\u00e1sok<\/li>\n<li>K\u00fcl\u00f6nb\u00f6z\u0151 m\u00e9ret\u0171 rakom\u00e1nyok<\/li>\n<li>V\u00e1mkezel\u00e9s<\/li>\n<\/ul>\n<p>A Rose Containerline egy 1994-ben alap\u00edtott, New York-i sz\u00e9khely\u0171 tehersz\u00e1ll\u00edt\u00e1si \u00e9s konszolid\u00e1ci\u00f3s v\u00e1llalkoz\u00e1s. Hozz\u00e1f\u00e9r\u00e9ssel rendelkeznek glob\u00e1lis, region\u00e1lis \u00e9s hi\u00e1nyp\u00f3tl\u00f3 fuvaroz\u00f3khoz, amelyek seg\u00edtenek nekik abban, hogy \u00e1tfog\u00f3 szolg\u00e1ltat\u00e1sokat ny\u00fajtsanak \u00fcgyfeleiknek. Az IAM tagjak\u00e9nt 29 \u00e9ves tapasztalattal rendelkeznek.<\/p>\n<p>A Rose Containerline sz\u00e1mos \u00e1rufuvaroz\u00e1si szolg\u00e1ltat\u00e1st ny\u00fajt, kiz\u00e1r\u00f3lag k\u00fcl\u00f6nb\u00f6z\u0151 \u00e1rukra. Felm\u00e9rik a rendelkez\u00e9sre \u00e1ll\u00f3 sz\u00e1ll\u00edt\u00e1si lehet\u0151s\u00e9geket, \u00e9s megtal\u00e1lj\u00e1k a leggazdas\u00e1gosabb \u00e9s leghat\u00e9konyabb lehet\u0151s\u00e9geket. Tengeri fuvaroz\u00e1st k\u00edn\u00e1lnak teljes \u00e9s kev\u00e9sb\u00e9 teljes kont\u00e9nerekkel, sz\u00e1razf\u00f6ldi fuvaroz\u00e1st egyetlen raklapt\u00f3l a teljes kont\u00e9nerrakom\u00e1nyig helyi \u00e9s orsz\u00e1gos szinten, valamint l\u00e9gi fuvaroz\u00e1st.<\/p>\n<p>Weboldal: <a href=\"http:\/\/www.rosecontainerline.com\" target=\"_blank\" rel=\"noopener\">http:\/\/www.rosecontainerline.com<\/a><\/p>\n<h2><span class=\"ez-toc-section\" id=\"23_Sea_Air_International\"><\/span><strong>23. Sea &amp; Air International<\/strong><span class=\"ez-toc-section-end\"><\/span><\/h2>\n<p><img loading=\"lazy\" decoding=\"async\" class=\"alignnone size-full wp-image-11641\" src=\"https:\/\/moverdb.com\/wp-content\/uploads\/Sea-and-Air-International-moving-company.png\" alt=\"Tengeri \u00e9s l\u00e9gi nemzetk\u00f6zi k\u00f6lt\u00f6ztet\u0151 c\u00e9g\" width=\"1440\" height=\"675\" data-wp-pid=\"11641\" srcset=\"https:\/\/moverdb.com\/wp-content\/uploads\/Sea-and-Air-International-moving-company.png 1440w, https:\/\/moverdb.com\/wp-content\/uploads\/Sea-and-Air-International-moving-company-300x141.png 300w, https:\/\/moverdb.com\/wp-content\/uploads\/Sea-and-Air-International-moving-company-1024x480.png 1024w, https:\/\/moverdb.com\/wp-content\/uploads\/Sea-and-Air-International-moving-company-18x8.png 18w, https:\/\/moverdb.com\/wp-content\/uploads\/Sea-and-Air-International-moving-company-600x281.png 600w\" sizes=\"auto, (max-width: 1440px) 100vw, 1440px\" \/><\/p>\n<ul>\n<li>Nemzetk\u00f6zi k\u00f6lt\u00f6z\u00e9sek<\/li>\n<li>H\u00e1ztart\u00e1si k\u00f6lt\u00f6z\u00e9sek<\/li>\n<li>Irod\u00e1k \u00e9s kereskedelmi l\u00e9tes\u00edtm\u00e9nyek \u00e1thelyez\u00e9se<\/li>\n<li>H\u00e1zt\u00f3l-h\u00e1zig szolg\u00e1ltat\u00e1s<\/li>\n<li>Professzion\u00e1lis csomagol\u00e1s<\/li>\n<li>Tengeri \u00e9s l\u00e9gi sz\u00e1ll\u00edt\u00e1s<\/li>\n<li>V\u00e1mkezel\u00e9s<\/li>\n<li>Kicsomagol\u00e1si szolg\u00e1ltat\u00e1s<\/li>\n<li>K\u00e9pz\u0151m\u0171v\u00e9szeti kezel\u00e9s<\/li>\n<li>Biztons\u00e1gos t\u00e1rol\u00e1s<\/li>\n<\/ul>\n<p>A Sea &amp; Air International egy 2001-ben alap\u00edtott nemzetk\u00f6zi k\u00f6lt\u00f6ztet\u0151 c\u00e9g, amely New Yorkban \u00e9s Los Angelesben rendelkezik telephellyel. T\u00f6bb mint 50 orsz\u00e1gban ny\u00fajtanak nemzetk\u00f6zi k\u00f6lt\u00f6ztet\u00e9si szolg\u00e1ltat\u00e1sokat, \u00e9s k\u00f6lt\u00f6ztet\u00e9si \u00fcgyn\u00f6k\u00f6k h\u00e1l\u00f3zat\u00e1val dolgoznak egy\u00fctt, hogy a vil\u00e1g minden t\u00e1j\u00e1n ny\u00fajthassanak szolg\u00e1ltat\u00e1sokat. Az IAM tagjak\u00e9nt 22 \u00e9ves tapasztalattal rendelkeznek.<\/p>\n<p>A Sea &amp; Air International szem\u00e9lyre szabott nemzetk\u00f6zi k\u00f6lt\u00f6z\u00e9si terveket k\u00edn\u00e1l, amelyek a k\u00f6lt\u00f6z\u00e9st megel\u0151z\u0151 tervez\u00e9ssel kezd\u0151d\u0151en kezelik a k\u00f6lt\u00f6z\u00e9s teljes logisztik\u00e1j\u00e1t. Professzion\u00e1lis csomagol\u00e1si szolg\u00e1ltat\u00e1st ny\u00fajtanak, hogy megv\u00e9dj\u00e9k holmij\u00e1t a tengeri vagy l\u00e9gi sz\u00e1ll\u00edt\u00e1s sor\u00e1n a c\u00e9l\u00e1llom\u00e1sig. A v\u00e1mkezel\u00e9si folyamatokat \u00e9s dokumentumokat is \u0151k kezelik.<\/p>\n<p>Weboldal: <a href=\"http:\/\/www.sea-air.net\" target=\"_blank\" rel=\"noopener\">http:\/\/www.sea-air.net<\/a><\/p>\n<h2><span class=\"ez-toc-section\" id=\"24_Uplift_Movers\"><\/span><strong>24. Uplift Movers<\/strong><span class=\"ez-toc-section-end\"><\/span><\/h2>\n<p><img loading=\"lazy\" decoding=\"async\" class=\"alignnone size-full wp-image-11642\" src=\"https:\/\/moverdb.com\/wp-content\/uploads\/Uplift-Movers-international-moving-company.png\" alt=\"Uplift Movers nemzetk\u00f6zi k\u00f6lt\u00f6ztet\u0151 c\u00e9g\" width=\"1440\" height=\"675\" data-wp-pid=\"11642\" srcset=\"https:\/\/moverdb.com\/wp-content\/uploads\/Uplift-Movers-international-moving-company.png 1440w, https:\/\/moverdb.com\/wp-content\/uploads\/Uplift-Movers-international-moving-company-300x141.png 300w, https:\/\/moverdb.com\/wp-content\/uploads\/Uplift-Movers-international-moving-company-1024x480.png 1024w, https:\/\/moverdb.com\/wp-content\/uploads\/Uplift-Movers-international-moving-company-18x8.png 18w, https:\/\/moverdb.com\/wp-content\/uploads\/Uplift-Movers-international-moving-company-600x281.png 600w\" sizes=\"auto, (max-width: 1440px) 100vw, 1440px\" \/><\/p>\n<ul>\n<li>Nemzetk\u00f6zi k\u00f6lt\u00f6z\u00e9sek<\/li>\n<li>Lakoss\u00e1gi k\u00f6lt\u00f6z\u00e9sek<\/li>\n<li>Kereskedelmi \u00e9s v\u00e1llalati k\u00f6lt\u00f6z\u00e9sek<\/li>\n<li>H\u00e1zt\u00f3l-h\u00e1zig vagy kik\u00f6t\u0151i szolg\u00e1ltat\u00e1sok<\/li>\n<li>Csomagol\u00e1si szolg\u00e1ltat\u00e1s<\/li>\n<li>Lelt\u00e1rlista<\/li>\n<li>Sz\u00e1razf\u00f6ldi, tengeri \u00e9s l\u00e9gi sz\u00e1ll\u00edt\u00e1s<\/li>\n<li>V\u00e1mkezel\u00e9s<\/li>\n<li>M\u0171v\u00e9szet \u00e9s antikvit\u00e1s<\/li>\n<li>J\u00e1rm\u0171sz\u00e1ll\u00edt\u00e1s<\/li>\n<\/ul>\n<p>Az Uplift Movers egy New York-i sz\u00e9khely\u0171 nemzetk\u00f6zi sz\u00e1ll\u00edtm\u00e1nyoz\u00e1si v\u00e1llalat. T\u00f6bb mint 100 hiteles\u00edtett \u00fcgyn\u00f6k\u00fck van szerte a vil\u00e1gon, akik t\u00e1mogatj\u00e1k \u0151ket a nemzetk\u00f6zi szolg\u00e1ltat\u00e1s ny\u00fajt\u00e1s\u00e1ban. N\u00e9gy\u00e9ves tapasztalattal rendelkez\u0151 IAM tagok.<\/p>\n<p>Az Uplift Movers egy teljes k\u00f6r\u0171 szolg\u00e1ltat\u00e1st ny\u00fajt\u00f3 k\u00f6lt\u00f6ztet\u00e9si megold\u00e1st k\u00edn\u00e1l, inkluz\u00edv \u00e1rk\u00e9pz\u00e9ssel, amely mag\u00e1ban foglalja a logisztikai koordin\u00e1tort, mint egyetlen kapcsolattart\u00f3 pontot. Csomagol\u00e1si szolg\u00e1ltat\u00e1sok k\u00f6z\u00fcl v\u00e1laszthat, bele\u00e9rtve a teljes vagy r\u00e9szleges csomagol\u00e1si szolg\u00e1ltat\u00e1st, amely a legjobb, megfelel\u0151 anyagokat haszn\u00e1lja, valamint k\u00e9pzett k\u00f6lt\u00f6ztet\u0151ket alkalmaz, hogy biztons\u00e1gosan becsomagolj\u00e1k a t\u00e1rgyait. El\u0151k\u00e9sz\u00edtik a k\u00f6lt\u00f6z\u00e9ssel kapcsolatos \u00f6sszes pap\u00edrmunk\u00e1t, bele\u00e9rtve a v\u00e1mkezel\u00e9st is.<\/p>\n<p>Weboldal: <a href=\"https:\/\/upliftmovers.com\/\" target=\"_blank\" rel=\"noopener\">https:\/\/upliftmovers.com\/<\/a><\/p>\n<h2><span class=\"ez-toc-section\" id=\"25_Moving_Right_Along\"><\/span><strong>25. Moving Right Along<\/strong><span class=\"ez-toc-section-end\"><\/span><\/h2>\n<p><img loading=\"lazy\" decoding=\"async\" class=\"alignnone size-full wp-image-11388\" src=\"https:\/\/moverdb.com\/wp-content\/uploads\/Moving-Right-Along-international-moving-company.png\" alt=\"Moving Right Along nemzetk\u00f6zi k\u00f6lt\u00f6ztet\u0151 c\u00e9g\" width=\"1440\" height=\"677\" data-wp-pid=\"11388\" srcset=\"https:\/\/moverdb.com\/wp-content\/uploads\/Moving-Right-Along-international-moving-company.png 1440w, https:\/\/moverdb.com\/wp-content\/uploads\/Moving-Right-Along-international-moving-company-300x141.png 300w, https:\/\/moverdb.com\/wp-content\/uploads\/Moving-Right-Along-international-moving-company-1024x481.png 1024w, https:\/\/moverdb.com\/wp-content\/uploads\/Moving-Right-Along-international-moving-company-18x8.png 18w, https:\/\/moverdb.com\/wp-content\/uploads\/Moving-Right-Along-international-moving-company-600x282.png 600w\" sizes=\"auto, (max-width: 1440px) 100vw, 1440px\" \/><\/p>\n<ul>\n<li>Helyi \u00e9s \u00e1llamk\u00f6zi k\u00f6lt\u00f6z\u00e9sek<\/li>\n<li>Nemzetk\u00f6zi k\u00f6lt\u00f6z\u00e9sek<\/li>\n<li>Lakoss\u00e1gi k\u00f6lt\u00f6z\u00e9sek<\/li>\n<li>Kereskedelmi k\u00f6lt\u00f6z\u00e9sek<\/li>\n<li>H\u00e1zt\u00f3l-h\u00e1zig szolg\u00e1ltat\u00e1s<\/li>\n<li>Csomagol\u00e1si szolg\u00e1ltat\u00e1s<\/li>\n<li>K\u00e9pz\u0151m\u0171v\u00e9szeti mozgat\u00e1s<\/li>\n<li>J\u00e1rm\u0171sz\u00e1ll\u00edt\u00e1s<\/li>\n<li>Minden kock\u00e1zatra kiterjed\u0151 biztos\u00edt\u00e1s<\/li>\n<li>R\u00f6vid \u00e9s hossz\u00fa t\u00e1v\u00fa t\u00e1rol\u00e1s<\/li>\n<\/ul>\n<p>A Moving Right Along egy 1976-ban alap\u00edtott k\u00f6lt\u00f6ztet\u0151 \u00e9s t\u00e1rol\u00f3 c\u00e9g, amelynek sz\u00e9khelye a New York \u00e1llambeli Ozone Parkban tal\u00e1lhat\u00f3. Nemzetk\u00f6zi k\u00f6lt\u00f6ztet\u00e9si szolg\u00e1ltat\u00e1sokat k\u00edn\u00e1lnak t\u00f6bb mint 50 orsz\u00e1gba l\u00e9gi, tengeri \u00e9s sz\u00e1razf\u00f6ldi \u00faton a szolg\u00e1ltat\u00f3k t\u00e1mogat\u00e1s\u00e1val. Tagjai az IAM-nek, 42 \u00e9ves tapasztalattal rendelkeznek.<\/p>\n<p>A Moving Right Along egyablakos k\u00f6lt\u00f6z\u00e9si megold\u00e1st k\u00edn\u00e1l, bele\u00e9rtve a csomagol\u00e1st, sz\u00e1ll\u00edt\u00e1st, takar\u00edt\u00e1st \u00e9s t\u00e1rol\u00e1st. Olyan csomagol\u00e1si szolg\u00e1ltat\u00e1st k\u00edn\u00e1lnak, amely m\u00e9retre \u00e9s form\u00e1ra val\u00f3 tekintet n\u00e9lk\u00fcl megv\u00e9di a holmij\u00e1t. \u00c9rkez\u00e9skor kicsomagolj\u00e1k a dobozokat \u00e9s elt\u00e1vol\u00edtj\u00e1k a t\u00f6rmel\u00e9ket. Emellett k\u00e9pz\u0151m\u0171v\u00e9szeti t\u00e1rgyak kezel\u00e9s\u00e9t, haj\u00f3- \u00e9s j\u00e1rm\u0171sz\u00e1ll\u00edt\u00e1st, valamint takar\u00edt\u00e1si szolg\u00e1ltat\u00e1sokat is k\u00edn\u00e1lnak.<\/p>\n<p>Weboldal: <a href=\"http:\/\/movingrightalong.com\/\" target=\"_blank\" rel=\"noopener\">http:\/\/movingrightalong.com\/<\/a><\/p>\n<h2><span class=\"ez-toc-section\" id=\"26_OL_USA\"><\/span><strong>26. OL USA<\/strong><span class=\"ez-toc-section-end\"><\/span><\/h2>\n<p><img loading=\"lazy\" decoding=\"async\" class=\"alignnone size-full wp-image-11643\" src=\"https:\/\/moverdb.com\/wp-content\/uploads\/OL-USA-international-moving-company.png\" alt=\"OL USA nemzetk\u00f6zi k\u00f6lt\u00f6ztet\u0151 c\u00e9g\" width=\"1440\" height=\"676\" data-wp-pid=\"11643\" srcset=\"https:\/\/moverdb.com\/wp-content\/uploads\/OL-USA-international-moving-company.png 1440w, https:\/\/moverdb.com\/wp-content\/uploads\/OL-USA-international-moving-company-300x141.png 300w, https:\/\/moverdb.com\/wp-content\/uploads\/OL-USA-international-moving-company-1024x481.png 1024w, https:\/\/moverdb.com\/wp-content\/uploads\/OL-USA-international-moving-company-18x8.png 18w, https:\/\/moverdb.com\/wp-content\/uploads\/OL-USA-international-moving-company-600x282.png 600w\" sizes=\"auto, (max-width: 1440px) 100vw, 1440px\" \/><\/p>\n<ul>\n<li>Belf\u00f6ldi fuvaroz\u00e1s<\/li>\n<li>Nemzetk\u00f6zi fuvaroz\u00e1s<\/li>\n<li>H\u00e1ztart\u00e1si cikkek<\/li>\n<li>Kereskedelmi \u00e1ruk<\/li>\n<li>H\u00e1zt\u00f3l-h\u00e1zig vagy kik\u00f6t\u0151i szolg\u00e1ltat\u00e1sok<\/li>\n<li>Szem\u00e9lyre szabott szolg\u00e1ltat\u00e1s<\/li>\n<li>L\u00e9gi, sz\u00e1razf\u00f6ldi, vas\u00fati \u00e9s tengeri sz\u00e1ll\u00edt\u00e1s<\/li>\n<li>Terhel\u00e9si lehet\u0151s\u00e9gek kiv\u00e1laszt\u00e1sa<\/li>\n<li>V\u00e1mkezel\u00e9s<\/li>\n<li>Rakt\u00e1ri l\u00e9tes\u00edtm\u00e9nyek<\/li>\n<\/ul>\n<p>Az OL USA egy nemzetk\u00f6zi sz\u00e1ll\u00edtm\u00e1nyoz\u00e1si v\u00e1llalat, amelynek sz\u00e9khelye a New York \u00e1llambeli Westburyben tal\u00e1lhat\u00f3. A c\u00e9g 140 orsz\u00e1gba k\u00edn\u00e1l h\u00e1zt\u00f3l-h\u00e1zig szolg\u00e1ltat\u00e1st, valamint helyi szolg\u00e1ltat\u00e1sokat, amelyekhez nemzetk\u00f6zi ell\u00e1t\u00e1si l\u00e1ncukat haszn\u00e1lj\u00e1k fel. Kilenc\u00e9ves tapasztalattal rendelkez\u0151 IAM-tagok.<\/p>\n<p>Az OL USA egyetlen forr\u00e1sb\u00f3l sz\u00e1rmaz\u00f3 tapasztalatot k\u00edn\u00e1l, amely a fuvaroz\u00e1si szolg\u00e1ltat\u00e1sokat az elej\u00e9t\u0151l a v\u00e9g\u00e9ig biztos\u00edtja, de nem ny\u00fajt csomagol\u00e1si szolg\u00e1ltat\u00e1sokat. H\u00e1zt\u00f3l-h\u00e1zig, kik\u00f6t\u0151t\u0151l-kik\u00f6t\u0151ig \u00e9s h\u00e1zt\u00f3l-kik\u00f6t\u0151ig szolg\u00e1ltat\u00e1sokat k\u00edn\u00e1lnak. Sz\u00e1mos fuvaroz\u00e1si lehet\u0151s\u00e9get k\u00edn\u00e1lnak, bele\u00e9rtve a l\u00e9gi, tengeri, vas\u00fati \u00e9s k\u00f6z\u00fati fuvaroz\u00e1st, teljes teheraut\u00f3-rakom\u00e1ny, kevesebb mint teheraut\u00f3-rakom\u00e1ny \u00e9s intermod\u00e1lis fuvaroz\u00e1s k\u00f6z\u00fcl v\u00e1laszthatnak, amely mag\u00e1ban foglalja a dokument\u00e1ci\u00f3t is.<\/p>\n<p>Weboldal: <a href=\"http:\/\/www.ol-usa.com\" target=\"_blank\" rel=\"noopener\">http:\/\/www.ol-usa.com<\/a><\/p>","protected":false},"excerpt":{"rendered":"<p>Moving can be a stressful time with so many things to arrange so why not let a moving company take some of that stress away for you? A moving company can help with planning, transportation arrangements, packing and customs processes if you are moving internationally. Below we have compiled a list of New York based [&hellip;]<\/p>\n","protected":false},"author":4,"featured_media":11634,"parent":190,"menu_order":0,"comment_status":"closed","ping_status":"closed","template":"","meta":{"_genesis_hide_title":false,"_genesis_hide_breadcrumbs":false,"_genesis_hide_singular_image":false,"_genesis_hide_footer_widgets":false,"_genesis_custom_body_class":"","_genesis_custom_post_class":"","_genesis_layout":"","footnotes":""},"class_list":{"0":"post-11632","1":"page","2":"type-page","3":"status-publish","4":"has-post-thumbnail","6":"entry"},"_links":{"self":[{"href":"https:\/\/moverdb.com\/hu\/wp-json\/wp\/v2\/pages\/11632","targetHints":{"allow":["GET"]}}],"collection":[{"href":"https:\/\/moverdb.com\/hu\/wp-json\/wp\/v2\/pages"}],"about":[{"href":"https:\/\/moverdb.com\/hu\/wp-json\/wp\/v2\/types\/page"}],"author":[{"embeddable":true,"href":"https:\/\/moverdb.com\/hu\/wp-json\/wp\/v2\/users\/4"}],"replies":[{"embeddable":true,"href":"https:\/\/moverdb.com\/hu\/wp-json\/wp\/v2\/comments?post=11632"}],"version-history":[{"count":2,"href":"https:\/\/moverdb.com\/hu\/wp-json\/wp\/v2\/pages\/11632\/revisions"}],"predecessor-version":[{"id":11644,"href":"https:\/\/moverdb.com\/hu\/wp-json\/wp\/v2\/pages\/11632\/revisions\/11644"}],"up":[{"embeddable":true,"href":"https:\/\/moverdb.com\/hu\/wp-json\/wp\/v2\/pages\/190"}],"wp:featuredmedia":[{"embeddable":true,"href":"https:\/\/moverdb.com\/hu\/wp-json\/wp\/v2\/media\/11634"}],"wp:attachment":[{"href":"https:\/\/moverdb.com\/hu\/wp-json\/wp\/v2\/media?parent=11632"}],"curies":[{"name":"wp","href":"https:\/\/api.w.org\/{rel}","templated":true}]}}