{"id":11619,"date":"2023-11-29T10:52:33","date_gmt":"2023-11-29T10:52:33","guid":{"rendered":"https:\/\/moverdb.com\/?page_id=11619"},"modified":"2026-01-08T15:28:59","modified_gmt":"2026-01-08T15:28:59","slug":"moving-companies-us-missouri","status":"publish","type":"page","link":"https:\/\/moverdb.com\/hu\/moving-companies\/moving-companies-us-missouri\/","title":{"rendered":"5 legjobb nemzetk\u00f6zi k\u00f6lt\u00f6ztet\u0151 c\u00e9gek Missouri v\u00e1ros\u00e1ban"},"content":{"rendered":"<p>Amikor a k\u00f6lt\u00f6z\u00e9st tervezed, mindent magad csin\u00e1lsz, vagy kapsz seg\u00edts\u00e9get egy <a href=\"https:\/\/moverdb.com\/hu\/moving-companies\/\" data-internallinksmanager029f6b8e52c=\"79\" title=\"Top 25 nemzetk\u00f6zi k\u00f6lt\u00f6ztet\u0151 c\u00e9gek online\">k\u00f6lt\u00f6ztet\u0151 c\u00e9g<\/a>? Seg\u00edtenek a csomagol\u00e1sban, sz\u00e1ll\u00edt\u00e1sban \u00e9s dokument\u00e1l\u00e1sban, hogy cs\u00f6kkents\u00e9k az \u00d6nre nehezed\u0151 nyom\u00e1st. Az al\u00e1bbiakban \u00f6ssze\u00e1ll\u00edtottunk egy list\u00e1t <a href=\"https:\/\/moverdb.com\/hu\/moving-to-the-united-states\/moving-to-missouri\/\" data-internallinksmanager029f6b8e52c=\"460\" title=\"K\u00f6lt\u00f6z\u00e9s Missouriba? 2024 \u00c9letk\u00f6lts\u00e9gek \u00e9s k\u00f6lt\u00f6z\u00e9si tippek\">Missouri<\/a> alap\u00fa <a href=\"https:\/\/moverdb.com\/hu\/international-removals\/\" data-internallinksmanager029f6b8e52c=\"27\" title=\"36 legjobb nemzetk\u00f6zi k\u00f6lt\u00f6ztet\u0151 c\u00e9gek az Egyes\u00fclt Kir\u00e1lys\u00e1gban\">k\u00f6lt\u00f6ztet\u0151 c\u00e9gek<\/a> amelyek tagjai a <a href=\"https:\/\/moverdb.com\/hu\/iam\/\" data-internallinksmanager029f6b8e52c=\"23\" title=\"A K\u00f6lt\u00f6ztet\u0151k Nemzetk\u00f6zi Sz\u00f6vets\u00e9ge (IAM) magyar\u00e1zata\">K\u00f6lt\u00f6ztet\u0151k Nemzetk\u00f6zi Sz\u00f6vets\u00e9ge<\/a> (IAM) \u00e9s\/vagy <a href=\"https:\/\/moverdb.com\/hu\/fidi-faim\/\" data-internallinksmanager029f6b8e52c=\"16\" title=\"FIDI &amp; FAIM (FIDI akkredit\u00e1lt nemzetk\u00f6zi fuvaroz\u00f3) magyar\u00e1zata\">FIDI<\/a> Akkredit\u00e1lt nemzetk\u00f6zi k\u00f6lt\u00f6ztet\u0151 (FAIM), aki seg\u00edthet \u00d6nnek a k\u00f6lt\u00f6z\u00e9sben.<\/p>\n<div id=\"ez-toc-container\" class=\"ez-toc-v2_0_82_2 ez-toc-wrap-left counter-hierarchy ez-toc-counter ez-toc-transparent ez-toc-container-direction\">\n<div class=\"ez-toc-title-container\">\n<p class=\"ez-toc-title\" style=\"cursor:inherit\">Szakaszok<\/p>\n<span class=\"ez-toc-title-toggle\"><a href=\"#\" class=\"ez-toc-pull-right ez-toc-btn ez-toc-btn-xs ez-toc-btn-default ez-toc-toggle\" aria-label=\"Toggle Tartalomjegyz\u00e9k\"><span class=\"ez-toc-js-icon-con\"><span class=\"\"><span class=\"eztoc-hide\" style=\"display:none;\">Toggle<\/span><span class=\"ez-toc-icon-toggle-span\"><svg style=\"fill: #999;color:#999\" xmlns=\"http:\/\/www.w3.org\/2000\/svg\" class=\"list-377408\" width=\"20px\" height=\"20px\" viewbox=\"0 0 24 24\" fill=\"none\"><path d=\"M6 6H4v2h2V6zm14 0H8v2h12V6zM4 11h2v2H4v-2zm16 0H8v2h12v-2zM4 16h2v2H4v-2zm16 0H8v2h12v-2z\" fill=\"currentColor\"><\/path><\/svg><svg style=\"fill: #999;color:#999\" class=\"arrow-unsorted-368013\" xmlns=\"http:\/\/www.w3.org\/2000\/svg\" width=\"10px\" height=\"10px\" viewbox=\"0 0 24 24\" version=\"1.2\" baseprofile=\"tiny\"><path d=\"M18.2 9.3l-6.2-6.3-6.2 6.3c-.2.2-.3.4-.3.7s.1.5.3.7c.2.2.4.3.7.3h11c.3 0 .5-.1.7-.3.2-.2.3-.5.3-.7s-.1-.5-.3-.7zM5.8 14.7l6.2 6.3 6.2-6.3c.2-.2.3-.5.3-.7s-.1-.5-.3-.7c-.2-.2-.4-.3-.7-.3h-11c-.3 0-.5.1-.7.3-.2.2-.3.5-.3.7s.1.5.3.7z\"\/><\/svg><\/span><\/span><\/span><\/a><\/span><\/div>\n<nav><ul class='ez-toc-list ez-toc-list-level-1 eztoc-toggle-hide-by-default' ><li class='ez-toc-page-1 ez-toc-heading-level-2'><a class=\"ez-toc-link ez-toc-heading-1\" href=\"https:\/\/moverdb.com\/hu\/moving-companies\/moving-companies-us-missouri\/#1_Compass_Moving\" >1. Ir\u00e1nyt\u0171 mozgat\u00e1s<\/a><\/li><li class='ez-toc-page-1 ez-toc-heading-level-2'><a class=\"ez-toc-link ez-toc-heading-2\" href=\"https:\/\/moverdb.com\/hu\/moving-companies\/moving-companies-us-missouri\/#2_Day_Transfer_Company\" >2. Napi transzfer c\u00e9g<\/a><\/li><li class='ez-toc-page-1 ez-toc-heading-level-2'><a class=\"ez-toc-link ez-toc-heading-3\" href=\"https:\/\/moverdb.com\/hu\/moving-companies\/moving-companies-us-missouri\/#3_Mayflower\" >3. Mayflower<\/a><\/li><li class='ez-toc-page-1 ez-toc-heading-level-2'><a class=\"ez-toc-link ez-toc-heading-4\" href=\"https:\/\/moverdb.com\/hu\/moving-companies\/moving-companies-us-missouri\/#4_The_Cartwright_Co\" >4. A Cartwright Co.<\/a><\/li><li class='ez-toc-page-1 ez-toc-heading-level-2'><a class=\"ez-toc-link ez-toc-heading-5\" href=\"https:\/\/moverdb.com\/hu\/moving-companies\/moving-companies-us-missouri\/#5_United_Van_Lines\" >5. United Van Lines<\/a><\/li><\/ul><\/nav><\/div>\n<h2><span class=\"ez-toc-section\" id=\"1_Compass_Moving\"><\/span><strong>1. Ir\u00e1nyt\u0171 mozgat\u00e1s<\/strong><span class=\"ez-toc-section-end\"><\/span><\/h2>\n<p><img loading=\"lazy\" decoding=\"async\" class=\"alignnone size-full wp-image-11290\" src=\"https:\/\/moverdb.com\/wp-content\/uploads\/Compass-Moving-international-moving-company.png\" alt=\"Compass Moving nemzetk\u00f6zi k\u00f6lt\u00f6ztet\u0151 c\u00e9g\" width=\"1440\" height=\"676\" data-wp-pid=\"11290\" srcset=\"https:\/\/moverdb.com\/wp-content\/uploads\/Compass-Moving-international-moving-company.png 1440w, https:\/\/moverdb.com\/wp-content\/uploads\/Compass-Moving-international-moving-company-300x141.png 300w, https:\/\/moverdb.com\/wp-content\/uploads\/Compass-Moving-international-moving-company-1024x481.png 1024w, https:\/\/moverdb.com\/wp-content\/uploads\/Compass-Moving-international-moving-company-18x8.png 18w, https:\/\/moverdb.com\/wp-content\/uploads\/Compass-Moving-international-moving-company-600x282.png 600w\" sizes=\"auto, (max-width: 1440px) 100vw, 1440px\" \/><\/p>\n<ul>\n<li>Nemzeti l\u00e9p\u00e9sek<\/li>\n<li>Nemzetk\u00f6zi k\u00f6lt\u00f6z\u00e9sek<\/li>\n<li>Lakoss\u00e1gi k\u00f6lt\u00f6z\u00e9sek<\/li>\n<li>Katonai mozg\u00e1sok<\/li>\n<li>Teljes k\u00f6r\u0171 szolg\u00e1ltat\u00e1si k\u00edn\u00e1lat<\/li>\n<li>Csomagol\u00e1si szolg\u00e1ltat\u00e1s<\/li>\n<li>Sz\u00e1razf\u00f6ldi \u00e9s tengeri sz\u00e1ll\u00edt\u00e1s<\/li>\n<li><a href=\"https:\/\/moverdb.com\/hu\/top-49-container-ports\/\" data-internallinksmanager029f6b8e52c=\"80\" title=\"Top 49 legnagyobb \u00e9s legforgalmasabb kont\u00e9nerkik\u00f6t\u0151 2025-ben\">Port<\/a> szolg\u00e1ltat\u00e1sok<\/li>\n<li><a href=\"https:\/\/moverdb.com\/hu\/car-transport-shipping\/\" data-internallinksmanager029f6b8e52c=\"2\" title=\"2026 Nemzetk\u00f6zi aut\u00f3sz\u00e1ll\u00edt\u00e1s \u00e9s j\u00e1rm\u0171sz\u00e1ll\u00edt\u00e1s \u00e1raj\u00e1nlatok\">J\u00e1rm\u0171sz\u00e1ll\u00edt\u00e1s<\/a><\/li>\n<li>Biztos\u00edt\u00e1s<\/li>\n<\/ul>\n<p>A Compass Moving egy 1982-ben alap\u00edtott, teljes k\u00f6r\u0171 szolg\u00e1ltat\u00e1st ny\u00fajt\u00f3 k\u00f6lt\u00f6ztet\u0151 c\u00e9g, amelynek sz\u00e9khelye Grandviewban tal\u00e1lhat\u00f3. Az IAM tagja, 41 \u00e9ves tapasztalattal rendelkeznek, ami hozz\u00e1f\u00e9r\u00e9st biztos\u00edt sz\u00e1mukra a k\u00f6lt\u00f6ztet\u0151 \u00fcgyn\u00f6k\u00f6k nemzetk\u00f6zi h\u00e1l\u00f3zat\u00e1hoz, akikkel egy\u00fctt dolgozhatnak.<\/p>\n<p>A Compass Moving \u00e1tfog\u00f3 <a href=\"https:\/\/moverdb.com\/hu\/quotes\/\" data-internallinksmanager029f6b8e52c=\"26\" title=\"Nemzetk\u00f6zi k\u00f6lt\u00f6z\u00e9si \u00e1raj\u00e1nlatok: 12 k\u00e9rd\u00e9s, hogy k\u00e9rdezze meg a k\u00f6lt\u00f6ztet\u0151\">k\u00f6lt\u00f6z\u00e9si \u00e1raj\u00e1nlatok<\/a> rejtett d\u00edjak n\u00e9lk\u00fcl. Professzion\u00e1lis h\u00e1zon bel\u00fcli csomagol\u00e1si szolg\u00e1ltat\u00e1st ny\u00fajtanak, hogy biztons\u00e1gosan becsomagolj\u00e1k a holmij\u00e1t a sz\u00e1ll\u00edt\u00e1shoz lez\u00e1rt kont\u00e9nerekbe. Nemzetk\u00f6zi k\u00f6lt\u00f6z\u00e9s eset\u00e9n megszervezik a sz\u00e1ll\u00edt\u00e1st teheraut\u00f3val \u00e9s tengeri sz\u00e1ll\u00edtm\u00e1nyoz\u00e1ssal. \u0150k kezelik az \u00f6sszes kik\u00f6t\u0151i elj\u00e1r\u00e1st, \u00e9s minden k\u00f6lts\u00e9get tartalmaz az \u00e1r, valamint az alapvet\u0151 biztos\u00edt\u00e1s is benne van.<\/p>\n<p>Weboldal: <a href=\"http:\/\/www.compassmoving.com\" target=\"_blank\" rel=\"noopener\">http:\/\/www.compassmoving.com<\/a><\/p>\n<h2><span class=\"ez-toc-section\" id=\"2_Day_Transfer_Company\"><\/span><strong>2. Napi transzfer c\u00e9g<\/strong><span class=\"ez-toc-section-end\"><\/span><\/h2>\n<p><img loading=\"lazy\" decoding=\"async\" class=\"alignnone size-full wp-image-11304\" src=\"https:\/\/moverdb.com\/wp-content\/uploads\/Day-Transfer-Moving-Storage-international-moving-company.png\" alt=\"Day Transfer Moving &amp; Storage nemzetk\u00f6zi k\u00f6lt\u00f6ztet\u0151 c\u00e9g\" width=\"1440\" height=\"677\" data-wp-pid=\"11304\" srcset=\"https:\/\/moverdb.com\/wp-content\/uploads\/Day-Transfer-Moving-Storage-international-moving-company.png 1440w, https:\/\/moverdb.com\/wp-content\/uploads\/Day-Transfer-Moving-Storage-international-moving-company-300x141.png 300w, https:\/\/moverdb.com\/wp-content\/uploads\/Day-Transfer-Moving-Storage-international-moving-company-1024x481.png 1024w, https:\/\/moverdb.com\/wp-content\/uploads\/Day-Transfer-Moving-Storage-international-moving-company-18x8.png 18w, https:\/\/moverdb.com\/wp-content\/uploads\/Day-Transfer-Moving-Storage-international-moving-company-600x282.png 600w\" sizes=\"auto, (max-width: 1440px) 100vw, 1440px\" \/><\/p>\n<ul>\n<li>Helyi k\u00f6lt\u00f6z\u00e9sek<\/li>\n<li>Hossz\u00fa t\u00e1v\u00fa k\u00f6lt\u00f6z\u00e9sek<\/li>\n<li>Lakoss\u00e1gi k\u00f6lt\u00f6z\u00e9sek<\/li>\n<li>Irodai k\u00f6lt\u00f6z\u00e9sek<\/li>\n<li>V\u00e1llalati \u00e1thelyez\u00e9sek<\/li>\n<li>K\u00f6lt\u00f6z\u00e9si tan\u00e1csad\u00f3<\/li>\n<li>Csomagol\u00e1si szolg\u00e1ltat\u00e1sok<\/li>\n<li>Sz\u00e1ll\u00edt\u00e1si meg\u00e1llapod\u00e1sok<\/li>\n<li>Biztos\u00edt\u00e1s<\/li>\n<li>Hossz\u00fa t\u00e1v\u00fa \u00e9s ideiglenes t\u00e1rol\u00e1s<\/li>\n<\/ul>\n<p>A Day Transfer Company egy teljes k\u00f6r\u0171 szolg\u00e1ltat\u00e1st ny\u00fajt\u00f3 k\u00f6lt\u00f6ztet\u0151 c\u00e9g Cape Girardeau, Clarksville, Fayetteville \u00e9s Montgomery telep\u00fcl\u00e9sekkel. \u0150k egy \u00e1llamk\u00f6zi \u00fcgyn\u00f6k a National Van Lines, amely biztos\u00edtja sz\u00e1mukra egy h\u00e1l\u00f3zatot a mozg\u00f3 c\u00e9gek dolgozni a szolg\u00e1ltat\u00e1saik ny\u00fajt\u00e1sa sor\u00e1n. Az IAM tagjak\u00e9nt 90 \u00e9ves tapasztalattal rendelkeznek.<\/p>\n<p>A Day Transfer Company teljes k\u00f6r\u0171 k\u00f6lt\u00f6ztet\u00e9si megold\u00e1sokat k\u00edn\u00e1l egy k\u00f6lt\u00f6z\u00e9si tan\u00e1csad\u00f3val, aki t\u00e1mogatja \u00d6nt, vagy \u00f6n\u00e1ll\u00f3 csomagol\u00e1si szolg\u00e1ltat\u00e1sokat k\u00edn\u00e1l. Csomagol\u00e1si szolg\u00e1ltat\u00e1sokat k\u00edn\u00e1lnak egy szakmailag k\u00e9pzett csomagol\u00f3csapattal, amely megv\u00e9di t\u00e1rgyait a sz\u00e1ll\u00edt\u00e1sra k\u00e9sz \u00e1llapotban, \u00e9s biztos\u00edt\u00e1si fedezetet ny\u00fajt a nyugalom \u00e9rdek\u00e9ben. \u00c9rkez\u00e9skor ki is csomagolnak.<\/p>\n<p>Weboldal: <a href=\"http:\/\/www.daytransferco.com\" target=\"_blank\" rel=\"noopener\">http:\/\/www.daytransferco.com<\/a><\/p>\n<h2><span class=\"ez-toc-section\" id=\"3_Mayflower\"><\/span><strong>3. Mayflower<\/strong><span class=\"ez-toc-section-end\"><\/span><\/h2>\n<p><img loading=\"lazy\" decoding=\"async\" class=\"alignnone size-full wp-image-11372\" src=\"https:\/\/moverdb.com\/wp-content\/uploads\/Mayflower-international-moving-company.png\" alt=\"Mayflower nemzetk\u00f6zi k\u00f6lt\u00f6ztet\u0151 c\u00e9g\" width=\"1440\" height=\"680\" data-wp-pid=\"11372\" srcset=\"https:\/\/moverdb.com\/wp-content\/uploads\/Mayflower-international-moving-company.png 1440w, https:\/\/moverdb.com\/wp-content\/uploads\/Mayflower-international-moving-company-300x142.png 300w, https:\/\/moverdb.com\/wp-content\/uploads\/Mayflower-international-moving-company-1024x484.png 1024w, https:\/\/moverdb.com\/wp-content\/uploads\/Mayflower-international-moving-company-18x9.png 18w, https:\/\/moverdb.com\/wp-content\/uploads\/Mayflower-international-moving-company-600x283.png 600w\" sizes=\"auto, (max-width: 1440px) 100vw, 1440px\" \/><\/p>\n<ul>\n<li>Helyi \u00e9s orsz\u00e1gos k\u00f6lt\u00f6z\u00e9sek<\/li>\n<li>Nemzetk\u00f6zi k\u00f6lt\u00f6z\u00e9sek<\/li>\n<li>H\u00e1ztart\u00e1si k\u00f6lt\u00f6z\u00e9sek<\/li>\n<li>V\u00e1llalati \u00e1thelyez\u00e9sek<\/li>\n<li>Szem\u00e9lyes k\u00f6lt\u00f6z\u00e9si koordin\u00e1tor<\/li>\n<li>Csomagol\u00e1si szolg\u00e1ltat\u00e1s<\/li>\n<li>Sz\u00e1ll\u00edt\u00e1s sz\u00e1razf\u00f6ld\u00f6n, tengeren \u00e9s leveg\u0151ben<\/li>\n<li>V\u00e1mkezel\u00e9s<\/li>\n<li>J\u00e1rm\u0171sz\u00e1ll\u00edt\u00e1s<\/li>\n<li>R\u00f6vid \u00e9s hossz\u00fa t\u00e1v\u00fa t\u00e1rol\u00e1s<\/li>\n<\/ul>\n<p>A Mayflower egy 1927-ben alap\u00edtott k\u00f6lt\u00f6ztet\u0151 \u00e9s k\u00f6lt\u00f6ztet\u0151 c\u00e9g, amely az UniGroup tagja. Orsz\u00e1gos \u00fcgyn\u00f6kh\u00e1l\u00f3zatuk van, amely seg\u00edti \u0151ket a k\u00f6lt\u00f6ztet\u00e9si szolg\u00e1ltat\u00e1sok ny\u00fajt\u00e1s\u00e1ban, valamint nemzetk\u00f6zi partnereik, akik t\u00f6bb mint 150 orsz\u00e1gban ny\u00fajtanak vil\u00e1gm\u00e9ret\u0171 szolg\u00e1ltat\u00e1sokat. Az IAM tagjak\u00e9nt 37 \u00e9ves tapasztalattal rendelkeznek.<\/p>\n<p>A Mayflower szem\u00e9lyes k\u00f6lt\u00f6z\u00e9si koordin\u00e1tora seg\u00edt \u00d6nnek megtervezni a k\u00f6lt\u00f6z\u00e9st, \u00e9s egy k\u00f6lt\u00f6z\u00e9si tervben seg\u00edt meghozni a szem\u00e9lyre szabott k\u00f6lt\u00f6z\u00e9sre vonatkoz\u00f3 d\u00f6nt\u00e9seket. Teljes k\u00f6r\u0171 csomagol\u00e1si szolg\u00e1ltat\u00e1st k\u00edn\u00e1lnak a t\u00e1rgyak v\u00e9delme \u00e9s a v\u00e1mkezel\u00e9s egyszer\u0171s\u00edt\u00e9se \u00e9rdek\u00e9ben. Ha \u00d6n saj\u00e1t maga csomagol, ellen\u0151rz\u00e9st v\u00e9geznek, hogy megbizonyosodjanak arr\u00f3l, hogy nem tartalmaznak korl\u00e1tozott t\u00e1rgyakat.<\/p>\n<p>Weboldal: <a href=\"https:\/\/www.mayflower.com\/\" target=\"_blank\" rel=\"noopener\">https:\/\/www.mayflower.com\/<\/a><\/p>\n<h2><span class=\"ez-toc-section\" id=\"4_The_Cartwright_Co\"><\/span><strong>4. A Cartwright Co.<\/strong><span class=\"ez-toc-section-end\"><\/span><\/h2>\n<p><img loading=\"lazy\" decoding=\"async\" class=\"alignnone size-full wp-image-11454\" src=\"https:\/\/moverdb.com\/wp-content\/uploads\/The-Cartwright-Co-international-moving-company.png\" alt=\"A Cartwright Co nemzetk\u00f6zi k\u00f6lt\u00f6ztet\u0151 c\u00e9g\" width=\"1440\" height=\"679\" data-wp-pid=\"11454\" srcset=\"https:\/\/moverdb.com\/wp-content\/uploads\/The-Cartwright-Co-international-moving-company.png 1440w, https:\/\/moverdb.com\/wp-content\/uploads\/The-Cartwright-Co-international-moving-company-300x141.png 300w, https:\/\/moverdb.com\/wp-content\/uploads\/The-Cartwright-Co-international-moving-company-1024x483.png 1024w, https:\/\/moverdb.com\/wp-content\/uploads\/The-Cartwright-Co-international-moving-company-18x8.png 18w, https:\/\/moverdb.com\/wp-content\/uploads\/The-Cartwright-Co-international-moving-company-600x283.png 600w\" sizes=\"auto, (max-width: 1440px) 100vw, 1440px\" \/><\/p>\n<ul>\n<li>Nemzeti l\u00e9p\u00e9sek<\/li>\n<li>Nemzetk\u00f6zi k\u00f6lt\u00f6z\u00e9sek<\/li>\n<li>H\u00e1ztart\u00e1si k\u00f6lt\u00f6z\u00e9sek<\/li>\n<li>\u00dczleti l\u00e9p\u00e9sek<\/li>\n<li>V\u00e1llalati \u00e1thelyez\u00e9sek<\/li>\n<li>V\u00e9gpontt\u00f3l v\u00e9gpontig tart\u00f3 mozg\u00e1sok<\/li>\n<li>Mozg\u00e1sir\u00e1ny\u00edt\u00e1s<\/li>\n<li>H\u00e1zi\u00e1llat mozgat\u00e1sa<\/li>\n<li>J\u00e1rm\u0171sz\u00e1ll\u00edt\u00e1s<\/li>\n<li>C\u00e9l\u00e1llom\u00e1si szolg\u00e1ltat\u00e1sok<\/li>\n<\/ul>\n<p>A The Cartwright Co egy glob\u00e1lis mobilit\u00e1si, k\u00f6lt\u00f6ztet\u00e9si \u00e9s k\u00f6lt\u00f6ztet\u0151 c\u00e9g, amely 1934-ben indult \u00e9s Grandview-ban tal\u00e1lhat\u00f3. V\u00e1llalatai k\u00f6z\u00e9 tartozik az AmWorld Transport, a Cox Moving, a Foremost Forwarders \u00e9s a Domestic Military Services. Tagjai az IAM-nek, 55 \u00e9ves tapasztalattal rendelkeznek.<\/p>\n<p>A The Cartwright Co 187 orsz\u00e1got szolg\u00e1l ki, \u00e9s a v\u00e1llalatok \u00e9s korm\u00e1nyok, k\u00f6zt\u00fck a katonai szem\u00e9lyzet kiszolg\u00e1l\u00e1s\u00e1ra szakosodott, de mag\u00e1nh\u00e1ztart\u00e1sok k\u00f6lt\u00f6ztet\u00e9s\u00e9t is v\u00e1llalja. Rugalmas, az \u00d6n ig\u00e9nyeire szabott k\u00f6lt\u00f6z\u00e9si megold\u00e1sokat k\u00edn\u00e1lnak, amelyek magukban foglalhatj\u00e1k a csomagol\u00e1si, sz\u00e1ll\u00edt\u00e1si \u00e9s c\u00e9l\u00e1llom\u00e1s-szolg\u00e1ltat\u00e1sokat. Tov\u00e1bbi szolg\u00e1ltat\u00e1saik k\u00f6z\u00e9 tartozik a h\u00e1zi\u00e1llatok k\u00f6lt\u00f6ztet\u00e9se, j\u00e1rm\u0171sz\u00e1ll\u00edt\u00e1s, ideiglenes lakhat\u00e1s, iskolakeres\u00e9s \u00e9s portaszolg\u00e1lat.<\/p>\n<p>Weboldal: <a href=\"https:\/\/cartwrightcompanies.com\" target=\"_blank\" rel=\"noopener\">https:\/\/cartwrightcompanies.com<\/a><\/p>\n<h2><span class=\"ez-toc-section\" id=\"5_United_Van_Lines\"><\/span><strong>5. United Van Lines<\/strong><span class=\"ez-toc-section-end\"><\/span><\/h2>\n<p><img loading=\"lazy\" decoding=\"async\" class=\"alignnone size-full wp-image-11468\" src=\"https:\/\/moverdb.com\/wp-content\/uploads\/United-Van-Lines-US-international-moving-company.png\" alt=\"United Van Lines amerikai nemzetk\u00f6zi k\u00f6lt\u00f6ztet\u0151 c\u00e9g\" width=\"1440\" height=\"678\" data-wp-pid=\"11468\" srcset=\"https:\/\/moverdb.com\/wp-content\/uploads\/United-Van-Lines-US-international-moving-company.png 1440w, https:\/\/moverdb.com\/wp-content\/uploads\/United-Van-Lines-US-international-moving-company-300x141.png 300w, https:\/\/moverdb.com\/wp-content\/uploads\/United-Van-Lines-US-international-moving-company-1024x482.png 1024w, https:\/\/moverdb.com\/wp-content\/uploads\/United-Van-Lines-US-international-moving-company-18x8.png 18w, https:\/\/moverdb.com\/wp-content\/uploads\/United-Van-Lines-US-international-moving-company-600x283.png 600w\" sizes=\"auto, (max-width: 1440px) 100vw, 1440px\" \/><\/p>\n<ul>\n<li>Helyi \u00e9s t\u00e1vols\u00e1gi k\u00f6lt\u00f6z\u00e9sek<\/li>\n<li>Nemzetk\u00f6zi k\u00f6lt\u00f6z\u00e9sek<\/li>\n<li>Lakoss\u00e1gi k\u00f6lt\u00f6z\u00e9sek<\/li>\n<li>V\u00e1llalati k\u00f6lt\u00f6z\u00e9sek<\/li>\n<li>Szem\u00e9lyre szabott szolg\u00e1ltat\u00e1s<\/li>\n<li>Szem\u00e9lyes k\u00f6lt\u00f6z\u00e9si koordin\u00e1tor<\/li>\n<li>Csomagol\u00e1si szolg\u00e1ltat\u00e1s<\/li>\n<li>Aut\u00f3sz\u00e1ll\u00edt\u00e1s<\/li>\n<li>Biztos\u00edt\u00e1s<\/li>\n<li>R\u00f6vid \u00e9s hossz\u00fa t\u00e1v\u00fa t\u00e1rol\u00e1s<\/li>\n<\/ul>\n<p>A United Van Lines egy szem\u00e9lyre szabott szolg\u00e1ltat\u00e1sokat ny\u00fajt\u00f3 k\u00f6lt\u00f6ztet\u0151 c\u00e9gcsoport, amelynek sz\u00e9khelye Fentonban tal\u00e1lhat\u00f3. Sz\u00e9les k\u00f6lt\u00f6ztet\u0151i h\u00e1l\u00f3zatuk lehet\u0151v\u00e9 teszi sz\u00e1mukra, hogy szolg\u00e1ltat\u00e1saikat orsz\u00e1gos \u00e9s nemzetk\u00f6zi szinten is ny\u00fajts\u00e1k. Az IAM tagja, 81 \u00e9ves tapasztalattal rendelkeznek, \u00e9s a FIDI \u00e1ltal akkredit\u00e1ltak.<\/p>\n<p>A United Van Lines teljes k\u00f6r\u0171 szolg\u00e1ltat\u00e1st ny\u00fajt\u00f3 k\u00f6lt\u00f6z\u00e9si megold\u00e1sokat k\u00edn\u00e1l, amelyek magukban foglalj\u00e1k a szem\u00e9lyes k\u00f6lt\u00f6z\u00e9si koordin\u00e1tort \u00e9s a teljes \u00e9rt\u00e9k\u0171 v\u00e9delmet a holmij\u00e1nak. Egy\u00e9ni megk\u00f6zel\u00edt\u00e9st is k\u00edn\u00e1lnak, amely lehet\u0151v\u00e9 teszi, hogy \u00d6n v\u00e1lassza ki, milyen k\u00f6lt\u00f6ztet\u00e9si szolg\u00e1ltat\u00e1sokhoz kap seg\u00edts\u00e9get.  Szem\u00e9lyre szabhat\u00f3 csomagol\u00e1si szolg\u00e1ltat\u00e1sokat k\u00edn\u00e1lnak, hogy seg\u00edtsenek \u00d6nnek a holmik v\u00e9delm\u00e9ben, \u00e9s a meg\u00e9rkez\u00e9skor seg\u00edtenek a kicsomagol\u00e1sban.<\/p>\n<p>Weboldal: <a href=\"https:\/\/www.unitedvanlines.com\" target=\"_blank\" rel=\"noopener\">https:\/\/www.unitedvanlines.com<\/a><\/p>","protected":false},"excerpt":{"rendered":"<p>When you are planning your move will you do everything yourself or will you get some help from a moving company? They can help with packing, transportation and documentation to reduce the pressure on you. Below we have compiled a list of Missouri based removal companies that are members of the International Association of Movers [&hellip;]<\/p>\n","protected":false},"author":4,"featured_media":11290,"parent":190,"menu_order":0,"comment_status":"closed","ping_status":"closed","template":"","meta":{"_genesis_hide_title":false,"_genesis_hide_breadcrumbs":false,"_genesis_hide_singular_image":false,"_genesis_hide_footer_widgets":false,"_genesis_custom_body_class":"","_genesis_custom_post_class":"","_genesis_layout":"","footnotes":""},"class_list":{"0":"post-11619","1":"page","2":"type-page","3":"status-publish","4":"has-post-thumbnail","6":"entry"},"_links":{"self":[{"href":"https:\/\/moverdb.com\/hu\/wp-json\/wp\/v2\/pages\/11619","targetHints":{"allow":["GET"]}}],"collection":[{"href":"https:\/\/moverdb.com\/hu\/wp-json\/wp\/v2\/pages"}],"about":[{"href":"https:\/\/moverdb.com\/hu\/wp-json\/wp\/v2\/types\/page"}],"author":[{"embeddable":true,"href":"https:\/\/moverdb.com\/hu\/wp-json\/wp\/v2\/users\/4"}],"replies":[{"embeddable":true,"href":"https:\/\/moverdb.com\/hu\/wp-json\/wp\/v2\/comments?post=11619"}],"version-history":[{"count":2,"href":"https:\/\/moverdb.com\/hu\/wp-json\/wp\/v2\/pages\/11619\/revisions"}],"predecessor-version":[{"id":11621,"href":"https:\/\/moverdb.com\/hu\/wp-json\/wp\/v2\/pages\/11619\/revisions\/11621"}],"up":[{"embeddable":true,"href":"https:\/\/moverdb.com\/hu\/wp-json\/wp\/v2\/pages\/190"}],"wp:featuredmedia":[{"embeddable":true,"href":"https:\/\/moverdb.com\/hu\/wp-json\/wp\/v2\/media\/11290"}],"wp:attachment":[{"href":"https:\/\/moverdb.com\/hu\/wp-json\/wp\/v2\/media?parent=11619"}],"curies":[{"name":"wp","href":"https:\/\/api.w.org\/{rel}","templated":true}]}}