{"id":11617,"date":"2023-11-29T10:32:37","date_gmt":"2023-11-29T10:32:37","guid":{"rendered":"https:\/\/moverdb.com\/?page_id=11617"},"modified":"2026-01-08T15:24:23","modified_gmt":"2026-01-08T15:24:23","slug":"moving-companies-us-minnesota","status":"publish","type":"page","link":"https:\/\/moverdb.com\/hu\/moving-companies\/moving-companies-us-minnesota\/","title":{"rendered":"3 legjobb nemzetk\u00f6zi k\u00f6lt\u00f6ztet\u0151 c\u00e9gek Minnesota-ban"},"content":{"rendered":"<p>A k\u00f6lt\u00f6z\u00e9s nagy felfordul\u00e1s lehet, \u00e9s sok mindent kell elint\u00e9zni, ez\u00e9rt mi\u00e9rt ne vehetn\u00e9 le a nyom\u00e1st azzal, hogy hagyja, hogy egy <a href=\"https:\/\/moverdb.com\/hu\/moving-companies\/\" data-internallinksmanager029f6b8e52c=\"79\" title=\"Top 25 nemzetk\u00f6zi k\u00f6lt\u00f6ztet\u0151 c\u00e9gek online\">k\u00f6lt\u00f6ztet\u0151 c\u00e9g<\/a> kezeli a holmij\u00e1t? Megszervezhetik a k\u00f6lt\u00f6z\u00e9s logisztik\u00e1j\u00e1t, valamint a csomagol\u00e1st \u00e9s sz\u00fcks\u00e9g eset\u00e9n a v\u00e1m\u00fcgyint\u00e9z\u00e9st is. Az al\u00e1bbiakban \u00f6ssze\u00e1ll\u00edtottunk egy list\u00e1t <a href=\"https:\/\/moverdb.com\/hu\/moving-to-the-united-states\/moving-to-minnesota\/\" data-internallinksmanager029f6b8e52c=\"443\" title=\"Minnesot\u00e1ba k\u00f6lt\u00f6zik? 2023 Lakhat\u00e1si k\u00f6lts\u00e9gek \u00e9s k\u00f6lt\u00f6z\u00e9si tippek\">Minnesota<\/a> alap\u00fa <a href=\"https:\/\/moverdb.com\/hu\/international-removals\/\" data-internallinksmanager029f6b8e52c=\"27\" title=\"36 legjobb nemzetk\u00f6zi k\u00f6lt\u00f6ztet\u0151 c\u00e9gek az Egyes\u00fclt Kir\u00e1lys\u00e1gban\">k\u00f6lt\u00f6ztet\u0151 c\u00e9gek<\/a> amelyek tagjai a <a href=\"https:\/\/moverdb.com\/hu\/iam\/\" data-internallinksmanager029f6b8e52c=\"23\" title=\"A K\u00f6lt\u00f6ztet\u0151k Nemzetk\u00f6zi Sz\u00f6vets\u00e9ge (IAM) magyar\u00e1zata\">K\u00f6lt\u00f6ztet\u0151k Nemzetk\u00f6zi Sz\u00f6vets\u00e9ge<\/a> (IAM) \u00e9s\/vagy <a href=\"https:\/\/moverdb.com\/hu\/fidi-faim\/\" data-internallinksmanager029f6b8e52c=\"16\" title=\"FIDI &amp; FAIM (FIDI akkredit\u00e1lt nemzetk\u00f6zi fuvaroz\u00f3) magyar\u00e1zata\">FIDI<\/a> Akkredit\u00e1lt nemzetk\u00f6zi k\u00f6lt\u00f6ztet\u0151 (FAIM), aki seg\u00edthet \u00d6nnek a k\u00f6lt\u00f6z\u00e9sben.<\/p>\n<h2><strong>1. Akci\u00f3 K\u00f6lt\u00f6ztet\u0151 szolg\u00e1ltat\u00e1sok<\/strong><\/h2>\n<p><img loading=\"lazy\" decoding=\"async\" class=\"alignnone size-full wp-image-11242\" src=\"https:\/\/moverdb.com\/wp-content\/uploads\/Action-Moving-Services-international-moving-company.png\" alt=\"Action Moving Services nemzetk\u00f6zi k\u00f6lt\u00f6ztet\u0151 c\u00e9g\" width=\"1440\" height=\"678\" data-wp-pid=\"11242\" srcset=\"https:\/\/moverdb.com\/wp-content\/uploads\/Action-Moving-Services-international-moving-company.png 1440w, https:\/\/moverdb.com\/wp-content\/uploads\/Action-Moving-Services-international-moving-company-300x141.png 300w, https:\/\/moverdb.com\/wp-content\/uploads\/Action-Moving-Services-international-moving-company-1024x482.png 1024w, https:\/\/moverdb.com\/wp-content\/uploads\/Action-Moving-Services-international-moving-company-18x8.png 18w, https:\/\/moverdb.com\/wp-content\/uploads\/Action-Moving-Services-international-moving-company-600x283.png 600w\" sizes=\"auto, (max-width: 1440px) 100vw, 1440px\" \/><\/p>\n<ul>\n<li>Helyi \u00e9s t\u00e1vols\u00e1gi k\u00f6lt\u00f6z\u00e9sek<\/li>\n<li>Nemzetk\u00f6zi k\u00f6lt\u00f6z\u00e9sek<\/li>\n<li>H\u00e1ztart\u00e1si k\u00f6lt\u00f6z\u00e9sek<\/li>\n<li>Irodai \u00e9s ipari k\u00f6lt\u00f6ztet\u00e9s<\/li>\n<li>V\u00e1llalati \u00e1thelyez\u00e9sek<\/li>\n<li>V\u00e9gpontt\u00f3l v\u00e9gpontig terjed\u0151 megold\u00e1sok<\/li>\n<li>Csomagol\u00e1si szolg\u00e1ltat\u00e1s<\/li>\n<li>V\u00e1mt\u00e1mogat\u00e1s<\/li>\n<li>M\u0171v\u00e9szi munka kezel\u00e9se<\/li>\n<li>T\u00e1rol\u00e1si szolg\u00e1ltat\u00e1sok<\/li>\n<\/ul>\n<p>Az Action Moving Services egy helyi \u00e9s nemzetk\u00f6zi k\u00f6lt\u00f6ztet\u0151 c\u00e9g, melynek sz\u00e9khelye South Burnsville-ben tal\u00e1lhat\u00f3. \u0150k egy \u00e1llamk\u00f6zi \u00fcgyn\u00f6k Atlas Van Lines, amely biztos\u00edtja sz\u00e1mukra egy orsz\u00e1gos \u00e9s nemzetk\u00f6zi h\u00e1l\u00f3zat mozg\u00f3 \u00fcgyn\u00f6k\u00f6k dolgozni. Tagjai az IAM-nek, 42 \u00e9ves tapasztalattal rendelkeznek.<\/p>\n<p>Az Action Moving Services teljes k\u00f6r\u0171 k\u00f6lt\u00f6ztet\u00e9si \u00e9s k\u00f6lt\u00f6ztet\u00e9si szolg\u00e1ltat\u00e1sokat k\u00edn\u00e1l, amelyek a k\u00f6lt\u00f6z\u00e9s minden aspektus\u00e1r\u00f3l gondoskodnak. Szolg\u00e1ltat\u00e1saik k\u00f6z\u00e9 tartozik a holmij\u00e1nak biztons\u00e1gos csomagol\u00e1sa a sz\u00e1ll\u00edt\u00e1shoz \u00e9s kicsomagol\u00e1sa a c\u00e9l\u00e1llom\u00e1sra \u00e9rkez\u00e9skor. Megszervezik a holmij\u00e1nak sz\u00e1ll\u00edt\u00e1s\u00e1t, \u00e9s seg\u00edts\u00e9get ny\u00fajtanak a v\u00e1m\u00fcgyint\u00e9z\u00e9sben.<\/p>\n<p>Weboldal: <a href=\"http:\/\/actionmoving.com\/\" target=\"_blank\" rel=\"noopener\">http:\/\/actionmoving.com\/<\/a><\/p>\n<h2><strong>2. Beltmann K\u00f6lt\u00f6ztet\u00e9s \u00e9s rakt\u00e1roz\u00e1s<\/strong><\/h2>\n<p><img loading=\"lazy\" decoding=\"async\" class=\"alignnone size-full wp-image-11269\" src=\"https:\/\/moverdb.com\/wp-content\/uploads\/Beltmann-Relocation-Group-international-moving-company.png\" alt=\"Beltmann Relocation Group nemzetk\u00f6zi k\u00f6lt\u00f6ztet\u0151 c\u00e9g\" width=\"1440\" height=\"682\" data-wp-pid=\"11269\" srcset=\"https:\/\/moverdb.com\/wp-content\/uploads\/Beltmann-Relocation-Group-international-moving-company.png 1440w, https:\/\/moverdb.com\/wp-content\/uploads\/Beltmann-Relocation-Group-international-moving-company-300x142.png 300w, https:\/\/moverdb.com\/wp-content\/uploads\/Beltmann-Relocation-Group-international-moving-company-1024x485.png 1024w, https:\/\/moverdb.com\/wp-content\/uploads\/Beltmann-Relocation-Group-international-moving-company-18x9.png 18w, https:\/\/moverdb.com\/wp-content\/uploads\/Beltmann-Relocation-Group-international-moving-company-600x284.png 600w\" sizes=\"auto, (max-width: 1440px) 100vw, 1440px\" \/><\/p>\n<ul>\n<li>Helyi \u00e9s orsz\u00e1gos k\u00f6lt\u00f6z\u00e9sek<\/li>\n<li>Nemzetk\u00f6zi k\u00f6lt\u00f6z\u00e9sek<\/li>\n<li>Lakoss\u00e1gi k\u00f6lt\u00f6z\u00e9sek<\/li>\n<li>Irodai k\u00f6lt\u00f6z\u00e9sek<\/li>\n<li>V\u00e1llalati \u00e1thelyez\u00e9sek<\/li>\n<li>Mozg\u00e1skoordin\u00e1tor<\/li>\n<li>Csomagol\u00e1si szolg\u00e1ltat\u00e1s<\/li>\n<li>A sz\u00e1ll\u00edt\u00e1s megszervez\u00e9se<\/li>\n<li>V\u00e1mkezel\u00e9s<\/li>\n<li>Biztons\u00e1gos r\u00f6vid \u00e9s hossz\u00fa t\u00e1v\u00fa t\u00e1rol\u00e1s<\/li>\n<\/ul>\n<p>A Beltmann Moving &amp; Storage egy 1923 \u00f3ta m\u0171k\u00f6d\u0151 k\u00f6lt\u00f6ztet\u0151 c\u00e9g, amely 11 telephellyel rendelkezik szerte az orsz\u00e1gban. <a href=\"https:\/\/moverdb.com\/hu\/moving-to-the-united-states\/\" data-internallinksmanager029f6b8e52c=\"94\" title=\"Az Egyes\u00fclt \u00c1llamokba k\u00f6lt\u00f6zik? 2022 Meg\u00e9lhet\u00e9si k\u00f6lts\u00e9gek \u00e9s k\u00f6lt\u00f6z\u00e9si tippek\">US<\/a> bele\u00e9rtve Roseville-t is. A North American Van Lines \u00fcgyn\u00f6kei, ami hozz\u00e1f\u00e9r\u00e9st biztos\u00edt sz\u00e1mukra a k\u00f6lt\u00f6ztet\u0151 \u00e9s t\u00e1rol\u00f3 c\u00e9gek glob\u00e1lis h\u00e1l\u00f3zat\u00e1hoz. Tagjai az IAM-nek, 25 \u00e9ves tapasztalattal rendelkeznek.<\/p>\n<p>A Beltmann Moving &amp; Storage seg\u00edt racionaliz\u00e1lni a k\u00f6lt\u00f6z\u00e9st, kezdve az ingyenes k\u00f6lt\u00f6z\u00e9si becsl\u00e9s \u00fctemez\u00e9s\u00e9vel. K\u00f6lt\u00f6z\u00e9si koordin\u00e1tort biztos\u00edtanak az \u00d6n t\u00e1mogat\u00e1s\u00e1ra, \u00e9s szolg\u00e1ltat\u00e1saikat az \u00d6n ig\u00e9nyeihez igaz\u00edtj\u00e1k. Csomagol\u00e1si szolg\u00e1ltat\u00e1st ny\u00fajtanak, amely mag\u00e1ban foglalja a b\u00fatorok sz\u00e9t- \u00e9s \u00f6sszeszerel\u00e9s\u00e9t, valamint a meg\u00e9rkez\u00e9skor t\u00f6rt\u00e9n\u0151 kicsomagol\u00e1st.<\/p>\n<p>Weboldal: <a href=\"http:\/\/www.beltmann.com\" target=\"_blank\" rel=\"noopener\">http:\/\/www.beltmann.com<\/a><\/p>\n<h2><strong>3. Berger K\u00f6lt\u00f6ztet\u00e9s \u00e9s rakt\u00e1roz\u00e1s<\/strong><\/h2>\n<p><img loading=\"lazy\" decoding=\"async\" class=\"alignnone size-full wp-image-11270\" src=\"https:\/\/moverdb.com\/wp-content\/uploads\/Berger-Moving-Storage-international-moving-company.png\" alt=\"Berger Moving &amp; Storage nemzetk\u00f6zi k\u00f6lt\u00f6ztet\u0151 c\u00e9g\" width=\"1440\" height=\"677\" data-wp-pid=\"11270\" srcset=\"https:\/\/moverdb.com\/wp-content\/uploads\/Berger-Moving-Storage-international-moving-company.png 1440w, https:\/\/moverdb.com\/wp-content\/uploads\/Berger-Moving-Storage-international-moving-company-300x141.png 300w, https:\/\/moverdb.com\/wp-content\/uploads\/Berger-Moving-Storage-international-moving-company-1024x481.png 1024w, https:\/\/moverdb.com\/wp-content\/uploads\/Berger-Moving-Storage-international-moving-company-18x8.png 18w, https:\/\/moverdb.com\/wp-content\/uploads\/Berger-Moving-Storage-international-moving-company-600x282.png 600w\" sizes=\"auto, (max-width: 1440px) 100vw, 1440px\" \/><\/p>\n<ul>\n<li>Helyi \u00e9s t\u00e1vols\u00e1gi k\u00f6lt\u00f6z\u00e9sek<\/li>\n<li>Nemzetk\u00f6zi k\u00f6lt\u00f6z\u00e9sek<\/li>\n<li>H\u00e1ztart\u00e1si k\u00f6lt\u00f6z\u00e9sek<\/li>\n<li>Kereskedelmi k\u00f6lt\u00f6z\u00e9sek<\/li>\n<li>\u00c1thelyez\u00e9si koordin\u00e1tor<\/li>\n<li>Csomagol\u00e1si szolg\u00e1ltat\u00e1s<\/li>\n<li>A t\u00e9telek lelt\u00e1roz\u00e1sa<\/li>\n<li>A sz\u00e1ll\u00edt\u00e1s megszervez\u00e9se<\/li>\n<li>V\u00e1mkezel\u00e9s<\/li>\n<li>R\u00f6vid t\u00e1v\u00fa t\u00e1rol\u00e1s<\/li>\n<\/ul>\n<p>A Berger Moving &amp; Storage egy 1910-ben alakult sz\u00e1ll\u00edt\u00e1si szolg\u00e1ltat\u00f3 v\u00e1llalat, amelynek sz\u00e9khelye Saint Paulban tal\u00e1lhat\u00f3, \u00e9s 16 orsz\u00e1gos h\u00e1l\u00f3zattal rendelkezik. \u0150k az Allied Van Lines \u00fcgyn\u00f6kei, amely egy nemzetk\u00f6zi k\u00f6lt\u00f6ztet\u0151 h\u00e1l\u00f3zat. Az IAM tagja, 113 \u00e9ves tapasztalattal rendelkeznek.<\/p>\n<p>A Berger Moving &amp; Storage ingyenes h\u00e1zon bel\u00fcli vagy virtu\u00e1lis k\u00f6lt\u00f6z\u00e9si becsl\u00e9st k\u00edn\u00e1l egy nemzetk\u00f6zi k\u00f6lt\u00f6z\u00e9si tan\u00e1csad\u00f3val. A k\u00f6lt\u00f6z\u00e9si koordin\u00e1tor seg\u00edt v\u00e9gigvezetni \u00d6nt a folyamaton, \u00e9s meghat\u00e1rozza, hogy milyen pap\u00edrmunk\u00e1ra van sz\u00fcks\u00e9g. Csomagol\u00e1si szolg\u00e1ltat\u00e1suk nemzetk\u00f6zi csomagol\u00e1si m\u00f3dszereket \u00e9s anyagokat haszn\u00e1l a t\u00e1rgyak v\u00e9delme \u00e9rdek\u00e9ben, \u00e9s lelt\u00e1rt k\u00e9sz\u00edt.<\/p>\n<p>Weboldal: <a href=\"https:\/\/www.bergerallied.com\" target=\"_blank\" rel=\"noopener\">https:\/\/www.bergerallied.com<\/a><\/p>","protected":false},"excerpt":{"rendered":"<p>Moving can be a big upheaval and there is a lot to arrange, so why not take some of the pressure off by letting a moving company handle your belongings? They can organise the logistics of your move as well as packing and deal with customs if needed. Below we have compiled a list of [&hellip;]<\/p>\n","protected":false},"author":4,"featured_media":11242,"parent":190,"menu_order":0,"comment_status":"closed","ping_status":"closed","template":"","meta":{"_genesis_hide_title":false,"_genesis_hide_breadcrumbs":false,"_genesis_hide_singular_image":false,"_genesis_hide_footer_widgets":false,"_genesis_custom_body_class":"","_genesis_custom_post_class":"","_genesis_layout":"","footnotes":""},"class_list":{"0":"post-11617","1":"page","2":"type-page","3":"status-publish","4":"has-post-thumbnail","6":"entry"},"_links":{"self":[{"href":"https:\/\/moverdb.com\/hu\/wp-json\/wp\/v2\/pages\/11617","targetHints":{"allow":["GET"]}}],"collection":[{"href":"https:\/\/moverdb.com\/hu\/wp-json\/wp\/v2\/pages"}],"about":[{"href":"https:\/\/moverdb.com\/hu\/wp-json\/wp\/v2\/types\/page"}],"author":[{"embeddable":true,"href":"https:\/\/moverdb.com\/hu\/wp-json\/wp\/v2\/users\/4"}],"replies":[{"embeddable":true,"href":"https:\/\/moverdb.com\/hu\/wp-json\/wp\/v2\/comments?post=11617"}],"version-history":[{"count":1,"href":"https:\/\/moverdb.com\/hu\/wp-json\/wp\/v2\/pages\/11617\/revisions"}],"predecessor-version":[{"id":11618,"href":"https:\/\/moverdb.com\/hu\/wp-json\/wp\/v2\/pages\/11617\/revisions\/11618"}],"up":[{"embeddable":true,"href":"https:\/\/moverdb.com\/hu\/wp-json\/wp\/v2\/pages\/190"}],"wp:featuredmedia":[{"embeddable":true,"href":"https:\/\/moverdb.com\/hu\/wp-json\/wp\/v2\/media\/11242"}],"wp:attachment":[{"href":"https:\/\/moverdb.com\/hu\/wp-json\/wp\/v2\/media?parent=11617"}],"curies":[{"name":"wp","href":"https:\/\/api.w.org\/{rel}","templated":true}]}}